{"id":154957,"date":"2025-10-29T14:42:23","date_gmt":"2025-10-29T13:42:23","guid":{"rendered":"https:\/\/www.humboldtforum.org\/?post_type=event&#038;p=154957"},"modified":"2025-11-11T13:41:52","modified_gmt":"2025-11-11T12:41:52","slug":"logoskop-siebenunddreisig","status":"publish","type":"event","link":"https:\/\/www.humboldtforum.org\/de\/programm\/termin\/literatur\/logoskop-siebenunddreisig-154957\/","title":{"rendered":"#Logoskop siebenunddrei\u00dfig"},"content":{"rendered":"<section class=\"block block-copy\" >\n    <div class=\"container-fluid\">\n\t\t<div class=\"row \">\n            <div class=\"col-xs-12 col-md-offset-2 col-md-8\">\n                <div class=\"box\">\n                    <div class=\"copy\"><p class=\"p1\">Mit der Er\u00f6ffnung der Ausstellung <em>On Water \u2013 WasserWissen in Berlin<\/em> im Oktober geht endlich auch das <em>Logoskop<\/em> weiter: In neuem Setting erkunden wieder jeden Monat Poet*innen die Wissenschaftsausstellung im Humboldt Labor.<\/p>\n<p class=\"p1\">Diesmal dabei: Die Slampoet*innen Clara Nielsen und Max Prosa. Gemeinsam werden sie die Ausstellung <em>On Water <\/em>mit live vorgetragenen Texten kommentieren. Die Besucher*innen sind eingeladen, sie auf ihrem wortgewandten Rundgang zu begleiten.<\/p>\n<p class=\"p1\"><em>Kuratiert von Bas B\u00f6ttcher<\/em><\/p>\n<\/div>\n                <\/div>\n            <\/div>\n\t\t<\/div>\n\t\t    <\/div>\n<\/section>\n\n<section class=\"block block-standard-image-copy rev2nd\"> \n\t<div class=\"container-fluid\">\n\t\t<div class=\"row middle-sm\">\n\t\t\t<div class=\"col-xs-10 col-sm-6 margin-bottom-sixth\" data-motion-parallax='{\"child\":\".image-wrapper\",\"mask\":\".lazy-media\",\"tween\":{\"yPercent\": [-15,15]}}'>\n\t\t\t\t\n\t<lazy-media-inline inline-template>\n\t\t<figure itemscope itemtype=\"http:\/\/schema.org\/ImageObject\" class=\"lazy-media-inline \" role=\"group\" id=\"media_69edd67387a89\" aria-labelledby=\"desc_media_69edd67387a89\">\n\t\t\t<script type=\"application\/json\" ref=\"data\">\n\t\t\t\t{\n\t\t\t\t\"sizes\" : {\"medium\":{\"file\":\"SHF_eb00255889-300x169.jpg\",\"width\":300,\"height\":169,\"mime-type\":\"image\\\/jpeg\",\"filesize\":9434},\"large\":{\"file\":\"SHF_eb00255889-1024x576.jpg\",\"width\":1024,\"height\":576,\"mime-type\":\"image\\\/jpeg\",\"filesize\":56950},\"thumbnail\":{\"file\":\"SHF_eb00255889-150x150.jpg\",\"width\":150,\"height\":150,\"mime-type\":\"image\\\/jpeg\",\"filesize\":5179},\"medium_large\":{\"file\":\"SHF_eb00255889-768x432.jpg\",\"width\":768,\"height\":432,\"mime-type\":\"image\\\/jpeg\",\"filesize\":36591},\"small\":{\"file\":\"SHF_eb00255889-440x248.jpg\",\"width\":440,\"height\":248,\"mime-type\":\"image\\\/jpeg\",\"filesize\":15977},\"semi\":{\"file\":\"SHF_eb00255889-580x326.jpg\",\"width\":580,\"height\":326,\"mime-type\":\"image\\\/jpeg\",\"filesize\":24238},\"mobile\":{\"file\":\"SHF_eb00255889-720x405.jpg\",\"width\":720,\"height\":405,\"mime-type\":\"image\\\/jpeg\",\"filesize\":33431},\"original\":{\"file\":\"SHF_eb00255889.jpg\",\"width\":1280,\"height\":720}},\n\t\t\t\t\"alt\" : \"Nahaufnahme einer Person mit braunen Haaren und lebhaften Augen, die direkt in die Kamera blickt.\",\n\t\t\t\t\"path\" : \"\\\/wp-content\\\/uploads\\\/2024\\\/06\\\/\",\n\t\t\t\t\"video\" : null,\n\t\t\t\t\"autoplay\" : null,\n\t\t\t\t\"youtube\" : null,\n\t\t\t\t\"youtubelabel\" : \"Video abspielen\",\n\t\t\t\t\"brightness\" : 100,\n\t\t\t\t\"crop\" : null,\n\t\t\t\t\"background\" : false,\n\t\t\t\t\"scale\" : 1\t\t\t\t}\n\t\t\t<\/script>\n\n\t\t\t<div class=\"height-container\" style=\"padding-bottom:56.25%;\" v-if=\"sizes\">\n\t\t\t\t\t\t\t\t<lazy-media :inline=\"true\" :alt=\"alt\" :sizes=\"sizes\" :scale=\"scale\" :brightness=\"brightness\" :path=\"path\" :video=\"video\" :autoplay=\"autoplay\" :youtube=\"youtube\" :crop=\"crop\" :youtubelabel=\"youtubelabel\" :background=\"background\" media-id=\"desc_media_69edd67387a89\"><\/lazy-media>\n\t\t\t\t\t\t\t<\/div>\n\n\t\t\t\t\t\t\t<div class=\"lazy-media-info-container-fluid\">\n\t\t\t\t<div class=\"lazy-media-info-row end-xs\">\n\t\t\t\t\t<div class=\"lazy-media-info-col\">\n\t\t\t\t\t\t<div class=\"lazy-media-info\" aria-expanded=\"false\" :aria-expanded=\"isOpen ? 'true' : 'false'\">\n\t\t\t\t\t\t\t<button class=\"lazy-media-info-head button-tiny\" :class=\"{'button-active': isOpen}\" @click=\"toggle\" ref=\"head\"><span class=\"button-label insignificant\">Bildinfo<\/span><\/button>\n\t\t\t\t\t\t\t<figcaption class=\"lazy-media-info-body\" ref=\"body\" id=\"desc_media_69edd67387a89\">\n\t\t\t\t\t\t\t\t<div class=\"lazy-media-info-body-content\">\n\t\t\t\t\t\t\t\t\t\t\t\t\t\t\t\t\t\t\t<div>Clara Nielsen<\/div>\n\t\t\t\t\t\t\t\t\t\t\t\t\t\t\t\t\t\t\t\t\t\t\t\t\t\t\t\t\t\t\t\t\t\t\t\t\t<div class=\"insignificant\">\u00a9 Foto: Fabian Hartmann<\/div>\n\t\t\t\t\t\t\t\t\t\t\t\t\t\t\t\t\t<\/div>\n\t\t\t\t\t\t\t<\/figcaption>\n\t\t\t\t\t\t\t<div class=\"lazy-media-info-head-border\"><\/div>\n\t\t\t\t\t\t<\/div>\n\t\t\t\t\t<\/div>\n\t\t\t\t<\/div>\n\t\t\t<\/div>\n\t\t\t\t\t\t\t\t\t<\/figure>\n\t<\/lazy-media-inline>\n\t\t\t<\/div>\n\t\t\t<div class=\"col-xs-10 col-sm-6 col-md-5 copy margin-bottom-half\"><h4>Clara Nielsen<\/h4>\n<p>Clara Nielsen (Jahrgang 1987, geboren in Kiel) lebt in Regensburg und ist seit 2007 fester Bestandteil der Poetry-Slam-Szene. Seitdem steht sie regelm\u00e4\u00dfig auf B\u00fchnen im gesamten deutschsprachigen Raum. Im Jahr 2011 war sie Mitglied der Slam-Nationalmannschaft, die im Rahmen der Frauenfu\u00dfball-Weltmeisterschaft des DFB auftrat.<\/p>\n<p>Einladungen des Goethe-Instituts f\u00fchrten sie nach Rom und Lissabon. Zudem performte sie unter anderem gemeinsam mit den Bamberger Symphonikern, der Big Band Convention Ostbayern sowie dem Uni Jazz Orchester Regensburg.<\/p>\n<p>2012 ver\u00f6ffentlichte sie im Berliner Periplaneta Verlag ihr erstes Buch mit dem Titel <em>Windschattengew\u00e4chs<\/em>. Zusammen mit Nora Gomringer gab sie die Anthologie <em>Lautst\u00e4rke ist weiblich<\/em> heraus \u2013 eine <span class=\"w-term-highlight\">Sammlung<\/span> weiblicher Stimmen aus der Poetry-Slam-Community, die 2017 im Satyr Verlag erschien.<\/p>\n<\/div>\n\t\t<\/div>\n\t<\/div>\n<\/section>\n\n<section class=\"block block-standard-image-copy rev2nd\"> \n\t<div class=\"container-fluid\">\n\t\t<div class=\"row middle-sm\">\n\t\t\t<div class=\"col-xs-10 col-sm-6 margin-bottom-sixth\" data-motion-parallax='{\"child\":\".image-wrapper\",\"mask\":\".lazy-media\",\"tween\":{\"yPercent\": [-15,15]}}'>\n\t\t\t\t\n\t<lazy-media-inline inline-template>\n\t\t<figure itemscope itemtype=\"http:\/\/schema.org\/ImageObject\" class=\"lazy-media-inline lazy-max-height-exception\" role=\"group\" id=\"media_69edd67388649\" aria-labelledby=\"desc_media_69edd67388649\">\n\t\t\t<script type=\"application\/json\" ref=\"data\">\n\t\t\t\t{\n\t\t\t\t\"sizes\" : {\"medium\":{\"file\":\"SHF_eb00256717-200x300.jpg\",\"width\":200,\"height\":300,\"mime-type\":\"image\\\/jpeg\",\"filesize\":11547},\"large\":{\"file\":\"SHF_eb00256717-682x1024.jpg\",\"width\":682,\"height\":1024,\"mime-type\":\"image\\\/jpeg\",\"filesize\":70602},\"thumbnail\":{\"file\":\"SHF_eb00256717-150x150.jpg\",\"width\":150,\"height\":150,\"mime-type\":\"image\\\/jpeg\",\"filesize\":5645},\"medium_large\":{\"file\":\"SHF_eb00256717-768x1153.jpg\",\"width\":768,\"height\":1153,\"mime-type\":\"image\\\/jpeg\",\"filesize\":84987},\"small\":{\"file\":\"SHF_eb00256717-293x440.jpg\",\"width\":293,\"height\":440,\"mime-type\":\"image\\\/jpeg\",\"filesize\":20142},\"semi\":{\"file\":\"SHF_eb00256717-386x580.jpg\",\"width\":386,\"height\":580,\"mime-type\":\"image\\\/jpeg\",\"filesize\":30643},\"mobile\":{\"file\":\"SHF_eb00256717-480x720.jpg\",\"width\":480,\"height\":720,\"mime-type\":\"image\\\/jpeg\",\"filesize\":41361},\"hd\":{\"file\":\"SHF_eb00256717-853x1280.jpg\",\"width\":853,\"height\":1280,\"mime-type\":\"image\\\/jpeg\",\"filesize\":99820},\"1536x1536\":{\"file\":\"SHF_eb00256717-1023x1536.jpg\",\"width\":1023,\"height\":1536,\"mime-type\":\"image\\\/jpeg\",\"filesize\":131560},\"original\":{\"file\":\"SHF_eb00256717.jpg\",\"width\":1200,\"height\":1801}},\n\t\t\t\t\"alt\" : \"Mann in schwarzem Anzug und Hut vor einer vulkanischen Landschaft unter klarem Himmel.\",\n\t\t\t\t\"path\" : \"\\\/wp-content\\\/uploads\\\/2025\\\/10\\\/\",\n\t\t\t\t\"video\" : null,\n\t\t\t\t\"autoplay\" : null,\n\t\t\t\t\"youtube\" : null,\n\t\t\t\t\"youtubelabel\" : \"Video abspielen\",\n\t\t\t\t\"brightness\" : 100,\n\t\t\t\t\"crop\" : null,\n\t\t\t\t\"background\" : false,\n\t\t\t\t\"scale\" : 1\t\t\t\t}\n\t\t\t<\/script>\n\n\t\t\t<div class=\"height-container\" style=\"padding-bottom:150.08333333333%;\" v-if=\"sizes\">\n\t\t\t\t\t\t\t\t<lazy-media :inline=\"true\" :alt=\"alt\" :sizes=\"sizes\" :scale=\"scale\" :brightness=\"brightness\" :path=\"path\" :video=\"video\" :autoplay=\"autoplay\" :youtube=\"youtube\" :crop=\"crop\" :youtubelabel=\"youtubelabel\" :background=\"background\" media-id=\"desc_media_69edd67388649\"><\/lazy-media>\n\t\t\t\t\t\t\t<\/div>\n\n\t\t\t\t\t\t\t<div class=\"lazy-media-info-container-fluid\">\n\t\t\t\t<div class=\"lazy-media-info-row end-xs\">\n\t\t\t\t\t<div class=\"lazy-media-info-col\">\n\t\t\t\t\t\t<div class=\"lazy-media-info\" aria-expanded=\"false\" :aria-expanded=\"isOpen ? 'true' : 'false'\">\n\t\t\t\t\t\t\t<button class=\"lazy-media-info-head button-tiny\" :class=\"{'button-active': isOpen}\" @click=\"toggle\" ref=\"head\"><span class=\"button-label insignificant\">Bildinfo<\/span><\/button>\n\t\t\t\t\t\t\t<figcaption class=\"lazy-media-info-body\" ref=\"body\" id=\"desc_media_69edd67388649\">\n\t\t\t\t\t\t\t\t<div class=\"lazy-media-info-body-content\">\n\t\t\t\t\t\t\t\t\t\t\t\t\t\t\t\t\t\t\t<div>Max Prosa<\/div>\n\t\t\t\t\t\t\t\t\t\t\t\t\t\t\t\t\t\t\t\t\t\t\t\t\t\t\t\t\t\t\t\t\t\t\t\t\t<div class=\"insignificant\">\u00a9 Sandra Ludewig<\/div>\n\t\t\t\t\t\t\t\t\t\t\t\t\t\t\t\t\t<\/div>\n\t\t\t\t\t\t\t<\/figcaption>\n\t\t\t\t\t\t\t<div class=\"lazy-media-info-head-border\"><\/div>\n\t\t\t\t\t\t<\/div>\n\t\t\t\t\t<\/div>\n\t\t\t\t<\/div>\n\t\t\t<\/div>\n\t\t\t\t\t\t\t\t\t<\/figure>\n\t<\/lazy-media-inline>\n\t\t\t<\/div>\n\t\t\t<div class=\"col-xs-10 col-sm-6 col-md-5 copy margin-bottom-half\"><h4>Max Prosa<\/h4>\n<p>Max Prosa, 1989 in Berlin geboren, geh\u00f6rt zu den pr\u00e4genden Stimmen der deutschsprachigen Singer-Songwriter-Szene. Nach kurzen Abstechern in Physik und Philosophie entschied er sich f\u00fcr die Musik \u2013 und fand in Berlin-Neuk\u00f6lln seinen kreativen Ausgangspunkt.<\/p>\n<p>2011 wurde Clueso auf ihn aufmerksam und nahm ihn mit auf Tour. Kurz darauf folgte sein Fernsehdeb\u00fct bei <em>Inas Nacht.<\/em> Mit seinem ersten Album <em>Die Phantasie wird siegen<\/em> (2012) gelang ihm der Durchbruch: Platz 20 in den deutschen Charts, begeisterte Kritiken und Vergleiche mit dem jungen Bob Dylan. Es folgten ausverkaufte Tourneen und weitere Alben, darunter <em>Rangoon<\/em> (2013), <em>Keiner k\u00e4mpft f\u00fcr mehr<\/em> (2017) und <em>Heimkehr<\/em> (2018). Parallel ver\u00f6ffentlichte Prosa mit <em>Im Stillen ein Buch<\/em> mit Gedichten und Kurzgeschichten.<\/p>\n<p>Seine Texte bewegen sich zwischen Poesie, Melancholie und Aufbruch \u2013 mal Song, mal Gedicht, immer mit tiefem Blick auf die Welt.<\/p>\n<\/div>\n\t\t<\/div>\n\t<\/div>\n<\/section>\n\n<section class=\"block block-teaser col-1 has-bg\" style=\"--teaser-bg:#f2f2f2\">\n\t<lazy-component :fixed-min-height=\"400\">\n\t\n\t\t\t\t\t<div class=\"container-fluid\">\n\t\t\t\t<div class=\"row bottom-xs\">\n\t\t\t\t\t<div class=\"col-xs-12 col-sm-10 col-md-8 col-sm-offset-1 col-md-offset-2\">\n\t\t\t\t\t\t<h4>geh\u00f6rt zu<\/h4>\t\t\t\t\t\t\t\t\t\t\t\t\t\t\t\t\t\t\t<\/div>\n\t\t\t\t\t<div class=\"col-xs-12 col-sm-10 col-md-8 col-sm-offset-1 col-md-offset-2 start-xs end-md margin-bottom-sixth\">\n\t\t\t\t\t\t\t\t\t\t\t<\/div>\n\t\t\t\t<\/div>\n\t\t\t\t<ul class=\"row\">\n\t\t\t\n<li class=\"col-xs-12 teaser-wrapper col-padding-remove\">\n\t<calendarteaser key=\"1228348557\" rawitem='{&quot;postId&quot;:122834,&quot;title&quot;:&quot;#Logoskop&quot;,&quot;excerpt&quot;:&quot;&quot;,&quot;slug&quot;:&quot;logoskop&quot;,&quot;type&quot;:&quot;event-sequence&quot;,&quot;post_date&quot;:&quot;2024-02-15T12:48&quot;,&quot;permalink&quot;:&quot;https:\\\/\\\/www.humboldtforum.org\\\/de\\\/programm\\\/event-reihe\\\/literatur\\\/logoskop-122834\\\/&quot;,&quot;genre&quot;:[423],&quot;genre_details&quot;:[{&quot;text&quot;:&quot;Literatur&quot;,&quot;id&quot;:423,&quot;icon&quot;:null,&quot;parent&quot;:0}],&quot;stakeholder&quot;:[409],&quot;stakeholder_details&quot;:[{&quot;text&quot;:&quot;Humboldt-Universit\\u00e4t zu Berlin&quot;,&quot;id&quot;:409,&quot;icon&quot;:null,&quot;parent&quot;:0}],&quot;age&quot;:[451],&quot;age_details&quot;:[{&quot;text&quot;:&quot;ab 14 Jahre&quot;,&quot;id&quot;:451,&quot;icon&quot;:null,&quot;parent&quot;:0}],&quot;groupsize&quot;:[1049],&quot;groupsize_details&quot;:[{&quot;text&quot;:&quot;max. 25 Personen&quot;,&quot;id&quot;:1049,&quot;icon&quot;:null,&quot;parent&quot;:0}],&quot;place&quot;:[413],&quot;place_details&quot;:{&quot;place&quot;:&quot;Humboldt Forum&quot;,&quot;map&quot;:&quot;Humboldt Forum, Schlossplatz, Berlin&quot;,&quot;room&quot;:&quot;Humboldt Labor, 1. OG&quot;},&quot;icon_overwrite&quot;:&quot;&quot;,&quot;acf&quot;:{&quot;noindex&quot;:false,&quot;keywords&quot;:&quot;&quot;,&quot;belongsto&quot;:[148667],&quot;shorturl&quot;:&quot;&quot;,&quot;subline&quot;:&quot;Dichtung und Wissenschaft im Humboldt Labor&quot;,&quot;additional_info&quot;:{&quot;icon&quot;:&quot;0&quot;,&quot;text&quot;:&quot;&quot;},&quot;highlight_header&quot;:false,&quot;use_video_in_teasers&quot;:false,&quot;hyphenation&quot;:true,&quot;manual_period&quot;:false,&quot;tipp&quot;:false,&quot;joker&quot;:false,&quot;live&quot;:false,&quot;hide_event_in_program&quot;:false,&quot;featured_images&quot;:[158158],&quot;tickettext&quot;:&quot;Kostenfrei, Ticket erforderlich&quot;,&quot;events&quot;:[120269,117862,109871,104864,97379,84992,78090,76831,75019,73727,55288,47639,49447,46766,44231,42748,42294,41393,38641,35170,34774,33351,36549,127906,129582,134454,137424,138804,140214,141546,142753,143518,145838,146845,148730,152541,154957,155805,157338,157706,159188,160708,160712],&quot;overwrite_date&quot;:&quot;Veranstaltungsreihe&quot;},&quot;date&quot;:{&quot;NLAST&quot;:&quot;202605201800&quot;,&quot;NX&quot;:&quot;20260520&quot;,&quot;NXX&quot;:&quot;202605201800&quot;,&quot;from_DATE&quot;:&quot;20211020 18:00&quot;,&quot;from&quot;:1634738400,&quot;to&quot;:1779285600,&quot;to_DATE&quot;:&quot;20260520 18:00&quot;,&quot;from_HRFSHORT&quot;:&quot;20. Okt 2021&quot;,&quot;from_HRFSHORT_WD&quot;:&quot;Mi 20.10.2021&quot;,&quot;to_HRFSHORT&quot;:&quot;20. Mai 2026&quot;,&quot;to_HRFSHORT_WD&quot;:&quot;Mi 20.05.2026&quot;,&quot;from_HRF&quot;:&quot;Mi, 20. Oktober 2021&quot;,&quot;to_HRF&quot;:&quot;Mi, 20. Mai 2026&quot;,&quot;from_to_HRF&quot;:&quot;Mi, 20. Oktober 2021 \\u2013 Mi, 20. Mai 2026&quot;,&quot;from_to_HRFSHORT&quot;:&quot;20. Okt 2021 \\u2013 20. Mai 2026&quot;},&quot;alert&quot;:null,&quot;partof&quot;:[],&quot;marketing_topic&quot;:&quot;&quot;}' inline-template>\n\t<a href=\"https:\/\/www.humboldtforum.org\/de\/programm\/event-reihe\/literatur\/logoskop-122834\/\" class=\"teaser teaser-event-sequence teaser-event-standard\">\n\t\t<div class=\"row\">\n\t\t\t<div class=\"col-xs-12 col-sm-6 col-md-5 col-sm-offset-1 col-md-offset-2 first-sm teaser-event-text Infos\">\n\t\t\t\t<div class=\"teaser-event-standard-text\">\n\t\t\t\t\t<div class=\"margin-bottom-atom\">\n\t\t\t\t\t\t<div class=\"subline clamp-1\" v-html=\"maingenre\"><\/div>\n\t\t\t\t\t\t\t\t\t\t\t<\/div>\n\t\t\t\t\n\t\t\t\t\t<strong class=\"margin-bottom-atom h5\">#Logoskop<\/strong>\n\n\t\t\t\t\t\t\t\t\t\t\t<div class=\"\">Dichtung und Wissenschaft im Humboldt Labor<\/div>\n\t\t\t\t\t\t\t\t\t<\/div>\n\t\t\t\t<div class=\"teaser-bottom border-bottom\">\n\t\t\t\t<calendardateline :rawitem='item' :show-icon=\"true\"><\/calendardateline>\n\t\t\t\t\t<hr>\n\t\t\t\t<\/div>\n\t\t\t<\/div>\n\t\t\t<div class=\"col-xs-12 col-sm-4 col-md-3 teaser-event-image bottom-xs first-xs\">\n\t\t\t\t<div class=\"teaser-image teaser-image-no-alternate\">\n\t\t\t\t\t\t\t\t\t\t\t\n\t<lazy-media-inline inline-template>\n\t\t<figure itemscope itemtype=\"http:\/\/schema.org\/ImageObject\" class=\"lazy-media-inline \" role=\"group\" id=\"media_69edd6742f822\" aria-labelledby=\"desc_media_69edd6742f822\">\n\t\t\t<script type=\"application\/json\" ref=\"data\">\n\t\t\t\t{\n\t\t\t\t\"sizes\" : {\"medium\":{\"file\":\"SHF_eb00258461-300x200.jpg\",\"width\":300,\"height\":200,\"mime-type\":\"image\\\/jpeg\",\"filesize\":8986},\"large\":{\"file\":\"SHF_eb00258461-1024x683.jpg\",\"width\":1024,\"height\":683,\"mime-type\":\"image\\\/jpeg\",\"filesize\":65601},\"thumbnail\":{\"file\":\"SHF_eb00258461-150x150.jpg\",\"width\":150,\"height\":150,\"mime-type\":\"image\\\/jpeg\",\"filesize\":5556},\"medium_large\":{\"file\":\"SHF_eb00258461-768x512.jpg\",\"width\":768,\"height\":512,\"mime-type\":\"image\\\/jpeg\",\"filesize\":38869},\"small\":{\"file\":\"SHF_eb00258461-440x293.jpg\",\"width\":440,\"height\":293,\"mime-type\":\"image\\\/jpeg\",\"filesize\":15795},\"semi\":{\"file\":\"SHF_eb00258461-580x387.jpg\",\"width\":580,\"height\":387,\"mime-type\":\"image\\\/jpeg\",\"filesize\":24761},\"mobile\":{\"file\":\"SHF_eb00258461-720x480.jpg\",\"width\":720,\"height\":480,\"mime-type\":\"image\\\/jpeg\",\"filesize\":34846},\"hd\":{\"file\":\"SHF_eb00258461-1280x853.jpg\",\"width\":1280,\"height\":853,\"mime-type\":\"image\\\/jpeg\",\"filesize\":100522},\"full\":{\"file\":\"SHF_eb00258461-1920x1280.jpg\",\"width\":1920,\"height\":1280,\"mime-type\":\"image\\\/jpeg\",\"filesize\":222852},\"xxl\":{\"file\":\"SHF_eb00258461-4048x2699.jpg\",\"width\":4048,\"height\":2699,\"mime-type\":\"image\\\/jpeg\",\"filesize\":1079893},\"1536x1536\":{\"file\":\"SHF_eb00258461-1536x1024.jpg\",\"width\":1536,\"height\":1024,\"mime-type\":\"image\\\/jpeg\",\"filesize\":142551},\"2048x2048\":{\"file\":\"SHF_eb00258461-2048x1365.jpg\",\"width\":2048,\"height\":1365,\"mime-type\":\"image\\\/jpeg\",\"filesize\":253879},\"original\":{\"file\":\"SHF_eb00258461.jpg\",\"width\":6000,\"height\":4000}},\n\t\t\t\t\"alt\" : \"Junger Mann spricht am Mikrofon mit Notizen vor einem textlastigen Wasser-Hintergrund.\",\n\t\t\t\t\"path\" : \"\\\/wp-content\\\/uploads\\\/2024\\\/02\\\/\",\n\t\t\t\t\"video\" : null,\n\t\t\t\t\"autoplay\" : null,\n\t\t\t\t\"youtube\" : null,\n\t\t\t\t\"youtubelabel\" : \"Video abspielen\",\n\t\t\t\t\"brightness\" : 100,\n\t\t\t\t\"crop\" : {\"top\":\"32.37\",\"left\":\"53.43\"},\n\t\t\t\t\"background\" : true,\n\t\t\t\t\"scale\" : 2\t\t\t\t}\n\t\t\t<\/script>\n\n\t\t\t<div class=\"height-container\" style=\"padding-bottom:66.666666666667%;\" v-if=\"sizes\">\n\t\t\t\t\t\t\t\t<lazy-media :inline=\"true\" :alt=\"alt\" :sizes=\"sizes\" :scale=\"scale\" :brightness=\"brightness\" :path=\"path\" :video=\"video\" :autoplay=\"autoplay\" :youtube=\"youtube\" :crop=\"crop\" :youtubelabel=\"youtubelabel\" :background=\"background\" media-id=\"desc_media_69edd6742f822\"><\/lazy-media>\n\t\t\t\t\t\t\t<\/div>\n\n\t\t\t\t\t\t\t<figcaption class=\"sr-only\" ref=\"body\" id=\"desc_media_69edd6742f822\">\n\t\t\t\t\t\t\t\t\t\t\t\t\t\t\t\t<div>Performance &quot;#Logoskop Special Teachers&#039; Night &#8211; Dichtung und Wissenschaft mit Clara Nielsen und Noah Klaus&quot; zur Teachers&#039; Night 2025 <\/div>\n\t\t\t\t\t\t\t\t\t\t\t\t\t\t\t\t<div class=\"insignificant\">\u00a9 Humboldt-Universit\u00e4t zu Berlin \/ Stiftung Humboldt Forum im Berliner Schloss, Foto: Frank Sperling<\/div>\n\t\t\t\t\t\t\t\t\t<\/figcaption>\n\t\t\t\t\t<\/figure>\n\t<\/lazy-media-inline>\n\t\t\t\t<\/div>\n\t\t\t<\/div>\n\t\t<\/div>\n\t<\/a>\n\t<\/calendarteaser>\n<\/li>\n\n\n<li class=\"col-xs-12 teaser-wrapper col-padding-remove\">\n\t<calendarteaser key=\"1486671482\" rawitem='{&quot;postId&quot;:148667,&quot;title&quot;:&quot;On Water&quot;,&quot;excerpt&quot;:&quot;&quot;,&quot;slug&quot;:&quot;on-water-wasserwissen-in-berlin&quot;,&quot;post_date&quot;:&quot;2025-07-14T15:10&quot;,&quot;type&quot;:&quot;event-period&quot;,&quot;permalink&quot;:&quot;https:\\\/\\\/www.humboldtforum.org\\\/de\\\/programm\\\/laufzeitangebot\\\/ausstellung\\\/on-water-wasserwissen-in-berlin-148667\\\/&quot;,&quot;genre&quot;:[391],&quot;genre_details&quot;:[{&quot;text&quot;:&quot;Ausstellung&quot;,&quot;id&quot;:391,&quot;icon&quot;:null,&quot;parent&quot;:0}],&quot;stakeholder&quot;:[409],&quot;stakeholder_details&quot;:[{&quot;text&quot;:&quot;Humboldt-Universit\\u00e4t zu Berlin&quot;,&quot;id&quot;:409,&quot;icon&quot;:null,&quot;parent&quot;:0}],&quot;targetgroup&quot;:[383,455],&quot;targetgroup_details&quot;:[{&quot;text&quot;:&quot;Erwachsene&quot;,&quot;id&quot;:383,&quot;icon&quot;:null,&quot;parent&quot;:0},{&quot;text&quot;:&quot;Jugendliche&quot;,&quot;id&quot;:455,&quot;icon&quot;:null,&quot;parent&quot;:0}],&quot;language&quot;:[384,385],&quot;language_details&quot;:[{&quot;text&quot;:&quot;Deutsch&quot;,&quot;id&quot;:384,&quot;icon&quot;:null,&quot;parent&quot;:0},{&quot;text&quot;:&quot;Englisch&quot;,&quot;id&quot;:385,&quot;icon&quot;:null,&quot;parent&quot;:0}],&quot;accessability&quot;:[430],&quot;accessability_details&quot;:[{&quot;text&quot;:&quot;Rollstuhlgerecht&quot;,&quot;id&quot;:430,&quot;icon&quot;:null,&quot;parent&quot;:0}],&quot;place&quot;:[413],&quot;place_details&quot;:{&quot;place&quot;:&quot;Humboldt Forum&quot;,&quot;map&quot;:&quot;Humboldt Forum, Schlossplatz, Berlin&quot;,&quot;room&quot;:&quot;Humboldt Labor, 1. OG&quot;},&quot;icon_overwrite&quot;:&quot;&quot;,&quot;acf&quot;:{&quot;noindex&quot;:false,&quot;keywords&quot;:&quot;&quot;,&quot;shorturl&quot;:&quot;onwater&quot;,&quot;planning&quot;:{&quot;price&quot;:&quot;&quot;,&quot;status&quot;:&quot;BUY&quot;,&quot;info&quot;:&quot;Eintritt frei&quot;,&quot;shop&quot;:&quot;&quot;,&quot;can_purchase&quot;:false},&quot;use_opening_hours_of_the_house&quot;:false,&quot;periods&quot;:[{&quot;label&quot;:&quot;&quot;,&quot;dates&quot;:[{&quot;start&quot;:&quot;202510100000&quot;,&quot;end&quot;:&quot;202709270000&quot;,&quot;has_end&quot;:true,&quot;start_HRFSHORT&quot;:&quot;10.10.25&quot;,&quot;start_HRFSHORT_WD&quot;:&quot;Fr 10.10.2025&quot;,&quot;end_HRFSHORT&quot;:&quot;27.09.27&quot;}],&quot;monday&quot;:[{&quot;start&quot;:&quot;10:30&quot;,&quot;end&quot;:&quot;18:30&quot;,&quot;closed&quot;:false}],&quot;tuesday&quot;:[{&quot;start&quot;:null,&quot;end&quot;:null,&quot;closed&quot;:true}],&quot;wednesday&quot;:[{&quot;start&quot;:&quot;10:30&quot;,&quot;end&quot;:&quot;18:30&quot;,&quot;closed&quot;:false}],&quot;thursday&quot;:[{&quot;start&quot;:&quot;10:30&quot;,&quot;end&quot;:&quot;18:30&quot;,&quot;closed&quot;:false}],&quot;friday&quot;:[{&quot;start&quot;:&quot;10:30&quot;,&quot;end&quot;:&quot;18:30&quot;,&quot;closed&quot;:false}],&quot;saturday&quot;:[{&quot;start&quot;:&quot;10:30&quot;,&quot;end&quot;:&quot;18:30&quot;,&quot;closed&quot;:false}],&quot;sunday&quot;:[{&quot;start&quot;:&quot;10:30&quot;,&quot;end&quot;:&quot;18:30&quot;,&quot;closed&quot;:false}],&quot;info&quot;:&quot;&quot;,&quot;description&quot;:&quot;&quot;}],&quot;display_as_single&quot;:false,&quot;additional_info&quot;:{&quot;icon&quot;:&quot;icon-bullet_active&quot;,&quot;text&quot;:&quot;Wartungsarbeiten: Am 22.4.2026 sowie am 11.5.2026 wird die Ausstellung \\&quot;On Water\\&quot; nicht zug\\u00e4nglich sein.&quot;},&quot;highlight_header&quot;:true,&quot;has_mobile_format&quot;:true,&quot;use_video_in_teasers&quot;:false,&quot;hyphenation&quot;:false,&quot;tipp&quot;:false,&quot;joker&quot;:false,&quot;live&quot;:false,&quot;hide_event_in_program&quot;:false,&quot;highlight_header_image&quot;:151530,&quot;subline&quot;:&quot;WasserWissen in Berlin&quot;,&quot;highlight_header_image_mobile&quot;:151547,&quot;events&quot;:[151670,151676,151684,152103,152200,152458,152473,152495,152505,152834,153201,153380,153432,154460,154957,155223,155805,157338,157706,33938,122834,159093,159188,159218,160708,160712,161149,161688,162965,162969],&quot;period_exception&quot;:[{&quot;label&quot;:&quot;&quot;,&quot;date&quot;:&quot;202511050000&quot;,&quot;closed&quot;:false,&quot;start&quot;:&quot;11:30&quot;,&quot;end&quot;:&quot;18:30&quot;,&quot;date_HRFSHORT&quot;:&quot;05.11.25&quot;},{&quot;label&quot;:&quot;&quot;,&quot;date&quot;:null,&quot;closed&quot;:false,&quot;start&quot;:null,&quot;end&quot;:null}],&quot;infotext&quot;:&quot;Am Donnerstag, d. 23.4.2026, schlie\\u00dft \\&quot;On Water\\&quot; bereits um 16 Uhr. &quot;},&quot;period_list&quot;:&quot;&lt;strong&gt;\\u00d6ffnungszeiten&lt;\\\/strong&gt;\\nMo, Mi, Do, Fr, Sa, So: 10:30 \\u2013 18:30 Uhr\\nDi: geschlossen\\n\\n&quot;,&quot;period_exception&quot;:&quot;&quot;,&quot;date&quot;:{&quot;infinite&quot;:false,&quot;from_DATE&quot;:202510100000,&quot;from&quot;:1760092200,&quot;from_TIME&quot;:&quot;10:30&quot;,&quot;to&quot;:1822069800,&quot;to_DATE&quot;:202709270000,&quot;to_TIME&quot;:&quot;18:30&quot;,&quot;from_HRFSHORT&quot;:&quot;10. Okt 2025&quot;,&quot;from_HRFSHORT_WD&quot;:&quot;Fr 10.10.2025&quot;,&quot;from_HRF&quot;:&quot;Fr, 10. Oktober 2025&quot;,&quot;to_HRF&quot;:&quot;Mo, 27. September 2027&quot;,&quot;to_HRFSHORT&quot;:&quot;27. Sep 2027&quot;,&quot;to_HRFSHORT_WD&quot;:&quot;Mo 27.09.2027&quot;,&quot;from_to_HRF&quot;:&quot;Fr, 10. Oktober 2025 \\u2013 Mo, 27. September 2027&quot;,&quot;from_to_HRFSHORT&quot;:&quot;10. Okt 2025 \\u2013 27. Sep 2027&quot;,&quot;NXX&quot;:&quot;202604260910&quot;,&quot;NLAST&quot;:&quot;202709271830&quot;,&quot;NX&quot;:&quot;20260426&quot;},&quot;alert&quot;:&quot;Highlight&quot;,&quot;partof&quot;:[],&quot;marketing_topic&quot;:&quot;&quot;}' inline-template>\n\t<a href=\"https:\/\/www.humboldtforum.org\/de\/programm\/laufzeitangebot\/ausstellung\/on-water-wasserwissen-in-berlin-148667\/\" class=\"teaser teaser-event-period teaser-event-standard\">\n\t\t<div class=\"row\">\n\t\t\t<div class=\"col-xs-12 col-sm-6 col-md-5 col-sm-offset-1 col-md-offset-2 first-sm teaser-event-text Infos\">\n\t\t\t\t<div class=\"teaser-event-standard-text\">\n\t\t\t\t\t<div class=\"margin-bottom-atom\">\n\t\t\t\t\t\t<div class=\"subline clamp-1\" v-html=\"maingenre\"><\/div>\n\t\t\t\t\t\t\t\t\t\t\t<\/div>\n\t\t\t\t\n\t\t\t\t\t<strong class=\"margin-bottom-atom h5\">On Water<\/strong>\n\n\t\t\t\t\t\t\t\t\t\t\t<div class=\"\">WasserWissen in Berlin<\/div>\n\t\t\t\t\t\t\t\t\t<\/div>\n\t\t\t\t<div class=\"teaser-bottom border-bottom\">\n\t\t\t\t<calendardateline :rawitem='item' :show-icon=\"true\"><\/calendardateline>\n\t\t\t\t\t<hr>\n\t\t\t\t<\/div>\n\t\t\t<\/div>\n\t\t\t<div class=\"col-xs-12 col-sm-4 col-md-3 teaser-event-image bottom-xs first-xs\">\n\t\t\t\t<div class=\"teaser-image teaser-image-no-alternate\">\n\t\t\t\t\t\t\t\t\t\t\t\t\t<span class=\"alert\">Highlight<\/span>\n\t\t\t\t\t\t\t\t\t\t\t\n\t<lazy-media-inline inline-template>\n\t\t<figure itemscope itemtype=\"http:\/\/schema.org\/ImageObject\" class=\"lazy-media-inline \" role=\"group\" id=\"media_69edd67430329\" aria-labelledby=\"desc_media_69edd67430329\">\n\t\t\t<script type=\"application\/json\" ref=\"data\">\n\t\t\t\t{\n\t\t\t\t\"sizes\" : {\"medium\":{\"file\":\"HumboldtLabor-Webteaser-hoch-1780x3040px-DU-176x300.jpg\",\"width\":176,\"height\":300,\"mime-type\":\"image\\\/jpeg\",\"filesize\":11839},\"large\":{\"file\":\"HumboldtLabor-Webteaser-hoch-1780x3040px-DU-600x1024.jpg\",\"width\":600,\"height\":1024,\"mime-type\":\"image\\\/jpeg\",\"filesize\":102604},\"thumbnail\":{\"file\":\"HumboldtLabor-Webteaser-hoch-1780x3040px-DU-150x150.jpg\",\"width\":150,\"height\":150,\"mime-type\":\"image\\\/jpeg\",\"filesize\":6439},\"medium_large\":{\"file\":\"HumboldtLabor-Webteaser-hoch-1780x3040px-DU-768x1312.jpg\",\"width\":768,\"height\":1312,\"mime-type\":\"image\\\/jpeg\",\"filesize\":160237},\"small\":{\"file\":\"HumboldtLabor-Webteaser-hoch-1780x3040px-DU-258x440.jpg\",\"width\":258,\"height\":440,\"mime-type\":\"image\\\/jpeg\",\"filesize\":23435},\"semi\":{\"file\":\"HumboldtLabor-Webteaser-hoch-1780x3040px-DU-340x580.jpg\",\"width\":340,\"height\":580,\"mime-type\":\"image\\\/jpeg\",\"filesize\":37945},\"mobile\":{\"file\":\"HumboldtLabor-Webteaser-hoch-1780x3040px-DU-422x720.jpg\",\"width\":422,\"height\":720,\"mime-type\":\"image\\\/jpeg\",\"filesize\":55046},\"hd\":{\"file\":\"HumboldtLabor-Webteaser-hoch-1780x3040px-DU-749x1280.jpg\",\"width\":749,\"height\":1280,\"mime-type\":\"image\\\/jpeg\",\"filesize\":153753},\"full\":{\"file\":\"HumboldtLabor-Webteaser-hoch-1780x3040px-DU-1124x1920.jpg\",\"width\":1124,\"height\":1920,\"mime-type\":\"image\\\/jpeg\",\"filesize\":326299},\"1536x1536\":{\"file\":\"HumboldtLabor-Webteaser-hoch-1780x3040px-DU-899x1536.jpg\",\"width\":899,\"height\":1536,\"mime-type\":\"image\\\/jpeg\",\"filesize\":215295},\"2048x2048\":{\"file\":\"HumboldtLabor-Webteaser-hoch-1780x3040px-DU-1199x2048.jpg\",\"width\":1199,\"height\":2048,\"mime-type\":\"image\\\/jpeg\",\"filesize\":368152},\"original\":{\"file\":\"HumboldtLabor-Webteaser-hoch-1780x3040px-DU.jpg\",\"width\":1780,\"height\":3040}},\n\t\t\t\t\"alt\" : \"Key Visual Ausstellung On Water. Wasserwissen in Berlin\",\n\t\t\t\t\"path\" : \"\\\/wp-content\\\/uploads\\\/2025\\\/07\\\/\",\n\t\t\t\t\"video\" : null,\n\t\t\t\t\"autoplay\" : null,\n\t\t\t\t\"youtube\" : null,\n\t\t\t\t\"youtubelabel\" : \"Video abspielen\",\n\t\t\t\t\"brightness\" : 100,\n\t\t\t\t\"crop\" : null,\n\t\t\t\t\"background\" : true,\n\t\t\t\t\"scale\" : 2\t\t\t\t}\n\t\t\t<\/script>\n\n\t\t\t<div class=\"height-container\" style=\"padding-bottom:170.78651685393%;\" v-if=\"sizes\">\n\t\t\t\t\t\t\t\t<lazy-media :inline=\"true\" :alt=\"alt\" :sizes=\"sizes\" :scale=\"scale\" :brightness=\"brightness\" :path=\"path\" :video=\"video\" :autoplay=\"autoplay\" :youtube=\"youtube\" :crop=\"crop\" :youtubelabel=\"youtubelabel\" :background=\"background\" media-id=\"desc_media_69edd67430329\"><\/lazy-media>\n\t\t\t\t\t\t\t<\/div>\n\n\t\t\t\t\t\t\t<figcaption class=\"sr-only\" ref=\"body\" id=\"desc_media_69edd67430329\">\n\t\t\t\t\t\t\t\t\t\t\t\t\t\t\t\t<div>Key Visual Ausstellung On Water. Wasserwissen in Berlin <\/div>\n\t\t\t\t\t\t\t\t\t\t\t\t\t\t\t\t<div class=\"insignificant\">\u00a9 Stiftung Humboldt Forum im Berliner Schloss, Foto: AI generated, Observism<\/div>\n\t\t\t\t\t\t\t\t\t<\/figcaption>\n\t\t\t\t\t<\/figure>\n\t<\/lazy-media-inline>\n\t\t\t\t<\/div>\n\t\t\t<\/div>\n\t\t<\/div>\n\t<\/a>\n\t<\/calendarteaser>\n<\/li>\n\n\t\t\t\t<\/ul>\n\t\t\t<\/div>\n\t\t\t\t<\/lazy-component>\n<\/section>\n\n\n\n<section class=\"block block-CTA block-CTA-long leftgradient\">\n\t<div class=\"container-fluid\">\n\t\t<div class=\"row center-xs\">\n\t\t\t<div class=\"col-xs-12\">\n\t\t\t\t<div class=\"box\">\n\t\t\t\t\t<a href=\"https:\/\/www.humboldtforum.org\/de\/newsletter-2\/\" aria-label=\"Bleiben Sie auf dem Laufenden!\" class=\"teaser teaser-cta-wide \">\n\t\t\t\t\t\t<div class=\"teaser-image\">\n\t\t\t\t\t\t\t\n\t<lazy-media-inline inline-template>\n\t\t<figure itemscope itemtype=\"http:\/\/schema.org\/ImageObject\" class=\"lazy-media-inline \" role=\"group\" id=\"media_69edd6743219a\" aria-labelledby=\"desc_media_69edd6743219a\">\n\t\t\t<script type=\"application\/json\" ref=\"data\">\n\t\t\t\t{\n\t\t\t\t\"sizes\" : {\"medium\":{\"file\":\"HF_eb00061823-scaled-300x200.jpg\",\"width\":300,\"height\":200,\"mime-type\":\"image\\\/jpeg\",\"filesize\":19186},\"large\":{\"file\":\"HF_eb00061823-scaled-1024x683.jpg\",\"width\":1024,\"height\":683,\"mime-type\":\"image\\\/jpeg\",\"filesize\":138597},\"thumbnail\":{\"file\":\"HF_eb00061823-scaled-150x150.jpg\",\"width\":150,\"height\":150,\"mime-type\":\"image\\\/jpeg\",\"filesize\":8513},\"medium_large\":{\"file\":\"HF_eb00061823-scaled-768x512.jpg\",\"width\":768,\"height\":512,\"mime-type\":\"image\\\/jpeg\",\"filesize\":86200},\"small\":{\"file\":\"HF_eb00061823-scaled-440x293.jpg\",\"width\":440,\"height\":293,\"mime-type\":\"image\\\/jpeg\",\"filesize\":35525},\"semi\":{\"file\":\"HF_eb00061823-scaled-580x387.jpg\",\"width\":580,\"height\":387,\"mime-type\":\"image\\\/jpeg\",\"filesize\":55724},\"mobile\":{\"file\":\"HF_eb00061823-scaled-720x480.jpg\",\"width\":720,\"height\":480,\"mime-type\":\"image\\\/jpeg\",\"filesize\":77971},\"hd\":{\"file\":\"HF_eb00061823-scaled-1280x854.jpg\",\"width\":1280,\"height\":854,\"mime-type\":\"image\\\/jpeg\",\"filesize\":202477},\"full\":{\"file\":\"HF_eb00061823-scaled-1920x1280.jpg\",\"width\":1920,\"height\":1280,\"mime-type\":\"image\\\/jpeg\",\"filesize\":386736},\"1536x1536\":{\"file\":\"HF_eb00061823-scaled-1536x1024.jpg\",\"width\":1536,\"height\":1024,\"mime-type\":\"image\\\/jpeg\",\"filesize\":266197},\"2048x2048\":{\"file\":\"HF_eb00061823-scaled-2048x1366.jpg\",\"width\":2048,\"height\":1366,\"mime-type\":\"image\\\/jpeg\",\"filesize\":430206},\"original\":{\"file\":\"HF_eb00061823-scaled.jpg\",\"width\":2560,\"height\":1707}},\n\t\t\t\t\"alt\" : \"Blick in das beleuchtete Foyer von der Galerie im ersten Stock mit Besuchenden, Infopoint und Medienturm\",\n\t\t\t\t\"path\" : \"\\\/wp-content\\\/uploads\\\/2020\\\/04\\\/\",\n\t\t\t\t\"video\" : null,\n\t\t\t\t\"autoplay\" : null,\n\t\t\t\t\"youtube\" : null,\n\t\t\t\t\"youtubelabel\" : \"Video abspielen\",\n\t\t\t\t\"brightness\" : \"70\",\n\t\t\t\t\"crop\" : {\"top\":\"90.37\",\"left\":\"39.93\"},\n\t\t\t\t\"background\" : true,\n\t\t\t\t\"scale\" : 2\t\t\t\t}\n\t\t\t<\/script>\n\n\t\t\t<div class=\"height-container\" style=\"padding-bottom:66.6796875%;\" v-if=\"sizes\">\n\t\t\t\t\t\t\t\t<lazy-media :inline=\"true\" :alt=\"alt\" :sizes=\"sizes\" :scale=\"scale\" :brightness=\"brightness\" :path=\"path\" :video=\"video\" :autoplay=\"autoplay\" :youtube=\"youtube\" :crop=\"crop\" :youtubelabel=\"youtubelabel\" :background=\"background\" media-id=\"desc_media_69edd6743219a\"><\/lazy-media>\n\t\t\t\t\t\t\t<\/div>\n\n\t\t\t\t\t\t\t<figcaption class=\"sr-only\" ref=\"body\" id=\"desc_media_69edd6743219a\">\n\t\t\t\t\t\t\t\t\t\t\t<div>Blick in das Foyer, November 2019.<\/div>\n\t\t\t\t\t\t\t\t\t\t\t\t\t\t\t\t\t\t\t\t\t<div class=\"insignificant\">\u00a9 Stiftung Humboldt Forum im Berliner Schloss \/ David von Becker<\/div>\n\t\t\t\t\t\t\t\t\t<\/figcaption>\n\t\t\t\t\t<\/figure>\n\t<\/lazy-media-inline>\n\t\t\t\t\t\t<\/div>\n\t\t\t\t\t\t<div class=\"teaser-content \">\n\t\t\t\t\t\t\t<div>\n\t\t\t\t\t\t\t\t\t\t\t\t\t\t\t\t<div class=\"teaser-header\"><span class=\"h3\">Bleiben Sie auf dem Laufenden!<\/span><\/div>\n\t\t\t\t\t\t\t\t<div class=\"teaser-subline\"><span class=\"font-decoration\">Abonnieren Sie unseren Newsletter.<\/span><\/div>\t\t\t\t\t\t\t\t<button tabindex=\"-1\" class=\"border\">Hier klicken<\/button>\n\t\t\t\t\t\t\t<\/div>\n\t\t\t\t\t\t<\/div>\n\t\t\t\t\t<\/a>\n\t\t\t\t<\/div>\n\t\t\t<\/div>\n\t\t<\/div>\n\t<\/div>\n<\/section>\n","protected":false},"template":"","genre":[423],"digital":[],"topic":[],"stakeholder":[409],"editorial":[],"editorialfilter":[],"targetgroup":[383,455],"language":[384],"accessability":[],"age":[451],"school":[],"groupsize":[],"place":[413],"class_list":["post-154957","event","type-event","status-publish","hentry","genre-literatur","stakeholder-humboldt-universitaet-zu-berlin","targetgroup-erwachsene","targetgroup-jugendliche","language-deutsch","age-ab-14-jahre","place-humboldt-labor-1-og"],"acf":[],"_links":{"self":[{"href":"https:\/\/www.humboldtforum.org\/de\/wp-json\/wp\/v2\/event\/154957","targetHints":{"allow":["GET"]}}],"collection":[{"href":"https:\/\/www.humboldtforum.org\/de\/wp-json\/wp\/v2\/event"}],"about":[{"href":"https:\/\/www.humboldtforum.org\/de\/wp-json\/wp\/v2\/types\/event"}],"version-history":[{"count":6,"href":"https:\/\/www.humboldtforum.org\/de\/wp-json\/wp\/v2\/event\/154957\/revisions"}],"predecessor-version":[{"id":155181,"href":"https:\/\/www.humboldtforum.org\/de\/wp-json\/wp\/v2\/event\/154957\/revisions\/155181"}],"wp:attachment":[{"href":"https:\/\/www.humboldtforum.org\/de\/wp-json\/wp\/v2\/media?parent=154957"}],"wp:term":[{"taxonomy":"genre","embeddable":true,"href":"https:\/\/www.humboldtforum.org\/de\/wp-json\/wp\/v2\/genre?post=154957"},{"taxonomy":"digital","embeddable":true,"href":"https:\/\/www.humboldtforum.org\/de\/wp-json\/wp\/v2\/digital?post=154957"},{"taxonomy":"topic","embeddable":true,"href":"https:\/\/www.humboldtforum.org\/de\/wp-json\/wp\/v2\/topic?post=154957"},{"taxonomy":"stakeholder","embeddable":true,"href":"https:\/\/www.humboldtforum.org\/de\/wp-json\/wp\/v2\/stakeholder?post=154957"},{"taxonomy":"editorial","embeddable":true,"href":"https:\/\/www.humboldtforum.org\/de\/wp-json\/wp\/v2\/editorial?post=154957"},{"taxonomy":"editorialfilter","embeddable":true,"href":"https:\/\/www.humboldtforum.org\/de\/wp-json\/wp\/v2\/editorialfilter?post=154957"},{"taxonomy":"targetgroup","embeddable":true,"href":"https:\/\/www.humboldtforum.org\/de\/wp-json\/wp\/v2\/targetgroup?post=154957"},{"taxonomy":"language","embeddable":true,"href":"https:\/\/www.humboldtforum.org\/de\/wp-json\/wp\/v2\/language?post=154957"},{"taxonomy":"accessability","embeddable":true,"href":"https:\/\/www.humboldtforum.org\/de\/wp-json\/wp\/v2\/accessability?post=154957"},{"taxonomy":"age","embeddable":true,"href":"https:\/\/www.humboldtforum.org\/de\/wp-json\/wp\/v2\/age?post=154957"},{"taxonomy":"school","embeddable":true,"href":"https:\/\/www.humboldtforum.org\/de\/wp-json\/wp\/v2\/school?post=154957"},{"taxonomy":"groupsize","embeddable":true,"href":"https:\/\/www.humboldtforum.org\/de\/wp-json\/wp\/v2\/groupsize?post=154957"},{"taxonomy":"place","embeddable":true,"href":"https:\/\/www.humboldtforum.org\/de\/wp-json\/wp\/v2\/place?post=154957"}],"curies":[{"name":"wp","href":"https:\/\/api.w.org\/{rel}","templated":true}]}}