{"id":155223,"date":"2025-11-04T18:37:47","date_gmt":"2025-11-04T17:37:47","guid":{"rendered":"https:\/\/www.humboldtforum.org\/?post_type=event&#038;p=155223"},"modified":"2025-11-06T16:48:19","modified_gmt":"2025-11-06T15:48:19","slug":"die-rechte-der-natur-vom-gesetz-zur-aktion","status":"publish","type":"event","link":"https:\/\/www.humboldtforum.org\/de\/programm\/termin\/workshop\/die-rechte-der-natur-vom-gesetz-zur-aktion-155223\/","title":{"rendered":"Die Rechte der Natur: Vom Gesetz zur Aktion"},"content":{"rendered":"<section class=\"block block-copy block-no-margin\" >\n    <div class=\"container-fluid\">\n\t\t<div class=\"row \">\n            <div class=\"col-xs-12 col-md-offset-2 col-md-8\">\n                <div class=\"box\">\n                    <div class=\"copy\"><p>Welche Rechte sollte die Natur haben? Wer kann die \u00d6kosysteme in Europa vertreten? Und wie k\u00f6nnen wir neue juristische Ideen in Ma\u00dfnahmen und kollektive Vorstellungskraft umsetzen?<\/p>\n<p>In der zweit\u00e4gigen, englischsprachigen Veranstaltung kommen Expert*innen, Aktivist*innen, K\u00fcnstler*innen und die \u00d6ffentlichkeit zusammen, um die Rechte der Natur zu erforschen und zu debattieren. In Dialogen, Kartierungen, Workshops und kreativen Aktionen sollen Ideen in Visionen f\u00fcr Ver\u00e4nderungen umgesetzt werden.<\/p>\n<h5 id=\"id-2025.11.08.\/09.\u2013RightsofNature:FromLawtoAction-Warummitmachen?\">Warum mitmachen?<\/h5>\n<p>Weil die Rechte der Natur nicht nur eine juristische Frage sind \u2013 sondern eine kollektive Herausforderung, ein kultureller Wandel und ein Aufruf zu neuen Formen des Aktivismus. Gemeinsam ergr\u00fcnden wir, wie das Recht dem Planeten dienen kann.<\/p>\n<p><em>Die Veranstaltung findet in englischer Sprache statt und wird organisiert vom\u00a0Young Environmental Research and Advocacy Hub Europe (YERA Hub) im Rahmen der Berlin Science Week.<\/em><\/p>\n<p>&nbsp;<\/p>\n<p>&nbsp;<\/p>\n<\/div>\n                <\/div>\n            <\/div>\n\t\t<\/div>\n\t\t    <\/div>\n<\/section>\n\n<section class=\"block block-schedule\">\n\t<div class=\"container-fluid\">\n\t\t<div class=\"row\">\n\t\t\t\t\t\t<div class=\"col-xs-12 col-sm-8 col-sm-offset-2\">\n\t\t\t\t<div class=\"margin-bottom-third\">\n\t\t\t\t\t<h2>Tag 1: Dialog &amp; Kartierung<\/h2>\n\t\t\t\t\t\t\t\t\t\t\t<div class=\"copy\"><h4 id=\"id-2025.11.08.\/09.\u2013RightsofNature:FromLawtoAction-Sonntag,8.11.13:00\u201318:00Uhr:\">Samstag, 8. November, 13:00\u201318:00 Uhr<\/h4>\n<p><strong>Roundtables<\/strong>\u00a0und\u00a0<strong>Podien\u00a0<\/strong>mit f\u00fchrenden Wissenschaftler*innen, Praktiker*innen und Aktivist*innen laden zum Nachdenken \u00fcber das Konzept und das Potenzial der Rechte der Natur ein. Der Tag endet mit einer\u00a0<strong>partizipativen Kartierungs\u00fcbung<\/strong>, bei der untersucht wird, wie die Rechte der Natur in umfassendere Wertesysteme passen und \u00d6kosysteme wie die Spree sch\u00fctzen.<\/p>\n<\/div>\n\t\t\t\t\t\t\t\t\t<\/div>\n\t\t\t<\/div>\n\t\t\t\t\t\t<div class=\"col-xs-12 col-sm-8 col-sm-offset-2 schedule-all margin-bottom-third\">\n\t\t\t\t<div class=\"schedule-linebox\"><\/div>\n\t\t\t\t<div class=\"box\">\n\t\t\t\t\t\t\t\t\t<div class=\"schedule-container margin-bottom-two-thirds\">\n\t\t\t\t\t\t<h6 class=\"margin-bottom-atom\"><img loading=\"lazy\" decoding=\"async\" width=\"18\" height=\"18\" class=\"schedule-bullet\" src=\"\/assets\/icons\/bullet.svg\">13:00\u201313:30 Uhr<\/h6>\n\t\t\t\t\t\t<h3>Begr\u00fc\u00dfungskaffee &amp; Er\u00f6ffnung<\/h3>\n\n\t\t\t\t\t\t\t\t\t\t\t<\/div>\n\t\t\t\t\t\t\t\t\t<div class=\"schedule-container margin-bottom-two-thirds\">\n\t\t\t\t\t\t<h6 class=\"margin-bottom-atom\"><img loading=\"lazy\" decoding=\"async\" width=\"18\" height=\"18\" class=\"schedule-bullet\" src=\"\/assets\/icons\/bullet.svg\">13:30\u201314:30 Uhr<\/h6>\n\t\t\t\t\t\t<h3>Podiumsgespr\u00e4ch I: Welche materiellen Rechte sollte die Natur haben und wie definieren wir nat\u00fcrliche Subjekte?<\/h3>\n\n\t\t\t\t\t\t\t\t\t\t\t\t\t<read-more inline-template>\n\t\t\t\t\t\t\t\t<div>\n\t\t\t\t\t\t\t\t\t<div ref=\"body\" style=\"height:0;overflow: hidden;display: none;\">\n\t\t\t\t\t\t\t\t\t\t<div class=\"schedule-container-more margin-bottom-third\">\n\t\t\t\t\t\t\t\t\t\t\t\t\t\t\t\t\t\t\t\t\t\t\t<div class=\"copy\"><p><em>mit Milton Almonacid, Simon Handy, Anja Popp und Emmanuel Schlichter<\/em><\/p>\n<\/div>\n\t\t\t\t\t\t\t\t\t\t\t\t\t\t\t\t\t\t\t\t\t\t\n\t\t\t\t\t\t\t\t\t\t\t\t\t\t\t\t\t\t\t\t\t<\/div>\n\t\t\t\t\t\t\t\t\t<\/div>\n\t\t\t\t\t\t\t\t\t<div class=\"copy\">\n\t\t\t\t\t\t\t\t\t\t<a ref=\"toggleButton\" class=\"Button\" @click=\"toggle\">\n\t\t\t\t\t\t\t\t\t\t\t<span v-if=\"!active\">mehr lesen<\/span>\n\t\t\t\t\t\t\t\t\t\t\t<span v-else>weniger lesen<\/span>\n\t\t\t\t\t\t\t\t\t\t<\/a>\n\t\t\t\t\t\t\t\t\t<\/div>\n\t\t\t\t\t\t\t\t<\/div>\n\t\t\t\t\t\t\t<\/read-mode>\n\t\t\t\t\t\t\t\t\t\t\t<\/div>\n\t\t\t\t\t\t\t\t\t<div class=\"schedule-container margin-bottom-two-thirds\">\n\t\t\t\t\t\t<h6 class=\"margin-bottom-atom\"><img loading=\"lazy\" decoding=\"async\" width=\"18\" height=\"18\" class=\"schedule-bullet\" src=\"\/assets\/icons\/bullet.svg\">14:30\u201315:00 Uhr<\/h6>\n\t\t\t\t\t\t<h3>Kaffeepause<\/h3>\n\n\t\t\t\t\t\t\t\t\t\t\t<\/div>\n\t\t\t\t\t\t\t\t\t<div class=\"schedule-container margin-bottom-two-thirds\">\n\t\t\t\t\t\t<h6 class=\"margin-bottom-atom\"><img loading=\"lazy\" decoding=\"async\" width=\"18\" height=\"18\" class=\"schedule-bullet\" src=\"\/assets\/icons\/bullet.svg\">15:00\u201316:00 Uhr<\/h6>\n\t\t\t\t\t\t<h3>Podiumsgespr\u00e4ch II: Wer kann europ\u00e4ische nat\u00fcrliche Subjekte vertreten? Auf dem Weg zu einem Konsens<\/h3>\n\n\t\t\t\t\t\t\t\t\t\t\t\t\t<read-more inline-template>\n\t\t\t\t\t\t\t\t<div>\n\t\t\t\t\t\t\t\t\t<div ref=\"body\" style=\"height:0;overflow: hidden;display: none;\">\n\t\t\t\t\t\t\t\t\t\t<div class=\"schedule-container-more margin-bottom-third\">\n\t\t\t\t\t\t\t\t\t\t\t\t\t\t\t\t\t\t\t\t\t\t\t<div class=\"copy\"><p><em>mit Milton Almonacid, Simon Handy, Anja Popp und Emmanuel Schlichter. Moderation: Anna Hatzius Sarramona<\/em><\/p>\n<\/div>\n\t\t\t\t\t\t\t\t\t\t\t\t\t\t\t\t\t\t\t\t\t\t\n\t\t\t\t\t\t\t\t\t\t\t\t\t\t\t\t\t\t\t\t\t<\/div>\n\t\t\t\t\t\t\t\t\t<\/div>\n\t\t\t\t\t\t\t\t\t<div class=\"copy\">\n\t\t\t\t\t\t\t\t\t\t<a ref=\"toggleButton\" class=\"Button\" @click=\"toggle\">\n\t\t\t\t\t\t\t\t\t\t\t<span v-if=\"!active\">mehr lesen<\/span>\n\t\t\t\t\t\t\t\t\t\t\t<span v-else>weniger lesen<\/span>\n\t\t\t\t\t\t\t\t\t\t<\/a>\n\t\t\t\t\t\t\t\t\t<\/div>\n\t\t\t\t\t\t\t\t<\/div>\n\t\t\t\t\t\t\t<\/read-mode>\n\t\t\t\t\t\t\t\t\t\t\t<\/div>\n\t\t\t\t\t\t\t\t\t<div class=\"schedule-container margin-bottom-two-thirds\">\n\t\t\t\t\t\t<h6 class=\"margin-bottom-atom\"><img loading=\"lazy\" decoding=\"async\" width=\"18\" height=\"18\" class=\"schedule-bullet\" src=\"\/assets\/icons\/bullet.svg\">16:00\u201317:00 Uhr<\/h6>\n\t\t\t\t\t\t<h3>Pause<\/h3>\n\n\t\t\t\t\t\t\t\t\t\t\t<\/div>\n\t\t\t\t\t\t\t\t\t<div class=\"schedule-container margin-bottom-two-thirds\">\n\t\t\t\t\t\t<h6 class=\"margin-bottom-atom\"><img loading=\"lazy\" decoding=\"async\" width=\"18\" height=\"18\" class=\"schedule-bullet\" src=\"\/assets\/icons\/bullet.svg\">17:30\u201318:00 Uhr<\/h6>\n\t\t\t\t\t\t<h3>Partizipative Kartierung und Abschluss<\/h3>\n\n\t\t\t\t\t\t\t\t\t\t\t<\/div>\n\t\t\t\t\t\t\t\t<br>\n\t\t\t\t<img loading=\"lazy\" decoding=\"async\" width=\"18\" height=\"18\" class=\"schedule-bullet schedule-bullet-end\" src=\"\/assets\/icons\/bullet.svg\">\n\t\t\t<\/div><\/div>\n\t\t<\/div>\n\t<\/div>\n<\/section>\n\n<section class=\"block block-schedule\">\n\t<div class=\"container-fluid\">\n\t\t<div class=\"row\">\n\t\t\t\t\t\t<div class=\"col-xs-12 col-sm-8 col-sm-offset-2\">\n\t\t\t\t<div class=\"margin-bottom-third\">\n\t\t\t\t\t<h2>Tag 2: Werkzeuge &amp; Transformationen<\/h2>\n\t\t\t\t\t\t\t\t\t\t\t<div class=\"copy\"><h4 id=\"id-2025.11.08.\/09.\u2013RightsofNature:FromLawtoAction-Sonntag,8.11.13:00\u201318:00Uhr:\">Sonntag, 9. November, 11:00\u201317:00 Uhr<\/h4>\n<p>Von philosophischen Dialogen \u00fcber indigene und kosmologische Perspektiven bis hin zu einem praktischen Workshop \u00fcber Protest, Kampagnen und kreativen Aktivismus verbindet dieser Tag Theorie und Praxis. Wir werden gemeinsam Visionen, Strategien und sogar Protestbanner entwickeln \u2013 und so Konzepte in die Tat umsetzen.<\/p>\n<\/div>\n\t\t\t\t\t\t\t\t\t<\/div>\n\t\t\t<\/div>\n\t\t\t\t\t\t<div class=\"col-xs-12 col-sm-8 col-sm-offset-2 schedule-all margin-bottom-third\">\n\t\t\t\t<div class=\"schedule-linebox\"><\/div>\n\t\t\t\t<div class=\"box\">\n\t\t\t\t\t\t\t\t\t<div class=\"schedule-container margin-bottom-two-thirds\">\n\t\t\t\t\t\t<h6 class=\"margin-bottom-atom\"><img loading=\"lazy\" decoding=\"async\" width=\"18\" height=\"18\" class=\"schedule-bullet\" src=\"\/assets\/icons\/bullet.svg\">11:00\u201311:30 Uhr<\/h6>\n\t\t\t\t\t\t<h3>Begr\u00fc\u00dfungskaffee &amp; Er\u00f6ffnungsrede<\/h3>\n\n\t\t\t\t\t\t\t\t\t\t\t<\/div>\n\t\t\t\t\t\t\t\t\t<div class=\"schedule-container margin-bottom-two-thirds\">\n\t\t\t\t\t\t<h6 class=\"margin-bottom-atom\"><img loading=\"lazy\" decoding=\"async\" width=\"18\" height=\"18\" class=\"schedule-bullet\" src=\"\/assets\/icons\/bullet.svg\">11:30\u201313:00 Uhr<\/h6>\n\t\t\t\t\t\t<h3>Philosophischer &amp; kosmologischer Workshop: Mit dem Kollaps arbeiten<\/h3>\n\n\t\t\t\t\t\t\t\t\t\t\t\t\t<read-more inline-template>\n\t\t\t\t\t\t\t\t<div>\n\t\t\t\t\t\t\t\t\t<div ref=\"body\" style=\"height:0;overflow: hidden;display: none;\">\n\t\t\t\t\t\t\t\t\t\t<div class=\"schedule-container-more margin-bottom-third\">\n\t\t\t\t\t\t\t\t\t\t\t\t\t\t\t\t\t\t\t\t\t\t\t<div class=\"copy\"><p><i>geleitet von Milton Almonacid<\/i><\/p>\n<\/div>\n\t\t\t\t\t\t\t\t\t\t\t\t\t\t\t\t\t\t\t\t\t\t\n\t\t\t\t\t\t\t\t\t\t\t\t\t\t\t\t\t\t\t\t\t<\/div>\n\t\t\t\t\t\t\t\t\t<\/div>\n\t\t\t\t\t\t\t\t\t<div class=\"copy\">\n\t\t\t\t\t\t\t\t\t\t<a ref=\"toggleButton\" class=\"Button\" @click=\"toggle\">\n\t\t\t\t\t\t\t\t\t\t\t<span v-if=\"!active\">mehr lesen<\/span>\n\t\t\t\t\t\t\t\t\t\t\t<span v-else>weniger lesen<\/span>\n\t\t\t\t\t\t\t\t\t\t<\/a>\n\t\t\t\t\t\t\t\t\t<\/div>\n\t\t\t\t\t\t\t\t<\/div>\n\t\t\t\t\t\t\t<\/read-mode>\n\t\t\t\t\t\t\t\t\t\t\t<\/div>\n\t\t\t\t\t\t\t\t\t<div class=\"schedule-container margin-bottom-two-thirds\">\n\t\t\t\t\t\t<h6 class=\"margin-bottom-atom\"><img loading=\"lazy\" decoding=\"async\" width=\"18\" height=\"18\" class=\"schedule-bullet\" src=\"\/assets\/icons\/bullet.svg\">13:00\u201314:00 Uhr<\/h6>\n\t\t\t\t\t\t<h3>Mittagspause<\/h3>\n\n\t\t\t\t\t\t\t\t\t\t\t<\/div>\n\t\t\t\t\t\t\t\t\t<div class=\"schedule-container margin-bottom-two-thirds\">\n\t\t\t\t\t\t<h6 class=\"margin-bottom-atom\"><img loading=\"lazy\" decoding=\"async\" width=\"18\" height=\"18\" class=\"schedule-bullet\" src=\"\/assets\/icons\/bullet.svg\">14:00\u201315:45 Uhr<\/h6>\n\t\t\t\t\t\t<h3>Legal Strategy Workshop: Von den Rechten der Natur auf die Stra\u00dfe<\/h3>\n\n\t\t\t\t\t\t\t\t\t\t\t\t\t<read-more inline-template>\n\t\t\t\t\t\t\t\t<div>\n\t\t\t\t\t\t\t\t\t<div ref=\"body\" style=\"height:0;overflow: hidden;display: none;\">\n\t\t\t\t\t\t\t\t\t\t<div class=\"schedule-container-more margin-bottom-third\">\n\t\t\t\t\t\t\t\t\t\t\t\t\t\t\t\t\t\t\t\t\t\t\t<div class=\"copy\"><p><i>geleitet von Margaux Duillet, mit Andr\u00e9 Horenburg<\/i><\/p>\n<\/div>\n\t\t\t\t\t\t\t\t\t\t\t\t\t\t\t\t\t\t\t\t\t\t\n\t\t\t\t\t\t\t\t\t\t\t\t\t\t\t\t\t\t\t\t\t<\/div>\n\t\t\t\t\t\t\t\t\t<\/div>\n\t\t\t\t\t\t\t\t\t<div class=\"copy\">\n\t\t\t\t\t\t\t\t\t\t<a ref=\"toggleButton\" class=\"Button\" @click=\"toggle\">\n\t\t\t\t\t\t\t\t\t\t\t<span v-if=\"!active\">mehr lesen<\/span>\n\t\t\t\t\t\t\t\t\t\t\t<span v-else>weniger lesen<\/span>\n\t\t\t\t\t\t\t\t\t\t<\/a>\n\t\t\t\t\t\t\t\t\t<\/div>\n\t\t\t\t\t\t\t\t<\/div>\n\t\t\t\t\t\t\t<\/read-mode>\n\t\t\t\t\t\t\t\t\t\t\t<\/div>\n\t\t\t\t\t\t\t\t\t<div class=\"schedule-container margin-bottom-two-thirds\">\n\t\t\t\t\t\t<h6 class=\"margin-bottom-atom\"><img loading=\"lazy\" decoding=\"async\" width=\"18\" height=\"18\" class=\"schedule-bullet\" src=\"\/assets\/icons\/bullet.svg\">15:45\u201316:00 Uhr<\/h6>\n\t\t\t\t\t\t<h3>Pause<\/h3>\n\n\t\t\t\t\t\t\t\t\t\t\t<\/div>\n\t\t\t\t\t\t\t\t\t<div class=\"schedule-container margin-bottom-two-thirds\">\n\t\t\t\t\t\t<h6 class=\"margin-bottom-atom\"><img loading=\"lazy\" decoding=\"async\" width=\"18\" height=\"18\" class=\"schedule-bullet\" src=\"\/assets\/icons\/bullet.svg\">16:00\u201316:30 Uhr<\/h6>\n\t\t\t\t\t\t<h3>Abschlussgespr\u00e4ch<\/h3>\n\n\t\t\t\t\t\t\t\t\t\t\t<\/div>\n\t\t\t\t\t\t\t\t<br>\n\t\t\t\t<img loading=\"lazy\" decoding=\"async\" width=\"18\" height=\"18\" class=\"schedule-bullet schedule-bullet-end\" src=\"\/assets\/icons\/bullet.svg\">\n\t\t\t<\/div><\/div>\n\t\t<\/div>\n\t<\/div>\n<\/section>\n\n<section class=\"block block-copy block-no-margin\" >\n    <div class=\"container-fluid\">\n\t\t<div class=\"row \">\n            <div class=\"col-xs-12 col-md-offset-2 col-md-8\">\n                <div class=\"box\">\n                    <div class=\"copy\"><h3>Beteiligte<\/h3>\n<\/div>\n                <\/div>\n            <\/div>\n\t\t<\/div>\n\t\t    <\/div>\n<\/section>\n\n\n<section class=\"block block-accordion\">\n\t<div class=\"container-fluid\">\n\t\t<div class=\"row\">\n\t\t\t<div class=\"col-xs-12 col-md-offset-2 col-md-8\">\n\t\t\t\t<div class=\"box\">\n\t\t\t\t\t\t\t\t\t\t\t<block-accordion inline-template>\n\t\t\t\t\t\t\t<div class=\"accordion\">\n\t\t\t\t\t\t\t\t\t\t\t\t\t\t\t<block-accordion-item inline-template item-headline=\"Milton Almonacid\">\n\t\t\t\t\t\t\t\t<div ref=\"item\" data-id=\"MiltonAlmonacid\" class=\"block-accordion-item vue-initialize\" aria-expanded=\"false\" :aria-expanded=\"active ? 'true' : 'false'\">\n\t\t\t\t\t\t\t\t\t<button class=\"accordion-button-with-icon block-accordion-item-head\" :class=\"{'button-active': active}\" ref=\"head\" aria-controls=\"acc_69f4081a8ca2a\" id=\"acc_title_69f4081a8ca2e\" @click=\"toggle\" @keydown=\"key\">\n\t\t\t\t\t\t\t\t\t<div><span class=\"button-label\">Milton Almonacid<\/span><\/div><span class=\"button-icon icon-plus\" aria-hidden=\"true\"><\/span>\n\t\t\t\t\t\t\t\t<\/button>\n\t\t\t\t\t\t\t\t\t<div ref=\"body\" class=\"block-accordion-item-content\" id=\"acc_69f4081a8ca2a\" role=\"region\">\n\t\t\t\t\t\t\t\t\t\t<div class=\"wrapper copy\">\n\t\t\t\t\t\t\t\t\t\t\t<p>Milton Almonacid ist Kulturphilosoph an der Schnittstelle von Gesellschaft, Wissenschaft und Technologie.\u00a0Sein umfangreiches Fachwissen umfasst indigene Erkenntnistheorien, Erkenntnistheorie der Wissenschaften, Dekolonisierung von Wissen, spekulative Zukunftsvisionen und Transition Design. Derzeit promoviert Milton in Transnational Studies an der Universit\u00e4t Kopenhagen und widmet sich Fragen der Dekolonisierung von Wissen auf der Grundlage der Erkenntnistheorie der Mapuche. Insbesondere untersucht er m\u00f6gliche pluralistische Zukunftsszenarien jenseits westlicher Narrative.<\/p>\n\n\t\t\t\t\t\t\t\t\t\t\t\t\t\t\t\t\t\t\t\t\t\t\t\t\t\t\t\t\t\t\t\t\t\n\t\t\t\t\t\t\t\t\t\t\t<div class=\"row\">\n\t\t\t\t\t\t\t\t\t\t\t\t<div class=\"col-xs-9 col-md-9\">\n\t\t\t\t\t\t\t\t\t\t\t\t\t<div class=\"box\">\n\t\t\t\t\t\t\t\t\t\t\t\t\t\t\t\t\t\t\t\t\t\t\t\t\t\t\t<\/div>\n\t\t\t\t\t\t\t\t\t\t\t\t<\/div>\n\t\t\t\t\t\t\t\t\t\t\t<\/div>\n\n\t\t\t\t\t\t\t\t\t\t\t\t\t\t\t\t\t\t\t\t\t<\/div>\n\t\t\t\t\t\t\t\t\t<\/div>\n\t\t\t\t\t\t\t\t<\/div>\n\t\t\t\t\t\t\t\t<\/block-accordion-item>\n\t\t\t\t\t\t\t\t\t\t\t\t\t\t<block-accordion-item inline-template item-headline=\"Margaux Duillet\">\n\t\t\t\t\t\t\t\t<div ref=\"item\" data-id=\"MargauxDuillet\" class=\"block-accordion-item vue-initialize\" aria-expanded=\"false\" :aria-expanded=\"active ? 'true' : 'false'\">\n\t\t\t\t\t\t\t\t\t<button class=\"accordion-button-with-icon block-accordion-item-head\" :class=\"{'button-active': active}\" ref=\"head\" aria-controls=\"acc_69f4081a8cd3b\" id=\"acc_title_69f4081a8cd3c\" @click=\"toggle\" @keydown=\"key\">\n\t\t\t\t\t\t\t\t\t<div><span class=\"button-label\">Margaux Duillet<\/span><\/div><span class=\"button-icon icon-plus\" aria-hidden=\"true\"><\/span>\n\t\t\t\t\t\t\t\t<\/button>\n\t\t\t\t\t\t\t\t\t<div ref=\"body\" class=\"block-accordion-item-content\" id=\"acc_69f4081a8cd3b\" role=\"region\">\n\t\t\t\t\t\t\t\t\t\t<div class=\"wrapper copy\">\n\t\t\t\t\t\t\t\t\t\t\t<p>Margaux Duillet ist Juristin (LL.M.) mit Spezialisierung auf V\u00f6lkerrecht. Sie ist Mitbegr\u00fcnderin von Let Us Speak, einer von Jugendlichen geleiteten Initiative in den Niederlanden, die sich daf\u00fcr einsetzt, rechtliche und soziale Hindernisse f\u00fcr Proteste zu beseitigen, indem sie komplexe Gesetze in klare und praktische Instrumente \u00fcbersetzt. Sie wird Let Us Speak vertreten und den Aktivisten-Workshop w\u00e4hrend der Ausstellung leiten.<\/p>\n\n\t\t\t\t\t\t\t\t\t\t\t\t\t\t\t\t\t\t\t\t\t\t\t\t\t\t\t\t\t\t\t\t\t\n\t\t\t\t\t\t\t\t\t\t\t<div class=\"row\">\n\t\t\t\t\t\t\t\t\t\t\t\t<div class=\"col-xs-9 col-md-9\">\n\t\t\t\t\t\t\t\t\t\t\t\t\t<div class=\"box\">\n\t\t\t\t\t\t\t\t\t\t\t\t\t\t\t\t\t\t\t\t\t\t\t\t\t\t\t<\/div>\n\t\t\t\t\t\t\t\t\t\t\t\t<\/div>\n\t\t\t\t\t\t\t\t\t\t\t<\/div>\n\n\t\t\t\t\t\t\t\t\t\t\t\t\t\t\t\t\t\t\t\t\t<\/div>\n\t\t\t\t\t\t\t\t\t<\/div>\n\t\t\t\t\t\t\t\t<\/div>\n\t\t\t\t\t\t\t\t<\/block-accordion-item>\n\t\t\t\t\t\t\t\t\t\t\t\t\t\t<block-accordion-item inline-template item-headline=\"Alina Friedrich\">\n\t\t\t\t\t\t\t\t<div ref=\"item\" data-id=\"AlinaFriedrich\" class=\"block-accordion-item vue-initialize\" aria-expanded=\"false\" :aria-expanded=\"active ? 'true' : 'false'\">\n\t\t\t\t\t\t\t\t\t<button class=\"accordion-button-with-icon block-accordion-item-head\" :class=\"{'button-active': active}\" ref=\"head\" aria-controls=\"acc_69f4081a8cf98\" id=\"acc_title_69f4081a8cf99\" @click=\"toggle\" @keydown=\"key\">\n\t\t\t\t\t\t\t\t\t<div><span class=\"button-label\">Alina Friedrich<\/span><\/div><span class=\"button-icon icon-plus\" aria-hidden=\"true\"><\/span>\n\t\t\t\t\t\t\t\t<\/button>\n\t\t\t\t\t\t\t\t\t<div ref=\"body\" class=\"block-accordion-item-content\" id=\"acc_69f4081a8cf98\" role=\"region\">\n\t\t\t\t\t\t\t\t\t\t<div class=\"wrapper copy\">\n\t\t\t\t\t\t\t\t\t\t\t<p>Alina Friedrich leitet die Organisation der Veranstaltung \u201eRights of Nature: From Law to Action\u201d (Rechte der Natur: Vom Gesetz zum Handeln). Als Mitbegr\u00fcnderin und Leiterin des Advocacy-Teams arbeitet sie daran, auf der Grundlage der Forschungsergebnisse der YERA-Forscher Wirkung zu erzielen. Sie verf\u00fcgt \u00fcber einen interdisziplin\u00e4ren Hintergrund in Politik, Psychologie und Wirtschaft mit Schwerpunkt Umweltrecht (LL.M.-Kandidatin) und ist Mitautorin einer Publikation \u00fcber den EU-Kohlenstoffgrenzausgleichsmechanismus.<\/p>\n\n\t\t\t\t\t\t\t\t\t\t\t\t\t\t\t\t\t\t\t\t\t\t\t\t\t\t\t\t\t\t\t\t\t\n\t\t\t\t\t\t\t\t\t\t\t<div class=\"row\">\n\t\t\t\t\t\t\t\t\t\t\t\t<div class=\"col-xs-9 col-md-9\">\n\t\t\t\t\t\t\t\t\t\t\t\t\t<div class=\"box\">\n\t\t\t\t\t\t\t\t\t\t\t\t\t\t\t\t\t\t\t\t\t\t\t\t\t\t\t<\/div>\n\t\t\t\t\t\t\t\t\t\t\t\t<\/div>\n\t\t\t\t\t\t\t\t\t\t\t<\/div>\n\n\t\t\t\t\t\t\t\t\t\t\t\t\t\t\t\t\t\t\t\t\t<\/div>\n\t\t\t\t\t\t\t\t\t<\/div>\n\t\t\t\t\t\t\t\t<\/div>\n\t\t\t\t\t\t\t\t<\/block-accordion-item>\n\t\t\t\t\t\t\t\t\t\t\t\t\t\t<block-accordion-item inline-template item-headline=\"Simon Handy\">\n\t\t\t\t\t\t\t\t<div ref=\"item\" data-id=\"SimonHandy\" class=\"block-accordion-item vue-initialize\" aria-expanded=\"false\" :aria-expanded=\"active ? 'true' : 'false'\">\n\t\t\t\t\t\t\t\t\t<button class=\"accordion-button-with-icon block-accordion-item-head\" :class=\"{'button-active': active}\" ref=\"head\" aria-controls=\"acc_69f4081a8d1cc\" id=\"acc_title_69f4081a8d1cd\" @click=\"toggle\" @keydown=\"key\">\n\t\t\t\t\t\t\t\t\t<div><span class=\"button-label\">Simon Handy<\/span><\/div><span class=\"button-icon icon-plus\" aria-hidden=\"true\"><\/span>\n\t\t\t\t\t\t\t\t<\/button>\n\t\t\t\t\t\t\t\t\t<div ref=\"body\" class=\"block-accordion-item-content\" id=\"acc_69f4081a8d1cc\" role=\"region\">\n\t\t\t\t\t\t\t\t\t\t<div class=\"wrapper copy\">\n\t\t\t\t\t\t\t\t\t\t\t<p>Simon ist ein \u00f6kologischer K\u00fcnstler, Agroforstwirtschaftler und transdisziplin\u00e4rer Forscher aus Gro\u00dfbritannien. In seiner Arbeit f\u00fcr das Institut f\u00fcr Umweltsicherheit, YERA Hub und die Alliance for Sustainable Pathways in Africa \u2013 zus\u00e4tzlich zu seiner Vollzeitbesch\u00e4ftigung als regenerativer Landwirt \u2013 bringt er Fachwissen aus verschiedenen Disziplinen zusammen, die von nachhaltiger Landwirtschaft \u00fcber \u00f6kologische Philosophie bis hin zur Erforschung komplexer adaptiver Systeme reichen. Insbesondere st\u00fctzt er sich auf die sozial\u00f6kologische Systemwissenschaft und prozessbezogene Ontologien, um neuartige Ans\u00e4tze zur Bew\u00e4ltigung schwieriger Probleme in einer Reihe verschiedener Bereiche (einschlie\u00dflich der Landwirtschaft) zu entwickeln. In diesem Zusammenhang wird Simon eine kritische \u00f6kologische Perspektive einbringen und Entwicklungen aus der theoretischen Biologie, der Evolutionsforschung, der Komplexit\u00e4tsforschung und der Quantenphysik beleuchten, um unser modernes wissenschaftliches und rechtliches Paradigma in Frage zu stellen.<\/p>\n\n\t\t\t\t\t\t\t\t\t\t\t\t\t\t\t\t\t\t\t\t\t\t\t\t\t\t\t\t\t\t\t\t\t\n\t\t\t\t\t\t\t\t\t\t\t<div class=\"row\">\n\t\t\t\t\t\t\t\t\t\t\t\t<div class=\"col-xs-9 col-md-9\">\n\t\t\t\t\t\t\t\t\t\t\t\t\t<div class=\"box\">\n\t\t\t\t\t\t\t\t\t\t\t\t\t\t\t\t\t\t\t\t\t\t\t\t\t\t\t<\/div>\n\t\t\t\t\t\t\t\t\t\t\t\t<\/div>\n\t\t\t\t\t\t\t\t\t\t\t<\/div>\n\n\t\t\t\t\t\t\t\t\t\t\t\t\t\t\t\t\t\t\t\t\t<\/div>\n\t\t\t\t\t\t\t\t\t<\/div>\n\t\t\t\t\t\t\t\t<\/div>\n\t\t\t\t\t\t\t\t<\/block-accordion-item>\n\t\t\t\t\t\t\t\t\t\t\t\t\t\t<block-accordion-item inline-template item-headline=\"Andr\u00e9 Horenburg\">\n\t\t\t\t\t\t\t\t<div ref=\"item\" data-id=\"AndrHorenburg\" class=\"block-accordion-item vue-initialize\" aria-expanded=\"false\" :aria-expanded=\"active ? 'true' : 'false'\">\n\t\t\t\t\t\t\t\t\t<button class=\"accordion-button-with-icon block-accordion-item-head\" :class=\"{'button-active': active}\" ref=\"head\" aria-controls=\"acc_69f4081a8d40f\" id=\"acc_title_69f4081a8d410\" @click=\"toggle\" @keydown=\"key\">\n\t\t\t\t\t\t\t\t\t<div><span class=\"button-label\">Andr\u00e9 Horenburg<\/span><\/div><span class=\"button-icon icon-plus\" aria-hidden=\"true\"><\/span>\n\t\t\t\t\t\t\t\t<\/button>\n\t\t\t\t\t\t\t\t\t<div ref=\"body\" class=\"block-accordion-item-content\" id=\"acc_69f4081a8d40f\" role=\"region\">\n\t\t\t\t\t\t\t\t\t\t<div class=\"wrapper copy\">\n\t\t\t\t\t\t\t\t\t\t\t<p>Andr\u00e9 Horenburg ist Partner der Hamburger Anwaltskanzlei Rechtsanw\u00e4lte G\u00fcnther und verf\u00fcgt \u00fcber langj\u00e4hrige Erfahrung in der Verteidigung von Demonstranten und Aktivisten. Er ist im Bereich des \u00f6ffentlichen Rechts, des Umweltrechts und des Versammlungsrechts t\u00e4tig und ber\u00e4t Kommunen, NGOs, B\u00fcrgerinitiativen und Einzelpersonen. Au\u00dferdem hat er einen Abschluss in Bildender Kunst. Er wird an dem Aktivisten-Workshop in Zusammenarbeit mit Let Us Speak teilnehmen und sein Fachwissen zum deutschen Demonstrations- und Versammlungsrecht einbringen.<\/p>\n\n\t\t\t\t\t\t\t\t\t\t\t\t\t\t\t\t\t\t\t\t\t\t\t\t\t\t\t\t\t\t\t\t\t\n\t\t\t\t\t\t\t\t\t\t\t<div class=\"row\">\n\t\t\t\t\t\t\t\t\t\t\t\t<div class=\"col-xs-9 col-md-9\">\n\t\t\t\t\t\t\t\t\t\t\t\t\t<div class=\"box\">\n\t\t\t\t\t\t\t\t\t\t\t\t\t\t\t\t\t\t\t\t\t\t\t\t\t\t\t<\/div>\n\t\t\t\t\t\t\t\t\t\t\t\t<\/div>\n\t\t\t\t\t\t\t\t\t\t\t<\/div>\n\n\t\t\t\t\t\t\t\t\t\t\t\t\t\t\t\t\t\t\t\t\t<\/div>\n\t\t\t\t\t\t\t\t\t<\/div>\n\t\t\t\t\t\t\t\t<\/div>\n\t\t\t\t\t\t\t\t<\/block-accordion-item>\n\t\t\t\t\t\t\t\t\t\t\t\t\t\t<block-accordion-item inline-template item-headline=\"Anna Hatzius Sarramona\">\n\t\t\t\t\t\t\t\t<div ref=\"item\" data-id=\"AnnaHatziusSarramona\" class=\"block-accordion-item vue-initialize\" aria-expanded=\"false\" :aria-expanded=\"active ? 'true' : 'false'\">\n\t\t\t\t\t\t\t\t\t<button class=\"accordion-button-with-icon block-accordion-item-head\" :class=\"{'button-active': active}\" ref=\"head\" aria-controls=\"acc_69f4081a8d632\" id=\"acc_title_69f4081a8d633\" @click=\"toggle\" @keydown=\"key\">\n\t\t\t\t\t\t\t\t\t<div><span class=\"button-label\">Anna Hatzius Sarramona<\/span><\/div><span class=\"button-icon icon-plus\" aria-hidden=\"true\"><\/span>\n\t\t\t\t\t\t\t\t<\/button>\n\t\t\t\t\t\t\t\t\t<div ref=\"body\" class=\"block-accordion-item-content\" id=\"acc_69f4081a8d632\" role=\"region\">\n\t\t\t\t\t\t\t\t\t\t<div class=\"wrapper copy\">\n\t\t\t\t\t\t\t\t\t\t\t<p>Anna Hatzuis Sarramona ist Rechtswissenschaftlerin mit interdisziplin\u00e4rem Hintergrund. Als Mitbegr\u00fcnderin des YERA Hub hat sie den Forschungszyklus der Organisation zum Thema \u201eRechte der Natur\u201d geleitet. Ihre Arbeit konzentriert sich auf die\u00a0Entwicklung\u00a0interdisziplin\u00e4rer Methoden zur L\u00f6sung komplexer rechtlicher Fragen. \u00dcber YERA hinaus forscht Anna zum Umweltstrafrecht und dessen Schnittstellen mit den Rechten der Natur.<\/p>\n\n\t\t\t\t\t\t\t\t\t\t\t\t\t\t\t\t\t\t\t\t\t\t\t\t\t\t\t\t\t\t\t\t\t\n\t\t\t\t\t\t\t\t\t\t\t<div class=\"row\">\n\t\t\t\t\t\t\t\t\t\t\t\t<div class=\"col-xs-9 col-md-9\">\n\t\t\t\t\t\t\t\t\t\t\t\t\t<div class=\"box\">\n\t\t\t\t\t\t\t\t\t\t\t\t\t\t\t\t\t\t\t\t\t\t\t\t\t\t\t<\/div>\n\t\t\t\t\t\t\t\t\t\t\t\t<\/div>\n\t\t\t\t\t\t\t\t\t\t\t<\/div>\n\n\t\t\t\t\t\t\t\t\t\t\t\t\t\t\t\t\t\t\t\t\t<\/div>\n\t\t\t\t\t\t\t\t\t<\/div>\n\t\t\t\t\t\t\t\t<\/div>\n\t\t\t\t\t\t\t\t<\/block-accordion-item>\n\t\t\t\t\t\t\t\t\t\t\t\t\t\t<block-accordion-item inline-template item-headline=\"Anja Popp\">\n\t\t\t\t\t\t\t\t<div ref=\"item\" data-id=\"AnjaPopp\" class=\"block-accordion-item vue-initialize\" aria-expanded=\"false\" :aria-expanded=\"active ? 'true' : 'false'\">\n\t\t\t\t\t\t\t\t\t<button class=\"accordion-button-with-icon block-accordion-item-head\" :class=\"{'button-active': active}\" ref=\"head\" aria-controls=\"acc_69f4081a8d85c\" id=\"acc_title_69f4081a8d85d\" @click=\"toggle\" @keydown=\"key\">\n\t\t\t\t\t\t\t\t\t<div><span class=\"button-label\">Anja Popp<\/span><\/div><span class=\"button-icon icon-plus\" aria-hidden=\"true\"><\/span>\n\t\t\t\t\t\t\t\t<\/button>\n\t\t\t\t\t\t\t\t\t<div ref=\"body\" class=\"block-accordion-item-content\" id=\"acc_69f4081a8d85c\" role=\"region\">\n\t\t\t\t\t\t\t\t\t\t<div class=\"wrapper copy\">\n\t\t\t\t\t\t\t\t\t\t\t<p>Anja Popp studierte Rechtswissenschaften in Heidelberg und Dublin. Sie absolvierte ihr Referendariat am Landgericht Mannheim. Seit Ende 2023 ist sie als Rechtsanw\u00e4ltin bei der Kanzlei \u201eG\u00fcnther Rechtsanw\u00e4lte\u201c in Hamburg t\u00e4tig. Ihr Schwerpunkt liegt im Tierschutzrecht. Sie vertritt Tierschutzvereine und Umweltschutzorganisationen in Straf-, Verwaltungs- und Meinungsfreiheitsrecht.<\/p>\n\n\t\t\t\t\t\t\t\t\t\t\t\t\t\t\t\t\t\t\t\t\t\t\t\t\t\t\t\t\t\t\t\t\t\n\t\t\t\t\t\t\t\t\t\t\t<div class=\"row\">\n\t\t\t\t\t\t\t\t\t\t\t\t<div class=\"col-xs-9 col-md-9\">\n\t\t\t\t\t\t\t\t\t\t\t\t\t<div class=\"box\">\n\t\t\t\t\t\t\t\t\t\t\t\t\t\t\t\t\t\t\t\t\t\t\t\t\t\t\t<\/div>\n\t\t\t\t\t\t\t\t\t\t\t\t<\/div>\n\t\t\t\t\t\t\t\t\t\t\t<\/div>\n\n\t\t\t\t\t\t\t\t\t\t\t\t\t\t\t\t\t\t\t\t\t<\/div>\n\t\t\t\t\t\t\t\t\t<\/div>\n\t\t\t\t\t\t\t\t<\/div>\n\t\t\t\t\t\t\t\t<\/block-accordion-item>\n\t\t\t\t\t\t\t\t\t\t\t\t\t\t<block-accordion-item inline-template item-headline=\"Emmanuel Schlichter\">\n\t\t\t\t\t\t\t\t<div ref=\"item\" data-id=\"EmmanuelSchlichter\" class=\"block-accordion-item vue-initialize\" aria-expanded=\"false\" :aria-expanded=\"active ? 'true' : 'false'\">\n\t\t\t\t\t\t\t\t\t<button class=\"accordion-button-with-icon block-accordion-item-head\" :class=\"{'button-active': active}\" ref=\"head\" aria-controls=\"acc_69f4081a8dab0\" id=\"acc_title_69f4081a8dab1\" @click=\"toggle\" @keydown=\"key\">\n\t\t\t\t\t\t\t\t\t<div><span class=\"button-label\">Emmanuel Schlichter<\/span><\/div><span class=\"button-icon icon-plus\" aria-hidden=\"true\"><\/span>\n\t\t\t\t\t\t\t\t<\/button>\n\t\t\t\t\t\t\t\t\t<div ref=\"body\" class=\"block-accordion-item-content\" id=\"acc_69f4081a8dab0\" role=\"region\">\n\t\t\t\t\t\t\t\t\t\t<div class=\"wrapper copy\">\n\t\t\t\t\t\t\t\t\t\t\t<p>Emmanuel Schlichter, LL.M. (Kent), ist Rechtsanwalt und studierte Rechtswissenschaften an der Ludwig-Maximilians-Universit\u00e4t M\u00fcnchen (LMU) und erwarb einen Masterabschluss in Internationaler Politischer \u00d6konomie an der University of Kent. Er setzt sein juristisches Fachwissen auf vielf\u00e4ltige und innovative Weise ein, um einen systemischen und nachhaltigen Wandel zu f\u00f6rdern. Als Gr\u00fcnder von Rechte der Natur e.V. setzt er sich daf\u00fcr ein, die Rechte der Natur im europ\u00e4ischen Recht zu verankern. Mit dem Projekt \u201eRechte der Spree\u201d verfolgt er zudem ein konkretes Beispiel daf\u00fcr, wie die Rechte von \u00d6kosystemen in der deutschen Gesellschaft rechtlich anerkannt und wirksam gemacht werden k\u00f6nnen.<\/p>\n\n\t\t\t\t\t\t\t\t\t\t\t\t\t\t\t\t\t\t\t\t\t\t\t\t\t\t\t\t\t\t\t\t\t\n\t\t\t\t\t\t\t\t\t\t\t<div class=\"row\">\n\t\t\t\t\t\t\t\t\t\t\t\t<div class=\"col-xs-9 col-md-9\">\n\t\t\t\t\t\t\t\t\t\t\t\t\t<div class=\"box\">\n\t\t\t\t\t\t\t\t\t\t\t\t\t\t\t\t\t\t\t\t\t\t\t\t\t\t\t<\/div>\n\t\t\t\t\t\t\t\t\t\t\t\t<\/div>\n\t\t\t\t\t\t\t\t\t\t\t<\/div>\n\n\t\t\t\t\t\t\t\t\t\t\t\t\t\t\t\t\t\t\t\t\t<\/div>\n\t\t\t\t\t\t\t\t\t<\/div>\n\t\t\t\t\t\t\t\t<\/div>\n\t\t\t\t\t\t\t\t<\/block-accordion-item>\n\t\t\t\t\t\t\t\t\t\t\t\t\t<\/div>\n\t\t\t\t\t\t<\/block-accordion>\n\t\t\t\t\t\t\t\t\t<\/div>\n\t\t\t<\/div>\n\t\t<\/div>\n\t<\/div>\n<\/section>\n\n\n<section class=\"block block-logos\" >\n    <div class=\"container-fluid\">\n\t\t<div class=\"row\">\n\t\t\t<div class=\"col-xs-12 col-sm-8 col-sm-offset-2\">\n\t\t\t\t<div class=\"box\">\n\t\t\t\t\t<div class=\"row center-xs middle-xs\">\n\t\t\t\t\t\t\n\t\t\t\t\t\t<div class=\"col-xs-4 col-sm-3 col-sm-2\">\n\t\t\t\t\t\t\t<div class=\"box margin-sixth-top\">\n\t\t\t\t\t\t\t\t<img decoding=\"async\" alt=\"Berlin Science Week\" src=\"https:\/\/www.humboldtforum.org\/wp-content\/uploads\/2022\/09\/SHF_eb00256921.png\" style=\"display: inline-block; width: 100%\" \/>\n\t\t\t\t\t\t\t<\/div>\n\t\t\t\t\t\t<\/div>\n\t\t\t\t\t\t\n\t\t\t\t\t\t<div class=\"col-xs-4 col-sm-3 col-sm-2\">\n\t\t\t\t\t\t\t<div class=\"box margin-sixth-top\">\n\t\t\t\t\t\t\t\t<img decoding=\"async\" alt=\"Rechte der Natur e. V.\" src=\"https:\/\/www.humboldtforum.org\/wp-content\/uploads\/2025\/09\/SHF_eb00254501_1.jpg\" style=\"display: inline-block; width: 100%\" \/>\n\t\t\t\t\t\t\t<\/div>\n\t\t\t\t\t\t<\/div>\n\t\t\t\t\t\t\n\t\t\t\t\t\t<div class=\"col-xs-4 col-sm-3 col-sm-2\">\n\t\t\t\t\t\t\t<div class=\"box margin-sixth-top\">\n\t\t\t\t\t\t\t\t<img decoding=\"async\" alt=\"Let us Speak\" src=\"https:\/\/www.humboldtforum.org\/wp-content\/uploads\/2025\/11\/SHF_eb00256713.jpg\" style=\"display: inline-block; width: 100%\" \/>\n\t\t\t\t\t\t\t<\/div>\n\t\t\t\t\t\t<\/div>\n\t\t\t\t\t\t\n\t\t\t\t\t\t<div class=\"col-xs-4 col-sm-3 col-sm-2\">\n\t\t\t\t\t\t\t<div class=\"box margin-sixth-top\">\n\t\t\t\t\t\t\t\t<img decoding=\"async\" alt=\"Stop Ecocide Deutschland\" src=\"https:\/\/www.humboldtforum.org\/wp-content\/uploads\/2025\/11\/SHF_eb00256715.png\" style=\"display: inline-block; width: 100%\" \/>\n\t\t\t\t\t\t\t<\/div>\n\t\t\t\t\t\t<\/div>\n\t\t\t\t\t\t\n\t\t\t\t\t\t<div class=\"col-xs-4 col-sm-3 col-sm-2\">\n\t\t\t\t\t\t\t<div class=\"box margin-sixth-top\">\n\t\t\t\t\t\t\t\t<img decoding=\"async\" alt=\"Protect the Planet\" src=\"https:\/\/www.humboldtforum.org\/wp-content\/uploads\/2025\/11\/SHF_eb00256714.png\" style=\"display: inline-block; width: 100%\" \/>\n\t\t\t\t\t\t\t<\/div>\n\t\t\t\t\t\t<\/div>\n\t\t\t\t\t\t\n\t\t\t\t\t\t<div class=\"col-xs-4 col-sm-3 col-sm-2\">\n\t\t\t\t\t\t\t<div class=\"box margin-sixth-top\">\n\t\t\t\t\t\t\t\t<img decoding=\"async\" alt=\"Yera Young Environmental Research &#038; Advocacy Hub\" src=\"https:\/\/www.humboldtforum.org\/wp-content\/uploads\/2025\/11\/SHF_eb00256712.png\" style=\"display: inline-block; width: 100%\" \/>\n\t\t\t\t\t\t\t<\/div>\n\t\t\t\t\t\t<\/div>\n\t\t\t\t\t\t\n\t\t\t\t\t\t<div class=\"col-xs-4 col-sm-3 col-sm-2\">\n\t\t\t\t\t\t\t<div class=\"box margin-sixth-top\">\n\t\t\t\t\t\t\t\t<img decoding=\"async\" alt=\"Chile Sin Ecocidio Fundaci\u00f3n\" src=\"https:\/\/www.humboldtforum.org\/wp-content\/uploads\/2025\/11\/SHF_eb00256922.jpg\" style=\"display: inline-block; width: 100%\" \/>\n\t\t\t\t\t\t\t<\/div>\n\t\t\t\t\t\t<\/div>\n\t\t\t\t\t\t\n\t\t\t\t\t\t<div class=\"col-xs-4 col-sm-3 col-sm-2\">\n\t\t\t\t\t\t\t<div class=\"box margin-sixth-top\">\n\t\t\t\t\t\t\t\t<img decoding=\"async\" alt=\"Logo Ecojustice . Earth\" src=\"https:\/\/www.humboldtforum.org\/wp-content\/uploads\/2025\/11\/SHF_eb00256923.png\" style=\"display: inline-block; width: 100%\" \/>\n\t\t\t\t\t\t\t<\/div>\n\t\t\t\t\t\t<\/div>\n\t\t\t\t\t\t\n\t\t\t\t\t\t<div class=\"col-xs-4 col-sm-3 col-sm-2\">\n\t\t\t\t\t\t\t<div class=\"box margin-sixth-top\">\n\t\t\t\t\t\t\t\t<img decoding=\"async\" alt=\"Amsterdam Law Hub\" src=\"https:\/\/www.humboldtforum.org\/wp-content\/uploads\/2025\/11\/SHF_eb00256924.png\" style=\"display: inline-block; width: 100%\" \/>\n\t\t\t\t\t\t\t<\/div>\n\t\t\t\t\t\t<\/div>\n\t\t\t\t\t\t\n\t\t\t\t\t\t<div class=\"col-xs-4 col-sm-3 col-sm-2\">\n\t\t\t\t\t\t\t<div class=\"box margin-sixth-top\">\n\t\t\t\t\t\t\t\t<img decoding=\"async\" alt=\"Netzwerk Rechte der Natur\" src=\"https:\/\/www.humboldtforum.org\/wp-content\/uploads\/2025\/11\/SHF_eb00256925.png\" style=\"display: inline-block; width: 100%\" \/>\n\t\t\t\t\t\t\t<\/div>\n\t\t\t\t\t\t<\/div>\n\t\t\t\t\t\t\t\t\t\t\t<\/div>\n\t\t\t\t<\/div>\n\t\t\t<\/div>\n        <\/div>\n    <\/div>\n<\/section>\n\n\n<section class=\"block block-teaser col-1 has-bg\" style=\"--teaser-bg:#f2f2f2\">\n\t<lazy-component :fixed-min-height=\"400\">\n\t\n\t\t\t\t\t<div class=\"container-fluid\">\n\t\t\t\t<div class=\"row bottom-xs\">\n\t\t\t\t\t<div class=\"col-xs-12 col-sm-10 col-md-8 col-sm-offset-1 col-md-offset-2\">\n\t\t\t\t\t\t<h4>geh\u00f6rt zu<\/h4>\t\t\t\t\t\t\t\t\t\t\t\t\t\t\t\t\t\t\t<\/div>\n\t\t\t\t\t<div class=\"col-xs-12 col-sm-10 col-md-8 col-sm-offset-1 col-md-offset-2 start-xs end-md margin-bottom-sixth\">\n\t\t\t\t\t\t\t\t\t\t\t<\/div>\n\t\t\t\t<\/div>\n\t\t\t\t<ul class=\"row\">\n\t\t\t\n<li class=\"col-xs-12 teaser-wrapper col-padding-remove\">\n\t<calendarteaser key=\"14866721165\" rawitem='{&quot;postId&quot;:148667,&quot;title&quot;:&quot;On Water&quot;,&quot;excerpt&quot;:&quot;&quot;,&quot;slug&quot;:&quot;on-water-wasserwissen-in-berlin&quot;,&quot;post_date&quot;:&quot;2025-07-14T15:10&quot;,&quot;type&quot;:&quot;event-period&quot;,&quot;permalink&quot;:&quot;https:\\\/\\\/www.humboldtforum.org\\\/de\\\/programm\\\/laufzeitangebot\\\/ausstellung\\\/on-water-wasserwissen-in-berlin-148667\\\/&quot;,&quot;genre&quot;:[391],&quot;genre_details&quot;:[{&quot;text&quot;:&quot;Ausstellung&quot;,&quot;id&quot;:391,&quot;icon&quot;:null,&quot;parent&quot;:0}],&quot;stakeholder&quot;:[409],&quot;stakeholder_details&quot;:[{&quot;text&quot;:&quot;Humboldt-Universit\\u00e4t zu Berlin&quot;,&quot;id&quot;:409,&quot;icon&quot;:null,&quot;parent&quot;:0}],&quot;targetgroup&quot;:[383,455],&quot;targetgroup_details&quot;:[{&quot;text&quot;:&quot;Erwachsene&quot;,&quot;id&quot;:383,&quot;icon&quot;:null,&quot;parent&quot;:0},{&quot;text&quot;:&quot;Jugendliche&quot;,&quot;id&quot;:455,&quot;icon&quot;:null,&quot;parent&quot;:0}],&quot;language&quot;:[384,385],&quot;language_details&quot;:[{&quot;text&quot;:&quot;Deutsch&quot;,&quot;id&quot;:384,&quot;icon&quot;:null,&quot;parent&quot;:0},{&quot;text&quot;:&quot;Englisch&quot;,&quot;id&quot;:385,&quot;icon&quot;:null,&quot;parent&quot;:0}],&quot;accessability&quot;:[430],&quot;accessability_details&quot;:[{&quot;text&quot;:&quot;Rollstuhlgerecht&quot;,&quot;id&quot;:430,&quot;icon&quot;:null,&quot;parent&quot;:0}],&quot;place&quot;:[413],&quot;place_details&quot;:{&quot;place&quot;:&quot;Humboldt Forum&quot;,&quot;map&quot;:&quot;Humboldt Forum, Schlossplatz, Berlin&quot;,&quot;room&quot;:&quot;Humboldt Labor, 1. OG&quot;},&quot;icon_overwrite&quot;:&quot;&quot;,&quot;acf&quot;:{&quot;noindex&quot;:false,&quot;keywords&quot;:&quot;&quot;,&quot;shorturl&quot;:&quot;onwater&quot;,&quot;planning&quot;:{&quot;price&quot;:&quot;&quot;,&quot;status&quot;:&quot;BUY&quot;,&quot;info&quot;:&quot;Eintritt frei&quot;,&quot;shop&quot;:&quot;&quot;,&quot;can_purchase&quot;:false},&quot;use_opening_hours_of_the_house&quot;:false,&quot;periods&quot;:[{&quot;label&quot;:&quot;&quot;,&quot;dates&quot;:[{&quot;start&quot;:&quot;202510100000&quot;,&quot;end&quot;:&quot;202709270000&quot;,&quot;has_end&quot;:true,&quot;start_HRFSHORT&quot;:&quot;10.10.25&quot;,&quot;start_HRFSHORT_WD&quot;:&quot;Fr 10.10.2025&quot;,&quot;end_HRFSHORT&quot;:&quot;27.09.27&quot;}],&quot;monday&quot;:[{&quot;start&quot;:&quot;10:30&quot;,&quot;end&quot;:&quot;18:30&quot;,&quot;closed&quot;:false}],&quot;tuesday&quot;:[{&quot;start&quot;:null,&quot;end&quot;:null,&quot;closed&quot;:true}],&quot;wednesday&quot;:[{&quot;start&quot;:&quot;10:30&quot;,&quot;end&quot;:&quot;18:30&quot;,&quot;closed&quot;:false}],&quot;thursday&quot;:[{&quot;start&quot;:&quot;10:30&quot;,&quot;end&quot;:&quot;18:30&quot;,&quot;closed&quot;:false}],&quot;friday&quot;:[{&quot;start&quot;:&quot;10:30&quot;,&quot;end&quot;:&quot;18:30&quot;,&quot;closed&quot;:false}],&quot;saturday&quot;:[{&quot;start&quot;:&quot;10:30&quot;,&quot;end&quot;:&quot;18:30&quot;,&quot;closed&quot;:false}],&quot;sunday&quot;:[{&quot;start&quot;:&quot;10:30&quot;,&quot;end&quot;:&quot;18:30&quot;,&quot;closed&quot;:false}],&quot;info&quot;:&quot;&quot;,&quot;description&quot;:&quot;&quot;}],&quot;display_as_single&quot;:false,&quot;additional_info&quot;:{&quot;icon&quot;:&quot;icon-bullet_active&quot;,&quot;text&quot;:&quot;Wartungsarbeiten: Am 22.4.2026 sowie am 11.5.2026 wird die Ausstellung \\&quot;On Water\\&quot; nicht zug\\u00e4nglich sein.&quot;},&quot;highlight_header&quot;:true,&quot;has_mobile_format&quot;:true,&quot;use_video_in_teasers&quot;:false,&quot;hyphenation&quot;:false,&quot;tipp&quot;:false,&quot;joker&quot;:false,&quot;live&quot;:false,&quot;hide_event_in_program&quot;:false,&quot;highlight_header_image&quot;:151530,&quot;subline&quot;:&quot;WasserWissen in Berlin&quot;,&quot;highlight_header_image_mobile&quot;:151547,&quot;events&quot;:[151670,151676,151684,152103,152200,152458,152473,152495,152505,152834,153201,153380,153432,154460,154957,155223,155805,157338,157706,33938,122834,159093,159188,159218,160708,160712,161149,161688,162965,162969,163486],&quot;period_exception&quot;:[{&quot;label&quot;:&quot;&quot;,&quot;date&quot;:&quot;202511050000&quot;,&quot;closed&quot;:false,&quot;start&quot;:&quot;11:30&quot;,&quot;end&quot;:&quot;18:30&quot;,&quot;date_HRFSHORT&quot;:&quot;05.11.25&quot;},{&quot;label&quot;:&quot;&quot;,&quot;date&quot;:null,&quot;closed&quot;:false,&quot;start&quot;:null,&quot;end&quot;:null}],&quot;infotext&quot;:&quot;Am Donnerstag, d. 23.4.2026, schlie\\u00dft \\&quot;On Water\\&quot; bereits um 16 Uhr. &quot;},&quot;period_list&quot;:&quot;&lt;strong&gt;\\u00d6ffnungszeiten&lt;\\\/strong&gt;\\nMo, Mi, Do, Fr, Sa, So: 10:30 \\u2013 18:30 Uhr\\nDi: geschlossen\\n\\n&quot;,&quot;period_exception&quot;:&quot;&quot;,&quot;date&quot;:{&quot;infinite&quot;:false,&quot;from_DATE&quot;:202510100000,&quot;from&quot;:1760092200,&quot;from_TIME&quot;:&quot;10:30&quot;,&quot;to&quot;:1822069800,&quot;to_DATE&quot;:202709270000,&quot;to_TIME&quot;:&quot;18:30&quot;,&quot;from_HRFSHORT&quot;:&quot;10. Okt 2025&quot;,&quot;from_HRFSHORT_WD&quot;:&quot;Fr 10.10.2025&quot;,&quot;from_HRF&quot;:&quot;Fr, 10. Oktober 2025&quot;,&quot;to_HRF&quot;:&quot;Mo, 27. September 2027&quot;,&quot;to_HRFSHORT&quot;:&quot;27. Sep 2027&quot;,&quot;to_HRFSHORT_WD&quot;:&quot;Mo 27.09.2027&quot;,&quot;from_to_HRF&quot;:&quot;Fr, 10. Oktober 2025 \\u2013 Mo, 27. September 2027&quot;,&quot;from_to_HRFSHORT&quot;:&quot;10. Okt 2025 \\u2013 27. Sep 2027&quot;,&quot;NXX&quot;:&quot;202605010155&quot;,&quot;NLAST&quot;:&quot;202709271830&quot;,&quot;NX&quot;:&quot;20260501&quot;},&quot;alert&quot;:&quot;Highlight&quot;,&quot;partof&quot;:[],&quot;marketing_topic&quot;:&quot;&quot;}' inline-template>\n\t<a href=\"https:\/\/www.humboldtforum.org\/de\/programm\/laufzeitangebot\/ausstellung\/on-water-wasserwissen-in-berlin-148667\/\" class=\"teaser teaser-event-period teaser-event-standard\">\n\t\t<div class=\"row\">\n\t\t\t<div class=\"col-xs-12 col-sm-6 col-md-5 col-sm-offset-1 col-md-offset-2 first-sm teaser-event-text Infos\">\n\t\t\t\t<div class=\"teaser-event-standard-text\">\n\t\t\t\t\t<div class=\"margin-bottom-atom\">\n\t\t\t\t\t\t<div class=\"subline clamp-1\" v-html=\"maingenre\"><\/div>\n\t\t\t\t\t\t\t\t\t\t\t<\/div>\n\t\t\t\t\n\t\t\t\t\t<strong class=\"margin-bottom-atom h5\">On Water<\/strong>\n\n\t\t\t\t\t\t\t\t\t\t\t<div class=\"\">WasserWissen in Berlin<\/div>\n\t\t\t\t\t\t\t\t\t<\/div>\n\t\t\t\t<div class=\"teaser-bottom border-bottom\">\n\t\t\t\t<calendardateline :rawitem='item' :show-icon=\"true\"><\/calendardateline>\n\t\t\t\t\t<hr>\n\t\t\t\t<\/div>\n\t\t\t<\/div>\n\t\t\t<div class=\"col-xs-12 col-sm-4 col-md-3 teaser-event-image bottom-xs first-xs\">\n\t\t\t\t<div class=\"teaser-image teaser-image-no-alternate\">\n\t\t\t\t\t\t\t\t\t\t\t\t\t<span class=\"alert\">Highlight<\/span>\n\t\t\t\t\t\t\t\t\t\t\t\n\t<lazy-media-inline inline-template>\n\t\t<figure itemscope itemtype=\"http:\/\/schema.org\/ImageObject\" class=\"lazy-media-inline \" role=\"group\" id=\"media_69f4081ab4350\" aria-labelledby=\"desc_media_69f4081ab4350\">\n\t\t\t<script type=\"application\/json\" ref=\"data\">\n\t\t\t\t{\n\t\t\t\t\"sizes\" : {\"medium\":{\"file\":\"HumboldtLabor-Webteaser-hoch-1780x3040px-DU-176x300.jpg\",\"width\":176,\"height\":300,\"mime-type\":\"image\\\/jpeg\",\"filesize\":11839},\"large\":{\"file\":\"HumboldtLabor-Webteaser-hoch-1780x3040px-DU-600x1024.jpg\",\"width\":600,\"height\":1024,\"mime-type\":\"image\\\/jpeg\",\"filesize\":102604},\"thumbnail\":{\"file\":\"HumboldtLabor-Webteaser-hoch-1780x3040px-DU-150x150.jpg\",\"width\":150,\"height\":150,\"mime-type\":\"image\\\/jpeg\",\"filesize\":6439},\"medium_large\":{\"file\":\"HumboldtLabor-Webteaser-hoch-1780x3040px-DU-768x1312.jpg\",\"width\":768,\"height\":1312,\"mime-type\":\"image\\\/jpeg\",\"filesize\":160237},\"small\":{\"file\":\"HumboldtLabor-Webteaser-hoch-1780x3040px-DU-258x440.jpg\",\"width\":258,\"height\":440,\"mime-type\":\"image\\\/jpeg\",\"filesize\":23435},\"semi\":{\"file\":\"HumboldtLabor-Webteaser-hoch-1780x3040px-DU-340x580.jpg\",\"width\":340,\"height\":580,\"mime-type\":\"image\\\/jpeg\",\"filesize\":37945},\"mobile\":{\"file\":\"HumboldtLabor-Webteaser-hoch-1780x3040px-DU-422x720.jpg\",\"width\":422,\"height\":720,\"mime-type\":\"image\\\/jpeg\",\"filesize\":55046},\"hd\":{\"file\":\"HumboldtLabor-Webteaser-hoch-1780x3040px-DU-749x1280.jpg\",\"width\":749,\"height\":1280,\"mime-type\":\"image\\\/jpeg\",\"filesize\":153753},\"full\":{\"file\":\"HumboldtLabor-Webteaser-hoch-1780x3040px-DU-1124x1920.jpg\",\"width\":1124,\"height\":1920,\"mime-type\":\"image\\\/jpeg\",\"filesize\":326299},\"1536x1536\":{\"file\":\"HumboldtLabor-Webteaser-hoch-1780x3040px-DU-899x1536.jpg\",\"width\":899,\"height\":1536,\"mime-type\":\"image\\\/jpeg\",\"filesize\":215295},\"2048x2048\":{\"file\":\"HumboldtLabor-Webteaser-hoch-1780x3040px-DU-1199x2048.jpg\",\"width\":1199,\"height\":2048,\"mime-type\":\"image\\\/jpeg\",\"filesize\":368152},\"original\":{\"file\":\"HumboldtLabor-Webteaser-hoch-1780x3040px-DU.jpg\",\"width\":1780,\"height\":3040}},\n\t\t\t\t\"alt\" : \"Key Visual Ausstellung On Water. Wasserwissen in Berlin\",\n\t\t\t\t\"path\" : \"\\\/wp-content\\\/uploads\\\/2025\\\/07\\\/\",\n\t\t\t\t\"video\" : null,\n\t\t\t\t\"autoplay\" : null,\n\t\t\t\t\"youtube\" : null,\n\t\t\t\t\"youtubelabel\" : \"Video abspielen\",\n\t\t\t\t\"brightness\" : 100,\n\t\t\t\t\"crop\" : null,\n\t\t\t\t\"background\" : true,\n\t\t\t\t\"scale\" : 1\t\t\t\t}\n\t\t\t<\/script>\n\n\t\t\t<div class=\"height-container\" style=\"padding-bottom:170.78651685393%;\" v-if=\"sizes\">\n\t\t\t\t\t\t\t\t<lazy-media :inline=\"true\" :alt=\"alt\" :sizes=\"sizes\" :scale=\"scale\" :brightness=\"brightness\" :path=\"path\" :video=\"video\" :autoplay=\"autoplay\" :youtube=\"youtube\" :crop=\"crop\" :youtubelabel=\"youtubelabel\" :background=\"background\" media-id=\"desc_media_69f4081ab4350\"><\/lazy-media>\n\t\t\t\t\t\t\t<\/div>\n\n\t\t\t\t\t\t\t<figcaption class=\"sr-only\" ref=\"body\" id=\"desc_media_69f4081ab4350\">\n\t\t\t\t\t\t\t\t\t\t\t\t\t\t\t\t<div>Key Visual Ausstellung On Water. Wasserwissen in Berlin <\/div>\n\t\t\t\t\t\t\t\t\t\t\t\t\t\t\t\t<div class=\"insignificant\">\u00a9 Stiftung Humboldt Forum im Berliner Schloss, Foto: AI generated, Observism<\/div>\n\t\t\t\t\t\t\t\t\t<\/figcaption>\n\t\t\t\t\t<\/figure>\n\t<\/lazy-media-inline>\n\t\t\t\t<\/div>\n\t\t\t<\/div>\n\t\t<\/div>\n\t<\/a>\n\t<\/calendarteaser>\n<\/li>\n\n\t\t\t\t<\/ul>\n\t\t\t<\/div>\n\t\t\t\t<\/lazy-component>\n<\/section>\n\n","protected":false},"template":"","genre":[837],"digital":[],"topic":[],"stakeholder":[409],"editorial":[],"editorialfilter":[],"targetgroup":[],"language":[385],"accessability":[],"age":[1321],"school":[],"groupsize":[],"place":[413],"class_list":["post-155223","event","type-event","status-publish","hentry","genre-workshop","stakeholder-humboldt-universitaet-zu-berlin","language-englisch","age-ab-16-jahre","place-humboldt-labor-1-og"],"acf":[],"_links":{"self":[{"href":"https:\/\/www.humboldtforum.org\/de\/wp-json\/wp\/v2\/event\/155223","targetHints":{"allow":["GET"]}}],"collection":[{"href":"https:\/\/www.humboldtforum.org\/de\/wp-json\/wp\/v2\/event"}],"about":[{"href":"https:\/\/www.humboldtforum.org\/de\/wp-json\/wp\/v2\/types\/event"}],"version-history":[{"count":11,"href":"https:\/\/www.humboldtforum.org\/de\/wp-json\/wp\/v2\/event\/155223\/revisions"}],"predecessor-version":[{"id":155453,"href":"https:\/\/www.humboldtforum.org\/de\/wp-json\/wp\/v2\/event\/155223\/revisions\/155453"}],"wp:attachment":[{"href":"https:\/\/www.humboldtforum.org\/de\/wp-json\/wp\/v2\/media?parent=155223"}],"wp:term":[{"taxonomy":"genre","embeddable":true,"href":"https:\/\/www.humboldtforum.org\/de\/wp-json\/wp\/v2\/genre?post=155223"},{"taxonomy":"digital","embeddable":true,"href":"https:\/\/www.humboldtforum.org\/de\/wp-json\/wp\/v2\/digital?post=155223"},{"taxonomy":"topic","embeddable":true,"href":"https:\/\/www.humboldtforum.org\/de\/wp-json\/wp\/v2\/topic?post=155223"},{"taxonomy":"stakeholder","embeddable":true,"href":"https:\/\/www.humboldtforum.org\/de\/wp-json\/wp\/v2\/stakeholder?post=155223"},{"taxonomy":"editorial","embeddable":true,"href":"https:\/\/www.humboldtforum.org\/de\/wp-json\/wp\/v2\/editorial?post=155223"},{"taxonomy":"editorialfilter","embeddable":true,"href":"https:\/\/www.humboldtforum.org\/de\/wp-json\/wp\/v2\/editorialfilter?post=155223"},{"taxonomy":"targetgroup","embeddable":true,"href":"https:\/\/www.humboldtforum.org\/de\/wp-json\/wp\/v2\/targetgroup?post=155223"},{"taxonomy":"language","embeddable":true,"href":"https:\/\/www.humboldtforum.org\/de\/wp-json\/wp\/v2\/language?post=155223"},{"taxonomy":"accessability","embeddable":true,"href":"https:\/\/www.humboldtforum.org\/de\/wp-json\/wp\/v2\/accessability?post=155223"},{"taxonomy":"age","embeddable":true,"href":"https:\/\/www.humboldtforum.org\/de\/wp-json\/wp\/v2\/age?post=155223"},{"taxonomy":"school","embeddable":true,"href":"https:\/\/www.humboldtforum.org\/de\/wp-json\/wp\/v2\/school?post=155223"},{"taxonomy":"groupsize","embeddable":true,"href":"https:\/\/www.humboldtforum.org\/de\/wp-json\/wp\/v2\/groupsize?post=155223"},{"taxonomy":"place","embeddable":true,"href":"https:\/\/www.humboldtforum.org\/de\/wp-json\/wp\/v2\/place?post=155223"}],"curies":[{"name":"wp","href":"https:\/\/api.w.org\/{rel}","templated":true}]}}