{"id":155550,"date":"2025-11-10T12:23:42","date_gmt":"2025-11-10T11:23:42","guid":{"rendered":"https:\/\/www.humboldtforum.org\/?post_type=event&#038;p=155550"},"modified":"2025-11-25T12:59:59","modified_gmt":"2025-11-25T11:59:59","slug":"positive-maskulinitaet","status":"publish","type":"event","link":"https:\/\/www.humboldtforum.org\/de\/programm\/termin\/gespraech\/positive-maskulinitaet-155550\/","title":{"rendered":"Positive Maskulinit\u00e4t"},"content":{"rendered":"<section class=\"block block-copy\" >\n    <div class=\"container-fluid\">\n\t\t<div class=\"row \">\n            <div class=\"col-xs-12 col-md-offset-2 col-md-8\">\n                <div class=\"box\">\n                    <div class=\"copy\"><p>Was bedeutet es heute, Vater zu sein? Welche Bespiele gibt es um, M\u00e4nnlichkeit auf eine f\u00fcrsorgliche und emotional offene Weise zu leben und definieren?<\/p>\n<p>Forschungen zeigen, dass starre, traditionelle Erwartungen an M\u00e4nnlichkeit \u2013 stark, stoisch, dominant zu sein \u2013 sich negativ auf die psychische Gesundheit und das emotionale Leben von Jungen und M\u00e4nnern auswirken k\u00f6nnen. Der Begriff \u201etoxische M\u00e4nnlichkeit\u201c hat eine notwendige Debatte angesto\u00dfen \u2013 aber wie geht es weiter? Wie kommen wir vom blo\u00dfen Kritisieren ins Handeln?<\/p>\n<p>Die\u00a0<strong>Black Dads Germany<\/strong>, gegr\u00fcndet von Podiumsgast\u00a0<strong>Alain Missala<\/strong>, er\u00f6ffnen neue Perspektiven auf das Bild von V\u00e4tern und Maskulinit\u00e4t in Deutschland, wobei F\u00fcrsorge eine zentrale Rolle spielt. Gleichzeitig setzt sich die Initiative\u00a0<strong>Black Dads Germany<\/strong>\u00a0f\u00fcr eine vielf\u00e4ltigere und inklusivere Gesellschaft ein. Black Dads ist ein unterst\u00fctzendes Netzwerk, das Familien st\u00e4rkt und sichere R\u00e4ume f\u00fcr V\u00e4ter und ihre Kinder schafft \u2013 zum Spielen, Lesen, Lernen und Austauschen.<\/p>\n<p>Im Humboldt Forum stellt die franz\u00f6ssich-senegalesische Filmemacherin <strong>Marina Gning<\/strong>\u00a0ihre eindrucksvolle Dokumentarfilm-Serie\u00a0<em>P\u00e8re(s)-Fille(s)<\/em>\u00a0(V\u00e4ter\u2013T\u00f6chter) vor, die die oft z\u00e4rtlichen, manchmal komplexen und sehr best\u00e4rkenden Beziehungen zwischen V\u00e4tern und T\u00f6chtern beleuchtet. Inspiriert von diesen intimen Portr\u00e4ts \u00f6ffnen wir die Diskussion: Welche Rolle spielt Vaterschaft bei der Gestaltung moderner M\u00e4nnlichkeit? Was bedeuten f\u00fcrsorgliche V\u00e4ter f\u00fcr ihre T\u00f6chter \u2013 und umgekehrt?<\/p>\n<p>Gemeinsam erkunden sie, wie Vaterschaft zu einer transformierenden Kraft werden kann \u2013 nicht nur in der Familie, sondern auch in der Gesellschaft. Ausgehend von pers\u00f6nlichen Erfahrungen bis hin zum \u00f6ffentlichen Diskurs, von Film bis zur Community-Arbeit, bringen sie neue Perspektiven darauf, was es heute bedeutet, ein Mann zu sein.<\/p>\n<p>Die Veranstaltung zeigt au\u00dferdem einen Filmausschnitt mit dem senegalesischen Anthropologen und Community-Educator\u00a0<strong>Cheikh Sadibou Sakho<\/strong>, der Wege zu positiver M\u00e4nnlichkeit aufzeigt \u2013 verwurzelt in Empathie, F\u00fcrsorge und Verletzlichkeit \u2013 und fragt, wie sich diese \u00fcber verschiedene Kulturen, Gemeinschaften, Vaterschaftsformen und Lebensgeschichten hinweg entfalten kann.<\/p>\n<h5>Beteiligte<\/h5>\n<ul>\n<li><strong>Alain Missala<\/strong>, Gr\u00fcnder von\u00a0<em>Black Dads Germany<\/em>, setzt sich f\u00fcr Sichtbarkeit und Empowerment durch Vaterschaft ein.<\/li>\n<li><strong>Marina Gning<\/strong>, Filmemacherin von\u00a0<em>P\u00e8re(s)-Fille(s)<\/em>, Teil der Ausstellung\u00a0<em>Beziehungsweise Familie<\/em>.<\/li>\n<li>Moderation: <strong>Solvej Ovesen<\/strong><\/li>\n<\/ul>\n<\/div>\n                <\/div>\n            <\/div>\n\t\t<\/div>\n\t\t    <\/div>\n<\/section>\n\n\n<section class=\"block block-accordion\">\n\t<div class=\"container-fluid\">\n\t\t<div class=\"row\">\n\t\t\t<div class=\"col-xs-12 col-md-offset-2 col-md-8\">\n\t\t\t\t<div class=\"box\">\n\t\t\t\t\t\t\t\t\t\t\t<block-accordion inline-template>\n\t\t\t\t\t\t\t<div class=\"accordion\">\n\t\t\t\t\t\t\t\t\t\t\t\t\t\t\t<block-accordion-item inline-template item-headline=\"Marina Gning\">\n\t\t\t\t\t\t\t\t<div ref=\"item\" data-id=\"MarinaGning\" class=\"block-accordion-item vue-initialize\" aria-expanded=\"false\" :aria-expanded=\"active ? 'true' : 'false'\">\n\t\t\t\t\t\t\t\t\t<button class=\"accordion-button-with-icon block-accordion-item-head\" :class=\"{'button-active': active}\" ref=\"head\" aria-controls=\"acc_69ec4d340977d\" id=\"acc_title_69ec4d3409783\" @click=\"toggle\" @keydown=\"key\">\n\t\t\t\t\t\t\t\t\t<div><span class=\"button-label\">Marina Gning<\/span><\/div><span class=\"button-icon icon-plus\" aria-hidden=\"true\"><\/span>\n\t\t\t\t\t\t\t\t<\/button>\n\t\t\t\t\t\t\t\t\t<div ref=\"body\" class=\"block-accordion-item-content\" id=\"acc_69ec4d340977d\" role=\"region\">\n\t\t\t\t\t\t\t\t\t\t<div class=\"wrapper copy\">\n\t\t\t\t\t\t\t\t\t\t\t<p><strong>Filmemacherin, Sozialunternehmerin, Content Creator, Trainerin, Coach, Moderatorin &amp; Beraterin<\/strong><\/p>\n<p>Mit \u00fcber zehn Jahren Erfahrung in der Film- und audiovisuellen Produktion in Frankreich gr\u00fcndete Marina 2010\u00a0<strong>Apinapi<\/strong>\u00a0(Paris) und 2017 das Sozialunternehmen\u00a0<strong>Apiafrique<\/strong>\u00a0(Senegal) mit.<\/p>\n<p>Sie hat mehrere wirkungsorientierte Projekte zur St\u00e4rkung von Frauen mitentwickelt, die digitale und analoge Ans\u00e4tze verbinden, darunter:<\/p>\n<ul>\n<li><strong>Weerwi<\/strong>\u00a0\u2013 eine Plattform f\u00fcr Menstruationsgesundheit und Wohlbefinden.<\/li>\n<li><strong>La Carte Rose S\u00e9n\u00e9gal<\/strong>\u00a0\u2013 ein digitales Informationsangebot zu Menstruations- und Sexualgesundheit.<\/li>\n<li><strong>V\u00e4ter &amp; T\u00f6chter<\/strong>\u00a0\u2013 ein interkulturelles Dialogprojekt mit der Dokumentarfilm-Serie\u00a0<em>P\u00e8res-Filles<\/em>, geschrieben, inszeniert und gefilmt.<\/li>\n<\/ul>\n\n\t\t\t\t\t\t\t\t\t\t\t\t\t\t\t\t\t\t\t\t\t\t\t\t\t\t\t\t\t\t\t\t\t\n\t\t\t\t\t\t\t\t\t\t\t<div class=\"row\">\n\t\t\t\t\t\t\t\t\t\t\t\t<div class=\"col-xs-9 col-md-9\">\n\t\t\t\t\t\t\t\t\t\t\t\t\t<div class=\"box\">\n\t\t\t\t\t\t\t\t\t\t\t\t\t\t\t\t\t\t\t\t\t\t\t\t\t\t\t<\/div>\n\t\t\t\t\t\t\t\t\t\t\t\t<\/div>\n\t\t\t\t\t\t\t\t\t\t\t<\/div>\n\n\t\t\t\t\t\t\t\t\t\t\t\t\t\t\t\t\t\t\t\t\t<\/div>\n\t\t\t\t\t\t\t\t\t<\/div>\n\t\t\t\t\t\t\t\t<\/div>\n\t\t\t\t\t\t\t\t<\/block-accordion-item>\n\t\t\t\t\t\t\t\t\t\t\t\t\t\t<block-accordion-item inline-template item-headline=\"Alain Missala\">\n\t\t\t\t\t\t\t\t<div ref=\"item\" data-id=\"AlainMissala\" class=\"block-accordion-item vue-initialize\" aria-expanded=\"false\" :aria-expanded=\"active ? 'true' : 'false'\">\n\t\t\t\t\t\t\t\t\t<button class=\"accordion-button-with-icon block-accordion-item-head\" :class=\"{'button-active': active}\" ref=\"head\" aria-controls=\"acc_69ec4d3409c84\" id=\"acc_title_69ec4d3409c87\" @click=\"toggle\" @keydown=\"key\">\n\t\t\t\t\t\t\t\t\t<div><span class=\"button-label\">Alain Missala<\/span><\/div><span class=\"button-icon icon-plus\" aria-hidden=\"true\"><\/span>\n\t\t\t\t\t\t\t\t<\/button>\n\t\t\t\t\t\t\t\t\t<div ref=\"body\" class=\"block-accordion-item-content\" id=\"acc_69ec4d3409c84\" role=\"region\">\n\t\t\t\t\t\t\t\t\t\t<div class=\"wrapper copy\">\n\t\t\t\t\t\t\t\t\t\t\t<p><strong>Gr\u00fcnder von Black Dads Germany, Community Builder &amp; Berater<\/strong><\/p>\n<p>Alain wuchs in Kamerun ohne Vater auf und lernte durch seinen Gro\u00dfvater fr\u00fch, wie wichtig m\u00e4nnliche Vorbilder sind. Nach seinem Umzug nach Deutschland f\u00fcr ein zweites Masterstudium, der Heirat und der Erziehung von drei Kindern wurde er selbst zur zentralen Bezugsperson \u2013 auch in Fragen von Rassismus und Identit\u00e4t.<\/p>\n<p>Als seine Tochter 2020 sagte: \u201eIch bin wei\u00df, nicht\u00a0<span class=\"w-term-highlight\">Schwarz<\/span>\u201c, begann Alain, nach Wegen zu suchen, Schwarze Repr\u00e4sentation in Kinderb\u00fcchern zu st\u00e4rken. Er gr\u00fcndete eine Community:\u00a0<strong>Black Dads Germany (BDG)<\/strong>.\u00a0Aus ersten Gespr\u00e4chen entstand eine nationale Bewegung, die heute in acht deutschen St\u00e4dten aktiv ist, \u00fcber\u00a0<strong>1.000 V\u00e4ter<\/strong>\u00a0vernetzt und t\u00e4glich mehr als\u00a0<strong>400 Mitglieder<\/strong>\u00a0in ihrer WhatsApp-Community vereint. BDG gilt heute als vertrauensw\u00fcrdiger Ansprechpartner f\u00fcr \u00f6ffentliche Einrichtungen \u2013 mit dem Ziel, Schwarze V\u00e4ter zu st\u00e4rken, Gemeinschaften zu verbinden und R\u00e4ume zu schaffen, in denen Familien aufbl\u00fchen k\u00f6nnen.<\/p>\n<p><strong>Cheikh Sadibou Sakho<\/strong>\u00a0(im Film) ist Anthropologe und Soziologe sowie ein engagierter Verfechter von\u00a0<em>positiver M\u00e4nnlichkeit<\/em>. Er lehrt am Fachbereich Soziologie der Gaston Berger Universit\u00e4t (UGB) in Saint-Louis, Senegal. Seine Forschung und Lehre konzentrieren sich auf den Umgang mit nat\u00fcrlichen Ressourcen, die gr\u00fcne Wirtschaft und gesellschaftlichen Wandel, die sozialen Herausforderungen von Energie und Klimawandel sowie auf Extraktivismus. Er beteiligt sich au\u00dferdem aktiv an \u00f6ffentlichen Debatten in Senegal u.a. auch zum Thema M\u00e4nnlichkeit.<\/p>\n\n\t\t\t\t\t\t\t\t\t\t\t\t\t\t\t\t\t\t\t\t\t\t\t\t\t\t\t\t\t\t\t\t\t\n\t\t\t\t\t\t\t\t\t\t\t<div class=\"row\">\n\t\t\t\t\t\t\t\t\t\t\t\t<div class=\"col-xs-9 col-md-9\">\n\t\t\t\t\t\t\t\t\t\t\t\t\t<div class=\"box\">\n\t\t\t\t\t\t\t\t\t\t\t\t\t\t\t\t\t\t\t\t\t\t\t\t\t\t\t<\/div>\n\t\t\t\t\t\t\t\t\t\t\t\t<\/div>\n\t\t\t\t\t\t\t\t\t\t\t<\/div>\n\n\t\t\t\t\t\t\t\t\t\t\t\t\t\t\t\t\t\t\t\t\t<\/div>\n\t\t\t\t\t\t\t\t\t<\/div>\n\t\t\t\t\t\t\t\t<\/div>\n\t\t\t\t\t\t\t\t<\/block-accordion-item>\n\t\t\t\t\t\t\t\t\t\t\t\t\t<\/div>\n\t\t\t\t\t\t<\/block-accordion>\n\t\t\t\t\t\t\t\t\t<\/div>\n\t\t\t<\/div>\n\t\t<\/div>\n\t<\/div>\n<\/section>\n\n\n<section class=\"block block-copy\" >\n    <div class=\"container-fluid\">\n\t\t<div class=\"row \">\n            <div class=\"col-xs-12 col-md-offset-2 col-md-8\">\n                <div class=\"box\">\n                    <div class=\"copy\"><h5>Partner<\/h5>\n<p><em>Die Filmreihe Pere(s)-Fille(s) wurde in Zusammenarbeit mit dem Regionalvorhaben \u201eSport f\u00fcr\u00a0<span class=\"w-term-highlight\">Entwicklung<\/span>\u00a0in Afrika\u201c (S4DA) der Deutschen Gesellschaft f\u00fcr Internationale Zusammenarbeit (GIZ) GmbH realisiert, im Auftrag des Bundesministeriums f\u00fcr wirtschaftliche Zusammenarbeit und\u00a0<span class=\"w-term-highlight\">Entwicklung<\/span>\u00a0(<span class=\"w-term-highlight\">BMZ<\/span>).<\/em><\/p>\n<p><em>Koordination: Catherine Daraspe<br \/>\n<\/em><em>Realisierung\/Video: Marina Gning<\/em><\/p>\n<\/div>\n                <\/div>\n            <\/div>\n\t\t<\/div>\n\t\t    <\/div>\n<\/section>\n\n<section class=\"block block-CTA block-CTA-long leftgradient\">\n\t<div class=\"container-fluid\">\n\t\t<div class=\"row center-xs\">\n\t\t\t<div class=\"col-xs-12\">\n\t\t\t\t<div class=\"box\">\n\t\t\t\t\t<a href=\"https:\/\/www.humboldtforum.org\/de\/programm\/laufzeitangebot\/ausstellung\/beziehungsweise-familie-148458\/\" aria-label=\"Beziehungsweise Familie\" class=\"teaser teaser-cta-wide \">\n\t\t\t\t\t\t<div class=\"teaser-image\">\n\t\t\t\t\t\t\t\n\t<lazy-media-inline inline-template>\n\t\t<figure itemscope itemtype=\"http:\/\/schema.org\/ImageObject\" class=\"lazy-media-inline \" role=\"group\" id=\"media_69ec4d340ce46\" aria-labelledby=\"desc_media_69ec4d340ce46\">\n\t\t\t<script type=\"application\/json\" ref=\"data\">\n\t\t\t\t{\n\t\t\t\t\"sizes\" : {\"medium\":{\"file\":\"SHF_eb00253557-300x176.jpg\",\"width\":300,\"height\":176,\"mime-type\":\"image\\\/jpeg\",\"filesize\":9249},\"large\":{\"file\":\"SHF_eb00253557-1024x600.jpg\",\"width\":1024,\"height\":600,\"mime-type\":\"image\\\/jpeg\",\"filesize\":62231},\"thumbnail\":{\"file\":\"SHF_eb00253557-150x150.jpg\",\"width\":150,\"height\":150,\"mime-type\":\"image\\\/jpeg\",\"filesize\":5213},\"medium_large\":{\"file\":\"SHF_eb00253557-768x450.jpg\",\"width\":768,\"height\":450,\"mime-type\":\"image\\\/jpeg\",\"filesize\":39710},\"small\":{\"file\":\"SHF_eb00253557-440x258.jpg\",\"width\":440,\"height\":258,\"mime-type\":\"image\\\/jpeg\",\"filesize\":16894},\"semi\":{\"file\":\"SHF_eb00253557-580x340.jpg\",\"width\":580,\"height\":340,\"mime-type\":\"image\\\/jpeg\",\"filesize\":25797},\"mobile\":{\"file\":\"SHF_eb00253557-720x422.jpg\",\"width\":720,\"height\":422,\"mime-type\":\"image\\\/jpeg\",\"filesize\":35593},\"hd\":{\"file\":\"SHF_eb00253557-1280x749.jpg\",\"width\":1280,\"height\":749,\"mime-type\":\"image\\\/jpeg\",\"filesize\":88673},\"full\":{\"file\":\"SHF_eb00253557-1920x1124.jpg\",\"width\":1920,\"height\":1124,\"mime-type\":\"image\\\/jpeg\",\"filesize\":172402},\"1536x1536\":{\"file\":\"SHF_eb00253557-1536x899.jpg\",\"width\":1536,\"height\":899,\"mime-type\":\"image\\\/jpeg\",\"filesize\":119484},\"2048x2048\":{\"file\":\"SHF_eb00253557-2048x1199.jpg\",\"width\":2048,\"height\":1199,\"mime-type\":\"image\\\/jpeg\",\"filesize\":191052},\"original\":{\"file\":\"SHF_eb00253557.jpg\",\"width\":3040,\"height\":1780}},\n\t\t\t\t\"alt\" : \"Key Visual Beziehungsweise Familie\",\n\t\t\t\t\"path\" : \"\\\/wp-content\\\/uploads\\\/2025\\\/09\\\/\",\n\t\t\t\t\"video\" : null,\n\t\t\t\t\"autoplay\" : null,\n\t\t\t\t\"youtube\" : null,\n\t\t\t\t\"youtubelabel\" : \"Video abspielen\",\n\t\t\t\t\"brightness\" : \"100\",\n\t\t\t\t\"crop\" : {\"top\":\"33.06\",\"left\":\"49.64\"},\n\t\t\t\t\"background\" : true,\n\t\t\t\t\"scale\" : 2\t\t\t\t}\n\t\t\t<\/script>\n\n\t\t\t<div class=\"height-container\" style=\"padding-bottom:58.552631578947%;\" v-if=\"sizes\">\n\t\t\t\t\t\t\t\t<lazy-media :inline=\"true\" :alt=\"alt\" :sizes=\"sizes\" :scale=\"scale\" :brightness=\"brightness\" :path=\"path\" :video=\"video\" :autoplay=\"autoplay\" :youtube=\"youtube\" :crop=\"crop\" :youtubelabel=\"youtubelabel\" :background=\"background\" media-id=\"desc_media_69ec4d340ce46\"><\/lazy-media>\n\t\t\t\t\t\t\t<\/div>\n\n\t\t\t\t\t\t\t<figcaption class=\"sr-only\" ref=\"body\" id=\"desc_media_69ec4d340ce46\">\n\t\t\t\t\t\t\t\t\t\t\t\t\t\t\t\t<div>Key Visual Beziehungsweise Familie <\/div>\n\t\t\t\t\t\t\t\t\t\t\t\t\t\t\t\t<div class=\"insignificant\">\u00a9 Stiftung Humboldt Forum im Berliner Schloss, Foto: Getty Images, The Image Bank, Karan Kapoor<\/div>\n\t\t\t\t\t\t\t\t\t<\/figcaption>\n\t\t\t\t\t<\/figure>\n\t<\/lazy-media-inline>\n\t\t\t\t\t\t<\/div>\n\t\t\t\t\t\t<div class=\"teaser-content \">\n\t\t\t\t\t\t\t<div>\n\t\t\t\t\t\t\t\t<div class=\"teaser-overline subline\">Geh\u00f6rt zu <\/div>\t\t\t\t\t\t\t\t<div class=\"teaser-header\"><span class=\"h3\">Beziehungsweise Familie<\/span><\/div>\n\t\t\t\t\t\t\t\t\t\t\t\t\t\t\t\t<button tabindex=\"-1\" class=\"border\">Zum Programm<\/button>\n\t\t\t\t\t\t\t<\/div>\n\t\t\t\t\t\t<\/div>\n\t\t\t\t\t<\/a>\n\t\t\t\t<\/div>\n\t\t\t<\/div>\n\t\t<\/div>\n\t<\/div>\n<\/section>\n","protected":false},"template":"","genre":[1078],"digital":[],"topic":[],"stakeholder":[],"editorial":[],"editorialfilter":[],"targetgroup":[],"language":[385],"accessability":[],"age":[1321],"school":[],"groupsize":[],"place":[1558],"class_list":["post-155550","event","type-event","status-publish","hentry","genre-gespraech","language-englisch","age-ab-16-jahre","place-mechanische-arena-im-foyer"],"acf":[],"_links":{"self":[{"href":"https:\/\/www.humboldtforum.org\/de\/wp-json\/wp\/v2\/event\/155550","targetHints":{"allow":["GET"]}}],"collection":[{"href":"https:\/\/www.humboldtforum.org\/de\/wp-json\/wp\/v2\/event"}],"about":[{"href":"https:\/\/www.humboldtforum.org\/de\/wp-json\/wp\/v2\/types\/event"}],"version-history":[{"count":12,"href":"https:\/\/www.humboldtforum.org\/de\/wp-json\/wp\/v2\/event\/155550\/revisions"}],"predecessor-version":[{"id":155722,"href":"https:\/\/www.humboldtforum.org\/de\/wp-json\/wp\/v2\/event\/155550\/revisions\/155722"}],"wp:attachment":[{"href":"https:\/\/www.humboldtforum.org\/de\/wp-json\/wp\/v2\/media?parent=155550"}],"wp:term":[{"taxonomy":"genre","embeddable":true,"href":"https:\/\/www.humboldtforum.org\/de\/wp-json\/wp\/v2\/genre?post=155550"},{"taxonomy":"digital","embeddable":true,"href":"https:\/\/www.humboldtforum.org\/de\/wp-json\/wp\/v2\/digital?post=155550"},{"taxonomy":"topic","embeddable":true,"href":"https:\/\/www.humboldtforum.org\/de\/wp-json\/wp\/v2\/topic?post=155550"},{"taxonomy":"stakeholder","embeddable":true,"href":"https:\/\/www.humboldtforum.org\/de\/wp-json\/wp\/v2\/stakeholder?post=155550"},{"taxonomy":"editorial","embeddable":true,"href":"https:\/\/www.humboldtforum.org\/de\/wp-json\/wp\/v2\/editorial?post=155550"},{"taxonomy":"editorialfilter","embeddable":true,"href":"https:\/\/www.humboldtforum.org\/de\/wp-json\/wp\/v2\/editorialfilter?post=155550"},{"taxonomy":"targetgroup","embeddable":true,"href":"https:\/\/www.humboldtforum.org\/de\/wp-json\/wp\/v2\/targetgroup?post=155550"},{"taxonomy":"language","embeddable":true,"href":"https:\/\/www.humboldtforum.org\/de\/wp-json\/wp\/v2\/language?post=155550"},{"taxonomy":"accessability","embeddable":true,"href":"https:\/\/www.humboldtforum.org\/de\/wp-json\/wp\/v2\/accessability?post=155550"},{"taxonomy":"age","embeddable":true,"href":"https:\/\/www.humboldtforum.org\/de\/wp-json\/wp\/v2\/age?post=155550"},{"taxonomy":"school","embeddable":true,"href":"https:\/\/www.humboldtforum.org\/de\/wp-json\/wp\/v2\/school?post=155550"},{"taxonomy":"groupsize","embeddable":true,"href":"https:\/\/www.humboldtforum.org\/de\/wp-json\/wp\/v2\/groupsize?post=155550"},{"taxonomy":"place","embeddable":true,"href":"https:\/\/www.humboldtforum.org\/de\/wp-json\/wp\/v2\/place?post=155550"}],"curies":[{"name":"wp","href":"https:\/\/api.w.org\/{rel}","templated":true}]}}