{"id":157394,"date":"2025-12-29T12:12:31","date_gmt":"2025-12-29T11:12:31","guid":{"rendered":"https:\/\/www.humboldtforum.org\/?post_type=event&#038;p=157394"},"modified":"2026-03-04T09:59:23","modified_gmt":"2026-03-04T08:59:23","slug":"kinderszenen","status":"publish","type":"event","link":"https:\/\/www.humboldtforum.org\/de\/programm\/termin\/konzert\/kinderszenen-157394\/","title":{"rendered":"Kinderszenen"},"content":{"rendered":"<section class=\"block block-copy\" >\n    <div class=\"container-fluid\">\n\t\t<div class=\"row \">\n            <div class=\"col-xs-12 col-md-offset-2 col-md-8\">\n                <div class=\"box\">\n                    <div class=\"copy\"><p data-renderer-start-pos=\"3439\" data-local-id=\"08c07155-83c0-44ce-a19f-d929097f717b\">Werkr\u00e4ume, 1. OG:<\/p>\n<p data-renderer-start-pos=\"3458\" data-local-id=\"c15f65f1-0f0e-4326-9db6-33449860028e\">Robert Schumann: <strong data-renderer-mark=\"true\">Kinderszenen<\/strong>, op. 15, arrangiert f\u00fcr Bl\u00e4serquintett<\/p>\n<p data-renderer-start-pos=\"3529\" data-local-id=\"3d737e9b-af03-46f9-9d58-3c84db789b6b\">Weltstudio, 1. OG:<\/p>\n<p data-renderer-start-pos=\"3549\" data-local-id=\"5436dbff-73e0-4a64-babc-5e958b3f5402\">Ilse Fromm Michals: <strong data-renderer-mark=\"true\">Vier Puppen f\u00fcr Bl\u00e4serquintett<\/strong> op. 4<\/p>\n<p data-renderer-start-pos=\"3608\" data-local-id=\"7390d78d-a618-4d41-b38f-c5a5ca9018c1\">C\u00e9cile Chaminade: <strong data-renderer-mark=\"true\">Drei Miniaturen f\u00fcr Bl\u00e4serquintett<\/strong><\/p>\n<p data-renderer-start-pos=\"3662\" data-local-id=\"c6092eea-6e5b-4837-b328-1090009535c5\">\n<p data-renderer-start-pos=\"3664\" data-local-id=\"143c1ea8-fbf8-4a51-af6d-e70ecd08e40b\">Es kann eine \u00e4u\u00dferst \u201eWichtige Begebenheit\u201c sein, wenn der \u201eRitter vom Steckenpferd\u201c dem \u201eBittenden Kind\u201c eine \u201eKuriose Geschichte\u201c \u201eVon fremden L\u00e4ndern und Menschen\u201c im denkbar weit ge\u00f6ffneten Kulturraum des Humboldt Forums erz\u00e4hlt. Das RSB-Bl\u00e4serquintett \u201eQuintFunk\u201c f\u00f6rdert aus dem bekannten, extra f\u00fcr f\u00fcnf Blasinstrumente bearbeiteten Klavierzyklus \u201cKonderszenen\u201d von Robert Schumann \u201eGl\u00fcckes genug\u201c und l\u00e4dt gern dazu ein, der ber\u00fchmten \u201eTr\u00e4umerei\u201c ganz pers\u00f6nlich nachzusinnen.<\/p>\n<p data-renderer-start-pos=\"4150\" data-local-id=\"a77f417c-69ad-4e52-84c2-b33b4947ded9\">Ilse Fromm-Michaels hat 1908 \u201eVier Puppen\u201c ein musikalisches Leben eingehaucht \u2013 mit harmonischen \u00dcberraschungen und skurrilem Humor nicht minder denn Schumann. Die deutsche Komponistin wird gerade wieder entdeckt, ebenso ihre eine Generation \u00e4ltere franz\u00f6sische Kollegin C\u00e9cile Chaminade. Zu Lebzeiten eine weitgereiste Klaviervirtuosin, zeichnen sich Chaminades Werke durch schw\u00e4rmerische melodische Erfindungen aus. Selbstbewusst sagt sie von sich, dass eine Melodie, bei deren Komponieren sie hatte weinen m\u00fcssen, dazu geeignet sei, auch andere weinen zu lassen. Oder eben pure Freude zu erleben!<\/p>\n<p data-renderer-start-pos=\"4752\" data-local-id=\"e6a425a9-59bd-4983-9a2c-930c74b0b783\">Die Konzerte finden in den Werkr\u00e4umen und dem Weltstudio im 1. OG statt, Bereichen, die ausdr\u00fccklich Gruppen, Familien und Kindern gewidmet sind. Alle sind bei diesen kurzen, moderierten Konzerten ausdr\u00fccklich willkommen.<\/p>\n<\/div>\n                <\/div>\n            <\/div>\n\t\t<\/div>\n\t\t    <\/div>\n<\/section>\n\n<section class=\"block block-headline block-no-margin \" >\n\t<div class=\"container-fluid\">\n\t\t<div class=\"row\">\n\t\t\t\t\t\t\t<div class=\"col-xs-12 col-md-offset-2 col-md-8\">\n\t\t\t\t\t<div class=\"box\">\n\t\t\t\t\t\t<h2 class=\".h2\">Beteiligte<\/h2>\n\t\t\t\t\t<\/div>\n\t\t\t\t<\/div>\n\t\t\t\t\t<\/div>\n\t<\/div>\n<\/section>\n\n\n\n\n\n<section class=\"block block-accordion\">\n\t<div class=\"container-fluid\">\n\t\t<div class=\"row\">\n\t\t\t<div class=\"col-xs-12 col-md-offset-2 col-md-8\">\n\t\t\t\t<div class=\"box\">\n\t\t\t\t\t\t\t\t\t\t\t<block-accordion inline-template>\n\t\t\t\t\t\t\t<div class=\"accordion\">\n\t\t\t\t\t\t\t\t\t\t\t\t\t\t\t<block-accordion-item inline-template item-headline=\"Rudolf D\u00f6bler, Fl\u00f6te\">\n\t\t\t\t\t\t\t\t<div ref=\"item\" data-id=\"RudolfDblerFlte\" class=\"block-accordion-item vue-initialize\" aria-expanded=\"false\" :aria-expanded=\"active ? 'true' : 'false'\">\n\t\t\t\t\t\t\t\t\t<button class=\"accordion-button-with-icon block-accordion-item-head\" :class=\"{'button-active': active}\" ref=\"head\" aria-controls=\"acc_69ee129a71bcc\" id=\"acc_title_69ee129a71bcf\" @click=\"toggle\" @keydown=\"key\">\n\t\t\t\t\t\t\t\t\t<div><span class=\"button-label\">Rudolf D\u00f6bler, Fl\u00f6te<\/span><\/div><span class=\"button-icon icon-plus\" aria-hidden=\"true\"><\/span>\n\t\t\t\t\t\t\t\t<\/button>\n\t\t\t\t\t\t\t\t\t<div ref=\"body\" class=\"block-accordion-item-content\" id=\"acc_69ee129a71bcc\" role=\"region\">\n\t\t\t\t\t\t\t\t\t\t<div class=\"wrapper copy\">\n\t\t\t\t\t\t\t\t\t\t\t<p data-renderer-start-pos=\"7177\" data-local-id=\"480571ba-ab28-43c4-860e-3f0e1d88b282\">Spielen \u2013 Vermitteln \u2013 Begeistern. Diese Anliegen verfolgt Rudolf D\u00f6bler als Musiker, Dozent, Moderator und Musikvermittler.<\/p>\n<p data-renderer-start-pos=\"7303\" data-local-id=\"3db688c7-6b01-41ef-801b-27ae2db3dabd\">Rudolf D\u00f6bler wurde 1966 in Achern (Ortenau) geboren. Er studierte bei William Bennett und John Wright an den Musikhochschulen Freiburg und Karlsruhe. Erg\u00e4nzend besuchte er Meisterkurse bei Alain Marion, Michel Debost, James Galway, Andr\u00e9 Jaunet, Geoffrey Gilbert und Robert Dick. Erste Engagements f\u00fchrten ihn als Solofl\u00f6tist zu den philharmonischen Orchestern in Dessau und Hagen.<\/p>\n<p data-renderer-start-pos=\"7687\" data-local-id=\"f34816c8-16bb-4eec-a6bc-92e6bed73383\">Seit 1993 ist er stellvertretender Solofl\u00f6tist beim Rundfunk-Sinfonieorchester Berlin (RSB). Parallel zu seiner Orchestert\u00e4tigkeit war er von 1995 bis 1997 Mitglied des Ensembles musikFabrik NRW, einem der f\u00fchrenden deutschen Ensembles zeitgen\u00f6ssischer Musik. Er ist Mitglied der \u201e14 Berliner Fl\u00f6tisten\u201c und des Ensembles 7211.<\/p>\n<p data-renderer-start-pos=\"8016\" data-local-id=\"210c5e93-9367-4af9-85b2-50609ce595f0\">Zusammen mit dem holl\u00e4ndischen Fl\u00f6tisten Robert Pot unterrichtet Rudolf D\u00f6bler seit 2002 in Meisterkursen fortgeschrittene Amateure und Profis. Seit 2009 ist er k\u00fcnstlerischer Leiter der QUERWIND Fl\u00f6tentage Staufen.<\/p>\n<p data-renderer-start-pos=\"8233\" data-local-id=\"2abec9ef-fc00-49fa-b2bb-4b39898208b2\">Rudolf D\u00f6bler ist es ein Bed\u00fcrfnis, Menschen f\u00fcr Musik zu begeistern, seit er auf der B\u00fchne steht. Seine mit Bedacht gew\u00e4hlten Moderationen eigener Kammerkonzerte, seine Erfahrung als Kinderkonzert-Moderator sowie sein Engagement als Schulbeauftragter des RSB zeugen davon. Seit 2005 koordiniert, organisiert und konzipiert er Workshops und Probenbesuche f\u00fcr Berliner Schulen und Kinderg\u00e4rten.<\/p>\n\n\t\t\t\t\t\t\t\t\t\t\t\t\t\t\t\t\t\t\t\t\t\t\t\t\t\t\t\t\t\t\t\t\t\n\t\t\t\t\t\t\t\t\t\t\t<div class=\"row\">\n\t\t\t\t\t\t\t\t\t\t\t\t<div class=\"col-xs-9 col-md-9\">\n\t\t\t\t\t\t\t\t\t\t\t\t\t<div class=\"box\">\n\t\t\t\t\t\t\t\t\t\t\t\t\t\t\t\t\t\t\t\t\t\t\t\t\t\t\t<\/div>\n\t\t\t\t\t\t\t\t\t\t\t\t<\/div>\n\t\t\t\t\t\t\t\t\t\t\t<\/div>\n\n\t\t\t\t\t\t\t\t\t\t\t\t\t\t\t\t\t\t\t\t\t<\/div>\n\t\t\t\t\t\t\t\t\t<\/div>\n\t\t\t\t\t\t\t\t<\/div>\n\t\t\t\t\t\t\t\t<\/block-accordion-item>\n\t\t\t\t\t\t\t\t\t\t\t\t\t\t<block-accordion-item inline-template item-headline=\"Christoph Korn, Klarinette\">\n\t\t\t\t\t\t\t\t<div ref=\"item\" data-id=\"ChristophKornKlarinette\" class=\"block-accordion-item vue-initialize\" aria-expanded=\"false\" :aria-expanded=\"active ? 'true' : 'false'\">\n\t\t\t\t\t\t\t\t\t<button class=\"accordion-button-with-icon block-accordion-item-head\" :class=\"{'button-active': active}\" ref=\"head\" aria-controls=\"acc_69ee129a71fbd\" id=\"acc_title_69ee129a71fbe\" @click=\"toggle\" @keydown=\"key\">\n\t\t\t\t\t\t\t\t\t<div><span class=\"button-label\">Christoph Korn, Klarinette<\/span><\/div><span class=\"button-icon icon-plus\" aria-hidden=\"true\"><\/span>\n\t\t\t\t\t\t\t\t<\/button>\n\t\t\t\t\t\t\t\t\t<div ref=\"body\" class=\"block-accordion-item-content\" id=\"acc_69ee129a71fbd\" role=\"region\">\n\t\t\t\t\t\t\t\t\t\t<div class=\"wrapper copy\">\n\t\t\t\t\t\t\t\t\t\t\t<p data-renderer-start-pos=\"8658\" data-local-id=\"736574d4-b5a5-4c95-a719-698740849076\">Mit vier Jahren begann Christoph Korn, Blockfl\u00f6te zu spielen, zehnj\u00e4hrig wechselte er dann zur Klarinette und bekam an der Chemnitzer Musikschule seinen Unterricht. Mit 13 Jahren ging er an das Robert-Schumann-Konservatorium Zwickau und danach zum Studium an die Hochschule f\u00fcr Musik \u201eCarl Maria von Weber\u201c nach Dresden.<\/p>\n<p data-renderer-start-pos=\"8980\" data-local-id=\"64c74e2b-bbff-4237-ac22-57541a1e003a\">Christoph Korn spielte ab 1999 in verschiedenen Orchestern, u.a. als Substitut in der Dresdner Philharmonie. Neben der Klarinette konzentrierte er sich zunehmend auch auf die Bassklarinette und trat mit diesem Instrument sein Engagement als Berufsmusiker an. Auf Anhieb bestand er das Probespiel beim Rundfunk-Sinfonieorchester Berlin und wurde im Jahre 2002 dessen neuer Solo-Bassklarinettist.<\/p>\n<p data-renderer-start-pos=\"9376\" data-local-id=\"0c46a92e-ff01-40f4-a125-e60efaec4105\">Christoph Korn engagiert sich als Kammermusiker in verschiedenen Formationen, tritt regelm\u00e4\u00dfig als Solist auf und spielt h\u00e4ufig als Aushilfe bei Orchestern wie dem Symphonieorchester des Bayerischen Rundfunks, der Staatskapelle Dresden, dem Deutschen Symphonie-Orchester Berlin, der Komischen Oper Berlin, den Berliner Philharmonikern oder im Konzerthausorchester Berlin. Als Orchester- und Kammermusiker reiste Christoph Korn ins europ\u00e4ische und internationale Ausland.<\/p>\n<p data-renderer-start-pos=\"9848\" data-local-id=\"993822d4-0ff8-4b38-824d-fbf3e0d1aef4\">In der Spielzeit 2018\/2019 war Christoph Korn Solo-Bassklarinettist der S\u00e4chsischen Staatskapelle und kehrte zur Spielzeit 2019\/2020 in derselben Funktion zum RSB zur\u00fcck.<\/p>\n<p data-renderer-start-pos=\"10020\" data-local-id=\"35e5d88d-b3b4-436d-afbb-10149d52e2ff\">Seit dem Wintersemester 2020\/2021 hat er einen Lehrauftrag an der Hochschule f\u00fcr Musik \u201eHanns Eisler\u201c Berlin f\u00fcr Bassklarinette.<\/p>\n\n\t\t\t\t\t\t\t\t\t\t\t\t\t\t\t\t\t\t\t\t\t\t\t\t\t\t\t\t\t\t\t\t\t\n\t\t\t\t\t\t\t\t\t\t\t<div class=\"row\">\n\t\t\t\t\t\t\t\t\t\t\t\t<div class=\"col-xs-9 col-md-9\">\n\t\t\t\t\t\t\t\t\t\t\t\t\t<div class=\"box\">\n\t\t\t\t\t\t\t\t\t\t\t\t\t\t\t\t\t\t\t\t\t\t\t\t\t\t\t<\/div>\n\t\t\t\t\t\t\t\t\t\t\t\t<\/div>\n\t\t\t\t\t\t\t\t\t\t\t<\/div>\n\n\t\t\t\t\t\t\t\t\t\t\t\t\t\t\t\t\t\t\t\t\t<\/div>\n\t\t\t\t\t\t\t\t\t<\/div>\n\t\t\t\t\t\t\t\t<\/div>\n\t\t\t\t\t\t\t\t<\/block-accordion-item>\n\t\t\t\t\t\t\t\t\t\t\t\t\t\t<block-accordion-item inline-template item-headline=\"Anne Mentzen, Horn\">\n\t\t\t\t\t\t\t\t<div ref=\"item\" data-id=\"AnneMentzenHorn\" class=\"block-accordion-item vue-initialize\" aria-expanded=\"false\" :aria-expanded=\"active ? 'true' : 'false'\">\n\t\t\t\t\t\t\t\t\t<button class=\"accordion-button-with-icon block-accordion-item-head\" :class=\"{'button-active': active}\" ref=\"head\" aria-controls=\"acc_69ee129a7230b\" id=\"acc_title_69ee129a7230c\" @click=\"toggle\" @keydown=\"key\">\n\t\t\t\t\t\t\t\t\t<div><span class=\"button-label\">Anne Mentzen, Horn<\/span><\/div><span class=\"button-icon icon-plus\" aria-hidden=\"true\"><\/span>\n\t\t\t\t\t\t\t\t<\/button>\n\t\t\t\t\t\t\t\t\t<div ref=\"body\" class=\"block-accordion-item-content\" id=\"acc_69ee129a7230b\" role=\"region\">\n\t\t\t\t\t\t\t\t\t\t<div class=\"wrapper copy\">\n\t\t\t\t\t\t\t\t\t\t\t<p data-renderer-start-pos=\"10172\" data-local-id=\"1de64412-6ae4-41a3-84dc-b2ddf5400a61\">Anne Mentzen wurde 1981 in Braunschweig geboren, wo sie mit f\u00fcnf Jahren ihren ersten Klavierunterricht erhielt. Im Alter von neun Jahren begann sie mit Hornunterricht und wurde ab 1998 von Theodor Wiemes, dem Solohornisten der Radiophilharmonie Hannover, ausgebildet.<\/p>\n<p data-renderer-start-pos=\"10441\" data-local-id=\"2fb1ef3d-e5cb-427c-acb9-e43b4f08d686\">Nach dem Abitur nahm sie im Herbst 2000 ein Studium im Hauptfach Horn in der Klasse von Marie-Luise Neunecker an der Hochschule f\u00fcr Musik und Darstellende Kunst Frankfurt am Main auf. Ab 2003 studierte sie bei Thomas Hauschild an der Hochschule f\u00fcr Musik und Theater in Leipzig, wo sie ihre Ausbildung mit Auszeichnung abschloss.<\/p>\n<p data-renderer-start-pos=\"10772\" data-local-id=\"8776dbe7-cebf-4580-9784-6fe8d41ac506\">Anne Mentzen gewann sowohl mit dem Horn als auch auf dem Klavier mehrfach Bundespreise bei \u201eJugend musiziert\u201c und Preise anderer Wettbewerbe. 1999 wurde sie neben dem ersten Bundespreis mit einem Sonderpreis des Hannoverschen K\u00fcnstlerbundes ausgezeichnet und 2000 zus\u00e4tzlich mit dem Niedersachsenpreis f\u00fcr \u201eherausragende Leistungen auf kulturellem Gebiet\u201c. Au\u00dferdem erhielt sie Stipendien der Volkswagen Bank (1999), des Richard-Wagner-Verbandes (2000) und der Gustav Mahler Academy (2002, 2005).<\/p>\n<p data-renderer-start-pos=\"11270\" data-local-id=\"76795645-47b2-457b-936e-c9ed978a844e\">Die Hornistin sammelte Orchestererfahrung im Landes- und im Bundesjugendorchester, im Gustav Mahler Jugendorchester und wurde mehrfach zur Internationalen Orchesterakademie des Schleswig-Holstein Musik Festivals eingeladen. Nach einem Praktikum im Israel Philharmonic Orchestra und einer befristeten Stelle im Staatsorchester Kassel ging sie 2005 als Praktikantin an die Deutsche Oper Berlin.<\/p>\n<p data-renderer-start-pos=\"11664\" data-local-id=\"165d1bfd-b6b3-421e-8196-d8ab3a2cc8df\">Seit 2006 ist Anne Mentzen Hornistin des Rundfunk-Sinfonieorchesters Berlin. Hier spielt sie auch in verschiedenen Kammermusikformationen, wie z.B. dem Ensemble \u201eSamtblech\u201c.<\/p>\n\n\t\t\t\t\t\t\t\t\t\t\t\t\t\t\t\t\t\t\t\t\t\t\t\t\t\t\t\t\t\t\t\t\t\n\t\t\t\t\t\t\t\t\t\t\t<div class=\"row\">\n\t\t\t\t\t\t\t\t\t\t\t\t<div class=\"col-xs-9 col-md-9\">\n\t\t\t\t\t\t\t\t\t\t\t\t\t<div class=\"box\">\n\t\t\t\t\t\t\t\t\t\t\t\t\t\t\t\t\t\t\t\t\t\t\t\t\t\t\t<\/div>\n\t\t\t\t\t\t\t\t\t\t\t\t<\/div>\n\t\t\t\t\t\t\t\t\t\t\t<\/div>\n\n\t\t\t\t\t\t\t\t\t\t\t\t\t\t\t\t\t\t\t\t\t<\/div>\n\t\t\t\t\t\t\t\t\t<\/div>\n\t\t\t\t\t\t\t\t<\/div>\n\t\t\t\t\t\t\t\t<\/block-accordion-item>\n\t\t\t\t\t\t\t\t\t\t\t\t\t\t<block-accordion-item inline-template item-headline=\"Yisol Shin, Fagott\">\n\t\t\t\t\t\t\t\t<div ref=\"item\" data-id=\"YisolShinFagott\" class=\"block-accordion-item vue-initialize\" aria-expanded=\"false\" :aria-expanded=\"active ? 'true' : 'false'\">\n\t\t\t\t\t\t\t\t\t<button class=\"accordion-button-with-icon block-accordion-item-head\" :class=\"{'button-active': active}\" ref=\"head\" aria-controls=\"acc_69ee129a725ac\" id=\"acc_title_69ee129a725ad\" @click=\"toggle\" @keydown=\"key\">\n\t\t\t\t\t\t\t\t\t<div><span class=\"button-label\">Yisol Shin, Fagott<\/span><\/div><span class=\"button-icon icon-plus\" aria-hidden=\"true\"><\/span>\n\t\t\t\t\t\t\t\t<\/button>\n\t\t\t\t\t\t\t\t\t<div ref=\"body\" class=\"block-accordion-item-content\" id=\"acc_69ee129a725ac\" role=\"region\">\n\t\t\t\t\t\t\t\t\t\t<div class=\"wrapper copy\">\n\t\t\t\t\t\t\t\t\t\t\t\n\t\t\t\t\t\t\t\t\t\t\t\t\t\t\t\t\t\t\t\t\t\t\t\t\t\t\t\t\t\t\t\t\t\n\t\t\t\t\t\t\t\t\t\t\t<div class=\"row\">\n\t\t\t\t\t\t\t\t\t\t\t\t<div class=\"col-xs-9 col-md-9\">\n\t\t\t\t\t\t\t\t\t\t\t\t\t<div class=\"box\">\n\t\t\t\t\t\t\t\t\t\t\t\t\t\t\t\t\t\t\t\t\t\t\t\t\t\t\t<\/div>\n\t\t\t\t\t\t\t\t\t\t\t\t<\/div>\n\t\t\t\t\t\t\t\t\t\t\t<\/div>\n\n\t\t\t\t\t\t\t\t\t\t\t\t\t\t\t\t\t\t\t\t\t<\/div>\n\t\t\t\t\t\t\t\t\t<\/div>\n\t\t\t\t\t\t\t\t<\/div>\n\t\t\t\t\t\t\t\t<\/block-accordion-item>\n\t\t\t\t\t\t\t\t\t\t\t\t\t\t<block-accordion-item inline-template item-headline=\"Gudrun Vogler, Oboe\">\n\t\t\t\t\t\t\t\t<div ref=\"item\" data-id=\"GudrunVoglerOboe\" class=\"block-accordion-item vue-initialize\" aria-expanded=\"false\" :aria-expanded=\"active ? 'true' : 'false'\">\n\t\t\t\t\t\t\t\t\t<button class=\"accordion-button-with-icon block-accordion-item-head\" :class=\"{'button-active': active}\" ref=\"head\" aria-controls=\"acc_69ee129a728e6\" id=\"acc_title_69ee129a728e7\" @click=\"toggle\" @keydown=\"key\">\n\t\t\t\t\t\t\t\t\t<div><span class=\"button-label\">Gudrun Vogler, Oboe<\/span><\/div><span class=\"button-icon icon-plus\" aria-hidden=\"true\"><\/span>\n\t\t\t\t\t\t\t\t<\/button>\n\t\t\t\t\t\t\t\t\t<div ref=\"body\" class=\"block-accordion-item-content\" id=\"acc_69ee129a728e6\" role=\"region\">\n\t\t\t\t\t\t\t\t\t\t<div class=\"wrapper copy\">\n\t\t\t\t\t\t\t\t\t\t\t<p data-renderer-start-pos=\"11900\" data-local-id=\"0a870ffe-26fa-4855-99de-97e0f23b4b27\">Gudrun Vogler ist seit 2002 Oboistin und Englischhornistin im Rundfunk-Sinfonieorchester Berlin.<\/p>\n<p data-renderer-start-pos=\"11998\" data-local-id=\"41e437b0-49dd-4c9d-bdbb-c02a5f2153c6\">Von 1988 bis 1992 war sie Solooboistin am Nationaltheater Weimar.<\/p>\n<p data-renderer-start-pos=\"12065\" data-local-id=\"e887e2de-1a95-4f81-a22f-7bf736d143a5\">Als zweifache Preistr\u00e4gerin des ARD-Wettbewerbs im Fach Kammermusik mit dem Bl\u00e4serquintett \u201eKammervereinigung Berlin\u201c spielte sie mit diesem bei namhaften Labels CDs ein, konzertierte erst intensiv deutschlandweit und sp\u00e4ter umfassend international.<\/p>\n<p data-renderer-start-pos=\"12316\" data-local-id=\"5b444d80-05d5-476b-bc08-ff59cf3c2fc9\">Im Spezialensemble f\u00fcr Neue Musik \u201eKNM Berlin\u201c, in dem sie von 1992 bis 2019 Mitglied war und mit dem sie u.a. in Buenos Aires, Tokio und Taipeh auftrat, f\u00fchrte sie mit viel Neugier und Freude ihre Rolle als Instrumentalistin, Performerin sowie als kreative und lebendige Interpretin aus.<\/p>\n<p data-renderer-start-pos=\"12606\" data-local-id=\"f73b68b9-b6c1-4a39-ae92-a17327dd593d\">Seit 2015 engagiert sie sich zus\u00e4tzlich im Musikvermittlungs-Bereich des RSB. Als Musikbotschafterin im Klassenraum teilt sie ihre Begeisterung f\u00fcr klassische Musik an Schulen mit jungen Menschen. In verschiedenen Teams entwickelte sie Konzepte f\u00fcr Kinder- und Jugendkonzerte mit.<\/p>\n<p data-renderer-start-pos=\"12888\" data-local-id=\"f2e50163-51d4-4903-b92b-d23149ca7eec\">Neben konzertanten kammermusikalischen Aktivit\u00e4ten in verschiedenen Besetzungen und in verschiedenen Genres spielt sie seit 2016 erfolgreich und regelm\u00e4\u00dfig als Mitglied in der solistischen Formation \u201eDate for three\u201c.<\/p>\n\n\t\t\t\t\t\t\t\t\t\t\t\t\t\t\t\t\t\t\t\t\t\t\t\t\t\t\t\t\t\t\t\t\t\n\t\t\t\t\t\t\t\t\t\t\t<div class=\"row\">\n\t\t\t\t\t\t\t\t\t\t\t\t<div class=\"col-xs-9 col-md-9\">\n\t\t\t\t\t\t\t\t\t\t\t\t\t<div class=\"box\">\n\t\t\t\t\t\t\t\t\t\t\t\t\t\t\t\t\t\t\t\t\t\t\t\t\t\t\t<\/div>\n\t\t\t\t\t\t\t\t\t\t\t\t<\/div>\n\t\t\t\t\t\t\t\t\t\t\t<\/div>\n\n\t\t\t\t\t\t\t\t\t\t\t\t\t\t\t\t\t\t\t\t\t<\/div>\n\t\t\t\t\t\t\t\t\t<\/div>\n\t\t\t\t\t\t\t\t<\/div>\n\t\t\t\t\t\t\t\t<\/block-accordion-item>\n\t\t\t\t\t\t\t\t\t\t\t\t\t<\/div>\n\t\t\t\t\t\t<\/block-accordion>\n\t\t\t\t\t\t\t\t\t<\/div>\n\t\t\t<\/div>\n\t\t<\/div>\n\t<\/div>\n<\/section>\n\n\n<section class=\"block block-teaser col-1 \" style=\"\">\n\t<lazy-component :fixed-min-height=\"400\">\n\t\n\t\t\t\t\t<div class=\"container-fluid\">\n\t\t\t\t<div class=\"row bottom-xs\">\n\t\t\t\t\t<div class=\"col-xs-12 col-sm-10 col-md-8 col-sm-offset-1 col-md-offset-2\">\n\t\t\t\t\t\t<h4>geh\u00f6rt zu<\/h4>\t\t\t\t\t\t\t\t\t\t\t\t\t\t\t\t\t\t\t<\/div>\n\t\t\t\t\t<div class=\"col-xs-12 col-sm-10 col-md-8 col-sm-offset-1 col-md-offset-2 start-xs end-md margin-bottom-sixth\">\n\t\t\t\t\t\t\t\t\t\t\t<\/div>\n\t\t\t\t<\/div>\n\t\t\t\t<ul class=\"row\">\n\t\t\t\n<li class=\"col-xs-12 teaser-wrapper col-padding-remove\">\n\t<calendarteaser key=\"1193831708\" rawitem='{&quot;postId&quot;:119383,&quot;title&quot;:&quot;Mikrokonzerte des Rundfunk-Sinfonieorchesters Berlin&quot;,&quot;excerpt&quot;:&quot;&quot;,&quot;slug&quot;:&quot;mikrokonzerte-des-rundfunk-sinfonieorchesters-berlin&quot;,&quot;type&quot;:&quot;event-sequence&quot;,&quot;post_date&quot;:&quot;2024-01-10T15:25&quot;,&quot;permalink&quot;:&quot;https:\\\/\\\/www.humboldtforum.org\\\/de\\\/programm\\\/event-reihe\\\/konzert\\\/mikrokonzerte-des-rundfunk-sinfonieorchesters-berlin-119383\\\/&quot;,&quot;genre&quot;:[393],&quot;genre_details&quot;:[{&quot;text&quot;:&quot;Konzert&quot;,&quot;id&quot;:393,&quot;icon&quot;:null,&quot;parent&quot;:0}],&quot;stakeholder&quot;:[382],&quot;stakeholder_details&quot;:[{&quot;text&quot;:&quot;Stiftung Humboldt Forum im Berliner Schloss&quot;,&quot;id&quot;:382,&quot;icon&quot;:null,&quot;parent&quot;:0}],&quot;targetgroup&quot;:[383,455,454],&quot;targetgroup_details&quot;:[{&quot;text&quot;:&quot;Erwachsene&quot;,&quot;id&quot;:383,&quot;icon&quot;:null,&quot;parent&quot;:0},{&quot;text&quot;:&quot;Jugendliche&quot;,&quot;id&quot;:455,&quot;icon&quot;:null,&quot;parent&quot;:0},{&quot;text&quot;:&quot;Kinder und Familien&quot;,&quot;id&quot;:454,&quot;icon&quot;:null,&quot;parent&quot;:0}],&quot;language&quot;:[422],&quot;language_details&quot;:[{&quot;text&quot;:&quot;Keine Sprachkenntnisse erforderlich&quot;,&quot;id&quot;:422,&quot;icon&quot;:null,&quot;parent&quot;:0}],&quot;place&quot;:[404],&quot;place_details&quot;:{&quot;place&quot;:&quot;Humboldt Forum&quot;,&quot;map&quot;:&quot;Humboldt Forum, Schlossplatz, Berlin&quot;,&quot;room&quot;:&quot;&quot;},&quot;icon_overwrite&quot;:&quot;&quot;,&quot;acf&quot;:{&quot;noindex&quot;:false,&quot;keywords&quot;:&quot;&quot;,&quot;shorturl&quot;:&quot;mikrokonzerte&quot;,&quot;belongsto&quot;:false,&quot;additional_info&quot;:{&quot;icon&quot;:&quot;0&quot;,&quot;text&quot;:&quot;&quot;},&quot;highlight_header&quot;:false,&quot;use_video_in_teasers&quot;:false,&quot;hyphenation&quot;:true,&quot;manual_period&quot;:false,&quot;tipp&quot;:false,&quot;joker&quot;:false,&quot;live&quot;:false,&quot;hide_event_in_program&quot;:false,&quot;featured_images&quot;:[119420],&quot;announcement&quot;:&quot;Veranstaltungsreihe&quot;,&quot;overwrite_date&quot;:&quot;Veranstaltungsreihe&quot;,&quot;events&quot;:[141036,154588,156510,157394,158848,160047,161796]},&quot;date&quot;:{&quot;NLAST&quot;:&quot;202604121500&quot;,&quot;NX&quot;:null,&quot;NXX&quot;:null,&quot;from_DATE&quot;:&quot;20250105 14:00&quot;,&quot;from&quot;:1736078400,&quot;to&quot;:1775995200,&quot;to_DATE&quot;:&quot;20260412 15:00&quot;,&quot;from_HRFSHORT&quot;:&quot; 5. Jan 2025&quot;,&quot;from_HRFSHORT_WD&quot;:&quot;So 05.01.2025&quot;,&quot;to_HRFSHORT&quot;:&quot;12. Apr 2026&quot;,&quot;to_HRFSHORT_WD&quot;:&quot;So 12.04.2026&quot;,&quot;from_HRF&quot;:&quot;So,  5. Januar 2025&quot;,&quot;to_HRF&quot;:&quot;So, 12. April 2026&quot;,&quot;from_to_HRF&quot;:&quot;So,  5. Januar 2025 \\u2013 So, 12. April 2026&quot;,&quot;from_to_HRFSHORT&quot;:&quot; 5. Jan 2025 \\u2013 12. Apr 2026&quot;},&quot;alert&quot;:null,&quot;partof&quot;:[],&quot;marketing_topic&quot;:&quot;&quot;}' inline-template>\n\t<a href=\"https:\/\/www.humboldtforum.org\/de\/programm\/event-reihe\/konzert\/mikrokonzerte-des-rundfunk-sinfonieorchesters-berlin-119383\/\" class=\"teaser teaser-event-sequence teaser-event-standard\">\n\t\t<div class=\"row\">\n\t\t\t<div class=\"col-xs-12 col-sm-6 col-md-5 col-sm-offset-1 col-md-offset-2 first-sm teaser-event-text Infos\">\n\t\t\t\t<div class=\"teaser-event-standard-text\">\n\t\t\t\t\t<div class=\"margin-bottom-atom\">\n\t\t\t\t\t\t<div class=\"subline clamp-1\" v-html=\"maingenre\"><\/div>\n\t\t\t\t\t\t\t\t\t\t\t<\/div>\n\t\t\t\t\n\t\t\t\t\t<strong class=\"margin-bottom-atom h5\">Mikrokonzerte des Rundfunk-Sinfonieorchesters Berlin<\/strong>\n\n\t\t\t\t\t\t\t\t\t<\/div>\n\t\t\t\t<div class=\"teaser-bottom border-bottom\">\n\t\t\t\t<calendardateline :rawitem='item' :show-icon=\"true\"><\/calendardateline>\n\t\t\t\t\t<hr>\n\t\t\t\t<\/div>\n\t\t\t<\/div>\n\t\t\t<div class=\"col-xs-12 col-sm-4 col-md-3 teaser-event-image bottom-xs first-xs\">\n\t\t\t\t<div class=\"teaser-image teaser-image-no-alternate\">\n\t\t\t\t\t\t\t\t\t\t\t\n\t<lazy-media-inline inline-template>\n\t\t<figure itemscope itemtype=\"http:\/\/schema.org\/ImageObject\" class=\"lazy-media-inline \" role=\"group\" id=\"media_69ee129a9461a\" aria-labelledby=\"desc_media_69ee129a9461a\">\n\t\t\t<script type=\"application\/json\" ref=\"data\">\n\t\t\t\t{\n\t\t\t\t\"sizes\" : {\"medium\":{\"file\":\"RSB_Landingpage-300x180.jpg\",\"width\":300,\"height\":180,\"mime-type\":\"image\\\/jpeg\",\"filesize\":10245},\"large\":{\"file\":\"RSB_Landingpage-1024x613.jpg\",\"width\":1024,\"height\":613,\"mime-type\":\"image\\\/jpeg\",\"filesize\":59365},\"thumbnail\":{\"file\":\"RSB_Landingpage-150x150.jpg\",\"width\":150,\"height\":150,\"mime-type\":\"image\\\/jpeg\",\"filesize\":5161},\"medium_large\":{\"file\":\"RSB_Landingpage-768x460.jpg\",\"width\":768,\"height\":460,\"mime-type\":\"image\\\/jpeg\",\"filesize\":39190},\"small\":{\"file\":\"RSB_Landingpage-440x264.jpg\",\"width\":440,\"height\":264,\"mime-type\":\"image\\\/jpeg\",\"filesize\":17909},\"semi\":{\"file\":\"RSB_Landingpage-580x347.jpg\",\"width\":580,\"height\":347,\"mime-type\":\"image\\\/jpeg\",\"filesize\":26860},\"mobile\":{\"file\":\"RSB_Landingpage-720x431.jpg\",\"width\":720,\"height\":431,\"mime-type\":\"image\\\/jpeg\",\"filesize\":35275},\"hd\":{\"file\":\"RSB_Landingpage-1280x767.jpg\",\"width\":1280,\"height\":767,\"mime-type\":\"image\\\/jpeg\",\"filesize\":81678},\"full\":{\"file\":\"RSB_Landingpage-1920x1150.jpg\",\"width\":1920,\"height\":1150,\"mime-type\":\"image\\\/jpeg\",\"filesize\":151128},\"1536x1536\":{\"file\":\"RSB_Landingpage-1536x920.jpg\",\"width\":1536,\"height\":920,\"mime-type\":\"image\\\/jpeg\",\"filesize\":106579},\"2048x2048\":{\"file\":\"RSB_Landingpage-2048x1227.jpg\",\"width\":2048,\"height\":1227,\"mime-type\":\"image\\\/jpeg\",\"filesize\":163391},\"original\":{\"file\":\"RSB_Landingpage.jpg\",\"width\":3840,\"height\":2300}},\n\t\t\t\t\"alt\" : \"Muster aus bunten, geometrischen Icons, die Sport und Fitness darstellen, auf hellblauem Hintergrund.\",\n\t\t\t\t\"path\" : \"\\\/wp-content\\\/uploads\\\/2024\\\/01\\\/\",\n\t\t\t\t\"video\" : null,\n\t\t\t\t\"autoplay\" : null,\n\t\t\t\t\"youtube\" : null,\n\t\t\t\t\"youtubelabel\" : \"Video abspielen\",\n\t\t\t\t\"brightness\" : 100,\n\t\t\t\t\"crop\" : {\"top\":\"50.00\",\"left\":\"50.00\"},\n\t\t\t\t\"background\" : true,\n\t\t\t\t\"scale\" : 2\t\t\t\t}\n\t\t\t<\/script>\n\n\t\t\t<div class=\"height-container\" style=\"padding-bottom:59.895833333333%;\" v-if=\"sizes\">\n\t\t\t\t\t\t\t\t<lazy-media :inline=\"true\" :alt=\"alt\" :sizes=\"sizes\" :scale=\"scale\" :brightness=\"brightness\" :path=\"path\" :video=\"video\" :autoplay=\"autoplay\" :youtube=\"youtube\" :crop=\"crop\" :youtubelabel=\"youtubelabel\" :background=\"background\" media-id=\"desc_media_69ee129a9461a\"><\/lazy-media>\n\t\t\t\t\t\t\t<\/div>\n\n\t\t\t\t\t\t\t<figcaption class=\"sr-only\" ref=\"body\" id=\"desc_media_69ee129a9461a\">\n\t\t\t\t\t\t\t\t\t\t\t\t\t\t\t\t<div>Keyvisual Mikrokonzert-Reihe <\/div>\n\t\t\t\t\t\t\t\t\t\t\t\t\t\t\t\t<div class=\"insignificant\">\u00a9 \u00c1lvaro Vali\u00f1o<\/div>\n\t\t\t\t\t\t\t\t\t<\/figcaption>\n\t\t\t\t\t<\/figure>\n\t<\/lazy-media-inline>\n\t\t\t\t<\/div>\n\t\t\t<\/div>\n\t\t<\/div>\n\t<\/a>\n\t<\/calendarteaser>\n<\/li>\n\n\t\t\t\t<\/ul>\n\t\t\t<\/div>\n\t\t\t\t<\/lazy-component>\n<\/section>\n\n\n\n<section class=\"block block-headline block-no-margin \" >\n\t<div class=\"container-fluid\">\n\t\t<div class=\"row\">\n\t\t\t\t\t\t\t<div class=\"col-xs-12 col-md-offset-2 col-md-8\">\n\t\t\t\t\t<div class=\"box\">\n\t\t\t\t\t\t<h2 class=\".h2\">Partner<\/h2>\n\t\t\t\t\t<\/div>\n\t\t\t\t<\/div>\n\t\t\t\t\t<\/div>\n\t<\/div>\n<\/section>\n\n\n\n\n<section class=\"block block-logos\" >\n    <div class=\"container-fluid\">\n\t\t<div class=\"row\">\n\t\t\t<div class=\"col-xs-12 col-sm-8 col-sm-offset-2\">\n\t\t\t\t<div class=\"box\">\n\t\t\t\t\t<div class=\"row  middle-xs\">\n\t\t\t\t\t\t\n\t\t\t\t\t\t<div class=\"col-xs-4 col-sm-3 col-sm-2\">\n\t\t\t\t\t\t\t<div class=\"box margin-sixth-top\">\n\t\t\t\t\t\t\t\t<img decoding=\"async\" alt=\"RSB\" src=\"https:\/\/www.humboldtforum.org\/wp-content\/uploads\/2023\/07\/logos100B.png\" style=\"display: inline-block; width: 80%\" \/>\n\t\t\t\t\t\t\t<\/div>\n\t\t\t\t\t\t<\/div>\n\t\t\t\t\t\t\n\t\t\t\t\t\t<div class=\"col-xs-4 col-sm-3 col-sm-2\">\n\t\t\t\t\t\t\t<div class=\"box margin-sixth-top\">\n\t\t\t\t\t\t\t\t<img decoding=\"async\" alt=\"Stiftung Stadtmuseum Berlin (SSB)\" src=\"https:\/\/www.humboldtforum.org\/wp-content\/uploads\/2020\/04\/Stiftung_Stadtmuseum-Berlin_Logo.jpg\" style=\"display: inline-block; width: 80%\" \/>\n\t\t\t\t\t\t\t<\/div>\n\t\t\t\t\t\t<\/div>\n\t\t\t\t\t\t\t\t\t\t\t<\/div>\n\t\t\t\t<\/div>\n\t\t\t<\/div>\n        <\/div>\n    <\/div>\n<\/section>\n\n\n<section class=\"block block-CTA block-CTA-long leftgradient\">\n\t<div class=\"container-fluid\">\n\t\t<div class=\"row center-xs\">\n\t\t\t<div class=\"col-xs-12\">\n\t\t\t\t<div class=\"box\">\n\t\t\t\t\t<a href=\"https:\/\/www.humboldtforum.org\/de\/newsletter-2\/\" aria-label=\"Bleiben Sie auf dem Laufenden!\" class=\"teaser teaser-cta-wide \">\n\t\t\t\t\t\t<div class=\"teaser-image\">\n\t\t\t\t\t\t\t\n\t<lazy-media-inline inline-template>\n\t\t<figure itemscope itemtype=\"http:\/\/schema.org\/ImageObject\" class=\"lazy-media-inline \" role=\"group\" id=\"media_69ee129a97f9a\" aria-labelledby=\"desc_media_69ee129a97f9a\">\n\t\t\t<script type=\"application\/json\" ref=\"data\">\n\t\t\t\t{\n\t\t\t\t\"sizes\" : {\"medium\":{\"file\":\"HF_eb00061823-scaled-300x200.jpg\",\"width\":300,\"height\":200,\"mime-type\":\"image\\\/jpeg\",\"filesize\":19186},\"large\":{\"file\":\"HF_eb00061823-scaled-1024x683.jpg\",\"width\":1024,\"height\":683,\"mime-type\":\"image\\\/jpeg\",\"filesize\":138597},\"thumbnail\":{\"file\":\"HF_eb00061823-scaled-150x150.jpg\",\"width\":150,\"height\":150,\"mime-type\":\"image\\\/jpeg\",\"filesize\":8513},\"medium_large\":{\"file\":\"HF_eb00061823-scaled-768x512.jpg\",\"width\":768,\"height\":512,\"mime-type\":\"image\\\/jpeg\",\"filesize\":86200},\"small\":{\"file\":\"HF_eb00061823-scaled-440x293.jpg\",\"width\":440,\"height\":293,\"mime-type\":\"image\\\/jpeg\",\"filesize\":35525},\"semi\":{\"file\":\"HF_eb00061823-scaled-580x387.jpg\",\"width\":580,\"height\":387,\"mime-type\":\"image\\\/jpeg\",\"filesize\":55724},\"mobile\":{\"file\":\"HF_eb00061823-scaled-720x480.jpg\",\"width\":720,\"height\":480,\"mime-type\":\"image\\\/jpeg\",\"filesize\":77971},\"hd\":{\"file\":\"HF_eb00061823-scaled-1280x854.jpg\",\"width\":1280,\"height\":854,\"mime-type\":\"image\\\/jpeg\",\"filesize\":202477},\"full\":{\"file\":\"HF_eb00061823-scaled-1920x1280.jpg\",\"width\":1920,\"height\":1280,\"mime-type\":\"image\\\/jpeg\",\"filesize\":386736},\"1536x1536\":{\"file\":\"HF_eb00061823-scaled-1536x1024.jpg\",\"width\":1536,\"height\":1024,\"mime-type\":\"image\\\/jpeg\",\"filesize\":266197},\"2048x2048\":{\"file\":\"HF_eb00061823-scaled-2048x1366.jpg\",\"width\":2048,\"height\":1366,\"mime-type\":\"image\\\/jpeg\",\"filesize\":430206},\"original\":{\"file\":\"HF_eb00061823-scaled.jpg\",\"width\":2560,\"height\":1707}},\n\t\t\t\t\"alt\" : \"Blick in das beleuchtete Foyer von der Galerie im ersten Stock mit Besuchenden, Infopoint und Medienturm\",\n\t\t\t\t\"path\" : \"\\\/wp-content\\\/uploads\\\/2020\\\/04\\\/\",\n\t\t\t\t\"video\" : null,\n\t\t\t\t\"autoplay\" : null,\n\t\t\t\t\"youtube\" : null,\n\t\t\t\t\"youtubelabel\" : \"Video abspielen\",\n\t\t\t\t\"brightness\" : \"70\",\n\t\t\t\t\"crop\" : {\"top\":\"90.37\",\"left\":\"39.93\"},\n\t\t\t\t\"background\" : true,\n\t\t\t\t\"scale\" : 2\t\t\t\t}\n\t\t\t<\/script>\n\n\t\t\t<div class=\"height-container\" style=\"padding-bottom:66.6796875%;\" v-if=\"sizes\">\n\t\t\t\t\t\t\t\t<lazy-media :inline=\"true\" :alt=\"alt\" :sizes=\"sizes\" :scale=\"scale\" :brightness=\"brightness\" :path=\"path\" :video=\"video\" :autoplay=\"autoplay\" :youtube=\"youtube\" :crop=\"crop\" :youtubelabel=\"youtubelabel\" :background=\"background\" media-id=\"desc_media_69ee129a97f9a\"><\/lazy-media>\n\t\t\t\t\t\t\t<\/div>\n\n\t\t\t\t\t\t\t<figcaption class=\"sr-only\" ref=\"body\" id=\"desc_media_69ee129a97f9a\">\n\t\t\t\t\t\t\t\t\t\t\t<div>Blick in das Foyer, November 2019.<\/div>\n\t\t\t\t\t\t\t\t\t\t\t\t\t\t\t\t\t\t\t\t\t<div class=\"insignificant\">\u00a9 Stiftung Humboldt Forum im Berliner Schloss \/ David von Becker<\/div>\n\t\t\t\t\t\t\t\t\t<\/figcaption>\n\t\t\t\t\t<\/figure>\n\t<\/lazy-media-inline>\n\t\t\t\t\t\t<\/div>\n\t\t\t\t\t\t<div class=\"teaser-content \">\n\t\t\t\t\t\t\t<div>\n\t\t\t\t\t\t\t\t\t\t\t\t\t\t\t\t<div class=\"teaser-header\"><span class=\"h3\">Bleiben Sie auf dem Laufenden!<\/span><\/div>\n\t\t\t\t\t\t\t\t<div class=\"teaser-subline\"><span class=\"font-decoration\">Abonnieren Sie unseren Newsletter.<\/span><\/div>\t\t\t\t\t\t\t\t<button tabindex=\"-1\" class=\"border\">Hier klicken<\/button>\n\t\t\t\t\t\t\t<\/div>\n\t\t\t\t\t\t<\/div>\n\t\t\t\t\t<\/a>\n\t\t\t\t<\/div>\n\t\t\t<\/div>\n\t\t<\/div>\n\t<\/div>\n<\/section>\n","protected":false},"template":"","genre":[393],"digital":[],"topic":[],"stakeholder":[382],"editorial":[],"editorialfilter":[],"targetgroup":[],"language":[384,385],"accessability":[],"age":[452],"school":[],"groupsize":[],"place":[1034],"class_list":["post-157394","event","type-event","status-publish","hentry","genre-konzert","stakeholder-stiftung-humboldt-forum-im-berliner-schloss","language-deutsch","language-englisch","age-0-99","place-werkraeume"],"acf":[],"_links":{"self":[{"href":"https:\/\/www.humboldtforum.org\/de\/wp-json\/wp\/v2\/event\/157394","targetHints":{"allow":["GET"]}}],"collection":[{"href":"https:\/\/www.humboldtforum.org\/de\/wp-json\/wp\/v2\/event"}],"about":[{"href":"https:\/\/www.humboldtforum.org\/de\/wp-json\/wp\/v2\/types\/event"}],"version-history":[{"count":4,"href":"https:\/\/www.humboldtforum.org\/de\/wp-json\/wp\/v2\/event\/157394\/revisions"}],"predecessor-version":[{"id":157398,"href":"https:\/\/www.humboldtforum.org\/de\/wp-json\/wp\/v2\/event\/157394\/revisions\/157398"}],"wp:attachment":[{"href":"https:\/\/www.humboldtforum.org\/de\/wp-json\/wp\/v2\/media?parent=157394"}],"wp:term":[{"taxonomy":"genre","embeddable":true,"href":"https:\/\/www.humboldtforum.org\/de\/wp-json\/wp\/v2\/genre?post=157394"},{"taxonomy":"digital","embeddable":true,"href":"https:\/\/www.humboldtforum.org\/de\/wp-json\/wp\/v2\/digital?post=157394"},{"taxonomy":"topic","embeddable":true,"href":"https:\/\/www.humboldtforum.org\/de\/wp-json\/wp\/v2\/topic?post=157394"},{"taxonomy":"stakeholder","embeddable":true,"href":"https:\/\/www.humboldtforum.org\/de\/wp-json\/wp\/v2\/stakeholder?post=157394"},{"taxonomy":"editorial","embeddable":true,"href":"https:\/\/www.humboldtforum.org\/de\/wp-json\/wp\/v2\/editorial?post=157394"},{"taxonomy":"editorialfilter","embeddable":true,"href":"https:\/\/www.humboldtforum.org\/de\/wp-json\/wp\/v2\/editorialfilter?post=157394"},{"taxonomy":"targetgroup","embeddable":true,"href":"https:\/\/www.humboldtforum.org\/de\/wp-json\/wp\/v2\/targetgroup?post=157394"},{"taxonomy":"language","embeddable":true,"href":"https:\/\/www.humboldtforum.org\/de\/wp-json\/wp\/v2\/language?post=157394"},{"taxonomy":"accessability","embeddable":true,"href":"https:\/\/www.humboldtforum.org\/de\/wp-json\/wp\/v2\/accessability?post=157394"},{"taxonomy":"age","embeddable":true,"href":"https:\/\/www.humboldtforum.org\/de\/wp-json\/wp\/v2\/age?post=157394"},{"taxonomy":"school","embeddable":true,"href":"https:\/\/www.humboldtforum.org\/de\/wp-json\/wp\/v2\/school?post=157394"},{"taxonomy":"groupsize","embeddable":true,"href":"https:\/\/www.humboldtforum.org\/de\/wp-json\/wp\/v2\/groupsize?post=157394"},{"taxonomy":"place","embeddable":true,"href":"https:\/\/www.humboldtforum.org\/de\/wp-json\/wp\/v2\/place?post=157394"}],"curies":[{"name":"wp","href":"https:\/\/api.w.org\/{rel}","templated":true}]}}