{"id":157402,"date":"2025-12-29T11:45:25","date_gmt":"2025-12-29T10:45:25","guid":{"rendered":"https:\/\/www.humboldtforum.org\/?post_type=event&#038;p=157402"},"modified":"2026-02-09T10:33:40","modified_gmt":"2026-02-09T09:33:40","slug":"desperado","status":"publish","type":"event","link":"https:\/\/www.humboldtforum.org\/de\/programm\/termin\/tanz\/desperado-157402\/","title":{"rendered":"Desperado"},"content":{"rendered":"<section class=\"block block-copy\" >\n    <div class=\"container-fluid\">\n\t\t<div class=\"row \">\n            <div class=\"col-xs-12 col-md-offset-2 col-md-8\">\n                <div class=\"box\">\n                    <div class=\"copy\"><p data-renderer-start-pos=\"3191\" data-local-id=\"14c5b5fa-dc7e-42dc-a3df-af010c313958\">Tanz, der mitten ins Herz trifft<\/p>\n<p data-renderer-start-pos=\"3225\" data-local-id=\"8e852193-1e0e-42a5-b7c8-9d2bfaa1314c\">Etwa 40 junge T\u00e4nzer*innen verwandeln das Foyer des Humboldt Forums in eine vibrierende B\u00fchne. Der innere Aufbruch, das Streben nach Gr\u00f6\u00dfe und Individualit\u00e4t stehen im Mittelpunkt dieser Performance. Gleichzeitig geht es um das Ringen mit Zweifeln und der Angst, allein zu stehen. Die T\u00e4nzer*innen machen all diese Spannungen sichtbar \u2013 mit kraftvoller Musik und einer Choreografie, die zwischen Selbstbehauptung und Verletzlichkeit schwingt.<\/p>\n<p data-renderer-start-pos=\"3669\" data-local-id=\"f3f9caa0-58f6-4dc1-b7e9-f1f52ee096ac\">Aus dem Spannungsfeld zwischen Individualit\u00e4t und Integration entsteht ein Sog, dem das Publikum sich kaum entziehen kann: Jede Bewegung wird zu einer individuellen Botschaft und zeigt die Pers\u00f6nlichkeit der einzelnen Performer*innen.<\/p>\n<p data-renderer-start-pos=\"3905\" data-local-id=\"76850c88-6d56-424b-8dce-bce3fe6acf81\">Der US-amerikanische Choreograf Nicholas Palmquist hat diese Tanz-Performance auf einen Song der Eagles eigens f\u00fcr das Humboldt Forum konzipiert und in einem kurzen Workshop erarbeitet. T\u00e4nzer*innen aus Deutschland und f\u00fcnf weiteren europ\u00e4ischen L\u00e4ndern treffen hier erstmals aufeinander, um gemeinsam ein eindrucksvolles Zeichen junger k\u00fcnstlerischer St\u00e4rke zu setzen \u2013 mutig, leidenschaftlich und voller Leben. \u201cDesperado\u201d entsteht im Rahmen des 10. Bundeswettbewerbs <a class=\"_ymio1r31 _ypr0glyw _zcxs1o36 _mizu1v1w _1ah3dkaa _ra3xnqa1 _128mdkaa _1cvmnqa1 _4davt94y _4bfu1r31 _1hms8stv _ajmmnqa1 _vchhusvi _kqswh2mm _syaz13af _ect41gqc _1a3b1r31 _4fpr8stv _5goinqa1 _f8pj13af _9oik1r31 _1bnxglyw _jf4cnqa1 _30l313af _1nrm1r31 _c2waglyw _1iohnqa1 _9h8h12zz _10531ra0 _1ien1ra0 _n0fx1ra0 _1vhv17z1\" title=\"https:\/\/www.ausbildungskonferenz-tanz.de\/de\/biennale-tanzausbildung\/\" href=\"https:\/\/biennale-tanzausbildung.de\/\" data-renderer-mark=\"true\">Biennale Tanzausbildung<\/a>, der in diesem Jahr von der <a href=\"https:\/\/sbuas.berlin\/start.html\" target=\"_blank\" rel=\"noopener\">Staatlichen Ballett- und Artistikschule Berlin<\/a> ausgerichtet wird.<\/p>\n<p data-renderer-start-pos=\"3905\" data-local-id=\"76850c88-6d56-424b-8dce-bce3fe6acf81\">Hinweis: Die Auff\u00fchrungen dauern jeweils ca. 5 Minuten und lassen sich auch von der Galerie im 1. OG verfolgen.<\/p>\n<\/div>\n                <\/div>\n            <\/div>\n\t\t<\/div>\n\t\t    <\/div>\n<\/section>\n\n<section class=\"block block-headline block-no-margin \" >\n\t<div class=\"container-fluid\">\n\t\t<div class=\"row\">\n\t\t\t\t\t\t\t<div class=\"col-xs-12 col-md-offset-2 col-md-8\">\n\t\t\t\t\t<div class=\"box\">\n\t\t\t\t\t\t<h2 class=\".h2\">Beteiligte<\/h2>\n\t\t\t\t\t<\/div>\n\t\t\t\t<\/div>\n\t\t\t\t\t<\/div>\n\t<\/div>\n<\/section>\n\n\n\n\n\n<section class=\"block block-accordion\">\n\t<div class=\"container-fluid\">\n\t\t<div class=\"row\">\n\t\t\t<div class=\"col-xs-12 col-md-offset-2 col-md-8\">\n\t\t\t\t<div class=\"box\">\n\t\t\t\t\t\t\t\t\t\t\t<block-accordion inline-template>\n\t\t\t\t\t\t\t<div class=\"accordion\">\n\t\t\t\t\t\t\t\t\t\t\t\t\t\t\t<block-accordion-item inline-template item-headline=\"Nicholas Palmquist, Choreograph\">\n\t\t\t\t\t\t\t\t<div ref=\"item\" data-id=\"NicholasPalmquistChoreograph\" class=\"block-accordion-item active vue-initialize\" aria-expanded=\"true\" :aria-expanded=\"active ? 'true' : 'false'\">\n\t\t\t\t\t\t\t\t\t<button class=\"accordion-button-with-icon block-accordion-item-head\" :class=\"{'button-active': active}\" ref=\"head\" aria-controls=\"acc_69f4c677999d1\" id=\"acc_title_69f4c677999d5\" @click=\"toggle\" @keydown=\"key\">\n\t\t\t\t\t\t\t\t\t<div><span class=\"button-label\">Nicholas Palmquist, Choreograph<\/span><\/div><span class=\"button-icon icon-plus\" aria-hidden=\"true\"><\/span>\n\t\t\t\t\t\t\t\t<\/button>\n\t\t\t\t\t\t\t\t\t<div ref=\"body\" class=\"block-accordion-item-content\" id=\"acc_69f4c677999d1\" role=\"region\">\n\t\t\t\t\t\t\t\t\t\t<div class=\"wrapper copy\">\n\t\t\t\t\t\t\t\t\t\t\t<p data-renderer-start-pos=\"5824\" data-local-id=\"d1e9e30a-4997-45e0-a8da-3dcf4a66de39\">Nicholas Palmquist ist ein international anerkannter Lehrer und Choreograf. Als freiberuflicher T\u00e4nzer in New York City umfasst seine Arbeit Filme wie\u00a0<em data-renderer-mark=\"true\">In the Heights,<\/em>\u00a0<em data-renderer-mark=\"true\">SNL<\/em>,\u00a0<em data-renderer-mark=\"true\">The Tonight Show<\/em>\u00a0und Netflix-Serien sowie Live-Shows mit der American Dance Machine, den Tony Awards und den Radio City Rockettes.<\/p>\n<p data-renderer-start-pos=\"6129\" data-local-id=\"26bdf1e6-224f-4396-8034-66d41f4f7de1\">Er wurde in Vogue, Dance Magazine, Pointe, Numero China und Marken wie Kenzo, Nordstrom, Zalando vorgestellt. Nicholas gab Meisterkurse bei Juilliard, ABT, dem Mozarteum Salzburg und Orsolina 28. Bekannt f\u00fcr seinen genre\u00fcbergreifenden Stil, unterrichtet er weltweit \u2013 in Italien, Frankreich, Japan, Brasilien und anderen L\u00e4ndern. Er schuf Werke mit dem Semperoper Ballett, dem Ballett x Schwerin\u00a0und der Palucca Hochschule und unterrichtete am Staatsballett Berlin.<\/p>\n\n\t\t\t\t\t\t\t\t\t\t\t\t\t\t\t\t\t\t\t\t\t\t\t\t\t\t\t\t\t\t\t\t\t\n\t\t\t\t\t\t\t\t\t\t\t<div class=\"row\">\n\t\t\t\t\t\t\t\t\t\t\t\t<div class=\"col-xs-9 col-md-9\">\n\t\t\t\t\t\t\t\t\t\t\t\t\t<div class=\"box\">\n\t\t\t\t\t\t\t\t\t\t\t\t\t\t\t\t\t\t\t\t\t\t\t\t\t\t\t<\/div>\n\t\t\t\t\t\t\t\t\t\t\t\t<\/div>\n\t\t\t\t\t\t\t\t\t\t\t<\/div>\n\n\t\t\t\t\t\t\t\t\t\t\t\t\t\t\t\t\t\t\t\t\t<\/div>\n\t\t\t\t\t\t\t\t\t<\/div>\n\t\t\t\t\t\t\t\t<\/div>\n\t\t\t\t\t\t\t\t<\/block-accordion-item>\n\t\t\t\t\t\t\t\t\t\t\t\t\t\t<block-accordion-item inline-template item-headline=\"Schulen\">\n\t\t\t\t\t\t\t\t<div ref=\"item\" data-id=\"Schulen\" class=\"block-accordion-item vue-initialize\" aria-expanded=\"false\" :aria-expanded=\"active ? 'true' : 'false'\">\n\t\t\t\t\t\t\t\t\t<button class=\"accordion-button-with-icon block-accordion-item-head\" :class=\"{'button-active': active}\" ref=\"head\" aria-controls=\"acc_69f4c67799da0\" id=\"acc_title_69f4c67799da2\" @click=\"toggle\" @keydown=\"key\">\n\t\t\t\t\t\t\t\t\t<div><span class=\"button-label\">Schulen<\/span><\/div><span class=\"button-icon icon-plus\" aria-hidden=\"true\"><\/span>\n\t\t\t\t\t\t\t\t<\/button>\n\t\t\t\t\t\t\t\t\t<div ref=\"body\" class=\"block-accordion-item-content\" id=\"acc_69f4c67799da0\" role=\"region\">\n\t\t\t\t\t\t\t\t\t\t<div class=\"wrapper copy\">\n\t\t\t\t\t\t\t\t\t\t\t<p class=\"x_MsoNormal\" data-olk-copy-source=\"MessageBody\">\u00b7\u00a0 Acad\u00e9mie Princesse Grace Monaco<\/p>\n<p class=\"x_MsoNormal\">\u00b7\u00a0 \u00c9cole sup\u00e9rieure de danse de Cannes Rosella Hightower<\/p>\n<p class=\"x_MsoNormal\">\u00b7\u00a0 Folkwang Universit\u00e4t der K\u00fcnste Essen<\/p>\n<p class=\"x_MsoNormal\">\u00b7\u00a0 Hochschule f\u00fcr Musik und Darstellende Kunst Frankfurt am Main<\/p>\n<p class=\"x_MsoNormal\">\u00b7\u00a0 Hochschule f\u00fcr Musik und Tanz K\u00f6ln \u2013 Zentrum f\u00fcr Zeitgen\u00f6ssischen Tanz<\/p>\n<p class=\"x_MsoNormal\">\u00b7\u00a0 Hochschule f\u00fcr Musik und Theater M\u00fcnchen \u2013 Ballett-Akademie<\/p>\n<p class=\"x_MsoNormal\">\u00b7\u00a0 Hochschul\u00fcbergreifendes Zentrum Tanz Berlin (HZT)<\/p>\n<p class=\"x_MsoNormal\">\u00b7\u00a0 Palucca Hochschule f\u00fcr Tanz Dresden<\/p>\n<p class=\"x_MsoNormal\">\u00b7\u00a0 Rambert School of Ballet and Contemporary Dance London<\/p>\n<p class=\"x_MsoNormal\">\u00b7\u00a0 Staatliche Ballettschule Berlin<\/p>\n<p class=\"x_MsoNormal\">\u00b7\u00a0 Staatliche Hochschule f\u00fcr Musik und Darstellende Kunst Mannheim \/ Akademie des Tanzes<\/p>\n<p class=\"x_MsoNormal\">\u00b7\u00a0 The Royal Ballet School London<\/p>\n<p class=\"x_MsoNormal\">\u00b7\u00a0 The Royal Danish Ballet School Copenhagen<\/p>\n\n\t\t\t\t\t\t\t\t\t\t\t\t\t\t\t\t\t\t\t\t\t\t\t\t\t\t\t\t\t\t\t\t\t\n\t\t\t\t\t\t\t\t\t\t\t<div class=\"row\">\n\t\t\t\t\t\t\t\t\t\t\t\t<div class=\"col-xs-9 col-md-9\">\n\t\t\t\t\t\t\t\t\t\t\t\t\t<div class=\"box\">\n\t\t\t\t\t\t\t\t\t\t\t\t\t\t\t\t\t\t\t\t\t\t\t\t\t\t\t<\/div>\n\t\t\t\t\t\t\t\t\t\t\t\t<\/div>\n\t\t\t\t\t\t\t\t\t\t\t<\/div>\n\n\t\t\t\t\t\t\t\t\t\t\t\t\t\t\t\t\t\t\t\t\t<\/div>\n\t\t\t\t\t\t\t\t\t<\/div>\n\t\t\t\t\t\t\t\t<\/div>\n\t\t\t\t\t\t\t\t<\/block-accordion-item>\n\t\t\t\t\t\t\t\t\t\t\t\t\t\t<block-accordion-item inline-template item-headline=\"T\u00e4nzer*innen\">\n\t\t\t\t\t\t\t\t<div ref=\"item\" data-id=\"Tnzerinnen\" class=\"block-accordion-item vue-initialize\" aria-expanded=\"false\" :aria-expanded=\"active ? 'true' : 'false'\">\n\t\t\t\t\t\t\t\t\t<button class=\"accordion-button-with-icon block-accordion-item-head\" :class=\"{'button-active': active}\" ref=\"head\" aria-controls=\"acc_69f4c6779a0fa\" id=\"acc_title_69f4c6779a0fb\" @click=\"toggle\" @keydown=\"key\">\n\t\t\t\t\t\t\t\t\t<div><span class=\"button-label\">T\u00e4nzer*innen<\/span><\/div><span class=\"button-icon icon-plus\" aria-hidden=\"true\"><\/span>\n\t\t\t\t\t\t\t\t<\/button>\n\t\t\t\t\t\t\t\t\t<div ref=\"body\" class=\"block-accordion-item-content\" id=\"acc_69f4c6779a0fa\" role=\"region\">\n\t\t\t\t\t\t\t\t\t\t<div class=\"wrapper copy\">\n\t\t\t\t\t\t\t\t\t\t\t<p>Diego Aparicio Goz\u00e1<br \/>\nMar\u00eda Arenas Romero<br \/>\nEmilie Aschmann<br \/>\nMohamed\tAssem Abdou<br \/>\nAlica Raphaela B\u00e4hr<br \/>\nSara Bartolli<br \/>\nSophia Beier<br \/>\nValeria Bobke<br \/>\nSappho Bogataj<br \/>\nClara B\u00f6hm<br \/>\nAlba Johanna Boixad\u00f3s Meinhard<br \/>\nBlandine\tBonnin<br \/>\nPaula\tB\u00f6ttger<br \/>\nJoy\tBrueren<br \/>\nMatilda\tCantoni<br \/>\nPaula\tCastelli<br \/>\nOlesia\tChyzh<br \/>\nFrancesco\tCorsi<br \/>\nLe-hiep Mia\tDe Almeida<br \/>\nLavinia\tDe Gaetano<br \/>\nJule\tDenzin<br \/>\nEvelien\tEkers<br \/>\nHarrison\tFletcher<br \/>\nYuriko\tFujioka<br \/>\nJiaqi\tGao<br \/>\nNiels\tGradelet<br \/>\nMaria\tHeinrich<br \/>\nNatalia\tHiguita Velasquez<br \/>\nYane Marlene\tHobin<br \/>\nSvenja\tHoffeller<br \/>\nSmila Vita\tHoppe<br \/>\nWakana\tIida<br \/>\nSastre Ignacio\tIll\u00e1n<br \/>\nEla\tKaner<br \/>\nEmilie Mai \tKargaard Svendsen<br \/>\nDiana\tKarpekova<br \/>\nMiJung\tKim<br \/>\nHenri\tKlein<br \/>\nTer\u0113ze\tKlein<br \/>\nNadine\tKribbe<br \/>\nLib\u00f3rio Ana\tLib\u00f3rio<br \/>\nKarol \tMancusi<br \/>\nMattia\tMerlanti<br \/>\nLaura\tMill\u00e1n Bodn\u00e1r<br \/>\n J\u00falia \tMontedeoca Queralt<br \/>\nKanna\tMori<br \/>\nNaia\tNieto Villanueva<br \/>\nNils\tNils<br \/>\nYuko\tOba<br \/>\nVittoria \tPennacchini<br \/>\nAnastasiia\tPilo<br \/>\nSofia\tPinho<br \/>\nErnesto\tPolack Young<br \/>\nAna\tPrevoznik<br \/>\nSofija\tRadovanovic<br \/>\nMichela\tRanghiero<br \/>\nNoah\tRees<br \/>\nHarry\tRiedel<br \/>\nFreya Mathilda Joergensen\tRodgers<br \/>\nLena\tR\u00f6thlisberger<br \/>\nOriel\tSantoso<br \/>\nGiorgia\tSassone<br \/>\nArroyo Samuel \tSchepers<br \/>\nJona Bo \tSchlotbohm<br \/>\nLuca\tSch\u00fcssler<br \/>\nSvitlana\tShuhailo<br \/>\nAnna\t\u0160im\u016fnkov\u00e1<br \/>\nElias\tStefanescu<br \/>\nTom \tStratz<br \/>\nSae\tTakeuchi<br \/>\nPetra\tTettamanti<br \/>\nMariia\tTolubenko<br \/>\nRoy\tTsukada<br \/>\nBence\tUngvari<br \/>\nLeda\tWa\u00dfong<br \/>\nKonstantin \tWloch<br \/>\nWai Kin \tWong<br \/>\nToranosuke \tYamaguchi<br \/>\nYeowon\tYoon<br \/>\nAnton\u00edn\tZdr\u00e1hal <\/p>\n\n\t\t\t\t\t\t\t\t\t\t\t\t\t\t\t\t\t\t\t\t\t\t\t\t\t\t\t\t\t\t\t\t\t\n\t\t\t\t\t\t\t\t\t\t\t<div class=\"row\">\n\t\t\t\t\t\t\t\t\t\t\t\t<div class=\"col-xs-9 col-md-9\">\n\t\t\t\t\t\t\t\t\t\t\t\t\t<div class=\"box\">\n\t\t\t\t\t\t\t\t\t\t\t\t\t\t\t\t\t\t\t\t\t\t\t\t\t\t\t<\/div>\n\t\t\t\t\t\t\t\t\t\t\t\t<\/div>\n\t\t\t\t\t\t\t\t\t\t\t<\/div>\n\n\t\t\t\t\t\t\t\t\t\t\t\t\t\t\t\t\t\t\t\t\t<\/div>\n\t\t\t\t\t\t\t\t\t<\/div>\n\t\t\t\t\t\t\t\t<\/div>\n\t\t\t\t\t\t\t\t<\/block-accordion-item>\n\t\t\t\t\t\t\t\t\t\t\t\t\t<\/div>\n\t\t\t\t\t\t<\/block-accordion>\n\t\t\t\t\t\t\t\t\t<\/div>\n\t\t\t<\/div>\n\t\t<\/div>\n\t<\/div>\n<\/section>\n\n\n<section class=\"block block-headline block-no-margin \" >\n\t<div class=\"container-fluid\">\n\t\t<div class=\"row\">\n\t\t\t\t\t\t\t<div class=\"col-xs-12 col-md-offset-2 col-md-8\">\n\t\t\t\t\t<div class=\"box\">\n\t\t\t\t\t\t<h2 class=\".h2\">Partner<\/h2>\n\t\t\t\t\t<\/div>\n\t\t\t\t<\/div>\n\t\t\t\t\t<\/div>\n\t<\/div>\n<\/section>\n\n\n\n\n<section class=\"block block-logos\" >\n    <div class=\"container-fluid\">\n\t\t<div class=\"row\">\n\t\t\t<div class=\"col-xs-12 col-sm-8 col-sm-offset-2\">\n\t\t\t\t<div class=\"box\">\n\t\t\t\t\t<div class=\"row  middle-xs\">\n\t\t\t\t\t\t\n\t\t\t\t\t\t<div class=\"col-xs-4 col-sm-3 col-sm-2\">\n\t\t\t\t\t\t\t<div class=\"box margin-sixth-top\">\n\t\t\t\t\t\t\t\t<img decoding=\"async\" alt=\"Biennale Tanzausbildung\" src=\"https:\/\/www.humboldtforum.org\/wp-content\/uploads\/2025\/12\/Logo_Biennale_Berlin_RGB.jpg\" style=\"display: inline-block; width: 100%\" \/>\n\t\t\t\t\t\t\t<\/div>\n\t\t\t\t\t\t<\/div>\n\t\t\t\t\t\t\t\t\t\t\t<\/div>\n\t\t\t\t<\/div>\n\t\t\t<\/div>\n        <\/div>\n    <\/div>\n<\/section>\n\n\n<section class=\"block block-CTA block-CTA-long leftgradient\">\n\t<div class=\"container-fluid\">\n\t\t<div class=\"row center-xs\">\n\t\t\t<div class=\"col-xs-12\">\n\t\t\t\t<div class=\"box\">\n\t\t\t\t\t<a href=\"https:\/\/www.humboldtforum.org\/de\/newsletter-2\/\" aria-label=\"Bleiben Sie auf dem Laufenden!\" class=\"teaser teaser-cta-wide \">\n\t\t\t\t\t\t<div class=\"teaser-image\">\n\t\t\t\t\t\t\t\n\t<lazy-media-inline inline-template>\n\t\t<figure itemscope itemtype=\"http:\/\/schema.org\/ImageObject\" class=\"lazy-media-inline \" role=\"group\" id=\"media_69f4c6779d9f5\" aria-labelledby=\"desc_media_69f4c6779d9f5\">\n\t\t\t<script type=\"application\/json\" ref=\"data\">\n\t\t\t\t{\n\t\t\t\t\"sizes\" : {\"medium\":{\"file\":\"HF_eb00061823-scaled-300x200.jpg\",\"width\":300,\"height\":200,\"mime-type\":\"image\\\/jpeg\",\"filesize\":19186},\"large\":{\"file\":\"HF_eb00061823-scaled-1024x683.jpg\",\"width\":1024,\"height\":683,\"mime-type\":\"image\\\/jpeg\",\"filesize\":138597},\"thumbnail\":{\"file\":\"HF_eb00061823-scaled-150x150.jpg\",\"width\":150,\"height\":150,\"mime-type\":\"image\\\/jpeg\",\"filesize\":8513},\"medium_large\":{\"file\":\"HF_eb00061823-scaled-768x512.jpg\",\"width\":768,\"height\":512,\"mime-type\":\"image\\\/jpeg\",\"filesize\":86200},\"small\":{\"file\":\"HF_eb00061823-scaled-440x293.jpg\",\"width\":440,\"height\":293,\"mime-type\":\"image\\\/jpeg\",\"filesize\":35525},\"semi\":{\"file\":\"HF_eb00061823-scaled-580x387.jpg\",\"width\":580,\"height\":387,\"mime-type\":\"image\\\/jpeg\",\"filesize\":55724},\"mobile\":{\"file\":\"HF_eb00061823-scaled-720x480.jpg\",\"width\":720,\"height\":480,\"mime-type\":\"image\\\/jpeg\",\"filesize\":77971},\"hd\":{\"file\":\"HF_eb00061823-scaled-1280x854.jpg\",\"width\":1280,\"height\":854,\"mime-type\":\"image\\\/jpeg\",\"filesize\":202477},\"full\":{\"file\":\"HF_eb00061823-scaled-1920x1280.jpg\",\"width\":1920,\"height\":1280,\"mime-type\":\"image\\\/jpeg\",\"filesize\":386736},\"1536x1536\":{\"file\":\"HF_eb00061823-scaled-1536x1024.jpg\",\"width\":1536,\"height\":1024,\"mime-type\":\"image\\\/jpeg\",\"filesize\":266197},\"2048x2048\":{\"file\":\"HF_eb00061823-scaled-2048x1366.jpg\",\"width\":2048,\"height\":1366,\"mime-type\":\"image\\\/jpeg\",\"filesize\":430206},\"original\":{\"file\":\"HF_eb00061823-scaled.jpg\",\"width\":2560,\"height\":1707}},\n\t\t\t\t\"alt\" : \"Blick in das beleuchtete Foyer von der Galerie im ersten Stock mit Besuchenden, Infopoint und Medienturm\",\n\t\t\t\t\"path\" : \"\\\/wp-content\\\/uploads\\\/2020\\\/04\\\/\",\n\t\t\t\t\"video\" : null,\n\t\t\t\t\"autoplay\" : null,\n\t\t\t\t\"youtube\" : null,\n\t\t\t\t\"youtubelabel\" : \"Video abspielen\",\n\t\t\t\t\"brightness\" : \"70\",\n\t\t\t\t\"crop\" : {\"top\":\"90.37\",\"left\":\"39.93\"},\n\t\t\t\t\"background\" : true,\n\t\t\t\t\"scale\" : 2\t\t\t\t}\n\t\t\t<\/script>\n\n\t\t\t<div class=\"height-container\" style=\"padding-bottom:66.6796875%;\" v-if=\"sizes\">\n\t\t\t\t\t\t\t\t<lazy-media :inline=\"true\" :alt=\"alt\" :sizes=\"sizes\" :scale=\"scale\" :brightness=\"brightness\" :path=\"path\" :video=\"video\" :autoplay=\"autoplay\" :youtube=\"youtube\" :crop=\"crop\" :youtubelabel=\"youtubelabel\" :background=\"background\" media-id=\"desc_media_69f4c6779d9f5\"><\/lazy-media>\n\t\t\t\t\t\t\t<\/div>\n\n\t\t\t\t\t\t\t<figcaption class=\"sr-only\" ref=\"body\" id=\"desc_media_69f4c6779d9f5\">\n\t\t\t\t\t\t\t\t\t\t\t<div>Blick in das Foyer, November 2019.<\/div>\n\t\t\t\t\t\t\t\t\t\t\t\t\t\t\t\t\t\t\t\t\t<div class=\"insignificant\">\u00a9 Stiftung Humboldt Forum im Berliner Schloss \/ David von Becker<\/div>\n\t\t\t\t\t\t\t\t\t<\/figcaption>\n\t\t\t\t\t<\/figure>\n\t<\/lazy-media-inline>\n\t\t\t\t\t\t<\/div>\n\t\t\t\t\t\t<div class=\"teaser-content \">\n\t\t\t\t\t\t\t<div>\n\t\t\t\t\t\t\t\t\t\t\t\t\t\t\t\t<div class=\"teaser-header\"><span class=\"h3\">Bleiben Sie auf dem Laufenden!<\/span><\/div>\n\t\t\t\t\t\t\t\t<div class=\"teaser-subline\"><span class=\"font-decoration\">Abonnieren Sie unseren Newsletter.<\/span><\/div>\t\t\t\t\t\t\t\t<button tabindex=\"-1\" class=\"border\">Hier klicken<\/button>\n\t\t\t\t\t\t\t<\/div>\n\t\t\t\t\t\t<\/div>\n\t\t\t\t\t<\/a>\n\t\t\t\t<\/div>\n\t\t\t<\/div>\n\t\t<\/div>\n\t<\/div>\n<\/section>\n","protected":false},"template":"","genre":[523],"digital":[],"topic":[],"stakeholder":[382],"editorial":[],"editorialfilter":[],"targetgroup":[],"language":[422],"accessability":[],"age":[452],"school":[],"groupsize":[],"place":[475,957],"class_list":["post-157402","event","type-event","status-publish","hentry","genre-tanz","stakeholder-stiftung-humboldt-forum-im-berliner-schloss","language-keine-sprachkenntnisse-erforderlich","age-0-99","place-eg-humboldt-forum","place-foyer"],"acf":[],"_links":{"self":[{"href":"https:\/\/www.humboldtforum.org\/de\/wp-json\/wp\/v2\/event\/157402","targetHints":{"allow":["GET"]}}],"collection":[{"href":"https:\/\/www.humboldtforum.org\/de\/wp-json\/wp\/v2\/event"}],"about":[{"href":"https:\/\/www.humboldtforum.org\/de\/wp-json\/wp\/v2\/types\/event"}],"version-history":[{"count":12,"href":"https:\/\/www.humboldtforum.org\/de\/wp-json\/wp\/v2\/event\/157402\/revisions"}],"predecessor-version":[{"id":159131,"href":"https:\/\/www.humboldtforum.org\/de\/wp-json\/wp\/v2\/event\/157402\/revisions\/159131"}],"wp:attachment":[{"href":"https:\/\/www.humboldtforum.org\/de\/wp-json\/wp\/v2\/media?parent=157402"}],"wp:term":[{"taxonomy":"genre","embeddable":true,"href":"https:\/\/www.humboldtforum.org\/de\/wp-json\/wp\/v2\/genre?post=157402"},{"taxonomy":"digital","embeddable":true,"href":"https:\/\/www.humboldtforum.org\/de\/wp-json\/wp\/v2\/digital?post=157402"},{"taxonomy":"topic","embeddable":true,"href":"https:\/\/www.humboldtforum.org\/de\/wp-json\/wp\/v2\/topic?post=157402"},{"taxonomy":"stakeholder","embeddable":true,"href":"https:\/\/www.humboldtforum.org\/de\/wp-json\/wp\/v2\/stakeholder?post=157402"},{"taxonomy":"editorial","embeddable":true,"href":"https:\/\/www.humboldtforum.org\/de\/wp-json\/wp\/v2\/editorial?post=157402"},{"taxonomy":"editorialfilter","embeddable":true,"href":"https:\/\/www.humboldtforum.org\/de\/wp-json\/wp\/v2\/editorialfilter?post=157402"},{"taxonomy":"targetgroup","embeddable":true,"href":"https:\/\/www.humboldtforum.org\/de\/wp-json\/wp\/v2\/targetgroup?post=157402"},{"taxonomy":"language","embeddable":true,"href":"https:\/\/www.humboldtforum.org\/de\/wp-json\/wp\/v2\/language?post=157402"},{"taxonomy":"accessability","embeddable":true,"href":"https:\/\/www.humboldtforum.org\/de\/wp-json\/wp\/v2\/accessability?post=157402"},{"taxonomy":"age","embeddable":true,"href":"https:\/\/www.humboldtforum.org\/de\/wp-json\/wp\/v2\/age?post=157402"},{"taxonomy":"school","embeddable":true,"href":"https:\/\/www.humboldtforum.org\/de\/wp-json\/wp\/v2\/school?post=157402"},{"taxonomy":"groupsize","embeddable":true,"href":"https:\/\/www.humboldtforum.org\/de\/wp-json\/wp\/v2\/groupsize?post=157402"},{"taxonomy":"place","embeddable":true,"href":"https:\/\/www.humboldtforum.org\/de\/wp-json\/wp\/v2\/place?post=157402"}],"curies":[{"name":"wp","href":"https:\/\/api.w.org\/{rel}","templated":true}]}}