{"id":158848,"date":"2026-02-02T17:09:09","date_gmt":"2026-02-02T16:09:09","guid":{"rendered":"https:\/\/www.humboldtforum.org\/?post_type=event&#038;p=158848"},"modified":"2026-03-04T10:01:29","modified_gmt":"2026-03-04T09:01:29","slug":"zupacken-und-loslassen","status":"publish","type":"event","link":"https:\/\/www.humboldtforum.org\/de\/programm\/termin\/konzert\/zupacken-und-loslassen-158848\/","title":{"rendered":"Zupacken und Loslassen"},"content":{"rendered":"<section class=\"block block-copy\" >\n    <div class=\"container-fluid\">\n\t\t<div class=\"row \">\n            <div class=\"col-xs-12 col-md-offset-2 col-md-8\">\n                <div class=\"box\">\n                    <div class=\"copy\"><p data-renderer-start-pos=\"3460\" data-local-id=\"407dee32-0cac-4ad0-881e-7822f22d432d\">Maurice Ravel (1875 \u2013 1937)<\/p>\n<p data-renderer-start-pos=\"3489\" data-local-id=\"a656c2d4-3893-40e2-9547-4b7a1dd5f216\">Streichquartett F-Dur<\/p>\n<p data-renderer-start-pos=\"3512\" data-local-id=\"1a8ba97f-8297-401c-a489-4efe6d55a31b\"><em data-renderer-mark=\"true\">1. Allegro moderato. Tr\u00e8s doux<\/em><\/p>\n<p data-renderer-start-pos=\"3544\" data-local-id=\"96bac626-fa5c-49da-a73d-0892b25ad2c7\"><em data-renderer-mark=\"true\">2. Assez vif. Tr\u00e8s rythm\u00e9<\/em><\/p>\n<p data-renderer-start-pos=\"3571\" data-local-id=\"b0b50bfc-86d6-46bb-9e81-7708963426b0\"><em data-renderer-mark=\"true\">3. Tr\u00e8s lent<\/em><\/p>\n<p data-renderer-start-pos=\"3585\" data-local-id=\"e92b7f5d-3671-4b49-93dc-56d6a5966086\"><em data-renderer-mark=\"true\">4. Vif et agit\u00e9<\/em><\/p>\n<p data-renderer-start-pos=\"3602\" data-local-id=\"2fcb03de-4b52-4edc-b2bf-4d7fa6ac6cac\">\n<p data-renderer-start-pos=\"3604\" data-local-id=\"d8afcff7-1499-47ce-9fb1-ae7c012cee82\">Das meisterliche Streichquartett von Maurice Ravel, uraufgef\u00fchrt am 5. M\u00e4rz 1904, wird heute wegen des Leuchtens seiner musikalischen Geistesblitze den genialen Kammermusikwerken des jungen Mendelssohn zur Seite gestellt. Alle vier Instrumente sind an der klanglich raffinierten, spielerischen Suche um Leichtigkeit in der Intensit\u00e4t, um elegante Behutsamkeit trotz aller atmosph\u00e4rischen Dichte beteiligt. Ohne je grob zu werden, verr\u00e4t die in der franz\u00f6sischen Musik h\u00e4ufige Vortragsbezeichnung \u201eanim\u00e9\u201c (lebhaft) gerade bei Ravel gelegentlich ihre N\u00e4he zum Animalischen, zum lustvollen Tier im Menschen.<\/p>\n<p data-renderer-start-pos=\"4210\" data-local-id=\"320c4731-964e-44c2-8a34-b62374b73d52\">Der Sohn eines schweizerischen Eisenbahningenieurs und einer Katalanin erinnert nachdr\u00fccklich an die Musik jenseits der Pyren\u00e4en \u2013 aus franz\u00f6sischer Sicht. In untergr\u00fcndigem Glimmen und verhaltenem Feuer, wie es der spanischen Musik oft eigen ist, gehen instrumentaler Gesang und Rhythmus eine frappierende Verbindung ein. Im Finale sind schnelle Reflexe gefragt, sowohl bei den Ausf\u00fchrenden als auch bei den Zuh\u00f6renden. Auch wenn sie oft mit impressionistischen Aquarellen verglichen wird \u2013 mit Verschwommenheit hat diese Musik nichts zu tun.<\/p>\n<\/div>\n                <\/div>\n            <\/div>\n\t\t<\/div>\n\t\t    <\/div>\n<\/section>\n\n<section class=\"block block-headline block-no-margin \" >\n\t<div class=\"container-fluid\">\n\t\t<div class=\"row\">\n\t\t\t\t\t\t\t<div class=\"col-xs-12 col-md-offset-2 col-md-8\">\n\t\t\t\t\t<div class=\"box\">\n\t\t\t\t\t\t<h2 class=\".h2\">Beteiligte<\/h2>\n\t\t\t\t\t<\/div>\n\t\t\t\t<\/div>\n\t\t\t\t\t<\/div>\n\t<\/div>\n<\/section>\n\n\n\n\n\n<section class=\"block block-accordion\">\n\t<div class=\"container-fluid\">\n\t\t<div class=\"row\">\n\t\t\t<div class=\"col-xs-12 col-md-offset-2 col-md-8\">\n\t\t\t\t<div class=\"box\">\n\t\t\t\t\t\t\t\t\t\t\t<block-accordion inline-template>\n\t\t\t\t\t\t\t<div class=\"accordion\">\n\t\t\t\t\t\t\t\t\t\t\t\t\t\t\t<block-accordion-item inline-template item-headline=\"Hans-Jakob Eschenburg, Violoncello\">\n\t\t\t\t\t\t\t\t<div ref=\"item\" data-id=\"Hans-JakobEschenburgVioloncello\" class=\"block-accordion-item vue-initialize\" aria-expanded=\"false\" :aria-expanded=\"active ? 'true' : 'false'\">\n\t\t\t\t\t\t\t\t\t<button class=\"accordion-button-with-icon block-accordion-item-head\" :class=\"{'button-active': active}\" ref=\"head\" aria-controls=\"acc_69ee0cfec6562\" id=\"acc_title_69ee0cfec6566\" @click=\"toggle\" @keydown=\"key\">\n\t\t\t\t\t\t\t\t\t<div><span class=\"button-label\">Hans-Jakob Eschenburg, Violoncello<\/span><\/div><span class=\"button-icon icon-plus\" aria-hidden=\"true\"><\/span>\n\t\t\t\t\t\t\t\t<\/button>\n\t\t\t\t\t\t\t\t\t<div ref=\"body\" class=\"block-accordion-item-content\" id=\"acc_69ee0cfec6562\" role=\"region\">\n\t\t\t\t\t\t\t\t\t\t<div class=\"wrapper copy\">\n\t\t\t\t\t\t\t\t\t\t\t<p data-renderer-start-pos=\"6526\" data-local-id=\"9c635135-428f-4c23-acf0-7a8420aaba4e\">Hans-Jakob Eschenburg erhielt ersten Violoncellounterricht am Konservatorium Rostock. Nach dem Studium bei Josef Schwab an der Hochschule f\u00fcr Musik \u201eHanns Eisler\u201c Berlin war er von 1984 bis 1988 Erster Solocellist des Rundfunk-Sinfonieorchesters Leipzig.<\/p>\n<p data-renderer-start-pos=\"6782\" data-local-id=\"ca21e1be-455a-450c-b7b1-330f820effdc\">Mit dem renommierten Petersen-Quartett, dessen Gr\u00fcndungsmitglied er war und dem er bis zum Jahr 2000 angeh\u00f6rte, gewann er mehrere internationale Wettbewerbe (Prag, Evian, Florenz, M\u00fcnchen) und gastierte auf den gro\u00dfen Konzertpodien und bei zahlreichen Festivals in Europa, Nord- und S\u00fcdamerika, Asien und Australien. Mehrere der zahlreichen CD-Aufnahmen des Petersen-Quartetts wurden mit internationalen Preisen ausgezeichnet.<\/p>\n<p data-renderer-start-pos=\"7210\" data-local-id=\"2279ba83-3b78-4fe7-9b0b-23276c34a3ff\">Seit 1999 ist Hans-Jakob Eschenburg Erster Solocellist des Rundfunk-Sinfonieorchesters Berlin. Die gleiche Position hatte er im Kammerorchester \u201eCarl Philipp Emanuel Bach\u201c inne. Er tritt immer wieder als Solist und Kammermusiker in Erscheinung, u.a. als Mitglied verschiedener Kammermusikensembles wie dem Gideon-Klein-Trio. Hans-Jakob Eschenburg lehrt im Rahmen einer Honorar-Professur an der Hochschule f\u00fcr Musik \u201eHanns Eisler\u201c Berlin. Auch engagiert er sich als Mentor der Orchesterakademie des Rundfunk-Sinfonieorchesters Berlin.<\/p>\n\n\t\t\t\t\t\t\t\t\t\t\t\t\t\t\t\t\t\t\t\t\t\t\t\t\t\t\t\t\t\t\t\t\t\n\t\t\t\t\t\t\t\t\t\t\t<div class=\"row\">\n\t\t\t\t\t\t\t\t\t\t\t\t<div class=\"col-xs-9 col-md-9\">\n\t\t\t\t\t\t\t\t\t\t\t\t\t<div class=\"box\">\n\t\t\t\t\t\t\t\t\t\t\t\t\t\t\t\t\t\t\t\t\t\t\t\t\t\t\t<\/div>\n\t\t\t\t\t\t\t\t\t\t\t\t<\/div>\n\t\t\t\t\t\t\t\t\t\t\t<\/div>\n\n\t\t\t\t\t\t\t\t\t\t\t\t\t\t\t\t\t\t\t\t\t<\/div>\n\t\t\t\t\t\t\t\t\t<\/div>\n\t\t\t\t\t\t\t\t<\/div>\n\t\t\t\t\t\t\t\t<\/block-accordion-item>\n\t\t\t\t\t\t\t\t\t\t\t\t\t\t<block-accordion-item inline-template item-headline=\"Yugo Inoue, Viola\">\n\t\t\t\t\t\t\t\t<div ref=\"item\" data-id=\"YugoInoueViola\" class=\"block-accordion-item vue-initialize\" aria-expanded=\"false\" :aria-expanded=\"active ? 'true' : 'false'\">\n\t\t\t\t\t\t\t\t\t<button class=\"accordion-button-with-icon block-accordion-item-head\" :class=\"{'button-active': active}\" ref=\"head\" aria-controls=\"acc_69ee0cfec686c\" id=\"acc_title_69ee0cfec686d\" @click=\"toggle\" @keydown=\"key\">\n\t\t\t\t\t\t\t\t\t<div><span class=\"button-label\">Yugo Inoue, Viola<\/span><\/div><span class=\"button-icon icon-plus\" aria-hidden=\"true\"><\/span>\n\t\t\t\t\t\t\t\t<\/button>\n\t\t\t\t\t\t\t\t\t<div ref=\"body\" class=\"block-accordion-item-content\" id=\"acc_69ee0cfec686c\" role=\"region\">\n\t\t\t\t\t\t\t\t\t\t<div class=\"wrapper copy\">\n\t\t\t\t\t\t\t\t\t\t\t<p data-renderer-start-pos=\"7760\" data-local-id=\"0cb1f1b0-478d-471b-a061-76be1d6cab53\">Yugo Inoue wurde 1995 in Tokio geboren. Im Alter von f\u00fcnf Jahren begann er mit dem Geigenspiel und wechselte mit 16 Jahren zur Bratsche. Er studierte an der Tokyo University of the Arts bei Toshihiko Ichitsubo und seit 2020 bei Veit Hertenstein an der Hochschule f\u00fcr Musik Detmold.<\/p>\n<p data-renderer-start-pos=\"8043\" data-local-id=\"015b7d7c-7050-4257-8841-1a35ee2f6f10\">Orchestererfahrung sammelte er 2021 bis 2023 als Akademist beim WDR Sinfonieorchester, sowie bei Aushilfst\u00e4tigkeiten im hr-Sinfonieorchester. Weitere Impulse bekam er durch Meisterkurse bei Hariolf Schlichtig, Tabea Zimmermann und Nobuko Imai. Seit 2023 spielt er in der Bratschengruppe des Rundfunk-Sinfonieorchesters Berlin.<\/p>\n\n\t\t\t\t\t\t\t\t\t\t\t\t\t\t\t\t\t\t\t\t\t\t\t\t\t\t\t\t\t\t\t\t\t\n\t\t\t\t\t\t\t\t\t\t\t<div class=\"row\">\n\t\t\t\t\t\t\t\t\t\t\t\t<div class=\"col-xs-9 col-md-9\">\n\t\t\t\t\t\t\t\t\t\t\t\t\t<div class=\"box\">\n\t\t\t\t\t\t\t\t\t\t\t\t\t\t\t\t\t\t\t\t\t\t\t\t\t\t\t<\/div>\n\t\t\t\t\t\t\t\t\t\t\t\t<\/div>\n\t\t\t\t\t\t\t\t\t\t\t<\/div>\n\n\t\t\t\t\t\t\t\t\t\t\t\t\t\t\t\t\t\t\t\t\t<\/div>\n\t\t\t\t\t\t\t\t\t<\/div>\n\t\t\t\t\t\t\t\t<\/div>\n\t\t\t\t\t\t\t\t<\/block-accordion-item>\n\t\t\t\t\t\t\t\t\t\t\t\t\t\t<block-accordion-item inline-template item-headline=\"Richard Polle, Violine\">\n\t\t\t\t\t\t\t\t<div ref=\"item\" data-id=\"RichardPolleVioline\" class=\"block-accordion-item vue-initialize\" aria-expanded=\"false\" :aria-expanded=\"active ? 'true' : 'false'\">\n\t\t\t\t\t\t\t\t\t<button class=\"accordion-button-with-icon block-accordion-item-head\" :class=\"{'button-active': active}\" ref=\"head\" aria-controls=\"acc_69ee0cfec6ae1\" id=\"acc_title_69ee0cfec6ae2\" @click=\"toggle\" @keydown=\"key\">\n\t\t\t\t\t\t\t\t\t<div><span class=\"button-label\">Richard Polle, Violine<\/span><\/div><span class=\"button-icon icon-plus\" aria-hidden=\"true\"><\/span>\n\t\t\t\t\t\t\t\t<\/button>\n\t\t\t\t\t\t\t\t\t<div ref=\"body\" class=\"block-accordion-item-content\" id=\"acc_69ee0cfec6ae1\" role=\"region\">\n\t\t\t\t\t\t\t\t\t\t<div class=\"wrapper copy\">\n\t\t\t\t\t\t\t\t\t\t\t<p data-renderer-start-pos=\"8389\" data-local-id=\"01d8020a-bfa8-486e-9e76-02e83912dd27\">Richard Polle wurde als Sohn einer Musikerfamilie geboren. Als Sechsj\u00e4hriger erhielt er seinen ersten Geigenunterricht bei seiner Mutter. Mit 12 Jahren begann Richard seine Ausbildung als Jungstudent an der Hochschule f\u00fcr Musik Franz Liszt Weimar bei Jost Witter und setzte diese zwei Jahre sp\u00e4ter am Musikgymnasium Schloss Belvedere Weimar fort. Er absolvierte sein Bachelorstudium bei Josef Rissin an der Hochschule f\u00fcr Musik Karlsruhe mit Auszeichnung und seinen Master bei Antje Weithaas an der Hochschule f\u00fcr Musik \u201eHanns Eisler\u201c Berlin.<\/p>\n<p data-renderer-start-pos=\"8933\" data-local-id=\"39421995-a1d8-4414-9a45-5f27d5608cb2\">Er gewann zahlreiche nationale und internationale Wettbewerbe. So errang er erste Preise und Sonderpreise in der Solowertung und im Duo beim Bundeswettbewerb \u201eJugend musiziert\u201c, beim internationalen Violinwettbewerb \u201ePostacchini\u201c in Fermo (Italien), \u201eVilla de Llanes\u201c in Llanes (Spanien), war Preistr\u00e4ger beim internationalen Violinwettbewerb \u201eKocian\u201c in \u00dast\u00ed nad Orlic\u00ed (Tschechische Republik), beim internationalen Bodensee-Violinwettbewerb und beim Wettbewerb des Kulturfonds Baden e.V.<\/p>\n<p data-renderer-start-pos=\"9424\" data-local-id=\"aafa5a30-8f4d-4347-8346-f0c8d3ca35a2\">Er konzertierte mit dem Kammerorchester der Rheinischen Philharmonie Koblenz, der Th\u00fcringen Philharmonie Gotha-Suhl, dem Philharmonischen Orchester Erfurt, der Philharmonie der Stadt Kirow (Russland), dem Jungen Sinfonieorchester Berlin, dem S\u00fcdwestdeutschen Kammerorchester Pforzheim sowie dem Kurpf\u00e4lzischen Kammerorchester Mannheim und nahm an mehreren Meisterkursen, u.a. bei Thomas Christian, Olga Parkhomenko, Roman Nodel, Ana Chumachenko, Boris Garlitsky und J\u00f6rg Widmann teil.<\/p>\n<p data-renderer-start-pos=\"9910\" data-local-id=\"56473e78-cc61-4a16-992b-048a1204c072\">Richard Polle war Stipendiat des Kultusministeriums Th\u00fcringen, der Sparkassenstiftung Erfurt, des Freundeskreises der Hochschule f\u00fcr Musik Karlsruhe, des Musikinstrumentenfonds der Deutschen Stiftung Musikleben und erhielt das Gerd Bucerius F\u00f6rderstipendium der ZEIT-Stiftung in der Deutschen Stiftung Musikleben.<\/p>\n<p data-renderer-start-pos=\"10225\" data-local-id=\"c95490e4-9306-40c0-a678-c808640ecc9a\">Von 2014 bis 2016 war er Stipendiat in der Orchesterakademie des Rundfunk-Sinfonieorchesters Berlin und seit 2016 ist er festes Mitglied der Ersten Violinen.<\/p>\n\n\t\t\t\t\t\t\t\t\t\t\t\t\t\t\t\t\t\t\t\t\t\t\t\t\t\t\t\t\t\t\t\t\t\n\t\t\t\t\t\t\t\t\t\t\t<div class=\"row\">\n\t\t\t\t\t\t\t\t\t\t\t\t<div class=\"col-xs-9 col-md-9\">\n\t\t\t\t\t\t\t\t\t\t\t\t\t<div class=\"box\">\n\t\t\t\t\t\t\t\t\t\t\t\t\t\t\t\t\t\t\t\t\t\t\t\t\t\t\t<\/div>\n\t\t\t\t\t\t\t\t\t\t\t\t<\/div>\n\t\t\t\t\t\t\t\t\t\t\t<\/div>\n\n\t\t\t\t\t\t\t\t\t\t\t\t\t\t\t\t\t\t\t\t\t<\/div>\n\t\t\t\t\t\t\t\t\t<\/div>\n\t\t\t\t\t\t\t\t<\/div>\n\t\t\t\t\t\t\t\t<\/block-accordion-item>\n\t\t\t\t\t\t\t\t\t\t\t\t\t\t<block-accordion-item inline-template item-headline=\"Christa-Maria Stangorra, Violine\">\n\t\t\t\t\t\t\t\t<div ref=\"item\" data-id=\"Christa-MariaStangorraVioline\" class=\"block-accordion-item vue-initialize\" aria-expanded=\"false\" :aria-expanded=\"active ? 'true' : 'false'\">\n\t\t\t\t\t\t\t\t\t<button class=\"accordion-button-with-icon block-accordion-item-head\" :class=\"{'button-active': active}\" ref=\"head\" aria-controls=\"acc_69ee0cfec6d63\" id=\"acc_title_69ee0cfec6d64\" @click=\"toggle\" @keydown=\"key\">\n\t\t\t\t\t\t\t\t\t<div><span class=\"button-label\">Christa-Maria Stangorra, Violine<\/span><\/div><span class=\"button-icon icon-plus\" aria-hidden=\"true\"><\/span>\n\t\t\t\t\t\t\t\t<\/button>\n\t\t\t\t\t\t\t\t\t<div ref=\"body\" class=\"block-accordion-item-content\" id=\"acc_69ee0cfec6d63\" role=\"region\">\n\t\t\t\t\t\t\t\t\t\t<div class=\"wrapper copy\">\n\t\t\t\t\t\t\t\t\t\t\t<p data-renderer-start-pos=\"10410\" data-local-id=\"ce45b5d9a5fa\">Christa-Maria Stangorra (*1995\/ Minden-Westf.) erhielt ihren ersten Unterricht mit vier Jahren, studierte sp\u00e4ter in London, Hamburg (Prof. Tanja Becker-Bender), Sion und Florenz (Pavel Vernikov) und schloss 2022 ihr Studium an der Hochschule f\u00fcr Musik \u201eHanns Eisler\u201c in Berlin bei Feng Ning ab. 2021 wurde sie als Stipendiatin in die Karajan Akademie der Berliner Philharmoniker aufgenommen, ein Jahr sp\u00e4ter erhielt sie eine feste Stelle im selben Orchester in den 2. Violinen. Zu Beginn der Spielzeit 2024\/25 wechselte sie in die 1. Violinen des Rundfunk Sinfonieorchesters Berlin.<\/p>\n<p data-renderer-start-pos=\"10994\" data-local-id=\"2cd5fd05408a\">Der 10. Internationale Joseph Joachim Violinwettbewerb Hannover zeichnete sie mit einem Stipendium aus und pr\u00e4sentierte sie in seiner Konzertreihe \u201ezu Gast in Niedersachsen\u201c. Als Mitglied der LGT Young Soloists trat sie u.a. in der Tonhalle Z\u00fcrich, beim Rheingau Musikfestival und der Victoria Hall in Singapur auf und nahm bereits zwei CDs f\u00fcr Sony\/ RCA Red Seal auf. Die GWK Preistr\u00e4gerin und Stipendiatin der \u201eStudienstiftung des deutschen Volkes\u201c konzertierte mehrfach in der Londoner Wigmore Hall, im Ateneo Madrid und bei den Festspielen Mecklenburg-Vorpommern. 2018 war sie als Akademistin beim Zermatt Musik Festival des Scharoun Ensembles der Berliner Philharmoniker zu Gast und konzertierte beim Thy Chamber Music Festival D\u00e4nemark und dem Clasclas-Festival an der Seite von M\u00e1t\u00e9 Sz\u00fccs und Guy Braunstein. Solistische Auftritte erfolgten mit der Polnischen Kammerphilharmonie Sopot, der Norddeutschen Philharmonie Rostock, dem Staatsorchester Darmstadt und dem Asian Chamber Orchestra Hongkong. Zu den Highlights dieser Saison z\u00e4hlen Engagements mit der Klassischen Philharmonie Bonn (Deutschlandtournee mit Schumanns Violinkonzert) sowie mit der Slowakischen Philharmonie Bratislava im KKL Luzern.<\/p>\n\n\t\t\t\t\t\t\t\t\t\t\t\t\t\t\t\t\t\t\t\t\t\t\t\t\t\t\t\t\t\t\t\t\t\n\t\t\t\t\t\t\t\t\t\t\t<div class=\"row\">\n\t\t\t\t\t\t\t\t\t\t\t\t<div class=\"col-xs-9 col-md-9\">\n\t\t\t\t\t\t\t\t\t\t\t\t\t<div class=\"box\">\n\t\t\t\t\t\t\t\t\t\t\t\t\t\t\t\t\t\t\t\t\t\t\t\t\t\t\t<\/div>\n\t\t\t\t\t\t\t\t\t\t\t\t<\/div>\n\t\t\t\t\t\t\t\t\t\t\t<\/div>\n\n\t\t\t\t\t\t\t\t\t\t\t\t\t\t\t\t\t\t\t\t\t<\/div>\n\t\t\t\t\t\t\t\t\t<\/div>\n\t\t\t\t\t\t\t\t<\/div>\n\t\t\t\t\t\t\t\t<\/block-accordion-item>\n\t\t\t\t\t\t\t\t\t\t\t\t\t\t<block-accordion-item inline-template item-headline=\"Jan Linders, Moderation\">\n\t\t\t\t\t\t\t\t<div ref=\"item\" data-id=\"JanLindersModeration\" class=\"block-accordion-item vue-initialize\" aria-expanded=\"false\" :aria-expanded=\"active ? 'true' : 'false'\">\n\t\t\t\t\t\t\t\t\t<button class=\"accordion-button-with-icon block-accordion-item-head\" :class=\"{'button-active': active}\" ref=\"head\" aria-controls=\"acc_69ee0cfec6f70\" id=\"acc_title_69ee0cfec6f71\" @click=\"toggle\" @keydown=\"key\">\n\t\t\t\t\t\t\t\t\t<div><span class=\"button-label\">Jan Linders, Moderation<\/span><\/div><span class=\"button-icon icon-plus\" aria-hidden=\"true\"><\/span>\n\t\t\t\t\t\t\t\t<\/button>\n\t\t\t\t\t\t\t\t\t<div ref=\"body\" class=\"block-accordion-item-content\" id=\"acc_69ee0cfec6f70\" role=\"region\">\n\t\t\t\t\t\t\t\t\t\t<div class=\"wrapper copy\">\n\t\t\t\t\t\t\t\t\t\t\t\n\t\t\t\t\t\t\t\t\t\t\t\t\t\t\t\t\t\t\t\t\t\t\t\t\t\t\t\t\t\t\t\t\t\n\t\t\t\t\t\t\t\t\t\t\t<div class=\"row\">\n\t\t\t\t\t\t\t\t\t\t\t\t<div class=\"col-xs-9 col-md-9\">\n\t\t\t\t\t\t\t\t\t\t\t\t\t<div class=\"box\">\n\t\t\t\t\t\t\t\t\t\t\t\t\t\t\t\t\t\t\t\t\t\t\t\t\t\t\t<\/div>\n\t\t\t\t\t\t\t\t\t\t\t\t<\/div>\n\t\t\t\t\t\t\t\t\t\t\t<\/div>\n\n\t\t\t\t\t\t\t\t\t\t\t\t\t\t\t\t\t\t\t\t\t<\/div>\n\t\t\t\t\t\t\t\t\t<\/div>\n\t\t\t\t\t\t\t\t<\/div>\n\t\t\t\t\t\t\t\t<\/block-accordion-item>\n\t\t\t\t\t\t\t\t\t\t\t\t\t<\/div>\n\t\t\t\t\t\t<\/block-accordion>\n\t\t\t\t\t\t\t\t\t<\/div>\n\t\t\t<\/div>\n\t\t<\/div>\n\t<\/div>\n<\/section>\n\n\n<section class=\"block block-teaser col-1 \" style=\"\">\n\t<lazy-component :fixed-min-height=\"400\">\n\t\n\t\t\t\t\t<div class=\"container-fluid\">\n\t\t\t\t<div class=\"row bottom-xs\">\n\t\t\t\t\t<div class=\"col-xs-12 col-sm-10 col-md-8 col-sm-offset-1 col-md-offset-2\">\n\t\t\t\t\t\t<h4>geh\u00f6rt zu<\/h4>\t\t\t\t\t\t\t\t\t\t\t\t\t\t\t\t\t\t\t<\/div>\n\t\t\t\t\t<div class=\"col-xs-12 col-sm-10 col-md-8 col-sm-offset-1 col-md-offset-2 start-xs end-md margin-bottom-sixth\">\n\t\t\t\t\t\t\t\t\t\t\t<\/div>\n\t\t\t\t<\/div>\n\t\t\t\t<ul class=\"row\">\n\t\t\t\n<li class=\"col-xs-12 teaser-wrapper col-padding-remove\">\n\t<calendarteaser key=\"11938316408\" rawitem='{&quot;postId&quot;:119383,&quot;title&quot;:&quot;Mikrokonzerte des Rundfunk-Sinfonieorchesters Berlin&quot;,&quot;excerpt&quot;:&quot;&quot;,&quot;slug&quot;:&quot;mikrokonzerte-des-rundfunk-sinfonieorchesters-berlin&quot;,&quot;type&quot;:&quot;event-sequence&quot;,&quot;post_date&quot;:&quot;2024-01-10T15:25&quot;,&quot;permalink&quot;:&quot;https:\\\/\\\/www.humboldtforum.org\\\/de\\\/programm\\\/event-reihe\\\/konzert\\\/mikrokonzerte-des-rundfunk-sinfonieorchesters-berlin-119383\\\/&quot;,&quot;genre&quot;:[393],&quot;genre_details&quot;:[{&quot;text&quot;:&quot;Konzert&quot;,&quot;id&quot;:393,&quot;icon&quot;:null,&quot;parent&quot;:0}],&quot;stakeholder&quot;:[382],&quot;stakeholder_details&quot;:[{&quot;text&quot;:&quot;Stiftung Humboldt Forum im Berliner Schloss&quot;,&quot;id&quot;:382,&quot;icon&quot;:null,&quot;parent&quot;:0}],&quot;targetgroup&quot;:[383,455,454],&quot;targetgroup_details&quot;:[{&quot;text&quot;:&quot;Erwachsene&quot;,&quot;id&quot;:383,&quot;icon&quot;:null,&quot;parent&quot;:0},{&quot;text&quot;:&quot;Jugendliche&quot;,&quot;id&quot;:455,&quot;icon&quot;:null,&quot;parent&quot;:0},{&quot;text&quot;:&quot;Kinder und Familien&quot;,&quot;id&quot;:454,&quot;icon&quot;:null,&quot;parent&quot;:0}],&quot;language&quot;:[422],&quot;language_details&quot;:[{&quot;text&quot;:&quot;Keine Sprachkenntnisse erforderlich&quot;,&quot;id&quot;:422,&quot;icon&quot;:null,&quot;parent&quot;:0}],&quot;place&quot;:[404],&quot;place_details&quot;:{&quot;place&quot;:&quot;Humboldt Forum&quot;,&quot;map&quot;:&quot;Humboldt Forum, Schlossplatz, Berlin&quot;,&quot;room&quot;:&quot;&quot;},&quot;icon_overwrite&quot;:&quot;&quot;,&quot;acf&quot;:{&quot;noindex&quot;:false,&quot;keywords&quot;:&quot;&quot;,&quot;shorturl&quot;:&quot;mikrokonzerte&quot;,&quot;belongsto&quot;:false,&quot;additional_info&quot;:{&quot;icon&quot;:&quot;0&quot;,&quot;text&quot;:&quot;&quot;},&quot;highlight_header&quot;:false,&quot;use_video_in_teasers&quot;:false,&quot;hyphenation&quot;:true,&quot;manual_period&quot;:false,&quot;tipp&quot;:false,&quot;joker&quot;:false,&quot;live&quot;:false,&quot;hide_event_in_program&quot;:false,&quot;featured_images&quot;:[119420],&quot;announcement&quot;:&quot;Veranstaltungsreihe&quot;,&quot;overwrite_date&quot;:&quot;Veranstaltungsreihe&quot;,&quot;events&quot;:[141036,154588,156510,157394,158848,160047,161796]},&quot;date&quot;:{&quot;NLAST&quot;:&quot;202604121500&quot;,&quot;NX&quot;:null,&quot;NXX&quot;:null,&quot;from_DATE&quot;:&quot;20250105 14:00&quot;,&quot;from&quot;:1736078400,&quot;to&quot;:1775995200,&quot;to_DATE&quot;:&quot;20260412 15:00&quot;,&quot;from_HRFSHORT&quot;:&quot; 5. Jan 2025&quot;,&quot;from_HRFSHORT_WD&quot;:&quot;So 05.01.2025&quot;,&quot;to_HRFSHORT&quot;:&quot;12. Apr 2026&quot;,&quot;to_HRFSHORT_WD&quot;:&quot;So 12.04.2026&quot;,&quot;from_HRF&quot;:&quot;So,  5. Januar 2025&quot;,&quot;to_HRF&quot;:&quot;So, 12. April 2026&quot;,&quot;from_to_HRF&quot;:&quot;So,  5. Januar 2025 \\u2013 So, 12. April 2026&quot;,&quot;from_to_HRFSHORT&quot;:&quot; 5. Jan 2025 \\u2013 12. Apr 2026&quot;},&quot;alert&quot;:null,&quot;partof&quot;:[],&quot;marketing_topic&quot;:&quot;&quot;}' inline-template>\n\t<a href=\"https:\/\/www.humboldtforum.org\/de\/programm\/event-reihe\/konzert\/mikrokonzerte-des-rundfunk-sinfonieorchesters-berlin-119383\/\" class=\"teaser teaser-event-sequence teaser-event-standard\">\n\t\t<div class=\"row\">\n\t\t\t<div class=\"col-xs-12 col-sm-6 col-md-5 col-sm-offset-1 col-md-offset-2 first-sm teaser-event-text Infos\">\n\t\t\t\t<div class=\"teaser-event-standard-text\">\n\t\t\t\t\t<div class=\"margin-bottom-atom\">\n\t\t\t\t\t\t<div class=\"subline clamp-1\" v-html=\"maingenre\"><\/div>\n\t\t\t\t\t\t\t\t\t\t\t<\/div>\n\t\t\t\t\n\t\t\t\t\t<strong class=\"margin-bottom-atom h5\">Mikrokonzerte des Rundfunk-Sinfonieorchesters Berlin<\/strong>\n\n\t\t\t\t\t\t\t\t\t<\/div>\n\t\t\t\t<div class=\"teaser-bottom border-bottom\">\n\t\t\t\t<calendardateline :rawitem='item' :show-icon=\"true\"><\/calendardateline>\n\t\t\t\t\t<hr>\n\t\t\t\t<\/div>\n\t\t\t<\/div>\n\t\t\t<div class=\"col-xs-12 col-sm-4 col-md-3 teaser-event-image bottom-xs first-xs\">\n\t\t\t\t<div class=\"teaser-image teaser-image-no-alternate\">\n\t\t\t\t\t\t\t\t\t\t\t\n\t<lazy-media-inline inline-template>\n\t\t<figure itemscope itemtype=\"http:\/\/schema.org\/ImageObject\" class=\"lazy-media-inline \" role=\"group\" id=\"media_69ee0cfef4023\" aria-labelledby=\"desc_media_69ee0cfef4023\">\n\t\t\t<script type=\"application\/json\" ref=\"data\">\n\t\t\t\t{\n\t\t\t\t\"sizes\" : {\"medium\":{\"file\":\"RSB_Landingpage-300x180.jpg\",\"width\":300,\"height\":180,\"mime-type\":\"image\\\/jpeg\",\"filesize\":10245},\"large\":{\"file\":\"RSB_Landingpage-1024x613.jpg\",\"width\":1024,\"height\":613,\"mime-type\":\"image\\\/jpeg\",\"filesize\":59365},\"thumbnail\":{\"file\":\"RSB_Landingpage-150x150.jpg\",\"width\":150,\"height\":150,\"mime-type\":\"image\\\/jpeg\",\"filesize\":5161},\"medium_large\":{\"file\":\"RSB_Landingpage-768x460.jpg\",\"width\":768,\"height\":460,\"mime-type\":\"image\\\/jpeg\",\"filesize\":39190},\"small\":{\"file\":\"RSB_Landingpage-440x264.jpg\",\"width\":440,\"height\":264,\"mime-type\":\"image\\\/jpeg\",\"filesize\":17909},\"semi\":{\"file\":\"RSB_Landingpage-580x347.jpg\",\"width\":580,\"height\":347,\"mime-type\":\"image\\\/jpeg\",\"filesize\":26860},\"mobile\":{\"file\":\"RSB_Landingpage-720x431.jpg\",\"width\":720,\"height\":431,\"mime-type\":\"image\\\/jpeg\",\"filesize\":35275},\"hd\":{\"file\":\"RSB_Landingpage-1280x767.jpg\",\"width\":1280,\"height\":767,\"mime-type\":\"image\\\/jpeg\",\"filesize\":81678},\"full\":{\"file\":\"RSB_Landingpage-1920x1150.jpg\",\"width\":1920,\"height\":1150,\"mime-type\":\"image\\\/jpeg\",\"filesize\":151128},\"1536x1536\":{\"file\":\"RSB_Landingpage-1536x920.jpg\",\"width\":1536,\"height\":920,\"mime-type\":\"image\\\/jpeg\",\"filesize\":106579},\"2048x2048\":{\"file\":\"RSB_Landingpage-2048x1227.jpg\",\"width\":2048,\"height\":1227,\"mime-type\":\"image\\\/jpeg\",\"filesize\":163391},\"original\":{\"file\":\"RSB_Landingpage.jpg\",\"width\":3840,\"height\":2300}},\n\t\t\t\t\"alt\" : \"Muster aus bunten, geometrischen Icons, die Sport und Fitness darstellen, auf hellblauem Hintergrund.\",\n\t\t\t\t\"path\" : \"\\\/wp-content\\\/uploads\\\/2024\\\/01\\\/\",\n\t\t\t\t\"video\" : null,\n\t\t\t\t\"autoplay\" : null,\n\t\t\t\t\"youtube\" : null,\n\t\t\t\t\"youtubelabel\" : \"Video abspielen\",\n\t\t\t\t\"brightness\" : 100,\n\t\t\t\t\"crop\" : {\"top\":\"50.00\",\"left\":\"50.00\"},\n\t\t\t\t\"background\" : true,\n\t\t\t\t\"scale\" : 2\t\t\t\t}\n\t\t\t<\/script>\n\n\t\t\t<div class=\"height-container\" style=\"padding-bottom:59.895833333333%;\" v-if=\"sizes\">\n\t\t\t\t\t\t\t\t<lazy-media :inline=\"true\" :alt=\"alt\" :sizes=\"sizes\" :scale=\"scale\" :brightness=\"brightness\" :path=\"path\" :video=\"video\" :autoplay=\"autoplay\" :youtube=\"youtube\" :crop=\"crop\" :youtubelabel=\"youtubelabel\" :background=\"background\" media-id=\"desc_media_69ee0cfef4023\"><\/lazy-media>\n\t\t\t\t\t\t\t<\/div>\n\n\t\t\t\t\t\t\t<figcaption class=\"sr-only\" ref=\"body\" id=\"desc_media_69ee0cfef4023\">\n\t\t\t\t\t\t\t\t\t\t\t\t\t\t\t\t<div>Keyvisual Mikrokonzert-Reihe <\/div>\n\t\t\t\t\t\t\t\t\t\t\t\t\t\t\t\t<div class=\"insignificant\">\u00a9 \u00c1lvaro Vali\u00f1o<\/div>\n\t\t\t\t\t\t\t\t\t<\/figcaption>\n\t\t\t\t\t<\/figure>\n\t<\/lazy-media-inline>\n\t\t\t\t<\/div>\n\t\t\t<\/div>\n\t\t<\/div>\n\t<\/a>\n\t<\/calendarteaser>\n<\/li>\n\n\t\t\t\t<\/ul>\n\t\t\t<\/div>\n\t\t\t\t<\/lazy-component>\n<\/section>\n\n\n\n<section class=\"block block-headline block-no-margin \" >\n\t<div class=\"container-fluid\">\n\t\t<div class=\"row\">\n\t\t\t\t\t\t\t<div class=\"col-xs-12 col-md-offset-2 col-md-8\">\n\t\t\t\t\t<div class=\"box\">\n\t\t\t\t\t\t<h2 class=\".h2\">Partner<\/h2>\n\t\t\t\t\t<\/div>\n\t\t\t\t<\/div>\n\t\t\t\t\t<\/div>\n\t<\/div>\n<\/section>\n\n\n\n\n<section class=\"block block-logos\" >\n    <div class=\"container-fluid\">\n\t\t<div class=\"row\">\n\t\t\t<div class=\"col-xs-12 col-sm-8 col-sm-offset-2\">\n\t\t\t\t<div class=\"box\">\n\t\t\t\t\t<div class=\"row  middle-xs\">\n\t\t\t\t\t\t\n\t\t\t\t\t\t<div class=\"col-xs-4 col-sm-3 col-sm-2\">\n\t\t\t\t\t\t\t<div class=\"box margin-sixth-top\">\n\t\t\t\t\t\t\t\t<img decoding=\"async\" alt=\"RSB\" src=\"https:\/\/www.humboldtforum.org\/wp-content\/uploads\/2023\/07\/logos100B.png\" style=\"display: inline-block; width: 80%\" \/>\n\t\t\t\t\t\t\t<\/div>\n\t\t\t\t\t\t<\/div>\n\t\t\t\t\t\t\t\t\t\t\t<\/div>\n\t\t\t\t<\/div>\n\t\t\t<\/div>\n        <\/div>\n    <\/div>\n<\/section>\n\n\n<section class=\"block block-CTA block-CTA-long leftgradient\">\n\t<div class=\"container-fluid\">\n\t\t<div class=\"row center-xs\">\n\t\t\t<div class=\"col-xs-12\">\n\t\t\t\t<div class=\"box\">\n\t\t\t\t\t<a href=\"https:\/\/www.humboldtforum.org\/de\/newsletter-2\/\" aria-label=\"Bleiben Sie auf dem Laufenden!\" class=\"teaser teaser-cta-wide \">\n\t\t\t\t\t\t<div class=\"teaser-image\">\n\t\t\t\t\t\t\t\n\t<lazy-media-inline inline-template>\n\t\t<figure itemscope itemtype=\"http:\/\/schema.org\/ImageObject\" class=\"lazy-media-inline \" role=\"group\" id=\"media_69ee0cff04b96\" aria-labelledby=\"desc_media_69ee0cff04b96\">\n\t\t\t<script type=\"application\/json\" ref=\"data\">\n\t\t\t\t{\n\t\t\t\t\"sizes\" : {\"medium\":{\"file\":\"HF_eb00061823-scaled-300x200.jpg\",\"width\":300,\"height\":200,\"mime-type\":\"image\\\/jpeg\",\"filesize\":19186},\"large\":{\"file\":\"HF_eb00061823-scaled-1024x683.jpg\",\"width\":1024,\"height\":683,\"mime-type\":\"image\\\/jpeg\",\"filesize\":138597},\"thumbnail\":{\"file\":\"HF_eb00061823-scaled-150x150.jpg\",\"width\":150,\"height\":150,\"mime-type\":\"image\\\/jpeg\",\"filesize\":8513},\"medium_large\":{\"file\":\"HF_eb00061823-scaled-768x512.jpg\",\"width\":768,\"height\":512,\"mime-type\":\"image\\\/jpeg\",\"filesize\":86200},\"small\":{\"file\":\"HF_eb00061823-scaled-440x293.jpg\",\"width\":440,\"height\":293,\"mime-type\":\"image\\\/jpeg\",\"filesize\":35525},\"semi\":{\"file\":\"HF_eb00061823-scaled-580x387.jpg\",\"width\":580,\"height\":387,\"mime-type\":\"image\\\/jpeg\",\"filesize\":55724},\"mobile\":{\"file\":\"HF_eb00061823-scaled-720x480.jpg\",\"width\":720,\"height\":480,\"mime-type\":\"image\\\/jpeg\",\"filesize\":77971},\"hd\":{\"file\":\"HF_eb00061823-scaled-1280x854.jpg\",\"width\":1280,\"height\":854,\"mime-type\":\"image\\\/jpeg\",\"filesize\":202477},\"full\":{\"file\":\"HF_eb00061823-scaled-1920x1280.jpg\",\"width\":1920,\"height\":1280,\"mime-type\":\"image\\\/jpeg\",\"filesize\":386736},\"1536x1536\":{\"file\":\"HF_eb00061823-scaled-1536x1024.jpg\",\"width\":1536,\"height\":1024,\"mime-type\":\"image\\\/jpeg\",\"filesize\":266197},\"2048x2048\":{\"file\":\"HF_eb00061823-scaled-2048x1366.jpg\",\"width\":2048,\"height\":1366,\"mime-type\":\"image\\\/jpeg\",\"filesize\":430206},\"original\":{\"file\":\"HF_eb00061823-scaled.jpg\",\"width\":2560,\"height\":1707}},\n\t\t\t\t\"alt\" : \"Blick in das beleuchtete Foyer von der Galerie im ersten Stock mit Besuchenden, Infopoint und Medienturm\",\n\t\t\t\t\"path\" : \"\\\/wp-content\\\/uploads\\\/2020\\\/04\\\/\",\n\t\t\t\t\"video\" : null,\n\t\t\t\t\"autoplay\" : null,\n\t\t\t\t\"youtube\" : null,\n\t\t\t\t\"youtubelabel\" : \"Video abspielen\",\n\t\t\t\t\"brightness\" : \"70\",\n\t\t\t\t\"crop\" : {\"top\":\"90.37\",\"left\":\"39.93\"},\n\t\t\t\t\"background\" : true,\n\t\t\t\t\"scale\" : 2\t\t\t\t}\n\t\t\t<\/script>\n\n\t\t\t<div class=\"height-container\" style=\"padding-bottom:66.6796875%;\" v-if=\"sizes\">\n\t\t\t\t\t\t\t\t<lazy-media :inline=\"true\" :alt=\"alt\" :sizes=\"sizes\" :scale=\"scale\" :brightness=\"brightness\" :path=\"path\" :video=\"video\" :autoplay=\"autoplay\" :youtube=\"youtube\" :crop=\"crop\" :youtubelabel=\"youtubelabel\" :background=\"background\" media-id=\"desc_media_69ee0cff04b96\"><\/lazy-media>\n\t\t\t\t\t\t\t<\/div>\n\n\t\t\t\t\t\t\t<figcaption class=\"sr-only\" ref=\"body\" id=\"desc_media_69ee0cff04b96\">\n\t\t\t\t\t\t\t\t\t\t\t<div>Blick in das Foyer, November 2019.<\/div>\n\t\t\t\t\t\t\t\t\t\t\t\t\t\t\t\t\t\t\t\t\t<div class=\"insignificant\">\u00a9 Stiftung Humboldt Forum im Berliner Schloss \/ David von Becker<\/div>\n\t\t\t\t\t\t\t\t\t<\/figcaption>\n\t\t\t\t\t<\/figure>\n\t<\/lazy-media-inline>\n\t\t\t\t\t\t<\/div>\n\t\t\t\t\t\t<div class=\"teaser-content \">\n\t\t\t\t\t\t\t<div>\n\t\t\t\t\t\t\t\t\t\t\t\t\t\t\t\t<div class=\"teaser-header\"><span class=\"h3\">Bleiben Sie auf dem Laufenden!<\/span><\/div>\n\t\t\t\t\t\t\t\t<div class=\"teaser-subline\"><span class=\"font-decoration\">Abonnieren Sie unseren Newsletter.<\/span><\/div>\t\t\t\t\t\t\t\t<button tabindex=\"-1\" class=\"border\">Hier klicken<\/button>\n\t\t\t\t\t\t\t<\/div>\n\t\t\t\t\t\t<\/div>\n\t\t\t\t\t<\/a>\n\t\t\t\t<\/div>\n\t\t\t<\/div>\n\t\t<\/div>\n\t<\/div>\n<\/section>\n","protected":false},"template":"","genre":[393],"digital":[],"topic":[],"stakeholder":[382],"editorial":[],"editorialfilter":[],"targetgroup":[],"language":[422],"accessability":[],"age":[1525],"school":[],"groupsize":[],"place":[],"class_list":["post-158848","event","type-event","status-publish","hentry","genre-konzert","stakeholder-stiftung-humboldt-forum-im-berliner-schloss","language-keine-sprachkenntnisse-erforderlich","age-ab-6-jahre"],"acf":[],"_links":{"self":[{"href":"https:\/\/www.humboldtforum.org\/de\/wp-json\/wp\/v2\/event\/158848","targetHints":{"allow":["GET"]}}],"collection":[{"href":"https:\/\/www.humboldtforum.org\/de\/wp-json\/wp\/v2\/event"}],"about":[{"href":"https:\/\/www.humboldtforum.org\/de\/wp-json\/wp\/v2\/types\/event"}],"version-history":[{"count":2,"href":"https:\/\/www.humboldtforum.org\/de\/wp-json\/wp\/v2\/event\/158848\/revisions"}],"predecessor-version":[{"id":158852,"href":"https:\/\/www.humboldtforum.org\/de\/wp-json\/wp\/v2\/event\/158848\/revisions\/158852"}],"wp:attachment":[{"href":"https:\/\/www.humboldtforum.org\/de\/wp-json\/wp\/v2\/media?parent=158848"}],"wp:term":[{"taxonomy":"genre","embeddable":true,"href":"https:\/\/www.humboldtforum.org\/de\/wp-json\/wp\/v2\/genre?post=158848"},{"taxonomy":"digital","embeddable":true,"href":"https:\/\/www.humboldtforum.org\/de\/wp-json\/wp\/v2\/digital?post=158848"},{"taxonomy":"topic","embeddable":true,"href":"https:\/\/www.humboldtforum.org\/de\/wp-json\/wp\/v2\/topic?post=158848"},{"taxonomy":"stakeholder","embeddable":true,"href":"https:\/\/www.humboldtforum.org\/de\/wp-json\/wp\/v2\/stakeholder?post=158848"},{"taxonomy":"editorial","embeddable":true,"href":"https:\/\/www.humboldtforum.org\/de\/wp-json\/wp\/v2\/editorial?post=158848"},{"taxonomy":"editorialfilter","embeddable":true,"href":"https:\/\/www.humboldtforum.org\/de\/wp-json\/wp\/v2\/editorialfilter?post=158848"},{"taxonomy":"targetgroup","embeddable":true,"href":"https:\/\/www.humboldtforum.org\/de\/wp-json\/wp\/v2\/targetgroup?post=158848"},{"taxonomy":"language","embeddable":true,"href":"https:\/\/www.humboldtforum.org\/de\/wp-json\/wp\/v2\/language?post=158848"},{"taxonomy":"accessability","embeddable":true,"href":"https:\/\/www.humboldtforum.org\/de\/wp-json\/wp\/v2\/accessability?post=158848"},{"taxonomy":"age","embeddable":true,"href":"https:\/\/www.humboldtforum.org\/de\/wp-json\/wp\/v2\/age?post=158848"},{"taxonomy":"school","embeddable":true,"href":"https:\/\/www.humboldtforum.org\/de\/wp-json\/wp\/v2\/school?post=158848"},{"taxonomy":"groupsize","embeddable":true,"href":"https:\/\/www.humboldtforum.org\/de\/wp-json\/wp\/v2\/groupsize?post=158848"},{"taxonomy":"place","embeddable":true,"href":"https:\/\/www.humboldtforum.org\/de\/wp-json\/wp\/v2\/place?post=158848"}],"curies":[{"name":"wp","href":"https:\/\/api.w.org\/{rel}","templated":true}]}}