{"id":159188,"date":"2026-02-10T12:58:34","date_gmt":"2026-02-10T11:58:34","guid":{"rendered":"https:\/\/www.humboldtforum.org\/?post_type=event&#038;p=159188"},"modified":"2026-02-24T13:36:01","modified_gmt":"2026-02-24T12:36:01","slug":"logoskop-einundvierzig","status":"publish","type":"event","link":"https:\/\/www.humboldtforum.org\/de\/programm\/termin\/literatur\/logoskop-einundvierzig-159188\/","title":{"rendered":"#Logoskop einundvierzig"},"content":{"rendered":"<section class=\"block block-copy\" >\n    <div class=\"container-fluid\">\n\t\t<div class=\"row \">\n            <div class=\"col-xs-12 col-md-offset-2 col-md-8\">\n                <div class=\"box\">\n                    <div class=\"copy\"><p class=\"\" data-v-97f42bc7=\"\"><span class=\"text_node\" data-v-eb79c009=\"\" data-v-97f42bc7=\"\">Wenn die Wissenschaft K\u00f6nigin im Humboldt Labor ist, dann ist das #Logoskop ihr Hofnarr. Seit 2021 tritt im Ausstellungsraum der Humboldt-Universit\u00e4t zu Berlin monatlich die Kunstfreiheit an, um mit den Mitteln der Literatur den Blick der Wissenschaft aufzumischen. Mit Mikrofon und Verst\u00e4rkeranlage ausgestattet wandern je zwei Slam-Poet*innen durch die Ausstellung und tragen Texte vor.\u00a0<\/span><\/p>\n<p class=\"\" data-v-97f42bc7=\"\"><span class=\"text_node\" data-v-eb79c009=\"\" data-v-97f42bc7=\"\">Diesmal mit dabei: Die Slampoet*innen Annika Blanke und Leander Bauer. Gemeinsam kommentieren sie die Ausstellung \u201eOn Water\u201c mit live vorgetragenen Texten. Die Besucher*innen sind eingeladen, sie auf ihrem wortgewandten Rundgang zu begleiten.<\/span><\/p>\n<p class=\"\" data-v-97f42bc7=\"\"><em><span class=\"text_node rw_adf_text_em\" data-v-eb79c009=\"\" data-v-97f42bc7=\"\">Kuratiert von Bas B\u00f6ttcher<\/span><\/em><\/p>\n<\/div>\n                <\/div>\n            <\/div>\n\t\t<\/div>\n\t\t    <\/div>\n<\/section>\n\n<section class=\"block block-headline block-no-margin \" >\n\t<div class=\"container-fluid\">\n\t\t<div class=\"row\">\n\t\t\t\t\t\t\t<div class=\"col-xs-12 col-md-offset-2 col-md-8\">\n\t\t\t\t\t<div class=\"box\">\n\t\t\t\t\t\t<h2 class=\".h4\">Beteiligte<\/h2>\n\t\t\t\t\t<\/div>\n\t\t\t\t<\/div>\n\t\t\t\t\t<\/div>\n\t<\/div>\n<\/section>\n\n\n\n\n<section class=\"block block-standard-image-copy rev2nd\"> \n\t<div class=\"container-fluid\">\n\t\t<div class=\"row middle-sm\">\n\t\t\t<div class=\"col-xs-10 col-sm-6 margin-bottom-sixth\" data-motion-parallax='{\"child\":\".image-wrapper\",\"mask\":\".lazy-media\",\"tween\":{\"yPercent\": [-15,15]}}'>\n\t\t\t\t\n\t<lazy-media-inline inline-template>\n\t\t<figure itemscope itemtype=\"http:\/\/schema.org\/ImageObject\" class=\"lazy-media-inline \" role=\"group\" id=\"media_69edd5fca14ff\" aria-labelledby=\"desc_media_69edd5fca14ff\">\n\t\t\t<script type=\"application\/json\" ref=\"data\">\n\t\t\t\t{\n\t\t\t\t\"sizes\" : {\"medium\":{\"file\":\"SHF_eb00261196-300x200.jpg\",\"width\":300,\"height\":200,\"mime-type\":\"image\\\/jpeg\",\"filesize\":14941},\"large\":{\"file\":\"SHF_eb00261196-1024x682.jpg\",\"width\":1024,\"height\":682,\"mime-type\":\"image\\\/jpeg\",\"filesize\":88017},\"thumbnail\":{\"file\":\"SHF_eb00261196-150x150.jpg\",\"width\":150,\"height\":150,\"mime-type\":\"image\\\/jpeg\",\"filesize\":6977},\"medium_large\":{\"file\":\"SHF_eb00261196-768x512.jpg\",\"width\":768,\"height\":512,\"mime-type\":\"image\\\/jpeg\",\"filesize\":57558},\"small\":{\"file\":\"SHF_eb00261196-440x293.jpg\",\"width\":440,\"height\":293,\"mime-type\":\"image\\\/jpeg\",\"filesize\":25640},\"semi\":{\"file\":\"SHF_eb00261196-580x387.jpg\",\"width\":580,\"height\":387,\"mime-type\":\"image\\\/jpeg\",\"filesize\":38541},\"mobile\":{\"file\":\"SHF_eb00261196-720x480.jpg\",\"width\":720,\"height\":480,\"mime-type\":\"image\\\/jpeg\",\"filesize\":52213},\"original\":{\"file\":\"SHF_eb00261196.jpg\",\"width\":1280,\"height\":853}},\n\t\t\t\t\"alt\" : \"Eine Person in schwarzer Jacke sitzt in einer Bibliothek, h\\u00e4lt einen Stift und schaut nachdenklich auf Manuskriptbl\\u00e4tter.\",\n\t\t\t\t\"path\" : \"\\\/wp-content\\\/uploads\\\/2026\\\/02\\\/\",\n\t\t\t\t\"video\" : null,\n\t\t\t\t\"autoplay\" : null,\n\t\t\t\t\"youtube\" : null,\n\t\t\t\t\"youtubelabel\" : \"Video abspielen\",\n\t\t\t\t\"brightness\" : 100,\n\t\t\t\t\"crop\" : null,\n\t\t\t\t\"background\" : false,\n\t\t\t\t\"scale\" : 1\t\t\t\t}\n\t\t\t<\/script>\n\n\t\t\t<div class=\"height-container\" style=\"padding-bottom:66.640625%;\" v-if=\"sizes\">\n\t\t\t\t\t\t\t\t<lazy-media :inline=\"true\" :alt=\"alt\" :sizes=\"sizes\" :scale=\"scale\" :brightness=\"brightness\" :path=\"path\" :video=\"video\" :autoplay=\"autoplay\" :youtube=\"youtube\" :crop=\"crop\" :youtubelabel=\"youtubelabel\" :background=\"background\" media-id=\"desc_media_69edd5fca14ff\"><\/lazy-media>\n\t\t\t\t\t\t\t<\/div>\n\n\t\t\t\t\t\t\t<div class=\"lazy-media-info-container-fluid\">\n\t\t\t\t<div class=\"lazy-media-info-row end-xs\">\n\t\t\t\t\t<div class=\"lazy-media-info-col\">\n\t\t\t\t\t\t<div class=\"lazy-media-info\" aria-expanded=\"false\" :aria-expanded=\"isOpen ? 'true' : 'false'\">\n\t\t\t\t\t\t\t<button class=\"lazy-media-info-head button-tiny\" :class=\"{'button-active': isOpen}\" @click=\"toggle\" ref=\"head\"><span class=\"button-label insignificant\">Bildinfo<\/span><\/button>\n\t\t\t\t\t\t\t<figcaption class=\"lazy-media-info-body\" ref=\"body\" id=\"desc_media_69edd5fca14ff\">\n\t\t\t\t\t\t\t\t<div class=\"lazy-media-info-body-content\">\n\t\t\t\t\t\t\t\t\t\t\t\t\t\t\t\t\t\t\t<div>Annika Blanke <\/div>\n\t\t\t\t\t\t\t\t\t\t\t\t\t\t\t\t\t\t\t\t\t\t\t\t\t\t\t\t\t\t\t\t\t\t\t\t\t<div class=\"insignificant\">\u00a9 Niels Wagner<\/div>\n\t\t\t\t\t\t\t\t\t\t\t\t\t\t\t\t\t<\/div>\n\t\t\t\t\t\t\t<\/figcaption>\n\t\t\t\t\t\t\t<div class=\"lazy-media-info-head-border\"><\/div>\n\t\t\t\t\t\t<\/div>\n\t\t\t\t\t<\/div>\n\t\t\t\t<\/div>\n\t\t\t<\/div>\n\t\t\t\t\t\t\t\t\t<\/figure>\n\t<\/lazy-media-inline>\n\t\t\t<\/div>\n\t\t\t<div class=\"col-xs-10 col-sm-6 col-md-5 copy margin-bottom-half\"><h4>Annika Blanke<\/h4>\n<p>Seit \u00fcber f\u00fcnfzehn Jahren steht die Oldenburger Slam Poetin und Kabarettistin auf den verschiedensten B\u00fchnen im deutschsprachigen Raum und wei\u00df mit ihren klugen Texten und ihrer einmaligen Vortragsart zu begeistern. Sie ist Mitbegr\u00fcnderin der Oldenburger Leseb\u00fchne METROPHOBIA sowie mit Mirko Menser Teil des Poetry Slam-Teams &#8222;Parole Emil!&#8220;, mit dem sie 2022 nieders\u00e4chsisch-bremische Poetry Slam-Meisterin im Team wurde. 2021 wurde ihr erstes Soloprogramm &#8222;Neulich war gestern noch heute&#8220; f\u00fcr den Kabarettpreis St. Ingberter Pfanne&#8220; nominiert, 2022 wurde es mit dem Rostocker Koggenzieher in Silber ausgezeichnet. In seiner Laudatio sagte Kabarettist Ren\u00e9 Sydow: &#8222;So sch\u00f6n und reichhaltig die Welt der Literatur auch ist, wir merken erst, wie gro\u00dfartig Sprache tats\u00e4chlich ist, wenn eine Meisterin wie diese sie in die Finger kriegt.&#8220; 2023 feierte Blankes zweites Soloprogramm &#8222;Blankes Entsetzen!&#8220; Premiere. Es wurde im Herbst mit dem Reinheimer Satirel\u00f6wen in Bronze ausgezeichnet.<\/p>\n<\/div>\n\t\t<\/div>\n\t<\/div>\n<\/section>\n\n<section class=\"block block-standard-image-copy rev2nd\"> \n\t<div class=\"container-fluid\">\n\t\t<div class=\"row middle-sm\">\n\t\t\t<div class=\"col-xs-10 col-sm-6 margin-bottom-sixth\" data-motion-parallax='{\"child\":\".image-wrapper\",\"mask\":\".lazy-media\",\"tween\":{\"yPercent\": [-15,15]}}'>\n\t\t\t\t\n\t<lazy-media-inline inline-template>\n\t\t<figure itemscope itemtype=\"http:\/\/schema.org\/ImageObject\" class=\"lazy-media-inline \" role=\"group\" id=\"media_69edd5fca2420\" aria-labelledby=\"desc_media_69edd5fca2420\">\n\t\t\t<script type=\"application\/json\" ref=\"data\">\n\t\t\t\t{\n\t\t\t\t\"sizes\" : {\"medium\":{\"file\":\"SHF_eb00261197-300x300.jpg\",\"width\":300,\"height\":300,\"mime-type\":\"image\\\/jpeg\",\"filesize\":15823},\"thumbnail\":{\"file\":\"SHF_eb00261197-150x150.jpg\",\"width\":150,\"height\":150,\"mime-type\":\"image\\\/jpeg\",\"filesize\":6117},\"medium_large\":{\"file\":\"SHF_eb00261197-768x768.jpg\",\"width\":768,\"height\":768,\"mime-type\":\"image\\\/jpeg\",\"filesize\":61547},\"small\":{\"file\":\"SHF_eb00261197-440x440.jpg\",\"width\":440,\"height\":440,\"mime-type\":\"image\\\/jpeg\",\"filesize\":27108},\"semi\":{\"file\":\"SHF_eb00261197-580x580.jpg\",\"width\":580,\"height\":580,\"mime-type\":\"image\\\/jpeg\",\"filesize\":41029},\"mobile\":{\"file\":\"SHF_eb00261197-720x720.jpg\",\"width\":720,\"height\":720,\"mime-type\":\"image\\\/jpeg\",\"filesize\":56338},\"original\":{\"file\":\"SHF_eb00261197.jpg\",\"width\":960,\"height\":960}},\n\t\t\t\t\"alt\" : \"Junger Mann mit Mikrofon spricht leidenschaftlich, h\\u00e4lt eine Zeitschrift in der Hand, B\\u00fchnenlicht strahlt im Hintergrund.\",\n\t\t\t\t\"path\" : \"\\\/wp-content\\\/uploads\\\/2026\\\/02\\\/\",\n\t\t\t\t\"video\" : null,\n\t\t\t\t\"autoplay\" : null,\n\t\t\t\t\"youtube\" : null,\n\t\t\t\t\"youtubelabel\" : \"Video abspielen\",\n\t\t\t\t\"brightness\" : 100,\n\t\t\t\t\"crop\" : null,\n\t\t\t\t\"background\" : false,\n\t\t\t\t\"scale\" : 1\t\t\t\t}\n\t\t\t<\/script>\n\n\t\t\t<div class=\"height-container\" style=\"padding-bottom:100%;\" v-if=\"sizes\">\n\t\t\t\t\t\t\t\t<lazy-media :inline=\"true\" :alt=\"alt\" :sizes=\"sizes\" :scale=\"scale\" :brightness=\"brightness\" :path=\"path\" :video=\"video\" :autoplay=\"autoplay\" :youtube=\"youtube\" :crop=\"crop\" :youtubelabel=\"youtubelabel\" :background=\"background\" media-id=\"desc_media_69edd5fca2420\"><\/lazy-media>\n\t\t\t\t\t\t\t<\/div>\n\n\t\t\t\t\t\t\t<div class=\"lazy-media-info-container-fluid\">\n\t\t\t\t<div class=\"lazy-media-info-row end-xs\">\n\t\t\t\t\t<div class=\"lazy-media-info-col\">\n\t\t\t\t\t\t<div class=\"lazy-media-info\" aria-expanded=\"false\" :aria-expanded=\"isOpen ? 'true' : 'false'\">\n\t\t\t\t\t\t\t<button class=\"lazy-media-info-head button-tiny\" :class=\"{'button-active': isOpen}\" @click=\"toggle\" ref=\"head\"><span class=\"button-label insignificant\">Bildinfo<\/span><\/button>\n\t\t\t\t\t\t\t<figcaption class=\"lazy-media-info-body\" ref=\"body\" id=\"desc_media_69edd5fca2420\">\n\t\t\t\t\t\t\t\t<div class=\"lazy-media-info-body-content\">\n\t\t\t\t\t\t\t\t\t\t\t\t\t\t\t\t\t\t\t<div>Leander Bauer<\/div>\n\t\t\t\t\t\t\t\t\t\t\t\t\t\t\t\t\t\t\t\t\t\t\t\t\t\t\t\t\t\t\t\t\t\t\t\t\t<div class=\"insignificant\">\u00a9 Tobias Heyel<\/div>\n\t\t\t\t\t\t\t\t\t\t\t\t\t\t\t\t\t<\/div>\n\t\t\t\t\t\t\t<\/figcaption>\n\t\t\t\t\t\t\t<div class=\"lazy-media-info-head-border\"><\/div>\n\t\t\t\t\t\t<\/div>\n\t\t\t\t\t<\/div>\n\t\t\t\t<\/div>\n\t\t\t<\/div>\n\t\t\t\t\t\t\t\t\t<\/figure>\n\t<\/lazy-media-inline>\n\t\t\t<\/div>\n\t\t\t<div class=\"col-xs-10 col-sm-6 col-md-5 copy margin-bottom-half\"><h4><span class=\"text_node rw_adf_text_strong\" data-v-eb79c009=\"\" data-v-97f42bc7=\"\">Leander Bauer<\/span><\/h4>\n<p class=\"\" data-v-97f42bc7=\"\"><span class=\"text_node\" data-v-eb79c009=\"\" data-v-97f42bc7=\"\">Leander Bauer erz\u00e4hlt kleine Geschichten, die Gro\u00dfes bedeuten und zwar in ganz unterschiedlichen Formen. Mal prosaisch, mal lyrisch, oft lustig, manchmal nachdenklich, hin und wieder auch alles gleichzeitig.<\/span><br data-v-69772382=\"\" data-v-97f42bc7=\"\" \/><span class=\"text_node\" data-v-eb79c009=\"\" data-v-97f42bc7=\"\">2022 erschien sein Deb\u00fctroman \u201eDer Saboteur\u201c, ein Jahr sp\u00e4ter folgte die Textsammlung \u201eEs gilt das Grunzgesetz\u201c.<\/span><br data-v-69772382=\"\" data-v-97f42bc7=\"\" \/><span class=\"text_node\" data-v-eb79c009=\"\" data-v-97f42bc7=\"\">Bis heute wurde er dreimal zum U20-RLP-Meister gek\u00fcrt, er wurde deutschsprachiger U20-Vizemeister im Einzel und U20-Meister im Team.<\/span><br data-v-69772382=\"\" data-v-97f42bc7=\"\" \/><span class=\"text_node\" data-v-eb79c009=\"\" data-v-97f42bc7=\"\">Abseits der B\u00fchne arbeitet Bauer journalistisch und im Filmbereich. Seit 2025 studiert er an der Filmuniversit\u00e4t Babelsberg KONRAD WOLF.<\/span><\/p>\n<\/div>\n\t\t<\/div>\n\t<\/div>\n<\/section>\n\n<section class=\"block block-teaser col-1 \" style=\"\">\n\t<lazy-component :fixed-min-height=\"400\">\n\t\n\t\t\t\t\t<div class=\"container-fluid\">\n\t\t\t\t<div class=\"row bottom-xs\">\n\t\t\t\t\t<div class=\"col-xs-12 col-sm-10 col-md-8 col-sm-offset-1 col-md-offset-2\">\n\t\t\t\t\t\t<h4>geh\u00f6rt zu<\/h4>\t\t\t\t\t\t\t\t\t\t\t\t\t\t\t\t\t\t\t<\/div>\n\t\t\t\t\t<div class=\"col-xs-12 col-sm-10 col-md-8 col-sm-offset-1 col-md-offset-2 start-xs end-md margin-bottom-sixth\">\n\t\t\t\t\t\t\t\t\t\t\t<\/div>\n\t\t\t\t<\/div>\n\t\t\t\t<ul class=\"row\">\n\t\t\t\n<li class=\"col-xs-12 teaser-wrapper col-padding-remove\">\n\t<calendarteaser key=\"12283413560\" rawitem='{&quot;postId&quot;:122834,&quot;title&quot;:&quot;#Logoskop&quot;,&quot;excerpt&quot;:&quot;&quot;,&quot;slug&quot;:&quot;logoskop&quot;,&quot;type&quot;:&quot;event-sequence&quot;,&quot;post_date&quot;:&quot;2024-02-15T12:48&quot;,&quot;permalink&quot;:&quot;https:\\\/\\\/www.humboldtforum.org\\\/de\\\/programm\\\/event-reihe\\\/literatur\\\/logoskop-122834\\\/&quot;,&quot;genre&quot;:[423],&quot;genre_details&quot;:[{&quot;text&quot;:&quot;Literatur&quot;,&quot;id&quot;:423,&quot;icon&quot;:null,&quot;parent&quot;:0}],&quot;stakeholder&quot;:[409],&quot;stakeholder_details&quot;:[{&quot;text&quot;:&quot;Humboldt-Universit\\u00e4t zu Berlin&quot;,&quot;id&quot;:409,&quot;icon&quot;:null,&quot;parent&quot;:0}],&quot;age&quot;:[451],&quot;age_details&quot;:[{&quot;text&quot;:&quot;ab 14 Jahre&quot;,&quot;id&quot;:451,&quot;icon&quot;:null,&quot;parent&quot;:0}],&quot;groupsize&quot;:[1049],&quot;groupsize_details&quot;:[{&quot;text&quot;:&quot;max. 25 Personen&quot;,&quot;id&quot;:1049,&quot;icon&quot;:null,&quot;parent&quot;:0}],&quot;place&quot;:[413],&quot;place_details&quot;:{&quot;place&quot;:&quot;Humboldt Forum&quot;,&quot;map&quot;:&quot;Humboldt Forum, Schlossplatz, Berlin&quot;,&quot;room&quot;:&quot;Humboldt Labor, 1. OG&quot;},&quot;icon_overwrite&quot;:&quot;&quot;,&quot;acf&quot;:{&quot;noindex&quot;:false,&quot;keywords&quot;:&quot;&quot;,&quot;belongsto&quot;:[148667],&quot;shorturl&quot;:&quot;&quot;,&quot;subline&quot;:&quot;Dichtung und Wissenschaft im Humboldt Labor&quot;,&quot;additional_info&quot;:{&quot;icon&quot;:&quot;0&quot;,&quot;text&quot;:&quot;&quot;},&quot;highlight_header&quot;:false,&quot;use_video_in_teasers&quot;:false,&quot;hyphenation&quot;:true,&quot;manual_period&quot;:false,&quot;tipp&quot;:false,&quot;joker&quot;:false,&quot;live&quot;:false,&quot;hide_event_in_program&quot;:false,&quot;featured_images&quot;:[158158],&quot;tickettext&quot;:&quot;Kostenfrei, Ticket erforderlich&quot;,&quot;events&quot;:[120269,117862,109871,104864,97379,84992,78090,76831,75019,73727,55288,47639,49447,46766,44231,42748,42294,41393,38641,35170,34774,33351,36549,127906,129582,134454,137424,138804,140214,141546,142753,143518,145838,146845,148730,152541,154957,155805,157338,157706,159188,160708,160712],&quot;overwrite_date&quot;:&quot;Veranstaltungsreihe&quot;},&quot;date&quot;:{&quot;NLAST&quot;:&quot;202605201800&quot;,&quot;NX&quot;:&quot;20260520&quot;,&quot;NXX&quot;:&quot;202605201800&quot;,&quot;from_DATE&quot;:&quot;20211020 18:00&quot;,&quot;from&quot;:1634738400,&quot;to&quot;:1779285600,&quot;to_DATE&quot;:&quot;20260520 18:00&quot;,&quot;from_HRFSHORT&quot;:&quot;20. Okt 2021&quot;,&quot;from_HRFSHORT_WD&quot;:&quot;Mi 20.10.2021&quot;,&quot;to_HRFSHORT&quot;:&quot;20. Mai 2026&quot;,&quot;to_HRFSHORT_WD&quot;:&quot;Mi 20.05.2026&quot;,&quot;from_HRF&quot;:&quot;Mi, 20. Oktober 2021&quot;,&quot;to_HRF&quot;:&quot;Mi, 20. Mai 2026&quot;,&quot;from_to_HRF&quot;:&quot;Mi, 20. Oktober 2021 \\u2013 Mi, 20. Mai 2026&quot;,&quot;from_to_HRFSHORT&quot;:&quot;20. Okt 2021 \\u2013 20. Mai 2026&quot;},&quot;alert&quot;:null,&quot;partof&quot;:[],&quot;marketing_topic&quot;:&quot;&quot;}' inline-template>\n\t<a href=\"https:\/\/www.humboldtforum.org\/de\/programm\/event-reihe\/literatur\/logoskop-122834\/\" class=\"teaser teaser-event-sequence teaser-event-standard\">\n\t\t<div class=\"row\">\n\t\t\t<div class=\"col-xs-12 col-sm-6 col-md-5 col-sm-offset-1 col-md-offset-2 first-sm teaser-event-text Infos\">\n\t\t\t\t<div class=\"teaser-event-standard-text\">\n\t\t\t\t\t<div class=\"margin-bottom-atom\">\n\t\t\t\t\t\t<div class=\"subline clamp-1\" v-html=\"maingenre\"><\/div>\n\t\t\t\t\t\t\t\t\t\t\t<\/div>\n\t\t\t\t\n\t\t\t\t\t<strong class=\"margin-bottom-atom h5\">#Logoskop<\/strong>\n\n\t\t\t\t\t\t\t\t\t\t\t<div class=\"\">Dichtung und Wissenschaft im Humboldt Labor<\/div>\n\t\t\t\t\t\t\t\t\t<\/div>\n\t\t\t\t<div class=\"teaser-bottom border-bottom\">\n\t\t\t\t<calendardateline :rawitem='item' :show-icon=\"true\"><\/calendardateline>\n\t\t\t\t\t<hr>\n\t\t\t\t<\/div>\n\t\t\t<\/div>\n\t\t\t<div class=\"col-xs-12 col-sm-4 col-md-3 teaser-event-image bottom-xs first-xs\">\n\t\t\t\t<div class=\"teaser-image teaser-image-no-alternate\">\n\t\t\t\t\t\t\t\t\t\t\t\n\t<lazy-media-inline inline-template>\n\t\t<figure itemscope itemtype=\"http:\/\/schema.org\/ImageObject\" class=\"lazy-media-inline \" role=\"group\" id=\"media_69edd5fd49aa0\" aria-labelledby=\"desc_media_69edd5fd49aa0\">\n\t\t\t<script type=\"application\/json\" ref=\"data\">\n\t\t\t\t{\n\t\t\t\t\"sizes\" : {\"medium\":{\"file\":\"SHF_eb00258461-300x200.jpg\",\"width\":300,\"height\":200,\"mime-type\":\"image\\\/jpeg\",\"filesize\":8986},\"large\":{\"file\":\"SHF_eb00258461-1024x683.jpg\",\"width\":1024,\"height\":683,\"mime-type\":\"image\\\/jpeg\",\"filesize\":65601},\"thumbnail\":{\"file\":\"SHF_eb00258461-150x150.jpg\",\"width\":150,\"height\":150,\"mime-type\":\"image\\\/jpeg\",\"filesize\":5556},\"medium_large\":{\"file\":\"SHF_eb00258461-768x512.jpg\",\"width\":768,\"height\":512,\"mime-type\":\"image\\\/jpeg\",\"filesize\":38869},\"small\":{\"file\":\"SHF_eb00258461-440x293.jpg\",\"width\":440,\"height\":293,\"mime-type\":\"image\\\/jpeg\",\"filesize\":15795},\"semi\":{\"file\":\"SHF_eb00258461-580x387.jpg\",\"width\":580,\"height\":387,\"mime-type\":\"image\\\/jpeg\",\"filesize\":24761},\"mobile\":{\"file\":\"SHF_eb00258461-720x480.jpg\",\"width\":720,\"height\":480,\"mime-type\":\"image\\\/jpeg\",\"filesize\":34846},\"hd\":{\"file\":\"SHF_eb00258461-1280x853.jpg\",\"width\":1280,\"height\":853,\"mime-type\":\"image\\\/jpeg\",\"filesize\":100522},\"full\":{\"file\":\"SHF_eb00258461-1920x1280.jpg\",\"width\":1920,\"height\":1280,\"mime-type\":\"image\\\/jpeg\",\"filesize\":222852},\"xxl\":{\"file\":\"SHF_eb00258461-4048x2699.jpg\",\"width\":4048,\"height\":2699,\"mime-type\":\"image\\\/jpeg\",\"filesize\":1079893},\"1536x1536\":{\"file\":\"SHF_eb00258461-1536x1024.jpg\",\"width\":1536,\"height\":1024,\"mime-type\":\"image\\\/jpeg\",\"filesize\":142551},\"2048x2048\":{\"file\":\"SHF_eb00258461-2048x1365.jpg\",\"width\":2048,\"height\":1365,\"mime-type\":\"image\\\/jpeg\",\"filesize\":253879},\"original\":{\"file\":\"SHF_eb00258461.jpg\",\"width\":6000,\"height\":4000}},\n\t\t\t\t\"alt\" : \"Junger Mann spricht am Mikrofon mit Notizen vor einem textlastigen Wasser-Hintergrund.\",\n\t\t\t\t\"path\" : \"\\\/wp-content\\\/uploads\\\/2024\\\/02\\\/\",\n\t\t\t\t\"video\" : null,\n\t\t\t\t\"autoplay\" : null,\n\t\t\t\t\"youtube\" : null,\n\t\t\t\t\"youtubelabel\" : \"Video abspielen\",\n\t\t\t\t\"brightness\" : 100,\n\t\t\t\t\"crop\" : {\"top\":\"32.37\",\"left\":\"53.43\"},\n\t\t\t\t\"background\" : true,\n\t\t\t\t\"scale\" : 2\t\t\t\t}\n\t\t\t<\/script>\n\n\t\t\t<div class=\"height-container\" style=\"padding-bottom:66.666666666667%;\" v-if=\"sizes\">\n\t\t\t\t\t\t\t\t<lazy-media :inline=\"true\" :alt=\"alt\" :sizes=\"sizes\" :scale=\"scale\" :brightness=\"brightness\" :path=\"path\" :video=\"video\" :autoplay=\"autoplay\" :youtube=\"youtube\" :crop=\"crop\" :youtubelabel=\"youtubelabel\" :background=\"background\" media-id=\"desc_media_69edd5fd49aa0\"><\/lazy-media>\n\t\t\t\t\t\t\t<\/div>\n\n\t\t\t\t\t\t\t<figcaption class=\"sr-only\" ref=\"body\" id=\"desc_media_69edd5fd49aa0\">\n\t\t\t\t\t\t\t\t\t\t\t\t\t\t\t\t<div>Performance &quot;#Logoskop Special Teachers&#039; Night &#8211; Dichtung und Wissenschaft mit Clara Nielsen und Noah Klaus&quot; zur Teachers&#039; Night 2025 <\/div>\n\t\t\t\t\t\t\t\t\t\t\t\t\t\t\t\t<div class=\"insignificant\">\u00a9 Humboldt-Universit\u00e4t zu Berlin \/ Stiftung Humboldt Forum im Berliner Schloss, Foto: Frank Sperling<\/div>\n\t\t\t\t\t\t\t\t\t<\/figcaption>\n\t\t\t\t\t<\/figure>\n\t<\/lazy-media-inline>\n\t\t\t\t<\/div>\n\t\t\t<\/div>\n\t\t<\/div>\n\t<\/a>\n\t<\/calendarteaser>\n<\/li>\n\n\n<li class=\"col-xs-12 teaser-wrapper col-padding-remove\">\n\t<calendarteaser key=\"14866714550\" rawitem='{&quot;postId&quot;:148667,&quot;title&quot;:&quot;On Water&quot;,&quot;excerpt&quot;:&quot;&quot;,&quot;slug&quot;:&quot;on-water-wasserwissen-in-berlin&quot;,&quot;post_date&quot;:&quot;2025-07-14T15:10&quot;,&quot;type&quot;:&quot;event-period&quot;,&quot;permalink&quot;:&quot;https:\\\/\\\/www.humboldtforum.org\\\/de\\\/programm\\\/laufzeitangebot\\\/ausstellung\\\/on-water-wasserwissen-in-berlin-148667\\\/&quot;,&quot;genre&quot;:[391],&quot;genre_details&quot;:[{&quot;text&quot;:&quot;Ausstellung&quot;,&quot;id&quot;:391,&quot;icon&quot;:null,&quot;parent&quot;:0}],&quot;stakeholder&quot;:[409],&quot;stakeholder_details&quot;:[{&quot;text&quot;:&quot;Humboldt-Universit\\u00e4t zu Berlin&quot;,&quot;id&quot;:409,&quot;icon&quot;:null,&quot;parent&quot;:0}],&quot;targetgroup&quot;:[383,455],&quot;targetgroup_details&quot;:[{&quot;text&quot;:&quot;Erwachsene&quot;,&quot;id&quot;:383,&quot;icon&quot;:null,&quot;parent&quot;:0},{&quot;text&quot;:&quot;Jugendliche&quot;,&quot;id&quot;:455,&quot;icon&quot;:null,&quot;parent&quot;:0}],&quot;language&quot;:[384,385],&quot;language_details&quot;:[{&quot;text&quot;:&quot;Deutsch&quot;,&quot;id&quot;:384,&quot;icon&quot;:null,&quot;parent&quot;:0},{&quot;text&quot;:&quot;Englisch&quot;,&quot;id&quot;:385,&quot;icon&quot;:null,&quot;parent&quot;:0}],&quot;accessability&quot;:[430],&quot;accessability_details&quot;:[{&quot;text&quot;:&quot;Rollstuhlgerecht&quot;,&quot;id&quot;:430,&quot;icon&quot;:null,&quot;parent&quot;:0}],&quot;place&quot;:[413],&quot;place_details&quot;:{&quot;place&quot;:&quot;Humboldt Forum&quot;,&quot;map&quot;:&quot;Humboldt Forum, Schlossplatz, Berlin&quot;,&quot;room&quot;:&quot;Humboldt Labor, 1. OG&quot;},&quot;icon_overwrite&quot;:&quot;&quot;,&quot;acf&quot;:{&quot;noindex&quot;:false,&quot;keywords&quot;:&quot;&quot;,&quot;shorturl&quot;:&quot;onwater&quot;,&quot;planning&quot;:{&quot;price&quot;:&quot;&quot;,&quot;status&quot;:&quot;BUY&quot;,&quot;info&quot;:&quot;Eintritt frei&quot;,&quot;shop&quot;:&quot;&quot;,&quot;can_purchase&quot;:false},&quot;use_opening_hours_of_the_house&quot;:false,&quot;periods&quot;:[{&quot;label&quot;:&quot;&quot;,&quot;dates&quot;:[{&quot;start&quot;:&quot;202510100000&quot;,&quot;end&quot;:&quot;202709270000&quot;,&quot;has_end&quot;:true,&quot;start_HRFSHORT&quot;:&quot;10.10.25&quot;,&quot;start_HRFSHORT_WD&quot;:&quot;Fr 10.10.2025&quot;,&quot;end_HRFSHORT&quot;:&quot;27.09.27&quot;}],&quot;monday&quot;:[{&quot;start&quot;:&quot;10:30&quot;,&quot;end&quot;:&quot;18:30&quot;,&quot;closed&quot;:false}],&quot;tuesday&quot;:[{&quot;start&quot;:null,&quot;end&quot;:null,&quot;closed&quot;:true}],&quot;wednesday&quot;:[{&quot;start&quot;:&quot;10:30&quot;,&quot;end&quot;:&quot;18:30&quot;,&quot;closed&quot;:false}],&quot;thursday&quot;:[{&quot;start&quot;:&quot;10:30&quot;,&quot;end&quot;:&quot;18:30&quot;,&quot;closed&quot;:false}],&quot;friday&quot;:[{&quot;start&quot;:&quot;10:30&quot;,&quot;end&quot;:&quot;18:30&quot;,&quot;closed&quot;:false}],&quot;saturday&quot;:[{&quot;start&quot;:&quot;10:30&quot;,&quot;end&quot;:&quot;18:30&quot;,&quot;closed&quot;:false}],&quot;sunday&quot;:[{&quot;start&quot;:&quot;10:30&quot;,&quot;end&quot;:&quot;18:30&quot;,&quot;closed&quot;:false}],&quot;info&quot;:&quot;&quot;,&quot;description&quot;:&quot;&quot;}],&quot;display_as_single&quot;:false,&quot;additional_info&quot;:{&quot;icon&quot;:&quot;icon-bullet_active&quot;,&quot;text&quot;:&quot;Wartungsarbeiten: Am 22.4.2026 sowie am 11.5.2026 wird die Ausstellung \\&quot;On Water\\&quot; nicht zug\\u00e4nglich sein.&quot;},&quot;highlight_header&quot;:true,&quot;has_mobile_format&quot;:true,&quot;use_video_in_teasers&quot;:false,&quot;hyphenation&quot;:false,&quot;tipp&quot;:false,&quot;joker&quot;:false,&quot;live&quot;:false,&quot;hide_event_in_program&quot;:false,&quot;highlight_header_image&quot;:151530,&quot;subline&quot;:&quot;WasserWissen in Berlin&quot;,&quot;highlight_header_image_mobile&quot;:151547,&quot;events&quot;:[151670,151676,151684,152103,152200,152458,152473,152495,152505,152834,153201,153380,153432,154460,154957,155223,155805,157338,157706,33938,122834,159093,159188,159218,160708,160712,161149,161688,162965,162969],&quot;period_exception&quot;:[{&quot;label&quot;:&quot;&quot;,&quot;date&quot;:&quot;202511050000&quot;,&quot;closed&quot;:false,&quot;start&quot;:&quot;11:30&quot;,&quot;end&quot;:&quot;18:30&quot;,&quot;date_HRFSHORT&quot;:&quot;05.11.25&quot;},{&quot;label&quot;:&quot;&quot;,&quot;date&quot;:null,&quot;closed&quot;:false,&quot;start&quot;:null,&quot;end&quot;:null}],&quot;infotext&quot;:&quot;Am Donnerstag, d. 23.4.2026, schlie\\u00dft \\&quot;On Water\\&quot; bereits um 16 Uhr. &quot;},&quot;period_list&quot;:&quot;&lt;strong&gt;\\u00d6ffnungszeiten&lt;\\\/strong&gt;\\nMo, Mi, Do, Fr, Sa, So: 10:30 \\u2013 18:30 Uhr\\nDi: geschlossen\\n\\n&quot;,&quot;period_exception&quot;:&quot;&quot;,&quot;date&quot;:{&quot;infinite&quot;:false,&quot;from_DATE&quot;:202510100000,&quot;from&quot;:1760092200,&quot;from_TIME&quot;:&quot;10:30&quot;,&quot;to&quot;:1822069800,&quot;to_DATE&quot;:202709270000,&quot;to_TIME&quot;:&quot;18:30&quot;,&quot;from_HRFSHORT&quot;:&quot;10. Okt 2025&quot;,&quot;from_HRFSHORT_WD&quot;:&quot;Fr 10.10.2025&quot;,&quot;from_HRF&quot;:&quot;Fr, 10. Oktober 2025&quot;,&quot;to_HRF&quot;:&quot;Mo, 27. September 2027&quot;,&quot;to_HRFSHORT&quot;:&quot;27. Sep 2027&quot;,&quot;to_HRFSHORT_WD&quot;:&quot;Mo 27.09.2027&quot;,&quot;from_to_HRF&quot;:&quot;Fr, 10. Oktober 2025 \\u2013 Mo, 27. September 2027&quot;,&quot;from_to_HRFSHORT&quot;:&quot;10. Okt 2025 \\u2013 27. Sep 2027&quot;,&quot;NXX&quot;:&quot;202604260908&quot;,&quot;NLAST&quot;:&quot;202709271830&quot;,&quot;NX&quot;:&quot;20260426&quot;},&quot;alert&quot;:&quot;Highlight&quot;,&quot;partof&quot;:[],&quot;marketing_topic&quot;:&quot;&quot;}' inline-template>\n\t<a href=\"https:\/\/www.humboldtforum.org\/de\/programm\/laufzeitangebot\/ausstellung\/on-water-wasserwissen-in-berlin-148667\/\" class=\"teaser teaser-event-period teaser-event-standard\">\n\t\t<div class=\"row\">\n\t\t\t<div class=\"col-xs-12 col-sm-6 col-md-5 col-sm-offset-1 col-md-offset-2 first-sm teaser-event-text Infos\">\n\t\t\t\t<div class=\"teaser-event-standard-text\">\n\t\t\t\t\t<div class=\"margin-bottom-atom\">\n\t\t\t\t\t\t<div class=\"subline clamp-1\" v-html=\"maingenre\"><\/div>\n\t\t\t\t\t\t\t\t\t\t\t<\/div>\n\t\t\t\t\n\t\t\t\t\t<strong class=\"margin-bottom-atom h5\">On Water<\/strong>\n\n\t\t\t\t\t\t\t\t\t\t\t<div class=\"\">WasserWissen in Berlin<\/div>\n\t\t\t\t\t\t\t\t\t<\/div>\n\t\t\t\t<div class=\"teaser-bottom border-bottom\">\n\t\t\t\t<calendardateline :rawitem='item' :show-icon=\"true\"><\/calendardateline>\n\t\t\t\t\t<hr>\n\t\t\t\t<\/div>\n\t\t\t<\/div>\n\t\t\t<div class=\"col-xs-12 col-sm-4 col-md-3 teaser-event-image bottom-xs first-xs\">\n\t\t\t\t<div class=\"teaser-image teaser-image-no-alternate\">\n\t\t\t\t\t\t\t\t\t\t\t\t\t<span class=\"alert\">Highlight<\/span>\n\t\t\t\t\t\t\t\t\t\t\t\n\t<lazy-media-inline inline-template>\n\t\t<figure itemscope itemtype=\"http:\/\/schema.org\/ImageObject\" class=\"lazy-media-inline \" role=\"group\" id=\"media_69edd5fd4a740\" aria-labelledby=\"desc_media_69edd5fd4a740\">\n\t\t\t<script type=\"application\/json\" ref=\"data\">\n\t\t\t\t{\n\t\t\t\t\"sizes\" : {\"medium\":{\"file\":\"HumboldtLabor-Webteaser-hoch-1780x3040px-DU-176x300.jpg\",\"width\":176,\"height\":300,\"mime-type\":\"image\\\/jpeg\",\"filesize\":11839},\"large\":{\"file\":\"HumboldtLabor-Webteaser-hoch-1780x3040px-DU-600x1024.jpg\",\"width\":600,\"height\":1024,\"mime-type\":\"image\\\/jpeg\",\"filesize\":102604},\"thumbnail\":{\"file\":\"HumboldtLabor-Webteaser-hoch-1780x3040px-DU-150x150.jpg\",\"width\":150,\"height\":150,\"mime-type\":\"image\\\/jpeg\",\"filesize\":6439},\"medium_large\":{\"file\":\"HumboldtLabor-Webteaser-hoch-1780x3040px-DU-768x1312.jpg\",\"width\":768,\"height\":1312,\"mime-type\":\"image\\\/jpeg\",\"filesize\":160237},\"small\":{\"file\":\"HumboldtLabor-Webteaser-hoch-1780x3040px-DU-258x440.jpg\",\"width\":258,\"height\":440,\"mime-type\":\"image\\\/jpeg\",\"filesize\":23435},\"semi\":{\"file\":\"HumboldtLabor-Webteaser-hoch-1780x3040px-DU-340x580.jpg\",\"width\":340,\"height\":580,\"mime-type\":\"image\\\/jpeg\",\"filesize\":37945},\"mobile\":{\"file\":\"HumboldtLabor-Webteaser-hoch-1780x3040px-DU-422x720.jpg\",\"width\":422,\"height\":720,\"mime-type\":\"image\\\/jpeg\",\"filesize\":55046},\"hd\":{\"file\":\"HumboldtLabor-Webteaser-hoch-1780x3040px-DU-749x1280.jpg\",\"width\":749,\"height\":1280,\"mime-type\":\"image\\\/jpeg\",\"filesize\":153753},\"full\":{\"file\":\"HumboldtLabor-Webteaser-hoch-1780x3040px-DU-1124x1920.jpg\",\"width\":1124,\"height\":1920,\"mime-type\":\"image\\\/jpeg\",\"filesize\":326299},\"1536x1536\":{\"file\":\"HumboldtLabor-Webteaser-hoch-1780x3040px-DU-899x1536.jpg\",\"width\":899,\"height\":1536,\"mime-type\":\"image\\\/jpeg\",\"filesize\":215295},\"2048x2048\":{\"file\":\"HumboldtLabor-Webteaser-hoch-1780x3040px-DU-1199x2048.jpg\",\"width\":1199,\"height\":2048,\"mime-type\":\"image\\\/jpeg\",\"filesize\":368152},\"original\":{\"file\":\"HumboldtLabor-Webteaser-hoch-1780x3040px-DU.jpg\",\"width\":1780,\"height\":3040}},\n\t\t\t\t\"alt\" : \"Key Visual Ausstellung On Water. Wasserwissen in Berlin\",\n\t\t\t\t\"path\" : \"\\\/wp-content\\\/uploads\\\/2025\\\/07\\\/\",\n\t\t\t\t\"video\" : null,\n\t\t\t\t\"autoplay\" : null,\n\t\t\t\t\"youtube\" : null,\n\t\t\t\t\"youtubelabel\" : \"Video abspielen\",\n\t\t\t\t\"brightness\" : 100,\n\t\t\t\t\"crop\" : null,\n\t\t\t\t\"background\" : true,\n\t\t\t\t\"scale\" : 2\t\t\t\t}\n\t\t\t<\/script>\n\n\t\t\t<div class=\"height-container\" style=\"padding-bottom:170.78651685393%;\" v-if=\"sizes\">\n\t\t\t\t\t\t\t\t<lazy-media :inline=\"true\" :alt=\"alt\" :sizes=\"sizes\" :scale=\"scale\" :brightness=\"brightness\" :path=\"path\" :video=\"video\" :autoplay=\"autoplay\" :youtube=\"youtube\" :crop=\"crop\" :youtubelabel=\"youtubelabel\" :background=\"background\" media-id=\"desc_media_69edd5fd4a740\"><\/lazy-media>\n\t\t\t\t\t\t\t<\/div>\n\n\t\t\t\t\t\t\t<figcaption class=\"sr-only\" ref=\"body\" id=\"desc_media_69edd5fd4a740\">\n\t\t\t\t\t\t\t\t\t\t\t\t\t\t\t\t<div>Key Visual Ausstellung On Water. Wasserwissen in Berlin <\/div>\n\t\t\t\t\t\t\t\t\t\t\t\t\t\t\t\t<div class=\"insignificant\">\u00a9 Stiftung Humboldt Forum im Berliner Schloss, Foto: AI generated, Observism<\/div>\n\t\t\t\t\t\t\t\t\t<\/figcaption>\n\t\t\t\t\t<\/figure>\n\t<\/lazy-media-inline>\n\t\t\t\t<\/div>\n\t\t\t<\/div>\n\t\t<\/div>\n\t<\/a>\n\t<\/calendarteaser>\n<\/li>\n\n\t\t\t\t<\/ul>\n\t\t\t<\/div>\n\t\t\t\t<\/lazy-component>\n<\/section>\n\n","protected":false},"template":"","genre":[423],"digital":[],"topic":[],"stakeholder":[409],"editorial":[],"editorialfilter":[],"targetgroup":[],"language":[384],"accessability":[],"age":[],"school":[],"groupsize":[1049],"place":[413],"class_list":["post-159188","event","type-event","status-publish","hentry","genre-literatur","stakeholder-humboldt-universitaet-zu-berlin","language-deutsch","groupsize-max-25-personen","place-humboldt-labor-1-og"],"acf":[],"_links":{"self":[{"href":"https:\/\/www.humboldtforum.org\/de\/wp-json\/wp\/v2\/event\/159188","targetHints":{"allow":["GET"]}}],"collection":[{"href":"https:\/\/www.humboldtforum.org\/de\/wp-json\/wp\/v2\/event"}],"about":[{"href":"https:\/\/www.humboldtforum.org\/de\/wp-json\/wp\/v2\/types\/event"}],"version-history":[{"count":5,"href":"https:\/\/www.humboldtforum.org\/de\/wp-json\/wp\/v2\/event\/159188\/revisions"}],"predecessor-version":[{"id":160112,"href":"https:\/\/www.humboldtforum.org\/de\/wp-json\/wp\/v2\/event\/159188\/revisions\/160112"}],"wp:attachment":[{"href":"https:\/\/www.humboldtforum.org\/de\/wp-json\/wp\/v2\/media?parent=159188"}],"wp:term":[{"taxonomy":"genre","embeddable":true,"href":"https:\/\/www.humboldtforum.org\/de\/wp-json\/wp\/v2\/genre?post=159188"},{"taxonomy":"digital","embeddable":true,"href":"https:\/\/www.humboldtforum.org\/de\/wp-json\/wp\/v2\/digital?post=159188"},{"taxonomy":"topic","embeddable":true,"href":"https:\/\/www.humboldtforum.org\/de\/wp-json\/wp\/v2\/topic?post=159188"},{"taxonomy":"stakeholder","embeddable":true,"href":"https:\/\/www.humboldtforum.org\/de\/wp-json\/wp\/v2\/stakeholder?post=159188"},{"taxonomy":"editorial","embeddable":true,"href":"https:\/\/www.humboldtforum.org\/de\/wp-json\/wp\/v2\/editorial?post=159188"},{"taxonomy":"editorialfilter","embeddable":true,"href":"https:\/\/www.humboldtforum.org\/de\/wp-json\/wp\/v2\/editorialfilter?post=159188"},{"taxonomy":"targetgroup","embeddable":true,"href":"https:\/\/www.humboldtforum.org\/de\/wp-json\/wp\/v2\/targetgroup?post=159188"},{"taxonomy":"language","embeddable":true,"href":"https:\/\/www.humboldtforum.org\/de\/wp-json\/wp\/v2\/language?post=159188"},{"taxonomy":"accessability","embeddable":true,"href":"https:\/\/www.humboldtforum.org\/de\/wp-json\/wp\/v2\/accessability?post=159188"},{"taxonomy":"age","embeddable":true,"href":"https:\/\/www.humboldtforum.org\/de\/wp-json\/wp\/v2\/age?post=159188"},{"taxonomy":"school","embeddable":true,"href":"https:\/\/www.humboldtforum.org\/de\/wp-json\/wp\/v2\/school?post=159188"},{"taxonomy":"groupsize","embeddable":true,"href":"https:\/\/www.humboldtforum.org\/de\/wp-json\/wp\/v2\/groupsize?post=159188"},{"taxonomy":"place","embeddable":true,"href":"https:\/\/www.humboldtforum.org\/de\/wp-json\/wp\/v2\/place?post=159188"}],"curies":[{"name":"wp","href":"https:\/\/api.w.org\/{rel}","templated":true}]}}