{"id":159927,"date":"2026-02-24T12:52:21","date_gmt":"2026-02-24T11:52:21","guid":{"rendered":"https:\/\/www.humboldtforum.org\/?post_type=event&#038;p=159927"},"modified":"2026-02-24T12:52:23","modified_gmt":"2026-02-24T11:52:23","slug":"maraam-tarraf-friends-bei-berlin-global","status":"publish","type":"event","link":"https:\/\/www.humboldtforum.org\/de\/programm\/termin\/comedy\/maraam-tarraf-friends-bei-berlin-global-159927\/","title":{"rendered":"Maraam Tarraf &amp; Friends bei BERLIN GLOBAL\u00a0"},"content":{"rendered":"<section class=\"block block-copy\" >\n    <div class=\"container-fluid\">\n\t\t<div class=\"row \">\n            <div class=\"col-xs-12 col-md-offset-2 col-md-8\">\n                <div class=\"box\">\n                    <div class=\"copy\"><p data-renderer-start-pos=\"5623\" data-local-id=\"28d94674cd04\">Erlebt eine besondere Comedy\u2011Night mitten in der Ausstellung. Maraam \u2013 auf Social Media l\u00e4ngst Stimme einer jungen Community \u2013 bringt ihr Stand\u2011Up\u2011Programm mit zwei von ihr ausgew\u00e4hlten \u00dcberraschungsg\u00e4sten zu BERLIN GLOBAL.<\/p>\n<p data-renderer-start-pos=\"5848\" data-local-id=\"9cb315a9e0c3\">Der Abend ist Teil des Begleitprogramms zur Ausstellung <a href=\"https:\/\/www.humboldtforum.org\/de\/programm\/laufzeitangebot\/ausstellung\/wenn-ich-koenigin-waere-155672\/\" target=\"_blank\" rel=\"noopener\"><em>Wenn ich K\u00f6nig*in w\u00e4re\u2026<\/em><\/a>,\u00a0in der elf Kinder und Jugendliche aus Neuk\u00f6lln ihre Perspektiven auf Alltag, Politik und Stadtleben teilen und Forderungen nach Gerechtigkeit, Meinungsfreiheit und Zusammenhalt formulieren.<\/p>\n<p data-renderer-start-pos=\"6126\" data-local-id=\"7b49a8d10038\">Zwischen ihren Stimmen entsteht ein Raum f\u00fcr Humor, Reflexion und gemeinsames Weiterdenken. In diesem Setting kuratiert und moderiert Maraam eine vielseitige Comedy\u2011Night, die bewegt und begeistert.<\/p>\n<p data-renderer-start-pos=\"6326\" data-local-id=\"00e1da85105c\">Danach erwartet euch ein DJ\u2011Set von NAS TEA \u2013 von mellow bis Popcore und Breaks.<\/p>\n<p data-renderer-start-pos=\"6408\" data-local-id=\"395c6486e8d5\">Maraams \u00dcberraschungsg\u00e4ste geben wir etwa eine Woche vor der Veranstaltung bekannt.<\/p>\n<p data-renderer-start-pos=\"6495\" data-local-id=\"62055a747213\">Wir freuen uns auf euch!<\/p>\n<p data-renderer-start-pos=\"6522\" data-local-id=\"f4626bf561c1\"><strong data-renderer-mark=\"true\">Organisatorischer Hinweis: <\/strong>F\u00fcr das Comedy-Programm stehen Sitzpl\u00e4tze zur freien Platzwahl zur Verf\u00fcgung. F\u00fcr das DJ-Set wird es keine Bestuhlung geben.<\/p>\n<\/div>\n                <\/div>\n            <\/div>\n\t\t<\/div>\n\t\t    <\/div>\n<\/section>\n\n<section class=\"block block-standard-image-copy rev2nd\"> \n\t<div class=\"container-fluid\">\n\t\t<div class=\"row middle-sm\">\n\t\t\t<div class=\"col-xs-10 col-sm-6 margin-bottom-sixth\" data-motion-parallax='{\"child\":\".image-wrapper\",\"mask\":\".lazy-media\",\"tween\":{\"yPercent\": [-15,15]}}'>\n\t\t\t\t\n\t<lazy-media-inline inline-template>\n\t\t<figure itemscope itemtype=\"http:\/\/schema.org\/ImageObject\" class=\"lazy-media-inline lazy-max-height-exception\" role=\"group\" id=\"media_69f2461b33963\" aria-labelledby=\"desc_media_69f2461b33963\">\n\t\t\t<script type=\"application\/json\" ref=\"data\">\n\t\t\t\t{\n\t\t\t\t\"sizes\" : {\"medium\":{\"file\":\"SHF_eb00261530-225x300.jpg\",\"width\":225,\"height\":300,\"mime-type\":\"image\\\/jpeg\",\"filesize\":18272},\"large\":{\"file\":\"SHF_eb00261530-768x1024.jpg\",\"width\":768,\"height\":1024,\"mime-type\":\"image\\\/jpeg\",\"filesize\":122904},\"thumbnail\":{\"file\":\"SHF_eb00261530-150x150.jpg\",\"width\":150,\"height\":150,\"mime-type\":\"image\\\/jpeg\",\"filesize\":7118},\"medium_large\":{\"file\":\"SHF_eb00261530-768x1024.jpg\",\"width\":768,\"height\":1024,\"mime-type\":\"image\\\/jpeg\",\"filesize\":122904},\"small\":{\"file\":\"SHF_eb00261530-330x440.jpg\",\"width\":330,\"height\":440,\"mime-type\":\"image\\\/jpeg\",\"filesize\":32894},\"semi\":{\"file\":\"SHF_eb00261530-435x580.jpg\",\"width\":435,\"height\":580,\"mime-type\":\"image\\\/jpeg\",\"filesize\":51134},\"mobile\":{\"file\":\"SHF_eb00261530-540x720.jpg\",\"width\":540,\"height\":720,\"mime-type\":\"image\\\/jpeg\",\"filesize\":71972},\"original\":{\"file\":\"SHF_eb00261530.jpg\",\"width\":960,\"height\":1280}},\n\t\t\t\t\"alt\" : \"Frau mit Kopftuch und gestreiftem Hemd sitzt entspannt vor grauen Felsen in der Sonne und hat einen freundlichen Blick.\",\n\t\t\t\t\"path\" : \"\\\/wp-content\\\/uploads\\\/2026\\\/02\\\/\",\n\t\t\t\t\"video\" : null,\n\t\t\t\t\"autoplay\" : null,\n\t\t\t\t\"youtube\" : null,\n\t\t\t\t\"youtubelabel\" : \"Video abspielen\",\n\t\t\t\t\"brightness\" : 100,\n\t\t\t\t\"crop\" : null,\n\t\t\t\t\"background\" : false,\n\t\t\t\t\"scale\" : 1\t\t\t\t}\n\t\t\t<\/script>\n\n\t\t\t<div class=\"height-container\" style=\"padding-bottom:133.33333333333%;\" v-if=\"sizes\">\n\t\t\t\t\t\t\t\t<lazy-media :inline=\"true\" :alt=\"alt\" :sizes=\"sizes\" :scale=\"scale\" :brightness=\"brightness\" :path=\"path\" :video=\"video\" :autoplay=\"autoplay\" :youtube=\"youtube\" :crop=\"crop\" :youtubelabel=\"youtubelabel\" :background=\"background\" media-id=\"desc_media_69f2461b33963\"><\/lazy-media>\n\t\t\t\t\t\t\t<\/div>\n\n\t\t\t\t\t\t\t<div class=\"lazy-media-info-container-fluid\">\n\t\t\t\t<div class=\"lazy-media-info-row end-xs\">\n\t\t\t\t\t<div class=\"lazy-media-info-col\">\n\t\t\t\t\t\t<div class=\"lazy-media-info\" aria-expanded=\"false\" :aria-expanded=\"isOpen ? 'true' : 'false'\">\n\t\t\t\t\t\t\t<button class=\"lazy-media-info-head button-tiny\" :class=\"{'button-active': isOpen}\" @click=\"toggle\" ref=\"head\"><span class=\"button-label insignificant\">Bildinfo<\/span><\/button>\n\t\t\t\t\t\t\t<figcaption class=\"lazy-media-info-body\" ref=\"body\" id=\"desc_media_69f2461b33963\">\n\t\t\t\t\t\t\t\t<div class=\"lazy-media-info-body-content\">\n\t\t\t\t\t\t\t\t\t\t\t\t\t\t\t\t\t\t\t<div>Maraam Tarraf<\/div>\n\t\t\t\t\t\t\t\t\t\t\t\t\t\t\t\t\t\t\t\t\t\t\t\t\t\t\t\t\t\t\t\t\t\t\t\t\t<div class=\"insignificant\">\u00a9 &#038; Foto: Derya Arslan<\/div>\n\t\t\t\t\t\t\t\t\t\t\t\t\t\t\t\t\t<\/div>\n\t\t\t\t\t\t\t<\/figcaption>\n\t\t\t\t\t\t\t<div class=\"lazy-media-info-head-border\"><\/div>\n\t\t\t\t\t\t<\/div>\n\t\t\t\t\t<\/div>\n\t\t\t\t<\/div>\n\t\t\t<\/div>\n\t\t\t\t\t\t\t\t\t<\/figure>\n\t<\/lazy-media-inline>\n\t\t\t<\/div>\n\t\t\t<div class=\"col-xs-10 col-sm-6 col-md-5 copy margin-bottom-half\"><h4>Maraam Tarraf<\/h4>\n<p>Maraam Tarraf\u00a0(@maraamharaam)\u00a0ist Comedienne, Schauspielerin und Moderatorin \u2013 und eine der sichtbarsten Stimmen einer neuen Generation. Als pr\u00e4gendes Gesicht der\u00a0Dattelt\u00e4ter, festes Ensemblemitglied der\u00a0Carolin Kebekus Show\u00a0verbindet sie Comedy, Haltung und Popkultur.\u00a0Mit Hunderttausenden Followern auf TikTok und Instagram erreicht sie vor allem ein junges und diverses Publikum.<\/p>\n<\/div>\n\t\t<\/div>\n\t<\/div>\n<\/section>\n\n<section class=\"block block-standard-image-copy rev2nd\"> \n\t<div class=\"container-fluid\">\n\t\t<div class=\"row middle-sm\">\n\t\t\t<div class=\"col-xs-10 col-sm-6 margin-bottom-sixth\" data-motion-parallax='{\"child\":\".image-wrapper\",\"mask\":\".lazy-media\",\"tween\":{\"yPercent\": [-15,15]}}'>\n\t\t\t\t\n\t<lazy-media-inline inline-template>\n\t\t<figure itemscope itemtype=\"http:\/\/schema.org\/ImageObject\" class=\"lazy-media-inline \" role=\"group\" id=\"media_69f2461b34f4b\" aria-labelledby=\"desc_media_69f2461b34f4b\">\n\t\t\t<script type=\"application\/json\" ref=\"data\">\n\t\t\t\t{\n\t\t\t\t\"sizes\" : {\"medium\":{\"file\":\"SHF_eb00261528-300x220.jpg\",\"width\":300,\"height\":220,\"mime-type\":\"image\\\/jpeg\",\"filesize\":8241},\"large\":{\"file\":\"SHF_eb00261528-1024x751.jpg\",\"width\":1024,\"height\":751,\"mime-type\":\"image\\\/jpeg\",\"filesize\":58154},\"thumbnail\":{\"file\":\"SHF_eb00261528-150x150.jpg\",\"width\":150,\"height\":150,\"mime-type\":\"image\\\/jpeg\",\"filesize\":4390},\"medium_large\":{\"file\":\"SHF_eb00261528-768x563.jpg\",\"width\":768,\"height\":563,\"mime-type\":\"image\\\/jpeg\",\"filesize\":34862},\"small\":{\"file\":\"SHF_eb00261528-440x323.jpg\",\"width\":440,\"height\":323,\"mime-type\":\"image\\\/jpeg\",\"filesize\":14525},\"semi\":{\"file\":\"SHF_eb00261528-580x425.jpg\",\"width\":580,\"height\":425,\"mime-type\":\"image\\\/jpeg\",\"filesize\":21952},\"mobile\":{\"file\":\"SHF_eb00261528-720x528.jpg\",\"width\":720,\"height\":528,\"mime-type\":\"image\\\/jpeg\",\"filesize\":30948},\"original\":{\"file\":\"SHF_eb00261528.jpg\",\"width\":1280,\"height\":939}},\n\t\t\t\t\"alt\" : \"Frau in glamorous Outfit sitzt auf einem wei\\u00dfen Stuhl, hat lange Beine und elegantes Styling vor neutralem Hintergrund.\",\n\t\t\t\t\"path\" : \"\\\/wp-content\\\/uploads\\\/2026\\\/02\\\/\",\n\t\t\t\t\"video\" : null,\n\t\t\t\t\"autoplay\" : null,\n\t\t\t\t\"youtube\" : null,\n\t\t\t\t\"youtubelabel\" : \"Video abspielen\",\n\t\t\t\t\"brightness\" : 100,\n\t\t\t\t\"crop\" : null,\n\t\t\t\t\"background\" : false,\n\t\t\t\t\"scale\" : 1\t\t\t\t}\n\t\t\t<\/script>\n\n\t\t\t<div class=\"height-container\" style=\"padding-bottom:73.359375%;\" v-if=\"sizes\">\n\t\t\t\t\t\t\t\t<lazy-media :inline=\"true\" :alt=\"alt\" :sizes=\"sizes\" :scale=\"scale\" :brightness=\"brightness\" :path=\"path\" :video=\"video\" :autoplay=\"autoplay\" :youtube=\"youtube\" :crop=\"crop\" :youtubelabel=\"youtubelabel\" :background=\"background\" media-id=\"desc_media_69f2461b34f4b\"><\/lazy-media>\n\t\t\t\t\t\t\t<\/div>\n\n\t\t\t\t\t\t\t<div class=\"lazy-media-info-container-fluid\">\n\t\t\t\t<div class=\"lazy-media-info-row end-xs\">\n\t\t\t\t\t<div class=\"lazy-media-info-col\">\n\t\t\t\t\t\t<div class=\"lazy-media-info\" aria-expanded=\"false\" :aria-expanded=\"isOpen ? 'true' : 'false'\">\n\t\t\t\t\t\t\t<button class=\"lazy-media-info-head button-tiny\" :class=\"{'button-active': isOpen}\" @click=\"toggle\" ref=\"head\"><span class=\"button-label insignificant\">Bildinfo<\/span><\/button>\n\t\t\t\t\t\t\t<figcaption class=\"lazy-media-info-body\" ref=\"body\" id=\"desc_media_69f2461b34f4b\">\n\t\t\t\t\t\t\t\t<div class=\"lazy-media-info-body-content\">\n\t\t\t\t\t\t\t\t\t\t\t\t\t\t\t\t\t\t\t<div>NAS TEA<\/div>\n\t\t\t\t\t\t\t\t\t\t\t\t\t\t\t\t\t\t\t\t\t\t\t\t\t\t\t\t\t\t\t\t\t\t\t\t\t<div class=\"insignificant\">\u00a9 &#038; Foto: Elissar El Hammoud<\/div>\n\t\t\t\t\t\t\t\t\t\t\t\t\t\t\t\t\t<\/div>\n\t\t\t\t\t\t\t<\/figcaption>\n\t\t\t\t\t\t\t<div class=\"lazy-media-info-head-border\"><\/div>\n\t\t\t\t\t\t<\/div>\n\t\t\t\t\t<\/div>\n\t\t\t\t<\/div>\n\t\t\t<\/div>\n\t\t\t\t\t\t\t\t\t<\/figure>\n\t<\/lazy-media-inline>\n\t\t\t<\/div>\n\t\t\t<div class=\"col-xs-10 col-sm-6 col-md-5 copy margin-bottom-half\"><h4>NAS TEA<\/h4>\n<p>Aufgewachsen in Hamburg und wohnhaft in Berlin ist NAS TEA DJ, Performer*in und Soundk\u00fcnstler*in mit einem Faible f\u00fcr Spannung, Aufl\u00f6sung und Rhythmus. Ihre Sets bewegen sich zwischen Pr\u00e4zision und Chaos \u2013 energetisch, emotional und unvorhersehbar \u2013 gepr\u00e4gt durch einen Hintergrund in Performancekunst und einen furchtlosen Umgang mit Klang. Stets in Bewegung und im Wandel steht NAS TEA am Rand der Berliner Underground\u2011Szene und verwandelt den Dancefloor in einen Raum reiner, gemeinschaftlicher Energie.<\/p>\n<\/div>\n\t\t<\/div>\n\t<\/div>\n<\/section>\n\n<section class=\"block block-teaser col-1 has-bg\" style=\"--teaser-bg:#efefef\">\n\t<lazy-component :fixed-min-height=\"400\">\n\t\n\t\t\t\t\t<div class=\"container-fluid\">\n\t\t\t\t<div class=\"row bottom-xs\">\n\t\t\t\t\t<div class=\"col-xs-12 col-sm-10 col-md-8 col-sm-offset-1 col-md-offset-2\">\n\t\t\t\t\t\t<h4>geh\u00f6rt zu<\/h4>\t\t\t\t\t\t\t\t\t\t\t\t\t\t\t\t\t\t\t<\/div>\n\t\t\t\t\t<div class=\"col-xs-12 col-sm-10 col-md-8 col-sm-offset-1 col-md-offset-2 start-xs end-md margin-bottom-sixth\">\n\t\t\t\t\t\t\t\t\t\t\t<\/div>\n\t\t\t\t<\/div>\n\t\t\t\t<ul class=\"row\">\n\t\t\t\n<li class=\"col-xs-12 teaser-wrapper col-padding-remove\">\n\t<calendarteaser key=\"1556726541\" rawitem='{&quot;postId&quot;:155672,&quot;title&quot;:&quot;Wenn ich K\\u00f6nig*in w\\u00e4re...&quot;,&quot;excerpt&quot;:&quot;&quot;,&quot;slug&quot;:&quot;wenn-ich-koenigin-waere&quot;,&quot;post_date&quot;:&quot;2025-11-12T18:21&quot;,&quot;type&quot;:&quot;event-period&quot;,&quot;permalink&quot;:&quot;https:\\\/\\\/www.humboldtforum.org\\\/de\\\/programm\\\/laufzeitangebot\\\/ausstellung\\\/wenn-ich-koenigin-waere-155672\\\/&quot;,&quot;genre&quot;:[391],&quot;genre_details&quot;:[{&quot;text&quot;:&quot;Ausstellung&quot;,&quot;id&quot;:391,&quot;icon&quot;:null,&quot;parent&quot;:0}],&quot;stakeholder&quot;:[400],&quot;stakeholder_details&quot;:[{&quot;text&quot;:&quot;Kulturprojekte Berlin \\\/ Stadtmuseum Berlin&quot;,&quot;id&quot;:400,&quot;icon&quot;:null,&quot;parent&quot;:0}],&quot;targetgroup&quot;:[383,455],&quot;targetgroup_details&quot;:[{&quot;text&quot;:&quot;Erwachsene&quot;,&quot;id&quot;:383,&quot;icon&quot;:null,&quot;parent&quot;:0},{&quot;text&quot;:&quot;Jugendliche&quot;,&quot;id&quot;:455,&quot;icon&quot;:null,&quot;parent&quot;:0}],&quot;language&quot;:[384,385],&quot;language_details&quot;:[{&quot;text&quot;:&quot;Deutsch&quot;,&quot;id&quot;:384,&quot;icon&quot;:null,&quot;parent&quot;:0},{&quot;text&quot;:&quot;Englisch&quot;,&quot;id&quot;:385,&quot;icon&quot;:null,&quot;parent&quot;:0}],&quot;accessability&quot;:[430,780],&quot;accessability_details&quot;:[{&quot;text&quot;:&quot;Rollstuhlgerecht&quot;,&quot;id&quot;:430,&quot;icon&quot;:null,&quot;parent&quot;:0},{&quot;text&quot;:&quot;Untertitel&quot;,&quot;id&quot;:780,&quot;icon&quot;:null,&quot;parent&quot;:0}],&quot;age&quot;:[1601],&quot;age_details&quot;:[{&quot;text&quot;:&quot;ab 12 Jahre&quot;,&quot;id&quot;:1601,&quot;icon&quot;:null,&quot;parent&quot;:0}],&quot;icon_overwrite&quot;:&quot;&quot;,&quot;acf&quot;:{&quot;noindex&quot;:false,&quot;keywords&quot;:&quot;&quot;,&quot;shorturl&quot;:&quot;&quot;,&quot;planning&quot;:{&quot;price&quot;:&quot;9 EUR \\\/ 0 EUR&quot;,&quot;status&quot;:&quot;BUY&quot;,&quot;info&quot;:&quot;Die Freifl\\u00e4che ist Teil der Ausstellung BERLIN GLOBAL &quot;,&quot;shop&quot;:&quot;https:\\\/\\\/tickets.humboldtforum.org\\\/#\\\/tickets\\\/time?museum_id=1&amp;exhibition_id=1&amp;group=day&amp;date=2025-11-30&quot;,&quot;can_purchase&quot;:true},&quot;use_opening_hours_of_the_house&quot;:false,&quot;periods&quot;:[{&quot;label&quot;:&quot;&quot;,&quot;dates&quot;:[{&quot;start&quot;:&quot;202511300000&quot;,&quot;end&quot;:&quot;202708300000&quot;,&quot;has_end&quot;:true,&quot;start_HRFSHORT&quot;:&quot;30.11.25&quot;,&quot;start_HRFSHORT_WD&quot;:&quot;So 30.11.2025&quot;,&quot;end_HRFSHORT&quot;:&quot;30.08.27&quot;}],&quot;monday&quot;:[{&quot;start&quot;:&quot;10:30&quot;,&quot;end&quot;:&quot;18:30&quot;,&quot;closed&quot;:false}],&quot;tuesday&quot;:[{&quot;start&quot;:null,&quot;end&quot;:null,&quot;closed&quot;:true}],&quot;wednesday&quot;:[{&quot;start&quot;:&quot;10:30&quot;,&quot;end&quot;:&quot;18:30&quot;,&quot;closed&quot;:false}],&quot;thursday&quot;:[{&quot;start&quot;:&quot;10:30&quot;,&quot;end&quot;:&quot;18:30&quot;,&quot;closed&quot;:false}],&quot;friday&quot;:[{&quot;start&quot;:&quot;10:30&quot;,&quot;end&quot;:&quot;18:30&quot;,&quot;closed&quot;:false}],&quot;saturday&quot;:[{&quot;start&quot;:&quot;10:30&quot;,&quot;end&quot;:&quot;18:30&quot;,&quot;closed&quot;:false}],&quot;sunday&quot;:[{&quot;start&quot;:&quot;10:30&quot;,&quot;end&quot;:&quot;18:30&quot;,&quot;closed&quot;:false}],&quot;info&quot;:&quot;&quot;,&quot;description&quot;:&quot;&quot;}],&quot;display_as_single&quot;:false,&quot;subline&quot;:&quot;Junge Visionen aus Neuk\\u00f6lln&quot;,&quot;tickettext&quot;:&quot;Bitte buchen Sie Ihr Ticket vorab online oder an der Kasse im Foyer.&quot;,&quot;additional_info&quot;:{&quot;icon&quot;:&quot;icon-pin&quot;,&quot;text&quot;:&quot;BERLIN GLOBAL, 1. OG \\u2013\\u00a0Raum \\&quot;Verflechtung\\&quot;&quot;},&quot;highlight_header&quot;:false,&quot;featured_images&quot;:[155673],&quot;use_video_in_teasers&quot;:false,&quot;hyphenation&quot;:true,&quot;tipp&quot;:false,&quot;joker&quot;:false,&quot;live&quot;:false,&quot;hide_event_in_program&quot;:false,&quot;events&quot;:[155693,157479,159927],&quot;period_exception&quot;:[]},&quot;period_list&quot;:&quot;&lt;strong&gt;\\u00d6ffnungszeiten&lt;\\\/strong&gt;\\nMo, Mi, Do, Fr, Sa, So: 10:30 \\u2013 18:30 Uhr\\nDi: geschlossen\\n\\n&quot;,&quot;period_exception&quot;:&quot;&quot;,&quot;date&quot;:{&quot;infinite&quot;:false,&quot;from_DATE&quot;:202511300000,&quot;from&quot;:1764498600,&quot;from_TIME&quot;:&quot;10:30&quot;,&quot;to&quot;:1819650600,&quot;to_DATE&quot;:202708300000,&quot;to_TIME&quot;:&quot;18:30&quot;,&quot;from_HRFSHORT&quot;:&quot;30. Nov 2025&quot;,&quot;from_HRFSHORT_WD&quot;:&quot;So 30.11.2025&quot;,&quot;from_HRF&quot;:&quot;So, 30. November 2025&quot;,&quot;to_HRF&quot;:&quot;Mo, 30. August 2027&quot;,&quot;to_HRFSHORT&quot;:&quot;30. Aug 2027&quot;,&quot;to_HRFSHORT_WD&quot;:&quot;Mo 30.08.2027&quot;,&quot;from_to_HRF&quot;:&quot;So, 30. November 2025 \\u2013 Mo, 30. August 2027&quot;,&quot;from_to_HRFSHORT&quot;:&quot;30. Nov 2025 \\u2013 30. Aug 2027&quot;,&quot;NXX&quot;:&quot;202604291755&quot;,&quot;NLAST&quot;:&quot;202708301830&quot;,&quot;NX&quot;:&quot;20260429&quot;},&quot;alert&quot;:null,&quot;partof&quot;:[],&quot;marketing_topic&quot;:&quot;&quot;}' inline-template>\n\t<a href=\"https:\/\/www.humboldtforum.org\/de\/programm\/laufzeitangebot\/ausstellung\/wenn-ich-koenigin-waere-155672\/\" class=\"teaser teaser-event-period teaser-event-standard\">\n\t\t<div class=\"row\">\n\t\t\t<div class=\"col-xs-12 col-sm-6 col-md-5 col-sm-offset-1 col-md-offset-2 first-sm teaser-event-text Infos\">\n\t\t\t\t<div class=\"teaser-event-standard-text\">\n\t\t\t\t\t<div class=\"margin-bottom-atom\">\n\t\t\t\t\t\t<div class=\"subline clamp-1\" v-html=\"maingenre\"><\/div>\n\t\t\t\t\t\t\t\t\t\t\t<\/div>\n\t\t\t\t\n\t\t\t\t\t<strong class=\"margin-bottom-atom h5\">Wenn ich K\u00f6nig*in w\u00e4re&#8230;<\/strong>\n\n\t\t\t\t\t\t\t\t\t\t\t<div class=\"\">Junge Visionen aus Neuk\u00f6lln<\/div>\n\t\t\t\t\t\t\t\t\t<\/div>\n\t\t\t\t<div class=\"teaser-bottom border-bottom\">\n\t\t\t\t<calendardateline :rawitem='item' :show-icon=\"true\"><\/calendardateline>\n\t\t\t\t\t<hr>\n\t\t\t\t<\/div>\n\t\t\t<\/div>\n\t\t\t<div class=\"col-xs-12 col-sm-4 col-md-3 teaser-event-image bottom-xs first-xs\">\n\t\t\t\t<div class=\"teaser-image teaser-image-no-alternate\">\n\t\t\t\t\t\t\t\t\t\t\t\n\t<lazy-media-inline inline-template>\n\t\t<figure itemscope itemtype=\"http:\/\/schema.org\/ImageObject\" class=\"lazy-media-inline \" role=\"group\" id=\"media_69f2461b57424\" aria-labelledby=\"desc_media_69f2461b57424\">\n\t\t\t<script type=\"application\/json\" ref=\"data\">\n\t\t\t\t{\n\t\t\t\t\"sizes\" : {\"medium\":{\"file\":\"SHF_eb00257434-300x141.jpg\",\"width\":300,\"height\":141,\"mime-type\":\"image\\\/jpeg\",\"filesize\":8929},\"large\":{\"file\":\"SHF_eb00257434-1024x480.jpg\",\"width\":1024,\"height\":480,\"mime-type\":\"image\\\/jpeg\",\"filesize\":45556},\"thumbnail\":{\"file\":\"SHF_eb00257434-150x150.jpg\",\"width\":150,\"height\":150,\"mime-type\":\"image\\\/jpeg\",\"filesize\":4721},\"medium_large\":{\"file\":\"SHF_eb00257434-768x360.jpg\",\"width\":768,\"height\":360,\"mime-type\":\"image\\\/jpeg\",\"filesize\":31559},\"small\":{\"file\":\"SHF_eb00257434-440x206.jpg\",\"width\":440,\"height\":206,\"mime-type\":\"image\\\/jpeg\",\"filesize\":14482},\"semi\":{\"file\":\"SHF_eb00257434-580x272.jpg\",\"width\":580,\"height\":272,\"mime-type\":\"image\\\/jpeg\",\"filesize\":21469},\"mobile\":{\"file\":\"SHF_eb00257434-720x338.jpg\",\"width\":720,\"height\":338,\"mime-type\":\"image\\\/jpeg\",\"filesize\":28681},\"original\":{\"file\":\"SHF_eb00257434.jpg\",\"width\":1280,\"height\":600}},\n\t\t\t\t\"alt\" : \"Plakat mit dem Text \\\"Wenn ich K\\u00f6nig*in w\\u00e4re... Junge Visionen aus Neuk\\u00f6lln\\\" und Datumshinweisen. Bunter Hintergrund.\",\n\t\t\t\t\"path\" : \"\\\/wp-content\\\/uploads\\\/2025\\\/11\\\/\",\n\t\t\t\t\"video\" : null,\n\t\t\t\t\"autoplay\" : null,\n\t\t\t\t\"youtube\" : null,\n\t\t\t\t\"youtubelabel\" : \"Video abspielen\",\n\t\t\t\t\"brightness\" : 100,\n\t\t\t\t\"crop\" : null,\n\t\t\t\t\"background\" : true,\n\t\t\t\t\"scale\" : 1\t\t\t\t}\n\t\t\t<\/script>\n\n\t\t\t<div class=\"height-container\" style=\"padding-bottom:46.875%;\" v-if=\"sizes\">\n\t\t\t\t\t\t\t\t<lazy-media :inline=\"true\" :alt=\"alt\" :sizes=\"sizes\" :scale=\"scale\" :brightness=\"brightness\" :path=\"path\" :video=\"video\" :autoplay=\"autoplay\" :youtube=\"youtube\" :crop=\"crop\" :youtubelabel=\"youtubelabel\" :background=\"background\" media-id=\"desc_media_69f2461b57424\"><\/lazy-media>\n\t\t\t\t\t\t\t<\/div>\n\n\t\t\t\t\t\t\t<figcaption class=\"sr-only\" ref=\"body\" id=\"desc_media_69f2461b57424\">\n\t\t\t\t\t\t\t\t\t\t\t\t\t\t\t\t<div>Wenn ich K&ouml;nig*in w&auml;re&#8230; Eine Freifl&auml;che der B&uuml;rgerstiftung Neuk&ouml;lln <\/div>\n\t\t\t\t\t\t\t\t\t\t\t\t\t\t\t\t<div class=\"insignificant\">\u00a9 Stadtmuseum Berlin | Gestaltung: Groupe Dejour<\/div>\n\t\t\t\t\t\t\t\t\t<\/figcaption>\n\t\t\t\t\t<\/figure>\n\t<\/lazy-media-inline>\n\t\t\t\t<\/div>\n\t\t\t<\/div>\n\t\t<\/div>\n\t<\/a>\n\t<\/calendarteaser>\n<\/li>\n\n\t\t\t\t<\/ul>\n\t\t\t<\/div>\n\t\t\t\t<\/lazy-component>\n<\/section>\n\n\n\n<section class=\"block block-headline block-no-margin \" >\n\t<div class=\"container-fluid\">\n\t\t<div class=\"row\">\n\t\t\t\t\t\t\t<div class=\"col-xs-12 col-md-offset-2 col-md-8\">\n\t\t\t\t\t<div class=\"box\">\n\t\t\t\t\t\t<h2 class=\".h2\">Partner<\/h2>\n\t\t\t\t\t<\/div>\n\t\t\t\t<\/div>\n\t\t\t\t\t<\/div>\n\t<\/div>\n<\/section>\n\n\n\n\n<section class=\"block block-logos\" >\n    <div class=\"container-fluid\">\n\t\t<div class=\"row\">\n\t\t\t<div class=\"col-xs-12 col-sm-8 col-sm-offset-2\">\n\t\t\t\t<div class=\"box\">\n\t\t\t\t\t<div class=\"row  middle-xs\">\n\t\t\t\t\t\t\n\t\t\t\t\t\t<div class=\"col-xs-4 col-sm-3 col-sm-2\">\n\t\t\t\t\t\t\t<div class=\"box margin-sixth-top\">\n\t\t\t\t\t\t\t\t<img decoding=\"async\" alt=\"B\u00fcrgerstiftung Neuk\u00f6lln\" src=\"https:\/\/www.humboldtforum.org\/wp-content\/uploads\/2025\/11\/Design-ohne-Titel-5.jpg\" style=\"display: inline-block; width: 100%\" \/>\n\t\t\t\t\t\t\t<\/div>\n\t\t\t\t\t\t<\/div>\n\t\t\t\t\t\t\t\t\t\t\t<\/div>\n\t\t\t\t<\/div>\n\t\t\t<\/div>\n        <\/div>\n    <\/div>\n<\/section>\n","protected":false},"template":"","genre":[1507],"digital":[],"topic":[],"stakeholder":[400],"editorial":[],"editorialfilter":[],"targetgroup":[],"language":[384],"accessability":[],"age":[1321],"school":[],"groupsize":[],"place":[405],"class_list":["post-159927","event","type-event","status-publish","hentry","genre-comedy","stakeholder-kulturprojekte-berlin-stadtmuseum-berlin","language-deutsch","age-ab-16-jahre","place-berlin-ausstellung-1-og"],"acf":[],"_links":{"self":[{"href":"https:\/\/www.humboldtforum.org\/de\/wp-json\/wp\/v2\/event\/159927","targetHints":{"allow":["GET"]}}],"collection":[{"href":"https:\/\/www.humboldtforum.org\/de\/wp-json\/wp\/v2\/event"}],"about":[{"href":"https:\/\/www.humboldtforum.org\/de\/wp-json\/wp\/v2\/types\/event"}],"version-history":[{"count":5,"href":"https:\/\/www.humboldtforum.org\/de\/wp-json\/wp\/v2\/event\/159927\/revisions"}],"predecessor-version":[{"id":160090,"href":"https:\/\/www.humboldtforum.org\/de\/wp-json\/wp\/v2\/event\/159927\/revisions\/160090"}],"wp:attachment":[{"href":"https:\/\/www.humboldtforum.org\/de\/wp-json\/wp\/v2\/media?parent=159927"}],"wp:term":[{"taxonomy":"genre","embeddable":true,"href":"https:\/\/www.humboldtforum.org\/de\/wp-json\/wp\/v2\/genre?post=159927"},{"taxonomy":"digital","embeddable":true,"href":"https:\/\/www.humboldtforum.org\/de\/wp-json\/wp\/v2\/digital?post=159927"},{"taxonomy":"topic","embeddable":true,"href":"https:\/\/www.humboldtforum.org\/de\/wp-json\/wp\/v2\/topic?post=159927"},{"taxonomy":"stakeholder","embeddable":true,"href":"https:\/\/www.humboldtforum.org\/de\/wp-json\/wp\/v2\/stakeholder?post=159927"},{"taxonomy":"editorial","embeddable":true,"href":"https:\/\/www.humboldtforum.org\/de\/wp-json\/wp\/v2\/editorial?post=159927"},{"taxonomy":"editorialfilter","embeddable":true,"href":"https:\/\/www.humboldtforum.org\/de\/wp-json\/wp\/v2\/editorialfilter?post=159927"},{"taxonomy":"targetgroup","embeddable":true,"href":"https:\/\/www.humboldtforum.org\/de\/wp-json\/wp\/v2\/targetgroup?post=159927"},{"taxonomy":"language","embeddable":true,"href":"https:\/\/www.humboldtforum.org\/de\/wp-json\/wp\/v2\/language?post=159927"},{"taxonomy":"accessability","embeddable":true,"href":"https:\/\/www.humboldtforum.org\/de\/wp-json\/wp\/v2\/accessability?post=159927"},{"taxonomy":"age","embeddable":true,"href":"https:\/\/www.humboldtforum.org\/de\/wp-json\/wp\/v2\/age?post=159927"},{"taxonomy":"school","embeddable":true,"href":"https:\/\/www.humboldtforum.org\/de\/wp-json\/wp\/v2\/school?post=159927"},{"taxonomy":"groupsize","embeddable":true,"href":"https:\/\/www.humboldtforum.org\/de\/wp-json\/wp\/v2\/groupsize?post=159927"},{"taxonomy":"place","embeddable":true,"href":"https:\/\/www.humboldtforum.org\/de\/wp-json\/wp\/v2\/place?post=159927"}],"curies":[{"name":"wp","href":"https:\/\/api.w.org\/{rel}","templated":true}]}}