{"id":160481,"date":"2026-03-05T12:40:32","date_gmt":"2026-03-05T11:40:32","guid":{"rendered":"https:\/\/www.humboldtforum.org\/?post_type=event&#038;p=160481"},"modified":"2026-04-02T17:32:24","modified_gmt":"2026-04-02T15:32:24","slug":"sprechstunde-mit-lisa-mueller","status":"publish","type":"event","link":"https:\/\/www.humboldtforum.org\/de\/programm\/termin\/gespraech\/sprechstunde-mit-lisa-mueller-160481\/","title":{"rendered":"Sprechstunde mit Lisa M\u00fcller"},"content":{"rendered":"<section class=\"block block-copy\" >\n    <div class=\"container-fluid\">\n\t\t<div class=\"row \">\n            <div class=\"col-xs-12 col-md-offset-2 col-md-8\">\n                <div class=\"box\">\n                    <div class=\"copy\"><p>Es gibt wohl keine Familie ohne Streits. Warum f\u00fchlt sich Streiten oft so schlimm an? Wie k\u00f6nnen wir lernen gut zu streiten? Und was bin ich eigentlich f\u00fcr ein Streittyp?<\/p>\n<p>Lisa M\u00fcller ist Familienberaterin, Mediatorin und Psychotherapeutin in eigener Praxis. Aus ihrer Arbeit mit Menschen in diversen Beziehungskonstellationen wei\u00df sie, dass Streit nicht grunds\u00e4tzlich schlecht ist \u2013 wenn er nicht destruktiv gef\u00fchrt wird.<\/p>\n<p>Als studierte Psychologin, Mediatorin und ausgebildete tiefenpsychologische Psychotherapeutin hat Lisa M\u00fcller in unterschiedlichen Tageskliniken, als Mediatorin f\u00fcr Paare, WGs und andere Beziehungskonstellationen, sowie in einem Peer-Beratungsprojekt beim Jugendnetzwerk Lambda gearbeitet, in dem junge LGBTIQA+Personen andere junge Personen beraten. Menschen dabei zu unterst\u00fctzen, f\u00fcr sich herauszufinden, wer sie sind und wie sie leben m\u00f6chten, bereitet ihr gro\u00dfe Freude. Neben ihrer eigenen Praxis arbeitet Lisa M\u00fcller in einer Berliner Erziehungs- und Familienberatungsstelle. Hier geht es viel um famili\u00e4re Konflikte, beispielsweise bei Trennungen der Eltern oder zwischen Eltern und Jugendlichen in der Pubert\u00e4t. Lisa M\u00fcller unterst\u00fctzt die Familien dabei, Bed\u00fcrfnisse zu erkennen, L\u00f6sungen zu entwickeln und dem Wunsch der Familienmitglieder nach Bezogenheit und Bindung Raum zu geben.<\/p>\n<p>Aufgrund ihres pers\u00f6nlichen und beruflichen Hintergrunds begleitet sie besonders viele Menschen, die in queeren und anderen unkonventionellen Familienmodellen leben. Familien mit mehr als zwei Eltern, mit trans* und queeren Familienmitgliedern, Co-Elternschaft-Familien ohne Liebesbeziehung oder solche mit polyamoren Beziehungen k\u00f6nnen in der Regel weniger auf Vorbilder und definierte Rollen zur\u00fcckgreifen, was zu gr\u00f6\u00dferen Unsicherheiten f\u00fchren kann. Die Konfliktthemen und Streitmuster gleichen im Gro\u00dfen und Ganzen aber denen in \u201atraditionellen\u2018 Familien, stellt sie fest.<\/p>\n<p>In der Sprechstunde k\u00f6nnen Sie ihr Ihre Fragen stellen. Warum streite ich mich heute anders als zu Beginn meiner (Liebes-)Beziehung? Gibt es Methoden zum konstruktiven Streiten? (Wann) soll ich auf mein Familienmitglied wieder zugehen, obwohl ich mich so ge\u00e4rgert habe? Warum werde ich wie meine Eltern, seitdem ich Kinder habe? Und kann Streit zwischen den Eltern f\u00fcr Kinder eigentlich auch gut sein?<\/p>\n<p>Eine Sprechstunde f\u00fcr Alle \u2013 kostenlos, ohne Terminvereinbarung oder Wartezeit.<\/p>\n<p><em>Moderation: Paul Timo Kaemmerer<\/em><\/p>\n<\/div>\n                <\/div>\n            <\/div>\n\t\t<\/div>\n\t\t    <\/div>\n<\/section>\n\n<section class=\"block block-teaser col-1 has-bg\" style=\"--teaser-bg:#efefef\">\n\t<lazy-component :fixed-min-height=\"400\">\n\t\n\t\t\t\t\t<div class=\"container-fluid\">\n\t\t\t\t<div class=\"row bottom-xs\">\n\t\t\t\t\t<div class=\"col-xs-12 col-sm-10 col-md-8 col-sm-offset-1 col-md-offset-2\">\n\t\t\t\t\t\t<h4>geh\u00f6rt zu<\/h4>\t\t\t\t\t\t\t\t\t\t\t\t\t\t\t\t\t\t\t<\/div>\n\t\t\t\t\t<div class=\"col-xs-12 col-sm-10 col-md-8 col-sm-offset-1 col-md-offset-2 start-xs end-md margin-bottom-sixth\">\n\t\t\t\t\t\t\t\t\t\t\t<\/div>\n\t\t\t\t<\/div>\n\t\t\t\t<ul class=\"row\">\n\t\t\t\n<li class=\"col-xs-12 teaser-wrapper col-padding-remove\">\n\t<calendarteaser key=\"1513792866\" rawitem='{&quot;postId&quot;:151379,&quot;title&quot;:&quot;Sprechstunde: Beziehungsweise Familie&quot;,&quot;excerpt&quot;:&quot;&quot;,&quot;slug&quot;:&quot;sprechstunde&quot;,&quot;type&quot;:&quot;event-sequence&quot;,&quot;post_date&quot;:&quot;2025-09-12T11:55&quot;,&quot;permalink&quot;:&quot;https:\\\/\\\/www.humboldtforum.org\\\/de\\\/programm\\\/event-reihe\\\/diskurs\\\/sprechstunde-151379\\\/&quot;,&quot;genre&quot;:[392,1078],&quot;genre_details&quot;:[{&quot;text&quot;:&quot;Diskurs&quot;,&quot;id&quot;:392,&quot;icon&quot;:null,&quot;parent&quot;:0},{&quot;text&quot;:&quot;Gespr\\u00e4ch&quot;,&quot;id&quot;:1078,&quot;icon&quot;:null,&quot;parent&quot;:0}],&quot;language&quot;:[384],&quot;language_details&quot;:[{&quot;text&quot;:&quot;Deutsch&quot;,&quot;id&quot;:384,&quot;icon&quot;:null,&quot;parent&quot;:0}],&quot;place&quot;:[1558],&quot;place_details&quot;:{&quot;place&quot;:&quot;Mechanische Arena im Foyer&quot;,&quot;map&quot;:&quot;Humboldt Forum, Schlossplatz, Berlin&quot;,&quot;room&quot;:&quot;&quot;},&quot;icon_overwrite&quot;:&quot;&quot;,&quot;acf&quot;:{&quot;noindex&quot;:false,&quot;keywords&quot;:&quot;&quot;,&quot;belongsto&quot;:[148458],&quot;shorturl&quot;:&quot;sprechstunde-familie&quot;,&quot;additional_info&quot;:{&quot;icon&quot;:&quot;icon-preis&quot;,&quot;text&quot;:&quot;Eintritt frei&quot;},&quot;highlight_header&quot;:false,&quot;featured_images&quot;:[151380],&quot;use_video_in_teasers&quot;:false,&quot;hyphenation&quot;:true,&quot;manual_period&quot;:true,&quot;events&quot;:[70848,154685,154695,154704,160481,162925],&quot;tipp&quot;:false,&quot;joker&quot;:false,&quot;live&quot;:false,&quot;hide_event_in_program&quot;:false,&quot;overwrite_date&quot;:&quot;Bis Mai 2026&quot;,&quot;subline&quot;:&quot;Fragen zu Familie und anderen Beziehungsweisen&quot;,&quot;from&quot;:&quot;20251112&quot;,&quot;to&quot;:&quot;20260510&quot;},&quot;date&quot;:{&quot;NLAST&quot;:&quot;202605100800&quot;,&quot;NX&quot;:&quot;20260510&quot;,&quot;from_DATE&quot;:&quot;20251112 08:00&quot;,&quot;from&quot;:1762927200,&quot;to&quot;:1778389200,&quot;to_DATE&quot;:&quot;20260510 08:00&quot;,&quot;from_HRFSHORT&quot;:&quot;12. Nov 2025&quot;,&quot;from_HRFSHORT_WD&quot;:&quot;Mi 12.11.2025&quot;,&quot;to_HRFSHORT&quot;:&quot;10. Mai 2026&quot;,&quot;to_HRFSHORT_WD&quot;:&quot;So 10.05.2026&quot;,&quot;from_HRF&quot;:&quot;Mi, 12. November 2025&quot;,&quot;to_HRF&quot;:&quot;So, 10. Mai 2026&quot;,&quot;from_to_HRF&quot;:&quot;Mi, 12. November 2025 \\u2013 So, 10. Mai 2026&quot;,&quot;from_to_HRFSHORT&quot;:&quot;12. Nov 2025 \\u2013 10. Mai 2026&quot;},&quot;alert&quot;:null,&quot;partof&quot;:[],&quot;marketing_topic&quot;:&quot;&quot;}' inline-template>\n\t<a href=\"https:\/\/www.humboldtforum.org\/de\/programm\/event-reihe\/diskurs\/sprechstunde-151379\/\" class=\"teaser teaser-event-sequence teaser-event-standard\">\n\t\t<div class=\"row\">\n\t\t\t<div class=\"col-xs-12 col-sm-6 col-md-5 col-sm-offset-1 col-md-offset-2 first-sm teaser-event-text Infos\">\n\t\t\t\t<div class=\"teaser-event-standard-text\">\n\t\t\t\t\t<div class=\"margin-bottom-atom\">\n\t\t\t\t\t\t<div class=\"subline clamp-1\" v-html=\"maingenre\"><\/div>\n\t\t\t\t\t\t\t\t\t\t\t<\/div>\n\t\t\t\t\n\t\t\t\t\t<strong class=\"margin-bottom-atom h5\">Sprechstunde: Beziehungsweise Familie<\/strong>\n\n\t\t\t\t\t\t\t\t\t\t\t<div class=\"\">Fragen zu Familie und anderen Beziehungsweisen<\/div>\n\t\t\t\t\t\t\t\t\t<\/div>\n\t\t\t\t<div class=\"teaser-bottom border-bottom\">\n\t\t\t\t<calendardateline :rawitem='item' :show-icon=\"true\"><\/calendardateline>\n\t\t\t\t\t<hr>\n\t\t\t\t<\/div>\n\t\t\t<\/div>\n\t\t\t<div class=\"col-xs-12 col-sm-4 col-md-3 teaser-event-image bottom-xs first-xs\">\n\t\t\t\t<div class=\"teaser-image teaser-image-no-alternate\">\n\t\t\t\t\t\t\t\t\t\t\t\n\t<lazy-media-inline inline-template>\n\t\t<figure itemscope itemtype=\"http:\/\/schema.org\/ImageObject\" class=\"lazy-media-inline \" role=\"group\" id=\"media_69f5d5397cbb8\" aria-labelledby=\"desc_media_69f5d5397cbb8\">\n\t\t\t<script type=\"application\/json\" ref=\"data\">\n\t\t\t\t{\n\t\t\t\t\"sizes\" : {\"medium\":{\"file\":\"SHF_eb00196965-300x200.jpg\",\"width\":300,\"height\":200,\"mime-type\":\"image\\\/jpeg\",\"filesize\":16256},\"large\":{\"file\":\"SHF_eb00196965-1024x683.jpg\",\"width\":1024,\"height\":683,\"mime-type\":\"image\\\/jpeg\",\"filesize\":113443},\"thumbnail\":{\"file\":\"SHF_eb00196965-150x150.jpg\",\"width\":150,\"height\":150,\"mime-type\":\"image\\\/jpeg\",\"filesize\":7544},\"medium_large\":{\"file\":\"SHF_eb00196965-768x512.jpg\",\"width\":768,\"height\":512,\"mime-type\":\"image\\\/jpeg\",\"filesize\":72073},\"small\":{\"file\":\"SHF_eb00196965-440x293.jpg\",\"width\":440,\"height\":293,\"mime-type\":\"image\\\/jpeg\",\"filesize\":29941},\"semi\":{\"file\":\"SHF_eb00196965-580x387.jpg\",\"width\":580,\"height\":387,\"mime-type\":\"image\\\/jpeg\",\"filesize\":46774},\"mobile\":{\"file\":\"SHF_eb00196965-720x480.jpg\",\"width\":720,\"height\":480,\"mime-type\":\"image\\\/jpeg\",\"filesize\":65112},\"hd\":{\"file\":\"SHF_eb00196965-1280x853.jpg\",\"width\":1280,\"height\":853,\"mime-type\":\"image\\\/jpeg\",\"filesize\":159798},\"1536x1536\":{\"file\":\"SHF_eb00196965-1536x1024.jpg\",\"width\":1536,\"height\":1024,\"mime-type\":\"image\\\/jpeg\",\"filesize\":210189},\"original\":{\"file\":\"SHF_eb00196965.jpg\",\"width\":1920,\"height\":1280}},\n\t\t\t\t\"alt\" : \"Veranstaltung in der Mechanischen Arena\",\n\t\t\t\t\"path\" : \"\\\/wp-content\\\/uploads\\\/2025\\\/09\\\/\",\n\t\t\t\t\"video\" : null,\n\t\t\t\t\"autoplay\" : null,\n\t\t\t\t\"youtube\" : null,\n\t\t\t\t\"youtubelabel\" : \"Video abspielen\",\n\t\t\t\t\"brightness\" : 100,\n\t\t\t\t\"crop\" : null,\n\t\t\t\t\"background\" : true,\n\t\t\t\t\"scale\" : 1\t\t\t\t}\n\t\t\t<\/script>\n\n\t\t\t<div class=\"height-container\" style=\"padding-bottom:66.666666666667%;\" v-if=\"sizes\">\n\t\t\t\t\t\t\t\t<lazy-media :inline=\"true\" :alt=\"alt\" :sizes=\"sizes\" :scale=\"scale\" :brightness=\"brightness\" :path=\"path\" :video=\"video\" :autoplay=\"autoplay\" :youtube=\"youtube\" :crop=\"crop\" :youtubelabel=\"youtubelabel\" :background=\"background\" media-id=\"desc_media_69f5d5397cbb8\"><\/lazy-media>\n\t\t\t\t\t\t\t<\/div>\n\n\t\t\t\t\t\t\t<figcaption class=\"sr-only\" ref=\"body\" id=\"desc_media_69f5d5397cbb8\">\n\t\t\t\t\t\t\t\t\t\t\t<div>Veranstaltung in der Mechanischen Arena<\/div>\n\t\t\t\t\t\t\t\t\t\t\t\t\t\t\t\t\t\t\t\t\t<div class=\"insignificant\">\u00a9 Stiftung Humboldt Forum im Berliner Schloss, Foto: Andreas K\u00f6nig\r\n<\/div>\n\t\t\t\t\t\t\t\t\t<\/figcaption>\n\t\t\t\t\t<\/figure>\n\t<\/lazy-media-inline>\n\t\t\t\t<\/div>\n\t\t\t<\/div>\n\t\t<\/div>\n\t<\/a>\n\t<\/calendarteaser>\n<\/li>\n\n\n<li class=\"col-xs-12 teaser-wrapper col-padding-remove\">\n\t<calendarteaser key=\"1484581759\" rawitem='{&quot;postId&quot;:148458,&quot;title&quot;:&quot;Beziehungsweise Familie&quot;,&quot;excerpt&quot;:&quot;&quot;,&quot;slug&quot;:&quot;beziehungsweise-familie&quot;,&quot;post_date&quot;:&quot;2025-06-24T12:35&quot;,&quot;type&quot;:&quot;event-period&quot;,&quot;permalink&quot;:&quot;https:\\\/\\\/www.humboldtforum.org\\\/de\\\/programm\\\/laufzeitangebot\\\/ausstellung\\\/beziehungsweise-familie-148458\\\/&quot;,&quot;genre&quot;:[391,879],&quot;genre_details&quot;:[{&quot;text&quot;:&quot;Ausstellung&quot;,&quot;id&quot;:391,&quot;icon&quot;:null,&quot;parent&quot;:0},{&quot;text&quot;:&quot;Programm&quot;,&quot;id&quot;:879,&quot;icon&quot;:null,&quot;parent&quot;:0}],&quot;stakeholder&quot;:[409,400,530,382],&quot;stakeholder_details&quot;:[{&quot;text&quot;:&quot;Humboldt-Universit\\u00e4t zu Berlin&quot;,&quot;id&quot;:409,&quot;icon&quot;:null,&quot;parent&quot;:0},{&quot;text&quot;:&quot;Kulturprojekte Berlin \\\/ Stadtmuseum Berlin&quot;,&quot;id&quot;:400,&quot;icon&quot;:null,&quot;parent&quot;:0},{&quot;text&quot;:&quot;Staatliche Museen zu Berlin&quot;,&quot;id&quot;:530,&quot;icon&quot;:null,&quot;parent&quot;:0},{&quot;text&quot;:&quot;Stiftung Humboldt Forum im Berliner Schloss&quot;,&quot;id&quot;:382,&quot;icon&quot;:null,&quot;parent&quot;:0}],&quot;icon_overwrite&quot;:&quot;&quot;,&quot;acf&quot;:{&quot;noindex&quot;:false,&quot;keywords&quot;:&quot;&quot;,&quot;shorturl&quot;:&quot;familie&quot;,&quot;planning&quot;:{&quot;price&quot;:&quot;14 EUR \\\/ 7 EUR&quot;,&quot;status&quot;:&quot;BUY&quot;,&quot;info&quot;:&quot;&quot;,&quot;shop&quot;:&quot;https:\\\/\\\/tickets.humboldtforum.org\\\/#\\\/tickets\\\/time?museum_id=1&amp;exhibition_id=17&amp;group=day&amp;date=2025-10-03&quot;,&quot;can_purchase&quot;:true},&quot;use_opening_hours_of_the_house&quot;:false,&quot;display_as_single&quot;:false,&quot;additional_info&quot;:{&quot;icon&quot;:&quot;icon-ort&quot;,&quot;text&quot;:&quot;Alle Etagen im Humboldt Forum und im Museum Knoblauchhaus im Nikolaiviertel&quot;},&quot;highlight_header&quot;:true,&quot;use_video_in_teasers&quot;:false,&quot;hyphenation&quot;:true,&quot;tipp&quot;:false,&quot;joker&quot;:false,&quot;live&quot;:false,&quot;hide_event_in_program&quot;:false,&quot;featured_images&quot;:[149331],&quot;periods&quot;:[{&quot;label&quot;:&quot;&quot;,&quot;dates&quot;:[{&quot;start&quot;:&quot;202510030000&quot;,&quot;end&quot;:&quot;202607120000&quot;,&quot;has_end&quot;:true,&quot;start_HRFSHORT&quot;:&quot;03.10.25&quot;,&quot;start_HRFSHORT_WD&quot;:&quot;Fr 03.10.2025&quot;,&quot;end_HRFSHORT&quot;:&quot;12.07.26&quot;}],&quot;monday&quot;:[{&quot;start&quot;:&quot;10:30&quot;,&quot;end&quot;:&quot;18:30&quot;,&quot;closed&quot;:false}],&quot;tuesday&quot;:[{&quot;start&quot;:null,&quot;end&quot;:null,&quot;closed&quot;:true}],&quot;wednesday&quot;:[{&quot;start&quot;:&quot;10:30&quot;,&quot;end&quot;:&quot;18:30&quot;,&quot;closed&quot;:false}],&quot;thursday&quot;:[{&quot;start&quot;:&quot;10:30&quot;,&quot;end&quot;:&quot;18:30&quot;,&quot;closed&quot;:false}],&quot;friday&quot;:[{&quot;start&quot;:&quot;10:30&quot;,&quot;end&quot;:&quot;18:30&quot;,&quot;closed&quot;:false}],&quot;saturday&quot;:[{&quot;start&quot;:&quot;10:30&quot;,&quot;end&quot;:&quot;18:30&quot;,&quot;closed&quot;:false}],&quot;sunday&quot;:[{&quot;start&quot;:&quot;10:30&quot;,&quot;end&quot;:&quot;18:30&quot;,&quot;closed&quot;:false}],&quot;info&quot;:&quot;&quot;,&quot;description&quot;:&quot;&quot;}],&quot;highlight_header_image&quot;:151143,&quot;has_mobile_format&quot;:true,&quot;events&quot;:[149594,149467,149476,149696,149906,150023,150673,150771,151070,150898,150749,150997,150860,151080,150730,150739,151391,151103,139802,151417,151379,151573,151861,150620,152754,152859,153328,152516,151369,153528,153754,154577,154585,154811,155004,155550,155770,156288,156307,156318,156341,156359,156403,157180,157796,157929,158048,158320,159002,151358,160047,160159,161548,161620,161710,162349,162392,162444],&quot;video&quot;:151139,&quot;highlight_header_image_mobile&quot;:151331,&quot;video_brightness&quot;:&quot;100&quot;,&quot;period_exception&quot;:[]},&quot;period_list&quot;:&quot;&lt;strong&gt;\\u00d6ffnungszeiten&lt;\\\/strong&gt;\\nMo, Mi, Do, Fr, Sa, So: 10:30 \\u2013 18:30 Uhr\\nDi: geschlossen\\n\\n&quot;,&quot;period_exception&quot;:&quot;&quot;,&quot;date&quot;:{&quot;infinite&quot;:false,&quot;from_DATE&quot;:202510030000,&quot;from&quot;:1759487400,&quot;from_TIME&quot;:&quot;10:30&quot;,&quot;to&quot;:1783881000,&quot;to_DATE&quot;:202607120000,&quot;to_TIME&quot;:&quot;18:30&quot;,&quot;from_HRFSHORT&quot;:&quot; 3. Okt 2025&quot;,&quot;from_HRFSHORT_WD&quot;:&quot;Fr 03.10.2025&quot;,&quot;from_HRF&quot;:&quot;Fr,  3. Oktober 2025&quot;,&quot;to_HRF&quot;:&quot;So, 12. Juli 2026&quot;,&quot;to_HRFSHORT&quot;:&quot;12. Jul 2026&quot;,&quot;to_HRFSHORT_WD&quot;:&quot;So 12.07.2026&quot;,&quot;from_to_HRF&quot;:&quot;Fr,  3. Oktober 2025 \\u2013 So, 12. Juli 2026&quot;,&quot;from_to_HRFSHORT&quot;:&quot; 3. Okt 2025 \\u2013 12. Jul 2026&quot;,&quot;NXX&quot;:&quot;202605021043&quot;,&quot;NLAST&quot;:&quot;202607121830&quot;,&quot;NX&quot;:&quot;20260502&quot;},&quot;alert&quot;:&quot;Highlight&quot;,&quot;partof&quot;:[],&quot;marketing_topic&quot;:&quot;&quot;}' inline-template>\n\t<a href=\"https:\/\/www.humboldtforum.org\/de\/programm\/laufzeitangebot\/ausstellung\/beziehungsweise-familie-148458\/\" class=\"teaser teaser-event-period teaser-event-standard\">\n\t\t<div class=\"row\">\n\t\t\t<div class=\"col-xs-12 col-sm-6 col-md-5 col-sm-offset-1 col-md-offset-2 first-sm teaser-event-text Infos\">\n\t\t\t\t<div class=\"teaser-event-standard-text\">\n\t\t\t\t\t<div class=\"margin-bottom-atom\">\n\t\t\t\t\t\t<div class=\"subline clamp-1\" v-html=\"maingenre\"><\/div>\n\t\t\t\t\t\t\t\t\t\t\t<\/div>\n\t\t\t\t\n\t\t\t\t\t<strong class=\"margin-bottom-atom h5\">Beziehungsweise Familie<\/strong>\n\n\t\t\t\t\t\t\t\t\t<\/div>\n\t\t\t\t<div class=\"teaser-bottom border-bottom\">\n\t\t\t\t<calendardateline :rawitem='item' :show-icon=\"true\"><\/calendardateline>\n\t\t\t\t\t<hr>\n\t\t\t\t<\/div>\n\t\t\t<\/div>\n\t\t\t<div class=\"col-xs-12 col-sm-4 col-md-3 teaser-event-image bottom-xs first-xs\">\n\t\t\t\t<div class=\"teaser-image teaser-image-no-alternate\">\n\t\t\t\t\t\t\t\t\t\t\t\t\t<span class=\"alert\">Highlight<\/span>\n\t\t\t\t\t\t\t\t\t\t\t\n\t<lazy-media-inline inline-template>\n\t\t<figure itemscope itemtype=\"http:\/\/schema.org\/ImageObject\" class=\"lazy-media-inline \" role=\"group\" id=\"media_69f5d5397d5c8\" aria-labelledby=\"desc_media_69f5d5397d5c8\">\n\t\t\t<script type=\"application\/json\" ref=\"data\">\n\t\t\t\t{\n\t\t\t\t\"sizes\" : {\"medium\":{\"file\":\"SHF_eb00253556-176x300.jpg\",\"width\":176,\"height\":300,\"mime-type\":\"image\\\/jpeg\",\"filesize\":8824},\"large\":{\"file\":\"SHF_eb00253556-600x1024.jpg\",\"width\":600,\"height\":1024,\"mime-type\":\"image\\\/jpeg\",\"filesize\":63590},\"thumbnail\":{\"file\":\"SHF_eb00253556-150x150.jpg\",\"width\":150,\"height\":150,\"mime-type\":\"image\\\/jpeg\",\"filesize\":4998},\"medium_large\":{\"file\":\"SHF_eb00253556-768x1312.jpg\",\"width\":768,\"height\":1312,\"mime-type\":\"image\\\/jpeg\",\"filesize\":95606},\"small\":{\"file\":\"SHF_eb00253556-258x440.jpg\",\"width\":258,\"height\":440,\"mime-type\":\"image\\\/jpeg\",\"filesize\":16410},\"semi\":{\"file\":\"SHF_eb00253556-340x580.jpg\",\"width\":340,\"height\":580,\"mime-type\":\"image\\\/jpeg\",\"filesize\":25318},\"mobile\":{\"file\":\"SHF_eb00253556-422x720.jpg\",\"width\":422,\"height\":720,\"mime-type\":\"image\\\/jpeg\",\"filesize\":35714},\"hd\":{\"file\":\"SHF_eb00253556-749x1280.jpg\",\"width\":749,\"height\":1280,\"mime-type\":\"image\\\/jpeg\",\"filesize\":92136},\"full\":{\"file\":\"SHF_eb00253556-1124x1920.jpg\",\"width\":1124,\"height\":1920,\"mime-type\":\"image\\\/jpeg\",\"filesize\":180186},\"1536x1536\":{\"file\":\"SHF_eb00253556-899x1536.jpg\",\"width\":899,\"height\":1536,\"mime-type\":\"image\\\/jpeg\",\"filesize\":124765},\"2048x2048\":{\"file\":\"SHF_eb00253556-1199x2048.jpg\",\"width\":1199,\"height\":2048,\"mime-type\":\"image\\\/jpeg\",\"filesize\":199378},\"original\":{\"file\":\"SHF_eb00253556.jpg\",\"width\":1780,\"height\":3040}},\n\t\t\t\t\"alt\" : \"Key Visual Beziehungsweise Familie\",\n\t\t\t\t\"path\" : \"\\\/wp-content\\\/uploads\\\/2025\\\/06\\\/\",\n\t\t\t\t\"video\" : null,\n\t\t\t\t\"autoplay\" : null,\n\t\t\t\t\"youtube\" : null,\n\t\t\t\t\"youtubelabel\" : \"Video abspielen\",\n\t\t\t\t\"brightness\" : 100,\n\t\t\t\t\"crop\" : {\"top\":\"26.77\",\"left\":\"49.25\"},\n\t\t\t\t\"background\" : true,\n\t\t\t\t\"scale\" : 2\t\t\t\t}\n\t\t\t<\/script>\n\n\t\t\t<div class=\"height-container\" style=\"padding-bottom:170.78651685393%;\" v-if=\"sizes\">\n\t\t\t\t\t\t\t\t<lazy-media :inline=\"true\" :alt=\"alt\" :sizes=\"sizes\" :scale=\"scale\" :brightness=\"brightness\" :path=\"path\" :video=\"video\" :autoplay=\"autoplay\" :youtube=\"youtube\" :crop=\"crop\" :youtubelabel=\"youtubelabel\" :background=\"background\" media-id=\"desc_media_69f5d5397d5c8\"><\/lazy-media>\n\t\t\t\t\t\t\t<\/div>\n\n\t\t\t\t\t\t\t<figcaption class=\"sr-only\" ref=\"body\" id=\"desc_media_69f5d5397d5c8\">\n\t\t\t\t\t\t\t\t\t\t\t\t\t\t\t\t<div>Key Visual Beziehungsweise Familie <\/div>\n\t\t\t\t\t\t\t\t\t\t\t\t\t\t\t\t<div class=\"insignificant\">\u00a9 Stiftung Humboldt Forum im Berliner Schloss, Foto: Getty Images, The Image Bank, Karan Kapoor<\/div>\n\t\t\t\t\t\t\t\t\t<\/figcaption>\n\t\t\t\t\t<\/figure>\n\t<\/lazy-media-inline>\n\t\t\t\t<\/div>\n\t\t\t<\/div>\n\t\t<\/div>\n\t<\/a>\n\t<\/calendarteaser>\n<\/li>\n\n\t\t\t\t<\/ul>\n\t\t\t<\/div>\n\t\t\t\t<\/lazy-component>\n<\/section>\n\n","protected":false},"template":"","genre":[1078],"digital":[],"topic":[],"stakeholder":[382],"editorial":[],"editorialfilter":[],"targetgroup":[],"language":[384],"accessability":[],"age":[],"school":[],"groupsize":[],"place":[1558],"class_list":["post-160481","event","type-event","status-publish","hentry","genre-gespraech","stakeholder-stiftung-humboldt-forum-im-berliner-schloss","language-deutsch","place-mechanische-arena-im-foyer"],"acf":[],"_links":{"self":[{"href":"https:\/\/www.humboldtforum.org\/de\/wp-json\/wp\/v2\/event\/160481","targetHints":{"allow":["GET"]}}],"collection":[{"href":"https:\/\/www.humboldtforum.org\/de\/wp-json\/wp\/v2\/event"}],"about":[{"href":"https:\/\/www.humboldtforum.org\/de\/wp-json\/wp\/v2\/types\/event"}],"version-history":[{"count":5,"href":"https:\/\/www.humboldtforum.org\/de\/wp-json\/wp\/v2\/event\/160481\/revisions"}],"predecessor-version":[{"id":162321,"href":"https:\/\/www.humboldtforum.org\/de\/wp-json\/wp\/v2\/event\/160481\/revisions\/162321"}],"wp:attachment":[{"href":"https:\/\/www.humboldtforum.org\/de\/wp-json\/wp\/v2\/media?parent=160481"}],"wp:term":[{"taxonomy":"genre","embeddable":true,"href":"https:\/\/www.humboldtforum.org\/de\/wp-json\/wp\/v2\/genre?post=160481"},{"taxonomy":"digital","embeddable":true,"href":"https:\/\/www.humboldtforum.org\/de\/wp-json\/wp\/v2\/digital?post=160481"},{"taxonomy":"topic","embeddable":true,"href":"https:\/\/www.humboldtforum.org\/de\/wp-json\/wp\/v2\/topic?post=160481"},{"taxonomy":"stakeholder","embeddable":true,"href":"https:\/\/www.humboldtforum.org\/de\/wp-json\/wp\/v2\/stakeholder?post=160481"},{"taxonomy":"editorial","embeddable":true,"href":"https:\/\/www.humboldtforum.org\/de\/wp-json\/wp\/v2\/editorial?post=160481"},{"taxonomy":"editorialfilter","embeddable":true,"href":"https:\/\/www.humboldtforum.org\/de\/wp-json\/wp\/v2\/editorialfilter?post=160481"},{"taxonomy":"targetgroup","embeddable":true,"href":"https:\/\/www.humboldtforum.org\/de\/wp-json\/wp\/v2\/targetgroup?post=160481"},{"taxonomy":"language","embeddable":true,"href":"https:\/\/www.humboldtforum.org\/de\/wp-json\/wp\/v2\/language?post=160481"},{"taxonomy":"accessability","embeddable":true,"href":"https:\/\/www.humboldtforum.org\/de\/wp-json\/wp\/v2\/accessability?post=160481"},{"taxonomy":"age","embeddable":true,"href":"https:\/\/www.humboldtforum.org\/de\/wp-json\/wp\/v2\/age?post=160481"},{"taxonomy":"school","embeddable":true,"href":"https:\/\/www.humboldtforum.org\/de\/wp-json\/wp\/v2\/school?post=160481"},{"taxonomy":"groupsize","embeddable":true,"href":"https:\/\/www.humboldtforum.org\/de\/wp-json\/wp\/v2\/groupsize?post=160481"},{"taxonomy":"place","embeddable":true,"href":"https:\/\/www.humboldtforum.org\/de\/wp-json\/wp\/v2\/place?post=160481"}],"curies":[{"name":"wp","href":"https:\/\/api.w.org\/{rel}","templated":true}]}}