{"id":161796,"date":"2026-04-01T10:17:58","date_gmt":"2026-04-01T08:17:58","guid":{"rendered":"https:\/\/www.humboldtforum.org\/?post_type=event&#038;p=161796"},"modified":"2026-04-01T10:43:49","modified_gmt":"2026-04-01T08:43:49","slug":"bassschluessel-monologe","status":"publish","type":"event","link":"https:\/\/www.humboldtforum.org\/de\/programm\/termin\/konzert\/bassschluessel-monologe-161796\/","title":{"rendered":"Bassschl\u00fcssel-Monologe"},"content":{"rendered":"<section class=\"block block-copy\" >\n    <div class=\"container-fluid\">\n\t\t<div class=\"row \">\n            <div class=\"col-xs-12 col-md-offset-2 col-md-8\">\n                <div class=\"box\">\n                    <div class=\"copy\"><p data-renderer-start-pos=\"3437\" data-local-id=\"1af93f7e-0e68-4fc4-ba23-e6a7cf348e5c\">Gernot Adrion:<\/p>\n<p data-renderer-start-pos=\"3453\" data-local-id=\"6d278947-24fb-486a-951c-c36a1efb4f4d\">Sonate f\u00fcr Violoncello Solo op. 2 (1991)<\/p>\n<p data-renderer-start-pos=\"3495\" data-local-id=\"d01f5ddd-2aaf-4b4e-9bd4-30f3e5c704d8\">Prodos (2021), Monolog f\u00fcr Bassklarinette solo op. 12 (UA)<\/p>\n<p data-renderer-start-pos=\"3555\" data-local-id=\"ef8bd4a9-19f0-460c-91d4-40e33079409a\">H\u00f6ret die Stimme (2024) f\u00fcr Kontrabass solo op. 15 (UA)<\/p>\n<p data-renderer-start-pos=\"3612\" data-local-id=\"62997816c9da\">\n<p data-renderer-start-pos=\"3614\" data-local-id=\"186569914c36\">Drei Solowerke, zwei davon Urauff\u00fchrungen;: Im letzten Mikrokonzert der Saison erklingen drei St\u00fccke von Gernot Adrion, hauptberuflich stellvertretender Solobratscher im Rundfunk-Sinfonieorchester Berlin. Er hat sie drei Orchester-Kollegen auf den Leib geschrieben. Alle drei tummeln sich auf tiefen Instrumenten: Violoncello, Bassklarinette und Kontrabass.<\/p>\n<p data-renderer-start-pos=\"3973\" data-local-id=\"e5b59f2d4909\">Die Sonate f\u00fcr Violoncello besteht aus drei S\u00e4tzen, wobei in der Mitte eine musikalische Meditation die Aufmerksamkeit auf sich zieht. Im Finale k\u00e4mpfen zwei Welten miteinander, eine leise, unruhig dr\u00e4ngende, die ein wenig an die Filmmusik zu \u201eDer wei\u00dfe Hai\u201c erinnert, und eine zackige, blitzende auf der Basis einer Fibonacci-Zahlenfolge. Diese erfand der gleichnahmige italienische Mathematiker urspr\u00fcnglich, um das Wachstum einer Kaninchenfamilie zu beschreiben. Die Zahlenreihe beginnt meist mit 0 und 1 oder 1 und 1, wobei jede folgende Zahl die Summe der beiden vorherigen ist: 1, 1, 2, 3, 5, 8, 13, 21, 34, \u2026<\/p>\n<p data-renderer-start-pos=\"4590\" data-local-id=\"acaa6848e958\">Das Werk f\u00fcr Bassklarinette hei\u00dft \u201eProdos\u201c. Das griechische Wort bedeutet Fortschritt und zeigt \u201emeine pers\u00f6nliche Auseinandersetzung mit zeitgen\u00f6ssischer Musik \u2026 wie meine Haltung dazu ist, findet sich in den Interpretationsanweisungen \u201aresignierend\u2018 und \u201amorendo\u2018 (italienisch: sterbend) \u2026 relativ deutlich.\u201c (Gernot Adrion)<\/p>\n<p data-renderer-start-pos=\"4918\" data-local-id=\"4d977e13d6ba\">\u201eDodekatonalit\u00e4t\u201c nennt Gernot Adrion ein von ihm entwickeltes Kompositionsprinzip, wo eine freie Tonalit\u00e4t \u00fcber einem festen Grundton parallel zu einer Zw\u00f6lftonreihe eingesetzt ist. \u201eWir finden in \u201aH\u00f6ret die Stimme\u2018 f\u00fcr Kontrabass solo eine langsame Einleitung mit einer Zw\u00f6lftonreihe, die sich dennoch wie ein Thema in e-Moll anh\u00f6rt. \u2026 Der Titel \u201aH\u00f6ret die Stimme\u2018 bezieht sich auf einen Roman von Franz Werfel: Wir h\u00f6ren in diesem Werk Hunderte von Seufzern, wie einen Klagegesang. Das erinnert mich an die Klagelieder Jeremias, der wie ein einsamer Rufer in der W\u00fcste agiert, hier in der Rolle eines einsamen Kontrabassisten.\u201c (Gernot Adrion)<\/p>\n<\/div>\n                <\/div>\n            <\/div>\n\t\t<\/div>\n\t\t    <\/div>\n<\/section>\n\n<section class=\"block block-headline block-no-margin \" >\n\t<div class=\"container-fluid\">\n\t\t<div class=\"row\">\n\t\t\t\t\t\t\t<div class=\"col-xs-12 col-md-offset-2 col-md-8\">\n\t\t\t\t\t<div class=\"box\">\n\t\t\t\t\t\t<h2 class=\".h2\">Beteiligte<\/h2>\n\t\t\t\t\t<\/div>\n\t\t\t\t<\/div>\n\t\t\t\t\t<\/div>\n\t<\/div>\n<\/section>\n\n\n\n\n\n<section class=\"block block-accordion\">\n\t<div class=\"container-fluid\">\n\t\t<div class=\"row\">\n\t\t\t<div class=\"col-xs-12 col-md-offset-2 col-md-8\">\n\t\t\t\t<div class=\"box\">\n\t\t\t\t\t\t\t\t\t\t\t<block-accordion inline-template>\n\t\t\t\t\t\t\t<div class=\"accordion\">\n\t\t\t\t\t\t\t\t\t\t\t\t\t\t\t<block-accordion-item inline-template item-headline=\"Gernot Adrion, Komposition\">\n\t\t\t\t\t\t\t\t<div ref=\"item\" data-id=\"GernotAdrionKomposition\" class=\"block-accordion-item vue-initialize\" aria-expanded=\"false\" :aria-expanded=\"active ? 'true' : 'false'\">\n\t\t\t\t\t\t\t\t\t<button class=\"accordion-button-with-icon block-accordion-item-head\" :class=\"{'button-active': active}\" ref=\"head\" aria-controls=\"acc_69ee12643c3d8\" id=\"acc_title_69ee12643c3db\" @click=\"toggle\" @keydown=\"key\">\n\t\t\t\t\t\t\t\t\t<div><span class=\"button-label\">Gernot Adrion, Komposition<\/span><\/div><span class=\"button-icon icon-plus\" aria-hidden=\"true\"><\/span>\n\t\t\t\t\t\t\t\t<\/button>\n\t\t\t\t\t\t\t\t\t<div ref=\"body\" class=\"block-accordion-item-content\" id=\"acc_69ee12643c3d8\" role=\"region\">\n\t\t\t\t\t\t\t\t\t\t<div class=\"wrapper copy\">\n\t\t\t\t\t\t\t\t\t\t\t<p data-renderer-start-pos=\"8330\" data-local-id=\"d08dd2d86ab1\">Gernot Adrion ist seit 1996 stellvertretender Solobratscher im Rundfunk-Sinfonieorchester Berlin.<\/p>\n<p data-renderer-start-pos=\"8429\" data-local-id=\"be8df11472df\">Er studierte bis 1995 am Meistersinger-Konservatorium N\u00fcrnberg bei Hans Kohlhase und war Preistr\u00e4ger verschiedener Wettbewerbe, so des Bundeswettbewerbs \u201eJugend musiziert\u201c, des IHK-Wettbewerbs, des Dr.-Drexel-Wettbewerbs in N\u00fcrnberg und des Deutschen Konservatoriumswettbewerbs in Darmstadt.<\/p>\n<p data-renderer-start-pos=\"8722\" data-local-id=\"c46a680a07df\">Neben seiner p\u00e4dagogischen T\u00e4tigkeit als Mentor der Orchesterakademie des RSB gilt der Kammermusik seine besondere Liebe. Dabei verbindet ihn seit 2006 eine regelm\u00e4\u00dfige Zusammenarbeit mit Susanne Herzog und Hans-Jakob Eschenburg im Gideon-Klein-Trio sowie seit 2012 im Duo mit der Pianistin Yuki Inagawa.<\/p>\n<p data-renderer-start-pos=\"9028\" data-local-id=\"2ae39b5ed1ac\">Gernot Adrion spielt eine Bratsche von Petrus Gaggini.<\/p>\n\n\t\t\t\t\t\t\t\t\t\t\t\t\t\t\t\t\t\t\t\t\t\t\t\t\t\t\t\t\t\t\t\t\t\n\t\t\t\t\t\t\t\t\t\t\t<div class=\"row\">\n\t\t\t\t\t\t\t\t\t\t\t\t<div class=\"col-xs-9 col-md-9\">\n\t\t\t\t\t\t\t\t\t\t\t\t\t<div class=\"box\">\n\t\t\t\t\t\t\t\t\t\t\t\t\t\t\t\t\t\t\t\t\t\t\t\t\t\t\t<\/div>\n\t\t\t\t\t\t\t\t\t\t\t\t<\/div>\n\t\t\t\t\t\t\t\t\t\t\t<\/div>\n\n\t\t\t\t\t\t\t\t\t\t\t\t\t\t\t\t\t\t\t\t\t<\/div>\n\t\t\t\t\t\t\t\t\t<\/div>\n\t\t\t\t\t\t\t\t<\/div>\n\t\t\t\t\t\t\t\t<\/block-accordion-item>\n\t\t\t\t\t\t\t\t\t\t\t\t\t\t<block-accordion-item inline-template item-headline=\"J\u00f6rg Breuninger, Violoncello \">\n\t\t\t\t\t\t\t\t<div ref=\"item\" data-id=\"JrgBreuningerVioloncello\" class=\"block-accordion-item vue-initialize\" aria-expanded=\"false\" :aria-expanded=\"active ? 'true' : 'false'\">\n\t\t\t\t\t\t\t\t\t<button class=\"accordion-button-with-icon block-accordion-item-head\" :class=\"{'button-active': active}\" ref=\"head\" aria-controls=\"acc_69ee12643c6e4\" id=\"acc_title_69ee12643c6e5\" @click=\"toggle\" @keydown=\"key\">\n\t\t\t\t\t\t\t\t\t<div><span class=\"button-label\">J\u00f6rg Breuninger, Violoncello <\/span><\/div><span class=\"button-icon icon-plus\" aria-hidden=\"true\"><\/span>\n\t\t\t\t\t\t\t\t<\/button>\n\t\t\t\t\t\t\t\t\t<div ref=\"body\" class=\"block-accordion-item-content\" id=\"acc_69ee12643c6e4\" role=\"region\">\n\t\t\t\t\t\t\t\t\t\t<div class=\"wrapper copy\">\n\t\t\t\t\t\t\t\t\t\t\t<p data-renderer-start-pos=\"9103\" data-local-id=\"cbae529422d2\">J\u00f6rg Breuninger ist seit 1996 Mitglied im RSB.<\/p>\n<p data-renderer-start-pos=\"9151\" data-local-id=\"4b4229d3e8fa\">Sein Studium mit Diplom absolvierte er an der Musikhochschule Karlsruhe (bei Annemarie Dengler-Speermann) und in K\u00f6ln (bei Claus Kanngiesser). Er erweiterte seine Ausbildung durch Meisterkurse bei Boris Pergamenschikoff, Wolfgang Boettcher und Valentin Berlinski (\u201eBorodin-Quartett\u201c).<\/p>\n<p data-renderer-start-pos=\"9437\" data-local-id=\"48c1f20d8237\">Der Cellist gewann Preise beim Bundeswettbewerb \u201eJugend musiziert\u201c, dem BDI-Wettbewerb, beim Internationalen Kammermusikwettbewerb in Illzach im Streichtrio mit seinen Br\u00fcdern und er erreichte das Finale bei der \u201eMelbourne International Chamber Music Competition\u201c. Er konzertierte in vielen Kammermusik-Formationen, wie z.B. dem \u201eEpos-Streichquartett\u201c und arrangiert au\u00dferdem St\u00fccke f\u00fcr vier Celli, die er gemeinsam mit dem Ensemble \u201eJust four Cellos\u201c auff\u00fchrt.<\/p>\n<p data-renderer-start-pos=\"9900\" data-local-id=\"9ffdb7a2db43\">Als Kammermusiker ist er regelm\u00e4\u00dfig in RSB-Konzerten dabei.<\/p>\n\n\t\t\t\t\t\t\t\t\t\t\t\t\t\t\t\t\t\t\t\t\t\t\t\t\t\t\t\t\t\t\t\t\t\n\t\t\t\t\t\t\t\t\t\t\t<div class=\"row\">\n\t\t\t\t\t\t\t\t\t\t\t\t<div class=\"col-xs-9 col-md-9\">\n\t\t\t\t\t\t\t\t\t\t\t\t\t<div class=\"box\">\n\t\t\t\t\t\t\t\t\t\t\t\t\t\t\t\t\t\t\t\t\t\t\t\t\t\t\t<\/div>\n\t\t\t\t\t\t\t\t\t\t\t\t<\/div>\n\t\t\t\t\t\t\t\t\t\t\t<\/div>\n\n\t\t\t\t\t\t\t\t\t\t\t\t\t\t\t\t\t\t\t\t\t<\/div>\n\t\t\t\t\t\t\t\t\t<\/div>\n\t\t\t\t\t\t\t\t<\/div>\n\t\t\t\t\t\t\t\t<\/block-accordion-item>\n\t\t\t\t\t\t\t\t\t\t\t\t\t\t<block-accordion-item inline-template item-headline=\"Christoph Korn, Bassklarinette \">\n\t\t\t\t\t\t\t\t<div ref=\"item\" data-id=\"ChristophKornBassklarinette\" class=\"block-accordion-item vue-initialize\" aria-expanded=\"false\" :aria-expanded=\"active ? 'true' : 'false'\">\n\t\t\t\t\t\t\t\t\t<button class=\"accordion-button-with-icon block-accordion-item-head\" :class=\"{'button-active': active}\" ref=\"head\" aria-controls=\"acc_69ee12643c984\" id=\"acc_title_69ee12643c985\" @click=\"toggle\" @keydown=\"key\">\n\t\t\t\t\t\t\t\t\t<div><span class=\"button-label\">Christoph Korn, Bassklarinette <\/span><\/div><span class=\"button-icon icon-plus\" aria-hidden=\"true\"><\/span>\n\t\t\t\t\t\t\t\t<\/button>\n\t\t\t\t\t\t\t\t\t<div ref=\"body\" class=\"block-accordion-item-content\" id=\"acc_69ee12643c984\" role=\"region\">\n\t\t\t\t\t\t\t\t\t\t<div class=\"wrapper copy\">\n\t\t\t\t\t\t\t\t\t\t\t<p data-renderer-start-pos=\"9977\" data-local-id=\"0061ac0e9ed2\">Mit vier Jahren begann Christoph Korn, Blockfl\u00f6te zu spielen, zehnj\u00e4hrig wechselte er dann zur Klarinette und bekam an der Chemnitzer Musikschule seinen Unterricht. Mit 13 Jahren ging er an das Robert-Schumann-Konservatorium Zwickau und danach zum Studium an die Hochschule f\u00fcr Musik \u201eCarl Maria von Weber\u201c nach Dresden.<\/p>\n<p data-renderer-start-pos=\"10299\" data-local-id=\"9955934bb27e\">Christoph Korn spielte ab 1999 in verschiedenen Orchestern, u.a. als Substitut in der Dresdner Philharmonie. Neben der Klarinette konzentrierte er sich zunehmend auch auf die Bassklarinette und trat mit diesem Instrument sein Engagement als Berufsmusiker an. Auf Anhieb bestand er das Probespiel beim Rundfunk-Sinfonieorchester Berlin und wurde im Jahre 2002 dessen neuer Solo-Bassklarinettist.<\/p>\n<p data-renderer-start-pos=\"10695\" data-local-id=\"732ee2600a80\">Christoph Korn engagiert sich als Kammermusiker in verschiedenen Formationen, tritt regelm\u00e4\u00dfig als Solist auf und spielt h\u00e4ufig als Aushilfe bei Orchestern wie dem Symphonieorchester des Bayerischen Rundfunks, der Staatskapelle Dresden, dem Deutschen Symphonie-Orchester Berlin, der Komischen Oper Berlin, den Berliner Philharmonikern oder im Konzerthausorchester Berlin. Als Orchester- und Kammermusiker reiste Christoph Korn ins europ\u00e4ische und internationale Ausland.<\/p>\n<p data-renderer-start-pos=\"11167\" data-local-id=\"ae9cd0676848\">In der Spielzeit 2018\/2019 war Christoph Korn Solo-Bassklarinettist der S\u00e4chsischen Staatskapelle und kehrte zur Spielzeit 2019\/2020 in derselben Funktion zum RSB zur\u00fcck.<\/p>\n<p data-renderer-start-pos=\"11339\" data-local-id=\"b9feb8b0d075\">Seit dem Wintersemester 2020\/2021 hat er einen Lehrauftrag an der Hochschule f\u00fcr Musik \u201eHanns Eisler\u201c Berlin f\u00fcr Bassklarinette.<\/p>\n\n\t\t\t\t\t\t\t\t\t\t\t\t\t\t\t\t\t\t\t\t\t\t\t\t\t\t\t\t\t\t\t\t\t\n\t\t\t\t\t\t\t\t\t\t\t<div class=\"row\">\n\t\t\t\t\t\t\t\t\t\t\t\t<div class=\"col-xs-9 col-md-9\">\n\t\t\t\t\t\t\t\t\t\t\t\t\t<div class=\"box\">\n\t\t\t\t\t\t\t\t\t\t\t\t\t\t\t\t\t\t\t\t\t\t\t\t\t\t\t<\/div>\n\t\t\t\t\t\t\t\t\t\t\t\t<\/div>\n\t\t\t\t\t\t\t\t\t\t\t<\/div>\n\n\t\t\t\t\t\t\t\t\t\t\t\t\t\t\t\t\t\t\t\t\t<\/div>\n\t\t\t\t\t\t\t\t\t<\/div>\n\t\t\t\t\t\t\t\t<\/div>\n\t\t\t\t\t\t\t\t<\/block-accordion-item>\n\t\t\t\t\t\t\t\t\t\t\t\t\t\t<block-accordion-item inline-template item-headline=\"Marvin Wagner, Kontrabass\">\n\t\t\t\t\t\t\t\t<div ref=\"item\" data-id=\"MarvinWagnerKontrabass\" class=\"block-accordion-item vue-initialize\" aria-expanded=\"false\" :aria-expanded=\"active ? 'true' : 'false'\">\n\t\t\t\t\t\t\t\t\t<button class=\"accordion-button-with-icon block-accordion-item-head\" :class=\"{'button-active': active}\" ref=\"head\" aria-controls=\"acc_69ee12643cbd8\" id=\"acc_title_69ee12643cbd9\" @click=\"toggle\" @keydown=\"key\">\n\t\t\t\t\t\t\t\t\t<div><span class=\"button-label\">Marvin Wagner, Kontrabass<\/span><\/div><span class=\"button-icon icon-plus\" aria-hidden=\"true\"><\/span>\n\t\t\t\t\t\t\t\t<\/button>\n\t\t\t\t\t\t\t\t\t<div ref=\"body\" class=\"block-accordion-item-content\" id=\"acc_69ee12643cbd8\" role=\"region\">\n\t\t\t\t\t\t\t\t\t\t<div class=\"wrapper copy\">\n\t\t\t\t\t\t\t\t\t\t\t<p data-renderer-start-pos=\"11484\" data-local-id=\"cbc7f65ec82e\">Marvin Wagner erhielt mit acht Jahren seinen ersten Kontrabassunterricht bei Erich Hehenberger. Nach seiner Matura im Jahr 2012 begann er sein k\u00fcnstlerisches Studium bei Prof. Dorin Marc. W\u00e4hrend seiner Ausbildung wurde er Mitglied der Jungen Deutschen Philharmonie sowie des Gustav Mahler Jugendorchesters. 2017 setzte er sein Studium an der Hochschule f\u00fcr Musik \u201eHanns Eisler\u201c in Berlin bei Prof. Janne Saksala fort und vertiefte seine Ausbildung durch Meisterkurse bei Prof. Paradzik und Prof. McTier.<\/p>\n<p data-renderer-start-pos=\"11990\" data-local-id=\"90cc1fdd30dd\">2014 wurde Marvin Wagner mit dem 1. Preis beim 8. Internationalen Johann-Matthias-Sperger-Wettbewerb f\u00fcr Kontrabass ausgezeichnet. Als Solist konzertierte er unter anderem mit den Bad Reichenhaller Philharmonikern, dem Westb\u00f6hmischen Symphonieorchester Marienbad, der Philharmonie Baden-Baden und dem Staatsorchester Rheinische Philharmonie. Er war mehrfacher Stipendiat der Peter-Pirazzi-Stiftung sowie der Studienstiftung des deutschen Volkes.<\/p>\n<p data-renderer-start-pos=\"12437\" data-local-id=\"5570050c2b17\">Neben seiner T\u00e4tigkeit als Solokontrabassist des Rundfunk-Sinfonieorchesters Berlin, Mentor der Kontrabass Akademisten und Assistent von Prof. Janne Saksala an der Universit\u00e4t der K\u00fcnste Berlin ist er regelm\u00e4\u00dfig als Gast-Solobassist bei renommierten Orchestern wie dem Symphonieorchester des Bayerischen Rundfunks, dem Gewandhausorchester Leipzig, den M\u00fcnchner Philharmonikern, dem Deutschen Symphonieorchester Berlin sowie der Deutschen Oper t\u00e4tig. Mit dem Wintersemester 2026\/27 wurde Marvin Wagner als Universit\u00e4tsprofessor f\u00fcr Kontrabass an die Kunstuniversit\u00e4t Graz berufen.<\/p>\n\n\t\t\t\t\t\t\t\t\t\t\t\t\t\t\t\t\t\t\t\t\t\t\t\t\t\t\t\t\t\t\t\t\t\n\t\t\t\t\t\t\t\t\t\t\t<div class=\"row\">\n\t\t\t\t\t\t\t\t\t\t\t\t<div class=\"col-xs-9 col-md-9\">\n\t\t\t\t\t\t\t\t\t\t\t\t\t<div class=\"box\">\n\t\t\t\t\t\t\t\t\t\t\t\t\t\t\t\t\t\t\t\t\t\t\t\t\t\t\t<\/div>\n\t\t\t\t\t\t\t\t\t\t\t\t<\/div>\n\t\t\t\t\t\t\t\t\t\t\t<\/div>\n\n\t\t\t\t\t\t\t\t\t\t\t\t\t\t\t\t\t\t\t\t\t<\/div>\n\t\t\t\t\t\t\t\t\t<\/div>\n\t\t\t\t\t\t\t\t<\/div>\n\t\t\t\t\t\t\t\t<\/block-accordion-item>\n\t\t\t\t\t\t\t\t\t\t\t\t\t\t<block-accordion-item inline-template item-headline=\"Jan Linders, Moderation\">\n\t\t\t\t\t\t\t\t<div ref=\"item\" data-id=\"JanLindersModeration\" class=\"block-accordion-item vue-initialize\" aria-expanded=\"false\" :aria-expanded=\"active ? 'true' : 'false'\">\n\t\t\t\t\t\t\t\t\t<button class=\"accordion-button-with-icon block-accordion-item-head\" :class=\"{'button-active': active}\" ref=\"head\" aria-controls=\"acc_69ee12643cdd6\" id=\"acc_title_69ee12643cdd7\" @click=\"toggle\" @keydown=\"key\">\n\t\t\t\t\t\t\t\t\t<div><span class=\"button-label\">Jan Linders, Moderation<\/span><\/div><span class=\"button-icon icon-plus\" aria-hidden=\"true\"><\/span>\n\t\t\t\t\t\t\t\t<\/button>\n\t\t\t\t\t\t\t\t\t<div ref=\"body\" class=\"block-accordion-item-content\" id=\"acc_69ee12643cdd6\" role=\"region\">\n\t\t\t\t\t\t\t\t\t\t<div class=\"wrapper copy\">\n\t\t\t\t\t\t\t\t\t\t\t\n\t\t\t\t\t\t\t\t\t\t\t\t\t\t\t\t\t\t\t\t\t\t\t\t\t\t\t\t\t\t\t\t\t\n\t\t\t\t\t\t\t\t\t\t\t<div class=\"row\">\n\t\t\t\t\t\t\t\t\t\t\t\t<div class=\"col-xs-9 col-md-9\">\n\t\t\t\t\t\t\t\t\t\t\t\t\t<div class=\"box\">\n\t\t\t\t\t\t\t\t\t\t\t\t\t\t\t\t\t\t\t\t\t\t\t\t\t\t\t<\/div>\n\t\t\t\t\t\t\t\t\t\t\t\t<\/div>\n\t\t\t\t\t\t\t\t\t\t\t<\/div>\n\n\t\t\t\t\t\t\t\t\t\t\t\t\t\t\t\t\t\t\t\t\t<\/div>\n\t\t\t\t\t\t\t\t\t<\/div>\n\t\t\t\t\t\t\t\t<\/div>\n\t\t\t\t\t\t\t\t<\/block-accordion-item>\n\t\t\t\t\t\t\t\t\t\t\t\t\t<\/div>\n\t\t\t\t\t\t<\/block-accordion>\n\t\t\t\t\t\t\t\t\t<\/div>\n\t\t\t<\/div>\n\t\t<\/div>\n\t<\/div>\n<\/section>\n\n\n<section class=\"block block-headline block-no-margin \" >\n\t<div class=\"container-fluid\">\n\t\t<div class=\"row\">\n\t\t\t\t\t\t\t<div class=\"col-xs-12 col-md-offset-2 col-md-8\">\n\t\t\t\t\t<div class=\"box\">\n\t\t\t\t\t\t<h2 class=\".h2\">Partner<\/h2>\n\t\t\t\t\t<\/div>\n\t\t\t\t<\/div>\n\t\t\t\t\t<\/div>\n\t<\/div>\n<\/section>\n\n\n\n\n<section class=\"block block-logos\" >\n    <div class=\"container-fluid\">\n\t\t<div class=\"row\">\n\t\t\t<div class=\"col-xs-12 col-sm-8 col-sm-offset-2\">\n\t\t\t\t<div class=\"box\">\n\t\t\t\t\t<div class=\"row  middle-xs\">\n\t\t\t\t\t\t\n\t\t\t\t\t\t<div class=\"col-xs-4 col-sm-3 col-sm-2\">\n\t\t\t\t\t\t\t<div class=\"box margin-sixth-top\">\n\t\t\t\t\t\t\t\t<img decoding=\"async\" alt=\"RSB Logo 2026\" src=\"https:\/\/www.humboldtforum.org\/wp-content\/uploads\/2026\/03\/SHF_eb00245665.jpg\" style=\"display: inline-block; width: 100%\" \/>\n\t\t\t\t\t\t\t<\/div>\n\t\t\t\t\t\t<\/div>\n\t\t\t\t\t\t\n\t\t\t\t\t\t<div class=\"col-xs-4 col-sm-3 col-sm-2\">\n\t\t\t\t\t\t\t<div class=\"box margin-sixth-top\">\n\t\t\t\t\t\t\t\t<img decoding=\"async\" alt=\"Stiftung Preu\u00dfischer Kulturbesitz (SPK)\" src=\"https:\/\/www.humboldtforum.org\/wp-content\/uploads\/2025\/07\/SHF_eb00005039-1.jpg\" style=\"display: inline-block; width: 100%\" \/>\n\t\t\t\t\t\t\t<\/div>\n\t\t\t\t\t\t<\/div>\n\t\t\t\t\t\t\n\t\t\t\t\t\t<div class=\"col-xs-4 col-sm-3 col-sm-2\">\n\t\t\t\t\t\t\t<div class=\"box margin-sixth-top\">\n\t\t\t\t\t\t\t\t<img decoding=\"async\" alt=\"HU Logo Neu\" src=\"https:\/\/www.humboldtforum.org\/wp-content\/uploads\/2023\/05\/SHF_eb00195020.jpg\" style=\"display: inline-block; width: 100%\" \/>\n\t\t\t\t\t\t\t<\/div>\n\t\t\t\t\t\t<\/div>\n\t\t\t\t\t\t\t\t\t\t\t<\/div>\n\t\t\t\t<\/div>\n\t\t\t<\/div>\n        <\/div>\n    <\/div>\n<\/section>\n\n\n<section class=\"block block-teaser col-1 has-bg\" style=\"--teaser-bg:#efefef\">\n\t<lazy-component :fixed-min-height=\"400\">\n\t\n\t\t\t\t\t<div class=\"container-fluid\">\n\t\t\t\t<div class=\"row bottom-xs\">\n\t\t\t\t\t<div class=\"col-xs-12 col-sm-10 col-md-8 col-sm-offset-1 col-md-offset-2\">\n\t\t\t\t\t\t<h4>geh\u00f6rt zu<\/h4>\t\t\t\t\t\t\t\t\t\t\t\t\t\t\t\t\t\t\t<\/div>\n\t\t\t\t\t<div class=\"col-xs-12 col-sm-10 col-md-8 col-sm-offset-1 col-md-offset-2 start-xs end-md margin-bottom-sixth\">\n\t\t\t\t\t\t\t\t\t\t\t<\/div>\n\t\t\t\t<\/div>\n\t\t\t\t<ul class=\"row\">\n\t\t\t\n<li class=\"col-xs-12 teaser-wrapper col-padding-remove\">\n\t<calendarteaser key=\"1193838146\" rawitem='{&quot;postId&quot;:119383,&quot;title&quot;:&quot;Mikrokonzerte des Rundfunk-Sinfonieorchesters Berlin&quot;,&quot;excerpt&quot;:&quot;&quot;,&quot;slug&quot;:&quot;mikrokonzerte-des-rundfunk-sinfonieorchesters-berlin&quot;,&quot;type&quot;:&quot;event-sequence&quot;,&quot;post_date&quot;:&quot;2024-01-10T15:25&quot;,&quot;permalink&quot;:&quot;https:\\\/\\\/www.humboldtforum.org\\\/de\\\/programm\\\/event-reihe\\\/konzert\\\/mikrokonzerte-des-rundfunk-sinfonieorchesters-berlin-119383\\\/&quot;,&quot;genre&quot;:[393],&quot;genre_details&quot;:[{&quot;text&quot;:&quot;Konzert&quot;,&quot;id&quot;:393,&quot;icon&quot;:null,&quot;parent&quot;:0}],&quot;stakeholder&quot;:[382],&quot;stakeholder_details&quot;:[{&quot;text&quot;:&quot;Stiftung Humboldt Forum im Berliner Schloss&quot;,&quot;id&quot;:382,&quot;icon&quot;:null,&quot;parent&quot;:0}],&quot;targetgroup&quot;:[383,455,454],&quot;targetgroup_details&quot;:[{&quot;text&quot;:&quot;Erwachsene&quot;,&quot;id&quot;:383,&quot;icon&quot;:null,&quot;parent&quot;:0},{&quot;text&quot;:&quot;Jugendliche&quot;,&quot;id&quot;:455,&quot;icon&quot;:null,&quot;parent&quot;:0},{&quot;text&quot;:&quot;Kinder und Familien&quot;,&quot;id&quot;:454,&quot;icon&quot;:null,&quot;parent&quot;:0}],&quot;language&quot;:[422],&quot;language_details&quot;:[{&quot;text&quot;:&quot;Keine Sprachkenntnisse erforderlich&quot;,&quot;id&quot;:422,&quot;icon&quot;:null,&quot;parent&quot;:0}],&quot;place&quot;:[404],&quot;place_details&quot;:{&quot;place&quot;:&quot;Humboldt Forum&quot;,&quot;map&quot;:&quot;Humboldt Forum, Schlossplatz, Berlin&quot;,&quot;room&quot;:&quot;&quot;},&quot;icon_overwrite&quot;:&quot;&quot;,&quot;acf&quot;:{&quot;noindex&quot;:false,&quot;keywords&quot;:&quot;&quot;,&quot;shorturl&quot;:&quot;mikrokonzerte&quot;,&quot;belongsto&quot;:false,&quot;additional_info&quot;:{&quot;icon&quot;:&quot;0&quot;,&quot;text&quot;:&quot;&quot;},&quot;highlight_header&quot;:false,&quot;use_video_in_teasers&quot;:false,&quot;hyphenation&quot;:true,&quot;manual_period&quot;:false,&quot;tipp&quot;:false,&quot;joker&quot;:false,&quot;live&quot;:false,&quot;hide_event_in_program&quot;:false,&quot;featured_images&quot;:[119420],&quot;announcement&quot;:&quot;Veranstaltungsreihe&quot;,&quot;overwrite_date&quot;:&quot;Veranstaltungsreihe&quot;,&quot;events&quot;:[141036,154588,156510,157394,158848,160047,161796]},&quot;date&quot;:{&quot;NLAST&quot;:&quot;202604121500&quot;,&quot;NX&quot;:null,&quot;NXX&quot;:null,&quot;from_DATE&quot;:&quot;20250105 14:00&quot;,&quot;from&quot;:1736078400,&quot;to&quot;:1775995200,&quot;to_DATE&quot;:&quot;20260412 15:00&quot;,&quot;from_HRFSHORT&quot;:&quot; 5. Jan 2025&quot;,&quot;from_HRFSHORT_WD&quot;:&quot;So 05.01.2025&quot;,&quot;to_HRFSHORT&quot;:&quot;12. Apr 2026&quot;,&quot;to_HRFSHORT_WD&quot;:&quot;So 12.04.2026&quot;,&quot;from_HRF&quot;:&quot;So,  5. Januar 2025&quot;,&quot;to_HRF&quot;:&quot;So, 12. April 2026&quot;,&quot;from_to_HRF&quot;:&quot;So,  5. Januar 2025 \\u2013 So, 12. April 2026&quot;,&quot;from_to_HRFSHORT&quot;:&quot; 5. Jan 2025 \\u2013 12. Apr 2026&quot;},&quot;alert&quot;:null,&quot;partof&quot;:[],&quot;marketing_topic&quot;:&quot;&quot;}' inline-template>\n\t<a href=\"https:\/\/www.humboldtforum.org\/de\/programm\/event-reihe\/konzert\/mikrokonzerte-des-rundfunk-sinfonieorchesters-berlin-119383\/\" class=\"teaser teaser-event-sequence teaser-event-standard\">\n\t\t<div class=\"row\">\n\t\t\t<div class=\"col-xs-12 col-sm-6 col-md-5 col-sm-offset-1 col-md-offset-2 first-sm teaser-event-text Infos\">\n\t\t\t\t<div class=\"teaser-event-standard-text\">\n\t\t\t\t\t<div class=\"margin-bottom-atom\">\n\t\t\t\t\t\t<div class=\"subline clamp-1\" v-html=\"maingenre\"><\/div>\n\t\t\t\t\t\t\t\t\t\t\t<\/div>\n\t\t\t\t\n\t\t\t\t\t<strong class=\"margin-bottom-atom h5\">Mikrokonzerte des Rundfunk-Sinfonieorchesters Berlin<\/strong>\n\n\t\t\t\t\t\t\t\t\t<\/div>\n\t\t\t\t<div class=\"teaser-bottom border-bottom\">\n\t\t\t\t<calendardateline :rawitem='item' :show-icon=\"true\"><\/calendardateline>\n\t\t\t\t\t<hr>\n\t\t\t\t<\/div>\n\t\t\t<\/div>\n\t\t\t<div class=\"col-xs-12 col-sm-4 col-md-3 teaser-event-image bottom-xs first-xs\">\n\t\t\t\t<div class=\"teaser-image teaser-image-no-alternate\">\n\t\t\t\t\t\t\t\t\t\t\t\n\t<lazy-media-inline inline-template>\n\t\t<figure itemscope itemtype=\"http:\/\/schema.org\/ImageObject\" class=\"lazy-media-inline \" role=\"group\" id=\"media_69ee126460b13\" aria-labelledby=\"desc_media_69ee126460b13\">\n\t\t\t<script type=\"application\/json\" ref=\"data\">\n\t\t\t\t{\n\t\t\t\t\"sizes\" : {\"medium\":{\"file\":\"RSB_Landingpage-300x180.jpg\",\"width\":300,\"height\":180,\"mime-type\":\"image\\\/jpeg\",\"filesize\":10245},\"large\":{\"file\":\"RSB_Landingpage-1024x613.jpg\",\"width\":1024,\"height\":613,\"mime-type\":\"image\\\/jpeg\",\"filesize\":59365},\"thumbnail\":{\"file\":\"RSB_Landingpage-150x150.jpg\",\"width\":150,\"height\":150,\"mime-type\":\"image\\\/jpeg\",\"filesize\":5161},\"medium_large\":{\"file\":\"RSB_Landingpage-768x460.jpg\",\"width\":768,\"height\":460,\"mime-type\":\"image\\\/jpeg\",\"filesize\":39190},\"small\":{\"file\":\"RSB_Landingpage-440x264.jpg\",\"width\":440,\"height\":264,\"mime-type\":\"image\\\/jpeg\",\"filesize\":17909},\"semi\":{\"file\":\"RSB_Landingpage-580x347.jpg\",\"width\":580,\"height\":347,\"mime-type\":\"image\\\/jpeg\",\"filesize\":26860},\"mobile\":{\"file\":\"RSB_Landingpage-720x431.jpg\",\"width\":720,\"height\":431,\"mime-type\":\"image\\\/jpeg\",\"filesize\":35275},\"hd\":{\"file\":\"RSB_Landingpage-1280x767.jpg\",\"width\":1280,\"height\":767,\"mime-type\":\"image\\\/jpeg\",\"filesize\":81678},\"full\":{\"file\":\"RSB_Landingpage-1920x1150.jpg\",\"width\":1920,\"height\":1150,\"mime-type\":\"image\\\/jpeg\",\"filesize\":151128},\"1536x1536\":{\"file\":\"RSB_Landingpage-1536x920.jpg\",\"width\":1536,\"height\":920,\"mime-type\":\"image\\\/jpeg\",\"filesize\":106579},\"2048x2048\":{\"file\":\"RSB_Landingpage-2048x1227.jpg\",\"width\":2048,\"height\":1227,\"mime-type\":\"image\\\/jpeg\",\"filesize\":163391},\"original\":{\"file\":\"RSB_Landingpage.jpg\",\"width\":3840,\"height\":2300}},\n\t\t\t\t\"alt\" : \"Muster aus bunten, geometrischen Icons, die Sport und Fitness darstellen, auf hellblauem Hintergrund.\",\n\t\t\t\t\"path\" : \"\\\/wp-content\\\/uploads\\\/2024\\\/01\\\/\",\n\t\t\t\t\"video\" : null,\n\t\t\t\t\"autoplay\" : null,\n\t\t\t\t\"youtube\" : null,\n\t\t\t\t\"youtubelabel\" : \"Video abspielen\",\n\t\t\t\t\"brightness\" : 100,\n\t\t\t\t\"crop\" : {\"top\":\"50.00\",\"left\":\"50.00\"},\n\t\t\t\t\"background\" : true,\n\t\t\t\t\"scale\" : 2\t\t\t\t}\n\t\t\t<\/script>\n\n\t\t\t<div class=\"height-container\" style=\"padding-bottom:59.895833333333%;\" v-if=\"sizes\">\n\t\t\t\t\t\t\t\t<lazy-media :inline=\"true\" :alt=\"alt\" :sizes=\"sizes\" :scale=\"scale\" :brightness=\"brightness\" :path=\"path\" :video=\"video\" :autoplay=\"autoplay\" :youtube=\"youtube\" :crop=\"crop\" :youtubelabel=\"youtubelabel\" :background=\"background\" media-id=\"desc_media_69ee126460b13\"><\/lazy-media>\n\t\t\t\t\t\t\t<\/div>\n\n\t\t\t\t\t\t\t<figcaption class=\"sr-only\" ref=\"body\" id=\"desc_media_69ee126460b13\">\n\t\t\t\t\t\t\t\t\t\t\t\t\t\t\t\t<div>Keyvisual Mikrokonzert-Reihe <\/div>\n\t\t\t\t\t\t\t\t\t\t\t\t\t\t\t\t<div class=\"insignificant\">\u00a9 \u00c1lvaro Vali\u00f1o<\/div>\n\t\t\t\t\t\t\t\t\t<\/figcaption>\n\t\t\t\t\t<\/figure>\n\t<\/lazy-media-inline>\n\t\t\t\t<\/div>\n\t\t\t<\/div>\n\t\t<\/div>\n\t<\/a>\n\t<\/calendarteaser>\n<\/li>\n\n\t\t\t\t<\/ul>\n\t\t\t<\/div>\n\t\t\t\t<\/lazy-component>\n<\/section>\n\n","protected":false},"template":"","genre":[393],"digital":[],"topic":[],"stakeholder":[382],"editorial":[],"editorialfilter":[],"targetgroup":[],"language":[384],"accessability":[],"age":[452],"school":[],"groupsize":[],"place":[413],"class_list":["post-161796","event","type-event","status-publish","hentry","genre-konzert","stakeholder-stiftung-humboldt-forum-im-berliner-schloss","language-deutsch","age-0-99","place-humboldt-labor-1-og"],"acf":[],"_links":{"self":[{"href":"https:\/\/www.humboldtforum.org\/de\/wp-json\/wp\/v2\/event\/161796","targetHints":{"allow":["GET"]}}],"collection":[{"href":"https:\/\/www.humboldtforum.org\/de\/wp-json\/wp\/v2\/event"}],"about":[{"href":"https:\/\/www.humboldtforum.org\/de\/wp-json\/wp\/v2\/types\/event"}],"version-history":[{"count":5,"href":"https:\/\/www.humboldtforum.org\/de\/wp-json\/wp\/v2\/event\/161796\/revisions"}],"predecessor-version":[{"id":161970,"href":"https:\/\/www.humboldtforum.org\/de\/wp-json\/wp\/v2\/event\/161796\/revisions\/161970"}],"wp:attachment":[{"href":"https:\/\/www.humboldtforum.org\/de\/wp-json\/wp\/v2\/media?parent=161796"}],"wp:term":[{"taxonomy":"genre","embeddable":true,"href":"https:\/\/www.humboldtforum.org\/de\/wp-json\/wp\/v2\/genre?post=161796"},{"taxonomy":"digital","embeddable":true,"href":"https:\/\/www.humboldtforum.org\/de\/wp-json\/wp\/v2\/digital?post=161796"},{"taxonomy":"topic","embeddable":true,"href":"https:\/\/www.humboldtforum.org\/de\/wp-json\/wp\/v2\/topic?post=161796"},{"taxonomy":"stakeholder","embeddable":true,"href":"https:\/\/www.humboldtforum.org\/de\/wp-json\/wp\/v2\/stakeholder?post=161796"},{"taxonomy":"editorial","embeddable":true,"href":"https:\/\/www.humboldtforum.org\/de\/wp-json\/wp\/v2\/editorial?post=161796"},{"taxonomy":"editorialfilter","embeddable":true,"href":"https:\/\/www.humboldtforum.org\/de\/wp-json\/wp\/v2\/editorialfilter?post=161796"},{"taxonomy":"targetgroup","embeddable":true,"href":"https:\/\/www.humboldtforum.org\/de\/wp-json\/wp\/v2\/targetgroup?post=161796"},{"taxonomy":"language","embeddable":true,"href":"https:\/\/www.humboldtforum.org\/de\/wp-json\/wp\/v2\/language?post=161796"},{"taxonomy":"accessability","embeddable":true,"href":"https:\/\/www.humboldtforum.org\/de\/wp-json\/wp\/v2\/accessability?post=161796"},{"taxonomy":"age","embeddable":true,"href":"https:\/\/www.humboldtforum.org\/de\/wp-json\/wp\/v2\/age?post=161796"},{"taxonomy":"school","embeddable":true,"href":"https:\/\/www.humboldtforum.org\/de\/wp-json\/wp\/v2\/school?post=161796"},{"taxonomy":"groupsize","embeddable":true,"href":"https:\/\/www.humboldtforum.org\/de\/wp-json\/wp\/v2\/groupsize?post=161796"},{"taxonomy":"place","embeddable":true,"href":"https:\/\/www.humboldtforum.org\/de\/wp-json\/wp\/v2\/place?post=161796"}],"curies":[{"name":"wp","href":"https:\/\/api.w.org\/{rel}","templated":true}]}}