{"id":163307,"date":"2026-04-21T13:15:39","date_gmt":"2026-04-21T11:15:39","guid":{"rendered":"https:\/\/www.humboldtforum.org\/?post_type=event&#038;p=163307"},"modified":"2026-04-23T09:06:30","modified_gmt":"2026-04-23T07:06:30","slug":"zukunftsbilder-im-fluss","status":"publish","type":"event","link":"https:\/\/www.humboldtforum.org\/de\/programm\/termin\/gespraech\/zukunftsbilder-im-fluss-163307\/","title":{"rendered":"Zukunftsbilder im Fluss"},"content":{"rendered":"<section class=\"block block-copy\" >\n    <div class=\"container-fluid\">\n\t\t<div class=\"row \">\n            <div class=\"col-xs-12 col-md-offset-2 col-md-8\">\n                <div class=\"box\">\n                    <div class=\"copy\"><p data-renderer-start-pos=\"3537\" data-local-id=\"6e0141897b50\"><strong>Wie wollen wir als Stadtgesellschaft die Mitte Berlins gestalten? Was erwarten wir vom Kern unserer Stadt \u2013 und f\u00fcr wen soll dieser Ort da sein? Soll die Spreeinsel vor allem ein Ort des Erinnerns und der Repr\u00e4sentation sein oder Raum f\u00fcr ein lebendiges, vielf\u00e4ltiges Stadtleben bieten? Wie k\u00f6nnen Vergangenheit, Gegenwart und Zukunft hier zusammenfinden?<\/strong><\/p>\n<p data-renderer-start-pos=\"3894\" data-local-id=\"25d1e3e7acc7\">\u00dcber diese Fragen wird seit Jahrzehnten intensiv debattiert. Vor 25 Jahren legte die Internationale Expertenkommission \u201eHistorische Mitte Berlin\u201c einen vielbeachteten Zukunftsentwurf f\u00fcr die Berliner Spreeinsel vor. Ihre Empfehlungen waren hoch umstritten, haben jedoch ma\u00dfgeblich die Entwicklung dieses zentralen Ortes gepr\u00e4gt: \u00a0Der Abriss des Palasts der Republik und die Rekonstruktion des Berliner Schlosses als Humboldt Forum haben die Berliner Mitte neu definiert.<\/p>\n<p data-renderer-start-pos=\"4366\" data-local-id=\"cfcab16e1108\">Anl\u00e4sslich des Jahrestags l\u00e4dt das Humboldt Forum dazu ein, die Spreeinsel neu zu betrachten. Im Fokus stehen die pr\u00e4genden Visionen, Konflikte und Hoffnungen ebenso wie aktuelle Herausforderungen. Wir fragen schlie\u00dflich nach der Zukunft der Spreeinsel und ihrer Nachbarschaft, wie dem Marx-Engels-Forum und dem Standort der Bauakademie.<\/p>\n<p data-renderer-start-pos=\"4705\" data-local-id=\"a62ce86bcd85\">In einem vielstimmigen Gespr\u00e4ch kommen Expertinnen und Experten aus Stadtentwicklung, Architektur, Politik und Zivilgesellschaft zusammen. Auf dem Podium diskutieren <strong data-renderer-mark=\"true\">Franziska Eichst\u00e4dt-Bohlig<\/strong>, einst Mitglied der Internationalen Expertenkommission, <strong data-renderer-mark=\"true\">Manfred K\u00fchne<\/strong>, langj\u00e4hriger Leiter der Abteilung f\u00fcr St\u00e4dtebau und Projekte bei der Senatsverwaltung f\u00fcr Stadtentwicklung, Bauen und Wohnen in Berlin, und <strong data-renderer-mark=\"true\">Leslie Quitzow<\/strong> von der Bundesstiftung Bauakademie. Der Bauhistoriker und Publizist <strong data-renderer-mark=\"true\">Matthias Gr\u00fcnzig <\/strong>f\u00fchrt in die Thematik ein und moderiert die Runde.<\/p>\n<\/div>\n                <\/div>\n            <\/div>\n\t\t<\/div>\n\t\t    <\/div>\n<\/section>\n\n<section class=\"block block-headline block-no-margin \" >\n\t<div class=\"container-fluid\">\n\t\t<div class=\"row\">\n\t\t\t\t\t\t\t<div class=\"col-xs-12 col-md-offset-2 col-md-8\">\n\t\t\t\t\t<div class=\"box\">\n\t\t\t\t\t\t<h2 class=\".h2\">Beteiligte<\/h2>\n\t\t\t\t\t<\/div>\n\t\t\t\t<\/div>\n\t\t\t\t\t<\/div>\n\t<\/div>\n<\/section>\n\n\n\n\n\n<section class=\"block block-accordion\">\n\t<div class=\"container-fluid\">\n\t\t<div class=\"row\">\n\t\t\t<div class=\"col-xs-12 col-md-offset-2 col-md-8\">\n\t\t\t\t<div class=\"box\">\n\t\t\t\t\t\t\t\t\t\t\t<block-accordion inline-template>\n\t\t\t\t\t\t\t<div class=\"accordion\">\n\t\t\t\t\t\t\t\t\t\t\t\t\t\t\t<block-accordion-item inline-template item-headline=\"Franziska Eichst\u00e4dt-Bohlig\">\n\t\t\t\t\t\t\t\t<div ref=\"item\" data-id=\"FranziskaEichstdt-Bohlig\" class=\"block-accordion-item vue-initialize\" aria-expanded=\"false\" :aria-expanded=\"active ? 'true' : 'false'\">\n\t\t\t\t\t\t\t\t\t<button class=\"accordion-button-with-icon block-accordion-item-head\" :class=\"{'button-active': active}\" ref=\"head\" aria-controls=\"acc_69f4735e2566d\" id=\"acc_title_69f4735e2566f\" @click=\"toggle\" @keydown=\"key\">\n\t\t\t\t\t\t\t\t\t<div><span class=\"button-label\">Franziska Eichst\u00e4dt-Bohlig<\/span><\/div><span class=\"button-icon icon-plus\" aria-hidden=\"true\"><\/span>\n\t\t\t\t\t\t\t\t<\/button>\n\t\t\t\t\t\t\t\t\t<div ref=\"body\" class=\"block-accordion-item-content\" id=\"acc_69f4735e2566d\" role=\"region\">\n\t\t\t\t\t\t\t\t\t\t<div class=\"wrapper copy\">\n\t\t\t\t\t\t\t\t\t\t\t<p>Franziska Eichst\u00e4dt\u2011Bohlig\u00a0ist Diplom\u2011Ingenieurin f\u00fcr Architektur und St\u00e4dtebau. Seit 1969 war sie als Architektin und Stadtplanerin t\u00e4tig, unter anderem in leitender Funktion beim Berliner Sanierungstr\u00e4ger STATTBAU. 1989\/90 wirkte sie als Baustadtr\u00e4tin in Berlin-Kreuzberg. Als Mitglied des Deutschen Bundestages 1994 bis 2005 bearbeitete sie Themen der Bau\u2011, Wohnungs\u2011 und Haushaltspolitik. Von 2006 bis 2011 geh\u00f6rte sie dem Berliner Abgeordnetenhaus an, bis 2009 als Fraktionsvorsitzende von B\u00fcndnis 90\/Die Gr\u00fcnen. Von 2000 bis 2001 war sie Mitglied der Internationalen Expertenkommission \u201eHistorische Mitte Berlin\u201c. Bis heute engagiert sie sich in zentralen Debatten und Gremien der Bau\u2011, Stadtentwicklungs- und Erinnerungskultur.<\/p>\n\n\t\t\t\t\t\t\t\t\t\t\t\t\t\t\t\t\t\t\t\t\t\t\t\t\t\t\t\t\t\t\t\t\t\n\t\t\t\t\t\t\t\t\t\t\t<div class=\"row\">\n\t\t\t\t\t\t\t\t\t\t\t\t<div class=\"col-xs-9 col-md-9\">\n\t\t\t\t\t\t\t\t\t\t\t\t\t<div class=\"box\">\n\t\t\t\t\t\t\t\t\t\t\t\t\t\t\t\t\t\t\t\t\t\t\t\t\t\t\t<\/div>\n\t\t\t\t\t\t\t\t\t\t\t\t<\/div>\n\t\t\t\t\t\t\t\t\t\t\t<\/div>\n\n\t\t\t\t\t\t\t\t\t\t\t\t\t\t\t\t\t\t\t\t\t<\/div>\n\t\t\t\t\t\t\t\t\t<\/div>\n\t\t\t\t\t\t\t\t<\/div>\n\t\t\t\t\t\t\t\t<\/block-accordion-item>\n\t\t\t\t\t\t\t\t\t\t\t\t\t\t<block-accordion-item inline-template item-headline=\"Manfred K\u00fchne\">\n\t\t\t\t\t\t\t\t<div ref=\"item\" data-id=\"ManfredKhne\" class=\"block-accordion-item vue-initialize\" aria-expanded=\"false\" :aria-expanded=\"active ? 'true' : 'false'\">\n\t\t\t\t\t\t\t\t\t<button class=\"accordion-button-with-icon block-accordion-item-head\" :class=\"{'button-active': active}\" ref=\"head\" aria-controls=\"acc_69f4735e2596d\" id=\"acc_title_69f4735e2596e\" @click=\"toggle\" @keydown=\"key\">\n\t\t\t\t\t\t\t\t\t<div><span class=\"button-label\">Manfred K\u00fchne<\/span><\/div><span class=\"button-icon icon-plus\" aria-hidden=\"true\"><\/span>\n\t\t\t\t\t\t\t\t<\/button>\n\t\t\t\t\t\t\t\t\t<div ref=\"body\" class=\"block-accordion-item-content\" id=\"acc_69f4735e2596d\" role=\"region\">\n\t\t\t\t\t\t\t\t\t\t<div class=\"wrapper copy\">\n\t\t\t\t\t\t\t\t\t\t\t\n\t\t\t\t\t\t\t\t\t\t\t\t\t\t\t\t\t\t\t\t\t\t\t\t\t\t\t\t\t\t\t\t\t\n\t\t\t\t\t\t\t\t\t\t\t<div class=\"row\">\n\t\t\t\t\t\t\t\t\t\t\t\t<div class=\"col-xs-9 col-md-9\">\n\t\t\t\t\t\t\t\t\t\t\t\t\t<div class=\"box\">\n\t\t\t\t\t\t\t\t\t\t\t\t\t\t\t\t\t\t\t\t\t\t\t\t\t\t\t<\/div>\n\t\t\t\t\t\t\t\t\t\t\t\t<\/div>\n\t\t\t\t\t\t\t\t\t\t\t<\/div>\n\n\t\t\t\t\t\t\t\t\t\t\t\t\t\t\t\t\t\t\t\t\t<\/div>\n\t\t\t\t\t\t\t\t\t<\/div>\n\t\t\t\t\t\t\t\t<\/div>\n\t\t\t\t\t\t\t\t<\/block-accordion-item>\n\t\t\t\t\t\t\t\t\t\t\t\t\t\t<block-accordion-item inline-template item-headline=\"Leslie Quitzow\">\n\t\t\t\t\t\t\t\t<div ref=\"item\" data-id=\"LeslieQuitzow\" class=\"block-accordion-item vue-initialize\" aria-expanded=\"false\" :aria-expanded=\"active ? 'true' : 'false'\">\n\t\t\t\t\t\t\t\t\t<button class=\"accordion-button-with-icon block-accordion-item-head\" :class=\"{'button-active': active}\" ref=\"head\" aria-controls=\"acc_69f4735e25b6b\" id=\"acc_title_69f4735e25b6c\" @click=\"toggle\" @keydown=\"key\">\n\t\t\t\t\t\t\t\t\t<div><span class=\"button-label\">Leslie Quitzow<\/span><\/div><span class=\"button-icon icon-plus\" aria-hidden=\"true\"><\/span>\n\t\t\t\t\t\t\t\t<\/button>\n\t\t\t\t\t\t\t\t\t<div ref=\"body\" class=\"block-accordion-item-content\" id=\"acc_69f4735e25b6b\" role=\"region\">\n\t\t\t\t\t\t\t\t\t\t<div class=\"wrapper copy\">\n\t\t\t\t\t\t\t\t\t\t\t\n\t\t\t\t\t\t\t\t\t\t\t\t\t\t\t\t\t\t\t\t\t\t\t\t\t\t\t\t\t\t\t\t\t\n\t\t\t\t\t\t\t\t\t\t\t<div class=\"row\">\n\t\t\t\t\t\t\t\t\t\t\t\t<div class=\"col-xs-9 col-md-9\">\n\t\t\t\t\t\t\t\t\t\t\t\t\t<div class=\"box\">\n\t\t\t\t\t\t\t\t\t\t\t\t\t\t\t\t\t\t\t\t\t\t\t\t\t\t\t<\/div>\n\t\t\t\t\t\t\t\t\t\t\t\t<\/div>\n\t\t\t\t\t\t\t\t\t\t\t<\/div>\n\n\t\t\t\t\t\t\t\t\t\t\t\t\t\t\t\t\t\t\t\t\t<\/div>\n\t\t\t\t\t\t\t\t\t<\/div>\n\t\t\t\t\t\t\t\t<\/div>\n\t\t\t\t\t\t\t\t<\/block-accordion-item>\n\t\t\t\t\t\t\t\t\t\t\t\t\t\t<block-accordion-item inline-template item-headline=\"Matthias Gr\u00fcnzig (Moderation)\">\n\t\t\t\t\t\t\t\t<div ref=\"item\" data-id=\"MatthiasGrnzigModeration\" class=\"block-accordion-item vue-initialize\" aria-expanded=\"false\" :aria-expanded=\"active ? 'true' : 'false'\">\n\t\t\t\t\t\t\t\t\t<button class=\"accordion-button-with-icon block-accordion-item-head\" :class=\"{'button-active': active}\" ref=\"head\" aria-controls=\"acc_69f4735e25de9\" id=\"acc_title_69f4735e25dea\" @click=\"toggle\" @keydown=\"key\">\n\t\t\t\t\t\t\t\t\t<div><span class=\"button-label\">Matthias Gr\u00fcnzig (Moderation)<\/span><\/div><span class=\"button-icon icon-plus\" aria-hidden=\"true\"><\/span>\n\t\t\t\t\t\t\t\t<\/button>\n\t\t\t\t\t\t\t\t\t<div ref=\"body\" class=\"block-accordion-item-content\" id=\"acc_69f4735e25de9\" role=\"region\">\n\t\t\t\t\t\t\t\t\t\t<div class=\"wrapper copy\">\n\t\t\t\t\t\t\t\t\t\t\t<p>Dr.\u00a0Matthias Gr\u00fcnzig, geboren 1969 in Berlin, ist Bauhistoriker und Publizist. Er ist Autor zahlreicher Ver\u00f6ffentlichungen\u00a0zur Berliner Mitte, darunter <em data-renderer-mark=\"true\">\u201eDer Fernsehturm und sein Freiraum \u2013 Geschichte und Gegenwart im Zentrum Berlins\u201c<\/em>\u00a0(2022), und kuratierte mehrere Ausstellungen, unter anderem zu den Themen\u00a050 Jahre Berliner Fernsehturm und Karl\u2011Liebknecht\u2011Stra\u00dfe. Seit 2015 engagiert er sich in der Initiative Offene Mitte Berlin, war 2021\/22 B\u00fcrger*innenvertreter im\u00a0Wettbewerbs- und Werkstattverfahren\u00a0Molkenmarkt und ist seit 2022 Mitglied des wissenschaftlichen Beirats der Hermann\u2011Henselmann\u2011Stiftung.<\/p>\n\n\t\t\t\t\t\t\t\t\t\t\t\t\t\t\t\t\t\t\t\t\t\t\t\t\t\t\t\t\t\t\t\t\t\n\t\t\t\t\t\t\t\t\t\t\t<div class=\"row\">\n\t\t\t\t\t\t\t\t\t\t\t\t<div class=\"col-xs-9 col-md-9\">\n\t\t\t\t\t\t\t\t\t\t\t\t\t<div class=\"box\">\n\t\t\t\t\t\t\t\t\t\t\t\t\t\t\n\t<lazy-media-inline inline-template>\n\t\t<figure itemscope itemtype=\"http:\/\/schema.org\/ImageObject\" class=\"lazy-media-inline \" role=\"group\" id=\"media_69f4735e264ea\" aria-labelledby=\"desc_media_69f4735e264ea\">\n\t\t\t<script type=\"application\/json\" ref=\"data\">\n\t\t\t\t{\n\t\t\t\t\"sizes\" : {\"medium\":{\"file\":\"SHF_eb00265705_-2-300x169.jpg\",\"width\":300,\"height\":169,\"mime-type\":\"image\\\/jpeg\",\"filesize\":6756},\"large\":{\"file\":\"SHF_eb00265705_-2-1024x576.jpg\",\"width\":1024,\"height\":576,\"mime-type\":\"image\\\/jpeg\",\"filesize\":44926},\"thumbnail\":{\"file\":\"SHF_eb00265705_-2-150x150.jpg\",\"width\":150,\"height\":150,\"mime-type\":\"image\\\/jpeg\",\"filesize\":3576},\"medium_large\":{\"file\":\"SHF_eb00265705_-2-768x432.jpg\",\"width\":768,\"height\":432,\"mime-type\":\"image\\\/jpeg\",\"filesize\":28343},\"small\":{\"file\":\"SHF_eb00265705_-2-440x248.jpg\",\"width\":440,\"height\":248,\"mime-type\":\"image\\\/jpeg\",\"filesize\":11793},\"semi\":{\"file\":\"SHF_eb00265705_-2-580x326.jpg\",\"width\":580,\"height\":326,\"mime-type\":\"image\\\/jpeg\",\"filesize\":18055},\"mobile\":{\"file\":\"SHF_eb00265705_-2-720x405.jpg\",\"width\":720,\"height\":405,\"mime-type\":\"image\\\/jpeg\",\"filesize\":26005},\"hd\":{\"file\":\"SHF_eb00265705_-2-1280x720.jpg\",\"width\":1280,\"height\":720,\"mime-type\":\"image\\\/jpeg\",\"filesize\":65228},\"1536x1536\":{\"file\":\"SHF_eb00265705_-2-1536x864.jpg\",\"width\":1536,\"height\":864,\"mime-type\":\"image\\\/jpeg\",\"filesize\":86597},\"original\":{\"file\":\"SHF_eb00265705_-2.jpg\",\"width\":1920,\"height\":1080}},\n\t\t\t\t\"alt\" : \"Portr\\u00e4t eines Mannes mit Brille und kariertem Hemd vor wei\\u00dfem Hintergrund.\",\n\t\t\t\t\"path\" : \"\\\/wp-content\\\/uploads\\\/2026\\\/04\\\/\",\n\t\t\t\t\"video\" : null,\n\t\t\t\t\"autoplay\" : null,\n\t\t\t\t\"youtube\" : null,\n\t\t\t\t\"youtubelabel\" : \"Video abspielen\",\n\t\t\t\t\"brightness\" : 100,\n\t\t\t\t\"crop\" : null,\n\t\t\t\t\"background\" : false,\n\t\t\t\t\"scale\" : 1\t\t\t\t}\n\t\t\t<\/script>\n\n\t\t\t<div class=\"height-container\" style=\"padding-bottom:56.25%;\" v-if=\"sizes\">\n\t\t\t\t\t\t\t\t<lazy-media :inline=\"true\" :alt=\"alt\" :sizes=\"sizes\" :scale=\"scale\" :brightness=\"brightness\" :path=\"path\" :video=\"video\" :autoplay=\"autoplay\" :youtube=\"youtube\" :crop=\"crop\" :youtubelabel=\"youtubelabel\" :background=\"background\" media-id=\"desc_media_69f4735e264ea\"><\/lazy-media>\n\t\t\t\t\t\t\t<\/div>\n\n\t\t\t\t\t\t\t<figcaption class=\"\" id=\"desc_media_69f4735e264ea\">\n\t\t\t\t\t<div class=\"lazy-media-info-body-content\">\n\t\t\t\t\t\t\t\t\t\t\t\t\t<div>Portr&auml;t Dr. Matthias Gr&uuml;nzig\n<\/div>\n\t\t\t\t\t\t\t\t\t\t\t\t\t\t\t\t\t\t\t\t\t\t\t\t\t<div class=\"insignificant\">\u00a9 Matthias Gr\u00fcnzig\r\n<\/div>\n\t\t\t\t\t\t\t\t\t\t\t<\/div>\n\t\t\t\t<\/figcaption>\n\t\t\t\t\t\t\t\t\t<\/figure>\n\t<\/lazy-media-inline>\n\t\t\t\t\t\t\t\t\t\t\t\t\t<\/div>\n\t\t\t\t\t\t\t\t\t\t\t\t<\/div>\n\t\t\t\t\t\t\t\t\t\t\t<\/div>\n\n\t\t\t\t\t\t\t\t\t\t\t\t\t\t\t\t\t\t\t\t\t<\/div>\n\t\t\t\t\t\t\t\t\t<\/div>\n\t\t\t\t\t\t\t\t<\/div>\n\t\t\t\t\t\t\t\t<\/block-accordion-item>\n\t\t\t\t\t\t\t\t\t\t\t\t\t<\/div>\n\t\t\t\t\t\t<\/block-accordion>\n\t\t\t\t\t\t\t\t\t<\/div>\n\t\t\t<\/div>\n\t\t<\/div>\n\t<\/div>\n<\/section>\n\n\n<section class=\"block block-teaser col-1 has-bg\" style=\"--teaser-bg:#efefef\">\n\t<lazy-component :fixed-min-height=\"400\">\n\t\n\t\t\t\t\t<div class=\"container-fluid\">\n\t\t\t\t<div class=\"row bottom-xs\">\n\t\t\t\t\t<div class=\"col-xs-12 col-sm-10 col-md-8 col-sm-offset-1 col-md-offset-2\">\n\t\t\t\t\t\t<h4>geh\u00f6rt zu<\/h4>\t\t\t\t\t\t\t\t\t\t\t\t\t\t\t\t\t\t\t<\/div>\n\t\t\t\t\t<div class=\"col-xs-12 col-sm-10 col-md-8 col-sm-offset-1 col-md-offset-2 start-xs end-md margin-bottom-sixth\">\n\t\t\t\t\t\t\t\t\t\t\t<\/div>\n\t\t\t\t<\/div>\n\t\t\t\t<ul class=\"row\">\n\t\t\t\n<li class=\"col-xs-12 teaser-wrapper col-padding-remove\">\n\t<calendarteaser key=\"142036907\" rawitem='{&quot;postId&quot;:14203,&quot;title&quot;:&quot;ORTS-Termin&quot;,&quot;excerpt&quot;:&quot;&quot;,&quot;slug&quot;:&quot;orts-termin&quot;,&quot;type&quot;:&quot;event-sequence&quot;,&quot;post_date&quot;:&quot;2020-10-23T16:33&quot;,&quot;permalink&quot;:&quot;https:\\\/\\\/www.humboldtforum.org\\\/de\\\/programm\\\/event-reihe\\\/diskurs\\\/orts-termin-14203\\\/&quot;,&quot;genre&quot;:[392],&quot;genre_details&quot;:[{&quot;text&quot;:&quot;Diskurs&quot;,&quot;id&quot;:392,&quot;icon&quot;:null,&quot;parent&quot;:0}],&quot;topic&quot;:[431],&quot;topic_details&quot;:[{&quot;text&quot;:&quot;Geschichte und Architektur des Ortes&quot;,&quot;id&quot;:431,&quot;icon&quot;:null,&quot;parent&quot;:0}],&quot;stakeholder&quot;:[595],&quot;stakeholder_details&quot;:[{&quot;text&quot;:&quot;Stiftung Humboldt Forum im Berliner Schloss&quot;,&quot;id&quot;:595,&quot;icon&quot;:null,&quot;parent&quot;:0}],&quot;targetgroup&quot;:[585],&quot;targetgroup_details&quot;:[{&quot;text&quot;:&quot;Adults&quot;,&quot;id&quot;:585,&quot;icon&quot;:null,&quot;parent&quot;:0}],&quot;icon_overwrite&quot;:&quot;&quot;,&quot;acf&quot;:{&quot;belongsto&quot;:false,&quot;shorturl&quot;:&quot;orts-termin&quot;,&quot;marketing_text&quot;:&quot;Alles rund um die Geschichte des Ortes&quot;,&quot;shorttext&quot;:&quot;Die Veranstaltungsreihe ORTS-Termin legt ihren Fokus bereits seit 2016 auf die vielschichtige Geschichte und Architektur des Ortes, an dem sich heute das Humboldt Forum befindet.&quot;,&quot;highlight_header&quot;:false,&quot;featured_images&quot;:[163367],&quot;events&quot;:[35064,14195,61377,128832,135781,140320,142369,147287,149759,157273,163307],&quot;tipp&quot;:false,&quot;joker&quot;:false,&quot;live&quot;:false,&quot;announcement&quot;:&quot;Veranstaltungsreihe&quot;,&quot;hyphenation&quot;:true,&quot;overwrite_date&quot;:&quot;Veranstaltungsreihe&quot;,&quot;noindex&quot;:false,&quot;keywords&quot;:&quot;&quot;,&quot;additional_info&quot;:{&quot;icon&quot;:&quot;0&quot;,&quot;text&quot;:&quot;&quot;},&quot;use_video_in_teasers&quot;:false,&quot;manual_period&quot;:false,&quot;hide_event_in_program&quot;:false},&quot;date&quot;:{&quot;NLAST&quot;:&quot;202606111900&quot;,&quot;NX&quot;:&quot;20260611&quot;,&quot;NXX&quot;:&quot;202606111900&quot;,&quot;from_DATE&quot;:&quot;20210422 19:00&quot;,&quot;from&quot;:1619103600,&quot;to&quot;:1781190000,&quot;to_DATE&quot;:&quot;20260611 19:00&quot;,&quot;from_HRFSHORT&quot;:&quot;22. Apr 2021&quot;,&quot;from_HRFSHORT_WD&quot;:&quot;Do 22.04.2021&quot;,&quot;to_HRFSHORT&quot;:&quot;11. Jun 2026&quot;,&quot;to_HRFSHORT_WD&quot;:&quot;Do 11.06.2026&quot;,&quot;from_HRF&quot;:&quot;Do, 22. April 2021&quot;,&quot;to_HRF&quot;:&quot;Do, 11. Juni 2026&quot;,&quot;from_to_HRF&quot;:&quot;Do, 22. April 2021 \\u2013 Do, 11. Juni 2026&quot;,&quot;from_to_HRFSHORT&quot;:&quot;22. Apr 2021 \\u2013 11. Jun 2026&quot;},&quot;alert&quot;:null,&quot;partof&quot;:[],&quot;marketing_topic&quot;:&quot;&quot;}' inline-template>\n\t<a href=\"https:\/\/www.humboldtforum.org\/de\/programm\/event-reihe\/diskurs\/orts-termin-14203\/\" class=\"teaser teaser-event-sequence teaser-event-standard\">\n\t\t<div class=\"row\">\n\t\t\t<div class=\"col-xs-12 col-sm-6 col-md-5 col-sm-offset-1 col-md-offset-2 first-sm teaser-event-text Infos\">\n\t\t\t\t<div class=\"teaser-event-standard-text\">\n\t\t\t\t\t<div class=\"margin-bottom-atom\">\n\t\t\t\t\t\t<div class=\"subline clamp-1\" v-html=\"maingenre\"><\/div>\n\t\t\t\t\t\t\t\t\t\t\t<\/div>\n\t\t\t\t\n\t\t\t\t\t<strong class=\"margin-bottom-atom h5\">ORTS-Termin<\/strong>\n\n\t\t\t\t\t\t\t\t\t\t\t<div class=\"\">Alles rund um die Geschichte des Ortes<\/div>\n\t\t\t\t\t\t\t\t\t<\/div>\n\t\t\t\t<div class=\"teaser-bottom border-bottom\">\n\t\t\t\t<calendardateline :rawitem='item' :show-icon=\"true\"><\/calendardateline>\n\t\t\t\t\t<hr>\n\t\t\t\t<\/div>\n\t\t\t<\/div>\n\t\t\t<div class=\"col-xs-12 col-sm-4 col-md-3 teaser-event-image bottom-xs first-xs\">\n\t\t\t\t<div class=\"teaser-image teaser-image-no-alternate\">\n\t\t\t\t\t\t\t\t\t\t\t\n\t<lazy-media-inline inline-template>\n\t\t<figure itemscope itemtype=\"http:\/\/schema.org\/ImageObject\" class=\"lazy-media-inline \" role=\"group\" id=\"media_69f4735e64951\" aria-labelledby=\"desc_media_69f4735e64951\">\n\t\t\t<script type=\"application\/json\" ref=\"data\">\n\t\t\t\t{\n\t\t\t\t\"sizes\" : {\"medium\":{\"file\":\"SHF_eb00257461-300x300.jpg\",\"width\":300,\"height\":300,\"mime-type\":\"image\\\/jpeg\",\"filesize\":22677},\"large\":{\"file\":\"SHF_eb00257461-1024x1024.jpg\",\"width\":1024,\"height\":1024,\"mime-type\":\"image\\\/jpeg\",\"filesize\":226553},\"thumbnail\":{\"file\":\"SHF_eb00257461-150x150.jpg\",\"width\":150,\"height\":150,\"mime-type\":\"image\\\/jpeg\",\"filesize\":7111},\"medium_large\":{\"file\":\"SHF_eb00257461-768x768.jpg\",\"width\":768,\"height\":768,\"mime-type\":\"image\\\/jpeg\",\"filesize\":125308},\"small\":{\"file\":\"SHF_eb00257461-440x440.jpg\",\"width\":440,\"height\":440,\"mime-type\":\"image\\\/jpeg\",\"filesize\":43982},\"semi\":{\"file\":\"SHF_eb00257461-580x580.jpg\",\"width\":580,\"height\":580,\"mime-type\":\"image\\\/jpeg\",\"filesize\":73797},\"mobile\":{\"file\":\"SHF_eb00257461-720x720.jpg\",\"width\":720,\"height\":720,\"mime-type\":\"image\\\/jpeg\",\"filesize\":110325},\"hd\":{\"file\":\"SHF_eb00257461-1280x1280.jpg\",\"width\":1280,\"height\":1280,\"mime-type\":\"image\\\/jpeg\",\"filesize\":369582},\"full\":{\"file\":\"SHF_eb00257461-1920x1920.jpg\",\"width\":1920,\"height\":1920,\"mime-type\":\"image\\\/jpeg\",\"filesize\":918499},\"1536x1536\":{\"file\":\"SHF_eb00257461-1536x1536.jpg\",\"width\":1536,\"height\":1536,\"mime-type\":\"image\\\/jpeg\",\"filesize\":558444},\"2048x2048\":{\"file\":\"SHF_eb00257461-2048x2048.jpg\",\"width\":2048,\"height\":2048,\"mime-type\":\"image\\\/jpeg\",\"filesize\":1057597},\"original\":{\"file\":\"SHF_eb00257461.jpg\",\"width\":3551,\"height\":3551}},\n\t\t\t\t\"alt\" : \"Drei antike Statuen vor einem modernen Geb\\u00e4ude mit dem Berliner Fernsehturm im Hintergrund. Schwarz-Wei\\u00df-Foto.\",\n\t\t\t\t\"path\" : \"\\\/wp-content\\\/uploads\\\/2020\\\/10\\\/\",\n\t\t\t\t\"video\" : null,\n\t\t\t\t\"autoplay\" : null,\n\t\t\t\t\"youtube\" : null,\n\t\t\t\t\"youtubelabel\" : \"Video abspielen\",\n\t\t\t\t\"brightness\" : 100,\n\t\t\t\t\"crop\" : null,\n\t\t\t\t\"background\" : true,\n\t\t\t\t\"scale\" : 1\t\t\t\t}\n\t\t\t<\/script>\n\n\t\t\t<div class=\"height-container\" style=\"padding-bottom:100%;\" v-if=\"sizes\">\n\t\t\t\t\t\t\t\t<lazy-media :inline=\"true\" :alt=\"alt\" :sizes=\"sizes\" :scale=\"scale\" :brightness=\"brightness\" :path=\"path\" :video=\"video\" :autoplay=\"autoplay\" :youtube=\"youtube\" :crop=\"crop\" :youtubelabel=\"youtubelabel\" :background=\"background\" media-id=\"desc_media_69f4735e64951\"><\/lazy-media>\n\t\t\t\t\t\t\t<\/div>\n\n\t\t\t\t\t\t\t<figcaption class=\"sr-only\" ref=\"body\" id=\"desc_media_69f4735e64951\">\n\t\t\t\t\t\t\t\t\t\t\t<div>Palastskulpturen, 1994\n<\/div>\n\t\t\t\t\t\t\t\t\t\t\t\t\t\t\t\t\t\t\t\t\t<div class=\"insignificant\">\u00a9 Christian von Steffelin<\/div>\n\t\t\t\t\t\t\t\t\t<\/figcaption>\n\t\t\t\t\t<\/figure>\n\t<\/lazy-media-inline>\n\t\t\t\t<\/div>\n\t\t\t<\/div>\n\t\t<\/div>\n\t<\/a>\n\t<\/calendarteaser>\n<\/li>\n\n\t\t\t\t<\/ul>\n\t\t\t<\/div>\n\t\t\t\t<\/lazy-component>\n<\/section>\n\n","protected":false},"template":"","genre":[1078],"digital":[],"topic":[],"stakeholder":[382],"editorial":[],"editorialfilter":[],"targetgroup":[],"language":[],"accessability":[],"age":[],"school":[],"groupsize":[],"place":[424],"class_list":["post-163307","event","type-event","status-publish","hentry","genre-gespraech","stakeholder-stiftung-humboldt-forum-im-berliner-schloss","place-saal-3-eg"],"acf":[],"_links":{"self":[{"href":"https:\/\/www.humboldtforum.org\/de\/wp-json\/wp\/v2\/event\/163307","targetHints":{"allow":["GET"]}}],"collection":[{"href":"https:\/\/www.humboldtforum.org\/de\/wp-json\/wp\/v2\/event"}],"about":[{"href":"https:\/\/www.humboldtforum.org\/de\/wp-json\/wp\/v2\/types\/event"}],"version-history":[{"count":6,"href":"https:\/\/www.humboldtforum.org\/de\/wp-json\/wp\/v2\/event\/163307\/revisions"}],"predecessor-version":[{"id":163382,"href":"https:\/\/www.humboldtforum.org\/de\/wp-json\/wp\/v2\/event\/163307\/revisions\/163382"}],"wp:attachment":[{"href":"https:\/\/www.humboldtforum.org\/de\/wp-json\/wp\/v2\/media?parent=163307"}],"wp:term":[{"taxonomy":"genre","embeddable":true,"href":"https:\/\/www.humboldtforum.org\/de\/wp-json\/wp\/v2\/genre?post=163307"},{"taxonomy":"digital","embeddable":true,"href":"https:\/\/www.humboldtforum.org\/de\/wp-json\/wp\/v2\/digital?post=163307"},{"taxonomy":"topic","embeddable":true,"href":"https:\/\/www.humboldtforum.org\/de\/wp-json\/wp\/v2\/topic?post=163307"},{"taxonomy":"stakeholder","embeddable":true,"href":"https:\/\/www.humboldtforum.org\/de\/wp-json\/wp\/v2\/stakeholder?post=163307"},{"taxonomy":"editorial","embeddable":true,"href":"https:\/\/www.humboldtforum.org\/de\/wp-json\/wp\/v2\/editorial?post=163307"},{"taxonomy":"editorialfilter","embeddable":true,"href":"https:\/\/www.humboldtforum.org\/de\/wp-json\/wp\/v2\/editorialfilter?post=163307"},{"taxonomy":"targetgroup","embeddable":true,"href":"https:\/\/www.humboldtforum.org\/de\/wp-json\/wp\/v2\/targetgroup?post=163307"},{"taxonomy":"language","embeddable":true,"href":"https:\/\/www.humboldtforum.org\/de\/wp-json\/wp\/v2\/language?post=163307"},{"taxonomy":"accessability","embeddable":true,"href":"https:\/\/www.humboldtforum.org\/de\/wp-json\/wp\/v2\/accessability?post=163307"},{"taxonomy":"age","embeddable":true,"href":"https:\/\/www.humboldtforum.org\/de\/wp-json\/wp\/v2\/age?post=163307"},{"taxonomy":"school","embeddable":true,"href":"https:\/\/www.humboldtforum.org\/de\/wp-json\/wp\/v2\/school?post=163307"},{"taxonomy":"groupsize","embeddable":true,"href":"https:\/\/www.humboldtforum.org\/de\/wp-json\/wp\/v2\/groupsize?post=163307"},{"taxonomy":"place","embeddable":true,"href":"https:\/\/www.humboldtforum.org\/de\/wp-json\/wp\/v2\/place?post=163307"}],"curies":[{"name":"wp","href":"https:\/\/api.w.org\/{rel}","templated":true}]}}