{"id":21427,"date":"2021-04-21T13:01:31","date_gmt":"2021-04-21T11:01:31","guid":{"rendered":"https:\/\/www.humboldtforum.org\/?post_type=event&#038;p=21427"},"modified":"2021-05-10T16:30:44","modified_gmt":"2021-05-10T14:30:44","slug":"verstehen-wir-spass","status":"publish","type":"event","link":"https:\/\/www.humboldtforum.org\/de\/programm\/termin\/diskurs\/verstehen-wir-spass-21427\/","title":{"rendered":"Kein Grund zu lachen?"},"content":{"rendered":"<section class=\"block block-copy block-no-margin\" >\n    <div class=\"container-fluid\">\n\t\t<div class=\"row \">\n            <div class=\"col-xs-12 col-md-offset-2 col-md-8\">\n                <div class=\"box\">\n                    <div class=\"copy\"><p><span class=\"x_MsoNormal anleser\" style=\"font-weight: bolder;\"><span style=\"color: #000000;\">Humor baut Beziehungen: Teilen wir etwas miteinander? K\u00f6nnen wir gemeinsam lachen? Sind uns wom\u00f6glich \u00e4hnlich? <\/span><span style=\"color: #000000;\">Zudem reguliert Humor Emotionen: f\u00f6rdert positive, lindert schmerzhafte.<\/span><\/span><\/p>\n<p class=\"x_MsoNormal\" title=\"\"><span style=\"color: #000000;\">Mithu Sanyal hat als Jugendliche in England Comedy als Mittel erlebt, um \u00fcber \u201erace\u201c zu sprechen. Nicht, um \u00fcber von Rassismus Betroffene zu lachen \u2013 sondern \u00fcber die Absurdit\u00e4t des Konzepts \u201erace\u201c. Sanyals i\u200bn diesem Fr\u00fchjahr erschienener Roman <em>Identitti<\/em> nutzt Witz und Humor zu einer umfassenden Selbsterm\u00e4chtigung im Sprechen \u00fcber Rassismus, Identit\u00e4tspolitik und \u200bKolonialit\u00e4t. Bei der Auftaktveranstaltung von <em>Gegenfragen<\/em> teilt Mithu Sanyal ihre Erfahrung, dass wir als Gesellschaft gut daran tun, \u00fcber uns selbst zu lachen, wenn wir uns \u00e4ndern wollen.<\/span><\/p>\n<p title=\"\">In Schottland entwickelte die junge\u00a0<span class=\"mark16d7b0p9i\">Amna<\/span>\u00a0<span class=\"marku6lam823x\">Saleem<\/span> auf \u00e4hnliche Weise ihre eigene kom\u00f6diantische Sicht auf die Welt. Zun\u00e4chst entstand ihr Sinn f\u00fcr Humor als Selbstverteidigungsmechanismus, als sie ihre beiden Kulturen durch die unvers\u00f6hnliche Zeit nach dem 11. September navigierte. Ihr angeborener Wunsch nach Selbsterhaltung legte den Grundstein zu einer erfolgreichen Karriere als Erwachsene. Obwohl <span class=\"mark16d7b0p9i\">Amna Saleem<\/span>s komplizierte Gef\u00fchle in Bezug auf &#8222;race&#8220; und Politik einen gro\u00dfen Teil ihrer Arbeit grundieren, ist ihr ihre F\u00e4higkeit, Menschen zum Lachen zu bringen, besonders wichtig. Sie glaubt fest daran, dass Comedy das Trojanische Pferd ist, das es uns erm\u00f6glicht, als Gesellschaft wirklich voranzukommen.<\/p>\n<p><span style=\"color: #000000;\"><strong>Begr\u00fc\u00dfung<\/strong><br \/>\nHartmut Dorgerloh, Generalintendant Humboldt Forum<\/span><\/p>\n<p><span style=\"color: #000000;\"><strong>Moderation<\/strong><br \/>\nMelinda Crane &amp; Geraldine de Bastion<\/span><\/p>\n<p>&nbsp;<\/p>\n<\/div>\n                <\/div>\n            <\/div>\n\t\t<\/div>\n\t\t    <\/div>\n<\/section>\n\n<section class=\"block block-headline block-no-margin \" >\n\t<div class=\"container-fluid\">\n\t\t<div class=\"row\">\n\t\t\t\t\t\t\t<div class=\"col-xs-12 col-md-offset-2 col-md-8\">\n\t\t\t\t\t<div class=\"box\">\n\t\t\t\t\t\t<h2 class=\".h4\">Podium<\/h2>\n\t\t\t\t\t<\/div>\n\t\t\t\t<\/div>\n\t\t\t\t\t<\/div>\n\t<\/div>\n<\/section>\n\n\n\n\n\n<section class=\"block block-accordion\">\n\t<div class=\"container-fluid\">\n\t\t<div class=\"row\">\n\t\t\t<div class=\"col-xs-12 col-md-offset-2 col-md-8\">\n\t\t\t\t<div class=\"box\">\n\t\t\t\t\t\t\t\t\t\t\t<block-accordion inline-template>\n\t\t\t\t\t\t\t<div class=\"accordion\">\n\t\t\t\t\t\t\t\t\t\t\t\t\t\t\t<block-accordion-item inline-template item-headline=\"Mithu Sanyal\">\n\t\t\t\t\t\t\t\t<div ref=\"item\" data-id=\"MithuSanyal\" class=\"block-accordion-item vue-initialize\" aria-expanded=\"false\" :aria-expanded=\"active ? 'true' : 'false'\">\n\t\t\t\t\t\t\t\t\t<button class=\"accordion-button-with-icon block-accordion-item-head\" :class=\"{'button-active': active}\" ref=\"head\" aria-controls=\"acc_69efdbb57af31\" id=\"acc_title_69efdbb57af33\" @click=\"toggle\" @keydown=\"key\">\n\t\t\t\t\t\t\t\t\t<div><span class=\"button-label\">Mithu Sanyal<\/span><\/div><span class=\"button-icon icon-plus\" aria-hidden=\"true\"><\/span>\n\t\t\t\t\t\t\t\t<\/button>\n\t\t\t\t\t\t\t\t\t<div ref=\"body\" class=\"block-accordion-item-content\" id=\"acc_69efdbb57af31\" role=\"region\">\n\t\t\t\t\t\t\t\t\t\t<div class=\"wrapper copy\">\n\t\t\t\t\t\t\t\t\t\t\t<p><span style=\"color: #000000;\">Mithu Sanyal wurde 1971 in D\u00fcsseldorf geboren und ist Kulturwissenschaftlerin, Autorin, Journalistin und Kritikerin. 2009 erschien ihr Sachbuch<em> Vulva. Das unsichtbare Geschlecht<\/em>, 2016 <em>Vergewaltigung. Aspekte eines Verbrechens<\/em>. 2021 kam ihr erster Roman<em>\u00a0<a style=\"text-decoration: none; color: #000000;\" href=\"https:\/\/www.hanser-literaturverlage.de\/978-3-446-26921-7\" target=\"_blank\" rel=\"noopener\">Identitti<\/a>\u00a0<\/em>heraus.<\/span><\/p>\n\n\t\t\t\t\t\t\t\t\t\t\t\t\t\t\t\t\t\t\t\t\t\t\t\t\t\t\t\t\t\t\t\t\t\n\t\t\t\t\t\t\t\t\t\t\t<div class=\"row\">\n\t\t\t\t\t\t\t\t\t\t\t\t<div class=\"col-xs-9 col-md-9\">\n\t\t\t\t\t\t\t\t\t\t\t\t\t<div class=\"box\">\n\t\t\t\t\t\t\t\t\t\t\t\t\t\t\n\t<lazy-media-inline inline-template>\n\t\t<figure itemscope itemtype=\"http:\/\/schema.org\/ImageObject\" class=\"lazy-media-inline \" role=\"group\" id=\"media_69efdbb57b5f5\" aria-labelledby=\"desc_media_69efdbb57b5f5\">\n\t\t\t<script type=\"application\/json\" ref=\"data\">\n\t\t\t\t{\n\t\t\t\t\"sizes\" : {\"medium\":{\"file\":\"Mithu-Sanyal_web-200x300.jpg\",\"width\":200,\"height\":300,\"mime-type\":\"image\\\/jpeg\"},\"large\":{\"file\":\"Mithu-Sanyal_web-683x1024.jpg\",\"width\":683,\"height\":1024,\"mime-type\":\"image\\\/jpeg\"},\"thumbnail\":{\"file\":\"Mithu-Sanyal_web-150x150.jpg\",\"width\":150,\"height\":150,\"mime-type\":\"image\\\/jpeg\"},\"medium_large\":{\"file\":\"Mithu-Sanyal_web-768x1152.jpg\",\"width\":768,\"height\":1152,\"mime-type\":\"image\\\/jpeg\"},\"small\":{\"file\":\"Mithu-Sanyal_web-293x440.jpg\",\"width\":293,\"height\":440,\"mime-type\":\"image\\\/jpeg\"},\"semi\":{\"file\":\"Mithu-Sanyal_web-387x580.jpg\",\"width\":387,\"height\":580,\"mime-type\":\"image\\\/jpeg\"},\"mobile\":{\"file\":\"Mithu-Sanyal_web-480x720.jpg\",\"width\":480,\"height\":720,\"mime-type\":\"image\\\/jpeg\"},\"hd\":{\"file\":\"Mithu-Sanyal_web-853x1280.jpg\",\"width\":853,\"height\":1280,\"mime-type\":\"image\\\/jpeg\"},\"original\":{\"file\":\"Mithu-Sanyal_web.jpg\",\"width\":1000,\"height\":1500}},\n\t\t\t\t\"alt\" : \"Junge Frau im orangenen Kimono l\\u00e4chelt auf einem Seilspielger\\u00e4t auf dem Spielplatz in die Kamera.\",\n\t\t\t\t\"path\" : \"\\\/wp-content\\\/uploads\\\/2021\\\/04\\\/\",\n\t\t\t\t\"video\" : null,\n\t\t\t\t\"autoplay\" : null,\n\t\t\t\t\"youtube\" : null,\n\t\t\t\t\"youtubelabel\" : \"Video abspielen\",\n\t\t\t\t\"brightness\" : 100,\n\t\t\t\t\"crop\" : {\"top\":\"21.36\",\"left\":\"53.92\"},\n\t\t\t\t\"background\" : true,\n\t\t\t\t\"scale\" : 2\t\t\t\t}\n\t\t\t<\/script>\n\n\t\t\t<div class=\"height-container\" style=\"padding-bottom:150%;\" v-if=\"sizes\">\n\t\t\t\t\t\t\t\t<lazy-media :inline=\"true\" :alt=\"alt\" :sizes=\"sizes\" :scale=\"scale\" :brightness=\"brightness\" :path=\"path\" :video=\"video\" :autoplay=\"autoplay\" :youtube=\"youtube\" :crop=\"crop\" :youtubelabel=\"youtubelabel\" :background=\"background\" media-id=\"desc_media_69efdbb57b5f5\"><\/lazy-media>\n\t\t\t\t\t\t\t<\/div>\n\n\t\t\t\t\t\t\t<figcaption class=\"\" id=\"desc_media_69efdbb57b5f5\">\n\t\t\t\t\t<div class=\"lazy-media-info-body-content\">\n\t\t\t\t\t\t\t\t\t\t\t\t\t<div>Mithu Sanyal \n2020<\/div>\n\t\t\t\t\t\t\t\t\t\t\t\t\t\t\t\t\t\t\t\t\t\t\t\t\t<div class=\"insignificant\">\u00a9 Guido Schiefer<\/div>\n\t\t\t\t\t\t\t\t\t\t\t<\/div>\n\t\t\t\t<\/figcaption>\n\t\t\t\t\t\t\t\t\t<\/figure>\n\t<\/lazy-media-inline>\n\t\t\t\t\t\t\t\t\t\t\t\t\t<\/div>\n\t\t\t\t\t\t\t\t\t\t\t\t<\/div>\n\t\t\t\t\t\t\t\t\t\t\t<\/div>\n\n\t\t\t\t\t\t\t\t\t\t\t\t\t\t\t\t\t\t\t\t\t<\/div>\n\t\t\t\t\t\t\t\t\t<\/div>\n\t\t\t\t\t\t\t\t<\/div>\n\t\t\t\t\t\t\t\t<\/block-accordion-item>\n\t\t\t\t\t\t\t\t\t\t\t\t\t\t<block-accordion-item inline-template item-headline=\"Amna Saleem\">\n\t\t\t\t\t\t\t\t<div ref=\"item\" data-id=\"AmnaSaleem\" class=\"block-accordion-item vue-initialize\" aria-expanded=\"false\" :aria-expanded=\"active ? 'true' : 'false'\">\n\t\t\t\t\t\t\t\t\t<button class=\"accordion-button-with-icon block-accordion-item-head\" :class=\"{'button-active': active}\" ref=\"head\" aria-controls=\"acc_69efdbb57b903\" id=\"acc_title_69efdbb57b904\" @click=\"toggle\" @keydown=\"key\">\n\t\t\t\t\t\t\t\t\t<div><span class=\"button-label\">Amna Saleem<\/span><\/div><span class=\"button-icon icon-plus\" aria-hidden=\"true\"><\/span>\n\t\t\t\t\t\t\t\t<\/button>\n\t\t\t\t\t\t\t\t\t<div ref=\"body\" class=\"block-accordion-item-content\" id=\"acc_69efdbb57b903\" role=\"region\">\n\t\t\t\t\t\t\t\t\t\t<div class=\"wrapper copy\">\n\t\t\t\t\t\t\t\t\t\t\t<p>Amna Saleem ist eine schottisch-pakistanische Drehbuchautorin und Journalistin und lebt und arbeitet in Glasgow. Mehrere Fernsehprojekte sind gerade in Produktion; ihre erste Sitcom\u00a0<em>Beta Female\u00a0<\/em>ist auf <em>BBC Radio Four<\/em> zu h\u00f6ren. Sie schreibt unter anderem f\u00fcr den<em> Guardian<\/em>,<em> GQ<\/em>, <em>The New Statesman<\/em> und <em>HuffPost<\/em>. Texte von Amna Saleem finden sich in den Anthologien\u00a0<em>It&#8217;s Not About The Burqa: <\/em><span class=\"a-size-extra-large\"><em>Muslim Women on Faith, Feminism, Sexuality and Race<\/em>\u00a0<\/span>und\u00a0<em>Who&#8217;s Loving You.\u00a0<\/em><span class=\"a-size-extra-large\"><em>Love Stories by Women of Colour<\/em>.<\/span><\/p>\n\n\t\t\t\t\t\t\t\t\t\t\t\t\t\t\t\t\t\t\t\t\t\t\t\t\t\t\t\t\t\t\t\t\t\n\t\t\t\t\t\t\t\t\t\t\t<div class=\"row\">\n\t\t\t\t\t\t\t\t\t\t\t\t<div class=\"col-xs-9 col-md-9\">\n\t\t\t\t\t\t\t\t\t\t\t\t\t<div class=\"box\">\n\t\t\t\t\t\t\t\t\t\t\t\t\t\t\n\t<lazy-media-inline inline-template>\n\t\t<figure itemscope itemtype=\"http:\/\/schema.org\/ImageObject\" class=\"lazy-media-inline \" role=\"group\" id=\"media_69efdbb57bf05\" aria-labelledby=\"desc_media_69efdbb57bf05\">\n\t\t\t<script type=\"application\/json\" ref=\"data\">\n\t\t\t\t{\n\t\t\t\t\"sizes\" : {\"medium\":{\"file\":\"Amna-Saleem-200x300.jpg\",\"width\":200,\"height\":300,\"mime-type\":\"image\\\/jpeg\"},\"large\":{\"file\":\"Amna-Saleem-683x1024.jpg\",\"width\":683,\"height\":1024,\"mime-type\":\"image\\\/jpeg\"},\"thumbnail\":{\"file\":\"Amna-Saleem-150x150.jpg\",\"width\":150,\"height\":150,\"mime-type\":\"image\\\/jpeg\"},\"medium_large\":{\"file\":\"Amna-Saleem-768x1152.jpg\",\"width\":768,\"height\":1152,\"mime-type\":\"image\\\/jpeg\"},\"small\":{\"file\":\"Amna-Saleem-293x440.jpg\",\"width\":293,\"height\":440,\"mime-type\":\"image\\\/jpeg\"},\"semi\":{\"file\":\"Amna-Saleem-387x580.jpg\",\"width\":387,\"height\":580,\"mime-type\":\"image\\\/jpeg\"},\"mobile\":{\"file\":\"Amna-Saleem-480x720.jpg\",\"width\":480,\"height\":720,\"mime-type\":\"image\\\/jpeg\"},\"hd\":{\"file\":\"Amna-Saleem-853x1280.jpg\",\"width\":853,\"height\":1280,\"mime-type\":\"image\\\/jpeg\"},\"full\":{\"file\":\"Amna-Saleem-1280x1920.jpg\",\"width\":1280,\"height\":1920,\"mime-type\":\"image\\\/jpeg\"},\"xxl\":{\"file\":\"Amna-Saleem-2699x4048.jpg\",\"width\":2699,\"height\":4048,\"mime-type\":\"image\\\/jpeg\"},\"1536x1536\":{\"file\":\"Amna-Saleem-1024x1536.jpg\",\"width\":1024,\"height\":1536,\"mime-type\":\"image\\\/jpeg\"},\"2048x2048\":{\"file\":\"Amna-Saleem-1365x2048.jpg\",\"width\":1365,\"height\":2048,\"mime-type\":\"image\\\/jpeg\"},\"original\":{\"file\":\"Amna-Saleem.jpg\",\"width\":3840,\"height\":5760}},\n\t\t\t\t\"alt\" : \"L\\u00e4chelnde Frau mit langen, gestreiften Pullover und braunen Haaren vor einem hellen Hintergrund.\",\n\t\t\t\t\"path\" : \"\\\/wp-content\\\/uploads\\\/2021\\\/04\\\/\",\n\t\t\t\t\"video\" : null,\n\t\t\t\t\"autoplay\" : null,\n\t\t\t\t\"youtube\" : null,\n\t\t\t\t\"youtubelabel\" : \"Video abspielen\",\n\t\t\t\t\"brightness\" : 100,\n\t\t\t\t\"crop\" : {\"top\":\"40.96\",\"left\":\"47.58\"},\n\t\t\t\t\"background\" : true,\n\t\t\t\t\"scale\" : 2\t\t\t\t}\n\t\t\t<\/script>\n\n\t\t\t<div class=\"height-container\" style=\"padding-bottom:150%;\" v-if=\"sizes\">\n\t\t\t\t\t\t\t\t<lazy-media :inline=\"true\" :alt=\"alt\" :sizes=\"sizes\" :scale=\"scale\" :brightness=\"brightness\" :path=\"path\" :video=\"video\" :autoplay=\"autoplay\" :youtube=\"youtube\" :crop=\"crop\" :youtubelabel=\"youtubelabel\" :background=\"background\" media-id=\"desc_media_69efdbb57bf05\"><\/lazy-media>\n\t\t\t\t\t\t\t<\/div>\n\n\t\t\t\t\t\t\t<figcaption class=\"\" id=\"desc_media_69efdbb57bf05\">\n\t\t\t\t\t<div class=\"lazy-media-info-body-content\">\n\t\t\t\t\t\t\t\t\t\t\t\t\t<div>Amna Saleem<\/div>\n\t\t\t\t\t\t\t\t\t\t\t\t\t\t\t\t\t\t\t\t\t\t\t\t\t<div class=\"insignificant\">\u00a9 privat<\/div>\n\t\t\t\t\t\t\t\t\t\t\t<\/div>\n\t\t\t\t<\/figcaption>\n\t\t\t\t\t\t\t\t\t<\/figure>\n\t<\/lazy-media-inline>\n\t\t\t\t\t\t\t\t\t\t\t\t\t<\/div>\n\t\t\t\t\t\t\t\t\t\t\t\t<\/div>\n\t\t\t\t\t\t\t\t\t\t\t<\/div>\n\n\t\t\t\t\t\t\t\t\t\t\t\t\t\t\t\t\t\t\t\t\t<\/div>\n\t\t\t\t\t\t\t\t\t<\/div>\n\t\t\t\t\t\t\t\t<\/div>\n\t\t\t\t\t\t\t\t<\/block-accordion-item>\n\t\t\t\t\t\t\t\t\t\t\t\t\t\t<block-accordion-item inline-template item-headline=\"Melinda Crane\">\n\t\t\t\t\t\t\t\t<div ref=\"item\" data-id=\"MelindaCrane\" class=\"block-accordion-item vue-initialize\" aria-expanded=\"false\" :aria-expanded=\"active ? 'true' : 'false'\">\n\t\t\t\t\t\t\t\t\t<button class=\"accordion-button-with-icon block-accordion-item-head\" :class=\"{'button-active': active}\" ref=\"head\" aria-controls=\"acc_69efdbb57c165\" id=\"acc_title_69efdbb57c166\" @click=\"toggle\" @keydown=\"key\">\n\t\t\t\t\t\t\t\t\t<div><span class=\"button-label\">Melinda Crane<\/span><\/div><span class=\"button-icon icon-plus\" aria-hidden=\"true\"><\/span>\n\t\t\t\t\t\t\t\t<\/button>\n\t\t\t\t\t\t\t\t\t<div ref=\"body\" class=\"block-accordion-item-content\" id=\"acc_69efdbb57c165\" role=\"region\">\n\t\t\t\t\t\t\t\t\t\t<div class=\"wrapper copy\">\n\t\t\t\t\t\t\t\t\t\t\t<p>Melinda Crane ist Politische Chef-Korrespondentin im englischen Programm von <em>Deutsche Welle TV<\/em> und moderiert die internationale Talksendung <em>To the Point<\/em>. Au\u00dferdem kommentiert sie f\u00fcr deutsche Nachrichtensender die US-Politik. Sie erhielt 2014 den Steuben-Schurz Medienpreis f\u00fcr ihren Beitrag zur transatlantischen Verst\u00e4ndigung. Neben weiteren journalistischen T\u00e4tigkeiten schrieb sie f\u00fcr das <em>New York Times Magazine<\/em>, den <em>Christian Science Monitor<\/em>, die <em>Boston Globe<\/em>, die <em>Frankfurter Hefte<\/em>, <em>Internationale Politik<\/em>\u00a0und die ARD.<\/p>\n\n\t\t\t\t\t\t\t\t\t\t\t\t\t\t\t\t\t\t\t\t\t\t\t\t\t\t\t\t\t\t\t\t\t\n\t\t\t\t\t\t\t\t\t\t\t<div class=\"row\">\n\t\t\t\t\t\t\t\t\t\t\t\t<div class=\"col-xs-9 col-md-9\">\n\t\t\t\t\t\t\t\t\t\t\t\t\t<div class=\"box\">\n\t\t\t\t\t\t\t\t\t\t\t\t\t\t\n\t<lazy-media-inline inline-template>\n\t\t<figure itemscope itemtype=\"http:\/\/schema.org\/ImageObject\" class=\"lazy-media-inline \" role=\"group\" id=\"media_69efdbb57c6ef\" aria-labelledby=\"desc_media_69efdbb57c6ef\">\n\t\t\t<script type=\"application\/json\" ref=\"data\">\n\t\t\t\t{\n\t\t\t\t\"sizes\" : {\"medium\":{\"file\":\"Melinda-Crane-282x300.jpg\",\"width\":282,\"height\":300,\"mime-type\":\"image\\\/jpeg\"},\"thumbnail\":{\"file\":\"Melinda-Crane-150x150.jpg\",\"width\":150,\"height\":150,\"mime-type\":\"image\\\/jpeg\"},\"small\":{\"file\":\"Melinda-Crane-414x440.jpg\",\"width\":414,\"height\":440,\"mime-type\":\"image\\\/jpeg\"},\"original\":{\"file\":\"Melinda-Crane.jpg\",\"width\":427,\"height\":454}},\n\t\t\t\t\"alt\" : \"Professionelle Frau mit blonden Haaren im hellen Anzug steht mit verschr\\u00e4nkten H\\u00e4nden vor grauem Hintergrund.\",\n\t\t\t\t\"path\" : \"\\\/wp-content\\\/uploads\\\/2021\\\/04\\\/\",\n\t\t\t\t\"video\" : null,\n\t\t\t\t\"autoplay\" : null,\n\t\t\t\t\"youtube\" : null,\n\t\t\t\t\"youtubelabel\" : \"Video abspielen\",\n\t\t\t\t\"brightness\" : 100,\n\t\t\t\t\"crop\" : {\"top\":\"31.06\",\"left\":\"52.97\"},\n\t\t\t\t\"background\" : true,\n\t\t\t\t\"scale\" : 2\t\t\t\t}\n\t\t\t<\/script>\n\n\t\t\t<div class=\"height-container\" style=\"padding-bottom:106.32318501171%;\" v-if=\"sizes\">\n\t\t\t\t\t\t\t\t<lazy-media :inline=\"true\" :alt=\"alt\" :sizes=\"sizes\" :scale=\"scale\" :brightness=\"brightness\" :path=\"path\" :video=\"video\" :autoplay=\"autoplay\" :youtube=\"youtube\" :crop=\"crop\" :youtubelabel=\"youtubelabel\" :background=\"background\" media-id=\"desc_media_69efdbb57c6ef\"><\/lazy-media>\n\t\t\t\t\t\t\t<\/div>\n\n\t\t\t\t\t\t\t<figcaption class=\"\" id=\"desc_media_69efdbb57c6ef\">\n\t\t\t\t\t<div class=\"lazy-media-info-body-content\">\n\t\t\t\t\t\t\t\t\t\t\t\t\t<div>Melinda Crane<\/div>\n\t\t\t\t\t\t\t\t\t\t\t\t\t\t\t\t\t\t\t\t\t\t\t\t\t<div class=\"insignificant\">\u00a9 privat<\/div>\n\t\t\t\t\t\t\t\t\t\t\t<\/div>\n\t\t\t\t<\/figcaption>\n\t\t\t\t\t\t\t\t\t<\/figure>\n\t<\/lazy-media-inline>\n\t\t\t\t\t\t\t\t\t\t\t\t\t<\/div>\n\t\t\t\t\t\t\t\t\t\t\t\t<\/div>\n\t\t\t\t\t\t\t\t\t\t\t<\/div>\n\n\t\t\t\t\t\t\t\t\t\t\t\t\t\t\t\t\t\t\t\t\t<\/div>\n\t\t\t\t\t\t\t\t\t<\/div>\n\t\t\t\t\t\t\t\t<\/div>\n\t\t\t\t\t\t\t\t<\/block-accordion-item>\n\t\t\t\t\t\t\t\t\t\t\t\t\t\t<block-accordion-item inline-template item-headline=\"Geraldine de Bastion\">\n\t\t\t\t\t\t\t\t<div ref=\"item\" data-id=\"GeraldinedeBastion\" class=\"block-accordion-item vue-initialize\" aria-expanded=\"false\" :aria-expanded=\"active ? 'true' : 'false'\">\n\t\t\t\t\t\t\t\t\t<button class=\"accordion-button-with-icon block-accordion-item-head\" :class=\"{'button-active': active}\" ref=\"head\" aria-controls=\"acc_69efdbb57c8f5\" id=\"acc_title_69efdbb57c8f6\" @click=\"toggle\" @keydown=\"key\">\n\t\t\t\t\t\t\t\t\t<div><span class=\"button-label\">Geraldine de Bastion<\/span><\/div><span class=\"button-icon icon-plus\" aria-hidden=\"true\"><\/span>\n\t\t\t\t\t\t\t\t<\/button>\n\t\t\t\t\t\t\t\t\t<div ref=\"body\" class=\"block-accordion-item-content\" id=\"acc_69efdbb57c8f5\" role=\"region\">\n\t\t\t\t\t\t\t\t\t\t<div class=\"wrapper copy\">\n\t\t\t\t\t\t\t\t\t\t\t<p>Geraldine de Bastion ist eine britisch-deutsche Politikwissenschaftlerin mit langj\u00e4hriger Erfahrung in der Zusammenarbeit mit Netz-Aktivisten, Regierungen, Start-Ups und Nicht-Regierungsorganisationen in der ganzen Welt. Ihre Forschungs- und Arbeitsschwerpunkte sind Digitalisierung, Innovation und Menschenrechte. Sie ist Gr\u00fcnderin des <em>Global Innovation Gathering<\/em> (GIG), ein weltweites Netzwerk von Grassroot-Innovatoren, sozialen Unternehmen, Makerspaces und Innovationsschmieden. 2018 schrieb sie das Drehbuch und moderierte die ARTE-Dokumentation <em>Digital Africa<\/em>, in der viele der aktiven Innovatoren aus dem GIG-Netzwerk portraitiert werden. Seit 2012 ist sie Mitglied des Kurator*innen-Teams der <em>re:publica<\/em>, Europas gr\u00f6\u00dfter Konferenz zum Themenfeld Internet und Gesellschaft. 2018 organisierte sie die erste<em> re:publica<\/em> in Accra, Ghana.<\/p>\n\n\t\t\t\t\t\t\t\t\t\t\t\t\t\t\t\t\t\t\t\t\t\t\t\t\t\t\t\t\t\t\t\t\t\n\t\t\t\t\t\t\t\t\t\t\t<div class=\"row\">\n\t\t\t\t\t\t\t\t\t\t\t\t<div class=\"col-xs-9 col-md-9\">\n\t\t\t\t\t\t\t\t\t\t\t\t\t<div class=\"box\">\n\t\t\t\t\t\t\t\t\t\t\t\t\t\t\n\t<lazy-media-inline inline-template>\n\t\t<figure itemscope itemtype=\"http:\/\/schema.org\/ImageObject\" class=\"lazy-media-inline \" role=\"group\" id=\"media_69efdbb57ce12\" aria-labelledby=\"desc_media_69efdbb57ce12\">\n\t\t\t<script type=\"application\/json\" ref=\"data\">\n\t\t\t\t{\n\t\t\t\t\"sizes\" : {\"medium\":{\"file\":\"de-Bastion-Geraldine__web_Foto_von-@linuspetit-300x200.jpg\",\"width\":300,\"height\":200,\"mime-type\":\"image\\\/jpeg\"},\"large\":{\"file\":\"de-Bastion-Geraldine__web_Foto_von-@linuspetit-1024x682.jpg\",\"width\":1024,\"height\":682,\"mime-type\":\"image\\\/jpeg\"},\"thumbnail\":{\"file\":\"de-Bastion-Geraldine__web_Foto_von-@linuspetit-150x150.jpg\",\"width\":150,\"height\":150,\"mime-type\":\"image\\\/jpeg\"},\"medium_large\":{\"file\":\"de-Bastion-Geraldine__web_Foto_von-@linuspetit-768x512.jpg\",\"width\":768,\"height\":512,\"mime-type\":\"image\\\/jpeg\"},\"small\":{\"file\":\"de-Bastion-Geraldine__web_Foto_von-@linuspetit-440x293.jpg\",\"width\":440,\"height\":293,\"mime-type\":\"image\\\/jpeg\"},\"semi\":{\"file\":\"de-Bastion-Geraldine__web_Foto_von-@linuspetit-580x387.jpg\",\"width\":580,\"height\":387,\"mime-type\":\"image\\\/jpeg\"},\"mobile\":{\"file\":\"de-Bastion-Geraldine__web_Foto_von-@linuspetit-720x480.jpg\",\"width\":720,\"height\":480,\"mime-type\":\"image\\\/jpeg\"},\"hd\":{\"file\":\"de-Bastion-Geraldine__web_Foto_von-@linuspetit-1280x853.jpg\",\"width\":1280,\"height\":853,\"mime-type\":\"image\\\/jpeg\"},\"full\":{\"file\":\"de-Bastion-Geraldine__web_Foto_von-@linuspetit-1920x1280.jpg\",\"width\":1920,\"height\":1280,\"mime-type\":\"image\\\/jpeg\"},\"1536x1536\":{\"file\":\"de-Bastion-Geraldine__web_Foto_von-@linuspetit-1536x1024.jpg\",\"width\":1536,\"height\":1024,\"mime-type\":\"image\\\/jpeg\"},\"original\":{\"file\":\"de-Bastion-Geraldine__web_Foto_von-@linuspetit.jpg\",\"width\":2000,\"height\":1333}},\n\t\t\t\t\"alt\" : \"Portr\\u00e4t einer l\\u00e4chelnden Frau mit lockigem Haar vor einer roten Ziegelmauer im warmen Abendlicht.\",\n\t\t\t\t\"path\" : \"\\\/wp-content\\\/uploads\\\/2021\\\/04\\\/\",\n\t\t\t\t\"video\" : null,\n\t\t\t\t\"autoplay\" : null,\n\t\t\t\t\"youtube\" : null,\n\t\t\t\t\"youtubelabel\" : \"Video abspielen\",\n\t\t\t\t\"brightness\" : 100,\n\t\t\t\t\"crop\" : {\"top\":\"50.00\",\"left\":\"50.00\"},\n\t\t\t\t\"background\" : true,\n\t\t\t\t\"scale\" : 2\t\t\t\t}\n\t\t\t<\/script>\n\n\t\t\t<div class=\"height-container\" style=\"padding-bottom:66.65%;\" v-if=\"sizes\">\n\t\t\t\t\t\t\t\t<lazy-media :inline=\"true\" :alt=\"alt\" :sizes=\"sizes\" :scale=\"scale\" :brightness=\"brightness\" :path=\"path\" :video=\"video\" :autoplay=\"autoplay\" :youtube=\"youtube\" :crop=\"crop\" :youtubelabel=\"youtubelabel\" :background=\"background\" media-id=\"desc_media_69efdbb57ce12\"><\/lazy-media>\n\t\t\t\t\t\t\t<\/div>\n\n\t\t\t\t\t\t\t<figcaption class=\"\" id=\"desc_media_69efdbb57ce12\">\n\t\t\t\t\t<div class=\"lazy-media-info-body-content\">\n\t\t\t\t\t\t\t\t\t\t\t\t\t<div>Geraldine de Bastion<\/div>\n\t\t\t\t\t\t\t\t\t\t\t\t\t\t\t\t\t\t\t\t\t\t\t\t\t<div class=\"insignificant\">\u00a9 @linuspetit <\/div>\n\t\t\t\t\t\t\t\t\t\t\t<\/div>\n\t\t\t\t<\/figcaption>\n\t\t\t\t\t\t\t\t\t<\/figure>\n\t<\/lazy-media-inline>\n\t\t\t\t\t\t\t\t\t\t\t\t\t<\/div>\n\t\t\t\t\t\t\t\t\t\t\t\t<\/div>\n\t\t\t\t\t\t\t\t\t\t\t<\/div>\n\n\t\t\t\t\t\t\t\t\t\t\t\t\t\t\t\t\t\t\t\t\t<\/div>\n\t\t\t\t\t\t\t\t\t<\/div>\n\t\t\t\t\t\t\t\t<\/div>\n\t\t\t\t\t\t\t\t<\/block-accordion-item>\n\t\t\t\t\t\t\t\t\t\t\t\t\t<\/div>\n\t\t\t\t\t\t<\/block-accordion>\n\t\t\t\t\t\t\t\t\t<\/div>\n\t\t\t<\/div>\n\t\t<\/div>\n\t<\/div>\n<\/section>\n\n\n<calendardetail inline-template :appear-before=\"0\" :appear-after=\"0\" :live-stream-appears=\"10\" youtube-label-inactive=\"Livestream\" youtube-label-live=\"Livestream starten\" youtube-label-after=\"ReLive ansehen\">\n\t<section class=\"block-live-section\">\n\t\t<script type=\"application\/json\" ref=\"eventdata\">{\"postId\":21427,\"title\":\"Kein Grund zu lachen?\",\"excerpt\":\"Humor baut Beziehungen: Teilen wir etwas miteinander? K\\u00f6nnen wir gemeinsam lachen? Sind uns wom\\u00f6glich \\u00e4hnlich?\",\"slug\":\"verstehen-wir-spass\",\"post_date\":\"2021-04-21T13:01\",\"type\":\"event\",\"permalink\":\"https:\\\/\\\/www.humboldtforum.org\\\/de\\\/programm\\\/termin\\\/diskurs\\\/verstehen-wir-spass-21427\\\/\",\"genre\":[392],\"genre_details\":[{\"text\":\"Diskurs\",\"id\":392,\"icon\":null,\"parent\":0}],\"digital\":[742],\"digital_details\":[{\"text\":\"Livestream\",\"id\":742,\"icon\":null,\"parent\":0}],\"stakeholder\":[382],\"stakeholder_details\":[{\"text\":\"Stiftung Humboldt Forum im Berliner Schloss\",\"id\":382,\"icon\":null,\"parent\":0}],\"targetgroup\":[383],\"targetgroup_details\":[{\"text\":\"Erwachsene\",\"id\":383,\"icon\":null,\"parent\":0}],\"language\":[384,385],\"language_details\":[{\"text\":\"Deutsch\",\"id\":384,\"icon\":null,\"parent\":0},{\"text\":\"Englisch\",\"id\":385,\"icon\":null,\"parent\":0}],\"place\":[498],\"place_details\":{\"place\":\"Humboldt Forum\",\"map\":\"Humboldt Forum, Schlossplatz, Berlin\",\"room\":\"Online-Veranstaltung\"},\"icon_overwrite\":\"\",\"acf\":{\"noindex\":false,\"keywords\":\"\",\"hashtag\":\"HumboldtForum\",\"shorturl\":\"\",\"times\":[{\"start\":\"20210506 19:00\",\"end\":\"20:30\",\"status\":\"JOIN\",\"info\":\"Online-Veranstaltung\",\"shop\":\"\",\"i\":0,\"start_hour\":\"19:00\",\"start_HRF\":\"Do,  6. Mai 2021\",\"_date\":{\"date\":\"2021-05-06 20:30:00.000000\",\"timezone_type\":3,\"timezone\":\"Europe\\\/Berlin\"},\"_fromdate\":\"20210506 19:00\",\"start_TS\":1620320400,\"start_HRFSHORT\":\"06.05.21\",\"start_HRFSHORT_WD\":\"Do 06.05.2021\",\"end_TS\":1620325800,\"can_purchase\":false}],\"planning\":{\"price\":\"Eintritt frei, Online-Veranstaltung\",\"admission\":\"\",\"pause\":\"\",\"duration\":\"\"},\"subline\":\"Wie Humor uns helfen kann, von Rassismus, Kolonialit\\u00e4t, Identit\\u00e4tspolitik zu reden\",\"subline_feature\":\"\",\"marketing_text\":\"Wie Humor uns helfen kann, von Rassismus und Identit\\u00e4tspolitik zu reden\",\"shorttext\":\"Humor baut Beziehungen: Teilen wir etwas miteinander? K\\u00f6nnen wir gemeinsam lachen? Sind uns wom\\u00f6glich \\u00e4hnlich?\",\"longtext\":\"\",\"highlight_header\":false,\"featured_images\":[21461],\"video\":false,\"hyphenation\":true,\"tipp\":false,\"alert_text\":\"\",\"joker\":false,\"live\":true,\"announcement\":\"\",\"overwrite_date\":\"\",\"yt\":\"https:\\\/\\\/www.youtube.com\\\/watch?v=YYAbdTGLzcA\",\"belongsto\":[15354],\"highlight_header_image\":21461,\"has_mobile_format\":false,\"highlight_header_image_mobile\":false,\"mobile_video\":false,\"use_video_in_teasers\":false,\"video_brightness\":66,\"color\":\"\",\"dark_mode\":false,\"tickettext\":\"\",\"infotext\":\"\",\"additional_info\":{\"icon\":0,\"text\":\"\"},\"hm_id\":\"\",\"hide_event_in_program\":false},\"thumbnail\":{\"width\":1920,\"height\":1045,\"sizes\":{\"medium\":{\"file\":\"ehimetalor-akhere-unuabona-zswLbyR_b58-unsplash-300x163.jpg\",\"width\":300,\"height\":163,\"mime-type\":\"image\\\/jpeg\"},\"large\":{\"file\":\"ehimetalor-akhere-unuabona-zswLbyR_b58-unsplash-1024x557.jpg\",\"width\":1024,\"height\":557,\"mime-type\":\"image\\\/jpeg\"},\"thumbnail\":{\"file\":\"ehimetalor-akhere-unuabona-zswLbyR_b58-unsplash-150x150.jpg\",\"width\":150,\"height\":150,\"mime-type\":\"image\\\/jpeg\"},\"medium_large\":{\"file\":\"ehimetalor-akhere-unuabona-zswLbyR_b58-unsplash-768x418.jpg\",\"width\":768,\"height\":418,\"mime-type\":\"image\\\/jpeg\"},\"small\":{\"file\":\"ehimetalor-akhere-unuabona-zswLbyR_b58-unsplash-440x239.jpg\",\"width\":440,\"height\":239,\"mime-type\":\"image\\\/jpeg\"},\"semi\":{\"file\":\"ehimetalor-akhere-unuabona-zswLbyR_b58-unsplash-580x316.jpg\",\"width\":580,\"height\":316,\"mime-type\":\"image\\\/jpeg\"},\"mobile\":{\"file\":\"ehimetalor-akhere-unuabona-zswLbyR_b58-unsplash-720x392.jpg\",\"width\":720,\"height\":392,\"mime-type\":\"image\\\/jpeg\"},\"hd\":{\"file\":\"ehimetalor-akhere-unuabona-zswLbyR_b58-unsplash-1280x697.jpg\",\"width\":1280,\"height\":697,\"mime-type\":\"image\\\/jpeg\"},\"1536x1536\":{\"file\":\"ehimetalor-akhere-unuabona-zswLbyR_b58-unsplash-1536x836.jpg\",\"width\":1536,\"height\":836,\"mime-type\":\"image\\\/jpeg\"},\"original\":{\"file\":\"ehimetalor-akhere-unuabona-zswLbyR_b58-unsplash.jpg\",\"width\":1920,\"height\":1045}},\"alt\":\"Schild mit der Aufschrift \\\"RASSISMUS IST EINE PANDEMIE\\\" vor einem Fenster.\",\"label\":\"\",\"description\":\"\",\"ratio\":54.427083333333336,\"url\":\"\\\/wp-content\\\/uploads\\\/2021\\\/04\\\/\",\"webp\":0,\"crop\":{\"top\":\"63.66\",\"left\":\"27.03\"},\"ID\":21461},\"date\":{\"NX\":null,\"NXX\":null,\"NLAST\":\"202105061500\",\"from_DATE\":\"20210506 19:00\",\"from\":1620313200,\"to\":1620313200,\"to_DATE\":\"20210506 19:00\",\"from_HRFSHORT\":\" 6. Mai 2021\",\"from_HRFSHORT_WD\":\"Do 06.05.2021\",\"to_HRFSHORT\":\" 6. Mai 2021\",\"to_HRFSHORT_WD\":\"Do 06.05.2021\",\"from_HRF\":\"Do,  6. Mai 2021\",\"to_HRF\":\"Do,  6. Mai 2021\",\"from_to_HRF\":\"Do,  6. Mai \\u2013 Do,  6. Mai 2021\",\"from_to_HRFSHORT\":\" 6. Mai \\u2013  6. Mai 2021\"},\"alert\":\"Livestream\",\"partof\":[15354],\"marketing_topic\":{\"title\":\"Privat: Gegenfragen\",\"ID\":15354,\"reason\":\"sequence\"}}<\/script>\n\t\t<div class=\"container-fluid block-live\" v-if=\"doAppear\" v-bind:class=\"{'isLive': isLive}\">\n\t\t\t<section class=\"block block-event-header-highlight block-fullscreen-first\">\n\t<div class=\"block-event-header-highlight-image\">\n\t\t\t\t<block-header inline-template>\n\t\t\t<div>\n\t\t\t<figure role=\"group\" aria-labelledby=\"m_69efdbb58cb88\">\n<script type=\"application\/json\" ref=\"data\">\n{\n\"sizes_d\" : {\"medium\":{\"file\":\"ehimetalor-akhere-unuabona-zswLbyR_b58-unsplash-300x163.jpg\",\"width\":300,\"height\":163,\"mime-type\":\"image\\\/jpeg\"},\"large\":{\"file\":\"ehimetalor-akhere-unuabona-zswLbyR_b58-unsplash-1024x557.jpg\",\"width\":1024,\"height\":557,\"mime-type\":\"image\\\/jpeg\"},\"thumbnail\":{\"file\":\"ehimetalor-akhere-unuabona-zswLbyR_b58-unsplash-150x150.jpg\",\"width\":150,\"height\":150,\"mime-type\":\"image\\\/jpeg\"},\"medium_large\":{\"file\":\"ehimetalor-akhere-unuabona-zswLbyR_b58-unsplash-768x418.jpg\",\"width\":768,\"height\":418,\"mime-type\":\"image\\\/jpeg\"},\"small\":{\"file\":\"ehimetalor-akhere-unuabona-zswLbyR_b58-unsplash-440x239.jpg\",\"width\":440,\"height\":239,\"mime-type\":\"image\\\/jpeg\"},\"semi\":{\"file\":\"ehimetalor-akhere-unuabona-zswLbyR_b58-unsplash-580x316.jpg\",\"width\":580,\"height\":316,\"mime-type\":\"image\\\/jpeg\"},\"mobile\":{\"file\":\"ehimetalor-akhere-unuabona-zswLbyR_b58-unsplash-720x392.jpg\",\"width\":720,\"height\":392,\"mime-type\":\"image\\\/jpeg\"},\"hd\":{\"file\":\"ehimetalor-akhere-unuabona-zswLbyR_b58-unsplash-1280x697.jpg\",\"width\":1280,\"height\":697,\"mime-type\":\"image\\\/jpeg\"},\"1536x1536\":{\"file\":\"ehimetalor-akhere-unuabona-zswLbyR_b58-unsplash-1536x836.jpg\",\"width\":1536,\"height\":836,\"mime-type\":\"image\\\/jpeg\"},\"original\":{\"file\":\"ehimetalor-akhere-unuabona-zswLbyR_b58-unsplash.jpg\",\"width\":1920,\"height\":1045}},\n\"alt_d\" : \"Schild mit der Aufschrift \\\"RASSISMUS IST EINE PANDEMIE\\\" vor einem Fenster.\",\n\"path_d\" : \"\\\/wp-content\\\/uploads\\\/2021\\\/04\\\/\",\n\"autoplay_d\" : null,\n\"crop_d\" : {\"top\":\"63.66\",\"left\":\"27.03\"},\n\"background_d\" : true,\n\n\"sizes_m\" : [],\n\"alt_m\" : null,\n\"path_m\" : null,\n\"autoplay_m\" : null,\n\"crop_m\" : null,\n\"background_m\" : true,\n\n\"has_mobile_format\" : false,\n\n\"youtube\" : \"https:\/\/www.youtube.com\/watch?v=YYAbdTGLzcA\",\n\"autoplay\" : true,\n\"video\" : \"youtube\"\n}\n<\/script>\n\t\t\t\t<div class=\"height-container\" style=\"padding-bottom:54.427083333333%;\" v-if=\"sizes\" data-motion-parallax='{\"child\":\".image-wrapper\",\"tween\":{\"yPercent\": [-15,15]}}'>\n\t\t\t\t\t<lazy-media v-bind:class=\"{'inactive-play-button' : $parent.eventTime === 'before'}\" :inline=\"true\" :alt=\"alt\" :sizes=\"sizes\" :brightness=\"brightness\" :path=\"path\" :video=\"$parent.video\" :autoplay=\"autoplay\" :youtube=\"$parent.youtube\" :crop=\"crop\" :youtubelabel=\"$parent.youtubelabel\" :background=\"background\" media-id=\"m_69efdbb58cb88\"><\/lazy-media>\n\t\t\t\t<\/div>\n\t\t\t\t\n\t\t\t\t\t\t\t\t\t<calendardateline v-if=\"$parent.item\" :rawitem='$parent.item' :show-icon=\"true\" template=\"alert\" :force-countdown=\"true\" force-date=\"Livestream\"><\/calendardateline>\n\t\t\t\t\n\t\t\t\t<div class=\"block-event-header-highlight-shadow\"><\/div>\n\t\t\t\t<div class=\"container-fluid block-event-header-highlight-text\">\n\t\t\t\t\t<div class=\"row center-xs bottom-xs\">\n\t\t\t\t\t\t<div class=\"col-xs-12 col-md-8\">\n\t\t\t\t\t\t\t<div class=\"box no-link-style-area\">\n\t\t\t\t\t\t\t\t\t<div class=\"subline\">Diskurs<\/div>\n\t<a href=\"https:\/\/www.humboldtforum.org\/de\/programm\/termin\/diskurs\/verstehen-wir-spass-21427\/\"><h1 class=\"h1 \">Kein Grund zu lachen?<\/h1><\/a>\n\n\n\n<div class=\"Untertitel margin-bottom-sixth\">\n\t\t\tWie Humor uns helfen kann, von Rassismus, Kolonialit\u00e4t, Identit\u00e4tspolitik zu reden\t\t\n\n\t\n\t\t\t\t\t<\/div>\n\n\n\t\t\t\t\t\t\t<\/div>\n\t\t\t\t\t\t<\/div>\n\t\t\t\t\t<\/div>\n\t\t\t\t<\/div>\n\t\t\t<\/figure>\n\n\t\t\t\t\t<div class=\"container-fluid\">\n\t\t<div class=\"row\">\n\t\t\t<div class=\"col-xs-12 end-xs\">\n\t\t\t\t\t<div class=\"lazy-media-info-container-fluid\">\n\t\t\t\t\t\t<div class=\"lazy-media-info-row\">\n\t\t\t\t\t\t\t<div class=\"lazy-media-info-col\">\n\t\t\t\t\t\t\t\t<div class=\"lazy-media-info\" aria-expanded=\"false\" :aria-expanded=\"isOpen ? 'true' : 'false'\">\n\t\t\t\t\t\t\t\t\t<button class=\"lazy-media-info-head button-tiny\"  :class=\"{'button-active': isOpen}\" @click=\"toggle\" ref=\"head\"><span class=\"button-label insignificant\">Bildinfo<\/span><\/button>\n\t\t\t\t\t\t\t\t\t<figcaption class=\"lazy-media-info-body\" ref=\"body\" id=\"m_69efdbb58cb88\">\n\t\t\t\t\t\t\t\t\t\t<div class=\"lazy-media-info-body-content\">\n\n\t\t\t\t\t\t\t\t\t\t\t\t\t\t\t\t\t\t\t\t\t\t\t\t\t\t\t\t\t\t\t\t\t\t\t\t\t\t\t\t\t\t\t\t\t<div class=\"insignificant\">\u00a9 Ehimetalor Akhere Unuabona \/ Unsplash<\/div>\n\t\t\t\t\t\t\t\t\t\t\t\t\t\t\t\t\t\t\t\t\t<\/div>\n\t\t\t\t\t\t\t\t\t<\/figcaption>\n\t\t\t\t\t\t\t\t\t<div class=\"lazy-media-info-head-border\"><\/div>\n\t\t\t\t\t\t\t\t<\/div>\n\t\t\t\t\t\t\t<\/div>\n\t\t\t\t\t\t<\/div>\n\t\t\t\t\t<\/div>\n\t\t\t\t<\/div>\n\t\t\t<\/div>\n\t\t<\/div>\n\t\t\t\t\n\t\t\t<\/div>\n\t\t<\/block-header>\n\t<\/div>\n<\/section>\t\t<\/div>\n\t<\/section>\n<\/calendardetail>\n\n\n<section class=\"block block-teaser col-lane33 \" style=\"\">\n\t\t\t\t\t\t<teaser-lane-with-buttons inline-template tracking-label=\"\">\n\t\t\t\t<div>\n\t\t\t\t\t<div class=\"container-fluid\">\n\t\t\t\t\t\t<div class=\"row middle-xs\">\n\t\t\t\t\t\t\t<div class=\"col-xs-10 col-sm-8\">\n\t\t\t\t\t\t\t\t\t\t\t\t\t\t\t<\/div>\n\t\t\t\t\t\t\t<div class=\"col-xs-2 col-sm-4 end-xs margin-bottom-sixth\">\n\t\t\t\t\t\t\t\t<teaser-lane-buttons :visible_prev=\"visible_prev\" :visible_next=\"visible_next\" @prev=\"prev\" @next=\"next\"><\/teaser-lane-buttons>\n\t\t\t\t\t\t\t<\/div>\n\t\t\t\t\t\t<\/div>\n\t\t\t\t\t<\/div>\n\t\t\t\t\t<div class=\"teaser-lane-wrapper\">\n\t\t\t\t\t\t<ul class=\"teaser-lane\">\n\t\t\t\t\t\t<li class=\"teaser-lane-slide col-xs-10 col-sm-8 col-md-4 teaser-wrapper col-padding-remove\">\n\t<div class=\"box\">\n\t\t<div class=\"teaser teaser-info\">\n\t\t\t<div class=\"box teaser-info-box\">\n\t\t\t\t<div>\n\t\t\t\t\t\t\t\t\t\t\t<div class=\"teaser-info-image\">\n\t\t\t\t\t\t\t<img decoding=\"async\" class=\"teaser-inline-svg\" alt=\"Piktogramm Mitdiskutieren\" src=\"https:\/\/www.humboldtforum.org\/wp-content\/uploads\/2020\/12\/comment.svg\">\n\t\t\t\t\t\t<\/div>\n\t\t\t\t\t\t\t\t\t\t<div class=\"teaser-header h6\">Mitdiskutieren<\/div>\n\t\t\t\t\t<div class=\"teaser-info-copy Teaser-copy\"><p>W\u00e4hrend der Veranstaltung k\u00f6nnen Sie Ihre Frage ganz einfach online stellen \u2013 direkt in Ihrem Browser auf Ihrem Smartphone, Tablet oder Computer.<\/p>\n<\/div>\n\t\t\t\t<\/div>\n\t\t\t\t\n\t\t\t\t\t\t\t\t\t<div class=\"copy\">\n\t\t\t\t\t\t<a class=\"Button\" href=\"https:\/\/voxr.com\/humboldtforum\"><span>Jetzt Frage stellen<\/span><\/a>\n\t\t\t\t\t<\/div>\n\t\t\t\t\t\t\t<\/div>\n\t\t<\/div>\n\t<\/div>\n<\/li><li class=\"teaser-lane-slide col-xs-10 col-sm-8 col-md-4 teaser-wrapper col-padding-remove\">\n\t<div class=\"box\">\n\t\t<div class=\"teaser teaser-info\">\n\t\t\t<div class=\"box teaser-info-box\">\n\t\t\t\t<div>\n\t\t\t\t\t\t\t\t\t\t\t<div class=\"teaser-info-image\">\n\t\t\t\t\t\t\t<img decoding=\"async\" class=\"teaser-inline-svg\" alt=\"Piktogramm Livestream\" src=\"https:\/\/www.humboldtforum.org\/wp-content\/uploads\/2021\/04\/play.svg\">\n\t\t\t\t\t\t<\/div>\n\t\t\t\t\t\t\t\t\t\t<div class=\"teaser-header h6\">Livestream<\/div>\n\t\t\t\t\t<div class=\"teaser-info-copy Teaser-copy\"><p>Der Livestream startet zehn Minuten vor der Veranstaltung und steht anschlie\u00dfend als Video zur Verf\u00fcgung. Sollte der Livestream nicht starten, k\u00f6nnen Sie die Veranstaltung auch live auf unserem YouTube-Kanal verfolgen.<\/p>\n<\/div>\n\t\t\t\t<\/div>\n\t\t\t\t\n\t\t\t\t\t\t\t\t\t<div class=\"copy\">\n\t\t\t\t\t\t<a class=\"Button\" href=\"https:\/\/www.youtube.com\/channel\/UCmEctwtyMRN_o6cILZDczXw\"><span>Live auf YouTube schauen<\/span><\/a>\n\t\t\t\t\t<\/div>\n\t\t\t\t\t\t\t<\/div>\n\t\t<\/div>\n\t<\/div>\n<\/li><li class=\"teaser-lane-slide col-xs-10 col-sm-8 col-md-4 teaser-wrapper col-padding-remove\">\n\t<div class=\"box\">\n\t\t<div class=\"teaser teaser-info\">\n\t\t\t<div class=\"box teaser-info-box\">\n\t\t\t\t<div>\n\t\t\t\t\t\t\t\t\t\t\t<div class=\"teaser-info-image\">\n\t\t\t\t\t\t\t<img decoding=\"async\" class=\"teaser-inline-svg\" alt=\"Piktogramm YouTube\" src=\"https:\/\/www.humboldtforum.org\/wp-content\/uploads\/2020\/12\/youtube.svg\">\n\t\t\t\t\t\t<\/div>\n\t\t\t\t\t\t\t\t\t\t<div class=\"teaser-header h6\">YouTube<\/div>\n\t\t\t\t\t<div class=\"teaser-info-copy Teaser-copy\"><p>Abonnieren Sie unseren YouTube-Kanal und verpassen Sie nie die neuesten Videos des Humboldt Forums.<\/p>\n<\/div>\n\t\t\t\t<\/div>\n\t\t\t\t\n\t\t\t\t\t\t\t\t\t<div class=\"copy\">\n\t\t\t\t\t\t<a class=\"Button\" href=\"https:\/\/www.youtube.com\/channel\/UCmEctwtyMRN_o6cILZDczXw\"><span>Jetzt abonnieren<\/span><\/a>\n\t\t\t\t\t<\/div>\n\t\t\t\t\t\t\t<\/div>\n\t\t<\/div>\n\t<\/div>\n<\/li><li class=\"teaser-lane-slide col-xs-10 col-sm-8 col-md-4 teaser-wrapper col-padding-remove\">\n\t<div class=\"box\">\n\t\t<div class=\"teaser teaser-info\">\n\t\t\t<div class=\"box teaser-info-box\">\n\t\t\t\t<div>\n\t\t\t\t\t\t\t\t\t\t\t<div class=\"teaser-info-image\">\n\t\t\t\t\t\t\t<img decoding=\"async\" class=\"teaser-inline-svg\" alt=\"Piktogramm Newsletter\" src=\"https:\/\/www.humboldtforum.org\/wp-content\/uploads\/2020\/11\/mail.svg\">\n\t\t\t\t\t\t<\/div>\n\t\t\t\t\t\t\t\t\t\t<div class=\"teaser-header h6\">Newsletter<\/div>\n\t\t\t\t\t<div class=\"teaser-info-copy Teaser-copy\"><p>Mit unserem Newsletter bleiben Sie immer auf dem Laufenden.<\/p>\n<\/div>\n\t\t\t\t<\/div>\n\t\t\t\t\n\t\t\t\t\t\t\t\t\t<div class=\"copy\">\n\t\t\t\t\t\t<a class=\"Button\" href=\"https:\/\/www.humboldtforum.org\/de\/newsletter\/\"><span>Jetzt abonnieren<\/span><\/a>\n\t\t\t\t\t<\/div>\n\t\t\t\t\t\t\t<\/div>\n\t\t<\/div>\n\t<\/div>\n<\/li>\t\t\t\t\t\t<\/ul>\n\t\t\t\t\t<\/div>\n\t\t\t\t<\/div>\n\t\t\t<\/teaser-lane-with-buttons>\n\t\t\t<\/section>\n\n\n","protected":false},"template":"","genre":[392],"digital":[742],"topic":[],"stakeholder":[382],"editorial":[],"editorialfilter":[],"targetgroup":[383],"language":[384,385],"accessability":[],"age":[],"school":[],"groupsize":[],"place":[498],"class_list":["post-21427","event","type-event","status-publish","has-post-thumbnail","hentry","genre-diskurs","digital-livestream","stakeholder-stiftung-humboldt-forum-im-berliner-schloss","targetgroup-erwachsene","language-deutsch","language-englisch","place-online-veranstaltung"],"acf":[],"_links":{"self":[{"href":"https:\/\/www.humboldtforum.org\/de\/wp-json\/wp\/v2\/event\/21427","targetHints":{"allow":["GET"]}}],"collection":[{"href":"https:\/\/www.humboldtforum.org\/de\/wp-json\/wp\/v2\/event"}],"about":[{"href":"https:\/\/www.humboldtforum.org\/de\/wp-json\/wp\/v2\/types\/event"}],"version-history":[{"count":0,"href":"https:\/\/www.humboldtforum.org\/de\/wp-json\/wp\/v2\/event\/21427\/revisions"}],"wp:featuredmedia":[{"embeddable":true,"href":"https:\/\/www.humboldtforum.org\/de\/wp-json\/wp\/v2\/media\/21436"}],"wp:attachment":[{"href":"https:\/\/www.humboldtforum.org\/de\/wp-json\/wp\/v2\/media?parent=21427"}],"wp:term":[{"taxonomy":"genre","embeddable":true,"href":"https:\/\/www.humboldtforum.org\/de\/wp-json\/wp\/v2\/genre?post=21427"},{"taxonomy":"digital","embeddable":true,"href":"https:\/\/www.humboldtforum.org\/de\/wp-json\/wp\/v2\/digital?post=21427"},{"taxonomy":"topic","embeddable":true,"href":"https:\/\/www.humboldtforum.org\/de\/wp-json\/wp\/v2\/topic?post=21427"},{"taxonomy":"stakeholder","embeddable":true,"href":"https:\/\/www.humboldtforum.org\/de\/wp-json\/wp\/v2\/stakeholder?post=21427"},{"taxonomy":"editorial","embeddable":true,"href":"https:\/\/www.humboldtforum.org\/de\/wp-json\/wp\/v2\/editorial?post=21427"},{"taxonomy":"editorialfilter","embeddable":true,"href":"https:\/\/www.humboldtforum.org\/de\/wp-json\/wp\/v2\/editorialfilter?post=21427"},{"taxonomy":"targetgroup","embeddable":true,"href":"https:\/\/www.humboldtforum.org\/de\/wp-json\/wp\/v2\/targetgroup?post=21427"},{"taxonomy":"language","embeddable":true,"href":"https:\/\/www.humboldtforum.org\/de\/wp-json\/wp\/v2\/language?post=21427"},{"taxonomy":"accessability","embeddable":true,"href":"https:\/\/www.humboldtforum.org\/de\/wp-json\/wp\/v2\/accessability?post=21427"},{"taxonomy":"age","embeddable":true,"href":"https:\/\/www.humboldtforum.org\/de\/wp-json\/wp\/v2\/age?post=21427"},{"taxonomy":"school","embeddable":true,"href":"https:\/\/www.humboldtforum.org\/de\/wp-json\/wp\/v2\/school?post=21427"},{"taxonomy":"groupsize","embeddable":true,"href":"https:\/\/www.humboldtforum.org\/de\/wp-json\/wp\/v2\/groupsize?post=21427"},{"taxonomy":"place","embeddable":true,"href":"https:\/\/www.humboldtforum.org\/de\/wp-json\/wp\/v2\/place?post=21427"}],"curies":[{"name":"wp","href":"https:\/\/api.w.org\/{rel}","templated":true}]}}