{"id":22328,"date":"2021-05-19T13:52:45","date_gmt":"2021-05-19T11:52:45","guid":{"rendered":"https:\/\/www.humboldtforum.org\/?post_type=event&#038;p=22328"},"modified":"2021-06-03T18:44:47","modified_gmt":"2021-06-03T16:44:47","slug":"vollkommen-und-vollendet-oder-gar-nichts","status":"publish","type":"event","link":"https:\/\/www.humboldtforum.org\/de\/programm\/termin\/diskurs\/vollkommen-und-vollendet-oder-gar-nichts-22328\/","title":{"rendered":"Vollkommen und vollendet \u2013 oder gar nichts?"},"content":{"rendered":"<section class=\"block block-copy block-no-margin\" >\n    <div class=\"container-fluid\">\n\t\t<div class=\"row \">\n            <div class=\"col-xs-12 col-md-offset-2 col-md-8\">\n                <div class=\"box\">\n                    <div class=\"copy\"><p><span class=\"anleser\" style=\"font-weight: bolder;\">\u201eF\u00fcr die Ewigkeit gebaut\u201c <b>\u2013<\/b> zumindest in Europa lastet dieser Anspruch auf jeder Immobilie,<b>\u00a0<\/b>nicht nur auf Schl\u00f6ssern und Kirchen, sondern auch auf Post\u00e4mtern, Schwimmb\u00e4dern, Museen, Theatern und Wohnh\u00e4usern. <\/span><\/p>\n<p>\u201eArchitektur ist eine gef\u00e4hrliche Mischung von Macht und Ohnmacht.\u201c Diesen Satz von Rem Koolhaas und Bruce Mau stellt die belgische Autorin Charlotte van den Broeck ihrem Buch <em>Wagnisse <\/em>voran, in dem sie dreizehn an derartigen Bauwerken gescheiterte Architekten vorstellt. Welchen Ma\u00dfst\u00e4ben m\u00fcssen Werke der Baukunst gen\u00fcgen? Wer legt sie an? Wie d\u00fcrfen K\u00fcnstler scheitern? Wie ist es zu erkl\u00e4ren, dass von der zeitgen\u00f6ssischen Kritik verspottete Bauwerke von der Nachwelt als h\u00f6chst gelungen erlebt werden? \u00a0K\u00f6nnen, wie Heiner M\u00fcller gefragt h\u00e4tte, Bauwerke auf Benutzer warten?<\/p>\n<p class=\"x_MsoNormal\" title=\"\">Gespr\u00e4chspartnerin von Charlotte van den Broeck ist die Berliner Architektin Hilde L\u00e9on, deren Architekturb\u00fcro l\u00e9onwohlhage unter anderem die Indische Botschaft und die Bremer Landesvertretung in Berlin entwarf sowie aktuell das B\u00fcro- und Gesch\u00e4ftshaus TRION am Leipziger Platz, das die historische Stadtfigur des Achtecks am Leipziger Platz nach \u00fcber 75 Jahren wieder komplettiert.<\/p>\n<p class=\"x_MsoNormal\" title=\"\">In einem Interview betonte sie, dass ein \u00fcberzeugender architektonischer Entwurf einen eigenen Ausdruck hat. \u201eAuch wenn Geschm\u00e4cker v\u00f6llig verschieden sind. Mit den Kriterien sch\u00f6n und h\u00e4sslich kommt man nicht wirklich weiter. Aber eines eint Immobilien, die das Potenzial haben, ihre Zeit zu \u00fcberleben:\u00a0Man sp\u00fcrt, dass den Geb\u00e4uden eine Idee zugrunde liegt und dass diese auch durchgehalten wurde.\u201c<\/p>\n<p><strong>Moderation<\/strong><br \/>\nMelinda Crane<\/p>\n<p>&nbsp;<\/p>\n<\/div>\n                <\/div>\n            <\/div>\n\t\t<\/div>\n\t\t    <\/div>\n<\/section>\n\n<section class=\"block block-headline block-no-margin  hyph-disable\" >\n\t<div class=\"container-fluid\">\n\t\t<div class=\"row\">\n\t\t\t\t\t\t\t<div class=\"col-xs-12 col-md-offset-2 col-md-8\">\n\t\t\t\t\t<div class=\"box\">\n\t\t\t\t\t\t<h2 class=\".h4\">Podium<\/h2>\n\t\t\t\t\t<\/div>\n\t\t\t\t<\/div>\n\t\t\t\t\t<\/div>\n\t<\/div>\n<\/section>\n\n\n\n\n\n<section class=\"block block-accordion\">\n\t<div class=\"container-fluid\">\n\t\t<div class=\"row\">\n\t\t\t<div class=\"col-xs-12 col-md-offset-2 col-md-8\">\n\t\t\t\t<div class=\"box\">\n\t\t\t\t\t\t\t\t\t\t\t<block-accordion inline-template>\n\t\t\t\t\t\t\t<div class=\"accordion\">\n\t\t\t\t\t\t\t\t\t\t\t\t\t\t\t<block-accordion-item inline-template item-headline=\"Charlotte Van den Broeck\">\n\t\t\t\t\t\t\t\t<div ref=\"item\" data-id=\"CharlotteVandenBroeck\" class=\"block-accordion-item vue-initialize\" aria-expanded=\"false\" :aria-expanded=\"active ? 'true' : 'false'\">\n\t\t\t\t\t\t\t\t\t<button class=\"accordion-button-with-icon block-accordion-item-head\" :class=\"{'button-active': active}\" ref=\"head\" aria-controls=\"acc_69f515eb166af\" id=\"acc_title_69f515eb166b0\" @click=\"toggle\" @keydown=\"key\">\n\t\t\t\t\t\t\t\t\t<div><span class=\"button-label\">Charlotte Van den Broeck<\/span><\/div><span class=\"button-icon icon-plus\" aria-hidden=\"true\"><\/span>\n\t\t\t\t\t\t\t\t<\/button>\n\t\t\t\t\t\t\t\t\t<div ref=\"body\" class=\"block-accordion-item-content\" id=\"acc_69f515eb166af\" role=\"region\">\n\t\t\t\t\t\t\t\t\t\t<div class=\"wrapper copy\">\n\t\t\t\t\t\t\t\t\t\t\t<p>Charlotte Van den Broeck, geboren 1991 in Turnhout, Belgien, studierte Englische und Deutsche Literatur in Gent und Verbal Arts am Konservatorium Antwerpen. 2015 erschien der erste Gedichtband\u00a0<em>Kameleon<\/em>, der mit dem fl\u00e4mischen Herman-de-Coninck-Preis als bestes Deb\u00fct des Jahres ausgezeichnet wurde. 2016 er\u00f6ffnete sie mit Arnon Grunberg die Frankfurter Buchmesse mit dem Gastland Belgien. 2017 folgte ihr zweiter Band\u00a0<em>Nachtroer<\/em>, ausgezeichnet mit dem Paul Snoekprijs f\u00fcr den besten Gedichtband in der niederl\u00e4ndischen Sprache. Ihre Lyrik wurde unter anderem ins Deutsche, Englische, Franz\u00f6sische, Spanische und Serbische \u00fcbersetzt. <em>Wagnisse. 13 tragische Bauwerke und ihre Sch\u00f6pfer\u00a0<\/em>erhielt den renommierten Wijnaendts Francken-Preis und stand auf der Shortlist f\u00fcr den bedeutenden Boekenbon Literatuurprijs 2020.<\/p>\n\n\t\t\t\t\t\t\t\t\t\t\t\t\t\t\t\t\t\t\t\t\t\t\t\t\t\t\t\t\t\t\t\t\t\n\t\t\t\t\t\t\t\t\t\t\t<div class=\"row\">\n\t\t\t\t\t\t\t\t\t\t\t\t<div class=\"col-xs-9 col-md-9\">\n\t\t\t\t\t\t\t\t\t\t\t\t\t<div class=\"box\">\n\t\t\t\t\t\t\t\t\t\t\t\t\t\t\n\t<lazy-media-inline inline-template>\n\t\t<figure itemscope itemtype=\"http:\/\/schema.org\/ImageObject\" class=\"lazy-media-inline \" role=\"group\" id=\"media_69f515eb16c70\" aria-labelledby=\"desc_media_69f515eb16c70\">\n\t\t\t<script type=\"application\/json\" ref=\"data\">\n\t\t\t\t{\n\t\t\t\t\"sizes\" : {\"medium\":{\"file\":\"Charlotte_van_den_Broeck_2_C_Coen_Broos_web-238x300.jpg\",\"width\":238,\"height\":300,\"mime-type\":\"image\\\/jpeg\"},\"large\":{\"file\":\"Charlotte_van_den_Broeck_2_C_Coen_Broos_web-813x1024.jpg\",\"width\":813,\"height\":1024,\"mime-type\":\"image\\\/jpeg\"},\"thumbnail\":{\"file\":\"Charlotte_van_den_Broeck_2_C_Coen_Broos_web-150x150.jpg\",\"width\":150,\"height\":150,\"mime-type\":\"image\\\/jpeg\"},\"medium_large\":{\"file\":\"Charlotte_van_den_Broeck_2_C_Coen_Broos_web-768x968.jpg\",\"width\":768,\"height\":968,\"mime-type\":\"image\\\/jpeg\"},\"small\":{\"file\":\"Charlotte_van_den_Broeck_2_C_Coen_Broos_web-349x440.jpg\",\"width\":349,\"height\":440,\"mime-type\":\"image\\\/jpeg\"},\"semi\":{\"file\":\"Charlotte_van_den_Broeck_2_C_Coen_Broos_web-460x580.jpg\",\"width\":460,\"height\":580,\"mime-type\":\"image\\\/jpeg\"},\"mobile\":{\"file\":\"Charlotte_van_den_Broeck_2_C_Coen_Broos_web-571x720.jpg\",\"width\":571,\"height\":720,\"mime-type\":\"image\\\/jpeg\"},\"original\":{\"file\":\"Charlotte_van_den_Broeck_2_C_Coen_Broos_web.jpg\",\"width\":1000,\"height\":1260}},\n\t\t\t\t\"alt\" : \"Frau mit gebundenem Haar und kurzer Frisur im Freien vor unscharfem Hintergrund, tr\\u00e4gt ein gemustertes Outfit.\",\n\t\t\t\t\"path\" : \"\\\/wp-content\\\/uploads\\\/2021\\\/05\\\/\",\n\t\t\t\t\"video\" : null,\n\t\t\t\t\"autoplay\" : null,\n\t\t\t\t\"youtube\" : null,\n\t\t\t\t\"youtubelabel\" : \"Video abspielen\",\n\t\t\t\t\"brightness\" : 100,\n\t\t\t\t\"crop\" : {\"top\":\"48.52\",\"left\":\"40.97\"},\n\t\t\t\t\"background\" : true,\n\t\t\t\t\"scale\" : 2\t\t\t\t}\n\t\t\t<\/script>\n\n\t\t\t<div class=\"height-container\" style=\"padding-bottom:126%;\" v-if=\"sizes\">\n\t\t\t\t\t\t\t\t<lazy-media :inline=\"true\" :alt=\"alt\" :sizes=\"sizes\" :scale=\"scale\" :brightness=\"brightness\" :path=\"path\" :video=\"video\" :autoplay=\"autoplay\" :youtube=\"youtube\" :crop=\"crop\" :youtubelabel=\"youtubelabel\" :background=\"background\" media-id=\"desc_media_69f515eb16c70\"><\/lazy-media>\n\t\t\t\t\t\t\t<\/div>\n\n\t\t\t\t\t\t\t<figcaption class=\"\" id=\"desc_media_69f515eb16c70\">\n\t\t\t\t\t<div class=\"lazy-media-info-body-content\">\n\t\t\t\t\t\t\t\t\t\t\t\t\t<div>Charlotte Van den Broeck<\/div>\n\t\t\t\t\t\t\t\t\t\t\t\t\t\t\t\t\t\t\t\t\t\t\t\t\t<div class=\"insignificant\">\u00a9 Koen Broos<\/div>\n\t\t\t\t\t\t\t\t\t\t\t<\/div>\n\t\t\t\t<\/figcaption>\n\t\t\t\t\t\t\t\t\t<\/figure>\n\t<\/lazy-media-inline>\n\t\t\t\t\t\t\t\t\t\t\t\t\t<\/div>\n\t\t\t\t\t\t\t\t\t\t\t\t<\/div>\n\t\t\t\t\t\t\t\t\t\t\t<\/div>\n\n\t\t\t\t\t\t\t\t\t\t\t\t\t\t\t\t\t\t\t\t\t<\/div>\n\t\t\t\t\t\t\t\t\t<\/div>\n\t\t\t\t\t\t\t\t<\/div>\n\t\t\t\t\t\t\t\t<\/block-accordion-item>\n\t\t\t\t\t\t\t\t\t\t\t\t\t\t<block-accordion-item inline-template item-headline=\"Hilde L\u00e9on\">\n\t\t\t\t\t\t\t\t<div ref=\"item\" data-id=\"HildeLon\" class=\"block-accordion-item vue-initialize\" aria-expanded=\"false\" :aria-expanded=\"active ? 'true' : 'false'\">\n\t\t\t\t\t\t\t\t\t<button class=\"accordion-button-with-icon block-accordion-item-head\" :class=\"{'button-active': active}\" ref=\"head\" aria-controls=\"acc_69f515eb16eeb\" id=\"acc_title_69f515eb16eec\" @click=\"toggle\" @keydown=\"key\">\n\t\t\t\t\t\t\t\t\t<div><span class=\"button-label\">Hilde L\u00e9on<\/span><\/div><span class=\"button-icon icon-plus\" aria-hidden=\"true\"><\/span>\n\t\t\t\t\t\t\t\t<\/button>\n\t\t\t\t\t\t\t\t\t<div ref=\"body\" class=\"block-accordion-item-content\" id=\"acc_69f515eb16eeb\" role=\"region\">\n\t\t\t\t\t\t\t\t\t\t<div class=\"wrapper copy\">\n\t\t\t\t\t\t\t\t\t\t\t<p>Hilde L\u00e9on ist Architektin und Gesch\u00e4ftsf\u00fchrerin des Architekturb\u00fcros l\u00e9onwohlhage, das sie 1987 gemeinsam mit Konrad Wohlhage (\u2020 2007) gr\u00fcndete. Sie studierte Architektur an der Technischen Universit\u00e4t Berlin und vertiefte ihr Studium mit einem Stipendium des DAAD an der Universit\u00e4t Venedig. Parallel zu ihrer professionellen Entwicklung als Architektin ist Hilde L\u00e9on in Lehre und Forschung t\u00e4tig. Von 1997-1999 hatte sie eine Gastprofessur an der Hochschule f\u00fcr bildende K\u00fcnste Hamburg inne. Seit 2000 ist sie als Professorin am Institut f\u00fcr Entwerfen und Geb\u00e4udelehre an der Leibniz Universit\u00e4t Hannover t\u00e4tig und wurde 2019 zur Dekanin der Fakult\u00e4t f\u00fcr Architektur und Landschaft gew\u00e4hlt.<\/p>\n\n\t\t\t\t\t\t\t\t\t\t\t\t\t\t\t\t\t\t\t\t\t\t\t\t\t\t\t\t\t\t\t\t\t\n\t\t\t\t\t\t\t\t\t\t\t<div class=\"row\">\n\t\t\t\t\t\t\t\t\t\t\t\t<div class=\"col-xs-9 col-md-9\">\n\t\t\t\t\t\t\t\t\t\t\t\t\t<div class=\"box\">\n\t\t\t\t\t\t\t\t\t\t\t\t\t\t\n\t<lazy-media-inline inline-template>\n\t\t<figure itemscope itemtype=\"http:\/\/schema.org\/ImageObject\" class=\"lazy-media-inline \" role=\"group\" id=\"media_69f515eb17425\" aria-labelledby=\"desc_media_69f515eb17425\">\n\t\t\t<script type=\"application\/json\" ref=\"data\">\n\t\t\t\t{\n\t\t\t\t\"sizes\" : {\"medium\":{\"file\":\"HLeon_\\u00a9ChristineFenzl_C5A4248_web-300x272.jpg\",\"width\":300,\"height\":272,\"mime-type\":\"image\\\/jpeg\"},\"thumbnail\":{\"file\":\"HLeon_\\u00a9ChristineFenzl_C5A4248_web-150x150.jpg\",\"width\":150,\"height\":150,\"mime-type\":\"image\\\/jpeg\"},\"medium_large\":{\"file\":\"HLeon_\\u00a9ChristineFenzl_C5A4248_web-768x696.jpg\",\"width\":768,\"height\":696,\"mime-type\":\"image\\\/jpeg\"},\"small\":{\"file\":\"HLeon_\\u00a9ChristineFenzl_C5A4248_web-440x399.jpg\",\"width\":440,\"height\":399,\"mime-type\":\"image\\\/jpeg\"},\"semi\":{\"file\":\"HLeon_\\u00a9ChristineFenzl_C5A4248_web-580x525.jpg\",\"width\":580,\"height\":525,\"mime-type\":\"image\\\/jpeg\"},\"mobile\":{\"file\":\"HLeon_\\u00a9ChristineFenzl_C5A4248_web-720x652.jpg\",\"width\":720,\"height\":652,\"mime-type\":\"image\\\/jpeg\"},\"original\":{\"file\":\"HLeon_\\u00a9ChristineFenzl_C5A4248_web.jpg\",\"width\":1000,\"height\":906}},\n\t\t\t\t\"alt\" : \"Portr\\u00e4t einer Frau mit Brille, die in einem modernen, unvollendeten Raum mit verschr\\u00e4nkten Armen steht.\",\n\t\t\t\t\"path\" : \"\\\/wp-content\\\/uploads\\\/2021\\\/05\\\/\",\n\t\t\t\t\"video\" : null,\n\t\t\t\t\"autoplay\" : null,\n\t\t\t\t\"youtube\" : null,\n\t\t\t\t\"youtubelabel\" : \"Video abspielen\",\n\t\t\t\t\"brightness\" : 100,\n\t\t\t\t\"crop\" : {\"top\":\"28.43\",\"left\":\"50.90\"},\n\t\t\t\t\"background\" : true,\n\t\t\t\t\"scale\" : 2\t\t\t\t}\n\t\t\t<\/script>\n\n\t\t\t<div class=\"height-container\" style=\"padding-bottom:90.6%;\" v-if=\"sizes\">\n\t\t\t\t\t\t\t\t<lazy-media :inline=\"true\" :alt=\"alt\" :sizes=\"sizes\" :scale=\"scale\" :brightness=\"brightness\" :path=\"path\" :video=\"video\" :autoplay=\"autoplay\" :youtube=\"youtube\" :crop=\"crop\" :youtubelabel=\"youtubelabel\" :background=\"background\" media-id=\"desc_media_69f515eb17425\"><\/lazy-media>\n\t\t\t\t\t\t\t<\/div>\n\n\t\t\t\t\t\t\t<figcaption class=\"\" id=\"desc_media_69f515eb17425\">\n\t\t\t\t\t<div class=\"lazy-media-info-body-content\">\n\t\t\t\t\t\t\t\t\t\t\t\t\t<div>Hilde L&eacute;on<\/div>\n\t\t\t\t\t\t\t\t\t\t\t\t\t\t\t\t\t\t\t\t\t\t\t\t\t<div class=\"insignificant\">\u00a9 Christine Fenzl<\/div>\n\t\t\t\t\t\t\t\t\t\t\t<\/div>\n\t\t\t\t<\/figcaption>\n\t\t\t\t\t\t\t\t\t<\/figure>\n\t<\/lazy-media-inline>\n\t\t\t\t\t\t\t\t\t\t\t\t\t<\/div>\n\t\t\t\t\t\t\t\t\t\t\t\t<\/div>\n\t\t\t\t\t\t\t\t\t\t\t<\/div>\n\n\t\t\t\t\t\t\t\t\t\t\t\t\t\t\t\t\t\t\t\t\t<\/div>\n\t\t\t\t\t\t\t\t\t<\/div>\n\t\t\t\t\t\t\t\t<\/div>\n\t\t\t\t\t\t\t\t<\/block-accordion-item>\n\t\t\t\t\t\t\t\t\t\t\t\t\t\t<block-accordion-item inline-template item-headline=\"Melinda Crane\">\n\t\t\t\t\t\t\t\t<div ref=\"item\" data-id=\"MelindaCrane\" class=\"block-accordion-item vue-initialize\" aria-expanded=\"false\" :aria-expanded=\"active ? 'true' : 'false'\">\n\t\t\t\t\t\t\t\t\t<button class=\"accordion-button-with-icon block-accordion-item-head\" :class=\"{'button-active': active}\" ref=\"head\" aria-controls=\"acc_69f515eb1767d\" id=\"acc_title_69f515eb1767e\" @click=\"toggle\" @keydown=\"key\">\n\t\t\t\t\t\t\t\t\t<div><span class=\"button-label\">Melinda Crane<\/span><\/div><span class=\"button-icon icon-plus\" aria-hidden=\"true\"><\/span>\n\t\t\t\t\t\t\t\t<\/button>\n\t\t\t\t\t\t\t\t\t<div ref=\"body\" class=\"block-accordion-item-content\" id=\"acc_69f515eb1767d\" role=\"region\">\n\t\t\t\t\t\t\t\t\t\t<div class=\"wrapper copy\">\n\t\t\t\t\t\t\t\t\t\t\t<p>Melinda Crane ist Politische Chef-Korrespondentin im englischen Programm von\u00a0<em>Deutsche Welle TV<\/em>\u00a0und moderiert die internationale Talksendung\u00a0<em>To the Point<\/em>. Au\u00dferdem kommentiert sie f\u00fcr deutsche Nachrichtensender die US-Politik. Sie erhielt 2014 den Steuben-Schurz Medienpreis f\u00fcr ihren Beitrag zur transatlantischen Verst\u00e4ndigung. Neben weiteren journalistischen T\u00e4tigkeiten schrieb sie f\u00fcr das\u00a0<em>New York Times Magazine<\/em>, den\u00a0<em>Christian Science Monitor<\/em>, die\u00a0<em>Boston Globe<\/em>, die\u00a0<em>Frankfurter Hefte<\/em>,\u00a0<em>Internationale Politik<\/em> und die ARD.<\/p>\n\n\t\t\t\t\t\t\t\t\t\t\t\t\t\t\t\t\t\t\t\t\t\t\t\t\t\t\t\t\t\t\t\t\t\n\t\t\t\t\t\t\t\t\t\t\t<div class=\"row\">\n\t\t\t\t\t\t\t\t\t\t\t\t<div class=\"col-xs-9 col-md-9\">\n\t\t\t\t\t\t\t\t\t\t\t\t\t<div class=\"box\">\n\t\t\t\t\t\t\t\t\t\t\t\t\t\t\n\t<lazy-media-inline inline-template>\n\t\t<figure itemscope itemtype=\"http:\/\/schema.org\/ImageObject\" class=\"lazy-media-inline \" role=\"group\" id=\"media_69f515eb17caf\" aria-labelledby=\"desc_media_69f515eb17caf\">\n\t\t\t<script type=\"application\/json\" ref=\"data\">\n\t\t\t\t{\n\t\t\t\t\"sizes\" : {\"medium\":{\"file\":\"Melinda-Crane-282x300.jpg\",\"width\":282,\"height\":300,\"mime-type\":\"image\\\/jpeg\"},\"thumbnail\":{\"file\":\"Melinda-Crane-150x150.jpg\",\"width\":150,\"height\":150,\"mime-type\":\"image\\\/jpeg\"},\"small\":{\"file\":\"Melinda-Crane-414x440.jpg\",\"width\":414,\"height\":440,\"mime-type\":\"image\\\/jpeg\"},\"original\":{\"file\":\"Melinda-Crane.jpg\",\"width\":427,\"height\":454}},\n\t\t\t\t\"alt\" : \"Professionelle Frau mit blonden Haaren im hellen Anzug steht mit verschr\\u00e4nkten H\\u00e4nden vor grauem Hintergrund.\",\n\t\t\t\t\"path\" : \"\\\/wp-content\\\/uploads\\\/2021\\\/04\\\/\",\n\t\t\t\t\"video\" : null,\n\t\t\t\t\"autoplay\" : null,\n\t\t\t\t\"youtube\" : null,\n\t\t\t\t\"youtubelabel\" : \"Video abspielen\",\n\t\t\t\t\"brightness\" : 100,\n\t\t\t\t\"crop\" : {\"top\":\"31.06\",\"left\":\"52.97\"},\n\t\t\t\t\"background\" : true,\n\t\t\t\t\"scale\" : 2\t\t\t\t}\n\t\t\t<\/script>\n\n\t\t\t<div class=\"height-container\" style=\"padding-bottom:106.32318501171%;\" v-if=\"sizes\">\n\t\t\t\t\t\t\t\t<lazy-media :inline=\"true\" :alt=\"alt\" :sizes=\"sizes\" :scale=\"scale\" :brightness=\"brightness\" :path=\"path\" :video=\"video\" :autoplay=\"autoplay\" :youtube=\"youtube\" :crop=\"crop\" :youtubelabel=\"youtubelabel\" :background=\"background\" media-id=\"desc_media_69f515eb17caf\"><\/lazy-media>\n\t\t\t\t\t\t\t<\/div>\n\n\t\t\t\t\t\t\t<figcaption class=\"\" id=\"desc_media_69f515eb17caf\">\n\t\t\t\t\t<div class=\"lazy-media-info-body-content\">\n\t\t\t\t\t\t\t\t\t\t\t\t\t<div>Melinda Crane<\/div>\n\t\t\t\t\t\t\t\t\t\t\t\t\t\t\t\t\t\t\t\t\t\t\t\t\t<div class=\"insignificant\">\u00a9 privat<\/div>\n\t\t\t\t\t\t\t\t\t\t\t<\/div>\n\t\t\t\t<\/figcaption>\n\t\t\t\t\t\t\t\t\t<\/figure>\n\t<\/lazy-media-inline>\n\t\t\t\t\t\t\t\t\t\t\t\t\t<\/div>\n\t\t\t\t\t\t\t\t\t\t\t\t<\/div>\n\t\t\t\t\t\t\t\t\t\t\t<\/div>\n\n\t\t\t\t\t\t\t\t\t\t\t\t\t\t\t\t\t\t\t\t\t<\/div>\n\t\t\t\t\t\t\t\t\t<\/div>\n\t\t\t\t\t\t\t\t<\/div>\n\t\t\t\t\t\t\t\t<\/block-accordion-item>\n\t\t\t\t\t\t\t\t\t\t\t\t\t<\/div>\n\t\t\t\t\t\t<\/block-accordion>\n\t\t\t\t\t\t\t\t\t<\/div>\n\t\t\t<\/div>\n\t\t<\/div>\n\t<\/div>\n<\/section>\n\n\n<section class=\"block block-copy block-no-margin\" >\n    <div class=\"container-fluid\">\n\t\t<div class=\"row \">\n            <div class=\"col-xs-12 col-md-offset-2 col-md-8\">\n                <div class=\"box\">\n                    <div class=\"copy\"><p><em>Mit dieser Veranstaltung verabschiedet sich die Reihe<\/em> Gegenfragen <em>in die Sommerpause. Abonnieren Sie am besten direkt unseren <a href=\"https:\/\/www.humboldtforum.org\/de\/newsletter\/\" target=\"_blank\" rel=\"noopener\">Newsletter<\/a>, um auf dem Laufenden zu bleiben, wie es im Herbst weitergeht.<\/em><\/p>\n<p>&nbsp;<\/p>\n<\/div>\n                <\/div>\n            <\/div>\n\t\t<\/div>\n\t\t    <\/div>\n<\/section>\n\n<calendardetail inline-template :appear-before=\"0\" :appear-after=\"0\" :live-stream-appears=\"20\" youtube-label-inactive=\"Livestream\" youtube-label-live=\"Livestream starten\" youtube-label-after=\"ReLive ansehen\">\n\t<section class=\"block-live-section\">\n\t\t<script type=\"application\/json\" ref=\"eventdata\">{\"postId\":22328,\"title\":\"Vollkommen und vollendet \\u2013 oder gar nichts?\",\"excerpt\":\"Welchen Ma\\u00dfst\\u00e4ben m\\u00fcssen Werke der Baukunst gen\\u00fcgen? Wer legt sie an? \",\"slug\":\"vollkommen-und-vollendet-oder-gar-nichts\",\"post_date\":\"2021-05-19T13:52\",\"type\":\"event\",\"permalink\":\"https:\\\/\\\/www.humboldtforum.org\\\/de\\\/programm\\\/termin\\\/diskurs\\\/vollkommen-und-vollendet-oder-gar-nichts-22328\\\/\",\"genre\":[392],\"genre_details\":[{\"text\":\"Diskurs\",\"id\":392,\"icon\":null,\"parent\":0}],\"digital\":[742],\"digital_details\":[{\"text\":\"Livestream\",\"id\":742,\"icon\":null,\"parent\":0}],\"stakeholder\":[382],\"stakeholder_details\":[{\"text\":\"Stiftung Humboldt Forum im Berliner Schloss\",\"id\":382,\"icon\":null,\"parent\":0}],\"targetgroup\":[383],\"targetgroup_details\":[{\"text\":\"Erwachsene\",\"id\":383,\"icon\":null,\"parent\":0}],\"language\":[384,385],\"language_details\":[{\"text\":\"Deutsch\",\"id\":384,\"icon\":null,\"parent\":0},{\"text\":\"Englisch\",\"id\":385,\"icon\":null,\"parent\":0}],\"place\":[498],\"place_details\":{\"place\":\"Humboldt Forum\",\"map\":\"Humboldt Forum, Schlossplatz, Berlin\",\"room\":\"Online-Veranstaltung\"},\"icon_overwrite\":\"\",\"acf\":{\"noindex\":false,\"keywords\":\"\",\"hashtag\":\"HumboldtForum\",\"shorturl\":\"\",\"times\":[{\"start\":\"20210603 19:00\",\"end\":\"20:30\",\"status\":\"JOIN\",\"info\":\"\",\"shop\":\"\",\"i\":0,\"start_hour\":\"19:00\",\"start_HRF\":\"Do,  3. Juni 2021\",\"_date\":{\"date\":\"2021-06-03 20:30:00.000000\",\"timezone_type\":3,\"timezone\":\"Europe\\\/Berlin\"},\"_fromdate\":\"20210603 19:00\",\"start_TS\":1622739600,\"start_HRFSHORT\":\"03.06.21\",\"start_HRFSHORT_WD\":\"Do 03.06.2021\",\"end_TS\":1622745000,\"can_purchase\":false}],\"planning\":{\"price\":\"Online-Veranstaltung, Eintritt frei\",\"admission\":\"\",\"pause\":\"\",\"duration\":\"\"},\"subline\":\"\\u00dcber Ma\\u00dfst\\u00e4be, Wagnisse und Scheitern in Architektur, Literatur, Leben\",\"subline_feature\":\"\",\"marketing_text\":\"\",\"shorttext\":\"Welchen Ma\\u00dfst\\u00e4ben m\\u00fcssen Werke der Baukunst gen\\u00fcgen? Wer legt sie an? \",\"longtext\":\"\",\"highlight_header\":false,\"featured_images\":[22351],\"video\":false,\"hyphenation\":true,\"tipp\":false,\"alert_text\":\"\",\"joker\":false,\"live\":true,\"announcement\":\"\",\"overwrite_date\":\"\",\"yt\":\"https:\\\/\\\/www.youtube.com\\\/watch?v=ccjzFwBZh8E\",\"belongsto\":[15354],\"highlight_header_image\":22351,\"has_mobile_format\":false,\"highlight_header_image_mobile\":false,\"mobile_video\":false,\"use_video_in_teasers\":false,\"video_brightness\":66,\"color\":\"\",\"dark_mode\":false,\"tickettext\":\"\",\"infotext\":\"\",\"additional_info\":{\"icon\":0,\"text\":\"\"},\"hm_id\":\"\",\"hide_event_in_program\":false},\"thumbnail\":{\"width\":2544,\"height\":1724,\"sizes\":{\"medium\":{\"file\":\"SWPlan_Bestand_2019_Senatsverwaltung_fuer-Stadtentwicklung_und_Wohnen_Berlin_web-300x203.jpg\",\"width\":300,\"height\":203,\"mime-type\":\"image\\\/jpeg\"},\"large\":{\"file\":\"SWPlan_Bestand_2019_Senatsverwaltung_fuer-Stadtentwicklung_und_Wohnen_Berlin_web-1024x694.jpg\",\"width\":1024,\"height\":694,\"mime-type\":\"image\\\/jpeg\"},\"thumbnail\":{\"file\":\"SWPlan_Bestand_2019_Senatsverwaltung_fuer-Stadtentwicklung_und_Wohnen_Berlin_web-150x150.jpg\",\"width\":150,\"height\":150,\"mime-type\":\"image\\\/jpeg\"},\"medium_large\":{\"file\":\"SWPlan_Bestand_2019_Senatsverwaltung_fuer-Stadtentwicklung_und_Wohnen_Berlin_web-768x520.jpg\",\"width\":768,\"height\":520,\"mime-type\":\"image\\\/jpeg\"},\"small\":{\"file\":\"SWPlan_Bestand_2019_Senatsverwaltung_fuer-Stadtentwicklung_und_Wohnen_Berlin_web-440x298.jpg\",\"width\":440,\"height\":298,\"mime-type\":\"image\\\/jpeg\"},\"semi\":{\"file\":\"SWPlan_Bestand_2019_Senatsverwaltung_fuer-Stadtentwicklung_und_Wohnen_Berlin_web-580x393.jpg\",\"width\":580,\"height\":393,\"mime-type\":\"image\\\/jpeg\"},\"mobile\":{\"file\":\"SWPlan_Bestand_2019_Senatsverwaltung_fuer-Stadtentwicklung_und_Wohnen_Berlin_web-720x488.jpg\",\"width\":720,\"height\":488,\"mime-type\":\"image\\\/jpeg\"},\"hd\":{\"file\":\"SWPlan_Bestand_2019_Senatsverwaltung_fuer-Stadtentwicklung_und_Wohnen_Berlin_web-1280x867.jpg\",\"width\":1280,\"height\":867,\"mime-type\":\"image\\\/jpeg\"},\"full\":{\"file\":\"SWPlan_Bestand_2019_Senatsverwaltung_fuer-Stadtentwicklung_und_Wohnen_Berlin_web-1920x1301.jpg\",\"width\":1920,\"height\":1301,\"mime-type\":\"image\\\/jpeg\"},\"1536x1536\":{\"file\":\"SWPlan_Bestand_2019_Senatsverwaltung_fuer-Stadtentwicklung_und_Wohnen_Berlin_web-1536x1041.jpg\",\"width\":1536,\"height\":1041,\"mime-type\":\"image\\\/jpeg\"},\"2048x2048\":{\"file\":\"SWPlan_Bestand_2019_Senatsverwaltung_fuer-Stadtentwicklung_und_Wohnen_Berlin_web-2048x1388.jpg\",\"width\":2048,\"height\":1388,\"mime-type\":\"image\\\/jpeg\"},\"original\":{\"file\":\"SWPlan_Bestand_2019_Senatsverwaltung_fuer-Stadtentwicklung_und_Wohnen_Berlin_web.jpg\",\"width\":2544,\"height\":1724}},\"alt\":\"Schwarz-wei\\u00dfe Stadtkarte mit abstrahiertem Stra\\u00dfennetz und detailliertem Flussverlauf.\",\"label\":\"Berlin um 2019. Ausschnitt aus dem Schwarzplan der Innenstadt, Ma\\u00dfstab: 1:5000\",\"description\":\"\",\"ratio\":67.76729559748428,\"url\":\"\\\/wp-content\\\/uploads\\\/2021\\\/05\\\/\",\"webp\":0,\"crop\":{\"top\":\"35.39\",\"left\":\"58.64\"},\"ID\":22351},\"date\":{\"NX\":null,\"NXX\":null,\"NLAST\":\"202106031500\",\"from_DATE\":\"20210603 19:00\",\"from\":1622732400,\"to\":1622732400,\"to_DATE\":\"20210603 19:00\",\"from_HRFSHORT\":\" 3. Jun 2021\",\"from_HRFSHORT_WD\":\"Do 03.06.2021\",\"to_HRFSHORT\":\" 3. Jun 2021\",\"to_HRFSHORT_WD\":\"Do 03.06.2021\",\"from_HRF\":\"Do,  3. Juni 2021\",\"to_HRF\":\"Do,  3. Juni 2021\",\"from_to_HRF\":\"Do,  3. Juni \\u2013 Do,  3. Juni 2021\",\"from_to_HRFSHORT\":\" 3. Jun \\u2013  3. Jun 2021\"},\"alert\":\"Livestream\",\"partof\":[15354],\"marketing_topic\":{\"title\":\"Privat: Gegenfragen\",\"ID\":15354,\"reason\":\"sequence\"}}<\/script>\n\t\t<div class=\"container-fluid block-live\" v-if=\"doAppear\" v-bind:class=\"{'isLive': isLive}\">\n\t\t\t<section class=\"block block-event-header-highlight block-fullscreen-first\">\n\t<div class=\"block-event-header-highlight-image\">\n\t\t\t\t<block-header inline-template>\n\t\t\t<div>\n\t\t\t<figure role=\"group\" aria-labelledby=\"m_69f515eb377f3\">\n<script type=\"application\/json\" ref=\"data\">\n{\n\"sizes_d\" : {\"medium\":{\"file\":\"SWPlan_Bestand_2019_Senatsverwaltung_fuer-Stadtentwicklung_und_Wohnen_Berlin_web-300x203.jpg\",\"width\":300,\"height\":203,\"mime-type\":\"image\\\/jpeg\"},\"large\":{\"file\":\"SWPlan_Bestand_2019_Senatsverwaltung_fuer-Stadtentwicklung_und_Wohnen_Berlin_web-1024x694.jpg\",\"width\":1024,\"height\":694,\"mime-type\":\"image\\\/jpeg\"},\"thumbnail\":{\"file\":\"SWPlan_Bestand_2019_Senatsverwaltung_fuer-Stadtentwicklung_und_Wohnen_Berlin_web-150x150.jpg\",\"width\":150,\"height\":150,\"mime-type\":\"image\\\/jpeg\"},\"medium_large\":{\"file\":\"SWPlan_Bestand_2019_Senatsverwaltung_fuer-Stadtentwicklung_und_Wohnen_Berlin_web-768x520.jpg\",\"width\":768,\"height\":520,\"mime-type\":\"image\\\/jpeg\"},\"small\":{\"file\":\"SWPlan_Bestand_2019_Senatsverwaltung_fuer-Stadtentwicklung_und_Wohnen_Berlin_web-440x298.jpg\",\"width\":440,\"height\":298,\"mime-type\":\"image\\\/jpeg\"},\"semi\":{\"file\":\"SWPlan_Bestand_2019_Senatsverwaltung_fuer-Stadtentwicklung_und_Wohnen_Berlin_web-580x393.jpg\",\"width\":580,\"height\":393,\"mime-type\":\"image\\\/jpeg\"},\"mobile\":{\"file\":\"SWPlan_Bestand_2019_Senatsverwaltung_fuer-Stadtentwicklung_und_Wohnen_Berlin_web-720x488.jpg\",\"width\":720,\"height\":488,\"mime-type\":\"image\\\/jpeg\"},\"hd\":{\"file\":\"SWPlan_Bestand_2019_Senatsverwaltung_fuer-Stadtentwicklung_und_Wohnen_Berlin_web-1280x867.jpg\",\"width\":1280,\"height\":867,\"mime-type\":\"image\\\/jpeg\"},\"full\":{\"file\":\"SWPlan_Bestand_2019_Senatsverwaltung_fuer-Stadtentwicklung_und_Wohnen_Berlin_web-1920x1301.jpg\",\"width\":1920,\"height\":1301,\"mime-type\":\"image\\\/jpeg\"},\"1536x1536\":{\"file\":\"SWPlan_Bestand_2019_Senatsverwaltung_fuer-Stadtentwicklung_und_Wohnen_Berlin_web-1536x1041.jpg\",\"width\":1536,\"height\":1041,\"mime-type\":\"image\\\/jpeg\"},\"2048x2048\":{\"file\":\"SWPlan_Bestand_2019_Senatsverwaltung_fuer-Stadtentwicklung_und_Wohnen_Berlin_web-2048x1388.jpg\",\"width\":2048,\"height\":1388,\"mime-type\":\"image\\\/jpeg\"},\"original\":{\"file\":\"SWPlan_Bestand_2019_Senatsverwaltung_fuer-Stadtentwicklung_und_Wohnen_Berlin_web.jpg\",\"width\":2544,\"height\":1724}},\n\"alt_d\" : \"Schwarz-wei\\u00dfe Stadtkarte mit abstrahiertem Stra\\u00dfennetz und detailliertem Flussverlauf.\",\n\"path_d\" : \"\\\/wp-content\\\/uploads\\\/2021\\\/05\\\/\",\n\"autoplay_d\" : null,\n\"crop_d\" : {\"top\":\"35.39\",\"left\":\"58.64\"},\n\"background_d\" : true,\n\n\"sizes_m\" : [],\n\"alt_m\" : null,\n\"path_m\" : null,\n\"autoplay_m\" : null,\n\"crop_m\" : null,\n\"background_m\" : true,\n\n\"has_mobile_format\" : false,\n\n\"youtube\" : \"https:\/\/www.youtube.com\/watch?v=ccjzFwBZh8E\",\n\"autoplay\" : true,\n\"video\" : \"youtube\"\n}\n<\/script>\n\t\t\t\t<div class=\"height-container\" style=\"padding-bottom:67.767295597484%;\" v-if=\"sizes\" data-motion-parallax='{\"child\":\".image-wrapper\",\"tween\":{\"yPercent\": [-15,15]}}'>\n\t\t\t\t\t<lazy-media v-bind:class=\"{'inactive-play-button' : $parent.eventTime === 'before'}\" :inline=\"true\" :alt=\"alt\" :sizes=\"sizes\" :brightness=\"brightness\" :path=\"path\" :video=\"$parent.video\" :autoplay=\"autoplay\" :youtube=\"$parent.youtube\" :crop=\"crop\" :youtubelabel=\"$parent.youtubelabel\" :background=\"background\" media-id=\"m_69f515eb377f3\"><\/lazy-media>\n\t\t\t\t<\/div>\n\t\t\t\t\n\t\t\t\t\t\t\t\t\t<calendardateline v-if=\"$parent.item\" :rawitem='$parent.item' :show-icon=\"true\" template=\"alert\" :force-countdown=\"true\" force-date=\"Livestream\"><\/calendardateline>\n\t\t\t\t\n\t\t\t\t<div class=\"block-event-header-highlight-shadow\"><\/div>\n\t\t\t\t<div class=\"container-fluid block-event-header-highlight-text\">\n\t\t\t\t\t<div class=\"row center-xs bottom-xs\">\n\t\t\t\t\t\t<div class=\"col-xs-12 col-md-8\">\n\t\t\t\t\t\t\t<div class=\"box no-link-style-area\">\n\t\t\t\t\t\t\t\t\t<div class=\"subline\">Diskurs<\/div>\n\t<a href=\"https:\/\/www.humboldtforum.org\/de\/programm\/termin\/diskurs\/vollkommen-und-vollendet-oder-gar-nichts-22328\/\"><h1 class=\"h1 \">Vollkommen und vollendet \u2013 oder gar nichts?<\/h1><\/a>\n\n\n\n<div class=\"Untertitel margin-bottom-sixth\">\n\t\t\t\u00dcber Ma\u00dfst\u00e4be, Wagnisse und Scheitern in Architektur, Literatur, Leben\t\t\n\n\t\n\t\t\t\t\t<\/div>\n\n\n\t\t\t\t\t\t\t<\/div>\n\t\t\t\t\t\t<\/div>\n\t\t\t\t\t<\/div>\n\t\t\t\t<\/div>\n\t\t\t<\/figure>\n\n\t\t\t\t\t<div class=\"container-fluid\">\n\t\t<div class=\"row\">\n\t\t\t<div class=\"col-xs-12 end-xs\">\n\t\t\t\t\t<div class=\"lazy-media-info-container-fluid\">\n\t\t\t\t\t\t<div class=\"lazy-media-info-row\">\n\t\t\t\t\t\t\t<div class=\"lazy-media-info-col\">\n\t\t\t\t\t\t\t\t<div class=\"lazy-media-info\" aria-expanded=\"false\" :aria-expanded=\"isOpen ? 'true' : 'false'\">\n\t\t\t\t\t\t\t\t\t<button class=\"lazy-media-info-head button-tiny\"  :class=\"{'button-active': isOpen}\" @click=\"toggle\" ref=\"head\"><span class=\"button-label insignificant\">Bildinfo<\/span><\/button>\n\t\t\t\t\t\t\t\t\t<figcaption class=\"lazy-media-info-body\" ref=\"body\" id=\"m_69f515eb377f3\">\n\t\t\t\t\t\t\t\t\t\t<div class=\"lazy-media-info-body-content\">\n\n\t\t\t\t\t\t\t\t\t\t\t\t\t\t\t\t\t\t\t\t\t\t\t<div>Berlin um 2019. Ausschnitt aus dem Schwarzplan der Innenstadt, Ma&szlig;stab: 1:5000<\/div>\n\t\t\t\t\t\t\t\t\t\t\t\t\t\t\t\t\t\t\t\t\t\t\t\t\t\t\t\t\t\t\t\t\t\t\t\t\t\t\t\t\t\t\t\t\t<div class=\"insignificant\">\u00a9 Senatsverwaltung f\u00fcr Stadtentwicklung und Wohnen Berlin<\/div>\n\t\t\t\t\t\t\t\t\t\t\t\t\t\t\t\t\t\t\t\t\t<\/div>\n\t\t\t\t\t\t\t\t\t<\/figcaption>\n\t\t\t\t\t\t\t\t\t<div class=\"lazy-media-info-head-border\"><\/div>\n\t\t\t\t\t\t\t\t<\/div>\n\t\t\t\t\t\t\t<\/div>\n\t\t\t\t\t\t<\/div>\n\t\t\t\t\t<\/div>\n\t\t\t\t<\/div>\n\t\t\t<\/div>\n\t\t<\/div>\n\t\t\t\t\n\t\t\t<\/div>\n\t\t<\/block-header>\n\t<\/div>\n<\/section>\t\t<\/div>\n\t<\/section>\n<\/calendardetail>\n\n\n<section class=\"block block-teaser col-4 \" style=\"\">\n\t\t\t\t\t\t<div class=\"container-fluid\">\n\t\t\t\t\t\t\t\t<ul class=\"row\">\n\n\t\t\t\t<li class=\"col-xs-12 col-md-3 col-padding-remove teaser-wrapper\">\n\t<div class=\"box\">\n\t\t<div class=\"teaser teaser-info\">\n\t\t\t<div class=\"box teaser-info-box\">\n\t\t\t\t<div>\n\t\t\t\t\t\t\t\t\t\t\t<div class=\"teaser-info-image\">\n\t\t\t\t\t\t\t<img decoding=\"async\" class=\"teaser-inline-svg\" alt=\"Piktogramm Mitdiskutieren\" src=\"https:\/\/www.humboldtforum.org\/wp-content\/uploads\/2020\/12\/comment.svg\">\n\t\t\t\t\t\t<\/div>\n\t\t\t\t\t\t\t\t\t\t<div class=\"teaser-header h6\">Mitdiskutieren<\/div>\n\t\t\t\t\t<div class=\"teaser-info-copy Teaser-copy\"><p>W\u00e4hrend der Veranstaltung k\u00f6nnen Sie Ihre Frage ganz einfach online stellen \u2013 direkt in Ihrem Browser auf Ihrem Smartphone, Tablet oder Computer.<\/p>\n<\/div>\n\t\t\t\t<\/div>\n\t\t\t\t\n\t\t\t\t\t\t\t\t\t<div class=\"copy\">\n\t\t\t\t\t\t<a class=\"Button\" href=\"https:\/\/voxr.com\/humboldtforum\"><span>Jetzt Frage stellen<\/span><\/a>\n\t\t\t\t\t<\/div>\n\t\t\t\t\t\t\t<\/div>\n\t\t<\/div>\n\t<\/div>\n<\/li><li class=\"col-xs-12 col-md-3 col-padding-remove teaser-wrapper\">\n\t<div class=\"box\">\n\t\t<div class=\"teaser teaser-info\">\n\t\t\t<div class=\"box teaser-info-box\">\n\t\t\t\t<div>\n\t\t\t\t\t\t\t\t\t\t\t<div class=\"teaser-info-image\">\n\t\t\t\t\t\t\t<img decoding=\"async\" class=\"teaser-inline-svg\" alt=\"Piktogramm Livestream\" src=\"https:\/\/www.humboldtforum.org\/wp-content\/uploads\/2021\/04\/play.svg\">\n\t\t\t\t\t\t<\/div>\n\t\t\t\t\t\t\t\t\t\t<div class=\"teaser-header h6\">Livestream<\/div>\n\t\t\t\t\t<div class=\"teaser-info-copy Teaser-copy\"><p>Der Livestream startet zehn Minuten vor der Veranstaltung und steht anschlie\u00dfend als Video zur Verf\u00fcgung. Sollte der Livestream nicht starten, k\u00f6nnen Sie die Veranstaltung auch live auf unserem YouTube-Kanal verfolgen.<\/p>\n<\/div>\n\t\t\t\t<\/div>\n\t\t\t\t\n\t\t\t\t\t\t\t\t\t<div class=\"copy\">\n\t\t\t\t\t\t<a class=\"Button\" href=\"https:\/\/www.youtube.com\/channel\/UCmEctwtyMRN_o6cILZDczXw\"><span>Live auf YouTube schauen<\/span><\/a>\n\t\t\t\t\t<\/div>\n\t\t\t\t\t\t\t<\/div>\n\t\t<\/div>\n\t<\/div>\n<\/li><li class=\"col-xs-12 col-md-3 col-padding-remove teaser-wrapper\">\n\t<div class=\"box\">\n\t\t<div class=\"teaser teaser-info\">\n\t\t\t<div class=\"box teaser-info-box\">\n\t\t\t\t<div>\n\t\t\t\t\t\t\t\t\t\t\t<div class=\"teaser-info-image\">\n\t\t\t\t\t\t\t<img decoding=\"async\" class=\"teaser-inline-svg\" alt=\"Piktogramm YouTube\" src=\"https:\/\/www.humboldtforum.org\/wp-content\/uploads\/2020\/12\/youtube.svg\">\n\t\t\t\t\t\t<\/div>\n\t\t\t\t\t\t\t\t\t\t<div class=\"teaser-header h6\">YouTube<\/div>\n\t\t\t\t\t<div class=\"teaser-info-copy Teaser-copy\"><p>Abonnieren Sie unseren YouTube-Kanal und verpassen Sie nie die neuesten Videos des Humboldt Forums.<\/p>\n<\/div>\n\t\t\t\t<\/div>\n\t\t\t\t\n\t\t\t\t\t\t\t\t\t<div class=\"copy\">\n\t\t\t\t\t\t<a class=\"Button\" href=\"https:\/\/www.youtube.com\/channel\/UCmEctwtyMRN_o6cILZDczXw\"><span>Jetzt abonnieren<\/span><\/a>\n\t\t\t\t\t<\/div>\n\t\t\t\t\t\t\t<\/div>\n\t\t<\/div>\n\t<\/div>\n<\/li><li class=\"col-xs-12 col-md-3 col-padding-remove teaser-wrapper\">\n\t<div class=\"box\">\n\t\t<div class=\"teaser teaser-info\">\n\t\t\t<div class=\"box teaser-info-box\">\n\t\t\t\t<div>\n\t\t\t\t\t\t\t\t\t\t\t<div class=\"teaser-info-image\">\n\t\t\t\t\t\t\t<img decoding=\"async\" class=\"teaser-inline-svg\" alt=\"Piktogramm Newsletter\" src=\"https:\/\/www.humboldtforum.org\/wp-content\/uploads\/2020\/11\/mail.svg\">\n\t\t\t\t\t\t<\/div>\n\t\t\t\t\t\t\t\t\t\t<div class=\"teaser-header h6\">Newsletter<\/div>\n\t\t\t\t\t<div class=\"teaser-info-copy Teaser-copy\"><p>Mit unserem Newsletter bleiben Sie immer auf dem Laufenden.<\/p>\n<\/div>\n\t\t\t\t<\/div>\n\t\t\t\t\n\t\t\t\t\t\t\t\t\t<div class=\"copy\">\n\t\t\t\t\t\t<a class=\"Button\" href=\"https:\/\/www.humboldtforum.org\/de\/newsletter\/\"><span>Jetzt abonnieren<\/span><\/a>\n\t\t\t\t\t<\/div>\n\t\t\t\t\t\t\t<\/div>\n\t\t<\/div>\n\t<\/div>\n<\/li>\t\t\t\t<\/ul>\n\t\t\t<\/div>\n\t\t\t<\/section>\n\n\n","protected":false},"template":"","genre":[392],"digital":[742],"topic":[],"stakeholder":[382],"editorial":[],"editorialfilter":[],"targetgroup":[383],"language":[384,385],"accessability":[],"age":[],"school":[],"groupsize":[],"place":[498],"class_list":["post-22328","event","type-event","status-publish","has-post-thumbnail","hentry","genre-diskurs","digital-livestream","stakeholder-stiftung-humboldt-forum-im-berliner-schloss","targetgroup-erwachsene","language-deutsch","language-englisch","place-online-veranstaltung"],"acf":[],"_links":{"self":[{"href":"https:\/\/www.humboldtforum.org\/de\/wp-json\/wp\/v2\/event\/22328","targetHints":{"allow":["GET"]}}],"collection":[{"href":"https:\/\/www.humboldtforum.org\/de\/wp-json\/wp\/v2\/event"}],"about":[{"href":"https:\/\/www.humboldtforum.org\/de\/wp-json\/wp\/v2\/types\/event"}],"version-history":[{"count":0,"href":"https:\/\/www.humboldtforum.org\/de\/wp-json\/wp\/v2\/event\/22328\/revisions"}],"wp:featuredmedia":[{"embeddable":true,"href":"https:\/\/www.humboldtforum.org\/de\/wp-json\/wp\/v2\/media\/22351"}],"wp:attachment":[{"href":"https:\/\/www.humboldtforum.org\/de\/wp-json\/wp\/v2\/media?parent=22328"}],"wp:term":[{"taxonomy":"genre","embeddable":true,"href":"https:\/\/www.humboldtforum.org\/de\/wp-json\/wp\/v2\/genre?post=22328"},{"taxonomy":"digital","embeddable":true,"href":"https:\/\/www.humboldtforum.org\/de\/wp-json\/wp\/v2\/digital?post=22328"},{"taxonomy":"topic","embeddable":true,"href":"https:\/\/www.humboldtforum.org\/de\/wp-json\/wp\/v2\/topic?post=22328"},{"taxonomy":"stakeholder","embeddable":true,"href":"https:\/\/www.humboldtforum.org\/de\/wp-json\/wp\/v2\/stakeholder?post=22328"},{"taxonomy":"editorial","embeddable":true,"href":"https:\/\/www.humboldtforum.org\/de\/wp-json\/wp\/v2\/editorial?post=22328"},{"taxonomy":"editorialfilter","embeddable":true,"href":"https:\/\/www.humboldtforum.org\/de\/wp-json\/wp\/v2\/editorialfilter?post=22328"},{"taxonomy":"targetgroup","embeddable":true,"href":"https:\/\/www.humboldtforum.org\/de\/wp-json\/wp\/v2\/targetgroup?post=22328"},{"taxonomy":"language","embeddable":true,"href":"https:\/\/www.humboldtforum.org\/de\/wp-json\/wp\/v2\/language?post=22328"},{"taxonomy":"accessability","embeddable":true,"href":"https:\/\/www.humboldtforum.org\/de\/wp-json\/wp\/v2\/accessability?post=22328"},{"taxonomy":"age","embeddable":true,"href":"https:\/\/www.humboldtforum.org\/de\/wp-json\/wp\/v2\/age?post=22328"},{"taxonomy":"school","embeddable":true,"href":"https:\/\/www.humboldtforum.org\/de\/wp-json\/wp\/v2\/school?post=22328"},{"taxonomy":"groupsize","embeddable":true,"href":"https:\/\/www.humboldtforum.org\/de\/wp-json\/wp\/v2\/groupsize?post=22328"},{"taxonomy":"place","embeddable":true,"href":"https:\/\/www.humboldtforum.org\/de\/wp-json\/wp\/v2\/place?post=22328"}],"curies":[{"name":"wp","href":"https:\/\/api.w.org\/{rel}","templated":true}]}}