{"id":31340,"date":"2021-09-13T10:21:05","date_gmt":"2021-09-13T08:21:05","guid":{"rendered":"https:\/\/www.humboldtforum.org\/?post_type=event&#038;p=31340"},"modified":"2023-05-25T09:53:54","modified_gmt":"2023-05-25T07:53:54","slug":"ein-objekt-viele-fragen","status":"publish","type":"event","link":"https:\/\/www.humboldtforum.org\/de\/programm\/termin\/diskurs\/ein-objekt-viele-fragen-31340\/","title":{"rendered":"Rommels Toyota. Aggression und M\u00e4nnlichkeit"},"content":{"rendered":"<section class=\"block block-copy\" >\n    <div class=\"container-fluid\">\n\t\t<div class=\"row margin-bottom-sixth\">\n            <div class=\"col-xs-12 col-md-offset-2 col-md-8\">\n                <div class=\"box\">\n                    <div class=\"copy\"><p><span class=\"anleser\" style=\"font-weight: bolder;\">Die Diskursreihe \u201eEin Objekt, viele Fragen\u201c nimmt gezielt ein einzelnes Objekt einer Ausstellung in den Blick. Das Gespr\u00e4ch mit einer Expertin oder einem Experten erschlie\u00dft spannende Aspekte, die in der Ausstellung selbst vielleicht nicht oder nicht ausf\u00fchrlich behandelt werden.<\/span><\/p>\n<p>Dabei kann es um die Herstellungstechnik oder die symbolische Bedeutung gehen, um Vorbesitzer*innen oder die Objektbiografie, um das im Objekt gespeicherte Wissen oder seine besondere Ausstrahlung. Das Gespr\u00e4ch findet unmittelbar in der jeweiligen Ausstellung statt und gibt Raum f\u00fcr Ihre Fragen und Beobachtungen.<\/p>\n<h5>29.09.2021 Rommels Toyota. Aggression und M\u00e4nnlichkeit<\/h5>\n<p>Die Auftaktveranstaltung kn\u00fcpft an das gr\u00f6\u00dfte Exponat der Ausstellung <a href=\"https:\/\/www.humboldtforum.org\/de\/programm\/laufzeitangebot\/ausstellung\/schrecklich-schoen-elefant-mensch-elfenbein-21232\/\"><em>schrecklich sch\u00f6n. Elefant \u2013 Mensch \u2013 Elfenbein<\/em><\/a> an: ein Gel\u00e4ndewagen der kenianischen Naturschutzorganisation <em>Save the Elefants.\u00a0<\/em><\/p>\n<\/div>\n                <\/div>\n            <\/div>\n\t\t<\/div>\n\t\t\t\t\t<div class=\"row margin-bottom-sixth\">\n\t\t\t\t<div class=\"col-xs-12 col-md-offset-2 col-md-8\">\n\t\t\t\t\t<div class=\"box\">\n\t\t\t\t\t\t<read-more inline-template>\n\t\t\t\t\t\t\t<div class=\"copy margin-bottom-sixth\">\n\t\t\t\t\t\t\t\t<div ref=\"body\" style=\"height:0;overflow: hidden;display: none;\">\n\t\t\t\t\t\t\t\t\t<div class=\"margin-bottom-sixth\"><p>Elefanten gelten als friedfertige Tiere, doch sie k\u00f6nnen auch sehr aggressiv sein. Besonders in der sogenannten \u201emusth\u201c, einer Art m\u00e4nnlicher Brunft, tragen sie gewaltige K\u00e4mpfe mit rivalisierenden Artgenossen aus. Ein Bulle, der einem Rivalen unterliegt, kann seine Wut schon mal an konfliktfremden Objekten entladen \u2013 wie dem Gel\u00e4ndewagen der kenianischen Naturschutzorganisation <em>Save the Elefants<\/em>. Im Jahr 2002 griff ein Elefantenbulle das Auto, aus dem heraus Wissenschaftler*innen das Verhalten der Elefanten im Samburu Nationalpark beobachten, an und besch\u00e4digte es schwer. Die Insassen \u00fcberlebten nur durch Gl\u00fcck und nannten ihren Angreifer sp\u00e4ter wegen seiner Aggressivit\u00e4t \u201eRommel\u201c, nach dem nationalsozialistischen Befehlshaber des Deutschen Afrikacorps.<\/p>\n<p>Aggression bei Menschen wie Tieren wird unter anderem durch das Sexualhormon Testosteron gesteuert, das bei S\u00e4ugetieren auf den K\u00f6rperbau wie auch auf die Psyche wirkt. Beim Menschen wird es nicht nur f\u00fcr das provokante Verhalten von Jugendlichen verantwortlich gemacht, sondern etwa auch f\u00fcr die Habgier von Bankern oder die Durchsetzungsf\u00e4higkeit von Managerinnen.<\/p>\n<p>Wie h\u00e4ngen Aggressivit\u00e4t und Hormonhaushalt zusammen? Und wie s\u00e4he unsere Gesellschaft ohne Testosteron und ohne aggressives Verhalten aus? Ausgehend vom Exponat spricht Ulrike Kr\u00e4mer, Professorin f\u00fcr Kognitive Neurologie an der Universit\u00e4t zu L\u00fcbeck, in der Ausstellung\u00a0<a href=\"https:\/\/www.humboldtforum.org\/de\/programm\/laufzeitangebot\/ausstellung\/schrecklich-schoen-elefant-mensch-elfenbein-21232\/\"><em>schrecklich sch\u00f6n. Elefant \u2013 Mensch \u2013 Elfenbein<\/em><\/a> mit der Kuratorin f\u00fcr Wissenschaft und Forschung Uta Kornmeier \u00fcber Aggression und M\u00e4nnlichkeit bei Mensch und Tier.<\/p>\n<\/div>\n\t\t\t\t\t\t\t\t<\/div>\n\t\t\t\t\t\t\t\t<a ref=\"toggleButton\" class=\"Button\" @click=\"toggle\">\n\t\t\t\t\t\t\t\t\t<span v-if=\"!active\">mehr lesen<\/span>\n\t\t\t\t\t\t\t\t\t<span v-else>weniger lesen<\/span>\n\t\t\t\t\t\t\t\t<\/a>\n\t\t\t\t\t\t\t<\/div>\n\t\t\t\t\t\t<\/read-mode>\n\t\t\t\t\t<\/div>\n\t\t\t\t<\/div>\n\t\t\t<\/div>\n\t\t    <\/div>\n<\/section>\n\n<section class=\"block block-headline block-no-margin \" >\n\t<div class=\"container-fluid\">\n\t\t<div class=\"row\">\n\t\t\t\t\t\t\t<div class=\"col-xs-12 col-md-offset-2 col-md-8\">\n\t\t\t\t\t<div class=\"box\">\n\t\t\t\t\t\t<h2 class=\".h4\">Im Gespr\u00e4ch<\/h2>\n\t\t\t\t\t<\/div>\n\t\t\t\t<\/div>\n\t\t\t\t\t<\/div>\n\t<\/div>\n<\/section>\n\n\n\n\n\n<section class=\"block block-accordion\">\n\t<div class=\"container-fluid\">\n\t\t<div class=\"row\">\n\t\t\t<div class=\"col-xs-12 col-md-offset-2 col-md-8\">\n\t\t\t\t<div class=\"box\">\n\t\t\t\t\t\t\t\t\t\t\t<block-accordion inline-template>\n\t\t\t\t\t\t\t<div class=\"accordion\">\n\t\t\t\t\t\t\t\t\t\t\t\t\t\t\t<block-accordion-item inline-template item-headline=\"Ulrike Kr\u00e4mer\">\n\t\t\t\t\t\t\t\t<div ref=\"item\" data-id=\"UlrikeKrmer\" class=\"block-accordion-item vue-initialize\" aria-expanded=\"false\" :aria-expanded=\"active ? 'true' : 'false'\">\n\t\t\t\t\t\t\t\t\t<button class=\"accordion-button-with-icon block-accordion-item-head\" :class=\"{'button-active': active}\" ref=\"head\" aria-controls=\"acc_69f07d6016576\" id=\"acc_title_69f07d6016579\" @click=\"toggle\" @keydown=\"key\">\n\t\t\t\t\t\t\t\t\t<div><span class=\"button-label\">Ulrike Kr\u00e4mer<\/span><\/div><span class=\"button-icon icon-plus\" aria-hidden=\"true\"><\/span>\n\t\t\t\t\t\t\t\t<\/button>\n\t\t\t\t\t\t\t\t\t<div ref=\"body\" class=\"block-accordion-item-content\" id=\"acc_69f07d6016576\" role=\"region\">\n\t\t\t\t\t\t\t\t\t\t<div class=\"wrapper copy\">\n\t\t\t\t\t\t\t\t\t\t\t<p>ist Professorin f\u00fcr Kognitive Neurowissenschaften an der Universit\u00e4t L\u00fcbeck. Sie erforscht die neuronalen und hormonellen Faktoren daf\u00fcr, wie Menschen Wut und aggressives Verhalten erleben und steuern.<\/p>\n\n\t\t\t\t\t\t\t\t\t\t\t\t\t\t\t\t\t\t\t\t\t\t\t\t\t\t\t\t\t\t\t\t\t\n\t\t\t\t\t\t\t\t\t\t\t<div class=\"row\">\n\t\t\t\t\t\t\t\t\t\t\t\t<div class=\"col-xs-9 col-md-9\">\n\t\t\t\t\t\t\t\t\t\t\t\t\t<div class=\"box\">\n\t\t\t\t\t\t\t\t\t\t\t\t\t\t\n\t<lazy-media-inline inline-template>\n\t\t<figure itemscope itemtype=\"http:\/\/schema.org\/ImageObject\" class=\"lazy-media-inline \" role=\"group\" id=\"media_69f07d6016cd6\" aria-labelledby=\"desc_media_69f07d6016cd6\">\n\t\t\t<script type=\"application\/json\" ref=\"data\">\n\t\t\t\t{\n\t\t\t\t\"sizes\" : {\"medium\":{\"file\":\"Ulrike-Kraemer_neu_IMG_4535-300x300.jpg\",\"width\":300,\"height\":300,\"mime-type\":\"image\\\/jpeg\"},\"thumbnail\":{\"file\":\"Ulrike-Kraemer_neu_IMG_4535-150x150.jpg\",\"width\":150,\"height\":150,\"mime-type\":\"image\\\/jpeg\"},\"medium_large\":{\"file\":\"Ulrike-Kraemer_neu_IMG_4535-768x768.jpg\",\"width\":768,\"height\":768,\"mime-type\":\"image\\\/jpeg\"},\"small\":{\"file\":\"Ulrike-Kraemer_neu_IMG_4535-440x440.jpg\",\"width\":440,\"height\":440,\"mime-type\":\"image\\\/jpeg\"},\"semi\":{\"file\":\"Ulrike-Kraemer_neu_IMG_4535-580x580.jpg\",\"width\":580,\"height\":580,\"mime-type\":\"image\\\/jpeg\"},\"mobile\":{\"file\":\"Ulrike-Kraemer_neu_IMG_4535-720x720.jpg\",\"width\":720,\"height\":720,\"mime-type\":\"image\\\/jpeg\"},\"original\":{\"file\":\"Ulrike-Kraemer_neu_IMG_4535.jpg\",\"width\":1000,\"height\":1000}},\n\t\t\t\t\"alt\" : \"L\\u00e4chelnde Person in blauer Bluse vor hellem Hintergrund, daneben das Wort \\\"wut=\\\".\",\n\t\t\t\t\"path\" : \"\\\/wp-content\\\/uploads\\\/2021\\\/09\\\/\",\n\t\t\t\t\"video\" : null,\n\t\t\t\t\"autoplay\" : null,\n\t\t\t\t\"youtube\" : null,\n\t\t\t\t\"youtubelabel\" : \"Video abspielen\",\n\t\t\t\t\"brightness\" : 100,\n\t\t\t\t\"crop\" : {\"top\":\"32.96\",\"left\":\"53.62\"},\n\t\t\t\t\"background\" : true,\n\t\t\t\t\"scale\" : 2\t\t\t\t}\n\t\t\t<\/script>\n\n\t\t\t<div class=\"height-container\" style=\"padding-bottom:100%;\" v-if=\"sizes\">\n\t\t\t\t\t\t\t\t<lazy-media :inline=\"true\" :alt=\"alt\" :sizes=\"sizes\" :scale=\"scale\" :brightness=\"brightness\" :path=\"path\" :video=\"video\" :autoplay=\"autoplay\" :youtube=\"youtube\" :crop=\"crop\" :youtubelabel=\"youtubelabel\" :background=\"background\" media-id=\"desc_media_69f07d6016cd6\"><\/lazy-media>\n\t\t\t\t\t\t\t<\/div>\n\n\t\t\t\t\t\t\t<figcaption class=\"\" id=\"desc_media_69f07d6016cd6\">\n\t\t\t\t\t<div class=\"lazy-media-info-body-content\">\n\t\t\t\t\t\t\t\t\t\t\t\t\t<div>Ulrike Kr&auml;mer<\/div>\n\t\t\t\t\t\t\t\t\t\t\t\t\t\t\t\t\t\t\t\t\t\t\t\t\t<div class=\"insignificant\">\u00a9 Alexandra Klenke-Struve<\/div>\n\t\t\t\t\t\t\t\t\t\t\t<\/div>\n\t\t\t\t<\/figcaption>\n\t\t\t\t\t\t\t\t\t<\/figure>\n\t<\/lazy-media-inline>\n\t\t\t\t\t\t\t\t\t\t\t\t\t<\/div>\n\t\t\t\t\t\t\t\t\t\t\t\t<\/div>\n\t\t\t\t\t\t\t\t\t\t\t<\/div>\n\n\t\t\t\t\t\t\t\t\t\t\t\t\t\t\t\t\t\t\t\t\t<\/div>\n\t\t\t\t\t\t\t\t\t<\/div>\n\t\t\t\t\t\t\t\t<\/div>\n\t\t\t\t\t\t\t\t<\/block-accordion-item>\n\t\t\t\t\t\t\t\t\t\t\t\t\t\t<block-accordion-item inline-template item-headline=\"Uta Kornmeier\">\n\t\t\t\t\t\t\t\t<div ref=\"item\" data-id=\"UtaKornmeier\" class=\"block-accordion-item vue-initialize\" aria-expanded=\"false\" :aria-expanded=\"active ? 'true' : 'false'\">\n\t\t\t\t\t\t\t\t\t<button class=\"accordion-button-with-icon block-accordion-item-head\" :class=\"{'button-active': active}\" ref=\"head\" aria-controls=\"acc_69f07d601702b\" id=\"acc_title_69f07d601702d\" @click=\"toggle\" @keydown=\"key\">\n\t\t\t\t\t\t\t\t\t<div><span class=\"button-label\">Uta Kornmeier<\/span><\/div><span class=\"button-icon icon-plus\" aria-hidden=\"true\"><\/span>\n\t\t\t\t\t\t\t\t<\/button>\n\t\t\t\t\t\t\t\t\t<div ref=\"body\" class=\"block-accordion-item-content\" id=\"acc_69f07d601702b\" role=\"region\">\n\t\t\t\t\t\t\t\t\t\t<div class=\"wrapper copy\">\n\t\t\t\t\t\t\t\t\t\t\t<p>hat Kunstgeschichte und Museum Studies studiert und kuratierte mehrere Ausstellungen im Berliner Medizinhistorischen Museum. Seit 2020 ist sie Kuratorin f\u00fcr wissenschaftliche Veranstaltungen und Programme im Humboldt Forum.<\/p>\n\n\t\t\t\t\t\t\t\t\t\t\t\t\t\t\t\t\t\t\t\t\t\t\t\t\t\t\t\t\t\t\t\t\t\n\t\t\t\t\t\t\t\t\t\t\t<div class=\"row\">\n\t\t\t\t\t\t\t\t\t\t\t\t<div class=\"col-xs-9 col-md-9\">\n\t\t\t\t\t\t\t\t\t\t\t\t\t<div class=\"box\">\n\t\t\t\t\t\t\t\t\t\t\t\t\t\t\n\t<lazy-media-inline inline-template>\n\t\t<figure itemscope itemtype=\"http:\/\/schema.org\/ImageObject\" class=\"lazy-media-inline \" role=\"group\" id=\"media_69f07d6017631\" aria-labelledby=\"desc_media_69f07d6017631\">\n\t\t\t<script type=\"application\/json\" ref=\"data\">\n\t\t\t\t{\n\t\t\t\t\"sizes\" : {\"medium\":{\"file\":\"SHF_eb00105758_Uta_Quadrat-300x300.jpg\",\"width\":300,\"height\":300,\"mime-type\":\"image\\\/jpeg\"},\"thumbnail\":{\"file\":\"SHF_eb00105758_Uta_Quadrat-150x150.jpg\",\"width\":150,\"height\":150,\"mime-type\":\"image\\\/jpeg\"},\"medium_large\":{\"file\":\"SHF_eb00105758_Uta_Quadrat-768x768.jpg\",\"width\":768,\"height\":768,\"mime-type\":\"image\\\/jpeg\"},\"small\":{\"file\":\"SHF_eb00105758_Uta_Quadrat-440x440.jpg\",\"width\":440,\"height\":440,\"mime-type\":\"image\\\/jpeg\"},\"semi\":{\"file\":\"SHF_eb00105758_Uta_Quadrat-580x580.jpg\",\"width\":580,\"height\":580,\"mime-type\":\"image\\\/jpeg\"},\"mobile\":{\"file\":\"SHF_eb00105758_Uta_Quadrat-720x720.jpg\",\"width\":720,\"height\":720,\"mime-type\":\"image\\\/jpeg\"},\"original\":{\"file\":\"SHF_eb00105758_Uta_Quadrat.jpg\",\"width\":1000,\"height\":1000}},\n\t\t\t\t\"alt\" : \"L\\u00e4chelnde Frau mit Brille und kurzen braunen Haaren, wearing ein grau-blaues Oberteil, vor neutralem Hintergrund.\",\n\t\t\t\t\"path\" : \"\\\/wp-content\\\/uploads\\\/2021\\\/09\\\/\",\n\t\t\t\t\"video\" : null,\n\t\t\t\t\"autoplay\" : null,\n\t\t\t\t\"youtube\" : null,\n\t\t\t\t\"youtubelabel\" : \"Video abspielen\",\n\t\t\t\t\"brightness\" : 100,\n\t\t\t\t\"crop\" : {\"top\":\"43.53\",\"left\":\"42.84\"},\n\t\t\t\t\"background\" : true,\n\t\t\t\t\"scale\" : 2\t\t\t\t}\n\t\t\t<\/script>\n\n\t\t\t<div class=\"height-container\" style=\"padding-bottom:100%;\" v-if=\"sizes\">\n\t\t\t\t\t\t\t\t<lazy-media :inline=\"true\" :alt=\"alt\" :sizes=\"sizes\" :scale=\"scale\" :brightness=\"brightness\" :path=\"path\" :video=\"video\" :autoplay=\"autoplay\" :youtube=\"youtube\" :crop=\"crop\" :youtubelabel=\"youtubelabel\" :background=\"background\" media-id=\"desc_media_69f07d6017631\"><\/lazy-media>\n\t\t\t\t\t\t\t<\/div>\n\n\t\t\t\t\t\t\t<figcaption class=\"\" id=\"desc_media_69f07d6017631\">\n\t\t\t\t\t<div class=\"lazy-media-info-body-content\">\n\t\t\t\t\t\t\t\t\t\t\t\t\t<div>Uta Kornmeier<\/div>\n\t\t\t\t\t\t\t\t\t\t\t\t\t\t\t\t\t\t\t\t\t\t\t\t\t<div class=\"insignificant\">\u00a9 Willemien van Dreven<\/div>\n\t\t\t\t\t\t\t\t\t\t\t<\/div>\n\t\t\t\t<\/figcaption>\n\t\t\t\t\t\t\t\t\t<\/figure>\n\t<\/lazy-media-inline>\n\t\t\t\t\t\t\t\t\t\t\t\t\t<\/div>\n\t\t\t\t\t\t\t\t\t\t\t\t<\/div>\n\t\t\t\t\t\t\t\t\t\t\t<\/div>\n\n\t\t\t\t\t\t\t\t\t\t\t\t\t\t\t\t\t\t\t\t\t<\/div>\n\t\t\t\t\t\t\t\t\t<\/div>\n\t\t\t\t\t\t\t\t<\/div>\n\t\t\t\t\t\t\t\t<\/block-accordion-item>\n\t\t\t\t\t\t\t\t\t\t\t\t\t<\/div>\n\t\t\t\t\t\t<\/block-accordion>\n\t\t\t\t\t\t\t\t\t<\/div>\n\t\t\t<\/div>\n\t\t<\/div>\n\t<\/div>\n<\/section>\n\n\n<section class=\"block block-teaser col-lane33 \" style=\"\">\n\t\t\t\t\t\t<teaser-lane-with-buttons inline-template tracking-label=\"Organisatorische Hinweise\">\n\t\t\t\t<div>\n\t\t\t\t\t<div class=\"container-fluid\">\n\t\t\t\t\t\t<div class=\"row middle-xs\">\n\t\t\t\t\t\t\t<div class=\"col-xs-10 col-sm-8\">\n\t\t\t\t\t\t\t\t<h3 class=\"h4 topline\">Organisatorische Hinweise<\/h3>\t\t\t\t\t\t\t<\/div>\n\t\t\t\t\t\t\t<div class=\"col-xs-2 col-sm-4 end-xs margin-bottom-sixth\">\n\t\t\t\t\t\t\t\t<teaser-lane-buttons :visible_prev=\"visible_prev\" :visible_next=\"visible_next\" @prev=\"prev\" @next=\"next\"><\/teaser-lane-buttons>\n\t\t\t\t\t\t\t<\/div>\n\t\t\t\t\t\t<\/div>\n\t\t\t\t\t<\/div>\n\t\t\t\t\t<div class=\"teaser-lane-wrapper\">\n\t\t\t\t\t\t<ul class=\"teaser-lane\">\n\t\t\t\t\t\t\t\t\t\t\t\t<\/ul>\n\t\t\t\t\t<\/div>\n\t\t\t\t<\/div>\n\t\t\t<\/teaser-lane-with-buttons>\n\t\t\t<\/section>","protected":false},"template":"","genre":[392],"digital":[],"topic":[],"stakeholder":[382],"editorial":[],"editorialfilter":[],"targetgroup":[383],"language":[384],"accessability":[430],"age":[],"school":[],"groupsize":[1059],"place":[1119],"class_list":["post-31340","event","type-event","status-publish","has-post-thumbnail","hentry","genre-diskurs","stakeholder-stiftung-humboldt-forum-im-berliner-schloss","targetgroup-erwachsene","language-deutsch","accessability-rollstuhlgerecht","groupsize-max-15-personen","place-sonderausstellung-1-eg"],"acf":[],"_links":{"self":[{"href":"https:\/\/www.humboldtforum.org\/de\/wp-json\/wp\/v2\/event\/31340","targetHints":{"allow":["GET"]}}],"collection":[{"href":"https:\/\/www.humboldtforum.org\/de\/wp-json\/wp\/v2\/event"}],"about":[{"href":"https:\/\/www.humboldtforum.org\/de\/wp-json\/wp\/v2\/types\/event"}],"version-history":[{"count":3,"href":"https:\/\/www.humboldtforum.org\/de\/wp-json\/wp\/v2\/event\/31340\/revisions"}],"predecessor-version":[{"id":83640,"href":"https:\/\/www.humboldtforum.org\/de\/wp-json\/wp\/v2\/event\/31340\/revisions\/83640"}],"wp:featuredmedia":[{"embeddable":true,"href":"https:\/\/www.humboldtforum.org\/de\/wp-json\/wp\/v2\/media\/28633"}],"wp:attachment":[{"href":"https:\/\/www.humboldtforum.org\/de\/wp-json\/wp\/v2\/media?parent=31340"}],"wp:term":[{"taxonomy":"genre","embeddable":true,"href":"https:\/\/www.humboldtforum.org\/de\/wp-json\/wp\/v2\/genre?post=31340"},{"taxonomy":"digital","embeddable":true,"href":"https:\/\/www.humboldtforum.org\/de\/wp-json\/wp\/v2\/digital?post=31340"},{"taxonomy":"topic","embeddable":true,"href":"https:\/\/www.humboldtforum.org\/de\/wp-json\/wp\/v2\/topic?post=31340"},{"taxonomy":"stakeholder","embeddable":true,"href":"https:\/\/www.humboldtforum.org\/de\/wp-json\/wp\/v2\/stakeholder?post=31340"},{"taxonomy":"editorial","embeddable":true,"href":"https:\/\/www.humboldtforum.org\/de\/wp-json\/wp\/v2\/editorial?post=31340"},{"taxonomy":"editorialfilter","embeddable":true,"href":"https:\/\/www.humboldtforum.org\/de\/wp-json\/wp\/v2\/editorialfilter?post=31340"},{"taxonomy":"targetgroup","embeddable":true,"href":"https:\/\/www.humboldtforum.org\/de\/wp-json\/wp\/v2\/targetgroup?post=31340"},{"taxonomy":"language","embeddable":true,"href":"https:\/\/www.humboldtforum.org\/de\/wp-json\/wp\/v2\/language?post=31340"},{"taxonomy":"accessability","embeddable":true,"href":"https:\/\/www.humboldtforum.org\/de\/wp-json\/wp\/v2\/accessability?post=31340"},{"taxonomy":"age","embeddable":true,"href":"https:\/\/www.humboldtforum.org\/de\/wp-json\/wp\/v2\/age?post=31340"},{"taxonomy":"school","embeddable":true,"href":"https:\/\/www.humboldtforum.org\/de\/wp-json\/wp\/v2\/school?post=31340"},{"taxonomy":"groupsize","embeddable":true,"href":"https:\/\/www.humboldtforum.org\/de\/wp-json\/wp\/v2\/groupsize?post=31340"},{"taxonomy":"place","embeddable":true,"href":"https:\/\/www.humboldtforum.org\/de\/wp-json\/wp\/v2\/place?post=31340"}],"curies":[{"name":"wp","href":"https:\/\/api.w.org\/{rel}","templated":true}]}}