{"id":31422,"date":"2021-09-14T11:25:50","date_gmt":"2021-09-14T09:25:50","guid":{"rendered":"https:\/\/www.humboldtforum.org\/?post_type=event&#038;p=31422"},"modified":"2021-09-22T17:53:52","modified_gmt":"2021-09-22T15:53:52","slug":"festakt","status":"publish","type":"event","link":"https:\/\/www.humboldtforum.org\/de\/programm\/termin\/eroeffnung\/festakt-31422\/","title":{"rendered":"Festakt"},"content":{"rendered":"<section class=\"block block-copy\" >\n    <div class=\"container-fluid\">\n\t\t<div class=\"row \">\n            <div class=\"col-xs-12 col-md-offset-2 col-md-8\">\n                <div class=\"box\">\n                    <div class=\"copy\"><p><span class=\"anleser\" style=\"font-weight: bolder;\">Ab Donnerstag, den 23. September 2021, sind die Sammlungen des Ethnologischen Museums und des Museums f\u00fcr Asiatische Kunst der Staatlichen Museen zu Berlin endlich wieder erlebbar \u2013 neu kuratiert, in zeitgem\u00e4\u00dfer Pr\u00e4sentation, mitten in Berlin.<\/span><\/p>\n<p><b>Am Mittwoch, den 22. September 2021 um 11 Uhr <\/b>er\u00f6ffnen wir die Ausstellungen in einem offiziellen Festakt mit Reden von <strong>B<\/strong><b>undespr\u00e4sident Frank-Walter Steinmeier, der Staatsministerin f\u00fcr Kultur und Medien Monika Gr\u00fctters <\/b>und der Autorin <b>Chimamanda Ngozi Adichie<\/b>. Unter dem Thema <em><a href=\"https:\/\/www.humboldtforum.org\/de\/programm\/event\/eroeffnung\/begegnungen-in-vielheit-29716\/\">Begegnungen in Vielheit<\/a>\u00a0<\/em>feiern wir die Er\u00f6ffnung an vier Tagen, <b>vom 23. bis 26. September<\/b>, mit\u00a0Diskussionen, Workshops, Projektionen, Performances und Konzerten.<\/p>\n<p>Im Humboldt Forum werden das Ethnologische Museum und das Museum f\u00fcr Asiatische Kunst der Staatlichen Museen zu Berlin im 2. und 3. Obergeschoss Objekte aus f\u00fcnf Kontinenten und fast zwei Jahrtausenden aus unterschiedlichsten Perspektiven zeigen.\u00a0<b>2021 er\u00f6ffnen zun\u00e4chst die R\u00e4ume im Westfl\u00fcgel, 2022 folgt der Ostfl\u00fcgel.<\/b><\/p>\n<p>Verfolgen Sie den Festakt im Livestream und schauen Sie an den Er\u00f6ffnungstagen im Humboldt Forum vorbei!<\/p>\n<\/div>\n                <\/div>\n            <\/div>\n\t\t<\/div>\n\t\t    <\/div>\n<\/section>\n\n<section class=\"block block-copy\" >\n    <div class=\"container-fluid\">\n\t\t<div class=\"row \">\n            <div class=\"col-xs-12 col-md-offset-2 col-md-8\">\n                <div class=\"box\">\n                    <div class=\"copy\"><h4>Ablauf<\/h4>\n<ul>\n<li>Begr\u00fc\u00dfung von Staatsministerin Monika Gr\u00fctters, MdB<\/li>\n<li>Festreden von Bundespr\u00e4sident Frank-Walter Steinmeier und der Autorin Chimamanda Ngozi Adichie<\/li>\n<li>Einf\u00fchrung in die Ausstellungen durch Hermann Parzinger, Pr\u00e4sident der Stiftung Preu\u00dfischer Kulturbesitz, und Hartmut Dorgerloh, Generalintendant Stiftung Humboldt Forum im Berliner Schloss<\/li>\n<\/ul>\n<p>&nbsp;<\/p>\n<\/div>\n                <\/div>\n            <\/div>\n\t\t<\/div>\n\t\t    <\/div>\n<\/section>\n\n<calendardetail inline-template :appear-before=\"0\" :appear-after=\"0\" :live-stream-appears=\"10\" youtube-label-inactive=\"Livestream\" youtube-label-live=\"Livestream starten\" youtube-label-after=\"ReLive ansehen\">\n\t<section class=\"block-live-section\">\n\t\t<script type=\"application\/json\" ref=\"eventdata\">{\"postId\":31422,\"title\":\"Festakt\",\"excerpt\":\"Am Mittwoch, den 22. September 2021 um 11 Uhr er\\u00f6ffnen wir die Ausstellungen des Ethnologischen Museums und des Museums f\\u00fcr Asiatische Kunst in einem Festakt mit Reden von Bundespr\\u00e4sident Frank-Walter Steinmeier, der Staatsministerin f\\u00fcr Kultur und Medien Monika Gr\\u00fctters und der Autorin Chimamanda Ngozi Adichie.\",\"slug\":\"festakt\",\"post_date\":\"2021-09-14T11:25\",\"type\":\"event\",\"permalink\":\"https:\\\/\\\/www.humboldtforum.org\\\/de\\\/programm\\\/termin\\\/eroeffnung\\\/festakt-31422\\\/\",\"genre\":[390],\"genre_details\":[{\"text\":\"Er\\u00f6ffnung\",\"id\":390,\"icon\":null,\"parent\":0}],\"digital\":[742],\"digital_details\":[{\"text\":\"Livestream\",\"id\":742,\"icon\":null,\"parent\":0}],\"stakeholder\":[530,382],\"stakeholder_details\":[{\"text\":\"Staatliche Museen zu Berlin\",\"id\":530,\"icon\":null,\"parent\":0},{\"text\":\"Stiftung Humboldt Forum im Berliner Schloss\",\"id\":382,\"icon\":null,\"parent\":0}],\"targetgroup\":[383],\"targetgroup_details\":[{\"text\":\"Erwachsene\",\"id\":383,\"icon\":null,\"parent\":0}],\"language\":[384,671,385],\"language_details\":[{\"text\":\"Deutsch\",\"id\":384,\"icon\":null,\"parent\":0},{\"text\":\"Deutsche Geb\\u00e4rdensprache\",\"id\":671,\"icon\":null,\"parent\":0},{\"text\":\"Englisch\",\"id\":385,\"icon\":null,\"parent\":0}],\"place\":[498],\"place_details\":{\"place\":\"Humboldt Forum\",\"map\":\"Humboldt Forum, Schlossplatz, Berlin\",\"room\":\"Online-Veranstaltung\"},\"icon_overwrite\":\"\",\"acf\":{\"hashtag\":\"HumboldtForum\",\"belongsto\":[31113],\"shorturl\":\"festakt\",\"noindex\":false,\"keywords\":\"\",\"times\":[{\"start\":\"20210922 11:00\",\"end\":\"12:00\",\"status\":\"JOIN\",\"info\":\"Livestream\",\"shop\":\"\",\"i\":0,\"start_hour\":\"11:00\",\"start_HRF\":\"Mi, 22. September 2021\",\"_date\":{\"date\":\"2021-09-22 12:00:00.000000\",\"timezone_type\":3,\"timezone\":\"Europe\\\/Berlin\"},\"_fromdate\":\"20210922 11:00\",\"start_TS\":1632301200,\"start_HRFSHORT\":\"22.09.21\",\"start_HRFSHORT_WD\":\"Mi 22.09.2021\",\"end_TS\":1632304800,\"can_purchase\":false}],\"planning\":{\"price\":\"\",\"admission\":\"\",\"pause\":\"\",\"duration\":\"\"},\"subline\":\"zur Er\\u00f6ffnung des Ethnologischen Museums und des Museums f\\u00fcr Asiatische Kunst\",\"subline_feature\":\"\",\"marketing_text\":\"mit Frank-Walter Steinmeier, Monika Gr\\u00fctters und Chimamanda Ngozi Adichie\",\"shorttext\":\"Am Mittwoch, den 22. September 2021 um 11 Uhr er\\u00f6ffnen wir die Ausstellungen des Ethnologischen Museums und des Museums f\\u00fcr Asiatische Kunst in einem Festakt mit Reden von Bundespr\\u00e4sident Frank-Walter Steinmeier, der Staatsministerin f\\u00fcr Kultur und Medien Monika Gr\\u00fctters und der Autorin Chimamanda Ngozi Adichie.\",\"longtext\":\"\",\"additional_info\":{\"icon\":\"icon-gebarden\",\"text\":\"Den Link zum Livestream in Deutscher Geb\\u00e4rdensprache finden Sie unten auf dieser Seite.\"},\"highlight_header\":false,\"featured_images\":[31397],\"video\":31395,\"use_video_in_teasers\":true,\"hyphenation\":false,\"tipp\":false,\"alert_text\":\"\",\"joker\":true,\"live\":true,\"yt\":\"https:\\\/\\\/www.youtube.com\\\/watch?v=_6Ol1V3UxWc\",\"announcement\":\"\",\"overwrite_date\":\"\",\"hide_event_in_program\":false,\"video_brightness\":\"100\",\"infotext\":\"Der Livestream startet kurz vor Beginn des Festaktes.\",\"highlight_header_image\":31397,\"has_mobile_format\":false},\"thumbnail\":{\"width\":1920,\"height\":1080,\"sizes\":{\"medium\":{\"file\":\"210910_HF_Mosaik_Web_A_16_9.mp4.00_00_00_00.Still001-300x169.jpg\",\"width\":300,\"height\":169,\"mime-type\":\"image\\\/jpeg\"},\"large\":{\"file\":\"210910_HF_Mosaik_Web_A_16_9.mp4.00_00_00_00.Still001-1024x576.jpg\",\"width\":1024,\"height\":576,\"mime-type\":\"image\\\/jpeg\"},\"thumbnail\":{\"file\":\"210910_HF_Mosaik_Web_A_16_9.mp4.00_00_00_00.Still001-150x150.jpg\",\"width\":150,\"height\":150,\"mime-type\":\"image\\\/jpeg\"},\"medium_large\":{\"file\":\"210910_HF_Mosaik_Web_A_16_9.mp4.00_00_00_00.Still001-768x432.jpg\",\"width\":768,\"height\":432,\"mime-type\":\"image\\\/jpeg\"},\"small\":{\"file\":\"210910_HF_Mosaik_Web_A_16_9.mp4.00_00_00_00.Still001-440x248.jpg\",\"width\":440,\"height\":248,\"mime-type\":\"image\\\/jpeg\"},\"semi\":{\"file\":\"210910_HF_Mosaik_Web_A_16_9.mp4.00_00_00_00.Still001-580x326.jpg\",\"width\":580,\"height\":326,\"mime-type\":\"image\\\/jpeg\"},\"mobile\":{\"file\":\"210910_HF_Mosaik_Web_A_16_9.mp4.00_00_00_00.Still001-720x405.jpg\",\"width\":720,\"height\":405,\"mime-type\":\"image\\\/jpeg\"},\"hd\":{\"file\":\"210910_HF_Mosaik_Web_A_16_9.mp4.00_00_00_00.Still001-1280x720.jpg\",\"width\":1280,\"height\":720,\"mime-type\":\"image\\\/jpeg\"},\"1536x1536\":{\"file\":\"210910_HF_Mosaik_Web_A_16_9.mp4.00_00_00_00.Still001-1536x864.jpg\",\"width\":1536,\"height\":864,\"mime-type\":\"image\\\/jpeg\"},\"original\":{\"file\":\"210910_HF_Mosaik_Web_A_16_9.mp4.00_00_00_00.Still001.jpg\",\"width\":1920,\"height\":1080}},\"alt\":\"Ein antikes Skulpturmotiv vor einem bunten geometrischen Hintergrund.\",\"label\":\"\",\"description\":\"\",\"ratio\":56.25,\"url\":\"\\\/wp-content\\\/uploads\\\/2021\\\/09\\\/\",\"webp\":0,\"crop\":{\"top\":\"50.00\",\"left\":\"50.00\"},\"ID\":31397},\"date\":{\"NX\":null,\"NXX\":null,\"NLAST\":\"202109220700\",\"from_DATE\":\"20210922 11:00\",\"from\":1632294000,\"to\":1632294000,\"to_DATE\":\"20210922 11:00\",\"from_HRFSHORT\":\"22. Sep 2021\",\"from_HRFSHORT_WD\":\"Mi 22.09.2021\",\"to_HRFSHORT\":\"22. Sep 2021\",\"to_HRFSHORT_WD\":\"Mi 22.09.2021\",\"from_HRF\":\"Mi, 22. September 2021\",\"to_HRF\":\"Mi, 22. September 2021\",\"from_to_HRF\":\"Mi, 22. September \\u2013 Mi, 22. September 2021\",\"from_to_HRFSHORT\":\"22. Sep \\u2013 22. Sep 2021\"},\"alert\":\"Livestream\",\"partof\":[],\"marketing_topic\":{\"title\":\"\",\"ID\":31113,\"reason\":\"belongsto\"}}<\/script>\n\t\t<div class=\"container-fluid block-live\" v-if=\"doAppear\" v-bind:class=\"{'isLive': isLive}\">\n\t\t\t<section class=\"block block-event-header-highlight block-fullscreen-first\">\n\t<div class=\"block-event-header-highlight-image\">\n\t\t\t\t<block-header inline-template>\n\t\t\t<div>\n\t\t\t<figure role=\"group\" aria-labelledby=\"m_69f2fde3d9620\">\n<script type=\"application\/json\" ref=\"data\">\n{\n\"sizes_d\" : {\"medium\":{\"file\":\"210910_HF_Mosaik_Web_A_16_9.mp4.00_00_00_00.Still001-300x169.jpg\",\"width\":300,\"height\":169,\"mime-type\":\"image\\\/jpeg\"},\"large\":{\"file\":\"210910_HF_Mosaik_Web_A_16_9.mp4.00_00_00_00.Still001-1024x576.jpg\",\"width\":1024,\"height\":576,\"mime-type\":\"image\\\/jpeg\"},\"thumbnail\":{\"file\":\"210910_HF_Mosaik_Web_A_16_9.mp4.00_00_00_00.Still001-150x150.jpg\",\"width\":150,\"height\":150,\"mime-type\":\"image\\\/jpeg\"},\"medium_large\":{\"file\":\"210910_HF_Mosaik_Web_A_16_9.mp4.00_00_00_00.Still001-768x432.jpg\",\"width\":768,\"height\":432,\"mime-type\":\"image\\\/jpeg\"},\"small\":{\"file\":\"210910_HF_Mosaik_Web_A_16_9.mp4.00_00_00_00.Still001-440x248.jpg\",\"width\":440,\"height\":248,\"mime-type\":\"image\\\/jpeg\"},\"semi\":{\"file\":\"210910_HF_Mosaik_Web_A_16_9.mp4.00_00_00_00.Still001-580x326.jpg\",\"width\":580,\"height\":326,\"mime-type\":\"image\\\/jpeg\"},\"mobile\":{\"file\":\"210910_HF_Mosaik_Web_A_16_9.mp4.00_00_00_00.Still001-720x405.jpg\",\"width\":720,\"height\":405,\"mime-type\":\"image\\\/jpeg\"},\"hd\":{\"file\":\"210910_HF_Mosaik_Web_A_16_9.mp4.00_00_00_00.Still001-1280x720.jpg\",\"width\":1280,\"height\":720,\"mime-type\":\"image\\\/jpeg\"},\"1536x1536\":{\"file\":\"210910_HF_Mosaik_Web_A_16_9.mp4.00_00_00_00.Still001-1536x864.jpg\",\"width\":1536,\"height\":864,\"mime-type\":\"image\\\/jpeg\"},\"original\":{\"file\":\"210910_HF_Mosaik_Web_A_16_9.mp4.00_00_00_00.Still001.jpg\",\"width\":1920,\"height\":1080}},\n\"alt_d\" : \"Ein antikes Skulpturmotiv vor einem bunten geometrischen Hintergrund.\",\n\"path_d\" : \"\\\/wp-content\\\/uploads\\\/2021\\\/09\\\/\",\n\"autoplay_d\" : \"https:\\\/\\\/www.humboldtforum.org\\\/wp-content\\\/uploads\\\/2021\\\/09\\\/210910_HF_Mosaik_Web_A_16_9.mp4\",\n\"crop_d\" : {\"top\":\"50.00\",\"left\":\"50.00\"},\n\"background_d\" : true,\n\n\"sizes_m\" : [],\n\"alt_m\" : null,\n\"path_m\" : null,\n\"autoplay_m\" : null,\n\"crop_m\" : null,\n\"background_m\" : true,\n\n\"has_mobile_format\" : false,\n\n\"youtube\" : \"https:\/\/www.youtube.com\/watch?v=_6Ol1V3UxWc\",\n\"autoplay\" : true,\n\"video\" : \"youtube\"\n}\n<\/script>\n\t\t\t\t<div class=\"height-container\" style=\"padding-bottom:56.25%;\" v-if=\"sizes\" data-motion-parallax='{\"child\":\".image-wrapper\",\"tween\":{\"yPercent\": [-15,15]}}'>\n\t\t\t\t\t<lazy-media v-bind:class=\"{'inactive-play-button' : $parent.eventTime === 'before'}\" :inline=\"true\" :alt=\"alt\" :sizes=\"sizes\" :brightness=\"brightness\" :path=\"path\" :video=\"$parent.video\" :autoplay=\"autoplay\" :youtube=\"$parent.youtube\" :crop=\"crop\" :youtubelabel=\"$parent.youtubelabel\" :background=\"background\" media-id=\"m_69f2fde3d9620\"><\/lazy-media>\n\t\t\t\t<\/div>\n\t\t\t\t\n\t\t\t\t\t\t\t\t\t<calendardateline v-if=\"$parent.item\" :rawitem='$parent.item' :show-icon=\"true\" template=\"alert\" :force-countdown=\"true\" force-date=\"Livestream\"><\/calendardateline>\n\t\t\t\t\n\t\t\t\t<div class=\"block-event-header-highlight-shadow\"><\/div>\n\t\t\t\t<div class=\"container-fluid block-event-header-highlight-text\">\n\t\t\t\t\t<div class=\"row center-xs bottom-xs\">\n\t\t\t\t\t\t<div class=\"col-xs-12 col-md-8\">\n\t\t\t\t\t\t\t<div class=\"box no-link-style-area\">\n\t\t\t\t\t\t\t\t\t<div class=\"subline\">Er\u00f6ffnung<\/div>\n\t<a href=\"https:\/\/www.humboldtforum.org\/de\/programm\/termin\/eroeffnung\/festakt-31422\/\"><h1 class=\"h1 \">Festakt<\/h1><\/a>\n\n\n\n<div class=\"Untertitel margin-bottom-sixth\">\n\t\t\tzur Er\u00f6ffnung des Ethnologischen Museums und des Museums f\u00fcr Asiatische Kunst\t\t\n\n\t\n\t\t\t\t\t<\/div>\n\n\n\t\t\t\t\t\t\t<\/div>\n\t\t\t\t\t\t<\/div>\n\t\t\t\t\t<\/div>\n\t\t\t\t<\/div>\n\t\t\t<\/figure>\n\n\t\t\t\t\t<div class=\"container-fluid\">\n\t\t<div class=\"row\">\n\t\t\t<div class=\"col-xs-12 end-xs\">\n\t\t\t\t\t<div class=\"lazy-media-info-container-fluid\">\n\t\t\t\t\t\t<div class=\"lazy-media-info-row\">\n\t\t\t\t\t\t\t<div class=\"lazy-media-info-col\">\n\t\t\t\t\t\t\t\t<div class=\"lazy-media-info\" aria-expanded=\"false\" :aria-expanded=\"isOpen ? 'true' : 'false'\">\n\t\t\t\t\t\t\t\t\t<button class=\"lazy-media-info-head button-tiny\"  :class=\"{'button-active': isOpen}\" @click=\"toggle\" ref=\"head\"><span class=\"button-label insignificant\">Bildinfo<\/span><\/button>\n\t\t\t\t\t\t\t\t\t<figcaption class=\"lazy-media-info-body\" ref=\"body\" id=\"m_69f2fde3d9620\">\n\t\t\t\t\t\t\t\t\t\t<div class=\"lazy-media-info-body-content\">\n\n\t\t\t\t\t\t\t\t\t\t\t\t\t\t\t\t\t\t\t\t\t\t\t\t\t\t\t\t\t\t\t\t\t\t\t\t\t\t\t\t\t\t\t\t\t<div class=\"insignificant\">\u00a9 1 Vishnu: Staatliche Museen zu Berlin, Museum f\u00fcr Asiatische Kunst; Stiftung Humboldt Forum im Berliner Schloss \/ digitale Reproduktion: Jester Blank GbR; 2 Sope: SMB, Ethnologisches Museum \/ Claudia Obrocki; SHF; 3 Chibinda Illunga: SMB, Ethnologisches Museum \/ Claudia Obrocki; SHF; 4 Salzgef\u00e4\u00df: SMB, Ethnologisches Museum \/ Martin Franken; SHF; 5 Wuzhiqi: SMB, Museum f\u00fcr Asiatische Kunst; SHF; 6 Uli-Figur: SMB, Ethnologisches Museum \/ Martin Franken; SHF<\/div>\n\t\t\t\t\t\t\t\t\t\t\t\t\t\t\t\t\t\t\t\t\t<\/div>\n\t\t\t\t\t\t\t\t\t<\/figcaption>\n\t\t\t\t\t\t\t\t\t<div class=\"lazy-media-info-head-border\"><\/div>\n\t\t\t\t\t\t\t\t<\/div>\n\t\t\t\t\t\t\t<\/div>\n\t\t\t\t\t\t<\/div>\n\t\t\t\t\t<\/div>\n\t\t\t\t<\/div>\n\t\t\t<\/div>\n\t\t<\/div>\n\t\t\t\t\n\t\t\t<\/div>\n\t\t<\/block-header>\n\t<\/div>\n<\/section>\t\t<\/div>\n\t<\/section>\n<\/calendardetail>\n\n\n<section class=\"block block-nba\">\n    <div class=\"container-fluid\">\n        <div class=\"row\">\n            <div class=\"col-xs-12\">\n                <div class=\"box\">\n\t\t\t\t\t\t\t\t\t\t\t\t\t<a href=\"https:\/\/www.youtube.com\/watch?v=VrpHVqOFxmw\" class=\"nba-button\" role=\"button\" target=\"_blank\">\n\t\t\t\t\t\t\t\t\t<div class=\"subline\">DGS<\/div>\n\t\t\t\t\t\t\t\t\t<div class=\"button-label\">Livestream in Deutscher Geb\u00e4rdensprache<\/div>\n\t\t\t\t\t\t\t\t<\/a>\n\t\t\t\t\t\t\t\t\t\t\t\t\t\t\t<a href=\"https:\/\/www.youtube.com\/watch?v=toL5gbOK__4\" class=\"nba-button\" role=\"button\" target=\"_blank\">\n\t\t\t\t\t\t\t\t\t<div class=\"subline\">EN<\/div>\n\t\t\t\t\t\t\t\t\t<div class=\"button-label\">Livestream in English<\/div>\n\t\t\t\t\t\t\t\t<\/a>\n\t\t\t\t\t\t\t                <\/div>\n            <\/div>\n        <\/div>\n    <\/div>\n<\/section>\n\n<section class=\"block block-teaser col-lane33 \" style=\"\">\n\t\t\t\t\t\t<teaser-lane-with-buttons inline-template tracking-label=\"\">\n\t\t\t\t<div>\n\t\t\t\t\t<div class=\"container-fluid\">\n\t\t\t\t\t\t<div class=\"row middle-xs\">\n\t\t\t\t\t\t\t<div class=\"col-xs-10 col-sm-8\">\n\t\t\t\t\t\t\t\t\t\t\t\t\t\t\t<\/div>\n\t\t\t\t\t\t\t<div class=\"col-xs-2 col-sm-4 end-xs margin-bottom-sixth\">\n\t\t\t\t\t\t\t\t<teaser-lane-buttons :visible_prev=\"visible_prev\" :visible_next=\"visible_next\" @prev=\"prev\" @next=\"next\"><\/teaser-lane-buttons>\n\t\t\t\t\t\t\t<\/div>\n\t\t\t\t\t\t<\/div>\n\t\t\t\t\t<\/div>\n\t\t\t\t\t<div class=\"teaser-lane-wrapper\">\n\t\t\t\t\t\t<ul class=\"teaser-lane\">\n\t\t\t\t\t\t<li class=\"teaser-lane-slide col-xs-10 col-sm-8 col-md-4 teaser-wrapper col-padding-remove\">\n\t<div class=\"box\">\n\t\t<div class=\"teaser teaser-info\">\n\t\t\t<div class=\"box teaser-info-box\">\n\t\t\t\t<div>\n\t\t\t\t\t\t\t\t\t\t\t<div class=\"teaser-info-image\">\n\t\t\t\t\t\t\t<img decoding=\"async\" class=\"teaser-inline-svg\" alt=\"Piktogramm Livestream\" src=\"https:\/\/www.humboldtforum.org\/wp-content\/uploads\/2021\/04\/play.svg\">\n\t\t\t\t\t\t<\/div>\n\t\t\t\t\t\t\t\t\t\t<div class=\"teaser-header h6\">Livestream<\/div>\n\t\t\t\t\t<div class=\"teaser-info-copy Teaser-copy\"><p>Der Livestream startet zehn Minuten vor der Veranstaltung und steht anschlie\u00dfend als Video zur Verf\u00fcgung. Sollte der Livestream nicht starten, k\u00f6nnen Sie die Veranstaltung auch live auf unserem YouTube-Kanal verfolgen.<\/p>\n<\/div>\n\t\t\t\t<\/div>\n\t\t\t\t\n\t\t\t\t\t\t\t\t\t<div class=\"copy\">\n\t\t\t\t\t\t<a class=\"Button\" href=\"https:\/\/www.youtube.com\/channel\/UCmEctwtyMRN_o6cILZDczXw\"><span>Live auf YouTube schauen<\/span><\/a>\n\t\t\t\t\t<\/div>\n\t\t\t\t\t\t\t<\/div>\n\t\t<\/div>\n\t<\/div>\n<\/li><li class=\"teaser-lane-slide col-xs-10 col-sm-8 col-md-4 teaser-wrapper col-padding-remove\">\n\t<div class=\"box\">\n\t\t<div class=\"teaser teaser-info\">\n\t\t\t<div class=\"box teaser-info-box\">\n\t\t\t\t<div>\n\t\t\t\t\t\t\t\t\t\t\t<div class=\"teaser-info-image\">\n\t\t\t\t\t\t\t<img decoding=\"async\" class=\"teaser-inline-svg\" alt=\"Piktogramm YouTube\" src=\"https:\/\/www.humboldtforum.org\/wp-content\/uploads\/2020\/12\/youtube.svg\">\n\t\t\t\t\t\t<\/div>\n\t\t\t\t\t\t\t\t\t\t<div class=\"teaser-header h6\">YouTube<\/div>\n\t\t\t\t\t<div class=\"teaser-info-copy Teaser-copy\"><p>Abonnieren Sie unseren YouTube-Kanal und verpassen Sie nie die neuesten Videos des Humboldt Forums.<\/p>\n<\/div>\n\t\t\t\t<\/div>\n\t\t\t\t\n\t\t\t\t\t\t\t\t\t<div class=\"copy\">\n\t\t\t\t\t\t<a class=\"Button\" href=\"https:\/\/www.youtube.com\/channel\/UCmEctwtyMRN_o6cILZDczXw\"><span>Jetzt abonnieren<\/span><\/a>\n\t\t\t\t\t<\/div>\n\t\t\t\t\t\t\t<\/div>\n\t\t<\/div>\n\t<\/div>\n<\/li><li class=\"teaser-lane-slide col-xs-10 col-sm-8 col-md-4 teaser-wrapper col-padding-remove\">\n\t<div class=\"box\">\n\t\t<div class=\"teaser teaser-info\">\n\t\t\t<div class=\"box teaser-info-box\">\n\t\t\t\t<div>\n\t\t\t\t\t\t\t\t\t\t\t<div class=\"teaser-info-image\">\n\t\t\t\t\t\t\t<img decoding=\"async\" class=\"teaser-inline-svg\" alt=\"Piktogramm Newsletter\" src=\"https:\/\/www.humboldtforum.org\/wp-content\/uploads\/2020\/11\/mail.svg\">\n\t\t\t\t\t\t<\/div>\n\t\t\t\t\t\t\t\t\t\t<div class=\"teaser-header h6\">Newsletter<\/div>\n\t\t\t\t\t<div class=\"teaser-info-copy Teaser-copy\"><p>Mit unserem Newsletter bleiben Sie immer auf dem Laufenden.<\/p>\n<\/div>\n\t\t\t\t<\/div>\n\t\t\t\t\n\t\t\t\t\t\t\t\t\t<div class=\"copy\">\n\t\t\t\t\t\t<a class=\"Button\" href=\"https:\/\/www.humboldtforum.org\/de\/newsletter\/\"><span>Jetzt abonnieren<\/span><\/a>\n\t\t\t\t\t<\/div>\n\t\t\t\t\t\t\t<\/div>\n\t\t<\/div>\n\t<\/div>\n<\/li>\t\t\t\t\t\t<\/ul>\n\t\t\t\t\t<\/div>\n\t\t\t\t<\/div>\n\t\t\t<\/teaser-lane-with-buttons>\n\t\t\t<\/section>\n\n<section class=\"block block-teaser col-1 has-bg\" style=\"--teaser-bg:#f2f2f2\">\n\t<lazy-component :fixed-min-height=\"400\">\n\t\n\t\t\t\t\t<div class=\"container-fluid\">\n\t\t\t\t<div class=\"row bottom-xs\">\n\t\t\t\t\t<div class=\"col-xs-12 col-sm-10 col-md-8 col-sm-offset-1 col-md-offset-2\">\n\t\t\t\t\t\t\t\t\t\t\t\t\t\t\t\t\t\t\t\t\t\t\t\t\t<\/div>\n\t\t\t\t\t<div class=\"col-xs-12 col-sm-10 col-md-8 col-sm-offset-1 col-md-offset-2 start-xs end-md margin-bottom-sixth\">\n\t\t\t\t\t\t\t\t\t\t\t<\/div>\n\t\t\t\t<\/div>\n\t\t\t\t<ul class=\"row\">\n\t\t\t\n<li class=\"col-xs-12 teaser-wrapper col-padding-remove\">\n\t<calendarteaser key=\"297164846\" rawitem='{&quot;postId&quot;:29716,&quot;title&quot;:&quot;Begegnungen in Vielheit&quot;,&quot;excerpt&quot;:&quot;Programm zu den Er\\u00f6ffnungstagen des Ethnologischen Museums und des Museums f\\u00fcr Asiatische Kunst im Westfl\\u00fcgel\\t&quot;,&quot;slug&quot;:&quot;begegnungen-in-vielheit&quot;,&quot;post_date&quot;:&quot;2021-09-02T15:22&quot;,&quot;type&quot;:&quot;event-multi&quot;,&quot;permalink&quot;:&quot;https:\\\/\\\/www.humboldtforum.org\\\/de\\\/programm\\\/event\\\/eroeffnung\\\/begegnungen-in-vielheit-29716\\\/&quot;,&quot;genre&quot;:[390],&quot;genre_details&quot;:[{&quot;text&quot;:&quot;Er\\u00f6ffnung&quot;,&quot;id&quot;:390,&quot;icon&quot;:null,&quot;parent&quot;:0}],&quot;stakeholder&quot;:[530,382],&quot;stakeholder_details&quot;:[{&quot;text&quot;:&quot;Staatliche Museen zu Berlin&quot;,&quot;id&quot;:530,&quot;icon&quot;:null,&quot;parent&quot;:0},{&quot;text&quot;:&quot;Stiftung Humboldt Forum im Berliner Schloss&quot;,&quot;id&quot;:382,&quot;icon&quot;:null,&quot;parent&quot;:0}],&quot;targetgroup&quot;:[383],&quot;targetgroup_details&quot;:[{&quot;text&quot;:&quot;Erwachsene&quot;,&quot;id&quot;:383,&quot;icon&quot;:null,&quot;parent&quot;:0}],&quot;place&quot;:[404],&quot;place_details&quot;:{&quot;place&quot;:&quot;Humboldt Forum&quot;,&quot;map&quot;:&quot;Humboldt Forum, Schlossplatz, Berlin&quot;,&quot;room&quot;:&quot;&quot;},&quot;icon_overwrite&quot;:&quot;&quot;,&quot;acf&quot;:{&quot;noindex&quot;:false,&quot;keywords&quot;:&quot;&quot;,&quot;belongsto&quot;:false,&quot;shorturl&quot;:&quot;vielheit&quot;,&quot;times&quot;:[],&quot;planning&quot;:{&quot;price&quot;:&quot;Eintritt frei&quot;,&quot;admission&quot;:&quot;&quot;,&quot;pause&quot;:&quot;&quot;,&quot;duration&quot;:&quot;&quot;,&quot;status&quot;:&quot;JOIN&quot;,&quot;info&quot;:&quot;&quot;,&quot;shop&quot;:&quot;&quot;,&quot;can_purchase&quot;:false},&quot;subline&quot;:&quot;Er\\u00f6ffnungstage des Ethnologischen Museums und des Museums f\\u00fcr Asiatische Kunst im Westfl\\u00fcgel\\t&quot;,&quot;subline_feature&quot;:&quot;&quot;,&quot;marketing_text&quot;:&quot;&quot;,&quot;shorttext&quot;:&quot;Programm zu den Er\\u00f6ffnungstagen des Ethnologischen Museums und des Museums f\\u00fcr Asiatische Kunst im Westfl\\u00fcgel\\t&quot;,&quot;longtext&quot;:&quot;&quot;,&quot;tickettext&quot;:&quot;Das Er\\u00f6ffnungsprogramm k\\u00f6nnen Sie ohne Ticketbuchung besuchen. Ausnahme: Impossible Conversation. F\\u00fcr den Besuch der Ausstellungen ist die Buchung von Zeitfenster-Tickets n\\u00f6tig.&quot;,&quot;additional_info&quot;:{&quot;icon&quot;:&quot;icon-uhr&quot;,&quot;text&quot;:&quot;Die einzelnen Programmteile haben unterschiedliche Zeiten (Details s.u.). Die Ausstellungen schlie\\u00dfen zu den regul\\u00e4ren Zeiten.&quot;},&quot;highlight_header&quot;:true,&quot;highlight_header_image&quot;:31059,&quot;video&quot;:false,&quot;has_mobile_format&quot;:true,&quot;use_video_in_teasers&quot;:false,&quot;hyphenation&quot;:true,&quot;tipp&quot;:false,&quot;alert_text&quot;:&quot;&quot;,&quot;joker&quot;:false,&quot;live&quot;:false,&quot;announcement&quot;:&quot;&quot;,&quot;overwrite_date&quot;:&quot;&quot;,&quot;hide_event_in_program&quot;:false,&quot;infotext&quot;:&quot;F\\u00fcr die Teilnahme an Begegnungen.Mitreden, Begegnungen.Zuh\\u00f6ren und der Performance (Begegnungen.Kunst) gilt die 3G-Regelung. &quot;,&quot;highlight_header_image_mobile&quot;:31061,&quot;mobile_video&quot;:false},&quot;date&quot;:{&quot;NX&quot;:null,&quot;NXX&quot;:null,&quot;NLAST&quot;:&quot;202109260600&quot;,&quot;from_DATE&quot;:&quot;20210923 10:00&quot;,&quot;from&quot;:1632376800,&quot;to&quot;:1632636000,&quot;to_DATE&quot;:&quot;20210926 10:00&quot;,&quot;from_HRFSHORT&quot;:&quot;23. Sep 2021&quot;,&quot;from_HRFSHORT_WD&quot;:&quot;Do 23.09.2021&quot;,&quot;to_HRFSHORT&quot;:&quot;26. Sep 2021&quot;,&quot;to_HRFSHORT_WD&quot;:&quot;So 26.09.2021&quot;,&quot;from_HRF&quot;:&quot;Do, 23. September 2021&quot;,&quot;to_HRF&quot;:&quot;So, 26. September 2021&quot;,&quot;from_to_HRF&quot;:&quot;Do, 23. September \\u2013 So, 26. September 2021&quot;,&quot;from_to_HRFSHORT&quot;:&quot;23. Sep \\u2013 26. Sep 2021&quot;},&quot;alert&quot;:&quot;Highlight&quot;,&quot;partof&quot;:[],&quot;marketing_topic&quot;:&quot;&quot;}' inline-template>\n\t<a href=\"https:\/\/www.humboldtforum.org\/de\/programm\/event\/eroeffnung\/begegnungen-in-vielheit-29716\/\" class=\"teaser teaser-event-multi teaser-event-standard\">\n\t\t<div class=\"row\">\n\t\t\t<div class=\"col-xs-12 col-sm-6 col-md-5 col-sm-offset-1 col-md-offset-2 first-sm teaser-event-text Infos\">\n\t\t\t\t<div class=\"teaser-event-standard-text\">\n\t\t\t\t\t<div class=\"margin-bottom-atom\">\n\t\t\t\t\t\t<div class=\"subline clamp-1\" v-html=\"maingenre\"><\/div>\n\t\t\t\t\t\t\t\t\t\t\t<\/div>\n\t\t\t\t\n\t\t\t\t\t<strong class=\"margin-bottom-atom h5\">Begegnungen in Vielheit<\/strong>\n\n\t\t\t\t\t\t\t\t\t\t\t<div class=\"\">Er\u00f6ffnungstage des Ethnologischen Museums und des Museums f\u00fcr Asiatische Kunst im Westfl\u00fcgel\t<\/div>\n\t\t\t\t\t\t\t\t\t<\/div>\n\t\t\t\t<div class=\"teaser-bottom border-bottom\">\n\t\t\t\t<calendardateline :rawitem='item' :show-icon=\"true\"><\/calendardateline>\n\t\t\t\t\t<hr>\n\t\t\t\t<\/div>\n\t\t\t<\/div>\n\t\t\t<div class=\"col-xs-12 col-sm-4 col-md-3 teaser-event-image bottom-xs first-xs\">\n\t\t\t\t<div class=\"teaser-image teaser-image-no-alternate\">\n\t\t\t\t\t\t\t\t\t\t\t\t\t<span class=\"alert\">Highlight<\/span>\n\t\t\t\t\t\t\t\t\t\t\t\n\t<lazy-media-inline inline-template>\n\t\t<figure itemscope itemtype=\"http:\/\/schema.org\/ImageObject\" class=\"lazy-media-inline \" role=\"group\" id=\"media_69f2fde3f04ac\" aria-labelledby=\"desc_media_69f2fde3f04ac\">\n\t\t\t<script type=\"application\/json\" ref=\"data\">\n\t\t\t\t{\n\t\t\t\t\"sizes\" : {\"medium\":{\"file\":\"SHF_eb00116675-176x300.jpg\",\"width\":176,\"height\":300,\"mime-type\":\"image\\\/jpeg\"},\"large\":{\"file\":\"SHF_eb00116675-600x1024.jpg\",\"width\":600,\"height\":1024,\"mime-type\":\"image\\\/jpeg\"},\"thumbnail\":{\"file\":\"SHF_eb00116675-150x150.jpg\",\"width\":150,\"height\":150,\"mime-type\":\"image\\\/jpeg\"},\"medium_large\":{\"file\":\"SHF_eb00116675-768x1312.jpg\",\"width\":768,\"height\":1312,\"mime-type\":\"image\\\/jpeg\"},\"small\":{\"file\":\"SHF_eb00116675-258x440.jpg\",\"width\":258,\"height\":440,\"mime-type\":\"image\\\/jpeg\"},\"semi\":{\"file\":\"SHF_eb00116675-340x580.jpg\",\"width\":340,\"height\":580,\"mime-type\":\"image\\\/jpeg\"},\"mobile\":{\"file\":\"SHF_eb00116675-422x720.jpg\",\"width\":422,\"height\":720,\"mime-type\":\"image\\\/jpeg\"},\"hd\":{\"file\":\"SHF_eb00116675-749x1280.jpg\",\"width\":749,\"height\":1280,\"mime-type\":\"image\\\/jpeg\"},\"full\":{\"file\":\"SHF_eb00116675-1124x1920.jpg\",\"width\":1124,\"height\":1920,\"mime-type\":\"image\\\/jpeg\"},\"1536x1536\":{\"file\":\"SHF_eb00116675-899x1536.jpg\",\"width\":899,\"height\":1536,\"mime-type\":\"image\\\/jpeg\"},\"original\":{\"file\":\"SHF_eb00116675.jpg\",\"width\":1199,\"height\":2048}},\n\t\t\t\t\"alt\" : \"Buntes geometrisches Design mit gelbem quadratischen Rahmen auf farbigem Hintergrund.\",\n\t\t\t\t\"path\" : \"\\\/wp-content\\\/uploads\\\/2021\\\/09\\\/\",\n\t\t\t\t\"video\" : null,\n\t\t\t\t\"autoplay\" : null,\n\t\t\t\t\"youtube\" : null,\n\t\t\t\t\"youtubelabel\" : \"Video abspielen\",\n\t\t\t\t\"brightness\" : 100,\n\t\t\t\t\"crop\" : {\"top\":\"40.43\",\"left\":\"48.80\"},\n\t\t\t\t\"background\" : true,\n\t\t\t\t\"scale\" : 2\t\t\t\t}\n\t\t\t<\/script>\n\n\t\t\t<div class=\"height-container\" style=\"padding-bottom:170.80900750626%;\" v-if=\"sizes\">\n\t\t\t\t\t\t\t\t<lazy-media :inline=\"true\" :alt=\"alt\" :sizes=\"sizes\" :scale=\"scale\" :brightness=\"brightness\" :path=\"path\" :video=\"video\" :autoplay=\"autoplay\" :youtube=\"youtube\" :crop=\"crop\" :youtubelabel=\"youtubelabel\" :background=\"background\" media-id=\"desc_media_69f2fde3f04ac\"><\/lazy-media>\n\t\t\t\t\t\t\t<\/div>\n\n\t\t\t\t\t\t\t<figcaption class=\"sr-only\" ref=\"body\" id=\"desc_media_69f2fde3f04ac\">\n\t\t\t\t\t\t\t\t\t\t\t\t\t\t\t\t\t\t\t<\/figcaption>\n\t\t\t\t\t<\/figure>\n\t<\/lazy-media-inline>\n\t\t\t\t<\/div>\n\t\t\t<\/div>\n\t\t<\/div>\n\t<\/a>\n\t<\/calendarteaser>\n<\/li>\n\n\t\t\t\t<\/ul>\n\t\t\t<\/div>\n\t\t\t\t<\/lazy-component>\n<\/section>\n\n","protected":false},"template":"","genre":[390],"digital":[742],"topic":[],"stakeholder":[530,382],"editorial":[],"editorialfilter":[],"targetgroup":[383],"language":[384,671,385],"accessability":[],"age":[],"school":[],"groupsize":[],"place":[498],"class_list":["post-31422","event","type-event","status-publish","has-post-thumbnail","hentry","genre-eroeffnung","digital-livestream","stakeholder-staatliche-museen-zu-berlin","stakeholder-stiftung-humboldt-forum-im-berliner-schloss","targetgroup-erwachsene","language-deutsch","language-deutsche-gebaerdensprache","language-englisch","place-online-veranstaltung"],"acf":[],"_links":{"self":[{"href":"https:\/\/www.humboldtforum.org\/de\/wp-json\/wp\/v2\/event\/31422","targetHints":{"allow":["GET"]}}],"collection":[{"href":"https:\/\/www.humboldtforum.org\/de\/wp-json\/wp\/v2\/event"}],"about":[{"href":"https:\/\/www.humboldtforum.org\/de\/wp-json\/wp\/v2\/types\/event"}],"version-history":[{"count":0,"href":"https:\/\/www.humboldtforum.org\/de\/wp-json\/wp\/v2\/event\/31422\/revisions"}],"wp:featuredmedia":[{"embeddable":true,"href":"https:\/\/www.humboldtforum.org\/de\/wp-json\/wp\/v2\/media\/31059"}],"wp:attachment":[{"href":"https:\/\/www.humboldtforum.org\/de\/wp-json\/wp\/v2\/media?parent=31422"}],"wp:term":[{"taxonomy":"genre","embeddable":true,"href":"https:\/\/www.humboldtforum.org\/de\/wp-json\/wp\/v2\/genre?post=31422"},{"taxonomy":"digital","embeddable":true,"href":"https:\/\/www.humboldtforum.org\/de\/wp-json\/wp\/v2\/digital?post=31422"},{"taxonomy":"topic","embeddable":true,"href":"https:\/\/www.humboldtforum.org\/de\/wp-json\/wp\/v2\/topic?post=31422"},{"taxonomy":"stakeholder","embeddable":true,"href":"https:\/\/www.humboldtforum.org\/de\/wp-json\/wp\/v2\/stakeholder?post=31422"},{"taxonomy":"editorial","embeddable":true,"href":"https:\/\/www.humboldtforum.org\/de\/wp-json\/wp\/v2\/editorial?post=31422"},{"taxonomy":"editorialfilter","embeddable":true,"href":"https:\/\/www.humboldtforum.org\/de\/wp-json\/wp\/v2\/editorialfilter?post=31422"},{"taxonomy":"targetgroup","embeddable":true,"href":"https:\/\/www.humboldtforum.org\/de\/wp-json\/wp\/v2\/targetgroup?post=31422"},{"taxonomy":"language","embeddable":true,"href":"https:\/\/www.humboldtforum.org\/de\/wp-json\/wp\/v2\/language?post=31422"},{"taxonomy":"accessability","embeddable":true,"href":"https:\/\/www.humboldtforum.org\/de\/wp-json\/wp\/v2\/accessability?post=31422"},{"taxonomy":"age","embeddable":true,"href":"https:\/\/www.humboldtforum.org\/de\/wp-json\/wp\/v2\/age?post=31422"},{"taxonomy":"school","embeddable":true,"href":"https:\/\/www.humboldtforum.org\/de\/wp-json\/wp\/v2\/school?post=31422"},{"taxonomy":"groupsize","embeddable":true,"href":"https:\/\/www.humboldtforum.org\/de\/wp-json\/wp\/v2\/groupsize?post=31422"},{"taxonomy":"place","embeddable":true,"href":"https:\/\/www.humboldtforum.org\/de\/wp-json\/wp\/v2\/place?post=31422"}],"curies":[{"name":"wp","href":"https:\/\/api.w.org\/{rel}","templated":true}]}}