{"id":31750,"date":"2021-09-16T23:20:07","date_gmt":"2021-09-16T21:20:07","guid":{"rendered":"https:\/\/www.humboldtforum.org\/?post_type=event&#038;p=31750"},"modified":"2021-11-22T09:47:13","modified_gmt":"2021-11-22T08:47:13","slug":"chang","status":"publish","type":"event","link":"https:\/\/www.humboldtforum.org\/de\/programm\/termin\/film-video\/chang-31750\/","title":{"rendered":"Chang"},"content":{"rendered":"<section class=\"block block-copy\" >\n    <div class=\"container-fluid\">\n\t\t<div class=\"row \">\n            <div class=\"col-xs-12 col-md-offset-2 col-md-8\">\n                <div class=\"box\">\n                    <div class=\"copy\"><p><em>Eye-to-Eye-Einf\u00fchrung von Salim Albert, Sch\u00fcler, Berlin<\/em><\/p>\n<p>Im Dschungel von Nordthailand lebt eine Familie von Reisbauern, v\u00f6llig abgeschieden, die Kinder spielen mit den \u00c4ffchen und K\u00e4lbchen. Eines Tages rei\u00dft ein Leopard eine Ziege und auch eine wilde Elefantenherde bedroht den friedlichen Alltag. Der semi-dokumentarische Abenteuerfilm der Regisseure, die sp\u00e4ter <em>King Kong<\/em> drehten, erz\u00e4hlt mit spannenden und lustigen Episoden, wie sich die Familie den jungen Elefanten Chang zulegt, als Schutz-und Nutztier, aber auch als neues Mitglied ihrer Lebensgemeinschaft. Nach \u00e4u\u00dferst turbulenten Tagen wird das Nebeneinander von Menschen und wilden Tieren wiederhergestellt, zu einer Zeit, die von heute aus wie eine auf Celluloid gebannte magische Vergangenheit wirkt.<\/p>\n<\/div>\n                <\/div>\n            <\/div>\n\t\t<\/div>\n\t\t    <\/div>\n<\/section>\n\n<section class=\"block block-media\">\n\t\t<div class=\"container-fluid\">\n\t\t<div class=\"row\">\n\t\t\t<div class=\"col-xs-12 col-md-12\">\n\t\t\t\t<h5>Trailer<\/h5>\n\t\t\t<\/div>\n\t\t<\/div>\n\t<\/div>\n\t\t<div class=\"container-fluid\">\n\t\t<div class=\"row\">\n\t\t\t<div class=\"col-xs-12 col-md-12\">\n\t\t\t\n\t<lazy-media-inline inline-template>\n\t\t<figure itemscope itemtype=\"http:\/\/schema.org\/ImageObject\" class=\"lazy-media-inline \" role=\"group\" id=\"media_69f2f0ff5bd58\" aria-labelledby=\"desc_media_69f2f0ff5bd58\">\n\t\t\t<script type=\"application\/json\" ref=\"data\">\n\t\t\t\t{\n\t\t\t\t\"sizes\" : {\"medium\":{\"file\":\"SHF_eb00118515-300x205.jpg\",\"width\":300,\"height\":205,\"mime-type\":\"image\\\/jpeg\"},\"large\":{\"file\":\"SHF_eb00118515-1024x699.jpg\",\"width\":1024,\"height\":699,\"mime-type\":\"image\\\/jpeg\"},\"thumbnail\":{\"file\":\"SHF_eb00118515-150x150.jpg\",\"width\":150,\"height\":150,\"mime-type\":\"image\\\/jpeg\"},\"medium_large\":{\"file\":\"SHF_eb00118515-768x524.jpg\",\"width\":768,\"height\":524,\"mime-type\":\"image\\\/jpeg\"},\"small\":{\"file\":\"SHF_eb00118515-440x300.jpg\",\"width\":440,\"height\":300,\"mime-type\":\"image\\\/jpeg\"},\"semi\":{\"file\":\"SHF_eb00118515-580x396.jpg\",\"width\":580,\"height\":396,\"mime-type\":\"image\\\/jpeg\"},\"mobile\":{\"file\":\"SHF_eb00118515-720x491.jpg\",\"width\":720,\"height\":491,\"mime-type\":\"image\\\/jpeg\"},\"hd\":{\"file\":\"SHF_eb00118515-1280x873.jpg\",\"width\":1280,\"height\":873,\"mime-type\":\"image\\\/jpeg\"},\"full\":{\"file\":\"SHF_eb00118515-1920x1310.jpg\",\"width\":1920,\"height\":1310,\"mime-type\":\"image\\\/jpeg\"},\"1536x1536\":{\"file\":\"SHF_eb00118515-1536x1048.jpg\",\"width\":1536,\"height\":1048,\"mime-type\":\"image\\\/jpeg\"},\"original\":{\"file\":\"SHF_eb00118515.jpg\",\"width\":2048,\"height\":1397}},\n\t\t\t\t\"alt\" : \"Ein Mann spielt mit einem kleinen Elefanten unter einer Holzstruktur in einer nat\\u00fcrlichen Umgebung.\",\n\t\t\t\t\"path\" : \"\\\/wp-content\\\/uploads\\\/2021\\\/09\\\/\",\n\t\t\t\t\"video\" : null,\n\t\t\t\t\"autoplay\" : null,\n\t\t\t\t\"youtube\" : \"https:\\\/\\\/www.youtube.com\\\/watch?v=2XQBMI0fMko\",\n\t\t\t\t\"youtubelabel\" : \"Video abspielen\",\n\t\t\t\t\"brightness\" : \"70\",\n\t\t\t\t\"crop\" : {\"top\":\"65.90\",\"left\":\"44.86\"},\n\t\t\t\t\"background\" : true,\n\t\t\t\t\"scale\" : 2\t\t\t\t}\n\t\t\t<\/script>\n\n\t\t\t<div class=\"height-container\" style=\"padding-bottom:68.212890625%;\" v-if=\"sizes\">\n\t\t\t\t\t\t\t\t<lazy-media :inline=\"true\" :alt=\"alt\" :sizes=\"sizes\" :scale=\"scale\" :brightness=\"brightness\" :path=\"path\" :video=\"video\" :autoplay=\"autoplay\" :youtube=\"youtube\" :crop=\"crop\" :youtubelabel=\"youtubelabel\" :background=\"background\" media-id=\"desc_media_69f2f0ff5bd58\"><\/lazy-media>\n\t\t\t\t\t\t\t<\/div>\n\n\t\t\t\t\t\t\t<figcaption class=\"\" id=\"desc_media_69f2f0ff5bd58\">\n\t\t\t\t\t<div class=\"lazy-media-info-body-content\">\n\t\t\t\t\t\t\t\t\t\t\t\t\t<div>Hauptdarsteller Kruh mit dem Elefantenkalb (Chang) am Set zu den Dreharbeiten von Chang: A Drama of the Wilderness, USA 1927, Setfoto\r\n<\/div>\n\t\t\t\t\t\t\t\t\t\t\t\t\t\t\t\t\t\t\t\t\t\t\t\t\t<div class=\"insignificant\">\u00a9 Milestone Film &#038; Video<\/div>\n\t\t\t\t\t\t\t\t\t\t\t<\/div>\n\t\t\t\t<\/figcaption>\n\t\t\t\t\t\t\t\t\t<\/figure>\n\t<\/lazy-media-inline>\n\t\t\t<\/div>\n\t\t<\/div>\n\t<\/div>\n<\/section>\n\n<section class=\"block block-teaser col-1 has-bg\" style=\"--teaser-bg:#f2f2f2\">\n\t<lazy-component :fixed-min-height=\"400\">\n\t\n\t\t\t\t\t<div class=\"container-fluid\">\n\t\t\t\t<div class=\"row bottom-xs\">\n\t\t\t\t\t<div class=\"col-xs-12 col-sm-10 col-md-8 col-sm-offset-1 col-md-offset-2\">\n\t\t\t\t\t\t<h4>Zur Filmreihe<\/h4>\t\t\t\t\t\t\t\t\t\t\t\t\t\t\t\t\t\t\t<\/div>\n\t\t\t\t\t<div class=\"col-xs-12 col-sm-10 col-md-8 col-sm-offset-1 col-md-offset-2 start-xs end-md margin-bottom-sixth\">\n\t\t\t\t\t\t\t\t\t\t\t<\/div>\n\t\t\t\t<\/div>\n\t\t\t\t<ul class=\"row\">\n\t\t\t\n<li class=\"col-xs-12 teaser-wrapper col-padding-remove\">\n\t<calendarteaser key=\"244353729\" rawitem='{&quot;postId&quot;:24435,&quot;title&quot;:&quot;Filmreihe schrecklich sch\\u00f6n&quot;,&quot;excerpt&quot;:&quot;&quot;,&quot;slug&quot;:&quot;filmreihe-schrecklich-schoen&quot;,&quot;type&quot;:&quot;event-sequence&quot;,&quot;post_date&quot;:&quot;2021-06-17T11:17&quot;,&quot;permalink&quot;:&quot;https:\\\/\\\/www.humboldtforum.org\\\/de\\\/programm\\\/event-reihe\\\/film-video\\\/filmreihe-schrecklich-schoen-24435\\\/&quot;,&quot;genre&quot;:[729],&quot;genre_details&quot;:[{&quot;text&quot;:&quot;Film\\\/Video&quot;,&quot;id&quot;:729,&quot;icon&quot;:null,&quot;parent&quot;:0}],&quot;stakeholder&quot;:[382],&quot;stakeholder_details&quot;:[{&quot;text&quot;:&quot;Stiftung Humboldt Forum im Berliner Schloss&quot;,&quot;id&quot;:382,&quot;icon&quot;:null,&quot;parent&quot;:0}],&quot;place&quot;:[883],&quot;place_details&quot;:{&quot;place&quot;:&quot;Humboldt Forum&quot;,&quot;map&quot;:&quot;Humboldt Forum, Schlossplatz, Berlin&quot;,&quot;room&quot;:&quot;Saal 2, EG&quot;},&quot;icon_overwrite&quot;:&quot;&quot;,&quot;acf&quot;:{&quot;noindex&quot;:false,&quot;keywords&quot;:&quot;&quot;,&quot;belongsto&quot;:[21232],&quot;shorturl&quot;:&quot;film-schrecklich-schoen&quot;,&quot;subline&quot;:&quot;&quot;,&quot;subline_feature&quot;:&quot;Der Elefant in ganz unterschiedlichen Rollen&quot;,&quot;marketing_text&quot;:&quot;mittwochs 19 Uhr, sonntags 16 Uhr&quot;,&quot;shorttext&quot;:&quot;Die Filmreihe schrecklich sch\\u00f6n zeigt den Elefanten in ganz unterschiedlichen Rollen und mit einer Bandbreite an realen und imaginierten Eigenschaften.&quot;,&quot;longtext&quot;:&quot;&quot;,&quot;highlight_header&quot;:false,&quot;featured_images&quot;:[21516],&quot;video&quot;:false,&quot;hyphenation&quot;:true,&quot;tipp&quot;:false,&quot;alert_text&quot;:&quot;&quot;,&quot;joker&quot;:false,&quot;live&quot;:false,&quot;overwrite_date&quot;:&quot;Okt. 2021 \\u2013 Jan. 2022&quot;,&quot;additional_info&quot;:{&quot;icon&quot;:&quot;icon-preis&quot;,&quot;text&quot;:&quot;Die Tickets zu den einzelnen Vorstellungen kosten 5 EUR, erm\\u00e4\\u00dfigt 2,50 EUR.&quot;},&quot;use_video_in_teasers&quot;:false,&quot;manual_period&quot;:false,&quot;hide_event_in_program&quot;:false,&quot;infotext&quot;:&quot;mittwochs 19 Uhr, sonntags 16 Uhr&quot;,&quot;tickettext&quot;:&quot;Bitte buchen Sie Ihr Ticket vorab online oder an der Kasse im Foyer.&quot;},&quot;date&quot;:{&quot;NLAST&quot;:null},&quot;alert&quot;:null,&quot;partof&quot;:[],&quot;marketing_topic&quot;:&quot;&quot;}' inline-template>\n\t<a href=\"https:\/\/www.humboldtforum.org\/de\/programm\/event-reihe\/film-video\/filmreihe-schrecklich-schoen-24435\/\" class=\"teaser teaser-event-sequence teaser-event-standard\">\n\t\t<div class=\"row\">\n\t\t\t<div class=\"col-xs-12 col-sm-6 col-md-5 col-sm-offset-1 col-md-offset-2 first-sm teaser-event-text Infos\">\n\t\t\t\t<div class=\"teaser-event-standard-text\">\n\t\t\t\t\t<div class=\"margin-bottom-atom\">\n\t\t\t\t\t\t<div class=\"subline clamp-1\" v-html=\"maingenre\"><\/div>\n\t\t\t\t\t\t\t\t\t\t\t<\/div>\n\t\t\t\t\n\t\t\t\t\t<strong class=\"margin-bottom-atom h5\">Filmreihe schrecklich sch\u00f6n<\/strong>\n\n\t\t\t\t\t\t\t\t\t\t\t<div class=\"\">mittwochs 19 Uhr, sonntags 16 Uhr<\/div>\n\t\t\t\t\t\t\t\t\t<\/div>\n\t\t\t\t<div class=\"teaser-bottom border-bottom\">\n\t\t\t\t<calendardateline :rawitem='item' :show-icon=\"true\"><\/calendardateline>\n\t\t\t\t\t<hr>\n\t\t\t\t<\/div>\n\t\t\t<\/div>\n\t\t\t<div class=\"col-xs-12 col-sm-4 col-md-3 teaser-event-image bottom-xs first-xs\">\n\t\t\t\t<div class=\"teaser-image teaser-image-no-alternate\">\n\t\t\t\t\t\t\t\t\t\t\t\n\t<lazy-media-inline inline-template>\n\t\t<figure itemscope itemtype=\"http:\/\/schema.org\/ImageObject\" class=\"lazy-media-inline \" role=\"group\" id=\"media_69f2f0ff66d94\" aria-labelledby=\"desc_media_69f2f0ff66d94\">\n\t\t\t<script type=\"application\/json\" ref=\"data\">\n\t\t\t\t{\n\t\t\t\t\"sizes\" : {\"medium\":{\"file\":\"SHF_eb00109275-300x199.jpg\",\"width\":300,\"height\":199,\"mime-type\":\"image\\\/jpeg\"},\"large\":{\"file\":\"SHF_eb00109275-1024x680.jpg\",\"width\":1024,\"height\":680,\"mime-type\":\"image\\\/jpeg\"},\"thumbnail\":{\"file\":\"SHF_eb00109275-150x150.jpg\",\"width\":150,\"height\":150,\"mime-type\":\"image\\\/jpeg\"},\"medium_large\":{\"file\":\"SHF_eb00109275-768x510.jpg\",\"width\":768,\"height\":510,\"mime-type\":\"image\\\/jpeg\"},\"small\":{\"file\":\"SHF_eb00109275-440x292.jpg\",\"width\":440,\"height\":292,\"mime-type\":\"image\\\/jpeg\"},\"semi\":{\"file\":\"SHF_eb00109275-580x385.jpg\",\"width\":580,\"height\":385,\"mime-type\":\"image\\\/jpeg\"},\"mobile\":{\"file\":\"SHF_eb00109275-720x478.jpg\",\"width\":720,\"height\":478,\"mime-type\":\"image\\\/jpeg\"},\"hd\":{\"file\":\"SHF_eb00109275-1280x850.jpg\",\"width\":1280,\"height\":850,\"mime-type\":\"image\\\/jpeg\"},\"full\":{\"file\":\"SHF_eb00109275-1920x1275.jpg\",\"width\":1920,\"height\":1275,\"mime-type\":\"image\\\/jpeg\"},\"1536x1536\":{\"file\":\"SHF_eb00109275-1536x1020.jpg\",\"width\":1536,\"height\":1020,\"mime-type\":\"image\\\/jpeg\"},\"original\":{\"file\":\"SHF_eb00109275.jpg\",\"width\":2048,\"height\":1360}},\n\t\t\t\t\"alt\" : \"Ein Ranger beobachtet Elefanten in der Savanne, nahe einem Gel\\u00e4ndewagen vor dem majest\\u00e4tischen Berg.\",\n\t\t\t\t\"path\" : \"\\\/wp-content\\\/uploads\\\/2021\\\/04\\\/\",\n\t\t\t\t\"video\" : null,\n\t\t\t\t\"autoplay\" : null,\n\t\t\t\t\"youtube\" : null,\n\t\t\t\t\"youtubelabel\" : \"Video abspielen\",\n\t\t\t\t\"brightness\" : 100,\n\t\t\t\t\"crop\" : {\"top\":\"71.96\",\"left\":\"49.67\"},\n\t\t\t\t\"background\" : true,\n\t\t\t\t\"scale\" : 2\t\t\t\t}\n\t\t\t<\/script>\n\n\t\t\t<div class=\"height-container\" style=\"padding-bottom:66.40625%;\" v-if=\"sizes\">\n\t\t\t\t\t\t\t\t<lazy-media :inline=\"true\" :alt=\"alt\" :sizes=\"sizes\" :scale=\"scale\" :brightness=\"brightness\" :path=\"path\" :video=\"video\" :autoplay=\"autoplay\" :youtube=\"youtube\" :crop=\"crop\" :youtubelabel=\"youtubelabel\" :background=\"background\" media-id=\"desc_media_69f2f0ff66d94\"><\/lazy-media>\n\t\t\t\t\t\t\t<\/div>\n\n\t\t\t\t\t\t\t<figcaption class=\"sr-only\" ref=\"body\" id=\"desc_media_69f2f0ff66d94\">\n\t\t\t\t\t\t\t\t\t\t\t<div>Ein Wildlife-Kameramann filmt Afrikanische Elefanten im Ambroseli Nationalpark, Kenia.<\/div>\n\t\t\t\t\t\t\t\t\t\t\t\t\t\t\t\t\t\t\t\t\t<div class=\"insignificant\">\u00a9 MICHAEL CUTHBERT \/ Alamy Stock Photo\r\n<\/div>\n\t\t\t\t\t\t\t\t\t<\/figcaption>\n\t\t\t\t\t<\/figure>\n\t<\/lazy-media-inline>\n\t\t\t\t<\/div>\n\t\t\t<\/div>\n\t\t<\/div>\n\t<\/a>\n\t<\/calendarteaser>\n<\/li>\n\n\t\t\t\t<\/ul>\n\t\t\t<\/div>\n\t\t\t\t<\/lazy-component>\n<\/section>\n\n\n\n<section class=\"block block-teaser col-lane33 \" style=\"\">\n\t\t\t\t\t\t<teaser-lane-with-buttons inline-template tracking-label=\"Organisatorische Infos\">\n\t\t\t\t<div>\n\t\t\t\t\t<div class=\"container-fluid\">\n\t\t\t\t\t\t<div class=\"row middle-xs\">\n\t\t\t\t\t\t\t<div class=\"col-xs-10 col-sm-8\">\n\t\t\t\t\t\t\t\t<h3 class=\"h4 topline\">Organisatorische Infos<\/h3>\t\t\t\t\t\t\t<\/div>\n\t\t\t\t\t\t\t<div class=\"col-xs-2 col-sm-4 end-xs margin-bottom-sixth\">\n\t\t\t\t\t\t\t\t<teaser-lane-buttons :visible_prev=\"visible_prev\" :visible_next=\"visible_next\" @prev=\"prev\" @next=\"next\"><\/teaser-lane-buttons>\n\t\t\t\t\t\t\t<\/div>\n\t\t\t\t\t\t<\/div>\n\t\t\t\t\t<\/div>\n\t\t\t\t\t<div class=\"teaser-lane-wrapper\">\n\t\t\t\t\t\t<ul class=\"teaser-lane\">\n\t\t\t\t\t\t\t\t\t\t\t\t<\/ul>\n\t\t\t\t\t<\/div>\n\t\t\t\t<\/div>\n\t\t\t<\/teaser-lane-with-buttons>\n\t\t\t<\/section>","protected":false},"template":"","genre":[729],"digital":[],"topic":[],"stakeholder":[382],"editorial":[],"editorialfilter":[],"targetgroup":[383,455],"language":[385],"accessability":[780],"age":[],"school":[],"groupsize":[],"place":[883],"class_list":["post-31750","event","type-event","status-publish","has-post-thumbnail","hentry","genre-film-video","stakeholder-stiftung-humboldt-forum-im-berliner-schloss","targetgroup-erwachsene","targetgroup-jugendliche","language-englisch","accessability-untertitel","place-saal-2-eg"],"acf":[],"_links":{"self":[{"href":"https:\/\/www.humboldtforum.org\/de\/wp-json\/wp\/v2\/event\/31750","targetHints":{"allow":["GET"]}}],"collection":[{"href":"https:\/\/www.humboldtforum.org\/de\/wp-json\/wp\/v2\/event"}],"about":[{"href":"https:\/\/www.humboldtforum.org\/de\/wp-json\/wp\/v2\/types\/event"}],"version-history":[{"count":0,"href":"https:\/\/www.humboldtforum.org\/de\/wp-json\/wp\/v2\/event\/31750\/revisions"}],"wp:featuredmedia":[{"embeddable":true,"href":"https:\/\/www.humboldtforum.org\/de\/wp-json\/wp\/v2\/media\/31209"}],"wp:attachment":[{"href":"https:\/\/www.humboldtforum.org\/de\/wp-json\/wp\/v2\/media?parent=31750"}],"wp:term":[{"taxonomy":"genre","embeddable":true,"href":"https:\/\/www.humboldtforum.org\/de\/wp-json\/wp\/v2\/genre?post=31750"},{"taxonomy":"digital","embeddable":true,"href":"https:\/\/www.humboldtforum.org\/de\/wp-json\/wp\/v2\/digital?post=31750"},{"taxonomy":"topic","embeddable":true,"href":"https:\/\/www.humboldtforum.org\/de\/wp-json\/wp\/v2\/topic?post=31750"},{"taxonomy":"stakeholder","embeddable":true,"href":"https:\/\/www.humboldtforum.org\/de\/wp-json\/wp\/v2\/stakeholder?post=31750"},{"taxonomy":"editorial","embeddable":true,"href":"https:\/\/www.humboldtforum.org\/de\/wp-json\/wp\/v2\/editorial?post=31750"},{"taxonomy":"editorialfilter","embeddable":true,"href":"https:\/\/www.humboldtforum.org\/de\/wp-json\/wp\/v2\/editorialfilter?post=31750"},{"taxonomy":"targetgroup","embeddable":true,"href":"https:\/\/www.humboldtforum.org\/de\/wp-json\/wp\/v2\/targetgroup?post=31750"},{"taxonomy":"language","embeddable":true,"href":"https:\/\/www.humboldtforum.org\/de\/wp-json\/wp\/v2\/language?post=31750"},{"taxonomy":"accessability","embeddable":true,"href":"https:\/\/www.humboldtforum.org\/de\/wp-json\/wp\/v2\/accessability?post=31750"},{"taxonomy":"age","embeddable":true,"href":"https:\/\/www.humboldtforum.org\/de\/wp-json\/wp\/v2\/age?post=31750"},{"taxonomy":"school","embeddable":true,"href":"https:\/\/www.humboldtforum.org\/de\/wp-json\/wp\/v2\/school?post=31750"},{"taxonomy":"groupsize","embeddable":true,"href":"https:\/\/www.humboldtforum.org\/de\/wp-json\/wp\/v2\/groupsize?post=31750"},{"taxonomy":"place","embeddable":true,"href":"https:\/\/www.humboldtforum.org\/de\/wp-json\/wp\/v2\/place?post=31750"}],"curies":[{"name":"wp","href":"https:\/\/api.w.org\/{rel}","templated":true}]}}