{"id":33503,"date":"2021-10-05T14:12:54","date_gmt":"2021-10-05T12:12:54","guid":{"rendered":"https:\/\/www.humboldtforum.org\/?post_type=event&#038;p=33503"},"modified":"2022-08-18T09:27:28","modified_gmt":"2022-08-18T07:27:28","slug":"recht-und-gerechtigkeit","status":"publish","type":"event","link":"https:\/\/www.humboldtforum.org\/de\/programm\/termin\/diskurs\/recht-und-gerechtigkeit-33503\/","title":{"rendered":"Recht und Gerechtigkeit"},"content":{"rendered":"\n\n<section class=\"block block-copy\" >\n    <div class=\"container-fluid\">\n\t\t<div class=\"row \">\n            <div class=\"col-xs-12 col-md-offset-2 col-md-8\">\n                <div class=\"box\">\n                    <div class=\"copy\"><p><span class=\"anleser\" style=\"font-weight: bolder;\">Im vierten Dialog von 99 Fragen wird das Thema Restitution aus juristischer Perspektive und im Kontext transnationaler Gerechtigkeit betrachtet.<\/span><\/p>\n<p>Dabei soll den Fragen nachgegangen werden, wie diverse Akteur*innen \u00a0in Restitutionsprozesse eingebunden werden und wie die Verhandlungen zwischen den unterschiedlichen Regierungen, Museen sowie den Communities stattfinden. Dabei wird speziell darauf geschaut werden, welche juristischen Instrumente f\u00fcr Restitutionen nutzbar sind. Wer kann definieren, wann etwas gegen Recht verst\u00f6\u00dft und welcher rechtliche Rahmen wird ber\u00fccksichtigt? Welche internationalen Rechtsinstrumente gibt es f\u00fcr Restitutionsprozesse? Wie k\u00f6nnen gerechtere Aushandlungen von Restitutionen, die R\u00fcckforderung von kulturellem Erbe und die Aufarbeitung von kolonialem Unrecht, erm\u00f6glicht werden? Und nicht zuletzt: K\u00f6nnen Rechtsinstrumente \u00fcberhaupt zu einer gerechteren Verhandlung beitragen \u2013 oder reproduzieren sie lediglich ein neokoloniales Verst\u00e4ndnis von Gerechtigkeit?<\/p>\n<p><strong>Moderation<\/strong><br \/>\nEliza Apperly<\/p>\n<\/div>\n                <\/div>\n            <\/div>\n\t\t<\/div>\n\t\t    <\/div>\n<\/section>\n\n<section class=\"block block-headline block-no-margin \" >\n\t<div class=\"container-fluid\">\n\t\t<div class=\"row\">\n\t\t\t\t\t\t\t<div class=\"col-xs-12 col-md-offset-2 col-md-8\">\n\t\t\t\t\t<div class=\"box\">\n\t\t\t\t\t\t<h2 class=\".h4\">Podium<\/h2>\n\t\t\t\t\t<\/div>\n\t\t\t\t<\/div>\n\t\t\t\t\t<\/div>\n\t<\/div>\n<\/section>\n\n\n\n\n\n<section class=\"block block-accordion\">\n\t<div class=\"container-fluid\">\n\t\t<div class=\"row\">\n\t\t\t<div class=\"col-xs-12 col-md-offset-2 col-md-8\">\n\t\t\t\t<div class=\"box\">\n\t\t\t\t\t\t\t\t\t\t\t<block-accordion inline-template>\n\t\t\t\t\t\t\t<div class=\"accordion\">\n\t\t\t\t\t\t\t\t\t\t\t\t\t\t\t<block-accordion-item inline-template item-headline=\"Evelien Campfens\">\n\t\t\t\t\t\t\t\t<div ref=\"item\" data-id=\"EvelienCampfens\" class=\"block-accordion-item vue-initialize\" aria-expanded=\"false\" :aria-expanded=\"active ? 'true' : 'false'\">\n\t\t\t\t\t\t\t\t\t<button class=\"accordion-button-with-icon block-accordion-item-head\" :class=\"{'button-active': active}\" ref=\"head\" aria-controls=\"acc_69f5ddc242d97\" id=\"acc_title_69f5ddc242d9a\" @click=\"toggle\" @keydown=\"key\">\n\t\t\t\t\t\t\t\t\t<div><span class=\"button-label\">Evelien Campfens<\/span><\/div><span class=\"button-icon icon-plus\" aria-hidden=\"true\"><\/span>\n\t\t\t\t\t\t\t\t<\/button>\n\t\t\t\t\t\t\t\t\t<div ref=\"body\" class=\"block-accordion-item-content\" id=\"acc_69f5ddc242d97\" role=\"region\">\n\t\t\t\t\t\t\t\t\t\t<div class=\"wrapper copy\">\n\t\t\t\t\t\t\t\t\t\t\t<p>ist Postdoc-Stipendiatin in der Forschungsgruppe Museen, Sammlungen und Gesellschaft der Universit\u00e4t Leiden. Seit 2016 arbeitet sie im Rahmen ihres Promotionsprojekts am Grotius Centre for International Legal Studies der Universit\u00e4t Leiden. Von 2002 bis 2015 war sie Generalsekret\u00e4rin des niederl\u00e4ndischen Restitutionsausschusses f\u00fcr NS-Raubgut. Sie ist Mitglied des Ethikausschusses des niederl\u00e4ndischen Museumsverbands, Koordinatorin der Gruppe Heritage Under Threat des LDE Centre for Global Heritage and Development und Mitglied des Committee on Participation in Global Cultural Heritage Governance der International Law Association. Zwischen 2015 und 2020 war sie Mitglied des Kuratoriums der Deutschen Lost Art Stiftung. Evelien h\u00e4lt regelm\u00e4\u00dfig Vortr\u00e4ge und hat zahlreiche Publikationen zum Thema Restitution und Raubkunst ver\u00f6ffentlicht.<\/p>\n\n\t\t\t\t\t\t\t\t\t\t\t\t\t\t\t\t\t\t\t\t\t\t\t\t\t\t\t\t\t\t\t\t\t\n\t\t\t\t\t\t\t\t\t\t\t<div class=\"row\">\n\t\t\t\t\t\t\t\t\t\t\t\t<div class=\"col-xs-9 col-md-9\">\n\t\t\t\t\t\t\t\t\t\t\t\t\t<div class=\"box\">\n\t\t\t\t\t\t\t\t\t\t\t\t\t\t\t\t\t\t\t\t\t\t\t\t\t\t\t<\/div>\n\t\t\t\t\t\t\t\t\t\t\t\t<\/div>\n\t\t\t\t\t\t\t\t\t\t\t<\/div>\n\n\t\t\t\t\t\t\t\t\t\t\t\t\t\t\t\t\t\t\t\t\t<\/div>\n\t\t\t\t\t\t\t\t\t<\/div>\n\t\t\t\t\t\t\t\t<\/div>\n\t\t\t\t\t\t\t\t<\/block-accordion-item>\n\t\t\t\t\t\t\t\t\t\t\t\t\t\t<block-accordion-item inline-template item-headline=\"Naazima Kamardeen\">\n\t\t\t\t\t\t\t\t<div ref=\"item\" data-id=\"NaazimaKamardeen\" class=\"block-accordion-item vue-initialize\" aria-expanded=\"false\" :aria-expanded=\"active ? 'true' : 'false'\">\n\t\t\t\t\t\t\t\t\t<button class=\"accordion-button-with-icon block-accordion-item-head\" :class=\"{'button-active': active}\" ref=\"head\" aria-controls=\"acc_69f5ddc2431c4\" id=\"acc_title_69f5ddc2431c6\" @click=\"toggle\" @keydown=\"key\">\n\t\t\t\t\t\t\t\t\t<div><span class=\"button-label\">Naazima Kamardeen<\/span><\/div><span class=\"button-icon icon-plus\" aria-hidden=\"true\"><\/span>\n\t\t\t\t\t\t\t\t<\/button>\n\t\t\t\t\t\t\t\t\t<div ref=\"body\" class=\"block-accordion-item-content\" id=\"acc_69f5ddc2431c4\" role=\"region\">\n\t\t\t\t\t\t\t\t\t\t<div class=\"wrapper copy\">\n\t\t\t\t\t\t\t\t\t\t\t<p>ist Professorin f\u00fcr Wirtschaftsrecht an der Universit\u00e4t Colombo, an welcher sie auch ihren Doktor ablegte. Sie hat auf dem Gebiet des Kulturgutrechts geforscht, mit einem urspr\u00fcnglichen Schwerpunkt auf post-kolonialen und Post-Konflikt-Perspektiven, betrachtet aus der Perspektive Sri Lankas. Derzeit erforscht sie die G\u00fcltigkeit des internationalen Rechtsregimes f\u00fcr Kulturg\u00fcter, mit besonderem Augenmerk auf koloniales Kulturgut. Ausgehend von v\u00f6lkerrechtlichen Ans\u00e4tzen der &#8218;Third World Approaches to International Law&#8216; (TWAIL) untersucht sie, aus welchen Gr\u00fcnden bestimmte Rechtsnormen in diesem Bereich kodifiziert und als Recht akzeptiert wurden. Au\u00dferdem untersucht sie, wie diese Rechtsnormen die Rechte der Herkunftsstaaten kolonialer Kulturg\u00fcter in der Debatte \u00fcber die R\u00fcckgabe von Kulturg\u00fctern, die w\u00e4hrend der kolonialen Besetzung entwendet wurden, beeinflusst haben.<\/p>\n\n\t\t\t\t\t\t\t\t\t\t\t\t\t\t\t\t\t\t\t\t\t\t\t\t\t\t\t\t\t\t\t\t\t\n\t\t\t\t\t\t\t\t\t\t\t<div class=\"row\">\n\t\t\t\t\t\t\t\t\t\t\t\t<div class=\"col-xs-9 col-md-9\">\n\t\t\t\t\t\t\t\t\t\t\t\t\t<div class=\"box\">\n\t\t\t\t\t\t\t\t\t\t\t\t\t\t\t\t\t\t\t\t\t\t\t\t\t\t\t<\/div>\n\t\t\t\t\t\t\t\t\t\t\t\t<\/div>\n\t\t\t\t\t\t\t\t\t\t\t<\/div>\n\n\t\t\t\t\t\t\t\t\t\t\t\t\t\t\t\t\t\t\t\t\t<\/div>\n\t\t\t\t\t\t\t\t\t<\/div>\n\t\t\t\t\t\t\t\t<\/div>\n\t\t\t\t\t\t\t\t<\/block-accordion-item>\n\t\t\t\t\t\t\t\t\t\t\t\t\t\t<block-accordion-item inline-template item-headline=\"Winani Thebele \">\n\t\t\t\t\t\t\t\t<div ref=\"item\" data-id=\"WinaniThebele\" class=\"block-accordion-item vue-initialize\" aria-expanded=\"false\" :aria-expanded=\"active ? 'true' : 'false'\">\n\t\t\t\t\t\t\t\t\t<button class=\"accordion-button-with-icon block-accordion-item-head\" :class=\"{'button-active': active}\" ref=\"head\" aria-controls=\"acc_69f5ddc24342f\" id=\"acc_title_69f5ddc243430\" @click=\"toggle\" @keydown=\"key\">\n\t\t\t\t\t\t\t\t\t<div><span class=\"button-label\">Winani Thebele <\/span><\/div><span class=\"button-icon icon-plus\" aria-hidden=\"true\"><\/span>\n\t\t\t\t\t\t\t\t<\/button>\n\t\t\t\t\t\t\t\t\t<div ref=\"body\" class=\"block-accordion-item-content\" id=\"acc_69f5ddc24342f\" role=\"region\">\n\t\t\t\t\t\t\t\t\t\t<div class=\"wrapper copy\">\n\t\t\t\t\t\t\t\t\t\t\t<p>promovierte an der Wits University im Fachbereich Anthropologie\/S\u00fcdafrika mit einer Arbeit zum Thema T<em>he Migrated Museum: Restitution oder geteiltes Erbe? <\/em>Seit 1993 ist sie am Nationalmuseum von Botswana besch\u00e4ftigt, wo sie heute die Position der Chefkuratorin und Leiterin der ethnologischen Abteilung innehat. Dabei k\u00fcmmert sie sich um die Dokumentation, Registrierung, Konservierung und den Erhalt der ethnohistorischen Sammlungen sowie um die damit verbundene Forschung und Ver\u00f6ffentlichung. Ihr berufliches und wissenschaftliches Interesse gilt den migrierten Sammlungen des Landes, wobei sie sich an internationalen Debatten und Projekten zu eben jenen kolonialen Best\u00e4nden sowie an aktuellen F\u00e4llen von illegalem Handel mit Kulturg\u00fctern beteiligt. Au\u00dferdem hat sie Artikel und Kapitel zu Publikationen \u00fcber das Kulturerbe beigetragen und war an einer Reihe von lokalen und internationalen Projekten mit Museen und Universit\u00e4ten zum Thema Kulturerbe beteiligt.<\/p>\n\n\t\t\t\t\t\t\t\t\t\t\t\t\t\t\t\t\t\t\t\t\t\t\t\t\t\t\t\t\t\t\t\t\t\n\t\t\t\t\t\t\t\t\t\t\t<div class=\"row\">\n\t\t\t\t\t\t\t\t\t\t\t\t<div class=\"col-xs-9 col-md-9\">\n\t\t\t\t\t\t\t\t\t\t\t\t\t<div class=\"box\">\n\t\t\t\t\t\t\t\t\t\t\t\t\t\t\t\t\t\t\t\t\t\t\t\t\t\t\t<\/div>\n\t\t\t\t\t\t\t\t\t\t\t\t<\/div>\n\t\t\t\t\t\t\t\t\t\t\t<\/div>\n\n\t\t\t\t\t\t\t\t\t\t\t\t\t\t\t\t\t\t\t\t\t<\/div>\n\t\t\t\t\t\t\t\t\t<\/div>\n\t\t\t\t\t\t\t\t<\/div>\n\t\t\t\t\t\t\t\t<\/block-accordion-item>\n\t\t\t\t\t\t\t\t\t\t\t\t\t<\/div>\n\t\t\t\t\t\t<\/block-accordion>\n\t\t\t\t\t\t\t\t\t<\/div>\n\t\t\t<\/div>\n\t\t<\/div>\n\t<\/div>\n<\/section>\n\n\n<section class=\"block block-teaser col-4 \" style=\"\">\n\t\t\t\t\t\t<div class=\"container-fluid\">\n\t\t\t\t\t\t\t\t<ul class=\"row\">\n\n\t\t\t\t<li class=\"col-xs-12 col-md-3 col-padding-remove teaser-wrapper\">\n\t<div class=\"box\">\n\t\t<div class=\"teaser teaser-info\">\n\t\t\t<div class=\"box teaser-info-box\">\n\t\t\t\t<div>\n\t\t\t\t\t\t\t\t\t\t\t<div class=\"teaser-info-image\">\n\t\t\t\t\t\t\t<img decoding=\"async\" class=\"teaser-inline-svg\" alt=\"Piktogramm Livestream\" src=\"https:\/\/www.humboldtforum.org\/wp-content\/uploads\/2021\/04\/play.svg\">\n\t\t\t\t\t\t<\/div>\n\t\t\t\t\t\t\t\t\t\t<div class=\"teaser-header h6\">Livestream<\/div>\n\t\t\t\t\t<div class=\"teaser-info-copy Teaser-copy\"><p>Der Livestream startet zehn Minuten vor der Veranstaltung und steht anschlie\u00dfend als Video zur Verf\u00fcgung. Sollte der Livestream nicht starten, k\u00f6nnen Sie die Veranstaltung auch live auf unserem YouTube-Kanal verfolgen.<\/p>\n<\/div>\n\t\t\t\t<\/div>\n\t\t\t\t\n\t\t\t\t\t\t\t\t\t<div class=\"copy\">\n\t\t\t\t\t\t<a class=\"Button\" href=\"https:\/\/www.youtube.com\/channel\/UCmEctwtyMRN_o6cILZDczXw\"><span>Live auf YouTube schauen<\/span><\/a>\n\t\t\t\t\t<\/div>\n\t\t\t\t\t\t\t<\/div>\n\t\t<\/div>\n\t<\/div>\n<\/li><li class=\"col-xs-12 col-md-3 col-padding-remove teaser-wrapper\">\n\t<div class=\"box\">\n\t\t<div class=\"teaser teaser-info\">\n\t\t\t<div class=\"box teaser-info-box\">\n\t\t\t\t<div>\n\t\t\t\t\t\t\t\t\t\t\t<div class=\"teaser-info-image\">\n\t\t\t\t\t\t\t<img decoding=\"async\" class=\"teaser-inline-svg\" alt=\"Piktogramm YouTube\" src=\"https:\/\/www.humboldtforum.org\/wp-content\/uploads\/2020\/12\/youtube.svg\">\n\t\t\t\t\t\t<\/div>\n\t\t\t\t\t\t\t\t\t\t<div class=\"teaser-header h6\">YouTube<\/div>\n\t\t\t\t\t<div class=\"teaser-info-copy Teaser-copy\"><p>Abonnieren Sie unseren YouTube-Kanal und verpassen Sie nie die neuesten Videos des Humboldt Forums.<\/p>\n<\/div>\n\t\t\t\t<\/div>\n\t\t\t\t\n\t\t\t\t\t\t\t\t\t<div class=\"copy\">\n\t\t\t\t\t\t<a class=\"Button\" href=\"https:\/\/www.youtube.com\/channel\/UCmEctwtyMRN_o6cILZDczXw\"><span>Jetzt abonnieren<\/span><\/a>\n\t\t\t\t\t<\/div>\n\t\t\t\t\t\t\t<\/div>\n\t\t<\/div>\n\t<\/div>\n<\/li><li class=\"col-xs-12 col-md-3 col-padding-remove teaser-wrapper\">\n\t<div class=\"box\">\n\t\t<div class=\"teaser teaser-info\">\n\t\t\t<div class=\"box teaser-info-box\">\n\t\t\t\t<div>\n\t\t\t\t\t\t\t\t\t\t\t<div class=\"teaser-info-image\">\n\t\t\t\t\t\t\t<img decoding=\"async\" class=\"teaser-inline-svg\" alt=\"Piktogramm Newsletter\" src=\"https:\/\/www.humboldtforum.org\/wp-content\/uploads\/2020\/11\/mail.svg\">\n\t\t\t\t\t\t<\/div>\n\t\t\t\t\t\t\t\t\t\t<div class=\"teaser-header h6\">Newsletter<\/div>\n\t\t\t\t\t<div class=\"teaser-info-copy Teaser-copy\"><p>Mit unserem Newsletter bleiben Sie immer auf dem Laufenden.<\/p>\n<\/div>\n\t\t\t\t<\/div>\n\t\t\t\t\n\t\t\t\t\t\t\t\t\t<div class=\"copy\">\n\t\t\t\t\t\t<a class=\"Button\" href=\"https:\/\/www.humboldtforum.org\/de\/newsletter\/\"><span>Jetzt abonnieren<\/span><\/a>\n\t\t\t\t\t<\/div>\n\t\t\t\t\t\t\t<\/div>\n\t\t<\/div>\n\t<\/div>\n<\/li>\t\t\t\t<\/ul>\n\t\t\t<\/div>\n\t\t\t<\/section>\n\n<section class=\"block block-teaser col-1 has-bg\" style=\"--teaser-bg:#f2f2f2\">\n\t<lazy-component :fixed-min-height=\"400\">\n\t\n\t\t\t\t\t<div class=\"container-fluid\">\n\t\t\t\t<div class=\"row bottom-xs\">\n\t\t\t\t\t<div class=\"col-xs-12 col-sm-10 col-md-8 col-sm-offset-1 col-md-offset-2\">\n\t\t\t\t\t\t\t\t\t\t\t\t\t\t\t\t\t\t\t\t\t\t\t\t\t<\/div>\n\t\t\t\t\t<div class=\"col-xs-12 col-sm-10 col-md-8 col-sm-offset-1 col-md-offset-2 start-xs end-md margin-bottom-sixth\">\n\t\t\t\t\t\t\t\t\t\t\t<\/div>\n\t\t\t\t<\/div>\n\t\t\t\t<ul class=\"row\">\n\t\t\t\n<li class=\"col-xs-12 teaser-wrapper col-padding-remove\">\n\t<calendarteaser key=\"1418816464\" rawitem='{&quot;postId&quot;:14188,&quot;title&quot;:&quot;99 Fragen&quot;,&quot;excerpt&quot;:&quot;&quot;,&quot;slug&quot;:&quot;99-fragen&quot;,&quot;type&quot;:&quot;event-sequence&quot;,&quot;post_date&quot;:&quot;2020-10-23T16:09&quot;,&quot;permalink&quot;:&quot;https:\\\/\\\/www.humboldtforum.org\\\/de\\\/programm\\\/event-reihe\\\/diskurs\\\/99-fragen-14188\\\/&quot;,&quot;genre&quot;:[392,564],&quot;genre_details&quot;:[{&quot;text&quot;:&quot;Diskurs&quot;,&quot;id&quot;:392,&quot;icon&quot;:null,&quot;parent&quot;:0},{&quot;text&quot;:&quot;Wissenschaft&quot;,&quot;id&quot;:564,&quot;icon&quot;:null,&quot;parent&quot;:0}],&quot;topic&quot;:[782],&quot;topic_details&quot;:[{&quot;text&quot;:&quot;Kolonialismus und Kolonialit\\u00e4t&quot;,&quot;id&quot;:782,&quot;icon&quot;:null,&quot;parent&quot;:0}],&quot;stakeholder&quot;:[382],&quot;stakeholder_details&quot;:[{&quot;text&quot;:&quot;Stiftung Humboldt Forum im Berliner Schloss&quot;,&quot;id&quot;:382,&quot;icon&quot;:null,&quot;parent&quot;:0}],&quot;icon_overwrite&quot;:&quot;&quot;,&quot;acf&quot;:{&quot;belongsto&quot;:false,&quot;shorturl&quot;:&quot;99fragen&quot;,&quot;highlight_header&quot;:false,&quot;featured_images&quot;:[17911],&quot;tipp&quot;:false,&quot;joker&quot;:false,&quot;live&quot;:false,&quot;announcement&quot;:&quot;Eine forschungsorientierte Programmplattform&quot;,&quot;hyphenation&quot;:true,&quot;yt&quot;:&quot;&quot;,&quot;noindex&quot;:false,&quot;keywords&quot;:&quot;&quot;,&quot;additional_info&quot;:{&quot;icon&quot;:&quot;0&quot;,&quot;text&quot;:&quot;&quot;},&quot;use_video_in_teasers&quot;:false,&quot;manual_period&quot;:false,&quot;hide_event_in_program&quot;:false,&quot;has_mobile_format&quot;:false,&quot;overwrite_date&quot;:&quot;Eine forschungsorientierte Programmplattform&quot;,&quot;events&quot;:[127815]},&quot;date&quot;:{&quot;NLAST&quot;:&quot;202404251900&quot;,&quot;NX&quot;:null,&quot;NXX&quot;:null,&quot;from_DATE&quot;:&quot;20240425 19:00&quot;,&quot;from&quot;:1714057200,&quot;to&quot;:1714057200,&quot;to_DATE&quot;:&quot;20240425 19:00&quot;,&quot;from_HRFSHORT&quot;:&quot;25. Apr 2024&quot;,&quot;from_HRFSHORT_WD&quot;:&quot;Do 25.04.2024&quot;,&quot;to_HRFSHORT&quot;:&quot;25. Apr 2024&quot;,&quot;to_HRFSHORT_WD&quot;:&quot;Do 25.04.2024&quot;,&quot;from_HRF&quot;:&quot;Do, 25. April 2024&quot;,&quot;to_HRF&quot;:&quot;Do, 25. April 2024&quot;,&quot;from_to_HRF&quot;:&quot;Do, 25. April \\u2013 Do, 25. April 2024&quot;,&quot;from_to_HRFSHORT&quot;:&quot;25. Apr \\u2013 25. Apr 2024&quot;},&quot;alert&quot;:null,&quot;partof&quot;:[],&quot;marketing_topic&quot;:&quot;&quot;}' inline-template>\n\t<a href=\"https:\/\/www.humboldtforum.org\/de\/programm\/event-reihe\/diskurs\/99-fragen-14188\/\" class=\"teaser teaser-event-sequence teaser-event-standard\">\n\t\t<div class=\"row\">\n\t\t\t<div class=\"col-xs-12 col-sm-6 col-md-5 col-sm-offset-1 col-md-offset-2 first-sm teaser-event-text Infos\">\n\t\t\t\t<div class=\"teaser-event-standard-text\">\n\t\t\t\t\t<div class=\"margin-bottom-atom\">\n\t\t\t\t\t\t<div class=\"subline clamp-1\" v-html=\"maingenre\"><\/div>\n\t\t\t\t\t\t\t\t\t\t\t<\/div>\n\t\t\t\t\n\t\t\t\t\t<strong class=\"margin-bottom-atom h5\">99 Fragen<\/strong>\n\n\t\t\t\t\t\t\t\t\t<\/div>\n\t\t\t\t<div class=\"teaser-bottom border-bottom\">\n\t\t\t\t<calendardateline :rawitem='item' :show-icon=\"true\"><\/calendardateline>\n\t\t\t\t\t<hr>\n\t\t\t\t<\/div>\n\t\t\t<\/div>\n\t\t\t<div class=\"col-xs-12 col-sm-4 col-md-3 teaser-event-image bottom-xs first-xs\">\n\t\t\t\t<div class=\"teaser-image teaser-image-no-alternate\">\n\t\t\t\t\t\t\t\t\t\t\t\n\t<lazy-media-inline inline-template>\n\t\t<figure itemscope itemtype=\"http:\/\/schema.org\/ImageObject\" class=\"lazy-media-inline \" role=\"group\" id=\"media_69f5ddc255c83\" aria-labelledby=\"desc_media_69f5ddc255c83\">\n\t\t\t<script type=\"application\/json\" ref=\"data\">\n\t\t\t\t{\n\t\t\t\t\"sizes\" : {\"medium\":{\"file\":\"201130_LOS_55_Webteaser_Studio3_99Fragen2-300x180.jpg\",\"width\":300,\"height\":180,\"mime-type\":\"image\\\/jpeg\"},\"large\":{\"file\":\"201130_LOS_55_Webteaser_Studio3_99Fragen2-1024x613.jpg\",\"width\":1024,\"height\":613,\"mime-type\":\"image\\\/jpeg\"},\"thumbnail\":{\"file\":\"201130_LOS_55_Webteaser_Studio3_99Fragen2-150x150.jpg\",\"width\":150,\"height\":150,\"mime-type\":\"image\\\/jpeg\"},\"medium_large\":{\"file\":\"201130_LOS_55_Webteaser_Studio3_99Fragen2-768x460.jpg\",\"width\":768,\"height\":460,\"mime-type\":\"image\\\/jpeg\"},\"small\":{\"file\":\"201130_LOS_55_Webteaser_Studio3_99Fragen2-440x264.jpg\",\"width\":440,\"height\":264,\"mime-type\":\"image\\\/jpeg\"},\"semi\":{\"file\":\"201130_LOS_55_Webteaser_Studio3_99Fragen2-580x347.jpg\",\"width\":580,\"height\":347,\"mime-type\":\"image\\\/jpeg\"},\"mobile\":{\"file\":\"201130_LOS_55_Webteaser_Studio3_99Fragen2-720x431.jpg\",\"width\":720,\"height\":431,\"mime-type\":\"image\\\/jpeg\"},\"hd\":{\"file\":\"201130_LOS_55_Webteaser_Studio3_99Fragen2-1280x767.jpg\",\"width\":1280,\"height\":767,\"mime-type\":\"image\\\/jpeg\"},\"full\":{\"file\":\"201130_LOS_55_Webteaser_Studio3_99Fragen2-1920x1150.jpg\",\"width\":1920,\"height\":1150,\"mime-type\":\"image\\\/jpeg\"},\"1536x1536\":{\"file\":\"201130_LOS_55_Webteaser_Studio3_99Fragen2-1536x920.jpg\",\"width\":1536,\"height\":920,\"mime-type\":\"image\\\/jpeg\"},\"original\":{\"file\":\"201130_LOS_55_Webteaser_Studio3_99Fragen2.jpg\",\"width\":2000,\"height\":1198}},\n\t\t\t\t\"alt\" : \"Ein Ausstellungsraum mit geneigtem Quadrat, in welchem sich die Zahl \\\"99\\\" und zwei weitere Fotos befinden, in der Mitte\",\n\t\t\t\t\"path\" : \"\\\/wp-content\\\/uploads\\\/2020\\\/10\\\/\",\n\t\t\t\t\"video\" : null,\n\t\t\t\t\"autoplay\" : null,\n\t\t\t\t\"youtube\" : null,\n\t\t\t\t\"youtubelabel\" : \"Video abspielen\",\n\t\t\t\t\"brightness\" : 100,\n\t\t\t\t\"crop\" : {\"top\":\"50.00\",\"left\":\"50.00\"},\n\t\t\t\t\"background\" : true,\n\t\t\t\t\"scale\" : 2\t\t\t\t}\n\t\t\t<\/script>\n\n\t\t\t<div class=\"height-container\" style=\"padding-bottom:59.9%;\" v-if=\"sizes\">\n\t\t\t\t\t\t\t\t<lazy-media :inline=\"true\" :alt=\"alt\" :sizes=\"sizes\" :scale=\"scale\" :brightness=\"brightness\" :path=\"path\" :video=\"video\" :autoplay=\"autoplay\" :youtube=\"youtube\" :crop=\"crop\" :youtubelabel=\"youtubelabel\" :background=\"background\" media-id=\"desc_media_69f5ddc255c83\"><\/lazy-media>\n\t\t\t\t\t\t\t<\/div>\n\n\t\t\t\t\t\t\t<figcaption class=\"sr-only\" ref=\"body\" id=\"desc_media_69f5ddc255c83\">\n\t\t\t\t\t\t\t\t\t\t\t\t\t\t\t\t\t\t\t\t\t<div class=\"insignificant\">\u00a9 Stiftung Humboldt Forum im Berliner Schloss \/ Collage: Stiftung Humboldt Forum im Berliner Schloss \/ Giuliani | von Giese; Staatliche Museen zu Berlin, Ethnologisches Museum \/ Waltraud Schneider-Sch\u00fctz; Staatliche Museen zu Berlin, Ethnologisches Museum\r\n<\/div>\n\t\t\t\t\t\t\t\t\t<\/figcaption>\n\t\t\t\t\t<\/figure>\n\t<\/lazy-media-inline>\n\t\t\t\t<\/div>\n\t\t\t<\/div>\n\t\t<\/div>\n\t<\/a>\n\t<\/calendarteaser>\n<\/li>\n\n\t\t\t\t<\/ul>\n\t\t\t<\/div>\n\t\t\t\t<\/lazy-component>\n<\/section>\n\n\n\n<section class=\"block block-teaser col-3 \" style=\"\">\n\t\t\t\t\t\t<div class=\"container-fluid\">\n\t\t\t\t\t\t\t\t\t<div class=\"row\">\n\t\t\t\t\t\t<div class=\"col-xs-12\">\n\t\t\t\t\t\t\t<h3 class=\"h4 topline\">Organisatorische Hinweise<\/h4>\n\t\t\t\t\t\t<\/div>\n\t\t\t\t\t<\/div>\n\t\t\t\t\t\t\t\t<ul class=\"row\">\n\n\t\t\t\t\t\t\t\t<\/ul>\n\t\t\t<\/div>\n\t\t\t<\/section>","protected":false},"template":"","genre":[392],"digital":[],"topic":[],"stakeholder":[382],"editorial":[],"editorialfilter":[],"targetgroup":[383],"language":[384,385],"accessability":[430],"age":[],"school":[],"groupsize":[],"place":[883],"class_list":["post-33503","event","type-event","status-publish","has-post-thumbnail","hentry","genre-diskurs","stakeholder-stiftung-humboldt-forum-im-berliner-schloss","targetgroup-erwachsene","language-deutsch","language-englisch","accessability-rollstuhlgerecht","place-saal-2-eg"],"acf":[],"_links":{"self":[{"href":"https:\/\/www.humboldtforum.org\/de\/wp-json\/wp\/v2\/event\/33503","targetHints":{"allow":["GET"]}}],"collection":[{"href":"https:\/\/www.humboldtforum.org\/de\/wp-json\/wp\/v2\/event"}],"about":[{"href":"https:\/\/www.humboldtforum.org\/de\/wp-json\/wp\/v2\/types\/event"}],"version-history":[{"count":0,"href":"https:\/\/www.humboldtforum.org\/de\/wp-json\/wp\/v2\/event\/33503\/revisions"}],"wp:featuredmedia":[{"embeddable":true,"href":"https:\/\/www.humboldtforum.org\/de\/wp-json\/wp\/v2\/media\/33505"}],"wp:attachment":[{"href":"https:\/\/www.humboldtforum.org\/de\/wp-json\/wp\/v2\/media?parent=33503"}],"wp:term":[{"taxonomy":"genre","embeddable":true,"href":"https:\/\/www.humboldtforum.org\/de\/wp-json\/wp\/v2\/genre?post=33503"},{"taxonomy":"digital","embeddable":true,"href":"https:\/\/www.humboldtforum.org\/de\/wp-json\/wp\/v2\/digital?post=33503"},{"taxonomy":"topic","embeddable":true,"href":"https:\/\/www.humboldtforum.org\/de\/wp-json\/wp\/v2\/topic?post=33503"},{"taxonomy":"stakeholder","embeddable":true,"href":"https:\/\/www.humboldtforum.org\/de\/wp-json\/wp\/v2\/stakeholder?post=33503"},{"taxonomy":"editorial","embeddable":true,"href":"https:\/\/www.humboldtforum.org\/de\/wp-json\/wp\/v2\/editorial?post=33503"},{"taxonomy":"editorialfilter","embeddable":true,"href":"https:\/\/www.humboldtforum.org\/de\/wp-json\/wp\/v2\/editorialfilter?post=33503"},{"taxonomy":"targetgroup","embeddable":true,"href":"https:\/\/www.humboldtforum.org\/de\/wp-json\/wp\/v2\/targetgroup?post=33503"},{"taxonomy":"language","embeddable":true,"href":"https:\/\/www.humboldtforum.org\/de\/wp-json\/wp\/v2\/language?post=33503"},{"taxonomy":"accessability","embeddable":true,"href":"https:\/\/www.humboldtforum.org\/de\/wp-json\/wp\/v2\/accessability?post=33503"},{"taxonomy":"age","embeddable":true,"href":"https:\/\/www.humboldtforum.org\/de\/wp-json\/wp\/v2\/age?post=33503"},{"taxonomy":"school","embeddable":true,"href":"https:\/\/www.humboldtforum.org\/de\/wp-json\/wp\/v2\/school?post=33503"},{"taxonomy":"groupsize","embeddable":true,"href":"https:\/\/www.humboldtforum.org\/de\/wp-json\/wp\/v2\/groupsize?post=33503"},{"taxonomy":"place","embeddable":true,"href":"https:\/\/www.humboldtforum.org\/de\/wp-json\/wp\/v2\/place?post=33503"}],"curies":[{"name":"wp","href":"https:\/\/api.w.org\/{rel}","templated":true}]}}