{"id":33543,"date":"2021-10-05T15:45:19","date_gmt":"2021-10-05T13:45:19","guid":{"rendered":"https:\/\/www.humboldtforum.org\/?post_type=event&#038;p=33543"},"modified":"2026-03-16T17:09:05","modified_gmt":"2026-03-16T16:09:05","slug":"vom-traum-zum-echten-abenteuer","status":"publish","type":"event","link":"https:\/\/www.humboldtforum.org\/de\/programm\/termin\/schauspiel\/vom-traum-zum-echten-abenteuer-33543\/","title":{"rendered":"Vom Traum zum echten Abenteuer \u2013 \uc54c\ub809\uc0b0\ub354 \ud3f0 \ud6d4\ubcfc\ud2b8\uc758 \uc704\ub300\ud55c \uc5ec\ud589"},"content":{"rendered":"<section class=\"block block-copy\" >\n    <div class=\"container-fluid\">\n\t\t<div class=\"row \">\n            <div class=\"col-xs-12 col-md-offset-2 col-md-8\">\n                <div class=\"box\">\n                    <div class=\"copy\"><p>Der kleine Alexander m\u00f6chte die ganze Welt entdecken. Als Gro\u00dfer f\u00e4hrt er mit seinem Freund Aim\u00e9 Bonpland nach S\u00fcdamerika. Sie begegnen wilden Tieren, berauschen sich an der Pracht der Pflanzen, folgen unbekannten Flussl\u00e4ufen, klettern in dunkle H\u00f6hlen, besteigen Vulkane, sehen, messen, schreiben, zeichnen, und werden weltber\u00fchmt.<\/p>\n<p>Die Erz\u00e4hlerinnen Soogi Kang und Christine Lander laden Euch ein, auf den Fl\u00fcgeln der Fantasie den Abenteuerspuren der beiden Forscher auf Koreanisch und Deutsch zu folgen.<\/p>\n<\/div>\n                <\/div>\n            <\/div>\n\t\t<\/div>\n\t\t    <\/div>\n<\/section>\n\n\n<section class=\"block block-gallery\">\n\t<div class=\"container-fluid\">\n\t\t<div class=\"row center-xs\">\n\t\t\t<div class=\"col-xs-12\">\n\t\t\t\t<div class=\"box text-align-left\">\n\t\t\t\t\t<block-gallery inline-template>\n\t\t\t\t\t\t<div :class=\"{ firstLoaded: firstLoaded }\">\n\t\t\t\t\t\t\t<script type=\"application\/json\" ref=\"data\">\n\t\t\t\t\t\t\t{\n\t\t\t\t\t\t\t\t\"images\" : [{\"id\":0,\"width\":2000,\"height\":1333,\"alt\":\"Zwei Frauen in traditioneller Kleidung interagieren im Freien, w&auml;hrend Zuschauer auf der Wiese sitzen.\",\"title\":\"\",\"description\":\"\",\"label\":\"Geschichtentheater &quot;Vom Traum zum echten Abenteuer&quot; mit Christine Lander und Soogi Kang im Rahmen von Durchl&uuml;ften - Open Air im Schl&uuml;terhof 2022\",\"copyright\":\"Stiftung Humboldt Forum im Berliner Schloss\\\/ Foto: Stefanie Loos \",\"path\":\"\\\/wp-content\\\/uploads\\\/2024\\\/08\\\/\",\"sizes\":{\"medium\":{\"file\":\"SHF_eb00149684-300x200.jpg\",\"width\":300,\"height\":200,\"mime-type\":\"image\\\/jpeg\",\"filesize\":19828},\"large\":{\"file\":\"SHF_eb00149684-1024x682.jpg\",\"width\":1024,\"height\":682,\"mime-type\":\"image\\\/jpeg\",\"filesize\":125407},\"thumbnail\":{\"file\":\"SHF_eb00149684-150x150.jpg\",\"width\":150,\"height\":150,\"mime-type\":\"image\\\/jpeg\",\"filesize\":8869},\"medium_large\":{\"file\":\"SHF_eb00149684-768x512.jpg\",\"width\":768,\"height\":512,\"mime-type\":\"image\\\/jpeg\",\"filesize\":81842},\"small\":{\"file\":\"SHF_eb00149684-440x293.jpg\",\"width\":440,\"height\":293,\"mime-type\":\"image\\\/jpeg\",\"filesize\":35739},\"semi\":{\"file\":\"SHF_eb00149684-580x387.jpg\",\"width\":580,\"height\":387,\"mime-type\":\"image\\\/jpeg\",\"filesize\":54405},\"mobile\":{\"file\":\"SHF_eb00149684-720x480.jpg\",\"width\":720,\"height\":480,\"mime-type\":\"image\\\/jpeg\",\"filesize\":74478},\"hd\":{\"file\":\"SHF_eb00149684-1280x853.jpg\",\"width\":1280,\"height\":853,\"mime-type\":\"image\\\/jpeg\",\"filesize\":174001},\"full\":{\"file\":\"SHF_eb00149684-1920x1280.jpg\",\"width\":1920,\"height\":1280,\"mime-type\":\"image\\\/jpeg\",\"filesize\":316009},\"1536x1536\":{\"file\":\"SHF_eb00149684-1536x1024.jpg\",\"width\":1536,\"height\":1024,\"mime-type\":\"image\\\/jpeg\",\"filesize\":228234},\"original\":{\"file\":\"SHF_eb00149684.jpg\",\"width\":2000,\"height\":1333}}},{\"id\":1,\"width\":2000,\"height\":1333,\"alt\":\"Eine Frau mit langen, geflochtenen Haaren l&auml;chelt und spricht auf einer B&uuml;hne in einem schwarz-wei&szlig;en Oberteil.\",\"title\":\"\",\"description\":\"\",\"label\":\"Christine Sander beim Geschichtentheater &quot;Vom Traum zum echten Abenteuer&quot;\",\"copyright\":\"Stiftung Humboldt Forum im Berliner Schloss\\\/ Foto: Stefanie Loos\",\"path\":\"\\\/wp-content\\\/uploads\\\/2024\\\/08\\\/\",\"sizes\":{\"medium\":{\"file\":\"SHF_eb00150795-300x200.jpg\",\"width\":300,\"height\":200,\"mime-type\":\"image\\\/jpeg\",\"filesize\":10895},\"large\":{\"file\":\"SHF_eb00150795-1024x682.jpg\",\"width\":1024,\"height\":682,\"mime-type\":\"image\\\/jpeg\",\"filesize\":72621},\"thumbnail\":{\"file\":\"SHF_eb00150795-150x150.jpg\",\"width\":150,\"height\":150,\"mime-type\":\"image\\\/jpeg\",\"filesize\":6384},\"medium_large\":{\"file\":\"SHF_eb00150795-768x512.jpg\",\"width\":768,\"height\":512,\"mime-type\":\"image\\\/jpeg\",\"filesize\":46114},\"small\":{\"file\":\"SHF_eb00150795-440x293.jpg\",\"width\":440,\"height\":293,\"mime-type\":\"image\\\/jpeg\",\"filesize\":19696},\"semi\":{\"file\":\"SHF_eb00150795-580x387.jpg\",\"width\":580,\"height\":387,\"mime-type\":\"image\\\/jpeg\",\"filesize\":30216},\"mobile\":{\"file\":\"SHF_eb00150795-720x480.jpg\",\"width\":720,\"height\":480,\"mime-type\":\"image\\\/jpeg\",\"filesize\":41712},\"hd\":{\"file\":\"SHF_eb00150795-1280x853.jpg\",\"width\":1280,\"height\":853,\"mime-type\":\"image\\\/jpeg\",\"filesize\":102810},\"full\":{\"file\":\"SHF_eb00150795-1920x1280.jpg\",\"width\":1920,\"height\":1280,\"mime-type\":\"image\\\/jpeg\",\"filesize\":194872},\"1536x1536\":{\"file\":\"SHF_eb00150795-1536x1024.jpg\",\"width\":1536,\"height\":1024,\"mime-type\":\"image\\\/jpeg\",\"filesize\":136489},\"original\":{\"file\":\"SHF_eb00150795.jpg\",\"width\":2000,\"height\":1333}}},{\"id\":2,\"width\":2000,\"height\":1333,\"alt\":\"Eine Frau mit langen Haaren spricht energetisch und ausdrucksstark in einem beigen Oberteil drau&szlig;en.\",\"title\":\"\",\"description\":\"\",\"label\":\"Soogi Kang beim Geschichtentheater &quot;Vom Traum zum echten Abenteuer&quot;\",\"copyright\":\"Stiftung Humboldt Forum im Berliner Schloss\\\/ Foto: Stefanie Loos\",\"path\":\"\\\/wp-content\\\/uploads\\\/2024\\\/08\\\/\",\"sizes\":{\"medium\":{\"file\":\"SHF_eb00150794-300x200.jpg\",\"width\":300,\"height\":200,\"mime-type\":\"image\\\/jpeg\",\"filesize\":9949},\"large\":{\"file\":\"SHF_eb00150794-1024x682.jpg\",\"width\":1024,\"height\":682,\"mime-type\":\"image\\\/jpeg\",\"filesize\":63804},\"thumbnail\":{\"file\":\"SHF_eb00150794-150x150.jpg\",\"width\":150,\"height\":150,\"mime-type\":\"image\\\/jpeg\",\"filesize\":5134},\"medium_large\":{\"file\":\"SHF_eb00150794-768x512.jpg\",\"width\":768,\"height\":512,\"mime-type\":\"image\\\/jpeg\",\"filesize\":40511},\"small\":{\"file\":\"SHF_eb00150794-440x293.jpg\",\"width\":440,\"height\":293,\"mime-type\":\"image\\\/jpeg\",\"filesize\":17558},\"semi\":{\"file\":\"SHF_eb00150794-580x387.jpg\",\"width\":580,\"height\":387,\"mime-type\":\"image\\\/jpeg\",\"filesize\":26640},\"mobile\":{\"file\":\"SHF_eb00150794-720x480.jpg\",\"width\":720,\"height\":480,\"mime-type\":\"image\\\/jpeg\",\"filesize\":36602},\"hd\":{\"file\":\"SHF_eb00150794-1280x853.jpg\",\"width\":1280,\"height\":853,\"mime-type\":\"image\\\/jpeg\",\"filesize\":90854},\"full\":{\"file\":\"SHF_eb00150794-1920x1280.jpg\",\"width\":1920,\"height\":1280,\"mime-type\":\"image\\\/jpeg\",\"filesize\":173047},\"1536x1536\":{\"file\":\"SHF_eb00150794-1536x1024.jpg\",\"width\":1536,\"height\":1024,\"mime-type\":\"image\\\/jpeg\",\"filesize\":121078},\"original\":{\"file\":\"SHF_eb00150794.jpg\",\"width\":2000,\"height\":1333}}},{\"id\":3,\"width\":2000,\"height\":1333,\"alt\":\"Zwei Performerinnen pr&auml;sentieren eine Darbietung vor Publikum auf einer Wiese vor einem Gesch&auml;ft.\",\"title\":\"\",\"description\":\"\",\"label\":\"Geschichtentheater &quot;Vom Traum zum echten Abenteuer&quot; mit Christine Lander und Soogi Kang im Rahmen von Durchl&uuml;ften - Open Air im Schl&uuml;terhof 2022\",\"copyright\":\"Stiftung Humboldt Forum im Berliner Schloss\\\/ Foto: Stefanie Loos\",\"path\":\"\\\/wp-content\\\/uploads\\\/2024\\\/08\\\/\",\"sizes\":{\"medium\":{\"file\":\"SHF_eb00150800-300x200.jpg\",\"width\":300,\"height\":200,\"mime-type\":\"image\\\/jpeg\",\"filesize\":18097},\"large\":{\"file\":\"SHF_eb00150800-1024x682.jpg\",\"width\":1024,\"height\":682,\"mime-type\":\"image\\\/jpeg\",\"filesize\":113576},\"thumbnail\":{\"file\":\"SHF_eb00150800-150x150.jpg\",\"width\":150,\"height\":150,\"mime-type\":\"image\\\/jpeg\",\"filesize\":8408},\"medium_large\":{\"file\":\"SHF_eb00150800-768x512.jpg\",\"width\":768,\"height\":512,\"mime-type\":\"image\\\/jpeg\",\"filesize\":74185},\"small\":{\"file\":\"SHF_eb00150800-440x293.jpg\",\"width\":440,\"height\":293,\"mime-type\":\"image\\\/jpeg\",\"filesize\":32395},\"semi\":{\"file\":\"SHF_eb00150800-580x387.jpg\",\"width\":580,\"height\":387,\"mime-type\":\"image\\\/jpeg\",\"filesize\":49487},\"mobile\":{\"file\":\"SHF_eb00150800-720x480.jpg\",\"width\":720,\"height\":480,\"mime-type\":\"image\\\/jpeg\",\"filesize\":67233},\"hd\":{\"file\":\"SHF_eb00150800-1280x853.jpg\",\"width\":1280,\"height\":853,\"mime-type\":\"image\\\/jpeg\",\"filesize\":156423},\"full\":{\"file\":\"SHF_eb00150800-1920x1280.jpg\",\"width\":1920,\"height\":1280,\"mime-type\":\"image\\\/jpeg\",\"filesize\":280526},\"1536x1536\":{\"file\":\"SHF_eb00150800-1536x1024.jpg\",\"width\":1536,\"height\":1024,\"mime-type\":\"image\\\/jpeg\",\"filesize\":203184},\"original\":{\"file\":\"SHF_eb00150800.jpg\",\"width\":2000,\"height\":1333}}}]\t\t\t\t\t\t\t}\n\t\t\t\t\t\t\t<\/script>\n\n\t\t\t\t\t\t\t<swiper :options=\"options\" @slide-change=\"track\">\n\t\t\t\t\t\t\t\t<div class=\"swiper-slide\" :key=\"image.id\" v-for=\"image in images\">\n\t\t\t\t\t\t\t\t\t<block-gallery-item inline-template :image=\"image\">\n\t\t\t\t\t\t\t\t\t\t<figure class=\"swiper-slide-image-wrapper\" ref=\"parent\">\n\t\t\t\t\t\t\t\t\t\t\t<div class=\"width-container\" ref=\"container\" :style=\"style\">\n\t\t\t\t\t\t\t\t\t\t\t\t<div data-swiper-parallax-x=\"50%\">\n\t\t\t\t\t\t\t\t\t\t\t\t<img :src=\"image.src\" :alt=\"image.alt\" v-if=\"image.id < 2\">\n\t\t\t\t\t\t\t\t\t\t\t\t<img class=\"swiper-lazy\" :data-src=\"image.src\" :alt=\"image.alt\" v-else>\n\t\t\t\t\t\t\t\t\t\t\t\t<\/div>\n\t\t\t\t\t\t\t\t\t\t\t<\/div>\n\t\t\t\t\t\t\t\t\t\t<\/figure>\n\t\t\t\t\t\t\t\t\t<\/block-gallery-item>\n\n\t\t\t\t\t\t\t\t\t<figcaption>\n\t\t\t\t\t\t\t\t\t\t<div class=\"lazy-media-info-body-content\">\n\t\t\t\t\t\t\t\t\t\t\t<div v-html=\"image.label\"><\/div>\n\t\t\t\t\t\t\t\t\t\t\t<div v-html=\"image.description\"><\/div>\n\t\t\t\t\t\t\t\t\t\t\t<div class=\"insignificant\" v-if=\"image.copyright\" v-html=\"'\u00a9 '+image.copyright\"><\/div>\n\t\t\t\t\t\t\t\t\t\t<\/div>\n\t\t\t\t\t\t\t\t\t<\/figcaption>\n\t\t\t\t\t\t\t\t<\/div>\n\n\t\t\t\t\t\t\t\t<div class=\"swiper-pagination\"  slot=\"pagination\"><\/div>\n\n\t\t\t\t\t\t\t\t<button class=\"icon-round swiper-button-prev\" slot=\"button-prev\" aria-label=\"Vorheriges Bild\">\n\t\t\t\t\t\t\t\t\t<span class=\"icon-next\" aria-hidden=\"true\"><\/span>\n\t\t\t\t\t\t\t\t<\/button>\n\n\t\t\t\t\t\t\t\t<button class=\"icon-round swiper-button-next\" slot=\"button-next\" aria-label=\"N\u00e4chstes Bild\">\n\t\t\t\t\t\t\t\t\t<span class=\"icon-next\" aria-hidden=\"true\"><\/span>\n\t\t\t\t\t\t\t\t<\/button>\n\t\t\t\t\t\t\t<\/swiper>\n\t\t\t\t\t\t<\/div>\n\t\t\t\t\t<\/block-gallery>\n\t\t\t\t<\/div>\n\t\t\t<\/div>\n\t\t<\/div>\n\t<\/div>\n<\/section>\n\n\n<section class=\"block block-accordion\">\n\t<div class=\"container-fluid\">\n\t\t<div class=\"row\">\n\t\t\t<div class=\"col-xs-12 col-md-offset-2 col-md-8\">\n\t\t\t\t<div class=\"box\">\n\t\t\t\t\t\t\t\t\t\t\t<block-accordion inline-template>\n\t\t\t\t\t\t\t<div class=\"accordion\">\n\t\t\t\t\t\t\t\t\t\t\t\t\t\t\t<block-accordion-item inline-template item-headline=\"Christine Lander\">\n\t\t\t\t\t\t\t\t<div ref=\"item\" data-id=\"ChristineLander\" class=\"block-accordion-item vue-initialize\" aria-expanded=\"false\" :aria-expanded=\"active ? 'true' : 'false'\">\n\t\t\t\t\t\t\t\t\t<button class=\"accordion-button-with-icon block-accordion-item-head\" :class=\"{'button-active': active}\" ref=\"head\" aria-controls=\"acc_69f4bfa1a7388\" id=\"acc_title_69f4bfa1a738a\" @click=\"toggle\" @keydown=\"key\">\n\t\t\t\t\t\t\t\t\t<div><span class=\"button-label\">Christine Lander<\/span><\/div><span class=\"button-icon icon-plus\" aria-hidden=\"true\"><\/span>\n\t\t\t\t\t\t\t\t<\/button>\n\t\t\t\t\t\t\t\t\t<div ref=\"body\" class=\"block-accordion-item-content\" id=\"acc_69f4bfa1a7388\" role=\"region\">\n\t\t\t\t\t\t\t\t\t\t<div class=\"wrapper copy\">\n\t\t\t\t\t\t\t\t\t\t\t<p><strong>Christine Lander<\/strong>\u00a0ist seit 2007 B\u00fchnenerz\u00e4hlerin. Neben ihren vielf\u00e4ltigen Soloprogrammen erz\u00e4hlt sie auch im bilingualen Duo oder gemeinsam mit Musikern. Seit 2014 ist sie im Ensemble von Theater Anu. Sie hat Theaterp\u00e4dagogik an der UdK Berlin studiert (MA 2006) und Geschichte\/S\u00fcdasienwissenschaften an der HU Berlin (M.A.2004). Von 2012 bis 2016 war sie k\u00fcnstlerische Co-Leiterin der Erz\u00e4hlb\u00fchne Berlin, 2018 Vorsitzende des Erz\u00e4hlkunst e.V. Lehrauftr\u00e4ge f\u00fcr freies Erz\u00e4hlen an der UdK Berlin und beim Staatsschauspiel Hannover. Seit 2008 ist sie im Berliner Schulprojekt Erz\u00e4hlZeit t\u00e4tig.<\/p>\n\n\t\t\t\t\t\t\t\t\t\t\t\t\t\t\t\t\t\t\t\t\t\t\t\t\t\t\t\t\t\t\t\t\t\n\t\t\t\t\t\t\t\t\t\t\t<div class=\"row\">\n\t\t\t\t\t\t\t\t\t\t\t\t<div class=\"col-xs-9 col-md-9\">\n\t\t\t\t\t\t\t\t\t\t\t\t\t<div class=\"box\">\n\t\t\t\t\t\t\t\t\t\t\t\t\t\t\n\t<lazy-media-inline inline-template>\n\t\t<figure itemscope itemtype=\"http:\/\/schema.org\/ImageObject\" class=\"lazy-media-inline \" role=\"group\" id=\"media_69f4bfa1a7b9c\" aria-labelledby=\"desc_media_69f4bfa1a7b9c\">\n\t\t\t<script type=\"application\/json\" ref=\"data\">\n\t\t\t\t{\n\t\t\t\t\"sizes\" : {\"medium\":{\"file\":\"SHF_eb00120460-1-300x225.jpg\",\"width\":300,\"height\":225,\"mime-type\":\"image\\\/jpeg\",\"filesize\":8269},\"large\":{\"file\":\"SHF_eb00120460-1-1024x768.jpg\",\"width\":1024,\"height\":768,\"mime-type\":\"image\\\/jpeg\",\"filesize\":54951},\"thumbnail\":{\"file\":\"SHF_eb00120460-1-150x150.jpg\",\"width\":150,\"height\":150,\"mime-type\":\"image\\\/jpeg\",\"filesize\":4363},\"medium_large\":{\"file\":\"SHF_eb00120460-1-768x576.jpg\",\"width\":768,\"height\":576,\"mime-type\":\"image\\\/jpeg\",\"filesize\":33747},\"small\":{\"file\":\"SHF_eb00120460-1-440x330.jpg\",\"width\":440,\"height\":330,\"mime-type\":\"image\\\/jpeg\",\"filesize\":14053},\"semi\":{\"file\":\"SHF_eb00120460-1-580x435.jpg\",\"width\":580,\"height\":435,\"mime-type\":\"image\\\/jpeg\",\"filesize\":21778},\"mobile\":{\"file\":\"SHF_eb00120460-1-720x540.jpg\",\"width\":720,\"height\":540,\"mime-type\":\"image\\\/jpeg\",\"filesize\":30428},\"hd\":{\"file\":\"SHF_eb00120460-1-1280x960.jpg\",\"width\":1280,\"height\":960,\"mime-type\":\"image\\\/jpeg\",\"filesize\":81495},\"full\":{\"file\":\"SHF_eb00120460-1-1920x1440.jpg\",\"width\":1920,\"height\":1440,\"mime-type\":\"image\\\/jpeg\",\"filesize\":171875},\"xxl\":{\"file\":\"SHF_eb00120460-1-4048x3036.jpg\",\"width\":4048,\"height\":3036,\"mime-type\":\"image\\\/jpeg\",\"filesize\":716986},\"1536x1536\":{\"file\":\"SHF_eb00120460-1-1536x1152.jpg\",\"width\":1536,\"height\":1152,\"mime-type\":\"image\\\/jpeg\",\"filesize\":115690},\"2048x2048\":{\"file\":\"SHF_eb00120460-1-2048x1536.jpg\",\"width\":2048,\"height\":1536,\"mime-type\":\"image\\\/jpeg\",\"filesize\":193442},\"original\":{\"file\":\"SHF_eb00120460-1.jpg\",\"width\":4608,\"height\":3456}},\n\t\t\t\t\"alt\" : \"Frau mit langen, zu einem Pferdeschwanz gebundenen Haaren in blauem Pullover vor hellblauer Wand.\",\n\t\t\t\t\"path\" : \"\\\/wp-content\\\/uploads\\\/2021\\\/10\\\/\",\n\t\t\t\t\"video\" : null,\n\t\t\t\t\"autoplay\" : null,\n\t\t\t\t\"youtube\" : null,\n\t\t\t\t\"youtubelabel\" : \"Video abspielen\",\n\t\t\t\t\"brightness\" : 100,\n\t\t\t\t\"crop\" : null,\n\t\t\t\t\"background\" : false,\n\t\t\t\t\"scale\" : 1\t\t\t\t}\n\t\t\t<\/script>\n\n\t\t\t<div class=\"height-container\" style=\"padding-bottom:75%;\" v-if=\"sizes\">\n\t\t\t\t\t\t\t\t<lazy-media :inline=\"true\" :alt=\"alt\" :sizes=\"sizes\" :scale=\"scale\" :brightness=\"brightness\" :path=\"path\" :video=\"video\" :autoplay=\"autoplay\" :youtube=\"youtube\" :crop=\"crop\" :youtubelabel=\"youtubelabel\" :background=\"background\" media-id=\"desc_media_69f4bfa1a7b9c\"><\/lazy-media>\n\t\t\t\t\t\t\t<\/div>\n\n\t\t\t\t\t\t\t<figcaption class=\"\" id=\"desc_media_69f4bfa1a7b9c\">\n\t\t\t\t\t<div class=\"lazy-media-info-body-content\">\n\t\t\t\t\t\t\t\t\t\t\t\t\t\t\t\t\t\t\t\t\t\t\t\t\t<div class=\"insignificant\">\u00a9 Thomas Jordi<\/div>\n\t\t\t\t\t\t\t\t\t\t\t<\/div>\n\t\t\t\t<\/figcaption>\n\t\t\t\t\t\t\t\t\t<\/figure>\n\t<\/lazy-media-inline>\n\t\t\t\t\t\t\t\t\t\t\t\t\t<\/div>\n\t\t\t\t\t\t\t\t\t\t\t\t<\/div>\n\t\t\t\t\t\t\t\t\t\t\t<\/div>\n\n\t\t\t\t\t\t\t\t\t\t\t\t\t\t\t\t\t\t\t\t\t<\/div>\n\t\t\t\t\t\t\t\t\t<\/div>\n\t\t\t\t\t\t\t\t<\/div>\n\t\t\t\t\t\t\t\t<\/block-accordion-item>\n\t\t\t\t\t\t\t\t\t\t\t\t\t\t<block-accordion-item inline-template item-headline=\"Soogi Kang\">\n\t\t\t\t\t\t\t\t<div ref=\"item\" data-id=\"SoogiKang\" class=\"block-accordion-item vue-initialize\" aria-expanded=\"false\" :aria-expanded=\"active ? 'true' : 'false'\">\n\t\t\t\t\t\t\t\t\t<button class=\"accordion-button-with-icon block-accordion-item-head\" :class=\"{'button-active': active}\" ref=\"head\" aria-controls=\"acc_69f4bfa1a7e50\" id=\"acc_title_69f4bfa1a7e51\" @click=\"toggle\" @keydown=\"key\">\n\t\t\t\t\t\t\t\t\t<div><span class=\"button-label\">Soogi Kang<\/span><\/div><span class=\"button-icon icon-plus\" aria-hidden=\"true\"><\/span>\n\t\t\t\t\t\t\t\t<\/button>\n\t\t\t\t\t\t\t\t\t<div ref=\"body\" class=\"block-accordion-item-content\" id=\"acc_69f4bfa1a7e50\" role=\"region\">\n\t\t\t\t\t\t\t\t\t\t<div class=\"wrapper copy\">\n\t\t\t\t\t\t\t\t\t\t\t<p><strong>Soogi Kang<\/strong>, geboren in S\u00fcd-Korea, wo sie nach dem Keramikkunst Studium, modernes Theater beim Theater E-Jo-To, Ges\u00e4nge aus S\u00fcden-Namdosori und Maskentanz aus Nord-Korea studierte. Sie lebt als K\u00fcnstlerin seit 1986 in Berlin wo sie das Studium der Theaterp\u00e4dagogik an der UDK Berlin abschloss und eine Zertifizierung zum Systemischen Mastercoach machte. Heute arbeitet sie als Schauspielerin f\u00fcr Theater, Film und Fernsehen, als Erz\u00e4hlerin und Theater-P\u00e4dagogin.<\/p>\n<p>Soogi Kang ist zertifizierte professionelle ERz\u00e4hlerin und Dozentin des VEE e.V. (Verband der Erz\u00e4hlerinnen und Erz\u00e4hler). Sie leitet die Weiterbildung &#8222;Freies Erz\u00e4hlen&#8220; des Erz\u00e4hlkunst e.V. und ist Mitglied der KISA (Korean International Storyteller&#8217;s Assosiation). Sie tritt bei unterschiedlichsten nationalen und internationalen Storytellingfestivals und Workshops auf.<\/p>\n\n\t\t\t\t\t\t\t\t\t\t\t\t\t\t\t\t\t\t\t\t\t\t\t\t\t\t\t\t\t\t\t\t\t\n\t\t\t\t\t\t\t\t\t\t\t<div class=\"row\">\n\t\t\t\t\t\t\t\t\t\t\t\t<div class=\"col-xs-9 col-md-9\">\n\t\t\t\t\t\t\t\t\t\t\t\t\t<div class=\"box\">\n\t\t\t\t\t\t\t\t\t\t\t\t\t\t\n\t<lazy-media-inline inline-template>\n\t\t<figure itemscope itemtype=\"http:\/\/schema.org\/ImageObject\" class=\"lazy-media-inline \" role=\"group\" id=\"media_69f4bfa1a8025\" aria-labelledby=\"desc_media_69f4bfa1a8025\">\n\t\t\t<script type=\"application\/json\" ref=\"data\">\n\t\t\t\t{\n\t\t\t\t\"sizes\" : {\"medium\":{\"file\":\"SHF_eb00150794-300x200.jpg\",\"width\":300,\"height\":200,\"mime-type\":\"image\\\/jpeg\",\"filesize\":9949},\"large\":{\"file\":\"SHF_eb00150794-1024x682.jpg\",\"width\":1024,\"height\":682,\"mime-type\":\"image\\\/jpeg\",\"filesize\":63804},\"thumbnail\":{\"file\":\"SHF_eb00150794-150x150.jpg\",\"width\":150,\"height\":150,\"mime-type\":\"image\\\/jpeg\",\"filesize\":5134},\"medium_large\":{\"file\":\"SHF_eb00150794-768x512.jpg\",\"width\":768,\"height\":512,\"mime-type\":\"image\\\/jpeg\",\"filesize\":40511},\"small\":{\"file\":\"SHF_eb00150794-440x293.jpg\",\"width\":440,\"height\":293,\"mime-type\":\"image\\\/jpeg\",\"filesize\":17558},\"semi\":{\"file\":\"SHF_eb00150794-580x387.jpg\",\"width\":580,\"height\":387,\"mime-type\":\"image\\\/jpeg\",\"filesize\":26640},\"mobile\":{\"file\":\"SHF_eb00150794-720x480.jpg\",\"width\":720,\"height\":480,\"mime-type\":\"image\\\/jpeg\",\"filesize\":36602},\"hd\":{\"file\":\"SHF_eb00150794-1280x853.jpg\",\"width\":1280,\"height\":853,\"mime-type\":\"image\\\/jpeg\",\"filesize\":90854},\"full\":{\"file\":\"SHF_eb00150794-1920x1280.jpg\",\"width\":1920,\"height\":1280,\"mime-type\":\"image\\\/jpeg\",\"filesize\":173047},\"1536x1536\":{\"file\":\"SHF_eb00150794-1536x1024.jpg\",\"width\":1536,\"height\":1024,\"mime-type\":\"image\\\/jpeg\",\"filesize\":121078},\"original\":{\"file\":\"SHF_eb00150794.jpg\",\"width\":2000,\"height\":1333}},\n\t\t\t\t\"alt\" : \"Eine Frau mit langen Haaren spricht energetisch und ausdrucksstark in einem beigen Oberteil drau\\u00dfen.\",\n\t\t\t\t\"path\" : \"\\\/wp-content\\\/uploads\\\/2024\\\/08\\\/\",\n\t\t\t\t\"video\" : null,\n\t\t\t\t\"autoplay\" : null,\n\t\t\t\t\"youtube\" : null,\n\t\t\t\t\"youtubelabel\" : \"Video abspielen\",\n\t\t\t\t\"brightness\" : 100,\n\t\t\t\t\"crop\" : {\"top\":\"50.00\",\"left\":\"50.00\"},\n\t\t\t\t\"background\" : true,\n\t\t\t\t\"scale\" : 2\t\t\t\t}\n\t\t\t<\/script>\n\n\t\t\t<div class=\"height-container\" style=\"padding-bottom:66.65%;\" v-if=\"sizes\">\n\t\t\t\t\t\t\t\t<lazy-media :inline=\"true\" :alt=\"alt\" :sizes=\"sizes\" :scale=\"scale\" :brightness=\"brightness\" :path=\"path\" :video=\"video\" :autoplay=\"autoplay\" :youtube=\"youtube\" :crop=\"crop\" :youtubelabel=\"youtubelabel\" :background=\"background\" media-id=\"desc_media_69f4bfa1a8025\"><\/lazy-media>\n\t\t\t\t\t\t\t<\/div>\n\n\t\t\t\t\t\t\t<figcaption class=\"\" id=\"desc_media_69f4bfa1a8025\">\n\t\t\t\t\t<div class=\"lazy-media-info-body-content\">\n\t\t\t\t\t\t\t\t\t\t\t\t\t<div>Soogi Kang beim Geschichtentheater &quot;Vom Traum zum echten Abenteuer&quot;<\/div>\n\t\t\t\t\t\t\t\t\t\t\t\t\t\t\t\t\t\t\t\t\t\t\t\t\t<div class=\"insignificant\">\u00a9 Stiftung Humboldt Forum im Berliner Schloss\/ Foto: Stefanie Loos<\/div>\n\t\t\t\t\t\t\t\t\t\t\t<\/div>\n\t\t\t\t<\/figcaption>\n\t\t\t\t\t\t\t\t\t<\/figure>\n\t<\/lazy-media-inline>\n\t\t\t\t\t\t\t\t\t\t\t\t\t<\/div>\n\t\t\t\t\t\t\t\t\t\t\t\t<\/div>\n\t\t\t\t\t\t\t\t\t\t\t<\/div>\n\n\t\t\t\t\t\t\t\t\t\t\t\t\t\t\t\t\t\t\t\t\t<\/div>\n\t\t\t\t\t\t\t\t\t<\/div>\n\t\t\t\t\t\t\t\t<\/div>\n\t\t\t\t\t\t\t\t<\/block-accordion-item>\n\t\t\t\t\t\t\t\t\t\t\t\t\t<\/div>\n\t\t\t\t\t\t<\/block-accordion>\n\t\t\t\t\t\t\t\t\t<\/div>\n\t\t\t<\/div>\n\t\t<\/div>\n\t<\/div>\n<\/section>\n\n\n<section class=\"block block-CTA block-CTA-long leftgradient\">\n\t<div class=\"container-fluid\">\n\t\t<div class=\"row center-xs\">\n\t\t\t<div class=\"col-xs-12\">\n\t\t\t\t<div class=\"box\">\n\t\t\t\t\t<a href=\"https:\/\/www.humboldtforum.org\/de\/programm\/event-reihe\/schauspiel\/geschichtentheater-33827\/\" aria-label=\"Geschichtentheater\" class=\"teaser teaser-cta-wide \">\n\t\t\t\t\t\t<div class=\"teaser-image\">\n\t\t\t\t\t\t\t\n\t<lazy-media-inline inline-template>\n\t\t<figure itemscope itemtype=\"http:\/\/schema.org\/ImageObject\" class=\"lazy-media-inline \" role=\"group\" id=\"media_69f4bfa1a9e9d\" aria-labelledby=\"desc_media_69f4bfa1a9e9d\">\n\t\t\t<script type=\"application\/json\" ref=\"data\">\n\t\t\t\t{\n\t\t\t\t\"sizes\" : {\"medium\":{\"file\":\"SHF_eb00117669-300x200.jpg\",\"width\":300,\"height\":200,\"mime-type\":\"image\\\/jpeg\"},\"large\":{\"file\":\"SHF_eb00117669-1024x683.jpg\",\"width\":1024,\"height\":683,\"mime-type\":\"image\\\/jpeg\"},\"thumbnail\":{\"file\":\"SHF_eb00117669-150x150.jpg\",\"width\":150,\"height\":150,\"mime-type\":\"image\\\/jpeg\"},\"medium_large\":{\"file\":\"SHF_eb00117669-768x512.jpg\",\"width\":768,\"height\":512,\"mime-type\":\"image\\\/jpeg\"},\"small\":{\"file\":\"SHF_eb00117669-440x293.jpg\",\"width\":440,\"height\":293,\"mime-type\":\"image\\\/jpeg\"},\"semi\":{\"file\":\"SHF_eb00117669-580x387.jpg\",\"width\":580,\"height\":387,\"mime-type\":\"image\\\/jpeg\"},\"mobile\":{\"file\":\"SHF_eb00117669-720x480.jpg\",\"width\":720,\"height\":480,\"mime-type\":\"image\\\/jpeg\"},\"hd\":{\"file\":\"SHF_eb00117669-1280x854.jpg\",\"width\":1280,\"height\":854,\"mime-type\":\"image\\\/jpeg\"},\"full\":{\"file\":\"SHF_eb00117669-1920x1281.jpg\",\"width\":1920,\"height\":1281,\"mime-type\":\"image\\\/jpeg\"},\"1536x1536\":{\"file\":\"SHF_eb00117669-1536x1025.jpg\",\"width\":1536,\"height\":1025,\"mime-type\":\"image\\\/jpeg\"},\"original\":{\"file\":\"SHF_eb00117669.jpg\",\"width\":2048,\"height\":1226}},\n\t\t\t\t\"alt\" : \"Zwei Personen pr\\u00e4sentieren auf einer beleuchteten B\\u00fchne vor Publikum, Sitzkissen im Vordergrund.\",\n\t\t\t\t\"path\" : \"\\\/wp-content\\\/uploads\\\/2021\\\/10\\\/\",\n\t\t\t\t\"video\" : null,\n\t\t\t\t\"autoplay\" : null,\n\t\t\t\t\"youtube\" : null,\n\t\t\t\t\"youtubelabel\" : \"Video abspielen\",\n\t\t\t\t\"brightness\" : \"80\",\n\t\t\t\t\"crop\" : {\"top\":\"30.38\",\"left\":\"51.96\"},\n\t\t\t\t\"background\" : true,\n\t\t\t\t\"scale\" : 2\t\t\t\t}\n\t\t\t<\/script>\n\n\t\t\t<div class=\"height-container\" style=\"padding-bottom:59.86328125%;\" v-if=\"sizes\">\n\t\t\t\t\t\t\t\t<lazy-media :inline=\"true\" :alt=\"alt\" :sizes=\"sizes\" :scale=\"scale\" :brightness=\"brightness\" :path=\"path\" :video=\"video\" :autoplay=\"autoplay\" :youtube=\"youtube\" :crop=\"crop\" :youtubelabel=\"youtubelabel\" :background=\"background\" media-id=\"desc_media_69f4bfa1a9e9d\"><\/lazy-media>\n\t\t\t\t\t\t\t<\/div>\n\n\t\t\t\t\t\t\t<figcaption class=\"sr-only\" ref=\"body\" id=\"desc_media_69f4bfa1a9e9d\">\n\t\t\t\t\t\t\t\t\t\t\t\t\t\t\t\t\t\t\t\t\t<div class=\"insignificant\">\u00a9 Stiftung Humboldt Forum im Berliner Schloss \/ Frank Sperling<\/div>\n\t\t\t\t\t\t\t\t\t<\/figcaption>\n\t\t\t\t\t<\/figure>\n\t<\/lazy-media-inline>\n\t\t\t\t\t\t<\/div>\n\t\t\t\t\t\t<div class=\"teaser-content \">\n\t\t\t\t\t\t\t<div>\n\t\t\t\t\t\t\t\t<div class=\"teaser-overline subline\">Samstags und sonntags um 15 &#038; 16 Uhr<\/div>\t\t\t\t\t\t\t\t<div class=\"teaser-header\"><span class=\"h3\">Geschichtentheater<\/span><\/div>\n\t\t\t\t\t\t\t\t\t\t\t\t\t\t\t\t<button tabindex=\"-1\" class=\"border\">Zur Reihe<\/button>\n\t\t\t\t\t\t\t<\/div>\n\t\t\t\t\t\t<\/div>\n\t\t\t\t\t<\/a>\n\t\t\t\t<\/div>\n\t\t\t<\/div>\n\t\t<\/div>\n\t<\/div>\n<\/section>\n","protected":false},"template":"","genre":[823],"digital":[],"topic":[433],"stakeholder":[382],"editorial":[],"editorialfilter":[],"targetgroup":[454],"language":[384,1176],"accessability":[430],"age":[],"school":[],"groupsize":[],"place":[510],"class_list":["post-33543","event","type-event","status-publish","has-post-thumbnail","hentry","genre-schauspiel","topic-die-bruder-humboldt","stakeholder-stiftung-humboldt-forum-im-berliner-schloss","targetgroup-kinder-und-familien","language-deutsch","language-koeranisch","accessability-rollstuhlgerecht","place-schlueterhof"],"acf":[],"_links":{"self":[{"href":"https:\/\/www.humboldtforum.org\/de\/wp-json\/wp\/v2\/event\/33543","targetHints":{"allow":["GET"]}}],"collection":[{"href":"https:\/\/www.humboldtforum.org\/de\/wp-json\/wp\/v2\/event"}],"about":[{"href":"https:\/\/www.humboldtforum.org\/de\/wp-json\/wp\/v2\/types\/event"}],"version-history":[{"count":11,"href":"https:\/\/www.humboldtforum.org\/de\/wp-json\/wp\/v2\/event\/33543\/revisions"}],"predecessor-version":[{"id":160858,"href":"https:\/\/www.humboldtforum.org\/de\/wp-json\/wp\/v2\/event\/33543\/revisions\/160858"}],"wp:featuredmedia":[{"embeddable":true,"href":"https:\/\/www.humboldtforum.org\/de\/wp-json\/wp\/v2\/media\/25380"}],"wp:attachment":[{"href":"https:\/\/www.humboldtforum.org\/de\/wp-json\/wp\/v2\/media?parent=33543"}],"wp:term":[{"taxonomy":"genre","embeddable":true,"href":"https:\/\/www.humboldtforum.org\/de\/wp-json\/wp\/v2\/genre?post=33543"},{"taxonomy":"digital","embeddable":true,"href":"https:\/\/www.humboldtforum.org\/de\/wp-json\/wp\/v2\/digital?post=33543"},{"taxonomy":"topic","embeddable":true,"href":"https:\/\/www.humboldtforum.org\/de\/wp-json\/wp\/v2\/topic?post=33543"},{"taxonomy":"stakeholder","embeddable":true,"href":"https:\/\/www.humboldtforum.org\/de\/wp-json\/wp\/v2\/stakeholder?post=33543"},{"taxonomy":"editorial","embeddable":true,"href":"https:\/\/www.humboldtforum.org\/de\/wp-json\/wp\/v2\/editorial?post=33543"},{"taxonomy":"editorialfilter","embeddable":true,"href":"https:\/\/www.humboldtforum.org\/de\/wp-json\/wp\/v2\/editorialfilter?post=33543"},{"taxonomy":"targetgroup","embeddable":true,"href":"https:\/\/www.humboldtforum.org\/de\/wp-json\/wp\/v2\/targetgroup?post=33543"},{"taxonomy":"language","embeddable":true,"href":"https:\/\/www.humboldtforum.org\/de\/wp-json\/wp\/v2\/language?post=33543"},{"taxonomy":"accessability","embeddable":true,"href":"https:\/\/www.humboldtforum.org\/de\/wp-json\/wp\/v2\/accessability?post=33543"},{"taxonomy":"age","embeddable":true,"href":"https:\/\/www.humboldtforum.org\/de\/wp-json\/wp\/v2\/age?post=33543"},{"taxonomy":"school","embeddable":true,"href":"https:\/\/www.humboldtforum.org\/de\/wp-json\/wp\/v2\/school?post=33543"},{"taxonomy":"groupsize","embeddable":true,"href":"https:\/\/www.humboldtforum.org\/de\/wp-json\/wp\/v2\/groupsize?post=33543"},{"taxonomy":"place","embeddable":true,"href":"https:\/\/www.humboldtforum.org\/de\/wp-json\/wp\/v2\/place?post=33543"}],"curies":[{"name":"wp","href":"https:\/\/api.w.org\/{rel}","templated":true}]}}