{"id":34587,"date":"2021-10-29T13:55:01","date_gmt":"2021-10-29T11:55:01","guid":{"rendered":"https:\/\/www.humboldtforum.org\/?post_type=event&#038;p=34587"},"modified":"2021-11-02T08:16:27","modified_gmt":"2021-11-02T07:16:27","slug":"afrikamera-shorts","status":"publish","type":"event","link":"https:\/\/www.humboldtforum.org\/de\/programm\/termin\/festival\/afrikamera-shorts-34587\/","title":{"rendered":"AFRIKAMERA SHORTS"},"content":{"rendered":"<section class=\"block block-copy\" >\n    <div class=\"container-fluid\">\n\t\t<div class=\"row \">\n            <div class=\"col-xs-12 col-md-offset-2 col-md-8\">\n                <div class=\"box\">\n                    <div class=\"copy\"><p><span class=\"anleser\" style=\"font-weight: bolder;\">Mit\u00a0AFRIKAMERA SHORTS\u00a0pr\u00e4sentiert Festivalleiter Alex Moussa Sawadogo eine Auswahl herausragender, aktueller Kurzfilmproduktionen aus Burkina Faso, dem Sudan sowie aus \u00c4gypten.<\/span><\/p>\n<p>Alex Moussa Sawadogo, k\u00fcnstlerischer Leiter von AFRIKAMERA, ist seit 2020 auch Leiter des Filmfestivals FESPACO in Burkina Faso, eine der innovativsten Filmnationen des afrikanischen Kontinents. F\u00fcr<em>\u00a0AFRIKAMERA SHORTS\u00a0<\/em>hat er eine Reihe herausragender, aktueller Kurzfilmproduktionen aus Burkina Faso, dem Sudan sowie aus \u00c4gypten kuratiert.<\/p>\n<p><strong>18:00-19:10 Uhr<\/strong> Filmvorf\u00fchrung<\/p>\n<p><strong>19:10-19:45 Uhr<\/strong> Publikumsgespr\u00e4ch<\/p>\n<\/div>\n                <\/div>\n            <\/div>\n\t\t<\/div>\n\t\t    <\/div>\n<\/section>\n\n<section class=\"block block-headline block-no-margin \" >\n\t<div class=\"container-fluid\">\n\t\t<div class=\"row\">\n\t\t\t\t\t\t\t<div class=\"col-xs-12 col-md-offset-2 col-md-8\">\n\t\t\t\t\t<div class=\"box\">\n\t\t\t\t\t\t<h2 class=\".h4\">Die Filme<\/h2>\n\t\t\t\t\t<\/div>\n\t\t\t\t<\/div>\n\t\t\t\t\t<\/div>\n\t<\/div>\n<\/section>\n\n\n\n\n\n<section class=\"block block-accordion\">\n\t<div class=\"container-fluid\">\n\t\t<div class=\"row\">\n\t\t\t<div class=\"col-xs-12 col-md-offset-2 col-md-8\">\n\t\t\t\t<div class=\"box\">\n\t\t\t\t\t\t\t\t\t\t\t<block-accordion inline-template>\n\t\t\t\t\t\t\t<div class=\"accordion\">\n\t\t\t\t\t\t\t\t\t\t\t\t\t\t\t<block-accordion-item inline-template item-headline=\"Babalinga\">\n\t\t\t\t\t\t\t\t<div ref=\"item\" data-id=\"Babalinga\" class=\"block-accordion-item vue-initialize\" aria-expanded=\"false\" :aria-expanded=\"active ? 'true' : 'false'\">\n\t\t\t\t\t\t\t\t\t<button class=\"accordion-button-with-icon block-accordion-item-head\" :class=\"{'button-active': active}\" ref=\"head\" aria-controls=\"acc_69f32a01061b9\" id=\"acc_title_69f32a01061bb\" @click=\"toggle\" @keydown=\"key\">\n\t\t\t\t\t\t\t\t\t<div><span class=\"button-label\">Babalinga<\/span><\/div><span class=\"button-icon icon-plus\" aria-hidden=\"true\"><\/span>\n\t\t\t\t\t\t\t\t<\/button>\n\t\t\t\t\t\t\t\t\t<div ref=\"body\" class=\"block-accordion-item-content\" id=\"acc_69f32a01061b9\" role=\"region\">\n\t\t\t\t\t\t\t\t\t\t<div class=\"wrapper copy\">\n\t\t\t\t\t\t\t\t\t\t\t<p><strong>Fabien Dao I Frankreich, Burkina Faso I 2019 I 14 min I Sprachen: Franz\u00f6sisch, Dioula, Moor\u00e9 I Englische Untertitel<\/strong><\/p>\n<p>Schon immer hatte Moktar geschworen, dass er nach Burkina Faso zur\u00fcckkehrt, sobald seine Bar schlie\u00dft. Aber als der Tag der Entscheidung vor der T\u00fcr steht, z\u00f6gert er. Da besuchen ihn seine Geister, um ein letztes Mal mit ihm zu feiern\u2026<\/p>\n<p><strong>Biografie<\/strong><br \/>\nFabien Dao\u00a0wurde in Paris als Sohn einer franz\u00f6sischen Lehrerin und eines Filmemachers aus Burkina Faso geboren. Nach einem naturwissenschaftlichen Studium f\u00fchrte ihn seine Leidenschaft f\u00fcr Musik und Kino zu einem Studium an der Tonabteilung der \u00c9cole nationale sup\u00e9rieure des m\u00e9tiers de l&#8217;image et du son in Paris. Dort f\u00fchrte er Regie bei\u00a0The Boromo&#8217;s Ca\u00efman. Im Jahr 2017 drehte er\u00a0It Rains on Ouaga\u00a0und 2019 schloss er mit\u00a0Bablinga\u00a0die Trilogie \u00fcber seinen Vater ab.<\/p>\n<p><a href=\"https:\/\/www.youtube.com\/watch?v=_GJXJPys5TE\"><em>Zum Trailer<\/em><\/a><\/p>\n\n\t\t\t\t\t\t\t\t\t\t\t\t\t\t\t\t\t\t\t\t\t\t\t\t\t\t\t\t\t\t\t\t\t\n\t\t\t\t\t\t\t\t\t\t\t<div class=\"row\">\n\t\t\t\t\t\t\t\t\t\t\t\t<div class=\"col-xs-9 col-md-9\">\n\t\t\t\t\t\t\t\t\t\t\t\t\t<div class=\"box\">\n\t\t\t\t\t\t\t\t\t\t\t\t\t\t\t\t\t\t\t\t\t\t\t\t\t\t\t<\/div>\n\t\t\t\t\t\t\t\t\t\t\t\t<\/div>\n\t\t\t\t\t\t\t\t\t\t\t<\/div>\n\n\t\t\t\t\t\t\t\t\t\t\t\t\t\t\t\t\t\t\t\t\t<\/div>\n\t\t\t\t\t\t\t\t\t<\/div>\n\t\t\t\t\t\t\t\t<\/div>\n\t\t\t\t\t\t\t\t<\/block-accordion-item>\n\t\t\t\t\t\t\t\t\t\t\t\t\t\t<block-accordion-item inline-template item-headline=\"Journey to Kenya\">\n\t\t\t\t\t\t\t\t<div ref=\"item\" data-id=\"JourneytoKenya\" class=\"block-accordion-item vue-initialize\" aria-expanded=\"false\" :aria-expanded=\"active ? 'true' : 'false'\">\n\t\t\t\t\t\t\t\t\t<button class=\"accordion-button-with-icon block-accordion-item-head\" :class=\"{'button-active': active}\" ref=\"head\" aria-controls=\"acc_69f32a0106540\" id=\"acc_title_69f32a0106542\" @click=\"toggle\" @keydown=\"key\">\n\t\t\t\t\t\t\t\t\t<div><span class=\"button-label\">Journey to Kenya<\/span><\/div><span class=\"button-icon icon-plus\" aria-hidden=\"true\"><\/span>\n\t\t\t\t\t\t\t\t<\/button>\n\t\t\t\t\t\t\t\t\t<div ref=\"body\" class=\"block-accordion-item-content\" id=\"acc_69f32a0106540\" role=\"region\">\n\t\t\t\t\t\t\t\t\t\t<div class=\"wrapper copy\">\n\t\t\t\t\t\t\t\t\t\t\t<p><strong>Ibrahim Ahmad I \u00c4thiopien, Kenia, Sudan I 2020 I 29 min I Sprache: Arabisch, Englisch I Englische Untertitel<\/strong><\/p>\n<p>Die mitrei\u00dfende Kurzdokumentation begleitet ein sudanesisches Ji-Jutsu Team bei seiner Reise mit einem Mini-Van von Khartum nach Nairobi, um dort \u2013 getragen vom Geiste der sudanesischen Revolution \u2013 an einem Wettkampf teilzunehmen.<\/p>\n<p title=\"\"><strong>Biografie<\/strong><br \/>\nIbrahim Ahmadist ein international preisgekr\u00f6nter junger sudanesischer Filmemacher. Geboren und aufgewachsen im Libanon, migrierte er nach dem Krieg 2006 als Teenager in den Sudan. Obwohl es in seinem Heimatland keine Filmschule gab, entdeckte er seine Leidenschaft f\u00fcr eine Karriere als Filmemacher. Obgleich Autodidakt, baute er ein umfassendes Netzwerk mit Filmemacherkolleg*innen und Festivalprogrammierer*innen in nationalen und internationalen Organisationen auf. Sein Dokumentarfilm\u00a0<em>Khartoum Offside<\/em>\u00a0wurde mit dem African Movie Academy Award als bester Dokumentarfilm ausgezeichnet.\u00a0<em>You Will Die at 20<\/em>\u00a0erhielt beim Filmfestival von Venedig 2020 den\u00a0<em>Golden Lion of the future<\/em>\u00a0und gilt als der erste sudanesische Spielfilm seit \u00fcber einem Jahrzehnt, der in Europa, dem Nahen Osten und Afrika gezeigt wurde.<\/p>\n<p title=\"\">W\u00e4hrend der j\u00fcngsten sudanesischen Revolution spielte Ahmad eine f\u00fchrende Rolle bei der Dokumentation und Aufarbeitung der Grausamkeiten und Verbrechen des alten Regimes, um einen Beitrag zur Gerechtigkeit und zur Gestaltung der neuen \u00c4ra seines Landes zu leisten.<\/p>\n<p title=\"\"><a href=\"https:\/\/www.youtube.com\/watch?v=KagrJUX7iMw\"><em>Zum Trailer<\/em><\/a><\/p>\n\n\t\t\t\t\t\t\t\t\t\t\t\t\t\t\t\t\t\t\t\t\t\t\t\t\t\t\t\t\t\t\t\t\t\n\t\t\t\t\t\t\t\t\t\t\t<div class=\"row\">\n\t\t\t\t\t\t\t\t\t\t\t\t<div class=\"col-xs-9 col-md-9\">\n\t\t\t\t\t\t\t\t\t\t\t\t\t<div class=\"box\">\n\t\t\t\t\t\t\t\t\t\t\t\t\t\t\t\t\t\t\t\t\t\t\t\t\t\t\t<\/div>\n\t\t\t\t\t\t\t\t\t\t\t\t<\/div>\n\t\t\t\t\t\t\t\t\t\t\t<\/div>\n\n\t\t\t\t\t\t\t\t\t\t\t\t\t\t\t\t\t\t\t\t\t<\/div>\n\t\t\t\t\t\t\t\t\t<\/div>\n\t\t\t\t\t\t\t\t<\/div>\n\t\t\t\t\t\t\t\t<\/block-accordion-item>\n\t\t\t\t\t\t\t\t\t\t\t\t\t\t<block-accordion-item inline-template item-headline=\"Tuk-tuk\">\n\t\t\t\t\t\t\t\t<div ref=\"item\" data-id=\"Tuk-tuk\" class=\"block-accordion-item vue-initialize\" aria-expanded=\"false\" :aria-expanded=\"active ? 'true' : 'false'\">\n\t\t\t\t\t\t\t\t\t<button class=\"accordion-button-with-icon block-accordion-item-head\" :class=\"{'button-active': active}\" ref=\"head\" aria-controls=\"acc_69f32a01068dd\" id=\"acc_title_69f32a01068df\" @click=\"toggle\" @keydown=\"key\">\n\t\t\t\t\t\t\t\t\t<div><span class=\"button-label\">Tuk-tuk<\/span><\/div><span class=\"button-icon icon-plus\" aria-hidden=\"true\"><\/span>\n\t\t\t\t\t\t\t\t<\/button>\n\t\t\t\t\t\t\t\t\t<div ref=\"body\" class=\"block-accordion-item-content\" id=\"acc_69f32a01068dd\" role=\"region\">\n\t\t\t\t\t\t\t\t\t\t<div class=\"wrapper copy\">\n\t\t\t\t\t\t\t\t\t\t\t<p><strong>Mohamed Kheidr I \u00c4gypten I 2021 I 26 min I Sprache: Arabisch I Englische Untertitel<\/strong><\/p>\n<p><em>Tuk-tuk<\/em>\u00a0erz\u00e4hlt die Geschichte von Walaa, die gezwungen ist, allein f\u00fcr den Unterhalt ihrer Familie aufzukommen, nachdem ihr Mann sie verlassen hat, um auszuwandern. Um ihre Kinder durch die Schule zu bringen und die Medikamente ihrer Mutter zu besorgen, setzt sich Walaa, wie so viele \u00e4gyptische Frauen, ans Steuer und f\u00e4hrt ein Tuk-tuk, um \u00fcber die Runden zu kommen. Um das Tuk-tuk mieten zu k\u00f6nnen, musste Walaa jedoch eine Reihe von Schuldscheinen unterschreiben und sich verpflichten, das Geld in Raten zur\u00fcckzuzahlen. Der Film beleuchtet die Schwierigkeiten von Frauen, wenn sie Rollen \u00fcbernehmen, die traditionell von M\u00e4nnern besetzt sind und wirft ein Schlaglicht auf das Problem von \u00e4gyptischen Schuldnerinnen, die ins Gef\u00e4ngnis kommen, weil sie geliehenes Geld nicht zur\u00fcckzahlen k\u00f6nnen.<\/p>\n<p title=\"\"><strong>Biografie<\/strong><br \/>\nMohamed Kheidrbegann seine Karriere als K\u00fcnstler bereits im jungen Alter von 14 Jahren mit der Erstellung von Storyboards und studierte dann Grafikdesign, um dann doch 2007 in New York an die Film Academy zu gehen.<\/p>\n<p title=\"\">In seinem k\u00fcnstlerischen Schaffen verfolgt er das Ziel, die Sichtweise der Branche auf Produktionen mit begrenztem Budget durch die Schaffung erstklassiger Grafiken und Designs zu ver\u00e4ndern. Er gr\u00fcndete sein eigenes Produktionshaus, in dem er eine Vielzahl von Projekten realisierte \u2013 als Regisseur, Kameramann, Drehbuchautor, Producer, Fotograf und Musiker.<\/p>\n<p title=\"\"><em>Im Anschluss an das Screening Zoom-Interview der Kulturwissenschaftlerin und Kuratorin Juana Awad mit dem Filmemacher Mohamed Kheidr.<\/em><\/p>\n<p title=\"\"><em><a href=\"https:\/\/www.youtube.com\/watch?v=qJMayJi73n0\">Zum Trailer<\/a><\/em><\/p>\n\n\t\t\t\t\t\t\t\t\t\t\t\t\t\t\t\t\t\t\t\t\t\t\t\t\t\t\t\t\t\t\t\t\t\n\t\t\t\t\t\t\t\t\t\t\t<div class=\"row\">\n\t\t\t\t\t\t\t\t\t\t\t\t<div class=\"col-xs-9 col-md-9\">\n\t\t\t\t\t\t\t\t\t\t\t\t\t<div class=\"box\">\n\t\t\t\t\t\t\t\t\t\t\t\t\t\t\t\t\t\t\t\t\t\t\t\t\t\t\t<\/div>\n\t\t\t\t\t\t\t\t\t\t\t\t<\/div>\n\t\t\t\t\t\t\t\t\t\t\t<\/div>\n\n\t\t\t\t\t\t\t\t\t\t\t\t\t\t\t\t\t\t\t\t\t<\/div>\n\t\t\t\t\t\t\t\t\t<\/div>\n\t\t\t\t\t\t\t\t<\/div>\n\t\t\t\t\t\t\t\t<\/block-accordion-item>\n\t\t\t\t\t\t\t\t\t\t\t\t\t<\/div>\n\t\t\t\t\t\t<\/block-accordion>\n\t\t\t\t\t\t\t\t\t<\/div>\n\t\t\t<\/div>\n\t\t<\/div>\n\t<\/div>\n<\/section>\n\n\n<section class=\"block block-CTA block-CTA-long leftgradient\">\n\t<div class=\"container-fluid\">\n\t\t<div class=\"row center-xs\">\n\t\t\t<div class=\"col-xs-12\">\n\t\t\t\t<div class=\"box\">\n\t\t\t\t\t<a href=\"https:\/\/www.humboldtforum.org\/de\/programm\/event-reihe\/festival\/afrikamera-aktuelles-kino-aus-afrika-34592\/\" aria-label=\"AFRIKAMERA\" class=\"teaser teaser-cta-wide \">\n\t\t\t\t\t\t<div class=\"teaser-image\">\n\t\t\t\t\t\t\t\n\t<lazy-media-inline inline-template>\n\t\t<figure itemscope itemtype=\"http:\/\/schema.org\/ImageObject\" class=\"lazy-media-inline \" role=\"group\" id=\"media_69f32a01081e8\" aria-labelledby=\"desc_media_69f32a01081e8\">\n\t\t\t<script type=\"application\/json\" ref=\"data\">\n\t\t\t\t{\n\t\t\t\t\"sizes\" : {\"medium\":{\"file\":\"HF-2021_074-Afrikamera-Webteaser-3840x2300px-300x180.jpg\",\"width\":300,\"height\":180,\"mime-type\":\"image\\\/jpeg\"},\"large\":{\"file\":\"HF-2021_074-Afrikamera-Webteaser-3840x2300px-1024x613.jpg\",\"width\":1024,\"height\":613,\"mime-type\":\"image\\\/jpeg\"},\"thumbnail\":{\"file\":\"HF-2021_074-Afrikamera-Webteaser-3840x2300px-150x150.jpg\",\"width\":150,\"height\":150,\"mime-type\":\"image\\\/jpeg\"},\"medium_large\":{\"file\":\"HF-2021_074-Afrikamera-Webteaser-3840x2300px-768x460.jpg\",\"width\":768,\"height\":460,\"mime-type\":\"image\\\/jpeg\"},\"small\":{\"file\":\"HF-2021_074-Afrikamera-Webteaser-3840x2300px-440x264.jpg\",\"width\":440,\"height\":264,\"mime-type\":\"image\\\/jpeg\"},\"semi\":{\"file\":\"HF-2021_074-Afrikamera-Webteaser-3840x2300px-580x347.jpg\",\"width\":580,\"height\":347,\"mime-type\":\"image\\\/jpeg\"},\"mobile\":{\"file\":\"HF-2021_074-Afrikamera-Webteaser-3840x2300px-720x431.jpg\",\"width\":720,\"height\":431,\"mime-type\":\"image\\\/jpeg\"},\"hd\":{\"file\":\"HF-2021_074-Afrikamera-Webteaser-3840x2300px-1280x767.jpg\",\"width\":1280,\"height\":767,\"mime-type\":\"image\\\/jpeg\"},\"full\":{\"file\":\"HF-2021_074-Afrikamera-Webteaser-3840x2300px-1920x1150.jpg\",\"width\":1920,\"height\":1150,\"mime-type\":\"image\\\/jpeg\"},\"1536x1536\":{\"file\":\"HF-2021_074-Afrikamera-Webteaser-3840x2300px-1536x920.jpg\",\"width\":1536,\"height\":920,\"mime-type\":\"image\\\/jpeg\"},\"2048x2048\":{\"file\":\"HF-2021_074-Afrikamera-Webteaser-3840x2300px-2048x1227.jpg\",\"width\":2048,\"height\":1227,\"mime-type\":\"image\\\/jpeg\"},\"original\":{\"file\":\"HF-2021_074-Afrikamera-Webteaser-3840x2300px.jpg\",\"width\":3840,\"height\":2300}},\n\t\t\t\t\"alt\" : \"Ein Filmstreifen mit buntem Hintergrund zeigt silhouettenhafte Figuren beim Tanzen und Musizieren.\",\n\t\t\t\t\"path\" : \"\\\/wp-content\\\/uploads\\\/2021\\\/10\\\/\",\n\t\t\t\t\"video\" : null,\n\t\t\t\t\"autoplay\" : null,\n\t\t\t\t\"youtube\" : null,\n\t\t\t\t\"youtubelabel\" : \"Video abspielen\",\n\t\t\t\t\"brightness\" : \"80\",\n\t\t\t\t\"crop\" : {\"top\":\"49.68\",\"left\":\"50.72\"},\n\t\t\t\t\"background\" : true,\n\t\t\t\t\"scale\" : 2\t\t\t\t}\n\t\t\t<\/script>\n\n\t\t\t<div class=\"height-container\" style=\"padding-bottom:59.895833333333%;\" v-if=\"sizes\">\n\t\t\t\t\t\t\t\t<lazy-media :inline=\"true\" :alt=\"alt\" :sizes=\"sizes\" :scale=\"scale\" :brightness=\"brightness\" :path=\"path\" :video=\"video\" :autoplay=\"autoplay\" :youtube=\"youtube\" :crop=\"crop\" :youtubelabel=\"youtubelabel\" :background=\"background\" media-id=\"desc_media_69f32a01081e8\"><\/lazy-media>\n\t\t\t\t\t\t\t<\/div>\n\n\t\t\t\t\t\t\t<figcaption class=\"sr-only\" ref=\"body\" id=\"desc_media_69f32a01081e8\">\n\t\t\t\t\t\t\t\t\t\t\t\t\t\t\t\t\t\t\t\t\t<div class=\"insignificant\">\u00a9 AFRIKAMERA 2021<\/div>\n\t\t\t\t\t\t\t\t\t<\/figcaption>\n\t\t\t\t\t<\/figure>\n\t<\/lazy-media-inline>\n\t\t\t\t\t\t<\/div>\n\t\t\t\t\t\t<div class=\"teaser-content \">\n\t\t\t\t\t\t\t<div>\n\t\t\t\t\t\t\t\t\t\t\t\t\t\t\t\t<div class=\"teaser-header\"><span class=\"h3\">AFRIKAMERA<\/span><\/div>\n\t\t\t\t\t\t\t\t<div class=\"teaser-subline\"><span class=\"font-decoration\">Aktuelles Kino aus Afrika<\/span><\/div>\t\t\t\t\t\t\t\t<button tabindex=\"-1\" class=\"border\">Zur Festival\u00fcbersicht<\/button>\n\t\t\t\t\t\t\t<\/div>\n\t\t\t\t\t\t<\/div>\n\t\t\t\t\t<\/a>\n\t\t\t\t<\/div>\n\t\t\t<\/div>\n\t\t<\/div>\n\t<\/div>\n<\/section>\n\n\n<section class=\"block block-teaser col-lane33 \" style=\"\">\n\t\t\t\t\t\t<teaser-lane-with-buttons inline-template tracking-label=\"Organisatorische Hinweise\">\n\t\t\t\t<div>\n\t\t\t\t\t<div class=\"container-fluid\">\n\t\t\t\t\t\t<div class=\"row middle-xs\">\n\t\t\t\t\t\t\t<div class=\"col-xs-10 col-sm-8\">\n\t\t\t\t\t\t\t\t<h3 class=\"h4 topline\">Organisatorische Hinweise<\/h3>\t\t\t\t\t\t\t<\/div>\n\t\t\t\t\t\t\t<div class=\"col-xs-2 col-sm-4 end-xs margin-bottom-sixth\">\n\t\t\t\t\t\t\t\t<teaser-lane-buttons :visible_prev=\"visible_prev\" :visible_next=\"visible_next\" @prev=\"prev\" @next=\"next\"><\/teaser-lane-buttons>\n\t\t\t\t\t\t\t<\/div>\n\t\t\t\t\t\t<\/div>\n\t\t\t\t\t<\/div>\n\t\t\t\t\t<div class=\"teaser-lane-wrapper\">\n\t\t\t\t\t\t<ul class=\"teaser-lane\">\n\t\t\t\t\t\t\t\t\t\t\t\t<\/ul>\n\t\t\t\t\t<\/div>\n\t\t\t\t<\/div>\n\t\t\t<\/teaser-lane-with-buttons>\n\t\t\t<\/section>","protected":false},"template":"","genre":[845,729],"digital":[],"topic":[],"stakeholder":[382],"editorial":[],"editorialfilter":[],"targetgroup":[383,455],"language":[388,384,1227,385,789,1229],"accessability":[780],"age":[],"school":[],"groupsize":[],"place":[883],"class_list":["post-34587","event","type-event","status-publish","has-post-thumbnail","hentry","genre-festival","genre-film-video","stakeholder-stiftung-humboldt-forum-im-berliner-schloss","targetgroup-erwachsene","targetgroup-jugendliche","language-arabisch","language-deutsch","language-dioula","language-englisch","language-franzoesisch","language-moore","accessability-untertitel","place-saal-2-eg"],"acf":[],"_links":{"self":[{"href":"https:\/\/www.humboldtforum.org\/de\/wp-json\/wp\/v2\/event\/34587","targetHints":{"allow":["GET"]}}],"collection":[{"href":"https:\/\/www.humboldtforum.org\/de\/wp-json\/wp\/v2\/event"}],"about":[{"href":"https:\/\/www.humboldtforum.org\/de\/wp-json\/wp\/v2\/types\/event"}],"version-history":[{"count":0,"href":"https:\/\/www.humboldtforum.org\/de\/wp-json\/wp\/v2\/event\/34587\/revisions"}],"wp:featuredmedia":[{"embeddable":true,"href":"https:\/\/www.humboldtforum.org\/de\/wp-json\/wp\/v2\/media\/34407"}],"wp:attachment":[{"href":"https:\/\/www.humboldtforum.org\/de\/wp-json\/wp\/v2\/media?parent=34587"}],"wp:term":[{"taxonomy":"genre","embeddable":true,"href":"https:\/\/www.humboldtforum.org\/de\/wp-json\/wp\/v2\/genre?post=34587"},{"taxonomy":"digital","embeddable":true,"href":"https:\/\/www.humboldtforum.org\/de\/wp-json\/wp\/v2\/digital?post=34587"},{"taxonomy":"topic","embeddable":true,"href":"https:\/\/www.humboldtforum.org\/de\/wp-json\/wp\/v2\/topic?post=34587"},{"taxonomy":"stakeholder","embeddable":true,"href":"https:\/\/www.humboldtforum.org\/de\/wp-json\/wp\/v2\/stakeholder?post=34587"},{"taxonomy":"editorial","embeddable":true,"href":"https:\/\/www.humboldtforum.org\/de\/wp-json\/wp\/v2\/editorial?post=34587"},{"taxonomy":"editorialfilter","embeddable":true,"href":"https:\/\/www.humboldtforum.org\/de\/wp-json\/wp\/v2\/editorialfilter?post=34587"},{"taxonomy":"targetgroup","embeddable":true,"href":"https:\/\/www.humboldtforum.org\/de\/wp-json\/wp\/v2\/targetgroup?post=34587"},{"taxonomy":"language","embeddable":true,"href":"https:\/\/www.humboldtforum.org\/de\/wp-json\/wp\/v2\/language?post=34587"},{"taxonomy":"accessability","embeddable":true,"href":"https:\/\/www.humboldtforum.org\/de\/wp-json\/wp\/v2\/accessability?post=34587"},{"taxonomy":"age","embeddable":true,"href":"https:\/\/www.humboldtforum.org\/de\/wp-json\/wp\/v2\/age?post=34587"},{"taxonomy":"school","embeddable":true,"href":"https:\/\/www.humboldtforum.org\/de\/wp-json\/wp\/v2\/school?post=34587"},{"taxonomy":"groupsize","embeddable":true,"href":"https:\/\/www.humboldtforum.org\/de\/wp-json\/wp\/v2\/groupsize?post=34587"},{"taxonomy":"place","embeddable":true,"href":"https:\/\/www.humboldtforum.org\/de\/wp-json\/wp\/v2\/place?post=34587"}],"curies":[{"name":"wp","href":"https:\/\/api.w.org\/{rel}","templated":true}]}}