{"id":36419,"date":"2022-01-07T15:51:12","date_gmt":"2022-01-07T14:51:12","guid":{"rendered":"https:\/\/www.humboldtforum.org\/?post_type=event&#038;p=36419"},"modified":"2022-01-18T16:14:31","modified_gmt":"2022-01-18T15:14:31","slug":"umdrehen","status":"publish","type":"event","link":"https:\/\/www.humboldtforum.org\/de\/programm\/termin\/diskurs\/umdrehen-36419\/","title":{"rendered":"\u201eUmdrehen\u201c"},"content":{"rendered":"<section class=\"block block-copy\" >\n    <div class=\"container-fluid\">\n\t\t<div class=\"row \">\n            <div class=\"col-xs-12 col-md-offset-2 col-md-8\">\n                <div class=\"box\">\n                    <div class=\"copy\"><p>Die Trennung von \u201eNatur-Kultur\u201c, \u201eNatur-Mensch\u201c in der westlichen Gesellschaft hat nicht nur zur Hierarchisierung von Mensch und \u201eNaturvolk\u201c gef\u00fchrt. Die Bezeichnung der Umwelt als Ressource und der damit eingehenden Ausbeutung ist Mit-Grund von Klimawandel und Artensterben. \u201e<em>Humanit\u00e4t<\/em> beschreibt den westlichen Menschen, schlie\u00dft aber viele andere Sub-Humanit\u00e4ten aus\u201c (Ailton Krenak).<\/p>\n<p>Was\u00a0<span class=\"inline-comment-marker valid\" data-ref=\"d7b0def6-add0-4c4a-8804-0cd0a26b4976\">viele<\/span> abwertend als \u201ewild\u201c bezeichnen, verstehen indigene V\u00f6lker als tiefe Integration in die Umwelt. \u201eWir haben dieses Wissen schon immer gehabt\u201c, sagt S\u00f4nia Guajajara, die heute eine der wichtigsten indigenen <span class=\"inline-comment-marker valid\" data-ref=\"aa2e32d2-9415-40c1-9d84-5eaf4be0f040\">F\u00fchrerinnen<\/span> Brasiliens ist. \u201eF\u00fcr uns ist das Leben untrennbar mit der Natur verbunden.\u201c<\/p>\n<p><span class=\"inline-comment-marker valid\" data-ref=\"1bec5b9b-968c-4145-8eec-22cab4e7c766\">\u201eDie Ungleichheiten, die uns in die Klimakrise gef\u00fchrt haben,<\/span><br \/>\n<span class=\"inline-comment-marker valid\" data-ref=\"1bec5b9b-968c-4145-8eec-22cab4e7c766\">sind zahlreich. Ein wichtiger Schritt ist, dass wir von Klimage<\/span><span class=\"inline-comment-marker valid\" data-ref=\"1bec5b9b-968c-4145-8eec-22cab4e7c766\">rechtigkeit und nicht von Umweltgerechtigkeit sprechen.\u00a0<\/span><span class=\"inline-comment-marker valid\" data-ref=\"1bec5b9b-968c-4145-8eec-22cab4e7c766\">Einige Umweltaktivisten meinen, der Klimawandel sei das <\/span><span class=\"inline-comment-marker valid\" data-ref=\"1bec5b9b-968c-4145-8eec-22cab4e7c766\">Ergebnis eines schlecht regulierten Industriesystems. Klima<\/span><span class=\"inline-comment-marker valid\" data-ref=\"1bec5b9b-968c-4145-8eec-22cab4e7c766\">gerechtigkeit aber impliziert, dass der Klimawandel das\u00a0<\/span><span class=\"inline-comment-marker valid\" data-ref=\"1bec5b9b-968c-4145-8eec-22cab4e7c766\">Ergebnis von Ungleichheiten und einem Wirtschaftssystem <\/span><span class=\"inline-comment-marker valid\" data-ref=\"1bec5b9b-968c-4145-8eec-22cab4e7c766\">ist, das von Wachstums besessen ist. Rassismus, Klassenden<\/span><span class=\"inline-comment-marker valid\" data-ref=\"1bec5b9b-968c-4145-8eec-22cab4e7c766\">ken und Sexismus sind mit dem Klimawandel verbunden und\u00a0<\/span><span class=\"inline-comment-marker valid\" data-ref=\"1bec5b9b-968c-4145-8eec-22cab4e7c766\">d\u00fcrfen nicht ignoriert werden. Wir, die indigenen V\u00f6lker, sind <\/span><span class=\"inline-comment-marker valid\" data-ref=\"1bec5b9b-968c-4145-8eec-22cab4e7c766\">f\u00fcr die meisten Schutzgebiete auf unserem Planeten verant<\/span><span class=\"inline-comment-marker valid\" data-ref=\"1bec5b9b-968c-4145-8eec-22cab4e7c766\">wortlich, auch in Staaten mit hoher Umweltverschmutzung\u00a0<\/span><span class=\"inline-comment-marker valid\" data-ref=\"1bec5b9b-968c-4145-8eec-22cab4e7c766\">wie Brasilien. Dies gilt es zu ber\u00fccksichtigen.\u201c<\/span>\u00a0S\u00f4nia Guajajara.<\/p>\n<p><span class=\"inline-comment-marker valid\" data-ref=\"fc990510-2264-4169-bcb0-b1a0e194586a\">S\u00f4nia Guajajara ist per Video zugeschaltet und steht nach ihrem Impuls f\u00fcr ein Gespr\u00e4ch mit dem Publikum in Berlin zur Verf\u00fcgung.<\/span><\/p>\n<p>Portugiesisch mit Deutscher \u00dcbersetzung.<\/p>\n<p><strong>MODERATION<\/strong><br \/>\nShaNon Bobinger<\/p>\n<\/div>\n                <\/div>\n            <\/div>\n\t\t<\/div>\n\t\t    <\/div>\n<\/section>\n\n<section class=\"block block-headline block-no-margin \" >\n\t<div class=\"container-fluid\">\n\t\t<div class=\"row\">\n\t\t\t\t\t\t\t<div class=\"col-xs-12 col-md-offset-2 col-md-8\">\n\t\t\t\t\t<div class=\"box\">\n\t\t\t\t\t\t<h2 class=\".h4\">Podium<\/h2>\n\t\t\t\t\t<\/div>\n\t\t\t\t<\/div>\n\t\t\t\t\t<\/div>\n\t<\/div>\n<\/section>\n\n\n\n\n\n<section class=\"block block-accordion\">\n\t<div class=\"container-fluid\">\n\t\t<div class=\"row\">\n\t\t\t<div class=\"col-xs-12 col-md-offset-2 col-md-8\">\n\t\t\t\t<div class=\"box\">\n\t\t\t\t\t\t\t\t\t\t\t<block-accordion inline-template>\n\t\t\t\t\t\t\t<div class=\"accordion\">\n\t\t\t\t\t\t\t\t\t\t\t\t\t\t\t<block-accordion-item inline-template item-headline=\"S\u00f4nia Guajajara\">\n\t\t\t\t\t\t\t\t<div ref=\"item\" data-id=\"SniaGuajajara\" class=\"block-accordion-item vue-initialize\" aria-expanded=\"false\" :aria-expanded=\"active ? 'true' : 'false'\">\n\t\t\t\t\t\t\t\t\t<button class=\"accordion-button-with-icon block-accordion-item-head\" :class=\"{'button-active': active}\" ref=\"head\" aria-controls=\"acc_69f2a80d3721d\" id=\"acc_title_69f2a80d37220\" @click=\"toggle\" @keydown=\"key\">\n\t\t\t\t\t\t\t\t\t<div><span class=\"button-label\">S\u00f4nia Guajajara<\/span><\/div><span class=\"button-icon icon-plus\" aria-hidden=\"true\"><\/span>\n\t\t\t\t\t\t\t\t<\/button>\n\t\t\t\t\t\t\t\t\t<div ref=\"body\" class=\"block-accordion-item-content\" id=\"acc_69f2a80d3721d\" role=\"region\">\n\t\t\t\t\t\t\t\t\t\t<div class=\"wrapper copy\">\n\t\t\t\t\t\t\t\t\t\t\t<p>ist indigene Menschenrechts- und Umweltaktivistin, die dem Volk der Guajajara \/ Tentehar angeh\u00f6rt, das in den W\u00e4ldern des indigenen Landes Ararib\u00f3ia im Bundesstaat Maranh\u00e3o, Brasilien, lebt.<\/p>\n<p>S\u00f4nia Guajajara ist im brasilianischen Bundesstaat Maranh\u00e3o geboren. Sie ist die Koordinatorin der Articula\u00e7\u00e3o dos Povos Ind\u00edgenas do Brasil (<span class=\"w-term-highlight\">Vereinigung<\/span>\u00a0der indigenen V\u00f6lker Brasiliens) (APIB), sowie Umweltaktivistin, Menschenrechtlerin und Politikerin.<\/p>\n\n\t\t\t\t\t\t\t\t\t\t\t\t\t\t\t\t\t\t\t\t\t\t\t\t\t\t\t\t\t\t\t\t\t\n\t\t\t\t\t\t\t\t\t\t\t<div class=\"row\">\n\t\t\t\t\t\t\t\t\t\t\t\t<div class=\"col-xs-9 col-md-9\">\n\t\t\t\t\t\t\t\t\t\t\t\t\t<div class=\"box\">\n\t\t\t\t\t\t\t\t\t\t\t\t\t\t\t\t\t\t\t\t\t\t\t\t\t\t\t<\/div>\n\t\t\t\t\t\t\t\t\t\t\t\t<\/div>\n\t\t\t\t\t\t\t\t\t\t\t<\/div>\n\n\t\t\t\t\t\t\t\t\t\t\t\t\t\t\t\t\t\t\t\t\t<\/div>\n\t\t\t\t\t\t\t\t\t<\/div>\n\t\t\t\t\t\t\t\t<\/div>\n\t\t\t\t\t\t\t\t<\/block-accordion-item>\n\t\t\t\t\t\t\t\t\t\t\t\t\t<\/div>\n\t\t\t\t\t\t<\/block-accordion>\n\t\t\t\t\t\t\t\t\t<\/div>\n\t\t\t<\/div>\n\t\t<\/div>\n\t<\/div>\n<\/section>\n\n\n<section class=\"block block-teaser col-lane \" style=\"\">\n\t<lazy-component :fixed-min-height=\"400\">\n\t\n\t\t\t\t\t<teaser-lane-with-buttons inline-template tracking-label=\"Weitere Termine\">\n\t\t\t\t<div class=\"teaser-lane-with-buttons\">\n\t\t\t\t\t<div class=\"container-fluid\">\n\t\t\t\t\t\t<div class=\"row bottom-xs\">\n\t\t\t\t\t\t\t<div class=\"col-xs-12 col-md-8\">\n\t\t\t\t\t\t\t\t\t\t\t\t\t\t\t\t\t<h4>Weitere Termine<\/h4>\t\t\t\t\t\t\t\t\t\t\t\t\t\t\t\t\t\t\t\t\t\t\t\t<\/div>\n\t\t\t\t\t\t\t<div class=\"col-xs-12 col-md-4 start-xs end-md margin-bottom-sixth teaser-lane-buttons-wrapper \">\n\t\t\t\t\t\t\t\t\t\t\t\t\t\t\t\t<teaser-lane-buttons :visible_prev=\"visible_prev\" :visible_next=\"visible_next\" @prev=\"prev\" @next=\"next\"><\/teaser-lane-buttons>\n\t\t\t\t\t\t\t<\/div>\n\t\t\t\t\t\t<\/div>\n\t\t\t\t\t<\/div>\n\t\t\t\t\t<div class=\"teaser-lane-wrapper\">\n\t\t\t\t\t\t<ul class=\"teaser-lane\">\n\t\t\t\t\t\t\t\t\t\t\t\t\t\t<li class=\"teaser-lane-slide col-xs-9 col-sm-4 col-md-3 teaser-wrapper col-padding-remove\">\n\t<calendarteaser key=\"309629749\" rawitem='{&quot;postId&quot;:30962,&quot;title&quot;:&quot;Schutzr\\u00e4ume&quot;,&quot;excerpt&quot;:&quot;Inwiefern basiert der gegenw\\u00e4rtige Tierschutz auf einer westlichen Praxis? Wie sehen nicht-westliche Traditionen zur Bewahrung der Natur aus? Diese Fragen stehen im Zentrum der ersten Veranstaltung der Diskursreihe schrecklich sch\\u00f6n.&quot;,&quot;slug&quot;:&quot;schutzraume&quot;,&quot;post_date&quot;:&quot;2021-09-01T14:59&quot;,&quot;type&quot;:&quot;event&quot;,&quot;permalink&quot;:&quot;https:\\\/\\\/www.humboldtforum.org\\\/de\\\/programm\\\/termin\\\/diskurs\\\/schutzraume-30962\\\/&quot;,&quot;genre&quot;:[392],&quot;genre_details&quot;:[{&quot;text&quot;:&quot;Diskurs&quot;,&quot;id&quot;:392,&quot;icon&quot;:null,&quot;parent&quot;:0}],&quot;stakeholder&quot;:[382],&quot;stakeholder_details&quot;:[{&quot;text&quot;:&quot;Stiftung Humboldt Forum im Berliner Schloss&quot;,&quot;id&quot;:382,&quot;icon&quot;:null,&quot;parent&quot;:0}],&quot;targetgroup&quot;:[383],&quot;targetgroup_details&quot;:[{&quot;text&quot;:&quot;Erwachsene&quot;,&quot;id&quot;:383,&quot;icon&quot;:null,&quot;parent&quot;:0}],&quot;language&quot;:[384,385],&quot;language_details&quot;:[{&quot;text&quot;:&quot;Deutsch&quot;,&quot;id&quot;:384,&quot;icon&quot;:null,&quot;parent&quot;:0},{&quot;text&quot;:&quot;Englisch&quot;,&quot;id&quot;:385,&quot;icon&quot;:null,&quot;parent&quot;:0}],&quot;place&quot;:[883],&quot;place_details&quot;:{&quot;place&quot;:&quot;Humboldt Forum&quot;,&quot;map&quot;:&quot;Humboldt Forum, Schlossplatz, Berlin&quot;,&quot;room&quot;:&quot;Saal 2, EG&quot;},&quot;icon_overwrite&quot;:&quot;&quot;,&quot;acf&quot;:{&quot;hashtag&quot;:&quot;HumboldtForum&quot;,&quot;noindex&quot;:false,&quot;keywords&quot;:&quot;&quot;,&quot;shorturl&quot;:&quot;&quot;,&quot;times&quot;:[],&quot;planning&quot;:{&quot;price&quot;:&quot;5 EUR&quot;,&quot;admission&quot;:&quot;&quot;,&quot;pause&quot;:&quot;&quot;,&quot;duration&quot;:&quot;&quot;},&quot;subline&quot;:&quot;Postkoloniale Zusammenh\\u00e4nge bei der Wilderei\\\/Ausbeutung&quot;,&quot;subline_feature&quot;:&quot;Hybride Veranstaltung: Live im Humboldt Forum und online&quot;,&quot;marketing_text&quot;:&quot;&quot;,&quot;shorttext&quot;:&quot;Inwiefern basiert der gegenw\\u00e4rtige Tierschutz auf einer westlichen Praxis? Wie sehen nicht-westliche Traditionen zur Bewahrung der Natur aus? Diese Fragen stehen im Zentrum der ersten Veranstaltung der Diskursreihe schrecklich sch\\u00f6n.&quot;,&quot;longtext&quot;:&quot;&quot;,&quot;additional_info&quot;:{&quot;icon&quot;:&quot;icon-youtube&quot;,&quot;text&quot;:&quot;Sie k\\u00f6nnen die Veranstaltung auch digital via Livestream verfolgen.&quot;},&quot;highlight_header&quot;:false,&quot;featured_images&quot;:[32475],&quot;video&quot;:false,&quot;use_video_in_teasers&quot;:false,&quot;hyphenation&quot;:true,&quot;tipp&quot;:false,&quot;alert_text&quot;:&quot;&quot;,&quot;joker&quot;:false,&quot;live&quot;:false,&quot;overwrite_date&quot;:&quot;&quot;,&quot;hide_event_in_program&quot;:false,&quot;tickettext&quot;:&quot;Buchen Sie Ihr Ticket vorab online oder an der Kasse im Foyer.&quot;,&quot;infotext&quot;:&quot;Die Veranstaltung findet auf Deutsch mit \\u00dcbersetzung ins Englische statt. Der Livestream wird nur auf Englisch angeboten.&quot;,&quot;yt&quot;:&quot;https:\\\/\\\/www.youtube.com\\\/watch?v=x3SofcD-RKo&quot;,&quot;belongsto&quot;:[24432]},&quot;date&quot;:{&quot;NX&quot;:null,&quot;NXX&quot;:null,&quot;NLAST&quot;:&quot;202110111500&quot;,&quot;from_DATE&quot;:&quot;20211011 19:00&quot;,&quot;from&quot;:1633964400,&quot;to&quot;:1633964400,&quot;to_DATE&quot;:&quot;20211011 19:00&quot;,&quot;from_HRFSHORT&quot;:&quot;11. Okt 2021&quot;,&quot;from_HRFSHORT_WD&quot;:&quot;Mo 11.10.2021&quot;,&quot;to_HRFSHORT&quot;:&quot;11. Okt 2021&quot;,&quot;to_HRFSHORT_WD&quot;:&quot;Mo 11.10.2021&quot;,&quot;from_HRF&quot;:&quot;Mo, 11. Oktober 2021&quot;,&quot;to_HRF&quot;:&quot;Mo, 11. Oktober 2021&quot;,&quot;from_to_HRF&quot;:&quot;Mo, 11. Oktober \\u2013 Mo, 11. Oktober 2021&quot;,&quot;from_to_HRFSHORT&quot;:&quot;11. Okt \\u2013 11. Okt 2021&quot;},&quot;alert&quot;:null,&quot;partof&quot;:[&quot;24432&quot;],&quot;marketing_topic&quot;:{&quot;title&quot;:&quot;Diskursreihe schrecklich sch\\u00f6n&quot;,&quot;ID&quot;:&quot;24432&quot;,&quot;reason&quot;:&quot;sequence&quot;}}' inline-template>\n\t<a href=\"https:\/\/www.humboldtforum.org\/de\/programm\/termin\/diskurs\/schutzraume-30962\/\" class=\"teaser teaser-event teaser-event-standard\">\n\t\t<div class=\"row\">\n\t\t\t<div class=\"col-xs-12 teaser-event-image\">\n\t\t\t\t<div class=\"teaser-image teaser-image-no-alternate\">\n\t\t\t\t\t\t\t\t\t\t\t\n\t<lazy-media-inline inline-template>\n\t\t<figure itemscope itemtype=\"http:\/\/schema.org\/ImageObject\" class=\"lazy-media-inline \" role=\"group\" id=\"media_69f2a80d51567\" aria-labelledby=\"desc_media_69f2a80d51567\">\n\t\t\t<script type=\"application\/json\" ref=\"data\">\n\t\t\t\t{\n\t\t\t\t\"sizes\" : {\"medium\":{\"file\":\"SHF_eb00119739-300x209.jpg\",\"width\":300,\"height\":209,\"mime-type\":\"image\\\/jpeg\"},\"large\":{\"file\":\"SHF_eb00119739-1024x713.jpg\",\"width\":1024,\"height\":713,\"mime-type\":\"image\\\/jpeg\"},\"thumbnail\":{\"file\":\"SHF_eb00119739-150x150.jpg\",\"width\":150,\"height\":150,\"mime-type\":\"image\\\/jpeg\"},\"medium_large\":{\"file\":\"SHF_eb00119739-768x535.jpg\",\"width\":768,\"height\":535,\"mime-type\":\"image\\\/jpeg\"},\"small\":{\"file\":\"SHF_eb00119739-440x306.jpg\",\"width\":440,\"height\":306,\"mime-type\":\"image\\\/jpeg\"},\"semi\":{\"file\":\"SHF_eb00119739-580x404.jpg\",\"width\":580,\"height\":404,\"mime-type\":\"image\\\/jpeg\"},\"mobile\":{\"file\":\"SHF_eb00119739-720x501.jpg\",\"width\":720,\"height\":501,\"mime-type\":\"image\\\/jpeg\"},\"hd\":{\"file\":\"SHF_eb00119739-1280x891.jpg\",\"width\":1280,\"height\":891,\"mime-type\":\"image\\\/jpeg\"},\"1536x1536\":{\"file\":\"SHF_eb00119739-1536x1070.jpg\",\"width\":1536,\"height\":1070,\"mime-type\":\"image\\\/jpeg\"},\"original\":{\"file\":\"SHF_eb00119739.jpg\",\"width\":1920,\"height\":1337}},\n\t\t\t\t\"alt\" : \"Eine Elefantenmutter steht mit ihrem Kalb in einer nat\\u00fcrlichen Umgebung.\",\n\t\t\t\t\"path\" : \"\\\/wp-content\\\/uploads\\\/2021\\\/09\\\/\",\n\t\t\t\t\"video\" : null,\n\t\t\t\t\"autoplay\" : null,\n\t\t\t\t\"youtube\" : null,\n\t\t\t\t\"youtubelabel\" : \"Video abspielen\",\n\t\t\t\t\"brightness\" : 100,\n\t\t\t\t\"crop\" : {\"top\":\"25.67\",\"left\":\"35.03\"},\n\t\t\t\t\"background\" : true,\n\t\t\t\t\"scale\" : 2\t\t\t\t}\n\t\t\t<\/script>\n\n\t\t\t<div class=\"height-container\" style=\"padding-bottom:69.635416666667%;\" v-if=\"sizes\">\n\t\t\t\t\t\t\t\t<lazy-media :inline=\"true\" :alt=\"alt\" :sizes=\"sizes\" :scale=\"scale\" :brightness=\"brightness\" :path=\"path\" :video=\"video\" :autoplay=\"autoplay\" :youtube=\"youtube\" :crop=\"crop\" :youtubelabel=\"youtubelabel\" :background=\"background\" media-id=\"desc_media_69f2a80d51567\"><\/lazy-media>\n\t\t\t\t\t\t\t<\/div>\n\n\t\t\t\t\t\t\t<figcaption class=\"sr-only\" ref=\"body\" id=\"desc_media_69f2a80d51567\">\n\t\t\t\t\t\t\t\t\t\t\t\t\t\t\t\t\t\t\t\t\t<div class=\"insignificant\">\u00a9 RoryCurrin auf Pixabay<\/div>\n\t\t\t\t\t\t\t\t\t<\/figcaption>\n\t\t\t\t\t<\/figure>\n\t<\/lazy-media-inline>\n\t\t\t\t<\/div>\n\t\t\t<\/div>\n\t\t\t<div class=\"col-xs-12 teaser-event-text Infos\">\n\t\t\t\t<div class=\"teaser-event-standard-text\">\n\t\t\t\t\t<div class=\"margin-bottom-atom\">\n\t\t\t\t\t\t<div class=\"subline clamp-1\" v-html=\"maingenre\"><\/div>\n\t\t\t\t\t\t\t\t\t\t\t\t\t<div class=\"insignificant clamp-2\">Diskursreihe schrecklich sch\u00f6n<\/div>\n\t\t\t\t\t\t\t\t\t\t\t<\/div>\n\t\t\t\t\n\t\t\t\t\t<strong class=\"margin-bottom-atom\">Schutzr\u00e4ume<\/strong>\n\n\t\t\t\t\t\t\t\t\t\t\t<div class=\"\">Postkoloniale Zusammenh\u00e4nge bei der Wilderei\/Ausbeutung<\/div>\n\t\t\t\t\t\t\t\t\t<\/div>\n\t\t\t\t<div class=\"teaser-bottom border-bottom\">\n\t\t\t\t<calendardateline :rawitem='item' :show-icon=\"true\"><\/calendardateline>\n\t\t\t\t\t<hr>\n\t\t\t\t<\/div>\n\t\t\t<\/div>\n\t\t<\/div>\n\t<\/a>\n\t<\/calendarteaser>\n<\/li>\n\n<li class=\"teaser-lane-slide col-xs-9 col-sm-4 col-md-3 teaser-wrapper col-padding-remove\">\n\t<calendarteaser key=\"3096520545\" rawitem='{&quot;postId&quot;:30965,&quot;title&quot;:&quot;Zusammen&quot;,&quot;excerpt&quot;:&quot;Wie k\\u00f6nnte Tierschutz in globaler Zusammenarbeit funktionieren? Das ist das Thema der zweiten Veranstaltung der Diskursreihe schrecklich sch\\u00f6n.&quot;,&quot;slug&quot;:&quot;zusammen&quot;,&quot;post_date&quot;:&quot;2021-09-06T15:30&quot;,&quot;type&quot;:&quot;event&quot;,&quot;permalink&quot;:&quot;https:\\\/\\\/www.humboldtforum.org\\\/de\\\/programm\\\/termin\\\/diskurs\\\/zusammen-30965\\\/&quot;,&quot;genre&quot;:[392],&quot;genre_details&quot;:[{&quot;text&quot;:&quot;Diskurs&quot;,&quot;id&quot;:392,&quot;icon&quot;:null,&quot;parent&quot;:0}],&quot;stakeholder&quot;:[382],&quot;stakeholder_details&quot;:[{&quot;text&quot;:&quot;Stiftung Humboldt Forum im Berliner Schloss&quot;,&quot;id&quot;:382,&quot;icon&quot;:null,&quot;parent&quot;:0}],&quot;targetgroup&quot;:[383],&quot;targetgroup_details&quot;:[{&quot;text&quot;:&quot;Erwachsene&quot;,&quot;id&quot;:383,&quot;icon&quot;:null,&quot;parent&quot;:0}],&quot;language&quot;:[384,385],&quot;language_details&quot;:[{&quot;text&quot;:&quot;Deutsch&quot;,&quot;id&quot;:384,&quot;icon&quot;:null,&quot;parent&quot;:0},{&quot;text&quot;:&quot;Englisch&quot;,&quot;id&quot;:385,&quot;icon&quot;:null,&quot;parent&quot;:0}],&quot;place&quot;:[883],&quot;place_details&quot;:{&quot;place&quot;:&quot;Humboldt Forum&quot;,&quot;map&quot;:&quot;Humboldt Forum, Schlossplatz, Berlin&quot;,&quot;room&quot;:&quot;Saal 2, EG&quot;},&quot;icon_overwrite&quot;:&quot;&quot;,&quot;acf&quot;:{&quot;hashtag&quot;:&quot;HumboldtForum&quot;,&quot;noindex&quot;:false,&quot;keywords&quot;:&quot;&quot;,&quot;shorturl&quot;:&quot;&quot;,&quot;times&quot;:[],&quot;planning&quot;:{&quot;price&quot;:&quot;5 EUR&quot;,&quot;admission&quot;:&quot;&quot;,&quot;pause&quot;:&quot;&quot;,&quot;duration&quot;:&quot;&quot;},&quot;subline&quot;:&quot;Mensch-Wildtier-Konflikt (Internationaler Austausch und Bestandsaufnahme)&quot;,&quot;subline_feature&quot;:&quot;&quot;,&quot;marketing_text&quot;:&quot;&quot;,&quot;shorttext&quot;:&quot;Wie k\\u00f6nnte Tierschutz in globaler Zusammenarbeit funktionieren? Das ist das Thema der zweiten Veranstaltung der Diskursreihe schrecklich sch\\u00f6n.&quot;,&quot;longtext&quot;:&quot;&quot;,&quot;additional_info&quot;:{&quot;icon&quot;:&quot;0&quot;,&quot;text&quot;:&quot;&quot;},&quot;highlight_header&quot;:false,&quot;featured_images&quot;:[32477],&quot;video&quot;:false,&quot;use_video_in_teasers&quot;:false,&quot;hyphenation&quot;:true,&quot;tipp&quot;:false,&quot;alert_text&quot;:&quot;&quot;,&quot;joker&quot;:false,&quot;live&quot;:false,&quot;overwrite_date&quot;:&quot;&quot;,&quot;hide_event_in_program&quot;:false,&quot;tickettext&quot;:&quot;Buchen Sie Ihr Ticket vorab online oder an der Kasse im Foyer.&quot;,&quot;infotext&quot;:&quot;Die Veranstaltung findet auf Englisch mit \\u00dcbersetzung ins Deutsche statt.&quot;,&quot;yt&quot;:&quot;&quot;,&quot;belongsto&quot;:[24432]},&quot;date&quot;:{&quot;NX&quot;:null,&quot;NXX&quot;:null,&quot;NLAST&quot;:&quot;202111221700&quot;,&quot;from_DATE&quot;:&quot;20211122 19:00&quot;,&quot;from&quot;:1637600400,&quot;to&quot;:1637600400,&quot;to_DATE&quot;:&quot;20211122 19:00&quot;,&quot;from_HRFSHORT&quot;:&quot;22. Nov 2021&quot;,&quot;from_HRFSHORT_WD&quot;:&quot;Mo 22.11.2021&quot;,&quot;to_HRFSHORT&quot;:&quot;22. Nov 2021&quot;,&quot;to_HRFSHORT_WD&quot;:&quot;Mo 22.11.2021&quot;,&quot;from_HRF&quot;:&quot;Mo, 22. November 2021&quot;,&quot;to_HRF&quot;:&quot;Mo, 22. November 2021&quot;,&quot;from_to_HRF&quot;:&quot;Mo, 22. November \\u2013 Mo, 22. November 2021&quot;,&quot;from_to_HRFSHORT&quot;:&quot;22. Nov \\u2013 22. Nov 2021&quot;},&quot;alert&quot;:null,&quot;partof&quot;:[24432],&quot;marketing_topic&quot;:{&quot;title&quot;:&quot;Diskursreihe schrecklich sch\\u00f6n&quot;,&quot;ID&quot;:24432,&quot;reason&quot;:&quot;sequence&quot;}}' inline-template>\n\t<a href=\"https:\/\/www.humboldtforum.org\/de\/programm\/termin\/diskurs\/zusammen-30965\/\" class=\"teaser teaser-event teaser-event-standard\">\n\t\t<div class=\"row\">\n\t\t\t<div class=\"col-xs-12 teaser-event-image\">\n\t\t\t\t<div class=\"teaser-image teaser-image-no-alternate\">\n\t\t\t\t\t\t\t\t\t\t\t\n\t<lazy-media-inline inline-template>\n\t\t<figure itemscope itemtype=\"http:\/\/schema.org\/ImageObject\" class=\"lazy-media-inline \" role=\"group\" id=\"media_69f2a80d52390\" aria-labelledby=\"desc_media_69f2a80d52390\">\n\t\t\t<script type=\"application\/json\" ref=\"data\">\n\t\t\t\t{\n\t\t\t\t\"sizes\" : {\"medium\":{\"file\":\"SHF_eb00118502-300x200.jpg\",\"width\":300,\"height\":200,\"mime-type\":\"image\\\/jpeg\"},\"large\":{\"file\":\"SHF_eb00118502-1024x682.jpg\",\"width\":1024,\"height\":682,\"mime-type\":\"image\\\/jpeg\"},\"thumbnail\":{\"file\":\"SHF_eb00118502-150x150.jpg\",\"width\":150,\"height\":150,\"mime-type\":\"image\\\/jpeg\"},\"medium_large\":{\"file\":\"SHF_eb00118502-768x512.jpg\",\"width\":768,\"height\":512,\"mime-type\":\"image\\\/jpeg\"},\"small\":{\"file\":\"SHF_eb00118502-440x293.jpg\",\"width\":440,\"height\":293,\"mime-type\":\"image\\\/jpeg\"},\"semi\":{\"file\":\"SHF_eb00118502-580x387.jpg\",\"width\":580,\"height\":387,\"mime-type\":\"image\\\/jpeg\"},\"mobile\":{\"file\":\"SHF_eb00118502-720x480.jpg\",\"width\":720,\"height\":480,\"mime-type\":\"image\\\/jpeg\"},\"original\":{\"file\":\"SHF_eb00118502.jpg\",\"width\":1280,\"height\":853}},\n\t\t\t\t\"alt\" : \"Nahaufnahme eines Elefanten mit sichtbarem Sto\\u00dfzahn und strukturierter Haut.\",\n\t\t\t\t\"path\" : \"\\\/wp-content\\\/uploads\\\/2021\\\/09\\\/\",\n\t\t\t\t\"video\" : null,\n\t\t\t\t\"autoplay\" : null,\n\t\t\t\t\"youtube\" : null,\n\t\t\t\t\"youtubelabel\" : \"Video abspielen\",\n\t\t\t\t\"brightness\" : 100,\n\t\t\t\t\"crop\" : {\"top\":\"50.00\",\"left\":\"50.00\"},\n\t\t\t\t\"background\" : true,\n\t\t\t\t\"scale\" : 2\t\t\t\t}\n\t\t\t<\/script>\n\n\t\t\t<div class=\"height-container\" style=\"padding-bottom:66.640625%;\" v-if=\"sizes\">\n\t\t\t\t\t\t\t\t<lazy-media :inline=\"true\" :alt=\"alt\" :sizes=\"sizes\" :scale=\"scale\" :brightness=\"brightness\" :path=\"path\" :video=\"video\" :autoplay=\"autoplay\" :youtube=\"youtube\" :crop=\"crop\" :youtubelabel=\"youtubelabel\" :background=\"background\" media-id=\"desc_media_69f2a80d52390\"><\/lazy-media>\n\t\t\t\t\t\t\t<\/div>\n\n\t\t\t\t\t\t\t<figcaption class=\"sr-only\" ref=\"body\" id=\"desc_media_69f2a80d52390\">\n\t\t\t\t\t\t\t\t\t\t\t\t\t\t\t\t\t\t\t\t\t<div class=\"insignificant\">\u00a9 Giacomo Zanni auf Pixabay<\/div>\n\t\t\t\t\t\t\t\t\t<\/figcaption>\n\t\t\t\t\t<\/figure>\n\t<\/lazy-media-inline>\n\t\t\t\t<\/div>\n\t\t\t<\/div>\n\t\t\t<div class=\"col-xs-12 teaser-event-text Infos\">\n\t\t\t\t<div class=\"teaser-event-standard-text\">\n\t\t\t\t\t<div class=\"margin-bottom-atom\">\n\t\t\t\t\t\t<div class=\"subline clamp-1\" v-html=\"maingenre\"><\/div>\n\t\t\t\t\t\t\t\t\t\t\t\t\t<div class=\"insignificant clamp-2\">Diskursreihe schrecklich sch\u00f6n<\/div>\n\t\t\t\t\t\t\t\t\t\t\t<\/div>\n\t\t\t\t\n\t\t\t\t\t<strong class=\"margin-bottom-atom\">Zusammen<\/strong>\n\n\t\t\t\t\t\t\t\t\t\t\t<div class=\"\">Mensch-Wildtier-Konflikt (Internationaler Austausch und Bestandsaufnahme)<\/div>\n\t\t\t\t\t\t\t\t\t<\/div>\n\t\t\t\t<div class=\"teaser-bottom border-bottom\">\n\t\t\t\t<calendardateline :rawitem='item' :show-icon=\"true\"><\/calendardateline>\n\t\t\t\t\t<hr>\n\t\t\t\t<\/div>\n\t\t\t<\/div>\n\t\t<\/div>\n\t<\/a>\n\t<\/calendarteaser>\n<\/li>\n\n<li class=\"teaser-lane-slide col-xs-9 col-sm-4 col-md-3 teaser-wrapper col-padding-remove\">\n\t<calendarteaser key=\"315115699\" rawitem='{&quot;postId&quot;:31511,&quot;title&quot;:&quot;Z\\u00e4une&quot;,&quot;excerpt&quot;:&quot;K\\u00f6nnen Tiere in Zoos gesch\\u00fctzt werden? Wie passen die ausbeuterische und voyeuristische menschliche Sicht mit Artenschutz zusammen? Diskutieren Sie mit!&quot;,&quot;slug&quot;:&quot;zaeune&quot;,&quot;post_date&quot;:&quot;2021-09-15T10:35&quot;,&quot;type&quot;:&quot;event&quot;,&quot;permalink&quot;:&quot;https:\\\/\\\/www.humboldtforum.org\\\/de\\\/programm\\\/termin\\\/diskurs\\\/zaeune-31511\\\/&quot;,&quot;genre&quot;:[392],&quot;genre_details&quot;:[{&quot;text&quot;:&quot;Diskurs&quot;,&quot;id&quot;:392,&quot;icon&quot;:null,&quot;parent&quot;:0}],&quot;stakeholder&quot;:[382],&quot;stakeholder_details&quot;:[{&quot;text&quot;:&quot;Stiftung Humboldt Forum im Berliner Schloss&quot;,&quot;id&quot;:382,&quot;icon&quot;:null,&quot;parent&quot;:0}],&quot;targetgroup&quot;:[383],&quot;targetgroup_details&quot;:[{&quot;text&quot;:&quot;Erwachsene&quot;,&quot;id&quot;:383,&quot;icon&quot;:null,&quot;parent&quot;:0}],&quot;language&quot;:[384],&quot;language_details&quot;:[{&quot;text&quot;:&quot;Deutsch&quot;,&quot;id&quot;:384,&quot;icon&quot;:null,&quot;parent&quot;:0}],&quot;accessability&quot;:[430],&quot;accessability_details&quot;:[{&quot;text&quot;:&quot;Rollstuhlgerecht&quot;,&quot;id&quot;:430,&quot;icon&quot;:null,&quot;parent&quot;:0}],&quot;place&quot;:[883],&quot;place_details&quot;:{&quot;place&quot;:&quot;Humboldt Forum&quot;,&quot;map&quot;:&quot;Humboldt Forum, Schlossplatz, Berlin&quot;,&quot;room&quot;:&quot;Saal 2, EG&quot;},&quot;icon_overwrite&quot;:&quot;&quot;,&quot;acf&quot;:{&quot;hashtag&quot;:&quot;HumboldtForum&quot;,&quot;noindex&quot;:false,&quot;keywords&quot;:&quot;&quot;,&quot;shorturl&quot;:&quot;&quot;,&quot;times&quot;:[],&quot;planning&quot;:{&quot;price&quot;:&quot;5 EUR&quot;,&quot;admission&quot;:&quot;&quot;,&quot;pause&quot;:&quot;&quot;,&quot;duration&quot;:&quot;&quot;},&quot;subline&quot;:&quot;Artenschutz im Zoo?&quot;,&quot;subline_feature&quot;:&quot;mit\\u00a0Amir Khalil\\u00a0und\\u00a0Jenny Kasten&quot;,&quot;marketing_text&quot;:&quot;&quot;,&quot;shorttext&quot;:&quot;K\\u00f6nnen Tiere in Zoos gesch\\u00fctzt werden? Wie passen die ausbeuterische und voyeuristische menschliche Sicht mit Artenschutz zusammen? Diskutieren Sie mit!&quot;,&quot;longtext&quot;:&quot;&quot;,&quot;additional_info&quot;:{&quot;icon&quot;:&quot;0&quot;,&quot;text&quot;:&quot;&quot;},&quot;highlight_header&quot;:false,&quot;featured_images&quot;:[32479],&quot;video&quot;:false,&quot;use_video_in_teasers&quot;:false,&quot;hyphenation&quot;:false,&quot;tipp&quot;:false,&quot;alert_text&quot;:&quot;&quot;,&quot;joker&quot;:false,&quot;live&quot;:false,&quot;overwrite_date&quot;:&quot;&quot;,&quot;hide_event_in_program&quot;:false,&quot;belongsto&quot;:[24432]},&quot;date&quot;:{&quot;NX&quot;:null,&quot;NXX&quot;:null,&quot;NLAST&quot;:&quot;202112131700&quot;,&quot;from_DATE&quot;:&quot;20211213 19:00&quot;,&quot;from&quot;:1639414800,&quot;to&quot;:1639414800,&quot;to_DATE&quot;:&quot;20211213 19:00&quot;,&quot;from_HRFSHORT&quot;:&quot;13. Dez 2021&quot;,&quot;from_HRFSHORT_WD&quot;:&quot;Mo 13.12.2021&quot;,&quot;to_HRFSHORT&quot;:&quot;13. Dez 2021&quot;,&quot;to_HRFSHORT_WD&quot;:&quot;Mo 13.12.2021&quot;,&quot;from_HRF&quot;:&quot;Mo, 13. Dezember 2021&quot;,&quot;to_HRF&quot;:&quot;Mo, 13. Dezember 2021&quot;,&quot;from_to_HRF&quot;:&quot;Mo, 13. Dezember \\u2013 Mo, 13. Dezember 2021&quot;,&quot;from_to_HRFSHORT&quot;:&quot;13. Dez \\u2013 13. Dez 2021&quot;},&quot;alert&quot;:null,&quot;partof&quot;:[24432],&quot;marketing_topic&quot;:{&quot;title&quot;:&quot;Diskursreihe schrecklich sch\\u00f6n&quot;,&quot;ID&quot;:24432,&quot;reason&quot;:&quot;sequence&quot;}}' inline-template>\n\t<a href=\"https:\/\/www.humboldtforum.org\/de\/programm\/termin\/diskurs\/zaeune-31511\/\" class=\"teaser teaser-event teaser-event-standard\">\n\t\t<div class=\"row\">\n\t\t\t<div class=\"col-xs-12 teaser-event-image\">\n\t\t\t\t<div class=\"teaser-image teaser-image-no-alternate\">\n\t\t\t\t\t\t\t\t\t\t\t\n\t<lazy-media-inline inline-template>\n\t\t<figure itemscope itemtype=\"http:\/\/schema.org\/ImageObject\" class=\"lazy-media-inline \" role=\"group\" id=\"media_69f2a80d530e0\" aria-labelledby=\"desc_media_69f2a80d530e0\">\n\t\t\t<script type=\"application\/json\" ref=\"data\">\n\t\t\t\t{\n\t\t\t\t\"sizes\" : {\"medium\":{\"file\":\"SHF_eb00119742-300x200.jpg\",\"width\":300,\"height\":200,\"mime-type\":\"image\\\/jpeg\"},\"large\":{\"file\":\"SHF_eb00119742-1024x683.jpg\",\"width\":1024,\"height\":683,\"mime-type\":\"image\\\/jpeg\"},\"thumbnail\":{\"file\":\"SHF_eb00119742-150x150.jpg\",\"width\":150,\"height\":150,\"mime-type\":\"image\\\/jpeg\"},\"medium_large\":{\"file\":\"SHF_eb00119742-768x512.jpg\",\"width\":768,\"height\":512,\"mime-type\":\"image\\\/jpeg\"},\"small\":{\"file\":\"SHF_eb00119742-440x293.jpg\",\"width\":440,\"height\":293,\"mime-type\":\"image\\\/jpeg\"},\"semi\":{\"file\":\"SHF_eb00119742-580x387.jpg\",\"width\":580,\"height\":387,\"mime-type\":\"image\\\/jpeg\"},\"mobile\":{\"file\":\"SHF_eb00119742-720x480.jpg\",\"width\":720,\"height\":480,\"mime-type\":\"image\\\/jpeg\"},\"hd\":{\"file\":\"SHF_eb00119742-1280x853.jpg\",\"width\":1280,\"height\":853,\"mime-type\":\"image\\\/jpeg\"},\"1536x1536\":{\"file\":\"SHF_eb00119742-1536x1024.jpg\",\"width\":1536,\"height\":1024,\"mime-type\":\"image\\\/jpeg\"},\"original\":{\"file\":\"SHF_eb00119742.jpg\",\"width\":1920,\"height\":1280}},\n\t\t\t\t\"alt\" : \"Nahaufnahme eines Elefanten mit feuchter, erdiger Haut und einem ausdrucksvollen Blick.\",\n\t\t\t\t\"path\" : \"\\\/wp-content\\\/uploads\\\/2021\\\/09\\\/\",\n\t\t\t\t\"video\" : null,\n\t\t\t\t\"autoplay\" : null,\n\t\t\t\t\"youtube\" : null,\n\t\t\t\t\"youtubelabel\" : \"Video abspielen\",\n\t\t\t\t\"brightness\" : 100,\n\t\t\t\t\"crop\" : {\"top\":\"50.00\",\"left\":\"50.00\"},\n\t\t\t\t\"background\" : true,\n\t\t\t\t\"scale\" : 2\t\t\t\t}\n\t\t\t<\/script>\n\n\t\t\t<div class=\"height-container\" style=\"padding-bottom:66.666666666667%;\" v-if=\"sizes\">\n\t\t\t\t\t\t\t\t<lazy-media :inline=\"true\" :alt=\"alt\" :sizes=\"sizes\" :scale=\"scale\" :brightness=\"brightness\" :path=\"path\" :video=\"video\" :autoplay=\"autoplay\" :youtube=\"youtube\" :crop=\"crop\" :youtubelabel=\"youtubelabel\" :background=\"background\" media-id=\"desc_media_69f2a80d530e0\"><\/lazy-media>\n\t\t\t\t\t\t\t<\/div>\n\n\t\t\t\t\t\t\t<figcaption class=\"sr-only\" ref=\"body\" id=\"desc_media_69f2a80d530e0\">\n\t\t\t\t\t\t\t\t\t\t\t\t\t\t\t\t\t\t\t\t\t<div class=\"insignificant\">\u00a9 Barbara Fraatz auf Pixabay<\/div>\n\t\t\t\t\t\t\t\t\t<\/figcaption>\n\t\t\t\t\t<\/figure>\n\t<\/lazy-media-inline>\n\t\t\t\t<\/div>\n\t\t\t<\/div>\n\t\t\t<div class=\"col-xs-12 teaser-event-text Infos\">\n\t\t\t\t<div class=\"teaser-event-standard-text\">\n\t\t\t\t\t<div class=\"margin-bottom-atom\">\n\t\t\t\t\t\t<div class=\"subline clamp-1\" v-html=\"maingenre\"><\/div>\n\t\t\t\t\t\t\t\t\t\t\t\t\t<div class=\"insignificant clamp-2\">Diskursreihe schrecklich sch\u00f6n<\/div>\n\t\t\t\t\t\t\t\t\t\t\t<\/div>\n\t\t\t\t\n\t\t\t\t\t<strong class=\"margin-bottom-atom\">Z\u00e4une<\/strong>\n\n\t\t\t\t\t\t\t\t\t\t\t<div class=\"\">Artenschutz im Zoo?<\/div>\n\t\t\t\t\t\t\t\t\t<\/div>\n\t\t\t\t<div class=\"teaser-bottom border-bottom\">\n\t\t\t\t<calendardateline :rawitem='item' :show-icon=\"true\"><\/calendardateline>\n\t\t\t\t\t<hr>\n\t\t\t\t<\/div>\n\t\t\t<\/div>\n\t\t<\/div>\n\t<\/a>\n\t<\/calendarteaser>\n<\/li>\n\n\t\t\t\t\t\t<\/ul>\n\t\t\t\t\t<\/div>\n\t\t\t\t<\/div>\n\t\t\t<\/teaser-lane-with-buttons>\n\t\t\t\t<\/lazy-component>\n<\/section>\n\n\n\n\n\n\n<section class=\"block block-teaser col-lane33 \" style=\"\">\n\t\t\t\t\t\t<teaser-lane-with-buttons inline-template tracking-label=\"Organisatorische Hinweise\">\n\t\t\t\t<div>\n\t\t\t\t\t<div class=\"container-fluid\">\n\t\t\t\t\t\t<div class=\"row middle-xs\">\n\t\t\t\t\t\t\t<div class=\"col-xs-10 col-sm-8\">\n\t\t\t\t\t\t\t\t<h3 class=\"h4 topline\">Organisatorische Hinweise<\/h3>\t\t\t\t\t\t\t<\/div>\n\t\t\t\t\t\t\t<div class=\"col-xs-2 col-sm-4 end-xs margin-bottom-sixth\">\n\t\t\t\t\t\t\t\t<teaser-lane-buttons :visible_prev=\"visible_prev\" :visible_next=\"visible_next\" @prev=\"prev\" @next=\"next\"><\/teaser-lane-buttons>\n\t\t\t\t\t\t\t<\/div>\n\t\t\t\t\t\t<\/div>\n\t\t\t\t\t<\/div>\n\t\t\t\t\t<div class=\"teaser-lane-wrapper\">\n\t\t\t\t\t\t<ul class=\"teaser-lane\">\n\t\t\t\t\t\t\t\t\t\t\t\t<\/ul>\n\t\t\t\t\t<\/div>\n\t\t\t\t<\/div>\n\t\t\t<\/teaser-lane-with-buttons>\n\t\t\t<\/section>","protected":false},"template":"","genre":[392],"digital":[],"topic":[],"stakeholder":[382],"editorial":[],"editorialfilter":[],"targetgroup":[383],"language":[384],"accessability":[430],"age":[],"school":[],"groupsize":[],"place":[883],"class_list":["post-36419","event","type-event","status-publish","has-post-thumbnail","hentry","genre-diskurs","stakeholder-stiftung-humboldt-forum-im-berliner-schloss","targetgroup-erwachsene","language-deutsch","accessability-rollstuhlgerecht","place-saal-2-eg"],"acf":[],"_links":{"self":[{"href":"https:\/\/www.humboldtforum.org\/de\/wp-json\/wp\/v2\/event\/36419","targetHints":{"allow":["GET"]}}],"collection":[{"href":"https:\/\/www.humboldtforum.org\/de\/wp-json\/wp\/v2\/event"}],"about":[{"href":"https:\/\/www.humboldtforum.org\/de\/wp-json\/wp\/v2\/types\/event"}],"version-history":[{"count":0,"href":"https:\/\/www.humboldtforum.org\/de\/wp-json\/wp\/v2\/event\/36419\/revisions"}],"wp:featuredmedia":[{"embeddable":true,"href":"https:\/\/www.humboldtforum.org\/de\/wp-json\/wp\/v2\/media\/36871"}],"wp:attachment":[{"href":"https:\/\/www.humboldtforum.org\/de\/wp-json\/wp\/v2\/media?parent=36419"}],"wp:term":[{"taxonomy":"genre","embeddable":true,"href":"https:\/\/www.humboldtforum.org\/de\/wp-json\/wp\/v2\/genre?post=36419"},{"taxonomy":"digital","embeddable":true,"href":"https:\/\/www.humboldtforum.org\/de\/wp-json\/wp\/v2\/digital?post=36419"},{"taxonomy":"topic","embeddable":true,"href":"https:\/\/www.humboldtforum.org\/de\/wp-json\/wp\/v2\/topic?post=36419"},{"taxonomy":"stakeholder","embeddable":true,"href":"https:\/\/www.humboldtforum.org\/de\/wp-json\/wp\/v2\/stakeholder?post=36419"},{"taxonomy":"editorial","embeddable":true,"href":"https:\/\/www.humboldtforum.org\/de\/wp-json\/wp\/v2\/editorial?post=36419"},{"taxonomy":"editorialfilter","embeddable":true,"href":"https:\/\/www.humboldtforum.org\/de\/wp-json\/wp\/v2\/editorialfilter?post=36419"},{"taxonomy":"targetgroup","embeddable":true,"href":"https:\/\/www.humboldtforum.org\/de\/wp-json\/wp\/v2\/targetgroup?post=36419"},{"taxonomy":"language","embeddable":true,"href":"https:\/\/www.humboldtforum.org\/de\/wp-json\/wp\/v2\/language?post=36419"},{"taxonomy":"accessability","embeddable":true,"href":"https:\/\/www.humboldtforum.org\/de\/wp-json\/wp\/v2\/accessability?post=36419"},{"taxonomy":"age","embeddable":true,"href":"https:\/\/www.humboldtforum.org\/de\/wp-json\/wp\/v2\/age?post=36419"},{"taxonomy":"school","embeddable":true,"href":"https:\/\/www.humboldtforum.org\/de\/wp-json\/wp\/v2\/school?post=36419"},{"taxonomy":"groupsize","embeddable":true,"href":"https:\/\/www.humboldtforum.org\/de\/wp-json\/wp\/v2\/groupsize?post=36419"},{"taxonomy":"place","embeddable":true,"href":"https:\/\/www.humboldtforum.org\/de\/wp-json\/wp\/v2\/place?post=36419"}],"curies":[{"name":"wp","href":"https:\/\/api.w.org\/{rel}","templated":true}]}}