{"id":36436,"date":"2022-01-10T10:56:40","date_gmt":"2022-01-10T09:56:40","guid":{"rendered":"https:\/\/www.humboldtforum.org\/?post_type=event&#038;p=36436"},"modified":"2022-02-11T07:51:27","modified_gmt":"2022-02-11T06:51:27","slug":"am-anfang","status":"publish","type":"event","link":"https:\/\/www.humboldtforum.org\/de\/programm\/termin\/performance-und-installation\/am-anfang-36436\/","title":{"rendered":"Am Anfang"},"content":{"rendered":"<section class=\"block block-copy\" >\n    <div class=\"container-fluid\">\n\t\t<div class=\"row \">\n            <div class=\"col-xs-12 col-md-offset-2 col-md-8\">\n                <div class=\"box\">\n                    <div class=\"copy\"><p>Traditionelle Musik aus Mali trifft zeitgen\u00f6ssische europ\u00e4ische Musik: F\u00fcr das malisch-deutsche Projekt <em>Am Anfang<\/em> befragen die Choreografin und T\u00e4nzerin Kettly No\u00ebl und der Komponist und Musiker Marc Sinan Sch\u00f6pfungsmythen aus Westafrika und Europa sowie wissenschaftliche Erz\u00e4hlungen \u00fcber die Entstehung der Welt. Erz\u00e4hlt wird mit Tanz, Gesang, Performance und Videokunst. <em>Am Anfang<\/em> f\u00fchrt das Djiguiya Orchestra aus Bamako mit den Neuen Vocalsolisten Stuttgart und der internationalen Marc Sinan Company zusammen.<\/p>\n<p><em>Am Anfang<\/em> l\u00e4sst sich zweifach erleben: <strong>Tags\u00fcber k\u00f6nnen Sie die Video\u00adinstallation eintrittsfrei besuchen<\/strong>, abends spielen Musiker*innen und T\u00e4n\u00adzer*innen aus Mali und Deutschland live in der Installation.<\/p>\n<p>&nbsp;<\/p>\n<\/div>\n                <\/div>\n            <\/div>\n\t\t<\/div>\n\t\t    <\/div>\n<\/section>\n\n<section class=\"block block-media\">\n\t\t<div class=\"container-fluid\">\n\t\t<div class=\"row\">\n\t\t\t<div class=\"col-xs-12 col-md-12\">\n\t\t\t\t<h5>Am Anfang<\/h5>\n\t\t\t<\/div>\n\t\t<\/div>\n\t<\/div>\n\t\t<div class=\"container-fluid\">\n\t\t<div class=\"row\">\n\t\t\t<div class=\"col-xs-12 col-md-12\">\n\t\t\t\n\t<lazy-media-inline inline-template>\n\t\t<figure itemscope itemtype=\"http:\/\/schema.org\/ImageObject\" class=\"lazy-media-inline \" role=\"group\" id=\"media_69f5897bd3de7\" aria-labelledby=\"desc_media_69f5897bd3de7\">\n\t\t\t<script type=\"application\/json\" ref=\"data\">\n\t\t\t\t{\n\t\t\t\t\"sizes\" : {\"medium\":{\"file\":\"amanfang_preview-300x169.jpg\",\"width\":300,\"height\":169,\"mime-type\":\"image\\\/jpeg\"},\"thumbnail\":{\"file\":\"amanfang_preview-150x150.jpg\",\"width\":150,\"height\":150,\"mime-type\":\"image\\\/jpeg\"},\"medium_large\":{\"file\":\"amanfang_preview-768x434.jpg\",\"width\":768,\"height\":434,\"mime-type\":\"image\\\/jpeg\"},\"small\":{\"file\":\"amanfang_preview-440x248.jpg\",\"width\":440,\"height\":248,\"mime-type\":\"image\\\/jpeg\"},\"semi\":{\"file\":\"amanfang_preview-580x327.jpg\",\"width\":580,\"height\":327,\"mime-type\":\"image\\\/jpeg\"},\"mobile\":{\"file\":\"amanfang_preview-720x406.jpg\",\"width\":720,\"height\":406,\"mime-type\":\"image\\\/jpeg\"},\"original\":{\"file\":\"amanfang_preview.jpg\",\"width\":1022,\"height\":577}},\n\t\t\t\t\"alt\" : \"Silhouette eines Paares vor einem gro\\u00dfen Bildschirm mit dem Gesicht eines \\u00e4lteren Mannes.\",\n\t\t\t\t\"path\" : \"\\\/wp-content\\\/uploads\\\/2022\\\/01\\\/\",\n\t\t\t\t\"video\" : \"https:\\\/\\\/www.humboldtforum.org\\\/wp-content\\\/uploads\\\/2022\\\/01\\\/AmAnfang_Trailer_v01.mp4\",\n\t\t\t\t\"autoplay\" : null,\n\t\t\t\t\"youtube\" : null,\n\t\t\t\t\"youtubelabel\" : \"Video abspielen\",\n\t\t\t\t\"brightness\" : \"70\",\n\t\t\t\t\"crop\" : null,\n\t\t\t\t\"background\" : false,\n\t\t\t\t\"scale\" : 1\t\t\t\t}\n\t\t\t<\/script>\n\n\t\t\t<div class=\"height-container\" style=\"padding-bottom:56.457925636008%;\" v-if=\"sizes\">\n\t\t\t\t\t\t\t\t<lazy-media :inline=\"true\" :alt=\"alt\" :sizes=\"sizes\" :scale=\"scale\" :brightness=\"brightness\" :path=\"path\" :video=\"video\" :autoplay=\"autoplay\" :youtube=\"youtube\" :crop=\"crop\" :youtubelabel=\"youtubelabel\" :background=\"background\" media-id=\"desc_media_69f5897bd3de7\"><\/lazy-media>\n\t\t\t\t\t\t\t<\/div>\n\n\t\t\t\t\t\t\t\t<\/figure>\n\t<\/lazy-media-inline>\n\t\t\t<\/div>\n\t\t<\/div>\n\t<\/div>\n<\/section>\n\n\n<section class=\"block block-accordion\">\n\t<div class=\"container-fluid\">\n\t\t<div class=\"row\">\n\t\t\t<div class=\"col-xs-12 col-md-offset-2 col-md-8\">\n\t\t\t\t<div class=\"box\">\n\t\t\t\t\t\t\t\t\t\t\t<block-accordion inline-template>\n\t\t\t\t\t\t\t<div class=\"accordion\">\n\t\t\t\t\t\t\t\t\t\t\t\t\t\t\t<block-accordion-item inline-template item-headline=\"Marc Sinan \u2013 K\u00fcnstlerische Leitung, Komposition, Gitarre\">\n\t\t\t\t\t\t\t\t<div ref=\"item\" data-id=\"MarcSinanKnstlerischeLeitungKompositionGitarre\" class=\"block-accordion-item vue-initialize\" aria-expanded=\"false\" :aria-expanded=\"active ? 'true' : 'false'\">\n\t\t\t\t\t\t\t\t\t<button class=\"accordion-button-with-icon block-accordion-item-head\" :class=\"{'button-active': active}\" ref=\"head\" aria-controls=\"acc_69f5897bda448\" id=\"acc_title_69f5897bda44b\" @click=\"toggle\" @keydown=\"key\">\n\t\t\t\t\t\t\t\t\t<div><span class=\"button-label\">Marc Sinan \u2013 K\u00fcnstlerische Leitung, Komposition, Gitarre<\/span><\/div><span class=\"button-icon icon-plus\" aria-hidden=\"true\"><\/span>\n\t\t\t\t\t\t\t\t<\/button>\n\t\t\t\t\t\t\t\t\t<div ref=\"body\" class=\"block-accordion-item-content\" id=\"acc_69f5897bda448\" role=\"region\">\n\t\t\t\t\t\t\t\t\t\t<div class=\"wrapper copy\">\n\t\t\t\t\t\t\t\t\t\t\t<p>In seiner Arbeit erprobt Marc Sinan neue Wege der Kollaboration zwischen K\u00fcnstler*innen im transkulturellen und transmedialen Kontext. Dabei arbeitet er meist in Personalunion als Komponist, k\u00fcnstlerischer Leiter, Gitarrist und Produzent mit seinem eigenen Ensemble, der Marc Sinan Company, sowie wechselnden internationalen G\u00e4sten und institutionellen Partnern. Aufnahmen seiner Werke werden bei ECM Records ver\u00f6ffentlicht. Er lebt und arbeitet in Berlin. Seine Werke greifen aktuelle gesellschaftspolitische Fragen auf. Sie werden international aufgef\u00fchrt und waren zu Gast bei Festivals wie dem Schleswig-Holstein Musikfestival, Istanbul Festival, MaerzMusik sowie an H\u00e4usern wie der Oper Halle, Oper Wuppertal, Theater Bremen, Humboldt Forum Berlin, dem Gorki Theater und dem Wiener Konzerthaus. Sinan kollaborierte mit dem Royal Philharmonic Orchestra, Badischen Staatstheater Karlsruhe, Philharmonie Jena, Staatskapelle Weimar, Staatsphilharmonie N\u00fcrnberg, Dresdner Sinfonikern, No Borders Orchestra, Ensemble ConTempo Beijing, dem Belgrader Ensemble Metamorphosis, Sonar Quartett, den Neuen Vocalsolisten Stuttgart, dem Medienkollektiv schnellebuntebilder, Iva Bittov\u00e1, O\u011fuz B\u00fcy\u00fckberber, J\u00f6rg Widmann, Kayhan Kalhor und zahllosen weiteren Ensembles, Musiker*innen und K\u00fcnstler*innen aus Europa, Asien, Afrika und Nordamerika.<\/p>\n\n\t\t\t\t\t\t\t\t\t\t\t\t\t\t\t\t\t\t\t\t\t\t\t\t\t\t\t\t\t\t\t\t\t\n\t\t\t\t\t\t\t\t\t\t\t<div class=\"row\">\n\t\t\t\t\t\t\t\t\t\t\t\t<div class=\"col-xs-9 col-md-9\">\n\t\t\t\t\t\t\t\t\t\t\t\t\t<div class=\"box\">\n\t\t\t\t\t\t\t\t\t\t\t\t\t\t\t\t\t\t\t\t\t\t\t\t\t\t\t<\/div>\n\t\t\t\t\t\t\t\t\t\t\t\t<\/div>\n\t\t\t\t\t\t\t\t\t\t\t<\/div>\n\n\t\t\t\t\t\t\t\t\t\t\t\t\t\t\t\t\t\t\t\t\t<\/div>\n\t\t\t\t\t\t\t\t\t<\/div>\n\t\t\t\t\t\t\t\t<\/div>\n\t\t\t\t\t\t\t\t<\/block-accordion-item>\n\t\t\t\t\t\t\t\t\t\t\t\t\t\t<block-accordion-item inline-template item-headline=\"Kettly No\u00ebl - Choreographie, Tanz\">\n\t\t\t\t\t\t\t\t<div ref=\"item\" data-id=\"KettlyNol-ChoreographieTanz\" class=\"block-accordion-item vue-initialize\" aria-expanded=\"false\" :aria-expanded=\"active ? 'true' : 'false'\">\n\t\t\t\t\t\t\t\t\t<button class=\"accordion-button-with-icon block-accordion-item-head\" :class=\"{'button-active': active}\" ref=\"head\" aria-controls=\"acc_69f5897bda774\" id=\"acc_title_69f5897bda776\" @click=\"toggle\" @keydown=\"key\">\n\t\t\t\t\t\t\t\t\t<div><span class=\"button-label\">Kettly No\u00ebl &#8211; Choreographie, Tanz<\/span><\/div><span class=\"button-icon icon-plus\" aria-hidden=\"true\"><\/span>\n\t\t\t\t\t\t\t\t<\/button>\n\t\t\t\t\t\t\t\t\t<div ref=\"body\" class=\"block-accordion-item-content\" id=\"acc_69f5897bda774\" role=\"region\">\n\t\t\t\t\t\t\t\t\t\t<div class=\"wrapper copy\">\n\t\t\t\t\t\t\t\t\t\t\t<p>Die in Haiti geborene T\u00e4nzerin, Choreografin und Schauspielerin lebt seit 1999 in Bamako, Mali, und tourt international. Ihre erste Kreation<em>\u00a0Dans Lacour<\/em> von 1996 ist ein wegweisendes, von haitianischer Voodoo-Kultur gepr\u00e4gtes St\u00fcck, das in das animistische Universum der Insel eintaucht. Gleichzeitig erforschte sie die Wurzeln des modernen afrikanischen Tanzes. Heute leitet Kettly No\u00ebl das internationale Festival f\u00fcr zeitgen\u00f6ssischen Tanz Dense Bamako Danse, das 2003 von ihr gegr\u00fcndete wurde sowie das Kulturzentrum Donko Seko, einen Raum f\u00fcr Ausbildung, choreografisches Schaffen und Entwicklung des zeitgen\u00f6ssischen Tanzes als Instrument der Sozialisierung. Im Jahr 2017 wurde sie zur documenta 14 eingeladen, f\u00fcr die sie die Installation und Performance\u00a0<em>Zombification<\/em>\u00a0erstellte.<\/p>\n\n\t\t\t\t\t\t\t\t\t\t\t\t\t\t\t\t\t\t\t\t\t\t\t\t\t\t\t\t\t\t\t\t\t\n\t\t\t\t\t\t\t\t\t\t\t<div class=\"row\">\n\t\t\t\t\t\t\t\t\t\t\t\t<div class=\"col-xs-9 col-md-9\">\n\t\t\t\t\t\t\t\t\t\t\t\t\t<div class=\"box\">\n\t\t\t\t\t\t\t\t\t\t\t\t\t\t\t\t\t\t\t\t\t\t\t\t\t\t\t<\/div>\n\t\t\t\t\t\t\t\t\t\t\t\t<\/div>\n\t\t\t\t\t\t\t\t\t\t\t<\/div>\n\n\t\t\t\t\t\t\t\t\t\t\t\t\t\t\t\t\t\t\t\t\t<\/div>\n\t\t\t\t\t\t\t\t\t<\/div>\n\t\t\t\t\t\t\t\t<\/div>\n\t\t\t\t\t\t\t\t<\/block-accordion-item>\n\t\t\t\t\t\t\t\t\t\t\t\t\t\t<block-accordion-item inline-template item-headline=\"Djiguiya Orchestra\">\n\t\t\t\t\t\t\t\t<div ref=\"item\" data-id=\"DjiguiyaOrchestra\" class=\"block-accordion-item vue-initialize\" aria-expanded=\"false\" :aria-expanded=\"active ? 'true' : 'false'\">\n\t\t\t\t\t\t\t\t\t<button class=\"accordion-button-with-icon block-accordion-item-head\" :class=\"{'button-active': active}\" ref=\"head\" aria-controls=\"acc_69f5897bda9a5\" id=\"acc_title_69f5897bda9a6\" @click=\"toggle\" @keydown=\"key\">\n\t\t\t\t\t\t\t\t\t<div><span class=\"button-label\">Djiguiya Orchestra<\/span><\/div><span class=\"button-icon icon-plus\" aria-hidden=\"true\"><\/span>\n\t\t\t\t\t\t\t\t<\/button>\n\t\t\t\t\t\t\t\t\t<div ref=\"body\" class=\"block-accordion-item-content\" id=\"acc_69f5897bda9a5\" role=\"region\">\n\t\t\t\t\t\t\t\t\t\t<div class=\"wrapper copy\">\n\t\t\t\t\t\t\t\t\t\t\t<p>Das 2019 gegr\u00fcndete Orchester aus Bamako verbindet traditionelle Instrumente aus Mali mit europ\u00e4ischer Musik und schafft so einen besonderen transkulturellen Austausch. Der S\u00e4nger und Kamale Ngoni Spieler Lassine Kon\u00e9 bildet zusammen mit Habib Sangar\u00e9 auf dem Bolon und der Kalebasse sowie Joel Diarra, dem Balafonvirtuosen ein au\u00dfergew\u00f6hnliches Ensemble.<\/p>\n\n\t\t\t\t\t\t\t\t\t\t\t\t\t\t\t\t\t\t\t\t\t\t\t\t\t\t\t\t\t\t\t\t\t\n\t\t\t\t\t\t\t\t\t\t\t<div class=\"row\">\n\t\t\t\t\t\t\t\t\t\t\t\t<div class=\"col-xs-9 col-md-9\">\n\t\t\t\t\t\t\t\t\t\t\t\t\t<div class=\"box\">\n\t\t\t\t\t\t\t\t\t\t\t\t\t\t\t\t\t\t\t\t\t\t\t\t\t\t\t<\/div>\n\t\t\t\t\t\t\t\t\t\t\t\t<\/div>\n\t\t\t\t\t\t\t\t\t\t\t<\/div>\n\n\t\t\t\t\t\t\t\t\t\t\t\t\t\t\t\t\t\t\t\t\t<\/div>\n\t\t\t\t\t\t\t\t\t<\/div>\n\t\t\t\t\t\t\t\t<\/div>\n\t\t\t\t\t\t\t\t<\/block-accordion-item>\n\t\t\t\t\t\t\t\t\t\t\t\t\t\t<block-accordion-item inline-template item-headline=\"Marc Sinan Company\">\n\t\t\t\t\t\t\t\t<div ref=\"item\" data-id=\"MarcSinanCompany\" class=\"block-accordion-item vue-initialize\" aria-expanded=\"false\" :aria-expanded=\"active ? 'true' : 'false'\">\n\t\t\t\t\t\t\t\t\t<button class=\"accordion-button-with-icon block-accordion-item-head\" :class=\"{'button-active': active}\" ref=\"head\" aria-controls=\"acc_69f5897bdac0a\" id=\"acc_title_69f5897bdac0b\" @click=\"toggle\" @keydown=\"key\">\n\t\t\t\t\t\t\t\t\t<div><span class=\"button-label\">Marc Sinan Company<\/span><\/div><span class=\"button-icon icon-plus\" aria-hidden=\"true\"><\/span>\n\t\t\t\t\t\t\t\t<\/button>\n\t\t\t\t\t\t\t\t\t<div ref=\"body\" class=\"block-accordion-item-content\" id=\"acc_69f5897bdac0a\" role=\"region\">\n\t\t\t\t\t\t\t\t\t\t<div class=\"wrapper copy\">\n\t\t\t\t\t\t\t\t\t\t\t<p>Seit 2008 hat die Marc Sinan Company (MS\/C) ihr Profil und das weltweite Netzwerk immer weiter gest\u00e4rkt. Ihre preisgekr\u00f6nten transmedialen und zugleich transkulturellen Projekte realisiert das freie Ensemble rund um den Komponisten und Gitarristen Marc Sinan mit einem interdisziplin\u00e4ren Team und internationalen G\u00e4sten. Zur festen Besetzung z\u00e4hlen der Klarinettist und elektronische Musiker Oguz B\u00fcy\u00fckberber, der Schlagzeuger Daniel Eichholz, die Autorin Maike Wetzel, der Produzent Eric Nikodym, der Dramaturg Holger Kuhla und der Sounddesigner Karsten Lipp. Unter den renommierten G\u00e4sten sind z.B. Iva Bittov\u00e1, Kettly No\u00ebl (Mali), Deva Schubert, Ulzhan Baibussynova (Kasachstan), Ensemble ConTempo Beijing (China),\u00a0das Djiguiya Orchestra (Mali), Damian und Delaine Le Bas (UK) und das Medienkollektiv schnellebuntebilder. Regelm\u00e4\u00dfig ist die Company in wechselnder Besetzung bei hochkar\u00e4tigen Festivals und Spielst\u00e4tten zu Gast \u2013 zuletzt etwa in Indien, der T\u00fcrkei und in den USA. Kooperationspartner sind u.a. das Badische Staatstheater Karlsruhe, die B\u00fchnen Halle, die Dresdner Sinfoniker und das Humboldt Forum Berlin. Die Projekte der MS\\C wurden mehrfach, z.B. von der UNESCO, ausgezeichnet.<\/p>\n\n\t\t\t\t\t\t\t\t\t\t\t\t\t\t\t\t\t\t\t\t\t\t\t\t\t\t\t\t\t\t\t\t\t\n\t\t\t\t\t\t\t\t\t\t\t<div class=\"row\">\n\t\t\t\t\t\t\t\t\t\t\t\t<div class=\"col-xs-9 col-md-9\">\n\t\t\t\t\t\t\t\t\t\t\t\t\t<div class=\"box\">\n\t\t\t\t\t\t\t\t\t\t\t\t\t\t\t\t\t\t\t\t\t\t\t\t\t\t\t<\/div>\n\t\t\t\t\t\t\t\t\t\t\t\t<\/div>\n\t\t\t\t\t\t\t\t\t\t\t<\/div>\n\n\t\t\t\t\t\t\t\t\t\t\t\t\t\t\t\t\t\t\t\t\t<\/div>\n\t\t\t\t\t\t\t\t\t<\/div>\n\t\t\t\t\t\t\t\t<\/div>\n\t\t\t\t\t\t\t\t<\/block-accordion-item>\n\t\t\t\t\t\t\t\t\t\t\t\t\t\t<block-accordion-item inline-template item-headline=\"Neue Vocalsolisten Stuttgart\">\n\t\t\t\t\t\t\t\t<div ref=\"item\" data-id=\"NeueVocalsolistenStuttgart\" class=\"block-accordion-item vue-initialize\" aria-expanded=\"false\" :aria-expanded=\"active ? 'true' : 'false'\">\n\t\t\t\t\t\t\t\t\t<button class=\"accordion-button-with-icon block-accordion-item-head\" :class=\"{'button-active': active}\" ref=\"head\" aria-controls=\"acc_69f5897bdae36\" id=\"acc_title_69f5897bdae37\" @click=\"toggle\" @keydown=\"key\">\n\t\t\t\t\t\t\t\t\t<div><span class=\"button-label\">Neue Vocalsolisten Stuttgart<\/span><\/div><span class=\"button-icon icon-plus\" aria-hidden=\"true\"><\/span>\n\t\t\t\t\t\t\t\t<\/button>\n\t\t\t\t\t\t\t\t\t<div ref=\"body\" class=\"block-accordion-item-content\" id=\"acc_69f5897bdae36\" role=\"region\">\n\t\t\t\t\t\t\t\t\t\t<div class=\"wrapper copy\">\n\t\t\t\t\t\t\t\t\t\t\t<p>Die Neuen Vocalsolisten verstehen sich vor allem als Forscher und Entdecker. Um dem Neuen den Weg zu bereiten, arbeiten die sie regelm\u00e4\u00dfig mit arrivierten und jungen Komponist*nnen zusammen. So entstand in den zur\u00fcckliegenden 20 Jahren ein weltweit einzigartiges Repertoire vokaler Kammermusik. Dabei bewegen sich die Neuen Vocalsolisten insbesondere auf dem Terrain des gegenw\u00e4rtigen Musiktheaters, das gepr\u00e4gt ist durch elektronische Medien, Video- und Konzeptkunst. Vor diesem interdisziplin\u00e4r angelegten Hintergrund haben sie das Genre des vokalen Kammer-Musik-Theaters geformt, unter anderem mit Werken von Georges Aperghis, Carola Bauckholt, Luciano Berio, Luca Francesconi, Lucia Ronchetti, Oscar Strasnoy und Claude Vivier. Partner des Ensembles sind dabei stets hochkar\u00e4tige Spezialistenensembles und Orchester, internationale Opernh\u00e4user, die freie Theaterszene, elektronische Studios sowie zahlreiche Veranstalter von Festivals und Konzertreihen neuer Musik in aller Welt.<\/p>\n\n\t\t\t\t\t\t\t\t\t\t\t\t\t\t\t\t\t\t\t\t\t\t\t\t\t\t\t\t\t\t\t\t\t\n\t\t\t\t\t\t\t\t\t\t\t<div class=\"row\">\n\t\t\t\t\t\t\t\t\t\t\t\t<div class=\"col-xs-9 col-md-9\">\n\t\t\t\t\t\t\t\t\t\t\t\t\t<div class=\"box\">\n\t\t\t\t\t\t\t\t\t\t\t\t\t\t\t\t\t\t\t\t\t\t\t\t\t\t\t<\/div>\n\t\t\t\t\t\t\t\t\t\t\t\t<\/div>\n\t\t\t\t\t\t\t\t\t\t\t<\/div>\n\n\t\t\t\t\t\t\t\t\t\t\t\t\t\t\t\t\t\t\t\t\t<\/div>\n\t\t\t\t\t\t\t\t\t<\/div>\n\t\t\t\t\t\t\t\t<\/div>\n\t\t\t\t\t\t\t\t<\/block-accordion-item>\n\t\t\t\t\t\t\t\t\t\t\t\t\t<\/div>\n\t\t\t\t\t\t<\/block-accordion>\n\t\t\t\t\t\t\t\t\t<\/div>\n\t\t\t<\/div>\n\t\t<\/div>\n\t<\/div>\n<\/section>\n","protected":false},"template":"","genre":[833],"digital":[],"topic":[],"stakeholder":[382],"editorial":[],"editorialfilter":[],"targetgroup":[383,455],"language":[422],"accessability":[],"age":[1264,1261],"school":[],"groupsize":[],"place":[883],"class_list":["post-36436","event","type-event","status-publish","has-post-thumbnail","hentry","genre-performance-und-installation","stakeholder-stiftung-humboldt-forum-im-berliner-schloss","targetgroup-erwachsene","targetgroup-jugendliche","language-keine-sprachkenntnisse-erforderlich","age-erwachsene","age-jugendliche","place-saal-2-eg"],"acf":[],"_links":{"self":[{"href":"https:\/\/www.humboldtforum.org\/de\/wp-json\/wp\/v2\/event\/36436","targetHints":{"allow":["GET"]}}],"collection":[{"href":"https:\/\/www.humboldtforum.org\/de\/wp-json\/wp\/v2\/event"}],"about":[{"href":"https:\/\/www.humboldtforum.org\/de\/wp-json\/wp\/v2\/types\/event"}],"version-history":[{"count":0,"href":"https:\/\/www.humboldtforum.org\/de\/wp-json\/wp\/v2\/event\/36436\/revisions"}],"wp:featuredmedia":[{"embeddable":true,"href":"https:\/\/www.humboldtforum.org\/de\/wp-json\/wp\/v2\/media\/36642"}],"wp:attachment":[{"href":"https:\/\/www.humboldtforum.org\/de\/wp-json\/wp\/v2\/media?parent=36436"}],"wp:term":[{"taxonomy":"genre","embeddable":true,"href":"https:\/\/www.humboldtforum.org\/de\/wp-json\/wp\/v2\/genre?post=36436"},{"taxonomy":"digital","embeddable":true,"href":"https:\/\/www.humboldtforum.org\/de\/wp-json\/wp\/v2\/digital?post=36436"},{"taxonomy":"topic","embeddable":true,"href":"https:\/\/www.humboldtforum.org\/de\/wp-json\/wp\/v2\/topic?post=36436"},{"taxonomy":"stakeholder","embeddable":true,"href":"https:\/\/www.humboldtforum.org\/de\/wp-json\/wp\/v2\/stakeholder?post=36436"},{"taxonomy":"editorial","embeddable":true,"href":"https:\/\/www.humboldtforum.org\/de\/wp-json\/wp\/v2\/editorial?post=36436"},{"taxonomy":"editorialfilter","embeddable":true,"href":"https:\/\/www.humboldtforum.org\/de\/wp-json\/wp\/v2\/editorialfilter?post=36436"},{"taxonomy":"targetgroup","embeddable":true,"href":"https:\/\/www.humboldtforum.org\/de\/wp-json\/wp\/v2\/targetgroup?post=36436"},{"taxonomy":"language","embeddable":true,"href":"https:\/\/www.humboldtforum.org\/de\/wp-json\/wp\/v2\/language?post=36436"},{"taxonomy":"accessability","embeddable":true,"href":"https:\/\/www.humboldtforum.org\/de\/wp-json\/wp\/v2\/accessability?post=36436"},{"taxonomy":"age","embeddable":true,"href":"https:\/\/www.humboldtforum.org\/de\/wp-json\/wp\/v2\/age?post=36436"},{"taxonomy":"school","embeddable":true,"href":"https:\/\/www.humboldtforum.org\/de\/wp-json\/wp\/v2\/school?post=36436"},{"taxonomy":"groupsize","embeddable":true,"href":"https:\/\/www.humboldtforum.org\/de\/wp-json\/wp\/v2\/groupsize?post=36436"},{"taxonomy":"place","embeddable":true,"href":"https:\/\/www.humboldtforum.org\/de\/wp-json\/wp\/v2\/place?post=36436"}],"curies":[{"name":"wp","href":"https:\/\/api.w.org\/{rel}","templated":true}]}}