{"id":40024,"date":"2022-03-18T14:13:29","date_gmt":"2022-03-18T13:13:29","guid":{"rendered":"https:\/\/www.humboldtforum.org\/?post_type=event&#038;p=40024"},"modified":"2022-08-18T09:14:42","modified_gmt":"2022-08-18T07:14:42","slug":"neue-verbindungen","status":"publish","type":"event","link":"https:\/\/www.humboldtforum.org\/de\/programm\/termin\/gespraech\/neue-verbindungen-40024\/","title":{"rendered":"Neue Verbindungen"},"content":{"rendered":"<section class=\"block block-media\">\n\t\t<div class=\"container-fluid\">\n\t\t<div class=\"row\">\n\t\t\t<div class=\"col-xs-10 col-md-6 col-xs-offset-1 col-md-offset-3\">\n\t\t\t\t<h5>Livestream<\/h5>\n\t\t\t<\/div>\n\t\t<\/div>\n\t<\/div>\n\t\t<div class=\"container-fluid\">\n\t\t<div class=\"row\">\n\t\t\t<div class=\"col-xs-10 col-md-6 col-xs-offset-1 col-md-offset-3\">\n\t\t\t\n\t<lazy-media-inline inline-template>\n\t\t<figure itemscope itemtype=\"http:\/\/schema.org\/ImageObject\" class=\"lazy-media-inline \" role=\"group\" id=\"media_69ee7e0409079\" aria-labelledby=\"desc_media_69ee7e0409079\">\n\t\t\t<script type=\"application\/json\" ref=\"data\">\n\t\t\t\t{\n\t\t\t\t\"sizes\" : {\"medium\":{\"file\":\"SHF_eb00133524-300x190.jpg\",\"width\":300,\"height\":190,\"mime-type\":\"image\\\/jpeg\"},\"large\":{\"file\":\"SHF_eb00133524-1024x647.jpg\",\"width\":1024,\"height\":647,\"mime-type\":\"image\\\/jpeg\"},\"thumbnail\":{\"file\":\"SHF_eb00133524-150x150.jpg\",\"width\":150,\"height\":150,\"mime-type\":\"image\\\/jpeg\"},\"medium_large\":{\"file\":\"SHF_eb00133524-768x485.jpg\",\"width\":768,\"height\":485,\"mime-type\":\"image\\\/jpeg\"},\"small\":{\"file\":\"SHF_eb00133524-440x278.jpg\",\"width\":440,\"height\":278,\"mime-type\":\"image\\\/jpeg\"},\"semi\":{\"file\":\"SHF_eb00133524-580x366.jpg\",\"width\":580,\"height\":366,\"mime-type\":\"image\\\/jpeg\"},\"mobile\":{\"file\":\"SHF_eb00133524-720x455.jpg\",\"width\":720,\"height\":455,\"mime-type\":\"image\\\/jpeg\"},\"hd\":{\"file\":\"SHF_eb00133524-1280x809.jpg\",\"width\":1280,\"height\":809,\"mime-type\":\"image\\\/jpeg\"},\"full\":{\"file\":\"SHF_eb00133524-1920x1213.jpg\",\"width\":1920,\"height\":1213,\"mime-type\":\"image\\\/jpeg\"},\"1536x1536\":{\"file\":\"SHF_eb00133524-1536x970.jpg\",\"width\":1536,\"height\":970,\"mime-type\":\"image\\\/jpeg\"},\"2048x2048\":{\"file\":\"SHF_eb00133524-2048x1294.jpg\",\"width\":2048,\"height\":1294,\"mime-type\":\"image\\\/jpeg\"},\"original\":{\"file\":\"SHF_eb00133524.jpg\",\"width\":3000,\"height\":1895}},\n\t\t\t\t\"alt\" : \"Sechs elegante St\\u00fchle in verschiedenen Farben stehen auf einem Holzfu\\u00dfboden vor einer wei\\u00dfen Wand.\",\n\t\t\t\t\"path\" : \"\\\/wp-content\\\/uploads\\\/2022\\\/03\\\/\",\n\t\t\t\t\"video\" : null,\n\t\t\t\t\"autoplay\" : null,\n\t\t\t\t\"youtube\" : \"https:\\\/\\\/www.youtube.com\\\/watch?v=XAz1kmVd3Qs\",\n\t\t\t\t\"youtubelabel\" : \"Video abspielen\",\n\t\t\t\t\"brightness\" : \"70\",\n\t\t\t\t\"crop\" : null,\n\t\t\t\t\"background\" : false,\n\t\t\t\t\"scale\" : 1\t\t\t\t}\n\t\t\t<\/script>\n\n\t\t\t<div class=\"height-container\" style=\"padding-bottom:63.166666666667%;\" v-if=\"sizes\">\n\t\t\t\t\t\t\t\t<lazy-media :inline=\"true\" :alt=\"alt\" :sizes=\"sizes\" :scale=\"scale\" :brightness=\"brightness\" :path=\"path\" :video=\"video\" :autoplay=\"autoplay\" :youtube=\"youtube\" :crop=\"crop\" :youtubelabel=\"youtubelabel\" :background=\"background\" media-id=\"desc_media_69ee7e0409079\"><\/lazy-media>\n\t\t\t\t\t\t\t<\/div>\n\n\t\t\t\t\t\t\t<figcaption class=\"\" id=\"desc_media_69ee7e0409079\">\n\t\t\t\t\t<div class=\"lazy-media-info-body-content\">\n\t\t\t\t\t\t\t\t\t\t\t\t\t\t\t\t\t\t\t\t\t\t\t\t\t<div class=\"insignificant\">\u00a9 Stiftung Humboldt Forum im Berliner Schloss \/ Photo: David Von Becker<\/div>\n\t\t\t\t\t\t\t\t\t\t\t<\/div>\n\t\t\t\t<\/figcaption>\n\t\t\t\t\t\t\t\t\t<\/figure>\n\t<\/lazy-media-inline>\n\t\t\t<\/div>\n\t\t<\/div>\n\t<\/div>\n<\/section>\n\n<section class=\"block block-copy block-no-margin\" >\n    <div class=\"container-fluid\">\n\t\t<div class=\"row \">\n            <div class=\"col-xs-12 col-md-offset-2 col-md-8\">\n                <div class=\"box\">\n                    <div class=\"copy\"><p><strong>In diesem Dialog wird die Wissenschaftlerin und Autorin Janet Marstine \u00fcber die Ethik der Beziehungen f\u00fcr Museen sprechen, gefolgt von zwei Antworten von Wandile Kasibe und Macarena G\u00f3mez-Barris. In ihrem Gespr\u00e4ch wird er\u00f6rtert, wie Kultureinrichtungen wie Museen eine Ethik erlernen sollten, die dazu beitragen kann, eine neue Beziehung f\u00fcr den Umgang mit den kolonialen Verstrickungen in Museen und dar\u00fcber hinaus zu definieren.<br \/>\n<\/strong><\/p>\n<p>Janet Marstine wird \u00fcber die Notwendigkeit des Kuratierens mit Hilfe einer relationalen Ethik sprechen, die sich auf das Projekt der Dekolonisierung von Museen bezieht. Sie wird erl\u00e4utern, dass Ethikcodes allein nicht ausreichen, um die komplexen Probleme zu l\u00f6sen, mit denen Kuratoren heute konfrontiert sind, und dass sie durch werteorientierte Ans\u00e4tze unterst\u00fctzt werden m\u00fcssen. Dr. Marstine wird argumentieren, dass die relationale Ethik durch die Bedeutung der Beziehungen oder der &#8222;Verbundenheit&#8220; zwischen Objekten und Menschen, zwischen Institutionen und Menschen und zwischen Menschen an sich, wie sie von verschiedenen Kurator*innen gef\u00f6rdert wird, die F\u00e4higkeit hat, sowohl Ausschl\u00fcsse und Ungleichheiten in der Kunstwelt als auch umfassendere soziale und politische Anliegen anzugehen.<\/p>\n<p>Macarena G\u00f3mez-Barris und Wandile Kasibe werden \u00fcber die aufgeworfenen Fragen weiterf\u00fchren und die Ethik in Museen und in der kuratorischen Arbeit in Bezug auf ihre eigene Forschung und Praxis untersuchen.<\/p>\n<p>Macarena G\u00f3mez-Barris, die an den Schnittstellen zwischen Bildender Kunst, Umwelt-Medien-Humanwissenschaften und dekolonialer Theorie und Praxis arbeitet, wird Extraktivismus in Bezug auf Territorien, Kunstmuseen und materielle Infrastrukturen diskutieren. In ihrem Vortrag &#8222;The Colonial Anthropocene and Reimagining Art Today&#8220; (Das koloniale Anthropoz\u00e4n und die Neuinterpretation der Kunst heute) wird Gomez-Barris anhand von zwei Beispielen aus New York und Chile Fragen der Ethik in diesem aktuellen Moment beleuchten.<\/p>\n<p>Wandile Kasibe von den Iziko-Museen in S\u00fcdafrika wird \u00fcber Ethik im Zusammenhang mit seiner Forschung \u00fcber Museen und die Konstruktion von Rassenideologien sowie \u00fcber seine Beteiligung an der Bewegung &#8222;Rhodes Must Fall&#8220; sprechen.<\/p>\n<p>&nbsp;<\/p>\n<p>&nbsp;<\/p>\n<\/div>\n                <\/div>\n            <\/div>\n\t\t<\/div>\n\t\t    <\/div>\n<\/section>\n\n<section class=\"block block-headline block-no-margin \" >\n\t<div class=\"container-fluid\">\n\t\t<div class=\"row\">\n\t\t\t\t\t\t\t<div class=\"col-xs-12 col-md-offset-2 col-md-8\">\n\t\t\t\t\t<div class=\"box\">\n\t\t\t\t\t\t<h2 class=\".h4\">PODIUM<\/h2>\n\t\t\t\t\t<\/div>\n\t\t\t\t<\/div>\n\t\t\t\t\t<\/div>\n\t<\/div>\n<\/section>\n\n\n\n\n\n<section class=\"block block-accordion\">\n\t<div class=\"container-fluid\">\n\t\t<div class=\"row\">\n\t\t\t<div class=\"col-xs-12 col-md-offset-2 col-md-8\">\n\t\t\t\t<div class=\"box\">\n\t\t\t\t\t\t\t\t\t\t\t<block-accordion inline-template>\n\t\t\t\t\t\t\t<div class=\"accordion\">\n\t\t\t\t\t\t\t\t\t\t\t\t\t\t\t<block-accordion-item inline-template item-headline=\"Janet Marstine\">\n\t\t\t\t\t\t\t\t<div ref=\"item\" data-id=\"JanetMarstine\" class=\"block-accordion-item vue-initialize\" aria-expanded=\"false\" :aria-expanded=\"active ? 'true' : 'false'\">\n\t\t\t\t\t\t\t\t\t<button class=\"accordion-button-with-icon block-accordion-item-head\" :class=\"{'button-active': active}\" ref=\"head\" aria-controls=\"acc_69ee7e0412b53\" id=\"acc_title_69ee7e0412b56\" @click=\"toggle\" @keydown=\"key\">\n\t\t\t\t\t\t\t\t\t<div><span class=\"button-label\">Janet Marstine<\/span><\/div><span class=\"button-icon icon-plus\" aria-hidden=\"true\"><\/span>\n\t\t\t\t\t\t\t\t<\/button>\n\t\t\t\t\t\t\t\t\t<div ref=\"body\" class=\"block-accordion-item-content\" id=\"acc_69ee7e0412b53\" role=\"region\">\n\t\t\t\t\t\t\t\t\t\t<div class=\"wrapper copy\">\n\t\t\t\t\t\t\t\t\t\t\t<p><strong>Janet Marstine<\/strong>\u00a0hat ein besonderes Interesse daran, die Handlungsf\u00e4higkeit von Fachleuten anzuerkennen und zu unterst\u00fctzen, damit sie fundierte ethische Entscheidungen treffen k\u00f6nnen. In mehr als f\u00fcnfzehn Jahren hat Dr. Janet Marstine durch ihre Forschung, ihre Schriften und ihre Lehrt\u00e4tigkeit den Bereich der Museumsethik neu belebt und definiert. In ihrer Arbeit als Assistenzprofessorin f\u00fcr Museumsstudien\/Gr\u00fcndungsdirektorin des Institute of Museum Ethics an der Seton Hall University, South Orange, New Jersey (2005-2010), anschlie\u00dfend als Assistenz- und au\u00dferordentliche Professorin an der School of Museum Studies an der University of Leicester, Gro\u00dfbritannien (2010-2019) und jetzt als unabh\u00e4ngige Wissenschaftlerin und Beraterin hat sie einen soliden Forschungspfad aufgebaut, in dem sie ethische Themen von Museumstransparenz \u00fcber kuratorische Selbstzensur bis hin zu k\u00fcnstlerischen Interventionen als Triebkraft f\u00fcr ethischen Wandel analysiert. Zu ihren B\u00fcchern geh\u00f6ren\u00a0<em>New Museum Theory and Practice: An Introduction (Wiley Blackwell 2006); Routledge Companion to Museum Ethics: Redefining Ethics for the Twenty-First Century Museum (Routledge 2011); mit A. Bauer und C. Haines, New Directions in Museum Ethics (Routledge 2012); Critical Practice: Artists, Museums, Ethics (Routledge 2017); mit S. Mintcheva, Curating Under Pressure: International Perspectives on Negotiating Conflict and Upholding Integrity (Routledge 2020); und mit O. Ho Curating Art (Routledge 2022).<\/em><\/p>\n\n\t\t\t\t\t\t\t\t\t\t\t\t\t\t\t\t\t\t\t\t\t\t\t\t\t\t\t\t\t\t\t\t\t\n\t\t\t\t\t\t\t\t\t\t\t<div class=\"row\">\n\t\t\t\t\t\t\t\t\t\t\t\t<div class=\"col-xs-9 col-md-9\">\n\t\t\t\t\t\t\t\t\t\t\t\t\t<div class=\"box\">\n\t\t\t\t\t\t\t\t\t\t\t\t\t\t\t\t\t\t\t\t\t\t\t\t\t\t\t<\/div>\n\t\t\t\t\t\t\t\t\t\t\t\t<\/div>\n\t\t\t\t\t\t\t\t\t\t\t<\/div>\n\n\t\t\t\t\t\t\t\t\t\t\t\t\t\t\t\t\t\t\t\t\t<\/div>\n\t\t\t\t\t\t\t\t\t<\/div>\n\t\t\t\t\t\t\t\t<\/div>\n\t\t\t\t\t\t\t\t<\/block-accordion-item>\n\t\t\t\t\t\t\t\t\t\t\t\t\t\t<block-accordion-item inline-template item-headline=\"Wandile Kasibe\u00a0\">\n\t\t\t\t\t\t\t\t<div ref=\"item\" data-id=\"WandileKasibe\" class=\"block-accordion-item vue-initialize\" aria-expanded=\"false\" :aria-expanded=\"active ? 'true' : 'false'\">\n\t\t\t\t\t\t\t\t\t<button class=\"accordion-button-with-icon block-accordion-item-head\" :class=\"{'button-active': active}\" ref=\"head\" aria-controls=\"acc_69ee7e0412f5c\" id=\"acc_title_69ee7e0412f5f\" @click=\"toggle\" @keydown=\"key\">\n\t\t\t\t\t\t\t\t\t<div><span class=\"button-label\">Wandile Kasibe\u00a0<\/span><\/div><span class=\"button-icon icon-plus\" aria-hidden=\"true\"><\/span>\n\t\t\t\t\t\t\t\t<\/button>\n\t\t\t\t\t\t\t\t\t<div ref=\"body\" class=\"block-accordion-item-content\" id=\"acc_69ee7e0412f5c\" role=\"region\">\n\t\t\t\t\t\t\t\t\t\t<div class=\"wrapper copy\">\n\t\t\t\t\t\t\t\t\t\t\t<p><strong>Wandile Kasibe<\/strong>\u00a0promovierte in Soziologie an der\u00a0<span class=\"s5\">Un<\/span><span class=\"s5\">iversity of Cape Town<\/span>\u00a0(UCT) mit dem Titel &#8222;<span class=\"s5\">Museums and the Construction of Race Ideologies In South Africa\u201d \u00dcbersetzung:\u00a0<\/span>Museen und die Konstruktion von Rassenideologien in S\u00fcdafrika). Als Student der Universit\u00e4t war Kasibe an den Bewegungen &#8222;Rhodes Must Fall&#8220; (RMF) und &#8222;Fees Must Fall&#8220; (FMF) beteiligt, die die koloniale Symbolik, den institutionalisierten Rassismus und viele andere Formen der kolonialen Kontinuit\u00e4t in der heutigen Gesellschaft in Frage stellen wollten. Kasibe ist ein Chevening-Stipendiat mit einem B-Tech-Abschluss in Bildender Kunst (Border Technikon), einem Postgraduierten-Diplom in Bildender Kunst (Universit\u00e4t Kapstadt), einem MFA, einem MA in Welterbe (International Training Centre\/ILO) und einem Master-Abschluss in Museumsstudien an der School of Museum Studies in Leicester im Vereinigten K\u00f6nigreich. \u00a0Er hat in verschiedenen Publikationen ver\u00f6ffentlicht und war in zahlreichen Gremien t\u00e4tig, unter anderem im National Arts Council of South Africa (NAC). Kasibe ist auch Mitglied des Ausschusses f\u00fcr das UCT Rhodes Must Fall Scholarship und hat Afrika, Europa, Asien und Amerika ausgiebig bereist. \u00a0Derzeit ist er der Koordinator f\u00fcr \u00f6ffentliche Programme der Iziko-Museen in S\u00fcdafrika.<\/p>\n\n\t\t\t\t\t\t\t\t\t\t\t\t\t\t\t\t\t\t\t\t\t\t\t\t\t\t\t\t\t\t\t\t\t\n\t\t\t\t\t\t\t\t\t\t\t<div class=\"row\">\n\t\t\t\t\t\t\t\t\t\t\t\t<div class=\"col-xs-9 col-md-9\">\n\t\t\t\t\t\t\t\t\t\t\t\t\t<div class=\"box\">\n\t\t\t\t\t\t\t\t\t\t\t\t\t\t\t\t\t\t\t\t\t\t\t\t\t\t\t<\/div>\n\t\t\t\t\t\t\t\t\t\t\t\t<\/div>\n\t\t\t\t\t\t\t\t\t\t\t<\/div>\n\n\t\t\t\t\t\t\t\t\t\t\t\t\t\t\t\t\t\t\t\t\t<\/div>\n\t\t\t\t\t\t\t\t\t<\/div>\n\t\t\t\t\t\t\t\t<\/div>\n\t\t\t\t\t\t\t\t<\/block-accordion-item>\n\t\t\t\t\t\t\t\t\t\t\t\t\t\t<block-accordion-item inline-template item-headline=\"Macarena G\u00f3mez-Barris\">\n\t\t\t\t\t\t\t\t<div ref=\"item\" data-id=\"MacarenaGmez-Barris\" class=\"block-accordion-item vue-initialize\" aria-expanded=\"false\" :aria-expanded=\"active ? 'true' : 'false'\">\n\t\t\t\t\t\t\t\t\t<button class=\"accordion-button-with-icon block-accordion-item-head\" :class=\"{'button-active': active}\" ref=\"head\" aria-controls=\"acc_69ee7e0413506\" id=\"acc_title_69ee7e0413509\" @click=\"toggle\" @keydown=\"key\">\n\t\t\t\t\t\t\t\t\t<div><span class=\"button-label\">Macarena G\u00f3mez-Barris<\/span><\/div><span class=\"button-icon icon-plus\" aria-hidden=\"true\"><\/span>\n\t\t\t\t\t\t\t\t<\/button>\n\t\t\t\t\t\t\t\t\t<div ref=\"body\" class=\"block-accordion-item-content\" id=\"acc_69ee7e0413506\" role=\"region\">\n\t\t\t\t\t\t\t\t\t\t<div class=\"wrapper copy\">\n\t\t\t\t\t\t\t\t\t\t\t<p><strong>Macarena G\u00f3mez-Barris<\/strong>\u00a0arbeitet an den Schnittstellen zwischen visueller Kunst, Umwelt- und Medienwissenschaften sowie dekolonialer Theorie und Praxis. Zu ihren B\u00fcchern geh\u00f6ren \u201cWhere Memory Dwells: Culture and State Violence in Chile\u201d (UC Press, 2009), \u201cThe Extractive Zone: Social Ecologies and Decolonial Perspectives\u201d (Duke University Press 2017) und \u201cBeyond the Pink Tide: Artistic and Political Undercurrents in the Am\u00e9ricas\u201d (UC Press, 2018).<\/p>\n<p>Macarena ist Gr\u00fcndungsdirektorin des Global South Center am Pratt Institute. F\u00fcr die Ausstellung zu ihrem demn\u00e4chst bei Duke University Press erscheinenden Buch \u201cAt the Sea&#8217;s Edge\u201d wurde ihr k\u00fcrzlich ein Andy Warhol Curatorial Research Grant 2022 verliehen.<\/p>\n\n\t\t\t\t\t\t\t\t\t\t\t\t\t\t\t\t\t\t\t\t\t\t\t\t\t\t\t\t\t\t\t\t\t\n\t\t\t\t\t\t\t\t\t\t\t<div class=\"row\">\n\t\t\t\t\t\t\t\t\t\t\t\t<div class=\"col-xs-9 col-md-9\">\n\t\t\t\t\t\t\t\t\t\t\t\t\t<div class=\"box\">\n\t\t\t\t\t\t\t\t\t\t\t\t\t\t\t\t\t\t\t\t\t\t\t\t\t\t\t<\/div>\n\t\t\t\t\t\t\t\t\t\t\t\t<\/div>\n\t\t\t\t\t\t\t\t\t\t\t<\/div>\n\n\t\t\t\t\t\t\t\t\t\t\t\t\t\t\t\t\t\t\t\t\t<\/div>\n\t\t\t\t\t\t\t\t\t<\/div>\n\t\t\t\t\t\t\t\t<\/div>\n\t\t\t\t\t\t\t\t<\/block-accordion-item>\n\t\t\t\t\t\t\t\t\t\t\t\t\t<\/div>\n\t\t\t\t\t\t<\/block-accordion>\n\t\t\t\t\t\t\t\t\t<\/div>\n\t\t\t<\/div>\n\t\t<\/div>\n\t<\/div>\n<\/section>\n\n\n<section class=\"block block-teaser col-4 has-bg\" style=\"--teaser-bg:#e2e2e2\">\n\t\t\t\t\t\t<div class=\"container-fluid\">\n\t\t\t\t\t\t\t\t\t<div class=\"row\">\n\t\t\t\t\t\t<div class=\"col-xs-12\">\n\t\t\t\t\t\t\t<h3 class=\"h4 topline\">Geh\u00f6rt zu<\/h4>\n\t\t\t\t\t\t<\/div>\n\t\t\t\t\t<\/div>\n\t\t\t\t\t\t\t\t<ul class=\"row\">\n\n\t\t\t\t<li class=\"col-xs-6 col-sm-4 col-md-3 teaser-wrapper col-padding-remove\">\n\t<calendarteaser key=\"1418819763\" rawitem='{&quot;postId&quot;:14188,&quot;title&quot;:&quot;99 Fragen&quot;,&quot;excerpt&quot;:&quot;&quot;,&quot;slug&quot;:&quot;99-fragen&quot;,&quot;type&quot;:&quot;event-sequence&quot;,&quot;post_date&quot;:&quot;2020-10-23T16:09&quot;,&quot;permalink&quot;:&quot;https:\\\/\\\/www.humboldtforum.org\\\/de\\\/programm\\\/event-reihe\\\/diskurs\\\/99-fragen-14188\\\/&quot;,&quot;genre&quot;:[392,564],&quot;genre_details&quot;:[{&quot;text&quot;:&quot;Diskurs&quot;,&quot;id&quot;:392,&quot;icon&quot;:null,&quot;parent&quot;:0},{&quot;text&quot;:&quot;Wissenschaft&quot;,&quot;id&quot;:564,&quot;icon&quot;:null,&quot;parent&quot;:0}],&quot;topic&quot;:[782],&quot;topic_details&quot;:[{&quot;text&quot;:&quot;Kolonialismus und Kolonialit\\u00e4t&quot;,&quot;id&quot;:782,&quot;icon&quot;:null,&quot;parent&quot;:0}],&quot;stakeholder&quot;:[382],&quot;stakeholder_details&quot;:[{&quot;text&quot;:&quot;Stiftung Humboldt Forum im Berliner Schloss&quot;,&quot;id&quot;:382,&quot;icon&quot;:null,&quot;parent&quot;:0}],&quot;icon_overwrite&quot;:&quot;&quot;,&quot;acf&quot;:{&quot;belongsto&quot;:false,&quot;shorturl&quot;:&quot;99fragen&quot;,&quot;highlight_header&quot;:false,&quot;featured_images&quot;:[17911],&quot;tipp&quot;:false,&quot;joker&quot;:false,&quot;live&quot;:false,&quot;announcement&quot;:&quot;Eine forschungsorientierte Programmplattform&quot;,&quot;hyphenation&quot;:true,&quot;yt&quot;:&quot;&quot;,&quot;noindex&quot;:false,&quot;keywords&quot;:&quot;&quot;,&quot;additional_info&quot;:{&quot;icon&quot;:&quot;0&quot;,&quot;text&quot;:&quot;&quot;},&quot;use_video_in_teasers&quot;:false,&quot;manual_period&quot;:false,&quot;hide_event_in_program&quot;:false,&quot;has_mobile_format&quot;:false,&quot;overwrite_date&quot;:&quot;Eine forschungsorientierte Programmplattform&quot;,&quot;events&quot;:[127815]},&quot;date&quot;:{&quot;NLAST&quot;:&quot;202404251900&quot;,&quot;NX&quot;:null,&quot;NXX&quot;:null,&quot;from_DATE&quot;:&quot;20240425 19:00&quot;,&quot;from&quot;:1714057200,&quot;to&quot;:1714057200,&quot;to_DATE&quot;:&quot;20240425 19:00&quot;,&quot;from_HRFSHORT&quot;:&quot;25. Apr 2024&quot;,&quot;from_HRFSHORT_WD&quot;:&quot;Do 25.04.2024&quot;,&quot;to_HRFSHORT&quot;:&quot;25. Apr 2024&quot;,&quot;to_HRFSHORT_WD&quot;:&quot;Do 25.04.2024&quot;,&quot;from_HRF&quot;:&quot;Do, 25. April 2024&quot;,&quot;to_HRF&quot;:&quot;Do, 25. April 2024&quot;,&quot;from_to_HRF&quot;:&quot;Do, 25. April \\u2013 Do, 25. April 2024&quot;,&quot;from_to_HRFSHORT&quot;:&quot;25. Apr \\u2013 25. Apr 2024&quot;},&quot;alert&quot;:null,&quot;partof&quot;:[],&quot;marketing_topic&quot;:&quot;&quot;}' inline-template>\n\t<a href=\"https:\/\/www.humboldtforum.org\/de\/programm\/event-reihe\/diskurs\/99-fragen-14188\/\" class=\"teaser teaser-event-sequence teaser-event-standard\">\n\t\t<div class=\"row\">\n\t\t\t<div class=\"col-xs-12 teaser-event-image\">\n\t\t\t\t<div class=\"teaser-image teaser-image-no-alternate\">\n\t\t\t\t\t\t\t\t\t\t\t\n\t<lazy-media-inline inline-template>\n\t\t<figure itemscope itemtype=\"http:\/\/schema.org\/ImageObject\" class=\"lazy-media-inline \" role=\"group\" id=\"media_69ee7e042497f\" aria-labelledby=\"desc_media_69ee7e042497f\">\n\t\t\t<script type=\"application\/json\" ref=\"data\">\n\t\t\t\t{\n\t\t\t\t\"sizes\" : {\"medium\":{\"file\":\"201130_LOS_55_Webteaser_Studio3_99Fragen2-300x180.jpg\",\"width\":300,\"height\":180,\"mime-type\":\"image\\\/jpeg\"},\"large\":{\"file\":\"201130_LOS_55_Webteaser_Studio3_99Fragen2-1024x613.jpg\",\"width\":1024,\"height\":613,\"mime-type\":\"image\\\/jpeg\"},\"thumbnail\":{\"file\":\"201130_LOS_55_Webteaser_Studio3_99Fragen2-150x150.jpg\",\"width\":150,\"height\":150,\"mime-type\":\"image\\\/jpeg\"},\"medium_large\":{\"file\":\"201130_LOS_55_Webteaser_Studio3_99Fragen2-768x460.jpg\",\"width\":768,\"height\":460,\"mime-type\":\"image\\\/jpeg\"},\"small\":{\"file\":\"201130_LOS_55_Webteaser_Studio3_99Fragen2-440x264.jpg\",\"width\":440,\"height\":264,\"mime-type\":\"image\\\/jpeg\"},\"semi\":{\"file\":\"201130_LOS_55_Webteaser_Studio3_99Fragen2-580x347.jpg\",\"width\":580,\"height\":347,\"mime-type\":\"image\\\/jpeg\"},\"mobile\":{\"file\":\"201130_LOS_55_Webteaser_Studio3_99Fragen2-720x431.jpg\",\"width\":720,\"height\":431,\"mime-type\":\"image\\\/jpeg\"},\"hd\":{\"file\":\"201130_LOS_55_Webteaser_Studio3_99Fragen2-1280x767.jpg\",\"width\":1280,\"height\":767,\"mime-type\":\"image\\\/jpeg\"},\"full\":{\"file\":\"201130_LOS_55_Webteaser_Studio3_99Fragen2-1920x1150.jpg\",\"width\":1920,\"height\":1150,\"mime-type\":\"image\\\/jpeg\"},\"1536x1536\":{\"file\":\"201130_LOS_55_Webteaser_Studio3_99Fragen2-1536x920.jpg\",\"width\":1536,\"height\":920,\"mime-type\":\"image\\\/jpeg\"},\"original\":{\"file\":\"201130_LOS_55_Webteaser_Studio3_99Fragen2.jpg\",\"width\":2000,\"height\":1198}},\n\t\t\t\t\"alt\" : \"Ein Ausstellungsraum mit geneigtem Quadrat, in welchem sich die Zahl \\\"99\\\" und zwei weitere Fotos befinden, in der Mitte\",\n\t\t\t\t\"path\" : \"\\\/wp-content\\\/uploads\\\/2020\\\/10\\\/\",\n\t\t\t\t\"video\" : null,\n\t\t\t\t\"autoplay\" : null,\n\t\t\t\t\"youtube\" : null,\n\t\t\t\t\"youtubelabel\" : \"Video abspielen\",\n\t\t\t\t\"brightness\" : 100,\n\t\t\t\t\"crop\" : {\"top\":\"50.00\",\"left\":\"50.00\"},\n\t\t\t\t\"background\" : true,\n\t\t\t\t\"scale\" : 2\t\t\t\t}\n\t\t\t<\/script>\n\n\t\t\t<div class=\"height-container\" style=\"padding-bottom:59.9%;\" v-if=\"sizes\">\n\t\t\t\t\t\t\t\t<lazy-media :inline=\"true\" :alt=\"alt\" :sizes=\"sizes\" :scale=\"scale\" :brightness=\"brightness\" :path=\"path\" :video=\"video\" :autoplay=\"autoplay\" :youtube=\"youtube\" :crop=\"crop\" :youtubelabel=\"youtubelabel\" :background=\"background\" media-id=\"desc_media_69ee7e042497f\"><\/lazy-media>\n\t\t\t\t\t\t\t<\/div>\n\n\t\t\t\t\t\t\t<figcaption class=\"sr-only\" ref=\"body\" id=\"desc_media_69ee7e042497f\">\n\t\t\t\t\t\t\t\t\t\t\t\t\t\t\t\t\t\t\t\t\t<div class=\"insignificant\">\u00a9 Stiftung Humboldt Forum im Berliner Schloss \/ Collage: Stiftung Humboldt Forum im Berliner Schloss \/ Giuliani | von Giese; Staatliche Museen zu Berlin, Ethnologisches Museum \/ Waltraud Schneider-Sch\u00fctz; Staatliche Museen zu Berlin, Ethnologisches Museum\r\n<\/div>\n\t\t\t\t\t\t\t\t\t<\/figcaption>\n\t\t\t\t\t<\/figure>\n\t<\/lazy-media-inline>\n\t\t\t\t<\/div>\n\t\t\t<\/div>\n\t\t\t<div class=\"col-xs-12 teaser-event-text Infos\">\n\t\t\t\t<div class=\"teaser-event-standard-text\">\n\t\t\t\t\t<div class=\"margin-bottom-atom\">\n\t\t\t\t\t\t<div class=\"subline clamp-1\" v-html=\"maingenre\"><\/div>\n\t\t\t\t\t\t\t\t\t\t\t<\/div>\n\t\t\t\t\n\t\t\t\t\t<strong class=\"margin-bottom-atom\">99 Fragen<\/strong>\n\n\t\t\t\t\t\t\t\t\t\t\t<div class=\"\"><\/div>\n\t\t\t\t\t\t\t\t\t<\/div>\n\t\t\t\t<div class=\"teaser-bottom border-bottom\">\n\t\t\t\t<calendardateline :rawitem='item' :show-icon=\"true\"><\/calendardateline>\n\t\t\t\t\t<hr>\n\t\t\t\t<\/div>\n\t\t\t<\/div>\n\t\t<\/div>\n\t<\/a>\n\t<\/calendarteaser>\n<\/li>\n\n<li class=\"col-xs-6 col-sm-4 col-md-3 teaser-wrapper col-padding-remove\">\n\t<calendarteaser key=\"220525519\" rawitem='{&quot;postId&quot;:22052,&quot;title&quot;:&quot;99 Questions Podcasts mit Feven Keleta&quot;,&quot;excerpt&quot;:&quot;\\u00dcber den Zeitraum von einem Jahr werden Dialoge \\u00fcber Museen und ihre vielf\\u00e4ltigen Verbindungen zum Kolonialismus gef\\u00fchrt. In den monatlichen Episoden werden unterschiedliche G\\u00e4ste wie K\\u00fcnstler*innen, Aktivist*innen und Wissenschaftler*innen, ihre Erfahrungen, ihr Wissen und ihre Perspektiven auf vergangene und zuk\\u00fcnftige Museumspraktiken in postkolonialen Gesellschaften teilen.&quot;,&quot;slug&quot;:&quot;99-fragen&quot;,&quot;post_date&quot;:&quot;2021-05-12T11:24&quot;,&quot;type&quot;:&quot;event-digital&quot;,&quot;permalink&quot;:&quot;https:\\\/\\\/www.humboldtforum.org\\\/de\\\/programm\\\/digitales-angebot\\\/digital\\\/99-fragen-22052\\\/&quot;,&quot;genre&quot;:[687],&quot;genre_details&quot;:[{&quot;text&quot;:&quot;Digital&quot;,&quot;id&quot;:687,&quot;icon&quot;:null,&quot;parent&quot;:0}],&quot;digital&quot;:[768],&quot;digital_details&quot;:[{&quot;text&quot;:&quot;Podcast&quot;,&quot;id&quot;:768,&quot;icon&quot;:null,&quot;parent&quot;:0}],&quot;topic&quot;:[782],&quot;topic_details&quot;:[{&quot;text&quot;:&quot;Kolonialismus und Kolonialit\\u00e4t&quot;,&quot;id&quot;:782,&quot;icon&quot;:null,&quot;parent&quot;:0}],&quot;stakeholder&quot;:[530,382],&quot;stakeholder_details&quot;:[{&quot;text&quot;:&quot;Staatliche Museen zu Berlin&quot;,&quot;id&quot;:530,&quot;icon&quot;:null,&quot;parent&quot;:0},{&quot;text&quot;:&quot;Stiftung Humboldt Forum im Berliner Schloss&quot;,&quot;id&quot;:382,&quot;icon&quot;:null,&quot;parent&quot;:0}],&quot;targetgroup&quot;:[383],&quot;targetgroup_details&quot;:[{&quot;text&quot;:&quot;Erwachsene&quot;,&quot;id&quot;:383,&quot;icon&quot;:null,&quot;parent&quot;:0}],&quot;language&quot;:[385],&quot;language_details&quot;:[{&quot;text&quot;:&quot;Englisch&quot;,&quot;id&quot;:385,&quot;icon&quot;:null,&quot;parent&quot;:0}],&quot;icon_overwrite&quot;:&quot;&quot;,&quot;acf&quot;:{&quot;noindex&quot;:false,&quot;keywords&quot;:&quot;&quot;,&quot;belongsto&quot;:[14188],&quot;shorturl&quot;:&quot;99-questions&quot;,&quot;planning&quot;:{&quot;price&quot;:&quot;&quot;,&quot;status&quot;:&quot;JOIN&quot;,&quot;info&quot;:&quot;&quot;,&quot;shop&quot;:&quot;&quot;,&quot;can_purchase&quot;:false},&quot;marketing_text&quot;:&quot;Dialoge \\u00fcber Museen und ihre vielf\\u00e4ltigen Verbindungen zum Kolonialismus&quot;,&quot;shorttext&quot;:&quot;\\u00dcber den Zeitraum von einem Jahr werden Dialoge \\u00fcber Museen und ihre vielf\\u00e4ltigen Verbindungen zum Kolonialismus gef\\u00fchrt. In den monatlichen Episoden werden unterschiedliche G\\u00e4ste wie K\\u00fcnstler*innen, Aktivist*innen und Wissenschaftler*innen, ihre Erfahrungen, ihr Wissen und ihre Perspektiven auf vergangene und zuk\\u00fcnftige Museumspraktiken in postkolonialen Gesellschaften teilen.&quot;,&quot;highlight_header&quot;:false,&quot;featured_images&quot;:[17911],&quot;hyphenation&quot;:true,&quot;tipp&quot;:false,&quot;joker&quot;:false,&quot;live&quot;:false,&quot;announcement&quot;:&quot;Jetzt h\\u00f6ren&quot;,&quot;additional_info&quot;:{&quot;icon&quot;:&quot;0&quot;,&quot;text&quot;:&quot;&quot;},&quot;use_video_in_teasers&quot;:false,&quot;hide_event_in_program&quot;:false},&quot;date&quot;:[],&quot;alert&quot;:null,&quot;partof&quot;:[14188],&quot;marketing_topic&quot;:{&quot;title&quot;:&quot;99 Fragen&quot;,&quot;ID&quot;:14188,&quot;reason&quot;:&quot;sequence&quot;}}' inline-template>\n\t<a href=\"https:\/\/www.humboldtforum.org\/de\/programm\/digitales-angebot\/digital\/99-fragen-22052\/\" class=\"teaser teaser-event-digital teaser-event-standard\">\n\t\t<div class=\"row\">\n\t\t\t<div class=\"col-xs-12 teaser-event-image\">\n\t\t\t\t<div class=\"teaser-image teaser-image-no-alternate\">\n\t\t\t\t\t\t\t\t\t\t\t\n\t<lazy-media-inline inline-template>\n\t\t<figure itemscope itemtype=\"http:\/\/schema.org\/ImageObject\" class=\"lazy-media-inline \" role=\"group\" id=\"media_69ee7e042c309\" aria-labelledby=\"desc_media_69ee7e042c309\">\n\t\t\t<script type=\"application\/json\" ref=\"data\">\n\t\t\t\t{\n\t\t\t\t\"sizes\" : {\"medium\":{\"file\":\"201130_LOS_55_Webteaser_Studio3_99Fragen2-300x180.jpg\",\"width\":300,\"height\":180,\"mime-type\":\"image\\\/jpeg\"},\"large\":{\"file\":\"201130_LOS_55_Webteaser_Studio3_99Fragen2-1024x613.jpg\",\"width\":1024,\"height\":613,\"mime-type\":\"image\\\/jpeg\"},\"thumbnail\":{\"file\":\"201130_LOS_55_Webteaser_Studio3_99Fragen2-150x150.jpg\",\"width\":150,\"height\":150,\"mime-type\":\"image\\\/jpeg\"},\"medium_large\":{\"file\":\"201130_LOS_55_Webteaser_Studio3_99Fragen2-768x460.jpg\",\"width\":768,\"height\":460,\"mime-type\":\"image\\\/jpeg\"},\"small\":{\"file\":\"201130_LOS_55_Webteaser_Studio3_99Fragen2-440x264.jpg\",\"width\":440,\"height\":264,\"mime-type\":\"image\\\/jpeg\"},\"semi\":{\"file\":\"201130_LOS_55_Webteaser_Studio3_99Fragen2-580x347.jpg\",\"width\":580,\"height\":347,\"mime-type\":\"image\\\/jpeg\"},\"mobile\":{\"file\":\"201130_LOS_55_Webteaser_Studio3_99Fragen2-720x431.jpg\",\"width\":720,\"height\":431,\"mime-type\":\"image\\\/jpeg\"},\"hd\":{\"file\":\"201130_LOS_55_Webteaser_Studio3_99Fragen2-1280x767.jpg\",\"width\":1280,\"height\":767,\"mime-type\":\"image\\\/jpeg\"},\"full\":{\"file\":\"201130_LOS_55_Webteaser_Studio3_99Fragen2-1920x1150.jpg\",\"width\":1920,\"height\":1150,\"mime-type\":\"image\\\/jpeg\"},\"1536x1536\":{\"file\":\"201130_LOS_55_Webteaser_Studio3_99Fragen2-1536x920.jpg\",\"width\":1536,\"height\":920,\"mime-type\":\"image\\\/jpeg\"},\"original\":{\"file\":\"201130_LOS_55_Webteaser_Studio3_99Fragen2.jpg\",\"width\":2000,\"height\":1198}},\n\t\t\t\t\"alt\" : \"Ein Ausstellungsraum mit geneigtem Quadrat, in welchem sich die Zahl \\\"99\\\" und zwei weitere Fotos befinden, in der Mitte\",\n\t\t\t\t\"path\" : \"\\\/wp-content\\\/uploads\\\/2020\\\/10\\\/\",\n\t\t\t\t\"video\" : null,\n\t\t\t\t\"autoplay\" : null,\n\t\t\t\t\"youtube\" : null,\n\t\t\t\t\"youtubelabel\" : \"Video abspielen\",\n\t\t\t\t\"brightness\" : 100,\n\t\t\t\t\"crop\" : {\"top\":\"50.00\",\"left\":\"50.00\"},\n\t\t\t\t\"background\" : true,\n\t\t\t\t\"scale\" : 2\t\t\t\t}\n\t\t\t<\/script>\n\n\t\t\t<div class=\"height-container\" style=\"padding-bottom:59.9%;\" v-if=\"sizes\">\n\t\t\t\t\t\t\t\t<lazy-media :inline=\"true\" :alt=\"alt\" :sizes=\"sizes\" :scale=\"scale\" :brightness=\"brightness\" :path=\"path\" :video=\"video\" :autoplay=\"autoplay\" :youtube=\"youtube\" :crop=\"crop\" :youtubelabel=\"youtubelabel\" :background=\"background\" media-id=\"desc_media_69ee7e042c309\"><\/lazy-media>\n\t\t\t\t\t\t\t<\/div>\n\n\t\t\t\t\t\t\t<figcaption class=\"sr-only\" ref=\"body\" id=\"desc_media_69ee7e042c309\">\n\t\t\t\t\t\t\t\t\t\t\t\t\t\t\t\t\t\t\t\t\t<div class=\"insignificant\">\u00a9 Stiftung Humboldt Forum im Berliner Schloss \/ Collage: Stiftung Humboldt Forum im Berliner Schloss \/ Giuliani | von Giese; Staatliche Museen zu Berlin, Ethnologisches Museum \/ Waltraud Schneider-Sch\u00fctz; Staatliche Museen zu Berlin, Ethnologisches Museum\r\n<\/div>\n\t\t\t\t\t\t\t\t\t<\/figcaption>\n\t\t\t\t\t<\/figure>\n\t<\/lazy-media-inline>\n\t\t\t\t<\/div>\n\t\t\t<\/div>\n\t\t\t<div class=\"col-xs-12 teaser-event-text Infos\">\n\t\t\t\t<div class=\"teaser-event-standard-text\">\n\t\t\t\t\t<div class=\"margin-bottom-atom\">\n\t\t\t\t\t\t<div class=\"subline clamp-1\" v-html=\"maingenre\"><\/div>\n\t\t\t\t\t\t\t\t\t\t\t\t\t<div class=\"insignificant clamp-2\">99 Fragen<\/div>\n\t\t\t\t\t\t\t\t\t\t\t<\/div>\n\t\t\t\t\n\t\t\t\t\t<strong class=\"margin-bottom-atom\">99 Questions Podcasts mit Feven Keleta<\/strong>\n\n\t\t\t\t\t\t\t\t\t\t\t<div class=\"\">Dialoge \u00fcber Museen und ihre vielf\u00e4ltigen Verbindungen zum Kolonialismus<\/div>\n\t\t\t\t\t\t\t\t\t<\/div>\n\t\t\t\t<div class=\"teaser-bottom border-bottom\">\n\t\t\t\t<calendardateline :rawitem='item' :show-icon=\"true\"><\/calendardateline>\n\t\t\t\t\t<hr>\n\t\t\t\t<\/div>\n\t\t\t<\/div>\n\t\t<\/div>\n\t<\/a>\n\t<\/calendarteaser>\n<\/li>\n\n\t\t\t\t<\/ul>\n\t\t\t<\/div>\n\t\t\t<\/section>\n\n<section class=\"block block-teaser col-4 \" style=\"\">\n\t\t\t\t\t\t<div class=\"container-fluid\">\n\t\t\t\t\t\t\t\t<ul class=\"row\">\n\n\t\t\t\t<li class=\"col-xs-12 col-md-3 col-padding-remove teaser-wrapper\">\n\t<div class=\"box\">\n\t\t<div class=\"teaser teaser-info\">\n\t\t\t<div class=\"box teaser-info-box\">\n\t\t\t\t<div>\n\t\t\t\t\t\t\t\t\t\t\t<div class=\"teaser-info-image\">\n\t\t\t\t\t\t\t<img decoding=\"async\" class=\"teaser-inline-svg\" alt=\"Piktogramm Mitdiskutieren\" src=\"https:\/\/www.humboldtforum.org\/wp-content\/uploads\/2020\/12\/comment.svg\">\n\t\t\t\t\t\t<\/div>\n\t\t\t\t\t\t\t\t\t\t<div class=\"teaser-header h6\">Mitdiskutieren<\/div>\n\t\t\t\t\t<div class=\"teaser-info-copy Teaser-copy\"><p>W\u00e4hrend der Veranstaltung k\u00f6nnen Sie Ihre Frage ganz einfach online stellen \u2013 direkt in Ihrem Browser auf Ihrem Smartphone, Tablet oder Computer.<\/p>\n<\/div>\n\t\t\t\t<\/div>\n\t\t\t\t\n\t\t\t\t\t\t\t\t\t<div class=\"copy\">\n\t\t\t\t\t\t<a class=\"Button\" href=\"https:\/\/voxr.com\/humboldtforum\"><span>Jetzt Frage stellen<\/span><\/a>\n\t\t\t\t\t<\/div>\n\t\t\t\t\t\t\t<\/div>\n\t\t<\/div>\n\t<\/div>\n<\/li><li class=\"col-xs-12 col-md-3 col-padding-remove teaser-wrapper\">\n\t<div class=\"box\">\n\t\t<div class=\"teaser teaser-info\">\n\t\t\t<div class=\"box teaser-info-box\">\n\t\t\t\t<div>\n\t\t\t\t\t\t\t\t\t\t\t<div class=\"teaser-info-image\">\n\t\t\t\t\t\t\t<img decoding=\"async\" class=\"teaser-inline-svg\" alt=\"Piktogramm YouTube\" src=\"https:\/\/www.humboldtforum.org\/wp-content\/uploads\/2020\/12\/youtube.svg\">\n\t\t\t\t\t\t<\/div>\n\t\t\t\t\t\t\t\t\t\t<div class=\"teaser-header h6\">YouTube<\/div>\n\t\t\t\t\t<div class=\"teaser-info-copy Teaser-copy\"><p>Abonnieren Sie unseren YouTube-Kanal und verpassen Sie nie die neuesten Videos des Humboldt Forums.<\/p>\n<\/div>\n\t\t\t\t<\/div>\n\t\t\t\t\n\t\t\t\t\t\t\t\t\t<div class=\"copy\">\n\t\t\t\t\t\t<a class=\"Button\" href=\"https:\/\/www.youtube.com\/channel\/UCmEctwtyMRN_o6cILZDczXw\"><span>Jetzt abonnieren<\/span><\/a>\n\t\t\t\t\t<\/div>\n\t\t\t\t\t\t\t<\/div>\n\t\t<\/div>\n\t<\/div>\n<\/li><li class=\"col-xs-12 col-md-3 col-padding-remove teaser-wrapper\">\n\t<div class=\"box\">\n\t\t<div class=\"teaser teaser-info\">\n\t\t\t<div class=\"box teaser-info-box\">\n\t\t\t\t<div>\n\t\t\t\t\t\t\t\t\t\t\t<div class=\"teaser-info-image\">\n\t\t\t\t\t\t\t<img decoding=\"async\" class=\"teaser-inline-svg\" alt=\"Piktogramm Livestream\" src=\"https:\/\/www.humboldtforum.org\/wp-content\/uploads\/2021\/04\/play.svg\">\n\t\t\t\t\t\t<\/div>\n\t\t\t\t\t\t\t\t\t\t<div class=\"teaser-header h6\">Livestream<\/div>\n\t\t\t\t\t<div class=\"teaser-info-copy Teaser-copy\"><p>Der Livestream startet zehn Minuten vor der Veranstaltung und steht anschlie\u00dfend als Video zur Verf\u00fcgung. Sollte der Livestream nicht starten, k\u00f6nnen Sie die Veranstaltung auch live auf unserem YouTube-Kanal verfolgen.<\/p>\n<\/div>\n\t\t\t\t<\/div>\n\t\t\t\t\n\t\t\t\t\t\t\t\t\t<div class=\"copy\">\n\t\t\t\t\t\t<a class=\"Button\" href=\"https:\/\/www.youtube.com\/channel\/UCmEctwtyMRN_o6cILZDczXw\"><span>Live auf YouTube schauen<\/span><\/a>\n\t\t\t\t\t<\/div>\n\t\t\t\t\t\t\t<\/div>\n\t\t<\/div>\n\t<\/div>\n<\/li>\t\t\t\t<\/ul>\n\t\t\t<\/div>\n\t\t\t<\/section>\n\n<section class=\"block block-CTA block-CTA-long leftgradient\">\n\t<div class=\"container-fluid\">\n\t\t<div class=\"row center-xs\">\n\t\t\t<div class=\"col-xs-12\">\n\t\t\t\t<div class=\"box\">\n\t\t\t\t\t<a href=\"https:\/\/www.humboldtforum.org\/de\/newsletter-2\/\" aria-label=\"Bleiben Sie auf dem Laufenden!\" class=\"teaser teaser-cta-wide \">\n\t\t\t\t\t\t<div class=\"teaser-image\">\n\t\t\t\t\t\t\t\n\t<lazy-media-inline inline-template>\n\t\t<figure itemscope itemtype=\"http:\/\/schema.org\/ImageObject\" class=\"lazy-media-inline \" role=\"group\" id=\"media_69ee7e0430753\" aria-labelledby=\"desc_media_69ee7e0430753\">\n\t\t\t<script type=\"application\/json\" ref=\"data\">\n\t\t\t\t{\n\t\t\t\t\"sizes\" : {\"medium\":{\"file\":\"HF_eb00025640-scaled-300x200.jpg\",\"width\":300,\"height\":200,\"mime-type\":\"image\\\/jpeg\"},\"large\":{\"file\":\"HF_eb00025640-scaled-1024x683.jpg\",\"width\":1024,\"height\":683,\"mime-type\":\"image\\\/jpeg\"},\"thumbnail\":{\"file\":\"HF_eb00025640-scaled-150x150.jpg\",\"width\":150,\"height\":150,\"mime-type\":\"image\\\/jpeg\"},\"medium_large\":{\"file\":\"HF_eb00025640-scaled-768x512.jpg\",\"width\":768,\"height\":512,\"mime-type\":\"image\\\/jpeg\"},\"small\":{\"file\":\"HF_eb00025640-scaled-440x293.jpg\",\"width\":440,\"height\":293,\"mime-type\":\"image\\\/jpeg\"},\"semi\":{\"file\":\"HF_eb00025640-scaled-580x387.jpg\",\"width\":580,\"height\":387,\"mime-type\":\"image\\\/jpeg\"},\"mobile\":{\"file\":\"HF_eb00025640-scaled-720x480.jpg\",\"width\":720,\"height\":480,\"mime-type\":\"image\\\/jpeg\"},\"hd\":{\"file\":\"HF_eb00025640-scaled-1280x854.jpg\",\"width\":1280,\"height\":854,\"mime-type\":\"image\\\/jpeg\"},\"full\":{\"file\":\"HF_eb00025640-scaled-1920x1280.jpg\",\"width\":1920,\"height\":1280,\"mime-type\":\"image\\\/jpeg\"},\"1536x1536\":{\"file\":\"HF_eb00025640-scaled-1536x1024.jpg\",\"width\":1536,\"height\":1024,\"mime-type\":\"image\\\/jpeg\"},\"2048x2048\":{\"file\":\"HF_eb00025640-scaled-2048x1366.jpg\",\"width\":2048,\"height\":1366,\"mime-type\":\"image\\\/jpeg\"},\"original\":{\"file\":\"HF_eb00025640-scaled.jpg\",\"width\":2560,\"height\":1707}},\n\t\t\t\t\"alt\" : \"Eine Person h\\u00e4lt eine gedruckte Zeitung mit dem Titel \\\"Humboldt Forum\\\".\",\n\t\t\t\t\"path\" : \"\\\/wp-content\\\/uploads\\\/2020\\\/04\\\/\",\n\t\t\t\t\"video\" : null,\n\t\t\t\t\"autoplay\" : null,\n\t\t\t\t\"youtube\" : null,\n\t\t\t\t\"youtubelabel\" : \"Video abspielen\",\n\t\t\t\t\"brightness\" : \"70\",\n\t\t\t\t\"crop\" : {\"top\":\"52.69\",\"left\":\"52.11\"},\n\t\t\t\t\"background\" : true,\n\t\t\t\t\"scale\" : 2\t\t\t\t}\n\t\t\t<\/script>\n\n\t\t\t<div class=\"height-container\" style=\"padding-bottom:66.6796875%;\" v-if=\"sizes\">\n\t\t\t\t\t\t\t\t<lazy-media :inline=\"true\" :alt=\"alt\" :sizes=\"sizes\" :scale=\"scale\" :brightness=\"brightness\" :path=\"path\" :video=\"video\" :autoplay=\"autoplay\" :youtube=\"youtube\" :crop=\"crop\" :youtubelabel=\"youtubelabel\" :background=\"background\" media-id=\"desc_media_69ee7e0430753\"><\/lazy-media>\n\t\t\t\t\t\t\t<\/div>\n\n\t\t\t\t\t\t\t<figcaption class=\"sr-only\" ref=\"body\" id=\"desc_media_69ee7e0430753\">\n\t\t\t\t\t\t\t\t\t\t\t\t\t\t\t\t\t\t\t\t\t<div class=\"insignificant\">\u00a9 SHF \/ David von Becker<\/div>\n\t\t\t\t\t\t\t\t\t<\/figcaption>\n\t\t\t\t\t<\/figure>\n\t<\/lazy-media-inline>\n\t\t\t\t\t\t<\/div>\n\t\t\t\t\t\t<div class=\"teaser-content \">\n\t\t\t\t\t\t\t<div>\n\t\t\t\t\t\t\t\t\t\t\t\t\t\t\t\t<div class=\"teaser-header\"><span class=\"h3\">Bleiben Sie auf dem Laufenden!<\/span><\/div>\n\t\t\t\t\t\t\t\t<div class=\"teaser-subline\"><span class=\"font-decoration\">Abonnieren Sie unseren Newsletter<\/span><\/div>\t\t\t\t\t\t\t\t<button tabindex=\"-1\" class=\"border\">Newsletter abonnieren<\/button>\n\t\t\t\t\t\t\t<\/div>\n\t\t\t\t\t\t<\/div>\n\t\t\t\t\t<\/a>\n\t\t\t\t<\/div>\n\t\t\t<\/div>\n\t\t<\/div>\n\t<\/div>\n<\/section>\n","protected":false},"template":"","genre":[1078],"digital":[742],"topic":[],"stakeholder":[530,382],"editorial":[],"editorialfilter":[],"targetgroup":[],"language":[384,385],"accessability":[],"age":[],"school":[],"groupsize":[],"place":[],"class_list":["post-40024","event","type-event","status-publish","has-post-thumbnail","hentry","genre-gespraech","digital-livestream","stakeholder-staatliche-museen-zu-berlin","stakeholder-stiftung-humboldt-forum-im-berliner-schloss","language-deutsch","language-englisch"],"acf":[],"_links":{"self":[{"href":"https:\/\/www.humboldtforum.org\/de\/wp-json\/wp\/v2\/event\/40024","targetHints":{"allow":["GET"]}}],"collection":[{"href":"https:\/\/www.humboldtforum.org\/de\/wp-json\/wp\/v2\/event"}],"about":[{"href":"https:\/\/www.humboldtforum.org\/de\/wp-json\/wp\/v2\/types\/event"}],"version-history":[{"count":0,"href":"https:\/\/www.humboldtforum.org\/de\/wp-json\/wp\/v2\/event\/40024\/revisions"}],"wp:featuredmedia":[{"embeddable":true,"href":"https:\/\/www.humboldtforum.org\/de\/wp-json\/wp\/v2\/media\/40022"}],"wp:attachment":[{"href":"https:\/\/www.humboldtforum.org\/de\/wp-json\/wp\/v2\/media?parent=40024"}],"wp:term":[{"taxonomy":"genre","embeddable":true,"href":"https:\/\/www.humboldtforum.org\/de\/wp-json\/wp\/v2\/genre?post=40024"},{"taxonomy":"digital","embeddable":true,"href":"https:\/\/www.humboldtforum.org\/de\/wp-json\/wp\/v2\/digital?post=40024"},{"taxonomy":"topic","embeddable":true,"href":"https:\/\/www.humboldtforum.org\/de\/wp-json\/wp\/v2\/topic?post=40024"},{"taxonomy":"stakeholder","embeddable":true,"href":"https:\/\/www.humboldtforum.org\/de\/wp-json\/wp\/v2\/stakeholder?post=40024"},{"taxonomy":"editorial","embeddable":true,"href":"https:\/\/www.humboldtforum.org\/de\/wp-json\/wp\/v2\/editorial?post=40024"},{"taxonomy":"editorialfilter","embeddable":true,"href":"https:\/\/www.humboldtforum.org\/de\/wp-json\/wp\/v2\/editorialfilter?post=40024"},{"taxonomy":"targetgroup","embeddable":true,"href":"https:\/\/www.humboldtforum.org\/de\/wp-json\/wp\/v2\/targetgroup?post=40024"},{"taxonomy":"language","embeddable":true,"href":"https:\/\/www.humboldtforum.org\/de\/wp-json\/wp\/v2\/language?post=40024"},{"taxonomy":"accessability","embeddable":true,"href":"https:\/\/www.humboldtforum.org\/de\/wp-json\/wp\/v2\/accessability?post=40024"},{"taxonomy":"age","embeddable":true,"href":"https:\/\/www.humboldtforum.org\/de\/wp-json\/wp\/v2\/age?post=40024"},{"taxonomy":"school","embeddable":true,"href":"https:\/\/www.humboldtforum.org\/de\/wp-json\/wp\/v2\/school?post=40024"},{"taxonomy":"groupsize","embeddable":true,"href":"https:\/\/www.humboldtforum.org\/de\/wp-json\/wp\/v2\/groupsize?post=40024"},{"taxonomy":"place","embeddable":true,"href":"https:\/\/www.humboldtforum.org\/de\/wp-json\/wp\/v2\/place?post=40024"}],"curies":[{"name":"wp","href":"https:\/\/api.w.org\/{rel}","templated":true}]}}