{"id":40501,"date":"2022-03-24T11:46:44","date_gmt":"2022-03-24T10:46:44","guid":{"rendered":"https:\/\/www.humboldtforum.org\/?post_type=event&#038;p=40501"},"modified":"2026-03-25T15:57:48","modified_gmt":"2026-03-25T14:57:48","slug":"huebendrueber-der-mauer","status":"publish","type":"event","link":"https:\/\/www.humboldtforum.org\/de\/programm\/termin\/lesung\/huebendrueber-der-mauer-40501\/","title":{"rendered":"Der erste Schritt \u00fcber die Mauer"},"content":{"rendered":"<section class=\"block block-copy\" >\n    <div class=\"container-fluid\">\n\t\t<div class=\"row \">\n            <div class=\"col-xs-12 col-md-offset-2 col-md-8\">\n                <div class=\"box\">\n                    <div class=\"copy\"><p>Gelesen werden die Bilderb\u00fccher &#8222;der erste Schritt&#8220; von Pija Lindenbaum sowie &#8222;Die Mauer. Eine Parabel&#8220; von\u00a0 Giancarlo Macri und Carolina Zanotti mit den Illustrationen von Sacco &amp; Valleriano.<\/p>\n<p>Der K\u00f6nig der Blauen m\u00f6chte, dass nur noch Blaue in seinem Reich wohnen und baut deswegen eine Mauer. Schnell merkt er wie doof das eigentlich ist. Die Primeln und Ringelblumen sind von einer Linie eingegrenzt und die Sch\u00e4fin, die Gro\u00dfe, passt auf, dass niemand \u00fcber diese tritt. Doch was passiert eigentlich, wenn man mal nicht nach den Regeln spielt?<\/p>\n<p>Die B\u00fccher sind spannend f\u00fcr Kinder von 3 &#8211; 6 Jahren. Erfreuen aber auch \u00e4ltere Besucher*innen und Besucher.<\/p>\n<\/div>\n                <\/div>\n            <\/div>\n\t\t<\/div>\n\t\t    <\/div>\n<\/section>\n\n\n<section class=\"block block-gallery\">\n\t<div class=\"container-fluid\">\n\t\t<div class=\"row center-xs\">\n\t\t\t<div class=\"col-xs-12\">\n\t\t\t\t<div class=\"box text-align-left\">\n\t\t\t\t\t<block-gallery inline-template>\n\t\t\t\t\t\t<div :class=\"{ firstLoaded: firstLoaded }\">\n\t\t\t\t\t\t\t<script type=\"application\/json\" ref=\"data\">\n\t\t\t\t\t\t\t{\n\t\t\t\t\t\t\t\t\"images\" : [{\"id\":0,\"width\":2997,\"height\":2000,\"alt\":\"Buntes Kinderbuch mit Spielzeug, Socken und farbigen Klammern auf einem neutralen Tisch.\",\"title\":\"\",\"description\":\"\",\"label\":\"Buchcover zum Kinderbuch &quot;H&uuml;bendr&uuml;ben. Als deine Eltern noch klein und Deutschland noch zwei waren&quot; von Franziska Gehm und Horst Klein\",\"copyright\":\"Klett Kinderbuch, Leipzig \\\/ Stiftung Humboldt Forum im Berliner Schloss, Foto: Andreas K\\u00f6nig\",\"path\":\"\\\/wp-content\\\/uploads\\\/2023\\\/01\\\/\",\"sizes\":{\"medium\":{\"file\":\"1034358_Capture-300x200.jpg\",\"width\":300,\"height\":200,\"mime-type\":\"image\\\/jpeg\",\"filesize\":9859},\"large\":{\"file\":\"1034358_Capture-1024x683.jpg\",\"width\":1024,\"height\":683,\"mime-type\":\"image\\\/jpeg\",\"filesize\":75935},\"thumbnail\":{\"file\":\"1034358_Capture-150x150.jpg\",\"width\":150,\"height\":150,\"mime-type\":\"image\\\/jpeg\",\"filesize\":5432},\"medium_large\":{\"file\":\"1034358_Capture-768x513.jpg\",\"width\":768,\"height\":513,\"mime-type\":\"image\\\/jpeg\",\"filesize\":45424},\"small\":{\"file\":\"1034358_Capture-440x294.jpg\",\"width\":440,\"height\":294,\"mime-type\":\"image\\\/jpeg\",\"filesize\":18214},\"semi\":{\"file\":\"1034358_Capture-580x387.jpg\",\"width\":580,\"height\":387,\"mime-type\":\"image\\\/jpeg\",\"filesize\":28402},\"mobile\":{\"file\":\"1034358_Capture-720x480.jpg\",\"width\":720,\"height\":480,\"mime-type\":\"image\\\/jpeg\",\"filesize\":40100},\"hd\":{\"file\":\"1034358_Capture-1280x854.jpg\",\"width\":1280,\"height\":854,\"mime-type\":\"image\\\/jpeg\",\"filesize\":115115},\"full\":{\"file\":\"1034358_Capture-1920x1281.jpg\",\"width\":1920,\"height\":1281,\"mime-type\":\"image\\\/jpeg\",\"filesize\":253584},\"1536x1536\":{\"file\":\"1034358_Capture-1536x1025.jpg\",\"width\":1536,\"height\":1025,\"mime-type\":\"image\\\/jpeg\",\"filesize\":163470},\"2048x2048\":{\"file\":\"1034358_Capture-2048x1367.jpg\",\"width\":2048,\"height\":1367,\"mime-type\":\"image\\\/jpeg\",\"filesize\":287888},\"original\":{\"file\":\"1034358_Capture.jpg\",\"width\":2997,\"height\":2000}}},{\"id\":1,\"width\":2997,\"height\":2000,\"alt\":\"Buntes Notizbuch mit dem Titel &quot;Die Freude&quot;, umgeben von farbigen Stiften und kleinen Spielfiguren auf einem Tisch.\",\"title\":\"\",\"description\":\"\",\"label\":\"Cover zum Bilderbuch &quot;Die Mauer. Eine Parabel&quot; von Giancarlo Macri und Carolina Zanotti, mit Illustrationen von Mauro Sacco und Elisa Vallarino\",\"copyright\":\"360 Grad Verlag \\\/ Stiftung Humboldt Forum im Berliner Schloss, Foto: Andreas K\\u00f6nig\",\"path\":\"\\\/wp-content\\\/uploads\\\/2023\\\/01\\\/\",\"sizes\":{\"medium\":{\"file\":\"1034351_Capture-300x200.jpg\",\"width\":300,\"height\":200,\"mime-type\":\"image\\\/jpeg\",\"filesize\":13100},\"large\":{\"file\":\"1034351_Capture-1024x683.jpg\",\"width\":1024,\"height\":683,\"mime-type\":\"image\\\/jpeg\",\"filesize\":103010},\"thumbnail\":{\"file\":\"1034351_Capture-150x150.jpg\",\"width\":150,\"height\":150,\"mime-type\":\"image\\\/jpeg\",\"filesize\":6356},\"medium_large\":{\"file\":\"1034351_Capture-768x513.jpg\",\"width\":768,\"height\":513,\"mime-type\":\"image\\\/jpeg\",\"filesize\":62973},\"small\":{\"file\":\"1034351_Capture-440x294.jpg\",\"width\":440,\"height\":294,\"mime-type\":\"image\\\/jpeg\",\"filesize\":24361},\"semi\":{\"file\":\"1034351_Capture-580x387.jpg\",\"width\":580,\"height\":387,\"mime-type\":\"image\\\/jpeg\",\"filesize\":39041},\"mobile\":{\"file\":\"1034351_Capture-720x480.jpg\",\"width\":720,\"height\":480,\"mime-type\":\"image\\\/jpeg\",\"filesize\":55403},\"hd\":{\"file\":\"1034351_Capture-1280x854.jpg\",\"width\":1280,\"height\":854,\"mime-type\":\"image\\\/jpeg\",\"filesize\":153268},\"full\":{\"file\":\"1034351_Capture-1920x1281.jpg\",\"width\":1920,\"height\":1281,\"mime-type\":\"image\\\/jpeg\",\"filesize\":318398},\"1536x1536\":{\"file\":\"1034351_Capture-1536x1025.jpg\",\"width\":1536,\"height\":1025,\"mime-type\":\"image\\\/jpeg\",\"filesize\":213178},\"2048x2048\":{\"file\":\"1034351_Capture-2048x1367.jpg\",\"width\":2048,\"height\":1367,\"mime-type\":\"image\\\/jpeg\",\"filesize\":357467},\"original\":{\"file\":\"1034351_Capture.jpg\",\"width\":2997,\"height\":2000}}}]\t\t\t\t\t\t\t}\n\t\t\t\t\t\t\t<\/script>\n\n\t\t\t\t\t\t\t<swiper :options=\"options\" @slide-change=\"track\">\n\t\t\t\t\t\t\t\t<div class=\"swiper-slide\" :key=\"image.id\" v-for=\"image in images\">\n\t\t\t\t\t\t\t\t\t<block-gallery-item inline-template :image=\"image\">\n\t\t\t\t\t\t\t\t\t\t<figure class=\"swiper-slide-image-wrapper\" ref=\"parent\">\n\t\t\t\t\t\t\t\t\t\t\t<div class=\"width-container\" ref=\"container\" :style=\"style\">\n\t\t\t\t\t\t\t\t\t\t\t\t<div data-swiper-parallax-x=\"50%\">\n\t\t\t\t\t\t\t\t\t\t\t\t<img :src=\"image.src\" :alt=\"image.alt\" v-if=\"image.id < 2\">\n\t\t\t\t\t\t\t\t\t\t\t\t<img class=\"swiper-lazy\" :data-src=\"image.src\" :alt=\"image.alt\" v-else>\n\t\t\t\t\t\t\t\t\t\t\t\t<\/div>\n\t\t\t\t\t\t\t\t\t\t\t<\/div>\n\t\t\t\t\t\t\t\t\t\t<\/figure>\n\t\t\t\t\t\t\t\t\t<\/block-gallery-item>\n\n\t\t\t\t\t\t\t\t\t<figcaption>\n\t\t\t\t\t\t\t\t\t\t<div class=\"lazy-media-info-body-content\">\n\t\t\t\t\t\t\t\t\t\t\t<div v-html=\"image.label\"><\/div>\n\t\t\t\t\t\t\t\t\t\t\t<div v-html=\"image.description\"><\/div>\n\t\t\t\t\t\t\t\t\t\t\t<div class=\"insignificant\" v-if=\"image.copyright\" v-html=\"'\u00a9 '+image.copyright\"><\/div>\n\t\t\t\t\t\t\t\t\t\t<\/div>\n\t\t\t\t\t\t\t\t\t<\/figcaption>\n\t\t\t\t\t\t\t\t<\/div>\n\n\t\t\t\t\t\t\t\t<div class=\"swiper-pagination\"  slot=\"pagination\"><\/div>\n\n\t\t\t\t\t\t\t\t<button class=\"icon-round swiper-button-prev\" slot=\"button-prev\" aria-label=\"Vorheriges Bild\">\n\t\t\t\t\t\t\t\t\t<span class=\"icon-next\" aria-hidden=\"true\"><\/span>\n\t\t\t\t\t\t\t\t<\/button>\n\n\t\t\t\t\t\t\t\t<button class=\"icon-round swiper-button-next\" slot=\"button-next\" aria-label=\"N\u00e4chstes Bild\">\n\t\t\t\t\t\t\t\t\t<span class=\"icon-next\" aria-hidden=\"true\"><\/span>\n\t\t\t\t\t\t\t\t<\/button>\n\t\t\t\t\t\t\t<\/swiper>\n\t\t\t\t\t\t<\/div>\n\t\t\t\t\t<\/block-gallery>\n\t\t\t\t<\/div>\n\t\t\t<\/div>\n\t\t<\/div>\n\t<\/div>\n<\/section>\n\n<section class=\"block block-CTA block-CTA-long leftgradient\">\n\t<div class=\"container-fluid\">\n\t\t<div class=\"row center-xs\">\n\t\t\t<div class=\"col-xs-12\">\n\t\t\t\t<div class=\"box\">\n\t\t\t\t\t<a href=\"https:\/\/www.humboldtforum.org\/de\/programm\/event-reihe\/literatur\/lesung\/bilderbuchkino-31647\/\" aria-label=\"Bilderbuchkino\" class=\"teaser teaser-cta-wide \">\n\t\t\t\t\t\t<div class=\"teaser-image\">\n\t\t\t\t\t\t\t\n\t<lazy-media-inline inline-template>\n\t\t<figure itemscope itemtype=\"http:\/\/schema.org\/ImageObject\" class=\"lazy-media-inline \" role=\"group\" id=\"media_69f2c8375b9fe\" aria-labelledby=\"desc_media_69f2c8375b9fe\">\n\t\t\t<script type=\"application\/json\" ref=\"data\">\n\t\t\t\t{\n\t\t\t\t\"sizes\" : {\"medium\":{\"file\":\"SHF_eb00142924-300x75.jpg\",\"width\":300,\"height\":75,\"mime-type\":\"image\\\/jpeg\",\"filesize\":3704},\"large\":{\"file\":\"SHF_eb00142924-1024x256.jpg\",\"width\":1024,\"height\":256,\"mime-type\":\"image\\\/jpeg\",\"filesize\":18672},\"thumbnail\":{\"file\":\"SHF_eb00142924-150x150.jpg\",\"width\":150,\"height\":150,\"mime-type\":\"image\\\/jpeg\",\"filesize\":3009},\"medium_large\":{\"file\":\"SHF_eb00142924-768x192.jpg\",\"width\":768,\"height\":192,\"mime-type\":\"image\\\/jpeg\",\"filesize\":12298},\"small\":{\"file\":\"SHF_eb00142924-440x110.jpg\",\"width\":440,\"height\":110,\"mime-type\":\"image\\\/jpeg\",\"filesize\":5816},\"semi\":{\"file\":\"SHF_eb00142924-580x145.jpg\",\"width\":580,\"height\":145,\"mime-type\":\"image\\\/jpeg\",\"filesize\":8641},\"mobile\":{\"file\":\"SHF_eb00142924-720x180.jpg\",\"width\":720,\"height\":180,\"mime-type\":\"image\\\/jpeg\",\"filesize\":11569},\"original\":{\"file\":\"SHF_eb00142924.jpg\",\"width\":1200,\"height\":300}},\n\t\t\t\t\"alt\" : \"Frau h\\u00e4lt einen leuchtend pinken Rahmen vor sich, auf einer B\\u00fchne mit dunklem Hintergrund.\",\n\t\t\t\t\"path\" : \"\\\/wp-content\\\/uploads\\\/2021\\\/09\\\/\",\n\t\t\t\t\"video\" : null,\n\t\t\t\t\"autoplay\" : null,\n\t\t\t\t\"youtube\" : null,\n\t\t\t\t\"youtubelabel\" : \"Video abspielen\",\n\t\t\t\t\"brightness\" : \"80\",\n\t\t\t\t\"crop\" : null,\n\t\t\t\t\"background\" : true,\n\t\t\t\t\"scale\" : 1\t\t\t\t}\n\t\t\t<\/script>\n\n\t\t\t<div class=\"height-container\" style=\"padding-bottom:25%;\" v-if=\"sizes\">\n\t\t\t\t\t\t\t\t<lazy-media :inline=\"true\" :alt=\"alt\" :sizes=\"sizes\" :scale=\"scale\" :brightness=\"brightness\" :path=\"path\" :video=\"video\" :autoplay=\"autoplay\" :youtube=\"youtube\" :crop=\"crop\" :youtubelabel=\"youtubelabel\" :background=\"background\" media-id=\"desc_media_69f2c8375b9fe\"><\/lazy-media>\n\t\t\t\t\t\t\t<\/div>\n\n\t\t\t\t\t\t\t<figcaption class=\"sr-only\" ref=\"body\" id=\"desc_media_69f2c8375b9fe\">\n\t\t\t\t\t\t\t\t\t\t\t\t\t\t\t\t\t\t\t\t\t<div class=\"insignificant\">\u00a9 Stiftung Humboldt Forum im Berliner Schloss \/ Andreas Dimmler<\/div>\n\t\t\t\t\t\t\t\t\t<\/figcaption>\n\t\t\t\t\t<\/figure>\n\t<\/lazy-media-inline>\n\t\t\t\t\t\t<\/div>\n\t\t\t\t\t\t<div class=\"teaser-content \">\n\t\t\t\t\t\t\t<div>\n\t\t\t\t\t\t\t\t<div class=\"teaser-overline subline\">Samstags und sonntags um 13, 14 und 15 Uhr<\/div>\t\t\t\t\t\t\t\t<div class=\"teaser-header\"><span class=\"h3\">Bilderbuchkino<\/span><\/div>\n\t\t\t\t\t\t\t\t\t\t\t\t\t\t\t\t<button tabindex=\"-1\" class=\"border\">Zur Reihe<\/button>\n\t\t\t\t\t\t\t<\/div>\n\t\t\t\t\t\t<\/div>\n\t\t\t\t\t<\/a>\n\t\t\t\t<\/div>\n\t\t\t<\/div>\n\t\t<\/div>\n\t<\/div>\n<\/section>\n\n\n<section class=\"block block-teaser col-lane33 \" style=\"\">\n\t\t\t\t\t\t<teaser-lane-with-buttons inline-template tracking-label=\"Organisatorische Infos\">\n\t\t\t\t<div>\n\t\t\t\t\t<div class=\"container-fluid\">\n\t\t\t\t\t\t<div class=\"row middle-xs\">\n\t\t\t\t\t\t\t<div class=\"col-xs-10 col-sm-8\">\n\t\t\t\t\t\t\t\t<h3 class=\"h4 topline\">Organisatorische Infos<\/h3>\t\t\t\t\t\t\t<\/div>\n\t\t\t\t\t\t\t<div class=\"col-xs-2 col-sm-4 end-xs margin-bottom-sixth\">\n\t\t\t\t\t\t\t\t<teaser-lane-buttons :visible_prev=\"visible_prev\" :visible_next=\"visible_next\" @prev=\"prev\" @next=\"next\"><\/teaser-lane-buttons>\n\t\t\t\t\t\t\t<\/div>\n\t\t\t\t\t\t<\/div>\n\t\t\t\t\t<\/div>\n\t\t\t\t\t<div class=\"teaser-lane-wrapper\">\n\t\t\t\t\t\t<ul class=\"teaser-lane\">\n\t\t\t\t\t\t\t\t\t\t\t\t<\/ul>\n\t\t\t\t\t<\/div>\n\t\t\t\t<\/div>\n\t\t\t<\/teaser-lane-with-buttons>\n\t\t\t<\/section>","protected":false},"template":"","genre":[1144,823],"digital":[],"topic":[431],"stakeholder":[382],"editorial":[],"editorialfilter":[],"targetgroup":[454],"language":[384],"accessability":[430],"age":[443],"school":[],"groupsize":[],"place":[424],"class_list":["post-40501","event","type-event","status-publish","has-post-thumbnail","hentry","genre-lesung","genre-schauspiel","topic-geschichte-und-architektur-des-ortes","stakeholder-stiftung-humboldt-forum-im-berliner-schloss","targetgroup-kinder-und-familien","language-deutsch","accessability-rollstuhlgerecht","age-3-6","place-saal-3-eg"],"acf":[],"_links":{"self":[{"href":"https:\/\/www.humboldtforum.org\/de\/wp-json\/wp\/v2\/event\/40501","targetHints":{"allow":["GET"]}}],"collection":[{"href":"https:\/\/www.humboldtforum.org\/de\/wp-json\/wp\/v2\/event"}],"about":[{"href":"https:\/\/www.humboldtforum.org\/de\/wp-json\/wp\/v2\/types\/event"}],"version-history":[{"count":12,"href":"https:\/\/www.humboldtforum.org\/de\/wp-json\/wp\/v2\/event\/40501\/revisions"}],"predecessor-version":[{"id":136695,"href":"https:\/\/www.humboldtforum.org\/de\/wp-json\/wp\/v2\/event\/40501\/revisions\/136695"}],"wp:featuredmedia":[{"embeddable":true,"href":"https:\/\/www.humboldtforum.org\/de\/wp-json\/wp\/v2\/media\/68892"}],"wp:attachment":[{"href":"https:\/\/www.humboldtforum.org\/de\/wp-json\/wp\/v2\/media?parent=40501"}],"wp:term":[{"taxonomy":"genre","embeddable":true,"href":"https:\/\/www.humboldtforum.org\/de\/wp-json\/wp\/v2\/genre?post=40501"},{"taxonomy":"digital","embeddable":true,"href":"https:\/\/www.humboldtforum.org\/de\/wp-json\/wp\/v2\/digital?post=40501"},{"taxonomy":"topic","embeddable":true,"href":"https:\/\/www.humboldtforum.org\/de\/wp-json\/wp\/v2\/topic?post=40501"},{"taxonomy":"stakeholder","embeddable":true,"href":"https:\/\/www.humboldtforum.org\/de\/wp-json\/wp\/v2\/stakeholder?post=40501"},{"taxonomy":"editorial","embeddable":true,"href":"https:\/\/www.humboldtforum.org\/de\/wp-json\/wp\/v2\/editorial?post=40501"},{"taxonomy":"editorialfilter","embeddable":true,"href":"https:\/\/www.humboldtforum.org\/de\/wp-json\/wp\/v2\/editorialfilter?post=40501"},{"taxonomy":"targetgroup","embeddable":true,"href":"https:\/\/www.humboldtforum.org\/de\/wp-json\/wp\/v2\/targetgroup?post=40501"},{"taxonomy":"language","embeddable":true,"href":"https:\/\/www.humboldtforum.org\/de\/wp-json\/wp\/v2\/language?post=40501"},{"taxonomy":"accessability","embeddable":true,"href":"https:\/\/www.humboldtforum.org\/de\/wp-json\/wp\/v2\/accessability?post=40501"},{"taxonomy":"age","embeddable":true,"href":"https:\/\/www.humboldtforum.org\/de\/wp-json\/wp\/v2\/age?post=40501"},{"taxonomy":"school","embeddable":true,"href":"https:\/\/www.humboldtforum.org\/de\/wp-json\/wp\/v2\/school?post=40501"},{"taxonomy":"groupsize","embeddable":true,"href":"https:\/\/www.humboldtforum.org\/de\/wp-json\/wp\/v2\/groupsize?post=40501"},{"taxonomy":"place","embeddable":true,"href":"https:\/\/www.humboldtforum.org\/de\/wp-json\/wp\/v2\/place?post=40501"}],"curies":[{"name":"wp","href":"https:\/\/api.w.org\/{rel}","templated":true}]}}