{"id":41136,"date":"2022-03-28T15:16:40","date_gmt":"2022-03-28T13:16:40","guid":{"rendered":"https:\/\/www.humboldtforum.org\/?post_type=event&#038;p=41136"},"modified":"2022-04-20T08:53:44","modified_gmt":"2022-04-20T06:53:44","slug":"willkommen-im-weltstudio","status":"publish","type":"event","link":"https:\/\/www.humboldtforum.org\/de\/programm\/termin\/drop-in\/willkommen-im-weltstudio-41136\/","title":{"rendered":"\u041b\u0430\u0441\u043a\u0430\u0432\u043e \u043f\u0440\u043e\u0441\u0438\u043c\u043e \u0434\u043e WELTSTUDIO!"},"content":{"rendered":"<section class=\"block block-copy block-no-margin\" >\n    <div class=\"container-fluid\">\n\t\t<div class=\"row \">\n            <div class=\"col-xs-12 col-md-offset-2 col-md-8\">\n                <div class=\"box\">\n                    <div class=\"copy\"><p>WELTSTUDIO \u0443 BERLIN GLOBAL \u0441\u0435\u0440\u0434\u0435\u0447\u043d\u043e \u0437\u0430\u043f\u0440\u043e\u0448\u0443\u0454 \u0432\u0430\u0441 \u043f\u0440\u043e\u0432\u0435\u0441\u0442\u0438 \u0437\u0430\u0442\u0438\u0448\u043d\u0438\u0439 \u0434\u0435\u043d\u044c \u0437 \u0456\u0433\u0440\u0430\u043c\u0438 \u0442\u0430 \u043c\u0443\u0437\u0438\u043a\u043e\u044e. \u0423 \u0441\u0443\u043f\u0440\u043e\u0432\u043e\u0434\u0456 \u0443\u043a\u0440\u0430\u0457\u043d\u0441\u044c\u043a\u043e\u0433\u043e \u0445\u0443\u0434\u043e\u0436\u043d\u0438\u043a\u0430 \u0432\u0438 \u0437\u043c\u043e\u0436\u0435\u0442\u0435 \u0441\u0430\u043c\u043e\u0441\u0442\u0456\u0439\u043d\u043e \u0440\u043e\u0437\u0440\u043e\u0431\u0438\u0442\u0438 \u043f\u043b\u0430\u043a\u0430\u0442\u0438, \u043f\u043e\u0434\u0438\u0432\u0438\u0442\u0438\u0441\u044f \u0430\u043d\u0456\u043c\u0430\u0446\u0456\u0439\u043d\u0438\u0439 \u0444\u0456\u043b\u044c\u043c \u0447\u0438 \u043d\u0430\u0434\u0456\u0441\u043b\u0430\u0442\u0438 \u043c\u2019\u044f\u0447 \u0443 \u043a\u0430\u0440\u0442\u043e\u0433\u0440\u0430\u0444\u0456. \u0417\u0430\u0445\u0456\u0434 \u0441\u0443\u043f\u0440\u043e\u0432\u043e\u0434\u0436\u0443\u0432\u0430\u0442\u0438\u043c\u0435\u0442\u044c\u0441\u044f \u0436\u0438\u0432\u043e\u044e \u0443\u043a\u0440\u0430\u0457\u043d\u0441\u044c\u043a\u043e\u044e \u043c\u0443\u0437\u0438\u043a\u043e\u044e. \u0426\u0435\u0439 \u0434\u0435\u043d\u044c \u043f\u0440\u0438\u0441\u0432\u044f\u0447\u0435\u043d\u0438\u0439 \u0456\u0433\u0440\u0430\u043c \u0442\u0430 \u0432\u0456\u0434\u043f\u043e\u0447\u0438\u043d\u043a\u0443. \u0422\u0430\u043a\u043e\u0436 \u043f\u0440\u043e\u043f\u043e\u043d\u0443\u044e\u0442\u044c\u0441\u044f \u0431\u0435\u0437\u043a\u043e\u0448\u0442\u043e\u0432\u043d\u0456 \u0435\u043a\u0441\u043a\u0443\u0440\u0441\u0456\u0457 \u0437 \u0432\u0438\u0441\u0442\u0430\u0432\u043a\u0438 BERLIN GLOBAL. \u041a\u0432\u0438\u0442\u043a\u0438 \u043d\u0435\u043e\u0431\u0445\u0456\u0434\u043d\u043e \u0431\u0440\u043e\u043d\u044e\u0432\u0430\u0442\u0438 \u043e\u043a\u0440\u0435\u043c\u043e.<\/p>\n<p><strong>\u0422\u0440\u0438\u0432\u0430\u043b\u0456\u0441\u0442\u044c: 3 \u0433\u043e\u0434\u0438\u043d\u0438<\/strong><br \/>\n<strong>\u0426\u0456\u043d\u0430: \u0431\u0435\u0437\u043a\u043e\u0448\u0442\u043e\u0432\u043d\u043e, \u0437 \u043a\u0432\u0438\u0442\u043a\u043e\u043c \u043d\u0430 \u043f\u0435\u0432\u043d\u0438\u0439 \u0447\u0430\u0441<\/strong><br \/>\n<strong>\u041c\u043e\u0432\u0430: \u0443\u043a\u0440\u0430\u0457\u043d\u0441\u044c\u043a\u0430, \u043d\u0456\u043c\u0435\u0446\u044c\u043a\u0430<\/strong><br \/>\n<strong>\u041a\u0432\u0438\u0442\u043a\u0438: humboldtforum.org<\/strong><\/p>\n<p><strong>\u041f\u0440\u0438\u043c\u0456\u0442\u043a\u0430.<\/strong> \u0412\u0445\u0456\u0434 \u0443 BERLIN GLOBAL \u0442\u0430 \u0443 \u0432\u0441\u0456 \u043c\u0456\u0441\u0446\u044f Stadtmuseum Berlin \u0431\u0435\u0437\u043a\u043e\u0448\u0442\u043e\u0432\u043d\u0438\u0439 \u0434\u043b\u044f \u0432\u0441\u0456\u0445 \u043b\u044e\u0434\u0435\u0439 \u0437 \u0443\u043a\u0440\u0430\u0457\u043d\u0441\u044c\u043a\u0438\u043c \u043f\u0430\u0441\u043f\u043e\u0440\u0442\u043e\u043c, \u0432\u0438\u0434\u043e\u043c \u043d\u0430 \u043f\u0440\u043e\u0436\u0438\u0432\u0430\u043d\u043d\u044f \u0432 \u0423\u043a\u0440\u0430\u0457\u043d\u0456 \u0430\u0431\u043e \u0434\u0456\u0439\u0441\u043d\u0438\u043c \u0441\u0442\u0443\u0434\u0435\u043d\u0442\u0441\u044c\u043a\u0438\u043c \u043a\u0432\u0438\u0442\u043a\u043e\u043c \u0443\u043a\u0440\u0430\u0457\u043d\u0441\u044c\u043a\u043e\u0433\u043e \u0443\u043d\u0456\u0432\u0435\u0440\u0441\u0438\u0442\u0435\u0442\u0443 \u0442\u0430 \u0432\u0438\u0434\u043e\u043c \u043d\u0430 \u043f\u0440\u043e\u0436\u0438\u0432\u0430\u043d\u043d\u044f \u0443 \u041d\u0456\u043c\u0435\u0447\u0447\u0438\u043d\u0456 \u2013 \u044f\u043a \u0456 \u0434\u043b\u044f \u0432\u0441\u0456\u0445 \u0437 \u0435\u043b\u0435\u043a\u0442\u0440\u043e\u043d\u043d\u0438\u043c \u0432\u0438\u0434\u043e\u043c \u043d\u0430 \u043f\u0440\u043e\u0436\u0438\u0432\u0430\u043d\u043d\u044f (eAT). \u0414\u043b\u044f \u0456\u043d\u0448\u0438\u0445 \u0434\u0456\u0454 \u0442\u0430\u043a\u0435: \u0431\u0435\u0437\u043a\u043e\u0448\u0442\u043e\u0432\u043d\u043e, \u0430\u043b\u0435 \u0432\u0445\u0456\u0434 \u043d\u0430 \u0432\u0438\u0441\u0442\u0430\u0432\u043a\u0443 \u043e\u043f\u043b\u0430\u0447\u0443\u0454\u0442\u044c\u0441\u044f \u043e\u043a\u0440\u0435\u043c\u043e. \u0414\u044f\u043a\u0443\u0454\u043c\u043e \u0432\u0430\u043c \u0437\u0430 \u0432\u0430\u0448\u0435 \u0440\u043e\u0437\u0443\u043c\u0456\u043d\u043d\u044f.<\/p>\n<p>&nbsp;<\/p>\n<\/div>\n                <\/div>\n            <\/div>\n\t\t<\/div>\n\t\t    <\/div>\n<\/section>\n\n\n<section class=\"block block-accordion\">\n\t<div class=\"container-fluid\">\n\t\t<div class=\"row\">\n\t\t\t<div class=\"col-xs-12 col-md-offset-2 col-md-8\">\n\t\t\t\t<div class=\"box\">\n\t\t\t\t\t\t\t\t\t\t\t<block-accordion inline-template>\n\t\t\t\t\t\t\t<div class=\"accordion\">\n\t\t\t\t\t\t\t\t\t\t\t\t\t\t\t<block-accordion-item inline-template item-headline=\"Willkommen im WELTSTUDIO!\">\n\t\t\t\t\t\t\t\t<div ref=\"item\" data-id=\"WillkommenimWELTSTUDIO\" class=\"block-accordion-item vue-initialize\" aria-expanded=\"false\" :aria-expanded=\"active ? 'true' : 'false'\">\n\t\t\t\t\t\t\t\t\t<button class=\"accordion-button-with-icon block-accordion-item-head\" :class=\"{'button-active': active}\" ref=\"head\" aria-controls=\"acc_69f2efe351dc7\" id=\"acc_title_69f2efe351dcb\" @click=\"toggle\" @keydown=\"key\">\n\t\t\t\t\t\t\t\t\t<div><span class=\"button-label\">Willkommen im WELTSTUDIO!<\/span><\/div><span class=\"button-icon icon-plus\" aria-hidden=\"true\"><\/span>\n\t\t\t\t\t\t\t\t<\/button>\n\t\t\t\t\t\t\t\t\t<div ref=\"body\" class=\"block-accordion-item-content\" id=\"acc_69f2efe351dc7\" role=\"region\">\n\t\t\t\t\t\t\t\t\t\t<div class=\"wrapper copy\">\n\t\t\t\t\t\t\t\t\t\t\t<p>Das WELTSTUDIO bei BERLIN GLOBAL l\u00e4dt herzlich zu einem gem\u00fctlichen Tag mit Spielen und Musik ein. In Begleitung einer ukrainischen K\u00fcnstlerin k\u00f6nnen gemeinsam eigene Poster gestaltet werden, ein Trickfilm angeschaut oder eine Kugel im Personenkartograph versendet werden. Begleitet wird die Veranstaltung von ukrainischer Live-Musik. Dieser Tag steht im Zeichen von Spiel und Entspannung.<\/p>\n<p>Zus\u00e4tzlich angeboten werden kostenfreie F\u00fchrungen durch die Ausstellung BERLIN GLOBAL. Tickets m\u00fcssen daf\u00fcr zus\u00e4tzlich gebucht werden.<\/p>\n<p><strong>Hinweis:<\/strong> Freien Eintritt gibt es bei BERLIN GLOBAL und an allen Standorten des Stadtmuseum Berlin f\u00fcr alle Menschen mit ukrainischem Pass, einem Aufenthaltstitel der Ukraine oder einem g\u00fcltigen Studentenausweis einer ukrainischen Universit\u00e4t und einer Aufenthaltserlaubnis in Deutschland \u2013 sowie auch weiterhin f\u00fcr alle mit elektronischen Aufenthaltstitel (eAT). F\u00fcr alle ohne diese Nachweise gilt: Kostenfrei zzgl. Ausstellungseintritt. Vielen Dank f\u00fcr dein Verst\u00e4ndnis.<\/p>\n\n\t\t\t\t\t\t\t\t\t\t\t\t\t\t\t\t\t\t\t\t\t\t\t\t\t\t\t\t\t\t\t\t\t\n\t\t\t\t\t\t\t\t\t\t\t<div class=\"row\">\n\t\t\t\t\t\t\t\t\t\t\t\t<div class=\"col-xs-9 col-md-9\">\n\t\t\t\t\t\t\t\t\t\t\t\t\t<div class=\"box\">\n\t\t\t\t\t\t\t\t\t\t\t\t\t\t\t\t\t\t\t\t\t\t\t\t\t\t\t<\/div>\n\t\t\t\t\t\t\t\t\t\t\t\t<\/div>\n\t\t\t\t\t\t\t\t\t\t\t<\/div>\n\n\t\t\t\t\t\t\t\t\t\t\t\t\t\t\t\t\t\t\t\t\t<\/div>\n\t\t\t\t\t\t\t\t\t<\/div>\n\t\t\t\t\t\t\t\t<\/div>\n\t\t\t\t\t\t\t\t<\/block-accordion-item>\n\t\t\t\t\t\t\t\t\t\t\t\t\t<\/div>\n\t\t\t\t\t\t<\/block-accordion>\n\t\t\t\t\t\t\t\t\t<\/div>\n\t\t\t<\/div>\n\t\t<\/div>\n\t<\/div>\n<\/section>\n\n\n<section class=\"block block-teaser col-1 has-bg\" style=\"--teaser-bg:#f2f2f2\">\n\t<lazy-component :fixed-min-height=\"400\">\n\t\n\t\t\t\t\t<div class=\"container-fluid\">\n\t\t\t\t<div class=\"row bottom-xs\">\n\t\t\t\t\t<div class=\"col-xs-12 col-sm-10 col-md-8 col-sm-offset-1 col-md-offset-2\">\n\t\t\t\t\t\t\t\t\t\t\t\t\t\t\t\t\t\t\t\t\t\t\t\t\t<\/div>\n\t\t\t\t\t<div class=\"col-xs-12 col-sm-10 col-md-8 col-sm-offset-1 col-md-offset-2 start-xs end-md margin-bottom-sixth\">\n\t\t\t\t\t\t\t\t\t\t\t<\/div>\n\t\t\t\t<\/div>\n\t\t\t\t<ul class=\"row\">\n\t\t\t\n<li class=\"col-xs-12 teaser-wrapper col-padding-remove\">\n\t<calendarteaser key=\"412793594\" rawitem='{&quot;postId&quot;:41279,&quot;title&quot;:&quot;\\u0412\\u0456\\u0434\\u043a\\u0440\\u0438\\u0439\\u0442\\u0435 \\u0434\\u043b\\u044f \\u0441\\u0435\\u0431\\u0435 BERLIN GLOBAL \\u0443\\u043a\\u0440\\u0430\\u0457\\u043d\\u0441\\u044c\\u043a\\u043e\\u044e \\u0442\\u0430 \\u0440\\u043e\\u0441\\u0456\\u0439\\u0441\\u044c\\u043a\\u043e\\u044e \\u043c\\u043e\\u0432\\u0430\\u043c\\u0438&quot;,&quot;excerpt&quot;:&quot;&quot;,&quot;slug&quot;:&quot;tandemfuehrung-berlin-global-in-60-minuten-ukrainisch-russisch&quot;,&quot;post_date&quot;:&quot;2022-03-29T16:36&quot;,&quot;type&quot;:&quot;event&quot;,&quot;permalink&quot;:&quot;https:\\\/\\\/www.humboldtforum.org\\\/de\\\/programm\\\/termin\\\/fuehrung\\\/tandemfuehrung-berlin-global-in-60-minuten-ukrainisch-russisch-41279\\\/&quot;,&quot;genre&quot;:[821],&quot;genre_details&quot;:[{&quot;text&quot;:&quot;F\\u00fchrung&quot;,&quot;id&quot;:821,&quot;icon&quot;:null,&quot;parent&quot;:0}],&quot;topic&quot;:[431],&quot;topic_details&quot;:[{&quot;text&quot;:&quot;Geschichte und Architektur des Ortes&quot;,&quot;id&quot;:431,&quot;icon&quot;:null,&quot;parent&quot;:0}],&quot;stakeholder&quot;:[400],&quot;stakeholder_details&quot;:[{&quot;text&quot;:&quot;Kulturprojekte Berlin \\\/ Stadtmuseum Berlin&quot;,&quot;id&quot;:400,&quot;icon&quot;:null,&quot;parent&quot;:0}],&quot;targetgroup&quot;:[383,455],&quot;targetgroup_details&quot;:[{&quot;text&quot;:&quot;Erwachsene&quot;,&quot;id&quot;:383,&quot;icon&quot;:null,&quot;parent&quot;:0},{&quot;text&quot;:&quot;Jugendliche&quot;,&quot;id&quot;:455,&quot;icon&quot;:null,&quot;parent&quot;:0}],&quot;language&quot;:[868,1419],&quot;language_details&quot;:[{&quot;text&quot;:&quot;Russisch&quot;,&quot;id&quot;:868,&quot;icon&quot;:null,&quot;parent&quot;:0},{&quot;text&quot;:&quot;Ukrainisch&quot;,&quot;id&quot;:1419,&quot;icon&quot;:null,&quot;parent&quot;:0}],&quot;age&quot;:[1321],&quot;age_details&quot;:[{&quot;text&quot;:&quot;ab 16 Jahre&quot;,&quot;id&quot;:1321,&quot;icon&quot;:null,&quot;parent&quot;:0}],&quot;groupsize&quot;:[1039],&quot;groupsize_details&quot;:[{&quot;text&quot;:&quot;max. 18 Personen&quot;,&quot;id&quot;:1039,&quot;icon&quot;:null,&quot;parent&quot;:0}],&quot;place&quot;:[405,404,1031],&quot;place_details&quot;:{&quot;place&quot;:&quot;Humboldt Forum&quot;,&quot;map&quot;:&quot;Humboldt Forum, Schlossplatz, Berlin&quot;,&quot;room&quot;:&quot;Berlin Ausstellung, 1. OG, Weltstudio&quot;},&quot;icon_overwrite&quot;:&quot;&quot;,&quot;acf&quot;:{&quot;noindex&quot;:false,&quot;keywords&quot;:&quot;&quot;,&quot;hashtag&quot;:&quot;HumboldtForum&quot;,&quot;shorturl&quot;:&quot;&quot;,&quot;times&quot;:[],&quot;planning&quot;:{&quot;price&quot;:&quot;\\u0411\\u0435\\u0437\\u043a\\u043e\\u0448\\u0442\\u043e\\u0432\\u043d\\u0438\\u0439 \\u0432\\u0445\\u0456\\u0434 \\\/ Eine Eintrittskarte f\\u00fcr die Ausstellung wird ben\\u00f6tigt. &quot;,&quot;admission&quot;:&quot;&quot;,&quot;pause&quot;:&quot;&quot;,&quot;duration&quot;:&quot;60&quot;},&quot;additional_info&quot;:{&quot;icon&quot;:&quot;0&quot;,&quot;text&quot;:&quot;&quot;},&quot;highlight_header&quot;:false,&quot;featured_images&quot;:[41280],&quot;use_video_in_teasers&quot;:false,&quot;hyphenation&quot;:true,&quot;tipp&quot;:false,&quot;joker&quot;:false,&quot;live&quot;:false,&quot;hide_event_in_program&quot;:false,&quot;subline&quot;:&quot;Tandemf\\u00fchrung: BERLIN GLOBAL in 60 Minuten (in ukrainischer und russischer Sprache)&quot;,&quot;belongsto&quot;:false},&quot;date&quot;:{&quot;NX&quot;:null,&quot;NXX&quot;:null,&quot;NLAST&quot;:&quot;202206091130&quot;,&quot;from_DATE&quot;:&quot;20220428 14:15&quot;,&quot;from&quot;:1651140900,&quot;to&quot;:1654774200,&quot;to_DATE&quot;:&quot;20220609 15:30&quot;,&quot;from_HRFSHORT&quot;:&quot;28. Apr 2022&quot;,&quot;from_HRFSHORT_WD&quot;:&quot;Do 28.04.2022&quot;,&quot;to_HRFSHORT&quot;:&quot; 9. Jun 2022&quot;,&quot;to_HRFSHORT_WD&quot;:&quot;Do 09.06.2022&quot;,&quot;from_HRF&quot;:&quot;Do, 28. April 2022&quot;,&quot;to_HRF&quot;:&quot;Do,  9. Juni 2022&quot;,&quot;from_to_HRF&quot;:&quot;Do, 28. April \\u2013 Do,  9. Juni 2022&quot;,&quot;from_to_HRFSHORT&quot;:&quot;28. Apr \\u2013  9. Jun 2022&quot;},&quot;alert&quot;:null,&quot;partof&quot;:[],&quot;marketing_topic&quot;:{&quot;title&quot;:&quot;Geschichte und Architektur des Ortes&quot;,&quot;0&quot;:&quot;topic&quot;}}' inline-template>\n\t<a href=\"https:\/\/www.humboldtforum.org\/de\/programm\/termin\/fuehrung\/tandemfuehrung-berlin-global-in-60-minuten-ukrainisch-russisch-41279\/\" class=\"teaser teaser-event teaser-event-standard\">\n\t\t<div class=\"row\">\n\t\t\t<div class=\"col-xs-12 col-sm-6 col-md-5 col-sm-offset-1 col-md-offset-2 first-sm teaser-event-text Infos\">\n\t\t\t\t<div class=\"teaser-event-standard-text\">\n\t\t\t\t\t<div class=\"margin-bottom-atom\">\n\t\t\t\t\t\t<div class=\"subline clamp-1\" v-html=\"maingenre\"><\/div>\n\t\t\t\t\t\t\t\t\t\t\t\t\t<div class=\"insignificant clamp-2\">Geschichte und Architektur des Ortes<\/div>\n\t\t\t\t\t\t\t\t\t\t\t<\/div>\n\t\t\t\t\n\t\t\t\t\t<strong class=\"margin-bottom-atom h5\">\u0412\u0456\u0434\u043a\u0440\u0438\u0439\u0442\u0435 \u0434\u043b\u044f \u0441\u0435\u0431\u0435 BERLIN GLOBAL \u0443\u043a\u0440\u0430\u0457\u043d\u0441\u044c\u043a\u043e\u044e \u0442\u0430 \u0440\u043e\u0441\u0456\u0439\u0441\u044c\u043a\u043e\u044e \u043c\u043e\u0432\u0430\u043c\u0438<\/strong>\n\n\t\t\t\t\t\t\t\t\t\t\t<div class=\"\">Tandemf\u00fchrung: BERLIN GLOBAL in 60 Minuten (in ukrainischer und russischer Sprache)<\/div>\n\t\t\t\t\t\t\t\t\t<\/div>\n\t\t\t\t<div class=\"teaser-bottom border-bottom\">\n\t\t\t\t<calendardateline :rawitem='item' :show-icon=\"true\"><\/calendardateline>\n\t\t\t\t\t<hr>\n\t\t\t\t<\/div>\n\t\t\t<\/div>\n\t\t\t<div class=\"col-xs-12 col-sm-4 col-md-3 teaser-event-image bottom-xs first-xs\">\n\t\t\t\t<div class=\"teaser-image teaser-image-no-alternate\">\n\t\t\t\t\t\t\t\t\t\t\t\n\t<lazy-media-inline inline-template>\n\t\t<figure itemscope itemtype=\"http:\/\/schema.org\/ImageObject\" class=\"lazy-media-inline \" role=\"group\" id=\"media_69f2efe365efc\" aria-labelledby=\"desc_media_69f2efe365efc\">\n\t\t\t<script type=\"application\/json\" ref=\"data\">\n\t\t\t\t{\n\t\t\t\t\"sizes\" : {\"medium\":{\"file\":\"BG_Fuehrungen_UkrainischRU-300x200.jpg\",\"width\":300,\"height\":200,\"mime-type\":\"image\\\/jpeg\"},\"large\":{\"file\":\"BG_Fuehrungen_UkrainischRU-1024x682.jpg\",\"width\":1024,\"height\":682,\"mime-type\":\"image\\\/jpeg\"},\"thumbnail\":{\"file\":\"BG_Fuehrungen_UkrainischRU-150x150.jpg\",\"width\":150,\"height\":150,\"mime-type\":\"image\\\/jpeg\"},\"medium_large\":{\"file\":\"BG_Fuehrungen_UkrainischRU-768x511.jpg\",\"width\":768,\"height\":511,\"mime-type\":\"image\\\/jpeg\"},\"small\":{\"file\":\"BG_Fuehrungen_UkrainischRU-440x293.jpg\",\"width\":440,\"height\":293,\"mime-type\":\"image\\\/jpeg\"},\"semi\":{\"file\":\"BG_Fuehrungen_UkrainischRU-580x386.jpg\",\"width\":580,\"height\":386,\"mime-type\":\"image\\\/jpeg\"},\"mobile\":{\"file\":\"BG_Fuehrungen_UkrainischRU-720x479.jpg\",\"width\":720,\"height\":479,\"mime-type\":\"image\\\/jpeg\"},\"original\":{\"file\":\"BG_Fuehrungen_UkrainischRU.jpg\",\"width\":1217,\"height\":810}},\n\t\t\t\t\"alt\" : \"Gruppendiskussion \\u00fcber Bildungstechnologie mit einer ukrainischen Flagge im Hintergrund.\",\n\t\t\t\t\"path\" : \"\\\/wp-content\\\/uploads\\\/2022\\\/03\\\/\",\n\t\t\t\t\"video\" : null,\n\t\t\t\t\"autoplay\" : null,\n\t\t\t\t\"youtube\" : null,\n\t\t\t\t\"youtubelabel\" : \"Video abspielen\",\n\t\t\t\t\"brightness\" : 100,\n\t\t\t\t\"crop\" : {\"top\":\"41.94\",\"left\":\"52.73\"},\n\t\t\t\t\"background\" : true,\n\t\t\t\t\"scale\" : 2\t\t\t\t}\n\t\t\t<\/script>\n\n\t\t\t<div class=\"height-container\" style=\"padding-bottom:66.557107641742%;\" v-if=\"sizes\">\n\t\t\t\t\t\t\t\t<lazy-media :inline=\"true\" :alt=\"alt\" :sizes=\"sizes\" :scale=\"scale\" :brightness=\"brightness\" :path=\"path\" :video=\"video\" :autoplay=\"autoplay\" :youtube=\"youtube\" :crop=\"crop\" :youtubelabel=\"youtubelabel\" :background=\"background\" media-id=\"desc_media_69f2efe365efc\"><\/lazy-media>\n\t\t\t\t\t\t\t<\/div>\n\n\t\t\t\t\t\t\t<figcaption class=\"sr-only\" ref=\"body\" id=\"desc_media_69f2efe365efc\">\n\t\t\t\t\t\t\t\t\t\t\t<div>BERLIN GLOBAL bietet auch F&uuml;hrungen in ukrainischer und russischer Sprache an<\/div>\n\t\t\t\t\t\t\t\t\t\t\t\t\t\t\t\t\t\t\t\t\t<div class=\"insignificant\">\u00a9 Stiftung Stadtmuseum Berlin \/ Anne Preussel<\/div>\n\t\t\t\t\t\t\t\t\t<\/figcaption>\n\t\t\t\t\t<\/figure>\n\t<\/lazy-media-inline>\n\t\t\t\t<\/div>\n\t\t\t<\/div>\n\t\t<\/div>\n\t<\/a>\n\t<\/calendarteaser>\n<\/li>\n\n\t\t\t\t<\/ul>\n\t\t\t<\/div>\n\t\t\t\t<\/lazy-component>\n<\/section>\n\n","protected":false},"template":"","genre":[839],"digital":[],"topic":[431],"stakeholder":[400],"editorial":[],"editorialfilter":[],"targetgroup":[454],"language":[384,1419],"accessability":[],"age":[],"school":[],"groupsize":[],"place":[405,404,1031],"class_list":["post-41136","event","type-event","status-publish","has-post-thumbnail","hentry","genre-drop-in","topic-geschichte-und-architektur-des-ortes","stakeholder-kulturprojekte-berlin-stadtmuseum-berlin","targetgroup-kinder-und-familien","language-deutsch","language-ukrainisch","place-berlin-ausstellung-1-og","place-humboldt-forum","place-weltstudio"],"acf":[],"_links":{"self":[{"href":"https:\/\/www.humboldtforum.org\/de\/wp-json\/wp\/v2\/event\/41136","targetHints":{"allow":["GET"]}}],"collection":[{"href":"https:\/\/www.humboldtforum.org\/de\/wp-json\/wp\/v2\/event"}],"about":[{"href":"https:\/\/www.humboldtforum.org\/de\/wp-json\/wp\/v2\/types\/event"}],"version-history":[{"count":0,"href":"https:\/\/www.humboldtforum.org\/de\/wp-json\/wp\/v2\/event\/41136\/revisions"}],"wp:featuredmedia":[{"embeddable":true,"href":"https:\/\/www.humboldtforum.org\/de\/wp-json\/wp\/v2\/media\/41140"}],"wp:attachment":[{"href":"https:\/\/www.humboldtforum.org\/de\/wp-json\/wp\/v2\/media?parent=41136"}],"wp:term":[{"taxonomy":"genre","embeddable":true,"href":"https:\/\/www.humboldtforum.org\/de\/wp-json\/wp\/v2\/genre?post=41136"},{"taxonomy":"digital","embeddable":true,"href":"https:\/\/www.humboldtforum.org\/de\/wp-json\/wp\/v2\/digital?post=41136"},{"taxonomy":"topic","embeddable":true,"href":"https:\/\/www.humboldtforum.org\/de\/wp-json\/wp\/v2\/topic?post=41136"},{"taxonomy":"stakeholder","embeddable":true,"href":"https:\/\/www.humboldtforum.org\/de\/wp-json\/wp\/v2\/stakeholder?post=41136"},{"taxonomy":"editorial","embeddable":true,"href":"https:\/\/www.humboldtforum.org\/de\/wp-json\/wp\/v2\/editorial?post=41136"},{"taxonomy":"editorialfilter","embeddable":true,"href":"https:\/\/www.humboldtforum.org\/de\/wp-json\/wp\/v2\/editorialfilter?post=41136"},{"taxonomy":"targetgroup","embeddable":true,"href":"https:\/\/www.humboldtforum.org\/de\/wp-json\/wp\/v2\/targetgroup?post=41136"},{"taxonomy":"language","embeddable":true,"href":"https:\/\/www.humboldtforum.org\/de\/wp-json\/wp\/v2\/language?post=41136"},{"taxonomy":"accessability","embeddable":true,"href":"https:\/\/www.humboldtforum.org\/de\/wp-json\/wp\/v2\/accessability?post=41136"},{"taxonomy":"age","embeddable":true,"href":"https:\/\/www.humboldtforum.org\/de\/wp-json\/wp\/v2\/age?post=41136"},{"taxonomy":"school","embeddable":true,"href":"https:\/\/www.humboldtforum.org\/de\/wp-json\/wp\/v2\/school?post=41136"},{"taxonomy":"groupsize","embeddable":true,"href":"https:\/\/www.humboldtforum.org\/de\/wp-json\/wp\/v2\/groupsize?post=41136"},{"taxonomy":"place","embeddable":true,"href":"https:\/\/www.humboldtforum.org\/de\/wp-json\/wp\/v2\/place?post=41136"}],"curies":[{"name":"wp","href":"https:\/\/api.w.org\/{rel}","templated":true}]}}