{"id":42197,"date":"2022-04-21T10:13:58","date_gmt":"2022-04-21T08:13:58","guid":{"rendered":"https:\/\/www.humboldtforum.org\/?post_type=event&#038;p=42197"},"modified":"2022-04-28T14:30:27","modified_gmt":"2022-04-28T12:30:27","slug":"forschen-in-der-ddr-2","status":"publish","type":"event","link":"https:\/\/www.humboldtforum.org\/de\/programm\/termin\/fuehrung\/forschen-in-der-ddr-2-42197\/","title":{"rendered":"Forschen in der DDR"},"content":{"rendered":"<section class=\"block block-copy\" >\n    <div class=\"container-fluid\">\n\t\t<div class=\"row \">\n            <div class=\"col-xs-12 col-md-offset-2 col-md-8\">\n                <div class=\"box\">\n                    <div class=\"copy\"><p>Wie pr\u00e4gten die politischen Rahmenbedingungen das Forschen in der DDR? Welche Forschungszweige wurden gef\u00f6rdert, welche verhindert?<\/p>\n<p>Vermittler*innen des Humboldt Labors lenken am Themenwochenende \u201eHin und weg. Palast der Republik ist Gegenwart\u201c den Blick auf die Humboldt-Universit\u00e4t in der DDR-Zeit.<\/p>\n<p>&nbsp;<\/p>\n<\/div>\n                <\/div>\n            <\/div>\n\t\t<\/div>\n\t\t    <\/div>\n<\/section>\n\n<section class=\"block block-teaser col-1 \" style=\"\">\n\t<lazy-component :fixed-min-height=\"400\">\n\t\n\t\t\t\t\t<div class=\"container-fluid\">\n\t\t\t\t<div class=\"row bottom-xs\">\n\t\t\t\t\t<div class=\"col-xs-12 col-sm-10 col-md-8 col-sm-offset-1 col-md-offset-2\">\n\t\t\t\t\t\t<h4>Geh\u00f6rt zum Programm<\/h4>\t\t\t\t\t\t\t\t\t\t\t\t\t\t\t\t\t\t\t<\/div>\n\t\t\t\t\t<div class=\"col-xs-12 col-sm-10 col-md-8 col-sm-offset-1 col-md-offset-2 start-xs end-md margin-bottom-sixth\">\n\t\t\t\t\t\t\t\t\t\t\t<\/div>\n\t\t\t\t<\/div>\n\t\t\t\t<ul class=\"row\">\n\t\t\t\n<li class=\"col-xs-12 teaser-wrapper col-padding-remove\">\n\t<calendarteaser key=\"3947514136\" rawitem='{&quot;postId&quot;:39475,&quot;title&quot;:&quot;Hin und weg&quot;,&quot;excerpt&quot;:&quot;&quot;,&quot;slug&quot;:&quot;hin-und-weg&quot;,&quot;post_date&quot;:&quot;2022-03-07T15:23&quot;,&quot;type&quot;:&quot;event-multi&quot;,&quot;permalink&quot;:&quot;https:\\\/\\\/www.humboldtforum.org\\\/de\\\/programm\\\/event\\\/thementag\\\/hin-und-weg-39475\\\/&quot;,&quot;genre&quot;:[820],&quot;genre_details&quot;:[{&quot;text&quot;:&quot;Thementag&quot;,&quot;id&quot;:820,&quot;icon&quot;:null,&quot;parent&quot;:0}],&quot;stakeholder&quot;:[409,400,382],&quot;stakeholder_details&quot;:[{&quot;text&quot;:&quot;Humboldt-Universit\\u00e4t zu Berlin&quot;,&quot;id&quot;:409,&quot;icon&quot;:null,&quot;parent&quot;:0},{&quot;text&quot;:&quot;Kulturprojekte Berlin \\\/ Stadtmuseum Berlin&quot;,&quot;id&quot;:400,&quot;icon&quot;:null,&quot;parent&quot;:0},{&quot;text&quot;:&quot;Stiftung Humboldt Forum im Berliner Schloss&quot;,&quot;id&quot;:382,&quot;icon&quot;:null,&quot;parent&quot;:0}],&quot;targetgroup&quot;:[383,455,454],&quot;targetgroup_details&quot;:[{&quot;text&quot;:&quot;Erwachsene&quot;,&quot;id&quot;:383,&quot;icon&quot;:null,&quot;parent&quot;:0},{&quot;text&quot;:&quot;Jugendliche&quot;,&quot;id&quot;:455,&quot;icon&quot;:null,&quot;parent&quot;:0},{&quot;text&quot;:&quot;Kinder und Familien&quot;,&quot;id&quot;:454,&quot;icon&quot;:null,&quot;parent&quot;:0}],&quot;language&quot;:[384,385],&quot;language_details&quot;:[{&quot;text&quot;:&quot;Deutsch&quot;,&quot;id&quot;:384,&quot;icon&quot;:null,&quot;parent&quot;:0},{&quot;text&quot;:&quot;Englisch&quot;,&quot;id&quot;:385,&quot;icon&quot;:null,&quot;parent&quot;:0}],&quot;icon_overwrite&quot;:&quot;&quot;,&quot;acf&quot;:{&quot;noindex&quot;:false,&quot;keywords&quot;:&quot;&quot;,&quot;belongsto&quot;:[116558],&quot;shorturl&quot;:&quot;&quot;,&quot;planning&quot;:{&quot;price&quot;:&quot;&quot;,&quot;admission&quot;:&quot;&quot;,&quot;pause&quot;:&quot;&quot;,&quot;duration&quot;:&quot;&quot;,&quot;status&quot;:&quot;BUY&quot;,&quot;info&quot;:&quot;&quot;,&quot;shop&quot;:&quot;&quot;,&quot;can_purchase&quot;:false},&quot;additional_info&quot;:{&quot;icon&quot;:&quot;0&quot;,&quot;text&quot;:&quot;&quot;},&quot;highlight_header&quot;:true,&quot;highlight_header_image&quot;:false,&quot;has_mobile_format&quot;:false,&quot;use_video_in_teasers&quot;:false,&quot;hyphenation&quot;:true,&quot;tipp&quot;:false,&quot;joker&quot;:false,&quot;live&quot;:false,&quot;hide_event_in_program&quot;:false,&quot;times&quot;:[],&quot;subline&quot;:&quot;Der Palast der Republik ist Gegenwart&quot;,&quot;highlight_header_image_mobile&quot;:39382,&quot;events&quot;:[129213]},&quot;date&quot;:{&quot;NX&quot;:null,&quot;NXX&quot;:null,&quot;NLAST&quot;:&quot;202205010600&quot;,&quot;from_DATE&quot;:&quot;20220430 14:00&quot;,&quot;from&quot;:1651312800,&quot;to&quot;:1651384800,&quot;to_DATE&quot;:&quot;20220501 10:00&quot;,&quot;from_HRFSHORT&quot;:&quot;30. Apr 2022&quot;,&quot;from_HRFSHORT_WD&quot;:&quot;Sa 30.04.2022&quot;,&quot;to_HRFSHORT&quot;:&quot; 1. Mai 2022&quot;,&quot;to_HRFSHORT_WD&quot;:&quot;So 01.05.2022&quot;,&quot;from_HRF&quot;:&quot;Sa, 30. April 2022&quot;,&quot;to_HRF&quot;:&quot;So,  1. Mai 2022&quot;,&quot;from_to_HRF&quot;:&quot;Sa, 30. April \\u2013 So,  1. Mai 2022&quot;,&quot;from_to_HRFSHORT&quot;:&quot;30. Apr \\u2013  1. Mai 2022&quot;},&quot;alert&quot;:&quot;Highlight&quot;,&quot;partof&quot;:[],&quot;marketing_topic&quot;:{&quot;title&quot;:&quot;Hin und weg. Der Palast der Republik ist Gegenwart&quot;,&quot;ID&quot;:116558,&quot;reason&quot;:&quot;belongsto&quot;}}' inline-template>\n\t<a href=\"https:\/\/www.humboldtforum.org\/de\/programm\/event\/thementag\/hin-und-weg-39475\/\" class=\"teaser teaser-event-multi teaser-event-standard\">\n\t\t<div class=\"row\">\n\t\t\t<div class=\"col-xs-12 col-sm-6 col-md-5 col-sm-offset-1 col-md-offset-2 first-sm teaser-event-text Infos\">\n\t\t\t\t<div class=\"teaser-event-standard-text\">\n\t\t\t\t\t<div class=\"margin-bottom-atom\">\n\t\t\t\t\t\t<div class=\"subline clamp-1\" v-html=\"maingenre\"><\/div>\n\t\t\t\t\t\t\t\t\t\t\t\t\t<div class=\"insignificant clamp-2\">Hin und weg. Der Palast der Republik ist Gegenwart<\/div>\n\t\t\t\t\t\t\t\t\t\t\t<\/div>\n\t\t\t\t\n\t\t\t\t\t<strong class=\"margin-bottom-atom h5\">Hin und weg<\/strong>\n\n\t\t\t\t\t\t\t\t\t\t\t<div class=\"\">Der Palast der Republik ist Gegenwart<\/div>\n\t\t\t\t\t\t\t\t\t<\/div>\n\t\t\t\t<div class=\"teaser-bottom border-bottom\">\n\t\t\t\t<calendardateline :rawitem='item' :show-icon=\"true\"><\/calendardateline>\n\t\t\t\t\t<hr>\n\t\t\t\t<\/div>\n\t\t\t<\/div>\n\t\t\t<div class=\"col-xs-12 col-sm-4 col-md-3 teaser-event-image bottom-xs first-xs\">\n\t\t\t\t<div class=\"teaser-image teaser-image-no-alternate\">\n\t\t\t\t\t\t\t\t\t\t\t\t\t<span class=\"alert\">Highlight<\/span>\n\t\t\t\t\t\t\t\t\t\t\t\t\t\t\t<\/div>\n\t\t\t<\/div>\n\t\t<\/div>\n\t<\/a>\n\t<\/calendarteaser>\n<\/li>\n\n\t\t\t\t<\/ul>\n\t\t\t<\/div>\n\t\t\t\t<\/lazy-component>\n<\/section>\n\n\n\n<section class=\"block block-teaser col-lane \" style=\"\">\n\t<lazy-component :fixed-min-height=\"400\">\n\t\n\t\t\t\t\t<teaser-lane-with-buttons inline-template tracking-label=\"Das k\u00f6nnte Sie auch interessieren\">\n\t\t\t\t<div class=\"teaser-lane-with-buttons\">\n\t\t\t\t\t<div class=\"container-fluid\">\n\t\t\t\t\t\t<div class=\"row bottom-xs\">\n\t\t\t\t\t\t\t<div class=\"col-xs-12 col-md-8\">\n\t\t\t\t\t\t\t\t\t\t\t\t\t\t\t\t\t<h4>Das k\u00f6nnte Sie auch interessieren<\/h4>\t\t\t\t\t\t\t\t\t\t\t\t\t\t\t\t\t\t\t\t\t\t\t\t<\/div>\n\t\t\t\t\t\t\t<div class=\"col-xs-12 col-md-4 start-xs end-md margin-bottom-sixth teaser-lane-buttons-wrapper \">\n\t\t\t\t\t\t\t\t\t\t\t\t\t\t\t\t<teaser-lane-buttons :visible_prev=\"visible_prev\" :visible_next=\"visible_next\" @prev=\"prev\" @next=\"next\"><\/teaser-lane-buttons>\n\t\t\t\t\t\t\t<\/div>\n\t\t\t\t\t\t<\/div>\n\t\t\t\t\t<\/div>\n\t\t\t\t\t<div class=\"teaser-lane-wrapper\">\n\t\t\t\t\t\t<ul class=\"teaser-lane\">\n\t\t\t\t\t\t\t\t\t\t\t\t\t\t<li class=\"teaser-lane-slide col-xs-9 col-sm-4 col-md-3 teaser-wrapper col-padding-remove\">\n\t<calendarteaser key=\"3028117895\" rawitem='{&quot;postId&quot;:30281,&quot;title&quot;:&quot;Mensch und Natur entdecken&quot;,&quot;excerpt&quot;:&quot;&quot;,&quot;slug&quot;:&quot;mensch-und-natur-entdecken&quot;,&quot;post_date&quot;:&quot;2021-08-18T15:11&quot;,&quot;type&quot;:&quot;event&quot;,&quot;permalink&quot;:&quot;https:\\\/\\\/www.humboldtforum.org\\\/de\\\/programm\\\/termin\\\/drop-in\\\/mensch-und-natur-entdecken-30281\\\/&quot;,&quot;genre&quot;:[839],&quot;genre_details&quot;:[{&quot;text&quot;:&quot;Drop-In&quot;,&quot;id&quot;:839,&quot;icon&quot;:null,&quot;parent&quot;:0}],&quot;stakeholder&quot;:[409],&quot;stakeholder_details&quot;:[{&quot;text&quot;:&quot;Humboldt-Universit\\u00e4t zu Berlin&quot;,&quot;id&quot;:409,&quot;icon&quot;:null,&quot;parent&quot;:0}],&quot;targetgroup&quot;:[383,454],&quot;targetgroup_details&quot;:[{&quot;text&quot;:&quot;Erwachsene&quot;,&quot;id&quot;:383,&quot;icon&quot;:null,&quot;parent&quot;:0},{&quot;text&quot;:&quot;Kinder und Familien&quot;,&quot;id&quot;:454,&quot;icon&quot;:null,&quot;parent&quot;:0}],&quot;language&quot;:[384,385],&quot;language_details&quot;:[{&quot;text&quot;:&quot;Deutsch&quot;,&quot;id&quot;:384,&quot;icon&quot;:null,&quot;parent&quot;:0},{&quot;text&quot;:&quot;Englisch&quot;,&quot;id&quot;:385,&quot;icon&quot;:null,&quot;parent&quot;:0}],&quot;accessability&quot;:[430],&quot;accessability_details&quot;:[{&quot;text&quot;:&quot;Rollstuhlgerecht&quot;,&quot;id&quot;:430,&quot;icon&quot;:null,&quot;parent&quot;:0}],&quot;groupsize&quot;:[1059],&quot;groupsize_details&quot;:[{&quot;text&quot;:&quot;max. 15 Personen&quot;,&quot;id&quot;:1059,&quot;icon&quot;:null,&quot;parent&quot;:0}],&quot;place&quot;:[413],&quot;place_details&quot;:{&quot;place&quot;:&quot;Humboldt Forum&quot;,&quot;map&quot;:&quot;Humboldt Forum, Schlossplatz, Berlin&quot;,&quot;room&quot;:&quot;Humboldt Labor, 1. OG&quot;},&quot;icon_overwrite&quot;:&quot;&quot;,&quot;acf&quot;:{&quot;hashtag&quot;:&quot;HumboldtForum&quot;,&quot;belongsto&quot;:[14144],&quot;noindex&quot;:false,&quot;keywords&quot;:&quot;&quot;,&quot;shorturl&quot;:&quot;&quot;,&quot;times&quot;:[],&quot;planning&quot;:{&quot;price&quot;:&quot;kostenfrei&quot;,&quot;admission&quot;:&quot;&quot;,&quot;pause&quot;:&quot;&quot;,&quot;duration&quot;:&quot;180&quot;},&quot;subline&quot;:&quot;Drop-In-Angebot des Humboldt Labors&quot;,&quot;additional_info&quot;:{&quot;icon&quot;:&quot;icon-uhr&quot;,&quot;text&quot;:&quot;&quot;},&quot;highlight_header&quot;:false,&quot;featured_images&quot;:[30329],&quot;use_video_in_teasers&quot;:false,&quot;hyphenation&quot;:true,&quot;tipp&quot;:false,&quot;joker&quot;:false,&quot;live&quot;:false,&quot;hide_event_in_program&quot;:false,&quot;gomus_id&quot;:&quot;&quot;,&quot;hm_id&quot;:&quot;&quot;},&quot;date&quot;:{&quot;NX&quot;:null,&quot;NXX&quot;:null,&quot;NLAST&quot;:&quot;202506211100&quot;,&quot;from_DATE&quot;:&quot;20250329 14:00&quot;,&quot;from&quot;:1743249600,&quot;to&quot;:1750503600,&quot;to_DATE&quot;:&quot;20250621 14:00&quot;,&quot;from_HRFSHORT&quot;:&quot;29. M\\u00e4r 2025&quot;,&quot;from_HRFSHORT_WD&quot;:&quot;Sa 29.03.2025&quot;,&quot;to_HRFSHORT&quot;:&quot;21. Jun 2025&quot;,&quot;to_HRFSHORT_WD&quot;:&quot;Sa 21.06.2025&quot;,&quot;from_HRF&quot;:&quot;Sa, 29. M\\u00e4rz 2025&quot;,&quot;to_HRF&quot;:&quot;Sa, 21. Juni 2025&quot;,&quot;from_to_HRF&quot;:&quot;Sa, 29. M\\u00e4rz \\u2013 Sa, 21. Juni 2025&quot;,&quot;from_to_HRFSHORT&quot;:&quot;29. M\\u00e4r \\u2013 21. Jun 2025&quot;},&quot;alert&quot;:null,&quot;partof&quot;:[],&quot;marketing_topic&quot;:{&quot;title&quot;:&quot;Nach der Natur&quot;,&quot;ID&quot;:14144,&quot;reason&quot;:&quot;belongsto&quot;}}' inline-template>\n\t<a href=\"https:\/\/www.humboldtforum.org\/de\/programm\/termin\/drop-in\/mensch-und-natur-entdecken-30281\/\" class=\"teaser teaser-event teaser-event-standard\">\n\t\t<div class=\"row\">\n\t\t\t<div class=\"col-xs-12 teaser-event-image\">\n\t\t\t\t<div class=\"teaser-image teaser-image-no-alternate\">\n\t\t\t\t\t\t\t\t\t\t\t\n\t<lazy-media-inline inline-template>\n\t\t<figure itemscope itemtype=\"http:\/\/schema.org\/ImageObject\" class=\"lazy-media-inline \" role=\"group\" id=\"media_69f2c5f7cff02\" aria-labelledby=\"desc_media_69f2c5f7cff02\">\n\t\t\t<script type=\"application\/json\" ref=\"data\">\n\t\t\t\t{\n\t\t\t\t\"sizes\" : {\"medium\":{\"file\":\"SHF_eb00115660-300x200.jpg\",\"width\":300,\"height\":200,\"mime-type\":\"image\\\/jpeg\"},\"large\":{\"file\":\"SHF_eb00115660-1024x683.jpg\",\"width\":1024,\"height\":683,\"mime-type\":\"image\\\/jpeg\"},\"thumbnail\":{\"file\":\"SHF_eb00115660-150x150.jpg\",\"width\":150,\"height\":150,\"mime-type\":\"image\\\/jpeg\"},\"medium_large\":{\"file\":\"SHF_eb00115660-768x512.jpg\",\"width\":768,\"height\":512,\"mime-type\":\"image\\\/jpeg\"},\"small\":{\"file\":\"SHF_eb00115660-440x293.jpg\",\"width\":440,\"height\":293,\"mime-type\":\"image\\\/jpeg\"},\"semi\":{\"file\":\"SHF_eb00115660-580x387.jpg\",\"width\":580,\"height\":387,\"mime-type\":\"image\\\/jpeg\"},\"mobile\":{\"file\":\"SHF_eb00115660-720x480.jpg\",\"width\":720,\"height\":480,\"mime-type\":\"image\\\/jpeg\"},\"hd\":{\"file\":\"SHF_eb00115660-1280x853.jpg\",\"width\":1280,\"height\":853,\"mime-type\":\"image\\\/jpeg\"},\"full\":{\"file\":\"SHF_eb00115660-1920x1280.jpg\",\"width\":1920,\"height\":1280,\"mime-type\":\"image\\\/jpeg\"},\"1536x1536\":{\"file\":\"SHF_eb00115660-1536x1024.jpg\",\"width\":1536,\"height\":1024,\"mime-type\":\"image\\\/jpeg\"},\"original\":{\"file\":\"SHF_eb00115660.jpg\",\"width\":2048,\"height\":1365}},\n\t\t\t\t\"alt\" : \"Besucher in einem modernen Ausstellungsraum mit interaktiven Displays und Ausstellungsobjekten.\",\n\t\t\t\t\"path\" : \"\\\/wp-content\\\/uploads\\\/2021\\\/08\\\/\",\n\t\t\t\t\"video\" : null,\n\t\t\t\t\"autoplay\" : null,\n\t\t\t\t\"youtube\" : null,\n\t\t\t\t\"youtubelabel\" : \"Video abspielen\",\n\t\t\t\t\"brightness\" : 100,\n\t\t\t\t\"crop\" : {\"top\":\"33.45\",\"left\":\"69.80\"},\n\t\t\t\t\"background\" : true,\n\t\t\t\t\"scale\" : 2\t\t\t\t}\n\t\t\t<\/script>\n\n\t\t\t<div class=\"height-container\" style=\"padding-bottom:66.650390625%;\" v-if=\"sizes\">\n\t\t\t\t\t\t\t\t<lazy-media :inline=\"true\" :alt=\"alt\" :sizes=\"sizes\" :scale=\"scale\" :brightness=\"brightness\" :path=\"path\" :video=\"video\" :autoplay=\"autoplay\" :youtube=\"youtube\" :crop=\"crop\" :youtubelabel=\"youtubelabel\" :background=\"background\" media-id=\"desc_media_69f2c5f7cff02\"><\/lazy-media>\n\t\t\t\t\t\t\t<\/div>\n\n\t\t\t\t\t\t\t<figcaption class=\"sr-only\" ref=\"body\" id=\"desc_media_69f2c5f7cff02\">\n\t\t\t\t\t\t\t\t\t\t\t\t\t\t\t\t\t\t\t\t\t<div class=\"insignificant\">\u00a9 Humboldt-Universit\u00e4t zu Berlin \/ schnellebuntebilder, Inside Outside | Petra Blaisse, Foto: Philipp Plum<\/div>\n\t\t\t\t\t\t\t\t\t<\/figcaption>\n\t\t\t\t\t<\/figure>\n\t<\/lazy-media-inline>\n\t\t\t\t<\/div>\n\t\t\t<\/div>\n\t\t\t<div class=\"col-xs-12 teaser-event-text Infos\">\n\t\t\t\t<div class=\"teaser-event-standard-text\">\n\t\t\t\t\t<div class=\"margin-bottom-atom\">\n\t\t\t\t\t\t<div class=\"subline clamp-1\" v-html=\"maingenre\"><\/div>\n\t\t\t\t\t\t\t\t\t\t\t\t\t<div class=\"insignificant clamp-2\">Nach der Natur<\/div>\n\t\t\t\t\t\t\t\t\t\t\t<\/div>\n\t\t\t\t\n\t\t\t\t\t<strong class=\"margin-bottom-atom\">Mensch und Natur entdecken<\/strong>\n\n\t\t\t\t\t\t\t\t\t\t\t<div class=\"\">Drop-In-Angebot des Humboldt Labors<\/div>\n\t\t\t\t\t\t\t\t\t<\/div>\n\t\t\t\t<div class=\"teaser-bottom border-bottom\">\n\t\t\t\t<calendardateline :rawitem='item' :show-icon=\"true\"><\/calendardateline>\n\t\t\t\t\t<hr>\n\t\t\t\t<\/div>\n\t\t\t<\/div>\n\t\t<\/div>\n\t<\/a>\n\t<\/calendarteaser>\n<\/li>\n\n<li class=\"teaser-lane-slide col-xs-9 col-sm-4 col-md-3 teaser-wrapper col-padding-remove\">\n\t<calendarteaser key=\"302701076\" rawitem='{&quot;postId&quot;:30270,&quot;title&quot;:&quot;\\u201eNach der Natur\\u201c\\u2013 Familienf\\u00fchrung&quot;,&quot;excerpt&quot;:&quot;&quot;,&quot;slug&quot;:&quot;nach-der-natur-familienfuehrung&quot;,&quot;post_date&quot;:&quot;2021-08-18T15:00&quot;,&quot;type&quot;:&quot;event&quot;,&quot;permalink&quot;:&quot;https:\\\/\\\/www.humboldtforum.org\\\/de\\\/programm\\\/termin\\\/fuehrung\\\/nach-der-natur-familienfuehrung-30270\\\/&quot;,&quot;genre&quot;:[821],&quot;genre_details&quot;:[{&quot;text&quot;:&quot;F\\u00fchrung&quot;,&quot;id&quot;:821,&quot;icon&quot;:null,&quot;parent&quot;:0}],&quot;stakeholder&quot;:[409],&quot;stakeholder_details&quot;:[{&quot;text&quot;:&quot;Humboldt-Universit\\u00e4t zu Berlin&quot;,&quot;id&quot;:409,&quot;icon&quot;:null,&quot;parent&quot;:0}],&quot;targetgroup&quot;:[454],&quot;targetgroup_details&quot;:[{&quot;text&quot;:&quot;Kinder und Familien&quot;,&quot;id&quot;:454,&quot;icon&quot;:null,&quot;parent&quot;:0}],&quot;language&quot;:[384],&quot;language_details&quot;:[{&quot;text&quot;:&quot;Deutsch&quot;,&quot;id&quot;:384,&quot;icon&quot;:null,&quot;parent&quot;:0}],&quot;accessability&quot;:[430],&quot;accessability_details&quot;:[{&quot;text&quot;:&quot;Rollstuhlgerecht&quot;,&quot;id&quot;:430,&quot;icon&quot;:null,&quot;parent&quot;:0}],&quot;groupsize&quot;:[1059],&quot;groupsize_details&quot;:[{&quot;text&quot;:&quot;max. 15 Personen&quot;,&quot;id&quot;:1059,&quot;icon&quot;:null,&quot;parent&quot;:0}],&quot;icon_overwrite&quot;:&quot;&quot;,&quot;acf&quot;:{&quot;hashtag&quot;:&quot;HumboldtForum&quot;,&quot;noindex&quot;:false,&quot;keywords&quot;:&quot;&quot;,&quot;shorturl&quot;:&quot;&quot;,&quot;times&quot;:[],&quot;planning&quot;:{&quot;price&quot;:&quot;5 EUR pro Person&quot;,&quot;admission&quot;:&quot;&quot;,&quot;pause&quot;:&quot;&quot;,&quot;duration&quot;:&quot;60&quot;},&quot;subline&quot;:&quot;\\u00d6ffentliche F\\u00fchrung f\\u00fcr Familien&quot;,&quot;additional_info&quot;:{&quot;icon&quot;:&quot;icon-uhr&quot;,&quot;text&quot;:&quot;Termine und Ticketbuchung f\\u00fcr den kommenden Monat werden jeweils zum Ende des Vormonats freigeschaltet.&quot;},&quot;highlight_header&quot;:false,&quot;featured_images&quot;:[30271],&quot;use_video_in_teasers&quot;:false,&quot;hyphenation&quot;:true,&quot;tipp&quot;:false,&quot;joker&quot;:false,&quot;live&quot;:false,&quot;hide_event_in_program&quot;:false,&quot;tickettext&quot;:&quot;Bitte buchen Sie Ihr Ticket vorab online oder an der Kasse im Foyer.&quot;,&quot;belongsto&quot;:[14144],&quot;alert_text&quot;:&quot;DE&quot;,&quot;gomus_id&quot;:&quot;&quot;,&quot;hm_id&quot;:&quot;&quot;},&quot;date&quot;:{&quot;NX&quot;:null,&quot;NXX&quot;:null,&quot;NLAST&quot;:&quot;202506081000&quot;,&quot;from_DATE&quot;:&quot;20250405 11:30&quot;,&quot;from&quot;:1743838200,&quot;to&quot;:1749376800,&quot;to_DATE&quot;:&quot;20250608 14:00&quot;,&quot;from_HRFSHORT&quot;:&quot; 5. Apr 2025&quot;,&quot;from_HRFSHORT_WD&quot;:&quot;Sa 05.04.2025&quot;,&quot;to_HRFSHORT&quot;:&quot; 8. Jun 2025&quot;,&quot;to_HRFSHORT_WD&quot;:&quot;So 08.06.2025&quot;,&quot;from_HRF&quot;:&quot;Sa,  5. April 2025&quot;,&quot;to_HRF&quot;:&quot;So,  8. Juni 2025&quot;,&quot;from_to_HRF&quot;:&quot;Sa,  5. April \\u2013 So,  8. Juni 2025&quot;,&quot;from_to_HRFSHORT&quot;:&quot; 5. Apr \\u2013  8. Jun 2025&quot;},&quot;alert&quot;:&quot;DE&quot;,&quot;partof&quot;:[],&quot;marketing_topic&quot;:{&quot;title&quot;:&quot;Nach der Natur&quot;,&quot;ID&quot;:14144,&quot;reason&quot;:&quot;belongsto&quot;}}' inline-template>\n\t<a href=\"https:\/\/www.humboldtforum.org\/de\/programm\/termin\/fuehrung\/nach-der-natur-familienfuehrung-30270\/\" class=\"teaser teaser-event teaser-event-standard\">\n\t\t<div class=\"row\">\n\t\t\t<div class=\"col-xs-12 teaser-event-image\">\n\t\t\t\t<div class=\"teaser-image teaser-image-no-alternate\">\n\t\t\t\t\t\t\t\t\t\t\t\t\t<span class=\"alert\">DE<\/span>\n\t\t\t\t\t\t\t\t\t\t\t\n\t<lazy-media-inline inline-template>\n\t\t<figure itemscope itemtype=\"http:\/\/schema.org\/ImageObject\" class=\"lazy-media-inline \" role=\"group\" id=\"media_69f2c5f7d0a86\" aria-labelledby=\"desc_media_69f2c5f7d0a86\">\n\t\t\t<script type=\"application\/json\" ref=\"data\">\n\t\t\t\t{\n\t\t\t\t\"sizes\" : {\"medium\":{\"file\":\"SHF_eb00115661-300x200.jpg\",\"width\":300,\"height\":200,\"mime-type\":\"image\\\/jpeg\"},\"large\":{\"file\":\"SHF_eb00115661-1024x683.jpg\",\"width\":1024,\"height\":683,\"mime-type\":\"image\\\/jpeg\"},\"thumbnail\":{\"file\":\"SHF_eb00115661-150x150.jpg\",\"width\":150,\"height\":150,\"mime-type\":\"image\\\/jpeg\"},\"medium_large\":{\"file\":\"SHF_eb00115661-768x512.jpg\",\"width\":768,\"height\":512,\"mime-type\":\"image\\\/jpeg\"},\"small\":{\"file\":\"SHF_eb00115661-440x293.jpg\",\"width\":440,\"height\":293,\"mime-type\":\"image\\\/jpeg\"},\"semi\":{\"file\":\"SHF_eb00115661-580x387.jpg\",\"width\":580,\"height\":387,\"mime-type\":\"image\\\/jpeg\"},\"mobile\":{\"file\":\"SHF_eb00115661-720x480.jpg\",\"width\":720,\"height\":480,\"mime-type\":\"image\\\/jpeg\"},\"hd\":{\"file\":\"SHF_eb00115661-1280x853.jpg\",\"width\":1280,\"height\":853,\"mime-type\":\"image\\\/jpeg\"},\"full\":{\"file\":\"SHF_eb00115661-1920x1280.jpg\",\"width\":1920,\"height\":1280,\"mime-type\":\"image\\\/jpeg\"},\"1536x1536\":{\"file\":\"SHF_eb00115661-1536x1024.jpg\",\"width\":1536,\"height\":1024,\"mime-type\":\"image\\\/jpeg\"},\"original\":{\"file\":\"SHF_eb00115661.jpg\",\"width\":2048,\"height\":1365}},\n\t\t\t\t\"alt\" : \"F\\u00fcnf Personen stehen in einem modernen Raum, betrachten Ausstellungsst\\u00fccke und unterhalten sich.\",\n\t\t\t\t\"path\" : \"\\\/wp-content\\\/uploads\\\/2021\\\/08\\\/\",\n\t\t\t\t\"video\" : null,\n\t\t\t\t\"autoplay\" : null,\n\t\t\t\t\"youtube\" : null,\n\t\t\t\t\"youtubelabel\" : \"Video abspielen\",\n\t\t\t\t\"brightness\" : 100,\n\t\t\t\t\"crop\" : {\"top\":\"5.10\",\"left\":\"30.46\"},\n\t\t\t\t\"background\" : true,\n\t\t\t\t\"scale\" : 2\t\t\t\t}\n\t\t\t<\/script>\n\n\t\t\t<div class=\"height-container\" style=\"padding-bottom:66.650390625%;\" v-if=\"sizes\">\n\t\t\t\t\t\t\t\t<lazy-media :inline=\"true\" :alt=\"alt\" :sizes=\"sizes\" :scale=\"scale\" :brightness=\"brightness\" :path=\"path\" :video=\"video\" :autoplay=\"autoplay\" :youtube=\"youtube\" :crop=\"crop\" :youtubelabel=\"youtubelabel\" :background=\"background\" media-id=\"desc_media_69f2c5f7d0a86\"><\/lazy-media>\n\t\t\t\t\t\t\t<\/div>\n\n\t\t\t\t\t\t\t<figcaption class=\"sr-only\" ref=\"body\" id=\"desc_media_69f2c5f7d0a86\">\n\t\t\t\t\t\t\t\t\t\t\t\t\t\t\t\t\t\t\t\t\t<div class=\"insignificant\">\u00a9 Humboldt-Universit\u00e4t zu Berlin \/ schnellebuntebilder, Inside Outside | Petra Blaisse, Foto: Philipp Plum<\/div>\n\t\t\t\t\t\t\t\t\t<\/figcaption>\n\t\t\t\t\t<\/figure>\n\t<\/lazy-media-inline>\n\t\t\t\t<\/div>\n\t\t\t<\/div>\n\t\t\t<div class=\"col-xs-12 teaser-event-text Infos\">\n\t\t\t\t<div class=\"teaser-event-standard-text\">\n\t\t\t\t\t<div class=\"margin-bottom-atom\">\n\t\t\t\t\t\t<div class=\"subline clamp-1\" v-html=\"maingenre\"><\/div>\n\t\t\t\t\t\t\t\t\t\t\t\t\t<div class=\"insignificant clamp-2\">Nach der Natur<\/div>\n\t\t\t\t\t\t\t\t\t\t\t<\/div>\n\t\t\t\t\n\t\t\t\t\t<strong class=\"margin-bottom-atom\">\u201eNach der Natur\u201c\u2013 Familienf\u00fchrung<\/strong>\n\n\t\t\t\t\t\t\t\t\t\t\t<div class=\"\">\u00d6ffentliche F\u00fchrung f\u00fcr Familien<\/div>\n\t\t\t\t\t\t\t\t\t<\/div>\n\t\t\t\t<div class=\"teaser-bottom border-bottom\">\n\t\t\t\t<calendardateline :rawitem='item' :show-icon=\"true\"><\/calendardateline>\n\t\t\t\t\t<hr>\n\t\t\t\t<\/div>\n\t\t\t<\/div>\n\t\t<\/div>\n\t<\/a>\n\t<\/calendarteaser>\n<\/li>\n\n<li class=\"teaser-lane-slide col-xs-9 col-sm-4 col-md-3 teaser-wrapper col-padding-remove\">\n\t<calendarteaser key=\"3024711437\" rawitem='{&quot;postId&quot;:30247,&quot;title&quot;:&quot;Make it and take it!&quot;,&quot;excerpt&quot;:&quot;&quot;,&quot;slug&quot;:&quot;make-it-and-take-it&quot;,&quot;post_date&quot;:&quot;2021-08-18T12:35&quot;,&quot;type&quot;:&quot;event&quot;,&quot;permalink&quot;:&quot;https:\\\/\\\/www.humboldtforum.org\\\/de\\\/programm\\\/termin\\\/meetup\\\/make-it-and-take-it-30247\\\/&quot;,&quot;genre&quot;:[841],&quot;genre_details&quot;:[{&quot;text&quot;:&quot;Meetup&quot;,&quot;id&quot;:841,&quot;icon&quot;:null,&quot;parent&quot;:0}],&quot;stakeholder&quot;:[382],&quot;stakeholder_details&quot;:[{&quot;text&quot;:&quot;Stiftung Humboldt Forum im Berliner Schloss&quot;,&quot;id&quot;:382,&quot;icon&quot;:null,&quot;parent&quot;:0}],&quot;language&quot;:[384,385],&quot;language_details&quot;:[{&quot;text&quot;:&quot;Deutsch&quot;,&quot;id&quot;:384,&quot;icon&quot;:null,&quot;parent&quot;:0},{&quot;text&quot;:&quot;Englisch&quot;,&quot;id&quot;:385,&quot;icon&quot;:null,&quot;parent&quot;:0}],&quot;accessability&quot;:[430],&quot;accessability_details&quot;:[{&quot;text&quot;:&quot;Rollstuhlgerecht&quot;,&quot;id&quot;:430,&quot;icon&quot;:null,&quot;parent&quot;:0}],&quot;age&quot;:[1321],&quot;age_details&quot;:[{&quot;text&quot;:&quot;ab 16 Jahre&quot;,&quot;id&quot;:1321,&quot;icon&quot;:null,&quot;parent&quot;:0}],&quot;groupsize&quot;:[1059],&quot;groupsize_details&quot;:[{&quot;text&quot;:&quot;max. 15 Personen&quot;,&quot;id&quot;:1059,&quot;icon&quot;:null,&quot;parent&quot;:0}],&quot;place&quot;:[1034],&quot;place_details&quot;:{&quot;place&quot;:&quot;Humboldt Forum&quot;,&quot;map&quot;:&quot;Humboldt Forum, Schlossplatz, Berlin&quot;,&quot;room&quot;:&quot;Werkr\\u00e4ume, 1. OG&quot;},&quot;icon_overwrite&quot;:&quot;&quot;,&quot;acf&quot;:{&quot;noindex&quot;:false,&quot;keywords&quot;:&quot;&quot;,&quot;hashtag&quot;:&quot;HumboldtForum&quot;,&quot;belongsto&quot;:false,&quot;shorturl&quot;:&quot;&quot;,&quot;times&quot;:[{&quot;start&quot;:&quot;20260502 14:00&quot;,&quot;end&quot;:&quot;17:00&quot;,&quot;status&quot;:&quot;JOIN&quot;,&quot;info&quot;:&quot;N\\u00fctzliches aus Filz mit der Stickmaschine&quot;,&quot;shop&quot;:&quot;&quot;,&quot;i&quot;:4,&quot;start_hour&quot;:&quot;14:00&quot;,&quot;start_HRF&quot;:&quot;Sa,  2. Mai 2026&quot;,&quot;_date&quot;:{&quot;date&quot;:&quot;2026-05-02 17:00:00.000000&quot;,&quot;timezone_type&quot;:3,&quot;timezone&quot;:&quot;Europe\\\/Berlin&quot;},&quot;_fromdate&quot;:&quot;20260502 14:00&quot;,&quot;start_TS&quot;:1777723200,&quot;start_HRFSHORT&quot;:&quot;02.05.26&quot;,&quot;start_HRFSHORT_WD&quot;:&quot;Sa 02.05.2026&quot;,&quot;end_TS&quot;:1777734000,&quot;can_purchase&quot;:false},{&quot;start&quot;:&quot;20260523 14:00&quot;,&quot;end&quot;:&quot;17:00&quot;,&quot;status&quot;:&quot;JOIN&quot;,&quot;info&quot;:&quot;Pins und Anstecker aus dem 3D-Drucker&quot;,&quot;shop&quot;:&quot;&quot;,&quot;i&quot;:5,&quot;start_hour&quot;:&quot;14:00&quot;,&quot;start_HRF&quot;:&quot;Sa, 23. Mai 2026&quot;,&quot;_date&quot;:{&quot;date&quot;:&quot;2026-05-23 17:00:00.000000&quot;,&quot;timezone_type&quot;:3,&quot;timezone&quot;:&quot;Europe\\\/Berlin&quot;},&quot;_fromdate&quot;:&quot;20260523 14:00&quot;,&quot;start_TS&quot;:1779537600,&quot;start_HRFSHORT&quot;:&quot;23.05.26&quot;,&quot;start_HRFSHORT_WD&quot;:&quot;Sa 23.05.2026&quot;,&quot;end_TS&quot;:1779548400,&quot;can_purchase&quot;:false},{&quot;start&quot;:&quot;20260530 14:00&quot;,&quot;end&quot;:&quot;17:00&quot;,&quot;status&quot;:&quot;JOIN&quot;,&quot;info&quot;:&quot;Pins und Anstecker aus dem 3D-Drucker&quot;,&quot;shop&quot;:&quot;&quot;,&quot;i&quot;:6,&quot;start_hour&quot;:&quot;14:00&quot;,&quot;start_HRF&quot;:&quot;Sa, 30. Mai 2026&quot;,&quot;_date&quot;:{&quot;date&quot;:&quot;2026-05-30 17:00:00.000000&quot;,&quot;timezone_type&quot;:3,&quot;timezone&quot;:&quot;Europe\\\/Berlin&quot;},&quot;_fromdate&quot;:&quot;20260530 14:00&quot;,&quot;start_TS&quot;:1780142400,&quot;start_HRFSHORT&quot;:&quot;30.05.26&quot;,&quot;start_HRFSHORT_WD&quot;:&quot;Sa 30.05.2026&quot;,&quot;end_TS&quot;:1780153200,&quot;can_purchase&quot;:false},{&quot;start&quot;:&quot;20260620 14:00&quot;,&quot;end&quot;:&quot;17:00&quot;,&quot;status&quot;:&quot;JOIN&quot;,&quot;info&quot;:&quot;WM-Special: Fan-Trikots selbst gemacht \\u2013 Bitte T-Shirt mitbringen!&quot;,&quot;shop&quot;:&quot;&quot;,&quot;i&quot;:7,&quot;start_hour&quot;:&quot;14:00&quot;,&quot;start_HRF&quot;:&quot;Sa, 20. Juni 2026&quot;,&quot;_date&quot;:{&quot;date&quot;:&quot;2026-06-20 17:00:00.000000&quot;,&quot;timezone_type&quot;:3,&quot;timezone&quot;:&quot;Europe\\\/Berlin&quot;},&quot;_fromdate&quot;:&quot;20260620 14:00&quot;,&quot;start_TS&quot;:1781956800,&quot;start_HRFSHORT&quot;:&quot;20.06.26&quot;,&quot;start_HRFSHORT_WD&quot;:&quot;Sa 20.06.2026&quot;,&quot;end_TS&quot;:1781967600,&quot;can_purchase&quot;:false},{&quot;start&quot;:&quot;20260627 14:00&quot;,&quot;end&quot;:&quot;17:00&quot;,&quot;status&quot;:&quot;JOIN&quot;,&quot;info&quot;:&quot;WM-Special: Fan-Trikots selbst gemacht \\u2013 Bitte T-Shirt mitbringen!&quot;,&quot;shop&quot;:&quot;&quot;,&quot;i&quot;:8,&quot;start_hour&quot;:&quot;14:00&quot;,&quot;start_HRF&quot;:&quot;Sa, 27. Juni 2026&quot;,&quot;_date&quot;:{&quot;date&quot;:&quot;2026-06-27 17:00:00.000000&quot;,&quot;timezone_type&quot;:3,&quot;timezone&quot;:&quot;Europe\\\/Berlin&quot;},&quot;_fromdate&quot;:&quot;20260627 14:00&quot;,&quot;start_TS&quot;:1782561600,&quot;start_HRFSHORT&quot;:&quot;27.06.26&quot;,&quot;start_HRFSHORT_WD&quot;:&quot;Sa 27.06.2026&quot;,&quot;end_TS&quot;:1782572400,&quot;can_purchase&quot;:false}],&quot;planning&quot;:{&quot;price&quot;:&quot;Kostenfrei&quot;,&quot;admission&quot;:&quot;&quot;,&quot;pause&quot;:&quot;&quot;,&quot;duration&quot;:&quot;180&quot;},&quot;subline&quot;:&quot;T\\u00fcfteln und Designen mit Lasercutter, 3D-Drucker &amp; Co.&quot;,&quot;tickettext&quot;:&quot;Bitte buchen Sie Ihr Ticket direkt am Veranstaltungstag bis 13:55 Uhr an der Tageskasse im Foyer.&quot;,&quot;additional_info&quot;:{&quot;icon&quot;:&quot;0&quot;,&quot;text&quot;:&quot;&quot;},&quot;highlight_header&quot;:false,&quot;featured_images&quot;:[116618],&quot;use_video_in_teasers&quot;:false,&quot;hyphenation&quot;:false,&quot;tipp&quot;:false,&quot;joker&quot;:false,&quot;live&quot;:false,&quot;hide_event_in_program&quot;:false,&quot;gomus_id&quot;:&quot;&quot;,&quot;hm_id&quot;:&quot;&quot;,&quot;infotext&quot;:&quot;Die Ticketbuchung im Voraus und im Webshop ist nicht m\\u00f6glich.&quot;},&quot;date&quot;:{&quot;NX&quot;:&quot;20260502&quot;,&quot;NXX&quot;:&quot;202605021400&quot;,&quot;NLAST&quot;:&quot;202606271100&quot;,&quot;from_DATE&quot;:&quot;20260307 14:00&quot;,&quot;from&quot;:1772884800,&quot;to&quot;:1782558000,&quot;to_DATE&quot;:&quot;20260627 14:00&quot;,&quot;from_HRFSHORT&quot;:&quot; 7. M\\u00e4r 2026&quot;,&quot;from_HRFSHORT_WD&quot;:&quot;Sa 07.03.2026&quot;,&quot;to_HRFSHORT&quot;:&quot;27. Jun 2026&quot;,&quot;to_HRFSHORT_WD&quot;:&quot;Sa 27.06.2026&quot;,&quot;from_HRF&quot;:&quot;Sa,  7. M\\u00e4rz 2026&quot;,&quot;to_HRF&quot;:&quot;Sa, 27. Juni 2026&quot;,&quot;from_to_HRF&quot;:&quot;Sa,  7. M\\u00e4rz \\u2013 Sa, 27. Juni 2026&quot;,&quot;from_to_HRFSHORT&quot;:&quot; 7. M\\u00e4r \\u2013 27. Jun 2026&quot;},&quot;alert&quot;:null,&quot;partof&quot;:[],&quot;marketing_topic&quot;:&quot;&quot;}' inline-template>\n\t<a href=\"https:\/\/www.humboldtforum.org\/de\/programm\/termin\/meetup\/make-it-and-take-it-30247\/\" class=\"teaser teaser-event teaser-event-standard\">\n\t\t<div class=\"row\">\n\t\t\t<div class=\"col-xs-12 teaser-event-image\">\n\t\t\t\t<div class=\"teaser-image teaser-image-no-alternate\">\n\t\t\t\t\t\t\t\t\t\t\t\n\t<lazy-media-inline inline-template>\n\t\t<figure itemscope itemtype=\"http:\/\/schema.org\/ImageObject\" class=\"lazy-media-inline \" role=\"group\" id=\"media_69f2c5f7d1599\" aria-labelledby=\"desc_media_69f2c5f7d1599\">\n\t\t\t<script type=\"application\/json\" ref=\"data\">\n\t\t\t\t{\n\t\t\t\t\"sizes\" : {\"medium\":{\"file\":\"SHF_eb00208162-300x200.jpg\",\"width\":300,\"height\":200,\"mime-type\":\"image\\\/jpeg\",\"filesize\":19124},\"large\":{\"file\":\"SHF_eb00208162-1024x682.jpg\",\"width\":1024,\"height\":682,\"mime-type\":\"image\\\/jpeg\",\"filesize\":114321},\"thumbnail\":{\"file\":\"SHF_eb00208162-150x150.jpg\",\"width\":150,\"height\":150,\"mime-type\":\"image\\\/jpeg\",\"filesize\":8337},\"medium_large\":{\"file\":\"SHF_eb00208162-768x512.jpg\",\"width\":768,\"height\":512,\"mime-type\":\"image\\\/jpeg\",\"filesize\":76379},\"small\":{\"file\":\"SHF_eb00208162-440x293.jpg\",\"width\":440,\"height\":293,\"mime-type\":\"image\\\/jpeg\",\"filesize\":34205},\"semi\":{\"file\":\"SHF_eb00208162-580x387.jpg\",\"width\":580,\"height\":387,\"mime-type\":\"image\\\/jpeg\",\"filesize\":51623},\"mobile\":{\"file\":\"SHF_eb00208162-720x480.jpg\",\"width\":720,\"height\":480,\"mime-type\":\"image\\\/jpeg\",\"filesize\":69592},\"original\":{\"file\":\"SHF_eb00208162.jpg\",\"width\":1280,\"height\":853}},\n\t\t\t\t\"alt\" : \"Lasergravurmaschine mit Laptop, auf dem Designs erstellt werden, w\\u00e4hrend die Maschine l\\u00e4uft.\",\n\t\t\t\t\"path\" : \"\\\/wp-content\\\/uploads\\\/2021\\\/08\\\/\",\n\t\t\t\t\"video\" : null,\n\t\t\t\t\"autoplay\" : null,\n\t\t\t\t\"youtube\" : null,\n\t\t\t\t\"youtubelabel\" : \"Video abspielen\",\n\t\t\t\t\"brightness\" : 100,\n\t\t\t\t\"crop\" : {\"top\":\"28.64\",\"left\":\"54.34\"},\n\t\t\t\t\"background\" : true,\n\t\t\t\t\"scale\" : 2\t\t\t\t}\n\t\t\t<\/script>\n\n\t\t\t<div class=\"height-container\" style=\"padding-bottom:66.640625%;\" v-if=\"sizes\">\n\t\t\t\t\t\t\t\t<lazy-media :inline=\"true\" :alt=\"alt\" :sizes=\"sizes\" :scale=\"scale\" :brightness=\"brightness\" :path=\"path\" :video=\"video\" :autoplay=\"autoplay\" :youtube=\"youtube\" :crop=\"crop\" :youtubelabel=\"youtubelabel\" :background=\"background\" media-id=\"desc_media_69f2c5f7d1599\"><\/lazy-media>\n\t\t\t\t\t\t\t<\/div>\n\n\t\t\t\t\t\t\t<figcaption class=\"sr-only\" ref=\"body\" id=\"desc_media_69f2c5f7d1599\">\n\t\t\t\t\t\t\t\t\t\t\t<div>Laser Cutter beim &quot;Let&#039;s Code Again!&quot; Mitmach-Festival im Rahmen der Berlin Code Week im Saal 2<\/div>\n\t\t\t\t\t\t\t\t\t\t\t\t\t\t\t\t\t\t\t\t\t<div class=\"insignificant\">\u00a9 Stiftung Humboldt Forum im Berliner Schloss, Foto: Frank Sperling<\/div>\n\t\t\t\t\t\t\t\t\t<\/figcaption>\n\t\t\t\t\t<\/figure>\n\t<\/lazy-media-inline>\n\t\t\t\t<\/div>\n\t\t\t<\/div>\n\t\t\t<div class=\"col-xs-12 teaser-event-text Infos\">\n\t\t\t\t<div class=\"teaser-event-standard-text\">\n\t\t\t\t\t<div class=\"margin-bottom-atom\">\n\t\t\t\t\t\t<div class=\"subline clamp-1\" v-html=\"maingenre\"><\/div>\n\t\t\t\t\t\t\t\t\t\t\t<\/div>\n\t\t\t\t\n\t\t\t\t\t<strong class=\"margin-bottom-atom\">Make it and take it!<\/strong>\n\n\t\t\t\t\t\t\t\t\t\t\t<div class=\"\">T\u00fcfteln und Designen mit Lasercutter, 3D-Drucker &amp; Co.<\/div>\n\t\t\t\t\t\t\t\t\t<\/div>\n\t\t\t\t<div class=\"teaser-bottom border-bottom\">\n\t\t\t\t<calendardateline :rawitem='item' :show-icon=\"true\"><\/calendardateline>\n\t\t\t\t\t<hr>\n\t\t\t\t<\/div>\n\t\t\t<\/div>\n\t\t<\/div>\n\t<\/a>\n\t<\/calendarteaser>\n<\/li>\n\n\t\t\t\t\t\t<\/ul>\n\t\t\t\t\t<\/div>\n\t\t\t\t<\/div>\n\t\t\t<\/teaser-lane-with-buttons>\n\t\t\t\t<\/lazy-component>\n<\/section>\n\n\n\n\n\n<section class=\"block block-teaser col-3 \" style=\"\">\n\t\t\t\t\t\t<div class=\"container-fluid\">\n\t\t\t\t\t\t\t\t\t<div class=\"row\">\n\t\t\t\t\t\t<div class=\"col-xs-12\">\n\t\t\t\t\t\t\t<h3 class=\"h4 topline\">Organisatorische Hinweise<\/h4>\n\t\t\t\t\t\t<\/div>\n\t\t\t\t\t<\/div>\n\t\t\t\t\t\t\t\t<ul class=\"row\">\n\n\t\t\t\t<li class=\"col-xs-12 col-md-4 col-padding-remove teaser-wrapper\">\n\t<div class=\"box\">\n\t\t<div class=\"teaser teaser-info\">\n\t\t\t<div class=\"box teaser-info-box\">\n\t\t\t\t<div>\n\t\t\t\t\t\t\t\t\t\t\t<div class=\"teaser-info-image\">\n\t\t\t\t\t\t\t<img decoding=\"async\" class=\"teaser-inline-svg\" alt=\"Piktogramm Treffpunkt &#038; Uhrzeit\" src=\"https:\/\/www.humboldtforum.org\/wp-content\/uploads\/2021\/06\/Meetingpoint.svg\">\n\t\t\t\t\t\t<\/div>\n\t\t\t\t\t\t\t\t\t\t<div class=\"teaser-header h6\">Treffpunkt &#038; Uhrzeit<\/div>\n\t\t\t\t\t<div class=\"teaser-info-copy Teaser-copy\"><p>Den Treffpunkt f\u00fcr F\u00fchrungen und den Ort f\u00fcr Workshops finden Sie auf Ihrer Buchungsbest\u00e4tigung. Damit die F\u00fchrung p\u00fcnktlich beginnen kann, bitten wir Sie, 15 Minuten vor Programmbeginn im Humboldt Forum einzutreffen. Ber\u00fccksichtigen Sie bitte unbedingt diese zus\u00e4tzliche Viertelstunde bei Ihrer Planung. Vielen Dank!<\/p>\n<\/div>\n\t\t\t\t<\/div>\n\t\t\t\t\n\t\t\t\t\t\t\t<\/div>\n\t\t<\/div>\n\t<\/div>\n<\/li>\t\t\t\t<\/ul>\n\t\t\t<\/div>\n\t\t\t<\/section>","protected":false},"template":"","genre":[821],"digital":[],"topic":[],"stakeholder":[409],"editorial":[],"editorialfilter":[],"targetgroup":[383],"language":[384,385],"accessability":[430],"age":[],"school":[],"groupsize":[1059],"place":[],"class_list":["post-42197","event","type-event","status-publish","hentry","genre-fuehrung","stakeholder-humboldt-universitaet-zu-berlin","targetgroup-erwachsene","language-deutsch","language-englisch","accessability-rollstuhlgerecht","groupsize-max-15-personen"],"acf":[],"_links":{"self":[{"href":"https:\/\/www.humboldtforum.org\/de\/wp-json\/wp\/v2\/event\/42197","targetHints":{"allow":["GET"]}}],"collection":[{"href":"https:\/\/www.humboldtforum.org\/de\/wp-json\/wp\/v2\/event"}],"about":[{"href":"https:\/\/www.humboldtforum.org\/de\/wp-json\/wp\/v2\/types\/event"}],"version-history":[{"count":0,"href":"https:\/\/www.humboldtforum.org\/de\/wp-json\/wp\/v2\/event\/42197\/revisions"}],"wp:attachment":[{"href":"https:\/\/www.humboldtforum.org\/de\/wp-json\/wp\/v2\/media?parent=42197"}],"wp:term":[{"taxonomy":"genre","embeddable":true,"href":"https:\/\/www.humboldtforum.org\/de\/wp-json\/wp\/v2\/genre?post=42197"},{"taxonomy":"digital","embeddable":true,"href":"https:\/\/www.humboldtforum.org\/de\/wp-json\/wp\/v2\/digital?post=42197"},{"taxonomy":"topic","embeddable":true,"href":"https:\/\/www.humboldtforum.org\/de\/wp-json\/wp\/v2\/topic?post=42197"},{"taxonomy":"stakeholder","embeddable":true,"href":"https:\/\/www.humboldtforum.org\/de\/wp-json\/wp\/v2\/stakeholder?post=42197"},{"taxonomy":"editorial","embeddable":true,"href":"https:\/\/www.humboldtforum.org\/de\/wp-json\/wp\/v2\/editorial?post=42197"},{"taxonomy":"editorialfilter","embeddable":true,"href":"https:\/\/www.humboldtforum.org\/de\/wp-json\/wp\/v2\/editorialfilter?post=42197"},{"taxonomy":"targetgroup","embeddable":true,"href":"https:\/\/www.humboldtforum.org\/de\/wp-json\/wp\/v2\/targetgroup?post=42197"},{"taxonomy":"language","embeddable":true,"href":"https:\/\/www.humboldtforum.org\/de\/wp-json\/wp\/v2\/language?post=42197"},{"taxonomy":"accessability","embeddable":true,"href":"https:\/\/www.humboldtforum.org\/de\/wp-json\/wp\/v2\/accessability?post=42197"},{"taxonomy":"age","embeddable":true,"href":"https:\/\/www.humboldtforum.org\/de\/wp-json\/wp\/v2\/age?post=42197"},{"taxonomy":"school","embeddable":true,"href":"https:\/\/www.humboldtforum.org\/de\/wp-json\/wp\/v2\/school?post=42197"},{"taxonomy":"groupsize","embeddable":true,"href":"https:\/\/www.humboldtforum.org\/de\/wp-json\/wp\/v2\/groupsize?post=42197"},{"taxonomy":"place","embeddable":true,"href":"https:\/\/www.humboldtforum.org\/de\/wp-json\/wp\/v2\/place?post=42197"}],"curies":[{"name":"wp","href":"https:\/\/api.w.org\/{rel}","templated":true}]}}