{"id":42433,"date":"2022-04-27T11:45:41","date_gmt":"2022-04-27T09:45:41","guid":{"rendered":"https:\/\/www.humboldtforum.org\/?post_type=event&#038;p=42433"},"modified":"2022-08-01T16:40:18","modified_gmt":"2022-08-01T14:40:18","slug":"was-haben-unsere-sprache-und-unser-kleiderschrank-gemeinsam","status":"publish","type":"event","link":"https:\/\/www.humboldtforum.org\/de\/programm\/termin\/drop-in\/was-haben-unsere-sprache-und-unser-kleiderschrank-gemeinsam-42433\/","title":{"rendered":"Was haben unsere Sprache und unser Kleiderschrank gemeinsam?"},"content":{"rendered":"<section class=\"block block-copy block-no-margin\" >\n    <div class=\"container-fluid\">\n\t\t<div class=\"row \">\n            <div class=\"col-xs-12 col-md-offset-2 col-md-8\">\n                <div class=\"box\">\n                    <div class=\"copy\"><p>Stellen Sie sich vor, Sie haben einen wichtigen Termin bei Ihrer Bank. Was ziehen Sie an? Bademantel \u00fcber der Jogginghose? Nein, das w\u00e4re zu informell? Cocktaildress oder Zylinder? Auch nicht?<\/p>\n<p>Wir alle haben ein Repertoire an Kleidung und w\u00e4hlen daraus je nach Anlass aus: Zu verschiedenen Situation passen unterschiedliche Outfits. Genauso machen wir das auch in unserem Sprachgebrauch: Auch sprachlich passen wir uns der Situation an und w\u00e4hlen aus unserem Sprachrepertoire je nach Situation informellere oder formellere Versionen, sogenannte \u201esprachliche Register\u201c. Dabei ver\u00e4ndern wir nicht nur unsere Wortwahl, sondern auch die Grammatik.<\/p>\n<p>Studien haben gezeigt, dass informeller Sprachgebrauch h\u00e4ufig abgewertet wird: Viele Menschen stellen sich jemanden zum Beispiel als weniger intelligent und beruflich erfolgreich vor, wenn die- oder derjenige ein informelles Register verwendet \u2013 etwa Kiezdeutsch, Berlinisch oder eine andere umgangssprachliche Variante.<\/p>\n<p><strong>In der Reihe \u201eMeet the Scientist\u201d sprechen Heike\u00a0<span class=\"w-term-highlight\">Wiese<\/span>\u00a0und Oliver Bunk \u00fcber sprachliche Repertoires und die Wahrnehmung unterschiedlicher Register. Sie zeigen, wie unser erster Eindruck von einer Sprecherin oder einem Sprecher uns in die Irre f\u00fchren kann.<\/strong><\/p>\n<p>&nbsp;<\/p>\n<\/div>\n                <\/div>\n            <\/div>\n\t\t<\/div>\n\t\t    <\/div>\n<\/section>\n\n<section class=\"block block-headline block-no-margin \" >\n\t<div class=\"container-fluid\">\n\t\t<div class=\"row\">\n\t\t\t\t\t\t\t<div class=\"col-xs-12 col-md-offset-2 col-md-8\">\n\t\t\t\t\t<div class=\"box\">\n\t\t\t\t\t\t<h2 class=\".h4\">VORTRAGENDE<\/h2>\n\t\t\t\t\t<\/div>\n\t\t\t\t<\/div>\n\t\t\t\t\t<\/div>\n\t<\/div>\n<\/section>\n\n\n\n\n\n<section class=\"block block-accordion\">\n\t<div class=\"container-fluid\">\n\t\t<div class=\"row\">\n\t\t\t<div class=\"col-xs-12 col-md-offset-2 col-md-8\">\n\t\t\t\t<div class=\"box\">\n\t\t\t\t\t\t\t\t\t\t\t<block-accordion inline-template>\n\t\t\t\t\t\t\t<div class=\"accordion\">\n\t\t\t\t\t\t\t\t\t\t\t\t\t\t\t<block-accordion-item inline-template item-headline=\"Heike Wiese\">\n\t\t\t\t\t\t\t\t<div ref=\"item\" data-id=\"HeikeWiese\" class=\"block-accordion-item vue-initialize\" aria-expanded=\"false\" :aria-expanded=\"active ? 'true' : 'false'\">\n\t\t\t\t\t\t\t\t\t<button class=\"accordion-button-with-icon block-accordion-item-head\" :class=\"{'button-active': active}\" ref=\"head\" aria-controls=\"acc_69f2af60b7b70\" id=\"acc_title_69f2af60b7b72\" @click=\"toggle\" @keydown=\"key\">\n\t\t\t\t\t\t\t\t\t<div><span class=\"button-label\">Heike Wiese<\/span><\/div><span class=\"button-icon icon-plus\" aria-hidden=\"true\"><\/span>\n\t\t\t\t\t\t\t\t<\/button>\n\t\t\t\t\t\t\t\t\t<div ref=\"body\" class=\"block-accordion-item-content\" id=\"acc_69f2af60b7b70\" role=\"region\">\n\t\t\t\t\t\t\t\t\t\t<div class=\"wrapper copy\">\n\t\t\t\t\t\t\t\t\t\t\t<p>Heike\u00a0<span class=\"w-term-highlight\">Wiese<\/span>\u00a0ist Professorin f\u00fcr Deutsch in multilingualen Kontexten an der\u00a0Humboldt-Universit\u00e4t zu Berlin. In verschiedenen Projekten erforscht sie die Dynamik des Deutschen in mehrsprachigen Kontexten von Berlin bis Windhoek. Ihr 2012 erschienenes Buch zu Kiezdeutsch sch\u00e4rfte das Bewusstsein f\u00fcr neue Dialekte und Sprachvariation au\u00dferhalb des Standarddeutschen; 2020 ver\u00f6ffentlichte sie gemeinsam mit Kolleginnen das Duden-Debattenbuch \u201eDeutschpflicht auf dem Schulhof? Warum wir Mehrsprachigkeit brauchen\u201c.<\/p>\n\n\t\t\t\t\t\t\t\t\t\t\t\t\t\t\t\t\t\t\t\t\t\t\t\t\t\t\t\t\t\t\t\t\t\n\t\t\t\t\t\t\t\t\t\t\t<div class=\"row\">\n\t\t\t\t\t\t\t\t\t\t\t\t<div class=\"col-xs-9 col-md-9\">\n\t\t\t\t\t\t\t\t\t\t\t\t\t<div class=\"box\">\n\t\t\t\t\t\t\t\t\t\t\t\t\t\t\n\t<lazy-media-inline inline-template>\n\t\t<figure itemscope itemtype=\"http:\/\/schema.org\/ImageObject\" class=\"lazy-media-inline \" role=\"group\" id=\"media_69f2af60b81db\" aria-labelledby=\"desc_media_69f2af60b81db\">\n\t\t\t<script type=\"application\/json\" ref=\"data\">\n\t\t\t\t{\n\t\t\t\t\"sizes\" : {\"medium\":{\"file\":\"FotoHW-233x300.jpg\",\"width\":233,\"height\":300,\"mime-type\":\"image\\\/jpeg\"},\"large\":{\"file\":\"FotoHW-795x1024.jpg\",\"width\":795,\"height\":1024,\"mime-type\":\"image\\\/jpeg\"},\"thumbnail\":{\"file\":\"FotoHW-150x150.jpg\",\"width\":150,\"height\":150,\"mime-type\":\"image\\\/jpeg\"},\"medium_large\":{\"file\":\"FotoHW-768x989.jpg\",\"width\":768,\"height\":989,\"mime-type\":\"image\\\/jpeg\"},\"small\":{\"file\":\"FotoHW-342x440.jpg\",\"width\":342,\"height\":440,\"mime-type\":\"image\\\/jpeg\"},\"semi\":{\"file\":\"FotoHW-450x580.jpg\",\"width\":450,\"height\":580,\"mime-type\":\"image\\\/jpeg\"},\"mobile\":{\"file\":\"FotoHW-559x720.jpg\",\"width\":559,\"height\":720,\"mime-type\":\"image\\\/jpeg\"},\"hd\":{\"file\":\"FotoHW-994x1280.jpg\",\"width\":994,\"height\":1280,\"mime-type\":\"image\\\/jpeg\"},\"full\":{\"file\":\"FotoHW-1491x1920.jpg\",\"width\":1491,\"height\":1920,\"mime-type\":\"image\\\/jpeg\"},\"1536x1536\":{\"file\":\"FotoHW-1193x1536.jpg\",\"width\":1193,\"height\":1536,\"mime-type\":\"image\\\/jpeg\"},\"2048x2048\":{\"file\":\"FotoHW-1591x2048.jpg\",\"width\":1591,\"height\":2048,\"mime-type\":\"image\\\/jpeg\"},\"original\":{\"file\":\"FotoHW.jpg\",\"width\":2873,\"height\":3699}},\n\t\t\t\t\"alt\" : \"L\\u00e4chelnde Person mit kurzem Haar sitzend auf einer Bank vor einer begr\\u00fcnten Wand mit bunten Mustern.\",\n\t\t\t\t\"path\" : \"\\\/wp-content\\\/uploads\\\/2022\\\/04\\\/\",\n\t\t\t\t\"video\" : null,\n\t\t\t\t\"autoplay\" : null,\n\t\t\t\t\"youtube\" : null,\n\t\t\t\t\"youtubelabel\" : \"Video abspielen\",\n\t\t\t\t\"brightness\" : 100,\n\t\t\t\t\"crop\" : null,\n\t\t\t\t\"background\" : false,\n\t\t\t\t\"scale\" : 1\t\t\t\t}\n\t\t\t<\/script>\n\n\t\t\t<div class=\"height-container\" style=\"padding-bottom:128.75043508528%;\" v-if=\"sizes\">\n\t\t\t\t\t\t\t\t<lazy-media :inline=\"true\" :alt=\"alt\" :sizes=\"sizes\" :scale=\"scale\" :brightness=\"brightness\" :path=\"path\" :video=\"video\" :autoplay=\"autoplay\" :youtube=\"youtube\" :crop=\"crop\" :youtubelabel=\"youtubelabel\" :background=\"background\" media-id=\"desc_media_69f2af60b81db\"><\/lazy-media>\n\t\t\t\t\t\t\t<\/div>\n\n\t\t\t\t\t\t\t<figcaption class=\"\" id=\"desc_media_69f2af60b81db\">\n\t\t\t\t\t<div class=\"lazy-media-info-body-content\">\n\t\t\t\t\t\t\t\t\t\t\t\t\t\t\t\t\t\t\t\t\t\t\t\t\t<div class=\"insignificant\">\u00a9 Inya Stewart-Wiese<\/div>\n\t\t\t\t\t\t\t\t\t\t\t<\/div>\n\t\t\t\t<\/figcaption>\n\t\t\t\t\t\t\t\t\t<\/figure>\n\t<\/lazy-media-inline>\n\t\t\t\t\t\t\t\t\t\t\t\t\t<\/div>\n\t\t\t\t\t\t\t\t\t\t\t\t<\/div>\n\t\t\t\t\t\t\t\t\t\t\t<\/div>\n\n\t\t\t\t\t\t\t\t\t\t\t\t\t\t\t\t\t\t\t\t\t<\/div>\n\t\t\t\t\t\t\t\t\t<\/div>\n\t\t\t\t\t\t\t\t<\/div>\n\t\t\t\t\t\t\t\t<\/block-accordion-item>\n\t\t\t\t\t\t\t\t\t\t\t\t\t\t<block-accordion-item inline-template item-headline=\"Oliver Bunk\">\n\t\t\t\t\t\t\t\t<div ref=\"item\" data-id=\"OliverBunk\" class=\"block-accordion-item vue-initialize\" aria-expanded=\"false\" :aria-expanded=\"active ? 'true' : 'false'\">\n\t\t\t\t\t\t\t\t\t<button class=\"accordion-button-with-icon block-accordion-item-head\" :class=\"{'button-active': active}\" ref=\"head\" aria-controls=\"acc_69f2af60b8440\" id=\"acc_title_69f2af60b8441\" @click=\"toggle\" @keydown=\"key\">\n\t\t\t\t\t\t\t\t\t<div><span class=\"button-label\">Oliver Bunk<\/span><\/div><span class=\"button-icon icon-plus\" aria-hidden=\"true\"><\/span>\n\t\t\t\t\t\t\t\t<\/button>\n\t\t\t\t\t\t\t\t\t<div ref=\"body\" class=\"block-accordion-item-content\" id=\"acc_69f2af60b8440\" role=\"region\">\n\t\t\t\t\t\t\t\t\t\t<div class=\"wrapper copy\">\n\t\t\t\t\t\t\t\t\t\t\t<p>Oliver Bunk ist Postdoktorand am Lehrstuhl f\u00fcr Deutsch in multilingualen Kontexten an der Humboldt-Universit\u00e4t zu Berlin. Er erforscht sprachliche Variation in ein- und mehrsprachigen Kontexten und die Auswirkungen, die Spracheinstellungen und Ideologien auf das Deutsche und dessen Sprecher*innen haben.<\/p>\n\n\t\t\t\t\t\t\t\t\t\t\t\t\t\t\t\t\t\t\t\t\t\t\t\t\t\t\t\t\t\t\t\t\t\n\t\t\t\t\t\t\t\t\t\t\t<div class=\"row\">\n\t\t\t\t\t\t\t\t\t\t\t\t<div class=\"col-xs-9 col-md-9\">\n\t\t\t\t\t\t\t\t\t\t\t\t\t<div class=\"box\">\n\t\t\t\t\t\t\t\t\t\t\t\t\t\t\t\t\t\t\t\t\t\t\t\t\t\t\t<\/div>\n\t\t\t\t\t\t\t\t\t\t\t\t<\/div>\n\t\t\t\t\t\t\t\t\t\t\t<\/div>\n\n\t\t\t\t\t\t\t\t\t\t\t\t\t\t\t\t\t\t\t\t\t<\/div>\n\t\t\t\t\t\t\t\t\t<\/div>\n\t\t\t\t\t\t\t\t<\/div>\n\t\t\t\t\t\t\t\t<\/block-accordion-item>\n\t\t\t\t\t\t\t\t\t\t\t\t\t<\/div>\n\t\t\t\t\t\t<\/block-accordion>\n\t\t\t\t\t\t\t\t\t<\/div>\n\t\t\t<\/div>\n\t\t<\/div>\n\t<\/div>\n<\/section>\n\n\n<section class=\"block block-teaser col-1 has-bg\" style=\"--teaser-bg:#f2f2f2\">\n\t<lazy-component :fixed-min-height=\"400\">\n\t\n\t\t\t\t\t<div class=\"container-fluid\">\n\t\t\t\t<div class=\"row bottom-xs\">\n\t\t\t\t\t<div class=\"col-xs-12 col-sm-10 col-md-8 col-sm-offset-1 col-md-offset-2\">\n\t\t\t\t\t\t<h4>Geh\u00f6rt zu<\/h4>\t\t\t\t\t\t\t\t\t\t\t\t\t\t\t\t\t\t\t<\/div>\n\t\t\t\t\t<div class=\"col-xs-12 col-sm-10 col-md-8 col-sm-offset-1 col-md-offset-2 start-xs end-md margin-bottom-sixth\">\n\t\t\t\t\t\t\t\t\t\t\t<\/div>\n\t\t\t\t<\/div>\n\t\t\t\t<ul class=\"row\">\n\t\t\t\n<li class=\"col-xs-12 teaser-wrapper col-padding-remove\">\n\t<calendarteaser key=\"339387857\" rawitem='{&quot;postId&quot;:33938,&quot;title&quot;:&quot;Meet the Scientist&quot;,&quot;excerpt&quot;:&quot;&quot;,&quot;slug&quot;:&quot;meet-the-scientist&quot;,&quot;type&quot;:&quot;event-sequence&quot;,&quot;post_date&quot;:&quot;2021-10-08T15:36&quot;,&quot;permalink&quot;:&quot;https:\\\/\\\/www.humboldtforum.org\\\/de\\\/programm\\\/event-reihe\\\/wissenschaft\\\/meet-the-scientist-33938\\\/&quot;,&quot;genre&quot;:[564],&quot;genre_details&quot;:[{&quot;text&quot;:&quot;Wissenschaft&quot;,&quot;id&quot;:564,&quot;icon&quot;:null,&quot;parent&quot;:0}],&quot;stakeholder&quot;:[409],&quot;stakeholder_details&quot;:[{&quot;text&quot;:&quot;Humboldt-Universit\\u00e4t zu Berlin&quot;,&quot;id&quot;:409,&quot;icon&quot;:null,&quot;parent&quot;:0}],&quot;targetgroup&quot;:[383],&quot;targetgroup_details&quot;:[{&quot;text&quot;:&quot;Erwachsene&quot;,&quot;id&quot;:383,&quot;icon&quot;:null,&quot;parent&quot;:0}],&quot;language&quot;:[384,385],&quot;language_details&quot;:[{&quot;text&quot;:&quot;Deutsch&quot;,&quot;id&quot;:384,&quot;icon&quot;:null,&quot;parent&quot;:0},{&quot;text&quot;:&quot;Englisch&quot;,&quot;id&quot;:385,&quot;icon&quot;:null,&quot;parent&quot;:0}],&quot;place&quot;:[413],&quot;place_details&quot;:{&quot;place&quot;:&quot;Humboldt Forum&quot;,&quot;map&quot;:&quot;Humboldt Forum, Schlossplatz, Berlin&quot;,&quot;room&quot;:&quot;Humboldt Labor, 1. OG&quot;},&quot;icon_overwrite&quot;:&quot;&quot;,&quot;acf&quot;:{&quot;noindex&quot;:false,&quot;keywords&quot;:&quot;&quot;,&quot;belongsto&quot;:[148667],&quot;shorturl&quot;:&quot;&quot;,&quot;subline&quot;:&quot;Wissenschaft im Dialog&quot;,&quot;marketing_text&quot;:&quot;Wissenschaft im Dialog&quot;,&quot;tickettext&quot;:&quot;kostenfrei&quot;,&quot;additional_info&quot;:{&quot;icon&quot;:&quot;0&quot;,&quot;text&quot;:&quot;&quot;},&quot;highlight_header&quot;:false,&quot;featured_images&quot;:[158152],&quot;use_video_in_teasers&quot;:false,&quot;hyphenation&quot;:true,&quot;manual_period&quot;:false,&quot;tipp&quot;:false,&quot;joker&quot;:false,&quot;live&quot;:false,&quot;overwrite_date&quot;:&quot;Veranstaltungsreihe&quot;,&quot;hide_event_in_program&quot;:false,&quot;announcement&quot;:&quot;Veranstaltungsreihe&quot;,&quot;events&quot;:[159093]},&quot;date&quot;:{&quot;NLAST&quot;:&quot;202603211500&quot;,&quot;NX&quot;:null,&quot;NXX&quot;:null,&quot;from_DATE&quot;:&quot;20260321 15:00&quot;,&quot;from&quot;:1774098000,&quot;to&quot;:1774098000,&quot;to_DATE&quot;:&quot;20260321 15:00&quot;,&quot;from_HRFSHORT&quot;:&quot;21. M\\u00e4r 2026&quot;,&quot;from_HRFSHORT_WD&quot;:&quot;Sa 21.03.2026&quot;,&quot;to_HRFSHORT&quot;:&quot;21. M\\u00e4r 2026&quot;,&quot;to_HRFSHORT_WD&quot;:&quot;Sa 21.03.2026&quot;,&quot;from_HRF&quot;:&quot;Sa, 21. M\\u00e4rz 2026&quot;,&quot;to_HRF&quot;:&quot;Sa, 21. M\\u00e4rz 2026&quot;,&quot;from_to_HRF&quot;:&quot;Sa, 21. M\\u00e4rz \\u2013 Sa, 21. M\\u00e4rz 2026&quot;,&quot;from_to_HRFSHORT&quot;:&quot;21. M\\u00e4r \\u2013 21. M\\u00e4r 2026&quot;},&quot;alert&quot;:null,&quot;partof&quot;:[],&quot;marketing_topic&quot;:&quot;&quot;}' inline-template>\n\t<a href=\"https:\/\/www.humboldtforum.org\/de\/programm\/event-reihe\/wissenschaft\/meet-the-scientist-33938\/\" class=\"teaser teaser-event-sequence teaser-event-standard\">\n\t\t<div class=\"row\">\n\t\t\t<div class=\"col-xs-12 col-sm-6 col-md-5 col-sm-offset-1 col-md-offset-2 first-sm teaser-event-text Infos\">\n\t\t\t\t<div class=\"teaser-event-standard-text\">\n\t\t\t\t\t<div class=\"margin-bottom-atom\">\n\t\t\t\t\t\t<div class=\"subline clamp-1\" v-html=\"maingenre\"><\/div>\n\t\t\t\t\t\t\t\t\t\t\t<\/div>\n\t\t\t\t\n\t\t\t\t\t<strong class=\"margin-bottom-atom h5\">Meet the Scientist<\/strong>\n\n\t\t\t\t\t\t\t\t\t\t\t<div class=\"\">Wissenschaft im Dialog<\/div>\n\t\t\t\t\t\t\t\t\t<\/div>\n\t\t\t\t<div class=\"teaser-bottom border-bottom\">\n\t\t\t\t<calendardateline :rawitem='item' :show-icon=\"true\"><\/calendardateline>\n\t\t\t\t\t<hr>\n\t\t\t\t<\/div>\n\t\t\t<\/div>\n\t\t\t<div class=\"col-xs-12 col-sm-4 col-md-3 teaser-event-image bottom-xs first-xs\">\n\t\t\t\t<div class=\"teaser-image teaser-image-no-alternate\">\n\t\t\t\t\t\t\t\t\t\t\t\n\t<lazy-media-inline inline-template>\n\t\t<figure itemscope itemtype=\"http:\/\/schema.org\/ImageObject\" class=\"lazy-media-inline \" role=\"group\" id=\"media_69f2af60cc364\" aria-labelledby=\"desc_media_69f2af60cc364\">\n\t\t\t<script type=\"application\/json\" ref=\"data\">\n\t\t\t\t{\n\t\t\t\t\"sizes\" : {\"medium\":{\"file\":\"SHF_eb00260184-300x200.jpg\",\"width\":300,\"height\":200,\"mime-type\":\"image\\\/jpeg\",\"filesize\":14295},\"large\":{\"file\":\"SHF_eb00260184-1024x683.jpg\",\"width\":1024,\"height\":683,\"mime-type\":\"image\\\/jpeg\",\"filesize\":98206},\"thumbnail\":{\"file\":\"SHF_eb00260184-150x150.jpg\",\"width\":150,\"height\":150,\"mime-type\":\"image\\\/jpeg\",\"filesize\":6787},\"medium_large\":{\"file\":\"SHF_eb00260184-768x512.jpg\",\"width\":768,\"height\":512,\"mime-type\":\"image\\\/jpeg\",\"filesize\":61426},\"small\":{\"file\":\"SHF_eb00260184-440x293.jpg\",\"width\":440,\"height\":293,\"mime-type\":\"image\\\/jpeg\",\"filesize\":26202},\"semi\":{\"file\":\"SHF_eb00260184-580x387.jpg\",\"width\":580,\"height\":387,\"mime-type\":\"image\\\/jpeg\",\"filesize\":40299},\"mobile\":{\"file\":\"SHF_eb00260184-720x480.jpg\",\"width\":720,\"height\":480,\"mime-type\":\"image\\\/jpeg\",\"filesize\":55897},\"hd\":{\"file\":\"SHF_eb00260184-1280x854.jpg\",\"width\":1280,\"height\":854,\"mime-type\":\"image\\\/jpeg\",\"filesize\":141356},\"full\":{\"file\":\"SHF_eb00260184-1920x1281.jpg\",\"width\":1920,\"height\":1281,\"mime-type\":\"image\\\/jpeg\",\"filesize\":288838},\"1536x1536\":{\"file\":\"SHF_eb00260184-1536x1024.jpg\",\"width\":1536,\"height\":1024,\"mime-type\":\"image\\\/jpeg\",\"filesize\":192371},\"2048x2048\":{\"file\":\"SHF_eb00260184-2048x1366.jpg\",\"width\":2048,\"height\":1366,\"mime-type\":\"image\\\/jpeg\",\"filesize\":325311},\"original\":{\"file\":\"SHF_eb00260184.jpg\",\"width\":3543,\"height\":2363}},\n\t\t\t\t\"alt\" : \"Ein Referent pr\\u00e4sentiert ein Bild in einem modernen Raum, w\\u00e4hrend das Publikum gespannt zuschaut.\",\n\t\t\t\t\"path\" : \"\\\/wp-content\\\/uploads\\\/2021\\\/10\\\/\",\n\t\t\t\t\"video\" : null,\n\t\t\t\t\"autoplay\" : null,\n\t\t\t\t\"youtube\" : null,\n\t\t\t\t\"youtubelabel\" : \"Video abspielen\",\n\t\t\t\t\"brightness\" : 100,\n\t\t\t\t\"crop\" : {\"top\":\"50.01\",\"left\":\"38.42\"},\n\t\t\t\t\"background\" : true,\n\t\t\t\t\"scale\" : 2\t\t\t\t}\n\t\t\t<\/script>\n\n\t\t\t<div class=\"height-container\" style=\"padding-bottom:66.694891335027%;\" v-if=\"sizes\">\n\t\t\t\t\t\t\t\t<lazy-media :inline=\"true\" :alt=\"alt\" :sizes=\"sizes\" :scale=\"scale\" :brightness=\"brightness\" :path=\"path\" :video=\"video\" :autoplay=\"autoplay\" :youtube=\"youtube\" :crop=\"crop\" :youtubelabel=\"youtubelabel\" :background=\"background\" media-id=\"desc_media_69f2af60cc364\"><\/lazy-media>\n\t\t\t\t\t\t\t<\/div>\n\n\t\t\t\t\t\t\t<figcaption class=\"sr-only\" ref=\"body\" id=\"desc_media_69f2af60cc364\">\n\t\t\t\t\t\t\t\t\t\t\t\t\t\t\t\t<div>Vortrag von Ignacio Far&iacute;as, Professor f&uuml;r Urbane Anthropologie, w&auml;hrend einer &quot;Meet The Scientist&quot; Veranstaltung zur Er&ouml;ffnung der Ausstellung &quot;On Water. Wasserwissen in Berlin&quot; <\/div>\n\t\t\t\t\t\t\t\t\t\t\t\t\t\t\t\t<div class=\"insignificant\">\u00a9 Humboldt-Universit\u00e4t zu Berlin, Foto: Philipp Plum<\/div>\n\t\t\t\t\t\t\t\t\t<\/figcaption>\n\t\t\t\t\t<\/figure>\n\t<\/lazy-media-inline>\n\t\t\t\t<\/div>\n\t\t\t<\/div>\n\t\t<\/div>\n\t<\/a>\n\t<\/calendarteaser>\n<\/li>\n\n\t\t\t\t<\/ul>\n\t\t\t<\/div>\n\t\t\t\t<\/lazy-component>\n<\/section>\n\n","protected":false},"template":"","genre":[839,564],"digital":[],"topic":[],"stakeholder":[409],"editorial":[],"editorialfilter":[],"targetgroup":[383],"language":[384],"accessability":[],"age":[451],"school":[],"groupsize":[1049],"place":[413],"class_list":["post-42433","event","type-event","status-publish","has-post-thumbnail","hentry","genre-drop-in","genre-wissenschaft","stakeholder-humboldt-universitaet-zu-berlin","targetgroup-erwachsene","language-deutsch","age-ab-14-jahre","groupsize-max-25-personen","place-humboldt-labor-1-og"],"acf":[],"_links":{"self":[{"href":"https:\/\/www.humboldtforum.org\/de\/wp-json\/wp\/v2\/event\/42433","targetHints":{"allow":["GET"]}}],"collection":[{"href":"https:\/\/www.humboldtforum.org\/de\/wp-json\/wp\/v2\/event"}],"about":[{"href":"https:\/\/www.humboldtforum.org\/de\/wp-json\/wp\/v2\/types\/event"}],"version-history":[{"count":1,"href":"https:\/\/www.humboldtforum.org\/de\/wp-json\/wp\/v2\/event\/42433\/revisions"}],"predecessor-version":[{"id":46743,"href":"https:\/\/www.humboldtforum.org\/de\/wp-json\/wp\/v2\/event\/42433\/revisions\/46743"}],"wp:featuredmedia":[{"embeddable":true,"href":"https:\/\/www.humboldtforum.org\/de\/wp-json\/wp\/v2\/media\/42436"}],"wp:attachment":[{"href":"https:\/\/www.humboldtforum.org\/de\/wp-json\/wp\/v2\/media?parent=42433"}],"wp:term":[{"taxonomy":"genre","embeddable":true,"href":"https:\/\/www.humboldtforum.org\/de\/wp-json\/wp\/v2\/genre?post=42433"},{"taxonomy":"digital","embeddable":true,"href":"https:\/\/www.humboldtforum.org\/de\/wp-json\/wp\/v2\/digital?post=42433"},{"taxonomy":"topic","embeddable":true,"href":"https:\/\/www.humboldtforum.org\/de\/wp-json\/wp\/v2\/topic?post=42433"},{"taxonomy":"stakeholder","embeddable":true,"href":"https:\/\/www.humboldtforum.org\/de\/wp-json\/wp\/v2\/stakeholder?post=42433"},{"taxonomy":"editorial","embeddable":true,"href":"https:\/\/www.humboldtforum.org\/de\/wp-json\/wp\/v2\/editorial?post=42433"},{"taxonomy":"editorialfilter","embeddable":true,"href":"https:\/\/www.humboldtforum.org\/de\/wp-json\/wp\/v2\/editorialfilter?post=42433"},{"taxonomy":"targetgroup","embeddable":true,"href":"https:\/\/www.humboldtforum.org\/de\/wp-json\/wp\/v2\/targetgroup?post=42433"},{"taxonomy":"language","embeddable":true,"href":"https:\/\/www.humboldtforum.org\/de\/wp-json\/wp\/v2\/language?post=42433"},{"taxonomy":"accessability","embeddable":true,"href":"https:\/\/www.humboldtforum.org\/de\/wp-json\/wp\/v2\/accessability?post=42433"},{"taxonomy":"age","embeddable":true,"href":"https:\/\/www.humboldtforum.org\/de\/wp-json\/wp\/v2\/age?post=42433"},{"taxonomy":"school","embeddable":true,"href":"https:\/\/www.humboldtforum.org\/de\/wp-json\/wp\/v2\/school?post=42433"},{"taxonomy":"groupsize","embeddable":true,"href":"https:\/\/www.humboldtforum.org\/de\/wp-json\/wp\/v2\/groupsize?post=42433"},{"taxonomy":"place","embeddable":true,"href":"https:\/\/www.humboldtforum.org\/de\/wp-json\/wp\/v2\/place?post=42433"}],"curies":[{"name":"wp","href":"https:\/\/api.w.org\/{rel}","templated":true}]}}