{"id":43769,"date":"2022-06-01T15:19:33","date_gmt":"2022-06-01T13:19:33","guid":{"rendered":"https:\/\/www.humboldtforum.org\/?post_type=event&#038;p=43769"},"modified":"2022-06-14T12:10:25","modified_gmt":"2022-06-14T10:10:25","slug":"berlin-global-meets-gaye-su-akyol","status":"publish","type":"event","link":"https:\/\/www.humboldtforum.org\/de\/programm\/termin\/konzert\/berlin-global-meets-gaye-su-akyol-43769\/","title":{"rendered":"BERLIN GLOBAL meets Gaye Su Akyol"},"content":{"rendered":"<section class=\"block block-copy block-no-margin\" >\n    <div class=\"container-fluid\">\n\t\t<div class=\"row \">\n            <div class=\"col-xs-12 col-md-offset-2 col-md-8\">\n                <div class=\"box\">\n                    <div class=\"copy\"><p>Im Rahmen des <em>Kultursommerfestivals<\/em> und der neuen Freifl\u00e4chen-Ausstellung \u201e30 kg\u201c l\u00e4dt BERLIN GLOBAL zu einem Freiluftkonzert der genresprengenden S\u00e4ngerin und Aktivistin Gaye Su Akyol ein. Ihre transkulturellen musikalischen Einfl\u00fcsse reichen von der t\u00fcrkischen Volksmusik und Klassik \u00fcber die Psychedelik bis hin zu Grunge, Punk, Funk und Surf-Rock. Rebellisch setzt sich Akyol f\u00fcr Gerechtigkeit, Zusammenhalt und Gleichberechtigung ein und fordert das Publikum auf, sich in Bewegung zu setzen.<\/p>\n<p>Die Veranstaltung ist Teil des Kultursommerfestivals Berlin 2022.<\/p>\n<p>&nbsp;<\/p>\n<h4><em>BERL\u0130N GLOBAL Gaye Su Akyol ile bulu\u015fuyor.<\/em><\/h4>\n<p><em>BERLIN GLOBAL, K\u00fclt\u00fcrel Yaz Festivali ve &#8222;30 kg&#8220; serbest alan sergisinin a\u00e7\u0131l\u0131\u015f\u0131 kapsam\u0131nda sizleri Humboldt Forumunun Schl\u00fcterhofunda tarz s\u0131n\u0131rlar\u0131n\u0131 zorlayan \u015fark\u0131c\u0131 ve aktivist Gaye Su Akyol&#8217;un a\u00e7\u0131k hava konserine davet ediyor. Kendisinin k\u00fclt\u00fcrler aras\u0131 etkilenimleri T\u00fcrk Halk M\u00fczi\u011fi ve Klasik m\u00fczikten, saykodelik, grunge, punk ve hatta Surf-Rock\u2019a kadar uzanmakta. Adalet, uyum ve e\u015fitli\u011fin asi bir savunucusu olan Akyol, sanat\u0131yla seyirciyi harekete ge\u00e7meye \u00e7a\u011f\u0131r\u0131yor.<\/em><\/p>\n<p><em>Etkinlik, Berlin 2022 K\u00fclt\u00fcrel Yaz Festivalinin bir par\u00e7as\u0131d\u0131r<\/em><\/p>\n<p>&nbsp;<\/p>\n<\/div>\n                <\/div>\n            <\/div>\n\t\t<\/div>\n\t\t    <\/div>\n<\/section>\n\n\n<section class=\"block block-accordion\">\n\t<div class=\"container-fluid\">\n\t\t<div class=\"row\">\n\t\t\t<div class=\"col-xs-12 col-md-offset-2 col-md-8\">\n\t\t\t\t<div class=\"box\">\n\t\t\t\t\t\t\t\t\t\t\t<block-accordion inline-template>\n\t\t\t\t\t\t\t<div class=\"accordion\">\n\t\t\t\t\t\t\t\t\t\t\t\t\t\t\t<block-accordion-item inline-template item-headline=\"Gaye Su Akyol\">\n\t\t\t\t\t\t\t\t<div ref=\"item\" data-id=\"GayeSuAkyol\" class=\"block-accordion-item vue-initialize\" aria-expanded=\"false\" :aria-expanded=\"active ? 'true' : 'false'\">\n\t\t\t\t\t\t\t\t\t<button class=\"accordion-button-with-icon block-accordion-item-head\" :class=\"{'button-active': active}\" ref=\"head\" aria-controls=\"acc_69f3e85fe4aa2\" id=\"acc_title_69f3e85fe4aa6\" @click=\"toggle\" @keydown=\"key\">\n\t\t\t\t\t\t\t\t\t<div><span class=\"button-label\">Gaye Su Akyol<\/span><\/div><span class=\"button-icon icon-plus\" aria-hidden=\"true\"><\/span>\n\t\t\t\t\t\t\t\t<\/button>\n\t\t\t\t\t\t\t\t\t<div ref=\"body\" class=\"block-accordion-item-content\" id=\"acc_69f3e85fe4aa2\" role=\"region\">\n\t\t\t\t\t\t\t\t\t\t<div class=\"wrapper copy\">\n\t\t\t\t\t\t\t\t\t\t\t<p>Gaye Su Akyol wuchs im kosmopolitischen Istanbul auf. Sie h\u00f6rte die anatolische Musikikone Selda Ba\u011fcan ebenso wie Kurt Cobain \u2013 und war von beiden gleicherma\u00dfen begeistert. Mit der Ver\u00f6ffentlichung ihres ersten international erfolgreichen Albums \u201eHologram \u012cmparatorlu\u011fu\u201c (2016) etablierte sich Akyol als eine der spannendsten jungen Stimmen der T\u00fcrkei. Ihre Arbeit als Singer-Songwriterin, Produzentin und als audiovisuelle Konzeptionsk\u00fcnstlerin bewegt sich gleichzeitig in der traditionsreichen Vergangenheit, der hypervernetzten Gegenwart und der noch unbestimmten Zukunft.<\/p>\n<p><em><strong>Gaye Su Akyol<\/strong><\/em><\/p>\n<p><em>Gaye Su Akyol kozmopolit \u0130stanbul&#8217;da b\u00fcy\u00fcd\u00fc. Anadolu m\u00fczi\u011finin ikonu Selda Ba\u011fcan&#8217;\u0131 ve Kurt Cobain&#8217;i dinledi ve her ikisinden de e\u015fit derecede etkilendi. Uluslararas\u0131 ba\u015far\u0131 kazanan ilk alb\u00fcm\u00fc \u201eHologram \u0130mparatorlu\u011fu\u201cnun (2016) yay\u0131nlanmas\u0131yla birlikte Akyol, T\u00fcrkiye\u2019nin en heyecan verici yeni seslerinden biri haline geldi. \u015eark\u0131c\u0131, \u015fark\u0131 yazar\u0131, yap\u0131mc\u0131 ve g\u00f6rsel-i\u015fitsel kavramsal sanat\u00e7\u0131 olarak yapt\u0131\u011f\u0131 \u00e7al\u0131\u015fmalar\u0131, geleneksel ge\u00e7mi\u015f, \u00e7ok etkile\u015fimli g\u00fcn\u00fcm\u00fcz ve hen\u00fcz belirsiz gelecek aras\u0131nda gidip gelmekte.<\/em><\/p>\n<p>&nbsp;<\/p>\n\n\t\t\t\t\t\t\t\t\t\t\t\t\t\t\t\t\t\t\t\t\t\t\t\t\t\t\t\t\t\t\t\t\t\n\t\t\t\t\t\t\t\t\t\t\t<div class=\"row\">\n\t\t\t\t\t\t\t\t\t\t\t\t<div class=\"col-xs-9 col-md-9\">\n\t\t\t\t\t\t\t\t\t\t\t\t\t<div class=\"box\">\n\t\t\t\t\t\t\t\t\t\t\t\t\t\t\t\t\t\t\t\t\t\t\t\t\t\t\t<\/div>\n\t\t\t\t\t\t\t\t\t\t\t\t<\/div>\n\t\t\t\t\t\t\t\t\t\t\t<\/div>\n\n\t\t\t\t\t\t\t\t\t\t\t\t\t\t\t\t\t\t\t\t\t<\/div>\n\t\t\t\t\t\t\t\t\t<\/div>\n\t\t\t\t\t\t\t\t<\/div>\n\t\t\t\t\t\t\t\t<\/block-accordion-item>\n\t\t\t\t\t\t\t\t\t\t\t\t\t<\/div>\n\t\t\t\t\t\t<\/block-accordion>\n\t\t\t\t\t\t\t\t\t<\/div>\n\t\t\t<\/div>\n\t\t<\/div>\n\t<\/div>\n<\/section>\n\n\n<section class=\"block block-media\">\n\t\t<div class=\"container-fluid\">\n\t\t<div class=\"row\">\n\t\t\t<div class=\"col-xs-10 col-md-6 col-xs-offset-1 col-md-offset-3\">\n\t\t\t\t<h5>Gaye Su Akyol &#8211; \u0130stikrarl\u0131 Hayal Hakikattir (Official Video)<\/h5>\n\t\t\t<\/div>\n\t\t<\/div>\n\t<\/div>\n\t\t<div class=\"container-fluid\">\n\t\t<div class=\"row\">\n\t\t\t<div class=\"col-xs-10 col-md-6 col-xs-offset-1 col-md-offset-3\">\n\t\t\t\n\t<lazy-media-inline inline-template>\n\t\t<figure itemscope itemtype=\"http:\/\/schema.org\/ImageObject\" class=\"lazy-media-inline \" role=\"group\" id=\"media_69f3e85fe719d\" aria-labelledby=\"desc_media_69f3e85fe719d\">\n\t\t\t<script type=\"application\/json\" ref=\"data\">\n\t\t\t\t{\n\t\t\t\t\"sizes\" : {\"medium\":{\"file\":\"Gaye-Su-Akyol_2_Aytekin-Yalc\\u0327in-1-300x200.jpg\",\"width\":300,\"height\":200,\"mime-type\":\"image\\\/jpeg\"},\"large\":{\"file\":\"Gaye-Su-Akyol_2_Aytekin-Yalc\\u0327in-1-1024x682.jpg\",\"width\":1024,\"height\":682,\"mime-type\":\"image\\\/jpeg\"},\"thumbnail\":{\"file\":\"Gaye-Su-Akyol_2_Aytekin-Yalc\\u0327in-1-150x150.jpg\",\"width\":150,\"height\":150,\"mime-type\":\"image\\\/jpeg\"},\"medium_large\":{\"file\":\"Gaye-Su-Akyol_2_Aytekin-Yalc\\u0327in-1-768x512.jpg\",\"width\":768,\"height\":512,\"mime-type\":\"image\\\/jpeg\"},\"small\":{\"file\":\"Gaye-Su-Akyol_2_Aytekin-Yalc\\u0327in-1-440x293.jpg\",\"width\":440,\"height\":293,\"mime-type\":\"image\\\/jpeg\"},\"semi\":{\"file\":\"Gaye-Su-Akyol_2_Aytekin-Yalc\\u0327in-1-580x387.jpg\",\"width\":580,\"height\":387,\"mime-type\":\"image\\\/jpeg\"},\"mobile\":{\"file\":\"Gaye-Su-Akyol_2_Aytekin-Yalc\\u0327in-1-720x480.jpg\",\"width\":720,\"height\":480,\"mime-type\":\"image\\\/jpeg\"},\"original\":{\"file\":\"Gaye-Su-Akyol_2_Aytekin-Yalc\\u0327in-1.jpg\",\"width\":1280,\"height\":853}},\n\t\t\t\t\"alt\" : \"Portr\\u00e4t einer Frau mit langen, blonden Haaren und auff\\u00e4lligem Make-up, die nachdenklich schaut.\",\n\t\t\t\t\"path\" : \"\\\/wp-content\\\/uploads\\\/2022\\\/05\\\/\",\n\t\t\t\t\"video\" : null,\n\t\t\t\t\"autoplay\" : null,\n\t\t\t\t\"youtube\" : \"https:\\\/\\\/www.youtube.com\\\/watch?v=h80uU2eMRLk&t=173s\",\n\t\t\t\t\"youtubelabel\" : \"Video abspielen\",\n\t\t\t\t\"brightness\" : \"70\",\n\t\t\t\t\"crop\" : null,\n\t\t\t\t\"background\" : false,\n\t\t\t\t\"scale\" : 1\t\t\t\t}\n\t\t\t<\/script>\n\n\t\t\t<div class=\"height-container\" style=\"padding-bottom:66.640625%;\" v-if=\"sizes\">\n\t\t\t\t\t\t\t\t<lazy-media :inline=\"true\" :alt=\"alt\" :sizes=\"sizes\" :scale=\"scale\" :brightness=\"brightness\" :path=\"path\" :video=\"video\" :autoplay=\"autoplay\" :youtube=\"youtube\" :crop=\"crop\" :youtubelabel=\"youtubelabel\" :background=\"background\" media-id=\"desc_media_69f3e85fe719d\"><\/lazy-media>\n\t\t\t\t\t\t\t<\/div>\n\n\t\t\t\t\t\t\t<figcaption class=\"\" id=\"desc_media_69f3e85fe719d\">\n\t\t\t\t\t<div class=\"lazy-media-info-body-content\">\n\t\t\t\t\t\t\t\t\t\t\t\t\t\t\t\t\t\t\t<div>S&auml;ngerin und Aktivistin Gaye Su Akyol <\/div>\n\t\t\t\t\t\t\t\t\t\t\t\t\t\t\t\t\t\t\t<div class=\"insignificant\">\u00a9 Aytekin Yalc\u0327\u0131n<\/div>\n\t\t\t\t\t\t\t\t\t\t\t<\/div>\n\t\t\t\t<\/figcaption>\n\t\t\t\t\t\t\t\t\t<\/figure>\n\t<\/lazy-media-inline>\n\t\t\t<\/div>\n\t\t<\/div>\n\t<\/div>\n<\/section>\n\n<section class=\"block block-teaser col-1 \" style=\"\">\n\t<lazy-component :fixed-min-height=\"400\">\n\t\n\t\t\t\t\t<div class=\"container-fluid\">\n\t\t\t\t<div class=\"row bottom-xs\">\n\t\t\t\t\t<div class=\"col-xs-12 col-sm-10 col-md-8 col-sm-offset-1 col-md-offset-2\">\n\t\t\t\t\t\t<h4>Geh\u00f6rt zu<\/h4>\t\t\t\t\t\t\t\t\t\t\t\t\t\t\t\t\t\t\t<\/div>\n\t\t\t\t\t<div class=\"col-xs-12 col-sm-10 col-md-8 col-sm-offset-1 col-md-offset-2 start-xs end-md margin-bottom-sixth\">\n\t\t\t\t\t\t\t\t\t\t\t<\/div>\n\t\t\t\t<\/div>\n\t\t\t\t<ul class=\"row\">\n\t\t\t\n<li class=\"col-xs-12 teaser-wrapper col-padding-remove\">\n\t<calendarteaser key=\"1414015579\" rawitem='{&quot;postId&quot;:14140,&quot;title&quot;:&quot;BERLIN GLOBAL&quot;,&quot;excerpt&quot;:&quot;Gestern, heute, morgen: Vieles, was in Berlin passiert, hat Einfluss auf die Welt. Und vieles, was in der Welt passiert, wirkt auf Berlin. BERLIN GLOBAL zeigt auf 4000 Quadratmetern im Humboldt Forum, wie die Stadt und ihre Menschen mit der Welt verbunden sind. &quot;,&quot;slug&quot;:&quot;berlin-global&quot;,&quot;post_date&quot;:&quot;2020-10-23T08:36&quot;,&quot;type&quot;:&quot;event-permanent&quot;,&quot;permalink&quot;:&quot;https:\\\/\\\/www.humboldtforum.org\\\/de\\\/programm\\\/dauerangebot\\\/ausstellung\\\/berlin-global-14140\\\/&quot;,&quot;genre&quot;:[391],&quot;genre_details&quot;:[{&quot;text&quot;:&quot;Ausstellung&quot;,&quot;id&quot;:391,&quot;icon&quot;:null,&quot;parent&quot;:0}],&quot;stakeholder&quot;:[400],&quot;stakeholder_details&quot;:[{&quot;text&quot;:&quot;Kulturprojekte Berlin \\\/ Stadtmuseum Berlin&quot;,&quot;id&quot;:400,&quot;icon&quot;:null,&quot;parent&quot;:0}],&quot;editorial&quot;:[402,403,646],&quot;editorial_details&quot;:[{&quot;text&quot;:&quot;interaktiv&quot;,&quot;id&quot;:402,&quot;icon&quot;:null,&quot;parent&quot;:0},{&quot;text&quot;:&quot;verbindend&quot;,&quot;id&quot;:403,&quot;icon&quot;:null,&quot;parent&quot;:0},{&quot;text&quot;:&quot;vielstimmig&quot;,&quot;id&quot;:646,&quot;icon&quot;:null,&quot;parent&quot;:0}],&quot;targetgroup&quot;:[383],&quot;targetgroup_details&quot;:[{&quot;text&quot;:&quot;Erwachsene&quot;,&quot;id&quot;:383,&quot;icon&quot;:null,&quot;parent&quot;:0}],&quot;language&quot;:[384,385],&quot;language_details&quot;:[{&quot;text&quot;:&quot;Deutsch&quot;,&quot;id&quot;:384,&quot;icon&quot;:null,&quot;parent&quot;:0},{&quot;text&quot;:&quot;Englisch&quot;,&quot;id&quot;:385,&quot;icon&quot;:null,&quot;parent&quot;:0}],&quot;accessability&quot;:[430],&quot;accessability_details&quot;:[{&quot;text&quot;:&quot;Rollstuhlgerecht&quot;,&quot;id&quot;:430,&quot;icon&quot;:null,&quot;parent&quot;:0}],&quot;place&quot;:[405],&quot;place_details&quot;:{&quot;place&quot;:&quot;Humboldt Forum&quot;,&quot;map&quot;:&quot;Humboldt Forum, Schlossplatz, Berlin&quot;,&quot;room&quot;:&quot;Berlin Ausstellung, 1. OG&quot;},&quot;icon_overwrite&quot;:&quot;&quot;,&quot;acf&quot;:{&quot;shorturl&quot;:&quot;berlinglobal&quot;,&quot;planning&quot;:{&quot;price&quot;:&quot;9 EUR \\\/ 0 EUR&quot;,&quot;status&quot;:&quot;BUY&quot;,&quot;info&quot;:&quot;9 EUR, erm. 0 EUR&quot;,&quot;shop&quot;:&quot;https:\\\/\\\/tickets.humboldtforum.org\\\/#\\\/tickets\\\/time?museum_id=1&amp;exhibition_id=1&amp;group=day&quot;,&quot;can_purchase&quot;:true},&quot;periods&quot;:[{&quot;label&quot;:&quot;&quot;,&quot;dates&quot;:[{&quot;start&quot;:&quot;202302130000&quot;,&quot;end&quot;:&quot;204601020000&quot;,&quot;has_end&quot;:false,&quot;start_HRFSHORT&quot;:&quot;13.02.23&quot;,&quot;start_HRFSHORT_WD&quot;:&quot;Mo 13.02.2023&quot;}],&quot;monday&quot;:[{&quot;start&quot;:&quot;10:30&quot;,&quot;end&quot;:&quot;18:30&quot;,&quot;closed&quot;:false}],&quot;tuesday&quot;:[{&quot;start&quot;:&quot;10:00&quot;,&quot;end&quot;:&quot;20:00&quot;,&quot;closed&quot;:true}],&quot;wednesday&quot;:[{&quot;start&quot;:&quot;10:30&quot;,&quot;end&quot;:&quot;18:30&quot;,&quot;closed&quot;:false}],&quot;thursday&quot;:[{&quot;start&quot;:&quot;10:30&quot;,&quot;end&quot;:&quot;18:30&quot;,&quot;closed&quot;:false}],&quot;friday&quot;:[{&quot;start&quot;:&quot;10:30&quot;,&quot;end&quot;:&quot;18:30&quot;,&quot;closed&quot;:false}],&quot;saturday&quot;:[{&quot;start&quot;:&quot;10:30&quot;,&quot;end&quot;:&quot;18:30&quot;,&quot;closed&quot;:false}],&quot;sunday&quot;:[{&quot;start&quot;:&quot;10:30&quot;,&quot;end&quot;:&quot;18:30&quot;,&quot;closed&quot;:false}],&quot;info&quot;:&quot;&quot;,&quot;description&quot;:&quot;&quot;}],&quot;period_exception&quot;:[{&quot;label&quot;:&quot;&quot;,&quot;date&quot;:&quot;202512240000&quot;,&quot;closed&quot;:true,&quot;start&quot;:&quot;10:30&quot;,&quot;end&quot;:&quot;13:30&quot;,&quot;date_HRFSHORT&quot;:&quot;24.12.25&quot;},{&quot;label&quot;:&quot;&quot;,&quot;date&quot;:&quot;202512250000&quot;,&quot;closed&quot;:false,&quot;start&quot;:&quot;12:00&quot;,&quot;end&quot;:&quot;18:00&quot;,&quot;date_HRFSHORT&quot;:&quot;25.12.25&quot;},{&quot;label&quot;:&quot;&quot;,&quot;date&quot;:&quot;202512260000&quot;,&quot;closed&quot;:false,&quot;start&quot;:&quot;12:00&quot;,&quot;end&quot;:&quot;18:00&quot;,&quot;date_HRFSHORT&quot;:&quot;26.12.25&quot;},{&quot;label&quot;:&quot;&quot;,&quot;date&quot;:&quot;202512300000&quot;,&quot;closed&quot;:false,&quot;start&quot;:&quot;10:30&quot;,&quot;end&quot;:&quot;18:30&quot;,&quot;date_HRFSHORT&quot;:&quot;30.12.25&quot;},{&quot;label&quot;:&quot;&quot;,&quot;date&quot;:&quot;202512310000&quot;,&quot;closed&quot;:false,&quot;start&quot;:null,&quot;end&quot;:null,&quot;date_HRFSHORT&quot;:&quot;31.12.25&quot;},{&quot;label&quot;:&quot;&quot;,&quot;date&quot;:&quot;202601010000&quot;,&quot;closed&quot;:false,&quot;start&quot;:&quot;12:00&quot;,&quot;end&quot;:&quot;18:00&quot;,&quot;date_HRFSHORT&quot;:&quot;01.01.26&quot;}],&quot;subline&quot;:&quot;Berlin Ausstellung im Humboldt Forum&quot;,&quot;marketing_text&quot;:&quot;Erfahren Sie, wie die Stadt und ihre Menschen mit der Welt verbunden sind.&quot;,&quot;shorttext&quot;:&quot;Gestern, heute, morgen: Vieles, was in Berlin passiert, hat Einfluss auf die Welt. Und vieles, was in der Welt passiert, wirkt auf Berlin. BERLIN GLOBAL zeigt auf 4000 Quadratmetern im Humboldt Forum, wie die Stadt und ihre Menschen mit der Welt verbunden sind. &quot;,&quot;longtext&quot;:&quot;Gestern, heute, morgen: Vieles, was in Berlin passiert, hat Einfluss auf die Welt. Und vieles, was in der Welt passiert, wirkt auf Berlin. BERLIN GLOBAL zeigt auf 4000 Quadratmetern im Humboldt Forum, wie die Stadt und ihre Menschen mit der Welt verbunden sind. Der Raum Weltdenken hei\\u00dft die Besucher*innen willkommen, der Raum Berlin-Bilder f\\u00fchrt in die Themen der Ausstellung ein. Ihnen folgen die einzelnen Themenr\\u00e4ume: Sie erz\\u00e4hlen von Revolution, Freiraum, Grenzen, Vergn\\u00fcgen, Krieg, Mode und Verflechtung. Aspekte, die sich auch in anderen Metropolen finden lassen, die aber in dieser Kombination typisch f\\u00fcr Berlin sind.&quot;,&quot;highlight_header&quot;:true,&quot;highlight_header_image&quot;:66324,&quot;has_mobile_format&quot;:true,&quot;highlight_header_image_mobile&quot;:66322,&quot;tipp&quot;:false,&quot;joker&quot;:false,&quot;live&quot;:false,&quot;display_as_single&quot;:false,&quot;hyphenation&quot;:true,&quot;noindex&quot;:false,&quot;keywords&quot;:&quot;&quot;,&quot;use_opening_hours_of_the_house&quot;:false,&quot;additional_info&quot;:{&quot;icon&quot;:&quot;icon-bullet_active&quot;,&quot;text&quot;:&quot;Wartungsarbeiten: Vom 4. bis einschlie\\u00dflich 6.5.2026 wird die Ausstellung BERLIN GLOBAL nicht zug\\u00e4nglich sein.&quot;},&quot;use_video_in_teasers&quot;:false,&quot;hide_event_in_program&quot;:false,&quot;infotext&quot;:&quot;letzter Einlass 17:30 Uhr. &quot;,&quot;events&quot;:[126079,126641,128669,128606,128614,132200,132209,132198,132330,132555,132558,119976,135751,135756,135788,135796,135805,135823,136595,136602,136615,137214,136743,137696,136814,120403,140364,147928,148672,149576,153806,154671,157000,157020,157682,157684,158456,142900,158487,161422,163169],&quot;tickettext&quot;:&quot;Besuch von BERLIN GLOBAL auch mit Humboldt Forum Ticket m\\u00f6glich, s. Besuch &gt; Eintritt &amp; Tickets&quot;},&quot;period_list&quot;:&quot;&lt;strong&gt;\\u00d6ffnungszeiten&lt;\\\/strong&gt;\\nMo, Mi, Do, Fr, Sa, So: 10:30 \\u2013 18:30 Uhr\\nDi: geschlossen\\n\\n&quot;,&quot;period_exception&quot;:&quot;&quot;,&quot;date&quot;:{&quot;infinite&quot;:true,&quot;from_DATE&quot;:202302130000,&quot;from&quot;:1676284200,&quot;from_TIME&quot;:&quot;10:30&quot;,&quot;to&quot;:1809195000,&quot;to_DATE&quot;:202704302340,&quot;to_TIME&quot;:&quot;18:30&quot;,&quot;from_HRFSHORT&quot;:&quot;13. Feb 2023&quot;,&quot;from_HRFSHORT_WD&quot;:&quot;Mo 13.02.2023&quot;,&quot;from_HRF&quot;:&quot;Mo, 13. Februar 2023&quot;,&quot;to_HRF&quot;:&quot;Sa,  1. Mai 2027&quot;,&quot;to_HRFSHORT&quot;:&quot; 1. Mai 2027&quot;,&quot;to_HRFSHORT_WD&quot;:&quot;Sa 01.05.2027&quot;,&quot;from_to_HRF&quot;:&quot;Mo, 13. Februar 2023 \\u2013 Sa,  1. Mai 2027&quot;,&quot;from_to_HRFSHORT&quot;:&quot;13. Feb 2023 \\u2013  1. Mai 2027&quot;,&quot;NXX&quot;:&quot;202604302340&quot;,&quot;NLAST&quot;:&quot;202705011810&quot;,&quot;NX&quot;:&quot;20260430&quot;},&quot;alert&quot;:&quot;Highlight&quot;,&quot;partof&quot;:[],&quot;marketing_topic&quot;:&quot;&quot;}' inline-template>\n\t<a href=\"https:\/\/www.humboldtforum.org\/de\/programm\/dauerangebot\/ausstellung\/berlin-global-14140\/\" class=\"teaser teaser-event-permanent teaser-event-standard\">\n\t\t<div class=\"row\">\n\t\t\t<div class=\"col-xs-12 col-sm-6 col-md-5 col-sm-offset-1 col-md-offset-2 first-sm teaser-event-text Infos\">\n\t\t\t\t<div class=\"teaser-event-standard-text\">\n\t\t\t\t\t<div class=\"margin-bottom-atom\">\n\t\t\t\t\t\t<div class=\"subline clamp-1\" v-html=\"maingenre\"><\/div>\n\t\t\t\t\t\t\t\t\t\t\t<\/div>\n\t\t\t\t\n\t\t\t\t\t<strong class=\"margin-bottom-atom h5\">BERLIN GLOBAL<\/strong>\n\n\t\t\t\t\t\t\t\t\t\t\t<div class=\"\">Erfahren Sie, wie die Stadt und ihre Menschen mit der Welt verbunden sind.<\/div>\n\t\t\t\t\t\t\t\t\t<\/div>\n\t\t\t\t<div class=\"teaser-bottom border-bottom\">\n\t\t\t\t<calendardateline :rawitem='item' :show-icon=\"true\"><\/calendardateline>\n\t\t\t\t\t<hr>\n\t\t\t\t<\/div>\n\t\t\t<\/div>\n\t\t\t<div class=\"col-xs-12 col-sm-4 col-md-3 teaser-event-image bottom-xs first-xs\">\n\t\t\t\t<div class=\"teaser-image teaser-image-no-alternate\">\n\t\t\t\t\t\t\t\t\t\t\t\t\t<span class=\"alert\">Highlight<\/span>\n\t\t\t\t\t\t\t\t\t\t\t\n\t<lazy-media-inline inline-template>\n\t\t<figure itemscope itemtype=\"http:\/\/schema.org\/ImageObject\" class=\"lazy-media-inline \" role=\"group\" id=\"media_69f3e86013c55\" aria-labelledby=\"desc_media_69f3e86013c55\">\n\t\t\t<script type=\"application\/json\" ref=\"data\">\n\t\t\t\t{\n\t\t\t\t\"sizes\" : {\"medium\":{\"file\":\"BG-Visual-2-176x300.jpg\",\"width\":176,\"height\":300,\"mime-type\":\"image\\\/jpeg\",\"filesize\":10918},\"large\":{\"file\":\"BG-Visual-2-600x1024.jpg\",\"width\":600,\"height\":1024,\"mime-type\":\"image\\\/jpeg\",\"filesize\":51578},\"thumbnail\":{\"file\":\"BG-Visual-2-150x150.jpg\",\"width\":150,\"height\":150,\"mime-type\":\"image\\\/jpeg\",\"filesize\":7184},\"medium_large\":{\"file\":\"BG-Visual-2-768x1312.jpg\",\"width\":768,\"height\":1312,\"mime-type\":\"image\\\/jpeg\",\"filesize\":71401},\"small\":{\"file\":\"BG-Visual-2-258x440.jpg\",\"width\":258,\"height\":440,\"mime-type\":\"image\\\/jpeg\",\"filesize\":17917},\"semi\":{\"file\":\"BG-Visual-2-340x580.jpg\",\"width\":340,\"height\":580,\"mime-type\":\"image\\\/jpeg\",\"filesize\":24870},\"mobile\":{\"file\":\"BG-Visual-2-422x720.jpg\",\"width\":422,\"height\":720,\"mime-type\":\"image\\\/jpeg\",\"filesize\":32315},\"hd\":{\"file\":\"BG-Visual-2-749x1280.jpg\",\"width\":749,\"height\":1280,\"mime-type\":\"image\\\/jpeg\",\"filesize\":68644},\"full\":{\"file\":\"BG-Visual-2-1124x1920.jpg\",\"width\":1124,\"height\":1920,\"mime-type\":\"image\\\/jpeg\",\"filesize\":120736},\"1536x1536\":{\"file\":\"BG-Visual-2-899x1536.jpg\",\"width\":899,\"height\":1536,\"mime-type\":\"image\\\/jpeg\",\"filesize\":87922},\"2048x2048\":{\"file\":\"BG-Visual-2-1199x2048.jpg\",\"width\":1199,\"height\":2048,\"mime-type\":\"image\\\/jpeg\",\"filesize\":131087},\"original\":{\"file\":\"BG-Visual-2.jpg\",\"width\":1780,\"height\":3040}},\n\t\t\t\t\"alt\" : \"Bunte Grafik mit dem Schriftzug \\\"BERLIN GLOBAL\\\" in gro\\u00dfen gelben Buchstaben auf pinkem Hintergrund.\",\n\t\t\t\t\"path\" : \"\\\/wp-content\\\/uploads\\\/2022\\\/12\\\/\",\n\t\t\t\t\"video\" : null,\n\t\t\t\t\"autoplay\" : null,\n\t\t\t\t\"youtube\" : null,\n\t\t\t\t\"youtubelabel\" : \"Video abspielen\",\n\t\t\t\t\"brightness\" : 100,\n\t\t\t\t\"crop\" : {\"top\":\"15.71\",\"left\":\"50.15\"},\n\t\t\t\t\"background\" : true,\n\t\t\t\t\"scale\" : 2\t\t\t\t}\n\t\t\t<\/script>\n\n\t\t\t<div class=\"height-container\" style=\"padding-bottom:170.78651685393%;\" v-if=\"sizes\">\n\t\t\t\t\t\t\t\t<lazy-media :inline=\"true\" :alt=\"alt\" :sizes=\"sizes\" :scale=\"scale\" :brightness=\"brightness\" :path=\"path\" :video=\"video\" :autoplay=\"autoplay\" :youtube=\"youtube\" :crop=\"crop\" :youtubelabel=\"youtubelabel\" :background=\"background\" media-id=\"desc_media_69f3e86013c55\"><\/lazy-media>\n\t\t\t\t\t\t\t<\/div>\n\n\t\t\t\t\t\t\t<figcaption class=\"sr-only\" ref=\"body\" id=\"desc_media_69f3e86013c55\">\n\t\t\t\t\t\t\t\t\t\t\t\t\t\t\t\t<div>Key Visual Berlin Global Bisky Kampagne 2022  <\/div>\n\t\t\t\t\t\t\t\t\t\t\t\t\t\t\t\t<div class=\"insignificant\">\u00a9 Stiftung Stadtmuseum Berlin und Kulturprojekte Berlin \/ caromarta Studio<\/div>\n\t\t\t\t\t\t\t\t\t<\/figcaption>\n\t\t\t\t\t<\/figure>\n\t<\/lazy-media-inline>\n\t\t\t\t<\/div>\n\t\t\t<\/div>\n\t\t<\/div>\n\t<\/a>\n\t<\/calendarteaser>\n<\/li>\n\n\t\t\t\t<\/ul>\n\t\t\t<\/div>\n\t\t\t\t<\/lazy-component>\n<\/section>\n\n\n\n<section class=\"block block-logos\" >\n    <div class=\"container-fluid\">\n\t\t<div class=\"row\">\n\t\t\t<div class=\"col-xs-12 col-sm-8 col-sm-offset-2\">\n\t\t\t\t<div class=\"box\">\n\t\t\t\t\t<div class=\"row  middle-xs\">\n\t\t\t\t\t\t\n\t\t\t\t\t\t<div class=\"col-xs-4 col-sm-3 col-sm-2\">\n\t\t\t\t\t\t\t<div class=\"box margin-sixth-top\">\n\t\t\t\t\t\t\t\t<img decoding=\"async\" alt=\"Kultursommer Festival 2022\" src=\"https:\/\/www.humboldtforum.org\/wp-content\/uploads\/2022\/06\/KS22_Logo_Programmpartner_positiv.png\" style=\"display: inline-block; width: 100%\" \/>\n\t\t\t\t\t\t\t<\/div>\n\t\t\t\t\t\t<\/div>\n\t\t\t\t\t\t\t\t\t\t\t<\/div>\n\t\t\t\t<\/div>\n\t\t\t<\/div>\n        <\/div>\n    <\/div>\n<\/section>\n","protected":false},"template":"","genre":[393],"digital":[],"topic":[],"stakeholder":[400],"editorial":[],"editorialfilter":[],"targetgroup":[383],"language":[387],"accessability":[],"age":[],"school":[],"groupsize":[],"place":[510],"class_list":["post-43769","event","type-event","status-publish","has-post-thumbnail","hentry","genre-konzert","stakeholder-kulturprojekte-berlin-stadtmuseum-berlin","targetgroup-erwachsene","language-tuerkisch","place-schlueterhof"],"acf":[],"_links":{"self":[{"href":"https:\/\/www.humboldtforum.org\/de\/wp-json\/wp\/v2\/event\/43769","targetHints":{"allow":["GET"]}}],"collection":[{"href":"https:\/\/www.humboldtforum.org\/de\/wp-json\/wp\/v2\/event"}],"about":[{"href":"https:\/\/www.humboldtforum.org\/de\/wp-json\/wp\/v2\/types\/event"}],"version-history":[{"count":0,"href":"https:\/\/www.humboldtforum.org\/de\/wp-json\/wp\/v2\/event\/43769\/revisions"}],"wp:featuredmedia":[{"embeddable":true,"href":"https:\/\/www.humboldtforum.org\/de\/wp-json\/wp\/v2\/media\/43671"}],"wp:attachment":[{"href":"https:\/\/www.humboldtforum.org\/de\/wp-json\/wp\/v2\/media?parent=43769"}],"wp:term":[{"taxonomy":"genre","embeddable":true,"href":"https:\/\/www.humboldtforum.org\/de\/wp-json\/wp\/v2\/genre?post=43769"},{"taxonomy":"digital","embeddable":true,"href":"https:\/\/www.humboldtforum.org\/de\/wp-json\/wp\/v2\/digital?post=43769"},{"taxonomy":"topic","embeddable":true,"href":"https:\/\/www.humboldtforum.org\/de\/wp-json\/wp\/v2\/topic?post=43769"},{"taxonomy":"stakeholder","embeddable":true,"href":"https:\/\/www.humboldtforum.org\/de\/wp-json\/wp\/v2\/stakeholder?post=43769"},{"taxonomy":"editorial","embeddable":true,"href":"https:\/\/www.humboldtforum.org\/de\/wp-json\/wp\/v2\/editorial?post=43769"},{"taxonomy":"editorialfilter","embeddable":true,"href":"https:\/\/www.humboldtforum.org\/de\/wp-json\/wp\/v2\/editorialfilter?post=43769"},{"taxonomy":"targetgroup","embeddable":true,"href":"https:\/\/www.humboldtforum.org\/de\/wp-json\/wp\/v2\/targetgroup?post=43769"},{"taxonomy":"language","embeddable":true,"href":"https:\/\/www.humboldtforum.org\/de\/wp-json\/wp\/v2\/language?post=43769"},{"taxonomy":"accessability","embeddable":true,"href":"https:\/\/www.humboldtforum.org\/de\/wp-json\/wp\/v2\/accessability?post=43769"},{"taxonomy":"age","embeddable":true,"href":"https:\/\/www.humboldtforum.org\/de\/wp-json\/wp\/v2\/age?post=43769"},{"taxonomy":"school","embeddable":true,"href":"https:\/\/www.humboldtforum.org\/de\/wp-json\/wp\/v2\/school?post=43769"},{"taxonomy":"groupsize","embeddable":true,"href":"https:\/\/www.humboldtforum.org\/de\/wp-json\/wp\/v2\/groupsize?post=43769"},{"taxonomy":"place","embeddable":true,"href":"https:\/\/www.humboldtforum.org\/de\/wp-json\/wp\/v2\/place?post=43769"}],"curies":[{"name":"wp","href":"https:\/\/api.w.org\/{rel}","templated":true}]}}