{"id":46901,"date":"2022-08-04T11:54:58","date_gmt":"2022-08-04T09:54:58","guid":{"rendered":"https:\/\/www.humboldtforum.org\/?post_type=event&#038;p=46901"},"modified":"2022-09-02T09:41:30","modified_gmt":"2022-09-02T07:41:30","slug":"umwelt-und-ressourcen","status":"publish","type":"event","link":"https:\/\/www.humboldtforum.org\/de\/programm\/termin\/diskurs\/umwelt-und-ressourcen-46901\/","title":{"rendered":"Umwelt und Ressourcen"},"content":{"rendered":"<section class=\"block block-copy\" >\n    <div class=\"container-fluid\">\n\t\t<div class=\"row \">\n            <div class=\"col-xs-12 col-md-offset-2 col-md-8\">\n                <div class=\"box\">\n                    <div class=\"copy\"><p>Trotz aller Warnrufe schreitet die Ausbeutung und Zerst\u00f6rung unseres Planeten und die Verschwendung von Ressourcen ungebremst voran, mit tragischen Folgen f\u00fcr Gemeinschaften innerhalb und au\u00dferhalb des europ\u00e4ischen Blickfeldes: \u00dcberschwemmungen, Waldbr\u00e4nde oder Flutkatstrophen sind einige der gro\u00dfen Anzeichen f\u00fcr das Scheitern einer nach Ressourcen hungernden Welt. Mitglieder indigener Gruppen aus Brasilien, USA, Kolumbien oder Tansania \u00f6ffnen am Runden Tisch\u00a0<strong>Umwelt und Ressourcen\u00a0<\/strong>den Blick auf die lange Zeit ausgeblendeten Folgen des westlichen Handelns. Im Gespr\u00e4ch werden die weltweiten Zusammenh\u00e4nge sichtbar und geben einen Einblick in Lebensrealit\u00e4ten und Resilienzen au\u00dferhalb der Schlagzeilen.<\/p>\n<p><em>moderiert von Carolina Chimoy<\/em><\/p>\n<\/div>\n                <\/div>\n            <\/div>\n\t\t<\/div>\n\t\t    <\/div>\n<\/section>\n\n<section class=\"block block-headline block-no-margin \" >\n\t<div class=\"container-fluid\">\n\t\t<div class=\"row\">\n\t\t\t\t\t\t\t<div class=\"col-xs-12 col-md-offset-2 col-md-8\">\n\t\t\t\t\t<div class=\"box\">\n\t\t\t\t\t\t<h2 class=\".h4\">Podium<\/h2>\n\t\t\t\t\t<\/div>\n\t\t\t\t<\/div>\n\t\t\t\t\t<\/div>\n\t<\/div>\n<\/section>\n\n\n\n\n\n<section class=\"block block-accordion\">\n\t<div class=\"container-fluid\">\n\t\t<div class=\"row\">\n\t\t\t<div class=\"col-xs-12 col-md-offset-2 col-md-8\">\n\t\t\t\t<div class=\"box\">\n\t\t\t\t\t\t\t\t\t\t\t<block-accordion inline-template>\n\t\t\t\t\t\t\t<div class=\"accordion\">\n\t\t\t\t\t\t\t\t\t\t\t\t\t\t\t<block-accordion-item inline-template item-headline=\"Carolina Chimoy\">\n\t\t\t\t\t\t\t\t<div ref=\"item\" data-id=\"CarolinaChimoy\" class=\"block-accordion-item vue-initialize\" aria-expanded=\"false\" :aria-expanded=\"active ? 'true' : 'false'\">\n\t\t\t\t\t\t\t\t\t<button class=\"accordion-button-with-icon block-accordion-item-head\" :class=\"{'button-active': active}\" ref=\"head\" aria-controls=\"acc_69f29781a8066\" id=\"acc_title_69f29781a8068\" @click=\"toggle\" @keydown=\"key\">\n\t\t\t\t\t\t\t\t\t<div><span class=\"button-label\">Carolina Chimoy<\/span><\/div><span class=\"button-icon icon-plus\" aria-hidden=\"true\"><\/span>\n\t\t\t\t\t\t\t\t<\/button>\n\t\t\t\t\t\t\t\t\t<div ref=\"body\" class=\"block-accordion-item-content\" id=\"acc_69f29781a8066\" role=\"region\">\n\t\t\t\t\t\t\t\t\t\t<div class=\"wrapper copy\">\n\t\t\t\t\t\t\t\t\t\t\t<p>Carolina Chimoy ist derzeit US-Korrespondentin im Washingtoner B\u00fcro der Deutschen Welle (DW).<br \/>\nSie moderierte die Hauptnachrichtensendung f\u00fcr DW Deutsch und DW Spanisch und war zuvor Auslandskorrespondentin in Berlin sowie Gastgeberin der internationalen Talkshow &#8222;Auf den Punkt gebracht&#8220; (&#8222;A Fondo&#8220;). Sie hat Staatsoberh\u00e4upter aus verschiedenen Teilen der Welt interviewt, vom nicaraguanischen Pr\u00e4sidenten Daniel Ortega bis hin zu internationalen Pers\u00f6nlichkeiten wie der Exekutivsekret\u00e4rin des UNFCCC Patricia Espinosa.<br \/>\nCarolina hat au\u00dferdem mehrere Podiumsdiskussionen zu internationalen Themen f\u00fcr das Ausw\u00e4rtige Amt, das Humboldt-Forum in Berlin und den German Marshall Fund in Br\u00fcssel und Marokko moderiert.<\/p>\n<p>F\u00fcr die Runden Tische begleitete sie die Workshops mit den internationalen Partner*innen des Humboldt Forums w\u00e4hrend der Er\u00f6ffnungswoche.<\/p>\n\n\t\t\t\t\t\t\t\t\t\t\t\t\t\t\t\t\t\t\t\t\t\t\t\t\t\t\t\t\t\t\t\t\t\n\t\t\t\t\t\t\t\t\t\t\t<div class=\"row\">\n\t\t\t\t\t\t\t\t\t\t\t\t<div class=\"col-xs-9 col-md-9\">\n\t\t\t\t\t\t\t\t\t\t\t\t\t<div class=\"box\">\n\t\t\t\t\t\t\t\t\t\t\t\t\t\t\n\t<lazy-media-inline inline-template>\n\t\t<figure itemscope itemtype=\"http:\/\/schema.org\/ImageObject\" class=\"lazy-media-inline \" role=\"group\" id=\"media_69f29781a83ff\" aria-labelledby=\"desc_media_69f29781a83ff\">\n\t\t\t<script type=\"application\/json\" ref=\"data\">\n\t\t\t\t{\n\t\t\t\t\"sizes\" : {\"medium\":{\"file\":\"SHF_eb00149802-300x258.jpg\",\"width\":300,\"height\":258,\"mime-type\":\"image\\\/jpeg\",\"filesize\":9736},\"large\":{\"file\":\"SHF_eb00149802-1024x881.jpg\",\"width\":1024,\"height\":881,\"mime-type\":\"image\\\/jpeg\",\"filesize\":61695},\"thumbnail\":{\"file\":\"SHF_eb00149802-150x150.jpg\",\"width\":150,\"height\":150,\"mime-type\":\"image\\\/jpeg\",\"filesize\":4605},\"medium_large\":{\"file\":\"SHF_eb00149802-768x661.jpg\",\"width\":768,\"height\":661,\"mime-type\":\"image\\\/jpeg\",\"filesize\":38887},\"small\":{\"file\":\"SHF_eb00149802-440x378.jpg\",\"width\":440,\"height\":378,\"mime-type\":\"image\\\/jpeg\",\"filesize\":16615},\"semi\":{\"file\":\"SHF_eb00149802-580x499.jpg\",\"width\":580,\"height\":499,\"mime-type\":\"image\\\/jpeg\",\"filesize\":25128},\"mobile\":{\"file\":\"SHF_eb00149802-720x619.jpg\",\"width\":720,\"height\":619,\"mime-type\":\"image\\\/jpeg\",\"filesize\":34829},\"original\":{\"file\":\"SHF_eb00149802.jpg\",\"width\":1280,\"height\":1101}},\n\t\t\t\t\"alt\" : \"149842\",\n\t\t\t\t\"path\" : \"\\\/wp-content\\\/uploads\\\/2022\\\/08\\\/\",\n\t\t\t\t\"video\" : null,\n\t\t\t\t\"autoplay\" : null,\n\t\t\t\t\"youtube\" : null,\n\t\t\t\t\"youtubelabel\" : \"Video abspielen\",\n\t\t\t\t\"brightness\" : 100,\n\t\t\t\t\"crop\" : {\"top\":\"50.00\",\"left\":\"50.00\"},\n\t\t\t\t\"background\" : true,\n\t\t\t\t\"scale\" : 2\t\t\t\t}\n\t\t\t<\/script>\n\n\t\t\t<div class=\"height-container\" style=\"padding-bottom:86.015625%;\" v-if=\"sizes\">\n\t\t\t\t\t\t\t\t<lazy-media :inline=\"true\" :alt=\"alt\" :sizes=\"sizes\" :scale=\"scale\" :brightness=\"brightness\" :path=\"path\" :video=\"video\" :autoplay=\"autoplay\" :youtube=\"youtube\" :crop=\"crop\" :youtubelabel=\"youtubelabel\" :background=\"background\" media-id=\"desc_media_69f29781a83ff\"><\/lazy-media>\n\t\t\t\t\t\t\t<\/div>\n\n\t\t\t\t\t\t\t<figcaption class=\"\" id=\"desc_media_69f29781a83ff\">\n\t\t\t\t\t<div class=\"lazy-media-info-body-content\">\n\t\t\t\t\t\t\t\t\t\t\t\t\t<div>Carolina Chimoy<\/div>\n\t\t\t\t\t\t\t\t\t\t\t\t\t\t\t\t\t\t\t\t\t\t\t\t\t<div class=\"insignificant\">\u00a9 DW\/R. Oberhammer<\/div>\n\t\t\t\t\t\t\t\t\t\t\t<\/div>\n\t\t\t\t<\/figcaption>\n\t\t\t\t\t\t\t\t\t<\/figure>\n\t<\/lazy-media-inline>\n\t\t\t\t\t\t\t\t\t\t\t\t\t<\/div>\n\t\t\t\t\t\t\t\t\t\t\t\t<\/div>\n\t\t\t\t\t\t\t\t\t\t\t<\/div>\n\n\t\t\t\t\t\t\t\t\t\t\t\t\t\t\t\t\t\t\t\t\t<\/div>\n\t\t\t\t\t\t\t\t\t<\/div>\n\t\t\t\t\t\t\t\t<\/div>\n\t\t\t\t\t\t\t\t<\/block-accordion-item>\n\t\t\t\t\t\t\t\t\t\t\t\t\t<\/div>\n\t\t\t\t\t\t<\/block-accordion>\n\t\t\t\t\t\t\t\t\t<\/div>\n\t\t\t<\/div>\n\t\t<\/div>\n\t<\/div>\n<\/section>\n\n\n<section class=\"block block-teaser col-1 \" style=\"\">\n\t<lazy-component :fixed-min-height=\"400\">\n\t\n\t\t\t\t\t<div class=\"container-fluid\">\n\t\t\t\t<div class=\"row bottom-xs\">\n\t\t\t\t\t<div class=\"col-xs-12 col-sm-10 col-md-8 col-sm-offset-1 col-md-offset-2\">\n\t\t\t\t\t\t<h4>Geh\u00f6rt zu<\/h4>\t\t\t\t\t\t\t\t\t\t\t\t\t\t\t\t\t\t\t<\/div>\n\t\t\t\t\t<div class=\"col-xs-12 col-sm-10 col-md-8 col-sm-offset-1 col-md-offset-2 start-xs end-md margin-bottom-sixth\">\n\t\t\t\t\t\t\t\t\t\t\t<\/div>\n\t\t\t\t<\/div>\n\t\t\t\t<ul class=\"row\">\n\t\t\t\n<li class=\"col-xs-12 teaser-wrapper col-padding-remove\">\n\t<calendarteaser key=\"488075938\" rawitem='{&quot;postId&quot;:48807,&quot;title&quot;:&quot;24h OFFEN&quot;,&quot;excerpt&quot;:&quot;&quot;,&quot;slug&quot;:&quot;24h-offen&quot;,&quot;post_date&quot;:&quot;2022-08-24T16:48&quot;,&quot;type&quot;:&quot;event-multi&quot;,&quot;permalink&quot;:&quot;https:\\\/\\\/www.humboldtforum.org\\\/de\\\/programm\\\/event\\\/eroeffnung\\\/24h-offen-48807\\\/&quot;,&quot;genre&quot;:[390],&quot;genre_details&quot;:[{&quot;text&quot;:&quot;Er\\u00f6ffnung&quot;,&quot;id&quot;:390,&quot;icon&quot;:null,&quot;parent&quot;:0}],&quot;stakeholder&quot;:[530,382],&quot;stakeholder_details&quot;:[{&quot;text&quot;:&quot;Staatliche Museen zu Berlin&quot;,&quot;id&quot;:530,&quot;icon&quot;:null,&quot;parent&quot;:0},{&quot;text&quot;:&quot;Stiftung Humboldt Forum im Berliner Schloss&quot;,&quot;id&quot;:382,&quot;icon&quot;:null,&quot;parent&quot;:0}],&quot;targetgroup&quot;:[383,455,454],&quot;targetgroup_details&quot;:[{&quot;text&quot;:&quot;Erwachsene&quot;,&quot;id&quot;:383,&quot;icon&quot;:null,&quot;parent&quot;:0},{&quot;text&quot;:&quot;Jugendliche&quot;,&quot;id&quot;:455,&quot;icon&quot;:null,&quot;parent&quot;:0},{&quot;text&quot;:&quot;Kinder und Familien&quot;,&quot;id&quot;:454,&quot;icon&quot;:null,&quot;parent&quot;:0}],&quot;icon_overwrite&quot;:&quot;&quot;,&quot;acf&quot;:{&quot;noindex&quot;:false,&quot;keywords&quot;:&quot;&quot;,&quot;belongsto&quot;:false,&quot;shorturl&quot;:&quot;24h&quot;,&quot;times&quot;:[],&quot;planning&quot;:{&quot;price&quot;:&quot;Eintritt Frei&quot;,&quot;admission&quot;:&quot;&quot;,&quot;pause&quot;:&quot;&quot;,&quot;duration&quot;:&quot;&quot;,&quot;status&quot;:&quot;JOIN&quot;,&quot;info&quot;:&quot;Eintritt Frei&quot;,&quot;shop&quot;:&quot;&quot;,&quot;can_purchase&quot;:false},&quot;subline&quot;:&quot;24-st\\u00fcndige Er\\u00f6ffnung des Ostfl\\u00fcgels im Humboldt Forum&quot;,&quot;subline_feature&quot;:&quot;Diskurs trifft Disco&quot;,&quot;additional_info&quot;:{&quot;icon&quot;:&quot;0&quot;,&quot;text&quot;:&quot;&quot;},&quot;highlight_header&quot;:true,&quot;highlight_header_image&quot;:46690,&quot;video&quot;:46718,&quot;has_mobile_format&quot;:true,&quot;highlight_header_image_mobile&quot;:46697,&quot;mobile_video&quot;:46727,&quot;use_video_in_teasers&quot;:true,&quot;video_brightness&quot;:&quot;66&quot;,&quot;hyphenation&quot;:true,&quot;tipp&quot;:false,&quot;alert_text&quot;:&quot;Highlight&quot;,&quot;joker&quot;:true,&quot;live&quot;:false,&quot;announcement&quot;:&quot;17.-18.09.2022&quot;,&quot;overwrite_date&quot;:&quot;17.-18.09.2022&quot;,&quot;hide_event_in_program&quot;:false},&quot;date&quot;:{&quot;NX&quot;:null,&quot;NXX&quot;:null,&quot;NLAST&quot;:&quot;202209172000&quot;,&quot;from_DATE&quot;:&quot;20220917 12:00&quot;,&quot;from&quot;:1663401600,&quot;to&quot;:1663444800,&quot;to_DATE&quot;:&quot;20220918 00:00&quot;,&quot;from_HRFSHORT&quot;:&quot;17. Sep 2022&quot;,&quot;from_HRFSHORT_WD&quot;:&quot;Sa 17.09.2022&quot;,&quot;to_HRFSHORT&quot;:&quot;17. Sep 2022&quot;,&quot;to_HRFSHORT_WD&quot;:&quot;Sa 17.09.2022&quot;,&quot;from_HRF&quot;:&quot;Sa, 17. September 2022&quot;,&quot;to_HRF&quot;:&quot;Sa, 17. September 2022&quot;,&quot;from_to_HRF&quot;:&quot;Sa, 17. September \\u2013 Sa, 17. September 2022&quot;,&quot;from_to_HRFSHORT&quot;:&quot;17. Sep \\u2013 17. Sep 2022&quot;},&quot;alert&quot;:&quot;Highlight&quot;,&quot;partof&quot;:[],&quot;marketing_topic&quot;:&quot;&quot;}' inline-template>\n\t<a href=\"https:\/\/www.humboldtforum.org\/de\/programm\/event\/eroeffnung\/24h-offen-48807\/\" class=\"teaser teaser-event-multi teaser-event-standard\">\n\t\t<div class=\"row\">\n\t\t\t<div class=\"col-xs-12 col-sm-6 col-md-5 col-sm-offset-1 col-md-offset-2 first-sm teaser-event-text Infos\">\n\t\t\t\t<div class=\"teaser-event-standard-text\">\n\t\t\t\t\t<div class=\"margin-bottom-atom\">\n\t\t\t\t\t\t<div class=\"subline clamp-1\" v-html=\"maingenre\"><\/div>\n\t\t\t\t\t\t\t\t\t\t\t<\/div>\n\t\t\t\t\n\t\t\t\t\t<strong class=\"margin-bottom-atom h5\">24h OFFEN<\/strong>\n\n\t\t\t\t\t\t\t\t\t\t\t<div class=\"\">24-st\u00fcndige Er\u00f6ffnung des Ostfl\u00fcgels im Humboldt Forum<\/div>\n\t\t\t\t\t\t\t\t\t<\/div>\n\t\t\t\t<div class=\"teaser-bottom border-bottom\">\n\t\t\t\t<calendardateline :rawitem='item' :show-icon=\"true\"><\/calendardateline>\n\t\t\t\t\t<hr>\n\t\t\t\t<\/div>\n\t\t\t<\/div>\n\t\t\t<div class=\"col-xs-12 col-sm-4 col-md-3 teaser-event-image bottom-xs first-xs\">\n\t\t\t\t<div class=\"teaser-image teaser-image-no-alternate\">\n\t\t\t\t\t\t\t\t\t\t\t\n\t<lazy-media-inline inline-template>\n\t\t<figure itemscope itemtype=\"http:\/\/schema.org\/ImageObject\" class=\"lazy-media-inline \" role=\"group\" id=\"media_69f29781b841b\" aria-labelledby=\"desc_media_69f29781b841b\">\n\t\t\t<script type=\"application\/json\" ref=\"data\">\n\t\t\t\t{\n\t\t\t\t\"sizes\" : {\"medium\":{\"file\":\"SHF_eb00145256-176x300.jpg\",\"width\":176,\"height\":300,\"mime-type\":\"image\\\/jpeg\",\"filesize\":11666},\"large\":{\"file\":\"SHF_eb00145256-599x1024.jpg\",\"width\":599,\"height\":1024,\"mime-type\":\"image\\\/jpeg\",\"filesize\":69885},\"thumbnail\":{\"file\":\"SHF_eb00145256-150x150.jpg\",\"width\":150,\"height\":150,\"mime-type\":\"image\\\/jpeg\",\"filesize\":7752},\"small\":{\"file\":\"SHF_eb00145256-257x440.jpg\",\"width\":257,\"height\":440,\"mime-type\":\"image\\\/jpeg\",\"filesize\":20982},\"semi\":{\"file\":\"SHF_eb00145256-339x580.jpg\",\"width\":339,\"height\":580,\"mime-type\":\"image\\\/jpeg\",\"filesize\":31179},\"mobile\":{\"file\":\"SHF_eb00145256-421x720.jpg\",\"width\":421,\"height\":720,\"mime-type\":\"image\\\/jpeg\",\"filesize\":42585},\"original\":{\"file\":\"SHF_eb00145256.jpg\",\"width\":749,\"height\":1280}},\n\t\t\t\t\"alt\" : \"Bunte, spritzende Farben umgeben ein schwarzes Quadrat vor schwarzem Hintergrund.\",\n\t\t\t\t\"path\" : \"\\\/wp-content\\\/uploads\\\/2022\\\/07\\\/\",\n\t\t\t\t\"video\" : null,\n\t\t\t\t\"autoplay\" : \"https:\\\/\\\/www.humboldtforum.org\\\/wp-content\\\/uploads\\\/2022\\\/08\\\/HF_Ostfluegel_Webteaser_Quer_V2.mp4\",\n\t\t\t\t\"youtube\" : null,\n\t\t\t\t\"youtubelabel\" : \"Video abspielen\",\n\t\t\t\t\"brightness\" : 66,\n\t\t\t\t\"crop\" : null,\n\t\t\t\t\"background\" : true,\n\t\t\t\t\"scale\" : 1\t\t\t\t}\n\t\t\t<\/script>\n\n\t\t\t<div class=\"height-container\" style=\"padding-bottom:170.89452603471%;\" v-if=\"sizes\">\n\t\t\t\t\t\t\t\t<lazy-media :inline=\"true\" :alt=\"alt\" :sizes=\"sizes\" :scale=\"scale\" :brightness=\"brightness\" :path=\"path\" :video=\"video\" :autoplay=\"autoplay\" :youtube=\"youtube\" :crop=\"crop\" :youtubelabel=\"youtubelabel\" :background=\"background\" media-id=\"desc_media_69f29781b841b\"><\/lazy-media>\n\t\t\t\t\t\t\t<\/div>\n\n\t\t\t\t\t\t\t<figcaption class=\"sr-only\" ref=\"body\" id=\"desc_media_69f29781b841b\">\n\t\t\t\t\t\t\t\t\t\t\t\t\t\t\t\t\t\t\t\t\t<div class=\"insignificant\">\u00a9 Stiftung Humboldt Forum im Berliner Schloss \/ bus.group<\/div>\n\t\t\t\t\t\t\t\t\t<\/figcaption>\n\t\t\t\t\t<\/figure>\n\t<\/lazy-media-inline>\n\t\t\t\t<\/div>\n\t\t\t<\/div>\n\t\t<\/div>\n\t<\/a>\n\t<\/calendarteaser>\n<\/li>\n\n\t\t\t\t<\/ul>\n\t\t\t<\/div>\n\t\t\t\t<\/lazy-component>\n<\/section>\n\n\n\n<section class=\"block block-teaser  col-lane16\" style=\"\">\n\t<upcoming lang=\"de\" inline-template>\n\t\t<div ref=\"heightReference\">\n\t\t<teaser-lane-with-buttons inline-template ref=\"lane\" tracking-label=\"Upcoming events\">\n\t\t\t<div class=\"teaser-lane-with-buttons\">\n\t\t\t\t<div class=\"container-fluid\">\n\t\t\t\t\t<div class=\"row bottom-xs\">\n\t\t\t\t\t\t<div class=\"col-xs-12 col-md-8 margin-bottom-sixth\">\n\t\t\t\t\t\t\t<div class=\"toggle_menu\">\n\t\t\t\t\t\t\t\t<button v-track=\"{category: 'Toggle', label: 'Upcoming Events', action: 'Today'}\" class=\"h4 H4-mobile-smaller\" :class=\"{'active' : $parent.currentDay===$parent.today}\" @click=\"$parent.fetch($parent.today);\"><span class=\"button-label-line bigger\">Heute<\/span><\/button>\n\t\t\t\t\t\t\t\t<button v-track=\"{category: 'Toggle', label: 'Upcoming Events', action: 'Tomorrow'}\" class=\"h4 H4-mobile-smaller\" :class=\"{'active' : $parent.currentDay===$parent.tomorrow}\" @click=\"$parent.fetch($parent.tomorrow)\"><span class=\"button-label-line bigger\">Morgen<\/span><\/button>\n\t\t\t\t\t\t\t\t<button v-track=\"{category: 'Toggle', label: 'Upcoming Events', action: '+2Days'}\" class=\"h4 H4-mobile-smaller\" :class=\"{'active' : $parent.currentDay===$parent.afterTomorrow}\" @click=\"$parent.fetch($parent.afterTomorrow)\"><span class=\"button-label-line bigger\">\u00dcbermorgen<\/span><\/button>\n\t\t\t\t\t\t\t<\/div>\n\n\t\t\t\t\t\t\t<div v-if=\"$parent.openingHours\" class=\"hideBeforeLoaded\">\n\t\t\t\t\t\t\t\t<span class=\"ButtonLikeText\" v-if=\"$parent.openingHours.closed\">{{ $parent.currentDay | formatDateLong }}, geschlossen<\/span>\n\t\t\t\t\t\t\t\t<span class=\"ButtonLikeText\" v-else>{{ $parent.currentDay | formatDateLong }}, {{$parent.openingHours.start | time}} \u2013 {{$parent.openingHours.end | time}}  Uhr ge\u00f6ffnet<\/span>\n\t\t\t\t\t\t\t<\/div>\n\t\t\t\t\t\t\t\n\t\t\t\t\t\t<\/div>\n\t\t\t\t\t\t<div class=\"col-xs-12 col-md-4 start-xs end-md margin-bottom-sixth teaser-lane-buttons-wrapper teaser-lane-buttons-wrapper-with-tax\">\n\t\t\t\t\t\t\t<a :href=\"'https:\/\/www.humboldtforum.org\/de\/programm\/?start='+$parent.today+'&amp;end='+$parent.in2Weeks\" class=\"normalcase small noborder\" role=\"button\" v-if=\"$parent.events.length\">Zum Kalender<\/a>\n\t\t\t\t\t\t\t<teaser-lane-buttons :visible_prev=\"visible_prev\" :visible_next=\"visible_next\" @prev=\"prev\" @next=\"next\"><\/teaser-lane-buttons>\n\t\t\t\t\t\t<\/div>\n\t\t\t\t\t<\/div>\n\t\t\t\t<\/div>\n\t\t\t\t\n\t\t\t\t<div class=\"teaser-lane-wrapper\">\n\t\t\t\t\t<ul class=\"teaser-lane\"  v-if=\"$parent.events.length &#038;&#038; !$parent.loading\">\n\t\t\t\t\t\t<template v-for=\"item in $parent.events\">\n\t\t\t\t\t\t\t<calendarteaser :force-date=\"item.time\" force-icon=\"icon-uhr\" :force-day=\"$parent.currentDay | formatDateWeekDayShort\"  v-bind:key=\"item.postId+''+item.time\" :rawitem=\"item\" cols=\"lane16\"><\/calendarteaser>\n\t\t\t\t\t\t<\/template>\n\t\t\t\t\t<\/ul>\n\t\t\t\t\t<div v-else-if=\"$parent.loading\" class=\"teaser-lane-empty\"><div style=\"min-height: 100px\" class=\" jumpingdots\"><\/div><\/div>\n\t\t\t\t\t<div v-else class=\"teaser-lane-empty\">\n\t\t\t\t\t\t<div class=\"hideBeforeLoaded\">\n\t\t\t\t\t\t\t<h6 class=\"margin-bottom-atom\">\n\t\t\t\t\t\t\t\t<template v-if=\"$parent.currentDay===$parent.today\">\n\t\t\t\t\t\t\t\t\t<template v-if=\"$parent.openingHours.closed\">\n\t\t\t\t\t\t\t\t\t\tHeute geschlossen\t\t\t\t\t\t\t\t\t<\/template>\n\t\t\t\t\t\t\t\t\t<template v-else>\n\t\t\t\t\t\t\t\t\t\tHeute finden keine Veranstaltungen oder F\u00fchrungen mehr statt.\t\t\t\t\t\t\t\t\t<\/template>\n\t\t\t\t\t\t\t\t<\/template>\n\t\t\t\t\t\t\t\t<template v-else-if=\"$parent.currentDay===$parent.tomorrow\">\n\t\t\t\t\t\t\t\t\t<template v-if=\"$parent.openingHours.closed\">\n\t\t\t\t\t\t\t\t\t\tMorgen geschlossen\t\t\t\t\t\t\t\t\t<\/template>\n\t\t\t\t\t\t\t\t\t<template v-else>\n\t\t\t\t\t\t\t\t\t\tMorgen finden keine Veranstaltungen oder F\u00fchrungen statt.\t\t\t\t\t\t\t\t\t<\/template>\n\t\t\t\t\t\t\t\t<\/template>\n\t\t\t\t\t\t\t\t<template v-else-if=\"$parent.currentDay===$parent.afterTomorrow\">\n\t\t\t\t\t\t\t\t\t<template v-if=\"$parent.openingHours.closed\">\n\t\t\t\t\t\t\t\t\t\t\u00dcbermorgen geschlossen\t\t\t\t\t\t\t\t\t<\/template>\n\t\t\t\t\t\t\t\t\t<template v-else>\n\t\t\t\t\t\t\t\t\t\t\u00dcbermorgen finden keine Veranstaltungen oder F\u00fchrungen statt.\t\t\t\t\t\t\t\t\t<\/template>\n\t\t\t\t\t\t\t\t<\/template>\n\t\t\t\t\t\t\t\t\n\n\t\t\t\t\t\t\t<\/h6>\n\n\t\t\t\t\t\t\t<a :href=\"'https:\/\/www.humboldtforum.org\/de\/programm\/?start='+$parent.today+'&amp;end='+$parent.in2Weeks\" class=\"small \" role=\"button\">Zum Kalender<\/a>\n\t\t\t\t\t\t<\/div>\n\t\t\t\t\t<\/div>\n\t\t\t\t<\/div>\n\t\t\t\t\n\t\t\t<\/div>\n\t\t<\/teaser-lane-with-buttons>\n\t\t<\/div>\n\t<\/upcoming>\n<\/section>\n\n<section class=\"block block-CTA block-CTA-long leftgradient\">\n\t<div class=\"container-fluid\">\n\t\t<div class=\"row center-xs\">\n\t\t\t<div class=\"col-xs-12\">\n\t\t\t\t<div class=\"box\">\n\t\t\t\t\t<a href=\"https:\/\/www.humboldtforum.org\/de\/newsletter-2\/\" aria-label=\"Bleiben Sie auf dem Laufenden!\" class=\"teaser teaser-cta-wide \">\n\t\t\t\t\t\t<div class=\"teaser-image\">\n\t\t\t\t\t\t\t\n\t<lazy-media-inline inline-template>\n\t\t<figure itemscope itemtype=\"http:\/\/schema.org\/ImageObject\" class=\"lazy-media-inline \" role=\"group\" id=\"media_69f29781bf430\" aria-labelledby=\"desc_media_69f29781bf430\">\n\t\t\t<script type=\"application\/json\" ref=\"data\">\n\t\t\t\t{\n\t\t\t\t\"sizes\" : {\"medium\":{\"file\":\"HF_eb00025640-scaled-300x200.jpg\",\"width\":300,\"height\":200,\"mime-type\":\"image\\\/jpeg\"},\"large\":{\"file\":\"HF_eb00025640-scaled-1024x683.jpg\",\"width\":1024,\"height\":683,\"mime-type\":\"image\\\/jpeg\"},\"thumbnail\":{\"file\":\"HF_eb00025640-scaled-150x150.jpg\",\"width\":150,\"height\":150,\"mime-type\":\"image\\\/jpeg\"},\"medium_large\":{\"file\":\"HF_eb00025640-scaled-768x512.jpg\",\"width\":768,\"height\":512,\"mime-type\":\"image\\\/jpeg\"},\"small\":{\"file\":\"HF_eb00025640-scaled-440x293.jpg\",\"width\":440,\"height\":293,\"mime-type\":\"image\\\/jpeg\"},\"semi\":{\"file\":\"HF_eb00025640-scaled-580x387.jpg\",\"width\":580,\"height\":387,\"mime-type\":\"image\\\/jpeg\"},\"mobile\":{\"file\":\"HF_eb00025640-scaled-720x480.jpg\",\"width\":720,\"height\":480,\"mime-type\":\"image\\\/jpeg\"},\"hd\":{\"file\":\"HF_eb00025640-scaled-1280x854.jpg\",\"width\":1280,\"height\":854,\"mime-type\":\"image\\\/jpeg\"},\"full\":{\"file\":\"HF_eb00025640-scaled-1920x1280.jpg\",\"width\":1920,\"height\":1280,\"mime-type\":\"image\\\/jpeg\"},\"1536x1536\":{\"file\":\"HF_eb00025640-scaled-1536x1024.jpg\",\"width\":1536,\"height\":1024,\"mime-type\":\"image\\\/jpeg\"},\"2048x2048\":{\"file\":\"HF_eb00025640-scaled-2048x1366.jpg\",\"width\":2048,\"height\":1366,\"mime-type\":\"image\\\/jpeg\"},\"original\":{\"file\":\"HF_eb00025640-scaled.jpg\",\"width\":2560,\"height\":1707}},\n\t\t\t\t\"alt\" : \"Eine Person h\\u00e4lt eine gedruckte Zeitung mit dem Titel \\\"Humboldt Forum\\\".\",\n\t\t\t\t\"path\" : \"\\\/wp-content\\\/uploads\\\/2020\\\/04\\\/\",\n\t\t\t\t\"video\" : null,\n\t\t\t\t\"autoplay\" : null,\n\t\t\t\t\"youtube\" : null,\n\t\t\t\t\"youtubelabel\" : \"Video abspielen\",\n\t\t\t\t\"brightness\" : \"70\",\n\t\t\t\t\"crop\" : {\"top\":\"52.69\",\"left\":\"52.11\"},\n\t\t\t\t\"background\" : true,\n\t\t\t\t\"scale\" : 2\t\t\t\t}\n\t\t\t<\/script>\n\n\t\t\t<div class=\"height-container\" style=\"padding-bottom:66.6796875%;\" v-if=\"sizes\">\n\t\t\t\t\t\t\t\t<lazy-media :inline=\"true\" :alt=\"alt\" :sizes=\"sizes\" :scale=\"scale\" :brightness=\"brightness\" :path=\"path\" :video=\"video\" :autoplay=\"autoplay\" :youtube=\"youtube\" :crop=\"crop\" :youtubelabel=\"youtubelabel\" :background=\"background\" media-id=\"desc_media_69f29781bf430\"><\/lazy-media>\n\t\t\t\t\t\t\t<\/div>\n\n\t\t\t\t\t\t\t<figcaption class=\"sr-only\" ref=\"body\" id=\"desc_media_69f29781bf430\">\n\t\t\t\t\t\t\t\t\t\t\t\t\t\t\t\t\t\t\t\t\t<div class=\"insignificant\">\u00a9 SHF \/ David von Becker<\/div>\n\t\t\t\t\t\t\t\t\t<\/figcaption>\n\t\t\t\t\t<\/figure>\n\t<\/lazy-media-inline>\n\t\t\t\t\t\t<\/div>\n\t\t\t\t\t\t<div class=\"teaser-content \">\n\t\t\t\t\t\t\t<div>\n\t\t\t\t\t\t\t\t\t\t\t\t\t\t\t\t<div class=\"teaser-header\"><span class=\"h3\">Bleiben Sie auf dem Laufenden!<\/span><\/div>\n\t\t\t\t\t\t\t\t<div class=\"teaser-subline\"><span class=\"font-decoration\">Abonnieren Sie unseren Newsletter<\/span><\/div>\t\t\t\t\t\t\t\t<button tabindex=\"-1\" class=\"border\">Abonnieren Sie unseren Newsletter<\/button>\n\t\t\t\t\t\t\t<\/div>\n\t\t\t\t\t\t<\/div>\n\t\t\t\t\t<\/a>\n\t\t\t\t<\/div>\n\t\t\t<\/div>\n\t\t<\/div>\n\t<\/div>\n<\/section>\n","protected":false},"template":"","genre":[392],"digital":[],"topic":[],"stakeholder":[],"editorial":[],"editorialfilter":[],"targetgroup":[],"language":[384,385,386],"accessability":[],"age":[],"school":[],"groupsize":[],"place":[957],"class_list":["post-46901","event","type-event","status-publish","has-post-thumbnail","hentry","genre-diskurs","language-deutsch","language-englisch","language-spanisch","place-foyer"],"acf":[],"_links":{"self":[{"href":"https:\/\/www.humboldtforum.org\/de\/wp-json\/wp\/v2\/event\/46901","targetHints":{"allow":["GET"]}}],"collection":[{"href":"https:\/\/www.humboldtforum.org\/de\/wp-json\/wp\/v2\/event"}],"about":[{"href":"https:\/\/www.humboldtforum.org\/de\/wp-json\/wp\/v2\/types\/event"}],"version-history":[{"count":3,"href":"https:\/\/www.humboldtforum.org\/de\/wp-json\/wp\/v2\/event\/46901\/revisions"}],"predecessor-version":[{"id":50430,"href":"https:\/\/www.humboldtforum.org\/de\/wp-json\/wp\/v2\/event\/46901\/revisions\/50430"}],"wp:featuredmedia":[{"embeddable":true,"href":"https:\/\/www.humboldtforum.org\/de\/wp-json\/wp\/v2\/media\/46902"}],"wp:attachment":[{"href":"https:\/\/www.humboldtforum.org\/de\/wp-json\/wp\/v2\/media?parent=46901"}],"wp:term":[{"taxonomy":"genre","embeddable":true,"href":"https:\/\/www.humboldtforum.org\/de\/wp-json\/wp\/v2\/genre?post=46901"},{"taxonomy":"digital","embeddable":true,"href":"https:\/\/www.humboldtforum.org\/de\/wp-json\/wp\/v2\/digital?post=46901"},{"taxonomy":"topic","embeddable":true,"href":"https:\/\/www.humboldtforum.org\/de\/wp-json\/wp\/v2\/topic?post=46901"},{"taxonomy":"stakeholder","embeddable":true,"href":"https:\/\/www.humboldtforum.org\/de\/wp-json\/wp\/v2\/stakeholder?post=46901"},{"taxonomy":"editorial","embeddable":true,"href":"https:\/\/www.humboldtforum.org\/de\/wp-json\/wp\/v2\/editorial?post=46901"},{"taxonomy":"editorialfilter","embeddable":true,"href":"https:\/\/www.humboldtforum.org\/de\/wp-json\/wp\/v2\/editorialfilter?post=46901"},{"taxonomy":"targetgroup","embeddable":true,"href":"https:\/\/www.humboldtforum.org\/de\/wp-json\/wp\/v2\/targetgroup?post=46901"},{"taxonomy":"language","embeddable":true,"href":"https:\/\/www.humboldtforum.org\/de\/wp-json\/wp\/v2\/language?post=46901"},{"taxonomy":"accessability","embeddable":true,"href":"https:\/\/www.humboldtforum.org\/de\/wp-json\/wp\/v2\/accessability?post=46901"},{"taxonomy":"age","embeddable":true,"href":"https:\/\/www.humboldtforum.org\/de\/wp-json\/wp\/v2\/age?post=46901"},{"taxonomy":"school","embeddable":true,"href":"https:\/\/www.humboldtforum.org\/de\/wp-json\/wp\/v2\/school?post=46901"},{"taxonomy":"groupsize","embeddable":true,"href":"https:\/\/www.humboldtforum.org\/de\/wp-json\/wp\/v2\/groupsize?post=46901"},{"taxonomy":"place","embeddable":true,"href":"https:\/\/www.humboldtforum.org\/de\/wp-json\/wp\/v2\/place?post=46901"}],"curies":[{"name":"wp","href":"https:\/\/api.w.org\/{rel}","templated":true}]}}