{"id":52614,"date":"2022-09-13T12:49:35","date_gmt":"2022-09-13T10:49:35","guid":{"rendered":"https:\/\/www.humboldtforum.org\/?post_type=event&#038;p=52614"},"modified":"2022-09-13T12:56:49","modified_gmt":"2022-09-13T10:56:49","slug":"farhot","status":"publish","type":"event","link":"https:\/\/www.humboldtforum.org\/de\/programm\/termin\/dj-set\/farhot-52614\/","title":{"rendered":"FARHOT\u00a0"},"content":{"rendered":"<section class=\"block block-copy\" >\n    <div class=\"container-fluid\">\n\t\t<div class=\"row \">\n            <div class=\"col-xs-12 col-md-offset-2 col-md-8\">\n                <div class=\"box\">\n                    <div class=\"copy\"><p>Der Produzent und Gr\u00fcnder von Kabul Fire Records\u00a0<strong>Farhot\u00a0<\/strong>produziert seit mehr als einem Jahrzehnt erfolgreich Musik f\u00fcr eine Vielzahl von K\u00fcnstlern. Sein Mittags-Set f\u00fcr die Sauer Power Klubnacht wird sich aus Musik aus aller Welt und Soul von \u00fcberall zusammensetzen.<\/p>\n<\/div>\n                <\/div>\n            <\/div>\n\t\t<\/div>\n\t\t    <\/div>\n<\/section>\n\n\n<section class=\"block block-accordion\">\n\t<div class=\"container-fluid\">\n\t\t<div class=\"row\">\n\t\t\t<div class=\"col-xs-12 col-md-offset-2 col-md-8\">\n\t\t\t\t<div class=\"box\">\n\t\t\t\t\t\t\t\t\t\t\t<block-accordion inline-template>\n\t\t\t\t\t\t\t<div class=\"accordion\">\n\t\t\t\t\t\t\t\t\t\t\t\t\t\t\t<block-accordion-item inline-template item-headline=\"Farhot\">\n\t\t\t\t\t\t\t\t<div ref=\"item\" data-id=\"Farhot\" class=\"block-accordion-item vue-initialize\" aria-expanded=\"false\" :aria-expanded=\"active ? 'true' : 'false'\">\n\t\t\t\t\t\t\t\t\t<button class=\"accordion-button-with-icon block-accordion-item-head\" :class=\"{'button-active': active}\" ref=\"head\" aria-controls=\"acc_69f29757ec991\" id=\"acc_title_69f29757ec993\" @click=\"toggle\" @keydown=\"key\">\n\t\t\t\t\t\t\t\t\t<div><span class=\"button-label\">Farhot<\/span><\/div><span class=\"button-icon icon-plus\" aria-hidden=\"true\"><\/span>\n\t\t\t\t\t\t\t\t<\/button>\n\t\t\t\t\t\t\t\t\t<div ref=\"body\" class=\"block-accordion-item-content\" id=\"acc_69f29757ec991\" role=\"region\">\n\t\t\t\t\t\t\t\t\t\t<div class=\"wrapper copy\">\n\t\t\t\t\t\t\t\t\t\t\t<p>K\u00fcnstlerproduzent und Gr\u00fcnder von Kabul Fire Records\u00a0<b>Farhot<\/b>\u00a0produziert und ver\u00f6ffentlicht seit \u00fcber einem Jahrzehnt erfolgreich Musik. Seine Produktionen \u2013 und noch mehr die eigenen Releases als K\u00fcnstler \u2013 tragen seine ganz eigene musikalische Handschrift, ohne dass sich sein Output auf ein bestimmtes Genre beschr\u00e4nkt. Unbestritten ist dennoch, dass Farhots Schaffen in fester Tradition des HipHops verankert ist. Seine Karriere begann mit dem ersten Nneka Album, er stellt eine H\u00e4lfte des Produzentenduos \u201eDie Achse\u201c zusammen mit Langzeitpartner Bazzazian und sein beeindruckendes Oeuvre umfasst eine Reihe von zu meist internationalen K\u00fcnstler*innen wie Giggs, Kano, Isaiah Rashad, Talib Kweli, Selah Sue, 113, LOC, Haftbefehl, Xatar. Zuletzt ver\u00f6ffentlichte Farhot sein zweites Album Kabul Fire Vol. 2 \u2013 von den Kritiker*innen hochgelobt, wurde diese musikalische Hommage an seine Heimat Afghanistan als Album des Monats von The Guardian UK gefeiert.<\/p>\n<p>&nbsp;<\/p>\n\n\t\t\t\t\t\t\t\t\t\t\t\t\t\t\t\t\t\t\t\t\t\t\t\t\t\t\t\t\t\t\t\t\t\n\t\t\t\t\t\t\t\t\t\t\t<div class=\"row\">\n\t\t\t\t\t\t\t\t\t\t\t\t<div class=\"col-xs-9 col-md-9\">\n\t\t\t\t\t\t\t\t\t\t\t\t\t<div class=\"box\">\n\t\t\t\t\t\t\t\t\t\t\t\t\t\t\t\t\t\t\t\t\t\t\t\t\t\t\t<\/div>\n\t\t\t\t\t\t\t\t\t\t\t\t<\/div>\n\t\t\t\t\t\t\t\t\t\t\t<\/div>\n\n\t\t\t\t\t\t\t\t\t\t\t\t\t\t\t\t\t\t\t\t\t<\/div>\n\t\t\t\t\t\t\t\t\t<\/div>\n\t\t\t\t\t\t\t\t<\/div>\n\t\t\t\t\t\t\t\t<\/block-accordion-item>\n\t\t\t\t\t\t\t\t\t\t\t\t\t<\/div>\n\t\t\t\t\t\t<\/block-accordion>\n\t\t\t\t\t\t\t\t\t<\/div>\n\t\t\t<\/div>\n\t\t<\/div>\n\t<\/div>\n<\/section>\n\n\n<section class=\"block block-teaser col-1 \" style=\"\">\n\t<lazy-component :fixed-min-height=\"400\">\n\t\n\t\t\t\t\t<div class=\"container-fluid\">\n\t\t\t\t<div class=\"row bottom-xs\">\n\t\t\t\t\t<div class=\"col-xs-12 col-sm-10 col-md-8 col-sm-offset-1 col-md-offset-2\">\n\t\t\t\t\t\t<h4>Geh\u00f6rt zu<\/h4>\t\t\t\t\t\t\t\t\t\t\t\t\t\t\t\t\t\t\t<\/div>\n\t\t\t\t\t<div class=\"col-xs-12 col-sm-10 col-md-8 col-sm-offset-1 col-md-offset-2 start-xs end-md margin-bottom-sixth\">\n\t\t\t\t\t\t\t\t\t\t\t<\/div>\n\t\t\t\t<\/div>\n\t\t\t\t<ul class=\"row\">\n\t\t\t\n<li class=\"col-xs-12 teaser-wrapper col-padding-remove\">\n\t<calendarteaser key=\"4715211715\" rawitem='{&quot;postId&quot;:47152,&quot;title&quot;:&quot;Sauer Power Klubnacht&quot;,&quot;excerpt&quot;:&quot;&quot;,&quot;slug&quot;:&quot;sauer-power-klubnacht&quot;,&quot;post_date&quot;:&quot;2022-08-10T10:20&quot;,&quot;type&quot;:&quot;event-multi&quot;,&quot;permalink&quot;:&quot;https:\\\/\\\/www.humboldtforum.org\\\/de\\\/programm\\\/event\\\/dj-set\\\/sauer-power-klubnacht-47152\\\/&quot;,&quot;genre&quot;:[946,845,393,871,849,930],&quot;genre_details&quot;:[{&quot;text&quot;:&quot;DJ Set&quot;,&quot;id&quot;:946,&quot;icon&quot;:null,&quot;parent&quot;:0},{&quot;text&quot;:&quot;Festival&quot;,&quot;id&quot;:845,&quot;icon&quot;:null,&quot;parent&quot;:0},{&quot;text&quot;:&quot;Konzert&quot;,&quot;id&quot;:393,&quot;icon&quot;:null,&quot;parent&quot;:0},{&quot;text&quot;:&quot;Open Air&quot;,&quot;id&quot;:871,&quot;icon&quot;:null,&quot;parent&quot;:0},{&quot;text&quot;:&quot;Party&quot;,&quot;id&quot;:849,&quot;icon&quot;:null,&quot;parent&quot;:0},{&quot;text&quot;:&quot;Performance&quot;,&quot;id&quot;:930,&quot;icon&quot;:null,&quot;parent&quot;:0}],&quot;icon_overwrite&quot;:&quot;&quot;,&quot;acf&quot;:{&quot;noindex&quot;:false,&quot;keywords&quot;:&quot;&quot;,&quot;belongsto&quot;:[48807],&quot;shorturl&quot;:&quot;&quot;,&quot;times&quot;:[],&quot;planning&quot;:{&quot;price&quot;:&quot;kostenfrei&quot;,&quot;admission&quot;:&quot;&quot;,&quot;pause&quot;:&quot;&quot;,&quot;duration&quot;:&quot;&quot;,&quot;status&quot;:&quot;BUY&quot;,&quot;info&quot;:&quot;&quot;,&quot;shop&quot;:&quot;&quot;,&quot;can_purchase&quot;:false},&quot;additional_info&quot;:{&quot;icon&quot;:&quot;0&quot;,&quot;text&quot;:&quot;&quot;},&quot;highlight_header&quot;:false,&quot;featured_images&quot;:[47244],&quot;use_video_in_teasers&quot;:false,&quot;hyphenation&quot;:false,&quot;tipp&quot;:false,&quot;joker&quot;:false,&quot;live&quot;:false,&quot;hide_event_in_program&quot;:false,&quot;marketing_text&quot;:&quot;Weitere Termine w\\u00e4hrend 24h OFFEN&quot;,&quot;overwrite_date&quot;:&quot;Fr, 16. September \\u2013 So, 18. September 2022&quot;},&quot;date&quot;:{&quot;NX&quot;:null,&quot;NXX&quot;:null,&quot;NLAST&quot;:&quot;202209172100&quot;,&quot;from_DATE&quot;:&quot;20220916 17:00&quot;,&quot;from&quot;:1663333200,&quot;to&quot;:1663448400,&quot;to_DATE&quot;:&quot;20220918 01:00&quot;,&quot;from_HRFSHORT&quot;:&quot;16. Sep 2022&quot;,&quot;from_HRFSHORT_WD&quot;:&quot;Fr 16.09.2022&quot;,&quot;to_HRFSHORT&quot;:&quot;17. Sep 2022&quot;,&quot;to_HRFSHORT_WD&quot;:&quot;Sa 17.09.2022&quot;,&quot;from_HRF&quot;:&quot;Fr, 16. September 2022&quot;,&quot;to_HRF&quot;:&quot;Sa, 17. September 2022&quot;,&quot;from_to_HRF&quot;:&quot;Fr, 16. September \\u2013 Sa, 17. September 2022&quot;,&quot;from_to_HRFSHORT&quot;:&quot;16. Sep \\u2013 17. Sep 2022&quot;},&quot;alert&quot;:null,&quot;partof&quot;:[],&quot;marketing_topic&quot;:{&quot;title&quot;:&quot;24h OFFEN&quot;,&quot;ID&quot;:48807,&quot;reason&quot;:&quot;belongsto&quot;}}' inline-template>\n\t<a href=\"https:\/\/www.humboldtforum.org\/de\/programm\/event\/dj-set\/sauer-power-klubnacht-47152\/\" class=\"teaser teaser-event-multi teaser-event-standard\">\n\t\t<div class=\"row\">\n\t\t\t<div class=\"col-xs-12 col-sm-6 col-md-5 col-sm-offset-1 col-md-offset-2 first-sm teaser-event-text Infos\">\n\t\t\t\t<div class=\"teaser-event-standard-text\">\n\t\t\t\t\t<div class=\"margin-bottom-atom\">\n\t\t\t\t\t\t<div class=\"subline clamp-1\" v-html=\"maingenre\"><\/div>\n\t\t\t\t\t\t\t\t\t\t\t\t\t<div class=\"insignificant clamp-2\">24h OFFEN<\/div>\n\t\t\t\t\t\t\t\t\t\t\t<\/div>\n\t\t\t\t\n\t\t\t\t\t<strong class=\"margin-bottom-atom h5\">Sauer Power Klubnacht<\/strong>\n\n\t\t\t\t\t\t\t\t\t\t\t<div class=\"\">Weitere Termine w\u00e4hrend 24h OFFEN<\/div>\n\t\t\t\t\t\t\t\t\t<\/div>\n\t\t\t\t<div class=\"teaser-bottom border-bottom\">\n\t\t\t\t<calendardateline :rawitem='item' :show-icon=\"true\"><\/calendardateline>\n\t\t\t\t\t<hr>\n\t\t\t\t<\/div>\n\t\t\t<\/div>\n\t\t\t<div class=\"col-xs-12 col-sm-4 col-md-3 teaser-event-image bottom-xs first-xs\">\n\t\t\t\t<div class=\"teaser-image teaser-image-no-alternate\">\n\t\t\t\t\t\t\t\t\t\t\t\n\t<lazy-media-inline inline-template>\n\t\t<figure itemscope itemtype=\"http:\/\/schema.org\/ImageObject\" class=\"lazy-media-inline \" role=\"group\" id=\"media_69f2975815b74\" aria-labelledby=\"desc_media_69f2975815b74\">\n\t\t\t<script type=\"application\/json\" ref=\"data\">\n\t\t\t\t{\n\t\t\t\t\"sizes\" : {\"medium\":{\"file\":\"SHF_eb00145572-1-300x142.jpg\",\"width\":300,\"height\":142,\"mime-type\":\"image\\\/jpeg\",\"filesize\":3089},\"large\":{\"file\":\"SHF_eb00145572-1-1024x484.jpg\",\"width\":1024,\"height\":484,\"mime-type\":\"image\\\/jpeg\",\"filesize\":20927},\"thumbnail\":{\"file\":\"SHF_eb00145572-1-150x150.jpg\",\"width\":150,\"height\":150,\"mime-type\":\"image\\\/jpeg\",\"filesize\":2858},\"medium_large\":{\"file\":\"SHF_eb00145572-1-768x363.jpg\",\"width\":768,\"height\":363,\"mime-type\":\"image\\\/jpeg\",\"filesize\":12760},\"small\":{\"file\":\"SHF_eb00145572-1-440x208.jpg\",\"width\":440,\"height\":208,\"mime-type\":\"image\\\/jpeg\",\"filesize\":5214},\"semi\":{\"file\":\"SHF_eb00145572-1-580x274.jpg\",\"width\":580,\"height\":274,\"mime-type\":\"image\\\/jpeg\",\"filesize\":8144},\"mobile\":{\"file\":\"SHF_eb00145572-1-720x340.jpg\",\"width\":720,\"height\":340,\"mime-type\":\"image\\\/jpeg\",\"filesize\":11575},\"hd\":{\"file\":\"SHF_eb00145572-1-1280x605.jpg\",\"width\":1280,\"height\":605,\"mime-type\":\"image\\\/jpeg\",\"filesize\":30993},\"full\":{\"file\":\"SHF_eb00145572-1-1920x907.jpg\",\"width\":1920,\"height\":907,\"mime-type\":\"image\\\/jpeg\",\"filesize\":64886},\"xxl\":{\"file\":\"SHF_eb00145572-1-4048x1912.jpg\",\"width\":4048,\"height\":1912,\"mime-type\":\"image\\\/jpeg\",\"filesize\":267196},\"1536x1536\":{\"file\":\"SHF_eb00145572-1-1536x726.jpg\",\"width\":1536,\"height\":726,\"mime-type\":\"image\\\/jpeg\",\"filesize\":43077},\"2048x2048\":{\"file\":\"SHF_eb00145572-1-2048x967.jpg\",\"width\":2048,\"height\":967,\"mime-type\":\"image\\\/jpeg\",\"filesize\":73251},\"original\":{\"file\":\"SHF_eb00145572-1.jpg\",\"width\":8000,\"height\":3779}},\n\t\t\t\t\"alt\" : \"Eine stylisierte Pfeife mit gr\\u00fcnem, gemustertem Kopf und silbernem sowie schwarzem Hals.\",\n\t\t\t\t\"path\" : \"\\\/wp-content\\\/uploads\\\/2022\\\/08\\\/\",\n\t\t\t\t\"video\" : null,\n\t\t\t\t\"autoplay\" : null,\n\t\t\t\t\"youtube\" : null,\n\t\t\t\t\"youtubelabel\" : \"Video abspielen\",\n\t\t\t\t\"brightness\" : 100,\n\t\t\t\t\"crop\" : null,\n\t\t\t\t\"background\" : true,\n\t\t\t\t\"scale\" : 1\t\t\t\t}\n\t\t\t<\/script>\n\n\t\t\t<div class=\"height-container\" style=\"padding-bottom:47.2375%;\" v-if=\"sizes\">\n\t\t\t\t\t\t\t\t<lazy-media :inline=\"true\" :alt=\"alt\" :sizes=\"sizes\" :scale=\"scale\" :brightness=\"brightness\" :path=\"path\" :video=\"video\" :autoplay=\"autoplay\" :youtube=\"youtube\" :crop=\"crop\" :youtubelabel=\"youtubelabel\" :background=\"background\" media-id=\"desc_media_69f2975815b74\"><\/lazy-media>\n\t\t\t\t\t\t\t<\/div>\n\n\t\t\t\t\t\t\t<figcaption class=\"sr-only\" ref=\"body\" id=\"desc_media_69f2975815b74\">\n\t\t\t\t\t\t\t\t\t\t\t<div>Beispielbild f&uuml;r das Gurken-Mikrofon f&uuml;r die Sour Power Klubnacht der Slavs and Tatars im Rahmen der Ostfl&uuml;geler&ouml;ffnung, im Bild die Installation Open Mic, 2018, Plexiglas, digital print, LED lights, stainless steel, aluminium, 95 &times; 29 &times; 20 cm. Installation view at Kunstverein Hannover.<\/div>\n\t\t\t\t\t\t\t\t\t\t\t\t\t\t\t\t\t\t\t\t\t<div class=\"insignificant\">\u00a9 Slavs and Tatars\/ Foto: Raimund Zakowski<\/div>\n\t\t\t\t\t\t\t\t\t<\/figcaption>\n\t\t\t\t\t<\/figure>\n\t<\/lazy-media-inline>\n\t\t\t\t<\/div>\n\t\t\t<\/div>\n\t\t<\/div>\n\t<\/a>\n\t<\/calendarteaser>\n<\/li>\n\n\n<li class=\"col-xs-12 teaser-wrapper col-padding-remove\">\n\t<calendarteaser key=\"4880715324\" rawitem='{&quot;postId&quot;:48807,&quot;title&quot;:&quot;24h OFFEN&quot;,&quot;excerpt&quot;:&quot;&quot;,&quot;slug&quot;:&quot;24h-offen&quot;,&quot;post_date&quot;:&quot;2022-08-24T16:48&quot;,&quot;type&quot;:&quot;event-multi&quot;,&quot;permalink&quot;:&quot;https:\\\/\\\/www.humboldtforum.org\\\/de\\\/programm\\\/event\\\/eroeffnung\\\/24h-offen-48807\\\/&quot;,&quot;genre&quot;:[390],&quot;genre_details&quot;:[{&quot;text&quot;:&quot;Er\\u00f6ffnung&quot;,&quot;id&quot;:390,&quot;icon&quot;:null,&quot;parent&quot;:0}],&quot;stakeholder&quot;:[530,382],&quot;stakeholder_details&quot;:[{&quot;text&quot;:&quot;Staatliche Museen zu Berlin&quot;,&quot;id&quot;:530,&quot;icon&quot;:null,&quot;parent&quot;:0},{&quot;text&quot;:&quot;Stiftung Humboldt Forum im Berliner Schloss&quot;,&quot;id&quot;:382,&quot;icon&quot;:null,&quot;parent&quot;:0}],&quot;targetgroup&quot;:[383,455,454],&quot;targetgroup_details&quot;:[{&quot;text&quot;:&quot;Erwachsene&quot;,&quot;id&quot;:383,&quot;icon&quot;:null,&quot;parent&quot;:0},{&quot;text&quot;:&quot;Jugendliche&quot;,&quot;id&quot;:455,&quot;icon&quot;:null,&quot;parent&quot;:0},{&quot;text&quot;:&quot;Kinder und Familien&quot;,&quot;id&quot;:454,&quot;icon&quot;:null,&quot;parent&quot;:0}],&quot;icon_overwrite&quot;:&quot;&quot;,&quot;acf&quot;:{&quot;noindex&quot;:false,&quot;keywords&quot;:&quot;&quot;,&quot;belongsto&quot;:false,&quot;shorturl&quot;:&quot;24h&quot;,&quot;times&quot;:[],&quot;planning&quot;:{&quot;price&quot;:&quot;Eintritt Frei&quot;,&quot;admission&quot;:&quot;&quot;,&quot;pause&quot;:&quot;&quot;,&quot;duration&quot;:&quot;&quot;,&quot;status&quot;:&quot;JOIN&quot;,&quot;info&quot;:&quot;Eintritt Frei&quot;,&quot;shop&quot;:&quot;&quot;,&quot;can_purchase&quot;:false},&quot;subline&quot;:&quot;24-st\\u00fcndige Er\\u00f6ffnung des Ostfl\\u00fcgels im Humboldt Forum&quot;,&quot;subline_feature&quot;:&quot;Diskurs trifft Disco&quot;,&quot;additional_info&quot;:{&quot;icon&quot;:&quot;0&quot;,&quot;text&quot;:&quot;&quot;},&quot;highlight_header&quot;:true,&quot;highlight_header_image&quot;:46690,&quot;video&quot;:46718,&quot;has_mobile_format&quot;:true,&quot;highlight_header_image_mobile&quot;:46697,&quot;mobile_video&quot;:46727,&quot;use_video_in_teasers&quot;:true,&quot;video_brightness&quot;:&quot;66&quot;,&quot;hyphenation&quot;:true,&quot;tipp&quot;:false,&quot;alert_text&quot;:&quot;Highlight&quot;,&quot;joker&quot;:true,&quot;live&quot;:false,&quot;announcement&quot;:&quot;17.-18.09.2022&quot;,&quot;overwrite_date&quot;:&quot;17.-18.09.2022&quot;,&quot;hide_event_in_program&quot;:false},&quot;date&quot;:{&quot;NX&quot;:null,&quot;NXX&quot;:null,&quot;NLAST&quot;:&quot;202209172000&quot;,&quot;from_DATE&quot;:&quot;20220917 12:00&quot;,&quot;from&quot;:1663401600,&quot;to&quot;:1663444800,&quot;to_DATE&quot;:&quot;20220918 00:00&quot;,&quot;from_HRFSHORT&quot;:&quot;17. Sep 2022&quot;,&quot;from_HRFSHORT_WD&quot;:&quot;Sa 17.09.2022&quot;,&quot;to_HRFSHORT&quot;:&quot;17. Sep 2022&quot;,&quot;to_HRFSHORT_WD&quot;:&quot;Sa 17.09.2022&quot;,&quot;from_HRF&quot;:&quot;Sa, 17. September 2022&quot;,&quot;to_HRF&quot;:&quot;Sa, 17. September 2022&quot;,&quot;from_to_HRF&quot;:&quot;Sa, 17. September \\u2013 Sa, 17. September 2022&quot;,&quot;from_to_HRFSHORT&quot;:&quot;17. Sep \\u2013 17. Sep 2022&quot;},&quot;alert&quot;:&quot;Highlight&quot;,&quot;partof&quot;:[],&quot;marketing_topic&quot;:&quot;&quot;}' inline-template>\n\t<a href=\"https:\/\/www.humboldtforum.org\/de\/programm\/event\/eroeffnung\/24h-offen-48807\/\" class=\"teaser teaser-event-multi teaser-event-standard\">\n\t\t<div class=\"row\">\n\t\t\t<div class=\"col-xs-12 col-sm-6 col-md-5 col-sm-offset-1 col-md-offset-2 first-sm teaser-event-text Infos\">\n\t\t\t\t<div class=\"teaser-event-standard-text\">\n\t\t\t\t\t<div class=\"margin-bottom-atom\">\n\t\t\t\t\t\t<div class=\"subline clamp-1\" v-html=\"maingenre\"><\/div>\n\t\t\t\t\t\t\t\t\t\t\t<\/div>\n\t\t\t\t\n\t\t\t\t\t<strong class=\"margin-bottom-atom h5\">24h OFFEN<\/strong>\n\n\t\t\t\t\t\t\t\t\t\t\t<div class=\"\">24-st\u00fcndige Er\u00f6ffnung des Ostfl\u00fcgels im Humboldt Forum<\/div>\n\t\t\t\t\t\t\t\t\t<\/div>\n\t\t\t\t<div class=\"teaser-bottom border-bottom\">\n\t\t\t\t<calendardateline :rawitem='item' :show-icon=\"true\"><\/calendardateline>\n\t\t\t\t\t<hr>\n\t\t\t\t<\/div>\n\t\t\t<\/div>\n\t\t\t<div class=\"col-xs-12 col-sm-4 col-md-3 teaser-event-image bottom-xs first-xs\">\n\t\t\t\t<div class=\"teaser-image teaser-image-no-alternate\">\n\t\t\t\t\t\t\t\t\t\t\t\n\t<lazy-media-inline inline-template>\n\t\t<figure itemscope itemtype=\"http:\/\/schema.org\/ImageObject\" class=\"lazy-media-inline \" role=\"group\" id=\"media_69f2975816b0c\" aria-labelledby=\"desc_media_69f2975816b0c\">\n\t\t\t<script type=\"application\/json\" ref=\"data\">\n\t\t\t\t{\n\t\t\t\t\"sizes\" : {\"medium\":{\"file\":\"SHF_eb00145256-176x300.jpg\",\"width\":176,\"height\":300,\"mime-type\":\"image\\\/jpeg\",\"filesize\":11666},\"large\":{\"file\":\"SHF_eb00145256-599x1024.jpg\",\"width\":599,\"height\":1024,\"mime-type\":\"image\\\/jpeg\",\"filesize\":69885},\"thumbnail\":{\"file\":\"SHF_eb00145256-150x150.jpg\",\"width\":150,\"height\":150,\"mime-type\":\"image\\\/jpeg\",\"filesize\":7752},\"small\":{\"file\":\"SHF_eb00145256-257x440.jpg\",\"width\":257,\"height\":440,\"mime-type\":\"image\\\/jpeg\",\"filesize\":20982},\"semi\":{\"file\":\"SHF_eb00145256-339x580.jpg\",\"width\":339,\"height\":580,\"mime-type\":\"image\\\/jpeg\",\"filesize\":31179},\"mobile\":{\"file\":\"SHF_eb00145256-421x720.jpg\",\"width\":421,\"height\":720,\"mime-type\":\"image\\\/jpeg\",\"filesize\":42585},\"original\":{\"file\":\"SHF_eb00145256.jpg\",\"width\":749,\"height\":1280}},\n\t\t\t\t\"alt\" : \"Bunte, spritzende Farben umgeben ein schwarzes Quadrat vor schwarzem Hintergrund.\",\n\t\t\t\t\"path\" : \"\\\/wp-content\\\/uploads\\\/2022\\\/07\\\/\",\n\t\t\t\t\"video\" : null,\n\t\t\t\t\"autoplay\" : \"https:\\\/\\\/www.humboldtforum.org\\\/wp-content\\\/uploads\\\/2022\\\/08\\\/HF_Ostfluegel_Webteaser_Quer_V2.mp4\",\n\t\t\t\t\"youtube\" : null,\n\t\t\t\t\"youtubelabel\" : \"Video abspielen\",\n\t\t\t\t\"brightness\" : 66,\n\t\t\t\t\"crop\" : null,\n\t\t\t\t\"background\" : true,\n\t\t\t\t\"scale\" : 1\t\t\t\t}\n\t\t\t<\/script>\n\n\t\t\t<div class=\"height-container\" style=\"padding-bottom:170.89452603471%;\" v-if=\"sizes\">\n\t\t\t\t\t\t\t\t<lazy-media :inline=\"true\" :alt=\"alt\" :sizes=\"sizes\" :scale=\"scale\" :brightness=\"brightness\" :path=\"path\" :video=\"video\" :autoplay=\"autoplay\" :youtube=\"youtube\" :crop=\"crop\" :youtubelabel=\"youtubelabel\" :background=\"background\" media-id=\"desc_media_69f2975816b0c\"><\/lazy-media>\n\t\t\t\t\t\t\t<\/div>\n\n\t\t\t\t\t\t\t<figcaption class=\"sr-only\" ref=\"body\" id=\"desc_media_69f2975816b0c\">\n\t\t\t\t\t\t\t\t\t\t\t\t\t\t\t\t\t\t\t\t\t<div class=\"insignificant\">\u00a9 Stiftung Humboldt Forum im Berliner Schloss \/ bus.group<\/div>\n\t\t\t\t\t\t\t\t\t<\/figcaption>\n\t\t\t\t\t<\/figure>\n\t<\/lazy-media-inline>\n\t\t\t\t<\/div>\n\t\t\t<\/div>\n\t\t<\/div>\n\t<\/a>\n\t<\/calendarteaser>\n<\/li>\n\n\t\t\t\t<\/ul>\n\t\t\t<\/div>\n\t\t\t\t<\/lazy-component>\n<\/section>\n\n","protected":false},"template":"","genre":[946],"digital":[],"topic":[],"stakeholder":[],"editorial":[],"editorialfilter":[],"targetgroup":[383],"language":[],"accessability":[],"age":[],"school":[],"groupsize":[],"place":[510],"class_list":["post-52614","event","type-event","status-publish","has-post-thumbnail","hentry","genre-dj-set","targetgroup-erwachsene","place-schlueterhof"],"acf":[],"_links":{"self":[{"href":"https:\/\/www.humboldtforum.org\/de\/wp-json\/wp\/v2\/event\/52614","targetHints":{"allow":["GET"]}}],"collection":[{"href":"https:\/\/www.humboldtforum.org\/de\/wp-json\/wp\/v2\/event"}],"about":[{"href":"https:\/\/www.humboldtforum.org\/de\/wp-json\/wp\/v2\/types\/event"}],"version-history":[{"count":12,"href":"https:\/\/www.humboldtforum.org\/de\/wp-json\/wp\/v2\/event\/52614\/revisions"}],"predecessor-version":[{"id":52637,"href":"https:\/\/www.humboldtforum.org\/de\/wp-json\/wp\/v2\/event\/52614\/revisions\/52637"}],"wp:featuredmedia":[{"embeddable":true,"href":"https:\/\/www.humboldtforum.org\/de\/wp-json\/wp\/v2\/media\/52467"}],"wp:attachment":[{"href":"https:\/\/www.humboldtforum.org\/de\/wp-json\/wp\/v2\/media?parent=52614"}],"wp:term":[{"taxonomy":"genre","embeddable":true,"href":"https:\/\/www.humboldtforum.org\/de\/wp-json\/wp\/v2\/genre?post=52614"},{"taxonomy":"digital","embeddable":true,"href":"https:\/\/www.humboldtforum.org\/de\/wp-json\/wp\/v2\/digital?post=52614"},{"taxonomy":"topic","embeddable":true,"href":"https:\/\/www.humboldtforum.org\/de\/wp-json\/wp\/v2\/topic?post=52614"},{"taxonomy":"stakeholder","embeddable":true,"href":"https:\/\/www.humboldtforum.org\/de\/wp-json\/wp\/v2\/stakeholder?post=52614"},{"taxonomy":"editorial","embeddable":true,"href":"https:\/\/www.humboldtforum.org\/de\/wp-json\/wp\/v2\/editorial?post=52614"},{"taxonomy":"editorialfilter","embeddable":true,"href":"https:\/\/www.humboldtforum.org\/de\/wp-json\/wp\/v2\/editorialfilter?post=52614"},{"taxonomy":"targetgroup","embeddable":true,"href":"https:\/\/www.humboldtforum.org\/de\/wp-json\/wp\/v2\/targetgroup?post=52614"},{"taxonomy":"language","embeddable":true,"href":"https:\/\/www.humboldtforum.org\/de\/wp-json\/wp\/v2\/language?post=52614"},{"taxonomy":"accessability","embeddable":true,"href":"https:\/\/www.humboldtforum.org\/de\/wp-json\/wp\/v2\/accessability?post=52614"},{"taxonomy":"age","embeddable":true,"href":"https:\/\/www.humboldtforum.org\/de\/wp-json\/wp\/v2\/age?post=52614"},{"taxonomy":"school","embeddable":true,"href":"https:\/\/www.humboldtforum.org\/de\/wp-json\/wp\/v2\/school?post=52614"},{"taxonomy":"groupsize","embeddable":true,"href":"https:\/\/www.humboldtforum.org\/de\/wp-json\/wp\/v2\/groupsize?post=52614"},{"taxonomy":"place","embeddable":true,"href":"https:\/\/www.humboldtforum.org\/de\/wp-json\/wp\/v2\/place?post=52614"}],"curies":[{"name":"wp","href":"https:\/\/api.w.org\/{rel}","templated":true}]}}