{"id":53089,"date":"2022-09-14T11:11:28","date_gmt":"2022-09-14T09:11:28","guid":{"rendered":"https:\/\/www.humboldtforum.org\/?post_type=event&#038;p=53089"},"modified":"2026-04-29T10:55:59","modified_gmt":"2026-04-29T08:55:59","slug":"die-benin-bronzen","status":"publish","type":"event","link":"https:\/\/www.humboldtforum.org\/de\/programm\/termin\/fuehrung\/die-benin-bronzen-53089\/","title":{"rendered":"Die Benin Bronzen"},"content":{"rendered":"<section class=\"block block-copy\" >\n    <div class=\"container-fluid\">\n\t\t<div class=\"row \">\n            <div class=\"col-xs-12 col-md-offset-2 col-md-8\">\n                <div class=\"box\">\n                    <div class=\"copy\"><p>Die 1897 von den britischen Kolonisten geraubten Benin Bronzen sind zum globalen Symbol f\u00fcr die hunderttausenden Kulturg\u00fcter aus Afrika geworden, die sich europ\u00e4ische Kolonialm\u00e4chte unrechtm\u00e4\u00dfig aneigneten und in Museen ausstellen. Im Juni 2021 beschloss die Stiftung Preu\u00dfischer Kulturbesitz die Bronzen nach Nigeria zu restituieren. In der F\u00fchrung werden die Geschichte(n) der Kunst aus Benin multiperspektivisch thematisiert. Au\u00dferdem wird der Frage nachgegangen, wie es nach der R\u00fcckgabe weitergeht. Das Angebot wurde gemeinsam mit Vermittler*innen aus dem National Museum Benin City erarbeitet.<\/p>\n<p>&nbsp;<\/p>\n<\/div>\n                <\/div>\n            <\/div>\n\t\t<\/div>\n\t\t    <\/div>\n<\/section>\n\n<section class=\"block block-media\">\n\t\t<div class=\"container-fluid\">\n\t\t<div class=\"row\">\n\t\t\t<div class=\"col-xs-12 col-md-12\">\n\t\t\t\n\t<lazy-media-inline inline-template>\n\t\t<figure itemscope itemtype=\"http:\/\/schema.org\/ImageObject\" class=\"lazy-media-inline \" role=\"group\" id=\"media_69f297c54df4a\" aria-labelledby=\"desc_media_69f297c54df4a\">\n\t\t\t<script type=\"application\/json\" ref=\"data\">\n\t\t\t\t{\n\t\t\t\t\"sizes\" : {\"medium\":{\"file\":\"SHF_eb00223232-300x168.jpg\",\"width\":300,\"height\":168,\"mime-type\":\"image\\\/jpeg\",\"filesize\":12933},\"large\":{\"file\":\"SHF_eb00223232-1024x573.jpg\",\"width\":1024,\"height\":573,\"mime-type\":\"image\\\/jpeg\",\"filesize\":81624},\"thumbnail\":{\"file\":\"SHF_eb00223232-150x150.jpg\",\"width\":150,\"height\":150,\"mime-type\":\"image\\\/jpeg\",\"filesize\":7055},\"medium_large\":{\"file\":\"SHF_eb00223232-768x430.jpg\",\"width\":768,\"height\":430,\"mime-type\":\"image\\\/jpeg\",\"filesize\":53915},\"small\":{\"file\":\"SHF_eb00223232-440x246.jpg\",\"width\":440,\"height\":246,\"mime-type\":\"image\\\/jpeg\",\"filesize\":23914},\"semi\":{\"file\":\"SHF_eb00223232-580x325.jpg\",\"width\":580,\"height\":325,\"mime-type\":\"image\\\/jpeg\",\"filesize\":36005},\"mobile\":{\"file\":\"SHF_eb00223232-720x403.jpg\",\"width\":720,\"height\":403,\"mime-type\":\"image\\\/jpeg\",\"filesize\":49224},\"hd\":{\"file\":\"SHF_eb00223232-1280x716.jpg\",\"width\":1280,\"height\":716,\"mime-type\":\"image\\\/jpeg\",\"filesize\":111281},\"1536x1536\":{\"file\":\"SHF_eb00223232-1536x860.jpg\",\"width\":1536,\"height\":860,\"mime-type\":\"image\\\/jpeg\",\"filesize\":144094},\"original\":{\"file\":\"SHF_eb00223232.jpg\",\"width\":1551,\"height\":868}},\n\t\t\t\t\"alt\" : \"Zwei Personen in traditioneller Kleidung diskutieren im Museum \\u00fcber originale Bronzekunstwerke.\",\n\t\t\t\t\"path\" : \"\\\/wp-content\\\/uploads\\\/2022\\\/09\\\/\",\n\t\t\t\t\"video\" : null,\n\t\t\t\t\"autoplay\" : null,\n\t\t\t\t\"youtube\" : \"https:\\\/\\\/www.youtube.com\\\/watch?v=CEhkaeZM-aQ\",\n\t\t\t\t\"youtubelabel\" : \"Video abspielen\",\n\t\t\t\t\"brightness\" : \"70\",\n\t\t\t\t\"crop\" : null,\n\t\t\t\t\"background\" : false,\n\t\t\t\t\"scale\" : 1\t\t\t\t}\n\t\t\t<\/script>\n\n\t\t\t<div class=\"height-container\" style=\"padding-bottom:55.963894261767%;\" v-if=\"sizes\">\n\t\t\t\t\t\t\t\t<lazy-media :inline=\"true\" :alt=\"alt\" :sizes=\"sizes\" :scale=\"scale\" :brightness=\"brightness\" :path=\"path\" :video=\"video\" :autoplay=\"autoplay\" :youtube=\"youtube\" :crop=\"crop\" :youtubelabel=\"youtubelabel\" :background=\"background\" media-id=\"desc_media_69f297c54df4a\"><\/lazy-media>\n\t\t\t\t\t\t\t<\/div>\n\n\t\t\t\t\t\t\t<figcaption class=\"\" id=\"desc_media_69f297c54df4a\">\n\t\t\t\t\t<div class=\"lazy-media-info-body-content\">\n\t\t\t\t\t\t\t\t\t\t\t\t\t<div>Screenshot aus dem Filmclip &quot;Benin Bronzen. Restitution und was nun?&quot;<\/div>\n\t\t\t\t\t\t\t\t\t\t\t\t\t\t\t\t\t\t\t\t\t\t\t\t\t<div class=\"insignificant\">\u00a9 Staatliche Museen zu Berlin, Ethnologisches Museum, Film: Emanuele Valariano<\/div>\n\t\t\t\t\t\t\t\t\t\t\t<\/div>\n\t\t\t\t<\/figcaption>\n\t\t\t\t\t\t\t\t\t<\/figure>\n\t<\/lazy-media-inline>\n\t\t\t<\/div>\n\t\t<\/div>\n\t<\/div>\n<\/section>\n\n<section class=\"block block-teaser col-lane \" style=\"\">\n\t<lazy-component :fixed-min-height=\"400\">\n\t\n\t\t\t\t\t<teaser-lane-with-buttons inline-template tracking-label=\"Das k\u00f6nnte Sie auch interessieren\">\n\t\t\t\t<div class=\"teaser-lane-with-buttons\">\n\t\t\t\t\t<div class=\"container-fluid\">\n\t\t\t\t\t\t<div class=\"row bottom-xs\">\n\t\t\t\t\t\t\t<div class=\"col-xs-12 col-md-8\">\n\t\t\t\t\t\t\t\t\t\t\t\t\t\t\t\t\t<h4>Das k\u00f6nnte Sie auch interessieren<\/h4>\t\t\t\t\t\t\t\t\t\t\t\t\t\t\t\t\t\t\t\t\t\t\t\t<\/div>\n\t\t\t\t\t\t\t<div class=\"col-xs-12 col-md-4 start-xs end-md margin-bottom-sixth teaser-lane-buttons-wrapper \">\n\t\t\t\t\t\t\t\t\t\t\t\t\t\t\t\t<teaser-lane-buttons :visible_prev=\"visible_prev\" :visible_next=\"visible_next\" @prev=\"prev\" @next=\"next\"><\/teaser-lane-buttons>\n\t\t\t\t\t\t\t<\/div>\n\t\t\t\t\t\t<\/div>\n\t\t\t\t\t<\/div>\n\t\t\t\t\t<div class=\"teaser-lane-wrapper\">\n\t\t\t\t\t\t<ul class=\"teaser-lane\">\n\t\t\t\t\t\t\t\t\t\t\t\t\t\t<li class=\"teaser-lane-slide col-xs-9 col-sm-4 col-md-3 teaser-wrapper col-padding-remove\">\n\t<calendarteaser key=\"481906507\" rawitem='{&quot;postId&quot;:48190,&quot;title&quot;:&quot;Eine Stunde Ethnologisches Museum&quot;,&quot;excerpt&quot;:&quot;&quot;,&quot;slug&quot;:&quot;eine-stunde-ethnologisches-museum&quot;,&quot;post_date&quot;:&quot;2022-08-23T10:35&quot;,&quot;type&quot;:&quot;event&quot;,&quot;permalink&quot;:&quot;https:\\\/\\\/www.humboldtforum.org\\\/de\\\/programm\\\/termin\\\/fuehrung\\\/eine-stunde-ethnologisches-museum-48190\\\/&quot;,&quot;genre&quot;:[821],&quot;genre_details&quot;:[{&quot;text&quot;:&quot;F\\u00fchrung&quot;,&quot;id&quot;:821,&quot;icon&quot;:null,&quot;parent&quot;:0}],&quot;stakeholder&quot;:[530],&quot;stakeholder_details&quot;:[{&quot;text&quot;:&quot;Staatliche Museen zu Berlin&quot;,&quot;id&quot;:530,&quot;icon&quot;:null,&quot;parent&quot;:0}],&quot;targetgroup&quot;:[383],&quot;targetgroup_details&quot;:[{&quot;text&quot;:&quot;Erwachsene&quot;,&quot;id&quot;:383,&quot;icon&quot;:null,&quot;parent&quot;:0}],&quot;language&quot;:[384],&quot;language_details&quot;:[{&quot;text&quot;:&quot;Deutsch&quot;,&quot;id&quot;:384,&quot;icon&quot;:null,&quot;parent&quot;:0}],&quot;groupsize&quot;:[1049],&quot;groupsize_details&quot;:[{&quot;text&quot;:&quot;max. 25 Personen&quot;,&quot;id&quot;:1049,&quot;icon&quot;:null,&quot;parent&quot;:0}],&quot;icon_overwrite&quot;:&quot;&quot;,&quot;acf&quot;:{&quot;noindex&quot;:false,&quot;keywords&quot;:&quot;&quot;,&quot;hashtag&quot;:&quot;HumboldtForum&quot;,&quot;belongsto&quot;:[46021],&quot;shorturl&quot;:&quot;&quot;,&quot;times&quot;:[{&quot;start&quot;:&quot;20260430 16:00&quot;,&quot;end&quot;:&quot;17:00&quot;,&quot;status&quot;:&quot;BUY&quot;,&quot;info&quot;:&quot;F\\u00fchrung in deutscher Sprache - 9 EUR zzgl. Eintritt&quot;,&quot;shop&quot;:&quot;https:\\\/\\\/tickets.humboldtforum.org\\\/#\\\/product\\\/event\\\/104?date=2026-04-30&amp;date_id=27752&amp;lang=de&quot;,&quot;i&quot;:12,&quot;start_hour&quot;:&quot;16:00&quot;,&quot;start_HRF&quot;:&quot;Do, 30. April 2026&quot;,&quot;_date&quot;:{&quot;date&quot;:&quot;2026-04-30 17:00:00.000000&quot;,&quot;timezone_type&quot;:3,&quot;timezone&quot;:&quot;Europe\\\/Berlin&quot;},&quot;_fromdate&quot;:&quot;20260430 16:00&quot;,&quot;start_TS&quot;:1777557600,&quot;start_HRFSHORT&quot;:&quot;30.04.26&quot;,&quot;start_HRFSHORT_WD&quot;:&quot;Do 30.04.2026&quot;,&quot;end_TS&quot;:1777561200,&quot;can_purchase&quot;:true},{&quot;start&quot;:&quot;20260501 16:00&quot;,&quot;end&quot;:&quot;17:00&quot;,&quot;status&quot;:&quot;BUY&quot;,&quot;info&quot;:&quot;F\\u00fchrung in deutscher Sprache - 9 EUR zzgl. Eintritt&quot;,&quot;shop&quot;:&quot;https:\\\/\\\/tickets.humboldtforum.org\\\/#\\\/product\\\/event\\\/104?date=2026-05-01&amp;date_id=28354&amp;lang=de&quot;,&quot;i&quot;:26,&quot;start_hour&quot;:&quot;16:00&quot;,&quot;start_HRF&quot;:&quot;Fr,  1. Mai 2026&quot;,&quot;_date&quot;:{&quot;date&quot;:&quot;2026-05-01 17:00:00.000000&quot;,&quot;timezone_type&quot;:3,&quot;timezone&quot;:&quot;Europe\\\/Berlin&quot;},&quot;_fromdate&quot;:&quot;20260501 16:00&quot;,&quot;start_TS&quot;:1777644000,&quot;start_HRFSHORT&quot;:&quot;01.05.26&quot;,&quot;start_HRFSHORT_WD&quot;:&quot;Fr 01.05.2026&quot;,&quot;end_TS&quot;:1777647600,&quot;can_purchase&quot;:true},{&quot;start&quot;:&quot;20260503 16:00&quot;,&quot;end&quot;:&quot;17:00&quot;,&quot;status&quot;:&quot;BUY&quot;,&quot;info&quot;:&quot;F\\u00fchrung in deutscher Sprache - 9 EUR zzgl. Eintritt&quot;,&quot;shop&quot;:&quot;https:\\\/\\\/tickets.humboldtforum.org\\\/#\\\/product\\\/event\\\/104?date=2026-05-03&amp;date_id=28202&amp;lang=de&quot;,&quot;i&quot;:13,&quot;start_hour&quot;:&quot;16:00&quot;,&quot;start_HRF&quot;:&quot;So,  3. Mai 2026&quot;,&quot;_date&quot;:{&quot;date&quot;:&quot;2026-05-03 17:00:00.000000&quot;,&quot;timezone_type&quot;:3,&quot;timezone&quot;:&quot;Europe\\\/Berlin&quot;},&quot;_fromdate&quot;:&quot;20260503 16:00&quot;,&quot;start_TS&quot;:1777816800,&quot;start_HRFSHORT&quot;:&quot;03.05.26&quot;,&quot;start_HRFSHORT_WD&quot;:&quot;So 03.05.2026&quot;,&quot;end_TS&quot;:1777820400,&quot;can_purchase&quot;:true},{&quot;start&quot;:&quot;20260507 16:00&quot;,&quot;end&quot;:&quot;17:00&quot;,&quot;status&quot;:&quot;BUY&quot;,&quot;info&quot;:&quot;F\\u00fchrung in deutscher Sprache - 9 EUR zzgl. Eintritt&quot;,&quot;shop&quot;:&quot;https:\\\/\\\/tickets.humboldtforum.org\\\/#\\\/product\\\/event\\\/104?date=2026-05-07&amp;date_id=28203&amp;lang=de&quot;,&quot;i&quot;:14,&quot;start_hour&quot;:&quot;16:00&quot;,&quot;start_HRF&quot;:&quot;Do,  7. Mai 2026&quot;,&quot;_date&quot;:{&quot;date&quot;:&quot;2026-05-07 17:00:00.000000&quot;,&quot;timezone_type&quot;:3,&quot;timezone&quot;:&quot;Europe\\\/Berlin&quot;},&quot;_fromdate&quot;:&quot;20260507 16:00&quot;,&quot;start_TS&quot;:1778162400,&quot;start_HRFSHORT&quot;:&quot;07.05.26&quot;,&quot;start_HRFSHORT_WD&quot;:&quot;Do 07.05.2026&quot;,&quot;end_TS&quot;:1778166000,&quot;can_purchase&quot;:true},{&quot;start&quot;:&quot;20260508 16:00&quot;,&quot;end&quot;:&quot;17:00&quot;,&quot;status&quot;:&quot;BUY&quot;,&quot;info&quot;:&quot;F\\u00fchrung in deutscher Sprache - 9 EUR zzgl. Eintritt&quot;,&quot;shop&quot;:&quot;https:\\\/\\\/tickets.humboldtforum.org\\\/#\\\/product\\\/event\\\/104?date=2026-05-08&amp;date_id=28204&amp;lang=de&quot;,&quot;i&quot;:15,&quot;start_hour&quot;:&quot;16:00&quot;,&quot;start_HRF&quot;:&quot;Fr,  8. Mai 2026&quot;,&quot;_date&quot;:{&quot;date&quot;:&quot;2026-05-08 17:00:00.000000&quot;,&quot;timezone_type&quot;:3,&quot;timezone&quot;:&quot;Europe\\\/Berlin&quot;},&quot;_fromdate&quot;:&quot;20260508 16:00&quot;,&quot;start_TS&quot;:1778248800,&quot;start_HRFSHORT&quot;:&quot;08.05.26&quot;,&quot;start_HRFSHORT_WD&quot;:&quot;Fr 08.05.2026&quot;,&quot;end_TS&quot;:1778252400,&quot;can_purchase&quot;:true}],&quot;planning&quot;:{&quot;price&quot;:&quot;9 EUR zzgl. Eintritt&quot;,&quot;admission&quot;:&quot;&quot;,&quot;pause&quot;:&quot;&quot;,&quot;duration&quot;:&quot;60&quot;},&quot;subline&quot;:&quot;\\u00dcberblicksf\\u00fchrung&quot;,&quot;tickettext&quot;:&quot;Bitte buchen Sie Ihr Ticket vorab online oder an der Kasse im Foyer.&quot;,&quot;additional_info&quot;:{&quot;icon&quot;:&quot;icon-uhr&quot;,&quot;text&quot;:&quot;Termine und Ticketbuchung f\\u00fcr den kommenden Monat werden jeweils zum Ende des Vormonats freigeschaltet.&quot;},&quot;highlight_header&quot;:false,&quot;featured_images&quot;:[90768],&quot;use_video_in_teasers&quot;:false,&quot;hyphenation&quot;:true,&quot;tipp&quot;:false,&quot;alert_text&quot;:&quot;DE&quot;,&quot;joker&quot;:false,&quot;live&quot;:false,&quot;hide_event_in_program&quot;:false,&quot;gomus_id&quot;:&quot;&quot;,&quot;hm_id&quot;:&quot;&quot;},&quot;date&quot;:{&quot;NX&quot;:&quot;20260430&quot;,&quot;NXX&quot;:&quot;202604301600&quot;,&quot;NLAST&quot;:&quot;202606281200&quot;,&quot;from_DATE&quot;:&quot;20260430 16:00&quot;,&quot;from&quot;:1777550400,&quot;to&quot;:1782648000,&quot;to_DATE&quot;:&quot;20260628 16:00&quot;,&quot;from_HRFSHORT&quot;:&quot;30. Apr 2026&quot;,&quot;from_HRFSHORT_WD&quot;:&quot;Do 30.04.2026&quot;,&quot;to_HRFSHORT&quot;:&quot;28. Jun 2026&quot;,&quot;to_HRFSHORT_WD&quot;:&quot;So 28.06.2026&quot;,&quot;from_HRF&quot;:&quot;Do, 30. April 2026&quot;,&quot;to_HRF&quot;:&quot;So, 28. Juni 2026&quot;,&quot;from_to_HRF&quot;:&quot;Do, 30. April \\u2013 So, 28. Juni 2026&quot;,&quot;from_to_HRFSHORT&quot;:&quot;30. Apr \\u2013 28. Jun 2026&quot;},&quot;alert&quot;:&quot;DE&quot;,&quot;partof&quot;:[],&quot;marketing_topic&quot;:{&quot;title&quot;:&quot;Ethnologische Sammlungen und Asiatische Kunst&quot;,&quot;ID&quot;:46021,&quot;reason&quot;:&quot;belongsto&quot;}}' inline-template>\n\t<a href=\"https:\/\/www.humboldtforum.org\/de\/programm\/termin\/fuehrung\/eine-stunde-ethnologisches-museum-48190\/\" class=\"teaser teaser-event teaser-event-standard\">\n\t\t<div class=\"row\">\n\t\t\t<div class=\"col-xs-12 teaser-event-image\">\n\t\t\t\t<div class=\"teaser-image teaser-image-no-alternate\">\n\t\t\t\t\t\t\t\t\t\t\t\t\t<span class=\"alert\">DE<\/span>\n\t\t\t\t\t\t\t\t\t\t\t\n\t<lazy-media-inline inline-template>\n\t\t<figure itemscope itemtype=\"http:\/\/schema.org\/ImageObject\" class=\"lazy-media-inline \" role=\"group\" id=\"media_69f297c57bbd0\" aria-labelledby=\"desc_media_69f297c57bbd0\">\n\t\t\t<script type=\"application\/json\" ref=\"data\">\n\t\t\t\t{\n\t\t\t\t\"sizes\" : {\"medium\":{\"file\":\"SHF_eb00197990-300x200.jpg\",\"width\":300,\"height\":200,\"mime-type\":\"image\\\/jpeg\",\"filesize\":14503},\"large\":{\"file\":\"SHF_eb00197990-1024x683.jpg\",\"width\":1024,\"height\":683,\"mime-type\":\"image\\\/jpeg\",\"filesize\":83449},\"thumbnail\":{\"file\":\"SHF_eb00197990-150x150.jpg\",\"width\":150,\"height\":150,\"mime-type\":\"image\\\/jpeg\",\"filesize\":7216},\"medium_large\":{\"file\":\"SHF_eb00197990-768x512.jpg\",\"width\":768,\"height\":512,\"mime-type\":\"image\\\/jpeg\",\"filesize\":54425},\"small\":{\"file\":\"SHF_eb00197990-440x293.jpg\",\"width\":440,\"height\":293,\"mime-type\":\"image\\\/jpeg\",\"filesize\":24981},\"semi\":{\"file\":\"SHF_eb00197990-580x387.jpg\",\"width\":580,\"height\":387,\"mime-type\":\"image\\\/jpeg\",\"filesize\":37059},\"mobile\":{\"file\":\"SHF_eb00197990-720x480.jpg\",\"width\":720,\"height\":480,\"mime-type\":\"image\\\/jpeg\",\"filesize\":49742},\"hd\":{\"file\":\"SHF_eb00197990-1280x853.jpg\",\"width\":1280,\"height\":853,\"mime-type\":\"image\\\/jpeg\",\"filesize\":116983},\"full\":{\"file\":\"SHF_eb00197990-1920x1280.jpg\",\"width\":1920,\"height\":1280,\"mime-type\":\"image\\\/jpeg\",\"filesize\":223656},\"1536x1536\":{\"file\":\"SHF_eb00197990-1536x1024.jpg\",\"width\":1536,\"height\":1024,\"mime-type\":\"image\\\/jpeg\",\"filesize\":154804},\"2048x2048\":{\"file\":\"SHF_eb00197990-2048x1365.jpg\",\"width\":2048,\"height\":1365,\"mime-type\":\"image\\\/jpeg\",\"filesize\":250830},\"original\":{\"file\":\"SHF_eb00197990.jpg\",\"width\":2400,\"height\":1600}},\n\t\t\t\t\"alt\" : \"Vier Personen stehen in einem Museum und f\\u00fchren ein Gespr\\u00e4ch miteinander.\",\n\t\t\t\t\"path\" : \"\\\/wp-content\\\/uploads\\\/2021\\\/09\\\/\",\n\t\t\t\t\"video\" : null,\n\t\t\t\t\"autoplay\" : null,\n\t\t\t\t\"youtube\" : null,\n\t\t\t\t\"youtubelabel\" : \"Video abspielen\",\n\t\t\t\t\"brightness\" : 100,\n\t\t\t\t\"crop\" : null,\n\t\t\t\t\"background\" : true,\n\t\t\t\t\"scale\" : 1\t\t\t\t}\n\t\t\t<\/script>\n\n\t\t\t<div class=\"height-container\" style=\"padding-bottom:66.666666666667%;\" v-if=\"sizes\">\n\t\t\t\t\t\t\t\t<lazy-media :inline=\"true\" :alt=\"alt\" :sizes=\"sizes\" :scale=\"scale\" :brightness=\"brightness\" :path=\"path\" :video=\"video\" :autoplay=\"autoplay\" :youtube=\"youtube\" :crop=\"crop\" :youtubelabel=\"youtubelabel\" :background=\"background\" media-id=\"desc_media_69f297c57bbd0\"><\/lazy-media>\n\t\t\t\t\t\t\t<\/div>\n\n\t\t\t\t\t\t\t<figcaption class=\"sr-only\" ref=\"body\" id=\"desc_media_69f297c57bbd0\">\n\t\t\t\t\t\t\t\t\t\t\t<div>Besucher*innen des Ethnologischen Museums im Humboldt Forum<\/div>\n\t\t\t\t\t\t\t\t\t\t\t\t\t\t\t\t\t\t\t\t\t<div class=\"insignificant\">\u00a9 Staatliche Museen zu Berlin, Ethnologisches Museum, Foto: Frank Sperling\r\n<\/div>\n\t\t\t\t\t\t\t\t\t<\/figcaption>\n\t\t\t\t\t<\/figure>\n\t<\/lazy-media-inline>\n\t\t\t\t<\/div>\n\t\t\t<\/div>\n\t\t\t<div class=\"col-xs-12 teaser-event-text Infos\">\n\t\t\t\t<div class=\"teaser-event-standard-text\">\n\t\t\t\t\t<div class=\"margin-bottom-atom\">\n\t\t\t\t\t\t<div class=\"subline clamp-1\" v-html=\"maingenre\"><\/div>\n\t\t\t\t\t\t\t\t\t\t\t\t\t<div class=\"insignificant clamp-2\">Ethnologische Sammlungen und Asiatische Kunst<\/div>\n\t\t\t\t\t\t\t\t\t\t\t<\/div>\n\t\t\t\t\n\t\t\t\t\t<strong class=\"margin-bottom-atom\">Eine Stunde Ethnologisches Museum<\/strong>\n\n\t\t\t\t\t\t\t\t\t\t\t<div class=\"\">\u00dcberblicksf\u00fchrung<\/div>\n\t\t\t\t\t\t\t\t\t<\/div>\n\t\t\t\t<div class=\"teaser-bottom border-bottom\">\n\t\t\t\t<calendardateline :rawitem='item' :show-icon=\"true\"><\/calendardateline>\n\t\t\t\t\t<hr>\n\t\t\t\t<\/div>\n\t\t\t<\/div>\n\t\t<\/div>\n\t<\/a>\n\t<\/calendarteaser>\n<\/li>\n\n<li class=\"teaser-lane-slide col-xs-9 col-sm-4 col-md-3 teaser-wrapper col-padding-remove\">\n\t<calendarteaser key=\"324045505\" rawitem='{&quot;postId&quot;:32404,&quot;title&quot;:&quot;Koloniale Gegenwart&quot;,&quot;excerpt&quot;:&quot;&quot;,&quot;slug&quot;:&quot;koloniale-gegenwart&quot;,&quot;post_date&quot;:&quot;2021-09-23T15:31&quot;,&quot;type&quot;:&quot;event&quot;,&quot;permalink&quot;:&quot;https:\\\/\\\/www.humboldtforum.org\\\/de\\\/programm\\\/termin\\\/fuehrung\\\/koloniale-gegenwart-32404\\\/&quot;,&quot;genre&quot;:[821],&quot;genre_details&quot;:[{&quot;text&quot;:&quot;F\\u00fchrung&quot;,&quot;id&quot;:821,&quot;icon&quot;:null,&quot;parent&quot;:0}],&quot;stakeholder&quot;:[530],&quot;stakeholder_details&quot;:[{&quot;text&quot;:&quot;Staatliche Museen zu Berlin&quot;,&quot;id&quot;:530,&quot;icon&quot;:null,&quot;parent&quot;:0}],&quot;targetgroup&quot;:[383],&quot;targetgroup_details&quot;:[{&quot;text&quot;:&quot;Erwachsene&quot;,&quot;id&quot;:383,&quot;icon&quot;:null,&quot;parent&quot;:0}],&quot;language&quot;:[384],&quot;language_details&quot;:[{&quot;text&quot;:&quot;Deutsch&quot;,&quot;id&quot;:384,&quot;icon&quot;:null,&quot;parent&quot;:0}],&quot;groupsize&quot;:[1049],&quot;groupsize_details&quot;:[{&quot;text&quot;:&quot;max. 25 Personen&quot;,&quot;id&quot;:1049,&quot;icon&quot;:null,&quot;parent&quot;:0}],&quot;icon_overwrite&quot;:&quot;&quot;,&quot;acf&quot;:{&quot;noindex&quot;:false,&quot;keywords&quot;:&quot;&quot;,&quot;hashtag&quot;:&quot;HumboldtForum&quot;,&quot;belongsto&quot;:[46021],&quot;shorturl&quot;:&quot;&quot;,&quot;times&quot;:[{&quot;start&quot;:&quot;20260502 17:00&quot;,&quot;end&quot;:&quot;18:00&quot;,&quot;status&quot;:&quot;BUY&quot;,&quot;info&quot;:&quot;F\\u00fchrung in deutscher Sprache - 9 EUR zzgl. Eintritt&quot;,&quot;shop&quot;:&quot;https:\\\/\\\/tickets.humboldtforum.org\\\/#\\\/product\\\/event\\\/99?date=2026-05-02&amp;date_id=28360&amp;lang=de&quot;,&quot;i&quot;:7,&quot;start_hour&quot;:&quot;17:00&quot;,&quot;start_HRF&quot;:&quot;Sa,  2. Mai 2026&quot;,&quot;_date&quot;:{&quot;date&quot;:&quot;2026-05-02 18:00:00.000000&quot;,&quot;timezone_type&quot;:3,&quot;timezone&quot;:&quot;Europe\\\/Berlin&quot;},&quot;_fromdate&quot;:&quot;20260502 17:00&quot;,&quot;start_TS&quot;:1777734000,&quot;start_HRFSHORT&quot;:&quot;02.05.26&quot;,&quot;start_HRFSHORT_WD&quot;:&quot;Sa 02.05.2026&quot;,&quot;end_TS&quot;:1777737600,&quot;can_purchase&quot;:true},{&quot;start&quot;:&quot;20260509 17:00&quot;,&quot;end&quot;:&quot;18:00&quot;,&quot;status&quot;:&quot;BUY&quot;,&quot;info&quot;:&quot;F\\u00fchrung in deutscher Sprache - 9 EUR zzgl. Eintritt&quot;,&quot;shop&quot;:&quot;https:\\\/\\\/tickets.humboldtforum.org\\\/#\\\/product\\\/event\\\/99?date=2026-05-09&amp;date_id=28223&amp;lang=de&quot;,&quot;i&quot;:3,&quot;start_hour&quot;:&quot;17:00&quot;,&quot;start_HRF&quot;:&quot;Sa,  9. Mai 2026&quot;,&quot;_date&quot;:{&quot;date&quot;:&quot;2026-05-09 18:00:00.000000&quot;,&quot;timezone_type&quot;:3,&quot;timezone&quot;:&quot;Europe\\\/Berlin&quot;},&quot;_fromdate&quot;:&quot;20260509 17:00&quot;,&quot;start_TS&quot;:1778338800,&quot;start_HRFSHORT&quot;:&quot;09.05.26&quot;,&quot;start_HRFSHORT_WD&quot;:&quot;Sa 09.05.2026&quot;,&quot;end_TS&quot;:1778342400,&quot;can_purchase&quot;:true},{&quot;start&quot;:&quot;20260516 17:00&quot;,&quot;end&quot;:&quot;18:00&quot;,&quot;status&quot;:&quot;BUY&quot;,&quot;info&quot;:&quot;F\\u00fchrung in deutscher Sprache - 9 EUR zzgl. Eintritt&quot;,&quot;shop&quot;:&quot;https:\\\/\\\/tickets.humboldtforum.org\\\/#\\\/product\\\/event\\\/99?date=2026-05-16&amp;date_id=28224&amp;lang=de&quot;,&quot;i&quot;:4,&quot;start_hour&quot;:&quot;17:00&quot;,&quot;start_HRF&quot;:&quot;Sa, 16. Mai 2026&quot;,&quot;_date&quot;:{&quot;date&quot;:&quot;2026-05-16 18:00:00.000000&quot;,&quot;timezone_type&quot;:3,&quot;timezone&quot;:&quot;Europe\\\/Berlin&quot;},&quot;_fromdate&quot;:&quot;20260516 17:00&quot;,&quot;start_TS&quot;:1778943600,&quot;start_HRFSHORT&quot;:&quot;16.05.26&quot;,&quot;start_HRFSHORT_WD&quot;:&quot;Sa 16.05.2026&quot;,&quot;end_TS&quot;:1778947200,&quot;can_purchase&quot;:true},{&quot;start&quot;:&quot;20260523 17:00&quot;,&quot;end&quot;:&quot;18:00&quot;,&quot;status&quot;:&quot;BUY&quot;,&quot;info&quot;:&quot;F\\u00fchrung in deutscher Sprache - 9 EUR zzgl. Eintritt&quot;,&quot;shop&quot;:&quot;https:\\\/\\\/tickets.humboldtforum.org\\\/#\\\/product\\\/event\\\/99?date=2026-05-23&amp;date_id=28225&amp;lang=de&quot;,&quot;i&quot;:5,&quot;start_hour&quot;:&quot;17:00&quot;,&quot;start_HRF&quot;:&quot;Sa, 23. Mai 2026&quot;,&quot;_date&quot;:{&quot;date&quot;:&quot;2026-05-23 18:00:00.000000&quot;,&quot;timezone_type&quot;:3,&quot;timezone&quot;:&quot;Europe\\\/Berlin&quot;},&quot;_fromdate&quot;:&quot;20260523 17:00&quot;,&quot;start_TS&quot;:1779548400,&quot;start_HRFSHORT&quot;:&quot;23.05.26&quot;,&quot;start_HRFSHORT_WD&quot;:&quot;Sa 23.05.2026&quot;,&quot;end_TS&quot;:1779552000,&quot;can_purchase&quot;:true},{&quot;start&quot;:&quot;20260530 17:00&quot;,&quot;end&quot;:&quot;18:00&quot;,&quot;status&quot;:&quot;BUY&quot;,&quot;info&quot;:&quot;F\\u00fchrung in deutscher Sprache - 9 EUR zzgl. Eintritt&quot;,&quot;shop&quot;:&quot;https:\\\/\\\/tickets.humboldtforum.org\\\/#\\\/product\\\/event\\\/99?date=2026-05-30&amp;date_id=28226&amp;lang=de&quot;,&quot;i&quot;:6,&quot;start_hour&quot;:&quot;17:00&quot;,&quot;start_HRF&quot;:&quot;Sa, 30. Mai 2026&quot;,&quot;_date&quot;:{&quot;date&quot;:&quot;2026-05-30 18:00:00.000000&quot;,&quot;timezone_type&quot;:3,&quot;timezone&quot;:&quot;Europe\\\/Berlin&quot;},&quot;_fromdate&quot;:&quot;20260530 17:00&quot;,&quot;start_TS&quot;:1780153200,&quot;start_HRFSHORT&quot;:&quot;30.05.26&quot;,&quot;start_HRFSHORT_WD&quot;:&quot;Sa 30.05.2026&quot;,&quot;end_TS&quot;:1780156800,&quot;can_purchase&quot;:true}],&quot;planning&quot;:{&quot;price&quot;:&quot;9 EUR zzgl. Eintritt&quot;,&quot;admission&quot;:&quot;&quot;,&quot;pause&quot;:&quot;&quot;,&quot;duration&quot;:&quot;60&quot;},&quot;subline&quot;:&quot;\\u00d6ffentliche F\\u00fchrung&quot;,&quot;tickettext&quot;:&quot;Bitte buchen Sie Ihr Ticket vorab online oder an der Kasse im Foyer.&quot;,&quot;additional_info&quot;:{&quot;icon&quot;:&quot;icon-uhr&quot;,&quot;text&quot;:&quot;Termine und Ticketbuchung f\\u00fcr den kommenden Monat werden jeweils zum Ende des Vormonats freigeschaltet.&quot;},&quot;highlight_header&quot;:false,&quot;featured_images&quot;:[145211],&quot;use_video_in_teasers&quot;:false,&quot;hyphenation&quot;:true,&quot;tipp&quot;:false,&quot;joker&quot;:true,&quot;live&quot;:false,&quot;hide_event_in_program&quot;:false,&quot;alert_text&quot;:&quot;DE&quot;,&quot;gomus_id&quot;:&quot;&quot;,&quot;hm_id&quot;:&quot;&quot;},&quot;date&quot;:{&quot;NX&quot;:&quot;20260502&quot;,&quot;NXX&quot;:&quot;202605021700&quot;,&quot;NLAST&quot;:&quot;202606201300&quot;,&quot;from_DATE&quot;:&quot;20260502 17:00&quot;,&quot;from&quot;:1777726800,&quot;to&quot;:1781960400,&quot;to_DATE&quot;:&quot;20260620 17:00&quot;,&quot;from_HRFSHORT&quot;:&quot; 2. Mai 2026&quot;,&quot;from_HRFSHORT_WD&quot;:&quot;Sa 02.05.2026&quot;,&quot;to_HRFSHORT&quot;:&quot;20. Jun 2026&quot;,&quot;to_HRFSHORT_WD&quot;:&quot;Sa 20.06.2026&quot;,&quot;from_HRF&quot;:&quot;Sa,  2. Mai 2026&quot;,&quot;to_HRF&quot;:&quot;Sa, 20. Juni 2026&quot;,&quot;from_to_HRF&quot;:&quot;Sa,  2. Mai \\u2013 Sa, 20. Juni 2026&quot;,&quot;from_to_HRFSHORT&quot;:&quot; 2. Mai \\u2013 20. Jun 2026&quot;},&quot;alert&quot;:&quot;DE&quot;,&quot;partof&quot;:[],&quot;marketing_topic&quot;:{&quot;title&quot;:&quot;Ethnologische Sammlungen und Asiatische Kunst&quot;,&quot;ID&quot;:46021,&quot;reason&quot;:&quot;belongsto&quot;}}' inline-template>\n\t<a href=\"https:\/\/www.humboldtforum.org\/de\/programm\/termin\/fuehrung\/koloniale-gegenwart-32404\/\" class=\"teaser teaser-event teaser-event-standard\">\n\t\t<div class=\"row\">\n\t\t\t<div class=\"col-xs-12 teaser-event-image\">\n\t\t\t\t<div class=\"teaser-image teaser-image-no-alternate\">\n\t\t\t\t\t\t\t\t\t\t\t\t\t<span class=\"alert\">DE<\/span>\n\t\t\t\t\t\t\t\t\t\t\t\n\t<lazy-media-inline inline-template>\n\t\t<figure itemscope itemtype=\"http:\/\/schema.org\/ImageObject\" class=\"lazy-media-inline \" role=\"group\" id=\"media_69f297c57c811\" aria-labelledby=\"desc_media_69f297c57c811\">\n\t\t\t<script type=\"application\/json\" ref=\"data\">\n\t\t\t\t{\n\t\t\t\t\"sizes\" : {\"medium\":{\"file\":\"SHF_eb00237398-300x200.jpg\",\"width\":300,\"height\":200,\"mime-type\":\"image\\\/jpeg\",\"filesize\":13931},\"large\":{\"file\":\"SHF_eb00237398-1024x683.jpg\",\"width\":1024,\"height\":683,\"mime-type\":\"image\\\/jpeg\",\"filesize\":90311},\"thumbnail\":{\"file\":\"SHF_eb00237398-150x150.jpg\",\"width\":150,\"height\":150,\"mime-type\":\"image\\\/jpeg\",\"filesize\":6242},\"medium_large\":{\"file\":\"SHF_eb00237398-768x512.jpg\",\"width\":768,\"height\":512,\"mime-type\":\"image\\\/jpeg\",\"filesize\":58017},\"small\":{\"file\":\"SHF_eb00237398-440x293.jpg\",\"width\":440,\"height\":293,\"mime-type\":\"image\\\/jpeg\",\"filesize\":25025},\"semi\":{\"file\":\"SHF_eb00237398-580x387.jpg\",\"width\":580,\"height\":387,\"mime-type\":\"image\\\/jpeg\",\"filesize\":38305},\"mobile\":{\"file\":\"SHF_eb00237398-720x480.jpg\",\"width\":720,\"height\":480,\"mime-type\":\"image\\\/jpeg\",\"filesize\":52435},\"hd\":{\"file\":\"SHF_eb00237398-1280x853.jpg\",\"width\":1280,\"height\":853,\"mime-type\":\"image\\\/jpeg\",\"filesize\":127942},\"full\":{\"file\":\"SHF_eb00237398-1920x1280.jpg\",\"width\":1920,\"height\":1280,\"mime-type\":\"image\\\/jpeg\",\"filesize\":249376},\"xxl\":{\"file\":\"SHF_eb00237398-4048x2698.jpg\",\"width\":4048,\"height\":2698,\"mime-type\":\"image\\\/jpeg\",\"filesize\":1011755},\"1536x1536\":{\"file\":\"SHF_eb00237398-1536x1024.jpg\",\"width\":1536,\"height\":1024,\"mime-type\":\"image\\\/jpeg\",\"filesize\":171322},\"2048x2048\":{\"file\":\"SHF_eb00237398-2048x1365.jpg\",\"width\":2048,\"height\":1365,\"mime-type\":\"image\\\/jpeg\",\"filesize\":280316},\"original\":{\"file\":\"SHF_eb00237398.jpg\",\"width\":5264,\"height\":3509}},\n\t\t\t\t\"alt\" : \"Zwei Frauen im Museum: Eine erkl\\u00e4rt, w\\u00e4hrend im Hintergrund eine Ausstellung \\u00fcber Konflikt und Widerstand zu sehen ist.\",\n\t\t\t\t\"path\" : \"\\\/wp-content\\\/uploads\\\/2022\\\/03\\\/\",\n\t\t\t\t\"video\" : null,\n\t\t\t\t\"autoplay\" : null,\n\t\t\t\t\"youtube\" : null,\n\t\t\t\t\"youtubelabel\" : \"Video abspielen\",\n\t\t\t\t\"brightness\" : 100,\n\t\t\t\t\"crop\" : {\"top\":\"50.00\",\"left\":\"50.00\"},\n\t\t\t\t\"background\" : true,\n\t\t\t\t\"scale\" : 2\t\t\t\t}\n\t\t\t<\/script>\n\n\t\t\t<div class=\"height-container\" style=\"padding-bottom:66.660334346505%;\" v-if=\"sizes\">\n\t\t\t\t\t\t\t\t<lazy-media :inline=\"true\" :alt=\"alt\" :sizes=\"sizes\" :scale=\"scale\" :brightness=\"brightness\" :path=\"path\" :video=\"video\" :autoplay=\"autoplay\" :youtube=\"youtube\" :crop=\"crop\" :youtubelabel=\"youtubelabel\" :background=\"background\" media-id=\"desc_media_69f297c57c811\"><\/lazy-media>\n\t\t\t\t\t\t\t<\/div>\n\n\t\t\t\t\t\t\t<figcaption class=\"sr-only\" ref=\"body\" id=\"desc_media_69f297c57c811\">\n\t\t\t\t\t\t\t\t\t\t\t<div>Ausstellungsrundgang mit Assumpta Mugiraneza aus Ruanda<\/div>\n\t\t\t\t\t\t\t\t\t\t\t\t\t\t\t\t\t\t\t\t\t<div class=\"insignificant\">\u00a9 Staatliche Museen zu Berlin \/ Ethnologisches Museum, Frank Sperling<\/div>\n\t\t\t\t\t\t\t\t\t<\/figcaption>\n\t\t\t\t\t<\/figure>\n\t<\/lazy-media-inline>\n\t\t\t\t<\/div>\n\t\t\t<\/div>\n\t\t\t<div class=\"col-xs-12 teaser-event-text Infos\">\n\t\t\t\t<div class=\"teaser-event-standard-text\">\n\t\t\t\t\t<div class=\"margin-bottom-atom\">\n\t\t\t\t\t\t<div class=\"subline clamp-1\" v-html=\"maingenre\"><\/div>\n\t\t\t\t\t\t\t\t\t\t\t\t\t<div class=\"insignificant clamp-2\">Ethnologische Sammlungen und Asiatische Kunst<\/div>\n\t\t\t\t\t\t\t\t\t\t\t<\/div>\n\t\t\t\t\n\t\t\t\t\t<strong class=\"margin-bottom-atom\">Koloniale Gegenwart<\/strong>\n\n\t\t\t\t\t\t\t\t\t\t\t<div class=\"\">\u00d6ffentliche F\u00fchrung<\/div>\n\t\t\t\t\t\t\t\t\t<\/div>\n\t\t\t\t<div class=\"teaser-bottom border-bottom\">\n\t\t\t\t<calendardateline :rawitem='item' :show-icon=\"true\"><\/calendardateline>\n\t\t\t\t\t<hr>\n\t\t\t\t<\/div>\n\t\t\t<\/div>\n\t\t<\/div>\n\t<\/a>\n\t<\/calendarteaser>\n<\/li>\n\n<li class=\"teaser-lane-slide col-xs-9 col-sm-4 col-md-3 teaser-wrapper col-padding-remove\">\n\t<calendarteaser key=\"5303315872\" rawitem='{&quot;postId&quot;:53033,&quot;title&quot;:&quot;Las Americas&quot;,&quot;excerpt&quot;:&quot;&quot;,&quot;slug&quot;:&quot;las-americas&quot;,&quot;post_date&quot;:&quot;2022-09-14T10:45&quot;,&quot;type&quot;:&quot;event&quot;,&quot;permalink&quot;:&quot;https:\\\/\\\/www.humboldtforum.org\\\/de\\\/programm\\\/termin\\\/fuehrung\\\/las-americas-53033\\\/&quot;,&quot;genre&quot;:[821],&quot;genre_details&quot;:[{&quot;text&quot;:&quot;F\\u00fchrung&quot;,&quot;id&quot;:821,&quot;icon&quot;:null,&quot;parent&quot;:0}],&quot;stakeholder&quot;:[530],&quot;stakeholder_details&quot;:[{&quot;text&quot;:&quot;Staatliche Museen zu Berlin&quot;,&quot;id&quot;:530,&quot;icon&quot;:null,&quot;parent&quot;:0}],&quot;targetgroup&quot;:[383],&quot;targetgroup_details&quot;:[{&quot;text&quot;:&quot;Erwachsene&quot;,&quot;id&quot;:383,&quot;icon&quot;:null,&quot;parent&quot;:0}],&quot;language&quot;:[384],&quot;language_details&quot;:[{&quot;text&quot;:&quot;Deutsch&quot;,&quot;id&quot;:384,&quot;icon&quot;:null,&quot;parent&quot;:0}],&quot;age&quot;:[451],&quot;age_details&quot;:[{&quot;text&quot;:&quot;ab 14 Jahre&quot;,&quot;id&quot;:451,&quot;icon&quot;:null,&quot;parent&quot;:0}],&quot;groupsize&quot;:[1049],&quot;groupsize_details&quot;:[{&quot;text&quot;:&quot;max. 25 Personen&quot;,&quot;id&quot;:1049,&quot;icon&quot;:null,&quot;parent&quot;:0}],&quot;icon_overwrite&quot;:&quot;&quot;,&quot;acf&quot;:{&quot;noindex&quot;:false,&quot;keywords&quot;:&quot;&quot;,&quot;hashtag&quot;:&quot;HumboldtForum&quot;,&quot;belongsto&quot;:[46021],&quot;shorturl&quot;:&quot;&quot;,&quot;times&quot;:[{&quot;start&quot;:&quot;20260511 17:00&quot;,&quot;end&quot;:&quot;18:00&quot;,&quot;status&quot;:&quot;BUY&quot;,&quot;info&quot;:&quot;F\\u00fchrung in deutscher Sprache - 9 EUR zzgl. Eintritt&quot;,&quot;shop&quot;:&quot;https:\\\/\\\/tickets.humboldtforum.org\\\/#\\\/product\\\/event\\\/282?date=2026-05-11&amp;date_id=28227&amp;lang=de&quot;,&quot;i&quot;:2,&quot;start_hour&quot;:&quot;17:00&quot;,&quot;start_HRF&quot;:&quot;Mo, 11. Mai 2026&quot;,&quot;_date&quot;:{&quot;date&quot;:&quot;2026-05-11 18:00:00.000000&quot;,&quot;timezone_type&quot;:3,&quot;timezone&quot;:&quot;Europe\\\/Berlin&quot;},&quot;_fromdate&quot;:&quot;20260511 17:00&quot;,&quot;start_TS&quot;:1778511600,&quot;start_HRFSHORT&quot;:&quot;11.05.26&quot;,&quot;start_HRFSHORT_WD&quot;:&quot;Mo 11.05.2026&quot;,&quot;end_TS&quot;:1778515200,&quot;can_purchase&quot;:true},{&quot;start&quot;:&quot;20260525 17:00&quot;,&quot;end&quot;:&quot;18:00&quot;,&quot;status&quot;:&quot;BUY&quot;,&quot;info&quot;:&quot;F\\u00fchrung in deutscher Sprache - 9 EUR zzgl. Eintritt&quot;,&quot;shop&quot;:&quot;https:\\\/\\\/tickets.humboldtforum.org\\\/#\\\/product\\\/event\\\/282?date=2026-05-25&amp;date_id=28228&amp;lang=de&quot;,&quot;i&quot;:3,&quot;start_hour&quot;:&quot;17:00&quot;,&quot;start_HRF&quot;:&quot;Mo, 25. Mai 2026&quot;,&quot;_date&quot;:{&quot;date&quot;:&quot;2026-05-25 18:00:00.000000&quot;,&quot;timezone_type&quot;:3,&quot;timezone&quot;:&quot;Europe\\\/Berlin&quot;},&quot;_fromdate&quot;:&quot;20260525 17:00&quot;,&quot;start_TS&quot;:1779721200,&quot;start_HRFSHORT&quot;:&quot;25.05.26&quot;,&quot;start_HRFSHORT_WD&quot;:&quot;Mo 25.05.2026&quot;,&quot;end_TS&quot;:1779724800,&quot;can_purchase&quot;:true},{&quot;start&quot;:&quot;20260608 17:00&quot;,&quot;end&quot;:&quot;18:00&quot;,&quot;status&quot;:&quot;BUY&quot;,&quot;info&quot;:&quot;F\\u00fchrung in deutscher Sprache - 9 EUR zzgl. Eintritt&quot;,&quot;shop&quot;:&quot;https:\\\/\\\/tickets.humboldtforum.org\\\/#\\\/product\\\/event\\\/282?date=2026-06-08&amp;date_id=28596&amp;lang=de&quot;,&quot;i&quot;:0,&quot;start_hour&quot;:&quot;17:00&quot;,&quot;start_HRF&quot;:&quot;Mo,  8. Juni 2026&quot;,&quot;_date&quot;:{&quot;date&quot;:&quot;2026-06-08 18:00:00.000000&quot;,&quot;timezone_type&quot;:3,&quot;timezone&quot;:&quot;Europe\\\/Berlin&quot;},&quot;_fromdate&quot;:&quot;20260608 17:00&quot;,&quot;start_TS&quot;:1780930800,&quot;start_HRFSHORT&quot;:&quot;08.06.26&quot;,&quot;start_HRFSHORT_WD&quot;:&quot;Mo 08.06.2026&quot;,&quot;end_TS&quot;:1780934400,&quot;can_purchase&quot;:true},{&quot;start&quot;:&quot;20260622 17:00&quot;,&quot;end&quot;:&quot;18:00&quot;,&quot;status&quot;:&quot;BUY&quot;,&quot;info&quot;:&quot;F\\u00fchrung in deutscher Sprache - 9 EUR zzgl. Eintritt&quot;,&quot;shop&quot;:&quot;https:\\\/\\\/tickets.humboldtforum.org\\\/#\\\/product\\\/event\\\/282?date=2026-06-22&amp;date_id=28597&amp;lang=de&quot;,&quot;i&quot;:1,&quot;start_hour&quot;:&quot;17:00&quot;,&quot;start_HRF&quot;:&quot;Mo, 22. Juni 2026&quot;,&quot;_date&quot;:{&quot;date&quot;:&quot;2026-06-22 18:00:00.000000&quot;,&quot;timezone_type&quot;:3,&quot;timezone&quot;:&quot;Europe\\\/Berlin&quot;},&quot;_fromdate&quot;:&quot;20260622 17:00&quot;,&quot;start_TS&quot;:1782140400,&quot;start_HRFSHORT&quot;:&quot;22.06.26&quot;,&quot;start_HRFSHORT_WD&quot;:&quot;Mo 22.06.2026&quot;,&quot;end_TS&quot;:1782144000,&quot;can_purchase&quot;:true}],&quot;planning&quot;:{&quot;price&quot;:&quot;9 EUR zzgl. Eintritt&quot;,&quot;admission&quot;:&quot;&quot;,&quot;pause&quot;:&quot;&quot;,&quot;duration&quot;:&quot;60&quot;},&quot;subline&quot;:&quot;\\u00d6ffentliche F\\u00fchrung&quot;,&quot;tickettext&quot;:&quot;Bitte buchen Sie Ihr Ticket vorab online oder an der Kasse im Foyer.&quot;,&quot;additional_info&quot;:{&quot;icon&quot;:&quot;0&quot;,&quot;text&quot;:&quot;&quot;},&quot;highlight_header&quot;:false,&quot;featured_images&quot;:[93302],&quot;use_video_in_teasers&quot;:false,&quot;hyphenation&quot;:true,&quot;tipp&quot;:true,&quot;joker&quot;:false,&quot;live&quot;:false,&quot;hide_event_in_program&quot;:false,&quot;hm_id&quot;:&quot;150761&quot;,&quot;subline_feature&quot;:&quot;Indigene Vielfalt&quot;,&quot;alert_text&quot;:&quot;DE&quot;,&quot;gomus_id&quot;:&quot;&quot;},&quot;date&quot;:{&quot;NX&quot;:&quot;20260511&quot;,&quot;NXX&quot;:&quot;202605111700&quot;,&quot;NLAST&quot;:&quot;202606221300&quot;,&quot;from_DATE&quot;:&quot;20260511 17:00&quot;,&quot;from&quot;:1778504400,&quot;to&quot;:1782133200,&quot;to_DATE&quot;:&quot;20260622 17:00&quot;,&quot;from_HRFSHORT&quot;:&quot;11. Mai 2026&quot;,&quot;from_HRFSHORT_WD&quot;:&quot;Mo 11.05.2026&quot;,&quot;to_HRFSHORT&quot;:&quot;22. Jun 2026&quot;,&quot;to_HRFSHORT_WD&quot;:&quot;Mo 22.06.2026&quot;,&quot;from_HRF&quot;:&quot;Mo, 11. Mai 2026&quot;,&quot;to_HRF&quot;:&quot;Mo, 22. Juni 2026&quot;,&quot;from_to_HRF&quot;:&quot;Mo, 11. Mai \\u2013 Mo, 22. Juni 2026&quot;,&quot;from_to_HRFSHORT&quot;:&quot;11. Mai \\u2013 22. Jun 2026&quot;},&quot;alert&quot;:&quot;Tipp&quot;,&quot;partof&quot;:[],&quot;marketing_topic&quot;:{&quot;title&quot;:&quot;Ethnologische Sammlungen und Asiatische Kunst&quot;,&quot;ID&quot;:46021,&quot;reason&quot;:&quot;belongsto&quot;}}' inline-template>\n\t<a href=\"https:\/\/www.humboldtforum.org\/de\/programm\/termin\/fuehrung\/las-americas-53033\/\" class=\"teaser teaser-event teaser-event-standard\">\n\t\t<div class=\"row\">\n\t\t\t<div class=\"col-xs-12 teaser-event-image\">\n\t\t\t\t<div class=\"teaser-image teaser-image-no-alternate\">\n\t\t\t\t\t\t\t\t\t\t\t\t\t<span class=\"alert\">Tipp<\/span>\n\t\t\t\t\t\t\t\t\t\t\t\n\t<lazy-media-inline inline-template>\n\t\t<figure itemscope itemtype=\"http:\/\/schema.org\/ImageObject\" class=\"lazy-media-inline \" role=\"group\" id=\"media_69f297c57d4be\" aria-labelledby=\"desc_media_69f297c57d4be\">\n\t\t\t<script type=\"application\/json\" ref=\"data\">\n\t\t\t\t{\n\t\t\t\t\"sizes\" : {\"medium\":{\"file\":\"SHF_eb00201185-300x200.jpg\",\"width\":300,\"height\":200,\"mime-type\":\"image\\\/jpeg\",\"filesize\":16566},\"large\":{\"file\":\"SHF_eb00201185-1024x682.jpg\",\"width\":1024,\"height\":682,\"mime-type\":\"image\\\/jpeg\",\"filesize\":99633},\"thumbnail\":{\"file\":\"SHF_eb00201185-150x150.jpg\",\"width\":150,\"height\":150,\"mime-type\":\"image\\\/jpeg\",\"filesize\":7877},\"medium_large\":{\"file\":\"SHF_eb00201185-768x512.jpg\",\"width\":768,\"height\":512,\"mime-type\":\"image\\\/jpeg\",\"filesize\":66260},\"small\":{\"file\":\"SHF_eb00201185-440x293.jpg\",\"width\":440,\"height\":293,\"mime-type\":\"image\\\/jpeg\",\"filesize\":29310},\"semi\":{\"file\":\"SHF_eb00201185-580x387.jpg\",\"width\":580,\"height\":387,\"mime-type\":\"image\\\/jpeg\",\"filesize\":44296},\"mobile\":{\"file\":\"SHF_eb00201185-720x480.jpg\",\"width\":720,\"height\":480,\"mime-type\":\"image\\\/jpeg\",\"filesize\":59858},\"original\":{\"file\":\"SHF_eb00201185.jpg\",\"width\":1280,\"height\":853}},\n\t\t\t\t\"alt\" : \"Besucher bewundern Exponate in einem modernen Museum mit Vitrinen und einem kunstvollen Ambiente.\",\n\t\t\t\t\"path\" : \"\\\/wp-content\\\/uploads\\\/2022\\\/09\\\/\",\n\t\t\t\t\"video\" : null,\n\t\t\t\t\"autoplay\" : null,\n\t\t\t\t\"youtube\" : null,\n\t\t\t\t\"youtubelabel\" : \"Video abspielen\",\n\t\t\t\t\"brightness\" : 100,\n\t\t\t\t\"crop\" : {\"top\":\"50.00\",\"left\":\"50.00\"},\n\t\t\t\t\"background\" : true,\n\t\t\t\t\"scale\" : 2\t\t\t\t}\n\t\t\t<\/script>\n\n\t\t\t<div class=\"height-container\" style=\"padding-bottom:66.640625%;\" v-if=\"sizes\">\n\t\t\t\t\t\t\t\t<lazy-media :inline=\"true\" :alt=\"alt\" :sizes=\"sizes\" :scale=\"scale\" :brightness=\"brightness\" :path=\"path\" :video=\"video\" :autoplay=\"autoplay\" :youtube=\"youtube\" :crop=\"crop\" :youtubelabel=\"youtubelabel\" :background=\"background\" media-id=\"desc_media_69f297c57d4be\"><\/lazy-media>\n\t\t\t\t\t\t\t<\/div>\n\n\t\t\t\t\t\t\t<figcaption class=\"sr-only\" ref=\"body\" id=\"desc_media_69f297c57d4be\">\n\t\t\t\t\t\t\t\t\t\t\t<div>Besucher*innen einer F&uuml;hrung im Bereich &quot;Grafische Kommunikationssysteme in Mesoamerika&quot; des Ethnologischen Museums<\/div>\n\t\t\t\t\t\t\t\t\t\t\t\t\t\t\t\t\t\t\t\t\t<div class=\"insignificant\">\u00a9 Staatliche Museen zu Berlin \/ Ethnologisches Museum, Foto: Frank Sperling<\/div>\n\t\t\t\t\t\t\t\t\t<\/figcaption>\n\t\t\t\t\t<\/figure>\n\t<\/lazy-media-inline>\n\t\t\t\t<\/div>\n\t\t\t<\/div>\n\t\t\t<div class=\"col-xs-12 teaser-event-text Infos\">\n\t\t\t\t<div class=\"teaser-event-standard-text\">\n\t\t\t\t\t<div class=\"margin-bottom-atom\">\n\t\t\t\t\t\t<div class=\"subline clamp-1\" v-html=\"maingenre\"><\/div>\n\t\t\t\t\t\t\t\t\t\t\t\t\t<div class=\"insignificant clamp-2\">Ethnologische Sammlungen und Asiatische Kunst<\/div>\n\t\t\t\t\t\t\t\t\t\t\t<\/div>\n\t\t\t\t\n\t\t\t\t\t<strong class=\"margin-bottom-atom\">Las Americas<\/strong>\n\n\t\t\t\t\t\t\t\t\t\t\t<div class=\"\">\u00d6ffentliche F\u00fchrung<\/div>\n\t\t\t\t\t\t\t\t\t<\/div>\n\t\t\t\t<div class=\"teaser-bottom border-bottom\">\n\t\t\t\t<calendardateline :rawitem='item' :show-icon=\"true\"><\/calendardateline>\n\t\t\t\t\t<hr>\n\t\t\t\t<\/div>\n\t\t\t<\/div>\n\t\t<\/div>\n\t<\/a>\n\t<\/calendarteaser>\n<\/li>\n\n<li class=\"teaser-lane-slide col-xs-9 col-sm-4 col-md-3 teaser-wrapper col-padding-remove\">\n\t<calendarteaser key=\"5294716647\" rawitem='{&quot;postId&quot;:52947,&quot;title&quot;:&quot;Aspekte des Islam&quot;,&quot;excerpt&quot;:&quot;&quot;,&quot;slug&quot;:&quot;aspekte-des-islams&quot;,&quot;post_date&quot;:&quot;2022-09-14T09:42&quot;,&quot;type&quot;:&quot;event&quot;,&quot;permalink&quot;:&quot;https:\\\/\\\/www.humboldtforum.org\\\/de\\\/programm\\\/termin\\\/fuehrung\\\/aspekte-des-islams-52947\\\/&quot;,&quot;genre&quot;:[821],&quot;genre_details&quot;:[{&quot;text&quot;:&quot;F\\u00fchrung&quot;,&quot;id&quot;:821,&quot;icon&quot;:null,&quot;parent&quot;:0}],&quot;stakeholder&quot;:[530],&quot;stakeholder_details&quot;:[{&quot;text&quot;:&quot;Staatliche Museen zu Berlin&quot;,&quot;id&quot;:530,&quot;icon&quot;:null,&quot;parent&quot;:0}],&quot;targetgroup&quot;:[383],&quot;targetgroup_details&quot;:[{&quot;text&quot;:&quot;Erwachsene&quot;,&quot;id&quot;:383,&quot;icon&quot;:null,&quot;parent&quot;:0}],&quot;language&quot;:[384],&quot;language_details&quot;:[{&quot;text&quot;:&quot;Deutsch&quot;,&quot;id&quot;:384,&quot;icon&quot;:null,&quot;parent&quot;:0}],&quot;age&quot;:[451],&quot;age_details&quot;:[{&quot;text&quot;:&quot;ab 14 Jahre&quot;,&quot;id&quot;:451,&quot;icon&quot;:null,&quot;parent&quot;:0}],&quot;groupsize&quot;:[1049],&quot;groupsize_details&quot;:[{&quot;text&quot;:&quot;max. 25 Personen&quot;,&quot;id&quot;:1049,&quot;icon&quot;:null,&quot;parent&quot;:0}],&quot;place&quot;:[532],&quot;place_details&quot;:{&quot;place&quot;:&quot;Humboldt Forum&quot;,&quot;map&quot;:&quot;Humboldt Forum, Schlossplatz, Berlin&quot;,&quot;room&quot;:&quot;3. OG&quot;},&quot;icon_overwrite&quot;:&quot;&quot;,&quot;acf&quot;:{&quot;noindex&quot;:false,&quot;keywords&quot;:&quot;&quot;,&quot;hashtag&quot;:&quot;HumboldtForum&quot;,&quot;belongsto&quot;:[46021],&quot;shorturl&quot;:&quot;&quot;,&quot;times&quot;:[{&quot;start&quot;:&quot;20260504 17:00&quot;,&quot;end&quot;:&quot;18:00&quot;,&quot;status&quot;:&quot;BUY&quot;,&quot;info&quot;:&quot;F\\u00fchrung in deutscher Sprache - 9 EUR zzgl. Eintritt &quot;,&quot;shop&quot;:&quot;https:\\\/\\\/tickets.humboldtforum.org\\\/#\\\/product\\\/event\\\/280?date=2026-05-04&amp;date_id=28195&amp;lang=de&quot;,&quot;i&quot;:3,&quot;start_hour&quot;:&quot;17:00&quot;,&quot;start_HRF&quot;:&quot;Mo,  4. Mai 2026&quot;,&quot;_date&quot;:{&quot;date&quot;:&quot;2026-05-04 18:00:00.000000&quot;,&quot;timezone_type&quot;:3,&quot;timezone&quot;:&quot;Europe\\\/Berlin&quot;},&quot;_fromdate&quot;:&quot;20260504 17:00&quot;,&quot;start_TS&quot;:1777906800,&quot;start_HRFSHORT&quot;:&quot;04.05.26&quot;,&quot;start_HRFSHORT_WD&quot;:&quot;Mo 04.05.2026&quot;,&quot;end_TS&quot;:1777910400,&quot;can_purchase&quot;:true},{&quot;start&quot;:&quot;20260518 17:00&quot;,&quot;end&quot;:&quot;18:00&quot;,&quot;status&quot;:&quot;BUY&quot;,&quot;info&quot;:&quot;F\\u00fchrung in deutscher Sprache - 9 EUR zzgl. Eintritt &quot;,&quot;shop&quot;:&quot;https:\\\/\\\/tickets.humboldtforum.org\\\/#\\\/product\\\/event\\\/280?date=2026-05-18&amp;date_id=28196&amp;lang=de&quot;,&quot;i&quot;:4,&quot;start_hour&quot;:&quot;17:00&quot;,&quot;start_HRF&quot;:&quot;Mo, 18. Mai 2026&quot;,&quot;_date&quot;:{&quot;date&quot;:&quot;2026-05-18 18:00:00.000000&quot;,&quot;timezone_type&quot;:3,&quot;timezone&quot;:&quot;Europe\\\/Berlin&quot;},&quot;_fromdate&quot;:&quot;20260518 17:00&quot;,&quot;start_TS&quot;:1779116400,&quot;start_HRFSHORT&quot;:&quot;18.05.26&quot;,&quot;start_HRFSHORT_WD&quot;:&quot;Mo 18.05.2026&quot;,&quot;end_TS&quot;:1779120000,&quot;can_purchase&quot;:true},{&quot;start&quot;:&quot;20260601 17:00&quot;,&quot;end&quot;:&quot;18:00&quot;,&quot;status&quot;:&quot;BUY&quot;,&quot;info&quot;:&quot;F\\u00fchrung in deutscher Sprache - 9 EUR zzgl. Eintritt &quot;,&quot;shop&quot;:&quot;https:\\\/\\\/tickets.humboldtforum.org\\\/#\\\/product\\\/event\\\/280?date=2026-06-01&amp;date_id=28566&amp;lang=de&quot;,&quot;i&quot;:0,&quot;start_hour&quot;:&quot;17:00&quot;,&quot;start_HRF&quot;:&quot;Mo,  1. Juni 2026&quot;,&quot;_date&quot;:{&quot;date&quot;:&quot;2026-06-01 18:00:00.000000&quot;,&quot;timezone_type&quot;:3,&quot;timezone&quot;:&quot;Europe\\\/Berlin&quot;},&quot;_fromdate&quot;:&quot;20260601 17:00&quot;,&quot;start_TS&quot;:1780326000,&quot;start_HRFSHORT&quot;:&quot;01.06.26&quot;,&quot;start_HRFSHORT_WD&quot;:&quot;Mo 01.06.2026&quot;,&quot;end_TS&quot;:1780329600,&quot;can_purchase&quot;:true},{&quot;start&quot;:&quot;20260615 17:00&quot;,&quot;end&quot;:&quot;18:00&quot;,&quot;status&quot;:&quot;BUY&quot;,&quot;info&quot;:&quot;F\\u00fchrung in deutscher Sprache - 9 EUR zzgl. Eintritt &quot;,&quot;shop&quot;:&quot;https:\\\/\\\/tickets.humboldtforum.org\\\/#\\\/product\\\/event\\\/280?date=2026-06-15&amp;date_id=28567&amp;lang=de&quot;,&quot;i&quot;:1,&quot;start_hour&quot;:&quot;17:00&quot;,&quot;start_HRF&quot;:&quot;Mo, 15. Juni 2026&quot;,&quot;_date&quot;:{&quot;date&quot;:&quot;2026-06-15 18:00:00.000000&quot;,&quot;timezone_type&quot;:3,&quot;timezone&quot;:&quot;Europe\\\/Berlin&quot;},&quot;_fromdate&quot;:&quot;20260615 17:00&quot;,&quot;start_TS&quot;:1781535600,&quot;start_HRFSHORT&quot;:&quot;15.06.26&quot;,&quot;start_HRFSHORT_WD&quot;:&quot;Mo 15.06.2026&quot;,&quot;end_TS&quot;:1781539200,&quot;can_purchase&quot;:true},{&quot;start&quot;:&quot;20260629 17:00&quot;,&quot;end&quot;:&quot;18:00&quot;,&quot;status&quot;:&quot;BUY&quot;,&quot;info&quot;:&quot;F\\u00fchrung in deutscher Sprache - 9 EUR zzgl. Eintritt &quot;,&quot;shop&quot;:&quot;https:\\\/\\\/tickets.humboldtforum.org\\\/#\\\/product\\\/event\\\/280?date=2026-06-29&amp;date_id=28568&amp;lang=de&quot;,&quot;i&quot;:2,&quot;start_hour&quot;:&quot;17:00&quot;,&quot;start_HRF&quot;:&quot;Mo, 29. Juni 2026&quot;,&quot;_date&quot;:{&quot;date&quot;:&quot;2026-06-29 18:00:00.000000&quot;,&quot;timezone_type&quot;:3,&quot;timezone&quot;:&quot;Europe\\\/Berlin&quot;},&quot;_fromdate&quot;:&quot;20260629 17:00&quot;,&quot;start_TS&quot;:1782745200,&quot;start_HRFSHORT&quot;:&quot;29.06.26&quot;,&quot;start_HRFSHORT_WD&quot;:&quot;Mo 29.06.2026&quot;,&quot;end_TS&quot;:1782748800,&quot;can_purchase&quot;:true}],&quot;planning&quot;:{&quot;price&quot;:&quot;9 EUR zzgl. Eintritt&quot;,&quot;admission&quot;:&quot;&quot;,&quot;pause&quot;:&quot;&quot;,&quot;duration&quot;:&quot;60&quot;},&quot;subline&quot;:&quot;\\u00d6ffentliche F\\u00fchrung&quot;,&quot;tickettext&quot;:&quot;Bitte buchen Sie Ihr Ticket vorab online oder an der Kasse im Foyer.&quot;,&quot;additional_info&quot;:{&quot;icon&quot;:&quot;0&quot;,&quot;text&quot;:&quot;&quot;},&quot;highlight_header&quot;:false,&quot;featured_images&quot;:[51512],&quot;use_video_in_teasers&quot;:false,&quot;hyphenation&quot;:true,&quot;tipp&quot;:false,&quot;joker&quot;:false,&quot;live&quot;:false,&quot;hide_event_in_program&quot;:false,&quot;hm_id&quot;:&quot;&quot;,&quot;alert_text&quot;:&quot;DE&quot;,&quot;gomus_id&quot;:&quot;&quot;,&quot;infotext&quot;:&quot;Die Termine und die Ticketbuchung f\\u00fcr den kommenden Monat werden am Ende des Vormonats freigeschaltet.&quot;},&quot;date&quot;:{&quot;NX&quot;:&quot;20260504&quot;,&quot;NXX&quot;:&quot;202605041700&quot;,&quot;NLAST&quot;:&quot;202606291300&quot;,&quot;from_DATE&quot;:&quot;20260504 17:00&quot;,&quot;from&quot;:1777899600,&quot;to&quot;:1782738000,&quot;to_DATE&quot;:&quot;20260629 17:00&quot;,&quot;from_HRFSHORT&quot;:&quot; 4. Mai 2026&quot;,&quot;from_HRFSHORT_WD&quot;:&quot;Mo 04.05.2026&quot;,&quot;to_HRFSHORT&quot;:&quot;29. Jun 2026&quot;,&quot;to_HRFSHORT_WD&quot;:&quot;Mo 29.06.2026&quot;,&quot;from_HRF&quot;:&quot;Mo,  4. Mai 2026&quot;,&quot;to_HRF&quot;:&quot;Mo, 29. Juni 2026&quot;,&quot;from_to_HRF&quot;:&quot;Mo,  4. Mai \\u2013 Mo, 29. Juni 2026&quot;,&quot;from_to_HRFSHORT&quot;:&quot; 4. Mai \\u2013 29. Jun 2026&quot;},&quot;alert&quot;:&quot;DE&quot;,&quot;partof&quot;:[],&quot;marketing_topic&quot;:{&quot;title&quot;:&quot;Ethnologische Sammlungen und Asiatische Kunst&quot;,&quot;ID&quot;:46021,&quot;reason&quot;:&quot;belongsto&quot;}}' inline-template>\n\t<a href=\"https:\/\/www.humboldtforum.org\/de\/programm\/termin\/fuehrung\/aspekte-des-islams-52947\/\" class=\"teaser teaser-event teaser-event-standard\">\n\t\t<div class=\"row\">\n\t\t\t<div class=\"col-xs-12 teaser-event-image\">\n\t\t\t\t<div class=\"teaser-image teaser-image-no-alternate\">\n\t\t\t\t\t\t\t\t\t\t\t\t\t<span class=\"alert\">DE<\/span>\n\t\t\t\t\t\t\t\t\t\t\t\n\t<lazy-media-inline inline-template>\n\t\t<figure itemscope itemtype=\"http:\/\/schema.org\/ImageObject\" class=\"lazy-media-inline \" role=\"group\" id=\"media_69f297c57e2d6\" aria-labelledby=\"desc_media_69f297c57e2d6\">\n\t\t\t<script type=\"application\/json\" ref=\"data\">\n\t\t\t\t{\n\t\t\t\t\"sizes\" : {\"medium\":{\"file\":\"HUF_EM_Gebetsnische_Aspekte-des-Islam-c-Giuliani-von-Giese-300x200.jpg\",\"width\":300,\"height\":200,\"mime-type\":\"image\\\/jpeg\",\"filesize\":11927},\"large\":{\"file\":\"HUF_EM_Gebetsnische_Aspekte-des-Islam-c-Giuliani-von-Giese-1024x683.jpg\",\"width\":1024,\"height\":683,\"mime-type\":\"image\\\/jpeg\",\"filesize\":102215},\"thumbnail\":{\"file\":\"HUF_EM_Gebetsnische_Aspekte-des-Islam-c-Giuliani-von-Giese-150x150.jpg\",\"width\":150,\"height\":150,\"mime-type\":\"image\\\/jpeg\",\"filesize\":5967},\"medium_large\":{\"file\":\"HUF_EM_Gebetsnische_Aspekte-des-Islam-c-Giuliani-von-Giese-768x512.jpg\",\"width\":768,\"height\":512,\"mime-type\":\"image\\\/jpeg\",\"filesize\":63104},\"small\":{\"file\":\"HUF_EM_Gebetsnische_Aspekte-des-Islam-c-Giuliani-von-Giese-440x293.jpg\",\"width\":440,\"height\":293,\"mime-type\":\"image\\\/jpeg\",\"filesize\":23064},\"semi\":{\"file\":\"HUF_EM_Gebetsnische_Aspekte-des-Islam-c-Giuliani-von-Giese-580x387.jpg\",\"width\":580,\"height\":387,\"mime-type\":\"image\\\/jpeg\",\"filesize\":38589},\"mobile\":{\"file\":\"HUF_EM_Gebetsnische_Aspekte-des-Islam-c-Giuliani-von-Giese-720x480.jpg\",\"width\":720,\"height\":480,\"mime-type\":\"image\\\/jpeg\",\"filesize\":55592},\"hd\":{\"file\":\"HUF_EM_Gebetsnische_Aspekte-des-Islam-c-Giuliani-von-Giese-1280x853.jpg\",\"width\":1280,\"height\":853,\"mime-type\":\"image\\\/jpeg\",\"filesize\":150025},\"1536x1536\":{\"file\":\"HUF_EM_Gebetsnische_Aspekte-des-Islam-c-Giuliani-von-Giese-1536x1024.jpg\",\"width\":1536,\"height\":1024,\"mime-type\":\"image\\\/jpeg\",\"filesize\":202390},\"original\":{\"file\":\"HUF_EM_Gebetsnische_Aspekte-des-Islam-c-Giuliani-von-Giese.jpg\",\"width\":1920,\"height\":1280}},\n\t\t\t\t\"alt\" : \"Historische Fliesen mit blauen und gr\\u00fcnen Mustern an einer wei\\u00dfen Wand in einem Museum ausgestellt.\",\n\t\t\t\t\"path\" : \"\\\/wp-content\\\/uploads\\\/2022\\\/09\\\/\",\n\t\t\t\t\"video\" : null,\n\t\t\t\t\"autoplay\" : null,\n\t\t\t\t\"youtube\" : null,\n\t\t\t\t\"youtubelabel\" : \"Video abspielen\",\n\t\t\t\t\"brightness\" : 100,\n\t\t\t\t\"crop\" : {\"top\":\"68.14\",\"left\":\"49.86\"},\n\t\t\t\t\"background\" : true,\n\t\t\t\t\"scale\" : 2\t\t\t\t}\n\t\t\t<\/script>\n\n\t\t\t<div class=\"height-container\" style=\"padding-bottom:66.666666666667%;\" v-if=\"sizes\">\n\t\t\t\t\t\t\t\t<lazy-media :inline=\"true\" :alt=\"alt\" :sizes=\"sizes\" :scale=\"scale\" :brightness=\"brightness\" :path=\"path\" :video=\"video\" :autoplay=\"autoplay\" :youtube=\"youtube\" :crop=\"crop\" :youtubelabel=\"youtubelabel\" :background=\"background\" media-id=\"desc_media_69f297c57e2d6\"><\/lazy-media>\n\t\t\t\t\t\t\t<\/div>\n\n\t\t\t\t\t\t\t<figcaption class=\"sr-only\" ref=\"body\" id=\"desc_media_69f297c57e2d6\">\n\t\t\t\t\t\t\t\t\t\t\t<div>Gebetsnische (Iran) im Ausstellungsbereich &bdquo;Aspekte des Islam&ldquo; des Ethnologischen Museums im Humboldt Forum<\/div>\n\t\t\t\t\t\t\t\t\t\t\t\t\t\t\t\t\t\t\t\t\t<div class=\"insignificant\">\u00a9 Staatliche Museen zu Berlin \/ Stiftung Humboldt Forum im Berliner Schloss \/ Giuliani von Giese<\/div>\n\t\t\t\t\t\t\t\t\t<\/figcaption>\n\t\t\t\t\t<\/figure>\n\t<\/lazy-media-inline>\n\t\t\t\t<\/div>\n\t\t\t<\/div>\n\t\t\t<div class=\"col-xs-12 teaser-event-text Infos\">\n\t\t\t\t<div class=\"teaser-event-standard-text\">\n\t\t\t\t\t<div class=\"margin-bottom-atom\">\n\t\t\t\t\t\t<div class=\"subline clamp-1\" v-html=\"maingenre\"><\/div>\n\t\t\t\t\t\t\t\t\t\t\t\t\t<div class=\"insignificant clamp-2\">Ethnologische Sammlungen und Asiatische Kunst<\/div>\n\t\t\t\t\t\t\t\t\t\t\t<\/div>\n\t\t\t\t\n\t\t\t\t\t<strong class=\"margin-bottom-atom\">Aspekte des Islam<\/strong>\n\n\t\t\t\t\t\t\t\t\t\t\t<div class=\"\">\u00d6ffentliche F\u00fchrung<\/div>\n\t\t\t\t\t\t\t\t\t<\/div>\n\t\t\t\t<div class=\"teaser-bottom border-bottom\">\n\t\t\t\t<calendardateline :rawitem='item' :show-icon=\"true\"><\/calendardateline>\n\t\t\t\t\t<hr>\n\t\t\t\t<\/div>\n\t\t\t<\/div>\n\t\t<\/div>\n\t<\/a>\n\t<\/calendarteaser>\n<\/li>\n\n\t\t\t\t\t\t<\/ul>\n\t\t\t\t\t<\/div>\n\t\t\t\t<\/div>\n\t\t\t<\/teaser-lane-with-buttons>\n\t\t\t\t<\/lazy-component>\n<\/section>\n\n\n\n<section class=\"block block-teaser col-4 \" style=\"\">\n\t\t\t\t\t\t<div class=\"container-fluid\">\n\t\t\t\t\t\t\t\t\t<div class=\"row\">\n\t\t\t\t\t\t<div class=\"col-xs-12\">\n\t\t\t\t\t\t\t<h3 class=\"h4 topline\"> Organisatorische Hinweise<\/h4>\n\t\t\t\t\t\t<\/div>\n\t\t\t\t\t<\/div>\n\t\t\t\t\t\t\t\t<ul class=\"row\">\n\n\t\t\t\t<li class=\"col-xs-12 col-md-3 col-padding-remove teaser-wrapper\">\n\t<div class=\"box\">\n\t\t<div class=\"teaser teaser-info\">\n\t\t\t<div class=\"box teaser-info-box\">\n\t\t\t\t<div>\n\t\t\t\t\t\t\t\t\t\t\t<div class=\"teaser-info-image\">\n\t\t\t\t\t\t\t<img decoding=\"async\" class=\"teaser-inline-svg\" alt=\"Piktogramm Treffpunkt &#038; Uhrzeit\" src=\"https:\/\/www.humboldtforum.org\/wp-content\/uploads\/2021\/06\/Meetingpoint.svg\">\n\t\t\t\t\t\t<\/div>\n\t\t\t\t\t\t\t\t\t\t<div class=\"teaser-header h6\">Treffpunkt &#038; Uhrzeit<\/div>\n\t\t\t\t\t<div class=\"teaser-info-copy Teaser-copy\"><p>Den Treffpunkt f\u00fcr F\u00fchrungen und den Ort f\u00fcr Workshops finden Sie auf Ihrer Buchungsbest\u00e4tigung. Damit die F\u00fchrung p\u00fcnktlich beginnen kann, bitten wir Sie, 15 Minuten vor Programmbeginn im Humboldt Forum einzutreffen. Ber\u00fccksichtigen Sie bitte unbedingt diese zus\u00e4tzliche Viertelstunde bei Ihrer Planung. Vielen Dank!<\/p>\n<\/div>\n\t\t\t\t<\/div>\n\t\t\t\t\n\t\t\t\t\t\t\t<\/div>\n\t\t<\/div>\n\t<\/div>\n<\/li>\t\t\t\t<\/ul>\n\t\t\t<\/div>\n\t\t\t<\/section>","protected":false},"template":"","genre":[821],"digital":[],"topic":[],"stakeholder":[530],"editorial":[],"editorialfilter":[],"targetgroup":[383],"language":[384],"accessability":[],"age":[451],"school":[],"groupsize":[1049],"place":[531],"class_list":["post-53089","event","type-event","status-publish","has-post-thumbnail","hentry","genre-fuehrung","stakeholder-staatliche-museen-zu-berlin","targetgroup-erwachsene","language-deutsch","age-ab-14-jahre","groupsize-max-25-personen","place-2-og"],"acf":[],"_links":{"self":[{"href":"https:\/\/www.humboldtforum.org\/de\/wp-json\/wp\/v2\/event\/53089","targetHints":{"allow":["GET"]}}],"collection":[{"href":"https:\/\/www.humboldtforum.org\/de\/wp-json\/wp\/v2\/event"}],"about":[{"href":"https:\/\/www.humboldtforum.org\/de\/wp-json\/wp\/v2\/types\/event"}],"version-history":[{"count":12,"href":"https:\/\/www.humboldtforum.org\/de\/wp-json\/wp\/v2\/event\/53089\/revisions"}],"predecessor-version":[{"id":160550,"href":"https:\/\/www.humboldtforum.org\/de\/wp-json\/wp\/v2\/event\/53089\/revisions\/160550"}],"wp:featuredmedia":[{"embeddable":true,"href":"https:\/\/www.humboldtforum.org\/de\/wp-json\/wp\/v2\/media\/53637"}],"wp:attachment":[{"href":"https:\/\/www.humboldtforum.org\/de\/wp-json\/wp\/v2\/media?parent=53089"}],"wp:term":[{"taxonomy":"genre","embeddable":true,"href":"https:\/\/www.humboldtforum.org\/de\/wp-json\/wp\/v2\/genre?post=53089"},{"taxonomy":"digital","embeddable":true,"href":"https:\/\/www.humboldtforum.org\/de\/wp-json\/wp\/v2\/digital?post=53089"},{"taxonomy":"topic","embeddable":true,"href":"https:\/\/www.humboldtforum.org\/de\/wp-json\/wp\/v2\/topic?post=53089"},{"taxonomy":"stakeholder","embeddable":true,"href":"https:\/\/www.humboldtforum.org\/de\/wp-json\/wp\/v2\/stakeholder?post=53089"},{"taxonomy":"editorial","embeddable":true,"href":"https:\/\/www.humboldtforum.org\/de\/wp-json\/wp\/v2\/editorial?post=53089"},{"taxonomy":"editorialfilter","embeddable":true,"href":"https:\/\/www.humboldtforum.org\/de\/wp-json\/wp\/v2\/editorialfilter?post=53089"},{"taxonomy":"targetgroup","embeddable":true,"href":"https:\/\/www.humboldtforum.org\/de\/wp-json\/wp\/v2\/targetgroup?post=53089"},{"taxonomy":"language","embeddable":true,"href":"https:\/\/www.humboldtforum.org\/de\/wp-json\/wp\/v2\/language?post=53089"},{"taxonomy":"accessability","embeddable":true,"href":"https:\/\/www.humboldtforum.org\/de\/wp-json\/wp\/v2\/accessability?post=53089"},{"taxonomy":"age","embeddable":true,"href":"https:\/\/www.humboldtforum.org\/de\/wp-json\/wp\/v2\/age?post=53089"},{"taxonomy":"school","embeddable":true,"href":"https:\/\/www.humboldtforum.org\/de\/wp-json\/wp\/v2\/school?post=53089"},{"taxonomy":"groupsize","embeddable":true,"href":"https:\/\/www.humboldtforum.org\/de\/wp-json\/wp\/v2\/groupsize?post=53089"},{"taxonomy":"place","embeddable":true,"href":"https:\/\/www.humboldtforum.org\/de\/wp-json\/wp\/v2\/place?post=53089"}],"curies":[{"name":"wp","href":"https:\/\/api.w.org\/{rel}","templated":true}]}}