{"id":55725,"date":"2022-10-05T12:23:30","date_gmt":"2022-10-05T10:23:30","guid":{"rendered":"https:\/\/www.humboldtforum.org\/?post_type=event&#038;p=55725"},"modified":"2022-10-24T09:32:54","modified_gmt":"2022-10-24T07:32:54","slug":"places-of-belonging","status":"publish","type":"event","link":"https:\/\/www.humboldtforum.org\/de\/programm\/termin\/performance-und-installation\/places-of-belonging-55725\/","title":{"rendered":"Places of Belonging"},"content":{"rendered":"<section class=\"block block-copy\" >\n    <div class=\"container-fluid\">\n\t\t<div class=\"row \">\n            <div class=\"col-xs-12 col-md-offset-2 col-md-8\">\n                <div class=\"box\">\n                    <div class=\"copy\"><p><strong><em>\u201dRestituieren bedeutet &#8218;zur\u00fcckgeben&#8216; oder &#8218;wiederherstellen&#8216;, &#8217;sich aneignen&#8216; bedeutet &#8218;in Besitz nehmen&#8216;, &#8218;besitzen&#8216; hei\u00dft &#8218;etwas innehaben&#8216;.\u201d<\/em><\/strong><\/p>\n<p>Nicht nur Gegenst\u00e4nde wurden entwendet, sondern auch Energiereserven, kreative Ressourcen und alternative Formen des Realen. Ihre Abwesenheit steht f\u00fcr Trauer, den Kampf um einen abwesenden K\u00f6rper und eine Sehnsucht nach Erinnerung und Ber\u00fchrung. In dieser Performance ist die Erinnerungsarbeit die aktive Arbeit: Die Vergangenheit wird mit den Bildern und Ideen von heute wieder aufgegriffen. Der Kontakt mit den fragmentierten (Lebens-)Geschichten ist die Unterstr\u00f6mung, verkn\u00fcpft mit Gef\u00fchlen von Besitz und Sehnsucht: ein Wiedererwachen des kulturellen Bewusstseins und ein Gef\u00fchl der Verbundenheit.<\/p>\n<p>Indem sie \u00fcber die &#8222;Diaspora&#8220; der vertriebenen Objekte reflektiert und ihre Erz\u00e4hlungen zur\u00fcckfordert, n\u00e4mlich als Erz\u00e4hlungen, die unseren spezifischen kulturellen Zeiten, R\u00e4umen und Orten entstammen oder zu ihnen geh\u00f6ren, besch\u00e4ftigt sich<em>\u00a0Places of Belonging<\/em>\u00a0mit der Wiederaneignung als einen Prozess der kulturellen R\u00fcckeroberung und stellt eine Verbindung unserer K\u00f6rper und Geister mit diesem kulturellen Erbe her, was eine Form der Heilung und Befreiung darstellt. Hierbei werden Videos, zeitgen\u00f6ssische Skulpturen, Klang und Wortbeitr\u00e4ge eingesetzt.<\/p>\n<p>Tila Likunzi<\/p>\n<p><strong>Im Anschluss an die Performance am Freitag, 28.10.2022 gibt es ein Gespr\u00e4ch mit den K\u00fcnstler*innen und Kurator*innen.\u00a0<\/strong><\/p>\n<\/div>\n                <\/div>\n            <\/div>\n\t\t<\/div>\n\t\t    <\/div>\n<\/section>\n\n<section class=\"block block-headline block-no-margin \" >\n\t<div class=\"container-fluid\">\n\t\t<div class=\"row\">\n\t\t\t\t\t\t\t<div class=\"col-xs-12 col-md-offset-2 col-md-8\">\n\t\t\t\t\t<div class=\"box\">\n\t\t\t\t\t\t<h2 class=\".h4\">Beteiligte<\/h2>\n\t\t\t\t\t<\/div>\n\t\t\t\t<\/div>\n\t\t\t\t\t<\/div>\n\t<\/div>\n<\/section>\n\n\n\n\n\n<section class=\"block block-accordion\">\n\t<div class=\"container-fluid\">\n\t\t<div class=\"row\">\n\t\t\t<div class=\"col-xs-12 col-md-offset-2 col-md-8\">\n\t\t\t\t<div class=\"box\">\n\t\t\t\t\t\t\t\t\t\t\t<block-accordion inline-template>\n\t\t\t\t\t\t\t<div class=\"accordion\">\n\t\t\t\t\t\t\t\t\t\t\t\t\t\t\t<block-accordion-item inline-template item-headline=\"Jaliya The Bird\">\n\t\t\t\t\t\t\t\t<div ref=\"item\" data-id=\"JaliyaTheBird\" class=\"block-accordion-item vue-initialize\" aria-expanded=\"false\" :aria-expanded=\"active ? 'true' : 'false'\">\n\t\t\t\t\t\t\t\t\t<button class=\"accordion-button-with-icon block-accordion-item-head\" :class=\"{'button-active': active}\" ref=\"head\" aria-controls=\"acc_69f2c3c7c553f\" id=\"acc_title_69f2c3c7c5542\" @click=\"toggle\" @keydown=\"key\">\n\t\t\t\t\t\t\t\t\t<div><span class=\"button-label\">Jaliya The Bird<\/span><\/div><span class=\"button-icon icon-plus\" aria-hidden=\"true\"><\/span>\n\t\t\t\t\t\t\t\t<\/button>\n\t\t\t\t\t\t\t\t\t<div ref=\"body\" class=\"block-accordion-item-content\" id=\"acc_69f2c3c7c553f\" role=\"region\">\n\t\t\t\t\t\t\t\t\t\t<div class=\"wrapper copy\">\n\t\t\t\t\t\t\t\t\t\t\t<p><strong>Jaliya The Bird<\/strong>\u00a0ist eine Schriftstellerin, Dichterin und Geschichtenerz\u00e4hlerin aus Angola, die sich leidenschaftlich f\u00fcr Freiheit und Authentizit\u00e4t einsetzt und das Leben aus dem Kern dessen heraus lebt, was wir sind, w\u00e4hrend wir auf die Ursachen reagieren, die uns bewegen. Die K\u00fcnstlerin kreiert im Rahmen des Konzepts von\u00a0<em>[Inter]Sessions: UnSpoken Words.\u00a0<\/em>Bei<em>\u00a0[Inter]Sessions<\/em>\u00a0geht es darum, durch Geschichtenerz\u00e4hlen, Schreiben, Poesie und Performancekunst zu provozieren, zu feiern und Gef\u00fchle und Gedanken freizusetzen. In erster Linie geht es um das Frausein, das Schwarzsein, das Afrikanischsein und darum, wie diese Faktoren einzeln oder in ihrer Gesamtheit die Art und Weise, wie man die Welt erlebt, beeinflussen. Die Arbeit schafft einen Raum, in dem sich Geschichte, Politik und Anthropologie \u00fcberschneiden.\u00a0<em>[Inter]Sessions<\/em>\u00a0will intim und herausfordernd sein. Ihre Videopoesie f\u00fcr ihr Spoken-Word-St\u00fcck\u00a0<em>Idle Worship<\/em>, bei dem Ariel Casimiro \u00fcber Usovoli Cinema Regie f\u00fchrte, wurde mit mehreren internationalen Preisen ausgezeichnet. Die K\u00fcnstlerin empfindet das Geschichtenerz\u00e4hlen als revolution\u00e4r und erz\u00e4hlt Geschichten, um zu st\u00f6ren, zu zerst\u00f6ren, Erz\u00e4hlungen aufzubauen und die Existenz zu archivieren.<\/p>\n\n\t\t\t\t\t\t\t\t\t\t\t\t\t\t\t\t\t\t\t\t\t\t\t\t\t\t\t\t\t\t\t\t\t\n\t\t\t\t\t\t\t\t\t\t\t<div class=\"row\">\n\t\t\t\t\t\t\t\t\t\t\t\t<div class=\"col-xs-9 col-md-9\">\n\t\t\t\t\t\t\t\t\t\t\t\t\t<div class=\"box\">\n\t\t\t\t\t\t\t\t\t\t\t\t\t\t\n\t<lazy-media-inline inline-template>\n\t\t<figure itemscope itemtype=\"http:\/\/schema.org\/ImageObject\" class=\"lazy-media-inline \" role=\"group\" id=\"media_69f2c3c7c5c40\" aria-labelledby=\"desc_media_69f2c3c7c5c40\">\n\t\t\t<script type=\"application\/json\" ref=\"data\">\n\t\t\t\t{\n\t\t\t\t\"sizes\" : {\"medium\":{\"file\":\"SHF_eb00150927-292x300.jpg\",\"width\":292,\"height\":300,\"mime-type\":\"image\\\/jpeg\",\"filesize\":18484},\"large\":{\"file\":\"SHF_eb00150927-996x1024.jpg\",\"width\":996,\"height\":1024,\"mime-type\":\"image\\\/jpeg\",\"filesize\":115845},\"thumbnail\":{\"file\":\"SHF_eb00150927-150x150.jpg\",\"width\":150,\"height\":150,\"mime-type\":\"image\\\/jpeg\",\"filesize\":6783},\"medium_large\":{\"file\":\"SHF_eb00150927-768x790.jpg\",\"width\":768,\"height\":790,\"mime-type\":\"image\\\/jpeg\",\"filesize\":78419},\"small\":{\"file\":\"SHF_eb00150927-428x440.jpg\",\"width\":428,\"height\":440,\"mime-type\":\"image\\\/jpeg\",\"filesize\":32405},\"semi\":{\"file\":\"SHF_eb00150927-564x580.jpg\",\"width\":564,\"height\":580,\"mime-type\":\"image\\\/jpeg\",\"filesize\":49402},\"mobile\":{\"file\":\"SHF_eb00150927-700x720.jpg\",\"width\":700,\"height\":720,\"mime-type\":\"image\\\/jpeg\",\"filesize\":68079},\"original\":{\"file\":\"SHF_eb00150927.jpg\",\"width\":1245,\"height\":1280}},\n\t\t\t\t\"alt\" : \"Junge Frau mit Dreadlocks und gro\\u00dfen Ohrringen posiert vor einem Schwarz-Wei\\u00df-Drahtzaun.\",\n\t\t\t\t\"path\" : \"\\\/wp-content\\\/uploads\\\/2022\\\/10\\\/\",\n\t\t\t\t\"video\" : null,\n\t\t\t\t\"autoplay\" : null,\n\t\t\t\t\"youtube\" : null,\n\t\t\t\t\"youtubelabel\" : \"Video abspielen\",\n\t\t\t\t\"brightness\" : 100,\n\t\t\t\t\"crop\" : null,\n\t\t\t\t\"background\" : false,\n\t\t\t\t\"scale\" : 1\t\t\t\t}\n\t\t\t<\/script>\n\n\t\t\t<div class=\"height-container\" style=\"padding-bottom:102.81124497992%;\" v-if=\"sizes\">\n\t\t\t\t\t\t\t\t<lazy-media :inline=\"true\" :alt=\"alt\" :sizes=\"sizes\" :scale=\"scale\" :brightness=\"brightness\" :path=\"path\" :video=\"video\" :autoplay=\"autoplay\" :youtube=\"youtube\" :crop=\"crop\" :youtubelabel=\"youtubelabel\" :background=\"background\" media-id=\"desc_media_69f2c3c7c5c40\"><\/lazy-media>\n\t\t\t\t\t\t\t<\/div>\n\n\t\t\t\t\t\t\t<figcaption class=\"\" id=\"desc_media_69f2c3c7c5c40\">\n\t\t\t\t\t<div class=\"lazy-media-info-body-content\">\n\t\t\t\t\t\t\t\t\t\t\t\t\t<div>Jaliya The Bird<\/div>\n\t\t\t\t\t\t\t\t\t\t\t\t\t\t\t\t\t\t\t\t\t\t\t\t\t<div class=\"insignificant\">\u00a9 Goldmaa<\/div>\n\t\t\t\t\t\t\t\t\t\t\t<\/div>\n\t\t\t\t<\/figcaption>\n\t\t\t\t\t\t\t\t\t<\/figure>\n\t<\/lazy-media-inline>\n\t\t\t\t\t\t\t\t\t\t\t\t\t<\/div>\n\t\t\t\t\t\t\t\t\t\t\t\t<\/div>\n\t\t\t\t\t\t\t\t\t\t\t<\/div>\n\n\t\t\t\t\t\t\t\t\t\t\t\t\t\t\t\t\t\t\t\t\t<\/div>\n\t\t\t\t\t\t\t\t\t<\/div>\n\t\t\t\t\t\t\t\t<\/div>\n\t\t\t\t\t\t\t\t<\/block-accordion-item>\n\t\t\t\t\t\t\t\t\t\t\t\t\t\t<block-accordion-item inline-template item-headline=\"Tila Likunzi\">\n\t\t\t\t\t\t\t\t<div ref=\"item\" data-id=\"TilaLikunzi\" class=\"block-accordion-item vue-initialize\" aria-expanded=\"false\" :aria-expanded=\"active ? 'true' : 'false'\">\n\t\t\t\t\t\t\t\t\t<button class=\"accordion-button-with-icon block-accordion-item-head\" :class=\"{'button-active': active}\" ref=\"head\" aria-controls=\"acc_69f2c3c7c5f4d\" id=\"acc_title_69f2c3c7c5f4f\" @click=\"toggle\" @keydown=\"key\">\n\t\t\t\t\t\t\t\t\t<div><span class=\"button-label\">Tila Likunzi<\/span><\/div><span class=\"button-icon icon-plus\" aria-hidden=\"true\"><\/span>\n\t\t\t\t\t\t\t\t<\/button>\n\t\t\t\t\t\t\t\t\t<div ref=\"body\" class=\"block-accordion-item-content\" id=\"acc_69f2c3c7c5f4d\" role=\"region\">\n\t\t\t\t\t\t\t\t\t\t<div class=\"wrapper copy\">\n\t\t\t\t\t\t\t\t\t\t\t<p><strong>Tila Likunzi<\/strong>\u00a0ist eine unabh\u00e4ngige Kuratorin aus Angola, die zwischen Luanda und Bonn lebt und arbeitet. Sie ist seit 2017 aktiv und hat mit C&amp;, Jahmek Contemporary Art und Fuckin&#8216; Globo zusammengearbeitet. Im Jahr 2021 gr\u00fcndete sie zusammen mit Iris Buchholz Chocolate die Online-Recherche- und Publikationsplattform f\u00fcr Kunst und kulturelles Lernen &#8211;\u00a0<em>Lug\u00e2nzi, The Living Archive<\/em>. Sie kuratiert nicht nur zeitgen\u00f6ssische Kunst aus Afrika, sondern widmet sich auch dem Selbststudium der zeitgen\u00f6ssischen afrikanischen Philosophie, Glaubenssysteme und Lebensweisen. Ihre kuratorische Praxis ist ein Forschungsprozess, der sich auf die Gemeinsamkeiten zwischen zeitgen\u00f6ssischer Kunst, kritischer Theorie und dekolonialen Praktiken konzentriert. Neben dem Schreiben besch\u00e4ftigt sie sich mit Klang, M\u00fcndlichkeit, Video, Fotografie und Film als k\u00fcnstlerische und kuratorische Sprachen.<\/p>\n\n\t\t\t\t\t\t\t\t\t\t\t\t\t\t\t\t\t\t\t\t\t\t\t\t\t\t\t\t\t\t\t\t\t\n\t\t\t\t\t\t\t\t\t\t\t<div class=\"row\">\n\t\t\t\t\t\t\t\t\t\t\t\t<div class=\"col-xs-9 col-md-9\">\n\t\t\t\t\t\t\t\t\t\t\t\t\t<div class=\"box\">\n\t\t\t\t\t\t\t\t\t\t\t\t\t\t\t\t\t\t\t\t\t\t\t\t\t\t\t<\/div>\n\t\t\t\t\t\t\t\t\t\t\t\t<\/div>\n\t\t\t\t\t\t\t\t\t\t\t<\/div>\n\n\t\t\t\t\t\t\t\t\t\t\t\t\t\t\t\t\t\t\t\t\t<\/div>\n\t\t\t\t\t\t\t\t\t<\/div>\n\t\t\t\t\t\t\t\t<\/div>\n\t\t\t\t\t\t\t\t<\/block-accordion-item>\n\t\t\t\t\t\t\t\t\t\t\t\t\t\t<block-accordion-item inline-template item-headline=\"Iris Buchholz Chocolate\">\n\t\t\t\t\t\t\t\t<div ref=\"item\" data-id=\"IrisBuchholzChocolate\" class=\"block-accordion-item vue-initialize\" aria-expanded=\"false\" :aria-expanded=\"active ? 'true' : 'false'\">\n\t\t\t\t\t\t\t\t\t<button class=\"accordion-button-with-icon block-accordion-item-head\" :class=\"{'button-active': active}\" ref=\"head\" aria-controls=\"acc_69f2c3c7c6295\" id=\"acc_title_69f2c3c7c6296\" @click=\"toggle\" @keydown=\"key\">\n\t\t\t\t\t\t\t\t\t<div><span class=\"button-label\">Iris Buchholz Chocolate<\/span><\/div><span class=\"button-icon icon-plus\" aria-hidden=\"true\"><\/span>\n\t\t\t\t\t\t\t\t<\/button>\n\t\t\t\t\t\t\t\t\t<div ref=\"body\" class=\"block-accordion-item-content\" id=\"acc_69f2c3c7c6295\" role=\"region\">\n\t\t\t\t\t\t\t\t\t\t<div class=\"wrapper copy\">\n\t\t\t\t\t\t\t\t\t\t\t<p><strong>Iris Buchholz Chocolate<\/strong>\u00a0ist eine in Deutschland geborene bildende K\u00fcnstlerin, die in Luanda und Wien lebt und arbeitet. Von 1999 bis 2005 arbeitete sie als Gesch\u00e4ftsf\u00fchrerin von\u00a0<em>Camouflage Brussels &#8211; dem europ\u00e4ischen Satellit des Center of Contemporary Art of Africa<\/em>, wo sie eine gro\u00dfe Sammlung zeitgen\u00f6ssischer afrikanischer Kunst mitkuratierte. Seitdem hat sie an gro\u00dfen Gruppenausstellungen in Afrika, Amerika und Asien teilgenommen und Angola international vertreten. Sie hat vier Einzelausstellungen in Luanda veranstaltet. In Zusammenarbeit mit Paula Nascimento nahm sie 2021 an der 17. Architekturbiennale in Venedig teil. Sie ist Gr\u00fcndungsmitglied und k\u00fcnstlerische Leiterin der k\u00fcnstlerischen Initiative\u00a0<em>Lug\u00e2nzi<\/em>,\u00a0<em>The Living Archive,<\/em>\u00a0einer Forschungsplattform f\u00fcr Kunst und kulturelles Lernen mit Sitz in Luanda, Angola. Ihr Werk reicht von der Zeichnung bis zur Videokunst, einschlie\u00dflich Installation, Objekten und Fotografie.<\/p>\n\n\t\t\t\t\t\t\t\t\t\t\t\t\t\t\t\t\t\t\t\t\t\t\t\t\t\t\t\t\t\t\t\t\t\n\t\t\t\t\t\t\t\t\t\t\t<div class=\"row\">\n\t\t\t\t\t\t\t\t\t\t\t\t<div class=\"col-xs-9 col-md-9\">\n\t\t\t\t\t\t\t\t\t\t\t\t\t<div class=\"box\">\n\t\t\t\t\t\t\t\t\t\t\t\t\t\t\t\t\t\t\t\t\t\t\t\t\t\t\t<\/div>\n\t\t\t\t\t\t\t\t\t\t\t\t<\/div>\n\t\t\t\t\t\t\t\t\t\t\t<\/div>\n\n\t\t\t\t\t\t\t\t\t\t\t\t\t\t\t\t\t\t\t\t\t<\/div>\n\t\t\t\t\t\t\t\t\t<\/div>\n\t\t\t\t\t\t\t\t<\/div>\n\t\t\t\t\t\t\t\t<\/block-accordion-item>\n\t\t\t\t\t\t\t\t\t\t\t\t\t\t<block-accordion-item inline-template item-headline=\"Mwana Pwo\">\n\t\t\t\t\t\t\t\t<div ref=\"item\" data-id=\"MwanaPwo\" class=\"block-accordion-item vue-initialize\" aria-expanded=\"false\" :aria-expanded=\"active ? 'true' : 'false'\">\n\t\t\t\t\t\t\t\t\t<button class=\"accordion-button-with-icon block-accordion-item-head\" :class=\"{'button-active': active}\" ref=\"head\" aria-controls=\"acc_69f2c3c7c65f7\" id=\"acc_title_69f2c3c7c65f9\" @click=\"toggle\" @keydown=\"key\">\n\t\t\t\t\t\t\t\t\t<div><span class=\"button-label\">Mwana Pwo<\/span><\/div><span class=\"button-icon icon-plus\" aria-hidden=\"true\"><\/span>\n\t\t\t\t\t\t\t\t<\/button>\n\t\t\t\t\t\t\t\t\t<div ref=\"body\" class=\"block-accordion-item-content\" id=\"acc_69f2c3c7c65f7\" role=\"region\">\n\t\t\t\t\t\t\t\t\t\t<div class=\"wrapper copy\">\n\t\t\t\t\t\t\t\t\t\t\t<p><strong>Mwana Pwo<\/strong>\u00a0ist eine bildende K\u00fcnstlerin aus Angola. Sie arbeitet mit Fotografie, Video und Installation. In ihrem fotografischen Werk erfasst sie aktiv die vielf\u00e4ltigen Dimensionen des individuellen Seins und f\u00e4ngt gleichzeitig die Tiefe der zeitgen\u00f6ssischen sozialen Realit\u00e4t mit Intensit\u00e4t und einem kontrastreichen Blick ein. Durch ihre Arbeit stellt sie auch eine feministische Untersuchung von sozialen Rollen, Erfahrungen und pers\u00f6nlichen Geschichten dar. Ihre Visionen dr\u00fcckt sie vor allem durch Dokumentarfotografie und Kunstportr\u00e4ts aus.<\/p>\n\n\t\t\t\t\t\t\t\t\t\t\t\t\t\t\t\t\t\t\t\t\t\t\t\t\t\t\t\t\t\t\t\t\t\n\t\t\t\t\t\t\t\t\t\t\t<div class=\"row\">\n\t\t\t\t\t\t\t\t\t\t\t\t<div class=\"col-xs-9 col-md-9\">\n\t\t\t\t\t\t\t\t\t\t\t\t\t<div class=\"box\">\n\t\t\t\t\t\t\t\t\t\t\t\t\t\t\t\t\t\t\t\t\t\t\t\t\t\t\t<\/div>\n\t\t\t\t\t\t\t\t\t\t\t\t<\/div>\n\t\t\t\t\t\t\t\t\t\t\t<\/div>\n\n\t\t\t\t\t\t\t\t\t\t\t\t\t\t\t\t\t\t\t\t\t<\/div>\n\t\t\t\t\t\t\t\t\t<\/div>\n\t\t\t\t\t\t\t\t<\/div>\n\t\t\t\t\t\t\t\t<\/block-accordion-item>\n\t\t\t\t\t\t\t\t\t\t\t\t\t\t<block-accordion-item inline-template item-headline=\"Lilianne Kiame\">\n\t\t\t\t\t\t\t\t<div ref=\"item\" data-id=\"LilianneKiame\" class=\"block-accordion-item vue-initialize\" aria-expanded=\"false\" :aria-expanded=\"active ? 'true' : 'false'\">\n\t\t\t\t\t\t\t\t\t<button class=\"accordion-button-with-icon block-accordion-item-head\" :class=\"{'button-active': active}\" ref=\"head\" aria-controls=\"acc_69f2c3c7c69b4\" id=\"acc_title_69f2c3c7c69b6\" @click=\"toggle\" @keydown=\"key\">\n\t\t\t\t\t\t\t\t\t<div><span class=\"button-label\">Lilianne Kiame<\/span><\/div><span class=\"button-icon icon-plus\" aria-hidden=\"true\"><\/span>\n\t\t\t\t\t\t\t\t<\/button>\n\t\t\t\t\t\t\t\t\t<div ref=\"body\" class=\"block-accordion-item-content\" id=\"acc_69f2c3c7c69b4\" role=\"region\">\n\t\t\t\t\t\t\t\t\t\t<div class=\"wrapper copy\">\n\t\t\t\t\t\t\t\t\t\t\t<p><strong>Lilianne Kiame\u00a0<\/strong>ist eine freiberufliche Architektin und Designerin aus Angola. Sie erwarb ihren Bachelor of Architectural Studies an der University of Cape Town, einschlie\u00dflich Dean&#8217;s Merit List 2016, 2017. Als Forscherin bereitet sie sich derzeit auf ihr Masterstudium vor. Sie interessiert sich sehr f\u00fcr urbane Interventionen und Entw\u00fcrfe, die das Potenzial haben, die Lebensbedingungen in den benachteiligten Stadtvierteln ihrer Heimatstadt Luanda zu verbessern. Dabei konzentriert sie sich auf eine besondere Interpretation lokaler Traditionen, um eine alternative Modernit\u00e4t vorzuschlagen, die auf dem tropischen Klima und \u00f6kologischen Standards basiert und auch auf den Klimawandel reagiert.<\/p>\n\n\t\t\t\t\t\t\t\t\t\t\t\t\t\t\t\t\t\t\t\t\t\t\t\t\t\t\t\t\t\t\t\t\t\n\t\t\t\t\t\t\t\t\t\t\t<div class=\"row\">\n\t\t\t\t\t\t\t\t\t\t\t\t<div class=\"col-xs-9 col-md-9\">\n\t\t\t\t\t\t\t\t\t\t\t\t\t<div class=\"box\">\n\t\t\t\t\t\t\t\t\t\t\t\t\t\t\t\t\t\t\t\t\t\t\t\t\t\t\t<\/div>\n\t\t\t\t\t\t\t\t\t\t\t\t<\/div>\n\t\t\t\t\t\t\t\t\t\t\t<\/div>\n\n\t\t\t\t\t\t\t\t\t\t\t\t\t\t\t\t\t\t\t\t\t<\/div>\n\t\t\t\t\t\t\t\t\t<\/div>\n\t\t\t\t\t\t\t\t<\/div>\n\t\t\t\t\t\t\t\t<\/block-accordion-item>\n\t\t\t\t\t\t\t\t\t\t\t\t\t<\/div>\n\t\t\t\t\t\t<\/block-accordion>\n\t\t\t\t\t\t\t\t\t<\/div>\n\t\t\t<\/div>\n\t\t<\/div>\n\t<\/div>\n<\/section>\n\n\n<section class=\"block block-copy block-no-margin\" >\n    <div class=\"container-fluid\">\n\t\t<div class=\"row \">\n            <div class=\"col-xs-12 col-md-offset-2 col-md-8\">\n                <div class=\"box\">\n                    <div class=\"copy\"><p>Initiiert und produziert vom Goethe-Institut Angola, koproduziert vom Humboldt Forum und mit Beratung durch das Ethnologische Museum<\/p>\n<p>&nbsp;<\/p>\n<\/div>\n                <\/div>\n            <\/div>\n\t\t<\/div>\n\t\t    <\/div>\n<\/section>\n\n\n<section class=\"block block-accordion\">\n\t<div class=\"container-fluid\">\n\t\t<div class=\"row\">\n\t\t\t<div class=\"col-xs-12 col-md-offset-2 col-md-8\">\n\t\t\t\t<div class=\"box\">\n\t\t\t\t\t\t\t\t\t\t\t<block-accordion inline-template>\n\t\t\t\t\t\t\t<div class=\"accordion\">\n\t\t\t\t\t\t\t\t\t\t\t\t\t\t\t<block-accordion-item inline-template item-headline=\"Credits\">\n\t\t\t\t\t\t\t\t<div ref=\"item\" data-id=\"Credits\" class=\"block-accordion-item vue-initialize\" aria-expanded=\"false\" :aria-expanded=\"active ? 'true' : 'false'\">\n\t\t\t\t\t\t\t\t\t<button class=\"accordion-button-with-icon block-accordion-item-head\" :class=\"{'button-active': active}\" ref=\"head\" aria-controls=\"acc_69f2c3c7c7f24\" id=\"acc_title_69f2c3c7c7f27\" @click=\"toggle\" @keydown=\"key\">\n\t\t\t\t\t\t\t\t\t<div><span class=\"button-label\">Credits<\/span><\/div><span class=\"button-icon icon-plus\" aria-hidden=\"true\"><\/span>\n\t\t\t\t\t\t\t\t<\/button>\n\t\t\t\t\t\t\t\t\t<div ref=\"body\" class=\"block-accordion-item-content\" id=\"acc_69f2c3c7c7f24\" role=\"region\">\n\t\t\t\t\t\t\t\t\t\t<div class=\"wrapper copy\">\n\t\t\t\t\t\t\t\t\t\t\t<p>Performance: Places of Belonging<\/p>\n<p>Kurator*in: Tila Likunzi<\/p>\n<p>K\u00fcnstlerische Leitung: Iris B. Chocolate<\/p>\n<p>Spoken word (<em>gesprochenes Wort<\/em>) K\u00fcnstler*in: Jaliya The Bird<\/p>\n<p>Video: Mwana Pwo<\/p>\n<p>B\u00fchnenbild: Lilianne Kiame<\/p>\n<p>Beratung: Ethnologisches Museum zu Berlin<\/p>\n<p>Eine Auftragsarbeit des Goethe Institut<\/p>\n<p>Koproduktion: Humboldt Forum<\/p>\n\n\t\t\t\t\t\t\t\t\t\t\t\t\t\t\t\t\t\t\t\t\t\t\t\t\t\t\t\t\t\t\t\t\t\n\t\t\t\t\t\t\t\t\t\t\t<div class=\"row\">\n\t\t\t\t\t\t\t\t\t\t\t\t<div class=\"col-xs-9 col-md-9\">\n\t\t\t\t\t\t\t\t\t\t\t\t\t<div class=\"box\">\n\t\t\t\t\t\t\t\t\t\t\t\t\t\t\t\t\t\t\t\t\t\t\t\t\t\t\t<\/div>\n\t\t\t\t\t\t\t\t\t\t\t\t<\/div>\n\t\t\t\t\t\t\t\t\t\t\t<\/div>\n\n\t\t\t\t\t\t\t\t\t\t\t\t\t\t\t\t\t\t\t\t\t<\/div>\n\t\t\t\t\t\t\t\t\t<\/div>\n\t\t\t\t\t\t\t\t<\/div>\n\t\t\t\t\t\t\t\t<\/block-accordion-item>\n\t\t\t\t\t\t\t\t\t\t\t\t\t<\/div>\n\t\t\t\t\t\t<\/block-accordion>\n\t\t\t\t\t\t\t\t\t<\/div>\n\t\t\t<\/div>\n\t\t<\/div>\n\t<\/div>\n<\/section>\n\n\n<section class=\"block block-teaser col-1 \" style=\"\">\n\t<lazy-component :fixed-min-height=\"400\">\n\t\n\t\t\t\t\t<div class=\"container-fluid\">\n\t\t\t\t<div class=\"row bottom-xs\">\n\t\t\t\t\t<div class=\"col-xs-12 col-sm-10 col-md-8 col-sm-offset-1 col-md-offset-2\">\n\t\t\t\t\t\t<h4>Geh\u00f6rt zu<\/h4>\t\t\t\t\t\t\t\t\t\t\t\t\t\t\t\t\t\t\t<\/div>\n\t\t\t\t\t<div class=\"col-xs-12 col-sm-10 col-md-8 col-sm-offset-1 col-md-offset-2 start-xs end-md margin-bottom-sixth\">\n\t\t\t\t\t\t\t\t\t\t\t<\/div>\n\t\t\t\t<\/div>\n\t\t\t\t<ul class=\"row\">\n\t\t\t\n<li class=\"col-xs-12 teaser-wrapper col-padding-remove\">\n\t<calendarteaser key=\"555566825\" rawitem='{&quot;postId&quot;:55556,&quot;title&quot;:&quot;99 Fragen Gathering&quot;,&quot;excerpt&quot;:&quot;Das 99 Fragen Gathering l\\u00e4dt dich ein zu zwei Tagen mit verschiedenen k\\u00fcnstlerischen Interventionen und kurzen Impuls-Sessions.&quot;,&quot;slug&quot;:&quot;99-fragen-gathering&quot;,&quot;post_date&quot;:&quot;2022-10-05T12:48&quot;,&quot;type&quot;:&quot;event-multi&quot;,&quot;permalink&quot;:&quot;https:\\\/\\\/www.humboldtforum.org\\\/de\\\/programm\\\/event\\\/meetup\\\/99-fragen-gathering-55556\\\/&quot;,&quot;genre&quot;:[841],&quot;genre_details&quot;:[{&quot;text&quot;:&quot;Meetup&quot;,&quot;id&quot;:841,&quot;icon&quot;:null,&quot;parent&quot;:0}],&quot;stakeholder&quot;:[382],&quot;stakeholder_details&quot;:[{&quot;text&quot;:&quot;Stiftung Humboldt Forum im Berliner Schloss&quot;,&quot;id&quot;:382,&quot;icon&quot;:null,&quot;parent&quot;:0}],&quot;editorialfilter&quot;:[1223],&quot;editorialfilter_details&quot;:[{&quot;text&quot;:&quot;tanz&quot;,&quot;id&quot;:1223,&quot;icon&quot;:null,&quot;parent&quot;:0}],&quot;targetgroup&quot;:[383,455,454],&quot;targetgroup_details&quot;:[{&quot;text&quot;:&quot;Erwachsene&quot;,&quot;id&quot;:383,&quot;icon&quot;:null,&quot;parent&quot;:0},{&quot;text&quot;:&quot;Jugendliche&quot;,&quot;id&quot;:455,&quot;icon&quot;:null,&quot;parent&quot;:0},{&quot;text&quot;:&quot;Kinder und Familien&quot;,&quot;id&quot;:454,&quot;icon&quot;:null,&quot;parent&quot;:0}],&quot;icon_overwrite&quot;:&quot;&quot;,&quot;acf&quot;:{&quot;noindex&quot;:false,&quot;keywords&quot;:&quot;&quot;,&quot;belongsto&quot;:false,&quot;shorturl&quot;:&quot;durchlueften&quot;,&quot;planning&quot;:{&quot;price&quot;:&quot;Eintritt frei&quot;,&quot;admission&quot;:&quot;&quot;,&quot;pause&quot;:&quot;&quot;,&quot;duration&quot;:&quot;&quot;,&quot;status&quot;:&quot;JOIN&quot;,&quot;info&quot;:&quot;Eintritt frei&quot;,&quot;shop&quot;:&quot;&quot;,&quot;can_purchase&quot;:false},&quot;subline&quot;:&quot;Zwei Tage mit verschiedenen k\\u00fcnstlerischen Interventionen und kurzen Impuls-Sessions&quot;,&quot;shorttext&quot;:&quot;Das 99 Fragen Gathering l\\u00e4dt dich ein zu zwei Tagen mit verschiedenen k\\u00fcnstlerischen Interventionen und kurzen Impuls-Sessions.&quot;,&quot;highlight_header&quot;:false,&quot;featured_images&quot;:[55558],&quot;hyphenation&quot;:true,&quot;tipp&quot;:true,&quot;joker&quot;:false,&quot;live&quot;:false,&quot;has_mobile_format&quot;:false,&quot;times&quot;:[],&quot;additional_info&quot;:{&quot;icon&quot;:&quot;0&quot;,&quot;text&quot;:&quot;&quot;},&quot;use_video_in_teasers&quot;:false,&quot;hide_event_in_program&quot;:false,&quot;announcement&quot;:&quot;27.10. - 28.10.2022&quot;,&quot;overwrite_date&quot;:&quot;27.10. - 28.10.2022&quot;,&quot;video_brightness&quot;:&quot;66&quot;,&quot;highlight_header_image_mobile&quot;:43858,&quot;highlight_header_image&quot;:55558,&quot;video&quot;:56174,&quot;hm_id&quot;:&quot;156116&quot;},&quot;date&quot;:{&quot;NX&quot;:null,&quot;NXX&quot;:null,&quot;NLAST&quot;:&quot;202210280600&quot;,&quot;from_DATE&quot;:&quot;20221027 10:00&quot;,&quot;from&quot;:1666850400,&quot;to&quot;:1666936800,&quot;to_DATE&quot;:&quot;20221028 10:00&quot;,&quot;from_HRFSHORT&quot;:&quot;27. Okt 2022&quot;,&quot;from_HRFSHORT_WD&quot;:&quot;Do 27.10.2022&quot;,&quot;to_HRFSHORT&quot;:&quot;28. Okt 2022&quot;,&quot;to_HRFSHORT_WD&quot;:&quot;Fr 28.10.2022&quot;,&quot;from_HRF&quot;:&quot;Do, 27. Oktober 2022&quot;,&quot;to_HRF&quot;:&quot;Fr, 28. Oktober 2022&quot;,&quot;from_to_HRF&quot;:&quot;Do, 27. Oktober \\u2013 Fr, 28. Oktober 2022&quot;,&quot;from_to_HRFSHORT&quot;:&quot;27. Okt \\u2013 28. Okt 2022&quot;},&quot;alert&quot;:&quot;Tipp&quot;,&quot;partof&quot;:[],&quot;marketing_topic&quot;:&quot;&quot;}' inline-template>\n\t<a href=\"https:\/\/www.humboldtforum.org\/de\/programm\/event\/meetup\/99-fragen-gathering-55556\/\" class=\"teaser teaser-event-multi teaser-event-standard\">\n\t\t<div class=\"row\">\n\t\t\t<div class=\"col-xs-12 col-sm-6 col-md-5 col-sm-offset-1 col-md-offset-2 first-sm teaser-event-text Infos\">\n\t\t\t\t<div class=\"teaser-event-standard-text\">\n\t\t\t\t\t<div class=\"margin-bottom-atom\">\n\t\t\t\t\t\t<div class=\"subline clamp-1\" v-html=\"maingenre\"><\/div>\n\t\t\t\t\t\t\t\t\t\t\t<\/div>\n\t\t\t\t\n\t\t\t\t\t<strong class=\"margin-bottom-atom h5\">99 Fragen Gathering<\/strong>\n\n\t\t\t\t\t\t\t\t\t\t\t<div class=\"\">Zwei Tage mit verschiedenen k\u00fcnstlerischen Interventionen und kurzen Impuls-Sessions<\/div>\n\t\t\t\t\t\t\t\t\t<\/div>\n\t\t\t\t<div class=\"teaser-bottom border-bottom\">\n\t\t\t\t<calendardateline :rawitem='item' :show-icon=\"true\"><\/calendardateline>\n\t\t\t\t\t<hr>\n\t\t\t\t<\/div>\n\t\t\t<\/div>\n\t\t\t<div class=\"col-xs-12 col-sm-4 col-md-3 teaser-event-image bottom-xs first-xs\">\n\t\t\t\t<div class=\"teaser-image teaser-image-no-alternate\">\n\t\t\t\t\t\t\t\t\t\t\t\t\t<span class=\"alert\">Tipp<\/span>\n\t\t\t\t\t\t\t\t\t\t\t\n\t<lazy-media-inline inline-template>\n\t\t<figure itemscope itemtype=\"http:\/\/schema.org\/ImageObject\" class=\"lazy-media-inline \" role=\"group\" id=\"media_69f2c3c7f2c63\" aria-labelledby=\"desc_media_69f2c3c7f2c63\">\n\t\t\t<script type=\"application\/json\" ref=\"data\">\n\t\t\t\t{\n\t\t\t\t\"sizes\" : {\"medium\":{\"file\":\"SHF_eb00156116-300x231.jpeg\",\"width\":300,\"height\":231,\"mime-type\":\"image\\\/jpeg\",\"filesize\":26743},\"large\":{\"file\":\"SHF_eb00156116-1024x788.jpeg\",\"width\":1024,\"height\":788,\"mime-type\":\"image\\\/jpeg\",\"filesize\":273590},\"thumbnail\":{\"file\":\"SHF_eb00156116-150x150.jpeg\",\"width\":150,\"height\":150,\"mime-type\":\"image\\\/jpeg\",\"filesize\":9079},\"medium_large\":{\"file\":\"SHF_eb00156116-768x591.jpeg\",\"width\":768,\"height\":591,\"mime-type\":\"image\\\/jpeg\",\"filesize\":161031},\"small\":{\"file\":\"SHF_eb00156116-440x338.jpeg\",\"width\":440,\"height\":338,\"mime-type\":\"image\\\/jpeg\",\"filesize\":56204},\"semi\":{\"file\":\"SHF_eb00156116-580x446.jpeg\",\"width\":580,\"height\":446,\"mime-type\":\"image\\\/jpeg\",\"filesize\":95534},\"mobile\":{\"file\":\"SHF_eb00156116-720x554.jpeg\",\"width\":720,\"height\":554,\"mime-type\":\"image\\\/jpeg\",\"filesize\":143269},\"hd\":{\"file\":\"SHF_eb00156116-1280x985.jpeg\",\"width\":1280,\"height\":985,\"mime-type\":\"image\\\/jpeg\",\"filesize\":405158},\"full\":{\"file\":\"SHF_eb00156116-1920x1477.jpeg\",\"width\":1920,\"height\":1477,\"mime-type\":\"image\\\/jpeg\",\"filesize\":793199},\"1536x1536\":{\"file\":\"SHF_eb00156116-1536x1181.jpeg\",\"width\":1536,\"height\":1181,\"mime-type\":\"image\\\/jpeg\",\"filesize\":552886},\"2048x2048\":{\"file\":\"SHF_eb00156116-2048x1575.jpeg\",\"width\":2048,\"height\":1575,\"mime-type\":\"image\\\/jpeg\",\"filesize\":880731},\"original\":{\"file\":\"SHF_eb00156116.jpeg\",\"width\":2400,\"height\":1846}},\n\t\t\t\t\"alt\" : \"Abstraktes Muster in Rot- und Schwarzt\\u00f6nen mit gewellten Linien und flie\\u00dfenden Texturen.\",\n\t\t\t\t\"path\" : \"\\\/wp-content\\\/uploads\\\/2022\\\/10\\\/\",\n\t\t\t\t\"video\" : null,\n\t\t\t\t\"autoplay\" : null,\n\t\t\t\t\"youtube\" : null,\n\t\t\t\t\"youtubelabel\" : \"Video abspielen\",\n\t\t\t\t\"brightness\" : 100,\n\t\t\t\t\"crop\" : null,\n\t\t\t\t\"background\" : true,\n\t\t\t\t\"scale\" : 1\t\t\t\t}\n\t\t\t<\/script>\n\n\t\t\t<div class=\"height-container\" style=\"padding-bottom:76.916666666667%;\" v-if=\"sizes\">\n\t\t\t\t\t\t\t\t<lazy-media :inline=\"true\" :alt=\"alt\" :sizes=\"sizes\" :scale=\"scale\" :brightness=\"brightness\" :path=\"path\" :video=\"video\" :autoplay=\"autoplay\" :youtube=\"youtube\" :crop=\"crop\" :youtubelabel=\"youtubelabel\" :background=\"background\" media-id=\"desc_media_69f2c3c7f2c63\"><\/lazy-media>\n\t\t\t\t\t\t\t<\/div>\n\n\t\t\t\t\t\t\t<figcaption class=\"sr-only\" ref=\"body\" id=\"desc_media_69f2c3c7f2c63\">\n\t\t\t\t\t\t\t\t\t\t\t\t\t\t\t\t\t\t\t\t\t<div class=\"insignificant\">\u00a9 (1) Image by Visax (2) historia \u00a9 Denilson Baniwa (3) Places of Belonging, film still \u00a9 Mwana Pwo (4) \u00a9 Susan Wilkinson (5) \u00a9 Brayan Sticks (2022) (6) the names have changed, including my own and truths have been altered, film still \u00a9 Onyeka Igwe<\/div>\n\t\t\t\t\t\t\t\t\t<\/figcaption>\n\t\t\t\t\t<\/figure>\n\t<\/lazy-media-inline>\n\t\t\t\t<\/div>\n\t\t\t<\/div>\n\t\t<\/div>\n\t<\/a>\n\t<\/calendarteaser>\n<\/li>\n\n\n<li class=\"col-xs-12 teaser-wrapper col-padding-remove\">\n\t<calendarteaser key=\"1418814302\" rawitem='{&quot;postId&quot;:14188,&quot;title&quot;:&quot;99 Fragen&quot;,&quot;excerpt&quot;:&quot;&quot;,&quot;slug&quot;:&quot;99-fragen&quot;,&quot;type&quot;:&quot;event-sequence&quot;,&quot;post_date&quot;:&quot;2020-10-23T16:09&quot;,&quot;permalink&quot;:&quot;https:\\\/\\\/www.humboldtforum.org\\\/de\\\/programm\\\/event-reihe\\\/diskurs\\\/99-fragen-14188\\\/&quot;,&quot;genre&quot;:[392,564],&quot;genre_details&quot;:[{&quot;text&quot;:&quot;Diskurs&quot;,&quot;id&quot;:392,&quot;icon&quot;:null,&quot;parent&quot;:0},{&quot;text&quot;:&quot;Wissenschaft&quot;,&quot;id&quot;:564,&quot;icon&quot;:null,&quot;parent&quot;:0}],&quot;topic&quot;:[782],&quot;topic_details&quot;:[{&quot;text&quot;:&quot;Kolonialismus und Kolonialit\\u00e4t&quot;,&quot;id&quot;:782,&quot;icon&quot;:null,&quot;parent&quot;:0}],&quot;stakeholder&quot;:[382],&quot;stakeholder_details&quot;:[{&quot;text&quot;:&quot;Stiftung Humboldt Forum im Berliner Schloss&quot;,&quot;id&quot;:382,&quot;icon&quot;:null,&quot;parent&quot;:0}],&quot;icon_overwrite&quot;:&quot;&quot;,&quot;acf&quot;:{&quot;belongsto&quot;:false,&quot;shorturl&quot;:&quot;99fragen&quot;,&quot;highlight_header&quot;:false,&quot;featured_images&quot;:[17911],&quot;tipp&quot;:false,&quot;joker&quot;:false,&quot;live&quot;:false,&quot;announcement&quot;:&quot;Eine forschungsorientierte Programmplattform&quot;,&quot;hyphenation&quot;:true,&quot;yt&quot;:&quot;&quot;,&quot;noindex&quot;:false,&quot;keywords&quot;:&quot;&quot;,&quot;additional_info&quot;:{&quot;icon&quot;:&quot;0&quot;,&quot;text&quot;:&quot;&quot;},&quot;use_video_in_teasers&quot;:false,&quot;manual_period&quot;:false,&quot;hide_event_in_program&quot;:false,&quot;has_mobile_format&quot;:false,&quot;overwrite_date&quot;:&quot;Eine forschungsorientierte Programmplattform&quot;,&quot;events&quot;:[127815]},&quot;date&quot;:{&quot;NLAST&quot;:&quot;202404251900&quot;,&quot;NX&quot;:null,&quot;NXX&quot;:null,&quot;from_DATE&quot;:&quot;20240425 19:00&quot;,&quot;from&quot;:1714057200,&quot;to&quot;:1714057200,&quot;to_DATE&quot;:&quot;20240425 19:00&quot;,&quot;from_HRFSHORT&quot;:&quot;25. Apr 2024&quot;,&quot;from_HRFSHORT_WD&quot;:&quot;Do 25.04.2024&quot;,&quot;to_HRFSHORT&quot;:&quot;25. Apr 2024&quot;,&quot;to_HRFSHORT_WD&quot;:&quot;Do 25.04.2024&quot;,&quot;from_HRF&quot;:&quot;Do, 25. April 2024&quot;,&quot;to_HRF&quot;:&quot;Do, 25. April 2024&quot;,&quot;from_to_HRF&quot;:&quot;Do, 25. April \\u2013 Do, 25. April 2024&quot;,&quot;from_to_HRFSHORT&quot;:&quot;25. Apr \\u2013 25. Apr 2024&quot;},&quot;alert&quot;:null,&quot;partof&quot;:[],&quot;marketing_topic&quot;:&quot;&quot;}' inline-template>\n\t<a href=\"https:\/\/www.humboldtforum.org\/de\/programm\/event-reihe\/diskurs\/99-fragen-14188\/\" class=\"teaser teaser-event-sequence teaser-event-standard\">\n\t\t<div class=\"row\">\n\t\t\t<div class=\"col-xs-12 col-sm-6 col-md-5 col-sm-offset-1 col-md-offset-2 first-sm teaser-event-text Infos\">\n\t\t\t\t<div class=\"teaser-event-standard-text\">\n\t\t\t\t\t<div class=\"margin-bottom-atom\">\n\t\t\t\t\t\t<div class=\"subline clamp-1\" v-html=\"maingenre\"><\/div>\n\t\t\t\t\t\t\t\t\t\t\t<\/div>\n\t\t\t\t\n\t\t\t\t\t<strong class=\"margin-bottom-atom h5\">99 Fragen<\/strong>\n\n\t\t\t\t\t\t\t\t\t<\/div>\n\t\t\t\t<div class=\"teaser-bottom border-bottom\">\n\t\t\t\t<calendardateline :rawitem='item' :show-icon=\"true\"><\/calendardateline>\n\t\t\t\t\t<hr>\n\t\t\t\t<\/div>\n\t\t\t<\/div>\n\t\t\t<div class=\"col-xs-12 col-sm-4 col-md-3 teaser-event-image bottom-xs first-xs\">\n\t\t\t\t<div class=\"teaser-image teaser-image-no-alternate\">\n\t\t\t\t\t\t\t\t\t\t\t\n\t<lazy-media-inline inline-template>\n\t\t<figure itemscope itemtype=\"http:\/\/schema.org\/ImageObject\" class=\"lazy-media-inline \" role=\"group\" id=\"media_69f2c3c7f3a07\" aria-labelledby=\"desc_media_69f2c3c7f3a07\">\n\t\t\t<script type=\"application\/json\" ref=\"data\">\n\t\t\t\t{\n\t\t\t\t\"sizes\" : {\"medium\":{\"file\":\"201130_LOS_55_Webteaser_Studio3_99Fragen2-300x180.jpg\",\"width\":300,\"height\":180,\"mime-type\":\"image\\\/jpeg\"},\"large\":{\"file\":\"201130_LOS_55_Webteaser_Studio3_99Fragen2-1024x613.jpg\",\"width\":1024,\"height\":613,\"mime-type\":\"image\\\/jpeg\"},\"thumbnail\":{\"file\":\"201130_LOS_55_Webteaser_Studio3_99Fragen2-150x150.jpg\",\"width\":150,\"height\":150,\"mime-type\":\"image\\\/jpeg\"},\"medium_large\":{\"file\":\"201130_LOS_55_Webteaser_Studio3_99Fragen2-768x460.jpg\",\"width\":768,\"height\":460,\"mime-type\":\"image\\\/jpeg\"},\"small\":{\"file\":\"201130_LOS_55_Webteaser_Studio3_99Fragen2-440x264.jpg\",\"width\":440,\"height\":264,\"mime-type\":\"image\\\/jpeg\"},\"semi\":{\"file\":\"201130_LOS_55_Webteaser_Studio3_99Fragen2-580x347.jpg\",\"width\":580,\"height\":347,\"mime-type\":\"image\\\/jpeg\"},\"mobile\":{\"file\":\"201130_LOS_55_Webteaser_Studio3_99Fragen2-720x431.jpg\",\"width\":720,\"height\":431,\"mime-type\":\"image\\\/jpeg\"},\"hd\":{\"file\":\"201130_LOS_55_Webteaser_Studio3_99Fragen2-1280x767.jpg\",\"width\":1280,\"height\":767,\"mime-type\":\"image\\\/jpeg\"},\"full\":{\"file\":\"201130_LOS_55_Webteaser_Studio3_99Fragen2-1920x1150.jpg\",\"width\":1920,\"height\":1150,\"mime-type\":\"image\\\/jpeg\"},\"1536x1536\":{\"file\":\"201130_LOS_55_Webteaser_Studio3_99Fragen2-1536x920.jpg\",\"width\":1536,\"height\":920,\"mime-type\":\"image\\\/jpeg\"},\"original\":{\"file\":\"201130_LOS_55_Webteaser_Studio3_99Fragen2.jpg\",\"width\":2000,\"height\":1198}},\n\t\t\t\t\"alt\" : \"Ein Ausstellungsraum mit geneigtem Quadrat, in welchem sich die Zahl \\\"99\\\" und zwei weitere Fotos befinden, in der Mitte\",\n\t\t\t\t\"path\" : \"\\\/wp-content\\\/uploads\\\/2020\\\/10\\\/\",\n\t\t\t\t\"video\" : null,\n\t\t\t\t\"autoplay\" : null,\n\t\t\t\t\"youtube\" : null,\n\t\t\t\t\"youtubelabel\" : \"Video abspielen\",\n\t\t\t\t\"brightness\" : 100,\n\t\t\t\t\"crop\" : {\"top\":\"50.00\",\"left\":\"50.00\"},\n\t\t\t\t\"background\" : true,\n\t\t\t\t\"scale\" : 2\t\t\t\t}\n\t\t\t<\/script>\n\n\t\t\t<div class=\"height-container\" style=\"padding-bottom:59.9%;\" v-if=\"sizes\">\n\t\t\t\t\t\t\t\t<lazy-media :inline=\"true\" :alt=\"alt\" :sizes=\"sizes\" :scale=\"scale\" :brightness=\"brightness\" :path=\"path\" :video=\"video\" :autoplay=\"autoplay\" :youtube=\"youtube\" :crop=\"crop\" :youtubelabel=\"youtubelabel\" :background=\"background\" media-id=\"desc_media_69f2c3c7f3a07\"><\/lazy-media>\n\t\t\t\t\t\t\t<\/div>\n\n\t\t\t\t\t\t\t<figcaption class=\"sr-only\" ref=\"body\" id=\"desc_media_69f2c3c7f3a07\">\n\t\t\t\t\t\t\t\t\t\t\t\t\t\t\t\t\t\t\t\t\t<div class=\"insignificant\">\u00a9 Stiftung Humboldt Forum im Berliner Schloss \/ Collage: Stiftung Humboldt Forum im Berliner Schloss \/ Giuliani | von Giese; Staatliche Museen zu Berlin, Ethnologisches Museum \/ Waltraud Schneider-Sch\u00fctz; Staatliche Museen zu Berlin, Ethnologisches Museum\r\n<\/div>\n\t\t\t\t\t\t\t\t\t<\/figcaption>\n\t\t\t\t\t<\/figure>\n\t<\/lazy-media-inline>\n\t\t\t\t<\/div>\n\t\t\t<\/div>\n\t\t<\/div>\n\t<\/a>\n\t<\/calendarteaser>\n<\/li>\n\n\t\t\t\t<\/ul>\n\t\t\t<\/div>\n\t\t\t\t<\/lazy-component>\n<\/section>\n\n\n\n<section class=\"block block-logos\" >\n    <div class=\"container-fluid\">\n\t\t<div class=\"row\">\n\t\t\t<div class=\"col-xs-12 col-sm-8 col-sm-offset-2\">\n\t\t\t\t<div class=\"box\">\n\t\t\t\t\t<div class=\"row  middle-xs\">\n\t\t\t\t\t\t\n\t\t\t\t\t\t<div class=\"col-xs-4 col-sm-3 col-sm-2\">\n\t\t\t\t\t\t\t<div class=\"box margin-sixth-top\">\n\t\t\t\t\t\t\t\t<img decoding=\"async\" alt=\"Goethe-Institut\" src=\"https:\/\/www.humboldtforum.org\/wp-content\/uploads\/2021\/09\/GI_Logo_horizontal_green_sRGB_klein.png\" style=\"display: inline-block; width: 100%\" \/>\n\t\t\t\t\t\t\t<\/div>\n\t\t\t\t\t\t<\/div>\n\t\t\t\t\t\t\n\t\t\t\t\t\t<div class=\"col-xs-4 col-sm-3 col-sm-2\">\n\t\t\t\t\t\t\t<div class=\"box margin-sixth-top\">\n\t\t\t\t\t\t\t\t<img decoding=\"async\" alt=\"Staatliche Museen zu Berlin (SMB)\" src=\"https:\/\/www.humboldtforum.org\/wp-content\/uploads\/2020\/04\/SMB_Logo_Black_sRGB.png\" style=\"display: inline-block; width: 100%\" \/>\n\t\t\t\t\t\t\t<\/div>\n\t\t\t\t\t\t<\/div>\n\t\t\t\t\t\t\t\t\t\t\t<\/div>\n\t\t\t\t<\/div>\n\t\t\t<\/div>\n        <\/div>\n    <\/div>\n<\/section>\n","protected":false},"template":"","genre":[833],"digital":[],"topic":[782],"stakeholder":[382],"editorial":[],"editorialfilter":[],"targetgroup":[383,455],"language":[1042],"accessability":[1489],"age":[451],"school":[],"groupsize":[],"place":[424],"class_list":["post-55725","event","type-event","status-publish","has-post-thumbnail","hentry","genre-performance-und-installation","topic-kolonialismus-und-kolonialitat","stakeholder-stiftung-humboldt-forum-im-berliner-schloss","targetgroup-erwachsene","targetgroup-jugendliche","language-portugiesisch","accessability-deutsche-und-englische-untertitel","age-ab-14-jahre","place-saal-3-eg"],"acf":[],"_links":{"self":[{"href":"https:\/\/www.humboldtforum.org\/de\/wp-json\/wp\/v2\/event\/55725","targetHints":{"allow":["GET"]}}],"collection":[{"href":"https:\/\/www.humboldtforum.org\/de\/wp-json\/wp\/v2\/event"}],"about":[{"href":"https:\/\/www.humboldtforum.org\/de\/wp-json\/wp\/v2\/types\/event"}],"version-history":[{"count":12,"href":"https:\/\/www.humboldtforum.org\/de\/wp-json\/wp\/v2\/event\/55725\/revisions"}],"predecessor-version":[{"id":58883,"href":"https:\/\/www.humboldtforum.org\/de\/wp-json\/wp\/v2\/event\/55725\/revisions\/58883"}],"wp:featuredmedia":[{"embeddable":true,"href":"https:\/\/www.humboldtforum.org\/de\/wp-json\/wp\/v2\/media\/55729"}],"wp:attachment":[{"href":"https:\/\/www.humboldtforum.org\/de\/wp-json\/wp\/v2\/media?parent=55725"}],"wp:term":[{"taxonomy":"genre","embeddable":true,"href":"https:\/\/www.humboldtforum.org\/de\/wp-json\/wp\/v2\/genre?post=55725"},{"taxonomy":"digital","embeddable":true,"href":"https:\/\/www.humboldtforum.org\/de\/wp-json\/wp\/v2\/digital?post=55725"},{"taxonomy":"topic","embeddable":true,"href":"https:\/\/www.humboldtforum.org\/de\/wp-json\/wp\/v2\/topic?post=55725"},{"taxonomy":"stakeholder","embeddable":true,"href":"https:\/\/www.humboldtforum.org\/de\/wp-json\/wp\/v2\/stakeholder?post=55725"},{"taxonomy":"editorial","embeddable":true,"href":"https:\/\/www.humboldtforum.org\/de\/wp-json\/wp\/v2\/editorial?post=55725"},{"taxonomy":"editorialfilter","embeddable":true,"href":"https:\/\/www.humboldtforum.org\/de\/wp-json\/wp\/v2\/editorialfilter?post=55725"},{"taxonomy":"targetgroup","embeddable":true,"href":"https:\/\/www.humboldtforum.org\/de\/wp-json\/wp\/v2\/targetgroup?post=55725"},{"taxonomy":"language","embeddable":true,"href":"https:\/\/www.humboldtforum.org\/de\/wp-json\/wp\/v2\/language?post=55725"},{"taxonomy":"accessability","embeddable":true,"href":"https:\/\/www.humboldtforum.org\/de\/wp-json\/wp\/v2\/accessability?post=55725"},{"taxonomy":"age","embeddable":true,"href":"https:\/\/www.humboldtforum.org\/de\/wp-json\/wp\/v2\/age?post=55725"},{"taxonomy":"school","embeddable":true,"href":"https:\/\/www.humboldtforum.org\/de\/wp-json\/wp\/v2\/school?post=55725"},{"taxonomy":"groupsize","embeddable":true,"href":"https:\/\/www.humboldtforum.org\/de\/wp-json\/wp\/v2\/groupsize?post=55725"},{"taxonomy":"place","embeddable":true,"href":"https:\/\/www.humboldtforum.org\/de\/wp-json\/wp\/v2\/place?post=55725"}],"curies":[{"name":"wp","href":"https:\/\/api.w.org\/{rel}","templated":true}]}}