{"id":56240,"date":"2022-10-06T11:21:39","date_gmt":"2022-10-06T09:21:39","guid":{"rendered":"https:\/\/www.humboldtforum.org\/?post_type=event&#038;p=56240"},"modified":"2022-10-18T13:53:44","modified_gmt":"2022-10-18T11:53:44","slug":"afrikamera-shorts-laugh-is-possible","status":"publish","type":"event","link":"https:\/\/www.humboldtforum.org\/de\/programm\/termin\/festival\/afrikamera-shorts-laugh-is-possible-56240\/","title":{"rendered":"AFRIKAMERA SHORTS &#8211; LAUGH IS POSSIBLE"},"content":{"rendered":"<section class=\"block block-copy\" >\n    <div class=\"container-fluid\">\n\t\t<div class=\"row \">\n            <div class=\"col-xs-12 col-md-offset-2 col-md-8\">\n                <div class=\"box\">\n                    <div class=\"copy\"><p>Im aktuellen Kino aus Afrika sind kom\u00f6diantische Arbeiten bislang wenig beachtet. Als Kulturtechnik entfalten insbesondere Humor und Spott, auch volkst\u00fcmlichen Ursprungs, ihre identit\u00e4tsstiftende Kraft, st\u00e4rken den sozialen Zusammenhalt und werden zum Gegenstand k\u00fcnstlerischer Produktion.<\/p>\n<p>Mit dem Programm AFRIKAMERA SHORTS \u2013 LAUGH IS POSSIBLE, zusammengestellt von Festivalleiter Alex Moussa Sawadogo, pr\u00e4sentiert AFRIKAMERA eine Auswahl herausragender, kom\u00f6diantischer Kurzfilmproduktionen aus Nigeria, \u00c4gypten, Kenia und der Demokratischen Republik Kongo.<\/p>\n<p><strong>ABOULA NGANDO\u00a0<\/strong>von\u00a0Marcus Onalundulas (DR Kongo \/ Frankreich 2021 \/ 20 Min. \/ Franz\u00f6sisch, Lingala mit englischen Untertiteln)<strong><br \/>\n<\/strong><strong>SUNGURA\u00a0<\/strong>von Lydia Matata (Kenia 2019 \/ 20 Min. \/ Englisch, Swahili, Sheng mit englischen Untertiteln)<br \/>\n<strong>LODGERS\u00a0<\/strong>von\u00a0Keni Ogunlola\u00a0 (Nigeria \/ Gro\u00dfbritannien 2016 \/ 23 Min. \/ Englisch)<br \/>\n<strong>NIGHT SHIFT<\/strong>\u00a0von Karim Shabaan (\u00c4gypten 2020 \/ 14 Min. \/ Arabisch mit englischen Untertiteln)<\/p>\n<p>&nbsp;<\/p>\n<\/div>\n                <\/div>\n            <\/div>\n\t\t<\/div>\n\t\t    <\/div>\n<\/section>\n\n<section class=\"block block-headline block-no-margin \" >\n\t<div class=\"container-fluid\">\n\t\t<div class=\"row\">\n\t\t\t\t\t\t\t<div class=\"col-xs-12 col-md-offset-2 col-md-8\">\n\t\t\t\t\t<div class=\"box\">\n\t\t\t\t\t\t<h2 class=\".h4\">Die Filme<\/h2>\n\t\t\t\t\t<\/div>\n\t\t\t\t<\/div>\n\t\t\t\t\t<\/div>\n\t<\/div>\n<\/section>\n\n\n\n\n\n<section class=\"block block-accordion\">\n\t<div class=\"container-fluid\">\n\t\t<div class=\"row\">\n\t\t\t<div class=\"col-xs-12 col-md-offset-2 col-md-8\">\n\t\t\t\t<div class=\"box\">\n\t\t\t\t\t\t\t\t\t\t\t<block-accordion inline-template>\n\t\t\t\t\t\t\t<div class=\"accordion\">\n\t\t\t\t\t\t\t\t\t\t\t\t\t\t\t<block-accordion-item inline-template item-headline=\"ABOULA NGANDO\">\n\t\t\t\t\t\t\t\t<div ref=\"item\" data-id=\"ABOULANGANDO\" class=\"block-accordion-item vue-initialize\" aria-expanded=\"false\" :aria-expanded=\"active ? 'true' : 'false'\">\n\t\t\t\t\t\t\t\t\t<button class=\"accordion-button-with-icon block-accordion-item-head\" :class=\"{'button-active': active}\" ref=\"head\" aria-controls=\"acc_69f32beb90233\" id=\"acc_title_69f32beb90236\" @click=\"toggle\" @keydown=\"key\">\n\t\t\t\t\t\t\t\t\t<div><span class=\"button-label\">ABOULA NGANDO<\/span><\/div><span class=\"button-icon icon-plus\" aria-hidden=\"true\"><\/span>\n\t\t\t\t\t\t\t\t<\/button>\n\t\t\t\t\t\t\t\t\t<div ref=\"body\" class=\"block-accordion-item-content\" id=\"acc_69f32beb90233\" role=\"region\">\n\t\t\t\t\t\t\t\t\t\t<div class=\"wrapper copy\">\n\t\t\t\t\t\t\t\t\t\t\t<p>Um erotische Verwicklungen geht es in\u00a0<strong>Marcus Onalundulas<\/strong>\u00a0aktuellem Kurzfilm. In\u00a0<strong>ABOULA NGANDO<\/strong>\u00a0(DR Kongo \/ Frankreich 2021 \/ 20 Min. \/ OmeU) betr\u00fcgt der gleichnamige Protagonist seine Frau mit einer anderen \u2013 als er schlie\u00dflich nach Hause zur\u00fcckkehrt, erlebt eine gro\u00dfe \u00dcberraschung \u2026<\/p>\n<p><strong>MARCUS ONALUNDULA<\/strong>, TV-Moderator, Redakteur und Regisseur aus der Demokratischen Republik Kongo, arbeitet seit 2010 in S\u00fcdafrika als Chefredakteur bei TOUCH MEDIA, einem Unternehmen, das sich auf Postproduktionsdienstleistungen f\u00fcr die FIFA spezialisiert hat. 2013 zog er f\u00fcr sein Studium nach Frankreich und erwarb einen Abschluss als Digital Video Producer am SAE Institute of Paris. Im Jahr 2016 gr\u00fcndete er seine audiovisuelle Produktionsfirma ONADISPLAY films und produzierte und koproduzierte mehrere Filme (Dokumentarfilme, Spielfilme und Reportagen), Videoclips, Veranstaltungsvideos und Werbespots in Frankreich, Haiti und mehreren afrikanischen L\u00e4ndern. Derzeit arbeitet er als audiovisueller Manager f\u00fcr die\u00a0<span class=\"w-term-highlight\">Vereinigung<\/span>\u00a0Solidarit\u00e9 La\u00efque.<\/p>\n\n\t\t\t\t\t\t\t\t\t\t\t\t\t\t\t\t\t\t\t\t\t\t\t\t\t\t\t\t\t\t\t\t\t\n\t\t\t\t\t\t\t\t\t\t\t<div class=\"row\">\n\t\t\t\t\t\t\t\t\t\t\t\t<div class=\"col-xs-9 col-md-9\">\n\t\t\t\t\t\t\t\t\t\t\t\t\t<div class=\"box\">\n\t\t\t\t\t\t\t\t\t\t\t\t\t\t\t\t\t\t\t\t\t\t\t\t\t\t\t<\/div>\n\t\t\t\t\t\t\t\t\t\t\t\t<\/div>\n\t\t\t\t\t\t\t\t\t\t\t<\/div>\n\n\t\t\t\t\t\t\t\t\t\t\t\t\t\t\t\t\t\t\t\t\t<\/div>\n\t\t\t\t\t\t\t\t\t<\/div>\n\t\t\t\t\t\t\t\t<\/div>\n\t\t\t\t\t\t\t\t<\/block-accordion-item>\n\t\t\t\t\t\t\t\t\t\t\t\t\t\t<block-accordion-item inline-template item-headline=\"SUNGURA\">\n\t\t\t\t\t\t\t\t<div ref=\"item\" data-id=\"SUNGURA\" class=\"block-accordion-item vue-initialize\" aria-expanded=\"false\" :aria-expanded=\"active ? 'true' : 'false'\">\n\t\t\t\t\t\t\t\t\t<button class=\"accordion-button-with-icon block-accordion-item-head\" :class=\"{'button-active': active}\" ref=\"head\" aria-controls=\"acc_69f32beb904ff\" id=\"acc_title_69f32beb90500\" @click=\"toggle\" @keydown=\"key\">\n\t\t\t\t\t\t\t\t\t<div><span class=\"button-label\">SUNGURA<\/span><\/div><span class=\"button-icon icon-plus\" aria-hidden=\"true\"><\/span>\n\t\t\t\t\t\t\t\t<\/button>\n\t\t\t\t\t\t\t\t\t<div ref=\"body\" class=\"block-accordion-item-content\" id=\"acc_69f32beb904ff\" role=\"region\">\n\t\t\t\t\t\t\t\t\t\t<div class=\"wrapper copy\">\n\t\t\t\t\t\t\t\t\t\t\t<p>In<strong>\u00a0SUNGURA\u00a0<\/strong>(Kenia 2019 \/ 20 Min. \/ OmeU) von\u00a0<strong>Lydia Matata<\/strong>\u00a0sieht sich eine junge Rollstuhlfahrerin mit dem Vorurteil konfrontiert, auf Grund ihrer Behinderung keinen Sex haben zu k\u00f6nnen. Als sie bei einer Brautparty einen Vibrator von einer Sexologin kaufen m\u00f6chte, kommt es zu Turbulenzen \u2026 Die Regisseurin ist beim Screening anwesend.<\/p>\n<p><strong>LYDIA MATATA<\/strong>\u00a0ist eine aufstrebende Filmemacherin aus Nairobi. Zu ihren Projekten geh\u00f6rt\u00a0<em>Utapata Mwingine (You Will Get Another One<\/em>), ein kurzer Dokumentarfilm \u00fcber den Verlust von Schwangeren und Kleinkindern in Kenia. Der Film hatte seine Premiere auf dem virtuellen Festival Sema Stori im August 2020. F\u00fcr ihr Kurzfilmprojekt\u00a0<em>Millet<\/em>\u00a0gewann sie den Shorts, Shots &amp; Shots Drehbuchwettbewerb von Docubox (EADFF). Matata ist au\u00dferdem eine der zehn Preistr\u00e4gerinnen der UNESCO und des Nara International Film Festival Residency for African Women Filmmakers und One World Media- und Hot Docs-Stipendiatin. Vor ihrer T\u00e4tigkeit als Filmemacherin arbeitete sie als Journalistin. F\u00fcr ihre Arbeit wurde Matata mit dem Young Journalist Award und dem Gender Reporting Award des Media Council of Kenya ausgezeichnet.<\/p>\n\n\t\t\t\t\t\t\t\t\t\t\t\t\t\t\t\t\t\t\t\t\t\t\t\t\t\t\t\t\t\t\t\t\t\n\t\t\t\t\t\t\t\t\t\t\t<div class=\"row\">\n\t\t\t\t\t\t\t\t\t\t\t\t<div class=\"col-xs-9 col-md-9\">\n\t\t\t\t\t\t\t\t\t\t\t\t\t<div class=\"box\">\n\t\t\t\t\t\t\t\t\t\t\t\t\t\t\t\t\t\t\t\t\t\t\t\t\t\t\t<\/div>\n\t\t\t\t\t\t\t\t\t\t\t\t<\/div>\n\t\t\t\t\t\t\t\t\t\t\t<\/div>\n\n\t\t\t\t\t\t\t\t\t\t\t\t\t\t\t\t\t\t\t\t\t<\/div>\n\t\t\t\t\t\t\t\t\t<\/div>\n\t\t\t\t\t\t\t\t<\/div>\n\t\t\t\t\t\t\t\t<\/block-accordion-item>\n\t\t\t\t\t\t\t\t\t\t\t\t\t\t<block-accordion-item inline-template item-headline=\"LODGERS\">\n\t\t\t\t\t\t\t\t<div ref=\"item\" data-id=\"LODGERS\" class=\"block-accordion-item vue-initialize\" aria-expanded=\"false\" :aria-expanded=\"active ? 'true' : 'false'\">\n\t\t\t\t\t\t\t\t\t<button class=\"accordion-button-with-icon block-accordion-item-head\" :class=\"{'button-active': active}\" ref=\"head\" aria-controls=\"acc_69f32beb90763\" id=\"acc_title_69f32beb90764\" @click=\"toggle\" @keydown=\"key\">\n\t\t\t\t\t\t\t\t\t<div><span class=\"button-label\">LODGERS<\/span><\/div><span class=\"button-icon icon-plus\" aria-hidden=\"true\"><\/span>\n\t\t\t\t\t\t\t\t<\/button>\n\t\t\t\t\t\t\t\t\t<div ref=\"body\" class=\"block-accordion-item-content\" id=\"acc_69f32beb90763\" role=\"region\">\n\t\t\t\t\t\t\t\t\t\t<div class=\"wrapper copy\">\n\t\t\t\t\t\t\t\t\t\t\t<p>In Keni Ogunlolas\u00a0<strong>LODGERS\u00a0<\/strong>(Nigeria \/ Gro\u00dfbritannien 2016 \/ 23 Min. \/ OmeU) beschlie\u00dfen zwei nigerianische Berufst\u00e4tige, nach England zu ziehen. Sie sind ehrgeizig und ein wenig arrogant und glauben, dass ihre heimischen Diplome ihnen eine gro\u00dfe berufliche Zukunft am neuen Wohnort er\u00f6ffnen werden. Die Realit\u00e4t gestaltet sich jedoch ein wenig komplizierter\u2026 Regisseur\u00a0<strong>Keni Ogunlola<\/strong>\u00a0wird f\u00fcr ein Q&amp;A vor Ort sein.<\/p>\n<p><strong>KENI OGUNLOLA<\/strong>\u00a0ist ein nigerianischer Regisseur, Drehbuchautor und Produzent und feierte nicht nur als Regisseur, sondern auch als Produzent von\u00a0<em>The Royal Hibiscus Hotel<\/em>\u00a0(2017) internationale Erfolge. Er leitet die Produktionsfirma Ecinemalive (<a class=\"external-link\" href=\"http:\/\/ecinemalive.com\/\" rel=\"nofollow\">ecinemalive.com<\/a>).<\/p>\n\n\t\t\t\t\t\t\t\t\t\t\t\t\t\t\t\t\t\t\t\t\t\t\t\t\t\t\t\t\t\t\t\t\t\n\t\t\t\t\t\t\t\t\t\t\t<div class=\"row\">\n\t\t\t\t\t\t\t\t\t\t\t\t<div class=\"col-xs-9 col-md-9\">\n\t\t\t\t\t\t\t\t\t\t\t\t\t<div class=\"box\">\n\t\t\t\t\t\t\t\t\t\t\t\t\t\t\t\t\t\t\t\t\t\t\t\t\t\t\t<\/div>\n\t\t\t\t\t\t\t\t\t\t\t\t<\/div>\n\t\t\t\t\t\t\t\t\t\t\t<\/div>\n\n\t\t\t\t\t\t\t\t\t\t\t\t\t\t\t\t\t\t\t\t\t<\/div>\n\t\t\t\t\t\t\t\t\t<\/div>\n\t\t\t\t\t\t\t\t<\/div>\n\t\t\t\t\t\t\t\t<\/block-accordion-item>\n\t\t\t\t\t\t\t\t\t\t\t\t\t\t<block-accordion-item inline-template item-headline=\"NIGHT SHIFT\">\n\t\t\t\t\t\t\t\t<div ref=\"item\" data-id=\"NIGHTSHIFT\" class=\"block-accordion-item vue-initialize\" aria-expanded=\"false\" :aria-expanded=\"active ? 'true' : 'false'\">\n\t\t\t\t\t\t\t\t\t<button class=\"accordion-button-with-icon block-accordion-item-head\" :class=\"{'button-active': active}\" ref=\"head\" aria-controls=\"acc_69f32beb909e6\" id=\"acc_title_69f32beb909e7\" @click=\"toggle\" @keydown=\"key\">\n\t\t\t\t\t\t\t\t\t<div><span class=\"button-label\">NIGHT SHIFT<\/span><\/div><span class=\"button-icon icon-plus\" aria-hidden=\"true\"><\/span>\n\t\t\t\t\t\t\t\t<\/button>\n\t\t\t\t\t\t\t\t\t<div ref=\"body\" class=\"block-accordion-item-content\" id=\"acc_69f32beb909e6\" role=\"region\">\n\t\t\t\t\t\t\t\t\t\t<div class=\"wrapper copy\">\n\t\t\t\t\t\t\t\t\t\t\t<p>In\u00a0<strong>NIGHT SHIFT<\/strong>\u00a0(\u00c4gypten 2020 \/ 14 Min. \/ OmeU), einem Kurzfilm des \u00e4gyptischen Regisseurs\u00a0<strong>Karim Shabaan<\/strong>, bringt ein n\u00e4chtlicher Anrufer den zwanzigj\u00e4hrigen Call-Center Mitarbeiter Zain v\u00f6llig aus der Fassung.<\/p>\n<p><strong>KARIM SHABAAN<\/strong>\u00a0ist ein Regisseur, Filmemacher und Autor aus Kairo. Neben experimentellen Kurzfilmen, Musikvideos und Werbeclips arbeitet im Bereich Spiel- und Dokumentarfilm. Sein erster Featurefilm,<em>\u00a0Fi Youm (In A Day),\u00a0<\/em>wurde auf dem 37. Cairo International Film Festival ausgezeichnet.<\/p>\n\n\t\t\t\t\t\t\t\t\t\t\t\t\t\t\t\t\t\t\t\t\t\t\t\t\t\t\t\t\t\t\t\t\t\n\t\t\t\t\t\t\t\t\t\t\t<div class=\"row\">\n\t\t\t\t\t\t\t\t\t\t\t\t<div class=\"col-xs-9 col-md-9\">\n\t\t\t\t\t\t\t\t\t\t\t\t\t<div class=\"box\">\n\t\t\t\t\t\t\t\t\t\t\t\t\t\t\t\t\t\t\t\t\t\t\t\t\t\t\t<\/div>\n\t\t\t\t\t\t\t\t\t\t\t\t<\/div>\n\t\t\t\t\t\t\t\t\t\t\t<\/div>\n\n\t\t\t\t\t\t\t\t\t\t\t\t\t\t\t\t\t\t\t\t\t<\/div>\n\t\t\t\t\t\t\t\t\t<\/div>\n\t\t\t\t\t\t\t\t<\/div>\n\t\t\t\t\t\t\t\t<\/block-accordion-item>\n\t\t\t\t\t\t\t\t\t\t\t\t\t<\/div>\n\t\t\t\t\t\t<\/block-accordion>\n\t\t\t\t\t\t\t\t\t<\/div>\n\t\t\t<\/div>\n\t\t<\/div>\n\t<\/div>\n<\/section>\n\n\n<section class=\"block block-CTA block-CTA-long leftgradient\">\n\t<div class=\"container-fluid\">\n\t\t<div class=\"row center-xs\">\n\t\t\t<div class=\"col-xs-12\">\n\t\t\t\t<div class=\"box\">\n\t\t\t\t\t<a href=\"https:\/\/www.humboldtforum.org\/de\/programm\/event-reihe\/festival\/afrikamera-55517\/\" aria-label=\"AFRIKAMERA\" class=\"teaser teaser-cta-wide \">\n\t\t\t\t\t\t<div class=\"teaser-image\">\n\t\t\t\t\t\t\t\n\t<lazy-media-inline inline-template>\n\t\t<figure itemscope itemtype=\"http:\/\/schema.org\/ImageObject\" class=\"lazy-media-inline \" role=\"group\" id=\"media_69f32beb922df\" aria-labelledby=\"desc_media_69f32beb922df\">\n\t\t\t<script type=\"application\/json\" ref=\"data\">\n\t\t\t\t{\n\t\t\t\t\"sizes\" : {\"medium\":{\"file\":\"SHF_eb00157210-300x176.jpg\",\"width\":300,\"height\":176,\"mime-type\":\"image\\\/jpeg\",\"filesize\":7744},\"large\":{\"file\":\"SHF_eb00157210-1024x599.jpg\",\"width\":1024,\"height\":599,\"mime-type\":\"image\\\/jpeg\",\"filesize\":48802},\"thumbnail\":{\"file\":\"SHF_eb00157210-150x150.jpg\",\"width\":150,\"height\":150,\"mime-type\":\"image\\\/jpeg\",\"filesize\":5040},\"medium_large\":{\"file\":\"SHF_eb00157210-768x449.jpg\",\"width\":768,\"height\":449,\"mime-type\":\"image\\\/jpeg\",\"filesize\":30808},\"small\":{\"file\":\"SHF_eb00157210-440x257.jpg\",\"width\":440,\"height\":257,\"mime-type\":\"image\\\/jpeg\",\"filesize\":13420},\"semi\":{\"file\":\"SHF_eb00157210-580x339.jpg\",\"width\":580,\"height\":339,\"mime-type\":\"image\\\/jpeg\",\"filesize\":20186},\"mobile\":{\"file\":\"SHF_eb00157210-720x421.jpg\",\"width\":720,\"height\":421,\"mime-type\":\"image\\\/jpeg\",\"filesize\":27858},\"original\":{\"file\":\"SHF_eb00157210.jpg\",\"width\":1280,\"height\":749}},\n\t\t\t\t\"alt\" : \"Ein rotes Filmrahmen-Overlay schwebt \\u00fcber einer dunklen, geometrischen Umgebung mit bunten Lichtern.\",\n\t\t\t\t\"path\" : \"\\\/wp-content\\\/uploads\\\/2022\\\/10\\\/\",\n\t\t\t\t\"video\" : null,\n\t\t\t\t\"autoplay\" : null,\n\t\t\t\t\"youtube\" : null,\n\t\t\t\t\"youtubelabel\" : \"Video abspielen\",\n\t\t\t\t\"brightness\" : \"80\",\n\t\t\t\t\"crop\" : null,\n\t\t\t\t\"background\" : true,\n\t\t\t\t\"scale\" : 1\t\t\t\t}\n\t\t\t<\/script>\n\n\t\t\t<div class=\"height-container\" style=\"padding-bottom:58.515625%;\" v-if=\"sizes\">\n\t\t\t\t\t\t\t\t<lazy-media :inline=\"true\" :alt=\"alt\" :sizes=\"sizes\" :scale=\"scale\" :brightness=\"brightness\" :path=\"path\" :video=\"video\" :autoplay=\"autoplay\" :youtube=\"youtube\" :crop=\"crop\" :youtubelabel=\"youtubelabel\" :background=\"background\" media-id=\"desc_media_69f32beb922df\"><\/lazy-media>\n\t\t\t\t\t\t\t<\/div>\n\n\t\t\t\t\t\t\t<figcaption class=\"sr-only\" ref=\"body\" id=\"desc_media_69f32beb922df\">\n\t\t\t\t\t\t\t\t\t\t\t\t\t\t\t\t\t\t\t<\/figcaption>\n\t\t\t\t\t<\/figure>\n\t<\/lazy-media-inline>\n\t\t\t\t\t\t<\/div>\n\t\t\t\t\t\t<div class=\"teaser-content \">\n\t\t\t\t\t\t\t<div>\n\t\t\t\t\t\t\t\t\t\t\t\t\t\t\t\t<div class=\"teaser-header\"><span class=\"h3\">AFRIKAMERA<\/span><\/div>\n\t\t\t\t\t\t\t\t<div class=\"teaser-subline\"><span class=\"font-decoration\">Aktuelles Kino aus Afrika<\/span><\/div>\t\t\t\t\t\t\t\t<button tabindex=\"-1\" class=\"border\">Zur Festival\u00fcbersicht<\/button>\n\t\t\t\t\t\t\t<\/div>\n\t\t\t\t\t\t<\/div>\n\t\t\t\t\t<\/a>\n\t\t\t\t<\/div>\n\t\t\t<\/div>\n\t\t<\/div>\n\t<\/div>\n<\/section>\n\n\n<section class=\"block block-teaser col-lane33 \" style=\"\">\n\t\t\t\t\t\t<teaser-lane-with-buttons inline-template tracking-label=\"Organisatorische Hinweise\">\n\t\t\t\t<div>\n\t\t\t\t\t<div class=\"container-fluid\">\n\t\t\t\t\t\t<div class=\"row middle-xs\">\n\t\t\t\t\t\t\t<div class=\"col-xs-10 col-sm-8\">\n\t\t\t\t\t\t\t\t<h3 class=\"h4 topline\">Organisatorische Hinweise<\/h3>\t\t\t\t\t\t\t<\/div>\n\t\t\t\t\t\t\t<div class=\"col-xs-2 col-sm-4 end-xs margin-bottom-sixth\">\n\t\t\t\t\t\t\t\t<teaser-lane-buttons :visible_prev=\"visible_prev\" :visible_next=\"visible_next\" @prev=\"prev\" @next=\"next\"><\/teaser-lane-buttons>\n\t\t\t\t\t\t\t<\/div>\n\t\t\t\t\t\t<\/div>\n\t\t\t\t\t<\/div>\n\t\t\t\t\t<div class=\"teaser-lane-wrapper\">\n\t\t\t\t\t\t<ul class=\"teaser-lane\">\n\t\t\t\t\t\t\t\t\t\t\t\t<\/ul>\n\t\t\t\t\t<\/div>\n\t\t\t\t<\/div>\n\t\t\t<\/teaser-lane-with-buttons>\n\t\t\t<\/section>","protected":false},"template":"","genre":[845,729],"digital":[],"topic":[],"stakeholder":[382],"editorial":[],"editorialfilter":[],"targetgroup":[383,455],"language":[],"accessability":[780],"age":[],"school":[],"groupsize":[],"place":[883],"class_list":["post-56240","event","type-event","status-publish","has-post-thumbnail","hentry","genre-festival","genre-film-video","stakeholder-stiftung-humboldt-forum-im-berliner-schloss","targetgroup-erwachsene","targetgroup-jugendliche","accessability-untertitel","place-saal-2-eg"],"acf":[],"_links":{"self":[{"href":"https:\/\/www.humboldtforum.org\/de\/wp-json\/wp\/v2\/event\/56240","targetHints":{"allow":["GET"]}}],"collection":[{"href":"https:\/\/www.humboldtforum.org\/de\/wp-json\/wp\/v2\/event"}],"about":[{"href":"https:\/\/www.humboldtforum.org\/de\/wp-json\/wp\/v2\/types\/event"}],"version-history":[{"count":12,"href":"https:\/\/www.humboldtforum.org\/de\/wp-json\/wp\/v2\/event\/56240\/revisions"}],"predecessor-version":[{"id":58254,"href":"https:\/\/www.humboldtforum.org\/de\/wp-json\/wp\/v2\/event\/56240\/revisions\/58254"}],"wp:featuredmedia":[{"embeddable":true,"href":"https:\/\/www.humboldtforum.org\/de\/wp-json\/wp\/v2\/media\/55550"}],"wp:attachment":[{"href":"https:\/\/www.humboldtforum.org\/de\/wp-json\/wp\/v2\/media?parent=56240"}],"wp:term":[{"taxonomy":"genre","embeddable":true,"href":"https:\/\/www.humboldtforum.org\/de\/wp-json\/wp\/v2\/genre?post=56240"},{"taxonomy":"digital","embeddable":true,"href":"https:\/\/www.humboldtforum.org\/de\/wp-json\/wp\/v2\/digital?post=56240"},{"taxonomy":"topic","embeddable":true,"href":"https:\/\/www.humboldtforum.org\/de\/wp-json\/wp\/v2\/topic?post=56240"},{"taxonomy":"stakeholder","embeddable":true,"href":"https:\/\/www.humboldtforum.org\/de\/wp-json\/wp\/v2\/stakeholder?post=56240"},{"taxonomy":"editorial","embeddable":true,"href":"https:\/\/www.humboldtforum.org\/de\/wp-json\/wp\/v2\/editorial?post=56240"},{"taxonomy":"editorialfilter","embeddable":true,"href":"https:\/\/www.humboldtforum.org\/de\/wp-json\/wp\/v2\/editorialfilter?post=56240"},{"taxonomy":"targetgroup","embeddable":true,"href":"https:\/\/www.humboldtforum.org\/de\/wp-json\/wp\/v2\/targetgroup?post=56240"},{"taxonomy":"language","embeddable":true,"href":"https:\/\/www.humboldtforum.org\/de\/wp-json\/wp\/v2\/language?post=56240"},{"taxonomy":"accessability","embeddable":true,"href":"https:\/\/www.humboldtforum.org\/de\/wp-json\/wp\/v2\/accessability?post=56240"},{"taxonomy":"age","embeddable":true,"href":"https:\/\/www.humboldtforum.org\/de\/wp-json\/wp\/v2\/age?post=56240"},{"taxonomy":"school","embeddable":true,"href":"https:\/\/www.humboldtforum.org\/de\/wp-json\/wp\/v2\/school?post=56240"},{"taxonomy":"groupsize","embeddable":true,"href":"https:\/\/www.humboldtforum.org\/de\/wp-json\/wp\/v2\/groupsize?post=56240"},{"taxonomy":"place","embeddable":true,"href":"https:\/\/www.humboldtforum.org\/de\/wp-json\/wp\/v2\/place?post=56240"}],"curies":[{"name":"wp","href":"https:\/\/api.w.org\/{rel}","templated":true}]}}