{"id":56458,"date":"2022-10-07T11:06:10","date_gmt":"2022-10-07T09:06:10","guid":{"rendered":"https:\/\/www.humboldtforum.org\/?post_type=event&#038;p=56458"},"modified":"2022-11-10T10:59:13","modified_gmt":"2022-11-10T09:59:13","slug":"the-art-of-collaboration-migration-diaspora","status":"publish","type":"event","link":"https:\/\/www.humboldtforum.org\/de\/programm\/termin\/diskurs\/the-art-of-collaboration-migration-diaspora-56458\/","title":{"rendered":"THE ART OF COLLABORATION \u2013 Migration &#038; Diaspora"},"content":{"rendered":"<section class=\"block block-copy\" >\n    <div class=\"container-fluid\">\n\t\t<div class=\"row \">\n            <div class=\"col-xs-12 col-md-offset-2 col-md-8\">\n                <div class=\"box\">\n                    <div class=\"copy\"><p>In dem \u00f6ffentlichen Diskursformat\u00a0<strong>\u201eTHE ART OF COLLABORATION \u2013 Migration &amp; Diaspora\u201c\u00a0<\/strong>setzen sich afrikanische und europ\u00e4ische Filmschaffende und Multiplikator*innen in verschiedenen Diskussionsrunden und einem Roundtable mit Fragen rund um das (afro)-diasporische Filmemachen auseinander. Dabei werden Fragen nach Identit\u00e4ten, Narrativen und Hintergr\u00fcnde und den wechselseitigen Einfluss der diasporischen Community und der Mehrheitsgesellschaft auf die Filmsprache gestellt und die Zusammenarbeit und Netzwerke f\u00fcr das transnationale Filmemachen beleuchtet.\u00a0 Damit verbunden sind Diskussionen, welche Geschichten diasporische Filmemacher*innen in ihren Filmen erz\u00e4hlen wollen oder k\u00f6nnen. Produktions- und Finanzierungsm\u00f6glichkeiten und die aktuellen Herausforderungen im Zusammenhang mit Koproduktionen im transnationalen Kino werden am Runden Tisch er\u00f6rtert.<\/p>\n<p><strong>Konzeption:<\/strong> Uta R\u00fcgner, \u00c9dith Nabos<\/p>\n<\/div>\n                <\/div>\n            <\/div>\n\t\t<\/div>\n\t\t    <\/div>\n<\/section>\n\n\n<section class=\"block block-accordion\">\n\t<div class=\"container-fluid\">\n\t\t<div class=\"row\">\n\t\t\t<div class=\"col-xs-12 col-md-offset-2 col-md-8\">\n\t\t\t\t<div class=\"box\">\n\t\t\t\t\t\t\t\t\t\t\t<block-accordion inline-template>\n\t\t\t\t\t\t\t<div class=\"accordion\">\n\t\t\t\t\t\t\t\t\t\t\t\t\t\t\t<block-accordion-item inline-template item-headline=\"14:00 Keynote: Self-Portraying Cinema, An Experimental Attitude on Peripheral Bodies\">\n\t\t\t\t\t\t\t\t<div ref=\"item\" data-id=\"1400KeynoteSelf-PortrayingCinemaAnExperimentalAttitudeonPeripheralBodies\" class=\"block-accordion-item vue-initialize\" aria-expanded=\"false\" :aria-expanded=\"active ? 'true' : 'false'\">\n\t\t\t\t\t\t\t\t\t<button class=\"accordion-button-with-icon block-accordion-item-head\" :class=\"{'button-active': active}\" ref=\"head\" aria-controls=\"acc_69f32a93879fb\" id=\"acc_title_69f32a93879fe\" @click=\"toggle\" @keydown=\"key\">\n\t\t\t\t\t\t\t\t\t<div><span class=\"button-label\">14:00 Keynote: Self-Portraying Cinema, An Experimental Attitude on Peripheral Bodies<\/span><\/div><span class=\"button-icon icon-plus\" aria-hidden=\"true\"><\/span>\n\t\t\t\t\t\t\t\t<\/button>\n\t\t\t\t\t\t\t\t\t<div ref=\"body\" class=\"block-accordion-item-content\" id=\"acc_69f32a93879fb\" role=\"region\">\n\t\t\t\t\t\t\t\t\t\t<div class=\"wrapper copy\">\n\t\t\t\t\t\t\t\t\t\t\t<p>Eine kurze Einf\u00fchrung in die Praxis des selbstdarstellenden Kinos. Das Konzept der Selbstdarstellung basiert urspr\u00fcnglich auf einer emanzipierten Methode und ist in der Subjektivit\u00e4t des einzelnen K\u00fcnstlers und B\u00fcrgers verwurzelt. Ein peripherer K\u00f6rper ist im Wesentlichen daran interessiert, zu handeln und die ihn umgebenden globalen R\u00e4ume zu ver\u00e4ndern, da er selbst ein K\u00f6rper im Transit ist.<\/p>\n<p>Keynote von Welket Bungu\u00e9 (Guinea-Bissau\/Portugal\/Deutschland), Regisseur, Autor und Schauspieler (u.a. <em>Berlin Alexanderplatz f<\/em>rei nach dem gleichnamigen\u00a0Roman\u00a0von Alfred\u00a0D\u00f6blin\u00a0und\u00a0<em>Crimes of the Future <\/em>von\u00a0David Cronenberg<em>)<\/em><\/p>\n\n\t\t\t\t\t\t\t\t\t\t\t\t\t\t\t\t\t\t\t\t\t\t\t\t\t\t\t\t\t\t\t\t\t\n\t\t\t\t\t\t\t\t\t\t\t<div class=\"row\">\n\t\t\t\t\t\t\t\t\t\t\t\t<div class=\"col-xs-9 col-md-9\">\n\t\t\t\t\t\t\t\t\t\t\t\t\t<div class=\"box\">\n\t\t\t\t\t\t\t\t\t\t\t\t\t\t\t\t\t\t\t\t\t\t\t\t\t\t\t<\/div>\n\t\t\t\t\t\t\t\t\t\t\t\t<\/div>\n\t\t\t\t\t\t\t\t\t\t\t<\/div>\n\n\t\t\t\t\t\t\t\t\t\t\t\t\t\t\t\t\t\t\t\t\t<\/div>\n\t\t\t\t\t\t\t\t\t<\/div>\n\t\t\t\t\t\t\t\t<\/div>\n\t\t\t\t\t\t\t\t<\/block-accordion-item>\n\t\t\t\t\t\t\t\t\t\t\t\t\t\t<block-accordion-item inline-template item-headline=\"14.20 Diskussion: Filmemachen in der Diaspora\">\n\t\t\t\t\t\t\t\t<div ref=\"item\" data-id=\"1420DiskussionFilmemacheninderDiaspora\" class=\"block-accordion-item vue-initialize\" aria-expanded=\"false\" :aria-expanded=\"active ? 'true' : 'false'\">\n\t\t\t\t\t\t\t\t\t<button class=\"accordion-button-with-icon block-accordion-item-head\" :class=\"{'button-active': active}\" ref=\"head\" aria-controls=\"acc_69f32a9387d06\" id=\"acc_title_69f32a9387d08\" @click=\"toggle\" @keydown=\"key\">\n\t\t\t\t\t\t\t\t\t<div><span class=\"button-label\">14.20 Diskussion: Filmemachen in der Diaspora<\/span><\/div><span class=\"button-icon icon-plus\" aria-hidden=\"true\"><\/span>\n\t\t\t\t\t\t\t\t<\/button>\n\t\t\t\t\t\t\t\t\t<div ref=\"body\" class=\"block-accordion-item-content\" id=\"acc_69f32a9387d06\" role=\"region\">\n\t\t\t\t\t\t\t\t\t\t<div class=\"wrapper copy\">\n\t\t\t\t\t\t\t\t\t\t\t<p>Welche Geschichten bringt das diasporische Kino auf die Leinwand? Wie schlagen sich die Erfahrungen der Migration in verschiedenen Umgebungen und innerhalb diasporischer Gemeinschaften in den Geschichten der Filmemacher*innen und in ihrer Filmsprache nieder?<\/p>\n<p>Mit Kantarama Gahigiri (Ruanda\/Schweiz), Keni Ogunlola (England\/Nigeria), Adolf El Assal (\u00c4gypten\/Luxemburg), Khadar Ayderus Ahmed (Somalia\/Frankreich)<\/p>\n<p>Moderation: Rabih El-Khoury<\/p>\n\n\t\t\t\t\t\t\t\t\t\t\t\t\t\t\t\t\t\t\t\t\t\t\t\t\t\t\t\t\t\t\t\t\t\n\t\t\t\t\t\t\t\t\t\t\t<div class=\"row\">\n\t\t\t\t\t\t\t\t\t\t\t\t<div class=\"col-xs-9 col-md-9\">\n\t\t\t\t\t\t\t\t\t\t\t\t\t<div class=\"box\">\n\t\t\t\t\t\t\t\t\t\t\t\t\t\t\t\t\t\t\t\t\t\t\t\t\t\t\t<\/div>\n\t\t\t\t\t\t\t\t\t\t\t\t<\/div>\n\t\t\t\t\t\t\t\t\t\t\t<\/div>\n\n\t\t\t\t\t\t\t\t\t\t\t\t\t\t\t\t\t\t\t\t\t<\/div>\n\t\t\t\t\t\t\t\t\t<\/div>\n\t\t\t\t\t\t\t\t<\/div>\n\t\t\t\t\t\t\t\t<\/block-accordion-item>\n\t\t\t\t\t\t\t\t\t\t\t\t\t\t<block-accordion-item inline-template item-headline=\"16.00 Roundtable: Koproduktion und Zusammenarbeit\">\n\t\t\t\t\t\t\t\t<div ref=\"item\" data-id=\"1600RoundtableKoproduktionundZusammenarbeit\" class=\"block-accordion-item vue-initialize\" aria-expanded=\"false\" :aria-expanded=\"active ? 'true' : 'false'\">\n\t\t\t\t\t\t\t\t\t<button class=\"accordion-button-with-icon block-accordion-item-head\" :class=\"{'button-active': active}\" ref=\"head\" aria-controls=\"acc_69f32a9387f47\" id=\"acc_title_69f32a9387f48\" @click=\"toggle\" @keydown=\"key\">\n\t\t\t\t\t\t\t\t\t<div><span class=\"button-label\">16.00 Roundtable: Koproduktion und Zusammenarbeit<\/span><\/div><span class=\"button-icon icon-plus\" aria-hidden=\"true\"><\/span>\n\t\t\t\t\t\t\t\t<\/button>\n\t\t\t\t\t\t\t\t\t<div ref=\"body\" class=\"block-accordion-item-content\" id=\"acc_69f32a9387f47\" role=\"region\">\n\t\t\t\t\t\t\t\t\t\t<div class=\"wrapper copy\">\n\t\t\t\t\t\t\t\t\t\t\t<p>Was bedeutet Zusammenarbeit f\u00fcr das transnationale Filmemachen? Wie k\u00f6nnen Netzwerke die Zusammenarbeit f\u00f6rdern? Welche Produktions- und Finanzierungsm\u00f6glichkeiten gibt es? Wie lassen sich die aktuellen Herausforderungen im Zusammenhang mit Koproduktionen und Zusammenarbeit im transnationalen Kino bew\u00e4ltigen?<\/p>\n<p>Mit Teboho Edkins (S\u00fcdafrika), Don Edkins (S\u00fcdafrika), Aur\u00e9lien Bodinaux (Belgien), Innocent Munyeshuri (Ruanda), Neo Mosoang (S\u00fcdafrika)<\/p>\n<p>Moderation: Rabih El-Khoury<\/p>\n\n\t\t\t\t\t\t\t\t\t\t\t\t\t\t\t\t\t\t\t\t\t\t\t\t\t\t\t\t\t\t\t\t\t\n\t\t\t\t\t\t\t\t\t\t\t<div class=\"row\">\n\t\t\t\t\t\t\t\t\t\t\t\t<div class=\"col-xs-9 col-md-9\">\n\t\t\t\t\t\t\t\t\t\t\t\t\t<div class=\"box\">\n\t\t\t\t\t\t\t\t\t\t\t\t\t\t\t\t\t\t\t\t\t\t\t\t\t\t\t<\/div>\n\t\t\t\t\t\t\t\t\t\t\t\t<\/div>\n\t\t\t\t\t\t\t\t\t\t\t<\/div>\n\n\t\t\t\t\t\t\t\t\t\t\t\t\t\t\t\t\t\t\t\t\t<\/div>\n\t\t\t\t\t\t\t\t\t<\/div>\n\t\t\t\t\t\t\t\t<\/div>\n\t\t\t\t\t\t\t\t<\/block-accordion-item>\n\t\t\t\t\t\t\t\t\t\t\t\t\t<\/div>\n\t\t\t\t\t\t<\/block-accordion>\n\t\t\t\t\t\t\t\t\t<\/div>\n\t\t\t<\/div>\n\t\t<\/div>\n\t<\/div>\n<\/section>\n\n\n<section class=\"block block-CTA block-CTA-long leftgradient\">\n\t<div class=\"container-fluid\">\n\t\t<div class=\"row center-xs\">\n\t\t\t<div class=\"col-xs-12\">\n\t\t\t\t<div class=\"box\">\n\t\t\t\t\t<a href=\"https:\/\/www.humboldtforum.org\/de\/programm\/event-reihe\/festival\/afrikamera-55517\/\" aria-label=\"AFRIKAMERA\" class=\"teaser teaser-cta-wide \">\n\t\t\t\t\t\t<div class=\"teaser-image\">\n\t\t\t\t\t\t\t\n\t<lazy-media-inline inline-template>\n\t\t<figure itemscope itemtype=\"http:\/\/schema.org\/ImageObject\" class=\"lazy-media-inline \" role=\"group\" id=\"media_69f32a9389dd3\" aria-labelledby=\"desc_media_69f32a9389dd3\">\n\t\t\t<script type=\"application\/json\" ref=\"data\">\n\t\t\t\t{\n\t\t\t\t\"sizes\" : {\"medium\":{\"file\":\"SHF_eb00157210-300x176.jpg\",\"width\":300,\"height\":176,\"mime-type\":\"image\\\/jpeg\",\"filesize\":7744},\"large\":{\"file\":\"SHF_eb00157210-1024x599.jpg\",\"width\":1024,\"height\":599,\"mime-type\":\"image\\\/jpeg\",\"filesize\":48802},\"thumbnail\":{\"file\":\"SHF_eb00157210-150x150.jpg\",\"width\":150,\"height\":150,\"mime-type\":\"image\\\/jpeg\",\"filesize\":5040},\"medium_large\":{\"file\":\"SHF_eb00157210-768x449.jpg\",\"width\":768,\"height\":449,\"mime-type\":\"image\\\/jpeg\",\"filesize\":30808},\"small\":{\"file\":\"SHF_eb00157210-440x257.jpg\",\"width\":440,\"height\":257,\"mime-type\":\"image\\\/jpeg\",\"filesize\":13420},\"semi\":{\"file\":\"SHF_eb00157210-580x339.jpg\",\"width\":580,\"height\":339,\"mime-type\":\"image\\\/jpeg\",\"filesize\":20186},\"mobile\":{\"file\":\"SHF_eb00157210-720x421.jpg\",\"width\":720,\"height\":421,\"mime-type\":\"image\\\/jpeg\",\"filesize\":27858},\"original\":{\"file\":\"SHF_eb00157210.jpg\",\"width\":1280,\"height\":749}},\n\t\t\t\t\"alt\" : \"Ein rotes Filmrahmen-Overlay schwebt \\u00fcber einer dunklen, geometrischen Umgebung mit bunten Lichtern.\",\n\t\t\t\t\"path\" : \"\\\/wp-content\\\/uploads\\\/2022\\\/10\\\/\",\n\t\t\t\t\"video\" : null,\n\t\t\t\t\"autoplay\" : null,\n\t\t\t\t\"youtube\" : null,\n\t\t\t\t\"youtubelabel\" : \"Video abspielen\",\n\t\t\t\t\"brightness\" : \"80\",\n\t\t\t\t\"crop\" : null,\n\t\t\t\t\"background\" : true,\n\t\t\t\t\"scale\" : 1\t\t\t\t}\n\t\t\t<\/script>\n\n\t\t\t<div class=\"height-container\" style=\"padding-bottom:58.515625%;\" v-if=\"sizes\">\n\t\t\t\t\t\t\t\t<lazy-media :inline=\"true\" :alt=\"alt\" :sizes=\"sizes\" :scale=\"scale\" :brightness=\"brightness\" :path=\"path\" :video=\"video\" :autoplay=\"autoplay\" :youtube=\"youtube\" :crop=\"crop\" :youtubelabel=\"youtubelabel\" :background=\"background\" media-id=\"desc_media_69f32a9389dd3\"><\/lazy-media>\n\t\t\t\t\t\t\t<\/div>\n\n\t\t\t\t\t\t\t<figcaption class=\"sr-only\" ref=\"body\" id=\"desc_media_69f32a9389dd3\">\n\t\t\t\t\t\t\t\t\t\t\t\t\t\t\t\t\t\t\t<\/figcaption>\n\t\t\t\t\t<\/figure>\n\t<\/lazy-media-inline>\n\t\t\t\t\t\t<\/div>\n\t\t\t\t\t\t<div class=\"teaser-content \">\n\t\t\t\t\t\t\t<div>\n\t\t\t\t\t\t\t\t\t\t\t\t\t\t\t\t<div class=\"teaser-header\"><span class=\"h3\">AFRIKAMERA<\/span><\/div>\n\t\t\t\t\t\t\t\t<div class=\"teaser-subline\"><span class=\"font-decoration\">Aktuelles Kino aus Afrika<\/span><\/div>\t\t\t\t\t\t\t\t<button tabindex=\"-1\" class=\"border\">Zur Festival\u00fcbersicht<\/button>\n\t\t\t\t\t\t\t<\/div>\n\t\t\t\t\t\t<\/div>\n\t\t\t\t\t<\/a>\n\t\t\t\t<\/div>\n\t\t\t<\/div>\n\t\t<\/div>\n\t<\/div>\n<\/section>\n\n\n<section class=\"block block-teaser col-lane33 \" style=\"\">\n\t\t\t\t\t\t<teaser-lane-with-buttons inline-template tracking-label=\"Organisatorische Hinweise\">\n\t\t\t\t<div>\n\t\t\t\t\t<div class=\"container-fluid\">\n\t\t\t\t\t\t<div class=\"row middle-xs\">\n\t\t\t\t\t\t\t<div class=\"col-xs-10 col-sm-8\">\n\t\t\t\t\t\t\t\t<h3 class=\"h4 topline\">Organisatorische Hinweise<\/h3>\t\t\t\t\t\t\t<\/div>\n\t\t\t\t\t\t\t<div class=\"col-xs-2 col-sm-4 end-xs margin-bottom-sixth\">\n\t\t\t\t\t\t\t\t<teaser-lane-buttons :visible_prev=\"visible_prev\" :visible_next=\"visible_next\" @prev=\"prev\" @next=\"next\"><\/teaser-lane-buttons>\n\t\t\t\t\t\t\t<\/div>\n\t\t\t\t\t\t<\/div>\n\t\t\t\t\t<\/div>\n\t\t\t\t\t<div class=\"teaser-lane-wrapper\">\n\t\t\t\t\t\t<ul class=\"teaser-lane\">\n\t\t\t\t\t\t\t\t\t\t\t\t<\/ul>\n\t\t\t\t\t<\/div>\n\t\t\t\t<\/div>\n\t\t\t<\/teaser-lane-with-buttons>\n\t\t\t<\/section>","protected":false},"template":"","genre":[392,845],"digital":[],"topic":[],"stakeholder":[382],"editorial":[],"editorialfilter":[],"targetgroup":[383,455],"language":[385],"accessability":[],"age":[],"school":[],"groupsize":[],"place":[883],"class_list":["post-56458","event","type-event","status-publish","has-post-thumbnail","hentry","genre-diskurs","genre-festival","stakeholder-stiftung-humboldt-forum-im-berliner-schloss","targetgroup-erwachsene","targetgroup-jugendliche","language-englisch","place-saal-2-eg"],"acf":[],"_links":{"self":[{"href":"https:\/\/www.humboldtforum.org\/de\/wp-json\/wp\/v2\/event\/56458","targetHints":{"allow":["GET"]}}],"collection":[{"href":"https:\/\/www.humboldtforum.org\/de\/wp-json\/wp\/v2\/event"}],"about":[{"href":"https:\/\/www.humboldtforum.org\/de\/wp-json\/wp\/v2\/types\/event"}],"version-history":[{"count":11,"href":"https:\/\/www.humboldtforum.org\/de\/wp-json\/wp\/v2\/event\/56458\/revisions"}],"predecessor-version":[{"id":61489,"href":"https:\/\/www.humboldtforum.org\/de\/wp-json\/wp\/v2\/event\/56458\/revisions\/61489"}],"wp:featuredmedia":[{"embeddable":true,"href":"https:\/\/www.humboldtforum.org\/de\/wp-json\/wp\/v2\/media\/56222"}],"wp:attachment":[{"href":"https:\/\/www.humboldtforum.org\/de\/wp-json\/wp\/v2\/media?parent=56458"}],"wp:term":[{"taxonomy":"genre","embeddable":true,"href":"https:\/\/www.humboldtforum.org\/de\/wp-json\/wp\/v2\/genre?post=56458"},{"taxonomy":"digital","embeddable":true,"href":"https:\/\/www.humboldtforum.org\/de\/wp-json\/wp\/v2\/digital?post=56458"},{"taxonomy":"topic","embeddable":true,"href":"https:\/\/www.humboldtforum.org\/de\/wp-json\/wp\/v2\/topic?post=56458"},{"taxonomy":"stakeholder","embeddable":true,"href":"https:\/\/www.humboldtforum.org\/de\/wp-json\/wp\/v2\/stakeholder?post=56458"},{"taxonomy":"editorial","embeddable":true,"href":"https:\/\/www.humboldtforum.org\/de\/wp-json\/wp\/v2\/editorial?post=56458"},{"taxonomy":"editorialfilter","embeddable":true,"href":"https:\/\/www.humboldtforum.org\/de\/wp-json\/wp\/v2\/editorialfilter?post=56458"},{"taxonomy":"targetgroup","embeddable":true,"href":"https:\/\/www.humboldtforum.org\/de\/wp-json\/wp\/v2\/targetgroup?post=56458"},{"taxonomy":"language","embeddable":true,"href":"https:\/\/www.humboldtforum.org\/de\/wp-json\/wp\/v2\/language?post=56458"},{"taxonomy":"accessability","embeddable":true,"href":"https:\/\/www.humboldtforum.org\/de\/wp-json\/wp\/v2\/accessability?post=56458"},{"taxonomy":"age","embeddable":true,"href":"https:\/\/www.humboldtforum.org\/de\/wp-json\/wp\/v2\/age?post=56458"},{"taxonomy":"school","embeddable":true,"href":"https:\/\/www.humboldtforum.org\/de\/wp-json\/wp\/v2\/school?post=56458"},{"taxonomy":"groupsize","embeddable":true,"href":"https:\/\/www.humboldtforum.org\/de\/wp-json\/wp\/v2\/groupsize?post=56458"},{"taxonomy":"place","embeddable":true,"href":"https:\/\/www.humboldtforum.org\/de\/wp-json\/wp\/v2\/place?post=56458"}],"curies":[{"name":"wp","href":"https:\/\/api.w.org\/{rel}","templated":true}]}}