{"id":70181,"date":"2023-02-07T17:53:27","date_gmt":"2023-02-07T16:53:27","guid":{"rendered":"https:\/\/www.humboldtforum.org\/?post_type=event&#038;p=70181"},"modified":"2023-06-14T12:32:22","modified_gmt":"2023-06-14T10:32:22","slug":"rottet-die-bestien-aus","status":"publish","type":"event","link":"https:\/\/www.humboldtforum.org\/de\/programm\/termin\/film-video\/rottet-die-bestien-aus-70181\/","title":{"rendered":"\u201eRottet die Bestien aus\u201c"},"content":{"rendered":"<section class=\"block block-headline \" >\n\t<div class=\"container-fluid\">\n\t\t<div class=\"row\">\n\t\t\t\t\t\t\t<div class=\"col-xs-12 col-md-offset-2 col-md-8\">\n\t\t\t\t\t<div class=\"box\">\n\t\t\t\t\t\t<h2 class=\".h2\">Eine Reise ins Herz der Finsternis<\/h2>\n\t\t\t\t\t<\/div>\n\t\t\t\t<\/div>\n\t\t\t\t\t<\/div>\n\t<\/div>\n<\/section>\n\n\n\n\n\n<section class=\"block block-gallery\">\n\t<div class=\"container-fluid\">\n\t\t<div class=\"row center-xs\">\n\t\t\t<div class=\"col-xs-12\">\n\t\t\t\t<div class=\"box text-align-left\">\n\t\t\t\t\t<block-gallery inline-template>\n\t\t\t\t\t\t<div :class=\"{ firstLoaded: firstLoaded }\">\n\t\t\t\t\t\t\t<script type=\"application\/json\" ref=\"data\">\n\t\t\t\t\t\t\t{\n\t\t\t\t\t\t\t\t\"images\" : [{\"id\":0,\"width\":2953,\"height\":1949,\"alt\":\"Gruppenzusammenkunft von Menschen in traditioneller Kleidung, umgeben von Natur, festgehalten in einem historischen Schwarz-Wei&szlig;-Foto.\",\"title\":\"\",\"description\":\"\",\"label\":\"Ein Foto der Indigenen von Cordova zwischen 1906 und 1915 am Copper River in Alaska. \\\/ Aus dem Dokumentarfilm &quot;Rottet die Bestien aus!&quot;, Arte 2022\",\"copyright\":\"Arte France \\\/ \\u00a9 Library of Congress\\\/Prints & Photographs Division\",\"path\":\"\\\/wp-content\\\/uploads\\\/2023\\\/03\\\/\",\"sizes\":{\"medium\":{\"file\":\"SHF_eb00174018-1-300x198.jpg\",\"width\":300,\"height\":198,\"mime-type\":\"image\\\/jpeg\",\"filesize\":17706},\"large\":{\"file\":\"SHF_eb00174018-1-1024x676.jpg\",\"width\":1024,\"height\":676,\"mime-type\":\"image\\\/jpeg\",\"filesize\":124045},\"thumbnail\":{\"file\":\"SHF_eb00174018-1-150x150.jpg\",\"width\":150,\"height\":150,\"mime-type\":\"image\\\/jpeg\",\"filesize\":8070},\"medium_large\":{\"file\":\"SHF_eb00174018-1-768x507.jpg\",\"width\":768,\"height\":507,\"mime-type\":\"image\\\/jpeg\",\"filesize\":78460},\"small\":{\"file\":\"SHF_eb00174018-1-440x290.jpg\",\"width\":440,\"height\":290,\"mime-type\":\"image\\\/jpeg\",\"filesize\":32549},\"semi\":{\"file\":\"SHF_eb00174018-1-580x383.jpg\",\"width\":580,\"height\":383,\"mime-type\":\"image\\\/jpeg\",\"filesize\":50246},\"mobile\":{\"file\":\"SHF_eb00174018-1-720x475.jpg\",\"width\":720,\"height\":475,\"mime-type\":\"image\\\/jpeg\",\"filesize\":70785},\"hd\":{\"file\":\"SHF_eb00174018-1-1280x845.jpg\",\"width\":1280,\"height\":845,\"mime-type\":\"image\\\/jpeg\",\"filesize\":174743},\"full\":{\"file\":\"SHF_eb00174018-1-1920x1267.jpg\",\"width\":1920,\"height\":1267,\"mime-type\":\"image\\\/jpeg\",\"filesize\":315589},\"1536x1536\":{\"file\":\"SHF_eb00174018-1-1536x1014.jpg\",\"width\":1536,\"height\":1014,\"mime-type\":\"image\\\/jpeg\",\"filesize\":229459},\"2048x2048\":{\"file\":\"SHF_eb00174018-1-2048x1352.jpg\",\"width\":2048,\"height\":1352,\"mime-type\":\"image\\\/jpeg\",\"filesize\":344818},\"original\":{\"file\":\"SHF_eb00174018-1.jpg\",\"width\":2953,\"height\":1949}}},{\"id\":1,\"width\":2953,\"height\":1949,\"alt\":\"Portr&auml;t einer Person mit langen, glatten Haaren und einfachem Oberteil vor goldenem Hintergrund.\",\"title\":\"\",\"description\":\"\",\"label\":\"Der letzte Kampf von Annie, einer Angeh&ouml;rigen der Seminolen. Im Zuge der ethnischen S&auml;uberungen durch die USA wurde diese Ethnie der Indianer Nordamerikas aus ihrer urspr&uuml;nglichen Heimat vertrieben. \\\/ Aus dem Dokumentarfilm &quot;Rottet die Bestien aus!&quot;, Arte 2022\",\"copyright\":\"ARTE France \\\/ \\u00a9 Velvet Film\",\"path\":\"\\\/wp-content\\\/uploads\\\/2023\\\/03\\\/\",\"sizes\":{\"medium\":{\"file\":\"SHF_eb00174020-300x198.jpg\",\"width\":300,\"height\":198,\"mime-type\":\"image\\\/jpeg\",\"filesize\":11396},\"large\":{\"file\":\"SHF_eb00174020-1024x676.jpg\",\"width\":1024,\"height\":676,\"mime-type\":\"image\\\/jpeg\",\"filesize\":86442},\"thumbnail\":{\"file\":\"SHF_eb00174020-150x150.jpg\",\"width\":150,\"height\":150,\"mime-type\":\"image\\\/jpeg\",\"filesize\":5313},\"medium_large\":{\"file\":\"SHF_eb00174020-768x507.jpg\",\"width\":768,\"height\":507,\"mime-type\":\"image\\\/jpeg\",\"filesize\":54319},\"small\":{\"file\":\"SHF_eb00174020-440x290.jpg\",\"width\":440,\"height\":290,\"mime-type\":\"image\\\/jpeg\",\"filesize\":21485},\"semi\":{\"file\":\"SHF_eb00174020-580x383.jpg\",\"width\":580,\"height\":383,\"mime-type\":\"image\\\/jpeg\",\"filesize\":34162},\"mobile\":{\"file\":\"SHF_eb00174020-720x475.jpg\",\"width\":720,\"height\":475,\"mime-type\":\"image\\\/jpeg\",\"filesize\":48758},\"hd\":{\"file\":\"SHF_eb00174020-1280x845.jpg\",\"width\":1280,\"height\":845,\"mime-type\":\"image\\\/jpeg\",\"filesize\":124043},\"full\":{\"file\":\"SHF_eb00174020-1920x1267.jpg\",\"width\":1920,\"height\":1267,\"mime-type\":\"image\\\/jpeg\",\"filesize\":238831},\"1536x1536\":{\"file\":\"SHF_eb00174020-1536x1014.jpg\",\"width\":1536,\"height\":1014,\"mime-type\":\"image\\\/jpeg\",\"filesize\":167334},\"2048x2048\":{\"file\":\"SHF_eb00174020-2048x1352.jpg\",\"width\":2048,\"height\":1352,\"mime-type\":\"image\\\/jpeg\",\"filesize\":263310},\"original\":{\"file\":\"SHF_eb00174020.jpg\",\"width\":2953,\"height\":1949}}},{\"id\":2,\"width\":2953,\"height\":1949,\"alt\":\"Karte der USA mit den Namen indigener V&ouml;lker in unterschiedlichen Regionen.\",\"title\":\"\",\"description\":\"\",\"label\":\"Verteilung der nordamerikanischen Indianerst&auml;mme vor der Ankunft der Briten. \\\/ Aus dem Dokumentarfilm &quot;Rottet die Bestien aus!&quot;, Arte 2022\",\"copyright\":\"ARTE France \\\/ \\u00a9 Velvet Film\",\"path\":\"\\\/wp-content\\\/uploads\\\/2023\\\/03\\\/\",\"sizes\":{\"medium\":{\"file\":\"SHF_eb00174030-300x198.jpg\",\"width\":300,\"height\":198,\"mime-type\":\"image\\\/jpeg\",\"filesize\":13144},\"large\":{\"file\":\"SHF_eb00174030-1024x676.jpg\",\"width\":1024,\"height\":676,\"mime-type\":\"image\\\/jpeg\",\"filesize\":106162},\"thumbnail\":{\"file\":\"SHF_eb00174030-150x150.jpg\",\"width\":150,\"height\":150,\"mime-type\":\"image\\\/jpeg\",\"filesize\":6608},\"medium_large\":{\"file\":\"SHF_eb00174030-768x507.jpg\",\"width\":768,\"height\":507,\"mime-type\":\"image\\\/jpeg\",\"filesize\":64896},\"small\":{\"file\":\"SHF_eb00174030-440x290.jpg\",\"width\":440,\"height\":290,\"mime-type\":\"image\\\/jpeg\",\"filesize\":25446},\"semi\":{\"file\":\"SHF_eb00174030-580x383.jpg\",\"width\":580,\"height\":383,\"mime-type\":\"image\\\/jpeg\",\"filesize\":40584},\"mobile\":{\"file\":\"SHF_eb00174030-720x475.jpg\",\"width\":720,\"height\":475,\"mime-type\":\"image\\\/jpeg\",\"filesize\":58564},\"hd\":{\"file\":\"SHF_eb00174030-1280x845.jpg\",\"width\":1280,\"height\":845,\"mime-type\":\"image\\\/jpeg\",\"filesize\":153660},\"full\":{\"file\":\"SHF_eb00174030-1920x1267.jpg\",\"width\":1920,\"height\":1267,\"mime-type\":\"image\\\/jpeg\",\"filesize\":297597},\"1536x1536\":{\"file\":\"SHF_eb00174030-1536x1014.jpg\",\"width\":1536,\"height\":1014,\"mime-type\":\"image\\\/jpeg\",\"filesize\":208143},\"2048x2048\":{\"file\":\"SHF_eb00174030-2048x1352.jpg\",\"width\":2048,\"height\":1352,\"mime-type\":\"image\\\/jpeg\",\"filesize\":328425},\"original\":{\"file\":\"SHF_eb00174030.jpg\",\"width\":2953,\"height\":1949}}},{\"id\":3,\"width\":2953,\"height\":1949,\"alt\":\"Mann pr&auml;sentiert an einer Tafel mit Begriffen wie &quot;Negro&quot; und &quot;Nekro&quot;.\",\"title\":\"\",\"description\":\"\",\"label\":\"Malcolm X analysiert bei einem Vortrag im August 1963 im Temple 7 in Harlem den Begriff &bdquo;Neger&ldquo;. \\\/ Aus dem Dokumentarfilm &quot;Rottet die Bestien aus!&quot;, Arte 2022\",\"copyright\":\"ARTE France \\\/ \\u00a9 Richard Saunders \\\/ Getty Images\",\"path\":\"\\\/wp-content\\\/uploads\\\/2023\\\/03\\\/\",\"sizes\":{\"medium\":{\"file\":\"SHF_eb00174025-300x198.jpg\",\"width\":300,\"height\":198,\"mime-type\":\"image\\\/jpeg\",\"filesize\":16493},\"large\":{\"file\":\"SHF_eb00174025-1024x676.jpg\",\"width\":1024,\"height\":676,\"mime-type\":\"image\\\/jpeg\",\"filesize\":138559},\"thumbnail\":{\"file\":\"SHF_eb00174025-150x150.jpg\",\"width\":150,\"height\":150,\"mime-type\":\"image\\\/jpeg\",\"filesize\":6998},\"medium_large\":{\"file\":\"SHF_eb00174025-768x507.jpg\",\"width\":768,\"height\":507,\"mime-type\":\"image\\\/jpeg\",\"filesize\":81959},\"small\":{\"file\":\"SHF_eb00174025-440x290.jpg\",\"width\":440,\"height\":290,\"mime-type\":\"image\\\/jpeg\",\"filesize\":29531},\"semi\":{\"file\":\"SHF_eb00174025-580x383.jpg\",\"width\":580,\"height\":383,\"mime-type\":\"image\\\/jpeg\",\"filesize\":49186},\"mobile\":{\"file\":\"SHF_eb00174025-720x475.jpg\",\"width\":720,\"height\":475,\"mime-type\":\"image\\\/jpeg\",\"filesize\":72239},\"hd\":{\"file\":\"SHF_eb00174025-1280x845.jpg\",\"width\":1280,\"height\":845,\"mime-type\":\"image\\\/jpeg\",\"filesize\":206890},\"full\":{\"file\":\"SHF_eb00174025-1920x1267.jpg\",\"width\":1920,\"height\":1267,\"mime-type\":\"image\\\/jpeg\",\"filesize\":416776},\"1536x1536\":{\"file\":\"SHF_eb00174025-1536x1014.jpg\",\"width\":1536,\"height\":1014,\"mime-type\":\"image\\\/jpeg\",\"filesize\":286083},\"2048x2048\":{\"file\":\"SHF_eb00174025-2048x1352.jpg\",\"width\":2048,\"height\":1352,\"mime-type\":\"image\\\/jpeg\",\"filesize\":463470},\"original\":{\"file\":\"SHF_eb00174025.jpg\",\"width\":2953,\"height\":1949}}},{\"id\":4,\"width\":2953,\"height\":1949,\"alt\":\"Historisches Foto von Menschen vor einem Ausstellungsgeb&auml;ude &uuml;ber Eugenik und Gesundheit. Tafel mit &quot;Amerikanische Analphabetismus&quot;.\",\"title\":\"\",\"description\":\"\",\"label\":\"Ausstellung &uuml;ber Eugenik und Gesundheit um 1925 in Kansas, USA \\\/ Aus dem Dokumentarfilm &quot;Rottet die Bestien aus!&quot;, Arte 2022\",\"copyright\":\"ARTE France \\\/ \\u00a9 Courtesy of American philosophical society\",\"path\":\"\\\/wp-content\\\/uploads\\\/2023\\\/03\\\/\",\"sizes\":{\"medium\":{\"file\":\"SHF_eb00174027-300x198.jpg\",\"width\":300,\"height\":198,\"mime-type\":\"image\\\/jpeg\",\"filesize\":19989},\"large\":{\"file\":\"SHF_eb00174027-1024x676.jpg\",\"width\":1024,\"height\":676,\"mime-type\":\"image\\\/jpeg\",\"filesize\":141972},\"thumbnail\":{\"file\":\"SHF_eb00174027-150x150.jpg\",\"width\":150,\"height\":150,\"mime-type\":\"image\\\/jpeg\",\"filesize\":8839},\"medium_large\":{\"file\":\"SHF_eb00174027-768x507.jpg\",\"width\":768,\"height\":507,\"mime-type\":\"image\\\/jpeg\",\"filesize\":90333},\"small\":{\"file\":\"SHF_eb00174027-440x290.jpg\",\"width\":440,\"height\":290,\"mime-type\":\"image\\\/jpeg\",\"filesize\":36961},\"semi\":{\"file\":\"SHF_eb00174027-580x383.jpg\",\"width\":580,\"height\":383,\"mime-type\":\"image\\\/jpeg\",\"filesize\":58089},\"mobile\":{\"file\":\"SHF_eb00174027-720x475.jpg\",\"width\":720,\"height\":475,\"mime-type\":\"image\\\/jpeg\",\"filesize\":81149},\"hd\":{\"file\":\"SHF_eb00174027-1280x845.jpg\",\"width\":1280,\"height\":845,\"mime-type\":\"image\\\/jpeg\",\"filesize\":200521},\"full\":{\"file\":\"SHF_eb00174027-1920x1267.jpg\",\"width\":1920,\"height\":1267,\"mime-type\":\"image\\\/jpeg\",\"filesize\":378387},\"1536x1536\":{\"file\":\"SHF_eb00174027-1536x1014.jpg\",\"width\":1536,\"height\":1014,\"mime-type\":\"image\\\/jpeg\",\"filesize\":266792},\"2048x2048\":{\"file\":\"SHF_eb00174027-2048x1352.jpg\",\"width\":2048,\"height\":1352,\"mime-type\":\"image\\\/jpeg\",\"filesize\":418058},\"original\":{\"file\":\"SHF_eb00174027.jpg\",\"width\":2953,\"height\":1949}}},{\"id\":5,\"width\":2953,\"height\":1949,\"alt\":\"Portr&auml;t eines Mannes in traditioneller Kleidung und eines Priesters in formeller Kleidung, die nebeneinander stehen.\",\"title\":\"\",\"description\":\"\",\"label\":\"Rassismus und Unterdr&uuml;ckung hatten in Zeiten des Imperialismus und Kolonialismus viele Facetten &ndash; unter anderem die Zwangskonvertierung. \\\/ Aus dem Dokumentarfilm &quot;Rottet die Bestien aus!&quot;, Arte 2022\",\"copyright\":\"ARTE France \\\/ \\u00a9 The Denver Public Library \\\/ Western History Collection\",\"path\":\"\\\/wp-content\\\/uploads\\\/2023\\\/03\\\/\",\"sizes\":{\"medium\":{\"file\":\"SHF_eb00174028-300x198.jpg\",\"width\":300,\"height\":198,\"mime-type\":\"image\\\/jpeg\",\"filesize\":12978},\"large\":{\"file\":\"SHF_eb00174028-1024x676.jpg\",\"width\":1024,\"height\":676,\"mime-type\":\"image\\\/jpeg\",\"filesize\":114010},\"thumbnail\":{\"file\":\"SHF_eb00174028-150x150.jpg\",\"width\":150,\"height\":150,\"mime-type\":\"image\\\/jpeg\",\"filesize\":5989},\"medium_large\":{\"file\":\"SHF_eb00174028-768x507.jpg\",\"width\":768,\"height\":507,\"mime-type\":\"image\\\/jpeg\",\"filesize\":68413},\"small\":{\"file\":\"SHF_eb00174028-440x290.jpg\",\"width\":440,\"height\":290,\"mime-type\":\"image\\\/jpeg\",\"filesize\":25104},\"semi\":{\"file\":\"SHF_eb00174028-580x383.jpg\",\"width\":580,\"height\":383,\"mime-type\":\"image\\\/jpeg\",\"filesize\":41106},\"mobile\":{\"file\":\"SHF_eb00174028-720x475.jpg\",\"width\":720,\"height\":475,\"mime-type\":\"image\\\/jpeg\",\"filesize\":60912},\"hd\":{\"file\":\"SHF_eb00174028-1280x845.jpg\",\"width\":1280,\"height\":845,\"mime-type\":\"image\\\/jpeg\",\"filesize\":166976},\"full\":{\"file\":\"SHF_eb00174028-1920x1267.jpg\",\"width\":1920,\"height\":1267,\"mime-type\":\"image\\\/jpeg\",\"filesize\":315824},\"1536x1536\":{\"file\":\"SHF_eb00174028-1536x1014.jpg\",\"width\":1536,\"height\":1014,\"mime-type\":\"image\\\/jpeg\",\"filesize\":224383},\"2048x2048\":{\"file\":\"SHF_eb00174028-2048x1352.jpg\",\"width\":2048,\"height\":1352,\"mime-type\":\"image\\\/jpeg\",\"filesize\":346421},\"original\":{\"file\":\"SHF_eb00174028.jpg\",\"width\":2953,\"height\":1949}}},{\"id\":6,\"width\":2953,\"height\":1949,\"alt\":\"Gruppe von Kindern mit einem Erwachsenen in historischer Kleidung vor einem Holzhaus. Schwarz-Wei&szlig;-Foto.\",\"title\":\"\",\"description\":\"\",\"label\":\"Die europ&auml;ischen Kolonialm&auml;chte ergriffen verschiedenste Ma&szlig;nahmen zur Unterdr&uuml;ckung der indigenen Bev&ouml;lkerungen &ndash; unter anderem die Umerziehung der Kinder. \\\/ Aus dem Dokumentarfilm &quot;Rottet die Bestien aus!&quot;, Arte 2022\",\"copyright\":\"ARTE France \\\/ \\u00a9 Velvet Film\",\"path\":\"\\\/wp-content\\\/uploads\\\/2023\\\/03\\\/\",\"sizes\":{\"medium\":{\"file\":\"SHF_eb00174029-300x198.jpg\",\"width\":300,\"height\":198,\"mime-type\":\"image\\\/jpeg\",\"filesize\":15264},\"large\":{\"file\":\"SHF_eb00174029-1024x676.jpg\",\"width\":1024,\"height\":676,\"mime-type\":\"image\\\/jpeg\",\"filesize\":104223},\"thumbnail\":{\"file\":\"SHF_eb00174029-150x150.jpg\",\"width\":150,\"height\":150,\"mime-type\":\"image\\\/jpeg\",\"filesize\":6809},\"medium_large\":{\"file\":\"SHF_eb00174029-768x507.jpg\",\"width\":768,\"height\":507,\"mime-type\":\"image\\\/jpeg\",\"filesize\":66303},\"small\":{\"file\":\"SHF_eb00174029-440x290.jpg\",\"width\":440,\"height\":290,\"mime-type\":\"image\\\/jpeg\",\"filesize\":27490},\"semi\":{\"file\":\"SHF_eb00174029-580x383.jpg\",\"width\":580,\"height\":383,\"mime-type\":\"image\\\/jpeg\",\"filesize\":43036},\"mobile\":{\"file\":\"SHF_eb00174029-720x475.jpg\",\"width\":720,\"height\":475,\"mime-type\":\"image\\\/jpeg\",\"filesize\":59559},\"hd\":{\"file\":\"SHF_eb00174029-1280x845.jpg\",\"width\":1280,\"height\":845,\"mime-type\":\"image\\\/jpeg\",\"filesize\":147658},\"full\":{\"file\":\"SHF_eb00174029-1920x1267.jpg\",\"width\":1920,\"height\":1267,\"mime-type\":\"image\\\/jpeg\",\"filesize\":272994},\"1536x1536\":{\"file\":\"SHF_eb00174029-1536x1014.jpg\",\"width\":1536,\"height\":1014,\"mime-type\":\"image\\\/jpeg\",\"filesize\":195399},\"2048x2048\":{\"file\":\"SHF_eb00174029-2048x1352.jpg\",\"width\":2048,\"height\":1352,\"mime-type\":\"image\\\/jpeg\",\"filesize\":298911},\"original\":{\"file\":\"SHF_eb00174029.jpg\",\"width\":2953,\"height\":1949}}}]\t\t\t\t\t\t\t}\n\t\t\t\t\t\t\t<\/script>\n\n\t\t\t\t\t\t\t<swiper :options=\"options\" @slide-change=\"track\">\n\t\t\t\t\t\t\t\t<div class=\"swiper-slide\" :key=\"image.id\" v-for=\"image in images\">\n\t\t\t\t\t\t\t\t\t<block-gallery-item inline-template :image=\"image\">\n\t\t\t\t\t\t\t\t\t\t<figure class=\"swiper-slide-image-wrapper\" ref=\"parent\">\n\t\t\t\t\t\t\t\t\t\t\t<div class=\"width-container\" ref=\"container\" :style=\"style\">\n\t\t\t\t\t\t\t\t\t\t\t\t<div data-swiper-parallax-x=\"50%\">\n\t\t\t\t\t\t\t\t\t\t\t\t<img :src=\"image.src\" :alt=\"image.alt\" v-if=\"image.id < 2\">\n\t\t\t\t\t\t\t\t\t\t\t\t<img class=\"swiper-lazy\" :data-src=\"image.src\" :alt=\"image.alt\" v-else>\n\t\t\t\t\t\t\t\t\t\t\t\t<\/div>\n\t\t\t\t\t\t\t\t\t\t\t<\/div>\n\t\t\t\t\t\t\t\t\t\t<\/figure>\n\t\t\t\t\t\t\t\t\t<\/block-gallery-item>\n\n\t\t\t\t\t\t\t\t\t<figcaption>\n\t\t\t\t\t\t\t\t\t\t<div class=\"lazy-media-info-body-content\">\n\t\t\t\t\t\t\t\t\t\t\t<div v-html=\"image.label\"><\/div>\n\t\t\t\t\t\t\t\t\t\t\t<div v-html=\"image.description\"><\/div>\n\t\t\t\t\t\t\t\t\t\t\t<div class=\"insignificant\" v-if=\"image.copyright\" v-html=\"'\u00a9 '+image.copyright\"><\/div>\n\t\t\t\t\t\t\t\t\t\t<\/div>\n\t\t\t\t\t\t\t\t\t<\/figcaption>\n\t\t\t\t\t\t\t\t<\/div>\n\n\t\t\t\t\t\t\t\t<div class=\"swiper-pagination\"  slot=\"pagination\"><\/div>\n\n\t\t\t\t\t\t\t\t<button class=\"icon-round swiper-button-prev\" slot=\"button-prev\" aria-label=\"Vorheriges Bild\">\n\t\t\t\t\t\t\t\t\t<span class=\"icon-next\" aria-hidden=\"true\"><\/span>\n\t\t\t\t\t\t\t\t<\/button>\n\n\t\t\t\t\t\t\t\t<button class=\"icon-round swiper-button-next\" slot=\"button-next\" aria-label=\"N\u00e4chstes Bild\">\n\t\t\t\t\t\t\t\t\t<span class=\"icon-next\" aria-hidden=\"true\"><\/span>\n\t\t\t\t\t\t\t\t<\/button>\n\t\t\t\t\t\t\t<\/swiper>\n\t\t\t\t\t\t<\/div>\n\t\t\t\t\t<\/block-gallery>\n\t\t\t\t<\/div>\n\t\t\t<\/div>\n\t\t<\/div>\n\t<\/div>\n<\/section>\n\n<section class=\"block block-copy\" >\n    <div class=\"container-fluid\">\n\t\t<div class=\"row \">\n            <div class=\"col-xs-12 col-md-offset-2 col-md-8\">\n                <div class=\"box\">\n                    <div class=\"copy\"><p>Nach dem oscarnominierten Dokumentarfilm \u201eI Am Not Your Negro\u201c hat Raoul Peck mit \u201eRottet die Bestien aus!\u201c ein ebenso vielschichtiges wie vieldiskutiertes filmisches Dokument vorgelegt. Ausgehend vom Unrecht der Kolonialm\u00e4chte entlarvt er die bis heute zutiefst in uns verankerte Ideologie der wei\u00dfen Vorherrschaft. Die vierteilige ARTE-Serie zeichnet ein schonungsloses Bild des europ\u00e4ischen Kolonialismus. Vom Genozid an den amerikanischen\u00a0<span class=\"w-term-highlight\">First Nations<\/span>\u00a0\u00fcber den Handel mit versklavten Menschen bis zur Shoah: Ein Filmessay, quer durch 600 Jahre Geschichte, eine Reise ins Herz der Finsternis. Pers\u00f6nlich, rasant, aufr\u00fcttelnd.<\/p>\n<p>Im Rahmen der Langen Nacht der Wissenschaften zeigt das Humboldt Forum in Zusammenarbeit mit ARTE und der Humboldt-Universit\u00e4t zu Berlin an einem Abend alle vier jeweils einst\u00fcndigen Teile der Serie, die jeweils im Anschluss mit Michael Pesek diskutiert werden k\u00f6nnen.<\/p>\n<h6>Ablauf<\/h6>\n<p><strong>18:30 <\/strong>Einf\u00fchrung von Dr. Michael Pesek (Universit\u00e4t Hamburg)<br \/>\n<strong>19:00<\/strong> Teil I \u2013 Die verst\u00f6rende \u00dcberheblichkeit der Ignoranz<br \/>\n<strong>20:00<\/strong> Nachgespr\u00e4ch \/ Kurzeinf\u00fchrung<br \/>\n<strong>20:15<\/strong> Teil II \u2013 Wer zum Teufel ist\u2026 Kolumbus?<br \/>\n<strong>21:15<\/strong> Nachgespr\u00e4ch \/ Kurzeinf\u00fchrung<br \/>\n<strong>21:30<\/strong> Teil III \u2013 T\u00f6ten auf Distanz oder Wie ich den Ausflug t\u00fcchtig genoss<br \/>\n<strong>22:30<\/strong> Nachgespr\u00e4ch \/ Kurzeinf\u00fchrung<br \/>\n<strong>22:45<\/strong> Teil IV \u2013 Die leuchtenden Farben des Faschismus<br \/>\n<strong>23:45<\/strong> Nachgespr\u00e4ch<\/p>\n<p>Der Besuch einzelner Programmpunkte der ARTE Filmnacht ist m\u00f6glich.<\/p>\n<\/div>\n                <\/div>\n            <\/div>\n\t\t<\/div>\n\t\t    <\/div>\n<\/section>\n\n<section class=\"block block-headline block-no-margin \" >\n\t<div class=\"container-fluid\">\n\t\t<div class=\"row\">\n\t\t\t\t\t\t\t<div class=\"col-xs-12 col-md-offset-2 col-md-8\">\n\t\t\t\t\t<div class=\"box\">\n\t\t\t\t\t\t<h2 class=\".h4\">Sprecher<\/h2>\n\t\t\t\t\t<\/div>\n\t\t\t\t<\/div>\n\t\t\t\t\t<\/div>\n\t<\/div>\n<\/section>\n\n\n\n\n<section class=\"block block-standard-image-copy rev2nd\"> \n\t<div class=\"container-fluid\">\n\t\t<div class=\"row middle-sm\">\n\t\t\t<div class=\"col-xs-10 col-sm-6 margin-bottom-sixth\" data-motion-parallax='{\"child\":\".image-wrapper\",\"mask\":\".lazy-media\",\"tween\":{\"yPercent\": [-15,15]}}'>\n\t\t\t\t\n\t<lazy-media-inline inline-template>\n\t\t<figure itemscope itemtype=\"http:\/\/schema.org\/ImageObject\" class=\"lazy-media-inline lazy-max-height-exception\" role=\"group\" id=\"media_69f47a6b6b011\" aria-labelledby=\"desc_media_69f47a6b6b011\">\n\t\t\t<script type=\"application\/json\" ref=\"data\">\n\t\t\t\t{\n\t\t\t\t\"sizes\" : {\"medium\":{\"file\":\"SHF_eb00193504-220x300.jpg\",\"width\":220,\"height\":300,\"mime-type\":\"image\\\/jpeg\",\"filesize\":12337},\"thumbnail\":{\"file\":\"SHF_eb00193504-150x150.jpg\",\"width\":150,\"height\":150,\"mime-type\":\"image\\\/jpeg\",\"filesize\":5418},\"small\":{\"file\":\"SHF_eb00193504-323x440.jpg\",\"width\":323,\"height\":440,\"mime-type\":\"image\\\/jpeg\",\"filesize\":23353},\"semi\":{\"file\":\"SHF_eb00193504-425x580.jpg\",\"width\":425,\"height\":580,\"mime-type\":\"image\\\/jpeg\",\"filesize\":37239},\"original\":{\"file\":\"SHF_eb00193504.jpg\",\"width\":448,\"height\":611}},\n\t\t\t\t\"alt\" : \"Ein l\\u00e4chelnder Mann mit Glatze und Brille tr\\u00e4gt einen schwarzen Anzug vor einer hellen Wand.\",\n\t\t\t\t\"path\" : \"\\\/wp-content\\\/uploads\\\/2023\\\/02\\\/\",\n\t\t\t\t\"video\" : null,\n\t\t\t\t\"autoplay\" : null,\n\t\t\t\t\"youtube\" : null,\n\t\t\t\t\"youtubelabel\" : \"Video abspielen\",\n\t\t\t\t\"brightness\" : 100,\n\t\t\t\t\"crop\" : null,\n\t\t\t\t\"background\" : false,\n\t\t\t\t\"scale\" : 1\t\t\t\t}\n\t\t\t<\/script>\n\n\t\t\t<div class=\"height-container\" style=\"padding-bottom:136.38392857143%;\" v-if=\"sizes\">\n\t\t\t\t\t\t\t\t<lazy-media :inline=\"true\" :alt=\"alt\" :sizes=\"sizes\" :scale=\"scale\" :brightness=\"brightness\" :path=\"path\" :video=\"video\" :autoplay=\"autoplay\" :youtube=\"youtube\" :crop=\"crop\" :youtubelabel=\"youtubelabel\" :background=\"background\" media-id=\"desc_media_69f47a6b6b011\"><\/lazy-media>\n\t\t\t\t\t\t\t<\/div>\n\n\t\t\t\t\t\t\t<div class=\"lazy-media-info-container-fluid\">\n\t\t\t\t<div class=\"lazy-media-info-row end-xs\">\n\t\t\t\t\t<div class=\"lazy-media-info-col\">\n\t\t\t\t\t\t<div class=\"lazy-media-info\" aria-expanded=\"false\" :aria-expanded=\"isOpen ? 'true' : 'false'\">\n\t\t\t\t\t\t\t<button class=\"lazy-media-info-head button-tiny\" :class=\"{'button-active': isOpen}\" @click=\"toggle\" ref=\"head\"><span class=\"button-label insignificant\">Bildinfo<\/span><\/button>\n\t\t\t\t\t\t\t<figcaption class=\"lazy-media-info-body\" ref=\"body\" id=\"desc_media_69f47a6b6b011\">\n\t\t\t\t\t\t\t\t<div class=\"lazy-media-info-body-content\">\n\t\t\t\t\t\t\t\t\t\t\t\t\t\t\t\t\t\t\t\t\t\t\t\t\t\t\t\t\t\t\t\t\t\t\t\t\t<div class=\"insignificant\">\u00a9 Michael Pesek, privat<\/div>\n\t\t\t\t\t\t\t\t\t\t\t\t\t\t\t\t\t<\/div>\n\t\t\t\t\t\t\t<\/figcaption>\n\t\t\t\t\t\t\t<div class=\"lazy-media-info-head-border\"><\/div>\n\t\t\t\t\t\t<\/div>\n\t\t\t\t\t<\/div>\n\t\t\t\t<\/div>\n\t\t\t<\/div>\n\t\t\t\t\t\t\t\t\t<\/figure>\n\t<\/lazy-media-inline>\n\t\t\t<\/div>\n\t\t\t<div class=\"col-xs-10 col-sm-6 col-md-5 copy margin-bottom-half\"><p>Michael Pesek (geboren 1968 in Neuruppin) studierte von 1990-1997 Theaterwissenschaften an der Humboldt-Universit\u00e4t zu Berlin. Danach war er bis 2010 als wissenschaftlicher Mitarbeiter f\u00fcr Geschichte Afrikas an der Humboldt-Universit\u00e4t zu Berlin t\u00e4tig und promovierte \u00fcber den deutschen Kolonialismus in Ostafrika. Seit 2010 ist Pesek u.a. Vertretungsprofessor f\u00fcr die Geschichte Afrikas an der Humboldt Universit\u00e4t und der Universit\u00e4t Hamburg. Dar\u00fcber hinaus ist er Autor mehrerer B\u00fccher \u00fcber den europ\u00e4ischen Kolonialismus und den ersten Weltkrieg in Ostafrika. Sein aktuelles Forschungsprojekt befasst sich mit dem Kampf gegen die Schlafkrankheit in den britischen Kolonien Ostafrikas.<\/p>\n<\/div>\n\t\t<\/div>\n\t<\/div>\n<\/section>\n\n<section class=\"block block-logos\" >\n    <div class=\"container-fluid\">\n\t\t<div class=\"row\">\n\t\t\t<div class=\"col-xs-12 col-sm-8 col-sm-offset-2\">\n\t\t\t\t<div class=\"box\">\n\t\t\t\t\t<div class=\"row  middle-xs\">\n\t\t\t\t\t\t\n\t\t\t\t\t\t<div class=\"col-xs-4 col-sm-3 col-sm-2\">\n\t\t\t\t\t\t\t<div class=\"box margin-sixth-top\">\n\t\t\t\t\t\t\t\t<img decoding=\"async\" alt=\"ARTE\" src=\"https:\/\/www.humboldtforum.org\/wp-content\/uploads\/2023\/03\/SHF_eb00174932.jpg\" style=\"display: inline-block; width: 80%\" \/>\n\t\t\t\t\t\t\t<\/div>\n\t\t\t\t\t\t<\/div>\n\t\t\t\t\t\t\n\t\t\t\t\t\t<div class=\"col-xs-4 col-sm-3 col-sm-2\">\n\t\t\t\t\t\t\t<div class=\"box margin-sixth-top\">\n\t\t\t\t\t\t\t\t<img decoding=\"async\" alt=\"Humboldt-Universit\u00e4t zu Berlin (HU)\" src=\"https:\/\/www.humboldtforum.org\/wp-content\/uploads\/2020\/04\/Huberlin-logo.svg\" style=\"display: inline-block; width: 50%\" \/>\n\t\t\t\t\t\t\t<\/div>\n\t\t\t\t\t\t<\/div>\n\t\t\t\t\t\t\t\t\t\t\t<\/div>\n\t\t\t\t<\/div>\n\t\t\t<\/div>\n        <\/div>\n    <\/div>\n<\/section>\n\n\n<section class=\"block block-CTA block-CTA-long leftgradient\">\n\t<div class=\"container-fluid\">\n\t\t<div class=\"row center-xs\">\n\t\t\t<div class=\"col-xs-12\">\n\t\t\t\t<div class=\"box\">\n\t\t\t\t\t<a href=\"https:\/\/www.humboldtforum.org\/de\/programm\/laufzeitangebot\/ausstellung\/un_endlich-leben-mit-dem-tod-70155\/\" aria-label=\"un_endlich. Leben mit dem Tod\" class=\"teaser teaser-cta-wide \">\n\t\t\t\t\t\t<div class=\"teaser-image\">\n\t\t\t\t\t\t\t\n\t<lazy-media-inline inline-template>\n\t\t<figure itemscope itemtype=\"http:\/\/schema.org\/ImageObject\" class=\"lazy-media-inline \" role=\"group\" id=\"media_69f47a6b6ed48\" aria-labelledby=\"desc_media_69f47a6b6ed48\">\n\t\t\t<script type=\"application\/json\" ref=\"data\">\n\t\t\t\t{\n\t\t\t\t\"sizes\" : {\"medium\":{\"file\":\"SHF_eb00173906-300x176.jpg\",\"width\":300,\"height\":176,\"mime-type\":\"image\\\/jpeg\",\"filesize\":6878},\"large\":{\"file\":\"SHF_eb00173906-1024x600.jpg\",\"width\":1024,\"height\":600,\"mime-type\":\"image\\\/jpeg\",\"filesize\":53060},\"thumbnail\":{\"file\":\"SHF_eb00173906-150x150.jpg\",\"width\":150,\"height\":150,\"mime-type\":\"image\\\/jpeg\",\"filesize\":4768},\"medium_large\":{\"file\":\"SHF_eb00173906-768x450.jpg\",\"width\":768,\"height\":450,\"mime-type\":\"image\\\/jpeg\",\"filesize\":30952},\"small\":{\"file\":\"SHF_eb00173906-440x258.jpg\",\"width\":440,\"height\":258,\"mime-type\":\"image\\\/jpeg\",\"filesize\":12415},\"semi\":{\"file\":\"SHF_eb00173906-580x340.jpg\",\"width\":580,\"height\":340,\"mime-type\":\"image\\\/jpeg\",\"filesize\":19227},\"mobile\":{\"file\":\"SHF_eb00173906-720x422.jpg\",\"width\":720,\"height\":422,\"mime-type\":\"image\\\/jpeg\",\"filesize\":27272},\"hd\":{\"file\":\"SHF_eb00173906-1280x749.jpg\",\"width\":1280,\"height\":749,\"mime-type\":\"image\\\/jpeg\",\"filesize\":85243},\"full\":{\"file\":\"SHF_eb00173906-1920x1124.jpg\",\"width\":1920,\"height\":1124,\"mime-type\":\"image\\\/jpeg\",\"filesize\":216139},\"1536x1536\":{\"file\":\"SHF_eb00173906-1536x899.jpg\",\"width\":1536,\"height\":899,\"mime-type\":\"image\\\/jpeg\",\"filesize\":128715},\"original\":{\"file\":\"SHF_eb00173906.jpg\",\"width\":2000,\"height\":1171}},\n\t\t\t\t\"alt\" : \"Bunt verzierter Totensch\\u00e4del auf einem Tisch, umgeben von einem transparenten gelben Quadrat.\",\n\t\t\t\t\"path\" : \"\\\/wp-content\\\/uploads\\\/2023\\\/02\\\/\",\n\t\t\t\t\"video\" : null,\n\t\t\t\t\"autoplay\" : null,\n\t\t\t\t\"youtube\" : null,\n\t\t\t\t\"youtubelabel\" : \"Video abspielen\",\n\t\t\t\t\"brightness\" : \"100\",\n\t\t\t\t\"crop\" : {\"top\":\"73.40\",\"left\":\"48.43\"},\n\t\t\t\t\"background\" : true,\n\t\t\t\t\"scale\" : 2\t\t\t\t}\n\t\t\t<\/script>\n\n\t\t\t<div class=\"height-container\" style=\"padding-bottom:58.55%;\" v-if=\"sizes\">\n\t\t\t\t\t\t\t\t<lazy-media :inline=\"true\" :alt=\"alt\" :sizes=\"sizes\" :scale=\"scale\" :brightness=\"brightness\" :path=\"path\" :video=\"video\" :autoplay=\"autoplay\" :youtube=\"youtube\" :crop=\"crop\" :youtubelabel=\"youtubelabel\" :background=\"background\" media-id=\"desc_media_69f47a6b6ed48\"><\/lazy-media>\n\t\t\t\t\t\t\t<\/div>\n\n\t\t\t\t\t\t\t<figcaption class=\"sr-only\" ref=\"body\" id=\"desc_media_69f47a6b6ed48\">\n\t\t\t\t\t\t\t\t\t\t\t\t\t\t\t\t\t\t\t\t\t<div class=\"insignificant\">\u00a9 Stiftung Humboldt Forum im Berliner Schloss, Foto: fergregory \/ Getty Images<\/div>\n\t\t\t\t\t\t\t\t\t<\/figcaption>\n\t\t\t\t\t<\/figure>\n\t<\/lazy-media-inline>\n\t\t\t\t\t\t<\/div>\n\t\t\t\t\t\t<div class=\"teaser-content \">\n\t\t\t\t\t\t\t<div>\n\t\t\t\t\t\t\t\t<div class=\"teaser-overline subline\">Geh\u00f6rt zu<\/div>\t\t\t\t\t\t\t\t<div class=\"teaser-header\"><span class=\"h3\">un_endlich. Leben mit dem Tod<\/span><\/div>\n\t\t\t\t\t\t\t\t\t\t\t\t\t\t\t\t<button tabindex=\"-1\" class=\"border\">Zum Programm<\/button>\n\t\t\t\t\t\t\t<\/div>\n\t\t\t\t\t\t<\/div>\n\t\t\t\t\t<\/a>\n\t\t\t\t<\/div>\n\t\t\t<\/div>\n\t\t<\/div>\n\t<\/div>\n<\/section>\n","protected":false},"template":"","genre":[729],"digital":[],"topic":[],"stakeholder":[409,382],"editorial":[],"editorialfilter":[],"targetgroup":[],"language":[],"accessability":[],"age":[440],"school":[],"groupsize":[],"place":[407],"class_list":["post-70181","event","type-event","status-publish","has-post-thumbnail","hentry","genre-film-video","stakeholder-humboldt-universitaet-zu-berlin","stakeholder-stiftung-humboldt-forum-im-berliner-schloss","age-ab-18-jahre","place-videopanorama-eg"],"acf":[],"_links":{"self":[{"href":"https:\/\/www.humboldtforum.org\/de\/wp-json\/wp\/v2\/event\/70181","targetHints":{"allow":["GET"]}}],"collection":[{"href":"https:\/\/www.humboldtforum.org\/de\/wp-json\/wp\/v2\/event"}],"about":[{"href":"https:\/\/www.humboldtforum.org\/de\/wp-json\/wp\/v2\/types\/event"}],"version-history":[{"count":11,"href":"https:\/\/www.humboldtforum.org\/de\/wp-json\/wp\/v2\/event\/70181\/revisions"}],"predecessor-version":[{"id":86859,"href":"https:\/\/www.humboldtforum.org\/de\/wp-json\/wp\/v2\/event\/70181\/revisions\/86859"}],"wp:featuredmedia":[{"embeddable":true,"href":"https:\/\/www.humboldtforum.org\/de\/wp-json\/wp\/v2\/media\/74256"}],"wp:attachment":[{"href":"https:\/\/www.humboldtforum.org\/de\/wp-json\/wp\/v2\/media?parent=70181"}],"wp:term":[{"taxonomy":"genre","embeddable":true,"href":"https:\/\/www.humboldtforum.org\/de\/wp-json\/wp\/v2\/genre?post=70181"},{"taxonomy":"digital","embeddable":true,"href":"https:\/\/www.humboldtforum.org\/de\/wp-json\/wp\/v2\/digital?post=70181"},{"taxonomy":"topic","embeddable":true,"href":"https:\/\/www.humboldtforum.org\/de\/wp-json\/wp\/v2\/topic?post=70181"},{"taxonomy":"stakeholder","embeddable":true,"href":"https:\/\/www.humboldtforum.org\/de\/wp-json\/wp\/v2\/stakeholder?post=70181"},{"taxonomy":"editorial","embeddable":true,"href":"https:\/\/www.humboldtforum.org\/de\/wp-json\/wp\/v2\/editorial?post=70181"},{"taxonomy":"editorialfilter","embeddable":true,"href":"https:\/\/www.humboldtforum.org\/de\/wp-json\/wp\/v2\/editorialfilter?post=70181"},{"taxonomy":"targetgroup","embeddable":true,"href":"https:\/\/www.humboldtforum.org\/de\/wp-json\/wp\/v2\/targetgroup?post=70181"},{"taxonomy":"language","embeddable":true,"href":"https:\/\/www.humboldtforum.org\/de\/wp-json\/wp\/v2\/language?post=70181"},{"taxonomy":"accessability","embeddable":true,"href":"https:\/\/www.humboldtforum.org\/de\/wp-json\/wp\/v2\/accessability?post=70181"},{"taxonomy":"age","embeddable":true,"href":"https:\/\/www.humboldtforum.org\/de\/wp-json\/wp\/v2\/age?post=70181"},{"taxonomy":"school","embeddable":true,"href":"https:\/\/www.humboldtforum.org\/de\/wp-json\/wp\/v2\/school?post=70181"},{"taxonomy":"groupsize","embeddable":true,"href":"https:\/\/www.humboldtforum.org\/de\/wp-json\/wp\/v2\/groupsize?post=70181"},{"taxonomy":"place","embeddable":true,"href":"https:\/\/www.humboldtforum.org\/de\/wp-json\/wp\/v2\/place?post=70181"}],"curies":[{"name":"wp","href":"https:\/\/api.w.org\/{rel}","templated":true}]}}