{"id":84520,"date":"2023-06-01T14:42:50","date_gmt":"2023-06-01T12:42:50","guid":{"rendered":"https:\/\/www.humboldtforum.org\/?post_type=event&#038;p=84520"},"modified":"2023-06-06T12:15:36","modified_gmt":"2023-06-06T10:15:36","slug":"brushy-one-string","status":"publish","type":"event","link":"https:\/\/www.humboldtforum.org\/de\/programm\/termin\/konzert\/brushy-one-string-84520\/","title":{"rendered":"Brushy One String"},"content":{"rendered":"<section class=\"block block-copy\" >\n    <div class=\"container-fluid\">\n\t\t<div class=\"row \">\n            <div class=\"col-xs-12 col-md-offset-2 col-md-8\">\n                <div class=\"box\">\n                    <div class=\"copy\"><p>Brushy One Strings Gitarre hat nur eine einzige Saite, aber die Songs, die er mit dieser einen Saite zaubert, sind au\u00dfergew\u00f6hnlich. Als Sohn des fr\u00fch verstorbenen jamaikanischen Souls\u00e4ngers Freddy McKay und der S\u00e4ngerin Beverly Foster, die unter anderem als Backgrounds\u00e4ngerin mit Tina Turner tourte, war Brushy von Kindesbeinen an von Musik umgeben, suchte aber lange seinen eigenen Stil. Bis Brushy eines Nachts einen Traum hatte, in dem ihm gesagt wurde, er solle eine einsaitige Gitarre spielen. Seine Weggef\u00e4hrten verlachten ihn, doch Brushy erinnert sich: \u201eAm n\u00e4chsten Tag nahm ich einen gro\u00dfen, breiten Hut und eine Sonnenbrille, ging auf den Markt und begann zu singen.\u201c Und so begann eine Karriere, die ihn um die halbe Welt f\u00fchrte.<\/p>\n<p><a href=\"https:\/\/www.youtube.com\/watch?v=bhWBWuE6EV0\" target=\"_blank\" rel=\"noopener\">Video: Love Never Leave Me<\/a><\/p>\n<p><a class=\"external-link\" href=\"https:\/\/www.facebook.com\/brushyonestringmusic\/\" target=\"_blank\" rel=\"nofollow noopener\">Brushy One String auf Facebook<\/a><\/p>\n<p><a class=\"external-link\" href=\"https:\/\/twitter.com\/BrushyOneString\" target=\"_blank\" rel=\"nofollow noopener\">Brushy One String auf Twitter<\/a><\/p>\n<p><a class=\"external-link\" href=\"https:\/\/www.instagram.com\/brushy1string\/?hl=de\" target=\"_blank\" rel=\"nofollow noopener\">Brushy One String auf Instagram<\/a><\/p>\n<\/div>\n                <\/div>\n            <\/div>\n\t\t<\/div>\n\t\t    <\/div>\n<\/section>\n\n<section class=\"block block-media\">\n\t\t<div class=\"container-fluid\">\n\t\t<div class=\"row\">\n\t\t\t<div class=\"col-xs-10 col-md-6 col-xs-offset-1 col-md-offset-3\">\n\t\t\t\t<h5>Home Away From Home (feat. Cuppa Tea)<\/h5>\n\t\t\t<\/div>\n\t\t<\/div>\n\t<\/div>\n\t\t<div class=\"container-fluid\">\n\t\t<div class=\"row\">\n\t\t\t<div class=\"col-xs-10 col-md-6 col-xs-offset-1 col-md-offset-3\">\n\t\t\t\n\t<lazy-media-inline inline-template>\n\t\t<figure itemscope itemtype=\"http:\/\/schema.org\/ImageObject\" class=\"lazy-media-inline \" role=\"group\" id=\"media_69edaac0cc915\" aria-labelledby=\"desc_media_69edaac0cc915\">\n\t\t\t<script type=\"application\/json\" ref=\"data\">\n\t\t\t\t{\n\t\t\t\t\"sizes\" : {\"medium\":{\"file\":\"SHF_eb00193866_quer-300x193.jpg\",\"width\":300,\"height\":193,\"mime-type\":\"image\\\/jpeg\",\"filesize\":16289},\"large\":{\"file\":\"SHF_eb00193866_quer-1024x660.jpg\",\"width\":1024,\"height\":660,\"mime-type\":\"image\\\/jpeg\",\"filesize\":142378},\"thumbnail\":{\"file\":\"SHF_eb00193866_quer-150x150.jpg\",\"width\":150,\"height\":150,\"mime-type\":\"image\\\/jpeg\",\"filesize\":7971},\"medium_large\":{\"file\":\"SHF_eb00193866_quer-768x495.jpg\",\"width\":768,\"height\":495,\"mime-type\":\"image\\\/jpeg\",\"filesize\":84541},\"small\":{\"file\":\"SHF_eb00193866_quer-440x284.jpg\",\"width\":440,\"height\":284,\"mime-type\":\"image\\\/jpeg\",\"filesize\":31370},\"semi\":{\"file\":\"SHF_eb00193866_quer-580x374.jpg\",\"width\":580,\"height\":374,\"mime-type\":\"image\\\/jpeg\",\"filesize\":51276},\"mobile\":{\"file\":\"SHF_eb00193866_quer-720x464.jpg\",\"width\":720,\"height\":464,\"mime-type\":\"image\\\/jpeg\",\"filesize\":75141},\"hd\":{\"file\":\"SHF_eb00193866_quer-1280x825.jpg\",\"width\":1280,\"height\":825,\"mime-type\":\"image\\\/jpeg\",\"filesize\":210720},\"full\":{\"file\":\"SHF_eb00193866_quer-1920x1238.jpg\",\"width\":1920,\"height\":1238,\"mime-type\":\"image\\\/jpeg\",\"filesize\":423016},\"1536x1536\":{\"file\":\"SHF_eb00193866_quer-1536x990.jpg\",\"width\":1536,\"height\":990,\"mime-type\":\"image\\\/jpeg\",\"filesize\":288321},\"2048x2048\":{\"file\":\"SHF_eb00193866_quer-2048x1320.jpg\",\"width\":2048,\"height\":1320,\"mime-type\":\"image\\\/jpeg\",\"filesize\":471947},\"original\":{\"file\":\"SHF_eb00193866_quer.jpg\",\"width\":2184,\"height\":1408}},\n\t\t\t\t\"alt\" : \"Mann mit Gitarre, nachdenklich, tr\\u00e4gt gro\\u00dfen Hut und gemustertes Hemd vor einer strukturierten Wand.\",\n\t\t\t\t\"path\" : \"\\\/wp-content\\\/uploads\\\/2023\\\/06\\\/\",\n\t\t\t\t\"video\" : null,\n\t\t\t\t\"autoplay\" : null,\n\t\t\t\t\"youtube\" : \"https:\\\/\\\/www.youtube.com\\\/watch?v=Rm8BJ2lBT1U\",\n\t\t\t\t\"youtubelabel\" : \"Video abspielen\",\n\t\t\t\t\"brightness\" : \"70\",\n\t\t\t\t\"crop\" : null,\n\t\t\t\t\"background\" : false,\n\t\t\t\t\"scale\" : 1\t\t\t\t}\n\t\t\t<\/script>\n\n\t\t\t<div class=\"height-container\" style=\"padding-bottom:64.468864468864%;\" v-if=\"sizes\">\n\t\t\t\t\t\t\t\t<lazy-media :inline=\"true\" :alt=\"alt\" :sizes=\"sizes\" :scale=\"scale\" :brightness=\"brightness\" :path=\"path\" :video=\"video\" :autoplay=\"autoplay\" :youtube=\"youtube\" :crop=\"crop\" :youtubelabel=\"youtubelabel\" :background=\"background\" media-id=\"desc_media_69edaac0cc915\"><\/lazy-media>\n\t\t\t\t\t\t\t<\/div>\n\n\t\t\t\t\t\t\t<figcaption class=\"\" id=\"desc_media_69edaac0cc915\">\n\t\t\t\t\t<div class=\"lazy-media-info-body-content\">\n\t\t\t\t\t\t\t\t\t\t\t\t\t\t\t\t\t\t\t\t\t\t\t\t\t<div class=\"insignificant\">\u00a9 Luciano Blotta<\/div>\n\t\t\t\t\t\t\t\t\t\t\t<\/div>\n\t\t\t\t<\/figcaption>\n\t\t\t\t\t\t\t\t\t<\/figure>\n\t<\/lazy-media-inline>\n\t\t\t<\/div>\n\t\t<\/div>\n\t<\/div>\n<\/section>\n\n<section class=\"block block-teaser col-1 has-bg\" style=\"--teaser-bg:#f2f2f2\">\n\t<lazy-component :fixed-min-height=\"400\">\n\t\n\t\t\t\t\t<div class=\"container-fluid\">\n\t\t\t\t<div class=\"row bottom-xs\">\n\t\t\t\t\t<div class=\"col-xs-12 col-sm-10 col-md-8 col-sm-offset-1 col-md-offset-2\">\n\t\t\t\t\t\t<h4>Geh\u00f6rt zu<\/h4>\t\t\t\t\t\t\t\t\t\t\t\t\t\t\t\t\t\t\t<\/div>\n\t\t\t\t\t<div class=\"col-xs-12 col-sm-10 col-md-8 col-sm-offset-1 col-md-offset-2 start-xs end-md margin-bottom-sixth\">\n\t\t\t\t\t\t\t\t\t\t\t<\/div>\n\t\t\t\t<\/div>\n\t\t\t\t<ul class=\"row\">\n\t\t\t\n<li class=\"col-xs-12 teaser-wrapper col-padding-remove\">\n\t<calendarteaser key=\"8433117475\" rawitem='{&quot;postId&quot;:84331,&quot;title&quot;:&quot;Durchl\\u00fcften \\u2013\\u00a0Open Air im Schl\\u00fcterhof&quot;,&quot;excerpt&quot;:&quot;&quot;,&quot;slug&quot;:&quot;durchlueften-open-air-im-schlueterhof-3&quot;,&quot;post_date&quot;:&quot;2023-06-01T10:16&quot;,&quot;type&quot;:&quot;event-multi&quot;,&quot;permalink&quot;:&quot;https:\\\/\\\/www.humboldtforum.org\\\/de\\\/programm\\\/event\\\/open-air\\\/durchlueften-open-air-im-schlueterhof-3-84331\\\/&quot;,&quot;genre&quot;:[871],&quot;genre_details&quot;:[{&quot;text&quot;:&quot;Open Air&quot;,&quot;id&quot;:871,&quot;icon&quot;:null,&quot;parent&quot;:0}],&quot;stakeholder&quot;:[382],&quot;stakeholder_details&quot;:[{&quot;text&quot;:&quot;Stiftung Humboldt Forum im Berliner Schloss&quot;,&quot;id&quot;:382,&quot;icon&quot;:null,&quot;parent&quot;:0}],&quot;editorial&quot;:[417,911,646],&quot;editorial_details&quot;:[{&quot;text&quot;:&quot;drau\\u00dfen&quot;,&quot;id&quot;:417,&quot;icon&quot;:null,&quot;parent&quot;:0},{&quot;text&quot;:&quot;sommerlich&quot;,&quot;id&quot;:911,&quot;icon&quot;:null,&quot;parent&quot;:0},{&quot;text&quot;:&quot;vielstimmig&quot;,&quot;id&quot;:646,&quot;icon&quot;:null,&quot;parent&quot;:0}],&quot;targetgroup&quot;:[383,455,454],&quot;targetgroup_details&quot;:[{&quot;text&quot;:&quot;Erwachsene&quot;,&quot;id&quot;:383,&quot;icon&quot;:null,&quot;parent&quot;:0},{&quot;text&quot;:&quot;Jugendliche&quot;,&quot;id&quot;:455,&quot;icon&quot;:null,&quot;parent&quot;:0},{&quot;text&quot;:&quot;Kinder und Familien&quot;,&quot;id&quot;:454,&quot;icon&quot;:null,&quot;parent&quot;:0}],&quot;accessability&quot;:[430],&quot;accessability_details&quot;:[{&quot;text&quot;:&quot;Rollstuhlgerecht&quot;,&quot;id&quot;:430,&quot;icon&quot;:null,&quot;parent&quot;:0}],&quot;place&quot;:[510],&quot;place_details&quot;:{&quot;place&quot;:&quot;Humboldt Forum&quot;,&quot;map&quot;:&quot;Humboldt Forum, Schlossplatz, Berlin&quot;,&quot;room&quot;:&quot;Schl\\u00fcterhof&quot;},&quot;icon_overwrite&quot;:&quot;&quot;,&quot;acf&quot;:{&quot;noindex&quot;:false,&quot;keywords&quot;:&quot;&quot;,&quot;belongsto&quot;:false,&quot;shorturl&quot;:&quot;&quot;,&quot;planning&quot;:{&quot;price&quot;:&quot;kostenfrei&quot;,&quot;admission&quot;:&quot;&quot;,&quot;pause&quot;:&quot;&quot;,&quot;duration&quot;:&quot;&quot;,&quot;status&quot;:&quot;JOIN&quot;,&quot;info&quot;:&quot;&quot;,&quot;shop&quot;:&quot;&quot;,&quot;can_purchase&quot;:false},&quot;subline&quot;:&quot;Live Konzerte, DJ Acts, Familienprogramm&quot;,&quot;additional_info&quot;:{&quot;icon&quot;:&quot;0&quot;,&quot;text&quot;:&quot;&quot;},&quot;highlight_header&quot;:true,&quot;highlight_header_image&quot;:87734,&quot;has_mobile_format&quot;:true,&quot;use_video_in_teasers&quot;:false,&quot;hyphenation&quot;:true,&quot;tipp&quot;:false,&quot;joker&quot;:false,&quot;live&quot;:false,&quot;announcement&quot;:&quot;13.07.\\u201305.08.2023&quot;,&quot;overwrite_date&quot;:&quot;13.07.\\u201305.08.2023&quot;,&quot;hide_event_in_program&quot;:false,&quot;times&quot;:[],&quot;infotext&quot;:&quot;An vier Wochenenden donnerstags, freitags und samstags&quot;,&quot;highlight_header_image_mobile&quot;:87736,&quot;redirect&quot;:&quot;https:\\\/\\\/www.humboldtforum.org\\\/de\\\/programm\\\/event\\\/konzert\\\/durchluften-2024-129109\\\/&quot;},&quot;date&quot;:{&quot;NX&quot;:null,&quot;NXX&quot;:null,&quot;NLAST&quot;:&quot;202308051500&quot;,&quot;from_DATE&quot;:&quot;20230713 19:00&quot;,&quot;from&quot;:1689260400,&quot;to&quot;:1691247600,&quot;to_DATE&quot;:&quot;20230805 19:00&quot;,&quot;from_HRFSHORT&quot;:&quot;13. Jul 2023&quot;,&quot;from_HRFSHORT_WD&quot;:&quot;Do 13.07.2023&quot;,&quot;to_HRFSHORT&quot;:&quot; 5. Aug 2023&quot;,&quot;to_HRFSHORT_WD&quot;:&quot;Sa 05.08.2023&quot;,&quot;from_HRF&quot;:&quot;Do, 13. Juli 2023&quot;,&quot;to_HRF&quot;:&quot;Sa,  5. August 2023&quot;,&quot;from_to_HRF&quot;:&quot;Do, 13. Juli \\u2013 Sa,  5. August 2023&quot;,&quot;from_to_HRFSHORT&quot;:&quot;13. Jul \\u2013  5. Aug 2023&quot;},&quot;alert&quot;:&quot;Highlight&quot;,&quot;partof&quot;:[],&quot;marketing_topic&quot;:&quot;&quot;}' inline-template>\n\t<a href=\"https:\/\/www.humboldtforum.org\/de\/programm\/event\/open-air\/durchlueften-open-air-im-schlueterhof-3-84331\/\" class=\"teaser teaser-event-multi teaser-event-standard\">\n\t\t<div class=\"row\">\n\t\t\t<div class=\"col-xs-12 col-sm-6 col-md-5 col-sm-offset-1 col-md-offset-2 first-sm teaser-event-text Infos\">\n\t\t\t\t<div class=\"teaser-event-standard-text\">\n\t\t\t\t\t<div class=\"margin-bottom-atom\">\n\t\t\t\t\t\t<div class=\"subline clamp-1\" v-html=\"maingenre\"><\/div>\n\t\t\t\t\t\t\t\t\t\t\t<\/div>\n\t\t\t\t\n\t\t\t\t\t<strong class=\"margin-bottom-atom h5\">Durchl\u00fcften \u2013\u00a0Open Air im Schl\u00fcterhof<\/strong>\n\n\t\t\t\t\t\t\t\t\t\t\t<div class=\"\">Live Konzerte, DJ Acts, Familienprogramm<\/div>\n\t\t\t\t\t\t\t\t\t<\/div>\n\t\t\t\t<div class=\"teaser-bottom border-bottom\">\n\t\t\t\t<calendardateline :rawitem='item' :show-icon=\"true\"><\/calendardateline>\n\t\t\t\t\t<hr>\n\t\t\t\t<\/div>\n\t\t\t<\/div>\n\t\t\t<div class=\"col-xs-12 col-sm-4 col-md-3 teaser-event-image bottom-xs first-xs\">\n\t\t\t\t<div class=\"teaser-image teaser-image-no-alternate\">\n\t\t\t\t\t\t\t\t\t\t\t\t\t<span class=\"alert\">Highlight<\/span>\n\t\t\t\t\t\t\t\t\t\t\t\n\t<lazy-media-inline inline-template>\n\t\t<figure itemscope itemtype=\"http:\/\/schema.org\/ImageObject\" class=\"lazy-media-inline \" role=\"group\" id=\"media_69edaac0dda23\" aria-labelledby=\"desc_media_69edaac0dda23\">\n\t\t\t<script type=\"application\/json\" ref=\"data\">\n\t\t\t\t{\n\t\t\t\t\"sizes\" : {\"medium\":{\"file\":\"SHF_eb00196920-176x300.jpg\",\"width\":176,\"height\":300,\"mime-type\":\"image\\\/jpeg\",\"filesize\":10776},\"large\":{\"file\":\"SHF_eb00196920-600x1024.jpg\",\"width\":600,\"height\":1024,\"mime-type\":\"image\\\/jpeg\",\"filesize\":75965},\"thumbnail\":{\"file\":\"SHF_eb00196920-150x150.jpg\",\"width\":150,\"height\":150,\"mime-type\":\"image\\\/jpeg\",\"filesize\":6635},\"medium_large\":{\"file\":\"SHF_eb00196920-768x1312.jpg\",\"width\":768,\"height\":1312,\"mime-type\":\"image\\\/jpeg\",\"filesize\":112938},\"small\":{\"file\":\"SHF_eb00196920-258x440.jpg\",\"width\":258,\"height\":440,\"mime-type\":\"image\\\/jpeg\",\"filesize\":19893},\"semi\":{\"file\":\"SHF_eb00196920-340x580.jpg\",\"width\":340,\"height\":580,\"mime-type\":\"image\\\/jpeg\",\"filesize\":30729},\"mobile\":{\"file\":\"SHF_eb00196920-422x720.jpg\",\"width\":422,\"height\":720,\"mime-type\":\"image\\\/jpeg\",\"filesize\":43237},\"hd\":{\"file\":\"SHF_eb00196920-749x1280.jpg\",\"width\":749,\"height\":1280,\"mime-type\":\"image\\\/jpeg\",\"filesize\":108985},\"full\":{\"file\":\"SHF_eb00196920-1124x1920.jpg\",\"width\":1124,\"height\":1920,\"mime-type\":\"image\\\/jpeg\",\"filesize\":209186},\"1536x1536\":{\"file\":\"SHF_eb00196920-899x1536.jpg\",\"width\":899,\"height\":1536,\"mime-type\":\"image\\\/jpeg\",\"filesize\":146884},\"2048x2048\":{\"file\":\"SHF_eb00196920-1199x2048.jpg\",\"width\":1199,\"height\":2048,\"mime-type\":\"image\\\/jpeg\",\"filesize\":230618},\"original\":{\"file\":\"SHF_eb00196920.jpg\",\"width\":1780,\"height\":3040}},\n\t\t\t\t\"alt\" : \"Eine fr\\u00f6hliche Szenerie mit einem Polaroid von applaudierendem Publikum, umgeben von Palmen und bunten F\\u00e4hnchen.\",\n\t\t\t\t\"path\" : \"\\\/wp-content\\\/uploads\\\/2023\\\/06\\\/\",\n\t\t\t\t\"video\" : null,\n\t\t\t\t\"autoplay\" : null,\n\t\t\t\t\"youtube\" : null,\n\t\t\t\t\"youtubelabel\" : \"Video abspielen\",\n\t\t\t\t\"brightness\" : 100,\n\t\t\t\t\"crop\" : null,\n\t\t\t\t\"background\" : true,\n\t\t\t\t\"scale\" : 1\t\t\t\t}\n\t\t\t<\/script>\n\n\t\t\t<div class=\"height-container\" style=\"padding-bottom:170.78651685393%;\" v-if=\"sizes\">\n\t\t\t\t\t\t\t\t<lazy-media :inline=\"true\" :alt=\"alt\" :sizes=\"sizes\" :scale=\"scale\" :brightness=\"brightness\" :path=\"path\" :video=\"video\" :autoplay=\"autoplay\" :youtube=\"youtube\" :crop=\"crop\" :youtubelabel=\"youtubelabel\" :background=\"background\" media-id=\"desc_media_69edaac0dda23\"><\/lazy-media>\n\t\t\t\t\t\t\t<\/div>\n\n\t\t\t\t\t\t\t<figcaption class=\"sr-only\" ref=\"body\" id=\"desc_media_69edaac0dda23\">\n\t\t\t\t\t\t\t\t\t\t\t<div>Durchl&uuml;ften 2023<\/div>\n\t\t\t\t\t\t\t\t\t\t\t\t\t\t\t\t\t\t\t\t\t<div class=\"insignificant\">\u00a9 Stiftung Humboldt Forum im Berliner Schloss \/ Xander Heinl, photothek.de; Getty Images \/ Jose A. Bernat Bacete; COLOA Studio \/ Shutterstock; iStockphoto \/ Joakim Leroy, UrosPoteko<\/div>\n\t\t\t\t\t\t\t\t\t<\/figcaption>\n\t\t\t\t\t<\/figure>\n\t<\/lazy-media-inline>\n\t\t\t\t<\/div>\n\t\t\t<\/div>\n\t\t<\/div>\n\t<\/a>\n\t<\/calendarteaser>\n<\/li>\n\n\t\t\t\t<\/ul>\n\t\t\t<\/div>\n\t\t\t\t<\/lazy-component>\n<\/section>\n\n\n\n<section class=\"block block-teaser col-4 \" style=\"\">\n\t<lazy-component :fixed-min-height=\"400\">\n\t\n\t\t\t\t\t<div class=\"container-fluid\">\n\t\t\t\t<div class=\"row bottom-xs\">\n\t\t\t\t\t<div class=\"col-xs-12 col-md-8\">\n\t\t\t\t\t\t<h4>Weiteres B\u00fchnenprogramm am 15.07.2023<\/h4>\t\t\t\t\t\t\t\t\t\t\t\t\t\t\t\t\t\t\t<\/div>\n\t\t\t\t\t<div class=\"col-xs-12 col-md-4 start-xs end-md margin-bottom-sixth\">\n\t\t\t\t\t\t\t\t\t\t\t<\/div>\n\t\t\t\t<\/div>\n\t\t\t\t<ul class=\"row\"> <li class=\"col-xs-6 col-sm-4 col-md-3 teaser-wrapper col-padding-remove\">\n\t<calendarteaser key=\"8452912301\" rawitem='{&quot;postId&quot;:84529,&quot;title&quot;:&quot;Abeneko &amp; The Positive Mind&quot;,&quot;excerpt&quot;:&quot;&quot;,&quot;slug&quot;:&quot;abeneko-and-the-positive-mind&quot;,&quot;post_date&quot;:&quot;2023-06-01T14:49&quot;,&quot;type&quot;:&quot;event&quot;,&quot;permalink&quot;:&quot;https:\\\/\\\/www.humboldtforum.org\\\/de\\\/programm\\\/termin\\\/konzert\\\/abeneko-and-the-positive-mind-84529\\\/&quot;,&quot;genre&quot;:[393],&quot;genre_details&quot;:[{&quot;text&quot;:&quot;Konzert&quot;,&quot;id&quot;:393,&quot;icon&quot;:null,&quot;parent&quot;:0}],&quot;stakeholder&quot;:[382],&quot;stakeholder_details&quot;:[{&quot;text&quot;:&quot;Stiftung Humboldt Forum im Berliner Schloss&quot;,&quot;id&quot;:382,&quot;icon&quot;:null,&quot;parent&quot;:0}],&quot;accessability&quot;:[430],&quot;accessability_details&quot;:[{&quot;text&quot;:&quot;Rollstuhlgerecht&quot;,&quot;id&quot;:430,&quot;icon&quot;:null,&quot;parent&quot;:0}],&quot;place&quot;:[510],&quot;place_details&quot;:{&quot;place&quot;:&quot;Humboldt Forum&quot;,&quot;map&quot;:&quot;Humboldt Forum, Schlossplatz, Berlin&quot;,&quot;room&quot;:&quot;Schl\\u00fcterhof&quot;},&quot;icon_overwrite&quot;:&quot;&quot;,&quot;acf&quot;:{&quot;noindex&quot;:false,&quot;keywords&quot;:&quot;&quot;,&quot;hashtag&quot;:&quot;HumboldtForum&quot;,&quot;belongsto&quot;:[84331],&quot;shorturl&quot;:&quot;&quot;,&quot;times&quot;:[],&quot;planning&quot;:{&quot;price&quot;:&quot;kostenfrei&quot;,&quot;admission&quot;:&quot;&quot;,&quot;pause&quot;:&quot;&quot;,&quot;duration&quot;:&quot;&quot;},&quot;marketing_text&quot;:&quot;Konzert im Schl\\u00fcterhof&quot;,&quot;additional_info&quot;:{&quot;icon&quot;:&quot;0&quot;,&quot;text&quot;:&quot;&quot;},&quot;highlight_header&quot;:false,&quot;featured_images&quot;:[83982],&quot;use_video_in_teasers&quot;:false,&quot;hyphenation&quot;:false,&quot;tipp&quot;:false,&quot;joker&quot;:false,&quot;live&quot;:false,&quot;hide_event_in_program&quot;:false,&quot;gomus_id&quot;:&quot;&quot;,&quot;hm_id&quot;:&quot;&quot;},&quot;date&quot;:{&quot;NX&quot;:null,&quot;NXX&quot;:null,&quot;NLAST&quot;:&quot;202307151630&quot;,&quot;from_DATE&quot;:&quot;20230715 20:30&quot;,&quot;from&quot;:1689438600,&quot;to&quot;:1689438600,&quot;to_DATE&quot;:&quot;20230715 20:30&quot;,&quot;from_HRFSHORT&quot;:&quot;15. Jul 2023&quot;,&quot;from_HRFSHORT_WD&quot;:&quot;Sa 15.07.2023&quot;,&quot;to_HRFSHORT&quot;:&quot;15. Jul 2023&quot;,&quot;to_HRFSHORT_WD&quot;:&quot;Sa 15.07.2023&quot;,&quot;from_HRF&quot;:&quot;Sa, 15. Juli 2023&quot;,&quot;to_HRF&quot;:&quot;Sa, 15. Juli 2023&quot;,&quot;from_to_HRF&quot;:&quot;Sa, 15. Juli \\u2013 Sa, 15. Juli 2023&quot;,&quot;from_to_HRFSHORT&quot;:&quot;15. Jul \\u2013 15. Jul 2023&quot;},&quot;alert&quot;:null,&quot;partof&quot;:[],&quot;marketing_topic&quot;:{&quot;title&quot;:&quot;Durchl\\u00fcften \\u2013\\u00a0Open Air im Schl\\u00fcterhof&quot;,&quot;ID&quot;:84331,&quot;reason&quot;:&quot;belongsto&quot;}}' inline-template>\n\t<a href=\"https:\/\/www.humboldtforum.org\/de\/programm\/termin\/konzert\/abeneko-and-the-positive-mind-84529\/\" class=\"teaser teaser-event teaser-event-standard\">\n\t\t<div class=\"row\">\n\t\t\t<div class=\"col-xs-12 teaser-event-image\">\n\t\t\t\t<div class=\"teaser-image teaser-image-no-alternate\">\n\t\t\t\t\t\t\t\t\t\t\t\n\t<lazy-media-inline inline-template>\n\t\t<figure itemscope itemtype=\"http:\/\/schema.org\/ImageObject\" class=\"lazy-media-inline \" role=\"group\" id=\"media_69edaac0eda3d\" aria-labelledby=\"desc_media_69edaac0eda3d\">\n\t\t\t<script type=\"application\/json\" ref=\"data\">\n\t\t\t\t{\n\t\t\t\t\"sizes\" : {\"medium\":{\"file\":\"SHF_eb00194988-300x191.jpg\",\"width\":300,\"height\":191,\"mime-type\":\"image\\\/jpeg\",\"filesize\":15048},\"large\":{\"file\":\"SHF_eb00194988-1024x651.jpg\",\"width\":1024,\"height\":651,\"mime-type\":\"image\\\/jpeg\",\"filesize\":93554},\"thumbnail\":{\"file\":\"SHF_eb00194988-150x150.jpg\",\"width\":150,\"height\":150,\"mime-type\":\"image\\\/jpeg\",\"filesize\":7547},\"medium_large\":{\"file\":\"SHF_eb00194988-768x488.jpg\",\"width\":768,\"height\":488,\"mime-type\":\"image\\\/jpeg\",\"filesize\":61190},\"small\":{\"file\":\"SHF_eb00194988-440x280.jpg\",\"width\":440,\"height\":280,\"mime-type\":\"image\\\/jpeg\",\"filesize\":26661},\"semi\":{\"file\":\"SHF_eb00194988-580x369.jpg\",\"width\":580,\"height\":369,\"mime-type\":\"image\\\/jpeg\",\"filesize\":40997},\"mobile\":{\"file\":\"SHF_eb00194988-720x458.jpg\",\"width\":720,\"height\":458,\"mime-type\":\"image\\\/jpeg\",\"filesize\":56034},\"original\":{\"file\":\"SHF_eb00194988.jpg\",\"width\":1060,\"height\":674}},\n\t\t\t\t\"alt\" : \"Mann spielt Gitarre in sepiafarbener Umgebung, konzentriert und kreativ, mit lockigem Haar und traditioneller Kleidung.\",\n\t\t\t\t\"path\" : \"\\\/wp-content\\\/uploads\\\/2023\\\/05\\\/\",\n\t\t\t\t\"video\" : null,\n\t\t\t\t\"autoplay\" : null,\n\t\t\t\t\"youtube\" : null,\n\t\t\t\t\"youtubelabel\" : \"Video abspielen\",\n\t\t\t\t\"brightness\" : 100,\n\t\t\t\t\"crop\" : null,\n\t\t\t\t\"background\" : true,\n\t\t\t\t\"scale\" : 1\t\t\t\t}\n\t\t\t<\/script>\n\n\t\t\t<div class=\"height-container\" style=\"padding-bottom:63.584905660377%;\" v-if=\"sizes\">\n\t\t\t\t\t\t\t\t<lazy-media :inline=\"true\" :alt=\"alt\" :sizes=\"sizes\" :scale=\"scale\" :brightness=\"brightness\" :path=\"path\" :video=\"video\" :autoplay=\"autoplay\" :youtube=\"youtube\" :crop=\"crop\" :youtubelabel=\"youtubelabel\" :background=\"background\" media-id=\"desc_media_69edaac0eda3d\"><\/lazy-media>\n\t\t\t\t\t\t\t<\/div>\n\n\t\t\t\t\t\t\t<figcaption class=\"sr-only\" ref=\"body\" id=\"desc_media_69edaac0eda3d\">\n\t\t\t\t\t\t\t\t\t\t\t<div>Isack Abeneko<\/div>\n\t\t\t\t\t\t\t\t\t\t\t\t\t\t\t\t\t\t\t\t\t<div class=\"insignificant\">\u00a9 \u00a9 G FIve<\/div>\n\t\t\t\t\t\t\t\t\t<\/figcaption>\n\t\t\t\t\t<\/figure>\n\t<\/lazy-media-inline>\n\t\t\t\t<\/div>\n\t\t\t<\/div>\n\t\t\t<div class=\"col-xs-12 teaser-event-text Infos\">\n\t\t\t\t<div class=\"teaser-event-standard-text\">\n\t\t\t\t\t<div class=\"margin-bottom-atom\">\n\t\t\t\t\t\t<div class=\"subline clamp-1\" v-html=\"maingenre\"><\/div>\n\t\t\t\t\t\t\t\t\t\t\t\t\t<div class=\"insignificant clamp-2\">Durchl\u00fcften \u2013\u00a0Open Air im Schl\u00fcterhof<\/div>\n\t\t\t\t\t\t\t\t\t\t\t<\/div>\n\t\t\t\t\n\t\t\t\t\t<strong class=\"margin-bottom-atom\">Abeneko &amp; The Positive Mind<\/strong>\n\n\t\t\t\t\t\t\t\t\t\t\t<div class=\"\">Konzert im Schl\u00fcterhof<\/div>\n\t\t\t\t\t\t\t\t\t<\/div>\n\t\t\t\t<div class=\"teaser-bottom border-bottom\">\n\t\t\t\t<calendardateline :rawitem='item' :show-icon=\"true\"><\/calendardateline>\n\t\t\t\t\t<hr>\n\t\t\t\t<\/div>\n\t\t\t<\/div>\n\t\t<\/div>\n\t<\/a>\n\t<\/calendarteaser>\n<\/li>\n\n<li class=\"col-xs-6 col-sm-4 col-md-3 teaser-wrapper col-padding-remove\">\n\t<calendarteaser key=\"845383183\" rawitem='{&quot;postId&quot;:84538,&quot;title&quot;:&quot;Ben Olayinka&quot;,&quot;excerpt&quot;:&quot;&quot;,&quot;slug&quot;:&quot;ben-olayinka&quot;,&quot;post_date&quot;:&quot;2023-06-01T14:57&quot;,&quot;type&quot;:&quot;event&quot;,&quot;permalink&quot;:&quot;https:\\\/\\\/www.humboldtforum.org\\\/de\\\/programm\\\/termin\\\/dj-set\\\/ben-olayinka-84538\\\/&quot;,&quot;genre&quot;:[946],&quot;genre_details&quot;:[{&quot;text&quot;:&quot;DJ Set&quot;,&quot;id&quot;:946,&quot;icon&quot;:null,&quot;parent&quot;:0}],&quot;stakeholder&quot;:[382],&quot;stakeholder_details&quot;:[{&quot;text&quot;:&quot;Stiftung Humboldt Forum im Berliner Schloss&quot;,&quot;id&quot;:382,&quot;icon&quot;:null,&quot;parent&quot;:0}],&quot;accessability&quot;:[430],&quot;accessability_details&quot;:[{&quot;text&quot;:&quot;Rollstuhlgerecht&quot;,&quot;id&quot;:430,&quot;icon&quot;:null,&quot;parent&quot;:0}],&quot;place&quot;:[510],&quot;place_details&quot;:{&quot;place&quot;:&quot;Humboldt Forum&quot;,&quot;map&quot;:&quot;Humboldt Forum, Schlossplatz, Berlin&quot;,&quot;room&quot;:&quot;Schl\\u00fcterhof&quot;},&quot;icon_overwrite&quot;:&quot;&quot;,&quot;acf&quot;:{&quot;noindex&quot;:false,&quot;keywords&quot;:&quot;&quot;,&quot;hashtag&quot;:&quot;HumboldtForum&quot;,&quot;belongsto&quot;:[84331],&quot;shorturl&quot;:&quot;&quot;,&quot;times&quot;:[],&quot;planning&quot;:{&quot;price&quot;:&quot;kostenfrei&quot;,&quot;admission&quot;:&quot;&quot;,&quot;pause&quot;:&quot;&quot;,&quot;duration&quot;:&quot;&quot;},&quot;marketing_text&quot;:&quot;DJ Set&quot;,&quot;additional_info&quot;:{&quot;icon&quot;:&quot;0&quot;,&quot;text&quot;:&quot;&quot;},&quot;highlight_header&quot;:false,&quot;featured_images&quot;:[84541],&quot;use_video_in_teasers&quot;:false,&quot;hyphenation&quot;:true,&quot;tipp&quot;:false,&quot;joker&quot;:false,&quot;live&quot;:false,&quot;hide_event_in_program&quot;:false,&quot;gomus_id&quot;:&quot;&quot;,&quot;hm_id&quot;:&quot;&quot;},&quot;date&quot;:{&quot;NX&quot;:null,&quot;NXX&quot;:null,&quot;NLAST&quot;:&quot;202307151800&quot;,&quot;from_DATE&quot;:&quot;20230715 22:00&quot;,&quot;from&quot;:1689444000,&quot;to&quot;:1689444000,&quot;to_DATE&quot;:&quot;20230715 22:00&quot;,&quot;from_HRFSHORT&quot;:&quot;15. Jul 2023&quot;,&quot;from_HRFSHORT_WD&quot;:&quot;Sa 15.07.2023&quot;,&quot;to_HRFSHORT&quot;:&quot;15. Jul 2023&quot;,&quot;to_HRFSHORT_WD&quot;:&quot;Sa 15.07.2023&quot;,&quot;from_HRF&quot;:&quot;Sa, 15. Juli 2023&quot;,&quot;to_HRF&quot;:&quot;Sa, 15. Juli 2023&quot;,&quot;from_to_HRF&quot;:&quot;Sa, 15. Juli \\u2013 Sa, 15. Juli 2023&quot;,&quot;from_to_HRFSHORT&quot;:&quot;15. Jul \\u2013 15. Jul 2023&quot;},&quot;alert&quot;:null,&quot;partof&quot;:[],&quot;marketing_topic&quot;:{&quot;title&quot;:&quot;Durchl\\u00fcften \\u2013\\u00a0Open Air im Schl\\u00fcterhof&quot;,&quot;ID&quot;:84331,&quot;reason&quot;:&quot;belongsto&quot;}}' inline-template>\n\t<a href=\"https:\/\/www.humboldtforum.org\/de\/programm\/termin\/dj-set\/ben-olayinka-84538\/\" class=\"teaser teaser-event teaser-event-standard\">\n\t\t<div class=\"row\">\n\t\t\t<div class=\"col-xs-12 teaser-event-image\">\n\t\t\t\t<div class=\"teaser-image teaser-image-no-alternate\">\n\t\t\t\t\t\t\t\t\t\t\t\n\t<lazy-media-inline inline-template>\n\t\t<figure itemscope itemtype=\"http:\/\/schema.org\/ImageObject\" class=\"lazy-media-inline \" role=\"group\" id=\"media_69edaac0ee3b3\" aria-labelledby=\"desc_media_69edaac0ee3b3\">\n\t\t\t<script type=\"application\/json\" ref=\"data\">\n\t\t\t\t{\n\t\t\t\t\"sizes\" : {\"medium\":{\"file\":\"SHF_eb00150809-300x200.jpg\",\"width\":300,\"height\":200,\"mime-type\":\"image\\\/jpeg\",\"filesize\":8719},\"large\":{\"file\":\"SHF_eb00150809-1024x682.jpg\",\"width\":1024,\"height\":682,\"mime-type\":\"image\\\/jpeg\",\"filesize\":57826},\"thumbnail\":{\"file\":\"SHF_eb00150809-150x150.jpg\",\"width\":150,\"height\":150,\"mime-type\":\"image\\\/jpeg\",\"filesize\":4848},\"medium_large\":{\"file\":\"SHF_eb00150809-768x512.jpg\",\"width\":768,\"height\":512,\"mime-type\":\"image\\\/jpeg\",\"filesize\":35842},\"small\":{\"file\":\"SHF_eb00150809-440x293.jpg\",\"width\":440,\"height\":293,\"mime-type\":\"image\\\/jpeg\",\"filesize\":15240},\"semi\":{\"file\":\"SHF_eb00150809-580x387.jpg\",\"width\":580,\"height\":387,\"mime-type\":\"image\\\/jpeg\",\"filesize\":23349},\"mobile\":{\"file\":\"SHF_eb00150809-720x480.jpg\",\"width\":720,\"height\":480,\"mime-type\":\"image\\\/jpeg\",\"filesize\":32422},\"original\":{\"file\":\"SHF_eb00150809.jpg\",\"width\":1280,\"height\":853}},\n\t\t\t\t\"alt\" : \"DJ in buntem Hemd steht am Mischpult, umgeben von Rauch und Lichtstrahlen auf der B\\u00fchne.\",\n\t\t\t\t\"path\" : \"\\\/wp-content\\\/uploads\\\/2023\\\/06\\\/\",\n\t\t\t\t\"video\" : null,\n\t\t\t\t\"autoplay\" : null,\n\t\t\t\t\"youtube\" : null,\n\t\t\t\t\"youtubelabel\" : \"Video abspielen\",\n\t\t\t\t\"brightness\" : 100,\n\t\t\t\t\"crop\" : {\"top\":\"50.00\",\"left\":\"50.00\"},\n\t\t\t\t\"background\" : true,\n\t\t\t\t\"scale\" : 2\t\t\t\t}\n\t\t\t<\/script>\n\n\t\t\t<div class=\"height-container\" style=\"padding-bottom:66.640625%;\" v-if=\"sizes\">\n\t\t\t\t\t\t\t\t<lazy-media :inline=\"true\" :alt=\"alt\" :sizes=\"sizes\" :scale=\"scale\" :brightness=\"brightness\" :path=\"path\" :video=\"video\" :autoplay=\"autoplay\" :youtube=\"youtube\" :crop=\"crop\" :youtubelabel=\"youtubelabel\" :background=\"background\" media-id=\"desc_media_69edaac0ee3b3\"><\/lazy-media>\n\t\t\t\t\t\t\t<\/div>\n\n\t\t\t\t\t\t\t<figcaption class=\"sr-only\" ref=\"body\" id=\"desc_media_69edaac0ee3b3\">\n\t\t\t\t\t\t\t\t\t\t\t<div>DJ Set von Ben Olayinka im Rahmen von Durchl&uuml;ften &#8211; Open Air im Schl&uuml;terhof 2022<\/div>\n\t\t\t\t\t\t\t\t\t\t\t\t\t\t\t\t\t\t\t\t\t<div class=\"insignificant\">\u00a9 Stiftung Humboldt Forum im Berliner Schloss\/ Foto: Stefanie Loos<\/div>\n\t\t\t\t\t\t\t\t\t<\/figcaption>\n\t\t\t\t\t<\/figure>\n\t<\/lazy-media-inline>\n\t\t\t\t<\/div>\n\t\t\t<\/div>\n\t\t\t<div class=\"col-xs-12 teaser-event-text Infos\">\n\t\t\t\t<div class=\"teaser-event-standard-text\">\n\t\t\t\t\t<div class=\"margin-bottom-atom\">\n\t\t\t\t\t\t<div class=\"subline clamp-1\" v-html=\"maingenre\"><\/div>\n\t\t\t\t\t\t\t\t\t\t\t\t\t<div class=\"insignificant clamp-2\">Durchl\u00fcften \u2013\u00a0Open Air im Schl\u00fcterhof<\/div>\n\t\t\t\t\t\t\t\t\t\t\t<\/div>\n\t\t\t\t\n\t\t\t\t\t<strong class=\"margin-bottom-atom\">Ben Olayinka<\/strong>\n\n\t\t\t\t\t\t\t\t\t\t\t<div class=\"\">DJ Set<\/div>\n\t\t\t\t\t\t\t\t\t<\/div>\n\t\t\t\t<div class=\"teaser-bottom border-bottom\">\n\t\t\t\t<calendardateline :rawitem='item' :show-icon=\"true\"><\/calendardateline>\n\t\t\t\t\t<hr>\n\t\t\t\t<\/div>\n\t\t\t<\/div>\n\t\t<\/div>\n\t<\/a>\n\t<\/calendarteaser>\n<\/li>\n\n<\/ul>\n\t\t\t<\/div>\n\t\t\t\t<\/lazy-component>\n<\/section>\n\n\n\n","protected":false},"template":"","genre":[393],"digital":[],"topic":[],"stakeholder":[382],"editorial":[],"editorialfilter":[],"targetgroup":[],"language":[],"accessability":[430],"age":[],"school":[],"groupsize":[],"place":[510],"class_list":["post-84520","event","type-event","status-publish","has-post-thumbnail","hentry","genre-konzert","stakeholder-stiftung-humboldt-forum-im-berliner-schloss","accessability-rollstuhlgerecht","place-schlueterhof"],"acf":[],"_links":{"self":[{"href":"https:\/\/www.humboldtforum.org\/de\/wp-json\/wp\/v2\/event\/84520","targetHints":{"allow":["GET"]}}],"collection":[{"href":"https:\/\/www.humboldtforum.org\/de\/wp-json\/wp\/v2\/event"}],"about":[{"href":"https:\/\/www.humboldtforum.org\/de\/wp-json\/wp\/v2\/types\/event"}],"version-history":[{"count":12,"href":"https:\/\/www.humboldtforum.org\/de\/wp-json\/wp\/v2\/event\/84520\/revisions"}],"predecessor-version":[{"id":85316,"href":"https:\/\/www.humboldtforum.org\/de\/wp-json\/wp\/v2\/event\/84520\/revisions\/85316"}],"wp:featuredmedia":[{"embeddable":true,"href":"https:\/\/www.humboldtforum.org\/de\/wp-json\/wp\/v2\/media\/84004"}],"wp:attachment":[{"href":"https:\/\/www.humboldtforum.org\/de\/wp-json\/wp\/v2\/media?parent=84520"}],"wp:term":[{"taxonomy":"genre","embeddable":true,"href":"https:\/\/www.humboldtforum.org\/de\/wp-json\/wp\/v2\/genre?post=84520"},{"taxonomy":"digital","embeddable":true,"href":"https:\/\/www.humboldtforum.org\/de\/wp-json\/wp\/v2\/digital?post=84520"},{"taxonomy":"topic","embeddable":true,"href":"https:\/\/www.humboldtforum.org\/de\/wp-json\/wp\/v2\/topic?post=84520"},{"taxonomy":"stakeholder","embeddable":true,"href":"https:\/\/www.humboldtforum.org\/de\/wp-json\/wp\/v2\/stakeholder?post=84520"},{"taxonomy":"editorial","embeddable":true,"href":"https:\/\/www.humboldtforum.org\/de\/wp-json\/wp\/v2\/editorial?post=84520"},{"taxonomy":"editorialfilter","embeddable":true,"href":"https:\/\/www.humboldtforum.org\/de\/wp-json\/wp\/v2\/editorialfilter?post=84520"},{"taxonomy":"targetgroup","embeddable":true,"href":"https:\/\/www.humboldtforum.org\/de\/wp-json\/wp\/v2\/targetgroup?post=84520"},{"taxonomy":"language","embeddable":true,"href":"https:\/\/www.humboldtforum.org\/de\/wp-json\/wp\/v2\/language?post=84520"},{"taxonomy":"accessability","embeddable":true,"href":"https:\/\/www.humboldtforum.org\/de\/wp-json\/wp\/v2\/accessability?post=84520"},{"taxonomy":"age","embeddable":true,"href":"https:\/\/www.humboldtforum.org\/de\/wp-json\/wp\/v2\/age?post=84520"},{"taxonomy":"school","embeddable":true,"href":"https:\/\/www.humboldtforum.org\/de\/wp-json\/wp\/v2\/school?post=84520"},{"taxonomy":"groupsize","embeddable":true,"href":"https:\/\/www.humboldtforum.org\/de\/wp-json\/wp\/v2\/groupsize?post=84520"},{"taxonomy":"place","embeddable":true,"href":"https:\/\/www.humboldtforum.org\/de\/wp-json\/wp\/v2\/place?post=84520"}],"curies":[{"name":"wp","href":"https:\/\/api.w.org\/{rel}","templated":true}]}}