{"id":85951,"date":"2023-06-08T19:54:09","date_gmt":"2023-06-08T17:54:09","guid":{"rendered":"https:\/\/www.humboldtforum.org\/?post_type=event&#038;p=85951"},"modified":"2023-06-14T16:53:16","modified_gmt":"2023-06-14T14:53:16","slug":"the-paradise-bangkok-molam-international-band","status":"publish","type":"event","link":"https:\/\/www.humboldtforum.org\/de\/programm\/termin\/konzert\/the-paradise-bangkok-molam-international-band-85951\/","title":{"rendered":"The Paradise Bangkok Molam International Band"},"content":{"rendered":"<section class=\"block block-copy\" >\n    <div class=\"container-fluid\">\n\t\t<div class=\"row \">\n            <div class=\"col-xs-12 col-md-offset-2 col-md-8\">\n                <div class=\"box\">\n                    <div class=\"copy\"><div class=\"content-wrapper\">\n<p>Urspr\u00fcnglich als Live-Band der legend\u00e4ren Paradise Bangkok-Club N\u00e4chte in der thail\u00e4ndischen Hauptstadt gestartet, begeistert die sechsk\u00f6pfige <strong>Paradise Bangkok Molam International Band<\/strong> heute ein internationales Publikum vom Glastonbury Festival bis zum Boiler Room mit ihrer Auslegung des Molam: eines traditionellen Musik- und Tanz-Genres aus Laos und der nordostthail\u00e4ndischen Isan-Region. Diesen Molam mischt die Gruppe mit thail\u00e4ndischen Pop-Perlen der 1960er und 1970er Jahre und einer geh\u00f6rigen Prise Psychedelic Rock.<\/p>\n<p>Ihre Live-Shows sind ber\u00fchmt f\u00fcr die \u00fcbersch\u00e4umende Spielfreude und die genialen Soli des Sawai und Phin-Virtuosen Kammao Perdtanon, der diese traditionellen thail\u00e4ndischen Instrumente in atemberaubender Geschwindigkeit zu spielen vermag.<\/p>\n<p><a href=\"https:\/\/www.youtube.com\/watch?v=ZcLutp8ozPk\" target=\"_blank\" rel=\"noopener\">Video: The Paradise Bangkok Molam International Band live at Off Festival 2013<\/a><\/p>\n<p><a class=\"external-link\" href=\"https:\/\/deref-web.de\/mail\/client\/q7tGq1ljRzI\/dereferrer\/?redirectUrl=https%3A%2F%2Ftheparadisebangkokmolaminternationalband.bandcamp.com%2F\" target=\"_blank\" rel=\"nofollow noopener\">The Paradise Bangkok Molam International Band auf Bandcamp<\/a><\/p>\n<p><a class=\"external-link\" href=\"https:\/\/www.instagram.com\/paradisebangkok\/\" target=\"_blank\" rel=\"nofollow noopener\">The Paradise Bangkok Molam International Band auf Instagram<\/a><\/p>\n<\/div>\n<\/div>\n                <\/div>\n            <\/div>\n\t\t<\/div>\n\t\t    <\/div>\n<\/section>\n\n<section class=\"block block-media\">\n\t\t<div class=\"container-fluid\">\n\t\t<div class=\"row\">\n\t\t\t<div class=\"col-xs-10 col-md-6 col-xs-offset-1 col-md-offset-3\">\n\t\t\t\t<h5>&#8222;Paradise Bangkok &#8211; Boiler Room in Stereo\u201c <\/h5>\n\t\t\t<\/div>\n\t\t<\/div>\n\t<\/div>\n\t\t<div class=\"container-fluid\">\n\t\t<div class=\"row\">\n\t\t\t<div class=\"col-xs-10 col-md-6 col-xs-offset-1 col-md-offset-3\">\n\t\t\t\n\t<lazy-media-inline inline-template>\n\t\t<figure itemscope itemtype=\"http:\/\/schema.org\/ImageObject\" class=\"lazy-media-inline \" role=\"group\" id=\"media_69eda9b876d77\" aria-labelledby=\"desc_media_69eda9b876d77\">\n\t\t\t<script type=\"application\/json\" ref=\"data\">\n\t\t\t\t{\n\t\t\t\t\"sizes\" : {\"medium\":{\"file\":\"SHF_eb00193893-Webqualit\\u5247-300x209.jpg\",\"width\":300,\"height\":209,\"mime-type\":\"image\\\/jpeg\",\"filesize\":23561},\"large\":{\"file\":\"SHF_eb00193893-Webqualit\\u5247-1024x714.jpg\",\"width\":1024,\"height\":714,\"mime-type\":\"image\\\/jpeg\",\"filesize\":172991},\"thumbnail\":{\"file\":\"SHF_eb00193893-Webqualit\\u5247-150x150.jpg\",\"width\":150,\"height\":150,\"mime-type\":\"image\\\/jpeg\",\"filesize\":9722},\"medium_large\":{\"file\":\"SHF_eb00193893-Webqualit\\u5247-768x535.jpg\",\"width\":768,\"height\":535,\"mime-type\":\"image\\\/jpeg\",\"filesize\":110441},\"small\":{\"file\":\"SHF_eb00193893-Webqualit\\u5247-440x307.jpg\",\"width\":440,\"height\":307,\"mime-type\":\"image\\\/jpeg\",\"filesize\":45503},\"semi\":{\"file\":\"SHF_eb00193893-Webqualit\\u5247-580x404.jpg\",\"width\":580,\"height\":404,\"mime-type\":\"image\\\/jpeg\",\"filesize\":71665},\"mobile\":{\"file\":\"SHF_eb00193893-Webqualit\\u5247-720x502.jpg\",\"width\":720,\"height\":502,\"mime-type\":\"image\\\/jpeg\",\"filesize\":99429},\"original\":{\"file\":\"SHF_eb00193893-Webqualit\\u5247.jpg\",\"width\":1280,\"height\":892}},\n\t\t\t\t\"alt\" : \"Sechs Musiker stehen vor einer Wand, tragen l\\u00e4ssige Kleidung und halten unterschiedliche Musikinstrumente.\",\n\t\t\t\t\"path\" : \"\\\/wp-content\\\/uploads\\\/2023\\\/06\\\/\",\n\t\t\t\t\"video\" : null,\n\t\t\t\t\"autoplay\" : null,\n\t\t\t\t\"youtube\" : \"https:\\\/\\\/www.youtube.com\\\/watch?v=gTQfObV35gY\",\n\t\t\t\t\"youtubelabel\" : \"Video abspielen\",\n\t\t\t\t\"brightness\" : \"70\",\n\t\t\t\t\"crop\" : {\"top\":\"32.99\",\"left\":\"50.56\"},\n\t\t\t\t\"background\" : true,\n\t\t\t\t\"scale\" : 2\t\t\t\t}\n\t\t\t<\/script>\n\n\t\t\t<div class=\"height-container\" style=\"padding-bottom:69.6875%;\" v-if=\"sizes\">\n\t\t\t\t\t\t\t\t<lazy-media :inline=\"true\" :alt=\"alt\" :sizes=\"sizes\" :scale=\"scale\" :brightness=\"brightness\" :path=\"path\" :video=\"video\" :autoplay=\"autoplay\" :youtube=\"youtube\" :crop=\"crop\" :youtubelabel=\"youtubelabel\" :background=\"background\" media-id=\"desc_media_69eda9b876d77\"><\/lazy-media>\n\t\t\t\t\t\t\t<\/div>\n\n\t\t\t\t\t\t\t<figcaption class=\"\" id=\"desc_media_69eda9b876d77\">\n\t\t\t\t\t<div class=\"lazy-media-info-body-content\">\n\t\t\t\t\t\t\t\t\t\t\t\t\t<div>The Paradise Bangkok Molam International Band<\/div>\n\t\t\t\t\t\t\t\t\t\t\t\t\t\t\t\t\t\t\t\t\t\t\t\t\t<div class=\"insignificant\">\u00a9 Maft Sai<\/div>\n\t\t\t\t\t\t\t\t\t\t\t<\/div>\n\t\t\t\t<\/figcaption>\n\t\t\t\t\t\t\t\t\t<\/figure>\n\t<\/lazy-media-inline>\n\t\t\t<\/div>\n\t\t<\/div>\n\t<\/div>\n<\/section>\n\n<section class=\"block block-teaser col-1 has-bg\" style=\"--teaser-bg:#f2f2f2\">\n\t<lazy-component :fixed-min-height=\"400\">\n\t\n\t\t\t\t\t<div class=\"container-fluid\">\n\t\t\t\t<div class=\"row bottom-xs\">\n\t\t\t\t\t<div class=\"col-xs-12 col-sm-10 col-md-8 col-sm-offset-1 col-md-offset-2\">\n\t\t\t\t\t\t<h4>Geh\u00f6rt zu<\/h4>\t\t\t\t\t\t\t\t\t\t\t\t\t\t\t\t\t\t\t<\/div>\n\t\t\t\t\t<div class=\"col-xs-12 col-sm-10 col-md-8 col-sm-offset-1 col-md-offset-2 start-xs end-md margin-bottom-sixth\">\n\t\t\t\t\t\t\t\t\t\t\t<\/div>\n\t\t\t\t<\/div>\n\t\t\t\t<ul class=\"row\">\n\t\t\t\n<li class=\"col-xs-12 teaser-wrapper col-padding-remove\">\n\t<calendarteaser key=\"8433119396\" rawitem='{&quot;postId&quot;:84331,&quot;title&quot;:&quot;Durchl\\u00fcften \\u2013\\u00a0Open Air im Schl\\u00fcterhof&quot;,&quot;excerpt&quot;:&quot;&quot;,&quot;slug&quot;:&quot;durchlueften-open-air-im-schlueterhof-3&quot;,&quot;post_date&quot;:&quot;2023-06-01T10:16&quot;,&quot;type&quot;:&quot;event-multi&quot;,&quot;permalink&quot;:&quot;https:\\\/\\\/www.humboldtforum.org\\\/de\\\/programm\\\/event\\\/open-air\\\/durchlueften-open-air-im-schlueterhof-3-84331\\\/&quot;,&quot;genre&quot;:[871],&quot;genre_details&quot;:[{&quot;text&quot;:&quot;Open Air&quot;,&quot;id&quot;:871,&quot;icon&quot;:null,&quot;parent&quot;:0}],&quot;stakeholder&quot;:[382],&quot;stakeholder_details&quot;:[{&quot;text&quot;:&quot;Stiftung Humboldt Forum im Berliner Schloss&quot;,&quot;id&quot;:382,&quot;icon&quot;:null,&quot;parent&quot;:0}],&quot;editorial&quot;:[417,911,646],&quot;editorial_details&quot;:[{&quot;text&quot;:&quot;drau\\u00dfen&quot;,&quot;id&quot;:417,&quot;icon&quot;:null,&quot;parent&quot;:0},{&quot;text&quot;:&quot;sommerlich&quot;,&quot;id&quot;:911,&quot;icon&quot;:null,&quot;parent&quot;:0},{&quot;text&quot;:&quot;vielstimmig&quot;,&quot;id&quot;:646,&quot;icon&quot;:null,&quot;parent&quot;:0}],&quot;targetgroup&quot;:[383,455,454],&quot;targetgroup_details&quot;:[{&quot;text&quot;:&quot;Erwachsene&quot;,&quot;id&quot;:383,&quot;icon&quot;:null,&quot;parent&quot;:0},{&quot;text&quot;:&quot;Jugendliche&quot;,&quot;id&quot;:455,&quot;icon&quot;:null,&quot;parent&quot;:0},{&quot;text&quot;:&quot;Kinder und Familien&quot;,&quot;id&quot;:454,&quot;icon&quot;:null,&quot;parent&quot;:0}],&quot;accessability&quot;:[430],&quot;accessability_details&quot;:[{&quot;text&quot;:&quot;Rollstuhlgerecht&quot;,&quot;id&quot;:430,&quot;icon&quot;:null,&quot;parent&quot;:0}],&quot;place&quot;:[510],&quot;place_details&quot;:{&quot;place&quot;:&quot;Humboldt Forum&quot;,&quot;map&quot;:&quot;Humboldt Forum, Schlossplatz, Berlin&quot;,&quot;room&quot;:&quot;Schl\\u00fcterhof&quot;},&quot;icon_overwrite&quot;:&quot;&quot;,&quot;acf&quot;:{&quot;noindex&quot;:false,&quot;keywords&quot;:&quot;&quot;,&quot;belongsto&quot;:false,&quot;shorturl&quot;:&quot;&quot;,&quot;planning&quot;:{&quot;price&quot;:&quot;kostenfrei&quot;,&quot;admission&quot;:&quot;&quot;,&quot;pause&quot;:&quot;&quot;,&quot;duration&quot;:&quot;&quot;,&quot;status&quot;:&quot;JOIN&quot;,&quot;info&quot;:&quot;&quot;,&quot;shop&quot;:&quot;&quot;,&quot;can_purchase&quot;:false},&quot;subline&quot;:&quot;Live Konzerte, DJ Acts, Familienprogramm&quot;,&quot;additional_info&quot;:{&quot;icon&quot;:&quot;0&quot;,&quot;text&quot;:&quot;&quot;},&quot;highlight_header&quot;:true,&quot;highlight_header_image&quot;:87734,&quot;has_mobile_format&quot;:true,&quot;use_video_in_teasers&quot;:false,&quot;hyphenation&quot;:true,&quot;tipp&quot;:false,&quot;joker&quot;:false,&quot;live&quot;:false,&quot;announcement&quot;:&quot;13.07.\\u201305.08.2023&quot;,&quot;overwrite_date&quot;:&quot;13.07.\\u201305.08.2023&quot;,&quot;hide_event_in_program&quot;:false,&quot;times&quot;:[],&quot;infotext&quot;:&quot;An vier Wochenenden donnerstags, freitags und samstags&quot;,&quot;highlight_header_image_mobile&quot;:87736,&quot;redirect&quot;:&quot;https:\\\/\\\/www.humboldtforum.org\\\/de\\\/programm\\\/event\\\/konzert\\\/durchluften-2024-129109\\\/&quot;},&quot;date&quot;:{&quot;NX&quot;:null,&quot;NXX&quot;:null,&quot;NLAST&quot;:&quot;202308051500&quot;,&quot;from_DATE&quot;:&quot;20230713 19:00&quot;,&quot;from&quot;:1689260400,&quot;to&quot;:1691247600,&quot;to_DATE&quot;:&quot;20230805 19:00&quot;,&quot;from_HRFSHORT&quot;:&quot;13. Jul 2023&quot;,&quot;from_HRFSHORT_WD&quot;:&quot;Do 13.07.2023&quot;,&quot;to_HRFSHORT&quot;:&quot; 5. Aug 2023&quot;,&quot;to_HRFSHORT_WD&quot;:&quot;Sa 05.08.2023&quot;,&quot;from_HRF&quot;:&quot;Do, 13. Juli 2023&quot;,&quot;to_HRF&quot;:&quot;Sa,  5. August 2023&quot;,&quot;from_to_HRF&quot;:&quot;Do, 13. Juli \\u2013 Sa,  5. August 2023&quot;,&quot;from_to_HRFSHORT&quot;:&quot;13. Jul \\u2013  5. Aug 2023&quot;},&quot;alert&quot;:&quot;Highlight&quot;,&quot;partof&quot;:[],&quot;marketing_topic&quot;:&quot;&quot;}' inline-template>\n\t<a href=\"https:\/\/www.humboldtforum.org\/de\/programm\/event\/open-air\/durchlueften-open-air-im-schlueterhof-3-84331\/\" class=\"teaser teaser-event-multi teaser-event-standard\">\n\t\t<div class=\"row\">\n\t\t\t<div class=\"col-xs-12 col-sm-6 col-md-5 col-sm-offset-1 col-md-offset-2 first-sm teaser-event-text Infos\">\n\t\t\t\t<div class=\"teaser-event-standard-text\">\n\t\t\t\t\t<div class=\"margin-bottom-atom\">\n\t\t\t\t\t\t<div class=\"subline clamp-1\" v-html=\"maingenre\"><\/div>\n\t\t\t\t\t\t\t\t\t\t\t<\/div>\n\t\t\t\t\n\t\t\t\t\t<strong class=\"margin-bottom-atom h5\">Durchl\u00fcften \u2013\u00a0Open Air im Schl\u00fcterhof<\/strong>\n\n\t\t\t\t\t\t\t\t\t\t\t<div class=\"\">Live Konzerte, DJ Acts, Familienprogramm<\/div>\n\t\t\t\t\t\t\t\t\t<\/div>\n\t\t\t\t<div class=\"teaser-bottom border-bottom\">\n\t\t\t\t<calendardateline :rawitem='item' :show-icon=\"true\"><\/calendardateline>\n\t\t\t\t\t<hr>\n\t\t\t\t<\/div>\n\t\t\t<\/div>\n\t\t\t<div class=\"col-xs-12 col-sm-4 col-md-3 teaser-event-image bottom-xs first-xs\">\n\t\t\t\t<div class=\"teaser-image teaser-image-no-alternate\">\n\t\t\t\t\t\t\t\t\t\t\t\t\t<span class=\"alert\">Highlight<\/span>\n\t\t\t\t\t\t\t\t\t\t\t\n\t<lazy-media-inline inline-template>\n\t\t<figure itemscope itemtype=\"http:\/\/schema.org\/ImageObject\" class=\"lazy-media-inline \" role=\"group\" id=\"media_69eda9b885528\" aria-labelledby=\"desc_media_69eda9b885528\">\n\t\t\t<script type=\"application\/json\" ref=\"data\">\n\t\t\t\t{\n\t\t\t\t\"sizes\" : {\"medium\":{\"file\":\"SHF_eb00196920-176x300.jpg\",\"width\":176,\"height\":300,\"mime-type\":\"image\\\/jpeg\",\"filesize\":10776},\"large\":{\"file\":\"SHF_eb00196920-600x1024.jpg\",\"width\":600,\"height\":1024,\"mime-type\":\"image\\\/jpeg\",\"filesize\":75965},\"thumbnail\":{\"file\":\"SHF_eb00196920-150x150.jpg\",\"width\":150,\"height\":150,\"mime-type\":\"image\\\/jpeg\",\"filesize\":6635},\"medium_large\":{\"file\":\"SHF_eb00196920-768x1312.jpg\",\"width\":768,\"height\":1312,\"mime-type\":\"image\\\/jpeg\",\"filesize\":112938},\"small\":{\"file\":\"SHF_eb00196920-258x440.jpg\",\"width\":258,\"height\":440,\"mime-type\":\"image\\\/jpeg\",\"filesize\":19893},\"semi\":{\"file\":\"SHF_eb00196920-340x580.jpg\",\"width\":340,\"height\":580,\"mime-type\":\"image\\\/jpeg\",\"filesize\":30729},\"mobile\":{\"file\":\"SHF_eb00196920-422x720.jpg\",\"width\":422,\"height\":720,\"mime-type\":\"image\\\/jpeg\",\"filesize\":43237},\"hd\":{\"file\":\"SHF_eb00196920-749x1280.jpg\",\"width\":749,\"height\":1280,\"mime-type\":\"image\\\/jpeg\",\"filesize\":108985},\"full\":{\"file\":\"SHF_eb00196920-1124x1920.jpg\",\"width\":1124,\"height\":1920,\"mime-type\":\"image\\\/jpeg\",\"filesize\":209186},\"1536x1536\":{\"file\":\"SHF_eb00196920-899x1536.jpg\",\"width\":899,\"height\":1536,\"mime-type\":\"image\\\/jpeg\",\"filesize\":146884},\"2048x2048\":{\"file\":\"SHF_eb00196920-1199x2048.jpg\",\"width\":1199,\"height\":2048,\"mime-type\":\"image\\\/jpeg\",\"filesize\":230618},\"original\":{\"file\":\"SHF_eb00196920.jpg\",\"width\":1780,\"height\":3040}},\n\t\t\t\t\"alt\" : \"Eine fr\\u00f6hliche Szenerie mit einem Polaroid von applaudierendem Publikum, umgeben von Palmen und bunten F\\u00e4hnchen.\",\n\t\t\t\t\"path\" : \"\\\/wp-content\\\/uploads\\\/2023\\\/06\\\/\",\n\t\t\t\t\"video\" : null,\n\t\t\t\t\"autoplay\" : null,\n\t\t\t\t\"youtube\" : null,\n\t\t\t\t\"youtubelabel\" : \"Video abspielen\",\n\t\t\t\t\"brightness\" : 100,\n\t\t\t\t\"crop\" : null,\n\t\t\t\t\"background\" : true,\n\t\t\t\t\"scale\" : 1\t\t\t\t}\n\t\t\t<\/script>\n\n\t\t\t<div class=\"height-container\" style=\"padding-bottom:170.78651685393%;\" v-if=\"sizes\">\n\t\t\t\t\t\t\t\t<lazy-media :inline=\"true\" :alt=\"alt\" :sizes=\"sizes\" :scale=\"scale\" :brightness=\"brightness\" :path=\"path\" :video=\"video\" :autoplay=\"autoplay\" :youtube=\"youtube\" :crop=\"crop\" :youtubelabel=\"youtubelabel\" :background=\"background\" media-id=\"desc_media_69eda9b885528\"><\/lazy-media>\n\t\t\t\t\t\t\t<\/div>\n\n\t\t\t\t\t\t\t<figcaption class=\"sr-only\" ref=\"body\" id=\"desc_media_69eda9b885528\">\n\t\t\t\t\t\t\t\t\t\t\t<div>Durchl&uuml;ften 2023<\/div>\n\t\t\t\t\t\t\t\t\t\t\t\t\t\t\t\t\t\t\t\t\t<div class=\"insignificant\">\u00a9 Stiftung Humboldt Forum im Berliner Schloss \/ Xander Heinl, photothek.de; Getty Images \/ Jose A. Bernat Bacete; COLOA Studio \/ Shutterstock; iStockphoto \/ Joakim Leroy, UrosPoteko<\/div>\n\t\t\t\t\t\t\t\t\t<\/figcaption>\n\t\t\t\t\t<\/figure>\n\t<\/lazy-media-inline>\n\t\t\t\t<\/div>\n\t\t\t<\/div>\n\t\t<\/div>\n\t<\/a>\n\t<\/calendarteaser>\n<\/li>\n\n\t\t\t\t<\/ul>\n\t\t\t<\/div>\n\t\t\t\t<\/lazy-component>\n<\/section>\n\n\n\n<section class=\"block block-teaser col-4 \" style=\"\">\n\t<lazy-component :fixed-min-height=\"400\">\n\t\n\t\t\t\t\t<div class=\"container-fluid\">\n\t\t\t\t<div class=\"row bottom-xs\">\n\t\t\t\t\t<div class=\"col-xs-12 col-md-8\">\n\t\t\t\t\t\t<h4>Weiteres B\u00fchnenprogramm am 03.08.2023<\/h4>\t\t\t\t\t\t\t\t\t\t\t\t\t\t\t\t\t\t\t<\/div>\n\t\t\t\t\t<div class=\"col-xs-12 col-md-4 start-xs end-md margin-bottom-sixth\">\n\t\t\t\t\t\t\t\t\t\t\t<\/div>\n\t\t\t\t<\/div>\n\t\t\t\t<ul class=\"row\"> <li class=\"col-xs-6 col-sm-4 col-md-3 teaser-wrapper col-padding-remove\">\n\t<calendarteaser key=\"8591612504\" rawitem='{&quot;postId&quot;:85916,&quot;title&quot;:&quot;Chris Menist &amp; Maft Sai \\\/ Paradise Bangkok DJ Set 1&quot;,&quot;excerpt&quot;:&quot;&quot;,&quot;slug&quot;:&quot;chris-menist-amp-maft-sai-paradise-bangkok-dj-set-1&quot;,&quot;post_date&quot;:&quot;2023-06-08T19:52&quot;,&quot;type&quot;:&quot;event&quot;,&quot;permalink&quot;:&quot;https:\\\/\\\/www.humboldtforum.org\\\/de\\\/programm\\\/termin\\\/dj-set\\\/chris-menist-amp-maft-sai-paradise-bangkok-dj-set-1-85916\\\/&quot;,&quot;genre&quot;:[946],&quot;genre_details&quot;:[{&quot;text&quot;:&quot;DJ Set&quot;,&quot;id&quot;:946,&quot;icon&quot;:null,&quot;parent&quot;:0}],&quot;stakeholder&quot;:[382],&quot;stakeholder_details&quot;:[{&quot;text&quot;:&quot;Stiftung Humboldt Forum im Berliner Schloss&quot;,&quot;id&quot;:382,&quot;icon&quot;:null,&quot;parent&quot;:0}],&quot;accessability&quot;:[430],&quot;accessability_details&quot;:[{&quot;text&quot;:&quot;Rollstuhlgerecht&quot;,&quot;id&quot;:430,&quot;icon&quot;:null,&quot;parent&quot;:0}],&quot;place&quot;:[510],&quot;place_details&quot;:{&quot;place&quot;:&quot;Humboldt Forum&quot;,&quot;map&quot;:&quot;Humboldt Forum, Schlossplatz, Berlin&quot;,&quot;room&quot;:&quot;Schl\\u00fcterhof&quot;},&quot;icon_overwrite&quot;:&quot;&quot;,&quot;acf&quot;:{&quot;noindex&quot;:false,&quot;keywords&quot;:&quot;&quot;,&quot;hashtag&quot;:&quot;HumboldtForum&quot;,&quot;belongsto&quot;:[84331],&quot;shorturl&quot;:&quot;&quot;,&quot;times&quot;:[],&quot;planning&quot;:{&quot;price&quot;:&quot;kostenfrei&quot;,&quot;admission&quot;:&quot;&quot;,&quot;pause&quot;:&quot;&quot;,&quot;duration&quot;:&quot;&quot;},&quot;marketing_text&quot;:&quot;DJ Set&quot;,&quot;additional_info&quot;:{&quot;icon&quot;:&quot;0&quot;,&quot;text&quot;:&quot;&quot;},&quot;highlight_header&quot;:false,&quot;featured_images&quot;:[88653],&quot;use_video_in_teasers&quot;:false,&quot;hyphenation&quot;:false,&quot;tipp&quot;:false,&quot;joker&quot;:false,&quot;live&quot;:false,&quot;hide_event_in_program&quot;:false,&quot;gomus_id&quot;:&quot;&quot;,&quot;hm_id&quot;:&quot;&quot;},&quot;date&quot;:{&quot;NX&quot;:null,&quot;NXX&quot;:null,&quot;NLAST&quot;:&quot;202308031500&quot;,&quot;from_DATE&quot;:&quot;20230803 19:00&quot;,&quot;from&quot;:1691074800,&quot;to&quot;:1691074800,&quot;to_DATE&quot;:&quot;20230803 19:00&quot;,&quot;from_HRFSHORT&quot;:&quot; 3. Aug 2023&quot;,&quot;from_HRFSHORT_WD&quot;:&quot;Do 03.08.2023&quot;,&quot;to_HRFSHORT&quot;:&quot; 3. Aug 2023&quot;,&quot;to_HRFSHORT_WD&quot;:&quot;Do 03.08.2023&quot;,&quot;from_HRF&quot;:&quot;Do,  3. August 2023&quot;,&quot;to_HRF&quot;:&quot;Do,  3. August 2023&quot;,&quot;from_to_HRF&quot;:&quot;Do,  3. August \\u2013 Do,  3. August 2023&quot;,&quot;from_to_HRFSHORT&quot;:&quot; 3. Aug \\u2013  3. Aug 2023&quot;},&quot;alert&quot;:null,&quot;partof&quot;:[],&quot;marketing_topic&quot;:{&quot;title&quot;:&quot;Durchl\\u00fcften \\u2013\\u00a0Open Air im Schl\\u00fcterhof&quot;,&quot;ID&quot;:84331,&quot;reason&quot;:&quot;belongsto&quot;}}' inline-template>\n\t<a href=\"https:\/\/www.humboldtforum.org\/de\/programm\/termin\/dj-set\/chris-menist-amp-maft-sai-paradise-bangkok-dj-set-1-85916\/\" class=\"teaser teaser-event teaser-event-standard\">\n\t\t<div class=\"row\">\n\t\t\t<div class=\"col-xs-12 teaser-event-image\">\n\t\t\t\t<div class=\"teaser-image teaser-image-no-alternate\">\n\t\t\t\t\t\t\t\t\t\t\t\n\t<lazy-media-inline inline-template>\n\t\t<figure itemscope itemtype=\"http:\/\/schema.org\/ImageObject\" class=\"lazy-media-inline \" role=\"group\" id=\"media_69eda9b896e3b\" aria-labelledby=\"desc_media_69eda9b896e3b\">\n\t\t\t<script type=\"application\/json\" ref=\"data\">\n\t\t\t\t{\n\t\t\t\t\"sizes\" : {\"medium\":{\"file\":\"SHF_eb00197266-300x199.jpg\",\"width\":300,\"height\":199,\"mime-type\":\"image\\\/jpeg\",\"filesize\":11469},\"large\":{\"file\":\"SHF_eb00197266-1024x678.jpg\",\"width\":1024,\"height\":678,\"mime-type\":\"image\\\/jpeg\",\"filesize\":86819},\"thumbnail\":{\"file\":\"SHF_eb00197266-150x150.jpg\",\"width\":150,\"height\":150,\"mime-type\":\"image\\\/jpeg\",\"filesize\":5840},\"medium_large\":{\"file\":\"SHF_eb00197266-768x509.jpg\",\"width\":768,\"height\":509,\"mime-type\":\"image\\\/jpeg\",\"filesize\":53370},\"small\":{\"file\":\"SHF_eb00197266-440x291.jpg\",\"width\":440,\"height\":291,\"mime-type\":\"image\\\/jpeg\",\"filesize\":21228},\"semi\":{\"file\":\"SHF_eb00197266-580x384.jpg\",\"width\":580,\"height\":384,\"mime-type\":\"image\\\/jpeg\",\"filesize\":33178},\"mobile\":{\"file\":\"SHF_eb00197266-720x477.jpg\",\"width\":720,\"height\":477,\"mime-type\":\"image\\\/jpeg\",\"filesize\":47566},\"hd\":{\"file\":\"SHF_eb00197266-1280x848.jpg\",\"width\":1280,\"height\":848,\"mime-type\":\"image\\\/jpeg\",\"filesize\":126611},\"full\":{\"file\":\"SHF_eb00197266-1920x1272.jpg\",\"width\":1920,\"height\":1272,\"mime-type\":\"image\\\/jpeg\",\"filesize\":252706},\"xxl\":{\"file\":\"SHF_eb00197266-4048x2681.jpg\",\"width\":4048,\"height\":2681,\"mime-type\":\"image\\\/jpeg\",\"filesize\":887876},\"1536x1536\":{\"file\":\"SHF_eb00197266-1536x1017.jpg\",\"width\":1536,\"height\":1017,\"mime-type\":\"image\\\/jpeg\",\"filesize\":173447},\"2048x2048\":{\"file\":\"SHF_eb00197266-2048x1356.jpg\",\"width\":2048,\"height\":1356,\"mime-type\":\"image\\\/jpeg\",\"filesize\":281867},\"original\":{\"file\":\"SHF_eb00197266.jpg\",\"width\":4928,\"height\":3264}},\n\t\t\t\t\"alt\" : \"Zwei M\\u00e4nner am DJ-Pult: Einer mit Hut und Sonnenbrille, der andere l\\u00e4chelt. Schwarz-Wei\\u00df-Foto.\",\n\t\t\t\t\"path\" : \"\\\/wp-content\\\/uploads\\\/2023\\\/06\\\/\",\n\t\t\t\t\"video\" : null,\n\t\t\t\t\"autoplay\" : null,\n\t\t\t\t\"youtube\" : null,\n\t\t\t\t\"youtubelabel\" : \"Video abspielen\",\n\t\t\t\t\"brightness\" : 100,\n\t\t\t\t\"crop\" : null,\n\t\t\t\t\"background\" : true,\n\t\t\t\t\"scale\" : 1\t\t\t\t}\n\t\t\t<\/script>\n\n\t\t\t<div class=\"height-container\" style=\"padding-bottom:66.233766233766%;\" v-if=\"sizes\">\n\t\t\t\t\t\t\t\t<lazy-media :inline=\"true\" :alt=\"alt\" :sizes=\"sizes\" :scale=\"scale\" :brightness=\"brightness\" :path=\"path\" :video=\"video\" :autoplay=\"autoplay\" :youtube=\"youtube\" :crop=\"crop\" :youtubelabel=\"youtubelabel\" :background=\"background\" media-id=\"desc_media_69eda9b896e3b\"><\/lazy-media>\n\t\t\t\t\t\t\t<\/div>\n\n\t\t\t\t\t\t\t<figcaption class=\"sr-only\" ref=\"body\" id=\"desc_media_69eda9b896e3b\">\n\t\t\t\t\t\t\t\t\t\t\t<div>Chris Menist &amp; Maft Sai \/ Paradise Bangkok<\/div>\n\t\t\t\t\t\t\t\t\t\t\t\t\t\t\t\t\t\t\t\t\t<div class=\"insignificant\">\u00a9 Privat \/ Promo<\/div>\n\t\t\t\t\t\t\t\t\t<\/figcaption>\n\t\t\t\t\t<\/figure>\n\t<\/lazy-media-inline>\n\t\t\t\t<\/div>\n\t\t\t<\/div>\n\t\t\t<div class=\"col-xs-12 teaser-event-text Infos\">\n\t\t\t\t<div class=\"teaser-event-standard-text\">\n\t\t\t\t\t<div class=\"margin-bottom-atom\">\n\t\t\t\t\t\t<div class=\"subline clamp-1\" v-html=\"maingenre\"><\/div>\n\t\t\t\t\t\t\t\t\t\t\t\t\t<div class=\"insignificant clamp-2\">Durchl\u00fcften \u2013\u00a0Open Air im Schl\u00fcterhof<\/div>\n\t\t\t\t\t\t\t\t\t\t\t<\/div>\n\t\t\t\t\n\t\t\t\t\t<strong class=\"margin-bottom-atom\">Chris Menist &#038; Maft Sai \/ Paradise Bangkok DJ Set 1<\/strong>\n\n\t\t\t\t\t\t\t\t\t\t\t<div class=\"\">DJ Set<\/div>\n\t\t\t\t\t\t\t\t\t<\/div>\n\t\t\t\t<div class=\"teaser-bottom border-bottom\">\n\t\t\t\t<calendardateline :rawitem='item' :show-icon=\"true\"><\/calendardateline>\n\t\t\t\t\t<hr>\n\t\t\t\t<\/div>\n\t\t\t<\/div>\n\t\t<\/div>\n\t<\/a>\n\t<\/calendarteaser>\n<\/li>\n\n<li class=\"col-xs-6 col-sm-4 col-md-3 teaser-wrapper col-padding-remove\">\n\t<calendarteaser key=\"8596513343\" rawitem='{&quot;postId&quot;:85965,&quot;title&quot;:&quot;Chris Menist &amp; Maft Sai \\\/ Paradise Bangkok DJ Set 2&quot;,&quot;excerpt&quot;:&quot;&quot;,&quot;slug&quot;:&quot;chris-menist-maft-sai-paradise-bangkok-dj-set-2&quot;,&quot;post_date&quot;:&quot;2023-06-08T19:55&quot;,&quot;type&quot;:&quot;event&quot;,&quot;permalink&quot;:&quot;https:\\\/\\\/www.humboldtforum.org\\\/de\\\/programm\\\/termin\\\/dj-set\\\/chris-menist-maft-sai-paradise-bangkok-dj-set-2-85965\\\/&quot;,&quot;genre&quot;:[946],&quot;genre_details&quot;:[{&quot;text&quot;:&quot;DJ Set&quot;,&quot;id&quot;:946,&quot;icon&quot;:null,&quot;parent&quot;:0}],&quot;stakeholder&quot;:[382],&quot;stakeholder_details&quot;:[{&quot;text&quot;:&quot;Stiftung Humboldt Forum im Berliner Schloss&quot;,&quot;id&quot;:382,&quot;icon&quot;:null,&quot;parent&quot;:0}],&quot;accessability&quot;:[430],&quot;accessability_details&quot;:[{&quot;text&quot;:&quot;Rollstuhlgerecht&quot;,&quot;id&quot;:430,&quot;icon&quot;:null,&quot;parent&quot;:0}],&quot;place&quot;:[510],&quot;place_details&quot;:{&quot;place&quot;:&quot;Humboldt Forum&quot;,&quot;map&quot;:&quot;Humboldt Forum, Schlossplatz, Berlin&quot;,&quot;room&quot;:&quot;Schl\\u00fcterhof&quot;},&quot;icon_overwrite&quot;:&quot;&quot;,&quot;acf&quot;:{&quot;noindex&quot;:false,&quot;keywords&quot;:&quot;&quot;,&quot;hashtag&quot;:&quot;HumboldtForum&quot;,&quot;belongsto&quot;:[84331],&quot;shorturl&quot;:&quot;&quot;,&quot;times&quot;:[],&quot;planning&quot;:{&quot;price&quot;:&quot;kostenfrei&quot;,&quot;admission&quot;:&quot;&quot;,&quot;pause&quot;:&quot;&quot;,&quot;duration&quot;:&quot;&quot;},&quot;marketing_text&quot;:&quot;DJ Set&quot;,&quot;additional_info&quot;:{&quot;icon&quot;:&quot;0&quot;,&quot;text&quot;:&quot;&quot;},&quot;highlight_header&quot;:false,&quot;featured_images&quot;:[85917],&quot;use_video_in_teasers&quot;:false,&quot;hyphenation&quot;:false,&quot;tipp&quot;:false,&quot;joker&quot;:false,&quot;live&quot;:false,&quot;hide_event_in_program&quot;:false,&quot;gomus_id&quot;:&quot;&quot;,&quot;hm_id&quot;:&quot;&quot;},&quot;date&quot;:{&quot;NX&quot;:null,&quot;NXX&quot;:null,&quot;NLAST&quot;:&quot;202308031800&quot;,&quot;from_DATE&quot;:&quot;20230803 22:00&quot;,&quot;from&quot;:1691085600,&quot;to&quot;:1691085600,&quot;to_DATE&quot;:&quot;20230803 22:00&quot;,&quot;from_HRFSHORT&quot;:&quot; 3. Aug 2023&quot;,&quot;from_HRFSHORT_WD&quot;:&quot;Do 03.08.2023&quot;,&quot;to_HRFSHORT&quot;:&quot; 3. Aug 2023&quot;,&quot;to_HRFSHORT_WD&quot;:&quot;Do 03.08.2023&quot;,&quot;from_HRF&quot;:&quot;Do,  3. August 2023&quot;,&quot;to_HRF&quot;:&quot;Do,  3. August 2023&quot;,&quot;from_to_HRF&quot;:&quot;Do,  3. August \\u2013 Do,  3. August 2023&quot;,&quot;from_to_HRFSHORT&quot;:&quot; 3. Aug \\u2013  3. Aug 2023&quot;},&quot;alert&quot;:null,&quot;partof&quot;:[],&quot;marketing_topic&quot;:{&quot;title&quot;:&quot;Durchl\\u00fcften \\u2013\\u00a0Open Air im Schl\\u00fcterhof&quot;,&quot;ID&quot;:84331,&quot;reason&quot;:&quot;belongsto&quot;}}' inline-template>\n\t<a href=\"https:\/\/www.humboldtforum.org\/de\/programm\/termin\/dj-set\/chris-menist-maft-sai-paradise-bangkok-dj-set-2-85965\/\" class=\"teaser teaser-event teaser-event-standard\">\n\t\t<div class=\"row\">\n\t\t\t<div class=\"col-xs-12 teaser-event-image\">\n\t\t\t\t<div class=\"teaser-image teaser-image-no-alternate\">\n\t\t\t\t\t\t\t\t\t\t\t\n\t<lazy-media-inline inline-template>\n\t\t<figure itemscope itemtype=\"http:\/\/schema.org\/ImageObject\" class=\"lazy-media-inline \" role=\"group\" id=\"media_69eda9b897af5\" aria-labelledby=\"desc_media_69eda9b897af5\">\n\t\t\t<script type=\"application\/json\" ref=\"data\">\n\t\t\t\t{\n\t\t\t\t\"sizes\" : {\"medium\":{\"file\":\"SHF_eb00193892-Webqualit\\u5247-300x214.jpg\",\"width\":300,\"height\":214,\"mime-type\":\"image\\\/jpeg\",\"filesize\":13879},\"thumbnail\":{\"file\":\"SHF_eb00193892-Webqualit\\u5247-150x150.jpg\",\"width\":150,\"height\":150,\"mime-type\":\"image\\\/jpeg\",\"filesize\":6460},\"medium_large\":{\"file\":\"SHF_eb00193892-Webqualit\\u5247-768x548.jpg\",\"width\":768,\"height\":548,\"mime-type\":\"image\\\/jpeg\",\"filesize\":67659},\"small\":{\"file\":\"SHF_eb00193892-Webqualit\\u5247-440x314.jpg\",\"width\":440,\"height\":314,\"mime-type\":\"image\\\/jpeg\",\"filesize\":26097},\"semi\":{\"file\":\"SHF_eb00193892-Webqualit\\u5247-580x414.jpg\",\"width\":580,\"height\":414,\"mime-type\":\"image\\\/jpeg\",\"filesize\":41827},\"mobile\":{\"file\":\"SHF_eb00193892-Webqualit\\u5247-720x514.jpg\",\"width\":720,\"height\":514,\"mime-type\":\"image\\\/jpeg\",\"filesize\":60729},\"original\":{\"file\":\"SHF_eb00193892-Webqualit\\u5247.jpg\",\"width\":850,\"height\":607}},\n\t\t\t\t\"alt\" : \"Zwei M\\u00e4nner bei einer n\\u00e4chtlichen Vinylb\\u00f6rse: einer sitzt, der andere steht und durchsucht die Platten.\",\n\t\t\t\t\"path\" : \"\\\/wp-content\\\/uploads\\\/2023\\\/06\\\/\",\n\t\t\t\t\"video\" : null,\n\t\t\t\t\"autoplay\" : null,\n\t\t\t\t\"youtube\" : null,\n\t\t\t\t\"youtubelabel\" : \"Video abspielen\",\n\t\t\t\t\"brightness\" : 100,\n\t\t\t\t\"crop\" : {\"top\":\"19.56\",\"left\":\"55.05\"},\n\t\t\t\t\"background\" : true,\n\t\t\t\t\"scale\" : 2\t\t\t\t}\n\t\t\t<\/script>\n\n\t\t\t<div class=\"height-container\" style=\"padding-bottom:71.411764705882%;\" v-if=\"sizes\">\n\t\t\t\t\t\t\t\t<lazy-media :inline=\"true\" :alt=\"alt\" :sizes=\"sizes\" :scale=\"scale\" :brightness=\"brightness\" :path=\"path\" :video=\"video\" :autoplay=\"autoplay\" :youtube=\"youtube\" :crop=\"crop\" :youtubelabel=\"youtubelabel\" :background=\"background\" media-id=\"desc_media_69eda9b897af5\"><\/lazy-media>\n\t\t\t\t\t\t\t<\/div>\n\n\t\t\t\t\t\t\t<figcaption class=\"sr-only\" ref=\"body\" id=\"desc_media_69eda9b897af5\">\n\t\t\t\t\t\t\t\t\t\t\t<div>DJ Chris Menist &amp; Maft Sai<\/div>\n\t\t\t\t\t\t\t\t\t\t\t\t\t\t\t\t\t\t\t\t\t<div class=\"insignificant\">\u00a9 Maft Sai<\/div>\n\t\t\t\t\t\t\t\t\t<\/figcaption>\n\t\t\t\t\t<\/figure>\n\t<\/lazy-media-inline>\n\t\t\t\t<\/div>\n\t\t\t<\/div>\n\t\t\t<div class=\"col-xs-12 teaser-event-text Infos\">\n\t\t\t\t<div class=\"teaser-event-standard-text\">\n\t\t\t\t\t<div class=\"margin-bottom-atom\">\n\t\t\t\t\t\t<div class=\"subline clamp-1\" v-html=\"maingenre\"><\/div>\n\t\t\t\t\t\t\t\t\t\t\t\t\t<div class=\"insignificant clamp-2\">Durchl\u00fcften \u2013\u00a0Open Air im Schl\u00fcterhof<\/div>\n\t\t\t\t\t\t\t\t\t\t\t<\/div>\n\t\t\t\t\n\t\t\t\t\t<strong class=\"margin-bottom-atom\">Chris Menist &#038; Maft Sai \/ Paradise Bangkok DJ Set 2<\/strong>\n\n\t\t\t\t\t\t\t\t\t\t\t<div class=\"\">DJ Set<\/div>\n\t\t\t\t\t\t\t\t\t<\/div>\n\t\t\t\t<div class=\"teaser-bottom border-bottom\">\n\t\t\t\t<calendardateline :rawitem='item' :show-icon=\"true\"><\/calendardateline>\n\t\t\t\t\t<hr>\n\t\t\t\t<\/div>\n\t\t\t<\/div>\n\t\t<\/div>\n\t<\/a>\n\t<\/calendarteaser>\n<\/li>\n\n<\/ul>\n\t\t\t<\/div>\n\t\t\t\t<\/lazy-component>\n<\/section>\n\n\n\n","protected":false},"template":"","genre":[393],"digital":[],"topic":[],"stakeholder":[382],"editorial":[],"editorialfilter":[],"targetgroup":[],"language":[],"accessability":[430],"age":[],"school":[],"groupsize":[],"place":[510],"class_list":["post-85951","event","type-event","status-publish","has-post-thumbnail","hentry","genre-konzert","stakeholder-stiftung-humboldt-forum-im-berliner-schloss","accessability-rollstuhlgerecht","place-schlueterhof"],"acf":[],"_links":{"self":[{"href":"https:\/\/www.humboldtforum.org\/de\/wp-json\/wp\/v2\/event\/85951","targetHints":{"allow":["GET"]}}],"collection":[{"href":"https:\/\/www.humboldtforum.org\/de\/wp-json\/wp\/v2\/event"}],"about":[{"href":"https:\/\/www.humboldtforum.org\/de\/wp-json\/wp\/v2\/types\/event"}],"version-history":[{"count":12,"href":"https:\/\/www.humboldtforum.org\/de\/wp-json\/wp\/v2\/event\/85951\/revisions"}],"predecessor-version":[{"id":86982,"href":"https:\/\/www.humboldtforum.org\/de\/wp-json\/wp\/v2\/event\/85951\/revisions\/86982"}],"wp:featuredmedia":[{"embeddable":true,"href":"https:\/\/www.humboldtforum.org\/de\/wp-json\/wp\/v2\/media\/85919"}],"wp:attachment":[{"href":"https:\/\/www.humboldtforum.org\/de\/wp-json\/wp\/v2\/media?parent=85951"}],"wp:term":[{"taxonomy":"genre","embeddable":true,"href":"https:\/\/www.humboldtforum.org\/de\/wp-json\/wp\/v2\/genre?post=85951"},{"taxonomy":"digital","embeddable":true,"href":"https:\/\/www.humboldtforum.org\/de\/wp-json\/wp\/v2\/digital?post=85951"},{"taxonomy":"topic","embeddable":true,"href":"https:\/\/www.humboldtforum.org\/de\/wp-json\/wp\/v2\/topic?post=85951"},{"taxonomy":"stakeholder","embeddable":true,"href":"https:\/\/www.humboldtforum.org\/de\/wp-json\/wp\/v2\/stakeholder?post=85951"},{"taxonomy":"editorial","embeddable":true,"href":"https:\/\/www.humboldtforum.org\/de\/wp-json\/wp\/v2\/editorial?post=85951"},{"taxonomy":"editorialfilter","embeddable":true,"href":"https:\/\/www.humboldtforum.org\/de\/wp-json\/wp\/v2\/editorialfilter?post=85951"},{"taxonomy":"targetgroup","embeddable":true,"href":"https:\/\/www.humboldtforum.org\/de\/wp-json\/wp\/v2\/targetgroup?post=85951"},{"taxonomy":"language","embeddable":true,"href":"https:\/\/www.humboldtforum.org\/de\/wp-json\/wp\/v2\/language?post=85951"},{"taxonomy":"accessability","embeddable":true,"href":"https:\/\/www.humboldtforum.org\/de\/wp-json\/wp\/v2\/accessability?post=85951"},{"taxonomy":"age","embeddable":true,"href":"https:\/\/www.humboldtforum.org\/de\/wp-json\/wp\/v2\/age?post=85951"},{"taxonomy":"school","embeddable":true,"href":"https:\/\/www.humboldtforum.org\/de\/wp-json\/wp\/v2\/school?post=85951"},{"taxonomy":"groupsize","embeddable":true,"href":"https:\/\/www.humboldtforum.org\/de\/wp-json\/wp\/v2\/groupsize?post=85951"},{"taxonomy":"place","embeddable":true,"href":"https:\/\/www.humboldtforum.org\/de\/wp-json\/wp\/v2\/place?post=85951"}],"curies":[{"name":"wp","href":"https:\/\/api.w.org\/{rel}","templated":true}]}}