{"id":86829,"date":"2023-06-14T13:48:24","date_gmt":"2023-06-14T11:48:24","guid":{"rendered":"https:\/\/www.humboldtforum.org\/?post_type=event&#038;p=86829"},"modified":"2026-03-03T10:31:27","modified_gmt":"2026-03-03T09:31:27","slug":"adler-loewe-krone","status":"publish","type":"event","link":"https:\/\/www.humboldtforum.org\/de\/programm\/termin\/workshop\/adler-loewe-krone-86829\/","title":{"rendered":"Adler, L\u00f6we, Krone"},"content":{"rendered":"<section class=\"block block-copy\" >\n    <div class=\"container-fluid\">\n\t\t<div class=\"row \">\n            <div class=\"col-xs-12 col-md-offset-2 col-md-8\">\n                <div class=\"box\">\n                    <div class=\"copy\"><p>Welche Figuren und Symbole befinden sich an der rekonstruierten Fassade des Humboldt Forums? Was bedeuten sie? Und wie wurden die Kopien des Skulpturenschmucks hergestellt? In diesem Workshop setzten sich Familien mit Kindern ab 5 Jahren mit Symbolen vergangener Zeiten und der Bildsprache barocker Skulpturen auseinander. Sie lernen Rekonstruktionstechniken kennen, erproben im kreativen Umgang mit Modelliermasse und Gie\u00dfgips das Positiv-Negativ-Verfahren und entwerfen eigene Reliefs. Die selbst hergestellten Formen und Abg\u00fcsse nehmen sie anschlie\u00dfend mit nach Hause.<\/p>\n<\/div>\n                <\/div>\n            <\/div>\n\t\t<\/div>\n\t\t    <\/div>\n<\/section>\n\n<section class=\"block block-teaser col-1 \" style=\"\">\n\t<lazy-component :fixed-min-height=\"400\">\n\t\n\t\t\t\t\t<div class=\"container-fluid\">\n\t\t\t\t<div class=\"row bottom-xs\">\n\t\t\t\t\t<div class=\"col-xs-12 col-sm-10 col-md-8 col-sm-offset-1 col-md-offset-2\">\n\t\t\t\t\t\t<h4>Geh\u00f6rt zu<\/h4>\t\t\t\t\t\t\t\t\t\t\t\t\t\t\t\t\t\t\t<\/div>\n\t\t\t\t\t<div class=\"col-xs-12 col-sm-10 col-md-8 col-sm-offset-1 col-md-offset-2 start-xs end-md margin-bottom-sixth\">\n\t\t\t\t\t\t\t\t\t\t\t<\/div>\n\t\t\t\t<\/div>\n\t\t\t\t<ul class=\"row\">\n\t\t\t\n<li class=\"col-xs-12 teaser-wrapper col-padding-remove\">\n\t<calendarteaser key=\"3130918935\" rawitem='{&quot;postId&quot;:31309,&quot;title&quot;:&quot;Geschichte des Ortes&quot;,&quot;excerpt&quot;:&quot;&quot;,&quot;slug&quot;:&quot;geschichte-des-ortes&quot;,&quot;post_date&quot;:&quot;2021-09-10T15:11&quot;,&quot;type&quot;:&quot;event-feature&quot;,&quot;permalink&quot;:&quot;https:\\\/\\\/www.humboldtforum.org\\\/de\\\/programm\\\/feature\\\/geschichte-des-ortes-31309\\\/&quot;,&quot;genre&quot;:[1111],&quot;genre_details&quot;:[{&quot;text&quot;:&quot;Thema&quot;,&quot;id&quot;:1111,&quot;icon&quot;:null,&quot;parent&quot;:0}],&quot;editorial&quot;:[547,479,772],&quot;editorial_details&quot;:[{&quot;text&quot;:&quot;historisch&quot;,&quot;id&quot;:547,&quot;icon&quot;:null,&quot;parent&quot;:0},{&quot;text&quot;:&quot;\\u00fcberraschend&quot;,&quot;id&quot;:479,&quot;icon&quot;:null,&quot;parent&quot;:0},{&quot;text&quot;:&quot;vielf\\u00e4ltig&quot;,&quot;id&quot;:772,&quot;icon&quot;:null,&quot;parent&quot;:0}],&quot;icon_overwrite&quot;:&quot;&quot;,&quot;acf&quot;:{&quot;noindex&quot;:false,&quot;keywords&quot;:&quot;&quot;,&quot;shorturl&quot;:&quot;&quot;,&quot;planning&quot;:{&quot;price&quot;:&quot;&quot;,&quot;status&quot;:&quot;JOIN&quot;,&quot;info&quot;:&quot;&quot;,&quot;shop&quot;:&quot;&quot;,&quot;can_purchase&quot;:false},&quot;periods&quot;:[{&quot;label&quot;:&quot;&quot;,&quot;dates&quot;:[{&quot;start&quot;:&quot;202107200000&quot;,&quot;end&quot;:null,&quot;has_end&quot;:false,&quot;start_HRFSHORT&quot;:&quot;20.07.21&quot;,&quot;start_HRFSHORT_WD&quot;:&quot;Di 20.07.2021&quot;}],&quot;monday&quot;:[{&quot;start&quot;:&quot;10:00&quot;,&quot;end&quot;:&quot;20:00&quot;,&quot;closed&quot;:false}],&quot;tuesday&quot;:[{&quot;start&quot;:null,&quot;end&quot;:null,&quot;closed&quot;:true}],&quot;wednesday&quot;:[{&quot;start&quot;:&quot;00:00&quot;,&quot;end&quot;:&quot;20:00&quot;,&quot;closed&quot;:false}],&quot;thursday&quot;:[{&quot;start&quot;:&quot;10:00&quot;,&quot;end&quot;:&quot;20:00&quot;,&quot;closed&quot;:false}],&quot;friday&quot;:[{&quot;start&quot;:&quot;10:00&quot;,&quot;end&quot;:&quot;22:00&quot;,&quot;closed&quot;:false}],&quot;saturday&quot;:[{&quot;start&quot;:&quot;10:00&quot;,&quot;end&quot;:&quot;22:00&quot;,&quot;closed&quot;:false}],&quot;sunday&quot;:[{&quot;start&quot;:&quot;10:00&quot;,&quot;end&quot;:&quot;20:00&quot;,&quot;closed&quot;:false}],&quot;info&quot;:&quot;&quot;,&quot;description&quot;:&quot;&quot;}],&quot;subline&quot;:&quot;Seit 800 Jahren ein Hotspot der Politik&quot;,&quot;additional_info&quot;:{&quot;icon&quot;:&quot;0&quot;,&quot;text&quot;:&quot;&quot;},&quot;color&quot;:&quot;#FFFFFF&quot;,&quot;highlight_header&quot;:false,&quot;highlight_header_image&quot;:16234,&quot;has_mobile_format&quot;:false,&quot;hyphenation&quot;:true,&quot;tipp&quot;:false,&quot;joker&quot;:false,&quot;live&quot;:false,&quot;hide_event_in_program&quot;:false,&quot;period_exception&quot;:[]},&quot;period_list&quot;:&quot;&lt;strong&gt;\\u00d6ffnungszeiten&lt;\\\/strong&gt;\\nMo, Do, So: 10:00 \\u2013 20:00 Uhr\\nMi: 00:00 \\u2013 20:00 Uhr\\nFr, Sa: 10:00 \\u2013 22:00 Uhr\\nDi: geschlossen\\n\\n&quot;,&quot;period_exception&quot;:&quot;&quot;,&quot;date&quot;:{&quot;infinite&quot;:true,&quot;from_DATE&quot;:202107200000,&quot;from&quot;:1626739200,&quot;from_TIME&quot;:&quot;00:00&quot;,&quot;to&quot;:1809193560,&quot;to_DATE&quot;:202704301946,&quot;to_TIME&quot;:&quot;22:00&quot;,&quot;from_HRFSHORT&quot;:&quot;20. Jul 2021&quot;,&quot;from_HRFSHORT_WD&quot;:&quot;Di 20.07.2021&quot;,&quot;from_HRF&quot;:&quot;Di, 20. Juli 2021&quot;,&quot;to_HRF&quot;:&quot;Sa,  1. Mai 2027&quot;,&quot;to_HRFSHORT&quot;:&quot; 1. Mai 2027&quot;,&quot;to_HRFSHORT_WD&quot;:&quot;Sa 01.05.2027&quot;,&quot;from_to_HRF&quot;:&quot;Di, 20. Juli 2021 \\u2013 Sa,  1. Mai 2027&quot;,&quot;from_to_HRFSHORT&quot;:&quot;20. Jul 2021 \\u2013  1. Mai 2027&quot;,&quot;NXX&quot;:&quot;202604301946&quot;,&quot;NLAST&quot;:&quot;202705011746&quot;,&quot;NX&quot;:&quot;20260430&quot;},&quot;alert&quot;:null,&quot;partof&quot;:[],&quot;marketing_topic&quot;:&quot;&quot;}' inline-template>\n\t<a href=\"https:\/\/www.humboldtforum.org\/de\/programm\/feature\/geschichte-des-ortes-31309\/\" class=\"teaser teaser-event-feature teaser-event-standard\">\n\t\t<div class=\"row\">\n\t\t\t<div class=\"col-xs-12 col-sm-6 col-md-5 col-sm-offset-1 col-md-offset-2 first-sm teaser-event-text Infos\">\n\t\t\t\t<div class=\"teaser-event-standard-text\">\n\t\t\t\t\t<div class=\"margin-bottom-atom\">\n\t\t\t\t\t\t<div class=\"subline clamp-1\" v-html=\"maingenre\"><\/div>\n\t\t\t\t\t\t\t\t\t\t\t<\/div>\n\t\t\t\t\n\t\t\t\t\t<strong class=\"margin-bottom-atom h5\">Geschichte des Ortes<\/strong>\n\n\t\t\t\t\t\t\t\t\t\t\t<div class=\"\">Seit 800 Jahren ein Hotspot der Politik<\/div>\n\t\t\t\t\t\t\t\t\t<\/div>\n\t\t\t\t<div class=\"teaser-bottom border-bottom\">\n\t\t\t\t<calendardateline :rawitem='item' :show-icon=\"true\"><\/calendardateline>\n\t\t\t\t\t<hr>\n\t\t\t\t<\/div>\n\t\t\t<\/div>\n\t\t\t<div class=\"col-xs-12 col-sm-4 col-md-3 teaser-event-image bottom-xs first-xs\">\n\t\t\t\t<div class=\"teaser-image teaser-image-no-alternate\">\n\t\t\t\t\t\t\t\t\t\t\t\n\t<lazy-media-inline inline-template>\n\t\t<figure itemscope itemtype=\"http:\/\/schema.org\/ImageObject\" class=\"lazy-media-inline \" role=\"group\" id=\"media_69f3b17e19c8a\" aria-labelledby=\"desc_media_69f3b17e19c8a\">\n\t\t\t<script type=\"application\/json\" ref=\"data\">\n\t\t\t\t{\n\t\t\t\t\"sizes\" : {\"medium\":{\"file\":\"SHF_eb00020197-300x200.jpg\",\"width\":300,\"height\":200,\"mime-type\":\"image\\\/jpeg\"},\"large\":{\"file\":\"SHF_eb00020197-1024x682.jpg\",\"width\":1024,\"height\":682,\"mime-type\":\"image\\\/jpeg\"},\"thumbnail\":{\"file\":\"SHF_eb00020197-150x150.jpg\",\"width\":150,\"height\":150,\"mime-type\":\"image\\\/jpeg\"},\"medium_large\":{\"file\":\"SHF_eb00020197-768x512.jpg\",\"width\":768,\"height\":512,\"mime-type\":\"image\\\/jpeg\"},\"small\":{\"file\":\"SHF_eb00020197-440x293.jpg\",\"width\":440,\"height\":293,\"mime-type\":\"image\\\/jpeg\"},\"semi\":{\"file\":\"SHF_eb00020197-580x387.jpg\",\"width\":580,\"height\":387,\"mime-type\":\"image\\\/jpeg\"},\"mobile\":{\"file\":\"SHF_eb00020197-720x480.jpg\",\"width\":720,\"height\":480,\"mime-type\":\"image\\\/jpeg\"},\"hd\":{\"file\":\"SHF_eb00020197-1280x853.jpg\",\"width\":1280,\"height\":853,\"mime-type\":\"image\\\/jpeg\"},\"full\":{\"file\":\"SHF_eb00020197-1920x1280.jpg\",\"width\":1920,\"height\":1280,\"mime-type\":\"image\\\/jpeg\"},\"1536x1536\":{\"file\":\"SHF_eb00020197-1536x1024.jpg\",\"width\":1536,\"height\":1024,\"mime-type\":\"image\\\/jpeg\"},\"original\":{\"file\":\"SHF_eb00020197.jpg\",\"width\":2000,\"height\":1333}},\n\t\t\t\t\"alt\" : \"Arch\\u00e4ologische Ausgrabung in Berlin, im Hintergrund der Fernsehturm und historische Geb\\u00e4ude sichtbar.\",\n\t\t\t\t\"path\" : \"\\\/wp-content\\\/uploads\\\/2020\\\/11\\\/\",\n\t\t\t\t\"video\" : null,\n\t\t\t\t\"autoplay\" : null,\n\t\t\t\t\"youtube\" : null,\n\t\t\t\t\"youtubelabel\" : \"Video abspielen\",\n\t\t\t\t\"brightness\" : 100,\n\t\t\t\t\"crop\" : {\"top\":\"55.00\",\"left\":\"45.00\"},\n\t\t\t\t\"background\" : true,\n\t\t\t\t\"scale\" : 2\t\t\t\t}\n\t\t\t<\/script>\n\n\t\t\t<div class=\"height-container\" style=\"padding-bottom:66.65%;\" v-if=\"sizes\">\n\t\t\t\t\t\t\t\t<lazy-media :inline=\"true\" :alt=\"alt\" :sizes=\"sizes\" :scale=\"scale\" :brightness=\"brightness\" :path=\"path\" :video=\"video\" :autoplay=\"autoplay\" :youtube=\"youtube\" :crop=\"crop\" :youtubelabel=\"youtubelabel\" :background=\"background\" media-id=\"desc_media_69f3b17e19c8a\"><\/lazy-media>\n\t\t\t\t\t\t\t<\/div>\n\n\t\t\t\t\t\t\t<figcaption class=\"sr-only\" ref=\"body\" id=\"desc_media_69f3b17e19c8a\">\n\t\t\t\t\t\t\t\t\t\t\t<div>Ausgrabungen auf dem Schlossareal, 2009.<\/div>\n\t\t\t\t\t\t\t\t\t\t\t\t\t\t\t\t\t\t\t\t\t<div class=\"insignificant\">\u00a9 Steffen Jaenicke<\/div>\n\t\t\t\t\t\t\t\t\t<\/figcaption>\n\t\t\t\t\t<\/figure>\n\t<\/lazy-media-inline>\n\t\t\t\t<\/div>\n\t\t\t<\/div>\n\t\t<\/div>\n\t<\/a>\n\t<\/calendarteaser>\n<\/li>\n\n\t\t\t\t<\/ul>\n\t\t\t<\/div>\n\t\t\t\t<\/lazy-component>\n<\/section>\n\n","protected":false},"template":"","genre":[837],"digital":[],"topic":[],"stakeholder":[382],"editorial":[],"editorialfilter":[],"targetgroup":[454],"language":[384,385],"accessability":[],"age":[1753],"school":[],"groupsize":[1047],"place":[435,510,434,1034],"class_list":["post-86829","event","type-event","status-publish","has-post-thumbnail","hentry","genre-workshop","stakeholder-stiftung-humboldt-forum-im-berliner-schloss","targetgroup-kinder-und-familien","language-deutsch","language-englisch","age-ab-5-jahre","groupsize-max-20-personen","place-passage","place-schlueterhof","place-skulpturensaal-eg","place-werkraeume"],"acf":[],"_links":{"self":[{"href":"https:\/\/www.humboldtforum.org\/de\/wp-json\/wp\/v2\/event\/86829","targetHints":{"allow":["GET"]}}],"collection":[{"href":"https:\/\/www.humboldtforum.org\/de\/wp-json\/wp\/v2\/event"}],"about":[{"href":"https:\/\/www.humboldtforum.org\/de\/wp-json\/wp\/v2\/types\/event"}],"version-history":[{"count":12,"href":"https:\/\/www.humboldtforum.org\/de\/wp-json\/wp\/v2\/event\/86829\/revisions"}],"predecessor-version":[{"id":122044,"href":"https:\/\/www.humboldtforum.org\/de\/wp-json\/wp\/v2\/event\/86829\/revisions\/122044"}],"wp:featuredmedia":[{"embeddable":true,"href":"https:\/\/www.humboldtforum.org\/de\/wp-json\/wp\/v2\/media\/86892"}],"wp:attachment":[{"href":"https:\/\/www.humboldtforum.org\/de\/wp-json\/wp\/v2\/media?parent=86829"}],"wp:term":[{"taxonomy":"genre","embeddable":true,"href":"https:\/\/www.humboldtforum.org\/de\/wp-json\/wp\/v2\/genre?post=86829"},{"taxonomy":"digital","embeddable":true,"href":"https:\/\/www.humboldtforum.org\/de\/wp-json\/wp\/v2\/digital?post=86829"},{"taxonomy":"topic","embeddable":true,"href":"https:\/\/www.humboldtforum.org\/de\/wp-json\/wp\/v2\/topic?post=86829"},{"taxonomy":"stakeholder","embeddable":true,"href":"https:\/\/www.humboldtforum.org\/de\/wp-json\/wp\/v2\/stakeholder?post=86829"},{"taxonomy":"editorial","embeddable":true,"href":"https:\/\/www.humboldtforum.org\/de\/wp-json\/wp\/v2\/editorial?post=86829"},{"taxonomy":"editorialfilter","embeddable":true,"href":"https:\/\/www.humboldtforum.org\/de\/wp-json\/wp\/v2\/editorialfilter?post=86829"},{"taxonomy":"targetgroup","embeddable":true,"href":"https:\/\/www.humboldtforum.org\/de\/wp-json\/wp\/v2\/targetgroup?post=86829"},{"taxonomy":"language","embeddable":true,"href":"https:\/\/www.humboldtforum.org\/de\/wp-json\/wp\/v2\/language?post=86829"},{"taxonomy":"accessability","embeddable":true,"href":"https:\/\/www.humboldtforum.org\/de\/wp-json\/wp\/v2\/accessability?post=86829"},{"taxonomy":"age","embeddable":true,"href":"https:\/\/www.humboldtforum.org\/de\/wp-json\/wp\/v2\/age?post=86829"},{"taxonomy":"school","embeddable":true,"href":"https:\/\/www.humboldtforum.org\/de\/wp-json\/wp\/v2\/school?post=86829"},{"taxonomy":"groupsize","embeddable":true,"href":"https:\/\/www.humboldtforum.org\/de\/wp-json\/wp\/v2\/groupsize?post=86829"},{"taxonomy":"place","embeddable":true,"href":"https:\/\/www.humboldtforum.org\/de\/wp-json\/wp\/v2\/place?post=86829"}],"curies":[{"name":"wp","href":"https:\/\/api.w.org\/{rel}","templated":true}]}}