{"id":88537,"date":"2023-06-29T13:48:53","date_gmt":"2023-06-29T11:48:53","guid":{"rendered":"https:\/\/www.humboldtforum.org\/?post_type=event&#038;p=88537"},"modified":"2023-08-03T17:10:51","modified_gmt":"2023-08-03T15:10:51","slug":"bantunagojeje","status":"publish","type":"event","link":"https:\/\/www.humboldtforum.org\/de\/programm\/termin\/konzert\/bantunagojeje-88537\/","title":{"rendered":"BANTUNAGOJ\u00caJE"},"content":{"rendered":"<section class=\"block block-copy\" >\n    <div class=\"container-fluid\">\n\t\t<div class=\"row \">\n            <div class=\"col-xs-12 col-md-offset-2 col-md-8\">\n                <div class=\"box\">\n                    <div class=\"copy\"><p>Als w\u00fcrde Fela Kuti in den Stra\u00dfen von Salvador de Bahia jamen \u2013 der Sound der Berliner Brazilian-Afrobeat-Band <strong>BANTUNAGOJ\u00caJE<\/strong> wurzelt in den Vorstellungswelten des Candombl\u00e9 und wird erweitert durch verschiedenste Einfl\u00fcsse wie Afrobeat, Fusion Jazz und Funk. Die drei Teile des Bandnamens BANTU, NAG\u00d4 und J\u00caJE bezeichnen die drei gr\u00f6\u00dften Gruppen der Candombl\u00e9-Religion. BANTUNAGOJ\u00caJE verbindet ihre musikalischen Einfl\u00fcsse miteinander und macht daraus einen einzigartigen Mix tanzbarer Grooves. Kopf der Gruppe ist der brasilianische Komponist Paulo Cedraz, der die Songs schreibt und mit der neunk\u00f6pfigen Band arrangiert.<\/p>\n<p><a href=\"https:\/\/bantunagojeje.bandcamp.com\/track\/abre-caminho\" target=\"_blank\" rel=\"noopener\">Abre caminho auf Bandcamp<\/a><\/p>\n<p><a href=\"https:\/\/bantunagojeje.bandcamp.com\/track\/peregum-cruzado\" target=\"_blank\" rel=\"noopener\">Peregrum cruzado auf Bandcamp<\/a><\/p>\n<\/div>\n                <\/div>\n            <\/div>\n\t\t<\/div>\n\t\t    <\/div>\n<\/section>\n\n<section class=\"block block-media\">\n\t\t<div class=\"container-fluid\">\n\t\t<div class=\"row\">\n\t\t\t<div class=\"col-xs-10 col-md-6 col-xs-offset-1 col-md-offset-3\">\n\t\t\t\t<h5>BANTUNAGOJE\u0302JE \u2013 Leite de Pedra (YouTube)<\/h5>\n\t\t\t<\/div>\n\t\t<\/div>\n\t<\/div>\n\t\t<div class=\"container-fluid\">\n\t\t<div class=\"row\">\n\t\t\t<div class=\"col-xs-10 col-md-6 col-xs-offset-1 col-md-offset-3\">\n\t\t\t\n\t<lazy-media-inline inline-template>\n\t\t<figure itemscope itemtype=\"http:\/\/schema.org\/ImageObject\" class=\"lazy-media-inline \" role=\"group\" id=\"media_69f39459582ec\" aria-labelledby=\"desc_media_69f39459582ec\">\n\t\t\t<script type=\"application\/json\" ref=\"data\">\n\t\t\t\t{\n\t\t\t\t\"sizes\" : {\"medium\":{\"file\":\"SHF_eb00193894-300x225.jpg\",\"width\":300,\"height\":225,\"mime-type\":\"image\\\/jpeg\",\"filesize\":15559},\"large\":{\"file\":\"SHF_eb00193894-1024x768.jpg\",\"width\":1024,\"height\":768,\"mime-type\":\"image\\\/jpeg\",\"filesize\":120179},\"thumbnail\":{\"file\":\"SHF_eb00193894-150x150.jpg\",\"width\":150,\"height\":150,\"mime-type\":\"image\\\/jpeg\",\"filesize\":6526},\"medium_large\":{\"file\":\"SHF_eb00193894-768x576.jpg\",\"width\":768,\"height\":576,\"mime-type\":\"image\\\/jpeg\",\"filesize\":73460},\"small\":{\"file\":\"SHF_eb00193894-440x330.jpg\",\"width\":440,\"height\":330,\"mime-type\":\"image\\\/jpeg\",\"filesize\":29202},\"semi\":{\"file\":\"SHF_eb00193894-580x435.jpg\",\"width\":580,\"height\":435,\"mime-type\":\"image\\\/jpeg\",\"filesize\":46273},\"mobile\":{\"file\":\"SHF_eb00193894-720x540.jpg\",\"width\":720,\"height\":540,\"mime-type\":\"image\\\/jpeg\",\"filesize\":66035},\"hd\":{\"file\":\"SHF_eb00193894-1280x960.jpg\",\"width\":1280,\"height\":960,\"mime-type\":\"image\\\/jpeg\",\"filesize\":178480},\"full\":{\"file\":\"SHF_eb00193894-1920x1440.jpg\",\"width\":1920,\"height\":1440,\"mime-type\":\"image\\\/jpeg\",\"filesize\":371375},\"1536x1536\":{\"file\":\"SHF_eb00193894-1536x1152.jpg\",\"width\":1536,\"height\":1152,\"mime-type\":\"image\\\/jpeg\",\"filesize\":247272},\"2048x2048\":{\"file\":\"SHF_eb00193894-2048x1536.jpg\",\"width\":2048,\"height\":1536,\"mime-type\":\"image\\\/jpeg\",\"filesize\":416969},\"original\":{\"file\":\"SHF_eb00193894.jpg\",\"width\":4000,\"height\":3000}},\n\t\t\t\t\"alt\" : \"Live-Band auf der B\\u00fchne mit verschiedenen Instrumenten vor einem bunten, grafischen Hintergrund.\",\n\t\t\t\t\"path\" : \"\\\/wp-content\\\/uploads\\\/2023\\\/06\\\/\",\n\t\t\t\t\"video\" : null,\n\t\t\t\t\"autoplay\" : null,\n\t\t\t\t\"youtube\" : \"https:\\\/\\\/www.youtube.com\\\/watch?v=N_0ItMBfUJI\",\n\t\t\t\t\"youtubelabel\" : \"Video abspielen\",\n\t\t\t\t\"brightness\" : \"70\",\n\t\t\t\t\"crop\" : null,\n\t\t\t\t\"background\" : false,\n\t\t\t\t\"scale\" : 1\t\t\t\t}\n\t\t\t<\/script>\n\n\t\t\t<div class=\"height-container\" style=\"padding-bottom:75%;\" v-if=\"sizes\">\n\t\t\t\t\t\t\t\t<lazy-media :inline=\"true\" :alt=\"alt\" :sizes=\"sizes\" :scale=\"scale\" :brightness=\"brightness\" :path=\"path\" :video=\"video\" :autoplay=\"autoplay\" :youtube=\"youtube\" :crop=\"crop\" :youtubelabel=\"youtubelabel\" :background=\"background\" media-id=\"desc_media_69f39459582ec\"><\/lazy-media>\n\t\t\t\t\t\t\t<\/div>\n\n\t\t\t\t\t\t\t<figcaption class=\"\" id=\"desc_media_69f39459582ec\">\n\t\t\t\t\t<div class=\"lazy-media-info-body-content\">\n\t\t\t\t\t\t\t\t\t\t\t\t\t<div>BANTUNAGOJE\u0302JE<\/div>\n\t\t\t\t\t\t\t\t\t\t\t\t\t\t\t\t\t\t\t\t\t\t\t\t\t<div class=\"insignificant\">\u00a9 Jannik Steusloff<\/div>\n\t\t\t\t\t\t\t\t\t\t\t<\/div>\n\t\t\t\t<\/figcaption>\n\t\t\t\t\t\t\t\t\t<\/figure>\n\t<\/lazy-media-inline>\n\t\t\t<\/div>\n\t\t<\/div>\n\t<\/div>\n<\/section>\n\n<section class=\"block block-teaser col-1 has-bg\" style=\"--teaser-bg:#f2f2f2\">\n\t<lazy-component :fixed-min-height=\"400\">\n\t\n\t\t\t\t\t<div class=\"container-fluid\">\n\t\t\t\t<div class=\"row bottom-xs\">\n\t\t\t\t\t<div class=\"col-xs-12 col-sm-10 col-md-8 col-sm-offset-1 col-md-offset-2\">\n\t\t\t\t\t\t<h4>Geh\u00f6rt zu<\/h4>\t\t\t\t\t\t\t\t\t\t\t\t\t\t\t\t\t\t\t<\/div>\n\t\t\t\t\t<div class=\"col-xs-12 col-sm-10 col-md-8 col-sm-offset-1 col-md-offset-2 start-xs end-md margin-bottom-sixth\">\n\t\t\t\t\t\t\t\t\t\t\t<\/div>\n\t\t\t\t<\/div>\n\t\t\t\t<ul class=\"row\">\n\t\t\t\n<li class=\"col-xs-12 teaser-wrapper col-padding-remove\">\n\t<calendarteaser key=\"843315030\" rawitem='{&quot;postId&quot;:84331,&quot;title&quot;:&quot;Durchl\\u00fcften \\u2013\\u00a0Open Air im Schl\\u00fcterhof&quot;,&quot;excerpt&quot;:&quot;&quot;,&quot;slug&quot;:&quot;durchlueften-open-air-im-schlueterhof-3&quot;,&quot;post_date&quot;:&quot;2023-06-01T10:16&quot;,&quot;type&quot;:&quot;event-multi&quot;,&quot;permalink&quot;:&quot;https:\\\/\\\/www.humboldtforum.org\\\/de\\\/programm\\\/event\\\/open-air\\\/durchlueften-open-air-im-schlueterhof-3-84331\\\/&quot;,&quot;genre&quot;:[871],&quot;genre_details&quot;:[{&quot;text&quot;:&quot;Open Air&quot;,&quot;id&quot;:871,&quot;icon&quot;:null,&quot;parent&quot;:0}],&quot;stakeholder&quot;:[382],&quot;stakeholder_details&quot;:[{&quot;text&quot;:&quot;Stiftung Humboldt Forum im Berliner Schloss&quot;,&quot;id&quot;:382,&quot;icon&quot;:null,&quot;parent&quot;:0}],&quot;editorial&quot;:[417,911,646],&quot;editorial_details&quot;:[{&quot;text&quot;:&quot;drau\\u00dfen&quot;,&quot;id&quot;:417,&quot;icon&quot;:null,&quot;parent&quot;:0},{&quot;text&quot;:&quot;sommerlich&quot;,&quot;id&quot;:911,&quot;icon&quot;:null,&quot;parent&quot;:0},{&quot;text&quot;:&quot;vielstimmig&quot;,&quot;id&quot;:646,&quot;icon&quot;:null,&quot;parent&quot;:0}],&quot;targetgroup&quot;:[383,455,454],&quot;targetgroup_details&quot;:[{&quot;text&quot;:&quot;Erwachsene&quot;,&quot;id&quot;:383,&quot;icon&quot;:null,&quot;parent&quot;:0},{&quot;text&quot;:&quot;Jugendliche&quot;,&quot;id&quot;:455,&quot;icon&quot;:null,&quot;parent&quot;:0},{&quot;text&quot;:&quot;Kinder und Familien&quot;,&quot;id&quot;:454,&quot;icon&quot;:null,&quot;parent&quot;:0}],&quot;accessability&quot;:[430],&quot;accessability_details&quot;:[{&quot;text&quot;:&quot;Rollstuhlgerecht&quot;,&quot;id&quot;:430,&quot;icon&quot;:null,&quot;parent&quot;:0}],&quot;place&quot;:[510],&quot;place_details&quot;:{&quot;place&quot;:&quot;Humboldt Forum&quot;,&quot;map&quot;:&quot;Humboldt Forum, Schlossplatz, Berlin&quot;,&quot;room&quot;:&quot;Schl\\u00fcterhof&quot;},&quot;icon_overwrite&quot;:&quot;&quot;,&quot;acf&quot;:{&quot;noindex&quot;:false,&quot;keywords&quot;:&quot;&quot;,&quot;belongsto&quot;:false,&quot;shorturl&quot;:&quot;&quot;,&quot;planning&quot;:{&quot;price&quot;:&quot;kostenfrei&quot;,&quot;admission&quot;:&quot;&quot;,&quot;pause&quot;:&quot;&quot;,&quot;duration&quot;:&quot;&quot;,&quot;status&quot;:&quot;JOIN&quot;,&quot;info&quot;:&quot;&quot;,&quot;shop&quot;:&quot;&quot;,&quot;can_purchase&quot;:false},&quot;subline&quot;:&quot;Live Konzerte, DJ Acts, Familienprogramm&quot;,&quot;additional_info&quot;:{&quot;icon&quot;:&quot;0&quot;,&quot;text&quot;:&quot;&quot;},&quot;highlight_header&quot;:true,&quot;highlight_header_image&quot;:87734,&quot;has_mobile_format&quot;:true,&quot;use_video_in_teasers&quot;:false,&quot;hyphenation&quot;:true,&quot;tipp&quot;:false,&quot;joker&quot;:false,&quot;live&quot;:false,&quot;announcement&quot;:&quot;13.07.\\u201305.08.2023&quot;,&quot;overwrite_date&quot;:&quot;13.07.\\u201305.08.2023&quot;,&quot;hide_event_in_program&quot;:false,&quot;times&quot;:[],&quot;infotext&quot;:&quot;An vier Wochenenden donnerstags, freitags und samstags&quot;,&quot;highlight_header_image_mobile&quot;:87736,&quot;redirect&quot;:&quot;https:\\\/\\\/www.humboldtforum.org\\\/de\\\/programm\\\/event\\\/konzert\\\/durchluften-2024-129109\\\/&quot;},&quot;date&quot;:{&quot;NX&quot;:null,&quot;NXX&quot;:null,&quot;NLAST&quot;:&quot;202308051500&quot;,&quot;from_DATE&quot;:&quot;20230713 19:00&quot;,&quot;from&quot;:1689260400,&quot;to&quot;:1691247600,&quot;to_DATE&quot;:&quot;20230805 19:00&quot;,&quot;from_HRFSHORT&quot;:&quot;13. Jul 2023&quot;,&quot;from_HRFSHORT_WD&quot;:&quot;Do 13.07.2023&quot;,&quot;to_HRFSHORT&quot;:&quot; 5. Aug 2023&quot;,&quot;to_HRFSHORT_WD&quot;:&quot;Sa 05.08.2023&quot;,&quot;from_HRF&quot;:&quot;Do, 13. Juli 2023&quot;,&quot;to_HRF&quot;:&quot;Sa,  5. August 2023&quot;,&quot;from_to_HRF&quot;:&quot;Do, 13. Juli \\u2013 Sa,  5. August 2023&quot;,&quot;from_to_HRFSHORT&quot;:&quot;13. Jul \\u2013  5. Aug 2023&quot;},&quot;alert&quot;:&quot;Highlight&quot;,&quot;partof&quot;:[],&quot;marketing_topic&quot;:&quot;&quot;}' inline-template>\n\t<a href=\"https:\/\/www.humboldtforum.org\/de\/programm\/event\/open-air\/durchlueften-open-air-im-schlueterhof-3-84331\/\" class=\"teaser teaser-event-multi teaser-event-standard\">\n\t\t<div class=\"row\">\n\t\t\t<div class=\"col-xs-12 col-sm-6 col-md-5 col-sm-offset-1 col-md-offset-2 first-sm teaser-event-text Infos\">\n\t\t\t\t<div class=\"teaser-event-standard-text\">\n\t\t\t\t\t<div class=\"margin-bottom-atom\">\n\t\t\t\t\t\t<div class=\"subline clamp-1\" v-html=\"maingenre\"><\/div>\n\t\t\t\t\t\t\t\t\t\t\t<\/div>\n\t\t\t\t\n\t\t\t\t\t<strong class=\"margin-bottom-atom h5\">Durchl\u00fcften \u2013\u00a0Open Air im Schl\u00fcterhof<\/strong>\n\n\t\t\t\t\t\t\t\t\t\t\t<div class=\"\">Live Konzerte, DJ Acts, Familienprogramm<\/div>\n\t\t\t\t\t\t\t\t\t<\/div>\n\t\t\t\t<div class=\"teaser-bottom border-bottom\">\n\t\t\t\t<calendardateline :rawitem='item' :show-icon=\"true\"><\/calendardateline>\n\t\t\t\t\t<hr>\n\t\t\t\t<\/div>\n\t\t\t<\/div>\n\t\t\t<div class=\"col-xs-12 col-sm-4 col-md-3 teaser-event-image bottom-xs first-xs\">\n\t\t\t\t<div class=\"teaser-image teaser-image-no-alternate\">\n\t\t\t\t\t\t\t\t\t\t\t\t\t<span class=\"alert\">Highlight<\/span>\n\t\t\t\t\t\t\t\t\t\t\t\n\t<lazy-media-inline inline-template>\n\t\t<figure itemscope itemtype=\"http:\/\/schema.org\/ImageObject\" class=\"lazy-media-inline \" role=\"group\" id=\"media_69f394596f256\" aria-labelledby=\"desc_media_69f394596f256\">\n\t\t\t<script type=\"application\/json\" ref=\"data\">\n\t\t\t\t{\n\t\t\t\t\"sizes\" : {\"medium\":{\"file\":\"SHF_eb00196920-176x300.jpg\",\"width\":176,\"height\":300,\"mime-type\":\"image\\\/jpeg\",\"filesize\":10776},\"large\":{\"file\":\"SHF_eb00196920-600x1024.jpg\",\"width\":600,\"height\":1024,\"mime-type\":\"image\\\/jpeg\",\"filesize\":75965},\"thumbnail\":{\"file\":\"SHF_eb00196920-150x150.jpg\",\"width\":150,\"height\":150,\"mime-type\":\"image\\\/jpeg\",\"filesize\":6635},\"medium_large\":{\"file\":\"SHF_eb00196920-768x1312.jpg\",\"width\":768,\"height\":1312,\"mime-type\":\"image\\\/jpeg\",\"filesize\":112938},\"small\":{\"file\":\"SHF_eb00196920-258x440.jpg\",\"width\":258,\"height\":440,\"mime-type\":\"image\\\/jpeg\",\"filesize\":19893},\"semi\":{\"file\":\"SHF_eb00196920-340x580.jpg\",\"width\":340,\"height\":580,\"mime-type\":\"image\\\/jpeg\",\"filesize\":30729},\"mobile\":{\"file\":\"SHF_eb00196920-422x720.jpg\",\"width\":422,\"height\":720,\"mime-type\":\"image\\\/jpeg\",\"filesize\":43237},\"hd\":{\"file\":\"SHF_eb00196920-749x1280.jpg\",\"width\":749,\"height\":1280,\"mime-type\":\"image\\\/jpeg\",\"filesize\":108985},\"full\":{\"file\":\"SHF_eb00196920-1124x1920.jpg\",\"width\":1124,\"height\":1920,\"mime-type\":\"image\\\/jpeg\",\"filesize\":209186},\"1536x1536\":{\"file\":\"SHF_eb00196920-899x1536.jpg\",\"width\":899,\"height\":1536,\"mime-type\":\"image\\\/jpeg\",\"filesize\":146884},\"2048x2048\":{\"file\":\"SHF_eb00196920-1199x2048.jpg\",\"width\":1199,\"height\":2048,\"mime-type\":\"image\\\/jpeg\",\"filesize\":230618},\"original\":{\"file\":\"SHF_eb00196920.jpg\",\"width\":1780,\"height\":3040}},\n\t\t\t\t\"alt\" : \"Eine fr\\u00f6hliche Szenerie mit einem Polaroid von applaudierendem Publikum, umgeben von Palmen und bunten F\\u00e4hnchen.\",\n\t\t\t\t\"path\" : \"\\\/wp-content\\\/uploads\\\/2023\\\/06\\\/\",\n\t\t\t\t\"video\" : null,\n\t\t\t\t\"autoplay\" : null,\n\t\t\t\t\"youtube\" : null,\n\t\t\t\t\"youtubelabel\" : \"Video abspielen\",\n\t\t\t\t\"brightness\" : 100,\n\t\t\t\t\"crop\" : null,\n\t\t\t\t\"background\" : true,\n\t\t\t\t\"scale\" : 1\t\t\t\t}\n\t\t\t<\/script>\n\n\t\t\t<div class=\"height-container\" style=\"padding-bottom:170.78651685393%;\" v-if=\"sizes\">\n\t\t\t\t\t\t\t\t<lazy-media :inline=\"true\" :alt=\"alt\" :sizes=\"sizes\" :scale=\"scale\" :brightness=\"brightness\" :path=\"path\" :video=\"video\" :autoplay=\"autoplay\" :youtube=\"youtube\" :crop=\"crop\" :youtubelabel=\"youtubelabel\" :background=\"background\" media-id=\"desc_media_69f394596f256\"><\/lazy-media>\n\t\t\t\t\t\t\t<\/div>\n\n\t\t\t\t\t\t\t<figcaption class=\"sr-only\" ref=\"body\" id=\"desc_media_69f394596f256\">\n\t\t\t\t\t\t\t\t\t\t\t<div>Durchl&uuml;ften 2023<\/div>\n\t\t\t\t\t\t\t\t\t\t\t\t\t\t\t\t\t\t\t\t\t<div class=\"insignificant\">\u00a9 Stiftung Humboldt Forum im Berliner Schloss \/ Xander Heinl, photothek.de; Getty Images \/ Jose A. Bernat Bacete; COLOA Studio \/ Shutterstock; iStockphoto \/ Joakim Leroy, UrosPoteko<\/div>\n\t\t\t\t\t\t\t\t\t<\/figcaption>\n\t\t\t\t\t<\/figure>\n\t<\/lazy-media-inline>\n\t\t\t\t<\/div>\n\t\t\t<\/div>\n\t\t<\/div>\n\t<\/a>\n\t<\/calendarteaser>\n<\/li>\n\n\t\t\t\t<\/ul>\n\t\t\t<\/div>\n\t\t\t\t<\/lazy-component>\n<\/section>\n\n\n\n<section class=\"block block-teaser col-4 \" style=\"\">\n\t<lazy-component :fixed-min-height=\"400\">\n\t\n\t\t\t\t\t<div class=\"container-fluid\">\n\t\t\t\t<div class=\"row bottom-xs\">\n\t\t\t\t\t<div class=\"col-xs-12 col-md-8\">\n\t\t\t\t\t\t<h4>Weiteres B\u00fchnenprogramm am 04.08.2023<\/h4>\t\t\t\t\t\t\t\t\t\t\t\t\t\t\t\t\t\t\t<\/div>\n\t\t\t\t\t<div class=\"col-xs-12 col-md-4 start-xs end-md margin-bottom-sixth\">\n\t\t\t\t\t\t\t\t\t\t\t<\/div>\n\t\t\t\t<\/div>\n\t\t\t\t<ul class=\"row\"> <li class=\"col-xs-6 col-sm-4 col-md-3 teaser-wrapper col-padding-remove\">\n\t<calendarteaser key=\"8854911337\" rawitem='{&quot;postId&quot;:88549,&quot;title&quot;:&quot;Tropical Timewarp&quot;,&quot;excerpt&quot;:&quot;&quot;,&quot;slug&quot;:&quot;tropical-timewarp&quot;,&quot;post_date&quot;:&quot;2023-06-29T13:51&quot;,&quot;type&quot;:&quot;event&quot;,&quot;permalink&quot;:&quot;https:\\\/\\\/www.humboldtforum.org\\\/de\\\/programm\\\/termin\\\/dj-set\\\/tropical-timewarp-88549\\\/&quot;,&quot;genre&quot;:[946],&quot;genre_details&quot;:[{&quot;text&quot;:&quot;DJ Set&quot;,&quot;id&quot;:946,&quot;icon&quot;:null,&quot;parent&quot;:0}],&quot;stakeholder&quot;:[382],&quot;stakeholder_details&quot;:[{&quot;text&quot;:&quot;Stiftung Humboldt Forum im Berliner Schloss&quot;,&quot;id&quot;:382,&quot;icon&quot;:null,&quot;parent&quot;:0}],&quot;accessability&quot;:[430],&quot;accessability_details&quot;:[{&quot;text&quot;:&quot;Rollstuhlgerecht&quot;,&quot;id&quot;:430,&quot;icon&quot;:null,&quot;parent&quot;:0}],&quot;place&quot;:[510],&quot;place_details&quot;:{&quot;place&quot;:&quot;Humboldt Forum&quot;,&quot;map&quot;:&quot;Humboldt Forum, Schlossplatz, Berlin&quot;,&quot;room&quot;:&quot;Schl\\u00fcterhof&quot;},&quot;icon_overwrite&quot;:&quot;&quot;,&quot;acf&quot;:{&quot;noindex&quot;:false,&quot;keywords&quot;:&quot;&quot;,&quot;hashtag&quot;:&quot;HumboldtForum&quot;,&quot;belongsto&quot;:[84331],&quot;shorturl&quot;:&quot;&quot;,&quot;times&quot;:[],&quot;planning&quot;:{&quot;price&quot;:&quot;kostenfrei&quot;,&quot;admission&quot;:&quot;&quot;,&quot;pause&quot;:&quot;&quot;,&quot;duration&quot;:&quot;&quot;},&quot;subline&quot;:&quot;DJ Set&quot;,&quot;additional_info&quot;:{&quot;icon&quot;:&quot;0&quot;,&quot;text&quot;:&quot;&quot;},&quot;highlight_header&quot;:false,&quot;featured_images&quot;:[88524],&quot;use_video_in_teasers&quot;:false,&quot;hyphenation&quot;:true,&quot;tipp&quot;:false,&quot;joker&quot;:false,&quot;live&quot;:false,&quot;hide_event_in_program&quot;:false,&quot;gomus_id&quot;:&quot;&quot;,&quot;hm_id&quot;:&quot;&quot;},&quot;date&quot;:{&quot;NX&quot;:null,&quot;NXX&quot;:null,&quot;NLAST&quot;:&quot;202308041800&quot;,&quot;from_DATE&quot;:&quot;20230804 22:00&quot;,&quot;from&quot;:1691172000,&quot;to&quot;:1691172000,&quot;to_DATE&quot;:&quot;20230804 22:00&quot;,&quot;from_HRFSHORT&quot;:&quot; 4. Aug 2023&quot;,&quot;from_HRFSHORT_WD&quot;:&quot;Fr 04.08.2023&quot;,&quot;to_HRFSHORT&quot;:&quot; 4. Aug 2023&quot;,&quot;to_HRFSHORT_WD&quot;:&quot;Fr 04.08.2023&quot;,&quot;from_HRF&quot;:&quot;Fr,  4. August 2023&quot;,&quot;to_HRF&quot;:&quot;Fr,  4. August 2023&quot;,&quot;from_to_HRF&quot;:&quot;Fr,  4. August \\u2013 Fr,  4. August 2023&quot;,&quot;from_to_HRFSHORT&quot;:&quot; 4. Aug \\u2013  4. Aug 2023&quot;},&quot;alert&quot;:null,&quot;partof&quot;:[],&quot;marketing_topic&quot;:{&quot;title&quot;:&quot;Durchl\\u00fcften \\u2013\\u00a0Open Air im Schl\\u00fcterhof&quot;,&quot;ID&quot;:84331,&quot;reason&quot;:&quot;belongsto&quot;}}' inline-template>\n\t<a href=\"https:\/\/www.humboldtforum.org\/de\/programm\/termin\/dj-set\/tropical-timewarp-88549\/\" class=\"teaser teaser-event teaser-event-standard\">\n\t\t<div class=\"row\">\n\t\t\t<div class=\"col-xs-12 teaser-event-image\">\n\t\t\t\t<div class=\"teaser-image teaser-image-no-alternate\">\n\t\t\t\t\t\t\t\t\t\t\t\n\t<lazy-media-inline inline-template>\n\t\t<figure itemscope itemtype=\"http:\/\/schema.org\/ImageObject\" class=\"lazy-media-inline \" role=\"group\" id=\"media_69f394597f8d9\" aria-labelledby=\"desc_media_69f394597f8d9\">\n\t\t\t<script type=\"application\/json\" ref=\"data\">\n\t\t\t\t{\n\t\t\t\t\"sizes\" : {\"medium\":{\"file\":\"SHF_eb00196979-300x200.jpg\",\"width\":300,\"height\":200,\"mime-type\":\"image\\\/jpeg\",\"filesize\":16695},\"large\":{\"file\":\"SHF_eb00196979-1024x684.jpg\",\"width\":1024,\"height\":684,\"mime-type\":\"image\\\/jpeg\",\"filesize\":162385},\"thumbnail\":{\"file\":\"SHF_eb00196979-150x150.jpg\",\"width\":150,\"height\":150,\"mime-type\":\"image\\\/jpeg\",\"filesize\":7336},\"medium_large\":{\"file\":\"SHF_eb00196979-768x513.jpg\",\"width\":768,\"height\":513,\"mime-type\":\"image\\\/jpeg\",\"filesize\":95437},\"small\":{\"file\":\"SHF_eb00196979-440x294.jpg\",\"width\":440,\"height\":294,\"mime-type\":\"image\\\/jpeg\",\"filesize\":33610},\"semi\":{\"file\":\"SHF_eb00196979-580x387.jpg\",\"width\":580,\"height\":387,\"mime-type\":\"image\\\/jpeg\",\"filesize\":56805},\"mobile\":{\"file\":\"SHF_eb00196979-720x481.jpg\",\"width\":720,\"height\":481,\"mime-type\":\"image\\\/jpeg\",\"filesize\":84756},\"hd\":{\"file\":\"SHF_eb00196979-1280x855.jpg\",\"width\":1280,\"height\":855,\"mime-type\":\"image\\\/jpeg\",\"filesize\":246013},\"full\":{\"file\":\"SHF_eb00196979-1920x1282.jpg\",\"width\":1920,\"height\":1282,\"mime-type\":\"image\\\/jpeg\",\"filesize\":518238},\"xxl\":{\"file\":\"SHF_eb00196979-4048x2704.jpg\",\"width\":4048,\"height\":2704,\"mime-type\":\"image\\\/jpeg\",\"filesize\":1916206},\"1536x1536\":{\"file\":\"SHF_eb00196979-1536x1026.jpg\",\"width\":1536,\"height\":1026,\"mime-type\":\"image\\\/jpeg\",\"filesize\":344439},\"2048x2048\":{\"file\":\"SHF_eb00196979-2048x1368.jpg\",\"width\":2048,\"height\":1368,\"mime-type\":\"image\\\/jpeg\",\"filesize\":581807},\"original\":{\"file\":\"SHF_eb00196979.jpg\",\"width\":4240,\"height\":2832}},\n\t\t\t\t\"alt\" : \"Drei M\\u00e4nner posieren vor einem holzverschalten Hintergrund, bekleidet mit bunten T-Shirts und Caps.\",\n\t\t\t\t\"path\" : \"\\\/wp-content\\\/uploads\\\/2023\\\/06\\\/\",\n\t\t\t\t\"video\" : null,\n\t\t\t\t\"autoplay\" : null,\n\t\t\t\t\"youtube\" : null,\n\t\t\t\t\"youtubelabel\" : \"Video abspielen\",\n\t\t\t\t\"brightness\" : 100,\n\t\t\t\t\"crop\" : {\"top\":\"22.75\",\"left\":\"54.17\"},\n\t\t\t\t\"background\" : true,\n\t\t\t\t\"scale\" : 2\t\t\t\t}\n\t\t\t<\/script>\n\n\t\t\t<div class=\"height-container\" style=\"padding-bottom:66.792452830189%;\" v-if=\"sizes\">\n\t\t\t\t\t\t\t\t<lazy-media :inline=\"true\" :alt=\"alt\" :sizes=\"sizes\" :scale=\"scale\" :brightness=\"brightness\" :path=\"path\" :video=\"video\" :autoplay=\"autoplay\" :youtube=\"youtube\" :crop=\"crop\" :youtubelabel=\"youtubelabel\" :background=\"background\" media-id=\"desc_media_69f394597f8d9\"><\/lazy-media>\n\t\t\t\t\t\t\t<\/div>\n\n\t\t\t\t\t\t\t<figcaption class=\"sr-only\" ref=\"body\" id=\"desc_media_69f394597f8d9\">\n\t\t\t\t\t\t\t\t\t\t\t<div>Tropical Timewarp<\/div>\n\t\t\t\t\t\t\t\t\t\t\t\t\t\t\t\t\t\t\t\t\t<div class=\"insignificant\">\u00a9 @tropicaltimewarp<\/div>\n\t\t\t\t\t\t\t\t\t<\/figcaption>\n\t\t\t\t\t<\/figure>\n\t<\/lazy-media-inline>\n\t\t\t\t<\/div>\n\t\t\t<\/div>\n\t\t\t<div class=\"col-xs-12 teaser-event-text Infos\">\n\t\t\t\t<div class=\"teaser-event-standard-text\">\n\t\t\t\t\t<div class=\"margin-bottom-atom\">\n\t\t\t\t\t\t<div class=\"subline clamp-1\" v-html=\"maingenre\"><\/div>\n\t\t\t\t\t\t\t\t\t\t\t\t\t<div class=\"insignificant clamp-2\">Durchl\u00fcften \u2013\u00a0Open Air im Schl\u00fcterhof<\/div>\n\t\t\t\t\t\t\t\t\t\t\t<\/div>\n\t\t\t\t\n\t\t\t\t\t<strong class=\"margin-bottom-atom\">Tropical Timewarp<\/strong>\n\n\t\t\t\t\t\t\t\t\t\t\t<div class=\"\">DJ Set<\/div>\n\t\t\t\t\t\t\t\t\t<\/div>\n\t\t\t\t<div class=\"teaser-bottom border-bottom\">\n\t\t\t\t<calendardateline :rawitem='item' :show-icon=\"true\"><\/calendardateline>\n\t\t\t\t\t<hr>\n\t\t\t\t<\/div>\n\t\t\t<\/div>\n\t\t<\/div>\n\t<\/a>\n\t<\/calendarteaser>\n<\/li>\n\n<li class=\"col-xs-6 col-sm-4 col-md-3 teaser-wrapper col-padding-remove\">\n\t<calendarteaser key=\"885309214\" rawitem='{&quot;postId&quot;:88530,&quot;title&quot;:&quot;Batila &amp; The DreamBus&quot;,&quot;excerpt&quot;:&quot;&quot;,&quot;slug&quot;:&quot;batila-the-dreambus&quot;,&quot;post_date&quot;:&quot;2023-06-29T12:37&quot;,&quot;type&quot;:&quot;event&quot;,&quot;permalink&quot;:&quot;https:\\\/\\\/www.humboldtforum.org\\\/de\\\/programm\\\/termin\\\/konzert\\\/batila-the-dreambus-88530\\\/&quot;,&quot;genre&quot;:[393],&quot;genre_details&quot;:[{&quot;text&quot;:&quot;Konzert&quot;,&quot;id&quot;:393,&quot;icon&quot;:null,&quot;parent&quot;:0}],&quot;stakeholder&quot;:[382],&quot;stakeholder_details&quot;:[{&quot;text&quot;:&quot;Stiftung Humboldt Forum im Berliner Schloss&quot;,&quot;id&quot;:382,&quot;icon&quot;:null,&quot;parent&quot;:0}],&quot;accessability&quot;:[430],&quot;accessability_details&quot;:[{&quot;text&quot;:&quot;Rollstuhlgerecht&quot;,&quot;id&quot;:430,&quot;icon&quot;:null,&quot;parent&quot;:0}],&quot;place&quot;:[510],&quot;place_details&quot;:{&quot;place&quot;:&quot;Humboldt Forum&quot;,&quot;map&quot;:&quot;Humboldt Forum, Schlossplatz, Berlin&quot;,&quot;room&quot;:&quot;Schl\\u00fcterhof&quot;},&quot;icon_overwrite&quot;:&quot;&quot;,&quot;acf&quot;:{&quot;noindex&quot;:false,&quot;keywords&quot;:&quot;&quot;,&quot;hashtag&quot;:&quot;HumboldtForum&quot;,&quot;belongsto&quot;:[84331],&quot;shorturl&quot;:&quot;&quot;,&quot;times&quot;:[],&quot;planning&quot;:{&quot;price&quot;:&quot;kostenfrei&quot;,&quot;admission&quot;:&quot;&quot;,&quot;pause&quot;:&quot;&quot;,&quot;duration&quot;:&quot;&quot;},&quot;subline&quot;:&quot;Konzert im Schl\\u00fcterhof&quot;,&quot;additional_info&quot;:{&quot;icon&quot;:&quot;0&quot;,&quot;text&quot;:&quot;&quot;},&quot;highlight_header&quot;:false,&quot;featured_images&quot;:[88528],&quot;use_video_in_teasers&quot;:false,&quot;hyphenation&quot;:true,&quot;tipp&quot;:false,&quot;joker&quot;:false,&quot;live&quot;:false,&quot;hide_event_in_program&quot;:false,&quot;gomus_id&quot;:&quot;&quot;,&quot;hm_id&quot;:&quot;&quot;,&quot;has_mobile_format&quot;:false,&quot;highlight_header_image&quot;:88528},&quot;date&quot;:{&quot;NX&quot;:null,&quot;NXX&quot;:null,&quot;NLAST&quot;:&quot;202308041500&quot;,&quot;from_DATE&quot;:&quot;20230804 19:00&quot;,&quot;from&quot;:1691161200,&quot;to&quot;:1691161200,&quot;to_DATE&quot;:&quot;20230804 19:00&quot;,&quot;from_HRFSHORT&quot;:&quot; 4. Aug 2023&quot;,&quot;from_HRFSHORT_WD&quot;:&quot;Fr 04.08.2023&quot;,&quot;to_HRFSHORT&quot;:&quot; 4. Aug 2023&quot;,&quot;to_HRFSHORT_WD&quot;:&quot;Fr 04.08.2023&quot;,&quot;from_HRF&quot;:&quot;Fr,  4. August 2023&quot;,&quot;to_HRF&quot;:&quot;Fr,  4. August 2023&quot;,&quot;from_to_HRF&quot;:&quot;Fr,  4. August \\u2013 Fr,  4. August 2023&quot;,&quot;from_to_HRFSHORT&quot;:&quot; 4. Aug \\u2013  4. Aug 2023&quot;},&quot;alert&quot;:null,&quot;partof&quot;:[],&quot;marketing_topic&quot;:{&quot;title&quot;:&quot;Durchl\\u00fcften \\u2013\\u00a0Open Air im Schl\\u00fcterhof&quot;,&quot;ID&quot;:84331,&quot;reason&quot;:&quot;belongsto&quot;}}' inline-template>\n\t<a href=\"https:\/\/www.humboldtforum.org\/de\/programm\/termin\/konzert\/batila-the-dreambus-88530\/\" class=\"teaser teaser-event teaser-event-standard\">\n\t\t<div class=\"row\">\n\t\t\t<div class=\"col-xs-12 teaser-event-image\">\n\t\t\t\t<div class=\"teaser-image teaser-image-no-alternate\">\n\t\t\t\t\t\t\t\t\t\t\t\n\t<lazy-media-inline inline-template>\n\t\t<figure itemscope itemtype=\"http:\/\/schema.org\/ImageObject\" class=\"lazy-media-inline \" role=\"group\" id=\"media_69f394598049d\" aria-labelledby=\"desc_media_69f394598049d\">\n\t\t\t<script type=\"application\/json\" ref=\"data\">\n\t\t\t\t{\n\t\t\t\t\"sizes\" : {\"medium\":{\"file\":\"SHF_eb00194241-1-300x212.jpg\",\"width\":300,\"height\":212,\"mime-type\":\"image\\\/jpeg\",\"filesize\":9939},\"large\":{\"file\":\"SHF_eb00194241-1-1024x724.jpg\",\"width\":1024,\"height\":724,\"mime-type\":\"image\\\/jpeg\",\"filesize\":67709},\"thumbnail\":{\"file\":\"SHF_eb00194241-1-150x150.jpg\",\"width\":150,\"height\":150,\"mime-type\":\"image\\\/jpeg\",\"filesize\":5058},\"medium_large\":{\"file\":\"SHF_eb00194241-1-768x543.jpg\",\"width\":768,\"height\":543,\"mime-type\":\"image\\\/jpeg\",\"filesize\":43173},\"small\":{\"file\":\"SHF_eb00194241-1-440x311.jpg\",\"width\":440,\"height\":311,\"mime-type\":\"image\\\/jpeg\",\"filesize\":17505},\"semi\":{\"file\":\"SHF_eb00194241-1-580x410.jpg\",\"width\":580,\"height\":410,\"mime-type\":\"image\\\/jpeg\",\"filesize\":27534},\"mobile\":{\"file\":\"SHF_eb00194241-1-720x509.jpg\",\"width\":720,\"height\":509,\"mime-type\":\"image\\\/jpeg\",\"filesize\":38741},\"original\":{\"file\":\"SHF_eb00194241-1.jpg\",\"width\":1280,\"height\":905}},\n\t\t\t\t\"alt\" : \"Mann mit Dreads und Brille steht mit ausgebreiteten Armen, tr\\u00e4gt ein gestreiftes Outfit und eine Halskette.\",\n\t\t\t\t\"path\" : \"\\\/wp-content\\\/uploads\\\/2023\\\/06\\\/\",\n\t\t\t\t\"video\" : null,\n\t\t\t\t\"autoplay\" : null,\n\t\t\t\t\"youtube\" : null,\n\t\t\t\t\"youtubelabel\" : \"Video abspielen\",\n\t\t\t\t\"brightness\" : 100,\n\t\t\t\t\"crop\" : null,\n\t\t\t\t\"background\" : true,\n\t\t\t\t\"scale\" : 2\t\t\t\t}\n\t\t\t<\/script>\n\n\t\t\t<div class=\"height-container\" style=\"padding-bottom:70.703125%;\" v-if=\"sizes\">\n\t\t\t\t\t\t\t\t<lazy-media :inline=\"true\" :alt=\"alt\" :sizes=\"sizes\" :scale=\"scale\" :brightness=\"brightness\" :path=\"path\" :video=\"video\" :autoplay=\"autoplay\" :youtube=\"youtube\" :crop=\"crop\" :youtubelabel=\"youtubelabel\" :background=\"background\" media-id=\"desc_media_69f394598049d\"><\/lazy-media>\n\t\t\t\t\t\t\t<\/div>\n\n\t\t\t\t\t\t\t<figcaption class=\"sr-only\" ref=\"body\" id=\"desc_media_69f394598049d\">\n\t\t\t\t\t\t\t\t\t\t\t<div>Batila &amp; The Dream Bus <\/div>\n\t\t\t\t\t\t\t\t\t\t\t\t\t\t\t\t\t\t\t\t\t<div class=\"insignificant\">\u00a9 Oliver Ajkovic<\/div>\n\t\t\t\t\t\t\t\t\t<\/figcaption>\n\t\t\t\t\t<\/figure>\n\t<\/lazy-media-inline>\n\t\t\t\t<\/div>\n\t\t\t<\/div>\n\t\t\t<div class=\"col-xs-12 teaser-event-text Infos\">\n\t\t\t\t<div class=\"teaser-event-standard-text\">\n\t\t\t\t\t<div class=\"margin-bottom-atom\">\n\t\t\t\t\t\t<div class=\"subline clamp-1\" v-html=\"maingenre\"><\/div>\n\t\t\t\t\t\t\t\t\t\t\t\t\t<div class=\"insignificant clamp-2\">Durchl\u00fcften \u2013\u00a0Open Air im Schl\u00fcterhof<\/div>\n\t\t\t\t\t\t\t\t\t\t\t<\/div>\n\t\t\t\t\n\t\t\t\t\t<strong class=\"margin-bottom-atom\">Batila &amp; The DreamBus<\/strong>\n\n\t\t\t\t\t\t\t\t\t\t\t<div class=\"\">Konzert im Schl\u00fcterhof<\/div>\n\t\t\t\t\t\t\t\t\t<\/div>\n\t\t\t\t<div class=\"teaser-bottom border-bottom\">\n\t\t\t\t<calendardateline :rawitem='item' :show-icon=\"true\"><\/calendardateline>\n\t\t\t\t\t<hr>\n\t\t\t\t<\/div>\n\t\t\t<\/div>\n\t\t<\/div>\n\t<\/a>\n\t<\/calendarteaser>\n<\/li>\n\n<\/ul>\n\t\t\t<\/div>\n\t\t\t\t<\/lazy-component>\n<\/section>\n\n\n\n<section class=\"block block-CTA block-CTA-long leftgradient\">\n\t<div class=\"container-fluid\">\n\t\t<div class=\"row center-xs\">\n\t\t\t<div class=\"col-xs-12\">\n\t\t\t\t<div class=\"box\">\n\t\t\t\t\t<a href=\"https:\/\/www.humboldtforum.org\/de\/newsletter-2\/\" aria-label=\"Bleiben Sie auf dem Laufenden!\" class=\"teaser teaser-cta-wide \">\n\t\t\t\t\t\t<div class=\"teaser-image\">\n\t\t\t\t\t\t\t\n\t<lazy-media-inline inline-template>\n\t\t<figure itemscope itemtype=\"http:\/\/schema.org\/ImageObject\" class=\"lazy-media-inline \" role=\"group\" id=\"media_69f39459821c2\" aria-labelledby=\"desc_media_69f39459821c2\">\n\t\t\t<script type=\"application\/json\" ref=\"data\">\n\t\t\t\t{\n\t\t\t\t\"sizes\" : {\"medium\":{\"file\":\"HF_eb00061823-scaled-300x200.jpg\",\"width\":300,\"height\":200,\"mime-type\":\"image\\\/jpeg\",\"filesize\":19186},\"large\":{\"file\":\"HF_eb00061823-scaled-1024x683.jpg\",\"width\":1024,\"height\":683,\"mime-type\":\"image\\\/jpeg\",\"filesize\":138597},\"thumbnail\":{\"file\":\"HF_eb00061823-scaled-150x150.jpg\",\"width\":150,\"height\":150,\"mime-type\":\"image\\\/jpeg\",\"filesize\":8513},\"medium_large\":{\"file\":\"HF_eb00061823-scaled-768x512.jpg\",\"width\":768,\"height\":512,\"mime-type\":\"image\\\/jpeg\",\"filesize\":86200},\"small\":{\"file\":\"HF_eb00061823-scaled-440x293.jpg\",\"width\":440,\"height\":293,\"mime-type\":\"image\\\/jpeg\",\"filesize\":35525},\"semi\":{\"file\":\"HF_eb00061823-scaled-580x387.jpg\",\"width\":580,\"height\":387,\"mime-type\":\"image\\\/jpeg\",\"filesize\":55724},\"mobile\":{\"file\":\"HF_eb00061823-scaled-720x480.jpg\",\"width\":720,\"height\":480,\"mime-type\":\"image\\\/jpeg\",\"filesize\":77971},\"hd\":{\"file\":\"HF_eb00061823-scaled-1280x854.jpg\",\"width\":1280,\"height\":854,\"mime-type\":\"image\\\/jpeg\",\"filesize\":202477},\"full\":{\"file\":\"HF_eb00061823-scaled-1920x1280.jpg\",\"width\":1920,\"height\":1280,\"mime-type\":\"image\\\/jpeg\",\"filesize\":386736},\"1536x1536\":{\"file\":\"HF_eb00061823-scaled-1536x1024.jpg\",\"width\":1536,\"height\":1024,\"mime-type\":\"image\\\/jpeg\",\"filesize\":266197},\"2048x2048\":{\"file\":\"HF_eb00061823-scaled-2048x1366.jpg\",\"width\":2048,\"height\":1366,\"mime-type\":\"image\\\/jpeg\",\"filesize\":430206},\"original\":{\"file\":\"HF_eb00061823-scaled.jpg\",\"width\":2560,\"height\":1707}},\n\t\t\t\t\"alt\" : \"Blick in das beleuchtete Foyer von der Galerie im ersten Stock mit Besuchenden, Infopoint und Medienturm\",\n\t\t\t\t\"path\" : \"\\\/wp-content\\\/uploads\\\/2020\\\/04\\\/\",\n\t\t\t\t\"video\" : null,\n\t\t\t\t\"autoplay\" : null,\n\t\t\t\t\"youtube\" : null,\n\t\t\t\t\"youtubelabel\" : \"Video abspielen\",\n\t\t\t\t\"brightness\" : \"70\",\n\t\t\t\t\"crop\" : {\"top\":\"90.37\",\"left\":\"39.93\"},\n\t\t\t\t\"background\" : true,\n\t\t\t\t\"scale\" : 2\t\t\t\t}\n\t\t\t<\/script>\n\n\t\t\t<div class=\"height-container\" style=\"padding-bottom:66.6796875%;\" v-if=\"sizes\">\n\t\t\t\t\t\t\t\t<lazy-media :inline=\"true\" :alt=\"alt\" :sizes=\"sizes\" :scale=\"scale\" :brightness=\"brightness\" :path=\"path\" :video=\"video\" :autoplay=\"autoplay\" :youtube=\"youtube\" :crop=\"crop\" :youtubelabel=\"youtubelabel\" :background=\"background\" media-id=\"desc_media_69f39459821c2\"><\/lazy-media>\n\t\t\t\t\t\t\t<\/div>\n\n\t\t\t\t\t\t\t<figcaption class=\"sr-only\" ref=\"body\" id=\"desc_media_69f39459821c2\">\n\t\t\t\t\t\t\t\t\t\t\t<div>Blick in das Foyer, November 2019.<\/div>\n\t\t\t\t\t\t\t\t\t\t\t\t\t\t\t\t\t\t\t\t\t<div class=\"insignificant\">\u00a9 Stiftung Humboldt Forum im Berliner Schloss \/ David von Becker<\/div>\n\t\t\t\t\t\t\t\t\t<\/figcaption>\n\t\t\t\t\t<\/figure>\n\t<\/lazy-media-inline>\n\t\t\t\t\t\t<\/div>\n\t\t\t\t\t\t<div class=\"teaser-content \">\n\t\t\t\t\t\t\t<div>\n\t\t\t\t\t\t\t\t\t\t\t\t\t\t\t\t<div class=\"teaser-header\"><span class=\"h3\">Bleiben Sie auf dem Laufenden!<\/span><\/div>\n\t\t\t\t\t\t\t\t<div class=\"teaser-subline\"><span class=\"font-decoration\">Abonnieren Sie unseren Newsletter.<\/span><\/div>\t\t\t\t\t\t\t\t<button tabindex=\"-1\" class=\"border\">Hier klicken<\/button>\n\t\t\t\t\t\t\t<\/div>\n\t\t\t\t\t\t<\/div>\n\t\t\t\t\t<\/a>\n\t\t\t\t<\/div>\n\t\t\t<\/div>\n\t\t<\/div>\n\t<\/div>\n<\/section>\n","protected":false},"template":"","genre":[393],"digital":[],"topic":[],"stakeholder":[382],"editorial":[],"editorialfilter":[],"targetgroup":[],"language":[],"accessability":[430],"age":[],"school":[],"groupsize":[],"place":[510],"class_list":["post-88537","event","type-event","status-publish","has-post-thumbnail","hentry","genre-konzert","stakeholder-stiftung-humboldt-forum-im-berliner-schloss","accessability-rollstuhlgerecht","place-schlueterhof"],"acf":[],"_links":{"self":[{"href":"https:\/\/www.humboldtforum.org\/de\/wp-json\/wp\/v2\/event\/88537","targetHints":{"allow":["GET"]}}],"collection":[{"href":"https:\/\/www.humboldtforum.org\/de\/wp-json\/wp\/v2\/event"}],"about":[{"href":"https:\/\/www.humboldtforum.org\/de\/wp-json\/wp\/v2\/types\/event"}],"version-history":[{"count":12,"href":"https:\/\/www.humboldtforum.org\/de\/wp-json\/wp\/v2\/event\/88537\/revisions"}],"predecessor-version":[{"id":93971,"href":"https:\/\/www.humboldtforum.org\/de\/wp-json\/wp\/v2\/event\/88537\/revisions\/93971"}],"wp:featuredmedia":[{"embeddable":true,"href":"https:\/\/www.humboldtforum.org\/de\/wp-json\/wp\/v2\/media\/88526"}],"wp:attachment":[{"href":"https:\/\/www.humboldtforum.org\/de\/wp-json\/wp\/v2\/media?parent=88537"}],"wp:term":[{"taxonomy":"genre","embeddable":true,"href":"https:\/\/www.humboldtforum.org\/de\/wp-json\/wp\/v2\/genre?post=88537"},{"taxonomy":"digital","embeddable":true,"href":"https:\/\/www.humboldtforum.org\/de\/wp-json\/wp\/v2\/digital?post=88537"},{"taxonomy":"topic","embeddable":true,"href":"https:\/\/www.humboldtforum.org\/de\/wp-json\/wp\/v2\/topic?post=88537"},{"taxonomy":"stakeholder","embeddable":true,"href":"https:\/\/www.humboldtforum.org\/de\/wp-json\/wp\/v2\/stakeholder?post=88537"},{"taxonomy":"editorial","embeddable":true,"href":"https:\/\/www.humboldtforum.org\/de\/wp-json\/wp\/v2\/editorial?post=88537"},{"taxonomy":"editorialfilter","embeddable":true,"href":"https:\/\/www.humboldtforum.org\/de\/wp-json\/wp\/v2\/editorialfilter?post=88537"},{"taxonomy":"targetgroup","embeddable":true,"href":"https:\/\/www.humboldtforum.org\/de\/wp-json\/wp\/v2\/targetgroup?post=88537"},{"taxonomy":"language","embeddable":true,"href":"https:\/\/www.humboldtforum.org\/de\/wp-json\/wp\/v2\/language?post=88537"},{"taxonomy":"accessability","embeddable":true,"href":"https:\/\/www.humboldtforum.org\/de\/wp-json\/wp\/v2\/accessability?post=88537"},{"taxonomy":"age","embeddable":true,"href":"https:\/\/www.humboldtforum.org\/de\/wp-json\/wp\/v2\/age?post=88537"},{"taxonomy":"school","embeddable":true,"href":"https:\/\/www.humboldtforum.org\/de\/wp-json\/wp\/v2\/school?post=88537"},{"taxonomy":"groupsize","embeddable":true,"href":"https:\/\/www.humboldtforum.org\/de\/wp-json\/wp\/v2\/groupsize?post=88537"},{"taxonomy":"place","embeddable":true,"href":"https:\/\/www.humboldtforum.org\/de\/wp-json\/wp\/v2\/place?post=88537"}],"curies":[{"name":"wp","href":"https:\/\/api.w.org\/{rel}","templated":true}]}}