{"id":99906,"date":"2023-09-13T14:03:53","date_gmt":"2023-09-13T12:03:53","guid":{"rendered":"https:\/\/www.humboldtforum.org\/?post_type=event&#038;p=99906"},"modified":"2023-11-01T10:56:40","modified_gmt":"2023-11-01T09:56:40","slug":"zeremonien-der-ofrenda","status":"publish","type":"event","link":"https:\/\/www.humboldtforum.org\/de\/programm\/termin\/performance\/zeremonien-der-ofrenda-99906\/","title":{"rendered":"Zeremonien an der Ofrenda"},"content":{"rendered":"<section class=\"block block-copy\" >\n    <div class=\"container-fluid\">\n\t\t<div class=\"row \">\n            <div class=\"col-xs-12 col-md-offset-2 col-md-8\">\n                <div class=\"box\">\n                    <div class=\"copy\"><p>Die Ofrenda, ein ca. 40 m2 gro\u00dfer, \u00fcberbordend geschm\u00fcckter Altar, ist der Dreh- und Angelpunkt des mexikanischen Totenfestes. Nach der zeremoniellen \u00d6ffnung wird er geschm\u00fcckt mit Blumen, Kerzen, Kunsthandwerk, Obst, Kuchen, S\u00fc\u00dfigkeiten, Limonaden, Schnaps, Zigaretten &#8211; Geschenke f\u00fcr die Verstorbenen. Auch Sie als Besucher*innen sind herzlich eingeladen, Gaben wie Fotos, Kerzen f\u00fcr Ihre Verstorbenen mitzubringen. So w\u00e4chst der Altar im Laufe des Festes und f\u00fcllt sich mit Erinnerungsst\u00fccken.<\/p>\n<p>Die \u00d6ffnungs- und Schlie\u00dfungszeremonien werden an jedem Tag des Festes mithilfe von traditionellen Rhythmusinstrumenten wie Rasseln und Schellen sowie Muscheln durchgef\u00fchrt, um die Verstorbenen verabschieden.<\/p>\n<p>&nbsp;<\/p>\n<h4>Beteiligte:<\/h4>\n<p>Mario V\u00e1zquez<br \/>\nMario Hernandez<br \/>\nMaite Lamu\u00f1o<br \/>\nAdriana Barrera<br \/>\nM\u00f3nica Toimil<br \/>\nMarie-Louise Stille<br \/>\nPablo V\u00e1zquez<br \/>\nBj\u00f6rn Bergek<\/p>\n<h4>Musik:<\/h4>\n<p>Victor Iba\u00f1ez<br \/>\nAlina Iba\u00f1ez Ebers<br \/>\nDarinka Ezeta<br \/>\nFernando Velasco<br \/>\nStephanie Gonsior<\/p>\n<\/div>\n                <\/div>\n            <\/div>\n\t\t<\/div>\n\t\t    <\/div>\n<\/section>\n\n\n<section class=\"block block-gallery\">\n\t<div class=\"container-fluid\">\n\t\t<div class=\"row center-xs\">\n\t\t\t<div class=\"col-xs-12\">\n\t\t\t\t<div class=\"box text-align-left\">\n\t\t\t\t\t<block-gallery inline-template>\n\t\t\t\t\t\t<div :class=\"{ firstLoaded: firstLoaded }\">\n\t\t\t\t\t\t\t<script type=\"application\/json\" ref=\"data\">\n\t\t\t\t\t\t\t{\n\t\t\t\t\t\t\t\t\"images\" : [{\"id\":0,\"width\":2000,\"height\":1332,\"alt\":\"Frauen bei einer kulturellen Zeremonie, umgeben von Kerzenlicht und festlicher Atmosph&auml;re im Hintergrund.\",\"title\":\"\",\"description\":\"\",\"label\":\"Zeremonie im Rahmen des mexikanischen Totenfests des Vereins Calaca e.V.\",\"copyright\":\"Ernesto Mendez\",\"path\":\"\\\/wp-content\\\/uploads\\\/2023\\\/09\\\/\",\"sizes\":{\"medium\":{\"file\":\"SHF_eb00202440-300x200.jpg\",\"width\":300,\"height\":200,\"mime-type\":\"image\\\/jpeg\",\"filesize\":12686},\"large\":{\"file\":\"SHF_eb00202440-1024x682.jpg\",\"width\":1024,\"height\":682,\"mime-type\":\"image\\\/jpeg\",\"filesize\":70330},\"thumbnail\":{\"file\":\"SHF_eb00202440-150x150.jpg\",\"width\":150,\"height\":150,\"mime-type\":\"image\\\/jpeg\",\"filesize\":6738},\"medium_large\":{\"file\":\"SHF_eb00202440-768x511.jpg\",\"width\":768,\"height\":511,\"mime-type\":\"image\\\/jpeg\",\"filesize\":46594},\"small\":{\"file\":\"SHF_eb00202440-440x293.jpg\",\"width\":440,\"height\":293,\"mime-type\":\"image\\\/jpeg\",\"filesize\":21693},\"semi\":{\"file\":\"SHF_eb00202440-580x386.jpg\",\"width\":580,\"height\":386,\"mime-type\":\"image\\\/jpeg\",\"filesize\":31970},\"mobile\":{\"file\":\"SHF_eb00202440-720x480.jpg\",\"width\":720,\"height\":480,\"mime-type\":\"image\\\/jpeg\",\"filesize\":42802},\"hd\":{\"file\":\"SHF_eb00202440-1280x852.jpg\",\"width\":1280,\"height\":852,\"mime-type\":\"image\\\/jpeg\",\"filesize\":96640},\"full\":{\"file\":\"SHF_eb00202440-1920x1279.jpg\",\"width\":1920,\"height\":1279,\"mime-type\":\"image\\\/jpeg\",\"filesize\":176117},\"1536x1536\":{\"file\":\"SHF_eb00202440-1536x1023.jpg\",\"width\":1536,\"height\":1023,\"mime-type\":\"image\\\/jpeg\",\"filesize\":125708},\"original\":{\"file\":\"SHF_eb00202440.jpg\",\"width\":2000,\"height\":1332}}},{\"id\":1,\"width\":6048,\"height\":4024,\"alt\":\"Bunte D&iacute;a de los Muertos-Dekoration mit Skeletfigur, Blumen und traditionellem Schmuck.\",\"title\":\"\",\"description\":\"\",\"label\":\"Geschm&uuml;ckter Altar f&uuml;r das mexikanische Totenfest\",\"copyright\":\"Ernesto Mendez\",\"path\":\"\\\/wp-content\\\/uploads\\\/2023\\\/08\\\/\",\"sizes\":{\"medium\":{\"file\":\"SHF_eb00202372-300x200.jpg\",\"width\":300,\"height\":200,\"mime-type\":\"image\\\/jpeg\",\"filesize\":17504},\"large\":{\"file\":\"SHF_eb00202372-1024x681.jpg\",\"width\":1024,\"height\":681,\"mime-type\":\"image\\\/jpeg\",\"filesize\":110552},\"thumbnail\":{\"file\":\"SHF_eb00202372-150x150.jpg\",\"width\":150,\"height\":150,\"mime-type\":\"image\\\/jpeg\",\"filesize\":8801},\"medium_large\":{\"file\":\"SHF_eb00202372-768x511.jpg\",\"width\":768,\"height\":511,\"mime-type\":\"image\\\/jpeg\",\"filesize\":72231},\"small\":{\"file\":\"SHF_eb00202372-440x293.jpg\",\"width\":440,\"height\":293,\"mime-type\":\"image\\\/jpeg\",\"filesize\":31557},\"semi\":{\"file\":\"SHF_eb00202372-580x386.jpg\",\"width\":580,\"height\":386,\"mime-type\":\"image\\\/jpeg\",\"filesize\":48280},\"mobile\":{\"file\":\"SHF_eb00202372-720x479.jpg\",\"width\":720,\"height\":479,\"mime-type\":\"image\\\/jpeg\",\"filesize\":65448},\"hd\":{\"file\":\"SHF_eb00202372-1280x852.jpg\",\"width\":1280,\"height\":852,\"mime-type\":\"image\\\/jpeg\",\"filesize\":152570},\"full\":{\"file\":\"SHF_eb00202372-1920x1277.jpg\",\"width\":1920,\"height\":1277,\"mime-type\":\"image\\\/jpeg\",\"filesize\":272496},\"xxl\":{\"file\":\"SHF_eb00202372-4048x2693.jpg\",\"width\":4048,\"height\":2693,\"mime-type\":\"image\\\/jpeg\",\"filesize\":877084},\"1536x1536\":{\"file\":\"SHF_eb00202372-1536x1022.jpg\",\"width\":1536,\"height\":1022,\"mime-type\":\"image\\\/jpeg\",\"filesize\":197748},\"2048x2048\":{\"file\":\"SHF_eb00202372-2048x1363.jpg\",\"width\":2048,\"height\":1363,\"mime-type\":\"image\\\/jpeg\",\"filesize\":299925},\"original\":{\"file\":\"SHF_eb00202372.jpg\",\"width\":6048,\"height\":4024}}},{\"id\":2,\"width\":2000,\"height\":3000,\"alt\":\"Frau z&uuml;ndet Kerzen an einem Gedenkort an, umrahmt von Lichtern und Blumen in einer friedlichen Atmosph&auml;re.\",\"title\":\"\",\"description\":\"\",\"label\":\"Geschm&uuml;ckter Altar zum mexikanischen Totenfest\",\"copyright\":\"Ruben Nitsche\",\"path\":\"\\\/wp-content\\\/uploads\\\/2023\\\/09\\\/\",\"sizes\":{\"medium\":{\"file\":\"SHF_eb00202437-200x300.jpg\",\"width\":200,\"height\":300,\"mime-type\":\"image\\\/jpeg\",\"filesize\":9964},\"large\":{\"file\":\"SHF_eb00202437-683x1024.jpg\",\"width\":683,\"height\":1024,\"mime-type\":\"image\\\/jpeg\",\"filesize\":58861},\"thumbnail\":{\"file\":\"SHF_eb00202437-150x150.jpg\",\"width\":150,\"height\":150,\"mime-type\":\"image\\\/jpeg\",\"filesize\":4532},\"medium_large\":{\"file\":\"SHF_eb00202437-768x1152.jpg\",\"width\":768,\"height\":1152,\"mime-type\":\"image\\\/jpeg\",\"filesize\":70948},\"small\":{\"file\":\"SHF_eb00202437-293x440.jpg\",\"width\":293,\"height\":440,\"mime-type\":\"image\\\/jpeg\",\"filesize\":16846},\"semi\":{\"file\":\"SHF_eb00202437-387x580.jpg\",\"width\":387,\"height\":580,\"mime-type\":\"image\\\/jpeg\",\"filesize\":25231},\"mobile\":{\"file\":\"SHF_eb00202437-480x720.jpg\",\"width\":480,\"height\":720,\"mime-type\":\"image\\\/jpeg\",\"filesize\":34023},\"hd\":{\"file\":\"SHF_eb00202437-853x1280.jpg\",\"width\":853,\"height\":1280,\"mime-type\":\"image\\\/jpeg\",\"filesize\":85078},\"full\":{\"file\":\"SHF_eb00202437-1280x1920.jpg\",\"width\":1280,\"height\":1920,\"mime-type\":\"image\\\/jpeg\",\"filesize\":177437},\"1536x1536\":{\"file\":\"SHF_eb00202437-1024x1536.jpg\",\"width\":1024,\"height\":1536,\"mime-type\":\"image\\\/jpeg\",\"filesize\":116774},\"2048x2048\":{\"file\":\"SHF_eb00202437-1365x2048.jpg\",\"width\":1365,\"height\":2048,\"mime-type\":\"image\\\/jpeg\",\"filesize\":201318},\"original\":{\"file\":\"SHF_eb00202437.jpg\",\"width\":2000,\"height\":3000}}},{\"id\":3,\"width\":2000,\"height\":1333,\"alt\":\"Festlich dekorierter Altar zum D&iacute;a de los Muertos mit Blumen, Kerzen und traditionellem Kunsthandwerk.\",\"title\":\"\",\"description\":\"\",\"label\":\"Geschm&uuml;ckter Altar zum mexikanischen Totenfest\",\"copyright\":\"Ernesto Mendez\",\"path\":\"\\\/wp-content\\\/uploads\\\/2023\\\/09\\\/\",\"sizes\":{\"medium\":{\"file\":\"SHF_eb00202438-300x200.jpg\",\"width\":300,\"height\":200,\"mime-type\":\"image\\\/jpeg\",\"filesize\":22838},\"large\":{\"file\":\"SHF_eb00202438-1024x682.jpg\",\"width\":1024,\"height\":682,\"mime-type\":\"image\\\/jpeg\",\"filesize\":179174},\"thumbnail\":{\"file\":\"SHF_eb00202438-150x150.jpg\",\"width\":150,\"height\":150,\"mime-type\":\"image\\\/jpeg\",\"filesize\":10427},\"medium_large\":{\"file\":\"SHF_eb00202438-768x512.jpg\",\"width\":768,\"height\":512,\"mime-type\":\"image\\\/jpeg\",\"filesize\":111409},\"small\":{\"file\":\"SHF_eb00202438-440x293.jpg\",\"width\":440,\"height\":293,\"mime-type\":\"image\\\/jpeg\",\"filesize\":44289},\"semi\":{\"file\":\"SHF_eb00202438-580x387.jpg\",\"width\":580,\"height\":387,\"mime-type\":\"image\\\/jpeg\",\"filesize\":70913},\"mobile\":{\"file\":\"SHF_eb00202438-720x480.jpg\",\"width\":720,\"height\":480,\"mime-type\":\"image\\\/jpeg\",\"filesize\":100586},\"hd\":{\"file\":\"SHF_eb00202438-1280x853.jpg\",\"width\":1280,\"height\":853,\"mime-type\":\"image\\\/jpeg\",\"filesize\":255114},\"full\":{\"file\":\"SHF_eb00202438-1920x1280.jpg\",\"width\":1920,\"height\":1280,\"mime-type\":\"image\\\/jpeg\",\"filesize\":481617},\"1536x1536\":{\"file\":\"SHF_eb00202438-1536x1024.jpg\",\"width\":1536,\"height\":1024,\"mime-type\":\"image\\\/jpeg\",\"filesize\":338766},\"original\":{\"file\":\"SHF_eb00202438.jpg\",\"width\":2000,\"height\":1333}}},{\"id\":4,\"width\":5184,\"height\":3456,\"alt\":\"Zwei Personen dekorieren einen Altar mit Blumen und bunten Gegenst&auml;nden.\",\"title\":\"\",\"description\":\"\",\"label\":\"\",\"copyright\":\"Ruben Nitsche\",\"path\":\"\\\/wp-content\\\/uploads\\\/2023\\\/08\\\/\",\"sizes\":{\"medium\":{\"file\":\"SHF_eb00202439-300x200.jpg\",\"width\":300,\"height\":200,\"mime-type\":\"image\\\/jpeg\",\"filesize\":20585},\"large\":{\"file\":\"SHF_eb00202439-1024x683.jpg\",\"width\":1024,\"height\":683,\"mime-type\":\"image\\\/jpeg\",\"filesize\":139822},\"thumbnail\":{\"file\":\"SHF_eb00202439-150x150.jpg\",\"width\":150,\"height\":150,\"mime-type\":\"image\\\/jpeg\",\"filesize\":9675},\"medium_large\":{\"file\":\"SHF_eb00202439-768x512.jpg\",\"width\":768,\"height\":512,\"mime-type\":\"image\\\/jpeg\",\"filesize\":89307},\"small\":{\"file\":\"SHF_eb00202439-440x293.jpg\",\"width\":440,\"height\":293,\"mime-type\":\"image\\\/jpeg\",\"filesize\":37972},\"semi\":{\"file\":\"SHF_eb00202439-580x387.jpg\",\"width\":580,\"height\":387,\"mime-type\":\"image\\\/jpeg\",\"filesize\":58971},\"mobile\":{\"file\":\"SHF_eb00202439-720x480.jpg\",\"width\":720,\"height\":480,\"mime-type\":\"image\\\/jpeg\",\"filesize\":80714},\"hd\":{\"file\":\"SHF_eb00202439-1280x853.jpg\",\"width\":1280,\"height\":853,\"mime-type\":\"image\\\/jpeg\",\"filesize\":196765},\"full\":{\"file\":\"SHF_eb00202439-1920x1280.jpg\",\"width\":1920,\"height\":1280,\"mime-type\":\"image\\\/jpeg\",\"filesize\":371114},\"xxl\":{\"file\":\"SHF_eb00202439-4048x2699.jpg\",\"width\":4048,\"height\":2699,\"mime-type\":\"image\\\/jpeg\",\"filesize\":1325251},\"1536x1536\":{\"file\":\"SHF_eb00202439-1536x1024.jpg\",\"width\":1536,\"height\":1024,\"mime-type\":\"image\\\/jpeg\",\"filesize\":259704},\"2048x2048\":{\"file\":\"SHF_eb00202439-2048x1365.jpg\",\"width\":2048,\"height\":1365,\"mime-type\":\"image\\\/jpeg\",\"filesize\":412510},\"original\":{\"file\":\"SHF_eb00202439.jpg\",\"width\":5184,\"height\":3456}}}]\t\t\t\t\t\t\t}\n\t\t\t\t\t\t\t<\/script>\n\n\t\t\t\t\t\t\t<swiper :options=\"options\" @slide-change=\"track\">\n\t\t\t\t\t\t\t\t<div class=\"swiper-slide\" :key=\"image.id\" v-for=\"image in images\">\n\t\t\t\t\t\t\t\t\t<block-gallery-item inline-template :image=\"image\">\n\t\t\t\t\t\t\t\t\t\t<figure class=\"swiper-slide-image-wrapper\" ref=\"parent\">\n\t\t\t\t\t\t\t\t\t\t\t<div class=\"width-container\" ref=\"container\" :style=\"style\">\n\t\t\t\t\t\t\t\t\t\t\t\t<div data-swiper-parallax-x=\"50%\">\n\t\t\t\t\t\t\t\t\t\t\t\t<img :src=\"image.src\" :alt=\"image.alt\" v-if=\"image.id < 2\">\n\t\t\t\t\t\t\t\t\t\t\t\t<img class=\"swiper-lazy\" :data-src=\"image.src\" :alt=\"image.alt\" v-else>\n\t\t\t\t\t\t\t\t\t\t\t\t<\/div>\n\t\t\t\t\t\t\t\t\t\t\t<\/div>\n\t\t\t\t\t\t\t\t\t\t<\/figure>\n\t\t\t\t\t\t\t\t\t<\/block-gallery-item>\n\n\t\t\t\t\t\t\t\t\t<figcaption>\n\t\t\t\t\t\t\t\t\t\t<div class=\"lazy-media-info-body-content\">\n\t\t\t\t\t\t\t\t\t\t\t<div v-html=\"image.label\"><\/div>\n\t\t\t\t\t\t\t\t\t\t\t<div v-html=\"image.description\"><\/div>\n\t\t\t\t\t\t\t\t\t\t\t<div class=\"insignificant\" v-if=\"image.copyright\" v-html=\"'\u00a9 '+image.copyright\"><\/div>\n\t\t\t\t\t\t\t\t\t\t<\/div>\n\t\t\t\t\t\t\t\t\t<\/figcaption>\n\t\t\t\t\t\t\t\t<\/div>\n\n\t\t\t\t\t\t\t\t<div class=\"swiper-pagination\"  slot=\"pagination\"><\/div>\n\n\t\t\t\t\t\t\t\t<button class=\"icon-round swiper-button-prev\" slot=\"button-prev\" aria-label=\"Vorheriges Bild\">\n\t\t\t\t\t\t\t\t\t<span class=\"icon-next\" aria-hidden=\"true\"><\/span>\n\t\t\t\t\t\t\t\t<\/button>\n\n\t\t\t\t\t\t\t\t<button class=\"icon-round swiper-button-next\" slot=\"button-next\" aria-label=\"N\u00e4chstes Bild\">\n\t\t\t\t\t\t\t\t\t<span class=\"icon-next\" aria-hidden=\"true\"><\/span>\n\t\t\t\t\t\t\t\t<\/button>\n\t\t\t\t\t\t\t<\/swiper>\n\t\t\t\t\t\t<\/div>\n\t\t\t\t\t<\/block-gallery>\n\t\t\t\t<\/div>\n\t\t\t<\/div>\n\t\t<\/div>\n\t<\/div>\n<\/section>\n\n<section class=\"block block-teaser col-1 has-bg\" style=\"--teaser-bg:#f2f2f2\">\n\t<lazy-component :fixed-min-height=\"400\">\n\t\n\t\t\t\t\t<div class=\"container-fluid\">\n\t\t\t\t<div class=\"row bottom-xs\">\n\t\t\t\t\t<div class=\"col-xs-12 col-sm-10 col-md-8 col-sm-offset-1 col-md-offset-2\">\n\t\t\t\t\t\t<h4>geh\u00f6rt zu<\/h4>\t\t\t\t\t\t\t\t\t\t\t\t\t\t\t\t\t\t\t<\/div>\n\t\t\t\t\t<div class=\"col-xs-12 col-sm-10 col-md-8 col-sm-offset-1 col-md-offset-2 start-xs end-md margin-bottom-sixth\">\n\t\t\t\t\t\t\t\t\t\t\t<\/div>\n\t\t\t\t<\/div>\n\t\t\t\t<ul class=\"row\">\n\t\t\t\n<li class=\"col-xs-12 teaser-wrapper col-padding-remove\">\n\t<calendarteaser key=\"9704019967\" rawitem='{&quot;postId&quot;:97040,&quot;title&quot;:&quot;Fiesta de D\\u00eda de Muertos&quot;,&quot;excerpt&quot;:&quot;&quot;,&quot;slug&quot;:&quot;fiesta-de-dia-de-muertos&quot;,&quot;post_date&quot;:&quot;2023-08-28T10:35&quot;,&quot;type&quot;:&quot;event-multi&quot;,&quot;permalink&quot;:&quot;https:\\\/\\\/www.humboldtforum.org\\\/de\\\/programm\\\/event\\\/festival\\\/fiesta-de-dia-de-muertos-97040\\\/&quot;,&quot;genre&quot;:[845],&quot;genre_details&quot;:[{&quot;text&quot;:&quot;Festival&quot;,&quot;id&quot;:845,&quot;icon&quot;:null,&quot;parent&quot;:0}],&quot;stakeholder&quot;:[382],&quot;stakeholder_details&quot;:[{&quot;text&quot;:&quot;Stiftung Humboldt Forum im Berliner Schloss&quot;,&quot;id&quot;:382,&quot;icon&quot;:null,&quot;parent&quot;:0}],&quot;language&quot;:[384,386],&quot;language_details&quot;:[{&quot;text&quot;:&quot;Deutsch&quot;,&quot;id&quot;:384,&quot;icon&quot;:null,&quot;parent&quot;:0},{&quot;text&quot;:&quot;Spanisch&quot;,&quot;id&quot;:386,&quot;icon&quot;:null,&quot;parent&quot;:0}],&quot;accessability&quot;:[430],&quot;accessability_details&quot;:[{&quot;text&quot;:&quot;Rollstuhlgerecht&quot;,&quot;id&quot;:430,&quot;icon&quot;:null,&quot;parent&quot;:0}],&quot;place&quot;:[957,1179,883],&quot;place_details&quot;:{&quot;place&quot;:&quot;Humboldt Forum&quot;,&quot;map&quot;:&quot;Humboldt Forum, Schlossplatz, Berlin&quot;,&quot;room&quot;:&quot;Foyer, Saal 1, EG, Saal 2, EG&quot;},&quot;icon_overwrite&quot;:&quot;&quot;,&quot;acf&quot;:{&quot;noindex&quot;:false,&quot;keywords&quot;:&quot;&quot;,&quot;belongsto&quot;:[70155],&quot;shorturl&quot;:&quot;&quot;,&quot;planning&quot;:{&quot;price&quot;:&quot;Alle Angebote sind kostenfrei&quot;,&quot;admission&quot;:&quot;&quot;,&quot;pause&quot;:&quot;&quot;,&quot;duration&quot;:&quot;&quot;,&quot;status&quot;:&quot;JOIN&quot;,&quot;info&quot;:&quot;Eintritt frei&quot;,&quot;shop&quot;:&quot;&quot;,&quot;can_purchase&quot;:false},&quot;additional_info&quot;:{&quot;icon&quot;:&quot;0&quot;,&quot;text&quot;:&quot;&quot;},&quot;highlight_header&quot;:true,&quot;has_mobile_format&quot;:true,&quot;use_video_in_teasers&quot;:false,&quot;hyphenation&quot;:true,&quot;tipp&quot;:false,&quot;joker&quot;:false,&quot;live&quot;:false,&quot;hide_event_in_program&quot;:false,&quot;highlight_header_image&quot;:101804,&quot;subline&quot;:&quot;Live-Musik, Tanz, Ofrenda, Markt&quot;,&quot;overwrite_date&quot;:&quot;1. bis 5. November 2023&quot;,&quot;announcement&quot;:&quot;1. bis 5. November 2023&quot;,&quot;times&quot;:[],&quot;highlight_header_image_mobile&quot;:101806,&quot;infotext&quot;:&quot;F\\u00fcr den Eintritt in Saal 1 und Saal 2 bitte alle Taschen, die gr\\u00f6\\u00dfer als DIN A4 sind, in der Garderobe oder den Schlie\\u00dffl\\u00e4chern abgeben.&quot;,&quot;tickettext&quot;:&quot;W\\u00e4hrend der Fiesta de D\\u00eda de Muertos hat die Ausstellung un_endlich vom 2. November bis 4. November 2023 bei kostenfreiem Eintritt bis 22:00 Uhr ge\\u00f6ffnet. Ein Zeitfensterticket ist nicht erforderlich. &quot;,&quot;redirect&quot;:&quot;https:\\\/\\\/www.humboldtforum.org\\\/de\\\/programm\\\/event\\\/fest\\\/fiesta-de-dia-de-muertos-2-150620\\\/&quot;,&quot;events&quot;:[152947,152952,152963,152990,153003,153008,153037,153073,153081,153098,153112,153123,153651]},&quot;date&quot;:{&quot;NX&quot;:null,&quot;NXX&quot;:null,&quot;NLAST&quot;:&quot;202311051130&quot;,&quot;from_DATE&quot;:&quot;20231101 15:00&quot;,&quot;from&quot;:1698843600,&quot;to&quot;:1699183800,&quot;to_DATE&quot;:&quot;20231105 13:30&quot;,&quot;from_HRFSHORT&quot;:&quot; 1. Nov 2023&quot;,&quot;from_HRFSHORT_WD&quot;:&quot;Mi 01.11.2023&quot;,&quot;to_HRFSHORT&quot;:&quot; 5. Nov 2023&quot;,&quot;to_HRFSHORT_WD&quot;:&quot;So 05.11.2023&quot;,&quot;from_HRF&quot;:&quot;Mi,  1. November 2023&quot;,&quot;to_HRF&quot;:&quot;So,  5. November 2023&quot;,&quot;from_to_HRF&quot;:&quot;Mi,  1. November \\u2013 So,  5. November 2023&quot;,&quot;from_to_HRFSHORT&quot;:&quot; 1. Nov \\u2013  5. Nov 2023&quot;},&quot;alert&quot;:&quot;Highlight&quot;,&quot;partof&quot;:[],&quot;marketing_topic&quot;:{&quot;title&quot;:&quot;un_endlich. Leben mit dem Tod&quot;,&quot;ID&quot;:70155,&quot;reason&quot;:&quot;belongsto&quot;}}' inline-template>\n\t<a href=\"https:\/\/www.humboldtforum.org\/de\/programm\/event\/festival\/fiesta-de-dia-de-muertos-97040\/\" class=\"teaser teaser-event-multi teaser-event-standard\">\n\t\t<div class=\"row\">\n\t\t\t<div class=\"col-xs-12 col-sm-6 col-md-5 col-sm-offset-1 col-md-offset-2 first-sm teaser-event-text Infos\">\n\t\t\t\t<div class=\"teaser-event-standard-text\">\n\t\t\t\t\t<div class=\"margin-bottom-atom\">\n\t\t\t\t\t\t<div class=\"subline clamp-1\" v-html=\"maingenre\"><\/div>\n\t\t\t\t\t\t\t\t\t\t\t\t\t<div class=\"insignificant clamp-2\">un_endlich. Leben mit dem Tod<\/div>\n\t\t\t\t\t\t\t\t\t\t\t<\/div>\n\t\t\t\t\n\t\t\t\t\t<strong class=\"margin-bottom-atom h5\">Fiesta de D\u00eda de Muertos<\/strong>\n\n\t\t\t\t\t\t\t\t\t\t\t<div class=\"\">Live-Musik, Tanz, Ofrenda, Markt<\/div>\n\t\t\t\t\t\t\t\t\t<\/div>\n\t\t\t\t<div class=\"teaser-bottom border-bottom\">\n\t\t\t\t<calendardateline :rawitem='item' :show-icon=\"true\"><\/calendardateline>\n\t\t\t\t\t<hr>\n\t\t\t\t<\/div>\n\t\t\t<\/div>\n\t\t\t<div class=\"col-xs-12 col-sm-4 col-md-3 teaser-event-image bottom-xs first-xs\">\n\t\t\t\t<div class=\"teaser-image teaser-image-no-alternate\">\n\t\t\t\t\t\t\t\t\t\t\t\t\t<span class=\"alert\">Highlight<\/span>\n\t\t\t\t\t\t\t\t\t\t\t\n\t<lazy-media-inline inline-template>\n\t\t<figure itemscope itemtype=\"http:\/\/schema.org\/ImageObject\" class=\"lazy-media-inline \" role=\"group\" id=\"media_69eff2284030c\" aria-labelledby=\"desc_media_69eff2284030c\">\n\t\t\t<script type=\"application\/json\" ref=\"data\">\n\t\t\t\t{\n\t\t\t\t\"sizes\" : {\"medium\":{\"file\":\"SHF_eb00201644_Key-Visual-Dia-de-los-Muertos-176x300.jpg\",\"width\":176,\"height\":300,\"mime-type\":\"image\\\/jpeg\",\"filesize\":11690},\"large\":{\"file\":\"SHF_eb00201644_Key-Visual-Dia-de-los-Muertos-600x1024.jpg\",\"width\":600,\"height\":1024,\"mime-type\":\"image\\\/jpeg\",\"filesize\":87824},\"thumbnail\":{\"file\":\"SHF_eb00201644_Key-Visual-Dia-de-los-Muertos-150x150.jpg\",\"width\":150,\"height\":150,\"mime-type\":\"image\\\/jpeg\",\"filesize\":7064},\"medium_large\":{\"file\":\"SHF_eb00201644_Key-Visual-Dia-de-los-Muertos-768x1312.jpg\",\"width\":768,\"height\":1312,\"mime-type\":\"image\\\/jpeg\",\"filesize\":130131},\"small\":{\"file\":\"SHF_eb00201644_Key-Visual-Dia-de-los-Muertos-258x440.jpg\",\"width\":258,\"height\":440,\"mime-type\":\"image\\\/jpeg\",\"filesize\":22489},\"semi\":{\"file\":\"SHF_eb00201644_Key-Visual-Dia-de-los-Muertos-340x580.jpg\",\"width\":340,\"height\":580,\"mime-type\":\"image\\\/jpeg\",\"filesize\":35016},\"mobile\":{\"file\":\"SHF_eb00201644_Key-Visual-Dia-de-los-Muertos-422x720.jpg\",\"width\":422,\"height\":720,\"mime-type\":\"image\\\/jpeg\",\"filesize\":49562},\"hd\":{\"file\":\"SHF_eb00201644_Key-Visual-Dia-de-los-Muertos-749x1280.jpg\",\"width\":749,\"height\":1280,\"mime-type\":\"image\\\/jpeg\",\"filesize\":125206},\"full\":{\"file\":\"SHF_eb00201644_Key-Visual-Dia-de-los-Muertos-1124x1920.jpg\",\"width\":1124,\"height\":1920,\"mime-type\":\"image\\\/jpeg\",\"filesize\":238708},\"1536x1536\":{\"file\":\"SHF_eb00201644_Key-Visual-Dia-de-los-Muertos-899x1536.jpg\",\"width\":899,\"height\":1536,\"mime-type\":\"image\\\/jpeg\",\"filesize\":168246},\"2048x2048\":{\"file\":\"SHF_eb00201644_Key-Visual-Dia-de-los-Muertos-1199x2048.jpg\",\"width\":1199,\"height\":2048,\"mime-type\":\"image\\\/jpeg\",\"filesize\":262290},\"original\":{\"file\":\"SHF_eb00201644_Key-Visual-Dia-de-los-Muertos.jpg\",\"width\":1780,\"height\":3040}},\n\t\t\t\t\"alt\" : \"Bunt geschm\\u00fcckter Totenkopf mit Blumen und Kerze, umgeben von einem farbenfrohen Hintergrund und einem lila Rahmen.\",\n\t\t\t\t\"path\" : \"\\\/wp-content\\\/uploads\\\/2023\\\/08\\\/\",\n\t\t\t\t\"video\" : null,\n\t\t\t\t\"autoplay\" : null,\n\t\t\t\t\"youtube\" : null,\n\t\t\t\t\"youtubelabel\" : \"Video abspielen\",\n\t\t\t\t\"brightness\" : 100,\n\t\t\t\t\"crop\" : null,\n\t\t\t\t\"background\" : true,\n\t\t\t\t\"scale\" : 1\t\t\t\t}\n\t\t\t<\/script>\n\n\t\t\t<div class=\"height-container\" style=\"padding-bottom:170.78651685393%;\" v-if=\"sizes\">\n\t\t\t\t\t\t\t\t<lazy-media :inline=\"true\" :alt=\"alt\" :sizes=\"sizes\" :scale=\"scale\" :brightness=\"brightness\" :path=\"path\" :video=\"video\" :autoplay=\"autoplay\" :youtube=\"youtube\" :crop=\"crop\" :youtubelabel=\"youtubelabel\" :background=\"background\" media-id=\"desc_media_69eff2284030c\"><\/lazy-media>\n\t\t\t\t\t\t\t<\/div>\n\n\t\t\t\t\t\t\t<figcaption class=\"sr-only\" ref=\"body\" id=\"desc_media_69eff2284030c\">\n\t\t\t\t\t\t\t\t\t\t\t\t\t\t\t\t\t\t\t\t\t<div class=\"insignificant\">\u00a9 Stiftung Humboldt Forum im Berliner Schloss \/ Getty Images \/ fergregory; iStockphoto \/ gadost , pullia, agcuesta<\/div>\n\t\t\t\t\t\t\t\t\t<\/figcaption>\n\t\t\t\t\t<\/figure>\n\t<\/lazy-media-inline>\n\t\t\t\t<\/div>\n\t\t\t<\/div>\n\t\t<\/div>\n\t<\/a>\n\t<\/calendarteaser>\n<\/li>\n\n\t\t\t\t<\/ul>\n\t\t\t<\/div>\n\t\t\t\t<\/lazy-component>\n<\/section>\n\n\n\n<section class=\"block block-CTA block-CTA-long leftgradient\">\n\t<div class=\"container-fluid\">\n\t\t<div class=\"row center-xs\">\n\t\t\t<div class=\"col-xs-12\">\n\t\t\t\t<div class=\"box\">\n\t\t\t\t\t<a href=\"https:\/\/www.humboldtforum.org\/de\/newsletter-2\/\" aria-label=\"Bleiben Sie auf dem Laufenden!\" class=\"teaser teaser-cta-wide \">\n\t\t\t\t\t\t<div class=\"teaser-image\">\n\t\t\t\t\t\t\t\n\t<lazy-media-inline inline-template>\n\t\t<figure itemscope itemtype=\"http:\/\/schema.org\/ImageObject\" class=\"lazy-media-inline \" role=\"group\" id=\"media_69eff22841e58\" aria-labelledby=\"desc_media_69eff22841e58\">\n\t\t\t<script type=\"application\/json\" ref=\"data\">\n\t\t\t\t{\n\t\t\t\t\"sizes\" : {\"medium\":{\"file\":\"HF_eb00061823-scaled-300x200.jpg\",\"width\":300,\"height\":200,\"mime-type\":\"image\\\/jpeg\",\"filesize\":19186},\"large\":{\"file\":\"HF_eb00061823-scaled-1024x683.jpg\",\"width\":1024,\"height\":683,\"mime-type\":\"image\\\/jpeg\",\"filesize\":138597},\"thumbnail\":{\"file\":\"HF_eb00061823-scaled-150x150.jpg\",\"width\":150,\"height\":150,\"mime-type\":\"image\\\/jpeg\",\"filesize\":8513},\"medium_large\":{\"file\":\"HF_eb00061823-scaled-768x512.jpg\",\"width\":768,\"height\":512,\"mime-type\":\"image\\\/jpeg\",\"filesize\":86200},\"small\":{\"file\":\"HF_eb00061823-scaled-440x293.jpg\",\"width\":440,\"height\":293,\"mime-type\":\"image\\\/jpeg\",\"filesize\":35525},\"semi\":{\"file\":\"HF_eb00061823-scaled-580x387.jpg\",\"width\":580,\"height\":387,\"mime-type\":\"image\\\/jpeg\",\"filesize\":55724},\"mobile\":{\"file\":\"HF_eb00061823-scaled-720x480.jpg\",\"width\":720,\"height\":480,\"mime-type\":\"image\\\/jpeg\",\"filesize\":77971},\"hd\":{\"file\":\"HF_eb00061823-scaled-1280x854.jpg\",\"width\":1280,\"height\":854,\"mime-type\":\"image\\\/jpeg\",\"filesize\":202477},\"full\":{\"file\":\"HF_eb00061823-scaled-1920x1280.jpg\",\"width\":1920,\"height\":1280,\"mime-type\":\"image\\\/jpeg\",\"filesize\":386736},\"1536x1536\":{\"file\":\"HF_eb00061823-scaled-1536x1024.jpg\",\"width\":1536,\"height\":1024,\"mime-type\":\"image\\\/jpeg\",\"filesize\":266197},\"2048x2048\":{\"file\":\"HF_eb00061823-scaled-2048x1366.jpg\",\"width\":2048,\"height\":1366,\"mime-type\":\"image\\\/jpeg\",\"filesize\":430206},\"original\":{\"file\":\"HF_eb00061823-scaled.jpg\",\"width\":2560,\"height\":1707}},\n\t\t\t\t\"alt\" : \"Blick in das beleuchtete Foyer von der Galerie im ersten Stock mit Besuchenden, Infopoint und Medienturm\",\n\t\t\t\t\"path\" : \"\\\/wp-content\\\/uploads\\\/2020\\\/04\\\/\",\n\t\t\t\t\"video\" : null,\n\t\t\t\t\"autoplay\" : null,\n\t\t\t\t\"youtube\" : null,\n\t\t\t\t\"youtubelabel\" : \"Video abspielen\",\n\t\t\t\t\"brightness\" : \"70\",\n\t\t\t\t\"crop\" : {\"top\":\"90.37\",\"left\":\"39.93\"},\n\t\t\t\t\"background\" : true,\n\t\t\t\t\"scale\" : 2\t\t\t\t}\n\t\t\t<\/script>\n\n\t\t\t<div class=\"height-container\" style=\"padding-bottom:66.6796875%;\" v-if=\"sizes\">\n\t\t\t\t\t\t\t\t<lazy-media :inline=\"true\" :alt=\"alt\" :sizes=\"sizes\" :scale=\"scale\" :brightness=\"brightness\" :path=\"path\" :video=\"video\" :autoplay=\"autoplay\" :youtube=\"youtube\" :crop=\"crop\" :youtubelabel=\"youtubelabel\" :background=\"background\" media-id=\"desc_media_69eff22841e58\"><\/lazy-media>\n\t\t\t\t\t\t\t<\/div>\n\n\t\t\t\t\t\t\t<figcaption class=\"sr-only\" ref=\"body\" id=\"desc_media_69eff22841e58\">\n\t\t\t\t\t\t\t\t\t\t\t<div>Blick in das Foyer, November 2019.<\/div>\n\t\t\t\t\t\t\t\t\t\t\t\t\t\t\t\t\t\t\t\t\t<div class=\"insignificant\">\u00a9 Stiftung Humboldt Forum im Berliner Schloss \/ David von Becker<\/div>\n\t\t\t\t\t\t\t\t\t<\/figcaption>\n\t\t\t\t\t<\/figure>\n\t<\/lazy-media-inline>\n\t\t\t\t\t\t<\/div>\n\t\t\t\t\t\t<div class=\"teaser-content \">\n\t\t\t\t\t\t\t<div>\n\t\t\t\t\t\t\t\t\t\t\t\t\t\t\t\t<div class=\"teaser-header\"><span class=\"h3\">Bleiben Sie auf dem Laufenden!<\/span><\/div>\n\t\t\t\t\t\t\t\t<div class=\"teaser-subline\"><span class=\"font-decoration\">Abonnieren Sie unseren Newsletter.<\/span><\/div>\t\t\t\t\t\t\t\t<button tabindex=\"-1\" class=\"border\">Hier klicken<\/button>\n\t\t\t\t\t\t\t<\/div>\n\t\t\t\t\t\t<\/div>\n\t\t\t\t\t<\/a>\n\t\t\t\t<\/div>\n\t\t\t<\/div>\n\t\t<\/div>\n\t<\/div>\n<\/section>\n","protected":false},"template":"","genre":[930],"digital":[],"topic":[],"stakeholder":[382],"editorial":[],"editorialfilter":[],"targetgroup":[383,455,454],"language":[422],"accessability":[430],"age":[],"school":[],"groupsize":[],"place":[957,1179],"class_list":["post-99906","event","type-event","status-publish","has-post-thumbnail","hentry","genre-performance","stakeholder-stiftung-humboldt-forum-im-berliner-schloss","targetgroup-erwachsene","targetgroup-jugendliche","targetgroup-kinder-und-familien","language-keine-sprachkenntnisse-erforderlich","accessability-rollstuhlgerecht","place-foyer","place-saal-1"],"acf":[],"_links":{"self":[{"href":"https:\/\/www.humboldtforum.org\/de\/wp-json\/wp\/v2\/event\/99906","targetHints":{"allow":["GET"]}}],"collection":[{"href":"https:\/\/www.humboldtforum.org\/de\/wp-json\/wp\/v2\/event"}],"about":[{"href":"https:\/\/www.humboldtforum.org\/de\/wp-json\/wp\/v2\/types\/event"}],"version-history":[{"count":12,"href":"https:\/\/www.humboldtforum.org\/de\/wp-json\/wp\/v2\/event\/99906\/revisions"}],"predecessor-version":[{"id":107187,"href":"https:\/\/www.humboldtforum.org\/de\/wp-json\/wp\/v2\/event\/99906\/revisions\/107187"}],"wp:featuredmedia":[{"embeddable":true,"href":"https:\/\/www.humboldtforum.org\/de\/wp-json\/wp\/v2\/media\/99583"}],"wp:attachment":[{"href":"https:\/\/www.humboldtforum.org\/de\/wp-json\/wp\/v2\/media?parent=99906"}],"wp:term":[{"taxonomy":"genre","embeddable":true,"href":"https:\/\/www.humboldtforum.org\/de\/wp-json\/wp\/v2\/genre?post=99906"},{"taxonomy":"digital","embeddable":true,"href":"https:\/\/www.humboldtforum.org\/de\/wp-json\/wp\/v2\/digital?post=99906"},{"taxonomy":"topic","embeddable":true,"href":"https:\/\/www.humboldtforum.org\/de\/wp-json\/wp\/v2\/topic?post=99906"},{"taxonomy":"stakeholder","embeddable":true,"href":"https:\/\/www.humboldtforum.org\/de\/wp-json\/wp\/v2\/stakeholder?post=99906"},{"taxonomy":"editorial","embeddable":true,"href":"https:\/\/www.humboldtforum.org\/de\/wp-json\/wp\/v2\/editorial?post=99906"},{"taxonomy":"editorialfilter","embeddable":true,"href":"https:\/\/www.humboldtforum.org\/de\/wp-json\/wp\/v2\/editorialfilter?post=99906"},{"taxonomy":"targetgroup","embeddable":true,"href":"https:\/\/www.humboldtforum.org\/de\/wp-json\/wp\/v2\/targetgroup?post=99906"},{"taxonomy":"language","embeddable":true,"href":"https:\/\/www.humboldtforum.org\/de\/wp-json\/wp\/v2\/language?post=99906"},{"taxonomy":"accessability","embeddable":true,"href":"https:\/\/www.humboldtforum.org\/de\/wp-json\/wp\/v2\/accessability?post=99906"},{"taxonomy":"age","embeddable":true,"href":"https:\/\/www.humboldtforum.org\/de\/wp-json\/wp\/v2\/age?post=99906"},{"taxonomy":"school","embeddable":true,"href":"https:\/\/www.humboldtforum.org\/de\/wp-json\/wp\/v2\/school?post=99906"},{"taxonomy":"groupsize","embeddable":true,"href":"https:\/\/www.humboldtforum.org\/de\/wp-json\/wp\/v2\/groupsize?post=99906"},{"taxonomy":"place","embeddable":true,"href":"https:\/\/www.humboldtforum.org\/de\/wp-json\/wp\/v2\/place?post=99906"}],"curies":[{"name":"wp","href":"https:\/\/api.w.org\/{rel}","templated":true}]}}