{"id":119052,"date":"2024-08-14T11:49:36","date_gmt":"2024-08-14T09:49:36","guid":{"rendered":"https:\/\/www.humboldtforum.org\/?page_id=119052"},"modified":"2024-09-26T15:30:00","modified_gmt":"2024-09-26T13:30:00","slug":"kosmograf","status":"publish","type":"page","link":"https:\/\/www.humboldtforum.org\/de\/kosmograf\/","title":{"rendered":"Kosmograf"},"content":{"rendered":"<section class=\"block block-header-headline\" >\n    <div class=\"container-fluid\">\n        <div class=\"row\">\n\t\t\t\t\t\t\t<div class=\"col-xs-12 col-md-offset-2 col-md-8\">\n\t\t\t\t\t<div class=\"box\">\n\t\t\t\t\t\t<div class=\"subline\">Highlight im Foyer<\/div>\n\t\t\t\t\t<\/div>\n\t\t\t\t<\/div>\n\t\t\t\n                            <div class=\"col-xs-12 col-md-offset-2 col-md-8\">\n                    <div class=\"box\">\n                        <h1>Kosmograf<\/h1>\n                    <\/div>\n                <\/div>\n                    <\/div>\n    <\/div>\n<\/section>\n\n\n\n\n<section class=\"block block-header\" >\n\t<block-header inline-template>\n\t\t<figure role=\"group\" aria-labelledby=\"desc_m_69ee177ee71bf\">\n\n\t\t\t<script type=\"application\/json\" ref=\"data\">\n\t\t\t\t{\n\t\t\t\t\"sizes_d\" : {\"medium\":{\"file\":\"SHF_eb00189418-240x300.jpg\",\"width\":240,\"height\":300,\"mime-type\":\"image\\\/jpeg\",\"filesize\":17489},\"large\":{\"file\":\"SHF_eb00189418-819x1024.jpg\",\"width\":819,\"height\":1024,\"mime-type\":\"image\\\/jpeg\",\"filesize\":113206},\"thumbnail\":{\"file\":\"SHF_eb00189418-150x150.jpg\",\"width\":150,\"height\":150,\"mime-type\":\"image\\\/jpeg\",\"filesize\":6993},\"medium_large\":{\"file\":\"SHF_eb00189418-768x960.jpg\",\"width\":768,\"height\":960,\"mime-type\":\"image\\\/jpeg\",\"filesize\":102466},\"small\":{\"file\":\"SHF_eb00189418-352x440.jpg\",\"width\":352,\"height\":440,\"mime-type\":\"image\\\/jpeg\",\"filesize\":31428},\"semi\":{\"file\":\"SHF_eb00189418-464x580.jpg\",\"width\":464,\"height\":580,\"mime-type\":\"image\\\/jpeg\",\"filesize\":48205},\"mobile\":{\"file\":\"SHF_eb00189418-576x720.jpg\",\"width\":576,\"height\":720,\"mime-type\":\"image\\\/jpeg\",\"filesize\":66760},\"hd\":{\"file\":\"SHF_eb00189418-1024x1280.jpg\",\"width\":1024,\"height\":1280,\"mime-type\":\"image\\\/jpeg\",\"filesize\":158822},\"full\":{\"file\":\"SHF_eb00189418-1536x1920.jpg\",\"width\":1536,\"height\":1920,\"mime-type\":\"image\\\/jpeg\",\"filesize\":290388},\"xxl\":{\"file\":\"SHF_eb00189418-3239x4048.jpg\",\"width\":3239,\"height\":4048,\"mime-type\":\"image\\\/jpeg\",\"filesize\":905380},\"1536x1536\":{\"file\":\"SHF_eb00189418-1229x1536.jpg\",\"width\":1229,\"height\":1536,\"mime-type\":\"image\\\/jpeg\",\"filesize\":209142},\"2048x2048\":{\"file\":\"SHF_eb00189418-1639x2048.jpg\",\"width\":1639,\"height\":2048,\"mime-type\":\"image\\\/jpeg\",\"filesize\":321084},\"original\":{\"file\":\"SHF_eb00189418.jpg\",\"width\":4372,\"height\":5464}},\n\t\t\t\t\"alt_d\" : \"Moderne Skulptur in einem Museum mit leuchtenden Elementen und minimalistischer Architektur.\",\n\t\t\t\t\"path_d\" : \"\\\/wp-content\\\/uploads\\\/2024\\\/08\\\/\",\n\t\t\t\t\"autoplay_d\" : null,\n\t\t\t\t\"crop_d\" : {\"top\":\"59.67\",\"left\":\"61.07\"},\n\t\t\t\t\"background_d\" : true,\n\t\t\t\t\"scale_d\" : 2,\n\n\t\t\t\t\"sizes_m\" : null,\n\t\t\t\t\"alt_m\" : false,\n\t\t\t\t\"path_m\" : \"\\\/\",\n\t\t\t\t\"autoplay_m\" : null,\n\t\t\t\t\"crop_m\" : null,\n\t\t\t\t\"background_m\" : true,\n\t\t\t\t\"scale_m\" : 1,\n\n\t\t\t\t\"has_mobile_format\" : true,\n\t\t\t\t\"has_ad\" : false,\n\t\t\t\t\"audio_description_yt\" : null\t\t\t\t}\n\t\t\t<\/script>\n\t\t\t<div class=\"height-container\" style=\"padding-bottom:124.97712717292%;\" v-if=\"sizes\" data-motion-parallax='{\"child\":\".image-wrapper\",\"mask\":\".lazy-media\",\"tween\":{\"yPercent\": [-15,15]}}'>\n\t\t\t\t<lazy-media :inline=\"true\" :scale=\"scale\" :alt=\"alt\" :sizes=\"sizes\" :brightness=\"brightness\" :path=\"path\" :video=\"video\" :autoplay=\"autoplay\" :youtube=\"youtube\" :crop=\"crop\" :youtubelabel=\"youtubelabel\" :background=\"background\" media-id=\"desc_m_69ee177ee71bf\"><\/lazy-media>\n\t\t\t\t<button class=\"autoplay-audio-description-btn icon-background icon-audio-describtions\" @click=\"audioDescriptionPlay\" v-if=\"hasAudioDescription\" aria-label=\"Audiodeskription aufrufen\"><\/button>\n\t\t\t<\/div>\n\t\t\t\t\t\t<div class=\"lazy-media-info-container-fluid\">\n\t\t\t\t<div class=\"lazy-media-info-row end-xs\">\n\t\t\t\t\t<div class=\"lazy-media-info-col\">\n\t\t\t\t\t\t<div class=\"lazy-media-info\" aria-expanded=\"false\" :aria-expanded=\"isOpen ? 'true' : 'false'\">\n\t\t\t\t\t\t\t<button class=\"lazy-media-info-head button-tiny insignificant\" :class=\"{'button-active': isOpen}\" @click=\"toggle\" ref=\"head\"><span class=\"button-label insignificant\">Bildinfo<\/span><\/button>\n\t\t\t\t\t\t\t<figcaption class=\"lazy-media-info-body\" ref=\"body\" id=\"desc_m_69ee177ee71bf\">\n\t\t\t\t\t\t\t\t<div class=\"lazy-media-info-body-content\">\n\t\t\t\t\t\t\t\t\t\t\t\t\t\t\t\t\t\t\t\t\t\t\t\t\t\t\t<div class=\"insignificant\">\u00a9 Stiftung Humboldt Forum im Berliner Schloss \/ Andreas K\u00f6nig<\/div>\t\t\t\t\t\t\t\t<\/div>\n\t\t\t\t\t\t\t<\/figcaption>\n\t\t\t\t\t\t\t<div class=\"lazy-media-info-head-border\"><\/div>\n\t\t\t\t\t\t<\/div>\n\t\t\t\t\t<\/div>\n\t\t\t\t<\/div>\n\t\t\t<\/div>\n\t\t\t\t\t<\/figure>\n\t<\/block-header>\n<\/section>\n\n<section class=\"block block-copy block-no-margin\" >\n    <div class=\"container-fluid\">\n\t\t<div class=\"row \">\n            <div class=\"col-xs-12 col-md-offset-2 col-md-8\">\n                <div class=\"box\">\n                    <div class=\"copy\"><p><span class=\"ui-provider a b c d e f g h i j k l m n o p q r s t u v w x y z ab ac ae af ag ah ai aj ak\" dir=\"ltr\">Im Foyer des Humboldt Forums erwartet Sie ein faszinierendes Highlight \u2013 der Kosmograf.<br \/>\n<\/span><span class=\"ui-provider a b c d e f g h i j k l m n o p q r s t u v w x y z ab ac ae af ag ah ai aj ak\" dir=\"ltr\">Dieses zentrale Element unseres Leit-, Orientierungs- und Informationssystems begr\u00fc\u00dft alle Besucher*innen mit einer Symbiose aus k\u00fcnstlerischer \u00c4sthetik und informativen Inhalten. Durch eine kreative Inszenierung werden die Identit\u00e4t und die vielf\u00e4ltigen Inhalte des Humboldt Forums auf eindrucksvolle Weise zum Ausdruck gebracht.<\/span><\/p>\n<p>&nbsp;<\/p>\n<p>&nbsp;<\/p>\n<\/div>\n                <\/div>\n            <\/div>\n\t\t<\/div>\n\t\t    <\/div>\n<\/section>\n\n\n<section class=\"block block-copy-quote hyph-disable\">\n\t<div class=\"container-fluid\">\n\t\t<div class=\"row center-xs\">\n\t\t\t\t\t\t<figure class=\"col-xs-10 col-md-6 quote-copy\">\n\t\t\t\t<div class=\"box\">\n\t\t\t\t\t<div class=\"container-fluid\">\n\t\t\t\t\t\t<div class=\"row\">\n\t\t\t\t\t\t\t<div class=\"col-xs-10 col-xs-offset-1 col-padding-remove\">\n\t\t\t\t\t\t\t\t<div class=\"box\">\n\t\t\t\t\t\t\t\t\t<span class=\"icon-zitat quote-copy-icon  no-image\"><\/span>\n\t\t\t\t\t\t\t\t\t<blockquote class=\"quote-copy-headline Zitat\">Der Kosmograf kann den Raum ver\u00e4ndern und in unterschiedliche Zust\u00e4nde versetzen<\/blockquote>\n\t\t\t\t\t\t\t\t\t<figcaption class=\"quote-copy-subline Copyright\">Barbara Holzer, Architektin und Gr\u00fcnderin Holzer Kobler Architekten<\/figcaption>\n\t\t\t\t\t\t\t\t<\/div>\n\t\t\t\t\t\t\t<\/div>\n\t\t\t\t\t\t<\/div>\n\t\t\t\t\t<\/div>\n\t\t\t\t<\/div>\n\t\t\t<\/figure>\n\t\t<\/div>\n\t<\/div>\n<\/section>\n\n<section class=\"block block-copy block-no-margin\" >\n    <div class=\"container-fluid\">\n\t\t<div class=\"row \">\n            <div class=\"col-xs-12 col-md-offset-2 col-md-8\">\n                <div class=\"box\">\n                    <div class=\"copy\"><p><span class=\"ui-provider a b c d e f g h i j k l m n o p q r s t u v w x y z ab ac ae af ag ah ai aj ak\" dir=\"ltr\">Der Kosmograf findet h\u00e4ufige Verwendung in Produktionen. Mit seinen f\u00fcnf LED-besetzten Turm-Elementen transformiert er den Raum, indem er Licht und Bewegung nutzt, um eine einzigartige Atmosph\u00e4re zu schaffen und die Wahrnehmung des Raums zu ver\u00e4ndern.<\/span><\/p>\n<p>&nbsp;<\/p>\n<p>&nbsp;<\/p>\n<\/div>\n                <\/div>\n            <\/div>\n\t\t<\/div>\n\t\t    <\/div>\n<\/section>\n\n\n<section class=\"block block-gallery-moderated\" >\n\t<block-gallery-moderated inline-template>\n\t\t<div>\n\t\t\t<div class=\"block-gallery-moderated-video\" :class=\"{ firstLoaded: firstLoaded }\">\n\t<script type=\"application\/json\" ref=\"data\">\n\t\t{\n\t\t\t\"images\" : [{\"id\":0,\"width\":7301,\"height\":4870,\"alt\":\"Moderne Kunstinstallation in einer gro&szlig;en, hellen Halle mit vielen Besuchern und schwebenden geometrischen Formen.\",\"title\":\"\",\"description\":\"\",\"label\":\"Er&ouml;ffnung der Sonderausstellung Hin und Weg. Der Palast der Republik ist Gegenwart am 16. Mai 2024\",\"copyright\":\"Stiftung Humboldt Forum im Berliner Schloss \\\/ Foto: Frank Sperling\",\"path\":\"\\\/wp-content\\\/uploads\\\/2024\\\/06\\\/\",\"sizes\":{\"medium\":{\"file\":\"SHF_eb00224255-300x200.jpg\",\"width\":300,\"height\":200,\"mime-type\":\"image\\\/jpeg\",\"filesize\":18265},\"large\":{\"file\":\"SHF_eb00224255-1024x683.jpg\",\"width\":1024,\"height\":683,\"mime-type\":\"image\\\/jpeg\",\"filesize\":142091},\"thumbnail\":{\"file\":\"SHF_eb00224255-150x150.jpg\",\"width\":150,\"height\":150,\"mime-type\":\"image\\\/jpeg\",\"filesize\":8208},\"medium_large\":{\"file\":\"SHF_eb00224255-768x512.jpg\",\"width\":768,\"height\":512,\"mime-type\":\"image\\\/jpeg\",\"filesize\":86559},\"small\":{\"file\":\"SHF_eb00224255-440x293.jpg\",\"width\":440,\"height\":293,\"mime-type\":\"image\\\/jpeg\",\"filesize\":34451},\"semi\":{\"file\":\"SHF_eb00224255-580x387.jpg\",\"width\":580,\"height\":387,\"mime-type\":\"image\\\/jpeg\",\"filesize\":55396},\"mobile\":{\"file\":\"SHF_eb00224255-720x480.jpg\",\"width\":720,\"height\":480,\"mime-type\":\"image\\\/jpeg\",\"filesize\":77535},\"hd\":{\"file\":\"SHF_eb00224255-1280x854.jpg\",\"width\":1280,\"height\":854,\"mime-type\":\"image\\\/jpeg\",\"filesize\":205059},\"full\":{\"file\":\"SHF_eb00224255-1920x1281.jpg\",\"width\":1920,\"height\":1281,\"mime-type\":\"image\\\/jpeg\",\"filesize\":412694},\"xxl\":{\"file\":\"SHF_eb00224255-4048x2700.jpg\",\"width\":4048,\"height\":2700,\"mime-type\":\"image\\\/jpeg\",\"filesize\":1696422},\"1536x1536\":{\"file\":\"SHF_eb00224255-1536x1025.jpg\",\"width\":1536,\"height\":1025,\"mime-type\":\"image\\\/jpeg\",\"filesize\":280175},\"2048x2048\":{\"file\":\"SHF_eb00224255-2048x1366.jpg\",\"width\":2048,\"height\":1366,\"mime-type\":\"image\\\/jpeg\",\"filesize\":463098},\"original\":{\"file\":\"SHF_eb00224255.jpg\",\"width\":7301,\"height\":4870}},\"autoplay\":false},{\"id\":1,\"width\":6000,\"height\":4000,\"alt\":\"Bunt dekorierte Halle mit Menschen und Essensst&auml;nden, farbige Papierbanner h&auml;ngen von der Decke.\",\"title\":\"\",\"description\":\"\",\"label\":\"Fiesta de Dia de los Muertos Mexikanisches Totenfest im Humboldt Forum im Berliner Schloss am 05. November 2023\",\"copyright\":\"Stiftung Humboldt Forum im Berliner Schloss \\\/ Foto: Stefanie Loos\",\"path\":\"\\\/wp-content\\\/uploads\\\/2024\\\/06\\\/\",\"sizes\":{\"medium\":{\"file\":\"SHF_eb00211798-300x200.jpg\",\"width\":300,\"height\":200,\"mime-type\":\"image\\\/jpeg\",\"filesize\":20773},\"large\":{\"file\":\"SHF_eb00211798-1024x683.jpg\",\"width\":1024,\"height\":683,\"mime-type\":\"image\\\/jpeg\",\"filesize\":163799},\"thumbnail\":{\"file\":\"SHF_eb00211798-150x150.jpg\",\"width\":150,\"height\":150,\"mime-type\":\"image\\\/jpeg\",\"filesize\":8878},\"medium_large\":{\"file\":\"SHF_eb00211798-768x512.jpg\",\"width\":768,\"height\":512,\"mime-type\":\"image\\\/jpeg\",\"filesize\":100052},\"small\":{\"file\":\"SHF_eb00211798-440x293.jpg\",\"width\":440,\"height\":293,\"mime-type\":\"image\\\/jpeg\",\"filesize\":39316},\"semi\":{\"file\":\"SHF_eb00211798-580x387.jpg\",\"width\":580,\"height\":387,\"mime-type\":\"image\\\/jpeg\",\"filesize\":63154},\"mobile\":{\"file\":\"SHF_eb00211798-720x480.jpg\",\"width\":720,\"height\":480,\"mime-type\":\"image\\\/jpeg\",\"filesize\":89671},\"hd\":{\"file\":\"SHF_eb00211798-1280x853.jpg\",\"width\":1280,\"height\":853,\"mime-type\":\"image\\\/jpeg\",\"filesize\":240152},\"full\":{\"file\":\"SHF_eb00211798-1920x1280.jpg\",\"width\":1920,\"height\":1280,\"mime-type\":\"image\\\/jpeg\",\"filesize\":484165},\"xxl\":{\"file\":\"SHF_eb00211798-4048x2699.jpg\",\"width\":4048,\"height\":2699,\"mime-type\":\"image\\\/jpeg\",\"filesize\":1663522},\"1536x1536\":{\"file\":\"SHF_eb00211798-1536x1024.jpg\",\"width\":1536,\"height\":1024,\"mime-type\":\"image\\\/jpeg\",\"filesize\":328552},\"2048x2048\":{\"file\":\"SHF_eb00211798-2048x1365.jpg\",\"width\":2048,\"height\":1365,\"mime-type\":\"image\\\/jpeg\",\"filesize\":541385},\"original\":{\"file\":\"SHF_eb00211798.jpg\",\"width\":6000,\"height\":4000}},\"autoplay\":false},{\"id\":2,\"width\":6000,\"height\":4000,\"alt\":\"B&uuml;hne mit K&uuml;nstlerin in einem Ring, umgeben von Publikum und beeindruckenden Projektionen im Hintergrund.\",\"title\":\"\",\"description\":\"\",\"label\":\"Objekte widersprechen in der Mechanischen Arena im Foyer im Humboldt Forum im Berliner Schloss am 18. November 2022\",\"copyright\":\"Stiftung Humboldt Forum im Berliner Schloss \\\/ Foto: Stefanie Loos\",\"path\":\"\\\/wp-content\\\/uploads\\\/2024\\\/06\\\/\",\"sizes\":{\"medium\":{\"file\":\"SHF_eb00169548-300x200.jpg\",\"width\":300,\"height\":200,\"mime-type\":\"image\\\/jpeg\",\"filesize\":18606},\"large\":{\"file\":\"SHF_eb00169548-1024x683.jpg\",\"width\":1024,\"height\":683,\"mime-type\":\"image\\\/jpeg\",\"filesize\":143789},\"thumbnail\":{\"file\":\"SHF_eb00169548-150x150.jpg\",\"width\":150,\"height\":150,\"mime-type\":\"image\\\/jpeg\",\"filesize\":8857},\"medium_large\":{\"file\":\"SHF_eb00169548-768x512.jpg\",\"width\":768,\"height\":512,\"mime-type\":\"image\\\/jpeg\",\"filesize\":89760},\"small\":{\"file\":\"SHF_eb00169548-440x293.jpg\",\"width\":440,\"height\":293,\"mime-type\":\"image\\\/jpeg\",\"filesize\":35771},\"semi\":{\"file\":\"SHF_eb00169548-580x387.jpg\",\"width\":580,\"height\":387,\"mime-type\":\"image\\\/jpeg\",\"filesize\":56910},\"mobile\":{\"file\":\"SHF_eb00169548-720x480.jpg\",\"width\":720,\"height\":480,\"mime-type\":\"image\\\/jpeg\",\"filesize\":80622},\"hd\":{\"file\":\"SHF_eb00169548-1280x853.jpg\",\"width\":1280,\"height\":853,\"mime-type\":\"image\\\/jpeg\",\"filesize\":206220},\"full\":{\"file\":\"SHF_eb00169548-1920x1280.jpg\",\"width\":1920,\"height\":1280,\"mime-type\":\"image\\\/jpeg\",\"filesize\":395844},\"xxl\":{\"file\":\"SHF_eb00169548-4048x2699.jpg\",\"width\":4048,\"height\":2699,\"mime-type\":\"image\\\/jpeg\",\"filesize\":1334217},\"1536x1536\":{\"file\":\"SHF_eb00169548-1536x1024.jpg\",\"width\":1536,\"height\":1024,\"mime-type\":\"image\\\/jpeg\",\"filesize\":275840},\"2048x2048\":{\"file\":\"SHF_eb00169548-2048x1365.jpg\",\"width\":2048,\"height\":1365,\"mime-type\":\"image\\\/jpeg\",\"filesize\":440099},\"original\":{\"file\":\"SHF_eb00169548.jpg\",\"width\":6000,\"height\":4000}},\"autoplay\":false},{\"id\":3,\"width\":6000,\"height\":4000,\"alt\":\"Gro&szlig;er, heller Innenraum mit schwebenden Kartons und bunten Lichtinstallationen in moderner Architektur.\",\"title\":\"\",\"description\":\"\",\"label\":\"Zweite Hauptprobe zum Theaterspektakel Bau auf! Bau ab! im Humboldt Forum im Berliner Schloss am 14. Mai 2024\",\"copyright\":\"Stiftung Humboldt Forum im Berliner Schloss \\\/ Foto: Stefanie Loos\",\"path\":\"\\\/wp-content\\\/uploads\\\/2024\\\/06\\\/\",\"sizes\":{\"medium\":{\"file\":\"SHF_eb00223991-300x200.jpg\",\"width\":300,\"height\":200,\"mime-type\":\"image\\\/jpeg\",\"filesize\":15989},\"large\":{\"file\":\"SHF_eb00223991-1024x683.jpg\",\"width\":1024,\"height\":683,\"mime-type\":\"image\\\/jpeg\",\"filesize\":110155},\"thumbnail\":{\"file\":\"SHF_eb00223991-150x150.jpg\",\"width\":150,\"height\":150,\"mime-type\":\"image\\\/jpeg\",\"filesize\":7155},\"medium_large\":{\"file\":\"SHF_eb00223991-768x512.jpg\",\"width\":768,\"height\":512,\"mime-type\":\"image\\\/jpeg\",\"filesize\":69552},\"small\":{\"file\":\"SHF_eb00223991-440x293.jpg\",\"width\":440,\"height\":293,\"mime-type\":\"image\\\/jpeg\",\"filesize\":29180},\"semi\":{\"file\":\"SHF_eb00223991-580x387.jpg\",\"width\":580,\"height\":387,\"mime-type\":\"image\\\/jpeg\",\"filesize\":45425},\"mobile\":{\"file\":\"SHF_eb00223991-720x480.jpg\",\"width\":720,\"height\":480,\"mime-type\":\"image\\\/jpeg\",\"filesize\":63053},\"hd\":{\"file\":\"SHF_eb00223991-1280x853.jpg\",\"width\":1280,\"height\":853,\"mime-type\":\"image\\\/jpeg\",\"filesize\":158504},\"full\":{\"file\":\"SHF_eb00223991-1920x1280.jpg\",\"width\":1920,\"height\":1280,\"mime-type\":\"image\\\/jpeg\",\"filesize\":317775},\"xxl\":{\"file\":\"SHF_eb00223991-4048x2699.jpg\",\"width\":4048,\"height\":2699,\"mime-type\":\"image\\\/jpeg\",\"filesize\":1396935},\"1536x1536\":{\"file\":\"SHF_eb00223991-1536x1024.jpg\",\"width\":1536,\"height\":1024,\"mime-type\":\"image\\\/jpeg\",\"filesize\":212941},\"2048x2048\":{\"file\":\"SHF_eb00223991-2048x1365.jpg\",\"width\":2048,\"height\":1365,\"mime-type\":\"image\\\/jpeg\",\"filesize\":356163},\"original\":{\"file\":\"SHF_eb00223991.jpg\",\"width\":6000,\"height\":4000}},\"autoplay\":false},{\"id\":4,\"width\":6000,\"height\":4002,\"alt\":\"Modernes Atrium mit gro&szlig;en Bildschirmen und Besuchern in einem hell erleuchteten Raum.\",\"title\":\"\",\"description\":\"\",\"label\":\"Er&ouml;ffnung der Sonderausstellung un_endlich. Leben mit dem Tod am 31. M&auml;rz 2023\",\"copyright\":\"Stiftung Humboldt Forum im Berliner Schloss \\\/ Foto: Andreas K\\u00f6nig\",\"path\":\"\\\/wp-content\\\/uploads\\\/2024\\\/06\\\/\",\"sizes\":{\"medium\":{\"file\":\"SHF_eb00191873-300x200.jpg\",\"width\":300,\"height\":200,\"mime-type\":\"image\\\/jpeg\",\"filesize\":14107},\"large\":{\"file\":\"SHF_eb00191873-1024x683.jpg\",\"width\":1024,\"height\":683,\"mime-type\":\"image\\\/jpeg\",\"filesize\":102152},\"thumbnail\":{\"file\":\"SHF_eb00191873-150x150.jpg\",\"width\":150,\"height\":150,\"mime-type\":\"image\\\/jpeg\",\"filesize\":6941},\"medium_large\":{\"file\":\"SHF_eb00191873-768x512.jpg\",\"width\":768,\"height\":512,\"mime-type\":\"image\\\/jpeg\",\"filesize\":64213},\"small\":{\"file\":\"SHF_eb00191873-440x293.jpg\",\"width\":440,\"height\":293,\"mime-type\":\"image\\\/jpeg\",\"filesize\":26418},\"semi\":{\"file\":\"SHF_eb00191873-580x387.jpg\",\"width\":580,\"height\":387,\"mime-type\":\"image\\\/jpeg\",\"filesize\":41356},\"mobile\":{\"file\":\"SHF_eb00191873-720x480.jpg\",\"width\":720,\"height\":480,\"mime-type\":\"image\\\/jpeg\",\"filesize\":57844},\"hd\":{\"file\":\"SHF_eb00191873-1280x854.jpg\",\"width\":1280,\"height\":854,\"mime-type\":\"image\\\/jpeg\",\"filesize\":145667},\"full\":{\"file\":\"SHF_eb00191873-1920x1281.jpg\",\"width\":1920,\"height\":1281,\"mime-type\":\"image\\\/jpeg\",\"filesize\":277082},\"xxl\":{\"file\":\"SHF_eb00191873-4048x2700.jpg\",\"width\":4048,\"height\":2700,\"mime-type\":\"image\\\/jpeg\",\"filesize\":936634},\"1536x1536\":{\"file\":\"SHF_eb00191873-1536x1025.jpg\",\"width\":1536,\"height\":1025,\"mime-type\":\"image\\\/jpeg\",\"filesize\":194408},\"2048x2048\":{\"file\":\"SHF_eb00191873-2048x1366.jpg\",\"width\":2048,\"height\":1366,\"mime-type\":\"image\\\/jpeg\",\"filesize\":306738},\"original\":{\"file\":\"SHF_eb00191873.jpg\",\"width\":6000,\"height\":4002}},\"autoplay\":false},{\"id\":5,\"width\":1368,\"height\":1824,\"alt\":\"Tanzeinlage in einer Galerie mit leuchtendem, spiralf&ouml;rmigem Kunstwerk im Hintergrund.\",\"title\":\"\",\"description\":\"\",\"label\":\"Theater-Tanz-Performance Der Widerspr&uuml;chliche im Foyer des Humboldt Forums im Dezember 2021\",\"copyright\":\"Till Kuhnert\",\"path\":\"\\\/wp-content\\\/uploads\\\/2024\\\/08\\\/\",\"sizes\":{\"medium\":{\"file\":\"SHF_eb00137916-225x300.jpg\",\"width\":225,\"height\":300,\"mime-type\":\"image\\\/jpeg\",\"filesize\":18375},\"large\":{\"file\":\"SHF_eb00137916-768x1024.jpg\",\"width\":768,\"height\":1024,\"mime-type\":\"image\\\/jpeg\",\"filesize\":118149},\"thumbnail\":{\"file\":\"SHF_eb00137916-150x150.jpg\",\"width\":150,\"height\":150,\"mime-type\":\"image\\\/jpeg\",\"filesize\":7460},\"medium_large\":{\"file\":\"SHF_eb00137916-768x1024.jpg\",\"width\":768,\"height\":1024,\"mime-type\":\"image\\\/jpeg\",\"filesize\":118149},\"small\":{\"file\":\"SHF_eb00137916-330x440.jpg\",\"width\":330,\"height\":440,\"mime-type\":\"image\\\/jpeg\",\"filesize\":32748},\"semi\":{\"file\":\"SHF_eb00137916-435x580.jpg\",\"width\":435,\"height\":580,\"mime-type\":\"image\\\/jpeg\",\"filesize\":50188},\"mobile\":{\"file\":\"SHF_eb00137916-540x720.jpg\",\"width\":540,\"height\":720,\"mime-type\":\"image\\\/jpeg\",\"filesize\":69811},\"hd\":{\"file\":\"SHF_eb00137916-960x1280.jpg\",\"width\":960,\"height\":1280,\"mime-type\":\"image\\\/jpeg\",\"filesize\":164928},\"1536x1536\":{\"file\":\"SHF_eb00137916-1152x1536.jpg\",\"width\":1152,\"height\":1536,\"mime-type\":\"image\\\/jpeg\",\"filesize\":212591},\"original\":{\"file\":\"SHF_eb00137916.jpg\",\"width\":1368,\"height\":1824}},\"autoplay\":false}],\n\t\t\t\"mobileImages\" : [{\"id\":0,\"width\":7301,\"height\":4870,\"alt\":\"Moderne Kunstinstallation in einer gro&szlig;en, hellen Halle mit vielen Besuchern und schwebenden geometrischen Formen.\",\"title\":\"\",\"description\":\"\",\"label\":\"Er&ouml;ffnung der Sonderausstellung Hin und Weg. Der Palast der Republik ist Gegenwart am 16. Mai 2024\",\"copyright\":\"Stiftung Humboldt Forum im Berliner Schloss \\\/ Foto: Frank Sperling\",\"path\":\"\\\/wp-content\\\/uploads\\\/2024\\\/06\\\/\",\"sizes\":{\"medium\":{\"file\":\"SHF_eb00224255-300x200.jpg\",\"width\":300,\"height\":200,\"mime-type\":\"image\\\/jpeg\",\"filesize\":18265},\"large\":{\"file\":\"SHF_eb00224255-1024x683.jpg\",\"width\":1024,\"height\":683,\"mime-type\":\"image\\\/jpeg\",\"filesize\":142091},\"thumbnail\":{\"file\":\"SHF_eb00224255-150x150.jpg\",\"width\":150,\"height\":150,\"mime-type\":\"image\\\/jpeg\",\"filesize\":8208},\"medium_large\":{\"file\":\"SHF_eb00224255-768x512.jpg\",\"width\":768,\"height\":512,\"mime-type\":\"image\\\/jpeg\",\"filesize\":86559},\"small\":{\"file\":\"SHF_eb00224255-440x293.jpg\",\"width\":440,\"height\":293,\"mime-type\":\"image\\\/jpeg\",\"filesize\":34451},\"semi\":{\"file\":\"SHF_eb00224255-580x387.jpg\",\"width\":580,\"height\":387,\"mime-type\":\"image\\\/jpeg\",\"filesize\":55396},\"mobile\":{\"file\":\"SHF_eb00224255-720x480.jpg\",\"width\":720,\"height\":480,\"mime-type\":\"image\\\/jpeg\",\"filesize\":77535},\"hd\":{\"file\":\"SHF_eb00224255-1280x854.jpg\",\"width\":1280,\"height\":854,\"mime-type\":\"image\\\/jpeg\",\"filesize\":205059},\"full\":{\"file\":\"SHF_eb00224255-1920x1281.jpg\",\"width\":1920,\"height\":1281,\"mime-type\":\"image\\\/jpeg\",\"filesize\":412694},\"xxl\":{\"file\":\"SHF_eb00224255-4048x2700.jpg\",\"width\":4048,\"height\":2700,\"mime-type\":\"image\\\/jpeg\",\"filesize\":1696422},\"1536x1536\":{\"file\":\"SHF_eb00224255-1536x1025.jpg\",\"width\":1536,\"height\":1025,\"mime-type\":\"image\\\/jpeg\",\"filesize\":280175},\"2048x2048\":{\"file\":\"SHF_eb00224255-2048x1366.jpg\",\"width\":2048,\"height\":1366,\"mime-type\":\"image\\\/jpeg\",\"filesize\":463098},\"original\":{\"file\":\"SHF_eb00224255.jpg\",\"width\":7301,\"height\":4870}},\"autoplay\":false},{\"id\":1,\"width\":6000,\"height\":4000,\"alt\":\"Bunt dekorierte Halle mit Menschen und Essensst&auml;nden, farbige Papierbanner h&auml;ngen von der Decke.\",\"title\":\"\",\"description\":\"\",\"label\":\"Fiesta de Dia de los Muertos Mexikanisches Totenfest im Humboldt Forum im Berliner Schloss am 05. November 2023\",\"copyright\":\"Stiftung Humboldt Forum im Berliner Schloss \\\/ Foto: Stefanie Loos\",\"path\":\"\\\/wp-content\\\/uploads\\\/2024\\\/06\\\/\",\"sizes\":{\"medium\":{\"file\":\"SHF_eb00211798-300x200.jpg\",\"width\":300,\"height\":200,\"mime-type\":\"image\\\/jpeg\",\"filesize\":20773},\"large\":{\"file\":\"SHF_eb00211798-1024x683.jpg\",\"width\":1024,\"height\":683,\"mime-type\":\"image\\\/jpeg\",\"filesize\":163799},\"thumbnail\":{\"file\":\"SHF_eb00211798-150x150.jpg\",\"width\":150,\"height\":150,\"mime-type\":\"image\\\/jpeg\",\"filesize\":8878},\"medium_large\":{\"file\":\"SHF_eb00211798-768x512.jpg\",\"width\":768,\"height\":512,\"mime-type\":\"image\\\/jpeg\",\"filesize\":100052},\"small\":{\"file\":\"SHF_eb00211798-440x293.jpg\",\"width\":440,\"height\":293,\"mime-type\":\"image\\\/jpeg\",\"filesize\":39316},\"semi\":{\"file\":\"SHF_eb00211798-580x387.jpg\",\"width\":580,\"height\":387,\"mime-type\":\"image\\\/jpeg\",\"filesize\":63154},\"mobile\":{\"file\":\"SHF_eb00211798-720x480.jpg\",\"width\":720,\"height\":480,\"mime-type\":\"image\\\/jpeg\",\"filesize\":89671},\"hd\":{\"file\":\"SHF_eb00211798-1280x853.jpg\",\"width\":1280,\"height\":853,\"mime-type\":\"image\\\/jpeg\",\"filesize\":240152},\"full\":{\"file\":\"SHF_eb00211798-1920x1280.jpg\",\"width\":1920,\"height\":1280,\"mime-type\":\"image\\\/jpeg\",\"filesize\":484165},\"xxl\":{\"file\":\"SHF_eb00211798-4048x2699.jpg\",\"width\":4048,\"height\":2699,\"mime-type\":\"image\\\/jpeg\",\"filesize\":1663522},\"1536x1536\":{\"file\":\"SHF_eb00211798-1536x1024.jpg\",\"width\":1536,\"height\":1024,\"mime-type\":\"image\\\/jpeg\",\"filesize\":328552},\"2048x2048\":{\"file\":\"SHF_eb00211798-2048x1365.jpg\",\"width\":2048,\"height\":1365,\"mime-type\":\"image\\\/jpeg\",\"filesize\":541385},\"original\":{\"file\":\"SHF_eb00211798.jpg\",\"width\":6000,\"height\":4000}},\"autoplay\":false},{\"id\":2,\"width\":6000,\"height\":4000,\"alt\":\"B&uuml;hne mit K&uuml;nstlerin in einem Ring, umgeben von Publikum und beeindruckenden Projektionen im Hintergrund.\",\"title\":\"\",\"description\":\"\",\"label\":\"Objekte widersprechen in der Mechanischen Arena im Foyer im Humboldt Forum im Berliner Schloss am 18. November 2022\",\"copyright\":\"Stiftung Humboldt Forum im Berliner Schloss \\\/ Foto: Stefanie Loos\",\"path\":\"\\\/wp-content\\\/uploads\\\/2024\\\/06\\\/\",\"sizes\":{\"medium\":{\"file\":\"SHF_eb00169548-300x200.jpg\",\"width\":300,\"height\":200,\"mime-type\":\"image\\\/jpeg\",\"filesize\":18606},\"large\":{\"file\":\"SHF_eb00169548-1024x683.jpg\",\"width\":1024,\"height\":683,\"mime-type\":\"image\\\/jpeg\",\"filesize\":143789},\"thumbnail\":{\"file\":\"SHF_eb00169548-150x150.jpg\",\"width\":150,\"height\":150,\"mime-type\":\"image\\\/jpeg\",\"filesize\":8857},\"medium_large\":{\"file\":\"SHF_eb00169548-768x512.jpg\",\"width\":768,\"height\":512,\"mime-type\":\"image\\\/jpeg\",\"filesize\":89760},\"small\":{\"file\":\"SHF_eb00169548-440x293.jpg\",\"width\":440,\"height\":293,\"mime-type\":\"image\\\/jpeg\",\"filesize\":35771},\"semi\":{\"file\":\"SHF_eb00169548-580x387.jpg\",\"width\":580,\"height\":387,\"mime-type\":\"image\\\/jpeg\",\"filesize\":56910},\"mobile\":{\"file\":\"SHF_eb00169548-720x480.jpg\",\"width\":720,\"height\":480,\"mime-type\":\"image\\\/jpeg\",\"filesize\":80622},\"hd\":{\"file\":\"SHF_eb00169548-1280x853.jpg\",\"width\":1280,\"height\":853,\"mime-type\":\"image\\\/jpeg\",\"filesize\":206220},\"full\":{\"file\":\"SHF_eb00169548-1920x1280.jpg\",\"width\":1920,\"height\":1280,\"mime-type\":\"image\\\/jpeg\",\"filesize\":395844},\"xxl\":{\"file\":\"SHF_eb00169548-4048x2699.jpg\",\"width\":4048,\"height\":2699,\"mime-type\":\"image\\\/jpeg\",\"filesize\":1334217},\"1536x1536\":{\"file\":\"SHF_eb00169548-1536x1024.jpg\",\"width\":1536,\"height\":1024,\"mime-type\":\"image\\\/jpeg\",\"filesize\":275840},\"2048x2048\":{\"file\":\"SHF_eb00169548-2048x1365.jpg\",\"width\":2048,\"height\":1365,\"mime-type\":\"image\\\/jpeg\",\"filesize\":440099},\"original\":{\"file\":\"SHF_eb00169548.jpg\",\"width\":6000,\"height\":4000}},\"autoplay\":false},{\"id\":3,\"width\":6000,\"height\":4000,\"alt\":\"Gro&szlig;er, heller Innenraum mit schwebenden Kartons und bunten Lichtinstallationen in moderner Architektur.\",\"title\":\"\",\"description\":\"\",\"label\":\"Zweite Hauptprobe zum Theaterspektakel Bau auf! Bau ab! im Humboldt Forum im Berliner Schloss am 14. Mai 2024\",\"copyright\":\"Stiftung Humboldt Forum im Berliner Schloss \\\/ Foto: Stefanie Loos\",\"path\":\"\\\/wp-content\\\/uploads\\\/2024\\\/06\\\/\",\"sizes\":{\"medium\":{\"file\":\"SHF_eb00223991-300x200.jpg\",\"width\":300,\"height\":200,\"mime-type\":\"image\\\/jpeg\",\"filesize\":15989},\"large\":{\"file\":\"SHF_eb00223991-1024x683.jpg\",\"width\":1024,\"height\":683,\"mime-type\":\"image\\\/jpeg\",\"filesize\":110155},\"thumbnail\":{\"file\":\"SHF_eb00223991-150x150.jpg\",\"width\":150,\"height\":150,\"mime-type\":\"image\\\/jpeg\",\"filesize\":7155},\"medium_large\":{\"file\":\"SHF_eb00223991-768x512.jpg\",\"width\":768,\"height\":512,\"mime-type\":\"image\\\/jpeg\",\"filesize\":69552},\"small\":{\"file\":\"SHF_eb00223991-440x293.jpg\",\"width\":440,\"height\":293,\"mime-type\":\"image\\\/jpeg\",\"filesize\":29180},\"semi\":{\"file\":\"SHF_eb00223991-580x387.jpg\",\"width\":580,\"height\":387,\"mime-type\":\"image\\\/jpeg\",\"filesize\":45425},\"mobile\":{\"file\":\"SHF_eb00223991-720x480.jpg\",\"width\":720,\"height\":480,\"mime-type\":\"image\\\/jpeg\",\"filesize\":63053},\"hd\":{\"file\":\"SHF_eb00223991-1280x853.jpg\",\"width\":1280,\"height\":853,\"mime-type\":\"image\\\/jpeg\",\"filesize\":158504},\"full\":{\"file\":\"SHF_eb00223991-1920x1280.jpg\",\"width\":1920,\"height\":1280,\"mime-type\":\"image\\\/jpeg\",\"filesize\":317775},\"xxl\":{\"file\":\"SHF_eb00223991-4048x2699.jpg\",\"width\":4048,\"height\":2699,\"mime-type\":\"image\\\/jpeg\",\"filesize\":1396935},\"1536x1536\":{\"file\":\"SHF_eb00223991-1536x1024.jpg\",\"width\":1536,\"height\":1024,\"mime-type\":\"image\\\/jpeg\",\"filesize\":212941},\"2048x2048\":{\"file\":\"SHF_eb00223991-2048x1365.jpg\",\"width\":2048,\"height\":1365,\"mime-type\":\"image\\\/jpeg\",\"filesize\":356163},\"original\":{\"file\":\"SHF_eb00223991.jpg\",\"width\":6000,\"height\":4000}},\"autoplay\":false},{\"id\":4,\"width\":6000,\"height\":4002,\"alt\":\"Modernes Atrium mit gro&szlig;en Bildschirmen und Besuchern in einem hell erleuchteten Raum.\",\"title\":\"\",\"description\":\"\",\"label\":\"Er&ouml;ffnung der Sonderausstellung un_endlich. Leben mit dem Tod am 31. M&auml;rz 2023\",\"copyright\":\"Stiftung Humboldt Forum im Berliner Schloss \\\/ Foto: Andreas K\\u00f6nig\",\"path\":\"\\\/wp-content\\\/uploads\\\/2024\\\/06\\\/\",\"sizes\":{\"medium\":{\"file\":\"SHF_eb00191873-300x200.jpg\",\"width\":300,\"height\":200,\"mime-type\":\"image\\\/jpeg\",\"filesize\":14107},\"large\":{\"file\":\"SHF_eb00191873-1024x683.jpg\",\"width\":1024,\"height\":683,\"mime-type\":\"image\\\/jpeg\",\"filesize\":102152},\"thumbnail\":{\"file\":\"SHF_eb00191873-150x150.jpg\",\"width\":150,\"height\":150,\"mime-type\":\"image\\\/jpeg\",\"filesize\":6941},\"medium_large\":{\"file\":\"SHF_eb00191873-768x512.jpg\",\"width\":768,\"height\":512,\"mime-type\":\"image\\\/jpeg\",\"filesize\":64213},\"small\":{\"file\":\"SHF_eb00191873-440x293.jpg\",\"width\":440,\"height\":293,\"mime-type\":\"image\\\/jpeg\",\"filesize\":26418},\"semi\":{\"file\":\"SHF_eb00191873-580x387.jpg\",\"width\":580,\"height\":387,\"mime-type\":\"image\\\/jpeg\",\"filesize\":41356},\"mobile\":{\"file\":\"SHF_eb00191873-720x480.jpg\",\"width\":720,\"height\":480,\"mime-type\":\"image\\\/jpeg\",\"filesize\":57844},\"hd\":{\"file\":\"SHF_eb00191873-1280x854.jpg\",\"width\":1280,\"height\":854,\"mime-type\":\"image\\\/jpeg\",\"filesize\":145667},\"full\":{\"file\":\"SHF_eb00191873-1920x1281.jpg\",\"width\":1920,\"height\":1281,\"mime-type\":\"image\\\/jpeg\",\"filesize\":277082},\"xxl\":{\"file\":\"SHF_eb00191873-4048x2700.jpg\",\"width\":4048,\"height\":2700,\"mime-type\":\"image\\\/jpeg\",\"filesize\":936634},\"1536x1536\":{\"file\":\"SHF_eb00191873-1536x1025.jpg\",\"width\":1536,\"height\":1025,\"mime-type\":\"image\\\/jpeg\",\"filesize\":194408},\"2048x2048\":{\"file\":\"SHF_eb00191873-2048x1366.jpg\",\"width\":2048,\"height\":1366,\"mime-type\":\"image\\\/jpeg\",\"filesize\":306738},\"original\":{\"file\":\"SHF_eb00191873.jpg\",\"width\":6000,\"height\":4002}},\"autoplay\":false},{\"id\":5,\"width\":1368,\"height\":1824,\"alt\":\"Tanzeinlage in einer Galerie mit leuchtendem, spiralf&ouml;rmigem Kunstwerk im Hintergrund.\",\"title\":\"\",\"description\":\"\",\"label\":\"Theater-Tanz-Performance Der Widerspr&uuml;chliche im Foyer des Humboldt Forums im Dezember 2021\",\"copyright\":\"Till Kuhnert\",\"path\":\"\\\/wp-content\\\/uploads\\\/2024\\\/08\\\/\",\"sizes\":{\"medium\":{\"file\":\"SHF_eb00137916-225x300.jpg\",\"width\":225,\"height\":300,\"mime-type\":\"image\\\/jpeg\",\"filesize\":18375},\"large\":{\"file\":\"SHF_eb00137916-768x1024.jpg\",\"width\":768,\"height\":1024,\"mime-type\":\"image\\\/jpeg\",\"filesize\":118149},\"thumbnail\":{\"file\":\"SHF_eb00137916-150x150.jpg\",\"width\":150,\"height\":150,\"mime-type\":\"image\\\/jpeg\",\"filesize\":7460},\"medium_large\":{\"file\":\"SHF_eb00137916-768x1024.jpg\",\"width\":768,\"height\":1024,\"mime-type\":\"image\\\/jpeg\",\"filesize\":118149},\"small\":{\"file\":\"SHF_eb00137916-330x440.jpg\",\"width\":330,\"height\":440,\"mime-type\":\"image\\\/jpeg\",\"filesize\":32748},\"semi\":{\"file\":\"SHF_eb00137916-435x580.jpg\",\"width\":435,\"height\":580,\"mime-type\":\"image\\\/jpeg\",\"filesize\":50188},\"mobile\":{\"file\":\"SHF_eb00137916-540x720.jpg\",\"width\":540,\"height\":720,\"mime-type\":\"image\\\/jpeg\",\"filesize\":69811},\"hd\":{\"file\":\"SHF_eb00137916-960x1280.jpg\",\"width\":960,\"height\":1280,\"mime-type\":\"image\\\/jpeg\",\"filesize\":164928},\"1536x1536\":{\"file\":\"SHF_eb00137916-1152x1536.jpg\",\"width\":1152,\"height\":1536,\"mime-type\":\"image\\\/jpeg\",\"filesize\":212591},\"original\":{\"file\":\"SHF_eb00137916.jpg\",\"width\":1368,\"height\":1824}},\"autoplay\":false}]\t\t}\n\t<\/script>\n\n\t<swiper :options=\"swiperVideoOptions\" ref=\"swiperVideo\">\n\t\t<div class=\"swiper-slide\" :key=\"image.id\" v-for=\"image in images\">\n\t\t\t<div class=\"width-container\">\n\t\t\t\t<div class=\"wrapper\">\n\t\t\t\t\t<img :src=\"image.src\" :alt=\"image.alt\" v-if=\"image.id < 1\">\n\t\t\t\t\t<img :src=\"image.src\" :alt=\"image.alt\" v-else-if=\"firstLoaded\">\n\t\t\t\t\t<div class=\"swiper-slide-autoplay\" v-if=\"image.autoplay\" :data-autoplay=\"image.autoplay\"><\/div>\n\t\t\t\t<\/div>\n\t\t\t<\/div>\n\t\t<\/div>\n\t<\/swiper>\n<\/div>\t\t\t<div class=\"block-gallery-moderated-copy\">\n\t<swiper :options=\"swiperCopyOptions\" ref=\"swiperCopy\">\n\t\t\n\t\t\t\t<div class=\"swiper-slide swiper-slide-active\">\n\t\t\t\t\t\t\t\t\t\t<div class=\"block-gallery-moderated-copy-item\">\n\t\t\t\t\t\t<div class=\"block-gallery-moderated-copy-item-dot\"><\/div>\n\t\t\t\t\t\t<div class=\"Teaser-subinfo-small uppercase overline\">\n\t\t\t\t\t\t\tAusstellungser\u00f6ffnung\t\t\t\t\t\t<\/div>\n\t\t\t\t\t\t<h6 class=\"H6 H6-copy headline\">Hin und weg. Der Palast der Republik ist Gegenwart<\/h6>\n\t\t\t\t\t<\/div>\n\t\t\t\t\t\t\t\t\t<\/div>\n\t\t\t\n\t\t\t\t<div class=\"swiper-slide\">\n\t\t\t\t\t\t\t\t\t\t<div class=\"block-gallery-moderated-copy-item\">\n\t\t\t\t\t\t<div class=\"block-gallery-moderated-copy-item-dot\"><\/div>\n\t\t\t\t\t\t<div class=\"Teaser-subinfo-small uppercase overline\">\n\t\t\t\t\t\t\tFestival\t\t\t\t\t\t<\/div>\n\t\t\t\t\t\t<h6 class=\"H6 H6-copy headline\"> Fiesta de D\u00eda de Muertos im Humboldt Forum<\/h6>\n\t\t\t\t\t<\/div>\n\t\t\t\t\t\t\t\t\t<\/div>\n\t\t\t\n\t\t\t\t<div class=\"swiper-slide\">\n\t\t\t\t\t\t\t\t\t\t<div class=\"block-gallery-moderated-copy-item\">\n\t\t\t\t\t\t<div class=\"block-gallery-moderated-copy-item-dot\"><\/div>\n\t\t\t\t\t\t<div class=\"Teaser-subinfo-small uppercase overline\">\n\t\t\t\t\t\t\tLesung\t\t\t\t\t\t<\/div>\n\t\t\t\t\t\t<h6 class=\"H6 H6-copy headline\">Objekte widersprechen<\/h6>\n\t\t\t\t\t<\/div>\n\t\t\t\t\t\t\t\t\t<\/div>\n\t\t\t\n\t\t\t\t<div class=\"swiper-slide\">\n\t\t\t\t\t\t\t\t\t\t<div class=\"block-gallery-moderated-copy-item\">\n\t\t\t\t\t\t<div class=\"block-gallery-moderated-copy-item-dot\"><\/div>\n\t\t\t\t\t\t<div class=\"Teaser-subinfo-small uppercase overline\">\n\t\t\t\t\t\t\tTheaterspektakel\t\t\t\t\t\t<\/div>\n\t\t\t\t\t\t<h6 class=\"H6 H6-copy headline\"> Bau auf! Bau ab!<\/h6>\n\t\t\t\t\t<\/div>\n\t\t\t\t\t\t\t\t\t<\/div>\n\t\t\t\n\t\t\t\t<div class=\"swiper-slide\">\n\t\t\t\t\t\t\t\t\t\t<div class=\"block-gallery-moderated-copy-item\">\n\t\t\t\t\t\t<div class=\"block-gallery-moderated-copy-item-dot\"><\/div>\n\t\t\t\t\t\t<div class=\"Teaser-subinfo-small uppercase overline\">\n\t\t\t\t\t\t\tAusstellungser\u00f6ffnnung\t\t\t\t\t\t<\/div>\n\t\t\t\t\t\t<h6 class=\"H6 H6-copy headline\">un_endlich. Leben mit dem Tod<\/h6>\n\t\t\t\t\t<\/div>\n\t\t\t\t\t\t\t\t\t<\/div>\n\t\t\t\n\t\t\t\t<div class=\"swiper-slide\">\n\t\t\t\t\t\t\t\t\t\t<div class=\"block-gallery-moderated-copy-item\">\n\t\t\t\t\t\t<div class=\"block-gallery-moderated-copy-item-dot\"><\/div>\n\t\t\t\t\t\t<div class=\"Teaser-subinfo-small uppercase overline\">\n\t\t\t\t\t\t\tTheater-Tanz-Performance\t\t\t\t\t\t<\/div>\n\t\t\t\t\t\t<h6 class=\"H6 H6-copy headline\"> Der Widerspr\u00fcchliche<\/h6>\n\t\t\t\t\t<\/div>\n\t\t\t\t\t\t\t\t\t<\/div>\n\t\t\t\t<\/swiper>\n<\/div>\n\n\t\t\t<div class=\"block-gallery-moderated-nav\">\n\t\t<div class=\"block-gallery-moderated-nav-shadow\"><\/div>\n\t<div class=\"swiper-progress-pos\" v-html=\"(currentSlide+1)\">1<\/div>\n\t<div class=\"swiper-progress-count\">6<\/div>\n\n\t<div class=\"swiper-progress\" ref=\"progress\">\n\t\t\t\t\t<div class=\"swiper-progress-item swiper-progress-item-0\" data-index=\"0\">\n\t\t\t\t<div class=\"swiper-progress-item-progress\"><\/div>\n\t\t\t<\/div>\n\t\t\t\t\t<div class=\"swiper-progress-item swiper-progress-item-1\" data-index=\"1\">\n\t\t\t\t<div class=\"swiper-progress-item-progress\"><\/div>\n\t\t\t<\/div>\n\t\t\t\t\t<div class=\"swiper-progress-item swiper-progress-item-2\" data-index=\"2\">\n\t\t\t\t<div class=\"swiper-progress-item-progress\"><\/div>\n\t\t\t<\/div>\n\t\t\t\t\t<div class=\"swiper-progress-item swiper-progress-item-3\" data-index=\"3\">\n\t\t\t\t<div class=\"swiper-progress-item-progress\"><\/div>\n\t\t\t<\/div>\n\t\t\t\t\t<div class=\"swiper-progress-item swiper-progress-item-4\" data-index=\"4\">\n\t\t\t\t<div class=\"swiper-progress-item-progress\"><\/div>\n\t\t\t<\/div>\n\t\t\t\t\t<div class=\"swiper-progress-item swiper-progress-item-5\" data-index=\"5\">\n\t\t\t\t<div class=\"swiper-progress-item-progress\"><\/div>\n\t\t\t<\/div>\n\t\t\t<\/div>\n\n\t<button class=\"icon-background-white swiper-button-prev  swiper-button-disabled\" slot=\"button-prev\" @click=\"prevVideo\" aria-label=\"Vorheriges Bild\">\n\t\t<span class=\"icon-arrow-rechts\"><\/span>\n\t<\/button>\n\n\t<button class=\"icon-background-white swiper-button-next\" slot=\"button-next\" @click=\"nextVideo\" aria-label=\"N\u00e4chstes Bild\">\n\t\t<span class=\"icon-arrow-rechts\"><\/span>\n\t<\/button>\n\n\n\t<button class=\"swiper-toggle-btn icon-background icon-play\" @click=\"toggle\" v-if=\"!isPlaying\" aria-label=\"Abspielen\"><\/button>\n\t<button class=\"swiper-toggle-btn icon-background icon-pause\" @click=\"toggle\" v-if=\"isPlaying\" aria-label=\"Pause\"><\/button>\n\t<\/div>\t\t<\/div>\n\t<\/block-gallery-moderated>\n<\/section>\n\n<section class=\"block block-lazy-media-info\">\n\t<div class=\"container-fluid\">\n\t\t<div class=\"row end-xs\">\n\t\t\t<div class=\"col-xs-12\">\n\t\t\t\t<lazy-media-info-as-block inline-template>\n\t\t\t\t\t<div class=\"lazy-media-info\" aria-expanded=\"false\" :aria-expanded=\"isOpen ? 'true' : 'false'\">\n\t\t\t\t\t\t<button class=\"lazy-media-info-head button-tiny\" :class=\"{'button-active': isOpen}\" @click=\"toggle\" ref=\"head\"><span class=\"button-label insignificant\">Bildinfo<\/span><\/button>\n\t\t\t\t\t\t<figcaption class=\"lazy-media-info-body\" ref=\"body\">\n\t\t\t\t\t\t\t\n\t\t\t\t\t\t\t<div class=\"lazy-media-info-body-content\">\n\t\t\t\t\t\t\t\t<div><strong>Bild 1:<\/strong><\/div>\n\t\t\t\t\t\t\t\t\t\t\t\t\t\t\t\t\t<div>Er&ouml;ffnung der Sonderausstellung Hin und Weg. Der Palast der Republik ist Gegenwart am 16. Mai 2024<\/div>\n\t\t\t\t\t\t\t\t\t\t\t\t\t\t\t\t\t\t\t\t\t\t\t\t\t\t\t\t\t\t\t\t\t<div class=\"insignificant\">\u00a9 Stiftung Humboldt Forum im Berliner Schloss \/ Foto: Frank Sperling<\/div>\n\t\t\t\t\t\t\t\t\t\t\t\t\t\t\t<\/div>\n\t\t\t\t\t\t\t\n\t\t\t\t\t\t\t<div class=\"lazy-media-info-body-content\">\n\t\t\t\t\t\t\t\t<div><strong>Bild 2:<\/strong><\/div>\n\t\t\t\t\t\t\t\t\t\t\t\t\t\t\t\t\t<div>Fiesta de Dia de los Muertos Mexikanisches Totenfest im Humboldt Forum im Berliner Schloss am 05. November 2023<\/div>\n\t\t\t\t\t\t\t\t\t\t\t\t\t\t\t\t\t\t\t\t\t\t\t\t\t\t\t\t\t\t\t\t\t<div class=\"insignificant\">\u00a9 Stiftung Humboldt Forum im Berliner Schloss \/ Foto: Stefanie Loos<\/div>\n\t\t\t\t\t\t\t\t\t\t\t\t\t\t\t<\/div>\n\t\t\t\t\t\t\t\n\t\t\t\t\t\t\t<div class=\"lazy-media-info-body-content\">\n\t\t\t\t\t\t\t\t<div><strong>Bild 3:<\/strong><\/div>\n\t\t\t\t\t\t\t\t\t\t\t\t\t\t\t\t\t<div>Objekte widersprechen in der Mechanischen Arena im Foyer im Humboldt Forum im Berliner Schloss am 18. November 2022<\/div>\n\t\t\t\t\t\t\t\t\t\t\t\t\t\t\t\t\t\t\t\t\t\t\t\t\t\t\t\t\t\t\t\t\t<div class=\"insignificant\">\u00a9 Stiftung Humboldt Forum im Berliner Schloss \/ Foto: Stefanie Loos<\/div>\n\t\t\t\t\t\t\t\t\t\t\t\t\t\t\t<\/div>\n\t\t\t\t\t\t\t\n\t\t\t\t\t\t\t<div class=\"lazy-media-info-body-content\">\n\t\t\t\t\t\t\t\t<div><strong>Bild 4:<\/strong><\/div>\n\t\t\t\t\t\t\t\t\t\t\t\t\t\t\t\t\t<div>Zweite Hauptprobe zum Theaterspektakel Bau auf! Bau ab! im Humboldt Forum im Berliner Schloss am 14. Mai 2024<\/div>\n\t\t\t\t\t\t\t\t\t\t\t\t\t\t\t\t\t\t\t\t\t\t\t\t\t\t\t\t\t\t\t\t\t<div class=\"insignificant\">\u00a9 Stiftung Humboldt Forum im Berliner Schloss \/ Foto: Stefanie Loos<\/div>\n\t\t\t\t\t\t\t\t\t\t\t\t\t\t\t<\/div>\n\t\t\t\t\t\t\t\n\t\t\t\t\t\t\t<div class=\"lazy-media-info-body-content\">\n\t\t\t\t\t\t\t\t<div><strong>Bild 5:<\/strong><\/div>\n\t\t\t\t\t\t\t\t\t\t\t\t\t\t\t\t\t<div>Er&ouml;ffnung der Sonderausstellung un_endlich. Leben mit dem Tod am 31. M&auml;rz 2023<\/div>\n\t\t\t\t\t\t\t\t\t\t\t\t\t\t\t\t\t\t\t\t\t\t\t\t\t\t\t\t\t\t\t\t\t<div class=\"insignificant\">\u00a9 Stiftung Humboldt Forum im Berliner Schloss \/ Foto: Andreas K\u00f6nig<\/div>\n\t\t\t\t\t\t\t\t\t\t\t\t\t\t\t<\/div>\n\t\t\t\t\t\t\t\n\t\t\t\t\t\t\t<div class=\"lazy-media-info-body-content\">\n\t\t\t\t\t\t\t\t<div><strong>Bild 6:<\/strong><\/div>\n\t\t\t\t\t\t\t\t\t\t\t\t\t\t\t\t\t<div>Theater-Tanz-Performance Der Widerspr&uuml;chliche im Foyer des Humboldt Forums im Dezember 2021<\/div>\n\t\t\t\t\t\t\t\t\t\t\t\t\t\t\t\t\t\t\t\t\t\t\t\t\t\t\t\t\t\t\t\t\t<div class=\"insignificant\">\u00a9 Till Kuhnert<\/div>\n\t\t\t\t\t\t\t\t\t\t\t\t\t\t\t<\/div>\n\t\t\t\t\t\t\t\t\t\t\t\t\t<\/figcaption>\n\t\t\t\t\t\t<div class=\"lazy-media-info-head-border\"><\/div>\n\t\t\t\t\t<\/div>\n\t\t\t\t<\/lazy-media-info-as-block>\n\t\t\t<\/div>\n\t\t<\/div>\n\t<\/div>\n<\/section>\n\n\n<section class=\"block block-CTA-huge block-CTA-huge-right\">\n\t<div class=\"container-fluid\">\n\t\t\t<a href=\"https:\/\/www.humboldtforum.org\/de\/?page_id=105965\" class=\"teaser\" aria-label=\"Artworks\">\n\t\t\t<div class=\"box\">\n\n\t\t\t\t<div class=\"row CTA-image\">\n\t\t\t\t\t<div class=\"col-xs-12 col-sm-6 col-sm-offset-6 teaser-image\">\n\t\t\t\t\t\t\n\t<lazy-media-inline inline-template>\n\t\t<figure itemscope itemtype=\"http:\/\/schema.org\/ImageObject\" class=\"lazy-media-inline \" role=\"group\" id=\"media_69ee177f0112a\" aria-labelledby=\"desc_media_69ee177f0112a\">\n\t\t\t<script type=\"application\/json\" ref=\"data\">\n\t\t\t\t{\n\t\t\t\t\"sizes\" : {\"medium\":{\"file\":\"SHF_eb00102440_Fischschwarm-1-278x300.jpg\",\"width\":278,\"height\":300,\"mime-type\":\"image\\\/jpeg\",\"filesize\":16764},\"large\":{\"file\":\"SHF_eb00102440_Fischschwarm-1-947x1024.jpg\",\"width\":947,\"height\":1024,\"mime-type\":\"image\\\/jpeg\",\"filesize\":143932},\"thumbnail\":{\"file\":\"SHF_eb00102440_Fischschwarm-1-150x150.jpg\",\"width\":150,\"height\":150,\"mime-type\":\"image\\\/jpeg\",\"filesize\":5329},\"medium_large\":{\"file\":\"SHF_eb00102440_Fischschwarm-1-768x830.jpg\",\"width\":768,\"height\":830,\"mime-type\":\"image\\\/jpeg\",\"filesize\":101863},\"small\":{\"file\":\"SHF_eb00102440_Fischschwarm-1-407x440.jpg\",\"width\":407,\"height\":440,\"mime-type\":\"image\\\/jpeg\",\"filesize\":33580},\"semi\":{\"file\":\"SHF_eb00102440_Fischschwarm-1-537x580.jpg\",\"width\":537,\"height\":580,\"mime-type\":\"image\\\/jpeg\",\"filesize\":55497},\"mobile\":{\"file\":\"SHF_eb00102440_Fischschwarm-1-666x720.jpg\",\"width\":666,\"height\":720,\"mime-type\":\"image\\\/jpeg\",\"filesize\":80833},\"hd\":{\"file\":\"SHF_eb00102440_Fischschwarm-1-1184x1280.jpg\",\"width\":1184,\"height\":1280,\"mime-type\":\"image\\\/jpeg\",\"filesize\":205159},\"1536x1536\":{\"file\":\"SHF_eb00102440_Fischschwarm-1-1421x1536.jpg\",\"width\":1421,\"height\":1536,\"mime-type\":\"image\\\/jpeg\",\"filesize\":269095},\"original\":{\"file\":\"SHF_eb00102440_Fischschwarm-1.jpg\",\"width\":1776,\"height\":1920}},\n\t\t\t\t\"alt\" : \"Unterwasserwelt mit bunten Fischen und Seetang, erleuchtet von Sonnenstrahlen.\",\n\t\t\t\t\"path\" : \"\\\/wp-content\\\/uploads\\\/2023\\\/12\\\/\",\n\t\t\t\t\"video\" : null,\n\t\t\t\t\"autoplay\" : null,\n\t\t\t\t\"youtube\" : null,\n\t\t\t\t\"youtubelabel\" : \"Video abspielen\",\n\t\t\t\t\"brightness\" : \"100\",\n\t\t\t\t\"crop\" : null,\n\t\t\t\t\"background\" : true,\n\t\t\t\t\"scale\" : 1\t\t\t\t}\n\t\t\t<\/script>\n\n\t\t\t<div class=\"height-container\" style=\"padding-bottom:108.10810810811%;\" v-if=\"sizes\">\n\t\t\t\t\t\t\t\t<lazy-media :inline=\"true\" :alt=\"alt\" :sizes=\"sizes\" :scale=\"scale\" :brightness=\"brightness\" :path=\"path\" :video=\"video\" :autoplay=\"autoplay\" :youtube=\"youtube\" :crop=\"crop\" :youtubelabel=\"youtubelabel\" :background=\"background\" media-id=\"desc_media_69ee177f0112a\"><\/lazy-media>\n\t\t\t\t\t\t\t<\/div>\n\n\t\t\t\t\t\t\t<figcaption class=\"sr-only\" ref=\"body\" id=\"desc_media_69ee177f0112a\">\n\t\t\t\t\t\t\t\t\t\t\t\t\t\t\t\t\t\t\t\t\t<div class=\"insignificant\">\u00a9 Stiftung Humboldt Forum im Berliner Schloss \/ schnellebuntebilder<\/div>\n\t\t\t\t\t\t\t\t\t<\/figcaption>\n\t\t\t\t\t<\/figure>\n\t<\/lazy-media-inline>\n\t\t\t\t\t<\/div>\n\t\t\t\t<\/div>\n\t\t\t\t<div class=\"CTA-border-wrapper\">\n\t\t\t\t\t<div class=\"row middle-sm center-xs start-sm CTA-border\">\n\t\t\t\t\t\t<div class=\"col-xs-10 col-sm-4 col-sm-offset-1\">\n\t\t\t\t\t\t\t<div class=\"box\">\n\t\t\t\t\t\t\t\t\t\t\t\t\t\t\t\t<div>\n\t\t\t\t\t\t\t\t\t<h3>Artworks<\/h3>\n\t\t\t\t\t\t\t\t\t<div class=\"Teaser-copy\">Faszinierende Kunstwerke<\/div>\t\t\t\t\t\t\t\t\t\t\t\t\t\t\t\t\t\t\t<div class=\"Button\" style=\"margin-top: var(--spacing-third)\" ><span>Mehr lesen<\/span><\/div>\n\t\t\t\t\t\t\t\t\t\t\t\t\t\t\t\t\t<\/div>\n\t\t\t\t\t\t\t<\/div>\n\t\t\t\t\t\t<\/div>\n\t\t\t\t\t<\/div>\n\t\t\t\t<\/div>\n\t\t\t<\/div>\n\t\t<\/a>\n\t<\/div>\n<\/section>\n\n\n\n\n<section class=\"block block-CTA-huge block-CTA-huge\">\n\t<div class=\"container-fluid\">\n\t\t\t<a href=\"https:\/\/www.humboldtforum.org\/de\/?page_id=118895\" class=\"teaser\" aria-label=\"Geschichte\">\n\t\t\t<div class=\"box\">\n\n\t\t\t\t<div class=\"row CTA-image\">\n\t\t\t\t\t<div class=\"col-xs-12 col-sm-6  teaser-image\">\n\t\t\t\t\t\t\n\t<lazy-media-inline inline-template>\n\t\t<figure itemscope itemtype=\"http:\/\/schema.org\/ImageObject\" class=\"lazy-media-inline \" role=\"group\" id=\"media_69ee177f02025\" aria-labelledby=\"desc_media_69ee177f02025\">\n\t\t\t<script type=\"application\/json\" ref=\"data\">\n\t\t\t\t{\n\t\t\t\t\"sizes\" : {\"medium\":{\"file\":\"SHF_eb00004568-199x300.jpg\",\"width\":199,\"height\":300,\"mime-type\":\"image\\\/jpeg\",\"filesize\":10816},\"large\":{\"file\":\"SHF_eb00004568-680x1024.jpg\",\"width\":680,\"height\":1024,\"mime-type\":\"image\\\/jpeg\",\"filesize\":77411},\"thumbnail\":{\"file\":\"SHF_eb00004568-150x150.jpg\",\"width\":150,\"height\":150,\"mime-type\":\"image\\\/jpeg\",\"filesize\":5486},\"medium_large\":{\"file\":\"SHF_eb00004568-768x1157.jpg\",\"width\":768,\"height\":1157,\"mime-type\":\"image\\\/jpeg\",\"filesize\":94041},\"small\":{\"file\":\"SHF_eb00004568-292x440.jpg\",\"width\":292,\"height\":440,\"mime-type\":\"image\\\/jpeg\",\"filesize\":19901},\"semi\":{\"file\":\"SHF_eb00004568-385x580.jpg\",\"width\":385,\"height\":580,\"mime-type\":\"image\\\/jpeg\",\"filesize\":31195},\"mobile\":{\"file\":\"SHF_eb00004568-478x720.jpg\",\"width\":478,\"height\":720,\"mime-type\":\"image\\\/jpeg\",\"filesize\":43716},\"hd\":{\"file\":\"SHF_eb00004568-850x1280.jpg\",\"width\":850,\"height\":1280,\"mime-type\":\"image\\\/jpeg\",\"filesize\":110328},\"full\":{\"file\":\"SHF_eb00004568-1274x1920.jpg\",\"width\":1274,\"height\":1920,\"mime-type\":\"image\\\/jpeg\",\"filesize\":204669},\"1536x1536\":{\"file\":\"SHF_eb00004568-1019x1536.jpg\",\"width\":1019,\"height\":1536,\"mime-type\":\"image\\\/jpeg\",\"filesize\":145517},\"original\":{\"file\":\"SHF_eb00004568.jpg\",\"width\":1350,\"height\":2034}},\n\t\t\t\t\"alt\" : \"Moderne, helle Innenarchitektur mit gro\\u00dfen Fenstern, minimalistischen M\\u00f6beln und einem digitalen Bildschirm in einem offenen Raum.\",\n\t\t\t\t\"path\" : \"\\\/wp-content\\\/uploads\\\/2024\\\/06\\\/\",\n\t\t\t\t\"video\" : null,\n\t\t\t\t\"autoplay\" : null,\n\t\t\t\t\"youtube\" : null,\n\t\t\t\t\"youtubelabel\" : \"Video abspielen\",\n\t\t\t\t\"brightness\" : \"100\",\n\t\t\t\t\"crop\" : {\"top\":\"34.09\",\"left\":\"61.82\"},\n\t\t\t\t\"background\" : true,\n\t\t\t\t\"scale\" : 2\t\t\t\t}\n\t\t\t<\/script>\n\n\t\t\t<div class=\"height-container\" style=\"padding-bottom:150.66666666667%;\" v-if=\"sizes\">\n\t\t\t\t\t\t\t\t<lazy-media :inline=\"true\" :alt=\"alt\" :sizes=\"sizes\" :scale=\"scale\" :brightness=\"brightness\" :path=\"path\" :video=\"video\" :autoplay=\"autoplay\" :youtube=\"youtube\" :crop=\"crop\" :youtubelabel=\"youtubelabel\" :background=\"background\" media-id=\"desc_media_69ee177f02025\"><\/lazy-media>\n\t\t\t\t\t\t\t<\/div>\n\n\t\t\t\t\t\t\t<figcaption class=\"sr-only\" ref=\"body\" id=\"desc_media_69ee177f02025\">\n\t\t\t\t\t\t\t\t\t\t\t\t\t\t\t\t\t\t\t\t\t<div class=\"insignificant\">\u00a9 Stiftung Humboldt Forum im Berliner Schloss \/ Holzer Kobler Architekturen Z\u00fcrich<\/div>\n\t\t\t\t\t\t\t\t\t<\/figcaption>\n\t\t\t\t\t<\/figure>\n\t<\/lazy-media-inline>\n\t\t\t\t\t<\/div>\n\t\t\t\t<\/div>\n\t\t\t\t<div class=\"CTA-border-wrapper\">\n\t\t\t\t\t<div class=\"row middle-sm center-xs CTA-border\">\n\t\t\t\t\t\t<div class=\"col-xs-10 col-sm-4 col-sm-offset-5\">\n\t\t\t\t\t\t\t<div class=\"box\">\n\t\t\t\t\t\t\t\t\t\t\t\t\t\t\t\t<div>\n\t\t\t\t\t\t\t\t\t<h3>Geschichte<\/h3>\n\t\t\t\t\t\t\t\t\t<div class=\"Teaser-copy\">Die Entwicklung des Kosmografen<\/div>\t\t\t\t\t\t\t\t\t\t\t\t\t\t\t\t\t\t\t<div class=\"Button\" style=\"margin-top: var(--spacing-third)\" ><span>Mehr lesen<\/span><\/div>\n\t\t\t\t\t\t\t\t\t\t\t\t\t\t\t\t\t<\/div>\n\t\t\t\t\t\t\t<\/div>\n\t\t\t\t\t\t<\/div>\n\t\t\t\t\t<\/div>\n\t\t\t\t<\/div>\n\t\t\t<\/div>\n\t\t<\/a>\n\t<\/div>\n<\/section>\n\n","protected":false},"excerpt":{"rendered":"","protected":false},"author":50,"featured_media":134690,"parent":0,"menu_order":0,"comment_status":"closed","ping_status":"closed","template":"","meta":{"_acf_changed":false,"footnotes":""},"class_list":["post-119052","page","type-page","status-publish","has-post-thumbnail","hentry"],"acf":[],"_links":{"self":[{"href":"https:\/\/www.humboldtforum.org\/de\/wp-json\/wp\/v2\/pages\/119052","targetHints":{"allow":["GET"]}}],"collection":[{"href":"https:\/\/www.humboldtforum.org\/de\/wp-json\/wp\/v2\/pages"}],"about":[{"href":"https:\/\/www.humboldtforum.org\/de\/wp-json\/wp\/v2\/types\/page"}],"author":[{"embeddable":true,"href":"https:\/\/www.humboldtforum.org\/de\/wp-json\/wp\/v2\/users\/50"}],"replies":[{"embeddable":true,"href":"https:\/\/www.humboldtforum.org\/de\/wp-json\/wp\/v2\/comments?post=119052"}],"version-history":[{"count":12,"href":"https:\/\/www.humboldtforum.org\/de\/wp-json\/wp\/v2\/pages\/119052\/revisions"}],"predecessor-version":[{"id":137372,"href":"https:\/\/www.humboldtforum.org\/de\/wp-json\/wp\/v2\/pages\/119052\/revisions\/137372"}],"wp:featuredmedia":[{"embeddable":true,"href":"https:\/\/www.humboldtforum.org\/de\/wp-json\/wp\/v2\/media\/134690"}],"wp:attachment":[{"href":"https:\/\/www.humboldtforum.org\/de\/wp-json\/wp\/v2\/media?parent=119052"}],"curies":[{"name":"wp","href":"https:\/\/api.w.org\/{rel}","templated":true}]}}