{"id":123841,"date":"2024-02-21T16:30:20","date_gmt":"2024-02-21T15:30:20","guid":{"rendered":"https:\/\/www.humboldtforum.org\/?page_id=123841"},"modified":"2024-03-18T09:32:45","modified_gmt":"2024-03-18T08:32:45","slug":"kanone-von-kandy","status":"publish","type":"page","link":"https:\/\/www.humboldtforum.org\/de\/kanone-von-kandy\/","title":{"rendered":"Kanone von Kandy"},"content":{"rendered":"<section class=\"block block-header-headline\" >\n    <div class=\"container-fluid\">\n        <div class=\"row\">\n\t\t\t\t\t\t\t<div class=\"col-xs-12 col-md-offset-2 col-md-8\">\n\t\t\t\t\t<div class=\"box\">\n\t\t\t\t\t\t<div class=\"subline\">Kunst als Beute<\/div>\n\t\t\t\t\t<\/div>\n\t\t\t\t<\/div>\n\t\t\t\n                            <div class=\"col-xs-12 col-md-offset-2 col-md-8\">\n                    <div class=\"box\">\n                        <h1>Kanone von Kandy<\/h1>\n                    <\/div>\n                <\/div>\n                    <\/div>\n    <\/div>\n<\/section>\n\n\n\n\n<section class=\"block block-header\" >\n\t<block-header inline-template>\n\t\t<figure role=\"group\" aria-labelledby=\"desc_m_69f297c2d985a\">\n\n\t\t\t<script type=\"application\/json\" ref=\"data\">\n\t\t\t\t{\n\t\t\t\t\"sizes_d\" : {\"medium\":{\"file\":\"mauritshuis-Mauritshuis_Loot_Roofkunst_Jongsmaoneill_3D-Model-300x169.jpg\",\"width\":300,\"height\":169,\"mime-type\":\"image\\\/jpeg\",\"filesize\":9938},\"large\":{\"file\":\"mauritshuis-Mauritshuis_Loot_Roofkunst_Jongsmaoneill_3D-Model-1024x575.jpg\",\"width\":1024,\"height\":575,\"mime-type\":\"image\\\/jpeg\",\"filesize\":80545},\"thumbnail\":{\"file\":\"mauritshuis-Mauritshuis_Loot_Roofkunst_Jongsmaoneill_3D-Model-150x150.jpg\",\"width\":150,\"height\":150,\"mime-type\":\"image\\\/jpeg\",\"filesize\":5776},\"medium_large\":{\"file\":\"mauritshuis-Mauritshuis_Loot_Roofkunst_Jongsmaoneill_3D-Model-768x432.jpg\",\"width\":768,\"height\":432,\"mime-type\":\"image\\\/jpeg\",\"filesize\":50707},\"small\":{\"file\":\"mauritshuis-Mauritshuis_Loot_Roofkunst_Jongsmaoneill_3D-Model-440x247.jpg\",\"width\":440,\"height\":247,\"mime-type\":\"image\\\/jpeg\",\"filesize\":19318},\"semi\":{\"file\":\"mauritshuis-Mauritshuis_Loot_Roofkunst_Jongsmaoneill_3D-Model-580x326.jpg\",\"width\":580,\"height\":326,\"mime-type\":\"image\\\/jpeg\",\"filesize\":31738},\"mobile\":{\"file\":\"mauritshuis-Mauritshuis_Loot_Roofkunst_Jongsmaoneill_3D-Model-720x405.jpg\",\"width\":720,\"height\":405,\"mime-type\":\"image\\\/jpeg\",\"filesize\":45674},\"hd\":{\"file\":\"mauritshuis-Mauritshuis_Loot_Roofkunst_Jongsmaoneill_3D-Model-1280x719.jpg\",\"width\":1280,\"height\":719,\"mime-type\":\"image\\\/jpeg\",\"filesize\":113187},\"original\":{\"file\":\"mauritshuis-Mauritshuis_Loot_Roofkunst_Jongsmaoneill_3D-Model.jpg\",\"width\":1500,\"height\":843}},\n\t\t\t\t\"alt_d\" : \"Historische Kanone mit blauer Lackierung und Holzr\\u00e4dern vor schwarzem Hintergrund.\",\n\t\t\t\t\"path_d\" : \"\\\/wp-content\\\/uploads\\\/2023\\\/11\\\/\",\n\t\t\t\t\"autoplay_d\" : null,\n\t\t\t\t\"crop_d\" : null,\n\t\t\t\t\"background_d\" : true,\n\t\t\t\t\"scale_d\" : 1,\n\n\t\t\t\t\"sizes_m\" : [],\n\t\t\t\t\"alt_m\" : null,\n\t\t\t\t\"path_m\" : null,\n\t\t\t\t\"autoplay_m\" : null,\n\t\t\t\t\"crop_m\" : null,\n\t\t\t\t\"background_m\" : true,\n\t\t\t\t\"scale_m\" : 1,\n\n\t\t\t\t\"has_mobile_format\" : false,\n\t\t\t\t\"has_ad\" : false,\n\t\t\t\t\"audio_description_yt\" : null\t\t\t\t}\n\t\t\t<\/script>\n\t\t\t<div class=\"height-container\" style=\"padding-bottom:56.2%;\" v-if=\"sizes\" data-motion-parallax='{\"child\":\".image-wrapper\",\"mask\":\".lazy-media\",\"tween\":{\"yPercent\": [-15,15]}}'>\n\t\t\t\t<lazy-media :inline=\"true\" :scale=\"scale\" :alt=\"alt\" :sizes=\"sizes\" :brightness=\"brightness\" :path=\"path\" :video=\"video\" :autoplay=\"autoplay\" :youtube=\"youtube\" :crop=\"crop\" :youtubelabel=\"youtubelabel\" :background=\"background\" media-id=\"desc_m_69f297c2d985a\"><\/lazy-media>\n\t\t\t\t<button class=\"autoplay-audio-description-btn icon-background icon-audio-describtions\" @click=\"audioDescriptionPlay\" v-if=\"hasAudioDescription\" aria-label=\"Audiodeskription aufrufen\"><\/button>\n\t\t\t<\/div>\n\t\t\t\t\t\t<div class=\"lazy-media-info-container-fluid\">\n\t\t\t\t<div class=\"lazy-media-info-row end-xs\">\n\t\t\t\t\t<div class=\"lazy-media-info-col\">\n\t\t\t\t\t\t<div class=\"lazy-media-info\" aria-expanded=\"false\" :aria-expanded=\"isOpen ? 'true' : 'false'\">\n\t\t\t\t\t\t\t<button class=\"lazy-media-info-head button-tiny insignificant\" :class=\"{'button-active': isOpen}\" @click=\"toggle\" ref=\"head\"><span class=\"button-label insignificant\">Bildinfo<\/span><\/button>\n\t\t\t\t\t\t\t<figcaption class=\"lazy-media-info-body\" ref=\"body\" id=\"desc_m_69f297c2d985a\">\n\t\t\t\t\t\t\t\t<div class=\"lazy-media-info-body-content\">\n\t\t\t\t\t\t\t\t\t\t\t\t\t\t\t\t\t\t<div>Digitales 3D Modell der Kanone von Kandy, 2023 <\/div>\t\t\t\t\t\t\t\t\t<div class=\"insignificant\">\u00a9 Jongsma + O\u2019Neill<\/div>\t\t\t\t\t\t\t\t<\/div>\n\t\t\t\t\t\t\t<\/figcaption>\n\t\t\t\t\t\t\t<div class=\"lazy-media-info-head-border\"><\/div>\n\t\t\t\t\t\t<\/div>\n\t\t\t\t\t<\/div>\n\t\t\t\t<\/div>\n\t\t\t<\/div>\n\t\t\t\t\t<\/figure>\n\t<\/block-header>\n<\/section>\n\n<section class=\"block block-copy\" >\n    <div class=\"container-fluid\">\n\t\t<div class=\"row \">\n            <div class=\"col-xs-12 col-md-offset-2 col-md-8\">\n                <div class=\"box\">\n                    <div class=\"copy\"><p>Auf der Festplatte unter dem Bildschirm ist ein 3D-Modell der Kanone von Kandy gespeichert. Das Video zeigt den Herstellungsprozess dieses Modells. Die Originalkanone, ein Dekorationsst\u00fcck, wurde 1765 aus dem Kandy-Palast im zentralen Hochland von Sri Lanka (Ceylon) geraubt. Zu dieser Zeit waren die K\u00fcstenregionen der Insel seit \u00fcber 100 Jahren von der Niederl\u00e4ndischen Ostindien-Kompanie besetzt, die den Gro\u00dfteil ihrer dortigen Profite durch den oft legalen Handel mit Zimt erwirtschaftete.<\/p>\n<p>W\u00e4hrend der niederl\u00e4ndischen Kolonialherrschaft gab es mehrere Rebellionen der Bev\u00f6lkerung gegen Ausbeutung und Zwangsarbeit. Mit der offenen Unterst\u00fctzung des Volksaufstands von 1761 durch K\u00f6nig Kirti Sri Rajasingha von Kandy begann ein Guerillakrieg, der mehrere Jahre andauerte. Nach dem Sieg \u00fcber Kandy im Jahr 1765 wurden viele Wertgegenst\u00e4nde und Kulturg\u00fcter entweder geraubt oder zerst\u00f6rt.<\/p>\n<p>Die Kolonialarmee verschiffte die Kanone in die Niederlande, wo sie der K\u00f6niglichen Kunstsammlung einverleibt wurde. Auch w\u00e4hrend der Besetzung durch franz\u00f6sische Revolutionstruppen 1795 verblieb sie im Land. Von 1825 bis 1875 lagerte die Kanone im Mauritshuis in Den Haag, bevor sie nach Amsterdam ins Rijksmuseum verlegt wurde. Nach 60 Jahren wiederholter Anfragen vonseiten Sri Lankas wurde die Kanone 2023 an ihr Ursprungsland zur\u00fcckgegeben. Das digitale 3D-Modell, das Sie gerade betrachten, wird in den Niederlanden verbleiben.<\/p>\n<p>Derartige digitale Reproduktionen werfen Fragen zu geistigem Eigentum und zur Autonomie von Kunstwerken und Kulturg\u00fctern auf: Sind Digitalmodelle einfach nur Kopien von Originalst\u00fccken, oder besitzen diese virtuellen Objekte einen inneren Eigenwert? K\u00f6nnen digitale Dateien jemals einem einzelnen Eigent\u00fcmer geh\u00f6ren oder sind sie als allgemeines Kulturerbe zu betrachten? Antworten auf diese ethischen Fragen stehen immer noch aus.<\/p>\n<p><em>Digitales 3D-Modell der Kanone von Kandy, 2023.<br \/>\n<\/em><em>2:42 Min<br \/>\n<\/em><em>Jongsma + O\u2018Neill<\/em><\/p>\n<\/div>\n                <\/div>\n            <\/div>\n\t\t<\/div>\n\t\t    <\/div>\n<\/section>\n\n<section class=\"block block-standard-two-images \">\n\t<div class=\"container-fluid\">\n\t\t<div class=\"row\">\n\t\t\t<div class=\"col-xs-12 col-md-4\">\n\t\t\t\t<div class=\"box first-image\" data-motion-parallax='{\"child\":\".image-wrapper\",\"mask\":\".lazy-media\",\"tween\":{\"yPercent\": [-20,20]}}'>\n\t\t\t\t\t\n\t<lazy-media-inline inline-template>\n\t\t<figure itemscope itemtype=\"http:\/\/schema.org\/ImageObject\" class=\"lazy-media-inline \" role=\"group\" id=\"media_69f297c2ddc88\" aria-labelledby=\"desc_media_69f297c2ddc88\">\n\t\t\t<script type=\"application\/json\" ref=\"data\">\n\t\t\t\t{\n\t\t\t\t\"sizes\" : {\"medium\":{\"file\":\"mauritshuis-Mauritshuis_Loot_Roofkunst_Jongsmaoneill_3D-Model-300x169.jpg\",\"width\":300,\"height\":169,\"mime-type\":\"image\\\/jpeg\",\"filesize\":9938},\"large\":{\"file\":\"mauritshuis-Mauritshuis_Loot_Roofkunst_Jongsmaoneill_3D-Model-1024x575.jpg\",\"width\":1024,\"height\":575,\"mime-type\":\"image\\\/jpeg\",\"filesize\":80545},\"thumbnail\":{\"file\":\"mauritshuis-Mauritshuis_Loot_Roofkunst_Jongsmaoneill_3D-Model-150x150.jpg\",\"width\":150,\"height\":150,\"mime-type\":\"image\\\/jpeg\",\"filesize\":5776},\"medium_large\":{\"file\":\"mauritshuis-Mauritshuis_Loot_Roofkunst_Jongsmaoneill_3D-Model-768x432.jpg\",\"width\":768,\"height\":432,\"mime-type\":\"image\\\/jpeg\",\"filesize\":50707},\"small\":{\"file\":\"mauritshuis-Mauritshuis_Loot_Roofkunst_Jongsmaoneill_3D-Model-440x247.jpg\",\"width\":440,\"height\":247,\"mime-type\":\"image\\\/jpeg\",\"filesize\":19318},\"semi\":{\"file\":\"mauritshuis-Mauritshuis_Loot_Roofkunst_Jongsmaoneill_3D-Model-580x326.jpg\",\"width\":580,\"height\":326,\"mime-type\":\"image\\\/jpeg\",\"filesize\":31738},\"mobile\":{\"file\":\"mauritshuis-Mauritshuis_Loot_Roofkunst_Jongsmaoneill_3D-Model-720x405.jpg\",\"width\":720,\"height\":405,\"mime-type\":\"image\\\/jpeg\",\"filesize\":45674},\"hd\":{\"file\":\"mauritshuis-Mauritshuis_Loot_Roofkunst_Jongsmaoneill_3D-Model-1280x719.jpg\",\"width\":1280,\"height\":719,\"mime-type\":\"image\\\/jpeg\",\"filesize\":113187},\"original\":{\"file\":\"mauritshuis-Mauritshuis_Loot_Roofkunst_Jongsmaoneill_3D-Model.jpg\",\"width\":1500,\"height\":843}},\n\t\t\t\t\"alt\" : \"Historische Kanone mit blauer Lackierung und Holzr\\u00e4dern vor schwarzem Hintergrund.\",\n\t\t\t\t\"path\" : \"\\\/wp-content\\\/uploads\\\/2023\\\/11\\\/\",\n\t\t\t\t\"video\" : null,\n\t\t\t\t\"autoplay\" : null,\n\t\t\t\t\"youtube\" : null,\n\t\t\t\t\"youtubelabel\" : \"Video abspielen\",\n\t\t\t\t\"brightness\" : 100,\n\t\t\t\t\"crop\" : null,\n\t\t\t\t\"background\" : false,\n\t\t\t\t\"scale\" : 1\t\t\t\t}\n\t\t\t<\/script>\n\n\t\t\t<div class=\"height-container\" style=\"padding-bottom:56.2%;\" v-if=\"sizes\">\n\t\t\t\t\t\t\t\t<lazy-media :inline=\"true\" :alt=\"alt\" :sizes=\"sizes\" :scale=\"scale\" :brightness=\"brightness\" :path=\"path\" :video=\"video\" :autoplay=\"autoplay\" :youtube=\"youtube\" :crop=\"crop\" :youtubelabel=\"youtubelabel\" :background=\"background\" media-id=\"desc_media_69f297c2ddc88\"><\/lazy-media>\n\t\t\t\t\t\t\t<\/div>\n\n\t\t\t\t\t\t\t<div class=\"lazy-media-info-container-fluid\">\n\t\t\t\t<div class=\"lazy-media-info-row end-xs\">\n\t\t\t\t\t<div class=\"lazy-media-info-col\">\n\t\t\t\t\t\t<div class=\"lazy-media-info\" aria-expanded=\"false\" :aria-expanded=\"isOpen ? 'true' : 'false'\">\n\t\t\t\t\t\t\t<button class=\"lazy-media-info-head button-tiny\" :class=\"{'button-active': isOpen}\" @click=\"toggle\" ref=\"head\"><span class=\"button-label insignificant\">Bildinfo<\/span><\/button>\n\t\t\t\t\t\t\t<figcaption class=\"lazy-media-info-body\" ref=\"body\" id=\"desc_media_69f297c2ddc88\">\n\t\t\t\t\t\t\t\t<div class=\"lazy-media-info-body-content\">\n\t\t\t\t\t\t\t\t\t\t\t\t\t\t\t\t\t\t\t\t\t\t\t\t\t\t\t\t<div>Digitales 3D Modell der Kanone von Kandy, 2023 <\/div>\n\t\t\t\t\t\t\t\t\t\t\t\t\t\t\t\t\t\t\t\t\t\t\t\t\t\t\t\t<div class=\"insignificant\">\u00a9 Jongsma + O\u2019Neill<\/div>\n\t\t\t\t\t\t\t\t\t\t\t\t\t\t\t\t\t<\/div>\n\t\t\t\t\t\t\t<\/figcaption>\n\t\t\t\t\t\t\t<div class=\"lazy-media-info-head-border\"><\/div>\n\t\t\t\t\t\t<\/div>\n\t\t\t\t\t<\/div>\n\t\t\t\t<\/div>\n\t\t\t<\/div>\n\t\t\t\t\t\t\t\t\t<\/figure>\n\t<\/lazy-media-inline>\n\t\t\t\t<\/div>\n\t\t\t\t<div class=\"copy\">\n\t\t\t\t\t<p class=\"Moderation\"><\/p>\n\t\t\t\t<\/div>\n\t\t\t<\/div>\n\t\t\t<div class=\"col-xs-12 col-md-8 second-image\" data-motion-parallax='{\"child\":\".image-wrapper\",\"mask\":\".lazy-media\",\"tween\":{\"yPercent\": [-15,15]}}'>\n\t\t\t\t\n\t<lazy-media-inline inline-template>\n\t\t<figure itemscope itemtype=\"http:\/\/schema.org\/ImageObject\" class=\"lazy-media-inline \" role=\"group\" id=\"media_69f297c2ddd87\" aria-labelledby=\"desc_media_69f297c2ddd87\">\n\t\t\t<script type=\"application\/json\" ref=\"data\">\n\t\t\t\t{\n\t\t\t\t\"sizes\" : {\"medium\":{\"file\":\"mauritshuis-Mauritshuis_Loot_Roofkunst_Jongsmaoneill_3D-Model-300x169.jpg\",\"width\":300,\"height\":169,\"mime-type\":\"image\\\/jpeg\",\"filesize\":9938},\"large\":{\"file\":\"mauritshuis-Mauritshuis_Loot_Roofkunst_Jongsmaoneill_3D-Model-1024x575.jpg\",\"width\":1024,\"height\":575,\"mime-type\":\"image\\\/jpeg\",\"filesize\":80545},\"thumbnail\":{\"file\":\"mauritshuis-Mauritshuis_Loot_Roofkunst_Jongsmaoneill_3D-Model-150x150.jpg\",\"width\":150,\"height\":150,\"mime-type\":\"image\\\/jpeg\",\"filesize\":5776},\"medium_large\":{\"file\":\"mauritshuis-Mauritshuis_Loot_Roofkunst_Jongsmaoneill_3D-Model-768x432.jpg\",\"width\":768,\"height\":432,\"mime-type\":\"image\\\/jpeg\",\"filesize\":50707},\"small\":{\"file\":\"mauritshuis-Mauritshuis_Loot_Roofkunst_Jongsmaoneill_3D-Model-440x247.jpg\",\"width\":440,\"height\":247,\"mime-type\":\"image\\\/jpeg\",\"filesize\":19318},\"semi\":{\"file\":\"mauritshuis-Mauritshuis_Loot_Roofkunst_Jongsmaoneill_3D-Model-580x326.jpg\",\"width\":580,\"height\":326,\"mime-type\":\"image\\\/jpeg\",\"filesize\":31738},\"mobile\":{\"file\":\"mauritshuis-Mauritshuis_Loot_Roofkunst_Jongsmaoneill_3D-Model-720x405.jpg\",\"width\":720,\"height\":405,\"mime-type\":\"image\\\/jpeg\",\"filesize\":45674},\"hd\":{\"file\":\"mauritshuis-Mauritshuis_Loot_Roofkunst_Jongsmaoneill_3D-Model-1280x719.jpg\",\"width\":1280,\"height\":719,\"mime-type\":\"image\\\/jpeg\",\"filesize\":113187},\"original\":{\"file\":\"mauritshuis-Mauritshuis_Loot_Roofkunst_Jongsmaoneill_3D-Model.jpg\",\"width\":1500,\"height\":843}},\n\t\t\t\t\"alt\" : \"Historische Kanone mit blauer Lackierung und Holzr\\u00e4dern vor schwarzem Hintergrund.\",\n\t\t\t\t\"path\" : \"\\\/wp-content\\\/uploads\\\/2023\\\/11\\\/\",\n\t\t\t\t\"video\" : null,\n\t\t\t\t\"autoplay\" : null,\n\t\t\t\t\"youtube\" : null,\n\t\t\t\t\"youtubelabel\" : \"Video abspielen\",\n\t\t\t\t\"brightness\" : 100,\n\t\t\t\t\"crop\" : null,\n\t\t\t\t\"background\" : false,\n\t\t\t\t\"scale\" : 1\t\t\t\t}\n\t\t\t<\/script>\n\n\t\t\t<div class=\"height-container\" style=\"padding-bottom:56.2%;\" v-if=\"sizes\">\n\t\t\t\t\t\t\t\t<lazy-media :inline=\"true\" :alt=\"alt\" :sizes=\"sizes\" :scale=\"scale\" :brightness=\"brightness\" :path=\"path\" :video=\"video\" :autoplay=\"autoplay\" :youtube=\"youtube\" :crop=\"crop\" :youtubelabel=\"youtubelabel\" :background=\"background\" media-id=\"desc_media_69f297c2ddd87\"><\/lazy-media>\n\t\t\t\t\t\t\t<\/div>\n\n\t\t\t\t\t\t\t<div class=\"lazy-media-info-container-fluid\">\n\t\t\t\t<div class=\"lazy-media-info-row end-xs\">\n\t\t\t\t\t<div class=\"lazy-media-info-col\">\n\t\t\t\t\t\t<div class=\"lazy-media-info\" aria-expanded=\"false\" :aria-expanded=\"isOpen ? 'true' : 'false'\">\n\t\t\t\t\t\t\t<button class=\"lazy-media-info-head button-tiny\" :class=\"{'button-active': isOpen}\" @click=\"toggle\" ref=\"head\"><span class=\"button-label insignificant\">Bildinfo<\/span><\/button>\n\t\t\t\t\t\t\t<figcaption class=\"lazy-media-info-body\" ref=\"body\" id=\"desc_media_69f297c2ddd87\">\n\t\t\t\t\t\t\t\t<div class=\"lazy-media-info-body-content\">\n\t\t\t\t\t\t\t\t\t\t\t\t\t\t\t\t\t\t\t\t\t\t\t\t\t\t\t\t<div>Digitales 3D Modell der Kanone von Kandy, 2023 <\/div>\n\t\t\t\t\t\t\t\t\t\t\t\t\t\t\t\t\t\t\t\t\t\t\t\t\t\t\t\t<div class=\"insignificant\">\u00a9 Jongsma + O\u2019Neill<\/div>\n\t\t\t\t\t\t\t\t\t\t\t\t\t\t\t\t\t<\/div>\n\t\t\t\t\t\t\t<\/figcaption>\n\t\t\t\t\t\t\t<div class=\"lazy-media-info-head-border\"><\/div>\n\t\t\t\t\t\t<\/div>\n\t\t\t\t\t<\/div>\n\t\t\t\t<\/div>\n\t\t\t<\/div>\n\t\t\t\t\t\t\t\t\t<\/figure>\n\t<\/lazy-media-inline>\n\t\t\t<\/div>\n\t\t<\/div>\n\t<\/div>\n<\/section>\n\n<section class=\"block block-copy\" >\n    <div class=\"container-fluid\">\n\t\t<div class=\"row \">\n            <div class=\"col-xs-12 col-md-offset-2 col-md-8\">\n                <div class=\"box\">\n                    <div class=\"copy\"><h5>Restitution<\/h5>\n<p>Sri Lanka forderte seit 1964 die R\u00fcckgabe der Kanone von Kandy. Die j\u00fcngste Anfrage aus dem Jahr 2022 wurde schlie\u00dflich bewilligt. Am 28. August 2023 \u00fcbertrugen die Niederlande offiziell das Eigentumsrecht an der Kanone auf Sri Lanka. Fr\u00fchere Forderungen waren zur\u00fcckgewiesen worden, weil man f\u00e4lschlicherweise davon ausging, dass die Kanone ein Geschenk des K\u00f6nigs von Kandy an den niederl\u00e4ndischen Statthalter gewesen sei. Diese Annahme beruhte auf einer Fehlinterpretation der Kanoneninschrift aus dem Jahr 1894. Nach gr\u00fcndlicher Erforschung der Provenienz des historischen Artefakts wurde die Inschrift nun im korrekten Zusammenhang betrachtet: Die Kanone war urspr\u00fcnglich ein Geschenk an den K\u00f6nig von Kandy und wurde 1765 von den Niederl\u00e4ndern gestohlen. Da nun zweifelsfrei feststeht, dass die Kanone eine Kriegstroph\u00e4e war, wurde sie vorbehaltlos an Sri Lanka zur\u00fcckgegeben.<\/p>\n<h5>Internationale Zusammenarbeit<\/h5>\n<p>Um die Geschichte der Kanone zu erforschen, war es unabdingbar, mit Experten aus Sri Lanka, Gro\u00dfbritannien und den Niederlanden zusammenzuarbeiten. Fachwissen \u00fcber Kunst, Handwerk, Waffen und Inschriften Kandys im 18. Jahrhundert ist in den Niederlanden rar. Andererseits ist der Zugriff auf niederl\u00e4ndische Archive f\u00fcr Wissenschaftler aus Sri Lanka aufgrund von Sprachbarrieren und der gro\u00dfen physischen Distanz schwierig. Die gemeinsame Auswertung von Fotografien der Inschriften und Verzierungen f\u00fchrte schlie\u00dflich zu einem besseren Verst\u00e4ndnis der Geschichte der Kanone und beantwortete offene Fragen nach ihrer Provenienz.<\/p>\n<h5>Historischer und k\u00fcnstlerischer Wert<\/h5>\n<p>Die Kanone weist sowohl kandische als auch europ\u00e4ische Merkmale auf. Die gefl\u00fcgelten Engel, Akanthusbl\u00e4tter und delfinf\u00f6rmigen Griffe sind Teil der urspr\u00fcnglich europ\u00e4ischen Gestaltung aus dem 17. Jahrhundert, w\u00e4hrend die sri-lankischen Ornamente sp\u00e4ter hinzugef\u00fcgt wurden. Der Stil f\u00fchrt unterschiedliche Einfl\u00fcsse aus der Region am Indischen Ozean zusammen. Die kandischen Kunstschaffenden nahmen die europ\u00e4ischen Verzierungen auf und f\u00fcgten eigene Motive hinzu. Da die Kanone als diplomatisches Geschenk gedacht war, erg\u00e4nzten sie auch ein spezielles Dekor, das dem Empf\u00e4nger viel Gl\u00fcck bescheren sollte. Bei der geschm\u00fcckten Kanone handelt es sich um eines der wenigen verbliebenen Beispiele dieses kunstvollen Stils, daher ist sie von gro\u00dfer historischer Bedeutung.<\/p>\n<h5>Zwei Phasen<\/h5>\n<p>Die urspr\u00fcngliche Heimat der Kanone war der K\u00f6nigspalast von Kandy, wo sie zur Begr\u00fc\u00dfung von G\u00e4sten Salutsch\u00fcsse abgab. Zwei \u00e4hnliche Kanonen aus demselben Palast hat das internationale Forschungsteam auf Schloss Windsor in Gro\u00dfbritannien entdeckt. Dank dieses Funds ist nun klar, dass die Verzierungen der Kanone, wie oben erl\u00e4utert, in zwei Phasen aufgebracht wurden. Als die Kanone irgendwann zwischen 1660 und 1680 gegossen wurde, wollten die Niederlande ihren Handelsposten in Sri Lanka st\u00e4rken. Daher waren gute Beziehungen zu Kandy wichtig. M\u00f6glicherweise \u00fcbereignete die Niederl\u00e4ndische Ostindien-Kompanie dem K\u00f6nig von Kandy die Kanone als Geschenk. Die zweite Dekorschicht gab der kandische Gouverneur Lewke Disava in den 1740er-Jahren in Auftrag, fast 100 Jahre sp\u00e4ter. Diese Verzierungen sollten als Ehrenbezeugung an den K\u00f6nig dienen, um dessen Gunst zu gewinnen. Daher wird die Kanone auch als Lewke-Kanone bezeichnet.<\/p>\n<h5>Vergessene Provenienz<\/h5>\n<p>Als die Kanone in die Niederlande kam, wurde ihre Vorgeschichte umgeschrieben. Im Kuriosit\u00e4tenkabinett des Statthalters Wilhelm V. wurde sie noch als Kriegstroph\u00e4e aus Ceylon bezeichnet. Sp\u00e4ter, w\u00e4hrend der franz\u00f6sischen Herrschaft in den Niederlanden (1795\u20131815), galt sie pl\u00f6tzlich als tunesisches Kulturgut, das angeblich von Admiral Michiel de Ruyter zur\u00fcckgebracht worden sei. Als die Kanone im 19. Jahrhundert im Mauritshuis ausgestellt war, stand sie in einem Raum, der der niederl\u00e4ndischen Geschichte gewidmet war. Im Jahr 1880 wurde entdeckt, dass die Inschrift auf der Kanone in der sri-lankischen Sprache Sinhala verfasst ist, worauf hin schlie\u00dflich klar wurde, dass das Objekt aus Sri Lanka stammte.<u><\/u><\/p>\n<\/div>\n                <\/div>\n            <\/div>\n\t\t<\/div>\n\t\t    <\/div>\n<\/section>\n\n<section class=\"block block-teaser col-lane \" style=\"\">\n\t\t\t\t\t\t<teaser-lane-with-buttons inline-template tracking-label=\"Die Objekte in der Ausstellung\">\n\t\t\t\t<div>\n\t\t\t\t\t<div class=\"container-fluid\">\n\t\t\t\t\t\t<div class=\"row middle-xs\">\n\t\t\t\t\t\t\t<div class=\"col-xs-10 col-sm-8\">\n\t\t\t\t\t\t\t\t<h3 class=\"h4 topline\">Die Objekte in der Ausstellung<\/h3>\t\t\t\t\t\t\t<\/div>\n\t\t\t\t\t\t\t<div class=\"col-xs-2 col-sm-4 end-xs margin-bottom-sixth\">\n\t\t\t\t\t\t\t\t<teaser-lane-buttons :visible_prev=\"visible_prev\" :visible_next=\"visible_next\" @prev=\"prev\" @next=\"next\"><\/teaser-lane-buttons>\n\t\t\t\t\t\t\t<\/div>\n\t\t\t\t\t\t<\/div>\n\t\t\t\t\t<\/div>\n\t\t\t\t\t<div class=\"teaser-lane-wrapper\">\n\t\t\t\t\t\t<ul class=\"teaser-lane\">\n\t\t\t\t\t\t<li class=\"teaser-lane-slide col-xs-6 col-sm-4 col-md-3 col-padding-remove\">\n\t<div class=\"box\">\n\t\t<a href=\"https:\/\/www.humboldtforum.org\/de\/stab-aus-surinam\/\" class=\"teaser teaser-page\">\n\t\t\t<div class=\"teaser-image teaser-image-full footer-gradient\">\n\t\t\t\t\n\t<lazy-media-inline inline-template>\n\t\t<figure itemscope itemtype=\"http:\/\/schema.org\/ImageObject\" class=\"lazy-media-inline \" role=\"group\" id=\"media_69f297c2e0eff\" aria-labelledby=\"desc_media_69f297c2e0eff\">\n\t\t\t<script type=\"application\/json\" ref=\"data\">\n\t\t\t\t{\n\t\t\t\t\"sizes\" : {\"medium\":{\"file\":\"SHF_eb00216963-1-225x300.jpg\",\"width\":225,\"height\":300,\"mime-type\":\"image\\\/jpeg\",\"filesize\":4627},\"large\":{\"file\":\"SHF_eb00216963-1-768x1024.jpg\",\"width\":768,\"height\":1024,\"mime-type\":\"image\\\/jpeg\",\"filesize\":30933},\"thumbnail\":{\"file\":\"SHF_eb00216963-1-150x150.jpg\",\"width\":150,\"height\":150,\"mime-type\":\"image\\\/jpeg\",\"filesize\":2204},\"medium_large\":{\"file\":\"SHF_eb00216963-1-768x1024.jpg\",\"width\":768,\"height\":1024,\"mime-type\":\"image\\\/jpeg\",\"filesize\":30933},\"small\":{\"file\":\"SHF_eb00216963-1-330x440.jpg\",\"width\":330,\"height\":440,\"mime-type\":\"image\\\/jpeg\",\"filesize\":7762},\"semi\":{\"file\":\"SHF_eb00216963-1-435x580.jpg\",\"width\":435,\"height\":580,\"mime-type\":\"image\\\/jpeg\",\"filesize\":12154},\"mobile\":{\"file\":\"SHF_eb00216963-1-540x720.jpg\",\"width\":540,\"height\":720,\"mime-type\":\"image\\\/jpeg\",\"filesize\":17017},\"hd\":{\"file\":\"SHF_eb00216963-1-960x1280.jpg\",\"width\":960,\"height\":1280,\"mime-type\":\"image\\\/jpeg\",\"filesize\":46174},\"full\":{\"file\":\"SHF_eb00216963-1-1440x1920.jpg\",\"width\":1440,\"height\":1920,\"mime-type\":\"image\\\/jpeg\",\"filesize\":98440},\"1536x1536\":{\"file\":\"SHF_eb00216963-1-1152x1536.jpg\",\"width\":1152,\"height\":1536,\"mime-type\":\"image\\\/jpeg\",\"filesize\":64937},\"2048x2048\":{\"file\":\"SHF_eb00216963-1-1536x2048.jpg\",\"width\":1536,\"height\":2048,\"mime-type\":\"image\\\/jpeg\",\"filesize\":110905},\"original\":{\"file\":\"SHF_eb00216963-1.jpg\",\"width\":2000,\"height\":2667}},\n\t\t\t\t\"alt\" : \"Holzskulptur mit menschlicher Figur und geometrischen Motiven, elegant und traditionell gestaltet.\",\n\t\t\t\t\"path\" : \"\\\/wp-content\\\/uploads\\\/2024\\\/02\\\/\",\n\t\t\t\t\"video\" : null,\n\t\t\t\t\"autoplay\" : null,\n\t\t\t\t\"youtube\" : null,\n\t\t\t\t\"youtubelabel\" : \"Video abspielen\",\n\t\t\t\t\"brightness\" : 100,\n\t\t\t\t\"crop\" : {\"top\":\"6.79\",\"left\":\"49.89\"},\n\t\t\t\t\"background\" : true,\n\t\t\t\t\"scale\" : 4\t\t\t\t}\n\t\t\t<\/script>\n\n\t\t\t<div class=\"height-container\" style=\"padding-bottom:133.35%;\" v-if=\"sizes\">\n\t\t\t\t\t\t\t\t<lazy-media :inline=\"true\" :alt=\"alt\" :sizes=\"sizes\" :scale=\"scale\" :brightness=\"brightness\" :path=\"path\" :video=\"video\" :autoplay=\"autoplay\" :youtube=\"youtube\" :crop=\"crop\" :youtubelabel=\"youtubelabel\" :background=\"background\" media-id=\"desc_media_69f297c2e0eff\"><\/lazy-media>\n\t\t\t\t\t\t\t<\/div>\n\n\t\t\t\t\t\t\t<figcaption class=\"sr-only\" ref=\"body\" id=\"desc_media_69f297c2e0eff\">\n\t\t\t\t\t\t\t\t\t\t\t<div>Verzierter Holzstab mit Frauenfigur, Suriname, ca. 1900<\/div>\n\t\t\t\t\t\t\t\t\t\t\t\t\t\t\t\t\t\t\t\t\t<div class=\"insignificant\">\u00a9 Staatliche Museen zu Berlin, Ethnologisches Museum, Foto: Claudia Obrocki<\/div>\n\t\t\t\t\t\t\t\t\t<\/figcaption>\n\t\t\t\t\t<\/figure>\n\t<\/lazy-media-inline>\n\t\t\t<\/div>\n\t\t\t<div class=\"teaser-header\"><div>\n\t\t\t\t\n\t\t\t\t\t\t<span class=\"h4 mobile-smaller-headline\">Stab aus Suriname<\/span>\n\t\t\t\t\t\t\t\t<\/div><\/div>\n\t\t<\/a>\n\t<\/div>\n<\/li><li class=\"teaser-lane-slide col-xs-6 col-sm-4 col-md-3 col-padding-remove\">\n\t<div class=\"box\">\n\t\t<a href=\"https:\/\/www.humboldtforum.org\/de\/anet-kommode\/\" class=\"teaser teaser-page\">\n\t\t\t<div class=\"teaser-image teaser-image-full footer-gradient\">\n\t\t\t\t\n\t<lazy-media-inline inline-template>\n\t\t<figure itemscope itemtype=\"http:\/\/schema.org\/ImageObject\" class=\"lazy-media-inline \" role=\"group\" id=\"media_69f297c2e23ef\" aria-labelledby=\"desc_media_69f297c2e23ef\">\n\t\t\t<script type=\"application\/json\" ref=\"data\">\n\t\t\t\t{\n\t\t\t\t\"sizes\" : {\"medium\":{\"file\":\"SHF_eb00216958-300x242.jpg\",\"width\":300,\"height\":242,\"mime-type\":\"image\\\/jpeg\",\"filesize\":16824},\"large\":{\"file\":\"SHF_eb00216958-1024x826.jpg\",\"width\":1024,\"height\":826,\"mime-type\":\"image\\\/jpeg\",\"filesize\":147608},\"thumbnail\":{\"file\":\"SHF_eb00216958-150x150.jpg\",\"width\":150,\"height\":150,\"mime-type\":\"image\\\/jpeg\",\"filesize\":7009},\"medium_large\":{\"file\":\"SHF_eb00216958-768x620.jpg\",\"width\":768,\"height\":620,\"mime-type\":\"image\\\/jpeg\",\"filesize\":89305},\"small\":{\"file\":\"SHF_eb00216958-440x355.jpg\",\"width\":440,\"height\":355,\"mime-type\":\"image\\\/jpeg\",\"filesize\":33112},\"semi\":{\"file\":\"SHF_eb00216958-580x468.jpg\",\"width\":580,\"height\":468,\"mime-type\":\"image\\\/jpeg\",\"filesize\":53995},\"mobile\":{\"file\":\"SHF_eb00216958-720x581.jpg\",\"width\":720,\"height\":581,\"mime-type\":\"image\\\/jpeg\",\"filesize\":79133},\"hd\":{\"file\":\"SHF_eb00216958-1280x1033.jpg\",\"width\":1280,\"height\":1033,\"mime-type\":\"image\\\/jpeg\",\"filesize\":219313},\"full\":{\"file\":\"SHF_eb00216958-1920x1549.jpg\",\"width\":1920,\"height\":1549,\"mime-type\":\"image\\\/jpeg\",\"filesize\":435326},\"1536x1536\":{\"file\":\"SHF_eb00216958-1536x1240.jpg\",\"width\":1536,\"height\":1240,\"mime-type\":\"image\\\/jpeg\",\"filesize\":304025},\"2048x2048\":{\"file\":\"SHF_eb00216958-2048x1653.jpg\",\"width\":2048,\"height\":1653,\"mime-type\":\"image\\\/jpeg\",\"filesize\":483096},\"original\":{\"file\":\"SHF_eb00216958.jpg\",\"width\":3073,\"height\":2480}},\n\t\t\t\t\"alt\" : \"Eine antike, elegante Kommode mit kunstvollen Verzierungen und marmorierter Oberfl\\u00e4che.\",\n\t\t\t\t\"path\" : \"\\\/wp-content\\\/uploads\\\/2024\\\/02\\\/\",\n\t\t\t\t\"video\" : null,\n\t\t\t\t\"autoplay\" : null,\n\t\t\t\t\"youtube\" : null,\n\t\t\t\t\"youtubelabel\" : \"Video abspielen\",\n\t\t\t\t\"brightness\" : 100,\n\t\t\t\t\"crop\" : null,\n\t\t\t\t\"background\" : true,\n\t\t\t\t\"scale\" : 4\t\t\t\t}\n\t\t\t<\/script>\n\n\t\t\t<div class=\"height-container\" style=\"padding-bottom:80.702896192646%;\" v-if=\"sizes\">\n\t\t\t\t\t\t\t\t<lazy-media :inline=\"true\" :alt=\"alt\" :sizes=\"sizes\" :scale=\"scale\" :brightness=\"brightness\" :path=\"path\" :video=\"video\" :autoplay=\"autoplay\" :youtube=\"youtube\" :crop=\"crop\" :youtubelabel=\"youtubelabel\" :background=\"background\" media-id=\"desc_media_69f297c2e23ef\"><\/lazy-media>\n\t\t\t\t\t\t\t<\/div>\n\n\t\t\t\t\t\t\t<figcaption class=\"sr-only\" ref=\"body\" id=\"desc_media_69f297c2e23ef\">\n\t\t\t\t\t\t\t\t\t\t\t\t\t\t\t\t\t\t\t\t\t<div class=\"insignificant\">\u00a9 Stadtmuseum Berlin, Foto: Dorin Alexandru Ionita<\/div>\n\t\t\t\t\t\t\t\t\t<\/figcaption>\n\t\t\t\t\t<\/figure>\n\t<\/lazy-media-inline>\n\t\t\t<\/div>\n\t\t\t<div class=\"teaser-header\"><div>\n\t\t\t\t\n\t\t\t\t\t\t<span class=\"h4 mobile-smaller-headline\">Anet-Kommode<\/span>\n\t\t\t\t\t\t\t\t<\/div><\/div>\n\t\t<\/a>\n\t<\/div>\n<\/li><li class=\"teaser-lane-slide col-xs-6 col-sm-4 col-md-3 col-padding-remove\">\n\t<div class=\"box\">\n\t\t<a href=\"https:\/\/www.humboldtforum.org\/de\/selbstbildnis-von-rembrandt\/\" class=\"teaser teaser-page\">\n\t\t\t<div class=\"teaser-image teaser-image-full footer-gradient\">\n\t\t\t\t\n\t<lazy-media-inline inline-template>\n\t\t<figure itemscope itemtype=\"http:\/\/schema.org\/ImageObject\" class=\"lazy-media-inline \" role=\"group\" id=\"media_69f297c2e3917\" aria-labelledby=\"desc_media_69f297c2e3917\">\n\t\t\t<script type=\"application\/json\" ref=\"data\">\n\t\t\t\t{\n\t\t\t\t\"sizes\" : {\"medium\":{\"file\":\"mauritshuis-Rembrandt-277x300.jpg\",\"width\":277,\"height\":300,\"mime-type\":\"image\\\/jpeg\",\"filesize\":10265},\"large\":{\"file\":\"mauritshuis-Rembrandt-946x1024.jpg\",\"width\":946,\"height\":1024,\"mime-type\":\"image\\\/jpeg\",\"filesize\":137385},\"thumbnail\":{\"file\":\"mauritshuis-Rembrandt-150x150.jpg\",\"width\":150,\"height\":150,\"mime-type\":\"image\\\/jpeg\",\"filesize\":3628},\"medium_large\":{\"file\":\"mauritshuis-Rembrandt-768x831.jpg\",\"width\":768,\"height\":831,\"mime-type\":\"image\\\/jpeg\",\"filesize\":84460},\"small\":{\"file\":\"mauritshuis-Rembrandt-406x440.jpg\",\"width\":406,\"height\":440,\"mime-type\":\"image\\\/jpeg\",\"filesize\":21387},\"semi\":{\"file\":\"mauritshuis-Rembrandt-536x580.jpg\",\"width\":536,\"height\":580,\"mime-type\":\"image\\\/jpeg\",\"filesize\":38234},\"mobile\":{\"file\":\"mauritshuis-Rembrandt-665x720.jpg\",\"width\":665,\"height\":720,\"mime-type\":\"image\\\/jpeg\",\"filesize\":61733},\"hd\":{\"file\":\"mauritshuis-Rembrandt-1182x1280.jpg\",\"width\":1182,\"height\":1280,\"mime-type\":\"image\\\/jpeg\",\"filesize\":227171},\"1536x1536\":{\"file\":\"mauritshuis-Rembrandt-1419x1536.jpg\",\"width\":1419,\"height\":1536,\"mime-type\":\"image\\\/jpeg\",\"filesize\":342971},\"original\":{\"file\":\"mauritshuis-Rembrandt.jpg\",\"width\":1500,\"height\":1624}},\n\t\t\t\t\"alt\" : \"Portr\\u00e4t eines \\u00e4lteren Mannes mit lockigem Haar und Hut vor dunklem Hintergrund. Sein Ausdruck ist nachdenklich und intensiv.\",\n\t\t\t\t\"path\" : \"\\\/wp-content\\\/uploads\\\/2023\\\/11\\\/\",\n\t\t\t\t\"video\" : null,\n\t\t\t\t\"autoplay\" : null,\n\t\t\t\t\"youtube\" : null,\n\t\t\t\t\"youtubelabel\" : \"Video abspielen\",\n\t\t\t\t\"brightness\" : 100,\n\t\t\t\t\"crop\" : {\"top\":\"35.55\",\"left\":\"49.91\"},\n\t\t\t\t\"background\" : true,\n\t\t\t\t\"scale\" : 4\t\t\t\t}\n\t\t\t<\/script>\n\n\t\t\t<div class=\"height-container\" style=\"padding-bottom:108.26666666667%;\" v-if=\"sizes\">\n\t\t\t\t\t\t\t\t<lazy-media :inline=\"true\" :alt=\"alt\" :sizes=\"sizes\" :scale=\"scale\" :brightness=\"brightness\" :path=\"path\" :video=\"video\" :autoplay=\"autoplay\" :youtube=\"youtube\" :crop=\"crop\" :youtubelabel=\"youtubelabel\" :background=\"background\" media-id=\"desc_media_69f297c2e3917\"><\/lazy-media>\n\t\t\t\t\t\t\t<\/div>\n\n\t\t\t\t\t\t\t<figcaption class=\"sr-only\" ref=\"body\" id=\"desc_media_69f297c2e3917\">\n\t\t\t\t\t\t\t\t\t\t\t\t\t\t\t\t<div>Rembrandt, Selbstportr&auml;t, 1669, &Ouml;l auf Leinwand <\/div>\n\t\t\t\t\t\t\t\t\t\t\t\t\t\t\t\t<div class=\"insignificant\">\u00a9 Mauritshuis, Den Haag<\/div>\n\t\t\t\t\t\t\t\t\t<\/figcaption>\n\t\t\t\t\t<\/figure>\n\t<\/lazy-media-inline>\n\t\t\t<\/div>\n\t\t\t<div class=\"teaser-header\"><div>\n\t\t\t\t\n\t\t\t\t\t\t<span class=\"h4 mobile-smaller-headline\">Selbstbildnis von Rembrandt<\/span>\n\t\t\t\t\t\t\t\t<\/div><\/div>\n\t\t<\/a>\n\t<\/div>\n<\/li><li class=\"teaser-lane-slide col-xs-6 col-sm-4 col-md-3 col-padding-remove\">\n\t<div class=\"box\">\n\t\t<a href=\"https:\/\/www.humboldtforum.org\/de\/potter-und-mijtens\/\" class=\"teaser teaser-page\">\n\t\t\t<div class=\"teaser-image teaser-image-full footer-gradient\">\n\t\t\t\t\n\t<lazy-media-inline inline-template>\n\t\t<figure itemscope itemtype=\"http:\/\/schema.org\/ImageObject\" class=\"lazy-media-inline \" role=\"group\" id=\"media_69f297c2e4dd6\" aria-labelledby=\"desc_media_69f297c2e4dd6\">\n\t\t\t<script type=\"application\/json\" ref=\"data\">\n\t\t\t\t{\n\t\t\t\t\"sizes\" : {\"medium\":{\"file\":\"mauritshuis-Potter-300x209.jpg\",\"width\":300,\"height\":209,\"mime-type\":\"image\\\/jpeg\",\"filesize\":14188},\"large\":{\"file\":\"mauritshuis-Potter-1024x715.jpg\",\"width\":1024,\"height\":715,\"mime-type\":\"image\\\/jpeg\",\"filesize\":152278},\"thumbnail\":{\"file\":\"mauritshuis-Potter-150x150.jpg\",\"width\":150,\"height\":150,\"mime-type\":\"image\\\/jpeg\",\"filesize\":6127},\"medium_large\":{\"file\":\"mauritshuis-Potter-768x536.jpg\",\"width\":768,\"height\":536,\"mime-type\":\"image\\\/jpeg\",\"filesize\":83930},\"small\":{\"file\":\"mauritshuis-Potter-440x307.jpg\",\"width\":440,\"height\":307,\"mime-type\":\"image\\\/jpeg\",\"filesize\":28358},\"semi\":{\"file\":\"mauritshuis-Potter-580x405.jpg\",\"width\":580,\"height\":405,\"mime-type\":\"image\\\/jpeg\",\"filesize\":48427},\"mobile\":{\"file\":\"mauritshuis-Potter-720x503.jpg\",\"width\":720,\"height\":503,\"mime-type\":\"image\\\/jpeg\",\"filesize\":73872},\"hd\":{\"file\":\"mauritshuis-Potter-1280x893.jpg\",\"width\":1280,\"height\":893,\"mime-type\":\"image\\\/jpeg\",\"filesize\":241034},\"original\":{\"file\":\"mauritshuis-Potter.jpg\",\"width\":1500,\"height\":1047}},\n\t\t\t\t\"alt\" : \"Landschaft mit Tieren am Gew\\u00e4sser, B\\u00e4ume und l\\u00e4ndliche Umgebung in sanften Farben.\",\n\t\t\t\t\"path\" : \"\\\/wp-content\\\/uploads\\\/2023\\\/11\\\/\",\n\t\t\t\t\"video\" : null,\n\t\t\t\t\"autoplay\" : null,\n\t\t\t\t\"youtube\" : null,\n\t\t\t\t\"youtubelabel\" : \"Video abspielen\",\n\t\t\t\t\"brightness\" : 100,\n\t\t\t\t\"crop\" : {\"top\":\"88.09\",\"left\":\"49.15\"},\n\t\t\t\t\"background\" : true,\n\t\t\t\t\"scale\" : 4\t\t\t\t}\n\t\t\t<\/script>\n\n\t\t\t<div class=\"height-container\" style=\"padding-bottom:69.8%;\" v-if=\"sizes\">\n\t\t\t\t\t\t\t\t<lazy-media :inline=\"true\" :alt=\"alt\" :sizes=\"sizes\" :scale=\"scale\" :brightness=\"brightness\" :path=\"path\" :video=\"video\" :autoplay=\"autoplay\" :youtube=\"youtube\" :crop=\"crop\" :youtubelabel=\"youtubelabel\" :background=\"background\" media-id=\"desc_media_69f297c2e4dd6\"><\/lazy-media>\n\t\t\t\t\t\t\t<\/div>\n\n\t\t\t\t\t\t\t<figcaption class=\"sr-only\" ref=\"body\" id=\"desc_media_69f297c2e4dd6\">\n\t\t\t\t\t\t\t\t\t\t\t\t\t\t\t\t<div>Paulus Potter, Im Wasser spiegelnde K&uuml;he, 1648, &Ouml;l auf Leinwand <\/div>\n\t\t\t\t\t\t\t\t\t\t\t\t\t\t\t\t<div class=\"insignificant\">\u00a9 Mauritshuis, Den Haag<\/div>\n\t\t\t\t\t\t\t\t\t<\/figcaption>\n\t\t\t\t\t<\/figure>\n\t<\/lazy-media-inline>\n\t\t\t<\/div>\n\t\t\t<div class=\"teaser-header\"><div>\n\t\t\t\t\n\t\t\t\t\t\t<span class=\"h4 mobile-smaller-headline\">Potter und Mijtens<\/span>\n\t\t\t\t\t\t\t\t<\/div><\/div>\n\t\t<\/a>\n\t<\/div>\n<\/li><li class=\"teaser-lane-slide col-xs-6 col-sm-4 col-md-3 col-padding-remove\">\n\t<div class=\"box\">\n\t\t<a href=\"https:\/\/www.humboldtforum.org\/de\/kanone-von-kandy\/\" class=\"teaser teaser-page\">\n\t\t\t<div class=\"teaser-image teaser-image-full footer-gradient\">\n\t\t\t\t\n\t<lazy-media-inline inline-template>\n\t\t<figure itemscope itemtype=\"http:\/\/schema.org\/ImageObject\" class=\"lazy-media-inline \" role=\"group\" id=\"media_69f297c2e52c5\" aria-labelledby=\"desc_media_69f297c2e52c5\">\n\t\t\t<script type=\"application\/json\" ref=\"data\">\n\t\t\t\t{\n\t\t\t\t\"sizes\" : {\"medium\":{\"file\":\"mauritshuis-Mauritshuis_Loot_Roofkunst_Jongsmaoneill_3D-Model-300x169.jpg\",\"width\":300,\"height\":169,\"mime-type\":\"image\\\/jpeg\",\"filesize\":9938},\"large\":{\"file\":\"mauritshuis-Mauritshuis_Loot_Roofkunst_Jongsmaoneill_3D-Model-1024x575.jpg\",\"width\":1024,\"height\":575,\"mime-type\":\"image\\\/jpeg\",\"filesize\":80545},\"thumbnail\":{\"file\":\"mauritshuis-Mauritshuis_Loot_Roofkunst_Jongsmaoneill_3D-Model-150x150.jpg\",\"width\":150,\"height\":150,\"mime-type\":\"image\\\/jpeg\",\"filesize\":5776},\"medium_large\":{\"file\":\"mauritshuis-Mauritshuis_Loot_Roofkunst_Jongsmaoneill_3D-Model-768x432.jpg\",\"width\":768,\"height\":432,\"mime-type\":\"image\\\/jpeg\",\"filesize\":50707},\"small\":{\"file\":\"mauritshuis-Mauritshuis_Loot_Roofkunst_Jongsmaoneill_3D-Model-440x247.jpg\",\"width\":440,\"height\":247,\"mime-type\":\"image\\\/jpeg\",\"filesize\":19318},\"semi\":{\"file\":\"mauritshuis-Mauritshuis_Loot_Roofkunst_Jongsmaoneill_3D-Model-580x326.jpg\",\"width\":580,\"height\":326,\"mime-type\":\"image\\\/jpeg\",\"filesize\":31738},\"mobile\":{\"file\":\"mauritshuis-Mauritshuis_Loot_Roofkunst_Jongsmaoneill_3D-Model-720x405.jpg\",\"width\":720,\"height\":405,\"mime-type\":\"image\\\/jpeg\",\"filesize\":45674},\"hd\":{\"file\":\"mauritshuis-Mauritshuis_Loot_Roofkunst_Jongsmaoneill_3D-Model-1280x719.jpg\",\"width\":1280,\"height\":719,\"mime-type\":\"image\\\/jpeg\",\"filesize\":113187},\"original\":{\"file\":\"mauritshuis-Mauritshuis_Loot_Roofkunst_Jongsmaoneill_3D-Model.jpg\",\"width\":1500,\"height\":843}},\n\t\t\t\t\"alt\" : \"Historische Kanone mit blauer Lackierung und Holzr\\u00e4dern vor schwarzem Hintergrund.\",\n\t\t\t\t\"path\" : \"\\\/wp-content\\\/uploads\\\/2023\\\/11\\\/\",\n\t\t\t\t\"video\" : null,\n\t\t\t\t\"autoplay\" : null,\n\t\t\t\t\"youtube\" : null,\n\t\t\t\t\"youtubelabel\" : \"Video abspielen\",\n\t\t\t\t\"brightness\" : 100,\n\t\t\t\t\"crop\" : null,\n\t\t\t\t\"background\" : true,\n\t\t\t\t\"scale\" : 4\t\t\t\t}\n\t\t\t<\/script>\n\n\t\t\t<div class=\"height-container\" style=\"padding-bottom:56.2%;\" v-if=\"sizes\">\n\t\t\t\t\t\t\t\t<lazy-media :inline=\"true\" :alt=\"alt\" :sizes=\"sizes\" :scale=\"scale\" :brightness=\"brightness\" :path=\"path\" :video=\"video\" :autoplay=\"autoplay\" :youtube=\"youtube\" :crop=\"crop\" :youtubelabel=\"youtubelabel\" :background=\"background\" media-id=\"desc_media_69f297c2e52c5\"><\/lazy-media>\n\t\t\t\t\t\t\t<\/div>\n\n\t\t\t\t\t\t\t<figcaption class=\"sr-only\" ref=\"body\" id=\"desc_media_69f297c2e52c5\">\n\t\t\t\t\t\t\t\t\t\t\t\t\t\t\t\t<div>Digitales 3D Modell der Kanone von Kandy, 2023 <\/div>\n\t\t\t\t\t\t\t\t\t\t\t\t\t\t\t\t<div class=\"insignificant\">\u00a9 Jongsma + O\u2019Neill<\/div>\n\t\t\t\t\t\t\t\t\t<\/figcaption>\n\t\t\t\t\t<\/figure>\n\t<\/lazy-media-inline>\n\t\t\t<\/div>\n\t\t\t<div class=\"teaser-header\"><div>\n\t\t\t\t\n\t\t\t\t\t\t<span class=\"h4 mobile-smaller-headline\">Kanone von Kandy<\/span>\n\t\t\t\t\t\t\t\t<\/div><\/div>\n\t\t<\/a>\n\t<\/div>\n<\/li><li class=\"teaser-lane-slide col-xs-6 col-sm-4 col-md-3 col-padding-remove\">\n\t<div class=\"box\">\n\t\t<a href=\"https:\/\/www.humboldtforum.org\/de\/kris-aus-bali\/\" class=\"teaser teaser-page\">\n\t\t\t<div class=\"teaser-image teaser-image-full footer-gradient\">\n\t\t\t\t\n\t<lazy-media-inline inline-template>\n\t\t<figure itemscope itemtype=\"http:\/\/schema.org\/ImageObject\" class=\"lazy-media-inline \" role=\"group\" id=\"media_69f297c2e643f\" aria-labelledby=\"desc_media_69f297c2e643f\">\n\t\t\t<script type=\"application\/json\" ref=\"data\">\n\t\t\t\t{\n\t\t\t\t\"sizes\" : {\"medium\":{\"file\":\"mauritshuis-Balinese_Kris-125x300.jpg\",\"width\":125,\"height\":300,\"mime-type\":\"image\\\/jpeg\",\"filesize\":3883},\"large\":{\"file\":\"mauritshuis-Balinese_Kris-427x1024.jpg\",\"width\":427,\"height\":1024,\"mime-type\":\"image\\\/jpeg\",\"filesize\":28873},\"thumbnail\":{\"file\":\"mauritshuis-Balinese_Kris-150x150.jpg\",\"width\":150,\"height\":150,\"mime-type\":\"image\\\/jpeg\",\"filesize\":3102},\"medium_large\":{\"file\":\"mauritshuis-Balinese_Kris-768x1843.jpg\",\"width\":768,\"height\":1843,\"mime-type\":\"image\\\/jpeg\",\"filesize\":79246},\"small\":{\"file\":\"mauritshuis-Balinese_Kris-183x440.jpg\",\"width\":183,\"height\":440,\"mime-type\":\"image\\\/jpeg\",\"filesize\":6945},\"semi\":{\"file\":\"mauritshuis-Balinese_Kris-242x580.jpg\",\"width\":242,\"height\":580,\"mime-type\":\"image\\\/jpeg\",\"filesize\":11030},\"mobile\":{\"file\":\"mauritshuis-Balinese_Kris-300x720.jpg\",\"width\":300,\"height\":720,\"mime-type\":\"image\\\/jpeg\",\"filesize\":15781},\"hd\":{\"file\":\"mauritshuis-Balinese_Kris-533x1280.jpg\",\"width\":533,\"height\":1280,\"mime-type\":\"image\\\/jpeg\",\"filesize\":42419},\"full\":{\"file\":\"mauritshuis-Balinese_Kris-800x1920.jpg\",\"width\":800,\"height\":1920,\"mime-type\":\"image\\\/jpeg\",\"filesize\":84337},\"1536x1536\":{\"file\":\"mauritshuis-Balinese_Kris-640x1536.jpg\",\"width\":640,\"height\":1536,\"mime-type\":\"image\\\/jpeg\",\"filesize\":57961},\"2048x2048\":{\"file\":\"mauritshuis-Balinese_Kris-853x2048.jpg\",\"width\":853,\"height\":2048,\"mime-type\":\"image\\\/jpeg\",\"filesize\":94749},\"original\":{\"file\":\"mauritshuis-Balinese_Kris.jpg\",\"width\":1500,\"height\":3600}},\n\t\t\t\t\"alt\" : \"Elegante, geschwungene Klinge mit goldenem Griff vor schwarzem Hintergrund.\",\n\t\t\t\t\"path\" : \"\\\/wp-content\\\/uploads\\\/2023\\\/11\\\/\",\n\t\t\t\t\"video\" : null,\n\t\t\t\t\"autoplay\" : null,\n\t\t\t\t\"youtube\" : null,\n\t\t\t\t\"youtubelabel\" : \"Video abspielen\",\n\t\t\t\t\"brightness\" : 100,\n\t\t\t\t\"crop\" : {\"top\":\"27.08\",\"left\":\"51.24\"},\n\t\t\t\t\"background\" : true,\n\t\t\t\t\"scale\" : 4\t\t\t\t}\n\t\t\t<\/script>\n\n\t\t\t<div class=\"height-container\" style=\"padding-bottom:240%;\" v-if=\"sizes\">\n\t\t\t\t\t\t\t\t<lazy-media :inline=\"true\" :alt=\"alt\" :sizes=\"sizes\" :scale=\"scale\" :brightness=\"brightness\" :path=\"path\" :video=\"video\" :autoplay=\"autoplay\" :youtube=\"youtube\" :crop=\"crop\" :youtubelabel=\"youtubelabel\" :background=\"background\" media-id=\"desc_media_69f297c2e643f\"><\/lazy-media>\n\t\t\t\t\t\t\t<\/div>\n\n\t\t\t\t\t\t\t<figcaption class=\"sr-only\" ref=\"body\" id=\"desc_media_69f297c2e643f\">\n\t\t\t\t\t\t\t\t\t\t\t\t\t\t\t\t<div>Kris (Dolch), Indonesien (Bali), ca. 1800-1850 <\/div>\n\t\t\t\t\t\t\t\t\t\t\t\t\t\t\t\t<div class=\"insignificant\">\u00a9 Staatliche Museen zu Berlin &#8211; Preu\u00dfischer Kulturbesitz, Ethnologisches Museum, Martin Franken.<\/div>\n\t\t\t\t\t\t\t\t\t<\/figcaption>\n\t\t\t\t\t<\/figure>\n\t<\/lazy-media-inline>\n\t\t\t<\/div>\n\t\t\t<div class=\"teaser-header\"><div>\n\t\t\t\t\n\t\t\t\t\t\t<span class=\"h4 mobile-smaller-headline\">Kris aus Bali<\/span>\n\t\t\t\t\t\t\t\t<\/div><\/div>\n\t\t<\/a>\n\t<\/div>\n<\/li><li class=\"teaser-lane-slide col-xs-6 col-sm-4 col-md-3 col-padding-remove\">\n\t<div class=\"box\">\n\t\t<a href=\"https:\/\/www.humboldtforum.org\/de\/pferdekopf-der-quadriga\/\" class=\"teaser teaser-page\">\n\t\t\t<div class=\"teaser-image teaser-image-full footer-gradient\">\n\t\t\t\t\n\t<lazy-media-inline inline-template>\n\t\t<figure itemscope itemtype=\"http:\/\/schema.org\/ImageObject\" class=\"lazy-media-inline \" role=\"group\" id=\"media_69f297c2e7367\" aria-labelledby=\"desc_media_69f297c2e7367\">\n\t\t\t<script type=\"application\/json\" ref=\"data\">\n\t\t\t\t{\n\t\t\t\t\"sizes\" : {\"medium\":{\"file\":\"mauritshuis-Paard_Horse_Quadriga-254x300.jpg\",\"width\":254,\"height\":300,\"mime-type\":\"image\\\/jpeg\",\"filesize\":13917},\"large\":{\"file\":\"mauritshuis-Paard_Horse_Quadriga-868x1024.jpg\",\"width\":868,\"height\":1024,\"mime-type\":\"image\\\/jpeg\",\"filesize\":107944},\"thumbnail\":{\"file\":\"mauritshuis-Paard_Horse_Quadriga-150x150.jpg\",\"width\":150,\"height\":150,\"mime-type\":\"image\\\/jpeg\",\"filesize\":5957},\"medium_large\":{\"file\":\"mauritshuis-Paard_Horse_Quadriga-768x906.jpg\",\"width\":768,\"height\":906,\"mime-type\":\"image\\\/jpeg\",\"filesize\":87214},\"small\":{\"file\":\"mauritshuis-Paard_Horse_Quadriga-373x440.jpg\",\"width\":373,\"height\":440,\"mime-type\":\"image\\\/jpeg\",\"filesize\":25915},\"semi\":{\"file\":\"mauritshuis-Paard_Horse_Quadriga-492x580.jpg\",\"width\":492,\"height\":580,\"mime-type\":\"image\\\/jpeg\",\"filesize\":40964},\"mobile\":{\"file\":\"mauritshuis-Paard_Horse_Quadriga-611x720.jpg\",\"width\":611,\"height\":720,\"mime-type\":\"image\\\/jpeg\",\"filesize\":58904},\"hd\":{\"file\":\"mauritshuis-Paard_Horse_Quadriga-1085x1280.jpg\",\"width\":1085,\"height\":1280,\"mime-type\":\"image\\\/jpeg\",\"filesize\":160851},\"1536x1536\":{\"file\":\"mauritshuis-Paard_Horse_Quadriga-1302x1536.jpg\",\"width\":1302,\"height\":1536,\"mime-type\":\"image\\\/jpeg\",\"filesize\":224295},\"original\":{\"file\":\"mauritshuis-Paard_Horse_Quadriga.jpg\",\"width\":1500,\"height\":1769}},\n\t\t\t\t\"alt\" : \"Bronze-Skulptur eines Pferdekopfes mit filigraner M\\u00e4hne und lebensechtem Ausdruck.\",\n\t\t\t\t\"path\" : \"\\\/wp-content\\\/uploads\\\/2023\\\/11\\\/\",\n\t\t\t\t\"video\" : null,\n\t\t\t\t\"autoplay\" : null,\n\t\t\t\t\"youtube\" : null,\n\t\t\t\t\"youtubelabel\" : \"Video abspielen\",\n\t\t\t\t\"brightness\" : 100,\n\t\t\t\t\"crop\" : {\"top\":\"39.58\",\"left\":\"49.61\"},\n\t\t\t\t\"background\" : true,\n\t\t\t\t\"scale\" : 4\t\t\t\t}\n\t\t\t<\/script>\n\n\t\t\t<div class=\"height-container\" style=\"padding-bottom:117.93333333333%;\" v-if=\"sizes\">\n\t\t\t\t\t\t\t\t<lazy-media :inline=\"true\" :alt=\"alt\" :sizes=\"sizes\" :scale=\"scale\" :brightness=\"brightness\" :path=\"path\" :video=\"video\" :autoplay=\"autoplay\" :youtube=\"youtube\" :crop=\"crop\" :youtubelabel=\"youtubelabel\" :background=\"background\" media-id=\"desc_media_69f297c2e7367\"><\/lazy-media>\n\t\t\t\t\t\t\t<\/div>\n\n\t\t\t\t\t\t\t<figcaption class=\"sr-only\" ref=\"body\" id=\"desc_media_69f297c2e7367\">\n\t\t\t\t\t\t\t\t\t\t\t\t\t\t\t\t<div>Pferdekopf der Quadriga vom Brandenburger Tor, Johann Gottfried Schadow, 1793 <\/div>\n\t\t\t\t\t\t\t\t\t\t\t\t\t\t\t\t<div class=\"insignificant\">\u00a9 Stadtmuseum Berlin, Michael Setzpfandt, Berlin<\/div>\n\t\t\t\t\t\t\t\t\t<\/figcaption>\n\t\t\t\t\t<\/figure>\n\t<\/lazy-media-inline>\n\t\t\t<\/div>\n\t\t\t<div class=\"teaser-header\"><div>\n\t\t\t\t\n\t\t\t\t\t\t<span class=\"h4 mobile-smaller-headline\">Pferdekopf der Quadriga<\/span>\n\t\t\t\t\t\t\t\t<\/div><\/div>\n\t\t<\/a>\n\t<\/div>\n<\/li><li class=\"teaser-lane-slide col-xs-6 col-sm-4 col-md-3 col-padding-remove\">\n\t<div class=\"box\">\n\t\t<a href=\"https:\/\/www.humboldtforum.org\/de\/raubsilber-aus-juedischem-besitz\/\" class=\"teaser teaser-page\">\n\t\t\t<div class=\"teaser-image teaser-image-full footer-gradient\">\n\t\t\t\t\n\t<lazy-media-inline inline-template>\n\t\t<figure itemscope itemtype=\"http:\/\/schema.org\/ImageObject\" class=\"lazy-media-inline \" role=\"group\" id=\"media_69f297c2e8405\" aria-labelledby=\"desc_media_69f297c2e8405\">\n\t\t\t<script type=\"application\/json\" ref=\"data\">\n\t\t\t\t{\n\t\t\t\t\"sizes\" : {\"medium\":{\"file\":\"mauritshuis-Zilver-300x225.jpg\",\"width\":300,\"height\":225,\"mime-type\":\"image\\\/jpeg\",\"filesize\":5216},\"large\":{\"file\":\"mauritshuis-Zilver-1024x768.jpg\",\"width\":1024,\"height\":768,\"mime-type\":\"image\\\/jpeg\",\"filesize\":45701},\"thumbnail\":{\"file\":\"mauritshuis-Zilver-150x150.jpg\",\"width\":150,\"height\":150,\"mime-type\":\"image\\\/jpeg\",\"filesize\":2563},\"medium_large\":{\"file\":\"mauritshuis-Zilver-768x576.jpg\",\"width\":768,\"height\":576,\"mime-type\":\"image\\\/jpeg\",\"filesize\":25659},\"small\":{\"file\":\"mauritshuis-Zilver-440x330.jpg\",\"width\":440,\"height\":330,\"mime-type\":\"image\\\/jpeg\",\"filesize\":9415},\"semi\":{\"file\":\"mauritshuis-Zilver-580x435.jpg\",\"width\":580,\"height\":435,\"mime-type\":\"image\\\/jpeg\",\"filesize\":15508},\"mobile\":{\"file\":\"mauritshuis-Zilver-720x540.jpg\",\"width\":720,\"height\":540,\"mime-type\":\"image\\\/jpeg\",\"filesize\":22587},\"hd\":{\"file\":\"mauritshuis-Zilver-1280x960.jpg\",\"width\":1280,\"height\":960,\"mime-type\":\"image\\\/jpeg\",\"filesize\":72010},\"original\":{\"file\":\"mauritshuis-Zilver.jpg\",\"width\":1500,\"height\":1125}},\n\t\t\t\t\"alt\" : \"Eine verzierte Silbergabel mit Anh\\u00e4nger, auf grauem Hintergrund.\",\n\t\t\t\t\"path\" : \"\\\/wp-content\\\/uploads\\\/2023\\\/11\\\/\",\n\t\t\t\t\"video\" : null,\n\t\t\t\t\"autoplay\" : null,\n\t\t\t\t\"youtube\" : null,\n\t\t\t\t\"youtubelabel\" : \"Video abspielen\",\n\t\t\t\t\"brightness\" : 100,\n\t\t\t\t\"crop\" : null,\n\t\t\t\t\"background\" : true,\n\t\t\t\t\"scale\" : 4\t\t\t\t}\n\t\t\t<\/script>\n\n\t\t\t<div class=\"height-container\" style=\"padding-bottom:75%;\" v-if=\"sizes\">\n\t\t\t\t\t\t\t\t<lazy-media :inline=\"true\" :alt=\"alt\" :sizes=\"sizes\" :scale=\"scale\" :brightness=\"brightness\" :path=\"path\" :video=\"video\" :autoplay=\"autoplay\" :youtube=\"youtube\" :crop=\"crop\" :youtubelabel=\"youtubelabel\" :background=\"background\" media-id=\"desc_media_69f297c2e8405\"><\/lazy-media>\n\t\t\t\t\t\t\t<\/div>\n\n\t\t\t\t\t\t\t<figcaption class=\"sr-only\" ref=\"body\" id=\"desc_media_69f297c2e8405\">\n\t\t\t\t\t\t\t\t\t\t\t\t\t\t\t\t<div>Raubsilber aus ehemals j&uuml;dischem Besitz <\/div>\n\t\t\t\t\t\t\t\t\t\t\t\t\t\t\t\t<div class=\"insignificant\">\u00a9 Stadtmuseum Berlin, Dorin Alexandru Ionita, Berlin<\/div>\n\t\t\t\t\t\t\t\t\t<\/figcaption>\n\t\t\t\t\t<\/figure>\n\t<\/lazy-media-inline>\n\t\t\t<\/div>\n\t\t\t<div class=\"teaser-header\"><div>\n\t\t\t\t\n\t\t\t\t\t\t<span class=\"h4 mobile-smaller-headline\">Raubsilber aus j\u00fcdischem Besitz<\/span>\n\t\t\t\t\t\t\t\t<\/div><\/div>\n\t\t<\/a>\n\t<\/div>\n<\/li><li class=\"teaser-lane-slide col-xs-6 col-sm-4 col-md-3 col-padding-remove\">\n\t<div class=\"box\">\n\t\t<a href=\"https:\/\/www.humboldtforum.org\/de\/gipsabguesse-der-benin-bronzen\/\" class=\"teaser teaser-page\">\n\t\t\t<div class=\"teaser-image teaser-image-full footer-gradient\">\n\t\t\t\t\n\t<lazy-media-inline inline-template>\n\t\t<figure itemscope itemtype=\"http:\/\/schema.org\/ImageObject\" class=\"lazy-media-inline \" role=\"group\" id=\"media_69f297c2e9340\" aria-labelledby=\"desc_media_69f297c2e9340\">\n\t\t\t<script type=\"application\/json\" ref=\"data\">\n\t\t\t\t{\n\t\t\t\t\"sizes\" : {\"medium\":{\"file\":\"mauritshuis-Benin_Bronzen_Gipsafgietsel-200x300.jpg\",\"width\":200,\"height\":300,\"mime-type\":\"image\\\/jpeg\",\"filesize\":9259},\"large\":{\"file\":\"mauritshuis-Benin_Bronzen_Gipsafgietsel-683x1024.jpg\",\"width\":683,\"height\":1024,\"mime-type\":\"image\\\/jpeg\",\"filesize\":87422},\"thumbnail\":{\"file\":\"mauritshuis-Benin_Bronzen_Gipsafgietsel-150x150.jpg\",\"width\":150,\"height\":150,\"mime-type\":\"image\\\/jpeg\",\"filesize\":4730},\"medium_large\":{\"file\":\"mauritshuis-Benin_Bronzen_Gipsafgietsel-768x1152.jpg\",\"width\":768,\"height\":1152,\"mime-type\":\"image\\\/jpeg\",\"filesize\":108934},\"small\":{\"file\":\"mauritshuis-Benin_Bronzen_Gipsafgietsel-293x440.jpg\",\"width\":293,\"height\":440,\"mime-type\":\"image\\\/jpeg\",\"filesize\":18130},\"semi\":{\"file\":\"mauritshuis-Benin_Bronzen_Gipsafgietsel-387x580.jpg\",\"width\":387,\"height\":580,\"mime-type\":\"image\\\/jpeg\",\"filesize\":30173},\"mobile\":{\"file\":\"mauritshuis-Benin_Bronzen_Gipsafgietsel-480x720.jpg\",\"width\":480,\"height\":720,\"mime-type\":\"image\\\/jpeg\",\"filesize\":44707},\"hd\":{\"file\":\"mauritshuis-Benin_Bronzen_Gipsafgietsel-853x1280.jpg\",\"width\":853,\"height\":1280,\"mime-type\":\"image\\\/jpeg\",\"filesize\":133144},\"full\":{\"file\":\"mauritshuis-Benin_Bronzen_Gipsafgietsel-1280x1920.jpg\",\"width\":1280,\"height\":1920,\"mime-type\":\"image\\\/jpeg\",\"filesize\":282787},\"1536x1536\":{\"file\":\"mauritshuis-Benin_Bronzen_Gipsafgietsel-1024x1536.jpg\",\"width\":1024,\"height\":1536,\"mime-type\":\"image\\\/jpeg\",\"filesize\":186712},\"2048x2048\":{\"file\":\"mauritshuis-Benin_Bronzen_Gipsafgietsel-1365x2048.jpg\",\"width\":1365,\"height\":2048,\"mime-type\":\"image\\\/jpeg\",\"filesize\":318957},\"original\":{\"file\":\"mauritshuis-Benin_Bronzen_Gipsafgietsel.jpg\",\"width\":1500,\"height\":2250}},\n\t\t\t\t\"alt\" : \"Kunstvoller Kopf einer Statue mit reich verziertem Oberteil und geflochtenem Hals, aus Bronze gefertigt.\",\n\t\t\t\t\"path\" : \"\\\/wp-content\\\/uploads\\\/2023\\\/11\\\/\",\n\t\t\t\t\"video\" : null,\n\t\t\t\t\"autoplay\" : null,\n\t\t\t\t\"youtube\" : null,\n\t\t\t\t\"youtubelabel\" : \"Video abspielen\",\n\t\t\t\t\"brightness\" : 100,\n\t\t\t\t\"crop\" : null,\n\t\t\t\t\"background\" : true,\n\t\t\t\t\"scale\" : 4\t\t\t\t}\n\t\t\t<\/script>\n\n\t\t\t<div class=\"height-container\" style=\"padding-bottom:150%;\" v-if=\"sizes\">\n\t\t\t\t\t\t\t\t<lazy-media :inline=\"true\" :alt=\"alt\" :sizes=\"sizes\" :scale=\"scale\" :brightness=\"brightness\" :path=\"path\" :video=\"video\" :autoplay=\"autoplay\" :youtube=\"youtube\" :crop=\"crop\" :youtubelabel=\"youtubelabel\" :background=\"background\" media-id=\"desc_media_69f297c2e9340\"><\/lazy-media>\n\t\t\t\t\t\t\t<\/div>\n\n\t\t\t\t\t\t\t<figcaption class=\"sr-only\" ref=\"body\" id=\"desc_media_69f297c2e9340\">\n\t\t\t\t\t\t\t\t\t\t\t\t\t\t\t\t<div>Gipsabg&uuml;sse der Benin-Bronzen, Deutschland, 20. Jahrhundert <\/div>\n\t\t\t\t\t\t\t\t\t\t\t\t\t\t\t\t<div class=\"insignificant\">\u00a9 Staatliche Museen zu Berlin &#8211; Gipsformerei, Thomas Schelper<\/div>\n\t\t\t\t\t\t\t\t\t<\/figcaption>\n\t\t\t\t\t<\/figure>\n\t<\/lazy-media-inline>\n\t\t\t<\/div>\n\t\t\t<div class=\"teaser-header\"><div>\n\t\t\t\t\n\t\t\t\t\t\t<span class=\"h4 mobile-smaller-headline\">Gipsabg\u00fcsse der Benin-Bronzen<\/span>\n\t\t\t\t\t\t\t\t<\/div><\/div>\n\t\t<\/a>\n\t<\/div>\n<\/li>\t\t\t\t\t\t<\/ul>\n\t\t\t\t\t<\/div>\n\t\t\t\t<\/div>\n\t\t\t<\/teaser-lane-with-buttons>\n\t\t\t<\/section>\n\n<section class=\"block block-CTA block-CTA-long leftgradient\">\n\t<div class=\"container-fluid\">\n\t\t<div class=\"row center-xs\">\n\t\t\t<div class=\"col-xs-12\">\n\t\t\t\t<div class=\"box\">\n\t\t\t\t\t<a href=\"https:\/\/www.humboldtforum.org\/de\/programm\/laufzeitangebot\/ausstellung\/kunst-als-beute-10-geschichten-109390\/\" aria-label=\"Kunst als Beute. 10 Geschichten\" class=\"teaser teaser-cta-wide \">\n\t\t\t\t\t\t<div class=\"teaser-image\">\n\t\t\t\t\t\t\t\n\t<lazy-media-inline inline-template>\n\t\t<figure itemscope itemtype=\"http:\/\/schema.org\/ImageObject\" class=\"lazy-media-inline \" role=\"group\" id=\"media_69f297c2ec13c\" aria-labelledby=\"desc_media_69f297c2ec13c\">\n\t\t\t<script type=\"application\/json\" ref=\"data\">\n\t\t\t\t{\n\t\t\t\t\"sizes\" : {\"medium\":{\"file\":\"SHF_eb00215641-1-300x176.jpg\",\"width\":300,\"height\":176,\"mime-type\":\"image\\\/jpeg\",\"filesize\":6764},\"large\":{\"file\":\"SHF_eb00215641-1-1024x600.jpg\",\"width\":1024,\"height\":600,\"mime-type\":\"image\\\/jpeg\",\"filesize\":47646},\"thumbnail\":{\"file\":\"SHF_eb00215641-1-150x150.jpg\",\"width\":150,\"height\":150,\"mime-type\":\"image\\\/jpeg\",\"filesize\":4919},\"medium_large\":{\"file\":\"SHF_eb00215641-1-768x450.jpg\",\"width\":768,\"height\":450,\"mime-type\":\"image\\\/jpeg\",\"filesize\":29963},\"small\":{\"file\":\"SHF_eb00215641-1-440x258.jpg\",\"width\":440,\"height\":258,\"mime-type\":\"image\\\/jpeg\",\"filesize\":12429},\"semi\":{\"file\":\"SHF_eb00215641-1-580x340.jpg\",\"width\":580,\"height\":340,\"mime-type\":\"image\\\/jpeg\",\"filesize\":19139},\"mobile\":{\"file\":\"SHF_eb00215641-1-720x422.jpg\",\"width\":720,\"height\":422,\"mime-type\":\"image\\\/jpeg\",\"filesize\":26981},\"hd\":{\"file\":\"SHF_eb00215641-1-1280x749.jpg\",\"width\":1280,\"height\":749,\"mime-type\":\"image\\\/jpeg\",\"filesize\":68714},\"full\":{\"file\":\"SHF_eb00215641-1-1920x1124.jpg\",\"width\":1920,\"height\":1124,\"mime-type\":\"image\\\/jpeg\",\"filesize\":134959},\"1536x1536\":{\"file\":\"SHF_eb00215641-1-1536x899.jpg\",\"width\":1536,\"height\":899,\"mime-type\":\"image\\\/jpeg\",\"filesize\":93188},\"original\":{\"file\":\"SHF_eb00215641-1.jpg\",\"width\":2000,\"height\":1171}},\n\t\t\t\t\"alt\" : \"Bronzeskulptur eines Pferdekopfes vor pinkem Hintergrund.\",\n\t\t\t\t\"path\" : \"\\\/wp-content\\\/uploads\\\/2023\\\/11\\\/\",\n\t\t\t\t\"video\" : null,\n\t\t\t\t\"autoplay\" : null,\n\t\t\t\t\"youtube\" : null,\n\t\t\t\t\"youtubelabel\" : \"Video abspielen\",\n\t\t\t\t\"brightness\" : \"100\",\n\t\t\t\t\"crop\" : {\"top\":\"37.94\",\"left\":\"50.02\"},\n\t\t\t\t\"background\" : true,\n\t\t\t\t\"scale\" : 2\t\t\t\t}\n\t\t\t<\/script>\n\n\t\t\t<div class=\"height-container\" style=\"padding-bottom:58.55%;\" v-if=\"sizes\">\n\t\t\t\t\t\t\t\t<lazy-media :inline=\"true\" :alt=\"alt\" :sizes=\"sizes\" :scale=\"scale\" :brightness=\"brightness\" :path=\"path\" :video=\"video\" :autoplay=\"autoplay\" :youtube=\"youtube\" :crop=\"crop\" :youtubelabel=\"youtubelabel\" :background=\"background\" media-id=\"desc_media_69f297c2ec13c\"><\/lazy-media>\n\t\t\t\t\t\t\t<\/div>\n\n\t\t\t\t\t\t\t<figcaption class=\"sr-only\" ref=\"body\" id=\"desc_media_69f297c2ec13c\">\n\t\t\t\t\t\t\t\t\t\t\t\t\t\t\t\t\t\t\t\t\t<div class=\"insignificant\">\u00a9 Stadtmuseum Berlin, Foto: Michael Setzpfandt<\/div>\n\t\t\t\t\t\t\t\t\t<\/figcaption>\n\t\t\t\t\t<\/figure>\n\t<\/lazy-media-inline>\n\t\t\t\t\t\t<\/div>\n\t\t\t\t\t\t<div class=\"teaser-content \">\n\t\t\t\t\t\t\t<div>\n\t\t\t\t\t\t\t\t<div class=\"teaser-overline subline\">Geh\u00f6rt zu<\/div>\t\t\t\t\t\t\t\t<div class=\"teaser-header\"><span class=\"h3\">Kunst als Beute. 10 Geschichten<\/span><\/div>\n\t\t\t\t\t\t\t\t\t\t\t\t\t\t\t\t<button tabindex=\"-1\" class=\"border\">Zur Ausstellung<\/button>\n\t\t\t\t\t\t\t<\/div>\n\t\t\t\t\t\t<\/div>\n\t\t\t\t\t<\/a>\n\t\t\t\t<\/div>\n\t\t\t<\/div>\n\t\t<\/div>\n\t<\/div>\n<\/section>\n","protected":false},"excerpt":{"rendered":"","protected":false},"author":30,"featured_media":109651,"parent":0,"menu_order":0,"comment_status":"closed","ping_status":"closed","template":"","meta":{"_acf_changed":false,"footnotes":""},"class_list":["post-123841","page","type-page","status-publish","has-post-thumbnail","hentry"],"acf":[],"_links":{"self":[{"href":"https:\/\/www.humboldtforum.org\/de\/wp-json\/wp\/v2\/pages\/123841","targetHints":{"allow":["GET"]}}],"collection":[{"href":"https:\/\/www.humboldtforum.org\/de\/wp-json\/wp\/v2\/pages"}],"about":[{"href":"https:\/\/www.humboldtforum.org\/de\/wp-json\/wp\/v2\/types\/page"}],"author":[{"embeddable":true,"href":"https:\/\/www.humboldtforum.org\/de\/wp-json\/wp\/v2\/users\/30"}],"replies":[{"embeddable":true,"href":"https:\/\/www.humboldtforum.org\/de\/wp-json\/wp\/v2\/comments?post=123841"}],"version-history":[{"count":11,"href":"https:\/\/www.humboldtforum.org\/de\/wp-json\/wp\/v2\/pages\/123841\/revisions"}],"predecessor-version":[{"id":126402,"href":"https:\/\/www.humboldtforum.org\/de\/wp-json\/wp\/v2\/pages\/123841\/revisions\/126402"}],"wp:featuredmedia":[{"embeddable":true,"href":"https:\/\/www.humboldtforum.org\/de\/wp-json\/wp\/v2\/media\/109651"}],"wp:attachment":[{"href":"https:\/\/www.humboldtforum.org\/de\/wp-json\/wp\/v2\/media?parent=123841"}],"curies":[{"name":"wp","href":"https:\/\/api.w.org\/{rel}","templated":true}]}}