{"id":136222,"date":"2024-09-11T11:43:57","date_gmt":"2024-09-11T09:43:57","guid":{"rendered":"https:\/\/www.humboldtforum.org\/?page_id=136222"},"modified":"2025-10-17T12:09:37","modified_gmt":"2025-10-17T10:09:37","slug":"99-fragen-2021-2022","status":"publish","type":"page","link":"https:\/\/www.humboldtforum.org\/de\/99-fragen-2021-2022\/","title":{"rendered":"99 Fragen Archiv (2021\u20132022)"},"content":{"rendered":"<section class=\"block block-header-headline\" >\n    <div class=\"container-fluid\">\n        <div class=\"row\">\n\t\t\t\t\t\t\t<div class=\"col-xs-12 col-md-offset-2 col-md-8\">\n\t\t\t\t\t<div class=\"box\">\n\t\t\t\t\t\t<div class=\"subline\">Von globalen Perspektiven auf koloniale Sammlungen<\/div>\n\t\t\t\t\t<\/div>\n\t\t\t\t<\/div>\n\t\t\t\n                            <div class=\"col-xs-12 col-md-offset-2 col-md-8\">\n                    <div class=\"box\">\n                        <h1>99 Fragen Archiv (2021\u20132022)<\/h1>\n                    <\/div>\n                <\/div>\n                    <\/div>\n    <\/div>\n<\/section>\n\n\n\n\n<section class=\"block block-header\" >\n\t<block-header inline-template>\n\t\t<figure role=\"group\" aria-labelledby=\"desc_m_69ee689c0ca8b\">\n\n\t\t\t<script type=\"application\/json\" ref=\"data\">\n\t\t\t\t{\n\t\t\t\t\"sizes_d\" : {\"medium\":{\"file\":\"201130_LOS_55_Webteaser_Studio3_99Fragen2-300x180.jpg\",\"width\":300,\"height\":180,\"mime-type\":\"image\\\/jpeg\"},\"large\":{\"file\":\"201130_LOS_55_Webteaser_Studio3_99Fragen2-1024x613.jpg\",\"width\":1024,\"height\":613,\"mime-type\":\"image\\\/jpeg\"},\"thumbnail\":{\"file\":\"201130_LOS_55_Webteaser_Studio3_99Fragen2-150x150.jpg\",\"width\":150,\"height\":150,\"mime-type\":\"image\\\/jpeg\"},\"medium_large\":{\"file\":\"201130_LOS_55_Webteaser_Studio3_99Fragen2-768x460.jpg\",\"width\":768,\"height\":460,\"mime-type\":\"image\\\/jpeg\"},\"small\":{\"file\":\"201130_LOS_55_Webteaser_Studio3_99Fragen2-440x264.jpg\",\"width\":440,\"height\":264,\"mime-type\":\"image\\\/jpeg\"},\"semi\":{\"file\":\"201130_LOS_55_Webteaser_Studio3_99Fragen2-580x347.jpg\",\"width\":580,\"height\":347,\"mime-type\":\"image\\\/jpeg\"},\"mobile\":{\"file\":\"201130_LOS_55_Webteaser_Studio3_99Fragen2-720x431.jpg\",\"width\":720,\"height\":431,\"mime-type\":\"image\\\/jpeg\"},\"hd\":{\"file\":\"201130_LOS_55_Webteaser_Studio3_99Fragen2-1280x767.jpg\",\"width\":1280,\"height\":767,\"mime-type\":\"image\\\/jpeg\"},\"full\":{\"file\":\"201130_LOS_55_Webteaser_Studio3_99Fragen2-1920x1150.jpg\",\"width\":1920,\"height\":1150,\"mime-type\":\"image\\\/jpeg\"},\"1536x1536\":{\"file\":\"201130_LOS_55_Webteaser_Studio3_99Fragen2-1536x920.jpg\",\"width\":1536,\"height\":920,\"mime-type\":\"image\\\/jpeg\"},\"original\":{\"file\":\"201130_LOS_55_Webteaser_Studio3_99Fragen2.jpg\",\"width\":2000,\"height\":1198}},\n\t\t\t\t\"alt_d\" : \"Ein Ausstellungsraum mit geneigtem Quadrat, in welchem sich die Zahl \\\"99\\\" und zwei weitere Fotos befinden, in der Mitte\",\n\t\t\t\t\"path_d\" : \"\\\/wp-content\\\/uploads\\\/2020\\\/10\\\/\",\n\t\t\t\t\"autoplay_d\" : null,\n\t\t\t\t\"crop_d\" : {\"top\":\"50.00\",\"left\":\"50.00\"},\n\t\t\t\t\"background_d\" : true,\n\t\t\t\t\"scale_d\" : 2,\n\n\t\t\t\t\"sizes_m\" : [],\n\t\t\t\t\"alt_m\" : null,\n\t\t\t\t\"path_m\" : null,\n\t\t\t\t\"autoplay_m\" : null,\n\t\t\t\t\"crop_m\" : null,\n\t\t\t\t\"background_m\" : true,\n\t\t\t\t\"scale_m\" : 1,\n\n\t\t\t\t\"has_mobile_format\" : false,\n\t\t\t\t\"has_ad\" : false,\n\t\t\t\t\"audio_description_yt\" : null\t\t\t\t}\n\t\t\t<\/script>\n\t\t\t<div class=\"height-container\" style=\"padding-bottom:59.9%;\" v-if=\"sizes\" data-motion-parallax='{\"child\":\".image-wrapper\",\"mask\":\".lazy-media\",\"tween\":{\"yPercent\": [-15,15]}}'>\n\t\t\t\t<lazy-media :inline=\"true\" :scale=\"scale\" :alt=\"alt\" :sizes=\"sizes\" :brightness=\"brightness\" :path=\"path\" :video=\"video\" :autoplay=\"autoplay\" :youtube=\"youtube\" :crop=\"crop\" :youtubelabel=\"youtubelabel\" :background=\"background\" media-id=\"desc_m_69ee689c0ca8b\"><\/lazy-media>\n\t\t\t\t<button class=\"autoplay-audio-description-btn icon-background icon-audio-describtions\" @click=\"audioDescriptionPlay\" v-if=\"hasAudioDescription\" aria-label=\"Audiodeskription aufrufen\"><\/button>\n\t\t\t<\/div>\n\t\t\t\t\t\t<div class=\"lazy-media-info-container-fluid\">\n\t\t\t\t<div class=\"lazy-media-info-row end-xs\">\n\t\t\t\t\t<div class=\"lazy-media-info-col\">\n\t\t\t\t\t\t<div class=\"lazy-media-info\" aria-expanded=\"false\" :aria-expanded=\"isOpen ? 'true' : 'false'\">\n\t\t\t\t\t\t\t<button class=\"lazy-media-info-head button-tiny insignificant\" :class=\"{'button-active': isOpen}\" @click=\"toggle\" ref=\"head\"><span class=\"button-label insignificant\">Bildinfo<\/span><\/button>\n\t\t\t\t\t\t\t<figcaption class=\"lazy-media-info-body\" ref=\"body\" id=\"desc_m_69ee689c0ca8b\">\n\t\t\t\t\t\t\t\t<div class=\"lazy-media-info-body-content\">\n\t\t\t\t\t\t\t\t\t\t\t\t\t\t\t\t\t\t\t\t\t\t\t\t\t\t\t<div class=\"insignificant\">\u00a9 Stiftung Humboldt Forum im Berliner Schloss \/ Collage: Stiftung Humboldt Forum im Berliner Schloss \/ Giuliani | von Giese; Staatliche Museen zu Berlin, Ethnologisches Museum \/ Waltraud Schneider-Sch\u00fctz; Staatliche Museen zu Berlin, Ethnologisches Museum\r\n<\/div>\t\t\t\t\t\t\t\t<\/div>\n\t\t\t\t\t\t\t<\/figcaption>\n\t\t\t\t\t\t\t<div class=\"lazy-media-info-head-border\"><\/div>\n\t\t\t\t\t\t<\/div>\n\t\t\t\t\t<\/div>\n\t\t\t\t<\/div>\n\t\t\t<\/div>\n\t\t\t\t\t<\/figure>\n\t<\/block-header>\n<\/section>\n\n\n<section class=\"block block-anchor-nav\" aria-hidden=\"true\">\n\t<div class=\"container-fluid\">\n\t\t<div class=\"row\">\n\t\t\t<div class=\"col-xs-12 col-md-offset-2 col-md-8\">\n\t\t\t\t<block-anchor-nav inline-template>\n\t\t\t\t\t<div>\n\t\t\t\t\t\t<div class=\"anchor-nav-relative\" :class=\"{'isSticky': sticky}\" ref=\"view\">\n\t\t\t\t\t\t\t<div class=\"anchor-nav-title\" @click=\"toggle\" ref=\"head\">Auf dieser Seite<\/div>\n\t\t\t\t\t\t\t<div class=\"anchor-nav\" ref=\"body\">\n\t\t\t\t\t\t\t\t<ul class=\"anchor-nav-list\">\n\t\t\t\t\t\t\t\t\t\t\t\t\t\t\t\t\t\t\t<li class=\"anchor-nav-list-item\">\n\t\t\t\t\t\t\t\t\t\t\t<button @click=\"select('Das Museum neu denken ')\">\n\t\t\t\t\t\t\t\t\t\t\t\t<span class=\"button-icon icon-bullet_normal\" aria-hidden=\"true\"><\/span>\n\t\t\t\t\t\t\t\t\t\t\t\t<span class=\"button-label\">Das Museum neu denken <\/span>\n\t\t\t\t\t\t\t\t\t\t\t<\/button>\n\t\t\t\t\t\t\t\t\t\t<\/li>\n\t\t\t\t\t\t\t\t\t\t\t\t\t\t\t\t\t\t\t<li class=\"anchor-nav-list-item\">\n\t\t\t\t\t\t\t\t\t\t\t<button @click=\"select('Teilnehmer*innen 2021 und 2022')\">\n\t\t\t\t\t\t\t\t\t\t\t\t<span class=\"button-icon icon-bullet_normal\" aria-hidden=\"true\"><\/span>\n\t\t\t\t\t\t\t\t\t\t\t\t<span class=\"button-label\">Teilnehmer*innen 2021 und 2022<\/span>\n\t\t\t\t\t\t\t\t\t\t\t<\/button>\n\t\t\t\t\t\t\t\t\t\t<\/li>\n\t\t\t\t\t\t\t\t\t\t\t\t\t\t\t\t\t\t\t<li class=\"anchor-nav-list-item\">\n\t\t\t\t\t\t\t\t\t\t\t<button @click=\"select('99 Fragen \u2013 Dialoge')\">\n\t\t\t\t\t\t\t\t\t\t\t\t<span class=\"button-icon icon-bullet_normal\" aria-hidden=\"true\"><\/span>\n\t\t\t\t\t\t\t\t\t\t\t\t<span class=\"button-label\">99 Fragen \u2013 Dialoge<\/span>\n\t\t\t\t\t\t\t\t\t\t\t<\/button>\n\t\t\t\t\t\t\t\t\t\t<\/li>\n\t\t\t\t\t\t\t\t\t\t\t\t\t\t\t\t\t\t\t<li class=\"anchor-nav-list-item\">\n\t\t\t\t\t\t\t\t\t\t\t<button @click=\"select('99 Fragen - Gathering')\">\n\t\t\t\t\t\t\t\t\t\t\t\t<span class=\"button-icon icon-bullet_normal\" aria-hidden=\"true\"><\/span>\n\t\t\t\t\t\t\t\t\t\t\t\t<span class=\"button-label\">99 Fragen &#8211; Gathering<\/span>\n\t\t\t\t\t\t\t\t\t\t\t<\/button>\n\t\t\t\t\t\t\t\t\t\t<\/li>\n\t\t\t\t\t\t\t\t\t\t\t\t\t\t\t\t\t\t\t<li class=\"anchor-nav-list-item\">\n\t\t\t\t\t\t\t\t\t\t\t<button @click=\"select('99 Fragen \u2013 Podcast')\">\n\t\t\t\t\t\t\t\t\t\t\t\t<span class=\"button-icon icon-bullet_normal\" aria-hidden=\"true\"><\/span>\n\t\t\t\t\t\t\t\t\t\t\t\t<span class=\"button-label\">99 Fragen \u2013 Podcast<\/span>\n\t\t\t\t\t\t\t\t\t\t\t<\/button>\n\t\t\t\t\t\t\t\t\t\t<\/li>\n\t\t\t\t\t\t\t\t\t\t\t\t\t\t\t\t\t\t\t<li class=\"anchor-nav-list-item\">\n\t\t\t\t\t\t\t\t\t\t\t<button @click=\"select('99 Fragen \u2013 Residenzen und Workshops')\">\n\t\t\t\t\t\t\t\t\t\t\t\t<span class=\"button-icon icon-bullet_normal\" aria-hidden=\"true\"><\/span>\n\t\t\t\t\t\t\t\t\t\t\t\t<span class=\"button-label\">99 Fragen \u2013 Residenzen und Workshops<\/span>\n\t\t\t\t\t\t\t\t\t\t\t<\/button>\n\t\t\t\t\t\t\t\t\t\t<\/li>\n\t\t\t\t\t\t\t\t\t\t\t\t\t\t\t\t\t<\/ul>\n\t\t\t\t\t\t\t<\/div>\n\t\t\t\t\t\t<\/div>\n\n\t\t\t\t\t\t<div class=\"anchor-nav-accordion\" aria-expanded=\"false\" :class=\"{'isSticky': sticky}\"  :aria-expanded=\"active ? 'true' : 'false'\">\n\t\t\t\t\t\t\t<div class=\"container-fluid\">\n\t\t\t\t\t\t\t\t<div class=\"row\">\n\t\t\t\t\t\t\t\t\t<div class=\"col-xs-12 col-md-offset-2 col-md-8\">\n\t\t\t\t\t\t\t\t\t\t<button class=\"anchor-nav-title\" @click=\"toggle\" ref=\"head\"><span class=\"button-label\">Auf dieser Seite<\/span><span class=\"button-icon icon-arrow_standart\" aria-hidden=\"true\"><\/span><\/button>\n\t\t\t\t\t\t\t\t\t\t<div class=\"anchor-nav\" ref=\"body\">\n\t\t\t\t\t\t\t\t\t\t\t<ul class=\"anchor-nav-list\">\n\t\t\t\t\t\t\t\t\t\t\t\t\t\t\t\t\t\t\t\t\t\t\t\t\t<li class=\"anchor-nav-list-item\">\n\t\t\t\t\t\t\t\t\t\t\t\t\t\t<button @click=\"select('Das Museum neu denken ')\">\n\t\t\t\t\t\t\t\t\t\t\t\t\t\t\t<span class=\"button-icon icon-bullet_normal\" aria-hidden=\"true\"><\/span>\n\t\t\t\t\t\t\t\t\t\t\t\t\t\t\t<span class=\"button-label\">Das Museum neu denken <\/span>\n\t\t\t\t\t\t\t\t\t\t\t\t\t\t<\/button>\n\t\t\t\t\t\t\t\t\t\t\t\t\t<\/li>\n\t\t\t\t\t\t\t\t\t\t\t\t\t\t\t\t\t\t\t\t\t\t\t\t\t<li class=\"anchor-nav-list-item\">\n\t\t\t\t\t\t\t\t\t\t\t\t\t\t<button @click=\"select('Teilnehmer*innen 2021 und 2022')\">\n\t\t\t\t\t\t\t\t\t\t\t\t\t\t\t<span class=\"button-icon icon-bullet_normal\" aria-hidden=\"true\"><\/span>\n\t\t\t\t\t\t\t\t\t\t\t\t\t\t\t<span class=\"button-label\">Teilnehmer*innen 2021 und 2022<\/span>\n\t\t\t\t\t\t\t\t\t\t\t\t\t\t<\/button>\n\t\t\t\t\t\t\t\t\t\t\t\t\t<\/li>\n\t\t\t\t\t\t\t\t\t\t\t\t\t\t\t\t\t\t\t\t\t\t\t\t\t<li class=\"anchor-nav-list-item\">\n\t\t\t\t\t\t\t\t\t\t\t\t\t\t<button @click=\"select('99 Fragen \u2013 Dialoge')\">\n\t\t\t\t\t\t\t\t\t\t\t\t\t\t\t<span class=\"button-icon icon-bullet_normal\" aria-hidden=\"true\"><\/span>\n\t\t\t\t\t\t\t\t\t\t\t\t\t\t\t<span class=\"button-label\">99 Fragen \u2013 Dialoge<\/span>\n\t\t\t\t\t\t\t\t\t\t\t\t\t\t<\/button>\n\t\t\t\t\t\t\t\t\t\t\t\t\t<\/li>\n\t\t\t\t\t\t\t\t\t\t\t\t\t\t\t\t\t\t\t\t\t\t\t\t\t<li class=\"anchor-nav-list-item\">\n\t\t\t\t\t\t\t\t\t\t\t\t\t\t<button @click=\"select('99 Fragen - Gathering')\">\n\t\t\t\t\t\t\t\t\t\t\t\t\t\t\t<span class=\"button-icon icon-bullet_normal\" aria-hidden=\"true\"><\/span>\n\t\t\t\t\t\t\t\t\t\t\t\t\t\t\t<span class=\"button-label\">99 Fragen &#8211; Gathering<\/span>\n\t\t\t\t\t\t\t\t\t\t\t\t\t\t<\/button>\n\t\t\t\t\t\t\t\t\t\t\t\t\t<\/li>\n\t\t\t\t\t\t\t\t\t\t\t\t\t\t\t\t\t\t\t\t\t\t\t\t\t<li class=\"anchor-nav-list-item\">\n\t\t\t\t\t\t\t\t\t\t\t\t\t\t<button @click=\"select('99 Fragen \u2013 Podcast')\">\n\t\t\t\t\t\t\t\t\t\t\t\t\t\t\t<span class=\"button-icon icon-bullet_normal\" aria-hidden=\"true\"><\/span>\n\t\t\t\t\t\t\t\t\t\t\t\t\t\t\t<span class=\"button-label\">99 Fragen \u2013 Podcast<\/span>\n\t\t\t\t\t\t\t\t\t\t\t\t\t\t<\/button>\n\t\t\t\t\t\t\t\t\t\t\t\t\t<\/li>\n\t\t\t\t\t\t\t\t\t\t\t\t\t\t\t\t\t\t\t\t\t\t\t\t\t<li class=\"anchor-nav-list-item\">\n\t\t\t\t\t\t\t\t\t\t\t\t\t\t<button @click=\"select('99 Fragen \u2013 Residenzen und Workshops')\">\n\t\t\t\t\t\t\t\t\t\t\t\t\t\t\t<span class=\"button-icon icon-bullet_normal\" aria-hidden=\"true\"><\/span>\n\t\t\t\t\t\t\t\t\t\t\t\t\t\t\t<span class=\"button-label\">99 Fragen \u2013 Residenzen und Workshops<\/span>\n\t\t\t\t\t\t\t\t\t\t\t\t\t\t<\/button>\n\t\t\t\t\t\t\t\t\t\t\t\t\t<\/li>\n\t\t\t\t\t\t\t\t\t\t\t\t\t\t\t\t\t\t\t\t\t\t\t<\/ul>\n\t\t\t\t\t\t\t\t\t\t<\/div>\n\t\t\t\t\t\t\t\t\t<\/div>\n\t\t\t\t\t\t\t\t<\/div>\n\t\t\t\t\t\t\t<\/div>\n\t\t\t\t\t\t<\/div>\n\t\t\t\t\t<\/div>\n\t\t\t\t<\/block-anchor-nav>\n\t\t\t<\/div>\n\t\t<\/div>\n\t<\/div>\n<\/section>\n\n<section class=\"block block-headline block-no-margin \"  id='das-museum-neu-denken' data-anchor='Das Museum neu denken'>\n\t<div class=\"container-fluid\">\n\t\t<div class=\"row\">\n\t\t\t\t\t\t\t<div class=\"col-xs-12 col-md-offset-2 col-md-8\">\n\t\t\t\t\t<div class=\"box\">\n\t\t\t\t\t\t<h2 class=\".h4\">Das Museum neu denken <\/h2>\n\t\t\t\t\t<\/div>\n\t\t\t\t<\/div>\n\t\t\t\t\t<\/div>\n\t<\/div>\n<\/section>\n\n\n\n\n<section class=\"block block-copy\" >\n    <div class=\"container-fluid\">\n\t\t<div class=\"row \">\n            <div class=\"col-xs-12 col-md-offset-2 col-md-8\">\n                <div class=\"box\">\n                    <div class=\"copy\"><p><em>99 Fragen<\/em>\u00a0im Humboldt Forum kombiniert verschiedene Formate von Dialogen, thematischen Podcasts, Workshops und Residenzen. In Anbetracht der historischen und gegenw\u00e4rtigen Auswirkungen des Kolonialismus beleuchtet die Reihe Fragen zu vergangenen und zu zuk\u00fcnftigen musealen Praktiken.<\/p>\n<p>Seit der Er\u00f6ffnung der Ausstellungen der <a href=\"https:\/\/www.humboldtforum.org\/de\/programm\/dauerangebot\/ausstellung\/dauerangebot\/ethnologische-sammlungen-und-asiatische-kunst-15924\/\">Staatlichen Museen zu Berlin<\/a> werden im Humboldt Forum zahlreiche Objekte gezeigt, die w\u00e4hrend des Kolonialismus unter oft asymmetrischen Machtverh\u00e4ltnissen, teils auch gewaltsam, nach Europa gelangt sind. Die Objekte, die zahlreiche Bedeutungen in sich tragen, sind durch ihre Pr\u00e4senz in Museen ein Symbol f\u00fcr eine Ausl\u00f6schung von Wissen, Sprachen und Praktiken. Ferner stehen sie f\u00fcr einen Kontext von Ungerechtigkeit und Gewalt \u2013 sowohl in der Vergangenheit als auch in der Gegenwart. Die verschiedenen <em>99 Fragen<\/em> Formate zielen darauf ab, die Werte und Grundlagen von Museen, insbesondere von ethnologischen Museen und ihren kolonialen Verflechtungen, kritisch zu betrachten.<\/p>\n<p>Gemeinsam mit unterschiedlichen Expert*innen wirft\u00a0<em>99 Fragen\u00a0<\/em>weitere Fragen zum sich wandelnden Umgang mit dem Verst\u00e4ndnis von Sammlungen, Repr\u00e4sentationen, Sprachen und Epistemologien, Wissensformen und Teilhabe von Gemeinschaften auf.\u202fIn ihrer Kombination, streben die verschiedenen Formate danach <em>ecologies of knowledges <\/em>(\u201eWissens\u00f6kologien\u201c) hervorzuheben und einen Raum f\u00fcr ein kollektives Lernen und Ver\u00e4nderung zu schaffen.<\/p>\n<\/div>\n                <\/div>\n            <\/div>\n\t\t<\/div>\n\t\t    <\/div>\n<\/section>\n\n<section class=\"block block-headline block-no-margin \"  id='teilnehmer-innen-2021-und-2022' data-anchor='Teilnehmer*innen 2021 und 2022'>\n\t<div class=\"container-fluid\">\n\t\t<div class=\"row\">\n\t\t\t\t\t\t\t<div class=\"col-xs-12 col-md-offset-2 col-md-8\">\n\t\t\t\t\t<div class=\"box\">\n\t\t\t\t\t\t<h2 class=\".h4\">Teilnehmer*innen 2021 und 2022<\/h2>\n\t\t\t\t\t<\/div>\n\t\t\t\t<\/div>\n\t\t\t\t\t<\/div>\n\t<\/div>\n<\/section>\n\n\n\n\n\n<section class=\"block block-accordion\">\n\t<div class=\"container-fluid\">\n\t\t<div class=\"row\">\n\t\t\t<div class=\"col-xs-12 col-md-offset-2 col-md-8\">\n\t\t\t\t<div class=\"box\">\n\t\t\t\t\t\t\t\t\t\t\t<block-accordion inline-template>\n\t\t\t\t\t\t\t<div class=\"accordion\">\n\t\t\t\t\t\t\t\t\t\t\t\t\t\t\t<block-accordion-item inline-template item-headline=\"Teilnehmer*innen 2021 und 2022\">\n\t\t\t\t\t\t\t\t<div ref=\"item\" data-id=\"Teilnehmerinnen2021und2022\" class=\"block-accordion-item vue-initialize\" aria-expanded=\"false\" :aria-expanded=\"active ? 'true' : 'false'\">\n\t\t\t\t\t\t\t\t\t<button class=\"accordion-button-with-icon block-accordion-item-head\" :class=\"{'button-active': active}\" ref=\"head\" aria-controls=\"acc_69ee689c181f3\" id=\"acc_title_69ee689c181f8\" @click=\"toggle\" @keydown=\"key\">\n\t\t\t\t\t\t\t\t\t<div><span class=\"button-label\">Teilnehmer*innen 2021 und 2022<\/span><\/div><span class=\"button-icon icon-plus\" aria-hidden=\"true\"><\/span>\n\t\t\t\t\t\t\t\t<\/button>\n\t\t\t\t\t\t\t\t\t<div ref=\"body\" class=\"block-accordion-item-content\" id=\"acc_69ee689c181f3\" role=\"region\">\n\t\t\t\t\t\t\t\t\t\t<div class=\"wrapper copy\">\n\t\t\t\t\t\t\t\t\t\t\t<p>Ein herzlicher Dank geht an die vielen Teilnehmer*innen, die einen Beitrag zu <em>99 Fragen<\/em> geleistet haben, und ohne die unsere Formate nicht m\u00f6glich gewesen w\u00e4ren:<\/p>\n<p>Amber Aranui, Wiebke Ahrndt, Morehshin Allahyari, Jason Allen-Paisant, Eliza Apperly,\u00a0Ash Baccus-Clark,\u00a0Kathleen Bomani, Tegan Bristow, Jim Chuchu, Evelien Campfens, Malcom Ferdinand, Osaisonor Godfrey Ekhator-Obogie, Macarena G\u00f3mez-Barris, Ana Mar\u00eda G\u00f3mez L\u00f3pez, Bernhard Heeb, Flavia Heins, Emmanuel Kasarh\u00e9rou, Naazima Kamardeen, Wandile Kasibe Feven Keleta, Lars-Christian Koch, Miranda Lowe, Sima Luipert, Anne Luther, Sharon Macdonald, Janet Marstine Nandiuasora Mazeingo, Hadji Malick Ndiaye, Molemo Moiloa, Minakshi Menon,\u00a0Mpho Matsipa, Njoki Ngumi, Temi Odumosu, Prasanna Oommen, Alexis Th. von Poser, Ciraj Rassool, Viola Rosenau, Zo\u00e9 Samudzi, Lethabo Sekhu, Boaventura de Sousa Santos, Chao Tayiana Maina, Winani Thebele, Sabine Tschorn<\/p>\n<p>&nbsp;<\/p>\n\n\t\t\t\t\t\t\t\t\t\t\t\t\t\t\t\t\t\t\t\t\t\t\t\t\t\t\t\t\t\t\t\t\t\n\t\t\t\t\t\t\t\t\t\t\t<div class=\"row\">\n\t\t\t\t\t\t\t\t\t\t\t\t<div class=\"col-xs-9 col-md-9\">\n\t\t\t\t\t\t\t\t\t\t\t\t\t<div class=\"box\">\n\t\t\t\t\t\t\t\t\t\t\t\t\t\t\t\t\t\t\t\t\t\t\t\t\t\t\t<\/div>\n\t\t\t\t\t\t\t\t\t\t\t\t<\/div>\n\t\t\t\t\t\t\t\t\t\t\t<\/div>\n\n\t\t\t\t\t\t\t\t\t\t\t\t\t\t\t\t\t\t\t\t\t<\/div>\n\t\t\t\t\t\t\t\t\t<\/div>\n\t\t\t\t\t\t\t\t<\/div>\n\t\t\t\t\t\t\t\t<\/block-accordion-item>\n\t\t\t\t\t\t\t\t\t\t\t\t\t<\/div>\n\t\t\t\t\t\t<\/block-accordion>\n\t\t\t\t\t\t\t\t\t<\/div>\n\t\t\t<\/div>\n\t\t<\/div>\n\t<\/div>\n<\/section>\n\n\n<section class=\"block block-headline block-no-margin \"  id='99-fragen-dialoge' data-anchor='99 Fragen \u2013 Dialoge'>\n\t<div class=\"container-fluid\">\n\t\t<div class=\"row\">\n\t\t\t\t\t\t\t<div class=\"col-xs-12 col-md-offset-2 col-md-8\">\n\t\t\t\t\t<div class=\"box\">\n\t\t\t\t\t\t<h2 class=\".h4\">99 Fragen \u2013 Dialoge<\/h2>\n\t\t\t\t\t<\/div>\n\t\t\t\t<\/div>\n\t\t\t\t\t<\/div>\n\t<\/div>\n<\/section>\n\n\n\n\n<section class=\"block block-copy block-no-margin\" >\n    <div class=\"container-fluid\">\n\t\t<div class=\"row \">\n            <div class=\"col-xs-12 col-md-offset-2 col-md-8\">\n                <div class=\"box\">\n                    <div class=\"copy\"><p><em>99 Fragen Dialoge<\/em> ist ein diskursives und dialogisches Format. In monatlichen Dialogen werden verschiedenen Gespr\u00e4chsteilnehmer*innen und Diskutant*innen eingeladen. Die Veranstaltungen finden als Livestream statt und sind daraufhin als Aufzeichnung auf YouTube und unserer Website abrufbar.<\/p>\n<p>&nbsp;<\/p>\n<\/div>\n                <\/div>\n            <\/div>\n\t\t<\/div>\n\t\t    <\/div>\n<\/section>\n\n\n<section class=\"block block-accordion\">\n\t<div class=\"container-fluid\">\n\t\t<div class=\"row\">\n\t\t\t<div class=\"col-xs-12 col-md-offset-2 col-md-8\">\n\t\t\t\t<div class=\"box\">\n\t\t\t\t\t\t\t\t\t\t\t<block-accordion inline-template>\n\t\t\t\t\t\t\t<div class=\"accordion\">\n\t\t\t\t\t\t\t\t\t\t\t\t\t\t\t<block-accordion-item inline-template item-headline=\"Dialoge 2021\">\n\t\t\t\t\t\t\t\t<div ref=\"item\" data-id=\"Dialoge2021\" class=\"block-accordion-item vue-initialize\" aria-expanded=\"false\" :aria-expanded=\"active ? 'true' : 'false'\">\n\t\t\t\t\t\t\t\t\t<button class=\"accordion-button-with-icon block-accordion-item-head\" :class=\"{'button-active': active}\" ref=\"head\" aria-controls=\"acc_69ee689c266f9\" id=\"acc_title_69ee689c266fb\" @click=\"toggle\" @keydown=\"key\">\n\t\t\t\t\t\t\t\t\t<div><span class=\"button-label\">Dialoge 2021<\/span><\/div><span class=\"button-icon icon-plus\" aria-hidden=\"true\"><\/span>\n\t\t\t\t\t\t\t\t<\/button>\n\t\t\t\t\t\t\t\t\t<div ref=\"body\" class=\"block-accordion-item-content\" id=\"acc_69ee689c266f9\" role=\"region\">\n\t\t\t\t\t\t\t\t\t\t<div class=\"wrapper copy\">\n\t\t\t\t\t\t\t\t\t\t\t<p>Im Jahr 2021, inmitten der Pandemie, begannen die Gespr\u00e4che der Dialogreihe digital. Die erste Veranstaltung <a href=\"https:\/\/www.humboldtforum.org\/de\/programm\/termin\/diskurs\/status-quo-14182\/\">Status Quo<\/a> war einem kritischen Verst\u00e4ndnis von kolonialen Geschichten und ihren Auswirkungen gewidmet. Der anschlie\u00dfende Dialog <a href=\"https:\/\/www.humboldtforum.org\/de\/programm\/termin\/diskurs\/spurensuche-wohin-21567\/\">Spurensuche Wohin?<\/a> befasste sich mit dem Ziel vieler Museen kollaborative Ans\u00e4tze in Provenienzforschung und kuratorischer Praxis zu finden. Die darauffolgende Veranstaltung <a href=\"https:\/\/www.humboldtforum.org\/de\/programm\/termin\/diskurs\/wir-reden-ueber-menschen-23472\/\">Wir reden \u00fcber Menschen<\/a> nahm die Notwendigkeit in den Blick einen Ansatz zu entwickeln, um sich mit <em>sensitive heritages (\u201e<\/em>sensibles Erbe\u201c), wie beispielsweise <em>ancestral remains <\/em>(\u201eGebeine von Vorfahren\u201c), auseinanderzusetzen. Dar\u00fcber hinaus wurde die Dringlichkeit thematisiert, neue Beziehungen mit unterrepr\u00e4sentierten Gruppen und Gemeinschaften zu identifizieren und etablieren. Die Notwendigkeit eines neuen Vokabulars in Bezug auf Restitutionen wurden im Dialog <a href=\"https:\/\/www.humboldtforum.org\/de\/programm\/termin\/diskurs\/recht-und-gerechtigkeit-33503\/\">Recht und Gerechtigkeit<\/a> betont, indem die Konzepte von <em>restorative justice <\/em>(\u201ewiederherstellende Gerechtigkeit\u201c) und <em>Third World Approach to International Law <\/em>(\u201eDritte Welt Ansatz im V\u00f6lkerrecht\u201c) vorgestellt wurden. Die letzte Unterhaltung im Jahr 2021 konzentrierte sich unter dem Titel <a href=\"https:\/\/www.humboldtforum.org\/de\/programm\/termin\/diskurs\/decoding-the-museum-34689\/\">Decoding the Museum<\/a> auf den anhaltenden und oft unhinterfragten Vorgang der Digitalisierung von Sammlungen. Dabei wurden besonders die Rolle von voreingenommen Algorithmen und der Fortf\u00fchrung gewaltsamer Repr\u00e4sentationsformen diskutiert.<\/p>\n\n\t\t\t\t\t\t\t\t\t\t\t\t\t\t\t\t\t\t\t\t\t\t\t\t\t\t\t\t\t\t\t\t\t\n\t\t\t\t\t\t\t\t\t\t\t<div class=\"row\">\n\t\t\t\t\t\t\t\t\t\t\t\t<div class=\"col-xs-9 col-md-9\">\n\t\t\t\t\t\t\t\t\t\t\t\t\t<div class=\"box\">\n\t\t\t\t\t\t\t\t\t\t\t\t\t\t\t\t\t\t\t\t\t\t\t\t\t\t\t<\/div>\n\t\t\t\t\t\t\t\t\t\t\t\t<\/div>\n\t\t\t\t\t\t\t\t\t\t\t<\/div>\n\n\t\t\t\t\t\t\t\t\t\t\t\t\t\t\t\t\t\t\t\t\t<\/div>\n\t\t\t\t\t\t\t\t\t<\/div>\n\t\t\t\t\t\t\t\t<\/div>\n\t\t\t\t\t\t\t\t<\/block-accordion-item>\n\t\t\t\t\t\t\t\t\t\t\t\t\t\t<block-accordion-item inline-template item-headline=\"Dialoge 2022\">\n\t\t\t\t\t\t\t\t<div ref=\"item\" data-id=\"Dialoge2022\" class=\"block-accordion-item vue-initialize\" aria-expanded=\"false\" :aria-expanded=\"active ? 'true' : 'false'\">\n\t\t\t\t\t\t\t\t\t<button class=\"accordion-button-with-icon block-accordion-item-head\" :class=\"{'button-active': active}\" ref=\"head\" aria-controls=\"acc_69ee689c26b27\" id=\"acc_title_69ee689c26b29\" @click=\"toggle\" @keydown=\"key\">\n\t\t\t\t\t\t\t\t\t<div><span class=\"button-label\">Dialoge 2022<\/span><\/div><span class=\"button-icon icon-plus\" aria-hidden=\"true\"><\/span>\n\t\t\t\t\t\t\t\t<\/button>\n\t\t\t\t\t\t\t\t\t<div ref=\"body\" class=\"block-accordion-item-content\" id=\"acc_69ee689c26b27\" role=\"region\">\n\t\t\t\t\t\t\t\t\t\t<div class=\"wrapper copy\">\n\t\t\t\t\t\t\t\t\t\t\t<p>Im Jahr 2022 wurde die Reihe mit <a href=\"https:\/\/www.humboldtforum.org\/de\/programm\/termin\/diskurs\/gardens-of-empire-37996\/\">Gardens of Empire<\/a> und <a href=\"https:\/\/www.humboldtforum.org\/de\/programm\/termin\/diskurs\/dekoloniale-oekologie-39297\/\">(De)Koloniale \u00d6kologie<\/a> fortgef\u00fchrt. Inhaltlich befassten sich die Gespr\u00e4che mit dem kolonialen Erbe in den Naturwissenschaften und wie es Museen, Archive und Sammlungen durchdringt. Die zweite Veranstaltung wurde zus\u00e4tzlich von Jason Allen-Paisants Gedichten aus dem Band <em>Thinking with<\/em> <em>Trees<\/em> gerahmt. Die Ethik von Beziehungen in ihren Praktiken und Prinzipien wurde in der n\u00e4chsten Veranstaltung unter dem Namen <a href=\"https:\/\/www.humboldtforum.org\/de\/programm\/termin\/gespraech\/neue-verbindungen-40024\/\">Neue Verbindungen<\/a> eingeleitet. Insbesondere sind\u00a0Kulturinstitutionen und Museen herausgefordert im Umgang mit kolonialen Kontinuit\u00e4ten,\u00a0ein\u00a0ethisches Verst\u00e4ndnis zu entwickeln, wie neue Beziehungen\u00a0gestaltet werden k\u00f6nnen. In seinem Vortrag <a href=\"https:\/\/www.humboldtforum.org\/de\/programm\/termin\/diskurs\/decolonizing-history-41641\/\">Dekolonisierung der Geschichte<\/a> sprach Boaventura de Sousa Santos dar\u00fcber, dass Geschichte keine vereinzelte Erz\u00e4hlung \u00fcber eine Vergangenheit ist, sondern eine Verflechtung von unterschiedlichen miteinander verkn\u00fcpften Begebenheiten.<\/p>\n<p>Im Anschluss an die Veranstaltung im April zu dem Thema der Ethik von Beziehungen konnten sich Studierende der Cape Town University und der Universidade Federal do Estado do Rio de Janeiro in mehreren Workshops weiterf\u00fchrend mit ethischen Beziehungen besch\u00e4ftigen und werden ihre Erkenntnisse in der Juni Veranstaltung Neues Museum, neue Ethik pr\u00e4sentieren.<\/p>\n\n\t\t\t\t\t\t\t\t\t\t\t\t\t\t\t\t\t\t\t\t\t\t\t\t\t\t\t\t\t\t\t\t\t\n\t\t\t\t\t\t\t\t\t\t\t<div class=\"row\">\n\t\t\t\t\t\t\t\t\t\t\t\t<div class=\"col-xs-9 col-md-9\">\n\t\t\t\t\t\t\t\t\t\t\t\t\t<div class=\"box\">\n\t\t\t\t\t\t\t\t\t\t\t\t\t\t\t\t\t\t\t\t\t\t\t\t\t\t\t<\/div>\n\t\t\t\t\t\t\t\t\t\t\t\t<\/div>\n\t\t\t\t\t\t\t\t\t\t\t<\/div>\n\n\t\t\t\t\t\t\t\t\t\t\t\t\t\t\t\t\t\t\t\t\t<\/div>\n\t\t\t\t\t\t\t\t\t<\/div>\n\t\t\t\t\t\t\t\t<\/div>\n\t\t\t\t\t\t\t\t<\/block-accordion-item>\n\t\t\t\t\t\t\t\t\t\t\t\t\t<\/div>\n\t\t\t\t\t\t<\/block-accordion>\n\t\t\t\t\t\t\t\t\t<\/div>\n\t\t\t<\/div>\n\t\t<\/div>\n\t<\/div>\n<\/section>\n\n\n<section class=\"block block-teaser col-lane \" style=\"\">\n\t<lazy-component :fixed-min-height=\"400\">\n\t\n\t\t\t\t\t<teaser-lane-with-buttons inline-template tracking-label=\"\">\n\t\t\t\t<div class=\"teaser-lane-with-buttons\">\n\t\t\t\t\t<div class=\"container-fluid\">\n\t\t\t\t\t\t<div class=\"row bottom-xs\">\n\t\t\t\t\t\t\t<div class=\"col-xs-12 col-md-8\">\n\t\t\t\t\t\t\t\t\t\t\t\t\t\t\t\t\t\t\t\t\t\t\t\t\t\t<p class=\"Teaser-copy margin-bottom-sixth\">Livestreams und Aufzeichnungen<\/p>\t\t\t\t\t\t\t\t\t\t\t\t\t\t\t<\/div>\n\t\t\t\t\t\t\t<div class=\"col-xs-12 col-md-4 start-xs end-md margin-bottom-sixth teaser-lane-buttons-wrapper \">\n\t\t\t\t\t\t\t\t\t\t\t\t\t\t\t\t<teaser-lane-buttons :visible_prev=\"visible_prev\" :visible_next=\"visible_next\" @prev=\"prev\" @next=\"next\"><\/teaser-lane-buttons>\n\t\t\t\t\t\t\t<\/div>\n\t\t\t\t\t\t<\/div>\n\t\t\t\t\t<\/div>\n\t\t\t\t\t<div class=\"teaser-lane-wrapper\">\n\t\t\t\t\t\t<ul class=\"teaser-lane\">\n\t\t\t\t\t\t\t\t\t\t\t\t\t\t<li class=\"teaser-lane-slide col-xs-9 col-sm-4 col-md-3 teaser-wrapper col-padding-remove\">\n\t<calendarteaser key=\"432189578\" rawitem='{&quot;postId&quot;:43218,&quot;title&quot;:&quot;Ethik neu denken, Museen neu denken&quot;,&quot;excerpt&quot;:&quot;&quot;,&quot;slug&quot;:&quot;new-ethics-new-museums&quot;,&quot;post_date&quot;:&quot;2022-05-18T12:07&quot;,&quot;type&quot;:&quot;event&quot;,&quot;permalink&quot;:&quot;https:\\\/\\\/www.humboldtforum.org\\\/de\\\/programm\\\/termin\\\/diskurs\\\/new-ethics-new-museums-43218\\\/&quot;,&quot;genre&quot;:[392],&quot;genre_details&quot;:[{&quot;text&quot;:&quot;Diskurs&quot;,&quot;id&quot;:392,&quot;icon&quot;:null,&quot;parent&quot;:0}],&quot;digital&quot;:[742],&quot;digital_details&quot;:[{&quot;text&quot;:&quot;Livestream&quot;,&quot;id&quot;:742,&quot;icon&quot;:null,&quot;parent&quot;:0}],&quot;topic&quot;:[782],&quot;topic_details&quot;:[{&quot;text&quot;:&quot;Kolonialismus und Kolonialit\\u00e4t&quot;,&quot;id&quot;:782,&quot;icon&quot;:null,&quot;parent&quot;:0}],&quot;stakeholder&quot;:[382],&quot;stakeholder_details&quot;:[{&quot;text&quot;:&quot;Stiftung Humboldt Forum im Berliner Schloss&quot;,&quot;id&quot;:382,&quot;icon&quot;:null,&quot;parent&quot;:0}],&quot;targetgroup&quot;:[383],&quot;targetgroup_details&quot;:[{&quot;text&quot;:&quot;Erwachsene&quot;,&quot;id&quot;:383,&quot;icon&quot;:null,&quot;parent&quot;:0}],&quot;language&quot;:[384,385],&quot;language_details&quot;:[{&quot;text&quot;:&quot;Deutsch&quot;,&quot;id&quot;:384,&quot;icon&quot;:null,&quot;parent&quot;:0},{&quot;text&quot;:&quot;Englisch&quot;,&quot;id&quot;:385,&quot;icon&quot;:null,&quot;parent&quot;:0}],&quot;icon_overwrite&quot;:&quot;&quot;,&quot;acf&quot;:{&quot;hashtag&quot;:&quot;HumboldtForum&quot;,&quot;noindex&quot;:false,&quot;keywords&quot;:&quot;&quot;,&quot;shorturl&quot;:&quot;&quot;,&quot;times&quot;:[],&quot;planning&quot;:{&quot;price&quot;:&quot;Kostenfreie Online-Veranstaltung&quot;,&quot;admission&quot;:&quot;&quot;,&quot;pause&quot;:&quot;&quot;,&quot;duration&quot;:&quot;90&quot;},&quot;additional_info&quot;:{&quot;icon&quot;:&quot;icon-contact&quot;,&quot;text&quot;:&quot;Veranstaltung auf Englisch mit Simultan\\u00fcbersetzung ins Deutsche&quot;},&quot;highlight_header&quot;:false,&quot;featured_images&quot;:[43219],&quot;use_video_in_teasers&quot;:false,&quot;hyphenation&quot;:false,&quot;tipp&quot;:false,&quot;alert_text&quot;:&quot;Aufzeichnung&quot;,&quot;joker&quot;:true,&quot;live&quot;:false,&quot;hide_event_in_program&quot;:false,&quot;belongsto&quot;:[14188],&quot;subline&quot;:&quot;Student*innen der Cape Town University und der Universidade Federal do Estado do Rio de Janeiro denken gemeinsam \\u00fcber eine neue Ethik der kuratorischen Praxis in Museen nach&quot;},&quot;date&quot;:{&quot;NX&quot;:null,&quot;NXX&quot;:null,&quot;NLAST&quot;:&quot;202206131500&quot;,&quot;from_DATE&quot;:&quot;20220613 19:00&quot;,&quot;from&quot;:1655132400,&quot;to&quot;:1655132400,&quot;to_DATE&quot;:&quot;20220613 19:00&quot;,&quot;from_HRFSHORT&quot;:&quot;13. Jun 2022&quot;,&quot;from_HRFSHORT_WD&quot;:&quot;Mo 13.06.2022&quot;,&quot;to_HRFSHORT&quot;:&quot;13. Jun 2022&quot;,&quot;to_HRFSHORT_WD&quot;:&quot;Mo 13.06.2022&quot;,&quot;from_HRF&quot;:&quot;Mo, 13. Juni 2022&quot;,&quot;to_HRF&quot;:&quot;Mo, 13. Juni 2022&quot;,&quot;from_to_HRF&quot;:&quot;Mo, 13. Juni \\u2013 Mo, 13. Juni 2022&quot;,&quot;from_to_HRFSHORT&quot;:&quot;13. Jun \\u2013 13. Jun 2022&quot;},&quot;alert&quot;:&quot;Aufzeichnung&quot;,&quot;partof&quot;:[14188],&quot;marketing_topic&quot;:{&quot;title&quot;:&quot;99 Fragen&quot;,&quot;ID&quot;:14188,&quot;reason&quot;:&quot;sequence&quot;}}' inline-template>\n\t<a href=\"https:\/\/www.humboldtforum.org\/de\/programm\/termin\/diskurs\/new-ethics-new-museums-43218\/\" class=\"teaser teaser-event teaser-event-standard\">\n\t\t<div class=\"row\">\n\t\t\t<div class=\"col-xs-12 teaser-event-image\">\n\t\t\t\t<div class=\"teaser-image teaser-image-no-alternate\">\n\t\t\t\t\t\t\t\t\t\t\t\t\t<span class=\"alert\">Aufzeichnung<\/span>\n\t\t\t\t\t\t\t\t\t\t\t\n\t<lazy-media-inline inline-template>\n\t\t<figure itemscope itemtype=\"http:\/\/schema.org\/ImageObject\" class=\"lazy-media-inline \" role=\"group\" id=\"media_69ee689c67a9c\" aria-labelledby=\"desc_media_69ee689c67a9c\">\n\t\t\t<script type=\"application\/json\" ref=\"data\">\n\t\t\t\t{\n\t\t\t\t\"sizes\" : {\"medium\":{\"file\":\"SHF_eb00136165-300x169.jpg\",\"width\":300,\"height\":169,\"mime-type\":\"image\\\/jpeg\"},\"large\":{\"file\":\"SHF_eb00136165-1024x577.jpg\",\"width\":1024,\"height\":577,\"mime-type\":\"image\\\/jpeg\"},\"thumbnail\":{\"file\":\"SHF_eb00136165-150x150.jpg\",\"width\":150,\"height\":150,\"mime-type\":\"image\\\/jpeg\"},\"medium_large\":{\"file\":\"SHF_eb00136165-768x433.jpg\",\"width\":768,\"height\":433,\"mime-type\":\"image\\\/jpeg\"},\"small\":{\"file\":\"SHF_eb00136165-440x248.jpg\",\"width\":440,\"height\":248,\"mime-type\":\"image\\\/jpeg\"},\"semi\":{\"file\":\"SHF_eb00136165-580x327.jpg\",\"width\":580,\"height\":327,\"mime-type\":\"image\\\/jpeg\"},\"mobile\":{\"file\":\"SHF_eb00136165-720x406.jpg\",\"width\":720,\"height\":406,\"mime-type\":\"image\\\/jpeg\"},\"hd\":{\"file\":\"SHF_eb00136165-1280x721.jpg\",\"width\":1280,\"height\":721,\"mime-type\":\"image\\\/jpeg\"},\"1536x1536\":{\"file\":\"SHF_eb00136165-1536x865.jpg\",\"width\":1536,\"height\":865,\"mime-type\":\"image\\\/jpeg\"},\"original\":{\"file\":\"SHF_eb00136165.jpg\",\"width\":1640,\"height\":924}},\n\t\t\t\t\"alt\" : \"Grafik mit abstrakten Mustern, Kunstwerken, einer Vase und symbolischen Elementen auf rosa Hintergrund.\",\n\t\t\t\t\"path\" : \"\\\/wp-content\\\/uploads\\\/2022\\\/05\\\/\",\n\t\t\t\t\"video\" : null,\n\t\t\t\t\"autoplay\" : null,\n\t\t\t\t\"youtube\" : null,\n\t\t\t\t\"youtubelabel\" : \"Video abspielen\",\n\t\t\t\t\"brightness\" : 100,\n\t\t\t\t\"crop\" : null,\n\t\t\t\t\"background\" : true,\n\t\t\t\t\"scale\" : 1\t\t\t\t}\n\t\t\t<\/script>\n\n\t\t\t<div class=\"height-container\" style=\"padding-bottom:56.341463414634%;\" v-if=\"sizes\">\n\t\t\t\t\t\t\t\t<lazy-media :inline=\"true\" :alt=\"alt\" :sizes=\"sizes\" :scale=\"scale\" :brightness=\"brightness\" :path=\"path\" :video=\"video\" :autoplay=\"autoplay\" :youtube=\"youtube\" :crop=\"crop\" :youtubelabel=\"youtubelabel\" :background=\"background\" media-id=\"desc_media_69ee689c67a9c\"><\/lazy-media>\n\t\t\t\t\t\t\t<\/div>\n\n\t\t\t\t\t\t\t<figcaption class=\"sr-only\" ref=\"body\" id=\"desc_media_69ee689c67a9c\">\n\t\t\t\t\t\t\t\t\t\t\t\t\t\t\t\t<div>New Ethics, New Museums <\/div>\n\t\t\t\t\t\t\t\t\t\t\t\t\t\t\t\t<div class=\"insignificant\">\u00a9 Collage for the workshop \u201eNew Ethics, New Museums\u201c. Copyright: Samie Blasingame <\/div>\n\t\t\t\t\t\t\t\t\t<\/figcaption>\n\t\t\t\t\t<\/figure>\n\t<\/lazy-media-inline>\n\t\t\t\t<\/div>\n\t\t\t<\/div>\n\t\t\t<div class=\"col-xs-12 teaser-event-text Infos\">\n\t\t\t\t<div class=\"teaser-event-standard-text\">\n\t\t\t\t\t<div class=\"margin-bottom-atom\">\n\t\t\t\t\t\t<div class=\"subline clamp-1\" v-html=\"maingenre\"><\/div>\n\t\t\t\t\t\t\t\t\t\t\t\t\t<div class=\"insignificant clamp-2\">99 Fragen<\/div>\n\t\t\t\t\t\t\t\t\t\t\t<\/div>\n\t\t\t\t\n\t\t\t\t\t<strong class=\"margin-bottom-atom\">Ethik neu denken, Museen neu denken<\/strong>\n\n\t\t\t\t\t\t\t\t\t\t\t<div class=\"\">Student*innen der Cape Town University und der Universidade Federal do Estado do Rio de Janeiro denken gemeinsam \u00fcber eine neue Ethik der kuratorischen Praxis in Museen nach<\/div>\n\t\t\t\t\t\t\t\t\t<\/div>\n\t\t\t\t<div class=\"teaser-bottom border-bottom\">\n\t\t\t\t<calendardateline :rawitem='item' :show-icon=\"true\"><\/calendardateline>\n\t\t\t\t\t<hr>\n\t\t\t\t<\/div>\n\t\t\t<\/div>\n\t\t<\/div>\n\t<\/a>\n\t<\/calendarteaser>\n<\/li>\n\n<li class=\"teaser-lane-slide col-xs-9 col-sm-4 col-md-3 teaser-wrapper col-padding-remove\">\n\t<calendarteaser key=\"400245727\" rawitem='{&quot;postId&quot;:40024,&quot;title&quot;:&quot;Neue Verbindungen&quot;,&quot;excerpt&quot;:&quot;&quot;,&quot;slug&quot;:&quot;neue-verbindungen&quot;,&quot;post_date&quot;:&quot;2022-03-18T14:13&quot;,&quot;type&quot;:&quot;event&quot;,&quot;permalink&quot;:&quot;https:\\\/\\\/www.humboldtforum.org\\\/de\\\/programm\\\/termin\\\/gespraech\\\/neue-verbindungen-40024\\\/&quot;,&quot;genre&quot;:[1078],&quot;genre_details&quot;:[{&quot;text&quot;:&quot;Gespr\\u00e4ch&quot;,&quot;id&quot;:1078,&quot;icon&quot;:null,&quot;parent&quot;:0}],&quot;digital&quot;:[742],&quot;digital_details&quot;:[{&quot;text&quot;:&quot;Livestream&quot;,&quot;id&quot;:742,&quot;icon&quot;:null,&quot;parent&quot;:0}],&quot;stakeholder&quot;:[530,382],&quot;stakeholder_details&quot;:[{&quot;text&quot;:&quot;Staatliche Museen zu Berlin&quot;,&quot;id&quot;:530,&quot;icon&quot;:null,&quot;parent&quot;:0},{&quot;text&quot;:&quot;Stiftung Humboldt Forum im Berliner Schloss&quot;,&quot;id&quot;:382,&quot;icon&quot;:null,&quot;parent&quot;:0}],&quot;language&quot;:[384,385],&quot;language_details&quot;:[{&quot;text&quot;:&quot;Deutsch&quot;,&quot;id&quot;:384,&quot;icon&quot;:null,&quot;parent&quot;:0},{&quot;text&quot;:&quot;Englisch&quot;,&quot;id&quot;:385,&quot;icon&quot;:null,&quot;parent&quot;:0}],&quot;icon_overwrite&quot;:&quot;&quot;,&quot;acf&quot;:{&quot;noindex&quot;:false,&quot;keywords&quot;:&quot;&quot;,&quot;hashtag&quot;:&quot;HumboldtForum&quot;,&quot;shorturl&quot;:&quot;&quot;,&quot;planning&quot;:{&quot;price&quot;:&quot;&quot;,&quot;admission&quot;:&quot;&quot;,&quot;pause&quot;:&quot;&quot;,&quot;duration&quot;:&quot;90&quot;},&quot;subline&quot;:&quot;Kuratieren und eine Ethik der Beziehungen&quot;,&quot;additional_info&quot;:{&quot;icon&quot;:&quot;icon-contact&quot;,&quot;text&quot;:&quot;Veranstaltung auf Englisch mit Simultan\\u00fcbersetzung ins Deutsche&quot;},&quot;highlight_header&quot;:false,&quot;featured_images&quot;:[40022],&quot;use_video_in_teasers&quot;:false,&quot;hyphenation&quot;:true,&quot;tipp&quot;:false,&quot;joker&quot;:true,&quot;live&quot;:false,&quot;hide_event_in_program&quot;:false,&quot;times&quot;:[],&quot;subline_feature&quot;:&quot;99 Fragen&quot;,&quot;belongsto&quot;:[14188],&quot;alert_text&quot;:&quot;Aufzeichnung&quot;},&quot;date&quot;:{&quot;NX&quot;:null,&quot;NXX&quot;:null,&quot;NLAST&quot;:&quot;202204111500&quot;,&quot;from_DATE&quot;:&quot;20220411 19:00&quot;,&quot;from&quot;:1649689200,&quot;to&quot;:1649689200,&quot;to_DATE&quot;:&quot;20220411 19:00&quot;,&quot;from_HRFSHORT&quot;:&quot;11. Apr 2022&quot;,&quot;from_HRFSHORT_WD&quot;:&quot;Mo 11.04.2022&quot;,&quot;to_HRFSHORT&quot;:&quot;11. Apr 2022&quot;,&quot;to_HRFSHORT_WD&quot;:&quot;Mo 11.04.2022&quot;,&quot;from_HRF&quot;:&quot;Mo, 11. April 2022&quot;,&quot;to_HRF&quot;:&quot;Mo, 11. April 2022&quot;,&quot;from_to_HRF&quot;:&quot;Mo, 11. April \\u2013 Mo, 11. April 2022&quot;,&quot;from_to_HRFSHORT&quot;:&quot;11. Apr \\u2013 11. Apr 2022&quot;},&quot;alert&quot;:&quot;Aufzeichnung&quot;,&quot;partof&quot;:[14188],&quot;marketing_topic&quot;:{&quot;title&quot;:&quot;99 Fragen&quot;,&quot;ID&quot;:14188,&quot;reason&quot;:&quot;sequence&quot;}}' inline-template>\n\t<a href=\"https:\/\/www.humboldtforum.org\/de\/programm\/termin\/gespraech\/neue-verbindungen-40024\/\" class=\"teaser teaser-event teaser-event-standard\">\n\t\t<div class=\"row\">\n\t\t\t<div class=\"col-xs-12 teaser-event-image\">\n\t\t\t\t<div class=\"teaser-image teaser-image-no-alternate\">\n\t\t\t\t\t\t\t\t\t\t\t\t\t<span class=\"alert\">Aufzeichnung<\/span>\n\t\t\t\t\t\t\t\t\t\t\t\n\t<lazy-media-inline inline-template>\n\t\t<figure itemscope itemtype=\"http:\/\/schema.org\/ImageObject\" class=\"lazy-media-inline \" role=\"group\" id=\"media_69ee689c68bdd\" aria-labelledby=\"desc_media_69ee689c68bdd\">\n\t\t\t<script type=\"application\/json\" ref=\"data\">\n\t\t\t\t{\n\t\t\t\t\"sizes\" : {\"medium\":{\"file\":\"SHF_eb00133524-300x190.jpg\",\"width\":300,\"height\":190,\"mime-type\":\"image\\\/jpeg\"},\"large\":{\"file\":\"SHF_eb00133524-1024x647.jpg\",\"width\":1024,\"height\":647,\"mime-type\":\"image\\\/jpeg\"},\"thumbnail\":{\"file\":\"SHF_eb00133524-150x150.jpg\",\"width\":150,\"height\":150,\"mime-type\":\"image\\\/jpeg\"},\"medium_large\":{\"file\":\"SHF_eb00133524-768x485.jpg\",\"width\":768,\"height\":485,\"mime-type\":\"image\\\/jpeg\"},\"small\":{\"file\":\"SHF_eb00133524-440x278.jpg\",\"width\":440,\"height\":278,\"mime-type\":\"image\\\/jpeg\"},\"semi\":{\"file\":\"SHF_eb00133524-580x366.jpg\",\"width\":580,\"height\":366,\"mime-type\":\"image\\\/jpeg\"},\"mobile\":{\"file\":\"SHF_eb00133524-720x455.jpg\",\"width\":720,\"height\":455,\"mime-type\":\"image\\\/jpeg\"},\"hd\":{\"file\":\"SHF_eb00133524-1280x809.jpg\",\"width\":1280,\"height\":809,\"mime-type\":\"image\\\/jpeg\"},\"full\":{\"file\":\"SHF_eb00133524-1920x1213.jpg\",\"width\":1920,\"height\":1213,\"mime-type\":\"image\\\/jpeg\"},\"1536x1536\":{\"file\":\"SHF_eb00133524-1536x970.jpg\",\"width\":1536,\"height\":970,\"mime-type\":\"image\\\/jpeg\"},\"2048x2048\":{\"file\":\"SHF_eb00133524-2048x1294.jpg\",\"width\":2048,\"height\":1294,\"mime-type\":\"image\\\/jpeg\"},\"original\":{\"file\":\"SHF_eb00133524.jpg\",\"width\":3000,\"height\":1895}},\n\t\t\t\t\"alt\" : \"Sechs elegante St\\u00fchle in verschiedenen Farben stehen auf einem Holzfu\\u00dfboden vor einer wei\\u00dfen Wand.\",\n\t\t\t\t\"path\" : \"\\\/wp-content\\\/uploads\\\/2022\\\/03\\\/\",\n\t\t\t\t\"video\" : null,\n\t\t\t\t\"autoplay\" : null,\n\t\t\t\t\"youtube\" : null,\n\t\t\t\t\"youtubelabel\" : \"Video abspielen\",\n\t\t\t\t\"brightness\" : 100,\n\t\t\t\t\"crop\" : null,\n\t\t\t\t\"background\" : true,\n\t\t\t\t\"scale\" : 1\t\t\t\t}\n\t\t\t<\/script>\n\n\t\t\t<div class=\"height-container\" style=\"padding-bottom:63.166666666667%;\" v-if=\"sizes\">\n\t\t\t\t\t\t\t\t<lazy-media :inline=\"true\" :alt=\"alt\" :sizes=\"sizes\" :scale=\"scale\" :brightness=\"brightness\" :path=\"path\" :video=\"video\" :autoplay=\"autoplay\" :youtube=\"youtube\" :crop=\"crop\" :youtubelabel=\"youtubelabel\" :background=\"background\" media-id=\"desc_media_69ee689c68bdd\"><\/lazy-media>\n\t\t\t\t\t\t\t<\/div>\n\n\t\t\t\t\t\t\t<figcaption class=\"sr-only\" ref=\"body\" id=\"desc_media_69ee689c68bdd\">\n\t\t\t\t\t\t\t\t\t\t\t\t\t\t\t\t\t\t\t\t\t<div class=\"insignificant\">\u00a9 Stiftung Humboldt Forum im Berliner Schloss \/ Photo: David Von Becker<\/div>\n\t\t\t\t\t\t\t\t\t<\/figcaption>\n\t\t\t\t\t<\/figure>\n\t<\/lazy-media-inline>\n\t\t\t\t<\/div>\n\t\t\t<\/div>\n\t\t\t<div class=\"col-xs-12 teaser-event-text Infos\">\n\t\t\t\t<div class=\"teaser-event-standard-text\">\n\t\t\t\t\t<div class=\"margin-bottom-atom\">\n\t\t\t\t\t\t<div class=\"subline clamp-1\" v-html=\"maingenre\"><\/div>\n\t\t\t\t\t\t\t\t\t\t\t\t\t<div class=\"insignificant clamp-2\">99 Fragen<\/div>\n\t\t\t\t\t\t\t\t\t\t\t<\/div>\n\t\t\t\t\n\t\t\t\t\t<strong class=\"margin-bottom-atom\">Neue Verbindungen<\/strong>\n\n\t\t\t\t\t\t\t\t\t\t\t<div class=\"\">Kuratieren und eine Ethik der Beziehungen<\/div>\n\t\t\t\t\t\t\t\t\t<\/div>\n\t\t\t\t<div class=\"teaser-bottom border-bottom\">\n\t\t\t\t<calendardateline :rawitem='item' :show-icon=\"true\"><\/calendardateline>\n\t\t\t\t\t<hr>\n\t\t\t\t<\/div>\n\t\t\t<\/div>\n\t\t<\/div>\n\t<\/a>\n\t<\/calendarteaser>\n<\/li>\n\n<li class=\"teaser-lane-slide col-xs-9 col-sm-4 col-md-3 teaser-wrapper col-padding-remove\">\n\t<calendarteaser key=\"3929716484\" rawitem='{&quot;postId&quot;:39297,&quot;title&quot;:&quot;(De)Koloniale \\u00d6kologie&quot;,&quot;excerpt&quot;:&quot;&quot;,&quot;slug&quot;:&quot;dekoloniale-oekologie&quot;,&quot;post_date&quot;:&quot;2022-03-03T17:22&quot;,&quot;type&quot;:&quot;event&quot;,&quot;permalink&quot;:&quot;https:\\\/\\\/www.humboldtforum.org\\\/de\\\/programm\\\/termin\\\/diskurs\\\/dekoloniale-oekologie-39297\\\/&quot;,&quot;genre&quot;:[392],&quot;genre_details&quot;:[{&quot;text&quot;:&quot;Diskurs&quot;,&quot;id&quot;:392,&quot;icon&quot;:null,&quot;parent&quot;:0}],&quot;digital&quot;:[742],&quot;digital_details&quot;:[{&quot;text&quot;:&quot;Livestream&quot;,&quot;id&quot;:742,&quot;icon&quot;:null,&quot;parent&quot;:0}],&quot;topic&quot;:[782],&quot;topic_details&quot;:[{&quot;text&quot;:&quot;Kolonialismus und Kolonialit\\u00e4t&quot;,&quot;id&quot;:782,&quot;icon&quot;:null,&quot;parent&quot;:0}],&quot;stakeholder&quot;:[382],&quot;stakeholder_details&quot;:[{&quot;text&quot;:&quot;Stiftung Humboldt Forum im Berliner Schloss&quot;,&quot;id&quot;:382,&quot;icon&quot;:null,&quot;parent&quot;:0}],&quot;targetgroup&quot;:[383],&quot;targetgroup_details&quot;:[{&quot;text&quot;:&quot;Erwachsene&quot;,&quot;id&quot;:383,&quot;icon&quot;:null,&quot;parent&quot;:0}],&quot;language&quot;:[384,385],&quot;language_details&quot;:[{&quot;text&quot;:&quot;Deutsch&quot;,&quot;id&quot;:384,&quot;icon&quot;:null,&quot;parent&quot;:0},{&quot;text&quot;:&quot;Englisch&quot;,&quot;id&quot;:385,&quot;icon&quot;:null,&quot;parent&quot;:0}],&quot;icon_overwrite&quot;:&quot;&quot;,&quot;acf&quot;:{&quot;hashtag&quot;:&quot;HumboldtForum&quot;,&quot;noindex&quot;:false,&quot;keywords&quot;:&quot;&quot;,&quot;shorturl&quot;:&quot;&quot;,&quot;times&quot;:[],&quot;planning&quot;:{&quot;price&quot;:&quot;&quot;,&quot;admission&quot;:&quot;&quot;,&quot;pause&quot;:&quot;&quot;,&quot;duration&quot;:&quot;90&quot;},&quot;subline&quot;:&quot;M\\u00f6glichkeiten eines vernetzten Denkens &quot;,&quot;additional_info&quot;:{&quot;icon&quot;:&quot;icon-contact&quot;,&quot;text&quot;:&quot;Veranstaltung auf Englisch mit Simultan\\u00fcbersetzung ins Deutsche&quot;},&quot;highlight_header&quot;:false,&quot;featured_images&quot;:[39395],&quot;use_video_in_teasers&quot;:false,&quot;hyphenation&quot;:false,&quot;tipp&quot;:false,&quot;alert_text&quot;:&quot;Aufzeichnung&quot;,&quot;joker&quot;:true,&quot;live&quot;:false,&quot;hide_event_in_program&quot;:false,&quot;yt&quot;:&quot;https:\\\/\\\/www.youtube.com\\\/watch?v=dYl4_k_7-28&quot;,&quot;belongsto&quot;:[14188]},&quot;date&quot;:{&quot;NX&quot;:null,&quot;NXX&quot;:null,&quot;NLAST&quot;:&quot;202203211700&quot;,&quot;from_DATE&quot;:&quot;20220321 19:00&quot;,&quot;from&quot;:1647882000,&quot;to&quot;:1647882000,&quot;to_DATE&quot;:&quot;20220321 19:00&quot;,&quot;from_HRFSHORT&quot;:&quot;21. M\\u00e4r 2022&quot;,&quot;from_HRFSHORT_WD&quot;:&quot;Mo 21.03.2022&quot;,&quot;to_HRFSHORT&quot;:&quot;21. M\\u00e4r 2022&quot;,&quot;to_HRFSHORT_WD&quot;:&quot;Mo 21.03.2022&quot;,&quot;from_HRF&quot;:&quot;Mo, 21. M\\u00e4rz 2022&quot;,&quot;to_HRF&quot;:&quot;Mo, 21. M\\u00e4rz 2022&quot;,&quot;from_to_HRF&quot;:&quot;Mo, 21. M\\u00e4rz \\u2013 Mo, 21. M\\u00e4rz 2022&quot;,&quot;from_to_HRFSHORT&quot;:&quot;21. M\\u00e4r \\u2013 21. M\\u00e4r 2022&quot;},&quot;alert&quot;:&quot;Aufzeichnung&quot;,&quot;partof&quot;:[14188],&quot;marketing_topic&quot;:{&quot;title&quot;:&quot;99 Fragen&quot;,&quot;ID&quot;:14188,&quot;reason&quot;:&quot;sequence&quot;}}' inline-template>\n\t<a href=\"https:\/\/www.humboldtforum.org\/de\/programm\/termin\/diskurs\/dekoloniale-oekologie-39297\/\" class=\"teaser teaser-event teaser-event-standard\">\n\t\t<div class=\"row\">\n\t\t\t<div class=\"col-xs-12 teaser-event-image\">\n\t\t\t\t<div class=\"teaser-image teaser-image-no-alternate\">\n\t\t\t\t\t\t\t\t\t\t\t\t\t<span class=\"alert\">Aufzeichnung<\/span>\n\t\t\t\t\t\t\t\t\t\t\t\n\t<lazy-media-inline inline-template>\n\t\t<figure itemscope itemtype=\"http:\/\/schema.org\/ImageObject\" class=\"lazy-media-inline \" role=\"group\" id=\"media_69ee689c69d84\" aria-labelledby=\"desc_media_69ee689c69d84\">\n\t\t\t<script type=\"application\/json\" ref=\"data\">\n\t\t\t\t{\n\t\t\t\t\"sizes\" : {\"medium\":{\"file\":\"SHF_eb00132885-300x168.jpg\",\"width\":300,\"height\":168,\"mime-type\":\"image\\\/jpeg\"},\"large\":{\"file\":\"SHF_eb00132885-1024x573.jpg\",\"width\":1024,\"height\":573,\"mime-type\":\"image\\\/jpeg\"},\"thumbnail\":{\"file\":\"SHF_eb00132885-150x150.jpg\",\"width\":150,\"height\":150,\"mime-type\":\"image\\\/jpeg\"},\"medium_large\":{\"file\":\"SHF_eb00132885-768x430.jpg\",\"width\":768,\"height\":430,\"mime-type\":\"image\\\/jpeg\"},\"small\":{\"file\":\"SHF_eb00132885-440x246.jpg\",\"width\":440,\"height\":246,\"mime-type\":\"image\\\/jpeg\"},\"semi\":{\"file\":\"SHF_eb00132885-580x324.jpg\",\"width\":580,\"height\":324,\"mime-type\":\"image\\\/jpeg\"},\"mobile\":{\"file\":\"SHF_eb00132885-720x403.jpg\",\"width\":720,\"height\":403,\"mime-type\":\"image\\\/jpeg\"},\"hd\":{\"file\":\"SHF_eb00132885-1280x716.jpg\",\"width\":1280,\"height\":716,\"mime-type\":\"image\\\/jpeg\"},\"full\":{\"file\":\"SHF_eb00132885-1920x1074.jpg\",\"width\":1920,\"height\":1074,\"mime-type\":\"image\\\/jpeg\"},\"1536x1536\":{\"file\":\"SHF_eb00132885-1536x859.jpg\",\"width\":1536,\"height\":859,\"mime-type\":\"image\\\/jpeg\"},\"2048x2048\":{\"file\":\"SHF_eb00132885-2048x1146.jpg\",\"width\":2048,\"height\":1146,\"mime-type\":\"image\\\/jpeg\"},\"original\":{\"file\":\"SHF_eb00132885.jpg\",\"width\":3389,\"height\":1896}},\n\t\t\t\t\"alt\" : \"Tropische Pflanze mit langen Bl\\u00e4ttern und gelber Frucht, im Sonnenlicht fotografiert.\",\n\t\t\t\t\"path\" : \"\\\/wp-content\\\/uploads\\\/2022\\\/03\\\/\",\n\t\t\t\t\"video\" : null,\n\t\t\t\t\"autoplay\" : null,\n\t\t\t\t\"youtube\" : null,\n\t\t\t\t\"youtubelabel\" : \"Video abspielen\",\n\t\t\t\t\"brightness\" : 100,\n\t\t\t\t\"crop\" : null,\n\t\t\t\t\"background\" : true,\n\t\t\t\t\"scale\" : 1\t\t\t\t}\n\t\t\t<\/script>\n\n\t\t\t<div class=\"height-container\" style=\"padding-bottom:55.945706698141%;\" v-if=\"sizes\">\n\t\t\t\t\t\t\t\t<lazy-media :inline=\"true\" :alt=\"alt\" :sizes=\"sizes\" :scale=\"scale\" :brightness=\"brightness\" :path=\"path\" :video=\"video\" :autoplay=\"autoplay\" :youtube=\"youtube\" :crop=\"crop\" :youtubelabel=\"youtubelabel\" :background=\"background\" media-id=\"desc_media_69ee689c69d84\"><\/lazy-media>\n\t\t\t\t\t\t\t<\/div>\n\n\t\t\t\t\t\t\t<figcaption class=\"sr-only\" ref=\"body\" id=\"desc_media_69ee689c69d84\">\n\t\t\t\t\t\t\t\t\t\t\t<div>Collage unter Verwendung von: Robert Lohmeyer 1908, Fruchtstaude. Bl&uuml;te der &Ouml;lpalme<\/div>\n\t\t\t\t\t\t\t\t\t\t\t\t\t\t\t\t\t\t\t\t\t<div class=\"insignificant\">\u00a9 Ethnologisches Museum, Staatliche Museen zu Berlin<\/div>\n\t\t\t\t\t\t\t\t\t<\/figcaption>\n\t\t\t\t\t<\/figure>\n\t<\/lazy-media-inline>\n\t\t\t\t<\/div>\n\t\t\t<\/div>\n\t\t\t<div class=\"col-xs-12 teaser-event-text Infos\">\n\t\t\t\t<div class=\"teaser-event-standard-text\">\n\t\t\t\t\t<div class=\"margin-bottom-atom\">\n\t\t\t\t\t\t<div class=\"subline clamp-1\" v-html=\"maingenre\"><\/div>\n\t\t\t\t\t\t\t\t\t\t\t\t\t<div class=\"insignificant clamp-2\">99 Fragen<\/div>\n\t\t\t\t\t\t\t\t\t\t\t<\/div>\n\t\t\t\t\n\t\t\t\t\t<strong class=\"margin-bottom-atom\">(De)Koloniale \u00d6kologie<\/strong>\n\n\t\t\t\t\t\t\t\t\t\t\t<div class=\"\">M\u00f6glichkeiten eines vernetzten Denkens <\/div>\n\t\t\t\t\t\t\t\t\t<\/div>\n\t\t\t\t<div class=\"teaser-bottom border-bottom\">\n\t\t\t\t<calendardateline :rawitem='item' :show-icon=\"true\"><\/calendardateline>\n\t\t\t\t\t<hr>\n\t\t\t\t<\/div>\n\t\t\t<\/div>\n\t\t<\/div>\n\t<\/a>\n\t<\/calendarteaser>\n<\/li>\n\n<li class=\"teaser-lane-slide col-xs-9 col-sm-4 col-md-3 teaser-wrapper col-padding-remove\">\n\t<calendarteaser key=\"3799613232\" rawitem='{&quot;postId&quot;:37996,&quot;title&quot;:&quot;Gardens of Empire&quot;,&quot;excerpt&quot;:&quot;&quot;,&quot;slug&quot;:&quot;gardens-of-empire&quot;,&quot;post_date&quot;:&quot;2022-02-07T14:49&quot;,&quot;type&quot;:&quot;event&quot;,&quot;permalink&quot;:&quot;https:\\\/\\\/www.humboldtforum.org\\\/de\\\/programm\\\/termin\\\/diskurs\\\/gardens-of-empire-37996\\\/&quot;,&quot;genre&quot;:[392],&quot;genre_details&quot;:[{&quot;text&quot;:&quot;Diskurs&quot;,&quot;id&quot;:392,&quot;icon&quot;:null,&quot;parent&quot;:0}],&quot;digital&quot;:[742],&quot;digital_details&quot;:[{&quot;text&quot;:&quot;Livestream&quot;,&quot;id&quot;:742,&quot;icon&quot;:null,&quot;parent&quot;:0}],&quot;topic&quot;:[782],&quot;topic_details&quot;:[{&quot;text&quot;:&quot;Kolonialismus und Kolonialit\\u00e4t&quot;,&quot;id&quot;:782,&quot;icon&quot;:null,&quot;parent&quot;:0}],&quot;stakeholder&quot;:[382],&quot;stakeholder_details&quot;:[{&quot;text&quot;:&quot;Stiftung Humboldt Forum im Berliner Schloss&quot;,&quot;id&quot;:382,&quot;icon&quot;:null,&quot;parent&quot;:0}],&quot;targetgroup&quot;:[383],&quot;targetgroup_details&quot;:[{&quot;text&quot;:&quot;Erwachsene&quot;,&quot;id&quot;:383,&quot;icon&quot;:null,&quot;parent&quot;:0}],&quot;language&quot;:[384,385],&quot;language_details&quot;:[{&quot;text&quot;:&quot;Deutsch&quot;,&quot;id&quot;:384,&quot;icon&quot;:null,&quot;parent&quot;:0},{&quot;text&quot;:&quot;Englisch&quot;,&quot;id&quot;:385,&quot;icon&quot;:null,&quot;parent&quot;:0}],&quot;icon_overwrite&quot;:&quot;&quot;,&quot;acf&quot;:{&quot;hashtag&quot;:&quot;HumboldtForum&quot;,&quot;noindex&quot;:false,&quot;keywords&quot;:&quot;&quot;,&quot;shorturl&quot;:&quot;&quot;,&quot;times&quot;:[],&quot;planning&quot;:{&quot;price&quot;:&quot;&quot;,&quot;admission&quot;:&quot;&quot;,&quot;pause&quot;:&quot;&quot;,&quot;duration&quot;:&quot;90&quot;},&quot;subline&quot;:&quot;Zu der Natur kolonialer Sammlungen&quot;,&quot;additional_info&quot;:{&quot;icon&quot;:&quot;icon-contact&quot;,&quot;text&quot;:&quot;Veranstaltung auf Englisch mit Simultan\\u00fcbersetzung ins Deutsche&quot;},&quot;highlight_header&quot;:false,&quot;featured_images&quot;:[38045],&quot;use_video_in_teasers&quot;:false,&quot;hyphenation&quot;:false,&quot;tipp&quot;:false,&quot;alert_text&quot;:&quot;Aufzeichnung&quot;,&quot;joker&quot;:true,&quot;live&quot;:false,&quot;hide_event_in_program&quot;:false,&quot;yt&quot;:&quot;https:\\\/\\\/www.youtube.com\\\/watch?v=dYl4_k_7-28&quot;,&quot;belongsto&quot;:[14188]},&quot;date&quot;:{&quot;NX&quot;:null,&quot;NXX&quot;:null,&quot;NLAST&quot;:&quot;202202211700&quot;,&quot;from_DATE&quot;:&quot;20220221 19:00&quot;,&quot;from&quot;:1645462800,&quot;to&quot;:1645462800,&quot;to_DATE&quot;:&quot;20220221 19:00&quot;,&quot;from_HRFSHORT&quot;:&quot;21. Feb 2022&quot;,&quot;from_HRFSHORT_WD&quot;:&quot;Mo 21.02.2022&quot;,&quot;to_HRFSHORT&quot;:&quot;21. Feb 2022&quot;,&quot;to_HRFSHORT_WD&quot;:&quot;Mo 21.02.2022&quot;,&quot;from_HRF&quot;:&quot;Mo, 21. Februar 2022&quot;,&quot;to_HRF&quot;:&quot;Mo, 21. Februar 2022&quot;,&quot;from_to_HRF&quot;:&quot;Mo, 21. Februar \\u2013 Mo, 21. Februar 2022&quot;,&quot;from_to_HRFSHORT&quot;:&quot;21. Feb \\u2013 21. Feb 2022&quot;},&quot;alert&quot;:&quot;Aufzeichnung&quot;,&quot;partof&quot;:[14188],&quot;marketing_topic&quot;:{&quot;title&quot;:&quot;99 Fragen&quot;,&quot;ID&quot;:14188,&quot;reason&quot;:&quot;sequence&quot;}}' inline-template>\n\t<a href=\"https:\/\/www.humboldtforum.org\/de\/programm\/termin\/diskurs\/gardens-of-empire-37996\/\" class=\"teaser teaser-event teaser-event-standard\">\n\t\t<div class=\"row\">\n\t\t\t<div class=\"col-xs-12 teaser-event-image\">\n\t\t\t\t<div class=\"teaser-image teaser-image-no-alternate\">\n\t\t\t\t\t\t\t\t\t\t\t\t\t<span class=\"alert\">Aufzeichnung<\/span>\n\t\t\t\t\t\t\t\t\t\t\t\n\t<lazy-media-inline inline-template>\n\t\t<figure itemscope itemtype=\"http:\/\/schema.org\/ImageObject\" class=\"lazy-media-inline \" role=\"group\" id=\"media_69ee689c6ae21\" aria-labelledby=\"desc_media_69ee689c6ae21\">\n\t\t\t<script type=\"application\/json\" ref=\"data\">\n\t\t\t\t{\n\t\t\t\t\"sizes\" : {\"medium\":{\"file\":\"SHF_eb00131674-300x166.jpg\",\"width\":300,\"height\":166,\"mime-type\":\"image\\\/jpeg\"},\"large\":{\"file\":\"SHF_eb00131674-1024x566.jpg\",\"width\":1024,\"height\":566,\"mime-type\":\"image\\\/jpeg\"},\"thumbnail\":{\"file\":\"SHF_eb00131674-150x150.jpg\",\"width\":150,\"height\":150,\"mime-type\":\"image\\\/jpeg\"},\"medium_large\":{\"file\":\"SHF_eb00131674-768x425.jpg\",\"width\":768,\"height\":425,\"mime-type\":\"image\\\/jpeg\"},\"small\":{\"file\":\"SHF_eb00131674-440x243.jpg\",\"width\":440,\"height\":243,\"mime-type\":\"image\\\/jpeg\"},\"semi\":{\"file\":\"SHF_eb00131674-580x321.jpg\",\"width\":580,\"height\":321,\"mime-type\":\"image\\\/jpeg\"},\"mobile\":{\"file\":\"SHF_eb00131674-720x398.jpg\",\"width\":720,\"height\":398,\"mime-type\":\"image\\\/jpeg\"},\"hd\":{\"file\":\"SHF_eb00131674-1280x708.jpg\",\"width\":1280,\"height\":708,\"mime-type\":\"image\\\/jpeg\"},\"full\":{\"file\":\"SHF_eb00131674-1920x1061.jpg\",\"width\":1920,\"height\":1061,\"mime-type\":\"image\\\/jpeg\"},\"1536x1536\":{\"file\":\"SHF_eb00131674-1536x849.jpg\",\"width\":1536,\"height\":849,\"mime-type\":\"image\\\/jpeg\"},\"original\":{\"file\":\"SHF_eb00131674.jpg\",\"width\":2048,\"height\":1132}},\n\t\t\t\t\"alt\" : \"Abstrakte, spiralf\\u00f6rmige Strukturen auf dunklem Hintergrund, \\u00e4hnlich filigranen F\\u00e4den oder Tentakeln.\",\n\t\t\t\t\"path\" : \"\\\/wp-content\\\/uploads\\\/2022\\\/02\\\/\",\n\t\t\t\t\"video\" : null,\n\t\t\t\t\"autoplay\" : null,\n\t\t\t\t\"youtube\" : null,\n\t\t\t\t\"youtubelabel\" : \"Video abspielen\",\n\t\t\t\t\"brightness\" : 100,\n\t\t\t\t\"crop\" : null,\n\t\t\t\t\"background\" : true,\n\t\t\t\t\"scale\" : 1\t\t\t\t}\n\t\t\t<\/script>\n\n\t\t\t<div class=\"height-container\" style=\"padding-bottom:55.2734375%;\" v-if=\"sizes\">\n\t\t\t\t\t\t\t\t<lazy-media :inline=\"true\" :alt=\"alt\" :sizes=\"sizes\" :scale=\"scale\" :brightness=\"brightness\" :path=\"path\" :video=\"video\" :autoplay=\"autoplay\" :youtube=\"youtube\" :crop=\"crop\" :youtubelabel=\"youtubelabel\" :background=\"background\" media-id=\"desc_media_69ee689c6ae21\"><\/lazy-media>\n\t\t\t\t\t\t\t<\/div>\n\n\t\t\t\t\t\t\t<figcaption class=\"sr-only\" ref=\"body\" id=\"desc_media_69ee689c6ae21\">\n\t\t\t\t\t\t\t\t\t\t\t<div>Collage unter Verwendung von: Otto Ehrhardt (1869-1942): Ohne Titel (Pflanze). Abzug auf Silbergelatinepapier.<\/div>\n\t\t\t\t\t\t\t\t\t\t\t\t\t\t\t\t\t\t\t\t\t<div class=\"insignificant\">\u00a9 Fotografie: Staatliche Museen zu Berlin \/ Kunstbibliothek<\/div>\n\t\t\t\t\t\t\t\t\t<\/figcaption>\n\t\t\t\t\t<\/figure>\n\t<\/lazy-media-inline>\n\t\t\t\t<\/div>\n\t\t\t<\/div>\n\t\t\t<div class=\"col-xs-12 teaser-event-text Infos\">\n\t\t\t\t<div class=\"teaser-event-standard-text\">\n\t\t\t\t\t<div class=\"margin-bottom-atom\">\n\t\t\t\t\t\t<div class=\"subline clamp-1\" v-html=\"maingenre\"><\/div>\n\t\t\t\t\t\t\t\t\t\t\t\t\t<div class=\"insignificant clamp-2\">99 Fragen<\/div>\n\t\t\t\t\t\t\t\t\t\t\t<\/div>\n\t\t\t\t\n\t\t\t\t\t<strong class=\"margin-bottom-atom\">Gardens of Empire<\/strong>\n\n\t\t\t\t\t\t\t\t\t\t\t<div class=\"\">Zu der Natur kolonialer Sammlungen<\/div>\n\t\t\t\t\t\t\t\t\t<\/div>\n\t\t\t\t<div class=\"teaser-bottom border-bottom\">\n\t\t\t\t<calendardateline :rawitem='item' :show-icon=\"true\"><\/calendardateline>\n\t\t\t\t\t<hr>\n\t\t\t\t<\/div>\n\t\t\t<\/div>\n\t\t<\/div>\n\t<\/a>\n\t<\/calendarteaser>\n<\/li>\n\n<li class=\"teaser-lane-slide col-xs-9 col-sm-4 col-md-3 teaser-wrapper col-padding-remove\">\n\t<calendarteaser key=\"346895445\" rawitem='{&quot;postId&quot;:34689,&quot;title&quot;:&quot;Decoding the Museum&quot;,&quot;excerpt&quot;:&quot;Im Zuge der Umwandlung von Museen und Archiven in besser zug\\u00e4ngliche R\\u00e4ume haben digitale Hilfsmittel breite Zustimmung gefunden. Die Digitalisierung lockt mit der Idee des offenen Zugangs und einer (vermeintlich) freien und demokratischen M\\u00f6glichkeit, Informationen \\u00fcber Sammlungen, Objekte und ihre Geschichte zu erhalten und zu teilen.&quot;,&quot;slug&quot;:&quot;decoding-the-museum&quot;,&quot;post_date&quot;:&quot;2021-11-02T15:06&quot;,&quot;type&quot;:&quot;event&quot;,&quot;permalink&quot;:&quot;https:\\\/\\\/www.humboldtforum.org\\\/de\\\/programm\\\/termin\\\/diskurs\\\/decoding-the-museum-34689\\\/&quot;,&quot;genre&quot;:[392],&quot;genre_details&quot;:[{&quot;text&quot;:&quot;Diskurs&quot;,&quot;id&quot;:392,&quot;icon&quot;:null,&quot;parent&quot;:0}],&quot;stakeholder&quot;:[382],&quot;stakeholder_details&quot;:[{&quot;text&quot;:&quot;Stiftung Humboldt Forum im Berliner Schloss&quot;,&quot;id&quot;:382,&quot;icon&quot;:null,&quot;parent&quot;:0}],&quot;targetgroup&quot;:[383],&quot;targetgroup_details&quot;:[{&quot;text&quot;:&quot;Erwachsene&quot;,&quot;id&quot;:383,&quot;icon&quot;:null,&quot;parent&quot;:0}],&quot;language&quot;:[384,385],&quot;language_details&quot;:[{&quot;text&quot;:&quot;Deutsch&quot;,&quot;id&quot;:384,&quot;icon&quot;:null,&quot;parent&quot;:0},{&quot;text&quot;:&quot;Englisch&quot;,&quot;id&quot;:385,&quot;icon&quot;:null,&quot;parent&quot;:0}],&quot;accessability&quot;:[430],&quot;accessability_details&quot;:[{&quot;text&quot;:&quot;Rollstuhlgerecht&quot;,&quot;id&quot;:430,&quot;icon&quot;:null,&quot;parent&quot;:0}],&quot;place&quot;:[883],&quot;place_details&quot;:{&quot;place&quot;:&quot;Humboldt Forum&quot;,&quot;map&quot;:&quot;Humboldt Forum, Schlossplatz, Berlin&quot;,&quot;room&quot;:&quot;Saal 2, EG&quot;},&quot;icon_overwrite&quot;:&quot;&quot;,&quot;acf&quot;:{&quot;hashtag&quot;:&quot;HumboldtForum&quot;,&quot;noindex&quot;:false,&quot;keywords&quot;:&quot;&quot;,&quot;shorturl&quot;:&quot;&quot;,&quot;times&quot;:[],&quot;planning&quot;:{&quot;price&quot;:&quot;5 EUR, erm\\u00e4\\u00dfigt 2,50 EUR&quot;,&quot;admission&quot;:&quot;&quot;,&quot;pause&quot;:&quot;&quot;,&quot;duration&quot;:&quot;120&quot;},&quot;subline&quot;:&quot;99 Fragen zur Digitalisierung&quot;,&quot;shorttext&quot;:&quot;Im Zuge der Umwandlung von Museen und Archiven in besser zug\\u00e4ngliche R\\u00e4ume haben digitale Hilfsmittel breite Zustimmung gefunden. Die Digitalisierung lockt mit der Idee des offenen Zugangs und einer (vermeintlich) freien und demokratischen M\\u00f6glichkeit, Informationen \\u00fcber Sammlungen, Objekte und ihre Geschichte zu erhalten und zu teilen.&quot;,&quot;additional_info&quot;:{&quot;icon&quot;:&quot;icon-contact&quot;,&quot;text&quot;:&quot;Veranstaltung auf Englisch mit Simultan\\u00fcbersetzung ins Deutsche&quot;},&quot;highlight_header&quot;:false,&quot;featured_images&quot;:[34737],&quot;use_video_in_teasers&quot;:false,&quot;hyphenation&quot;:false,&quot;tipp&quot;:false,&quot;alert_text&quot;:&quot;Aufzeichnung&quot;,&quot;joker&quot;:true,&quot;live&quot;:false,&quot;hide_event_in_program&quot;:false,&quot;tickettext&quot;:&quot;Buchen Sie Ihr Ticket vorab online oder an der Kasse im Foyer.&quot;,&quot;yt&quot;:&quot;https:\\\/\\\/www.youtube.com\\\/watch?v=dYl4_k_7-28&quot;,&quot;belongsto&quot;:[14188],&quot;infotext&quot;:&quot;Live vor Ort und als Livestream&quot;},&quot;date&quot;:{&quot;NX&quot;:null,&quot;NXX&quot;:null,&quot;NLAST&quot;:&quot;202111111700&quot;,&quot;from_DATE&quot;:&quot;20211111 19:00&quot;,&quot;from&quot;:1636650000,&quot;to&quot;:1636650000,&quot;to_DATE&quot;:&quot;20211111 19:00&quot;,&quot;from_HRFSHORT&quot;:&quot;11. Nov 2021&quot;,&quot;from_HRFSHORT_WD&quot;:&quot;Do 11.11.2021&quot;,&quot;to_HRFSHORT&quot;:&quot;11. Nov 2021&quot;,&quot;to_HRFSHORT_WD&quot;:&quot;Do 11.11.2021&quot;,&quot;from_HRF&quot;:&quot;Do, 11. November 2021&quot;,&quot;to_HRF&quot;:&quot;Do, 11. November 2021&quot;,&quot;from_to_HRF&quot;:&quot;Do, 11. November \\u2013 Do, 11. November 2021&quot;,&quot;from_to_HRFSHORT&quot;:&quot;11. Nov \\u2013 11. Nov 2021&quot;},&quot;alert&quot;:&quot;Aufzeichnung&quot;,&quot;partof&quot;:[14188],&quot;marketing_topic&quot;:{&quot;title&quot;:&quot;99 Fragen&quot;,&quot;ID&quot;:14188,&quot;reason&quot;:&quot;sequence&quot;}}' inline-template>\n\t<a href=\"https:\/\/www.humboldtforum.org\/de\/programm\/termin\/diskurs\/decoding-the-museum-34689\/\" class=\"teaser teaser-event teaser-event-standard\">\n\t\t<div class=\"row\">\n\t\t\t<div class=\"col-xs-12 teaser-event-image\">\n\t\t\t\t<div class=\"teaser-image teaser-image-no-alternate\">\n\t\t\t\t\t\t\t\t\t\t\t\t\t<span class=\"alert\">Aufzeichnung<\/span>\n\t\t\t\t\t\t\t\t\t\t\t\n\t<lazy-media-inline inline-template>\n\t\t<figure itemscope itemtype=\"http:\/\/schema.org\/ImageObject\" class=\"lazy-media-inline \" role=\"group\" id=\"media_69ee689c6baac\" aria-labelledby=\"desc_media_69ee689c6baac\">\n\t\t\t<script type=\"application\/json\" ref=\"data\">\n\t\t\t\t{\n\t\t\t\t\"sizes\" : {\"medium\":{\"file\":\"SHF_eb00128087-300x196.jpg\",\"width\":300,\"height\":196,\"mime-type\":\"image\\\/jpeg\"},\"large\":{\"file\":\"SHF_eb00128087-1024x668.jpg\",\"width\":1024,\"height\":668,\"mime-type\":\"image\\\/jpeg\"},\"thumbnail\":{\"file\":\"SHF_eb00128087-150x150.jpg\",\"width\":150,\"height\":150,\"mime-type\":\"image\\\/jpeg\"},\"medium_large\":{\"file\":\"SHF_eb00128087-768x501.jpg\",\"width\":768,\"height\":501,\"mime-type\":\"image\\\/jpeg\"},\"small\":{\"file\":\"SHF_eb00128087-440x287.jpg\",\"width\":440,\"height\":287,\"mime-type\":\"image\\\/jpeg\"},\"semi\":{\"file\":\"SHF_eb00128087-580x378.jpg\",\"width\":580,\"height\":378,\"mime-type\":\"image\\\/jpeg\"},\"mobile\":{\"file\":\"SHF_eb00128087-720x470.jpg\",\"width\":720,\"height\":470,\"mime-type\":\"image\\\/jpeg\"},\"hd\":{\"file\":\"SHF_eb00128087-1280x835.jpg\",\"width\":1280,\"height\":835,\"mime-type\":\"image\\\/jpeg\"},\"1536x1536\":{\"file\":\"SHF_eb00128087-1536x1002.jpg\",\"width\":1536,\"height\":1002,\"mime-type\":\"image\\\/jpeg\"},\"original\":{\"file\":\"SHF_eb00128087.jpg\",\"width\":1701,\"height\":1110}},\n\t\t\t\t\"alt\" : \"Ein Forscher scannt eine Statue mit einem Handger\\u00e4t, w\\u00e4hrend die Ergebnisse auf einem Laptop angezeigt werden.\",\n\t\t\t\t\"path\" : \"\\\/wp-content\\\/uploads\\\/2021\\\/11\\\/\",\n\t\t\t\t\"video\" : null,\n\t\t\t\t\"autoplay\" : null,\n\t\t\t\t\"youtube\" : null,\n\t\t\t\t\"youtubelabel\" : \"Video abspielen\",\n\t\t\t\t\"brightness\" : 100,\n\t\t\t\t\"crop\" : {\"top\":\"50.00\",\"left\":\"50.00\"},\n\t\t\t\t\"background\" : true,\n\t\t\t\t\"scale\" : 2\t\t\t\t}\n\t\t\t<\/script>\n\n\t\t\t<div class=\"height-container\" style=\"padding-bottom:65.255731922399%;\" v-if=\"sizes\">\n\t\t\t\t\t\t\t\t<lazy-media :inline=\"true\" :alt=\"alt\" :sizes=\"sizes\" :scale=\"scale\" :brightness=\"brightness\" :path=\"path\" :video=\"video\" :autoplay=\"autoplay\" :youtube=\"youtube\" :crop=\"crop\" :youtubelabel=\"youtubelabel\" :background=\"background\" media-id=\"desc_media_69ee689c6baac\"><\/lazy-media>\n\t\t\t\t\t\t\t<\/div>\n\n\t\t\t\t\t\t\t<figcaption class=\"sr-only\" ref=\"body\" id=\"desc_media_69ee689c6baac\">\n\t\t\t\t\t\t\t\t\t\t\t<div>Digitalisierung des Kopfs eines Bodhisattva, III 7920<\/div>\n\t\t\t\t\t\t\t\t\t\t\t\t\t\t\t\t\t\t\t\t\t<div class=\"insignificant\">\u00a9 Staatliche Museen zu Berlin \/ Jester Blank GbR<\/div>\n\t\t\t\t\t\t\t\t\t<\/figcaption>\n\t\t\t\t\t<\/figure>\n\t<\/lazy-media-inline>\n\t\t\t\t<\/div>\n\t\t\t<\/div>\n\t\t\t<div class=\"col-xs-12 teaser-event-text Infos\">\n\t\t\t\t<div class=\"teaser-event-standard-text\">\n\t\t\t\t\t<div class=\"margin-bottom-atom\">\n\t\t\t\t\t\t<div class=\"subline clamp-1\" v-html=\"maingenre\"><\/div>\n\t\t\t\t\t\t\t\t\t\t\t\t\t<div class=\"insignificant clamp-2\">99 Fragen<\/div>\n\t\t\t\t\t\t\t\t\t\t\t<\/div>\n\t\t\t\t\n\t\t\t\t\t<strong class=\"margin-bottom-atom\">Decoding the Museum<\/strong>\n\n\t\t\t\t\t\t\t\t\t\t\t<div class=\"\">99 Fragen zur Digitalisierung<\/div>\n\t\t\t\t\t\t\t\t\t<\/div>\n\t\t\t\t<div class=\"teaser-bottom border-bottom\">\n\t\t\t\t<calendardateline :rawitem='item' :show-icon=\"true\"><\/calendardateline>\n\t\t\t\t\t<hr>\n\t\t\t\t<\/div>\n\t\t\t<\/div>\n\t\t<\/div>\n\t<\/a>\n\t<\/calendarteaser>\n<\/li>\n\n<li class=\"teaser-lane-slide col-xs-9 col-sm-4 col-md-3 teaser-wrapper col-padding-remove\">\n\t<calendarteaser key=\"3350315351\" rawitem='{&quot;postId&quot;:33503,&quot;title&quot;:&quot;Recht und Gerechtigkeit&quot;,&quot;excerpt&quot;:&quot;&quot;,&quot;slug&quot;:&quot;recht-und-gerechtigkeit&quot;,&quot;post_date&quot;:&quot;2021-10-05T14:12&quot;,&quot;type&quot;:&quot;event&quot;,&quot;permalink&quot;:&quot;https:\\\/\\\/www.humboldtforum.org\\\/de\\\/programm\\\/termin\\\/diskurs\\\/recht-und-gerechtigkeit-33503\\\/&quot;,&quot;genre&quot;:[392],&quot;genre_details&quot;:[{&quot;text&quot;:&quot;Diskurs&quot;,&quot;id&quot;:392,&quot;icon&quot;:null,&quot;parent&quot;:0}],&quot;stakeholder&quot;:[382],&quot;stakeholder_details&quot;:[{&quot;text&quot;:&quot;Stiftung Humboldt Forum im Berliner Schloss&quot;,&quot;id&quot;:382,&quot;icon&quot;:null,&quot;parent&quot;:0}],&quot;targetgroup&quot;:[383],&quot;targetgroup_details&quot;:[{&quot;text&quot;:&quot;Erwachsene&quot;,&quot;id&quot;:383,&quot;icon&quot;:null,&quot;parent&quot;:0}],&quot;language&quot;:[384,385],&quot;language_details&quot;:[{&quot;text&quot;:&quot;Deutsch&quot;,&quot;id&quot;:384,&quot;icon&quot;:null,&quot;parent&quot;:0},{&quot;text&quot;:&quot;Englisch&quot;,&quot;id&quot;:385,&quot;icon&quot;:null,&quot;parent&quot;:0}],&quot;accessability&quot;:[430],&quot;accessability_details&quot;:[{&quot;text&quot;:&quot;Rollstuhlgerecht&quot;,&quot;id&quot;:430,&quot;icon&quot;:null,&quot;parent&quot;:0}],&quot;place&quot;:[883],&quot;place_details&quot;:{&quot;place&quot;:&quot;Humboldt Forum&quot;,&quot;map&quot;:&quot;Humboldt Forum, Schlossplatz, Berlin&quot;,&quot;room&quot;:&quot;Saal 2, EG&quot;},&quot;icon_overwrite&quot;:&quot;&quot;,&quot;acf&quot;:{&quot;hashtag&quot;:&quot;HumboldtForum&quot;,&quot;noindex&quot;:false,&quot;keywords&quot;:&quot;&quot;,&quot;shorturl&quot;:&quot;&quot;,&quot;times&quot;:[],&quot;planning&quot;:{&quot;price&quot;:&quot;5 EUR, erm\\u00e4\\u00dfigt 2,50 EUR&quot;,&quot;admission&quot;:&quot;&quot;,&quot;pause&quot;:&quot;&quot;,&quot;duration&quot;:&quot;90&quot;},&quot;subline&quot;:&quot;Die Komplexit\\u00e4ten und M\\u00f6glichkeiten der Restitution&quot;,&quot;subline_feature&quot;:&quot;Vor Ort &amp; Online&quot;,&quot;additional_info&quot;:{&quot;icon&quot;:&quot;icon-youtube&quot;,&quot;text&quot;:&quot;Sie k\\u00f6nnen die Veranstaltung auch digital via Livestream verfolgen. &quot;},&quot;highlight_header&quot;:false,&quot;featured_images&quot;:[33505],&quot;use_video_in_teasers&quot;:false,&quot;hyphenation&quot;:true,&quot;tipp&quot;:false,&quot;alert_text&quot;:&quot;Aufzeichnung&quot;,&quot;joker&quot;:true,&quot;live&quot;:false,&quot;hide_event_in_program&quot;:false,&quot;tickettext&quot;:&quot;Buchen Sie Ihr Ticket vorab online oder an der Kasse im Foyer.&quot;,&quot;yt&quot;:&quot;https:\\\/\\\/www.youtube.com\\\/watch?v=ZP2LZr27Sfo&quot;,&quot;belongsto&quot;:[14188]},&quot;date&quot;:{&quot;NX&quot;:null,&quot;NXX&quot;:null,&quot;NLAST&quot;:&quot;202110141500&quot;,&quot;from_DATE&quot;:&quot;20211014 19:00&quot;,&quot;from&quot;:1634223600,&quot;to&quot;:1634223600,&quot;to_DATE&quot;:&quot;20211014 19:00&quot;,&quot;from_HRFSHORT&quot;:&quot;14. Okt 2021&quot;,&quot;from_HRFSHORT_WD&quot;:&quot;Do 14.10.2021&quot;,&quot;to_HRFSHORT&quot;:&quot;14. Okt 2021&quot;,&quot;to_HRFSHORT_WD&quot;:&quot;Do 14.10.2021&quot;,&quot;from_HRF&quot;:&quot;Do, 14. Oktober 2021&quot;,&quot;to_HRF&quot;:&quot;Do, 14. Oktober 2021&quot;,&quot;from_to_HRF&quot;:&quot;Do, 14. Oktober \\u2013 Do, 14. Oktober 2021&quot;,&quot;from_to_HRFSHORT&quot;:&quot;14. Okt \\u2013 14. Okt 2021&quot;},&quot;alert&quot;:&quot;Aufzeichnung&quot;,&quot;partof&quot;:[14188],&quot;marketing_topic&quot;:{&quot;title&quot;:&quot;99 Fragen&quot;,&quot;ID&quot;:14188,&quot;reason&quot;:&quot;sequence&quot;}}' inline-template>\n\t<a href=\"https:\/\/www.humboldtforum.org\/de\/programm\/termin\/diskurs\/recht-und-gerechtigkeit-33503\/\" class=\"teaser teaser-event teaser-event-standard\">\n\t\t<div class=\"row\">\n\t\t\t<div class=\"col-xs-12 teaser-event-image\">\n\t\t\t\t<div class=\"teaser-image teaser-image-no-alternate\">\n\t\t\t\t\t\t\t\t\t\t\t\t\t<span class=\"alert\">Aufzeichnung<\/span>\n\t\t\t\t\t\t\t\t\t\t\t\n\t<lazy-media-inline inline-template>\n\t\t<figure itemscope itemtype=\"http:\/\/schema.org\/ImageObject\" class=\"lazy-media-inline \" role=\"group\" id=\"media_69ee689c6c52b\" aria-labelledby=\"desc_media_69ee689c6c52b\">\n\t\t\t<script type=\"application\/json\" ref=\"data\">\n\t\t\t\t{\n\t\t\t\t\"sizes\" : {\"medium\":{\"file\":\"SHF_eb00120350-300x295.jpg\",\"width\":300,\"height\":295,\"mime-type\":\"image\\\/jpeg\"},\"large\":{\"file\":\"SHF_eb00120350-1024x1008.jpg\",\"width\":1024,\"height\":1008,\"mime-type\":\"image\\\/jpeg\"},\"thumbnail\":{\"file\":\"SHF_eb00120350-150x150.jpg\",\"width\":150,\"height\":150,\"mime-type\":\"image\\\/jpeg\"},\"medium_large\":{\"file\":\"SHF_eb00120350-768x756.jpg\",\"width\":768,\"height\":756,\"mime-type\":\"image\\\/jpeg\"},\"small\":{\"file\":\"SHF_eb00120350-440x433.jpg\",\"width\":440,\"height\":433,\"mime-type\":\"image\\\/jpeg\"},\"semi\":{\"file\":\"SHF_eb00120350-580x571.jpg\",\"width\":580,\"height\":571,\"mime-type\":\"image\\\/jpeg\"},\"mobile\":{\"file\":\"SHF_eb00120350-720x708.jpg\",\"width\":720,\"height\":708,\"mime-type\":\"image\\\/jpeg\"},\"hd\":{\"file\":\"SHF_eb00120350-1280x1259.jpg\",\"width\":1280,\"height\":1259,\"mime-type\":\"image\\\/jpeg\"},\"full\":{\"file\":\"SHF_eb00120350-1920x1889.jpg\",\"width\":1920,\"height\":1889,\"mime-type\":\"image\\\/jpeg\"},\"1536x1536\":{\"file\":\"SHF_eb00120350-1536x1511.jpg\",\"width\":1536,\"height\":1511,\"mime-type\":\"image\\\/jpeg\"},\"original\":{\"file\":\"SHF_eb00120350.jpg\",\"width\":2048,\"height\":2015}},\n\t\t\t\t\"alt\" : \"Moderne Skulpturen in einer Vitrine, umgeben von klassischen Gem\\u00e4lden in einem Museum.\",\n\t\t\t\t\"path\" : \"\\\/wp-content\\\/uploads\\\/2021\\\/10\\\/\",\n\t\t\t\t\"video\" : null,\n\t\t\t\t\"autoplay\" : null,\n\t\t\t\t\"youtube\" : null,\n\t\t\t\t\"youtubelabel\" : \"Video abspielen\",\n\t\t\t\t\"brightness\" : 100,\n\t\t\t\t\"crop\" : {\"top\":\"50.00\",\"left\":\"50.00\"},\n\t\t\t\t\"background\" : true,\n\t\t\t\t\"scale\" : 2\t\t\t\t}\n\t\t\t<\/script>\n\n\t\t\t<div class=\"height-container\" style=\"padding-bottom:98.388671875%;\" v-if=\"sizes\">\n\t\t\t\t\t\t\t\t<lazy-media :inline=\"true\" :alt=\"alt\" :sizes=\"sizes\" :scale=\"scale\" :brightness=\"brightness\" :path=\"path\" :video=\"video\" :autoplay=\"autoplay\" :youtube=\"youtube\" :crop=\"crop\" :youtubelabel=\"youtubelabel\" :background=\"background\" media-id=\"desc_media_69ee689c6c52b\"><\/lazy-media>\n\t\t\t\t\t\t\t<\/div>\n\n\t\t\t\t\t\t\t<figcaption class=\"sr-only\" ref=\"body\" id=\"desc_media_69ee689c6c52b\">\n\t\t\t\t\t\t\t\t\t\t\t<div>Collage einer Ausstellungsansicht aus der Ausstellung: Unvergleichlich: Kunst aus Afrika im Bode-Museum<\/div>\n\t\t\t\t\t\t\t\t\t\t\t\t\t\t\t\t\t\t\t\t\t<div class=\"insignificant\">\u00a9 Staatliche Museen zu Berlin \/ David von Becker<\/div>\n\t\t\t\t\t\t\t\t\t<\/figcaption>\n\t\t\t\t\t<\/figure>\n\t<\/lazy-media-inline>\n\t\t\t\t<\/div>\n\t\t\t<\/div>\n\t\t\t<div class=\"col-xs-12 teaser-event-text Infos\">\n\t\t\t\t<div class=\"teaser-event-standard-text\">\n\t\t\t\t\t<div class=\"margin-bottom-atom\">\n\t\t\t\t\t\t<div class=\"subline clamp-1\" v-html=\"maingenre\"><\/div>\n\t\t\t\t\t\t\t\t\t\t\t\t\t<div class=\"insignificant clamp-2\">99 Fragen<\/div>\n\t\t\t\t\t\t\t\t\t\t\t<\/div>\n\t\t\t\t\n\t\t\t\t\t<strong class=\"margin-bottom-atom\">Recht und Gerechtigkeit<\/strong>\n\n\t\t\t\t\t\t\t\t\t\t\t<div class=\"\">Die Komplexit\u00e4ten und M\u00f6glichkeiten der Restitution<\/div>\n\t\t\t\t\t\t\t\t\t<\/div>\n\t\t\t\t<div class=\"teaser-bottom border-bottom\">\n\t\t\t\t<calendardateline :rawitem='item' :show-icon=\"true\"><\/calendardateline>\n\t\t\t\t\t<hr>\n\t\t\t\t<\/div>\n\t\t\t<\/div>\n\t\t<\/div>\n\t<\/a>\n\t<\/calendarteaser>\n<\/li>\n\n<li class=\"teaser-lane-slide col-xs-9 col-sm-4 col-md-3 teaser-wrapper col-padding-remove\">\n\t<calendarteaser key=\"2347210618\" rawitem='{&quot;postId&quot;:23472,&quot;title&quot;:&quot;Wir reden \\u00fcber Menschen&quot;,&quot;excerpt&quot;:&quot;Wie und warum kamen menschliche \\u00dcberreste in die Museen? Wie k\\u00f6nnte ein\\u00a0respektvoller Umgang mit ihnen aussehen?&quot;,&quot;slug&quot;:&quot;wir-reden-ueber-menschen&quot;,&quot;post_date&quot;:&quot;2021-06-01T13:22&quot;,&quot;type&quot;:&quot;event&quot;,&quot;permalink&quot;:&quot;https:\\\/\\\/www.humboldtforum.org\\\/de\\\/programm\\\/termin\\\/diskurs\\\/wir-reden-ueber-menschen-23472\\\/&quot;,&quot;genre&quot;:[392],&quot;genre_details&quot;:[{&quot;text&quot;:&quot;Diskurs&quot;,&quot;id&quot;:392,&quot;icon&quot;:null,&quot;parent&quot;:0}],&quot;stakeholder&quot;:[382],&quot;stakeholder_details&quot;:[{&quot;text&quot;:&quot;Stiftung Humboldt Forum im Berliner Schloss&quot;,&quot;id&quot;:382,&quot;icon&quot;:null,&quot;parent&quot;:0}],&quot;targetgroup&quot;:[383],&quot;targetgroup_details&quot;:[{&quot;text&quot;:&quot;Erwachsene&quot;,&quot;id&quot;:383,&quot;icon&quot;:null,&quot;parent&quot;:0}],&quot;language&quot;:[384,385],&quot;language_details&quot;:[{&quot;text&quot;:&quot;Deutsch&quot;,&quot;id&quot;:384,&quot;icon&quot;:null,&quot;parent&quot;:0},{&quot;text&quot;:&quot;Englisch&quot;,&quot;id&quot;:385,&quot;icon&quot;:null,&quot;parent&quot;:0}],&quot;place&quot;:[498],&quot;place_details&quot;:{&quot;place&quot;:&quot;Humboldt Forum&quot;,&quot;map&quot;:&quot;Humboldt Forum, Schlossplatz, Berlin&quot;,&quot;room&quot;:&quot;Online-Veranstaltung&quot;},&quot;icon_overwrite&quot;:&quot;&quot;,&quot;acf&quot;:{&quot;noindex&quot;:false,&quot;keywords&quot;:&quot;&quot;,&quot;hashtag&quot;:&quot;HumboldtForum&quot;,&quot;shorturl&quot;:&quot;&quot;,&quot;times&quot;:[],&quot;planning&quot;:{&quot;price&quot;:&quot;Eintritt frei, Online-Veranstaltung&quot;,&quot;admission&quot;:&quot;&quot;,&quot;pause&quot;:&quot;&quot;,&quot;duration&quot;:&quot;&quot;},&quot;subline&quot;:&quot;Menschliche \\u00dcberreste in Museumssammlungen&quot;,&quot;marketing_text&quot;:&quot;Wie und warum kamen menschliche \\u00dcberreste in die Museen? &quot;,&quot;shorttext&quot;:&quot;Wie und warum kamen menschliche \\u00dcberreste in die Museen? Wie k\\u00f6nnte ein\\u00a0respektvoller Umgang mit ihnen aussehen?&quot;,&quot;highlight_header&quot;:false,&quot;featured_images&quot;:[23473],&quot;hyphenation&quot;:true,&quot;tipp&quot;:false,&quot;alert_text&quot;:&quot;Aufzeichnung&quot;,&quot;joker&quot;:true,&quot;live&quot;:false,&quot;yt&quot;:&quot;https:\\\/\\\/www.youtube.com\\\/watch?v=iEWkcunzF4A&quot;,&quot;additional_info&quot;:{&quot;icon&quot;:&quot;0&quot;,&quot;text&quot;:&quot;&quot;},&quot;use_video_in_teasers&quot;:false,&quot;hide_event_in_program&quot;:false,&quot;belongsto&quot;:[14188]},&quot;date&quot;:{&quot;NX&quot;:null,&quot;NXX&quot;:null,&quot;NLAST&quot;:&quot;202106101500&quot;,&quot;from_DATE&quot;:&quot;20210610 19:00&quot;,&quot;from&quot;:1623337200,&quot;to&quot;:1623337200,&quot;to_DATE&quot;:&quot;20210610 19:00&quot;,&quot;from_HRFSHORT&quot;:&quot;10. Jun 2021&quot;,&quot;from_HRFSHORT_WD&quot;:&quot;Do 10.06.2021&quot;,&quot;to_HRFSHORT&quot;:&quot;10. Jun 2021&quot;,&quot;to_HRFSHORT_WD&quot;:&quot;Do 10.06.2021&quot;,&quot;from_HRF&quot;:&quot;Do, 10. Juni 2021&quot;,&quot;to_HRF&quot;:&quot;Do, 10. Juni 2021&quot;,&quot;from_to_HRF&quot;:&quot;Do, 10. Juni \\u2013 Do, 10. Juni 2021&quot;,&quot;from_to_HRFSHORT&quot;:&quot;10. Jun \\u2013 10. Jun 2021&quot;},&quot;alert&quot;:&quot;Aufzeichnung&quot;,&quot;partof&quot;:[14188],&quot;marketing_topic&quot;:{&quot;title&quot;:&quot;99 Fragen&quot;,&quot;ID&quot;:14188,&quot;reason&quot;:&quot;sequence&quot;}}' inline-template>\n\t<a href=\"https:\/\/www.humboldtforum.org\/de\/programm\/termin\/diskurs\/wir-reden-ueber-menschen-23472\/\" class=\"teaser teaser-event teaser-event-standard\">\n\t\t<div class=\"row\">\n\t\t\t<div class=\"col-xs-12 teaser-event-image\">\n\t\t\t\t<div class=\"teaser-image teaser-image-no-alternate\">\n\t\t\t\t\t\t\t\t\t\t\t\t\t<span class=\"alert\">Aufzeichnung<\/span>\n\t\t\t\t\t\t\t\t\t\t\t\n\t<lazy-media-inline inline-template>\n\t\t<figure itemscope itemtype=\"http:\/\/schema.org\/ImageObject\" class=\"lazy-media-inline \" role=\"group\" id=\"media_69ee689c6cfa1\" aria-labelledby=\"desc_media_69ee689c6cfa1\">\n\t\t\t<script type=\"application\/json\" ref=\"data\">\n\t\t\t\t{\n\t\t\t\t\"sizes\" : {\"medium\":{\"file\":\"A0348E14-6236-4B9D-94C3-B20A8D38D39D-300x200.jpeg\",\"width\":300,\"height\":200,\"mime-type\":\"image\\\/jpeg\"},\"large\":{\"file\":\"A0348E14-6236-4B9D-94C3-B20A8D38D39D-1024x683.jpeg\",\"width\":1024,\"height\":683,\"mime-type\":\"image\\\/jpeg\"},\"thumbnail\":{\"file\":\"A0348E14-6236-4B9D-94C3-B20A8D38D39D-150x150.jpeg\",\"width\":150,\"height\":150,\"mime-type\":\"image\\\/jpeg\"},\"medium_large\":{\"file\":\"A0348E14-6236-4B9D-94C3-B20A8D38D39D-768x512.jpeg\",\"width\":768,\"height\":512,\"mime-type\":\"image\\\/jpeg\"},\"small\":{\"file\":\"A0348E14-6236-4B9D-94C3-B20A8D38D39D-440x293.jpeg\",\"width\":440,\"height\":293,\"mime-type\":\"image\\\/jpeg\"},\"semi\":{\"file\":\"A0348E14-6236-4B9D-94C3-B20A8D38D39D-580x387.jpeg\",\"width\":580,\"height\":387,\"mime-type\":\"image\\\/jpeg\"},\"mobile\":{\"file\":\"A0348E14-6236-4B9D-94C3-B20A8D38D39D-720x480.jpeg\",\"width\":720,\"height\":480,\"mime-type\":\"image\\\/jpeg\"},\"hd\":{\"file\":\"A0348E14-6236-4B9D-94C3-B20A8D38D39D-1280x853.jpeg\",\"width\":1280,\"height\":853,\"mime-type\":\"image\\\/jpeg\"},\"1536x1536\":{\"file\":\"A0348E14-6236-4B9D-94C3-B20A8D38D39D-1536x1024.jpeg\",\"width\":1536,\"height\":1024,\"mime-type\":\"image\\\/jpeg\"},\"original\":{\"file\":\"A0348E14-6236-4B9D-94C3-B20A8D38D39D.jpeg\",\"width\":1920,\"height\":1280}},\n\t\t\t\t\"alt\" : \"Wei\\u00dfer Karton mit Etikett, das Informationen und Hinweise enth\\u00e4lt, vor neutralem Hintergrund.\",\n\t\t\t\t\"path\" : \"\\\/wp-content\\\/uploads\\\/2021\\\/06\\\/\",\n\t\t\t\t\"video\" : null,\n\t\t\t\t\"autoplay\" : null,\n\t\t\t\t\"youtube\" : null,\n\t\t\t\t\"youtubelabel\" : \"Video abspielen\",\n\t\t\t\t\"brightness\" : 100,\n\t\t\t\t\"crop\" : {\"top\":\"51.16\",\"left\":\"34.90\"},\n\t\t\t\t\"background\" : true,\n\t\t\t\t\"scale\" : 2\t\t\t\t}\n\t\t\t<\/script>\n\n\t\t\t<div class=\"height-container\" style=\"padding-bottom:66.666666666667%;\" v-if=\"sizes\">\n\t\t\t\t\t\t\t\t<lazy-media :inline=\"true\" :alt=\"alt\" :sizes=\"sizes\" :scale=\"scale\" :brightness=\"brightness\" :path=\"path\" :video=\"video\" :autoplay=\"autoplay\" :youtube=\"youtube\" :crop=\"crop\" :youtubelabel=\"youtubelabel\" :background=\"background\" media-id=\"desc_media_69ee689c6cfa1\"><\/lazy-media>\n\t\t\t\t\t\t\t<\/div>\n\n\t\t\t\t\t\t\t<figcaption class=\"sr-only\" ref=\"body\" id=\"desc_media_69ee689c6cfa1\">\n\t\t\t\t\t\t\t\t\t\t\t<div>Die Toi Moko aus dem Ethnologischen Museum der Staatlichen Museen zu Berlin werden nach Neuseeland repatriiert.<\/div>\n\t\t\t\t\t\t\t\t\t\t\t\t\t\t\t\t\t\t\t\t\t<div class=\"insignificant\">\u00a9 Ethnologisches Museum, Staatliche Museen zu Berlin \/ Leonie G\u00e4rtner<\/div>\n\t\t\t\t\t\t\t\t\t<\/figcaption>\n\t\t\t\t\t<\/figure>\n\t<\/lazy-media-inline>\n\t\t\t\t<\/div>\n\t\t\t<\/div>\n\t\t\t<div class=\"col-xs-12 teaser-event-text Infos\">\n\t\t\t\t<div class=\"teaser-event-standard-text\">\n\t\t\t\t\t<div class=\"margin-bottom-atom\">\n\t\t\t\t\t\t<div class=\"subline clamp-1\" v-html=\"maingenre\"><\/div>\n\t\t\t\t\t\t\t\t\t\t\t\t\t<div class=\"insignificant clamp-2\">99 Fragen<\/div>\n\t\t\t\t\t\t\t\t\t\t\t<\/div>\n\t\t\t\t\n\t\t\t\t\t<strong class=\"margin-bottom-atom\">Wir reden \u00fcber Menschen<\/strong>\n\n\t\t\t\t\t\t\t\t\t\t\t<div class=\"\">Wie und warum kamen menschliche \u00dcberreste in die Museen? <\/div>\n\t\t\t\t\t\t\t\t\t<\/div>\n\t\t\t\t<div class=\"teaser-bottom border-bottom\">\n\t\t\t\t<calendardateline :rawitem='item' :show-icon=\"true\"><\/calendardateline>\n\t\t\t\t\t<hr>\n\t\t\t\t<\/div>\n\t\t\t<\/div>\n\t\t<\/div>\n\t<\/a>\n\t<\/calendarteaser>\n<\/li>\n\n<li class=\"teaser-lane-slide col-xs-9 col-sm-4 col-md-3 teaser-wrapper col-padding-remove\">\n\t<calendarteaser key=\"2156712341\" rawitem='{&quot;postId&quot;:21567,&quot;title&quot;:&quot;Spurensuche wohin?&quot;,&quot;excerpt&quot;:&quot;Was macht eine postkoloniale Provenienzforschung in Sammlungen aus kolonialen Kontexten\\u00a0aus?&quot;,&quot;slug&quot;:&quot;spurensuche-wohin&quot;,&quot;post_date&quot;:&quot;2021-05-05T09:58&quot;,&quot;type&quot;:&quot;event&quot;,&quot;permalink&quot;:&quot;https:\\\/\\\/www.humboldtforum.org\\\/de\\\/programm\\\/termin\\\/diskurs\\\/spurensuche-wohin-21567\\\/&quot;,&quot;genre&quot;:[392],&quot;genre_details&quot;:[{&quot;text&quot;:&quot;Diskurs&quot;,&quot;id&quot;:392,&quot;icon&quot;:null,&quot;parent&quot;:0}],&quot;targetgroup&quot;:[383],&quot;targetgroup_details&quot;:[{&quot;text&quot;:&quot;Erwachsene&quot;,&quot;id&quot;:383,&quot;icon&quot;:null,&quot;parent&quot;:0}],&quot;language&quot;:[384,385],&quot;language_details&quot;:[{&quot;text&quot;:&quot;Deutsch&quot;,&quot;id&quot;:384,&quot;icon&quot;:null,&quot;parent&quot;:0},{&quot;text&quot;:&quot;Englisch&quot;,&quot;id&quot;:385,&quot;icon&quot;:null,&quot;parent&quot;:0}],&quot;place&quot;:[498],&quot;place_details&quot;:{&quot;place&quot;:&quot;Humboldt Forum&quot;,&quot;map&quot;:&quot;Humboldt Forum, Schlossplatz, Berlin&quot;,&quot;room&quot;:&quot;Online-Veranstaltung&quot;},&quot;icon_overwrite&quot;:&quot;&quot;,&quot;acf&quot;:{&quot;noindex&quot;:false,&quot;keywords&quot;:&quot;&quot;,&quot;hashtag&quot;:&quot;HumboldtForum&quot;,&quot;shorturl&quot;:&quot;&quot;,&quot;times&quot;:[],&quot;planning&quot;:{&quot;price&quot;:&quot;Online-Veranstaltung&quot;,&quot;admission&quot;:&quot;&quot;,&quot;pause&quot;:&quot;&quot;,&quot;duration&quot;:&quot;&quot;},&quot;subline&quot;:&quot;Provenienzforschung und Objektbiographien&quot;,&quot;shorttext&quot;:&quot;Was macht eine postkoloniale Provenienzforschung in Sammlungen aus kolonialen Kontexten\\u00a0aus?&quot;,&quot;highlight_header&quot;:false,&quot;featured_images&quot;:[21858],&quot;hyphenation&quot;:true,&quot;tipp&quot;:false,&quot;alert_text&quot;:&quot;Aufzeichnung&quot;,&quot;joker&quot;:true,&quot;live&quot;:false,&quot;yt&quot;:&quot;https:\\\/\\\/www.youtube.com\\\/watch?v=sicW2d3jql8&quot;,&quot;additional_info&quot;:{&quot;icon&quot;:&quot;0&quot;,&quot;text&quot;:&quot;&quot;},&quot;use_video_in_teasers&quot;:false,&quot;hide_event_in_program&quot;:false,&quot;belongsto&quot;:[14188]},&quot;date&quot;:{&quot;NX&quot;:null,&quot;NXX&quot;:null,&quot;NLAST&quot;:&quot;202105131500&quot;,&quot;from_DATE&quot;:&quot;20210513 19:00&quot;,&quot;from&quot;:1620918000,&quot;to&quot;:1620918000,&quot;to_DATE&quot;:&quot;20210513 19:00&quot;,&quot;from_HRFSHORT&quot;:&quot;13. Mai 2021&quot;,&quot;from_HRFSHORT_WD&quot;:&quot;Do 13.05.2021&quot;,&quot;to_HRFSHORT&quot;:&quot;13. Mai 2021&quot;,&quot;to_HRFSHORT_WD&quot;:&quot;Do 13.05.2021&quot;,&quot;from_HRF&quot;:&quot;Do, 13. Mai 2021&quot;,&quot;to_HRF&quot;:&quot;Do, 13. Mai 2021&quot;,&quot;from_to_HRF&quot;:&quot;Do, 13. Mai \\u2013 Do, 13. Mai 2021&quot;,&quot;from_to_HRFSHORT&quot;:&quot;13. Mai \\u2013 13. Mai 2021&quot;},&quot;alert&quot;:&quot;Aufzeichnung&quot;,&quot;partof&quot;:[14188],&quot;marketing_topic&quot;:{&quot;title&quot;:&quot;99 Fragen&quot;,&quot;ID&quot;:14188,&quot;reason&quot;:&quot;sequence&quot;}}' inline-template>\n\t<a href=\"https:\/\/www.humboldtforum.org\/de\/programm\/termin\/diskurs\/spurensuche-wohin-21567\/\" class=\"teaser teaser-event teaser-event-standard\">\n\t\t<div class=\"row\">\n\t\t\t<div class=\"col-xs-12 teaser-event-image\">\n\t\t\t\t<div class=\"teaser-image teaser-image-no-alternate\">\n\t\t\t\t\t\t\t\t\t\t\t\t\t<span class=\"alert\">Aufzeichnung<\/span>\n\t\t\t\t\t\t\t\t\t\t\t\n\t<lazy-media-inline inline-template>\n\t\t<figure itemscope itemtype=\"http:\/\/schema.org\/ImageObject\" class=\"lazy-media-inline \" role=\"group\" id=\"media_69ee689c6da89\" aria-labelledby=\"desc_media_69ee689c6da89\">\n\t\t\t<script type=\"application\/json\" ref=\"data\">\n\t\t\t\t{\n\t\t\t\t\"sizes\" : {\"medium\":{\"file\":\"99-Fragen_web-300x225.jpg\",\"width\":300,\"height\":225,\"mime-type\":\"image\\\/jpeg\"},\"large\":{\"file\":\"99-Fragen_web-1024x768.jpg\",\"width\":1024,\"height\":768,\"mime-type\":\"image\\\/jpeg\"},\"thumbnail\":{\"file\":\"99-Fragen_web-150x150.jpg\",\"width\":150,\"height\":150,\"mime-type\":\"image\\\/jpeg\"},\"medium_large\":{\"file\":\"99-Fragen_web-768x576.jpg\",\"width\":768,\"height\":576,\"mime-type\":\"image\\\/jpeg\"},\"small\":{\"file\":\"99-Fragen_web-440x330.jpg\",\"width\":440,\"height\":330,\"mime-type\":\"image\\\/jpeg\"},\"semi\":{\"file\":\"99-Fragen_web-580x435.jpg\",\"width\":580,\"height\":435,\"mime-type\":\"image\\\/jpeg\"},\"mobile\":{\"file\":\"99-Fragen_web-720x540.jpg\",\"width\":720,\"height\":540,\"mime-type\":\"image\\\/jpeg\"},\"hd\":{\"file\":\"99-Fragen_web-1280x960.jpg\",\"width\":1280,\"height\":960,\"mime-type\":\"image\\\/jpeg\"},\"full\":{\"file\":\"99-Fragen_web-1920x1440.jpg\",\"width\":1920,\"height\":1440,\"mime-type\":\"image\\\/jpeg\"},\"1536x1536\":{\"file\":\"99-Fragen_web-1536x1152.jpg\",\"width\":1536,\"height\":1152,\"mime-type\":\"image\\\/jpeg\"},\"original\":{\"file\":\"99-Fragen_web.jpg\",\"width\":2000,\"height\":1500}},\n\t\t\t\t\"alt\" : \"Historisches Schwarz-Wei\\u00df-Foto eines Mannes in einem Arbeitsraum mit Tisch und St\\u00fchlen, umgeben von Werkzeugen.\",\n\t\t\t\t\"path\" : \"\\\/wp-content\\\/uploads\\\/2021\\\/05\\\/\",\n\t\t\t\t\"video\" : null,\n\t\t\t\t\"autoplay\" : null,\n\t\t\t\t\"youtube\" : null,\n\t\t\t\t\"youtubelabel\" : \"Video abspielen\",\n\t\t\t\t\"brightness\" : 100,\n\t\t\t\t\"crop\" : {\"top\":\"50.00\",\"left\":\"50.00\"},\n\t\t\t\t\"background\" : true,\n\t\t\t\t\"scale\" : 2\t\t\t\t}\n\t\t\t<\/script>\n\n\t\t\t<div class=\"height-container\" style=\"padding-bottom:75%;\" v-if=\"sizes\">\n\t\t\t\t\t\t\t\t<lazy-media :inline=\"true\" :alt=\"alt\" :sizes=\"sizes\" :scale=\"scale\" :brightness=\"brightness\" :path=\"path\" :video=\"video\" :autoplay=\"autoplay\" :youtube=\"youtube\" :crop=\"crop\" :youtubelabel=\"youtubelabel\" :background=\"background\" media-id=\"desc_media_69ee689c6da89\"><\/lazy-media>\n\t\t\t\t\t\t\t<\/div>\n\n\t\t\t\t\t\t\t<figcaption class=\"sr-only\" ref=\"body\" id=\"desc_media_69ee689c6da89\">\n\t\t\t\t\t\t\t\t\t\t\t\t\t\t\t\t<div>Provisorische Schreibtische aus Kisten. Fotografie aus dem Medienarchiv des Ethnologischen Museums zu Berlin  <\/div>\n\t\t\t\t\t\t\t\t\t\t\t\t\t\t\t\t<div class=\"insignificant\">\u00a9 Michael Dieminger \r\n<\/div>\n\t\t\t\t\t\t\t\t\t<\/figcaption>\n\t\t\t\t\t<\/figure>\n\t<\/lazy-media-inline>\n\t\t\t\t<\/div>\n\t\t\t<\/div>\n\t\t\t<div class=\"col-xs-12 teaser-event-text Infos\">\n\t\t\t\t<div class=\"teaser-event-standard-text\">\n\t\t\t\t\t<div class=\"margin-bottom-atom\">\n\t\t\t\t\t\t<div class=\"subline clamp-1\" v-html=\"maingenre\"><\/div>\n\t\t\t\t\t\t\t\t\t\t\t\t\t<div class=\"insignificant clamp-2\">99 Fragen<\/div>\n\t\t\t\t\t\t\t\t\t\t\t<\/div>\n\t\t\t\t\n\t\t\t\t\t<strong class=\"margin-bottom-atom\">Spurensuche wohin?<\/strong>\n\n\t\t\t\t\t\t\t\t\t\t\t<div class=\"\">Provenienzforschung und Objektbiographien<\/div>\n\t\t\t\t\t\t\t\t\t<\/div>\n\t\t\t\t<div class=\"teaser-bottom border-bottom\">\n\t\t\t\t<calendardateline :rawitem='item' :show-icon=\"true\"><\/calendardateline>\n\t\t\t\t\t<hr>\n\t\t\t\t<\/div>\n\t\t\t<\/div>\n\t\t<\/div>\n\t<\/a>\n\t<\/calendarteaser>\n<\/li>\n\n<li class=\"teaser-lane-slide col-xs-9 col-sm-4 col-md-3 teaser-wrapper col-padding-remove\">\n\t<calendarteaser key=\"141826011\" rawitem='{&quot;postId&quot;:14182,&quot;title&quot;:&quot;Status Quo&quot;,&quot;excerpt&quot;:&quot;Die erste Veranstaltung der Reihe 99 Fragen stellt die Frage nach dem Status quo ethnologischer Museen und Sammlungen.\\u00a0&quot;,&quot;slug&quot;:&quot;status-quo&quot;,&quot;post_date&quot;:&quot;2020-10-23T15:56&quot;,&quot;type&quot;:&quot;event&quot;,&quot;permalink&quot;:&quot;https:\\\/\\\/www.humboldtforum.org\\\/de\\\/programm\\\/termin\\\/diskurs\\\/status-quo-14182\\\/&quot;,&quot;genre&quot;:[392],&quot;genre_details&quot;:[{&quot;text&quot;:&quot;Diskurs&quot;,&quot;id&quot;:392,&quot;icon&quot;:null,&quot;parent&quot;:0}],&quot;stakeholder&quot;:[382],&quot;stakeholder_details&quot;:[{&quot;text&quot;:&quot;Stiftung Humboldt Forum im Berliner Schloss&quot;,&quot;id&quot;:382,&quot;icon&quot;:null,&quot;parent&quot;:0}],&quot;language&quot;:[384,385],&quot;language_details&quot;:[{&quot;text&quot;:&quot;Deutsch&quot;,&quot;id&quot;:384,&quot;icon&quot;:null,&quot;parent&quot;:0},{&quot;text&quot;:&quot;Englisch&quot;,&quot;id&quot;:385,&quot;icon&quot;:null,&quot;parent&quot;:0}],&quot;place&quot;:[498],&quot;place_details&quot;:{&quot;place&quot;:&quot;Humboldt Forum&quot;,&quot;map&quot;:&quot;Humboldt Forum, Schlossplatz, Berlin&quot;,&quot;room&quot;:&quot;Online-Veranstaltung&quot;},&quot;icon_overwrite&quot;:&quot;&quot;,&quot;acf&quot;:{&quot;hashtag&quot;:&quot;HumboldtForum&quot;,&quot;planning&quot;:{&quot;price&quot;:&quot;Eintritt frei, Online-Veranstaltung&quot;,&quot;admission&quot;:&quot;&quot;,&quot;pause&quot;:&quot;&quot;,&quot;duration&quot;:&quot;&quot;},&quot;subline&quot;:&quot;Koloniale Sammlungen in europ\\u00e4ischen Museen&quot;,&quot;marketing_text&quot;:&quot;Wo stehen ethnologische Museen heute?&quot;,&quot;shorttext&quot;:&quot;Die erste Veranstaltung der Reihe 99 Fragen stellt die Frage nach dem Status quo ethnologischer Museen und Sammlungen.\\u00a0&quot;,&quot;highlight_header&quot;:false,&quot;featured_images&quot;:[20338],&quot;tipp&quot;:false,&quot;live&quot;:false,&quot;shorturl&quot;:&quot;&quot;,&quot;hyphenation&quot;:true,&quot;times&quot;:[],&quot;noindex&quot;:false,&quot;keywords&quot;:&quot;&quot;,&quot;yt&quot;:&quot;https:\\\/\\\/www.youtube.com\\\/watch?v=3jOj6OS5Fsk&quot;,&quot;additional_info&quot;:{&quot;icon&quot;:&quot;0&quot;,&quot;text&quot;:&quot;&quot;},&quot;belongsto&quot;:[14188],&quot;use_video_in_teasers&quot;:false,&quot;joker&quot;:true,&quot;hide_event_in_program&quot;:false,&quot;alert_text&quot;:&quot;Aufzeichnung&quot;},&quot;date&quot;:{&quot;NX&quot;:null,&quot;NXX&quot;:null,&quot;NLAST&quot;:&quot;202104151500&quot;,&quot;from_DATE&quot;:&quot;20210415 19:00&quot;,&quot;from&quot;:1618498800,&quot;to&quot;:1618498800,&quot;to_DATE&quot;:&quot;20210415 19:00&quot;,&quot;from_HRFSHORT&quot;:&quot;15. Apr 2021&quot;,&quot;from_HRFSHORT_WD&quot;:&quot;Do 15.04.2021&quot;,&quot;to_HRFSHORT&quot;:&quot;15. Apr 2021&quot;,&quot;to_HRFSHORT_WD&quot;:&quot;Do 15.04.2021&quot;,&quot;from_HRF&quot;:&quot;Do, 15. April 2021&quot;,&quot;to_HRF&quot;:&quot;Do, 15. April 2021&quot;,&quot;from_to_HRF&quot;:&quot;Do, 15. April \\u2013 Do, 15. April 2021&quot;,&quot;from_to_HRFSHORT&quot;:&quot;15. Apr \\u2013 15. Apr 2021&quot;},&quot;alert&quot;:&quot;Aufzeichnung&quot;,&quot;partof&quot;:[14188],&quot;marketing_topic&quot;:{&quot;title&quot;:&quot;99 Fragen&quot;,&quot;ID&quot;:14188,&quot;reason&quot;:&quot;sequence&quot;}}' inline-template>\n\t<a href=\"https:\/\/www.humboldtforum.org\/de\/programm\/termin\/diskurs\/status-quo-14182\/\" class=\"teaser teaser-event teaser-event-standard\">\n\t\t<div class=\"row\">\n\t\t\t<div class=\"col-xs-12 teaser-event-image\">\n\t\t\t\t<div class=\"teaser-image teaser-image-no-alternate\">\n\t\t\t\t\t\t\t\t\t\t\t\t\t<span class=\"alert\">Aufzeichnung<\/span>\n\t\t\t\t\t\t\t\t\t\t\t\n\t<lazy-media-inline inline-template>\n\t\t<figure itemscope itemtype=\"http:\/\/schema.org\/ImageObject\" class=\"lazy-media-inline \" role=\"group\" id=\"media_69ee689c6e441\" aria-labelledby=\"desc_media_69ee689c6e441\">\n\t\t\t<script type=\"application\/json\" ref=\"data\">\n\t\t\t\t{\n\t\t\t\t\"sizes\" : {\"medium\":{\"file\":\"SHF_eb00108671-300x300.jpg\",\"width\":300,\"height\":300,\"mime-type\":\"image\\\/jpeg\"},\"large\":{\"file\":\"SHF_eb00108671-1024x1024.jpg\",\"width\":1024,\"height\":1024,\"mime-type\":\"image\\\/jpeg\"},\"thumbnail\":{\"file\":\"SHF_eb00108671-150x150.jpg\",\"width\":150,\"height\":150,\"mime-type\":\"image\\\/jpeg\"},\"medium_large\":{\"file\":\"SHF_eb00108671-768x768.jpg\",\"width\":768,\"height\":768,\"mime-type\":\"image\\\/jpeg\"},\"small\":{\"file\":\"SHF_eb00108671-440x440.jpg\",\"width\":440,\"height\":440,\"mime-type\":\"image\\\/jpeg\"},\"semi\":{\"file\":\"SHF_eb00108671-580x580.jpg\",\"width\":580,\"height\":580,\"mime-type\":\"image\\\/jpeg\"},\"mobile\":{\"file\":\"SHF_eb00108671-720x720.jpg\",\"width\":720,\"height\":720,\"mime-type\":\"image\\\/jpeg\"},\"hd\":{\"file\":\"SHF_eb00108671-1280x1280.jpg\",\"width\":1280,\"height\":1280,\"mime-type\":\"image\\\/jpeg\"},\"full\":{\"file\":\"SHF_eb00108671-1920x1920.jpg\",\"width\":1920,\"height\":1920,\"mime-type\":\"image\\\/jpeg\"},\"1536x1536\":{\"file\":\"SHF_eb00108671-1536x1536.jpg\",\"width\":1536,\"height\":1536,\"mime-type\":\"image\\\/jpeg\"},\"original\":{\"file\":\"SHF_eb00108671.jpg\",\"width\":2048,\"height\":2048}},\n\t\t\t\t\"alt\" : \"Schwarz-wei\\u00dfe Innenraumfotografien auf Papierbl\\u00e4ttern, mit Notizen und einem Notizbuch im Hintergrund angeordnet.\",\n\t\t\t\t\"path\" : \"\\\/wp-content\\\/uploads\\\/2020\\\/10\\\/\",\n\t\t\t\t\"video\" : null,\n\t\t\t\t\"autoplay\" : null,\n\t\t\t\t\"youtube\" : null,\n\t\t\t\t\"youtubelabel\" : \"Video abspielen\",\n\t\t\t\t\"brightness\" : 100,\n\t\t\t\t\"crop\" : {\"top\":\"56.18\",\"left\":\"64.14\"},\n\t\t\t\t\"background\" : true,\n\t\t\t\t\"scale\" : 2\t\t\t\t}\n\t\t\t<\/script>\n\n\t\t\t<div class=\"height-container\" style=\"padding-bottom:100%;\" v-if=\"sizes\">\n\t\t\t\t\t\t\t\t<lazy-media :inline=\"true\" :alt=\"alt\" :sizes=\"sizes\" :scale=\"scale\" :brightness=\"brightness\" :path=\"path\" :video=\"video\" :autoplay=\"autoplay\" :youtube=\"youtube\" :crop=\"crop\" :youtubelabel=\"youtubelabel\" :background=\"background\" media-id=\"desc_media_69ee689c6e441\"><\/lazy-media>\n\t\t\t\t\t\t\t<\/div>\n\n\t\t\t\t\t\t\t<figcaption class=\"sr-only\" ref=\"body\" id=\"desc_media_69ee689c6e441\">\n\t\t\t\t\t\t\t\t\t\t\t<div>Fotografie aus dem Medienarchiv des Ethnologischen Museums zu Berlin.\r\n<\/div>\n\t\t\t\t\t\t\t\t\t\t\t\t\t\t\t\t\t\t\t\t\t<div class=\"insignificant\">\u00a9 Michael Dieminger<\/div>\n\t\t\t\t\t\t\t\t\t<\/figcaption>\n\t\t\t\t\t<\/figure>\n\t<\/lazy-media-inline>\n\t\t\t\t<\/div>\n\t\t\t<\/div>\n\t\t\t<div class=\"col-xs-12 teaser-event-text Infos\">\n\t\t\t\t<div class=\"teaser-event-standard-text\">\n\t\t\t\t\t<div class=\"margin-bottom-atom\">\n\t\t\t\t\t\t<div class=\"subline clamp-1\" v-html=\"maingenre\"><\/div>\n\t\t\t\t\t\t\t\t\t\t\t\t\t<div class=\"insignificant clamp-2\">99 Fragen<\/div>\n\t\t\t\t\t\t\t\t\t\t\t<\/div>\n\t\t\t\t\n\t\t\t\t\t<strong class=\"margin-bottom-atom\">Status Quo<\/strong>\n\n\t\t\t\t\t\t\t\t\t\t\t<div class=\"\">Wo stehen ethnologische Museen heute?<\/div>\n\t\t\t\t\t\t\t\t\t<\/div>\n\t\t\t\t<div class=\"teaser-bottom border-bottom\">\n\t\t\t\t<calendardateline :rawitem='item' :show-icon=\"true\"><\/calendardateline>\n\t\t\t\t\t<hr>\n\t\t\t\t<\/div>\n\t\t\t<\/div>\n\t\t<\/div>\n\t<\/a>\n\t<\/calendarteaser>\n<\/li>\n\n\t\t\t\t\t\t<\/ul>\n\t\t\t\t\t<\/div>\n\t\t\t\t<\/div>\n\t\t\t<\/teaser-lane-with-buttons>\n\t\t\t\t<\/lazy-component>\n<\/section>\n\n\n\n<section class=\"block block-headline block-no-margin \"  id='99-fragen-gathering' data-anchor='99 Fragen - Gathering'>\n\t<div class=\"container-fluid\">\n\t\t<div class=\"row\">\n\t\t\t\t\t\t\t<div class=\"col-xs-12 col-md-offset-2 col-md-8\">\n\t\t\t\t\t<div class=\"box\">\n\t\t\t\t\t\t<h2 class=\".h4\">99 Fragen &#8211; Gathering<\/h2>\n\t\t\t\t\t<\/div>\n\t\t\t\t<\/div>\n\t\t\t\t\t<\/div>\n\t<\/div>\n<\/section>\n\n\n\n\n\n<section class=\"block block-CTA-huge block-CTA-huge\">\n\t<div class=\"container-fluid\">\n\t\t\t<a href=\"https:\/\/www.humboldtforum.org\/de\/programm\/event\/meetup\/99-fragen-gathering-55556\/\" class=\"teaser\" aria-label=\"99 Fragen Gathering\">\n\t\t\t<div class=\"box\">\n\n\t\t\t\t<div class=\"row CTA-image\">\n\t\t\t\t\t<div class=\"col-xs-12 col-sm-6  teaser-image\">\n\t\t\t\t\t\t\n\t<lazy-media-inline inline-template>\n\t\t<figure itemscope itemtype=\"http:\/\/schema.org\/ImageObject\" class=\"lazy-media-inline \" role=\"group\" id=\"media_69ee689c70c70\" aria-labelledby=\"desc_media_69ee689c70c70\">\n\t\t\t<script type=\"application\/json\" ref=\"data\">\n\t\t\t\t{\n\t\t\t\t\"sizes\" : {\"medium\":{\"file\":\"SHF_eb00156116-300x231.jpeg\",\"width\":300,\"height\":231,\"mime-type\":\"image\\\/jpeg\",\"filesize\":26743},\"large\":{\"file\":\"SHF_eb00156116-1024x788.jpeg\",\"width\":1024,\"height\":788,\"mime-type\":\"image\\\/jpeg\",\"filesize\":273590},\"thumbnail\":{\"file\":\"SHF_eb00156116-150x150.jpeg\",\"width\":150,\"height\":150,\"mime-type\":\"image\\\/jpeg\",\"filesize\":9079},\"medium_large\":{\"file\":\"SHF_eb00156116-768x591.jpeg\",\"width\":768,\"height\":591,\"mime-type\":\"image\\\/jpeg\",\"filesize\":161031},\"small\":{\"file\":\"SHF_eb00156116-440x338.jpeg\",\"width\":440,\"height\":338,\"mime-type\":\"image\\\/jpeg\",\"filesize\":56204},\"semi\":{\"file\":\"SHF_eb00156116-580x446.jpeg\",\"width\":580,\"height\":446,\"mime-type\":\"image\\\/jpeg\",\"filesize\":95534},\"mobile\":{\"file\":\"SHF_eb00156116-720x554.jpeg\",\"width\":720,\"height\":554,\"mime-type\":\"image\\\/jpeg\",\"filesize\":143269},\"hd\":{\"file\":\"SHF_eb00156116-1280x985.jpeg\",\"width\":1280,\"height\":985,\"mime-type\":\"image\\\/jpeg\",\"filesize\":405158},\"full\":{\"file\":\"SHF_eb00156116-1920x1477.jpeg\",\"width\":1920,\"height\":1477,\"mime-type\":\"image\\\/jpeg\",\"filesize\":793199},\"1536x1536\":{\"file\":\"SHF_eb00156116-1536x1181.jpeg\",\"width\":1536,\"height\":1181,\"mime-type\":\"image\\\/jpeg\",\"filesize\":552886},\"2048x2048\":{\"file\":\"SHF_eb00156116-2048x1575.jpeg\",\"width\":2048,\"height\":1575,\"mime-type\":\"image\\\/jpeg\",\"filesize\":880731},\"original\":{\"file\":\"SHF_eb00156116.jpeg\",\"width\":2400,\"height\":1846}},\n\t\t\t\t\"alt\" : \"Abstraktes Muster in Rot- und Schwarzt\\u00f6nen mit gewellten Linien und flie\\u00dfenden Texturen.\",\n\t\t\t\t\"path\" : \"\\\/wp-content\\\/uploads\\\/2022\\\/10\\\/\",\n\t\t\t\t\"video\" : null,\n\t\t\t\t\"autoplay\" : null,\n\t\t\t\t\"youtube\" : null,\n\t\t\t\t\"youtubelabel\" : \"Video abspielen\",\n\t\t\t\t\"brightness\" : \"100\",\n\t\t\t\t\"crop\" : null,\n\t\t\t\t\"background\" : true,\n\t\t\t\t\"scale\" : 1\t\t\t\t}\n\t\t\t<\/script>\n\n\t\t\t<div class=\"height-container\" style=\"padding-bottom:76.916666666667%;\" v-if=\"sizes\">\n\t\t\t\t\t\t\t\t<lazy-media :inline=\"true\" :alt=\"alt\" :sizes=\"sizes\" :scale=\"scale\" :brightness=\"brightness\" :path=\"path\" :video=\"video\" :autoplay=\"autoplay\" :youtube=\"youtube\" :crop=\"crop\" :youtubelabel=\"youtubelabel\" :background=\"background\" media-id=\"desc_media_69ee689c70c70\"><\/lazy-media>\n\t\t\t\t\t\t\t<\/div>\n\n\t\t\t\t\t\t\t<figcaption class=\"sr-only\" ref=\"body\" id=\"desc_media_69ee689c70c70\">\n\t\t\t\t\t\t\t\t\t\t\t\t\t\t\t\t\t\t\t\t\t<div class=\"insignificant\">\u00a9 (1) Image by Visax (2) historia \u00a9 Denilson Baniwa (3) Places of Belonging, film still \u00a9 Mwana Pwo (4) \u00a9 Susan Wilkinson (5) \u00a9 Brayan Sticks (2022) (6) the names have changed, including my own and truths have been altered, film still \u00a9 Onyeka Igwe<\/div>\n\t\t\t\t\t\t\t\t\t<\/figcaption>\n\t\t\t\t\t<\/figure>\n\t<\/lazy-media-inline>\n\t\t\t\t\t<\/div>\n\t\t\t\t<\/div>\n\t\t\t\t<div class=\"CTA-border-wrapper\">\n\t\t\t\t\t<div class=\"row middle-sm center-xs CTA-border\">\n\t\t\t\t\t\t<div class=\"col-xs-10 col-sm-4 col-sm-offset-5\">\n\t\t\t\t\t\t\t<div class=\"box\">\n\t\t\t\t\t\t\t\t<div class=\"teaser-overline subline\">27.10. &#8211; 28.10.2022 <\/div>\t\t\t\t\t\t\t\t<div>\n\t\t\t\t\t\t\t\t\t<h3>99 Fragen Gathering<\/h3>\n\t\t\t\t\t\t\t\t\t<div class=\"Teaser-copy\">Zwei Tage mit verschiedenen k\u00fcnstlerischen Interventionen und kurzen Impuls-Sessions<\/div>\t\t\t\t\t\t\t\t\t\t\t\t\t\t\t\t\t\t\t<div class=\"Button\" style=\"margin-top: var(--spacing-third)\" ><span>Weitere Informationen hier<\/span><\/div>\n\t\t\t\t\t\t\t\t\t\t\t\t\t\t\t\t\t<\/div>\n\t\t\t\t\t\t\t<\/div>\n\t\t\t\t\t\t<\/div>\n\t\t\t\t\t<\/div>\n\t\t\t\t<\/div>\n\t\t\t<\/div>\n\t\t<\/a>\n\t<\/div>\n<\/section>\n\n\n\n<section class=\"block block-headline block-no-margin \"  id='99-fragen-podcast' data-anchor='99 Fragen \u2013 Podcast'>\n\t<div class=\"container-fluid\">\n\t\t<div class=\"row\">\n\t\t\t\t\t\t\t<div class=\"col-xs-12 col-md-offset-2 col-md-8\">\n\t\t\t\t\t<div class=\"box\">\n\t\t\t\t\t\t<h2 class=\".h4\">99 Fragen \u2013 Podcast<\/h2>\n\t\t\t\t\t<\/div>\n\t\t\t\t<\/div>\n\t\t\t\t\t<\/div>\n\t<\/div>\n<\/section>\n\n\n\n\n<section class=\"block block-copy block-no-margin\" >\n    <div class=\"container-fluid\">\n\t\t<div class=\"row \">\n            <div class=\"col-xs-12 col-md-offset-2 col-md-8\">\n                <div class=\"box\">\n                    <div class=\"copy\"><p>Der <em>99 Fragen Podcast<\/em> bietet die M\u00f6glichkeit, mit wechselnden Moderator*innen und unterschiedlichen G\u00e4sten vertiefend in die Themen der Reihe einzusteigen. In verschiedenen Folgen thematisieren die G\u00e4ste die Verbindungen von Museen und Kolonialismus, geben pers\u00f6nliche Erfahrungen wieder und diskutieren, wie eine kuratorische Praxis und eine Welt von morgen aussehen k\u00f6nnen.<\/p>\n<p>Die ersten f\u00fcnf Podcast-Folgen wurden in thematischer Anlehnung an die ersten f\u00fcnf <em>99 Fragen Dialoge<\/em> von\u00a0<a href=\"https:\/\/www.afronaut.space\/\">Feven Keleta<\/a> moderiert. Im Rahmen der\u00a0<em>99 Fragen Residenz\u00a0<\/em>von\u00a0Chao Taiyana Maina\u00a0and Molemo Moiloa von\u00a0<a class=\"external-link\" href=\"https:\/\/openrestitution.africa\/\" rel=\"nofollow\">Open Restitution Africa<\/a>\u00a0entstand die\u00a0f\u00fcnfteilige\u00a0Mini-Serie\u00a0<em>Access for who?<\/em>, die sich mit Fragen zur F\u00fcrsorge und Ethik bei der Digitalisierung von Kulturerbe aus Afrika befasst.<\/p>\n<p><em>Decolonial Ecologies,\u00a0<\/em>die dritte Ausgabe des 99 Fragen Podcasts,\u00a0wurde von der Forscherin, Kuratorin und K\u00fcnstlerin Aouefa Amoussouvi kuratiert und moderiert. Die sechsteilige Reihe besch\u00e4ftigt sich mit diversen dekolonialen Praktiken f\u00fcr nachhaltigen und inklusiven Umweltschutz im Globalen S\u00fcden sowie im Globalen Norden. Zudem thematisiert sie verschiedene Machtdynamiken und deren Verstrickungen mit der \u00d6kologie als akademische wissenschaftliche Disziplin.<\/p>\n<p>&nbsp;<\/p>\n<\/div>\n                <\/div>\n            <\/div>\n\t\t<\/div>\n\t\t    <\/div>\n<\/section>\n\n<section class=\"block block-teaser col-lane \" style=\"\">\n\t<lazy-component :fixed-min-height=\"400\">\n\t\n\t\t\t\t\t<teaser-lane-with-buttons inline-template tracking-label=\"\">\n\t\t\t\t<div class=\"teaser-lane-with-buttons\">\n\t\t\t\t\t<div class=\"container-fluid\">\n\t\t\t\t\t\t<div class=\"row bottom-xs\">\n\t\t\t\t\t\t\t<div class=\"col-xs-12 col-md-8\">\n\t\t\t\t\t\t\t\t\t\t\t\t\t\t\t\t\t\t\t\t\t\t\t\t\t\t<p class=\"Teaser-copy margin-bottom-sixth\">99 Fragen \u2013 Podcast<\/p>\t\t\t\t\t\t\t\t\t\t\t\t\t\t\t<\/div>\n\t\t\t\t\t\t\t<div class=\"col-xs-12 col-md-4 start-xs end-md margin-bottom-sixth teaser-lane-buttons-wrapper \">\n\t\t\t\t\t\t\t\t\t\t\t\t\t\t\t\t<teaser-lane-buttons :visible_prev=\"visible_prev\" :visible_next=\"visible_next\" @prev=\"prev\" @next=\"next\"><\/teaser-lane-buttons>\n\t\t\t\t\t\t\t<\/div>\n\t\t\t\t\t\t<\/div>\n\t\t\t\t\t<\/div>\n\t\t\t\t\t<div class=\"teaser-lane-wrapper\">\n\t\t\t\t\t\t<ul class=\"teaser-lane\">\n\t\t\t\t\t\t\t\t\t\t\t\t\t\t<li class=\"teaser-lane-slide col-xs-9 col-sm-4 col-md-3 teaser-wrapper col-padding-remove\">\n\t<calendarteaser key=\"10984710622\" rawitem='{&quot;postId&quot;:109847,&quot;title&quot;:&quot;Feminisms in the Museum&quot;,&quot;excerpt&quot;:&quot;&quot;,&quot;slug&quot;:&quot;feminisms-in-the-museum&quot;,&quot;post_date&quot;:&quot;2023-11-24T11:18&quot;,&quot;type&quot;:&quot;event-digital&quot;,&quot;permalink&quot;:&quot;https:\\\/\\\/www.humboldtforum.org\\\/de\\\/programm\\\/digitales-angebot\\\/digital\\\/feminisms-in-the-museum-109847\\\/&quot;,&quot;genre&quot;:[687,392],&quot;genre_details&quot;:[{&quot;text&quot;:&quot;Digital&quot;,&quot;id&quot;:687,&quot;icon&quot;:null,&quot;parent&quot;:0},{&quot;text&quot;:&quot;Diskurs&quot;,&quot;id&quot;:392,&quot;icon&quot;:null,&quot;parent&quot;:0}],&quot;digital&quot;:[768],&quot;digital_details&quot;:[{&quot;text&quot;:&quot;Podcast&quot;,&quot;id&quot;:768,&quot;icon&quot;:null,&quot;parent&quot;:0}],&quot;topic&quot;:[782],&quot;topic_details&quot;:[{&quot;text&quot;:&quot;Kolonialismus und Kolonialit\\u00e4t&quot;,&quot;id&quot;:782,&quot;icon&quot;:null,&quot;parent&quot;:0}],&quot;stakeholder&quot;:[382],&quot;stakeholder_details&quot;:[{&quot;text&quot;:&quot;Stiftung Humboldt Forum im Berliner Schloss&quot;,&quot;id&quot;:382,&quot;icon&quot;:null,&quot;parent&quot;:0}],&quot;targetgroup&quot;:[383],&quot;targetgroup_details&quot;:[{&quot;text&quot;:&quot;Erwachsene&quot;,&quot;id&quot;:383,&quot;icon&quot;:null,&quot;parent&quot;:0}],&quot;language&quot;:[385],&quot;language_details&quot;:[{&quot;text&quot;:&quot;Englisch&quot;,&quot;id&quot;:385,&quot;icon&quot;:null,&quot;parent&quot;:0}],&quot;icon_overwrite&quot;:&quot;&quot;,&quot;acf&quot;:{&quot;noindex&quot;:false,&quot;keywords&quot;:&quot;&quot;,&quot;belongsto&quot;:[14188],&quot;shorturl&quot;:&quot;&quot;,&quot;planning&quot;:{&quot;price&quot;:&quot;kostenlos&quot;,&quot;status&quot;:&quot;BUY&quot;,&quot;info&quot;:&quot;&quot;,&quot;shop&quot;:&quot;&quot;,&quot;can_purchase&quot;:false},&quot;additional_info&quot;:{&quot;icon&quot;:&quot;0&quot;,&quot;text&quot;:&quot;&quot;},&quot;highlight_header&quot;:false,&quot;featured_images&quot;:[109848],&quot;use_video_in_teasers&quot;:false,&quot;hyphenation&quot;:false,&quot;tipp&quot;:false,&quot;joker&quot;:false,&quot;live&quot;:false,&quot;hide_event_in_program&quot;:false,&quot;announcement&quot;:&quot;Jetzt h\\u00f6ren&quot;},&quot;date&quot;:[],&quot;alert&quot;:null,&quot;partof&quot;:[14188],&quot;marketing_topic&quot;:{&quot;title&quot;:&quot;99 Fragen&quot;,&quot;ID&quot;:14188,&quot;reason&quot;:&quot;sequence&quot;}}' inline-template>\n\t<a href=\"https:\/\/www.humboldtforum.org\/de\/programm\/digitales-angebot\/digital\/feminisms-in-the-museum-109847\/\" class=\"teaser teaser-event-digital teaser-event-standard\">\n\t\t<div class=\"row\">\n\t\t\t<div class=\"col-xs-12 teaser-event-image\">\n\t\t\t\t<div class=\"teaser-image teaser-image-no-alternate\">\n\t\t\t\t\t\t\t\t\t\t\t\n\t<lazy-media-inline inline-template>\n\t\t<figure itemscope itemtype=\"http:\/\/schema.org\/ImageObject\" class=\"lazy-media-inline \" role=\"group\" id=\"media_69ee689c8d0c4\" aria-labelledby=\"desc_media_69ee689c8d0c4\">\n\t\t\t<script type=\"application\/json\" ref=\"data\">\n\t\t\t\t{\n\t\t\t\t\"sizes\" : {\"medium\":{\"file\":\"SHF_eb00213327-300x129.jpg\",\"width\":300,\"height\":129,\"mime-type\":\"image\\\/jpeg\",\"filesize\":11325},\"large\":{\"file\":\"SHF_eb00213327-1024x439.jpg\",\"width\":1024,\"height\":439,\"mime-type\":\"image\\\/jpeg\",\"filesize\":67533},\"thumbnail\":{\"file\":\"SHF_eb00213327-150x150.jpg\",\"width\":150,\"height\":150,\"mime-type\":\"image\\\/jpeg\",\"filesize\":6041},\"medium_large\":{\"file\":\"SHF_eb00213327-768x329.jpg\",\"width\":768,\"height\":329,\"mime-type\":\"image\\\/jpeg\",\"filesize\":43191},\"small\":{\"file\":\"SHF_eb00213327-440x189.jpg\",\"width\":440,\"height\":189,\"mime-type\":\"image\\\/jpeg\",\"filesize\":19065},\"semi\":{\"file\":\"SHF_eb00213327-580x249.jpg\",\"width\":580,\"height\":249,\"mime-type\":\"image\\\/jpeg\",\"filesize\":28680},\"mobile\":{\"file\":\"SHF_eb00213327-720x309.jpg\",\"width\":720,\"height\":309,\"mime-type\":\"image\\\/jpeg\",\"filesize\":38728},\"hd\":{\"file\":\"SHF_eb00213327-1280x549.jpg\",\"width\":1280,\"height\":549,\"mime-type\":\"image\\\/jpeg\",\"filesize\":97171},\"full\":{\"file\":\"SHF_eb00213327-1920x823.jpg\",\"width\":1920,\"height\":823,\"mime-type\":\"image\\\/jpeg\",\"filesize\":194715},\"xxl\":{\"file\":\"SHF_eb00213327-4048x1735.jpg\",\"width\":4048,\"height\":1735,\"mime-type\":\"image\\\/jpeg\",\"filesize\":747584},\"1536x1536\":{\"file\":\"SHF_eb00213327-1536x658.jpg\",\"width\":1536,\"height\":658,\"mime-type\":\"image\\\/jpeg\",\"filesize\":132720},\"2048x2048\":{\"file\":\"SHF_eb00213327-2048x878.jpg\",\"width\":2048,\"height\":878,\"mime-type\":\"image\\\/jpeg\",\"filesize\":218818},\"original\":{\"file\":\"SHF_eb00213327.jpg\",\"width\":4200,\"height\":1800}},\n\t\t\t\t\"alt\" : \"Abstrakte Darstellung von Figuren in schwarzen Silhouetten, umgeben von bunten geometrischen Elementen im Hintergrund.\",\n\t\t\t\t\"path\" : \"\\\/wp-content\\\/uploads\\\/2023\\\/11\\\/\",\n\t\t\t\t\"video\" : null,\n\t\t\t\t\"autoplay\" : null,\n\t\t\t\t\"youtube\" : null,\n\t\t\t\t\"youtubelabel\" : \"Video abspielen\",\n\t\t\t\t\"brightness\" : 100,\n\t\t\t\t\"crop\" : null,\n\t\t\t\t\"background\" : true,\n\t\t\t\t\"scale\" : 1\t\t\t\t}\n\t\t\t<\/script>\n\n\t\t\t<div class=\"height-container\" style=\"padding-bottom:42.857142857143%;\" v-if=\"sizes\">\n\t\t\t\t\t\t\t\t<lazy-media :inline=\"true\" :alt=\"alt\" :sizes=\"sizes\" :scale=\"scale\" :brightness=\"brightness\" :path=\"path\" :video=\"video\" :autoplay=\"autoplay\" :youtube=\"youtube\" :crop=\"crop\" :youtubelabel=\"youtubelabel\" :background=\"background\" media-id=\"desc_media_69ee689c8d0c4\"><\/lazy-media>\n\t\t\t\t\t\t\t<\/div>\n\n\t\t\t\t\t\t\t<figcaption class=\"sr-only\" ref=\"body\" id=\"desc_media_69ee689c8d0c4\">\n\t\t\t\t\t\t\t\t\t\t\t<div>Banner &quot;Feminisms in the Museum&quot; Podcast &#8211; 99 Questions<\/div>\n\t\t\t\t\t\t\t\t\t\t\t\t\t\t\t\t\t\t\t\t\t<div class=\"insignificant\">\u00a9 Diana Ejaita<\/div>\n\t\t\t\t\t\t\t\t\t<\/figcaption>\n\t\t\t\t\t<\/figure>\n\t<\/lazy-media-inline>\n\t\t\t\t<\/div>\n\t\t\t<\/div>\n\t\t\t<div class=\"col-xs-12 teaser-event-text Infos\">\n\t\t\t\t<div class=\"teaser-event-standard-text\">\n\t\t\t\t\t<div class=\"margin-bottom-atom\">\n\t\t\t\t\t\t<div class=\"subline clamp-1\" v-html=\"maingenre\"><\/div>\n\t\t\t\t\t\t\t\t\t\t\t\t\t<div class=\"insignificant clamp-2\">99 Fragen<\/div>\n\t\t\t\t\t\t\t\t\t\t\t<\/div>\n\t\t\t\t\n\t\t\t\t\t<strong class=\"margin-bottom-atom\">Feminisms in the Museum<\/strong>\n\n\t\t\t\t\t\t\t\t\t\t\t<div class=\"\"><\/div>\n\t\t\t\t\t\t\t\t\t<\/div>\n\t\t\t\t<div class=\"teaser-bottom border-bottom\">\n\t\t\t\t<calendardateline :rawitem='item' :show-icon=\"true\"><\/calendardateline>\n\t\t\t\t\t<hr>\n\t\t\t\t<\/div>\n\t\t\t<\/div>\n\t\t<\/div>\n\t<\/a>\n\t<\/calendarteaser>\n<\/li>\n\n<li class=\"teaser-lane-slide col-xs-9 col-sm-4 col-md-3 teaser-wrapper col-padding-remove\">\n\t<calendarteaser key=\"7602016779\" rawitem='{&quot;postId&quot;:76020,&quot;title&quot;:&quot;Decolonial Ecologies&quot;,&quot;excerpt&quot;:&quot;Eine Gespr\\u00e4chsreihe, die versucht die erforderliche F\\u00fcrsorge und Ethik beim Vorgang der Digitalisierung von kulturellem Erbe aus Afrika zu beleuchten; insbesondere im Zeitalter von Restitutionen.&quot;,&quot;slug&quot;:&quot;decolonial-ecologies&quot;,&quot;post_date&quot;:&quot;2023-03-29T09:24&quot;,&quot;type&quot;:&quot;event-digital&quot;,&quot;permalink&quot;:&quot;https:\\\/\\\/www.humboldtforum.org\\\/de\\\/programm\\\/digitales-angebot\\\/digital\\\/decolonial-ecologies-76020\\\/&quot;,&quot;genre&quot;:[687],&quot;genre_details&quot;:[{&quot;text&quot;:&quot;Digital&quot;,&quot;id&quot;:687,&quot;icon&quot;:null,&quot;parent&quot;:0}],&quot;digital&quot;:[874,768],&quot;digital_details&quot;:[{&quot;text&quot;:&quot;Podcast&quot;,&quot;id&quot;:874,&quot;icon&quot;:null,&quot;parent&quot;:0},{&quot;text&quot;:&quot;Podcast&quot;,&quot;id&quot;:768,&quot;icon&quot;:null,&quot;parent&quot;:0}],&quot;topic&quot;:[782],&quot;topic_details&quot;:[{&quot;text&quot;:&quot;Kolonialismus und Kolonialit\\u00e4t&quot;,&quot;id&quot;:782,&quot;icon&quot;:null,&quot;parent&quot;:0}],&quot;stakeholder&quot;:[530,382],&quot;stakeholder_details&quot;:[{&quot;text&quot;:&quot;Staatliche Museen zu Berlin&quot;,&quot;id&quot;:530,&quot;icon&quot;:null,&quot;parent&quot;:0},{&quot;text&quot;:&quot;Stiftung Humboldt Forum im Berliner Schloss&quot;,&quot;id&quot;:382,&quot;icon&quot;:null,&quot;parent&quot;:0}],&quot;targetgroup&quot;:[383],&quot;targetgroup_details&quot;:[{&quot;text&quot;:&quot;Erwachsene&quot;,&quot;id&quot;:383,&quot;icon&quot;:null,&quot;parent&quot;:0}],&quot;language&quot;:[385],&quot;language_details&quot;:[{&quot;text&quot;:&quot;Englisch&quot;,&quot;id&quot;:385,&quot;icon&quot;:null,&quot;parent&quot;:0}],&quot;icon_overwrite&quot;:&quot;&quot;,&quot;acf&quot;:{&quot;noindex&quot;:false,&quot;keywords&quot;:&quot;&quot;,&quot;belongsto&quot;:[14188],&quot;shorturl&quot;:&quot;99-questions&quot;,&quot;planning&quot;:{&quot;price&quot;:&quot;&quot;,&quot;status&quot;:&quot;JOIN&quot;,&quot;info&quot;:&quot;&quot;,&quot;shop&quot;:&quot;&quot;,&quot;can_purchase&quot;:false},&quot;shorttext&quot;:&quot;Eine Gespr\\u00e4chsreihe, die versucht die erforderliche F\\u00fcrsorge und Ethik beim Vorgang der Digitalisierung von kulturellem Erbe aus Afrika zu beleuchten; insbesondere im Zeitalter von Restitutionen.&quot;,&quot;highlight_header&quot;:false,&quot;featured_images&quot;:[76022],&quot;hyphenation&quot;:true,&quot;tipp&quot;:false,&quot;joker&quot;:false,&quot;live&quot;:false,&quot;announcement&quot;:&quot;Jetzt h\\u00f6ren&quot;,&quot;additional_info&quot;:{&quot;icon&quot;:&quot;0&quot;,&quot;text&quot;:&quot;&quot;},&quot;use_video_in_teasers&quot;:false,&quot;hide_event_in_program&quot;:false,&quot;subline&quot;:&quot;Eine 99 Fragen-Podcastreihe von Aouefa Amoussouvi&quot;},&quot;date&quot;:[],&quot;alert&quot;:null,&quot;partof&quot;:[14188],&quot;marketing_topic&quot;:{&quot;title&quot;:&quot;99 Fragen&quot;,&quot;ID&quot;:14188,&quot;reason&quot;:&quot;sequence&quot;}}' inline-template>\n\t<a href=\"https:\/\/www.humboldtforum.org\/de\/programm\/digitales-angebot\/digital\/decolonial-ecologies-76020\/\" class=\"teaser teaser-event-digital teaser-event-standard\">\n\t\t<div class=\"row\">\n\t\t\t<div class=\"col-xs-12 teaser-event-image\">\n\t\t\t\t<div class=\"teaser-image teaser-image-no-alternate\">\n\t\t\t\t\t\t\t\t\t\t\t\n\t<lazy-media-inline inline-template>\n\t\t<figure itemscope itemtype=\"http:\/\/schema.org\/ImageObject\" class=\"lazy-media-inline \" role=\"group\" id=\"media_69ee689c8de6e\" aria-labelledby=\"desc_media_69ee689c8de6e\">\n\t\t\t<script type=\"application\/json\" ref=\"data\">\n\t\t\t\t{\n\t\t\t\t\"sizes\" : {\"medium\":{\"file\":\"SHF_eb00189091-300x129.jpg\",\"width\":300,\"height\":129,\"mime-type\":\"image\\\/jpeg\",\"filesize\":15583},\"large\":{\"file\":\"SHF_eb00189091-1024x439.jpg\",\"width\":1024,\"height\":439,\"mime-type\":\"image\\\/jpeg\",\"filesize\":144789},\"thumbnail\":{\"file\":\"SHF_eb00189091-150x150.jpg\",\"width\":150,\"height\":150,\"mime-type\":\"image\\\/jpeg\",\"filesize\":9967},\"medium_large\":{\"file\":\"SHF_eb00189091-768x329.jpg\",\"width\":768,\"height\":329,\"mime-type\":\"image\\\/jpeg\",\"filesize\":85764},\"small\":{\"file\":\"SHF_eb00189091-440x189.jpg\",\"width\":440,\"height\":189,\"mime-type\":\"image\\\/jpeg\",\"filesize\":30593},\"semi\":{\"file\":\"SHF_eb00189091-580x249.jpg\",\"width\":580,\"height\":249,\"mime-type\":\"image\\\/jpeg\",\"filesize\":51508},\"mobile\":{\"file\":\"SHF_eb00189091-720x309.jpg\",\"width\":720,\"height\":309,\"mime-type\":\"image\\\/jpeg\",\"filesize\":76488},\"hd\":{\"file\":\"SHF_eb00189091-1280x549.jpg\",\"width\":1280,\"height\":549,\"mime-type\":\"image\\\/jpeg\",\"filesize\":214757},\"full\":{\"file\":\"SHF_eb00189091-1920x823.jpg\",\"width\":1920,\"height\":823,\"mime-type\":\"image\\\/jpeg\",\"filesize\":420809},\"1536x1536\":{\"file\":\"SHF_eb00189091-1536x658.jpg\",\"width\":1536,\"height\":658,\"mime-type\":\"image\\\/jpeg\",\"filesize\":293064},\"2048x2048\":{\"file\":\"SHF_eb00189091-2048x878.jpg\",\"width\":2048,\"height\":878,\"mime-type\":\"image\\\/jpeg\",\"filesize\":466126},\"original\":{\"file\":\"SHF_eb00189091.jpg\",\"width\":2100,\"height\":900}},\n\t\t\t\t\"alt\" : \"K\\u00fcnstlerische Darstellung der Erde, umgeben von vielf\\u00e4ltigen Landschaften und Naturelementen.\",\n\t\t\t\t\"path\" : \"\\\/wp-content\\\/uploads\\\/2023\\\/03\\\/\",\n\t\t\t\t\"video\" : null,\n\t\t\t\t\"autoplay\" : null,\n\t\t\t\t\"youtube\" : null,\n\t\t\t\t\"youtubelabel\" : \"Video abspielen\",\n\t\t\t\t\"brightness\" : 100,\n\t\t\t\t\"crop\" : null,\n\t\t\t\t\"background\" : true,\n\t\t\t\t\"scale\" : 1\t\t\t\t}\n\t\t\t<\/script>\n\n\t\t\t<div class=\"height-container\" style=\"padding-bottom:42.857142857143%;\" v-if=\"sizes\">\n\t\t\t\t\t\t\t\t<lazy-media :inline=\"true\" :alt=\"alt\" :sizes=\"sizes\" :scale=\"scale\" :brightness=\"brightness\" :path=\"path\" :video=\"video\" :autoplay=\"autoplay\" :youtube=\"youtube\" :crop=\"crop\" :youtubelabel=\"youtubelabel\" :background=\"background\" media-id=\"desc_media_69ee689c8de6e\"><\/lazy-media>\n\t\t\t\t\t\t\t<\/div>\n\n\t\t\t\t\t\t\t<figcaption class=\"sr-only\" ref=\"body\" id=\"desc_media_69ee689c8de6e\">\n\t\t\t\t\t\t\t\t\t\t\t\t\t\t\t\t\t\t\t\t\t<div class=\"insignificant\">\u00a9 Elia Diane Fushi Bekene, selflovetribute.com \/ Hintergrundbild: Sasha Engelmann &#038; Sophie Dyer, &#8222;Image transmitted by satellite NOAA-19&#8220;<\/div>\n\t\t\t\t\t\t\t\t\t<\/figcaption>\n\t\t\t\t\t<\/figure>\n\t<\/lazy-media-inline>\n\t\t\t\t<\/div>\n\t\t\t<\/div>\n\t\t\t<div class=\"col-xs-12 teaser-event-text Infos\">\n\t\t\t\t<div class=\"teaser-event-standard-text\">\n\t\t\t\t\t<div class=\"margin-bottom-atom\">\n\t\t\t\t\t\t<div class=\"subline clamp-1\" v-html=\"maingenre\"><\/div>\n\t\t\t\t\t\t\t\t\t\t\t\t\t<div class=\"insignificant clamp-2\">99 Fragen<\/div>\n\t\t\t\t\t\t\t\t\t\t\t<\/div>\n\t\t\t\t\n\t\t\t\t\t<strong class=\"margin-bottom-atom\">Decolonial Ecologies<\/strong>\n\n\t\t\t\t\t\t\t\t\t\t\t<div class=\"\">Eine 99 Fragen-Podcastreihe von Aouefa Amoussouvi<\/div>\n\t\t\t\t\t\t\t\t\t<\/div>\n\t\t\t\t<div class=\"teaser-bottom border-bottom\">\n\t\t\t\t<calendardateline :rawitem='item' :show-icon=\"true\"><\/calendardateline>\n\t\t\t\t\t<hr>\n\t\t\t\t<\/div>\n\t\t\t<\/div>\n\t\t<\/div>\n\t<\/a>\n\t<\/calendarteaser>\n<\/li>\n\n<li class=\"teaser-lane-slide col-xs-9 col-sm-4 col-md-3 teaser-wrapper col-padding-remove\">\n\t<calendarteaser key=\"220529843\" rawitem='{&quot;postId&quot;:22052,&quot;title&quot;:&quot;99 Questions Podcasts mit Feven Keleta&quot;,&quot;excerpt&quot;:&quot;\\u00dcber den Zeitraum von einem Jahr werden Dialoge \\u00fcber Museen und ihre vielf\\u00e4ltigen Verbindungen zum Kolonialismus gef\\u00fchrt. In den monatlichen Episoden werden unterschiedliche G\\u00e4ste wie K\\u00fcnstler*innen, Aktivist*innen und Wissenschaftler*innen, ihre Erfahrungen, ihr Wissen und ihre Perspektiven auf vergangene und zuk\\u00fcnftige Museumspraktiken in postkolonialen Gesellschaften teilen.&quot;,&quot;slug&quot;:&quot;99-fragen&quot;,&quot;post_date&quot;:&quot;2021-05-12T11:24&quot;,&quot;type&quot;:&quot;event-digital&quot;,&quot;permalink&quot;:&quot;https:\\\/\\\/www.humboldtforum.org\\\/de\\\/programm\\\/digitales-angebot\\\/digital\\\/99-fragen-22052\\\/&quot;,&quot;genre&quot;:[687],&quot;genre_details&quot;:[{&quot;text&quot;:&quot;Digital&quot;,&quot;id&quot;:687,&quot;icon&quot;:null,&quot;parent&quot;:0}],&quot;digital&quot;:[768],&quot;digital_details&quot;:[{&quot;text&quot;:&quot;Podcast&quot;,&quot;id&quot;:768,&quot;icon&quot;:null,&quot;parent&quot;:0}],&quot;topic&quot;:[782],&quot;topic_details&quot;:[{&quot;text&quot;:&quot;Kolonialismus und Kolonialit\\u00e4t&quot;,&quot;id&quot;:782,&quot;icon&quot;:null,&quot;parent&quot;:0}],&quot;stakeholder&quot;:[530,382],&quot;stakeholder_details&quot;:[{&quot;text&quot;:&quot;Staatliche Museen zu Berlin&quot;,&quot;id&quot;:530,&quot;icon&quot;:null,&quot;parent&quot;:0},{&quot;text&quot;:&quot;Stiftung Humboldt Forum im Berliner Schloss&quot;,&quot;id&quot;:382,&quot;icon&quot;:null,&quot;parent&quot;:0}],&quot;targetgroup&quot;:[383],&quot;targetgroup_details&quot;:[{&quot;text&quot;:&quot;Erwachsene&quot;,&quot;id&quot;:383,&quot;icon&quot;:null,&quot;parent&quot;:0}],&quot;language&quot;:[385],&quot;language_details&quot;:[{&quot;text&quot;:&quot;Englisch&quot;,&quot;id&quot;:385,&quot;icon&quot;:null,&quot;parent&quot;:0}],&quot;icon_overwrite&quot;:&quot;&quot;,&quot;acf&quot;:{&quot;noindex&quot;:false,&quot;keywords&quot;:&quot;&quot;,&quot;belongsto&quot;:[14188],&quot;shorturl&quot;:&quot;99-questions&quot;,&quot;planning&quot;:{&quot;price&quot;:&quot;&quot;,&quot;status&quot;:&quot;JOIN&quot;,&quot;info&quot;:&quot;&quot;,&quot;shop&quot;:&quot;&quot;,&quot;can_purchase&quot;:false},&quot;marketing_text&quot;:&quot;Dialoge \\u00fcber Museen und ihre vielf\\u00e4ltigen Verbindungen zum Kolonialismus&quot;,&quot;shorttext&quot;:&quot;\\u00dcber den Zeitraum von einem Jahr werden Dialoge \\u00fcber Museen und ihre vielf\\u00e4ltigen Verbindungen zum Kolonialismus gef\\u00fchrt. In den monatlichen Episoden werden unterschiedliche G\\u00e4ste wie K\\u00fcnstler*innen, Aktivist*innen und Wissenschaftler*innen, ihre Erfahrungen, ihr Wissen und ihre Perspektiven auf vergangene und zuk\\u00fcnftige Museumspraktiken in postkolonialen Gesellschaften teilen.&quot;,&quot;highlight_header&quot;:false,&quot;featured_images&quot;:[17911],&quot;hyphenation&quot;:true,&quot;tipp&quot;:false,&quot;joker&quot;:false,&quot;live&quot;:false,&quot;announcement&quot;:&quot;Jetzt h\\u00f6ren&quot;,&quot;additional_info&quot;:{&quot;icon&quot;:&quot;0&quot;,&quot;text&quot;:&quot;&quot;},&quot;use_video_in_teasers&quot;:false,&quot;hide_event_in_program&quot;:false},&quot;date&quot;:[],&quot;alert&quot;:null,&quot;partof&quot;:[14188],&quot;marketing_topic&quot;:{&quot;title&quot;:&quot;99 Fragen&quot;,&quot;ID&quot;:14188,&quot;reason&quot;:&quot;sequence&quot;}}' inline-template>\n\t<a href=\"https:\/\/www.humboldtforum.org\/de\/programm\/digitales-angebot\/digital\/99-fragen-22052\/\" class=\"teaser teaser-event-digital teaser-event-standard\">\n\t\t<div class=\"row\">\n\t\t\t<div class=\"col-xs-12 teaser-event-image\">\n\t\t\t\t<div class=\"teaser-image teaser-image-no-alternate\">\n\t\t\t\t\t\t\t\t\t\t\t\n\t<lazy-media-inline inline-template>\n\t\t<figure itemscope itemtype=\"http:\/\/schema.org\/ImageObject\" class=\"lazy-media-inline \" role=\"group\" id=\"media_69ee689c8eb4c\" aria-labelledby=\"desc_media_69ee689c8eb4c\">\n\t\t\t<script type=\"application\/json\" ref=\"data\">\n\t\t\t\t{\n\t\t\t\t\"sizes\" : {\"medium\":{\"file\":\"201130_LOS_55_Webteaser_Studio3_99Fragen2-300x180.jpg\",\"width\":300,\"height\":180,\"mime-type\":\"image\\\/jpeg\"},\"large\":{\"file\":\"201130_LOS_55_Webteaser_Studio3_99Fragen2-1024x613.jpg\",\"width\":1024,\"height\":613,\"mime-type\":\"image\\\/jpeg\"},\"thumbnail\":{\"file\":\"201130_LOS_55_Webteaser_Studio3_99Fragen2-150x150.jpg\",\"width\":150,\"height\":150,\"mime-type\":\"image\\\/jpeg\"},\"medium_large\":{\"file\":\"201130_LOS_55_Webteaser_Studio3_99Fragen2-768x460.jpg\",\"width\":768,\"height\":460,\"mime-type\":\"image\\\/jpeg\"},\"small\":{\"file\":\"201130_LOS_55_Webteaser_Studio3_99Fragen2-440x264.jpg\",\"width\":440,\"height\":264,\"mime-type\":\"image\\\/jpeg\"},\"semi\":{\"file\":\"201130_LOS_55_Webteaser_Studio3_99Fragen2-580x347.jpg\",\"width\":580,\"height\":347,\"mime-type\":\"image\\\/jpeg\"},\"mobile\":{\"file\":\"201130_LOS_55_Webteaser_Studio3_99Fragen2-720x431.jpg\",\"width\":720,\"height\":431,\"mime-type\":\"image\\\/jpeg\"},\"hd\":{\"file\":\"201130_LOS_55_Webteaser_Studio3_99Fragen2-1280x767.jpg\",\"width\":1280,\"height\":767,\"mime-type\":\"image\\\/jpeg\"},\"full\":{\"file\":\"201130_LOS_55_Webteaser_Studio3_99Fragen2-1920x1150.jpg\",\"width\":1920,\"height\":1150,\"mime-type\":\"image\\\/jpeg\"},\"1536x1536\":{\"file\":\"201130_LOS_55_Webteaser_Studio3_99Fragen2-1536x920.jpg\",\"width\":1536,\"height\":920,\"mime-type\":\"image\\\/jpeg\"},\"original\":{\"file\":\"201130_LOS_55_Webteaser_Studio3_99Fragen2.jpg\",\"width\":2000,\"height\":1198}},\n\t\t\t\t\"alt\" : \"Ein Ausstellungsraum mit geneigtem Quadrat, in welchem sich die Zahl \\\"99\\\" und zwei weitere Fotos befinden, in der Mitte\",\n\t\t\t\t\"path\" : \"\\\/wp-content\\\/uploads\\\/2020\\\/10\\\/\",\n\t\t\t\t\"video\" : null,\n\t\t\t\t\"autoplay\" : null,\n\t\t\t\t\"youtube\" : null,\n\t\t\t\t\"youtubelabel\" : \"Video abspielen\",\n\t\t\t\t\"brightness\" : 100,\n\t\t\t\t\"crop\" : {\"top\":\"50.00\",\"left\":\"50.00\"},\n\t\t\t\t\"background\" : true,\n\t\t\t\t\"scale\" : 2\t\t\t\t}\n\t\t\t<\/script>\n\n\t\t\t<div class=\"height-container\" style=\"padding-bottom:59.9%;\" v-if=\"sizes\">\n\t\t\t\t\t\t\t\t<lazy-media :inline=\"true\" :alt=\"alt\" :sizes=\"sizes\" :scale=\"scale\" :brightness=\"brightness\" :path=\"path\" :video=\"video\" :autoplay=\"autoplay\" :youtube=\"youtube\" :crop=\"crop\" :youtubelabel=\"youtubelabel\" :background=\"background\" media-id=\"desc_media_69ee689c8eb4c\"><\/lazy-media>\n\t\t\t\t\t\t\t<\/div>\n\n\t\t\t\t\t\t\t<figcaption class=\"sr-only\" ref=\"body\" id=\"desc_media_69ee689c8eb4c\">\n\t\t\t\t\t\t\t\t\t\t\t\t\t\t\t\t\t\t\t\t\t<div class=\"insignificant\">\u00a9 Stiftung Humboldt Forum im Berliner Schloss \/ Collage: Stiftung Humboldt Forum im Berliner Schloss \/ Giuliani | von Giese; Staatliche Museen zu Berlin, Ethnologisches Museum \/ Waltraud Schneider-Sch\u00fctz; Staatliche Museen zu Berlin, Ethnologisches Museum\r\n<\/div>\n\t\t\t\t\t\t\t\t\t<\/figcaption>\n\t\t\t\t\t<\/figure>\n\t<\/lazy-media-inline>\n\t\t\t\t<\/div>\n\t\t\t<\/div>\n\t\t\t<div class=\"col-xs-12 teaser-event-text Infos\">\n\t\t\t\t<div class=\"teaser-event-standard-text\">\n\t\t\t\t\t<div class=\"margin-bottom-atom\">\n\t\t\t\t\t\t<div class=\"subline clamp-1\" v-html=\"maingenre\"><\/div>\n\t\t\t\t\t\t\t\t\t\t\t\t\t<div class=\"insignificant clamp-2\">99 Fragen<\/div>\n\t\t\t\t\t\t\t\t\t\t\t<\/div>\n\t\t\t\t\n\t\t\t\t\t<strong class=\"margin-bottom-atom\">99 Questions Podcasts mit Feven Keleta<\/strong>\n\n\t\t\t\t\t\t\t\t\t\t\t<div class=\"\">Dialoge \u00fcber Museen und ihre vielf\u00e4ltigen Verbindungen zum Kolonialismus<\/div>\n\t\t\t\t\t\t\t\t\t<\/div>\n\t\t\t\t<div class=\"teaser-bottom border-bottom\">\n\t\t\t\t<calendardateline :rawitem='item' :show-icon=\"true\"><\/calendardateline>\n\t\t\t\t\t<hr>\n\t\t\t\t<\/div>\n\t\t\t<\/div>\n\t\t<\/div>\n\t<\/a>\n\t<\/calendarteaser>\n<\/li>\n\n<li class=\"teaser-lane-slide col-xs-9 col-sm-4 col-md-3 teaser-wrapper col-padding-remove\">\n\t<calendarteaser key=\"460929302\" rawitem='{&quot;postId&quot;:46092,&quot;title&quot;:&quot;Access for who? Podcast mit Chao Tayiana Maina und Molemo Moiloa&quot;,&quot;excerpt&quot;:&quot;Eine Gespr\\u00e4chsreihe, die versucht die erforderliche F\\u00fcrsorge und Ethik beim Vorgang der Digitalisierung von kulturellem Erbe aus Afrika zu beleuchten; insbesondere im Zeitalter von Restitutionen.&quot;,&quot;slug&quot;:&quot;access-for-who&quot;,&quot;post_date&quot;:&quot;2022-07-15T09:26&quot;,&quot;type&quot;:&quot;event-digital&quot;,&quot;permalink&quot;:&quot;https:\\\/\\\/www.humboldtforum.org\\\/de\\\/programm\\\/digitales-angebot\\\/digital\\\/access-for-who-46092\\\/&quot;,&quot;genre&quot;:[687],&quot;genre_details&quot;:[{&quot;text&quot;:&quot;Digital&quot;,&quot;id&quot;:687,&quot;icon&quot;:null,&quot;parent&quot;:0}],&quot;digital&quot;:[874,768],&quot;digital_details&quot;:[{&quot;text&quot;:&quot;Podcast&quot;,&quot;id&quot;:874,&quot;icon&quot;:null,&quot;parent&quot;:0},{&quot;text&quot;:&quot;Podcast&quot;,&quot;id&quot;:768,&quot;icon&quot;:null,&quot;parent&quot;:0}],&quot;topic&quot;:[782],&quot;topic_details&quot;:[{&quot;text&quot;:&quot;Kolonialismus und Kolonialit\\u00e4t&quot;,&quot;id&quot;:782,&quot;icon&quot;:null,&quot;parent&quot;:0}],&quot;stakeholder&quot;:[530,382],&quot;stakeholder_details&quot;:[{&quot;text&quot;:&quot;Staatliche Museen zu Berlin&quot;,&quot;id&quot;:530,&quot;icon&quot;:null,&quot;parent&quot;:0},{&quot;text&quot;:&quot;Stiftung Humboldt Forum im Berliner Schloss&quot;,&quot;id&quot;:382,&quot;icon&quot;:null,&quot;parent&quot;:0}],&quot;targetgroup&quot;:[383],&quot;targetgroup_details&quot;:[{&quot;text&quot;:&quot;Erwachsene&quot;,&quot;id&quot;:383,&quot;icon&quot;:null,&quot;parent&quot;:0}],&quot;language&quot;:[385],&quot;language_details&quot;:[{&quot;text&quot;:&quot;Englisch&quot;,&quot;id&quot;:385,&quot;icon&quot;:null,&quot;parent&quot;:0}],&quot;icon_overwrite&quot;:&quot;&quot;,&quot;acf&quot;:{&quot;noindex&quot;:false,&quot;keywords&quot;:&quot;&quot;,&quot;belongsto&quot;:[14188],&quot;shorturl&quot;:&quot;99-questions&quot;,&quot;planning&quot;:{&quot;price&quot;:&quot;&quot;,&quot;status&quot;:&quot;JOIN&quot;,&quot;info&quot;:&quot;&quot;,&quot;shop&quot;:&quot;&quot;,&quot;can_purchase&quot;:false},&quot;shorttext&quot;:&quot;Eine Gespr\\u00e4chsreihe, die versucht die erforderliche F\\u00fcrsorge und Ethik beim Vorgang der Digitalisierung von kulturellem Erbe aus Afrika zu beleuchten; insbesondere im Zeitalter von Restitutionen.&quot;,&quot;highlight_header&quot;:false,&quot;featured_images&quot;:[46189],&quot;hyphenation&quot;:true,&quot;tipp&quot;:false,&quot;joker&quot;:false,&quot;live&quot;:false,&quot;announcement&quot;:&quot;Jetzt h\\u00f6ren&quot;,&quot;additional_info&quot;:{&quot;icon&quot;:&quot;0&quot;,&quot;text&quot;:&quot;&quot;},&quot;use_video_in_teasers&quot;:false,&quot;hide_event_in_program&quot;:false,&quot;subline&quot;:&quot;Eine Gespr\\u00e4chsreihe, die versucht die erforderliche F\\u00fcrsorge und Ethik beim Vorgang der Digitalisierung von kulturellem Erbe aus Afrika zu beleuchten; insbesondere im Zeitalter von Restitutionen.&quot;},&quot;date&quot;:[],&quot;alert&quot;:null,&quot;partof&quot;:[14188],&quot;marketing_topic&quot;:{&quot;title&quot;:&quot;99 Fragen&quot;,&quot;ID&quot;:14188,&quot;reason&quot;:&quot;sequence&quot;}}' inline-template>\n\t<a href=\"https:\/\/www.humboldtforum.org\/de\/programm\/digitales-angebot\/digital\/access-for-who-46092\/\" class=\"teaser teaser-event-digital teaser-event-standard\">\n\t\t<div class=\"row\">\n\t\t\t<div class=\"col-xs-12 teaser-event-image\">\n\t\t\t\t<div class=\"teaser-image teaser-image-no-alternate\">\n\t\t\t\t\t\t\t\t\t\t\t\n\t<lazy-media-inline inline-template>\n\t\t<figure itemscope itemtype=\"http:\/\/schema.org\/ImageObject\" class=\"lazy-media-inline \" role=\"group\" id=\"media_69ee689c8f7e0\" aria-labelledby=\"desc_media_69ee689c8f7e0\">\n\t\t\t<script type=\"application\/json\" ref=\"data\">\n\t\t\t\t{\n\t\t\t\t\"sizes\" : {\"medium\":{\"file\":\"SHF_eb00136164_mod-300x145.jpg\",\"width\":300,\"height\":145,\"mime-type\":\"image\\\/jpeg\",\"filesize\":19948},\"large\":{\"file\":\"SHF_eb00136164_mod-1024x494.jpg\",\"width\":1024,\"height\":494,\"mime-type\":\"image\\\/jpeg\",\"filesize\":134142},\"thumbnail\":{\"file\":\"SHF_eb00136164_mod-150x150.jpg\",\"width\":150,\"height\":150,\"mime-type\":\"image\\\/jpeg\",\"filesize\":10968},\"medium_large\":{\"file\":\"SHF_eb00136164_mod-768x371.jpg\",\"width\":768,\"height\":371,\"mime-type\":\"image\\\/jpeg\",\"filesize\":89217},\"small\":{\"file\":\"SHF_eb00136164_mod-440x212.jpg\",\"width\":440,\"height\":212,\"mime-type\":\"image\\\/jpeg\",\"filesize\":38092},\"semi\":{\"file\":\"SHF_eb00136164_mod-580x280.jpg\",\"width\":580,\"height\":280,\"mime-type\":\"image\\\/jpeg\",\"filesize\":57892},\"mobile\":{\"file\":\"SHF_eb00136164_mod-720x347.jpg\",\"width\":720,\"height\":347,\"mime-type\":\"image\\\/jpeg\",\"filesize\":80077},\"original\":{\"file\":\"SHF_eb00136164_mod.jpg\",\"width\":1150,\"height\":555}},\n\t\t\t\t\"alt\" : \"Grafik mit einem Labyrinth und goldenen Symbolen, pr\\u00e4sentiert den Podcast \\\"Access for Who?\\\" von Open Restitution Africa.\",\n\t\t\t\t\"path\" : \"\\\/wp-content\\\/uploads\\\/2022\\\/07\\\/\",\n\t\t\t\t\"video\" : null,\n\t\t\t\t\"autoplay\" : null,\n\t\t\t\t\"youtube\" : null,\n\t\t\t\t\"youtubelabel\" : \"Video abspielen\",\n\t\t\t\t\"brightness\" : 100,\n\t\t\t\t\"crop\" : null,\n\t\t\t\t\"background\" : true,\n\t\t\t\t\"scale\" : 2\t\t\t\t}\n\t\t\t<\/script>\n\n\t\t\t<div class=\"height-container\" style=\"padding-bottom:48.260869565217%;\" v-if=\"sizes\">\n\t\t\t\t\t\t\t\t<lazy-media :inline=\"true\" :alt=\"alt\" :sizes=\"sizes\" :scale=\"scale\" :brightness=\"brightness\" :path=\"path\" :video=\"video\" :autoplay=\"autoplay\" :youtube=\"youtube\" :crop=\"crop\" :youtubelabel=\"youtubelabel\" :background=\"background\" media-id=\"desc_media_69ee689c8f7e0\"><\/lazy-media>\n\t\t\t\t\t\t\t<\/div>\n\n\t\t\t\t\t\t\t<figcaption class=\"sr-only\" ref=\"body\" id=\"desc_media_69ee689c8f7e0\">\n\t\t\t\t\t\t\t\t\t\t\t\t\t\t\t\t\t\t\t\t\t<div class=\"insignificant\">\u00a9  &#8222;Access for Who&#8220;, Open Restitution Africa (2022)<\/div>\n\t\t\t\t\t\t\t\t\t<\/figcaption>\n\t\t\t\t\t<\/figure>\n\t<\/lazy-media-inline>\n\t\t\t\t<\/div>\n\t\t\t<\/div>\n\t\t\t<div class=\"col-xs-12 teaser-event-text Infos\">\n\t\t\t\t<div class=\"teaser-event-standard-text\">\n\t\t\t\t\t<div class=\"margin-bottom-atom\">\n\t\t\t\t\t\t<div class=\"subline clamp-1\" v-html=\"maingenre\"><\/div>\n\t\t\t\t\t\t\t\t\t\t\t\t\t<div class=\"insignificant clamp-2\">99 Fragen<\/div>\n\t\t\t\t\t\t\t\t\t\t\t<\/div>\n\t\t\t\t\n\t\t\t\t\t<strong class=\"margin-bottom-atom\">Access for who? Podcast mit Chao Tayiana Maina und Molemo Moiloa<\/strong>\n\n\t\t\t\t\t\t\t\t\t\t\t<div class=\"\">Eine Gespr\u00e4chsreihe, die versucht die erforderliche F\u00fcrsorge und Ethik beim Vorgang der Digitalisierung von kulturellem Erbe aus Afrika zu beleuchten; insbesondere im Zeitalter von Restitutionen.<\/div>\n\t\t\t\t\t\t\t\t\t<\/div>\n\t\t\t\t<div class=\"teaser-bottom border-bottom\">\n\t\t\t\t<calendardateline :rawitem='item' :show-icon=\"true\"><\/calendardateline>\n\t\t\t\t\t<hr>\n\t\t\t\t<\/div>\n\t\t\t<\/div>\n\t\t<\/div>\n\t<\/a>\n\t<\/calendarteaser>\n<\/li>\n\n\t\t\t\t\t\t<\/ul>\n\t\t\t\t\t<\/div>\n\t\t\t\t<\/div>\n\t\t\t<\/teaser-lane-with-buttons>\n\t\t\t\t<\/lazy-component>\n<\/section>\n\n\n\n<section class=\"block block-headline block-no-margin \"  id='99-fragen-residenzen-und-workshops' data-anchor='99 Fragen \u2013 Residenzen und Workshops'>\n\t<div class=\"container-fluid\">\n\t\t<div class=\"row\">\n\t\t\t\t\t\t\t<div class=\"col-xs-12 col-md-offset-2 col-md-8\">\n\t\t\t\t\t<div class=\"box\">\n\t\t\t\t\t\t<h2 class=\".h4\">99 Fragen \u2013 Residenzen und Workshops<\/h2>\n\t\t\t\t\t<\/div>\n\t\t\t\t<\/div>\n\t\t\t\t\t<\/div>\n\t<\/div>\n<\/section>\n\n\n\n\n<section class=\"block block-copy block-no-margin\" >\n    <div class=\"container-fluid\">\n\t\t<div class=\"row \">\n            <div class=\"col-xs-12 col-md-offset-2 col-md-8\">\n                <div class=\"box\">\n                    <div class=\"copy\"><p>Die\u00a0<em>99 Fragen\u00a0Residenzen und Workshops<\/em>\u00a0sind ein Raum, der neben den anderen Formaten f\u00fcr den Aufbau von interdisziplin\u00e4ren und nachhaltig gestalteten Kooperationen steht. Sie sollen die M\u00f6glichkeit bieten, einerseits die Aufmerksamkeit auf verschiedene Themen aus unterschiedlichen Perspektiven zu lenken und andererseits einen Raum f\u00fcr zuk\u00fcnftige Zusammenarbeit zu schaffen. Des weiteren sollen die Residenzen als Plattform fungieren, die einen zwischenmenschlichen Austausch zu \u00dcberschneidungen und \u00dcbereinstimmungen scheinbar verschiedener (pers\u00f6nlicher) Geschichten und kollektiven Erinnerungen entstehen l\u00e4sst. In den Residenzen soll voneinander gelernt werden und aus gemeinsamen Dialogen sollen gemeinsame Ideen hervorgehen.<\/p>\n<p>Die digitalen und Vor-Ort-Aufenthalte stehen einem breiten Spektrum von Personen aus verschiedenen Bereichen offen. Die Stipendien werden unter anderem f\u00fcr k\u00fcnstlerische und (nicht-)akademische Forschung, <em>community engagement<\/em> (\u201egesellschaftliches Engagement\u201c), Kunsthandwerk und weitere Disziplinen oder Praktiken gew\u00e4hrt.<\/p>\n<p>&nbsp;<\/p>\n<\/div>\n                <\/div>\n            <\/div>\n\t\t<\/div>\n\t\t    <\/div>\n<\/section>\n\n<section class=\"block block-headline block-no-margin \" >\n\t<div class=\"container-fluid\">\n\t\t<div class=\"row\">\n\t\t\t\t\t\t\t<div class=\"col-xs-12 col-md-offset-2 col-md-8\">\n\t\t\t\t\t<div class=\"box\">\n\t\t\t\t\t\t<h2 class=\".h5\">Open Restitution Africa <\/h2>\n\t\t\t\t\t<\/div>\n\t\t\t\t<\/div>\n\t\t\t\t\t<\/div>\n\t<\/div>\n<\/section>\n\n\n\n\n<section class=\"block block-standard-image\">\n\t<div class=\"container-fluid\">\n\t\t<div class=\"row\">\n\t\t\t<div class=\"col-xs-12 col-md-12\">\n\t\t\t\t\n\t<lazy-media-inline inline-template>\n\t\t<figure itemscope itemtype=\"http:\/\/schema.org\/ImageObject\" class=\"lazy-media-inline \" role=\"group\" id=\"media_69ee689c92645\" aria-labelledby=\"desc_media_69ee689c92645\">\n\t\t\t<script type=\"application\/json\" ref=\"data\">\n\t\t\t\t{\n\t\t\t\t\"sizes\" : {\"medium\":{\"file\":\"SHF_eb00136164-300x128.jpg\",\"width\":300,\"height\":128,\"mime-type\":\"image\\\/jpeg\",\"filesize\":18699},\"large\":{\"file\":\"SHF_eb00136164-1024x438.jpg\",\"width\":1024,\"height\":438,\"mime-type\":\"image\\\/jpeg\",\"filesize\":127155},\"thumbnail\":{\"file\":\"SHF_eb00136164-150x150.jpg\",\"width\":150,\"height\":150,\"mime-type\":\"image\\\/jpeg\",\"filesize\":11502},\"medium_large\":{\"file\":\"SHF_eb00136164-768x328.jpg\",\"width\":768,\"height\":328,\"mime-type\":\"image\\\/jpeg\",\"filesize\":81788},\"small\":{\"file\":\"SHF_eb00136164-440x188.jpg\",\"width\":440,\"height\":188,\"mime-type\":\"image\\\/jpeg\",\"filesize\":35493},\"semi\":{\"file\":\"SHF_eb00136164-580x248.jpg\",\"width\":580,\"height\":248,\"mime-type\":\"image\\\/jpeg\",\"filesize\":54335},\"mobile\":{\"file\":\"SHF_eb00136164-720x308.jpg\",\"width\":720,\"height\":308,\"mime-type\":\"image\\\/jpeg\",\"filesize\":76705},\"hd\":{\"file\":\"SHF_eb00136164-1280x547.jpg\",\"width\":1280,\"height\":547,\"mime-type\":\"image\\\/jpeg\",\"filesize\":176291},\"full\":{\"file\":\"SHF_eb00136164-1920x821.jpg\",\"width\":1920,\"height\":821,\"mime-type\":\"image\\\/jpeg\",\"filesize\":346398},\"1536x1536\":{\"file\":\"SHF_eb00136164-1536x657.jpg\",\"width\":1536,\"height\":657,\"mime-type\":\"image\\\/jpeg\",\"filesize\":239640},\"2048x2048\":{\"file\":\"SHF_eb00136164-2048x876.jpg\",\"width\":2048,\"height\":876,\"mime-type\":\"image\\\/jpeg\",\"filesize\":395377},\"original\":{\"file\":\"SHF_eb00136164.jpg\",\"width\":3507,\"height\":1500}},\n\t\t\t\t\"alt\" : \"Podcast-Cover mit labyrinthartigem Muster und goldenen Symbolen, das Themen des Zugangs in Afrika behandelt.\",\n\t\t\t\t\"path\" : \"\\\/wp-content\\\/uploads\\\/2022\\\/05\\\/\",\n\t\t\t\t\"video\" : null,\n\t\t\t\t\"autoplay\" : null,\n\t\t\t\t\"youtube\" : null,\n\t\t\t\t\"youtubelabel\" : \"Video abspielen\",\n\t\t\t\t\"brightness\" : 100,\n\t\t\t\t\"crop\" : null,\n\t\t\t\t\"background\" : false,\n\t\t\t\t\"scale\" : 1\t\t\t\t}\n\t\t\t<\/script>\n\n\t\t\t<div class=\"height-container\" style=\"padding-bottom:42.771599657827%;\" v-if=\"sizes\">\n\t\t\t\t\t\t\t\t<lazy-media :inline=\"true\" :alt=\"alt\" :sizes=\"sizes\" :scale=\"scale\" :brightness=\"brightness\" :path=\"path\" :video=\"video\" :autoplay=\"autoplay\" :youtube=\"youtube\" :crop=\"crop\" :youtubelabel=\"youtubelabel\" :background=\"background\" media-id=\"desc_media_69ee689c92645\"><\/lazy-media>\n\t\t\t\t\t\t\t<\/div>\n\n\t\t\t\t\t\t\t<figcaption class=\"\" id=\"desc_media_69ee689c92645\">\n\t\t\t\t\t<div class=\"lazy-media-info-body-content\">\n\t\t\t\t\t\t\t\t\t\t\t\t\t\t\t\t\t\t\t<div>Open Restitution Africa  <\/div>\n\t\t\t\t\t\t\t\t\t\t\t\t\t\t\t\t\t\t\t<div class=\"insignificant\">\u00a9 &#8222;Access for Who&#8220;, Open Restitution Africa (2022)<\/div>\n\t\t\t\t\t\t\t\t\t\t\t<\/div>\n\t\t\t\t<\/figcaption>\n\t\t\t\t\t\t\t\t\t<\/figure>\n\t<\/lazy-media-inline>\n\t\t\t<\/div>\n\t\t<\/div>\n\t<\/div>\n<\/section>\n\n<section class=\"block block-copy block-no-margin\" >\n    <div class=\"container-fluid\">\n\t\t<div class=\"row \">\n            <div class=\"col-xs-12 col-md-offset-2 col-md-8\">\n                <div class=\"box\">\n                    <div class=\"copy\"><h5>Was der Algorithmus nicht sieht \u2013 Zugang f\u00fcr wen?<br \/>\nDigitale Residenz: August 2021 &#8211; Januar 2022<\/h5>\n<p>In ihrer Residenz wollen die beiden Gr\u00fcnderinnen von <em>Open Restitution Africa<\/em>, Molemo Moiloa und Chao Tayiana Maina, eine Diskussion \u00fcber die Digitalisierung von Sammlungen des afrikanischen Kulturerbes ansto\u00dfen. Anhand von Recherchen und Diskussionen versuchen sie, die notwendige Sorgfalt und Ethik bei der Digitalisierung des afrikanischen Kulturerbes, insbesondere im Zeitalter der Restitution, herauszuarbeiten. W\u00e4hrend die Digitalisierung oft als Strategie f\u00fcr eine zukunftsorientierte sichere Aufbewahrung, Verbreitung und ein gr\u00f6\u00dferes Engagement angesehen wird, fragen sie: F\u00fcr wen? Und: F\u00fcr welche Zwecke? Und: Treffen wir Entscheidungen \u00fcber die Digitalisierung, die sicherstellen, dass diese Ziele auf ethische und gerechte Weise erreicht werden?<\/p>\n<p>Unter Ber\u00fccksichtigung der Positionen von Expert*innen aus dem gesamten Spektrum des Kulturerbes, der digitalen Technik, des geistigen Eigentums und der Museumsarbeit untersuchen sie die schwierigen Fragen, die die Digitalisierung des afrikanischen Kulturerbes aufwirft und denken gemeinsam mit\u00a0Kollaborateur*innen\u00a0dar\u00fcber nach. Dar\u00fcber hinaus befassen sie sich mit den zahlreichen &#8211; teils einfachen, teils erweiterten &#8211; Vorschl\u00e4gen, wie diese Arbeit in Zukunft besser zu bew\u00e4ltigen ist.<\/p>\n<p>&nbsp;<\/p>\n<\/div>\n                <\/div>\n            <\/div>\n\t\t<\/div>\n\t\t    <\/div>\n<\/section>\n\n\n<section class=\"block block-accordion\">\n\t<div class=\"container-fluid\">\n\t\t<div class=\"row\">\n\t\t\t<div class=\"col-xs-12 col-md-offset-2 col-md-8\">\n\t\t\t\t<div class=\"box\">\n\t\t\t\t\t\t\t\t\t\t\t<block-accordion inline-template>\n\t\t\t\t\t\t\t<div class=\"accordion\">\n\t\t\t\t\t\t\t\t\t\t\t\t\t\t\t<block-accordion-item inline-template item-headline=\"\u00dcber Chao Tayiana Maina und Molemo Moiloa\">\n\t\t\t\t\t\t\t\t<div ref=\"item\" data-id=\"berChaoTayianaMainaundMolemoMoiloa\" class=\"block-accordion-item vue-initialize\" aria-expanded=\"false\" :aria-expanded=\"active ? 'true' : 'false'\">\n\t\t\t\t\t\t\t\t\t<button class=\"accordion-button-with-icon block-accordion-item-head\" :class=\"{'button-active': active}\" ref=\"head\" aria-controls=\"acc_69ee689c93de3\" id=\"acc_title_69ee689c93de5\" @click=\"toggle\" @keydown=\"key\">\n\t\t\t\t\t\t\t\t\t<div><span class=\"button-label\">\u00dcber Chao Tayiana Maina und Molemo Moiloa<\/span><\/div><span class=\"button-icon icon-plus\" aria-hidden=\"true\"><\/span>\n\t\t\t\t\t\t\t\t<\/button>\n\t\t\t\t\t\t\t\t\t<div ref=\"body\" class=\"block-accordion-item-content\" id=\"acc_69ee689c93de3\" role=\"region\">\n\t\t\t\t\t\t\t\t\t\t<div class=\"wrapper copy\">\n\t\t\t\t\t\t\t\t\t\t\t<p><em>Open Restitution Africa<\/em>\u00a0ist ein\u00a0aus\u00a0Afrika geleitetes Projekt, das den Zugang zu Informationen \u00fcber die Restitution afrikanischer materieller Kultur und menschlicher Vorfahren \u00f6ffnen soll, um allen Beteiligten die M\u00f6glichkeit zu geben, wissensbasierte Entscheidungen zu treffen. Das<em> Open Restitution Africa <\/em>Projekt sammelt Daten \u00fcber aktuelle Restitutionsprozesse auf dem gesamten afrikanischen Kontinent und entwickelt zug\u00e4ngliche Formate f\u00fcr den Informationsaustausch zu Restitutionsfragen.\u00a0Mit seinem Wachstum will das Projekt\u00a0als\u00a0<span class=\"w-term-highlight\">Portal<\/span>\u00a0f\u00fcr Fallstudien und Best-Practice-Beispiele dienen, um eine datengest\u00fctzte, tiefgreifende und herausfordernde Debatte \u00fcber die Komplexit\u00e4t, die Verantwortung und die ethischen Gebote der Restitution zu f\u00f6rdern.<\/p>\n<p>Das Projekt <em>Open Restitution Africa<\/em> wurde 2020 im Rahmen einer Partnerschaft zwischen African Digital Heritage mit Sitz in Nairobi und der in Johannesburg ans\u00e4ssigen Data-Impact-Agentur Andani Africa ins Leben gerufen, um das Projekt<em> Open Restitution Africa<\/em> zu entwickeln. Als eine Initiative, die von zwei von Frauen geleiteten Einrichtungen auf dem afrikanischen Kontinent vorangetrieben wird, zentriert das Projekt afrikanisches Wissen und Kapazit\u00e4ten zu Restitutionsfragen.<\/p>\n<p>&nbsp;<\/p>\n\n\t\t\t\t\t\t\t\t\t\t\t<br>\t\t\t\t\t\t\t\t\t\t\t\t<div class=\"persons\">\n\t\t\t\t<div class=\"persons-container\">\n\t\t\t\t\t\t\t<div class=\"person h-card\">\n\t\t\t\t\t \n\t\t\t\t\t\t<img decoding=\"async\" class=\"u-photo\" alt=\"Foto von Molemo Moiloa\" src=\"https:\/\/www.humboldtforum.org\/wp-content\/uploads\/2022\/05\/SHF_eb00135651-292x300.jpg\"\/>\n\t\t\t\t\t \n\t\t\t\t\t<h6 class=\"p-name\">Molemo Moiloa<\/h6>\n\t\t\t\t\t\t\t\t\t\t\t\t\t\t\t<p>\n\t\t\t\t\t\tMolemo Moiloa verf\u00fcgt \u00fcber umfangreiche Erfahrungen im Non-Profit-Kulturbereich in S\u00fcdafrika. Sie arbeitet auf dem gesamten afrikanischen Kontinent und im globalen S\u00fcden an Programmen zur F\u00f6rderung des sozialen Wandels durch Kunst. Molemo ist Mitgr\u00fcnderin des Projekts Open Restitution Africa, Forschungsleiterin bei Andani.Africa, Dozentin f\u00fcr Kunstgeschichte an der Wits University und eine Teil der K\u00fcnstler-Kollaboration MADEYOULOOK. \t\t\t\t\t<\/p>\t\t\t\t<\/div>\n\t\t\t\t\t\t\t<div class=\"person h-card\">\n\t\t\t\t\t \n\t\t\t\t\t\t<img decoding=\"async\" class=\"u-photo\" alt=\"Foto von Chao Tayiana Maina\" src=\"https:\/\/www.humboldtforum.org\/wp-content\/uploads\/2022\/05\/SHF_eb00135650-300x300.jpg\"\/>\n\t\t\t\t\t \n\t\t\t\t\t<h6 class=\"p-name\">Chao Tayiana Maina<\/h6>\n\t\t\t\t\t\t\t\t\t\t\t\t\t\t\t<p>\n\t\t\t\t\t\tChao Tayiana Maina ist eine erfahrene Expertin f\u00fcr digitales Erbe und Wissenschaftlerin f\u00fcr digitale Geisteswissenschaften. Sie ist die Gr\u00fcnderin von African Digital Heritage, einer gemeinn\u00fctzigen Organisation, die einen kritischeren und ganzheitlicheren Ansatz bei der Entwicklung und Umsetzung digitaler L\u00f6sungen f\u00fcr das afrikanische Kulturerbe f\u00f6rdern will. Sie ist auch Mitgr\u00fcnderin des Museum of British Colonialism und leitet dort das digitale Engagement. \t\t\t\t\t<\/p>\t\t\t\t<\/div>\n\t\t\t\t\t<\/div>\n\t<\/div>\n\t\t\t\t\t\t\t\t\t\t\t\n\t\t\t\t\t\t\t\t\t\t\t<div class=\"row\">\n\t\t\t\t\t\t\t\t\t\t\t\t<div class=\"col-xs-9 col-md-9\">\n\t\t\t\t\t\t\t\t\t\t\t\t\t<div class=\"box\">\n\t\t\t\t\t\t\t\t\t\t\t\t\t\t\t\t\t\t\t\t\t\t\t\t\t\t\t<\/div>\n\t\t\t\t\t\t\t\t\t\t\t\t<\/div>\n\t\t\t\t\t\t\t\t\t\t\t<\/div>\n\n\t\t\t\t\t\t\t\t\t\t\t\t\t\t\t\t\t\t\t\t\t<\/div>\n\t\t\t\t\t\t\t\t\t<\/div>\n\t\t\t\t\t\t\t\t<\/div>\n\t\t\t\t\t\t\t\t<\/block-accordion-item>\n\t\t\t\t\t\t\t\t\t\t\t\t\t<\/div>\n\t\t\t\t\t\t<\/block-accordion>\n\t\t\t\t\t\t\t\t\t<\/div>\n\t\t\t<\/div>\n\t\t<\/div>\n\t<\/div>\n<\/section>\n\n\n<section class=\"block block-headline block-no-margin \" >\n\t<div class=\"container-fluid\">\n\t\t<div class=\"row\">\n\t\t\t\t\t\t\t<div class=\"col-xs-12 col-md-offset-2 col-md-8\">\n\t\t\t\t\t<div class=\"box\">\n\t\t\t\t\t\t<h2 class=\".h5\">The Nest Collective<\/h2>\n\t\t\t\t\t<\/div>\n\t\t\t\t<\/div>\n\t\t\t\t\t<\/div>\n\t<\/div>\n<\/section>\n\n\n\n\n<section class=\"block block-standard-image\">\n\t<div class=\"container-fluid\">\n\t\t<div class=\"row\">\n\t\t\t<div class=\"col-xs-12 col-md-12\">\n\t\t\t\t\n\t<lazy-media-inline inline-template>\n\t\t<figure itemscope itemtype=\"http:\/\/schema.org\/ImageObject\" class=\"lazy-media-inline \" role=\"group\" id=\"media_69ee689c9602a\" aria-labelledby=\"desc_media_69ee689c9602a\">\n\t\t\t<script type=\"application\/json\" ref=\"data\">\n\t\t\t\t{\n\t\t\t\t\"sizes\" : {\"medium\":{\"file\":\"SHF_eb00135644-300x160.jpg\",\"width\":300,\"height\":160,\"mime-type\":\"image\\\/jpeg\"},\"large\":{\"file\":\"SHF_eb00135644-1024x546.jpg\",\"width\":1024,\"height\":546,\"mime-type\":\"image\\\/jpeg\"},\"thumbnail\":{\"file\":\"SHF_eb00135644-150x150.jpg\",\"width\":150,\"height\":150,\"mime-type\":\"image\\\/jpeg\"},\"medium_large\":{\"file\":\"SHF_eb00135644-768x410.jpg\",\"width\":768,\"height\":410,\"mime-type\":\"image\\\/jpeg\"},\"small\":{\"file\":\"SHF_eb00135644-440x235.jpg\",\"width\":440,\"height\":235,\"mime-type\":\"image\\\/jpeg\"},\"semi\":{\"file\":\"SHF_eb00135644-580x309.jpg\",\"width\":580,\"height\":309,\"mime-type\":\"image\\\/jpeg\"},\"mobile\":{\"file\":\"SHF_eb00135644-720x384.jpg\",\"width\":720,\"height\":384,\"mime-type\":\"image\\\/jpeg\"},\"hd\":{\"file\":\"SHF_eb00135644-1280x683.jpg\",\"width\":1280,\"height\":683,\"mime-type\":\"image\\\/jpeg\"},\"full\":{\"file\":\"SHF_eb00135644-1920x1024.jpg\",\"width\":1920,\"height\":1024,\"mime-type\":\"image\\\/jpeg\"},\"1536x1536\":{\"file\":\"SHF_eb00135644-1536x819.jpg\",\"width\":1536,\"height\":819,\"mime-type\":\"image\\\/jpeg\"},\"2048x2048\":{\"file\":\"SHF_eb00135644-2048x1092.jpg\",\"width\":2048,\"height\":1092,\"mime-type\":\"image\\\/jpeg\"},\"original\":{\"file\":\"SHF_eb00135644.jpg\",\"width\":3189,\"height\":1701}},\n\t\t\t\t\"alt\" : \"Eine Person mit einem Blumenkranz steht in einem bl\\u00fchenden, wei\\u00dfen Blumenfeld unter einem sanften Himmel.\",\n\t\t\t\t\"path\" : \"\\\/wp-content\\\/uploads\\\/2022\\\/05\\\/\",\n\t\t\t\t\"video\" : null,\n\t\t\t\t\"autoplay\" : null,\n\t\t\t\t\"youtube\" : null,\n\t\t\t\t\"youtubelabel\" : \"Video abspielen\",\n\t\t\t\t\"brightness\" : 100,\n\t\t\t\t\"crop\" : null,\n\t\t\t\t\"background\" : false,\n\t\t\t\t\"scale\" : 1\t\t\t\t}\n\t\t\t<\/script>\n\n\t\t\t<div class=\"height-container\" style=\"padding-bottom:53.339604891816%;\" v-if=\"sizes\">\n\t\t\t\t\t\t\t\t<lazy-media :inline=\"true\" :alt=\"alt\" :sizes=\"sizes\" :scale=\"scale\" :brightness=\"brightness\" :path=\"path\" :video=\"video\" :autoplay=\"autoplay\" :youtube=\"youtube\" :crop=\"crop\" :youtubelabel=\"youtubelabel\" :background=\"background\" media-id=\"desc_media_69ee689c9602a\"><\/lazy-media>\n\t\t\t\t\t\t\t<\/div>\n\n\t\t\t\t\t\t\t<figcaption class=\"\" id=\"desc_media_69ee689c9602a\">\n\t\t\t\t\t<div class=\"lazy-media-info-body-content\">\n\t\t\t\t\t\t\t\t\t\t\t\t\t\t\t\t\t\t\t<div>Blossoms for Demethieu <\/div>\n\t\t\t\t\t\t\t\t\t\t\t\t\t\t\t\t\t\t\t<div class=\"insignificant\">\u00a9 Jim Chuchu<\/div>\n\t\t\t\t\t\t\t\t\t\t\t<\/div>\n\t\t\t\t<\/figcaption>\n\t\t\t\t\t\t\t\t\t<\/figure>\n\t<\/lazy-media-inline>\n\t\t\t<\/div>\n\t\t<\/div>\n\t<\/div>\n<\/section>\n\n<section class=\"block block-copy block-no-margin\" >\n    <div class=\"container-fluid\">\n\t\t<div class=\"row \">\n            <div class=\"col-xs-12 col-md-offset-2 col-md-8\">\n                <div class=\"box\">\n                    <div class=\"copy\"><h5><strong>Just Make Another One\u2026<br \/>\n<\/strong>Digitale Residenz: November 2021 &#8211; April 2022<\/h5>\n<p><em>&#8222;Da eine ausgesprochen langweilige Aufgabe der Dekolonisierungsarbeit darin besteht, imperiale und koloniale Ungerechtigkeit einem Publikum zu erkl\u00e4ren, das \u00fcber die Geschichte westlicher &#8218;Engagements&#8216; und &#8218;Interaktionen&#8216; mit dem afrikanischen Kontinent mehr oder weniger unwissend ist, ist die Entwicklung von p\u00e4dagogischen Werkzeugen wie einem Spiel nicht nur eine frivole Verkn\u00fcpfung von Spieltheorie mit zeitgen\u00f6ssischer Politik, sondern ein n\u00fctzliches Instrument zum Aufbau von Allianzen und zum Abbau struktureller Ignoranz&#8220;, hei\u00dft es im Konzept von Jim Chuchu und Njoki Ngumi.\u00a0<\/em><\/p>\n<p>Spiele &#8211; ob digital oder analog &#8211; k\u00f6nnen Orte der Introspektion und des Handelns sein. So k\u00f6nnen Spiele als Werkzeug f\u00fcr gegenseitiges Lernen und als Raum f\u00fcr das Schaffen gemeinsamer Experimente und Empathie verstanden werden. Auf der narrativen Ebene k\u00f6nnen die Spiele kontroverse intellektuelle, politische und soziale Positionen in Bezug auf die R\u00fcckgabe von Objekten und die R\u00fcckf\u00fchrung an die Orte, von denen aus sie erworben wurden, herausfordern. Durch die Verwendung visueller Referenzen aus Vergangenheit und Gegenwart k\u00f6nnen sie jedoch auch alternative Realit\u00e4ten und Utopien schaffen, die wie ein Balsam f\u00fcr verschiedene Gesellschaften dienen k\u00f6nnen, denen das Privileg und der Wagemut verwehrt wurde, die Welt um sie herum nach ihrem eigenen Bild zu gestalten.<\/p>\n<p>K\u00f6nnen wir also eine bessere Welt schaffen, indem wir Spiele entwickeln und spielen? Die Residenz wird sich mit Fragen \u00fcber das Potenzial des (Ver-)Lernens durch digitale oder analoge Spiele besch\u00e4ftigen. Dabei kommen Fragen zu Narration und Vermittlung ebenso ins Spiel wie zu Designprinzipien und Visualisierung.<\/p>\n<p>W\u00e4hrend Deutschland als Heimat des modernen Brettspiels gilt, werden Njoki Ngumi und Jim Chuchu von The Nest Collective ihre sechsmonatige digitale Residenz der Erforschung von Spielen und Gamification als eine M\u00f6glichkeit widmen, verschiedene Formen der Auseinandersetzung mit bestimmten Informationen zu erzeugen, die es dem Publikum erm\u00f6glichen, sich mit verschiedenen Materialien auf ihre eigene, neue Art und Weise auseinanderzusetzen, sich selbst zu unterrichten und zu verschiedenen Schlussfolgerungen zu gelangen.<\/p>\n<p>&nbsp;<\/p>\n<\/div>\n                <\/div>\n            <\/div>\n\t\t<\/div>\n\t\t    <\/div>\n<\/section>\n\n\n<section class=\"block block-accordion\">\n\t<div class=\"container-fluid\">\n\t\t<div class=\"row\">\n\t\t\t<div class=\"col-xs-12 col-md-offset-2 col-md-8\">\n\t\t\t\t<div class=\"box\">\n\t\t\t\t\t\t\t\t\t\t\t<block-accordion inline-template>\n\t\t\t\t\t\t\t<div class=\"accordion\">\n\t\t\t\t\t\t\t\t\t\t\t\t\t\t\t<block-accordion-item inline-template item-headline=\"\u00dcber Jim Chuchu und Njoki Ngumi\">\n\t\t\t\t\t\t\t\t<div ref=\"item\" data-id=\"berJimChuchuundNjokiNgumi\" class=\"block-accordion-item vue-initialize\" aria-expanded=\"false\" :aria-expanded=\"active ? 'true' : 'false'\">\n\t\t\t\t\t\t\t\t\t<button class=\"accordion-button-with-icon block-accordion-item-head\" :class=\"{'button-active': active}\" ref=\"head\" aria-controls=\"acc_69ee689c979a1\" id=\"acc_title_69ee689c979a2\" @click=\"toggle\" @keydown=\"key\">\n\t\t\t\t\t\t\t\t\t<div><span class=\"button-label\">\u00dcber Jim Chuchu und Njoki Ngumi<\/span><\/div><span class=\"button-icon icon-plus\" aria-hidden=\"true\"><\/span>\n\t\t\t\t\t\t\t\t<\/button>\n\t\t\t\t\t\t\t\t\t<div ref=\"body\" class=\"block-accordion-item-content\" id=\"acc_69ee689c979a1\" role=\"region\">\n\t\t\t\t\t\t\t\t\t\t<div class=\"wrapper copy\">\n\t\t\t\t\t\t\t\t\t\t\t<p><em>The Nest Collective<\/em> ist ein multidisziplin\u00e4res k\u00fcnstlerisches Kollektiv, das eine ganzheitliche Methodik der angewandten Forschung nutzt, um kulturelle Werke in den Bereichen Film, Mode, Literatur und anderen Medien zu schaffen. Diese Interventionen sind so konzipiert, dass sie das Publikum \u00fcber mehrere Einstiegs- und Reflexionspunkte ansprechen und so eine differenzierte Betrachtung, Diskussion und Debatte der aufgeworfenen Fragen erm\u00f6glichen, ohne den \u00e4sthetischen und k\u00fcnstlerischen Wert des Werks zu beeintr\u00e4chtigen. Die Arbeit von <em>The Nest Collective<\/em> findet in der Regel mehrere Plattformen f\u00fcr ein Engagement, darunter Wissenschaft und Forschung, Kunst, verschiedene kulturelle Treffpunkte, Diskussionen in der Zivilgesellschaft und Plattformen der Mainstream-Medien. Neben vielen anderen Projekten nimmt <em>The Nest Collective<\/em> an der Documenta 2022 teil.<\/p>\n\n\t\t\t\t\t\t\t\t\t\t\t<br>\t\t\t\t\t\t\t\t\t\t\t\t<div class=\"persons\">\n\t\t\t\t<div class=\"persons-container\">\n\t\t\t\t\t\t\t<div class=\"person h-card\">\n\t\t\t\t\t \n\t\t\t\t\t\t<img decoding=\"async\" class=\"u-photo\" alt=\"Foto von Dr. Njoki Ngumi\" src=\"https:\/\/www.humboldtforum.org\/wp-content\/uploads\/2021\/05\/Dr.-Njoki-Ngumi-_web-206x300.jpg\"\/>\n\t\t\t\t\t \n\t\t\t\t\t<h6 class=\"p-name\">Dr. Njoki Ngumi<\/h6>\n\t\t\t\t\t\t\t\t\t\t\t\t\t\t\t<p>\n\t\t\t\t\t\tDr. Njoki Ngumi ist Schriftstellerin und feministische Denkerin, die in Kenia im privaten und \u00f6ffentlichen Gesundheitswesen besch\u00e4ftigt war. Sie ist Gr\u00fcndungsmitglied von Nest und Koordinatorin f\u00fcr Lernen und Entwicklung bei HEVA &#8211; Afrikas erstem Katalysatorfonds f\u00fcr die Kreativwirtschaft mit Sitz in Kenia, der in den Sektor der Kreativwirtschaft in der ostafrikanischen Region investiert. \t\t\t\t\t<\/p>\t\t\t\t<\/div>\n\t\t\t\t\t\t\t<div class=\"person h-card\">\n\t\t\t\t\t \n\t\t\t\t\t\t<img decoding=\"async\" class=\"u-photo\" alt=\"Foto von Jim Chuchu\" src=\"https:\/\/www.humboldtforum.org\/wp-content\/uploads\/2022\/05\/E631EFB2-9E85-4126-A233-17E4CA0F5FCE-300x291.jpeg\"\/>\n\t\t\t\t\t \n\t\t\t\t\t<h6 class=\"p-name\">Jim Chuchu<\/h6>\n\t\t\t\t\t\t\t\t\t\t\t\t\t\t\t<p>\n\t\t\t\t\t\tJim Chuchu ist Filmemacher, Musiker und bildender K\u00fcnstler und lebt und arbeitet in Nairobi, Kenia. Er ist Mitgr\u00fcnder von The Nest Collective im Jahr 2014 und von HEVA im Jahr 2015. Seine Filme wurden im MoMA, auf den Filmfestivals von Toronto, Berlin und Rotterdam gezeigt, und seine Werke wurden im Museum of Contemporary Photography, im Royal Pavilion and Museums, im Guggenheim Bilbao und im Vitra Design Museum ausgestellt. \t\t\t\t\t<\/p>\t\t\t\t<\/div>\n\t\t\t\t\t<\/div>\n\t<\/div>\n\t\t\t\t\t\t\t\t\t\t\t\n\t\t\t\t\t\t\t\t\t\t\t<div class=\"row\">\n\t\t\t\t\t\t\t\t\t\t\t\t<div class=\"col-xs-9 col-md-9\">\n\t\t\t\t\t\t\t\t\t\t\t\t\t<div class=\"box\">\n\t\t\t\t\t\t\t\t\t\t\t\t\t\t\t\t\t\t\t\t\t\t\t\t\t\t\t<\/div>\n\t\t\t\t\t\t\t\t\t\t\t\t<\/div>\n\t\t\t\t\t\t\t\t\t\t\t<\/div>\n\n\t\t\t\t\t\t\t\t\t\t\t\t\t\t\t\t\t\t\t\t\t<\/div>\n\t\t\t\t\t\t\t\t\t<\/div>\n\t\t\t\t\t\t\t\t<\/div>\n\t\t\t\t\t\t\t\t<\/block-accordion-item>\n\t\t\t\t\t\t\t\t\t\t\t\t\t<\/div>\n\t\t\t\t\t\t<\/block-accordion>\n\t\t\t\t\t\t\t\t\t<\/div>\n\t\t\t<\/div>\n\t\t<\/div>\n\t<\/div>\n<\/section>\n\n\n<section class=\"block block-headline block-no-margin \" >\n\t<div class=\"container-fluid\">\n\t\t<div class=\"row\">\n\t\t\t\t\t\t\t<div class=\"col-xs-12 col-md-offset-2 col-md-8\">\n\t\t\t\t\t<div class=\"box\">\n\t\t\t\t\t\t<h2 class=\".h4\">Kontakt<\/h2>\n\t\t\t\t\t<\/div>\n\t\t\t\t<\/div>\n\t\t\t\t\t<\/div>\n\t<\/div>\n<\/section>\n\n\n\n\n<section class=\"block block-copy block-no-margin\" >\n    <div class=\"container-fluid\">\n\t\t<div class=\"row \">\n            <div class=\"col-xs-12 col-md-offset-2 col-md-8\">\n                <div class=\"box\">\n                    <div class=\"copy\"><p>F\u00fcr Fragen und weiteren Informationen zum <em>99 Fragen<\/em> Programm stehen wir Ihnen gerne unter <a title=\"Verkn\u00fcpfung folgen\" href=\"mailto:99questions@humboldtforum.org\">99questions@humboldtforum.org<\/a>\u00a0zur Verf\u00fcgung.<\/p>\n<p>&nbsp;<\/p>\n<\/div>\n                <\/div>\n            <\/div>\n\t\t<\/div>\n\t\t    <\/div>\n<\/section>\n\n\n<section class=\"block block-CTA-huge block-CTA-huge\">\n\t<div class=\"container-fluid\">\n\t\t\t<a href=\"https:\/\/www.humboldtforum.org\/de\/programm\/digitales-angebot\/digital\/das-museum-sem-nenhum-carater-resisting-the-universal-64973\/\" class=\"teaser\" aria-label=\"Das Museum Sem Nenhum Car\u00e1ter\r\n\">\n\t\t\t<div class=\"box\">\n\n\t\t\t\t<div class=\"row CTA-image\">\n\t\t\t\t\t<div class=\"col-xs-12 col-sm-6  teaser-image\">\n\t\t\t\t\t\t\n\t<lazy-media-inline inline-template>\n\t\t<figure itemscope itemtype=\"http:\/\/schema.org\/ImageObject\" class=\"lazy-media-inline \" role=\"group\" id=\"media_69ee689c9aad1\" aria-labelledby=\"desc_media_69ee689c9aad1\">\n\t\t\t<script type=\"application\/json\" ref=\"data\">\n\t\t\t\t{\n\t\t\t\t\"sizes\" : {\"medium\":{\"file\":\"SHF_eb00173105-300x125.jpg\",\"width\":300,\"height\":125,\"mime-type\":\"image\\\/jpeg\",\"filesize\":9673},\"large\":{\"file\":\"SHF_eb00173105-1024x427.jpg\",\"width\":1024,\"height\":427,\"mime-type\":\"image\\\/jpeg\",\"filesize\":67303},\"thumbnail\":{\"file\":\"SHF_eb00173105-150x150.jpg\",\"width\":150,\"height\":150,\"mime-type\":\"image\\\/jpeg\",\"filesize\":5867},\"medium_large\":{\"file\":\"SHF_eb00173105-768x320.jpg\",\"width\":768,\"height\":320,\"mime-type\":\"image\\\/jpeg\",\"filesize\":42402},\"small\":{\"file\":\"SHF_eb00173105-440x183.jpg\",\"width\":440,\"height\":183,\"mime-type\":\"image\\\/jpeg\",\"filesize\":17587},\"semi\":{\"file\":\"SHF_eb00173105-580x242.jpg\",\"width\":580,\"height\":242,\"mime-type\":\"image\\\/jpeg\",\"filesize\":27587},\"mobile\":{\"file\":\"SHF_eb00173105-720x300.jpg\",\"width\":720,\"height\":300,\"mime-type\":\"image\\\/jpeg\",\"filesize\":38693},\"original\":{\"file\":\"SHF_eb00173105.jpg\",\"width\":1080,\"height\":450}},\n\t\t\t\t\"alt\" : \"Zwei Texturen: links grobes Papier, rechts ein Haufen zerrissener, bedruckter Papierschnipsel.\",\n\t\t\t\t\"path\" : \"\\\/wp-content\\\/uploads\\\/2022\\\/12\\\/\",\n\t\t\t\t\"video\" : null,\n\t\t\t\t\"autoplay\" : null,\n\t\t\t\t\"youtube\" : null,\n\t\t\t\t\"youtubelabel\" : \"Video abspielen\",\n\t\t\t\t\"brightness\" : \"100\",\n\t\t\t\t\"crop\" : null,\n\t\t\t\t\"background\" : true,\n\t\t\t\t\"scale\" : 1\t\t\t\t}\n\t\t\t<\/script>\n\n\t\t\t<div class=\"height-container\" style=\"padding-bottom:41.666666666667%;\" v-if=\"sizes\">\n\t\t\t\t\t\t\t\t<lazy-media :inline=\"true\" :alt=\"alt\" :sizes=\"sizes\" :scale=\"scale\" :brightness=\"brightness\" :path=\"path\" :video=\"video\" :autoplay=\"autoplay\" :youtube=\"youtube\" :crop=\"crop\" :youtubelabel=\"youtubelabel\" :background=\"background\" media-id=\"desc_media_69ee689c9aad1\"><\/lazy-media>\n\t\t\t\t\t\t\t<\/div>\n\n\t\t\t\t\t\t\t<figcaption class=\"sr-only\" ref=\"body\" id=\"desc_media_69ee689c9aad1\">\n\t\t\t\t\t\t\t\t\t\t\t<div>Bilder aus der Publikation &quot;Das Museum Sem Nenhum Car&aacute;ter&quot;.<\/div>\n\t\t\t\t\t\t\t\t\t\t\t\t\t\t\t\t\t\t\t\t\t<div class=\"insignificant\">\u00a9 No\u00e9 Mart\u00ednez &#038; Mar\u00eda Sosa<\/div>\n\t\t\t\t\t\t\t\t\t<\/figcaption>\n\t\t\t\t\t<\/figure>\n\t<\/lazy-media-inline>\n\t\t\t\t\t<\/div>\n\t\t\t\t<\/div>\n\t\t\t\t<div class=\"CTA-border-wrapper\">\n\t\t\t\t\t<div class=\"row middle-sm center-xs CTA-border\">\n\t\t\t\t\t\t<div class=\"col-xs-10 col-sm-4 col-sm-offset-5\">\n\t\t\t\t\t\t\t<div class=\"box\">\n\t\t\t\t\t\t\t\t<div class=\"teaser-overline subline\">Digitale Publikation<\/div>\t\t\t\t\t\t\t\t<div>\n\t\t\t\t\t\t\t\t\t<h3>Das Museum Sem Nenhum Car\u00e1ter\r\n<\/h3>\n\t\t\t\t\t\t\t\t\t<div class=\"Teaser-copy\">Resisting the Universal<\/div>\t\t\t\t\t\t\t\t\t\t\t\t\t\t\t\t\t\t\t<div class=\"Button\" style=\"margin-top: var(--spacing-third)\" ><span>Weitere Informationen hier<\/span><\/div>\n\t\t\t\t\t\t\t\t\t\t\t\t\t\t\t\t\t<\/div>\n\t\t\t\t\t\t\t<\/div>\n\t\t\t\t\t\t<\/div>\n\t\t\t\t\t<\/div>\n\t\t\t\t<\/div>\n\t\t\t<\/div>\n\t\t<\/a>\n\t<\/div>\n<\/section>\n\n","protected":false},"excerpt":{"rendered":"","protected":false},"author":78,"featured_media":17911,"parent":0,"menu_order":0,"comment_status":"closed","ping_status":"closed","template":"","meta":{"_acf_changed":false,"footnotes":""},"class_list":["post-136222","page","type-page","status-publish","has-post-thumbnail","hentry"],"acf":[],"_links":{"self":[{"href":"https:\/\/www.humboldtforum.org\/de\/wp-json\/wp\/v2\/pages\/136222","targetHints":{"allow":["GET"]}}],"collection":[{"href":"https:\/\/www.humboldtforum.org\/de\/wp-json\/wp\/v2\/pages"}],"about":[{"href":"https:\/\/www.humboldtforum.org\/de\/wp-json\/wp\/v2\/types\/page"}],"author":[{"embeddable":true,"href":"https:\/\/www.humboldtforum.org\/de\/wp-json\/wp\/v2\/users\/78"}],"replies":[{"embeddable":true,"href":"https:\/\/www.humboldtforum.org\/de\/wp-json\/wp\/v2\/comments?post=136222"}],"version-history":[{"count":10,"href":"https:\/\/www.humboldtforum.org\/de\/wp-json\/wp\/v2\/pages\/136222\/revisions"}],"predecessor-version":[{"id":154299,"href":"https:\/\/www.humboldtforum.org\/de\/wp-json\/wp\/v2\/pages\/136222\/revisions\/154299"}],"wp:featuredmedia":[{"embeddable":true,"href":"https:\/\/www.humboldtforum.org\/de\/wp-json\/wp\/v2\/media\/17911"}],"wp:attachment":[{"href":"https:\/\/www.humboldtforum.org\/de\/wp-json\/wp\/v2\/media?parent=136222"}],"curies":[{"name":"wp","href":"https:\/\/api.w.org\/{rel}","templated":true}]}}