{"id":136294,"date":"2024-09-11T15:44:35","date_gmt":"2024-09-11T13:44:35","guid":{"rendered":"https:\/\/www.humboldtforum.org\/?page_id=136294"},"modified":"2024-10-04T15:39:31","modified_gmt":"2024-10-04T13:39:31","slug":"south-to-south","status":"publish","type":"page","link":"https:\/\/www.humboldtforum.org\/de\/south-to-south\/","title":{"rendered":"South-to-South"},"content":{"rendered":"<section class=\"block block-header\" >\n\t<block-header inline-template>\n\t\t<figure role=\"group\" aria-labelledby=\"desc_m_69ee394c858f0\">\n\n\t\t\t<script type=\"application\/json\" ref=\"data\">\n\t\t\t\t{\n\t\t\t\t\"sizes_d\" : {\"medium\":{\"file\":\"SHF_eb00230079__Souh-to-South_-Treffen-in-Lubumbashi-300x225.jpg\",\"width\":300,\"height\":225,\"mime-type\":\"image\\\/jpeg\",\"filesize\":16707},\"large\":{\"file\":\"SHF_eb00230079__Souh-to-South_-Treffen-in-Lubumbashi-1024x768.jpg\",\"width\":1024,\"height\":768,\"mime-type\":\"image\\\/jpeg\",\"filesize\":147772},\"thumbnail\":{\"file\":\"SHF_eb00230079__Souh-to-South_-Treffen-in-Lubumbashi-150x150.jpg\",\"width\":150,\"height\":150,\"mime-type\":\"image\\\/jpeg\",\"filesize\":6625},\"medium_large\":{\"file\":\"SHF_eb00230079__Souh-to-South_-Treffen-in-Lubumbashi-768x576.jpg\",\"width\":768,\"height\":576,\"mime-type\":\"image\\\/jpeg\",\"filesize\":89471},\"small\":{\"file\":\"SHF_eb00230079__Souh-to-South_-Treffen-in-Lubumbashi-440x330.jpg\",\"width\":440,\"height\":330,\"mime-type\":\"image\\\/jpeg\",\"filesize\":32814},\"semi\":{\"file\":\"SHF_eb00230079__Souh-to-South_-Treffen-in-Lubumbashi-580x435.jpg\",\"width\":580,\"height\":435,\"mime-type\":\"image\\\/jpeg\",\"filesize\":54329},\"mobile\":{\"file\":\"SHF_eb00230079__Souh-to-South_-Treffen-in-Lubumbashi-720x540.jpg\",\"width\":720,\"height\":540,\"mime-type\":\"image\\\/jpeg\",\"filesize\":79462},\"original\":{\"file\":\"SHF_eb00230079__Souh-to-South_-Treffen-in-Lubumbashi.jpg\",\"width\":1280,\"height\":960}},\n\t\t\t\t\"alt_d\" : \"Gruppe von Menschen, die auf einem Naturweg spazieren, umgeben von H\\u00fcgeln und Pflanzen.\",\n\t\t\t\t\"path_d\" : \"\\\/wp-content\\\/uploads\\\/2024\\\/09\\\/\",\n\t\t\t\t\"autoplay_d\" : null,\n\t\t\t\t\"crop_d\" : null,\n\t\t\t\t\"background_d\" : true,\n\t\t\t\t\"scale_d\" : 1,\n\n\t\t\t\t\"sizes_m\" : [],\n\t\t\t\t\"alt_m\" : null,\n\t\t\t\t\"path_m\" : null,\n\t\t\t\t\"autoplay_m\" : null,\n\t\t\t\t\"crop_m\" : null,\n\t\t\t\t\"background_m\" : true,\n\t\t\t\t\"scale_m\" : 1,\n\n\t\t\t\t\"has_mobile_format\" : false,\n\t\t\t\t\"has_ad\" : false,\n\t\t\t\t\"audio_description_yt\" : null\t\t\t\t}\n\t\t\t<\/script>\n\t\t\t<div class=\"height-container\" style=\"padding-bottom:75%;\" v-if=\"sizes\" data-motion-parallax='{\"child\":\".image-wrapper\",\"mask\":\".lazy-media\",\"tween\":{\"yPercent\": [-15,15]}}'>\n\t\t\t\t<lazy-media :inline=\"true\" :scale=\"scale\" :alt=\"alt\" :sizes=\"sizes\" :brightness=\"brightness\" :path=\"path\" :video=\"video\" :autoplay=\"autoplay\" :youtube=\"youtube\" :crop=\"crop\" :youtubelabel=\"youtubelabel\" :background=\"background\" media-id=\"desc_m_69ee394c858f0\"><\/lazy-media>\n\t\t\t\t<button class=\"autoplay-audio-description-btn icon-background icon-audio-describtions\" @click=\"audioDescriptionPlay\" v-if=\"hasAudioDescription\" aria-label=\"Audiodeskription aufrufen\"><\/button>\n\t\t\t<\/div>\n\t\t\t\t\t\t<div class=\"lazy-media-info-container-fluid\">\n\t\t\t\t<div class=\"lazy-media-info-row end-xs\">\n\t\t\t\t\t<div class=\"lazy-media-info-col\">\n\t\t\t\t\t\t<div class=\"lazy-media-info\" aria-expanded=\"false\" :aria-expanded=\"isOpen ? 'true' : 'false'\">\n\t\t\t\t\t\t\t<button class=\"lazy-media-info-head button-tiny insignificant\" :class=\"{'button-active': isOpen}\" @click=\"toggle\" ref=\"head\"><span class=\"button-label insignificant\">Bildinfo<\/span><\/button>\n\t\t\t\t\t\t\t<figcaption class=\"lazy-media-info-body\" ref=\"body\" id=\"desc_m_69ee394c858f0\">\n\t\t\t\t\t\t\t\t<div class=\"lazy-media-info-body-content\">\n\t\t\t\t\t\t\t\t\t<div>&quot;South-to-South&quot;, &quot;99 Questions&quot;-Research Node, Lubumbashi, D.R. Kongo, in Kollaboration mit Centre d&rsquo;Art Waza<\/div>\t\t\t\t\t\t\t\t\t\t\t\t\t\t\t\t\t\t<div class=\"insignificant\">\u00a9 Nathan Bushiru<\/div>\t\t\t\t\t\t\t\t<\/div>\n\t\t\t\t\t\t\t<\/figcaption>\n\t\t\t\t\t\t\t<div class=\"lazy-media-info-head-border\"><\/div>\n\t\t\t\t\t\t<\/div>\n\t\t\t\t\t<\/div>\n\t\t\t\t<\/div>\n\t\t\t<\/div>\n\t\t\t\t\t<\/figure>\n\t<\/block-header>\n<\/section>\n\n<section class=\"block block-header-headline\" >\n    <div class=\"container-fluid\">\n        <div class=\"row\">\n\t\t\t\n                            <div class=\"col-xs-12 col-md-offset-2 col-md-8\">\n                    <div class=\"box\">\n                        <h1>South-to-South<\/h1>\n                    <\/div>\n                <\/div>\n                    <\/div>\n    <\/div>\n<\/section>\n\n\n\n\n<section class=\"block block-headline block-no-margin \" >\n\t<div class=\"container-fluid\">\n\t\t<div class=\"row\">\n\t\t\t\t\t\t\t<div class=\"col-xs-12 col-md-offset-2 col-md-8\">\n\t\t\t\t\t<div class=\"box\">\n\t\t\t\t\t\t<h2 class=\".h5\">Ein Austausch zu afrikanischen und afro-diasporischen Technologien<\/h2>\n\t\t\t\t\t<\/div>\n\t\t\t\t<\/div>\n\t\t\t\t\t<\/div>\n\t<\/div>\n<\/section>\n\n\n\n\n<section class=\"block block-copy\" >\n    <div class=\"container-fluid\">\n\t\t<div class=\"row \">\n            <div class=\"col-xs-12 col-md-offset-2 col-md-8\">\n                <div class=\"box\">\n                    <div class=\"copy\"><p>Ziel des Projekts <em>South-to-South<\/em> ist das Schaffen neuer Verbindungen zwischen sowie ein Neudenken von technischem, k\u00fcnstlerischem und kosmologischem Wissen im sogenannten Globalen S\u00fcden. Im Zuge des Projekts fanden zwei Zusammenk\u00fcnfte statt, das erste in Salvador de Bah\u00eda in Brasilien, das zweite in Lubumbashi, DR Kongo, die in Zusammenarbeit mit Piv\u00f4 Art and Research (Brasilien) und dem Centre d\u2019art Waza (DR Kongo) organisiert wurde und Gruppen aus K\u00fcnstler*innen, Denker*innen und Community-Organisator*innen zusammenbrachten. Mit einer abwechslungsreichen Mischung aus Talks, Workshops, experimentellen Vortr\u00e4gen und weiteren Aktivit\u00e4ten (wie gef\u00fchrten Spazierg\u00e4ngen und Kochsessions), st\u00f6\u00dft <em>South-to-South<\/em> einen Austausch von Ideen und Praxen an, die konventionelle <em>westliche*<\/em>\u00a0Paradigmen von Technologie und Fortschritt kritisch hinterfragen.<\/p>\n<p>Das erste Treffen, das in Salvador de Bah\u00eda stattfand, legte einen Schwerpunkt auf die bedeutende Rolle von afrikanischen Kosmologien und die Wiederbelebung uralter landbasierter Praktiken. Hervorgehoben wurde dabei die Notwendigkeit von alternativen Definitionen von Technologien, die ihren Ursprung in den gelebten Erfahrungen afrikanischer und afro-diasporischer Communities haben. Inspiriert von dem <em>Manifiesto del Cimarronismo Moderno<\/em> des martinikanischen K\u00fcnstlers Ren\u00e9 Louise und dem Aufsatz <em>A terra d\u00e1, a terra quer<\/em> des brasilianischen Philosophen und Quilombola-F\u00fchrers Ant\u00f4nio Bispo dos Santos untersuchten die Teilnehmenden, wie Maroonismus und Quilombismus \u2013 eine Praxis antikolonialen Widerstands und der Unbeugsamkeit \u2013 moderne technologische Praktiken, von der Robotik bis hin zur Biotechnologie, beeinflussen k\u00f6nnen. Diese Neuinterpretation von Technologie als Instrument der Widerst\u00e4ndigkeit, aber auch der globalen Koexistenz, bildete die Grundlage f\u00fcr einen andauernden Dialog und eine kontinuierliche Zusammenarbeit.<\/p>\n<\/div>\n                <\/div>\n            <\/div>\n\t\t<\/div>\n\t\t    <\/div>\n<\/section>\n\n\n<section class=\"block block-gallery\">\n\t<div class=\"container-fluid\">\n\t\t<div class=\"row center-xs\">\n\t\t\t<div class=\"col-xs-12\">\n\t\t\t\t<div class=\"box text-align-left\">\n\t\t\t\t\t<block-gallery inline-template>\n\t\t\t\t\t\t<div :class=\"{ firstLoaded: firstLoaded }\">\n\t\t\t\t\t\t\t<script type=\"application\/json\" ref=\"data\">\n\t\t\t\t\t\t\t{\n\t\t\t\t\t\t\t\t\"images\" : [{\"id\":0,\"width\":1280,\"height\":854,\"alt\":\"Menschenmenge bei einer musikalischen Auff&uuml;hrung in einem gr&uuml;nen, tropischen Garten.\",\"title\":\"\",\"description\":\"\",\"label\":\"Performance \\\/ Aktivierung von Vanessa Orew&aacute; im Piv&ocirc; Art &amp; Research Center in Salvador de Bahia, Brasilien. In Kollaboration mit der Organisatorin der Gruppe der Caretas do Mingau, Guiomar.\",\"copyright\":\"Ricardo Prado\",\"path\":\"\\\/wp-content\\\/uploads\\\/2024\\\/09\\\/\",\"sizes\":{\"medium\":{\"file\":\"SHF_eb00230072-300x200.jpg\",\"width\":300,\"height\":200,\"mime-type\":\"image\\\/jpeg\",\"filesize\":20510},\"large\":{\"file\":\"SHF_eb00230072-1024x683.jpg\",\"width\":1024,\"height\":683,\"mime-type\":\"image\\\/jpeg\",\"filesize\":158128},\"thumbnail\":{\"file\":\"SHF_eb00230072-150x150.jpg\",\"width\":150,\"height\":150,\"mime-type\":\"image\\\/jpeg\",\"filesize\":9454},\"medium_large\":{\"file\":\"SHF_eb00230072-768x512.jpg\",\"width\":768,\"height\":512,\"mime-type\":\"image\\\/jpeg\",\"filesize\":99909},\"small\":{\"file\":\"SHF_eb00230072-440x294.jpg\",\"width\":440,\"height\":294,\"mime-type\":\"image\\\/jpeg\",\"filesize\":39479},\"semi\":{\"file\":\"SHF_eb00230072-580x387.jpg\",\"width\":580,\"height\":387,\"mime-type\":\"image\\\/jpeg\",\"filesize\":63049},\"mobile\":{\"file\":\"SHF_eb00230072-720x480.jpg\",\"width\":720,\"height\":480,\"mime-type\":\"image\\\/jpeg\",\"filesize\":89554},\"original\":{\"file\":\"SHF_eb00230072.jpg\",\"width\":1280,\"height\":854}}},{\"id\":1,\"width\":1280,\"height\":854,\"alt\":\"Frauen in traditioneller Kleidung tauschen bei einer Feier Speisen und Getr&auml;nke aus, umgeben von einer lebhaften Gemeinschaft.\",\"title\":\"\",\"description\":\"\",\"label\":\"Performance \\\/ Aktivierung von Vanessa Orew&aacute; im Piv&ocirc; Art &amp; Research Center in Salvador de Bahia, Brasilien. In Kollaboration mit der Organisatorin der Gruppe der Caretas do Mingau, Guiomar.\",\"copyright\":\"Ricardo Prado\",\"path\":\"\\\/wp-content\\\/uploads\\\/2024\\\/09\\\/\",\"sizes\":{\"medium\":{\"file\":\"SHF_eb00230071-300x200.jpg\",\"width\":300,\"height\":200,\"mime-type\":\"image\\\/jpeg\",\"filesize\":17772},\"large\":{\"file\":\"SHF_eb00230071-1024x683.jpg\",\"width\":1024,\"height\":683,\"mime-type\":\"image\\\/jpeg\",\"filesize\":131784},\"thumbnail\":{\"file\":\"SHF_eb00230071-150x150.jpg\",\"width\":150,\"height\":150,\"mime-type\":\"image\\\/jpeg\",\"filesize\":8094},\"medium_large\":{\"file\":\"SHF_eb00230071-768x512.jpg\",\"width\":768,\"height\":512,\"mime-type\":\"image\\\/jpeg\",\"filesize\":83926},\"small\":{\"file\":\"SHF_eb00230071-440x294.jpg\",\"width\":440,\"height\":294,\"mime-type\":\"image\\\/jpeg\",\"filesize\":33838},\"semi\":{\"file\":\"SHF_eb00230071-580x387.jpg\",\"width\":580,\"height\":387,\"mime-type\":\"image\\\/jpeg\",\"filesize\":53806},\"mobile\":{\"file\":\"SHF_eb00230071-720x480.jpg\",\"width\":720,\"height\":480,\"mime-type\":\"image\\\/jpeg\",\"filesize\":75340},\"original\":{\"file\":\"SHF_eb00230071.jpg\",\"width\":1280,\"height\":854}}},{\"id\":2,\"width\":1280,\"height\":854,\"alt\":\"Eine Gruppe von Menschen sitzt aufmerksam zusammen und h&ouml;rt einem Vortrag oder einer Veranstaltung zu.\",\"title\":\"\",\"description\":\"\",\"label\":\"Besuchende w&auml;hrend einer Performance \\\/ Aktivierung von Vanessa Orew&aacute; im P&icirc;vo Art &amp; Research Center in Salvador de Bahia, Brasilien. In Kollaboration mit der Organisatorin der Gruppe der Caretas do Mingau, Guiomar.\",\"copyright\":\"Ricardo Prado\",\"path\":\"\\\/wp-content\\\/uploads\\\/2024\\\/09\\\/\",\"sizes\":{\"medium\":{\"file\":\"SHF_eb00230081-300x200.jpg\",\"width\":300,\"height\":200,\"mime-type\":\"image\\\/jpeg\",\"filesize\":18400},\"large\":{\"file\":\"SHF_eb00230081-1024x683.jpg\",\"width\":1024,\"height\":683,\"mime-type\":\"image\\\/jpeg\",\"filesize\":117418},\"thumbnail\":{\"file\":\"SHF_eb00230081-150x150.jpg\",\"width\":150,\"height\":150,\"mime-type\":\"image\\\/jpeg\",\"filesize\":8121},\"medium_large\":{\"file\":\"SHF_eb00230081-768x512.jpg\",\"width\":768,\"height\":512,\"mime-type\":\"image\\\/jpeg\",\"filesize\":77062},\"small\":{\"file\":\"SHF_eb00230081-440x294.jpg\",\"width\":440,\"height\":294,\"mime-type\":\"image\\\/jpeg\",\"filesize\":33414},\"semi\":{\"file\":\"SHF_eb00230081-580x387.jpg\",\"width\":580,\"height\":387,\"mime-type\":\"image\\\/jpeg\",\"filesize\":51500},\"mobile\":{\"file\":\"SHF_eb00230081-720x480.jpg\",\"width\":720,\"height\":480,\"mime-type\":\"image\\\/jpeg\",\"filesize\":69861},\"original\":{\"file\":\"SHF_eb00230081.jpg\",\"width\":1280,\"height\":854}}},{\"id\":3,\"width\":1280,\"height\":854,\"alt\":\"H&auml;nde von Menschen, die gemeinsam Gem&uuml;se sch&auml;len und zubereiten, umgeben von Schalen und frischen Zutaten.\",\"title\":\"\",\"description\":\"\",\"label\":\"Teilnehmende des Projekts South-to-South w&auml;hrend eines Besuchs bei Koch, K&uuml;nstler und Aktivist Jorge Washington\",\"copyright\":\"Ricardo Prado\",\"path\":\"\\\/wp-content\\\/uploads\\\/2024\\\/09\\\/\",\"sizes\":{\"medium\":{\"file\":\"SHF_eb00230073-300x200.jpg\",\"width\":300,\"height\":200,\"mime-type\":\"image\\\/jpeg\",\"filesize\":12754},\"large\":{\"file\":\"SHF_eb00230073-1024x683.jpg\",\"width\":1024,\"height\":683,\"mime-type\":\"image\\\/jpeg\",\"filesize\":75062},\"thumbnail\":{\"file\":\"SHF_eb00230073-150x150.jpg\",\"width\":150,\"height\":150,\"mime-type\":\"image\\\/jpeg\",\"filesize\":6379},\"medium_large\":{\"file\":\"SHF_eb00230073-768x512.jpg\",\"width\":768,\"height\":512,\"mime-type\":\"image\\\/jpeg\",\"filesize\":49398},\"small\":{\"file\":\"SHF_eb00230073-440x294.jpg\",\"width\":440,\"height\":294,\"mime-type\":\"image\\\/jpeg\",\"filesize\":22204},\"semi\":{\"file\":\"SHF_eb00230073-580x387.jpg\",\"width\":580,\"height\":387,\"mime-type\":\"image\\\/jpeg\",\"filesize\":33243},\"mobile\":{\"file\":\"SHF_eb00230073-720x480.jpg\",\"width\":720,\"height\":480,\"mime-type\":\"image\\\/jpeg\",\"filesize\":44954},\"original\":{\"file\":\"SHF_eb00230073.jpg\",\"width\":1280,\"height\":854}}}]\t\t\t\t\t\t\t}\n\t\t\t\t\t\t\t<\/script>\n\n\t\t\t\t\t\t\t<swiper :options=\"options\" @slide-change=\"track\">\n\t\t\t\t\t\t\t\t<div class=\"swiper-slide\" :key=\"image.id\" v-for=\"image in images\">\n\t\t\t\t\t\t\t\t\t<block-gallery-item inline-template :image=\"image\">\n\t\t\t\t\t\t\t\t\t\t<figure class=\"swiper-slide-image-wrapper\" ref=\"parent\">\n\t\t\t\t\t\t\t\t\t\t\t<div class=\"width-container\" ref=\"container\" :style=\"style\">\n\t\t\t\t\t\t\t\t\t\t\t\t<div data-swiper-parallax-x=\"50%\">\n\t\t\t\t\t\t\t\t\t\t\t\t<img :src=\"image.src\" :alt=\"image.alt\" v-if=\"image.id < 2\">\n\t\t\t\t\t\t\t\t\t\t\t\t<img class=\"swiper-lazy\" :data-src=\"image.src\" :alt=\"image.alt\" v-else>\n\t\t\t\t\t\t\t\t\t\t\t\t<\/div>\n\t\t\t\t\t\t\t\t\t\t\t<\/div>\n\t\t\t\t\t\t\t\t\t\t<\/figure>\n\t\t\t\t\t\t\t\t\t<\/block-gallery-item>\n\n\t\t\t\t\t\t\t\t\t<figcaption>\n\t\t\t\t\t\t\t\t\t\t<div class=\"lazy-media-info-body-content\">\n\t\t\t\t\t\t\t\t\t\t\t<div v-html=\"image.label\"><\/div>\n\t\t\t\t\t\t\t\t\t\t\t<div v-html=\"image.description\"><\/div>\n\t\t\t\t\t\t\t\t\t\t\t<div class=\"insignificant\" v-if=\"image.copyright\" v-html=\"'\u00a9 '+image.copyright\"><\/div>\n\t\t\t\t\t\t\t\t\t\t<\/div>\n\t\t\t\t\t\t\t\t\t<\/figcaption>\n\t\t\t\t\t\t\t\t<\/div>\n\n\t\t\t\t\t\t\t\t<div class=\"swiper-pagination\"  slot=\"pagination\"><\/div>\n\n\t\t\t\t\t\t\t\t<button class=\"icon-round swiper-button-prev\" slot=\"button-prev\" aria-label=\"Vorheriges Bild\">\n\t\t\t\t\t\t\t\t\t<span class=\"icon-next\" aria-hidden=\"true\"><\/span>\n\t\t\t\t\t\t\t\t<\/button>\n\n\t\t\t\t\t\t\t\t<button class=\"icon-round swiper-button-next\" slot=\"button-next\" aria-label=\"N\u00e4chstes Bild\">\n\t\t\t\t\t\t\t\t\t<span class=\"icon-next\" aria-hidden=\"true\"><\/span>\n\t\t\t\t\t\t\t\t<\/button>\n\t\t\t\t\t\t\t<\/swiper>\n\t\t\t\t\t\t<\/div>\n\t\t\t\t\t<\/block-gallery>\n\t\t\t\t<\/div>\n\t\t\t<\/div>\n\t\t<\/div>\n\t<\/div>\n<\/section>\n\n<section class=\"block block-copy\" >\n    <div class=\"container-fluid\">\n\t\t<div class=\"row \">\n            <div class=\"col-xs-12 col-md-offset-2 col-md-8\">\n                <div class=\"box\">\n                    <div class=\"copy\"><p>Das zweite Treffen, das in Lubumbashi stattfand, besch\u00e4ftigte sich eingehender mit dem Zusammenspiel von traditionellem landbasierten Wissen und kosmologischen Verst\u00e4ndnissen von Technologie. Gemeinsam untersuchten die Teilnehmenden, wie lokale technologische Systeme zum \u201ePluriversum\u201c beitragen k\u00f6nnen \u2013 einer Welt der vielen Welten, in der unterschiedliche Zuk\u00fcnfte und arten\u00fcbergreifende Realit\u00e4ten parallel entstehen k\u00f6nnen. Das Treffen unterstrich die Wichtigkeit erkenntnistheoretischer Solidarit\u00e4t \u2013 also dem Anerkennen, dass Wissen auf unterschiedliche Weise erlangt werden kann \u2013 f\u00fcr die Bew\u00e4ltigung des aktuellen Zustands der Welt und regte zum Nachdenken \u00fcber alternative Formen und Methoden der Wissensvermittlung an, die auf Achille Mbembes Forderung nach Pluriversalit\u00e4t zur\u00fcckgehen. Dieses Konzept vertritt einen Ansatz, bei dem Wissensaustausch und -verbreitung von vornherein auf der Pluralit\u00e4t und Diversit\u00e4t dessen gr\u00fcnden, was in seiner G\u00e4nze als Globaler S\u00fcden bezeichnet wird.<\/p>\n<\/div>\n                <\/div>\n            <\/div>\n\t\t<\/div>\n\t\t    <\/div>\n<\/section>\n\n\n<section class=\"block block-gallery\">\n\t<div class=\"container-fluid\">\n\t\t<div class=\"row center-xs\">\n\t\t\t<div class=\"col-xs-12\">\n\t\t\t\t<div class=\"box text-align-left\">\n\t\t\t\t\t<block-gallery inline-template>\n\t\t\t\t\t\t<div :class=\"{ firstLoaded: firstLoaded }\">\n\t\t\t\t\t\t\t<script type=\"application\/json\" ref=\"data\">\n\t\t\t\t\t\t\t{\n\t\t\t\t\t\t\t\t\"images\" : [{\"id\":0,\"width\":1280,\"height\":855,\"alt\":\"Eine Gruppe von vier Personen im Garten, die angeregt in eine Diskussion vertieft ist.\",\"title\":\"\",\"description\":\"\",\"label\":\"v.l.n.r.: Ryan Inouye, Michael Dieminger, Jean Kamba, Russel Hlongwane, Patrick Mudekereza, Projektpartner*innen von &quot;South-to-South&quot;, &quot;99 Questions&quot;-Research Node, Lubumbashi, D.R. Kongo, in Kollaboration mit Centre d&rsquo;Art Waza\",\"copyright\":\"Nathan Bushiru\",\"path\":\"\\\/wp-content\\\/uploads\\\/2024\\\/09\\\/\",\"sizes\":{\"medium\":{\"file\":\"SHF_eb00230082__Souh-to-South_-Treffen-in-Lubumbashi-300x200.jpg\",\"width\":300,\"height\":200,\"mime-type\":\"image\\\/jpeg\",\"filesize\":23269},\"large\":{\"file\":\"SHF_eb00230082__Souh-to-South_-Treffen-in-Lubumbashi-1024x684.jpg\",\"width\":1024,\"height\":684,\"mime-type\":\"image\\\/jpeg\",\"filesize\":181156},\"thumbnail\":{\"file\":\"SHF_eb00230082__Souh-to-South_-Treffen-in-Lubumbashi-150x150.jpg\",\"width\":150,\"height\":150,\"mime-type\":\"image\\\/jpeg\",\"filesize\":10425},\"medium_large\":{\"file\":\"SHF_eb00230082__Souh-to-South_-Treffen-in-Lubumbashi-768x513.jpg\",\"width\":768,\"height\":513,\"mime-type\":\"image\\\/jpeg\",\"filesize\":116774},\"small\":{\"file\":\"SHF_eb00230082__Souh-to-South_-Treffen-in-Lubumbashi-440x294.jpg\",\"width\":440,\"height\":294,\"mime-type\":\"image\\\/jpeg\",\"filesize\":45549},\"semi\":{\"file\":\"SHF_eb00230082__Souh-to-South_-Treffen-in-Lubumbashi-580x387.jpg\",\"width\":580,\"height\":387,\"mime-type\":\"image\\\/jpeg\",\"filesize\":73303},\"mobile\":{\"file\":\"SHF_eb00230082__Souh-to-South_-Treffen-in-Lubumbashi-720x481.jpg\",\"width\":720,\"height\":481,\"mime-type\":\"image\\\/jpeg\",\"filesize\":104527},\"original\":{\"file\":\"SHF_eb00230082__Souh-to-South_-Treffen-in-Lubumbashi.jpg\",\"width\":1280,\"height\":855}}},{\"id\":1,\"width\":1280,\"height\":855,\"alt\":\"Zwei Personen umarmen sich in einer entspannten Au&szlig;enumgebung, w&auml;hrend im Hintergrund andere Menschen sichtbar sind.\",\"title\":\"\",\"description\":\"\",\"label\":\"&quot;South-to-South&quot;, &quot;99 Questions&quot;-Research Node, Lubumbashi, D.R. Kongo, in Kollaboration mit Centre d&rsquo;Art Waza\",\"copyright\":\"Nathan Bushiru\",\"path\":\"\\\/wp-content\\\/uploads\\\/2024\\\/09\\\/\",\"sizes\":{\"medium\":{\"file\":\"SHF_eb00230083__South-to-South_-Treffen-in-Lubumbashi-300x200.jpg\",\"width\":300,\"height\":200,\"mime-type\":\"image\\\/jpeg\",\"filesize\":13204},\"large\":{\"file\":\"SHF_eb00230083__South-to-South_-Treffen-in-Lubumbashi-1024x684.jpg\",\"width\":1024,\"height\":684,\"mime-type\":\"image\\\/jpeg\",\"filesize\":75842},\"thumbnail\":{\"file\":\"SHF_eb00230083__South-to-South_-Treffen-in-Lubumbashi-150x150.jpg\",\"width\":150,\"height\":150,\"mime-type\":\"image\\\/jpeg\",\"filesize\":6266},\"medium_large\":{\"file\":\"SHF_eb00230083__South-to-South_-Treffen-in-Lubumbashi-768x513.jpg\",\"width\":768,\"height\":513,\"mime-type\":\"image\\\/jpeg\",\"filesize\":50471},\"small\":{\"file\":\"SHF_eb00230083__South-to-South_-Treffen-in-Lubumbashi-440x294.jpg\",\"width\":440,\"height\":294,\"mime-type\":\"image\\\/jpeg\",\"filesize\":22802},\"semi\":{\"file\":\"SHF_eb00230083__South-to-South_-Treffen-in-Lubumbashi-580x387.jpg\",\"width\":580,\"height\":387,\"mime-type\":\"image\\\/jpeg\",\"filesize\":33826},\"mobile\":{\"file\":\"SHF_eb00230083__South-to-South_-Treffen-in-Lubumbashi-720x481.jpg\",\"width\":720,\"height\":481,\"mime-type\":\"image\\\/jpeg\",\"filesize\":45920},\"original\":{\"file\":\"SHF_eb00230083__South-to-South_-Treffen-in-Lubumbashi.jpg\",\"width\":1280,\"height\":855}}},{\"id\":2,\"width\":1280,\"height\":855,\"alt\":\"Zwei Personen sitzen drau&szlig;en, eine spricht und gestikuliert, w&auml;hrend die andere aufmerksam zuh&ouml;rt. B&uuml;cher und ein Laptop liegen rum.\",\"title\":\"\",\"description\":\"\",\"label\":\"&quot;South-to-South&quot;, &quot;99 Questions&quot;-Research Node, Lubumbashi, D.R. Kongo, in Kollaboration mit Centre d&rsquo;Art Waza\",\"copyright\":\"Nahan Bushiru\",\"path\":\"\\\/wp-content\\\/uploads\\\/2024\\\/09\\\/\",\"sizes\":{\"medium\":{\"file\":\"SHF_eb00230084__Souh-to-South_-Treffen-in-Lubumbashi-300x200.jpg\",\"width\":300,\"height\":200,\"mime-type\":\"image\\\/jpeg\",\"filesize\":20410},\"large\":{\"file\":\"SHF_eb00230084__Souh-to-South_-Treffen-in-Lubumbashi-1024x684.jpg\",\"width\":1024,\"height\":684,\"mime-type\":\"image\\\/jpeg\",\"filesize\":157203},\"thumbnail\":{\"file\":\"SHF_eb00230084__Souh-to-South_-Treffen-in-Lubumbashi-150x150.jpg\",\"width\":150,\"height\":150,\"mime-type\":\"image\\\/jpeg\",\"filesize\":8766},\"medium_large\":{\"file\":\"SHF_eb00230084__Souh-to-South_-Treffen-in-Lubumbashi-768x513.jpg\",\"width\":768,\"height\":513,\"mime-type\":\"image\\\/jpeg\",\"filesize\":100241},\"small\":{\"file\":\"SHF_eb00230084__Souh-to-South_-Treffen-in-Lubumbashi-440x294.jpg\",\"width\":440,\"height\":294,\"mime-type\":\"image\\\/jpeg\",\"filesize\":39359},\"semi\":{\"file\":\"SHF_eb00230084__Souh-to-South_-Treffen-in-Lubumbashi-580x387.jpg\",\"width\":580,\"height\":387,\"mime-type\":\"image\\\/jpeg\",\"filesize\":62898},\"mobile\":{\"file\":\"SHF_eb00230084__Souh-to-South_-Treffen-in-Lubumbashi-720x481.jpg\",\"width\":720,\"height\":481,\"mime-type\":\"image\\\/jpeg\",\"filesize\":89527},\"original\":{\"file\":\"SHF_eb00230084__Souh-to-South_-Treffen-in-Lubumbashi.jpg\",\"width\":1280,\"height\":855}}},{\"id\":3,\"width\":1280,\"height\":855,\"alt\":\"Frau spricht in einem Klassenraum, w&auml;hrend andere aufmerksam zuh&ouml;ren; die Umgebung ist kreativ gestaltet.\",\"title\":\"\",\"description\":\"\",\"label\":\"&quot;South-to-South&quot;, &quot;99 Questions&quot;-Research Node, Lubumbashi, D.R. Kongo, in Kollaboration mit Centre d&rsquo;Art Waza\",\"copyright\":\"Nathan Bushiru\",\"path\":\"\\\/wp-content\\\/uploads\\\/2024\\\/09\\\/\",\"sizes\":{\"medium\":{\"file\":\"SHF_eb00230078__Souh-to-South_-Treffen-in-Lubumbashi-300x200.jpg\",\"width\":300,\"height\":200,\"mime-type\":\"image\\\/jpeg\",\"filesize\":16210},\"large\":{\"file\":\"SHF_eb00230078__Souh-to-South_-Treffen-in-Lubumbashi-1024x684.jpg\",\"width\":1024,\"height\":684,\"mime-type\":\"image\\\/jpeg\",\"filesize\":118960},\"thumbnail\":{\"file\":\"SHF_eb00230078__Souh-to-South_-Treffen-in-Lubumbashi-150x150.jpg\",\"width\":150,\"height\":150,\"mime-type\":\"image\\\/jpeg\",\"filesize\":7826},\"medium_large\":{\"file\":\"SHF_eb00230078__Souh-to-South_-Treffen-in-Lubumbashi-768x513.jpg\",\"width\":768,\"height\":513,\"mime-type\":\"image\\\/jpeg\",\"filesize\":76819},\"small\":{\"file\":\"SHF_eb00230078__Souh-to-South_-Treffen-in-Lubumbashi-440x294.jpg\",\"width\":440,\"height\":294,\"mime-type\":\"image\\\/jpeg\",\"filesize\":30740},\"semi\":{\"file\":\"SHF_eb00230078__Souh-to-South_-Treffen-in-Lubumbashi-580x387.jpg\",\"width\":580,\"height\":387,\"mime-type\":\"image\\\/jpeg\",\"filesize\":48766},\"mobile\":{\"file\":\"SHF_eb00230078__Souh-to-South_-Treffen-in-Lubumbashi-720x481.jpg\",\"width\":720,\"height\":481,\"mime-type\":\"image\\\/jpeg\",\"filesize\":69000},\"original\":{\"file\":\"SHF_eb00230078__Souh-to-South_-Treffen-in-Lubumbashi.jpg\",\"width\":1280,\"height\":855}}},{\"id\":4,\"width\":1280,\"height\":855,\"alt\":\"Eine Person h&auml;lt ein Gem&auml;lde mit einer Landschaft und einem Tier in einem Raum voller B&uuml;cher.\",\"title\":\"\",\"description\":\"\",\"label\":\"&quot;South-to-South&quot;, &quot;99 Questions&quot;-Research Node, Lubumbashi, D.R. Kongo, in Kollaboration mit Centre d&rsquo;Art Waza\",\"copyright\":\"Nathan Bushiru\",\"path\":\"\\\/wp-content\\\/uploads\\\/2024\\\/09\\\/\",\"sizes\":{\"medium\":{\"file\":\"SHF_eb00230080__Souh-to-South_-Treffen-in-Lubumbashi-300x200.jpg\",\"width\":300,\"height\":200,\"mime-type\":\"image\\\/jpeg\",\"filesize\":11364},\"large\":{\"file\":\"SHF_eb00230080__Souh-to-South_-Treffen-in-Lubumbashi-1024x684.jpg\",\"width\":1024,\"height\":684,\"mime-type\":\"image\\\/jpeg\",\"filesize\":89012},\"thumbnail\":{\"file\":\"SHF_eb00230080__Souh-to-South_-Treffen-in-Lubumbashi-150x150.jpg\",\"width\":150,\"height\":150,\"mime-type\":\"image\\\/jpeg\",\"filesize\":5493},\"medium_large\":{\"file\":\"SHF_eb00230080__Souh-to-South_-Treffen-in-Lubumbashi-768x513.jpg\",\"width\":768,\"height\":513,\"mime-type\":\"image\\\/jpeg\",\"filesize\":54756},\"small\":{\"file\":\"SHF_eb00230080__Souh-to-South_-Treffen-in-Lubumbashi-440x294.jpg\",\"width\":440,\"height\":294,\"mime-type\":\"image\\\/jpeg\",\"filesize\":20963},\"semi\":{\"file\":\"SHF_eb00230080__Souh-to-South_-Treffen-in-Lubumbashi-580x387.jpg\",\"width\":580,\"height\":387,\"mime-type\":\"image\\\/jpeg\",\"filesize\":33697},\"mobile\":{\"file\":\"SHF_eb00230080__Souh-to-South_-Treffen-in-Lubumbashi-720x481.jpg\",\"width\":720,\"height\":481,\"mime-type\":\"image\\\/jpeg\",\"filesize\":48589},\"original\":{\"file\":\"SHF_eb00230080__Souh-to-South_-Treffen-in-Lubumbashi.jpg\",\"width\":1280,\"height\":855}}}]\t\t\t\t\t\t\t}\n\t\t\t\t\t\t\t<\/script>\n\n\t\t\t\t\t\t\t<swiper :options=\"options\" @slide-change=\"track\">\n\t\t\t\t\t\t\t\t<div class=\"swiper-slide\" :key=\"image.id\" v-for=\"image in images\">\n\t\t\t\t\t\t\t\t\t<block-gallery-item inline-template :image=\"image\">\n\t\t\t\t\t\t\t\t\t\t<figure class=\"swiper-slide-image-wrapper\" ref=\"parent\">\n\t\t\t\t\t\t\t\t\t\t\t<div class=\"width-container\" ref=\"container\" :style=\"style\">\n\t\t\t\t\t\t\t\t\t\t\t\t<div data-swiper-parallax-x=\"50%\">\n\t\t\t\t\t\t\t\t\t\t\t\t<img :src=\"image.src\" :alt=\"image.alt\" v-if=\"image.id < 2\">\n\t\t\t\t\t\t\t\t\t\t\t\t<img class=\"swiper-lazy\" :data-src=\"image.src\" :alt=\"image.alt\" v-else>\n\t\t\t\t\t\t\t\t\t\t\t\t<\/div>\n\t\t\t\t\t\t\t\t\t\t\t<\/div>\n\t\t\t\t\t\t\t\t\t\t<\/figure>\n\t\t\t\t\t\t\t\t\t<\/block-gallery-item>\n\n\t\t\t\t\t\t\t\t\t<figcaption>\n\t\t\t\t\t\t\t\t\t\t<div class=\"lazy-media-info-body-content\">\n\t\t\t\t\t\t\t\t\t\t\t<div v-html=\"image.label\"><\/div>\n\t\t\t\t\t\t\t\t\t\t\t<div v-html=\"image.description\"><\/div>\n\t\t\t\t\t\t\t\t\t\t\t<div class=\"insignificant\" v-if=\"image.copyright\" v-html=\"'\u00a9 '+image.copyright\"><\/div>\n\t\t\t\t\t\t\t\t\t\t<\/div>\n\t\t\t\t\t\t\t\t\t<\/figcaption>\n\t\t\t\t\t\t\t\t<\/div>\n\n\t\t\t\t\t\t\t\t<div class=\"swiper-pagination\"  slot=\"pagination\"><\/div>\n\n\t\t\t\t\t\t\t\t<button class=\"icon-round swiper-button-prev\" slot=\"button-prev\" aria-label=\"Vorheriges Bild\">\n\t\t\t\t\t\t\t\t\t<span class=\"icon-next\" aria-hidden=\"true\"><\/span>\n\t\t\t\t\t\t\t\t<\/button>\n\n\t\t\t\t\t\t\t\t<button class=\"icon-round swiper-button-next\" slot=\"button-next\" aria-label=\"N\u00e4chstes Bild\">\n\t\t\t\t\t\t\t\t\t<span class=\"icon-next\" aria-hidden=\"true\"><\/span>\n\t\t\t\t\t\t\t\t<\/button>\n\t\t\t\t\t\t\t<\/swiper>\n\t\t\t\t\t\t<\/div>\n\t\t\t\t\t<\/block-gallery>\n\t\t\t\t<\/div>\n\t\t\t<\/div>\n\t\t<\/div>\n\t<\/div>\n<\/section>\n\n<section class=\"block block-headline block-no-margin \" >\n\t<div class=\"container-fluid\">\n\t\t<div class=\"row\">\n\t\t\t\t\t\t\t<div class=\"col-xs-12 col-md-offset-2 col-md-8\">\n\t\t\t\t\t<div class=\"box\">\n\t\t\t\t\t\t<h2 class=\".h4\">Beteiligte<\/h2>\n\t\t\t\t\t<\/div>\n\t\t\t\t<\/div>\n\t\t\t\t\t<\/div>\n\t<\/div>\n<\/section>\n\n\n\n\n\n<section class=\"block block-accordion\">\n\t<div class=\"container-fluid\">\n\t\t<div class=\"row\">\n\t\t\t<div class=\"col-xs-12 col-md-offset-2 col-md-8\">\n\t\t\t\t<div class=\"box\">\n\t\t\t\t\t\t\t\t\t\t\t<block-accordion inline-template>\n\t\t\t\t\t\t\t<div class=\"accordion\">\n\t\t\t\t\t\t\t\t\t\t\t\t\t\t\t<block-accordion-item inline-template item-headline=\"Mit\">\n\t\t\t\t\t\t\t\t<div ref=\"item\" data-id=\"Mit\" class=\"block-accordion-item active vue-initialize\" aria-expanded=\"true\" :aria-expanded=\"active ? 'true' : 'false'\">\n\t\t\t\t\t\t\t\t\t<button class=\"accordion-button-with-icon block-accordion-item-head\" :class=\"{'button-active': active}\" ref=\"head\" aria-controls=\"acc_69ee394c9521d\" id=\"acc_title_69ee394c95221\" @click=\"toggle\" @keydown=\"key\">\n\t\t\t\t\t\t\t\t\t<div><span class=\"button-label\">Mit<\/span><\/div><span class=\"button-icon icon-plus\" aria-hidden=\"true\"><\/span>\n\t\t\t\t\t\t\t\t<\/button>\n\t\t\t\t\t\t\t\t\t<div ref=\"body\" class=\"block-accordion-item-content\" id=\"acc_69ee394c9521d\" role=\"region\">\n\t\t\t\t\t\t\t\t\t\t<div class=\"wrapper copy\">\n\t\t\t\t\t\t\t\t\t\t\t<p>Oulimata Gueye,\u00a0Russel Hlongwane, Lo-Def Film Factory, Gabriela de Matos, Walla Capelobo, Vanessa Orew\u00e1 Pereira, Elsa M\u2019Bala, Biarritzzz, Buhlebezwe Siwani, Sarah Ndele, Sara Garz\u00f3n, Jorge Washington, Acervo da Laje, Casa do Benin, Museu de Arte Contempor\u00e2nea da Bahia, Anne Rodrigues, Patrick Mudekereza, Christian Nyampeta, Michael Dieminger, Bodil Furu, Ba Taonga Julia Kaunda-Kaseka, Desir\u00e9 Lumuna, Diane Cescutti, Joseph Kasau, Rita Mukebo, Mr. Makonga.<\/p>\n\n\t\t\t\t\t\t\t\t\t\t\t\t\t\t\t\t\t\t\t\t\t\t\t\t\t\t\t\t\t\t\t\t\t\n\t\t\t\t\t\t\t\t\t\t\t<div class=\"row\">\n\t\t\t\t\t\t\t\t\t\t\t\t<div class=\"col-xs-9 col-md-9\">\n\t\t\t\t\t\t\t\t\t\t\t\t\t<div class=\"box\">\n\t\t\t\t\t\t\t\t\t\t\t\t\t\t\t\t\t\t\t\t\t\t\t\t\t\t\t<\/div>\n\t\t\t\t\t\t\t\t\t\t\t\t<\/div>\n\t\t\t\t\t\t\t\t\t\t\t<\/div>\n\n\t\t\t\t\t\t\t\t\t\t\t\t\t\t\t\t\t\t\t\t\t<\/div>\n\t\t\t\t\t\t\t\t\t<\/div>\n\t\t\t\t\t\t\t\t<\/div>\n\t\t\t\t\t\t\t\t<\/block-accordion-item>\n\t\t\t\t\t\t\t\t\t\t\t\t\t\t<block-accordion-item inline-template item-headline=\"Kuratorisches Team\">\n\t\t\t\t\t\t\t\t<div ref=\"item\" data-id=\"KuratorischesTeam\" class=\"block-accordion-item vue-initialize\" aria-expanded=\"false\" :aria-expanded=\"active ? 'true' : 'false'\">\n\t\t\t\t\t\t\t\t\t<button class=\"accordion-button-with-icon block-accordion-item-head\" :class=\"{'button-active': active}\" ref=\"head\" aria-controls=\"acc_69ee394c95540\" id=\"acc_title_69ee394c95542\" @click=\"toggle\" @keydown=\"key\">\n\t\t\t\t\t\t\t\t\t<div><span class=\"button-label\">Kuratorisches Team<\/span><\/div><span class=\"button-icon icon-plus\" aria-hidden=\"true\"><\/span>\n\t\t\t\t\t\t\t\t<\/button>\n\t\t\t\t\t\t\t\t\t<div ref=\"body\" class=\"block-accordion-item-content\" id=\"acc_69ee394c95540\" role=\"region\">\n\t\t\t\t\t\t\t\t\t\t<div class=\"wrapper copy\">\n\t\t\t\t\t\t\t\t\t\t\t<p>Sara Garz\u00f3n, Michael Dieminger, M\u00f4nica Hoff and Ana Roman (Piv\u00f4), Christian Nyampeta und Patrick Mudekereza (Waza)<\/p>\n\n\t\t\t\t\t\t\t\t\t\t\t\t\t\t\t\t\t\t\t\t\t\t\t\t\t\t\t\t\t\t\t\t\t\n\t\t\t\t\t\t\t\t\t\t\t<div class=\"row\">\n\t\t\t\t\t\t\t\t\t\t\t\t<div class=\"col-xs-9 col-md-9\">\n\t\t\t\t\t\t\t\t\t\t\t\t\t<div class=\"box\">\n\t\t\t\t\t\t\t\t\t\t\t\t\t\t\t\t\t\t\t\t\t\t\t\t\t\t\t<\/div>\n\t\t\t\t\t\t\t\t\t\t\t\t<\/div>\n\t\t\t\t\t\t\t\t\t\t\t<\/div>\n\n\t\t\t\t\t\t\t\t\t\t\t\t\t\t\t\t\t\t\t\t\t<\/div>\n\t\t\t\t\t\t\t\t\t<\/div>\n\t\t\t\t\t\t\t\t<\/div>\n\t\t\t\t\t\t\t\t<\/block-accordion-item>\n\t\t\t\t\t\t\t\t\t\t\t\t\t\t<block-accordion-item inline-template item-headline=\"Sara Garz\u00f3n\">\n\t\t\t\t\t\t\t\t<div ref=\"item\" data-id=\"SaraGarzn\" class=\"block-accordion-item vue-initialize\" aria-expanded=\"false\" :aria-expanded=\"active ? 'true' : 'false'\">\n\t\t\t\t\t\t\t\t\t<button class=\"accordion-button-with-icon block-accordion-item-head\" :class=\"{'button-active': active}\" ref=\"head\" aria-controls=\"acc_69ee394c95862\" id=\"acc_title_69ee394c95864\" @click=\"toggle\" @keydown=\"key\">\n\t\t\t\t\t\t\t\t\t<div><span class=\"button-label\">Sara Garz\u00f3n<\/span><\/div><span class=\"button-icon icon-plus\" aria-hidden=\"true\"><\/span>\n\t\t\t\t\t\t\t\t<\/button>\n\t\t\t\t\t\t\t\t\t<div ref=\"body\" class=\"block-accordion-item-content\" id=\"acc_69ee394c95862\" role=\"region\">\n\t\t\t\t\t\t\t\t\t\t<div class=\"wrapper copy\">\n\t\t\t\t\t\t\t\t\t\t\t<p><strong>Sara Garz\u00f3n<\/strong> ist eine in New York lebende kolumbianische Kuratorin und Autorin. Der Fokus ihrer Arbeit liegt auf zeitgen\u00f6ssischer lateinamerkanischer Kunst, mit einem Schwerpunkt auf Themen rund um Dekolonialit\u00e4t, indigene Technologien, \u00d6kokritik und Solidarit\u00e4tspolitik im globalen S\u00fcden. Sie schloss ihren Master in Kunstgeschichte und Arch\u00e4ologie am Institute of Fine Arts an der New York University ab (2015) und promovierte 2022 an der Cornell University im Fachbereich f\u00fcr Kunstgeschichte und Bildwissenschaft. Sara hat bereits eine Reihe an Stipendien und F\u00f6rderungen erhalten, darunter das Andrew Harris Postdoctoral Fellowship der University of Vermont (2012-22) sowie das Jane and Morgan Whitney Curatorial Fellowship (2020-21) und das Lifchez-Stornach Curatorial Internship (2014-15) des Metropolitan Museum of Art, New York. Sara Garz\u00f3n kuratierte Ausstellungen in den USA, Europa und Lateinamerika und ist aktuell Ko-Kuratorin des Projekts <em>South-to-South: A Meeting on African and Afro-Diasporic Technologies<\/em> (2023-2024) in Zusammenarbeit mit Piv\u00f4 in S\u00e3o Paulo (Brasilien), Centre d\u2019art Waza in Lubumbashi (D.R. Kongo) und dem Humboldt Forum Berlin (Deutschland). Davor war Sara als Gastkuratorin des Projekts <em>The Rise of the Coyote<\/em> (2022) t\u00e4tig, einem praxis- und rechercheorientierten Programm, das sich mit indigenen Technologien, Zukunftsforschung und Pflanzenintelligenz auseinandersetzt. Sie hat zudem Beitr\u00e4ge f\u00fcr Fachzeitschriften, Kunstmagazine und Ausstellungskataloge geschrieben. Ihr Artikel <em>Manuel Amaru Cholango: Decolonizing Technology and the Construction of Indigenous Futures<\/em> wurde 2020 von der Latin American Studies Association (LASA) als bester Essay in den Visual Culture Studies ausgezeichnet.<\/p>\n\n\t\t\t\t\t\t\t\t\t\t\t\t\t\t\t\t\t\t\t\t\t\t\t\t\t\t\t\t\t\t\t\t\t\n\t\t\t\t\t\t\t\t\t\t\t<div class=\"row\">\n\t\t\t\t\t\t\t\t\t\t\t\t<div class=\"col-xs-9 col-md-9\">\n\t\t\t\t\t\t\t\t\t\t\t\t\t<div class=\"box\">\n\t\t\t\t\t\t\t\t\t\t\t\t\t\t\t\t\t\t\t\t\t\t\t\t\t\t\t<\/div>\n\t\t\t\t\t\t\t\t\t\t\t\t<\/div>\n\t\t\t\t\t\t\t\t\t\t\t<\/div>\n\n\t\t\t\t\t\t\t\t\t\t\t\t\t\t\t\t\t\t\t\t\t<\/div>\n\t\t\t\t\t\t\t\t\t<\/div>\n\t\t\t\t\t\t\t\t<\/div>\n\t\t\t\t\t\t\t\t<\/block-accordion-item>\n\t\t\t\t\t\t\t\t\t\t\t\t\t\t<block-accordion-item inline-template item-headline=\"Centre d\u2019art Waza\u00a0\">\n\t\t\t\t\t\t\t\t<div ref=\"item\" data-id=\"CentredartWaza\" class=\"block-accordion-item vue-initialize\" aria-expanded=\"false\" :aria-expanded=\"active ? 'true' : 'false'\">\n\t\t\t\t\t\t\t\t\t<button class=\"accordion-button-with-icon block-accordion-item-head\" :class=\"{'button-active': active}\" ref=\"head\" aria-controls=\"acc_69ee394c95ba0\" id=\"acc_title_69ee394c95ba2\" @click=\"toggle\" @keydown=\"key\">\n\t\t\t\t\t\t\t\t\t<div><span class=\"button-label\">Centre d\u2019art Waza\u00a0<\/span><\/div><span class=\"button-icon icon-plus\" aria-hidden=\"true\"><\/span>\n\t\t\t\t\t\t\t\t<\/button>\n\t\t\t\t\t\t\t\t\t<div ref=\"body\" class=\"block-accordion-item-content\" id=\"acc_69ee394c95ba0\" role=\"region\">\n\t\t\t\t\t\t\t\t\t\t<div class=\"wrapper copy\">\n\t\t\t\t\t\t\t\t\t\t\t<p>Das Kunstzentrum\u00a0<strong>Centre d\u2019art Waza<\/strong> wurde 2010 von einer Gruppe von K\u00fcnstler*innen und Kulturschaffenden aus Lubumbashi, D.R. Kongo, gegr\u00fcndet. Waza entwickelt Ausstellungen, Publikationen und andere Kulturproduktionen, die das Experimentieren mit lokalen k\u00fcnstlerischen Praktiken, alternative Formen des Wissensaustauschs und die soziale Emanzipation f\u00f6rdern. Wazas Projekte befassen sich mit einem breiten Spektrum an Themen, darunter die Restitution afrikanischer Kulturg\u00fcter (z. B. <em>Disolo<\/em>, eine Reihe an Gespr\u00e4chen mit Museumssammlungen in Zusammenarbeit mit der University of the Witwatersrand), Commons (<em>Power to the Commons<\/em> in Zusammenarbeit mit Ker Thiossane, Platohedro und SALTS), k\u00fcnstlerische Bildung (<em>Another Roadmap School<\/em>, <em>Africa Cluster<\/em>), Emanzipation von Paternalismus in der Lohnarbeit (<em>Revolution Room<\/em>) oder Cyberspace und die Zirkulation von Denkans\u00e4tzen und Kunstwerken im Globalen S\u00fcden (<em>AfricaTube<\/em> in Zusammenarbeit mit dem AfricaMuseum, Tervuren, und Boda Boda Lounge Video Art Festival).<\/p>\n\n\t\t\t\t\t\t\t\t\t\t\t\t\t\t\t\t\t\t\t\t\t\t\t\t\t\t\t\t\t\t\t\t\t\n\t\t\t\t\t\t\t\t\t\t\t<div class=\"row\">\n\t\t\t\t\t\t\t\t\t\t\t\t<div class=\"col-xs-9 col-md-9\">\n\t\t\t\t\t\t\t\t\t\t\t\t\t<div class=\"box\">\n\t\t\t\t\t\t\t\t\t\t\t\t\t\t\t\t\t\t\t\t\t\t\t\t\t\t\t<\/div>\n\t\t\t\t\t\t\t\t\t\t\t\t<\/div>\n\t\t\t\t\t\t\t\t\t\t\t<\/div>\n\n\t\t\t\t\t\t\t\t\t\t\t\t\t\t\t\t\t\t\t\t\t<\/div>\n\t\t\t\t\t\t\t\t\t<\/div>\n\t\t\t\t\t\t\t\t<\/div>\n\t\t\t\t\t\t\t\t<\/block-accordion-item>\n\t\t\t\t\t\t\t\t\t\t\t\t\t\t<block-accordion-item inline-template item-headline=\"Piv\u00f4 \u2013 Art and Research\">\n\t\t\t\t\t\t\t\t<div ref=\"item\" data-id=\"PivArtandResearch\" class=\"block-accordion-item vue-initialize\" aria-expanded=\"false\" :aria-expanded=\"active ? 'true' : 'false'\">\n\t\t\t\t\t\t\t\t\t<button class=\"accordion-button-with-icon block-accordion-item-head\" :class=\"{'button-active': active}\" ref=\"head\" aria-controls=\"acc_69ee394c95e4f\" id=\"acc_title_69ee394c95e51\" @click=\"toggle\" @keydown=\"key\">\n\t\t\t\t\t\t\t\t\t<div><span class=\"button-label\">Piv\u00f4 \u2013 Art and Research<\/span><\/div><span class=\"button-icon icon-plus\" aria-hidden=\"true\"><\/span>\n\t\t\t\t\t\t\t\t<\/button>\n\t\t\t\t\t\t\t\t\t<div ref=\"body\" class=\"block-accordion-item-content\" id=\"acc_69ee394c95e4f\" role=\"region\">\n\t\t\t\t\t\t\t\t\t\t<div class=\"wrapper copy\">\n\t\t\t\t\t\t\t\t\t\t\t<p>Der gemeinn\u00fctzige Kulturverein\u00a0<strong>Piv\u00f4 \u2013 <\/strong><strong>Art and Research<\/strong>\u00a0(S\u00e3o Paulo und\u00a0Salvador de Bahia, Brazil) wurde 2012 als Plattform f\u00fcr Austausch und k\u00fcnstlerisches Experimentieren gegr\u00fcndet. Das Hauptziel des Vereins ist die F\u00f6rderung und Verbreitung der lokalen k\u00fcnstlerischen Produktion und die Schaffung eines freien und offenen Raums f\u00fcr den Dialog zwischen verschiedenen Akteur*innen im Bereich der zeitgen\u00f6ssischen Kunst und Kultur, sowohl auf nationaler als auch internationaler Ebene. Das Piv\u00f4 Salvador Residency Program folgt dem Selbstanspruch des Vereins, eine Plattform zum Experimentieren und f\u00fcr den Austausch zwischen K\u00fcnstler*innen schaffen. Die Residenz ist ein Forschungsraum, in dem Piv\u00f4 Research als Vermittler f\u00fcr einen m\u00f6glichen Austausch zwischen den Akteur*innen auftritt.<\/p>\n\n\t\t\t\t\t\t\t\t\t\t\t\t\t\t\t\t\t\t\t\t\t\t\t\t\t\t\t\t\t\t\t\t\t\n\t\t\t\t\t\t\t\t\t\t\t<div class=\"row\">\n\t\t\t\t\t\t\t\t\t\t\t\t<div class=\"col-xs-9 col-md-9\">\n\t\t\t\t\t\t\t\t\t\t\t\t\t<div class=\"box\">\n\t\t\t\t\t\t\t\t\t\t\t\t\t\t\t\t\t\t\t\t\t\t\t\t\t\t\t<\/div>\n\t\t\t\t\t\t\t\t\t\t\t\t<\/div>\n\t\t\t\t\t\t\t\t\t\t\t<\/div>\n\n\t\t\t\t\t\t\t\t\t\t\t\t\t\t\t\t\t\t\t\t\t<\/div>\n\t\t\t\t\t\t\t\t\t<\/div>\n\t\t\t\t\t\t\t\t<\/div>\n\t\t\t\t\t\t\t\t<\/block-accordion-item>\n\t\t\t\t\t\t\t\t\t\t\t\t\t<\/div>\n\t\t\t\t\t\t<\/block-accordion>\n\t\t\t\t\t\t\t\t\t<\/div>\n\t\t\t<\/div>\n\t\t<\/div>\n\t<\/div>\n<\/section>\n\n\n<section class=\"block block-teaser col-1 has-bg\" style=\"--teaser-bg:#f2f2f2\">\n\t<lazy-component :fixed-min-height=\"400\">\n\t\n\t\t\t\t\t<div class=\"container-fluid\">\n\t\t\t\t<div class=\"row bottom-xs\">\n\t\t\t\t\t<div class=\"col-xs-12 col-sm-10 col-md-8 col-sm-offset-1 col-md-offset-2\">\n\t\t\t\t\t\t<h4>geh\u00f6rt zu<\/h4>\t\t\t\t\t\t\t\t\t\t\t\t\t\t\t\t\t\t\t<\/div>\n\t\t\t\t\t<div class=\"col-xs-12 col-sm-10 col-md-8 col-sm-offset-1 col-md-offset-2 start-xs end-md margin-bottom-sixth\">\n\t\t\t\t\t\t\t\t\t\t\t<\/div>\n\t\t\t\t<\/div>\n\t\t\t\t<ul class=\"row\">\n\t\t\t\n<li class=\"col-xs-12 teaser-wrapper col-padding-remove\">\n\t<calendarteaser key=\"141886500\" rawitem='{&quot;postId&quot;:14188,&quot;title&quot;:&quot;99 Fragen&quot;,&quot;excerpt&quot;:&quot;&quot;,&quot;slug&quot;:&quot;99-fragen&quot;,&quot;type&quot;:&quot;event-sequence&quot;,&quot;post_date&quot;:&quot;2020-10-23T16:09&quot;,&quot;permalink&quot;:&quot;https:\\\/\\\/www.humboldtforum.org\\\/de\\\/programm\\\/event-reihe\\\/diskurs\\\/99-fragen-14188\\\/&quot;,&quot;genre&quot;:[392,564],&quot;genre_details&quot;:[{&quot;text&quot;:&quot;Diskurs&quot;,&quot;id&quot;:392,&quot;icon&quot;:null,&quot;parent&quot;:0},{&quot;text&quot;:&quot;Wissenschaft&quot;,&quot;id&quot;:564,&quot;icon&quot;:null,&quot;parent&quot;:0}],&quot;topic&quot;:[782],&quot;topic_details&quot;:[{&quot;text&quot;:&quot;Kolonialismus und Kolonialit\\u00e4t&quot;,&quot;id&quot;:782,&quot;icon&quot;:null,&quot;parent&quot;:0}],&quot;stakeholder&quot;:[382],&quot;stakeholder_details&quot;:[{&quot;text&quot;:&quot;Stiftung Humboldt Forum im Berliner Schloss&quot;,&quot;id&quot;:382,&quot;icon&quot;:null,&quot;parent&quot;:0}],&quot;icon_overwrite&quot;:&quot;&quot;,&quot;acf&quot;:{&quot;belongsto&quot;:false,&quot;shorturl&quot;:&quot;99fragen&quot;,&quot;highlight_header&quot;:false,&quot;featured_images&quot;:[17911],&quot;tipp&quot;:false,&quot;joker&quot;:false,&quot;live&quot;:false,&quot;announcement&quot;:&quot;Eine forschungsorientierte Programmplattform&quot;,&quot;hyphenation&quot;:true,&quot;yt&quot;:&quot;&quot;,&quot;noindex&quot;:false,&quot;keywords&quot;:&quot;&quot;,&quot;additional_info&quot;:{&quot;icon&quot;:&quot;0&quot;,&quot;text&quot;:&quot;&quot;},&quot;use_video_in_teasers&quot;:false,&quot;manual_period&quot;:false,&quot;hide_event_in_program&quot;:false,&quot;has_mobile_format&quot;:false,&quot;overwrite_date&quot;:&quot;Eine forschungsorientierte Programmplattform&quot;,&quot;events&quot;:[127815]},&quot;date&quot;:{&quot;NLAST&quot;:&quot;202404251900&quot;,&quot;NX&quot;:null,&quot;NXX&quot;:null,&quot;from_DATE&quot;:&quot;20240425 19:00&quot;,&quot;from&quot;:1714057200,&quot;to&quot;:1714057200,&quot;to_DATE&quot;:&quot;20240425 19:00&quot;,&quot;from_HRFSHORT&quot;:&quot;25. Apr 2024&quot;,&quot;from_HRFSHORT_WD&quot;:&quot;Do 25.04.2024&quot;,&quot;to_HRFSHORT&quot;:&quot;25. Apr 2024&quot;,&quot;to_HRFSHORT_WD&quot;:&quot;Do 25.04.2024&quot;,&quot;from_HRF&quot;:&quot;Do, 25. April 2024&quot;,&quot;to_HRF&quot;:&quot;Do, 25. April 2024&quot;,&quot;from_to_HRF&quot;:&quot;Do, 25. April \\u2013 Do, 25. April 2024&quot;,&quot;from_to_HRFSHORT&quot;:&quot;25. Apr \\u2013 25. Apr 2024&quot;},&quot;alert&quot;:null,&quot;partof&quot;:[],&quot;marketing_topic&quot;:&quot;&quot;}' inline-template>\n\t<a href=\"https:\/\/www.humboldtforum.org\/de\/programm\/event-reihe\/diskurs\/99-fragen-14188\/\" class=\"teaser teaser-event-sequence teaser-event-standard\">\n\t\t<div class=\"row\">\n\t\t\t<div class=\"col-xs-12 col-sm-6 col-md-5 col-sm-offset-1 col-md-offset-2 first-sm teaser-event-text Infos\">\n\t\t\t\t<div class=\"teaser-event-standard-text\">\n\t\t\t\t\t<div class=\"margin-bottom-atom\">\n\t\t\t\t\t\t<div class=\"subline clamp-1\" v-html=\"maingenre\"><\/div>\n\t\t\t\t\t\t\t\t\t\t\t<\/div>\n\t\t\t\t\n\t\t\t\t\t<strong class=\"margin-bottom-atom h5\">99 Fragen<\/strong>\n\n\t\t\t\t\t\t\t\t\t<\/div>\n\t\t\t\t<div class=\"teaser-bottom border-bottom\">\n\t\t\t\t<calendardateline :rawitem='item' :show-icon=\"true\"><\/calendardateline>\n\t\t\t\t\t<hr>\n\t\t\t\t<\/div>\n\t\t\t<\/div>\n\t\t\t<div class=\"col-xs-12 col-sm-4 col-md-3 teaser-event-image bottom-xs first-xs\">\n\t\t\t\t<div class=\"teaser-image teaser-image-no-alternate\">\n\t\t\t\t\t\t\t\t\t\t\t\n\t<lazy-media-inline inline-template>\n\t\t<figure itemscope itemtype=\"http:\/\/schema.org\/ImageObject\" class=\"lazy-media-inline \" role=\"group\" id=\"media_69ee394cb5a22\" aria-labelledby=\"desc_media_69ee394cb5a22\">\n\t\t\t<script type=\"application\/json\" ref=\"data\">\n\t\t\t\t{\n\t\t\t\t\"sizes\" : {\"medium\":{\"file\":\"201130_LOS_55_Webteaser_Studio3_99Fragen2-300x180.jpg\",\"width\":300,\"height\":180,\"mime-type\":\"image\\\/jpeg\"},\"large\":{\"file\":\"201130_LOS_55_Webteaser_Studio3_99Fragen2-1024x613.jpg\",\"width\":1024,\"height\":613,\"mime-type\":\"image\\\/jpeg\"},\"thumbnail\":{\"file\":\"201130_LOS_55_Webteaser_Studio3_99Fragen2-150x150.jpg\",\"width\":150,\"height\":150,\"mime-type\":\"image\\\/jpeg\"},\"medium_large\":{\"file\":\"201130_LOS_55_Webteaser_Studio3_99Fragen2-768x460.jpg\",\"width\":768,\"height\":460,\"mime-type\":\"image\\\/jpeg\"},\"small\":{\"file\":\"201130_LOS_55_Webteaser_Studio3_99Fragen2-440x264.jpg\",\"width\":440,\"height\":264,\"mime-type\":\"image\\\/jpeg\"},\"semi\":{\"file\":\"201130_LOS_55_Webteaser_Studio3_99Fragen2-580x347.jpg\",\"width\":580,\"height\":347,\"mime-type\":\"image\\\/jpeg\"},\"mobile\":{\"file\":\"201130_LOS_55_Webteaser_Studio3_99Fragen2-720x431.jpg\",\"width\":720,\"height\":431,\"mime-type\":\"image\\\/jpeg\"},\"hd\":{\"file\":\"201130_LOS_55_Webteaser_Studio3_99Fragen2-1280x767.jpg\",\"width\":1280,\"height\":767,\"mime-type\":\"image\\\/jpeg\"},\"full\":{\"file\":\"201130_LOS_55_Webteaser_Studio3_99Fragen2-1920x1150.jpg\",\"width\":1920,\"height\":1150,\"mime-type\":\"image\\\/jpeg\"},\"1536x1536\":{\"file\":\"201130_LOS_55_Webteaser_Studio3_99Fragen2-1536x920.jpg\",\"width\":1536,\"height\":920,\"mime-type\":\"image\\\/jpeg\"},\"original\":{\"file\":\"201130_LOS_55_Webteaser_Studio3_99Fragen2.jpg\",\"width\":2000,\"height\":1198}},\n\t\t\t\t\"alt\" : \"Ein Ausstellungsraum mit geneigtem Quadrat, in welchem sich die Zahl \\\"99\\\" und zwei weitere Fotos befinden, in der Mitte\",\n\t\t\t\t\"path\" : \"\\\/wp-content\\\/uploads\\\/2020\\\/10\\\/\",\n\t\t\t\t\"video\" : null,\n\t\t\t\t\"autoplay\" : null,\n\t\t\t\t\"youtube\" : null,\n\t\t\t\t\"youtubelabel\" : \"Video abspielen\",\n\t\t\t\t\"brightness\" : 100,\n\t\t\t\t\"crop\" : {\"top\":\"50.00\",\"left\":\"50.00\"},\n\t\t\t\t\"background\" : true,\n\t\t\t\t\"scale\" : 2\t\t\t\t}\n\t\t\t<\/script>\n\n\t\t\t<div class=\"height-container\" style=\"padding-bottom:59.9%;\" v-if=\"sizes\">\n\t\t\t\t\t\t\t\t<lazy-media :inline=\"true\" :alt=\"alt\" :sizes=\"sizes\" :scale=\"scale\" :brightness=\"brightness\" :path=\"path\" :video=\"video\" :autoplay=\"autoplay\" :youtube=\"youtube\" :crop=\"crop\" :youtubelabel=\"youtubelabel\" :background=\"background\" media-id=\"desc_media_69ee394cb5a22\"><\/lazy-media>\n\t\t\t\t\t\t\t<\/div>\n\n\t\t\t\t\t\t\t<figcaption class=\"sr-only\" ref=\"body\" id=\"desc_media_69ee394cb5a22\">\n\t\t\t\t\t\t\t\t\t\t\t\t\t\t\t\t\t\t\t\t\t<div class=\"insignificant\">\u00a9 Stiftung Humboldt Forum im Berliner Schloss \/ Collage: Stiftung Humboldt Forum im Berliner Schloss \/ Giuliani | von Giese; Staatliche Museen zu Berlin, Ethnologisches Museum \/ Waltraud Schneider-Sch\u00fctz; Staatliche Museen zu Berlin, Ethnologisches Museum\r\n<\/div>\n\t\t\t\t\t\t\t\t\t<\/figcaption>\n\t\t\t\t\t<\/figure>\n\t<\/lazy-media-inline>\n\t\t\t\t<\/div>\n\t\t\t<\/div>\n\t\t<\/div>\n\t<\/a>\n\t<\/calendarteaser>\n<\/li>\n\n\n<li class=\"col-xs-12 teaser-wrapper col-padding-remove\">\n\t<calendarteaser key=\"13635722091\" rawitem='{&quot;postId&quot;:136357,&quot;title&quot;:&quot;\\u00dcber die Poetik der losen Enden&quot;,&quot;excerpt&quot;:&quot;&quot;,&quot;slug&quot;:&quot;99-questions-gathering&quot;,&quot;post_date&quot;:&quot;2024-09-12T19:46&quot;,&quot;type&quot;:&quot;event-multi&quot;,&quot;permalink&quot;:&quot;https:\\\/\\\/www.humboldtforum.org\\\/de\\\/programm\\\/event\\\/konferenz-symposium\\\/99-questions-gathering-136357\\\/&quot;,&quot;genre&quot;:[843],&quot;genre_details&quot;:[{&quot;text&quot;:&quot;Konferenz\\\/Symposium&quot;,&quot;id&quot;:843,&quot;icon&quot;:null,&quot;parent&quot;:0}],&quot;stakeholder&quot;:[382],&quot;stakeholder_details&quot;:[{&quot;text&quot;:&quot;Stiftung Humboldt Forum im Berliner Schloss&quot;,&quot;id&quot;:382,&quot;icon&quot;:null,&quot;parent&quot;:0}],&quot;targetgroup&quot;:[383,455],&quot;targetgroup_details&quot;:[{&quot;text&quot;:&quot;Erwachsene&quot;,&quot;id&quot;:383,&quot;icon&quot;:null,&quot;parent&quot;:0},{&quot;text&quot;:&quot;Jugendliche&quot;,&quot;id&quot;:455,&quot;icon&quot;:null,&quot;parent&quot;:0}],&quot;language&quot;:[385,1042,386],&quot;language_details&quot;:[{&quot;text&quot;:&quot;Englisch&quot;,&quot;id&quot;:385,&quot;icon&quot;:null,&quot;parent&quot;:0},{&quot;text&quot;:&quot;Portugiesisch&quot;,&quot;id&quot;:1042,&quot;icon&quot;:null,&quot;parent&quot;:0},{&quot;text&quot;:&quot;Spanisch&quot;,&quot;id&quot;:386,&quot;icon&quot;:null,&quot;parent&quot;:0}],&quot;place&quot;:[957,883],&quot;place_details&quot;:{&quot;place&quot;:&quot;Humboldt Forum&quot;,&quot;map&quot;:&quot;Humboldt Forum, Schlossplatz, Berlin&quot;,&quot;room&quot;:&quot;Foyer, Saal 2, EG&quot;},&quot;icon_overwrite&quot;:&quot;&quot;,&quot;acf&quot;:{&quot;noindex&quot;:false,&quot;keywords&quot;:&quot;&quot;,&quot;belongsto&quot;:[14188],&quot;shorturl&quot;:&quot;&quot;,&quot;planning&quot;:{&quot;price&quot;:&quot;kostenfrei&quot;,&quot;admission&quot;:&quot;&quot;,&quot;pause&quot;:&quot;&quot;,&quot;duration&quot;:&quot;&quot;,&quot;status&quot;:&quot;BUY&quot;,&quot;info&quot;:&quot;&quot;,&quot;shop&quot;:&quot;&quot;,&quot;can_purchase&quot;:false},&quot;additional_info&quot;:{&quot;icon&quot;:&quot;0&quot;,&quot;text&quot;:&quot;&quot;},&quot;highlight_header&quot;:true,&quot;use_video_in_teasers&quot;:false,&quot;hyphenation&quot;:false,&quot;tipp&quot;:false,&quot;joker&quot;:false,&quot;live&quot;:false,&quot;hide_event_in_program&quot;:false,&quot;featured_images&quot;:[138139],&quot;subline&quot;:&quot;99 Questions Gathering&quot;,&quot;times&quot;:[],&quot;highlight_header_image&quot;:138139,&quot;has_mobile_format&quot;:true,&quot;highlight_header_image_mobile&quot;:138141},&quot;date&quot;:{&quot;NX&quot;:null,&quot;NXX&quot;:null,&quot;NLAST&quot;:&quot;202411020730&quot;,&quot;from_DATE&quot;:&quot;20241025 17:30&quot;,&quot;from&quot;:1729863000,&quot;to&quot;:1730532600,&quot;to_DATE&quot;:&quot;20241102 10:30&quot;,&quot;from_HRFSHORT&quot;:&quot;25. Okt 2024&quot;,&quot;from_HRFSHORT_WD&quot;:&quot;Fr 25.10.2024&quot;,&quot;to_HRFSHORT&quot;:&quot; 2. Nov 2024&quot;,&quot;to_HRFSHORT_WD&quot;:&quot;Sa 02.11.2024&quot;,&quot;from_HRF&quot;:&quot;Fr, 25. Oktober 2024&quot;,&quot;to_HRF&quot;:&quot;Sa,  2. November 2024&quot;,&quot;from_to_HRF&quot;:&quot;Fr, 25. Oktober \\u2013 Sa,  2. November 2024&quot;,&quot;from_to_HRFSHORT&quot;:&quot;25. Okt \\u2013  2. Nov 2024&quot;},&quot;alert&quot;:&quot;Highlight&quot;,&quot;partof&quot;:[14188],&quot;marketing_topic&quot;:{&quot;title&quot;:&quot;99 Fragen&quot;,&quot;ID&quot;:14188,&quot;reason&quot;:&quot;sequence&quot;}}' inline-template>\n\t<a href=\"https:\/\/www.humboldtforum.org\/de\/programm\/event\/konferenz-symposium\/99-questions-gathering-136357\/\" class=\"teaser teaser-event-multi teaser-event-standard\">\n\t\t<div class=\"row\">\n\t\t\t<div class=\"col-xs-12 col-sm-6 col-md-5 col-sm-offset-1 col-md-offset-2 first-sm teaser-event-text Infos\">\n\t\t\t\t<div class=\"teaser-event-standard-text\">\n\t\t\t\t\t<div class=\"margin-bottom-atom\">\n\t\t\t\t\t\t<div class=\"subline clamp-1\" v-html=\"maingenre\"><\/div>\n\t\t\t\t\t\t\t\t\t\t\t\t\t<div class=\"insignificant clamp-2\">99 Fragen<\/div>\n\t\t\t\t\t\t\t\t\t\t\t<\/div>\n\t\t\t\t\n\t\t\t\t\t<strong class=\"margin-bottom-atom h5\">\u00dcber die Poetik der losen Enden<\/strong>\n\n\t\t\t\t\t\t\t\t\t\t\t<div class=\"\">99 Questions Gathering<\/div>\n\t\t\t\t\t\t\t\t\t<\/div>\n\t\t\t\t<div class=\"teaser-bottom border-bottom\">\n\t\t\t\t<calendardateline :rawitem='item' :show-icon=\"true\"><\/calendardateline>\n\t\t\t\t\t<hr>\n\t\t\t\t<\/div>\n\t\t\t<\/div>\n\t\t\t<div class=\"col-xs-12 col-sm-4 col-md-3 teaser-event-image bottom-xs first-xs\">\n\t\t\t\t<div class=\"teaser-image teaser-image-no-alternate\">\n\t\t\t\t\t\t\t\t\t\t\t\t\t<span class=\"alert\">Highlight<\/span>\n\t\t\t\t\t\t\t\t\t\t\t\n\t<lazy-media-inline inline-template>\n\t\t<figure itemscope itemtype=\"http:\/\/schema.org\/ImageObject\" class=\"lazy-media-inline \" role=\"group\" id=\"media_69ee394cb6437\" aria-labelledby=\"desc_media_69ee394cb6437\">\n\t\t\t<script type=\"application\/json\" ref=\"data\">\n\t\t\t\t{\n\t\t\t\t\"sizes\" : {\"medium\":{\"file\":\"SHF_eb00232447-169x300.jpg\",\"width\":169,\"height\":300,\"mime-type\":\"image\\\/jpeg\",\"filesize\":10953},\"large\":{\"file\":\"SHF_eb00232447-576x1024.jpg\",\"width\":576,\"height\":1024,\"mime-type\":\"image\\\/jpeg\",\"filesize\":101381},\"thumbnail\":{\"file\":\"SHF_eb00232447-150x150.jpg\",\"width\":150,\"height\":150,\"mime-type\":\"image\\\/jpeg\",\"filesize\":5275},\"medium_large\":{\"file\":\"SHF_eb00232447-768x1365.jpg\",\"width\":768,\"height\":1365,\"mime-type\":\"image\\\/jpeg\",\"filesize\":169632},\"small\":{\"file\":\"SHF_eb00232447-248x440.jpg\",\"width\":248,\"height\":440,\"mime-type\":\"image\\\/jpeg\",\"filesize\":20987},\"semi\":{\"file\":\"SHF_eb00232447-326x580.jpg\",\"width\":326,\"height\":580,\"mime-type\":\"image\\\/jpeg\",\"filesize\":35787},\"mobile\":{\"file\":\"SHF_eb00232447-405x720.jpg\",\"width\":405,\"height\":720,\"mime-type\":\"image\\\/jpeg\",\"filesize\":53626},\"hd\":{\"file\":\"SHF_eb00232447-720x1280.jpg\",\"width\":720,\"height\":1280,\"mime-type\":\"image\\\/jpeg\",\"filesize\":152919},\"1536x1536\":{\"file\":\"SHF_eb00232447-864x1536.jpg\",\"width\":864,\"height\":1536,\"mime-type\":\"image\\\/jpeg\",\"filesize\":205084},\"original\":{\"file\":\"SHF_eb00232447.jpg\",\"width\":1080,\"height\":1920}},\n\t\t\t\t\"alt\" : \"H\\u00e4nde, die an einem Webstuhl arbeiten, um Stoff in gr\\u00fcnem Farbton zu weben.\",\n\t\t\t\t\"path\" : \"\\\/wp-content\\\/uploads\\\/2024\\\/10\\\/\",\n\t\t\t\t\"video\" : null,\n\t\t\t\t\"autoplay\" : null,\n\t\t\t\t\"youtube\" : null,\n\t\t\t\t\"youtubelabel\" : \"Video abspielen\",\n\t\t\t\t\"brightness\" : 100,\n\t\t\t\t\"crop\" : null,\n\t\t\t\t\"background\" : true,\n\t\t\t\t\"scale\" : 2\t\t\t\t}\n\t\t\t<\/script>\n\n\t\t\t<div class=\"height-container\" style=\"padding-bottom:177.77777777778%;\" v-if=\"sizes\">\n\t\t\t\t\t\t\t\t<lazy-media :inline=\"true\" :alt=\"alt\" :sizes=\"sizes\" :scale=\"scale\" :brightness=\"brightness\" :path=\"path\" :video=\"video\" :autoplay=\"autoplay\" :youtube=\"youtube\" :crop=\"crop\" :youtubelabel=\"youtubelabel\" :background=\"background\" media-id=\"desc_media_69ee394cb6437\"><\/lazy-media>\n\t\t\t\t\t\t\t<\/div>\n\n\t\t\t\t\t\t\t<figcaption class=\"sr-only\" ref=\"body\" id=\"desc_media_69ee394cb6437\">\n\t\t\t\t\t\t\t\t\t\t\t\t\t\t\t\t\t\t\t\t\t<div class=\"insignificant\">\u00a9 Stiftung Humboldtforum im Berliner Schloss, Foto: Elvira Espejo Ayca<\/div>\n\t\t\t\t\t\t\t\t\t<\/figcaption>\n\t\t\t\t\t<\/figure>\n\t<\/lazy-media-inline>\n\t\t\t\t<\/div>\n\t\t\t<\/div>\n\t\t<\/div>\n\t<\/a>\n\t<\/calendarteaser>\n<\/li>\n\n\t\t\t\t<\/ul>\n\t\t\t<\/div>\n\t\t\t\t<\/lazy-component>\n<\/section>\n\n\n\n<section class=\"block block-headline block-no-margin \" >\n\t<div class=\"container-fluid\">\n\t\t<div class=\"row\">\n\t\t\t\t\t\t\t<div class=\"col-xs-12 col-md-offset-2 col-md-8\">\n\t\t\t\t\t<div class=\"box\">\n\t\t\t\t\t\t<h2 class=\".h4\">Verkn\u00fcpfte Projekte<\/h2>\n\t\t\t\t\t<\/div>\n\t\t\t\t<\/div>\n\t\t\t\t\t<\/div>\n\t<\/div>\n<\/section>\n\n\n\n\n<section class=\"block block-teaser col-4 \" style=\"\">\n\t\t\t\t\t\t<div class=\"container-fluid\">\n\t\t\t\t\t\t\t\t<ul class=\"row\">\n\n\t\t\t\t<li class=\"col-xs-6 col-md-3 col-padding-remove teaser-wrapper teaser-wrapper-tight\">\n\t<div class=\"box\">\n\t\t<a href=\"https:\/\/www.humboldtforum.org\/de\/textiles-semillas\/\" class=\"teaser teaser-page\">\n\t\t\t<div class=\"teaser-image teaser-image-full footer-gradient\">\n\t\t\t\t\n\t<lazy-media-inline inline-template>\n\t\t<figure itemscope itemtype=\"http:\/\/schema.org\/ImageObject\" class=\"lazy-media-inline \" role=\"group\" id=\"media_69ee394cb8b5c\" aria-labelledby=\"desc_media_69ee394cb8b5c\">\n\t\t\t<script type=\"application\/json\" ref=\"data\">\n\t\t\t\t{\n\t\t\t\t\"sizes\" : {\"medium\":{\"file\":\"SHF_eb00230742_Textil-Scan-Textiles-Semillas-300x218.jpg\",\"width\":300,\"height\":218,\"mime-type\":\"image\\\/jpeg\",\"filesize\":18393},\"large\":{\"file\":\"SHF_eb00230742_Textil-Scan-Textiles-Semillas-1024x743.jpg\",\"width\":1024,\"height\":743,\"mime-type\":\"image\\\/jpeg\",\"filesize\":129907},\"thumbnail\":{\"file\":\"SHF_eb00230742_Textil-Scan-Textiles-Semillas-150x150.jpg\",\"width\":150,\"height\":150,\"mime-type\":\"image\\\/jpeg\",\"filesize\":7691},\"medium_large\":{\"file\":\"SHF_eb00230742_Textil-Scan-Textiles-Semillas-768x557.jpg\",\"width\":768,\"height\":557,\"mime-type\":\"image\\\/jpeg\",\"filesize\":82843},\"small\":{\"file\":\"SHF_eb00230742_Textil-Scan-Textiles-Semillas-440x319.jpg\",\"width\":440,\"height\":319,\"mime-type\":\"image\\\/jpeg\",\"filesize\":34059},\"semi\":{\"file\":\"SHF_eb00230742_Textil-Scan-Textiles-Semillas-580x421.jpg\",\"width\":580,\"height\":421,\"mime-type\":\"image\\\/jpeg\",\"filesize\":53425},\"mobile\":{\"file\":\"SHF_eb00230742_Textil-Scan-Textiles-Semillas-720x523.jpg\",\"width\":720,\"height\":523,\"mime-type\":\"image\\\/jpeg\",\"filesize\":74926},\"original\":{\"file\":\"SHF_eb00230742_Textil-Scan-Textiles-Semillas.jpg\",\"width\":1280,\"height\":929}},\n\t\t\t\t\"alt\" : \"Buntes Garn und textile Muster auf Stoff, verschiedene gewebte St\\u00fccke und F\\u00e4den.\",\n\t\t\t\t\"path\" : \"\\\/wp-content\\\/uploads\\\/2024\\\/09\\\/\",\n\t\t\t\t\"video\" : null,\n\t\t\t\t\"autoplay\" : null,\n\t\t\t\t\"youtube\" : null,\n\t\t\t\t\"youtubelabel\" : \"Video abspielen\",\n\t\t\t\t\"brightness\" : 100,\n\t\t\t\t\"crop\" : null,\n\t\t\t\t\"background\" : true,\n\t\t\t\t\"scale\" : 4\t\t\t\t}\n\t\t\t<\/script>\n\n\t\t\t<div class=\"height-container\" style=\"padding-bottom:72.578125%;\" v-if=\"sizes\">\n\t\t\t\t\t\t\t\t<lazy-media :inline=\"true\" :alt=\"alt\" :sizes=\"sizes\" :scale=\"scale\" :brightness=\"brightness\" :path=\"path\" :video=\"video\" :autoplay=\"autoplay\" :youtube=\"youtube\" :crop=\"crop\" :youtubelabel=\"youtubelabel\" :background=\"background\" media-id=\"desc_media_69ee394cb8b5c\"><\/lazy-media>\n\t\t\t\t\t\t\t<\/div>\n\n\t\t\t\t\t\t\t<figcaption class=\"sr-only\" ref=\"body\" id=\"desc_media_69ee394cb8b5c\">\n\t\t\t\t\t\t\t\t\t\t\t<div>Textil-Scan von einem Treffen von &quot;Textiles Semillas&quot;<\/div>\n\t\t\t\t\t\t\t\t\t\t\t\t\t\t\t\t\t\t\t\t\t<div class=\"insignificant\">\u00a9 Textiles Semillas<\/div>\n\t\t\t\t\t\t\t\t\t<\/figcaption>\n\t\t\t\t\t<\/figure>\n\t<\/lazy-media-inline>\n\t\t\t<\/div>\n\t\t\t<div class=\"teaser-header\"><div>\n\t\t\t\t\n\t\t\t\t\t\t<span class=\"h4 mobile-smaller-headline\">Textiles Semillas<\/span>\n\t\t\t\t\t\t\t\t<\/div><\/div>\n\t\t<\/a>\n\t<\/div>\n<\/li>\t\t\t\t<\/ul>\n\t\t\t<\/div>\n\t\t\t<\/section>\n\n<section class=\"block block-CTA block-CTA-long leftgradient\">\n\t<div class=\"container-fluid\">\n\t\t<div class=\"row center-xs\">\n\t\t\t<div class=\"col-xs-12\">\n\t\t\t\t<div class=\"box\">\n\t\t\t\t\t<a href=\"https:\/\/www.humboldtforum.org\/de\/newsletter-2\/\" aria-label=\"Bleiben Sie auf dem Laufenden!\" class=\"teaser teaser-cta-wide \">\n\t\t\t\t\t\t<div class=\"teaser-image\">\n\t\t\t\t\t\t\t\n\t<lazy-media-inline inline-template>\n\t\t<figure itemscope itemtype=\"http:\/\/schema.org\/ImageObject\" class=\"lazy-media-inline \" role=\"group\" id=\"media_69ee394cba648\" aria-labelledby=\"desc_media_69ee394cba648\">\n\t\t\t<script type=\"application\/json\" ref=\"data\">\n\t\t\t\t{\n\t\t\t\t\"sizes\" : {\"medium\":{\"file\":\"HF_eb00061823-scaled-300x200.jpg\",\"width\":300,\"height\":200,\"mime-type\":\"image\\\/jpeg\",\"filesize\":19186},\"large\":{\"file\":\"HF_eb00061823-scaled-1024x683.jpg\",\"width\":1024,\"height\":683,\"mime-type\":\"image\\\/jpeg\",\"filesize\":138597},\"thumbnail\":{\"file\":\"HF_eb00061823-scaled-150x150.jpg\",\"width\":150,\"height\":150,\"mime-type\":\"image\\\/jpeg\",\"filesize\":8513},\"medium_large\":{\"file\":\"HF_eb00061823-scaled-768x512.jpg\",\"width\":768,\"height\":512,\"mime-type\":\"image\\\/jpeg\",\"filesize\":86200},\"small\":{\"file\":\"HF_eb00061823-scaled-440x293.jpg\",\"width\":440,\"height\":293,\"mime-type\":\"image\\\/jpeg\",\"filesize\":35525},\"semi\":{\"file\":\"HF_eb00061823-scaled-580x387.jpg\",\"width\":580,\"height\":387,\"mime-type\":\"image\\\/jpeg\",\"filesize\":55724},\"mobile\":{\"file\":\"HF_eb00061823-scaled-720x480.jpg\",\"width\":720,\"height\":480,\"mime-type\":\"image\\\/jpeg\",\"filesize\":77971},\"hd\":{\"file\":\"HF_eb00061823-scaled-1280x854.jpg\",\"width\":1280,\"height\":854,\"mime-type\":\"image\\\/jpeg\",\"filesize\":202477},\"full\":{\"file\":\"HF_eb00061823-scaled-1920x1280.jpg\",\"width\":1920,\"height\":1280,\"mime-type\":\"image\\\/jpeg\",\"filesize\":386736},\"1536x1536\":{\"file\":\"HF_eb00061823-scaled-1536x1024.jpg\",\"width\":1536,\"height\":1024,\"mime-type\":\"image\\\/jpeg\",\"filesize\":266197},\"2048x2048\":{\"file\":\"HF_eb00061823-scaled-2048x1366.jpg\",\"width\":2048,\"height\":1366,\"mime-type\":\"image\\\/jpeg\",\"filesize\":430206},\"original\":{\"file\":\"HF_eb00061823-scaled.jpg\",\"width\":2560,\"height\":1707}},\n\t\t\t\t\"alt\" : \"Blick in das beleuchtete Foyer von der Galerie im ersten Stock mit Besuchenden, Infopoint und Medienturm\",\n\t\t\t\t\"path\" : \"\\\/wp-content\\\/uploads\\\/2020\\\/04\\\/\",\n\t\t\t\t\"video\" : null,\n\t\t\t\t\"autoplay\" : null,\n\t\t\t\t\"youtube\" : null,\n\t\t\t\t\"youtubelabel\" : \"Video abspielen\",\n\t\t\t\t\"brightness\" : \"70\",\n\t\t\t\t\"crop\" : {\"top\":\"90.37\",\"left\":\"39.93\"},\n\t\t\t\t\"background\" : true,\n\t\t\t\t\"scale\" : 2\t\t\t\t}\n\t\t\t<\/script>\n\n\t\t\t<div class=\"height-container\" style=\"padding-bottom:66.6796875%;\" v-if=\"sizes\">\n\t\t\t\t\t\t\t\t<lazy-media :inline=\"true\" :alt=\"alt\" :sizes=\"sizes\" :scale=\"scale\" :brightness=\"brightness\" :path=\"path\" :video=\"video\" :autoplay=\"autoplay\" :youtube=\"youtube\" :crop=\"crop\" :youtubelabel=\"youtubelabel\" :background=\"background\" media-id=\"desc_media_69ee394cba648\"><\/lazy-media>\n\t\t\t\t\t\t\t<\/div>\n\n\t\t\t\t\t\t\t<figcaption class=\"sr-only\" ref=\"body\" id=\"desc_media_69ee394cba648\">\n\t\t\t\t\t\t\t\t\t\t\t<div>Blick in das Foyer, November 2019.<\/div>\n\t\t\t\t\t\t\t\t\t\t\t\t\t\t\t\t\t\t\t\t\t<div class=\"insignificant\">\u00a9 Stiftung Humboldt Forum im Berliner Schloss \/ David von Becker<\/div>\n\t\t\t\t\t\t\t\t\t<\/figcaption>\n\t\t\t\t\t<\/figure>\n\t<\/lazy-media-inline>\n\t\t\t\t\t\t<\/div>\n\t\t\t\t\t\t<div class=\"teaser-content \">\n\t\t\t\t\t\t\t<div>\n\t\t\t\t\t\t\t\t\t\t\t\t\t\t\t\t<div class=\"teaser-header\"><span class=\"h3\">Bleiben Sie auf dem Laufenden!<\/span><\/div>\n\t\t\t\t\t\t\t\t<div class=\"teaser-subline\"><span class=\"font-decoration\">Abonnieren Sie unseren Newsletter.<\/span><\/div>\t\t\t\t\t\t\t\t<button tabindex=\"-1\" class=\"border\">Hier klicken<\/button>\n\t\t\t\t\t\t\t<\/div>\n\t\t\t\t\t\t<\/div>\n\t\t\t\t\t<\/a>\n\t\t\t\t<\/div>\n\t\t\t<\/div>\n\t\t<\/div>\n\t<\/div>\n<\/section>\n","protected":false},"excerpt":{"rendered":"","protected":false},"author":78,"featured_media":136268,"parent":0,"menu_order":0,"comment_status":"closed","ping_status":"closed","template":"","meta":{"_acf_changed":false,"footnotes":""},"class_list":["post-136294","page","type-page","status-publish","has-post-thumbnail","hentry"],"acf":[],"_links":{"self":[{"href":"https:\/\/www.humboldtforum.org\/de\/wp-json\/wp\/v2\/pages\/136294","targetHints":{"allow":["GET"]}}],"collection":[{"href":"https:\/\/www.humboldtforum.org\/de\/wp-json\/wp\/v2\/pages"}],"about":[{"href":"https:\/\/www.humboldtforum.org\/de\/wp-json\/wp\/v2\/types\/page"}],"author":[{"embeddable":true,"href":"https:\/\/www.humboldtforum.org\/de\/wp-json\/wp\/v2\/users\/78"}],"replies":[{"embeddable":true,"href":"https:\/\/www.humboldtforum.org\/de\/wp-json\/wp\/v2\/comments?post=136294"}],"version-history":[{"count":11,"href":"https:\/\/www.humboldtforum.org\/de\/wp-json\/wp\/v2\/pages\/136294\/revisions"}],"predecessor-version":[{"id":137000,"href":"https:\/\/www.humboldtforum.org\/de\/wp-json\/wp\/v2\/pages\/136294\/revisions\/137000"}],"wp:featuredmedia":[{"embeddable":true,"href":"https:\/\/www.humboldtforum.org\/de\/wp-json\/wp\/v2\/media\/136268"}],"wp:attachment":[{"href":"https:\/\/www.humboldtforum.org\/de\/wp-json\/wp\/v2\/media?parent=136294"}],"curies":[{"name":"wp","href":"https:\/\/api.w.org\/{rel}","templated":true}]}}