{"id":13805,"date":"2020-11-13T13:54:20","date_gmt":"2020-11-13T12:54:20","guid":{"rendered":"https:\/\/www.humboldtforum.org\/?page_id=13805"},"modified":"2026-08-21T11:53:58","modified_gmt":"2026-08-21T09:53:58","slug":"startseite","status":"publish","type":"page","link":"https:\/\/www.humboldtforum.org\/de\/","title":{"rendered":"Startseite"},"content":{"rendered":"<section class=\"block block-header-video block-fullscreen-first\" >\n\t\t\n\n\t<block-header inline-template>\n\t\t<div>\n\t\t\t<figure role=\"group\" aria-labelledby=\"media_6a950022ca296\">\n\t\t\t\t<script type=\"application\/json\" ref=\"data\">\n\t\t\t\t{\n\t\t\t\t\"sizes_d\" : {\"medium\":{\"file\":\"Home_Opening_Frame-300x169.jpg\",\"width\":300,\"height\":169,\"mime-type\":\"image\\\/jpeg\"},\"large\":{\"file\":\"Home_Opening_Frame-1024x576.jpg\",\"width\":1024,\"height\":576,\"mime-type\":\"image\\\/jpeg\"},\"thumbnail\":{\"file\":\"Home_Opening_Frame-150x150.jpg\",\"width\":150,\"height\":150,\"mime-type\":\"image\\\/jpeg\"},\"medium_large\":{\"file\":\"Home_Opening_Frame-768x432.jpg\",\"width\":768,\"height\":432,\"mime-type\":\"image\\\/jpeg\"},\"small\":{\"file\":\"Home_Opening_Frame-440x248.jpg\",\"width\":440,\"height\":248,\"mime-type\":\"image\\\/jpeg\"},\"semi\":{\"file\":\"Home_Opening_Frame-580x326.jpg\",\"width\":580,\"height\":326,\"mime-type\":\"image\\\/jpeg\"},\"mobile\":{\"file\":\"Home_Opening_Frame-720x405.jpg\",\"width\":720,\"height\":405,\"mime-type\":\"image\\\/jpeg\"},\"hd\":{\"file\":\"Home_Opening_Frame-1280x720.jpg\",\"width\":1280,\"height\":720,\"mime-type\":\"image\\\/jpeg\"},\"1536x1536\":{\"file\":\"Home_Opening_Frame-1536x864.jpg\",\"width\":1536,\"height\":864,\"mime-type\":\"image\\\/jpeg\"},\"original\":{\"file\":\"Home_Opening_Frame.jpg\",\"width\":1920,\"height\":1080}},\n\t\t\t\t\"alt_d\" : \"Die \\u00f6stliche Fassade vom Humboldt Forum an der Spree (Querkant)\",\n\t\t\t\t\"path_d\" : \"\\\/wp-content\\\/uploads\\\/2021\\\/07\\\/\",\n\t\t\t\t\"autoplay_d\" : \"https:\\\/\\\/www.humboldtforum.org\\\/wp-content\\\/uploads\\\/2025\\\/12\\\/short_komp_01.mp4\",\n\t\t\t\t\"crop_d\" : {\"top\":\"50.00\",\"left\":\"50.00\"},\n\t\t\t\t\"background_d\" : true,\n\t\t\t\t\"scale_d\" : 2,\n\n\t\t\t\t\"sizes_m\" : {\"medium\":{\"file\":\"Home_Opening_Mobile-Archiv.00_00_00_00.Still001-169x300.jpg\",\"width\":169,\"height\":300,\"mime-type\":\"image\\\/jpeg\"},\"large\":{\"file\":\"Home_Opening_Mobile-Archiv.00_00_00_00.Still001-576x1024.jpg\",\"width\":576,\"height\":1024,\"mime-type\":\"image\\\/jpeg\"},\"thumbnail\":{\"file\":\"Home_Opening_Mobile-Archiv.00_00_00_00.Still001-150x150.jpg\",\"width\":150,\"height\":150,\"mime-type\":\"image\\\/jpeg\"},\"medium_large\":{\"file\":\"Home_Opening_Mobile-Archiv.00_00_00_00.Still001-768x1365.jpg\",\"width\":768,\"height\":1365,\"mime-type\":\"image\\\/jpeg\"},\"small\":{\"file\":\"Home_Opening_Mobile-Archiv.00_00_00_00.Still001-248x440.jpg\",\"width\":248,\"height\":440,\"mime-type\":\"image\\\/jpeg\"},\"semi\":{\"file\":\"Home_Opening_Mobile-Archiv.00_00_00_00.Still001-326x580.jpg\",\"width\":326,\"height\":580,\"mime-type\":\"image\\\/jpeg\"},\"mobile\":{\"file\":\"Home_Opening_Mobile-Archiv.00_00_00_00.Still001-405x720.jpg\",\"width\":405,\"height\":720,\"mime-type\":\"image\\\/jpeg\"},\"hd\":{\"file\":\"Home_Opening_Mobile-Archiv.00_00_00_00.Still001-720x1280.jpg\",\"width\":720,\"height\":1280,\"mime-type\":\"image\\\/jpeg\"},\"1536x1536\":{\"file\":\"Home_Opening_Mobile-Archiv.00_00_00_00.Still001-864x1536.jpg\",\"width\":864,\"height\":1536,\"mime-type\":\"image\\\/jpeg\"}},\n\t\t\t\t\"alt_m\" : \"Die \\u00f6stliche Fassade vom Humboldt Forum an der Spree (Hochkant)\",\n\t\t\t\t\"path_m\" : \"\\\/wp-content\\\/uploads\\\/2021\\\/07\\\/\",\n\t\t\t\t\"autoplay_m\" : \"https:\\\/\\\/www.humboldtforum.org\\\/wp-content\\\/uploads\\\/2025\\\/12\\\/Komp-3.mp4\",\n\t\t\t\t\"crop_m\" : {\"top\":\"50.00\",\"left\":\"50.00\"},\n\t\t\t\t\"background_m\" : true,\n\t\t\t\t\"scale_m\" : 2,\n\t\t\t\t\"brightness\" : \"80\",\n\t\t\t\t\"has_mobile_format\" : true,\n\t\t\t\t\"has_ad\" : false,\n\t\t\t\t\"audio_description_yt\" : \"\"\t\t\t\t}\n\t\t\t\t<\/script>\n\t\t\t\t<div class=\"height-container\" style=\"padding-bottom:56.25%;\" v-if=\"sizes\" data-motion-parallax='{\"child\":\".image-wrapper\",\"mask\":\".lazy-media\",\"tween\":{\"yPercent\": [-15,15]}}'>\n\t\t\t\t\t<lazy-media :inline=\"true\" :scale=\"scale\" :brightness=\"brightness\" :alt=\"alt\" :sizes=\"sizes\" :path=\"path\" :video=\"video\" :autoplay=\"autoplay\" :youtube=\"youtube\" :crop=\"crop\" :youtubelabel=\"youtubelabel\" :background=\"background\" media-id=\"media_6a950022ca296\"><\/lazy-media>\n\t\t\t\t\t<button class=\"autoplay-audio-description-btn icon-background icon-audio-describtions\" @click=\"audioDescriptionPlay\" v-if=\"hasAudioDescription\" aria-label=\"Audiodeskription aufrufen\"><\/button>\n\t\t\t\t<\/div>\n\n\t\t\t\t<div class=\"container-fluid block-header-video-text\">\n\t\t\t\t\t<div class=\"row center-xs middle-xs\">\n\t\t\t\t\t\t<div class=\"col-xs-12 col-md-8\">\n\t\t\t\t\t\t\t<div class=\"box no-link-style-area\" data-motion-text='{\"child\":\".motion-item\",\"split\":false}'>\n\t\t\t\t\t\t\t\t<div class=\"motion-item\" data-motion-text='{\"child\":\"h1\"}'>\n\t\t\t\t\t\t\t\t\t<h1>Mehr als ein Museum<\/h1>\n\t\t\t\t\t\t\t\t<\/div>\n\n\t\t\t\t\t\t\t\t\t\t\t\t\t\t\t\t\t\t\t\t\t\t\t\t<div class=\"motion-item\">\n\t\t\t\t\t\t\t\t\t\t<a href=\"https:\/\/www.humboldtforum.org\/de\/programm\/\" class=\"button-intern\" role=\"button\" target=\"_self\">\n\t\t<span class=\"button-label\">zum programm<\/span>\n\t<\/a>\n\t\t\t\t\t\t\t\t<\/div>\n\t\t\t\t\t\t\t\t\t\t\t\t\t\t\t\t\t\t\t\t\t\t\t\t\t<div class=\"motion-item motion-item-exception\">\n\t\t\t\t\t\t\t\t\t\t<div class=\"box scroll-animation-wrapper\">\n\t\t\t\t\t\t\t\t\t\t\t<img decoding=\"async\" class=\"block-home-phase1-scroll-animation\" src=\"\/blocks\/block-header-video\/assets\/scroll.svg\" aria-hidden=\"true\" \/>\n\t\t\t\t\t\t\t\t\t\t<\/div>\n\t\t\t\t\t\t\t\t\t<\/div>\n\t\t\t\t\t\t\t\t\t\t\t\t\t\t\t<\/div>\n\t\t\t\t\t\t<\/div>\n\t\t\t\t\t<\/div>\n\t\t\t\t<\/div>\n\t\t\t<\/figure>\n\n\t\t\t\t\t\t\t\t\t\t<div class=\"lazy-media-info-container-fluid\">\n\t\t\t\t\t<div class=\"lazy-media-info-row end-xs\">\n\t\t\t\t\t\t<div class=\"lazy-media-info-col\">\n\t\t\t\t\t\t\t<div class=\"lazy-media-info\" aria-expanded=\"false\" :aria-expanded=\"isOpen ? 'true' : 'false'\">\n\t\t\t\t\t\t\t\t<button class=\"lazy-media-info-head button-tiny insignificant\" :class=\"{'button-active': isOpen}\" @click=\"toggle\" ref=\"head\"><span class=\"button-label insignificant\">Bildinfo<\/span><\/button>\n\t\t\t\t\t\t\t\t<figcaption class=\"lazy-media-info-body\" ref=\"body\" id=\"media_6a950022ca296\">\n\t\t\t\t\t\t\t\t\t<div class=\"lazy-media-info-body-content\">\n\n\t\t\t\t\t\t\t\t\t\t\t\t\t\t\t\t\t\t\t\t\t\t\t\t\t\t\t\t\t\t\t<div class=\"insignificant\">\u00a9 <a href=\"https:\/\/www.humboldtforum.org\/de\/credits\">Credits \/ Bildnachweise<\/a><\/div>\n\t\t\t\t\t\t\t\t\t\t\t\t\t\t\t\t\t\t\t<\/div>\n\t\t\t\t\t\t\t\t<\/figcaption>\n\t\t\t\t\t\t\t\t<div class=\"lazy-media-info-head-border\"><\/div>\n\t\t\t\t\t\t\t<\/div>\n\t\t\t\t\t\t<\/div>\n\t\t\t\t\t<\/div>\n\t\t\t\t<\/div>\n\t\t\t\t\t\t\t\t<\/div>\n\t<\/block-header>\n<\/section>\n\n\n<section class=\"block block-service \">\n\t<div class=\"container-fluid\">\n\t\t<ul class=\"row start-xs\">\n\t\t\t<li class=\"col-xs-12\">\n\t\t\t\t<div class=\"box\">\n\t\t\t\t\t\t\t\t\t\t\t\t\t\t\t\t\t\t\t\t\t\t\t\t\t<a role=\"button\" href=\"https:\/\/www.humboldtforum.org\/de\/besuch\/gruppenbesuch\/\" class=\"service-button  only-desktop\">\n\t\t\t\t\t\t\t\t\t\t\t\t\t\t\t\t\t<img decoding=\"async\" src=\"https:\/\/www.humboldtforum.org\/wp-content\/uploads\/2021\/07\/Gruppen.svg\" alt=\"\" \/>\n\t\t\t\t\t\t\t\t\t\t\t\t\t\t\t\t<span class=\"button-label\">Gruppen<\/span>\n\t\t\t\t\t\t\t<\/a>\n\t\t\t\t\t\t\t\t\t\t\t\t\t\t\t\t\t\t\t\t<a role=\"button\" href=\"https:\/\/www.humboldtforum.org\/de\/besuch\/\" class=\"service-button  only-desktop\">\n\t\t\t\t\t\t\t\t\t\t\t\t\t\t\t\t\t<img decoding=\"async\" src=\"https:\/\/www.humboldtforum.org\/wp-content\/uploads\/2021\/09\/Info-1.svg\" alt=\"\" \/>\n\t\t\t\t\t\t\t\t\t\t\t\t\t\t\t\t<span class=\"button-label\">Infos zum Besuch<\/span>\n\t\t\t\t\t\t\t<\/a>\n\t\t\t\t\t\t\t\t\t\t\t\t\t\t\t\t\t\t\t\t<a role=\"button\" href=\"https:\/\/www.humboldtforum.org\/de\/newsletter-2\/\" class=\"service-button  only-desktop\">\n\t\t\t\t\t\t\t\t\t\t\t\t\t\t\t\t\t<img decoding=\"async\" src=\"https:\/\/www.humboldtforum.org\/wp-content\/uploads\/2021\/06\/Mail-1.svg\" alt=\"\" \/>\n\t\t\t\t\t\t\t\t\t\t\t\t\t\t\t\t<span class=\"button-label\">Newsletter abonnieren<\/span>\n\t\t\t\t\t\t\t<\/a>\n\t\t\t\t\t\t\t\t\t\t\t\t\t\t\t<\/div>\n\t\t\t<\/li>\n\t\t<\/ul>\n\t<\/div>\n<\/section>\n\n<section class=\"block block-teaser col-lane33 \" style=\"\">\n\t<lazy-component :fixed-min-height=\"400\">\n\t\n\t\t\t\t\t<teaser-lane-with-buttons inline-template tracking-label=\"Programm-Highlights\">\n\t\t\t\t<div class=\"teaser-lane-with-buttons\">\n\t\t\t\t\t<div class=\"container-fluid\">\n\t\t\t\t\t\t<div class=\"row bottom-xs\">\n\t\t\t\t\t\t\t<div class=\"col-xs-12 col-md-8\">\n\t\t\t\t\t\t\t\t\t\t\t\t\t\t\t\t\t<h4>Programm-Highlights<\/h4>\t\t\t\t\t\t\t\t\t\t\t\t\t\t\t\t\t\t\t\t\t\t\t\t<\/div>\n\t\t\t\t\t\t\t<div class=\"col-xs-12 col-md-4 start-xs end-md margin-bottom-sixth teaser-lane-buttons-wrapper \">\n\t\t\t\t\t\t\t\t\t\t\t\t\t\t\t\t<teaser-lane-buttons :visible_prev=\"visible_prev\" :visible_next=\"visible_next\" @prev=\"prev\" @next=\"next\"><\/teaser-lane-buttons>\n\t\t\t\t\t\t\t<\/div>\n\t\t\t\t\t\t<\/div>\n\t\t\t\t\t<\/div>\n\t\t\t\t\t<div class=\"teaser-lane-wrapper\">\n\t\t\t\t\t\t<ul class=\"teaser-lane\">\n\t\t\t\t\t\t\t\t\t\t\t\t\t\t<li class=\"teaser-lane-slide col-xs-12 col-sm-6 col-md-4 teaser-wrapper col-padding-remove\">\n\t<div class=\"box\">\n\t\t<calendarteaser key=\"1661078862\" rawitem='{&quot;postId&quot;:166107,&quot;title&quot;:&quot;Lange Nacht der Museen 2026&quot;,&quot;excerpt&quot;:&quot;&quot;,&quot;slug&quot;:&quot;lange-nacht-der-museen-2026&quot;,&quot;post_date&quot;:&quot;2026-06-11T11:50&quot;,&quot;type&quot;:&quot;event&quot;,&quot;permalink&quot;:&quot;https:\\\/\\\/www.humboldtforum.org\\\/de\\\/programm\\\/termin\\\/ausstellung\\\/lange-nacht-der-museen-2026-166107\\\/&quot;,&quot;genre&quot;:[391,946,821,393,849,523],&quot;genre_details&quot;:[{&quot;text&quot;:&quot;Ausstellung&quot;,&quot;id&quot;:391,&quot;icon&quot;:null,&quot;parent&quot;:0},{&quot;text&quot;:&quot;DJ Set&quot;,&quot;id&quot;:946,&quot;icon&quot;:null,&quot;parent&quot;:0},{&quot;text&quot;:&quot;F\\u00fchrung&quot;,&quot;id&quot;:821,&quot;icon&quot;:null,&quot;parent&quot;:0},{&quot;text&quot;:&quot;Konzert&quot;,&quot;id&quot;:393,&quot;icon&quot;:null,&quot;parent&quot;:0},{&quot;text&quot;:&quot;Party&quot;,&quot;id&quot;:849,&quot;icon&quot;:null,&quot;parent&quot;:0},{&quot;text&quot;:&quot;Tanz&quot;,&quot;id&quot;:523,&quot;icon&quot;:null,&quot;parent&quot;:0}],&quot;stakeholder&quot;:[382],&quot;stakeholder_details&quot;:[{&quot;text&quot;:&quot;Stiftung Humboldt Forum im Berliner Schloss&quot;,&quot;id&quot;:382,&quot;icon&quot;:null,&quot;parent&quot;:0}],&quot;accessability&quot;:[430],&quot;accessability_details&quot;:[{&quot;text&quot;:&quot;Rollstuhlgerecht&quot;,&quot;id&quot;:430,&quot;icon&quot;:null,&quot;parent&quot;:0}],&quot;place&quot;:[404],&quot;place_details&quot;:{&quot;place&quot;:&quot;Humboldt Forum&quot;,&quot;map&quot;:&quot;Humboldt Forum, Schlossplatz, Berlin&quot;,&quot;room&quot;:&quot;&quot;},&quot;icon_overwrite&quot;:&quot;&quot;,&quot;acf&quot;:{&quot;noindex&quot;:false,&quot;keywords&quot;:&quot;&quot;,&quot;belongsto&quot;:false,&quot;shorturl&quot;:&quot;&quot;,&quot;hashtag&quot;:&quot;HumboldtForum&quot;,&quot;planning&quot;:{&quot;price&quot;:&quot;Ticket erforderlich&quot;,&quot;admission&quot;:&quot;&quot;,&quot;pause&quot;:&quot;&quot;,&quot;duration&quot;:&quot;&quot;},&quot;subline&quot;:&quot;Durch die Nacht im Humboldt Forum&quot;,&quot;additional_info&quot;:{&quot;icon&quot;:&quot;0&quot;,&quot;text&quot;:&quot;&quot;},&quot;highlight_header&quot;:true,&quot;use_video_in_teasers&quot;:false,&quot;hyphenation&quot;:true,&quot;tipp&quot;:false,&quot;joker&quot;:false,&quot;live&quot;:false,&quot;hide_event_in_program&quot;:false,&quot;gomus_id&quot;:&quot;&quot;,&quot;highlight_header_image&quot;:47385,&quot;has_mobile_format&quot;:false,&quot;times&quot;:[],&quot;hm_id&quot;:&quot;&quot;,&quot;events&quot;:[133810,166713,133177,133188,133184,166854,166912,166918,166931,167018]},&quot;date&quot;:{&quot;NX&quot;:null,&quot;NXX&quot;:null,&quot;NLAST&quot;:&quot;202608291400&quot;,&quot;from_DATE&quot;:&quot;20260829 18:00&quot;,&quot;from&quot;:1788012000,&quot;to&quot;:1788012000,&quot;to_DATE&quot;:&quot;20260829 18:00&quot;,&quot;from_HRFSHORT&quot;:&quot;29. Aug 2026&quot;,&quot;from_HRFSHORT_WD&quot;:&quot;Sa 29.08.2026&quot;,&quot;to_HRFSHORT&quot;:&quot;29. Aug 2026&quot;,&quot;to_HRFSHORT_WD&quot;:&quot;Sa 29.08.2026&quot;,&quot;from_HRF&quot;:&quot;Sa, 29. August 2026&quot;,&quot;to_HRF&quot;:&quot;Sa, 29. August 2026&quot;,&quot;from_to_HRF&quot;:&quot;Sa, 29. August \\u2013 Sa, 29. August 2026&quot;,&quot;from_to_HRFSHORT&quot;:&quot;29. Aug \\u2013 29. Aug 2026&quot;},&quot;alert&quot;:&quot;Highlight&quot;,&quot;partof&quot;:[],&quot;marketing_topic&quot;:&quot;&quot;}' inline-template>\n\t\t<a href=\"https:\/\/www.humboldtforum.org\/de\/programm\/termin\/ausstellung\/lange-nacht-der-museen-2026-166107\/\" class=\"teaser teaser-page teaser-event teaser-event-highlight\">\n\t\t\t<div class=\"teaser-image teaser-image-full footer-gradient\">\n\t\t\t\t\n\t<lazy-media-inline inline-template>\n\t\t<figure itemscope itemtype=\"http:\/\/schema.org\/ImageObject\" class=\"lazy-media-inline \" role=\"group\" id=\"media_6a950023179fd\" aria-labelledby=\"desc_media_6a950023179fd\">\n\t\t\t<script type=\"application\/json\" ref=\"data\">\n\t\t\t\t{\n\t\t\t\t\"sizes\" : {\"medium\":{\"file\":\"SHF_eb00146558-300x200.jpg\",\"width\":300,\"height\":200,\"mime-type\":\"image\\\/jpeg\",\"filesize\":15836},\"large\":{\"file\":\"SHF_eb00146558-1024x683.jpg\",\"width\":1024,\"height\":683,\"mime-type\":\"image\\\/jpeg\",\"filesize\":99590},\"thumbnail\":{\"file\":\"SHF_eb00146558-150x150.jpg\",\"width\":150,\"height\":150,\"mime-type\":\"image\\\/jpeg\",\"filesize\":6655},\"medium_large\":{\"file\":\"SHF_eb00146558-768x512.jpg\",\"width\":768,\"height\":512,\"mime-type\":\"image\\\/jpeg\",\"filesize\":65535},\"small\":{\"file\":\"SHF_eb00146558-440x294.jpg\",\"width\":440,\"height\":294,\"mime-type\":\"image\\\/jpeg\",\"filesize\":28837},\"semi\":{\"file\":\"SHF_eb00146558-580x387.jpg\",\"width\":580,\"height\":387,\"mime-type\":\"image\\\/jpeg\",\"filesize\":43666},\"mobile\":{\"file\":\"SHF_eb00146558-720x480.jpg\",\"width\":720,\"height\":480,\"mime-type\":\"image\\\/jpeg\",\"filesize\":59583},\"original\":{\"file\":\"SHF_eb00146558.jpg\",\"width\":1280,\"height\":854}},\n\t\t\t\t\"alt\" : \"Menschenmenge vor einem Geb\\u00e4ude mit Lichtprojektionen in der Abendd\\u00e4mmerung.\",\n\t\t\t\t\"path\" : \"\\\/wp-content\\\/uploads\\\/2022\\\/07\\\/\",\n\t\t\t\t\"video\" : null,\n\t\t\t\t\"autoplay\" : null,\n\t\t\t\t\"youtube\" : null,\n\t\t\t\t\"youtubelabel\" : \"Video abspielen\",\n\t\t\t\t\"brightness\" : 100,\n\t\t\t\t\"crop\" : null,\n\t\t\t\t\"background\" : true,\n\t\t\t\t\"scale\" : 3\t\t\t\t}\n\t\t\t<\/script>\n\n\t\t\t<div class=\"height-container\" style=\"padding-bottom:66.71875%;\" v-if=\"sizes\">\n\t\t\t\t\t\t\t\t<lazy-media :inline=\"true\" :alt=\"alt\" :sizes=\"sizes\" :scale=\"scale\" :brightness=\"brightness\" :path=\"path\" :video=\"video\" :autoplay=\"autoplay\" :youtube=\"youtube\" :crop=\"crop\" :youtubelabel=\"youtubelabel\" :background=\"background\" media-id=\"desc_media_6a950023179fd\"><\/lazy-media>\n\t\t\t\t\t\t\t<\/div>\n\n\t\t\t\t\t\t\t<figcaption class=\"sr-only\" ref=\"body\" id=\"desc_media_6a950023179fd\">\n\t\t\t\t\t\t\t\t\t\t\t<div>Humboldt Forum Sommerfestival. Berlin, 28.07.2022.<\/div>\n\t\t\t\t\t\t\t\t\t\t\t\t\t\t\t\t\t\t\t\t\t<div class=\"insignificant\">\u00a9 Stiftung Humboldt Forum im Berliner Schloss\/ Foto: Xander Heinl\/ photothek.de<\/div>\n\t\t\t\t\t\t\t\t\t<\/figcaption>\n\t\t\t\t\t<\/figure>\n\t<\/lazy-media-inline>\n\t\t\t\t\t\t\t<\/div>\n\t\t\t<div class=\"teaser-header teaser-header-bottom\"><div>\n\t\t\t\t<div class=\"margin-bottom-atom\">\n\t\t\t\t\t<div class=\"subline clamp-1\" v-html=\"maingenre\"><\/div>\n\t\t\t\t\t\t\t\t\t<\/div>\n\t\t\t\t<h4 class=\"h3 clamp-4\">Lange Nacht der Museen 2026<\/h4>\n\t\t\t\t<div class=\"Untertitel margin-bottom-atom\">\n\t\t\t\t\t\t\t\t\t\t<p class=\"Infos clamp-2\">\n\t\t\t\t\t\t\t\t\t\t\t\t\tDurch die Nacht im Humboldt Forum\t\t\t\t\t\t\t\t\t\t\t<\/p>\n\t\t\t\t\t\t\t\t\t\t<p class=\"Infos\">\n\t\t\t\t\t\t<calendardateline :rawitem='item' :show-icon=\"false\"><\/calendardateline>\n\t\t\t\t\t<\/p>\n\t\t\t\t<\/div>\n\t\t\t<\/div><\/div>\n\t\t<\/a>\n\t\t<\/calendarteaser>\n\t<\/div>\n<\/li>\n<li class=\"teaser-lane-slide col-xs-12 col-sm-6 col-md-4 teaser-wrapper col-padding-remove\">\n\t<div class=\"box\">\n\t\t<calendarteaser key=\"16925417534\" rawitem='{&quot;postId&quot;:169254,&quot;title&quot;:&quot;Transkontinentale 2026&quot;,&quot;excerpt&quot;:&quot;&quot;,&quot;slug&quot;:&quot;transkontinentale-2026&quot;,&quot;post_date&quot;:&quot;2026-07-30T13:47&quot;,&quot;type&quot;:&quot;event-period&quot;,&quot;permalink&quot;:&quot;https:\\\/\\\/www.humboldtforum.org\\\/de\\\/programm\\\/laufzeitangebot\\\/performance\\\/transkontinentale-2026-169254\\\/&quot;,&quot;genre&quot;:[930],&quot;genre_details&quot;:[{&quot;text&quot;:&quot;Performance&quot;,&quot;id&quot;:930,&quot;icon&quot;:null,&quot;parent&quot;:0}],&quot;stakeholder&quot;:[382],&quot;stakeholder_details&quot;:[{&quot;text&quot;:&quot;Stiftung Humboldt Forum im Berliner Schloss&quot;,&quot;id&quot;:382,&quot;icon&quot;:null,&quot;parent&quot;:0}],&quot;icon_overwrite&quot;:&quot;&quot;,&quot;acf&quot;:{&quot;noindex&quot;:false,&quot;keywords&quot;:&quot;&quot;,&quot;shorturl&quot;:&quot;transkontinentale&quot;,&quot;planning&quot;:{&quot;price&quot;:&quot;&quot;,&quot;status&quot;:&quot;BUY&quot;,&quot;info&quot;:&quot;   &quot;,&quot;shop&quot;:&quot;&quot;,&quot;can_purchase&quot;:false},&quot;use_opening_hours_of_the_house&quot;:false,&quot;display_as_single&quot;:false,&quot;subline&quot;:&quot;Internationale Tanz-, Theater- und Performance Gastspiele&quot;,&quot;additional_info&quot;:{&quot;icon&quot;:&quot;icon-ort&quot;,&quot;text&quot;:&quot;Saal 1, 2, SAF 2, Foyer, Ethnologisches Museum, Dachterrasse&quot;},&quot;highlight_header&quot;:true,&quot;use_video_in_teasers&quot;:false,&quot;hyphenation&quot;:true,&quot;tipp&quot;:false,&quot;joker&quot;:false,&quot;live&quot;:false,&quot;hide_event_in_program&quot;:false,&quot;announcement&quot;:&quot;30.9.-4.10.2026&quot;,&quot;overwrite_date&quot;:&quot;30.9.-4.10.2026&quot;,&quot;highlight_header_image&quot;:170186,&quot;has_mobile_format&quot;:true,&quot;periods&quot;:[{&quot;label&quot;:&quot;&quot;,&quot;dates&quot;:[{&quot;start&quot;:&quot;202609300000&quot;,&quot;end&quot;:&quot;202610040000&quot;,&quot;has_end&quot;:true,&quot;start_HRFSHORT&quot;:&quot;30.09.26&quot;,&quot;start_HRFSHORT_WD&quot;:&quot;Mi 30.09.2026&quot;,&quot;end_HRFSHORT&quot;:&quot;04.10.26&quot;}],&quot;monday&quot;:[{&quot;start&quot;:null,&quot;end&quot;:null,&quot;closed&quot;:false}],&quot;tuesday&quot;:[{&quot;start&quot;:null,&quot;end&quot;:null,&quot;closed&quot;:false}],&quot;wednesday&quot;:[{&quot;start&quot;:null,&quot;end&quot;:null,&quot;closed&quot;:false}],&quot;thursday&quot;:[{&quot;start&quot;:null,&quot;end&quot;:null,&quot;closed&quot;:false}],&quot;friday&quot;:[{&quot;start&quot;:null,&quot;end&quot;:null,&quot;closed&quot;:false}],&quot;saturday&quot;:[{&quot;start&quot;:&quot;&quot;,&quot;end&quot;:&quot;&quot;,&quot;closed&quot;:false}],&quot;sunday&quot;:[{&quot;start&quot;:null,&quot;end&quot;:null,&quot;closed&quot;:false}],&quot;info&quot;:&quot;&quot;,&quot;description&quot;:&quot;&quot;}],&quot;events&quot;:[169396,169126,169151,169164,169174,169188],&quot;highlight_header_image_mobile&quot;:170190,&quot;period_exception&quot;:[]},&quot;period_list&quot;:&quot;&lt;strong&gt;\\u00d6ffnungszeiten&lt;\\\/strong&gt;\\nT\\u00e4glich:  \\u2013  Uhr\\n\\n&quot;,&quot;period_exception&quot;:&quot;&quot;,&quot;date&quot;:{&quot;infinite&quot;:false,&quot;from_DATE&quot;:202609300000,&quot;from&quot;:1790726400,&quot;from_TIME&quot;:&quot;00:00&quot;,&quot;to&quot;:1791072000,&quot;to_DATE&quot;:202610040000,&quot;to_TIME&quot;:&quot;00:00&quot;,&quot;from_HRFSHORT&quot;:&quot;30. Sep 2026&quot;,&quot;from_HRFSHORT_WD&quot;:&quot;Mi 30.09.2026&quot;,&quot;from_HRF&quot;:&quot;Mi, 30. September 2026&quot;,&quot;to_HRF&quot;:&quot;So,  4. Oktober 2026&quot;,&quot;to_HRFSHORT&quot;:&quot; 4. Okt 2026&quot;,&quot;to_HRFSHORT_WD&quot;:&quot;So 04.10.2026&quot;,&quot;from_to_HRF&quot;:&quot;Mi, 30. September \\u2013 So,  4. Oktober 2026&quot;,&quot;from_to_HRFSHORT&quot;:&quot;30. Sep \\u2013  4. Okt 2026&quot;,&quot;NXX&quot;:&quot;202609300416&quot;,&quot;NLAST&quot;:&quot;202610040000&quot;,&quot;NX&quot;:&quot;20260930&quot;},&quot;alert&quot;:&quot;Highlight&quot;,&quot;partof&quot;:[],&quot;marketing_topic&quot;:&quot;&quot;}' inline-template>\n\t\t<a href=\"https:\/\/www.humboldtforum.org\/de\/programm\/laufzeitangebot\/performance\/transkontinentale-2026-169254\/\" class=\"teaser teaser-page teaser-event-period teaser-event-highlight\">\n\t\t\t<div class=\"teaser-image teaser-image-full footer-gradient\">\n\t\t\t\t\n\t<lazy-media-inline inline-template>\n\t\t<figure itemscope itemtype=\"http:\/\/schema.org\/ImageObject\" class=\"lazy-media-inline \" role=\"group\" id=\"media_6a950023181fc\" aria-labelledby=\"desc_media_6a950023181fc\">\n\t\t\t<script type=\"application\/json\" ref=\"data\">\n\t\t\t\t{\n\t\t\t\t\"sizes\" : {\"medium\":{\"file\":\"SHF_eb00272665-176x300.jpg\",\"width\":176,\"height\":300,\"mime-type\":\"image\\\/jpeg\",\"filesize\":8892},\"large\":{\"file\":\"SHF_eb00272665-600x1024.jpg\",\"width\":600,\"height\":1024,\"mime-type\":\"image\\\/jpeg\",\"filesize\":74632},\"thumbnail\":{\"file\":\"SHF_eb00272665-150x150.jpg\",\"width\":150,\"height\":150,\"mime-type\":\"image\\\/jpeg\",\"filesize\":4608},\"medium_large\":{\"file\":\"SHF_eb00272665-768x1312.jpg\",\"width\":768,\"height\":1312,\"mime-type\":\"image\\\/jpeg\",\"filesize\":118224},\"small\":{\"file\":\"SHF_eb00272665-258x440.jpg\",\"width\":258,\"height\":440,\"mime-type\":\"image\\\/jpeg\",\"filesize\":16898},\"semi\":{\"file\":\"SHF_eb00272665-340x580.jpg\",\"width\":340,\"height\":580,\"mime-type\":\"image\\\/jpeg\",\"filesize\":27278},\"mobile\":{\"file\":\"SHF_eb00272665-422x720.jpg\",\"width\":422,\"height\":720,\"mime-type\":\"image\\\/jpeg\",\"filesize\":39406},\"hd\":{\"file\":\"SHF_eb00272665-749x1280.jpg\",\"width\":749,\"height\":1280,\"mime-type\":\"image\\\/jpeg\",\"filesize\":113230},\"full\":{\"file\":\"SHF_eb00272665-1124x1920.jpg\",\"width\":1124,\"height\":1920,\"mime-type\":\"image\\\/jpeg\",\"filesize\":246013},\"1536x1536\":{\"file\":\"SHF_eb00272665-899x1536.jpg\",\"width\":899,\"height\":1536,\"mime-type\":\"image\\\/jpeg\",\"filesize\":160775},\"original\":{\"file\":\"SHF_eb00272665.jpg\",\"width\":1171,\"height\":2000}},\n\t\t\t\t\"alt\" : \"Tanzende Partner in k\\u00fcnstlerischer Pose, dramatische Ausdrucksformen vor lebhaftem Hintergrund.\",\n\t\t\t\t\"path\" : \"\\\/wp-content\\\/uploads\\\/2026\\\/07\\\/\",\n\t\t\t\t\"video\" : null,\n\t\t\t\t\"autoplay\" : null,\n\t\t\t\t\"youtube\" : null,\n\t\t\t\t\"youtubelabel\" : \"Video abspielen\",\n\t\t\t\t\"brightness\" : 100,\n\t\t\t\t\"crop\" : null,\n\t\t\t\t\"background\" : true,\n\t\t\t\t\"scale\" : 3\t\t\t\t}\n\t\t\t<\/script>\n\n\t\t\t<div class=\"height-container\" style=\"padding-bottom:170.79419299744%;\" v-if=\"sizes\">\n\t\t\t\t\t\t\t\t<lazy-media :inline=\"true\" :alt=\"alt\" :sizes=\"sizes\" :scale=\"scale\" :brightness=\"brightness\" :path=\"path\" :video=\"video\" :autoplay=\"autoplay\" :youtube=\"youtube\" :crop=\"crop\" :youtubelabel=\"youtubelabel\" :background=\"background\" media-id=\"desc_media_6a950023181fc\"><\/lazy-media>\n\t\t\t\t\t\t\t<\/div>\n\n\t\t\t\t\t\t\t<figcaption class=\"sr-only\" ref=\"body\" id=\"desc_media_6a950023181fc\">\n\t\t\t\t\t\t\t\t\t\t\t\t\t\t\t\t<div>Auff&uuml;hrung &quot;Combat des lianes&quot; von Zora Snake <\/div>\n\t\t\t\t\t\t\t\t\t\t\t\t\t\t\t\t<div class=\"insignificant\">\u00a9 Marin Driguez \/ Agence VU&#8216;<\/div>\n\t\t\t\t\t\t\t\t\t<\/figcaption>\n\t\t\t\t\t<\/figure>\n\t<\/lazy-media-inline>\n\t\t\t\t\t\t\t<\/div>\n\t\t\t<div class=\"teaser-header teaser-header-bottom\"><div>\n\t\t\t\t<div class=\"margin-bottom-atom\">\n\t\t\t\t\t<div class=\"subline clamp-1\" v-html=\"maingenre\"><\/div>\n\t\t\t\t\t\t\t\t\t<\/div>\n\t\t\t\t<h4 class=\"h3 clamp-4\">Transkontinentale 2026<\/h4>\n\t\t\t\t<div class=\"Untertitel margin-bottom-atom\">\n\t\t\t\t\t\t\t\t\t\t<p class=\"Infos clamp-2\">\n\t\t\t\t\t\t\t\t\t\t\t\t\tInternationale Tanz-, Theater- und Performance Gastspiele\t\t\t\t\t\t\t\t\t\t\t<\/p>\n\t\t\t\t\t\t\t\t\t\t<p class=\"Infos\">\n\t\t\t\t\t\t<calendardateline :rawitem='item' :show-icon=\"false\"><\/calendardateline>\n\t\t\t\t\t<\/p>\n\t\t\t\t<\/div>\n\t\t\t<\/div><\/div>\n\t\t<\/a>\n\t\t<\/calendarteaser>\n\t<\/div>\n<\/li>\n<li class=\"teaser-lane-slide col-xs-12 col-sm-6 col-md-4 teaser-wrapper col-padding-remove\">\n\t<div class=\"box\">\n\t\t<calendarteaser key=\"1414019492\" rawitem='{&quot;postId&quot;:14140,&quot;title&quot;:&quot;BERLIN GLOBAL&quot;,&quot;excerpt&quot;:&quot;Gestern, heute, morgen: Vieles, was in Berlin passiert, hat Einfluss auf die Welt. Und vieles, was in der Welt passiert, wirkt auf Berlin. BERLIN GLOBAL zeigt auf 4000 Quadratmetern im Humboldt Forum, wie die Stadt und ihre Menschen mit der Welt verbunden sind. &quot;,&quot;slug&quot;:&quot;berlin-global&quot;,&quot;post_date&quot;:&quot;2020-10-23T08:36&quot;,&quot;type&quot;:&quot;event-permanent&quot;,&quot;permalink&quot;:&quot;https:\\\/\\\/www.humboldtforum.org\\\/de\\\/programm\\\/dauerangebot\\\/ausstellung\\\/berlin-global-14140\\\/&quot;,&quot;genre&quot;:[391],&quot;genre_details&quot;:[{&quot;text&quot;:&quot;Ausstellung&quot;,&quot;id&quot;:391,&quot;icon&quot;:null,&quot;parent&quot;:0}],&quot;stakeholder&quot;:[400],&quot;stakeholder_details&quot;:[{&quot;text&quot;:&quot;Berlin Museum&quot;,&quot;id&quot;:400,&quot;icon&quot;:null,&quot;parent&quot;:0}],&quot;editorial&quot;:[402,403,646],&quot;editorial_details&quot;:[{&quot;text&quot;:&quot;interaktiv&quot;,&quot;id&quot;:402,&quot;icon&quot;:null,&quot;parent&quot;:0},{&quot;text&quot;:&quot;verbindend&quot;,&quot;id&quot;:403,&quot;icon&quot;:null,&quot;parent&quot;:0},{&quot;text&quot;:&quot;vielstimmig&quot;,&quot;id&quot;:646,&quot;icon&quot;:null,&quot;parent&quot;:0}],&quot;targetgroup&quot;:[383],&quot;targetgroup_details&quot;:[{&quot;text&quot;:&quot;Erwachsene&quot;,&quot;id&quot;:383,&quot;icon&quot;:null,&quot;parent&quot;:0}],&quot;language&quot;:[384,385],&quot;language_details&quot;:[{&quot;text&quot;:&quot;Deutsch&quot;,&quot;id&quot;:384,&quot;icon&quot;:null,&quot;parent&quot;:0},{&quot;text&quot;:&quot;Englisch&quot;,&quot;id&quot;:385,&quot;icon&quot;:null,&quot;parent&quot;:0}],&quot;accessability&quot;:[430],&quot;accessability_details&quot;:[{&quot;text&quot;:&quot;Rollstuhlgerecht&quot;,&quot;id&quot;:430,&quot;icon&quot;:null,&quot;parent&quot;:0}],&quot;place&quot;:[405],&quot;place_details&quot;:{&quot;place&quot;:&quot;Humboldt Forum&quot;,&quot;map&quot;:&quot;Humboldt Forum, Schlossplatz, Berlin&quot;,&quot;room&quot;:&quot;Berlin Ausstellung, 1. OG&quot;},&quot;icon_overwrite&quot;:&quot;&quot;,&quot;acf&quot;:{&quot;shorturl&quot;:&quot;berlinglobal&quot;,&quot;planning&quot;:{&quot;price&quot;:&quot;regul\\u00e4r 9 EUR&quot;,&quot;status&quot;:&quot;BUY&quot;,&quot;info&quot;:&quot;regul\\u00e4r 9 EUR&quot;,&quot;shop&quot;:&quot;https:\\\/\\\/tickets.humboldtforum.org\\\/#\\\/tickets\\\/time?museum_id=1&amp;exhibition_id=1&amp;group=day&quot;,&quot;can_purchase&quot;:true},&quot;periods&quot;:[{&quot;label&quot;:&quot;&quot;,&quot;dates&quot;:[{&quot;start&quot;:&quot;202302130000&quot;,&quot;end&quot;:&quot;204601020000&quot;,&quot;has_end&quot;:false,&quot;start_HRFSHORT&quot;:&quot;13.02.23&quot;,&quot;start_HRFSHORT_WD&quot;:&quot;Mo 13.02.2023&quot;}],&quot;monday&quot;:[{&quot;start&quot;:&quot;10:30&quot;,&quot;end&quot;:&quot;18:30&quot;,&quot;closed&quot;:false}],&quot;tuesday&quot;:[{&quot;start&quot;:&quot;10:00&quot;,&quot;end&quot;:&quot;20:00&quot;,&quot;closed&quot;:true}],&quot;wednesday&quot;:[{&quot;start&quot;:&quot;10:30&quot;,&quot;end&quot;:&quot;18:30&quot;,&quot;closed&quot;:false}],&quot;thursday&quot;:[{&quot;start&quot;:&quot;10:30&quot;,&quot;end&quot;:&quot;18:30&quot;,&quot;closed&quot;:false}],&quot;friday&quot;:[{&quot;start&quot;:&quot;10:30&quot;,&quot;end&quot;:&quot;18:30&quot;,&quot;closed&quot;:false}],&quot;saturday&quot;:[{&quot;start&quot;:&quot;10:30&quot;,&quot;end&quot;:&quot;18:30&quot;,&quot;closed&quot;:false}],&quot;sunday&quot;:[{&quot;start&quot;:&quot;10:30&quot;,&quot;end&quot;:&quot;18:30&quot;,&quot;closed&quot;:false}],&quot;info&quot;:&quot;&quot;,&quot;description&quot;:&quot;&quot;}],&quot;period_exception&quot;:[{&quot;label&quot;:&quot;&quot;,&quot;date&quot;:&quot;202512240000&quot;,&quot;closed&quot;:true,&quot;start&quot;:&quot;10:30&quot;,&quot;end&quot;:&quot;13:30&quot;,&quot;date_HRFSHORT&quot;:&quot;24.12.25&quot;},{&quot;label&quot;:&quot;&quot;,&quot;date&quot;:&quot;202512250000&quot;,&quot;closed&quot;:false,&quot;start&quot;:&quot;12:00&quot;,&quot;end&quot;:&quot;18:00&quot;,&quot;date_HRFSHORT&quot;:&quot;25.12.25&quot;},{&quot;label&quot;:&quot;&quot;,&quot;date&quot;:&quot;202512260000&quot;,&quot;closed&quot;:false,&quot;start&quot;:&quot;12:00&quot;,&quot;end&quot;:&quot;18:00&quot;,&quot;date_HRFSHORT&quot;:&quot;26.12.25&quot;},{&quot;label&quot;:&quot;&quot;,&quot;date&quot;:&quot;202512300000&quot;,&quot;closed&quot;:false,&quot;start&quot;:&quot;10:30&quot;,&quot;end&quot;:&quot;18:30&quot;,&quot;date_HRFSHORT&quot;:&quot;30.12.25&quot;},{&quot;label&quot;:&quot;&quot;,&quot;date&quot;:&quot;202512310000&quot;,&quot;closed&quot;:false,&quot;start&quot;:null,&quot;end&quot;:null,&quot;date_HRFSHORT&quot;:&quot;31.12.25&quot;},{&quot;label&quot;:&quot;&quot;,&quot;date&quot;:&quot;202601010000&quot;,&quot;closed&quot;:false,&quot;start&quot;:&quot;12:00&quot;,&quot;end&quot;:&quot;18:00&quot;,&quot;date_HRFSHORT&quot;:&quot;01.01.26&quot;}],&quot;subline&quot;:&quot;Berlin Ausstellung im Humboldt Forum&quot;,&quot;marketing_text&quot;:&quot;Erfahren Sie, wie die Stadt und ihre Menschen mit der Welt verbunden sind.&quot;,&quot;shorttext&quot;:&quot;Gestern, heute, morgen: Vieles, was in Berlin passiert, hat Einfluss auf die Welt. Und vieles, was in der Welt passiert, wirkt auf Berlin. BERLIN GLOBAL zeigt auf 4000 Quadratmetern im Humboldt Forum, wie die Stadt und ihre Menschen mit der Welt verbunden sind. &quot;,&quot;longtext&quot;:&quot;Gestern, heute, morgen: Vieles, was in Berlin passiert, hat Einfluss auf die Welt. Und vieles, was in der Welt passiert, wirkt auf Berlin. BERLIN GLOBAL zeigt auf 4000 Quadratmetern im Humboldt Forum, wie die Stadt und ihre Menschen mit der Welt verbunden sind. Der Raum Weltdenken hei\\u00dft die Besucher*innen willkommen, der Raum Berlin-Bilder f\\u00fchrt in die Themen der Ausstellung ein. Ihnen folgen die einzelnen Themenr\\u00e4ume: Sie erz\\u00e4hlen von Revolution, Freiraum, Grenzen, Vergn\\u00fcgen, Krieg, Mode und Verflechtung. Aspekte, die sich auch in anderen Metropolen finden lassen, die aber in dieser Kombination typisch f\\u00fcr Berlin sind.&quot;,&quot;highlight_header&quot;:true,&quot;highlight_header_image&quot;:66324,&quot;has_mobile_format&quot;:true,&quot;highlight_header_image_mobile&quot;:66322,&quot;tipp&quot;:false,&quot;joker&quot;:false,&quot;live&quot;:false,&quot;display_as_single&quot;:false,&quot;hyphenation&quot;:true,&quot;noindex&quot;:false,&quot;keywords&quot;:&quot;&quot;,&quot;use_opening_hours_of_the_house&quot;:false,&quot;additional_info&quot;:{&quot;icon&quot;:&quot;icon-bullet_active&quot;,&quot;text&quot;:&quot;&quot;},&quot;use_video_in_teasers&quot;:false,&quot;hide_event_in_program&quot;:false,&quot;infotext&quot;:&quot;letzter Einlass 17:30 Uhr. &quot;,&quot;events&quot;:[126079,126641,128669,128606,128614,132200,132209,132198,132330,132555,132558,119976,135751,135756,135788,135796,135805,135823,136595,136602,136615,137214,136743,137696,136814,120403,140364,147928,148672,149576,153806,154671,157000,157020,157682,157684,158456,142900,158487,161422,163169,164827,166854,166940,166942,168845,169340,169344,169487,169495]},&quot;period_list&quot;:&quot;&lt;strong&gt;\\u00d6ffnungszeiten&lt;\\\/strong&gt;\\nMo, Mi, Do, Fr, Sa, So: 10:30 \\u2013 18:30 Uhr\\nDi: geschlossen\\n\\n&quot;,&quot;period_exception&quot;:&quot;&quot;,&quot;date&quot;:{&quot;infinite&quot;:true,&quot;from_DATE&quot;:202302130000,&quot;from&quot;:1676284200,&quot;from_TIME&quot;:&quot;10:30&quot;,&quot;to&quot;:1819757760,&quot;to_DATE&quot;:202708310416,&quot;to_TIME&quot;:&quot;20:00&quot;,&quot;from_HRFSHORT&quot;:&quot;13. Feb 2023&quot;,&quot;from_HRFSHORT_WD&quot;:&quot;Mo 13.02.2023&quot;,&quot;from_HRF&quot;:&quot;Mo, 13. Februar 2023&quot;,&quot;to_HRF&quot;:&quot;Mi,  1. September 2027&quot;,&quot;to_HRFSHORT&quot;:&quot; 1. Sep 2027&quot;,&quot;to_HRFSHORT_WD&quot;:&quot;Mi 01.09.2027&quot;,&quot;from_to_HRF&quot;:&quot;Mo, 13. Februar 2023 \\u2013 Mi,  1. September 2027&quot;,&quot;from_to_HRFSHORT&quot;:&quot;13. Feb 2023 \\u2013  1. Sep 2027&quot;,&quot;NXX&quot;:&quot;202608310416&quot;,&quot;NLAST&quot;:&quot;202709010016&quot;,&quot;NX&quot;:&quot;20260831&quot;},&quot;alert&quot;:&quot;Highlight&quot;,&quot;partof&quot;:[],&quot;marketing_topic&quot;:&quot;&quot;}' inline-template>\n\t\t<a href=\"https:\/\/www.humboldtforum.org\/de\/programm\/dauerangebot\/ausstellung\/berlin-global-14140\/\" class=\"teaser teaser-page teaser-event-permanent teaser-event-highlight\">\n\t\t\t<div class=\"teaser-image teaser-image-full footer-gradient\">\n\t\t\t\t\n\t<lazy-media-inline inline-template>\n\t\t<figure itemscope itemtype=\"http:\/\/schema.org\/ImageObject\" class=\"lazy-media-inline \" role=\"group\" id=\"media_6a950023189bb\" aria-labelledby=\"desc_media_6a950023189bb\">\n\t\t\t<script type=\"application\/json\" ref=\"data\">\n\t\t\t\t{\n\t\t\t\t\"sizes\" : {\"medium\":{\"file\":\"BG-Visual-2-176x300.jpg\",\"width\":176,\"height\":300,\"mime-type\":\"image\\\/jpeg\",\"filesize\":10918},\"large\":{\"file\":\"BG-Visual-2-600x1024.jpg\",\"width\":600,\"height\":1024,\"mime-type\":\"image\\\/jpeg\",\"filesize\":51578},\"thumbnail\":{\"file\":\"BG-Visual-2-150x150.jpg\",\"width\":150,\"height\":150,\"mime-type\":\"image\\\/jpeg\",\"filesize\":7184},\"medium_large\":{\"file\":\"BG-Visual-2-768x1312.jpg\",\"width\":768,\"height\":1312,\"mime-type\":\"image\\\/jpeg\",\"filesize\":71401},\"small\":{\"file\":\"BG-Visual-2-258x440.jpg\",\"width\":258,\"height\":440,\"mime-type\":\"image\\\/jpeg\",\"filesize\":17917},\"semi\":{\"file\":\"BG-Visual-2-340x580.jpg\",\"width\":340,\"height\":580,\"mime-type\":\"image\\\/jpeg\",\"filesize\":24870},\"mobile\":{\"file\":\"BG-Visual-2-422x720.jpg\",\"width\":422,\"height\":720,\"mime-type\":\"image\\\/jpeg\",\"filesize\":32315},\"hd\":{\"file\":\"BG-Visual-2-749x1280.jpg\",\"width\":749,\"height\":1280,\"mime-type\":\"image\\\/jpeg\",\"filesize\":68644},\"full\":{\"file\":\"BG-Visual-2-1124x1920.jpg\",\"width\":1124,\"height\":1920,\"mime-type\":\"image\\\/jpeg\",\"filesize\":120736},\"1536x1536\":{\"file\":\"BG-Visual-2-899x1536.jpg\",\"width\":899,\"height\":1536,\"mime-type\":\"image\\\/jpeg\",\"filesize\":87922},\"2048x2048\":{\"file\":\"BG-Visual-2-1199x2048.jpg\",\"width\":1199,\"height\":2048,\"mime-type\":\"image\\\/jpeg\",\"filesize\":131087},\"original\":{\"file\":\"BG-Visual-2.jpg\",\"width\":1780,\"height\":3040}},\n\t\t\t\t\"alt\" : \"Bunte Grafik mit dem Schriftzug \\\"BERLIN GLOBAL\\\" in gro\\u00dfen gelben Buchstaben auf pinkem Hintergrund.\",\n\t\t\t\t\"path\" : \"\\\/wp-content\\\/uploads\\\/2022\\\/12\\\/\",\n\t\t\t\t\"video\" : null,\n\t\t\t\t\"autoplay\" : null,\n\t\t\t\t\"youtube\" : null,\n\t\t\t\t\"youtubelabel\" : \"Video abspielen\",\n\t\t\t\t\"brightness\" : 100,\n\t\t\t\t\"crop\" : {\"top\":\"15.71\",\"left\":\"50.15\"},\n\t\t\t\t\"background\" : true,\n\t\t\t\t\"scale\" : 3\t\t\t\t}\n\t\t\t<\/script>\n\n\t\t\t<div class=\"height-container\" style=\"padding-bottom:170.78651685393%;\" v-if=\"sizes\">\n\t\t\t\t\t\t\t\t<lazy-media :inline=\"true\" :alt=\"alt\" :sizes=\"sizes\" :scale=\"scale\" :brightness=\"brightness\" :path=\"path\" :video=\"video\" :autoplay=\"autoplay\" :youtube=\"youtube\" :crop=\"crop\" :youtubelabel=\"youtubelabel\" :background=\"background\" media-id=\"desc_media_6a950023189bb\"><\/lazy-media>\n\t\t\t\t\t\t\t<\/div>\n\n\t\t\t\t\t\t\t<figcaption class=\"sr-only\" ref=\"body\" id=\"desc_media_6a950023189bb\">\n\t\t\t\t\t\t\t\t\t\t\t\t\t\t\t\t<div>Key Visual Berlin Global Bisky Kampagne 2022  <\/div>\n\t\t\t\t\t\t\t\t\t\t\t\t\t\t\t\t<div class=\"insignificant\">\u00a9 Stiftung Stadtmuseum Berlin und Kulturprojekte Berlin \/ caromarta Studio<\/div>\n\t\t\t\t\t\t\t\t\t<\/figcaption>\n\t\t\t\t\t<\/figure>\n\t<\/lazy-media-inline>\n\t\t\t\t\t\t\t<\/div>\n\t\t\t<div class=\"teaser-header teaser-header-bottom\"><div>\n\t\t\t\t<div class=\"margin-bottom-atom\">\n\t\t\t\t\t<div class=\"subline clamp-1\" v-html=\"maingenre\"><\/div>\n\t\t\t\t\t\t\t\t\t<\/div>\n\t\t\t\t<h4 class=\"h3 clamp-4\">BERLIN GLOBAL<\/h4>\n\t\t\t\t<div class=\"Untertitel margin-bottom-atom\">\n\t\t\t\t\t\t\t\t\t\t<p class=\"Infos clamp-2\">\n\t\t\t\t\t\t\t\t\t\t\t\t\tErfahren Sie, wie die Stadt und ihre Menschen mit der Welt verbunden sind.\t\t\t\t\t\t\t\t\t\t\t<\/p>\n\t\t\t\t\t\t\t\t\t\t<p class=\"Infos\">\n\t\t\t\t\t\t<calendardateline :rawitem='item' :show-icon=\"false\"><\/calendardateline>\n\t\t\t\t\t<\/p>\n\t\t\t\t<\/div>\n\t\t\t<\/div><\/div>\n\t\t<\/a>\n\t\t<\/calendarteaser>\n\t<\/div>\n<\/li>\n<li class=\"teaser-lane-slide col-xs-12 col-sm-6 col-md-4 teaser-wrapper col-padding-remove\">\n\t<div class=\"box\">\n\t\t<calendarteaser key=\"148667985\" rawitem='{&quot;postId&quot;:148667,&quot;title&quot;:&quot;On Water&quot;,&quot;excerpt&quot;:&quot;&quot;,&quot;slug&quot;:&quot;on-water-wasserwissen-in-berlin&quot;,&quot;post_date&quot;:&quot;2025-07-14T15:10&quot;,&quot;type&quot;:&quot;event-period&quot;,&quot;permalink&quot;:&quot;https:\\\/\\\/www.humboldtforum.org\\\/de\\\/programm\\\/laufzeitangebot\\\/ausstellung\\\/on-water-wasserwissen-in-berlin-148667\\\/&quot;,&quot;genre&quot;:[391],&quot;genre_details&quot;:[{&quot;text&quot;:&quot;Ausstellung&quot;,&quot;id&quot;:391,&quot;icon&quot;:null,&quot;parent&quot;:0}],&quot;stakeholder&quot;:[409],&quot;stakeholder_details&quot;:[{&quot;text&quot;:&quot;Humboldt-Universit\\u00e4t zu Berlin&quot;,&quot;id&quot;:409,&quot;icon&quot;:null,&quot;parent&quot;:0}],&quot;targetgroup&quot;:[383,455],&quot;targetgroup_details&quot;:[{&quot;text&quot;:&quot;Erwachsene&quot;,&quot;id&quot;:383,&quot;icon&quot;:null,&quot;parent&quot;:0},{&quot;text&quot;:&quot;Jugendliche&quot;,&quot;id&quot;:455,&quot;icon&quot;:null,&quot;parent&quot;:0}],&quot;language&quot;:[384,385],&quot;language_details&quot;:[{&quot;text&quot;:&quot;Deutsch&quot;,&quot;id&quot;:384,&quot;icon&quot;:null,&quot;parent&quot;:0},{&quot;text&quot;:&quot;Englisch&quot;,&quot;id&quot;:385,&quot;icon&quot;:null,&quot;parent&quot;:0}],&quot;accessability&quot;:[430],&quot;accessability_details&quot;:[{&quot;text&quot;:&quot;Rollstuhlgerecht&quot;,&quot;id&quot;:430,&quot;icon&quot;:null,&quot;parent&quot;:0}],&quot;place&quot;:[413],&quot;place_details&quot;:{&quot;place&quot;:&quot;Humboldt Forum&quot;,&quot;map&quot;:&quot;Humboldt Forum, Schlossplatz, Berlin&quot;,&quot;room&quot;:&quot;Humboldt Labor, 1. OG&quot;},&quot;icon_overwrite&quot;:&quot;&quot;,&quot;acf&quot;:{&quot;noindex&quot;:false,&quot;keywords&quot;:&quot;&quot;,&quot;shorturl&quot;:&quot;onwater&quot;,&quot;planning&quot;:{&quot;price&quot;:&quot;0 EUR&quot;,&quot;status&quot;:&quot;BUY&quot;,&quot;info&quot;:&quot;&quot;,&quot;shop&quot;:&quot;&quot;,&quot;can_purchase&quot;:false},&quot;use_opening_hours_of_the_house&quot;:false,&quot;periods&quot;:[{&quot;label&quot;:&quot;&quot;,&quot;dates&quot;:[{&quot;start&quot;:&quot;202510100000&quot;,&quot;end&quot;:&quot;202709270000&quot;,&quot;has_end&quot;:true,&quot;start_HRFSHORT&quot;:&quot;10.10.25&quot;,&quot;start_HRFSHORT_WD&quot;:&quot;Fr 10.10.2025&quot;,&quot;end_HRFSHORT&quot;:&quot;27.09.27&quot;}],&quot;monday&quot;:[{&quot;start&quot;:&quot;10:30&quot;,&quot;end&quot;:&quot;18:30&quot;,&quot;closed&quot;:false}],&quot;tuesday&quot;:[{&quot;start&quot;:null,&quot;end&quot;:null,&quot;closed&quot;:true}],&quot;wednesday&quot;:[{&quot;start&quot;:&quot;10:30&quot;,&quot;end&quot;:&quot;18:30&quot;,&quot;closed&quot;:false}],&quot;thursday&quot;:[{&quot;start&quot;:&quot;10:30&quot;,&quot;end&quot;:&quot;18:30&quot;,&quot;closed&quot;:false}],&quot;friday&quot;:[{&quot;start&quot;:&quot;10:30&quot;,&quot;end&quot;:&quot;18:30&quot;,&quot;closed&quot;:false}],&quot;saturday&quot;:[{&quot;start&quot;:&quot;10:30&quot;,&quot;end&quot;:&quot;18:30&quot;,&quot;closed&quot;:false}],&quot;sunday&quot;:[{&quot;start&quot;:&quot;10:30&quot;,&quot;end&quot;:&quot;18:30&quot;,&quot;closed&quot;:false}],&quot;info&quot;:&quot;&quot;,&quot;description&quot;:&quot;&quot;}],&quot;display_as_single&quot;:false,&quot;additional_info&quot;:{&quot;icon&quot;:&quot;icon-bullet_active&quot;,&quot;text&quot;:&quot;&quot;},&quot;highlight_header&quot;:true,&quot;has_mobile_format&quot;:true,&quot;use_video_in_teasers&quot;:false,&quot;hyphenation&quot;:false,&quot;tipp&quot;:false,&quot;joker&quot;:false,&quot;live&quot;:false,&quot;hide_event_in_program&quot;:false,&quot;highlight_header_image&quot;:151530,&quot;subline&quot;:&quot;WasserWissen in Berlin&quot;,&quot;highlight_header_image_mobile&quot;:151547,&quot;events&quot;:[151670,151676,151684,152103,152200,152458,152473,152495,152505,152834,153201,153380,153432,154460,154957,155223,155805,157338,157706,33938,122834,159093,159188,159218,160708,160712,161149,161688,162965,162969,163486,164031,139910,164362,164755,166441,166527,166529,168400,168405,168417,168427],&quot;period_exception&quot;:[{&quot;label&quot;:&quot;&quot;,&quot;date&quot;:&quot;202511050000&quot;,&quot;closed&quot;:false,&quot;start&quot;:&quot;11:30&quot;,&quot;end&quot;:&quot;18:30&quot;,&quot;date_HRFSHORT&quot;:&quot;05.11.25&quot;},{&quot;label&quot;:&quot;&quot;,&quot;date&quot;:null,&quot;closed&quot;:false,&quot;start&quot;:null,&quot;end&quot;:null}]},&quot;period_list&quot;:&quot;&lt;strong&gt;\\u00d6ffnungszeiten&lt;\\\/strong&gt;\\nMo, Mi, Do, Fr, Sa, So: 10:30 \\u2013 18:30 Uhr\\nDi: geschlossen\\n\\n&quot;,&quot;period_exception&quot;:&quot;&quot;,&quot;date&quot;:{&quot;infinite&quot;:false,&quot;from_DATE&quot;:202510100000,&quot;from&quot;:1760092200,&quot;from_TIME&quot;:&quot;10:30&quot;,&quot;to&quot;:1822069800,&quot;to_DATE&quot;:202709270000,&quot;to_TIME&quot;:&quot;18:30&quot;,&quot;from_HRFSHORT&quot;:&quot;10. Okt 2025&quot;,&quot;from_HRFSHORT_WD&quot;:&quot;Fr 10.10.2025&quot;,&quot;from_HRF&quot;:&quot;Fr, 10. Oktober 2025&quot;,&quot;to_HRF&quot;:&quot;Mo, 27. September 2027&quot;,&quot;to_HRFSHORT&quot;:&quot;27. Sep 2027&quot;,&quot;to_HRFSHORT_WD&quot;:&quot;Mo 27.09.2027&quot;,&quot;from_to_HRF&quot;:&quot;Fr, 10. Oktober 2025 \\u2013 Mo, 27. September 2027&quot;,&quot;from_to_HRFSHORT&quot;:&quot;10. Okt 2025 \\u2013 27. Sep 2027&quot;,&quot;NXX&quot;:&quot;202608310416&quot;,&quot;NLAST&quot;:&quot;202709271830&quot;,&quot;NX&quot;:&quot;20260831&quot;},&quot;alert&quot;:&quot;Highlight&quot;,&quot;partof&quot;:[],&quot;marketing_topic&quot;:&quot;&quot;}' inline-template>\n\t\t<a href=\"https:\/\/www.humboldtforum.org\/de\/programm\/laufzeitangebot\/ausstellung\/on-water-wasserwissen-in-berlin-148667\/\" class=\"teaser teaser-page teaser-event-period teaser-event-highlight\">\n\t\t\t<div class=\"teaser-image teaser-image-full footer-gradient\">\n\t\t\t\t\n\t<lazy-media-inline inline-template>\n\t\t<figure itemscope itemtype=\"http:\/\/schema.org\/ImageObject\" class=\"lazy-media-inline \" role=\"group\" id=\"media_6a95002319130\" aria-labelledby=\"desc_media_6a95002319130\">\n\t\t\t<script type=\"application\/json\" ref=\"data\">\n\t\t\t\t{\n\t\t\t\t\"sizes\" : {\"medium\":{\"file\":\"HumboldtLabor-Webteaser-hoch-1780x3040px-DU-176x300.jpg\",\"width\":176,\"height\":300,\"mime-type\":\"image\\\/jpeg\",\"filesize\":11839},\"large\":{\"file\":\"HumboldtLabor-Webteaser-hoch-1780x3040px-DU-600x1024.jpg\",\"width\":600,\"height\":1024,\"mime-type\":\"image\\\/jpeg\",\"filesize\":102604},\"thumbnail\":{\"file\":\"HumboldtLabor-Webteaser-hoch-1780x3040px-DU-150x150.jpg\",\"width\":150,\"height\":150,\"mime-type\":\"image\\\/jpeg\",\"filesize\":6439},\"medium_large\":{\"file\":\"HumboldtLabor-Webteaser-hoch-1780x3040px-DU-768x1312.jpg\",\"width\":768,\"height\":1312,\"mime-type\":\"image\\\/jpeg\",\"filesize\":160237},\"small\":{\"file\":\"HumboldtLabor-Webteaser-hoch-1780x3040px-DU-258x440.jpg\",\"width\":258,\"height\":440,\"mime-type\":\"image\\\/jpeg\",\"filesize\":23435},\"semi\":{\"file\":\"HumboldtLabor-Webteaser-hoch-1780x3040px-DU-340x580.jpg\",\"width\":340,\"height\":580,\"mime-type\":\"image\\\/jpeg\",\"filesize\":37945},\"mobile\":{\"file\":\"HumboldtLabor-Webteaser-hoch-1780x3040px-DU-422x720.jpg\",\"width\":422,\"height\":720,\"mime-type\":\"image\\\/jpeg\",\"filesize\":55046},\"hd\":{\"file\":\"HumboldtLabor-Webteaser-hoch-1780x3040px-DU-749x1280.jpg\",\"width\":749,\"height\":1280,\"mime-type\":\"image\\\/jpeg\",\"filesize\":153753},\"full\":{\"file\":\"HumboldtLabor-Webteaser-hoch-1780x3040px-DU-1124x1920.jpg\",\"width\":1124,\"height\":1920,\"mime-type\":\"image\\\/jpeg\",\"filesize\":326299},\"1536x1536\":{\"file\":\"HumboldtLabor-Webteaser-hoch-1780x3040px-DU-899x1536.jpg\",\"width\":899,\"height\":1536,\"mime-type\":\"image\\\/jpeg\",\"filesize\":215295},\"2048x2048\":{\"file\":\"HumboldtLabor-Webteaser-hoch-1780x3040px-DU-1199x2048.jpg\",\"width\":1199,\"height\":2048,\"mime-type\":\"image\\\/jpeg\",\"filesize\":368152},\"original\":{\"file\":\"HumboldtLabor-Webteaser-hoch-1780x3040px-DU.jpg\",\"width\":1780,\"height\":3040}},\n\t\t\t\t\"alt\" : \"Key Visual Ausstellung On Water. Wasserwissen in Berlin\",\n\t\t\t\t\"path\" : \"\\\/wp-content\\\/uploads\\\/2025\\\/07\\\/\",\n\t\t\t\t\"video\" : null,\n\t\t\t\t\"autoplay\" : null,\n\t\t\t\t\"youtube\" : null,\n\t\t\t\t\"youtubelabel\" : \"Video abspielen\",\n\t\t\t\t\"brightness\" : 100,\n\t\t\t\t\"crop\" : null,\n\t\t\t\t\"background\" : true,\n\t\t\t\t\"scale\" : 3\t\t\t\t}\n\t\t\t<\/script>\n\n\t\t\t<div class=\"height-container\" style=\"padding-bottom:170.78651685393%;\" v-if=\"sizes\">\n\t\t\t\t\t\t\t\t<lazy-media :inline=\"true\" :alt=\"alt\" :sizes=\"sizes\" :scale=\"scale\" :brightness=\"brightness\" :path=\"path\" :video=\"video\" :autoplay=\"autoplay\" :youtube=\"youtube\" :crop=\"crop\" :youtubelabel=\"youtubelabel\" :background=\"background\" media-id=\"desc_media_6a95002319130\"><\/lazy-media>\n\t\t\t\t\t\t\t<\/div>\n\n\t\t\t\t\t\t\t<figcaption class=\"sr-only\" ref=\"body\" id=\"desc_media_6a95002319130\">\n\t\t\t\t\t\t\t\t\t\t\t\t\t\t\t\t<div>Key Visual Ausstellung On Water. Wasserwissen in Berlin <\/div>\n\t\t\t\t\t\t\t\t\t\t\t\t\t\t\t\t<div class=\"insignificant\">\u00a9 Stiftung Humboldt Forum im Berliner Schloss, Foto: AI generated, Observism<\/div>\n\t\t\t\t\t\t\t\t\t<\/figcaption>\n\t\t\t\t\t<\/figure>\n\t<\/lazy-media-inline>\n\t\t\t\t\t\t\t<\/div>\n\t\t\t<div class=\"teaser-header teaser-header-bottom\"><div>\n\t\t\t\t<div class=\"margin-bottom-atom\">\n\t\t\t\t\t<div class=\"subline clamp-1\" v-html=\"maingenre\"><\/div>\n\t\t\t\t\t\t\t\t\t<\/div>\n\t\t\t\t<h4 class=\"h3 clamp-4\">On Water<\/h4>\n\t\t\t\t<div class=\"Untertitel margin-bottom-atom\">\n\t\t\t\t\t\t\t\t\t\t<p class=\"Infos clamp-2\">\n\t\t\t\t\t\t\t\t\t\t\t\t\tWasserWissen in Berlin\t\t\t\t\t\t\t\t\t\t\t<\/p>\n\t\t\t\t\t\t\t\t\t\t<p class=\"Infos\">\n\t\t\t\t\t\t<calendardateline :rawitem='item' :show-icon=\"false\"><\/calendardateline>\n\t\t\t\t\t<\/p>\n\t\t\t\t<\/div>\n\t\t\t<\/div><\/div>\n\t\t<\/a>\n\t\t<\/calendarteaser>\n\t<\/div>\n<\/li>\n<li class=\"teaser-lane-slide col-xs-12 col-sm-6 col-md-4 teaser-wrapper col-padding-remove\">\n\t<div class=\"box\">\n\t\t<calendarteaser key=\"4602117978\" rawitem='{&quot;postId&quot;:46021,&quot;title&quot;:&quot;Ethnologische Sammlungen und Asiatische Kunst&quot;,&quot;excerpt&quot;:&quot;Neu kuratiert, mitten in Berlin: Die Ausstellungen des Ethnologischen Museums und des Museums f\\u00fcr Asiatische Kunst der Staatlichen Museen zu Berlin im Humboldt Forum erm\\u00f6glichen verschiedene Blicke auf vergangene und gegenw\\u00e4rtige Kulturen Afrikas, Amerikas, Asiens und Ozeaniens.&quot;,&quot;slug&quot;:&quot;ethnologische-sammlungen-und-asiatische-kunst&quot;,&quot;post_date&quot;:&quot;2022-07-12T18:45&quot;,&quot;type&quot;:&quot;event-permanent&quot;,&quot;permalink&quot;:&quot;https:\\\/\\\/www.humboldtforum.org\\\/de\\\/programm\\\/dauerangebot\\\/ausstellung\\\/ethnologische-sammlungen-und-asiatische-kunst-46021\\\/&quot;,&quot;genre&quot;:[391],&quot;genre_details&quot;:[{&quot;text&quot;:&quot;Ausstellung&quot;,&quot;id&quot;:391,&quot;icon&quot;:null,&quot;parent&quot;:0}],&quot;stakeholder&quot;:[530],&quot;stakeholder_details&quot;:[{&quot;text&quot;:&quot;Staatliche Museen zu Berlin&quot;,&quot;id&quot;:530,&quot;icon&quot;:null,&quot;parent&quot;:0}],&quot;editorial&quot;:[479,1132,1133],&quot;editorial_details&quot;:[{&quot;text&quot;:&quot;\\u00fcberraschend&quot;,&quot;id&quot;:479,&quot;icon&quot;:null,&quot;parent&quot;:0},{&quot;text&quot;:&quot;vielseitig&quot;,&quot;id&quot;:1132,&quot;icon&quot;:null,&quot;parent&quot;:0},{&quot;text&quot;:&quot;weitr\\u00e4umig&quot;,&quot;id&quot;:1133,&quot;icon&quot;:null,&quot;parent&quot;:0}],&quot;targetgroup&quot;:[383],&quot;targetgroup_details&quot;:[{&quot;text&quot;:&quot;Erwachsene&quot;,&quot;id&quot;:383,&quot;icon&quot;:null,&quot;parent&quot;:0}],&quot;language&quot;:[384,385],&quot;language_details&quot;:[{&quot;text&quot;:&quot;Deutsch&quot;,&quot;id&quot;:384,&quot;icon&quot;:null,&quot;parent&quot;:0},{&quot;text&quot;:&quot;Englisch&quot;,&quot;id&quot;:385,&quot;icon&quot;:null,&quot;parent&quot;:0}],&quot;accessability&quot;:[430],&quot;accessability_details&quot;:[{&quot;text&quot;:&quot;Rollstuhlgerecht&quot;,&quot;id&quot;:430,&quot;icon&quot;:null,&quot;parent&quot;:0}],&quot;place&quot;:[899,896,895],&quot;place_details&quot;:{&quot;place&quot;:&quot;Humboldt Forum&quot;,&quot;map&quot;:&quot;Humboldt Forum, Schlossplatz, Berlin&quot;,&quot;room&quot;:&quot;Afrika, 2. OG, Asien, 3. OG, Ozeanien, 2. OG&quot;},&quot;icon_overwrite&quot;:&quot;&quot;,&quot;acf&quot;:{&quot;shorturl&quot;:&quot;museen&quot;,&quot;planning&quot;:{&quot;price&quot;:&quot;regul\\u00e4r 9 EUR, Ausstellungsticket f\\u00fcr Ethnologische Sammlungen und Asiatische Kunst erforderlich&quot;,&quot;status&quot;:&quot;BUY&quot;,&quot;info&quot;:&quot;regul\\u00e4r 9 EUR, Ausstellungsticket f\\u00fcr Ethnologische Sammlungen und Asiatische Kunst erforderlich&quot;,&quot;shop&quot;:&quot;https:\\\/\\\/tickets.humboldtforum.org\\\/#\\\/tickets\\\/time?museum_id=1&amp;exhibition_id=17&amp;group=day&amp;date=2025-10-03&quot;,&quot;can_purchase&quot;:true},&quot;periods&quot;:[{&quot;label&quot;:&quot;&quot;,&quot;dates&quot;:[{&quot;start&quot;:&quot;202301020000&quot;,&quot;end&quot;:&quot;202212310000&quot;,&quot;has_end&quot;:false,&quot;start_HRFSHORT&quot;:&quot;02.01.23&quot;,&quot;start_HRFSHORT_WD&quot;:&quot;Mo 02.01.2023&quot;}],&quot;monday&quot;:[{&quot;start&quot;:&quot;10:30&quot;,&quot;end&quot;:&quot;18:30&quot;,&quot;closed&quot;:false}],&quot;tuesday&quot;:[{&quot;start&quot;:null,&quot;end&quot;:null,&quot;closed&quot;:true}],&quot;wednesday&quot;:[{&quot;start&quot;:&quot;10:30&quot;,&quot;end&quot;:&quot;18:30&quot;,&quot;closed&quot;:false}],&quot;thursday&quot;:[{&quot;start&quot;:&quot;10:30&quot;,&quot;end&quot;:&quot;18:30&quot;,&quot;closed&quot;:false}],&quot;friday&quot;:[{&quot;start&quot;:&quot;10:30&quot;,&quot;end&quot;:&quot;18:30&quot;,&quot;closed&quot;:false}],&quot;saturday&quot;:[{&quot;start&quot;:&quot;10:30&quot;,&quot;end&quot;:&quot;18:30&quot;,&quot;closed&quot;:false}],&quot;sunday&quot;:[{&quot;start&quot;:&quot;10:30&quot;,&quot;end&quot;:&quot;18:30&quot;,&quot;closed&quot;:false}],&quot;info&quot;:&quot;&quot;,&quot;description&quot;:&quot;&quot;}],&quot;display_as_single&quot;:false,&quot;subline&quot;:&quot;Neupr\\u00e4sentation der Sammlungen&quot;,&quot;marketing_text&quot;:&quot;Neupr\\u00e4sentation der Sammlungen&quot;,&quot;shorttext&quot;:&quot;Neu kuratiert, mitten in Berlin: Die Ausstellungen des Ethnologischen Museums und des Museums f\\u00fcr Asiatische Kunst der Staatlichen Museen zu Berlin im Humboldt Forum erm\\u00f6glichen verschiedene Blicke auf vergangene und gegenw\\u00e4rtige Kulturen Afrikas, Amerikas, Asiens und Ozeaniens.&quot;,&quot;highlight_header&quot;:true,&quot;highlight_header_image&quot;:139470,&quot;has_mobile_format&quot;:true,&quot;highlight_header_image_mobile&quot;:139468,&quot;hyphenation&quot;:false,&quot;tipp&quot;:false,&quot;joker&quot;:false,&quot;live&quot;:false,&quot;noindex&quot;:false,&quot;keywords&quot;:&quot;&quot;,&quot;use_opening_hours_of_the_house&quot;:true,&quot;additional_info&quot;:{&quot;icon&quot;:&quot;0&quot;,&quot;text&quot;:&quot;&quot;},&quot;use_video_in_teasers&quot;:false,&quot;hide_event_in_program&quot;:false,&quot;video_brightness&quot;:&quot;80&quot;,&quot;period_exception&quot;:[{&quot;label&quot;:&quot;&quot;,&quot;date&quot;:&quot;202209150000&quot;,&quot;closed&quot;:true,&quot;start&quot;:null,&quot;end&quot;:null,&quot;date_HRFSHORT&quot;:&quot;15.09.22&quot;},{&quot;label&quot;:&quot;&quot;,&quot;date&quot;:&quot;202209160000&quot;,&quot;closed&quot;:true,&quot;start&quot;:null,&quot;end&quot;:null,&quot;date_HRFSHORT&quot;:&quot;16.09.22&quot;},{&quot;label&quot;:&quot;&quot;,&quot;date&quot;:&quot;202512240000&quot;,&quot;closed&quot;:true,&quot;start&quot;:null,&quot;end&quot;:null,&quot;date_HRFSHORT&quot;:&quot;24.12.25&quot;},{&quot;label&quot;:&quot;&quot;,&quot;date&quot;:&quot;202512250000&quot;,&quot;closed&quot;:false,&quot;start&quot;:&quot;12:00&quot;,&quot;end&quot;:&quot;18:00&quot;,&quot;date_HRFSHORT&quot;:&quot;25.12.25&quot;},{&quot;label&quot;:&quot;&quot;,&quot;date&quot;:&quot;202512260000&quot;,&quot;closed&quot;:false,&quot;start&quot;:&quot;12:00&quot;,&quot;end&quot;:&quot;18:00&quot;,&quot;date_HRFSHORT&quot;:&quot;26.12.25&quot;},{&quot;label&quot;:&quot;&quot;,&quot;date&quot;:&quot;202512300000&quot;,&quot;closed&quot;:false,&quot;start&quot;:&quot;10:30&quot;,&quot;end&quot;:&quot;18:30&quot;,&quot;date_HRFSHORT&quot;:&quot;30.12.25&quot;},{&quot;label&quot;:&quot;&quot;,&quot;date&quot;:&quot;202512310000&quot;,&quot;closed&quot;:false,&quot;start&quot;:&quot;10:30&quot;,&quot;end&quot;:&quot;16:30&quot;,&quot;date_HRFSHORT&quot;:&quot;31.12.25&quot;},{&quot;label&quot;:&quot;&quot;,&quot;date&quot;:&quot;202601010000&quot;,&quot;closed&quot;:false,&quot;start&quot;:&quot;12:00&quot;,&quot;end&quot;:&quot;18:00&quot;,&quot;date_HRFSHORT&quot;:&quot;01.01.26&quot;}],&quot;events&quot;:[120975,124114,124205,124802,126089,126277,126466,126511,32427,44022,42920,40399,42686,42680,42631,42620,40438,40478,40458,30274,39452,39449,127878,30276,129597,131797,132013,132086,128801,132716,133852,134112,135428,135561,136004,141147,142763,145372,148356,148641,148710,149451,153328,154811,156852,157929,158305,158753,159460,159618,159627,159647,160717,161570,163699,164825,168660,169796]},&quot;period_list&quot;:&quot;&lt;strong&gt;\\u00d6ffnungszeiten&lt;\\\/strong&gt;\\nMo, Mi, Do, Fr, Sa, So: 10:30 \\u2013 18:30 Uhr\\nDi: geschlossen\\n\\n&quot;,&quot;period_exception&quot;:&quot;&quot;,&quot;date&quot;:{&quot;infinite&quot;:true,&quot;from_DATE&quot;:202301020000,&quot;from&quot;:1672655400,&quot;from_TIME&quot;:&quot;10:30&quot;,&quot;to&quot;:1819685760,&quot;to_DATE&quot;:202708310416,&quot;to_TIME&quot;:&quot;00:00&quot;,&quot;from_HRFSHORT&quot;:&quot; 2. Jan 2023&quot;,&quot;from_HRFSHORT_WD&quot;:&quot;Mo 02.01.2023&quot;,&quot;from_HRF&quot;:&quot;Mo,  2. Januar 2023&quot;,&quot;to_HRF&quot;:&quot;Di, 31. August 2027&quot;,&quot;to_HRFSHORT&quot;:&quot;31. Aug 2027&quot;,&quot;to_HRFSHORT_WD&quot;:&quot;Di 31.08.2027&quot;,&quot;from_to_HRF&quot;:&quot;Mo,  2. Januar 2023 \\u2013 Di, 31. August 2027&quot;,&quot;from_to_HRFSHORT&quot;:&quot; 2. Jan 2023 \\u2013 31. Aug 2027&quot;,&quot;NXX&quot;:&quot;202608310416&quot;,&quot;NLAST&quot;:&quot;202708310416&quot;,&quot;NX&quot;:&quot;20260831&quot;},&quot;alert&quot;:&quot;Highlight&quot;,&quot;partof&quot;:[],&quot;marketing_topic&quot;:&quot;&quot;}' inline-template>\n\t\t<a href=\"https:\/\/www.humboldtforum.org\/de\/programm\/dauerangebot\/ausstellung\/ethnologische-sammlungen-und-asiatische-kunst-46021\/\" class=\"teaser teaser-page teaser-event-permanent teaser-event-highlight\">\n\t\t\t<div class=\"teaser-image teaser-image-full footer-gradient\">\n\t\t\t\t\n\t<lazy-media-inline inline-template>\n\t\t<figure itemscope itemtype=\"http:\/\/schema.org\/ImageObject\" class=\"lazy-media-inline \" role=\"group\" id=\"media_6a950023198d3\" aria-labelledby=\"desc_media_6a950023198d3\">\n\t\t\t<script type=\"application\/json\" ref=\"data\">\n\t\t\t\t{\n\t\t\t\t\"sizes\" : {\"medium\":{\"file\":\"SHF_eb00226127-176x300.jpg\",\"width\":176,\"height\":300,\"mime-type\":\"image\\\/jpeg\",\"filesize\":10736},\"large\":{\"file\":\"SHF_eb00226127-600x1024.jpg\",\"width\":600,\"height\":1024,\"mime-type\":\"image\\\/jpeg\",\"filesize\":91736},\"thumbnail\":{\"file\":\"SHF_eb00226127-150x150.jpg\",\"width\":150,\"height\":150,\"mime-type\":\"image\\\/jpeg\",\"filesize\":5912},\"medium_large\":{\"file\":\"SHF_eb00226127-768x1311.jpg\",\"width\":768,\"height\":1311,\"mime-type\":\"image\\\/jpeg\",\"filesize\":143600},\"small\":{\"file\":\"SHF_eb00226127-258x440.jpg\",\"width\":258,\"height\":440,\"mime-type\":\"image\\\/jpeg\",\"filesize\":20778},\"semi\":{\"file\":\"SHF_eb00226127-340x580.jpg\",\"width\":340,\"height\":580,\"mime-type\":\"image\\\/jpeg\",\"filesize\":33486},\"mobile\":{\"file\":\"SHF_eb00226127-422x720.jpg\",\"width\":422,\"height\":720,\"mime-type\":\"image\\\/jpeg\",\"filesize\":48702},\"hd\":{\"file\":\"SHF_eb00226127-750x1280.jpg\",\"width\":750,\"height\":1280,\"mime-type\":\"image\\\/jpeg\",\"filesize\":137620},\"full\":{\"file\":\"SHF_eb00226127-1124x1920.jpg\",\"width\":1124,\"height\":1920,\"mime-type\":\"image\\\/jpeg\",\"filesize\":286887},\"1536x1536\":{\"file\":\"SHF_eb00226127-899x1536.jpg\",\"width\":899,\"height\":1536,\"mime-type\":\"image\\\/jpeg\",\"filesize\":191741},\"2048x2048\":{\"file\":\"SHF_eb00226127-1199x2048.jpg\",\"width\":1199,\"height\":2048,\"mime-type\":\"image\\\/jpeg\",\"filesize\":321534},\"original\":{\"file\":\"SHF_eb00226127.jpg\",\"width\":1464,\"height\":2500}},\n\t\t\t\t\"alt\" : \"Zwei Statuen stehen nebeneinander: eine hinduistische Gottheit und eine traditionelle Figur in lebhaften Rott\\u00f6nen.\",\n\t\t\t\t\"path\" : \"\\\/wp-content\\\/uploads\\\/2024\\\/11\\\/\",\n\t\t\t\t\"video\" : null,\n\t\t\t\t\"autoplay\" : null,\n\t\t\t\t\"youtube\" : null,\n\t\t\t\t\"youtubelabel\" : \"Video abspielen\",\n\t\t\t\t\"brightness\" : 100,\n\t\t\t\t\"crop\" : null,\n\t\t\t\t\"background\" : true,\n\t\t\t\t\"scale\" : 3\t\t\t\t}\n\t\t\t<\/script>\n\n\t\t\t<div class=\"height-container\" style=\"padding-bottom:170.7650273224%;\" v-if=\"sizes\">\n\t\t\t\t\t\t\t\t<lazy-media :inline=\"true\" :alt=\"alt\" :sizes=\"sizes\" :scale=\"scale\" :brightness=\"brightness\" :path=\"path\" :video=\"video\" :autoplay=\"autoplay\" :youtube=\"youtube\" :crop=\"crop\" :youtubelabel=\"youtubelabel\" :background=\"background\" media-id=\"desc_media_6a950023198d3\"><\/lazy-media>\n\t\t\t\t\t\t\t<\/div>\n\n\t\t\t\t\t\t\t<figcaption class=\"sr-only\" ref=\"body\" id=\"desc_media_6a950023198d3\">\n\t\t\t\t\t\t\t\t\t\t\t\t\t\t\t\t<div>Mangaaka-Kraftfigur <\/div>\n\t\t\t\t\t\t\t\t\t\t\t\t\t\t\t\t<div class=\"insignificant\">\u00a9 Stiftung Humboldt Forum im Berliner Schloss \/ Staatliche Museen zu Berlin, Museum f\u00fcr Asiatische Kunst und Ethnologisches Museum \/ Fotos: Philipp Jester | Jens Blank<\/div>\n\t\t\t\t\t\t\t\t\t<\/figcaption>\n\t\t\t\t\t<\/figure>\n\t<\/lazy-media-inline>\n\t\t\t\t\t\t\t<\/div>\n\t\t\t<div class=\"teaser-header teaser-header-bottom\"><div>\n\t\t\t\t<div class=\"margin-bottom-atom\">\n\t\t\t\t\t<div class=\"subline clamp-1\" v-html=\"maingenre\"><\/div>\n\t\t\t\t\t\t\t\t\t<\/div>\n\t\t\t\t<h4 class=\"h3 clamp-4\">Ethnologische Sammlungen und Asiatische Kunst<\/h4>\n\t\t\t\t<div class=\"Untertitel margin-bottom-atom\">\n\t\t\t\t\t\t\t\t\t\t<p class=\"Infos clamp-2\">\n\t\t\t\t\t\t\t\t\t\t\t\t\tNeupr\u00e4sentation der Sammlungen\t\t\t\t\t\t\t\t\t\t\t<\/p>\n\t\t\t\t\t\t\t\t\t\t<p class=\"Infos\">\n\t\t\t\t\t\t<calendardateline :rawitem='item' :show-icon=\"false\"><\/calendardateline>\n\t\t\t\t\t<\/p>\n\t\t\t\t<\/div>\n\t\t\t<\/div><\/div>\n\t\t<\/a>\n\t\t<\/calendarteaser>\n\t<\/div>\n<\/li>\n\t\t\t\t\t\t<\/ul>\n\t\t\t\t\t<\/div>\n\t\t\t\t<\/div>\n\t\t\t<\/teaser-lane-with-buttons>\n\t\t\t\t<\/lazy-component>\n<\/section>\n\n\n\n<section class=\"block block-teaser  col-lane16\" style=\"\">\n\t<upcoming lang=\"de\" inline-template>\n\t\t<div ref=\"heightReference\">\n\t\t<teaser-lane-with-buttons inline-template ref=\"lane\" tracking-label=\"Upcoming events\">\n\t\t\t<div class=\"teaser-lane-with-buttons\">\n\t\t\t\t<div class=\"container-fluid\">\n\t\t\t\t\t<div class=\"row bottom-xs\">\n\t\t\t\t\t\t<div class=\"col-xs-12 col-md-8 margin-bottom-sixth\">\n\t\t\t\t\t\t\t<div class=\"toggle_menu\">\n\t\t\t\t\t\t\t\t<button v-track=\"{category: 'Toggle', label: 'Upcoming Events', action: 'Today'}\" class=\"h4 H4-mobile-smaller\" :class=\"{'active' : $parent.currentDay===$parent.today}\" @click=\"$parent.fetch($parent.today);\"><span class=\"button-label-line bigger\">Heute<\/span><\/button>\n\t\t\t\t\t\t\t\t<button v-track=\"{category: 'Toggle', label: 'Upcoming Events', action: 'Tomorrow'}\" class=\"h4 H4-mobile-smaller\" :class=\"{'active' : $parent.currentDay===$parent.tomorrow}\" @click=\"$parent.fetch($parent.tomorrow)\"><span class=\"button-label-line bigger\">Morgen<\/span><\/button>\n\t\t\t\t\t\t\t\t<button v-track=\"{category: 'Toggle', label: 'Upcoming Events', action: '+2Days'}\" class=\"h4 H4-mobile-smaller\" :class=\"{'active' : $parent.currentDay===$parent.afterTomorrow}\" @click=\"$parent.fetch($parent.afterTomorrow)\"><span class=\"button-label-line bigger\">\u00dcbermorgen<\/span><\/button>\n\t\t\t\t\t\t\t<\/div>\n\n\t\t\t\t\t\t\t<div v-if=\"$parent.openingHours\" class=\"hideBeforeLoaded\">\n\t\t\t\t\t\t\t\t<span class=\"ButtonLikeText\" v-if=\"$parent.openingHours.closed\">{{ $parent.currentDay | formatDateLong }}, geschlossen<\/span>\n\t\t\t\t\t\t\t\t<span class=\"ButtonLikeText\" v-else>{{ $parent.currentDay | formatDateLong }}, {{$parent.openingHours.start | time}} \u2013 {{$parent.openingHours.end | time}}  Uhr ge\u00f6ffnet<\/span>\n\t\t\t\t\t\t\t<\/div>\n\t\t\t\t\t\t\t\n\t\t\t\t\t\t<\/div>\n\t\t\t\t\t\t<div class=\"col-xs-12 col-md-4 start-xs end-md margin-bottom-sixth teaser-lane-buttons-wrapper teaser-lane-buttons-wrapper-with-tax\">\n\t\t\t\t\t\t\t<a :href=\"'https:\/\/www.humboldtforum.org\/de\/programm\/?start='+$parent.today+'&amp;end='+$parent.in2Weeks\" class=\"normalcase small noborder\" role=\"button\" v-if=\"$parent.events.length\">Zum Kalender<\/a>\n\t\t\t\t\t\t\t<teaser-lane-buttons :visible_prev=\"visible_prev\" :visible_next=\"visible_next\" @prev=\"prev\" @next=\"next\"><\/teaser-lane-buttons>\n\t\t\t\t\t\t<\/div>\n\t\t\t\t\t<\/div>\n\t\t\t\t<\/div>\n\t\t\t\t\n\t\t\t\t<div class=\"teaser-lane-wrapper\">\n\t\t\t\t\t<ul class=\"teaser-lane\"  v-if=\"$parent.events.length &#038;&#038; !$parent.loading\">\n\t\t\t\t\t\t<template v-for=\"item in $parent.events\">\n\t\t\t\t\t\t\t<calendarteaser :force-date=\"item.time\" force-icon=\"icon-uhr\" :force-day=\"$parent.currentDay | formatDateWeekDayShort\"  v-bind:key=\"item.postId+''+item.time\" :rawitem=\"item\" cols=\"lane16\"><\/calendarteaser>\n\t\t\t\t\t\t<\/template>\n\t\t\t\t\t<\/ul>\n\t\t\t\t\t<div v-else-if=\"$parent.loading\" class=\"teaser-lane-empty\"><div style=\"min-height: 100px\" class=\" jumpingdots\"><\/div><\/div>\n\t\t\t\t\t<div v-else class=\"teaser-lane-empty\">\n\t\t\t\t\t\t<div class=\"hideBeforeLoaded\">\n\t\t\t\t\t\t\t<h6 class=\"margin-bottom-atom\">\n\t\t\t\t\t\t\t\t<template v-if=\"$parent.currentDay===$parent.today\">\n\t\t\t\t\t\t\t\t\t<template v-if=\"$parent.openingHours.closed\">\n\t\t\t\t\t\t\t\t\t\tHeute geschlossen\t\t\t\t\t\t\t\t\t<\/template>\n\t\t\t\t\t\t\t\t\t<template v-else>\n\t\t\t\t\t\t\t\t\t\tHeute finden keine Veranstaltungen oder F\u00fchrungen mehr statt.\t\t\t\t\t\t\t\t\t<\/template>\n\t\t\t\t\t\t\t\t<\/template>\n\t\t\t\t\t\t\t\t<template v-else-if=\"$parent.currentDay===$parent.tomorrow\">\n\t\t\t\t\t\t\t\t\t<template v-if=\"$parent.openingHours.closed\">\n\t\t\t\t\t\t\t\t\t\tMorgen geschlossen\t\t\t\t\t\t\t\t\t<\/template>\n\t\t\t\t\t\t\t\t\t<template v-else>\n\t\t\t\t\t\t\t\t\t\tMorgen finden keine Veranstaltungen oder F\u00fchrungen statt.\t\t\t\t\t\t\t\t\t<\/template>\n\t\t\t\t\t\t\t\t<\/template>\n\t\t\t\t\t\t\t\t<template v-else-if=\"$parent.currentDay===$parent.afterTomorrow\">\n\t\t\t\t\t\t\t\t\t<template v-if=\"$parent.openingHours.closed\">\n\t\t\t\t\t\t\t\t\t\t\u00dcbermorgen geschlossen\t\t\t\t\t\t\t\t\t<\/template>\n\t\t\t\t\t\t\t\t\t<template v-else>\n\t\t\t\t\t\t\t\t\t\t\u00dcbermorgen finden keine Veranstaltungen oder F\u00fchrungen statt.\t\t\t\t\t\t\t\t\t<\/template>\n\t\t\t\t\t\t\t\t<\/template>\n\t\t\t\t\t\t\t\t\n\n\t\t\t\t\t\t\t<\/h6>\n\n\t\t\t\t\t\t\t<a :href=\"'https:\/\/www.humboldtforum.org\/de\/programm\/?start='+$parent.today+'&amp;end='+$parent.in2Weeks\" class=\"small \" role=\"button\">Zum Kalender<\/a>\n\t\t\t\t\t\t<\/div>\n\t\t\t\t\t<\/div>\n\t\t\t\t<\/div>\n\t\t\t\t\n\t\t\t<\/div>\n\t\t<\/teaser-lane-with-buttons>\n\t\t<\/div>\n\t<\/upcoming>\n<\/section>\n\n<section class=\"block block-teaser col-lane \" style=\"\">\n\t<lazy-component :fixed-min-height=\"400\">\n\t\n\t\t\t\t\t<teaser-lane-with-buttons inline-template tracking-label=\"Ausstellungen\">\n\t\t\t\t<div class=\"teaser-lane-with-buttons\">\n\t\t\t\t\t<div class=\"container-fluid\">\n\t\t\t\t\t\t<div class=\"row bottom-xs\">\n\t\t\t\t\t\t\t<div class=\"col-xs-12 col-md-8\">\n\t\t\t\t\t\t\t\t\t\t\t\t\t\t\t\t\t<h4>Ausstellungen<\/h4>\t\t\t\t\t\t\t\t\t\t\t\t\t\t\t\t\t\t\t\t\t\t\t\t<\/div>\n\t\t\t\t\t\t\t<div class=\"col-xs-12 col-md-4 start-xs end-md margin-bottom-sixth teaser-lane-buttons-wrapper \">\n\t\t\t\t\t\t\t\t\t\t\t\t\t\t\t\t<teaser-lane-buttons :visible_prev=\"visible_prev\" :visible_next=\"visible_next\" @prev=\"prev\" @next=\"next\"><\/teaser-lane-buttons>\n\t\t\t\t\t\t\t<\/div>\n\t\t\t\t\t\t<\/div>\n\t\t\t\t\t<\/div>\n\t\t\t\t\t<div class=\"teaser-lane-wrapper\">\n\t\t\t\t\t\t<ul class=\"teaser-lane\">\n\t\t\t\t\t\t\t\t\t\t\t\t\t\t<li class=\"teaser-lane-slide col-xs-9 col-sm-4 col-md-3 teaser-wrapper col-padding-remove\">\n\t<calendarteaser key=\"16857919900\" rawitem='{&quot;postId&quot;:168579,&quot;title&quot;:&quot;Tierisch gut!&quot;,&quot;excerpt&quot;:&quot;&quot;,&quot;slug&quot;:&quot;tierisch-gut&quot;,&quot;post_date&quot;:&quot;2026-07-24T08:26&quot;,&quot;type&quot;:&quot;event-period&quot;,&quot;permalink&quot;:&quot;https:\\\/\\\/www.humboldtforum.org\\\/de\\\/programm\\\/laufzeitangebot\\\/ausstellung\\\/tierisch-gut-168579\\\/&quot;,&quot;genre&quot;:[391],&quot;genre_details&quot;:[{&quot;text&quot;:&quot;Ausstellung&quot;,&quot;id&quot;:391,&quot;icon&quot;:null,&quot;parent&quot;:0}],&quot;stakeholder&quot;:[530],&quot;stakeholder_details&quot;:[{&quot;text&quot;:&quot;Staatliche Museen zu Berlin&quot;,&quot;id&quot;:530,&quot;icon&quot;:null,&quot;parent&quot;:0}],&quot;place&quot;:[1900],&quot;place_details&quot;:{&quot;place&quot;:&quot;Humboldt Forum&quot;,&quot;map&quot;:&quot;Humboldt Forum, Schlossplatz, Berlin&quot;,&quot;room&quot;:&quot;3. OG, Raum 318&quot;},&quot;icon_overwrite&quot;:&quot;&quot;,&quot;acf&quot;:{&quot;noindex&quot;:false,&quot;keywords&quot;:&quot;&quot;,&quot;shorturl&quot;:&quot;&quot;,&quot;planning&quot;:{&quot;price&quot;:&quot;9 EUR - Ausstellungsticket f\\u00fcr Ethnologische Sammlungen und Museum f\\u00fcr Asiatische Kunst erforderlich&quot;,&quot;status&quot;:&quot;BUY&quot;,&quot;info&quot;:&quot;9 EUR - Ausstellungsticket f\\u00fcr Ethnologische Sammlungen und Museum f\\u00fcr Asiatische Kunst erforderlich&quot;,&quot;shop&quot;:&quot;https:\\\/\\\/tickets.humboldtforum.org\\\/#\\\/tickets\\\/time?museum_id=1&amp;exhibition_id=17&amp;group=day&amp;date=2025-10-03&quot;,&quot;can_purchase&quot;:true},&quot;use_opening_hours_of_the_house&quot;:false,&quot;periods&quot;:[{&quot;label&quot;:&quot;&quot;,&quot;dates&quot;:[{&quot;start&quot;:&quot;202606100000&quot;,&quot;end&quot;:&quot;202608302359&quot;,&quot;has_end&quot;:true,&quot;start_HRFSHORT&quot;:&quot;10.06.26&quot;,&quot;start_HRFSHORT_WD&quot;:&quot;Mi 10.06.2026&quot;,&quot;end_HRFSHORT&quot;:&quot;30.08.26&quot;}],&quot;monday&quot;:[{&quot;start&quot;:&quot;10:30&quot;,&quot;end&quot;:&quot;18:30&quot;,&quot;closed&quot;:false}],&quot;tuesday&quot;:[{&quot;start&quot;:null,&quot;end&quot;:null,&quot;closed&quot;:true}],&quot;wednesday&quot;:[{&quot;start&quot;:&quot;10:30&quot;,&quot;end&quot;:&quot;18:30&quot;,&quot;closed&quot;:false}],&quot;thursday&quot;:[{&quot;start&quot;:&quot;10:30&quot;,&quot;end&quot;:&quot;18:30&quot;,&quot;closed&quot;:false}],&quot;friday&quot;:[{&quot;start&quot;:&quot;10:30&quot;,&quot;end&quot;:&quot;18:30&quot;,&quot;closed&quot;:false}],&quot;saturday&quot;:[{&quot;start&quot;:&quot;10:30&quot;,&quot;end&quot;:&quot;18:30&quot;,&quot;closed&quot;:false}],&quot;sunday&quot;:[{&quot;start&quot;:&quot;10:30&quot;,&quot;end&quot;:&quot;18:30&quot;,&quot;closed&quot;:false}],&quot;info&quot;:&quot;&quot;,&quot;description&quot;:&quot;&quot;}],&quot;display_as_single&quot;:false,&quot;subline&quot;:&quot;Fauna und Flora in Kunst aus Japan&quot;,&quot;additional_info&quot;:{&quot;icon&quot;:&quot;0&quot;,&quot;text&quot;:&quot;&quot;},&quot;highlight_header&quot;:true,&quot;has_mobile_format&quot;:false,&quot;use_video_in_teasers&quot;:false,&quot;hyphenation&quot;:true,&quot;tipp&quot;:false,&quot;joker&quot;:false,&quot;live&quot;:false,&quot;hide_event_in_program&quot;:false,&quot;highlight_header_image&quot;:168665,&quot;period_exception&quot;:[]},&quot;period_list&quot;:&quot;&lt;strong&gt;\\u00d6ffnungszeiten&lt;\\\/strong&gt;\\nMo, Mi, Do, Fr, Sa, So: 10:30 \\u2013 18:30 Uhr\\nDi: geschlossen\\n\\n&quot;,&quot;period_exception&quot;:&quot;&quot;,&quot;date&quot;:{&quot;infinite&quot;:false,&quot;from_DATE&quot;:202606100000,&quot;from&quot;:1781087400,&quot;from_TIME&quot;:&quot;10:30&quot;,&quot;to&quot;:1788200940,&quot;to_DATE&quot;:202608302359,&quot;to_TIME&quot;:&quot;18:30&quot;,&quot;from_HRFSHORT&quot;:&quot;10. Jun 2026&quot;,&quot;from_HRFSHORT_WD&quot;:&quot;Mi 10.06.2026&quot;,&quot;from_HRF&quot;:&quot;Mi, 10. Juni 2026&quot;,&quot;to_HRF&quot;:&quot;Mo, 31. August 2026&quot;,&quot;to_HRFSHORT&quot;:&quot;31. Aug 2026&quot;,&quot;to_HRFSHORT_WD&quot;:&quot;Mo 31.08.2026&quot;,&quot;from_to_HRF&quot;:&quot;Mi, 10. Juni \\u2013 Mo, 31. August 2026&quot;,&quot;from_to_HRFSHORT&quot;:&quot;10. Jun \\u2013 31. Aug 2026&quot;,&quot;NXX&quot;:null,&quot;NLAST&quot;:&quot;202608311829&quot;},&quot;alert&quot;:&quot;Highlight&quot;,&quot;partof&quot;:[],&quot;marketing_topic&quot;:&quot;&quot;}' inline-template>\n\t<a href=\"https:\/\/www.humboldtforum.org\/de\/programm\/laufzeitangebot\/ausstellung\/tierisch-gut-168579\/\" class=\"teaser teaser-event-period teaser-event-standard\">\n\t\t<div class=\"row\">\n\t\t\t<div class=\"col-xs-12 teaser-event-image\">\n\t\t\t\t<div class=\"teaser-image teaser-image-no-alternate\">\n\t\t\t\t\t\t\t\t\t\t\t\t\t<span class=\"alert\">Highlight<\/span>\n\t\t\t\t\t\t\t\t\t\t\t\n\t<lazy-media-inline inline-template>\n\t\t<figure itemscope itemtype=\"http:\/\/schema.org\/ImageObject\" class=\"lazy-media-inline \" role=\"group\" id=\"media_6a9500237c9a8\" aria-labelledby=\"desc_media_6a9500237c9a8\">\n\t\t\t<script type=\"application\/json\" ref=\"data\">\n\t\t\t\t{\n\t\t\t\t\"sizes\" : {\"medium\":{\"file\":\"SHF_eb00134678-300x138.jpg\",\"width\":300,\"height\":138,\"mime-type\":\"image\\\/jpeg\",\"filesize\":9960},\"large\":{\"file\":\"SHF_eb00134678-1024x473.jpg\",\"width\":1024,\"height\":473,\"mime-type\":\"image\\\/jpeg\",\"filesize\":79763},\"thumbnail\":{\"file\":\"SHF_eb00134678-150x150.jpg\",\"width\":150,\"height\":150,\"mime-type\":\"image\\\/jpeg\",\"filesize\":6844},\"medium_large\":{\"file\":\"SHF_eb00134678-768x354.jpg\",\"width\":768,\"height\":354,\"mime-type\":\"image\\\/jpeg\",\"filesize\":48044},\"small\":{\"file\":\"SHF_eb00134678-440x203.jpg\",\"width\":440,\"height\":203,\"mime-type\":\"image\\\/jpeg\",\"filesize\":18913},\"semi\":{\"file\":\"SHF_eb00134678-580x268.jpg\",\"width\":580,\"height\":268,\"mime-type\":\"image\\\/jpeg\",\"filesize\":30401},\"mobile\":{\"file\":\"SHF_eb00134678-720x332.jpg\",\"width\":720,\"height\":332,\"mime-type\":\"image\\\/jpeg\",\"filesize\":43584},\"hd\":{\"file\":\"SHF_eb00134678-1280x591.jpg\",\"width\":1280,\"height\":591,\"mime-type\":\"image\\\/jpeg\",\"filesize\":117993},\"1536x1536\":{\"file\":\"SHF_eb00134678-1536x709.jpg\",\"width\":1536,\"height\":709,\"mime-type\":\"image\\\/jpeg\",\"filesize\":161312},\"original\":{\"file\":\"SHF_eb00134678.jpg\",\"width\":1848,\"height\":853}},\n\t\t\t\t\"alt\" : \"Ein realistisches Kunstwerk eines Tigers, der durch eine bewaldete Landschaft mit k\\u00fcnstlerischen Pinselstrichen wandert.\",\n\t\t\t\t\"path\" : \"\\\/wp-content\\\/uploads\\\/2026\\\/07\\\/\",\n\t\t\t\t\"video\" : null,\n\t\t\t\t\"autoplay\" : null,\n\t\t\t\t\"youtube\" : null,\n\t\t\t\t\"youtubelabel\" : \"Video abspielen\",\n\t\t\t\t\"brightness\" : 100,\n\t\t\t\t\"crop\" : {\"top\":\"34.95\",\"left\":\"53.62\"},\n\t\t\t\t\"background\" : true,\n\t\t\t\t\"scale\" : 2\t\t\t\t}\n\t\t\t<\/script>\n\n\t\t\t<div class=\"height-container\" style=\"padding-bottom:46.158008658009%;\" v-if=\"sizes\">\n\t\t\t\t\t\t\t\t<lazy-media :inline=\"true\" :alt=\"alt\" :sizes=\"sizes\" :scale=\"scale\" :brightness=\"brightness\" :path=\"path\" :video=\"video\" :autoplay=\"autoplay\" :youtube=\"youtube\" :crop=\"crop\" :youtubelabel=\"youtubelabel\" :background=\"background\" media-id=\"desc_media_6a9500237c9a8\"><\/lazy-media>\n\t\t\t\t\t\t\t<\/div>\n\n\t\t\t\t\t\t\t<figcaption class=\"sr-only\" ref=\"body\" id=\"desc_media_6a9500237c9a8\">\n\t\t\t\t\t\t\t\t\t\t\t\t\t\t\t\t<div>Gan Ku (1749\/1756-1838): Tiger. Japan, Edo-Zeit, 1822. Rechter Stellschirm eines Paares zu je 6 Paneelen, Tusche und Farben auf Papier <\/div>\n\t\t\t\t\t\t\t\t\t\t\t\t\t\t\t\t<div class=\"insignificant\">\u00a9 Staatliche Museen zu Berlin, Museum f\u00fcr Asiatische Kunst \/ Sammlung Klaus F. und Yoshie Naumann \/ Foto: J\u00f6rg von Bruchhausen, CC BY-SA 4.0<\/div>\n\t\t\t\t\t\t\t\t\t<\/figcaption>\n\t\t\t\t\t<\/figure>\n\t<\/lazy-media-inline>\n\t\t\t\t<\/div>\n\t\t\t<\/div>\n\t\t\t<div class=\"col-xs-12 teaser-event-text Infos\">\n\t\t\t\t<div class=\"teaser-event-standard-text\">\n\t\t\t\t\t<div class=\"margin-bottom-atom\">\n\t\t\t\t\t\t<div class=\"subline clamp-1\" v-html=\"maingenre\"><\/div>\n\t\t\t\t\t\t\t\t\t\t\t<\/div>\n\t\t\t\t\n\t\t\t\t\t<strong class=\"margin-bottom-atom\">Tierisch gut!<\/strong>\n\n\t\t\t\t\t\t\t\t\t\t\t<div class=\"\">Fauna und Flora in Kunst aus Japan<\/div>\n\t\t\t\t\t\t\t\t\t<\/div>\n\t\t\t\t<div class=\"teaser-bottom border-bottom\">\n\t\t\t\t<calendardateline :rawitem='item' :show-icon=\"true\"><\/calendardateline>\n\t\t\t\t\t<hr>\n\t\t\t\t<\/div>\n\t\t\t<\/div>\n\t\t<\/div>\n\t<\/a>\n\t<\/calendarteaser>\n<\/li>\n\n<li class=\"teaser-lane-slide col-xs-9 col-sm-4 col-md-3 teaser-wrapper col-padding-remove\">\n\t<calendarteaser key=\"16589620209\" rawitem='{&quot;postId&quot;:165896,&quot;title&quot;:&quot;Mirae kh Rhee Weiterreichen&quot;,&quot;excerpt&quot;:&quot;&quot;,&quot;slug&quot;:&quot;mirae-kh-rhee-weiterreichen&quot;,&quot;post_date&quot;:&quot;2026-06-05T15:29&quot;,&quot;type&quot;:&quot;event-period&quot;,&quot;permalink&quot;:&quot;https:\\\/\\\/www.humboldtforum.org\\\/de\\\/programm\\\/laufzeitangebot\\\/ausstellung\\\/mirae-kh-rhee-weiterreichen-165896\\\/&quot;,&quot;genre&quot;:[391],&quot;genre_details&quot;:[{&quot;text&quot;:&quot;Ausstellung&quot;,&quot;id&quot;:391,&quot;icon&quot;:null,&quot;parent&quot;:0}],&quot;place&quot;:[1682,1900,1917],&quot;place_details&quot;:{&quot;place&quot;:&quot;Museum f\\u00fcr Asiatische Kunst, 3. OG&quot;,&quot;map&quot;:&quot;Humboldt Forum, Schlossplatz, Berlin&quot;,&quot;room&quot;:&quot;3. OG, Raum 318, Raum 319&quot;},&quot;icon_overwrite&quot;:&quot;&quot;,&quot;acf&quot;:{&quot;noindex&quot;:false,&quot;keywords&quot;:&quot;&quot;,&quot;shorturl&quot;:&quot;&quot;,&quot;planning&quot;:{&quot;price&quot;:&quot;regul\\u00e4r 9 EUR, Ausstellungsticket f\\u00fcr Ethnologische Sammlungen und Asiatische Kunst erforderlich &quot;,&quot;status&quot;:&quot;BUY&quot;,&quot;info&quot;:&quot;regul\\u00e4r 9 EUR, Ausstellungsticket f\\u00fcr Ethnologische Sammlungen und Asiatische Kunst erforderlich &quot;,&quot;shop&quot;:&quot;https:\\\/\\\/tickets.humboldtforum.org\\\/#\\\/tickets\\\/time?museum_id=1&amp;exhibition_id=17&amp;group=day&amp;date=2025-10-03&quot;,&quot;can_purchase&quot;:true},&quot;use_opening_hours_of_the_house&quot;:false,&quot;periods&quot;:[{&quot;label&quot;:&quot;&quot;,&quot;dates&quot;:[{&quot;start&quot;:&quot;202606180000&quot;,&quot;end&quot;:&quot;202702150000&quot;,&quot;has_end&quot;:true,&quot;start_HRFSHORT&quot;:&quot;18.06.26&quot;,&quot;start_HRFSHORT_WD&quot;:&quot;Do 18.06.2026&quot;,&quot;end_HRFSHORT&quot;:&quot;15.02.27&quot;}],&quot;monday&quot;:[{&quot;start&quot;:&quot;10:30&quot;,&quot;end&quot;:&quot;18:30&quot;,&quot;closed&quot;:false}],&quot;tuesday&quot;:[{&quot;start&quot;:null,&quot;end&quot;:null,&quot;closed&quot;:true}],&quot;wednesday&quot;:[{&quot;start&quot;:&quot;10:30&quot;,&quot;end&quot;:&quot;18:30&quot;,&quot;closed&quot;:false}],&quot;thursday&quot;:[{&quot;start&quot;:&quot;10:30&quot;,&quot;end&quot;:&quot;18:30&quot;,&quot;closed&quot;:false}],&quot;friday&quot;:[{&quot;start&quot;:&quot;10:30&quot;,&quot;end&quot;:&quot;18:30&quot;,&quot;closed&quot;:false}],&quot;saturday&quot;:[{&quot;start&quot;:&quot;10:30&quot;,&quot;end&quot;:&quot;18:30&quot;,&quot;closed&quot;:false}],&quot;sunday&quot;:[{&quot;start&quot;:&quot;10:30&quot;,&quot;end&quot;:&quot;18:30&quot;,&quot;closed&quot;:false}],&quot;info&quot;:&quot;&quot;,&quot;description&quot;:&quot;&quot;}],&quot;display_as_single&quot;:false,&quot;additional_info&quot;:{&quot;icon&quot;:&quot;0&quot;,&quot;text&quot;:&quot;&quot;},&quot;highlight_header&quot;:true,&quot;highlight_header_image&quot;:166494,&quot;has_mobile_format&quot;:false,&quot;use_video_in_teasers&quot;:false,&quot;hyphenation&quot;:false,&quot;tipp&quot;:false,&quot;joker&quot;:false,&quot;live&quot;:false,&quot;hide_event_in_program&quot;:false,&quot;period_exception&quot;:[]},&quot;period_list&quot;:&quot;&lt;strong&gt;\\u00d6ffnungszeiten&lt;\\\/strong&gt;\\nMo, Mi, Do, Fr, Sa, So: 10:30 \\u2013 18:30 Uhr\\nDi: geschlossen\\n\\n&quot;,&quot;period_exception&quot;:&quot;&quot;,&quot;date&quot;:{&quot;infinite&quot;:false,&quot;from_DATE&quot;:202606180000,&quot;from&quot;:1781778600,&quot;from_TIME&quot;:&quot;10:30&quot;,&quot;to&quot;:1802716200,&quot;to_DATE&quot;:202702150000,&quot;to_TIME&quot;:&quot;18:30&quot;,&quot;from_HRFSHORT&quot;:&quot;18. Jun 2026&quot;,&quot;from_HRFSHORT_WD&quot;:&quot;Do 18.06.2026&quot;,&quot;from_HRF&quot;:&quot;Do, 18. Juni 2026&quot;,&quot;to_HRF&quot;:&quot;Mo, 15. Februar 2027&quot;,&quot;to_HRFSHORT&quot;:&quot;15. Feb 2027&quot;,&quot;to_HRFSHORT_WD&quot;:&quot;Mo 15.02.2027&quot;,&quot;from_to_HRF&quot;:&quot;Do, 18. Juni 2026 \\u2013 Mo, 15. Februar 2027&quot;,&quot;from_to_HRFSHORT&quot;:&quot;18. Jun 2026 \\u2013 15. Feb 2027&quot;,&quot;NXX&quot;:&quot;202608310416&quot;,&quot;NLAST&quot;:&quot;202702151830&quot;,&quot;NX&quot;:&quot;20260831&quot;},&quot;alert&quot;:&quot;Highlight&quot;,&quot;partof&quot;:[],&quot;marketing_topic&quot;:&quot;&quot;}' inline-template>\n\t<a href=\"https:\/\/www.humboldtforum.org\/de\/programm\/laufzeitangebot\/ausstellung\/mirae-kh-rhee-weiterreichen-165896\/\" class=\"teaser teaser-event-period teaser-event-standard\">\n\t\t<div class=\"row\">\n\t\t\t<div class=\"col-xs-12 teaser-event-image\">\n\t\t\t\t<div class=\"teaser-image teaser-image-no-alternate\">\n\t\t\t\t\t\t\t\t\t\t\t\t\t<span class=\"alert\">Highlight<\/span>\n\t\t\t\t\t\t\t\t\t\t\t\n\t<lazy-media-inline inline-template>\n\t\t<figure itemscope itemtype=\"http:\/\/schema.org\/ImageObject\" class=\"lazy-media-inline \" role=\"group\" id=\"media_6a9500237d366\" aria-labelledby=\"desc_media_6a9500237d366\">\n\t\t\t<script type=\"application\/json\" ref=\"data\">\n\t\t\t\t{\n\t\t\t\t\"sizes\" : {\"medium\":{\"file\":\"Ausstellung-Incheon-300x200.jpg\",\"width\":300,\"height\":200,\"mime-type\":\"image\\\/jpeg\",\"filesize\":11344},\"large\":{\"file\":\"Ausstellung-Incheon-1024x683.jpg\",\"width\":1024,\"height\":683,\"mime-type\":\"image\\\/jpeg\",\"filesize\":100476},\"thumbnail\":{\"file\":\"Ausstellung-Incheon-150x150.jpg\",\"width\":150,\"height\":150,\"mime-type\":\"image\\\/jpeg\",\"filesize\":5514},\"medium_large\":{\"file\":\"Ausstellung-Incheon-768x512.jpg\",\"width\":768,\"height\":512,\"mime-type\":\"image\\\/jpeg\",\"filesize\":59725},\"small\":{\"file\":\"Ausstellung-Incheon-440x293.jpg\",\"width\":440,\"height\":293,\"mime-type\":\"image\\\/jpeg\",\"filesize\":22375},\"semi\":{\"file\":\"Ausstellung-Incheon-580x387.jpg\",\"width\":580,\"height\":387,\"mime-type\":\"image\\\/jpeg\",\"filesize\":36685},\"mobile\":{\"file\":\"Ausstellung-Incheon-720x480.jpg\",\"width\":720,\"height\":480,\"mime-type\":\"image\\\/jpeg\",\"filesize\":53436},\"hd\":{\"file\":\"Ausstellung-Incheon-1280x854.jpg\",\"width\":1280,\"height\":854,\"mime-type\":\"image\\\/jpeg\",\"filesize\":149901},\"full\":{\"file\":\"Ausstellung-Incheon-1920x1281.jpg\",\"width\":1920,\"height\":1281,\"mime-type\":\"image\\\/jpeg\",\"filesize\":310232},\"1536x1536\":{\"file\":\"Ausstellung-Incheon-1536x1024.jpg\",\"width\":1536,\"height\":1024,\"mime-type\":\"image\\\/jpeg\",\"filesize\":207770},\"2048x2048\":{\"file\":\"Ausstellung-Incheon-2048x1366.jpg\",\"width\":2048,\"height\":1366,\"mime-type\":\"image\\\/jpeg\",\"filesize\":348852},\"original\":{\"file\":\"Ausstellung-Incheon.jpg\",\"width\":2249,\"height\":1500}},\n\t\t\t\t\"alt\" : \"Kunstinstallation mit einer Person in traditioneller Kleidung, die einen Vorhang vor einem B\\u00fccherregal \\u00f6ffnet.\",\n\t\t\t\t\"path\" : \"\\\/wp-content\\\/uploads\\\/2026\\\/06\\\/\",\n\t\t\t\t\"video\" : null,\n\t\t\t\t\"autoplay\" : null,\n\t\t\t\t\"youtube\" : null,\n\t\t\t\t\"youtubelabel\" : \"Video abspielen\",\n\t\t\t\t\"brightness\" : 100,\n\t\t\t\t\"crop\" : null,\n\t\t\t\t\"background\" : true,\n\t\t\t\t\"scale\" : 2\t\t\t\t}\n\t\t\t<\/script>\n\n\t\t\t<div class=\"height-container\" style=\"padding-bottom:66.696309470876%;\" v-if=\"sizes\">\n\t\t\t\t\t\t\t\t<lazy-media :inline=\"true\" :alt=\"alt\" :sizes=\"sizes\" :scale=\"scale\" :brightness=\"brightness\" :path=\"path\" :video=\"video\" :autoplay=\"autoplay\" :youtube=\"youtube\" :crop=\"crop\" :youtubelabel=\"youtubelabel\" :background=\"background\" media-id=\"desc_media_6a9500237d366\"><\/lazy-media>\n\t\t\t\t\t\t\t<\/div>\n\n\t\t\t\t\t\t\t<figcaption class=\"sr-only\" ref=\"body\" id=\"desc_media_6a9500237d366\">\n\t\t\t\t\t\t\t\t\t\t\t\t\t\t\t\t<div>Mirae kh Rhee, The Artist and Her Books, 2022, Fotodruck auf Aludibond, These aren&rsquo;t books&hellip;, 2022, Neonschrift, The Guardians (Scarlett Johansson, Tom Cruise), 2022, Blei- und Farbstifte auf Papier; Incheon Art Platform, 2022 <\/div>\n\t\t\t\t\t\t\t\t\t\t\t\t\t\t\t\t<div class=\"insignificant\">\u00a9 Mirae kh Rhee, Foto: Choi Chul Lim<\/div>\n\t\t\t\t\t\t\t\t\t<\/figcaption>\n\t\t\t\t\t<\/figure>\n\t<\/lazy-media-inline>\n\t\t\t\t<\/div>\n\t\t\t<\/div>\n\t\t\t<div class=\"col-xs-12 teaser-event-text Infos\">\n\t\t\t\t<div class=\"teaser-event-standard-text\">\n\t\t\t\t\t<div class=\"margin-bottom-atom\">\n\t\t\t\t\t\t<div class=\"subline clamp-1\" v-html=\"maingenre\"><\/div>\n\t\t\t\t\t\t\t\t\t\t\t<\/div>\n\t\t\t\t\n\t\t\t\t\t<strong class=\"margin-bottom-atom\">Mirae kh Rhee Weiterreichen<\/strong>\n\n\t\t\t\t\t\t\t\t\t\t\t<div class=\"\"><\/div>\n\t\t\t\t\t\t\t\t\t<\/div>\n\t\t\t\t<div class=\"teaser-bottom border-bottom\">\n\t\t\t\t<calendardateline :rawitem='item' :show-icon=\"true\"><\/calendardateline>\n\t\t\t\t\t<hr>\n\t\t\t\t<\/div>\n\t\t\t<\/div>\n\t\t<\/div>\n\t<\/a>\n\t<\/calendarteaser>\n<\/li>\n\n<li class=\"teaser-lane-slide col-xs-9 col-sm-4 col-md-3 teaser-wrapper col-padding-remove\">\n\t<calendarteaser key=\"14866714200\" rawitem='{&quot;postId&quot;:148667,&quot;title&quot;:&quot;On Water&quot;,&quot;excerpt&quot;:&quot;&quot;,&quot;slug&quot;:&quot;on-water-wasserwissen-in-berlin&quot;,&quot;post_date&quot;:&quot;2025-07-14T15:10&quot;,&quot;type&quot;:&quot;event-period&quot;,&quot;permalink&quot;:&quot;https:\\\/\\\/www.humboldtforum.org\\\/de\\\/programm\\\/laufzeitangebot\\\/ausstellung\\\/on-water-wasserwissen-in-berlin-148667\\\/&quot;,&quot;genre&quot;:[391],&quot;genre_details&quot;:[{&quot;text&quot;:&quot;Ausstellung&quot;,&quot;id&quot;:391,&quot;icon&quot;:null,&quot;parent&quot;:0}],&quot;stakeholder&quot;:[409],&quot;stakeholder_details&quot;:[{&quot;text&quot;:&quot;Humboldt-Universit\\u00e4t zu Berlin&quot;,&quot;id&quot;:409,&quot;icon&quot;:null,&quot;parent&quot;:0}],&quot;targetgroup&quot;:[383,455],&quot;targetgroup_details&quot;:[{&quot;text&quot;:&quot;Erwachsene&quot;,&quot;id&quot;:383,&quot;icon&quot;:null,&quot;parent&quot;:0},{&quot;text&quot;:&quot;Jugendliche&quot;,&quot;id&quot;:455,&quot;icon&quot;:null,&quot;parent&quot;:0}],&quot;language&quot;:[384,385],&quot;language_details&quot;:[{&quot;text&quot;:&quot;Deutsch&quot;,&quot;id&quot;:384,&quot;icon&quot;:null,&quot;parent&quot;:0},{&quot;text&quot;:&quot;Englisch&quot;,&quot;id&quot;:385,&quot;icon&quot;:null,&quot;parent&quot;:0}],&quot;accessability&quot;:[430],&quot;accessability_details&quot;:[{&quot;text&quot;:&quot;Rollstuhlgerecht&quot;,&quot;id&quot;:430,&quot;icon&quot;:null,&quot;parent&quot;:0}],&quot;place&quot;:[413],&quot;place_details&quot;:{&quot;place&quot;:&quot;Humboldt Forum&quot;,&quot;map&quot;:&quot;Humboldt Forum, Schlossplatz, Berlin&quot;,&quot;room&quot;:&quot;Humboldt Labor, 1. OG&quot;},&quot;icon_overwrite&quot;:&quot;&quot;,&quot;acf&quot;:{&quot;noindex&quot;:false,&quot;keywords&quot;:&quot;&quot;,&quot;shorturl&quot;:&quot;onwater&quot;,&quot;planning&quot;:{&quot;price&quot;:&quot;0 EUR&quot;,&quot;status&quot;:&quot;BUY&quot;,&quot;info&quot;:&quot;&quot;,&quot;shop&quot;:&quot;&quot;,&quot;can_purchase&quot;:false},&quot;use_opening_hours_of_the_house&quot;:false,&quot;periods&quot;:[{&quot;label&quot;:&quot;&quot;,&quot;dates&quot;:[{&quot;start&quot;:&quot;202510100000&quot;,&quot;end&quot;:&quot;202709270000&quot;,&quot;has_end&quot;:true,&quot;start_HRFSHORT&quot;:&quot;10.10.25&quot;,&quot;start_HRFSHORT_WD&quot;:&quot;Fr 10.10.2025&quot;,&quot;end_HRFSHORT&quot;:&quot;27.09.27&quot;}],&quot;monday&quot;:[{&quot;start&quot;:&quot;10:30&quot;,&quot;end&quot;:&quot;18:30&quot;,&quot;closed&quot;:false}],&quot;tuesday&quot;:[{&quot;start&quot;:null,&quot;end&quot;:null,&quot;closed&quot;:true}],&quot;wednesday&quot;:[{&quot;start&quot;:&quot;10:30&quot;,&quot;end&quot;:&quot;18:30&quot;,&quot;closed&quot;:false}],&quot;thursday&quot;:[{&quot;start&quot;:&quot;10:30&quot;,&quot;end&quot;:&quot;18:30&quot;,&quot;closed&quot;:false}],&quot;friday&quot;:[{&quot;start&quot;:&quot;10:30&quot;,&quot;end&quot;:&quot;18:30&quot;,&quot;closed&quot;:false}],&quot;saturday&quot;:[{&quot;start&quot;:&quot;10:30&quot;,&quot;end&quot;:&quot;18:30&quot;,&quot;closed&quot;:false}],&quot;sunday&quot;:[{&quot;start&quot;:&quot;10:30&quot;,&quot;end&quot;:&quot;18:30&quot;,&quot;closed&quot;:false}],&quot;info&quot;:&quot;&quot;,&quot;description&quot;:&quot;&quot;}],&quot;display_as_single&quot;:false,&quot;additional_info&quot;:{&quot;icon&quot;:&quot;icon-bullet_active&quot;,&quot;text&quot;:&quot;&quot;},&quot;highlight_header&quot;:true,&quot;has_mobile_format&quot;:true,&quot;use_video_in_teasers&quot;:false,&quot;hyphenation&quot;:false,&quot;tipp&quot;:false,&quot;joker&quot;:false,&quot;live&quot;:false,&quot;hide_event_in_program&quot;:false,&quot;highlight_header_image&quot;:151530,&quot;subline&quot;:&quot;WasserWissen in Berlin&quot;,&quot;highlight_header_image_mobile&quot;:151547,&quot;events&quot;:[151670,151676,151684,152103,152200,152458,152473,152495,152505,152834,153201,153380,153432,154460,154957,155223,155805,157338,157706,33938,122834,159093,159188,159218,160708,160712,161149,161688,162965,162969,163486,164031,139910,164362,164755,166441,166527,166529,168400,168405,168417,168427],&quot;period_exception&quot;:[{&quot;label&quot;:&quot;&quot;,&quot;date&quot;:&quot;202511050000&quot;,&quot;closed&quot;:false,&quot;start&quot;:&quot;11:30&quot;,&quot;end&quot;:&quot;18:30&quot;,&quot;date_HRFSHORT&quot;:&quot;05.11.25&quot;},{&quot;label&quot;:&quot;&quot;,&quot;date&quot;:null,&quot;closed&quot;:false,&quot;start&quot;:null,&quot;end&quot;:null}]},&quot;period_list&quot;:&quot;&lt;strong&gt;\\u00d6ffnungszeiten&lt;\\\/strong&gt;\\nMo, Mi, Do, Fr, Sa, So: 10:30 \\u2013 18:30 Uhr\\nDi: geschlossen\\n\\n&quot;,&quot;period_exception&quot;:&quot;&quot;,&quot;date&quot;:{&quot;infinite&quot;:false,&quot;from_DATE&quot;:202510100000,&quot;from&quot;:1760092200,&quot;from_TIME&quot;:&quot;10:30&quot;,&quot;to&quot;:1822069800,&quot;to_DATE&quot;:202709270000,&quot;to_TIME&quot;:&quot;18:30&quot;,&quot;from_HRFSHORT&quot;:&quot;10. Okt 2025&quot;,&quot;from_HRFSHORT_WD&quot;:&quot;Fr 10.10.2025&quot;,&quot;from_HRF&quot;:&quot;Fr, 10. Oktober 2025&quot;,&quot;to_HRF&quot;:&quot;Mo, 27. September 2027&quot;,&quot;to_HRFSHORT&quot;:&quot;27. Sep 2027&quot;,&quot;to_HRFSHORT_WD&quot;:&quot;Mo 27.09.2027&quot;,&quot;from_to_HRF&quot;:&quot;Fr, 10. Oktober 2025 \\u2013 Mo, 27. September 2027&quot;,&quot;from_to_HRFSHORT&quot;:&quot;10. Okt 2025 \\u2013 27. Sep 2027&quot;,&quot;NXX&quot;:&quot;202608310416&quot;,&quot;NLAST&quot;:&quot;202709271830&quot;,&quot;NX&quot;:&quot;20260831&quot;},&quot;alert&quot;:&quot;Highlight&quot;,&quot;partof&quot;:[],&quot;marketing_topic&quot;:&quot;&quot;}' inline-template>\n\t<a href=\"https:\/\/www.humboldtforum.org\/de\/programm\/laufzeitangebot\/ausstellung\/on-water-wasserwissen-in-berlin-148667\/\" class=\"teaser teaser-event-period teaser-event-standard\">\n\t\t<div class=\"row\">\n\t\t\t<div class=\"col-xs-12 teaser-event-image\">\n\t\t\t\t<div class=\"teaser-image teaser-image-no-alternate\">\n\t\t\t\t\t\t\t\t\t\t\t\t\t<span class=\"alert\">Highlight<\/span>\n\t\t\t\t\t\t\t\t\t\t\t\n\t<lazy-media-inline inline-template>\n\t\t<figure itemscope itemtype=\"http:\/\/schema.org\/ImageObject\" class=\"lazy-media-inline \" role=\"group\" id=\"media_6a9500237dcd8\" aria-labelledby=\"desc_media_6a9500237dcd8\">\n\t\t\t<script type=\"application\/json\" ref=\"data\">\n\t\t\t\t{\n\t\t\t\t\"sizes\" : {\"medium\":{\"file\":\"HumboldtLabor-Webteaser-hoch-1780x3040px-DU-176x300.jpg\",\"width\":176,\"height\":300,\"mime-type\":\"image\\\/jpeg\",\"filesize\":11839},\"large\":{\"file\":\"HumboldtLabor-Webteaser-hoch-1780x3040px-DU-600x1024.jpg\",\"width\":600,\"height\":1024,\"mime-type\":\"image\\\/jpeg\",\"filesize\":102604},\"thumbnail\":{\"file\":\"HumboldtLabor-Webteaser-hoch-1780x3040px-DU-150x150.jpg\",\"width\":150,\"height\":150,\"mime-type\":\"image\\\/jpeg\",\"filesize\":6439},\"medium_large\":{\"file\":\"HumboldtLabor-Webteaser-hoch-1780x3040px-DU-768x1312.jpg\",\"width\":768,\"height\":1312,\"mime-type\":\"image\\\/jpeg\",\"filesize\":160237},\"small\":{\"file\":\"HumboldtLabor-Webteaser-hoch-1780x3040px-DU-258x440.jpg\",\"width\":258,\"height\":440,\"mime-type\":\"image\\\/jpeg\",\"filesize\":23435},\"semi\":{\"file\":\"HumboldtLabor-Webteaser-hoch-1780x3040px-DU-340x580.jpg\",\"width\":340,\"height\":580,\"mime-type\":\"image\\\/jpeg\",\"filesize\":37945},\"mobile\":{\"file\":\"HumboldtLabor-Webteaser-hoch-1780x3040px-DU-422x720.jpg\",\"width\":422,\"height\":720,\"mime-type\":\"image\\\/jpeg\",\"filesize\":55046},\"hd\":{\"file\":\"HumboldtLabor-Webteaser-hoch-1780x3040px-DU-749x1280.jpg\",\"width\":749,\"height\":1280,\"mime-type\":\"image\\\/jpeg\",\"filesize\":153753},\"full\":{\"file\":\"HumboldtLabor-Webteaser-hoch-1780x3040px-DU-1124x1920.jpg\",\"width\":1124,\"height\":1920,\"mime-type\":\"image\\\/jpeg\",\"filesize\":326299},\"1536x1536\":{\"file\":\"HumboldtLabor-Webteaser-hoch-1780x3040px-DU-899x1536.jpg\",\"width\":899,\"height\":1536,\"mime-type\":\"image\\\/jpeg\",\"filesize\":215295},\"2048x2048\":{\"file\":\"HumboldtLabor-Webteaser-hoch-1780x3040px-DU-1199x2048.jpg\",\"width\":1199,\"height\":2048,\"mime-type\":\"image\\\/jpeg\",\"filesize\":368152},\"original\":{\"file\":\"HumboldtLabor-Webteaser-hoch-1780x3040px-DU.jpg\",\"width\":1780,\"height\":3040}},\n\t\t\t\t\"alt\" : \"Key Visual Ausstellung On Water. Wasserwissen in Berlin\",\n\t\t\t\t\"path\" : \"\\\/wp-content\\\/uploads\\\/2025\\\/07\\\/\",\n\t\t\t\t\"video\" : null,\n\t\t\t\t\"autoplay\" : null,\n\t\t\t\t\"youtube\" : null,\n\t\t\t\t\"youtubelabel\" : \"Video abspielen\",\n\t\t\t\t\"brightness\" : 100,\n\t\t\t\t\"crop\" : null,\n\t\t\t\t\"background\" : true,\n\t\t\t\t\"scale\" : 2\t\t\t\t}\n\t\t\t<\/script>\n\n\t\t\t<div class=\"height-container\" style=\"padding-bottom:170.78651685393%;\" v-if=\"sizes\">\n\t\t\t\t\t\t\t\t<lazy-media :inline=\"true\" :alt=\"alt\" :sizes=\"sizes\" :scale=\"scale\" :brightness=\"brightness\" :path=\"path\" :video=\"video\" :autoplay=\"autoplay\" :youtube=\"youtube\" :crop=\"crop\" :youtubelabel=\"youtubelabel\" :background=\"background\" media-id=\"desc_media_6a9500237dcd8\"><\/lazy-media>\n\t\t\t\t\t\t\t<\/div>\n\n\t\t\t\t\t\t\t<figcaption class=\"sr-only\" ref=\"body\" id=\"desc_media_6a9500237dcd8\">\n\t\t\t\t\t\t\t\t\t\t\t\t\t\t\t\t<div>Key Visual Ausstellung On Water. Wasserwissen in Berlin <\/div>\n\t\t\t\t\t\t\t\t\t\t\t\t\t\t\t\t<div class=\"insignificant\">\u00a9 Stiftung Humboldt Forum im Berliner Schloss, Foto: AI generated, Observism<\/div>\n\t\t\t\t\t\t\t\t\t<\/figcaption>\n\t\t\t\t\t<\/figure>\n\t<\/lazy-media-inline>\n\t\t\t\t<\/div>\n\t\t\t<\/div>\n\t\t\t<div class=\"col-xs-12 teaser-event-text Infos\">\n\t\t\t\t<div class=\"teaser-event-standard-text\">\n\t\t\t\t\t<div class=\"margin-bottom-atom\">\n\t\t\t\t\t\t<div class=\"subline clamp-1\" v-html=\"maingenre\"><\/div>\n\t\t\t\t\t\t\t\t\t\t\t<\/div>\n\t\t\t\t\n\t\t\t\t\t<strong class=\"margin-bottom-atom\">On Water<\/strong>\n\n\t\t\t\t\t\t\t\t\t\t\t<div class=\"\">WasserWissen in Berlin<\/div>\n\t\t\t\t\t\t\t\t\t<\/div>\n\t\t\t\t<div class=\"teaser-bottom border-bottom\">\n\t\t\t\t<calendardateline :rawitem='item' :show-icon=\"true\"><\/calendardateline>\n\t\t\t\t\t<hr>\n\t\t\t\t<\/div>\n\t\t\t<\/div>\n\t\t<\/div>\n\t<\/a>\n\t<\/calendarteaser>\n<\/li>\n\n<li class=\"teaser-lane-slide col-xs-9 col-sm-4 col-md-3 teaser-wrapper col-padding-remove\">\n\t<calendarteaser key=\"13669111413\" rawitem='{&quot;postId&quot;:136691,&quot;title&quot;:&quot;Geschichte(n) Tansanias&quot;,&quot;excerpt&quot;:&quot;&quot;,&quot;slug&quot;:&quot;geschichten-tansanias&quot;,&quot;post_date&quot;:&quot;2024-09-17T16:36&quot;,&quot;type&quot;:&quot;event-permanent&quot;,&quot;permalink&quot;:&quot;https:\\\/\\\/www.humboldtforum.org\\\/de\\\/programm\\\/dauerangebot\\\/ausstellung\\\/geschichten-tansanias-136691\\\/&quot;,&quot;genre&quot;:[391,879],&quot;genre_details&quot;:[{&quot;text&quot;:&quot;Ausstellung&quot;,&quot;id&quot;:391,&quot;icon&quot;:null,&quot;parent&quot;:0},{&quot;text&quot;:&quot;Programm&quot;,&quot;id&quot;:879,&quot;icon&quot;:null,&quot;parent&quot;:0}],&quot;stakeholder&quot;:[382],&quot;stakeholder_details&quot;:[{&quot;text&quot;:&quot;Stiftung Humboldt Forum im Berliner Schloss&quot;,&quot;id&quot;:382,&quot;icon&quot;:null,&quot;parent&quot;:0}],&quot;place&quot;:[1681],&quot;place_details&quot;:{&quot;place&quot;:&quot;Ethnologisches Museum, 2. OG&quot;,&quot;map&quot;:&quot;Humboldt Forum, Schlossplatz, Berlin&quot;,&quot;room&quot;:&quot;&quot;},&quot;icon_overwrite&quot;:&quot;&quot;,&quot;acf&quot;:{&quot;noindex&quot;:false,&quot;keywords&quot;:&quot;&quot;,&quot;shorturl&quot;:&quot;tansania&quot;,&quot;planning&quot;:{&quot;price&quot;:&quot;regul\\u00e4r 9 EUR, Ausstellungsticket f\\u00fcr Ethnologische Sammlungen und Asiatische Kunst erforderlich&quot;,&quot;status&quot;:&quot;BUY&quot;,&quot;info&quot;:&quot;regul\\u00e4r 9 EUR, Ausstellungsticket f\\u00fcr Ethnologische Sammlungen und Asiatische Kunst erforderlich&quot;,&quot;shop&quot;:&quot;https:\\\/\\\/tickets.humboldtforum.org\\\/#\\\/tickets\\\/time?museum_id=1&amp;exhibition_id=17&amp;group=day&amp;date=2025-10-03&quot;,&quot;can_purchase&quot;:true},&quot;use_opening_hours_of_the_house&quot;:false,&quot;periods&quot;:[{&quot;label&quot;:&quot;&quot;,&quot;dates&quot;:[{&quot;start&quot;:&quot;202411290000&quot;,&quot;end&quot;:&quot;202511240000&quot;,&quot;has_end&quot;:false,&quot;start_HRFSHORT&quot;:&quot;29.11.24&quot;,&quot;start_HRFSHORT_WD&quot;:&quot;Fr 29.11.2024&quot;}],&quot;monday&quot;:[{&quot;start&quot;:&quot;10:30&quot;,&quot;end&quot;:&quot;18:30&quot;,&quot;closed&quot;:false}],&quot;tuesday&quot;:[{&quot;start&quot;:null,&quot;end&quot;:null,&quot;closed&quot;:true}],&quot;wednesday&quot;:[{&quot;start&quot;:&quot;10:30&quot;,&quot;end&quot;:&quot;18:30&quot;,&quot;closed&quot;:false}],&quot;thursday&quot;:[{&quot;start&quot;:&quot;10:30&quot;,&quot;end&quot;:&quot;18:30&quot;,&quot;closed&quot;:false}],&quot;friday&quot;:[{&quot;start&quot;:&quot;10:30&quot;,&quot;end&quot;:&quot;18:30&quot;,&quot;closed&quot;:false}],&quot;saturday&quot;:[{&quot;start&quot;:&quot;10:30&quot;,&quot;end&quot;:&quot;18:30&quot;,&quot;closed&quot;:false}],&quot;sunday&quot;:[{&quot;start&quot;:&quot;10:30&quot;,&quot;end&quot;:&quot;18:30&quot;,&quot;closed&quot;:false}],&quot;info&quot;:&quot;&quot;,&quot;description&quot;:&quot;&quot;}],&quot;display_as_single&quot;:false,&quot;additional_info&quot;:{&quot;icon&quot;:&quot;0&quot;,&quot;text&quot;:&quot;&quot;},&quot;highlight_header&quot;:true,&quot;use_video_in_teasers&quot;:false,&quot;hyphenation&quot;:true,&quot;tipp&quot;:false,&quot;joker&quot;:false,&quot;live&quot;:false,&quot;hide_event_in_program&quot;:false,&quot;highlight_header_image&quot;:138150,&quot;has_mobile_format&quot;:true,&quot;events&quot;:[136687,136591,138739,138858,138871,138883,48255,138995,139026,139550,139828,139837,139937,140191,140218,140341],&quot;highlight_header_image_mobile&quot;:138152,&quot;announcement&quot;:&quot;vorerst bis 30.11.2026&quot;,&quot;overwrite_date&quot;:&quot;vorerst bis 30.11.2026&quot;,&quot;period_exception&quot;:[]},&quot;period_list&quot;:&quot;&lt;strong&gt;\\u00d6ffnungszeiten&lt;\\\/strong&gt;\\nMo, Mi, Do, Fr, Sa, So: 10:30 \\u2013 18:30 Uhr\\nDi: geschlossen\\n\\n&quot;,&quot;period_exception&quot;:&quot;&quot;,&quot;date&quot;:{&quot;infinite&quot;:true,&quot;from_DATE&quot;:202411290000,&quot;from&quot;:1732876200,&quot;from_TIME&quot;:&quot;10:30&quot;,&quot;to&quot;:1819685760,&quot;to_DATE&quot;:202708310416,&quot;to_TIME&quot;:&quot;00:00&quot;,&quot;from_HRFSHORT&quot;:&quot;29. Nov 2024&quot;,&quot;from_HRFSHORT_WD&quot;:&quot;Fr 29.11.2024&quot;,&quot;from_HRF&quot;:&quot;Fr, 29. November 2024&quot;,&quot;to_HRF&quot;:&quot;Di, 31. August 2027&quot;,&quot;to_HRFSHORT&quot;:&quot;31. Aug 2027&quot;,&quot;to_HRFSHORT_WD&quot;:&quot;Di 31.08.2027&quot;,&quot;from_to_HRF&quot;:&quot;Fr, 29. November 2024 \\u2013 Di, 31. August 2027&quot;,&quot;from_to_HRFSHORT&quot;:&quot;29. Nov 2024 \\u2013 31. Aug 2027&quot;,&quot;NXX&quot;:&quot;202608310416&quot;,&quot;NLAST&quot;:&quot;202708310416&quot;,&quot;NX&quot;:&quot;20260831&quot;},&quot;alert&quot;:&quot;Highlight&quot;,&quot;partof&quot;:[],&quot;marketing_topic&quot;:&quot;&quot;}' inline-template>\n\t<a href=\"https:\/\/www.humboldtforum.org\/de\/programm\/dauerangebot\/ausstellung\/geschichten-tansanias-136691\/\" class=\"teaser teaser-event-permanent teaser-event-standard\">\n\t\t<div class=\"row\">\n\t\t\t<div class=\"col-xs-12 teaser-event-image\">\n\t\t\t\t<div class=\"teaser-image teaser-image-no-alternate\">\n\t\t\t\t\t\t\t\t\t\t\t\t\t<span class=\"alert\">Highlight<\/span>\n\t\t\t\t\t\t\t\t\t\t\t\n\t<lazy-media-inline inline-template>\n\t\t<figure itemscope itemtype=\"http:\/\/schema.org\/ImageObject\" class=\"lazy-media-inline \" role=\"group\" id=\"media_6a9500237e621\" aria-labelledby=\"desc_media_6a9500237e621\">\n\t\t\t<script type=\"application\/json\" ref=\"data\">\n\t\t\t\t{\n\t\t\t\t\"sizes\" : {\"medium\":{\"file\":\"Tansania_Webteaser_hoch_1780x3040px-176x300.jpg\",\"width\":176,\"height\":300,\"mime-type\":\"image\\\/jpeg\",\"filesize\":16271},\"large\":{\"file\":\"Tansania_Webteaser_hoch_1780x3040px-600x1024.jpg\",\"width\":600,\"height\":1024,\"mime-type\":\"image\\\/jpeg\",\"filesize\":152663},\"thumbnail\":{\"file\":\"Tansania_Webteaser_hoch_1780x3040px-150x150.jpg\",\"width\":150,\"height\":150,\"mime-type\":\"image\\\/jpeg\",\"filesize\":8474},\"medium_large\":{\"file\":\"Tansania_Webteaser_hoch_1780x3040px-768x1312.jpg\",\"width\":768,\"height\":1312,\"mime-type\":\"image\\\/jpeg\",\"filesize\":228777},\"small\":{\"file\":\"Tansania_Webteaser_hoch_1780x3040px-258x440.jpg\",\"width\":258,\"height\":440,\"mime-type\":\"image\\\/jpeg\",\"filesize\":34378},\"semi\":{\"file\":\"Tansania_Webteaser_hoch_1780x3040px-340x580.jpg\",\"width\":340,\"height\":580,\"mime-type\":\"image\\\/jpeg\",\"filesize\":56797},\"mobile\":{\"file\":\"Tansania_Webteaser_hoch_1780x3040px-422x720.jpg\",\"width\":422,\"height\":720,\"mime-type\":\"image\\\/jpeg\",\"filesize\":83284},\"hd\":{\"file\":\"Tansania_Webteaser_hoch_1780x3040px-749x1280.jpg\",\"width\":749,\"height\":1280,\"mime-type\":\"image\\\/jpeg\",\"filesize\":220242},\"full\":{\"file\":\"Tansania_Webteaser_hoch_1780x3040px-1124x1920.jpg\",\"width\":1124,\"height\":1920,\"mime-type\":\"image\\\/jpeg\",\"filesize\":418014},\"1536x1536\":{\"file\":\"Tansania_Webteaser_hoch_1780x3040px-899x1536.jpg\",\"width\":899,\"height\":1536,\"mime-type\":\"image\\\/jpeg\",\"filesize\":295833},\"2048x2048\":{\"file\":\"Tansania_Webteaser_hoch_1780x3040px-1199x2048.jpg\",\"width\":1199,\"height\":2048,\"mime-type\":\"image\\\/jpeg\",\"filesize\":458877},\"original\":{\"file\":\"Tansania_Webteaser_hoch_1780x3040px.jpg\",\"width\":1780,\"height\":3040}},\n\t\t\t\t\"alt\" : \"Abstrakte geometrische Strukturen in leuchtendem Gelb und Blau, die sich \\u00fcberlagern und winden.\",\n\t\t\t\t\"path\" : \"\\\/wp-content\\\/uploads\\\/2024\\\/09\\\/\",\n\t\t\t\t\"video\" : null,\n\t\t\t\t\"autoplay\" : null,\n\t\t\t\t\"youtube\" : null,\n\t\t\t\t\"youtubelabel\" : \"Video abspielen\",\n\t\t\t\t\"brightness\" : 100,\n\t\t\t\t\"crop\" : null,\n\t\t\t\t\"background\" : true,\n\t\t\t\t\"scale\" : 2\t\t\t\t}\n\t\t\t<\/script>\n\n\t\t\t<div class=\"height-container\" style=\"padding-bottom:170.78651685393%;\" v-if=\"sizes\">\n\t\t\t\t\t\t\t\t<lazy-media :inline=\"true\" :alt=\"alt\" :sizes=\"sizes\" :scale=\"scale\" :brightness=\"brightness\" :path=\"path\" :video=\"video\" :autoplay=\"autoplay\" :youtube=\"youtube\" :crop=\"crop\" :youtubelabel=\"youtubelabel\" :background=\"background\" media-id=\"desc_media_6a9500237e621\"><\/lazy-media>\n\t\t\t\t\t\t\t<\/div>\n\n\t\t\t\t\t\t\t<figcaption class=\"sr-only\" ref=\"body\" id=\"desc_media_6a9500237e621\">\n\t\t\t\t\t\t\t\t\t\t\t<div>Ansicht der Ausstellungsinstallation<\/div>\n\t\t\t\t\t\t\t\t\t\t\t\t\t\t\t\t\t\t\t\t\t<div class=\"insignificant\">\u00a9 Stiftung Humboldtforum im Berliner Schloss \/ Studio Gr\u00fcnder Kirfel, Foto: Michael Degener<\/div>\n\t\t\t\t\t\t\t\t\t<\/figcaption>\n\t\t\t\t\t<\/figure>\n\t<\/lazy-media-inline>\n\t\t\t\t<\/div>\n\t\t\t<\/div>\n\t\t\t<div class=\"col-xs-12 teaser-event-text Infos\">\n\t\t\t\t<div class=\"teaser-event-standard-text\">\n\t\t\t\t\t<div class=\"margin-bottom-atom\">\n\t\t\t\t\t\t<div class=\"subline clamp-1\" v-html=\"maingenre\"><\/div>\n\t\t\t\t\t\t\t\t\t\t\t<\/div>\n\t\t\t\t\n\t\t\t\t\t<strong class=\"margin-bottom-atom\">Geschichte(n) Tansanias<\/strong>\n\n\t\t\t\t\t\t\t\t\t\t\t<div class=\"\"><\/div>\n\t\t\t\t\t\t\t\t\t<\/div>\n\t\t\t\t<div class=\"teaser-bottom border-bottom\">\n\t\t\t\t<calendardateline :rawitem='item' :show-icon=\"true\"><\/calendardateline>\n\t\t\t\t\t<hr>\n\t\t\t\t<\/div>\n\t\t\t<\/div>\n\t\t<\/div>\n\t<\/a>\n\t<\/calendarteaser>\n<\/li>\n\n<li class=\"teaser-lane-slide col-xs-9 col-sm-4 col-md-3 teaser-wrapper col-padding-remove\">\n\t<calendarteaser key=\"14441812663\" rawitem='{&quot;postId&quot;:144418,&quot;title&quot;:&quot;Restaurierung im Dialog&quot;,&quot;excerpt&quot;:&quot;&quot;,&quot;slug&quot;:&quot;restaurierung-im-dialog&quot;,&quot;post_date&quot;:&quot;2025-03-21T13:31&quot;,&quot;type&quot;:&quot;event-period&quot;,&quot;permalink&quot;:&quot;https:\\\/\\\/www.humboldtforum.org\\\/de\\\/programm\\\/laufzeitangebot\\\/ausstellung\\\/restaurierung-im-dialog-144418\\\/&quot;,&quot;genre&quot;:[391],&quot;genre_details&quot;:[{&quot;text&quot;:&quot;Ausstellung&quot;,&quot;id&quot;:391,&quot;icon&quot;:null,&quot;parent&quot;:0}],&quot;stakeholder&quot;:[382],&quot;stakeholder_details&quot;:[{&quot;text&quot;:&quot;Stiftung Humboldt Forum im Berliner Schloss&quot;,&quot;id&quot;:382,&quot;icon&quot;:null,&quot;parent&quot;:0}],&quot;targetgroup&quot;:[383,1080,455,454],&quot;targetgroup_details&quot;:[{&quot;text&quot;:&quot;Erwachsene&quot;,&quot;id&quot;:383,&quot;icon&quot;:null,&quot;parent&quot;:0},{&quot;text&quot;:&quot;Gruppen&quot;,&quot;id&quot;:1080,&quot;icon&quot;:null,&quot;parent&quot;:0},{&quot;text&quot;:&quot;Jugendliche&quot;,&quot;id&quot;:455,&quot;icon&quot;:null,&quot;parent&quot;:0},{&quot;text&quot;:&quot;Kinder und Familien&quot;,&quot;id&quot;:454,&quot;icon&quot;:null,&quot;parent&quot;:0}],&quot;language&quot;:[384,385],&quot;language_details&quot;:[{&quot;text&quot;:&quot;Deutsch&quot;,&quot;id&quot;:384,&quot;icon&quot;:null,&quot;parent&quot;:0},{&quot;text&quot;:&quot;Englisch&quot;,&quot;id&quot;:385,&quot;icon&quot;:null,&quot;parent&quot;:0}],&quot;place&quot;:[1682],&quot;place_details&quot;:{&quot;place&quot;:&quot;Museum f\\u00fcr Asiatische Kunst, 3. OG&quot;,&quot;map&quot;:&quot;Humboldt Forum, Schlossplatz, Berlin&quot;,&quot;room&quot;:&quot;&quot;},&quot;icon_overwrite&quot;:&quot;&quot;,&quot;acf&quot;:{&quot;noindex&quot;:false,&quot;keywords&quot;:&quot;&quot;,&quot;shorturl&quot;:&quot;restaurierung&quot;,&quot;planning&quot;:{&quot;price&quot;:&quot;regul\\u00e4r 9 EUR, Ausstellungsticket f\\u00fcr Ethnologische Sammlungen und Asiatische Kunst erforderlich&quot;,&quot;status&quot;:&quot;BUY&quot;,&quot;info&quot;:&quot;\\tregul\\u00e4r 9 EUR, Ausstellungsticket f\\u00fcr Ethnologische Sammlungen und Asiatische Kunst erforderlich&quot;,&quot;shop&quot;:&quot;https:\\\/\\\/tickets.humboldtforum.org\\\/#\\\/tickets\\\/time?museum_id=1&amp;exhibition_id=17&amp;group=day&amp;date=2025-10-03&quot;,&quot;can_purchase&quot;:true},&quot;use_opening_hours_of_the_house&quot;:false,&quot;periods&quot;:[{&quot;label&quot;:&quot;&quot;,&quot;dates&quot;:[{&quot;start&quot;:&quot;202505240000&quot;,&quot;end&quot;:&quot;202703080000&quot;,&quot;has_end&quot;:true,&quot;start_HRFSHORT&quot;:&quot;24.05.25&quot;,&quot;start_HRFSHORT_WD&quot;:&quot;Sa 24.05.2025&quot;,&quot;end_HRFSHORT&quot;:&quot;08.03.27&quot;}],&quot;monday&quot;:[{&quot;start&quot;:&quot;10:30&quot;,&quot;end&quot;:&quot;18:30&quot;,&quot;closed&quot;:false}],&quot;tuesday&quot;:[{&quot;start&quot;:null,&quot;end&quot;:null,&quot;closed&quot;:true}],&quot;wednesday&quot;:[{&quot;start&quot;:&quot;10:30&quot;,&quot;end&quot;:&quot;18:30&quot;,&quot;closed&quot;:false}],&quot;thursday&quot;:[{&quot;start&quot;:&quot;10:30&quot;,&quot;end&quot;:&quot;18:30&quot;,&quot;closed&quot;:false}],&quot;friday&quot;:[{&quot;start&quot;:&quot;10:30&quot;,&quot;end&quot;:&quot;18:30&quot;,&quot;closed&quot;:false}],&quot;saturday&quot;:[{&quot;start&quot;:&quot;10:30&quot;,&quot;end&quot;:&quot;18:30&quot;,&quot;closed&quot;:false}],&quot;sunday&quot;:[{&quot;start&quot;:&quot;10:30&quot;,&quot;end&quot;:&quot;18:30&quot;,&quot;closed&quot;:false}],&quot;info&quot;:&quot;&quot;,&quot;description&quot;:&quot;&quot;}],&quot;display_as_single&quot;:false,&quot;additional_info&quot;:{&quot;icon&quot;:&quot;0&quot;,&quot;text&quot;:&quot;&quot;},&quot;highlight_header&quot;:true,&quot;use_video_in_teasers&quot;:false,&quot;hyphenation&quot;:true,&quot;tipp&quot;:false,&quot;joker&quot;:false,&quot;live&quot;:false,&quot;hide_event_in_program&quot;:false,&quot;highlight_header_image&quot;:144527,&quot;has_mobile_format&quot;:true,&quot;highlight_header_image_mobile&quot;:145702,&quot;events&quot;:[151697],&quot;period_exception&quot;:[]},&quot;period_list&quot;:&quot;&lt;strong&gt;\\u00d6ffnungszeiten&lt;\\\/strong&gt;\\nMo, Mi, Do, Fr, Sa, So: 10:30 \\u2013 18:30 Uhr\\nDi: geschlossen\\n\\n&quot;,&quot;period_exception&quot;:&quot;&quot;,&quot;date&quot;:{&quot;infinite&quot;:false,&quot;from_DATE&quot;:202505240000,&quot;from&quot;:1748082600,&quot;from_TIME&quot;:&quot;10:30&quot;,&quot;to&quot;:1804530600,&quot;to_DATE&quot;:202703080000,&quot;to_TIME&quot;:&quot;18:30&quot;,&quot;from_HRFSHORT&quot;:&quot;24. Mai 2025&quot;,&quot;from_HRFSHORT_WD&quot;:&quot;Sa 24.05.2025&quot;,&quot;from_HRF&quot;:&quot;Sa, 24. Mai 2025&quot;,&quot;to_HRF&quot;:&quot;Mo,  8. M\\u00e4rz 2027&quot;,&quot;to_HRFSHORT&quot;:&quot; 8. M\\u00e4r 2027&quot;,&quot;to_HRFSHORT_WD&quot;:&quot;Mo 08.03.2027&quot;,&quot;from_to_HRF&quot;:&quot;Sa, 24. Mai 2025 \\u2013 Mo,  8. M\\u00e4rz 2027&quot;,&quot;from_to_HRFSHORT&quot;:&quot;24. Mai 2025 \\u2013  8. M\\u00e4r 2027&quot;,&quot;NXX&quot;:&quot;202608310416&quot;,&quot;NLAST&quot;:&quot;202703081830&quot;,&quot;NX&quot;:&quot;20260831&quot;},&quot;alert&quot;:&quot;Highlight&quot;,&quot;partof&quot;:[],&quot;marketing_topic&quot;:&quot;&quot;}' inline-template>\n\t<a href=\"https:\/\/www.humboldtforum.org\/de\/programm\/laufzeitangebot\/ausstellung\/restaurierung-im-dialog-144418\/\" class=\"teaser teaser-event-period teaser-event-standard\">\n\t\t<div class=\"row\">\n\t\t\t<div class=\"col-xs-12 teaser-event-image\">\n\t\t\t\t<div class=\"teaser-image teaser-image-no-alternate\">\n\t\t\t\t\t\t\t\t\t\t\t\t\t<span class=\"alert\">Highlight<\/span>\n\t\t\t\t\t\t\t\t\t\t\t\n\t<lazy-media-inline inline-template>\n\t\t<figure itemscope itemtype=\"http:\/\/schema.org\/ImageObject\" class=\"lazy-media-inline \" role=\"group\" id=\"media_6a9500237ef2f\" aria-labelledby=\"desc_media_6a9500237ef2f\">\n\t\t\t<script type=\"application\/json\" ref=\"data\">\n\t\t\t\t{\n\t\t\t\t\"sizes\" : {\"medium\":{\"file\":\"SHF_eb00246037-1-176x300.jpg\",\"width\":176,\"height\":300,\"mime-type\":\"image\\\/jpeg\",\"filesize\":6758},\"large\":{\"file\":\"SHF_eb00246037-1-600x1024.jpg\",\"width\":600,\"height\":1024,\"mime-type\":\"image\\\/jpeg\",\"filesize\":58341},\"thumbnail\":{\"file\":\"SHF_eb00246037-1-150x150.jpg\",\"width\":150,\"height\":150,\"mime-type\":\"image\\\/jpeg\",\"filesize\":4240},\"medium_large\":{\"file\":\"SHF_eb00246037-1-768x1311.jpg\",\"width\":768,\"height\":1311,\"mime-type\":\"image\\\/jpeg\",\"filesize\":92989},\"small\":{\"file\":\"SHF_eb00246037-1-258x440.jpg\",\"width\":258,\"height\":440,\"mime-type\":\"image\\\/jpeg\",\"filesize\":12967},\"semi\":{\"file\":\"SHF_eb00246037-1-340x580.jpg\",\"width\":340,\"height\":580,\"mime-type\":\"image\\\/jpeg\",\"filesize\":20964},\"mobile\":{\"file\":\"SHF_eb00246037-1-422x720.jpg\",\"width\":422,\"height\":720,\"mime-type\":\"image\\\/jpeg\",\"filesize\":30615},\"hd\":{\"file\":\"SHF_eb00246037-1-750x1280.jpg\",\"width\":750,\"height\":1280,\"mime-type\":\"image\\\/jpeg\",\"filesize\":89857},\"full\":{\"file\":\"SHF_eb00246037-1-1125x1920.jpg\",\"width\":1125,\"height\":1920,\"mime-type\":\"image\\\/jpeg\",\"filesize\":192929},\"1536x1536\":{\"file\":\"SHF_eb00246037-1-900x1536.jpg\",\"width\":900,\"height\":1536,\"mime-type\":\"image\\\/jpeg\",\"filesize\":126710},\"2048x2048\":{\"file\":\"SHF_eb00246037-1-1200x2048.jpg\",\"width\":1200,\"height\":2048,\"mime-type\":\"image\\\/jpeg\",\"filesize\":216209},\"original\":{\"file\":\"SHF_eb00246037-1.jpg\",\"width\":1500,\"height\":2561}},\n\t\t\t\t\"alt\" : \"Sitzende, stilisierte Buddha-Statue in Gelb auf gr\\u00fcnem Hintergrund.\",\n\t\t\t\t\"path\" : \"\\\/wp-content\\\/uploads\\\/2025\\\/03\\\/\",\n\t\t\t\t\"video\" : null,\n\t\t\t\t\"autoplay\" : null,\n\t\t\t\t\"youtube\" : null,\n\t\t\t\t\"youtubelabel\" : \"Video abspielen\",\n\t\t\t\t\"brightness\" : 100,\n\t\t\t\t\"crop\" : null,\n\t\t\t\t\"background\" : true,\n\t\t\t\t\"scale\" : 2\t\t\t\t}\n\t\t\t<\/script>\n\n\t\t\t<div class=\"height-container\" style=\"padding-bottom:170.73333333333%;\" v-if=\"sizes\">\n\t\t\t\t\t\t\t\t<lazy-media :inline=\"true\" :alt=\"alt\" :sizes=\"sizes\" :scale=\"scale\" :brightness=\"brightness\" :path=\"path\" :video=\"video\" :autoplay=\"autoplay\" :youtube=\"youtube\" :crop=\"crop\" :youtubelabel=\"youtubelabel\" :background=\"background\" media-id=\"desc_media_6a9500237ef2f\"><\/lazy-media>\n\t\t\t\t\t\t\t<\/div>\n\n\t\t\t\t\t\t\t<figcaption class=\"sr-only\" ref=\"body\" id=\"desc_media_6a9500237ef2f\">\n\t\t\t\t\t\t\t\t\t\t\t\t\t\t\t\t<div>R&ouml;ntgenaufnahme der zentralen Figur des Lamas im Gungervaa (mongolischer Holzschrein) <\/div>\n\t\t\t\t\t\t\t\t\t\t\t\t\t\t\t\t<div class=\"insignificant\">\u00a9 Stiftung Humboldt Forum im Berliner Schloss \/ \u00a9 Staatliche Museen zu Berlin, Ethnologisches Museum, Foto: Christoph Schmidt \/ Gem\u00e4ldegalerie<\/div>\n\t\t\t\t\t\t\t\t\t<\/figcaption>\n\t\t\t\t\t<\/figure>\n\t<\/lazy-media-inline>\n\t\t\t\t<\/div>\n\t\t\t<\/div>\n\t\t\t<div class=\"col-xs-12 teaser-event-text Infos\">\n\t\t\t\t<div class=\"teaser-event-standard-text\">\n\t\t\t\t\t<div class=\"margin-bottom-atom\">\n\t\t\t\t\t\t<div class=\"subline clamp-1\" v-html=\"maingenre\"><\/div>\n\t\t\t\t\t\t\t\t\t\t\t<\/div>\n\t\t\t\t\n\t\t\t\t\t<strong class=\"margin-bottom-atom\">Restaurierung im Dialog<\/strong>\n\n\t\t\t\t\t\t\t\t\t\t\t<div class=\"\"><\/div>\n\t\t\t\t\t\t\t\t\t<\/div>\n\t\t\t\t<div class=\"teaser-bottom border-bottom\">\n\t\t\t\t<calendardateline :rawitem='item' :show-icon=\"true\"><\/calendardateline>\n\t\t\t\t\t<hr>\n\t\t\t\t<\/div>\n\t\t\t<\/div>\n\t\t<\/div>\n\t<\/a>\n\t<\/calendarteaser>\n<\/li>\n\n<li class=\"teaser-lane-slide col-xs-9 col-sm-4 col-md-3 teaser-wrapper col-padding-remove\">\n\t<calendarteaser key=\"152731155\" rawitem='{&quot;postId&quot;:152731,&quot;title&quot;:&quot;Verwandt sein: geteilte Sprache, geteiltes Wissen?&quot;,&quot;excerpt&quot;:&quot;&quot;,&quot;slug&quot;:&quot;verwandt-sein-geteilte-sprache-geteiltes-wissen&quot;,&quot;post_date&quot;:&quot;2025-09-30T17:14&quot;,&quot;type&quot;:&quot;event-period&quot;,&quot;permalink&quot;:&quot;https:\\\/\\\/www.humboldtforum.org\\\/de\\\/programm\\\/laufzeitangebot\\\/ausstellung\\\/verwandt-sein-geteilte-sprache-geteiltes-wissen-152731\\\/&quot;,&quot;genre&quot;:[391],&quot;genre_details&quot;:[{&quot;text&quot;:&quot;Ausstellung&quot;,&quot;id&quot;:391,&quot;icon&quot;:null,&quot;parent&quot;:0}],&quot;icon_overwrite&quot;:&quot;&quot;,&quot;acf&quot;:{&quot;noindex&quot;:false,&quot;keywords&quot;:&quot;&quot;,&quot;shorturl&quot;:&quot;&quot;,&quot;planning&quot;:{&quot;price&quot;:&quot;regul\\u00e4r 9 EUR, Ausstellungsticket f\\u00fcr Ethnologische Sammlungen und Asiatische Kunst erforderlich&quot;,&quot;status&quot;:&quot;BUY&quot;,&quot;info&quot;:&quot;regul\\u00e4r 9 EUR&quot;,&quot;shop&quot;:&quot;https:\\\/\\\/tickets.humboldtforum.org\\\/#\\\/tickets\\\/time?museum_id=1&amp;exhibition_id=17&amp;group=day&amp;date=2025-10-03&quot;,&quot;can_purchase&quot;:true},&quot;use_opening_hours_of_the_house&quot;:false,&quot;display_as_single&quot;:false,&quot;additional_info&quot;:{&quot;icon&quot;:&quot;icon-ort&quot;,&quot;text&quot;:&quot;2. OG, Raum 203&quot;},&quot;highlight_header&quot;:true,&quot;use_video_in_teasers&quot;:false,&quot;hyphenation&quot;:true,&quot;tipp&quot;:false,&quot;joker&quot;:false,&quot;live&quot;:false,&quot;hide_event_in_program&quot;:false,&quot;featured_images&quot;:[152729],&quot;periods&quot;:[{&quot;label&quot;:&quot;&quot;,&quot;dates&quot;:[{&quot;start&quot;:&quot;202510030000&quot;,&quot;end&quot;:&quot;202611090000&quot;,&quot;has_end&quot;:true,&quot;start_HRFSHORT&quot;:&quot;03.10.25&quot;,&quot;start_HRFSHORT_WD&quot;:&quot;Fr 03.10.2025&quot;,&quot;end_HRFSHORT&quot;:&quot;09.11.26&quot;}],&quot;monday&quot;:[{&quot;start&quot;:&quot;10:30&quot;,&quot;end&quot;:&quot;18:30&quot;,&quot;closed&quot;:false}],&quot;tuesday&quot;:[{&quot;start&quot;:null,&quot;end&quot;:null,&quot;closed&quot;:true}],&quot;wednesday&quot;:[{&quot;start&quot;:&quot;10:30&quot;,&quot;end&quot;:&quot;18:30&quot;,&quot;closed&quot;:false}],&quot;thursday&quot;:[{&quot;start&quot;:&quot;10:30&quot;,&quot;end&quot;:&quot;18:30&quot;,&quot;closed&quot;:false}],&quot;friday&quot;:[{&quot;start&quot;:&quot;10:30&quot;,&quot;end&quot;:&quot;18:30&quot;,&quot;closed&quot;:false}],&quot;saturday&quot;:[{&quot;start&quot;:&quot;10:30&quot;,&quot;end&quot;:&quot;18:30&quot;,&quot;closed&quot;:false}],&quot;sunday&quot;:[{&quot;start&quot;:&quot;10:30&quot;,&quot;end&quot;:&quot;18:30&quot;,&quot;closed&quot;:false}],&quot;info&quot;:&quot;&quot;,&quot;description&quot;:&quot;&quot;}],&quot;highlight_header_image&quot;:152729,&quot;has_mobile_format&quot;:true,&quot;subline&quot;:&quot;Videoinstallation zu bedrohten Sprachen und dem Thema Familie in Kooperation mit dem Endangered Languages Archive&quot;,&quot;highlight_header_image_mobile&quot;:152816,&quot;period_exception&quot;:[]},&quot;period_list&quot;:&quot;&lt;strong&gt;\\u00d6ffnungszeiten&lt;\\\/strong&gt;\\nMo, Mi, Do, Fr, Sa, So: 10:30 \\u2013 18:30 Uhr\\nDi: geschlossen\\n\\n&quot;,&quot;period_exception&quot;:&quot;&quot;,&quot;date&quot;:{&quot;infinite&quot;:false,&quot;from_DATE&quot;:202510030000,&quot;from&quot;:1759487400,&quot;from_TIME&quot;:&quot;10:30&quot;,&quot;to&quot;:1794249000,&quot;to_DATE&quot;:202611090000,&quot;to_TIME&quot;:&quot;18:30&quot;,&quot;from_HRFSHORT&quot;:&quot; 3. Okt 2025&quot;,&quot;from_HRFSHORT_WD&quot;:&quot;Fr 03.10.2025&quot;,&quot;from_HRF&quot;:&quot;Fr,  3. Oktober 2025&quot;,&quot;to_HRF&quot;:&quot;Mo,  9. November 2026&quot;,&quot;to_HRFSHORT&quot;:&quot; 9. Nov 2026&quot;,&quot;to_HRFSHORT_WD&quot;:&quot;Mo 09.11.2026&quot;,&quot;from_to_HRF&quot;:&quot;Fr,  3. Oktober 2025 \\u2013 Mo,  9. November 2026&quot;,&quot;from_to_HRFSHORT&quot;:&quot; 3. Okt 2025 \\u2013  9. Nov 2026&quot;,&quot;NXX&quot;:&quot;202608310416&quot;,&quot;NLAST&quot;:&quot;202611091830&quot;,&quot;NX&quot;:&quot;20260831&quot;},&quot;alert&quot;:&quot;Highlight&quot;,&quot;partof&quot;:[],&quot;marketing_topic&quot;:&quot;&quot;}' inline-template>\n\t<a href=\"https:\/\/www.humboldtforum.org\/de\/programm\/laufzeitangebot\/ausstellung\/verwandt-sein-geteilte-sprache-geteiltes-wissen-152731\/\" class=\"teaser teaser-event-period teaser-event-standard\">\n\t\t<div class=\"row\">\n\t\t\t<div class=\"col-xs-12 teaser-event-image\">\n\t\t\t\t<div class=\"teaser-image teaser-image-no-alternate\">\n\t\t\t\t\t\t\t\t\t\t\t\t\t<span class=\"alert\">Highlight<\/span>\n\t\t\t\t\t\t\t\t\t\t\t\n\t<lazy-media-inline inline-template>\n\t\t<figure itemscope itemtype=\"http:\/\/schema.org\/ImageObject\" class=\"lazy-media-inline \" role=\"group\" id=\"media_6a9500237f89a\" aria-labelledby=\"desc_media_6a9500237f89a\">\n\t\t\t<script type=\"application\/json\" ref=\"data\">\n\t\t\t\t{\n\t\t\t\t\"sizes\" : {\"medium\":{\"file\":\"SHF_eb00250145_-Nlabephee-Kefas-Othaniel-rechts-bei-der-Dokumentation-der-Sprache-Dza-Nigeria-V-5286-1-226x300.jpg\",\"width\":226,\"height\":300,\"mime-type\":\"image\\\/jpeg\",\"filesize\":22776},\"thumbnail\":{\"file\":\"SHF_eb00250145_-Nlabephee-Kefas-Othaniel-rechts-bei-der-Dokumentation-der-Sprache-Dza-Nigeria-V-5286-1-150x150.jpg\",\"width\":150,\"height\":150,\"mime-type\":\"image\\\/jpeg\",\"filesize\":8920},\"small\":{\"file\":\"SHF_eb00250145_-Nlabephee-Kefas-Othaniel-rechts-bei-der-Dokumentation-der-Sprache-Dza-Nigeria-V-5286-1-331x440.jpg\",\"width\":331,\"height\":440,\"mime-type\":\"image\\\/jpeg\",\"filesize\":45575},\"semi\":{\"file\":\"SHF_eb00250145_-Nlabephee-Kefas-Othaniel-rechts-bei-der-Dokumentation-der-Sprache-Dza-Nigeria-V-5286-1-437x580.jpg\",\"width\":437,\"height\":580,\"mime-type\":\"image\\\/jpeg\",\"filesize\":75959},\"mobile\":{\"file\":\"SHF_eb00250145_-Nlabephee-Kefas-Othaniel-rechts-bei-der-Dokumentation-der-Sprache-Dza-Nigeria-V-5286-1-542x720.jpg\",\"width\":542,\"height\":720,\"mime-type\":\"image\\\/jpeg\",\"filesize\":109816},\"original\":{\"file\":\"SHF_eb00250145_-Nlabephee-Kefas-Othaniel-rechts-bei-der-Dokumentation-der-Sprache-Dza-Nigeria-V-5286-1.jpg\",\"width\":631,\"height\":838}},\n\t\t\t\t\"alt\" : \"Mann sitzt auf einem Stuhl neben einer Kamera auf einem Stativ und filmt in einer l\\u00e4ndlichen Gegend.\",\n\t\t\t\t\"path\" : \"\\\/wp-content\\\/uploads\\\/2025\\\/09\\\/\",\n\t\t\t\t\"video\" : null,\n\t\t\t\t\"autoplay\" : null,\n\t\t\t\t\"youtube\" : null,\n\t\t\t\t\"youtubelabel\" : \"Video abspielen\",\n\t\t\t\t\"brightness\" : 100,\n\t\t\t\t\"crop\" : null,\n\t\t\t\t\"background\" : true,\n\t\t\t\t\"scale\" : 2\t\t\t\t}\n\t\t\t<\/script>\n\n\t\t\t<div class=\"height-container\" style=\"padding-bottom:132.80507131537%;\" v-if=\"sizes\">\n\t\t\t\t\t\t\t\t<lazy-media :inline=\"true\" :alt=\"alt\" :sizes=\"sizes\" :scale=\"scale\" :brightness=\"brightness\" :path=\"path\" :video=\"video\" :autoplay=\"autoplay\" :youtube=\"youtube\" :crop=\"crop\" :youtubelabel=\"youtubelabel\" :background=\"background\" media-id=\"desc_media_6a9500237f89a\"><\/lazy-media>\n\t\t\t\t\t\t\t<\/div>\n\n\t\t\t\t\t\t\t<figcaption class=\"sr-only\" ref=\"body\" id=\"desc_media_6a9500237f89a\">\n\t\t\t\t\t\t\t\t\t\t\t\t\t\t\t\t<div>Nlabephee Kefas Othaniel w&auml;hrend einer Recording Session in Kwangkah village of Dza <\/div>\n\t\t\t\t\t\t\t\t\t\t\t\t\t\t\t\t<div class=\"insignificant\">\u00a9 Hammanson Sule (Fotograf)<\/div>\n\t\t\t\t\t\t\t\t\t<\/figcaption>\n\t\t\t\t\t<\/figure>\n\t<\/lazy-media-inline>\n\t\t\t\t<\/div>\n\t\t\t<\/div>\n\t\t\t<div class=\"col-xs-12 teaser-event-text Infos\">\n\t\t\t\t<div class=\"teaser-event-standard-text\">\n\t\t\t\t\t<div class=\"margin-bottom-atom\">\n\t\t\t\t\t\t<div class=\"subline clamp-1\" v-html=\"maingenre\"><\/div>\n\t\t\t\t\t\t\t\t\t\t\t<\/div>\n\t\t\t\t\n\t\t\t\t\t<strong class=\"margin-bottom-atom\">Verwandt sein: geteilte Sprache, geteiltes Wissen?<\/strong>\n\n\t\t\t\t\t\t\t\t\t\t\t<div class=\"\">Videoinstallation zu bedrohten Sprachen und dem Thema Familie in Kooperation mit dem Endangered Languages Archive<\/div>\n\t\t\t\t\t\t\t\t\t<\/div>\n\t\t\t\t<div class=\"teaser-bottom border-bottom\">\n\t\t\t\t<calendardateline :rawitem='item' :show-icon=\"true\"><\/calendardateline>\n\t\t\t\t\t<hr>\n\t\t\t\t<\/div>\n\t\t\t<\/div>\n\t\t<\/div>\n\t<\/a>\n\t<\/calendarteaser>\n<\/li>\n\n<li class=\"teaser-lane-slide col-xs-9 col-sm-4 col-md-3 teaser-wrapper col-padding-remove\">\n\t<calendarteaser key=\"15450518940\" rawitem='{&quot;postId&quot;:154505,&quot;title&quot;:&quot;An das wir uns festhalten&quot;,&quot;excerpt&quot;:&quot;&quot;,&quot;slug&quot;:&quot;an-das-wir-uns-festhalten&quot;,&quot;post_date&quot;:&quot;2025-10-22T13:14&quot;,&quot;type&quot;:&quot;event-period&quot;,&quot;permalink&quot;:&quot;https:\\\/\\\/www.humboldtforum.org\\\/de\\\/programm\\\/laufzeitangebot\\\/ausstellung\\\/an-das-wir-uns-festhalten-154505\\\/&quot;,&quot;genre&quot;:[391],&quot;genre_details&quot;:[{&quot;text&quot;:&quot;Ausstellung&quot;,&quot;id&quot;:391,&quot;icon&quot;:null,&quot;parent&quot;:0}],&quot;stakeholder&quot;:[530,382],&quot;stakeholder_details&quot;:[{&quot;text&quot;:&quot;Staatliche Museen zu Berlin&quot;,&quot;id&quot;:530,&quot;icon&quot;:null,&quot;parent&quot;:0},{&quot;text&quot;:&quot;Stiftung Humboldt Forum im Berliner Schloss&quot;,&quot;id&quot;:382,&quot;icon&quot;:null,&quot;parent&quot;:0}],&quot;language&quot;:[384,385],&quot;language_details&quot;:[{&quot;text&quot;:&quot;Deutsch&quot;,&quot;id&quot;:384,&quot;icon&quot;:null,&quot;parent&quot;:0},{&quot;text&quot;:&quot;Englisch&quot;,&quot;id&quot;:385,&quot;icon&quot;:null,&quot;parent&quot;:0}],&quot;place&quot;:[532],&quot;place_details&quot;:{&quot;place&quot;:&quot;Humboldt Forum&quot;,&quot;map&quot;:&quot;Humboldt Forum, Schlossplatz, Berlin&quot;,&quot;room&quot;:&quot;3. OG&quot;},&quot;icon_overwrite&quot;:&quot;&quot;,&quot;acf&quot;:{&quot;noindex&quot;:false,&quot;keywords&quot;:&quot;&quot;,&quot;shorturl&quot;:&quot;&quot;,&quot;planning&quot;:{&quot;price&quot;:&quot;regul\\u00e4r 9 EUR, Ausstellungsticket f\\u00fcr Ethnologische Sammlungen und Asiatische Kunst erforderlich&quot;,&quot;status&quot;:&quot;BUY&quot;,&quot;info&quot;:&quot;regul\\u00e4r 9 EUR, Ausstellungsticket f\\u00fcr Ethnologische Sammlungen und Asiatische Kunst erforderlich&quot;,&quot;shop&quot;:&quot;https:\\\/\\\/tickets.humboldtforum.org\\\/#\\\/tickets\\\/time?museum_id=1&amp;exhibition_id=17&amp;group=day&amp;date=2025-11-19&quot;,&quot;can_purchase&quot;:true},&quot;use_opening_hours_of_the_house&quot;:false,&quot;display_as_single&quot;:false,&quot;additional_info&quot;:{&quot;icon&quot;:&quot;icon-ort&quot;,&quot;text&quot;:&quot;Raum 312&quot;},&quot;highlight_header&quot;:true,&quot;use_video_in_teasers&quot;:false,&quot;hyphenation&quot;:true,&quot;tipp&quot;:false,&quot;joker&quot;:false,&quot;live&quot;:false,&quot;hide_event_in_program&quot;:false,&quot;periods&quot;:[{&quot;label&quot;:&quot;&quot;,&quot;dates&quot;:[{&quot;start&quot;:&quot;202511280000&quot;,&quot;end&quot;:&quot;202608310000&quot;,&quot;has_end&quot;:true,&quot;start_HRFSHORT&quot;:&quot;28.11.25&quot;,&quot;start_HRFSHORT_WD&quot;:&quot;Fr 28.11.2025&quot;,&quot;end_HRFSHORT&quot;:&quot;31.08.26&quot;}],&quot;monday&quot;:[{&quot;start&quot;:&quot;10:30&quot;,&quot;end&quot;:&quot;18:30&quot;,&quot;closed&quot;:false}],&quot;tuesday&quot;:[{&quot;start&quot;:null,&quot;end&quot;:null,&quot;closed&quot;:true}],&quot;wednesday&quot;:[{&quot;start&quot;:&quot;10:30&quot;,&quot;end&quot;:&quot;18:30&quot;,&quot;closed&quot;:false}],&quot;thursday&quot;:[{&quot;start&quot;:&quot;10:30&quot;,&quot;end&quot;:&quot;18:30&quot;,&quot;closed&quot;:false}],&quot;friday&quot;:[{&quot;start&quot;:&quot;10:30&quot;,&quot;end&quot;:&quot;18:30&quot;,&quot;closed&quot;:false}],&quot;saturday&quot;:[{&quot;start&quot;:&quot;10:30&quot;,&quot;end&quot;:&quot;18:30&quot;,&quot;closed&quot;:false}],&quot;sunday&quot;:[{&quot;start&quot;:&quot;10:30&quot;,&quot;end&quot;:&quot;18:30&quot;,&quot;closed&quot;:false}],&quot;info&quot;:&quot;&quot;,&quot;description&quot;:&quot;&quot;}],&quot;featured_images&quot;:[154507],&quot;highlight_header_image&quot;:154507,&quot;has_mobile_format&quot;:true,&quot;highlight_header_image_mobile&quot;:154507,&quot;events&quot;:[155770,157929,163894,164868,167352],&quot;period_exception&quot;:[]},&quot;period_list&quot;:&quot;&lt;strong&gt;\\u00d6ffnungszeiten&lt;\\\/strong&gt;\\nMo, Mi, Do, Fr, Sa, So: 10:30 \\u2013 18:30 Uhr\\nDi: geschlossen\\n\\n&quot;,&quot;period_exception&quot;:&quot;&quot;,&quot;date&quot;:{&quot;infinite&quot;:false,&quot;from_DATE&quot;:202511280000,&quot;from&quot;:1764325800,&quot;from_TIME&quot;:&quot;10:30&quot;,&quot;to&quot;:1788201000,&quot;to_DATE&quot;:202608310000,&quot;to_TIME&quot;:&quot;18:30&quot;,&quot;from_HRFSHORT&quot;:&quot;28. Nov 2025&quot;,&quot;from_HRFSHORT_WD&quot;:&quot;Fr 28.11.2025&quot;,&quot;from_HRF&quot;:&quot;Fr, 28. November 2025&quot;,&quot;to_HRF&quot;:&quot;Mo, 31. August 2026&quot;,&quot;to_HRFSHORT&quot;:&quot;31. Aug 2026&quot;,&quot;to_HRFSHORT_WD&quot;:&quot;Mo 31.08.2026&quot;,&quot;from_to_HRF&quot;:&quot;Fr, 28. November 2025 \\u2013 Mo, 31. August 2026&quot;,&quot;from_to_HRFSHORT&quot;:&quot;28. Nov 2025 \\u2013 31. Aug 2026&quot;,&quot;NXX&quot;:null,&quot;NLAST&quot;:&quot;202608311830&quot;},&quot;alert&quot;:&quot;Highlight&quot;,&quot;partof&quot;:[],&quot;marketing_topic&quot;:&quot;&quot;}' inline-template>\n\t<a href=\"https:\/\/www.humboldtforum.org\/de\/programm\/laufzeitangebot\/ausstellung\/an-das-wir-uns-festhalten-154505\/\" class=\"teaser teaser-event-period teaser-event-standard\">\n\t\t<div class=\"row\">\n\t\t\t<div class=\"col-xs-12 teaser-event-image\">\n\t\t\t\t<div class=\"teaser-image teaser-image-no-alternate\">\n\t\t\t\t\t\t\t\t\t\t\t\t\t<span class=\"alert\">Highlight<\/span>\n\t\t\t\t\t\t\t\t\t\t\t\n\t<lazy-media-inline inline-template>\n\t\t<figure itemscope itemtype=\"http:\/\/schema.org\/ImageObject\" class=\"lazy-media-inline \" role=\"group\" id=\"media_6a95002380198\" aria-labelledby=\"desc_media_6a95002380198\">\n\t\t\t<script type=\"application\/json\" ref=\"data\">\n\t\t\t\t{\n\t\t\t\t\"sizes\" : {\"medium\":{\"file\":\"SHF_eb00250512a-240x300.jpg\",\"width\":240,\"height\":300,\"mime-type\":\"image\\\/jpeg\",\"filesize\":26167},\"large\":{\"file\":\"SHF_eb00250512a-819x1024.jpg\",\"width\":819,\"height\":1024,\"mime-type\":\"image\\\/jpeg\",\"filesize\":201433},\"thumbnail\":{\"file\":\"SHF_eb00250512a-150x150.jpg\",\"width\":150,\"height\":150,\"mime-type\":\"image\\\/jpeg\",\"filesize\":10254},\"medium_large\":{\"file\":\"SHF_eb00250512a-768x960.jpg\",\"width\":768,\"height\":960,\"mime-type\":\"image\\\/jpeg\",\"filesize\":180003},\"small\":{\"file\":\"SHF_eb00250512a-352x440.jpg\",\"width\":352,\"height\":440,\"mime-type\":\"image\\\/jpeg\",\"filesize\":49727},\"semi\":{\"file\":\"SHF_eb00250512a-464x580.jpg\",\"width\":464,\"height\":580,\"mime-type\":\"image\\\/jpeg\",\"filesize\":78759},\"mobile\":{\"file\":\"SHF_eb00250512a-576x720.jpg\",\"width\":576,\"height\":720,\"mime-type\":\"image\\\/jpeg\",\"filesize\":112453},\"hd\":{\"file\":\"SHF_eb00250512a-1024x1280.jpg\",\"width\":1024,\"height\":1280,\"mime-type\":\"image\\\/jpeg\",\"filesize\":285112},\"1536x1536\":{\"file\":\"SHF_eb00250512a-1229x1536.jpg\",\"width\":1229,\"height\":1536,\"mime-type\":\"image\\\/jpeg\",\"filesize\":380962},\"original\":{\"file\":\"SHF_eb00250512a.jpg\",\"width\":1500,\"height\":1875}},\n\t\t\t\t\"alt\" : \"Frau mit Bildrahmen sitzt auf zwei M\\u00e4nnern, umgeben von Blumen, H\\u00e4nden und Figuren in einer farbenfrohen Szenerie.\",\n\t\t\t\t\"path\" : \"\\\/wp-content\\\/uploads\\\/2025\\\/10\\\/\",\n\t\t\t\t\"video\" : null,\n\t\t\t\t\"autoplay\" : null,\n\t\t\t\t\"youtube\" : null,\n\t\t\t\t\"youtubelabel\" : \"Video abspielen\",\n\t\t\t\t\"brightness\" : 100,\n\t\t\t\t\"crop\" : {\"top\":\"29.53\",\"left\":\"49.66\"},\n\t\t\t\t\"background\" : true,\n\t\t\t\t\"scale\" : 2\t\t\t\t}\n\t\t\t<\/script>\n\n\t\t\t<div class=\"height-container\" style=\"padding-bottom:125%;\" v-if=\"sizes\">\n\t\t\t\t\t\t\t\t<lazy-media :inline=\"true\" :alt=\"alt\" :sizes=\"sizes\" :scale=\"scale\" :brightness=\"brightness\" :path=\"path\" :video=\"video\" :autoplay=\"autoplay\" :youtube=\"youtube\" :crop=\"crop\" :youtubelabel=\"youtubelabel\" :background=\"background\" media-id=\"desc_media_6a95002380198\"><\/lazy-media>\n\t\t\t\t\t\t\t<\/div>\n\n\t\t\t\t\t\t\t<figcaption class=\"sr-only\" ref=\"body\" id=\"desc_media_6a95002380198\">\n\t\t\t\t\t\t\t\t\t\t\t\t\t\t\t\t<div>Mom&#039;s Heaven, 2025 <\/div>\n\t\t\t\t\t\t\t\t\t\t\t\t\t\t\t\t<div class=\"insignificant\">\u00a9 Leonard Suryajaya<\/div>\n\t\t\t\t\t\t\t\t\t<\/figcaption>\n\t\t\t\t\t<\/figure>\n\t<\/lazy-media-inline>\n\t\t\t\t<\/div>\n\t\t\t<\/div>\n\t\t\t<div class=\"col-xs-12 teaser-event-text Infos\">\n\t\t\t\t<div class=\"teaser-event-standard-text\">\n\t\t\t\t\t<div class=\"margin-bottom-atom\">\n\t\t\t\t\t\t<div class=\"subline clamp-1\" v-html=\"maingenre\"><\/div>\n\t\t\t\t\t\t\t\t\t\t\t<\/div>\n\t\t\t\t\n\t\t\t\t\t<strong class=\"margin-bottom-atom\">An das wir uns festhalten<\/strong>\n\n\t\t\t\t\t\t\t\t\t\t\t<div class=\"\"><\/div>\n\t\t\t\t\t\t\t\t\t<\/div>\n\t\t\t\t<div class=\"teaser-bottom border-bottom\">\n\t\t\t\t<calendardateline :rawitem='item' :show-icon=\"true\"><\/calendardateline>\n\t\t\t\t\t<hr>\n\t\t\t\t<\/div>\n\t\t\t<\/div>\n\t\t<\/div>\n\t<\/a>\n\t<\/calendarteaser>\n<\/li>\n\n<li class=\"teaser-lane-slide col-xs-9 col-sm-4 col-md-3 teaser-wrapper col-padding-remove\">\n\t<calendarteaser key=\"1547428887\" rawitem='{&quot;postId&quot;:154742,&quot;title&quot;:&quot;Sich verwandt machen&quot;,&quot;excerpt&quot;:&quot;&quot;,&quot;slug&quot;:&quot;sich-verwandt-machen&quot;,&quot;post_date&quot;:&quot;2025-10-24T13:04&quot;,&quot;type&quot;:&quot;event-period&quot;,&quot;permalink&quot;:&quot;https:\\\/\\\/www.humboldtforum.org\\\/de\\\/programm\\\/laufzeitangebot\\\/ausstellung\\\/sich-verwandt-machen-154742\\\/&quot;,&quot;genre&quot;:[391],&quot;genre_details&quot;:[{&quot;text&quot;:&quot;Ausstellung&quot;,&quot;id&quot;:391,&quot;icon&quot;:null,&quot;parent&quot;:0}],&quot;stakeholder&quot;:[530,382],&quot;stakeholder_details&quot;:[{&quot;text&quot;:&quot;Staatliche Museen zu Berlin&quot;,&quot;id&quot;:530,&quot;icon&quot;:null,&quot;parent&quot;:0},{&quot;text&quot;:&quot;Stiftung Humboldt Forum im Berliner Schloss&quot;,&quot;id&quot;:382,&quot;icon&quot;:null,&quot;parent&quot;:0}],&quot;language&quot;:[384,385],&quot;language_details&quot;:[{&quot;text&quot;:&quot;Deutsch&quot;,&quot;id&quot;:384,&quot;icon&quot;:null,&quot;parent&quot;:0},{&quot;text&quot;:&quot;Englisch&quot;,&quot;id&quot;:385,&quot;icon&quot;:null,&quot;parent&quot;:0}],&quot;place&quot;:[1894],&quot;place_details&quot;:{&quot;place&quot;:&quot;Humboldt Forum&quot;,&quot;map&quot;:&quot;Humboldt Forum, Schlossplatz, Berlin&quot;,&quot;room&quot;:&quot;3. OG, Raum 304&quot;},&quot;icon_overwrite&quot;:&quot;&quot;,&quot;acf&quot;:{&quot;noindex&quot;:false,&quot;keywords&quot;:&quot;&quot;,&quot;shorturl&quot;:&quot;&quot;,&quot;planning&quot;:{&quot;price&quot;:&quot;regul\\u00e4r 9 EUR, Ausstellungsticket f\\u00fcr Ethnologische Sammlungen und Asiatische Kunst erforderlich&quot;,&quot;status&quot;:&quot;BUY&quot;,&quot;info&quot;:&quot;regul\\u00e4r 9 EUR, Ausstellungsticket f\\u00fcr Ethnologische Sammlungen und Asiatische Kunst erforderlich&quot;,&quot;shop&quot;:&quot;https:\\\/\\\/tickets.humboldtforum.org\\\/#\\\/tickets\\\/time?museum_id=1&amp;exhibition_id=17&amp;group=day&quot;,&quot;can_purchase&quot;:true},&quot;use_opening_hours_of_the_house&quot;:false,&quot;display_as_single&quot;:false,&quot;additional_info&quot;:{&quot;icon&quot;:&quot;0&quot;,&quot;text&quot;:&quot;&quot;},&quot;highlight_header&quot;:true,&quot;use_video_in_teasers&quot;:false,&quot;hyphenation&quot;:true,&quot;tipp&quot;:true,&quot;joker&quot;:false,&quot;live&quot;:false,&quot;hide_event_in_program&quot;:false,&quot;periods&quot;:[{&quot;label&quot;:&quot;&quot;,&quot;dates&quot;:[{&quot;start&quot;:&quot;202511280000&quot;,&quot;end&quot;:&quot;202608310000&quot;,&quot;has_end&quot;:true,&quot;start_HRFSHORT&quot;:&quot;28.11.25&quot;,&quot;start_HRFSHORT_WD&quot;:&quot;Fr 28.11.2025&quot;,&quot;end_HRFSHORT&quot;:&quot;31.08.26&quot;}],&quot;monday&quot;:[{&quot;start&quot;:&quot;10:30&quot;,&quot;end&quot;:&quot;18:30&quot;,&quot;closed&quot;:false}],&quot;tuesday&quot;:[{&quot;start&quot;:null,&quot;end&quot;:null,&quot;closed&quot;:true}],&quot;wednesday&quot;:[{&quot;start&quot;:&quot;10:30&quot;,&quot;end&quot;:&quot;18:30&quot;,&quot;closed&quot;:false}],&quot;thursday&quot;:[{&quot;start&quot;:&quot;10:30&quot;,&quot;end&quot;:&quot;18:30&quot;,&quot;closed&quot;:false}],&quot;friday&quot;:[{&quot;start&quot;:&quot;10:30&quot;,&quot;end&quot;:&quot;18:30&quot;,&quot;closed&quot;:false}],&quot;saturday&quot;:[{&quot;start&quot;:&quot;10:30&quot;,&quot;end&quot;:&quot;18:30&quot;,&quot;closed&quot;:false}],&quot;sunday&quot;:[{&quot;start&quot;:&quot;10:30&quot;,&quot;end&quot;:&quot;18:30&quot;,&quot;closed&quot;:false}],&quot;info&quot;:&quot;&quot;,&quot;description&quot;:&quot;&quot;}],&quot;featured_images&quot;:[154745],&quot;events&quot;:[155770,157929,164868,164825,167352],&quot;highlight_header_image&quot;:155868,&quot;has_mobile_format&quot;:true,&quot;period_exception&quot;:[]},&quot;period_list&quot;:&quot;&lt;strong&gt;\\u00d6ffnungszeiten&lt;\\\/strong&gt;\\nMo, Mi, Do, Fr, Sa, So: 10:30 \\u2013 18:30 Uhr\\nDi: geschlossen\\n\\n&quot;,&quot;period_exception&quot;:&quot;&quot;,&quot;date&quot;:{&quot;infinite&quot;:false,&quot;from_DATE&quot;:202511280000,&quot;from&quot;:1764325800,&quot;from_TIME&quot;:&quot;10:30&quot;,&quot;to&quot;:1788201000,&quot;to_DATE&quot;:202608310000,&quot;to_TIME&quot;:&quot;18:30&quot;,&quot;from_HRFSHORT&quot;:&quot;28. Nov 2025&quot;,&quot;from_HRFSHORT_WD&quot;:&quot;Fr 28.11.2025&quot;,&quot;from_HRF&quot;:&quot;Fr, 28. November 2025&quot;,&quot;to_HRF&quot;:&quot;Mo, 31. August 2026&quot;,&quot;to_HRFSHORT&quot;:&quot;31. Aug 2026&quot;,&quot;to_HRFSHORT_WD&quot;:&quot;Mo 31.08.2026&quot;,&quot;from_to_HRF&quot;:&quot;Fr, 28. November 2025 \\u2013 Mo, 31. August 2026&quot;,&quot;from_to_HRFSHORT&quot;:&quot;28. Nov 2025 \\u2013 31. Aug 2026&quot;,&quot;NXX&quot;:null,&quot;NLAST&quot;:&quot;202608311830&quot;},&quot;alert&quot;:&quot;Tipp&quot;,&quot;partof&quot;:[],&quot;marketing_topic&quot;:&quot;&quot;}' inline-template>\n\t<a href=\"https:\/\/www.humboldtforum.org\/de\/programm\/laufzeitangebot\/ausstellung\/sich-verwandt-machen-154742\/\" class=\"teaser teaser-event-period teaser-event-standard\">\n\t\t<div class=\"row\">\n\t\t\t<div class=\"col-xs-12 teaser-event-image\">\n\t\t\t\t<div class=\"teaser-image teaser-image-no-alternate\">\n\t\t\t\t\t\t\t\t\t\t\t\t\t<span class=\"alert\">Tipp<\/span>\n\t\t\t\t\t\t\t\t\t\t\t\n\t<lazy-media-inline inline-template>\n\t\t<figure itemscope itemtype=\"http:\/\/schema.org\/ImageObject\" class=\"lazy-media-inline \" role=\"group\" id=\"media_6a95002380a94\" aria-labelledby=\"desc_media_6a95002380a94\">\n\t\t\t<script type=\"application\/json\" ref=\"data\">\n\t\t\t\t{\n\t\t\t\t\"sizes\" : {\"medium\":{\"file\":\"SHF_eb00246787_Meryl-McMaster_-Time_s-Gravity-1-300x200.jpg\",\"width\":300,\"height\":200,\"mime-type\":\"image\\\/jpeg\",\"filesize\":18721},\"large\":{\"file\":\"SHF_eb00246787_Meryl-McMaster_-Time_s-Gravity-1-1024x682.jpg\",\"width\":1024,\"height\":682,\"mime-type\":\"image\\\/jpeg\",\"filesize\":132818},\"thumbnail\":{\"file\":\"SHF_eb00246787_Meryl-McMaster_-Time_s-Gravity-1-150x150.jpg\",\"width\":150,\"height\":150,\"mime-type\":\"image\\\/jpeg\",\"filesize\":8088},\"medium_large\":{\"file\":\"SHF_eb00246787_Meryl-McMaster_-Time_s-Gravity-1-768x512.jpg\",\"width\":768,\"height\":512,\"mime-type\":\"image\\\/jpeg\",\"filesize\":86189},\"small\":{\"file\":\"SHF_eb00246787_Meryl-McMaster_-Time_s-Gravity-1-440x293.jpg\",\"width\":440,\"height\":293,\"mime-type\":\"image\\\/jpeg\",\"filesize\":35371},\"semi\":{\"file\":\"SHF_eb00246787_Meryl-McMaster_-Time_s-Gravity-1-580x386.jpg\",\"width\":580,\"height\":386,\"mime-type\":\"image\\\/jpeg\",\"filesize\":56138},\"mobile\":{\"file\":\"SHF_eb00246787_Meryl-McMaster_-Time_s-Gravity-1-720x480.jpg\",\"width\":720,\"height\":480,\"mime-type\":\"image\\\/jpeg\",\"filesize\":77742},\"hd\":{\"file\":\"SHF_eb00246787_Meryl-McMaster_-Time_s-Gravity-1-1280x853.jpg\",\"width\":1280,\"height\":853,\"mime-type\":\"image\\\/jpeg\",\"filesize\":184758},\"full\":{\"file\":\"SHF_eb00246787_Meryl-McMaster_-Time_s-Gravity-1-1920x1279.jpg\",\"width\":1920,\"height\":1279,\"mime-type\":\"image\\\/jpeg\",\"filesize\":325780},\"1536x1536\":{\"file\":\"SHF_eb00246787_Meryl-McMaster_-Time_s-Gravity-1-1536x1023.jpg\",\"width\":1536,\"height\":1023,\"mime-type\":\"image\\\/jpeg\",\"filesize\":238146},\"2048x2048\":{\"file\":\"SHF_eb00246787_Meryl-McMaster_-Time_s-Gravity-1-2048x1365.jpg\",\"width\":2048,\"height\":1365,\"mime-type\":\"image\\\/jpeg\",\"filesize\":357547},\"original\":{\"file\":\"SHF_eb00246787_Meryl-McMaster_-Time_s-Gravity-1.jpg\",\"width\":3000,\"height\":1999}},\n\t\t\t\t\"alt\" : \"Eine Person steht vor einem Baum, tr\\u00e4gt mit roten B\\u00e4ndern gebundene B\\u00fccher und hat die Augen geschlossen. Winterlandschaft im Hintergrund.\",\n\t\t\t\t\"path\" : \"\\\/wp-content\\\/uploads\\\/2025\\\/11\\\/\",\n\t\t\t\t\"video\" : null,\n\t\t\t\t\"autoplay\" : null,\n\t\t\t\t\"youtube\" : null,\n\t\t\t\t\"youtubelabel\" : \"Video abspielen\",\n\t\t\t\t\"brightness\" : 100,\n\t\t\t\t\"crop\" : {\"top\":\"50.00\",\"left\":\"50.00\"},\n\t\t\t\t\"background\" : true,\n\t\t\t\t\"scale\" : 2\t\t\t\t}\n\t\t\t<\/script>\n\n\t\t\t<div class=\"height-container\" style=\"padding-bottom:66.633333333333%;\" v-if=\"sizes\">\n\t\t\t\t\t\t\t\t<lazy-media :inline=\"true\" :alt=\"alt\" :sizes=\"sizes\" :scale=\"scale\" :brightness=\"brightness\" :path=\"path\" :video=\"video\" :autoplay=\"autoplay\" :youtube=\"youtube\" :crop=\"crop\" :youtubelabel=\"youtubelabel\" :background=\"background\" media-id=\"desc_media_6a95002380a94\"><\/lazy-media>\n\t\t\t\t\t\t\t<\/div>\n\n\t\t\t\t\t\t\t<figcaption class=\"sr-only\" ref=\"body\" id=\"desc_media_6a95002380a94\">\n\t\t\t\t\t\t\t\t\t\t\t\t\t\t\t\t<div>Time&#039;s Gravity von Meryl McMaster in der Ausstellung &quot;Sich verwandt machen&quot; (V-5184) <\/div>\n\t\t\t\t\t\t\t\t\t\t\t\t\t\t\t\t<div class=\"insignificant\">\u00a9 Meryl McMaster, Courtesy of the artist, Stephen Bulger Gallery and Pierre-Fran\u00e7ois Ouellette art contemporain<\/div>\n\t\t\t\t\t\t\t\t\t<\/figcaption>\n\t\t\t\t\t<\/figure>\n\t<\/lazy-media-inline>\n\t\t\t\t<\/div>\n\t\t\t<\/div>\n\t\t\t<div class=\"col-xs-12 teaser-event-text Infos\">\n\t\t\t\t<div class=\"teaser-event-standard-text\">\n\t\t\t\t\t<div class=\"margin-bottom-atom\">\n\t\t\t\t\t\t<div class=\"subline clamp-1\" v-html=\"maingenre\"><\/div>\n\t\t\t\t\t\t\t\t\t\t\t<\/div>\n\t\t\t\t\n\t\t\t\t\t<strong class=\"margin-bottom-atom\">Sich verwandt machen<\/strong>\n\n\t\t\t\t\t\t\t\t\t\t\t<div class=\"\"><\/div>\n\t\t\t\t\t\t\t\t\t<\/div>\n\t\t\t\t<div class=\"teaser-bottom border-bottom\">\n\t\t\t\t<calendardateline :rawitem='item' :show-icon=\"true\"><\/calendardateline>\n\t\t\t\t\t<hr>\n\t\t\t\t<\/div>\n\t\t\t<\/div>\n\t\t<\/div>\n\t<\/a>\n\t<\/calendarteaser>\n<\/li>\n\n<li class=\"teaser-lane-slide col-xs-9 col-sm-4 col-md-3 teaser-wrapper col-padding-remove\">\n\t<calendarteaser key=\"1439653508\" rawitem='{&quot;postId&quot;:143965,&quot;title&quot;:&quot;Feliciano Lana&quot;,&quot;excerpt&quot;:&quot;&quot;,&quot;slug&quot;:&quot;feliciano-lana&quot;,&quot;post_date&quot;:&quot;2025-03-20T14:58&quot;,&quot;type&quot;:&quot;event-period&quot;,&quot;permalink&quot;:&quot;https:\\\/\\\/www.humboldtforum.org\\\/de\\\/programm\\\/laufzeitangebot\\\/ausstellung\\\/feliciano-lana-143965\\\/&quot;,&quot;genre&quot;:[391],&quot;genre_details&quot;:[{&quot;text&quot;:&quot;Ausstellung&quot;,&quot;id&quot;:391,&quot;icon&quot;:null,&quot;parent&quot;:0}],&quot;stakeholder&quot;:[382],&quot;stakeholder_details&quot;:[{&quot;text&quot;:&quot;Stiftung Humboldt Forum im Berliner Schloss&quot;,&quot;id&quot;:382,&quot;icon&quot;:null,&quot;parent&quot;:0}],&quot;language&quot;:[384,385],&quot;language_details&quot;:[{&quot;text&quot;:&quot;Deutsch&quot;,&quot;id&quot;:384,&quot;icon&quot;:null,&quot;parent&quot;:0},{&quot;text&quot;:&quot;Englisch&quot;,&quot;id&quot;:385,&quot;icon&quot;:null,&quot;parent&quot;:0}],&quot;age&quot;:[1911],&quot;age_details&quot;:[{&quot;text&quot;:&quot;ab 9 Jahre&quot;,&quot;id&quot;:1911,&quot;icon&quot;:null,&quot;parent&quot;:0}],&quot;place&quot;:[1682],&quot;place_details&quot;:{&quot;place&quot;:&quot;Museum f\\u00fcr Asiatische Kunst, 3. OG&quot;,&quot;map&quot;:&quot;Humboldt Forum, Schlossplatz, Berlin&quot;,&quot;room&quot;:&quot;&quot;},&quot;icon_overwrite&quot;:&quot;&quot;,&quot;acf&quot;:{&quot;noindex&quot;:false,&quot;keywords&quot;:&quot;&quot;,&quot;shorturl&quot;:&quot;lana&quot;,&quot;planning&quot;:{&quot;price&quot;:&quot;regul\\u00e4r 9 EUR, Ausstellungsticket f\\u00fcr Ethnologische Sammlungen und Asiatische Kunst erforderlich&quot;,&quot;status&quot;:&quot;BUY&quot;,&quot;info&quot;:&quot;regul\\u00e4r 9 EUR, Ausstellungsticket f\\u00fcr Ethnologische Sammlungen und Asiatische Kunst erforderlich&quot;,&quot;shop&quot;:&quot;https:\\\/\\\/tickets.humboldtforum.org\\\/#\\\/tickets\\\/time?museum_id=1&amp;exhibition_id=17&amp;group=day&amp;date=2025-10-03&quot;,&quot;can_purchase&quot;:true},&quot;use_opening_hours_of_the_house&quot;:false,&quot;display_as_single&quot;:false,&quot;subline&quot;:&quot;Die Geschichte der Wei\\u00dfen&quot;,&quot;additional_info&quot;:{&quot;icon&quot;:&quot;0&quot;,&quot;text&quot;:&quot;&quot;},&quot;highlight_header&quot;:true,&quot;has_mobile_format&quot;:true,&quot;use_video_in_teasers&quot;:false,&quot;hyphenation&quot;:true,&quot;tipp&quot;:false,&quot;joker&quot;:false,&quot;live&quot;:false,&quot;hide_event_in_program&quot;:false,&quot;highlight_header_image&quot;:144497,&quot;periods&quot;:[{&quot;label&quot;:&quot;&quot;,&quot;dates&quot;:[{&quot;start&quot;:&quot;202505240000&quot;,&quot;end&quot;:&quot;202703080000&quot;,&quot;has_end&quot;:true,&quot;start_HRFSHORT&quot;:&quot;24.05.25&quot;,&quot;start_HRFSHORT_WD&quot;:&quot;Sa 24.05.2025&quot;,&quot;end_HRFSHORT&quot;:&quot;08.03.27&quot;}],&quot;monday&quot;:[{&quot;start&quot;:&quot;10:30&quot;,&quot;end&quot;:&quot;18:30&quot;,&quot;closed&quot;:false}],&quot;tuesday&quot;:[{&quot;start&quot;:null,&quot;end&quot;:null,&quot;closed&quot;:true}],&quot;wednesday&quot;:[{&quot;start&quot;:&quot;10:30&quot;,&quot;end&quot;:&quot;18:30&quot;,&quot;closed&quot;:false}],&quot;thursday&quot;:[{&quot;start&quot;:&quot;10:30&quot;,&quot;end&quot;:&quot;18:30&quot;,&quot;closed&quot;:false}],&quot;friday&quot;:[{&quot;start&quot;:&quot;10:30&quot;,&quot;end&quot;:&quot;18:30&quot;,&quot;closed&quot;:false}],&quot;saturday&quot;:[{&quot;start&quot;:&quot;10:30&quot;,&quot;end&quot;:&quot;18:30&quot;,&quot;closed&quot;:false}],&quot;sunday&quot;:[{&quot;start&quot;:&quot;10:30&quot;,&quot;end&quot;:&quot;18:30&quot;,&quot;closed&quot;:false}],&quot;info&quot;:&quot;&quot;,&quot;description&quot;:&quot;&quot;}],&quot;highlight_header_image_mobile&quot;:144852,&quot;events&quot;:[146674,145161],&quot;period_exception&quot;:[]},&quot;period_list&quot;:&quot;&lt;strong&gt;\\u00d6ffnungszeiten&lt;\\\/strong&gt;\\nMo, Mi, Do, Fr, Sa, So: 10:30 \\u2013 18:30 Uhr\\nDi: geschlossen\\n\\n&quot;,&quot;period_exception&quot;:&quot;&quot;,&quot;date&quot;:{&quot;infinite&quot;:false,&quot;from_DATE&quot;:202505240000,&quot;from&quot;:1748082600,&quot;from_TIME&quot;:&quot;10:30&quot;,&quot;to&quot;:1804530600,&quot;to_DATE&quot;:202703080000,&quot;to_TIME&quot;:&quot;18:30&quot;,&quot;from_HRFSHORT&quot;:&quot;24. Mai 2025&quot;,&quot;from_HRFSHORT_WD&quot;:&quot;Sa 24.05.2025&quot;,&quot;from_HRF&quot;:&quot;Sa, 24. Mai 2025&quot;,&quot;to_HRF&quot;:&quot;Mo,  8. M\\u00e4rz 2027&quot;,&quot;to_HRFSHORT&quot;:&quot; 8. M\\u00e4r 2027&quot;,&quot;to_HRFSHORT_WD&quot;:&quot;Mo 08.03.2027&quot;,&quot;from_to_HRF&quot;:&quot;Sa, 24. Mai 2025 \\u2013 Mo,  8. M\\u00e4rz 2027&quot;,&quot;from_to_HRFSHORT&quot;:&quot;24. Mai 2025 \\u2013  8. M\\u00e4r 2027&quot;,&quot;NXX&quot;:&quot;202608310416&quot;,&quot;NLAST&quot;:&quot;202703081830&quot;,&quot;NX&quot;:&quot;20260831&quot;},&quot;alert&quot;:&quot;Highlight&quot;,&quot;partof&quot;:[],&quot;marketing_topic&quot;:&quot;&quot;}' inline-template>\n\t<a href=\"https:\/\/www.humboldtforum.org\/de\/programm\/laufzeitangebot\/ausstellung\/feliciano-lana-143965\/\" class=\"teaser teaser-event-period teaser-event-standard\">\n\t\t<div class=\"row\">\n\t\t\t<div class=\"col-xs-12 teaser-event-image\">\n\t\t\t\t<div class=\"teaser-image teaser-image-no-alternate\">\n\t\t\t\t\t\t\t\t\t\t\t\t\t<span class=\"alert\">Highlight<\/span>\n\t\t\t\t\t\t\t\t\t\t\t\n\t<lazy-media-inline inline-template>\n\t\t<figure itemscope itemtype=\"http:\/\/schema.org\/ImageObject\" class=\"lazy-media-inline \" role=\"group\" id=\"media_6a950023812df\" aria-labelledby=\"desc_media_6a950023812df\">\n\t\t\t<script type=\"application\/json\" ref=\"data\">\n\t\t\t\t{\n\t\t\t\t\"sizes\" : {\"medium\":{\"file\":\"SHF_eb00246025-176x300.jpg\",\"width\":176,\"height\":300,\"mime-type\":\"image\\\/jpeg\",\"filesize\":6184},\"large\":{\"file\":\"SHF_eb00246025-599x1024.jpg\",\"width\":599,\"height\":1024,\"mime-type\":\"image\\\/jpeg\",\"filesize\":45621},\"thumbnail\":{\"file\":\"SHF_eb00246025-150x150.jpg\",\"width\":150,\"height\":150,\"mime-type\":\"image\\\/jpeg\",\"filesize\":4352},\"medium_large\":{\"file\":\"SHF_eb00246025-768x1312.jpg\",\"width\":768,\"height\":1312,\"mime-type\":\"image\\\/jpeg\",\"filesize\":69050},\"small\":{\"file\":\"SHF_eb00246025-258x440.jpg\",\"width\":258,\"height\":440,\"mime-type\":\"image\\\/jpeg\",\"filesize\":11542},\"semi\":{\"file\":\"SHF_eb00246025-339x580.jpg\",\"width\":339,\"height\":580,\"mime-type\":\"image\\\/jpeg\",\"filesize\":18037},\"mobile\":{\"file\":\"SHF_eb00246025-421x720.jpg\",\"width\":421,\"height\":720,\"mime-type\":\"image\\\/jpeg\",\"filesize\":25544},\"hd\":{\"file\":\"SHF_eb00246025-749x1280.jpg\",\"width\":749,\"height\":1280,\"mime-type\":\"image\\\/jpeg\",\"filesize\":66336},\"original\":{\"file\":\"SHF_eb00246025.jpg\",\"width\":878,\"height\":1500}},\n\t\t\t\t\"alt\" : \"Keyvisual der Ausstellung \\\"Feliciano Lana. Die Geschichte der Wei\\u00dfen\\\"\",\n\t\t\t\t\"path\" : \"\\\/wp-content\\\/uploads\\\/2025\\\/03\\\/\",\n\t\t\t\t\"video\" : null,\n\t\t\t\t\"autoplay\" : null,\n\t\t\t\t\"youtube\" : null,\n\t\t\t\t\"youtubelabel\" : \"Video abspielen\",\n\t\t\t\t\"brightness\" : 100,\n\t\t\t\t\"crop\" : null,\n\t\t\t\t\"background\" : true,\n\t\t\t\t\"scale\" : 2\t\t\t\t}\n\t\t\t<\/script>\n\n\t\t\t<div class=\"height-container\" style=\"padding-bottom:170.84282460137%;\" v-if=\"sizes\">\n\t\t\t\t\t\t\t\t<lazy-media :inline=\"true\" :alt=\"alt\" :sizes=\"sizes\" :scale=\"scale\" :brightness=\"brightness\" :path=\"path\" :video=\"video\" :autoplay=\"autoplay\" :youtube=\"youtube\" :crop=\"crop\" :youtubelabel=\"youtubelabel\" :background=\"background\" media-id=\"desc_media_6a950023812df\"><\/lazy-media>\n\t\t\t\t\t\t\t<\/div>\n\n\t\t\t\t\t\t\t<figcaption class=\"sr-only\" ref=\"body\" id=\"desc_media_6a950023812df\">\n\t\t\t\t\t\t\t\t\t\t\t\t\t\t\t\t<div>Keyvisual der Ausstellung &quot;Feliciano Lana. Die Geschichte der Wei&szlig;en&quot; <\/div>\n\t\t\t\t\t\t\t\t\t\t\t\t\t\t\t\t<div class=\"insignificant\">\u00a9 SHF \/ Feliciano Lana \/ Staatliche Museen zu Berlin, Ethnologisches Museum \/ digitale Reproduktion: Thiago da Costa Oliveira &#038; Claudio Aparecido Tavares<\/div>\n\t\t\t\t\t\t\t\t\t<\/figcaption>\n\t\t\t\t\t<\/figure>\n\t<\/lazy-media-inline>\n\t\t\t\t<\/div>\n\t\t\t<\/div>\n\t\t\t<div class=\"col-xs-12 teaser-event-text Infos\">\n\t\t\t\t<div class=\"teaser-event-standard-text\">\n\t\t\t\t\t<div class=\"margin-bottom-atom\">\n\t\t\t\t\t\t<div class=\"subline clamp-1\" v-html=\"maingenre\"><\/div>\n\t\t\t\t\t\t\t\t\t\t\t<\/div>\n\t\t\t\t\n\t\t\t\t\t<strong class=\"margin-bottom-atom\">Feliciano Lana<\/strong>\n\n\t\t\t\t\t\t\t\t\t\t\t<div class=\"\">Die Geschichte der Wei\u00dfen<\/div>\n\t\t\t\t\t\t\t\t\t<\/div>\n\t\t\t\t<div class=\"teaser-bottom border-bottom\">\n\t\t\t\t<calendardateline :rawitem='item' :show-icon=\"true\"><\/calendardateline>\n\t\t\t\t\t<hr>\n\t\t\t\t<\/div>\n\t\t\t<\/div>\n\t\t<\/div>\n\t<\/a>\n\t<\/calendarteaser>\n<\/li>\n\n<li class=\"teaser-lane-slide col-xs-9 col-sm-4 col-md-3 teaser-wrapper col-padding-remove\">\n\t<calendarteaser key=\"13672219006\" rawitem='{&quot;postId&quot;:136722,&quot;title&quot;:&quot;Die Ziguangge: Halle des Purpurglanzes&quot;,&quot;excerpt&quot;:&quot;&quot;,&quot;slug&quot;:&quot;die-ziguangge-halle-des-purpurglanzes&quot;,&quot;post_date&quot;:&quot;2024-09-19T17:07&quot;,&quot;type&quot;:&quot;event-period&quot;,&quot;permalink&quot;:&quot;https:\\\/\\\/www.humboldtforum.org\\\/de\\\/programm\\\/laufzeitangebot\\\/ausstellung\\\/die-ziguangge-halle-des-purpurglanzes-136722\\\/&quot;,&quot;genre&quot;:[391],&quot;genre_details&quot;:[{&quot;text&quot;:&quot;Ausstellung&quot;,&quot;id&quot;:391,&quot;icon&quot;:null,&quot;parent&quot;:0}],&quot;stakeholder&quot;:[530],&quot;stakeholder_details&quot;:[{&quot;text&quot;:&quot;Staatliche Museen zu Berlin&quot;,&quot;id&quot;:530,&quot;icon&quot;:null,&quot;parent&quot;:0}],&quot;targetgroup&quot;:[383,455],&quot;targetgroup_details&quot;:[{&quot;text&quot;:&quot;Erwachsene&quot;,&quot;id&quot;:383,&quot;icon&quot;:null,&quot;parent&quot;:0},{&quot;text&quot;:&quot;Jugendliche&quot;,&quot;id&quot;:455,&quot;icon&quot;:null,&quot;parent&quot;:0}],&quot;place&quot;:[1682],&quot;place_details&quot;:{&quot;place&quot;:&quot;Museum f\\u00fcr Asiatische Kunst, 3. OG&quot;,&quot;map&quot;:&quot;Humboldt Forum, Schlossplatz, Berlin&quot;,&quot;room&quot;:&quot;&quot;},&quot;icon_overwrite&quot;:&quot;&quot;,&quot;acf&quot;:{&quot;noindex&quot;:false,&quot;keywords&quot;:&quot;&quot;,&quot;shorturl&quot;:&quot;&quot;,&quot;planning&quot;:{&quot;price&quot;:&quot;regul\\u00e4r 9 EUR, Ausstellungsticket f\\u00fcr Ethnologische Sammlungen und Asiatische Kunst erforderlich&quot;,&quot;status&quot;:&quot;BUY&quot;,&quot;info&quot;:&quot;regul\\u00e4r 9 EUR, Ausstellungsticket f\\u00fcr Ethnologische Sammlungen und Asiatische Kunst erforderlich&quot;,&quot;shop&quot;:&quot;https:\\\/\\\/tickets.humboldtforum.org\\\/#\\\/tickets\\\/time?museum_id=1&amp;exhibition_id=17&amp;group=day&amp;date=2025-10-03&quot;,&quot;can_purchase&quot;:true},&quot;use_opening_hours_of_the_house&quot;:false,&quot;periods&quot;:[{&quot;label&quot;:&quot;&quot;,&quot;dates&quot;:[{&quot;start&quot;:&quot;202408280000&quot;,&quot;end&quot;:&quot;202608310000&quot;,&quot;has_end&quot;:true,&quot;start_HRFSHORT&quot;:&quot;28.08.24&quot;,&quot;start_HRFSHORT_WD&quot;:&quot;Mi 28.08.2024&quot;,&quot;end_HRFSHORT&quot;:&quot;31.08.26&quot;}],&quot;monday&quot;:[{&quot;start&quot;:&quot;10:30&quot;,&quot;end&quot;:&quot;18:30&quot;,&quot;closed&quot;:false}],&quot;tuesday&quot;:[{&quot;start&quot;:null,&quot;end&quot;:null,&quot;closed&quot;:true}],&quot;wednesday&quot;:[{&quot;start&quot;:&quot;10:30&quot;,&quot;end&quot;:&quot;18:30&quot;,&quot;closed&quot;:false}],&quot;thursday&quot;:[{&quot;start&quot;:&quot;10:30&quot;,&quot;end&quot;:&quot;18:30&quot;,&quot;closed&quot;:false}],&quot;friday&quot;:[{&quot;start&quot;:&quot;10:30&quot;,&quot;end&quot;:&quot;18:30&quot;,&quot;closed&quot;:false}],&quot;saturday&quot;:[{&quot;start&quot;:&quot;10:30&quot;,&quot;end&quot;:&quot;18:30&quot;,&quot;closed&quot;:false}],&quot;sunday&quot;:[{&quot;start&quot;:&quot;10:30&quot;,&quot;end&quot;:&quot;18:30&quot;,&quot;closed&quot;:false}],&quot;info&quot;:&quot;&quot;,&quot;description&quot;:&quot;&quot;}],&quot;period_exception&quot;:[{&quot;label&quot;:&quot;&quot;,&quot;date&quot;:&quot;202412240000&quot;,&quot;closed&quot;:true,&quot;start&quot;:null,&quot;end&quot;:null,&quot;date_HRFSHORT&quot;:&quot;24.12.24&quot;},{&quot;label&quot;:&quot;&quot;,&quot;date&quot;:&quot;202412250000&quot;,&quot;closed&quot;:false,&quot;start&quot;:&quot;12:00&quot;,&quot;end&quot;:&quot;18:00&quot;,&quot;date_HRFSHORT&quot;:&quot;25.12.24&quot;},{&quot;label&quot;:&quot;&quot;,&quot;date&quot;:&quot;202412260000&quot;,&quot;closed&quot;:false,&quot;start&quot;:&quot;12:00&quot;,&quot;end&quot;:&quot;18:00&quot;,&quot;date_HRFSHORT&quot;:&quot;26.12.24&quot;},{&quot;label&quot;:&quot;&quot;,&quot;date&quot;:&quot;202412310000&quot;,&quot;closed&quot;:false,&quot;start&quot;:&quot;10:30&quot;,&quot;end&quot;:&quot;16:30&quot;,&quot;date_HRFSHORT&quot;:&quot;31.12.24&quot;},{&quot;label&quot;:&quot;&quot;,&quot;date&quot;:&quot;202501010000&quot;,&quot;closed&quot;:false,&quot;start&quot;:&quot;12:00&quot;,&quot;end&quot;:&quot;18:00&quot;,&quot;date_HRFSHORT&quot;:&quot;01.01.25&quot;}],&quot;display_as_single&quot;:false,&quot;additional_info&quot;:{&quot;icon&quot;:&quot;0&quot;,&quot;text&quot;:&quot;&quot;},&quot;highlight_header&quot;:false,&quot;use_video_in_teasers&quot;:false,&quot;hyphenation&quot;:true,&quot;tipp&quot;:false,&quot;joker&quot;:false,&quot;live&quot;:false,&quot;hide_event_in_program&quot;:false,&quot;featured_images&quot;:[136772],&quot;subline&quot;:&quot;Veranstaltungsort, Heldengalerie und Kriegsschauplatz&quot;},&quot;period_list&quot;:&quot;&lt;strong&gt;\\u00d6ffnungszeiten&lt;\\\/strong&gt;\\nMo, Mi, Do, Fr, Sa, So: 10:30 \\u2013 18:30 Uhr\\nDi: geschlossen\\n\\n&quot;,&quot;period_exception&quot;:&quot;&quot;,&quot;date&quot;:{&quot;infinite&quot;:false,&quot;from_DATE&quot;:202408280000,&quot;from&quot;:1724841000,&quot;from_TIME&quot;:&quot;10:30&quot;,&quot;to&quot;:1788201000,&quot;to_DATE&quot;:202608310000,&quot;to_TIME&quot;:&quot;18:30&quot;,&quot;from_HRFSHORT&quot;:&quot;28. Aug 2024&quot;,&quot;from_HRFSHORT_WD&quot;:&quot;Mi 28.08.2024&quot;,&quot;from_HRF&quot;:&quot;Mi, 28. August 2024&quot;,&quot;to_HRF&quot;:&quot;Mo, 31. August 2026&quot;,&quot;to_HRFSHORT&quot;:&quot;31. Aug 2026&quot;,&quot;to_HRFSHORT_WD&quot;:&quot;Mo 31.08.2026&quot;,&quot;from_to_HRF&quot;:&quot;Mi, 28. August 2024 \\u2013 Mo, 31. August 2026&quot;,&quot;from_to_HRFSHORT&quot;:&quot;28. Aug 2024 \\u2013 31. Aug 2026&quot;,&quot;NXX&quot;:null,&quot;NLAST&quot;:&quot;202608311830&quot;},&quot;alert&quot;:&quot;endet bald&quot;,&quot;partof&quot;:[],&quot;marketing_topic&quot;:&quot;&quot;}' inline-template>\n\t<a href=\"https:\/\/www.humboldtforum.org\/de\/programm\/laufzeitangebot\/ausstellung\/die-ziguangge-halle-des-purpurglanzes-136722\/\" class=\"teaser teaser-event-period teaser-event-standard\">\n\t\t<div class=\"row\">\n\t\t\t<div class=\"col-xs-12 teaser-event-image\">\n\t\t\t\t<div class=\"teaser-image teaser-image-no-alternate\">\n\t\t\t\t\t\t\t\t\t\t\t\t\t<span class=\"alert\">endet bald<\/span>\n\t\t\t\t\t\t\t\t\t\t\t\n\t<lazy-media-inline inline-template>\n\t\t<figure itemscope itemtype=\"http:\/\/schema.org\/ImageObject\" class=\"lazy-media-inline \" role=\"group\" id=\"media_6a9500238194b\" aria-labelledby=\"desc_media_6a9500238194b\">\n\t\t\t<script type=\"application\/json\" ref=\"data\">\n\t\t\t\t{\n\t\t\t\t\"sizes\" : {\"medium\":{\"file\":\"SHF_eb00231773-300x146.jpg\",\"width\":300,\"height\":146,\"mime-type\":\"image\\\/jpeg\",\"filesize\":12806},\"large\":{\"file\":\"SHF_eb00231773-1024x500.jpg\",\"width\":1024,\"height\":500,\"mime-type\":\"image\\\/jpeg\",\"filesize\":112964},\"thumbnail\":{\"file\":\"SHF_eb00231773-150x150.jpg\",\"width\":150,\"height\":150,\"mime-type\":\"image\\\/jpeg\",\"filesize\":7230},\"medium_large\":{\"file\":\"SHF_eb00231773-768x375.jpg\",\"width\":768,\"height\":375,\"mime-type\":\"image\\\/jpeg\",\"filesize\":69306},\"small\":{\"file\":\"SHF_eb00231773-440x215.jpg\",\"width\":440,\"height\":215,\"mime-type\":\"image\\\/jpeg\",\"filesize\":25037},\"semi\":{\"file\":\"SHF_eb00231773-580x283.jpg\",\"width\":580,\"height\":283,\"mime-type\":\"image\\\/jpeg\",\"filesize\":41721},\"mobile\":{\"file\":\"SHF_eb00231773-720x352.jpg\",\"width\":720,\"height\":352,\"mime-type\":\"image\\\/jpeg\",\"filesize\":60936},\"original\":{\"file\":\"SHF_eb00231773.jpg\",\"width\":1280,\"height\":625}},\n\t\t\t\t\"alt\" : \"Historische Darstellung einer Milit\\u00e4rparade mit Soldaten, Bannern und Pferden auf einem Feld.\",\n\t\t\t\t\"path\" : \"\\\/wp-content\\\/uploads\\\/2024\\\/09\\\/\",\n\t\t\t\t\"video\" : null,\n\t\t\t\t\"autoplay\" : null,\n\t\t\t\t\"youtube\" : null,\n\t\t\t\t\"youtubelabel\" : \"Video abspielen\",\n\t\t\t\t\"brightness\" : 100,\n\t\t\t\t\"crop\" : {\"top\":\"50.00\",\"left\":\"50.00\"},\n\t\t\t\t\"background\" : true,\n\t\t\t\t\"scale\" : 2\t\t\t\t}\n\t\t\t<\/script>\n\n\t\t\t<div class=\"height-container\" style=\"padding-bottom:48.828125%;\" v-if=\"sizes\">\n\t\t\t\t\t\t\t\t<lazy-media :inline=\"true\" :alt=\"alt\" :sizes=\"sizes\" :scale=\"scale\" :brightness=\"brightness\" :path=\"path\" :video=\"video\" :autoplay=\"autoplay\" :youtube=\"youtube\" :crop=\"crop\" :youtubelabel=\"youtubelabel\" :background=\"background\" media-id=\"desc_media_6a9500238194b\"><\/lazy-media>\n\t\t\t\t\t\t\t<\/div>\n\n\t\t\t\t\t\t\t<figcaption class=\"sr-only\" ref=\"body\" id=\"desc_media_6a9500238194b\">\n\t\t\t\t\t\t\t\t\t\t\t<div>Unbekannte chinesische und europ&auml;ische Hofmaler, Die Schlacht von Qurman (Fragment), Detail, Qing-Dynastie (1644&thinsp;&ndash;&thinsp;1911), Qianlong &Auml;ra (1736&thinsp;&ndash;&thinsp;1795), 1760, H&auml;ngerolle<\/div>\n\t\t\t\t\t\t\t\t\t\t\t\t\t\t\t\t\t\t\t\t\t<div class=\"insignificant\">\u00a9  Staatliche Museen zu Berlin, Museum f\u00fcr Asiatische Kunst \/ Leihgabe eines Privatsammlers<\/div>\n\t\t\t\t\t\t\t\t\t<\/figcaption>\n\t\t\t\t\t<\/figure>\n\t<\/lazy-media-inline>\n\t\t\t\t<\/div>\n\t\t\t<\/div>\n\t\t\t<div class=\"col-xs-12 teaser-event-text Infos\">\n\t\t\t\t<div class=\"teaser-event-standard-text\">\n\t\t\t\t\t<div class=\"margin-bottom-atom\">\n\t\t\t\t\t\t<div class=\"subline clamp-1\" v-html=\"maingenre\"><\/div>\n\t\t\t\t\t\t\t\t\t\t\t<\/div>\n\t\t\t\t\n\t\t\t\t\t<strong class=\"margin-bottom-atom\">Die Ziguangge: Halle des Purpurglanzes<\/strong>\n\n\t\t\t\t\t\t\t\t\t\t\t<div class=\"\">Veranstaltungsort, Heldengalerie und Kriegsschauplatz<\/div>\n\t\t\t\t\t\t\t\t\t<\/div>\n\t\t\t\t<div class=\"teaser-bottom border-bottom\">\n\t\t\t\t<calendardateline :rawitem='item' :show-icon=\"true\"><\/calendardateline>\n\t\t\t\t\t<hr>\n\t\t\t\t<\/div>\n\t\t\t<\/div>\n\t\t<\/div>\n\t<\/a>\n\t<\/calendarteaser>\n<\/li>\n\n<li class=\"teaser-lane-slide col-xs-9 col-sm-4 col-md-3 teaser-wrapper col-padding-remove\">\n\t<calendarteaser key=\"1414020163\" rawitem='{&quot;postId&quot;:14140,&quot;title&quot;:&quot;BERLIN GLOBAL&quot;,&quot;excerpt&quot;:&quot;Gestern, heute, morgen: Vieles, was in Berlin passiert, hat Einfluss auf die Welt. Und vieles, was in der Welt passiert, wirkt auf Berlin. BERLIN GLOBAL zeigt auf 4000 Quadratmetern im Humboldt Forum, wie die Stadt und ihre Menschen mit der Welt verbunden sind. &quot;,&quot;slug&quot;:&quot;berlin-global&quot;,&quot;post_date&quot;:&quot;2020-10-23T08:36&quot;,&quot;type&quot;:&quot;event-permanent&quot;,&quot;permalink&quot;:&quot;https:\\\/\\\/www.humboldtforum.org\\\/de\\\/programm\\\/dauerangebot\\\/ausstellung\\\/berlin-global-14140\\\/&quot;,&quot;genre&quot;:[391],&quot;genre_details&quot;:[{&quot;text&quot;:&quot;Ausstellung&quot;,&quot;id&quot;:391,&quot;icon&quot;:null,&quot;parent&quot;:0}],&quot;stakeholder&quot;:[400],&quot;stakeholder_details&quot;:[{&quot;text&quot;:&quot;Berlin Museum&quot;,&quot;id&quot;:400,&quot;icon&quot;:null,&quot;parent&quot;:0}],&quot;editorial&quot;:[402,403,646],&quot;editorial_details&quot;:[{&quot;text&quot;:&quot;interaktiv&quot;,&quot;id&quot;:402,&quot;icon&quot;:null,&quot;parent&quot;:0},{&quot;text&quot;:&quot;verbindend&quot;,&quot;id&quot;:403,&quot;icon&quot;:null,&quot;parent&quot;:0},{&quot;text&quot;:&quot;vielstimmig&quot;,&quot;id&quot;:646,&quot;icon&quot;:null,&quot;parent&quot;:0}],&quot;targetgroup&quot;:[383],&quot;targetgroup_details&quot;:[{&quot;text&quot;:&quot;Erwachsene&quot;,&quot;id&quot;:383,&quot;icon&quot;:null,&quot;parent&quot;:0}],&quot;language&quot;:[384,385],&quot;language_details&quot;:[{&quot;text&quot;:&quot;Deutsch&quot;,&quot;id&quot;:384,&quot;icon&quot;:null,&quot;parent&quot;:0},{&quot;text&quot;:&quot;Englisch&quot;,&quot;id&quot;:385,&quot;icon&quot;:null,&quot;parent&quot;:0}],&quot;accessability&quot;:[430],&quot;accessability_details&quot;:[{&quot;text&quot;:&quot;Rollstuhlgerecht&quot;,&quot;id&quot;:430,&quot;icon&quot;:null,&quot;parent&quot;:0}],&quot;place&quot;:[405],&quot;place_details&quot;:{&quot;place&quot;:&quot;Humboldt Forum&quot;,&quot;map&quot;:&quot;Humboldt Forum, Schlossplatz, Berlin&quot;,&quot;room&quot;:&quot;Berlin Ausstellung, 1. OG&quot;},&quot;icon_overwrite&quot;:&quot;&quot;,&quot;acf&quot;:{&quot;shorturl&quot;:&quot;berlinglobal&quot;,&quot;planning&quot;:{&quot;price&quot;:&quot;regul\\u00e4r 9 EUR&quot;,&quot;status&quot;:&quot;BUY&quot;,&quot;info&quot;:&quot;regul\\u00e4r 9 EUR&quot;,&quot;shop&quot;:&quot;https:\\\/\\\/tickets.humboldtforum.org\\\/#\\\/tickets\\\/time?museum_id=1&amp;exhibition_id=1&amp;group=day&quot;,&quot;can_purchase&quot;:true},&quot;periods&quot;:[{&quot;label&quot;:&quot;&quot;,&quot;dates&quot;:[{&quot;start&quot;:&quot;202302130000&quot;,&quot;end&quot;:&quot;204601020000&quot;,&quot;has_end&quot;:false,&quot;start_HRFSHORT&quot;:&quot;13.02.23&quot;,&quot;start_HRFSHORT_WD&quot;:&quot;Mo 13.02.2023&quot;}],&quot;monday&quot;:[{&quot;start&quot;:&quot;10:30&quot;,&quot;end&quot;:&quot;18:30&quot;,&quot;closed&quot;:false}],&quot;tuesday&quot;:[{&quot;start&quot;:&quot;10:00&quot;,&quot;end&quot;:&quot;20:00&quot;,&quot;closed&quot;:true}],&quot;wednesday&quot;:[{&quot;start&quot;:&quot;10:30&quot;,&quot;end&quot;:&quot;18:30&quot;,&quot;closed&quot;:false}],&quot;thursday&quot;:[{&quot;start&quot;:&quot;10:30&quot;,&quot;end&quot;:&quot;18:30&quot;,&quot;closed&quot;:false}],&quot;friday&quot;:[{&quot;start&quot;:&quot;10:30&quot;,&quot;end&quot;:&quot;18:30&quot;,&quot;closed&quot;:false}],&quot;saturday&quot;:[{&quot;start&quot;:&quot;10:30&quot;,&quot;end&quot;:&quot;18:30&quot;,&quot;closed&quot;:false}],&quot;sunday&quot;:[{&quot;start&quot;:&quot;10:30&quot;,&quot;end&quot;:&quot;18:30&quot;,&quot;closed&quot;:false}],&quot;info&quot;:&quot;&quot;,&quot;description&quot;:&quot;&quot;}],&quot;period_exception&quot;:[{&quot;label&quot;:&quot;&quot;,&quot;date&quot;:&quot;202512240000&quot;,&quot;closed&quot;:true,&quot;start&quot;:&quot;10:30&quot;,&quot;end&quot;:&quot;13:30&quot;,&quot;date_HRFSHORT&quot;:&quot;24.12.25&quot;},{&quot;label&quot;:&quot;&quot;,&quot;date&quot;:&quot;202512250000&quot;,&quot;closed&quot;:false,&quot;start&quot;:&quot;12:00&quot;,&quot;end&quot;:&quot;18:00&quot;,&quot;date_HRFSHORT&quot;:&quot;25.12.25&quot;},{&quot;label&quot;:&quot;&quot;,&quot;date&quot;:&quot;202512260000&quot;,&quot;closed&quot;:false,&quot;start&quot;:&quot;12:00&quot;,&quot;end&quot;:&quot;18:00&quot;,&quot;date_HRFSHORT&quot;:&quot;26.12.25&quot;},{&quot;label&quot;:&quot;&quot;,&quot;date&quot;:&quot;202512300000&quot;,&quot;closed&quot;:false,&quot;start&quot;:&quot;10:30&quot;,&quot;end&quot;:&quot;18:30&quot;,&quot;date_HRFSHORT&quot;:&quot;30.12.25&quot;},{&quot;label&quot;:&quot;&quot;,&quot;date&quot;:&quot;202512310000&quot;,&quot;closed&quot;:false,&quot;start&quot;:null,&quot;end&quot;:null,&quot;date_HRFSHORT&quot;:&quot;31.12.25&quot;},{&quot;label&quot;:&quot;&quot;,&quot;date&quot;:&quot;202601010000&quot;,&quot;closed&quot;:false,&quot;start&quot;:&quot;12:00&quot;,&quot;end&quot;:&quot;18:00&quot;,&quot;date_HRFSHORT&quot;:&quot;01.01.26&quot;}],&quot;subline&quot;:&quot;Berlin Ausstellung im Humboldt Forum&quot;,&quot;marketing_text&quot;:&quot;Erfahren Sie, wie die Stadt und ihre Menschen mit der Welt verbunden sind.&quot;,&quot;shorttext&quot;:&quot;Gestern, heute, morgen: Vieles, was in Berlin passiert, hat Einfluss auf die Welt. Und vieles, was in der Welt passiert, wirkt auf Berlin. BERLIN GLOBAL zeigt auf 4000 Quadratmetern im Humboldt Forum, wie die Stadt und ihre Menschen mit der Welt verbunden sind. &quot;,&quot;longtext&quot;:&quot;Gestern, heute, morgen: Vieles, was in Berlin passiert, hat Einfluss auf die Welt. Und vieles, was in der Welt passiert, wirkt auf Berlin. BERLIN GLOBAL zeigt auf 4000 Quadratmetern im Humboldt Forum, wie die Stadt und ihre Menschen mit der Welt verbunden sind. Der Raum Weltdenken hei\\u00dft die Besucher*innen willkommen, der Raum Berlin-Bilder f\\u00fchrt in die Themen der Ausstellung ein. Ihnen folgen die einzelnen Themenr\\u00e4ume: Sie erz\\u00e4hlen von Revolution, Freiraum, Grenzen, Vergn\\u00fcgen, Krieg, Mode und Verflechtung. Aspekte, die sich auch in anderen Metropolen finden lassen, die aber in dieser Kombination typisch f\\u00fcr Berlin sind.&quot;,&quot;highlight_header&quot;:true,&quot;highlight_header_image&quot;:66324,&quot;has_mobile_format&quot;:true,&quot;highlight_header_image_mobile&quot;:66322,&quot;tipp&quot;:false,&quot;joker&quot;:false,&quot;live&quot;:false,&quot;display_as_single&quot;:false,&quot;hyphenation&quot;:true,&quot;noindex&quot;:false,&quot;keywords&quot;:&quot;&quot;,&quot;use_opening_hours_of_the_house&quot;:false,&quot;additional_info&quot;:{&quot;icon&quot;:&quot;icon-bullet_active&quot;,&quot;text&quot;:&quot;&quot;},&quot;use_video_in_teasers&quot;:false,&quot;hide_event_in_program&quot;:false,&quot;infotext&quot;:&quot;letzter Einlass 17:30 Uhr. &quot;,&quot;events&quot;:[126079,126641,128669,128606,128614,132200,132209,132198,132330,132555,132558,119976,135751,135756,135788,135796,135805,135823,136595,136602,136615,137214,136743,137696,136814,120403,140364,147928,148672,149576,153806,154671,157000,157020,157682,157684,158456,142900,158487,161422,163169,164827,166854,166940,166942,168845,169340,169344,169487,169495]},&quot;period_list&quot;:&quot;&lt;strong&gt;\\u00d6ffnungszeiten&lt;\\\/strong&gt;\\nMo, Mi, Do, Fr, Sa, So: 10:30 \\u2013 18:30 Uhr\\nDi: geschlossen\\n\\n&quot;,&quot;period_exception&quot;:&quot;&quot;,&quot;date&quot;:{&quot;infinite&quot;:true,&quot;from_DATE&quot;:202302130000,&quot;from&quot;:1676284200,&quot;from_TIME&quot;:&quot;10:30&quot;,&quot;to&quot;:1819757760,&quot;to_DATE&quot;:202708310416,&quot;to_TIME&quot;:&quot;20:00&quot;,&quot;from_HRFSHORT&quot;:&quot;13. Feb 2023&quot;,&quot;from_HRFSHORT_WD&quot;:&quot;Mo 13.02.2023&quot;,&quot;from_HRF&quot;:&quot;Mo, 13. Februar 2023&quot;,&quot;to_HRF&quot;:&quot;Mi,  1. September 2027&quot;,&quot;to_HRFSHORT&quot;:&quot; 1. Sep 2027&quot;,&quot;to_HRFSHORT_WD&quot;:&quot;Mi 01.09.2027&quot;,&quot;from_to_HRF&quot;:&quot;Mo, 13. Februar 2023 \\u2013 Mi,  1. September 2027&quot;,&quot;from_to_HRFSHORT&quot;:&quot;13. Feb 2023 \\u2013  1. Sep 2027&quot;,&quot;NXX&quot;:&quot;202608310416&quot;,&quot;NLAST&quot;:&quot;202709010016&quot;,&quot;NX&quot;:&quot;20260831&quot;},&quot;alert&quot;:&quot;Highlight&quot;,&quot;partof&quot;:[],&quot;marketing_topic&quot;:&quot;&quot;}' inline-template>\n\t<a href=\"https:\/\/www.humboldtforum.org\/de\/programm\/dauerangebot\/ausstellung\/berlin-global-14140\/\" class=\"teaser teaser-event-permanent teaser-event-standard\">\n\t\t<div class=\"row\">\n\t\t\t<div class=\"col-xs-12 teaser-event-image\">\n\t\t\t\t<div class=\"teaser-image teaser-image-no-alternate\">\n\t\t\t\t\t\t\t\t\t\t\t\t\t<span class=\"alert\">Highlight<\/span>\n\t\t\t\t\t\t\t\t\t\t\t\n\t<lazy-media-inline inline-template>\n\t\t<figure itemscope itemtype=\"http:\/\/schema.org\/ImageObject\" class=\"lazy-media-inline \" role=\"group\" id=\"media_6a95002381f63\" aria-labelledby=\"desc_media_6a95002381f63\">\n\t\t\t<script type=\"application\/json\" ref=\"data\">\n\t\t\t\t{\n\t\t\t\t\"sizes\" : {\"medium\":{\"file\":\"BG-Visual-2-176x300.jpg\",\"width\":176,\"height\":300,\"mime-type\":\"image\\\/jpeg\",\"filesize\":10918},\"large\":{\"file\":\"BG-Visual-2-600x1024.jpg\",\"width\":600,\"height\":1024,\"mime-type\":\"image\\\/jpeg\",\"filesize\":51578},\"thumbnail\":{\"file\":\"BG-Visual-2-150x150.jpg\",\"width\":150,\"height\":150,\"mime-type\":\"image\\\/jpeg\",\"filesize\":7184},\"medium_large\":{\"file\":\"BG-Visual-2-768x1312.jpg\",\"width\":768,\"height\":1312,\"mime-type\":\"image\\\/jpeg\",\"filesize\":71401},\"small\":{\"file\":\"BG-Visual-2-258x440.jpg\",\"width\":258,\"height\":440,\"mime-type\":\"image\\\/jpeg\",\"filesize\":17917},\"semi\":{\"file\":\"BG-Visual-2-340x580.jpg\",\"width\":340,\"height\":580,\"mime-type\":\"image\\\/jpeg\",\"filesize\":24870},\"mobile\":{\"file\":\"BG-Visual-2-422x720.jpg\",\"width\":422,\"height\":720,\"mime-type\":\"image\\\/jpeg\",\"filesize\":32315},\"hd\":{\"file\":\"BG-Visual-2-749x1280.jpg\",\"width\":749,\"height\":1280,\"mime-type\":\"image\\\/jpeg\",\"filesize\":68644},\"full\":{\"file\":\"BG-Visual-2-1124x1920.jpg\",\"width\":1124,\"height\":1920,\"mime-type\":\"image\\\/jpeg\",\"filesize\":120736},\"1536x1536\":{\"file\":\"BG-Visual-2-899x1536.jpg\",\"width\":899,\"height\":1536,\"mime-type\":\"image\\\/jpeg\",\"filesize\":87922},\"2048x2048\":{\"file\":\"BG-Visual-2-1199x2048.jpg\",\"width\":1199,\"height\":2048,\"mime-type\":\"image\\\/jpeg\",\"filesize\":131087},\"original\":{\"file\":\"BG-Visual-2.jpg\",\"width\":1780,\"height\":3040}},\n\t\t\t\t\"alt\" : \"Bunte Grafik mit dem Schriftzug \\\"BERLIN GLOBAL\\\" in gro\\u00dfen gelben Buchstaben auf pinkem Hintergrund.\",\n\t\t\t\t\"path\" : \"\\\/wp-content\\\/uploads\\\/2022\\\/12\\\/\",\n\t\t\t\t\"video\" : null,\n\t\t\t\t\"autoplay\" : null,\n\t\t\t\t\"youtube\" : null,\n\t\t\t\t\"youtubelabel\" : \"Video abspielen\",\n\t\t\t\t\"brightness\" : 100,\n\t\t\t\t\"crop\" : {\"top\":\"15.71\",\"left\":\"50.15\"},\n\t\t\t\t\"background\" : true,\n\t\t\t\t\"scale\" : 2\t\t\t\t}\n\t\t\t<\/script>\n\n\t\t\t<div class=\"height-container\" style=\"padding-bottom:170.78651685393%;\" v-if=\"sizes\">\n\t\t\t\t\t\t\t\t<lazy-media :inline=\"true\" :alt=\"alt\" :sizes=\"sizes\" :scale=\"scale\" :brightness=\"brightness\" :path=\"path\" :video=\"video\" :autoplay=\"autoplay\" :youtube=\"youtube\" :crop=\"crop\" :youtubelabel=\"youtubelabel\" :background=\"background\" media-id=\"desc_media_6a95002381f63\"><\/lazy-media>\n\t\t\t\t\t\t\t<\/div>\n\n\t\t\t\t\t\t\t<figcaption class=\"sr-only\" ref=\"body\" id=\"desc_media_6a95002381f63\">\n\t\t\t\t\t\t\t\t\t\t\t\t\t\t\t\t<div>Key Visual Berlin Global Bisky Kampagne 2022  <\/div>\n\t\t\t\t\t\t\t\t\t\t\t\t\t\t\t\t<div class=\"insignificant\">\u00a9 Stiftung Stadtmuseum Berlin und Kulturprojekte Berlin \/ caromarta Studio<\/div>\n\t\t\t\t\t\t\t\t\t<\/figcaption>\n\t\t\t\t\t<\/figure>\n\t<\/lazy-media-inline>\n\t\t\t\t<\/div>\n\t\t\t<\/div>\n\t\t\t<div class=\"col-xs-12 teaser-event-text Infos\">\n\t\t\t\t<div class=\"teaser-event-standard-text\">\n\t\t\t\t\t<div class=\"margin-bottom-atom\">\n\t\t\t\t\t\t<div class=\"subline clamp-1\" v-html=\"maingenre\"><\/div>\n\t\t\t\t\t\t\t\t\t\t\t<\/div>\n\t\t\t\t\n\t\t\t\t\t<strong class=\"margin-bottom-atom\">BERLIN GLOBAL<\/strong>\n\n\t\t\t\t\t\t\t\t\t\t\t<div class=\"\">Erfahren Sie, wie die Stadt und ihre Menschen mit der Welt verbunden sind.<\/div>\n\t\t\t\t\t\t\t\t\t<\/div>\n\t\t\t\t<div class=\"teaser-bottom border-bottom\">\n\t\t\t\t<calendardateline :rawitem='item' :show-icon=\"true\"><\/calendardateline>\n\t\t\t\t\t<hr>\n\t\t\t\t<\/div>\n\t\t\t<\/div>\n\t\t<\/div>\n\t<\/a>\n\t<\/calendarteaser>\n<\/li>\n\n<li class=\"teaser-lane-slide col-xs-9 col-sm-4 col-md-3 teaser-wrapper col-padding-remove\">\n\t<calendarteaser key=\"460219055\" rawitem='{&quot;postId&quot;:46021,&quot;title&quot;:&quot;Ethnologische Sammlungen und Asiatische Kunst&quot;,&quot;excerpt&quot;:&quot;Neu kuratiert, mitten in Berlin: Die Ausstellungen des Ethnologischen Museums und des Museums f\\u00fcr Asiatische Kunst der Staatlichen Museen zu Berlin im Humboldt Forum erm\\u00f6glichen verschiedene Blicke auf vergangene und gegenw\\u00e4rtige Kulturen Afrikas, Amerikas, Asiens und Ozeaniens.&quot;,&quot;slug&quot;:&quot;ethnologische-sammlungen-und-asiatische-kunst&quot;,&quot;post_date&quot;:&quot;2022-07-12T18:45&quot;,&quot;type&quot;:&quot;event-permanent&quot;,&quot;permalink&quot;:&quot;https:\\\/\\\/www.humboldtforum.org\\\/de\\\/programm\\\/dauerangebot\\\/ausstellung\\\/ethnologische-sammlungen-und-asiatische-kunst-46021\\\/&quot;,&quot;genre&quot;:[391],&quot;genre_details&quot;:[{&quot;text&quot;:&quot;Ausstellung&quot;,&quot;id&quot;:391,&quot;icon&quot;:null,&quot;parent&quot;:0}],&quot;stakeholder&quot;:[530],&quot;stakeholder_details&quot;:[{&quot;text&quot;:&quot;Staatliche Museen zu Berlin&quot;,&quot;id&quot;:530,&quot;icon&quot;:null,&quot;parent&quot;:0}],&quot;editorial&quot;:[479,1132,1133],&quot;editorial_details&quot;:[{&quot;text&quot;:&quot;\\u00fcberraschend&quot;,&quot;id&quot;:479,&quot;icon&quot;:null,&quot;parent&quot;:0},{&quot;text&quot;:&quot;vielseitig&quot;,&quot;id&quot;:1132,&quot;icon&quot;:null,&quot;parent&quot;:0},{&quot;text&quot;:&quot;weitr\\u00e4umig&quot;,&quot;id&quot;:1133,&quot;icon&quot;:null,&quot;parent&quot;:0}],&quot;targetgroup&quot;:[383],&quot;targetgroup_details&quot;:[{&quot;text&quot;:&quot;Erwachsene&quot;,&quot;id&quot;:383,&quot;icon&quot;:null,&quot;parent&quot;:0}],&quot;language&quot;:[384,385],&quot;language_details&quot;:[{&quot;text&quot;:&quot;Deutsch&quot;,&quot;id&quot;:384,&quot;icon&quot;:null,&quot;parent&quot;:0},{&quot;text&quot;:&quot;Englisch&quot;,&quot;id&quot;:385,&quot;icon&quot;:null,&quot;parent&quot;:0}],&quot;accessability&quot;:[430],&quot;accessability_details&quot;:[{&quot;text&quot;:&quot;Rollstuhlgerecht&quot;,&quot;id&quot;:430,&quot;icon&quot;:null,&quot;parent&quot;:0}],&quot;place&quot;:[899,896,895],&quot;place_details&quot;:{&quot;place&quot;:&quot;Humboldt Forum&quot;,&quot;map&quot;:&quot;Humboldt Forum, Schlossplatz, Berlin&quot;,&quot;room&quot;:&quot;Afrika, 2. OG, Asien, 3. OG, Ozeanien, 2. OG&quot;},&quot;icon_overwrite&quot;:&quot;&quot;,&quot;acf&quot;:{&quot;shorturl&quot;:&quot;museen&quot;,&quot;planning&quot;:{&quot;price&quot;:&quot;regul\\u00e4r 9 EUR, Ausstellungsticket f\\u00fcr Ethnologische Sammlungen und Asiatische Kunst erforderlich&quot;,&quot;status&quot;:&quot;BUY&quot;,&quot;info&quot;:&quot;regul\\u00e4r 9 EUR, Ausstellungsticket f\\u00fcr Ethnologische Sammlungen und Asiatische Kunst erforderlich&quot;,&quot;shop&quot;:&quot;https:\\\/\\\/tickets.humboldtforum.org\\\/#\\\/tickets\\\/time?museum_id=1&amp;exhibition_id=17&amp;group=day&amp;date=2025-10-03&quot;,&quot;can_purchase&quot;:true},&quot;periods&quot;:[{&quot;label&quot;:&quot;&quot;,&quot;dates&quot;:[{&quot;start&quot;:&quot;202301020000&quot;,&quot;end&quot;:&quot;202212310000&quot;,&quot;has_end&quot;:false,&quot;start_HRFSHORT&quot;:&quot;02.01.23&quot;,&quot;start_HRFSHORT_WD&quot;:&quot;Mo 02.01.2023&quot;}],&quot;monday&quot;:[{&quot;start&quot;:&quot;10:30&quot;,&quot;end&quot;:&quot;18:30&quot;,&quot;closed&quot;:false}],&quot;tuesday&quot;:[{&quot;start&quot;:null,&quot;end&quot;:null,&quot;closed&quot;:true}],&quot;wednesday&quot;:[{&quot;start&quot;:&quot;10:30&quot;,&quot;end&quot;:&quot;18:30&quot;,&quot;closed&quot;:false}],&quot;thursday&quot;:[{&quot;start&quot;:&quot;10:30&quot;,&quot;end&quot;:&quot;18:30&quot;,&quot;closed&quot;:false}],&quot;friday&quot;:[{&quot;start&quot;:&quot;10:30&quot;,&quot;end&quot;:&quot;18:30&quot;,&quot;closed&quot;:false}],&quot;saturday&quot;:[{&quot;start&quot;:&quot;10:30&quot;,&quot;end&quot;:&quot;18:30&quot;,&quot;closed&quot;:false}],&quot;sunday&quot;:[{&quot;start&quot;:&quot;10:30&quot;,&quot;end&quot;:&quot;18:30&quot;,&quot;closed&quot;:false}],&quot;info&quot;:&quot;&quot;,&quot;description&quot;:&quot;&quot;}],&quot;display_as_single&quot;:false,&quot;subline&quot;:&quot;Neupr\\u00e4sentation der Sammlungen&quot;,&quot;marketing_text&quot;:&quot;Neupr\\u00e4sentation der Sammlungen&quot;,&quot;shorttext&quot;:&quot;Neu kuratiert, mitten in Berlin: Die Ausstellungen des Ethnologischen Museums und des Museums f\\u00fcr Asiatische Kunst der Staatlichen Museen zu Berlin im Humboldt Forum erm\\u00f6glichen verschiedene Blicke auf vergangene und gegenw\\u00e4rtige Kulturen Afrikas, Amerikas, Asiens und Ozeaniens.&quot;,&quot;highlight_header&quot;:true,&quot;highlight_header_image&quot;:139470,&quot;has_mobile_format&quot;:true,&quot;highlight_header_image_mobile&quot;:139468,&quot;hyphenation&quot;:false,&quot;tipp&quot;:false,&quot;joker&quot;:false,&quot;live&quot;:false,&quot;noindex&quot;:false,&quot;keywords&quot;:&quot;&quot;,&quot;use_opening_hours_of_the_house&quot;:true,&quot;additional_info&quot;:{&quot;icon&quot;:&quot;0&quot;,&quot;text&quot;:&quot;&quot;},&quot;use_video_in_teasers&quot;:false,&quot;hide_event_in_program&quot;:false,&quot;video_brightness&quot;:&quot;80&quot;,&quot;period_exception&quot;:[{&quot;label&quot;:&quot;&quot;,&quot;date&quot;:&quot;202209150000&quot;,&quot;closed&quot;:true,&quot;start&quot;:null,&quot;end&quot;:null,&quot;date_HRFSHORT&quot;:&quot;15.09.22&quot;},{&quot;label&quot;:&quot;&quot;,&quot;date&quot;:&quot;202209160000&quot;,&quot;closed&quot;:true,&quot;start&quot;:null,&quot;end&quot;:null,&quot;date_HRFSHORT&quot;:&quot;16.09.22&quot;},{&quot;label&quot;:&quot;&quot;,&quot;date&quot;:&quot;202512240000&quot;,&quot;closed&quot;:true,&quot;start&quot;:null,&quot;end&quot;:null,&quot;date_HRFSHORT&quot;:&quot;24.12.25&quot;},{&quot;label&quot;:&quot;&quot;,&quot;date&quot;:&quot;202512250000&quot;,&quot;closed&quot;:false,&quot;start&quot;:&quot;12:00&quot;,&quot;end&quot;:&quot;18:00&quot;,&quot;date_HRFSHORT&quot;:&quot;25.12.25&quot;},{&quot;label&quot;:&quot;&quot;,&quot;date&quot;:&quot;202512260000&quot;,&quot;closed&quot;:false,&quot;start&quot;:&quot;12:00&quot;,&quot;end&quot;:&quot;18:00&quot;,&quot;date_HRFSHORT&quot;:&quot;26.12.25&quot;},{&quot;label&quot;:&quot;&quot;,&quot;date&quot;:&quot;202512300000&quot;,&quot;closed&quot;:false,&quot;start&quot;:&quot;10:30&quot;,&quot;end&quot;:&quot;18:30&quot;,&quot;date_HRFSHORT&quot;:&quot;30.12.25&quot;},{&quot;label&quot;:&quot;&quot;,&quot;date&quot;:&quot;202512310000&quot;,&quot;closed&quot;:false,&quot;start&quot;:&quot;10:30&quot;,&quot;end&quot;:&quot;16:30&quot;,&quot;date_HRFSHORT&quot;:&quot;31.12.25&quot;},{&quot;label&quot;:&quot;&quot;,&quot;date&quot;:&quot;202601010000&quot;,&quot;closed&quot;:false,&quot;start&quot;:&quot;12:00&quot;,&quot;end&quot;:&quot;18:00&quot;,&quot;date_HRFSHORT&quot;:&quot;01.01.26&quot;}],&quot;events&quot;:[120975,124114,124205,124802,126089,126277,126466,126511,32427,44022,42920,40399,42686,42680,42631,42620,40438,40478,40458,30274,39452,39449,127878,30276,129597,131797,132013,132086,128801,132716,133852,134112,135428,135561,136004,141147,142763,145372,148356,148641,148710,149451,153328,154811,156852,157929,158305,158753,159460,159618,159627,159647,160717,161570,163699,164825,168660,169796]},&quot;period_list&quot;:&quot;&lt;strong&gt;\\u00d6ffnungszeiten&lt;\\\/strong&gt;\\nMo, Mi, Do, Fr, Sa, So: 10:30 \\u2013 18:30 Uhr\\nDi: geschlossen\\n\\n&quot;,&quot;period_exception&quot;:&quot;&quot;,&quot;date&quot;:{&quot;infinite&quot;:true,&quot;from_DATE&quot;:202301020000,&quot;from&quot;:1672655400,&quot;from_TIME&quot;:&quot;10:30&quot;,&quot;to&quot;:1819685760,&quot;to_DATE&quot;:202708310416,&quot;to_TIME&quot;:&quot;00:00&quot;,&quot;from_HRFSHORT&quot;:&quot; 2. Jan 2023&quot;,&quot;from_HRFSHORT_WD&quot;:&quot;Mo 02.01.2023&quot;,&quot;from_HRF&quot;:&quot;Mo,  2. Januar 2023&quot;,&quot;to_HRF&quot;:&quot;Di, 31. August 2027&quot;,&quot;to_HRFSHORT&quot;:&quot;31. Aug 2027&quot;,&quot;to_HRFSHORT_WD&quot;:&quot;Di 31.08.2027&quot;,&quot;from_to_HRF&quot;:&quot;Mo,  2. Januar 2023 \\u2013 Di, 31. August 2027&quot;,&quot;from_to_HRFSHORT&quot;:&quot; 2. Jan 2023 \\u2013 31. Aug 2027&quot;,&quot;NXX&quot;:&quot;202608310416&quot;,&quot;NLAST&quot;:&quot;202708310416&quot;,&quot;NX&quot;:&quot;20260831&quot;},&quot;alert&quot;:&quot;Highlight&quot;,&quot;partof&quot;:[],&quot;marketing_topic&quot;:&quot;&quot;}' inline-template>\n\t<a href=\"https:\/\/www.humboldtforum.org\/de\/programm\/dauerangebot\/ausstellung\/ethnologische-sammlungen-und-asiatische-kunst-46021\/\" class=\"teaser teaser-event-permanent teaser-event-standard\">\n\t\t<div class=\"row\">\n\t\t\t<div class=\"col-xs-12 teaser-event-image\">\n\t\t\t\t<div class=\"teaser-image teaser-image-no-alternate\">\n\t\t\t\t\t\t\t\t\t\t\t\t\t<span class=\"alert\">Highlight<\/span>\n\t\t\t\t\t\t\t\t\t\t\t\n\t<lazy-media-inline inline-template>\n\t\t<figure itemscope itemtype=\"http:\/\/schema.org\/ImageObject\" class=\"lazy-media-inline \" role=\"group\" id=\"media_6a95002382591\" aria-labelledby=\"desc_media_6a95002382591\">\n\t\t\t<script type=\"application\/json\" ref=\"data\">\n\t\t\t\t{\n\t\t\t\t\"sizes\" : {\"medium\":{\"file\":\"SHF_eb00226127-176x300.jpg\",\"width\":176,\"height\":300,\"mime-type\":\"image\\\/jpeg\",\"filesize\":10736},\"large\":{\"file\":\"SHF_eb00226127-600x1024.jpg\",\"width\":600,\"height\":1024,\"mime-type\":\"image\\\/jpeg\",\"filesize\":91736},\"thumbnail\":{\"file\":\"SHF_eb00226127-150x150.jpg\",\"width\":150,\"height\":150,\"mime-type\":\"image\\\/jpeg\",\"filesize\":5912},\"medium_large\":{\"file\":\"SHF_eb00226127-768x1311.jpg\",\"width\":768,\"height\":1311,\"mime-type\":\"image\\\/jpeg\",\"filesize\":143600},\"small\":{\"file\":\"SHF_eb00226127-258x440.jpg\",\"width\":258,\"height\":440,\"mime-type\":\"image\\\/jpeg\",\"filesize\":20778},\"semi\":{\"file\":\"SHF_eb00226127-340x580.jpg\",\"width\":340,\"height\":580,\"mime-type\":\"image\\\/jpeg\",\"filesize\":33486},\"mobile\":{\"file\":\"SHF_eb00226127-422x720.jpg\",\"width\":422,\"height\":720,\"mime-type\":\"image\\\/jpeg\",\"filesize\":48702},\"hd\":{\"file\":\"SHF_eb00226127-750x1280.jpg\",\"width\":750,\"height\":1280,\"mime-type\":\"image\\\/jpeg\",\"filesize\":137620},\"full\":{\"file\":\"SHF_eb00226127-1124x1920.jpg\",\"width\":1124,\"height\":1920,\"mime-type\":\"image\\\/jpeg\",\"filesize\":286887},\"1536x1536\":{\"file\":\"SHF_eb00226127-899x1536.jpg\",\"width\":899,\"height\":1536,\"mime-type\":\"image\\\/jpeg\",\"filesize\":191741},\"2048x2048\":{\"file\":\"SHF_eb00226127-1199x2048.jpg\",\"width\":1199,\"height\":2048,\"mime-type\":\"image\\\/jpeg\",\"filesize\":321534},\"original\":{\"file\":\"SHF_eb00226127.jpg\",\"width\":1464,\"height\":2500}},\n\t\t\t\t\"alt\" : \"Zwei Statuen stehen nebeneinander: eine hinduistische Gottheit und eine traditionelle Figur in lebhaften Rott\\u00f6nen.\",\n\t\t\t\t\"path\" : \"\\\/wp-content\\\/uploads\\\/2024\\\/11\\\/\",\n\t\t\t\t\"video\" : null,\n\t\t\t\t\"autoplay\" : null,\n\t\t\t\t\"youtube\" : null,\n\t\t\t\t\"youtubelabel\" : \"Video abspielen\",\n\t\t\t\t\"brightness\" : 100,\n\t\t\t\t\"crop\" : null,\n\t\t\t\t\"background\" : true,\n\t\t\t\t\"scale\" : 2\t\t\t\t}\n\t\t\t<\/script>\n\n\t\t\t<div class=\"height-container\" style=\"padding-bottom:170.7650273224%;\" v-if=\"sizes\">\n\t\t\t\t\t\t\t\t<lazy-media :inline=\"true\" :alt=\"alt\" :sizes=\"sizes\" :scale=\"scale\" :brightness=\"brightness\" :path=\"path\" :video=\"video\" :autoplay=\"autoplay\" :youtube=\"youtube\" :crop=\"crop\" :youtubelabel=\"youtubelabel\" :background=\"background\" media-id=\"desc_media_6a95002382591\"><\/lazy-media>\n\t\t\t\t\t\t\t<\/div>\n\n\t\t\t\t\t\t\t<figcaption class=\"sr-only\" ref=\"body\" id=\"desc_media_6a95002382591\">\n\t\t\t\t\t\t\t\t\t\t\t\t\t\t\t\t<div>Mangaaka-Kraftfigur <\/div>\n\t\t\t\t\t\t\t\t\t\t\t\t\t\t\t\t<div class=\"insignificant\">\u00a9 Stiftung Humboldt Forum im Berliner Schloss \/ Staatliche Museen zu Berlin, Museum f\u00fcr Asiatische Kunst und Ethnologisches Museum \/ Fotos: Philipp Jester | Jens Blank<\/div>\n\t\t\t\t\t\t\t\t\t<\/figcaption>\n\t\t\t\t\t<\/figure>\n\t<\/lazy-media-inline>\n\t\t\t\t<\/div>\n\t\t\t<\/div>\n\t\t\t<div class=\"col-xs-12 teaser-event-text Infos\">\n\t\t\t\t<div class=\"teaser-event-standard-text\">\n\t\t\t\t\t<div class=\"margin-bottom-atom\">\n\t\t\t\t\t\t<div class=\"subline clamp-1\" v-html=\"maingenre\"><\/div>\n\t\t\t\t\t\t\t\t\t\t\t<\/div>\n\t\t\t\t\n\t\t\t\t\t<strong class=\"margin-bottom-atom\">Ethnologische Sammlungen und Asiatische Kunst<\/strong>\n\n\t\t\t\t\t\t\t\t\t\t\t<div class=\"\">Neupr\u00e4sentation der Sammlungen<\/div>\n\t\t\t\t\t\t\t\t\t<\/div>\n\t\t\t\t<div class=\"teaser-bottom border-bottom\">\n\t\t\t\t<calendardateline :rawitem='item' :show-icon=\"true\"><\/calendardateline>\n\t\t\t\t\t<hr>\n\t\t\t\t<\/div>\n\t\t\t<\/div>\n\t\t<\/div>\n\t<\/a>\n\t<\/calendarteaser>\n<\/li>\n\n<li class=\"teaser-lane-slide col-xs-9 col-sm-4 col-md-3 teaser-wrapper col-padding-remove\">\n\t<calendarteaser key=\"493446661\" rawitem='{&quot;postId&quot;:49344,&quot;title&quot;:&quot;Ansichtssache(n)&quot;,&quot;excerpt&quot;:&quot;&quot;,&quot;slug&quot;:&quot;ansichtssachen&quot;,&quot;post_date&quot;:&quot;2022-08-29T09:21&quot;,&quot;type&quot;:&quot;event-permanent&quot;,&quot;permalink&quot;:&quot;https:\\\/\\\/www.humboldtforum.org\\\/de\\\/programm\\\/dauerangebot\\\/ausstellung\\\/ansichtssachen-49344\\\/&quot;,&quot;genre&quot;:[391],&quot;genre_details&quot;:[{&quot;text&quot;:&quot;Ausstellung&quot;,&quot;id&quot;:391,&quot;icon&quot;:null,&quot;parent&quot;:0}],&quot;icon_overwrite&quot;:&quot;&quot;,&quot;acf&quot;:{&quot;noindex&quot;:false,&quot;keywords&quot;:&quot;&quot;,&quot;shorturl&quot;:&quot;&quot;,&quot;planning&quot;:{&quot;price&quot;:&quot;regul\\u00e4r 9 EUR, Ausstellungsticket f\\u00fcr Ethnologische Sammlungen und Asiatische Kunst erforderlich&quot;,&quot;status&quot;:&quot;BUY&quot;,&quot;info&quot;:&quot;regul\\u00e4r 9 EUR, Ausstellungsticket f\\u00fcr Ethnologische Sammlungen und Asiatische Kunst erforderlich&quot;,&quot;shop&quot;:&quot;https:\\\/\\\/tickets.humboldtforum.org\\\/#\\\/tickets\\\/time?museum_id=1&amp;exhibition_id=17&amp;group=day&amp;date=2025-10-03&quot;,&quot;can_purchase&quot;:true},&quot;use_opening_hours_of_the_house&quot;:true,&quot;display_as_single&quot;:false,&quot;additional_info&quot;:{&quot;icon&quot;:&quot;icon-ort&quot;,&quot;text&quot;:&quot;2. OG, Raum 214&quot;},&quot;highlight_header&quot;:false,&quot;featured_images&quot;:[49342],&quot;use_video_in_teasers&quot;:false,&quot;hyphenation&quot;:true,&quot;tipp&quot;:false,&quot;joker&quot;:false,&quot;live&quot;:false,&quot;hide_event_in_program&quot;:false,&quot;periods&quot;:[{&quot;label&quot;:&quot;&quot;,&quot;dates&quot;:[{&quot;start&quot;:&quot;202301020000&quot;,&quot;end&quot;:&quot;202212310000&quot;,&quot;has_end&quot;:false,&quot;start_HRFSHORT&quot;:&quot;02.01.23&quot;,&quot;start_HRFSHORT_WD&quot;:&quot;Mo 02.01.2023&quot;}],&quot;monday&quot;:[{&quot;start&quot;:&quot;10:30&quot;,&quot;end&quot;:&quot;18:30&quot;,&quot;closed&quot;:false}],&quot;tuesday&quot;:[{&quot;start&quot;:null,&quot;end&quot;:null,&quot;closed&quot;:true}],&quot;wednesday&quot;:[{&quot;start&quot;:&quot;10:30&quot;,&quot;end&quot;:&quot;18:30&quot;,&quot;closed&quot;:false}],&quot;thursday&quot;:[{&quot;start&quot;:&quot;10:30&quot;,&quot;end&quot;:&quot;18:30&quot;,&quot;closed&quot;:false}],&quot;friday&quot;:[{&quot;start&quot;:&quot;10:30&quot;,&quot;end&quot;:&quot;18:30&quot;,&quot;closed&quot;:false}],&quot;saturday&quot;:[{&quot;start&quot;:&quot;10:30&quot;,&quot;end&quot;:&quot;18:30&quot;,&quot;closed&quot;:false}],&quot;sunday&quot;:[{&quot;start&quot;:&quot;10:30&quot;,&quot;end&quot;:&quot;18:30&quot;,&quot;closed&quot;:false}],&quot;info&quot;:&quot;&quot;,&quot;description&quot;:&quot;&quot;}],&quot;period_exception&quot;:[{&quot;label&quot;:&quot;&quot;,&quot;date&quot;:&quot;202512240000&quot;,&quot;closed&quot;:true,&quot;start&quot;:null,&quot;end&quot;:null,&quot;date_HRFSHORT&quot;:&quot;24.12.25&quot;},{&quot;label&quot;:&quot;&quot;,&quot;date&quot;:&quot;202512250000&quot;,&quot;closed&quot;:false,&quot;start&quot;:&quot;12:00&quot;,&quot;end&quot;:&quot;18:00&quot;,&quot;date_HRFSHORT&quot;:&quot;25.12.25&quot;},{&quot;label&quot;:&quot;&quot;,&quot;date&quot;:&quot;202512260000&quot;,&quot;closed&quot;:false,&quot;start&quot;:&quot;12:00&quot;,&quot;end&quot;:&quot;18:00&quot;,&quot;date_HRFSHORT&quot;:&quot;26.12.25&quot;},{&quot;label&quot;:&quot;&quot;,&quot;date&quot;:&quot;202512300000&quot;,&quot;closed&quot;:false,&quot;start&quot;:&quot;10:30&quot;,&quot;end&quot;:&quot;18:30&quot;,&quot;date_HRFSHORT&quot;:&quot;30.12.25&quot;},{&quot;label&quot;:&quot;&quot;,&quot;date&quot;:&quot;202512310000&quot;,&quot;closed&quot;:false,&quot;start&quot;:&quot;10:30&quot;,&quot;end&quot;:&quot;16:30&quot;,&quot;date_HRFSHORT&quot;:&quot;31.12.25&quot;},{&quot;label&quot;:&quot;&quot;,&quot;date&quot;:&quot;202601010000&quot;,&quot;closed&quot;:false,&quot;start&quot;:&quot;12:00&quot;,&quot;end&quot;:&quot;18:00&quot;,&quot;date_HRFSHORT&quot;:&quot;01.01.26&quot;}]},&quot;period_list&quot;:&quot;&lt;strong&gt;\\u00d6ffnungszeiten&lt;\\\/strong&gt;\\nMo, Mi, Do, Fr, Sa, So: 10:30 \\u2013 18:30 Uhr\\nDi: geschlossen\\n\\n&quot;,&quot;period_exception&quot;:&quot;&quot;,&quot;date&quot;:{&quot;infinite&quot;:true,&quot;from_DATE&quot;:202301020000,&quot;from&quot;:1672655400,&quot;from_TIME&quot;:&quot;10:30&quot;,&quot;to&quot;:1819685760,&quot;to_DATE&quot;:202708310416,&quot;to_TIME&quot;:&quot;00:00&quot;,&quot;from_HRFSHORT&quot;:&quot; 2. Jan 2023&quot;,&quot;from_HRFSHORT_WD&quot;:&quot;Mo 02.01.2023&quot;,&quot;from_HRF&quot;:&quot;Mo,  2. Januar 2023&quot;,&quot;to_HRF&quot;:&quot;Di, 31. August 2027&quot;,&quot;to_HRFSHORT&quot;:&quot;31. Aug 2027&quot;,&quot;to_HRFSHORT_WD&quot;:&quot;Di 31.08.2027&quot;,&quot;from_to_HRF&quot;:&quot;Mo,  2. Januar 2023 \\u2013 Di, 31. August 2027&quot;,&quot;from_to_HRFSHORT&quot;:&quot; 2. Jan 2023 \\u2013 31. Aug 2027&quot;,&quot;NXX&quot;:&quot;202608310416&quot;,&quot;NLAST&quot;:&quot;202708310416&quot;,&quot;NX&quot;:&quot;20260831&quot;},&quot;alert&quot;:null,&quot;partof&quot;:[],&quot;marketing_topic&quot;:&quot;&quot;}' inline-template>\n\t<a href=\"https:\/\/www.humboldtforum.org\/de\/programm\/dauerangebot\/ausstellung\/ansichtssachen-49344\/\" class=\"teaser teaser-event-permanent teaser-event-standard\">\n\t\t<div class=\"row\">\n\t\t\t<div class=\"col-xs-12 teaser-event-image\">\n\t\t\t\t<div class=\"teaser-image teaser-image-no-alternate\">\n\t\t\t\t\t\t\t\t\t\t\t\n\t<lazy-media-inline inline-template>\n\t\t<figure itemscope itemtype=\"http:\/\/schema.org\/ImageObject\" class=\"lazy-media-inline \" role=\"group\" id=\"media_6a95002382b65\" aria-labelledby=\"desc_media_6a95002382b65\">\n\t\t\t<script type=\"application\/json\" ref=\"data\">\n\t\t\t\t{\n\t\t\t\t\"sizes\" : {\"medium\":{\"file\":\"SHF_eb00119705-300x225.jpg\",\"width\":300,\"height\":225,\"mime-type\":\"image\\\/jpeg\",\"filesize\":19051},\"large\":{\"file\":\"SHF_eb00119705-1024x766.jpg\",\"width\":1024,\"height\":766,\"mime-type\":\"image\\\/jpeg\",\"filesize\":140610},\"thumbnail\":{\"file\":\"SHF_eb00119705-150x150.jpg\",\"width\":150,\"height\":150,\"mime-type\":\"image\\\/jpeg\",\"filesize\":8009},\"medium_large\":{\"file\":\"SHF_eb00119705-768x575.jpg\",\"width\":768,\"height\":575,\"mime-type\":\"image\\\/jpeg\",\"filesize\":90822},\"small\":{\"file\":\"SHF_eb00119705-440x329.jpg\",\"width\":440,\"height\":329,\"mime-type\":\"image\\\/jpeg\",\"filesize\":36405},\"semi\":{\"file\":\"SHF_eb00119705-580x434.jpg\",\"width\":580,\"height\":434,\"mime-type\":\"image\\\/jpeg\",\"filesize\":57614},\"mobile\":{\"file\":\"SHF_eb00119705-720x539.jpg\",\"width\":720,\"height\":539,\"mime-type\":\"image\\\/jpeg\",\"filesize\":82524},\"original\":{\"file\":\"SHF_eb00119705.jpg\",\"width\":1280,\"height\":958}},\n\t\t\t\t\"alt\" : \"Moderne Galerie mit schwarzem, offenen Regaldesign und minimalistischer \\u00c4sthetik in einem lichtdurchfluteten Raum.\",\n\t\t\t\t\"path\" : \"\\\/wp-content\\\/uploads\\\/2022\\\/08\\\/\",\n\t\t\t\t\"video\" : null,\n\t\t\t\t\"autoplay\" : null,\n\t\t\t\t\"youtube\" : null,\n\t\t\t\t\"youtubelabel\" : \"Video abspielen\",\n\t\t\t\t\"brightness\" : 100,\n\t\t\t\t\"crop\" : null,\n\t\t\t\t\"background\" : true,\n\t\t\t\t\"scale\" : 2\t\t\t\t}\n\t\t\t<\/script>\n\n\t\t\t<div class=\"height-container\" style=\"padding-bottom:74.84375%;\" v-if=\"sizes\">\n\t\t\t\t\t\t\t\t<lazy-media :inline=\"true\" :alt=\"alt\" :sizes=\"sizes\" :scale=\"scale\" :brightness=\"brightness\" :path=\"path\" :video=\"video\" :autoplay=\"autoplay\" :youtube=\"youtube\" :crop=\"crop\" :youtubelabel=\"youtubelabel\" :background=\"background\" media-id=\"desc_media_6a95002382b65\"><\/lazy-media>\n\t\t\t\t\t\t\t<\/div>\n\n\t\t\t\t\t\t\t<figcaption class=\"sr-only\" ref=\"body\" id=\"desc_media_6a95002382b65\">\n\t\t\t\t\t\t\t\t\t\t\t\t\t\t\t\t<div>Tempor&auml;re Ausstellung &quot;Ansichtssache(n)&quot; im Ethnologischen Museum <\/div>\n\t\t\t\t\t\t\t\t\t\t\t\t\t\t\t\t<div class=\"insignificant\">\u00a9 Staatliche Museen zu Berlin, Ethnologisches Museum \/ Stiftung Humboldt Forum im Berliner Schloss \/ Foto: Alexander Schippel \/ Szenographie Valentine Koppenh\u00f6fer<\/div>\n\t\t\t\t\t\t\t\t\t<\/figcaption>\n\t\t\t\t\t<\/figure>\n\t<\/lazy-media-inline>\n\t\t\t\t<\/div>\n\t\t\t<\/div>\n\t\t\t<div class=\"col-xs-12 teaser-event-text Infos\">\n\t\t\t\t<div class=\"teaser-event-standard-text\">\n\t\t\t\t\t<div class=\"margin-bottom-atom\">\n\t\t\t\t\t\t<div class=\"subline clamp-1\" v-html=\"maingenre\"><\/div>\n\t\t\t\t\t\t\t\t\t\t\t<\/div>\n\t\t\t\t\n\t\t\t\t\t<strong class=\"margin-bottom-atom\">Ansichtssache(n)<\/strong>\n\n\t\t\t\t\t\t\t\t\t\t\t<div class=\"\"><\/div>\n\t\t\t\t\t\t\t\t\t<\/div>\n\t\t\t\t<div class=\"teaser-bottom border-bottom\">\n\t\t\t\t<calendardateline :rawitem='item' :show-icon=\"true\"><\/calendardateline>\n\t\t\t\t\t<hr>\n\t\t\t\t<\/div>\n\t\t\t<\/div>\n\t\t<\/div>\n\t<\/a>\n\t<\/calendarteaser>\n<\/li>\n\n<li class=\"teaser-lane-slide col-xs-9 col-sm-4 col-md-3 teaser-wrapper col-padding-remove\">\n\t<calendarteaser key=\"15465212127\" rawitem='{&quot;postId&quot;:154652,&quot;title&quot;:&quot;Dara T\\u00fby\\u00ea \\u2013\\u00a0\\u062f\\u0631\\u062e\\u062a\\u00a0\\u062a\\u0648\\u062a\\u00a0\\u2013 Der Maulbeerbaum&quot;,&quot;excerpt&quot;:&quot;&quot;,&quot;slug&quot;:&quot;dara-tuye-%d8%af%d8%b1%d8%ae%d8%aa-%d8%aa%d9%88%d8%aa-der-maulbeerbaum&quot;,&quot;post_date&quot;:&quot;2025-10-23T13:55&quot;,&quot;type&quot;:&quot;event-period&quot;,&quot;permalink&quot;:&quot;https:\\\/\\\/www.humboldtforum.org\\\/de\\\/programm\\\/laufzeitangebot\\\/ausstellung\\\/dara-tuye-%d8%af%d8%b1%d8%ae%d8%aa-%d8%aa%d9%88%d8%aa-der-maulbeerbaum-154652\\\/&quot;,&quot;genre&quot;:[391],&quot;genre_details&quot;:[{&quot;text&quot;:&quot;Ausstellung&quot;,&quot;id&quot;:391,&quot;icon&quot;:null,&quot;parent&quot;:0}],&quot;stakeholder&quot;:[400],&quot;stakeholder_details&quot;:[{&quot;text&quot;:&quot;Berlin Museum&quot;,&quot;id&quot;:400,&quot;icon&quot;:null,&quot;parent&quot;:0}],&quot;targetgroup&quot;:[383,455],&quot;targetgroup_details&quot;:[{&quot;text&quot;:&quot;Erwachsene&quot;,&quot;id&quot;:383,&quot;icon&quot;:null,&quot;parent&quot;:0},{&quot;text&quot;:&quot;Jugendliche&quot;,&quot;id&quot;:455,&quot;icon&quot;:null,&quot;parent&quot;:0}],&quot;language&quot;:[384,385],&quot;language_details&quot;:[{&quot;text&quot;:&quot;Deutsch&quot;,&quot;id&quot;:384,&quot;icon&quot;:null,&quot;parent&quot;:0},{&quot;text&quot;:&quot;Englisch&quot;,&quot;id&quot;:385,&quot;icon&quot;:null,&quot;parent&quot;:0}],&quot;accessability&quot;:[430],&quot;accessability_details&quot;:[{&quot;text&quot;:&quot;Rollstuhlgerecht&quot;,&quot;id&quot;:430,&quot;icon&quot;:null,&quot;parent&quot;:0}],&quot;age&quot;:[1601],&quot;age_details&quot;:[{&quot;text&quot;:&quot;ab 12 Jahre&quot;,&quot;id&quot;:1601,&quot;icon&quot;:null,&quot;parent&quot;:0}],&quot;icon_overwrite&quot;:&quot;&quot;,&quot;acf&quot;:{&quot;noindex&quot;:false,&quot;keywords&quot;:&quot;&quot;,&quot;shorturl&quot;:&quot;&quot;,&quot;planning&quot;:{&quot;price&quot;:&quot;regul\\u00e4r 9 EUR&quot;,&quot;status&quot;:&quot;BUY&quot;,&quot;info&quot;:&quot;Die Freifl\\u00e4che ist Teil der Ausstellung BERLIN GLOBAL&quot;,&quot;shop&quot;:&quot;https:\\\/\\\/tickets.humboldtforum.org\\\/#\\\/tickets\\\/time?museum_id=1&amp;exhibition_id=1&amp;group=day&quot;,&quot;can_purchase&quot;:true},&quot;use_opening_hours_of_the_house&quot;:false,&quot;periods&quot;:[{&quot;label&quot;:&quot;&quot;,&quot;dates&quot;:[{&quot;start&quot;:&quot;202511290000&quot;,&quot;end&quot;:&quot;202708300000&quot;,&quot;has_end&quot;:true,&quot;start_HRFSHORT&quot;:&quot;29.11.25&quot;,&quot;start_HRFSHORT_WD&quot;:&quot;Sa 29.11.2025&quot;,&quot;end_HRFSHORT&quot;:&quot;30.08.27&quot;}],&quot;monday&quot;:[{&quot;start&quot;:&quot;10:30&quot;,&quot;end&quot;:&quot;18:30&quot;,&quot;closed&quot;:false}],&quot;tuesday&quot;:[{&quot;start&quot;:null,&quot;end&quot;:null,&quot;closed&quot;:true}],&quot;wednesday&quot;:[{&quot;start&quot;:&quot;10:30&quot;,&quot;end&quot;:&quot;18:30&quot;,&quot;closed&quot;:false}],&quot;thursday&quot;:[{&quot;start&quot;:&quot;10:30&quot;,&quot;end&quot;:&quot;18:30&quot;,&quot;closed&quot;:false}],&quot;friday&quot;:[{&quot;start&quot;:&quot;10:30&quot;,&quot;end&quot;:&quot;18:30&quot;,&quot;closed&quot;:false}],&quot;saturday&quot;:[{&quot;start&quot;:&quot;10:30&quot;,&quot;end&quot;:&quot;18:30&quot;,&quot;closed&quot;:false}],&quot;sunday&quot;:[{&quot;start&quot;:&quot;10:30&quot;,&quot;end&quot;:&quot;18:30&quot;,&quot;closed&quot;:false}],&quot;info&quot;:&quot;&quot;,&quot;description&quot;:&quot;&quot;}],&quot;display_as_single&quot;:false,&quot;subline&quot;:&quot;Feministische Stimmen \\u00fcber Krieg und G\\u00e4rten&quot;,&quot;additional_info&quot;:{&quot;icon&quot;:&quot;icon-pin&quot;,&quot;text&quot;:&quot;BERLIN GLOBAL, 1. OG \\u2013\\u00a0Raum \\&quot;Berlin-Bilder\\&quot;&quot;},&quot;highlight_header&quot;:false,&quot;featured_images&quot;:[154628],&quot;use_video_in_teasers&quot;:false,&quot;hyphenation&quot;:false,&quot;tipp&quot;:false,&quot;joker&quot;:false,&quot;live&quot;:false,&quot;hide_event_in_program&quot;:false,&quot;tickettext&quot;:&quot;Bitte buchen Sie Ihr Ticket vorab online oder an der Kasse im Foyer.&quot;,&quot;events&quot;:[154671,156776,158503,161422,163287],&quot;period_exception&quot;:[]},&quot;period_list&quot;:&quot;&lt;strong&gt;\\u00d6ffnungszeiten&lt;\\\/strong&gt;\\nMo, Mi, Do, Fr, Sa, So: 10:30 \\u2013 18:30 Uhr\\nDi: geschlossen\\n\\n&quot;,&quot;period_exception&quot;:&quot;&quot;,&quot;date&quot;:{&quot;infinite&quot;:false,&quot;from_DATE&quot;:202511290000,&quot;from&quot;:1764412200,&quot;from_TIME&quot;:&quot;10:30&quot;,&quot;to&quot;:1819650600,&quot;to_DATE&quot;:202708300000,&quot;to_TIME&quot;:&quot;18:30&quot;,&quot;from_HRFSHORT&quot;:&quot;29. Nov 2025&quot;,&quot;from_HRFSHORT_WD&quot;:&quot;Sa 29.11.2025&quot;,&quot;from_HRF&quot;:&quot;Sa, 29. November 2025&quot;,&quot;to_HRF&quot;:&quot;Mo, 30. August 2027&quot;,&quot;to_HRFSHORT&quot;:&quot;30. Aug 2027&quot;,&quot;to_HRFSHORT_WD&quot;:&quot;Mo 30.08.2027&quot;,&quot;from_to_HRF&quot;:&quot;Sa, 29. November 2025 \\u2013 Mo, 30. August 2027&quot;,&quot;from_to_HRFSHORT&quot;:&quot;29. Nov 2025 \\u2013 30. Aug 2027&quot;,&quot;NXX&quot;:&quot;202608310416&quot;,&quot;NLAST&quot;:&quot;202708301830&quot;,&quot;NX&quot;:&quot;20260831&quot;},&quot;alert&quot;:null,&quot;partof&quot;:[],&quot;marketing_topic&quot;:&quot;&quot;}' inline-template>\n\t<a href=\"https:\/\/www.humboldtforum.org\/de\/programm\/laufzeitangebot\/ausstellung\/dara-tuye-%d8%af%d8%b1%d8%ae%d8%aa-%d8%aa%d9%88%d8%aa-der-maulbeerbaum-154652\/\" class=\"teaser teaser-event-period teaser-event-standard\">\n\t\t<div class=\"row\">\n\t\t\t<div class=\"col-xs-12 teaser-event-image\">\n\t\t\t\t<div class=\"teaser-image teaser-image-no-alternate\">\n\t\t\t\t\t\t\t\t\t\t\t\n\t<lazy-media-inline inline-template>\n\t\t<figure itemscope itemtype=\"http:\/\/schema.org\/ImageObject\" class=\"lazy-media-inline \" role=\"group\" id=\"media_6a95002383193\" aria-labelledby=\"desc_media_6a95002383193\">\n\t\t\t<script type=\"application\/json\" ref=\"data\">\n\t\t\t\t{\n\t\t\t\t\"sizes\" : {\"medium\":{\"file\":\"SHF_eb00255998-300x141.jpg\",\"width\":300,\"height\":141,\"mime-type\":\"image\\\/jpeg\",\"filesize\":9682},\"large\":{\"file\":\"SHF_eb00255998-1024x480.jpg\",\"width\":1024,\"height\":480,\"mime-type\":\"image\\\/jpeg\",\"filesize\":54936},\"thumbnail\":{\"file\":\"SHF_eb00255998-150x150.jpg\",\"width\":150,\"height\":150,\"mime-type\":\"image\\\/jpeg\",\"filesize\":8739},\"medium_large\":{\"file\":\"SHF_eb00255998-768x360.jpg\",\"width\":768,\"height\":360,\"mime-type\":\"image\\\/jpeg\",\"filesize\":38491},\"small\":{\"file\":\"SHF_eb00255998-440x206.jpg\",\"width\":440,\"height\":206,\"mime-type\":\"image\\\/jpeg\",\"filesize\":17672},\"semi\":{\"file\":\"SHF_eb00255998-580x272.jpg\",\"width\":580,\"height\":272,\"mime-type\":\"image\\\/jpeg\",\"filesize\":25548},\"mobile\":{\"file\":\"SHF_eb00255998-720x338.jpg\",\"width\":720,\"height\":338,\"mime-type\":\"image\\\/jpeg\",\"filesize\":34230},\"original\":{\"file\":\"SHF_eb00255998.jpg\",\"width\":1280,\"height\":600}},\n\t\t\t\t\"alt\" : \"Plakat zur Veranstaltung \\\"Dara T\\u00fby\\u00ea - Der Maulbeerbaum\\\", feministische Stimmen zu Krieg und G\\u00e4rten, mit Terminen.\",\n\t\t\t\t\"path\" : \"\\\/wp-content\\\/uploads\\\/2025\\\/10\\\/\",\n\t\t\t\t\"video\" : null,\n\t\t\t\t\"autoplay\" : null,\n\t\t\t\t\"youtube\" : null,\n\t\t\t\t\"youtubelabel\" : \"Video abspielen\",\n\t\t\t\t\"brightness\" : 100,\n\t\t\t\t\"crop\" : null,\n\t\t\t\t\"background\" : true,\n\t\t\t\t\"scale\" : 2\t\t\t\t}\n\t\t\t<\/script>\n\n\t\t\t<div class=\"height-container\" style=\"padding-bottom:46.875%;\" v-if=\"sizes\">\n\t\t\t\t\t\t\t\t<lazy-media :inline=\"true\" :alt=\"alt\" :sizes=\"sizes\" :scale=\"scale\" :brightness=\"brightness\" :path=\"path\" :video=\"video\" :autoplay=\"autoplay\" :youtube=\"youtube\" :crop=\"crop\" :youtubelabel=\"youtubelabel\" :background=\"background\" media-id=\"desc_media_6a95002383193\"><\/lazy-media>\n\t\t\t\t\t\t\t<\/div>\n\n\t\t\t\t\t\t\t<figcaption class=\"sr-only\" ref=\"body\" id=\"desc_media_6a95002383193\">\n\t\t\t\t\t\t\t\t\t\t\t<div>Freifl&auml;che &bdquo;Dara T&ucirc;y&ecirc; &ndash; \u062f\u0631\u062e\u062a \u062a\u0648\u062a &ndash; Der Maulbeerbaum&ldquo; in BERLIN GLOBAL im Humboldt Forum<\/div>\n\t\t\t\t\t\t\t\t\t\t\t\t\t\t\t\t\t\t\t\t\t<div class=\"insignificant\">\u00a9 Flamingo e.V., Stadtmuseum Berlin | Gestaltung: Groupe Dejour<\/div>\n\t\t\t\t\t\t\t\t\t<\/figcaption>\n\t\t\t\t\t<\/figure>\n\t<\/lazy-media-inline>\n\t\t\t\t<\/div>\n\t\t\t<\/div>\n\t\t\t<div class=\"col-xs-12 teaser-event-text Infos\">\n\t\t\t\t<div class=\"teaser-event-standard-text\">\n\t\t\t\t\t<div class=\"margin-bottom-atom\">\n\t\t\t\t\t\t<div class=\"subline clamp-1\" v-html=\"maingenre\"><\/div>\n\t\t\t\t\t\t\t\t\t\t\t<\/div>\n\t\t\t\t\n\t\t\t\t\t<strong class=\"margin-bottom-atom\">Dara T\u00fby\u00ea \u2013\u00a0\u062f\u0631\u062e\u062a\u00a0\u062a\u0648\u062a\u00a0\u2013 Der Maulbeerbaum<\/strong>\n\n\t\t\t\t\t\t\t\t\t\t\t<div class=\"\">Feministische Stimmen \u00fcber Krieg und G\u00e4rten<\/div>\n\t\t\t\t\t\t\t\t\t<\/div>\n\t\t\t\t<div class=\"teaser-bottom border-bottom\">\n\t\t\t\t<calendardateline :rawitem='item' :show-icon=\"true\"><\/calendardateline>\n\t\t\t\t\t<hr>\n\t\t\t\t<\/div>\n\t\t\t<\/div>\n\t\t<\/div>\n\t<\/a>\n\t<\/calendarteaser>\n<\/li>\n\n<li class=\"teaser-lane-slide col-xs-9 col-sm-4 col-md-3 teaser-wrapper col-padding-remove\">\n\t<calendarteaser key=\"1556724188\" rawitem='{&quot;postId&quot;:155672,&quot;title&quot;:&quot;Wenn ich K\\u00f6nig*in w\\u00e4re...&quot;,&quot;excerpt&quot;:&quot;&quot;,&quot;slug&quot;:&quot;wenn-ich-koenigin-waere&quot;,&quot;post_date&quot;:&quot;2025-11-12T18:21&quot;,&quot;type&quot;:&quot;event-period&quot;,&quot;permalink&quot;:&quot;https:\\\/\\\/www.humboldtforum.org\\\/de\\\/programm\\\/laufzeitangebot\\\/ausstellung\\\/wenn-ich-koenigin-waere-155672\\\/&quot;,&quot;genre&quot;:[391],&quot;genre_details&quot;:[{&quot;text&quot;:&quot;Ausstellung&quot;,&quot;id&quot;:391,&quot;icon&quot;:null,&quot;parent&quot;:0}],&quot;stakeholder&quot;:[400],&quot;stakeholder_details&quot;:[{&quot;text&quot;:&quot;Berlin Museum&quot;,&quot;id&quot;:400,&quot;icon&quot;:null,&quot;parent&quot;:0}],&quot;targetgroup&quot;:[383,455],&quot;targetgroup_details&quot;:[{&quot;text&quot;:&quot;Erwachsene&quot;,&quot;id&quot;:383,&quot;icon&quot;:null,&quot;parent&quot;:0},{&quot;text&quot;:&quot;Jugendliche&quot;,&quot;id&quot;:455,&quot;icon&quot;:null,&quot;parent&quot;:0}],&quot;language&quot;:[384,385],&quot;language_details&quot;:[{&quot;text&quot;:&quot;Deutsch&quot;,&quot;id&quot;:384,&quot;icon&quot;:null,&quot;parent&quot;:0},{&quot;text&quot;:&quot;Englisch&quot;,&quot;id&quot;:385,&quot;icon&quot;:null,&quot;parent&quot;:0}],&quot;accessability&quot;:[430,780],&quot;accessability_details&quot;:[{&quot;text&quot;:&quot;Rollstuhlgerecht&quot;,&quot;id&quot;:430,&quot;icon&quot;:null,&quot;parent&quot;:0},{&quot;text&quot;:&quot;Untertitel&quot;,&quot;id&quot;:780,&quot;icon&quot;:null,&quot;parent&quot;:0}],&quot;age&quot;:[1601],&quot;age_details&quot;:[{&quot;text&quot;:&quot;ab 12 Jahre&quot;,&quot;id&quot;:1601,&quot;icon&quot;:null,&quot;parent&quot;:0}],&quot;icon_overwrite&quot;:&quot;&quot;,&quot;acf&quot;:{&quot;noindex&quot;:false,&quot;keywords&quot;:&quot;&quot;,&quot;shorturl&quot;:&quot;&quot;,&quot;planning&quot;:{&quot;price&quot;:&quot;regul\\u00e4r 9 EUR&quot;,&quot;status&quot;:&quot;BUY&quot;,&quot;info&quot;:&quot;Die Freifl\\u00e4che ist Teil der Ausstellung BERLIN GLOBAL &quot;,&quot;shop&quot;:&quot;https:\\\/\\\/tickets.humboldtforum.org\\\/#\\\/tickets\\\/time?museum_id=1&amp;exhibition_id=1&amp;group=day&amp;date=2025-11-30&quot;,&quot;can_purchase&quot;:true},&quot;use_opening_hours_of_the_house&quot;:false,&quot;periods&quot;:[{&quot;label&quot;:&quot;&quot;,&quot;dates&quot;:[{&quot;start&quot;:&quot;202511300000&quot;,&quot;end&quot;:&quot;202708300000&quot;,&quot;has_end&quot;:true,&quot;start_HRFSHORT&quot;:&quot;30.11.25&quot;,&quot;start_HRFSHORT_WD&quot;:&quot;So 30.11.2025&quot;,&quot;end_HRFSHORT&quot;:&quot;30.08.27&quot;}],&quot;monday&quot;:[{&quot;start&quot;:&quot;10:30&quot;,&quot;end&quot;:&quot;18:30&quot;,&quot;closed&quot;:false}],&quot;tuesday&quot;:[{&quot;start&quot;:null,&quot;end&quot;:null,&quot;closed&quot;:true}],&quot;wednesday&quot;:[{&quot;start&quot;:&quot;10:30&quot;,&quot;end&quot;:&quot;18:30&quot;,&quot;closed&quot;:false}],&quot;thursday&quot;:[{&quot;start&quot;:&quot;10:30&quot;,&quot;end&quot;:&quot;18:30&quot;,&quot;closed&quot;:false}],&quot;friday&quot;:[{&quot;start&quot;:&quot;10:30&quot;,&quot;end&quot;:&quot;18:30&quot;,&quot;closed&quot;:false}],&quot;saturday&quot;:[{&quot;start&quot;:&quot;10:30&quot;,&quot;end&quot;:&quot;18:30&quot;,&quot;closed&quot;:false}],&quot;sunday&quot;:[{&quot;start&quot;:&quot;10:30&quot;,&quot;end&quot;:&quot;18:30&quot;,&quot;closed&quot;:false}],&quot;info&quot;:&quot;&quot;,&quot;description&quot;:&quot;&quot;}],&quot;display_as_single&quot;:false,&quot;subline&quot;:&quot;Junge Visionen aus Neuk\\u00f6lln&quot;,&quot;tickettext&quot;:&quot;Bitte buchen Sie Ihr Ticket vorab online oder an der Kasse im Foyer.&quot;,&quot;additional_info&quot;:{&quot;icon&quot;:&quot;icon-pin&quot;,&quot;text&quot;:&quot;BERLIN GLOBAL, 1. OG \\u2013\\u00a0Raum \\&quot;Verflechtung\\&quot;&quot;},&quot;highlight_header&quot;:false,&quot;featured_images&quot;:[155673],&quot;use_video_in_teasers&quot;:false,&quot;hyphenation&quot;:true,&quot;tipp&quot;:false,&quot;joker&quot;:false,&quot;live&quot;:false,&quot;hide_event_in_program&quot;:false,&quot;events&quot;:[155693,157479,159927],&quot;period_exception&quot;:[]},&quot;period_list&quot;:&quot;&lt;strong&gt;\\u00d6ffnungszeiten&lt;\\\/strong&gt;\\nMo, Mi, Do, Fr, Sa, So: 10:30 \\u2013 18:30 Uhr\\nDi: geschlossen\\n\\n&quot;,&quot;period_exception&quot;:&quot;&quot;,&quot;date&quot;:{&quot;infinite&quot;:false,&quot;from_DATE&quot;:202511300000,&quot;from&quot;:1764498600,&quot;from_TIME&quot;:&quot;10:30&quot;,&quot;to&quot;:1819650600,&quot;to_DATE&quot;:202708300000,&quot;to_TIME&quot;:&quot;18:30&quot;,&quot;from_HRFSHORT&quot;:&quot;30. Nov 2025&quot;,&quot;from_HRFSHORT_WD&quot;:&quot;So 30.11.2025&quot;,&quot;from_HRF&quot;:&quot;So, 30. November 2025&quot;,&quot;to_HRF&quot;:&quot;Mo, 30. August 2027&quot;,&quot;to_HRFSHORT&quot;:&quot;30. Aug 2027&quot;,&quot;to_HRFSHORT_WD&quot;:&quot;Mo 30.08.2027&quot;,&quot;from_to_HRF&quot;:&quot;So, 30. November 2025 \\u2013 Mo, 30. August 2027&quot;,&quot;from_to_HRFSHORT&quot;:&quot;30. Nov 2025 \\u2013 30. Aug 2027&quot;,&quot;NXX&quot;:&quot;202608310416&quot;,&quot;NLAST&quot;:&quot;202708301830&quot;,&quot;NX&quot;:&quot;20260831&quot;},&quot;alert&quot;:null,&quot;partof&quot;:[],&quot;marketing_topic&quot;:&quot;&quot;}' inline-template>\n\t<a href=\"https:\/\/www.humboldtforum.org\/de\/programm\/laufzeitangebot\/ausstellung\/wenn-ich-koenigin-waere-155672\/\" class=\"teaser teaser-event-period teaser-event-standard\">\n\t\t<div class=\"row\">\n\t\t\t<div class=\"col-xs-12 teaser-event-image\">\n\t\t\t\t<div class=\"teaser-image teaser-image-no-alternate\">\n\t\t\t\t\t\t\t\t\t\t\t\n\t<lazy-media-inline inline-template>\n\t\t<figure itemscope itemtype=\"http:\/\/schema.org\/ImageObject\" class=\"lazy-media-inline \" role=\"group\" id=\"media_6a950023837c6\" aria-labelledby=\"desc_media_6a950023837c6\">\n\t\t\t<script type=\"application\/json\" ref=\"data\">\n\t\t\t\t{\n\t\t\t\t\"sizes\" : {\"medium\":{\"file\":\"SHF_eb00257434-300x141.jpg\",\"width\":300,\"height\":141,\"mime-type\":\"image\\\/jpeg\",\"filesize\":8929},\"large\":{\"file\":\"SHF_eb00257434-1024x480.jpg\",\"width\":1024,\"height\":480,\"mime-type\":\"image\\\/jpeg\",\"filesize\":45556},\"thumbnail\":{\"file\":\"SHF_eb00257434-150x150.jpg\",\"width\":150,\"height\":150,\"mime-type\":\"image\\\/jpeg\",\"filesize\":4721},\"medium_large\":{\"file\":\"SHF_eb00257434-768x360.jpg\",\"width\":768,\"height\":360,\"mime-type\":\"image\\\/jpeg\",\"filesize\":31559},\"small\":{\"file\":\"SHF_eb00257434-440x206.jpg\",\"width\":440,\"height\":206,\"mime-type\":\"image\\\/jpeg\",\"filesize\":14482},\"semi\":{\"file\":\"SHF_eb00257434-580x272.jpg\",\"width\":580,\"height\":272,\"mime-type\":\"image\\\/jpeg\",\"filesize\":21469},\"mobile\":{\"file\":\"SHF_eb00257434-720x338.jpg\",\"width\":720,\"height\":338,\"mime-type\":\"image\\\/jpeg\",\"filesize\":28681},\"original\":{\"file\":\"SHF_eb00257434.jpg\",\"width\":1280,\"height\":600}},\n\t\t\t\t\"alt\" : \"Plakat mit dem Text \\\"Wenn ich K\\u00f6nig*in w\\u00e4re... Junge Visionen aus Neuk\\u00f6lln\\\" und Datumshinweisen. Bunter Hintergrund.\",\n\t\t\t\t\"path\" : \"\\\/wp-content\\\/uploads\\\/2025\\\/11\\\/\",\n\t\t\t\t\"video\" : null,\n\t\t\t\t\"autoplay\" : null,\n\t\t\t\t\"youtube\" : null,\n\t\t\t\t\"youtubelabel\" : \"Video abspielen\",\n\t\t\t\t\"brightness\" : 100,\n\t\t\t\t\"crop\" : null,\n\t\t\t\t\"background\" : true,\n\t\t\t\t\"scale\" : 2\t\t\t\t}\n\t\t\t<\/script>\n\n\t\t\t<div class=\"height-container\" style=\"padding-bottom:46.875%;\" v-if=\"sizes\">\n\t\t\t\t\t\t\t\t<lazy-media :inline=\"true\" :alt=\"alt\" :sizes=\"sizes\" :scale=\"scale\" :brightness=\"brightness\" :path=\"path\" :video=\"video\" :autoplay=\"autoplay\" :youtube=\"youtube\" :crop=\"crop\" :youtubelabel=\"youtubelabel\" :background=\"background\" media-id=\"desc_media_6a950023837c6\"><\/lazy-media>\n\t\t\t\t\t\t\t<\/div>\n\n\t\t\t\t\t\t\t<figcaption class=\"sr-only\" ref=\"body\" id=\"desc_media_6a950023837c6\">\n\t\t\t\t\t\t\t\t\t\t\t\t\t\t\t\t<div>Wenn ich K&ouml;nig*in w&auml;re&#8230; Eine Freifl&auml;che der B&uuml;rgerstiftung Neuk&ouml;lln <\/div>\n\t\t\t\t\t\t\t\t\t\t\t\t\t\t\t\t<div class=\"insignificant\">\u00a9 Stadtmuseum Berlin | Gestaltung: Groupe Dejour<\/div>\n\t\t\t\t\t\t\t\t\t<\/figcaption>\n\t\t\t\t\t<\/figure>\n\t<\/lazy-media-inline>\n\t\t\t\t<\/div>\n\t\t\t<\/div>\n\t\t\t<div class=\"col-xs-12 teaser-event-text Infos\">\n\t\t\t\t<div class=\"teaser-event-standard-text\">\n\t\t\t\t\t<div class=\"margin-bottom-atom\">\n\t\t\t\t\t\t<div class=\"subline clamp-1\" v-html=\"maingenre\"><\/div>\n\t\t\t\t\t\t\t\t\t\t\t<\/div>\n\t\t\t\t\n\t\t\t\t\t<strong class=\"margin-bottom-atom\">Wenn ich K\u00f6nig*in w\u00e4re&#8230;<\/strong>\n\n\t\t\t\t\t\t\t\t\t\t\t<div class=\"\">Junge Visionen aus Neuk\u00f6lln<\/div>\n\t\t\t\t\t\t\t\t\t<\/div>\n\t\t\t\t<div class=\"teaser-bottom border-bottom\">\n\t\t\t\t<calendardateline :rawitem='item' :show-icon=\"true\"><\/calendardateline>\n\t\t\t\t\t<hr>\n\t\t\t\t<\/div>\n\t\t\t<\/div>\n\t\t<\/div>\n\t<\/a>\n\t<\/calendarteaser>\n<\/li>\n\n<li class=\"teaser-lane-slide col-xs-9 col-sm-4 col-md-3 teaser-wrapper col-padding-remove\">\n\t<calendarteaser key=\"16315014688\" rawitem='{&quot;postId&quot;:163150,&quot;title&quot;:&quot;Time Machine Infinitum. Queeres migrantisches Berlin&quot;,&quot;excerpt&quot;:&quot;&quot;,&quot;slug&quot;:&quot;time-machine-infinitum&quot;,&quot;post_date&quot;:&quot;2026-04-20T15:13&quot;,&quot;type&quot;:&quot;event-period&quot;,&quot;permalink&quot;:&quot;https:\\\/\\\/www.humboldtforum.org\\\/de\\\/programm\\\/laufzeitangebot\\\/ausstellung\\\/time-machine-infinitum-163150\\\/&quot;,&quot;genre&quot;:[391],&quot;genre_details&quot;:[{&quot;text&quot;:&quot;Ausstellung&quot;,&quot;id&quot;:391,&quot;icon&quot;:null,&quot;parent&quot;:0}],&quot;stakeholder&quot;:[400],&quot;stakeholder_details&quot;:[{&quot;text&quot;:&quot;Berlin Museum&quot;,&quot;id&quot;:400,&quot;icon&quot;:null,&quot;parent&quot;:0}],&quot;language&quot;:[384,385],&quot;language_details&quot;:[{&quot;text&quot;:&quot;Deutsch&quot;,&quot;id&quot;:384,&quot;icon&quot;:null,&quot;parent&quot;:0},{&quot;text&quot;:&quot;Englisch&quot;,&quot;id&quot;:385,&quot;icon&quot;:null,&quot;parent&quot;:0}],&quot;accessability&quot;:[430],&quot;accessability_details&quot;:[{&quot;text&quot;:&quot;Rollstuhlgerecht&quot;,&quot;id&quot;:430,&quot;icon&quot;:null,&quot;parent&quot;:0}],&quot;age&quot;:[1601],&quot;age_details&quot;:[{&quot;text&quot;:&quot;ab 12 Jahre&quot;,&quot;id&quot;:1601,&quot;icon&quot;:null,&quot;parent&quot;:0}],&quot;icon_overwrite&quot;:&quot;&quot;,&quot;acf&quot;:{&quot;noindex&quot;:false,&quot;keywords&quot;:&quot;&quot;,&quot;shorturl&quot;:&quot;&quot;,&quot;planning&quot;:{&quot;price&quot;:&quot;regul\\u00e4r 9 EUR&quot;,&quot;status&quot;:&quot;BUY&quot;,&quot;info&quot;:&quot;Die Freifl\\u00e4che ist Teil der Ausstellung BERLIN GLOBAL&quot;,&quot;shop&quot;:&quot;https:\\\/\\\/tickets.humboldtforum.org\\\/#\\\/tickets\\\/time?museum_id=1&amp;exhibition_id=1&amp;group=day&amp;date=2026-04-20&quot;,&quot;can_purchase&quot;:true},&quot;use_opening_hours_of_the_house&quot;:false,&quot;periods&quot;:[{&quot;label&quot;:&quot;&quot;,&quot;dates&quot;:[{&quot;start&quot;:&quot;202606130000&quot;,&quot;end&quot;:&quot;202801310000&quot;,&quot;has_end&quot;:true,&quot;start_HRFSHORT&quot;:&quot;13.06.26&quot;,&quot;start_HRFSHORT_WD&quot;:&quot;Sa 13.06.2026&quot;,&quot;end_HRFSHORT&quot;:&quot;31.01.28&quot;}],&quot;monday&quot;:[{&quot;start&quot;:&quot;10:30&quot;,&quot;end&quot;:&quot;18:30&quot;,&quot;closed&quot;:false}],&quot;tuesday&quot;:[{&quot;start&quot;:null,&quot;end&quot;:null,&quot;closed&quot;:true}],&quot;wednesday&quot;:[{&quot;start&quot;:&quot;10:30&quot;,&quot;end&quot;:&quot;18:30&quot;,&quot;closed&quot;:false}],&quot;thursday&quot;:[{&quot;start&quot;:&quot;10:30&quot;,&quot;end&quot;:&quot;18:30&quot;,&quot;closed&quot;:false}],&quot;friday&quot;:[{&quot;start&quot;:&quot;10:30&quot;,&quot;end&quot;:&quot;18:30&quot;,&quot;closed&quot;:false}],&quot;saturday&quot;:[{&quot;start&quot;:&quot;10:30&quot;,&quot;end&quot;:&quot;18:30&quot;,&quot;closed&quot;:false}],&quot;sunday&quot;:[{&quot;start&quot;:&quot;10:30&quot;,&quot;end&quot;:&quot;18:30&quot;,&quot;closed&quot;:false}],&quot;info&quot;:&quot;&quot;,&quot;description&quot;:&quot;&quot;}],&quot;display_as_single&quot;:false,&quot;subline&quot;:&quot;Eine Freifl\\u00e4che von Noam Gorbat, Omar Nicolas und Sama Ahmadi in der Ausstellung BERLIN GLOBAL&quot;,&quot;tickettext&quot;:&quot;Bitte buchen Sie Ihr Ticket vorab online oder an der Kasse im Foyer.&quot;,&quot;additional_info&quot;:{&quot;icon&quot;:&quot;icon-ort&quot;,&quot;text&quot;:&quot;BERLIN GLOBAL, 1. OG \\u2013 Raum \\&quot;Vergn\\u00fcgen\\&quot;&quot;},&quot;highlight_header&quot;:false,&quot;use_video_in_teasers&quot;:false,&quot;hyphenation&quot;:true,&quot;tipp&quot;:false,&quot;joker&quot;:false,&quot;live&quot;:false,&quot;hide_event_in_program&quot;:false,&quot;events&quot;:[163169,168845],&quot;featured_images&quot;:[163394],&quot;period_exception&quot;:[]},&quot;period_list&quot;:&quot;&lt;strong&gt;\\u00d6ffnungszeiten&lt;\\\/strong&gt;\\nMo, Mi, Do, Fr, Sa, So: 10:30 \\u2013 18:30 Uhr\\nDi: geschlossen\\n\\n&quot;,&quot;period_exception&quot;:&quot;&quot;,&quot;date&quot;:{&quot;infinite&quot;:false,&quot;from_DATE&quot;:202606130000,&quot;from&quot;:1781346600,&quot;from_TIME&quot;:&quot;10:30&quot;,&quot;to&quot;:1832956200,&quot;to_DATE&quot;:202801310000,&quot;to_TIME&quot;:&quot;18:30&quot;,&quot;from_HRFSHORT&quot;:&quot;13. Jun 2026&quot;,&quot;from_HRFSHORT_WD&quot;:&quot;Sa 13.06.2026&quot;,&quot;from_HRF&quot;:&quot;Sa, 13. Juni 2026&quot;,&quot;to_HRF&quot;:&quot;Mo, 31. Januar 2028&quot;,&quot;to_HRFSHORT&quot;:&quot;31. Jan 2028&quot;,&quot;to_HRFSHORT_WD&quot;:&quot;Mo 31.01.2028&quot;,&quot;from_to_HRF&quot;:&quot;Sa, 13. Juni 2026 \\u2013 Mo, 31. Januar 2028&quot;,&quot;from_to_HRFSHORT&quot;:&quot;13. Jun 2026 \\u2013 31. Jan 2028&quot;,&quot;NXX&quot;:&quot;202608310416&quot;,&quot;NLAST&quot;:&quot;202801311830&quot;,&quot;NX&quot;:&quot;20260831&quot;},&quot;alert&quot;:null,&quot;partof&quot;:[],&quot;marketing_topic&quot;:&quot;&quot;}' inline-template>\n\t<a href=\"https:\/\/www.humboldtforum.org\/de\/programm\/laufzeitangebot\/ausstellung\/time-machine-infinitum-163150\/\" class=\"teaser teaser-event-period teaser-event-standard\">\n\t\t<div class=\"row\">\n\t\t\t<div class=\"col-xs-12 teaser-event-image\">\n\t\t\t\t<div class=\"teaser-image teaser-image-no-alternate\">\n\t\t\t\t\t\t\t\t\t\t\t\n\t<lazy-media-inline inline-template>\n\t\t<figure itemscope itemtype=\"http:\/\/schema.org\/ImageObject\" class=\"lazy-media-inline \" role=\"group\" id=\"media_6a95002383da3\" aria-labelledby=\"desc_media_6a95002383da3\">\n\t\t\t<script type=\"application\/json\" ref=\"data\">\n\t\t\t\t{\n\t\t\t\t\"sizes\" : {\"medium\":{\"file\":\"SHF_eb00265978-300x141.jpg\",\"width\":300,\"height\":141,\"mime-type\":\"image\\\/jpeg\",\"filesize\":8778},\"large\":{\"file\":\"SHF_eb00265978-1024x480.jpg\",\"width\":1024,\"height\":480,\"mime-type\":\"image\\\/jpeg\",\"filesize\":53996},\"thumbnail\":{\"file\":\"SHF_eb00265978-150x150.jpg\",\"width\":150,\"height\":150,\"mime-type\":\"image\\\/jpeg\",\"filesize\":7958},\"medium_large\":{\"file\":\"SHF_eb00265978-768x360.jpg\",\"width\":768,\"height\":360,\"mime-type\":\"image\\\/jpeg\",\"filesize\":35002},\"small\":{\"file\":\"SHF_eb00265978-440x206.jpg\",\"width\":440,\"height\":206,\"mime-type\":\"image\\\/jpeg\",\"filesize\":16768},\"semi\":{\"file\":\"SHF_eb00265978-580x272.jpg\",\"width\":580,\"height\":272,\"mime-type\":\"image\\\/jpeg\",\"filesize\":25764},\"mobile\":{\"file\":\"SHF_eb00265978-720x338.jpg\",\"width\":720,\"height\":338,\"mime-type\":\"image\\\/jpeg\",\"filesize\":33829},\"original\":{\"file\":\"SHF_eb00265978.jpg\",\"width\":1280,\"height\":600}},\n\t\t\t\t\"alt\" : \"Ausstellungsplakat f\\u00fcr \\\"Time Machine Infinitum\\\" - Queeres Migrantes Berlin, 13.06.2026 bis 31.01.2028.\",\n\t\t\t\t\"path\" : \"\\\/wp-content\\\/uploads\\\/2026\\\/04\\\/\",\n\t\t\t\t\"video\" : null,\n\t\t\t\t\"autoplay\" : null,\n\t\t\t\t\"youtube\" : null,\n\t\t\t\t\"youtubelabel\" : \"Video abspielen\",\n\t\t\t\t\"brightness\" : 100,\n\t\t\t\t\"crop\" : {\"top\":\"6.67\",\"left\":\"49.90\"},\n\t\t\t\t\"background\" : true,\n\t\t\t\t\"scale\" : 2\t\t\t\t}\n\t\t\t<\/script>\n\n\t\t\t<div class=\"height-container\" style=\"padding-bottom:46.875%;\" v-if=\"sizes\">\n\t\t\t\t\t\t\t\t<lazy-media :inline=\"true\" :alt=\"alt\" :sizes=\"sizes\" :scale=\"scale\" :brightness=\"brightness\" :path=\"path\" :video=\"video\" :autoplay=\"autoplay\" :youtube=\"youtube\" :crop=\"crop\" :youtubelabel=\"youtubelabel\" :background=\"background\" media-id=\"desc_media_6a95002383da3\"><\/lazy-media>\n\t\t\t\t\t\t\t<\/div>\n\n\t\t\t\t\t\t\t<figcaption class=\"sr-only\" ref=\"body\" id=\"desc_media_6a95002383da3\">\n\t\t\t\t\t\t\t\t\t\t\t\t\t\t\t\t<div>Freifl&auml;che &bdquo;Time Machine Infinitum. Queeres migrantisches Berlin&ldquo; bei BERLIN GLOBAL im Humboldt Forum <\/div>\n\t\t\t\t\t\t\t\t\t\t\t\t\t\t\t\t<div class=\"insignificant\">\u00a9 Noam Gorbat, Omar Nicolas, Sama Ahmadi | Stiftung Stadtmuseum Berlin, Design: Groupe Dejour<\/div>\n\t\t\t\t\t\t\t\t\t<\/figcaption>\n\t\t\t\t\t<\/figure>\n\t<\/lazy-media-inline>\n\t\t\t\t<\/div>\n\t\t\t<\/div>\n\t\t\t<div class=\"col-xs-12 teaser-event-text Infos\">\n\t\t\t\t<div class=\"teaser-event-standard-text\">\n\t\t\t\t\t<div class=\"margin-bottom-atom\">\n\t\t\t\t\t\t<div class=\"subline clamp-1\" v-html=\"maingenre\"><\/div>\n\t\t\t\t\t\t\t\t\t\t\t<\/div>\n\t\t\t\t\n\t\t\t\t\t<strong class=\"margin-bottom-atom\">Time Machine Infinitum. Queeres migrantisches Berlin<\/strong>\n\n\t\t\t\t\t\t\t\t\t\t\t<div class=\"\">Eine Freifl\u00e4che von Noam Gorbat, Omar Nicolas und Sama Ahmadi in der Ausstellung BERLIN GLOBAL<\/div>\n\t\t\t\t\t\t\t\t\t<\/div>\n\t\t\t\t<div class=\"teaser-bottom border-bottom\">\n\t\t\t\t<calendardateline :rawitem='item' :show-icon=\"true\"><\/calendardateline>\n\t\t\t\t\t<hr>\n\t\t\t\t<\/div>\n\t\t\t<\/div>\n\t\t<\/div>\n\t<\/a>\n\t<\/calendarteaser>\n<\/li>\n\n\t\t\t\t\t\t<\/ul>\n\t\t\t\t\t<\/div>\n\t\t\t\t<\/div>\n\t\t\t<\/teaser-lane-with-buttons>\n\t\t\t\t<\/lazy-component>\n<\/section>\n\n\n\n<section class=\"block block-teaser col-lane \" style=\"\">\n\t<lazy-component :fixed-min-height=\"400\">\n\t\n\t\t\t\t\t<teaser-lane-with-buttons inline-template tracking-label=\"Veranstaltungen\">\n\t\t\t\t<div class=\"teaser-lane-with-buttons\">\n\t\t\t\t\t<div class=\"container-fluid\">\n\t\t\t\t\t\t<div class=\"row bottom-xs\">\n\t\t\t\t\t\t\t<div class=\"col-xs-12 col-md-8\">\n\t\t\t\t\t\t\t\t\t\t\t\t\t\t\t\t\t<h4>Veranstaltungen<\/h4>\t\t\t\t\t\t\t\t\t\t\t\t\t\t\t\t\t\t\t\t\t\t\t\t<\/div>\n\t\t\t\t\t\t\t<div class=\"col-xs-12 col-md-4 start-xs end-md margin-bottom-sixth teaser-lane-buttons-wrapper teaser-lane-buttons-wrapper-with-tax\">\n\t\t\t\t\t\t\t\t<a href=\"https:\/\/www.humboldtforum.org\/de\/programm\/?&#038;genre=392,564,729,523,423,827,390,393,943,820,930,1078,835,946,829,837\" class=\"normalcase small noborder\" role=\"button\">Alle anzeigen (30)<\/a>\t\t\t\t\t\t\t\t<teaser-lane-buttons :visible_prev=\"visible_prev\" :visible_next=\"visible_next\" @prev=\"prev\" @next=\"next\"><\/teaser-lane-buttons>\n\t\t\t\t\t\t\t<\/div>\n\t\t\t\t\t\t<\/div>\n\t\t\t\t\t<\/div>\n\t\t\t\t\t<div class=\"teaser-lane-wrapper\">\n\t\t\t\t\t\t<ul class=\"teaser-lane\">\n\t\t\t\t\t\t\t\t\t\t\t\t\t\t<li class=\"teaser-lane-slide col-xs-9 col-sm-4 col-md-3 teaser-wrapper col-padding-remove\">\n\t<calendarteaser key=\"16758221631\" rawitem='{&quot;postId&quot;:167582,&quot;title&quot;:&quot;Post Palast&quot;,&quot;excerpt&quot;:&quot;&quot;,&quot;slug&quot;:&quot;post-palast&quot;,&quot;post_date&quot;:&quot;2026-07-03T13:20&quot;,&quot;type&quot;:&quot;event&quot;,&quot;permalink&quot;:&quot;https:\\\/\\\/www.humboldtforum.org\\\/de\\\/programm\\\/termin\\\/gespraech\\\/post-palast-167582\\\/&quot;,&quot;genre&quot;:[1078],&quot;genre_details&quot;:[{&quot;text&quot;:&quot;Gespr\\u00e4ch&quot;,&quot;id&quot;:1078,&quot;icon&quot;:null,&quot;parent&quot;:0}],&quot;topic&quot;:[431],&quot;topic_details&quot;:[{&quot;text&quot;:&quot;Geschichte und Architektur des Ortes&quot;,&quot;id&quot;:431,&quot;icon&quot;:null,&quot;parent&quot;:0}],&quot;stakeholder&quot;:[382],&quot;stakeholder_details&quot;:[{&quot;text&quot;:&quot;Stiftung Humboldt Forum im Berliner Schloss&quot;,&quot;id&quot;:382,&quot;icon&quot;:null,&quot;parent&quot;:0}],&quot;place&quot;:[424],&quot;place_details&quot;:{&quot;place&quot;:&quot;Humboldt Forum&quot;,&quot;map&quot;:&quot;Humboldt Forum, Schlossplatz, Berlin&quot;,&quot;room&quot;:&quot;Saal 3, EG&quot;},&quot;icon_overwrite&quot;:&quot;&quot;,&quot;acf&quot;:{&quot;noindex&quot;:false,&quot;keywords&quot;:&quot;&quot;,&quot;hashtag&quot;:&quot;HumboldtForum&quot;,&quot;shorturl&quot;:&quot;&quot;,&quot;belongsto&quot;:[14203],&quot;times&quot;:[{&quot;start&quot;:&quot;20260903 19:00&quot;,&quot;end&quot;:&quot;21:00&quot;,&quot;status&quot;:&quot;BUY&quot;,&quot;info&quot;:&quot;8 EUR \\\/ erm\\u00e4\\u00dfigt 4 EUR&quot;,&quot;shop&quot;:&quot;https:\\\/\\\/tickets.humboldtforum.org\\\/#\\\/product\\\/event\\\/266?date=2026-09-03&amp;date_id=29619&amp;lang=de&quot;,&quot;i&quot;:0,&quot;start_hour&quot;:&quot;19:00&quot;,&quot;start_HRF&quot;:&quot;Do,  3. September 2026&quot;,&quot;_date&quot;:{&quot;date&quot;:&quot;2026-09-03 21:00:00.000000&quot;,&quot;timezone_type&quot;:3,&quot;timezone&quot;:&quot;Europe\\\/Berlin&quot;},&quot;_fromdate&quot;:&quot;20260903 19:00&quot;,&quot;start_TS&quot;:1788454800,&quot;start_HRFSHORT&quot;:&quot;03.09.26&quot;,&quot;start_HRFSHORT_WD&quot;:&quot;Do 03.09.2026&quot;,&quot;end_TS&quot;:1788462000,&quot;can_purchase&quot;:true}],&quot;planning&quot;:{&quot;price&quot;:&quot;8 EUR \\\/ erm\\u00e4\\u00dfigt 4 EUR&quot;,&quot;admission&quot;:&quot;&quot;,&quot;pause&quot;:&quot;&quot;,&quot;duration&quot;:&quot;120&quot;},&quot;subline&quot;:&quot;Die Kinder der 90er und ihre DDR&quot;,&quot;additional_info&quot;:{&quot;icon&quot;:&quot;0&quot;,&quot;text&quot;:&quot;&quot;},&quot;highlight_header&quot;:false,&quot;use_video_in_teasers&quot;:false,&quot;hyphenation&quot;:true,&quot;tipp&quot;:false,&quot;joker&quot;:false,&quot;live&quot;:false,&quot;hide_event_in_program&quot;:false,&quot;gomus_id&quot;:&quot;&quot;,&quot;featured_images&quot;:[167586],&quot;hm_id&quot;:&quot;&quot;},&quot;date&quot;:{&quot;NX&quot;:&quot;20260903&quot;,&quot;NXX&quot;:&quot;202609031900&quot;,&quot;NLAST&quot;:&quot;202609031500&quot;,&quot;from_DATE&quot;:&quot;20260903 19:00&quot;,&quot;from&quot;:1788447600,&quot;to&quot;:1788447600,&quot;to_DATE&quot;:&quot;20260903 19:00&quot;,&quot;from_HRFSHORT&quot;:&quot; 3. Sep 2026&quot;,&quot;from_HRFSHORT_WD&quot;:&quot;Do 03.09.2026&quot;,&quot;to_HRFSHORT&quot;:&quot; 3. Sep 2026&quot;,&quot;to_HRFSHORT_WD&quot;:&quot;Do 03.09.2026&quot;,&quot;from_HRF&quot;:&quot;Do,  3. September 2026&quot;,&quot;to_HRF&quot;:&quot;Do,  3. September 2026&quot;,&quot;from_to_HRF&quot;:&quot;Do,  3. September \\u2013 Do,  3. September 2026&quot;,&quot;from_to_HRFSHORT&quot;:&quot; 3. Sep \\u2013  3. Sep 2026&quot;},&quot;alert&quot;:null,&quot;partof&quot;:[14203],&quot;marketing_topic&quot;:{&quot;title&quot;:&quot;ORTS-Termin&quot;,&quot;ID&quot;:14203,&quot;reason&quot;:&quot;sequence&quot;}}' inline-template>\n\t<a href=\"https:\/\/www.humboldtforum.org\/de\/programm\/termin\/gespraech\/post-palast-167582\/\" class=\"teaser teaser-event teaser-event-standard\">\n\t\t<div class=\"row\">\n\t\t\t<div class=\"col-xs-12 teaser-event-image\">\n\t\t\t\t<div class=\"teaser-image teaser-image-no-alternate\">\n\t\t\t\t\t\t\t\t\t\t\t\n\t<lazy-media-inline inline-template>\n\t\t<figure itemscope itemtype=\"http:\/\/schema.org\/ImageObject\" class=\"lazy-media-inline \" role=\"group\" id=\"media_6a950023cc5cd\" aria-labelledby=\"desc_media_6a950023cc5cd\">\n\t\t\t<script type=\"application\/json\" ref=\"data\">\n\t\t\t\t{\n\t\t\t\t\"sizes\" : {\"medium\":{\"file\":\"SHF_eb00268892-300x198.jpg\",\"width\":300,\"height\":198,\"mime-type\":\"image\\\/jpeg\",\"filesize\":15130},\"large\":{\"file\":\"SHF_eb00268892-1024x677.jpg\",\"width\":1024,\"height\":677,\"mime-type\":\"image\\\/jpeg\",\"filesize\":109680},\"thumbnail\":{\"file\":\"SHF_eb00268892-150x150.jpg\",\"width\":150,\"height\":150,\"mime-type\":\"image\\\/jpeg\",\"filesize\":6891},\"medium_large\":{\"file\":\"SHF_eb00268892-768x508.jpg\",\"width\":768,\"height\":508,\"mime-type\":\"image\\\/jpeg\",\"filesize\":69083},\"small\":{\"file\":\"SHF_eb00268892-440x291.jpg\",\"width\":440,\"height\":291,\"mime-type\":\"image\\\/jpeg\",\"filesize\":27726},\"semi\":{\"file\":\"SHF_eb00268892-580x383.jpg\",\"width\":580,\"height\":383,\"mime-type\":\"image\\\/jpeg\",\"filesize\":43356},\"mobile\":{\"file\":\"SHF_eb00268892-720x476.jpg\",\"width\":720,\"height\":476,\"mime-type\":\"image\\\/jpeg\",\"filesize\":61440},\"hd\":{\"file\":\"SHF_eb00268892-1280x846.jpg\",\"width\":1280,\"height\":846,\"mime-type\":\"image\\\/jpeg\",\"filesize\":159030},\"full\":{\"file\":\"SHF_eb00268892-1920x1269.jpg\",\"width\":1920,\"height\":1269,\"mime-type\":\"image\\\/jpeg\",\"filesize\":321695},\"xxl\":{\"file\":\"SHF_eb00268892-4048x2675.jpg\",\"width\":4048,\"height\":2675,\"mime-type\":\"image\\\/jpeg\",\"filesize\":1201514},\"1536x1536\":{\"file\":\"SHF_eb00268892-1536x1015.jpg\",\"width\":1536,\"height\":1015,\"mime-type\":\"image\\\/jpeg\",\"filesize\":217422},\"2048x2048\":{\"file\":\"SHF_eb00268892-2048x1354.jpg\",\"width\":2048,\"height\":1354,\"mime-type\":\"image\\\/jpeg\",\"filesize\":361654},\"original\":{\"file\":\"SHF_eb00268892.jpg\",\"width\":5143,\"height\":3399}},\n\t\t\t\t\"alt\" : \"Graffiti an einem Geb\\u00e4ude mit rundem Fensterrahmen und orangefarbenen Glaselementen.\",\n\t\t\t\t\"path\" : \"\\\/wp-content\\\/uploads\\\/2026\\\/07\\\/\",\n\t\t\t\t\"video\" : null,\n\t\t\t\t\"autoplay\" : null,\n\t\t\t\t\"youtube\" : null,\n\t\t\t\t\"youtubelabel\" : \"Video abspielen\",\n\t\t\t\t\"brightness\" : 100,\n\t\t\t\t\"crop\" : {\"top\":\"50.00\",\"left\":\"50.00\"},\n\t\t\t\t\"background\" : true,\n\t\t\t\t\"scale\" : 2\t\t\t\t}\n\t\t\t<\/script>\n\n\t\t\t<div class=\"height-container\" style=\"padding-bottom:66.089830838032%;\" v-if=\"sizes\">\n\t\t\t\t\t\t\t\t<lazy-media :inline=\"true\" :alt=\"alt\" :sizes=\"sizes\" :scale=\"scale\" :brightness=\"brightness\" :path=\"path\" :video=\"video\" :autoplay=\"autoplay\" :youtube=\"youtube\" :crop=\"crop\" :youtubelabel=\"youtubelabel\" :background=\"background\" media-id=\"desc_media_6a950023cc5cd\"><\/lazy-media>\n\t\t\t\t\t\t\t<\/div>\n\n\t\t\t\t\t\t\t<figcaption class=\"sr-only\" ref=\"body\" id=\"desc_media_6a950023cc5cd\">\n\t\t\t\t\t\t\t\t\t\t\t\t\t\t\t\t<div>Leere Halterung des Staatsemblems am geschlossenen Palast der Republik <\/div>\n\t\t\t\t\t\t\t\t\t\t\t\t\t\t\t\t<div class=\"insignificant\">\u00a9 picture alliance \/ imageBROKER | dirk enters<\/div>\n\t\t\t\t\t\t\t\t\t<\/figcaption>\n\t\t\t\t\t<\/figure>\n\t<\/lazy-media-inline>\n\t\t\t\t<\/div>\n\t\t\t<\/div>\n\t\t\t<div class=\"col-xs-12 teaser-event-text Infos\">\n\t\t\t\t<div class=\"teaser-event-standard-text\">\n\t\t\t\t\t<div class=\"margin-bottom-atom\">\n\t\t\t\t\t\t<div class=\"subline clamp-1\" v-html=\"maingenre\"><\/div>\n\t\t\t\t\t\t\t\t\t\t\t\t\t<div class=\"insignificant clamp-2\">ORTS-Termin<\/div>\n\t\t\t\t\t\t\t\t\t\t\t<\/div>\n\t\t\t\t\n\t\t\t\t\t<strong class=\"margin-bottom-atom\">Post Palast<\/strong>\n\n\t\t\t\t\t\t\t\t\t\t\t<div class=\"\">Die Kinder der 90er und ihre DDR<\/div>\n\t\t\t\t\t\t\t\t\t<\/div>\n\t\t\t\t<div class=\"teaser-bottom border-bottom\">\n\t\t\t\t<calendardateline :rawitem='item' :show-icon=\"true\"><\/calendardateline>\n\t\t\t\t\t<hr>\n\t\t\t\t<\/div>\n\t\t\t<\/div>\n\t\t<\/div>\n\t<\/a>\n\t<\/calendarteaser>\n<\/li>\n\n<li class=\"teaser-lane-slide col-xs-9 col-sm-4 col-md-3 teaser-wrapper col-padding-remove\">\n\t<calendarteaser key=\"16884518295\" rawitem='{&quot;postId&quot;:168845,&quot;title&quot;:&quot;Nicht die Ersten \\u2013 Bewegungsgeschichten von Queers of Color in Deutschland&quot;,&quot;excerpt&quot;:&quot;&quot;,&quot;slug&quot;:&quot;nicht-die-ersten-bewegungsgeschichten-von-queers-of-color-in-deutschland&quot;,&quot;post_date&quot;:&quot;2026-07-24T09:02&quot;,&quot;type&quot;:&quot;event&quot;,&quot;permalink&quot;:&quot;https:\\\/\\\/www.humboldtforum.org\\\/de\\\/programm\\\/termin\\\/gespraech\\\/nicht-die-ersten-bewegungsgeschichten-von-queers-of-color-in-deutschland-168845\\\/&quot;,&quot;genre&quot;:[1078],&quot;genre_details&quot;:[{&quot;text&quot;:&quot;Gespr\\u00e4ch&quot;,&quot;id&quot;:1078,&quot;icon&quot;:null,&quot;parent&quot;:0}],&quot;stakeholder&quot;:[400],&quot;stakeholder_details&quot;:[{&quot;text&quot;:&quot;Berlin Museum&quot;,&quot;id&quot;:400,&quot;icon&quot;:null,&quot;parent&quot;:0}],&quot;language&quot;:[384],&quot;language_details&quot;:[{&quot;text&quot;:&quot;Deutsch&quot;,&quot;id&quot;:384,&quot;icon&quot;:null,&quot;parent&quot;:0}],&quot;age&quot;:[1321],&quot;age_details&quot;:[{&quot;text&quot;:&quot;ab 16 Jahre&quot;,&quot;id&quot;:1321,&quot;icon&quot;:null,&quot;parent&quot;:0}],&quot;place&quot;:[1870],&quot;place_details&quot;:{&quot;place&quot;:&quot;Humboldt Forum&quot;,&quot;map&quot;:&quot;Humboldt Forum, Schlossplatz, Berlin&quot;,&quot;room&quot;:&quot;Berlin Ausstellung, 1. OG, Saal 5 Berlin Raum&quot;},&quot;icon_overwrite&quot;:&quot;&quot;,&quot;acf&quot;:{&quot;noindex&quot;:false,&quot;keywords&quot;:&quot;&quot;,&quot;hashtag&quot;:&quot;HumboldtForum&quot;,&quot;shorturl&quot;:&quot;&quot;,&quot;belongsto&quot;:[163150,14140],&quot;times&quot;:[{&quot;start&quot;:&quot;20260904 18:30&quot;,&quot;end&quot;:&quot;20:00&quot;,&quot;status&quot;:&quot;BUY&quot;,&quot;info&quot;:&quot;5 EUR \\\/ erm\\u00e4\\u00dfigt 3 EUR&quot;,&quot;shop&quot;:&quot;https:\\\/\\\/tickets.humboldtforum.org\\\/#\\\/product\\\/event\\\/609?date=2026-09-04&amp;date_id=29547&amp;lang=de&quot;,&quot;i&quot;:0,&quot;start_hour&quot;:&quot;18:30&quot;,&quot;start_HRF&quot;:&quot;Fr,  4. September 2026&quot;,&quot;_date&quot;:{&quot;date&quot;:&quot;2026-09-04 20:00:00.000000&quot;,&quot;timezone_type&quot;:3,&quot;timezone&quot;:&quot;Europe\\\/Berlin&quot;},&quot;_fromdate&quot;:&quot;20260904 18:30&quot;,&quot;start_TS&quot;:1788539400,&quot;start_HRFSHORT&quot;:&quot;04.09.26&quot;,&quot;start_HRFSHORT_WD&quot;:&quot;Fr 04.09.2026&quot;,&quot;end_TS&quot;:1788544800,&quot;can_purchase&quot;:true}],&quot;planning&quot;:{&quot;price&quot;:&quot;5 EUR \\\/ erm\\u00e4\\u00dfigt 3 EUR&quot;,&quot;admission&quot;:&quot;18:00&quot;,&quot;pause&quot;:&quot;&quot;,&quot;duration&quot;:&quot;&quot;},&quot;subline&quot;:&quot;Buch, Kurzfilm und Gespr\\u00e4ch mit Tarek Shukrallah&quot;,&quot;additional_info&quot;:{&quot;icon&quot;:&quot;0&quot;,&quot;text&quot;:&quot;&quot;},&quot;highlight_header&quot;:false,&quot;use_video_in_teasers&quot;:false,&quot;hyphenation&quot;:true,&quot;tipp&quot;:false,&quot;joker&quot;:false,&quot;live&quot;:false,&quot;hide_event_in_program&quot;:false,&quot;gomus_id&quot;:&quot;&quot;,&quot;tickettext&quot;:&quot;Bitte buchen Sie Ihr Ticket vorab online oder an der Kasse im Foyer.&quot;,&quot;featured_images&quot;:[168852],&quot;hm_id&quot;:&quot;&quot;},&quot;date&quot;:{&quot;NX&quot;:&quot;20260904&quot;,&quot;NXX&quot;:&quot;202609041830&quot;,&quot;NLAST&quot;:&quot;202609041430&quot;,&quot;from_DATE&quot;:&quot;20260904 18:30&quot;,&quot;from&quot;:1788532200,&quot;to&quot;:1788532200,&quot;to_DATE&quot;:&quot;20260904 18:30&quot;,&quot;from_HRFSHORT&quot;:&quot; 4. Sep 2026&quot;,&quot;from_HRFSHORT_WD&quot;:&quot;Fr 04.09.2026&quot;,&quot;to_HRFSHORT&quot;:&quot; 4. Sep 2026&quot;,&quot;to_HRFSHORT_WD&quot;:&quot;Fr 04.09.2026&quot;,&quot;from_HRF&quot;:&quot;Fr,  4. September 2026&quot;,&quot;to_HRF&quot;:&quot;Fr,  4. September 2026&quot;,&quot;from_to_HRF&quot;:&quot;Fr,  4. September \\u2013 Fr,  4. September 2026&quot;,&quot;from_to_HRFSHORT&quot;:&quot; 4. Sep \\u2013  4. Sep 2026&quot;},&quot;alert&quot;:null,&quot;partof&quot;:[],&quot;marketing_topic&quot;:{&quot;title&quot;:&quot;Time Machine Infinitum. Queeres migrantisches Berlin&quot;,&quot;ID&quot;:163150,&quot;reason&quot;:&quot;belongsto&quot;}}' inline-template>\n\t<a href=\"https:\/\/www.humboldtforum.org\/de\/programm\/termin\/gespraech\/nicht-die-ersten-bewegungsgeschichten-von-queers-of-color-in-deutschland-168845\/\" class=\"teaser teaser-event teaser-event-standard\">\n\t\t<div class=\"row\">\n\t\t\t<div class=\"col-xs-12 teaser-event-image\">\n\t\t\t\t<div class=\"teaser-image teaser-image-no-alternate\">\n\t\t\t\t\t\t\t\t\t\t\t\n\t<lazy-media-inline inline-template>\n\t\t<figure itemscope itemtype=\"http:\/\/schema.org\/ImageObject\" class=\"lazy-media-inline \" role=\"group\" id=\"media_6a950023ce175\" aria-labelledby=\"desc_media_6a950023ce175\">\n\t\t\t<script type=\"application\/json\" ref=\"data\">\n\t\t\t\t{\n\t\t\t\t\"sizes\" : {\"medium\":{\"file\":\"SHF_eb00270496-300x200.jpg\",\"width\":300,\"height\":200,\"mime-type\":\"image\\\/jpeg\",\"filesize\":7157},\"large\":{\"file\":\"SHF_eb00270496-1024x683.jpg\",\"width\":1024,\"height\":683,\"mime-type\":\"image\\\/jpeg\",\"filesize\":43591},\"thumbnail\":{\"file\":\"SHF_eb00270496-150x150.jpg\",\"width\":150,\"height\":150,\"mime-type\":\"image\\\/jpeg\",\"filesize\":4321},\"medium_large\":{\"file\":\"SHF_eb00270496-768x512.jpg\",\"width\":768,\"height\":512,\"mime-type\":\"image\\\/jpeg\",\"filesize\":28158},\"small\":{\"file\":\"SHF_eb00270496-440x293.jpg\",\"width\":440,\"height\":293,\"mime-type\":\"image\\\/jpeg\",\"filesize\":12818},\"semi\":{\"file\":\"SHF_eb00270496-580x387.jpg\",\"width\":580,\"height\":387,\"mime-type\":\"image\\\/jpeg\",\"filesize\":19278},\"mobile\":{\"file\":\"SHF_eb00270496-720x480.jpg\",\"width\":720,\"height\":480,\"mime-type\":\"image\\\/jpeg\",\"filesize\":25093},\"original\":{\"file\":\"SHF_eb00270496.jpg\",\"width\":1080,\"height\":720}},\n\t\t\t\t\"alt\" : \"\",\n\t\t\t\t\"path\" : \"\\\/wp-content\\\/uploads\\\/2026\\\/07\\\/\",\n\t\t\t\t\"video\" : null,\n\t\t\t\t\"autoplay\" : null,\n\t\t\t\t\"youtube\" : null,\n\t\t\t\t\"youtubelabel\" : \"Video abspielen\",\n\t\t\t\t\"brightness\" : 100,\n\t\t\t\t\"crop\" : {\"top\":\"77.23\",\"left\":\"37.52\"},\n\t\t\t\t\"background\" : true,\n\t\t\t\t\"scale\" : 2\t\t\t\t}\n\t\t\t<\/script>\n\n\t\t\t<div class=\"height-container\" style=\"padding-bottom:66.666666666667%;\" v-if=\"sizes\">\n\t\t\t\t\t\t\t\t<lazy-media :inline=\"true\" :alt=\"alt\" :sizes=\"sizes\" :scale=\"scale\" :brightness=\"brightness\" :path=\"path\" :video=\"video\" :autoplay=\"autoplay\" :youtube=\"youtube\" :crop=\"crop\" :youtubelabel=\"youtubelabel\" :background=\"background\" media-id=\"desc_media_6a950023ce175\"><\/lazy-media>\n\t\t\t\t\t\t\t<\/div>\n\n\t\t\t\t\t\t\t<figcaption class=\"sr-only\" ref=\"body\" id=\"desc_media_6a950023ce175\">\n\t\t\t\t\t\t\t\t\t\t\t\t\t\t\t\t<div>Tarek Shukrallah <\/div>\n\t\t\t\t\t\t\t\t\t\t\t\t\t\t\t\t<div class=\"insignificant\">\u00a9 Tarek Shukrallah, Foto: Omar Khlif | Design: Stiftung Stadtmuseum Berlin, Groupe Dejour<\/div>\n\t\t\t\t\t\t\t\t\t<\/figcaption>\n\t\t\t\t\t<\/figure>\n\t<\/lazy-media-inline>\n\t\t\t\t<\/div>\n\t\t\t<\/div>\n\t\t\t<div class=\"col-xs-12 teaser-event-text Infos\">\n\t\t\t\t<div class=\"teaser-event-standard-text\">\n\t\t\t\t\t<div class=\"margin-bottom-atom\">\n\t\t\t\t\t\t<div class=\"subline clamp-1\" v-html=\"maingenre\"><\/div>\n\t\t\t\t\t\t\t\t\t\t\t\t\t<div class=\"insignificant clamp-2\">Time Machine Infinitum. Queeres migrantisches Berlin<\/div>\n\t\t\t\t\t\t\t\t\t\t\t<\/div>\n\t\t\t\t\n\t\t\t\t\t<strong class=\"margin-bottom-atom\">Nicht die Ersten \u2013 Bewegungsgeschichten von Queers of Color in Deutschland<\/strong>\n\n\t\t\t\t\t\t\t\t\t\t\t<div class=\"\">Buch, Kurzfilm und Gespr\u00e4ch mit Tarek Shukrallah<\/div>\n\t\t\t\t\t\t\t\t\t<\/div>\n\t\t\t\t<div class=\"teaser-bottom border-bottom\">\n\t\t\t\t<calendardateline :rawitem='item' :show-icon=\"true\"><\/calendardateline>\n\t\t\t\t\t<hr>\n\t\t\t\t<\/div>\n\t\t\t<\/div>\n\t\t<\/div>\n\t<\/a>\n\t<\/calendarteaser>\n<\/li>\n\n<li class=\"teaser-lane-slide col-xs-9 col-sm-4 col-md-3 teaser-wrapper col-padding-remove\">\n\t<calendarteaser key=\"727817188\" rawitem='{&quot;postId&quot;:72781,&quot;title&quot;:&quot;Mystische Dimensionen&quot;,&quot;excerpt&quot;:&quot;&quot;,&quot;slug&quot;:&quot;rumis-schatzkammer-der-liebe&quot;,&quot;post_date&quot;:&quot;2023-02-21T11:36&quot;,&quot;type&quot;:&quot;event&quot;,&quot;permalink&quot;:&quot;https:\\\/\\\/www.humboldtforum.org\\\/de\\\/programm\\\/termin\\\/lesung\\\/rumis-schatzkammer-der-liebe-72781\\\/&quot;,&quot;genre&quot;:[1144,423],&quot;genre_details&quot;:[{&quot;text&quot;:&quot;Lesung&quot;,&quot;id&quot;:1144,&quot;icon&quot;:null,&quot;parent&quot;:0},{&quot;text&quot;:&quot;Literatur&quot;,&quot;id&quot;:423,&quot;icon&quot;:null,&quot;parent&quot;:0}],&quot;stakeholder&quot;:[382],&quot;stakeholder_details&quot;:[{&quot;text&quot;:&quot;Stiftung Humboldt Forum im Berliner Schloss&quot;,&quot;id&quot;:382,&quot;icon&quot;:null,&quot;parent&quot;:0}],&quot;place&quot;:[532],&quot;place_details&quot;:{&quot;place&quot;:&quot;Humboldt Forum&quot;,&quot;map&quot;:&quot;Humboldt Forum, Schlossplatz, Berlin&quot;,&quot;room&quot;:&quot;3. OG&quot;},&quot;icon_overwrite&quot;:&quot;&quot;,&quot;acf&quot;:{&quot;belongsto&quot;:[46021],&quot;hashtag&quot;:&quot;HumboldtForum&quot;,&quot;noindex&quot;:false,&quot;keywords&quot;:&quot;&quot;,&quot;shorturl&quot;:&quot;&quot;,&quot;times&quot;:[{&quot;start&quot;:&quot;20260905 17:00&quot;,&quot;end&quot;:&quot;18:00&quot;,&quot;status&quot;:&quot;BUY&quot;,&quot;info&quot;:&quot;Teilnahme mit Ausstellungsticket f\\u00fcr Ethnologische Sammlungen und Museum f\\u00fcr Asiatische Kunst - 9 EUR&quot;,&quot;shop&quot;:&quot;https:\\\/\\\/tickets.humboldtforum.org\\\/#\\\/tickets\\\/time?museum_id=1&amp;exhibition_id=17&amp;group=day&amp;date=2025-12-06&quot;,&quot;i&quot;:8,&quot;start_hour&quot;:&quot;17:00&quot;,&quot;start_HRF&quot;:&quot;Sa,  5. September 2026&quot;,&quot;_date&quot;:{&quot;date&quot;:&quot;2026-09-05 18:00:00.000000&quot;,&quot;timezone_type&quot;:3,&quot;timezone&quot;:&quot;Europe\\\/Berlin&quot;},&quot;_fromdate&quot;:&quot;20260905 17:00&quot;,&quot;start_TS&quot;:1788620400,&quot;start_HRFSHORT&quot;:&quot;05.09.26&quot;,&quot;start_HRFSHORT_WD&quot;:&quot;Sa 05.09.2026&quot;,&quot;end_TS&quot;:1788624000,&quot;can_purchase&quot;:true},{&quot;start&quot;:&quot;20261003 17:00&quot;,&quot;end&quot;:&quot;18:00&quot;,&quot;status&quot;:&quot;BUY&quot;,&quot;info&quot;:&quot;Teilnahme mit Ausstellungsticket f\\u00fcr Ethnologische Sammlungen und Museum f\\u00fcr Asiatische Kunst - 9 EUR&quot;,&quot;shop&quot;:&quot;https:\\\/\\\/tickets.humboldtforum.org\\\/#\\\/tickets\\\/time?museum_id=1&amp;exhibition_id=17&amp;group=day&amp;date=2025-12-06&quot;,&quot;i&quot;:9,&quot;start_hour&quot;:&quot;17:00&quot;,&quot;start_HRF&quot;:&quot;Sa,  3. Oktober 2026&quot;,&quot;_date&quot;:{&quot;date&quot;:&quot;2026-10-03 18:00:00.000000&quot;,&quot;timezone_type&quot;:3,&quot;timezone&quot;:&quot;Europe\\\/Berlin&quot;},&quot;_fromdate&quot;:&quot;20261003 17:00&quot;,&quot;start_TS&quot;:1791039600,&quot;start_HRFSHORT&quot;:&quot;03.10.26&quot;,&quot;start_HRFSHORT_WD&quot;:&quot;Sa 03.10.2026&quot;,&quot;end_TS&quot;:1791043200,&quot;can_purchase&quot;:true},{&quot;start&quot;:&quot;20261107 17:00&quot;,&quot;end&quot;:&quot;18:00&quot;,&quot;status&quot;:&quot;BUY&quot;,&quot;info&quot;:&quot;Teilnahme mit Ausstellungsticket f\\u00fcr Ethnologische Sammlungen und Museum f\\u00fcr Asiatische Kunst - 9 EUR&quot;,&quot;shop&quot;:&quot;https:\\\/\\\/tickets.humboldtforum.org\\\/#\\\/tickets\\\/time?museum_id=1&amp;exhibition_id=17&amp;group=day&amp;date=2025-12-06&quot;,&quot;i&quot;:10,&quot;start_hour&quot;:&quot;17:00&quot;,&quot;start_HRF&quot;:&quot;Sa,  7. November 2026&quot;,&quot;_date&quot;:{&quot;date&quot;:&quot;2026-11-07 18:00:00.000000&quot;,&quot;timezone_type&quot;:3,&quot;timezone&quot;:&quot;Europe\\\/Berlin&quot;},&quot;_fromdate&quot;:&quot;20261107 17:00&quot;,&quot;start_TS&quot;:1794067200,&quot;start_HRFSHORT&quot;:&quot;07.11.26&quot;,&quot;start_HRFSHORT_WD&quot;:&quot;Sa 07.11.2026&quot;,&quot;end_TS&quot;:1794070800,&quot;can_purchase&quot;:true},{&quot;start&quot;:&quot;20261205 17:00&quot;,&quot;end&quot;:&quot;18:00&quot;,&quot;status&quot;:&quot;BUY&quot;,&quot;info&quot;:&quot;Teilnahme mit Ausstellungsticket f\\u00fcr Ethnologische Sammlungen und Museum f\\u00fcr Asiatische Kunst - 9 EUR&quot;,&quot;shop&quot;:&quot;https:\\\/\\\/tickets.humboldtforum.org\\\/#\\\/tickets\\\/time?museum_id=1&amp;exhibition_id=17&amp;group=day&amp;date=2025-12-06&quot;,&quot;i&quot;:11,&quot;start_hour&quot;:&quot;17:00&quot;,&quot;start_HRF&quot;:&quot;Sa,  5. Dezember 2026&quot;,&quot;_date&quot;:{&quot;date&quot;:&quot;2026-12-05 18:00:00.000000&quot;,&quot;timezone_type&quot;:3,&quot;timezone&quot;:&quot;Europe\\\/Berlin&quot;},&quot;_fromdate&quot;:&quot;20261205 17:00&quot;,&quot;start_TS&quot;:1796486400,&quot;start_HRFSHORT&quot;:&quot;05.12.26&quot;,&quot;start_HRFSHORT_WD&quot;:&quot;Sa 05.12.2026&quot;,&quot;end_TS&quot;:1796490000,&quot;can_purchase&quot;:true}],&quot;planning&quot;:{&quot;price&quot;:&quot;&quot;,&quot;admission&quot;:&quot;&quot;,&quot;pause&quot;:&quot;&quot;,&quot;duration&quot;:&quot;60&quot;},&quot;additional_info&quot;:{&quot;icon&quot;:&quot;0&quot;,&quot;text&quot;:&quot;&quot;},&quot;highlight_header&quot;:false,&quot;use_video_in_teasers&quot;:false,&quot;hyphenation&quot;:true,&quot;tipp&quot;:false,&quot;joker&quot;:false,&quot;live&quot;:false,&quot;hide_event_in_program&quot;:false,&quot;gomus_id&quot;:&quot;&quot;,&quot;hm_id&quot;:&quot;&quot;,&quot;featured_images&quot;:[139671],&quot;subline&quot;:&quot;Die Schatzkammer der Liebe \\u2013 1001 Sufi-Geschichten&quot;},&quot;date&quot;:{&quot;NX&quot;:&quot;20260905&quot;,&quot;NXX&quot;:&quot;202609051700&quot;,&quot;NLAST&quot;:&quot;202612051500&quot;,&quot;from_DATE&quot;:&quot;20260103 17:00&quot;,&quot;from&quot;:1767452400,&quot;to&quot;:1796482800,&quot;to_DATE&quot;:&quot;20261205 17:00&quot;,&quot;from_HRFSHORT&quot;:&quot; 3. Jan 2026&quot;,&quot;from_HRFSHORT_WD&quot;:&quot;Sa 03.01.2026&quot;,&quot;to_HRFSHORT&quot;:&quot; 5. Dez 2026&quot;,&quot;to_HRFSHORT_WD&quot;:&quot;Sa 05.12.2026&quot;,&quot;from_HRF&quot;:&quot;Sa,  3. Januar 2026&quot;,&quot;to_HRF&quot;:&quot;Sa,  5. Dezember 2026&quot;,&quot;from_to_HRF&quot;:&quot;Sa,  3. Januar \\u2013 Sa,  5. Dezember 2026&quot;,&quot;from_to_HRFSHORT&quot;:&quot; 3. Jan \\u2013  5. Dez 2026&quot;},&quot;alert&quot;:null,&quot;partof&quot;:[],&quot;marketing_topic&quot;:{&quot;title&quot;:&quot;Ethnologische Sammlungen und Asiatische Kunst&quot;,&quot;ID&quot;:46021,&quot;reason&quot;:&quot;belongsto&quot;}}' inline-template>\n\t<a href=\"https:\/\/www.humboldtforum.org\/de\/programm\/termin\/lesung\/rumis-schatzkammer-der-liebe-72781\/\" class=\"teaser teaser-event teaser-event-standard\">\n\t\t<div class=\"row\">\n\t\t\t<div class=\"col-xs-12 teaser-event-image\">\n\t\t\t\t<div class=\"teaser-image teaser-image-no-alternate\">\n\t\t\t\t\t\t\t\t\t\t\t\n\t<lazy-media-inline inline-template>\n\t\t<figure itemscope itemtype=\"http:\/\/schema.org\/ImageObject\" class=\"lazy-media-inline \" role=\"group\" id=\"media_6a950023cfbad\" aria-labelledby=\"desc_media_6a950023cfbad\">\n\t\t\t<script type=\"application\/json\" ref=\"data\">\n\t\t\t\t{\n\t\t\t\t\"sizes\" : {\"medium\":{\"file\":\"SHF_eb00234312-300x200.jpg\",\"width\":300,\"height\":200,\"mime-type\":\"image\\\/jpeg\",\"filesize\":12902},\"large\":{\"file\":\"SHF_eb00234312-1024x682.jpg\",\"width\":1024,\"height\":682,\"mime-type\":\"image\\\/jpeg\",\"filesize\":78290},\"thumbnail\":{\"file\":\"SHF_eb00234312-150x150.jpg\",\"width\":150,\"height\":150,\"mime-type\":\"image\\\/jpeg\",\"filesize\":6052},\"medium_large\":{\"file\":\"SHF_eb00234312-768x512.jpg\",\"width\":768,\"height\":512,\"mime-type\":\"image\\\/jpeg\",\"filesize\":50619},\"small\":{\"file\":\"SHF_eb00234312-440x293.jpg\",\"width\":440,\"height\":293,\"mime-type\":\"image\\\/jpeg\",\"filesize\":22376},\"semi\":{\"file\":\"SHF_eb00234312-580x387.jpg\",\"width\":580,\"height\":387,\"mime-type\":\"image\\\/jpeg\",\"filesize\":33583},\"mobile\":{\"file\":\"SHF_eb00234312-720x480.jpg\",\"width\":720,\"height\":480,\"mime-type\":\"image\\\/jpeg\",\"filesize\":45709},\"original\":{\"file\":\"SHF_eb00234312.jpg\",\"width\":1280,\"height\":853}},\n\t\t\t\t\"alt\" : \"T\\u00e4nzer in traditionellen wei\\u00dfen Gew\\u00e4ndern f\\u00fchren einen Sufi-Dreh-Tanz in einem modernen Raum auf.\",\n\t\t\t\t\"path\" : \"\\\/wp-content\\\/uploads\\\/2023\\\/02\\\/\",\n\t\t\t\t\"video\" : null,\n\t\t\t\t\"autoplay\" : null,\n\t\t\t\t\"youtube\" : null,\n\t\t\t\t\"youtubelabel\" : \"Video abspielen\",\n\t\t\t\t\"brightness\" : 100,\n\t\t\t\t\"crop\" : {\"top\":\"18.26\",\"left\":\"39.42\"},\n\t\t\t\t\"background\" : true,\n\t\t\t\t\"scale\" : 2\t\t\t\t}\n\t\t\t<\/script>\n\n\t\t\t<div class=\"height-container\" style=\"padding-bottom:66.640625%;\" v-if=\"sizes\">\n\t\t\t\t\t\t\t\t<lazy-media :inline=\"true\" :alt=\"alt\" :sizes=\"sizes\" :scale=\"scale\" :brightness=\"brightness\" :path=\"path\" :video=\"video\" :autoplay=\"autoplay\" :youtube=\"youtube\" :crop=\"crop\" :youtubelabel=\"youtubelabel\" :background=\"background\" media-id=\"desc_media_6a950023cfbad\"><\/lazy-media>\n\t\t\t\t\t\t\t<\/div>\n\n\t\t\t\t\t\t\t<figcaption class=\"sr-only\" ref=\"body\" id=\"desc_media_6a950023cfbad\">\n\t\t\t\t\t\t\t\t\t\t\t<div>Veranstaltung &bdquo;Mystische Dimensionen &#8211; Auf den Spuren ber&uuml;hmter Sufis&quot; im Humboldt Forum<\/div>\n\t\t\t\t\t\t\t\t\t\t\t\t\t\t\t\t\t\t\t\t\t<div class=\"insignificant\">\u00a9 Michaela Weber<\/div>\n\t\t\t\t\t\t\t\t\t<\/figcaption>\n\t\t\t\t\t<\/figure>\n\t<\/lazy-media-inline>\n\t\t\t\t<\/div>\n\t\t\t<\/div>\n\t\t\t<div class=\"col-xs-12 teaser-event-text Infos\">\n\t\t\t\t<div class=\"teaser-event-standard-text\">\n\t\t\t\t\t<div class=\"margin-bottom-atom\">\n\t\t\t\t\t\t<div class=\"subline clamp-1\" v-html=\"maingenre\"><\/div>\n\t\t\t\t\t\t\t\t\t\t\t\t\t<div class=\"insignificant clamp-2\">Ethnologische Sammlungen und Asiatische Kunst<\/div>\n\t\t\t\t\t\t\t\t\t\t\t<\/div>\n\t\t\t\t\n\t\t\t\t\t<strong class=\"margin-bottom-atom\">Mystische Dimensionen<\/strong>\n\n\t\t\t\t\t\t\t\t\t\t\t<div class=\"\">Die Schatzkammer der Liebe \u2013 1001 Sufi-Geschichten<\/div>\n\t\t\t\t\t\t\t\t\t<\/div>\n\t\t\t\t<div class=\"teaser-bottom border-bottom\">\n\t\t\t\t<calendardateline :rawitem='item' :show-icon=\"true\"><\/calendardateline>\n\t\t\t\t\t<hr>\n\t\t\t\t<\/div>\n\t\t\t<\/div>\n\t\t<\/div>\n\t<\/a>\n\t<\/calendarteaser>\n<\/li>\n\n<li class=\"teaser-lane-slide col-xs-9 col-sm-4 col-md-3 teaser-wrapper col-padding-remove\">\n\t<calendarteaser key=\"168862969\" rawitem='{&quot;postId&quot;:168862,&quot;title&quot;:&quot;Zu viel Ich, zu wenig Wir?&quot;,&quot;excerpt&quot;:&quot;&quot;,&quot;slug&quot;:&quot;zu-viel-ich-zu-wenig-wir&quot;,&quot;post_date&quot;:&quot;2026-07-24T09:30&quot;,&quot;type&quot;:&quot;event&quot;,&quot;permalink&quot;:&quot;https:\\\/\\\/www.humboldtforum.org\\\/de\\\/programm\\\/termin\\\/gespraech\\\/zu-viel-ich-zu-wenig-wir-168862\\\/&quot;,&quot;genre&quot;:[1078],&quot;genre_details&quot;:[{&quot;text&quot;:&quot;Gespr\\u00e4ch&quot;,&quot;id&quot;:1078,&quot;icon&quot;:null,&quot;parent&quot;:0}],&quot;language&quot;:[384],&quot;language_details&quot;:[{&quot;text&quot;:&quot;Deutsch&quot;,&quot;id&quot;:384,&quot;icon&quot;:null,&quot;parent&quot;:0}],&quot;age&quot;:[1321],&quot;age_details&quot;:[{&quot;text&quot;:&quot;ab 16 Jahre&quot;,&quot;id&quot;:1321,&quot;icon&quot;:null,&quot;parent&quot;:0}],&quot;place&quot;:[1179],&quot;place_details&quot;:{&quot;place&quot;:&quot;Humboldt Forum&quot;,&quot;map&quot;:&quot;Humboldt Forum, Schlossplatz, Berlin&quot;,&quot;room&quot;:&quot;Saal 1, EG&quot;},&quot;icon_overwrite&quot;:&quot;&quot;,&quot;acf&quot;:{&quot;noindex&quot;:false,&quot;keywords&quot;:&quot;&quot;,&quot;hashtag&quot;:&quot;HumboldtForum&quot;,&quot;shorturl&quot;:&quot;&quot;,&quot;belongsto&quot;:[163599],&quot;times&quot;:[{&quot;start&quot;:&quot;20260907 18:00&quot;,&quot;end&quot;:&quot;20:00&quot;,&quot;status&quot;:&quot;BUY&quot;,&quot;info&quot;:&quot;kostenfrei - Ticket erforderlich&quot;,&quot;shop&quot;:&quot;https:\\\/\\\/www.eventbrite.de\\\/e\\\/102-zeit-forum-wissenschaft-zu-viel-ich-zu-wenig-wir-tickets-1995923339437?aff=HumboldtForum&quot;,&quot;i&quot;:0,&quot;start_hour&quot;:&quot;18:00&quot;,&quot;start_HRF&quot;:&quot;Mo,  7. September 2026&quot;,&quot;_date&quot;:{&quot;date&quot;:&quot;2026-09-07 20:00:00.000000&quot;,&quot;timezone_type&quot;:3,&quot;timezone&quot;:&quot;Europe\\\/Berlin&quot;},&quot;_fromdate&quot;:&quot;20260907 18:00&quot;,&quot;start_TS&quot;:1788796800,&quot;start_HRFSHORT&quot;:&quot;07.09.26&quot;,&quot;start_HRFSHORT_WD&quot;:&quot;Mo 07.09.2026&quot;,&quot;end_TS&quot;:1788804000,&quot;can_purchase&quot;:true}],&quot;planning&quot;:{&quot;price&quot;:&quot;kostenfrei - Ticket erforderlich&quot;,&quot;admission&quot;:&quot;&quot;,&quot;pause&quot;:&quot;&quot;,&quot;duration&quot;:&quot;120&quot;},&quot;subline&quot;:&quot;Wie Gesellschaft auseinanderdriftet&quot;,&quot;additional_info&quot;:{&quot;icon&quot;:&quot;icon-uhr&quot;,&quot;text&quot;:&quot;Einlass ab 17:30 Uhr, p\\u00fcnktlicher Beginn um 18:00 Uhr* &quot;},&quot;highlight_header&quot;:false,&quot;featured_images&quot;:[168863],&quot;use_video_in_teasers&quot;:false,&quot;hyphenation&quot;:true,&quot;tipp&quot;:false,&quot;joker&quot;:false,&quot;live&quot;:false,&quot;hide_event_in_program&quot;:false,&quot;gomus_id&quot;:&quot;&quot;,&quot;hm_id&quot;:&quot;&quot;,&quot;tickettext&quot;:&quot;Ticket erforderlich&quot;},&quot;date&quot;:{&quot;NX&quot;:&quot;20260907&quot;,&quot;NXX&quot;:&quot;202609071800&quot;,&quot;NLAST&quot;:&quot;202609071400&quot;,&quot;from_DATE&quot;:&quot;20260907 18:00&quot;,&quot;from&quot;:1788789600,&quot;to&quot;:1788789600,&quot;to_DATE&quot;:&quot;20260907 18:00&quot;,&quot;from_HRFSHORT&quot;:&quot; 7. Sep 2026&quot;,&quot;from_HRFSHORT_WD&quot;:&quot;Mo 07.09.2026&quot;,&quot;to_HRFSHORT&quot;:&quot; 7. Sep 2026&quot;,&quot;to_HRFSHORT_WD&quot;:&quot;Mo 07.09.2026&quot;,&quot;from_HRF&quot;:&quot;Mo,  7. September 2026&quot;,&quot;to_HRF&quot;:&quot;Mo,  7. September 2026&quot;,&quot;from_to_HRF&quot;:&quot;Mo,  7. September \\u2013 Mo,  7. September 2026&quot;,&quot;from_to_HRFSHORT&quot;:&quot; 7. Sep \\u2013  7. Sep 2026&quot;},&quot;alert&quot;:null,&quot;partof&quot;:[&quot;163599&quot;],&quot;marketing_topic&quot;:{&quot;title&quot;:&quot;ZEIT Forum Wissenschaft&quot;,&quot;ID&quot;:&quot;163599&quot;,&quot;reason&quot;:&quot;sequence&quot;}}' inline-template>\n\t<a href=\"https:\/\/www.humboldtforum.org\/de\/programm\/termin\/gespraech\/zu-viel-ich-zu-wenig-wir-168862\/\" class=\"teaser teaser-event teaser-event-standard\">\n\t\t<div class=\"row\">\n\t\t\t<div class=\"col-xs-12 teaser-event-image\">\n\t\t\t\t<div class=\"teaser-image teaser-image-no-alternate\">\n\t\t\t\t\t\t\t\t\t\t\t\n\t<lazy-media-inline inline-template>\n\t\t<figure itemscope itemtype=\"http:\/\/schema.org\/ImageObject\" class=\"lazy-media-inline \" role=\"group\" id=\"media_6a950023d12ae\" aria-labelledby=\"desc_media_6a950023d12ae\">\n\t\t\t<script type=\"application\/json\" ref=\"data\">\n\t\t\t\t{\n\t\t\t\t\"sizes\" : {\"medium\":{\"file\":\"SHF_eb00270481_page-0001-212x300.jpg\",\"width\":212,\"height\":300,\"mime-type\":\"image\\\/jpeg\",\"filesize\":12431},\"large\":{\"file\":\"SHF_eb00270481_page-0001-724x1024.jpg\",\"width\":724,\"height\":1024,\"mime-type\":\"image\\\/jpeg\",\"filesize\":76681},\"thumbnail\":{\"file\":\"SHF_eb00270481_page-0001-150x150.jpg\",\"width\":150,\"height\":150,\"mime-type\":\"image\\\/jpeg\",\"filesize\":5283},\"medium_large\":{\"file\":\"SHF_eb00270481_page-0001-768x1086.jpg\",\"width\":768,\"height\":1086,\"mime-type\":\"image\\\/jpeg\",\"filesize\":81983},\"small\":{\"file\":\"SHF_eb00270481_page-0001-311x440.jpg\",\"width\":311,\"height\":440,\"mime-type\":\"image\\\/jpeg\",\"filesize\":21953},\"semi\":{\"file\":\"SHF_eb00270481_page-0001-410x580.jpg\",\"width\":410,\"height\":580,\"mime-type\":\"image\\\/jpeg\",\"filesize\":32853},\"mobile\":{\"file\":\"SHF_eb00270481_page-0001-509x720.jpg\",\"width\":509,\"height\":720,\"mime-type\":\"image\\\/jpeg\",\"filesize\":44914},\"hd\":{\"file\":\"SHF_eb00270481_page-0001-905x1280.jpg\",\"width\":905,\"height\":1280,\"mime-type\":\"image\\\/jpeg\",\"filesize\":104156},\"full\":{\"file\":\"SHF_eb00270481_page-0001-1357x1920.jpg\",\"width\":1357,\"height\":1920,\"mime-type\":\"image\\\/jpeg\",\"filesize\":183729},\"1536x1536\":{\"file\":\"SHF_eb00270481_page-0001-1086x1536.jpg\",\"width\":1086,\"height\":1536,\"mime-type\":\"image\\\/jpeg\",\"filesize\":134780},\"2048x2048\":{\"file\":\"SHF_eb00270481_page-0001-1448x2048.jpg\",\"width\":1448,\"height\":2048,\"mime-type\":\"image\\\/jpeg\",\"filesize\":202390},\"original\":{\"file\":\"SHF_eb00270481_page-0001.jpg\",\"width\":2480,\"height\":3508}},\n\t\t\t\t\"alt\" : \"\",\n\t\t\t\t\"path\" : \"\\\/wp-content\\\/uploads\\\/2026\\\/07\\\/\",\n\t\t\t\t\"video\" : null,\n\t\t\t\t\"autoplay\" : null,\n\t\t\t\t\"youtube\" : null,\n\t\t\t\t\"youtubelabel\" : \"Video abspielen\",\n\t\t\t\t\"brightness\" : 100,\n\t\t\t\t\"crop\" : {\"top\":\"40.39\",\"left\":\"49.75\"},\n\t\t\t\t\"background\" : true,\n\t\t\t\t\"scale\" : 2\t\t\t\t}\n\t\t\t<\/script>\n\n\t\t\t<div class=\"height-container\" style=\"padding-bottom:141.45161290323%;\" v-if=\"sizes\">\n\t\t\t\t\t\t\t\t<lazy-media :inline=\"true\" :alt=\"alt\" :sizes=\"sizes\" :scale=\"scale\" :brightness=\"brightness\" :path=\"path\" :video=\"video\" :autoplay=\"autoplay\" :youtube=\"youtube\" :crop=\"crop\" :youtubelabel=\"youtubelabel\" :background=\"background\" media-id=\"desc_media_6a950023d12ae\"><\/lazy-media>\n\t\t\t\t\t\t\t<\/div>\n\n\t\t\t\t\t\t\t<figcaption class=\"sr-only\" ref=\"body\" id=\"desc_media_6a950023d12ae\">\n\t\t\t\t\t\t\t\t\t\t\t\t\t\t\t\t<div>Key Visual ZEIT Forum Wissenschaft <\/div>\n\t\t\t\t\t\t\t\t\t\t\t\t\t\t\t\t<div class=\"insignificant\">\u00a9 Holtzbrinck Berlin\r\n<\/div>\n\t\t\t\t\t\t\t\t\t<\/figcaption>\n\t\t\t\t\t<\/figure>\n\t<\/lazy-media-inline>\n\t\t\t\t<\/div>\n\t\t\t<\/div>\n\t\t\t<div class=\"col-xs-12 teaser-event-text Infos\">\n\t\t\t\t<div class=\"teaser-event-standard-text\">\n\t\t\t\t\t<div class=\"margin-bottom-atom\">\n\t\t\t\t\t\t<div class=\"subline clamp-1\" v-html=\"maingenre\"><\/div>\n\t\t\t\t\t\t\t\t\t\t\t\t\t<div class=\"insignificant clamp-2\">ZEIT Forum Wissenschaft<\/div>\n\t\t\t\t\t\t\t\t\t\t\t<\/div>\n\t\t\t\t\n\t\t\t\t\t<strong class=\"margin-bottom-atom\">Zu viel Ich, zu wenig Wir?<\/strong>\n\n\t\t\t\t\t\t\t\t\t\t\t<div class=\"\">Wie Gesellschaft auseinanderdriftet<\/div>\n\t\t\t\t\t\t\t\t\t<\/div>\n\t\t\t\t<div class=\"teaser-bottom border-bottom\">\n\t\t\t\t<calendardateline :rawitem='item' :show-icon=\"true\"><\/calendardateline>\n\t\t\t\t\t<hr>\n\t\t\t\t<\/div>\n\t\t\t<\/div>\n\t\t<\/div>\n\t<\/a>\n\t<\/calendarteaser>\n<\/li>\n\n<li class=\"teaser-lane-slide col-xs-9 col-sm-4 col-md-3 teaser-wrapper col-padding-remove\">\n\t<calendarteaser key=\"1705308763\" rawitem='{&quot;postId&quot;:170530,&quot;title&quot;:&quot;Studio 9. Der Tag mit Lukas Rietzschel&quot;,&quot;excerpt&quot;:&quot;&quot;,&quot;slug&quot;:&quot;studio-9-der-tag-mit-lukas-rietzschel&quot;,&quot;post_date&quot;:&quot;2026-08-26T13:35&quot;,&quot;type&quot;:&quot;event&quot;,&quot;permalink&quot;:&quot;https:\\\/\\\/www.humboldtforum.org\\\/de\\\/programm\\\/termin\\\/gespraech\\\/studio-9-der-tag-mit-lukas-rietzschel-170530\\\/&quot;,&quot;genre&quot;:[1078],&quot;genre_details&quot;:[{&quot;text&quot;:&quot;Gespr\\u00e4ch&quot;,&quot;id&quot;:1078,&quot;icon&quot;:null,&quot;parent&quot;:0}],&quot;language&quot;:[384],&quot;language_details&quot;:[{&quot;text&quot;:&quot;Deutsch&quot;,&quot;id&quot;:384,&quot;icon&quot;:null,&quot;parent&quot;:0}],&quot;place&quot;:[1558],&quot;place_details&quot;:{&quot;place&quot;:&quot;Mechanische Arena im Foyer&quot;,&quot;map&quot;:&quot;Humboldt Forum, Schlossplatz, Berlin&quot;,&quot;room&quot;:&quot;&quot;},&quot;icon_overwrite&quot;:&quot;&quot;,&quot;acf&quot;:{&quot;noindex&quot;:false,&quot;keywords&quot;:&quot;&quot;,&quot;hashtag&quot;:&quot;HumboldtForum&quot;,&quot;shorturl&quot;:&quot;&quot;,&quot;belongsto&quot;:[57996],&quot;times&quot;:[{&quot;start&quot;:&quot;20260909 12:00&quot;,&quot;end&quot;:&quot;13:00&quot;,&quot;status&quot;:&quot;JOIN&quot;,&quot;info&quot;:&quot;kostenfrei&quot;,&quot;shop&quot;:&quot;&quot;,&quot;i&quot;:0,&quot;start_hour&quot;:&quot;12:00&quot;,&quot;start_HRF&quot;:&quot;Mi,  9. September 2026&quot;,&quot;_date&quot;:{&quot;date&quot;:&quot;2026-09-09 13:00:00.000000&quot;,&quot;timezone_type&quot;:3,&quot;timezone&quot;:&quot;Europe\\\/Berlin&quot;},&quot;_fromdate&quot;:&quot;20260909 12:00&quot;,&quot;start_TS&quot;:1788948000,&quot;start_HRFSHORT&quot;:&quot;09.09.26&quot;,&quot;start_HRFSHORT_WD&quot;:&quot;Mi 09.09.2026&quot;,&quot;end_TS&quot;:1788951600,&quot;can_purchase&quot;:false}],&quot;planning&quot;:{&quot;price&quot;:&quot;kostenfrei&quot;,&quot;admission&quot;:&quot;&quot;,&quot;pause&quot;:&quot;&quot;,&quot;duration&quot;:&quot;&quot;},&quot;subline&quot;:&quot;Deutschlandfunk Kultur \\u2013 live aus dem Humboldt Forum&quot;,&quot;additional_info&quot;:{&quot;icon&quot;:&quot;0&quot;,&quot;text&quot;:&quot;&quot;},&quot;highlight_header&quot;:false,&quot;use_video_in_teasers&quot;:false,&quot;hyphenation&quot;:true,&quot;tipp&quot;:false,&quot;joker&quot;:false,&quot;live&quot;:false,&quot;hide_event_in_program&quot;:false,&quot;gomus_id&quot;:&quot;&quot;,&quot;featured_images&quot;:[170536],&quot;infotext&quot;:&quot;F\\u00fcr die Veranstaltung stehen induktive Halsringschleifen zur Ausleihe bereit: In Kombination mit einem H\\u00f6rger\\u00e4t im \\&quot;T-Modus\\&quot; wird der Ton der Veranstaltung in hoher Qualit\\u00e4t direkt auf das H\\u00f6rger\\u00e4t \\u00fcbertragen.&quot;,&quot;hm_id&quot;:&quot;&quot;},&quot;date&quot;:{&quot;NX&quot;:&quot;20260909&quot;,&quot;NXX&quot;:&quot;202609091200&quot;,&quot;NLAST&quot;:&quot;202609090800&quot;,&quot;from_DATE&quot;:&quot;20260909 12:00&quot;,&quot;from&quot;:1788940800,&quot;to&quot;:1788940800,&quot;to_DATE&quot;:&quot;20260909 12:00&quot;,&quot;from_HRFSHORT&quot;:&quot; 9. Sep 2026&quot;,&quot;from_HRFSHORT_WD&quot;:&quot;Mi 09.09.2026&quot;,&quot;to_HRFSHORT&quot;:&quot; 9. Sep 2026&quot;,&quot;to_HRFSHORT_WD&quot;:&quot;Mi 09.09.2026&quot;,&quot;from_HRF&quot;:&quot;Mi,  9. September 2026&quot;,&quot;to_HRF&quot;:&quot;Mi,  9. September 2026&quot;,&quot;from_to_HRF&quot;:&quot;Mi,  9. September \\u2013 Mi,  9. September 2026&quot;,&quot;from_to_HRFSHORT&quot;:&quot; 9. Sep \\u2013  9. Sep 2026&quot;},&quot;alert&quot;:null,&quot;partof&quot;:[57996],&quot;marketing_topic&quot;:{&quot;title&quot;:&quot;Studio 9. Der Tag mit &#8230;&quot;,&quot;ID&quot;:57996,&quot;reason&quot;:&quot;sequence&quot;}}' inline-template>\n\t<a href=\"https:\/\/www.humboldtforum.org\/de\/programm\/termin\/gespraech\/studio-9-der-tag-mit-lukas-rietzschel-170530\/\" class=\"teaser teaser-event teaser-event-standard\">\n\t\t<div class=\"row\">\n\t\t\t<div class=\"col-xs-12 teaser-event-image\">\n\t\t\t\t<div class=\"teaser-image teaser-image-no-alternate\">\n\t\t\t\t\t\t\t\t\t\t\t\n\t<lazy-media-inline inline-template>\n\t\t<figure itemscope itemtype=\"http:\/\/schema.org\/ImageObject\" class=\"lazy-media-inline \" role=\"group\" id=\"media_6a950023d27df\" aria-labelledby=\"desc_media_6a950023d27df\">\n\t\t\t<script type=\"application\/json\" ref=\"data\">\n\t\t\t\t{\n\t\t\t\t\"sizes\" : {\"medium\":{\"file\":\"SHF_eb00272960-300x200.jpg\",\"width\":300,\"height\":200,\"mime-type\":\"image\\\/jpeg\",\"filesize\":7565},\"large\":{\"file\":\"SHF_eb00272960-1024x682.jpg\",\"width\":1024,\"height\":682,\"mime-type\":\"image\\\/jpeg\",\"filesize\":55623},\"thumbnail\":{\"file\":\"SHF_eb00272960-150x150.jpg\",\"width\":150,\"height\":150,\"mime-type\":\"image\\\/jpeg\",\"filesize\":4820},\"medium_large\":{\"file\":\"SHF_eb00272960-768x512.jpg\",\"width\":768,\"height\":512,\"mime-type\":\"image\\\/jpeg\",\"filesize\":33964},\"small\":{\"file\":\"SHF_eb00272960-440x293.jpg\",\"width\":440,\"height\":293,\"mime-type\":\"image\\\/jpeg\",\"filesize\":13758},\"semi\":{\"file\":\"SHF_eb00272960-580x387.jpg\",\"width\":580,\"height\":387,\"mime-type\":\"image\\\/jpeg\",\"filesize\":21638},\"mobile\":{\"file\":\"SHF_eb00272960-720x480.jpg\",\"width\":720,\"height\":480,\"mime-type\":\"image\\\/jpeg\",\"filesize\":30293},\"original\":{\"file\":\"SHF_eb00272960.jpg\",\"width\":1280,\"height\":853}},\n\t\t\t\t\"alt\" : \"Portr\\u00e4t eines Mannes mit Brille und Schnurrbart, gekleidet in einen wollenen Pullover, vor rotem Hintergrund.\",\n\t\t\t\t\"path\" : \"\\\/wp-content\\\/uploads\\\/2026\\\/08\\\/\",\n\t\t\t\t\"video\" : null,\n\t\t\t\t\"autoplay\" : null,\n\t\t\t\t\"youtube\" : null,\n\t\t\t\t\"youtubelabel\" : \"Video abspielen\",\n\t\t\t\t\"brightness\" : 100,\n\t\t\t\t\"crop\" : {\"top\":\"21.65\",\"left\":\"40.95\"},\n\t\t\t\t\"background\" : true,\n\t\t\t\t\"scale\" : 2\t\t\t\t}\n\t\t\t<\/script>\n\n\t\t\t<div class=\"height-container\" style=\"padding-bottom:66.640625%;\" v-if=\"sizes\">\n\t\t\t\t\t\t\t\t<lazy-media :inline=\"true\" :alt=\"alt\" :sizes=\"sizes\" :scale=\"scale\" :brightness=\"brightness\" :path=\"path\" :video=\"video\" :autoplay=\"autoplay\" :youtube=\"youtube\" :crop=\"crop\" :youtubelabel=\"youtubelabel\" :background=\"background\" media-id=\"desc_media_6a950023d27df\"><\/lazy-media>\n\t\t\t\t\t\t\t<\/div>\n\n\t\t\t\t\t\t\t<figcaption class=\"sr-only\" ref=\"body\" id=\"desc_media_6a950023d27df\">\n\t\t\t\t\t\t\t\t\t\t\t<div>Lukas Rietzschel<\/div>\n\t\t\t\t\t\t\t\t\t\t\t\t\t\t\t\t\t\t\t\t\t<div class=\"insignificant\">\u00a9 Alexandra Polina<\/div>\n\t\t\t\t\t\t\t\t\t<\/figcaption>\n\t\t\t\t\t<\/figure>\n\t<\/lazy-media-inline>\n\t\t\t\t<\/div>\n\t\t\t<\/div>\n\t\t\t<div class=\"col-xs-12 teaser-event-text Infos\">\n\t\t\t\t<div class=\"teaser-event-standard-text\">\n\t\t\t\t\t<div class=\"margin-bottom-atom\">\n\t\t\t\t\t\t<div class=\"subline clamp-1\" v-html=\"maingenre\"><\/div>\n\t\t\t\t\t\t\t\t\t\t\t\t\t<div class=\"insignificant clamp-2\">Studio 9. Der Tag mit &#8230;<\/div>\n\t\t\t\t\t\t\t\t\t\t\t<\/div>\n\t\t\t\t\n\t\t\t\t\t<strong class=\"margin-bottom-atom\">Studio 9. Der Tag mit Lukas Rietzschel<\/strong>\n\n\t\t\t\t\t\t\t\t\t\t\t<div class=\"\">Deutschlandfunk Kultur \u2013 live aus dem Humboldt Forum<\/div>\n\t\t\t\t\t\t\t\t\t<\/div>\n\t\t\t\t<div class=\"teaser-bottom border-bottom\">\n\t\t\t\t<calendardateline :rawitem='item' :show-icon=\"true\"><\/calendardateline>\n\t\t\t\t\t<hr>\n\t\t\t\t<\/div>\n\t\t\t<\/div>\n\t\t<\/div>\n\t<\/a>\n\t<\/calendarteaser>\n<\/li>\n\n<li class=\"teaser-lane-slide col-xs-9 col-sm-4 col-md-3 teaser-wrapper col-padding-remove\">\n\t<calendarteaser key=\"16422411930\" rawitem='{&quot;postId&quot;:164224,&quot;title&quot;:&quot;E ho&#039;i ka Nani: Von Sch\\u00f6nheit &amp;\\u00a0R\\u00fcckkehr&quot;,&quot;excerpt&quot;:&quot;&quot;,&quot;slug&quot;:&quot;e-hoi-ka-nani-von-schoenheit-rueckkehr&quot;,&quot;post_date&quot;:&quot;2026-05-20T11:49&quot;,&quot;type&quot;:&quot;event&quot;,&quot;permalink&quot;:&quot;https:\\\/\\\/www.humboldtforum.org\\\/de\\\/programm\\\/termin\\\/literatur\\\/e-hoi-ka-nani-von-schoenheit-rueckkehr-164224\\\/&quot;,&quot;genre&quot;:[423],&quot;genre_details&quot;:[{&quot;text&quot;:&quot;Literatur&quot;,&quot;id&quot;:423,&quot;icon&quot;:null,&quot;parent&quot;:0}],&quot;stakeholder&quot;:[382],&quot;stakeholder_details&quot;:[{&quot;text&quot;:&quot;Stiftung Humboldt Forum im Berliner Schloss&quot;,&quot;id&quot;:382,&quot;icon&quot;:null,&quot;parent&quot;:0}],&quot;language&quot;:[385],&quot;language_details&quot;:[{&quot;text&quot;:&quot;Englisch&quot;,&quot;id&quot;:385,&quot;icon&quot;:null,&quot;parent&quot;:0}],&quot;place&quot;:[1558],&quot;place_details&quot;:{&quot;place&quot;:&quot;Mechanische Arena im Foyer&quot;,&quot;map&quot;:&quot;Humboldt Forum, Schlossplatz, Berlin&quot;,&quot;room&quot;:&quot;&quot;},&quot;icon_overwrite&quot;:&quot;&quot;,&quot;acf&quot;:{&quot;noindex&quot;:false,&quot;keywords&quot;:&quot;&quot;,&quot;hashtag&quot;:&quot;HumboldtForum&quot;,&quot;belongsto&quot;:[58619],&quot;shorturl&quot;:&quot;&quot;,&quot;times&quot;:[{&quot;start&quot;:&quot;20260910 19:00&quot;,&quot;end&quot;:&quot;20:30&quot;,&quot;status&quot;:&quot;BUY&quot;,&quot;info&quot;:&quot;12 EUR \\\/ 6 EUR erm\\u00e4\\u00dfigt&quot;,&quot;shop&quot;:&quot;https:\\\/\\\/tickets.humboldtforum.org\\\/#\\\/product\\\/event\\\/334?date=2026-09-10&amp;date_id=28782&amp;lang=de&quot;,&quot;i&quot;:0,&quot;start_hour&quot;:&quot;19:00&quot;,&quot;start_HRF&quot;:&quot;Do, 10. September 2026&quot;,&quot;_date&quot;:{&quot;date&quot;:&quot;2026-09-10 20:30:00.000000&quot;,&quot;timezone_type&quot;:3,&quot;timezone&quot;:&quot;Europe\\\/Berlin&quot;},&quot;_fromdate&quot;:&quot;20260910 19:00&quot;,&quot;start_TS&quot;:1789059600,&quot;start_HRFSHORT&quot;:&quot;10.09.26&quot;,&quot;start_HRFSHORT_WD&quot;:&quot;Do 10.09.2026&quot;,&quot;end_TS&quot;:1789065000,&quot;can_purchase&quot;:true}],&quot;planning&quot;:{&quot;price&quot;:&quot;12 EUR \\\/ 6 EUR erm\\u00e4\\u00dfigt&quot;,&quot;admission&quot;:&quot;&quot;,&quot;pause&quot;:&quot;&quot;,&quot;duration&quot;:&quot;90&quot;},&quot;subline&quot;:&quot;Objekte widersprechen mit der Hawaiianischen Autorin No\\u2019u Revilla&quot;,&quot;additional_info&quot;:{&quot;icon&quot;:&quot;0&quot;,&quot;text&quot;:&quot;&quot;},&quot;highlight_header&quot;:false,&quot;use_video_in_teasers&quot;:false,&quot;hyphenation&quot;:true,&quot;tipp&quot;:false,&quot;joker&quot;:false,&quot;live&quot;:false,&quot;hide_event_in_program&quot;:false,&quot;gomus_id&quot;:&quot;&quot;,&quot;featured_images&quot;:[167891],&quot;tickettext&quot;:&quot;Tickets k\\u00f6nnen online oder an der Kasse im Foyer gebucht werden.&quot;,&quot;hm_id&quot;:&quot;&quot;},&quot;date&quot;:{&quot;NX&quot;:&quot;20260910&quot;,&quot;NXX&quot;:&quot;202609101900&quot;,&quot;NLAST&quot;:&quot;202609101500&quot;,&quot;from_DATE&quot;:&quot;20260910 19:00&quot;,&quot;from&quot;:1789052400,&quot;to&quot;:1789052400,&quot;to_DATE&quot;:&quot;20260910 19:00&quot;,&quot;from_HRFSHORT&quot;:&quot;10. Sep 2026&quot;,&quot;from_HRFSHORT_WD&quot;:&quot;Do 10.09.2026&quot;,&quot;to_HRFSHORT&quot;:&quot;10. Sep 2026&quot;,&quot;to_HRFSHORT_WD&quot;:&quot;Do 10.09.2026&quot;,&quot;from_HRF&quot;:&quot;Do, 10. September 2026&quot;,&quot;to_HRF&quot;:&quot;Do, 10. September 2026&quot;,&quot;from_to_HRF&quot;:&quot;Do, 10. September \\u2013 Do, 10. September 2026&quot;,&quot;from_to_HRFSHORT&quot;:&quot;10. Sep \\u2013 10. Sep 2026&quot;},&quot;alert&quot;:null,&quot;partof&quot;:[58619],&quot;marketing_topic&quot;:{&quot;title&quot;:&quot;Objekte widersprechen&quot;,&quot;ID&quot;:58619,&quot;reason&quot;:&quot;sequence&quot;}}' inline-template>\n\t<a href=\"https:\/\/www.humboldtforum.org\/de\/programm\/termin\/literatur\/e-hoi-ka-nani-von-schoenheit-rueckkehr-164224\/\" class=\"teaser teaser-event teaser-event-standard\">\n\t\t<div class=\"row\">\n\t\t\t<div class=\"col-xs-12 teaser-event-image\">\n\t\t\t\t<div class=\"teaser-image teaser-image-no-alternate\">\n\t\t\t\t\t\t\t\t\t\t\t\n\t<lazy-media-inline inline-template>\n\t\t<figure itemscope itemtype=\"http:\/\/schema.org\/ImageObject\" class=\"lazy-media-inline \" role=\"group\" id=\"media_6a950023d445b\" aria-labelledby=\"desc_media_6a950023d445b\">\n\t\t\t<script type=\"application\/json\" ref=\"data\">\n\t\t\t\t{\n\t\t\t\t\"sizes\" : {\"medium\":{\"file\":\"SHF_eb00269644-300x176.jpg\",\"width\":300,\"height\":176,\"mime-type\":\"image\\\/jpeg\",\"filesize\":5415},\"large\":{\"file\":\"SHF_eb00269644-1024x599.jpg\",\"width\":1024,\"height\":599,\"mime-type\":\"image\\\/jpeg\",\"filesize\":33459},\"thumbnail\":{\"file\":\"SHF_eb00269644-150x150.jpg\",\"width\":150,\"height\":150,\"mime-type\":\"image\\\/jpeg\",\"filesize\":3175},\"medium_large\":{\"file\":\"SHF_eb00269644-768x449.jpg\",\"width\":768,\"height\":449,\"mime-type\":\"image\\\/jpeg\",\"filesize\":21284},\"small\":{\"file\":\"SHF_eb00269644-440x257.jpg\",\"width\":440,\"height\":257,\"mime-type\":\"image\\\/jpeg\",\"filesize\":9349},\"semi\":{\"file\":\"SHF_eb00269644-580x339.jpg\",\"width\":580,\"height\":339,\"mime-type\":\"image\\\/jpeg\",\"filesize\":13932},\"mobile\":{\"file\":\"SHF_eb00269644-720x421.jpg\",\"width\":720,\"height\":421,\"mime-type\":\"image\\\/jpeg\",\"filesize\":19073},\"original\":{\"file\":\"SHF_eb00269644.jpg\",\"width\":1280,\"height\":749}},\n\t\t\t\t\"alt\" : \"Farbiges Portr\\u00e4t einer l\\u00e4chelnden Frau mit langen Haaren vor einem Aktenschrank.\",\n\t\t\t\t\"path\" : \"\\\/wp-content\\\/uploads\\\/2026\\\/05\\\/\",\n\t\t\t\t\"video\" : null,\n\t\t\t\t\"autoplay\" : null,\n\t\t\t\t\"youtube\" : null,\n\t\t\t\t\"youtubelabel\" : \"Video abspielen\",\n\t\t\t\t\"brightness\" : 100,\n\t\t\t\t\"crop\" : {\"top\":\"26.09\",\"left\":\"49.83\"},\n\t\t\t\t\"background\" : true,\n\t\t\t\t\"scale\" : 2\t\t\t\t}\n\t\t\t<\/script>\n\n\t\t\t<div class=\"height-container\" style=\"padding-bottom:58.515625%;\" v-if=\"sizes\">\n\t\t\t\t\t\t\t\t<lazy-media :inline=\"true\" :alt=\"alt\" :sizes=\"sizes\" :scale=\"scale\" :brightness=\"brightness\" :path=\"path\" :video=\"video\" :autoplay=\"autoplay\" :youtube=\"youtube\" :crop=\"crop\" :youtubelabel=\"youtubelabel\" :background=\"background\" media-id=\"desc_media_6a950023d445b\"><\/lazy-media>\n\t\t\t\t\t\t\t<\/div>\n\n\t\t\t\t\t\t\t<figcaption class=\"sr-only\" ref=\"body\" id=\"desc_media_6a950023d445b\">\n\t\t\t\t\t\t\t\t\t\t\t\t\t\t\t\t<div>No&#039;u Revilla <\/div>\n\t\t\t\t\t\t\t\t\t\t\t\t\t\t\t\t<div class=\"insignificant\">\u00a9 Staatliche Museen zu Berlin, Ethnologisches Museum \/ Stiftung Humboldt Forum im Berliner Schloss, Foto: Johannes Berger<\/div>\n\t\t\t\t\t\t\t\t\t<\/figcaption>\n\t\t\t\t\t<\/figure>\n\t<\/lazy-media-inline>\n\t\t\t\t<\/div>\n\t\t\t<\/div>\n\t\t\t<div class=\"col-xs-12 teaser-event-text Infos\">\n\t\t\t\t<div class=\"teaser-event-standard-text\">\n\t\t\t\t\t<div class=\"margin-bottom-atom\">\n\t\t\t\t\t\t<div class=\"subline clamp-1\" v-html=\"maingenre\"><\/div>\n\t\t\t\t\t\t\t\t\t\t\t\t\t<div class=\"insignificant clamp-2\">Objekte widersprechen<\/div>\n\t\t\t\t\t\t\t\t\t\t\t<\/div>\n\t\t\t\t\n\t\t\t\t\t<strong class=\"margin-bottom-atom\">E ho&#8217;i ka Nani: Von Sch\u00f6nheit &amp;\u00a0R\u00fcckkehr<\/strong>\n\n\t\t\t\t\t\t\t\t\t\t\t<div class=\"\">Objekte widersprechen mit der Hawaiianischen Autorin No\u2019u Revilla<\/div>\n\t\t\t\t\t\t\t\t\t<\/div>\n\t\t\t\t<div class=\"teaser-bottom border-bottom\">\n\t\t\t\t<calendardateline :rawitem='item' :show-icon=\"true\"><\/calendardateline>\n\t\t\t\t\t<hr>\n\t\t\t\t<\/div>\n\t\t\t<\/div>\n\t\t<\/div>\n\t<\/a>\n\t<\/calendarteaser>\n<\/li>\n\n<li class=\"teaser-lane-slide col-xs-9 col-sm-4 col-md-3 teaser-wrapper col-padding-remove\">\n\t<calendarteaser key=\"1183215191\" rawitem='{&quot;postId&quot;:118321,&quot;title&quot;:&quot;Perlenketten, Schilfboote, K\\u00f6rbe&quot;,&quot;excerpt&quot;:&quot;&quot;,&quot;slug&quot;:&quot;haengematten-schilfboote-koerbe&quot;,&quot;post_date&quot;:&quot;2024-01-10T13:44&quot;,&quot;type&quot;:&quot;event&quot;,&quot;permalink&quot;:&quot;https:\\\/\\\/www.humboldtforum.org\\\/de\\\/programm\\\/termin\\\/film-video\\\/haengematten-schilfboote-koerbe-118321\\\/&quot;,&quot;genre&quot;:[729],&quot;genre_details&quot;:[{&quot;text&quot;:&quot;Film\\\/Video&quot;,&quot;id&quot;:729,&quot;icon&quot;:null,&quot;parent&quot;:0}],&quot;stakeholder&quot;:[530,382],&quot;stakeholder_details&quot;:[{&quot;text&quot;:&quot;Staatliche Museen zu Berlin&quot;,&quot;id&quot;:530,&quot;icon&quot;:null,&quot;parent&quot;:0},{&quot;text&quot;:&quot;Stiftung Humboldt Forum im Berliner Schloss&quot;,&quot;id&quot;:382,&quot;icon&quot;:null,&quot;parent&quot;:0}],&quot;targetgroup&quot;:[383,455,454],&quot;targetgroup_details&quot;:[{&quot;text&quot;:&quot;Erwachsene&quot;,&quot;id&quot;:383,&quot;icon&quot;:null,&quot;parent&quot;:0},{&quot;text&quot;:&quot;Jugendliche&quot;,&quot;id&quot;:455,&quot;icon&quot;:null,&quot;parent&quot;:0},{&quot;text&quot;:&quot;Kinder und Familien&quot;,&quot;id&quot;:454,&quot;icon&quot;:null,&quot;parent&quot;:0}],&quot;language&quot;:[384],&quot;language_details&quot;:[{&quot;text&quot;:&quot;Deutsch&quot;,&quot;id&quot;:384,&quot;icon&quot;:null,&quot;parent&quot;:0}],&quot;age&quot;:[1753],&quot;age_details&quot;:[{&quot;text&quot;:&quot;ab 5 Jahre&quot;,&quot;id&quot;:1753,&quot;icon&quot;:null,&quot;parent&quot;:0}],&quot;place&quot;:[424],&quot;place_details&quot;:{&quot;place&quot;:&quot;Humboldt Forum&quot;,&quot;map&quot;:&quot;Humboldt Forum, Schlossplatz, Berlin&quot;,&quot;room&quot;:&quot;Saal 3, EG&quot;},&quot;icon_overwrite&quot;:&quot;&quot;,&quot;acf&quot;:{&quot;noindex&quot;:false,&quot;keywords&quot;:&quot;&quot;,&quot;hashtag&quot;:&quot;HumboldtForum&quot;,&quot;shorturl&quot;:&quot;&quot;,&quot;times&quot;:[{&quot;start&quot;:&quot;20260912 13:00&quot;,&quot;end&quot;:&quot;13:45&quot;,&quot;status&quot;:&quot;BUY&quot;,&quot;info&quot;:&quot;4 EUR \\\/ erm\\u00e4\\u00dfigt 2 EUR&quot;,&quot;shop&quot;:&quot;https:\\\/\\\/tickets.humboldtforum.org\\\/#\\\/product\\\/event\\\/411?date=2026-09-12&amp;date_id=29560&amp;lang=de&quot;,&quot;i&quot;:0,&quot;start_hour&quot;:&quot;13:00&quot;,&quot;start_HRF&quot;:&quot;Sa, 12. September 2026&quot;,&quot;_date&quot;:{&quot;date&quot;:&quot;2026-09-12 13:45:00.000000&quot;,&quot;timezone_type&quot;:3,&quot;timezone&quot;:&quot;Europe\\\/Berlin&quot;},&quot;_fromdate&quot;:&quot;20260912 13:00&quot;,&quot;start_TS&quot;:1789210800,&quot;start_HRFSHORT&quot;:&quot;12.09.26&quot;,&quot;start_HRFSHORT_WD&quot;:&quot;Sa 12.09.2026&quot;,&quot;end_TS&quot;:1789213500,&quot;can_purchase&quot;:true},{&quot;start&quot;:&quot;20260912 15:00&quot;,&quot;end&quot;:&quot;15:45&quot;,&quot;status&quot;:&quot;BUY&quot;,&quot;info&quot;:&quot;4 EUR \\\/ erm\\u00e4\\u00dfigt 2 EUR&quot;,&quot;shop&quot;:&quot;https:\\\/\\\/tickets.humboldtforum.org\\\/#\\\/product\\\/event\\\/411?date=2026-09-12&amp;date_id=29561&amp;lang=de&quot;,&quot;i&quot;:1,&quot;start_hour&quot;:&quot;15:00&quot;,&quot;start_HRF&quot;:&quot;Sa, 12. September 2026&quot;,&quot;_date&quot;:{&quot;date&quot;:&quot;2026-09-12 15:45:00.000000&quot;,&quot;timezone_type&quot;:3,&quot;timezone&quot;:&quot;Europe\\\/Berlin&quot;},&quot;_fromdate&quot;:&quot;20260912 15:00&quot;,&quot;start_TS&quot;:1789218000,&quot;start_HRFSHORT&quot;:&quot;12.09.26&quot;,&quot;start_HRFSHORT_WD&quot;:&quot;Sa 12.09.2026&quot;,&quot;end_TS&quot;:1789220700,&quot;can_purchase&quot;:true}],&quot;planning&quot;:{&quot;price&quot;:&quot;4 EUR \\\/ erm\\u00e4\\u00dfigt 2 EUR&quot;,&quot;admission&quot;:&quot;&quot;,&quot;pause&quot;:&quot;&quot;,&quot;duration&quot;:&quot;45&quot;},&quot;tickettext&quot;:&quot;Bitte buchen Sie Ihr Ticket vorab online oder an der Kasse im Foyer.&quot;,&quot;infotext&quot;:&quot;Die Ticketbuchung f\\u00fcr die Veranstaltung wird jeweils im Vormonat freigeschaltet.&quot;,&quot;additional_info&quot;:{&quot;icon&quot;:&quot;0&quot;,&quot;text&quot;:&quot;&quot;},&quot;highlight_header&quot;:false,&quot;use_video_in_teasers&quot;:false,&quot;hyphenation&quot;:true,&quot;tipp&quot;:true,&quot;joker&quot;:false,&quot;live&quot;:false,&quot;hide_event_in_program&quot;:false,&quot;gomus_id&quot;:&quot;&quot;,&quot;hm_id&quot;:&quot;&quot;,&quot;subline&quot;:&quot;Kurzfilme von Kindern aus Venezuela, Papua Neuguinea und Peru&quot;,&quot;featured_images&quot;:[119280],&quot;belongsto&quot;:[118289]},&quot;date&quot;:{&quot;NX&quot;:&quot;20260912&quot;,&quot;NXX&quot;:&quot;202609121300&quot;,&quot;NLAST&quot;:&quot;202609121100&quot;,&quot;from_DATE&quot;:&quot;20260912 13:00&quot;,&quot;from&quot;:1789203600,&quot;to&quot;:1789210800,&quot;to_DATE&quot;:&quot;20260912 15:00&quot;,&quot;from_HRFSHORT&quot;:&quot;12. Sep 2026&quot;,&quot;from_HRFSHORT_WD&quot;:&quot;Sa 12.09.2026&quot;,&quot;to_HRFSHORT&quot;:&quot;12. Sep 2026&quot;,&quot;to_HRFSHORT_WD&quot;:&quot;Sa 12.09.2026&quot;,&quot;from_HRF&quot;:&quot;Sa, 12. September 2026&quot;,&quot;to_HRF&quot;:&quot;Sa, 12. September 2026&quot;,&quot;from_to_HRF&quot;:&quot;Sa, 12. September \\u2013 Sa, 12. September 2026&quot;,&quot;from_to_HRFSHORT&quot;:&quot;12. Sep \\u2013 12. Sep 2026&quot;},&quot;alert&quot;:&quot;Tipp&quot;,&quot;partof&quot;:[&quot;118289&quot;],&quot;marketing_topic&quot;:{&quot;title&quot;:&quot;In eigener Regie&quot;,&quot;ID&quot;:&quot;118289&quot;,&quot;reason&quot;:&quot;sequence&quot;}}' inline-template>\n\t<a href=\"https:\/\/www.humboldtforum.org\/de\/programm\/termin\/film-video\/haengematten-schilfboote-koerbe-118321\/\" class=\"teaser teaser-event teaser-event-standard\">\n\t\t<div class=\"row\">\n\t\t\t<div class=\"col-xs-12 teaser-event-image\">\n\t\t\t\t<div class=\"teaser-image teaser-image-no-alternate\">\n\t\t\t\t\t\t\t\t\t\t\t\t\t<span class=\"alert\">Tipp<\/span>\n\t\t\t\t\t\t\t\t\t\t\t\n\t<lazy-media-inline inline-template>\n\t\t<figure itemscope itemtype=\"http:\/\/schema.org\/ImageObject\" class=\"lazy-media-inline \" role=\"group\" id=\"media_6a950023d62e7\" aria-labelledby=\"desc_media_6a950023d62e7\">\n\t\t\t<script type=\"application\/json\" ref=\"data\">\n\t\t\t\t{\n\t\t\t\t\"sizes\" : {\"medium\":{\"file\":\"SHF_eb00212524-300x169.jpg\",\"width\":300,\"height\":169,\"mime-type\":\"image\\\/jpeg\",\"filesize\":12000},\"large\":{\"file\":\"SHF_eb00212524-1024x576.jpg\",\"width\":1024,\"height\":576,\"mime-type\":\"image\\\/jpeg\",\"filesize\":83033},\"thumbnail\":{\"file\":\"SHF_eb00212524-150x150.jpg\",\"width\":150,\"height\":150,\"mime-type\":\"image\\\/jpeg\",\"filesize\":6040},\"medium_large\":{\"file\":\"SHF_eb00212524-768x432.jpg\",\"width\":768,\"height\":432,\"mime-type\":\"image\\\/jpeg\",\"filesize\":52402},\"small\":{\"file\":\"SHF_eb00212524-440x248.jpg\",\"width\":440,\"height\":248,\"mime-type\":\"image\\\/jpeg\",\"filesize\":21488},\"semi\":{\"file\":\"SHF_eb00212524-580x326.jpg\",\"width\":580,\"height\":326,\"mime-type\":\"image\\\/jpeg\",\"filesize\":33642},\"mobile\":{\"file\":\"SHF_eb00212524-720x405.jpg\",\"width\":720,\"height\":405,\"mime-type\":\"image\\\/jpeg\",\"filesize\":47796},\"hd\":{\"file\":\"SHF_eb00212524-1280x720.jpg\",\"width\":1280,\"height\":720,\"mime-type\":\"image\\\/jpeg\",\"filesize\":118804},\"1536x1536\":{\"file\":\"SHF_eb00212524-1536x864.jpg\",\"width\":1536,\"height\":864,\"mime-type\":\"image\\\/jpeg\",\"filesize\":156616},\"original\":{\"file\":\"SHF_eb00212524.jpg\",\"width\":1920,\"height\":1080}},\n\t\t\t\t\"alt\" : \"M\\u00e4dchen im roten Top n\\u00e4ht mit bunten Perlen, kreativ und konzentriert, im naturnahen Hintergrund.\",\n\t\t\t\t\"path\" : \"\\\/wp-content\\\/uploads\\\/2024\\\/01\\\/\",\n\t\t\t\t\"video\" : null,\n\t\t\t\t\"autoplay\" : null,\n\t\t\t\t\"youtube\" : null,\n\t\t\t\t\"youtubelabel\" : \"Video abspielen\",\n\t\t\t\t\"brightness\" : 100,\n\t\t\t\t\"crop\" : {\"top\":\"31.74\",\"left\":\"50.17\"},\n\t\t\t\t\"background\" : true,\n\t\t\t\t\"scale\" : 2\t\t\t\t}\n\t\t\t<\/script>\n\n\t\t\t<div class=\"height-container\" style=\"padding-bottom:56.25%;\" v-if=\"sizes\">\n\t\t\t\t\t\t\t\t<lazy-media :inline=\"true\" :alt=\"alt\" :sizes=\"sizes\" :scale=\"scale\" :brightness=\"brightness\" :path=\"path\" :video=\"video\" :autoplay=\"autoplay\" :youtube=\"youtube\" :crop=\"crop\" :youtubelabel=\"youtubelabel\" :background=\"background\" media-id=\"desc_media_6a950023d62e7\"><\/lazy-media>\n\t\t\t\t\t\t\t<\/div>\n\n\t\t\t\t\t\t\t<figcaption class=\"sr-only\" ref=\"body\" id=\"desc_media_6a950023d62e7\">\n\t\t\t\t\t\t\t\t\t\t\t\t\t\t\t\t\t\t\t\t\t<div class=\"insignificant\">\u00a9 Staatliche Museen zu Berlin, gef\u00f6rdert durch BKM \/ Organizaci\u00f3n Ind\u00edgena Kuyujani\/ Kuyujani Producci\u00f3n Audiovisual<\/div>\n\t\t\t\t\t\t\t\t\t<\/figcaption>\n\t\t\t\t\t<\/figure>\n\t<\/lazy-media-inline>\n\t\t\t\t<\/div>\n\t\t\t<\/div>\n\t\t\t<div class=\"col-xs-12 teaser-event-text Infos\">\n\t\t\t\t<div class=\"teaser-event-standard-text\">\n\t\t\t\t\t<div class=\"margin-bottom-atom\">\n\t\t\t\t\t\t<div class=\"subline clamp-1\" v-html=\"maingenre\"><\/div>\n\t\t\t\t\t\t\t\t\t\t\t\t\t<div class=\"insignificant clamp-2\">In eigener Regie<\/div>\n\t\t\t\t\t\t\t\t\t\t\t<\/div>\n\t\t\t\t\n\t\t\t\t\t<strong class=\"margin-bottom-atom\">Perlenketten, Schilfboote, K\u00f6rbe<\/strong>\n\n\t\t\t\t\t\t\t\t\t\t\t<div class=\"\">Kurzfilme von Kindern aus Venezuela, Papua Neuguinea und Peru<\/div>\n\t\t\t\t\t\t\t\t\t<\/div>\n\t\t\t\t<div class=\"teaser-bottom border-bottom\">\n\t\t\t\t<calendardateline :rawitem='item' :show-icon=\"true\"><\/calendardateline>\n\t\t\t\t\t<hr>\n\t\t\t\t<\/div>\n\t\t\t<\/div>\n\t\t<\/div>\n\t<\/a>\n\t<\/calendarteaser>\n<\/li>\n\n<li class=\"teaser-lane-slide col-xs-9 col-sm-4 col-md-3 teaser-wrapper col-padding-remove\">\n\t<calendarteaser key=\"168660784\" rawitem='{&quot;postId&quot;:168660,&quot;title&quot;:&quot;The Skin Listens Too&quot;,&quot;excerpt&quot;:&quot;&quot;,&quot;slug&quot;:&quot;the-skin-listens-too&quot;,&quot;post_date&quot;:&quot;2026-07-27T09:11&quot;,&quot;type&quot;:&quot;event&quot;,&quot;permalink&quot;:&quot;https:\\\/\\\/www.humboldtforum.org\\\/de\\\/programm\\\/termin\\\/tanz\\\/the-skin-listens-too-168660\\\/&quot;,&quot;genre&quot;:[523],&quot;genre_details&quot;:[{&quot;text&quot;:&quot;Tanz&quot;,&quot;id&quot;:523,&quot;icon&quot;:null,&quot;parent&quot;:0}],&quot;stakeholder&quot;:[382],&quot;stakeholder_details&quot;:[{&quot;text&quot;:&quot;Stiftung Humboldt Forum im Berliner Schloss&quot;,&quot;id&quot;:382,&quot;icon&quot;:null,&quot;parent&quot;:0}],&quot;place&quot;:[1567],&quot;place_details&quot;:{&quot;place&quot;:&quot;Humboldt Forum&quot;,&quot;map&quot;:&quot;Humboldt Forum, Schlossplatz, Berlin&quot;,&quot;room&quot;:&quot;2. OG, H\\u00f6rraum&quot;},&quot;icon_overwrite&quot;:&quot;&quot;,&quot;acf&quot;:{&quot;noindex&quot;:false,&quot;keywords&quot;:&quot;&quot;,&quot;hashtag&quot;:&quot;HumboldtForum&quot;,&quot;shorturl&quot;:&quot;&quot;,&quot;belongsto&quot;:[46021],&quot;times&quot;:[{&quot;start&quot;:&quot;20260912 14:00&quot;,&quot;end&quot;:&quot;15:00&quot;,&quot;status&quot;:&quot;JOIN&quot;,&quot;info&quot;:&quot;Eintritt mit Ausstellungsticket&quot;,&quot;shop&quot;:&quot;&quot;,&quot;i&quot;:0,&quot;start_hour&quot;:&quot;14:00&quot;,&quot;start_HRF&quot;:&quot;Sa, 12. September 2026&quot;,&quot;_date&quot;:{&quot;date&quot;:&quot;2026-09-12 15:00:00.000000&quot;,&quot;timezone_type&quot;:3,&quot;timezone&quot;:&quot;Europe\\\/Berlin&quot;},&quot;_fromdate&quot;:&quot;20260912 14:00&quot;,&quot;start_TS&quot;:1789214400,&quot;start_HRFSHORT&quot;:&quot;12.09.26&quot;,&quot;start_HRFSHORT_WD&quot;:&quot;Sa 12.09.2026&quot;,&quot;end_TS&quot;:1789218000,&quot;can_purchase&quot;:false}],&quot;planning&quot;:{&quot;price&quot;:&quot;Eintritt mit Ausstellungsticket&quot;,&quot;admission&quot;:&quot;&quot;,&quot;pause&quot;:&quot;&quot;,&quot;duration&quot;:&quot;&quot;},&quot;additional_info&quot;:{&quot;icon&quot;:&quot;0&quot;,&quot;text&quot;:&quot;&quot;},&quot;highlight_header&quot;:false,&quot;use_video_in_teasers&quot;:false,&quot;hyphenation&quot;:true,&quot;tipp&quot;:false,&quot;joker&quot;:false,&quot;live&quot;:false,&quot;hide_event_in_program&quot;:false,&quot;gomus_id&quot;:&quot;&quot;,&quot;featured_images&quot;:[168687],&quot;hm_id&quot;:&quot;&quot;},&quot;date&quot;:{&quot;NX&quot;:&quot;20260912&quot;,&quot;NXX&quot;:&quot;202609121400&quot;,&quot;NLAST&quot;:&quot;202609121000&quot;,&quot;from_DATE&quot;:&quot;20260912 14:00&quot;,&quot;from&quot;:1789207200,&quot;to&quot;:1789207200,&quot;to_DATE&quot;:&quot;20260912 14:00&quot;,&quot;from_HRFSHORT&quot;:&quot;12. Sep 2026&quot;,&quot;from_HRFSHORT_WD&quot;:&quot;Sa 12.09.2026&quot;,&quot;to_HRFSHORT&quot;:&quot;12. Sep 2026&quot;,&quot;to_HRFSHORT_WD&quot;:&quot;Sa 12.09.2026&quot;,&quot;from_HRF&quot;:&quot;Sa, 12. September 2026&quot;,&quot;to_HRF&quot;:&quot;Sa, 12. September 2026&quot;,&quot;from_to_HRF&quot;:&quot;Sa, 12. September \\u2013 Sa, 12. September 2026&quot;,&quot;from_to_HRFSHORT&quot;:&quot;12. Sep \\u2013 12. Sep 2026&quot;},&quot;alert&quot;:null,&quot;partof&quot;:[],&quot;marketing_topic&quot;:{&quot;title&quot;:&quot;Ethnologische Sammlungen und Asiatische Kunst&quot;,&quot;ID&quot;:46021,&quot;reason&quot;:&quot;belongsto&quot;}}' inline-template>\n\t<a href=\"https:\/\/www.humboldtforum.org\/de\/programm\/termin\/tanz\/the-skin-listens-too-168660\/\" class=\"teaser teaser-event teaser-event-standard\">\n\t\t<div class=\"row\">\n\t\t\t<div class=\"col-xs-12 teaser-event-image\">\n\t\t\t\t<div class=\"teaser-image teaser-image-no-alternate\">\n\t\t\t\t\t\t\t\t\t\t\t\n\t<lazy-media-inline inline-template>\n\t\t<figure itemscope itemtype=\"http:\/\/schema.org\/ImageObject\" class=\"lazy-media-inline \" role=\"group\" id=\"media_6a950023d7e8c\" aria-labelledby=\"desc_media_6a950023d7e8c\">\n\t\t\t<script type=\"application\/json\" ref=\"data\">\n\t\t\t\t{\n\t\t\t\t\"sizes\" : {\"medium\":{\"file\":\"SHF_eb00270443-300x223.jpg\",\"width\":300,\"height\":223,\"mime-type\":\"image\\\/jpeg\",\"filesize\":11316},\"large\":{\"file\":\"SHF_eb00270443-1024x760.jpg\",\"width\":1024,\"height\":760,\"mime-type\":\"image\\\/jpeg\",\"filesize\":65843},\"thumbnail\":{\"file\":\"SHF_eb00270443-150x150.jpg\",\"width\":150,\"height\":150,\"mime-type\":\"image\\\/jpeg\",\"filesize\":5465},\"medium_large\":{\"file\":\"SHF_eb00270443-768x570.jpg\",\"width\":768,\"height\":570,\"mime-type\":\"image\\\/jpeg\",\"filesize\":43421},\"small\":{\"file\":\"SHF_eb00270443-440x326.jpg\",\"width\":440,\"height\":326,\"mime-type\":\"image\\\/jpeg\",\"filesize\":19427},\"semi\":{\"file\":\"SHF_eb00270443-580x430.jpg\",\"width\":580,\"height\":430,\"mime-type\":\"image\\\/jpeg\",\"filesize\":28764},\"mobile\":{\"file\":\"SHF_eb00270443-720x534.jpg\",\"width\":720,\"height\":534,\"mime-type\":\"image\\\/jpeg\",\"filesize\":39320},\"hd\":{\"file\":\"SHF_eb00270443-1280x949.jpg\",\"width\":1280,\"height\":949,\"mime-type\":\"image\\\/jpeg\",\"filesize\":91864},\"full\":{\"file\":\"SHF_eb00270443-1920x1424.jpg\",\"width\":1920,\"height\":1424,\"mime-type\":\"image\\\/jpeg\",\"filesize\":167350},\"1536x1536\":{\"file\":\"SHF_eb00270443-1536x1139.jpg\",\"width\":1536,\"height\":1139,\"mime-type\":\"image\\\/jpeg\",\"filesize\":120161},\"original\":{\"file\":\"SHF_eb00270443.jpg\",\"width\":2048,\"height\":1519}},\n\t\t\t\t\"alt\" : \"Zwei Frauen lehnen z\\u00e4rtlich ihre K\\u00f6pfe aneinander, w\\u00e4hrend die Stadt im Hintergrund zu sehen ist.\",\n\t\t\t\t\"path\" : \"\\\/wp-content\\\/uploads\\\/2026\\\/07\\\/\",\n\t\t\t\t\"video\" : null,\n\t\t\t\t\"autoplay\" : null,\n\t\t\t\t\"youtube\" : null,\n\t\t\t\t\"youtubelabel\" : \"Video abspielen\",\n\t\t\t\t\"brightness\" : 100,\n\t\t\t\t\"crop\" : {\"top\":\"71.92\",\"left\":\"49.48\"},\n\t\t\t\t\"background\" : true,\n\t\t\t\t\"scale\" : 2\t\t\t\t}\n\t\t\t<\/script>\n\n\t\t\t<div class=\"height-container\" style=\"padding-bottom:74.169921875%;\" v-if=\"sizes\">\n\t\t\t\t\t\t\t\t<lazy-media :inline=\"true\" :alt=\"alt\" :sizes=\"sizes\" :scale=\"scale\" :brightness=\"brightness\" :path=\"path\" :video=\"video\" :autoplay=\"autoplay\" :youtube=\"youtube\" :crop=\"crop\" :youtubelabel=\"youtubelabel\" :background=\"background\" media-id=\"desc_media_6a950023d7e8c\"><\/lazy-media>\n\t\t\t\t\t\t\t<\/div>\n\n\t\t\t\t\t\t\t<figcaption class=\"sr-only\" ref=\"body\" id=\"desc_media_6a950023d7e8c\">\n\t\t\t\t\t\t\t\t\t\t\t\t\t\t\t\t<div>T&auml;nzer*innen  <\/div>\n\t\t\t\t\t\t\t\t\t\t\t\t\t\t\t\t<div class=\"insignificant\">\u00a9 Netta Weiser<\/div>\n\t\t\t\t\t\t\t\t\t<\/figcaption>\n\t\t\t\t\t<\/figure>\n\t<\/lazy-media-inline>\n\t\t\t\t<\/div>\n\t\t\t<\/div>\n\t\t\t<div class=\"col-xs-12 teaser-event-text Infos\">\n\t\t\t\t<div class=\"teaser-event-standard-text\">\n\t\t\t\t\t<div class=\"margin-bottom-atom\">\n\t\t\t\t\t\t<div class=\"subline clamp-1\" v-html=\"maingenre\"><\/div>\n\t\t\t\t\t\t\t\t\t\t\t\t\t<div class=\"insignificant clamp-2\">Ethnologische Sammlungen und Asiatische Kunst<\/div>\n\t\t\t\t\t\t\t\t\t\t\t<\/div>\n\t\t\t\t\n\t\t\t\t\t<strong class=\"margin-bottom-atom\">The Skin Listens Too<\/strong>\n\n\t\t\t\t\t\t\t\t\t\t\t<div class=\"\"><\/div>\n\t\t\t\t\t\t\t\t\t<\/div>\n\t\t\t\t<div class=\"teaser-bottom border-bottom\">\n\t\t\t\t<calendardateline :rawitem='item' :show-icon=\"true\"><\/calendardateline>\n\t\t\t\t\t<hr>\n\t\t\t\t<\/div>\n\t\t\t<\/div>\n\t\t<\/div>\n\t<\/a>\n\t<\/calendarteaser>\n<\/li>\n\n<li class=\"teaser-lane-slide col-xs-9 col-sm-4 col-md-3 teaser-wrapper col-padding-remove\">\n\t<calendarteaser key=\"11831310862\" rawitem='{&quot;postId&quot;:118313,&quot;title&quot;:&quot;Spielautos, Boote, Sitzmatten&quot;,&quot;excerpt&quot;:&quot;&quot;,&quot;slug&quot;:&quot;spielautos-boote-sitzmatten&quot;,&quot;post_date&quot;:&quot;2024-01-10T13:49&quot;,&quot;type&quot;:&quot;event&quot;,&quot;permalink&quot;:&quot;https:\\\/\\\/www.humboldtforum.org\\\/de\\\/programm\\\/termin\\\/film-video\\\/spielautos-boote-sitzmatten-118313\\\/&quot;,&quot;genre&quot;:[729],&quot;genre_details&quot;:[{&quot;text&quot;:&quot;Film\\\/Video&quot;,&quot;id&quot;:729,&quot;icon&quot;:null,&quot;parent&quot;:0}],&quot;stakeholder&quot;:[530,382],&quot;stakeholder_details&quot;:[{&quot;text&quot;:&quot;Staatliche Museen zu Berlin&quot;,&quot;id&quot;:530,&quot;icon&quot;:null,&quot;parent&quot;:0},{&quot;text&quot;:&quot;Stiftung Humboldt Forum im Berliner Schloss&quot;,&quot;id&quot;:382,&quot;icon&quot;:null,&quot;parent&quot;:0}],&quot;targetgroup&quot;:[383,455,454],&quot;targetgroup_details&quot;:[{&quot;text&quot;:&quot;Erwachsene&quot;,&quot;id&quot;:383,&quot;icon&quot;:null,&quot;parent&quot;:0},{&quot;text&quot;:&quot;Jugendliche&quot;,&quot;id&quot;:455,&quot;icon&quot;:null,&quot;parent&quot;:0},{&quot;text&quot;:&quot;Kinder und Familien&quot;,&quot;id&quot;:454,&quot;icon&quot;:null,&quot;parent&quot;:0}],&quot;language&quot;:[384],&quot;language_details&quot;:[{&quot;text&quot;:&quot;Deutsch&quot;,&quot;id&quot;:384,&quot;icon&quot;:null,&quot;parent&quot;:0}],&quot;age&quot;:[1753],&quot;age_details&quot;:[{&quot;text&quot;:&quot;ab 5 Jahre&quot;,&quot;id&quot;:1753,&quot;icon&quot;:null,&quot;parent&quot;:0}],&quot;place&quot;:[424],&quot;place_details&quot;:{&quot;place&quot;:&quot;Humboldt Forum&quot;,&quot;map&quot;:&quot;Humboldt Forum, Schlossplatz, Berlin&quot;,&quot;room&quot;:&quot;Saal 3, EG&quot;},&quot;icon_overwrite&quot;:&quot;&quot;,&quot;acf&quot;:{&quot;noindex&quot;:false,&quot;keywords&quot;:&quot;&quot;,&quot;hashtag&quot;:&quot;HumboldtForum&quot;,&quot;shorturl&quot;:&quot;&quot;,&quot;times&quot;:[{&quot;start&quot;:&quot;20260913 13:00&quot;,&quot;end&quot;:&quot;13:45&quot;,&quot;status&quot;:&quot;BUY&quot;,&quot;info&quot;:&quot;4 EUR \\\/ erm\\u00e4\\u00dfigt 2 EUR&quot;,&quot;shop&quot;:&quot;https:\\\/\\\/tickets.humboldtforum.org\\\/#\\\/product\\\/event\\\/411?date=2026-09-13&amp;date_id=29562&amp;lang=de&quot;,&quot;i&quot;:0,&quot;start_hour&quot;:&quot;13:00&quot;,&quot;start_HRF&quot;:&quot;So, 13. September 2026&quot;,&quot;_date&quot;:{&quot;date&quot;:&quot;2026-09-13 13:45:00.000000&quot;,&quot;timezone_type&quot;:3,&quot;timezone&quot;:&quot;Europe\\\/Berlin&quot;},&quot;_fromdate&quot;:&quot;20260913 13:00&quot;,&quot;start_TS&quot;:1789297200,&quot;start_HRFSHORT&quot;:&quot;13.09.26&quot;,&quot;start_HRFSHORT_WD&quot;:&quot;So 13.09.2026&quot;,&quot;end_TS&quot;:1789299900,&quot;can_purchase&quot;:true},{&quot;start&quot;:&quot;20260913 15:00&quot;,&quot;end&quot;:&quot;15:45&quot;,&quot;status&quot;:&quot;BUY&quot;,&quot;info&quot;:&quot;4 EUR \\\/ erm\\u00e4\\u00dfigt 2 EUR&quot;,&quot;shop&quot;:&quot;https:\\\/\\\/tickets.humboldtforum.org\\\/#\\\/product\\\/event\\\/411?date=2026-09-13&amp;date_id=29563&amp;lang=de&quot;,&quot;i&quot;:1,&quot;start_hour&quot;:&quot;15:00&quot;,&quot;start_HRF&quot;:&quot;So, 13. September 2026&quot;,&quot;_date&quot;:{&quot;date&quot;:&quot;2026-09-13 15:45:00.000000&quot;,&quot;timezone_type&quot;:3,&quot;timezone&quot;:&quot;Europe\\\/Berlin&quot;},&quot;_fromdate&quot;:&quot;20260913 15:00&quot;,&quot;start_TS&quot;:1789304400,&quot;start_HRFSHORT&quot;:&quot;13.09.26&quot;,&quot;start_HRFSHORT_WD&quot;:&quot;So 13.09.2026&quot;,&quot;end_TS&quot;:1789307100,&quot;can_purchase&quot;:true}],&quot;planning&quot;:{&quot;price&quot;:&quot;4 EUR \\\/ erm\\u00e4\\u00dfigt 2 EUR&quot;,&quot;admission&quot;:&quot;&quot;,&quot;pause&quot;:&quot;&quot;,&quot;duration&quot;:&quot;45&quot;},&quot;subline&quot;:&quot;Kurzfilme von Kindern aus Kamerun, Venezuela und Papua Neuguinea&quot;,&quot;additional_info&quot;:{&quot;icon&quot;:&quot;0&quot;,&quot;text&quot;:&quot;&quot;},&quot;highlight_header&quot;:false,&quot;use_video_in_teasers&quot;:false,&quot;hyphenation&quot;:true,&quot;tipp&quot;:true,&quot;joker&quot;:false,&quot;live&quot;:false,&quot;hide_event_in_program&quot;:false,&quot;gomus_id&quot;:&quot;&quot;,&quot;hm_id&quot;:&quot;&quot;,&quot;tickettext&quot;:&quot;Bitte buchen Sie Ihr Ticket vorab online oder an der Kasse im Foyer.&quot;,&quot;infotext&quot;:&quot;Die Ticketbuchung f\\u00fcr die Veranstaltungen wird jeweils im Vormonat freigeschaltet.&quot;,&quot;featured_images&quot;:[119289],&quot;belongsto&quot;:[118289]},&quot;date&quot;:{&quot;NX&quot;:&quot;20260913&quot;,&quot;NXX&quot;:&quot;202609131300&quot;,&quot;NLAST&quot;:&quot;202609131100&quot;,&quot;from_DATE&quot;:&quot;20260913 13:00&quot;,&quot;from&quot;:1789290000,&quot;to&quot;:1789297200,&quot;to_DATE&quot;:&quot;20260913 15:00&quot;,&quot;from_HRFSHORT&quot;:&quot;13. Sep 2026&quot;,&quot;from_HRFSHORT_WD&quot;:&quot;So 13.09.2026&quot;,&quot;to_HRFSHORT&quot;:&quot;13. Sep 2026&quot;,&quot;to_HRFSHORT_WD&quot;:&quot;So 13.09.2026&quot;,&quot;from_HRF&quot;:&quot;So, 13. September 2026&quot;,&quot;to_HRF&quot;:&quot;So, 13. September 2026&quot;,&quot;from_to_HRF&quot;:&quot;So, 13. September \\u2013 So, 13. September 2026&quot;,&quot;from_to_HRFSHORT&quot;:&quot;13. Sep \\u2013 13. Sep 2026&quot;},&quot;alert&quot;:&quot;Tipp&quot;,&quot;partof&quot;:[&quot;118289&quot;],&quot;marketing_topic&quot;:{&quot;title&quot;:&quot;In eigener Regie&quot;,&quot;ID&quot;:&quot;118289&quot;,&quot;reason&quot;:&quot;sequence&quot;}}' inline-template>\n\t<a href=\"https:\/\/www.humboldtforum.org\/de\/programm\/termin\/film-video\/spielautos-boote-sitzmatten-118313\/\" class=\"teaser teaser-event teaser-event-standard\">\n\t\t<div class=\"row\">\n\t\t\t<div class=\"col-xs-12 teaser-event-image\">\n\t\t\t\t<div class=\"teaser-image teaser-image-no-alternate\">\n\t\t\t\t\t\t\t\t\t\t\t\t\t<span class=\"alert\">Tipp<\/span>\n\t\t\t\t\t\t\t\t\t\t\t\n\t<lazy-media-inline inline-template>\n\t\t<figure itemscope itemtype=\"http:\/\/schema.org\/ImageObject\" class=\"lazy-media-inline \" role=\"group\" id=\"media_6a950023d98b9\" aria-labelledby=\"desc_media_6a950023d98b9\">\n\t\t\t<script type=\"application\/json\" ref=\"data\">\n\t\t\t\t{\n\t\t\t\t\"sizes\" : {\"medium\":{\"file\":\"SHF_eb00212527-300x169.jpg\",\"width\":300,\"height\":169,\"mime-type\":\"image\\\/jpeg\",\"filesize\":19731},\"large\":{\"file\":\"SHF_eb00212527-1024x576.jpg\",\"width\":1024,\"height\":576,\"mime-type\":\"image\\\/jpeg\",\"filesize\":155672},\"thumbnail\":{\"file\":\"SHF_eb00212527-150x150.jpg\",\"width\":150,\"height\":150,\"mime-type\":\"image\\\/jpeg\",\"filesize\":9359},\"medium_large\":{\"file\":\"SHF_eb00212527-768x432.jpg\",\"width\":768,\"height\":432,\"mime-type\":\"image\\\/jpeg\",\"filesize\":99786},\"small\":{\"file\":\"SHF_eb00212527-440x248.jpg\",\"width\":440,\"height\":248,\"mime-type\":\"image\\\/jpeg\",\"filesize\":38455},\"semi\":{\"file\":\"SHF_eb00212527-580x326.jpg\",\"width\":580,\"height\":326,\"mime-type\":\"image\\\/jpeg\",\"filesize\":63202},\"mobile\":{\"file\":\"SHF_eb00212527-720x405.jpg\",\"width\":720,\"height\":405,\"mime-type\":\"image\\\/jpeg\",\"filesize\":90889},\"hd\":{\"file\":\"SHF_eb00212527-1280x720.jpg\",\"width\":1280,\"height\":720,\"mime-type\":\"image\\\/jpeg\",\"filesize\":217596},\"1536x1536\":{\"file\":\"SHF_eb00212527-1536x864.jpg\",\"width\":1536,\"height\":864,\"mime-type\":\"image\\\/jpeg\",\"filesize\":281678},\"original\":{\"file\":\"SHF_eb00212527.jpg\",\"width\":1920,\"height\":1080}},\n\t\t\t\t\"alt\" : \"Kinder in roten T-Shirts arbeiten im Freien und nutzen Holzst\\u00fccke sowie Werkzeuge f\\u00fcr ihre Projekte.\",\n\t\t\t\t\"path\" : \"\\\/wp-content\\\/uploads\\\/2024\\\/01\\\/\",\n\t\t\t\t\"video\" : null,\n\t\t\t\t\"autoplay\" : null,\n\t\t\t\t\"youtube\" : null,\n\t\t\t\t\"youtubelabel\" : \"Video abspielen\",\n\t\t\t\t\"brightness\" : 100,\n\t\t\t\t\"crop\" : {\"top\":\"43.14\",\"left\":\"50.40\"},\n\t\t\t\t\"background\" : true,\n\t\t\t\t\"scale\" : 2\t\t\t\t}\n\t\t\t<\/script>\n\n\t\t\t<div class=\"height-container\" style=\"padding-bottom:56.25%;\" v-if=\"sizes\">\n\t\t\t\t\t\t\t\t<lazy-media :inline=\"true\" :alt=\"alt\" :sizes=\"sizes\" :scale=\"scale\" :brightness=\"brightness\" :path=\"path\" :video=\"video\" :autoplay=\"autoplay\" :youtube=\"youtube\" :crop=\"crop\" :youtubelabel=\"youtubelabel\" :background=\"background\" media-id=\"desc_media_6a950023d98b9\"><\/lazy-media>\n\t\t\t\t\t\t\t<\/div>\n\n\t\t\t\t\t\t\t<figcaption class=\"sr-only\" ref=\"body\" id=\"desc_media_6a950023d98b9\">\n\t\t\t\t\t\t\t\t\t\t\t\t\t\t\t\t\t\t\t\t\t<div class=\"insignificant\">\u00a9 Staatliche Museen zu Berlin, gef\u00f6rdert durch BKM \/ Gina Knapp<\/div>\n\t\t\t\t\t\t\t\t\t<\/figcaption>\n\t\t\t\t\t<\/figure>\n\t<\/lazy-media-inline>\n\t\t\t\t<\/div>\n\t\t\t<\/div>\n\t\t\t<div class=\"col-xs-12 teaser-event-text Infos\">\n\t\t\t\t<div class=\"teaser-event-standard-text\">\n\t\t\t\t\t<div class=\"margin-bottom-atom\">\n\t\t\t\t\t\t<div class=\"subline clamp-1\" v-html=\"maingenre\"><\/div>\n\t\t\t\t\t\t\t\t\t\t\t\t\t<div class=\"insignificant clamp-2\">In eigener Regie<\/div>\n\t\t\t\t\t\t\t\t\t\t\t<\/div>\n\t\t\t\t\n\t\t\t\t\t<strong class=\"margin-bottom-atom\">Spielautos, Boote, Sitzmatten<\/strong>\n\n\t\t\t\t\t\t\t\t\t\t\t<div class=\"\">Kurzfilme von Kindern aus Kamerun, Venezuela und Papua Neuguinea<\/div>\n\t\t\t\t\t\t\t\t\t<\/div>\n\t\t\t\t<div class=\"teaser-bottom border-bottom\">\n\t\t\t\t<calendardateline :rawitem='item' :show-icon=\"true\"><\/calendardateline>\n\t\t\t\t\t<hr>\n\t\t\t\t<\/div>\n\t\t\t<\/div>\n\t\t<\/div>\n\t<\/a>\n\t<\/calendarteaser>\n<\/li>\n\n<li class=\"teaser-lane-slide col-xs-9 col-sm-4 col-md-3 teaser-wrapper col-padding-remove\">\n\t<calendarteaser key=\"16157017611\" rawitem='{&quot;postId&quot;:161570,&quot;title&quot;:&quot;Chakai \\u2013 Japanische Teezusammenkunft im Teehaus B\\u014dki-an&quot;,&quot;excerpt&quot;:&quot;&quot;,&quot;slug&quot;:&quot;chakai-japanische-teezusammenkunft-im-teehaus-boki-an&quot;,&quot;post_date&quot;:&quot;2026-03-25T17:28&quot;,&quot;type&quot;:&quot;event&quot;,&quot;permalink&quot;:&quot;https:\\\/\\\/www.humboldtforum.org\\\/de\\\/programm\\\/termin\\\/workshop\\\/chakai-japanische-teezusammenkunft-im-teehaus-boki-an-161570\\\/&quot;,&quot;genre&quot;:[837],&quot;genre_details&quot;:[{&quot;text&quot;:&quot;Workshop&quot;,&quot;id&quot;:837,&quot;icon&quot;:null,&quot;parent&quot;:0}],&quot;stakeholder&quot;:[382],&quot;stakeholder_details&quot;:[{&quot;text&quot;:&quot;Stiftung Humboldt Forum im Berliner Schloss&quot;,&quot;id&quot;:382,&quot;icon&quot;:null,&quot;parent&quot;:0}],&quot;language&quot;:[384,385,865],&quot;language_details&quot;:[{&quot;text&quot;:&quot;Deutsch&quot;,&quot;id&quot;:384,&quot;icon&quot;:null,&quot;parent&quot;:0},{&quot;text&quot;:&quot;Englisch&quot;,&quot;id&quot;:385,&quot;icon&quot;:null,&quot;parent&quot;:0},{&quot;text&quot;:&quot;Japanisch&quot;,&quot;id&quot;:865,&quot;icon&quot;:null,&quot;parent&quot;:0}],&quot;icon_overwrite&quot;:&quot;&quot;,&quot;acf&quot;:{&quot;noindex&quot;:false,&quot;keywords&quot;:&quot;&quot;,&quot;hashtag&quot;:&quot;HumboldtForum&quot;,&quot;belongsto&quot;:[46021],&quot;shorturl&quot;:&quot;&quot;,&quot;times&quot;:[{&quot;start&quot;:&quot;20260913 13:00&quot;,&quot;end&quot;:&quot;13:45&quot;,&quot;status&quot;:&quot;BUY&quot;,&quot;info&quot;:&quot;22 \\u20ac (inkl. Tagesticket Ethnologische Sammlungen und Asiatische Kunst)&quot;,&quot;shop&quot;:&quot;https:\\\/\\\/tickets.humboldtforum.org\\\/#\\\/product\\\/event\\\/588?date=2026-09-13&amp;date_id=28281&amp;lang=de&quot;,&quot;i&quot;:4,&quot;start_hour&quot;:&quot;13:00&quot;,&quot;start_HRF&quot;:&quot;So, 13. September 2026&quot;,&quot;_date&quot;:{&quot;date&quot;:&quot;2026-09-13 13:45:00.000000&quot;,&quot;timezone_type&quot;:3,&quot;timezone&quot;:&quot;Europe\\\/Berlin&quot;},&quot;_fromdate&quot;:&quot;20260913 13:00&quot;,&quot;start_TS&quot;:1789297200,&quot;start_HRFSHORT&quot;:&quot;13.09.26&quot;,&quot;start_HRFSHORT_WD&quot;:&quot;So 13.09.2026&quot;,&quot;end_TS&quot;:1789299900,&quot;can_purchase&quot;:true},{&quot;start&quot;:&quot;20260913 14:00&quot;,&quot;end&quot;:&quot;14:45&quot;,&quot;status&quot;:&quot;BUY&quot;,&quot;info&quot;:&quot;22 \\u20ac (inkl. Tagesticket Ethnologische Sammlungen und Asiatische Kunst)&quot;,&quot;shop&quot;:&quot;https:\\\/\\\/tickets.humboldtforum.org\\\/#\\\/product\\\/event\\\/588?date=2026-09-13&amp;date_id=28282&amp;lang=de&quot;,&quot;i&quot;:5,&quot;start_hour&quot;:&quot;14:00&quot;,&quot;start_HRF&quot;:&quot;So, 13. September 2026&quot;,&quot;_date&quot;:{&quot;date&quot;:&quot;2026-09-13 14:45:00.000000&quot;,&quot;timezone_type&quot;:3,&quot;timezone&quot;:&quot;Europe\\\/Berlin&quot;},&quot;_fromdate&quot;:&quot;20260913 14:00&quot;,&quot;start_TS&quot;:1789300800,&quot;start_HRFSHORT&quot;:&quot;13.09.26&quot;,&quot;start_HRFSHORT_WD&quot;:&quot;So 13.09.2026&quot;,&quot;end_TS&quot;:1789303500,&quot;can_purchase&quot;:true},{&quot;start&quot;:&quot;20260913 15:00&quot;,&quot;end&quot;:&quot;15:45&quot;,&quot;status&quot;:&quot;BUY&quot;,&quot;info&quot;:&quot;22 \\u20ac (inkl. Tagesticket Ethnologische Sammlungen und Asiatische Kunst)&quot;,&quot;shop&quot;:&quot;https:\\\/\\\/tickets.humboldtforum.org\\\/#\\\/product\\\/event\\\/588?date=2026-09-13&amp;date_id=28283&amp;lang=de&quot;,&quot;i&quot;:6,&quot;start_hour&quot;:&quot;15:00&quot;,&quot;start_HRF&quot;:&quot;So, 13. September 2026&quot;,&quot;_date&quot;:{&quot;date&quot;:&quot;2026-09-13 15:45:00.000000&quot;,&quot;timezone_type&quot;:3,&quot;timezone&quot;:&quot;Europe\\\/Berlin&quot;},&quot;_fromdate&quot;:&quot;20260913 15:00&quot;,&quot;start_TS&quot;:1789304400,&quot;start_HRFSHORT&quot;:&quot;13.09.26&quot;,&quot;start_HRFSHORT_WD&quot;:&quot;So 13.09.2026&quot;,&quot;end_TS&quot;:1789307100,&quot;can_purchase&quot;:true},{&quot;start&quot;:&quot;20261011 13:00&quot;,&quot;end&quot;:&quot;13:45&quot;,&quot;status&quot;:&quot;BUY&quot;,&quot;info&quot;:&quot;22 \\u20ac (inkl. Tagesticket Ethnologische Sammlungen und Asiatische Kunst)&quot;,&quot;shop&quot;:&quot;https:\\\/\\\/tickets.humboldtforum.org\\\/#\\\/product\\\/event\\\/588?date=2026-10-11&amp;date_id=28284&amp;lang=de&quot;,&quot;i&quot;:7,&quot;start_hour&quot;:&quot;13:00&quot;,&quot;start_HRF&quot;:&quot;So, 11. Oktober 2026&quot;,&quot;_date&quot;:{&quot;date&quot;:&quot;2026-10-11 13:45:00.000000&quot;,&quot;timezone_type&quot;:3,&quot;timezone&quot;:&quot;Europe\\\/Berlin&quot;},&quot;_fromdate&quot;:&quot;20261011 13:00&quot;,&quot;start_TS&quot;:1791716400,&quot;start_HRFSHORT&quot;:&quot;11.10.26&quot;,&quot;start_HRFSHORT_WD&quot;:&quot;So 11.10.2026&quot;,&quot;end_TS&quot;:1791719100,&quot;can_purchase&quot;:true},{&quot;start&quot;:&quot;20261011 14:00&quot;,&quot;end&quot;:&quot;14:45&quot;,&quot;status&quot;:&quot;BUY&quot;,&quot;info&quot;:&quot;22 \\u20ac (inkl. Tagesticket Ethnologische Sammlungen und Asiatische Kunst)&quot;,&quot;shop&quot;:&quot;https:\\\/\\\/tickets.humboldtforum.org\\\/#\\\/product\\\/event\\\/588?date=2026-10-11&amp;date_id=28285&amp;lang=de&quot;,&quot;i&quot;:8,&quot;start_hour&quot;:&quot;14:00&quot;,&quot;start_HRF&quot;:&quot;So, 11. Oktober 2026&quot;,&quot;_date&quot;:{&quot;date&quot;:&quot;2026-10-11 14:45:00.000000&quot;,&quot;timezone_type&quot;:3,&quot;timezone&quot;:&quot;Europe\\\/Berlin&quot;},&quot;_fromdate&quot;:&quot;20261011 14:00&quot;,&quot;start_TS&quot;:1791720000,&quot;start_HRFSHORT&quot;:&quot;11.10.26&quot;,&quot;start_HRFSHORT_WD&quot;:&quot;So 11.10.2026&quot;,&quot;end_TS&quot;:1791722700,&quot;can_purchase&quot;:true}],&quot;planning&quot;:{&quot;price&quot;:&quot;22 \\u20ac (inkl. Tagesticket Ethnologische Sammlungen und Asiatische Kunst)&quot;,&quot;admission&quot;:&quot;&quot;,&quot;pause&quot;:&quot;&quot;,&quot;duration&quot;:&quot;45&quot;},&quot;subline&quot;:&quot;Nehmen Sie an einer traditionellen japanischen Teezeremonie mit Verkostung teil&quot;,&quot;additional_info&quot;:{&quot;icon&quot;:&quot;icon-barrierefreiheit&quot;,&quot;text&quot;:&quot;Das Angebot ist leider nicht barrierefrei zug\\u00e4nglich. Das Teehaus darf nicht in Schuhen betreten werden.&quot;},&quot;highlight_header&quot;:false,&quot;featured_images&quot;:[161579],&quot;use_video_in_teasers&quot;:false,&quot;hyphenation&quot;:true,&quot;tipp&quot;:false,&quot;joker&quot;:false,&quot;live&quot;:false,&quot;hide_event_in_program&quot;:false,&quot;gomus_id&quot;:&quot;&quot;,&quot;infotext&quot;:&quot;max. 6 Personen&quot;,&quot;hm_id&quot;:&quot;&quot;,&quot;tickettext&quot;:&quot; Die Teilnahme ist aufgrund des Verzehrs nur mit einem Kombi-Ticket m\\u00f6glich. Andere Zutrittsberechtigungen gelten nicht.&quot;},&quot;date&quot;:{&quot;NX&quot;:&quot;20260913&quot;,&quot;NXX&quot;:&quot;202609131300&quot;,&quot;NLAST&quot;:&quot;202612061200&quot;,&quot;from_DATE&quot;:&quot;20260712 15:00&quot;,&quot;from&quot;:1783854000,&quot;to&quot;:1796558400,&quot;to_DATE&quot;:&quot;20261206 15:00&quot;,&quot;from_HRFSHORT&quot;:&quot;12. Jul 2026&quot;,&quot;from_HRFSHORT_WD&quot;:&quot;So 12.07.2026&quot;,&quot;to_HRFSHORT&quot;:&quot; 6. Dez 2026&quot;,&quot;to_HRFSHORT_WD&quot;:&quot;So 06.12.2026&quot;,&quot;from_HRF&quot;:&quot;So, 12. Juli 2026&quot;,&quot;to_HRF&quot;:&quot;So,  6. Dezember 2026&quot;,&quot;from_to_HRF&quot;:&quot;So, 12. Juli \\u2013 So,  6. Dezember 2026&quot;,&quot;from_to_HRFSHORT&quot;:&quot;12. Jul \\u2013  6. Dez 2026&quot;},&quot;alert&quot;:null,&quot;partof&quot;:[],&quot;marketing_topic&quot;:{&quot;title&quot;:&quot;Ethnologische Sammlungen und Asiatische Kunst&quot;,&quot;ID&quot;:46021,&quot;reason&quot;:&quot;belongsto&quot;}}' inline-template>\n\t<a href=\"https:\/\/www.humboldtforum.org\/de\/programm\/termin\/workshop\/chakai-japanische-teezusammenkunft-im-teehaus-boki-an-161570\/\" class=\"teaser teaser-event teaser-event-standard\">\n\t\t<div class=\"row\">\n\t\t\t<div class=\"col-xs-12 teaser-event-image\">\n\t\t\t\t<div class=\"teaser-image teaser-image-no-alternate\">\n\t\t\t\t\t\t\t\t\t\t\t\n\t<lazy-media-inline inline-template>\n\t\t<figure itemscope itemtype=\"http:\/\/schema.org\/ImageObject\" class=\"lazy-media-inline \" role=\"group\" id=\"media_6a950023dafa5\" aria-labelledby=\"desc_media_6a950023dafa5\">\n\t\t\t<script type=\"application\/json\" ref=\"data\">\n\t\t\t\t{\n\t\t\t\t\"sizes\" : {\"medium\":{\"file\":\"SHF_eb00230338-300x200.jpg\",\"width\":300,\"height\":200,\"mime-type\":\"image\\\/jpeg\",\"filesize\":11571},\"large\":{\"file\":\"SHF_eb00230338-1024x682.jpg\",\"width\":1024,\"height\":682,\"mime-type\":\"image\\\/jpeg\",\"filesize\":70899},\"thumbnail\":{\"file\":\"SHF_eb00230338-150x150.jpg\",\"width\":150,\"height\":150,\"mime-type\":\"image\\\/jpeg\",\"filesize\":5898},\"medium_large\":{\"file\":\"SHF_eb00230338-768x512.jpg\",\"width\":768,\"height\":512,\"mime-type\":\"image\\\/jpeg\",\"filesize\":45347},\"small\":{\"file\":\"SHF_eb00230338-440x293.jpg\",\"width\":440,\"height\":293,\"mime-type\":\"image\\\/jpeg\",\"filesize\":20255},\"semi\":{\"file\":\"SHF_eb00230338-580x387.jpg\",\"width\":580,\"height\":387,\"mime-type\":\"image\\\/jpeg\",\"filesize\":30639},\"mobile\":{\"file\":\"SHF_eb00230338-720x480.jpg\",\"width\":720,\"height\":480,\"mime-type\":\"image\\\/jpeg\",\"filesize\":41009},\"original\":{\"file\":\"SHF_eb00230338.jpg\",\"width\":1280,\"height\":853}},\n\t\t\t\t\"alt\" : \"Zwei Frauen in traditioneller Kleidung l\\u00e4cheln in einem japanischen Teehaus; eine von ihnen bereitet Tee vor.\",\n\t\t\t\t\"path\" : \"\\\/wp-content\\\/uploads\\\/2026\\\/03\\\/\",\n\t\t\t\t\"video\" : null,\n\t\t\t\t\"autoplay\" : null,\n\t\t\t\t\"youtube\" : null,\n\t\t\t\t\"youtubelabel\" : \"Video abspielen\",\n\t\t\t\t\"brightness\" : 100,\n\t\t\t\t\"crop\" : null,\n\t\t\t\t\"background\" : true,\n\t\t\t\t\"scale\" : 2\t\t\t\t}\n\t\t\t<\/script>\n\n\t\t\t<div class=\"height-container\" style=\"padding-bottom:66.640625%;\" v-if=\"sizes\">\n\t\t\t\t\t\t\t\t<lazy-media :inline=\"true\" :alt=\"alt\" :sizes=\"sizes\" :scale=\"scale\" :brightness=\"brightness\" :path=\"path\" :video=\"video\" :autoplay=\"autoplay\" :youtube=\"youtube\" :crop=\"crop\" :youtubelabel=\"youtubelabel\" :background=\"background\" media-id=\"desc_media_6a950023dafa5\"><\/lazy-media>\n\t\t\t\t\t\t\t<\/div>\n\n\t\t\t\t\t\t\t<figcaption class=\"sr-only\" ref=\"body\" id=\"desc_media_6a950023dafa5\">\n\t\t\t\t\t\t\t\t\t\t\t<div>Chanoyu &#8211; Japanischer Teeweg bei der Langen Nacht der Museen 2024 im Humboldt Forum<\/div>\n\t\t\t\t\t\t\t\t\t\t\t\t\t\t\t\t\t\t\t\t\t<div class=\"insignificant\">\u00a9 URA Architects &#038; Engineers \/ Stiftung Humboldt Forum im Berliner Schloss \/ Staatliche Museen zu Berlin, Museum f\u00fcr Asiatische Kunst, Foto: Frank Sperling<\/div>\n\t\t\t\t\t\t\t\t\t<\/figcaption>\n\t\t\t\t\t<\/figure>\n\t<\/lazy-media-inline>\n\t\t\t\t<\/div>\n\t\t\t<\/div>\n\t\t\t<div class=\"col-xs-12 teaser-event-text Infos\">\n\t\t\t\t<div class=\"teaser-event-standard-text\">\n\t\t\t\t\t<div class=\"margin-bottom-atom\">\n\t\t\t\t\t\t<div class=\"subline clamp-1\" v-html=\"maingenre\"><\/div>\n\t\t\t\t\t\t\t\t\t\t\t\t\t<div class=\"insignificant clamp-2\">Ethnologische Sammlungen und Asiatische Kunst<\/div>\n\t\t\t\t\t\t\t\t\t\t\t<\/div>\n\t\t\t\t\n\t\t\t\t\t<strong class=\"margin-bottom-atom\">Chakai \u2013 Japanische Teezusammenkunft im Teehaus B\u014dki-an<\/strong>\n\n\t\t\t\t\t\t\t\t\t\t\t<div class=\"\">Nehmen Sie an einer traditionellen japanischen Teezeremonie mit Verkostung teil<\/div>\n\t\t\t\t\t\t\t\t\t<\/div>\n\t\t\t\t<div class=\"teaser-bottom border-bottom\">\n\t\t\t\t<calendardateline :rawitem='item' :show-icon=\"true\"><\/calendardateline>\n\t\t\t\t\t<hr>\n\t\t\t\t<\/div>\n\t\t\t<\/div>\n\t\t<\/div>\n\t<\/a>\n\t<\/calendarteaser>\n<\/li>\n\n\t\t\t\t\t\t<\/ul>\n\t\t\t\t\t<\/div>\n\t\t\t\t<\/div>\n\t\t\t<\/teaser-lane-with-buttons>\n\t\t\t\t<\/lazy-component>\n<\/section>\n\n\n\n<section class=\"block block-teaser col-lane \" style=\"\">\n\t<lazy-component :fixed-min-height=\"400\">\n\t\n\t\t\t\t\t<teaser-lane-with-buttons inline-template tracking-label=\"Kinder &amp; Familie\">\n\t\t\t\t<div class=\"teaser-lane-with-buttons\">\n\t\t\t\t\t<div class=\"container-fluid\">\n\t\t\t\t\t\t<div class=\"row bottom-xs\">\n\t\t\t\t\t\t\t<div class=\"col-xs-12 col-md-8\">\n\t\t\t\t\t\t\t\t\t\t\t\t\t\t\t\t\t<h4>Kinder &#038; Familie<\/h4>\t\t\t\t\t\t\t\t\t\t\t\t\t\t\t\t\t\t\t\t\t\t\t\t<\/div>\n\t\t\t\t\t\t\t<div class=\"col-xs-12 col-md-4 start-xs end-md margin-bottom-sixth teaser-lane-buttons-wrapper teaser-lane-buttons-wrapper-with-tax\">\n\t\t\t\t\t\t\t\t<a href=\"https:\/\/www.humboldtforum.org\/de\/angebote\/fuer-wen\/kinder-und-familien\/\" class=\"normalcase small noborder\" role=\"button\">Alle anzeigen (29)<\/a>\t\t\t\t\t\t\t\t<teaser-lane-buttons :visible_prev=\"visible_prev\" :visible_next=\"visible_next\" @prev=\"prev\" @next=\"next\"><\/teaser-lane-buttons>\n\t\t\t\t\t\t\t<\/div>\n\t\t\t\t\t\t<\/div>\n\t\t\t\t\t<\/div>\n\t\t\t\t\t<div class=\"teaser-lane-wrapper\">\n\t\t\t\t\t\t<ul class=\"teaser-lane\">\n\t\t\t\t\t\t\t\t\t\t\t\t\t\t<li class=\"teaser-lane-slide col-xs-9 col-sm-4 col-md-3 teaser-wrapper col-padding-remove\">\n\t<calendarteaser key=\"1435838722\" rawitem='{&quot;postId&quot;:143583,&quot;title&quot;:&quot;Stoff f\\u00fcr Neues!&quot;,&quot;excerpt&quot;:&quot;&quot;,&quot;slug&quot;:&quot;stoff-fuer-neues&quot;,&quot;post_date&quot;:&quot;2025-02-26T14:04&quot;,&quot;type&quot;:&quot;event&quot;,&quot;permalink&quot;:&quot;https:\\\/\\\/www.humboldtforum.org\\\/de\\\/programm\\\/termin\\\/drop-in\\\/stoff-fuer-neues-143583\\\/&quot;,&quot;genre&quot;:[839],&quot;genre_details&quot;:[{&quot;text&quot;:&quot;Drop-In&quot;,&quot;id&quot;:839,&quot;icon&quot;:null,&quot;parent&quot;:0}],&quot;stakeholder&quot;:[382],&quot;stakeholder_details&quot;:[{&quot;text&quot;:&quot;Stiftung Humboldt Forum im Berliner Schloss&quot;,&quot;id&quot;:382,&quot;icon&quot;:null,&quot;parent&quot;:0}],&quot;targetgroup&quot;:[455,454],&quot;targetgroup_details&quot;:[{&quot;text&quot;:&quot;Jugendliche&quot;,&quot;id&quot;:455,&quot;icon&quot;:null,&quot;parent&quot;:0},{&quot;text&quot;:&quot;Kinder und Familien&quot;,&quot;id&quot;:454,&quot;icon&quot;:null,&quot;parent&quot;:0}],&quot;language&quot;:[384,385],&quot;language_details&quot;:[{&quot;text&quot;:&quot;Deutsch&quot;,&quot;id&quot;:384,&quot;icon&quot;:null,&quot;parent&quot;:0},{&quot;text&quot;:&quot;Englisch&quot;,&quot;id&quot;:385,&quot;icon&quot;:null,&quot;parent&quot;:0}],&quot;place&quot;:[1677],&quot;place_details&quot;:{&quot;place&quot;:&quot;Werkraum 2, 1. OG&quot;,&quot;map&quot;:&quot;Humboldt Forum, Schlossplatz, Berlin&quot;,&quot;room&quot;:&quot;&quot;},&quot;icon_overwrite&quot;:&quot;&quot;,&quot;acf&quot;:{&quot;noindex&quot;:false,&quot;keywords&quot;:&quot;&quot;,&quot;hashtag&quot;:&quot;HumboldtForum&quot;,&quot;belongsto&quot;:false,&quot;shorturl&quot;:&quot;&quot;,&quot;times&quot;:[{&quot;start&quot;:&quot;20260830 12:00&quot;,&quot;end&quot;:&quot;15:00&quot;,&quot;status&quot;:&quot;JOIN&quot;,&quot;info&quot;:&quot;kostenfrei&quot;,&quot;shop&quot;:&quot;&quot;,&quot;i&quot;:0,&quot;start_hour&quot;:&quot;12:00&quot;,&quot;start_HRF&quot;:&quot;So, 30. August 2026&quot;,&quot;_date&quot;:{&quot;date&quot;:&quot;2026-08-30 15:00:00.000000&quot;,&quot;timezone_type&quot;:3,&quot;timezone&quot;:&quot;Europe\\\/Berlin&quot;},&quot;_fromdate&quot;:&quot;20260830 12:00&quot;,&quot;start_TS&quot;:1788084000,&quot;start_HRFSHORT&quot;:&quot;30.08.26&quot;,&quot;start_HRFSHORT_WD&quot;:&quot;So 30.08.2026&quot;,&quot;end_TS&quot;:1788094800,&quot;can_purchase&quot;:false},{&quot;start&quot;:&quot;20260913 12:00&quot;,&quot;end&quot;:&quot;15:00&quot;,&quot;status&quot;:&quot;JOIN&quot;,&quot;info&quot;:&quot;kostenfrei&quot;,&quot;shop&quot;:&quot;&quot;,&quot;i&quot;:1,&quot;start_hour&quot;:&quot;12:00&quot;,&quot;start_HRF&quot;:&quot;So, 13. September 2026&quot;,&quot;_date&quot;:{&quot;date&quot;:&quot;2026-09-13 15:00:00.000000&quot;,&quot;timezone_type&quot;:3,&quot;timezone&quot;:&quot;Europe\\\/Berlin&quot;},&quot;_fromdate&quot;:&quot;20260913 12:00&quot;,&quot;start_TS&quot;:1789293600,&quot;start_HRFSHORT&quot;:&quot;13.09.26&quot;,&quot;start_HRFSHORT_WD&quot;:&quot;So 13.09.2026&quot;,&quot;end_TS&quot;:1789304400,&quot;can_purchase&quot;:false},{&quot;start&quot;:&quot;20260927 12:00&quot;,&quot;end&quot;:&quot;15:00&quot;,&quot;status&quot;:&quot;JOIN&quot;,&quot;info&quot;:&quot;kostenfrei&quot;,&quot;shop&quot;:&quot;&quot;,&quot;i&quot;:2,&quot;start_hour&quot;:&quot;12:00&quot;,&quot;start_HRF&quot;:&quot;So, 27. September 2026&quot;,&quot;_date&quot;:{&quot;date&quot;:&quot;2026-09-27 15:00:00.000000&quot;,&quot;timezone_type&quot;:3,&quot;timezone&quot;:&quot;Europe\\\/Berlin&quot;},&quot;_fromdate&quot;:&quot;20260927 12:00&quot;,&quot;start_TS&quot;:1790503200,&quot;start_HRFSHORT&quot;:&quot;27.09.26&quot;,&quot;start_HRFSHORT_WD&quot;:&quot;So 27.09.2026&quot;,&quot;end_TS&quot;:1790514000,&quot;can_purchase&quot;:false}],&quot;planning&quot;:{&quot;price&quot;:&quot;kostenfrei&quot;,&quot;admission&quot;:&quot;&quot;,&quot;pause&quot;:&quot;&quot;,&quot;duration&quot;:&quot;&quot;},&quot;subline&quot;:&quot;Nachhaltiger N\\u00e4htreff&quot;,&quot;additional_info&quot;:{&quot;icon&quot;:&quot;icon-alterfreigabe&quot;,&quot;text&quot;:&quot;9 bis 103 Jahre&quot;},&quot;highlight_header&quot;:false,&quot;use_video_in_teasers&quot;:false,&quot;hyphenation&quot;:true,&quot;tipp&quot;:false,&quot;joker&quot;:false,&quot;live&quot;:false,&quot;hide_event_in_program&quot;:false,&quot;gomus_id&quot;:&quot;&quot;,&quot;hm_id&quot;:&quot;&quot;,&quot;featured_images&quot;:[143585]},&quot;date&quot;:{&quot;NX&quot;:&quot;20260830&quot;,&quot;NXX&quot;:&quot;202608301200&quot;,&quot;NLAST&quot;:&quot;202609270800&quot;,&quot;from_DATE&quot;:&quot;20260830 12:00&quot;,&quot;from&quot;:1788076800,&quot;to&quot;:1790496000,&quot;to_DATE&quot;:&quot;20260927 12:00&quot;,&quot;from_HRFSHORT&quot;:&quot;30. Aug 2026&quot;,&quot;from_HRFSHORT_WD&quot;:&quot;So 30.08.2026&quot;,&quot;to_HRFSHORT&quot;:&quot;27. Sep 2026&quot;,&quot;to_HRFSHORT_WD&quot;:&quot;So 27.09.2026&quot;,&quot;from_HRF&quot;:&quot;So, 30. August 2026&quot;,&quot;to_HRF&quot;:&quot;So, 27. September 2026&quot;,&quot;from_to_HRF&quot;:&quot;So, 30. August \\u2013 So, 27. September 2026&quot;,&quot;from_to_HRFSHORT&quot;:&quot;30. Aug \\u2013 27. Sep 2026&quot;},&quot;alert&quot;:null,&quot;partof&quot;:[],&quot;marketing_topic&quot;:&quot;&quot;}' inline-template>\n\t<a href=\"https:\/\/www.humboldtforum.org\/de\/programm\/termin\/drop-in\/stoff-fuer-neues-143583\/\" class=\"teaser teaser-event teaser-event-standard\">\n\t\t<div class=\"row\">\n\t\t\t<div class=\"col-xs-12 teaser-event-image\">\n\t\t\t\t<div class=\"teaser-image teaser-image-no-alternate\">\n\t\t\t\t\t\t\t\t\t\t\t\n\t<lazy-media-inline inline-template>\n\t\t<figure itemscope itemtype=\"http:\/\/schema.org\/ImageObject\" class=\"lazy-media-inline \" role=\"group\" id=\"media_6a950023ed11a\" aria-labelledby=\"desc_media_6a950023ed11a\">\n\t\t\t<script type=\"application\/json\" ref=\"data\">\n\t\t\t\t{\n\t\t\t\t\"sizes\" : {\"medium\":{\"file\":\"SHF_eb00244613-300x225.jpg\",\"width\":300,\"height\":225,\"mime-type\":\"image\\\/jpeg\",\"filesize\":20098},\"large\":{\"file\":\"SHF_eb00244613-1024x768.jpg\",\"width\":1024,\"height\":768,\"mime-type\":\"image\\\/jpeg\",\"filesize\":147106},\"thumbnail\":{\"file\":\"SHF_eb00244613-150x150.jpg\",\"width\":150,\"height\":150,\"mime-type\":\"image\\\/jpeg\",\"filesize\":8070},\"medium_large\":{\"file\":\"SHF_eb00244613-768x576.jpg\",\"width\":768,\"height\":576,\"mime-type\":\"image\\\/jpeg\",\"filesize\":92548},\"small\":{\"file\":\"SHF_eb00244613-440x330.jpg\",\"width\":440,\"height\":330,\"mime-type\":\"image\\\/jpeg\",\"filesize\":37337},\"semi\":{\"file\":\"SHF_eb00244613-580x435.jpg\",\"width\":580,\"height\":435,\"mime-type\":\"image\\\/jpeg\",\"filesize\":58947},\"mobile\":{\"file\":\"SHF_eb00244613-720x540.jpg\",\"width\":720,\"height\":540,\"mime-type\":\"image\\\/jpeg\",\"filesize\":83307},\"hd\":{\"file\":\"SHF_eb00244613-1280x960.jpg\",\"width\":1280,\"height\":960,\"mime-type\":\"image\\\/jpeg\",\"filesize\":209941},\"full\":{\"file\":\"SHF_eb00244613-1920x1440.jpg\",\"width\":1920,\"height\":1440,\"mime-type\":\"image\\\/jpeg\",\"filesize\":398339},\"1536x1536\":{\"file\":\"SHF_eb00244613-1536x1152.jpg\",\"width\":1536,\"height\":1152,\"mime-type\":\"image\\\/jpeg\",\"filesize\":279316},\"2048x2048\":{\"file\":\"SHF_eb00244613-2048x1536.jpg\",\"width\":2048,\"height\":1536,\"mime-type\":\"image\\\/jpeg\",\"filesize\":442221},\"original\":{\"file\":\"SHF_eb00244613.jpg\",\"width\":4032,\"height\":3024}},\n\t\t\t\t\"alt\" : \"Eine Person n\\u00e4ht an einem Tisch, umgeben von Stoffen, N\\u00e4hzubeh\\u00f6r und einer N\\u00e4hmaschine.\",\n\t\t\t\t\"path\" : \"\\\/wp-content\\\/uploads\\\/2025\\\/02\\\/\",\n\t\t\t\t\"video\" : null,\n\t\t\t\t\"autoplay\" : null,\n\t\t\t\t\"youtube\" : null,\n\t\t\t\t\"youtubelabel\" : \"Video abspielen\",\n\t\t\t\t\"brightness\" : 100,\n\t\t\t\t\"crop\" : {\"top\":\"50.00\",\"left\":\"50.00\"},\n\t\t\t\t\"background\" : true,\n\t\t\t\t\"scale\" : 2\t\t\t\t}\n\t\t\t<\/script>\n\n\t\t\t<div class=\"height-container\" style=\"padding-bottom:75%;\" v-if=\"sizes\">\n\t\t\t\t\t\t\t\t<lazy-media :inline=\"true\" :alt=\"alt\" :sizes=\"sizes\" :scale=\"scale\" :brightness=\"brightness\" :path=\"path\" :video=\"video\" :autoplay=\"autoplay\" :youtube=\"youtube\" :crop=\"crop\" :youtubelabel=\"youtubelabel\" :background=\"background\" media-id=\"desc_media_6a950023ed11a\"><\/lazy-media>\n\t\t\t\t\t\t\t<\/div>\n\n\t\t\t\t\t\t\t<figcaption class=\"sr-only\" ref=\"body\" id=\"desc_media_6a950023ed11a\">\n\t\t\t\t\t\t\t\t\t\t\t<div>Make it and take it! MeetUp mit N&auml;hmaschinen in den Werkr&auml;umen<\/div>\n\t\t\t\t\t\t\t\t\t\t\t\t\t\t\t\t\t\t\t\t\t<div class=\"insignificant\">\u00a9 Stiftung Humboldt Forum im Berliner Schloss, Foto: Carolin Sibilak<\/div>\n\t\t\t\t\t\t\t\t\t<\/figcaption>\n\t\t\t\t\t<\/figure>\n\t<\/lazy-media-inline>\n\t\t\t\t<\/div>\n\t\t\t<\/div>\n\t\t\t<div class=\"col-xs-12 teaser-event-text Infos\">\n\t\t\t\t<div class=\"teaser-event-standard-text\">\n\t\t\t\t\t<div class=\"margin-bottom-atom\">\n\t\t\t\t\t\t<div class=\"subline clamp-1\" v-html=\"maingenre\"><\/div>\n\t\t\t\t\t\t\t\t\t\t\t<\/div>\n\t\t\t\t\n\t\t\t\t\t<strong class=\"margin-bottom-atom\">Stoff f\u00fcr Neues!<\/strong>\n\n\t\t\t\t\t\t\t\t\t\t\t<div class=\"\">Nachhaltiger N\u00e4htreff<\/div>\n\t\t\t\t\t\t\t\t\t<\/div>\n\t\t\t\t<div class=\"teaser-bottom border-bottom\">\n\t\t\t\t<calendardateline :rawitem='item' :show-icon=\"true\"><\/calendardateline>\n\t\t\t\t\t<hr>\n\t\t\t\t<\/div>\n\t\t\t<\/div>\n\t\t<\/div>\n\t<\/a>\n\t<\/calendarteaser>\n<\/li>\n\n<li class=\"teaser-lane-slide col-xs-9 col-sm-4 col-md-3 teaser-wrapper col-padding-remove\">\n\t<calendarteaser key=\"15250513694\" rawitem='{&quot;postId&quot;:152505,&quot;title&quot;:&quot;On Water. WasserWissen in Berlin&quot;,&quot;excerpt&quot;:&quot;&quot;,&quot;slug&quot;:&quot;on-water-wasserwissen-in-berlin-2&quot;,&quot;post_date&quot;:&quot;2025-09-26T14:18&quot;,&quot;type&quot;:&quot;event&quot;,&quot;permalink&quot;:&quot;https:\\\/\\\/www.humboldtforum.org\\\/de\\\/programm\\\/termin\\\/fuehrung\\\/on-water-wasserwissen-in-berlin-2-152505\\\/&quot;,&quot;genre&quot;:[821],&quot;genre_details&quot;:[{&quot;text&quot;:&quot;F\\u00fchrung&quot;,&quot;id&quot;:821,&quot;icon&quot;:null,&quot;parent&quot;:0}],&quot;stakeholder&quot;:[409],&quot;stakeholder_details&quot;:[{&quot;text&quot;:&quot;Humboldt-Universit\\u00e4t zu Berlin&quot;,&quot;id&quot;:409,&quot;icon&quot;:null,&quot;parent&quot;:0}],&quot;targetgroup&quot;:[454],&quot;targetgroup_details&quot;:[{&quot;text&quot;:&quot;Kinder und Familien&quot;,&quot;id&quot;:454,&quot;icon&quot;:null,&quot;parent&quot;:0}],&quot;language&quot;:[384],&quot;language_details&quot;:[{&quot;text&quot;:&quot;Deutsch&quot;,&quot;id&quot;:384,&quot;icon&quot;:null,&quot;parent&quot;:0}],&quot;accessability&quot;:[430],&quot;accessability_details&quot;:[{&quot;text&quot;:&quot;Rollstuhlgerecht&quot;,&quot;id&quot;:430,&quot;icon&quot;:null,&quot;parent&quot;:0}],&quot;age&quot;:[1525],&quot;age_details&quot;:[{&quot;text&quot;:&quot;ab 6 Jahre&quot;,&quot;id&quot;:1525,&quot;icon&quot;:null,&quot;parent&quot;:0}],&quot;groupsize&quot;:[1047],&quot;groupsize_details&quot;:[{&quot;text&quot;:&quot;max. 20 Personen&quot;,&quot;id&quot;:1047,&quot;icon&quot;:null,&quot;parent&quot;:0}],&quot;icon_overwrite&quot;:&quot;&quot;,&quot;acf&quot;:{&quot;noindex&quot;:false,&quot;keywords&quot;:&quot;&quot;,&quot;hashtag&quot;:&quot;HumboldtForum&quot;,&quot;belongsto&quot;:[148667],&quot;shorturl&quot;:&quot;&quot;,&quot;times&quot;:[{&quot;start&quot;:&quot;20260830 14:00&quot;,&quot;end&quot;:&quot;15:00&quot;,&quot;status&quot;:&quot;BUY&quot;,&quot;info&quot;:&quot;5 EUR&quot;,&quot;shop&quot;:&quot;https:\\\/\\\/tickets.humboldtforum.org\\\/#\\\/product\\\/event\\\/546?date=2026-08-30&amp;date_id=29357&amp;lang=de&quot;,&quot;i&quot;:1,&quot;start_hour&quot;:&quot;14:00&quot;,&quot;start_HRF&quot;:&quot;So, 30. August 2026&quot;,&quot;_date&quot;:{&quot;date&quot;:&quot;2026-08-30 15:00:00.000000&quot;,&quot;timezone_type&quot;:3,&quot;timezone&quot;:&quot;Europe\\\/Berlin&quot;},&quot;_fromdate&quot;:&quot;20260830 14:00&quot;,&quot;start_TS&quot;:1788091200,&quot;start_HRFSHORT&quot;:&quot;30.08.26&quot;,&quot;start_HRFSHORT_WD&quot;:&quot;So 30.08.2026&quot;,&quot;end_TS&quot;:1788094800,&quot;can_purchase&quot;:true},{&quot;start&quot;:&quot;20260905 14:00&quot;,&quot;end&quot;:&quot;15:00&quot;,&quot;status&quot;:&quot;BUY&quot;,&quot;info&quot;:&quot;5 EUR&quot;,&quot;shop&quot;:&quot;https:\\\/\\\/tickets.humboldtforum.org\\\/#\\\/product\\\/event\\\/546?date=2026-09-05&amp;date_id=29718&amp;lang=de&quot;,&quot;i&quot;:2,&quot;start_hour&quot;:&quot;14:00&quot;,&quot;start_HRF&quot;:&quot;Sa,  5. September 2026&quot;,&quot;_date&quot;:{&quot;date&quot;:&quot;2026-09-05 15:00:00.000000&quot;,&quot;timezone_type&quot;:3,&quot;timezone&quot;:&quot;Europe\\\/Berlin&quot;},&quot;_fromdate&quot;:&quot;20260905 14:00&quot;,&quot;start_TS&quot;:1788609600,&quot;start_HRFSHORT&quot;:&quot;05.09.26&quot;,&quot;start_HRFSHORT_WD&quot;:&quot;Sa 05.09.2026&quot;,&quot;end_TS&quot;:1788613200,&quot;can_purchase&quot;:true},{&quot;start&quot;:&quot;20260919 14:00&quot;,&quot;end&quot;:&quot;15:00&quot;,&quot;status&quot;:&quot;BUY&quot;,&quot;info&quot;:&quot;5 EUR&quot;,&quot;shop&quot;:&quot;https:\\\/\\\/tickets.humboldtforum.org\\\/#\\\/product\\\/event\\\/546?date=2026-09-19&amp;date_id=29720&amp;lang=de&quot;,&quot;i&quot;:3,&quot;start_hour&quot;:&quot;14:00&quot;,&quot;start_HRF&quot;:&quot;Sa, 19. September 2026&quot;,&quot;_date&quot;:{&quot;date&quot;:&quot;2026-09-19 15:00:00.000000&quot;,&quot;timezone_type&quot;:3,&quot;timezone&quot;:&quot;Europe\\\/Berlin&quot;},&quot;_fromdate&quot;:&quot;20260919 14:00&quot;,&quot;start_TS&quot;:1789819200,&quot;start_HRFSHORT&quot;:&quot;19.09.26&quot;,&quot;start_HRFSHORT_WD&quot;:&quot;Sa 19.09.2026&quot;,&quot;end_TS&quot;:1789822800,&quot;can_purchase&quot;:true},{&quot;start&quot;:&quot;20260926 14:00&quot;,&quot;end&quot;:&quot;15:00&quot;,&quot;status&quot;:&quot;BUY&quot;,&quot;info&quot;:&quot;5 EUR&quot;,&quot;shop&quot;:&quot;https:\\\/\\\/tickets.humboldtforum.org\\\/#\\\/product\\\/event\\\/546?date=2026-09-26&amp;date_id=29721&amp;lang=de&quot;,&quot;i&quot;:4,&quot;start_hour&quot;:&quot;14:00&quot;,&quot;start_HRF&quot;:&quot;Sa, 26. September 2026&quot;,&quot;_date&quot;:{&quot;date&quot;:&quot;2026-09-26 15:00:00.000000&quot;,&quot;timezone_type&quot;:3,&quot;timezone&quot;:&quot;Europe\\\/Berlin&quot;},&quot;_fromdate&quot;:&quot;20260926 14:00&quot;,&quot;start_TS&quot;:1790424000,&quot;start_HRFSHORT&quot;:&quot;26.09.26&quot;,&quot;start_HRFSHORT_WD&quot;:&quot;Sa 26.09.2026&quot;,&quot;end_TS&quot;:1790427600,&quot;can_purchase&quot;:true},{&quot;start&quot;:&quot;20260927 14:00&quot;,&quot;end&quot;:&quot;15:00&quot;,&quot;status&quot;:&quot;BUY&quot;,&quot;info&quot;:&quot;5 EUR&quot;,&quot;shop&quot;:&quot;https:\\\/\\\/tickets.humboldtforum.org\\\/#\\\/product\\\/event\\\/546?date=2026-09-27&amp;date_id=29722&amp;lang=de&quot;,&quot;i&quot;:5,&quot;start_hour&quot;:&quot;14:00&quot;,&quot;start_HRF&quot;:&quot;So, 27. September 2026&quot;,&quot;_date&quot;:{&quot;date&quot;:&quot;2026-09-27 15:00:00.000000&quot;,&quot;timezone_type&quot;:3,&quot;timezone&quot;:&quot;Europe\\\/Berlin&quot;},&quot;_fromdate&quot;:&quot;20260927 14:00&quot;,&quot;start_TS&quot;:1790510400,&quot;start_HRFSHORT&quot;:&quot;27.09.26&quot;,&quot;start_HRFSHORT_WD&quot;:&quot;So 27.09.2026&quot;,&quot;end_TS&quot;:1790514000,&quot;can_purchase&quot;:true}],&quot;planning&quot;:{&quot;price&quot;:&quot;5 EUR pro Person &quot;,&quot;admission&quot;:&quot;&quot;,&quot;pause&quot;:&quot;&quot;,&quot;duration&quot;:&quot;&quot;},&quot;subline&quot;:&quot;Familienf\\u00fchrung&quot;,&quot;tickettext&quot;:&quot;Bitte buchen Sie Ihr Ticket vorab online oder an der Kasse im Foyer.&quot;,&quot;additional_info&quot;:{&quot;icon&quot;:&quot;0&quot;,&quot;text&quot;:&quot;&quot;},&quot;highlight_header&quot;:false,&quot;featured_images&quot;:[162963],&quot;use_video_in_teasers&quot;:false,&quot;hyphenation&quot;:true,&quot;tipp&quot;:false,&quot;joker&quot;:false,&quot;live&quot;:false,&quot;hide_event_in_program&quot;:false,&quot;gomus_id&quot;:&quot;&quot;,&quot;hm_id&quot;:&quot;&quot;},&quot;date&quot;:{&quot;NX&quot;:&quot;20260830&quot;,&quot;NXX&quot;:&quot;202608301400&quot;,&quot;NLAST&quot;:&quot;202610311100&quot;,&quot;from_DATE&quot;:&quot;20260829 14:00&quot;,&quot;from&quot;:1787997600,&quot;to&quot;:1793444400,&quot;to_DATE&quot;:&quot;20261031 14:00&quot;,&quot;from_HRFSHORT&quot;:&quot;29. Aug 2026&quot;,&quot;from_HRFSHORT_WD&quot;:&quot;Sa 29.08.2026&quot;,&quot;to_HRFSHORT&quot;:&quot;31. Okt 2026&quot;,&quot;to_HRFSHORT_WD&quot;:&quot;Sa 31.10.2026&quot;,&quot;from_HRF&quot;:&quot;Sa, 29. August 2026&quot;,&quot;to_HRF&quot;:&quot;Sa, 31. Oktober 2026&quot;,&quot;from_to_HRF&quot;:&quot;Sa, 29. August \\u2013 Sa, 31. Oktober 2026&quot;,&quot;from_to_HRFSHORT&quot;:&quot;29. Aug \\u2013 31. Okt 2026&quot;},&quot;alert&quot;:null,&quot;partof&quot;:[],&quot;marketing_topic&quot;:{&quot;title&quot;:&quot;On Water&quot;,&quot;ID&quot;:148667,&quot;reason&quot;:&quot;belongsto&quot;}}' inline-template>\n\t<a href=\"https:\/\/www.humboldtforum.org\/de\/programm\/termin\/fuehrung\/on-water-wasserwissen-in-berlin-2-152505\/\" class=\"teaser teaser-event teaser-event-standard\">\n\t\t<div class=\"row\">\n\t\t\t<div class=\"col-xs-12 teaser-event-image\">\n\t\t\t\t<div class=\"teaser-image teaser-image-no-alternate\">\n\t\t\t\t\t\t\t\t\t\t\t\n\t<lazy-media-inline inline-template>\n\t\t<figure itemscope itemtype=\"http:\/\/schema.org\/ImageObject\" class=\"lazy-media-inline \" role=\"group\" id=\"media_6a950023eea9f\" aria-labelledby=\"desc_media_6a950023eea9f\">\n\t\t\t<script type=\"application\/json\" ref=\"data\">\n\t\t\t\t{\n\t\t\t\t\"sizes\" : {\"medium\":{\"file\":\"SHF_eb00265535-300x200.jpg\",\"width\":300,\"height\":200,\"mime-type\":\"image\\\/jpeg\",\"filesize\":9499},\"large\":{\"file\":\"SHF_eb00265535-1024x683.jpg\",\"width\":1024,\"height\":683,\"mime-type\":\"image\\\/jpeg\",\"filesize\":70480},\"thumbnail\":{\"file\":\"SHF_eb00265535-150x150.jpg\",\"width\":150,\"height\":150,\"mime-type\":\"image\\\/jpeg\",\"filesize\":4796},\"medium_large\":{\"file\":\"SHF_eb00265535-768x512.jpg\",\"width\":768,\"height\":512,\"mime-type\":\"image\\\/jpeg\",\"filesize\":41826},\"small\":{\"file\":\"SHF_eb00265535-440x293.jpg\",\"width\":440,\"height\":293,\"mime-type\":\"image\\\/jpeg\",\"filesize\":17018},\"semi\":{\"file\":\"SHF_eb00265535-580x387.jpg\",\"width\":580,\"height\":387,\"mime-type\":\"image\\\/jpeg\",\"filesize\":26518},\"mobile\":{\"file\":\"SHF_eb00265535-720x480.jpg\",\"width\":720,\"height\":480,\"mime-type\":\"image\\\/jpeg\",\"filesize\":37495},\"hd\":{\"file\":\"SHF_eb00265535-1280x853.jpg\",\"width\":1280,\"height\":853,\"mime-type\":\"image\\\/jpeg\",\"filesize\":108373},\"full\":{\"file\":\"SHF_eb00265535-1920x1280.jpg\",\"width\":1920,\"height\":1280,\"mime-type\":\"image\\\/jpeg\",\"filesize\":267921},\"xxl\":{\"file\":\"SHF_eb00265535-4048x2698.jpg\",\"width\":4048,\"height\":2698,\"mime-type\":\"image\\\/jpeg\",\"filesize\":1681213},\"1536x1536\":{\"file\":\"SHF_eb00265535-1536x1024.jpg\",\"width\":1536,\"height\":1024,\"mime-type\":\"image\\\/jpeg\",\"filesize\":158882},\"2048x2048\":{\"file\":\"SHF_eb00265535-2048x1365.jpg\",\"width\":2048,\"height\":1365,\"mime-type\":\"image\\\/jpeg\",\"filesize\":316489},\"original\":{\"file\":\"SHF_eb00265535.jpg\",\"width\":4148,\"height\":2765}},\n\t\t\t\t\"alt\" : \"Eine Hand zeigt auf bunte Zeichnungen an einer Wand, darunter ein Fisch mit dem Schriftzug \\\"Willkommen in Berlin!\\\".\",\n\t\t\t\t\"path\" : \"\\\/wp-content\\\/uploads\\\/2025\\\/09\\\/\",\n\t\t\t\t\"video\" : null,\n\t\t\t\t\"autoplay\" : null,\n\t\t\t\t\"youtube\" : null,\n\t\t\t\t\"youtubelabel\" : \"Video abspielen\",\n\t\t\t\t\"brightness\" : 100,\n\t\t\t\t\"crop\" : {\"top\":\"50.00\",\"left\":\"50.00\"},\n\t\t\t\t\"background\" : true,\n\t\t\t\t\"scale\" : 2\t\t\t\t}\n\t\t\t<\/script>\n\n\t\t\t<div class=\"height-container\" style=\"padding-bottom:66.658630665381%;\" v-if=\"sizes\">\n\t\t\t\t\t\t\t\t<lazy-media :inline=\"true\" :alt=\"alt\" :sizes=\"sizes\" :scale=\"scale\" :brightness=\"brightness\" :path=\"path\" :video=\"video\" :autoplay=\"autoplay\" :youtube=\"youtube\" :crop=\"crop\" :youtubelabel=\"youtubelabel\" :background=\"background\" media-id=\"desc_media_6a950023eea9f\"><\/lazy-media>\n\t\t\t\t\t\t\t<\/div>\n\n\t\t\t\t\t\t\t<figcaption class=\"sr-only\" ref=\"body\" id=\"desc_media_6a950023eea9f\">\n\t\t\t\t\t\t\t\t\t\t\t\t\t\t\t\t<div>Zeichnungen im Humboldt Labor <\/div>\n\t\t\t\t\t\t\t\t\t\t\t\t\t\t\t\t<div class=\"insignificant\">\u00a9 Humboldt-Universit\u00e4t zu Berlin, Foto: Stefan Klenke<\/div>\n\t\t\t\t\t\t\t\t\t<\/figcaption>\n\t\t\t\t\t<\/figure>\n\t<\/lazy-media-inline>\n\t\t\t\t<\/div>\n\t\t\t<\/div>\n\t\t\t<div class=\"col-xs-12 teaser-event-text Infos\">\n\t\t\t\t<div class=\"teaser-event-standard-text\">\n\t\t\t\t\t<div class=\"margin-bottom-atom\">\n\t\t\t\t\t\t<div class=\"subline clamp-1\" v-html=\"maingenre\"><\/div>\n\t\t\t\t\t\t\t\t\t\t\t\t\t<div class=\"insignificant clamp-2\">On Water<\/div>\n\t\t\t\t\t\t\t\t\t\t\t<\/div>\n\t\t\t\t\n\t\t\t\t\t<strong class=\"margin-bottom-atom\">On Water. WasserWissen in Berlin<\/strong>\n\n\t\t\t\t\t\t\t\t\t\t\t<div class=\"\">Familienf\u00fchrung<\/div>\n\t\t\t\t\t\t\t\t\t<\/div>\n\t\t\t\t<div class=\"teaser-bottom border-bottom\">\n\t\t\t\t<calendardateline :rawitem='item' :show-icon=\"true\"><\/calendardateline>\n\t\t\t\t\t<hr>\n\t\t\t\t<\/div>\n\t\t\t<\/div>\n\t\t<\/div>\n\t<\/a>\n\t<\/calendarteaser>\n<\/li>\n\n<li class=\"teaser-lane-slide col-xs-9 col-sm-4 col-md-3 teaser-wrapper col-padding-remove\">\n\t<calendarteaser key=\"467012889\" rawitem='{&quot;postId&quot;:46701,&quot;title&quot;:&quot;TRANSFORMERS&quot;,&quot;excerpt&quot;:&quot;&quot;,&quot;slug&quot;:&quot;transformers&quot;,&quot;post_date&quot;:&quot;2022-07-29T13:56&quot;,&quot;type&quot;:&quot;event&quot;,&quot;permalink&quot;:&quot;https:\\\/\\\/www.humboldtforum.org\\\/de\\\/programm\\\/termin\\\/drop-in\\\/transformers-46701\\\/&quot;,&quot;genre&quot;:[839],&quot;genre_details&quot;:[{&quot;text&quot;:&quot;Drop-In&quot;,&quot;id&quot;:839,&quot;icon&quot;:null,&quot;parent&quot;:0}],&quot;stakeholder&quot;:[530,382],&quot;stakeholder_details&quot;:[{&quot;text&quot;:&quot;Staatliche Museen zu Berlin&quot;,&quot;id&quot;:530,&quot;icon&quot;:null,&quot;parent&quot;:0},{&quot;text&quot;:&quot;Stiftung Humboldt Forum im Berliner Schloss&quot;,&quot;id&quot;:382,&quot;icon&quot;:null,&quot;parent&quot;:0}],&quot;targetgroup&quot;:[454],&quot;targetgroup_details&quot;:[{&quot;text&quot;:&quot;Kinder und Familien&quot;,&quot;id&quot;:454,&quot;icon&quot;:null,&quot;parent&quot;:0}],&quot;language&quot;:[384],&quot;language_details&quot;:[{&quot;text&quot;:&quot;Deutsch&quot;,&quot;id&quot;:384,&quot;icon&quot;:null,&quot;parent&quot;:0}],&quot;icon_overwrite&quot;:&quot;&quot;,&quot;acf&quot;:{&quot;noindex&quot;:false,&quot;keywords&quot;:&quot;&quot;,&quot;hashtag&quot;:&quot;HumboldtForum&quot;,&quot;shorturl&quot;:&quot;&quot;,&quot;belongsto&quot;:[46021],&quot;planning&quot;:{&quot;price&quot;:&quot;&quot;,&quot;admission&quot;:&quot;&quot;,&quot;pause&quot;:&quot;&quot;,&quot;duration&quot;:&quot;180&quot;},&quot;subline&quot;:&quot;Baut eure eigene wandelbare Maske!&quot;,&quot;additional_info&quot;:{&quot;icon&quot;:&quot;icon-pin&quot;,&quot;text&quot;:&quot;&quot;},&quot;highlight_header&quot;:false,&quot;featured_images&quot;:[56866],&quot;use_video_in_teasers&quot;:false,&quot;hyphenation&quot;:true,&quot;tipp&quot;:true,&quot;joker&quot;:false,&quot;live&quot;:false,&quot;hide_event_in_program&quot;:false,&quot;times&quot;:[{&quot;start&quot;:&quot;20260830 15:00&quot;,&quot;end&quot;:&quot;18:00&quot;,&quot;status&quot;:&quot;BUY&quot;,&quot;info&quot;:&quot;0 EUR zzgl. Ausstellungsticket&quot;,&quot;shop&quot;:&quot;https:\\\/\\\/tickets.humboldtforum.org\\\/#\\\/tickets\\\/time?museum_id=1&amp;exhibition_id=17&amp;group=day&amp;date=2026-08-30&quot;,&quot;i&quot;:5,&quot;start_hour&quot;:&quot;15:00&quot;,&quot;start_HRF&quot;:&quot;So, 30. August 2026&quot;,&quot;_date&quot;:{&quot;date&quot;:&quot;2026-08-30 18:00:00.000000&quot;,&quot;timezone_type&quot;:3,&quot;timezone&quot;:&quot;Europe\\\/Berlin&quot;},&quot;_fromdate&quot;:&quot;20260830 15:00&quot;,&quot;start_TS&quot;:1788094800,&quot;start_HRFSHORT&quot;:&quot;30.08.26&quot;,&quot;start_HRFSHORT_WD&quot;:&quot;So 30.08.2026&quot;,&quot;end_TS&quot;:1788105600,&quot;can_purchase&quot;:true},{&quot;start&quot;:&quot;20260913 15:00&quot;,&quot;end&quot;:&quot;18:00&quot;,&quot;status&quot;:&quot;BUY&quot;,&quot;info&quot;:&quot;0 EUR zzgl. Ausstellungsticket&quot;,&quot;shop&quot;:&quot;https:\\\/\\\/tickets.humboldtforum.org\\\/#\\\/tickets\\\/time?museum_id=1&amp;exhibition_id=17&amp;group=day&amp;date=2026-09-13&quot;,&quot;i&quot;:6,&quot;start_hour&quot;:&quot;15:00&quot;,&quot;start_HRF&quot;:&quot;So, 13. September 2026&quot;,&quot;_date&quot;:{&quot;date&quot;:&quot;2026-09-13 18:00:00.000000&quot;,&quot;timezone_type&quot;:3,&quot;timezone&quot;:&quot;Europe\\\/Berlin&quot;},&quot;_fromdate&quot;:&quot;20260913 15:00&quot;,&quot;start_TS&quot;:1789304400,&quot;start_HRFSHORT&quot;:&quot;13.09.26&quot;,&quot;start_HRFSHORT_WD&quot;:&quot;So 13.09.2026&quot;,&quot;end_TS&quot;:1789315200,&quot;can_purchase&quot;:true},{&quot;start&quot;:&quot;20260927 15:00&quot;,&quot;end&quot;:&quot;18:00&quot;,&quot;status&quot;:&quot;BUY&quot;,&quot;info&quot;:&quot;0 EUR zzgl. Ausstellungsticket&quot;,&quot;shop&quot;:&quot;https:\\\/\\\/tickets.humboldtforum.org\\\/#\\\/tickets\\\/time?museum_id=1&amp;exhibition_id=17&amp;group=day&amp;date=2026-09-27&quot;,&quot;i&quot;:7,&quot;start_hour&quot;:&quot;15:00&quot;,&quot;start_HRF&quot;:&quot;So, 27. September 2026&quot;,&quot;_date&quot;:{&quot;date&quot;:&quot;2026-09-27 18:00:00.000000&quot;,&quot;timezone_type&quot;:3,&quot;timezone&quot;:&quot;Europe\\\/Berlin&quot;},&quot;_fromdate&quot;:&quot;20260927 15:00&quot;,&quot;start_TS&quot;:1790514000,&quot;start_HRFSHORT&quot;:&quot;27.09.26&quot;,&quot;start_HRFSHORT_WD&quot;:&quot;So 27.09.2026&quot;,&quot;end_TS&quot;:1790524800,&quot;can_purchase&quot;:true}],&quot;alert_text&quot;:&quot;DE&quot;,&quot;gomus_id&quot;:&quot;&quot;,&quot;hm_id&quot;:&quot;&quot;,&quot;infotext&quot;:&quot;Raum 212 befindet sich auf den Ausstellungsfl\\u00e4chen des 2. OG. &quot;},&quot;date&quot;:{&quot;NX&quot;:&quot;20260830&quot;,&quot;NXX&quot;:&quot;202608301500&quot;,&quot;NLAST&quot;:&quot;202609271100&quot;,&quot;from_DATE&quot;:&quot;20260621 15:00&quot;,&quot;from&quot;:1782039600,&quot;to&quot;:1790506800,&quot;to_DATE&quot;:&quot;20260927 15:00&quot;,&quot;from_HRFSHORT&quot;:&quot;21. Jun 2026&quot;,&quot;from_HRFSHORT_WD&quot;:&quot;So 21.06.2026&quot;,&quot;to_HRFSHORT&quot;:&quot;27. Sep 2026&quot;,&quot;to_HRFSHORT_WD&quot;:&quot;So 27.09.2026&quot;,&quot;from_HRF&quot;:&quot;So, 21. Juni 2026&quot;,&quot;to_HRF&quot;:&quot;So, 27. September 2026&quot;,&quot;from_to_HRF&quot;:&quot;So, 21. Juni \\u2013 So, 27. September 2026&quot;,&quot;from_to_HRFSHORT&quot;:&quot;21. Jun \\u2013 27. Sep 2026&quot;},&quot;alert&quot;:&quot;Tipp&quot;,&quot;partof&quot;:[],&quot;marketing_topic&quot;:{&quot;title&quot;:&quot;Ethnologische Sammlungen und Asiatische Kunst&quot;,&quot;ID&quot;:46021,&quot;reason&quot;:&quot;belongsto&quot;}}' inline-template>\n\t<a href=\"https:\/\/www.humboldtforum.org\/de\/programm\/termin\/drop-in\/transformers-46701\/\" class=\"teaser teaser-event teaser-event-standard\">\n\t\t<div class=\"row\">\n\t\t\t<div class=\"col-xs-12 teaser-event-image\">\n\t\t\t\t<div class=\"teaser-image teaser-image-no-alternate\">\n\t\t\t\t\t\t\t\t\t\t\t\t\t<span class=\"alert\">Tipp<\/span>\n\t\t\t\t\t\t\t\t\t\t\t\n\t<lazy-media-inline inline-template>\n\t\t<figure itemscope itemtype=\"http:\/\/schema.org\/ImageObject\" class=\"lazy-media-inline \" role=\"group\" id=\"media_6a950023f03bd\" aria-labelledby=\"desc_media_6a950023f03bd\">\n\t\t\t<script type=\"application\/json\" ref=\"data\">\n\t\t\t\t{\n\t\t\t\t\"sizes\" : {\"medium\":{\"file\":\"SHF_eb00154935-300x200.jpg\",\"width\":300,\"height\":200,\"mime-type\":\"image\\\/jpeg\",\"filesize\":11508},\"large\":{\"file\":\"SHF_eb00154935-1024x682.jpg\",\"width\":1024,\"height\":682,\"mime-type\":\"image\\\/jpeg\",\"filesize\":70304},\"thumbnail\":{\"file\":\"SHF_eb00154935-150x150.jpg\",\"width\":150,\"height\":150,\"mime-type\":\"image\\\/jpeg\",\"filesize\":5634},\"medium_large\":{\"file\":\"SHF_eb00154935-768x512.jpg\",\"width\":768,\"height\":512,\"mime-type\":\"image\\\/jpeg\",\"filesize\":45025},\"small\":{\"file\":\"SHF_eb00154935-440x293.jpg\",\"width\":440,\"height\":293,\"mime-type\":\"image\\\/jpeg\",\"filesize\":20055},\"semi\":{\"file\":\"SHF_eb00154935-580x387.jpg\",\"width\":580,\"height\":387,\"mime-type\":\"image\\\/jpeg\",\"filesize\":30164},\"mobile\":{\"file\":\"SHF_eb00154935-720x480.jpg\",\"width\":720,\"height\":480,\"mime-type\":\"image\\\/jpeg\",\"filesize\":40899},\"original\":{\"file\":\"SHF_eb00154935.jpg\",\"width\":1280,\"height\":853}},\n\t\t\t\t\"alt\" : \"Ein Kind arbeitet an einer bunten Vorlage f\\u00fcr eine Maske auf einem Tisch.\",\n\t\t\t\t\"path\" : \"\\\/wp-content\\\/uploads\\\/2022\\\/10\\\/\",\n\t\t\t\t\"video\" : null,\n\t\t\t\t\"autoplay\" : null,\n\t\t\t\t\"youtube\" : null,\n\t\t\t\t\"youtubelabel\" : \"Video abspielen\",\n\t\t\t\t\"brightness\" : 100,\n\t\t\t\t\"crop\" : {\"top\":\"49.23\",\"left\":\"52.14\"},\n\t\t\t\t\"background\" : true,\n\t\t\t\t\"scale\" : 2\t\t\t\t}\n\t\t\t<\/script>\n\n\t\t\t<div class=\"height-container\" style=\"padding-bottom:66.640625%;\" v-if=\"sizes\">\n\t\t\t\t\t\t\t\t<lazy-media :inline=\"true\" :alt=\"alt\" :sizes=\"sizes\" :scale=\"scale\" :brightness=\"brightness\" :path=\"path\" :video=\"video\" :autoplay=\"autoplay\" :youtube=\"youtube\" :crop=\"crop\" :youtubelabel=\"youtubelabel\" :background=\"background\" media-id=\"desc_media_6a950023f03bd\"><\/lazy-media>\n\t\t\t\t\t\t\t<\/div>\n\n\t\t\t\t\t\t\t<figcaption class=\"sr-only\" ref=\"body\" id=\"desc_media_6a950023f03bd\">\n\t\t\t\t\t\t\t\t\t\t\t\t\t\t\t\t<div>Workshop &quot;Transformers &#8211; baut Eure eigene wandelbare Maske!&quot; im Rahmen der Ostfl&uuml;geler&ouml;ffnung <\/div>\n\t\t\t\t\t\t\t\t\t\t\t\t\t\t\t\t<div class=\"insignificant\">\u00a9 Stiftung Humboldt Forum im Berliner Schloss\/ Foto: Stefanie Loos<\/div>\n\t\t\t\t\t\t\t\t\t<\/figcaption>\n\t\t\t\t\t<\/figure>\n\t<\/lazy-media-inline>\n\t\t\t\t<\/div>\n\t\t\t<\/div>\n\t\t\t<div class=\"col-xs-12 teaser-event-text Infos\">\n\t\t\t\t<div class=\"teaser-event-standard-text\">\n\t\t\t\t\t<div class=\"margin-bottom-atom\">\n\t\t\t\t\t\t<div class=\"subline clamp-1\" v-html=\"maingenre\"><\/div>\n\t\t\t\t\t\t\t\t\t\t\t\t\t<div class=\"insignificant clamp-2\">Ethnologische Sammlungen und Asiatische Kunst<\/div>\n\t\t\t\t\t\t\t\t\t\t\t<\/div>\n\t\t\t\t\n\t\t\t\t\t<strong class=\"margin-bottom-atom\">TRANSFORMERS<\/strong>\n\n\t\t\t\t\t\t\t\t\t\t\t<div class=\"\">Baut eure eigene wandelbare Maske!<\/div>\n\t\t\t\t\t\t\t\t\t<\/div>\n\t\t\t\t<div class=\"teaser-bottom border-bottom\">\n\t\t\t\t<calendardateline :rawitem='item' :show-icon=\"true\"><\/calendardateline>\n\t\t\t\t\t<hr>\n\t\t\t\t<\/div>\n\t\t\t<\/div>\n\t\t<\/div>\n\t<\/a>\n\t<\/calendarteaser>\n<\/li>\n\n<li class=\"teaser-lane-slide col-xs-9 col-sm-4 col-md-3 teaser-wrapper col-padding-remove\">\n\t<calendarteaser key=\"2973617664\" rawitem='{&quot;postId&quot;:29736,&quot;title&quot;:&quot;Elternzeit Kultur bei BERLIN GLOBAL&quot;,&quot;excerpt&quot;:&quot;&quot;,&quot;slug&quot;:&quot;elternzeitkultur&quot;,&quot;post_date&quot;:&quot;2021-08-06T14:30&quot;,&quot;type&quot;:&quot;event&quot;,&quot;permalink&quot;:&quot;https:\\\/\\\/www.humboldtforum.org\\\/de\\\/programm\\\/termin\\\/drop-in\\\/elternzeitkultur-29736\\\/&quot;,&quot;genre&quot;:[839],&quot;genre_details&quot;:[{&quot;text&quot;:&quot;Drop-In&quot;,&quot;id&quot;:839,&quot;icon&quot;:null,&quot;parent&quot;:0}],&quot;stakeholder&quot;:[400],&quot;stakeholder_details&quot;:[{&quot;text&quot;:&quot;Berlin Museum&quot;,&quot;id&quot;:400,&quot;icon&quot;:null,&quot;parent&quot;:0}],&quot;targetgroup&quot;:[454],&quot;targetgroup_details&quot;:[{&quot;text&quot;:&quot;Kinder und Familien&quot;,&quot;id&quot;:454,&quot;icon&quot;:null,&quot;parent&quot;:0}],&quot;language&quot;:[384],&quot;language_details&quot;:[{&quot;text&quot;:&quot;Deutsch&quot;,&quot;id&quot;:384,&quot;icon&quot;:null,&quot;parent&quot;:0}],&quot;place&quot;:[405],&quot;place_details&quot;:{&quot;place&quot;:&quot;Humboldt Forum&quot;,&quot;map&quot;:&quot;Humboldt Forum, Schlossplatz, Berlin&quot;,&quot;room&quot;:&quot;Berlin Ausstellung, 1. OG&quot;},&quot;icon_overwrite&quot;:&quot;&quot;,&quot;acf&quot;:{&quot;hashtag&quot;:&quot;HumboldtForum&quot;,&quot;belongsto&quot;:[14140],&quot;shorturl&quot;:&quot;&quot;,&quot;noindex&quot;:false,&quot;keywords&quot;:&quot;&quot;,&quot;times&quot;:[{&quot;start&quot;:&quot;20260903 11:00&quot;,&quot;end&quot;:&quot;14:00&quot;,&quot;status&quot;:&quot;BUY&quot;,&quot;info&quot;:&quot;0 EUR zzgl. Ausstellungsticket&quot;,&quot;shop&quot;:&quot;https:\\\/\\\/tickets.humboldtforum.org\\\/#\\\/tickets\\\/time?museum_id=1&amp;exhibition_id=1&amp;group=day&amp;date=2026-09-03&quot;,&quot;i&quot;:0,&quot;start_hour&quot;:&quot;11:00&quot;,&quot;start_HRF&quot;:&quot;Do,  3. September 2026&quot;,&quot;_date&quot;:{&quot;date&quot;:&quot;2026-09-03 14:00:00.000000&quot;,&quot;timezone_type&quot;:3,&quot;timezone&quot;:&quot;Europe\\\/Berlin&quot;},&quot;_fromdate&quot;:&quot;20260903 11:00&quot;,&quot;start_TS&quot;:1788426000,&quot;start_HRFSHORT&quot;:&quot;03.09.26&quot;,&quot;start_HRFSHORT_WD&quot;:&quot;Do 03.09.2026&quot;,&quot;end_TS&quot;:1788436800,&quot;can_purchase&quot;:true},{&quot;start&quot;:&quot;20260917 14:00&quot;,&quot;end&quot;:&quot;17:00&quot;,&quot;status&quot;:&quot;BUY&quot;,&quot;info&quot;:&quot;0 EUR zzgl. Ausstellungsticket&quot;,&quot;shop&quot;:&quot;https:\\\/\\\/tickets.humboldtforum.org\\\/#\\\/tickets\\\/time?museum_id=1&amp;exhibition_id=1&amp;group=day&amp;date=2026-09-17&quot;,&quot;i&quot;:1,&quot;start_hour&quot;:&quot;14:00&quot;,&quot;start_HRF&quot;:&quot;Do, 17. September 2026&quot;,&quot;_date&quot;:{&quot;date&quot;:&quot;2026-09-17 17:00:00.000000&quot;,&quot;timezone_type&quot;:3,&quot;timezone&quot;:&quot;Europe\\\/Berlin&quot;},&quot;_fromdate&quot;:&quot;20260917 14:00&quot;,&quot;start_TS&quot;:1789646400,&quot;start_HRFSHORT&quot;:&quot;17.09.26&quot;,&quot;start_HRFSHORT_WD&quot;:&quot;Do 17.09.2026&quot;,&quot;end_TS&quot;:1789657200,&quot;can_purchase&quot;:true},{&quot;start&quot;:&quot;20261001 11:00&quot;,&quot;end&quot;:&quot;14:00&quot;,&quot;status&quot;:&quot;BUY&quot;,&quot;info&quot;:&quot;0 EUR zzgl. Ausstellungsticket&quot;,&quot;shop&quot;:&quot;https:\\\/\\\/tickets.humboldtforum.org\\\/#\\\/tickets\\\/time?museum_id=1&amp;exhibition_id=1&amp;group=day&amp;date=2026-10-01&quot;,&quot;i&quot;:2,&quot;start_hour&quot;:&quot;11:00&quot;,&quot;start_HRF&quot;:&quot;Do,  1. Oktober 2026&quot;,&quot;_date&quot;:{&quot;date&quot;:&quot;2026-10-01 14:00:00.000000&quot;,&quot;timezone_type&quot;:3,&quot;timezone&quot;:&quot;Europe\\\/Berlin&quot;},&quot;_fromdate&quot;:&quot;20261001 11:00&quot;,&quot;start_TS&quot;:1790845200,&quot;start_HRFSHORT&quot;:&quot;01.10.26&quot;,&quot;start_HRFSHORT_WD&quot;:&quot;Do 01.10.2026&quot;,&quot;end_TS&quot;:1790856000,&quot;can_purchase&quot;:true},{&quot;start&quot;:&quot;20261015 14:00&quot;,&quot;end&quot;:&quot;17:00&quot;,&quot;status&quot;:&quot;BUY&quot;,&quot;info&quot;:&quot;0 EUR zzgl. Ausstellungsticket&quot;,&quot;shop&quot;:&quot;https:\\\/\\\/tickets.humboldtforum.org\\\/#\\\/tickets\\\/time?museum_id=1&amp;exhibition_id=1&amp;group=day&amp;date=2026-10-15&quot;,&quot;i&quot;:3,&quot;start_hour&quot;:&quot;14:00&quot;,&quot;start_HRF&quot;:&quot;Do, 15. Oktober 2026&quot;,&quot;_date&quot;:{&quot;date&quot;:&quot;2026-10-15 17:00:00.000000&quot;,&quot;timezone_type&quot;:3,&quot;timezone&quot;:&quot;Europe\\\/Berlin&quot;},&quot;_fromdate&quot;:&quot;20261015 14:00&quot;,&quot;start_TS&quot;:1792065600,&quot;start_HRFSHORT&quot;:&quot;15.10.26&quot;,&quot;start_HRFSHORT_WD&quot;:&quot;Do 15.10.2026&quot;,&quot;end_TS&quot;:1792076400,&quot;can_purchase&quot;:true}],&quot;planning&quot;:{&quot;price&quot;:&quot;0 EUR zzgl. Ausstellungsticket&quot;,&quot;admission&quot;:&quot;&quot;,&quot;pause&quot;:&quot;&quot;,&quot;duration&quot;:&quot;&quot;},&quot;subline&quot;:&quot;Mit dem Baby ins Museum&quot;,&quot;marketing_text&quot;:&quot;Mit dem Baby ins Museum&quot;,&quot;infotext&quot;:&quot;jeden ersten Donnerstag im Monat, 11\\u201314 Uhr, jeden dritten Donnerstag im Monat, 14\\u201317 Uhr&quot;,&quot;additional_info&quot;:{&quot;icon&quot;:&quot;icon-pin&quot;,&quot;text&quot;:&quot;Treffpunkt: Lounge bei BERLIN GLOBAL, direkt neben dem WELTSTUDIO. Fragen Sie am Ausstellungseingang von BERLIN GLOBAL gerne bei unseren Connector*innen nach dem direkten Weg durch das WELTSTUDIO zur Lounge.&quot;},&quot;highlight_header&quot;:false,&quot;featured_images&quot;:[30346],&quot;use_video_in_teasers&quot;:false,&quot;hyphenation&quot;:true,&quot;tipp&quot;:true,&quot;joker&quot;:false,&quot;live&quot;:false,&quot;hide_event_in_program&quot;:false,&quot;gomus_id&quot;:&quot;&quot;,&quot;hm_id&quot;:&quot;&quot;},&quot;date&quot;:{&quot;NX&quot;:&quot;20260903&quot;,&quot;NXX&quot;:&quot;202609031100&quot;,&quot;NLAST&quot;:&quot;202610151000&quot;,&quot;from_DATE&quot;:&quot;20260903 11:00&quot;,&quot;from&quot;:1788418800,&quot;to&quot;:1792058400,&quot;to_DATE&quot;:&quot;20261015 14:00&quot;,&quot;from_HRFSHORT&quot;:&quot; 3. Sep 2026&quot;,&quot;from_HRFSHORT_WD&quot;:&quot;Do 03.09.2026&quot;,&quot;to_HRFSHORT&quot;:&quot;15. Okt 2026&quot;,&quot;to_HRFSHORT_WD&quot;:&quot;Do 15.10.2026&quot;,&quot;from_HRF&quot;:&quot;Do,  3. September 2026&quot;,&quot;to_HRF&quot;:&quot;Do, 15. Oktober 2026&quot;,&quot;from_to_HRF&quot;:&quot;Do,  3. September \\u2013 Do, 15. Oktober 2026&quot;,&quot;from_to_HRFSHORT&quot;:&quot; 3. Sep \\u2013 15. Okt 2026&quot;},&quot;alert&quot;:&quot;Tipp&quot;,&quot;partof&quot;:[],&quot;marketing_topic&quot;:{&quot;title&quot;:&quot;BERLIN GLOBAL&quot;,&quot;ID&quot;:14140,&quot;reason&quot;:&quot;belongsto&quot;}}' inline-template>\n\t<a href=\"https:\/\/www.humboldtforum.org\/de\/programm\/termin\/drop-in\/elternzeitkultur-29736\/\" class=\"teaser teaser-event teaser-event-standard\">\n\t\t<div class=\"row\">\n\t\t\t<div class=\"col-xs-12 teaser-event-image\">\n\t\t\t\t<div class=\"teaser-image teaser-image-no-alternate\">\n\t\t\t\t\t\t\t\t\t\t\t\t\t<span class=\"alert\">Tipp<\/span>\n\t\t\t\t\t\t\t\t\t\t\t\n\t<lazy-media-inline inline-template>\n\t\t<figure itemscope itemtype=\"http:\/\/schema.org\/ImageObject\" class=\"lazy-media-inline \" role=\"group\" id=\"media_6a950023f1c6e\" aria-labelledby=\"desc_media_6a950023f1c6e\">\n\t\t\t<script type=\"application\/json\" ref=\"data\">\n\t\t\t\t{\n\t\t\t\t\"sizes\" : {\"medium\":{\"file\":\"SHF_eb00115717-300x225.jpg\",\"width\":300,\"height\":225,\"mime-type\":\"image\\\/jpeg\"},\"thumbnail\":{\"file\":\"SHF_eb00115717-150x150.jpg\",\"width\":150,\"height\":150,\"mime-type\":\"image\\\/jpeg\"},\"small\":{\"file\":\"SHF_eb00115717-440x330.jpg\",\"width\":440,\"height\":330,\"mime-type\":\"image\\\/jpeg\"},\"semi\":{\"file\":\"SHF_eb00115717-580x435.jpg\",\"width\":580,\"height\":435,\"mime-type\":\"image\\\/jpeg\"},\"original\":{\"file\":\"SHF_eb00115717.jpg\",\"width\":640,\"height\":480}},\n\t\t\t\t\"alt\" : \"Eine Mutter h\\u00e4lt ein Baby und schaut sich bunte, durchsichtige Platten in einem modernen Raum an.\",\n\t\t\t\t\"path\" : \"\\\/wp-content\\\/uploads\\\/2021\\\/08\\\/\",\n\t\t\t\t\"video\" : null,\n\t\t\t\t\"autoplay\" : null,\n\t\t\t\t\"youtube\" : null,\n\t\t\t\t\"youtubelabel\" : \"Video abspielen\",\n\t\t\t\t\"brightness\" : 100,\n\t\t\t\t\"crop\" : {\"top\":\"66.99\",\"left\":\"34.54\"},\n\t\t\t\t\"background\" : true,\n\t\t\t\t\"scale\" : 2\t\t\t\t}\n\t\t\t<\/script>\n\n\t\t\t<div class=\"height-container\" style=\"padding-bottom:75%;\" v-if=\"sizes\">\n\t\t\t\t\t\t\t\t<lazy-media :inline=\"true\" :alt=\"alt\" :sizes=\"sizes\" :scale=\"scale\" :brightness=\"brightness\" :path=\"path\" :video=\"video\" :autoplay=\"autoplay\" :youtube=\"youtube\" :crop=\"crop\" :youtubelabel=\"youtubelabel\" :background=\"background\" media-id=\"desc_media_6a950023f1c6e\"><\/lazy-media>\n\t\t\t\t\t\t\t<\/div>\n\n\t\t\t\t\t\t\t<figcaption class=\"sr-only\" ref=\"body\" id=\"desc_media_6a950023f1c6e\">\n\t\t\t\t\t\t\t\t\t\t\t<div>Elternzeit Kultur im Weltstudio<\/div>\n\t\t\t\t\t\t\t\t\t\t\t\t\t\t\t\t\t\t\t\t\t<div class=\"insignificant\">\u00a9 Stiftung Stadtmuseum Berlin, Foto: Constanze Schr\u00f6der<\/div>\n\t\t\t\t\t\t\t\t\t<\/figcaption>\n\t\t\t\t\t<\/figure>\n\t<\/lazy-media-inline>\n\t\t\t\t<\/div>\n\t\t\t<\/div>\n\t\t\t<div class=\"col-xs-12 teaser-event-text Infos\">\n\t\t\t\t<div class=\"teaser-event-standard-text\">\n\t\t\t\t\t<div class=\"margin-bottom-atom\">\n\t\t\t\t\t\t<div class=\"subline clamp-1\" v-html=\"maingenre\"><\/div>\n\t\t\t\t\t\t\t\t\t\t\t\t\t<div class=\"insignificant clamp-2\">BERLIN GLOBAL<\/div>\n\t\t\t\t\t\t\t\t\t\t\t<\/div>\n\t\t\t\t\n\t\t\t\t\t<strong class=\"margin-bottom-atom\">Elternzeit Kultur bei BERLIN GLOBAL<\/strong>\n\n\t\t\t\t\t\t\t\t\t\t\t<div class=\"\">Mit dem Baby ins Museum<\/div>\n\t\t\t\t\t\t\t\t\t<\/div>\n\t\t\t\t<div class=\"teaser-bottom border-bottom\">\n\t\t\t\t<calendardateline :rawitem='item' :show-icon=\"true\"><\/calendardateline>\n\t\t\t\t\t<hr>\n\t\t\t\t<\/div>\n\t\t\t<\/div>\n\t\t<\/div>\n\t<\/a>\n\t<\/calendarteaser>\n<\/li>\n\n<li class=\"teaser-lane-slide col-xs-9 col-sm-4 col-md-3 teaser-wrapper col-padding-remove\">\n\t<calendarteaser key=\"1344366990\" rawitem='{&quot;postId&quot;:134436,&quot;title&quot;:&quot;Sagt\\u2018 was und werdet Bestimmer&quot;,&quot;excerpt&quot;:&quot;&quot;,&quot;slug&quot;:&quot;sagt-was-und-werdet-bestimmer&quot;,&quot;post_date&quot;:&quot;2024-08-08T15:16&quot;,&quot;type&quot;:&quot;event&quot;,&quot;permalink&quot;:&quot;https:\\\/\\\/www.humboldtforum.org\\\/de\\\/programm\\\/termin\\\/lesung\\\/sagt-was-und-werdet-bestimmer-134436\\\/&quot;,&quot;genre&quot;:[1144,823],&quot;genre_details&quot;:[{&quot;text&quot;:&quot;Lesung&quot;,&quot;id&quot;:1144,&quot;icon&quot;:null,&quot;parent&quot;:0},{&quot;text&quot;:&quot;Schauspiel&quot;,&quot;id&quot;:823,&quot;icon&quot;:null,&quot;parent&quot;:0}],&quot;stakeholder&quot;:[382],&quot;stakeholder_details&quot;:[{&quot;text&quot;:&quot;Stiftung Humboldt Forum im Berliner Schloss&quot;,&quot;id&quot;:382,&quot;icon&quot;:null,&quot;parent&quot;:0}],&quot;targetgroup&quot;:[454],&quot;targetgroup_details&quot;:[{&quot;text&quot;:&quot;Kinder und Familien&quot;,&quot;id&quot;:454,&quot;icon&quot;:null,&quot;parent&quot;:0}],&quot;language&quot;:[384],&quot;language_details&quot;:[{&quot;text&quot;:&quot;Deutsch&quot;,&quot;id&quot;:384,&quot;icon&quot;:null,&quot;parent&quot;:0}],&quot;accessability&quot;:[430],&quot;accessability_details&quot;:[{&quot;text&quot;:&quot;Rollstuhlgerecht&quot;,&quot;id&quot;:430,&quot;icon&quot;:null,&quot;parent&quot;:0}],&quot;age&quot;:[443],&quot;age_details&quot;:[{&quot;text&quot;:&quot;Kinder (3-6 Jahre)&quot;,&quot;id&quot;:443,&quot;icon&quot;:null,&quot;parent&quot;:0}],&quot;place&quot;:[424],&quot;place_details&quot;:{&quot;place&quot;:&quot;Humboldt Forum&quot;,&quot;map&quot;:&quot;Humboldt Forum, Schlossplatz, Berlin&quot;,&quot;room&quot;:&quot;Saal 3, EG&quot;},&quot;icon_overwrite&quot;:&quot;&quot;,&quot;acf&quot;:{&quot;noindex&quot;:false,&quot;keywords&quot;:&quot;&quot;,&quot;hashtag&quot;:&quot;HumboldtForum&quot;,&quot;belongsto&quot;:[31647,116558],&quot;shorturl&quot;:&quot;&quot;,&quot;planning&quot;:{&quot;price&quot;:&quot;4 EUR \\\/ erm\\u00e4\\u00dfigt 2 EUR&quot;,&quot;admission&quot;:&quot;&quot;,&quot;pause&quot;:&quot;&quot;,&quot;duration&quot;:&quot;&quot;},&quot;subline&quot;:&quot;Mitbestimmung ist wichtig!&quot;,&quot;additional_info&quot;:{&quot;icon&quot;:&quot;icon-pin&quot;,&quot;text&quot;:&quot;Der Zugang zum Saal 3 ist im Schl\\u00fcterhof neben dem Skulpturensaal.&quot;},&quot;highlight_header&quot;:false,&quot;featured_images&quot;:[134432,134430,134434],&quot;use_video_in_teasers&quot;:false,&quot;hyphenation&quot;:true,&quot;tipp&quot;:false,&quot;joker&quot;:false,&quot;live&quot;:false,&quot;hide_event_in_program&quot;:false,&quot;gomus_id&quot;:&quot;&quot;,&quot;hm_id&quot;:&quot;&quot;,&quot;tickettext&quot;:&quot;Bitte buchen Sie Ihr Ticket vorab online oder an der Kasse im Foyer.&quot;,&quot;infotext&quot;:&quot;Wir bitten um Verst\\u00e4ndnis: Erwachsenen ist die Teilnahme am Programm nur in Begleitung von Kindern gestattet.&quot;,&quot;times&quot;:[{&quot;start&quot;:&quot;20260905 13:00&quot;,&quot;end&quot;:&quot;13:30&quot;,&quot;status&quot;:&quot;BUY&quot;,&quot;info&quot;:&quot;4 EUR \\\/ erm\\u00e4\\u00dfigt 2 EUR&quot;,&quot;shop&quot;:&quot;https:\\\/\\\/tickets.humboldtforum.org\\\/#\\\/product\\\/event\\\/142?date=2026-09-05&amp;date_id=29554&amp;lang=de&quot;,&quot;i&quot;:0,&quot;start_hour&quot;:&quot;13:00&quot;,&quot;start_HRF&quot;:&quot;Sa,  5. September 2026&quot;,&quot;_date&quot;:{&quot;date&quot;:&quot;2026-09-05 13:30:00.000000&quot;,&quot;timezone_type&quot;:3,&quot;timezone&quot;:&quot;Europe\\\/Berlin&quot;},&quot;_fromdate&quot;:&quot;20260905 13:00&quot;,&quot;start_TS&quot;:1788606000,&quot;start_HRFSHORT&quot;:&quot;05.09.26&quot;,&quot;start_HRFSHORT_WD&quot;:&quot;Sa 05.09.2026&quot;,&quot;end_TS&quot;:1788607800,&quot;can_purchase&quot;:true},{&quot;start&quot;:&quot;20261017 15:00&quot;,&quot;end&quot;:&quot;15:30&quot;,&quot;status&quot;:&quot;BUY&quot;,&quot;info&quot;:&quot;4 EUR \\\/ erm\\u00e4\\u00dfigt 2 EUR&quot;,&quot;shop&quot;:&quot;https:\\\/\\\/tickets.humboldtforum.org\\\/#\\\/product\\\/event\\\/142?date=2026-10-17&amp;date_id=29830&amp;lang=de&quot;,&quot;i&quot;:1,&quot;start_hour&quot;:&quot;15:00&quot;,&quot;start_HRF&quot;:&quot;Sa, 17. Oktober 2026&quot;,&quot;_date&quot;:{&quot;date&quot;:&quot;2026-10-17 15:30:00.000000&quot;,&quot;timezone_type&quot;:3,&quot;timezone&quot;:&quot;Europe\\\/Berlin&quot;},&quot;_fromdate&quot;:&quot;20261017 15:00&quot;,&quot;start_TS&quot;:1792242000,&quot;start_HRFSHORT&quot;:&quot;17.10.26&quot;,&quot;start_HRFSHORT_WD&quot;:&quot;Sa 17.10.2026&quot;,&quot;end_TS&quot;:1792243800,&quot;can_purchase&quot;:true}]},&quot;date&quot;:{&quot;NX&quot;:&quot;20260905&quot;,&quot;NXX&quot;:&quot;202609051300&quot;,&quot;NLAST&quot;:&quot;202610171100&quot;,&quot;from_DATE&quot;:&quot;20260905 13:00&quot;,&quot;from&quot;:1788598800,&quot;to&quot;:1792234800,&quot;to_DATE&quot;:&quot;20261017 15:00&quot;,&quot;from_HRFSHORT&quot;:&quot; 5. Sep 2026&quot;,&quot;from_HRFSHORT_WD&quot;:&quot;Sa 05.09.2026&quot;,&quot;to_HRFSHORT&quot;:&quot;17. Okt 2026&quot;,&quot;to_HRFSHORT_WD&quot;:&quot;Sa 17.10.2026&quot;,&quot;from_HRF&quot;:&quot;Sa,  5. September 2026&quot;,&quot;to_HRF&quot;:&quot;Sa, 17. Oktober 2026&quot;,&quot;from_to_HRF&quot;:&quot;Sa,  5. September \\u2013 Sa, 17. Oktober 2026&quot;,&quot;from_to_HRFSHORT&quot;:&quot; 5. Sep \\u2013 17. Okt 2026&quot;},&quot;alert&quot;:null,&quot;partof&quot;:[&quot;31647&quot;],&quot;marketing_topic&quot;:{&quot;title&quot;:&quot;Bilderbuchkino&quot;,&quot;ID&quot;:&quot;31647&quot;,&quot;reason&quot;:&quot;sequence&quot;}}' inline-template>\n\t<a href=\"https:\/\/www.humboldtforum.org\/de\/programm\/termin\/lesung\/sagt-was-und-werdet-bestimmer-134436\/\" class=\"teaser teaser-event teaser-event-standard\">\n\t\t<div class=\"row\">\n\t\t\t<div class=\"col-xs-12 teaser-event-image\">\n\t\t\t\t<div class=\"teaser-image teaser-image-no-alternate\">\n\t\t\t\t\t\t\t\t\t\t\t\n\t<lazy-media-inline inline-template>\n\t\t<figure itemscope itemtype=\"http:\/\/schema.org\/ImageObject\" class=\"lazy-media-inline \" role=\"group\" id=\"media_6a950023f38c0\" aria-labelledby=\"desc_media_6a950023f38c0\">\n\t\t\t<script type=\"application\/json\" ref=\"data\">\n\t\t\t\t{\n\t\t\t\t\"sizes\" : {\"medium\":{\"file\":\"SHF_eb00228641-225x300.jpg\",\"width\":225,\"height\":300,\"mime-type\":\"image\\\/jpeg\",\"filesize\":20719},\"large\":{\"file\":\"SHF_eb00228641-768x1024.jpg\",\"width\":768,\"height\":1024,\"mime-type\":\"image\\\/jpeg\",\"filesize\":145546},\"thumbnail\":{\"file\":\"SHF_eb00228641-150x150.jpg\",\"width\":150,\"height\":150,\"mime-type\":\"image\\\/jpeg\",\"filesize\":8307},\"medium_large\":{\"file\":\"SHF_eb00228641-768x1024.jpg\",\"width\":768,\"height\":1024,\"mime-type\":\"image\\\/jpeg\",\"filesize\":145546},\"small\":{\"file\":\"SHF_eb00228641-330x440.jpg\",\"width\":330,\"height\":440,\"mime-type\":\"image\\\/jpeg\",\"filesize\":38297},\"semi\":{\"file\":\"SHF_eb00228641-435x580.jpg\",\"width\":435,\"height\":580,\"mime-type\":\"image\\\/jpeg\",\"filesize\":59472},\"mobile\":{\"file\":\"SHF_eb00228641-540x720.jpg\",\"width\":540,\"height\":720,\"mime-type\":\"image\\\/jpeg\",\"filesize\":83652},\"hd\":{\"file\":\"SHF_eb00228641-960x1280.jpg\",\"width\":960,\"height\":1280,\"mime-type\":\"image\\\/jpeg\",\"filesize\":208272},\"full\":{\"file\":\"SHF_eb00228641-1440x1920.jpg\",\"width\":1440,\"height\":1920,\"mime-type\":\"image\\\/jpeg\",\"filesize\":390089},\"1536x1536\":{\"file\":\"SHF_eb00228641-1152x1536.jpg\",\"width\":1152,\"height\":1536,\"mime-type\":\"image\\\/jpeg\",\"filesize\":276470},\"2048x2048\":{\"file\":\"SHF_eb00228641-1536x2048.jpg\",\"width\":1536,\"height\":2048,\"mime-type\":\"image\\\/jpeg\",\"filesize\":430175},\"original\":{\"file\":\"SHF_eb00228641.jpg\",\"width\":1600,\"height\":2133}},\n\t\t\t\t\"alt\" : \"Buchcover: Ein Elefant und Dschungeltiere, Titel: \\\"Bestimmer sein: Wie Elvis die Demokratie erfand\\\".\",\n\t\t\t\t\"path\" : \"\\\/wp-content\\\/uploads\\\/2024\\\/08\\\/\",\n\t\t\t\t\"video\" : null,\n\t\t\t\t\"autoplay\" : null,\n\t\t\t\t\"youtube\" : null,\n\t\t\t\t\"youtubelabel\" : \"Video abspielen\",\n\t\t\t\t\"brightness\" : 100,\n\t\t\t\t\"crop\" : {\"top\":\"50.00\",\"left\":\"50.00\"},\n\t\t\t\t\"background\" : true,\n\t\t\t\t\"scale\" : 2\t\t\t\t}\n\t\t\t<\/script>\n\n\t\t\t<div class=\"height-container\" style=\"padding-bottom:133.3125%;\" v-if=\"sizes\">\n\t\t\t\t\t\t\t\t<lazy-media :inline=\"true\" :alt=\"alt\" :sizes=\"sizes\" :scale=\"scale\" :brightness=\"brightness\" :path=\"path\" :video=\"video\" :autoplay=\"autoplay\" :youtube=\"youtube\" :crop=\"crop\" :youtubelabel=\"youtubelabel\" :background=\"background\" media-id=\"desc_media_6a950023f38c0\"><\/lazy-media>\n\t\t\t\t\t\t\t<\/div>\n\n\t\t\t\t\t\t\t<figcaption class=\"sr-only\" ref=\"body\" id=\"desc_media_6a950023f38c0\">\n\t\t\t\t\t\t\t\t\t\t\t<div>Buchcover &quot;Bestimmer sein &ndash; Wie Elvis die Demokratie erfand&quot; von Katja Reider und Cornelia Haas<\/div>\n\t\t\t\t\t\t\t\t\t\t\t\t\t\t\t\t\t\t\t\t\t<div class=\"insignificant\">\u00a9 Hanser Literaturverlage<\/div>\n\t\t\t\t\t\t\t\t\t<\/figcaption>\n\t\t\t\t\t<\/figure>\n\t<\/lazy-media-inline>\n\t\t\t\t<\/div>\n\t\t\t<\/div>\n\t\t\t<div class=\"col-xs-12 teaser-event-text Infos\">\n\t\t\t\t<div class=\"teaser-event-standard-text\">\n\t\t\t\t\t<div class=\"margin-bottom-atom\">\n\t\t\t\t\t\t<div class=\"subline clamp-1\" v-html=\"maingenre\"><\/div>\n\t\t\t\t\t\t\t\t\t\t\t\t\t<div class=\"insignificant clamp-2\">Bilderbuchkino<\/div>\n\t\t\t\t\t\t\t\t\t\t\t<\/div>\n\t\t\t\t\n\t\t\t\t\t<strong class=\"margin-bottom-atom\">Sagt\u2018 was und werdet Bestimmer<\/strong>\n\n\t\t\t\t\t\t\t\t\t\t\t<div class=\"\">Mitbestimmung ist wichtig!<\/div>\n\t\t\t\t\t\t\t\t\t<\/div>\n\t\t\t\t<div class=\"teaser-bottom border-bottom\">\n\t\t\t\t<calendardateline :rawitem='item' :show-icon=\"true\"><\/calendardateline>\n\t\t\t\t\t<hr>\n\t\t\t\t<\/div>\n\t\t\t<\/div>\n\t\t<\/div>\n\t<\/a>\n\t<\/calendarteaser>\n<\/li>\n\n<li class=\"teaser-lane-slide col-xs-9 col-sm-4 col-md-3 teaser-wrapper col-padding-remove\">\n\t<calendarteaser key=\"3663210540\" rawitem='{&quot;postId&quot;:36632,&quot;title&quot;:&quot;Bunte Pal\\u00e4ste&quot;,&quot;excerpt&quot;:&quot;&quot;,&quot;slug&quot;:&quot;bunte-palaeste&quot;,&quot;post_date&quot;:&quot;2022-01-14T12:33&quot;,&quot;type&quot;:&quot;event&quot;,&quot;permalink&quot;:&quot;https:\\\/\\\/www.humboldtforum.org\\\/de\\\/programm\\\/termin\\\/drop-in\\\/bunte-palaeste-36632\\\/&quot;,&quot;genre&quot;:[839],&quot;genre_details&quot;:[{&quot;text&quot;:&quot;Drop-In&quot;,&quot;id&quot;:839,&quot;icon&quot;:null,&quot;parent&quot;:0}],&quot;topic&quot;:[431],&quot;topic_details&quot;:[{&quot;text&quot;:&quot;Geschichte und Architektur des Ortes&quot;,&quot;id&quot;:431,&quot;icon&quot;:null,&quot;parent&quot;:0}],&quot;stakeholder&quot;:[382],&quot;stakeholder_details&quot;:[{&quot;text&quot;:&quot;Stiftung Humboldt Forum im Berliner Schloss&quot;,&quot;id&quot;:382,&quot;icon&quot;:null,&quot;parent&quot;:0}],&quot;targetgroup&quot;:[454],&quot;targetgroup_details&quot;:[{&quot;text&quot;:&quot;Kinder und Familien&quot;,&quot;id&quot;:454,&quot;icon&quot;:null,&quot;parent&quot;:0}],&quot;language&quot;:[384,385],&quot;language_details&quot;:[{&quot;text&quot;:&quot;Deutsch&quot;,&quot;id&quot;:384,&quot;icon&quot;:null,&quot;parent&quot;:0},{&quot;text&quot;:&quot;Englisch&quot;,&quot;id&quot;:385,&quot;icon&quot;:null,&quot;parent&quot;:0}],&quot;place&quot;:[1677,1034],&quot;place_details&quot;:{&quot;place&quot;:&quot;Werkraum 2, 1. OG&quot;,&quot;map&quot;:&quot;Humboldt Forum, Schlossplatz, Berlin&quot;,&quot;room&quot;:&quot;Werkr\\u00e4ume, 1. OG&quot;},&quot;icon_overwrite&quot;:&quot;&quot;,&quot;acf&quot;:{&quot;noindex&quot;:false,&quot;keywords&quot;:&quot;&quot;,&quot;hashtag&quot;:&quot;HumboldtForum&quot;,&quot;shorturl&quot;:&quot;&quot;,&quot;times&quot;:[{&quot;start&quot;:&quot;20260905 14:00&quot;,&quot;end&quot;:&quot;17:00&quot;,&quot;status&quot;:&quot;JOIN&quot;,&quot;info&quot;:&quot;kostenfrei&quot;,&quot;shop&quot;:&quot;&quot;,&quot;i&quot;:0,&quot;start_hour&quot;:&quot;14:00&quot;,&quot;start_HRF&quot;:&quot;Sa,  5. September 2026&quot;,&quot;_date&quot;:{&quot;date&quot;:&quot;2026-09-05 17:00:00.000000&quot;,&quot;timezone_type&quot;:3,&quot;timezone&quot;:&quot;Europe\\\/Berlin&quot;},&quot;_fromdate&quot;:&quot;20260905 14:00&quot;,&quot;start_TS&quot;:1788609600,&quot;start_HRFSHORT&quot;:&quot;05.09.26&quot;,&quot;start_HRFSHORT_WD&quot;:&quot;Sa 05.09.2026&quot;,&quot;end_TS&quot;:1788620400,&quot;can_purchase&quot;:false},{&quot;start&quot;:&quot;20261003 14:00&quot;,&quot;end&quot;:&quot;17:00&quot;,&quot;status&quot;:&quot;JOIN&quot;,&quot;info&quot;:&quot;kostenfrei&quot;,&quot;shop&quot;:&quot;&quot;,&quot;i&quot;:1,&quot;start_hour&quot;:&quot;14:00&quot;,&quot;start_HRF&quot;:&quot;Sa,  3. Oktober 2026&quot;,&quot;_date&quot;:{&quot;date&quot;:&quot;2026-10-03 17:00:00.000000&quot;,&quot;timezone_type&quot;:3,&quot;timezone&quot;:&quot;Europe\\\/Berlin&quot;},&quot;_fromdate&quot;:&quot;20261003 14:00&quot;,&quot;start_TS&quot;:1791028800,&quot;start_HRFSHORT&quot;:&quot;03.10.26&quot;,&quot;start_HRFSHORT_WD&quot;:&quot;Sa 03.10.2026&quot;,&quot;end_TS&quot;:1791039600,&quot;can_purchase&quot;:false},{&quot;start&quot;:&quot;20261031 14:00&quot;,&quot;end&quot;:&quot;17:00&quot;,&quot;status&quot;:&quot;JOIN&quot;,&quot;info&quot;:&quot;kostenfrei&quot;,&quot;shop&quot;:&quot;&quot;,&quot;i&quot;:2,&quot;start_hour&quot;:&quot;14:00&quot;,&quot;start_HRF&quot;:&quot;Sa, 31. Oktober 2026&quot;,&quot;_date&quot;:{&quot;date&quot;:&quot;2026-10-31 17:00:00.000000&quot;,&quot;timezone_type&quot;:3,&quot;timezone&quot;:&quot;Europe\\\/Berlin&quot;},&quot;_fromdate&quot;:&quot;20261031 14:00&quot;,&quot;start_TS&quot;:1793451600,&quot;start_HRFSHORT&quot;:&quot;31.10.26&quot;,&quot;start_HRFSHORT_WD&quot;:&quot;Sa 31.10.2026&quot;,&quot;end_TS&quot;:1793462400,&quot;can_purchase&quot;:false}],&quot;planning&quot;:{&quot;price&quot;:&quot;kostenfrei&quot;,&quot;admission&quot;:&quot;&quot;,&quot;pause&quot;:&quot;&quot;,&quot;duration&quot;:&quot;&quot;},&quot;marketing_text&quot;:&quot;Drop-In f\\u00fcr Kinder &amp; Familien&quot;,&quot;additional_info&quot;:{&quot;icon&quot;:&quot;icon-alterfreigabe&quot;,&quot;text&quot;:&quot;3 bis 103 Jahre&quot;},&quot;highlight_header&quot;:false,&quot;featured_images&quot;:[133039],&quot;use_video_in_teasers&quot;:false,&quot;hyphenation&quot;:false,&quot;tipp&quot;:false,&quot;joker&quot;:false,&quot;live&quot;:false,&quot;hide_event_in_program&quot;:false,&quot;belongsto&quot;:false,&quot;tickettext&quot;:&quot;Eine Ticketbuchung vorab ist nicht notwendig. Kommen Sie gerne direkt in die Werkr\\u00e4ume im 1. OG.&quot;,&quot;gomus_id&quot;:&quot;&quot;,&quot;hm_id&quot;:&quot;&quot;},&quot;date&quot;:{&quot;NX&quot;:&quot;20260905&quot;,&quot;NXX&quot;:&quot;202609051400&quot;,&quot;NLAST&quot;:&quot;202610311100&quot;,&quot;from_DATE&quot;:&quot;20260905 14:00&quot;,&quot;from&quot;:1788602400,&quot;to&quot;:1793444400,&quot;to_DATE&quot;:&quot;20261031 14:00&quot;,&quot;from_HRFSHORT&quot;:&quot; 5. Sep 2026&quot;,&quot;from_HRFSHORT_WD&quot;:&quot;Sa 05.09.2026&quot;,&quot;to_HRFSHORT&quot;:&quot;31. Okt 2026&quot;,&quot;to_HRFSHORT_WD&quot;:&quot;Sa 31.10.2026&quot;,&quot;from_HRF&quot;:&quot;Sa,  5. September 2026&quot;,&quot;to_HRF&quot;:&quot;Sa, 31. Oktober 2026&quot;,&quot;from_to_HRF&quot;:&quot;Sa,  5. September \\u2013 Sa, 31. Oktober 2026&quot;,&quot;from_to_HRFSHORT&quot;:&quot; 5. Sep \\u2013 31. Okt 2026&quot;},&quot;alert&quot;:null,&quot;partof&quot;:[],&quot;marketing_topic&quot;:{&quot;title&quot;:&quot;Geschichte und Architektur des Ortes&quot;,&quot;0&quot;:&quot;topic&quot;}}' inline-template>\n\t<a href=\"https:\/\/www.humboldtforum.org\/de\/programm\/termin\/drop-in\/bunte-palaeste-36632\/\" class=\"teaser teaser-event teaser-event-standard\">\n\t\t<div class=\"row\">\n\t\t\t<div class=\"col-xs-12 teaser-event-image\">\n\t\t\t\t<div class=\"teaser-image teaser-image-no-alternate\">\n\t\t\t\t\t\t\t\t\t\t\t\n\t<lazy-media-inline inline-template>\n\t\t<figure itemscope itemtype=\"http:\/\/schema.org\/ImageObject\" class=\"lazy-media-inline \" role=\"group\" id=\"media_6a95002401512\" aria-labelledby=\"desc_media_6a95002401512\">\n\t\t\t<script type=\"application\/json\" ref=\"data\">\n\t\t\t\t{\n\t\t\t\t\"sizes\" : {\"medium\":{\"file\":\"SHF_eb00226162-300x200.jpg\",\"width\":300,\"height\":200,\"mime-type\":\"image\\\/jpeg\",\"filesize\":14332},\"large\":{\"file\":\"SHF_eb00226162-1024x683.jpg\",\"width\":1024,\"height\":683,\"mime-type\":\"image\\\/jpeg\",\"filesize\":91792},\"thumbnail\":{\"file\":\"SHF_eb00226162-150x150.jpg\",\"width\":150,\"height\":150,\"mime-type\":\"image\\\/jpeg\",\"filesize\":6909},\"medium_large\":{\"file\":\"SHF_eb00226162-768x512.jpg\",\"width\":768,\"height\":512,\"mime-type\":\"image\\\/jpeg\",\"filesize\":58542},\"small\":{\"file\":\"SHF_eb00226162-440x293.jpg\",\"width\":440,\"height\":293,\"mime-type\":\"image\\\/jpeg\",\"filesize\":25360},\"semi\":{\"file\":\"SHF_eb00226162-580x387.jpg\",\"width\":580,\"height\":387,\"mime-type\":\"image\\\/jpeg\",\"filesize\":38692},\"mobile\":{\"file\":\"SHF_eb00226162-720x480.jpg\",\"width\":720,\"height\":480,\"mime-type\":\"image\\\/jpeg\",\"filesize\":53106},\"hd\":{\"file\":\"SHF_eb00226162-1280x854.jpg\",\"width\":1280,\"height\":854,\"mime-type\":\"image\\\/jpeg\",\"filesize\":129161},\"full\":{\"file\":\"SHF_eb00226162-1920x1280.jpg\",\"width\":1920,\"height\":1280,\"mime-type\":\"image\\\/jpeg\",\"filesize\":241805},\"1536x1536\":{\"file\":\"SHF_eb00226162-1536x1024.jpg\",\"width\":1536,\"height\":1024,\"mime-type\":\"image\\\/jpeg\",\"filesize\":170441},\"2048x2048\":{\"file\":\"SHF_eb00226162-2048x1366.jpg\",\"width\":2048,\"height\":1366,\"mime-type\":\"image\\\/jpeg\",\"filesize\":268373},\"original\":{\"file\":\"SHF_eb00226162.jpg\",\"width\":2500,\"height\":1667}},\n\t\t\t\t\"alt\" : \"Ein Kind konstruiert in einem kreativen Workshop ein Modell aus Pappe und Bastelmaterialien.\",\n\t\t\t\t\"path\" : \"\\\/wp-content\\\/uploads\\\/2022\\\/01\\\/\",\n\t\t\t\t\"video\" : null,\n\t\t\t\t\"autoplay\" : null,\n\t\t\t\t\"youtube\" : null,\n\t\t\t\t\"youtubelabel\" : \"Video abspielen\",\n\t\t\t\t\"brightness\" : 100,\n\t\t\t\t\"crop\" : null,\n\t\t\t\t\"background\" : true,\n\t\t\t\t\"scale\" : 2\t\t\t\t}\n\t\t\t<\/script>\n\n\t\t\t<div class=\"height-container\" style=\"padding-bottom:66.68%;\" v-if=\"sizes\">\n\t\t\t\t\t\t\t\t<lazy-media :inline=\"true\" :alt=\"alt\" :sizes=\"sizes\" :scale=\"scale\" :brightness=\"brightness\" :path=\"path\" :video=\"video\" :autoplay=\"autoplay\" :youtube=\"youtube\" :crop=\"crop\" :youtubelabel=\"youtubelabel\" :background=\"background\" media-id=\"desc_media_6a95002401512\"><\/lazy-media>\n\t\t\t\t\t\t\t<\/div>\n\n\t\t\t\t\t\t\t<figcaption class=\"sr-only\" ref=\"body\" id=\"desc_media_6a95002401512\">\n\t\t\t\t\t\t\t\t\t\t\t<div>Thementag &bdquo;Ohne Ende Palast&ldquo;<\/div>\n\t\t\t\t\t\t\t\t\t\t\t\t\t\t\t\t\t\t\t\t\t<div class=\"insignificant\">\u00a9 Stiftung Humboldt Forum im Berliner Schloss, Foto: Stefanie Loos<\/div>\n\t\t\t\t\t\t\t\t\t<\/figcaption>\n\t\t\t\t\t<\/figure>\n\t<\/lazy-media-inline>\n\t\t\t\t<\/div>\n\t\t\t<\/div>\n\t\t\t<div class=\"col-xs-12 teaser-event-text Infos\">\n\t\t\t\t<div class=\"teaser-event-standard-text\">\n\t\t\t\t\t<div class=\"margin-bottom-atom\">\n\t\t\t\t\t\t<div class=\"subline clamp-1\" v-html=\"maingenre\"><\/div>\n\t\t\t\t\t\t\t\t\t\t\t\t\t<div class=\"insignificant clamp-2\">Geschichte und Architektur des Ortes<\/div>\n\t\t\t\t\t\t\t\t\t\t\t<\/div>\n\t\t\t\t\n\t\t\t\t\t<strong class=\"margin-bottom-atom\">Bunte Pal\u00e4ste<\/strong>\n\n\t\t\t\t\t\t\t\t\t\t\t<div class=\"\">Drop-In f\u00fcr Kinder &#038; Familien<\/div>\n\t\t\t\t\t\t\t\t\t<\/div>\n\t\t\t\t<div class=\"teaser-bottom border-bottom\">\n\t\t\t\t<calendardateline :rawitem='item' :show-icon=\"true\"><\/calendardateline>\n\t\t\t\t\t<hr>\n\t\t\t\t<\/div>\n\t\t\t<\/div>\n\t\t<\/div>\n\t<\/a>\n\t<\/calendarteaser>\n<\/li>\n\n<li class=\"teaser-lane-slide col-xs-9 col-sm-4 col-md-3 teaser-wrapper col-padding-remove\">\n\t<calendarteaser key=\"13444314461\" rawitem='{&quot;postId&quot;:134443,&quot;title&quot;:&quot;Disco-Sohn und Demo-Was?&quot;,&quot;excerpt&quot;:&quot;&quot;,&quot;slug&quot;:&quot;disco-sohn-und-demo-was&quot;,&quot;post_date&quot;:&quot;2024-08-08T15:13&quot;,&quot;type&quot;:&quot;event&quot;,&quot;permalink&quot;:&quot;https:\\\/\\\/www.humboldtforum.org\\\/de\\\/programm\\\/termin\\\/lesung\\\/disco-sohn-und-demo-was-134443\\\/&quot;,&quot;genre&quot;:[1144,823],&quot;genre_details&quot;:[{&quot;text&quot;:&quot;Lesung&quot;,&quot;id&quot;:1144,&quot;icon&quot;:null,&quot;parent&quot;:0},{&quot;text&quot;:&quot;Schauspiel&quot;,&quot;id&quot;:823,&quot;icon&quot;:null,&quot;parent&quot;:0}],&quot;stakeholder&quot;:[382],&quot;stakeholder_details&quot;:[{&quot;text&quot;:&quot;Stiftung Humboldt Forum im Berliner Schloss&quot;,&quot;id&quot;:382,&quot;icon&quot;:null,&quot;parent&quot;:0}],&quot;targetgroup&quot;:[454],&quot;targetgroup_details&quot;:[{&quot;text&quot;:&quot;Kinder und Familien&quot;,&quot;id&quot;:454,&quot;icon&quot;:null,&quot;parent&quot;:0}],&quot;language&quot;:[384],&quot;language_details&quot;:[{&quot;text&quot;:&quot;Deutsch&quot;,&quot;id&quot;:384,&quot;icon&quot;:null,&quot;parent&quot;:0}],&quot;accessability&quot;:[430],&quot;accessability_details&quot;:[{&quot;text&quot;:&quot;Rollstuhlgerecht&quot;,&quot;id&quot;:430,&quot;icon&quot;:null,&quot;parent&quot;:0}],&quot;age&quot;:[443],&quot;age_details&quot;:[{&quot;text&quot;:&quot;Kinder (3-6 Jahre)&quot;,&quot;id&quot;:443,&quot;icon&quot;:null,&quot;parent&quot;:0}],&quot;place&quot;:[424],&quot;place_details&quot;:{&quot;place&quot;:&quot;Humboldt Forum&quot;,&quot;map&quot;:&quot;Humboldt Forum, Schlossplatz, Berlin&quot;,&quot;room&quot;:&quot;Saal 3, EG&quot;},&quot;icon_overwrite&quot;:&quot;&quot;,&quot;acf&quot;:{&quot;noindex&quot;:false,&quot;keywords&quot;:&quot;&quot;,&quot;hashtag&quot;:&quot;HumboldtForum&quot;,&quot;belongsto&quot;:[31647,116558],&quot;shorturl&quot;:&quot;&quot;,&quot;planning&quot;:{&quot;price&quot;:&quot;4 EUR \\\/ erm\\u00e4\\u00dfigt 2 EUR&quot;,&quot;admission&quot;:&quot;&quot;,&quot;pause&quot;:&quot;&quot;,&quot;duration&quot;:&quot;30&quot;},&quot;subline&quot;:&quot;Wie geht das mit der Demokratie?&quot;,&quot;additional_info&quot;:{&quot;icon&quot;:&quot;icon-pin&quot;,&quot;text&quot;:&quot;Der Zugang zum Saal 3 ist im Schl\\u00fcterhof neben dem Skulpturensaal.&quot;},&quot;highlight_header&quot;:false,&quot;featured_images&quot;:[134439,134441],&quot;use_video_in_teasers&quot;:false,&quot;hyphenation&quot;:true,&quot;tipp&quot;:false,&quot;joker&quot;:false,&quot;live&quot;:false,&quot;hide_event_in_program&quot;:false,&quot;gomus_id&quot;:&quot;&quot;,&quot;tickettext&quot;:&quot;Bite buchen Sie Ihr Ticket vorab online oder an der Kasse im Foyer.&quot;,&quot;infotext&quot;:&quot;Wir bitten um Verst\\u00e4ndnis: Erwachsenen ist die Teilnahme am Programm nur in Begleitung von Kindern gestattet.&quot;,&quot;hm_id&quot;:&quot;&quot;,&quot;times&quot;:[{&quot;start&quot;:&quot;20260905 14:00&quot;,&quot;end&quot;:&quot;14:30&quot;,&quot;status&quot;:&quot;BUY&quot;,&quot;info&quot;:&quot;4 EUR \\\/ erm\\u00e4\\u00dfigt 2 EUR&quot;,&quot;shop&quot;:&quot;https:\\\/\\\/tickets.humboldtforum.org\\\/#\\\/product\\\/event\\\/142?date=2026-09-05&amp;date_id=29555&amp;lang=de&quot;,&quot;i&quot;:1,&quot;start_hour&quot;:&quot;14:00&quot;,&quot;start_HRF&quot;:&quot;Sa,  5. September 2026&quot;,&quot;_date&quot;:{&quot;date&quot;:&quot;2026-09-05 14:30:00.000000&quot;,&quot;timezone_type&quot;:3,&quot;timezone&quot;:&quot;Europe\\\/Berlin&quot;},&quot;_fromdate&quot;:&quot;20260905 14:00&quot;,&quot;start_TS&quot;:1788609600,&quot;start_HRFSHORT&quot;:&quot;05.09.26&quot;,&quot;start_HRFSHORT_WD&quot;:&quot;Sa 05.09.2026&quot;,&quot;end_TS&quot;:1788611400,&quot;can_purchase&quot;:true}]},&quot;date&quot;:{&quot;NX&quot;:&quot;20260905&quot;,&quot;NXX&quot;:&quot;202609051400&quot;,&quot;NLAST&quot;:&quot;202609051000&quot;,&quot;from_DATE&quot;:&quot;20260404 14:00&quot;,&quot;from&quot;:1775296800,&quot;to&quot;:1788602400,&quot;to_DATE&quot;:&quot;20260905 14:00&quot;,&quot;from_HRFSHORT&quot;:&quot; 4. Apr 2026&quot;,&quot;from_HRFSHORT_WD&quot;:&quot;Sa 04.04.2026&quot;,&quot;to_HRFSHORT&quot;:&quot; 5. Sep 2026&quot;,&quot;to_HRFSHORT_WD&quot;:&quot;Sa 05.09.2026&quot;,&quot;from_HRF&quot;:&quot;Sa,  4. April 2026&quot;,&quot;to_HRF&quot;:&quot;Sa,  5. September 2026&quot;,&quot;from_to_HRF&quot;:&quot;Sa,  4. April \\u2013 Sa,  5. September 2026&quot;,&quot;from_to_HRFSHORT&quot;:&quot; 4. Apr \\u2013  5. Sep 2026&quot;},&quot;alert&quot;:null,&quot;partof&quot;:[&quot;31647&quot;],&quot;marketing_topic&quot;:{&quot;title&quot;:&quot;Bilderbuchkino&quot;,&quot;ID&quot;:&quot;31647&quot;,&quot;reason&quot;:&quot;sequence&quot;}}' inline-template>\n\t<a href=\"https:\/\/www.humboldtforum.org\/de\/programm\/termin\/lesung\/disco-sohn-und-demo-was-134443\/\" class=\"teaser teaser-event teaser-event-standard\">\n\t\t<div class=\"row\">\n\t\t\t<div class=\"col-xs-12 teaser-event-image\">\n\t\t\t\t<div class=\"teaser-image teaser-image-no-alternate\">\n\t\t\t\t\t\t\t\t\t\t\t\n\t<lazy-media-inline inline-template>\n\t\t<figure itemscope itemtype=\"http:\/\/schema.org\/ImageObject\" class=\"lazy-media-inline \" role=\"group\" id=\"media_6a95002402dfe\" aria-labelledby=\"desc_media_6a95002402dfe\">\n\t\t\t<script type=\"application\/json\" ref=\"data\">\n\t\t\t\t{\n\t\t\t\t\"sizes\" : {\"medium\":{\"file\":\"SHF_eb00228644-235x300.jpg\",\"width\":235,\"height\":300,\"mime-type\":\"image\\\/jpeg\",\"filesize\":17666},\"large\":{\"file\":\"SHF_eb00228644-804x1024.jpg\",\"width\":804,\"height\":1024,\"mime-type\":\"image\\\/jpeg\",\"filesize\":117912},\"thumbnail\":{\"file\":\"SHF_eb00228644-150x150.jpg\",\"width\":150,\"height\":150,\"mime-type\":\"image\\\/jpeg\",\"filesize\":6694},\"medium_large\":{\"file\":\"SHF_eb00228644-768x978.jpg\",\"width\":768,\"height\":978,\"mime-type\":\"image\\\/jpeg\",\"filesize\":110471},\"small\":{\"file\":\"SHF_eb00228644-345x440.jpg\",\"width\":345,\"height\":440,\"mime-type\":\"image\\\/jpeg\",\"filesize\":31536},\"semi\":{\"file\":\"SHF_eb00228644-455x580.jpg\",\"width\":455,\"height\":580,\"mime-type\":\"image\\\/jpeg\",\"filesize\":49196},\"mobile\":{\"file\":\"SHF_eb00228644-565x720.jpg\",\"width\":565,\"height\":720,\"mime-type\":\"image\\\/jpeg\",\"filesize\":68467},\"original\":{\"file\":\"SHF_eb00228644.jpg\",\"width\":945,\"height\":1204}},\n\t\t\t\t\"alt\" : \"Ein fr\\u00f6hlicher L\\u00f6we h\\u00e4lt ein Schild mit \\\"Ich bin f\\u00fcr mich\\\" in einer bunten Landschaft.\",\n\t\t\t\t\"path\" : \"\\\/wp-content\\\/uploads\\\/2024\\\/08\\\/\",\n\t\t\t\t\"video\" : null,\n\t\t\t\t\"autoplay\" : null,\n\t\t\t\t\"youtube\" : null,\n\t\t\t\t\"youtubelabel\" : \"Video abspielen\",\n\t\t\t\t\"brightness\" : 100,\n\t\t\t\t\"crop\" : {\"top\":\"25.21\",\"left\":\"61.96\"},\n\t\t\t\t\"background\" : true,\n\t\t\t\t\"scale\" : 2\t\t\t\t}\n\t\t\t<\/script>\n\n\t\t\t<div class=\"height-container\" style=\"padding-bottom:127.40740740741%;\" v-if=\"sizes\">\n\t\t\t\t\t\t\t\t<lazy-media :inline=\"true\" :alt=\"alt\" :sizes=\"sizes\" :scale=\"scale\" :brightness=\"brightness\" :path=\"path\" :video=\"video\" :autoplay=\"autoplay\" :youtube=\"youtube\" :crop=\"crop\" :youtubelabel=\"youtubelabel\" :background=\"background\" media-id=\"desc_media_6a95002402dfe\"><\/lazy-media>\n\t\t\t\t\t\t\t<\/div>\n\n\t\t\t\t\t\t\t<figcaption class=\"sr-only\" ref=\"body\" id=\"desc_media_6a95002402dfe\">\n\t\t\t\t\t\t\t\t\t\t\t<div>Buchcover &bdquo;Ich bin f&uuml;r mich&ldquo; von Martin Baltscheit und Christine Schwarz<\/div>\n\t\t\t\t\t\t\t\t\t\t\t\t\t\t\t\t\t\t\t\t\t<div class=\"insignificant\">\u00a9 Verlagsgruppe Beltz<\/div>\n\t\t\t\t\t\t\t\t\t<\/figcaption>\n\t\t\t\t\t<\/figure>\n\t<\/lazy-media-inline>\n\t\t\t\t<\/div>\n\t\t\t<\/div>\n\t\t\t<div class=\"col-xs-12 teaser-event-text Infos\">\n\t\t\t\t<div class=\"teaser-event-standard-text\">\n\t\t\t\t\t<div class=\"margin-bottom-atom\">\n\t\t\t\t\t\t<div class=\"subline clamp-1\" v-html=\"maingenre\"><\/div>\n\t\t\t\t\t\t\t\t\t\t\t\t\t<div class=\"insignificant clamp-2\">Bilderbuchkino<\/div>\n\t\t\t\t\t\t\t\t\t\t\t<\/div>\n\t\t\t\t\n\t\t\t\t\t<strong class=\"margin-bottom-atom\">Disco-Sohn und Demo-Was?<\/strong>\n\n\t\t\t\t\t\t\t\t\t\t\t<div class=\"\">Wie geht das mit der Demokratie?<\/div>\n\t\t\t\t\t\t\t\t\t<\/div>\n\t\t\t\t<div class=\"teaser-bottom border-bottom\">\n\t\t\t\t<calendardateline :rawitem='item' :show-icon=\"true\"><\/calendardateline>\n\t\t\t\t\t<hr>\n\t\t\t\t<\/div>\n\t\t\t<\/div>\n\t\t<\/div>\n\t<\/a>\n\t<\/calendarteaser>\n<\/li>\n\n<li class=\"teaser-lane-slide col-xs-9 col-sm-4 col-md-3 teaser-wrapper col-padding-remove\">\n\t<calendarteaser key=\"15073010766\" rawitem='{&quot;postId&quot;:150730,&quot;title&quot;:&quot;Tanzende Generationen&quot;,&quot;excerpt&quot;:&quot;&quot;,&quot;slug&quot;:&quot;tanzende-generationen&quot;,&quot;post_date&quot;:&quot;2025-08-26T13:56&quot;,&quot;type&quot;:&quot;event&quot;,&quot;permalink&quot;:&quot;https:\\\/\\\/www.humboldtforum.org\\\/de\\\/programm\\\/termin\\\/fuehrung\\\/tanzende-generationen-150730\\\/&quot;,&quot;genre&quot;:[821],&quot;genre_details&quot;:[{&quot;text&quot;:&quot;F\\u00fchrung&quot;,&quot;id&quot;:821,&quot;icon&quot;:null,&quot;parent&quot;:0}],&quot;stakeholder&quot;:[530],&quot;stakeholder_details&quot;:[{&quot;text&quot;:&quot;Staatliche Museen zu Berlin&quot;,&quot;id&quot;:530,&quot;icon&quot;:null,&quot;parent&quot;:0}],&quot;targetgroup&quot;:[454],&quot;targetgroup_details&quot;:[{&quot;text&quot;:&quot;Kinder und Familien&quot;,&quot;id&quot;:454,&quot;icon&quot;:null,&quot;parent&quot;:0}],&quot;language&quot;:[384,385],&quot;language_details&quot;:[{&quot;text&quot;:&quot;Deutsch&quot;,&quot;id&quot;:384,&quot;icon&quot;:null,&quot;parent&quot;:0},{&quot;text&quot;:&quot;Englisch&quot;,&quot;id&quot;:385,&quot;icon&quot;:null,&quot;parent&quot;:0}],&quot;groupsize&quot;:[1049],&quot;groupsize_details&quot;:[{&quot;text&quot;:&quot;max. 25 Personen&quot;,&quot;id&quot;:1049,&quot;icon&quot;:null,&quot;parent&quot;:0}],&quot;icon_overwrite&quot;:&quot;&quot;,&quot;acf&quot;:{&quot;noindex&quot;:false,&quot;keywords&quot;:&quot;&quot;,&quot;hashtag&quot;:&quot;HumboldtForum&quot;,&quot;belongsto&quot;:[148458],&quot;shorturl&quot;:&quot;&quot;,&quot;times&quot;:[{&quot;start&quot;:&quot;20260905 15:00&quot;,&quot;end&quot;:&quot;16:00&quot;,&quot;status&quot;:&quot;BUY&quot;,&quot;info&quot;:&quot;5 EUR zzgl. Ausstellungseintritt&quot;,&quot;shop&quot;:&quot;https:\\\/\\\/tickets.humboldtforum.org\\\/#\\\/product\\\/event\\\/538?date=2026-09-05&amp;date_id=29793&amp;lang=de&quot;,&quot;i&quot;:0,&quot;start_hour&quot;:&quot;15:00&quot;,&quot;start_HRF&quot;:&quot;Sa,  5. September 2026&quot;,&quot;_date&quot;:{&quot;date&quot;:&quot;2026-09-05 16:00:00.000000&quot;,&quot;timezone_type&quot;:3,&quot;timezone&quot;:&quot;Europe\\\/Berlin&quot;},&quot;_fromdate&quot;:&quot;20260905 15:00&quot;,&quot;start_TS&quot;:1788613200,&quot;start_HRFSHORT&quot;:&quot;05.09.26&quot;,&quot;start_HRFSHORT_WD&quot;:&quot;Sa 05.09.2026&quot;,&quot;end_TS&quot;:1788616800,&quot;can_purchase&quot;:true},{&quot;start&quot;:&quot;20260919 15:00&quot;,&quot;end&quot;:&quot;16:00&quot;,&quot;status&quot;:&quot;BUY&quot;,&quot;info&quot;:&quot;5 EUR zzgl. Ausstellungseintritt&quot;,&quot;shop&quot;:&quot;https:\\\/\\\/tickets.humboldtforum.org\\\/#\\\/product\\\/event\\\/538?date=2026-09-19&amp;date_id=29794&amp;lang=de&quot;,&quot;i&quot;:1,&quot;start_hour&quot;:&quot;15:00&quot;,&quot;start_HRF&quot;:&quot;Sa, 19. September 2026&quot;,&quot;_date&quot;:{&quot;date&quot;:&quot;2026-09-19 16:00:00.000000&quot;,&quot;timezone_type&quot;:3,&quot;timezone&quot;:&quot;Europe\\\/Berlin&quot;},&quot;_fromdate&quot;:&quot;20260919 15:00&quot;,&quot;start_TS&quot;:1789822800,&quot;start_HRFSHORT&quot;:&quot;19.09.26&quot;,&quot;start_HRFSHORT_WD&quot;:&quot;Sa 19.09.2026&quot;,&quot;end_TS&quot;:1789826400,&quot;can_purchase&quot;:true},{&quot;start&quot;:&quot;20261003 15:00&quot;,&quot;end&quot;:&quot;16:00&quot;,&quot;status&quot;:&quot;BUY&quot;,&quot;info&quot;:&quot;5 EUR zzgl. Ausstellungseintritt&quot;,&quot;shop&quot;:&quot;https:\\\/\\\/tickets.humboldtforum.org\\\/#\\\/product\\\/event\\\/538?date=2026-10-03&amp;date_id=30106&amp;lang=de&quot;,&quot;i&quot;:2,&quot;start_hour&quot;:&quot;15:00&quot;,&quot;start_HRF&quot;:&quot;Sa,  3. Oktober 2026&quot;,&quot;_date&quot;:{&quot;date&quot;:&quot;2026-10-03 16:00:00.000000&quot;,&quot;timezone_type&quot;:3,&quot;timezone&quot;:&quot;Europe\\\/Berlin&quot;},&quot;_fromdate&quot;:&quot;20261003 15:00&quot;,&quot;start_TS&quot;:1791032400,&quot;start_HRFSHORT&quot;:&quot;03.10.26&quot;,&quot;start_HRFSHORT_WD&quot;:&quot;Sa 03.10.2026&quot;,&quot;end_TS&quot;:1791036000,&quot;can_purchase&quot;:true},{&quot;start&quot;:&quot;20261017 15:00&quot;,&quot;end&quot;:&quot;16:00&quot;,&quot;status&quot;:&quot;BUY&quot;,&quot;info&quot;:&quot;5 EUR zzgl. Ausstellungseintritt&quot;,&quot;shop&quot;:&quot;https:\\\/\\\/tickets.humboldtforum.org\\\/#\\\/product\\\/event\\\/538?date=2026-10-17&amp;date_id=30107&amp;lang=de&quot;,&quot;i&quot;:3,&quot;start_hour&quot;:&quot;15:00&quot;,&quot;start_HRF&quot;:&quot;Sa, 17. Oktober 2026&quot;,&quot;_date&quot;:{&quot;date&quot;:&quot;2026-10-17 16:00:00.000000&quot;,&quot;timezone_type&quot;:3,&quot;timezone&quot;:&quot;Europe\\\/Berlin&quot;},&quot;_fromdate&quot;:&quot;20261017 15:00&quot;,&quot;start_TS&quot;:1792242000,&quot;start_HRFSHORT&quot;:&quot;17.10.26&quot;,&quot;start_HRFSHORT_WD&quot;:&quot;Sa 17.10.2026&quot;,&quot;end_TS&quot;:1792245600,&quot;can_purchase&quot;:true},{&quot;start&quot;:&quot;20261031 15:00&quot;,&quot;end&quot;:&quot;16:00&quot;,&quot;status&quot;:&quot;BUY&quot;,&quot;info&quot;:&quot;5 EUR zzgl. Ausstellungseintritt&quot;,&quot;shop&quot;:&quot;https:\\\/\\\/tickets.humboldtforum.org\\\/#\\\/product\\\/event\\\/538?date=2026-10-31&amp;date_id=30108&amp;lang=de&quot;,&quot;i&quot;:4,&quot;start_hour&quot;:&quot;15:00&quot;,&quot;start_HRF&quot;:&quot;Sa, 31. Oktober 2026&quot;,&quot;_date&quot;:{&quot;date&quot;:&quot;2026-10-31 16:00:00.000000&quot;,&quot;timezone_type&quot;:3,&quot;timezone&quot;:&quot;Europe\\\/Berlin&quot;},&quot;_fromdate&quot;:&quot;20261031 15:00&quot;,&quot;start_TS&quot;:1793455200,&quot;start_HRFSHORT&quot;:&quot;31.10.26&quot;,&quot;start_HRFSHORT_WD&quot;:&quot;Sa 31.10.2026&quot;,&quot;end_TS&quot;:1793458800,&quot;can_purchase&quot;:true}],&quot;planning&quot;:{&quot;price&quot;:&quot;5 EUR zzgl. Ausstellungseintritt&quot;,&quot;admission&quot;:&quot;&quot;,&quot;pause&quot;:&quot;&quot;,&quot;duration&quot;:&quot;&quot;},&quot;subline&quot;:&quot;Macht Wind im Museum!&quot;,&quot;additional_info&quot;:{&quot;icon&quot;:&quot;0&quot;,&quot;text&quot;:&quot;&quot;},&quot;highlight_header&quot;:false,&quot;use_video_in_teasers&quot;:false,&quot;hyphenation&quot;:true,&quot;tipp&quot;:false,&quot;joker&quot;:false,&quot;live&quot;:false,&quot;hide_event_in_program&quot;:false,&quot;gomus_id&quot;:&quot;&quot;,&quot;featured_images&quot;:[150734],&quot;hm_id&quot;:&quot;&quot;,&quot;tickettext&quot;:&quot;Bitte buchen Sie Ihr Ticket vorab online oder an der Kasse im Foyer.&quot;},&quot;date&quot;:{&quot;NX&quot;:&quot;20260905&quot;,&quot;NXX&quot;:&quot;202609051500&quot;,&quot;NLAST&quot;:&quot;202610311200&quot;,&quot;from_DATE&quot;:&quot;20260905 15:00&quot;,&quot;from&quot;:1788606000,&quot;to&quot;:1793448000,&quot;to_DATE&quot;:&quot;20261031 15:00&quot;,&quot;from_HRFSHORT&quot;:&quot; 5. Sep 2026&quot;,&quot;from_HRFSHORT_WD&quot;:&quot;Sa 05.09.2026&quot;,&quot;to_HRFSHORT&quot;:&quot;31. Okt 2026&quot;,&quot;to_HRFSHORT_WD&quot;:&quot;Sa 31.10.2026&quot;,&quot;from_HRF&quot;:&quot;Sa,  5. September 2026&quot;,&quot;to_HRF&quot;:&quot;Sa, 31. Oktober 2026&quot;,&quot;from_to_HRF&quot;:&quot;Sa,  5. September \\u2013 Sa, 31. Oktober 2026&quot;,&quot;from_to_HRFSHORT&quot;:&quot; 5. Sep \\u2013 31. Okt 2026&quot;},&quot;alert&quot;:null,&quot;partof&quot;:[],&quot;marketing_topic&quot;:{&quot;title&quot;:&quot;Beziehungsweise Familie&quot;,&quot;ID&quot;:148458,&quot;reason&quot;:&quot;belongsto&quot;}}' inline-template>\n\t<a href=\"https:\/\/www.humboldtforum.org\/de\/programm\/termin\/fuehrung\/tanzende-generationen-150730\/\" class=\"teaser teaser-event teaser-event-standard\">\n\t\t<div class=\"row\">\n\t\t\t<div class=\"col-xs-12 teaser-event-image\">\n\t\t\t\t<div class=\"teaser-image teaser-image-no-alternate\">\n\t\t\t\t\t\t\t\t\t\t\t\n\t<lazy-media-inline inline-template>\n\t\t<figure itemscope itemtype=\"http:\/\/schema.org\/ImageObject\" class=\"lazy-media-inline \" role=\"group\" id=\"media_6a95002404a61\" aria-labelledby=\"desc_media_6a95002404a61\">\n\t\t\t<script type=\"application\/json\" ref=\"data\">\n\t\t\t\t{\n\t\t\t\t\"sizes\" : {\"medium\":{\"file\":\"SHF_eb00253141-300x128.jpg\",\"width\":300,\"height\":128,\"mime-type\":\"image\\\/jpeg\",\"filesize\":10626},\"large\":{\"file\":\"SHF_eb00253141-1024x437.jpg\",\"width\":1024,\"height\":437,\"mime-type\":\"image\\\/jpeg\",\"filesize\":69702},\"thumbnail\":{\"file\":\"SHF_eb00253141-150x150.jpg\",\"width\":150,\"height\":150,\"mime-type\":\"image\\\/jpeg\",\"filesize\":6848},\"medium_large\":{\"file\":\"SHF_eb00253141-768x328.jpg\",\"width\":768,\"height\":328,\"mime-type\":\"image\\\/jpeg\",\"filesize\":44029},\"small\":{\"file\":\"SHF_eb00253141-440x188.jpg\",\"width\":440,\"height\":188,\"mime-type\":\"image\\\/jpeg\",\"filesize\":19003},\"semi\":{\"file\":\"SHF_eb00253141-580x247.jpg\",\"width\":580,\"height\":247,\"mime-type\":\"image\\\/jpeg\",\"filesize\":28546},\"mobile\":{\"file\":\"SHF_eb00253141-720x307.jpg\",\"width\":720,\"height\":307,\"mime-type\":\"image\\\/jpeg\",\"filesize\":39990},\"hd\":{\"file\":\"SHF_eb00253141-1280x546.jpg\",\"width\":1280,\"height\":546,\"mime-type\":\"image\\\/jpeg\",\"filesize\":101211},\"full\":{\"file\":\"SHF_eb00253141-1920x819.jpg\",\"width\":1920,\"height\":819,\"mime-type\":\"image\\\/jpeg\",\"filesize\":201769},\"1536x1536\":{\"file\":\"SHF_eb00253141-1536x655.jpg\",\"width\":1536,\"height\":655,\"mime-type\":\"image\\\/jpeg\",\"filesize\":136482},\"2048x2048\":{\"file\":\"SHF_eb00253141-2048x873.jpg\",\"width\":2048,\"height\":873,\"mime-type\":\"image\\\/jpeg\",\"filesize\":224661},\"original\":{\"file\":\"SHF_eb00253141.jpg\",\"width\":2659,\"height\":1134}},\n\t\t\t\t\"alt\" : \"Drei verschiedene Portr\\u00e4ts: eine Geisha, eine Tanzstunde und eine \\u00e4ltere Frau in traditioneller Tracht.\",\n\t\t\t\t\"path\" : \"\\\/wp-content\\\/uploads\\\/2025\\\/08\\\/\",\n\t\t\t\t\"video\" : null,\n\t\t\t\t\"autoplay\" : null,\n\t\t\t\t\"youtube\" : null,\n\t\t\t\t\"youtubelabel\" : \"Video abspielen\",\n\t\t\t\t\"brightness\" : 100,\n\t\t\t\t\"crop\" : {\"top\":\"50.00\",\"left\":\"50.00\"},\n\t\t\t\t\"background\" : true,\n\t\t\t\t\"scale\" : 2\t\t\t\t}\n\t\t\t<\/script>\n\n\t\t\t<div class=\"height-container\" style=\"padding-bottom:42.647611884167%;\" v-if=\"sizes\">\n\t\t\t\t\t\t\t\t<lazy-media :inline=\"true\" :alt=\"alt\" :sizes=\"sizes\" :scale=\"scale\" :brightness=\"brightness\" :path=\"path\" :video=\"video\" :autoplay=\"autoplay\" :youtube=\"youtube\" :crop=\"crop\" :youtubelabel=\"youtubelabel\" :background=\"background\" media-id=\"desc_media_6a95002404a61\"><\/lazy-media>\n\t\t\t\t\t\t\t<\/div>\n\n\t\t\t\t\t\t\t<figcaption class=\"sr-only\" ref=\"body\" id=\"desc_media_6a95002404a61\">\n\t\t\t\t\t\t\t\t\t\t\t<div>links: Michiko Umemura (Gro&szlig;mutter von Yuko Matsuyama), mittig: Hans-Werner Klohe und Yuko Matsuyama, rechts: Frieda K&ouml;&szlig;ler (Urgro&szlig;mutter von Hans-Werner Klohe)<\/div>\n\t\t\t\t\t\t\t\t\t\t\t\t\t\t\t\t\t\t\t\t\t<div class=\"insignificant\">\u00a9 Staatliche Museen zu Berlin, Ethnologisches Museum \/ Fotos: Yuko Matsuyama (links), Valerie von Stillfried (Mitte), Hans-Werner Klohe (rechts)<\/div>\n\t\t\t\t\t\t\t\t\t<\/figcaption>\n\t\t\t\t\t<\/figure>\n\t<\/lazy-media-inline>\n\t\t\t\t<\/div>\n\t\t\t<\/div>\n\t\t\t<div class=\"col-xs-12 teaser-event-text Infos\">\n\t\t\t\t<div class=\"teaser-event-standard-text\">\n\t\t\t\t\t<div class=\"margin-bottom-atom\">\n\t\t\t\t\t\t<div class=\"subline clamp-1\" v-html=\"maingenre\"><\/div>\n\t\t\t\t\t\t\t\t\t\t\t\t\t<div class=\"insignificant clamp-2\">Beziehungsweise Familie<\/div>\n\t\t\t\t\t\t\t\t\t\t\t<\/div>\n\t\t\t\t\n\t\t\t\t\t<strong class=\"margin-bottom-atom\">Tanzende Generationen<\/strong>\n\n\t\t\t\t\t\t\t\t\t\t\t<div class=\"\">Macht Wind im Museum!<\/div>\n\t\t\t\t\t\t\t\t\t<\/div>\n\t\t\t\t<div class=\"teaser-bottom border-bottom\">\n\t\t\t\t<calendardateline :rawitem='item' :show-icon=\"true\"><\/calendardateline>\n\t\t\t\t\t<hr>\n\t\t\t\t<\/div>\n\t\t\t<\/div>\n\t\t<\/div>\n\t<\/a>\n\t<\/calendarteaser>\n<\/li>\n\n<li class=\"teaser-lane-slide col-xs-9 col-sm-4 col-md-3 teaser-wrapper col-padding-remove\">\n\t<calendarteaser key=\"4361311630\" rawitem='{&quot;postId&quot;:43613,&quot;title&quot;:&quot;Jeder kann Museum!&quot;,&quot;excerpt&quot;:&quot;Gelesen werden die Bilderb\\u00fccher \\&quot;Ein Museum nur f\\u00fcr mich\\&quot; von Emma Lewis, und \\&quot;Kubbes Museum\\&quot; von  \\u00c5shild Kanstad Johnsen &quot;,&quot;slug&quot;:&quot;jeder-kann-museum&quot;,&quot;post_date&quot;:&quot;2022-05-30T11:35&quot;,&quot;type&quot;:&quot;event&quot;,&quot;permalink&quot;:&quot;https:\\\/\\\/www.humboldtforum.org\\\/de\\\/programm\\\/termin\\\/lesung\\\/jeder-kann-museum-43613\\\/&quot;,&quot;genre&quot;:[1144,823],&quot;genre_details&quot;:[{&quot;text&quot;:&quot;Lesung&quot;,&quot;id&quot;:1144,&quot;icon&quot;:null,&quot;parent&quot;:0},{&quot;text&quot;:&quot;Schauspiel&quot;,&quot;id&quot;:823,&quot;icon&quot;:null,&quot;parent&quot;:0}],&quot;stakeholder&quot;:[382],&quot;stakeholder_details&quot;:[{&quot;text&quot;:&quot;Stiftung Humboldt Forum im Berliner Schloss&quot;,&quot;id&quot;:382,&quot;icon&quot;:null,&quot;parent&quot;:0}],&quot;targetgroup&quot;:[454],&quot;targetgroup_details&quot;:[{&quot;text&quot;:&quot;Kinder und Familien&quot;,&quot;id&quot;:454,&quot;icon&quot;:null,&quot;parent&quot;:0}],&quot;language&quot;:[384,1419],&quot;language_details&quot;:[{&quot;text&quot;:&quot;Deutsch&quot;,&quot;id&quot;:384,&quot;icon&quot;:null,&quot;parent&quot;:0},{&quot;text&quot;:&quot;Ukrainisch&quot;,&quot;id&quot;:1419,&quot;icon&quot;:null,&quot;parent&quot;:0}],&quot;accessability&quot;:[430],&quot;accessability_details&quot;:[{&quot;text&quot;:&quot;Rollstuhlgerecht&quot;,&quot;id&quot;:430,&quot;icon&quot;:null,&quot;parent&quot;:0}],&quot;age&quot;:[443],&quot;age_details&quot;:[{&quot;text&quot;:&quot;Kinder (3-6 Jahre)&quot;,&quot;id&quot;:443,&quot;icon&quot;:null,&quot;parent&quot;:0}],&quot;place&quot;:[424],&quot;place_details&quot;:{&quot;place&quot;:&quot;Humboldt Forum&quot;,&quot;map&quot;:&quot;Humboldt Forum, Schlossplatz, Berlin&quot;,&quot;room&quot;:&quot;Saal 3, EG&quot;},&quot;icon_overwrite&quot;:&quot;&quot;,&quot;acf&quot;:{&quot;noindex&quot;:false,&quot;keywords&quot;:&quot;&quot;,&quot;hashtag&quot;:&quot;HumboldtForum&quot;,&quot;shorturl&quot;:&quot;&quot;,&quot;times&quot;:[{&quot;start&quot;:&quot;20260905 15:00&quot;,&quot;end&quot;:&quot;15:30&quot;,&quot;status&quot;:&quot;BUY&quot;,&quot;info&quot;:&quot;4 EUR \\\/ erm\\u00e4\\u00dfigt 2 EUR&quot;,&quot;shop&quot;:&quot;https:\\\/\\\/tickets.humboldtforum.org\\\/#\\\/product\\\/event\\\/142?date=2026-09-05&amp;date_id=29556&amp;lang=de&quot;,&quot;i&quot;:0,&quot;start_hour&quot;:&quot;15:00&quot;,&quot;start_HRF&quot;:&quot;Sa,  5. September 2026&quot;,&quot;_date&quot;:{&quot;date&quot;:&quot;2026-09-05 15:30:00.000000&quot;,&quot;timezone_type&quot;:3,&quot;timezone&quot;:&quot;Europe\\\/Berlin&quot;},&quot;_fromdate&quot;:&quot;20260905 15:00&quot;,&quot;start_TS&quot;:1788613200,&quot;start_HRFSHORT&quot;:&quot;05.09.26&quot;,&quot;start_HRFSHORT_WD&quot;:&quot;Sa 05.09.2026&quot;,&quot;end_TS&quot;:1788615000,&quot;can_purchase&quot;:true},{&quot;start&quot;:&quot;20261018 15:00&quot;,&quot;end&quot;:&quot;15:30&quot;,&quot;status&quot;:&quot;BUY&quot;,&quot;info&quot;:&quot;4 EUR \\\/ erm\\u00e4\\u00dfigt 2 EUR&quot;,&quot;shop&quot;:&quot;https:\\\/\\\/tickets.humboldtforum.org\\\/#\\\/product\\\/event\\\/142?date=2026-10-18&amp;date_id=29833&amp;lang=de&quot;,&quot;i&quot;:1,&quot;start_hour&quot;:&quot;15:00&quot;,&quot;start_HRF&quot;:&quot;So, 18. Oktober 2026&quot;,&quot;_date&quot;:{&quot;date&quot;:&quot;2026-10-18 15:30:00.000000&quot;,&quot;timezone_type&quot;:3,&quot;timezone&quot;:&quot;Europe\\\/Berlin&quot;},&quot;_fromdate&quot;:&quot;20261018 15:00&quot;,&quot;start_TS&quot;:1792328400,&quot;start_HRFSHORT&quot;:&quot;18.10.26&quot;,&quot;start_HRFSHORT_WD&quot;:&quot;So 18.10.2026&quot;,&quot;end_TS&quot;:1792330200,&quot;can_purchase&quot;:true}],&quot;planning&quot;:{&quot;price&quot;:&quot;4 EUR \\\/ erm\\u00e4\\u00dfigt 2 EUR&quot;,&quot;admission&quot;:&quot;&quot;,&quot;pause&quot;:&quot;&quot;,&quot;duration&quot;:&quot;30&quot;},&quot;subline&quot;:&quot;Wie ich sammeln lerne und die Dinge unterbringe&quot;,&quot;marketing_text&quot;:&quot;Wie ich sammeln lerne und die Dinge unterbringe&quot;,&quot;infotext&quot;:&quot;Wir bitten um Verst\\u00e4ndnis: Erwachsenen ist die Teilnahme am Programm nur in Begleitung von Kindern gestattet.&quot;,&quot;additional_info&quot;:{&quot;icon&quot;:&quot;icon-pin&quot;,&quot;text&quot;:&quot;Der Zugang zum Saal 3 ist im Schl\\u00fcterhof neben dem Skulpturensaal.&quot;},&quot;highlight_header&quot;:false,&quot;featured_images&quot;:[68947],&quot;use_video_in_teasers&quot;:false,&quot;hyphenation&quot;:true,&quot;tipp&quot;:false,&quot;joker&quot;:false,&quot;live&quot;:false,&quot;hide_event_in_program&quot;:false,&quot;shorttext&quot;:&quot;Gelesen werden die Bilderb\\u00fccher \\&quot;Ein Museum nur f\\u00fcr mich\\&quot; von Emma Lewis, und \\&quot;Kubbes Museum\\&quot; von  \\u00c5shild Kanstad Johnsen &quot;,&quot;gomus_id&quot;:&quot;&quot;,&quot;hm_id&quot;:&quot;&quot;,&quot;belongsto&quot;:[31647]},&quot;date&quot;:{&quot;NX&quot;:&quot;20260905&quot;,&quot;NXX&quot;:&quot;202609051500&quot;,&quot;NLAST&quot;:&quot;202610181100&quot;,&quot;from_DATE&quot;:&quot;20260905 15:00&quot;,&quot;from&quot;:1788606000,&quot;to&quot;:1792321200,&quot;to_DATE&quot;:&quot;20261018 15:00&quot;,&quot;from_HRFSHORT&quot;:&quot; 5. Sep 2026&quot;,&quot;from_HRFSHORT_WD&quot;:&quot;Sa 05.09.2026&quot;,&quot;to_HRFSHORT&quot;:&quot;18. Okt 2026&quot;,&quot;to_HRFSHORT_WD&quot;:&quot;So 18.10.2026&quot;,&quot;from_HRF&quot;:&quot;Sa,  5. September 2026&quot;,&quot;to_HRF&quot;:&quot;So, 18. Oktober 2026&quot;,&quot;from_to_HRF&quot;:&quot;Sa,  5. September \\u2013 So, 18. Oktober 2026&quot;,&quot;from_to_HRFSHORT&quot;:&quot; 5. Sep \\u2013 18. Okt 2026&quot;},&quot;alert&quot;:null,&quot;partof&quot;:[&quot;31647&quot;],&quot;marketing_topic&quot;:{&quot;title&quot;:&quot;Bilderbuchkino&quot;,&quot;ID&quot;:&quot;31647&quot;,&quot;reason&quot;:&quot;sequence&quot;}}' inline-template>\n\t<a href=\"https:\/\/www.humboldtforum.org\/de\/programm\/termin\/lesung\/jeder-kann-museum-43613\/\" class=\"teaser teaser-event teaser-event-standard\">\n\t\t<div class=\"row\">\n\t\t\t<div class=\"col-xs-12 teaser-event-image\">\n\t\t\t\t<div class=\"teaser-image teaser-image-no-alternate\">\n\t\t\t\t\t\t\t\t\t\t\t\n\t<lazy-media-inline inline-template>\n\t\t<figure itemscope itemtype=\"http:\/\/schema.org\/ImageObject\" class=\"lazy-media-inline \" role=\"group\" id=\"media_6a950024067e1\" aria-labelledby=\"desc_media_6a950024067e1\">\n\t\t\t<script type=\"application\/json\" ref=\"data\">\n\t\t\t\t{\n\t\t\t\t\"sizes\" : {\"medium\":{\"file\":\"1034438_Web-300x141.jpg\",\"width\":300,\"height\":141,\"mime-type\":\"image\\\/jpeg\",\"filesize\":10646},\"large\":{\"file\":\"1034438_Web-1024x480.jpg\",\"width\":1024,\"height\":480,\"mime-type\":\"image\\\/jpeg\",\"filesize\":78867},\"thumbnail\":{\"file\":\"1034438_Web-150x150.jpg\",\"width\":150,\"height\":150,\"mime-type\":\"image\\\/jpeg\",\"filesize\":7839},\"medium_large\":{\"file\":\"1034438_Web-768x360.jpg\",\"width\":768,\"height\":360,\"mime-type\":\"image\\\/jpeg\",\"filesize\":49491},\"small\":{\"file\":\"1034438_Web-440x206.jpg\",\"width\":440,\"height\":206,\"mime-type\":\"image\\\/jpeg\",\"filesize\":19528},\"semi\":{\"file\":\"1034438_Web-580x272.jpg\",\"width\":580,\"height\":272,\"mime-type\":\"image\\\/jpeg\",\"filesize\":30381},\"mobile\":{\"file\":\"1034438_Web-720x338.jpg\",\"width\":720,\"height\":338,\"mime-type\":\"image\\\/jpeg\",\"filesize\":44579},\"original\":{\"file\":\"1034438_Web.jpg\",\"width\":1280,\"height\":600}},\n\t\t\t\t\"alt\" : \"Eine Sammlung von Objekten und dem Buch \\\"Kubbels Museum\\\" auf einem Tisch, umgeben von verschiedenen Werkzeugen.\",\n\t\t\t\t\"path\" : \"\\\/wp-content\\\/uploads\\\/2022\\\/05\\\/\",\n\t\t\t\t\"video\" : null,\n\t\t\t\t\"autoplay\" : null,\n\t\t\t\t\"youtube\" : null,\n\t\t\t\t\"youtubelabel\" : \"Video abspielen\",\n\t\t\t\t\"brightness\" : 100,\n\t\t\t\t\"crop\" : {\"top\":\"48.71\",\"left\":\"46.83\"},\n\t\t\t\t\"background\" : true,\n\t\t\t\t\"scale\" : 2\t\t\t\t}\n\t\t\t<\/script>\n\n\t\t\t<div class=\"height-container\" style=\"padding-bottom:46.875%;\" v-if=\"sizes\">\n\t\t\t\t\t\t\t\t<lazy-media :inline=\"true\" :alt=\"alt\" :sizes=\"sizes\" :scale=\"scale\" :brightness=\"brightness\" :path=\"path\" :video=\"video\" :autoplay=\"autoplay\" :youtube=\"youtube\" :crop=\"crop\" :youtubelabel=\"youtubelabel\" :background=\"background\" media-id=\"desc_media_6a950024067e1\"><\/lazy-media>\n\t\t\t\t\t\t\t<\/div>\n\n\t\t\t\t\t\t\t<figcaption class=\"sr-only\" ref=\"body\" id=\"desc_media_6a950024067e1\">\n\t\t\t\t\t\t\t\t\t\t\t<div>Cover zum Bilderbuch &quot;Kubbes Museum&quot;, erz&auml;hlt und illustriert von Ashild Kanstad Johnsen<\/div>\n\t\t\t\t\t\t\t\t\t\t\t\t\t\t\t\t\t\t\t\t\t<div class=\"insignificant\">\u00a9 2013 by ONKEL &#038; ONKEL Berlin \/ Stiftung Humboldt Forum im Berliner Schloss, Foto: Andreas K\u00f6nig<\/div>\n\t\t\t\t\t\t\t\t\t<\/figcaption>\n\t\t\t\t\t<\/figure>\n\t<\/lazy-media-inline>\n\t\t\t\t<\/div>\n\t\t\t<\/div>\n\t\t\t<div class=\"col-xs-12 teaser-event-text Infos\">\n\t\t\t\t<div class=\"teaser-event-standard-text\">\n\t\t\t\t\t<div class=\"margin-bottom-atom\">\n\t\t\t\t\t\t<div class=\"subline clamp-1\" v-html=\"maingenre\"><\/div>\n\t\t\t\t\t\t\t\t\t\t\t\t\t<div class=\"insignificant clamp-2\">Bilderbuchkino<\/div>\n\t\t\t\t\t\t\t\t\t\t\t<\/div>\n\t\t\t\t\n\t\t\t\t\t<strong class=\"margin-bottom-atom\">Jeder kann Museum!<\/strong>\n\n\t\t\t\t\t\t\t\t\t\t\t<div class=\"\">Wie ich sammeln lerne und die Dinge unterbringe<\/div>\n\t\t\t\t\t\t\t\t\t<\/div>\n\t\t\t\t<div class=\"teaser-bottom border-bottom\">\n\t\t\t\t<calendardateline :rawitem='item' :show-icon=\"true\"><\/calendardateline>\n\t\t\t\t\t<hr>\n\t\t\t\t<\/div>\n\t\t\t<\/div>\n\t\t<\/div>\n\t<\/a>\n\t<\/calendarteaser>\n<\/li>\n\n<li class=\"teaser-lane-slide col-xs-9 col-sm-4 col-md-3 teaser-wrapper col-padding-remove\">\n\t<calendarteaser key=\"1439057481\" rawitem='{&quot;postId&quot;:143905,&quot;title&quot;:&quot;Schatzkiste&quot;,&quot;excerpt&quot;:&quot;&quot;,&quot;slug&quot;:&quot;schatzkiste-2&quot;,&quot;post_date&quot;:&quot;2025-03-06T11:54&quot;,&quot;type&quot;:&quot;event&quot;,&quot;permalink&quot;:&quot;https:\\\/\\\/www.humboldtforum.org\\\/de\\\/programm\\\/termin\\\/drop-in\\\/schatzkiste-2-143905\\\/&quot;,&quot;genre&quot;:[839],&quot;genre_details&quot;:[{&quot;text&quot;:&quot;Drop-In&quot;,&quot;id&quot;:839,&quot;icon&quot;:null,&quot;parent&quot;:0}],&quot;stakeholder&quot;:[382],&quot;stakeholder_details&quot;:[{&quot;text&quot;:&quot;Stiftung Humboldt Forum im Berliner Schloss&quot;,&quot;id&quot;:382,&quot;icon&quot;:null,&quot;parent&quot;:0}],&quot;targetgroup&quot;:[454],&quot;targetgroup_details&quot;:[{&quot;text&quot;:&quot;Kinder und Familien&quot;,&quot;id&quot;:454,&quot;icon&quot;:null,&quot;parent&quot;:0}],&quot;language&quot;:[384,385],&quot;language_details&quot;:[{&quot;text&quot;:&quot;Deutsch&quot;,&quot;id&quot;:384,&quot;icon&quot;:null,&quot;parent&quot;:0},{&quot;text&quot;:&quot;Englisch&quot;,&quot;id&quot;:385,&quot;icon&quot;:null,&quot;parent&quot;:0}],&quot;place&quot;:[1034],&quot;place_details&quot;:{&quot;place&quot;:&quot;Humboldt Forum&quot;,&quot;map&quot;:&quot;Humboldt Forum, Schlossplatz, Berlin&quot;,&quot;room&quot;:&quot;Werkr\\u00e4ume, 1. OG&quot;},&quot;icon_overwrite&quot;:&quot;&quot;,&quot;acf&quot;:{&quot;noindex&quot;:false,&quot;keywords&quot;:&quot;&quot;,&quot;hashtag&quot;:&quot;HumboldtForum&quot;,&quot;belongsto&quot;:false,&quot;shorturl&quot;:&quot;&quot;,&quot;times&quot;:[{&quot;start&quot;:&quot;20260906 12:00&quot;,&quot;end&quot;:&quot;15:00&quot;,&quot;status&quot;:&quot;JOIN&quot;,&quot;info&quot;:&quot;kostenfrei&quot;,&quot;shop&quot;:&quot;&quot;,&quot;i&quot;:0,&quot;start_hour&quot;:&quot;12:00&quot;,&quot;start_HRF&quot;:&quot;So,  6. September 2026&quot;,&quot;_date&quot;:{&quot;date&quot;:&quot;2026-09-06 15:00:00.000000&quot;,&quot;timezone_type&quot;:3,&quot;timezone&quot;:&quot;Europe\\\/Berlin&quot;},&quot;_fromdate&quot;:&quot;20260906 12:00&quot;,&quot;start_TS&quot;:1788688800,&quot;start_HRFSHORT&quot;:&quot;06.09.26&quot;,&quot;start_HRFSHORT_WD&quot;:&quot;So 06.09.2026&quot;,&quot;end_TS&quot;:1788699600,&quot;can_purchase&quot;:false},{&quot;start&quot;:&quot;20260920 12:00&quot;,&quot;end&quot;:&quot;15:00&quot;,&quot;status&quot;:&quot;JOIN&quot;,&quot;info&quot;:&quot;kostenfrei&quot;,&quot;shop&quot;:&quot;&quot;,&quot;i&quot;:1,&quot;start_hour&quot;:&quot;12:00&quot;,&quot;start_HRF&quot;:&quot;So, 20. September 2026&quot;,&quot;_date&quot;:{&quot;date&quot;:&quot;2026-09-20 15:00:00.000000&quot;,&quot;timezone_type&quot;:3,&quot;timezone&quot;:&quot;Europe\\\/Berlin&quot;},&quot;_fromdate&quot;:&quot;20260920 12:00&quot;,&quot;start_TS&quot;:1789898400,&quot;start_HRFSHORT&quot;:&quot;20.09.26&quot;,&quot;start_HRFSHORT_WD&quot;:&quot;So 20.09.2026&quot;,&quot;end_TS&quot;:1789909200,&quot;can_purchase&quot;:false},{&quot;start&quot;:&quot;20261004 12:00&quot;,&quot;end&quot;:&quot;15:00&quot;,&quot;status&quot;:&quot;JOIN&quot;,&quot;info&quot;:&quot;kostenfrei&quot;,&quot;shop&quot;:&quot;&quot;,&quot;i&quot;:2,&quot;start_hour&quot;:&quot;12:00&quot;,&quot;start_HRF&quot;:&quot;So,  4. Oktober 2026&quot;,&quot;_date&quot;:{&quot;date&quot;:&quot;2026-10-04 15:00:00.000000&quot;,&quot;timezone_type&quot;:3,&quot;timezone&quot;:&quot;Europe\\\/Berlin&quot;},&quot;_fromdate&quot;:&quot;20261004 12:00&quot;,&quot;start_TS&quot;:1791108000,&quot;start_HRFSHORT&quot;:&quot;04.10.26&quot;,&quot;start_HRFSHORT_WD&quot;:&quot;So 04.10.2026&quot;,&quot;end_TS&quot;:1791118800,&quot;can_purchase&quot;:false},{&quot;start&quot;:&quot;20261018 12:00&quot;,&quot;end&quot;:&quot;15:00&quot;,&quot;status&quot;:&quot;JOIN&quot;,&quot;info&quot;:&quot;kostenfrei&quot;,&quot;shop&quot;:&quot;&quot;,&quot;i&quot;:3,&quot;start_hour&quot;:&quot;12:00&quot;,&quot;start_HRF&quot;:&quot;So, 18. Oktober 2026&quot;,&quot;_date&quot;:{&quot;date&quot;:&quot;2026-10-18 15:00:00.000000&quot;,&quot;timezone_type&quot;:3,&quot;timezone&quot;:&quot;Europe\\\/Berlin&quot;},&quot;_fromdate&quot;:&quot;20261018 12:00&quot;,&quot;start_TS&quot;:1792317600,&quot;start_HRFSHORT&quot;:&quot;18.10.26&quot;,&quot;start_HRFSHORT_WD&quot;:&quot;So 18.10.2026&quot;,&quot;end_TS&quot;:1792328400,&quot;can_purchase&quot;:false}],&quot;planning&quot;:{&quot;price&quot;:&quot;kostenfrei&quot;,&quot;admission&quot;:&quot;&quot;,&quot;pause&quot;:&quot;&quot;,&quot;duration&quot;:&quot;&quot;},&quot;additional_info&quot;:{&quot;icon&quot;:&quot;icon-alterfreigabe&quot;,&quot;text&quot;:&quot;3 bis 103 Jahre&quot;},&quot;highlight_header&quot;:false,&quot;featured_images&quot;:[143906],&quot;use_video_in_teasers&quot;:false,&quot;hyphenation&quot;:true,&quot;tipp&quot;:false,&quot;joker&quot;:false,&quot;live&quot;:false,&quot;hide_event_in_program&quot;:false,&quot;gomus_id&quot;:&quot;&quot;,&quot;hm_id&quot;:&quot;&quot;},&quot;date&quot;:{&quot;NX&quot;:&quot;20260906&quot;,&quot;NXX&quot;:&quot;202609061200&quot;,&quot;NLAST&quot;:&quot;202610180800&quot;,&quot;from_DATE&quot;:&quot;20260906 12:00&quot;,&quot;from&quot;:1788681600,&quot;to&quot;:1792310400,&quot;to_DATE&quot;:&quot;20261018 12:00&quot;,&quot;from_HRFSHORT&quot;:&quot; 6. Sep 2026&quot;,&quot;from_HRFSHORT_WD&quot;:&quot;So 06.09.2026&quot;,&quot;to_HRFSHORT&quot;:&quot;18. Okt 2026&quot;,&quot;to_HRFSHORT_WD&quot;:&quot;So 18.10.2026&quot;,&quot;from_HRF&quot;:&quot;So,  6. September 2026&quot;,&quot;to_HRF&quot;:&quot;So, 18. Oktober 2026&quot;,&quot;from_to_HRF&quot;:&quot;So,  6. September \\u2013 So, 18. Oktober 2026&quot;,&quot;from_to_HRFSHORT&quot;:&quot; 6. Sep \\u2013 18. Okt 2026&quot;},&quot;alert&quot;:null,&quot;partof&quot;:[],&quot;marketing_topic&quot;:&quot;&quot;}' inline-template>\n\t<a href=\"https:\/\/www.humboldtforum.org\/de\/programm\/termin\/drop-in\/schatzkiste-2-143905\/\" class=\"teaser teaser-event teaser-event-standard\">\n\t\t<div class=\"row\">\n\t\t\t<div class=\"col-xs-12 teaser-event-image\">\n\t\t\t\t<div class=\"teaser-image teaser-image-no-alternate\">\n\t\t\t\t\t\t\t\t\t\t\t\n\t<lazy-media-inline inline-template>\n\t\t<figure itemscope itemtype=\"http:\/\/schema.org\/ImageObject\" class=\"lazy-media-inline \" role=\"group\" id=\"media_6a95002408489\" aria-labelledby=\"desc_media_6a95002408489\">\n\t\t\t<script type=\"application\/json\" ref=\"data\">\n\t\t\t\t{\n\t\t\t\t\"sizes\" : {\"medium\":{\"file\":\"SHF_eb00244826-300x249.jpg\",\"width\":300,\"height\":249,\"mime-type\":\"image\\\/jpeg\",\"filesize\":13397},\"large\":{\"file\":\"SHF_eb00244826-1024x849.jpg\",\"width\":1024,\"height\":849,\"mime-type\":\"image\\\/jpeg\",\"filesize\":103309},\"thumbnail\":{\"file\":\"SHF_eb00244826-150x150.jpg\",\"width\":150,\"height\":150,\"mime-type\":\"image\\\/jpeg\",\"filesize\":5905},\"medium_large\":{\"file\":\"SHF_eb00244826-768x637.jpg\",\"width\":768,\"height\":637,\"mime-type\":\"image\\\/jpeg\",\"filesize\":63999},\"small\":{\"file\":\"SHF_eb00244826-440x365.jpg\",\"width\":440,\"height\":365,\"mime-type\":\"image\\\/jpeg\",\"filesize\":25131},\"semi\":{\"file\":\"SHF_eb00244826-580x481.jpg\",\"width\":580,\"height\":481,\"mime-type\":\"image\\\/jpeg\",\"filesize\":40331},\"mobile\":{\"file\":\"SHF_eb00244826-720x597.jpg\",\"width\":720,\"height\":597,\"mime-type\":\"image\\\/jpeg\",\"filesize\":57499},\"hd\":{\"file\":\"SHF_eb00244826-1280x1061.jpg\",\"width\":1280,\"height\":1061,\"mime-type\":\"image\\\/jpeg\",\"filesize\":148427},\"full\":{\"file\":\"SHF_eb00244826-1920x1592.jpg\",\"width\":1920,\"height\":1592,\"mime-type\":\"image\\\/jpeg\",\"filesize\":288189},\"1536x1536\":{\"file\":\"SHF_eb00244826-1536x1274.jpg\",\"width\":1536,\"height\":1274,\"mime-type\":\"image\\\/jpeg\",\"filesize\":199942},\"2048x2048\":{\"file\":\"SHF_eb00244826-2048x1698.jpg\",\"width\":2048,\"height\":1698,\"mime-type\":\"image\\\/jpeg\",\"filesize\":321270},\"original\":{\"file\":\"SHF_eb00244826.jpg\",\"width\":2681,\"height\":2223}},\n\t\t\t\t\"alt\" : \"Bunte Box mit t\\u00fcrkisfarbenem Tuch und einer Zeichnung von zwei Minions darauf.\",\n\t\t\t\t\"path\" : \"\\\/wp-content\\\/uploads\\\/2025\\\/03\\\/\",\n\t\t\t\t\"video\" : null,\n\t\t\t\t\"autoplay\" : null,\n\t\t\t\t\"youtube\" : null,\n\t\t\t\t\"youtubelabel\" : \"Video abspielen\",\n\t\t\t\t\"brightness\" : 100,\n\t\t\t\t\"crop\" : {\"top\":\"18.31\",\"left\":\"43.69\"},\n\t\t\t\t\"background\" : true,\n\t\t\t\t\"scale\" : 2\t\t\t\t}\n\t\t\t<\/script>\n\n\t\t\t<div class=\"height-container\" style=\"padding-bottom:82.916822081313%;\" v-if=\"sizes\">\n\t\t\t\t\t\t\t\t<lazy-media :inline=\"true\" :alt=\"alt\" :sizes=\"sizes\" :scale=\"scale\" :brightness=\"brightness\" :path=\"path\" :video=\"video\" :autoplay=\"autoplay\" :youtube=\"youtube\" :crop=\"crop\" :youtubelabel=\"youtubelabel\" :background=\"background\" media-id=\"desc_media_6a95002408489\"><\/lazy-media>\n\t\t\t\t\t\t\t<\/div>\n\n\t\t\t\t\t\t\t<figcaption class=\"sr-only\" ref=\"body\" id=\"desc_media_6a95002408489\">\n\t\t\t\t\t\t\t\t\t\t\t<div>&quot;Schatzkiste Minions&quot; f&uuml;r die Ausstellung &quot;Nimm Platz!&quot;<\/div>\n\t\t\t\t\t\t\t\t\t\t\t\t\t\t\t\t\t\t\t\t\t<div class=\"insignificant\">\u00a9 Stiftung Humboldt Forum im Berliner Schloss \/ Foto: Martina Schilling<\/div>\n\t\t\t\t\t\t\t\t\t<\/figcaption>\n\t\t\t\t\t<\/figure>\n\t<\/lazy-media-inline>\n\t\t\t\t<\/div>\n\t\t\t<\/div>\n\t\t\t<div class=\"col-xs-12 teaser-event-text Infos\">\n\t\t\t\t<div class=\"teaser-event-standard-text\">\n\t\t\t\t\t<div class=\"margin-bottom-atom\">\n\t\t\t\t\t\t<div class=\"subline clamp-1\" v-html=\"maingenre\"><\/div>\n\t\t\t\t\t\t\t\t\t\t\t<\/div>\n\t\t\t\t\n\t\t\t\t\t<strong class=\"margin-bottom-atom\">Schatzkiste<\/strong>\n\n\t\t\t\t\t\t\t\t\t\t\t<div class=\"\"><\/div>\n\t\t\t\t\t\t\t\t\t<\/div>\n\t\t\t\t<div class=\"teaser-bottom border-bottom\">\n\t\t\t\t<calendardateline :rawitem='item' :show-icon=\"true\"><\/calendardateline>\n\t\t\t\t\t<hr>\n\t\t\t\t<\/div>\n\t\t\t<\/div>\n\t\t<\/div>\n\t<\/a>\n\t<\/calendarteaser>\n<\/li>\n\n<li class=\"teaser-lane-slide col-xs-9 col-sm-4 col-md-3 teaser-wrapper col-padding-remove\">\n\t<calendarteaser key=\"12828314081\" rawitem='{&quot;postId&quot;:128283,&quot;title&quot;:&quot;Ida, Ada und Sibylla&quot;,&quot;excerpt&quot;:&quot;Gelesen werden die Bilderb\\u00fccher \\u201eAda und die Zahlenknackmaschine\\u201c von Benjamin Flouw, \\u201eSibylla und der Tulpenraub\\u201c von Benita Roth sowie \\u201eIda und die Welt hinterm Kaiserzipf\\u201c von Linda Schwalbe.&quot;,&quot;slug&quot;:&quot;ida-ada-und-sibylla&quot;,&quot;post_date&quot;:&quot;2024-04-19T09:27&quot;,&quot;type&quot;:&quot;event&quot;,&quot;permalink&quot;:&quot;https:\\\/\\\/www.humboldtforum.org\\\/de\\\/programm\\\/termin\\\/lesung\\\/ida-ada-und-sibylla-128283\\\/&quot;,&quot;genre&quot;:[1144,823],&quot;genre_details&quot;:[{&quot;text&quot;:&quot;Lesung&quot;,&quot;id&quot;:1144,&quot;icon&quot;:null,&quot;parent&quot;:0},{&quot;text&quot;:&quot;Schauspiel&quot;,&quot;id&quot;:823,&quot;icon&quot;:null,&quot;parent&quot;:0}],&quot;stakeholder&quot;:[382],&quot;stakeholder_details&quot;:[{&quot;text&quot;:&quot;Stiftung Humboldt Forum im Berliner Schloss&quot;,&quot;id&quot;:382,&quot;icon&quot;:null,&quot;parent&quot;:0}],&quot;targetgroup&quot;:[454],&quot;targetgroup_details&quot;:[{&quot;text&quot;:&quot;Kinder und Familien&quot;,&quot;id&quot;:454,&quot;icon&quot;:null,&quot;parent&quot;:0}],&quot;language&quot;:[384],&quot;language_details&quot;:[{&quot;text&quot;:&quot;Deutsch&quot;,&quot;id&quot;:384,&quot;icon&quot;:null,&quot;parent&quot;:0}],&quot;accessability&quot;:[430],&quot;accessability_details&quot;:[{&quot;text&quot;:&quot;Rollstuhlgerecht&quot;,&quot;id&quot;:430,&quot;icon&quot;:null,&quot;parent&quot;:0}],&quot;age&quot;:[443],&quot;age_details&quot;:[{&quot;text&quot;:&quot;Kinder (3-6 Jahre)&quot;,&quot;id&quot;:443,&quot;icon&quot;:null,&quot;parent&quot;:0}],&quot;place&quot;:[424],&quot;place_details&quot;:{&quot;place&quot;:&quot;Humboldt Forum&quot;,&quot;map&quot;:&quot;Humboldt Forum, Schlossplatz, Berlin&quot;,&quot;room&quot;:&quot;Saal 3, EG&quot;},&quot;icon_overwrite&quot;:&quot;&quot;,&quot;acf&quot;:{&quot;hashtag&quot;:&quot;HumboldtForum&quot;,&quot;noindex&quot;:false,&quot;keywords&quot;:&quot;&quot;,&quot;shorturl&quot;:&quot;&quot;,&quot;planning&quot;:{&quot;price&quot;:&quot;4 EUR, erm. 2 EUR&quot;,&quot;admission&quot;:&quot;&quot;,&quot;pause&quot;:&quot;&quot;,&quot;duration&quot;:&quot;30&quot;},&quot;subline&quot;:&quot;Ber\\u00fchmte Forscher*innen&quot;,&quot;shorttext&quot;:&quot;Gelesen werden die Bilderb\\u00fccher \\u201eAda und die Zahlenknackmaschine\\u201c von Benjamin Flouw, \\u201eSibylla und der Tulpenraub\\u201c von Benita Roth sowie \\u201eIda und die Welt hinterm Kaiserzipf\\u201c von Linda Schwalbe.&quot;,&quot;infotext&quot;:&quot;Wir bitten um Verst\\u00e4ndnis: Erwachsenen ist die Teilnahme am Programm nur in Begleitung von Kindern gestattet.&quot;,&quot;additional_info&quot;:{&quot;icon&quot;:&quot;icon-pin&quot;,&quot;text&quot;:&quot;Der Zugang zum Saal 3 ist im Schl\\u00fcterhof neben dem Skulpturensaal.&quot;},&quot;highlight_header&quot;:false,&quot;featured_images&quot;:[134162,128288],&quot;use_video_in_teasers&quot;:false,&quot;hyphenation&quot;:true,&quot;tipp&quot;:false,&quot;joker&quot;:false,&quot;live&quot;:false,&quot;hide_event_in_program&quot;:false,&quot;gomus_id&quot;:&quot;&quot;,&quot;belongsto&quot;:[31647],&quot;times&quot;:[{&quot;start&quot;:&quot;20260906 13:00&quot;,&quot;end&quot;:&quot;13:30&quot;,&quot;status&quot;:&quot;BUY&quot;,&quot;info&quot;:&quot;4 EUR \\\/ erm\\u00e4\\u00dfigt 2 EUR&quot;,&quot;shop&quot;:&quot;https:\\\/\\\/tickets.humboldtforum.org\\\/#\\\/product\\\/event\\\/142?date=2026-09-06&amp;date_id=29557&amp;lang=de&quot;,&quot;i&quot;:0,&quot;start_hour&quot;:&quot;13:00&quot;,&quot;start_HRF&quot;:&quot;So,  6. September 2026&quot;,&quot;_date&quot;:{&quot;date&quot;:&quot;2026-09-06 13:30:00.000000&quot;,&quot;timezone_type&quot;:3,&quot;timezone&quot;:&quot;Europe\\\/Berlin&quot;},&quot;_fromdate&quot;:&quot;20260906 13:00&quot;,&quot;start_TS&quot;:1788692400,&quot;start_HRFSHORT&quot;:&quot;06.09.26&quot;,&quot;start_HRFSHORT_WD&quot;:&quot;So 06.09.2026&quot;,&quot;end_TS&quot;:1788694200,&quot;can_purchase&quot;:true},{&quot;start&quot;:&quot;20261017 13:00&quot;,&quot;end&quot;:&quot;13:30&quot;,&quot;status&quot;:&quot;BUY&quot;,&quot;info&quot;:&quot;4 EUR \\\/ erm\\u00e4\\u00dfigt 2 EUR&quot;,&quot;shop&quot;:&quot;https:\\\/\\\/tickets.humboldtforum.org\\\/#\\\/product\\\/event\\\/142?date=2026-10-17&amp;date_id=29828&amp;lang=de&quot;,&quot;i&quot;:1,&quot;start_hour&quot;:&quot;13:00&quot;,&quot;start_HRF&quot;:&quot;Sa, 17. Oktober 2026&quot;,&quot;_date&quot;:{&quot;date&quot;:&quot;2026-10-17 13:30:00.000000&quot;,&quot;timezone_type&quot;:3,&quot;timezone&quot;:&quot;Europe\\\/Berlin&quot;},&quot;_fromdate&quot;:&quot;20261017 13:00&quot;,&quot;start_TS&quot;:1792234800,&quot;start_HRFSHORT&quot;:&quot;17.10.26&quot;,&quot;start_HRFSHORT_WD&quot;:&quot;Sa 17.10.2026&quot;,&quot;end_TS&quot;:1792236600,&quot;can_purchase&quot;:true},{&quot;start&quot;:&quot;20261031 13:00&quot;,&quot;end&quot;:&quot;13:30&quot;,&quot;status&quot;:&quot;BUY&quot;,&quot;info&quot;:&quot;4 EUR \\\/ erm\\u00e4\\u00dfigt 2 EUR&quot;,&quot;shop&quot;:&quot;https:\\\/\\\/tickets.humboldtforum.org\\\/#\\\/product\\\/event\\\/142?date=2026-10-31&amp;date_id=29834&amp;lang=de&quot;,&quot;i&quot;:2,&quot;start_hour&quot;:&quot;13:00&quot;,&quot;start_HRF&quot;:&quot;Sa, 31. Oktober 2026&quot;,&quot;_date&quot;:{&quot;date&quot;:&quot;2026-10-31 13:30:00.000000&quot;,&quot;timezone_type&quot;:3,&quot;timezone&quot;:&quot;Europe\\\/Berlin&quot;},&quot;_fromdate&quot;:&quot;20261031 13:00&quot;,&quot;start_TS&quot;:1793448000,&quot;start_HRFSHORT&quot;:&quot;31.10.26&quot;,&quot;start_HRFSHORT_WD&quot;:&quot;Sa 31.10.2026&quot;,&quot;end_TS&quot;:1793449800,&quot;can_purchase&quot;:true}],&quot;hm_id&quot;:&quot;&quot;,&quot;tickettext&quot;:&quot;Bitte buchen Sie Ihr Ticket vorab online oder an der Kasse im Foyer.&quot;},&quot;date&quot;:{&quot;NX&quot;:&quot;20260906&quot;,&quot;NXX&quot;:&quot;202609061300&quot;,&quot;NLAST&quot;:&quot;202610311000&quot;,&quot;from_DATE&quot;:&quot;20260906 13:00&quot;,&quot;from&quot;:1788685200,&quot;to&quot;:1793440800,&quot;to_DATE&quot;:&quot;20261031 13:00&quot;,&quot;from_HRFSHORT&quot;:&quot; 6. Sep 2026&quot;,&quot;from_HRFSHORT_WD&quot;:&quot;So 06.09.2026&quot;,&quot;to_HRFSHORT&quot;:&quot;31. Okt 2026&quot;,&quot;to_HRFSHORT_WD&quot;:&quot;Sa 31.10.2026&quot;,&quot;from_HRF&quot;:&quot;So,  6. September 2026&quot;,&quot;to_HRF&quot;:&quot;Sa, 31. Oktober 2026&quot;,&quot;from_to_HRF&quot;:&quot;So,  6. September \\u2013 Sa, 31. Oktober 2026&quot;,&quot;from_to_HRFSHORT&quot;:&quot; 6. Sep \\u2013 31. Okt 2026&quot;},&quot;alert&quot;:null,&quot;partof&quot;:[31647],&quot;marketing_topic&quot;:{&quot;title&quot;:&quot;Bilderbuchkino&quot;,&quot;ID&quot;:31647,&quot;reason&quot;:&quot;sequence&quot;}}' inline-template>\n\t<a href=\"https:\/\/www.humboldtforum.org\/de\/programm\/termin\/lesung\/ida-ada-und-sibylla-128283\/\" class=\"teaser teaser-event teaser-event-standard\">\n\t\t<div class=\"row\">\n\t\t\t<div class=\"col-xs-12 teaser-event-image\">\n\t\t\t\t<div class=\"teaser-image teaser-image-no-alternate\">\n\t\t\t\t\t\t\t\t\t\t\t\n\t<lazy-media-inline inline-template>\n\t\t<figure itemscope itemtype=\"http:\/\/schema.org\/ImageObject\" class=\"lazy-media-inline \" role=\"group\" id=\"media_6a95002409a9d\" aria-labelledby=\"desc_media_6a95002409a9d\">\n\t\t\t<script type=\"application\/json\" ref=\"data\">\n\t\t\t\t{\n\t\t\t\t\"sizes\" : {\"medium\":{\"file\":\"SHF_eb00228640-300x276.jpg\",\"width\":300,\"height\":276,\"mime-type\":\"image\\\/jpeg\",\"filesize\":15731},\"large\":{\"file\":\"SHF_eb00228640-1024x941.jpg\",\"width\":1024,\"height\":941,\"mime-type\":\"image\\\/jpeg\",\"filesize\":121968},\"thumbnail\":{\"file\":\"SHF_eb00228640-150x150.jpg\",\"width\":150,\"height\":150,\"mime-type\":\"image\\\/jpeg\",\"filesize\":6107},\"medium_large\":{\"file\":\"SHF_eb00228640-768x706.jpg\",\"width\":768,\"height\":706,\"mime-type\":\"image\\\/jpeg\",\"filesize\":75804},\"small\":{\"file\":\"SHF_eb00228640-440x404.jpg\",\"width\":440,\"height\":404,\"mime-type\":\"image\\\/jpeg\",\"filesize\":29709},\"semi\":{\"file\":\"SHF_eb00228640-580x533.jpg\",\"width\":580,\"height\":533,\"mime-type\":\"image\\\/jpeg\",\"filesize\":46498},\"mobile\":{\"file\":\"SHF_eb00228640-720x662.jpg\",\"width\":720,\"height\":662,\"mime-type\":\"image\\\/jpeg\",\"filesize\":67377},\"hd\":{\"file\":\"SHF_eb00228640-1280x1177.jpg\",\"width\":1280,\"height\":1177,\"mime-type\":\"image\\\/jpeg\",\"filesize\":182822},\"1536x1536\":{\"file\":\"SHF_eb00228640-1536x1412.jpg\",\"width\":1536,\"height\":1412,\"mime-type\":\"image\\\/jpeg\",\"filesize\":248638},\"original\":{\"file\":\"SHF_eb00228640.jpg\",\"width\":1880,\"height\":1728}},\n\t\t\t\t\"alt\" : \"Ein Buchcover mit dem Titel \\\"Ada und die Zahlenknackmaschine\\\"; Illustration eines M\\u00e4dchens mit einer Maschine.\",\n\t\t\t\t\"path\" : \"\\\/wp-content\\\/uploads\\\/2024\\\/04\\\/\",\n\t\t\t\t\"video\" : null,\n\t\t\t\t\"autoplay\" : null,\n\t\t\t\t\"youtube\" : null,\n\t\t\t\t\"youtubelabel\" : \"Video abspielen\",\n\t\t\t\t\"brightness\" : 100,\n\t\t\t\t\"crop\" : {\"top\":\"50.00\",\"left\":\"50.00\"},\n\t\t\t\t\"background\" : true,\n\t\t\t\t\"scale\" : 2\t\t\t\t}\n\t\t\t<\/script>\n\n\t\t\t<div class=\"height-container\" style=\"padding-bottom:91.914893617021%;\" v-if=\"sizes\">\n\t\t\t\t\t\t\t\t<lazy-media :inline=\"true\" :alt=\"alt\" :sizes=\"sizes\" :scale=\"scale\" :brightness=\"brightness\" :path=\"path\" :video=\"video\" :autoplay=\"autoplay\" :youtube=\"youtube\" :crop=\"crop\" :youtubelabel=\"youtubelabel\" :background=\"background\" media-id=\"desc_media_6a95002409a9d\"><\/lazy-media>\n\t\t\t\t\t\t\t<\/div>\n\n\t\t\t\t\t\t\t<figcaption class=\"sr-only\" ref=\"body\" id=\"desc_media_6a95002409a9d\">\n\t\t\t\t\t\t\t\t\t\t\t<div>Buchcover &quot;Ada und die Knack-Zahlen-Maschine&quot; von Rachel Katstaller und Zo&euml; Tucker<\/div>\n\t\t\t\t\t\t\t\t\t\t\t\t\t\t\t\t\t\t\t\t\t<div class=\"insignificant\">\u00a9 Nord S\u00fcd Verlag\r\n<\/div>\n\t\t\t\t\t\t\t\t\t<\/figcaption>\n\t\t\t\t\t<\/figure>\n\t<\/lazy-media-inline>\n\t\t\t\t<\/div>\n\t\t\t<\/div>\n\t\t\t<div class=\"col-xs-12 teaser-event-text Infos\">\n\t\t\t\t<div class=\"teaser-event-standard-text\">\n\t\t\t\t\t<div class=\"margin-bottom-atom\">\n\t\t\t\t\t\t<div class=\"subline clamp-1\" v-html=\"maingenre\"><\/div>\n\t\t\t\t\t\t\t\t\t\t\t\t\t<div class=\"insignificant clamp-2\">Bilderbuchkino<\/div>\n\t\t\t\t\t\t\t\t\t\t\t<\/div>\n\t\t\t\t\n\t\t\t\t\t<strong class=\"margin-bottom-atom\">Ida, Ada und Sibylla<\/strong>\n\n\t\t\t\t\t\t\t\t\t\t\t<div class=\"\">Ber\u00fchmte Forscher*innen<\/div>\n\t\t\t\t\t\t\t\t\t<\/div>\n\t\t\t\t<div class=\"teaser-bottom border-bottom\">\n\t\t\t\t<calendardateline :rawitem='item' :show-icon=\"true\"><\/calendardateline>\n\t\t\t\t\t<hr>\n\t\t\t\t<\/div>\n\t\t\t<\/div>\n\t\t<\/div>\n\t<\/a>\n\t<\/calendarteaser>\n<\/li>\n\n<li class=\"teaser-lane-slide col-xs-9 col-sm-4 col-md-3 teaser-wrapper col-padding-remove\">\n\t<calendarteaser key=\"317741547\" rawitem='{&quot;postId&quot;:31774,&quot;title&quot;:&quot;Pudel, Schweine oder Katzen?&quot;,&quot;excerpt&quot;:&quot;&quot;,&quot;slug&quot;:&quot;pudel-schweine-oder-katzen&quot;,&quot;post_date&quot;:&quot;2021-09-17T21:52&quot;,&quot;type&quot;:&quot;event&quot;,&quot;permalink&quot;:&quot;https:\\\/\\\/www.humboldtforum.org\\\/de\\\/programm\\\/termin\\\/lesung\\\/pudel-schweine-oder-katzen-31774\\\/&quot;,&quot;genre&quot;:[1144,823],&quot;genre_details&quot;:[{&quot;text&quot;:&quot;Lesung&quot;,&quot;id&quot;:1144,&quot;icon&quot;:null,&quot;parent&quot;:0},{&quot;text&quot;:&quot;Schauspiel&quot;,&quot;id&quot;:823,&quot;icon&quot;:null,&quot;parent&quot;:0}],&quot;stakeholder&quot;:[382],&quot;stakeholder_details&quot;:[{&quot;text&quot;:&quot;Stiftung Humboldt Forum im Berliner Schloss&quot;,&quot;id&quot;:382,&quot;icon&quot;:null,&quot;parent&quot;:0}],&quot;targetgroup&quot;:[454],&quot;targetgroup_details&quot;:[{&quot;text&quot;:&quot;Kinder und Familien&quot;,&quot;id&quot;:454,&quot;icon&quot;:null,&quot;parent&quot;:0}],&quot;language&quot;:[384],&quot;language_details&quot;:[{&quot;text&quot;:&quot;Deutsch&quot;,&quot;id&quot;:384,&quot;icon&quot;:null,&quot;parent&quot;:0}],&quot;accessability&quot;:[430],&quot;accessability_details&quot;:[{&quot;text&quot;:&quot;Rollstuhlgerecht&quot;,&quot;id&quot;:430,&quot;icon&quot;:null,&quot;parent&quot;:0}],&quot;age&quot;:[443],&quot;age_details&quot;:[{&quot;text&quot;:&quot;Kinder (3-6 Jahre)&quot;,&quot;id&quot;:443,&quot;icon&quot;:null,&quot;parent&quot;:0}],&quot;place&quot;:[424],&quot;place_details&quot;:{&quot;place&quot;:&quot;Humboldt Forum&quot;,&quot;map&quot;:&quot;Humboldt Forum, Schlossplatz, Berlin&quot;,&quot;room&quot;:&quot;Saal 3, EG&quot;},&quot;icon_overwrite&quot;:&quot;&quot;,&quot;acf&quot;:{&quot;hashtag&quot;:&quot;HumboldtForum&quot;,&quot;noindex&quot;:false,&quot;keywords&quot;:&quot;&quot;,&quot;shorturl&quot;:&quot;&quot;,&quot;times&quot;:[{&quot;start&quot;:&quot;20260906 14:00&quot;,&quot;end&quot;:&quot;14:30&quot;,&quot;status&quot;:&quot;BUY&quot;,&quot;info&quot;:&quot;4 EUR \\\/ erm\\u00e4\\u00dfigt 2 EUR&quot;,&quot;shop&quot;:&quot;https:\\\/\\\/tickets.humboldtforum.org\\\/#\\\/product\\\/event\\\/142?date=2026-09-06&amp;date_id=29558&amp;lang=de&quot;,&quot;i&quot;:0,&quot;start_hour&quot;:&quot;14:00&quot;,&quot;start_HRF&quot;:&quot;So,  6. September 2026&quot;,&quot;_date&quot;:{&quot;date&quot;:&quot;2026-09-06 14:30:00.000000&quot;,&quot;timezone_type&quot;:3,&quot;timezone&quot;:&quot;Europe\\\/Berlin&quot;},&quot;_fromdate&quot;:&quot;20260906 14:00&quot;,&quot;start_TS&quot;:1788696000,&quot;start_HRFSHORT&quot;:&quot;06.09.26&quot;,&quot;start_HRFSHORT_WD&quot;:&quot;So 06.09.2026&quot;,&quot;end_TS&quot;:1788697800,&quot;can_purchase&quot;:true},{&quot;start&quot;:&quot;20261018 13:00&quot;,&quot;end&quot;:&quot;13:30&quot;,&quot;status&quot;:&quot;BUY&quot;,&quot;info&quot;:&quot;4 EUR \\\/ erm\\u00e4\\u00dfigt 2 EUR&quot;,&quot;shop&quot;:&quot;https:\\\/\\\/tickets.humboldtforum.org\\\/#\\\/product\\\/event\\\/142?date=2026-10-18&amp;date_id=29831&amp;lang=de&quot;,&quot;i&quot;:1,&quot;start_hour&quot;:&quot;13:00&quot;,&quot;start_HRF&quot;:&quot;So, 18. Oktober 2026&quot;,&quot;_date&quot;:{&quot;date&quot;:&quot;2026-10-18 13:30:00.000000&quot;,&quot;timezone_type&quot;:3,&quot;timezone&quot;:&quot;Europe\\\/Berlin&quot;},&quot;_fromdate&quot;:&quot;20261018 13:00&quot;,&quot;start_TS&quot;:1792321200,&quot;start_HRFSHORT&quot;:&quot;18.10.26&quot;,&quot;start_HRFSHORT_WD&quot;:&quot;So 18.10.2026&quot;,&quot;end_TS&quot;:1792323000,&quot;can_purchase&quot;:true},{&quot;start&quot;:&quot;20261031 14:00&quot;,&quot;end&quot;:&quot;14:30&quot;,&quot;status&quot;:&quot;BUY&quot;,&quot;info&quot;:&quot;4 EUR \\\/ erm\\u00e4\\u00dfigt 2 EUR&quot;,&quot;shop&quot;:&quot;https:\\\/\\\/tickets.humboldtforum.org\\\/#\\\/product\\\/event\\\/142?date=2026-10-31&amp;date_id=29835&amp;lang=de&quot;,&quot;i&quot;:2,&quot;start_hour&quot;:&quot;14:00&quot;,&quot;start_HRF&quot;:&quot;Sa, 31. Oktober 2026&quot;,&quot;_date&quot;:{&quot;date&quot;:&quot;2026-10-31 14:30:00.000000&quot;,&quot;timezone_type&quot;:3,&quot;timezone&quot;:&quot;Europe\\\/Berlin&quot;},&quot;_fromdate&quot;:&quot;20261031 14:00&quot;,&quot;start_TS&quot;:1793451600,&quot;start_HRFSHORT&quot;:&quot;31.10.26&quot;,&quot;start_HRFSHORT_WD&quot;:&quot;Sa 31.10.2026&quot;,&quot;end_TS&quot;:1793453400,&quot;can_purchase&quot;:true}],&quot;planning&quot;:{&quot;price&quot;:&quot;4 EUR, erm\\u00e4\\u00dfigt 2 EUR&quot;,&quot;admission&quot;:&quot;&quot;,&quot;pause&quot;:&quot;&quot;,&quot;duration&quot;:&quot;30&quot;},&quot;subline&quot;:&quot;Flucht, Toleranz und unterschiedliche Perspektiven&quot;,&quot;marketing_text&quot;:&quot;Flucht, Toleranz und unterschiedliche Perspektiven&quot;,&quot;infotext&quot;:&quot;Wir bitten um Verst\\u00e4ndnis: Erwachsenen ist die Teilnahme am Programm nur in Begleitung von Kindern gestattet.&quot;,&quot;additional_info&quot;:{&quot;icon&quot;:&quot;icon-pin&quot;,&quot;text&quot;:&quot;Der Zugang zum Saal 3 ist im Schl\\u00fcterhof neben dem Skulpturensaal.&quot;},&quot;highlight_header&quot;:false,&quot;featured_images&quot;:[68900],&quot;use_video_in_teasers&quot;:false,&quot;hyphenation&quot;:true,&quot;tipp&quot;:false,&quot;joker&quot;:false,&quot;live&quot;:false,&quot;hide_event_in_program&quot;:false,&quot;alert_text&quot;:&quot;DE&quot;,&quot;gomus_id&quot;:&quot;&quot;,&quot;hm_id&quot;:&quot;&quot;,&quot;belongsto&quot;:[31647],&quot;tickettext&quot;:&quot;Bitte buchen Sie das Ticket vorab online oder an der Kasse im Foyer.&quot;},&quot;date&quot;:{&quot;NX&quot;:&quot;20260906&quot;,&quot;NXX&quot;:&quot;202609061400&quot;,&quot;NLAST&quot;:&quot;202610311100&quot;,&quot;from_DATE&quot;:&quot;20260906 14:00&quot;,&quot;from&quot;:1788688800,&quot;to&quot;:1793444400,&quot;to_DATE&quot;:&quot;20261031 14:00&quot;,&quot;from_HRFSHORT&quot;:&quot; 6. Sep 2026&quot;,&quot;from_HRFSHORT_WD&quot;:&quot;So 06.09.2026&quot;,&quot;to_HRFSHORT&quot;:&quot;31. Okt 2026&quot;,&quot;to_HRFSHORT_WD&quot;:&quot;Sa 31.10.2026&quot;,&quot;from_HRF&quot;:&quot;So,  6. September 2026&quot;,&quot;to_HRF&quot;:&quot;Sa, 31. Oktober 2026&quot;,&quot;from_to_HRF&quot;:&quot;So,  6. September \\u2013 Sa, 31. Oktober 2026&quot;,&quot;from_to_HRFSHORT&quot;:&quot; 6. Sep \\u2013 31. Okt 2026&quot;},&quot;alert&quot;:&quot;DE&quot;,&quot;partof&quot;:[&quot;31647&quot;],&quot;marketing_topic&quot;:{&quot;title&quot;:&quot;Bilderbuchkino&quot;,&quot;ID&quot;:&quot;31647&quot;,&quot;reason&quot;:&quot;sequence&quot;}}' inline-template>\n\t<a href=\"https:\/\/www.humboldtforum.org\/de\/programm\/termin\/lesung\/pudel-schweine-oder-katzen-31774\/\" class=\"teaser teaser-event teaser-event-standard\">\n\t\t<div class=\"row\">\n\t\t\t<div class=\"col-xs-12 teaser-event-image\">\n\t\t\t\t<div class=\"teaser-image teaser-image-no-alternate\">\n\t\t\t\t\t\t\t\t\t\t\t\t\t<span class=\"alert\">DE<\/span>\n\t\t\t\t\t\t\t\t\t\t\t\n\t<lazy-media-inline inline-template>\n\t\t<figure itemscope itemtype=\"http:\/\/schema.org\/ImageObject\" class=\"lazy-media-inline \" role=\"group\" id=\"media_6a9500240b16b\" aria-labelledby=\"desc_media_6a9500240b16b\">\n\t\t\t<script type=\"application\/json\" ref=\"data\">\n\t\t\t\t{\n\t\t\t\t\"sizes\" : {\"medium\":{\"file\":\"1034356_Web-300x141.jpg\",\"width\":300,\"height\":141,\"mime-type\":\"image\\\/jpeg\",\"filesize\":7599},\"large\":{\"file\":\"1034356_Web-1024x480.jpg\",\"width\":1024,\"height\":480,\"mime-type\":\"image\\\/jpeg\",\"filesize\":48523},\"thumbnail\":{\"file\":\"1034356_Web-150x150.jpg\",\"width\":150,\"height\":150,\"mime-type\":\"image\\\/jpeg\",\"filesize\":5109},\"medium_large\":{\"file\":\"1034356_Web-768x360.jpg\",\"width\":768,\"height\":360,\"mime-type\":\"image\\\/jpeg\",\"filesize\":29819},\"small\":{\"file\":\"1034356_Web-440x206.jpg\",\"width\":440,\"height\":206,\"mime-type\":\"image\\\/jpeg\",\"filesize\":12585},\"semi\":{\"file\":\"1034356_Web-580x272.jpg\",\"width\":580,\"height\":272,\"mime-type\":\"image\\\/jpeg\",\"filesize\":19044},\"mobile\":{\"file\":\"1034356_Web-720x338.jpg\",\"width\":720,\"height\":338,\"mime-type\":\"image\\\/jpeg\",\"filesize\":27291},\"original\":{\"file\":\"1034356_Web.jpg\",\"width\":1280,\"height\":600}},\n\t\t\t\t\"alt\" : \"Das Bilderbuch \\u201eAlle sehen eine Katze\\u201c liegt auf einem Tisch, umgeben von Wolle, Scheren und bunten Spielzeugen.\",\n\t\t\t\t\"path\" : \"\\\/wp-content\\\/uploads\\\/2021\\\/09\\\/\",\n\t\t\t\t\"video\" : null,\n\t\t\t\t\"autoplay\" : null,\n\t\t\t\t\"youtube\" : null,\n\t\t\t\t\"youtubelabel\" : \"Video abspielen\",\n\t\t\t\t\"brightness\" : 100,\n\t\t\t\t\"crop\" : {\"top\":\"50.00\",\"left\":\"50.00\"},\n\t\t\t\t\"background\" : true,\n\t\t\t\t\"scale\" : 2\t\t\t\t}\n\t\t\t<\/script>\n\n\t\t\t<div class=\"height-container\" style=\"padding-bottom:46.875%;\" v-if=\"sizes\">\n\t\t\t\t\t\t\t\t<lazy-media :inline=\"true\" :alt=\"alt\" :sizes=\"sizes\" :scale=\"scale\" :brightness=\"brightness\" :path=\"path\" :video=\"video\" :autoplay=\"autoplay\" :youtube=\"youtube\" :crop=\"crop\" :youtubelabel=\"youtubelabel\" :background=\"background\" media-id=\"desc_media_6a9500240b16b\"><\/lazy-media>\n\t\t\t\t\t\t\t<\/div>\n\n\t\t\t\t\t\t\t<figcaption class=\"sr-only\" ref=\"body\" id=\"desc_media_6a9500240b16b\">\n\t\t\t\t\t\t\t\t\t\t\t<div>Cover zum Bilderbuch &quot;Alle sehen eine Katze&quot; von Brendan Wenzel<\/div>\n\t\t\t\t\t\t\t\t\t\t\t\t\t\t\t\t\t\t\t\t\t<div class=\"insignificant\">\u00a9 2018 NordS\u00fcd Verlag AG \/ Stiftung Humboldt Forum im Berliner Schloss, Foto: Andreas K\u00f6nig<\/div>\n\t\t\t\t\t\t\t\t\t<\/figcaption>\n\t\t\t\t\t<\/figure>\n\t<\/lazy-media-inline>\n\t\t\t\t<\/div>\n\t\t\t<\/div>\n\t\t\t<div class=\"col-xs-12 teaser-event-text Infos\">\n\t\t\t\t<div class=\"teaser-event-standard-text\">\n\t\t\t\t\t<div class=\"margin-bottom-atom\">\n\t\t\t\t\t\t<div class=\"subline clamp-1\" v-html=\"maingenre\"><\/div>\n\t\t\t\t\t\t\t\t\t\t\t\t\t<div class=\"insignificant clamp-2\">Bilderbuchkino<\/div>\n\t\t\t\t\t\t\t\t\t\t\t<\/div>\n\t\t\t\t\n\t\t\t\t\t<strong class=\"margin-bottom-atom\">Pudel, Schweine oder Katzen?<\/strong>\n\n\t\t\t\t\t\t\t\t\t\t\t<div class=\"\">Flucht, Toleranz und unterschiedliche Perspektiven<\/div>\n\t\t\t\t\t\t\t\t\t<\/div>\n\t\t\t\t<div class=\"teaser-bottom border-bottom\">\n\t\t\t\t<calendardateline :rawitem='item' :show-icon=\"true\"><\/calendardateline>\n\t\t\t\t\t<hr>\n\t\t\t\t<\/div>\n\t\t\t<\/div>\n\t\t<\/div>\n\t<\/a>\n\t<\/calendarteaser>\n<\/li>\n\n<li class=\"teaser-lane-slide col-xs-9 col-sm-4 col-md-3 teaser-wrapper col-padding-remove\">\n\t<calendarteaser key=\"3021611211\" rawitem='{&quot;postId&quot;:30216,&quot;title&quot;:&quot;Forum oder Schloss?&quot;,&quot;excerpt&quot;:&quot;&quot;,&quot;slug&quot;:&quot;forum-oder-schloss&quot;,&quot;post_date&quot;:&quot;2021-08-18T08:54&quot;,&quot;type&quot;:&quot;event&quot;,&quot;permalink&quot;:&quot;https:\\\/\\\/www.humboldtforum.org\\\/de\\\/programm\\\/termin\\\/fuehrung\\\/forum-oder-schloss-30216\\\/&quot;,&quot;genre&quot;:[821],&quot;genre_details&quot;:[{&quot;text&quot;:&quot;F\\u00fchrung&quot;,&quot;id&quot;:821,&quot;icon&quot;:null,&quot;parent&quot;:0}],&quot;topic&quot;:[431],&quot;topic_details&quot;:[{&quot;text&quot;:&quot;Geschichte und Architektur des Ortes&quot;,&quot;id&quot;:431,&quot;icon&quot;:null,&quot;parent&quot;:0}],&quot;stakeholder&quot;:[382],&quot;stakeholder_details&quot;:[{&quot;text&quot;:&quot;Stiftung Humboldt Forum im Berliner Schloss&quot;,&quot;id&quot;:382,&quot;icon&quot;:null,&quot;parent&quot;:0}],&quot;targetgroup&quot;:[454],&quot;targetgroup_details&quot;:[{&quot;text&quot;:&quot;Kinder und Familien&quot;,&quot;id&quot;:454,&quot;icon&quot;:null,&quot;parent&quot;:0}],&quot;language&quot;:[384],&quot;language_details&quot;:[{&quot;text&quot;:&quot;Deutsch&quot;,&quot;id&quot;:384,&quot;icon&quot;:null,&quot;parent&quot;:0}],&quot;accessability&quot;:[430],&quot;accessability_details&quot;:[{&quot;text&quot;:&quot;Rollstuhlgerecht&quot;,&quot;id&quot;:430,&quot;icon&quot;:null,&quot;parent&quot;:0}],&quot;groupsize&quot;:[1047],&quot;groupsize_details&quot;:[{&quot;text&quot;:&quot;max. 20 Personen&quot;,&quot;id&quot;:1047,&quot;icon&quot;:null,&quot;parent&quot;:0}],&quot;icon_overwrite&quot;:&quot;&quot;,&quot;acf&quot;:{&quot;hashtag&quot;:&quot;HumboldtForum&quot;,&quot;belongsto&quot;:false,&quot;noindex&quot;:false,&quot;keywords&quot;:&quot;&quot;,&quot;shorturl&quot;:&quot;&quot;,&quot;times&quot;:[{&quot;start&quot;:&quot;20260906 14:00&quot;,&quot;end&quot;:&quot;15:00&quot;,&quot;status&quot;:&quot;BUY&quot;,&quot;info&quot;:&quot;F\\u00fchrung in deutscher Sprache - 5 EUR&quot;,&quot;shop&quot;:&quot;https:\\\/\\\/tickets.humboldtforum.org\\\/#\\\/product\\\/event\\\/24?date=2026-09-06&amp;date_id=29660&amp;lang=de&quot;,&quot;i&quot;:1,&quot;start_hour&quot;:&quot;14:00&quot;,&quot;start_HRF&quot;:&quot;So,  6. September 2026&quot;,&quot;_date&quot;:{&quot;date&quot;:&quot;2026-09-06 15:00:00.000000&quot;,&quot;timezone_type&quot;:3,&quot;timezone&quot;:&quot;Europe\\\/Berlin&quot;},&quot;_fromdate&quot;:&quot;20260906 14:00&quot;,&quot;start_TS&quot;:1788696000,&quot;start_HRFSHORT&quot;:&quot;06.09.26&quot;,&quot;start_HRFSHORT_WD&quot;:&quot;So 06.09.2026&quot;,&quot;end_TS&quot;:1788699600,&quot;can_purchase&quot;:true},{&quot;start&quot;:&quot;20260926 11:30&quot;,&quot;end&quot;:&quot;12:30&quot;,&quot;status&quot;:&quot;BUY&quot;,&quot;info&quot;:&quot;F\\u00fchrung in deutscher Sprache - 5 EUR&quot;,&quot;shop&quot;:&quot;https:\\\/\\\/tickets.humboldtforum.org\\\/#\\\/product\\\/event\\\/24?date=2026-09-26&amp;date_id=29661&amp;lang=de&quot;,&quot;i&quot;:2,&quot;start_hour&quot;:&quot;11:30&quot;,&quot;start_HRF&quot;:&quot;Sa, 26. September 2026&quot;,&quot;_date&quot;:{&quot;date&quot;:&quot;2026-09-26 12:30:00.000000&quot;,&quot;timezone_type&quot;:3,&quot;timezone&quot;:&quot;Europe\\\/Berlin&quot;},&quot;_fromdate&quot;:&quot;20260926 11:30&quot;,&quot;start_TS&quot;:1790415000,&quot;start_HRFSHORT&quot;:&quot;26.09.26&quot;,&quot;start_HRFSHORT_WD&quot;:&quot;Sa 26.09.2026&quot;,&quot;end_TS&quot;:1790418600,&quot;can_purchase&quot;:true},{&quot;start&quot;:&quot;20261004 14:00&quot;,&quot;end&quot;:&quot;15:00&quot;,&quot;status&quot;:&quot;BUY&quot;,&quot;info&quot;:&quot;F\\u00fchrung in deutscher Sprache - 5 EUR&quot;,&quot;shop&quot;:&quot;https:\\\/\\\/tickets.humboldtforum.org\\\/#\\\/product\\\/event\\\/24?date=2026-10-04&amp;date_id=29976&amp;lang=de&quot;,&quot;i&quot;:3,&quot;start_hour&quot;:&quot;14:00&quot;,&quot;start_HRF&quot;:&quot;So,  4. Oktober 2026&quot;,&quot;_date&quot;:{&quot;date&quot;:&quot;2026-10-04 15:00:00.000000&quot;,&quot;timezone_type&quot;:3,&quot;timezone&quot;:&quot;Europe\\\/Berlin&quot;},&quot;_fromdate&quot;:&quot;20261004 14:00&quot;,&quot;start_TS&quot;:1791115200,&quot;start_HRFSHORT&quot;:&quot;04.10.26&quot;,&quot;start_HRFSHORT_WD&quot;:&quot;So 04.10.2026&quot;,&quot;end_TS&quot;:1791118800,&quot;can_purchase&quot;:true},{&quot;start&quot;:&quot;20261024 11:30&quot;,&quot;end&quot;:&quot;12:30&quot;,&quot;status&quot;:&quot;BUY&quot;,&quot;info&quot;:&quot;F\\u00fchrung in deutscher Sprache - 5 EUR&quot;,&quot;shop&quot;:&quot;https:\\\/\\\/tickets.humboldtforum.org\\\/#\\\/product\\\/event\\\/24?date=2026-10-24&amp;date_id=29977&amp;lang=de&quot;,&quot;i&quot;:4,&quot;start_hour&quot;:&quot;11:30&quot;,&quot;start_HRF&quot;:&quot;Sa, 24. Oktober 2026&quot;,&quot;_date&quot;:{&quot;date&quot;:&quot;2026-10-24 12:30:00.000000&quot;,&quot;timezone_type&quot;:3,&quot;timezone&quot;:&quot;Europe\\\/Berlin&quot;},&quot;_fromdate&quot;:&quot;20261024 11:30&quot;,&quot;start_TS&quot;:1792834200,&quot;start_HRFSHORT&quot;:&quot;24.10.26&quot;,&quot;start_HRFSHORT_WD&quot;:&quot;Sa 24.10.2026&quot;,&quot;end_TS&quot;:1792837800,&quot;can_purchase&quot;:true}],&quot;planning&quot;:{&quot;price&quot;:&quot;5 EUR pro Person&quot;,&quot;admission&quot;:&quot;&quot;,&quot;pause&quot;:&quot;&quot;,&quot;duration&quot;:&quot;60&quot;},&quot;subline&quot;:&quot;Familienf\\u00fchrung&quot;,&quot;tickettext&quot;:&quot;Bitte buchen Sie Ihr Ticket vorab online oder an der Kasse im Foyer.&quot;,&quot;additional_info&quot;:{&quot;icon&quot;:&quot;icon-uhr&quot;,&quot;text&quot;:&quot;Termine und Ticketbuchung f\\u00fcr den kommenden Monat werden jeweils zum Ende des Vormonats freigeschaltet.&quot;},&quot;highlight_header&quot;:false,&quot;featured_images&quot;:[18649],&quot;use_video_in_teasers&quot;:false,&quot;hyphenation&quot;:true,&quot;tipp&quot;:false,&quot;joker&quot;:true,&quot;live&quot;:false,&quot;hide_event_in_program&quot;:false,&quot;alert_text&quot;:&quot;DE&quot;,&quot;gomus_id&quot;:&quot;&quot;,&quot;hm_id&quot;:&quot;&quot;},&quot;date&quot;:{&quot;NX&quot;:&quot;20260906&quot;,&quot;NXX&quot;:&quot;202609061400&quot;,&quot;NLAST&quot;:&quot;202610240730&quot;,&quot;from_DATE&quot;:&quot;20260829 11:30&quot;,&quot;from&quot;:1787988600,&quot;to&quot;:1792827000,&quot;to_DATE&quot;:&quot;20261024 11:30&quot;,&quot;from_HRFSHORT&quot;:&quot;29. Aug 2026&quot;,&quot;from_HRFSHORT_WD&quot;:&quot;Sa 29.08.2026&quot;,&quot;to_HRFSHORT&quot;:&quot;24. Okt 2026&quot;,&quot;to_HRFSHORT_WD&quot;:&quot;Sa 24.10.2026&quot;,&quot;from_HRF&quot;:&quot;Sa, 29. August 2026&quot;,&quot;to_HRF&quot;:&quot;Sa, 24. Oktober 2026&quot;,&quot;from_to_HRF&quot;:&quot;Sa, 29. August \\u2013 Sa, 24. Oktober 2026&quot;,&quot;from_to_HRFSHORT&quot;:&quot;29. Aug \\u2013 24. Okt 2026&quot;},&quot;alert&quot;:&quot;DE&quot;,&quot;partof&quot;:[],&quot;marketing_topic&quot;:{&quot;title&quot;:&quot;Geschichte und Architektur des Ortes&quot;,&quot;0&quot;:&quot;topic&quot;}}' inline-template>\n\t<a href=\"https:\/\/www.humboldtforum.org\/de\/programm\/termin\/fuehrung\/forum-oder-schloss-30216\/\" class=\"teaser teaser-event teaser-event-standard\">\n\t\t<div class=\"row\">\n\t\t\t<div class=\"col-xs-12 teaser-event-image\">\n\t\t\t\t<div class=\"teaser-image teaser-image-no-alternate\">\n\t\t\t\t\t\t\t\t\t\t\t\t\t<span class=\"alert\">DE<\/span>\n\t\t\t\t\t\t\t\t\t\t\t\n\t<lazy-media-inline inline-template>\n\t\t<figure itemscope itemtype=\"http:\/\/schema.org\/ImageObject\" class=\"lazy-media-inline \" role=\"group\" id=\"media_6a9500240ccdd\" aria-labelledby=\"desc_media_6a9500240ccdd\">\n\t\t\t<script type=\"application\/json\" ref=\"data\">\n\t\t\t\t{\n\t\t\t\t\"sizes\" : {\"medium\":{\"file\":\"20201215_HUF_KPB_OstfassadeDetail-1-240x300.jpg\",\"width\":240,\"height\":300,\"mime-type\":\"image\\\/jpeg\"},\"large\":{\"file\":\"20201215_HUF_KPB_OstfassadeDetail-1-819x1024.jpg\",\"width\":819,\"height\":1024,\"mime-type\":\"image\\\/jpeg\"},\"thumbnail\":{\"file\":\"20201215_HUF_KPB_OstfassadeDetail-1-150x150.jpg\",\"width\":150,\"height\":150,\"mime-type\":\"image\\\/jpeg\"},\"medium_large\":{\"file\":\"20201215_HUF_KPB_OstfassadeDetail-1-768x960.jpg\",\"width\":768,\"height\":960,\"mime-type\":\"image\\\/jpeg\"},\"small\":{\"file\":\"20201215_HUF_KPB_OstfassadeDetail-1-352x440.jpg\",\"width\":352,\"height\":440,\"mime-type\":\"image\\\/jpeg\"},\"semi\":{\"file\":\"20201215_HUF_KPB_OstfassadeDetail-1-464x580.jpg\",\"width\":464,\"height\":580,\"mime-type\":\"image\\\/jpeg\"},\"mobile\":{\"file\":\"20201215_HUF_KPB_OstfassadeDetail-1-576x720.jpg\",\"width\":576,\"height\":720,\"mime-type\":\"image\\\/jpeg\"},\"hd\":{\"file\":\"20201215_HUF_KPB_OstfassadeDetail-1-1024x1280.jpg\",\"width\":1024,\"height\":1280,\"mime-type\":\"image\\\/jpeg\"},\"full\":{\"file\":\"20201215_HUF_KPB_OstfassadeDetail-1-1536x1920.jpg\",\"width\":1536,\"height\":1920,\"mime-type\":\"image\\\/jpeg\"},\"1536x1536\":{\"file\":\"20201215_HUF_KPB_OstfassadeDetail-1-1229x1536.jpg\",\"width\":1229,\"height\":1536,\"mime-type\":\"image\\\/jpeg\"},\"original\":{\"file\":\"20201215_HUF_KPB_OstfassadeDetail-1.jpg\",\"width\":1600,\"height\":2000}},\n\t\t\t\t\"alt\" : \"Moderne Architektur trifft auf historische Fassade am Wasser, mit einem kleinen Baum im Vordergrund.\",\n\t\t\t\t\"path\" : \"\\\/wp-content\\\/uploads\\\/2020\\\/12\\\/\",\n\t\t\t\t\"video\" : null,\n\t\t\t\t\"autoplay\" : null,\n\t\t\t\t\"youtube\" : null,\n\t\t\t\t\"youtubelabel\" : \"Video abspielen\",\n\t\t\t\t\"brightness\" : 100,\n\t\t\t\t\"crop\" : {\"top\":\"50.00\",\"left\":\"50.00\"},\n\t\t\t\t\"background\" : true,\n\t\t\t\t\"scale\" : 2\t\t\t\t}\n\t\t\t<\/script>\n\n\t\t\t<div class=\"height-container\" style=\"padding-bottom:125%;\" v-if=\"sizes\">\n\t\t\t\t\t\t\t\t<lazy-media :inline=\"true\" :alt=\"alt\" :sizes=\"sizes\" :scale=\"scale\" :brightness=\"brightness\" :path=\"path\" :video=\"video\" :autoplay=\"autoplay\" :youtube=\"youtube\" :crop=\"crop\" :youtubelabel=\"youtubelabel\" :background=\"background\" media-id=\"desc_media_6a9500240ccdd\"><\/lazy-media>\n\t\t\t\t\t\t\t<\/div>\n\n\t\t\t\t\t\t\t<figcaption class=\"sr-only\" ref=\"body\" id=\"desc_media_6a9500240ccdd\">\n\t\t\t\t\t\t\t\t\t\t\t<div>Ostfassade mit Eckrondell: Alt trifft auf Neu, Barockfassade auf zeitgen&ouml;ssische Elemente.<\/div>\n\t\t\t\t\t\t\t\t\t\t\t\t\t\t\t\t\t\t\t\t\t<div class=\"insignificant\">\u00a9 Stiftung Humboldt Forum im Berliner Schloss \/ Foto: Alexander Schippel<\/div>\n\t\t\t\t\t\t\t\t\t<\/figcaption>\n\t\t\t\t\t<\/figure>\n\t<\/lazy-media-inline>\n\t\t\t\t<\/div>\n\t\t\t<\/div>\n\t\t\t<div class=\"col-xs-12 teaser-event-text Infos\">\n\t\t\t\t<div class=\"teaser-event-standard-text\">\n\t\t\t\t\t<div class=\"margin-bottom-atom\">\n\t\t\t\t\t\t<div class=\"subline clamp-1\" v-html=\"maingenre\"><\/div>\n\t\t\t\t\t\t\t\t\t\t\t\t\t<div class=\"insignificant clamp-2\">Geschichte und Architektur des Ortes<\/div>\n\t\t\t\t\t\t\t\t\t\t\t<\/div>\n\t\t\t\t\n\t\t\t\t\t<strong class=\"margin-bottom-atom\">Forum oder Schloss?<\/strong>\n\n\t\t\t\t\t\t\t\t\t\t\t<div class=\"\">Familienf\u00fchrung<\/div>\n\t\t\t\t\t\t\t\t\t<\/div>\n\t\t\t\t<div class=\"teaser-bottom border-bottom\">\n\t\t\t\t<calendardateline :rawitem='item' :show-icon=\"true\"><\/calendardateline>\n\t\t\t\t\t<hr>\n\t\t\t\t<\/div>\n\t\t\t<\/div>\n\t\t<\/div>\n\t<\/a>\n\t<\/calendarteaser>\n<\/li>\n\n<li class=\"teaser-lane-slide col-xs-9 col-sm-4 col-md-3 teaser-wrapper col-padding-remove\">\n\t<calendarteaser key=\"4346619374\" rawitem='{&quot;postId&quot;:43466,&quot;title&quot;:&quot;Mit Hund, Katz &amp; Ratte auf der Matte&quot;,&quot;excerpt&quot;:&quot;&quot;,&quot;slug&quot;:&quot;mit-hund-katz-ratte-auf-der-matte-2&quot;,&quot;post_date&quot;:&quot;2022-05-24T08:35&quot;,&quot;type&quot;:&quot;event&quot;,&quot;permalink&quot;:&quot;https:\\\/\\\/www.humboldtforum.org\\\/de\\\/programm\\\/termin\\\/lesung\\\/mit-hund-katz-ratte-auf-der-matte-2-43466\\\/&quot;,&quot;genre&quot;:[1144,823],&quot;genre_details&quot;:[{&quot;text&quot;:&quot;Lesung&quot;,&quot;id&quot;:1144,&quot;icon&quot;:null,&quot;parent&quot;:0},{&quot;text&quot;:&quot;Schauspiel&quot;,&quot;id&quot;:823,&quot;icon&quot;:null,&quot;parent&quot;:0}],&quot;stakeholder&quot;:[382],&quot;stakeholder_details&quot;:[{&quot;text&quot;:&quot;Stiftung Humboldt Forum im Berliner Schloss&quot;,&quot;id&quot;:382,&quot;icon&quot;:null,&quot;parent&quot;:0}],&quot;targetgroup&quot;:[454],&quot;targetgroup_details&quot;:[{&quot;text&quot;:&quot;Kinder und Familien&quot;,&quot;id&quot;:454,&quot;icon&quot;:null,&quot;parent&quot;:0}],&quot;language&quot;:[384,1419],&quot;language_details&quot;:[{&quot;text&quot;:&quot;Deutsch&quot;,&quot;id&quot;:384,&quot;icon&quot;:null,&quot;parent&quot;:0},{&quot;text&quot;:&quot;Ukrainisch&quot;,&quot;id&quot;:1419,&quot;icon&quot;:null,&quot;parent&quot;:0}],&quot;accessability&quot;:[430],&quot;accessability_details&quot;:[{&quot;text&quot;:&quot;Rollstuhlgerecht&quot;,&quot;id&quot;:430,&quot;icon&quot;:null,&quot;parent&quot;:0}],&quot;age&quot;:[443],&quot;age_details&quot;:[{&quot;text&quot;:&quot;Kinder (3-6 Jahre)&quot;,&quot;id&quot;:443,&quot;icon&quot;:null,&quot;parent&quot;:0}],&quot;place&quot;:[424],&quot;place_details&quot;:{&quot;place&quot;:&quot;Humboldt Forum&quot;,&quot;map&quot;:&quot;Humboldt Forum, Schlossplatz, Berlin&quot;,&quot;room&quot;:&quot;Saal 3, EG&quot;},&quot;icon_overwrite&quot;:&quot;&quot;,&quot;acf&quot;:{&quot;noindex&quot;:false,&quot;keywords&quot;:&quot;&quot;,&quot;hashtag&quot;:&quot;HumboldtForum&quot;,&quot;shorturl&quot;:&quot;&quot;,&quot;times&quot;:[{&quot;start&quot;:&quot;20260906 15:00&quot;,&quot;end&quot;:&quot;15:30&quot;,&quot;status&quot;:&quot;BUY&quot;,&quot;info&quot;:&quot;4 EUR \\\/ erm\\u00e4\\u00dfigt 2 EUR&quot;,&quot;shop&quot;:&quot;https:\\\/\\\/tickets.humboldtforum.org\\\/#\\\/product\\\/event\\\/142?date=2026-09-06&amp;date_id=29559&amp;lang=de&quot;,&quot;i&quot;:0,&quot;start_hour&quot;:&quot;15:00&quot;,&quot;start_HRF&quot;:&quot;So,  6. September 2026&quot;,&quot;_date&quot;:{&quot;date&quot;:&quot;2026-09-06 15:30:00.000000&quot;,&quot;timezone_type&quot;:3,&quot;timezone&quot;:&quot;Europe\\\/Berlin&quot;},&quot;_fromdate&quot;:&quot;20260906 15:00&quot;,&quot;start_TS&quot;:1788699600,&quot;start_HRFSHORT&quot;:&quot;06.09.26&quot;,&quot;start_HRFSHORT_WD&quot;:&quot;So 06.09.2026&quot;,&quot;end_TS&quot;:1788701400,&quot;can_purchase&quot;:true},{&quot;start&quot;:&quot;20261031 15:00&quot;,&quot;end&quot;:&quot;15:30&quot;,&quot;status&quot;:&quot;BUY&quot;,&quot;info&quot;:&quot;4 EUR \\\/ erm\\u00e4\\u00dfigt 2 EUR&quot;,&quot;shop&quot;:&quot;https:\\\/\\\/tickets.humboldtforum.org\\\/#\\\/product\\\/event\\\/142?date=2026-10-31&amp;date_id=29836&amp;lang=de&quot;,&quot;i&quot;:1,&quot;start_hour&quot;:&quot;15:00&quot;,&quot;start_HRF&quot;:&quot;Sa, 31. Oktober 2026&quot;,&quot;_date&quot;:{&quot;date&quot;:&quot;2026-10-31 15:30:00.000000&quot;,&quot;timezone_type&quot;:3,&quot;timezone&quot;:&quot;Europe\\\/Berlin&quot;},&quot;_fromdate&quot;:&quot;20261031 15:00&quot;,&quot;start_TS&quot;:1793455200,&quot;start_HRFSHORT&quot;:&quot;31.10.26&quot;,&quot;start_HRFSHORT_WD&quot;:&quot;Sa 31.10.2026&quot;,&quot;end_TS&quot;:1793457000,&quot;can_purchase&quot;:true}],&quot;planning&quot;:{&quot;price&quot;:&quot;4 EUR \\\/ erm\\u00e4\\u00dfigt 2 EUR&quot;,&quot;admission&quot;:&quot;&quot;,&quot;pause&quot;:&quot;&quot;,&quot;duration&quot;:&quot;30&quot;},&quot;tickettext&quot;:&quot;Bitte buchen Sie Ihr Ticket vorab online oder an der Kasse im Foyer.&quot;,&quot;infotext&quot;:&quot;Wir bitten um Verst\\u00e4ndnis: Erwachsenen ist die Teilnahme am Programm nur in Begleitung von Kindern gestattet.&quot;,&quot;additional_info&quot;:{&quot;icon&quot;:&quot;icon-ort&quot;,&quot;text&quot;:&quot;Der Eingang zu Saal 3 befindet sich im Schl\\u00fcterhof neben der Skulpturenhalle.&quot;},&quot;highlight_header&quot;:false,&quot;featured_images&quot;:[68941],&quot;use_video_in_teasers&quot;:false,&quot;hyphenation&quot;:true,&quot;tipp&quot;:false,&quot;joker&quot;:false,&quot;live&quot;:false,&quot;hide_event_in_program&quot;:false,&quot;gomus_id&quot;:&quot;&quot;,&quot;belongsto&quot;:[31647],&quot;hm_id&quot;:&quot;&quot;},&quot;date&quot;:{&quot;NX&quot;:&quot;20260906&quot;,&quot;NXX&quot;:&quot;202609061500&quot;,&quot;NLAST&quot;:&quot;202610311200&quot;,&quot;from_DATE&quot;:&quot;20260906 15:00&quot;,&quot;from&quot;:1788692400,&quot;to&quot;:1793448000,&quot;to_DATE&quot;:&quot;20261031 15:00&quot;,&quot;from_HRFSHORT&quot;:&quot; 6. Sep 2026&quot;,&quot;from_HRFSHORT_WD&quot;:&quot;So 06.09.2026&quot;,&quot;to_HRFSHORT&quot;:&quot;31. Okt 2026&quot;,&quot;to_HRFSHORT_WD&quot;:&quot;Sa 31.10.2026&quot;,&quot;from_HRF&quot;:&quot;So,  6. September 2026&quot;,&quot;to_HRF&quot;:&quot;Sa, 31. Oktober 2026&quot;,&quot;from_to_HRF&quot;:&quot;So,  6. September \\u2013 Sa, 31. Oktober 2026&quot;,&quot;from_to_HRFSHORT&quot;:&quot; 6. Sep \\u2013 31. Okt 2026&quot;},&quot;alert&quot;:null,&quot;partof&quot;:[&quot;31647&quot;],&quot;marketing_topic&quot;:{&quot;title&quot;:&quot;Bilderbuchkino&quot;,&quot;ID&quot;:&quot;31647&quot;,&quot;reason&quot;:&quot;sequence&quot;}}' inline-template>\n\t<a href=\"https:\/\/www.humboldtforum.org\/de\/programm\/termin\/lesung\/mit-hund-katz-ratte-auf-der-matte-2-43466\/\" class=\"teaser teaser-event teaser-event-standard\">\n\t\t<div class=\"row\">\n\t\t\t<div class=\"col-xs-12 teaser-event-image\">\n\t\t\t\t<div class=\"teaser-image teaser-image-no-alternate\">\n\t\t\t\t\t\t\t\t\t\t\t\n\t<lazy-media-inline inline-template>\n\t\t<figure itemscope itemtype=\"http:\/\/schema.org\/ImageObject\" class=\"lazy-media-inline \" role=\"group\" id=\"media_6a9500240e4b9\" aria-labelledby=\"desc_media_6a9500240e4b9\">\n\t\t\t<script type=\"application\/json\" ref=\"data\">\n\t\t\t\t{\n\t\t\t\t\"sizes\" : {\"medium\":{\"file\":\"1034396_Web-300x141.jpg\",\"width\":300,\"height\":141,\"mime-type\":\"image\\\/jpeg\",\"filesize\":8412},\"large\":{\"file\":\"1034396_Web-1024x480.jpg\",\"width\":1024,\"height\":480,\"mime-type\":\"image\\\/jpeg\",\"filesize\":60493},\"thumbnail\":{\"file\":\"1034396_Web-150x150.jpg\",\"width\":150,\"height\":150,\"mime-type\":\"image\\\/jpeg\",\"filesize\":5441},\"medium_large\":{\"file\":\"1034396_Web-768x360.jpg\",\"width\":768,\"height\":360,\"mime-type\":\"image\\\/jpeg\",\"filesize\":36628},\"small\":{\"file\":\"1034396_Web-440x206.jpg\",\"width\":440,\"height\":206,\"mime-type\":\"image\\\/jpeg\",\"filesize\":14673},\"semi\":{\"file\":\"1034396_Web-580x272.jpg\",\"width\":580,\"height\":272,\"mime-type\":\"image\\\/jpeg\",\"filesize\":23068},\"mobile\":{\"file\":\"1034396_Web-720x338.jpg\",\"width\":720,\"height\":338,\"mime-type\":\"image\\\/jpeg\",\"filesize\":32783},\"original\":{\"file\":\"1034396_Web.jpg\",\"width\":1280,\"height\":600}},\n\t\t\t\t\"alt\" : \"Ein Kinderbuch mit einer Zauberer-Szene, umgeben von Spielzeugfiguren, B\\u00e4umen und Bausteinen auf einem Tisch.\",\n\t\t\t\t\"path\" : \"\\\/wp-content\\\/uploads\\\/2022\\\/05\\\/\",\n\t\t\t\t\"video\" : null,\n\t\t\t\t\"autoplay\" : null,\n\t\t\t\t\"youtube\" : null,\n\t\t\t\t\"youtubelabel\" : \"Video abspielen\",\n\t\t\t\t\"brightness\" : 100,\n\t\t\t\t\"crop\" : {\"top\":\"54.96\",\"left\":\"49.95\"},\n\t\t\t\t\"background\" : true,\n\t\t\t\t\"scale\" : 2\t\t\t\t}\n\t\t\t<\/script>\n\n\t\t\t<div class=\"height-container\" style=\"padding-bottom:46.875%;\" v-if=\"sizes\">\n\t\t\t\t\t\t\t\t<lazy-media :inline=\"true\" :alt=\"alt\" :sizes=\"sizes\" :scale=\"scale\" :brightness=\"brightness\" :path=\"path\" :video=\"video\" :autoplay=\"autoplay\" :youtube=\"youtube\" :crop=\"crop\" :youtubelabel=\"youtubelabel\" :background=\"background\" media-id=\"desc_media_6a9500240e4b9\"><\/lazy-media>\n\t\t\t\t\t\t\t<\/div>\n\n\t\t\t\t\t\t\t<figcaption class=\"sr-only\" ref=\"body\" id=\"desc_media_6a9500240e4b9\">\n\t\t\t\t\t\t\t\t\t\t\t<div>Cover zum Bilderbuch &quot;F&uuml;r Hund und Katz ist auch noch Platz&quot; von Axel Scheffler und Julia Donaldson<\/div>\n\t\t\t\t\t\t\t\t\t\t\t\t\t\t\t\t\t\t\t\t\t<div class=\"insignificant\">\u00a9 2001 Beltz &#038; Gelberg in der Verlagsgruppe Beltz \u2219 Weinheim Basel \/ Stiftung Humboldt Forum im Berliner Schloss, Foto: Andreas K\u00f6nig<\/div>\n\t\t\t\t\t\t\t\t\t<\/figcaption>\n\t\t\t\t\t<\/figure>\n\t<\/lazy-media-inline>\n\t\t\t\t<\/div>\n\t\t\t<\/div>\n\t\t\t<div class=\"col-xs-12 teaser-event-text Infos\">\n\t\t\t\t<div class=\"teaser-event-standard-text\">\n\t\t\t\t\t<div class=\"margin-bottom-atom\">\n\t\t\t\t\t\t<div class=\"subline clamp-1\" v-html=\"maingenre\"><\/div>\n\t\t\t\t\t\t\t\t\t\t\t\t\t<div class=\"insignificant clamp-2\">Bilderbuchkino<\/div>\n\t\t\t\t\t\t\t\t\t\t\t<\/div>\n\t\t\t\t\n\t\t\t\t\t<strong class=\"margin-bottom-atom\">Mit Hund, Katz &#038; Ratte auf der Matte<\/strong>\n\n\t\t\t\t\t\t\t\t\t\t\t<div class=\"\"><\/div>\n\t\t\t\t\t\t\t\t\t<\/div>\n\t\t\t\t<div class=\"teaser-bottom border-bottom\">\n\t\t\t\t<calendardateline :rawitem='item' :show-icon=\"true\"><\/calendardateline>\n\t\t\t\t\t<hr>\n\t\t\t\t<\/div>\n\t\t\t<\/div>\n\t\t<\/div>\n\t<\/a>\n\t<\/calendarteaser>\n<\/li>\n\n<li class=\"teaser-lane-slide col-xs-9 col-sm-4 col-md-3 teaser-wrapper col-padding-remove\">\n\t<calendarteaser key=\"297327129\" rawitem='{&quot;postId&quot;:29732,&quot;title&quot;:&quot;Geschichten von Berlin und der Welt&quot;,&quot;excerpt&quot;:&quot;&quot;,&quot;slug&quot;:&quot;geschichten-von-berlin-und-der-welt&quot;,&quot;post_date&quot;:&quot;2021-08-06T14:00&quot;,&quot;type&quot;:&quot;event&quot;,&quot;permalink&quot;:&quot;https:\\\/\\\/www.humboldtforum.org\\\/de\\\/programm\\\/termin\\\/fuehrung\\\/geschichten-von-berlin-und-der-welt-29732\\\/&quot;,&quot;genre&quot;:[821],&quot;genre_details&quot;:[{&quot;text&quot;:&quot;F\\u00fchrung&quot;,&quot;id&quot;:821,&quot;icon&quot;:null,&quot;parent&quot;:0}],&quot;stakeholder&quot;:[400],&quot;stakeholder_details&quot;:[{&quot;text&quot;:&quot;Berlin Museum&quot;,&quot;id&quot;:400,&quot;icon&quot;:null,&quot;parent&quot;:0}],&quot;targetgroup&quot;:[454],&quot;targetgroup_details&quot;:[{&quot;text&quot;:&quot;Kinder und Familien&quot;,&quot;id&quot;:454,&quot;icon&quot;:null,&quot;parent&quot;:0}],&quot;language&quot;:[384],&quot;language_details&quot;:[{&quot;text&quot;:&quot;Deutsch&quot;,&quot;id&quot;:384,&quot;icon&quot;:null,&quot;parent&quot;:0}],&quot;accessability&quot;:[430],&quot;accessability_details&quot;:[{&quot;text&quot;:&quot;Rollstuhlgerecht&quot;,&quot;id&quot;:430,&quot;icon&quot;:null,&quot;parent&quot;:0}],&quot;groupsize&quot;:[1059],&quot;groupsize_details&quot;:[{&quot;text&quot;:&quot;max. 15 Personen&quot;,&quot;id&quot;:1059,&quot;icon&quot;:null,&quot;parent&quot;:0}],&quot;icon_overwrite&quot;:&quot;&quot;,&quot;acf&quot;:{&quot;hashtag&quot;:&quot;HumboldtForum&quot;,&quot;belongsto&quot;:[14140],&quot;shorturl&quot;:&quot;&quot;,&quot;noindex&quot;:false,&quot;keywords&quot;:&quot;&quot;,&quot;times&quot;:[{&quot;start&quot;:&quot;20260912 11:30&quot;,&quot;end&quot;:&quot;12:30&quot;,&quot;status&quot;:&quot;BUY&quot;,&quot;info&quot;:&quot;F\\u00fchrung in deutscher Sprache - 5 EUR zzgl. Ausstellungsticket&quot;,&quot;shop&quot;:&quot;https:\\\/\\\/tickets.humboldtforum.org\\\/#\\\/product\\\/event\\\/59?date=2026-09-12&amp;date_id=29683&amp;lang=de&quot;,&quot;i&quot;:0,&quot;start_hour&quot;:&quot;11:30&quot;,&quot;start_HRF&quot;:&quot;Sa, 12. September 2026&quot;,&quot;_date&quot;:{&quot;date&quot;:&quot;2026-09-12 12:30:00.000000&quot;,&quot;timezone_type&quot;:3,&quot;timezone&quot;:&quot;Europe\\\/Berlin&quot;},&quot;_fromdate&quot;:&quot;20260912 11:30&quot;,&quot;start_TS&quot;:1789205400,&quot;start_HRFSHORT&quot;:&quot;12.09.26&quot;,&quot;start_HRFSHORT_WD&quot;:&quot;Sa 12.09.2026&quot;,&quot;end_TS&quot;:1789209000,&quot;can_purchase&quot;:true},{&quot;start&quot;:&quot;20260920 14:00&quot;,&quot;end&quot;:&quot;15:00&quot;,&quot;status&quot;:&quot;BUY&quot;,&quot;info&quot;:&quot;F\\u00fchrung in deutscher Sprache - 5 EUR zzgl. Ausstellungsticket&quot;,&quot;shop&quot;:&quot;https:\\\/\\\/tickets.humboldtforum.org\\\/#\\\/product\\\/event\\\/59?date=2026-09-20&amp;date_id=29684&amp;lang=de&quot;,&quot;i&quot;:1,&quot;start_hour&quot;:&quot;14:00&quot;,&quot;start_HRF&quot;:&quot;So, 20. September 2026&quot;,&quot;_date&quot;:{&quot;date&quot;:&quot;2026-09-20 15:00:00.000000&quot;,&quot;timezone_type&quot;:3,&quot;timezone&quot;:&quot;Europe\\\/Berlin&quot;},&quot;_fromdate&quot;:&quot;20260920 14:00&quot;,&quot;start_TS&quot;:1789905600,&quot;start_HRFSHORT&quot;:&quot;20.09.26&quot;,&quot;start_HRFSHORT_WD&quot;:&quot;So 20.09.2026&quot;,&quot;end_TS&quot;:1789909200,&quot;can_purchase&quot;:true},{&quot;start&quot;:&quot;20261010 11:30&quot;,&quot;end&quot;:&quot;12:30&quot;,&quot;status&quot;:&quot;BUY&quot;,&quot;info&quot;:&quot;F\\u00fchrung in deutscher Sprache - 5 EUR zzgl. Ausstellungsticket&quot;,&quot;shop&quot;:&quot;https:\\\/\\\/tickets.humboldtforum.org\\\/#\\\/product\\\/event\\\/59?date=2026-10-10&amp;date_id=30026&amp;lang=de&quot;,&quot;i&quot;:2,&quot;start_hour&quot;:&quot;11:30&quot;,&quot;start_HRF&quot;:&quot;Sa, 10. Oktober 2026&quot;,&quot;_date&quot;:{&quot;date&quot;:&quot;2026-10-10 12:30:00.000000&quot;,&quot;timezone_type&quot;:3,&quot;timezone&quot;:&quot;Europe\\\/Berlin&quot;},&quot;_fromdate&quot;:&quot;20261010 11:30&quot;,&quot;start_TS&quot;:1791624600,&quot;start_HRFSHORT&quot;:&quot;10.10.26&quot;,&quot;start_HRFSHORT_WD&quot;:&quot;Sa 10.10.2026&quot;,&quot;end_TS&quot;:1791628200,&quot;can_purchase&quot;:true},{&quot;start&quot;:&quot;20261010 14:00&quot;,&quot;end&quot;:&quot;15:00&quot;,&quot;status&quot;:&quot;BUY&quot;,&quot;info&quot;:&quot;F\\u00fchrung in deutscher Sprache - 5 EUR zzgl. Ausstellungsticket&quot;,&quot;shop&quot;:&quot;https:\\\/\\\/tickets.humboldtforum.org\\\/#\\\/product\\\/event\\\/59?date=2026-10-18&amp;date_id=30027&amp;lang=de&quot;,&quot;i&quot;:3,&quot;start_hour&quot;:&quot;14:00&quot;,&quot;start_HRF&quot;:&quot;Sa, 10. Oktober 2026&quot;,&quot;_date&quot;:{&quot;date&quot;:&quot;2026-10-10 15:00:00.000000&quot;,&quot;timezone_type&quot;:3,&quot;timezone&quot;:&quot;Europe\\\/Berlin&quot;},&quot;_fromdate&quot;:&quot;20261010 14:00&quot;,&quot;start_TS&quot;:1791633600,&quot;start_HRFSHORT&quot;:&quot;10.10.26&quot;,&quot;start_HRFSHORT_WD&quot;:&quot;Sa 10.10.2026&quot;,&quot;end_TS&quot;:1791637200,&quot;can_purchase&quot;:true}],&quot;planning&quot;:{&quot;price&quot;:&quot;5 EUR zzgl. Ausstellungsticket&quot;,&quot;admission&quot;:&quot;&quot;,&quot;pause&quot;:&quot;&quot;,&quot;duration&quot;:&quot;60&quot;},&quot;subline&quot;:&quot;\\u00d6ffentliche Familienf\\u00fchrung&quot;,&quot;marketing_text&quot;:&quot;\\u00d6ffentliche Familienf\\u00fchrung&quot;,&quot;additional_info&quot;:{&quot;icon&quot;:&quot;icon-uhr&quot;,&quot;text&quot;:&quot;Termine und Ticketbuchung f\\u00fcr den kommenden Monat werden jeweils zum Ende des Vormonats freigeschaltet.&quot;},&quot;highlight_header&quot;:false,&quot;featured_images&quot;:[30348],&quot;use_video_in_teasers&quot;:false,&quot;hyphenation&quot;:false,&quot;tipp&quot;:false,&quot;joker&quot;:false,&quot;live&quot;:false,&quot;hide_event_in_program&quot;:false,&quot;alert_text&quot;:&quot;DE&quot;,&quot;gomus_id&quot;:&quot;&quot;,&quot;hm_id&quot;:&quot;&quot;},&quot;date&quot;:{&quot;NX&quot;:&quot;20260912&quot;,&quot;NXX&quot;:&quot;202609121130&quot;,&quot;NLAST&quot;:&quot;202610101000&quot;,&quot;from_DATE&quot;:&quot;20260912 11:30&quot;,&quot;from&quot;:1789198200,&quot;to&quot;:1791626400,&quot;to_DATE&quot;:&quot;20261010 14:00&quot;,&quot;from_HRFSHORT&quot;:&quot;12. Sep 2026&quot;,&quot;from_HRFSHORT_WD&quot;:&quot;Sa 12.09.2026&quot;,&quot;to_HRFSHORT&quot;:&quot;10. Okt 2026&quot;,&quot;to_HRFSHORT_WD&quot;:&quot;Sa 10.10.2026&quot;,&quot;from_HRF&quot;:&quot;Sa, 12. September 2026&quot;,&quot;to_HRF&quot;:&quot;Sa, 10. Oktober 2026&quot;,&quot;from_to_HRF&quot;:&quot;Sa, 12. September \\u2013 Sa, 10. Oktober 2026&quot;,&quot;from_to_HRFSHORT&quot;:&quot;12. Sep \\u2013 10. Okt 2026&quot;},&quot;alert&quot;:&quot;DE&quot;,&quot;partof&quot;:[],&quot;marketing_topic&quot;:{&quot;title&quot;:&quot;BERLIN GLOBAL&quot;,&quot;ID&quot;:14140,&quot;reason&quot;:&quot;belongsto&quot;}}' inline-template>\n\t<a href=\"https:\/\/www.humboldtforum.org\/de\/programm\/termin\/fuehrung\/geschichten-von-berlin-und-der-welt-29732\/\" class=\"teaser teaser-event teaser-event-standard\">\n\t\t<div class=\"row\">\n\t\t\t<div class=\"col-xs-12 teaser-event-image\">\n\t\t\t\t<div class=\"teaser-image teaser-image-no-alternate\">\n\t\t\t\t\t\t\t\t\t\t\t\t\t<span class=\"alert\">DE<\/span>\n\t\t\t\t\t\t\t\t\t\t\t\n\t<lazy-media-inline inline-template>\n\t\t<figure itemscope itemtype=\"http:\/\/schema.org\/ImageObject\" class=\"lazy-media-inline \" role=\"group\" id=\"media_6a9500240fa83\" aria-labelledby=\"desc_media_6a9500240fa83\">\n\t\t\t<script type=\"application\/json\" ref=\"data\">\n\t\t\t\t{\n\t\t\t\t\"sizes\" : {\"medium\":{\"file\":\"SHF_eb00115720-300x200.jpg\",\"width\":300,\"height\":200,\"mime-type\":\"image\\\/jpeg\"},\"large\":{\"file\":\"SHF_eb00115720-1024x683.jpg\",\"width\":1024,\"height\":683,\"mime-type\":\"image\\\/jpeg\"},\"thumbnail\":{\"file\":\"SHF_eb00115720-150x150.jpg\",\"width\":150,\"height\":150,\"mime-type\":\"image\\\/jpeg\"},\"medium_large\":{\"file\":\"SHF_eb00115720-768x512.jpg\",\"width\":768,\"height\":512,\"mime-type\":\"image\\\/jpeg\"},\"small\":{\"file\":\"SHF_eb00115720-440x293.jpg\",\"width\":440,\"height\":293,\"mime-type\":\"image\\\/jpeg\"},\"semi\":{\"file\":\"SHF_eb00115720-580x387.jpg\",\"width\":580,\"height\":387,\"mime-type\":\"image\\\/jpeg\"},\"mobile\":{\"file\":\"SHF_eb00115720-720x480.jpg\",\"width\":720,\"height\":480,\"mime-type\":\"image\\\/jpeg\"},\"hd\":{\"file\":\"SHF_eb00115720-1280x853.jpg\",\"width\":1280,\"height\":853,\"mime-type\":\"image\\\/jpeg\"},\"full\":{\"file\":\"SHF_eb00115720-1920x1280.jpg\",\"width\":1920,\"height\":1280,\"mime-type\":\"image\\\/jpeg\"},\"1536x1536\":{\"file\":\"SHF_eb00115720-1536x1024.jpg\",\"width\":1536,\"height\":1024,\"mime-type\":\"image\\\/jpeg\"},\"original\":{\"file\":\"SHF_eb00115720.jpg\",\"width\":2048,\"height\":1365}},\n\t\t\t\t\"alt\" : \"Ein M\\u00e4dchen und ein Junge beobachten l\\u00e4chelnd ein Ausstellungsst\\u00fcck in einem Museum.\",\n\t\t\t\t\"path\" : \"\\\/wp-content\\\/uploads\\\/2021\\\/08\\\/\",\n\t\t\t\t\"video\" : null,\n\t\t\t\t\"autoplay\" : null,\n\t\t\t\t\"youtube\" : null,\n\t\t\t\t\"youtubelabel\" : \"Video abspielen\",\n\t\t\t\t\"brightness\" : 100,\n\t\t\t\t\"crop\" : {\"top\":\"36.16\",\"left\":\"49.67\"},\n\t\t\t\t\"background\" : true,\n\t\t\t\t\"scale\" : 2\t\t\t\t}\n\t\t\t<\/script>\n\n\t\t\t<div class=\"height-container\" style=\"padding-bottom:66.650390625%;\" v-if=\"sizes\">\n\t\t\t\t\t\t\t\t<lazy-media :inline=\"true\" :alt=\"alt\" :sizes=\"sizes\" :scale=\"scale\" :brightness=\"brightness\" :path=\"path\" :video=\"video\" :autoplay=\"autoplay\" :youtube=\"youtube\" :crop=\"crop\" :youtubelabel=\"youtubelabel\" :background=\"background\" media-id=\"desc_media_6a9500240fa83\"><\/lazy-media>\n\t\t\t\t\t\t\t<\/div>\n\n\t\t\t\t\t\t\t<figcaption class=\"sr-only\" ref=\"body\" id=\"desc_media_6a9500240fa83\">\n\t\t\t\t\t\t\t\t\t\t\t\t\t\t\t\t\t\t\t\t\t<div class=\"insignificant\">\u00a9 Stiftung Stadtmuseum Berlin, Foto: Anne Preussel<\/div>\n\t\t\t\t\t\t\t\t\t<\/figcaption>\n\t\t\t\t\t<\/figure>\n\t<\/lazy-media-inline>\n\t\t\t\t<\/div>\n\t\t\t<\/div>\n\t\t\t<div class=\"col-xs-12 teaser-event-text Infos\">\n\t\t\t\t<div class=\"teaser-event-standard-text\">\n\t\t\t\t\t<div class=\"margin-bottom-atom\">\n\t\t\t\t\t\t<div class=\"subline clamp-1\" v-html=\"maingenre\"><\/div>\n\t\t\t\t\t\t\t\t\t\t\t\t\t<div class=\"insignificant clamp-2\">BERLIN GLOBAL<\/div>\n\t\t\t\t\t\t\t\t\t\t\t<\/div>\n\t\t\t\t\n\t\t\t\t\t<strong class=\"margin-bottom-atom\">Geschichten von Berlin und der Welt<\/strong>\n\n\t\t\t\t\t\t\t\t\t\t\t<div class=\"\">\u00d6ffentliche Familienf\u00fchrung<\/div>\n\t\t\t\t\t\t\t\t\t<\/div>\n\t\t\t\t<div class=\"teaser-bottom border-bottom\">\n\t\t\t\t<calendardateline :rawitem='item' :show-icon=\"true\"><\/calendardateline>\n\t\t\t\t\t<hr>\n\t\t\t\t<\/div>\n\t\t\t<\/div>\n\t\t<\/div>\n\t<\/a>\n\t<\/calendarteaser>\n<\/li>\n\n<li class=\"teaser-lane-slide col-xs-9 col-sm-4 col-md-3 teaser-wrapper col-padding-remove\">\n\t<calendarteaser key=\"11832110225\" rawitem='{&quot;postId&quot;:118321,&quot;title&quot;:&quot;Perlenketten, Schilfboote, K\\u00f6rbe&quot;,&quot;excerpt&quot;:&quot;&quot;,&quot;slug&quot;:&quot;haengematten-schilfboote-koerbe&quot;,&quot;post_date&quot;:&quot;2024-01-10T13:44&quot;,&quot;type&quot;:&quot;event&quot;,&quot;permalink&quot;:&quot;https:\\\/\\\/www.humboldtforum.org\\\/de\\\/programm\\\/termin\\\/film-video\\\/haengematten-schilfboote-koerbe-118321\\\/&quot;,&quot;genre&quot;:[729],&quot;genre_details&quot;:[{&quot;text&quot;:&quot;Film\\\/Video&quot;,&quot;id&quot;:729,&quot;icon&quot;:null,&quot;parent&quot;:0}],&quot;stakeholder&quot;:[530,382],&quot;stakeholder_details&quot;:[{&quot;text&quot;:&quot;Staatliche Museen zu Berlin&quot;,&quot;id&quot;:530,&quot;icon&quot;:null,&quot;parent&quot;:0},{&quot;text&quot;:&quot;Stiftung Humboldt Forum im Berliner Schloss&quot;,&quot;id&quot;:382,&quot;icon&quot;:null,&quot;parent&quot;:0}],&quot;targetgroup&quot;:[383,455,454],&quot;targetgroup_details&quot;:[{&quot;text&quot;:&quot;Erwachsene&quot;,&quot;id&quot;:383,&quot;icon&quot;:null,&quot;parent&quot;:0},{&quot;text&quot;:&quot;Jugendliche&quot;,&quot;id&quot;:455,&quot;icon&quot;:null,&quot;parent&quot;:0},{&quot;text&quot;:&quot;Kinder und Familien&quot;,&quot;id&quot;:454,&quot;icon&quot;:null,&quot;parent&quot;:0}],&quot;language&quot;:[384],&quot;language_details&quot;:[{&quot;text&quot;:&quot;Deutsch&quot;,&quot;id&quot;:384,&quot;icon&quot;:null,&quot;parent&quot;:0}],&quot;age&quot;:[1753],&quot;age_details&quot;:[{&quot;text&quot;:&quot;ab 5 Jahre&quot;,&quot;id&quot;:1753,&quot;icon&quot;:null,&quot;parent&quot;:0}],&quot;place&quot;:[424],&quot;place_details&quot;:{&quot;place&quot;:&quot;Humboldt Forum&quot;,&quot;map&quot;:&quot;Humboldt Forum, Schlossplatz, Berlin&quot;,&quot;room&quot;:&quot;Saal 3, EG&quot;},&quot;icon_overwrite&quot;:&quot;&quot;,&quot;acf&quot;:{&quot;noindex&quot;:false,&quot;keywords&quot;:&quot;&quot;,&quot;hashtag&quot;:&quot;HumboldtForum&quot;,&quot;shorturl&quot;:&quot;&quot;,&quot;times&quot;:[{&quot;start&quot;:&quot;20260912 13:00&quot;,&quot;end&quot;:&quot;13:45&quot;,&quot;status&quot;:&quot;BUY&quot;,&quot;info&quot;:&quot;4 EUR \\\/ erm\\u00e4\\u00dfigt 2 EUR&quot;,&quot;shop&quot;:&quot;https:\\\/\\\/tickets.humboldtforum.org\\\/#\\\/product\\\/event\\\/411?date=2026-09-12&amp;date_id=29560&amp;lang=de&quot;,&quot;i&quot;:0,&quot;start_hour&quot;:&quot;13:00&quot;,&quot;start_HRF&quot;:&quot;Sa, 12. September 2026&quot;,&quot;_date&quot;:{&quot;date&quot;:&quot;2026-09-12 13:45:00.000000&quot;,&quot;timezone_type&quot;:3,&quot;timezone&quot;:&quot;Europe\\\/Berlin&quot;},&quot;_fromdate&quot;:&quot;20260912 13:00&quot;,&quot;start_TS&quot;:1789210800,&quot;start_HRFSHORT&quot;:&quot;12.09.26&quot;,&quot;start_HRFSHORT_WD&quot;:&quot;Sa 12.09.2026&quot;,&quot;end_TS&quot;:1789213500,&quot;can_purchase&quot;:true},{&quot;start&quot;:&quot;20260912 15:00&quot;,&quot;end&quot;:&quot;15:45&quot;,&quot;status&quot;:&quot;BUY&quot;,&quot;info&quot;:&quot;4 EUR \\\/ erm\\u00e4\\u00dfigt 2 EUR&quot;,&quot;shop&quot;:&quot;https:\\\/\\\/tickets.humboldtforum.org\\\/#\\\/product\\\/event\\\/411?date=2026-09-12&amp;date_id=29561&amp;lang=de&quot;,&quot;i&quot;:1,&quot;start_hour&quot;:&quot;15:00&quot;,&quot;start_HRF&quot;:&quot;Sa, 12. September 2026&quot;,&quot;_date&quot;:{&quot;date&quot;:&quot;2026-09-12 15:45:00.000000&quot;,&quot;timezone_type&quot;:3,&quot;timezone&quot;:&quot;Europe\\\/Berlin&quot;},&quot;_fromdate&quot;:&quot;20260912 15:00&quot;,&quot;start_TS&quot;:1789218000,&quot;start_HRFSHORT&quot;:&quot;12.09.26&quot;,&quot;start_HRFSHORT_WD&quot;:&quot;Sa 12.09.2026&quot;,&quot;end_TS&quot;:1789220700,&quot;can_purchase&quot;:true}],&quot;planning&quot;:{&quot;price&quot;:&quot;4 EUR \\\/ erm\\u00e4\\u00dfigt 2 EUR&quot;,&quot;admission&quot;:&quot;&quot;,&quot;pause&quot;:&quot;&quot;,&quot;duration&quot;:&quot;45&quot;},&quot;tickettext&quot;:&quot;Bitte buchen Sie Ihr Ticket vorab online oder an der Kasse im Foyer.&quot;,&quot;infotext&quot;:&quot;Die Ticketbuchung f\\u00fcr die Veranstaltung wird jeweils im Vormonat freigeschaltet.&quot;,&quot;additional_info&quot;:{&quot;icon&quot;:&quot;0&quot;,&quot;text&quot;:&quot;&quot;},&quot;highlight_header&quot;:false,&quot;use_video_in_teasers&quot;:false,&quot;hyphenation&quot;:true,&quot;tipp&quot;:true,&quot;joker&quot;:false,&quot;live&quot;:false,&quot;hide_event_in_program&quot;:false,&quot;gomus_id&quot;:&quot;&quot;,&quot;hm_id&quot;:&quot;&quot;,&quot;subline&quot;:&quot;Kurzfilme von Kindern aus Venezuela, Papua Neuguinea und Peru&quot;,&quot;featured_images&quot;:[119280],&quot;belongsto&quot;:[118289]},&quot;date&quot;:{&quot;NX&quot;:&quot;20260912&quot;,&quot;NXX&quot;:&quot;202609121300&quot;,&quot;NLAST&quot;:&quot;202609121100&quot;,&quot;from_DATE&quot;:&quot;20260912 13:00&quot;,&quot;from&quot;:1789203600,&quot;to&quot;:1789210800,&quot;to_DATE&quot;:&quot;20260912 15:00&quot;,&quot;from_HRFSHORT&quot;:&quot;12. Sep 2026&quot;,&quot;from_HRFSHORT_WD&quot;:&quot;Sa 12.09.2026&quot;,&quot;to_HRFSHORT&quot;:&quot;12. Sep 2026&quot;,&quot;to_HRFSHORT_WD&quot;:&quot;Sa 12.09.2026&quot;,&quot;from_HRF&quot;:&quot;Sa, 12. September 2026&quot;,&quot;to_HRF&quot;:&quot;Sa, 12. September 2026&quot;,&quot;from_to_HRF&quot;:&quot;Sa, 12. September \\u2013 Sa, 12. September 2026&quot;,&quot;from_to_HRFSHORT&quot;:&quot;12. Sep \\u2013 12. Sep 2026&quot;},&quot;alert&quot;:&quot;Tipp&quot;,&quot;partof&quot;:[&quot;118289&quot;],&quot;marketing_topic&quot;:{&quot;title&quot;:&quot;In eigener Regie&quot;,&quot;ID&quot;:&quot;118289&quot;,&quot;reason&quot;:&quot;sequence&quot;}}' inline-template>\n\t<a href=\"https:\/\/www.humboldtforum.org\/de\/programm\/termin\/film-video\/haengematten-schilfboote-koerbe-118321\/\" class=\"teaser teaser-event teaser-event-standard\">\n\t\t<div class=\"row\">\n\t\t\t<div class=\"col-xs-12 teaser-event-image\">\n\t\t\t\t<div class=\"teaser-image teaser-image-no-alternate\">\n\t\t\t\t\t\t\t\t\t\t\t\t\t<span class=\"alert\">Tipp<\/span>\n\t\t\t\t\t\t\t\t\t\t\t\n\t<lazy-media-inline inline-template>\n\t\t<figure itemscope itemtype=\"http:\/\/schema.org\/ImageObject\" class=\"lazy-media-inline \" role=\"group\" id=\"media_6a9500241047d\" aria-labelledby=\"desc_media_6a9500241047d\">\n\t\t\t<script type=\"application\/json\" ref=\"data\">\n\t\t\t\t{\n\t\t\t\t\"sizes\" : {\"medium\":{\"file\":\"SHF_eb00212524-300x169.jpg\",\"width\":300,\"height\":169,\"mime-type\":\"image\\\/jpeg\",\"filesize\":12000},\"large\":{\"file\":\"SHF_eb00212524-1024x576.jpg\",\"width\":1024,\"height\":576,\"mime-type\":\"image\\\/jpeg\",\"filesize\":83033},\"thumbnail\":{\"file\":\"SHF_eb00212524-150x150.jpg\",\"width\":150,\"height\":150,\"mime-type\":\"image\\\/jpeg\",\"filesize\":6040},\"medium_large\":{\"file\":\"SHF_eb00212524-768x432.jpg\",\"width\":768,\"height\":432,\"mime-type\":\"image\\\/jpeg\",\"filesize\":52402},\"small\":{\"file\":\"SHF_eb00212524-440x248.jpg\",\"width\":440,\"height\":248,\"mime-type\":\"image\\\/jpeg\",\"filesize\":21488},\"semi\":{\"file\":\"SHF_eb00212524-580x326.jpg\",\"width\":580,\"height\":326,\"mime-type\":\"image\\\/jpeg\",\"filesize\":33642},\"mobile\":{\"file\":\"SHF_eb00212524-720x405.jpg\",\"width\":720,\"height\":405,\"mime-type\":\"image\\\/jpeg\",\"filesize\":47796},\"hd\":{\"file\":\"SHF_eb00212524-1280x720.jpg\",\"width\":1280,\"height\":720,\"mime-type\":\"image\\\/jpeg\",\"filesize\":118804},\"1536x1536\":{\"file\":\"SHF_eb00212524-1536x864.jpg\",\"width\":1536,\"height\":864,\"mime-type\":\"image\\\/jpeg\",\"filesize\":156616},\"original\":{\"file\":\"SHF_eb00212524.jpg\",\"width\":1920,\"height\":1080}},\n\t\t\t\t\"alt\" : \"M\\u00e4dchen im roten Top n\\u00e4ht mit bunten Perlen, kreativ und konzentriert, im naturnahen Hintergrund.\",\n\t\t\t\t\"path\" : \"\\\/wp-content\\\/uploads\\\/2024\\\/01\\\/\",\n\t\t\t\t\"video\" : null,\n\t\t\t\t\"autoplay\" : null,\n\t\t\t\t\"youtube\" : null,\n\t\t\t\t\"youtubelabel\" : \"Video abspielen\",\n\t\t\t\t\"brightness\" : 100,\n\t\t\t\t\"crop\" : {\"top\":\"31.74\",\"left\":\"50.17\"},\n\t\t\t\t\"background\" : true,\n\t\t\t\t\"scale\" : 2\t\t\t\t}\n\t\t\t<\/script>\n\n\t\t\t<div class=\"height-container\" style=\"padding-bottom:56.25%;\" v-if=\"sizes\">\n\t\t\t\t\t\t\t\t<lazy-media :inline=\"true\" :alt=\"alt\" :sizes=\"sizes\" :scale=\"scale\" :brightness=\"brightness\" :path=\"path\" :video=\"video\" :autoplay=\"autoplay\" :youtube=\"youtube\" :crop=\"crop\" :youtubelabel=\"youtubelabel\" :background=\"background\" media-id=\"desc_media_6a9500241047d\"><\/lazy-media>\n\t\t\t\t\t\t\t<\/div>\n\n\t\t\t\t\t\t\t<figcaption class=\"sr-only\" ref=\"body\" id=\"desc_media_6a9500241047d\">\n\t\t\t\t\t\t\t\t\t\t\t\t\t\t\t\t\t\t\t\t\t<div class=\"insignificant\">\u00a9 Staatliche Museen zu Berlin, gef\u00f6rdert durch BKM \/ Organizaci\u00f3n Ind\u00edgena Kuyujani\/ Kuyujani Producci\u00f3n Audiovisual<\/div>\n\t\t\t\t\t\t\t\t\t<\/figcaption>\n\t\t\t\t\t<\/figure>\n\t<\/lazy-media-inline>\n\t\t\t\t<\/div>\n\t\t\t<\/div>\n\t\t\t<div class=\"col-xs-12 teaser-event-text Infos\">\n\t\t\t\t<div class=\"teaser-event-standard-text\">\n\t\t\t\t\t<div class=\"margin-bottom-atom\">\n\t\t\t\t\t\t<div class=\"subline clamp-1\" v-html=\"maingenre\"><\/div>\n\t\t\t\t\t\t\t\t\t\t\t\t\t<div class=\"insignificant clamp-2\">In eigener Regie<\/div>\n\t\t\t\t\t\t\t\t\t\t\t<\/div>\n\t\t\t\t\n\t\t\t\t\t<strong class=\"margin-bottom-atom\">Perlenketten, Schilfboote, K\u00f6rbe<\/strong>\n\n\t\t\t\t\t\t\t\t\t\t\t<div class=\"\">Kurzfilme von Kindern aus Venezuela, Papua Neuguinea und Peru<\/div>\n\t\t\t\t\t\t\t\t\t<\/div>\n\t\t\t\t<div class=\"teaser-bottom border-bottom\">\n\t\t\t\t<calendardateline :rawitem='item' :show-icon=\"true\"><\/calendardateline>\n\t\t\t\t\t<hr>\n\t\t\t\t<\/div>\n\t\t\t<\/div>\n\t\t<\/div>\n\t<\/a>\n\t<\/calendarteaser>\n<\/li>\n\n\t\t\t\t\t\t<\/ul>\n\t\t\t\t\t<\/div>\n\t\t\t\t<\/div>\n\t\t\t<\/teaser-lane-with-buttons>\n\t\t\t\t<\/lazy-component>\n<\/section>\n\n\n\n<section class=\"block block-teaser col-lane \" style=\"\">\n\t<lazy-component :fixed-min-height=\"400\">\n\t\n\t\t\t\t\t<teaser-lane-with-buttons inline-template tracking-label=\"F\u00fchrungen &amp; Touren\">\n\t\t\t\t<div class=\"teaser-lane-with-buttons\">\n\t\t\t\t\t<div class=\"container-fluid\">\n\t\t\t\t\t\t<div class=\"row bottom-xs\">\n\t\t\t\t\t\t\t<div class=\"col-xs-12 col-md-8\">\n\t\t\t\t\t\t\t\t\t\t\t\t\t\t\t\t\t<h4>F\u00fchrungen &#038; Touren<\/h4>\t\t\t\t\t\t\t\t\t\t\t\t\t\t\t\t\t\t\t\t\t\t\t\t<\/div>\n\t\t\t\t\t\t\t<div class=\"col-xs-12 col-md-4 start-xs end-md margin-bottom-sixth teaser-lane-buttons-wrapper teaser-lane-buttons-wrapper-with-tax\">\n\t\t\t\t\t\t\t\t<a href=\"https:\/\/www.humboldtforum.org\/de\/angebote\/genre\/fuehrung\/\" class=\"normalcase small noborder\" role=\"button\">Alle anzeigen (37)<\/a>\t\t\t\t\t\t\t\t<teaser-lane-buttons :visible_prev=\"visible_prev\" :visible_next=\"visible_next\" @prev=\"prev\" @next=\"next\"><\/teaser-lane-buttons>\n\t\t\t\t\t\t\t<\/div>\n\t\t\t\t\t\t<\/div>\n\t\t\t\t\t<\/div>\n\t\t\t\t\t<div class=\"teaser-lane-wrapper\">\n\t\t\t\t\t\t<ul class=\"teaser-lane\">\n\t\t\t\t\t\t\t\t\t\t\t\t\t\t<li class=\"teaser-lane-slide col-xs-9 col-sm-4 col-md-3 teaser-wrapper col-padding-remove\">\n\t<calendarteaser key=\"2966316096\" rawitem='{&quot;postId&quot;:29663,&quot;title&quot;:&quot;BERLIN GLOBAL in 60 minutes&quot;,&quot;excerpt&quot;:&quot;&quot;,&quot;slug&quot;:&quot;berlin-global-in-60-minutes&quot;,&quot;post_date&quot;:&quot;2021-08-04T12:14&quot;,&quot;type&quot;:&quot;event&quot;,&quot;permalink&quot;:&quot;https:\\\/\\\/www.humboldtforum.org\\\/de\\\/programm\\\/termin\\\/fuehrung\\\/berlin-global-in-60-minutes-29663\\\/&quot;,&quot;genre&quot;:[821],&quot;genre_details&quot;:[{&quot;text&quot;:&quot;F\\u00fchrung&quot;,&quot;id&quot;:821,&quot;icon&quot;:null,&quot;parent&quot;:0}],&quot;stakeholder&quot;:[400],&quot;stakeholder_details&quot;:[{&quot;text&quot;:&quot;Berlin Museum&quot;,&quot;id&quot;:400,&quot;icon&quot;:null,&quot;parent&quot;:0}],&quot;targetgroup&quot;:[383],&quot;targetgroup_details&quot;:[{&quot;text&quot;:&quot;Erwachsene&quot;,&quot;id&quot;:383,&quot;icon&quot;:null,&quot;parent&quot;:0}],&quot;language&quot;:[385],&quot;language_details&quot;:[{&quot;text&quot;:&quot;Englisch&quot;,&quot;id&quot;:385,&quot;icon&quot;:null,&quot;parent&quot;:0}],&quot;groupsize&quot;:[1047],&quot;groupsize_details&quot;:[{&quot;text&quot;:&quot;max. 20 Personen&quot;,&quot;id&quot;:1047,&quot;icon&quot;:null,&quot;parent&quot;:0}],&quot;icon_overwrite&quot;:&quot;&quot;,&quot;acf&quot;:{&quot;hashtag&quot;:&quot;HumboldtForum&quot;,&quot;belongsto&quot;:[14140],&quot;shorturl&quot;:&quot;&quot;,&quot;noindex&quot;:false,&quot;keywords&quot;:&quot;&quot;,&quot;times&quot;:[{&quot;start&quot;:&quot;20260830 11:00&quot;,&quot;end&quot;:&quot;12:00&quot;,&quot;status&quot;:&quot;BUY&quot;,&quot;info&quot;:&quot;Guided Tour in English - 16 EUR \\\/ 9 EUR&quot;,&quot;shop&quot;:&quot;https:\\\/\\\/tickets.humboldtforum.org\\\/#\\\/product\\\/event\\\/63?date=2026-08-30&amp;date_id=29392&amp;lang=de&quot;,&quot;i&quot;:0,&quot;start_hour&quot;:&quot;11:00&quot;,&quot;start_HRF&quot;:&quot;So, 30. August 2026&quot;,&quot;_date&quot;:{&quot;date&quot;:&quot;2026-08-30 12:00:00.000000&quot;,&quot;timezone_type&quot;:3,&quot;timezone&quot;:&quot;Europe\\\/Berlin&quot;},&quot;_fromdate&quot;:&quot;20260830 11:00&quot;,&quot;start_TS&quot;:1788080400,&quot;start_HRFSHORT&quot;:&quot;30.08.26&quot;,&quot;start_HRFSHORT_WD&quot;:&quot;So 30.08.2026&quot;,&quot;end_TS&quot;:1788084000,&quot;can_purchase&quot;:true},{&quot;start&quot;:&quot;20260906 11:00&quot;,&quot;end&quot;:&quot;12:00&quot;,&quot;status&quot;:&quot;BUY&quot;,&quot;info&quot;:&quot;Guided Tour in English - 16 EUR \\\/ 9 EUR&quot;,&quot;shop&quot;:&quot;https:\\\/\\\/tickets.humboldtforum.org\\\/#\\\/product\\\/event\\\/63?date=2026-09-06&amp;date_id=29704&amp;lang=de&quot;,&quot;i&quot;:1,&quot;start_hour&quot;:&quot;11:00&quot;,&quot;start_HRF&quot;:&quot;So,  6. September 2026&quot;,&quot;_date&quot;:{&quot;date&quot;:&quot;2026-09-06 12:00:00.000000&quot;,&quot;timezone_type&quot;:3,&quot;timezone&quot;:&quot;Europe\\\/Berlin&quot;},&quot;_fromdate&quot;:&quot;20260906 11:00&quot;,&quot;start_TS&quot;:1788685200,&quot;start_HRFSHORT&quot;:&quot;06.09.26&quot;,&quot;start_HRFSHORT_WD&quot;:&quot;So 06.09.2026&quot;,&quot;end_TS&quot;:1788688800,&quot;can_purchase&quot;:true},{&quot;start&quot;:&quot;20260913 11:00&quot;,&quot;end&quot;:&quot;12:00&quot;,&quot;status&quot;:&quot;BUY&quot;,&quot;info&quot;:&quot;Guided Tour in English - 16 EUR \\\/ 9 EUR&quot;,&quot;shop&quot;:&quot;https:\\\/\\\/tickets.humboldtforum.org\\\/#\\\/product\\\/event\\\/63?date=2026-09-13&amp;date_id=29705&amp;lang=de&quot;,&quot;i&quot;:2,&quot;start_hour&quot;:&quot;11:00&quot;,&quot;start_HRF&quot;:&quot;So, 13. September 2026&quot;,&quot;_date&quot;:{&quot;date&quot;:&quot;2026-09-13 12:00:00.000000&quot;,&quot;timezone_type&quot;:3,&quot;timezone&quot;:&quot;Europe\\\/Berlin&quot;},&quot;_fromdate&quot;:&quot;20260913 11:00&quot;,&quot;start_TS&quot;:1789290000,&quot;start_HRFSHORT&quot;:&quot;13.09.26&quot;,&quot;start_HRFSHORT_WD&quot;:&quot;So 13.09.2026&quot;,&quot;end_TS&quot;:1789293600,&quot;can_purchase&quot;:true},{&quot;start&quot;:&quot;20260920 11:00&quot;,&quot;end&quot;:&quot;12:00&quot;,&quot;status&quot;:&quot;BUY&quot;,&quot;info&quot;:&quot;Guided Tour in English - 16 EUR \\\/ 9 EUR&quot;,&quot;shop&quot;:&quot;https:\\\/\\\/tickets.humboldtforum.org\\\/#\\\/product\\\/event\\\/63?date=2026-09-20&amp;date_id=29706&amp;lang=de&quot;,&quot;i&quot;:3,&quot;start_hour&quot;:&quot;11:00&quot;,&quot;start_HRF&quot;:&quot;So, 20. September 2026&quot;,&quot;_date&quot;:{&quot;date&quot;:&quot;2026-09-20 12:00:00.000000&quot;,&quot;timezone_type&quot;:3,&quot;timezone&quot;:&quot;Europe\\\/Berlin&quot;},&quot;_fromdate&quot;:&quot;20260920 11:00&quot;,&quot;start_TS&quot;:1789894800,&quot;start_HRFSHORT&quot;:&quot;20.09.26&quot;,&quot;start_HRFSHORT_WD&quot;:&quot;So 20.09.2026&quot;,&quot;end_TS&quot;:1789898400,&quot;can_purchase&quot;:true},{&quot;start&quot;:&quot;20260927 11:00&quot;,&quot;end&quot;:&quot;12:00&quot;,&quot;status&quot;:&quot;BUY&quot;,&quot;info&quot;:&quot;Guided Tour in English - 16 EUR \\\/ 9 EUR&quot;,&quot;shop&quot;:&quot;https:\\\/\\\/tickets.humboldtforum.org\\\/#\\\/product\\\/event\\\/63?date=2026-09-27&amp;date_id=29707&amp;lang=de&quot;,&quot;i&quot;:4,&quot;start_hour&quot;:&quot;11:00&quot;,&quot;start_HRF&quot;:&quot;So, 27. September 2026&quot;,&quot;_date&quot;:{&quot;date&quot;:&quot;2026-09-27 12:00:00.000000&quot;,&quot;timezone_type&quot;:3,&quot;timezone&quot;:&quot;Europe\\\/Berlin&quot;},&quot;_fromdate&quot;:&quot;20260927 11:00&quot;,&quot;start_TS&quot;:1790499600,&quot;start_HRFSHORT&quot;:&quot;27.09.26&quot;,&quot;start_HRFSHORT_WD&quot;:&quot;So 27.09.2026&quot;,&quot;end_TS&quot;:1790503200,&quot;can_purchase&quot;:true}],&quot;planning&quot;:{&quot;price&quot;:&quot;16 EUR \\\/ reduced 9 EUR &quot;,&quot;admission&quot;:&quot;&quot;,&quot;pause&quot;:&quot;&quot;,&quot;duration&quot;:&quot;60&quot;},&quot;subline&quot;:&quot;Public tour&quot;,&quot;marketing_text&quot;:&quot;Public tour in the Berlin Exhibition&quot;,&quot;additional_info&quot;:{&quot;icon&quot;:&quot;icon-uhr&quot;,&quot;text&quot;:&quot;Dates and ticket booking for the coming month are released at the end of the previous month.&quot;},&quot;highlight_header&quot;:false,&quot;featured_images&quot;:[30350],&quot;use_video_in_teasers&quot;:false,&quot;hyphenation&quot;:true,&quot;tipp&quot;:false,&quot;alert_text&quot;:&quot;EN&quot;,&quot;joker&quot;:true,&quot;live&quot;:false,&quot;hide_event_in_program&quot;:false,&quot;gomus_id&quot;:&quot;&quot;,&quot;hm_id&quot;:&quot;&quot;},&quot;date&quot;:{&quot;NX&quot;:&quot;20260830&quot;,&quot;NXX&quot;:&quot;202608301100&quot;,&quot;NLAST&quot;:&quot;202610250800&quot;,&quot;from_DATE&quot;:&quot;20260830 11:00&quot;,&quot;from&quot;:1788073200,&quot;to&quot;:1792915200,&quot;to_DATE&quot;:&quot;20261025 11:00&quot;,&quot;from_HRFSHORT&quot;:&quot;30. Aug 2026&quot;,&quot;from_HRFSHORT_WD&quot;:&quot;So 30.08.2026&quot;,&quot;to_HRFSHORT&quot;:&quot;25. Okt 2026&quot;,&quot;to_HRFSHORT_WD&quot;:&quot;So 25.10.2026&quot;,&quot;from_HRF&quot;:&quot;So, 30. August 2026&quot;,&quot;to_HRF&quot;:&quot;So, 25. Oktober 2026&quot;,&quot;from_to_HRF&quot;:&quot;So, 30. August \\u2013 So, 25. Oktober 2026&quot;,&quot;from_to_HRFSHORT&quot;:&quot;30. Aug \\u2013 25. Okt 2026&quot;},&quot;alert&quot;:&quot;EN&quot;,&quot;partof&quot;:[],&quot;marketing_topic&quot;:{&quot;title&quot;:&quot;BERLIN GLOBAL&quot;,&quot;ID&quot;:14140,&quot;reason&quot;:&quot;belongsto&quot;}}' inline-template>\n\t<a href=\"https:\/\/www.humboldtforum.org\/de\/programm\/termin\/fuehrung\/berlin-global-in-60-minutes-29663\/\" class=\"teaser teaser-event teaser-event-standard\">\n\t\t<div class=\"row\">\n\t\t\t<div class=\"col-xs-12 teaser-event-image\">\n\t\t\t\t<div class=\"teaser-image teaser-image-no-alternate\">\n\t\t\t\t\t\t\t\t\t\t\t\t\t<span class=\"alert\">EN<\/span>\n\t\t\t\t\t\t\t\t\t\t\t\n\t<lazy-media-inline inline-template>\n\t\t<figure itemscope itemtype=\"http:\/\/schema.org\/ImageObject\" class=\"lazy-media-inline \" role=\"group\" id=\"media_6a9500242898c\" aria-labelledby=\"desc_media_6a9500242898c\">\n\t\t\t<script type=\"application\/json\" ref=\"data\">\n\t\t\t\t{\n\t\t\t\t\"sizes\" : {\"medium\":{\"file\":\"SHF_eb00115718-300x200.jpg\",\"width\":300,\"height\":200,\"mime-type\":\"image\\\/jpeg\"},\"large\":{\"file\":\"SHF_eb00115718-1024x683.jpg\",\"width\":1024,\"height\":683,\"mime-type\":\"image\\\/jpeg\"},\"thumbnail\":{\"file\":\"SHF_eb00115718-150x150.jpg\",\"width\":150,\"height\":150,\"mime-type\":\"image\\\/jpeg\"},\"medium_large\":{\"file\":\"SHF_eb00115718-768x512.jpg\",\"width\":768,\"height\":512,\"mime-type\":\"image\\\/jpeg\"},\"small\":{\"file\":\"SHF_eb00115718-440x293.jpg\",\"width\":440,\"height\":293,\"mime-type\":\"image\\\/jpeg\"},\"semi\":{\"file\":\"SHF_eb00115718-580x387.jpg\",\"width\":580,\"height\":387,\"mime-type\":\"image\\\/jpeg\"},\"mobile\":{\"file\":\"SHF_eb00115718-720x480.jpg\",\"width\":720,\"height\":480,\"mime-type\":\"image\\\/jpeg\"},\"hd\":{\"file\":\"SHF_eb00115718-1280x853.jpg\",\"width\":1280,\"height\":853,\"mime-type\":\"image\\\/jpeg\"},\"1536x1536\":{\"file\":\"SHF_eb00115718-1536x1024.jpg\",\"width\":1536,\"height\":1024,\"mime-type\":\"image\\\/jpeg\"},\"original\":{\"file\":\"SHF_eb00115718.jpg\",\"width\":1800,\"height\":1200}},\n\t\t\t\t\"alt\" : \"Eine Gruppe junger Menschen schaut neugierig und begeistert zu einem Lehrer an einem Tisch.\",\n\t\t\t\t\"path\" : \"\\\/wp-content\\\/uploads\\\/2021\\\/08\\\/\",\n\t\t\t\t\"video\" : null,\n\t\t\t\t\"autoplay\" : null,\n\t\t\t\t\"youtube\" : null,\n\t\t\t\t\"youtubelabel\" : \"Video abspielen\",\n\t\t\t\t\"brightness\" : 100,\n\t\t\t\t\"crop\" : {\"top\":\"35.78\",\"left\":\"37.62\"},\n\t\t\t\t\"background\" : true,\n\t\t\t\t\"scale\" : 2\t\t\t\t}\n\t\t\t<\/script>\n\n\t\t\t<div class=\"height-container\" style=\"padding-bottom:66.666666666667%;\" v-if=\"sizes\">\n\t\t\t\t\t\t\t\t<lazy-media :inline=\"true\" :alt=\"alt\" :sizes=\"sizes\" :scale=\"scale\" :brightness=\"brightness\" :path=\"path\" :video=\"video\" :autoplay=\"autoplay\" :youtube=\"youtube\" :crop=\"crop\" :youtubelabel=\"youtubelabel\" :background=\"background\" media-id=\"desc_media_6a9500242898c\"><\/lazy-media>\n\t\t\t\t\t\t\t<\/div>\n\n\t\t\t\t\t\t\t<figcaption class=\"sr-only\" ref=\"body\" id=\"desc_media_6a9500242898c\">\n\t\t\t\t\t\t\t\t\t\t\t\t\t\t\t\t\t\t\t\t\t<div class=\"insignificant\">\u00a9 Stiftung Stadtmuseum Berlin, Foto: Anne Preussel<\/div>\n\t\t\t\t\t\t\t\t\t<\/figcaption>\n\t\t\t\t\t<\/figure>\n\t<\/lazy-media-inline>\n\t\t\t\t<\/div>\n\t\t\t<\/div>\n\t\t\t<div class=\"col-xs-12 teaser-event-text Infos\">\n\t\t\t\t<div class=\"teaser-event-standard-text\">\n\t\t\t\t\t<div class=\"margin-bottom-atom\">\n\t\t\t\t\t\t<div class=\"subline clamp-1\" v-html=\"maingenre\"><\/div>\n\t\t\t\t\t\t\t\t\t\t\t\t\t<div class=\"insignificant clamp-2\">BERLIN GLOBAL<\/div>\n\t\t\t\t\t\t\t\t\t\t\t<\/div>\n\t\t\t\t\n\t\t\t\t\t<strong class=\"margin-bottom-atom\">BERLIN GLOBAL in 60 minutes<\/strong>\n\n\t\t\t\t\t\t\t\t\t\t\t<div class=\"\">Public tour in the Berlin Exhibition<\/div>\n\t\t\t\t\t\t\t\t\t<\/div>\n\t\t\t\t<div class=\"teaser-bottom border-bottom\">\n\t\t\t\t<calendardateline :rawitem='item' :show-icon=\"true\"><\/calendardateline>\n\t\t\t\t\t<hr>\n\t\t\t\t<\/div>\n\t\t\t<\/div>\n\t\t<\/div>\n\t<\/a>\n\t<\/calendarteaser>\n<\/li>\n\n<li class=\"teaser-lane-slide col-xs-9 col-sm-4 col-md-3 teaser-wrapper col-padding-remove\">\n\t<calendarteaser key=\"15247310290\" rawitem='{&quot;postId&quot;:152473,&quot;title&quot;:&quot;On Water \\u2013 WasserWissen in Berlin&quot;,&quot;excerpt&quot;:&quot;&quot;,&quot;slug&quot;:&quot;on-water-waterknowledge-in-berlin&quot;,&quot;post_date&quot;:&quot;2025-09-26T10:45&quot;,&quot;type&quot;:&quot;event&quot;,&quot;permalink&quot;:&quot;https:\\\/\\\/www.humboldtforum.org\\\/de\\\/programm\\\/termin\\\/fuehrung\\\/on-water-waterknowledge-in-berlin-152473\\\/&quot;,&quot;genre&quot;:[821],&quot;genre_details&quot;:[{&quot;text&quot;:&quot;F\\u00fchrung&quot;,&quot;id&quot;:821,&quot;icon&quot;:null,&quot;parent&quot;:0}],&quot;stakeholder&quot;:[409],&quot;stakeholder_details&quot;:[{&quot;text&quot;:&quot;Humboldt-Universit\\u00e4t zu Berlin&quot;,&quot;id&quot;:409,&quot;icon&quot;:null,&quot;parent&quot;:0}],&quot;language&quot;:[385],&quot;language_details&quot;:[{&quot;text&quot;:&quot;Englisch&quot;,&quot;id&quot;:385,&quot;icon&quot;:null,&quot;parent&quot;:0}],&quot;age&quot;:[451],&quot;age_details&quot;:[{&quot;text&quot;:&quot;ab 14 Jahre&quot;,&quot;id&quot;:451,&quot;icon&quot;:null,&quot;parent&quot;:0}],&quot;groupsize&quot;:[1059],&quot;groupsize_details&quot;:[{&quot;text&quot;:&quot;max. 15 Personen&quot;,&quot;id&quot;:1059,&quot;icon&quot;:null,&quot;parent&quot;:0}],&quot;place&quot;:[413],&quot;place_details&quot;:{&quot;place&quot;:&quot;Humboldt Forum&quot;,&quot;map&quot;:&quot;Humboldt Forum, Schlossplatz, Berlin&quot;,&quot;room&quot;:&quot;Humboldt Labor, 1. OG&quot;},&quot;icon_overwrite&quot;:&quot;&quot;,&quot;acf&quot;:{&quot;noindex&quot;:false,&quot;keywords&quot;:&quot;&quot;,&quot;hashtag&quot;:&quot;HumboldtForum&quot;,&quot;belongsto&quot;:[148667],&quot;shorturl&quot;:&quot;&quot;,&quot;times&quot;:[{&quot;start&quot;:&quot;20260830 12:30&quot;,&quot;end&quot;:&quot;13:30&quot;,&quot;status&quot;:&quot;BUY&quot;,&quot;info&quot;:&quot;Guided tour in English - 9 EUR&quot;,&quot;shop&quot;:&quot;https:\\\/\\\/tickets.humboldtforum.org\\\/#\\\/product\\\/event\\\/545?date=2026-08-30&amp;date_id=29369&amp;lang=de&quot;,&quot;i&quot;:0,&quot;start_hour&quot;:&quot;12:30&quot;,&quot;start_HRF&quot;:&quot;So, 30. August 2026&quot;,&quot;_date&quot;:{&quot;date&quot;:&quot;2026-08-30 13:30:00.000000&quot;,&quot;timezone_type&quot;:3,&quot;timezone&quot;:&quot;Europe\\\/Berlin&quot;},&quot;_fromdate&quot;:&quot;20260830 12:30&quot;,&quot;start_TS&quot;:1788085800,&quot;start_HRFSHORT&quot;:&quot;30.08.26&quot;,&quot;start_HRFSHORT_WD&quot;:&quot;So 30.08.2026&quot;,&quot;end_TS&quot;:1788089400,&quot;can_purchase&quot;:true},{&quot;start&quot;:&quot;20260906 12:30&quot;,&quot;end&quot;:&quot;13:30&quot;,&quot;status&quot;:&quot;BUY&quot;,&quot;info&quot;:&quot;Guided tour in English - 9 EUR&quot;,&quot;shop&quot;:&quot;https:\\\/\\\/tickets.humboldtforum.org\\\/#\\\/product\\\/event\\\/545?date=2026-09-06&amp;date_id=29713&amp;lang=de&quot;,&quot;i&quot;:1,&quot;start_hour&quot;:&quot;12:30&quot;,&quot;start_HRF&quot;:&quot;So,  6. September 2026&quot;,&quot;_date&quot;:{&quot;date&quot;:&quot;2026-09-06 13:30:00.000000&quot;,&quot;timezone_type&quot;:3,&quot;timezone&quot;:&quot;Europe\\\/Berlin&quot;},&quot;_fromdate&quot;:&quot;20260906 12:30&quot;,&quot;start_TS&quot;:1788690600,&quot;start_HRFSHORT&quot;:&quot;06.09.26&quot;,&quot;start_HRFSHORT_WD&quot;:&quot;So 06.09.2026&quot;,&quot;end_TS&quot;:1788694200,&quot;can_purchase&quot;:true},{&quot;start&quot;:&quot;20260913 12:30&quot;,&quot;end&quot;:&quot;13:30&quot;,&quot;status&quot;:&quot;BUY&quot;,&quot;info&quot;:&quot;Guided tour in English - 9 EUR&quot;,&quot;shop&quot;:&quot;https:\\\/\\\/tickets.humboldtforum.org\\\/#\\\/product\\\/event\\\/545?date=2026-09-13&amp;date_id=29714&amp;lang=de&quot;,&quot;i&quot;:2,&quot;start_hour&quot;:&quot;12:30&quot;,&quot;start_HRF&quot;:&quot;So, 13. September 2026&quot;,&quot;_date&quot;:{&quot;date&quot;:&quot;2026-09-13 13:30:00.000000&quot;,&quot;timezone_type&quot;:3,&quot;timezone&quot;:&quot;Europe\\\/Berlin&quot;},&quot;_fromdate&quot;:&quot;20260913 12:30&quot;,&quot;start_TS&quot;:1789295400,&quot;start_HRFSHORT&quot;:&quot;13.09.26&quot;,&quot;start_HRFSHORT_WD&quot;:&quot;So 13.09.2026&quot;,&quot;end_TS&quot;:1789299000,&quot;can_purchase&quot;:true},{&quot;start&quot;:&quot;20260920 12:30&quot;,&quot;end&quot;:&quot;13:30&quot;,&quot;status&quot;:&quot;BUY&quot;,&quot;info&quot;:&quot;Guided tour in English - 9 EUR&quot;,&quot;shop&quot;:&quot;https:\\\/\\\/tickets.humboldtforum.org\\\/#\\\/product\\\/event\\\/545?date=2026-09-20&amp;date_id=29715&amp;lang=de&quot;,&quot;i&quot;:3,&quot;start_hour&quot;:&quot;12:30&quot;,&quot;start_HRF&quot;:&quot;So, 20. September 2026&quot;,&quot;_date&quot;:{&quot;date&quot;:&quot;2026-09-20 13:30:00.000000&quot;,&quot;timezone_type&quot;:3,&quot;timezone&quot;:&quot;Europe\\\/Berlin&quot;},&quot;_fromdate&quot;:&quot;20260920 12:30&quot;,&quot;start_TS&quot;:1789900200,&quot;start_HRFSHORT&quot;:&quot;20.09.26&quot;,&quot;start_HRFSHORT_WD&quot;:&quot;So 20.09.2026&quot;,&quot;end_TS&quot;:1789903800,&quot;can_purchase&quot;:true},{&quot;start&quot;:&quot;20260927 12:30&quot;,&quot;end&quot;:&quot;13:30&quot;,&quot;status&quot;:&quot;BUY&quot;,&quot;info&quot;:&quot;Guided tour in English - 9 EUR&quot;,&quot;shop&quot;:&quot;https:\\\/\\\/tickets.humboldtforum.org\\\/#\\\/product\\\/event\\\/545?date=2026-09-27&amp;date_id=29716&amp;lang=de&quot;,&quot;i&quot;:4,&quot;start_hour&quot;:&quot;12:30&quot;,&quot;start_HRF&quot;:&quot;So, 27. September 2026&quot;,&quot;_date&quot;:{&quot;date&quot;:&quot;2026-09-27 13:30:00.000000&quot;,&quot;timezone_type&quot;:3,&quot;timezone&quot;:&quot;Europe\\\/Berlin&quot;},&quot;_fromdate&quot;:&quot;20260927 12:30&quot;,&quot;start_TS&quot;:1790505000,&quot;start_HRFSHORT&quot;:&quot;27.09.26&quot;,&quot;start_HRFSHORT_WD&quot;:&quot;So 27.09.2026&quot;,&quot;end_TS&quot;:1790508600,&quot;can_purchase&quot;:true}],&quot;planning&quot;:{&quot;price&quot;:&quot;9 EUR per person&quot;,&quot;admission&quot;:&quot;&quot;,&quot;pause&quot;:&quot;&quot;,&quot;duration&quot;:&quot;60&quot;},&quot;subline&quot;:&quot;Public Overview tour&quot;,&quot;tickettext&quot;:&quot;Book your ticket in advance online or at the box office in the Foyer.&quot;,&quot;additional_info&quot;:{&quot;icon&quot;:&quot;0&quot;,&quot;text&quot;:&quot;&quot;},&quot;highlight_header&quot;:false,&quot;featured_images&quot;:[163884],&quot;use_video_in_teasers&quot;:false,&quot;hyphenation&quot;:true,&quot;tipp&quot;:false,&quot;alert_text&quot;:&quot;EN&quot;,&quot;joker&quot;:false,&quot;live&quot;:false,&quot;hide_event_in_program&quot;:false,&quot;gomus_id&quot;:&quot;&quot;,&quot;hm_id&quot;:&quot;&quot;},&quot;date&quot;:{&quot;NX&quot;:&quot;20260830&quot;,&quot;NXX&quot;:&quot;202608301230&quot;,&quot;NLAST&quot;:&quot;202610250930&quot;,&quot;from_DATE&quot;:&quot;20260830 12:30&quot;,&quot;from&quot;:1788078600,&quot;to&quot;:1792920600,&quot;to_DATE&quot;:&quot;20261025 12:30&quot;,&quot;from_HRFSHORT&quot;:&quot;30. Aug 2026&quot;,&quot;from_HRFSHORT_WD&quot;:&quot;So 30.08.2026&quot;,&quot;to_HRFSHORT&quot;:&quot;25. Okt 2026&quot;,&quot;to_HRFSHORT_WD&quot;:&quot;So 25.10.2026&quot;,&quot;from_HRF&quot;:&quot;So, 30. August 2026&quot;,&quot;to_HRF&quot;:&quot;So, 25. Oktober 2026&quot;,&quot;from_to_HRF&quot;:&quot;So, 30. August \\u2013 So, 25. Oktober 2026&quot;,&quot;from_to_HRFSHORT&quot;:&quot;30. Aug \\u2013 25. Okt 2026&quot;},&quot;alert&quot;:&quot;EN&quot;,&quot;partof&quot;:[],&quot;marketing_topic&quot;:{&quot;title&quot;:&quot;On Water&quot;,&quot;ID&quot;:148667,&quot;reason&quot;:&quot;belongsto&quot;}}' inline-template>\n\t<a href=\"https:\/\/www.humboldtforum.org\/de\/programm\/termin\/fuehrung\/on-water-waterknowledge-in-berlin-152473\/\" class=\"teaser teaser-event teaser-event-standard\">\n\t\t<div class=\"row\">\n\t\t\t<div class=\"col-xs-12 teaser-event-image\">\n\t\t\t\t<div class=\"teaser-image teaser-image-no-alternate\">\n\t\t\t\t\t\t\t\t\t\t\t\t\t<span class=\"alert\">EN<\/span>\n\t\t\t\t\t\t\t\t\t\t\t\n\t<lazy-media-inline inline-template>\n\t\t<figure itemscope itemtype=\"http:\/\/schema.org\/ImageObject\" class=\"lazy-media-inline \" role=\"group\" id=\"media_6a9500242a203\" aria-labelledby=\"desc_media_6a9500242a203\">\n\t\t\t<script type=\"application\/json\" ref=\"data\">\n\t\t\t\t{\n\t\t\t\t\"sizes\" : {\"medium\":{\"file\":\"SHF_eb00267109-300x200.jpg\",\"width\":300,\"height\":200,\"mime-type\":\"image\\\/jpeg\",\"filesize\":17626},\"large\":{\"file\":\"SHF_eb00267109-1024x683.jpg\",\"width\":1024,\"height\":683,\"mime-type\":\"image\\\/jpeg\",\"filesize\":115349},\"thumbnail\":{\"file\":\"SHF_eb00267109-150x150.jpg\",\"width\":150,\"height\":150,\"mime-type\":\"image\\\/jpeg\",\"filesize\":8217},\"medium_large\":{\"file\":\"SHF_eb00267109-768x512.jpg\",\"width\":768,\"height\":512,\"mime-type\":\"image\\\/jpeg\",\"filesize\":74452},\"small\":{\"file\":\"SHF_eb00267109-440x293.jpg\",\"width\":440,\"height\":293,\"mime-type\":\"image\\\/jpeg\",\"filesize\":32137},\"semi\":{\"file\":\"SHF_eb00267109-580x387.jpg\",\"width\":580,\"height\":387,\"mime-type\":\"image\\\/jpeg\",\"filesize\":49024},\"mobile\":{\"file\":\"SHF_eb00267109-720x480.jpg\",\"width\":720,\"height\":480,\"mime-type\":\"image\\\/jpeg\",\"filesize\":67399},\"hd\":{\"file\":\"SHF_eb00267109-1280x854.jpg\",\"width\":1280,\"height\":854,\"mime-type\":\"image\\\/jpeg\",\"filesize\":162454},\"full\":{\"file\":\"SHF_eb00267109-1920x1281.jpg\",\"width\":1920,\"height\":1281,\"mime-type\":\"image\\\/jpeg\",\"filesize\":312642},\"1536x1536\":{\"file\":\"SHF_eb00267109-1536x1024.jpg\",\"width\":1536,\"height\":1024,\"mime-type\":\"image\\\/jpeg\",\"filesize\":215677},\"2048x2048\":{\"file\":\"SHF_eb00267109-2048x1366.jpg\",\"width\":2048,\"height\":1366,\"mime-type\":\"image\\\/jpeg\",\"filesize\":348506},\"original\":{\"file\":\"SHF_eb00267109.jpg\",\"width\":3543,\"height\":2363}},\n\t\t\t\t\"alt\" : \"Eine Gruppe h\\u00f6rt gespannt zu, w\\u00e4hrend jemand in einem modernen Ausstellungsraum eine Pr\\u00e4sentation h\\u00e4lt.\",\n\t\t\t\t\"path\" : \"\\\/wp-content\\\/uploads\\\/2025\\\/09\\\/\",\n\t\t\t\t\"video\" : null,\n\t\t\t\t\"autoplay\" : null,\n\t\t\t\t\"youtube\" : null,\n\t\t\t\t\"youtubelabel\" : \"Video abspielen\",\n\t\t\t\t\"brightness\" : 100,\n\t\t\t\t\"crop\" : {\"top\":\"36.45\",\"left\":\"60.26\"},\n\t\t\t\t\"background\" : true,\n\t\t\t\t\"scale\" : 2\t\t\t\t}\n\t\t\t<\/script>\n\n\t\t\t<div class=\"height-container\" style=\"padding-bottom:66.694891335027%;\" v-if=\"sizes\">\n\t\t\t\t\t\t\t\t<lazy-media :inline=\"true\" :alt=\"alt\" :sizes=\"sizes\" :scale=\"scale\" :brightness=\"brightness\" :path=\"path\" :video=\"video\" :autoplay=\"autoplay\" :youtube=\"youtube\" :crop=\"crop\" :youtubelabel=\"youtubelabel\" :background=\"background\" media-id=\"desc_media_6a9500242a203\"><\/lazy-media>\n\t\t\t\t\t\t\t<\/div>\n\n\t\t\t\t\t\t\t<figcaption class=\"sr-only\" ref=\"body\" id=\"desc_media_6a9500242a203\">\n\t\t\t\t\t\t\t\t\t\t\t\t\t\t\t\t<div>F&uuml;hrung zur Er&ouml;ffnung der Ausstellung &quot;On Water &#8211; WasserWissen in Berlin&quot; im Humboldt Labor <\/div>\n\t\t\t\t\t\t\t\t\t\t\t\t\t\t\t\t<div class=\"insignificant\">\u00a9  Humboldt-Universit\u00e4t zu Berlin, Foto: Philipp Plum<\/div>\n\t\t\t\t\t\t\t\t\t<\/figcaption>\n\t\t\t\t\t<\/figure>\n\t<\/lazy-media-inline>\n\t\t\t\t<\/div>\n\t\t\t<\/div>\n\t\t\t<div class=\"col-xs-12 teaser-event-text Infos\">\n\t\t\t\t<div class=\"teaser-event-standard-text\">\n\t\t\t\t\t<div class=\"margin-bottom-atom\">\n\t\t\t\t\t\t<div class=\"subline clamp-1\" v-html=\"maingenre\"><\/div>\n\t\t\t\t\t\t\t\t\t\t\t\t\t<div class=\"insignificant clamp-2\">On Water<\/div>\n\t\t\t\t\t\t\t\t\t\t\t<\/div>\n\t\t\t\t\n\t\t\t\t\t<strong class=\"margin-bottom-atom\">On Water \u2013 WasserWissen in Berlin<\/strong>\n\n\t\t\t\t\t\t\t\t\t\t\t<div class=\"\">Public Overview tour<\/div>\n\t\t\t\t\t\t\t\t\t<\/div>\n\t\t\t\t<div class=\"teaser-bottom border-bottom\">\n\t\t\t\t<calendardateline :rawitem='item' :show-icon=\"true\"><\/calendardateline>\n\t\t\t\t\t<hr>\n\t\t\t\t<\/div>\n\t\t\t<\/div>\n\t\t<\/div>\n\t<\/a>\n\t<\/calendarteaser>\n<\/li>\n\n<li class=\"teaser-lane-slide col-xs-9 col-sm-4 col-md-3 teaser-wrapper col-padding-remove\">\n\t<calendarteaser key=\"1388719599\" rawitem='{&quot;postId&quot;:138871,&quot;title&quot;:&quot;Histories of Tanzania&quot;,&quot;excerpt&quot;:&quot;&quot;,&quot;slug&quot;:&quot;histories-of-tanzania&quot;,&quot;post_date&quot;:&quot;2024-10-17T10:32&quot;,&quot;type&quot;:&quot;event&quot;,&quot;permalink&quot;:&quot;https:\\\/\\\/www.humboldtforum.org\\\/de\\\/programm\\\/termin\\\/fuehrung\\\/histories-of-tanzania-138871\\\/&quot;,&quot;genre&quot;:[821],&quot;genre_details&quot;:[{&quot;text&quot;:&quot;F\\u00fchrung&quot;,&quot;id&quot;:821,&quot;icon&quot;:null,&quot;parent&quot;:0}],&quot;stakeholder&quot;:[382],&quot;stakeholder_details&quot;:[{&quot;text&quot;:&quot;Stiftung Humboldt Forum im Berliner Schloss&quot;,&quot;id&quot;:382,&quot;icon&quot;:null,&quot;parent&quot;:0}],&quot;targetgroup&quot;:[383,455],&quot;targetgroup_details&quot;:[{&quot;text&quot;:&quot;Erwachsene&quot;,&quot;id&quot;:383,&quot;icon&quot;:null,&quot;parent&quot;:0},{&quot;text&quot;:&quot;Jugendliche&quot;,&quot;id&quot;:455,&quot;icon&quot;:null,&quot;parent&quot;:0}],&quot;language&quot;:[385],&quot;language_details&quot;:[{&quot;text&quot;:&quot;Englisch&quot;,&quot;id&quot;:385,&quot;icon&quot;:null,&quot;parent&quot;:0}],&quot;age&quot;:[1321],&quot;age_details&quot;:[{&quot;text&quot;:&quot;ab 16 Jahre&quot;,&quot;id&quot;:1321,&quot;icon&quot;:null,&quot;parent&quot;:0}],&quot;groupsize&quot;:[1047],&quot;groupsize_details&quot;:[{&quot;text&quot;:&quot;max. 20 Personen&quot;,&quot;id&quot;:1047,&quot;icon&quot;:null,&quot;parent&quot;:0}],&quot;place&quot;:[899],&quot;place_details&quot;:{&quot;place&quot;:&quot;Humboldt Forum&quot;,&quot;map&quot;:&quot;Humboldt Forum, Schlossplatz, Berlin&quot;,&quot;room&quot;:&quot;Afrika, 2. OG&quot;},&quot;icon_overwrite&quot;:&quot;&quot;,&quot;acf&quot;:{&quot;noindex&quot;:false,&quot;keywords&quot;:&quot;&quot;,&quot;hashtag&quot;:&quot;HumboldtForum&quot;,&quot;belongsto&quot;:[136691],&quot;shorturl&quot;:&quot;&quot;,&quot;planning&quot;:{&quot;price&quot;:&quot;9 EUR plus exhibition ticket&quot;,&quot;admission&quot;:&quot;&quot;,&quot;pause&quot;:&quot;&quot;,&quot;duration&quot;:&quot;&quot;},&quot;subline&quot;:&quot;Insights and Outlooks&quot;,&quot;tickettext&quot;:&quot;Please book your ticket in advance online or at the box office in the Foyer.&quot;,&quot;additional_info&quot;:{&quot;icon&quot;:&quot;0&quot;,&quot;text&quot;:&quot;&quot;},&quot;highlight_header&quot;:false,&quot;featured_images&quot;:[147474],&quot;use_video_in_teasers&quot;:false,&quot;hyphenation&quot;:true,&quot;tipp&quot;:false,&quot;alert_text&quot;:&quot;EN&quot;,&quot;joker&quot;:false,&quot;live&quot;:false,&quot;hide_event_in_program&quot;:false,&quot;gomus_id&quot;:&quot;&quot;,&quot;hm_id&quot;:&quot;&quot;,&quot;times&quot;:[{&quot;start&quot;:&quot;20260830 13:00&quot;,&quot;end&quot;:&quot;14:00&quot;,&quot;status&quot;:&quot;BUY&quot;,&quot;info&quot;:&quot;9 EUR plus exhibition ticket&quot;,&quot;shop&quot;:&quot;https:\\\/\\\/tickets.humboldtforum.org\\\/#\\\/product\\\/event\\\/474?date=2026-08-30&amp;date_id=29313&amp;lang=de&quot;,&quot;i&quot;:0,&quot;start_hour&quot;:&quot;13:00&quot;,&quot;start_HRF&quot;:&quot;So, 30. August 2026&quot;,&quot;_date&quot;:{&quot;date&quot;:&quot;2026-08-30 14:00:00.000000&quot;,&quot;timezone_type&quot;:3,&quot;timezone&quot;:&quot;Europe\\\/Berlin&quot;},&quot;_fromdate&quot;:&quot;20260830 13:00&quot;,&quot;start_TS&quot;:1788087600,&quot;start_HRFSHORT&quot;:&quot;30.08.26&quot;,&quot;start_HRFSHORT_WD&quot;:&quot;So 30.08.2026&quot;,&quot;end_TS&quot;:1788091200,&quot;can_purchase&quot;:true},{&quot;start&quot;:&quot;20260913 13:00&quot;,&quot;end&quot;:&quot;14:00&quot;,&quot;status&quot;:&quot;BUY&quot;,&quot;info&quot;:&quot;9 EUR plus exhibition ticket&quot;,&quot;shop&quot;:&quot;https:\\\/\\\/tickets.humboldtforum.org\\\/#\\\/product\\\/event\\\/474?date=2026-09-13&amp;date_id=29658&amp;lang=de&quot;,&quot;i&quot;:1,&quot;start_hour&quot;:&quot;13:00&quot;,&quot;start_HRF&quot;:&quot;So, 13. September 2026&quot;,&quot;_date&quot;:{&quot;date&quot;:&quot;2026-09-13 14:00:00.000000&quot;,&quot;timezone_type&quot;:3,&quot;timezone&quot;:&quot;Europe\\\/Berlin&quot;},&quot;_fromdate&quot;:&quot;20260913 13:00&quot;,&quot;start_TS&quot;:1789297200,&quot;start_HRFSHORT&quot;:&quot;13.09.26&quot;,&quot;start_HRFSHORT_WD&quot;:&quot;So 13.09.2026&quot;,&quot;end_TS&quot;:1789300800,&quot;can_purchase&quot;:true},{&quot;start&quot;:&quot;20260927 13:00&quot;,&quot;end&quot;:&quot;14:00&quot;,&quot;status&quot;:&quot;BUY&quot;,&quot;info&quot;:&quot;9 EUR plus exhibition ticket&quot;,&quot;shop&quot;:&quot;https:\\\/\\\/tickets.humboldtforum.org\\\/#\\\/product\\\/event\\\/474?date=2026-09-27&amp;date_id=29659&amp;lang=de&quot;,&quot;i&quot;:2,&quot;start_hour&quot;:&quot;13:00&quot;,&quot;start_HRF&quot;:&quot;So, 27. September 2026&quot;,&quot;_date&quot;:{&quot;date&quot;:&quot;2026-09-27 14:00:00.000000&quot;,&quot;timezone_type&quot;:3,&quot;timezone&quot;:&quot;Europe\\\/Berlin&quot;},&quot;_fromdate&quot;:&quot;20260927 13:00&quot;,&quot;start_TS&quot;:1790506800,&quot;start_HRFSHORT&quot;:&quot;27.09.26&quot;,&quot;start_HRFSHORT_WD&quot;:&quot;So 27.09.2026&quot;,&quot;end_TS&quot;:1790510400,&quot;can_purchase&quot;:true},{&quot;start&quot;:&quot;20261011 13:00&quot;,&quot;end&quot;:&quot;14:00&quot;,&quot;status&quot;:&quot;BUY&quot;,&quot;info&quot;:&quot;9 EUR plus exhibition ticket&quot;,&quot;shop&quot;:&quot;https:\\\/\\\/tickets.humboldtforum.org\\\/#\\\/product\\\/event\\\/474?date=2026-10-11&amp;date_id=30005&amp;lang=de&quot;,&quot;i&quot;:3,&quot;start_hour&quot;:&quot;13:00&quot;,&quot;start_HRF&quot;:&quot;So, 11. Oktober 2026&quot;,&quot;_date&quot;:{&quot;date&quot;:&quot;2026-10-11 14:00:00.000000&quot;,&quot;timezone_type&quot;:3,&quot;timezone&quot;:&quot;Europe\\\/Berlin&quot;},&quot;_fromdate&quot;:&quot;20261011 13:00&quot;,&quot;start_TS&quot;:1791716400,&quot;start_HRFSHORT&quot;:&quot;11.10.26&quot;,&quot;start_HRFSHORT_WD&quot;:&quot;So 11.10.2026&quot;,&quot;end_TS&quot;:1791720000,&quot;can_purchase&quot;:true},{&quot;start&quot;:&quot;20261025 13:00&quot;,&quot;end&quot;:&quot;14:00&quot;,&quot;status&quot;:&quot;BUY&quot;,&quot;info&quot;:&quot;9 EUR plus exhibition ticket&quot;,&quot;shop&quot;:&quot;https:\\\/\\\/tickets.humboldtforum.org\\\/#\\\/product\\\/event\\\/474?date=2026-10-25&amp;date_id=30006&amp;lang=de&quot;,&quot;i&quot;:4,&quot;start_hour&quot;:&quot;13:00&quot;,&quot;start_HRF&quot;:&quot;So, 25. Oktober 2026&quot;,&quot;_date&quot;:{&quot;date&quot;:&quot;2026-10-25 14:00:00.000000&quot;,&quot;timezone_type&quot;:3,&quot;timezone&quot;:&quot;Europe\\\/Berlin&quot;},&quot;_fromdate&quot;:&quot;20261025 13:00&quot;,&quot;start_TS&quot;:1792929600,&quot;start_HRFSHORT&quot;:&quot;25.10.26&quot;,&quot;start_HRFSHORT_WD&quot;:&quot;So 25.10.2026&quot;,&quot;end_TS&quot;:1792933200,&quot;can_purchase&quot;:true}]},&quot;date&quot;:{&quot;NX&quot;:&quot;20260830&quot;,&quot;NXX&quot;:&quot;202608301300&quot;,&quot;NLAST&quot;:&quot;202610251000&quot;,&quot;from_DATE&quot;:&quot;20260830 13:00&quot;,&quot;from&quot;:1788080400,&quot;to&quot;:1792922400,&quot;to_DATE&quot;:&quot;20261025 13:00&quot;,&quot;from_HRFSHORT&quot;:&quot;30. Aug 2026&quot;,&quot;from_HRFSHORT_WD&quot;:&quot;So 30.08.2026&quot;,&quot;to_HRFSHORT&quot;:&quot;25. Okt 2026&quot;,&quot;to_HRFSHORT_WD&quot;:&quot;So 25.10.2026&quot;,&quot;from_HRF&quot;:&quot;So, 30. August 2026&quot;,&quot;to_HRF&quot;:&quot;So, 25. Oktober 2026&quot;,&quot;from_to_HRF&quot;:&quot;So, 30. August \\u2013 So, 25. Oktober 2026&quot;,&quot;from_to_HRFSHORT&quot;:&quot;30. Aug \\u2013 25. Okt 2026&quot;},&quot;alert&quot;:&quot;EN&quot;,&quot;partof&quot;:[],&quot;marketing_topic&quot;:{&quot;title&quot;:&quot;Geschichte(n) Tansanias&quot;,&quot;ID&quot;:136691,&quot;reason&quot;:&quot;belongsto&quot;}}' inline-template>\n\t<a href=\"https:\/\/www.humboldtforum.org\/de\/programm\/termin\/fuehrung\/histories-of-tanzania-138871\/\" class=\"teaser teaser-event teaser-event-standard\">\n\t\t<div class=\"row\">\n\t\t\t<div class=\"col-xs-12 teaser-event-image\">\n\t\t\t\t<div class=\"teaser-image teaser-image-no-alternate\">\n\t\t\t\t\t\t\t\t\t\t\t\t\t<span class=\"alert\">EN<\/span>\n\t\t\t\t\t\t\t\t\t\t\t\n\t<lazy-media-inline inline-template>\n\t\t<figure itemscope itemtype=\"http:\/\/schema.org\/ImageObject\" class=\"lazy-media-inline \" role=\"group\" id=\"media_6a9500242bb80\" aria-labelledby=\"desc_media_6a9500242bb80\">\n\t\t\t<script type=\"application\/json\" ref=\"data\">\n\t\t\t\t{\n\t\t\t\t\"sizes\" : {\"medium\":{\"file\":\"SHF_eb00236630-300x200.jpg\",\"width\":300,\"height\":200,\"mime-type\":\"image\\\/jpeg\",\"filesize\":20455},\"large\":{\"file\":\"SHF_eb00236630-1024x682.jpg\",\"width\":1024,\"height\":682,\"mime-type\":\"image\\\/jpeg\",\"filesize\":143670},\"thumbnail\":{\"file\":\"SHF_eb00236630-150x150.jpg\",\"width\":150,\"height\":150,\"mime-type\":\"image\\\/jpeg\",\"filesize\":8701},\"medium_large\":{\"file\":\"SHF_eb00236630-768x512.jpg\",\"width\":768,\"height\":512,\"mime-type\":\"image\\\/jpeg\",\"filesize\":92684},\"small\":{\"file\":\"SHF_eb00236630-440x293.jpg\",\"width\":440,\"height\":293,\"mime-type\":\"image\\\/jpeg\",\"filesize\":38304},\"semi\":{\"file\":\"SHF_eb00236630-580x387.jpg\",\"width\":580,\"height\":387,\"mime-type\":\"image\\\/jpeg\",\"filesize\":60308},\"mobile\":{\"file\":\"SHF_eb00236630-720x480.jpg\",\"width\":720,\"height\":480,\"mime-type\":\"image\\\/jpeg\",\"filesize\":83627},\"original\":{\"file\":\"SHF_eb00236630.jpg\",\"width\":1280,\"height\":853}},\n\t\t\t\t\"alt\" : \"Besucher in einem Ausstellungsraum mit kreativen Installationen und interaktiven Exponaten.\",\n\t\t\t\t\"path\" : \"\\\/wp-content\\\/uploads\\\/2025\\\/06\\\/\",\n\t\t\t\t\"video\" : null,\n\t\t\t\t\"autoplay\" : null,\n\t\t\t\t\"youtube\" : null,\n\t\t\t\t\"youtubelabel\" : \"Video abspielen\",\n\t\t\t\t\"brightness\" : 100,\n\t\t\t\t\"crop\" : null,\n\t\t\t\t\"background\" : true,\n\t\t\t\t\"scale\" : 2\t\t\t\t}\n\t\t\t<\/script>\n\n\t\t\t<div class=\"height-container\" style=\"padding-bottom:66.640625%;\" v-if=\"sizes\">\n\t\t\t\t\t\t\t\t<lazy-media :inline=\"true\" :alt=\"alt\" :sizes=\"sizes\" :scale=\"scale\" :brightness=\"brightness\" :path=\"path\" :video=\"video\" :autoplay=\"autoplay\" :youtube=\"youtube\" :crop=\"crop\" :youtubelabel=\"youtubelabel\" :background=\"background\" media-id=\"desc_media_6a9500242bb80\"><\/lazy-media>\n\t\t\t\t\t\t\t<\/div>\n\n\t\t\t\t\t\t\t<figcaption class=\"sr-only\" ref=\"body\" id=\"desc_media_6a9500242bb80\">\n\t\t\t\t\t\t\t\t\t\t\t<div>Tour of the exhibition &lsquo;Histories of Tanzania&rsquo; with participating curators and artists<\/div>\n\t\t\t\t\t\t\t\t\t\t\t\t\t\t\t\t\t\t\t\t\t<div class=\"insignificant\">\u00a9 Stiftung Humboldt Forum im Berliner Schloss \/ Szenografie: APC Architectural Pioneering Consultants \/ Studio Gr\u00fcnder Kirfel, Foto: Frank Sperling<\/div>\n\t\t\t\t\t\t\t\t\t<\/figcaption>\n\t\t\t\t\t<\/figure>\n\t<\/lazy-media-inline>\n\t\t\t\t<\/div>\n\t\t\t<\/div>\n\t\t\t<div class=\"col-xs-12 teaser-event-text Infos\">\n\t\t\t\t<div class=\"teaser-event-standard-text\">\n\t\t\t\t\t<div class=\"margin-bottom-atom\">\n\t\t\t\t\t\t<div class=\"subline clamp-1\" v-html=\"maingenre\"><\/div>\n\t\t\t\t\t\t\t\t\t\t\t\t\t<div class=\"insignificant clamp-2\">Geschichte(n) Tansanias<\/div>\n\t\t\t\t\t\t\t\t\t\t\t<\/div>\n\t\t\t\t\n\t\t\t\t\t<strong class=\"margin-bottom-atom\">Histories of Tanzania<\/strong>\n\n\t\t\t\t\t\t\t\t\t\t\t<div class=\"\">Insights and Outlooks<\/div>\n\t\t\t\t\t\t\t\t\t<\/div>\n\t\t\t\t<div class=\"teaser-bottom border-bottom\">\n\t\t\t\t<calendardateline :rawitem='item' :show-icon=\"true\"><\/calendardateline>\n\t\t\t\t\t<hr>\n\t\t\t\t<\/div>\n\t\t\t<\/div>\n\t\t<\/div>\n\t<\/a>\n\t<\/calendarteaser>\n<\/li>\n\n<li class=\"teaser-lane-slide col-xs-9 col-sm-4 col-md-3 teaser-wrapper col-padding-remove\">\n\t<calendarteaser key=\"15250514333\" rawitem='{&quot;postId&quot;:152505,&quot;title&quot;:&quot;On Water. WasserWissen in Berlin&quot;,&quot;excerpt&quot;:&quot;&quot;,&quot;slug&quot;:&quot;on-water-wasserwissen-in-berlin-2&quot;,&quot;post_date&quot;:&quot;2025-09-26T14:18&quot;,&quot;type&quot;:&quot;event&quot;,&quot;permalink&quot;:&quot;https:\\\/\\\/www.humboldtforum.org\\\/de\\\/programm\\\/termin\\\/fuehrung\\\/on-water-wasserwissen-in-berlin-2-152505\\\/&quot;,&quot;genre&quot;:[821],&quot;genre_details&quot;:[{&quot;text&quot;:&quot;F\\u00fchrung&quot;,&quot;id&quot;:821,&quot;icon&quot;:null,&quot;parent&quot;:0}],&quot;stakeholder&quot;:[409],&quot;stakeholder_details&quot;:[{&quot;text&quot;:&quot;Humboldt-Universit\\u00e4t zu Berlin&quot;,&quot;id&quot;:409,&quot;icon&quot;:null,&quot;parent&quot;:0}],&quot;targetgroup&quot;:[454],&quot;targetgroup_details&quot;:[{&quot;text&quot;:&quot;Kinder und Familien&quot;,&quot;id&quot;:454,&quot;icon&quot;:null,&quot;parent&quot;:0}],&quot;language&quot;:[384],&quot;language_details&quot;:[{&quot;text&quot;:&quot;Deutsch&quot;,&quot;id&quot;:384,&quot;icon&quot;:null,&quot;parent&quot;:0}],&quot;accessability&quot;:[430],&quot;accessability_details&quot;:[{&quot;text&quot;:&quot;Rollstuhlgerecht&quot;,&quot;id&quot;:430,&quot;icon&quot;:null,&quot;parent&quot;:0}],&quot;age&quot;:[1525],&quot;age_details&quot;:[{&quot;text&quot;:&quot;ab 6 Jahre&quot;,&quot;id&quot;:1525,&quot;icon&quot;:null,&quot;parent&quot;:0}],&quot;groupsize&quot;:[1047],&quot;groupsize_details&quot;:[{&quot;text&quot;:&quot;max. 20 Personen&quot;,&quot;id&quot;:1047,&quot;icon&quot;:null,&quot;parent&quot;:0}],&quot;icon_overwrite&quot;:&quot;&quot;,&quot;acf&quot;:{&quot;noindex&quot;:false,&quot;keywords&quot;:&quot;&quot;,&quot;hashtag&quot;:&quot;HumboldtForum&quot;,&quot;belongsto&quot;:[148667],&quot;shorturl&quot;:&quot;&quot;,&quot;times&quot;:[{&quot;start&quot;:&quot;20260830 14:00&quot;,&quot;end&quot;:&quot;15:00&quot;,&quot;status&quot;:&quot;BUY&quot;,&quot;info&quot;:&quot;5 EUR&quot;,&quot;shop&quot;:&quot;https:\\\/\\\/tickets.humboldtforum.org\\\/#\\\/product\\\/event\\\/546?date=2026-08-30&amp;date_id=29357&amp;lang=de&quot;,&quot;i&quot;:1,&quot;start_hour&quot;:&quot;14:00&quot;,&quot;start_HRF&quot;:&quot;So, 30. August 2026&quot;,&quot;_date&quot;:{&quot;date&quot;:&quot;2026-08-30 15:00:00.000000&quot;,&quot;timezone_type&quot;:3,&quot;timezone&quot;:&quot;Europe\\\/Berlin&quot;},&quot;_fromdate&quot;:&quot;20260830 14:00&quot;,&quot;start_TS&quot;:1788091200,&quot;start_HRFSHORT&quot;:&quot;30.08.26&quot;,&quot;start_HRFSHORT_WD&quot;:&quot;So 30.08.2026&quot;,&quot;end_TS&quot;:1788094800,&quot;can_purchase&quot;:true},{&quot;start&quot;:&quot;20260905 14:00&quot;,&quot;end&quot;:&quot;15:00&quot;,&quot;status&quot;:&quot;BUY&quot;,&quot;info&quot;:&quot;5 EUR&quot;,&quot;shop&quot;:&quot;https:\\\/\\\/tickets.humboldtforum.org\\\/#\\\/product\\\/event\\\/546?date=2026-09-05&amp;date_id=29718&amp;lang=de&quot;,&quot;i&quot;:2,&quot;start_hour&quot;:&quot;14:00&quot;,&quot;start_HRF&quot;:&quot;Sa,  5. September 2026&quot;,&quot;_date&quot;:{&quot;date&quot;:&quot;2026-09-05 15:00:00.000000&quot;,&quot;timezone_type&quot;:3,&quot;timezone&quot;:&quot;Europe\\\/Berlin&quot;},&quot;_fromdate&quot;:&quot;20260905 14:00&quot;,&quot;start_TS&quot;:1788609600,&quot;start_HRFSHORT&quot;:&quot;05.09.26&quot;,&quot;start_HRFSHORT_WD&quot;:&quot;Sa 05.09.2026&quot;,&quot;end_TS&quot;:1788613200,&quot;can_purchase&quot;:true},{&quot;start&quot;:&quot;20260919 14:00&quot;,&quot;end&quot;:&quot;15:00&quot;,&quot;status&quot;:&quot;BUY&quot;,&quot;info&quot;:&quot;5 EUR&quot;,&quot;shop&quot;:&quot;https:\\\/\\\/tickets.humboldtforum.org\\\/#\\\/product\\\/event\\\/546?date=2026-09-19&amp;date_id=29720&amp;lang=de&quot;,&quot;i&quot;:3,&quot;start_hour&quot;:&quot;14:00&quot;,&quot;start_HRF&quot;:&quot;Sa, 19. September 2026&quot;,&quot;_date&quot;:{&quot;date&quot;:&quot;2026-09-19 15:00:00.000000&quot;,&quot;timezone_type&quot;:3,&quot;timezone&quot;:&quot;Europe\\\/Berlin&quot;},&quot;_fromdate&quot;:&quot;20260919 14:00&quot;,&quot;start_TS&quot;:1789819200,&quot;start_HRFSHORT&quot;:&quot;19.09.26&quot;,&quot;start_HRFSHORT_WD&quot;:&quot;Sa 19.09.2026&quot;,&quot;end_TS&quot;:1789822800,&quot;can_purchase&quot;:true},{&quot;start&quot;:&quot;20260926 14:00&quot;,&quot;end&quot;:&quot;15:00&quot;,&quot;status&quot;:&quot;BUY&quot;,&quot;info&quot;:&quot;5 EUR&quot;,&quot;shop&quot;:&quot;https:\\\/\\\/tickets.humboldtforum.org\\\/#\\\/product\\\/event\\\/546?date=2026-09-26&amp;date_id=29721&amp;lang=de&quot;,&quot;i&quot;:4,&quot;start_hour&quot;:&quot;14:00&quot;,&quot;start_HRF&quot;:&quot;Sa, 26. September 2026&quot;,&quot;_date&quot;:{&quot;date&quot;:&quot;2026-09-26 15:00:00.000000&quot;,&quot;timezone_type&quot;:3,&quot;timezone&quot;:&quot;Europe\\\/Berlin&quot;},&quot;_fromdate&quot;:&quot;20260926 14:00&quot;,&quot;start_TS&quot;:1790424000,&quot;start_HRFSHORT&quot;:&quot;26.09.26&quot;,&quot;start_HRFSHORT_WD&quot;:&quot;Sa 26.09.2026&quot;,&quot;end_TS&quot;:1790427600,&quot;can_purchase&quot;:true},{&quot;start&quot;:&quot;20260927 14:00&quot;,&quot;end&quot;:&quot;15:00&quot;,&quot;status&quot;:&quot;BUY&quot;,&quot;info&quot;:&quot;5 EUR&quot;,&quot;shop&quot;:&quot;https:\\\/\\\/tickets.humboldtforum.org\\\/#\\\/product\\\/event\\\/546?date=2026-09-27&amp;date_id=29722&amp;lang=de&quot;,&quot;i&quot;:5,&quot;start_hour&quot;:&quot;14:00&quot;,&quot;start_HRF&quot;:&quot;So, 27. September 2026&quot;,&quot;_date&quot;:{&quot;date&quot;:&quot;2026-09-27 15:00:00.000000&quot;,&quot;timezone_type&quot;:3,&quot;timezone&quot;:&quot;Europe\\\/Berlin&quot;},&quot;_fromdate&quot;:&quot;20260927 14:00&quot;,&quot;start_TS&quot;:1790510400,&quot;start_HRFSHORT&quot;:&quot;27.09.26&quot;,&quot;start_HRFSHORT_WD&quot;:&quot;So 27.09.2026&quot;,&quot;end_TS&quot;:1790514000,&quot;can_purchase&quot;:true}],&quot;planning&quot;:{&quot;price&quot;:&quot;5 EUR pro Person &quot;,&quot;admission&quot;:&quot;&quot;,&quot;pause&quot;:&quot;&quot;,&quot;duration&quot;:&quot;&quot;},&quot;subline&quot;:&quot;Familienf\\u00fchrung&quot;,&quot;tickettext&quot;:&quot;Bitte buchen Sie Ihr Ticket vorab online oder an der Kasse im Foyer.&quot;,&quot;additional_info&quot;:{&quot;icon&quot;:&quot;0&quot;,&quot;text&quot;:&quot;&quot;},&quot;highlight_header&quot;:false,&quot;featured_images&quot;:[162963],&quot;use_video_in_teasers&quot;:false,&quot;hyphenation&quot;:true,&quot;tipp&quot;:false,&quot;joker&quot;:false,&quot;live&quot;:false,&quot;hide_event_in_program&quot;:false,&quot;gomus_id&quot;:&quot;&quot;,&quot;hm_id&quot;:&quot;&quot;},&quot;date&quot;:{&quot;NX&quot;:&quot;20260830&quot;,&quot;NXX&quot;:&quot;202608301400&quot;,&quot;NLAST&quot;:&quot;202610311100&quot;,&quot;from_DATE&quot;:&quot;20260829 14:00&quot;,&quot;from&quot;:1787997600,&quot;to&quot;:1793444400,&quot;to_DATE&quot;:&quot;20261031 14:00&quot;,&quot;from_HRFSHORT&quot;:&quot;29. Aug 2026&quot;,&quot;from_HRFSHORT_WD&quot;:&quot;Sa 29.08.2026&quot;,&quot;to_HRFSHORT&quot;:&quot;31. Okt 2026&quot;,&quot;to_HRFSHORT_WD&quot;:&quot;Sa 31.10.2026&quot;,&quot;from_HRF&quot;:&quot;Sa, 29. August 2026&quot;,&quot;to_HRF&quot;:&quot;Sa, 31. Oktober 2026&quot;,&quot;from_to_HRF&quot;:&quot;Sa, 29. August \\u2013 Sa, 31. Oktober 2026&quot;,&quot;from_to_HRFSHORT&quot;:&quot;29. Aug \\u2013 31. Okt 2026&quot;},&quot;alert&quot;:null,&quot;partof&quot;:[],&quot;marketing_topic&quot;:{&quot;title&quot;:&quot;On Water&quot;,&quot;ID&quot;:148667,&quot;reason&quot;:&quot;belongsto&quot;}}' inline-template>\n\t<a href=\"https:\/\/www.humboldtforum.org\/de\/programm\/termin\/fuehrung\/on-water-wasserwissen-in-berlin-2-152505\/\" class=\"teaser teaser-event teaser-event-standard\">\n\t\t<div class=\"row\">\n\t\t\t<div class=\"col-xs-12 teaser-event-image\">\n\t\t\t\t<div class=\"teaser-image teaser-image-no-alternate\">\n\t\t\t\t\t\t\t\t\t\t\t\n\t<lazy-media-inline inline-template>\n\t\t<figure itemscope itemtype=\"http:\/\/schema.org\/ImageObject\" class=\"lazy-media-inline \" role=\"group\" id=\"media_6a9500242c60a\" aria-labelledby=\"desc_media_6a9500242c60a\">\n\t\t\t<script type=\"application\/json\" ref=\"data\">\n\t\t\t\t{\n\t\t\t\t\"sizes\" : {\"medium\":{\"file\":\"SHF_eb00265535-300x200.jpg\",\"width\":300,\"height\":200,\"mime-type\":\"image\\\/jpeg\",\"filesize\":9499},\"large\":{\"file\":\"SHF_eb00265535-1024x683.jpg\",\"width\":1024,\"height\":683,\"mime-type\":\"image\\\/jpeg\",\"filesize\":70480},\"thumbnail\":{\"file\":\"SHF_eb00265535-150x150.jpg\",\"width\":150,\"height\":150,\"mime-type\":\"image\\\/jpeg\",\"filesize\":4796},\"medium_large\":{\"file\":\"SHF_eb00265535-768x512.jpg\",\"width\":768,\"height\":512,\"mime-type\":\"image\\\/jpeg\",\"filesize\":41826},\"small\":{\"file\":\"SHF_eb00265535-440x293.jpg\",\"width\":440,\"height\":293,\"mime-type\":\"image\\\/jpeg\",\"filesize\":17018},\"semi\":{\"file\":\"SHF_eb00265535-580x387.jpg\",\"width\":580,\"height\":387,\"mime-type\":\"image\\\/jpeg\",\"filesize\":26518},\"mobile\":{\"file\":\"SHF_eb00265535-720x480.jpg\",\"width\":720,\"height\":480,\"mime-type\":\"image\\\/jpeg\",\"filesize\":37495},\"hd\":{\"file\":\"SHF_eb00265535-1280x853.jpg\",\"width\":1280,\"height\":853,\"mime-type\":\"image\\\/jpeg\",\"filesize\":108373},\"full\":{\"file\":\"SHF_eb00265535-1920x1280.jpg\",\"width\":1920,\"height\":1280,\"mime-type\":\"image\\\/jpeg\",\"filesize\":267921},\"xxl\":{\"file\":\"SHF_eb00265535-4048x2698.jpg\",\"width\":4048,\"height\":2698,\"mime-type\":\"image\\\/jpeg\",\"filesize\":1681213},\"1536x1536\":{\"file\":\"SHF_eb00265535-1536x1024.jpg\",\"width\":1536,\"height\":1024,\"mime-type\":\"image\\\/jpeg\",\"filesize\":158882},\"2048x2048\":{\"file\":\"SHF_eb00265535-2048x1365.jpg\",\"width\":2048,\"height\":1365,\"mime-type\":\"image\\\/jpeg\",\"filesize\":316489},\"original\":{\"file\":\"SHF_eb00265535.jpg\",\"width\":4148,\"height\":2765}},\n\t\t\t\t\"alt\" : \"Eine Hand zeigt auf bunte Zeichnungen an einer Wand, darunter ein Fisch mit dem Schriftzug \\\"Willkommen in Berlin!\\\".\",\n\t\t\t\t\"path\" : \"\\\/wp-content\\\/uploads\\\/2025\\\/09\\\/\",\n\t\t\t\t\"video\" : null,\n\t\t\t\t\"autoplay\" : null,\n\t\t\t\t\"youtube\" : null,\n\t\t\t\t\"youtubelabel\" : \"Video abspielen\",\n\t\t\t\t\"brightness\" : 100,\n\t\t\t\t\"crop\" : {\"top\":\"50.00\",\"left\":\"50.00\"},\n\t\t\t\t\"background\" : true,\n\t\t\t\t\"scale\" : 2\t\t\t\t}\n\t\t\t<\/script>\n\n\t\t\t<div class=\"height-container\" style=\"padding-bottom:66.658630665381%;\" v-if=\"sizes\">\n\t\t\t\t\t\t\t\t<lazy-media :inline=\"true\" :alt=\"alt\" :sizes=\"sizes\" :scale=\"scale\" :brightness=\"brightness\" :path=\"path\" :video=\"video\" :autoplay=\"autoplay\" :youtube=\"youtube\" :crop=\"crop\" :youtubelabel=\"youtubelabel\" :background=\"background\" media-id=\"desc_media_6a9500242c60a\"><\/lazy-media>\n\t\t\t\t\t\t\t<\/div>\n\n\t\t\t\t\t\t\t<figcaption class=\"sr-only\" ref=\"body\" id=\"desc_media_6a9500242c60a\">\n\t\t\t\t\t\t\t\t\t\t\t\t\t\t\t\t<div>Zeichnungen im Humboldt Labor <\/div>\n\t\t\t\t\t\t\t\t\t\t\t\t\t\t\t\t<div class=\"insignificant\">\u00a9 Humboldt-Universit\u00e4t zu Berlin, Foto: Stefan Klenke<\/div>\n\t\t\t\t\t\t\t\t\t<\/figcaption>\n\t\t\t\t\t<\/figure>\n\t<\/lazy-media-inline>\n\t\t\t\t<\/div>\n\t\t\t<\/div>\n\t\t\t<div class=\"col-xs-12 teaser-event-text Infos\">\n\t\t\t\t<div class=\"teaser-event-standard-text\">\n\t\t\t\t\t<div class=\"margin-bottom-atom\">\n\t\t\t\t\t\t<div class=\"subline clamp-1\" v-html=\"maingenre\"><\/div>\n\t\t\t\t\t\t\t\t\t\t\t\t\t<div class=\"insignificant clamp-2\">On Water<\/div>\n\t\t\t\t\t\t\t\t\t\t\t<\/div>\n\t\t\t\t\n\t\t\t\t\t<strong class=\"margin-bottom-atom\">On Water. WasserWissen in Berlin<\/strong>\n\n\t\t\t\t\t\t\t\t\t\t\t<div class=\"\">Familienf\u00fchrung<\/div>\n\t\t\t\t\t\t\t\t\t<\/div>\n\t\t\t\t<div class=\"teaser-bottom border-bottom\">\n\t\t\t\t<calendardateline :rawitem='item' :show-icon=\"true\"><\/calendardateline>\n\t\t\t\t\t<hr>\n\t\t\t\t<\/div>\n\t\t\t<\/div>\n\t\t<\/div>\n\t<\/a>\n\t<\/calendarteaser>\n<\/li>\n\n<li class=\"teaser-lane-slide col-xs-9 col-sm-4 col-md-3 teaser-wrapper col-padding-remove\">\n\t<calendarteaser key=\"1388589162\" rawitem='{&quot;postId&quot;:138858,&quot;title&quot;:&quot;Geschichte(n) Tansanias&quot;,&quot;excerpt&quot;:&quot;&quot;,&quot;slug&quot;:&quot;geschichten-tansanias&quot;,&quot;post_date&quot;:&quot;2024-10-17T10:14&quot;,&quot;type&quot;:&quot;event&quot;,&quot;permalink&quot;:&quot;https:\\\/\\\/www.humboldtforum.org\\\/de\\\/programm\\\/termin\\\/fuehrung\\\/geschichten-tansanias-138858\\\/&quot;,&quot;genre&quot;:[821],&quot;genre_details&quot;:[{&quot;text&quot;:&quot;F\\u00fchrung&quot;,&quot;id&quot;:821,&quot;icon&quot;:null,&quot;parent&quot;:0}],&quot;stakeholder&quot;:[382],&quot;stakeholder_details&quot;:[{&quot;text&quot;:&quot;Stiftung Humboldt Forum im Berliner Schloss&quot;,&quot;id&quot;:382,&quot;icon&quot;:null,&quot;parent&quot;:0}],&quot;targetgroup&quot;:[383,455],&quot;targetgroup_details&quot;:[{&quot;text&quot;:&quot;Erwachsene&quot;,&quot;id&quot;:383,&quot;icon&quot;:null,&quot;parent&quot;:0},{&quot;text&quot;:&quot;Jugendliche&quot;,&quot;id&quot;:455,&quot;icon&quot;:null,&quot;parent&quot;:0}],&quot;language&quot;:[384],&quot;language_details&quot;:[{&quot;text&quot;:&quot;Deutsch&quot;,&quot;id&quot;:384,&quot;icon&quot;:null,&quot;parent&quot;:0}],&quot;age&quot;:[1321],&quot;age_details&quot;:[{&quot;text&quot;:&quot;ab 16 Jahre&quot;,&quot;id&quot;:1321,&quot;icon&quot;:null,&quot;parent&quot;:0}],&quot;groupsize&quot;:[1047],&quot;groupsize_details&quot;:[{&quot;text&quot;:&quot;max. 20 Personen&quot;,&quot;id&quot;:1047,&quot;icon&quot;:null,&quot;parent&quot;:0}],&quot;icon_overwrite&quot;:&quot;&quot;,&quot;acf&quot;:{&quot;noindex&quot;:false,&quot;keywords&quot;:&quot;&quot;,&quot;hashtag&quot;:&quot;HumboldtForum&quot;,&quot;belongsto&quot;:[136691],&quot;shorturl&quot;:&quot;&quot;,&quot;planning&quot;:{&quot;price&quot;:&quot;9 EUR zzgl. Ausstellungsticket&quot;,&quot;admission&quot;:&quot;&quot;,&quot;pause&quot;:&quot;&quot;,&quot;duration&quot;:&quot;60&quot;},&quot;subline&quot;:&quot;Einblicke und Ausblicke&quot;,&quot;tickettext&quot;:&quot;Bitte buchen Sie Ihr Ticket vorab online oder an der Kasse im Foyer.&quot;,&quot;additional_info&quot;:{&quot;icon&quot;:&quot;0&quot;,&quot;text&quot;:&quot;&quot;},&quot;highlight_header&quot;:false,&quot;featured_images&quot;:[147476],&quot;use_video_in_teasers&quot;:false,&quot;hyphenation&quot;:false,&quot;tipp&quot;:false,&quot;joker&quot;:false,&quot;live&quot;:false,&quot;hide_event_in_program&quot;:false,&quot;gomus_id&quot;:&quot;&quot;,&quot;hm_id&quot;:&quot;&quot;,&quot;alert_text&quot;:&quot;DE&quot;,&quot;times&quot;:[{&quot;start&quot;:&quot;20260830 15:00&quot;,&quot;end&quot;:&quot;16:00&quot;,&quot;status&quot;:&quot;BUY&quot;,&quot;info&quot;:&quot;9 EUR zzgl. Ausstellungsticket&quot;,&quot;shop&quot;:&quot;https:\\\/\\\/tickets.humboldtforum.org\\\/#\\\/product\\\/event\\\/474?date=2026-08-30&amp;date_id=29310&amp;lang=de&quot;,&quot;i&quot;:0,&quot;start_hour&quot;:&quot;15:00&quot;,&quot;start_HRF&quot;:&quot;So, 30. August 2026&quot;,&quot;_date&quot;:{&quot;date&quot;:&quot;2026-08-30 16:00:00.000000&quot;,&quot;timezone_type&quot;:3,&quot;timezone&quot;:&quot;Europe\\\/Berlin&quot;},&quot;_fromdate&quot;:&quot;20260830 15:00&quot;,&quot;start_TS&quot;:1788094800,&quot;start_HRFSHORT&quot;:&quot;30.08.26&quot;,&quot;start_HRFSHORT_WD&quot;:&quot;So 30.08.2026&quot;,&quot;end_TS&quot;:1788098400,&quot;can_purchase&quot;:true},{&quot;start&quot;:&quot;20260927 15:00&quot;,&quot;end&quot;:&quot;16:00&quot;,&quot;status&quot;:&quot;BUY&quot;,&quot;info&quot;:&quot;9 EUR zzgl. Ausstellungsticket&quot;,&quot;shop&quot;:&quot;https:\\\/\\\/tickets.humboldtforum.org\\\/#\\\/product\\\/event\\\/474?date=2026-09-27&amp;date_id=29657&amp;lang=de&quot;,&quot;i&quot;:1,&quot;start_hour&quot;:&quot;15:00&quot;,&quot;start_HRF&quot;:&quot;So, 27. September 2026&quot;,&quot;_date&quot;:{&quot;date&quot;:&quot;2026-09-27 16:00:00.000000&quot;,&quot;timezone_type&quot;:3,&quot;timezone&quot;:&quot;Europe\\\/Berlin&quot;},&quot;_fromdate&quot;:&quot;20260927 15:00&quot;,&quot;start_TS&quot;:1790514000,&quot;start_HRFSHORT&quot;:&quot;27.09.26&quot;,&quot;start_HRFSHORT_WD&quot;:&quot;So 27.09.2026&quot;,&quot;end_TS&quot;:1790517600,&quot;can_purchase&quot;:true},{&quot;start&quot;:&quot;20261011 15:00&quot;,&quot;end&quot;:&quot;16:00&quot;,&quot;status&quot;:&quot;BUY&quot;,&quot;info&quot;:&quot;9 EUR zzgl. Ausstellungsticket&quot;,&quot;shop&quot;:&quot;https:\\\/\\\/tickets.humboldtforum.org\\\/#\\\/product\\\/event\\\/474?date=2026-10-11&amp;date_id=30003&amp;lang=de&quot;,&quot;i&quot;:2,&quot;start_hour&quot;:&quot;15:00&quot;,&quot;start_HRF&quot;:&quot;So, 11. Oktober 2026&quot;,&quot;_date&quot;:{&quot;date&quot;:&quot;2026-10-11 16:00:00.000000&quot;,&quot;timezone_type&quot;:3,&quot;timezone&quot;:&quot;Europe\\\/Berlin&quot;},&quot;_fromdate&quot;:&quot;20261011 15:00&quot;,&quot;start_TS&quot;:1791723600,&quot;start_HRFSHORT&quot;:&quot;11.10.26&quot;,&quot;start_HRFSHORT_WD&quot;:&quot;So 11.10.2026&quot;,&quot;end_TS&quot;:1791727200,&quot;can_purchase&quot;:true},{&quot;start&quot;:&quot;20261025 15:00&quot;,&quot;end&quot;:&quot;16:00&quot;,&quot;status&quot;:&quot;BUY&quot;,&quot;info&quot;:&quot;9 EUR zzgl. Ausstellungsticket&quot;,&quot;shop&quot;:&quot;https:\\\/\\\/tickets.humboldtforum.org\\\/#\\\/product\\\/event\\\/474?date=2026-10-25&amp;date_id=30004&amp;lang=de&quot;,&quot;i&quot;:3,&quot;start_hour&quot;:&quot;15:00&quot;,&quot;start_HRF&quot;:&quot;So, 25. Oktober 2026&quot;,&quot;_date&quot;:{&quot;date&quot;:&quot;2026-10-25 16:00:00.000000&quot;,&quot;timezone_type&quot;:3,&quot;timezone&quot;:&quot;Europe\\\/Berlin&quot;},&quot;_fromdate&quot;:&quot;20261025 15:00&quot;,&quot;start_TS&quot;:1792936800,&quot;start_HRFSHORT&quot;:&quot;25.10.26&quot;,&quot;start_HRFSHORT_WD&quot;:&quot;So 25.10.2026&quot;,&quot;end_TS&quot;:1792940400,&quot;can_purchase&quot;:true}]},&quot;date&quot;:{&quot;NX&quot;:&quot;20260830&quot;,&quot;NXX&quot;:&quot;202608301500&quot;,&quot;NLAST&quot;:&quot;202610251200&quot;,&quot;from_DATE&quot;:&quot;20260830 15:00&quot;,&quot;from&quot;:1788087600,&quot;to&quot;:1792929600,&quot;to_DATE&quot;:&quot;20261025 15:00&quot;,&quot;from_HRFSHORT&quot;:&quot;30. Aug 2026&quot;,&quot;from_HRFSHORT_WD&quot;:&quot;So 30.08.2026&quot;,&quot;to_HRFSHORT&quot;:&quot;25. Okt 2026&quot;,&quot;to_HRFSHORT_WD&quot;:&quot;So 25.10.2026&quot;,&quot;from_HRF&quot;:&quot;So, 30. August 2026&quot;,&quot;to_HRF&quot;:&quot;So, 25. Oktober 2026&quot;,&quot;from_to_HRF&quot;:&quot;So, 30. August \\u2013 So, 25. Oktober 2026&quot;,&quot;from_to_HRFSHORT&quot;:&quot;30. Aug \\u2013 25. Okt 2026&quot;},&quot;alert&quot;:&quot;DE&quot;,&quot;partof&quot;:[],&quot;marketing_topic&quot;:{&quot;title&quot;:&quot;Geschichte(n) Tansanias&quot;,&quot;ID&quot;:136691,&quot;reason&quot;:&quot;belongsto&quot;}}' inline-template>\n\t<a href=\"https:\/\/www.humboldtforum.org\/de\/programm\/termin\/fuehrung\/geschichten-tansanias-138858\/\" class=\"teaser teaser-event teaser-event-standard\">\n\t\t<div class=\"row\">\n\t\t\t<div class=\"col-xs-12 teaser-event-image\">\n\t\t\t\t<div class=\"teaser-image teaser-image-no-alternate\">\n\t\t\t\t\t\t\t\t\t\t\t\t\t<span class=\"alert\">DE<\/span>\n\t\t\t\t\t\t\t\t\t\t\t\n\t<lazy-media-inline inline-template>\n\t\t<figure itemscope itemtype=\"http:\/\/schema.org\/ImageObject\" class=\"lazy-media-inline \" role=\"group\" id=\"media_6a9500242e0b3\" aria-labelledby=\"desc_media_6a9500242e0b3\">\n\t\t\t<script type=\"application\/json\" ref=\"data\">\n\t\t\t\t{\n\t\t\t\t\"sizes\" : {\"medium\":{\"file\":\"SHF_eb00236698-300x200.jpg\",\"width\":300,\"height\":200,\"mime-type\":\"image\\\/jpeg\",\"filesize\":17764},\"large\":{\"file\":\"SHF_eb00236698-1024x683.jpg\",\"width\":1024,\"height\":683,\"mime-type\":\"image\\\/jpeg\",\"filesize\":114214},\"thumbnail\":{\"file\":\"SHF_eb00236698-150x150.jpg\",\"width\":150,\"height\":150,\"mime-type\":\"image\\\/jpeg\",\"filesize\":8186},\"medium_large\":{\"file\":\"SHF_eb00236698-768x512.jpg\",\"width\":768,\"height\":512,\"mime-type\":\"image\\\/jpeg\",\"filesize\":74071},\"small\":{\"file\":\"SHF_eb00236698-440x294.jpg\",\"width\":440,\"height\":294,\"mime-type\":\"image\\\/jpeg\",\"filesize\":32009},\"semi\":{\"file\":\"SHF_eb00236698-580x387.jpg\",\"width\":580,\"height\":387,\"mime-type\":\"image\\\/jpeg\",\"filesize\":49233},\"mobile\":{\"file\":\"SHF_eb00236698-720x480.jpg\",\"width\":720,\"height\":480,\"mime-type\":\"image\\\/jpeg\",\"filesize\":66953},\"original\":{\"file\":\"SHF_eb00236698.jpg\",\"width\":1280,\"height\":854}},\n\t\t\t\t\"alt\" : \"Moderne Innenraumgestaltung mit Sitzm\\u00f6beln, Kunstinstallationen und interagierenden Menschen.\",\n\t\t\t\t\"path\" : \"\\\/wp-content\\\/uploads\\\/2025\\\/06\\\/\",\n\t\t\t\t\"video\" : null,\n\t\t\t\t\"autoplay\" : null,\n\t\t\t\t\"youtube\" : null,\n\t\t\t\t\"youtubelabel\" : \"Video abspielen\",\n\t\t\t\t\"brightness\" : 100,\n\t\t\t\t\"crop\" : null,\n\t\t\t\t\"background\" : true,\n\t\t\t\t\"scale\" : 2\t\t\t\t}\n\t\t\t<\/script>\n\n\t\t\t<div class=\"height-container\" style=\"padding-bottom:66.71875%;\" v-if=\"sizes\">\n\t\t\t\t\t\t\t\t<lazy-media :inline=\"true\" :alt=\"alt\" :sizes=\"sizes\" :scale=\"scale\" :brightness=\"brightness\" :path=\"path\" :video=\"video\" :autoplay=\"autoplay\" :youtube=\"youtube\" :crop=\"crop\" :youtubelabel=\"youtubelabel\" :background=\"background\" media-id=\"desc_media_6a9500242e0b3\"><\/lazy-media>\n\t\t\t\t\t\t\t<\/div>\n\n\t\t\t\t\t\t\t<figcaption class=\"sr-only\" ref=\"body\" id=\"desc_media_6a9500242e0b3\">\n\t\t\t\t\t\t\t\t\t\t\t<div>Er&ouml;ffnung der Ausstellung &quot;Geschichte(n) Tansanias&quot; <\/div>\n\t\t\t\t\t\t\t\t\t\t\t\t\t\t\t\t\t\t\t\t\t<div class=\"insignificant\">\u00a9 Charity Atukunda, Gloria Kiconco und Liz Kobusinge \/ Stiftung Humboldt Forum im Berliner Schloss \/ Szenografie: APC Architectural Pioneering Consultants \/ Studio Gr\u00fcnder Kirfel, Foto: Frank Sperling<\/div>\n\t\t\t\t\t\t\t\t\t<\/figcaption>\n\t\t\t\t\t<\/figure>\n\t<\/lazy-media-inline>\n\t\t\t\t<\/div>\n\t\t\t<\/div>\n\t\t\t<div class=\"col-xs-12 teaser-event-text Infos\">\n\t\t\t\t<div class=\"teaser-event-standard-text\">\n\t\t\t\t\t<div class=\"margin-bottom-atom\">\n\t\t\t\t\t\t<div class=\"subline clamp-1\" v-html=\"maingenre\"><\/div>\n\t\t\t\t\t\t\t\t\t\t\t\t\t<div class=\"insignificant clamp-2\">Geschichte(n) Tansanias<\/div>\n\t\t\t\t\t\t\t\t\t\t\t<\/div>\n\t\t\t\t\n\t\t\t\t\t<strong class=\"margin-bottom-atom\">Geschichte(n) Tansanias<\/strong>\n\n\t\t\t\t\t\t\t\t\t\t\t<div class=\"\">Einblicke und Ausblicke<\/div>\n\t\t\t\t\t\t\t\t\t<\/div>\n\t\t\t\t<div class=\"teaser-bottom border-bottom\">\n\t\t\t\t<calendardateline :rawitem='item' :show-icon=\"true\"><\/calendardateline>\n\t\t\t\t\t<hr>\n\t\t\t\t<\/div>\n\t\t\t<\/div>\n\t\t<\/div>\n\t<\/a>\n\t<\/calendarteaser>\n<\/li>\n\n<li class=\"teaser-lane-slide col-xs-9 col-sm-4 col-md-3 teaser-wrapper col-padding-remove\">\n\t<calendarteaser key=\"3273820241\" rawitem='{&quot;postId&quot;:32738,&quot;title&quot;:&quot;One Hour Museum f\\u00fcr Asiatische Kunst&quot;,&quot;excerpt&quot;:&quot;&quot;,&quot;slug&quot;:&quot;one-hour-museum-fur-asiatische-kunst&quot;,&quot;post_date&quot;:&quot;2021-09-28T16:12&quot;,&quot;type&quot;:&quot;event&quot;,&quot;permalink&quot;:&quot;https:\\\/\\\/www.humboldtforum.org\\\/de\\\/programm\\\/termin\\\/fuehrung\\\/one-hour-museum-fur-asiatische-kunst-32738\\\/&quot;,&quot;genre&quot;:[821],&quot;genre_details&quot;:[{&quot;text&quot;:&quot;F\\u00fchrung&quot;,&quot;id&quot;:821,&quot;icon&quot;:null,&quot;parent&quot;:0}],&quot;stakeholder&quot;:[530],&quot;stakeholder_details&quot;:[{&quot;text&quot;:&quot;Staatliche Museen zu Berlin&quot;,&quot;id&quot;:530,&quot;icon&quot;:null,&quot;parent&quot;:0}],&quot;targetgroup&quot;:[383],&quot;targetgroup_details&quot;:[{&quot;text&quot;:&quot;Erwachsene&quot;,&quot;id&quot;:383,&quot;icon&quot;:null,&quot;parent&quot;:0}],&quot;language&quot;:[385],&quot;language_details&quot;:[{&quot;text&quot;:&quot;Englisch&quot;,&quot;id&quot;:385,&quot;icon&quot;:null,&quot;parent&quot;:0}],&quot;groupsize&quot;:[1167],&quot;groupsize_details&quot;:[{&quot;text&quot;:&quot;max. 10 Personen&quot;,&quot;id&quot;:1167,&quot;icon&quot;:null,&quot;parent&quot;:0}],&quot;icon_overwrite&quot;:&quot;&quot;,&quot;acf&quot;:{&quot;noindex&quot;:false,&quot;keywords&quot;:&quot;&quot;,&quot;hashtag&quot;:&quot;HumboldtForum&quot;,&quot;belongsto&quot;:[46021],&quot;shorturl&quot;:&quot;&quot;,&quot;times&quot;:[{&quot;start&quot;:&quot;20260830 16:00&quot;,&quot;end&quot;:&quot;17:00&quot;,&quot;status&quot;:&quot;BUY&quot;,&quot;info&quot;:&quot;Guided Tour in English - 9 EUR plus exhibition ticket&quot;,&quot;shop&quot;:&quot;https:\\\/\\\/tickets.humboldtforum.org\\\/#\\\/product\\\/event\\\/105?date=2026-08-30&amp;date_id=29470&amp;lang=de&quot;,&quot;i&quot;:3,&quot;start_hour&quot;:&quot;16:00&quot;,&quot;start_HRF&quot;:&quot;So, 30. August 2026&quot;,&quot;_date&quot;:{&quot;date&quot;:&quot;2026-08-30 17:00:00.000000&quot;,&quot;timezone_type&quot;:3,&quot;timezone&quot;:&quot;Europe\\\/Berlin&quot;},&quot;_fromdate&quot;:&quot;20260830 16:00&quot;,&quot;start_TS&quot;:1788098400,&quot;start_HRFSHORT&quot;:&quot;30.08.26&quot;,&quot;start_HRFSHORT_WD&quot;:&quot;So 30.08.2026&quot;,&quot;end_TS&quot;:1788102000,&quot;can_purchase&quot;:true},{&quot;start&quot;:&quot;20260906 16:00&quot;,&quot;end&quot;:&quot;17:00&quot;,&quot;status&quot;:&quot;BUY&quot;,&quot;info&quot;:&quot;Guided Tour in English - 9 EUR plus exhibition ticket&quot;,&quot;shop&quot;:&quot;https:\\\/\\\/tickets.humboldtforum.org\\\/#\\\/product\\\/event\\\/105?date=2026-09-06&amp;date_id=29787&amp;lang=de&quot;,&quot;i&quot;:4,&quot;start_hour&quot;:&quot;16:00&quot;,&quot;start_HRF&quot;:&quot;So,  6. September 2026&quot;,&quot;_date&quot;:{&quot;date&quot;:&quot;2026-09-06 17:00:00.000000&quot;,&quot;timezone_type&quot;:3,&quot;timezone&quot;:&quot;Europe\\\/Berlin&quot;},&quot;_fromdate&quot;:&quot;20260906 16:00&quot;,&quot;start_TS&quot;:1788703200,&quot;start_HRFSHORT&quot;:&quot;06.09.26&quot;,&quot;start_HRFSHORT_WD&quot;:&quot;So 06.09.2026&quot;,&quot;end_TS&quot;:1788706800,&quot;can_purchase&quot;:true},{&quot;start&quot;:&quot;20260913 16:00&quot;,&quot;end&quot;:&quot;17:00&quot;,&quot;status&quot;:&quot;BUY&quot;,&quot;info&quot;:&quot;Guided Tour in English - 9 EUR plus exhibition ticket&quot;,&quot;shop&quot;:&quot;https:\\\/\\\/tickets.humboldtforum.org\\\/#\\\/product\\\/event\\\/105?date=2026-09-13&amp;date_id=29788&amp;lang=de&quot;,&quot;i&quot;:5,&quot;start_hour&quot;:&quot;16:00&quot;,&quot;start_HRF&quot;:&quot;So, 13. September 2026&quot;,&quot;_date&quot;:{&quot;date&quot;:&quot;2026-09-13 17:00:00.000000&quot;,&quot;timezone_type&quot;:3,&quot;timezone&quot;:&quot;Europe\\\/Berlin&quot;},&quot;_fromdate&quot;:&quot;20260913 16:00&quot;,&quot;start_TS&quot;:1789308000,&quot;start_HRFSHORT&quot;:&quot;13.09.26&quot;,&quot;start_HRFSHORT_WD&quot;:&quot;So 13.09.2026&quot;,&quot;end_TS&quot;:1789311600,&quot;can_purchase&quot;:true},{&quot;start&quot;:&quot;20260920 16:00&quot;,&quot;end&quot;:&quot;17:00&quot;,&quot;status&quot;:&quot;BUY&quot;,&quot;info&quot;:&quot;Guided Tour in English - 9 EUR plus exhibition ticket&quot;,&quot;shop&quot;:&quot;https:\\\/\\\/tickets.humboldtforum.org\\\/#\\\/product\\\/event\\\/105?date=2026-09-20&amp;date_id=29789&amp;lang=de&quot;,&quot;i&quot;:6,&quot;start_hour&quot;:&quot;16:00&quot;,&quot;start_HRF&quot;:&quot;So, 20. September 2026&quot;,&quot;_date&quot;:{&quot;date&quot;:&quot;2026-09-20 17:00:00.000000&quot;,&quot;timezone_type&quot;:3,&quot;timezone&quot;:&quot;Europe\\\/Berlin&quot;},&quot;_fromdate&quot;:&quot;20260920 16:00&quot;,&quot;start_TS&quot;:1789912800,&quot;start_HRFSHORT&quot;:&quot;20.09.26&quot;,&quot;start_HRFSHORT_WD&quot;:&quot;So 20.09.2026&quot;,&quot;end_TS&quot;:1789916400,&quot;can_purchase&quot;:true},{&quot;start&quot;:&quot;20260927 16:00&quot;,&quot;end&quot;:&quot;17:00&quot;,&quot;status&quot;:&quot;BUY&quot;,&quot;info&quot;:&quot;Guided Tour in English - 9 EUR plus exhibition ticket&quot;,&quot;shop&quot;:&quot;https:\\\/\\\/tickets.humboldtforum.org\\\/#\\\/product\\\/event\\\/105?date=2026-09-27&amp;date_id=29790&amp;lang=de&quot;,&quot;i&quot;:7,&quot;start_hour&quot;:&quot;16:00&quot;,&quot;start_HRF&quot;:&quot;So, 27. September 2026&quot;,&quot;_date&quot;:{&quot;date&quot;:&quot;2026-09-27 17:00:00.000000&quot;,&quot;timezone_type&quot;:3,&quot;timezone&quot;:&quot;Europe\\\/Berlin&quot;},&quot;_fromdate&quot;:&quot;20260927 16:00&quot;,&quot;start_TS&quot;:1790517600,&quot;start_HRFSHORT&quot;:&quot;27.09.26&quot;,&quot;start_HRFSHORT_WD&quot;:&quot;So 27.09.2026&quot;,&quot;end_TS&quot;:1790521200,&quot;can_purchase&quot;:true}],&quot;planning&quot;:{&quot;price&quot;:&quot;9 EUR plus exhibition ticket&quot;,&quot;admission&quot;:&quot;&quot;,&quot;pause&quot;:&quot;&quot;,&quot;duration&quot;:&quot;60&quot;},&quot;subline&quot;:&quot;Overview tour&quot;,&quot;tickettext&quot;:&quot;Please book your ticket in advance online or at the box office in the foyer.&quot;,&quot;additional_info&quot;:{&quot;icon&quot;:&quot;icon-uhr&quot;,&quot;text&quot;:&quot;Dates and ticket booking for the coming month will be released at the end of the previous month.&quot;},&quot;highlight_header&quot;:false,&quot;featured_images&quot;:[32640],&quot;use_video_in_teasers&quot;:false,&quot;hyphenation&quot;:true,&quot;tipp&quot;:false,&quot;alert_text&quot;:&quot;EN&quot;,&quot;joker&quot;:false,&quot;live&quot;:false,&quot;hide_event_in_program&quot;:false,&quot;gomus_id&quot;:&quot;&quot;,&quot;hm_id&quot;:&quot;&quot;},&quot;date&quot;:{&quot;NX&quot;:&quot;20260830&quot;,&quot;NXX&quot;:&quot;202608301600&quot;,&quot;NLAST&quot;:&quot;202609271200&quot;,&quot;from_DATE&quot;:&quot;20260802 16:00&quot;,&quot;from&quot;:1785672000,&quot;to&quot;:1790510400,&quot;to_DATE&quot;:&quot;20260927 16:00&quot;,&quot;from_HRFSHORT&quot;:&quot; 2. Aug 2026&quot;,&quot;from_HRFSHORT_WD&quot;:&quot;So 02.08.2026&quot;,&quot;to_HRFSHORT&quot;:&quot;27. Sep 2026&quot;,&quot;to_HRFSHORT_WD&quot;:&quot;So 27.09.2026&quot;,&quot;from_HRF&quot;:&quot;So,  2. August 2026&quot;,&quot;to_HRF&quot;:&quot;So, 27. September 2026&quot;,&quot;from_to_HRF&quot;:&quot;So,  2. August \\u2013 So, 27. September 2026&quot;,&quot;from_to_HRFSHORT&quot;:&quot; 2. Aug \\u2013 27. Sep 2026&quot;},&quot;alert&quot;:&quot;EN&quot;,&quot;partof&quot;:[],&quot;marketing_topic&quot;:{&quot;title&quot;:&quot;Ethnologische Sammlungen und Asiatische Kunst&quot;,&quot;ID&quot;:46021,&quot;reason&quot;:&quot;belongsto&quot;}}' inline-template>\n\t<a href=\"https:\/\/www.humboldtforum.org\/de\/programm\/termin\/fuehrung\/one-hour-museum-fur-asiatische-kunst-32738\/\" class=\"teaser teaser-event teaser-event-standard\">\n\t\t<div class=\"row\">\n\t\t\t<div class=\"col-xs-12 teaser-event-image\">\n\t\t\t\t<div class=\"teaser-image teaser-image-no-alternate\">\n\t\t\t\t\t\t\t\t\t\t\t\t\t<span class=\"alert\">EN<\/span>\n\t\t\t\t\t\t\t\t\t\t\t\n\t<lazy-media-inline inline-template>\n\t\t<figure itemscope itemtype=\"http:\/\/schema.org\/ImageObject\" class=\"lazy-media-inline \" role=\"group\" id=\"media_6a9500242fea9\" aria-labelledby=\"desc_media_6a9500242fea9\">\n\t\t\t<script type=\"application\/json\" ref=\"data\">\n\t\t\t\t{\n\t\t\t\t\"sizes\" : {\"medium\":{\"file\":\"SHF_eb00116276-300x225.jpg\",\"width\":300,\"height\":225,\"mime-type\":\"image\\\/jpeg\"},\"large\":{\"file\":\"SHF_eb00116276-1024x768.jpg\",\"width\":1024,\"height\":768,\"mime-type\":\"image\\\/jpeg\"},\"thumbnail\":{\"file\":\"SHF_eb00116276-150x150.jpg\",\"width\":150,\"height\":150,\"mime-type\":\"image\\\/jpeg\"},\"medium_large\":{\"file\":\"SHF_eb00116276-768x576.jpg\",\"width\":768,\"height\":576,\"mime-type\":\"image\\\/jpeg\"},\"small\":{\"file\":\"SHF_eb00116276-440x330.jpg\",\"width\":440,\"height\":330,\"mime-type\":\"image\\\/jpeg\"},\"semi\":{\"file\":\"SHF_eb00116276-580x435.jpg\",\"width\":580,\"height\":435,\"mime-type\":\"image\\\/jpeg\"},\"mobile\":{\"file\":\"SHF_eb00116276-720x540.jpg\",\"width\":720,\"height\":540,\"mime-type\":\"image\\\/jpeg\"},\"hd\":{\"file\":\"SHF_eb00116276-1280x960.jpg\",\"width\":1280,\"height\":960,\"mime-type\":\"image\\\/jpeg\"},\"full\":{\"file\":\"SHF_eb00116276-1920x1440.jpg\",\"width\":1920,\"height\":1440,\"mime-type\":\"image\\\/jpeg\"},\"1536x1536\":{\"file\":\"SHF_eb00116276-1536x1152.jpg\",\"width\":1536,\"height\":1152,\"mime-type\":\"image\\\/jpeg\"},\"original\":{\"file\":\"SHF_eb00116276.jpg\",\"width\":2048,\"height\":1536}},\n\t\t\t\t\"alt\" : \"Buddhistische Statue auf Podest im Museum, umgeben von Kunstwerken in heller, moderner Ausstellungsumgebung.\",\n\t\t\t\t\"path\" : \"\\\/wp-content\\\/uploads\\\/2021\\\/09\\\/\",\n\t\t\t\t\"video\" : null,\n\t\t\t\t\"autoplay\" : null,\n\t\t\t\t\"youtube\" : null,\n\t\t\t\t\"youtubelabel\" : \"Video abspielen\",\n\t\t\t\t\"brightness\" : 100,\n\t\t\t\t\"crop\" : {\"top\":\"51.39\",\"left\":\"42.63\"},\n\t\t\t\t\"background\" : true,\n\t\t\t\t\"scale\" : 2\t\t\t\t}\n\t\t\t<\/script>\n\n\t\t\t<div class=\"height-container\" style=\"padding-bottom:75%;\" v-if=\"sizes\">\n\t\t\t\t\t\t\t\t<lazy-media :inline=\"true\" :alt=\"alt\" :sizes=\"sizes\" :scale=\"scale\" :brightness=\"brightness\" :path=\"path\" :video=\"video\" :autoplay=\"autoplay\" :youtube=\"youtube\" :crop=\"crop\" :youtubelabel=\"youtubelabel\" :background=\"background\" media-id=\"desc_media_6a9500242fea9\"><\/lazy-media>\n\t\t\t\t\t\t\t<\/div>\n\n\t\t\t\t\t\t\t<figcaption class=\"sr-only\" ref=\"body\" id=\"desc_media_6a9500242fea9\">\n\t\t\t\t\t\t\t\t\t\t\t<div>\r\nBodhisattva Avalokiteshvara in Wasser-Mond-Pose (China, Song Dynastie, 960 &#8211; 1279) im Modul &quot;Kunst und Kult. Sakrale Kunst in China und Japan&quot; des Museums f&uuml;r Asiatische Kunst im Humboldt Forum<\/div>\n\t\t\t\t\t\t\t\t\t\t\t\t\t\t\t\t\t\t\t\t\t<div class=\"insignificant\">\u00a9 Staatliche Museen zu Berlin \/ Stiftung Humboldt Forum im Berliner Schloss \/ Image: Alexander Schippel<\/div>\n\t\t\t\t\t\t\t\t\t<\/figcaption>\n\t\t\t\t\t<\/figure>\n\t<\/lazy-media-inline>\n\t\t\t\t<\/div>\n\t\t\t<\/div>\n\t\t\t<div class=\"col-xs-12 teaser-event-text Infos\">\n\t\t\t\t<div class=\"teaser-event-standard-text\">\n\t\t\t\t\t<div class=\"margin-bottom-atom\">\n\t\t\t\t\t\t<div class=\"subline clamp-1\" v-html=\"maingenre\"><\/div>\n\t\t\t\t\t\t\t\t\t\t\t\t\t<div class=\"insignificant clamp-2\">Ethnologische Sammlungen und Asiatische Kunst<\/div>\n\t\t\t\t\t\t\t\t\t\t\t<\/div>\n\t\t\t\t\n\t\t\t\t\t<strong class=\"margin-bottom-atom\">One Hour Museum f\u00fcr Asiatische Kunst<\/strong>\n\n\t\t\t\t\t\t\t\t\t\t\t<div class=\"\">Overview tour<\/div>\n\t\t\t\t\t\t\t\t\t<\/div>\n\t\t\t\t<div class=\"teaser-bottom border-bottom\">\n\t\t\t\t<calendardateline :rawitem='item' :show-icon=\"true\"><\/calendardateline>\n\t\t\t\t\t<hr>\n\t\t\t\t<\/div>\n\t\t\t<\/div>\n\t\t<\/div>\n\t<\/a>\n\t<\/calendarteaser>\n<\/li>\n\n<li class=\"teaser-lane-slide col-xs-9 col-sm-4 col-md-3 teaser-wrapper col-padding-remove\">\n\t<calendarteaser key=\"15245817956\" rawitem='{&quot;postId&quot;:152458,&quot;title&quot;:&quot;On Water \\u2013 WasserWissen in Berlin&quot;,&quot;excerpt&quot;:&quot;&quot;,&quot;slug&quot;:&quot;on-water-wasserwissen-in-berlin&quot;,&quot;post_date&quot;:&quot;2025-09-26T10:35&quot;,&quot;type&quot;:&quot;event&quot;,&quot;permalink&quot;:&quot;https:\\\/\\\/www.humboldtforum.org\\\/de\\\/programm\\\/termin\\\/fuehrung\\\/on-water-wasserwissen-in-berlin-152458\\\/&quot;,&quot;genre&quot;:[821],&quot;genre_details&quot;:[{&quot;text&quot;:&quot;F\\u00fchrung&quot;,&quot;id&quot;:821,&quot;icon&quot;:null,&quot;parent&quot;:0}],&quot;stakeholder&quot;:[409],&quot;stakeholder_details&quot;:[{&quot;text&quot;:&quot;Humboldt-Universit\\u00e4t zu Berlin&quot;,&quot;id&quot;:409,&quot;icon&quot;:null,&quot;parent&quot;:0}],&quot;language&quot;:[384],&quot;language_details&quot;:[{&quot;text&quot;:&quot;Deutsch&quot;,&quot;id&quot;:384,&quot;icon&quot;:null,&quot;parent&quot;:0}],&quot;age&quot;:[451],&quot;age_details&quot;:[{&quot;text&quot;:&quot;ab 14 Jahre&quot;,&quot;id&quot;:451,&quot;icon&quot;:null,&quot;parent&quot;:0}],&quot;groupsize&quot;:[1047],&quot;groupsize_details&quot;:[{&quot;text&quot;:&quot;max. 20 Personen&quot;,&quot;id&quot;:1047,&quot;icon&quot;:null,&quot;parent&quot;:0}],&quot;place&quot;:[413],&quot;place_details&quot;:{&quot;place&quot;:&quot;Humboldt Forum&quot;,&quot;map&quot;:&quot;Humboldt Forum, Schlossplatz, Berlin&quot;,&quot;room&quot;:&quot;Humboldt Labor, 1. OG&quot;},&quot;icon_overwrite&quot;:&quot;&quot;,&quot;acf&quot;:{&quot;noindex&quot;:false,&quot;keywords&quot;:&quot;&quot;,&quot;hashtag&quot;:&quot;HumboldtForum&quot;,&quot;belongsto&quot;:[148667],&quot;shorturl&quot;:&quot;&quot;,&quot;times&quot;:[{&quot;start&quot;:&quot;20260830 16:00&quot;,&quot;end&quot;:&quot;17:00&quot;,&quot;status&quot;:&quot;BUY&quot;,&quot;info&quot;:&quot;F\\u00fchrung in deutscher Sprache - 9 EUR&quot;,&quot;shop&quot;:&quot;https:\\\/\\\/tickets.humboldtforum.org\\\/#\\\/product\\\/event\\\/545?date=2026-08-30&amp;date_id=29363&amp;lang=de&quot;,&quot;i&quot;:0,&quot;start_hour&quot;:&quot;16:00&quot;,&quot;start_HRF&quot;:&quot;So, 30. August 2026&quot;,&quot;_date&quot;:{&quot;date&quot;:&quot;2026-08-30 17:00:00.000000&quot;,&quot;timezone_type&quot;:3,&quot;timezone&quot;:&quot;Europe\\\/Berlin&quot;},&quot;_fromdate&quot;:&quot;20260830 16:00&quot;,&quot;start_TS&quot;:1788098400,&quot;start_HRFSHORT&quot;:&quot;30.08.26&quot;,&quot;start_HRFSHORT_WD&quot;:&quot;So 30.08.2026&quot;,&quot;end_TS&quot;:1788102000,&quot;can_purchase&quot;:true},{&quot;start&quot;:&quot;20260906 16:00&quot;,&quot;end&quot;:&quot;17:00&quot;,&quot;status&quot;:&quot;BUY&quot;,&quot;info&quot;:&quot;F\\u00fchrung in deutscher Sprache - 9 EUR&quot;,&quot;shop&quot;:&quot;https:\\\/\\\/tickets.humboldtforum.org\\\/#\\\/product\\\/event\\\/545?date=2026-09-06&amp;date_id=29709&amp;lang=de&quot;,&quot;i&quot;:1,&quot;start_hour&quot;:&quot;16:00&quot;,&quot;start_HRF&quot;:&quot;So,  6. September 2026&quot;,&quot;_date&quot;:{&quot;date&quot;:&quot;2026-09-06 17:00:00.000000&quot;,&quot;timezone_type&quot;:3,&quot;timezone&quot;:&quot;Europe\\\/Berlin&quot;},&quot;_fromdate&quot;:&quot;20260906 16:00&quot;,&quot;start_TS&quot;:1788703200,&quot;start_HRFSHORT&quot;:&quot;06.09.26&quot;,&quot;start_HRFSHORT_WD&quot;:&quot;So 06.09.2026&quot;,&quot;end_TS&quot;:1788706800,&quot;can_purchase&quot;:true},{&quot;start&quot;:&quot;20260913 16:00&quot;,&quot;end&quot;:&quot;17:00&quot;,&quot;status&quot;:&quot;BUY&quot;,&quot;info&quot;:&quot;F\\u00fchrung in deutscher Sprache - 9 EUR&quot;,&quot;shop&quot;:&quot;https:\\\/\\\/tickets.humboldtforum.org\\\/#\\\/product\\\/event\\\/545?date=2026-09-13&amp;date_id=29710&amp;lang=de&quot;,&quot;i&quot;:2,&quot;start_hour&quot;:&quot;16:00&quot;,&quot;start_HRF&quot;:&quot;So, 13. September 2026&quot;,&quot;_date&quot;:{&quot;date&quot;:&quot;2026-09-13 17:00:00.000000&quot;,&quot;timezone_type&quot;:3,&quot;timezone&quot;:&quot;Europe\\\/Berlin&quot;},&quot;_fromdate&quot;:&quot;20260913 16:00&quot;,&quot;start_TS&quot;:1789308000,&quot;start_HRFSHORT&quot;:&quot;13.09.26&quot;,&quot;start_HRFSHORT_WD&quot;:&quot;So 13.09.2026&quot;,&quot;end_TS&quot;:1789311600,&quot;can_purchase&quot;:true},{&quot;start&quot;:&quot;20260920 16:00&quot;,&quot;end&quot;:&quot;17:00&quot;,&quot;status&quot;:&quot;BUY&quot;,&quot;info&quot;:&quot;F\\u00fchrung in deutscher Sprache - 9 EUR&quot;,&quot;shop&quot;:&quot;https:\\\/\\\/tickets.humboldtforum.org\\\/#\\\/product\\\/event\\\/545?date=2026-09-20&amp;date_id=29711&amp;lang=de&quot;,&quot;i&quot;:3,&quot;start_hour&quot;:&quot;16:00&quot;,&quot;start_HRF&quot;:&quot;So, 20. September 2026&quot;,&quot;_date&quot;:{&quot;date&quot;:&quot;2026-09-20 17:00:00.000000&quot;,&quot;timezone_type&quot;:3,&quot;timezone&quot;:&quot;Europe\\\/Berlin&quot;},&quot;_fromdate&quot;:&quot;20260920 16:00&quot;,&quot;start_TS&quot;:1789912800,&quot;start_HRFSHORT&quot;:&quot;20.09.26&quot;,&quot;start_HRFSHORT_WD&quot;:&quot;So 20.09.2026&quot;,&quot;end_TS&quot;:1789916400,&quot;can_purchase&quot;:true},{&quot;start&quot;:&quot;20260927 16:00&quot;,&quot;end&quot;:&quot;17:00&quot;,&quot;status&quot;:&quot;BUY&quot;,&quot;info&quot;:&quot;F\\u00fchrung in deutscher Sprache - 9 EUR&quot;,&quot;shop&quot;:&quot;https:\\\/\\\/tickets.humboldtforum.org\\\/#\\\/product\\\/event\\\/545?date=2026-09-27&amp;date_id=29712&amp;lang=de&quot;,&quot;i&quot;:4,&quot;start_hour&quot;:&quot;16:00&quot;,&quot;start_HRF&quot;:&quot;So, 27. September 2026&quot;,&quot;_date&quot;:{&quot;date&quot;:&quot;2026-09-27 17:00:00.000000&quot;,&quot;timezone_type&quot;:3,&quot;timezone&quot;:&quot;Europe\\\/Berlin&quot;},&quot;_fromdate&quot;:&quot;20260927 16:00&quot;,&quot;start_TS&quot;:1790517600,&quot;start_HRFSHORT&quot;:&quot;27.09.26&quot;,&quot;start_HRFSHORT_WD&quot;:&quot;So 27.09.2026&quot;,&quot;end_TS&quot;:1790521200,&quot;can_purchase&quot;:true}],&quot;planning&quot;:{&quot;price&quot;:&quot;9 EUR pro Person&quot;,&quot;admission&quot;:&quot;&quot;,&quot;pause&quot;:&quot;&quot;,&quot;duration&quot;:&quot;60&quot;},&quot;subline&quot;:&quot;\\u00d6ffentliche \\u00dcberblicksf\\u00fchrung&quot;,&quot;tickettext&quot;:&quot;Bitte buchen Sie Ihr Ticket vorab online oder an der Kasse im Foyer.&quot;,&quot;additional_info&quot;:{&quot;icon&quot;:&quot;0&quot;,&quot;text&quot;:&quot;&quot;},&quot;highlight_header&quot;:false,&quot;featured_images&quot;:[163884],&quot;use_video_in_teasers&quot;:false,&quot;hyphenation&quot;:true,&quot;tipp&quot;:false,&quot;alert_text&quot;:&quot;DE&quot;,&quot;joker&quot;:false,&quot;live&quot;:false,&quot;hide_event_in_program&quot;:false,&quot;gomus_id&quot;:&quot;&quot;,&quot;hm_id&quot;:&quot;&quot;},&quot;date&quot;:{&quot;NX&quot;:&quot;20260830&quot;,&quot;NXX&quot;:&quot;202608301600&quot;,&quot;NLAST&quot;:&quot;202610251300&quot;,&quot;from_DATE&quot;:&quot;20260830 16:00&quot;,&quot;from&quot;:1788091200,&quot;to&quot;:1792933200,&quot;to_DATE&quot;:&quot;20261025 16:00&quot;,&quot;from_HRFSHORT&quot;:&quot;30. Aug 2026&quot;,&quot;from_HRFSHORT_WD&quot;:&quot;So 30.08.2026&quot;,&quot;to_HRFSHORT&quot;:&quot;25. Okt 2026&quot;,&quot;to_HRFSHORT_WD&quot;:&quot;So 25.10.2026&quot;,&quot;from_HRF&quot;:&quot;So, 30. August 2026&quot;,&quot;to_HRF&quot;:&quot;So, 25. Oktober 2026&quot;,&quot;from_to_HRF&quot;:&quot;So, 30. August \\u2013 So, 25. Oktober 2026&quot;,&quot;from_to_HRFSHORT&quot;:&quot;30. Aug \\u2013 25. Okt 2026&quot;},&quot;alert&quot;:&quot;DE&quot;,&quot;partof&quot;:[],&quot;marketing_topic&quot;:{&quot;title&quot;:&quot;On Water&quot;,&quot;ID&quot;:148667,&quot;reason&quot;:&quot;belongsto&quot;}}' inline-template>\n\t<a href=\"https:\/\/www.humboldtforum.org\/de\/programm\/termin\/fuehrung\/on-water-wasserwissen-in-berlin-152458\/\" class=\"teaser teaser-event teaser-event-standard\">\n\t\t<div class=\"row\">\n\t\t\t<div class=\"col-xs-12 teaser-event-image\">\n\t\t\t\t<div class=\"teaser-image teaser-image-no-alternate\">\n\t\t\t\t\t\t\t\t\t\t\t\t\t<span class=\"alert\">DE<\/span>\n\t\t\t\t\t\t\t\t\t\t\t\n\t<lazy-media-inline inline-template>\n\t\t<figure itemscope itemtype=\"http:\/\/schema.org\/ImageObject\" class=\"lazy-media-inline \" role=\"group\" id=\"media_6a95002431548\" aria-labelledby=\"desc_media_6a95002431548\">\n\t\t\t<script type=\"application\/json\" ref=\"data\">\n\t\t\t\t{\n\t\t\t\t\"sizes\" : {\"medium\":{\"file\":\"SHF_eb00267109-300x200.jpg\",\"width\":300,\"height\":200,\"mime-type\":\"image\\\/jpeg\",\"filesize\":17626},\"large\":{\"file\":\"SHF_eb00267109-1024x683.jpg\",\"width\":1024,\"height\":683,\"mime-type\":\"image\\\/jpeg\",\"filesize\":115349},\"thumbnail\":{\"file\":\"SHF_eb00267109-150x150.jpg\",\"width\":150,\"height\":150,\"mime-type\":\"image\\\/jpeg\",\"filesize\":8217},\"medium_large\":{\"file\":\"SHF_eb00267109-768x512.jpg\",\"width\":768,\"height\":512,\"mime-type\":\"image\\\/jpeg\",\"filesize\":74452},\"small\":{\"file\":\"SHF_eb00267109-440x293.jpg\",\"width\":440,\"height\":293,\"mime-type\":\"image\\\/jpeg\",\"filesize\":32137},\"semi\":{\"file\":\"SHF_eb00267109-580x387.jpg\",\"width\":580,\"height\":387,\"mime-type\":\"image\\\/jpeg\",\"filesize\":49024},\"mobile\":{\"file\":\"SHF_eb00267109-720x480.jpg\",\"width\":720,\"height\":480,\"mime-type\":\"image\\\/jpeg\",\"filesize\":67399},\"hd\":{\"file\":\"SHF_eb00267109-1280x854.jpg\",\"width\":1280,\"height\":854,\"mime-type\":\"image\\\/jpeg\",\"filesize\":162454},\"full\":{\"file\":\"SHF_eb00267109-1920x1281.jpg\",\"width\":1920,\"height\":1281,\"mime-type\":\"image\\\/jpeg\",\"filesize\":312642},\"1536x1536\":{\"file\":\"SHF_eb00267109-1536x1024.jpg\",\"width\":1536,\"height\":1024,\"mime-type\":\"image\\\/jpeg\",\"filesize\":215677},\"2048x2048\":{\"file\":\"SHF_eb00267109-2048x1366.jpg\",\"width\":2048,\"height\":1366,\"mime-type\":\"image\\\/jpeg\",\"filesize\":348506},\"original\":{\"file\":\"SHF_eb00267109.jpg\",\"width\":3543,\"height\":2363}},\n\t\t\t\t\"alt\" : \"Eine Gruppe h\\u00f6rt gespannt zu, w\\u00e4hrend jemand in einem modernen Ausstellungsraum eine Pr\\u00e4sentation h\\u00e4lt.\",\n\t\t\t\t\"path\" : \"\\\/wp-content\\\/uploads\\\/2025\\\/09\\\/\",\n\t\t\t\t\"video\" : null,\n\t\t\t\t\"autoplay\" : null,\n\t\t\t\t\"youtube\" : null,\n\t\t\t\t\"youtubelabel\" : \"Video abspielen\",\n\t\t\t\t\"brightness\" : 100,\n\t\t\t\t\"crop\" : {\"top\":\"36.45\",\"left\":\"60.26\"},\n\t\t\t\t\"background\" : true,\n\t\t\t\t\"scale\" : 2\t\t\t\t}\n\t\t\t<\/script>\n\n\t\t\t<div class=\"height-container\" style=\"padding-bottom:66.694891335027%;\" v-if=\"sizes\">\n\t\t\t\t\t\t\t\t<lazy-media :inline=\"true\" :alt=\"alt\" :sizes=\"sizes\" :scale=\"scale\" :brightness=\"brightness\" :path=\"path\" :video=\"video\" :autoplay=\"autoplay\" :youtube=\"youtube\" :crop=\"crop\" :youtubelabel=\"youtubelabel\" :background=\"background\" media-id=\"desc_media_6a95002431548\"><\/lazy-media>\n\t\t\t\t\t\t\t<\/div>\n\n\t\t\t\t\t\t\t<figcaption class=\"sr-only\" ref=\"body\" id=\"desc_media_6a95002431548\">\n\t\t\t\t\t\t\t\t\t\t\t\t\t\t\t\t<div>F&uuml;hrung zur Er&ouml;ffnung der Ausstellung &quot;On Water &#8211; WasserWissen in Berlin&quot; im Humboldt Labor <\/div>\n\t\t\t\t\t\t\t\t\t\t\t\t\t\t\t\t<div class=\"insignificant\">\u00a9  Humboldt-Universit\u00e4t zu Berlin, Foto: Philipp Plum<\/div>\n\t\t\t\t\t\t\t\t\t<\/figcaption>\n\t\t\t\t\t<\/figure>\n\t<\/lazy-media-inline>\n\t\t\t\t<\/div>\n\t\t\t<\/div>\n\t\t\t<div class=\"col-xs-12 teaser-event-text Infos\">\n\t\t\t\t<div class=\"teaser-event-standard-text\">\n\t\t\t\t\t<div class=\"margin-bottom-atom\">\n\t\t\t\t\t\t<div class=\"subline clamp-1\" v-html=\"maingenre\"><\/div>\n\t\t\t\t\t\t\t\t\t\t\t\t\t<div class=\"insignificant clamp-2\">On Water<\/div>\n\t\t\t\t\t\t\t\t\t\t\t<\/div>\n\t\t\t\t\n\t\t\t\t\t<strong class=\"margin-bottom-atom\">On Water \u2013 WasserWissen in Berlin<\/strong>\n\n\t\t\t\t\t\t\t\t\t\t\t<div class=\"\">\u00d6ffentliche \u00dcberblicksf\u00fchrung<\/div>\n\t\t\t\t\t\t\t\t\t<\/div>\n\t\t\t\t<div class=\"teaser-bottom border-bottom\">\n\t\t\t\t<calendardateline :rawitem='item' :show-icon=\"true\"><\/calendardateline>\n\t\t\t\t\t<hr>\n\t\t\t\t<\/div>\n\t\t\t<\/div>\n\t\t<\/div>\n\t<\/a>\n\t<\/calendarteaser>\n<\/li>\n\n<li class=\"teaser-lane-slide col-xs-9 col-sm-4 col-md-3 teaser-wrapper col-padding-remove\">\n\t<calendarteaser key=\"481901904\" rawitem='{&quot;postId&quot;:48190,&quot;title&quot;:&quot;Eine Stunde Ethnologisches Museum&quot;,&quot;excerpt&quot;:&quot;&quot;,&quot;slug&quot;:&quot;eine-stunde-ethnologisches-museum&quot;,&quot;post_date&quot;:&quot;2022-08-23T10:35&quot;,&quot;type&quot;:&quot;event&quot;,&quot;permalink&quot;:&quot;https:\\\/\\\/www.humboldtforum.org\\\/de\\\/programm\\\/termin\\\/fuehrung\\\/eine-stunde-ethnologisches-museum-48190\\\/&quot;,&quot;genre&quot;:[821],&quot;genre_details&quot;:[{&quot;text&quot;:&quot;F\\u00fchrung&quot;,&quot;id&quot;:821,&quot;icon&quot;:null,&quot;parent&quot;:0}],&quot;stakeholder&quot;:[530],&quot;stakeholder_details&quot;:[{&quot;text&quot;:&quot;Staatliche Museen zu Berlin&quot;,&quot;id&quot;:530,&quot;icon&quot;:null,&quot;parent&quot;:0}],&quot;targetgroup&quot;:[383],&quot;targetgroup_details&quot;:[{&quot;text&quot;:&quot;Erwachsene&quot;,&quot;id&quot;:383,&quot;icon&quot;:null,&quot;parent&quot;:0}],&quot;language&quot;:[384],&quot;language_details&quot;:[{&quot;text&quot;:&quot;Deutsch&quot;,&quot;id&quot;:384,&quot;icon&quot;:null,&quot;parent&quot;:0}],&quot;groupsize&quot;:[1049],&quot;groupsize_details&quot;:[{&quot;text&quot;:&quot;max. 25 Personen&quot;,&quot;id&quot;:1049,&quot;icon&quot;:null,&quot;parent&quot;:0}],&quot;icon_overwrite&quot;:&quot;&quot;,&quot;acf&quot;:{&quot;noindex&quot;:false,&quot;keywords&quot;:&quot;&quot;,&quot;hashtag&quot;:&quot;HumboldtForum&quot;,&quot;belongsto&quot;:[46021],&quot;shorturl&quot;:&quot;&quot;,&quot;times&quot;:[{&quot;start&quot;:&quot;20260830 16:00&quot;,&quot;end&quot;:&quot;17:00&quot;,&quot;status&quot;:&quot;BUY&quot;,&quot;info&quot;:&quot;F\\u00fchrung in deutscher Sprache - 9 EUR zzgl. Ausstellungsticket&quot;,&quot;shop&quot;:&quot;https:\\\/\\\/tickets.humboldtforum.org\\\/#\\\/product\\\/event\\\/104?date=2026-08-30&amp;date_id=29434&amp;lang=de&quot;,&quot;i&quot;:14,&quot;start_hour&quot;:&quot;16:00&quot;,&quot;start_HRF&quot;:&quot;So, 30. August 2026&quot;,&quot;_date&quot;:{&quot;date&quot;:&quot;2026-08-30 17:00:00.000000&quot;,&quot;timezone_type&quot;:3,&quot;timezone&quot;:&quot;Europe\\\/Berlin&quot;},&quot;_fromdate&quot;:&quot;20260830 16:00&quot;,&quot;start_TS&quot;:1788098400,&quot;start_HRFSHORT&quot;:&quot;30.08.26&quot;,&quot;start_HRFSHORT_WD&quot;:&quot;So 30.08.2026&quot;,&quot;end_TS&quot;:1788102000,&quot;can_purchase&quot;:true},{&quot;start&quot;:&quot;20260903 16:00&quot;,&quot;end&quot;:&quot;17:00&quot;,&quot;status&quot;:&quot;BUY&quot;,&quot;info&quot;:&quot;F\\u00fchrung in deutscher Sprache - 9 EUR zzgl. Ausstellungsticket&quot;,&quot;shop&quot;:&quot;https:\\\/\\\/tickets.humboldtforum.org\\\/#\\\/product\\\/event\\\/104?date=2026-09-03&amp;date_id=29742&amp;lang=de&quot;,&quot;i&quot;:15,&quot;start_hour&quot;:&quot;16:00&quot;,&quot;start_HRF&quot;:&quot;Do,  3. September 2026&quot;,&quot;_date&quot;:{&quot;date&quot;:&quot;2026-09-03 17:00:00.000000&quot;,&quot;timezone_type&quot;:3,&quot;timezone&quot;:&quot;Europe\\\/Berlin&quot;},&quot;_fromdate&quot;:&quot;20260903 16:00&quot;,&quot;start_TS&quot;:1788444000,&quot;start_HRFSHORT&quot;:&quot;03.09.26&quot;,&quot;start_HRFSHORT_WD&quot;:&quot;Do 03.09.2026&quot;,&quot;end_TS&quot;:1788447600,&quot;can_purchase&quot;:true},{&quot;start&quot;:&quot;20260904 16:00&quot;,&quot;end&quot;:&quot;17:00&quot;,&quot;status&quot;:&quot;BUY&quot;,&quot;info&quot;:&quot;F\\u00fchrung in deutscher Sprache - 9 EUR zzgl. Ausstellungsticket&quot;,&quot;shop&quot;:&quot;https:\\\/\\\/tickets.humboldtforum.org\\\/#\\\/product\\\/event\\\/104?date=2026-09-04&amp;date_id=29743&amp;lang=de&quot;,&quot;i&quot;:16,&quot;start_hour&quot;:&quot;16:00&quot;,&quot;start_HRF&quot;:&quot;Fr,  4. September 2026&quot;,&quot;_date&quot;:{&quot;date&quot;:&quot;2026-09-04 17:00:00.000000&quot;,&quot;timezone_type&quot;:3,&quot;timezone&quot;:&quot;Europe\\\/Berlin&quot;},&quot;_fromdate&quot;:&quot;20260904 16:00&quot;,&quot;start_TS&quot;:1788530400,&quot;start_HRFSHORT&quot;:&quot;04.09.26&quot;,&quot;start_HRFSHORT_WD&quot;:&quot;Fr 04.09.2026&quot;,&quot;end_TS&quot;:1788534000,&quot;can_purchase&quot;:true},{&quot;start&quot;:&quot;20260906 16:00&quot;,&quot;end&quot;:&quot;17:00&quot;,&quot;status&quot;:&quot;BUY&quot;,&quot;info&quot;:&quot;F\\u00fchrung in deutscher Sprache - 9 EUR zzgl. Ausstellungsticket&quot;,&quot;shop&quot;:&quot;https:\\\/\\\/tickets.humboldtforum.org\\\/#\\\/product\\\/event\\\/104?date=2026-09-06&amp;date_id=29744&amp;lang=de&quot;,&quot;i&quot;:17,&quot;start_hour&quot;:&quot;16:00&quot;,&quot;start_HRF&quot;:&quot;So,  6. September 2026&quot;,&quot;_date&quot;:{&quot;date&quot;:&quot;2026-09-06 17:00:00.000000&quot;,&quot;timezone_type&quot;:3,&quot;timezone&quot;:&quot;Europe\\\/Berlin&quot;},&quot;_fromdate&quot;:&quot;20260906 16:00&quot;,&quot;start_TS&quot;:1788703200,&quot;start_HRFSHORT&quot;:&quot;06.09.26&quot;,&quot;start_HRFSHORT_WD&quot;:&quot;So 06.09.2026&quot;,&quot;end_TS&quot;:1788706800,&quot;can_purchase&quot;:true},{&quot;start&quot;:&quot;20260910 16:00&quot;,&quot;end&quot;:&quot;17:00&quot;,&quot;status&quot;:&quot;BUY&quot;,&quot;info&quot;:&quot;F\\u00fchrung in deutscher Sprache - 9 EUR zzgl. Ausstellungsticket&quot;,&quot;shop&quot;:&quot;https:\\\/\\\/tickets.humboldtforum.org\\\/#\\\/product\\\/event\\\/104?date=2026-09-10&amp;date_id=29745&amp;lang=de&quot;,&quot;i&quot;:18,&quot;start_hour&quot;:&quot;16:00&quot;,&quot;start_HRF&quot;:&quot;Do, 10. September 2026&quot;,&quot;_date&quot;:{&quot;date&quot;:&quot;2026-09-10 17:00:00.000000&quot;,&quot;timezone_type&quot;:3,&quot;timezone&quot;:&quot;Europe\\\/Berlin&quot;},&quot;_fromdate&quot;:&quot;20260910 16:00&quot;,&quot;start_TS&quot;:1789048800,&quot;start_HRFSHORT&quot;:&quot;10.09.26&quot;,&quot;start_HRFSHORT_WD&quot;:&quot;Do 10.09.2026&quot;,&quot;end_TS&quot;:1789052400,&quot;can_purchase&quot;:true}],&quot;planning&quot;:{&quot;price&quot;:&quot;9 EUR zzgl. Ausstellungsticket&quot;,&quot;admission&quot;:&quot;&quot;,&quot;pause&quot;:&quot;&quot;,&quot;duration&quot;:&quot;60&quot;},&quot;subline&quot;:&quot;\\u00dcberblicksf\\u00fchrung&quot;,&quot;tickettext&quot;:&quot;Bitte buchen Sie Ihr Ticket vorab online oder an der Kasse im Foyer.&quot;,&quot;additional_info&quot;:{&quot;icon&quot;:&quot;icon-uhr&quot;,&quot;text&quot;:&quot;Termine und Ticketbuchung f\\u00fcr den kommenden Monat werden jeweils zum Ende des Vormonats freigeschaltet.&quot;},&quot;highlight_header&quot;:false,&quot;featured_images&quot;:[90768],&quot;use_video_in_teasers&quot;:false,&quot;hyphenation&quot;:true,&quot;tipp&quot;:false,&quot;alert_text&quot;:&quot;DE&quot;,&quot;joker&quot;:false,&quot;live&quot;:false,&quot;hide_event_in_program&quot;:false,&quot;gomus_id&quot;:&quot;&quot;,&quot;hm_id&quot;:&quot;&quot;},&quot;date&quot;:{&quot;NX&quot;:&quot;20260830&quot;,&quot;NXX&quot;:&quot;202608301600&quot;,&quot;NLAST&quot;:&quot;202609271200&quot;,&quot;from_DATE&quot;:&quot;20260730 16:00&quot;,&quot;from&quot;:1785412800,&quot;to&quot;:1790510400,&quot;to_DATE&quot;:&quot;20260927 16:00&quot;,&quot;from_HRFSHORT&quot;:&quot;30. Jul 2026&quot;,&quot;from_HRFSHORT_WD&quot;:&quot;Do 30.07.2026&quot;,&quot;to_HRFSHORT&quot;:&quot;27. Sep 2026&quot;,&quot;to_HRFSHORT_WD&quot;:&quot;So 27.09.2026&quot;,&quot;from_HRF&quot;:&quot;Do, 30. Juli 2026&quot;,&quot;to_HRF&quot;:&quot;So, 27. September 2026&quot;,&quot;from_to_HRF&quot;:&quot;Do, 30. Juli \\u2013 So, 27. September 2026&quot;,&quot;from_to_HRFSHORT&quot;:&quot;30. Jul \\u2013 27. Sep 2026&quot;},&quot;alert&quot;:&quot;DE&quot;,&quot;partof&quot;:[],&quot;marketing_topic&quot;:{&quot;title&quot;:&quot;Ethnologische Sammlungen und Asiatische Kunst&quot;,&quot;ID&quot;:46021,&quot;reason&quot;:&quot;belongsto&quot;}}' inline-template>\n\t<a href=\"https:\/\/www.humboldtforum.org\/de\/programm\/termin\/fuehrung\/eine-stunde-ethnologisches-museum-48190\/\" class=\"teaser teaser-event teaser-event-standard\">\n\t\t<div class=\"row\">\n\t\t\t<div class=\"col-xs-12 teaser-event-image\">\n\t\t\t\t<div class=\"teaser-image teaser-image-no-alternate\">\n\t\t\t\t\t\t\t\t\t\t\t\t\t<span class=\"alert\">DE<\/span>\n\t\t\t\t\t\t\t\t\t\t\t\n\t<lazy-media-inline inline-template>\n\t\t<figure itemscope itemtype=\"http:\/\/schema.org\/ImageObject\" class=\"lazy-media-inline \" role=\"group\" id=\"media_6a9500243317c\" aria-labelledby=\"desc_media_6a9500243317c\">\n\t\t\t<script type=\"application\/json\" ref=\"data\">\n\t\t\t\t{\n\t\t\t\t\"sizes\" : {\"medium\":{\"file\":\"SHF_eb00197990-300x200.jpg\",\"width\":300,\"height\":200,\"mime-type\":\"image\\\/jpeg\",\"filesize\":14503},\"large\":{\"file\":\"SHF_eb00197990-1024x683.jpg\",\"width\":1024,\"height\":683,\"mime-type\":\"image\\\/jpeg\",\"filesize\":83449},\"thumbnail\":{\"file\":\"SHF_eb00197990-150x150.jpg\",\"width\":150,\"height\":150,\"mime-type\":\"image\\\/jpeg\",\"filesize\":7216},\"medium_large\":{\"file\":\"SHF_eb00197990-768x512.jpg\",\"width\":768,\"height\":512,\"mime-type\":\"image\\\/jpeg\",\"filesize\":54425},\"small\":{\"file\":\"SHF_eb00197990-440x293.jpg\",\"width\":440,\"height\":293,\"mime-type\":\"image\\\/jpeg\",\"filesize\":24981},\"semi\":{\"file\":\"SHF_eb00197990-580x387.jpg\",\"width\":580,\"height\":387,\"mime-type\":\"image\\\/jpeg\",\"filesize\":37059},\"mobile\":{\"file\":\"SHF_eb00197990-720x480.jpg\",\"width\":720,\"height\":480,\"mime-type\":\"image\\\/jpeg\",\"filesize\":49742},\"hd\":{\"file\":\"SHF_eb00197990-1280x853.jpg\",\"width\":1280,\"height\":853,\"mime-type\":\"image\\\/jpeg\",\"filesize\":116983},\"full\":{\"file\":\"SHF_eb00197990-1920x1280.jpg\",\"width\":1920,\"height\":1280,\"mime-type\":\"image\\\/jpeg\",\"filesize\":223656},\"1536x1536\":{\"file\":\"SHF_eb00197990-1536x1024.jpg\",\"width\":1536,\"height\":1024,\"mime-type\":\"image\\\/jpeg\",\"filesize\":154804},\"2048x2048\":{\"file\":\"SHF_eb00197990-2048x1365.jpg\",\"width\":2048,\"height\":1365,\"mime-type\":\"image\\\/jpeg\",\"filesize\":250830},\"original\":{\"file\":\"SHF_eb00197990.jpg\",\"width\":2400,\"height\":1600}},\n\t\t\t\t\"alt\" : \"Vier Personen stehen in einem Museum und f\\u00fchren ein Gespr\\u00e4ch miteinander.\",\n\t\t\t\t\"path\" : \"\\\/wp-content\\\/uploads\\\/2021\\\/09\\\/\",\n\t\t\t\t\"video\" : null,\n\t\t\t\t\"autoplay\" : null,\n\t\t\t\t\"youtube\" : null,\n\t\t\t\t\"youtubelabel\" : \"Video abspielen\",\n\t\t\t\t\"brightness\" : 100,\n\t\t\t\t\"crop\" : null,\n\t\t\t\t\"background\" : true,\n\t\t\t\t\"scale\" : 2\t\t\t\t}\n\t\t\t<\/script>\n\n\t\t\t<div class=\"height-container\" style=\"padding-bottom:66.666666666667%;\" v-if=\"sizes\">\n\t\t\t\t\t\t\t\t<lazy-media :inline=\"true\" :alt=\"alt\" :sizes=\"sizes\" :scale=\"scale\" :brightness=\"brightness\" :path=\"path\" :video=\"video\" :autoplay=\"autoplay\" :youtube=\"youtube\" :crop=\"crop\" :youtubelabel=\"youtubelabel\" :background=\"background\" media-id=\"desc_media_6a9500243317c\"><\/lazy-media>\n\t\t\t\t\t\t\t<\/div>\n\n\t\t\t\t\t\t\t<figcaption class=\"sr-only\" ref=\"body\" id=\"desc_media_6a9500243317c\">\n\t\t\t\t\t\t\t\t\t\t\t<div>Besucher*innen des Ethnologischen Museums im Humboldt Forum<\/div>\n\t\t\t\t\t\t\t\t\t\t\t\t\t\t\t\t\t\t\t\t\t<div class=\"insignificant\">\u00a9 Staatliche Museen zu Berlin, Ethnologisches Museum, Foto: Frank Sperling\r\n<\/div>\n\t\t\t\t\t\t\t\t\t<\/figcaption>\n\t\t\t\t\t<\/figure>\n\t<\/lazy-media-inline>\n\t\t\t\t<\/div>\n\t\t\t<\/div>\n\t\t\t<div class=\"col-xs-12 teaser-event-text Infos\">\n\t\t\t\t<div class=\"teaser-event-standard-text\">\n\t\t\t\t\t<div class=\"margin-bottom-atom\">\n\t\t\t\t\t\t<div class=\"subline clamp-1\" v-html=\"maingenre\"><\/div>\n\t\t\t\t\t\t\t\t\t\t\t\t\t<div class=\"insignificant clamp-2\">Ethnologische Sammlungen und Asiatische Kunst<\/div>\n\t\t\t\t\t\t\t\t\t\t\t<\/div>\n\t\t\t\t\n\t\t\t\t\t<strong class=\"margin-bottom-atom\">Eine Stunde Ethnologisches Museum<\/strong>\n\n\t\t\t\t\t\t\t\t\t\t\t<div class=\"\">\u00dcberblicksf\u00fchrung<\/div>\n\t\t\t\t\t\t\t\t\t<\/div>\n\t\t\t\t<div class=\"teaser-bottom border-bottom\">\n\t\t\t\t<calendardateline :rawitem='item' :show-icon=\"true\"><\/calendardateline>\n\t\t\t\t\t<hr>\n\t\t\t\t<\/div>\n\t\t\t<\/div>\n\t\t<\/div>\n\t<\/a>\n\t<\/calendarteaser>\n<\/li>\n\n<li class=\"teaser-lane-slide col-xs-9 col-sm-4 col-md-3 teaser-wrapper col-padding-remove\">\n\t<calendarteaser key=\"530899449\" rawitem='{&quot;postId&quot;:53089,&quot;title&quot;:&quot;Die Benin Bronzen&quot;,&quot;excerpt&quot;:&quot;&quot;,&quot;slug&quot;:&quot;die-benin-bronzen&quot;,&quot;post_date&quot;:&quot;2022-09-14T11:11&quot;,&quot;type&quot;:&quot;event&quot;,&quot;permalink&quot;:&quot;https:\\\/\\\/www.humboldtforum.org\\\/de\\\/programm\\\/termin\\\/fuehrung\\\/die-benin-bronzen-53089\\\/&quot;,&quot;genre&quot;:[821],&quot;genre_details&quot;:[{&quot;text&quot;:&quot;F\\u00fchrung&quot;,&quot;id&quot;:821,&quot;icon&quot;:null,&quot;parent&quot;:0}],&quot;stakeholder&quot;:[530],&quot;stakeholder_details&quot;:[{&quot;text&quot;:&quot;Staatliche Museen zu Berlin&quot;,&quot;id&quot;:530,&quot;icon&quot;:null,&quot;parent&quot;:0}],&quot;targetgroup&quot;:[383],&quot;targetgroup_details&quot;:[{&quot;text&quot;:&quot;Erwachsene&quot;,&quot;id&quot;:383,&quot;icon&quot;:null,&quot;parent&quot;:0}],&quot;language&quot;:[384],&quot;language_details&quot;:[{&quot;text&quot;:&quot;Deutsch&quot;,&quot;id&quot;:384,&quot;icon&quot;:null,&quot;parent&quot;:0}],&quot;age&quot;:[451],&quot;age_details&quot;:[{&quot;text&quot;:&quot;ab 14 Jahre&quot;,&quot;id&quot;:451,&quot;icon&quot;:null,&quot;parent&quot;:0}],&quot;groupsize&quot;:[1049],&quot;groupsize_details&quot;:[{&quot;text&quot;:&quot;max. 25 Personen&quot;,&quot;id&quot;:1049,&quot;icon&quot;:null,&quot;parent&quot;:0}],&quot;place&quot;:[531],&quot;place_details&quot;:{&quot;place&quot;:&quot;Humboldt Forum&quot;,&quot;map&quot;:&quot;Humboldt Forum, Schlossplatz, Berlin&quot;,&quot;room&quot;:&quot;2. OG&quot;},&quot;icon_overwrite&quot;:&quot;&quot;,&quot;acf&quot;:{&quot;noindex&quot;:false,&quot;keywords&quot;:&quot;&quot;,&quot;hashtag&quot;:&quot;HumboldtForum&quot;,&quot;belongsto&quot;:[46021],&quot;shorturl&quot;:&quot;&quot;,&quot;times&quot;:[{&quot;start&quot;:&quot;20260830 17:00&quot;,&quot;end&quot;:&quot;18:00&quot;,&quot;status&quot;:&quot;BUY&quot;,&quot;info&quot;:&quot;9 EUR zzgl. Ausstellungsticket&quot;,&quot;shop&quot;:&quot;https:\\\/\\\/tickets.humboldtforum.org\\\/#\\\/product\\\/event\\\/286?date=2026-08-30&amp;date_id=29420&amp;lang=de&quot;,&quot;i&quot;:0,&quot;start_hour&quot;:&quot;17:00&quot;,&quot;start_HRF&quot;:&quot;So, 30. August 2026&quot;,&quot;_date&quot;:{&quot;date&quot;:&quot;2026-08-30 18:00:00.000000&quot;,&quot;timezone_type&quot;:3,&quot;timezone&quot;:&quot;Europe\\\/Berlin&quot;},&quot;_fromdate&quot;:&quot;20260830 17:00&quot;,&quot;start_TS&quot;:1788102000,&quot;start_HRFSHORT&quot;:&quot;30.08.26&quot;,&quot;start_HRFSHORT_WD&quot;:&quot;So 30.08.2026&quot;,&quot;end_TS&quot;:1788105600,&quot;can_purchase&quot;:true},{&quot;start&quot;:&quot;20260906 17:00&quot;,&quot;end&quot;:&quot;18:00&quot;,&quot;status&quot;:&quot;BUY&quot;,&quot;info&quot;:&quot;9 EUR zzgl. Ausstellungsticket&quot;,&quot;shop&quot;:&quot;https:\\\/\\\/tickets.humboldtforum.org\\\/#\\\/product\\\/event\\\/286?date=2026-09-06&amp;date_id=29738&amp;lang=de&quot;,&quot;i&quot;:1,&quot;start_hour&quot;:&quot;17:00&quot;,&quot;start_HRF&quot;:&quot;So,  6. September 2026&quot;,&quot;_date&quot;:{&quot;date&quot;:&quot;2026-09-06 18:00:00.000000&quot;,&quot;timezone_type&quot;:3,&quot;timezone&quot;:&quot;Europe\\\/Berlin&quot;},&quot;_fromdate&quot;:&quot;20260906 17:00&quot;,&quot;start_TS&quot;:1788706800,&quot;start_HRFSHORT&quot;:&quot;06.09.26&quot;,&quot;start_HRFSHORT_WD&quot;:&quot;So 06.09.2026&quot;,&quot;end_TS&quot;:1788710400,&quot;can_purchase&quot;:true},{&quot;start&quot;:&quot;20260913 17:00&quot;,&quot;end&quot;:&quot;18:00&quot;,&quot;status&quot;:&quot;BUY&quot;,&quot;info&quot;:&quot;9 EUR zzgl. Ausstellungsticket&quot;,&quot;shop&quot;:&quot;https:\\\/\\\/tickets.humboldtforum.org\\\/#\\\/product\\\/event\\\/286?date=2026-09-13&amp;date_id=29739&amp;lang=de&quot;,&quot;i&quot;:2,&quot;start_hour&quot;:&quot;17:00&quot;,&quot;start_HRF&quot;:&quot;So, 13. September 2026&quot;,&quot;_date&quot;:{&quot;date&quot;:&quot;2026-09-13 18:00:00.000000&quot;,&quot;timezone_type&quot;:3,&quot;timezone&quot;:&quot;Europe\\\/Berlin&quot;},&quot;_fromdate&quot;:&quot;20260913 17:00&quot;,&quot;start_TS&quot;:1789311600,&quot;start_HRFSHORT&quot;:&quot;13.09.26&quot;,&quot;start_HRFSHORT_WD&quot;:&quot;So 13.09.2026&quot;,&quot;end_TS&quot;:1789315200,&quot;can_purchase&quot;:true},{&quot;start&quot;:&quot;20260920 17:00&quot;,&quot;end&quot;:&quot;18:00&quot;,&quot;status&quot;:&quot;BUY&quot;,&quot;info&quot;:&quot;9 EUR zzgl. Ausstellungsticket&quot;,&quot;shop&quot;:&quot;https:\\\/\\\/tickets.humboldtforum.org\\\/#\\\/product\\\/event\\\/286?date=2026-09-20&amp;date_id=29740&amp;lang=de&quot;,&quot;i&quot;:3,&quot;start_hour&quot;:&quot;17:00&quot;,&quot;start_HRF&quot;:&quot;So, 20. September 2026&quot;,&quot;_date&quot;:{&quot;date&quot;:&quot;2026-09-20 18:00:00.000000&quot;,&quot;timezone_type&quot;:3,&quot;timezone&quot;:&quot;Europe\\\/Berlin&quot;},&quot;_fromdate&quot;:&quot;20260920 17:00&quot;,&quot;start_TS&quot;:1789916400,&quot;start_HRFSHORT&quot;:&quot;20.09.26&quot;,&quot;start_HRFSHORT_WD&quot;:&quot;So 20.09.2026&quot;,&quot;end_TS&quot;:1789920000,&quot;can_purchase&quot;:true},{&quot;start&quot;:&quot;20260927 17:00&quot;,&quot;end&quot;:&quot;18:00&quot;,&quot;status&quot;:&quot;BUY&quot;,&quot;info&quot;:&quot;9 EUR zzgl. Ausstellungsticket&quot;,&quot;shop&quot;:&quot;https:\\\/\\\/tickets.humboldtforum.org\\\/#\\\/product\\\/event\\\/286?date=2026-09-27&amp;date_id=29741&amp;lang=de&quot;,&quot;i&quot;:4,&quot;start_hour&quot;:&quot;17:00&quot;,&quot;start_HRF&quot;:&quot;So, 27. September 2026&quot;,&quot;_date&quot;:{&quot;date&quot;:&quot;2026-09-27 18:00:00.000000&quot;,&quot;timezone_type&quot;:3,&quot;timezone&quot;:&quot;Europe\\\/Berlin&quot;},&quot;_fromdate&quot;:&quot;20260927 17:00&quot;,&quot;start_TS&quot;:1790521200,&quot;start_HRFSHORT&quot;:&quot;27.09.26&quot;,&quot;start_HRFSHORT_WD&quot;:&quot;So 27.09.2026&quot;,&quot;end_TS&quot;:1790524800,&quot;can_purchase&quot;:true}],&quot;planning&quot;:{&quot;price&quot;:&quot;9 EUR zzgl. Ausstellungsticket&quot;,&quot;admission&quot;:&quot;&quot;,&quot;pause&quot;:&quot;&quot;,&quot;duration&quot;:&quot;60&quot;},&quot;tickettext&quot;:&quot;Bitte buchen Sie Ihr Ticket vorab online oder an der Kasse im Foyer.&quot;,&quot;additional_info&quot;:{&quot;icon&quot;:&quot;0&quot;,&quot;text&quot;:&quot;&quot;},&quot;highlight_header&quot;:false,&quot;featured_images&quot;:[53637],&quot;use_video_in_teasers&quot;:false,&quot;hyphenation&quot;:true,&quot;tipp&quot;:false,&quot;joker&quot;:false,&quot;live&quot;:false,&quot;hide_event_in_program&quot;:false,&quot;subline_feature&quot;:&quot;Restitution und was nun?&quot;,&quot;subline&quot;:&quot;\\u00d6ffentliche F\\u00fchrung&quot;,&quot;alert_text&quot;:&quot;DE&quot;,&quot;gomus_id&quot;:&quot;&quot;,&quot;hm_id&quot;:&quot;&quot;},&quot;date&quot;:{&quot;NX&quot;:&quot;20260830&quot;,&quot;NXX&quot;:&quot;202608301700&quot;,&quot;NLAST&quot;:&quot;202610251400&quot;,&quot;from_DATE&quot;:&quot;20260830 17:00&quot;,&quot;from&quot;:1788094800,&quot;to&quot;:1792936800,&quot;to_DATE&quot;:&quot;20261025 17:00&quot;,&quot;from_HRFSHORT&quot;:&quot;30. Aug 2026&quot;,&quot;from_HRFSHORT_WD&quot;:&quot;So 30.08.2026&quot;,&quot;to_HRFSHORT&quot;:&quot;25. Okt 2026&quot;,&quot;to_HRFSHORT_WD&quot;:&quot;So 25.10.2026&quot;,&quot;from_HRF&quot;:&quot;So, 30. August 2026&quot;,&quot;to_HRF&quot;:&quot;So, 25. Oktober 2026&quot;,&quot;from_to_HRF&quot;:&quot;So, 30. August \\u2013 So, 25. Oktober 2026&quot;,&quot;from_to_HRFSHORT&quot;:&quot;30. Aug \\u2013 25. Okt 2026&quot;},&quot;alert&quot;:&quot;DE&quot;,&quot;partof&quot;:[],&quot;marketing_topic&quot;:{&quot;title&quot;:&quot;Ethnologische Sammlungen und Asiatische Kunst&quot;,&quot;ID&quot;:46021,&quot;reason&quot;:&quot;belongsto&quot;}}' inline-template>\n\t<a href=\"https:\/\/www.humboldtforum.org\/de\/programm\/termin\/fuehrung\/die-benin-bronzen-53089\/\" class=\"teaser teaser-event teaser-event-standard\">\n\t\t<div class=\"row\">\n\t\t\t<div class=\"col-xs-12 teaser-event-image\">\n\t\t\t\t<div class=\"teaser-image teaser-image-no-alternate\">\n\t\t\t\t\t\t\t\t\t\t\t\t\t<span class=\"alert\">DE<\/span>\n\t\t\t\t\t\t\t\t\t\t\t\n\t<lazy-media-inline inline-template>\n\t\t<figure itemscope itemtype=\"http:\/\/schema.org\/ImageObject\" class=\"lazy-media-inline \" role=\"group\" id=\"media_6a95002434d7a\" aria-labelledby=\"desc_media_6a95002434d7a\">\n\t\t\t<script type=\"application\/json\" ref=\"data\">\n\t\t\t\t{\n\t\t\t\t\"sizes\" : {\"medium\":{\"file\":\"Benin-Foto2-300x225.jpg\",\"width\":300,\"height\":225,\"mime-type\":\"image\\\/jpeg\",\"filesize\":18233},\"large\":{\"file\":\"Benin-Foto2-1024x768.jpg\",\"width\":1024,\"height\":768,\"mime-type\":\"image\\\/jpeg\",\"filesize\":126848},\"thumbnail\":{\"file\":\"Benin-Foto2-150x150.jpg\",\"width\":150,\"height\":150,\"mime-type\":\"image\\\/jpeg\",\"filesize\":7306},\"medium_large\":{\"file\":\"Benin-Foto2-768x576.jpg\",\"width\":768,\"height\":576,\"mime-type\":\"image\\\/jpeg\",\"filesize\":79929},\"small\":{\"file\":\"Benin-Foto2-440x330.jpg\",\"width\":440,\"height\":330,\"mime-type\":\"image\\\/jpeg\",\"filesize\":32853},\"semi\":{\"file\":\"Benin-Foto2-580x435.jpg\",\"width\":580,\"height\":435,\"mime-type\":\"image\\\/jpeg\",\"filesize\":51469},\"mobile\":{\"file\":\"Benin-Foto2-720x540.jpg\",\"width\":720,\"height\":540,\"mime-type\":\"image\\\/jpeg\",\"filesize\":72284},\"hd\":{\"file\":\"Benin-Foto2-1280x960.jpg\",\"width\":1280,\"height\":960,\"mime-type\":\"image\\\/jpeg\",\"filesize\":182926},\"full\":{\"file\":\"Benin-Foto2-1920x1440.jpg\",\"width\":1920,\"height\":1440,\"mime-type\":\"image\\\/jpeg\",\"filesize\":363294},\"1536x1536\":{\"file\":\"Benin-Foto2-1536x1152.jpg\",\"width\":1536,\"height\":1152,\"mime-type\":\"image\\\/jpeg\",\"filesize\":247233},\"2048x2048\":{\"file\":\"Benin-Foto2-2048x1536.jpg\",\"width\":2048,\"height\":1536,\"mime-type\":\"image\\\/jpeg\",\"filesize\":406205},\"original\":{\"file\":\"Benin-Foto2.jpg\",\"width\":4032,\"height\":3024}},\n\t\t\t\t\"alt\" : \"Museumsszene mit Skulpturen, einem F\\u00fchrer und Besuchern, die an einer F\\u00fchrung teilnehmen.\",\n\t\t\t\t\"path\" : \"\\\/wp-content\\\/uploads\\\/2022\\\/09\\\/\",\n\t\t\t\t\"video\" : null,\n\t\t\t\t\"autoplay\" : null,\n\t\t\t\t\"youtube\" : null,\n\t\t\t\t\"youtubelabel\" : \"Video abspielen\",\n\t\t\t\t\"brightness\" : 100,\n\t\t\t\t\"crop\" : {\"top\":\"14.30\",\"left\":\"18.11\"},\n\t\t\t\t\"background\" : true,\n\t\t\t\t\"scale\" : 2\t\t\t\t}\n\t\t\t<\/script>\n\n\t\t\t<div class=\"height-container\" style=\"padding-bottom:75%;\" v-if=\"sizes\">\n\t\t\t\t\t\t\t\t<lazy-media :inline=\"true\" :alt=\"alt\" :sizes=\"sizes\" :scale=\"scale\" :brightness=\"brightness\" :path=\"path\" :video=\"video\" :autoplay=\"autoplay\" :youtube=\"youtube\" :crop=\"crop\" :youtubelabel=\"youtubelabel\" :background=\"background\" media-id=\"desc_media_6a95002434d7a\"><\/lazy-media>\n\t\t\t\t\t\t\t<\/div>\n\n\t\t\t\t\t\t\t<figcaption class=\"sr-only\" ref=\"body\" id=\"desc_media_6a95002434d7a\">\n\t\t\t\t\t\t\t\t\t\t\t<div>Gruppenf&uuml;hrung &quot;Restitution und was nun? &#8211; Die Benin Bronzen&quot; im Ethnologischen Museum\r\n<\/div>\n\t\t\t\t\t\t\t\t\t\t\t\t\t\t\t\t\t\t\t\t\t<div class=\"insignificant\">\u00a9 Staatliche Museen zu Berlin, Ethnologisches Museum \/ National Commission for Museums and Monuments, Nigeria \/ Foto: Emanuele Valariano<\/div>\n\t\t\t\t\t\t\t\t\t<\/figcaption>\n\t\t\t\t\t<\/figure>\n\t<\/lazy-media-inline>\n\t\t\t\t<\/div>\n\t\t\t<\/div>\n\t\t\t<div class=\"col-xs-12 teaser-event-text Infos\">\n\t\t\t\t<div class=\"teaser-event-standard-text\">\n\t\t\t\t\t<div class=\"margin-bottom-atom\">\n\t\t\t\t\t\t<div class=\"subline clamp-1\" v-html=\"maingenre\"><\/div>\n\t\t\t\t\t\t\t\t\t\t\t\t\t<div class=\"insignificant clamp-2\">Ethnologische Sammlungen und Asiatische Kunst<\/div>\n\t\t\t\t\t\t\t\t\t\t\t<\/div>\n\t\t\t\t\n\t\t\t\t\t<strong class=\"margin-bottom-atom\">Die Benin Bronzen<\/strong>\n\n\t\t\t\t\t\t\t\t\t\t\t<div class=\"\">\u00d6ffentliche F\u00fchrung<\/div>\n\t\t\t\t\t\t\t\t\t<\/div>\n\t\t\t\t<div class=\"teaser-bottom border-bottom\">\n\t\t\t\t<calendardateline :rawitem='item' :show-icon=\"true\"><\/calendardateline>\n\t\t\t\t\t<hr>\n\t\t\t\t<\/div>\n\t\t\t<\/div>\n\t\t<\/div>\n\t<\/a>\n\t<\/calendarteaser>\n<\/li>\n\n<li class=\"teaser-lane-slide col-xs-9 col-sm-4 col-md-3 teaser-wrapper col-padding-remove\">\n\t<calendarteaser key=\"2966011575\" rawitem='{&quot;postId&quot;:29660,&quot;title&quot;:&quot;BERLIN GLOBAL in 60 Minuten&quot;,&quot;excerpt&quot;:&quot;&quot;,&quot;slug&quot;:&quot;berlin-global-in-60-minuten&quot;,&quot;post_date&quot;:&quot;2021-08-04T11:49&quot;,&quot;type&quot;:&quot;event&quot;,&quot;permalink&quot;:&quot;https:\\\/\\\/www.humboldtforum.org\\\/de\\\/programm\\\/termin\\\/fuehrung\\\/berlin-global-in-60-minuten-29660\\\/&quot;,&quot;genre&quot;:[821],&quot;genre_details&quot;:[{&quot;text&quot;:&quot;F\\u00fchrung&quot;,&quot;id&quot;:821,&quot;icon&quot;:null,&quot;parent&quot;:0}],&quot;stakeholder&quot;:[400],&quot;stakeholder_details&quot;:[{&quot;text&quot;:&quot;Berlin Museum&quot;,&quot;id&quot;:400,&quot;icon&quot;:null,&quot;parent&quot;:0}],&quot;targetgroup&quot;:[383],&quot;targetgroup_details&quot;:[{&quot;text&quot;:&quot;Erwachsene&quot;,&quot;id&quot;:383,&quot;icon&quot;:null,&quot;parent&quot;:0}],&quot;language&quot;:[384],&quot;language_details&quot;:[{&quot;text&quot;:&quot;Deutsch&quot;,&quot;id&quot;:384,&quot;icon&quot;:null,&quot;parent&quot;:0}],&quot;accessability&quot;:[430],&quot;accessability_details&quot;:[{&quot;text&quot;:&quot;Rollstuhlgerecht&quot;,&quot;id&quot;:430,&quot;icon&quot;:null,&quot;parent&quot;:0}],&quot;groupsize&quot;:[1047],&quot;groupsize_details&quot;:[{&quot;text&quot;:&quot;max. 20 Personen&quot;,&quot;id&quot;:1047,&quot;icon&quot;:null,&quot;parent&quot;:0}],&quot;icon_overwrite&quot;:&quot;&quot;,&quot;acf&quot;:{&quot;hashtag&quot;:&quot;HumboldtForum&quot;,&quot;belongsto&quot;:[14140],&quot;shorturl&quot;:&quot;&quot;,&quot;noindex&quot;:false,&quot;keywords&quot;:&quot;&quot;,&quot;times&quot;:[{&quot;start&quot;:&quot;20260831 11:00&quot;,&quot;end&quot;:&quot;12:00&quot;,&quot;status&quot;:&quot;BUY&quot;,&quot;info&quot;:&quot;F\\u00fchrung in deutscher Sprache - 16 EUR \\\/ 9 EUR&quot;,&quot;shop&quot;:&quot;https:\\\/\\\/tickets.humboldtforum.org\\\/#\\\/product\\\/event\\\/63?date=2026-08-31&amp;date_id=29383&amp;lang=de&quot;,&quot;i&quot;:1,&quot;start_hour&quot;:&quot;11:00&quot;,&quot;start_HRF&quot;:&quot;Mo, 31. August 2026&quot;,&quot;_date&quot;:{&quot;date&quot;:&quot;2026-08-31 12:00:00.000000&quot;,&quot;timezone_type&quot;:3,&quot;timezone&quot;:&quot;Europe\\\/Berlin&quot;},&quot;_fromdate&quot;:&quot;20260831 11:00&quot;,&quot;start_TS&quot;:1788166800,&quot;start_HRFSHORT&quot;:&quot;31.08.26&quot;,&quot;start_HRFSHORT_WD&quot;:&quot;Mo 31.08.2026&quot;,&quot;end_TS&quot;:1788170400,&quot;can_purchase&quot;:true},{&quot;start&quot;:&quot;20260902 11:00&quot;,&quot;end&quot;:&quot;12:00&quot;,&quot;status&quot;:&quot;BUY&quot;,&quot;info&quot;:&quot;F\\u00fchrung in deutscher Sprache - 16 EUR \\\/ 9 EUR&quot;,&quot;shop&quot;:&quot;https:\\\/\\\/tickets.humboldtforum.org\\\/#\\\/product\\\/event\\\/63?date=2026-09-02&amp;date_id=29687&amp;lang=de&quot;,&quot;i&quot;:3,&quot;start_hour&quot;:&quot;11:00&quot;,&quot;start_HRF&quot;:&quot;Mi,  2. September 2026&quot;,&quot;_date&quot;:{&quot;date&quot;:&quot;2026-09-02 12:00:00.000000&quot;,&quot;timezone_type&quot;:3,&quot;timezone&quot;:&quot;Europe\\\/Berlin&quot;},&quot;_fromdate&quot;:&quot;20260902 11:00&quot;,&quot;start_TS&quot;:1788339600,&quot;start_HRFSHORT&quot;:&quot;02.09.26&quot;,&quot;start_HRFSHORT_WD&quot;:&quot;Mi 02.09.2026&quot;,&quot;end_TS&quot;:1788343200,&quot;can_purchase&quot;:true},{&quot;start&quot;:&quot;20260904 17:00&quot;,&quot;end&quot;:&quot;18:00&quot;,&quot;status&quot;:&quot;BUY&quot;,&quot;info&quot;:&quot;F\\u00fchrung in deutscher Sprache - 16 EUR \\\/ 9 EUR&quot;,&quot;shop&quot;:&quot;https:\\\/\\\/tickets.humboldtforum.org\\\/#\\\/product\\\/event\\\/63?date=2026-09-04&amp;date_id=29700&amp;lang=de&quot;,&quot;i&quot;:16,&quot;start_hour&quot;:&quot;17:00&quot;,&quot;start_HRF&quot;:&quot;Fr,  4. September 2026&quot;,&quot;_date&quot;:{&quot;date&quot;:&quot;2026-09-04 18:00:00.000000&quot;,&quot;timezone_type&quot;:3,&quot;timezone&quot;:&quot;Europe\\\/Berlin&quot;},&quot;_fromdate&quot;:&quot;20260904 17:00&quot;,&quot;start_TS&quot;:1788534000,&quot;start_HRFSHORT&quot;:&quot;04.09.26&quot;,&quot;start_HRFSHORT_WD&quot;:&quot;Fr 04.09.2026&quot;,&quot;end_TS&quot;:1788537600,&quot;can_purchase&quot;:true},{&quot;start&quot;:&quot;20260905 11:00&quot;,&quot;end&quot;:&quot;12:00&quot;,&quot;status&quot;:&quot;BUY&quot;,&quot;info&quot;:&quot;F\\u00fchrung in deutscher Sprache - 16 EUR \\\/ 9 EUR&quot;,&quot;shop&quot;:&quot;https:\\\/\\\/tickets.humboldtforum.org\\\/#\\\/product\\\/event\\\/63?date=2026-09-05&amp;date_id=29688&amp;lang=de&quot;,&quot;i&quot;:4,&quot;start_hour&quot;:&quot;11:00&quot;,&quot;start_HRF&quot;:&quot;Sa,  5. September 2026&quot;,&quot;_date&quot;:{&quot;date&quot;:&quot;2026-09-05 12:00:00.000000&quot;,&quot;timezone_type&quot;:3,&quot;timezone&quot;:&quot;Europe\\\/Berlin&quot;},&quot;_fromdate&quot;:&quot;20260905 11:00&quot;,&quot;start_TS&quot;:1788598800,&quot;start_HRFSHORT&quot;:&quot;05.09.26&quot;,&quot;start_HRFSHORT_WD&quot;:&quot;Sa 05.09.2026&quot;,&quot;end_TS&quot;:1788602400,&quot;can_purchase&quot;:true},{&quot;start&quot;:&quot;20260907 11:00&quot;,&quot;end&quot;:&quot;12:00&quot;,&quot;status&quot;:&quot;BUY&quot;,&quot;info&quot;:&quot;F\\u00fchrung in deutscher Sprache - 16 EUR \\\/ 9 EUR&quot;,&quot;shop&quot;:&quot;https:\\\/\\\/tickets.humboldtforum.org\\\/#\\\/product\\\/event\\\/63?date=2026-09-07&amp;date_id=29689&amp;lang=de&quot;,&quot;i&quot;:5,&quot;start_hour&quot;:&quot;11:00&quot;,&quot;start_HRF&quot;:&quot;Mo,  7. September 2026&quot;,&quot;_date&quot;:{&quot;date&quot;:&quot;2026-09-07 12:00:00.000000&quot;,&quot;timezone_type&quot;:3,&quot;timezone&quot;:&quot;Europe\\\/Berlin&quot;},&quot;_fromdate&quot;:&quot;20260907 11:00&quot;,&quot;start_TS&quot;:1788771600,&quot;start_HRFSHORT&quot;:&quot;07.09.26&quot;,&quot;start_HRFSHORT_WD&quot;:&quot;Mo 07.09.2026&quot;,&quot;end_TS&quot;:1788775200,&quot;can_purchase&quot;:true}],&quot;planning&quot;:{&quot;price&quot;:&quot;16 EUR \\\/ erm\\u00e4\\u00dfigt 9 EUR&quot;,&quot;admission&quot;:&quot;&quot;,&quot;pause&quot;:&quot;&quot;,&quot;duration&quot;:&quot;60&quot;},&quot;subline&quot;:&quot;\\u00d6ffentliche F\\u00fchrung&quot;,&quot;marketing_text&quot;:&quot;\\u00d6ffentliche F\\u00fchrung durch die Berlin Ausstellung&quot;,&quot;additional_info&quot;:{&quot;icon&quot;:&quot;icon-uhr&quot;,&quot;text&quot;:&quot;Termine und Ticketbuchung f\\u00fcr den kommenden Monat werden jeweils zum Ende des Vormonats freigeschaltet.&quot;},&quot;highlight_header&quot;:false,&quot;featured_images&quot;:[30350],&quot;use_video_in_teasers&quot;:false,&quot;hyphenation&quot;:true,&quot;tipp&quot;:false,&quot;joker&quot;:false,&quot;live&quot;:false,&quot;hide_event_in_program&quot;:false,&quot;alert_text&quot;:&quot;DE&quot;,&quot;gomus_id&quot;:&quot;&quot;,&quot;hm_id&quot;:&quot;&quot;,&quot;infotext&quot;:&quot;Bitte buchen Sie Ihr Ticket vorab online oder an der Kasse im Foyer.&quot;},&quot;date&quot;:{&quot;NX&quot;:&quot;20260831&quot;,&quot;NXX&quot;:&quot;202608311100&quot;,&quot;NLAST&quot;:&quot;202610310800&quot;,&quot;from_DATE&quot;:&quot;20260828 17:00&quot;,&quot;from&quot;:1787922000,&quot;to&quot;:1793433600,&quot;to_DATE&quot;:&quot;20261031 11:00&quot;,&quot;from_HRFSHORT&quot;:&quot;28. Aug 2026&quot;,&quot;from_HRFSHORT_WD&quot;:&quot;Fr 28.08.2026&quot;,&quot;to_HRFSHORT&quot;:&quot;31. Okt 2026&quot;,&quot;to_HRFSHORT_WD&quot;:&quot;Sa 31.10.2026&quot;,&quot;from_HRF&quot;:&quot;Fr, 28. August 2026&quot;,&quot;to_HRF&quot;:&quot;Sa, 31. Oktober 2026&quot;,&quot;from_to_HRF&quot;:&quot;Fr, 28. August \\u2013 Sa, 31. Oktober 2026&quot;,&quot;from_to_HRFSHORT&quot;:&quot;28. Aug \\u2013 31. Okt 2026&quot;},&quot;alert&quot;:&quot;DE&quot;,&quot;partof&quot;:[],&quot;marketing_topic&quot;:{&quot;title&quot;:&quot;BERLIN GLOBAL&quot;,&quot;ID&quot;:14140,&quot;reason&quot;:&quot;belongsto&quot;}}' inline-template>\n\t<a href=\"https:\/\/www.humboldtforum.org\/de\/programm\/termin\/fuehrung\/berlin-global-in-60-minuten-29660\/\" class=\"teaser teaser-event teaser-event-standard\">\n\t\t<div class=\"row\">\n\t\t\t<div class=\"col-xs-12 teaser-event-image\">\n\t\t\t\t<div class=\"teaser-image teaser-image-no-alternate\">\n\t\t\t\t\t\t\t\t\t\t\t\t\t<span class=\"alert\">DE<\/span>\n\t\t\t\t\t\t\t\t\t\t\t\n\t<lazy-media-inline inline-template>\n\t\t<figure itemscope itemtype=\"http:\/\/schema.org\/ImageObject\" class=\"lazy-media-inline \" role=\"group\" id=\"media_6a95002436158\" aria-labelledby=\"desc_media_6a95002436158\">\n\t\t\t<script type=\"application\/json\" ref=\"data\">\n\t\t\t\t{\n\t\t\t\t\"sizes\" : {\"medium\":{\"file\":\"SHF_eb00115718-300x200.jpg\",\"width\":300,\"height\":200,\"mime-type\":\"image\\\/jpeg\"},\"large\":{\"file\":\"SHF_eb00115718-1024x683.jpg\",\"width\":1024,\"height\":683,\"mime-type\":\"image\\\/jpeg\"},\"thumbnail\":{\"file\":\"SHF_eb00115718-150x150.jpg\",\"width\":150,\"height\":150,\"mime-type\":\"image\\\/jpeg\"},\"medium_large\":{\"file\":\"SHF_eb00115718-768x512.jpg\",\"width\":768,\"height\":512,\"mime-type\":\"image\\\/jpeg\"},\"small\":{\"file\":\"SHF_eb00115718-440x293.jpg\",\"width\":440,\"height\":293,\"mime-type\":\"image\\\/jpeg\"},\"semi\":{\"file\":\"SHF_eb00115718-580x387.jpg\",\"width\":580,\"height\":387,\"mime-type\":\"image\\\/jpeg\"},\"mobile\":{\"file\":\"SHF_eb00115718-720x480.jpg\",\"width\":720,\"height\":480,\"mime-type\":\"image\\\/jpeg\"},\"hd\":{\"file\":\"SHF_eb00115718-1280x853.jpg\",\"width\":1280,\"height\":853,\"mime-type\":\"image\\\/jpeg\"},\"1536x1536\":{\"file\":\"SHF_eb00115718-1536x1024.jpg\",\"width\":1536,\"height\":1024,\"mime-type\":\"image\\\/jpeg\"},\"original\":{\"file\":\"SHF_eb00115718.jpg\",\"width\":1800,\"height\":1200}},\n\t\t\t\t\"alt\" : \"Eine Gruppe junger Menschen schaut neugierig und begeistert zu einem Lehrer an einem Tisch.\",\n\t\t\t\t\"path\" : \"\\\/wp-content\\\/uploads\\\/2021\\\/08\\\/\",\n\t\t\t\t\"video\" : null,\n\t\t\t\t\"autoplay\" : null,\n\t\t\t\t\"youtube\" : null,\n\t\t\t\t\"youtubelabel\" : \"Video abspielen\",\n\t\t\t\t\"brightness\" : 100,\n\t\t\t\t\"crop\" : {\"top\":\"35.78\",\"left\":\"37.62\"},\n\t\t\t\t\"background\" : true,\n\t\t\t\t\"scale\" : 2\t\t\t\t}\n\t\t\t<\/script>\n\n\t\t\t<div class=\"height-container\" style=\"padding-bottom:66.666666666667%;\" v-if=\"sizes\">\n\t\t\t\t\t\t\t\t<lazy-media :inline=\"true\" :alt=\"alt\" :sizes=\"sizes\" :scale=\"scale\" :brightness=\"brightness\" :path=\"path\" :video=\"video\" :autoplay=\"autoplay\" :youtube=\"youtube\" :crop=\"crop\" :youtubelabel=\"youtubelabel\" :background=\"background\" media-id=\"desc_media_6a95002436158\"><\/lazy-media>\n\t\t\t\t\t\t\t<\/div>\n\n\t\t\t\t\t\t\t<figcaption class=\"sr-only\" ref=\"body\" id=\"desc_media_6a95002436158\">\n\t\t\t\t\t\t\t\t\t\t\t\t\t\t\t\t\t\t\t\t\t<div class=\"insignificant\">\u00a9 Stiftung Stadtmuseum Berlin, Foto: Anne Preussel<\/div>\n\t\t\t\t\t\t\t\t\t<\/figcaption>\n\t\t\t\t\t<\/figure>\n\t<\/lazy-media-inline>\n\t\t\t\t<\/div>\n\t\t\t<\/div>\n\t\t\t<div class=\"col-xs-12 teaser-event-text Infos\">\n\t\t\t\t<div class=\"teaser-event-standard-text\">\n\t\t\t\t\t<div class=\"margin-bottom-atom\">\n\t\t\t\t\t\t<div class=\"subline clamp-1\" v-html=\"maingenre\"><\/div>\n\t\t\t\t\t\t\t\t\t\t\t\t\t<div class=\"insignificant clamp-2\">BERLIN GLOBAL<\/div>\n\t\t\t\t\t\t\t\t\t\t\t<\/div>\n\t\t\t\t\n\t\t\t\t\t<strong class=\"margin-bottom-atom\">BERLIN GLOBAL in 60 Minuten<\/strong>\n\n\t\t\t\t\t\t\t\t\t\t\t<div class=\"\">\u00d6ffentliche F\u00fchrung durch die Berlin Ausstellung<\/div>\n\t\t\t\t\t\t\t\t\t<\/div>\n\t\t\t\t<div class=\"teaser-bottom border-bottom\">\n\t\t\t\t<calendardateline :rawitem='item' :show-icon=\"true\"><\/calendardateline>\n\t\t\t\t\t<hr>\n\t\t\t\t<\/div>\n\t\t\t<\/div>\n\t\t<\/div>\n\t<\/a>\n\t<\/calendarteaser>\n<\/li>\n\n\t\t\t\t\t\t<\/ul>\n\t\t\t\t\t<\/div>\n\t\t\t\t<\/div>\n\t\t\t<\/teaser-lane-with-buttons>\n\t\t\t\t<\/lazy-component>\n<\/section>\n\n\n\n<section class=\"block block-teaser col-lane \" style=\"\">\n\t<lazy-component :fixed-min-height=\"400\">\n\t\n\t\t\t\t\t<teaser-lane-with-buttons inline-template tracking-label=\"Geschichte des Ortes\">\n\t\t\t\t<div class=\"teaser-lane-with-buttons\">\n\t\t\t\t\t<div class=\"container-fluid\">\n\t\t\t\t\t\t<div class=\"row bottom-xs\">\n\t\t\t\t\t\t\t<div class=\"col-xs-12 col-md-8\">\n\t\t\t\t\t\t\t\t\t\t\t\t\t\t\t\t\t<h4>Geschichte des Ortes<\/h4>\t\t\t\t\t\t\t\t\t\t\t\t\t\t\t\t\t\t\t\t\t\t\t\t<\/div>\n\t\t\t\t\t\t\t<div class=\"col-xs-12 col-md-4 start-xs end-md margin-bottom-sixth teaser-lane-buttons-wrapper \">\n\t\t\t\t\t\t\t\t\t\t\t\t\t\t\t\t<teaser-lane-buttons :visible_prev=\"visible_prev\" :visible_next=\"visible_next\" @prev=\"prev\" @next=\"next\"><\/teaser-lane-buttons>\n\t\t\t\t\t\t\t<\/div>\n\t\t\t\t\t\t<\/div>\n\t\t\t\t\t<\/div>\n\t\t\t\t\t<div class=\"teaser-lane-wrapper\">\n\t\t\t\t\t\t<ul class=\"teaser-lane\">\n\t\t\t\t\t\t\t\t\t\t\t\t\t\t<li class=\"teaser-lane-slide col-xs-9 col-sm-4 col-md-3 teaser-wrapper col-padding-remove\">\n\t<calendarteaser key=\"15542313021\" rawitem='{&quot;postId&quot;:155423,&quot;title&quot;:&quot;Systemrelevant: Frauen in Herrscherfamilien&quot;,&quot;excerpt&quot;:&quot;&quot;,&quot;slug&quot;:&quot;systemrelevant-frauen-in-herrscherfamilien&quot;,&quot;post_date&quot;:&quot;2025-11-06T16:53&quot;,&quot;type&quot;:&quot;event-period&quot;,&quot;permalink&quot;:&quot;https:\\\/\\\/www.humboldtforum.org\\\/de\\\/programm\\\/laufzeitangebot\\\/ausstellung\\\/systemrelevant-frauen-in-herrscherfamilien-155423\\\/&quot;,&quot;genre&quot;:[391],&quot;genre_details&quot;:[{&quot;text&quot;:&quot;Ausstellung&quot;,&quot;id&quot;:391,&quot;icon&quot;:null,&quot;parent&quot;:0}],&quot;stakeholder&quot;:[382],&quot;stakeholder_details&quot;:[{&quot;text&quot;:&quot;Stiftung Humboldt Forum im Berliner Schloss&quot;,&quot;id&quot;:382,&quot;icon&quot;:null,&quot;parent&quot;:0}],&quot;language&quot;:[384,385],&quot;language_details&quot;:[{&quot;text&quot;:&quot;Deutsch&quot;,&quot;id&quot;:384,&quot;icon&quot;:null,&quot;parent&quot;:0},{&quot;text&quot;:&quot;Englisch&quot;,&quot;id&quot;:385,&quot;icon&quot;:null,&quot;parent&quot;:0}],&quot;place&quot;:[1126],&quot;place_details&quot;:{&quot;place&quot;:&quot;Humboldt Forum&quot;,&quot;map&quot;:&quot;Humboldt Forum, Schlossplatz, Berlin&quot;,&quot;room&quot;:&quot;Treppenhalle, 3. OG&quot;},&quot;icon_overwrite&quot;:&quot;&quot;,&quot;acf&quot;:{&quot;noindex&quot;:false,&quot;keywords&quot;:&quot;&quot;,&quot;shorturl&quot;:&quot;&quot;,&quot;planning&quot;:{&quot;price&quot;:&quot;0 EUR&quot;,&quot;status&quot;:&quot;BUY&quot;,&quot;info&quot;:&quot;0 EUR&quot;,&quot;shop&quot;:&quot;&quot;,&quot;can_purchase&quot;:false},&quot;use_opening_hours_of_the_house&quot;:false,&quot;display_as_single&quot;:false,&quot;additional_info&quot;:{&quot;icon&quot;:&quot;0&quot;,&quot;text&quot;:&quot;&quot;},&quot;highlight_header&quot;:false,&quot;use_video_in_teasers&quot;:false,&quot;hyphenation&quot;:true,&quot;tipp&quot;:false,&quot;joker&quot;:false,&quot;live&quot;:false,&quot;hide_event_in_program&quot;:false,&quot;periods&quot;:[{&quot;label&quot;:&quot;&quot;,&quot;dates&quot;:[{&quot;start&quot;:&quot;202511280000&quot;,&quot;end&quot;:&quot;202608310000&quot;,&quot;has_end&quot;:true,&quot;start_HRFSHORT&quot;:&quot;28.11.25&quot;,&quot;start_HRFSHORT_WD&quot;:&quot;Fr 28.11.2025&quot;,&quot;end_HRFSHORT&quot;:&quot;31.08.26&quot;}],&quot;monday&quot;:[{&quot;start&quot;:&quot;10:30&quot;,&quot;end&quot;:&quot;18:30&quot;,&quot;closed&quot;:false}],&quot;tuesday&quot;:[{&quot;start&quot;:null,&quot;end&quot;:null,&quot;closed&quot;:true}],&quot;wednesday&quot;:[{&quot;start&quot;:&quot;10:30&quot;,&quot;end&quot;:&quot;18:30&quot;,&quot;closed&quot;:false}],&quot;thursday&quot;:[{&quot;start&quot;:&quot;10:30&quot;,&quot;end&quot;:&quot;18:30&quot;,&quot;closed&quot;:false}],&quot;friday&quot;:[{&quot;start&quot;:&quot;10:30&quot;,&quot;end&quot;:&quot;18:30&quot;,&quot;closed&quot;:false}],&quot;saturday&quot;:[{&quot;start&quot;:&quot;10:30&quot;,&quot;end&quot;:&quot;18:30&quot;,&quot;closed&quot;:false}],&quot;sunday&quot;:[{&quot;start&quot;:&quot;10:30&quot;,&quot;end&quot;:&quot;18:30&quot;,&quot;closed&quot;:false}],&quot;info&quot;:&quot;&quot;,&quot;description&quot;:&quot;&quot;}],&quot;featured_images&quot;:[155444,155970],&quot;events&quot;:[155770,156395],&quot;overwrite_date&quot;:&quot;dauerhaft&quot;,&quot;period_exception&quot;:[]},&quot;period_list&quot;:&quot;&lt;strong&gt;\\u00d6ffnungszeiten&lt;\\\/strong&gt;\\nMo, Mi, Do, Fr, Sa, So: 10:30 \\u2013 18:30 Uhr\\nDi: geschlossen\\n\\n&quot;,&quot;period_exception&quot;:&quot;&quot;,&quot;date&quot;:{&quot;infinite&quot;:false,&quot;from_DATE&quot;:202511280000,&quot;from&quot;:1764325800,&quot;from_TIME&quot;:&quot;10:30&quot;,&quot;to&quot;:1788201000,&quot;to_DATE&quot;:202608310000,&quot;to_TIME&quot;:&quot;18:30&quot;,&quot;from_HRFSHORT&quot;:&quot;28. Nov 2025&quot;,&quot;from_HRFSHORT_WD&quot;:&quot;Fr 28.11.2025&quot;,&quot;from_HRF&quot;:&quot;Fr, 28. November 2025&quot;,&quot;to_HRF&quot;:&quot;Mo, 31. August 2026&quot;,&quot;to_HRFSHORT&quot;:&quot;31. Aug 2026&quot;,&quot;to_HRFSHORT_WD&quot;:&quot;Mo 31.08.2026&quot;,&quot;from_to_HRF&quot;:&quot;Fr, 28. November 2025 \\u2013 Mo, 31. August 2026&quot;,&quot;from_to_HRFSHORT&quot;:&quot;28. Nov 2025 \\u2013 31. Aug 2026&quot;,&quot;NXX&quot;:null,&quot;NLAST&quot;:&quot;202608311830&quot;},&quot;alert&quot;:&quot;endet bald&quot;,&quot;partof&quot;:[],&quot;marketing_topic&quot;:&quot;&quot;}' inline-template>\n\t<a href=\"https:\/\/www.humboldtforum.org\/de\/programm\/laufzeitangebot\/ausstellung\/systemrelevant-frauen-in-herrscherfamilien-155423\/\" class=\"teaser teaser-event-period teaser-event-standard\">\n\t\t<div class=\"row\">\n\t\t\t<div class=\"col-xs-12 teaser-event-image\">\n\t\t\t\t<div class=\"teaser-image teaser-image-no-alternate\">\n\t\t\t\t\t\t\t\t\t\t\t\t\t<span class=\"alert\">endet bald<\/span>\n\t\t\t\t\t\t\t\t\t\t\t\n\t<lazy-media-inline inline-template>\n\t\t<figure itemscope itemtype=\"http:\/\/schema.org\/ImageObject\" class=\"lazy-media-inline \" role=\"group\" id=\"media_6a9500246ffb4\" aria-labelledby=\"desc_media_6a9500246ffb4\">\n\t\t\t<script type=\"application\/json\" ref=\"data\">\n\t\t\t\t{\n\t\t\t\t\"sizes\" : {\"medium\":{\"file\":\"SHF_eb00254023-210x300.jpg\",\"width\":210,\"height\":300,\"mime-type\":\"image\\\/jpeg\",\"filesize\":5720},\"large\":{\"file\":\"SHF_eb00254023-718x1024.jpg\",\"width\":718,\"height\":1024,\"mime-type\":\"image\\\/jpeg\",\"filesize\":39256},\"thumbnail\":{\"file\":\"SHF_eb00254023-150x150.jpg\",\"width\":150,\"height\":150,\"mime-type\":\"image\\\/jpeg\",\"filesize\":2880},\"medium_large\":{\"file\":\"SHF_eb00254023-768x1095.jpg\",\"width\":768,\"height\":1095,\"mime-type\":\"image\\\/jpeg\",\"filesize\":44216},\"small\":{\"file\":\"SHF_eb00254023-309x440.jpg\",\"width\":309,\"height\":440,\"mime-type\":\"image\\\/jpeg\",\"filesize\":10014},\"semi\":{\"file\":\"SHF_eb00254023-407x580.jpg\",\"width\":407,\"height\":580,\"mime-type\":\"image\\\/jpeg\",\"filesize\":15372},\"mobile\":{\"file\":\"SHF_eb00254023-505x720.jpg\",\"width\":505,\"height\":720,\"mime-type\":\"image\\\/jpeg\",\"filesize\":21729},\"hd\":{\"file\":\"SHF_eb00254023-898x1280.jpg\",\"width\":898,\"height\":1280,\"mime-type\":\"image\\\/jpeg\",\"filesize\":58250},\"original\":{\"file\":\"SHF_eb00254023.jpg\",\"width\":1052,\"height\":1500}},\n\t\t\t\t\"alt\" : \"Skulptur einer elegant gekleideten Frau mit erhobener Hand, vor schwarzem Hintergrund, aus hellem Stein gemei\\u00dfelt.\",\n\t\t\t\t\"path\" : \"\\\/wp-content\\\/uploads\\\/2025\\\/11\\\/\",\n\t\t\t\t\"video\" : null,\n\t\t\t\t\"autoplay\" : null,\n\t\t\t\t\"youtube\" : null,\n\t\t\t\t\"youtubelabel\" : \"Video abspielen\",\n\t\t\t\t\"brightness\" : 100,\n\t\t\t\t\"crop\" : {\"top\":\"28.28\",\"left\":\"50.00\"},\n\t\t\t\t\"background\" : true,\n\t\t\t\t\"scale\" : 2\t\t\t\t}\n\t\t\t<\/script>\n\n\t\t\t<div class=\"height-container\" style=\"padding-bottom:142.5855513308%;\" v-if=\"sizes\">\n\t\t\t\t\t\t\t\t<lazy-media :inline=\"true\" :alt=\"alt\" :sizes=\"sizes\" :scale=\"scale\" :brightness=\"brightness\" :path=\"path\" :video=\"video\" :autoplay=\"autoplay\" :youtube=\"youtube\" :crop=\"crop\" :youtubelabel=\"youtubelabel\" :background=\"background\" media-id=\"desc_media_6a9500246ffb4\"><\/lazy-media>\n\t\t\t\t\t\t\t<\/div>\n\n\t\t\t\t\t\t\t<figcaption class=\"sr-only\" ref=\"body\" id=\"desc_media_6a9500246ffb4\">\n\t\t\t\t\t\t\t\t\t\t\t\t\t\t\t\t<div>Anna von Brandenburg, Herzogin von Schleswig und Holstein (1487\u200a&ndash;\u200a1514)\n <\/div>\n\t\t\t\t\t\t\t\t\t\t\t\t\t\t\t\t<div class=\"insignificant\">\u00a9 Stiftung Humboldt Forum im Berliner Schloss, Alfred Hagemann mit KI generiert\r\n<\/div>\n\t\t\t\t\t\t\t\t\t<\/figcaption>\n\t\t\t\t\t<\/figure>\n\t<\/lazy-media-inline>\n\t\t\t\t<\/div>\n\t\t\t<\/div>\n\t\t\t<div class=\"col-xs-12 teaser-event-text Infos\">\n\t\t\t\t<div class=\"teaser-event-standard-text\">\n\t\t\t\t\t<div class=\"margin-bottom-atom\">\n\t\t\t\t\t\t<div class=\"subline clamp-1\" v-html=\"maingenre\"><\/div>\n\t\t\t\t\t\t\t\t\t\t\t<\/div>\n\t\t\t\t\n\t\t\t\t\t<strong class=\"margin-bottom-atom\">Systemrelevant: Frauen in Herrscherfamilien<\/strong>\n\n\t\t\t\t\t\t\t\t\t\t\t<div class=\"\"><\/div>\n\t\t\t\t\t\t\t\t\t<\/div>\n\t\t\t\t<div class=\"teaser-bottom border-bottom\">\n\t\t\t\t<calendardateline :rawitem='item' :show-icon=\"true\"><\/calendardateline>\n\t\t\t\t\t<hr>\n\t\t\t\t<\/div>\n\t\t\t<\/div>\n\t\t<\/div>\n\t<\/a>\n\t<\/calendarteaser>\n<\/li>\n\n<li class=\"teaser-lane-slide col-xs-9 col-sm-4 col-md-3 teaser-wrapper col-padding-remove\">\n\t<calendarteaser key=\"1414111126\" rawitem='{&quot;postId&quot;:14141,&quot;title&quot;:&quot;Videopanorama&quot;,&quot;excerpt&quot;:&quot;&quot;,&quot;slug&quot;:&quot;videopanorama&quot;,&quot;post_date&quot;:&quot;2020-10-23T08:52&quot;,&quot;type&quot;:&quot;event-permanent&quot;,&quot;permalink&quot;:&quot;https:\\\/\\\/www.humboldtforum.org\\\/de\\\/programm\\\/dauerangebot\\\/must-see\\\/videopanorama-14141\\\/&quot;,&quot;genre&quot;:[1221],&quot;genre_details&quot;:[{&quot;text&quot;:&quot;Must see&quot;,&quot;id&quot;:1221,&quot;icon&quot;:null,&quot;parent&quot;:0}],&quot;topic&quot;:[431],&quot;topic_details&quot;:[{&quot;text&quot;:&quot;Geschichte und Architektur des Ortes&quot;,&quot;id&quot;:431,&quot;icon&quot;:null,&quot;parent&quot;:0}],&quot;stakeholder&quot;:[382],&quot;stakeholder_details&quot;:[{&quot;text&quot;:&quot;Stiftung Humboldt Forum im Berliner Schloss&quot;,&quot;id&quot;:382,&quot;icon&quot;:null,&quot;parent&quot;:0}],&quot;editorial&quot;:[1354,547,418],&quot;editorial_details&quot;:[{&quot;text&quot;:&quot;eindrucksvoll&quot;,&quot;id&quot;:1354,&quot;icon&quot;:null,&quot;parent&quot;:0},{&quot;text&quot;:&quot;historisch&quot;,&quot;id&quot;:547,&quot;icon&quot;:null,&quot;parent&quot;:0},{&quot;text&quot;:&quot;informativ&quot;,&quot;id&quot;:418,&quot;icon&quot;:null,&quot;parent&quot;:0}],&quot;targetgroup&quot;:[383],&quot;targetgroup_details&quot;:[{&quot;text&quot;:&quot;Erwachsene&quot;,&quot;id&quot;:383,&quot;icon&quot;:null,&quot;parent&quot;:0}],&quot;language&quot;:[384,385],&quot;language_details&quot;:[{&quot;text&quot;:&quot;Deutsch&quot;,&quot;id&quot;:384,&quot;icon&quot;:null,&quot;parent&quot;:0},{&quot;text&quot;:&quot;Englisch&quot;,&quot;id&quot;:385,&quot;icon&quot;:null,&quot;parent&quot;:0}],&quot;accessability&quot;:[430],&quot;accessability_details&quot;:[{&quot;text&quot;:&quot;Rollstuhlgerecht&quot;,&quot;id&quot;:430,&quot;icon&quot;:null,&quot;parent&quot;:0}],&quot;place&quot;:[407],&quot;place_details&quot;:{&quot;place&quot;:&quot;Humboldt Forum&quot;,&quot;map&quot;:&quot;Humboldt Forum, Schlossplatz, Berlin&quot;,&quot;room&quot;:&quot;Videopanorama, EG&quot;},&quot;icon_overwrite&quot;:&quot;&quot;,&quot;acf&quot;:{&quot;shorturl&quot;:&quot;videopanorama&quot;,&quot;planning&quot;:{&quot;price&quot;:&quot;Eintritt frei&quot;,&quot;status&quot;:&quot;JOIN&quot;,&quot;info&quot;:&quot;&quot;,&quot;shop&quot;:&quot;&quot;,&quot;can_purchase&quot;:false},&quot;periods&quot;:[{&quot;label&quot;:&quot;&quot;,&quot;dates&quot;:[{&quot;start&quot;:&quot;202301020000&quot;,&quot;end&quot;:&quot;202212310000&quot;,&quot;has_end&quot;:false,&quot;start_HRFSHORT&quot;:&quot;02.01.23&quot;,&quot;start_HRFSHORT_WD&quot;:&quot;Mo 02.01.2023&quot;}],&quot;monday&quot;:[{&quot;start&quot;:&quot;10:30&quot;,&quot;end&quot;:&quot;18:30&quot;,&quot;closed&quot;:false}],&quot;tuesday&quot;:[{&quot;start&quot;:null,&quot;end&quot;:null,&quot;closed&quot;:true}],&quot;wednesday&quot;:[{&quot;start&quot;:&quot;10:30&quot;,&quot;end&quot;:&quot;18:30&quot;,&quot;closed&quot;:false}],&quot;thursday&quot;:[{&quot;start&quot;:&quot;10:30&quot;,&quot;end&quot;:&quot;18:30&quot;,&quot;closed&quot;:false}],&quot;friday&quot;:[{&quot;start&quot;:&quot;10:30&quot;,&quot;end&quot;:&quot;18:30&quot;,&quot;closed&quot;:false}],&quot;saturday&quot;:[{&quot;start&quot;:&quot;10:30&quot;,&quot;end&quot;:&quot;18:30&quot;,&quot;closed&quot;:false}],&quot;sunday&quot;:[{&quot;start&quot;:&quot;10:30&quot;,&quot;end&quot;:&quot;18:30&quot;,&quot;closed&quot;:false}],&quot;info&quot;:&quot;&quot;,&quot;description&quot;:&quot;&quot;}],&quot;period_exception&quot;:[{&quot;label&quot;:&quot;Silvester&quot;,&quot;date&quot;:&quot;202112310000&quot;,&quot;closed&quot;:false,&quot;start&quot;:null,&quot;end&quot;:null,&quot;date_HRFSHORT&quot;:&quot;31.12.21&quot;},{&quot;label&quot;:&quot;&quot;,&quot;date&quot;:&quot;202512240000&quot;,&quot;closed&quot;:true,&quot;start&quot;:null,&quot;end&quot;:null,&quot;date_HRFSHORT&quot;:&quot;24.12.25&quot;},{&quot;label&quot;:&quot;&quot;,&quot;date&quot;:&quot;202512250000&quot;,&quot;closed&quot;:false,&quot;start&quot;:&quot;12:00&quot;,&quot;end&quot;:&quot;18:00&quot;,&quot;date_HRFSHORT&quot;:&quot;25.12.25&quot;},{&quot;label&quot;:&quot;&quot;,&quot;date&quot;:&quot;202512260000&quot;,&quot;closed&quot;:false,&quot;start&quot;:&quot;12:00&quot;,&quot;end&quot;:&quot;18:00&quot;,&quot;date_HRFSHORT&quot;:&quot;26.12.25&quot;},{&quot;label&quot;:&quot;&quot;,&quot;date&quot;:&quot;202512300000&quot;,&quot;closed&quot;:false,&quot;start&quot;:&quot;10:30&quot;,&quot;end&quot;:&quot;18:30&quot;,&quot;date_HRFSHORT&quot;:&quot;30.12.25&quot;},{&quot;label&quot;:&quot;&quot;,&quot;date&quot;:&quot;202512310000&quot;,&quot;closed&quot;:false,&quot;start&quot;:&quot;10:30&quot;,&quot;end&quot;:&quot;16:30&quot;,&quot;date_HRFSHORT&quot;:&quot;31.12.25&quot;},{&quot;label&quot;:&quot;&quot;,&quot;date&quot;:&quot;202601010000&quot;,&quot;closed&quot;:false,&quot;start&quot;:&quot;12:00&quot;,&quot;end&quot;:&quot;18:00&quot;,&quot;date_HRFSHORT&quot;:&quot;01.01.26&quot;}],&quot;subline&quot;:&quot;Geschichte des Ortes&quot;,&quot;marketing_text&quot;:&quot;Eine visuelle Zeitreise durch acht Jahrhunderte&quot;,&quot;highlight_header&quot;:true,&quot;highlight_header_image&quot;:16683,&quot;has_mobile_format&quot;:true,&quot;tipp&quot;:false,&quot;joker&quot;:false,&quot;live&quot;:false,&quot;display_as_single&quot;:false,&quot;hyphenation&quot;:true,&quot;highlight_header_image_mobile&quot;:16750,&quot;noindex&quot;:false,&quot;keywords&quot;:&quot;&quot;,&quot;use_opening_hours_of_the_house&quot;:true,&quot;tickettext&quot;:&quot;kein Zeitfenster-Ticket erforderlich&quot;,&quot;additional_info&quot;:{&quot;icon&quot;:&quot;icon-bullet_active&quot;,&quot;text&quot;:&quot;&quot;},&quot;use_video_in_teasers&quot;:false,&quot;hide_event_in_program&quot;:false},&quot;period_list&quot;:&quot;&lt;strong&gt;\\u00d6ffnungszeiten&lt;\\\/strong&gt;\\nMo, Mi, Do, Fr, Sa, So: 10:30 \\u2013 18:30 Uhr\\nDi: geschlossen\\n\\n&quot;,&quot;period_exception&quot;:&quot;&quot;,&quot;date&quot;:{&quot;infinite&quot;:true,&quot;from_DATE&quot;:202301020000,&quot;from&quot;:1672655400,&quot;from_TIME&quot;:&quot;10:30&quot;,&quot;to&quot;:1819685760,&quot;to_DATE&quot;:202708310416,&quot;to_TIME&quot;:&quot;00:00&quot;,&quot;from_HRFSHORT&quot;:&quot; 2. Jan 2023&quot;,&quot;from_HRFSHORT_WD&quot;:&quot;Mo 02.01.2023&quot;,&quot;from_HRF&quot;:&quot;Mo,  2. Januar 2023&quot;,&quot;to_HRF&quot;:&quot;Di, 31. August 2027&quot;,&quot;to_HRFSHORT&quot;:&quot;31. Aug 2027&quot;,&quot;to_HRFSHORT_WD&quot;:&quot;Di 31.08.2027&quot;,&quot;from_to_HRF&quot;:&quot;Mo,  2. Januar 2023 \\u2013 Di, 31. August 2027&quot;,&quot;from_to_HRFSHORT&quot;:&quot; 2. Jan 2023 \\u2013 31. Aug 2027&quot;,&quot;NXX&quot;:&quot;202608310416&quot;,&quot;NLAST&quot;:&quot;202708310416&quot;,&quot;NX&quot;:&quot;20260831&quot;},&quot;alert&quot;:&quot;Highlight&quot;,&quot;partof&quot;:[],&quot;marketing_topic&quot;:&quot;&quot;}' inline-template>\n\t<a href=\"https:\/\/www.humboldtforum.org\/de\/programm\/dauerangebot\/must-see\/videopanorama-14141\/\" class=\"teaser teaser-event-permanent teaser-event-standard\">\n\t\t<div class=\"row\">\n\t\t\t<div class=\"col-xs-12 teaser-event-image\">\n\t\t\t\t<div class=\"teaser-image teaser-image-no-alternate\">\n\t\t\t\t\t\t\t\t\t\t\t\t\t<span class=\"alert\">Highlight<\/span>\n\t\t\t\t\t\t\t\t\t\t\t\n\t<lazy-media-inline inline-template>\n\t\t<figure itemscope itemtype=\"http:\/\/schema.org\/ImageObject\" class=\"lazy-media-inline \" role=\"group\" id=\"media_6a95002470956\" aria-labelledby=\"desc_media_6a95002470956\">\n\t\t\t<script type=\"application\/json\" ref=\"data\">\n\t\t\t\t{\n\t\t\t\t\"sizes\" : {\"medium\":{\"file\":\"Videopanorama_Mobile-169x300.jpg\",\"width\":169,\"height\":300,\"mime-type\":\"image\\\/jpeg\"},\"large\":{\"file\":\"Videopanorama_Mobile-576x1024.jpg\",\"width\":576,\"height\":1024,\"mime-type\":\"image\\\/jpeg\"},\"thumbnail\":{\"file\":\"Videopanorama_Mobile-150x150.jpg\",\"width\":150,\"height\":150,\"mime-type\":\"image\\\/jpeg\"},\"small\":{\"file\":\"Videopanorama_Mobile-248x440.jpg\",\"width\":248,\"height\":440,\"mime-type\":\"image\\\/jpeg\"},\"semi\":{\"file\":\"Videopanorama_Mobile-326x580.jpg\",\"width\":326,\"height\":580,\"mime-type\":\"image\\\/jpeg\"},\"mobile\":{\"file\":\"Videopanorama_Mobile-405x720.jpg\",\"width\":405,\"height\":720,\"mime-type\":\"image\\\/jpeg\"},\"original\":{\"file\":\"Videopanorama_Mobile.jpg\",\"width\":632,\"height\":1123}},\n\t\t\t\t\"alt\" : \"Personen betrachten eine Pr\\u00e4sentation mit Bildern von Architektur und Menschen in einem zeitgem\\u00e4\\u00dfen Ausstellungsraum.\",\n\t\t\t\t\"path\" : \"\\\/wp-content\\\/uploads\\\/2020\\\/10\\\/\",\n\t\t\t\t\"video\" : null,\n\t\t\t\t\"autoplay\" : null,\n\t\t\t\t\"youtube\" : null,\n\t\t\t\t\"youtubelabel\" : \"Video abspielen\",\n\t\t\t\t\"brightness\" : 100,\n\t\t\t\t\"crop\" : {\"top\":\"15.00\",\"left\":\"50.00\"},\n\t\t\t\t\"background\" : true,\n\t\t\t\t\"scale\" : 2\t\t\t\t}\n\t\t\t<\/script>\n\n\t\t\t<div class=\"height-container\" style=\"padding-bottom:177.68987341772%;\" v-if=\"sizes\">\n\t\t\t\t\t\t\t\t<lazy-media :inline=\"true\" :alt=\"alt\" :sizes=\"sizes\" :scale=\"scale\" :brightness=\"brightness\" :path=\"path\" :video=\"video\" :autoplay=\"autoplay\" :youtube=\"youtube\" :crop=\"crop\" :youtubelabel=\"youtubelabel\" :background=\"background\" media-id=\"desc_media_6a95002470956\"><\/lazy-media>\n\t\t\t\t\t\t\t<\/div>\n\n\t\t\t\t\t\t\t<figcaption class=\"sr-only\" ref=\"body\" id=\"desc_media_6a95002470956\">\n\t\t\t\t\t\t\t\t\t\t\t<div>Videopanorama<\/div>\n\t\t\t\t\t\t\t\t\t\t\t\t\t\t\t\t\t\t\t\t\t<div class=\"insignificant\">\u00a9 Stiftung Humboldt Forum im Berliner Schloss \/ Harry Schnitger<\/div>\n\t\t\t\t\t\t\t\t\t<\/figcaption>\n\t\t\t\t\t<\/figure>\n\t<\/lazy-media-inline>\n\t\t\t\t<\/div>\n\t\t\t<\/div>\n\t\t\t<div class=\"col-xs-12 teaser-event-text Infos\">\n\t\t\t\t<div class=\"teaser-event-standard-text\">\n\t\t\t\t\t<div class=\"margin-bottom-atom\">\n\t\t\t\t\t\t<div class=\"subline clamp-1\" v-html=\"maingenre\"><\/div>\n\t\t\t\t\t\t\t\t\t\t\t<\/div>\n\t\t\t\t\n\t\t\t\t\t<strong class=\"margin-bottom-atom\">Videopanorama<\/strong>\n\n\t\t\t\t\t\t\t\t\t\t\t<div class=\"\">Eine visuelle Zeitreise durch acht Jahrhunderte<\/div>\n\t\t\t\t\t\t\t\t\t<\/div>\n\t\t\t\t<div class=\"teaser-bottom border-bottom\">\n\t\t\t\t<calendardateline :rawitem='item' :show-icon=\"true\"><\/calendardateline>\n\t\t\t\t\t<hr>\n\t\t\t\t<\/div>\n\t\t\t<\/div>\n\t\t<\/div>\n\t<\/a>\n\t<\/calendarteaser>\n<\/li>\n\n<li class=\"teaser-lane-slide col-xs-9 col-sm-4 col-md-3 teaser-wrapper col-padding-remove\">\n\t<calendarteaser key=\"141621342\" rawitem='{&quot;postId&quot;:14162,&quot;title&quot;:&quot;Spuren&quot;,&quot;excerpt&quot;:&quot;&quot;,&quot;slug&quot;:&quot;spuren&quot;,&quot;post_date&quot;:&quot;2020-10-23T15:02&quot;,&quot;type&quot;:&quot;event-permanent&quot;,&quot;permalink&quot;:&quot;https:\\\/\\\/www.humboldtforum.org\\\/de\\\/programm\\\/dauerangebot\\\/ausstellung\\\/spuren-14162\\\/&quot;,&quot;genre&quot;:[391],&quot;genre_details&quot;:[{&quot;text&quot;:&quot;Ausstellung&quot;,&quot;id&quot;:391,&quot;icon&quot;:null,&quot;parent&quot;:0}],&quot;topic&quot;:[431],&quot;topic_details&quot;:[{&quot;text&quot;:&quot;Geschichte und Architektur des Ortes&quot;,&quot;id&quot;:431,&quot;icon&quot;:null,&quot;parent&quot;:0}],&quot;stakeholder&quot;:[382],&quot;stakeholder_details&quot;:[{&quot;text&quot;:&quot;Stiftung Humboldt Forum im Berliner Schloss&quot;,&quot;id&quot;:382,&quot;icon&quot;:null,&quot;parent&quot;:0}],&quot;editorial&quot;:[547,586,772],&quot;editorial_details&quot;:[{&quot;text&quot;:&quot;historisch&quot;,&quot;id&quot;:547,&quot;icon&quot;:null,&quot;parent&quot;:0},{&quot;text&quot;:&quot;unerwartet&quot;,&quot;id&quot;:586,&quot;icon&quot;:null,&quot;parent&quot;:0},{&quot;text&quot;:&quot;vielf\\u00e4ltig&quot;,&quot;id&quot;:772,&quot;icon&quot;:null,&quot;parent&quot;:0}],&quot;language&quot;:[384,385],&quot;language_details&quot;:[{&quot;text&quot;:&quot;Deutsch&quot;,&quot;id&quot;:384,&quot;icon&quot;:null,&quot;parent&quot;:0},{&quot;text&quot;:&quot;Englisch&quot;,&quot;id&quot;:385,&quot;icon&quot;:null,&quot;parent&quot;:0}],&quot;accessability&quot;:[430],&quot;accessability_details&quot;:[{&quot;text&quot;:&quot;Rollstuhlgerecht&quot;,&quot;id&quot;:430,&quot;icon&quot;:null,&quot;parent&quot;:0}],&quot;icon_overwrite&quot;:&quot;&quot;,&quot;acf&quot;:{&quot;shorturl&quot;:&quot;&quot;,&quot;planning&quot;:{&quot;price&quot;:&quot;0 EUR teilweise Ausstellungsticket erforderlich&quot;,&quot;status&quot;:&quot;JOIN&quot;,&quot;info&quot;:&quot;0 EUR teilweise Ausstellungsticket erforderlich&quot;,&quot;shop&quot;:&quot;&quot;,&quot;can_purchase&quot;:false},&quot;periods&quot;:[{&quot;label&quot;:&quot;&quot;,&quot;dates&quot;:[{&quot;start&quot;:&quot;202301020000&quot;,&quot;end&quot;:&quot;202212310000&quot;,&quot;has_end&quot;:false,&quot;start_HRFSHORT&quot;:&quot;02.01.23&quot;,&quot;start_HRFSHORT_WD&quot;:&quot;Mo 02.01.2023&quot;}],&quot;monday&quot;:[{&quot;start&quot;:&quot;10:30&quot;,&quot;end&quot;:&quot;18:30&quot;,&quot;closed&quot;:false}],&quot;tuesday&quot;:[{&quot;start&quot;:null,&quot;end&quot;:null,&quot;closed&quot;:true}],&quot;wednesday&quot;:[{&quot;start&quot;:&quot;10:30&quot;,&quot;end&quot;:&quot;18:30&quot;,&quot;closed&quot;:false}],&quot;thursday&quot;:[{&quot;start&quot;:&quot;10:30&quot;,&quot;end&quot;:&quot;18:30&quot;,&quot;closed&quot;:false}],&quot;friday&quot;:[{&quot;start&quot;:&quot;10:30&quot;,&quot;end&quot;:&quot;18:30&quot;,&quot;closed&quot;:false}],&quot;saturday&quot;:[{&quot;start&quot;:&quot;10:30&quot;,&quot;end&quot;:&quot;18:30&quot;,&quot;closed&quot;:false}],&quot;sunday&quot;:[{&quot;start&quot;:&quot;10:30&quot;,&quot;end&quot;:&quot;18:30&quot;,&quot;closed&quot;:false}],&quot;info&quot;:&quot;&quot;,&quot;description&quot;:&quot;&quot;}],&quot;period_exception&quot;:[{&quot;label&quot;:&quot;Silvester&quot;,&quot;date&quot;:&quot;202112310000&quot;,&quot;closed&quot;:false,&quot;start&quot;:null,&quot;end&quot;:null,&quot;date_HRFSHORT&quot;:&quot;31.12.21&quot;},{&quot;label&quot;:&quot;&quot;,&quot;date&quot;:&quot;202512240000&quot;,&quot;closed&quot;:true,&quot;start&quot;:null,&quot;end&quot;:null,&quot;date_HRFSHORT&quot;:&quot;24.12.25&quot;},{&quot;label&quot;:&quot;&quot;,&quot;date&quot;:&quot;202512250000&quot;,&quot;closed&quot;:false,&quot;start&quot;:&quot;12:00&quot;,&quot;end&quot;:&quot;18:00&quot;,&quot;date_HRFSHORT&quot;:&quot;25.12.25&quot;},{&quot;label&quot;:&quot;&quot;,&quot;date&quot;:&quot;202512260000&quot;,&quot;closed&quot;:false,&quot;start&quot;:&quot;12:00&quot;,&quot;end&quot;:&quot;18:00&quot;,&quot;date_HRFSHORT&quot;:&quot;26.12.25&quot;},{&quot;label&quot;:&quot;&quot;,&quot;date&quot;:&quot;202512300000&quot;,&quot;closed&quot;:false,&quot;start&quot;:&quot;10:30&quot;,&quot;end&quot;:&quot;18:30&quot;,&quot;date_HRFSHORT&quot;:&quot;30.12.25&quot;},{&quot;label&quot;:&quot;&quot;,&quot;date&quot;:&quot;202512310000&quot;,&quot;closed&quot;:false,&quot;start&quot;:&quot;10:30&quot;,&quot;end&quot;:&quot;16:30&quot;,&quot;date_HRFSHORT&quot;:&quot;31.12.25&quot;},{&quot;label&quot;:&quot;&quot;,&quot;date&quot;:&quot;202601010000&quot;,&quot;closed&quot;:false,&quot;start&quot;:&quot;12:00&quot;,&quot;end&quot;:&quot;18:00&quot;,&quot;date_HRFSHORT&quot;:&quot;01.01.26&quot;}],&quot;subline&quot;:&quot;Geschichte des Ortes&quot;,&quot;marketing_text&quot;:&quot;Entdecken Sie 36 Spuren der Geschichte im gesamten Haus&quot;,&quot;highlight_header&quot;:false,&quot;featured_images&quot;:[16196,116830],&quot;tipp&quot;:false,&quot;joker&quot;:false,&quot;live&quot;:false,&quot;display_as_single&quot;:false,&quot;hyphenation&quot;:false,&quot;noindex&quot;:false,&quot;keywords&quot;:&quot;&quot;,&quot;use_opening_hours_of_the_house&quot;:true,&quot;additional_info&quot;:{&quot;icon&quot;:&quot;0&quot;,&quot;text&quot;:&quot;&quot;},&quot;use_video_in_teasers&quot;:false,&quot;hide_event_in_program&quot;:false},&quot;period_list&quot;:&quot;&lt;strong&gt;\\u00d6ffnungszeiten&lt;\\\/strong&gt;\\nMo, Mi, Do, Fr, Sa, So: 10:30 \\u2013 18:30 Uhr\\nDi: geschlossen\\n\\n&quot;,&quot;period_exception&quot;:&quot;&quot;,&quot;date&quot;:{&quot;infinite&quot;:true,&quot;from_DATE&quot;:202301020000,&quot;from&quot;:1672655400,&quot;from_TIME&quot;:&quot;10:30&quot;,&quot;to&quot;:1819685760,&quot;to_DATE&quot;:202708310416,&quot;to_TIME&quot;:&quot;00:00&quot;,&quot;from_HRFSHORT&quot;:&quot; 2. Jan 2023&quot;,&quot;from_HRFSHORT_WD&quot;:&quot;Mo 02.01.2023&quot;,&quot;from_HRF&quot;:&quot;Mo,  2. Januar 2023&quot;,&quot;to_HRF&quot;:&quot;Di, 31. August 2027&quot;,&quot;to_HRFSHORT&quot;:&quot;31. Aug 2027&quot;,&quot;to_HRFSHORT_WD&quot;:&quot;Di 31.08.2027&quot;,&quot;from_to_HRF&quot;:&quot;Mo,  2. Januar 2023 \\u2013 Di, 31. August 2027&quot;,&quot;from_to_HRFSHORT&quot;:&quot; 2. Jan 2023 \\u2013 31. Aug 2027&quot;,&quot;NXX&quot;:&quot;202608310416&quot;,&quot;NLAST&quot;:&quot;202708310416&quot;,&quot;NX&quot;:&quot;20260831&quot;},&quot;alert&quot;:null,&quot;partof&quot;:[],&quot;marketing_topic&quot;:&quot;&quot;}' inline-template>\n\t<a href=\"https:\/\/www.humboldtforum.org\/de\/programm\/dauerangebot\/ausstellung\/spuren-14162\/\" class=\"teaser teaser-event-permanent teaser-event-standard\">\n\t\t<div class=\"row\">\n\t\t\t<div class=\"col-xs-12 teaser-event-image\">\n\t\t\t\t<div class=\"teaser-image teaser-image-no-alternate\">\n\t\t\t\t\t\t\t\t\t\t\t\n\t<lazy-media-inline inline-template>\n\t\t<figure itemscope itemtype=\"http:\/\/schema.org\/ImageObject\" class=\"lazy-media-inline \" role=\"group\" id=\"media_6a9500247117e\" aria-labelledby=\"desc_media_6a9500247117e\">\n\t\t\t<script type=\"application\/json\" ref=\"data\">\n\t\t\t\t{\n\t\t\t\t\"sizes\" : {\"medium\":{\"file\":\"SHF_eb00062405-300x264.jpg\",\"width\":300,\"height\":264,\"mime-type\":\"image\\\/jpeg\"},\"large\":{\"file\":\"SHF_eb00062405-1024x903.jpg\",\"width\":1024,\"height\":903,\"mime-type\":\"image\\\/jpeg\"},\"thumbnail\":{\"file\":\"SHF_eb00062405-150x150.jpg\",\"width\":150,\"height\":150,\"mime-type\":\"image\\\/jpeg\"},\"medium_large\":{\"file\":\"SHF_eb00062405-768x677.jpg\",\"width\":768,\"height\":677,\"mime-type\":\"image\\\/jpeg\"},\"small\":{\"file\":\"SHF_eb00062405-440x388.jpg\",\"width\":440,\"height\":388,\"mime-type\":\"image\\\/jpeg\"},\"semi\":{\"file\":\"SHF_eb00062405-580x511.jpg\",\"width\":580,\"height\":511,\"mime-type\":\"image\\\/jpeg\"},\"mobile\":{\"file\":\"SHF_eb00062405-720x635.jpg\",\"width\":720,\"height\":635,\"mime-type\":\"image\\\/jpeg\"},\"hd\":{\"file\":\"SHF_eb00062405-1280x1128.jpg\",\"width\":1280,\"height\":1128,\"mime-type\":\"image\\\/jpeg\"},\"full\":{\"file\":\"SHF_eb00062405-1920x1692.jpg\",\"width\":1920,\"height\":1692,\"mime-type\":\"image\\\/jpeg\"},\"1536x1536\":{\"file\":\"SHF_eb00062405-1536x1354.jpg\",\"width\":1536,\"height\":1354,\"mime-type\":\"image\\\/jpeg\"},\"original\":{\"file\":\"SHF_eb00062405.jpg\",\"width\":2000,\"height\":1763}},\n\t\t\t\t\"alt\" : \"Modell eines Silberschiffes mit detaillierten Segeln und kunstvollen Verzierungen.\",\n\t\t\t\t\"path\" : \"\\\/wp-content\\\/uploads\\\/2020\\\/10\\\/\",\n\t\t\t\t\"video\" : null,\n\t\t\t\t\"autoplay\" : null,\n\t\t\t\t\"youtube\" : null,\n\t\t\t\t\"youtubelabel\" : \"Video abspielen\",\n\t\t\t\t\"brightness\" : 100,\n\t\t\t\t\"crop\" : {\"top\":\"40.00\",\"left\":\"50.00\"},\n\t\t\t\t\"background\" : true,\n\t\t\t\t\"scale\" : 2\t\t\t\t}\n\t\t\t<\/script>\n\n\t\t\t<div class=\"height-container\" style=\"padding-bottom:88.15%;\" v-if=\"sizes\">\n\t\t\t\t\t\t\t\t<lazy-media :inline=\"true\" :alt=\"alt\" :sizes=\"sizes\" :scale=\"scale\" :brightness=\"brightness\" :path=\"path\" :video=\"video\" :autoplay=\"autoplay\" :youtube=\"youtube\" :crop=\"crop\" :youtubelabel=\"youtubelabel\" :background=\"background\" media-id=\"desc_media_6a9500247117e\"><\/lazy-media>\n\t\t\t\t\t\t\t<\/div>\n\n\t\t\t\t\t\t\t<figcaption class=\"sr-only\" ref=\"body\" id=\"desc_media_6a9500247117e\">\n\t\t\t\t\t\t\t\t\t\t\t<div>Silber-Modell des Flaggschiffs &quot;HMS Victory&quot; f&uuml;r Kaiser Wilhelm II., um 1906.<\/div>\n\t\t\t\t\t\t\t\t\t\t\t\t\t\t\t\t\t\t\t\t\t<div class=\"insignificant\">\u00a9 Modell der HMS Victory aus dem Berliner Schloss, HM 5063 \/ Stiftung Hohenzollernscher Kunstbesitz \/ \u00a9 Stiftung Preu\u00dfische Schl\u00f6sser und G\u00e4rten Berlin-Brandenburg \/ Stiftung Humboldt Forum im Berliner Schloss, Foto: Philipp Jester | Jens Blank<\/div>\n\t\t\t\t\t\t\t\t\t<\/figcaption>\n\t\t\t\t\t<\/figure>\n\t<\/lazy-media-inline>\n\t\t\t\t<\/div>\n\t\t\t<\/div>\n\t\t\t<div class=\"col-xs-12 teaser-event-text Infos\">\n\t\t\t\t<div class=\"teaser-event-standard-text\">\n\t\t\t\t\t<div class=\"margin-bottom-atom\">\n\t\t\t\t\t\t<div class=\"subline clamp-1\" v-html=\"maingenre\"><\/div>\n\t\t\t\t\t\t\t\t\t\t\t<\/div>\n\t\t\t\t\n\t\t\t\t\t<strong class=\"margin-bottom-atom\">Spuren<\/strong>\n\n\t\t\t\t\t\t\t\t\t\t\t<div class=\"\">Entdecken Sie 36 Spuren der Geschichte im gesamten Haus<\/div>\n\t\t\t\t\t\t\t\t\t<\/div>\n\t\t\t\t<div class=\"teaser-bottom border-bottom\">\n\t\t\t\t<calendardateline :rawitem='item' :show-icon=\"true\"><\/calendardateline>\n\t\t\t\t\t<hr>\n\t\t\t\t<\/div>\n\t\t\t<\/div>\n\t\t<\/div>\n\t<\/a>\n\t<\/calendarteaser>\n<\/li>\n\n<li class=\"teaser-lane-slide col-xs-9 col-sm-4 col-md-3 teaser-wrapper col-padding-remove\">\n\t<calendarteaser key=\"1413213467\" rawitem='{&quot;postId&quot;:14132,&quot;title&quot;:&quot;Schlosskeller&quot;,&quot;excerpt&quot;:&quot;&quot;,&quot;slug&quot;:&quot;schlosskeller&quot;,&quot;post_date&quot;:&quot;2020-10-22T19:05&quot;,&quot;type&quot;:&quot;event-permanent&quot;,&quot;permalink&quot;:&quot;https:\\\/\\\/www.humboldtforum.org\\\/de\\\/programm\\\/dauerangebot\\\/ausstellung\\\/schlosskeller-14132\\\/&quot;,&quot;genre&quot;:[391,1221],&quot;genre_details&quot;:[{&quot;text&quot;:&quot;Ausstellung&quot;,&quot;id&quot;:391,&quot;icon&quot;:null,&quot;parent&quot;:0},{&quot;text&quot;:&quot;Must see&quot;,&quot;id&quot;:1221,&quot;icon&quot;:null,&quot;parent&quot;:0}],&quot;topic&quot;:[431],&quot;topic_details&quot;:[{&quot;text&quot;:&quot;Geschichte und Architektur des Ortes&quot;,&quot;id&quot;:431,&quot;icon&quot;:null,&quot;parent&quot;:0}],&quot;stakeholder&quot;:[382],&quot;stakeholder_details&quot;:[{&quot;text&quot;:&quot;Stiftung Humboldt Forum im Berliner Schloss&quot;,&quot;id&quot;:382,&quot;icon&quot;:null,&quot;parent&quot;:0}],&quot;editorial&quot;:[1356,615,1355],&quot;editorial_details&quot;:[{&quot;text&quot;:&quot;historisch&quot;,&quot;id&quot;:1356,&quot;icon&quot;:null,&quot;parent&quot;:0},{&quot;text&quot;:&quot;original&quot;,&quot;id&quot;:615,&quot;icon&quot;:null,&quot;parent&quot;:0},{&quot;text&quot;:&quot;unerwartet&quot;,&quot;id&quot;:1355,&quot;icon&quot;:null,&quot;parent&quot;:0}],&quot;targetgroup&quot;:[383],&quot;targetgroup_details&quot;:[{&quot;text&quot;:&quot;Erwachsene&quot;,&quot;id&quot;:383,&quot;icon&quot;:null,&quot;parent&quot;:0}],&quot;language&quot;:[384,385],&quot;language_details&quot;:[{&quot;text&quot;:&quot;Deutsch&quot;,&quot;id&quot;:384,&quot;icon&quot;:null,&quot;parent&quot;:0},{&quot;text&quot;:&quot;Englisch&quot;,&quot;id&quot;:385,&quot;icon&quot;:null,&quot;parent&quot;:0}],&quot;accessability&quot;:[430],&quot;accessability_details&quot;:[{&quot;text&quot;:&quot;Rollstuhlgerecht&quot;,&quot;id&quot;:430,&quot;icon&quot;:null,&quot;parent&quot;:0}],&quot;place&quot;:[408],&quot;place_details&quot;:{&quot;place&quot;:&quot;Humboldt Forum&quot;,&quot;map&quot;:&quot;Humboldt Forum, Schlossplatz, Berlin&quot;,&quot;room&quot;:&quot;Schlosskeller, UG&quot;},&quot;icon_overwrite&quot;:&quot;&quot;,&quot;acf&quot;:{&quot;shorturl&quot;:&quot;schlosskeller&quot;,&quot;planning&quot;:{&quot;price&quot;:&quot;Eintritt frei&quot;,&quot;status&quot;:&quot;JOIN&quot;,&quot;info&quot;:&quot;Eintritt frei&quot;,&quot;shop&quot;:&quot;&quot;,&quot;can_purchase&quot;:false},&quot;periods&quot;:[{&quot;label&quot;:&quot;&quot;,&quot;dates&quot;:[{&quot;start&quot;:&quot;202301020000&quot;,&quot;end&quot;:&quot;202212310000&quot;,&quot;has_end&quot;:false,&quot;start_HRFSHORT&quot;:&quot;02.01.23&quot;,&quot;start_HRFSHORT_WD&quot;:&quot;Mo 02.01.2023&quot;}],&quot;monday&quot;:[{&quot;start&quot;:&quot;10:30&quot;,&quot;end&quot;:&quot;18:30&quot;,&quot;closed&quot;:false}],&quot;tuesday&quot;:[{&quot;start&quot;:null,&quot;end&quot;:null,&quot;closed&quot;:true}],&quot;wednesday&quot;:[{&quot;start&quot;:&quot;10:30&quot;,&quot;end&quot;:&quot;18:30&quot;,&quot;closed&quot;:false}],&quot;thursday&quot;:[{&quot;start&quot;:&quot;10:30&quot;,&quot;end&quot;:&quot;18:30&quot;,&quot;closed&quot;:false}],&quot;friday&quot;:[{&quot;start&quot;:&quot;10:30&quot;,&quot;end&quot;:&quot;18:30&quot;,&quot;closed&quot;:false}],&quot;saturday&quot;:[{&quot;start&quot;:&quot;10:30&quot;,&quot;end&quot;:&quot;18:30&quot;,&quot;closed&quot;:false}],&quot;sunday&quot;:[{&quot;start&quot;:&quot;10:30&quot;,&quot;end&quot;:&quot;18:30&quot;,&quot;closed&quot;:false}],&quot;info&quot;:&quot;&quot;,&quot;description&quot;:&quot;&quot;}],&quot;subline&quot;:&quot;Geschichte des Ortes&quot;,&quot;marketing_text&quot;:&quot;Steigen Sie hinab zu den Mauerresten des Berliner Schlosses&quot;,&quot;highlight_header&quot;:true,&quot;highlight_header_image&quot;:142336,&quot;has_mobile_format&quot;:false,&quot;tipp&quot;:false,&quot;joker&quot;:false,&quot;live&quot;:false,&quot;display_as_single&quot;:false,&quot;featured_images&quot;:[14883,14877],&quot;hyphenation&quot;:true,&quot;noindex&quot;:false,&quot;keywords&quot;:&quot;&quot;,&quot;use_opening_hours_of_the_house&quot;:true,&quot;additional_info&quot;:{&quot;icon&quot;:&quot;0&quot;,&quot;text&quot;:&quot;&quot;},&quot;use_video_in_teasers&quot;:false,&quot;hide_event_in_program&quot;:false,&quot;events&quot;:[75150],&quot;infotext&quot;:&quot;&quot;,&quot;period_exception&quot;:[{&quot;label&quot;:&quot;&quot;,&quot;date&quot;:&quot;202512240000&quot;,&quot;closed&quot;:true,&quot;start&quot;:null,&quot;end&quot;:null,&quot;date_HRFSHORT&quot;:&quot;24.12.25&quot;},{&quot;label&quot;:&quot;&quot;,&quot;date&quot;:&quot;202512250000&quot;,&quot;closed&quot;:false,&quot;start&quot;:&quot;12:00&quot;,&quot;end&quot;:&quot;18:00&quot;,&quot;date_HRFSHORT&quot;:&quot;25.12.25&quot;},{&quot;label&quot;:&quot;&quot;,&quot;date&quot;:&quot;202512260000&quot;,&quot;closed&quot;:false,&quot;start&quot;:&quot;12:00&quot;,&quot;end&quot;:&quot;18:00&quot;,&quot;date_HRFSHORT&quot;:&quot;26.12.25&quot;},{&quot;label&quot;:&quot;&quot;,&quot;date&quot;:&quot;202512300000&quot;,&quot;closed&quot;:false,&quot;start&quot;:&quot;10:30&quot;,&quot;end&quot;:&quot;18:30&quot;,&quot;date_HRFSHORT&quot;:&quot;30.12.25&quot;},{&quot;label&quot;:&quot;&quot;,&quot;date&quot;:&quot;202512310000&quot;,&quot;closed&quot;:false,&quot;start&quot;:&quot;10:30&quot;,&quot;end&quot;:&quot;16:30&quot;,&quot;date_HRFSHORT&quot;:&quot;31.12.25&quot;},{&quot;label&quot;:&quot;&quot;,&quot;date&quot;:&quot;202601010000&quot;,&quot;closed&quot;:false,&quot;start&quot;:&quot;12:00&quot;,&quot;end&quot;:&quot;18:00&quot;,&quot;date_HRFSHORT&quot;:&quot;01.01.26&quot;}]},&quot;period_list&quot;:&quot;&lt;strong&gt;\\u00d6ffnungszeiten&lt;\\\/strong&gt;\\nMo, Mi, Do, Fr, Sa, So: 10:30 \\u2013 18:30 Uhr\\nDi: geschlossen\\n\\n&quot;,&quot;period_exception&quot;:&quot;&quot;,&quot;date&quot;:{&quot;infinite&quot;:true,&quot;from_DATE&quot;:202301020000,&quot;from&quot;:1672655400,&quot;from_TIME&quot;:&quot;10:30&quot;,&quot;to&quot;:1819685760,&quot;to_DATE&quot;:202708310416,&quot;to_TIME&quot;:&quot;00:00&quot;,&quot;from_HRFSHORT&quot;:&quot; 2. Jan 2023&quot;,&quot;from_HRFSHORT_WD&quot;:&quot;Mo 02.01.2023&quot;,&quot;from_HRF&quot;:&quot;Mo,  2. Januar 2023&quot;,&quot;to_HRF&quot;:&quot;Di, 31. August 2027&quot;,&quot;to_HRFSHORT&quot;:&quot;31. Aug 2027&quot;,&quot;to_HRFSHORT_WD&quot;:&quot;Di 31.08.2027&quot;,&quot;from_to_HRF&quot;:&quot;Mo,  2. Januar 2023 \\u2013 Di, 31. August 2027&quot;,&quot;from_to_HRFSHORT&quot;:&quot; 2. Jan 2023 \\u2013 31. Aug 2027&quot;,&quot;NXX&quot;:&quot;202608310416&quot;,&quot;NLAST&quot;:&quot;202708310416&quot;,&quot;NX&quot;:&quot;20260831&quot;},&quot;alert&quot;:&quot;Highlight&quot;,&quot;partof&quot;:[],&quot;marketing_topic&quot;:&quot;&quot;}' inline-template>\n\t<a href=\"https:\/\/www.humboldtforum.org\/de\/programm\/dauerangebot\/ausstellung\/schlosskeller-14132\/\" class=\"teaser teaser-event-permanent teaser-event-standard\">\n\t\t<div class=\"row\">\n\t\t\t<div class=\"col-xs-12 teaser-event-image\">\n\t\t\t\t<div class=\"teaser-image teaser-image-no-alternate\">\n\t\t\t\t\t\t\t\t\t\t\t\t\t<span class=\"alert\">Highlight<\/span>\n\t\t\t\t\t\t\t\t\t\t\t\n\t<lazy-media-inline inline-template>\n\t\t<figure itemscope itemtype=\"http:\/\/schema.org\/ImageObject\" class=\"lazy-media-inline \" role=\"group\" id=\"media_6a95002471960\" aria-labelledby=\"desc_media_6a95002471960\">\n\t\t\t<script type=\"application\/json\" ref=\"data\">\n\t\t\t\t{\n\t\t\t\t\"sizes\" : {\"medium\":{\"file\":\"SHF_eb00112679-300x225.jpg\",\"width\":300,\"height\":225,\"mime-type\":\"image\\\/jpeg\",\"filesize\":17829},\"large\":{\"file\":\"SHF_eb00112679-1024x768.jpg\",\"width\":1024,\"height\":768,\"mime-type\":\"image\\\/jpeg\",\"filesize\":152677},\"thumbnail\":{\"file\":\"SHF_eb00112679-150x150.jpg\",\"width\":150,\"height\":150,\"mime-type\":\"image\\\/jpeg\",\"filesize\":7115},\"medium_large\":{\"file\":\"SHF_eb00112679-768x576.jpg\",\"width\":768,\"height\":576,\"mime-type\":\"image\\\/jpeg\",\"filesize\":91072},\"small\":{\"file\":\"SHF_eb00112679-440x330.jpg\",\"width\":440,\"height\":330,\"mime-type\":\"image\\\/jpeg\",\"filesize\":34336},\"semi\":{\"file\":\"SHF_eb00112679-580x435.jpg\",\"width\":580,\"height\":435,\"mime-type\":\"image\\\/jpeg\",\"filesize\":55992},\"mobile\":{\"file\":\"SHF_eb00112679-720x540.jpg\",\"width\":720,\"height\":540,\"mime-type\":\"image\\\/jpeg\",\"filesize\":81597},\"hd\":{\"file\":\"SHF_eb00112679-1280x960.jpg\",\"width\":1280,\"height\":960,\"mime-type\":\"image\\\/jpeg\",\"filesize\":228603},\"full\":{\"file\":\"SHF_eb00112679-1920x1440.jpg\",\"width\":1920,\"height\":1440,\"mime-type\":\"image\\\/jpeg\",\"filesize\":481658},\"xxl\":{\"file\":\"SHF_eb00112679-4048x3037.jpg\",\"width\":4048,\"height\":3037,\"mime-type\":\"image\\\/jpeg\",\"filesize\":1955811},\"1536x1536\":{\"file\":\"SHF_eb00112679-1536x1152.jpg\",\"width\":1536,\"height\":1152,\"mime-type\":\"image\\\/jpeg\",\"filesize\":318994},\"2048x2048\":{\"file\":\"SHF_eb00112679-2048x1536.jpg\",\"width\":2048,\"height\":1536,\"mime-type\":\"image\\\/jpeg\",\"filesize\":542017},\"original\":{\"file\":\"SHF_eb00112679.jpg\",\"width\":11608,\"height\":8708}},\n\t\t\t\t\"alt\" : \"Arch\\u00e4ologische Ausgrabungen in einem Museumsraum, umgeben von historischen Fotografien.\",\n\t\t\t\t\"path\" : \"\\\/wp-content\\\/uploads\\\/2020\\\/10\\\/\",\n\t\t\t\t\"video\" : null,\n\t\t\t\t\"autoplay\" : null,\n\t\t\t\t\"youtube\" : null,\n\t\t\t\t\"youtubelabel\" : \"Video abspielen\",\n\t\t\t\t\"brightness\" : 100,\n\t\t\t\t\"crop\" : {\"top\":\"48.38\",\"left\":\"33.48\"},\n\t\t\t\t\"background\" : true,\n\t\t\t\t\"scale\" : 2\t\t\t\t}\n\t\t\t<\/script>\n\n\t\t\t<div class=\"height-container\" style=\"padding-bottom:75.017229496899%;\" v-if=\"sizes\">\n\t\t\t\t\t\t\t\t<lazy-media :inline=\"true\" :alt=\"alt\" :sizes=\"sizes\" :scale=\"scale\" :brightness=\"brightness\" :path=\"path\" :video=\"video\" :autoplay=\"autoplay\" :youtube=\"youtube\" :crop=\"crop\" :youtubelabel=\"youtubelabel\" :background=\"background\" media-id=\"desc_media_6a95002471960\"><\/lazy-media>\n\t\t\t\t\t\t\t<\/div>\n\n\t\t\t\t\t\t\t<figcaption class=\"sr-only\" ref=\"body\" id=\"desc_media_6a95002471960\">\n\t\t\t\t\t\t\t\t\t\t\t\t\t\t\t\t\t\t\t\t\t<div class=\"insignificant\">\u00a9 Stiftung Humboldt Forum im Berliner Schloss, Foto: Alexander Schippel<\/div>\n\t\t\t\t\t\t\t\t\t<\/figcaption>\n\t\t\t\t\t<\/figure>\n\t<\/lazy-media-inline>\n\t\t\t\t<\/div>\n\t\t\t<\/div>\n\t\t\t<div class=\"col-xs-12 teaser-event-text Infos\">\n\t\t\t\t<div class=\"teaser-event-standard-text\">\n\t\t\t\t\t<div class=\"margin-bottom-atom\">\n\t\t\t\t\t\t<div class=\"subline clamp-1\" v-html=\"maingenre\"><\/div>\n\t\t\t\t\t\t\t\t\t\t\t<\/div>\n\t\t\t\t\n\t\t\t\t\t<strong class=\"margin-bottom-atom\">Schlosskeller<\/strong>\n\n\t\t\t\t\t\t\t\t\t\t\t<div class=\"\">Steigen Sie hinab zu den Mauerresten des Berliner Schlosses<\/div>\n\t\t\t\t\t\t\t\t\t<\/div>\n\t\t\t\t<div class=\"teaser-bottom border-bottom\">\n\t\t\t\t<calendardateline :rawitem='item' :show-icon=\"true\"><\/calendardateline>\n\t\t\t\t\t<hr>\n\t\t\t\t<\/div>\n\t\t\t<\/div>\n\t\t<\/div>\n\t<\/a>\n\t<\/calendarteaser>\n<\/li>\n\n<li class=\"teaser-lane-slide col-xs-9 col-sm-4 col-md-3 teaser-wrapper col-padding-remove\">\n\t<calendarteaser key=\"1408820533\" rawitem='{&quot;postId&quot;:14088,&quot;title&quot;:&quot;Skulpturensaal&quot;,&quot;excerpt&quot;:&quot;&quot;,&quot;slug&quot;:&quot;skulpturensaal&quot;,&quot;post_date&quot;:&quot;2020-10-22T08:49&quot;,&quot;type&quot;:&quot;event-permanent&quot;,&quot;permalink&quot;:&quot;https:\\\/\\\/www.humboldtforum.org\\\/de\\\/programm\\\/dauerangebot\\\/ausstellung\\\/skulpturensaal-14088\\\/&quot;,&quot;genre&quot;:[391],&quot;genre_details&quot;:[{&quot;text&quot;:&quot;Ausstellung&quot;,&quot;id&quot;:391,&quot;icon&quot;:null,&quot;parent&quot;:0}],&quot;topic&quot;:[431],&quot;topic_details&quot;:[{&quot;text&quot;:&quot;Geschichte und Architektur des Ortes&quot;,&quot;id&quot;:431,&quot;icon&quot;:null,&quot;parent&quot;:0}],&quot;stakeholder&quot;:[382],&quot;stakeholder_details&quot;:[{&quot;text&quot;:&quot;Stiftung Humboldt Forum im Berliner Schloss&quot;,&quot;id&quot;:382,&quot;icon&quot;:null,&quot;parent&quot;:0}],&quot;editorial&quot;:[547,1357,587],&quot;editorial_details&quot;:[{&quot;text&quot;:&quot;historisch&quot;,&quot;id&quot;:547,&quot;icon&quot;:null,&quot;parent&quot;:0},{&quot;text&quot;:&quot;kolossal&quot;,&quot;id&quot;:1357,&quot;icon&quot;:null,&quot;parent&quot;:0},{&quot;text&quot;:&quot;original&quot;,&quot;id&quot;:587,&quot;icon&quot;:null,&quot;parent&quot;:0}],&quot;targetgroup&quot;:[383],&quot;targetgroup_details&quot;:[{&quot;text&quot;:&quot;Erwachsene&quot;,&quot;id&quot;:383,&quot;icon&quot;:null,&quot;parent&quot;:0}],&quot;language&quot;:[384,385],&quot;language_details&quot;:[{&quot;text&quot;:&quot;Deutsch&quot;,&quot;id&quot;:384,&quot;icon&quot;:null,&quot;parent&quot;:0},{&quot;text&quot;:&quot;Englisch&quot;,&quot;id&quot;:385,&quot;icon&quot;:null,&quot;parent&quot;:0}],&quot;accessability&quot;:[430],&quot;accessability_details&quot;:[{&quot;text&quot;:&quot;Rollstuhlgerecht&quot;,&quot;id&quot;:430,&quot;icon&quot;:null,&quot;parent&quot;:0}],&quot;place&quot;:[434],&quot;place_details&quot;:{&quot;place&quot;:&quot;Humboldt Forum&quot;,&quot;map&quot;:&quot;Humboldt Forum, Schlossplatz, Berlin&quot;,&quot;room&quot;:&quot;Skulpturensaal, EG&quot;},&quot;icon_overwrite&quot;:&quot;&quot;,&quot;acf&quot;:{&quot;shorturl&quot;:&quot;skulpturensaal&quot;,&quot;planning&quot;:{&quot;price&quot;:&quot;Eintritt frei&quot;,&quot;status&quot;:&quot;JOIN&quot;,&quot;info&quot;:&quot;&quot;,&quot;shop&quot;:&quot;&quot;,&quot;can_purchase&quot;:false},&quot;periods&quot;:[{&quot;label&quot;:&quot;&quot;,&quot;dates&quot;:[{&quot;start&quot;:&quot;202107200000&quot;,&quot;end&quot;:&quot;204601020000&quot;,&quot;has_end&quot;:false,&quot;start_HRFSHORT&quot;:&quot;20.07.21&quot;,&quot;start_HRFSHORT_WD&quot;:&quot;Di 20.07.2021&quot;}],&quot;monday&quot;:[{&quot;start&quot;:&quot;10:30&quot;,&quot;end&quot;:&quot;18:30&quot;,&quot;closed&quot;:false}],&quot;tuesday&quot;:[{&quot;start&quot;:&quot;10:00&quot;,&quot;end&quot;:&quot;18:00&quot;,&quot;closed&quot;:true}],&quot;wednesday&quot;:[{&quot;start&quot;:&quot;10:30&quot;,&quot;end&quot;:&quot;18:30&quot;,&quot;closed&quot;:false}],&quot;thursday&quot;:[{&quot;start&quot;:&quot;10:30&quot;,&quot;end&quot;:&quot;18:30&quot;,&quot;closed&quot;:false}],&quot;friday&quot;:[{&quot;start&quot;:&quot;10:30&quot;,&quot;end&quot;:&quot;18:30&quot;,&quot;closed&quot;:false}],&quot;saturday&quot;:[{&quot;start&quot;:&quot;10:30&quot;,&quot;end&quot;:&quot;18:30&quot;,&quot;closed&quot;:false}],&quot;sunday&quot;:[{&quot;start&quot;:&quot;10:30&quot;,&quot;end&quot;:&quot;18:30&quot;,&quot;closed&quot;:false}],&quot;info&quot;:&quot;&quot;,&quot;description&quot;:&quot;&quot;}],&quot;period_exception&quot;:[{&quot;label&quot;:&quot;&quot;,&quot;date&quot;:&quot;202404030000&quot;,&quot;closed&quot;:false,&quot;start&quot;:&quot;10:30&quot;,&quot;end&quot;:&quot;13:00&quot;,&quot;date_HRFSHORT&quot;:&quot;03.04.24&quot;},{&quot;label&quot;:&quot;&quot;,&quot;date&quot;:&quot;202404030000&quot;,&quot;closed&quot;:false,&quot;start&quot;:&quot;17:00&quot;,&quot;end&quot;:&quot;18:30&quot;,&quot;date_HRFSHORT&quot;:&quot;03.04.24&quot;}],&quot;subline&quot;:&quot;Geschichte des Ortes&quot;,&quot;marketing_text&quot;:&quot;Original-Skulpturen der historischen Schlossfassade aus n\\u00e4chster N\\u00e4he&quot;,&quot;highlight_header&quot;:true,&quot;highlight_header_image&quot;:14089,&quot;has_mobile_format&quot;:true,&quot;tipp&quot;:false,&quot;joker&quot;:false,&quot;live&quot;:false,&quot;highlight_header_image_mobile&quot;:14094,&quot;featured_images&quot;:[16171,16179,14356,16177],&quot;display_as_single&quot;:false,&quot;hyphenation&quot;:false,&quot;noindex&quot;:false,&quot;keywords&quot;:&quot;&quot;,&quot;use_opening_hours_of_the_house&quot;:false,&quot;additional_info&quot;:{&quot;icon&quot;:&quot;icon-bullet_active&quot;,&quot;text&quot;:&quot;&quot;},&quot;use_video_in_teasers&quot;:false,&quot;hide_event_in_program&quot;:false,&quot;events&quot;:[75169,75178,160702]},&quot;period_list&quot;:&quot;&lt;strong&gt;\\u00d6ffnungszeiten&lt;\\\/strong&gt;\\nMo, Mi, Do, Fr, Sa, So: 10:30 \\u2013 18:30 Uhr\\nDi: geschlossen\\n\\n&quot;,&quot;period_exception&quot;:&quot;&quot;,&quot;date&quot;:{&quot;infinite&quot;:true,&quot;from_DATE&quot;:202107200000,&quot;from&quot;:1626775200,&quot;from_TIME&quot;:&quot;10:00&quot;,&quot;to&quot;:1819750560,&quot;to_DATE&quot;:202708310416,&quot;to_TIME&quot;:&quot;18:00&quot;,&quot;from_HRFSHORT&quot;:&quot;20. Jul 2021&quot;,&quot;from_HRFSHORT_WD&quot;:&quot;Di 20.07.2021&quot;,&quot;from_HRF&quot;:&quot;Di, 20. Juli 2021&quot;,&quot;to_HRF&quot;:&quot;Di, 31. August 2027&quot;,&quot;to_HRFSHORT&quot;:&quot;31. Aug 2027&quot;,&quot;to_HRFSHORT_WD&quot;:&quot;Di 31.08.2027&quot;,&quot;from_to_HRF&quot;:&quot;Di, 20. Juli 2021 \\u2013 Di, 31. August 2027&quot;,&quot;from_to_HRFSHORT&quot;:&quot;20. Jul 2021 \\u2013 31. Aug 2027&quot;,&quot;NXX&quot;:&quot;202608310416&quot;,&quot;NLAST&quot;:&quot;202708312216&quot;,&quot;NX&quot;:&quot;20260831&quot;},&quot;alert&quot;:&quot;Highlight&quot;,&quot;partof&quot;:[],&quot;marketing_topic&quot;:&quot;&quot;}' inline-template>\n\t<a href=\"https:\/\/www.humboldtforum.org\/de\/programm\/dauerangebot\/ausstellung\/skulpturensaal-14088\/\" class=\"teaser teaser-event-permanent teaser-event-standard\">\n\t\t<div class=\"row\">\n\t\t\t<div class=\"col-xs-12 teaser-event-image\">\n\t\t\t\t<div class=\"teaser-image teaser-image-no-alternate\">\n\t\t\t\t\t\t\t\t\t\t\t\t\t<span class=\"alert\">Highlight<\/span>\n\t\t\t\t\t\t\t\t\t\t\t\n\t<lazy-media-inline inline-template>\n\t\t<figure itemscope itemtype=\"http:\/\/schema.org\/ImageObject\" class=\"lazy-media-inline \" role=\"group\" id=\"media_6a95002472089\" aria-labelledby=\"desc_media_6a95002472089\">\n\t\t\t<script type=\"application\/json\" ref=\"data\">\n\t\t\t\t{\n\t\t\t\t\"sizes\" : {\"medium\":{\"file\":\"Skulpturensaal_95297_mobile-214x300.jpg\",\"width\":214,\"height\":300,\"mime-type\":\"image\\\/jpeg\"},\"thumbnail\":{\"file\":\"Skulpturensaal_95297_mobile-150x150.jpg\",\"width\":150,\"height\":150,\"mime-type\":\"image\\\/jpeg\"},\"small\":{\"file\":\"Skulpturensaal_95297_mobile-314x440.jpg\",\"width\":314,\"height\":440,\"mime-type\":\"image\\\/jpeg\"},\"semi\":{\"file\":\"Skulpturensaal_95297_mobile-414x580.jpg\",\"width\":414,\"height\":580,\"mime-type\":\"image\\\/jpeg\"},\"mobile\":{\"file\":\"Skulpturensaal_95297_mobile-514x720.jpg\",\"width\":514,\"height\":720,\"mime-type\":\"image\\\/jpeg\"},\"original\":{\"file\":\"Skulpturensaal_95297_mobile.jpg\",\"width\":714,\"height\":1000}},\n\t\t\t\t\"alt\" : \"Drei Figurenstatuen auf Podesten, die unterschiedliche T\\u00e4tigkeiten symbolisieren, vor neutralem Hintergrund.\",\n\t\t\t\t\"path\" : \"\\\/wp-content\\\/uploads\\\/2020\\\/10\\\/\",\n\t\t\t\t\"video\" : null,\n\t\t\t\t\"autoplay\" : null,\n\t\t\t\t\"youtube\" : null,\n\t\t\t\t\"youtubelabel\" : \"Video abspielen\",\n\t\t\t\t\"brightness\" : 100,\n\t\t\t\t\"crop\" : {\"top\":\"50.00\",\"left\":\"50.00\"},\n\t\t\t\t\"background\" : true,\n\t\t\t\t\"scale\" : 2\t\t\t\t}\n\t\t\t<\/script>\n\n\t\t\t<div class=\"height-container\" style=\"padding-bottom:140.05602240896%;\" v-if=\"sizes\">\n\t\t\t\t\t\t\t\t<lazy-media :inline=\"true\" :alt=\"alt\" :sizes=\"sizes\" :scale=\"scale\" :brightness=\"brightness\" :path=\"path\" :video=\"video\" :autoplay=\"autoplay\" :youtube=\"youtube\" :crop=\"crop\" :youtubelabel=\"youtubelabel\" :background=\"background\" media-id=\"desc_media_6a95002472089\"><\/lazy-media>\n\t\t\t\t\t\t\t<\/div>\n\n\t\t\t\t\t\t\t<figcaption class=\"sr-only\" ref=\"body\" id=\"desc_media_6a95002472089\">\n\t\t\t\t\t\t\t\t\t\t\t<div>Skulpturensaal<\/div>\n\t\t\t\t\t\t\t\t\t\t\t\t\t\t\t\t\t\t\t\t\t<div class=\"insignificant\">\u00a9 Stiftung Humboldt Forum im Berliner Schloss \/ David von Becker<\/div>\n\t\t\t\t\t\t\t\t\t<\/figcaption>\n\t\t\t\t\t<\/figure>\n\t<\/lazy-media-inline>\n\t\t\t\t<\/div>\n\t\t\t<\/div>\n\t\t\t<div class=\"col-xs-12 teaser-event-text Infos\">\n\t\t\t\t<div class=\"teaser-event-standard-text\">\n\t\t\t\t\t<div class=\"margin-bottom-atom\">\n\t\t\t\t\t\t<div class=\"subline clamp-1\" v-html=\"maingenre\"><\/div>\n\t\t\t\t\t\t\t\t\t\t\t<\/div>\n\t\t\t\t\n\t\t\t\t\t<strong class=\"margin-bottom-atom\">Skulpturensaal<\/strong>\n\n\t\t\t\t\t\t\t\t\t\t\t<div class=\"\">Original-Skulpturen der historischen Schlossfassade aus n\u00e4chster N\u00e4he<\/div>\n\t\t\t\t\t\t\t\t\t<\/div>\n\t\t\t\t<div class=\"teaser-bottom border-bottom\">\n\t\t\t\t<calendardateline :rawitem='item' :show-icon=\"true\"><\/calendardateline>\n\t\t\t\t\t<hr>\n\t\t\t\t<\/div>\n\t\t\t<\/div>\n\t\t<\/div>\n\t<\/a>\n\t<\/calendarteaser>\n<\/li>\n\n<li class=\"teaser-lane-slide col-xs-9 col-sm-4 col-md-3 teaser-wrapper col-padding-remove\">\n\t<calendarteaser key=\"13258518370\" rawitem='{&quot;postId&quot;:132585,&quot;title&quot;:&quot;Hin und weg. Der Palast der Republik ist Gegenwart&quot;,&quot;excerpt&quot;:&quot;&quot;,&quot;slug&quot;:&quot;hin-und-weg-der-palast-der-republik-ist-gegenwart&quot;,&quot;post_date&quot;:&quot;2024-07-05T10:26&quot;,&quot;type&quot;:&quot;event-publication&quot;,&quot;permalink&quot;:&quot;https:\\\/\\\/www.humboldtforum.org\\\/de\\\/programm\\\/publikation\\\/publikation\\\/hin-und-weg-der-palast-der-republik-ist-gegenwart-132585\\\/&quot;,&quot;genre&quot;:[739],&quot;genre_details&quot;:[{&quot;text&quot;:&quot;Publikation&quot;,&quot;id&quot;:739,&quot;icon&quot;:null,&quot;parent&quot;:0}],&quot;stakeholder&quot;:[382],&quot;stakeholder_details&quot;:[{&quot;text&quot;:&quot;Stiftung Humboldt Forum im Berliner Schloss&quot;,&quot;id&quot;:382,&quot;icon&quot;:null,&quot;parent&quot;:0}],&quot;language&quot;:[384],&quot;language_details&quot;:[{&quot;text&quot;:&quot;Deutsch&quot;,&quot;id&quot;:384,&quot;icon&quot;:null,&quot;parent&quot;:0}],&quot;icon_overwrite&quot;:&quot;&quot;,&quot;acf&quot;:{&quot;noindex&quot;:false,&quot;keywords&quot;:&quot;&quot;,&quot;belongsto&quot;:false,&quot;shorturl&quot;:&quot;&quot;,&quot;planning&quot;:{&quot;price&quot;:&quot;19,90 EURO&quot;,&quot;status&quot;:&quot;CTA&quot;,&quot;info&quot;:&quot;Buch kaufen&quot;,&quot;shop&quot;:&quot;https:\\\/\\\/shop.humboldtforum.org\\\/products\\\/kopie-von-buch-berlin-global-de-1&quot;,&quot;can_purchase&quot;:false},&quot;additional_info&quot;:{&quot;icon&quot;:&quot;icon-book&quot;,&quot;text&quot;:&quot;50 Jahre seit Er\\u00f6ffnung des Palasts der Republik \\u2013 neuer Ladenpreis zum Jubil\\u00e4um!&quot;},&quot;highlight_header&quot;:false,&quot;use_video_in_teasers&quot;:false,&quot;hyphenation&quot;:true,&quot;tipp&quot;:false,&quot;joker&quot;:false,&quot;live&quot;:false,&quot;hide_event_in_program&quot;:false,&quot;announcement&quot;:&quot;DE | 19,90 EUR&quot;,&quot;infotext&quot;:&quot;E. A. Seemann Verlag, 2024&quot;,&quot;featured_images&quot;:[132861],&quot;alert_text&quot;:&quot;Jubil\\u00e4umspreis&quot;},&quot;date&quot;:[],&quot;alert&quot;:&quot;Jubil\\u00e4umspreis&quot;,&quot;partof&quot;:[],&quot;marketing_topic&quot;:&quot;&quot;}' inline-template>\n\t<a href=\"https:\/\/www.humboldtforum.org\/de\/programm\/publikation\/publikation\/hin-und-weg-der-palast-der-republik-ist-gegenwart-132585\/\" class=\"teaser teaser-event-publication teaser-event-standard\">\n\t\t<div class=\"row\">\n\t\t\t<div class=\"col-xs-12 teaser-event-image\">\n\t\t\t\t<div class=\"teaser-image teaser-image-no-alternate\">\n\t\t\t\t\t\t\t\t\t\t\t\t\t<span class=\"alert\">Jubil\u00e4umspreis<\/span>\n\t\t\t\t\t\t\t\t\t\t\t\n\t<lazy-media-inline inline-template>\n\t\t<figure itemscope itemtype=\"http:\/\/schema.org\/ImageObject\" class=\"lazy-media-inline \" role=\"group\" id=\"media_6a9500247275b\" aria-labelledby=\"desc_media_6a9500247275b\">\n\t\t\t<script type=\"application\/json\" ref=\"data\">\n\t\t\t\t{\n\t\t\t\t\"sizes\" : {\"medium\":{\"file\":\"PdR_Buch_DE_3-300x169.jpg\",\"width\":300,\"height\":169,\"mime-type\":\"image\\\/jpeg\",\"filesize\":4612},\"large\":{\"file\":\"PdR_Buch_DE_3-1024x577.jpg\",\"width\":1024,\"height\":577,\"mime-type\":\"image\\\/jpeg\",\"filesize\":30102},\"thumbnail\":{\"file\":\"PdR_Buch_DE_3-150x150.jpg\",\"width\":150,\"height\":150,\"mime-type\":\"image\\\/jpeg\",\"filesize\":3670},\"medium_large\":{\"file\":\"PdR_Buch_DE_3-768x433.jpg\",\"width\":768,\"height\":433,\"mime-type\":\"image\\\/jpeg\",\"filesize\":19441},\"small\":{\"file\":\"PdR_Buch_DE_3-440x248.jpg\",\"width\":440,\"height\":248,\"mime-type\":\"image\\\/jpeg\",\"filesize\":8216},\"semi\":{\"file\":\"PdR_Buch_DE_3-580x327.jpg\",\"width\":580,\"height\":327,\"mime-type\":\"image\\\/jpeg\",\"filesize\":12506},\"mobile\":{\"file\":\"PdR_Buch_DE_3-720x406.jpg\",\"width\":720,\"height\":406,\"mime-type\":\"image\\\/jpeg\",\"filesize\":17548},\"original\":{\"file\":\"PdR_Buch_DE_3.jpg\",\"width\":1223,\"height\":689}},\n\t\t\t\t\"alt\" : \"Buchcover mit dem Titel \\\"HIN UND WEG\\\", Schwarz-Wei\\u00df-Bild und orangefarbener Schrift.\",\n\t\t\t\t\"path\" : \"\\\/wp-content\\\/uploads\\\/2024\\\/07\\\/\",\n\t\t\t\t\"video\" : null,\n\t\t\t\t\"autoplay\" : null,\n\t\t\t\t\"youtube\" : null,\n\t\t\t\t\"youtubelabel\" : \"Video abspielen\",\n\t\t\t\t\"brightness\" : 100,\n\t\t\t\t\"crop\" : null,\n\t\t\t\t\"background\" : true,\n\t\t\t\t\"scale\" : 2\t\t\t\t}\n\t\t\t<\/script>\n\n\t\t\t<div class=\"height-container\" style=\"padding-bottom:56.336876533115%;\" v-if=\"sizes\">\n\t\t\t\t\t\t\t\t<lazy-media :inline=\"true\" :alt=\"alt\" :sizes=\"sizes\" :scale=\"scale\" :brightness=\"brightness\" :path=\"path\" :video=\"video\" :autoplay=\"autoplay\" :youtube=\"youtube\" :crop=\"crop\" :youtubelabel=\"youtubelabel\" :background=\"background\" media-id=\"desc_media_6a9500247275b\"><\/lazy-media>\n\t\t\t\t\t\t\t<\/div>\n\n\t\t\t\t\t\t\t<figcaption class=\"sr-only\" ref=\"body\" id=\"desc_media_6a9500247275b\">\n\t\t\t\t\t\t\t\t\t\t\t\t\t\t\t\t\t\t\t\t\t<div class=\"insignificant\">\u00a9 Stiftung Humboldt Forum im Berliner Schloss \/ \u00a9 Dieter Urbach \/ Berlinische Galerie, Repro: Anja Elisabeth Witte\r\n<\/div>\n\t\t\t\t\t\t\t\t\t<\/figcaption>\n\t\t\t\t\t<\/figure>\n\t<\/lazy-media-inline>\n\t\t\t\t<\/div>\n\t\t\t<\/div>\n\t\t\t<div class=\"col-xs-12 teaser-event-text Infos\">\n\t\t\t\t<div class=\"teaser-event-standard-text\">\n\t\t\t\t\t<div class=\"margin-bottom-atom\">\n\t\t\t\t\t\t<div class=\"subline clamp-1\" v-html=\"maingenre\"><\/div>\n\t\t\t\t\t\t\t\t\t\t\t<\/div>\n\t\t\t\t\n\t\t\t\t\t<strong class=\"margin-bottom-atom\">Hin und weg. Der Palast der Republik ist Gegenwart<\/strong>\n\n\t\t\t\t\t\t\t\t\t\t\t<div class=\"\"><\/div>\n\t\t\t\t\t\t\t\t\t<\/div>\n\t\t\t\t<div class=\"teaser-bottom border-bottom\">\n\t\t\t\t<calendardateline :rawitem='item' :show-icon=\"true\"><\/calendardateline>\n\t\t\t\t\t<hr>\n\t\t\t\t<\/div>\n\t\t\t<\/div>\n\t\t<\/div>\n\t<\/a>\n\t<\/calendarteaser>\n<\/li>\n\n\t\t\t\t\t\t<\/ul>\n\t\t\t\t\t<\/div>\n\t\t\t\t<\/div>\n\t\t\t<\/teaser-lane-with-buttons>\n\t\t\t\t<\/lazy-component>\n<\/section>\n\n\n\n<section class=\"block block-CTA block-CTA-long leftgradient\">\n\t<div class=\"container-fluid\">\n\t\t<div class=\"row center-xs\">\n\t\t\t<div class=\"col-xs-12\">\n\t\t\t\t<div class=\"box\">\n\t\t\t\t\t<a href=\"https:\/\/www.humboldtforum.org\/de\/global-cultural-embassy\/\" aria-label=\"Global Cultural Embassy\" class=\"teaser teaser-cta-wide \">\n\t\t\t\t\t\t<div class=\"teaser-image\">\n\t\t\t\t\t\t\t\n\t<lazy-media-inline inline-template>\n\t\t<figure itemscope itemtype=\"http:\/\/schema.org\/ImageObject\" class=\"lazy-media-inline \" role=\"group\" id=\"media_6a950024747d7\" aria-labelledby=\"desc_media_6a950024747d7\">\n\t\t\t<script type=\"application\/json\" ref=\"data\">\n\t\t\t\t{\n\t\t\t\t\"sizes\" : {\"medium\":{\"file\":\"SHF_eb00249175-1-300x200.jpg\",\"width\":300,\"height\":200,\"mime-type\":\"image\\\/jpeg\",\"filesize\":19585},\"large\":{\"file\":\"SHF_eb00249175-1-1024x683.jpg\",\"width\":1024,\"height\":683,\"mime-type\":\"image\\\/jpeg\",\"filesize\":157437},\"thumbnail\":{\"file\":\"SHF_eb00249175-1-150x150.jpg\",\"width\":150,\"height\":150,\"mime-type\":\"image\\\/jpeg\",\"filesize\":8626},\"medium_large\":{\"file\":\"SHF_eb00249175-1-768x512.jpg\",\"width\":768,\"height\":512,\"mime-type\":\"image\\\/jpeg\",\"filesize\":96018},\"small\":{\"file\":\"SHF_eb00249175-1-440x293.jpg\",\"width\":440,\"height\":293,\"mime-type\":\"image\\\/jpeg\",\"filesize\":37231},\"semi\":{\"file\":\"SHF_eb00249175-1-580x387.jpg\",\"width\":580,\"height\":387,\"mime-type\":\"image\\\/jpeg\",\"filesize\":60114},\"mobile\":{\"file\":\"SHF_eb00249175-1-720x480.jpg\",\"width\":720,\"height\":480,\"mime-type\":\"image\\\/jpeg\",\"filesize\":85928},\"hd\":{\"file\":\"SHF_eb00249175-1-1280x853.jpg\",\"width\":1280,\"height\":853,\"mime-type\":\"image\\\/jpeg\",\"filesize\":229783},\"original\":{\"file\":\"SHF_eb00249175-1.jpg\",\"width\":1500,\"height\":1000}},\n\t\t\t\t\"alt\" : \"Gruppenfoto der Teilnehmer der Global Cultural Assembly 2025, pr\\u00e4sentiert auf einer B\\u00fchne.\",\n\t\t\t\t\"path\" : \"\\\/wp-content\\\/uploads\\\/2025\\\/06\\\/\",\n\t\t\t\t\"video\" : null,\n\t\t\t\t\"autoplay\" : null,\n\t\t\t\t\"youtube\" : null,\n\t\t\t\t\"youtubelabel\" : \"Video abspielen\",\n\t\t\t\t\"brightness\" : \"100\",\n\t\t\t\t\"crop\" : {\"top\":\"56.56\",\"left\":\"48.94\"},\n\t\t\t\t\"background\" : true,\n\t\t\t\t\"scale\" : 2\t\t\t\t}\n\t\t\t<\/script>\n\n\t\t\t<div class=\"height-container\" style=\"padding-bottom:66.666666666667%;\" v-if=\"sizes\">\n\t\t\t\t\t\t\t\t<lazy-media :inline=\"true\" :alt=\"alt\" :sizes=\"sizes\" :scale=\"scale\" :brightness=\"brightness\" :path=\"path\" :video=\"video\" :autoplay=\"autoplay\" :youtube=\"youtube\" :crop=\"crop\" :youtubelabel=\"youtubelabel\" :background=\"background\" media-id=\"desc_media_6a950024747d7\"><\/lazy-media>\n\t\t\t\t\t\t\t<\/div>\n\n\t\t\t\t\t\t\t<figcaption class=\"sr-only\" ref=\"body\" id=\"desc_media_6a950024747d7\">\n\t\t\t\t\t\t\t\t\t\t\t\t\t\t\t\t<div>Die Global Cultural Assembly Konferenz am 20.06.2025\n <\/div>\n\t\t\t\t\t\t\t\t\t\t\t\t\t\t\t\t<div class=\"insignificant\">\u00a9 Stiftung Humboldt Forum im Berliner Schloss, Foto: Johannes Berger<\/div>\n\t\t\t\t\t\t\t\t\t<\/figcaption>\n\t\t\t\t\t<\/figure>\n\t<\/lazy-media-inline>\n\t\t\t\t\t\t<\/div>\n\t\t\t\t\t\t<div class=\"teaser-content \">\n\t\t\t\t\t\t\t<div>\n\t\t\t\t\t\t\t\t<div class=\"teaser-overline subline\">Internationale Zusammenarbeit<\/div>\t\t\t\t\t\t\t\t<div class=\"teaser-header\"><span class=\"h3\">Global Cultural Embassy<\/span><\/div>\n\t\t\t\t\t\t\t\t\t\t\t\t\t\t\t\t<button tabindex=\"-1\" class=\"border\">Mehr lesen<\/button>\n\t\t\t\t\t\t\t<\/div>\n\t\t\t\t\t\t<\/div>\n\t\t\t\t\t<\/a>\n\t\t\t\t<\/div>\n\t\t\t<\/div>\n\t\t<\/div>\n\t<\/div>\n<\/section>\n\n\n<section class=\"block block-CTA block-CTA-long leftgradient\">\n\t<div class=\"container-fluid\">\n\t\t<div class=\"row center-xs\">\n\t\t\t<div class=\"col-xs-12\">\n\t\t\t\t<div class=\"box\">\n\t\t\t\t\t<a href=\"https:\/\/www.humboldtforum.org\/de\/programm\/digitales-angebot\/digital\/medienguide-20688\/\" aria-label=\"Medienguide\" class=\"teaser teaser-cta-wide \">\n\t\t\t\t\t\t<div class=\"teaser-image\">\n\t\t\t\t\t\t\t\n\t<lazy-media-inline inline-template>\n\t\t<figure itemscope itemtype=\"http:\/\/schema.org\/ImageObject\" class=\"lazy-media-inline \" role=\"group\" id=\"media_6a950024758b6\" aria-labelledby=\"desc_media_6a950024758b6\">\n\t\t\t<script type=\"application\/json\" ref=\"data\">\n\t\t\t\t{\n\t\t\t\t\"sizes\" : {\"medium\":{\"file\":\"20A2990-300x200.jpg\",\"width\":300,\"height\":200,\"mime-type\":\"image\\\/jpeg\"},\"large\":{\"file\":\"20A2990-1024x683.jpg\",\"width\":1024,\"height\":683,\"mime-type\":\"image\\\/jpeg\"},\"thumbnail\":{\"file\":\"20A2990-150x150.jpg\",\"width\":150,\"height\":150,\"mime-type\":\"image\\\/jpeg\"},\"medium_large\":{\"file\":\"20A2990-768x512.jpg\",\"width\":768,\"height\":512,\"mime-type\":\"image\\\/jpeg\"},\"small\":{\"file\":\"20A2990-440x293.jpg\",\"width\":440,\"height\":293,\"mime-type\":\"image\\\/jpeg\"},\"semi\":{\"file\":\"20A2990-580x387.jpg\",\"width\":580,\"height\":387,\"mime-type\":\"image\\\/jpeg\"},\"mobile\":{\"file\":\"20A2990-720x480.jpg\",\"width\":720,\"height\":480,\"mime-type\":\"image\\\/jpeg\"},\"hd\":{\"file\":\"20A2990-1280x854.jpg\",\"width\":1280,\"height\":854,\"mime-type\":\"image\\\/jpeg\"},\"full\":{\"file\":\"20A2990-1920x1281.jpg\",\"width\":1920,\"height\":1281,\"mime-type\":\"image\\\/jpeg\"},\"1536x1536\":{\"file\":\"20A2990-1536x1025.jpg\",\"width\":1536,\"height\":1025,\"mime-type\":\"image\\\/jpeg\"},\"original\":{\"file\":\"20A2990.jpg\",\"width\":2000,\"height\":1334}},\n\t\t\t\t\"alt\" : \"Zwei Frauen sitzen zusammen und schauen auf ein Smartphone. Eine von ihnen tr\\u00e4gt Kopfh\\u00f6rer um den Hals.\",\n\t\t\t\t\"path\" : \"\\\/wp-content\\\/uploads\\\/2021\\\/05\\\/\",\n\t\t\t\t\"video\" : null,\n\t\t\t\t\"autoplay\" : null,\n\t\t\t\t\"youtube\" : null,\n\t\t\t\t\"youtubelabel\" : \"Video abspielen\",\n\t\t\t\t\"brightness\" : \"80\",\n\t\t\t\t\"crop\" : {\"top\":\"50.73\",\"left\":\"56.77\"},\n\t\t\t\t\"background\" : true,\n\t\t\t\t\"scale\" : 2\t\t\t\t}\n\t\t\t<\/script>\n\n\t\t\t<div class=\"height-container\" style=\"padding-bottom:66.7%;\" v-if=\"sizes\">\n\t\t\t\t\t\t\t\t<lazy-media :inline=\"true\" :alt=\"alt\" :sizes=\"sizes\" :scale=\"scale\" :brightness=\"brightness\" :path=\"path\" :video=\"video\" :autoplay=\"autoplay\" :youtube=\"youtube\" :crop=\"crop\" :youtubelabel=\"youtubelabel\" :background=\"background\" media-id=\"desc_media_6a950024758b6\"><\/lazy-media>\n\t\t\t\t\t\t\t<\/div>\n\n\t\t\t\t\t\t\t<figcaption class=\"sr-only\" ref=\"body\" id=\"desc_media_6a950024758b6\">\n\t\t\t\t\t\t\t\t\t\t\t\t\t\t\t\t\t\t\t\t\t<div class=\"insignificant\">\u00a9 Stiftung Humboldt Forum im Berliner Schloss \/ Giuliani | von Giese, Foto: Andreas K\u00f6nig<\/div>\n\t\t\t\t\t\t\t\t\t<\/figcaption>\n\t\t\t\t\t<\/figure>\n\t<\/lazy-media-inline>\n\t\t\t\t\t\t<\/div>\n\t\t\t\t\t\t<div class=\"teaser-content \">\n\t\t\t\t\t\t\t<div>\n\t\t\t\t\t\t\t\t\t\t\t\t\t\t\t\t<div class=\"teaser-header\"><span class=\"h3\">Medienguide<\/span><\/div>\n\t\t\t\t\t\t\t\t<div class=\"teaser-subline\"><span class=\"font-decoration\">Gehen Sie selbstst\u00e4ndig auf Tour und entdecken Sie spannende Objektgeschichten.<\/span><\/div>\t\t\t\t\t\t\t\t<button tabindex=\"-1\" class=\"border\">Mehr erfahren<\/button>\n\t\t\t\t\t\t\t<\/div>\n\t\t\t\t\t\t<\/div>\n\t\t\t\t\t<\/a>\n\t\t\t\t<\/div>\n\t\t\t<\/div>\n\t\t<\/div>\n\t<\/div>\n<\/section>\n\n\n<section class=\"block block-CTA block-CTA-long leftgradient\">\n\t<div class=\"container-fluid\">\n\t\t<div class=\"row center-xs\">\n\t\t\t<div class=\"col-xs-12\">\n\t\t\t\t<div class=\"box\">\n\t\t\t\t\t<a href=\"https:\/\/www.humboldtforum.org\/de\/werkraeume\/\" aria-label=\"Besuchen Sie unsere Werkr\u00e4ume!\" class=\"teaser teaser-cta-wide teaser-cta-wide-and-high\">\n\t\t\t\t\t\t<div class=\"teaser-image\">\n\t\t\t\t\t\t\t\n\t<lazy-media-inline inline-template>\n\t\t<figure itemscope itemtype=\"http:\/\/schema.org\/ImageObject\" class=\"lazy-media-inline \" role=\"group\" id=\"media_6a95002476bde\" aria-labelledby=\"desc_media_6a95002476bde\">\n\t\t\t<script type=\"application\/json\" ref=\"data\">\n\t\t\t\t{\n\t\t\t\t\"sizes\" : {\"medium\":{\"file\":\"SHF_eb00191709-300x200.jpg\",\"width\":300,\"height\":200,\"mime-type\":\"image\\\/jpeg\",\"filesize\":18785},\"large\":{\"file\":\"SHF_eb00191709-1024x683.jpg\",\"width\":1024,\"height\":683,\"mime-type\":\"image\\\/jpeg\",\"filesize\":130028},\"thumbnail\":{\"file\":\"SHF_eb00191709-150x150.jpg\",\"width\":150,\"height\":150,\"mime-type\":\"image\\\/jpeg\",\"filesize\":8136},\"medium_large\":{\"file\":\"SHF_eb00191709-768x512.jpg\",\"width\":768,\"height\":512,\"mime-type\":\"image\\\/jpeg\",\"filesize\":84285},\"small\":{\"file\":\"SHF_eb00191709-440x294.jpg\",\"width\":440,\"height\":294,\"mime-type\":\"image\\\/jpeg\",\"filesize\":35183},\"semi\":{\"file\":\"SHF_eb00191709-580x387.jpg\",\"width\":580,\"height\":387,\"mime-type\":\"image\\\/jpeg\",\"filesize\":55168},\"mobile\":{\"file\":\"SHF_eb00191709-720x480.jpg\",\"width\":720,\"height\":480,\"mime-type\":\"image\\\/jpeg\",\"filesize\":75978},\"original\":{\"file\":\"SHF_eb00191709.jpg\",\"width\":1280,\"height\":854}},\n\t\t\t\t\"alt\" : \"Menschen arbeiten an Tischen in einem hellen Raum mit gro\\u00dfen Fenstern und modernen M\\u00f6beln.\",\n\t\t\t\t\"path\" : \"\\\/wp-content\\\/uploads\\\/2023\\\/05\\\/\",\n\t\t\t\t\"video\" : null,\n\t\t\t\t\"autoplay\" : null,\n\t\t\t\t\"youtube\" : null,\n\t\t\t\t\"youtubelabel\" : \"Video abspielen\",\n\t\t\t\t\"brightness\" : \"70\",\n\t\t\t\t\"crop\" : null,\n\t\t\t\t\"background\" : true,\n\t\t\t\t\"scale\" : 1\t\t\t\t}\n\t\t\t<\/script>\n\n\t\t\t<div class=\"height-container\" style=\"padding-bottom:66.71875%;\" v-if=\"sizes\">\n\t\t\t\t\t\t\t\t<lazy-media :inline=\"true\" :alt=\"alt\" :sizes=\"sizes\" :scale=\"scale\" :brightness=\"brightness\" :path=\"path\" :video=\"video\" :autoplay=\"autoplay\" :youtube=\"youtube\" :crop=\"crop\" :youtubelabel=\"youtubelabel\" :background=\"background\" media-id=\"desc_media_6a95002476bde\"><\/lazy-media>\n\t\t\t\t\t\t\t<\/div>\n\n\t\t\t\t\t\t\t<figcaption class=\"sr-only\" ref=\"body\" id=\"desc_media_6a95002476bde\">\n\t\t\t\t\t\t\t\t\t\t\t<div>&bdquo;Let&#039;s Code!&ldquo; Mitmach-Festival zur Code Week in den Werkr&auml;umen des Humboldt Forums<\/div>\n\t\t\t\t\t\t\t\t\t\t\t\t\t\t\t\t\t\t\t\t\t<div class=\"insignificant\">\u00a9 Stiftung Humboldt Forum im Berliner Schloss, Foto: Frank Sperling<\/div>\n\t\t\t\t\t\t\t\t\t<\/figcaption>\n\t\t\t\t\t<\/figure>\n\t<\/lazy-media-inline>\n\t\t\t\t\t\t<\/div>\n\t\t\t\t\t\t<div class=\"teaser-content \">\n\t\t\t\t\t\t\t<div>\n\t\t\t\t\t\t\t\t<div class=\"teaser-overline subline\">Mitmachen &#8211; Entdecken &#8211; Spielen &#8211; Lesen &#8211; Lernen<\/div>\t\t\t\t\t\t\t\t<div class=\"teaser-header\"><span class=\"h3\">Besuchen Sie unsere Werkr\u00e4ume!<\/span><\/div>\n\t\t\t\t\t\t\t\t<div class=\"teaser-subline\"><span class=\"font-decoration\">An f\u00fcnf Tagen in der Woche laden die Werkr\u00e4ume zum Verweilen und Entdecken ein.<\/span><\/div>\t\t\t\t\t\t\t\t<button tabindex=\"-1\" class=\"border\">Mehr Infos <\/button>\n\t\t\t\t\t\t\t<\/div>\n\t\t\t\t\t\t<\/div>\n\t\t\t\t\t<\/a>\n\t\t\t\t<\/div>\n\t\t\t<\/div>\n\t\t<\/div>\n\t<\/div>\n<\/section>\n\n\n<section class=\"block block-CTA block-CTA-long-right rightgradient\">\n\t<div class=\"container-fluid\">\n\t\t<div class=\"row center-xs\">\n\t\t\t<div class=\"col-xs-12\">\n\t\t\t\t<div class=\"box\">\n\t\t\t\t\t<a href=\"https:\/\/www.humboldtforum.org\/de\/programm\/event-reihe\/sonstige\/standwithukraine-41670\/\" aria-label=\"#standwithukraine\" class=\"teaser teaser-cta-wide \">\n\t\t\t\t\t\t<div class=\"teaser-image\">\n\t\t\t\t\t\t\t\n\t<lazy-media-inline inline-template>\n\t\t<figure itemscope itemtype=\"http:\/\/schema.org\/ImageObject\" class=\"lazy-media-inline \" role=\"group\" id=\"media_6a95002477856\" aria-labelledby=\"desc_media_6a95002477856\">\n\t\t\t<script type=\"application\/json\" ref=\"data\">\n\t\t\t\t{\n\t\t\t\t\"sizes\" : {\"medium\":{\"file\":\"SHF_eb00132912-300x180.jpg\",\"width\":300,\"height\":180,\"mime-type\":\"image\\\/jpeg\"},\"large\":{\"file\":\"SHF_eb00132912-1024x614.jpg\",\"width\":1024,\"height\":614,\"mime-type\":\"image\\\/jpeg\"},\"thumbnail\":{\"file\":\"SHF_eb00132912-150x150.jpg\",\"width\":150,\"height\":150,\"mime-type\":\"image\\\/jpeg\"},\"medium_large\":{\"file\":\"SHF_eb00132912-768x460.jpg\",\"width\":768,\"height\":460,\"mime-type\":\"image\\\/jpeg\"},\"small\":{\"file\":\"SHF_eb00132912-440x264.jpg\",\"width\":440,\"height\":264,\"mime-type\":\"image\\\/jpeg\"},\"semi\":{\"file\":\"SHF_eb00132912-580x347.jpg\",\"width\":580,\"height\":347,\"mime-type\":\"image\\\/jpeg\"},\"mobile\":{\"file\":\"SHF_eb00132912-720x431.jpg\",\"width\":720,\"height\":431,\"mime-type\":\"image\\\/jpeg\"},\"hd\":{\"file\":\"SHF_eb00132912-1280x767.jpg\",\"width\":1280,\"height\":767,\"mime-type\":\"image\\\/jpeg\"},\"full\":{\"file\":\"SHF_eb00132912-1920x1150.jpg\",\"width\":1920,\"height\":1150,\"mime-type\":\"image\\\/jpeg\"},\"1536x1536\":{\"file\":\"SHF_eb00132912-1536x920.jpg\",\"width\":1536,\"height\":920,\"mime-type\":\"image\\\/jpeg\"},\"original\":{\"file\":\"SHF_eb00132912.jpg\",\"width\":2048,\"height\":1227}},\n\t\t\t\t\"alt\" : \"Flagge der Ukraine mit blauem oberen und gelbem unteren Feld.\",\n\t\t\t\t\"path\" : \"\\\/wp-content\\\/uploads\\\/2022\\\/03\\\/\",\n\t\t\t\t\"video\" : null,\n\t\t\t\t\"autoplay\" : null,\n\t\t\t\t\"youtube\" : null,\n\t\t\t\t\"youtubelabel\" : \"Video abspielen\",\n\t\t\t\t\"brightness\" : \"100\",\n\t\t\t\t\"crop\" : null,\n\t\t\t\t\"background\" : true,\n\t\t\t\t\"scale\" : 1\t\t\t\t}\n\t\t\t<\/script>\n\n\t\t\t<div class=\"height-container\" style=\"padding-bottom:59.912109375%;\" v-if=\"sizes\">\n\t\t\t\t\t\t\t\t<lazy-media :inline=\"true\" :alt=\"alt\" :sizes=\"sizes\" :scale=\"scale\" :brightness=\"brightness\" :path=\"path\" :video=\"video\" :autoplay=\"autoplay\" :youtube=\"youtube\" :crop=\"crop\" :youtubelabel=\"youtubelabel\" :background=\"background\" media-id=\"desc_media_6a95002477856\"><\/lazy-media>\n\t\t\t\t\t\t\t<\/div>\n\n\t\t\t\t\t\t\t<figcaption class=\"sr-only\" ref=\"body\" id=\"desc_media_6a95002477856\">\n\t\t\t\t\t\t\t\t\t\t\t\t\t\t\t\t\t\t\t\t\t<div class=\"insignificant\">\u00a9 Stiftung Humboldt Forum im Berliner Schloss<\/div>\n\t\t\t\t\t\t\t\t\t<\/figcaption>\n\t\t\t\t\t<\/figure>\n\t<\/lazy-media-inline>\n\t\t\t\t\t\t<\/div>\n\t\t\t\t\t\t<div class=\"teaser-content teaser-content-right\">\n\t\t\t\t\t\t\t<div>\n\t\t\t\t\t\t\t\t\t\t\t\t\t\t\t\t<div class=\"teaser-header\"><span class=\"h3\">#standwithukraine<\/span><\/div>\n\t\t\t\t\t\t\t\t\t\t\t\t\t\t\t\t<button tabindex=\"-1\" class=\"border\">Mehr Informationen<\/button>\n\t\t\t\t\t\t\t<\/div>\n\t\t\t\t\t\t<\/div>\n\t\t\t\t\t<\/a>\n\t\t\t\t<\/div>\n\t\t\t<\/div>\n\t\t<\/div>\n\t<\/div>\n<\/section>\n\n\n\n<section class=\"block block-gallery-moderated\" >\n\t<block-gallery-moderated inline-template>\n\t\t<div>\n\t\t\t<div class=\"block-gallery-moderated-video\" :class=\"{ firstLoaded: firstLoaded }\">\n\t<script type=\"application\/json\" ref=\"data\">\n\t\t{\n\t\t\t\"images\" : [{\"id\":0,\"width\":2048,\"height\":1229,\"alt\":\"Zwei Personen stehen auf einer Dachterrasse und blicken auf die Stadtlandschaft mit Wolken und Geb&auml;uden im Hintergrund.\",\"title\":\"\",\"description\":\"\",\"label\":\"\",\"copyright\":\"Stiftung Humboldt Forum im Berliner Schloss \\\/ Foto: David von Becker\",\"path\":\"\\\/wp-content\\\/uploads\\\/2021\\\/10\\\/\",\"sizes\":{\"medium\":{\"file\":\"SHF_eb00125564-300x180.jpg\",\"width\":300,\"height\":180,\"mime-type\":\"image\\\/jpeg\"},\"large\":{\"file\":\"SHF_eb00125564-1024x615.jpg\",\"width\":1024,\"height\":615,\"mime-type\":\"image\\\/jpeg\"},\"thumbnail\":{\"file\":\"SHF_eb00125564-150x150.jpg\",\"width\":150,\"height\":150,\"mime-type\":\"image\\\/jpeg\"},\"medium_large\":{\"file\":\"SHF_eb00125564-768x461.jpg\",\"width\":768,\"height\":461,\"mime-type\":\"image\\\/jpeg\"},\"small\":{\"file\":\"SHF_eb00125564-440x264.jpg\",\"width\":440,\"height\":264,\"mime-type\":\"image\\\/jpeg\"},\"semi\":{\"file\":\"SHF_eb00125564-580x348.jpg\",\"width\":580,\"height\":348,\"mime-type\":\"image\\\/jpeg\"},\"mobile\":{\"file\":\"SHF_eb00125564-720x432.jpg\",\"width\":720,\"height\":432,\"mime-type\":\"image\\\/jpeg\"},\"hd\":{\"file\":\"SHF_eb00125564-1280x768.jpg\",\"width\":1280,\"height\":768,\"mime-type\":\"image\\\/jpeg\"},\"full\":{\"file\":\"SHF_eb00125564-1920x1152.jpg\",\"width\":1920,\"height\":1152,\"mime-type\":\"image\\\/jpeg\"},\"1536x1536\":{\"file\":\"SHF_eb00125564-1536x922.jpg\",\"width\":1536,\"height\":922,\"mime-type\":\"image\\\/jpeg\"},\"original\":{\"file\":\"SHF_eb00125564.jpg\",\"width\":2048,\"height\":1229}},\"autoplay\":false},{\"id\":1,\"width\":1700,\"height\":956,\"alt\":\"Moderne Architektur vereint sich mit historischen Geb&auml;uden an einer Stra&szlig;en mit Laternen und Fu&szlig;g&auml;ngern.\",\"title\":\"\",\"description\":\"\",\"label\":\"\",\"copyright\":\"Stiftung Humboldt Forum im Berliner Schloss \\\/ Foto: Alexander Schippel\",\"path\":\"\\\/wp-content\\\/uploads\\\/2021\\\/07\\\/\",\"sizes\":{\"medium\":{\"file\":\"SHF_eb00111957-300x169.jpg\",\"width\":300,\"height\":169,\"mime-type\":\"image\\\/jpeg\"},\"large\":{\"file\":\"SHF_eb00111957-1024x576.jpg\",\"width\":1024,\"height\":576,\"mime-type\":\"image\\\/jpeg\"},\"thumbnail\":{\"file\":\"SHF_eb00111957-150x150.jpg\",\"width\":150,\"height\":150,\"mime-type\":\"image\\\/jpeg\"},\"medium_large\":{\"file\":\"SHF_eb00111957-768x432.jpg\",\"width\":768,\"height\":432,\"mime-type\":\"image\\\/jpeg\"},\"small\":{\"file\":\"SHF_eb00111957-440x247.jpg\",\"width\":440,\"height\":247,\"mime-type\":\"image\\\/jpeg\"},\"semi\":{\"file\":\"SHF_eb00111957-580x326.jpg\",\"width\":580,\"height\":326,\"mime-type\":\"image\\\/jpeg\"},\"mobile\":{\"file\":\"SHF_eb00111957-720x405.jpg\",\"width\":720,\"height\":405,\"mime-type\":\"image\\\/jpeg\"},\"hd\":{\"file\":\"SHF_eb00111957-1280x720.jpg\",\"width\":1280,\"height\":720,\"mime-type\":\"image\\\/jpeg\"},\"1536x1536\":{\"file\":\"SHF_eb00111957-1536x864.jpg\",\"width\":1536,\"height\":864,\"mime-type\":\"image\\\/jpeg\"},\"original\":{\"file\":\"SHF_eb00111957.jpg\",\"width\":1700,\"height\":956}},\"autoplay\":false},{\"id\":2,\"width\":2000,\"height\":853,\"alt\":\"Platz mit historischen und modernen Geb&auml;uden, umgeben von Menschen, bei klarem Himmel.\",\"title\":\"\",\"description\":\"\",\"label\":\"Schl&uuml;terhof\",\"copyright\":\"Stiftung Humboldt Forum im Berliner Schloss \\\/ Foto: David von Becker\",\"path\":\"\\\/wp-content\\\/uploads\\\/2021\\\/06\\\/\",\"sizes\":{\"medium\":{\"file\":\"SHF_eb00110746-300x128.jpg\",\"width\":300,\"height\":128,\"mime-type\":\"image\\\/jpeg\"},\"large\":{\"file\":\"SHF_eb00110746-1024x437.jpg\",\"width\":1024,\"height\":437,\"mime-type\":\"image\\\/jpeg\"},\"thumbnail\":{\"file\":\"SHF_eb00110746-150x150.jpg\",\"width\":150,\"height\":150,\"mime-type\":\"image\\\/jpeg\"},\"medium_large\":{\"file\":\"SHF_eb00110746-768x328.jpg\",\"width\":768,\"height\":328,\"mime-type\":\"image\\\/jpeg\"},\"small\":{\"file\":\"SHF_eb00110746-440x188.jpg\",\"width\":440,\"height\":188,\"mime-type\":\"image\\\/jpeg\"},\"semi\":{\"file\":\"SHF_eb00110746-580x247.jpg\",\"width\":580,\"height\":247,\"mime-type\":\"image\\\/jpeg\"},\"mobile\":{\"file\":\"SHF_eb00110746-720x307.jpg\",\"width\":720,\"height\":307,\"mime-type\":\"image\\\/jpeg\"},\"hd\":{\"file\":\"SHF_eb00110746-1280x546.jpg\",\"width\":1280,\"height\":546,\"mime-type\":\"image\\\/jpeg\"},\"full\":{\"file\":\"SHF_eb00110746-1920x819.jpg\",\"width\":1920,\"height\":819,\"mime-type\":\"image\\\/jpeg\"},\"1536x1536\":{\"file\":\"SHF_eb00110746-1536x655.jpg\",\"width\":1536,\"height\":655,\"mime-type\":\"image\\\/jpeg\"},\"original\":{\"file\":\"SHF_eb00110746.jpg\",\"width\":2000,\"height\":853}},\"autoplay\":false},{\"id\":3,\"width\":1575,\"height\":886,\"alt\":\"Personen sitzen an einer modernen, hellen Wand neben einem ruhigen Wasserlauf mit Pflanzen im Hintergrund.\",\"title\":\"\",\"description\":\"\",\"label\":\"\",\"copyright\":\"Stiftung Humboldt Forum im Berliner Schloss \\\/ Foto: Alexander Schippel\",\"path\":\"\\\/wp-content\\\/uploads\\\/2021\\\/07\\\/\",\"sizes\":{\"medium\":{\"file\":\"SHF_eb00112125_desktop-1-300x169.jpg\",\"width\":300,\"height\":169,\"mime-type\":\"image\\\/jpeg\"},\"large\":{\"file\":\"SHF_eb00112125_desktop-1-1024x576.jpg\",\"width\":1024,\"height\":576,\"mime-type\":\"image\\\/jpeg\"},\"thumbnail\":{\"file\":\"SHF_eb00112125_desktop-1-150x150.jpg\",\"width\":150,\"height\":150,\"mime-type\":\"image\\\/jpeg\"},\"medium_large\":{\"file\":\"SHF_eb00112125_desktop-1-768x432.jpg\",\"width\":768,\"height\":432,\"mime-type\":\"image\\\/jpeg\"},\"small\":{\"file\":\"SHF_eb00112125_desktop-1-440x248.jpg\",\"width\":440,\"height\":248,\"mime-type\":\"image\\\/jpeg\"},\"semi\":{\"file\":\"SHF_eb00112125_desktop-1-580x326.jpg\",\"width\":580,\"height\":326,\"mime-type\":\"image\\\/jpeg\"},\"mobile\":{\"file\":\"SHF_eb00112125_desktop-1-720x405.jpg\",\"width\":720,\"height\":405,\"mime-type\":\"image\\\/jpeg\"},\"hd\":{\"file\":\"SHF_eb00112125_desktop-1-1280x720.jpg\",\"width\":1280,\"height\":720,\"mime-type\":\"image\\\/jpeg\"},\"1536x1536\":{\"file\":\"SHF_eb00112125_desktop-1-1536x864.jpg\",\"width\":1536,\"height\":864,\"mime-type\":\"image\\\/jpeg\"},\"original\":{\"file\":\"SHF_eb00112125_desktop-1.jpg\",\"width\":1575,\"height\":886}},\"autoplay\":false},{\"id\":4,\"width\":2048,\"height\":1419,\"alt\":\"Historisches Geb&auml;ude umgeben von modernen Fassaden, Menschen im Innenhof an einem sonnigen Tag.\",\"title\":\"\",\"description\":\"\",\"label\":\"\",\"copyright\":\"Stiftung Humboldt Forum im Berliner Schloss \\\/ Foto: David von Becker\",\"path\":\"\\\/wp-content\\\/uploads\\\/2021\\\/06\\\/\",\"sizes\":{\"medium\":{\"file\":\"SHF_eb00110901-300x208.jpg\",\"width\":300,\"height\":208,\"mime-type\":\"image\\\/jpeg\"},\"large\":{\"file\":\"SHF_eb00110901-1024x710.jpg\",\"width\":1024,\"height\":710,\"mime-type\":\"image\\\/jpeg\"},\"thumbnail\":{\"file\":\"SHF_eb00110901-150x150.jpg\",\"width\":150,\"height\":150,\"mime-type\":\"image\\\/jpeg\"},\"medium_large\":{\"file\":\"SHF_eb00110901-768x532.jpg\",\"width\":768,\"height\":532,\"mime-type\":\"image\\\/jpeg\"},\"small\":{\"file\":\"SHF_eb00110901-440x305.jpg\",\"width\":440,\"height\":305,\"mime-type\":\"image\\\/jpeg\"},\"semi\":{\"file\":\"SHF_eb00110901-580x402.jpg\",\"width\":580,\"height\":402,\"mime-type\":\"image\\\/jpeg\"},\"mobile\":{\"file\":\"SHF_eb00110901-720x499.jpg\",\"width\":720,\"height\":499,\"mime-type\":\"image\\\/jpeg\"},\"hd\":{\"file\":\"SHF_eb00110901-1280x887.jpg\",\"width\":1280,\"height\":887,\"mime-type\":\"image\\\/jpeg\"},\"full\":{\"file\":\"SHF_eb00110901-1920x1330.jpg\",\"width\":1920,\"height\":1330,\"mime-type\":\"image\\\/jpeg\"},\"1536x1536\":{\"file\":\"SHF_eb00110901-1536x1064.jpg\",\"width\":1536,\"height\":1064,\"mime-type\":\"image\\\/jpeg\"},\"original\":{\"file\":\"SHF_eb00110901.jpg\",\"width\":2048,\"height\":1419}},\"autoplay\":false},{\"id\":5,\"width\":2000,\"height\":1433,\"alt\":\"Historisches Geb&auml;ude mit klassischer Fassade und gr&uuml;nem Umfeld, im Hintergrund der Berliner Fernsehturm.\",\"title\":\"\",\"description\":\"\",\"label\":\"\",\"copyright\":\"Stiftung Humboldt Forum im Berliner Schloss \\\/ David von Becker\",\"path\":\"\\\/wp-content\\\/uploads\\\/2020\\\/11\\\/\",\"sizes\":{\"medium\":{\"file\":\"SHF_eb00102504-300x215.jpg\",\"width\":300,\"height\":215,\"mime-type\":\"image\\\/jpeg\"},\"large\":{\"file\":\"SHF_eb00102504-1024x734.jpg\",\"width\":1024,\"height\":734,\"mime-type\":\"image\\\/jpeg\"},\"thumbnail\":{\"file\":\"SHF_eb00102504-150x150.jpg\",\"width\":150,\"height\":150,\"mime-type\":\"image\\\/jpeg\"},\"medium_large\":{\"file\":\"SHF_eb00102504-768x550.jpg\",\"width\":768,\"height\":550,\"mime-type\":\"image\\\/jpeg\"},\"small\":{\"file\":\"SHF_eb00102504-440x315.jpg\",\"width\":440,\"height\":315,\"mime-type\":\"image\\\/jpeg\"},\"semi\":{\"file\":\"SHF_eb00102504-580x416.jpg\",\"width\":580,\"height\":416,\"mime-type\":\"image\\\/jpeg\"},\"mobile\":{\"file\":\"SHF_eb00102504-720x516.jpg\",\"width\":720,\"height\":516,\"mime-type\":\"image\\\/jpeg\"},\"hd\":{\"file\":\"SHF_eb00102504-1280x917.jpg\",\"width\":1280,\"height\":917,\"mime-type\":\"image\\\/jpeg\"},\"full\":{\"file\":\"SHF_eb00102504-1920x1376.jpg\",\"width\":1920,\"height\":1376,\"mime-type\":\"image\\\/jpeg\"},\"1536x1536\":{\"file\":\"SHF_eb00102504-1536x1101.jpg\",\"width\":1536,\"height\":1101,\"mime-type\":\"image\\\/jpeg\"},\"original\":{\"file\":\"SHF_eb00102504.jpg\",\"width\":2000,\"height\":1433}},\"autoplay\":false},{\"id\":6,\"width\":2000,\"height\":1351,\"alt\":\"Historisches Geb&auml;ude mit Kuppel und Statue, Berliner Fernsehturm im Hintergrund, umgeben von einem Platz.\",\"title\":\"\",\"description\":\"\",\"label\":\"\",\"copyright\":\"Stiftung Humboldt Forum im Berliner Schloss \\\/ Christoph Musiol\",\"path\":\"\\\/wp-content\\\/uploads\\\/2020\\\/12\\\/\",\"sizes\":{\"medium\":{\"file\":\"SHF_eb00104189-300x203.jpg\",\"width\":300,\"height\":203,\"mime-type\":\"image\\\/jpeg\"},\"large\":{\"file\":\"SHF_eb00104189-1024x692.jpg\",\"width\":1024,\"height\":692,\"mime-type\":\"image\\\/jpeg\"},\"thumbnail\":{\"file\":\"SHF_eb00104189-150x150.jpg\",\"width\":150,\"height\":150,\"mime-type\":\"image\\\/jpeg\"},\"medium_large\":{\"file\":\"SHF_eb00104189-768x519.jpg\",\"width\":768,\"height\":519,\"mime-type\":\"image\\\/jpeg\"},\"small\":{\"file\":\"SHF_eb00104189-440x297.jpg\",\"width\":440,\"height\":297,\"mime-type\":\"image\\\/jpeg\"},\"semi\":{\"file\":\"SHF_eb00104189-580x392.jpg\",\"width\":580,\"height\":392,\"mime-type\":\"image\\\/jpeg\"},\"mobile\":{\"file\":\"SHF_eb00104189-720x486.jpg\",\"width\":720,\"height\":486,\"mime-type\":\"image\\\/jpeg\"},\"hd\":{\"file\":\"SHF_eb00104189-1280x865.jpg\",\"width\":1280,\"height\":865,\"mime-type\":\"image\\\/jpeg\"},\"full\":{\"file\":\"SHF_eb00104189-1920x1297.jpg\",\"width\":1920,\"height\":1297,\"mime-type\":\"image\\\/jpeg\"},\"1536x1536\":{\"file\":\"SHF_eb00104189-1536x1038.jpg\",\"width\":1536,\"height\":1038,\"mime-type\":\"image\\\/jpeg\"},\"original\":{\"file\":\"SHF_eb00104189.jpg\",\"width\":2000,\"height\":1351}},\"autoplay\":false}],\n\t\t\t\"mobileImages\" : [{\"id\":0,\"width\":3338,\"height\":3339,\"alt\":\"Zwei Frauen stehen auf einer Dachterrasse und blicken auf eine st&auml;dtische Skyline mit Wolken im Hintergrund.\",\"title\":\"\",\"description\":\"\",\"label\":\"\",\"copyright\":\"Stiftung Humboldt Forum im Berliner Schloss \\\/ Foto: David von Becker\",\"path\":\"\\\/wp-content\\\/uploads\\\/2021\\\/10\\\/\",\"sizes\":{\"medium\":{\"file\":\"SHF_eb00125564_square-300x300.jpg\",\"width\":300,\"height\":300,\"mime-type\":\"image\\\/jpeg\"},\"large\":{\"file\":\"SHF_eb00125564_square-1024x1024.jpg\",\"width\":1024,\"height\":1024,\"mime-type\":\"image\\\/jpeg\"},\"thumbnail\":{\"file\":\"SHF_eb00125564_square-150x150.jpg\",\"width\":150,\"height\":150,\"mime-type\":\"image\\\/jpeg\"},\"medium_large\":{\"file\":\"SHF_eb00125564_square-768x768.jpg\",\"width\":768,\"height\":768,\"mime-type\":\"image\\\/jpeg\"},\"small\":{\"file\":\"SHF_eb00125564_square-440x440.jpg\",\"width\":440,\"height\":440,\"mime-type\":\"image\\\/jpeg\"},\"semi\":{\"file\":\"SHF_eb00125564_square-580x580.jpg\",\"width\":580,\"height\":580,\"mime-type\":\"image\\\/jpeg\"},\"mobile\":{\"file\":\"SHF_eb00125564_square-720x720.jpg\",\"width\":720,\"height\":720,\"mime-type\":\"image\\\/jpeg\"},\"hd\":{\"file\":\"SHF_eb00125564_square-1280x1280.jpg\",\"width\":1280,\"height\":1280,\"mime-type\":\"image\\\/jpeg\"},\"full\":{\"file\":\"SHF_eb00125564_square-1920x1920.jpg\",\"width\":1920,\"height\":1920,\"mime-type\":\"image\\\/jpeg\"},\"1536x1536\":{\"file\":\"SHF_eb00125564_square-1536x1536.jpg\",\"width\":1536,\"height\":1536,\"mime-type\":\"image\\\/jpeg\"},\"2048x2048\":{\"file\":\"SHF_eb00125564_square-2048x2048.jpg\",\"width\":2048,\"height\":2048,\"mime-type\":\"image\\\/jpeg\"},\"original\":{\"file\":\"SHF_eb00125564_square.jpg\",\"width\":3338,\"height\":3339}},\"autoplay\":false},{\"id\":1,\"width\":1125,\"height\":2000,\"alt\":\"Moderne Architektur neben historischer Fassade, erg&auml;nzt durch eine Stra&szlig;enlaterne und unscharfe Passanten.\",\"title\":\"\",\"description\":\"\",\"label\":\"\",\"copyright\":\"Stiftung Humboldt Forum im Berliner Schloss \\\/ Foto: Alexander Schippel\",\"path\":\"\\\/wp-content\\\/uploads\\\/2021\\\/07\\\/\",\"sizes\":{\"medium\":{\"file\":\"SHF_eb00111957_mobile-1-169x300.jpg\",\"width\":169,\"height\":300,\"mime-type\":\"image\\\/jpeg\"},\"large\":{\"file\":\"SHF_eb00111957_mobile-1-576x1024.jpg\",\"width\":576,\"height\":1024,\"mime-type\":\"image\\\/jpeg\"},\"thumbnail\":{\"file\":\"SHF_eb00111957_mobile-1-150x150.jpg\",\"width\":150,\"height\":150,\"mime-type\":\"image\\\/jpeg\"},\"medium_large\":{\"file\":\"SHF_eb00111957_mobile-1-768x1365.jpg\",\"width\":768,\"height\":1365,\"mime-type\":\"image\\\/jpeg\"},\"small\":{\"file\":\"SHF_eb00111957_mobile-1-248x440.jpg\",\"width\":248,\"height\":440,\"mime-type\":\"image\\\/jpeg\"},\"semi\":{\"file\":\"SHF_eb00111957_mobile-1-326x580.jpg\",\"width\":326,\"height\":580,\"mime-type\":\"image\\\/jpeg\"},\"mobile\":{\"file\":\"SHF_eb00111957_mobile-1-405x720.jpg\",\"width\":405,\"height\":720,\"mime-type\":\"image\\\/jpeg\"},\"hd\":{\"file\":\"SHF_eb00111957_mobile-1-720x1280.jpg\",\"width\":720,\"height\":1280,\"mime-type\":\"image\\\/jpeg\"},\"full\":{\"file\":\"SHF_eb00111957_mobile-1-1080x1920.jpg\",\"width\":1080,\"height\":1920,\"mime-type\":\"image\\\/jpeg\"},\"1536x1536\":{\"file\":\"SHF_eb00111957_mobile-1-864x1536.jpg\",\"width\":864,\"height\":1536,\"mime-type\":\"image\\\/jpeg\"},\"original\":{\"file\":\"SHF_eb00111957_mobile-1.jpg\",\"width\":1125,\"height\":2000}},\"autoplay\":false},{\"id\":2,\"width\":1125,\"height\":2000,\"alt\":\"Historisches Geb&auml;ude mit S&auml;ulen und gro&szlig;em Fenster, umgeben von einem Platz, auf dem Menschen verweilen.\",\"title\":\"\",\"description\":\"\",\"label\":\"Schl&uuml;terhof\",\"copyright\":\"Stiftung Humboldt Forum im Berliner Schloss \\\/ Foto: David von Becker\",\"path\":\"\\\/wp-content\\\/uploads\\\/2021\\\/06\\\/\",\"sizes\":{\"medium\":{\"file\":\"SHF_eb00110745_mobile-1-169x300.jpg\",\"width\":169,\"height\":300,\"mime-type\":\"image\\\/jpeg\"},\"large\":{\"file\":\"SHF_eb00110745_mobile-1-576x1024.jpg\",\"width\":576,\"height\":1024,\"mime-type\":\"image\\\/jpeg\"},\"thumbnail\":{\"file\":\"SHF_eb00110745_mobile-1-150x150.jpg\",\"width\":150,\"height\":150,\"mime-type\":\"image\\\/jpeg\"},\"medium_large\":{\"file\":\"SHF_eb00110745_mobile-1-768x1365.jpg\",\"width\":768,\"height\":1365,\"mime-type\":\"image\\\/jpeg\"},\"small\":{\"file\":\"SHF_eb00110745_mobile-1-248x440.jpg\",\"width\":248,\"height\":440,\"mime-type\":\"image\\\/jpeg\"},\"semi\":{\"file\":\"SHF_eb00110745_mobile-1-326x580.jpg\",\"width\":326,\"height\":580,\"mime-type\":\"image\\\/jpeg\"},\"mobile\":{\"file\":\"SHF_eb00110745_mobile-1-405x720.jpg\",\"width\":405,\"height\":720,\"mime-type\":\"image\\\/jpeg\"},\"hd\":{\"file\":\"SHF_eb00110745_mobile-1-720x1280.jpg\",\"width\":720,\"height\":1280,\"mime-type\":\"image\\\/jpeg\"},\"full\":{\"file\":\"SHF_eb00110745_mobile-1-1080x1920.jpg\",\"width\":1080,\"height\":1920,\"mime-type\":\"image\\\/jpeg\"},\"1536x1536\":{\"file\":\"SHF_eb00110745_mobile-1-864x1536.jpg\",\"width\":864,\"height\":1536,\"mime-type\":\"image\\\/jpeg\"},\"original\":{\"file\":\"SHF_eb00110745_mobile-1.jpg\",\"width\":1125,\"height\":2000}},\"autoplay\":false},{\"id\":3,\"width\":555,\"height\":987,\"alt\":\"Person sitzt entspannt am Ufer eines Kanals, umgeben von grauer Wand und gr&uuml;nen Pflanzen.\",\"title\":\"\",\"description\":\"\",\"label\":\"\",\"copyright\":\"Stiftung Humboldt Forum im Berliner Schloss \\\/ Foto: Alexander Schippel\",\"path\":\"\\\/wp-content\\\/uploads\\\/2021\\\/07\\\/\",\"sizes\":{\"medium\":{\"file\":\"SHF_eb00112125_mobile-1-169x300.jpg\",\"width\":169,\"height\":300,\"mime-type\":\"image\\\/jpeg\"},\"thumbnail\":{\"file\":\"SHF_eb00112125_mobile-1-150x150.jpg\",\"width\":150,\"height\":150,\"mime-type\":\"image\\\/jpeg\"},\"small\":{\"file\":\"SHF_eb00112125_mobile-1-247x440.jpg\",\"width\":247,\"height\":440,\"mime-type\":\"image\\\/jpeg\"},\"semi\":{\"file\":\"SHF_eb00112125_mobile-1-326x580.jpg\",\"width\":326,\"height\":580,\"mime-type\":\"image\\\/jpeg\"},\"mobile\":{\"file\":\"SHF_eb00112125_mobile-1-405x720.jpg\",\"width\":405,\"height\":720,\"mime-type\":\"image\\\/jpeg\"},\"original\":{\"file\":\"SHF_eb00112125_mobile-1.jpg\",\"width\":555,\"height\":987}},\"autoplay\":false},{\"id\":4,\"width\":1572,\"height\":2048,\"alt\":\"Historisches Geb&auml;ude zwischen modernen Fassaden, umgeben von Menschen an einem sonnigen Tag.\",\"title\":\"\",\"description\":\"\",\"label\":\"\",\"copyright\":\"Stiftung Humboldt Forum im Berliner Schloss \\\/ Foto: David von Becker\",\"path\":\"\\\/wp-content\\\/uploads\\\/2021\\\/06\\\/\",\"sizes\":{\"medium\":{\"file\":\"SHF_eb00110907-230x300.jpg\",\"width\":230,\"height\":300,\"mime-type\":\"image\\\/jpeg\"},\"large\":{\"file\":\"SHF_eb00110907-786x1024.jpg\",\"width\":786,\"height\":1024,\"mime-type\":\"image\\\/jpeg\"},\"thumbnail\":{\"file\":\"SHF_eb00110907-150x150.jpg\",\"width\":150,\"height\":150,\"mime-type\":\"image\\\/jpeg\"},\"medium_large\":{\"file\":\"SHF_eb00110907-768x1001.jpg\",\"width\":768,\"height\":1001,\"mime-type\":\"image\\\/jpeg\"},\"small\":{\"file\":\"SHF_eb00110907-338x440.jpg\",\"width\":338,\"height\":440,\"mime-type\":\"image\\\/jpeg\"},\"semi\":{\"file\":\"SHF_eb00110907-445x580.jpg\",\"width\":445,\"height\":580,\"mime-type\":\"image\\\/jpeg\"},\"mobile\":{\"file\":\"SHF_eb00110907-553x720.jpg\",\"width\":553,\"height\":720,\"mime-type\":\"image\\\/jpeg\"},\"hd\":{\"file\":\"SHF_eb00110907-983x1280.jpg\",\"width\":983,\"height\":1280,\"mime-type\":\"image\\\/jpeg\"},\"full\":{\"file\":\"SHF_eb00110907-1474x1920.jpg\",\"width\":1474,\"height\":1920,\"mime-type\":\"image\\\/jpeg\"},\"1536x1536\":{\"file\":\"SHF_eb00110907-1179x1536.jpg\",\"width\":1179,\"height\":1536,\"mime-type\":\"image\\\/jpeg\"},\"original\":{\"file\":\"SHF_eb00110907.jpg\",\"width\":1572,\"height\":2048}},\"autoplay\":false},{\"id\":5,\"width\":995,\"height\":1769,\"alt\":\"Berlin: Historisches Geb&auml;ude mit Fernsehturm im Hintergrund, Besucher entspannen im Freien.\",\"title\":\"\",\"description\":\"\",\"label\":\"\",\"copyright\":\"Stiftung Humboldt Forum im Berliner Schloss \\\/ Foto: Alexander Schippel\",\"path\":\"\\\/wp-content\\\/uploads\\\/2021\\\/07\\\/\",\"sizes\":{\"medium\":{\"file\":\"SHF_eb00112119-169x300.jpg\",\"width\":169,\"height\":300,\"mime-type\":\"image\\\/jpeg\"},\"large\":{\"file\":\"SHF_eb00112119-576x1024.jpg\",\"width\":576,\"height\":1024,\"mime-type\":\"image\\\/jpeg\"},\"thumbnail\":{\"file\":\"SHF_eb00112119-150x150.jpg\",\"width\":150,\"height\":150,\"mime-type\":\"image\\\/jpeg\"},\"medium_large\":{\"file\":\"SHF_eb00112119-768x1365.jpg\",\"width\":768,\"height\":1365,\"mime-type\":\"image\\\/jpeg\"},\"small\":{\"file\":\"SHF_eb00112119-247x440.jpg\",\"width\":247,\"height\":440,\"mime-type\":\"image\\\/jpeg\"},\"semi\":{\"file\":\"SHF_eb00112119-326x580.jpg\",\"width\":326,\"height\":580,\"mime-type\":\"image\\\/jpeg\"},\"mobile\":{\"file\":\"SHF_eb00112119-405x720.jpg\",\"width\":405,\"height\":720,\"mime-type\":\"image\\\/jpeg\"},\"hd\":{\"file\":\"SHF_eb00112119-720x1280.jpg\",\"width\":720,\"height\":1280,\"mime-type\":\"image\\\/jpeg\"},\"1536x1536\":{\"file\":\"SHF_eb00112119-864x1536.jpg\",\"width\":864,\"height\":1536,\"mime-type\":\"image\\\/jpeg\"},\"original\":{\"file\":\"SHF_eb00112119.jpg\",\"width\":995,\"height\":1769}},\"autoplay\":false},{\"id\":6,\"width\":1125,\"height\":2000,\"alt\":\"Historisches Geb&auml;ude mit Kuppel, Brunnen und Spazierg&auml;ngern. Sch&ouml;ner Himmel im Hintergrund.\",\"title\":\"\",\"description\":\"\",\"label\":\"\",\"copyright\":\"Stiftung Humboldt Forum im Berliner Schloss \\\/ Christoph Musiol\",\"path\":\"\\\/wp-content\\\/uploads\\\/2020\\\/12\\\/\",\"sizes\":{\"medium\":{\"file\":\"SHF_eb00104189_mobile-169x300.jpg\",\"width\":169,\"height\":300,\"mime-type\":\"image\\\/jpeg\"},\"large\":{\"file\":\"SHF_eb00104189_mobile-576x1024.jpg\",\"width\":576,\"height\":1024,\"mime-type\":\"image\\\/jpeg\"},\"thumbnail\":{\"file\":\"SHF_eb00104189_mobile-150x150.jpg\",\"width\":150,\"height\":150,\"mime-type\":\"image\\\/jpeg\"},\"medium_large\":{\"file\":\"SHF_eb00104189_mobile-768x1365.jpg\",\"width\":768,\"height\":1365,\"mime-type\":\"image\\\/jpeg\"},\"small\":{\"file\":\"SHF_eb00104189_mobile-248x440.jpg\",\"width\":248,\"height\":440,\"mime-type\":\"image\\\/jpeg\"},\"semi\":{\"file\":\"SHF_eb00104189_mobile-326x580.jpg\",\"width\":326,\"height\":580,\"mime-type\":\"image\\\/jpeg\"},\"mobile\":{\"file\":\"SHF_eb00104189_mobile-405x720.jpg\",\"width\":405,\"height\":720,\"mime-type\":\"image\\\/jpeg\"},\"hd\":{\"file\":\"SHF_eb00104189_mobile-720x1280.jpg\",\"width\":720,\"height\":1280,\"mime-type\":\"image\\\/jpeg\"},\"full\":{\"file\":\"SHF_eb00104189_mobile-1080x1920.jpg\",\"width\":1080,\"height\":1920,\"mime-type\":\"image\\\/jpeg\"},\"1536x1536\":{\"file\":\"SHF_eb00104189_mobile-864x1536.jpg\",\"width\":864,\"height\":1536,\"mime-type\":\"image\\\/jpeg\"},\"original\":{\"file\":\"SHF_eb00104189_mobile.jpg\",\"width\":1125,\"height\":2000}},\"autoplay\":false}]\t\t}\n\t<\/script>\n\n\t<swiper :options=\"swiperVideoOptions\" ref=\"swiperVideo\">\n\t\t<div class=\"swiper-slide\" :key=\"image.id\" v-for=\"image in images\">\n\t\t\t<div class=\"width-container\">\n\t\t\t\t<div class=\"wrapper\">\n\t\t\t\t\t<img :src=\"image.src\" :alt=\"image.alt\" v-if=\"image.id < 1\">\n\t\t\t\t\t<img :src=\"image.src\" :alt=\"image.alt\" v-else-if=\"firstLoaded\">\n\t\t\t\t\t<div class=\"swiper-slide-autoplay\" v-if=\"image.autoplay\" :data-autoplay=\"image.autoplay\"><\/div>\n\t\t\t\t<\/div>\n\t\t\t<\/div>\n\t\t<\/div>\n\t<\/swiper>\n<\/div>\t\t\t<div class=\"block-gallery-moderated-copy\">\n\t<swiper :options=\"swiperCopyOptions\" ref=\"swiperCopy\">\n\t\t\n\t\t\t\t<div class=\"swiper-slide swiper-slide-active\">\n\t\t\t\t\t\t\t\t\t\t\t<div class=\"block-gallery-moderated-copy-item teaser\">\n\t\t\t\t\t\t\t<div class=\"block-gallery-moderated-copy-item-wrapper\">\n\t\t\t\t\t\t\t\t\t\t\t\t\t\t\t\t<div class=\"block-gallery-moderated-copy-item-counter Metadaten\">1 \/ <span class=\"not\">7<\/span><\/div>\n\t\t\t\t\t\t\t\t\t\t\t\t\t\t\t\t<h5 class=\"uppercase headline\">Dachterrasse<\/h4>\n\t\t\t\t\t\t\t\t<p class=\"small\">Genie\u00dfen Sie einzigartige Ausblicke auf die Wahrzeichen Berlins.<\/p>\n\t\t\t\t\t\t\t\t<div class=\"block-gallery-moderated-copy-item-button\">\n\t\t\t\t\t\t\t\t\t\t<a href=\"https:\/\/www.humboldtforum.org\/de\/programm\/dauerangebot\/must-see\/dachterrasse-34092\/\" class=\"button-intern\" role=\"button\" target=\"_self\">\n\t\t<span class=\"button-label\">Mehr erfahren<\/span>\n\t<\/a>\n\t\t\t\t\t\t\t\t<\/div>\n\t\t\t\t\t\t\t<\/div>\n\t\t\t\t\t\t<\/div>\n\t\t\t\t\t\t\t\t\t<\/div>\n\t\t\t\n\t\t\t\t<div class=\"swiper-slide\">\n\t\t\t\t\t\t\t\t\t\t\t<div class=\"block-gallery-moderated-copy-item teaser\">\n\t\t\t\t\t\t\t<div class=\"block-gallery-moderated-copy-item-wrapper\">\n\t\t\t\t\t\t\t\t\t\t\t\t\t\t\t\t<div class=\"block-gallery-moderated-copy-item-counter Metadaten\">2 \/ <span class=\"not\">7<\/span><\/div>\n\t\t\t\t\t\t\t\t\t\t\t\t\t\t\t\t<h5 class=\"uppercase headline\">Ein neuer Stadtraum<\/h4>\n\t\t\t\t\t\t\t\t<p class=\"small\">Entdecken Sie neue Blickachsen rund um das Humboldt Forum.<\/p>\n\t\t\t\t\t\t\t\t<div class=\"block-gallery-moderated-copy-item-button\">\n\t\t\t\t\t\t\t\t\t\t\t\t\t\t\t\t\t<\/div>\n\t\t\t\t\t\t\t<\/div>\n\t\t\t\t\t\t<\/div>\n\t\t\t\t\t\t\t\t\t<\/div>\n\t\t\t\n\t\t\t\t<div class=\"swiper-slide\">\n\t\t\t\t\t\t\t\t\t\t\t<div class=\"block-gallery-moderated-copy-item teaser\">\n\t\t\t\t\t\t\t<div class=\"block-gallery-moderated-copy-item-wrapper\">\n\t\t\t\t\t\t\t\t\t\t\t\t\t\t\t\t<div class=\"block-gallery-moderated-copy-item-counter Metadaten\">3 \/ <span class=\"not\">7<\/span><\/div>\n\t\t\t\t\t\t\t\t\t\t\t\t\t\t\t\t<h5 class=\"uppercase headline\">Schl\u00fcterhof<\/h4>\n\t\t\t\t\t\t\t\t<p class=\"small\">Er ist der eindrucksvolle, zentrale Platz des Humboldt Forums.<\/p>\n\t\t\t\t\t\t\t\t<div class=\"block-gallery-moderated-copy-item-button\">\n\t\t\t\t\t\t\t\t\t\t\t\t\t\t\t\t\t<\/div>\n\t\t\t\t\t\t\t<\/div>\n\t\t\t\t\t\t<\/div>\n\t\t\t\t\t\t\t\t\t<\/div>\n\t\t\t\n\t\t\t\t<div class=\"swiper-slide\">\n\t\t\t\t\t\t\t\t\t\t\t<div class=\"block-gallery-moderated-copy-item teaser\">\n\t\t\t\t\t\t\t<div class=\"block-gallery-moderated-copy-item-wrapper\">\n\t\t\t\t\t\t\t\t\t\t\t\t\t\t\t\t<div class=\"block-gallery-moderated-copy-item-counter Metadaten\">4 \/ <span class=\"not\">7<\/span><\/div>\n\t\t\t\t\t\t\t\t\t\t\t\t\t\t\t\t<h5 class=\"uppercase headline\">An der Spree<\/h4>\n\t\t\t\t\t\t\t\t<p class=\"small\">Verweilen Sie auf den Spreeterrassen direkt am Flussufer.<\/p>\n\t\t\t\t\t\t\t\t<div class=\"block-gallery-moderated-copy-item-button\">\n\t\t\t\t\t\t\t\t\t\t\t\t\t\t\t\t\t<\/div>\n\t\t\t\t\t\t\t<\/div>\n\t\t\t\t\t\t<\/div>\n\t\t\t\t\t\t\t\t\t<\/div>\n\t\t\t\n\t\t\t\t<div class=\"swiper-slide\">\n\t\t\t\t\t\t\t\t\t\t\t<div class=\"block-gallery-moderated-copy-item teaser\">\n\t\t\t\t\t\t\t<div class=\"block-gallery-moderated-copy-item-wrapper\">\n\t\t\t\t\t\t\t\t\t\t\t\t\t\t\t\t<div class=\"block-gallery-moderated-copy-item-counter Metadaten\">5 \/ <span class=\"not\">7<\/span><\/div>\n\t\t\t\t\t\t\t\t\t\t\t\t\t\t\t\t<h5 class=\"uppercase headline\">Die Passage<\/h4>\n\t\t\t\t\t\t\t\t<p class=\"small\">Sie verbindet Lustgarten und Schlossplatz und architektonisch Alt und Neu.<\/p>\n\t\t\t\t\t\t\t\t<div class=\"block-gallery-moderated-copy-item-button\">\n\t\t\t\t\t\t\t\t\t\t\t\t\t\t\t\t\t<\/div>\n\t\t\t\t\t\t\t<\/div>\n\t\t\t\t\t\t<\/div>\n\t\t\t\t\t\t\t\t\t<\/div>\n\t\t\t\n\t\t\t\t<div class=\"swiper-slide\">\n\t\t\t\t\t\t\t\t\t\t\t<div class=\"block-gallery-moderated-copy-item teaser\">\n\t\t\t\t\t\t\t<div class=\"block-gallery-moderated-copy-item-wrapper\">\n\t\t\t\t\t\t\t\t\t\t\t\t\t\t\t\t<div class=\"block-gallery-moderated-copy-item-counter Metadaten\">6 \/ <span class=\"not\">7<\/span><\/div>\n\t\t\t\t\t\t\t\t\t\t\t\t\t\t\t\t<h5 class=\"uppercase headline\">Urbanes Gr\u00fcn<\/h4>\n\t\t\t\t\t\t\t\t<p class=\"small\">Die Humboldt Terrassen erweitern den Lustgarten mit einem Baumhain und 13.000 Pflanzen.<\/p>\n\t\t\t\t\t\t\t\t<div class=\"block-gallery-moderated-copy-item-button\">\n\t\t\t\t\t\t\t\t\t\t\t\t\t\t\t\t\t<\/div>\n\t\t\t\t\t\t\t<\/div>\n\t\t\t\t\t\t<\/div>\n\t\t\t\t\t\t\t\t\t<\/div>\n\t\t\t\n\t\t\t\t<div class=\"swiper-slide\">\n\t\t\t\t\t\t\t\t\t\t\t<div class=\"block-gallery-moderated-copy-item teaser\">\n\t\t\t\t\t\t\t<div class=\"block-gallery-moderated-copy-item-wrapper\">\n\t\t\t\t\t\t\t\t\t\t\t\t\t\t\t\t<div class=\"block-gallery-moderated-copy-item-counter Metadaten\">7 \/ <span class=\"not\">7<\/span><\/div>\n\t\t\t\t\t\t\t\t\t\t\t\t\t\t\t\t<h5 class=\"uppercase headline\">Eosanderportal<\/h4>\n\t\t\t\t\t\t\t\t<p class=\"small\">Der 33 Meter hohe rekonstruierte Triumphbogen ist der zuk\u00fcnftige Haupteingang zum Forum.<\/p>\n\t\t\t\t\t\t\t\t<div class=\"block-gallery-moderated-copy-item-button\">\n\t\t\t\t\t\t\t\t\t\t\t\t\t\t\t\t\t<\/div>\n\t\t\t\t\t\t\t<\/div>\n\t\t\t\t\t\t<\/div>\n\t\t\t\t\t\t\t\t\t<\/div>\n\t\t\t\t<\/swiper>\n<\/div>\n\n\t\t\t<div class=\"block-gallery-moderated-nav\">\n\t\t<div class=\"block-gallery-moderated-nav-shadow\"><\/div>\n\t<div class=\"swiper-progress-pos\" v-html=\"(currentSlide+1)\">1<\/div>\n\t<div class=\"swiper-progress-count\">7<\/div>\n\n\t<div class=\"swiper-progress\" ref=\"progress\">\n\t\t\t\t\t<div class=\"swiper-progress-item swiper-progress-item-0\" data-index=\"0\">\n\t\t\t\t<div class=\"swiper-progress-item-progress\"><\/div>\n\t\t\t<\/div>\n\t\t\t\t\t<div class=\"swiper-progress-item swiper-progress-item-1\" data-index=\"1\">\n\t\t\t\t<div class=\"swiper-progress-item-progress\"><\/div>\n\t\t\t<\/div>\n\t\t\t\t\t<div class=\"swiper-progress-item swiper-progress-item-2\" data-index=\"2\">\n\t\t\t\t<div class=\"swiper-progress-item-progress\"><\/div>\n\t\t\t<\/div>\n\t\t\t\t\t<div class=\"swiper-progress-item swiper-progress-item-3\" data-index=\"3\">\n\t\t\t\t<div class=\"swiper-progress-item-progress\"><\/div>\n\t\t\t<\/div>\n\t\t\t\t\t<div class=\"swiper-progress-item swiper-progress-item-4\" data-index=\"4\">\n\t\t\t\t<div class=\"swiper-progress-item-progress\"><\/div>\n\t\t\t<\/div>\n\t\t\t\t\t<div class=\"swiper-progress-item swiper-progress-item-5\" data-index=\"5\">\n\t\t\t\t<div class=\"swiper-progress-item-progress\"><\/div>\n\t\t\t<\/div>\n\t\t\t\t\t<div class=\"swiper-progress-item swiper-progress-item-6\" data-index=\"6\">\n\t\t\t\t<div class=\"swiper-progress-item-progress\"><\/div>\n\t\t\t<\/div>\n\t\t\t<\/div>\n\n\t<button class=\"icon-background-white swiper-button-prev  swiper-button-disabled\" slot=\"button-prev\" @click=\"prevVideo\" aria-label=\"Vorheriges Bild\">\n\t\t<span class=\"icon-arrow-rechts\"><\/span>\n\t<\/button>\n\n\t<button class=\"icon-background-white swiper-button-next\" slot=\"button-next\" @click=\"nextVideo\" aria-label=\"N\u00e4chstes Bild\">\n\t\t<span class=\"icon-arrow-rechts\"><\/span>\n\t<\/button>\n\n\n\t<button class=\"swiper-toggle-btn icon-background icon-play\" @click=\"toggle\" v-if=\"!isPlaying\" aria-label=\"Abspielen\"><\/button>\n\t<button class=\"swiper-toggle-btn icon-background icon-pause\" @click=\"toggle\" v-if=\"isPlaying\" aria-label=\"Pause\"><\/button>\n\t<\/div>\t\t<\/div>\n\t<\/block-gallery-moderated>\n<\/section>\n\n<section class=\"block block-lazy-media-info\">\n\t<div class=\"container-fluid\">\n\t\t<div class=\"row end-xs\">\n\t\t\t<div class=\"col-xs-12\">\n\t\t\t\t<lazy-media-info-as-block inline-template>\n\t\t\t\t\t<div class=\"lazy-media-info\" aria-expanded=\"false\" :aria-expanded=\"isOpen ? 'true' : 'false'\">\n\t\t\t\t\t\t<button class=\"lazy-media-info-head button-tiny\" :class=\"{'button-active': isOpen}\" @click=\"toggle\" ref=\"head\"><span class=\"button-label insignificant\">Bildinfo<\/span><\/button>\n\t\t\t\t\t\t<figcaption class=\"lazy-media-info-body\" ref=\"body\">\n\t\t\t\t\t\t\t\n\t\t\t\t\t\t\t<div class=\"lazy-media-info-body-content\">\n\t\t\t\t\t\t\t\t<div><strong>Bild 1:<\/strong><\/div>\n\t\t\t\t\t\t\t\t\t\t\t\t\t\t\t\t\t\t\t\t\t\t\t\t\t<div class=\"insignificant\">\u00a9 Stiftung Humboldt Forum im Berliner Schloss \/ Foto: David von Becker<\/div>\n\t\t\t\t\t\t\t\t\t\t\t\t\t\t\t<\/div>\n\t\t\t\t\t\t\t\n\t\t\t\t\t\t\t<div class=\"lazy-media-info-body-content\">\n\t\t\t\t\t\t\t\t<div><strong>Bild 2:<\/strong><\/div>\n\t\t\t\t\t\t\t\t\t\t\t\t\t\t\t\t\t\t\t\t\t\t\t\t\t<div class=\"insignificant\">\u00a9 Stiftung Humboldt Forum im Berliner Schloss \/ Foto: Alexander Schippel<\/div>\n\t\t\t\t\t\t\t\t\t\t\t\t\t\t\t<\/div>\n\t\t\t\t\t\t\t\n\t\t\t\t\t\t\t<div class=\"lazy-media-info-body-content\">\n\t\t\t\t\t\t\t\t<div><strong>Bild 3:<\/strong><\/div>\n\t\t\t\t\t\t\t\t\t\t\t\t\t\t\t\t\t<div>Schl&uuml;terhof<\/div>\n\t\t\t\t\t\t\t\t\t\t\t\t\t\t\t\t\t\t\t\t\t\t\t\t\t<div class=\"insignificant\">\u00a9 Stiftung Humboldt Forum im Berliner Schloss \/ Foto: David von Becker<\/div>\n\t\t\t\t\t\t\t\t\t\t\t\t\t\t\t<\/div>\n\t\t\t\t\t\t\t\n\t\t\t\t\t\t\t<div class=\"lazy-media-info-body-content\">\n\t\t\t\t\t\t\t\t<div><strong>Bild 4:<\/strong><\/div>\n\t\t\t\t\t\t\t\t\t\t\t\t\t\t\t\t\t\t\t\t\t\t\t\t\t<div class=\"insignificant\">\u00a9 Stiftung Humboldt Forum im Berliner Schloss \/ Foto: Alexander Schippel<\/div>\n\t\t\t\t\t\t\t\t\t\t\t\t\t\t\t<\/div>\n\t\t\t\t\t\t\t\n\t\t\t\t\t\t\t<div class=\"lazy-media-info-body-content\">\n\t\t\t\t\t\t\t\t<div><strong>Bild 5:<\/strong><\/div>\n\t\t\t\t\t\t\t\t\t\t\t\t\t\t\t\t\t\t\t\t\t\t\t\t\t<div class=\"insignificant\">\u00a9 Stiftung Humboldt Forum im Berliner Schloss \/ Foto: David von Becker<\/div>\n\t\t\t\t\t\t\t\t\t\t\t\t\t\t\t<\/div>\n\t\t\t\t\t\t\t\n\t\t\t\t\t\t\t<div class=\"lazy-media-info-body-content\">\n\t\t\t\t\t\t\t\t<div><strong>Bild 6:<\/strong><\/div>\n\t\t\t\t\t\t\t\t\t\t\t\t\t\t\t\t\t\t\t\t\t\t\t\t\t<div class=\"insignificant\">\u00a9 Stiftung Humboldt Forum im Berliner Schloss \/ David von Becker<\/div>\n\t\t\t\t\t\t\t\t\t\t\t\t\t\t\t<\/div>\n\t\t\t\t\t\t\t\n\t\t\t\t\t\t\t<div class=\"lazy-media-info-body-content\">\n\t\t\t\t\t\t\t\t<div><strong>Bild 7:<\/strong><\/div>\n\t\t\t\t\t\t\t\t\t\t\t\t\t\t\t\t\t\t\t\t\t\t\t\t\t<div class=\"insignificant\">\u00a9 Stiftung Humboldt Forum im Berliner Schloss \/ Christoph Musiol<\/div>\n\t\t\t\t\t\t\t\t\t\t\t\t\t\t\t<\/div>\n\t\t\t\t\t\t\t\t\t\t\t\t\t<\/figcaption>\n\t\t\t\t\t\t<div class=\"lazy-media-info-head-border\"><\/div>\n\t\t\t\t\t<\/div>\n\t\t\t\t<\/lazy-media-info-as-block>\n\t\t\t<\/div>\n\t\t<\/div>\n\t<\/div>\n<\/section>\n\n","protected":false},"excerpt":{"rendered":"<p>Ein neues St\u00fcck Berlin \u2013 Das Humboldt Forum ist ein Ort f\u00fcr Kultur und Wissenschaft, f\u00fcr Austausch und Debatten.<\/p>\n","protected":false},"author":30,"featured_media":26908,"parent":0,"menu_order":0,"comment_status":"closed","ping_status":"closed","template":"","meta":{"_acf_changed":false,"footnotes":""},"class_list":["post-13805","page","type-page","status-publish","has-post-thumbnail","hentry"],"acf":[],"_links":{"self":[{"href":"https:\/\/www.humboldtforum.org\/de\/wp-json\/wp\/v2\/pages\/13805","targetHints":{"allow":["GET"]}}],"collection":[{"href":"https:\/\/www.humboldtforum.org\/de\/wp-json\/wp\/v2\/pages"}],"about":[{"href":"https:\/\/www.humboldtforum.org\/de\/wp-json\/wp\/v2\/types\/page"}],"author":[{"embeddable":true,"href":"https:\/\/www.humboldtforum.org\/de\/wp-json\/wp\/v2\/users\/30"}],"replies":[{"embeddable":true,"href":"https:\/\/www.humboldtforum.org\/de\/wp-json\/wp\/v2\/comments?post=13805"}],"version-history":[{"count":12,"href":"https:\/\/www.humboldtforum.org\/de\/wp-json\/wp\/v2\/pages\/13805\/revisions"}],"predecessor-version":[{"id":170367,"href":"https:\/\/www.humboldtforum.org\/de\/wp-json\/wp\/v2\/pages\/13805\/revisions\/170367"}],"wp:featuredmedia":[{"embeddable":true,"href":"https:\/\/www.humboldtforum.org\/de\/wp-json\/wp\/v2\/media\/26908"}],"wp:attachment":[{"href":"https:\/\/www.humboldtforum.org\/de\/wp-json\/wp\/v2\/media?parent=13805"}],"curies":[{"name":"wp","href":"https:\/\/api.w.org\/{rel}","templated":true}]}}