{"id":148806,"date":"2025-07-03T16:48:42","date_gmt":"2025-07-03T14:48:42","guid":{"rendered":"https:\/\/www.humboldtforum.org\/?page_id=148806"},"modified":"2025-08-11T16:20:01","modified_gmt":"2025-08-11T14:20:01","slug":"beziehungsweise-familie","status":"publish","type":"page","link":"https:\/\/www.humboldtforum.org\/de\/beziehungsweise-familie\/","title":{"rendered":"Beziehungsweise Familie"},"content":{"rendered":"<section class=\"block block-header-headline\" >\n    <div class=\"container-fluid\">\n        <div class=\"row\">\n\t\t\t\n                            <div class=\"col-xs-12 col-md-offset-2 col-md-8\">\n                    <div class=\"box\">\n                        <h1>Beziehungsweise Familie<\/h1>\n                    <\/div>\n                <\/div>\n                    <\/div>\n    <\/div>\n<\/section>\n\n\n\n\n<section class=\"block block-header\" >\n\t<block-header inline-template>\n\t\t<figure role=\"group\" aria-labelledby=\"desc_m_69f2455f93d09\">\n\n\t\t\t<script type=\"application\/json\" ref=\"data\">\n\t\t\t\t{\n\t\t\t\t\"sizes_d\" : {\"medium\":{\"file\":\"SHF_eb00247707_sw-300x191.jpg\",\"width\":300,\"height\":191,\"mime-type\":\"image\\\/jpeg\",\"filesize\":17743},\"large\":{\"file\":\"SHF_eb00247707_sw-1024x653.jpg\",\"width\":1024,\"height\":653,\"mime-type\":\"image\\\/jpeg\",\"filesize\":158665},\"thumbnail\":{\"file\":\"SHF_eb00247707_sw-150x150.jpg\",\"width\":150,\"height\":150,\"mime-type\":\"image\\\/jpeg\",\"filesize\":7827},\"medium_large\":{\"file\":\"SHF_eb00247707_sw-768x490.jpg\",\"width\":768,\"height\":490,\"mime-type\":\"image\\\/jpeg\",\"filesize\":94451},\"small\":{\"file\":\"SHF_eb00247707_sw-440x281.jpg\",\"width\":440,\"height\":281,\"mime-type\":\"image\\\/jpeg\",\"filesize\":35261},\"semi\":{\"file\":\"SHF_eb00247707_sw-580x370.jpg\",\"width\":580,\"height\":370,\"mime-type\":\"image\\\/jpeg\",\"filesize\":57669},\"mobile\":{\"file\":\"SHF_eb00247707_sw-720x459.jpg\",\"width\":720,\"height\":459,\"mime-type\":\"image\\\/jpeg\",\"filesize\":84154},\"hd\":{\"file\":\"SHF_eb00247707_sw-1280x816.jpg\",\"width\":1280,\"height\":816,\"mime-type\":\"image\\\/jpeg\",\"filesize\":236086},\"full\":{\"file\":\"SHF_eb00247707_sw-1920x1224.jpg\",\"width\":1920,\"height\":1224,\"mime-type\":\"image\\\/jpeg\",\"filesize\":484412},\"1536x1536\":{\"file\":\"SHF_eb00247707_sw-1536x979.jpg\",\"width\":1536,\"height\":979,\"mime-type\":\"image\\\/jpeg\",\"filesize\":328587},\"original\":{\"file\":\"SHF_eb00247707_sw.jpg\",\"width\":2000,\"height\":1275}},\n\t\t\t\t\"alt_d\" : \"Ein kleines blondes M\\u00e4dchen schiebt einen Puppenwagen im Garten. Schwarz-Wei\\u00df-Foto.\",\n\t\t\t\t\"path_d\" : \"\\\/wp-content\\\/uploads\\\/2025\\\/07\\\/\",\n\t\t\t\t\"autoplay_d\" : null,\n\t\t\t\t\"crop_d\" : {\"top\":\"20.84\",\"left\":\"56.00\"},\n\t\t\t\t\"background_d\" : true,\n\t\t\t\t\"scale_d\" : 2,\n\n\t\t\t\t\"sizes_m\" : [],\n\t\t\t\t\"alt_m\" : null,\n\t\t\t\t\"path_m\" : null,\n\t\t\t\t\"autoplay_m\" : null,\n\t\t\t\t\"crop_m\" : null,\n\t\t\t\t\"background_m\" : true,\n\t\t\t\t\"scale_m\" : 1,\n\n\t\t\t\t\"has_mobile_format\" : false,\n\t\t\t\t\"has_ad\" : false,\n\t\t\t\t\"audio_description_yt\" : null\t\t\t\t}\n\t\t\t<\/script>\n\t\t\t<div class=\"height-container\" style=\"padding-bottom:63.75%;\" v-if=\"sizes\" data-motion-parallax='{\"child\":\".image-wrapper\",\"mask\":\".lazy-media\",\"tween\":{\"yPercent\": [-15,15]}}'>\n\t\t\t\t<lazy-media :inline=\"true\" :scale=\"scale\" :alt=\"alt\" :sizes=\"sizes\" :brightness=\"brightness\" :path=\"path\" :video=\"video\" :autoplay=\"autoplay\" :youtube=\"youtube\" :crop=\"crop\" :youtubelabel=\"youtubelabel\" :background=\"background\" media-id=\"desc_m_69f2455f93d09\"><\/lazy-media>\n\t\t\t\t<button class=\"autoplay-audio-description-btn icon-background icon-audio-describtions\" @click=\"audioDescriptionPlay\" v-if=\"hasAudioDescription\" aria-label=\"Audiodeskription aufrufen\"><\/button>\n\t\t\t<\/div>\n\t\t\t\t\t\t<div class=\"lazy-media-info-container-fluid\">\n\t\t\t\t<div class=\"lazy-media-info-row end-xs\">\n\t\t\t\t\t<div class=\"lazy-media-info-col\">\n\t\t\t\t\t\t<div class=\"lazy-media-info\" aria-expanded=\"false\" :aria-expanded=\"isOpen ? 'true' : 'false'\">\n\t\t\t\t\t\t\t<button class=\"lazy-media-info-head button-tiny insignificant\" :class=\"{'button-active': isOpen}\" @click=\"toggle\" ref=\"head\"><span class=\"button-label insignificant\">Bildinfo<\/span><\/button>\n\t\t\t\t\t\t\t<figcaption class=\"lazy-media-info-body\" ref=\"body\" id=\"desc_m_69f2455f93d09\">\n\t\t\t\t\t\t\t\t<div class=\"lazy-media-info-body-content\">\n\t\t\t\t\t\t\t\t\t\t\t\t\t\t\t\t\t\t\t\t\t\t\t\t\t\t\t<div class=\"insignificant\">\u00a9 Unsplash \/ Alex Johnstone<\/div>\t\t\t\t\t\t\t\t<\/div>\n\t\t\t\t\t\t\t<\/figcaption>\n\t\t\t\t\t\t\t<div class=\"lazy-media-info-head-border\"><\/div>\n\t\t\t\t\t\t<\/div>\n\t\t\t\t\t<\/div>\n\t\t\t\t<\/div>\n\t\t\t<\/div>\n\t\t\t\t\t<\/figure>\n\t<\/block-header>\n<\/section>\n\n<section class=\"block block-headline block-no-margin \" >\n\t<div class=\"container-fluid\">\n\t\t<div class=\"row\">\n\t\t\t\t\t\t\t<div class=\"col-xs-12 col-md-offset-2 col-md-8\">\n\t\t\t\t\t<div class=\"box\">\n\t\t\t\t\t\t<h2 class=\".h2\">Machen Sie mit!<\/h2>\n\t\t\t\t\t<\/div>\n\t\t\t\t<\/div>\n\t\t\t\t\t<\/div>\n\t<\/div>\n<\/section>\n\n\n\n\n<section class=\"block block-copy\" >\n    <div class=\"container-fluid\">\n\t\t<div class=\"row \">\n            <div class=\"col-xs-12 col-md-offset-2 col-md-8\">\n                <div class=\"box\">\n                    <div class=\"copy\"><h3 class=\"p1\">Das Humboldt Forum widmet 2025 dem Thema \u201eBeziehungsweise Familie\u201c und ruft zur Beteiligung an einer Ausstellungsstation auf.<\/h3>\n<p class=\"p1\">Ab Herbst 2025 widmet sich das Humboldt Forum einem Thema, das wohl niemanden kalt l\u00e4sst: Familie und Verwandtschaft. Sie kann Geborgenheit und Zugeh\u00f6rigkeit \u00ad bedeuten, wie auch Konflikt und Belastung \u2013 und meistens alles zugleich. Das Humboldt Forum l\u00e4dt herzlich dazu ein, Ihre ganz\u00a0pers\u00f6nlichen Familienerfahrungen zu teilen.<\/p>\n<h4 class=\"p1\">Was suchen wir?<\/h4>\n<p class=\"p1\">Das Humboldt Forum sucht Ihren \u00ad erinnerten Schl\u00fcssel\u00admoment: Ein Foto mit einer Geschichte, die eine besondere Situation festh\u00e4lt. Dieses Ereignis war Ausl\u00f6ser oder Startpunkt f\u00fcr eine Ver\u00e4nderung Ihrer Rolle innerhalb der Familie. Es kann ein kurzer Augenblick sein, der sich besonders ein\u00ad gepr\u00e4gt hat, ein packendes oder auch ersch\u00fctterndes Erlebnis, ein typisches Ritual oder eine unerwartete Erfahrung. In jedem Fall hat sich dadurch das eigene Verh\u00e4ltnis zu den anderen Familien- und Verwandtschaftsmitgliedern gewandelt. Diesen pers\u00f6nlich erfahrenen \u00dcbergangsmoment oder aber ein Erinnerungsst\u00fcck daran haben Sie im Foto festgehalten und k\u00f6nnen die dazugeh\u00f6rige Geschichte mit uns teilen.<\/p>\n<\/div>\n                <\/div>\n            <\/div>\n\t\t<\/div>\n\t\t    <\/div>\n<\/section>\n\n<section class=\"block block-header\" >\n\t<block-header inline-template>\n\t\t<figure role=\"group\" aria-labelledby=\"desc_m_69f2455f96d77\">\n\n\t\t\t<script type=\"application\/json\" ref=\"data\">\n\t\t\t\t{\n\t\t\t\t\"sizes_d\" : {\"medium\":{\"file\":\"SHF_eb00249765-300x200.jpg\",\"width\":300,\"height\":200,\"mime-type\":\"image\\\/jpeg\",\"filesize\":14531},\"large\":{\"file\":\"SHF_eb00249765-1024x682.jpg\",\"width\":1024,\"height\":682,\"mime-type\":\"image\\\/jpeg\",\"filesize\":121356},\"thumbnail\":{\"file\":\"SHF_eb00249765-150x150.jpg\",\"width\":150,\"height\":150,\"mime-type\":\"image\\\/jpeg\",\"filesize\":6340},\"medium_large\":{\"file\":\"SHF_eb00249765-768x511.jpg\",\"width\":768,\"height\":511,\"mime-type\":\"image\\\/jpeg\",\"filesize\":73822},\"small\":{\"file\":\"SHF_eb00249765-440x293.jpg\",\"width\":440,\"height\":293,\"mime-type\":\"image\\\/jpeg\",\"filesize\":28579},\"semi\":{\"file\":\"SHF_eb00249765-580x386.jpg\",\"width\":580,\"height\":386,\"mime-type\":\"image\\\/jpeg\",\"filesize\":46481},\"mobile\":{\"file\":\"SHF_eb00249765-720x480.jpg\",\"width\":720,\"height\":480,\"mime-type\":\"image\\\/jpeg\",\"filesize\":66230},\"hd\":{\"file\":\"SHF_eb00249765-1280x852.jpg\",\"width\":1280,\"height\":852,\"mime-type\":\"image\\\/jpeg\",\"filesize\":177427},\"full\":{\"file\":\"SHF_eb00249765-1920x1279.jpg\",\"width\":1920,\"height\":1279,\"mime-type\":\"image\\\/jpeg\",\"filesize\":352261},\"1536x1536\":{\"file\":\"SHF_eb00249765-1536x1023.jpg\",\"width\":1536,\"height\":1023,\"mime-type\":\"image\\\/jpeg\",\"filesize\":240802},\"2048x2048\":{\"file\":\"SHF_eb00249765-2048x1364.jpg\",\"width\":2048,\"height\":1364,\"mime-type\":\"image\\\/jpeg\",\"filesize\":394198},\"original\":{\"file\":\"SHF_eb00249765.jpg\",\"width\":2500,\"height\":1665}},\n\t\t\t\t\"alt_d\" : \"Zwei M\\u00e4dchen am Wasser: eines f\\u00e4hrt Rad, das andere l\\u00e4uft nebenher. Helle Farben und bew\\u00f6lkter Himmel.\",\n\t\t\t\t\"path_d\" : \"\\\/wp-content\\\/uploads\\\/2025\\\/07\\\/\",\n\t\t\t\t\"autoplay_d\" : null,\n\t\t\t\t\"crop_d\" : {\"top\":\"50.00\",\"left\":\"50.00\"},\n\t\t\t\t\"background_d\" : true,\n\t\t\t\t\"scale_d\" : 2,\n\n\t\t\t\t\"sizes_m\" : [],\n\t\t\t\t\"alt_m\" : null,\n\t\t\t\t\"path_m\" : null,\n\t\t\t\t\"autoplay_m\" : null,\n\t\t\t\t\"crop_m\" : null,\n\t\t\t\t\"background_m\" : true,\n\t\t\t\t\"scale_m\" : 1,\n\n\t\t\t\t\"has_mobile_format\" : false,\n\t\t\t\t\"has_ad\" : false,\n\t\t\t\t\"audio_description_yt\" : null\t\t\t\t}\n\t\t\t<\/script>\n\t\t\t<div class=\"height-container\" style=\"padding-bottom:66.6%;\" v-if=\"sizes\" data-motion-parallax='{\"child\":\".image-wrapper\",\"mask\":\".lazy-media\",\"tween\":{\"yPercent\": [-15,15]}}'>\n\t\t\t\t<lazy-media :inline=\"true\" :scale=\"scale\" :alt=\"alt\" :sizes=\"sizes\" :brightness=\"brightness\" :path=\"path\" :video=\"video\" :autoplay=\"autoplay\" :youtube=\"youtube\" :crop=\"crop\" :youtubelabel=\"youtubelabel\" :background=\"background\" media-id=\"desc_m_69f2455f96d77\"><\/lazy-media>\n\t\t\t\t<button class=\"autoplay-audio-description-btn icon-background icon-audio-describtions\" @click=\"audioDescriptionPlay\" v-if=\"hasAudioDescription\" aria-label=\"Audiodeskription aufrufen\"><\/button>\n\t\t\t<\/div>\n\t\t\t\t\t\t<div class=\"lazy-media-info-container-fluid\">\n\t\t\t\t<div class=\"lazy-media-info-row end-xs\">\n\t\t\t\t\t<div class=\"lazy-media-info-col\">\n\t\t\t\t\t\t<div class=\"lazy-media-info\" aria-expanded=\"false\" :aria-expanded=\"isOpen ? 'true' : 'false'\">\n\t\t\t\t\t\t\t<button class=\"lazy-media-info-head button-tiny insignificant\" :class=\"{'button-active': isOpen}\" @click=\"toggle\" ref=\"head\"><span class=\"button-label insignificant\">Bildinfo<\/span><\/button>\n\t\t\t\t\t\t\t<figcaption class=\"lazy-media-info-body\" ref=\"body\" id=\"desc_m_69f2455f96d77\">\n\t\t\t\t\t\t\t\t<div class=\"lazy-media-info-body-content\">\n\t\t\t\t\t\t\t\t\t<div>Mutter lehrt ihren Sohn das Fahrradfahren<\/div>\t\t\t\t\t\t\t\t\t\t\t\t\t\t\t\t\t\t<div class=\"insignificant\">\u00a9 iStockphoto \/ atlantic-kid<\/div>\t\t\t\t\t\t\t\t<\/div>\n\t\t\t\t\t\t\t<\/figcaption>\n\t\t\t\t\t\t\t<div class=\"lazy-media-info-head-border\"><\/div>\n\t\t\t\t\t\t<\/div>\n\t\t\t\t\t<\/div>\n\t\t\t\t<\/div>\n\t\t\t<\/div>\n\t\t\t\t\t<\/figure>\n\t<\/block-header>\n<\/section>\n\n<section class=\"block block-copy\" >\n    <div class=\"container-fluid\">\n\t\t<div class=\"row \">\n            <div class=\"col-xs-12 col-md-offset-2 col-md-8\">\n                <div class=\"box\">\n                    <div class=\"copy\"><h4 class=\"p1\">Wie k\u00f6nnen Sie sich beteiligen?<\/h4>\n<p class=\"p1\">Die Vielzahl an pers\u00f6nlichen Erfahrungsmomenten wird Thema einer Ausstellungsstation im Humboldt Forum. Hier sollen sie ihren Platz finden. Ihr Foto in Begleitung einer kurzen Geschichte wird Teil davon sein. Die Geschichte sollte die Bedeutung dieses Moments beschreiben. Erz\u00e4hlen Sie uns von den Menschen oder Gegenst\u00e4nden auf dem Bild, warum dieser festgehaltene Moment, Ort oder das Objekt f\u00fcr Sie besonders ist und was er f\u00fcr Sie und Ihre Familie bedeutet. Es geht dabei nicht um das perfekte Foto. Es kann der Schnappschuss sein, mit dem sich Geschichten und Emotionen verbinden und den Sie in der Ausstellung mit anderen teilen m\u00f6chten.<\/p>\n<p class=\"p1\">Beispiele k\u00f6nnten sein: das erste eigene \u00ad Fahrrad ohne St\u00fctzr\u00e4der und eine Geschichte dazu, die das Gef\u00fchl beschreibt, schneller zu sein als der mitlaufend unterst\u00fctzende Onkel; die T\u00fcr zur ersten eigenen Wohnung\/zum WG-Zimmer und die Beschreibung des Moments, in dem die neue Selbstst\u00e4ndigkeit bewusst geworden ist; die erste heimlich gerauchte Zigarette und eine Geschichte, wie sie geschmeckt hat; die \u00ad Stra\u00dfenecke, an der Sie Ihren ersten Zahn verloren haben; das Familienfoto auf den Stufen der \u00ad Kirche anl\u00e4sslich der \u00ad Konfirmation und eine Geschichte dazu, was danach passierte etc.<\/p>\n<\/div>\n                <\/div>\n            <\/div>\n\t\t<\/div>\n\t\t    <\/div>\n<\/section>\n\n<section class=\"block block-standard-two-images \">\n\t<div class=\"container-fluid\">\n\t\t<div class=\"row\">\n\t\t\t<div class=\"col-xs-12 col-md-4\">\n\t\t\t\t<div class=\"box first-image\" data-motion-parallax='{\"child\":\".image-wrapper\",\"mask\":\".lazy-media\",\"tween\":{\"yPercent\": [-20,20]}}'>\n\t\t\t\t\t\n\t<lazy-media-inline inline-template>\n\t\t<figure itemscope itemtype=\"http:\/\/schema.org\/ImageObject\" class=\"lazy-media-inline \" role=\"group\" id=\"media_69f2455f9a6dc\" aria-labelledby=\"desc_media_69f2455f9a6dc\">\n\t\t\t<script type=\"application\/json\" ref=\"data\">\n\t\t\t\t{\n\t\t\t\t\"sizes\" : {\"medium\":{\"file\":\"SHF_eb00247706_sw-300x212.jpg\",\"width\":300,\"height\":212,\"mime-type\":\"image\\\/jpeg\",\"filesize\":17367},\"large\":{\"file\":\"SHF_eb00247706_sw-1024x722.jpg\",\"width\":1024,\"height\":722,\"mime-type\":\"image\\\/jpeg\",\"filesize\":111139},\"thumbnail\":{\"file\":\"SHF_eb00247706_sw-150x150.jpg\",\"width\":150,\"height\":150,\"mime-type\":\"image\\\/jpeg\",\"filesize\":7797},\"medium_large\":{\"file\":\"SHF_eb00247706_sw-768x542.jpg\",\"width\":768,\"height\":542,\"mime-type\":\"image\\\/jpeg\",\"filesize\":72342},\"small\":{\"file\":\"SHF_eb00247706_sw-440x310.jpg\",\"width\":440,\"height\":310,\"mime-type\":\"image\\\/jpeg\",\"filesize\":31370},\"semi\":{\"file\":\"SHF_eb00247706_sw-580x409.jpg\",\"width\":580,\"height\":409,\"mime-type\":\"image\\\/jpeg\",\"filesize\":48067},\"mobile\":{\"file\":\"SHF_eb00247706_sw-720x508.jpg\",\"width\":720,\"height\":508,\"mime-type\":\"image\\\/jpeg\",\"filesize\":66037},\"hd\":{\"file\":\"SHF_eb00247706_sw-1280x903.jpg\",\"width\":1280,\"height\":903,\"mime-type\":\"image\\\/jpeg\",\"filesize\":153846},\"full\":{\"file\":\"SHF_eb00247706_sw-1920x1355.jpg\",\"width\":1920,\"height\":1355,\"mime-type\":\"image\\\/jpeg\",\"filesize\":288790},\"1536x1536\":{\"file\":\"SHF_eb00247706_sw-1536x1084.jpg\",\"width\":1536,\"height\":1084,\"mime-type\":\"image\\\/jpeg\",\"filesize\":203278},\"original\":{\"file\":\"SHF_eb00247706_sw.jpg\",\"width\":2000,\"height\":1411}},\n\t\t\t\t\"alt\" : \"Familie versammelt sich um einen gedeckten Tisch in einem nostalgischen Esszimmer mit Tapete und M\\u00f6beln aus fr\\u00fcherer Zeit.\",\n\t\t\t\t\"path\" : \"\\\/wp-content\\\/uploads\\\/2025\\\/07\\\/\",\n\t\t\t\t\"video\" : null,\n\t\t\t\t\"autoplay\" : null,\n\t\t\t\t\"youtube\" : null,\n\t\t\t\t\"youtubelabel\" : \"Video abspielen\",\n\t\t\t\t\"brightness\" : 100,\n\t\t\t\t\"crop\" : null,\n\t\t\t\t\"background\" : false,\n\t\t\t\t\"scale\" : 1\t\t\t\t}\n\t\t\t<\/script>\n\n\t\t\t<div class=\"height-container\" style=\"padding-bottom:70.55%;\" v-if=\"sizes\">\n\t\t\t\t\t\t\t\t<lazy-media :inline=\"true\" :alt=\"alt\" :sizes=\"sizes\" :scale=\"scale\" :brightness=\"brightness\" :path=\"path\" :video=\"video\" :autoplay=\"autoplay\" :youtube=\"youtube\" :crop=\"crop\" :youtubelabel=\"youtubelabel\" :background=\"background\" media-id=\"desc_media_69f2455f9a6dc\"><\/lazy-media>\n\t\t\t\t\t\t\t<\/div>\n\n\t\t\t\t\t\t\t<div class=\"lazy-media-info-container-fluid\">\n\t\t\t\t<div class=\"lazy-media-info-row end-xs\">\n\t\t\t\t\t<div class=\"lazy-media-info-col\">\n\t\t\t\t\t\t<div class=\"lazy-media-info\" aria-expanded=\"false\" :aria-expanded=\"isOpen ? 'true' : 'false'\">\n\t\t\t\t\t\t\t<button class=\"lazy-media-info-head button-tiny\" :class=\"{'button-active': isOpen}\" @click=\"toggle\" ref=\"head\"><span class=\"button-label insignificant\">Bildinfo<\/span><\/button>\n\t\t\t\t\t\t\t<figcaption class=\"lazy-media-info-body\" ref=\"body\" id=\"desc_media_69f2455f9a6dc\">\n\t\t\t\t\t\t\t\t<div class=\"lazy-media-info-body-content\">\n\t\t\t\t\t\t\t\t\t\t\t\t\t\t\t\t\t\t\t\t\t\t\t\t\t\t\t\t\t\t\t\t\t\t\t\t\t<div class=\"insignificant\">\u00a9 Unsplash \/ Annie Spratt<\/div>\n\t\t\t\t\t\t\t\t\t\t\t\t\t\t\t\t\t<\/div>\n\t\t\t\t\t\t\t<\/figcaption>\n\t\t\t\t\t\t\t<div class=\"lazy-media-info-head-border\"><\/div>\n\t\t\t\t\t\t<\/div>\n\t\t\t\t\t<\/div>\n\t\t\t\t<\/div>\n\t\t\t<\/div>\n\t\t\t\t\t\t\t\t\t<\/figure>\n\t<\/lazy-media-inline>\n\t\t\t\t<\/div>\n\t\t\t\t<div class=\"copy\">\n\t\t\t\t\t<p class=\"Moderation\"><\/p>\n\t\t\t\t<\/div>\n\t\t\t<\/div>\n\t\t\t<div class=\"col-xs-12 col-md-8 second-image\" data-motion-parallax='{\"child\":\".image-wrapper\",\"mask\":\".lazy-media\",\"tween\":{\"yPercent\": [-15,15]}}'>\n\t\t\t\t\n\t<lazy-media-inline inline-template>\n\t\t<figure itemscope itemtype=\"http:\/\/schema.org\/ImageObject\" class=\"lazy-media-inline \" role=\"group\" id=\"media_69f2455f9a817\" aria-labelledby=\"desc_media_69f2455f9a817\">\n\t\t\t<script type=\"application\/json\" ref=\"data\">\n\t\t\t\t{\n\t\t\t\t\"sizes\" : {\"medium\":{\"file\":\"SHF_eb00249766-300x194.jpg\",\"width\":300,\"height\":194,\"mime-type\":\"image\\\/jpeg\",\"filesize\":12463},\"large\":{\"file\":\"SHF_eb00249766-1024x664.jpg\",\"width\":1024,\"height\":664,\"mime-type\":\"image\\\/jpeg\",\"filesize\":101557},\"thumbnail\":{\"file\":\"SHF_eb00249766-150x150.jpg\",\"width\":150,\"height\":150,\"mime-type\":\"image\\\/jpeg\",\"filesize\":5527},\"medium_large\":{\"file\":\"SHF_eb00249766-768x498.jpg\",\"width\":768,\"height\":498,\"mime-type\":\"image\\\/jpeg\",\"filesize\":62320},\"small\":{\"file\":\"SHF_eb00249766-440x285.jpg\",\"width\":440,\"height\":285,\"mime-type\":\"image\\\/jpeg\",\"filesize\":23684},\"semi\":{\"file\":\"SHF_eb00249766-580x376.jpg\",\"width\":580,\"height\":376,\"mime-type\":\"image\\\/jpeg\",\"filesize\":38041},\"mobile\":{\"file\":\"SHF_eb00249766-720x467.jpg\",\"width\":720,\"height\":467,\"mime-type\":\"image\\\/jpeg\",\"filesize\":55828},\"hd\":{\"file\":\"SHF_eb00249766-1280x829.jpg\",\"width\":1280,\"height\":829,\"mime-type\":\"image\\\/jpeg\",\"filesize\":149047},\"full\":{\"file\":\"SHF_eb00249766-1920x1244.jpg\",\"width\":1920,\"height\":1244,\"mime-type\":\"image\\\/jpeg\",\"filesize\":295994},\"1536x1536\":{\"file\":\"SHF_eb00249766-1536x995.jpg\",\"width\":1536,\"height\":995,\"mime-type\":\"image\\\/jpeg\",\"filesize\":204026},\"2048x2048\":{\"file\":\"SHF_eb00249766-2048x1327.jpg\",\"width\":2048,\"height\":1327,\"mime-type\":\"image\\\/jpeg\",\"filesize\":328752},\"original\":{\"file\":\"SHF_eb00249766.jpg\",\"width\":2500,\"height\":1620}},\n\t\t\t\t\"alt\" : \"Ein Erwachsener und ein Kind stehen am Strand, h\\u00f6ren das Rauschen der Wellen und schauen aufs Wasser.\",\n\t\t\t\t\"path\" : \"\\\/wp-content\\\/uploads\\\/2025\\\/07\\\/\",\n\t\t\t\t\"video\" : null,\n\t\t\t\t\"autoplay\" : null,\n\t\t\t\t\"youtube\" : null,\n\t\t\t\t\"youtubelabel\" : \"Video abspielen\",\n\t\t\t\t\"brightness\" : 100,\n\t\t\t\t\"crop\" : {\"top\":\"39.53\",\"left\":\"48.15\"},\n\t\t\t\t\"background\" : true,\n\t\t\t\t\"scale\" : 2\t\t\t\t}\n\t\t\t<\/script>\n\n\t\t\t<div class=\"height-container\" style=\"padding-bottom:64.8%;\" v-if=\"sizes\">\n\t\t\t\t\t\t\t\t<lazy-media :inline=\"true\" :alt=\"alt\" :sizes=\"sizes\" :scale=\"scale\" :brightness=\"brightness\" :path=\"path\" :video=\"video\" :autoplay=\"autoplay\" :youtube=\"youtube\" :crop=\"crop\" :youtubelabel=\"youtubelabel\" :background=\"background\" media-id=\"desc_media_69f2455f9a817\"><\/lazy-media>\n\t\t\t\t\t\t\t<\/div>\n\n\t\t\t\t\t\t\t<div class=\"lazy-media-info-container-fluid\">\n\t\t\t\t<div class=\"lazy-media-info-row end-xs\">\n\t\t\t\t\t<div class=\"lazy-media-info-col\">\n\t\t\t\t\t\t<div class=\"lazy-media-info\" aria-expanded=\"false\" :aria-expanded=\"isOpen ? 'true' : 'false'\">\n\t\t\t\t\t\t\t<button class=\"lazy-media-info-head button-tiny\" :class=\"{'button-active': isOpen}\" @click=\"toggle\" ref=\"head\"><span class=\"button-label insignificant\">Bildinfo<\/span><\/button>\n\t\t\t\t\t\t\t<figcaption class=\"lazy-media-info-body\" ref=\"body\" id=\"desc_media_69f2455f9a817\">\n\t\t\t\t\t\t\t\t<div class=\"lazy-media-info-body-content\">\n\t\t\t\t\t\t\t\t\t\t\t\t\t\t\t\t\t\t\t<div>Vater und Tochter beim Strandspaziergang<\/div>\n\t\t\t\t\t\t\t\t\t\t\t\t\t\t\t\t\t\t\t\t\t\t\t\t\t\t\t\t\t\t\t\t\t\t\t\t\t<div class=\"insignificant\">\u00a9 iStockphoto \/ kool99<\/div>\n\t\t\t\t\t\t\t\t\t\t\t\t\t\t\t\t\t<\/div>\n\t\t\t\t\t\t\t<\/figcaption>\n\t\t\t\t\t\t\t<div class=\"lazy-media-info-head-border\"><\/div>\n\t\t\t\t\t\t<\/div>\n\t\t\t\t\t<\/div>\n\t\t\t\t<\/div>\n\t\t\t<\/div>\n\t\t\t\t\t\t\t\t\t<\/figure>\n\t<\/lazy-media-inline>\n\t\t\t<\/div>\n\t\t<\/div>\n\t<\/div>\n<\/section>\n\n<section class=\"block block-copy\" >\n    <div class=\"container-fluid\">\n\t\t<div class=\"row \">\n            <div class=\"col-xs-12 col-md-offset-2 col-md-8\">\n                <div class=\"box\">\n                    <div class=\"copy\"><h4 class=\"p1\">So k\u00f6nnen Sie teilnehmen<\/h4>\n<p class=\"p1\">Das pers\u00f6nliche Foto sollte digital oder als farbige Kopie vorliegen, die Geschichte k\u00f6nnen Sie gerne in der Ihnen vertrautesten Sprache verfassen \u2013 entweder handschriftlich oder als Word-Datei. Beides zusammen k\u00f6nnen Sie auf zwei Wegen einreichen:<\/p>\n<h5 class=\"p1\">1. Per E-Mail:<\/h5>\n<p class=\"p1\">Senden Sie Ihre Beitr\u00e4ge an \u00ad folgende E-Mail-Adresse: familien-moment@humboldt-service.de<\/p>\n<p class=\"p1\">Bitte geben Sie im Betreff \u201eTeilnahme Sonderausstellung Bzw. Familie\u201c an und f\u00fcgen Sie als Text Ihre Kontaktdaten hinzu.<\/p>\n<h5 class=\"p1\">2. Pers\u00f6nlich:<\/h5>\n<p class=\"p1\">Werfen Sie Ihren Beitrag in den daf\u00fcr vorgesehenen Briefkasten im Humboldt Forum ein. Der Briefkasten befindet sich im Hauptfoyer nahe des Kassen- und Infotresens und ist gut sichtbar gekennzeichnet. Bitte geben Sie Ihre Kontaktdaten an, damit wir Sie bei R\u00fcckfragen erreichen k\u00f6nnen.<\/p>\n<h5 class=\"p1\">Weitere Hinweise zur Teilnahme<\/h5>\n<p class=\"p1\">\u00a0Mit der Einreichung Ihres Fotos und der dazugeh\u00f6rigen Geschichte erkl\u00e4ren Sie sich damit einverstanden, dass diese im Rahmen des Themenjahres Beziehungsweise Familie \u00f6ffentlich pr\u00e4sentiert werden. Sollten auf den Fotos weitere Personen abgebildet sein, versichern Sie zugleich, dass das Einverst\u00e4ndnis dieser Personen ebenfalls vorliegt.<\/p>\n<h5 class=\"p1\"><strong>Einsendeschluss ist der 31.8.2025<\/strong><\/h5>\n<p class=\"p1\">Wir freuen uns sehr auf Ihre Einsendungen und sind gespannt auf die vielen verschiedenen Facetten, die das Thema Familie und Verwandtschaft dadurch gewinnen wird.<\/p>\n<p class=\"p1\">F\u00fcr Fragen oder weitere Informationen \u00ad stehen wir Ihnen gerne zur Verf\u00fcgung. Schreiben Sie uns eine E-Mail an: familien-moment@humboldt-service.de<\/p>\n<p class=\"p2\"><em>Der Schutz Ihrer Daten ist uns wichtig. Daher m\u00f6chten wir Sie an dieser Stelle dar\u00fcber informieren, dass wir im Zuge unserer Servicekommunikation Ihre pers\u00f6nlichen Daten speichern und verarbeiten. Informationen zum Datenschutz und Ihren Rechten finden Sie auf unserer Webseite. Bei Fragen zur Verarbeitung Ihrer personenbezogenen Daten wenden Sie sich bitte an unseren Datenschutzbeauftragten unter datenschutz@humboldtforum.org.<\/em><\/p>\n<\/div>\n                <\/div>\n            <\/div>\n\t\t<\/div>\n\t\t    <\/div>\n<\/section>\n\n<section class=\"block block-button\">\n    <div class=\"container-fluid\">\n\t\t<div class=\"row\">\n            <div class=\"col-xs-12 col-md-offset-2 col-md-8\">\n                <div class=\"box text-align-center\">\n                 \t\t<a href=\"https:\/\/www.humboldtforum.org\/wp-content\/uploads\/2025\/07\/Familien-Moment_Teilnahmeaufruf_DU_A.pdf\" class=\"button-extern\" role=\"button\" target=\"_blank\">\n\t\t<span class=\"button-label\">Aufruf als PDF runterladen<\/span>\n\t<\/a>\n                <\/div>\n            <\/div>\n        <\/div>\n    <\/div>\n<\/section>\n\n<section class=\"block block-headline block-no-margin \" >\n\t<div class=\"container-fluid\">\n\t\t<div class=\"row\">\n\t\t\t\t\t\t\t<div class=\"col-xs-12 col-md-offset-2 col-md-8\">\n\t\t\t\t\t<div class=\"box\">\n\t\t\t\t\t\t<h2 class=\".h4\">Teilnahmeaufruf in weiteren Sprachen (PDF)<\/h2>\n\t\t\t\t\t<\/div>\n\t\t\t\t<\/div>\n\t\t\t\t\t<\/div>\n\t<\/div>\n<\/section>\n\n\n\n\n<section class=\"block block-button\">\n    <div class=\"container-fluid\">\n\t\t<div class=\"row\">\n            <div class=\"col-xs-12 col-md-offset-2 col-md-8\">\n                <div class=\"box text-align-center\">\n                 \t\t<a href=\"https:\/\/www.humboldtforum.org\/wp-content\/uploads\/2025\/07\/20250610_ARAB-SHF_Familien-Moment_Teilnahmeaufruf-3.pdf\" class=\"button-extern\" role=\"button\" target=\"_blank\">\n\t\t<span class=\"button-label\">Arabisch<\/span>\n\t<\/a>\n                <\/div>\n            <\/div>\n        <\/div>\n    <\/div>\n<\/section>\n\n<section class=\"block block-button\">\n    <div class=\"container-fluid\">\n\t\t<div class=\"row\">\n            <div class=\"col-xs-12 col-md-offset-2 col-md-8\">\n                <div class=\"box text-align-center\">\n                 \t\t<a href=\"https:\/\/www.humboldtforum.org\/wp-content\/uploads\/2025\/07\/20250610_ENG-SHF_Familien-Moment_Teilnahmeaufruf-1.pdf\" class=\"button-extern\" role=\"button\" target=\"_blank\">\n\t\t<span class=\"button-label\">Englisch<\/span>\n\t<\/a>\n                <\/div>\n            <\/div>\n        <\/div>\n    <\/div>\n<\/section>\n\n<section class=\"block block-button\">\n    <div class=\"container-fluid\">\n\t\t<div class=\"row\">\n            <div class=\"col-xs-12 col-md-offset-2 col-md-8\">\n                <div class=\"box text-align-center\">\n                 \t\t<a href=\"https:\/\/www.humboldtforum.org\/wp-content\/uploads\/2025\/07\/20250610_FARSI-SHF_Familien-Moment_Teilnahmeaufruf-3.pdf\" class=\"button-extern\" role=\"button\" target=\"_blank\">\n\t\t<span class=\"button-label\">Farsi<\/span>\n\t<\/a>\n                <\/div>\n            <\/div>\n        <\/div>\n    <\/div>\n<\/section>\n\n<section class=\"block block-button\">\n    <div class=\"container-fluid\">\n\t\t<div class=\"row\">\n            <div class=\"col-xs-12 col-md-offset-2 col-md-8\">\n                <div class=\"box text-align-center\">\n                 \t\t<a href=\"https:\/\/www.humboldtforum.org\/wp-content\/uploads\/2025\/08\/20250610_GR-SHF_Familien-Moment_Teilnahmeaufruf.pdf\" class=\"button-extern\" role=\"button\" target=\"_blank\">\n\t\t<span class=\"button-label\">Griechisch<\/span>\n\t<\/a>\n                <\/div>\n            <\/div>\n        <\/div>\n    <\/div>\n<\/section>\n\n<section class=\"block block-button\">\n    <div class=\"container-fluid\">\n\t\t<div class=\"row\">\n            <div class=\"col-xs-12 col-md-offset-2 col-md-8\">\n                <div class=\"box text-align-center\">\n                 \t\t<a href=\"https:\/\/www.humboldtforum.org\/wp-content\/uploads\/2025\/07\/20250610_POL-SHF_Familien-Moment_Teilnahmeaufruf-3.pdf\" class=\"button-extern\" role=\"button\" target=\"_blank\">\n\t\t<span class=\"button-label\">Polnisch<\/span>\n\t<\/a>\n                <\/div>\n            <\/div>\n        <\/div>\n    <\/div>\n<\/section>\n\n<section class=\"block block-button\">\n    <div class=\"container-fluid\">\n\t\t<div class=\"row\">\n            <div class=\"col-xs-12 col-md-offset-2 col-md-8\">\n                <div class=\"box text-align-center\">\n                 \t\t<a href=\"https:\/\/www.humboldtforum.org\/wp-content\/uploads\/2025\/07\/20250610_TUeRK-SHF_Familien-Moment_Teilnahmeaufruf-3.pdf\" class=\"button-extern\" role=\"button\" target=\"_blank\">\n\t\t<span class=\"button-label\">T\u00fcrkisch<\/span>\n\t<\/a>\n                <\/div>\n            <\/div>\n        <\/div>\n    <\/div>\n<\/section>\n\n<section class=\"block block-button\">\n    <div class=\"container-fluid\">\n\t\t<div class=\"row\">\n            <div class=\"col-xs-12 col-md-offset-2 col-md-8\">\n                <div class=\"box text-align-center\">\n                 \t\t<a href=\"https:\/\/www.humboldtforum.org\/wp-content\/uploads\/2025\/08\/20250807_ES_SHF_Familien-Moment_Teilnahmeaufruf.pdf\" class=\"button-extern\" role=\"button\" target=\"_blank\">\n\t\t<span class=\"button-label\">Spanisch<\/span>\n\t<\/a>\n                <\/div>\n            <\/div>\n        <\/div>\n    <\/div>\n<\/section>\n\n<section class=\"block block-logos\" >\n    <div class=\"container-fluid\">\n\t\t<div class=\"row\">\n\t\t\t<div class=\"col-xs-12 col-sm-8 col-sm-offset-2\">\n\t\t\t\t<div class=\"box\">\n\t\t\t\t\t<div class=\"row center-xs middle-xs\">\n\t\t\t\t\t\t\n\t\t\t\t\t\t<div class=\"col-xs-4 col-sm-3 col-sm-2\">\n\t\t\t\t\t\t\t<div class=\"box margin-sixth-top\">\n\t\t\t\t\t\t\t\t<img decoding=\"async\" alt=\"Stiftung Humboldt Forum im Berliner Schloss (SHF)\" src=\"https:\/\/www.humboldtforum.org\/wp-content\/uploads\/2020\/04\/SHF_Logo_sRGB.svg\" style=\"display: inline-block; width: 100%\" \/>\n\t\t\t\t\t\t\t<\/div>\n\t\t\t\t\t\t<\/div>\n\t\t\t\t\t\t\n\t\t\t\t\t\t<div class=\"col-xs-4 col-sm-3 col-sm-2\">\n\t\t\t\t\t\t\t<div class=\"box margin-sixth-top\">\n\t\t\t\t\t\t\t\t<img decoding=\"async\" alt=\"Stiftung Preu\u00dfischer Kulturbesitz (SPK)\" src=\"https:\/\/www.humboldtforum.org\/wp-content\/uploads\/2025\/07\/SHF_eb00005039-1.jpg\" style=\"display: inline-block; width: 100%\" \/>\n\t\t\t\t\t\t\t<\/div>\n\t\t\t\t\t\t<\/div>\n\t\t\t\t\t\t\n\t\t\t\t\t\t<div class=\"col-xs-4 col-sm-3 col-sm-2\">\n\t\t\t\t\t\t\t<div class=\"box margin-sixth-top\">\n\t\t\t\t\t\t\t\t<img decoding=\"async\" alt=\"Stiftung Stadtmuseum Berlin (SSB)\" src=\"https:\/\/www.humboldtforum.org\/wp-content\/uploads\/2020\/04\/Stiftung_Stadtmuseum-Berlin_Logo.jpg\" style=\"display: inline-block; width: 80%\" \/>\n\t\t\t\t\t\t\t<\/div>\n\t\t\t\t\t\t<\/div>\n\t\t\t\t\t\t\n\t\t\t\t\t\t<div class=\"col-xs-4 col-sm-3 col-sm-2\">\n\t\t\t\t\t\t\t<div class=\"box margin-sixth-top\">\n\t\t\t\t\t\t\t\t<img decoding=\"async\" alt=\"Humboldt-Universit\u00e4t zu Berlin (HU)\" src=\"https:\/\/www.humboldtforum.org\/wp-content\/uploads\/2020\/04\/Huberlin-logo.svg\" style=\"display: inline-block; width: 50%\" \/>\n\t\t\t\t\t\t\t<\/div>\n\t\t\t\t\t\t<\/div>\n\t\t\t\t\t\t\n\t\t\t\t\t\t<div class=\"col-xs-4 col-sm-3 col-sm-2\">\n\t\t\t\t\t\t\t<div class=\"box margin-sixth-top\">\n\t\t\t\t\t\t\t\t<img decoding=\"async\" alt=\"Bundesbeauftragte f\u00fcr Kultur und Medien (BKM)\" src=\"https:\/\/www.humboldtforum.org\/wp-content\/uploads\/2020\/04\/BKM_de_Web.jpg\" style=\"display: inline-block; width: 130%\" \/>\n\t\t\t\t\t\t\t<\/div>\n\t\t\t\t\t\t<\/div>\n\t\t\t\t\t\t\n\t\t\t\t\t\t<div class=\"col-xs-4 col-sm-3 col-sm-2\">\n\t\t\t\t\t\t\t<div class=\"box margin-sixth-top\">\n\t\t\t\t\t\t\t\t<img decoding=\"async\" alt=\"Berlin\" src=\"https:\/\/www.humboldtforum.org\/wp-content\/uploads\/2025\/04\/SHF_eb00246895.jpg\" style=\"display: inline-block; width: 100%\" \/>\n\t\t\t\t\t\t\t<\/div>\n\t\t\t\t\t\t<\/div>\n\t\t\t\t\t\t\t\t\t\t\t<\/div>\n\t\t\t\t<\/div>\n\t\t\t<\/div>\n        <\/div>\n    <\/div>\n<\/section>\n\n\n<section class=\"block block-teaser col-1 has-bg\" style=\"--teaser-bg:#f2f2f2\">\n\t<lazy-component :fixed-min-height=\"400\">\n\t\n\t\t\t\t\t<div class=\"container-fluid\">\n\t\t\t\t<div class=\"row bottom-xs\">\n\t\t\t\t\t<div class=\"col-xs-12 col-sm-10 col-md-8 col-sm-offset-1 col-md-offset-2\">\n\t\t\t\t\t\t<h4>geh\u00f6rt zu<\/h4>\t\t\t\t\t\t\t\t\t\t\t\t\t\t\t\t\t\t\t<\/div>\n\t\t\t\t\t<div class=\"col-xs-12 col-sm-10 col-md-8 col-sm-offset-1 col-md-offset-2 start-xs end-md margin-bottom-sixth\">\n\t\t\t\t\t\t\t\t\t\t\t<\/div>\n\t\t\t\t<\/div>\n\t\t\t\t<ul class=\"row\">\n\t\t\t\n<li class=\"col-xs-12 teaser-wrapper col-padding-remove\">\n\t<calendarteaser key=\"1484589171\" rawitem='{&quot;postId&quot;:148458,&quot;title&quot;:&quot;Beziehungsweise Familie&quot;,&quot;excerpt&quot;:&quot;&quot;,&quot;slug&quot;:&quot;beziehungsweise-familie&quot;,&quot;post_date&quot;:&quot;2025-06-24T12:35&quot;,&quot;type&quot;:&quot;event-period&quot;,&quot;permalink&quot;:&quot;https:\\\/\\\/www.humboldtforum.org\\\/de\\\/programm\\\/laufzeitangebot\\\/ausstellung\\\/beziehungsweise-familie-148458\\\/&quot;,&quot;genre&quot;:[391,879],&quot;genre_details&quot;:[{&quot;text&quot;:&quot;Ausstellung&quot;,&quot;id&quot;:391,&quot;icon&quot;:null,&quot;parent&quot;:0},{&quot;text&quot;:&quot;Programm&quot;,&quot;id&quot;:879,&quot;icon&quot;:null,&quot;parent&quot;:0}],&quot;stakeholder&quot;:[409,400,530,382],&quot;stakeholder_details&quot;:[{&quot;text&quot;:&quot;Humboldt-Universit\\u00e4t zu Berlin&quot;,&quot;id&quot;:409,&quot;icon&quot;:null,&quot;parent&quot;:0},{&quot;text&quot;:&quot;Kulturprojekte Berlin \\\/ Stadtmuseum Berlin&quot;,&quot;id&quot;:400,&quot;icon&quot;:null,&quot;parent&quot;:0},{&quot;text&quot;:&quot;Staatliche Museen zu Berlin&quot;,&quot;id&quot;:530,&quot;icon&quot;:null,&quot;parent&quot;:0},{&quot;text&quot;:&quot;Stiftung Humboldt Forum im Berliner Schloss&quot;,&quot;id&quot;:382,&quot;icon&quot;:null,&quot;parent&quot;:0}],&quot;icon_overwrite&quot;:&quot;&quot;,&quot;acf&quot;:{&quot;noindex&quot;:false,&quot;keywords&quot;:&quot;&quot;,&quot;shorturl&quot;:&quot;familie&quot;,&quot;planning&quot;:{&quot;price&quot;:&quot;14 EUR \\\/ 7 EUR&quot;,&quot;status&quot;:&quot;BUY&quot;,&quot;info&quot;:&quot;&quot;,&quot;shop&quot;:&quot;https:\\\/\\\/tickets.humboldtforum.org\\\/#\\\/tickets\\\/time?museum_id=1&amp;exhibition_id=17&amp;group=day&amp;date=2025-10-03&quot;,&quot;can_purchase&quot;:true},&quot;use_opening_hours_of_the_house&quot;:false,&quot;display_as_single&quot;:false,&quot;additional_info&quot;:{&quot;icon&quot;:&quot;icon-ort&quot;,&quot;text&quot;:&quot;Alle Etagen im Humboldt Forum und im Museum Knoblauchhaus im Nikolaiviertel&quot;},&quot;highlight_header&quot;:true,&quot;use_video_in_teasers&quot;:false,&quot;hyphenation&quot;:true,&quot;tipp&quot;:false,&quot;joker&quot;:false,&quot;live&quot;:false,&quot;hide_event_in_program&quot;:false,&quot;featured_images&quot;:[149331],&quot;periods&quot;:[{&quot;label&quot;:&quot;&quot;,&quot;dates&quot;:[{&quot;start&quot;:&quot;202510030000&quot;,&quot;end&quot;:&quot;202607120000&quot;,&quot;has_end&quot;:true,&quot;start_HRFSHORT&quot;:&quot;03.10.25&quot;,&quot;start_HRFSHORT_WD&quot;:&quot;Fr 03.10.2025&quot;,&quot;end_HRFSHORT&quot;:&quot;12.07.26&quot;}],&quot;monday&quot;:[{&quot;start&quot;:&quot;10:30&quot;,&quot;end&quot;:&quot;18:30&quot;,&quot;closed&quot;:false}],&quot;tuesday&quot;:[{&quot;start&quot;:null,&quot;end&quot;:null,&quot;closed&quot;:true}],&quot;wednesday&quot;:[{&quot;start&quot;:&quot;10:30&quot;,&quot;end&quot;:&quot;18:30&quot;,&quot;closed&quot;:false}],&quot;thursday&quot;:[{&quot;start&quot;:&quot;10:30&quot;,&quot;end&quot;:&quot;18:30&quot;,&quot;closed&quot;:false}],&quot;friday&quot;:[{&quot;start&quot;:&quot;10:30&quot;,&quot;end&quot;:&quot;18:30&quot;,&quot;closed&quot;:false}],&quot;saturday&quot;:[{&quot;start&quot;:&quot;10:30&quot;,&quot;end&quot;:&quot;18:30&quot;,&quot;closed&quot;:false}],&quot;sunday&quot;:[{&quot;start&quot;:&quot;10:30&quot;,&quot;end&quot;:&quot;18:30&quot;,&quot;closed&quot;:false}],&quot;info&quot;:&quot;&quot;,&quot;description&quot;:&quot;&quot;}],&quot;highlight_header_image&quot;:151143,&quot;has_mobile_format&quot;:true,&quot;events&quot;:[149594,149467,149476,149696,149906,150023,150673,150771,151070,150898,150749,150997,150860,151080,150730,150739,151391,151103,139802,151417,151379,151573,151861,150620,152754,152859,153328,152516,151369,153528,153754,154577,154585,154811,155004,155550,155770,156288,156307,156318,156341,156359,156403,157180,157796,157929,158048,158320,159002,151358,160047,160159,161548,161620,161710,162349,162392,162444],&quot;video&quot;:151139,&quot;highlight_header_image_mobile&quot;:151331,&quot;video_brightness&quot;:&quot;100&quot;,&quot;period_exception&quot;:[]},&quot;period_list&quot;:&quot;&lt;strong&gt;\\u00d6ffnungszeiten&lt;\\\/strong&gt;\\nMo, Mi, Do, Fr, Sa, So: 10:30 \\u2013 18:30 Uhr\\nDi: geschlossen\\n\\n&quot;,&quot;period_exception&quot;:&quot;&quot;,&quot;date&quot;:{&quot;infinite&quot;:false,&quot;from_DATE&quot;:202510030000,&quot;from&quot;:1759487400,&quot;from_TIME&quot;:&quot;10:30&quot;,&quot;to&quot;:1783881000,&quot;to_DATE&quot;:202607120000,&quot;to_TIME&quot;:&quot;18:30&quot;,&quot;from_HRFSHORT&quot;:&quot; 3. Okt 2025&quot;,&quot;from_HRFSHORT_WD&quot;:&quot;Fr 03.10.2025&quot;,&quot;from_HRF&quot;:&quot;Fr,  3. Oktober 2025&quot;,&quot;to_HRF&quot;:&quot;So, 12. Juli 2026&quot;,&quot;to_HRFSHORT&quot;:&quot;12. Jul 2026&quot;,&quot;to_HRFSHORT_WD&quot;:&quot;So 12.07.2026&quot;,&quot;from_to_HRF&quot;:&quot;Fr,  3. Oktober 2025 \\u2013 So, 12. Juli 2026&quot;,&quot;from_to_HRFSHORT&quot;:&quot; 3. Okt 2025 \\u2013 12. Jul 2026&quot;,&quot;NXX&quot;:&quot;202604291752&quot;,&quot;NLAST&quot;:&quot;202607121830&quot;,&quot;NX&quot;:&quot;20260429&quot;},&quot;alert&quot;:&quot;Highlight&quot;,&quot;partof&quot;:[],&quot;marketing_topic&quot;:&quot;&quot;}' inline-template>\n\t<a href=\"https:\/\/www.humboldtforum.org\/de\/programm\/laufzeitangebot\/ausstellung\/beziehungsweise-familie-148458\/\" class=\"teaser teaser-event-period teaser-event-standard\">\n\t\t<div class=\"row\">\n\t\t\t<div class=\"col-xs-12 col-sm-6 col-md-5 col-sm-offset-1 col-md-offset-2 first-sm teaser-event-text Infos\">\n\t\t\t\t<div class=\"teaser-event-standard-text\">\n\t\t\t\t\t<div class=\"margin-bottom-atom\">\n\t\t\t\t\t\t<div class=\"subline clamp-1\" v-html=\"maingenre\"><\/div>\n\t\t\t\t\t\t\t\t\t\t\t<\/div>\n\t\t\t\t\n\t\t\t\t\t<strong class=\"margin-bottom-atom h5\">Beziehungsweise Familie<\/strong>\n\n\t\t\t\t\t\t\t\t\t<\/div>\n\t\t\t\t<div class=\"teaser-bottom border-bottom\">\n\t\t\t\t<calendardateline :rawitem='item' :show-icon=\"true\"><\/calendardateline>\n\t\t\t\t\t<hr>\n\t\t\t\t<\/div>\n\t\t\t<\/div>\n\t\t\t<div class=\"col-xs-12 col-sm-4 col-md-3 teaser-event-image bottom-xs first-xs\">\n\t\t\t\t<div class=\"teaser-image teaser-image-no-alternate\">\n\t\t\t\t\t\t\t\t\t\t\t\t\t<span class=\"alert\">Highlight<\/span>\n\t\t\t\t\t\t\t\t\t\t\t\n\t<lazy-media-inline inline-template>\n\t\t<figure itemscope itemtype=\"http:\/\/schema.org\/ImageObject\" class=\"lazy-media-inline \" role=\"group\" id=\"media_69f2455fc5b2e\" aria-labelledby=\"desc_media_69f2455fc5b2e\">\n\t\t\t<script type=\"application\/json\" ref=\"data\">\n\t\t\t\t{\n\t\t\t\t\"sizes\" : {\"medium\":{\"file\":\"SHF_eb00253556-176x300.jpg\",\"width\":176,\"height\":300,\"mime-type\":\"image\\\/jpeg\",\"filesize\":8824},\"large\":{\"file\":\"SHF_eb00253556-600x1024.jpg\",\"width\":600,\"height\":1024,\"mime-type\":\"image\\\/jpeg\",\"filesize\":63590},\"thumbnail\":{\"file\":\"SHF_eb00253556-150x150.jpg\",\"width\":150,\"height\":150,\"mime-type\":\"image\\\/jpeg\",\"filesize\":4998},\"medium_large\":{\"file\":\"SHF_eb00253556-768x1312.jpg\",\"width\":768,\"height\":1312,\"mime-type\":\"image\\\/jpeg\",\"filesize\":95606},\"small\":{\"file\":\"SHF_eb00253556-258x440.jpg\",\"width\":258,\"height\":440,\"mime-type\":\"image\\\/jpeg\",\"filesize\":16410},\"semi\":{\"file\":\"SHF_eb00253556-340x580.jpg\",\"width\":340,\"height\":580,\"mime-type\":\"image\\\/jpeg\",\"filesize\":25318},\"mobile\":{\"file\":\"SHF_eb00253556-422x720.jpg\",\"width\":422,\"height\":720,\"mime-type\":\"image\\\/jpeg\",\"filesize\":35714},\"hd\":{\"file\":\"SHF_eb00253556-749x1280.jpg\",\"width\":749,\"height\":1280,\"mime-type\":\"image\\\/jpeg\",\"filesize\":92136},\"full\":{\"file\":\"SHF_eb00253556-1124x1920.jpg\",\"width\":1124,\"height\":1920,\"mime-type\":\"image\\\/jpeg\",\"filesize\":180186},\"1536x1536\":{\"file\":\"SHF_eb00253556-899x1536.jpg\",\"width\":899,\"height\":1536,\"mime-type\":\"image\\\/jpeg\",\"filesize\":124765},\"2048x2048\":{\"file\":\"SHF_eb00253556-1199x2048.jpg\",\"width\":1199,\"height\":2048,\"mime-type\":\"image\\\/jpeg\",\"filesize\":199378},\"original\":{\"file\":\"SHF_eb00253556.jpg\",\"width\":1780,\"height\":3040}},\n\t\t\t\t\"alt\" : \"Key Visual Beziehungsweise Familie\",\n\t\t\t\t\"path\" : \"\\\/wp-content\\\/uploads\\\/2025\\\/06\\\/\",\n\t\t\t\t\"video\" : null,\n\t\t\t\t\"autoplay\" : null,\n\t\t\t\t\"youtube\" : null,\n\t\t\t\t\"youtubelabel\" : \"Video abspielen\",\n\t\t\t\t\"brightness\" : 100,\n\t\t\t\t\"crop\" : {\"top\":\"26.77\",\"left\":\"49.25\"},\n\t\t\t\t\"background\" : true,\n\t\t\t\t\"scale\" : 2\t\t\t\t}\n\t\t\t<\/script>\n\n\t\t\t<div class=\"height-container\" style=\"padding-bottom:170.78651685393%;\" v-if=\"sizes\">\n\t\t\t\t\t\t\t\t<lazy-media :inline=\"true\" :alt=\"alt\" :sizes=\"sizes\" :scale=\"scale\" :brightness=\"brightness\" :path=\"path\" :video=\"video\" :autoplay=\"autoplay\" :youtube=\"youtube\" :crop=\"crop\" :youtubelabel=\"youtubelabel\" :background=\"background\" media-id=\"desc_media_69f2455fc5b2e\"><\/lazy-media>\n\t\t\t\t\t\t\t<\/div>\n\n\t\t\t\t\t\t\t<figcaption class=\"sr-only\" ref=\"body\" id=\"desc_media_69f2455fc5b2e\">\n\t\t\t\t\t\t\t\t\t\t\t\t\t\t\t\t<div>Key Visual Beziehungsweise Familie <\/div>\n\t\t\t\t\t\t\t\t\t\t\t\t\t\t\t\t<div class=\"insignificant\">\u00a9 Stiftung Humboldt Forum im Berliner Schloss, Foto: Getty Images, The Image Bank, Karan Kapoor<\/div>\n\t\t\t\t\t\t\t\t\t<\/figcaption>\n\t\t\t\t\t<\/figure>\n\t<\/lazy-media-inline>\n\t\t\t\t<\/div>\n\t\t\t<\/div>\n\t\t<\/div>\n\t<\/a>\n\t<\/calendarteaser>\n<\/li>\n\n\t\t\t\t<\/ul>\n\t\t\t<\/div>\n\t\t\t\t<\/lazy-component>\n<\/section>\n\n","protected":false},"excerpt":{"rendered":"","protected":false},"author":78,"featured_media":148807,"parent":0,"menu_order":0,"comment_status":"closed","ping_status":"closed","template":"","meta":{"_acf_changed":false,"footnotes":""},"class_list":["post-148806","page","type-page","status-publish","has-post-thumbnail","hentry"],"acf":[],"_links":{"self":[{"href":"https:\/\/www.humboldtforum.org\/de\/wp-json\/wp\/v2\/pages\/148806","targetHints":{"allow":["GET"]}}],"collection":[{"href":"https:\/\/www.humboldtforum.org\/de\/wp-json\/wp\/v2\/pages"}],"about":[{"href":"https:\/\/www.humboldtforum.org\/de\/wp-json\/wp\/v2\/types\/page"}],"author":[{"embeddable":true,"href":"https:\/\/www.humboldtforum.org\/de\/wp-json\/wp\/v2\/users\/78"}],"replies":[{"embeddable":true,"href":"https:\/\/www.humboldtforum.org\/de\/wp-json\/wp\/v2\/comments?post=148806"}],"version-history":[{"count":12,"href":"https:\/\/www.humboldtforum.org\/de\/wp-json\/wp\/v2\/pages\/148806\/revisions"}],"predecessor-version":[{"id":150407,"href":"https:\/\/www.humboldtforum.org\/de\/wp-json\/wp\/v2\/pages\/148806\/revisions\/150407"}],"wp:featuredmedia":[{"embeddable":true,"href":"https:\/\/www.humboldtforum.org\/de\/wp-json\/wp\/v2\/media\/148807"}],"wp:attachment":[{"href":"https:\/\/www.humboldtforum.org\/de\/wp-json\/wp\/v2\/media?parent=148806"}],"curies":[{"name":"wp","href":"https:\/\/api.w.org\/{rel}","templated":true}]}}