{"id":163891,"date":"2026-04-20T11:45:25","date_gmt":"2026-04-20T09:45:25","guid":{"rendered":"https:\/\/www.humboldtforum.org\/news-activities\/"},"modified":"2026-08-17T12:49:47","modified_gmt":"2026-08-17T10:49:47","slug":"news-activities","status":"publish","type":"page","link":"https:\/\/www.humboldtforum.org\/de\/news-activities\/","title":{"rendered":"Aktuelles &amp; Veranstaltungen"},"content":{"rendered":"<section class=\"block block-header-headline\" >\n    <div class=\"container-fluid\">\n        <div class=\"row\">\n\t\t\t\n                            <div class=\"col-xs-12 col-md-offset-2 col-md-8\">\n                    <div class=\"box\">\n                        <h1>Aktuelles &#038; Veranstaltungen<\/h1>\n                    <\/div>\n                <\/div>\n                    <\/div>\n    <\/div>\n<\/section>\n\n\n\n\n<section class=\"block block-headline block-no-margin \" >\n\t<div class=\"container-fluid\">\n\t\t<div class=\"row\">\n\t\t\t\t\t\t\t<div class=\"col-xs-12 col-md-offset-2 col-md-8\">\n\t\t\t\t\t<div class=\"box\">\n\t\t\t\t\t\t<h2 class=\".h6\">der Global Cultural Embassy<\/h2>\n\t\t\t\t\t<\/div>\n\t\t\t\t<\/div>\n\t\t\t\t\t<\/div>\n\t<\/div>\n<\/section>\n\n\n\n\n<section class=\"block block-header\" >\n\t<block-header inline-template>\n\t\t<figure role=\"group\" aria-labelledby=\"desc_m_6a9d5694b4905\">\n\n\t\t\t<script type=\"application\/json\" ref=\"data\">\n\t\t\t\t{\n\t\t\t\t\"sizes_d\" : {\"medium\":{\"file\":\"SHF_eb00249217-300x200.jpg\",\"width\":300,\"height\":200,\"mime-type\":\"image\\\/jpeg\",\"filesize\":14746},\"large\":{\"file\":\"SHF_eb00249217-1024x683.jpg\",\"width\":1024,\"height\":683,\"mime-type\":\"image\\\/jpeg\",\"filesize\":101891},\"thumbnail\":{\"file\":\"SHF_eb00249217-150x150.jpg\",\"width\":150,\"height\":150,\"mime-type\":\"image\\\/jpeg\",\"filesize\":7542},\"medium_large\":{\"file\":\"SHF_eb00249217-768x512.jpg\",\"width\":768,\"height\":512,\"mime-type\":\"image\\\/jpeg\",\"filesize\":65002},\"small\":{\"file\":\"SHF_eb00249217-440x294.jpg\",\"width\":440,\"height\":294,\"mime-type\":\"image\\\/jpeg\",\"filesize\":27216},\"semi\":{\"file\":\"SHF_eb00249217-580x387.jpg\",\"width\":580,\"height\":387,\"mime-type\":\"image\\\/jpeg\",\"filesize\":42309},\"mobile\":{\"file\":\"SHF_eb00249217-720x480.jpg\",\"width\":720,\"height\":480,\"mime-type\":\"image\\\/jpeg\",\"filesize\":58678},\"original\":{\"file\":\"SHF_eb00249217.jpg\",\"width\":1280,\"height\":854}},\n\t\t\t\t\"alt_d\" : \"Drei lachende Frauen stehen zusammen, eine h\\u00e4lt ein Mikrofon und spricht.\",\n\t\t\t\t\"path_d\" : \"\\\/wp-content\\\/uploads\\\/2026\\\/04\\\/\",\n\t\t\t\t\"autoplay_d\" : null,\n\t\t\t\t\"crop_d\" : {\"top\":\"26.03\",\"left\":\"51.42\"},\n\t\t\t\t\"background_d\" : true,\n\t\t\t\t\"scale_d\" : 2,\n\n\t\t\t\t\"sizes_m\" : [],\n\t\t\t\t\"alt_m\" : null,\n\t\t\t\t\"path_m\" : null,\n\t\t\t\t\"autoplay_m\" : null,\n\t\t\t\t\"crop_m\" : null,\n\t\t\t\t\"background_m\" : true,\n\t\t\t\t\"scale_m\" : 1,\n\n\t\t\t\t\"has_mobile_format\" : false,\n\t\t\t\t\"has_ad\" : false,\n\t\t\t\t\"audio_description_yt\" : null\t\t\t\t}\n\t\t\t<\/script>\n\t\t\t<div class=\"height-container\" style=\"padding-bottom:66.71875%;\" v-if=\"sizes\" data-motion-parallax='{\"child\":\".image-wrapper\",\"mask\":\".lazy-media\",\"tween\":{\"yPercent\": [-15,15]}}'>\n\t\t\t\t<lazy-media :inline=\"true\" :scale=\"scale\" :alt=\"alt\" :sizes=\"sizes\" :brightness=\"brightness\" :path=\"path\" :video=\"video\" :autoplay=\"autoplay\" :youtube=\"youtube\" :crop=\"crop\" :youtubelabel=\"youtubelabel\" :background=\"background\" media-id=\"desc_m_6a9d5694b4905\"><\/lazy-media>\n\t\t\t\t<button class=\"autoplay-audio-description-btn icon-background icon-audio-describtions\" @click=\"audioDescriptionPlay\" v-if=\"hasAudioDescription\" aria-label=\"Audiodeskription aufrufen\"><\/button>\n\t\t\t<\/div>\n\t\t\t\t\t\t<div class=\"lazy-media-info-container-fluid\">\n\t\t\t\t<div class=\"lazy-media-info-row end-xs\">\n\t\t\t\t\t<div class=\"lazy-media-info-col\">\n\t\t\t\t\t\t<div class=\"lazy-media-info\" aria-expanded=\"false\" :aria-expanded=\"isOpen ? 'true' : 'false'\">\n\t\t\t\t\t\t\t<button class=\"lazy-media-info-head button-tiny insignificant\" :class=\"{'button-active': isOpen}\" @click=\"toggle\" ref=\"head\"><span class=\"button-label insignificant\">Bildinfo<\/span><\/button>\n\t\t\t\t\t\t\t<figcaption class=\"lazy-media-info-body\" ref=\"body\" id=\"desc_m_6a9d5694b4905\">\n\t\t\t\t\t\t\t\t<div class=\"lazy-media-info-body-content\">\n\t\t\t\t\t\t\t\t\t<div>GCA Konferenz, Juni 2025<\/div>\t\t\t\t\t\t\t\t\t<div class=\"insignificant\">\u00a9 Stiftung Humboldt Forum im Berliner Schloss, Foto: Johannes Berger<\/div>\t\t\t\t\t\t\t\t<\/div>\n\t\t\t\t\t\t\t<\/figcaption>\n\t\t\t\t\t\t\t<div class=\"lazy-media-info-head-border\"><\/div>\n\t\t\t\t\t\t<\/div>\n\t\t\t\t\t<\/div>\n\t\t\t\t<\/div>\n\t\t\t<\/div>\n\t\t\t\t\t<\/figure>\n\t<\/block-header>\n<\/section>\n\n\n<section class=\"block block-accordion\">\n\t<div class=\"container-fluid\">\n\t\t<div class=\"row\">\n\t\t\t<div class=\"col-xs-12 col-md-offset-2 col-md-8\">\n\t\t\t\t<div class=\"box\">\n\t\t\t\t\t\t\t\t\t\t\t<block-accordion inline-template>\n\t\t\t\t\t\t\t<div class=\"accordion\">\n\t\t\t\t\t\t\t\t\t\t\t\t\t\t\t<block-accordion-item inline-template item-headline=\"Sp\u00e4ti mit Alfredo Villar und Olinda Silvano  \">\n\t\t\t\t\t\t\t\t<div ref=\"item\" data-id=\"SptimitAlfredoVillarundOlindaSilvano\" class=\"block-accordion-item vue-initialize\" aria-expanded=\"false\" :aria-expanded=\"active ? 'true' : 'false'\">\n\t\t\t\t\t\t\t\t\t<button class=\"accordion-button-with-icon block-accordion-item-head\" :class=\"{'button-active': active}\" ref=\"head\" aria-controls=\"acc_6a9d5694bf7db\" id=\"acc_title_6a9d5694bf7dd\" @click=\"toggle\" @keydown=\"key\">\n\t\t\t\t\t\t\t\t\t<div><span class=\"button-label\">Sp\u00e4ti mit Alfredo Villar und Olinda Silvano  <\/span><\/div><span class=\"button-icon icon-plus\" aria-hidden=\"true\"><\/span>\n\t\t\t\t\t\t\t\t<\/button>\n\t\t\t\t\t\t\t\t\t<div ref=\"body\" class=\"block-accordion-item-content\" id=\"acc_6a9d5694bf7db\" role=\"region\">\n\t\t\t\t\t\t\t\t\t\t<div class=\"wrapper copy\">\n\t\t\t\t\t\t\t\t\t\t\t<p><span data-contrast=\"none\">Am 7. November 2025 veranstaltete die Global Cultural Embassy (GCE) eine Sonderausgabe der SP\u00c4TI-Reihe des Humboldt Forums, bei der dem Berliner Publikum Ken\u00e9 vorgestellt wurde, die vielschichtige k\u00fcnstlerische Tradition des Volkes der Shipibo-Konibo aus dem peruanischen Amazonasgebiet.<\/span><span data-ccp-props=\"{&quot;134233117&quot;:false,&quot;134233118&quot;:false,&quot;201341983&quot;:0,&quot;335551550&quot;:1,&quot;335551620&quot;:1,&quot;335559685&quot;:0,&quot;335559737&quot;:0,&quot;335559738&quot;:0,&quot;335559739&quot;:160,&quot;335559740&quot;:278}\">\u00a0<\/span><\/p>\n<p><span data-contrast=\"auto\">SP\u00c4TI ist eine regelm\u00e4\u00dfig freitagabends stattfindende Veranstaltungsreihe im gro\u00dfen Foyer des Humboldt-Forums, die Vortr\u00e4ge, Musik und informellen Austausch in entspannter Atmosph\u00e4re bei Getr\u00e4nken und Snacks verbindet. Sie bietet eine B\u00fchne f\u00fcr kreative Begegnungen, auf der K\u00fcnstler*<\/span><span data-contrast=\"auto\">innen neue Ideen austauschen, Musike<\/span><i><span data-contrast=\"auto\">r*<\/span><\/i><span data-contrast=\"auto\">innen frische Kompositionen pr\u00e4sentieren und Designer*innen experimentelle Projekte vorstellen.<\/span><span data-ccp-props=\"{&quot;134233117&quot;:false,&quot;134233118&quot;:false,&quot;335551550&quot;:1,&quot;335551620&quot;:1,&quot;335559738&quot;:240,&quot;335559739&quot;:240}\">\u00a0<\/span><\/p>\n<p><span data-contrast=\"auto\">Bei dieser von GCE ausgerichteten Ausgabe berichtete die zeitgen\u00f6ssische K\u00fcnstlerin Olinda Silvano von ihrem k\u00fcnstlerischen Werdegang und der Arbeit ihres Kollektivs Soi\u00a0Noma\u00a0und f\u00fchrte live\u00a0Shipibo-\u00cdcaros\u00a0vor. Begleitet wurde sie dabei vom Kurator, Autor und DJ Alfredo Villar (DJ\u00a0Sabroso), der \u00fcber ihr gemeinsames Projekt \u201eKoshi Ken\u00e9\u201c sprach und eine mitrei\u00dfende Auswahl an Musik aus dem Amazonasgebiet auflegte.<\/span><span data-ccp-props=\"{&quot;134233117&quot;:false,&quot;134233118&quot;:false,&quot;335551550&quot;:1,&quot;335551620&quot;:1,&quot;335559738&quot;:240,&quot;335559739&quot;:240}\">\u00a0<\/span><\/p>\n\n\t\t\t\t\t\t\t\t\t\t\t\t\t\t\t\t\t\t\t\t\t\t\t\t\t\t\t\t\t\t\t\t\t\t\t\t\t\t\t\t\t\t\t\t\n\t\t\t\t\t\t\t\t\t\t\t<div class=\"row\">\n\t\t\t\t\t\t\t\t\t\t\t\t<div class=\"col-xs-12 col-sm-9\">\n\t\t\t\t\t\t\t\t\t\t\t\t\t<div class=\"box\">\n\t\t\t\t\t\t\t\t\t\t\t\t\t\t\n\t<lazy-media-inline inline-template>\n\t\t<figure itemscope itemtype=\"http:\/\/schema.org\/ImageObject\" class=\"lazy-media-inline \" role=\"group\" id=\"media_6a9d5694bfea5\" aria-labelledby=\"desc_media_6a9d5694bfea5\">\n\t\t\t<script type=\"application\/json\" ref=\"data\">\n\t\t\t\t{\n\t\t\t\t\"sizes\" : {\"medium\":{\"file\":\"SHF_eb00255837-300x200.jpg\",\"width\":300,\"height\":200,\"mime-type\":\"image\\\/jpeg\",\"filesize\":27262},\"large\":{\"file\":\"SHF_eb00255837-1024x683.jpg\",\"width\":1024,\"height\":683,\"mime-type\":\"image\\\/jpeg\",\"filesize\":188215},\"thumbnail\":{\"file\":\"SHF_eb00255837-150x150.jpg\",\"width\":150,\"height\":150,\"mime-type\":\"image\\\/jpeg\",\"filesize\":11687},\"medium_large\":{\"file\":\"SHF_eb00255837-768x512.jpg\",\"width\":768,\"height\":512,\"mime-type\":\"image\\\/jpeg\",\"filesize\":120920},\"small\":{\"file\":\"SHF_eb00255837-440x293.jpg\",\"width\":440,\"height\":293,\"mime-type\":\"image\\\/jpeg\",\"filesize\":51030},\"semi\":{\"file\":\"SHF_eb00255837-580x387.jpg\",\"width\":580,\"height\":387,\"mime-type\":\"image\\\/jpeg\",\"filesize\":79722},\"mobile\":{\"file\":\"SHF_eb00255837-720x480.jpg\",\"width\":720,\"height\":480,\"mime-type\":\"image\\\/jpeg\",\"filesize\":110153},\"hd\":{\"file\":\"SHF_eb00255837-1280x853.jpg\",\"width\":1280,\"height\":853,\"mime-type\":\"image\\\/jpeg\",\"filesize\":263812},\"full\":{\"file\":\"SHF_eb00255837-1920x1280.jpg\",\"width\":1920,\"height\":1280,\"mime-type\":\"image\\\/jpeg\",\"filesize\":487450},\"xxl\":{\"file\":\"SHF_eb00255837-4048x2699.jpg\",\"width\":4048,\"height\":2699,\"mime-type\":\"image\\\/jpeg\",\"filesize\":1619266},\"1536x1536\":{\"file\":\"SHF_eb00255837-1536x1024.jpg\",\"width\":1536,\"height\":1024,\"mime-type\":\"image\\\/jpeg\",\"filesize\":346719},\"2048x2048\":{\"file\":\"SHF_eb00255837-2048x1365.jpg\",\"width\":2048,\"height\":1365,\"mime-type\":\"image\\\/jpeg\",\"filesize\":538607},\"original\":{\"file\":\"SHF_eb00255837.jpg\",\"width\":9449,\"height\":6299}},\n\t\t\t\t\"alt\" : \"Bunte, geometrische Wandinstallationen mit leuchtenden Mustern und Symbolen in einem Ausstellungsraum.\",\n\t\t\t\t\"path\" : \"\\\/wp-content\\\/uploads\\\/2026\\\/06\\\/\",\n\t\t\t\t\"video\" : null,\n\t\t\t\t\"autoplay\" : null,\n\t\t\t\t\"youtube\" : null,\n\t\t\t\t\"youtubelabel\" : \"Video abspielen\",\n\t\t\t\t\"brightness\" : 100,\n\t\t\t\t\"crop\" : null,\n\t\t\t\t\"background\" : false,\n\t\t\t\t\"scale\" : 1\t\t\t\t}\n\t\t\t<\/script>\n\n\t\t\t<div class=\"height-container\" style=\"padding-bottom:66.663138956503%;\" v-if=\"sizes\">\n\t\t\t\t\t\t\t\t<lazy-media :inline=\"true\" :alt=\"alt\" :sizes=\"sizes\" :scale=\"scale\" :brightness=\"brightness\" :path=\"path\" :video=\"video\" :autoplay=\"autoplay\" :youtube=\"youtube\" :crop=\"crop\" :youtubelabel=\"youtubelabel\" :background=\"background\" media-id=\"desc_media_6a9d5694bfea5\"><\/lazy-media>\n\t\t\t\t\t\t\t<\/div>\n\n\t\t\t\t\t\t\t<figcaption class=\"\" id=\"desc_media_6a9d5694bfea5\">\n\t\t\t\t\t<div class=\"lazy-media-info-body-content\">\n\t\t\t\t\t\t\t\t\t\t\t\t\t<div>Exhibition by Indigenous Shipibo-Konibo artist Olinda Reshinjabe Silvano, The Magic of Ken&eacute;<\/div>\n\t\t\t\t\t\t\t\t\t\t\t\t\t\t\t\t\t\t\t<div class=\"insignificant\">\u00a9 Olinda Silvano, Foto: Juan Pablo Murrugarra<\/div>\n\t\t\t\t\t\t\t\t\t\t\t<\/div>\n\t\t\t\t<\/figcaption>\n\t\t\t\t\t\t\t\t\t<\/figure>\n\t<\/lazy-media-inline>\n\t\t\t\t\t\t\t\t\t\t\t\t\t<\/div>\n\t\t\t\t\t\t\t\t\t\t\t\t<\/div>\n\t\t\t\t\t\t\t\t\t\t\t<\/div>\n\n\t\t\t\t\t\t\t\t\t\t\t\t\t\t\t\t\t\t\t\t\t<\/div>\n\t\t\t\t\t\t\t\t\t<\/div>\n\t\t\t\t\t\t\t\t<\/div>\n\t\t\t\t\t\t\t\t<\/block-accordion-item>\n\t\t\t\t\t\t\t\t\t\t\t\t\t\t<block-accordion-item inline-template item-headline=\"Workshop Oktober 2025 \">\n\t\t\t\t\t\t\t\t<div ref=\"item\" data-id=\"WorkshopOktober2025\" class=\"block-accordion-item vue-initialize\" aria-expanded=\"false\" :aria-expanded=\"active ? 'true' : 'false'\">\n\t\t\t\t\t\t\t\t\t<button class=\"accordion-button-with-icon block-accordion-item-head\" :class=\"{'button-active': active}\" ref=\"head\" aria-controls=\"acc_6a9d5694c0107\" id=\"acc_title_6a9d5694c0109\" @click=\"toggle\" @keydown=\"key\">\n\t\t\t\t\t\t\t\t\t<div><span class=\"button-label\">Workshop Oktober 2025 <\/span><\/div><span class=\"button-icon icon-plus\" aria-hidden=\"true\"><\/span>\n\t\t\t\t\t\t\t\t<\/button>\n\t\t\t\t\t\t\t\t\t<div ref=\"body\" class=\"block-accordion-item-content\" id=\"acc_6a9d5694c0107\" role=\"region\">\n\t\t\t\t\t\t\t\t\t\t<div class=\"wrapper copy\">\n\t\t\t\t\t\t\t\t\t\t\t<p><span data-contrast=\"auto\">Anfang Oktober 2025 trafen sich die Mitglieder der Reference Group, die im Juni, w\u00e4hrend der Global Cultural Assembly nominiert worden waren, zu ihrem ersten Pr\u00e4senz-Workshop im Humboldt Forum in Berlin. Gemeinsam mit Kolleg*innen der Stiftung Humboldt Forum, des Ethnologischen Museums und des Museums f\u00fcr Asiatische Kunst kn\u00fcpften sie an ihren fr\u00fcheren Online-Austausch an, um gemeinsame Arbeitsstrukturen zu entwickeln und konkrete Schritte f\u00fcr einen langfristigen institutionellen Wandel festzulegen.<\/span><span data-ccp-props=\"{&quot;134233117&quot;:false,&quot;134233118&quot;:false,&quot;201341983&quot;:0,&quot;335551550&quot;:1,&quot;335551620&quot;:1,&quot;335559685&quot;:0,&quot;335559737&quot;:0,&quot;335559738&quot;:240,&quot;335559739&quot;:240,&quot;335559740&quot;:278}\">\u00a0<\/span><\/p>\n<p><span data-contrast=\"auto\">Im Rahmen eines gemeinsamen Strukturierungsprozesses \u00fcberpr\u00fcfte und konsolidierte die Gruppe die Beschl\u00fcsse der Versammlung und setzte diese in umsetzbare Ma\u00dfnahmen um. Dieser Workshop stellte einen wichtigen Meilenstein bei der Gestaltung der zuk\u00fcnftigen Zusammenarbeit und der Entwicklung umsetzbarer Ergebnisse innerhalb des sich weiterentwickelnden Rahmens der Global Cultural\u00a0Embassy\u00a0(GCE) dar. Der Schwerpunkt lag auf der Entwicklung gemeinsamer Arbeitsstrukturen und der Formulierung von Zielen f\u00fcr einen nachhaltigen institutionellen Wandel.<\/span><span data-ccp-props=\"{&quot;134233117&quot;:false,&quot;134233118&quot;:false,&quot;201341983&quot;:0,&quot;335551550&quot;:1,&quot;335551620&quot;:1,&quot;335559685&quot;:0,&quot;335559737&quot;:0,&quot;335559738&quot;:240,&quot;335559739&quot;:240,&quot;335559740&quot;:278}\">\u00a0<\/span><\/p>\n<p>&nbsp;<\/p>\n\n\t\t\t\t\t\t\t\t\t\t\t\t\t\t\t\t\t\t\t\t\t\t\t\t\t\t\t\t\t\t\t\t\t\t\t\t\t\t\t\t\t\t\t\t\n\t\t\t\t\t\t\t\t\t\t\t<div class=\"row\">\n\t\t\t\t\t\t\t\t\t\t\t\t<div class=\"col-xs-12 col-sm-9\">\n\t\t\t\t\t\t\t\t\t\t\t\t\t<div class=\"box\">\n\t\t\t\t\t\t\t\t\t\t\t\t\t\t\n\t<lazy-media-inline inline-template>\n\t\t<figure itemscope itemtype=\"http:\/\/schema.org\/ImageObject\" class=\"lazy-media-inline \" role=\"group\" id=\"media_6a9d5694c05a1\" aria-labelledby=\"desc_media_6a9d5694c05a1\">\n\t\t\t<script type=\"application\/json\" ref=\"data\">\n\t\t\t\t{\n\t\t\t\t\"sizes\" : {\"medium\":{\"file\":\"SHF_eb00255400-300x200.jpg\",\"width\":300,\"height\":200,\"mime-type\":\"image\\\/jpeg\",\"filesize\":13819},\"large\":{\"file\":\"SHF_eb00255400-1024x683.jpg\",\"width\":1024,\"height\":683,\"mime-type\":\"image\\\/jpeg\",\"filesize\":90285},\"thumbnail\":{\"file\":\"SHF_eb00255400-150x150.jpg\",\"width\":150,\"height\":150,\"mime-type\":\"image\\\/jpeg\",\"filesize\":6997},\"medium_large\":{\"file\":\"SHF_eb00255400-768x512.jpg\",\"width\":768,\"height\":512,\"mime-type\":\"image\\\/jpeg\",\"filesize\":59112},\"small\":{\"file\":\"SHF_eb00255400-440x294.jpg\",\"width\":440,\"height\":294,\"mime-type\":\"image\\\/jpeg\",\"filesize\":25072},\"semi\":{\"file\":\"SHF_eb00255400-580x387.jpg\",\"width\":580,\"height\":387,\"mime-type\":\"image\\\/jpeg\",\"filesize\":38542},\"mobile\":{\"file\":\"SHF_eb00255400-720x480.jpg\",\"width\":720,\"height\":480,\"mime-type\":\"image\\\/jpeg\",\"filesize\":53402},\"original\":{\"file\":\"SHF_eb00255400.jpg\",\"width\":1280,\"height\":854}},\n\t\t\t\t\"alt\" : \"Eine Gruppe von Frauen sitzt in einem Raum mit blauen Vorh\\u00e4ngen und Bildern im Hintergrund. In der Mitte steht eine Pflanze.\",\n\t\t\t\t\"path\" : \"\\\/wp-content\\\/uploads\\\/2025\\\/09\\\/\",\n\t\t\t\t\"video\" : null,\n\t\t\t\t\"autoplay\" : null,\n\t\t\t\t\"youtube\" : null,\n\t\t\t\t\"youtubelabel\" : \"Video abspielen\",\n\t\t\t\t\"brightness\" : 100,\n\t\t\t\t\"crop\" : null,\n\t\t\t\t\"background\" : false,\n\t\t\t\t\"scale\" : 1\t\t\t\t}\n\t\t\t<\/script>\n\n\t\t\t<div class=\"height-container\" style=\"padding-bottom:66.71875%;\" v-if=\"sizes\">\n\t\t\t\t\t\t\t\t<lazy-media :inline=\"true\" :alt=\"alt\" :sizes=\"sizes\" :scale=\"scale\" :brightness=\"brightness\" :path=\"path\" :video=\"video\" :autoplay=\"autoplay\" :youtube=\"youtube\" :crop=\"crop\" :youtubelabel=\"youtubelabel\" :background=\"background\" media-id=\"desc_media_6a9d5694c05a1\"><\/lazy-media>\n\t\t\t\t\t\t\t<\/div>\n\n\t\t\t\t\t\t\t<figcaption class=\"\" id=\"desc_media_6a9d5694c05a1\">\n\t\t\t\t\t<div class=\"lazy-media-info-body-content\">\n\t\t\t\t\t\t\t\t\t\t\t\t\t<div>Workshop October 2025<\/div>\n\t\t\t\t\t\t\t\t\t\t\t\t\t\t\t\t\t\t\t<div class=\"insignificant\">\u00a9 Stiftung Humboldt Forum im Berliner Schloss, Foto: Frank Sperling<\/div>\n\t\t\t\t\t\t\t\t\t\t\t<\/div>\n\t\t\t\t<\/figcaption>\n\t\t\t\t\t\t\t\t\t<\/figure>\n\t<\/lazy-media-inline>\n\t\t\t\t\t\t\t\t\t\t\t\t\t<\/div>\n\t\t\t\t\t\t\t\t\t\t\t\t<\/div>\n\t\t\t\t\t\t\t\t\t\t\t<\/div>\n\n\t\t\t\t\t\t\t\t\t\t\t\t\t\t\t\t\t\t\t\t\t<\/div>\n\t\t\t\t\t\t\t\t\t<\/div>\n\t\t\t\t\t\t\t\t<\/div>\n\t\t\t\t\t\t\t\t<\/block-accordion-item>\n\t\t\t\t\t\t\t\t\t\t\t\t\t\t<block-accordion-item inline-template item-headline=\"Curating as commons. Die POLYGON: WORDS\/ROOTS\/WORLDS Erfahrung. \">\n\t\t\t\t\t\t\t\t<div ref=\"item\" data-id=\"CuratingascommonsDiePOLYGONWORDSROOTSWORLDSErfahrung\" class=\"block-accordion-item vue-initialize\" aria-expanded=\"false\" :aria-expanded=\"active ? 'true' : 'false'\">\n\t\t\t\t\t\t\t\t\t<button class=\"accordion-button-with-icon block-accordion-item-head\" :class=\"{'button-active': active}\" ref=\"head\" aria-controls=\"acc_6a9d5694c08db\" id=\"acc_title_6a9d5694c08dd\" @click=\"toggle\" @keydown=\"key\">\n\t\t\t\t\t\t\t\t\t<div><span class=\"button-label\">Curating as commons. Die POLYGON: WORDS\/ROOTS\/WORLDS Erfahrung. <\/span><\/div><span class=\"button-icon icon-plus\" aria-hidden=\"true\"><\/span>\n\t\t\t\t\t\t\t\t<\/button>\n\t\t\t\t\t\t\t\t\t<div ref=\"body\" class=\"block-accordion-item-content\" id=\"acc_6a9d5694c08db\" role=\"region\">\n\t\t\t\t\t\t\t\t\t\t<div class=\"wrapper copy\">\n\t\t\t\t\t\t\t\t\t\t\t<p><span data-contrast=\"auto\">Im Laufe des letzten Jahrzehnts hat sich die Kritik an den Karten und Zeitachsen, auf denen die koloniale Vergangenheit und die globale Gegenwart basieren, versch\u00e4rft. Verschiedene internationale Initiativen und lokale Akteure haben sich mit der Legitimit\u00e4tskrise von Museumssammlungen und den interpretativen Grenzen von Institutionen auseinandergesetzt. Forderungen nach Restitution, R\u00fcckf\u00fchrung und Wiedergutmachung haben sowohl im globalen S\u00fcden als auch im Norden erhebliche politische Resonanz gefunden. Die Intensit\u00e4t dieser Debatten und der radikale Charakter bestimmter Aktionen haben unumkehrbare Fragen zum westlichen Geschichtsrahmen, zur neoliberalen Kulturpolitik und zu den Paradoxien des kuratorischen Apparats aufgeworfen.<\/span><span data-ccp-props=\"{&quot;134233117&quot;:false,&quot;134233118&quot;:false,&quot;201341983&quot;:0,&quot;335551550&quot;:1,&quot;335551620&quot;:1,&quot;335559685&quot;:0,&quot;335559737&quot;:0,&quot;335559738&quot;:240,&quot;335559739&quot;:240,&quot;335559740&quot;:278}\">\u00a0<\/span><\/p>\n<p><span data-contrast=\"none\">In diesem Zusammenhang \u00fcbernahm die Vorbereitungsgruppe \u2013 bestehend aus Achilles\u00a0Bufure, Feride Funda G-Gen\u00e7aslan, Laibor Kalanga Moko, Augustine Moukodi, Deepak\u00a0Tolange, Michael Nicoll Yahgulanaas, Diana Guzm\u00e1n, Orlando Villegas und Fabiano Kueva \u2013 zwischen 2023 und 2025 ein gemeinsames Mandat. Sie setzten sich f\u00fcr die Erkl\u00e4rung<strong>\u00a0DIGNITY \u2013 CONTINUITY \u2013 TRANSPARENCY<\/strong>\u00a0ein, die 2022 in Berlin von mehr als 100 internationalen Delegierten bei einem vom Humboldt-Forum im Rahmen seiner Initiative \u201eIndigenous\u00a0Embassy\u201c organisierten Treffen unterzeichnet wurde.<\/span><span data-ccp-props=\"{&quot;134233117&quot;:false,&quot;134233118&quot;:false,&quot;201341983&quot;:0,&quot;335551550&quot;:1,&quot;335551620&quot;:1,&quot;335559685&quot;:0,&quot;335559737&quot;:0,&quot;335559738&quot;:0,&quot;335559739&quot;:160,&quot;335559740&quot;:278}\">\u00a0<\/span><\/p>\n<p><span data-contrast=\"none\">Angesichts der Herausforderung, Formen des horizontalen Zuh\u00f6rens und des Dialogs mit unseren deutschen Gastgeber*innen zu entwickeln, hat die Preparatory Group (2023\u20132025) die Versammlungsform als Arbeitsmethode und Mittel zur Legitimierung \u00fcbernommen. Dies f\u00fchrte im Jahr 2023 zur Umwandlung der Indigenen-Botschaft in die <em>Global Cultural Assenbly<\/em> (GCA) als Strategie zur Etablierung von Konzepten und Praktiken, die sich aus vielf\u00e4ltigen Weltanschauungen ableiten, um die kosmopolitischen Machtverh\u00e4ltnisse, die den vom deutschen Staat gehaltenen Museumssammlungen zugrunde liegen, auf der Grundlage des Gemeinwohls als transformativer Kraft zu ver\u00e4ndern.<\/span><span data-ccp-props=\"{&quot;134233117&quot;:false,&quot;134233118&quot;:false,&quot;201341983&quot;:0,&quot;335551550&quot;:1,&quot;335551620&quot;:1,&quot;335559685&quot;:0,&quot;335559737&quot;:0,&quot;335559738&quot;:0,&quot;335559739&quot;:160,&quot;335559740&quot;:278}\">\u00a0<\/span><\/p>\n<p><span data-contrast=\"none\">Urspr\u00fcnglich war <strong>WORDS\/ROOTS\/WORLDS<\/strong> ein Forschungsprojekt der\u00a0Preparatory\u00a0Group (2023\u20132025) zur Entwicklung von Protokollen und zur F\u00f6rderung zeitgen\u00f6ssischer Vermittlungsans\u00e4tze, die auf der Beziehung zu Entit\u00e4ten basieren, die fr\u00fcher als Objekte oder Kulturg\u00fcter bezeichnet wurden und die in Museen ausgestellt sind oder in deren Depots aufbewahrt werden. Als sich die Gelegenheit bot, dieses Projekt in die Ausstellung\u00a0Beziehungsweise\u00a0Familie\u00a0(2025) des Humboldt-Forums zu integrieren, entwickelte sich <strong>WORDS\/ROOTS\/WORLDS<\/strong> zu einem kollektiven kuratorischen Projekt, das als multimediale Installation (Texte, Fotografien, Textilien, Zeichnungen und Video) in Form eines <strong>POLYGONS<\/strong> pr\u00e4sentiert wurde \u2013 als Metapher f\u00fcr Einheit in der Vielfalt.<\/span><span data-ccp-props=\"{&quot;134233117&quot;:false,&quot;134233118&quot;:false,&quot;201341983&quot;:0,&quot;335551550&quot;:1,&quot;335551620&quot;:1,&quot;335559685&quot;:0,&quot;335559737&quot;:0,&quot;335559738&quot;:0,&quot;335559739&quot;:160,&quot;335559740&quot;:278}\">\u00a0<\/span><\/p>\n<p><span data-contrast=\"none\">Die Beziehungen zwischen Zeit, Ort, Sprache und Erinnerung pr\u00e4gen das <strong>POLYGON<\/strong>. Kontinente, Gemeinschaften und Wissen verbinden sich in ihrer Gemeinsamkeit und verweben sich aus der Notwendigkeit heraus zu einer subtilen und offenen Polyphonie. <strong>WORDS\/ROOTS\/WORLDS<\/strong> ist ein Dialog mit dem deutschen Publikum, um einen Kontaktbereich zu schaffen, einen sinnlichen Raum des kollektiven Geistes, in dem Begriffe wie Ahn*innen, Widerstand, Repatriierung und Dekolonialisierung verst\u00e4ndlich werden und im Alltag Fu\u00df fassen. Ausgehend von einer einfachen Frage provoziert das Projekt Fragen und Antworten im Publikum: <em><strong>Wo liegen deine Wurzeln?<\/strong><\/em><\/span><span data-ccp-props=\"{&quot;134233117&quot;:false,&quot;134233118&quot;:false,&quot;201341983&quot;:0,&quot;335551550&quot;:1,&quot;335551620&quot;:1,&quot;335559685&quot;:0,&quot;335559737&quot;:0,&quot;335559738&quot;:0,&quot;335559739&quot;:160,&quot;335559740&quot;:278}\">\u00a0<\/span><\/p>\n<p><span data-contrast=\"none\">Partizipativ und kollaborativ sind Begriffe, die im institutionellen Bereich zunehmend pr\u00e4sent sind. Die Herausforderung f\u00fcr <strong>GCA<\/strong> besteht jedoch darin, einen Geist der Erneuerung aufrechtzuerhalten und anzuerkennen, dass kultureller Wandel ohne sozialen Wandel nicht stattfinden kann, dass aber gleichzeitig Museen und Kulturzentren ein notwendiges Mittel f\u00fcr postkoloniale Reflexion und demokratisches Zusammenleben sind.<\/span><span data-ccp-props=\"{&quot;134233117&quot;:false,&quot;134233118&quot;:false,&quot;201341983&quot;:0,&quot;335551550&quot;:1,&quot;335551620&quot;:1,&quot;335559685&quot;:0,&quot;335559737&quot;:0,&quot;335559738&quot;:0,&quot;335559739&quot;:160,&quot;335559740&quot;:278}\">\u00a0<\/span><\/p>\n<p><span data-contrast=\"none\">Text von Fabiano Kueva<\/span><\/p>\n\n\t\t\t\t\t\t\t\t\t\t\t\t\t\t\t\t\t\t\t\t\t\t\t\t\t\t\t\t\t\t\t\t\t\t\t\t\t\t\t\t\t\t\t\t\n\t\t\t\t\t\t\t\t\t\t\t<div class=\"row\">\n\t\t\t\t\t\t\t\t\t\t\t\t<div class=\"col-xs-12 col-sm-9\">\n\t\t\t\t\t\t\t\t\t\t\t\t\t<div class=\"box\">\n\t\t\t\t\t\t\t\t\t\t\t\t\t\t\n\t<lazy-media-inline inline-template>\n\t\t<figure itemscope itemtype=\"http:\/\/schema.org\/ImageObject\" class=\"lazy-media-inline \" role=\"group\" id=\"media_6a9d5694c0d30\" aria-labelledby=\"desc_media_6a9d5694c0d30\">\n\t\t\t<script type=\"application\/json\" ref=\"data\">\n\t\t\t\t{\n\t\t\t\t\"sizes\" : {\"medium\":{\"file\":\"SHF_eb00255208-300x200.jpg\",\"width\":300,\"height\":200,\"mime-type\":\"image\\\/jpeg\",\"filesize\":16330},\"large\":{\"file\":\"SHF_eb00255208-1024x682.jpg\",\"width\":1024,\"height\":682,\"mime-type\":\"image\\\/jpeg\",\"filesize\":106595},\"thumbnail\":{\"file\":\"SHF_eb00255208-150x150.jpg\",\"width\":150,\"height\":150,\"mime-type\":\"image\\\/jpeg\",\"filesize\":7083},\"medium_large\":{\"file\":\"SHF_eb00255208-768x512.jpg\",\"width\":768,\"height\":512,\"mime-type\":\"image\\\/jpeg\",\"filesize\":68392},\"small\":{\"file\":\"SHF_eb00255208-440x293.jpg\",\"width\":440,\"height\":293,\"mime-type\":\"image\\\/jpeg\",\"filesize\":29412},\"semi\":{\"file\":\"SHF_eb00255208-580x387.jpg\",\"width\":580,\"height\":387,\"mime-type\":\"image\\\/jpeg\",\"filesize\":45354},\"mobile\":{\"file\":\"SHF_eb00255208-720x480.jpg\",\"width\":720,\"height\":480,\"mime-type\":\"image\\\/jpeg\",\"filesize\":62133},\"original\":{\"file\":\"SHF_eb00255208.jpg\",\"width\":1280,\"height\":853}},\n\t\t\t\t\"alt\" : \"Zwei Personen unterhalten sich in einer Ausstellung \\u00fcber Kultur und Identit\\u00e4t, umgeben von Kunstwerken und Informationen.\",\n\t\t\t\t\"path\" : \"\\\/wp-content\\\/uploads\\\/2025\\\/09\\\/\",\n\t\t\t\t\"video\" : null,\n\t\t\t\t\"autoplay\" : null,\n\t\t\t\t\"youtube\" : null,\n\t\t\t\t\"youtubelabel\" : \"Video abspielen\",\n\t\t\t\t\"brightness\" : 100,\n\t\t\t\t\"crop\" : null,\n\t\t\t\t\"background\" : false,\n\t\t\t\t\"scale\" : 1\t\t\t\t}\n\t\t\t<\/script>\n\n\t\t\t<div class=\"height-container\" style=\"padding-bottom:66.640625%;\" v-if=\"sizes\">\n\t\t\t\t\t\t\t\t<lazy-media :inline=\"true\" :alt=\"alt\" :sizes=\"sizes\" :scale=\"scale\" :brightness=\"brightness\" :path=\"path\" :video=\"video\" :autoplay=\"autoplay\" :youtube=\"youtube\" :crop=\"crop\" :youtubelabel=\"youtubelabel\" :background=\"background\" media-id=\"desc_media_6a9d5694c0d30\"><\/lazy-media>\n\t\t\t\t\t\t\t<\/div>\n\n\t\t\t\t\t\t\t<figcaption class=\"\" id=\"desc_media_6a9d5694c0d30\">\n\t\t\t\t\t<div class=\"lazy-media-info-body-content\">\n\t\t\t\t\t\t\t\t\t\t\t\t\t<div>Fabiano Kueva und Feride Funda G&ouml;k&ccedil;imen-Gen&ccedil;aslan beim Kurator*innengespr&auml;ch &quot;Was sind deine Wurzeln?&quot; zum GCA Treffpunkt am Themenwochenende zur Er&ouml;ffnung der Sonderausstellung &quot;Beziehungsweise Familie \/ Family Matters&quot;<\/div>\n\t\t\t\t\t\t\t\t\t\t\t\t\t\t\t\t\t\t\t<div class=\"insignificant\">\u00a9 Stiftung Humboldt Forum im Berliner Schloss, Foto: Frank Sperling<\/div>\n\t\t\t\t\t\t\t\t\t\t\t<\/div>\n\t\t\t\t<\/figcaption>\n\t\t\t\t\t\t\t\t\t<\/figure>\n\t<\/lazy-media-inline>\n\t\t\t\t\t\t\t\t\t\t\t\t\t<\/div>\n\t\t\t\t\t\t\t\t\t\t\t\t<\/div>\n\t\t\t\t\t\t\t\t\t\t\t<\/div>\n\n\t\t\t\t\t\t\t\t\t\t\t\t\t\t\t\t\t\t\t\t\t<\/div>\n\t\t\t\t\t\t\t\t\t<\/div>\n\t\t\t\t\t\t\t\t<\/div>\n\t\t\t\t\t\t\t\t<\/block-accordion-item>\n\t\t\t\t\t\t\t\t\t\t\t\t\t\t<block-accordion-item inline-template item-headline=\"Er\u00f6ffnung des GCA-Raums \">\n\t\t\t\t\t\t\t\t<div ref=\"item\" data-id=\"ErffnungdesGCA-Raums\" class=\"block-accordion-item vue-initialize\" aria-expanded=\"false\" :aria-expanded=\"active ? 'true' : 'false'\">\n\t\t\t\t\t\t\t\t\t<button class=\"accordion-button-with-icon block-accordion-item-head\" :class=\"{'button-active': active}\" ref=\"head\" aria-controls=\"acc_6a9d5694c0f3b\" id=\"acc_title_6a9d5694c0f3d\" @click=\"toggle\" @keydown=\"key\">\n\t\t\t\t\t\t\t\t\t<div><span class=\"button-label\">Er\u00f6ffnung des GCA-Raums <\/span><\/div><span class=\"button-icon icon-plus\" aria-hidden=\"true\"><\/span>\n\t\t\t\t\t\t\t\t<\/button>\n\t\t\t\t\t\t\t\t\t<div ref=\"body\" class=\"block-accordion-item-content\" id=\"acc_6a9d5694c0f3b\" role=\"region\">\n\t\t\t\t\t\t\t\t\t\t<div class=\"wrapper copy\">\n\t\t\t\t\t\t\t\t\t\t\t<p><span data-contrast=\"none\">Ethnologische Museen beherbergen Kulturg\u00fcter aus allen Teilen der Welt. Was diese f\u00fcr die Menschen vor Ort bedeuten, erfahren wir meist indirekt, vermittelt durch Kurator*innen und Wissenschaftler*innen. Was w\u00e4re, wenn die Menschen, deren Kulturg\u00fcter wir sehen, selbst dar\u00fcber bestimmen k\u00f6nnten?<\/span><span data-ccp-props=\"{&quot;134233117&quot;:false,&quot;134233118&quot;:false,&quot;201341983&quot;:0,&quot;335551550&quot;:1,&quot;335551620&quot;:1,&quot;335559685&quot;:0,&quot;335559737&quot;:0,&quot;335559738&quot;:0,&quot;335559739&quot;:160,&quot;335559740&quot;:278}\">\u00a0<\/span><\/p>\n<p><span data-contrast=\"none\">GCA steht f\u00fcr Global Cultural Assembly. Die Versammlung entscheidet selbst, welche Kulturg\u00fcter ausgestellt und welche Geschichten damit erz\u00e4hlt werden. Es entsteht eine neue Art der Programmgestaltung, bei der die internationalen Partner*innen\u00a0ein gewichtiges Mitspracherecht haben.<\/span><span data-ccp-props=\"{&quot;134233117&quot;:false,&quot;134233118&quot;:false,&quot;201341983&quot;:0,&quot;335551550&quot;:1,&quot;335551620&quot;:1,&quot;335559685&quot;:0,&quot;335559737&quot;:0,&quot;335559738&quot;:0,&quot;335559739&quot;:160,&quot;335559740&quot;:278}\">\u00a0<\/span><\/p>\n<p><span data-contrast=\"none\">Diese neue Art der Zusammenarbeit beginnt mit der Schaffung einer Struktur, die es erm\u00f6glicht, die Anliegen und Interessen der internationalen Gemeinschaft gegen\u00fcber dem Humboldt Forum zu vertreten. Insbesondere die Perspektiven indigener Gruppen, die von Kolonialismus, Rassismus und Antisemitismus betroffen sind, sowie von Gruppen, denen kaum Geh\u00f6r geschenkt wird. Das ist unsere Herausforderung f\u00fcr die kommenden Jahre. <\/span><span data-contrast=\"none\">Erste Spuren der GCA sind in einem von den Mitgliedern gestalteten Ausstellungsraum sichtbar. Er zeigt die Vision der zuk\u00fcnftigen gemeinsamen Arbeit.<\/span><span data-ccp-props=\"{&quot;134233117&quot;:false,&quot;134233118&quot;:false,&quot;201341983&quot;:0,&quot;335551550&quot;:1,&quot;335551620&quot;:1,&quot;335559685&quot;:0,&quot;335559737&quot;:0,&quot;335559738&quot;:0,&quot;335559739&quot;:160,&quot;335559740&quot;:278}\">\u00a0<\/span><\/p>\n\n\t\t\t\t\t\t\t\t\t\t\t\t\t\t\t\t\t\t\t\t\t\t\t\t\t\t\t\t\t\t\t\t\t\t\t\t\t\t\t\t\t\t\t\t\n\t\t\t\t\t\t\t\t\t\t\t<div class=\"row\">\n\t\t\t\t\t\t\t\t\t\t\t\t<div class=\"col-xs-12 col-sm-9\">\n\t\t\t\t\t\t\t\t\t\t\t\t\t<div class=\"box\">\n\t\t\t\t\t\t\t\t\t\t\t\t\t\t\n\t<lazy-media-inline inline-template>\n\t\t<figure itemscope itemtype=\"http:\/\/schema.org\/ImageObject\" class=\"lazy-media-inline \" role=\"group\" id=\"media_6a9d5694c1461\" aria-labelledby=\"desc_media_6a9d5694c1461\">\n\t\t\t<script type=\"application\/json\" ref=\"data\">\n\t\t\t\t{\n\t\t\t\t\"sizes\" : {\"medium\":{\"file\":\"SHF_eb00232694-300x200.jpg\",\"width\":300,\"height\":200,\"mime-type\":\"image\\\/jpeg\",\"filesize\":15750},\"large\":{\"file\":\"SHF_eb00232694-1024x682.jpg\",\"width\":1024,\"height\":682,\"mime-type\":\"image\\\/jpeg\",\"filesize\":89901},\"thumbnail\":{\"file\":\"SHF_eb00232694-150x150.jpg\",\"width\":150,\"height\":150,\"mime-type\":\"image\\\/jpeg\",\"filesize\":7657},\"medium_large\":{\"file\":\"SHF_eb00232694-768x512.jpg\",\"width\":768,\"height\":512,\"mime-type\":\"image\\\/jpeg\",\"filesize\":59299},\"small\":{\"file\":\"SHF_eb00232694-440x293.jpg\",\"width\":440,\"height\":293,\"mime-type\":\"image\\\/jpeg\",\"filesize\":27070},\"semi\":{\"file\":\"SHF_eb00232694-580x387.jpg\",\"width\":580,\"height\":387,\"mime-type\":\"image\\\/jpeg\",\"filesize\":40543},\"mobile\":{\"file\":\"SHF_eb00232694-720x480.jpg\",\"width\":720,\"height\":480,\"mime-type\":\"image\\\/jpeg\",\"filesize\":54175},\"original\":{\"file\":\"SHF_eb00232694.jpg\",\"width\":1280,\"height\":853}},\n\t\t\t\t\"alt\" : \"Menschen bei einer Veranstaltung um ein gl\\u00e4sernes Terrarium mit Pflanzen, im Hintergrund eine Projektion und bunte Lichter.\",\n\t\t\t\t\"path\" : \"\\\/wp-content\\\/uploads\\\/2026\\\/04\\\/\",\n\t\t\t\t\"video\" : null,\n\t\t\t\t\"autoplay\" : null,\n\t\t\t\t\"youtube\" : null,\n\t\t\t\t\"youtubelabel\" : \"Video abspielen\",\n\t\t\t\t\"brightness\" : 100,\n\t\t\t\t\"crop\" : null,\n\t\t\t\t\"background\" : false,\n\t\t\t\t\"scale\" : 1\t\t\t\t}\n\t\t\t<\/script>\n\n\t\t\t<div class=\"height-container\" style=\"padding-bottom:66.640625%;\" v-if=\"sizes\">\n\t\t\t\t\t\t\t\t<lazy-media :inline=\"true\" :alt=\"alt\" :sizes=\"sizes\" :scale=\"scale\" :brightness=\"brightness\" :path=\"path\" :video=\"video\" :autoplay=\"autoplay\" :youtube=\"youtube\" :crop=\"crop\" :youtubelabel=\"youtubelabel\" :background=\"background\" media-id=\"desc_media_6a9d5694c1461\"><\/lazy-media>\n\t\t\t\t\t\t\t<\/div>\n\n\t\t\t\t\t\t\t<figcaption class=\"\" id=\"desc_media_6a9d5694c1461\">\n\t\t\t\t\t<div class=\"lazy-media-info-body-content\">\n\t\t\t\t\t\t\t\t\t\t\t\t\t<div>Einweihung GCA Raum, September 2024<\/div>\n\t\t\t\t\t\t\t\t\t\t\t\t\t\t\t\t\t\t\t<div class=\"insignificant\">\u00a9 Stiftung Humboldt Forum im Berliner Schloss, Foto: Frank Sperling<\/div>\n\t\t\t\t\t\t\t\t\t\t\t<\/div>\n\t\t\t\t<\/figcaption>\n\t\t\t\t\t\t\t\t\t<\/figure>\n\t<\/lazy-media-inline>\n\t\t\t\t\t\t\t\t\t\t\t\t\t<\/div>\n\t\t\t\t\t\t\t\t\t\t\t\t<\/div>\n\t\t\t\t\t\t\t\t\t\t\t<\/div>\n\n\t\t\t\t\t\t\t\t\t\t\t\t\t\t\t\t\t\t\t\t\t<\/div>\n\t\t\t\t\t\t\t\t\t<\/div>\n\t\t\t\t\t\t\t\t<\/div>\n\t\t\t\t\t\t\t\t<\/block-accordion-item>\n\t\t\t\t\t\t\t\t\t\t\t\t\t\t<block-accordion-item inline-template item-headline=\"Sp\u00e4ti &quot;W\u00fcrde \u2013 Transparenz \u2013 Kontinuit\u00e4t&quot;\">\n\t\t\t\t\t\t\t\t<div ref=\"item\" data-id=\"SptiWrdeTransparenzKontinuitt\" class=\"block-accordion-item vue-initialize\" aria-expanded=\"false\" :aria-expanded=\"active ? 'true' : 'false'\">\n\t\t\t\t\t\t\t\t\t<button class=\"accordion-button-with-icon block-accordion-item-head\" :class=\"{'button-active': active}\" ref=\"head\" aria-controls=\"acc_6a9d5694c166a\" id=\"acc_title_6a9d5694c166b\" @click=\"toggle\" @keydown=\"key\">\n\t\t\t\t\t\t\t\t\t<div><span class=\"button-label\">Sp\u00e4ti &#8222;W\u00fcrde \u2013 Transparenz \u2013 Kontinuit\u00e4t&#8220;<\/span><\/div><span class=\"button-icon icon-plus\" aria-hidden=\"true\"><\/span>\n\t\t\t\t\t\t\t\t<\/button>\n\t\t\t\t\t\t\t\t\t<div ref=\"body\" class=\"block-accordion-item-content\" id=\"acc_6a9d5694c166a\" role=\"region\">\n\t\t\t\t\t\t\t\t\t\t<div class=\"wrapper copy\">\n\t\t\t\t\t\t\t\t\t\t\t<p><span data-contrast=\"none\">Am 20. Oktober 2023 stand die Global Cultural Assembly im Mittelpunkt der SP\u00c4TI-Veranstaltung. Der Abend bot Gelegenheit, \u00fcber die Fortschritte nachzudenken, die seit der Verabschiedung der Erkl\u00e4rung \u201eW\u00fcrde \u2013 Transparenz \u2013 Kontinuit\u00e4t\u201c durch die internationalen Partner*innen\u00a0im Anschluss an die Er\u00f6ffnung des Humboldt-Forums im Jahr 2022 erzielt wurden. Anl\u00e4sslich dieses einj\u00e4hrigen Jubil\u00e4ums kamen die Partner*innen\u00a0der\u00a0Global\u00a0Cultural Assembly erneut zusammen, um die bisherigen Erfolge und die noch vor ihnen liegenden Ziele zu er\u00f6rtern. Die Veranstaltung fand auf Englisch mit spanischer\u00a0Verdolmetschung statt.<\/span><span data-ccp-props=\"{&quot;134233117&quot;:false,&quot;134233118&quot;:false,&quot;201341983&quot;:0,&quot;335551550&quot;:1,&quot;335551620&quot;:1,&quot;335559685&quot;:0,&quot;335559737&quot;:0,&quot;335559738&quot;:0,&quot;335559739&quot;:160,&quot;335559740&quot;:278}\">\u00a0<\/span><\/p>\n<p><span data-contrast=\"none\">Der Abend endete mit einem DJ-Set der in Berlin lebenden\u00a0DJ\u00a0Masta\u00a0Sai, die f\u00fcr ihren energiegeladenen \u201eBerlinistan\u00a0Garam Masala Sound\u201c bekannt ist, bei dem sie SWANA- und s\u00fcdasiatische Dance-Beats miteinander verbindet.<\/span><span data-ccp-props=\"{&quot;134233117&quot;:false,&quot;134233118&quot;:false,&quot;201341983&quot;:0,&quot;335551550&quot;:1,&quot;335551620&quot;:1,&quot;335559685&quot;:0,&quot;335559737&quot;:0,&quot;335559738&quot;:0,&quot;335559739&quot;:160,&quot;335559740&quot;:278}\">\u00a0<\/span><\/p>\n\n\t\t\t\t\t\t\t\t\t\t\t\t\t\t\t\t\t\t\t\t\t\t\t\t\t\t\t\t\t\t\t\t\t\t\t\t\t\t\t\t\t\t\t\t\n\t\t\t\t\t\t\t\t\t\t\t<div class=\"row\">\n\t\t\t\t\t\t\t\t\t\t\t\t<div class=\"col-xs-12 col-sm-9\">\n\t\t\t\t\t\t\t\t\t\t\t\t\t<div class=\"box\">\n\t\t\t\t\t\t\t\t\t\t\t\t\t\t\n\t<lazy-media-inline inline-template>\n\t\t<figure itemscope itemtype=\"http:\/\/schema.org\/ImageObject\" class=\"lazy-media-inline \" role=\"group\" id=\"media_6a9d5694c1b55\" aria-labelledby=\"desc_media_6a9d5694c1b55\">\n\t\t\t<script type=\"application\/json\" ref=\"data\">\n\t\t\t\t{\n\t\t\t\t\"sizes\" : {\"medium\":{\"file\":\"SHF_eb00208490-300x200.jpg\",\"width\":300,\"height\":200,\"mime-type\":\"image\\\/jpeg\",\"filesize\":20423},\"large\":{\"file\":\"SHF_eb00208490-1024x683.jpg\",\"width\":1024,\"height\":683,\"mime-type\":\"image\\\/jpeg\",\"filesize\":145256},\"thumbnail\":{\"file\":\"SHF_eb00208490-150x150.jpg\",\"width\":150,\"height\":150,\"mime-type\":\"image\\\/jpeg\",\"filesize\":8894},\"medium_large\":{\"file\":\"SHF_eb00208490-768x512.jpg\",\"width\":768,\"height\":512,\"mime-type\":\"image\\\/jpeg\",\"filesize\":93892},\"small\":{\"file\":\"SHF_eb00208490-440x294.jpg\",\"width\":440,\"height\":294,\"mime-type\":\"image\\\/jpeg\",\"filesize\":38331},\"semi\":{\"file\":\"SHF_eb00208490-580x387.jpg\",\"width\":580,\"height\":387,\"mime-type\":\"image\\\/jpeg\",\"filesize\":60522},\"mobile\":{\"file\":\"SHF_eb00208490-720x480.jpg\",\"width\":720,\"height\":480,\"mime-type\":\"image\\\/jpeg\",\"filesize\":84504},\"original\":{\"file\":\"SHF_eb00208490.jpg\",\"width\":1280,\"height\":854}},\n\t\t\t\t\"alt\" : \"Gruppenfoto von vielf\\u00e4ltigen Personen in einem hellen Innenraum mit sichtbarer Kunstinstallation im Hintergrund.\",\n\t\t\t\t\"path\" : \"\\\/wp-content\\\/uploads\\\/2026\\\/04\\\/\",\n\t\t\t\t\"video\" : null,\n\t\t\t\t\"autoplay\" : null,\n\t\t\t\t\"youtube\" : null,\n\t\t\t\t\"youtubelabel\" : \"Video abspielen\",\n\t\t\t\t\"brightness\" : 100,\n\t\t\t\t\"crop\" : null,\n\t\t\t\t\"background\" : false,\n\t\t\t\t\"scale\" : 1\t\t\t\t}\n\t\t\t<\/script>\n\n\t\t\t<div class=\"height-container\" style=\"padding-bottom:66.71875%;\" v-if=\"sizes\">\n\t\t\t\t\t\t\t\t<lazy-media :inline=\"true\" :alt=\"alt\" :sizes=\"sizes\" :scale=\"scale\" :brightness=\"brightness\" :path=\"path\" :video=\"video\" :autoplay=\"autoplay\" :youtube=\"youtube\" :crop=\"crop\" :youtubelabel=\"youtubelabel\" :background=\"background\" media-id=\"desc_media_6a9d5694c1b55\"><\/lazy-media>\n\t\t\t\t\t\t\t<\/div>\n\n\t\t\t\t\t\t\t<figcaption class=\"\" id=\"desc_media_6a9d5694c1b55\">\n\t\t\t\t\t<div class=\"lazy-media-info-body-content\">\n\t\t\t\t\t\t\t\t\t\t\t\t\t<div>GCA \/ GCC at the discourse format &quot;Sp&auml;ti&quot; at Humboldtforum<\/div>\n\t\t\t\t\t\t\t\t\t\t\t\t\t\t\t\t\t\t\t<div class=\"insignificant\">\u00a9 Stiftung Humboldt Forum im Berliner Schloss, Foto: Frank Sperling<\/div>\n\t\t\t\t\t\t\t\t\t\t\t<\/div>\n\t\t\t\t<\/figcaption>\n\t\t\t\t\t\t\t\t\t<\/figure>\n\t<\/lazy-media-inline>\n\t\t\t\t\t\t\t\t\t\t\t\t\t<\/div>\n\t\t\t\t\t\t\t\t\t\t\t\t<\/div>\n\t\t\t\t\t\t\t\t\t\t\t<\/div>\n\n\t\t\t\t\t\t\t\t\t\t\t\t\t\t\t\t\t\t\t\t\t<\/div>\n\t\t\t\t\t\t\t\t\t<\/div>\n\t\t\t\t\t\t\t\t<\/div>\n\t\t\t\t\t\t\t\t<\/block-accordion-item>\n\t\t\t\t\t\t\t\t\t\t\t\t\t<\/div>\n\t\t\t\t\t\t<\/block-accordion>\n\t\t\t\t\t\t\t\t\t<\/div>\n\t\t\t<\/div>\n\t\t<\/div>\n\t<\/div>\n<\/section>\n\n\n<section class=\"block block-teaser col-lane \" style=\"\">\n\t\t\t\t\t\t<teaser-lane-with-buttons inline-template tracking-label=\"Links\">\n\t\t\t\t<div>\n\t\t\t\t\t<div class=\"container-fluid\">\n\t\t\t\t\t\t<div class=\"row middle-xs\">\n\t\t\t\t\t\t\t<div class=\"col-xs-10 col-sm-8\">\n\t\t\t\t\t\t\t\t<h3 class=\"h4 topline\">Links<\/h3>\t\t\t\t\t\t\t<\/div>\n\t\t\t\t\t\t\t<div class=\"col-xs-2 col-sm-4 end-xs margin-bottom-sixth\">\n\t\t\t\t\t\t\t\t<teaser-lane-buttons :visible_prev=\"visible_prev\" :visible_next=\"visible_next\" @prev=\"prev\" @next=\"next\"><\/teaser-lane-buttons>\n\t\t\t\t\t\t\t<\/div>\n\t\t\t\t\t\t<\/div>\n\t\t\t\t\t<\/div>\n\t\t\t\t\t<div class=\"teaser-lane-wrapper\">\n\t\t\t\t\t\t<ul class=\"teaser-lane\">\n\t\t\t\t\t\t<li class=\"teaser-lane-slide col-xs-9 col-sm-4 col-md-3 teaser-wrapper col-padding-remove\">\n\t<calendarteaser key=\"15418013422\" rawitem='{&quot;postId&quot;:154180,&quot;title&quot;:&quot;Der Zauber des Ken\\u00e9&quot;,&quot;excerpt&quot;:&quot;&quot;,&quot;slug&quot;:&quot;der-zauber-des-kene&quot;,&quot;post_date&quot;:&quot;2025-10-16T19:29&quot;,&quot;type&quot;:&quot;event&quot;,&quot;permalink&quot;:&quot;https:\\\/\\\/www.humboldtforum.org\\\/de\\\/programm\\\/termin\\\/gespraech\\\/der-zauber-des-kene-154180\\\/&quot;,&quot;genre&quot;:[1078],&quot;genre_details&quot;:[{&quot;text&quot;:&quot;Gespr\\u00e4ch&quot;,&quot;id&quot;:1078,&quot;icon&quot;:null,&quot;parent&quot;:0}],&quot;stakeholder&quot;:[382],&quot;stakeholder_details&quot;:[{&quot;text&quot;:&quot;Stiftung Humboldt Forum im Berliner Schloss&quot;,&quot;id&quot;:382,&quot;icon&quot;:null,&quot;parent&quot;:0}],&quot;targetgroup&quot;:[383,455],&quot;targetgroup_details&quot;:[{&quot;text&quot;:&quot;Erwachsene&quot;,&quot;id&quot;:383,&quot;icon&quot;:null,&quot;parent&quot;:0},{&quot;text&quot;:&quot;Jugendliche&quot;,&quot;id&quot;:455,&quot;icon&quot;:null,&quot;parent&quot;:0}],&quot;language&quot;:[386],&quot;language_details&quot;:[{&quot;text&quot;:&quot;Spanisch&quot;,&quot;id&quot;:386,&quot;icon&quot;:null,&quot;parent&quot;:0}],&quot;place&quot;:[1558],&quot;place_details&quot;:{&quot;place&quot;:&quot;Mechanische Arena im Foyer&quot;,&quot;map&quot;:&quot;Humboldt Forum, Schlossplatz, Berlin&quot;,&quot;room&quot;:&quot;&quot;},&quot;icon_overwrite&quot;:&quot;&quot;,&quot;acf&quot;:{&quot;noindex&quot;:false,&quot;keywords&quot;:&quot;&quot;,&quot;hashtag&quot;:&quot;HumboldtForum&quot;,&quot;belongsto&quot;:[61315],&quot;shorturl&quot;:&quot;&quot;,&quot;times&quot;:[],&quot;planning&quot;:{&quot;price&quot;:&quot;kostenfrei&quot;,&quot;admission&quot;:&quot;&quot;,&quot;pause&quot;:&quot;&quot;,&quot;duration&quot;:&quot;&quot;},&quot;additional_info&quot;:{&quot;icon&quot;:&quot;0&quot;,&quot;text&quot;:&quot;&quot;},&quot;highlight_header&quot;:false,&quot;featured_images&quot;:[154172],&quot;use_video_in_teasers&quot;:false,&quot;hyphenation&quot;:false,&quot;tipp&quot;:true,&quot;joker&quot;:false,&quot;live&quot;:false,&quot;hide_event_in_program&quot;:false,&quot;gomus_id&quot;:&quot;&quot;,&quot;subline&quot;:&quot;Visionen, Kl\\u00e4nge und Ges\\u00e4nge in der Kunst der Shipibo&quot;,&quot;hm_id&quot;:&quot;&quot;},&quot;date&quot;:{&quot;NX&quot;:null,&quot;NXX&quot;:null,&quot;NLAST&quot;:&quot;202511071430&quot;,&quot;from_DATE&quot;:&quot;20251107 16:30&quot;,&quot;from&quot;:1762525800,&quot;to&quot;:1762525800,&quot;to_DATE&quot;:&quot;20251107 16:30&quot;,&quot;from_HRFSHORT&quot;:&quot; 7. Nov 2025&quot;,&quot;from_HRFSHORT_WD&quot;:&quot;Fr 07.11.2025&quot;,&quot;to_HRFSHORT&quot;:&quot; 7. Nov 2025&quot;,&quot;to_HRFSHORT_WD&quot;:&quot;Fr 07.11.2025&quot;,&quot;from_HRF&quot;:&quot;Fr,  7. November 2025&quot;,&quot;to_HRF&quot;:&quot;Fr,  7. November 2025&quot;,&quot;from_to_HRF&quot;:&quot;Fr,  7. November \\u2013 Fr,  7. November 2025&quot;,&quot;from_to_HRFSHORT&quot;:&quot; 7. Nov \\u2013  7. Nov 2025&quot;},&quot;alert&quot;:&quot;Tipp&quot;,&quot;partof&quot;:[61315],&quot;marketing_topic&quot;:{&quot;title&quot;:&quot;SP\\u00c4TI&quot;,&quot;ID&quot;:61315,&quot;reason&quot;:&quot;sequence&quot;}}' inline-template>\n\t<a href=\"https:\/\/www.humboldtforum.org\/de\/programm\/termin\/gespraech\/der-zauber-des-kene-154180\/\" class=\"teaser teaser-event teaser-event-standard\">\n\t\t<div class=\"row\">\n\t\t\t<div class=\"col-xs-12 teaser-event-image\">\n\t\t\t\t<div class=\"teaser-image teaser-image-no-alternate\">\n\t\t\t\t\t\t\t\t\t\t\t\t\t<span class=\"alert\">Tipp<\/span>\n\t\t\t\t\t\t\t\t\t\t\t\n\t<lazy-media-inline inline-template>\n\t\t<figure itemscope itemtype=\"http:\/\/schema.org\/ImageObject\" class=\"lazy-media-inline \" role=\"group\" id=\"media_6a9d5694d6b4d\" aria-labelledby=\"desc_media_6a9d5694d6b4d\">\n\t\t\t<script type=\"application\/json\" ref=\"data\">\n\t\t\t\t{\n\t\t\t\t\"sizes\" : {\"medium\":{\"file\":\"SHF_eb00255747-300x200.jpg\",\"width\":300,\"height\":200,\"mime-type\":\"image\\\/jpeg\",\"filesize\":16990},\"large\":{\"file\":\"SHF_eb00255747-1024x682.jpg\",\"width\":1024,\"height\":682,\"mime-type\":\"image\\\/jpeg\",\"filesize\":104068},\"thumbnail\":{\"file\":\"SHF_eb00255747-150x150.jpg\",\"width\":150,\"height\":150,\"mime-type\":\"image\\\/jpeg\",\"filesize\":8007},\"medium_large\":{\"file\":\"SHF_eb00255747-768x512.jpg\",\"width\":768,\"height\":512,\"mime-type\":\"image\\\/jpeg\",\"filesize\":68867},\"small\":{\"file\":\"SHF_eb00255747-440x293.jpg\",\"width\":440,\"height\":293,\"mime-type\":\"image\\\/jpeg\",\"filesize\":30382},\"semi\":{\"file\":\"SHF_eb00255747-580x387.jpg\",\"width\":580,\"height\":387,\"mime-type\":\"image\\\/jpeg\",\"filesize\":46515},\"mobile\":{\"file\":\"SHF_eb00255747-720x480.jpg\",\"width\":720,\"height\":480,\"mime-type\":\"image\\\/jpeg\",\"filesize\":62682},\"original\":{\"file\":\"SHF_eb00255747.jpg\",\"width\":1280,\"height\":853}},\n\t\t\t\t\"alt\" : \"Traditionell gekleidete Frau mit bemalter Haut und zierlichem Schmuck steht in einer lebhaften, bunten Gasse.\",\n\t\t\t\t\"path\" : \"\\\/wp-content\\\/uploads\\\/2025\\\/10\\\/\",\n\t\t\t\t\"video\" : null,\n\t\t\t\t\"autoplay\" : null,\n\t\t\t\t\"youtube\" : null,\n\t\t\t\t\"youtubelabel\" : \"Video abspielen\",\n\t\t\t\t\"brightness\" : 100,\n\t\t\t\t\"crop\" : {\"top\":\"19.18\",\"left\":\"47.63\"},\n\t\t\t\t\"background\" : true,\n\t\t\t\t\"scale\" : 2\t\t\t\t}\n\t\t\t<\/script>\n\n\t\t\t<div class=\"height-container\" style=\"padding-bottom:66.640625%;\" v-if=\"sizes\">\n\t\t\t\t\t\t\t\t<lazy-media :inline=\"true\" :alt=\"alt\" :sizes=\"sizes\" :scale=\"scale\" :brightness=\"brightness\" :path=\"path\" :video=\"video\" :autoplay=\"autoplay\" :youtube=\"youtube\" :crop=\"crop\" :youtubelabel=\"youtubelabel\" :background=\"background\" media-id=\"desc_media_6a9d5694d6b4d\"><\/lazy-media>\n\t\t\t\t\t\t\t<\/div>\n\n\t\t\t\t\t\t\t<figcaption class=\"sr-only\" ref=\"body\" id=\"desc_media_6a9d5694d6b4d\">\n\t\t\t\t\t\t\t\t\t\t\t<div>Portr&auml;t Olinda Silvano, amazonische K&uuml;nstlerin aus der Gemeinschaft der Shipibo-Conibo<\/div>\n\t\t\t\t\t\t\t\t\t\t\t\t\t\t\t\t\t\t\t\t\t<div class=\"insignificant\">\u00a9 Miski Mazzini<\/div>\n\t\t\t\t\t\t\t\t\t<\/figcaption>\n\t\t\t\t\t<\/figure>\n\t<\/lazy-media-inline>\n\t\t\t\t<\/div>\n\t\t\t<\/div>\n\t\t\t<div class=\"col-xs-12 teaser-event-text Infos\">\n\t\t\t\t<div class=\"teaser-event-standard-text\">\n\t\t\t\t\t<div class=\"margin-bottom-atom\">\n\t\t\t\t\t\t<div class=\"subline clamp-1\" v-html=\"maingenre\"><\/div>\n\t\t\t\t\t\t\t\t\t\t\t\t\t<div class=\"insignificant clamp-2\">SP\u00c4TI<\/div>\n\t\t\t\t\t\t\t\t\t\t\t<\/div>\n\t\t\t\t\n\t\t\t\t\t<strong class=\"margin-bottom-atom\">Der Zauber des Ken\u00e9<\/strong>\n\n\t\t\t\t\t\t\t\t\t\t\t<div class=\"\">Visionen, Kl\u00e4nge und Ges\u00e4nge in der Kunst der Shipibo<\/div>\n\t\t\t\t\t\t\t\t\t<\/div>\n\t\t\t\t<div class=\"teaser-bottom border-bottom\">\n\t\t\t\t<calendardateline :rawitem='item' :show-icon=\"true\"><\/calendardateline>\n\t\t\t\t\t<hr>\n\t\t\t\t<\/div>\n\t\t\t<\/div>\n\t\t<\/div>\n\t<\/a>\n\t<\/calendarteaser>\n<\/li>\n\n<li class=\"teaser-lane-slide col-xs-9 col-sm-4 col-md-3 teaser-wrapper col-padding-remove\">\n\t<calendarteaser key=\"1461341221\" rawitem='{&quot;postId&quot;:146134,&quot;title&quot;:&quot;Global Cultural Assembly 2025&quot;,&quot;excerpt&quot;:&quot;&quot;,&quot;slug&quot;:&quot;global-cultural-assembly-2025&quot;,&quot;post_date&quot;:&quot;2025-05-16T09:58&quot;,&quot;type&quot;:&quot;event-multi&quot;,&quot;permalink&quot;:&quot;https:\\\/\\\/www.humboldtforum.org\\\/de\\\/programm\\\/event\\\/diskurs\\\/global-cultural-assembly-2025-146134\\\/&quot;,&quot;genre&quot;:[392,843],&quot;genre_details&quot;:[{&quot;text&quot;:&quot;Diskurs&quot;,&quot;id&quot;:392,&quot;icon&quot;:null,&quot;parent&quot;:0},{&quot;text&quot;:&quot;Konferenz\\\/Symposium&quot;,&quot;id&quot;:843,&quot;icon&quot;:null,&quot;parent&quot;:0}],&quot;stakeholder&quot;:[382],&quot;stakeholder_details&quot;:[{&quot;text&quot;:&quot;Stiftung Humboldt Forum im Berliner Schloss&quot;,&quot;id&quot;:382,&quot;icon&quot;:null,&quot;parent&quot;:0}],&quot;language&quot;:[385,789,386],&quot;language_details&quot;:[{&quot;text&quot;:&quot;Englisch&quot;,&quot;id&quot;:385,&quot;icon&quot;:null,&quot;parent&quot;:0},{&quot;text&quot;:&quot;Franz\\u00f6sisch&quot;,&quot;id&quot;:789,&quot;icon&quot;:null,&quot;parent&quot;:0},{&quot;text&quot;:&quot;Spanisch&quot;,&quot;id&quot;:386,&quot;icon&quot;:null,&quot;parent&quot;:0}],&quot;place&quot;:[404],&quot;place_details&quot;:{&quot;place&quot;:&quot;Humboldt Forum&quot;,&quot;map&quot;:&quot;Humboldt Forum, Schlossplatz, Berlin&quot;,&quot;room&quot;:&quot;&quot;},&quot;icon_overwrite&quot;:&quot;&quot;,&quot;acf&quot;:{&quot;noindex&quot;:false,&quot;keywords&quot;:&quot;&quot;,&quot;belongsto&quot;:false,&quot;shorturl&quot;:&quot;gca&quot;,&quot;times&quot;:[],&quot;planning&quot;:{&quot;price&quot;:&quot;&quot;,&quot;admission&quot;:&quot;&quot;,&quot;pause&quot;:&quot;&quot;,&quot;duration&quot;:&quot;&quot;,&quot;status&quot;:&quot;BUY&quot;,&quot;info&quot;:&quot;&quot;,&quot;shop&quot;:&quot;&quot;,&quot;can_purchase&quot;:false},&quot;additional_info&quot;:{&quot;icon&quot;:&quot;0&quot;,&quot;text&quot;:&quot;&quot;},&quot;highlight_header&quot;:true,&quot;use_video_in_teasers&quot;:false,&quot;hyphenation&quot;:true,&quot;tipp&quot;:false,&quot;joker&quot;:false,&quot;live&quot;:false,&quot;hide_event_in_program&quot;:false,&quot;subline&quot;:&quot;From Declaration to Action - internationale Zusammenarbeit&quot;,&quot;featured_images&quot;:[146136],&quot;highlight_header_image&quot;:147471,&quot;has_mobile_format&quot;:true,&quot;events&quot;:[146885,147114,146257],&quot;highlight_header_image_mobile&quot;:147102},&quot;date&quot;:{&quot;NX&quot;:null,&quot;NXX&quot;:null,&quot;NLAST&quot;:&quot;202506210630&quot;,&quot;from_DATE&quot;:&quot;20250616 10:30&quot;,&quot;from&quot;:1750055400,&quot;to&quot;:1750487400,&quot;to_DATE&quot;:&quot;20250621 10:30&quot;,&quot;from_HRFSHORT&quot;:&quot;16. Jun 2025&quot;,&quot;from_HRFSHORT_WD&quot;:&quot;Mo 16.06.2025&quot;,&quot;to_HRFSHORT&quot;:&quot;21. Jun 2025&quot;,&quot;to_HRFSHORT_WD&quot;:&quot;Sa 21.06.2025&quot;,&quot;from_HRF&quot;:&quot;Mo, 16. Juni 2025&quot;,&quot;to_HRF&quot;:&quot;Sa, 21. Juni 2025&quot;,&quot;from_to_HRF&quot;:&quot;Mo, 16. Juni \\u2013 Sa, 21. Juni 2025&quot;,&quot;from_to_HRFSHORT&quot;:&quot;16. Jun \\u2013 21. Jun 2025&quot;},&quot;alert&quot;:&quot;Highlight&quot;,&quot;partof&quot;:[],&quot;marketing_topic&quot;:&quot;&quot;}' inline-template>\n\t<a href=\"https:\/\/www.humboldtforum.org\/de\/programm\/event\/diskurs\/global-cultural-assembly-2025-146134\/\" class=\"teaser teaser-event-multi teaser-event-standard\">\n\t\t<div class=\"row\">\n\t\t\t<div class=\"col-xs-12 teaser-event-image\">\n\t\t\t\t<div class=\"teaser-image teaser-image-no-alternate\">\n\t\t\t\t\t\t\t\t\t\t\t\t\t<span class=\"alert\">Highlight<\/span>\n\t\t\t\t\t\t\t\t\t\t\t\n\t<lazy-media-inline inline-template>\n\t\t<figure itemscope itemtype=\"http:\/\/schema.org\/ImageObject\" class=\"lazy-media-inline \" role=\"group\" id=\"media_6a9d5694e3507\" aria-labelledby=\"desc_media_6a9d5694e3507\">\n\t\t\t<script type=\"application\/json\" ref=\"data\">\n\t\t\t\t{\n\t\t\t\t\"sizes\" : {\"medium\":{\"file\":\"SHF_eb00247737-176x300.jpg\",\"width\":176,\"height\":300,\"mime-type\":\"image\\\/jpeg\",\"filesize\":6039},\"large\":{\"file\":\"SHF_eb00247737-600x1024.jpg\",\"width\":600,\"height\":1024,\"mime-type\":\"image\\\/jpeg\",\"filesize\":35998},\"thumbnail\":{\"file\":\"SHF_eb00247737-150x150.jpg\",\"width\":150,\"height\":150,\"mime-type\":\"image\\\/jpeg\",\"filesize\":3672},\"medium_large\":{\"file\":\"SHF_eb00247737-768x1312.jpg\",\"width\":768,\"height\":1312,\"mime-type\":\"image\\\/jpeg\",\"filesize\":53231},\"small\":{\"file\":\"SHF_eb00247737-258x440.jpg\",\"width\":258,\"height\":440,\"mime-type\":\"image\\\/jpeg\",\"filesize\":10547},\"semi\":{\"file\":\"SHF_eb00247737-340x580.jpg\",\"width\":340,\"height\":580,\"mime-type\":\"image\\\/jpeg\",\"filesize\":15587},\"mobile\":{\"file\":\"SHF_eb00247737-422x720.jpg\",\"width\":422,\"height\":720,\"mime-type\":\"image\\\/jpeg\",\"filesize\":21208},\"hd\":{\"file\":\"SHF_eb00247737-749x1280.jpg\",\"width\":749,\"height\":1280,\"mime-type\":\"image\\\/jpeg\",\"filesize\":51207},\"full\":{\"file\":\"SHF_eb00247737-1124x1920.jpg\",\"width\":1124,\"height\":1920,\"mime-type\":\"image\\\/jpeg\",\"filesize\":104685},\"1536x1536\":{\"file\":\"SHF_eb00247737-899x1536.jpg\",\"width\":899,\"height\":1536,\"mime-type\":\"image\\\/jpeg\",\"filesize\":70000},\"2048x2048\":{\"file\":\"SHF_eb00247737-1199x2048.jpg\",\"width\":1199,\"height\":2048,\"mime-type\":\"image\\\/jpeg\",\"filesize\":117699},\"original\":{\"file\":\"SHF_eb00247737.jpg\",\"width\":1780,\"height\":3040}},\n\t\t\t\t\"alt\" : \"Gruppe von Menschen applaudiert und l\\u00e4chelt in hellgr\\u00fcner Umgebung, feierliche Stimmung.\",\n\t\t\t\t\"path\" : \"\\\/wp-content\\\/uploads\\\/2025\\\/05\\\/\",\n\t\t\t\t\"video\" : null,\n\t\t\t\t\"autoplay\" : null,\n\t\t\t\t\"youtube\" : null,\n\t\t\t\t\"youtubelabel\" : \"Video abspielen\",\n\t\t\t\t\"brightness\" : 100,\n\t\t\t\t\"crop\" : null,\n\t\t\t\t\"background\" : true,\n\t\t\t\t\"scale\" : 2\t\t\t\t}\n\t\t\t<\/script>\n\n\t\t\t<div class=\"height-container\" style=\"padding-bottom:170.78651685393%;\" v-if=\"sizes\">\n\t\t\t\t\t\t\t\t<lazy-media :inline=\"true\" :alt=\"alt\" :sizes=\"sizes\" :scale=\"scale\" :brightness=\"brightness\" :path=\"path\" :video=\"video\" :autoplay=\"autoplay\" :youtube=\"youtube\" :crop=\"crop\" :youtubelabel=\"youtubelabel\" :background=\"background\" media-id=\"desc_media_6a9d5694e3507\"><\/lazy-media>\n\t\t\t\t\t\t\t<\/div>\n\n\t\t\t\t\t\t\t<figcaption class=\"sr-only\" ref=\"body\" id=\"desc_media_6a9d5694e3507\">\n\t\t\t\t\t\t\t\t\t\t\t\t\t\t\t\t\t\t\t\t\t<div class=\"insignificant\">\u00a9 Stiftung Humboldt Forum im Berliner Schloss, Foto: Frank Sperling<\/div>\n\t\t\t\t\t\t\t\t\t<\/figcaption>\n\t\t\t\t\t<\/figure>\n\t<\/lazy-media-inline>\n\t\t\t\t<\/div>\n\t\t\t<\/div>\n\t\t\t<div class=\"col-xs-12 teaser-event-text Infos\">\n\t\t\t\t<div class=\"teaser-event-standard-text\">\n\t\t\t\t\t<div class=\"margin-bottom-atom\">\n\t\t\t\t\t\t<div class=\"subline clamp-1\" v-html=\"maingenre\"><\/div>\n\t\t\t\t\t\t\t\t\t\t\t<\/div>\n\t\t\t\t\n\t\t\t\t\t<strong class=\"margin-bottom-atom\">Global Cultural Assembly 2025<\/strong>\n\n\t\t\t\t\t\t\t\t\t\t\t<div class=\"\">From Declaration to Action &#8211; internationale Zusammenarbeit<\/div>\n\t\t\t\t\t\t\t\t\t<\/div>\n\t\t\t\t<div class=\"teaser-bottom border-bottom\">\n\t\t\t\t<calendardateline :rawitem='item' :show-icon=\"true\"><\/calendardateline>\n\t\t\t\t\t<hr>\n\t\t\t\t<\/div>\n\t\t\t<\/div>\n\t\t<\/div>\n\t<\/a>\n\t<\/calendarteaser>\n<\/li>\n\n<li class=\"teaser-lane-slide col-xs-9 col-sm-4 col-md-3 teaser-wrapper col-padding-remove\">\n\t<calendarteaser key=\"15134515903\" rawitem='{&quot;postId&quot;:151345,&quot;title&quot;:&quot;Was sind deine Wurzeln?&quot;,&quot;excerpt&quot;:&quot;&quot;,&quot;slug&quot;:&quot;was-sind-deine-wurzeln&quot;,&quot;post_date&quot;:&quot;2025-09-05T13:17&quot;,&quot;type&quot;:&quot;event&quot;,&quot;permalink&quot;:&quot;https:\\\/\\\/www.humboldtforum.org\\\/de\\\/programm\\\/termin\\\/gespraech\\\/was-sind-deine-wurzeln-151345\\\/&quot;,&quot;genre&quot;:[1078],&quot;genre_details&quot;:[{&quot;text&quot;:&quot;Gespr\\u00e4ch&quot;,&quot;id&quot;:1078,&quot;icon&quot;:null,&quot;parent&quot;:0}],&quot;language&quot;:[384],&quot;language_details&quot;:[{&quot;text&quot;:&quot;Deutsch&quot;,&quot;id&quot;:384,&quot;icon&quot;:null,&quot;parent&quot;:0}],&quot;icon_overwrite&quot;:&quot;&quot;,&quot;acf&quot;:{&quot;noindex&quot;:false,&quot;keywords&quot;:&quot;&quot;,&quot;hashtag&quot;:&quot;HumboldtForum&quot;,&quot;belongsto&quot;:[160159],&quot;shorturl&quot;:&quot;&quot;,&quot;planning&quot;:{&quot;price&quot;:&quot;kostenfrei, Ausstellungsticket notwendig&quot;,&quot;admission&quot;:&quot;&quot;,&quot;pause&quot;:&quot;&quot;,&quot;duration&quot;:&quot;&quot;},&quot;subline&quot;:&quot;Kuratorische Einblicke in den Treffpunkt der GCA in der Station \\&quot;Beziehungsweise Familie\\&quot;&quot;,&quot;additional_info&quot;:{&quot;icon&quot;:&quot;icon-ort&quot;,&quot;text&quot;:&quot;Treffpunkt: Vor dem Eingang zu den Sonderausstellungfl\\u00e4chen, EG&quot;},&quot;highlight_header&quot;:false,&quot;use_video_in_teasers&quot;:false,&quot;hyphenation&quot;:true,&quot;tipp&quot;:false,&quot;joker&quot;:false,&quot;live&quot;:false,&quot;hide_event_in_program&quot;:false,&quot;gomus_id&quot;:&quot;&quot;,&quot;times&quot;:[],&quot;featured_images&quot;:[161492],&quot;hm_id&quot;:&quot;&quot;},&quot;date&quot;:{&quot;NX&quot;:null,&quot;NXX&quot;:null,&quot;NLAST&quot;:&quot;202605020700&quot;,&quot;from_DATE&quot;:&quot;20260502 11:00&quot;,&quot;from&quot;:1777705200,&quot;to&quot;:1777705200,&quot;to_DATE&quot;:&quot;20260502 11:00&quot;,&quot;from_HRFSHORT&quot;:&quot; 2. Mai 2026&quot;,&quot;from_HRFSHORT_WD&quot;:&quot;Sa 02.05.2026&quot;,&quot;to_HRFSHORT&quot;:&quot; 2. Mai 2026&quot;,&quot;to_HRFSHORT_WD&quot;:&quot;Sa 02.05.2026&quot;,&quot;from_HRF&quot;:&quot;Sa,  2. Mai 2026&quot;,&quot;to_HRF&quot;:&quot;Sa,  2. Mai 2026&quot;,&quot;from_to_HRF&quot;:&quot;Sa,  2. Mai \\u2013 Sa,  2. Mai 2026&quot;,&quot;from_to_HRFSHORT&quot;:&quot; 2. Mai \\u2013  2. Mai 2026&quot;},&quot;alert&quot;:null,&quot;partof&quot;:[],&quot;marketing_topic&quot;:{&quot;title&quot;:&quot;Schicksal oder Wahl?&quot;,&quot;ID&quot;:160159,&quot;reason&quot;:&quot;belongsto&quot;}}' inline-template>\n\t<a href=\"https:\/\/www.humboldtforum.org\/de\/programm\/termin\/gespraech\/was-sind-deine-wurzeln-151345\/\" class=\"teaser teaser-event teaser-event-standard\">\n\t\t<div class=\"row\">\n\t\t\t<div class=\"col-xs-12 teaser-event-image\">\n\t\t\t\t<div class=\"teaser-image teaser-image-no-alternate\">\n\t\t\t\t\t\t\t\t\t\t\t\n\t<lazy-media-inline inline-template>\n\t\t<figure itemscope itemtype=\"http:\/\/schema.org\/ImageObject\" class=\"lazy-media-inline \" role=\"group\" id=\"media_6a9d5694e9e51\" aria-labelledby=\"desc_media_6a9d5694e9e51\">\n\t\t\t<script type=\"application\/json\" ref=\"data\">\n\t\t\t\t{\n\t\t\t\t\"sizes\" : {\"medium\":{\"file\":\"SHF_eb00255157-300x200.jpg\",\"width\":300,\"height\":200,\"mime-type\":\"image\\\/jpeg\",\"filesize\":16248},\"large\":{\"file\":\"SHF_eb00255157-1024x682.jpg\",\"width\":1024,\"height\":682,\"mime-type\":\"image\\\/jpeg\",\"filesize\":103264},\"thumbnail\":{\"file\":\"SHF_eb00255157-150x150.jpg\",\"width\":150,\"height\":150,\"mime-type\":\"image\\\/jpeg\",\"filesize\":7992},\"medium_large\":{\"file\":\"SHF_eb00255157-768x512.jpg\",\"width\":768,\"height\":512,\"mime-type\":\"image\\\/jpeg\",\"filesize\":67615},\"small\":{\"file\":\"SHF_eb00255157-440x293.jpg\",\"width\":440,\"height\":293,\"mime-type\":\"image\\\/jpeg\",\"filesize\":29471},\"semi\":{\"file\":\"SHF_eb00255157-580x387.jpg\",\"width\":580,\"height\":387,\"mime-type\":\"image\\\/jpeg\",\"filesize\":44921},\"mobile\":{\"file\":\"SHF_eb00255157-720x480.jpg\",\"width\":720,\"height\":480,\"mime-type\":\"image\\\/jpeg\",\"filesize\":61703},\"original\":{\"file\":\"SHF_eb00255157.jpg\",\"width\":1280,\"height\":853}},\n\t\t\t\t\"alt\" : \"Eine Person erl\\u00e4utert Kunstwerke in einer Ausstellung, w\\u00e4hrend die Zuschauer gebannt zuh\\u00f6ren.\",\n\t\t\t\t\"path\" : \"\\\/wp-content\\\/uploads\\\/2025\\\/09\\\/\",\n\t\t\t\t\"video\" : null,\n\t\t\t\t\"autoplay\" : null,\n\t\t\t\t\"youtube\" : null,\n\t\t\t\t\"youtubelabel\" : \"Video abspielen\",\n\t\t\t\t\"brightness\" : 100,\n\t\t\t\t\"crop\" : null,\n\t\t\t\t\"background\" : true,\n\t\t\t\t\"scale\" : 2\t\t\t\t}\n\t\t\t<\/script>\n\n\t\t\t<div class=\"height-container\" style=\"padding-bottom:66.640625%;\" v-if=\"sizes\">\n\t\t\t\t\t\t\t\t<lazy-media :inline=\"true\" :alt=\"alt\" :sizes=\"sizes\" :scale=\"scale\" :brightness=\"brightness\" :path=\"path\" :video=\"video\" :autoplay=\"autoplay\" :youtube=\"youtube\" :crop=\"crop\" :youtubelabel=\"youtubelabel\" :background=\"background\" media-id=\"desc_media_6a9d5694e9e51\"><\/lazy-media>\n\t\t\t\t\t\t\t<\/div>\n\n\t\t\t\t\t\t\t<figcaption class=\"sr-only\" ref=\"body\" id=\"desc_media_6a9d5694e9e51\">\n\t\t\t\t\t\t\t\t\t\t\t<div>Feride Funda G&ouml;k&ccedil;imen-Gen&ccedil;aslan beim Kurator*innengespr&auml;ch &quot;Was sind deine Wurzeln?&quot; zum GCA Treffpunkt am Themenwochenende zur Er&ouml;ffnung der Sonderausstellung &quot;Beziehungsweise Familie \/ Family Matters&quot;<\/div>\n\t\t\t\t\t\t\t\t\t\t\t\t\t\t\t\t\t\t\t\t\t<div class=\"insignificant\">\u00a9 Stiftung Humboldt Forum im Berliner Schloss, Foto: Frank Sperling<\/div>\n\t\t\t\t\t\t\t\t\t<\/figcaption>\n\t\t\t\t\t<\/figure>\n\t<\/lazy-media-inline>\n\t\t\t\t<\/div>\n\t\t\t<\/div>\n\t\t\t<div class=\"col-xs-12 teaser-event-text Infos\">\n\t\t\t\t<div class=\"teaser-event-standard-text\">\n\t\t\t\t\t<div class=\"margin-bottom-atom\">\n\t\t\t\t\t\t<div class=\"subline clamp-1\" v-html=\"maingenre\"><\/div>\n\t\t\t\t\t\t\t\t\t\t\t\t\t<div class=\"insignificant clamp-2\">Schicksal oder Wahl?<\/div>\n\t\t\t\t\t\t\t\t\t\t\t<\/div>\n\t\t\t\t\n\t\t\t\t\t<strong class=\"margin-bottom-atom\">Was sind deine Wurzeln?<\/strong>\n\n\t\t\t\t\t\t\t\t\t\t\t<div class=\"\">Kuratorische Einblicke in den Treffpunkt der GCA in der Station &#8222;Beziehungsweise Familie&#8220;<\/div>\n\t\t\t\t\t\t\t\t\t<\/div>\n\t\t\t\t<div class=\"teaser-bottom border-bottom\">\n\t\t\t\t<calendardateline :rawitem='item' :show-icon=\"true\"><\/calendardateline>\n\t\t\t\t\t<hr>\n\t\t\t\t<\/div>\n\t\t\t<\/div>\n\t\t<\/div>\n\t<\/a>\n\t<\/calendarteaser>\n<\/li>\n\n<li class=\"teaser-lane-slide col-xs-9 col-sm-4 col-md-3 teaser-wrapper col-padding-remove\">\n\t<calendarteaser key=\"14084313819\" rawitem='{&quot;postId&quot;:140843,&quot;title&quot;:&quot;Global Cultural Assembly - DER RAUM&quot;,&quot;excerpt&quot;:&quot;&quot;,&quot;slug&quot;:&quot;global-cultural-assembly-der-raum&quot;,&quot;post_date&quot;:&quot;2024-12-04T12:02&quot;,&quot;type&quot;:&quot;event-permanent&quot;,&quot;permalink&quot;:&quot;https:\\\/\\\/www.humboldtforum.org\\\/de\\\/programm\\\/dauerangebot\\\/installation\\\/global-cultural-assembly-der-raum-140843\\\/&quot;,&quot;genre&quot;:[394],&quot;genre_details&quot;:[{&quot;text&quot;:&quot;Installation&quot;,&quot;id&quot;:394,&quot;icon&quot;:null,&quot;parent&quot;:0}],&quot;icon_overwrite&quot;:&quot;&quot;,&quot;acf&quot;:{&quot;noindex&quot;:false,&quot;keywords&quot;:&quot;&quot;,&quot;shorturl&quot;:&quot;&quot;,&quot;planning&quot;:{&quot;price&quot;:&quot;&quot;,&quot;status&quot;:&quot;BUY&quot;,&quot;info&quot;:&quot;Ausstellungsticket erforderlich&quot;,&quot;shop&quot;:&quot;https:\\\/\\\/tickets.humboldtforum.org\\\/#\\\/tickets\\\/time?museum_id=1&amp;exhibition_id=17&amp;group=day&amp;date=2025-10-03&quot;,&quot;can_purchase&quot;:true},&quot;use_opening_hours_of_the_house&quot;:false,&quot;periods&quot;:[{&quot;label&quot;:&quot;&quot;,&quot;dates&quot;:[{&quot;start&quot;:&quot;202409250000&quot;,&quot;end&quot;:null,&quot;has_end&quot;:false,&quot;start_HRFSHORT&quot;:&quot;25.09.24&quot;,&quot;start_HRFSHORT_WD&quot;:&quot;Mi 25.09.2024&quot;}],&quot;monday&quot;:[{&quot;start&quot;:&quot;10:30&quot;,&quot;end&quot;:&quot;18:30&quot;,&quot;closed&quot;:false}],&quot;tuesday&quot;:[{&quot;start&quot;:null,&quot;end&quot;:null,&quot;closed&quot;:true}],&quot;wednesday&quot;:[{&quot;start&quot;:&quot;10:30&quot;,&quot;end&quot;:&quot;18:30&quot;,&quot;closed&quot;:false}],&quot;thursday&quot;:[{&quot;start&quot;:&quot;10:30&quot;,&quot;end&quot;:&quot;18:30&quot;,&quot;closed&quot;:false}],&quot;friday&quot;:[{&quot;start&quot;:&quot;10:30&quot;,&quot;end&quot;:&quot;18:30&quot;,&quot;closed&quot;:false}],&quot;saturday&quot;:[{&quot;start&quot;:&quot;10:30&quot;,&quot;end&quot;:&quot;18:30&quot;,&quot;closed&quot;:false}],&quot;sunday&quot;:[{&quot;start&quot;:&quot;10:30&quot;,&quot;end&quot;:&quot;18:30&quot;,&quot;closed&quot;:false}],&quot;info&quot;:&quot;&quot;,&quot;description&quot;:&quot;&quot;}],&quot;display_as_single&quot;:false,&quot;subline&quot;:&quot;Ein neuer Weg gemeinsam zu arbeiten&quot;,&quot;additional_info&quot;:{&quot;icon&quot;:&quot;icon-pin&quot;,&quot;text&quot;:&quot;3. OG, Raum 303&quot;},&quot;highlight_header&quot;:true,&quot;use_video_in_teasers&quot;:false,&quot;hyphenation&quot;:true,&quot;tipp&quot;:false,&quot;joker&quot;:false,&quot;live&quot;:false,&quot;hide_event_in_program&quot;:false,&quot;featured_images&quot;:[140845],&quot;hm_id&quot;:&quot;232781&quot;,&quot;highlight_header_image&quot;:140845,&quot;has_mobile_format&quot;:false,&quot;infotext&quot;:&quot;Wartungsarbeiten: Von Mo., 27.4. bis einschlie\\u00dflich Do., 30.4.2026 werden die Ausstellungsfl\\u00e4chen im 3. OG geschlossen sein.&quot;,&quot;period_exception&quot;:[]},&quot;period_list&quot;:&quot;&lt;strong&gt;\\u00d6ffnungszeiten&lt;\\\/strong&gt;\\nMo, Mi, Do, Fr, Sa, So: 10:30 \\u2013 18:30 Uhr\\nDi: geschlossen\\n\\n&quot;,&quot;period_exception&quot;:&quot;&quot;,&quot;date&quot;:{&quot;infinite&quot;:true,&quot;from_DATE&quot;:202409250000,&quot;from&quot;:1727260200,&quot;from_TIME&quot;:&quot;10:30&quot;,&quot;to&quot;:1820298780,&quot;to_DATE&quot;:202709061203,&quot;to_TIME&quot;:&quot;18:30&quot;,&quot;from_HRFSHORT&quot;:&quot;25. Sep 2024&quot;,&quot;from_HRFSHORT_WD&quot;:&quot;Mi 25.09.2024&quot;,&quot;from_HRF&quot;:&quot;Mi, 25. September 2024&quot;,&quot;to_HRF&quot;:&quot;Di,  7. September 2027&quot;,&quot;to_HRFSHORT&quot;:&quot; 7. Sep 2027&quot;,&quot;to_HRFSHORT_WD&quot;:&quot;Di 07.09.2027&quot;,&quot;from_to_HRF&quot;:&quot;Mi, 25. September 2024 \\u2013 Di,  7. September 2027&quot;,&quot;from_to_HRFSHORT&quot;:&quot;25. Sep 2024 \\u2013  7. Sep 2027&quot;,&quot;NXX&quot;:&quot;202609061203&quot;,&quot;NLAST&quot;:&quot;202709070633&quot;,&quot;NX&quot;:&quot;20260906&quot;},&quot;alert&quot;:&quot;Highlight&quot;,&quot;partof&quot;:[],&quot;marketing_topic&quot;:&quot;&quot;}' inline-template>\n\t<a href=\"https:\/\/www.humboldtforum.org\/de\/programm\/dauerangebot\/installation\/global-cultural-assembly-der-raum-140843\/\" class=\"teaser teaser-event-permanent teaser-event-standard\">\n\t\t<div class=\"row\">\n\t\t\t<div class=\"col-xs-12 teaser-event-image\">\n\t\t\t\t<div class=\"teaser-image teaser-image-no-alternate\">\n\t\t\t\t\t\t\t\t\t\t\t\t\t<span class=\"alert\">Highlight<\/span>\n\t\t\t\t\t\t\t\t\t\t\t\n\t<lazy-media-inline inline-template>\n\t\t<figure itemscope itemtype=\"http:\/\/schema.org\/ImageObject\" class=\"lazy-media-inline \" role=\"group\" id=\"media_6a9d56950df2e\" aria-labelledby=\"desc_media_6a9d56950df2e\">\n\t\t\t<script type=\"application\/json\" ref=\"data\">\n\t\t\t\t{\n\t\t\t\t\"sizes\" : {\"medium\":{\"file\":\"SHF_eb00232781-300x200.jpg\",\"width\":300,\"height\":200,\"mime-type\":\"image\\\/jpeg\",\"filesize\":11598},\"large\":{\"file\":\"SHF_eb00232781-1024x683.jpg\",\"width\":1024,\"height\":683,\"mime-type\":\"image\\\/jpeg\",\"filesize\":82981},\"thumbnail\":{\"file\":\"SHF_eb00232781-150x150.jpg\",\"width\":150,\"height\":150,\"mime-type\":\"image\\\/jpeg\",\"filesize\":5545},\"medium_large\":{\"file\":\"SHF_eb00232781-768x512.jpg\",\"width\":768,\"height\":512,\"mime-type\":\"image\\\/jpeg\",\"filesize\":51362},\"small\":{\"file\":\"SHF_eb00232781-440x293.jpg\",\"width\":440,\"height\":293,\"mime-type\":\"image\\\/jpeg\",\"filesize\":21026},\"semi\":{\"file\":\"SHF_eb00232781-580x387.jpg\",\"width\":580,\"height\":387,\"mime-type\":\"image\\\/jpeg\",\"filesize\":32876},\"mobile\":{\"file\":\"SHF_eb00232781-720x480.jpg\",\"width\":720,\"height\":480,\"mime-type\":\"image\\\/jpeg\",\"filesize\":45997},\"hd\":{\"file\":\"SHF_eb00232781-1280x853.jpg\",\"width\":1280,\"height\":853,\"mime-type\":\"image\\\/jpeg\",\"filesize\":120237},\"full\":{\"file\":\"SHF_eb00232781-1920x1280.jpg\",\"width\":1920,\"height\":1280,\"mime-type\":\"image\\\/jpeg\",\"filesize\":245730},\"xxl\":{\"file\":\"SHF_eb00232781-4048x2699.jpg\",\"width\":4048,\"height\":2699,\"mime-type\":\"image\\\/jpeg\",\"filesize\":1117440},\"1536x1536\":{\"file\":\"SHF_eb00232781-1536x1024.jpg\",\"width\":1536,\"height\":1024,\"mime-type\":\"image\\\/jpeg\",\"filesize\":164328},\"2048x2048\":{\"file\":\"SHF_eb00232781-2048x1365.jpg\",\"width\":2048,\"height\":1365,\"mime-type\":\"image\\\/jpeg\",\"filesize\":277685},\"original\":{\"file\":\"SHF_eb00232781.jpg\",\"width\":6000,\"height\":4000}},\n\t\t\t\t\"alt\" : \"Ein Glasbeh\\u00e4lter mit Pflanzen und Erde, umgeben von unscharfen Silhouetten im Hintergrund.\",\n\t\t\t\t\"path\" : \"\\\/wp-content\\\/uploads\\\/2024\\\/12\\\/\",\n\t\t\t\t\"video\" : null,\n\t\t\t\t\"autoplay\" : null,\n\t\t\t\t\"youtube\" : null,\n\t\t\t\t\"youtubelabel\" : \"Video abspielen\",\n\t\t\t\t\"brightness\" : 100,\n\t\t\t\t\"crop\" : {\"top\":\"38.22\",\"left\":\"62.42\"},\n\t\t\t\t\"background\" : true,\n\t\t\t\t\"scale\" : 2\t\t\t\t}\n\t\t\t<\/script>\n\n\t\t\t<div class=\"height-container\" style=\"padding-bottom:66.666666666667%;\" v-if=\"sizes\">\n\t\t\t\t\t\t\t\t<lazy-media :inline=\"true\" :alt=\"alt\" :sizes=\"sizes\" :scale=\"scale\" :brightness=\"brightness\" :path=\"path\" :video=\"video\" :autoplay=\"autoplay\" :youtube=\"youtube\" :crop=\"crop\" :youtubelabel=\"youtubelabel\" :background=\"background\" media-id=\"desc_media_6a9d56950df2e\"><\/lazy-media>\n\t\t\t\t\t\t\t<\/div>\n\n\t\t\t\t\t\t\t<figcaption class=\"sr-only\" ref=\"body\" id=\"desc_media_6a9d56950df2e\">\n\t\t\t\t\t\t\t\t\t\t\t\t\t\t\t\t<div>Einweihung GCA Raum <\/div>\n\t\t\t\t\t\t\t\t\t\t\t\t\t\t\t\t<div class=\"insignificant\">\u00a9 Stiftung Humboldt Forum im Berliner Schloss, Foto: Frank Sperling<\/div>\n\t\t\t\t\t\t\t\t\t<\/figcaption>\n\t\t\t\t\t<\/figure>\n\t<\/lazy-media-inline>\n\t\t\t\t<\/div>\n\t\t\t<\/div>\n\t\t\t<div class=\"col-xs-12 teaser-event-text Infos\">\n\t\t\t\t<div class=\"teaser-event-standard-text\">\n\t\t\t\t\t<div class=\"margin-bottom-atom\">\n\t\t\t\t\t\t<div class=\"subline clamp-1\" v-html=\"maingenre\"><\/div>\n\t\t\t\t\t\t\t\t\t\t\t<\/div>\n\t\t\t\t\n\t\t\t\t\t<strong class=\"margin-bottom-atom\">Global Cultural Assembly &#8211; DER RAUM<\/strong>\n\n\t\t\t\t\t\t\t\t\t\t\t<div class=\"\">Ein neuer Weg gemeinsam zu arbeiten<\/div>\n\t\t\t\t\t\t\t\t\t<\/div>\n\t\t\t\t<div class=\"teaser-bottom border-bottom\">\n\t\t\t\t<calendardateline :rawitem='item' :show-icon=\"true\"><\/calendardateline>\n\t\t\t\t\t<hr>\n\t\t\t\t<\/div>\n\t\t\t<\/div>\n\t\t<\/div>\n\t<\/a>\n\t<\/calendarteaser>\n<\/li>\n\n<li class=\"teaser-lane-slide col-xs-9 col-sm-4 col-md-3 teaser-wrapper col-padding-remove\">\n\t<calendarteaser key=\"1027122516\" rawitem='{&quot;postId&quot;:102712,&quot;title&quot;:&quot;W\\u00fcrde \\u2013 Transparenz \\u2013 Kontinuit\\u00e4t&quot;,&quot;excerpt&quot;:&quot;&quot;,&quot;slug&quot;:&quot;wuerde-transparenz-kontinuitaet&quot;,&quot;post_date&quot;:&quot;2023-09-29T15:03&quot;,&quot;type&quot;:&quot;event&quot;,&quot;permalink&quot;:&quot;https:\\\/\\\/www.humboldtforum.org\\\/de\\\/programm\\\/termin\\\/diskurs\\\/wuerde-transparenz-kontinuitaet-102712\\\/&quot;,&quot;genre&quot;:[392,1078],&quot;genre_details&quot;:[{&quot;text&quot;:&quot;Diskurs&quot;,&quot;id&quot;:392,&quot;icon&quot;:null,&quot;parent&quot;:0},{&quot;text&quot;:&quot;Gespr\\u00e4ch&quot;,&quot;id&quot;:1078,&quot;icon&quot;:null,&quot;parent&quot;:0}],&quot;stakeholder&quot;:[382],&quot;stakeholder_details&quot;:[{&quot;text&quot;:&quot;Stiftung Humboldt Forum im Berliner Schloss&quot;,&quot;id&quot;:382,&quot;icon&quot;:null,&quot;parent&quot;:0}],&quot;targetgroup&quot;:[383,455],&quot;targetgroup_details&quot;:[{&quot;text&quot;:&quot;Erwachsene&quot;,&quot;id&quot;:383,&quot;icon&quot;:null,&quot;parent&quot;:0},{&quot;text&quot;:&quot;Jugendliche&quot;,&quot;id&quot;:455,&quot;icon&quot;:null,&quot;parent&quot;:0}],&quot;language&quot;:[385,386],&quot;language_details&quot;:[{&quot;text&quot;:&quot;Englisch&quot;,&quot;id&quot;:385,&quot;icon&quot;:null,&quot;parent&quot;:0},{&quot;text&quot;:&quot;Spanisch&quot;,&quot;id&quot;:386,&quot;icon&quot;:null,&quot;parent&quot;:0}],&quot;age&quot;:[451],&quot;age_details&quot;:[{&quot;text&quot;:&quot;ab 14 Jahre&quot;,&quot;id&quot;:451,&quot;icon&quot;:null,&quot;parent&quot;:0}],&quot;place&quot;:[1558],&quot;place_details&quot;:{&quot;place&quot;:&quot;Mechanische Arena im Foyer&quot;,&quot;map&quot;:&quot;Humboldt Forum, Schlossplatz, Berlin&quot;,&quot;room&quot;:&quot;&quot;},&quot;icon_overwrite&quot;:&quot;&quot;,&quot;acf&quot;:{&quot;noindex&quot;:false,&quot;keywords&quot;:&quot;&quot;,&quot;hashtag&quot;:&quot;HumboldtForum&quot;,&quot;belongsto&quot;:[61315],&quot;shorturl&quot;:&quot;&quot;,&quot;times&quot;:[],&quot;planning&quot;:{&quot;price&quot;:&quot;kostenfrei&quot;,&quot;admission&quot;:&quot;&quot;,&quot;pause&quot;:&quot;&quot;,&quot;duration&quot;:&quot;&quot;},&quot;subline&quot;:&quot;Internationale Zusammenarbeit am Humboldt Forum&quot;,&quot;additional_info&quot;:{&quot;icon&quot;:&quot;0&quot;,&quot;text&quot;:&quot;&quot;},&quot;highlight_header&quot;:false,&quot;use_video_in_teasers&quot;:false,&quot;hyphenation&quot;:false,&quot;tipp&quot;:false,&quot;joker&quot;:false,&quot;live&quot;:false,&quot;hide_event_in_program&quot;:false,&quot;gomus_id&quot;:&quot;&quot;,&quot;hm_id&quot;:&quot;&quot;,&quot;featured_images&quot;:[102735],&quot;alert_text&quot;:&quot;EN\\\/ES&quot;},&quot;date&quot;:{&quot;NX&quot;:null,&quot;NXX&quot;:null,&quot;NLAST&quot;:&quot;202310201300&quot;,&quot;from_DATE&quot;:&quot;20231020 17:00&quot;,&quot;from&quot;:1697806800,&quot;to&quot;:1697806800,&quot;to_DATE&quot;:&quot;20231020 17:00&quot;,&quot;from_HRFSHORT&quot;:&quot;20. Okt 2023&quot;,&quot;from_HRFSHORT_WD&quot;:&quot;Fr 20.10.2023&quot;,&quot;to_HRFSHORT&quot;:&quot;20. Okt 2023&quot;,&quot;to_HRFSHORT_WD&quot;:&quot;Fr 20.10.2023&quot;,&quot;from_HRF&quot;:&quot;Fr, 20. Oktober 2023&quot;,&quot;to_HRF&quot;:&quot;Fr, 20. Oktober 2023&quot;,&quot;from_to_HRF&quot;:&quot;Fr, 20. Oktober \\u2013 Fr, 20. Oktober 2023&quot;,&quot;from_to_HRFSHORT&quot;:&quot;20. Okt \\u2013 20. Okt 2023&quot;},&quot;alert&quot;:&quot;EN\\\/ES&quot;,&quot;partof&quot;:[61315],&quot;marketing_topic&quot;:{&quot;title&quot;:&quot;SP\\u00c4TI&quot;,&quot;ID&quot;:61315,&quot;reason&quot;:&quot;sequence&quot;}}' inline-template>\n\t<a href=\"https:\/\/www.humboldtforum.org\/de\/programm\/termin\/diskurs\/wuerde-transparenz-kontinuitaet-102712\/\" class=\"teaser teaser-event teaser-event-standard\">\n\t\t<div class=\"row\">\n\t\t\t<div class=\"col-xs-12 teaser-event-image\">\n\t\t\t\t<div class=\"teaser-image teaser-image-no-alternate\">\n\t\t\t\t\t\t\t\t\t\t\t\t\t<span class=\"alert\">EN\/ES<\/span>\n\t\t\t\t\t\t\t\t\t\t\t\n\t<lazy-media-inline inline-template>\n\t\t<figure itemscope itemtype=\"http:\/\/schema.org\/ImageObject\" class=\"lazy-media-inline \" role=\"group\" id=\"media_6a9d569515602\" aria-labelledby=\"desc_media_6a9d569515602\">\n\t\t\t<script type=\"application\/json\" ref=\"data\">\n\t\t\t\t{\n\t\t\t\t\"sizes\" : {\"medium\":{\"file\":\"SHF_eb00154907_Eroeffnung-Ostfluegel-300x184.jpg\",\"width\":300,\"height\":184,\"mime-type\":\"image\\\/jpeg\",\"filesize\":22361},\"large\":{\"file\":\"SHF_eb00154907_Eroeffnung-Ostfluegel-1024x628.jpg\",\"width\":1024,\"height\":628,\"mime-type\":\"image\\\/jpeg\",\"filesize\":192660},\"thumbnail\":{\"file\":\"SHF_eb00154907_Eroeffnung-Ostfluegel-150x150.jpg\",\"width\":150,\"height\":150,\"mime-type\":\"image\\\/jpeg\",\"filesize\":9871},\"medium_large\":{\"file\":\"SHF_eb00154907_Eroeffnung-Ostfluegel-768x471.jpg\",\"width\":768,\"height\":471,\"mime-type\":\"image\\\/jpeg\",\"filesize\":117668},\"small\":{\"file\":\"SHF_eb00154907_Eroeffnung-Ostfluegel-440x270.jpg\",\"width\":440,\"height\":270,\"mime-type\":\"image\\\/jpeg\",\"filesize\":44035},\"semi\":{\"file\":\"SHF_eb00154907_Eroeffnung-Ostfluegel-580x355.jpg\",\"width\":580,\"height\":355,\"mime-type\":\"image\\\/jpeg\",\"filesize\":72300},\"mobile\":{\"file\":\"SHF_eb00154907_Eroeffnung-Ostfluegel-720x441.jpg\",\"width\":720,\"height\":441,\"mime-type\":\"image\\\/jpeg\",\"filesize\":105007},\"hd\":{\"file\":\"SHF_eb00154907_Eroeffnung-Ostfluegel-1280x785.jpg\",\"width\":1280,\"height\":785,\"mime-type\":\"image\\\/jpeg\",\"filesize\":279786},\"1536x1536\":{\"file\":\"SHF_eb00154907_Eroeffnung-Ostfluegel-1536x941.jpg\",\"width\":1536,\"height\":941,\"mime-type\":\"image\\\/jpeg\",\"filesize\":374408},\"original\":{\"file\":\"SHF_eb00154907_Eroeffnung-Ostfluegel.jpg\",\"width\":1873,\"height\":1148}},\n\t\t\t\t\"alt\" : \"Gruppenspiel von Menschen unterschiedlicher Herkunft auf einer B\\u00fchne vor einem historischen Geb\\u00e4ude.\",\n\t\t\t\t\"path\" : \"\\\/wp-content\\\/uploads\\\/2023\\\/09\\\/\",\n\t\t\t\t\"video\" : null,\n\t\t\t\t\"autoplay\" : null,\n\t\t\t\t\"youtube\" : null,\n\t\t\t\t\"youtubelabel\" : \"Video abspielen\",\n\t\t\t\t\"brightness\" : 100,\n\t\t\t\t\"crop\" : {\"top\":\"50.00\",\"left\":\"50.00\"},\n\t\t\t\t\"background\" : true,\n\t\t\t\t\"scale\" : 2\t\t\t\t}\n\t\t\t<\/script>\n\n\t\t\t<div class=\"height-container\" style=\"padding-bottom:61.292044847838%;\" v-if=\"sizes\">\n\t\t\t\t\t\t\t\t<lazy-media :inline=\"true\" :alt=\"alt\" :sizes=\"sizes\" :scale=\"scale\" :brightness=\"brightness\" :path=\"path\" :video=\"video\" :autoplay=\"autoplay\" :youtube=\"youtube\" :crop=\"crop\" :youtubelabel=\"youtubelabel\" :background=\"background\" media-id=\"desc_media_6a9d569515602\"><\/lazy-media>\n\t\t\t\t\t\t\t<\/div>\n\n\t\t\t\t\t\t\t<figcaption class=\"sr-only\" ref=\"body\" id=\"desc_media_6a9d569515602\">\n\t\t\t\t\t\t\t\t\t\t\t<div>Er&ouml;ffnung des Ostflu\u0308gels des Humboldt Forums <\/div>\n\t\t\t\t\t\t\t\t\t\t\t\t\t\t\t\t<div>Im September 2022 hat das Humboldt Forum in Berlin den Ostfl&uuml;gel mit dem Ethnologischen Museum und Museum f&uuml;r Asiatische Kunst er&ouml;ffnet. Zu diesem Anlass waren mehr als 80 internationale Partner*innen gekommen, die Ideen f&uuml;r die Zukunft des Forums und der Museen entwickelt haben. <\/div>\n\t\t\t\t\t\t\t\t\t\t\t\t\t\t\t\t<div class=\"insignificant\">\u00a9 Stiftung Humboldt Forum im Berliner Schloss, Foto: David von Becker<\/div>\n\t\t\t\t\t\t\t\t\t<\/figcaption>\n\t\t\t\t\t<\/figure>\n\t<\/lazy-media-inline>\n\t\t\t\t<\/div>\n\t\t\t<\/div>\n\t\t\t<div class=\"col-xs-12 teaser-event-text Infos\">\n\t\t\t\t<div class=\"teaser-event-standard-text\">\n\t\t\t\t\t<div class=\"margin-bottom-atom\">\n\t\t\t\t\t\t<div class=\"subline clamp-1\" v-html=\"maingenre\"><\/div>\n\t\t\t\t\t\t\t\t\t\t\t\t\t<div class=\"insignificant clamp-2\">SP\u00c4TI<\/div>\n\t\t\t\t\t\t\t\t\t\t\t<\/div>\n\t\t\t\t\n\t\t\t\t\t<strong class=\"margin-bottom-atom\">W\u00fcrde \u2013 Transparenz \u2013 Kontinuit\u00e4t<\/strong>\n\n\t\t\t\t\t\t\t\t\t\t\t<div class=\"\">Internationale Zusammenarbeit am Humboldt Forum<\/div>\n\t\t\t\t\t\t\t\t\t<\/div>\n\t\t\t\t<div class=\"teaser-bottom border-bottom\">\n\t\t\t\t<calendardateline :rawitem='item' :show-icon=\"true\"><\/calendardateline>\n\t\t\t\t\t<hr>\n\t\t\t\t<\/div>\n\t\t\t<\/div>\n\t\t<\/div>\n\t<\/a>\n\t<\/calendarteaser>\n<\/li>\n\n\t\t\t\t\t\t<\/ul>\n\t\t\t\t\t<\/div>\n\t\t\t\t<\/div>\n\t\t\t<\/teaser-lane-with-buttons>\n\t\t\t<\/section>\n\n<section class=\"block block-CTA block-CTA-long leftgradient\">\n\t<div class=\"container-fluid\">\n\t\t<div class=\"row center-xs\">\n\t\t\t<div class=\"col-xs-12\">\n\t\t\t\t<div class=\"box\">\n\t\t\t\t\t<a href=\"https:\/\/www.humboldtforum.org\/de\/global-cultural-embassy\/\" aria-label=\"Zur\u00fcck zur Hauptseite\" class=\"teaser teaser-cta-wide \">\n\t\t\t\t\t\t<div class=\"teaser-image\">\n\t\t\t\t\t\t\t\n\t<lazy-media-inline inline-template>\n\t\t<figure itemscope itemtype=\"http:\/\/schema.org\/ImageObject\" class=\"lazy-media-inline \" role=\"group\" id=\"media_6a9d569517893\" aria-labelledby=\"desc_media_6a9d569517893\">\n\t\t\t<script type=\"application\/json\" ref=\"data\">\n\t\t\t\t{\n\t\t\t\t\"sizes\" : {\"medium\":{\"file\":\"SHF_eb00249175-300x200.jpg\",\"width\":300,\"height\":200,\"mime-type\":\"image\\\/jpeg\",\"filesize\":19441},\"large\":{\"file\":\"SHF_eb00249175-1024x683.jpg\",\"width\":1024,\"height\":683,\"mime-type\":\"image\\\/jpeg\",\"filesize\":158141},\"thumbnail\":{\"file\":\"SHF_eb00249175-150x150.jpg\",\"width\":150,\"height\":150,\"mime-type\":\"image\\\/jpeg\",\"filesize\":8658},\"medium_large\":{\"file\":\"SHF_eb00249175-768x512.jpg\",\"width\":768,\"height\":512,\"mime-type\":\"image\\\/jpeg\",\"filesize\":96082},\"small\":{\"file\":\"SHF_eb00249175-440x293.jpg\",\"width\":440,\"height\":293,\"mime-type\":\"image\\\/jpeg\",\"filesize\":37164},\"semi\":{\"file\":\"SHF_eb00249175-580x387.jpg\",\"width\":580,\"height\":387,\"mime-type\":\"image\\\/jpeg\",\"filesize\":60026},\"mobile\":{\"file\":\"SHF_eb00249175-720x480.jpg\",\"width\":720,\"height\":480,\"mime-type\":\"image\\\/jpeg\",\"filesize\":85871},\"hd\":{\"file\":\"SHF_eb00249175-1280x854.jpg\",\"width\":1280,\"height\":854,\"mime-type\":\"image\\\/jpeg\",\"filesize\":232554},\"full\":{\"file\":\"SHF_eb00249175-1920x1281.jpg\",\"width\":1920,\"height\":1281,\"mime-type\":\"image\\\/jpeg\",\"filesize\":475830},\"xxl\":{\"file\":\"SHF_eb00249175-4048x2700.jpg\",\"width\":4048,\"height\":2700,\"mime-type\":\"image\\\/jpeg\",\"filesize\":1869891},\"1536x1536\":{\"file\":\"SHF_eb00249175-1536x1025.jpg\",\"width\":1536,\"height\":1025,\"mime-type\":\"image\\\/jpeg\",\"filesize\":320470},\"2048x2048\":{\"file\":\"SHF_eb00249175-2048x1366.jpg\",\"width\":2048,\"height\":1366,\"mime-type\":\"image\\\/jpeg\",\"filesize\":533825},\"original\":{\"file\":\"SHF_eb00249175.jpg\",\"width\":8027,\"height\":5354}},\n\t\t\t\t\"alt\" : \"Gruppenfoto von Teilnehmern der Global Cultural Assembly 2025 in einer Veranstaltungsst\\u00e4tte.\",\n\t\t\t\t\"path\" : \"\\\/wp-content\\\/uploads\\\/2026\\\/02\\\/\",\n\t\t\t\t\"video\" : null,\n\t\t\t\t\"autoplay\" : null,\n\t\t\t\t\"youtube\" : null,\n\t\t\t\t\"youtubelabel\" : \"Video abspielen\",\n\t\t\t\t\"brightness\" : \"100\",\n\t\t\t\t\"crop\" : null,\n\t\t\t\t\"background\" : true,\n\t\t\t\t\"scale\" : 1\t\t\t\t}\n\t\t\t<\/script>\n\n\t\t\t<div class=\"height-container\" style=\"padding-bottom:66.69988787841%;\" v-if=\"sizes\">\n\t\t\t\t\t\t\t\t<lazy-media :inline=\"true\" :alt=\"alt\" :sizes=\"sizes\" :scale=\"scale\" :brightness=\"brightness\" :path=\"path\" :video=\"video\" :autoplay=\"autoplay\" :youtube=\"youtube\" :crop=\"crop\" :youtubelabel=\"youtubelabel\" :background=\"background\" media-id=\"desc_media_6a9d569517893\"><\/lazy-media>\n\t\t\t\t\t\t\t<\/div>\n\n\t\t\t\t\t\t\t<figcaption class=\"sr-only\" ref=\"body\" id=\"desc_media_6a9d569517893\">\n\t\t\t\t\t\t\t\t\t\t\t\t\t\t\t\t\t\t\t<\/figcaption>\n\t\t\t\t\t<\/figure>\n\t<\/lazy-media-inline>\n\t\t\t\t\t\t<\/div>\n\t\t\t\t\t\t<div class=\"teaser-content \">\n\t\t\t\t\t\t\t<div>\n\t\t\t\t\t\t\t\t\t\t\t\t\t\t\t\t<div class=\"teaser-header\"><span class=\"h3\">Zur\u00fcck zur Hauptseite<\/span><\/div>\n\t\t\t\t\t\t\t\t\t\t\t\t\t\t\t\t<button tabindex=\"-1\" class=\"border\">Global Cultural Embassy<\/button>\n\t\t\t\t\t\t\t<\/div>\n\t\t\t\t\t\t<\/div>\n\t\t\t\t\t<\/a>\n\t\t\t\t<\/div>\n\t\t\t<\/div>\n\t\t<\/div>\n\t<\/div>\n<\/section>\n","protected":false},"excerpt":{"rendered":"","protected":false},"author":98,"featured_media":162020,"parent":0,"menu_order":0,"comment_status":"closed","ping_status":"closed","template":"","meta":{"_acf_changed":false,"footnotes":""},"class_list":["post-163891","page","type-page","status-publish","has-post-thumbnail","hentry"],"acf":[],"_links":{"self":[{"href":"https:\/\/www.humboldtforum.org\/de\/wp-json\/wp\/v2\/pages\/163891","targetHints":{"allow":["GET"]}}],"collection":[{"href":"https:\/\/www.humboldtforum.org\/de\/wp-json\/wp\/v2\/pages"}],"about":[{"href":"https:\/\/www.humboldtforum.org\/de\/wp-json\/wp\/v2\/types\/page"}],"author":[{"embeddable":true,"href":"https:\/\/www.humboldtforum.org\/de\/wp-json\/wp\/v2\/users\/98"}],"replies":[{"embeddable":true,"href":"https:\/\/www.humboldtforum.org\/de\/wp-json\/wp\/v2\/comments?post=163891"}],"version-history":[{"count":8,"href":"https:\/\/www.humboldtforum.org\/de\/wp-json\/wp\/v2\/pages\/163891\/revisions"}],"predecessor-version":[{"id":170085,"href":"https:\/\/www.humboldtforum.org\/de\/wp-json\/wp\/v2\/pages\/163891\/revisions\/170085"}],"wp:featuredmedia":[{"embeddable":true,"href":"https:\/\/www.humboldtforum.org\/de\/wp-json\/wp\/v2\/media\/162020"}],"wp:attachment":[{"href":"https:\/\/www.humboldtforum.org\/de\/wp-json\/wp\/v2\/media?parent=163891"}],"curies":[{"name":"wp","href":"https:\/\/api.w.org\/{rel}","templated":true}]}}