{"id":163910,"date":"2026-04-20T11:44:57","date_gmt":"2026-04-20T09:44:57","guid":{"rendered":"https:\/\/www.humboldtforum.org\/what-has-happened-so-far\/"},"modified":"2026-08-18T09:31:04","modified_gmt":"2026-08-18T07:31:04","slug":"assemblies","status":"publish","type":"page","link":"https:\/\/www.humboldtforum.org\/de\/global-cultural-embassy\/assemblies\/","title":{"rendered":"Global Cultural Assemblies"},"content":{"rendered":"<section class=\"block block-header-headline\" >\n    <div class=\"container-fluid\">\n        <div class=\"row\">\n\t\t\t\n                            <div class=\"col-xs-12 col-md-offset-2 col-md-8\">\n                    <div class=\"box\">\n                        <h1>Assemblies<\/h1>\n                    <\/div>\n                <\/div>\n                    <\/div>\n    <\/div>\n<\/section>\n\n\n\n\n<section class=\"block block-header\" >\n\t<block-header inline-template>\n\t\t<figure role=\"group\" aria-labelledby=\"desc_m_6a9d56f3ce0ce\">\n\n\t\t\t<script type=\"application\/json\" ref=\"data\">\n\t\t\t\t{\n\t\t\t\t\"sizes_d\" : {\"medium\":{\"file\":\"SHF_eb00249312-300x200.jpg\",\"width\":300,\"height\":200,\"mime-type\":\"image\\\/jpeg\",\"filesize\":9049},\"large\":{\"file\":\"SHF_eb00249312-1024x683.jpg\",\"width\":1024,\"height\":683,\"mime-type\":\"image\\\/jpeg\",\"filesize\":51601},\"thumbnail\":{\"file\":\"SHF_eb00249312-150x150.jpg\",\"width\":150,\"height\":150,\"mime-type\":\"image\\\/jpeg\",\"filesize\":4784},\"medium_large\":{\"file\":\"SHF_eb00249312-768x512.jpg\",\"width\":768,\"height\":512,\"mime-type\":\"image\\\/jpeg\",\"filesize\":33749},\"small\":{\"file\":\"SHF_eb00249312-440x293.jpg\",\"width\":440,\"height\":293,\"mime-type\":\"image\\\/jpeg\",\"filesize\":15416},\"semi\":{\"file\":\"SHF_eb00249312-580x387.jpg\",\"width\":580,\"height\":387,\"mime-type\":\"image\\\/jpeg\",\"filesize\":22809},\"mobile\":{\"file\":\"SHF_eb00249312-720x480.jpg\",\"width\":720,\"height\":480,\"mime-type\":\"image\\\/jpeg\",\"filesize\":30827},\"hd\":{\"file\":\"SHF_eb00249312-1280x854.jpg\",\"width\":1280,\"height\":854,\"mime-type\":\"image\\\/jpeg\",\"filesize\":71850},\"full\":{\"file\":\"SHF_eb00249312-1920x1281.jpg\",\"width\":1920,\"height\":1281,\"mime-type\":\"image\\\/jpeg\",\"filesize\":133411},\"xxl\":{\"file\":\"SHF_eb00249312-4048x2700.jpg\",\"width\":4048,\"height\":2700,\"mime-type\":\"image\\\/jpeg\",\"filesize\":514491},\"1536x1536\":{\"file\":\"SHF_eb00249312-1536x1025.jpg\",\"width\":1536,\"height\":1025,\"mime-type\":\"image\\\/jpeg\",\"filesize\":94522},\"2048x2048\":{\"file\":\"SHF_eb00249312-2048x1366.jpg\",\"width\":2048,\"height\":1366,\"mime-type\":\"image\\\/jpeg\",\"filesize\":148007},\"original\":{\"file\":\"SHF_eb00249312.jpg\",\"width\":8192,\"height\":5464}},\n\t\t\t\t\"alt_d\" : \"Eine Person beschriftet ein auf einem Tisch liegendes Dokument mit einem blauen Stift.\",\n\t\t\t\t\"path_d\" : \"\\\/wp-content\\\/uploads\\\/2026\\\/04\\\/\",\n\t\t\t\t\"autoplay_d\" : null,\n\t\t\t\t\"crop_d\" : null,\n\t\t\t\t\"background_d\" : true,\n\t\t\t\t\"scale_d\" : 1,\n\n\t\t\t\t\"sizes_m\" : [],\n\t\t\t\t\"alt_m\" : null,\n\t\t\t\t\"path_m\" : null,\n\t\t\t\t\"autoplay_m\" : null,\n\t\t\t\t\"crop_m\" : null,\n\t\t\t\t\"background_m\" : true,\n\t\t\t\t\"scale_m\" : 1,\n\n\t\t\t\t\"has_mobile_format\" : false,\n\t\t\t\t\"has_ad\" : false,\n\t\t\t\t\"audio_description_yt\" : null\t\t\t\t}\n\t\t\t<\/script>\n\t\t\t<div class=\"height-container\" style=\"padding-bottom:66.69921875%;\" v-if=\"sizes\" data-motion-parallax='{\"child\":\".image-wrapper\",\"mask\":\".lazy-media\",\"tween\":{\"yPercent\": [-15,15]}}'>\n\t\t\t\t<lazy-media :inline=\"true\" :scale=\"scale\" :alt=\"alt\" :sizes=\"sizes\" :brightness=\"brightness\" :path=\"path\" :video=\"video\" :autoplay=\"autoplay\" :youtube=\"youtube\" :crop=\"crop\" :youtubelabel=\"youtubelabel\" :background=\"background\" media-id=\"desc_m_6a9d56f3ce0ce\"><\/lazy-media>\n\t\t\t\t<button class=\"autoplay-audio-description-btn icon-background icon-audio-describtions\" @click=\"audioDescriptionPlay\" v-if=\"hasAudioDescription\" aria-label=\"Audiodeskription aufrufen\"><\/button>\n\t\t\t<\/div>\n\t\t\t\t\t\t<div class=\"lazy-media-info-container-fluid\">\n\t\t\t\t<div class=\"lazy-media-info-row end-xs\">\n\t\t\t\t\t<div class=\"lazy-media-info-col\">\n\t\t\t\t\t\t<div class=\"lazy-media-info\" aria-expanded=\"false\" :aria-expanded=\"isOpen ? 'true' : 'false'\">\n\t\t\t\t\t\t\t<button class=\"lazy-media-info-head button-tiny insignificant\" :class=\"{'button-active': isOpen}\" @click=\"toggle\" ref=\"head\"><span class=\"button-label insignificant\">Bildinfo<\/span><\/button>\n\t\t\t\t\t\t\t<figcaption class=\"lazy-media-info-body\" ref=\"body\" id=\"desc_m_6a9d56f3ce0ce\">\n\t\t\t\t\t\t\t\t<div class=\"lazy-media-info-body-content\">\n\t\t\t\t\t\t\t\t\t<div>Signing of the declaration at the Global Cultural Assembly<\/div>\t\t\t\t\t\t\t\t\t<div class=\"insignificant\">\u00a9 Stiftung Humboldt Forum im Berliner Schloss, Photo: Johannes Berger<\/div>\t\t\t\t\t\t\t\t<\/div>\n\t\t\t\t\t\t\t<\/figcaption>\n\t\t\t\t\t\t\t<div class=\"lazy-media-info-head-border\"><\/div>\n\t\t\t\t\t\t<\/div>\n\t\t\t\t\t<\/div>\n\t\t\t\t<\/div>\n\t\t\t<\/div>\n\t\t\t\t\t<\/figure>\n\t<\/block-header>\n<\/section>\n\n<section class=\"block block-copy block-no-margin\" >\n    <div class=\"container-fluid\">\n\t\t<div class=\"row \">\n            <div class=\"col-xs-12 col-md-offset-2 col-md-8\">\n                <div class=\"box\">\n                    <div class=\"copy\"><h3>Die Global Cultural Assembly 2025<\/h3>\n<p><span data-contrast=\"none\">Im Juni 2025\u00a0versammelten sich rund 80 Delegierte aus verschiedenen Regionen der Welt im Humboldt-Forum in Berlin zur Global Cultural Assembly 2025 (GCA 2025). Im Mittelpunkt des internationalen Treffens standen die globale Zusammenarbeit und die Entwicklung neuer Formen partizipativer institutioneller Praxis.<\/span><span data-ccp-props=\"{}\">\u00a0<\/span><\/p>\n<p><span class=\"TextRun SCXW243556910 BCX8\" lang=\"DE-DE\" xml:lang=\"DE-DE\" data-contrast=\"auto\"><span class=\"NormalTextRun SCXW243556910 BCX8\">Kuratorinnen, K\u00fcnstlerinnen, Wissenschaftlerinnen, Museumsfachleute und Vertreterinnen von Kulturinstitutionen aus L\u00e4ndern wie Nepal, Papua-Neuguinea, Kamerun, Tansania, Namibia, Brasilien und den USA sowie Delegierte aus der Diaspora in Deutschland und Europa diskutierten \u00fcber die Bed\u00fcrfnisse und das Potenzial zuk\u00fcnftiger Museumspraxis und institutioneller Transformationen. Die Versammlung wurde von der\u00a0<\/span><span class=\"NormalTextRun SpellingErrorV2Themed SCXW243556910 BCX8\">Preparatory<\/span><span class=\"NormalTextRun SCXW243556910 BCX8\">\u00a0Group (PG) gemeinsam mit Mitarbeitern der Stiftung\u00a0<\/span><span class=\"NormalTextRun SCXW243556910 BCX8\">Humboldt Foru<\/span><span class=\"NormalTextRun SCXW243556910 BCX8\">m, des Ethnologischen Museums und des Museums f\u00fcr Asiatische Kunst vorbereitet und organisiert.<\/span><\/span><span class=\"EOP Selected SCXW243556910 BCX8\" data-ccp-props=\"{&quot;134233117&quot;:false,&quot;134233118&quot;:false,&quot;201341983&quot;:0,&quot;335551550&quot;:1,&quot;335551620&quot;:1,&quot;335559685&quot;:0,&quot;335559737&quot;:0,&quot;335559738&quot;:240,&quot;335559739&quot;:240,&quot;335559740&quot;:278}\">\u00a0<\/span><\/p>\n<p><span data-contrast=\"none\">Sowohl in Plenarsitzungen als auch in regionalen und thematischen Arbeitsgruppen sammelten die Teilnehmer*innen Ideen und erarbeiteten Vorschl\u00e4ge f\u00fcr neue Formen der internationalen Vernetzung, des Wissensaustauschs und\u00a0einer gerechten Partner*innenschaft. Diese Diskussionen gipfelten in der Erkl\u00e4rung \u201eFrom Declaration to Action\u201c, die den \u00dcbergang von Absichtserkl\u00e4rungen zur praktischen Umsetzung markieren soll.<\/span><span data-ccp-props=\"{}\">\u00a0<\/span><\/p>\n<p><span data-contrast=\"none\">Zum Abschluss der Versammlung w\u00e4hlten die Delegierten der verschiedenen Regionalgruppen eine siebenk\u00f6pfige Reference Group (RG), die mit der Umsetzung der in der Erkl\u00e4rung dargelegten Beschl\u00fcsse und Ziele beauftragt ist. Die RG arbeitet an der Entwicklung fairer und kooperativer Arbeits- und Leitungsstrukturen und leitet die Umwandlung der GCA in eine Global Cultural\u00a0Embassy\u00a0(GCE), die als st\u00e4ndiges Gremium konzipiert ist. Die Mitglieder der Reference\u00a0Groups\u00a0vertreten\u00a0die Hubs\u00a0in Nordamerika, Lateinamerika, Asien, Zentralasien\/Naher Osten, Afrika, Ozeanien sowie Diaspora\/Europa.<\/span><span data-ccp-props=\"{&quot;134233117&quot;:false,&quot;134233118&quot;:false,&quot;201341983&quot;:0,&quot;335551550&quot;:1,&quot;335551620&quot;:1,&quot;335559685&quot;:0,&quot;335559737&quot;:0,&quot;335559738&quot;:0,&quot;335559739&quot;:160,&quot;335559740&quot;:278}\">\u00a0<\/span><\/p>\n<p><span data-contrast=\"none\">Die Versammlung stand auch der interessierten \u00d6ffentlichkeit offen: Durch Rundtischgespr\u00e4che, Vortr\u00e4ge und Begegnungen erhielten die Besucher*innen Einblicke in die vielf\u00e4ltigen Perspektiven der internationalen Teilnehmer*innen sowie in die aktuelle Entwicklung kooperativer Praktiken im Kultursektor.<\/span><span data-ccp-props=\"{&quot;134233117&quot;:false,&quot;134233118&quot;:false,&quot;201341983&quot;:0,&quot;335551550&quot;:1,&quot;335551620&quot;:1,&quot;335559685&quot;:0,&quot;335559737&quot;:0,&quot;335559738&quot;:0,&quot;335559739&quot;:160,&quot;335559740&quot;:278}\">\u00a0<\/span><\/p>\n<p><span data-contrast=\"none\">Die Veranstaltung im Juni 2025 kn\u00fcpft an die Erkl\u00e4rung \u201eW\u00fcrde \u2013 Transparenz \u2013 Kontinuit\u00e4t\u201c der Global Cultural Assembly 2022 an.<\/span><br style=\"font-weight: 400;\" \/><br style=\"font-weight: 400;\" \/><\/p>\n<\/div>\n                <\/div>\n            <\/div>\n\t\t<\/div>\n\t\t    <\/div>\n<\/section>\n\n<section class=\"block block-button\">\n    <div class=\"container-fluid\">\n\t\t<div class=\"row\">\n            <div class=\"col-xs-12 col-md-offset-2 col-md-8\">\n                <div class=\"box text-align-center\">\n                 \t\t<a href=\"https:\/\/www.humboldtforum.org\/wp-content\/uploads\/2026\/04\/The-Declaration-of-the-Global-Cultural-Assembly.pdf\" class=\"button-extern\" role=\"button\" target=\"_blank\">\n\t\t<span class=\"button-label\">Unterzeichnende der Erkl\u00e4rung der GCE<\/span>\n\t<\/a>\n                <\/div>\n            <\/div>\n        <\/div>\n    <\/div>\n<\/section>\n\n\n<section class=\"block block-gallery\">\n\t<div class=\"container-fluid\">\n\t\t<div class=\"row center-xs\">\n\t\t\t<div class=\"col-xs-12\">\n\t\t\t\t<div class=\"box text-align-left\">\n\t\t\t\t\t<block-gallery inline-template>\n\t\t\t\t\t\t<div :class=\"{ firstLoaded: firstLoaded }\">\n\t\t\t\t\t\t\t<script type=\"application\/json\" ref=\"data\">\n\t\t\t\t\t\t\t{\n\t\t\t\t\t\t\t\t\"images\" : [{\"id\":0,\"width\":1280,\"height\":854,\"alt\":\"Drei Frauen in traditioneller Kleidung diskutieren, eine mit Mikrofon, w&auml;hrend die anderen aufmerksam lauschen.\",\"title\":\"\",\"description\":\"\",\"label\":\"GCA Konferenz, Juni 2025\",\"copyright\":\"Stiftung Humboldt Forum im Berliner Schloss, Foto: Johannes Berger\",\"path\":\"\\\/wp-content\\\/uploads\\\/2026\\\/04\\\/\",\"sizes\":{\"medium\":{\"file\":\"SHF_eb00249207-300x200.jpg\",\"width\":300,\"height\":200,\"mime-type\":\"image\\\/jpeg\",\"filesize\":14131},\"large\":{\"file\":\"SHF_eb00249207-1024x683.jpg\",\"width\":1024,\"height\":683,\"mime-type\":\"image\\\/jpeg\",\"filesize\":92508},\"thumbnail\":{\"file\":\"SHF_eb00249207-150x150.jpg\",\"width\":150,\"height\":150,\"mime-type\":\"image\\\/jpeg\",\"filesize\":6943},\"medium_large\":{\"file\":\"SHF_eb00249207-768x512.jpg\",\"width\":768,\"height\":512,\"mime-type\":\"image\\\/jpeg\",\"filesize\":59406},\"small\":{\"file\":\"SHF_eb00249207-440x294.jpg\",\"width\":440,\"height\":294,\"mime-type\":\"image\\\/jpeg\",\"filesize\":25505},\"semi\":{\"file\":\"SHF_eb00249207-580x387.jpg\",\"width\":580,\"height\":387,\"mime-type\":\"image\\\/jpeg\",\"filesize\":39092},\"mobile\":{\"file\":\"SHF_eb00249207-720x480.jpg\",\"width\":720,\"height\":480,\"mime-type\":\"image\\\/jpeg\",\"filesize\":53821},\"original\":{\"file\":\"SHF_eb00249207.jpg\",\"width\":1280,\"height\":854}}},{\"id\":1,\"width\":1440,\"height\":880,\"alt\":\"Drei zerknitterte Bl&auml;tter mit handschriftlichen Notizen und Unterschriften auf pinkem Hintergrund.\",\"title\":\"\",\"description\":\"\",\"label\":\"A declaration on dignity, continuity, and transparency signed by the participants of the Humboldt Forum&rsquo;s opening symposium, held September 12&ndash;14, 2022\",\"copyright\":\"Stiftung Humboldt Forum im Berliner Schloss\",\"path\":\"\\\/wp-content\\\/uploads\\\/2026\\\/04\\\/\",\"sizes\":{\"medium\":{\"file\":\"SHF_eb00195948-300x183.jpg\",\"width\":300,\"height\":183,\"mime-type\":\"image\\\/jpeg\",\"filesize\":12575},\"large\":{\"file\":\"SHF_eb00195948-1024x626.jpg\",\"width\":1024,\"height\":626,\"mime-type\":\"image\\\/jpeg\",\"filesize\":125253},\"thumbnail\":{\"file\":\"SHF_eb00195948-150x150.jpg\",\"width\":150,\"height\":150,\"mime-type\":\"image\\\/jpeg\",\"filesize\":5333},\"medium_large\":{\"file\":\"SHF_eb00195948-768x469.jpg\",\"width\":768,\"height\":469,\"mime-type\":\"image\\\/jpeg\",\"filesize\":73421},\"small\":{\"file\":\"SHF_eb00195948-440x269.jpg\",\"width\":440,\"height\":269,\"mime-type\":\"image\\\/jpeg\",\"filesize\":25749},\"semi\":{\"file\":\"SHF_eb00195948-580x354.jpg\",\"width\":580,\"height\":354,\"mime-type\":\"image\\\/jpeg\",\"filesize\":43483},\"mobile\":{\"file\":\"SHF_eb00195948-720x440.jpg\",\"width\":720,\"height\":440,\"mime-type\":\"image\\\/jpeg\",\"filesize\":69591},\"hd\":{\"file\":\"SHF_eb00195948-1280x782.jpg\",\"width\":1280,\"height\":782,\"mime-type\":\"image\\\/jpeg\",\"filesize\":184356},\"original\":{\"file\":\"SHF_eb00195948.jpg\",\"width\":1440,\"height\":880}}},{\"id\":2,\"width\":1280,\"height\":854,\"alt\":\"Zwei Frauen sitzen in einem Raum, eine legt beruhigend die Hand auf die Schulter der anderen.\",\"title\":\"\",\"description\":\"\",\"label\":\"GCA Konferenz Juni 2025\",\"copyright\":\"Stiftung Humboldt Forum im Berliner Schloss, Foto: Johannes Berger\",\"path\":\"\\\/wp-content\\\/uploads\\\/2026\\\/04\\\/\",\"sizes\":{\"medium\":{\"file\":\"SHF_eb00249297-300x200.jpg\",\"width\":300,\"height\":200,\"mime-type\":\"image\\\/jpeg\",\"filesize\":15012},\"large\":{\"file\":\"SHF_eb00249297-1024x683.jpg\",\"width\":1024,\"height\":683,\"mime-type\":\"image\\\/jpeg\",\"filesize\":100821},\"thumbnail\":{\"file\":\"SHF_eb00249297-150x150.jpg\",\"width\":150,\"height\":150,\"mime-type\":\"image\\\/jpeg\",\"filesize\":6859},\"medium_large\":{\"file\":\"SHF_eb00249297-768x512.jpg\",\"width\":768,\"height\":512,\"mime-type\":\"image\\\/jpeg\",\"filesize\":64918},\"small\":{\"file\":\"SHF_eb00249297-440x294.jpg\",\"width\":440,\"height\":294,\"mime-type\":\"image\\\/jpeg\",\"filesize\":27628},\"semi\":{\"file\":\"SHF_eb00249297-580x387.jpg\",\"width\":580,\"height\":387,\"mime-type\":\"image\\\/jpeg\",\"filesize\":42466},\"mobile\":{\"file\":\"SHF_eb00249297-720x480.jpg\",\"width\":720,\"height\":480,\"mime-type\":\"image\\\/jpeg\",\"filesize\":58586},\"original\":{\"file\":\"SHF_eb00249297.jpg\",\"width\":1280,\"height\":854}}},{\"id\":3,\"width\":1280,\"height\":854,\"alt\":\"Zwei Personen halten w&auml;hrend einer Veranstaltung zur globalen Kulturversammlung jeweils ein Dokument in der Hand.\",\"title\":\"\",\"description\":\"\",\"label\":\"GCA Konferenz Juni 2025\",\"copyright\":\"Stiftung Humboldt Forum im Berliner Schloss, Foto: Johannes Berger\",\"path\":\"\\\/wp-content\\\/uploads\\\/2026\\\/04\\\/\",\"sizes\":{\"medium\":{\"file\":\"SHF_eb00249251-300x200.jpg\",\"width\":300,\"height\":200,\"mime-type\":\"image\\\/jpeg\",\"filesize\":11884},\"large\":{\"file\":\"SHF_eb00249251-1024x683.jpg\",\"width\":1024,\"height\":683,\"mime-type\":\"image\\\/jpeg\",\"filesize\":78164},\"thumbnail\":{\"file\":\"SHF_eb00249251-150x150.jpg\",\"width\":150,\"height\":150,\"mime-type\":\"image\\\/jpeg\",\"filesize\":6955},\"medium_large\":{\"file\":\"SHF_eb00249251-768x512.jpg\",\"width\":768,\"height\":512,\"mime-type\":\"image\\\/jpeg\",\"filesize\":50068},\"small\":{\"file\":\"SHF_eb00249251-440x294.jpg\",\"width\":440,\"height\":294,\"mime-type\":\"image\\\/jpeg\",\"filesize\":21320},\"semi\":{\"file\":\"SHF_eb00249251-580x387.jpg\",\"width\":580,\"height\":387,\"mime-type\":\"image\\\/jpeg\",\"filesize\":33261},\"mobile\":{\"file\":\"SHF_eb00249251-720x480.jpg\",\"width\":720,\"height\":480,\"mime-type\":\"image\\\/jpeg\",\"filesize\":45493},\"original\":{\"file\":\"SHF_eb00249251.jpg\",\"width\":1280,\"height\":854}}}]\t\t\t\t\t\t\t}\n\t\t\t\t\t\t\t<\/script>\n\n\t\t\t\t\t\t\t<swiper :options=\"options\" @slide-change=\"track\">\n\t\t\t\t\t\t\t\t<div class=\"swiper-slide\" :key=\"image.id\" v-for=\"image in images\">\n\t\t\t\t\t\t\t\t\t<block-gallery-item inline-template :image=\"image\">\n\t\t\t\t\t\t\t\t\t\t<figure class=\"swiper-slide-image-wrapper\" ref=\"parent\">\n\t\t\t\t\t\t\t\t\t\t\t<div class=\"width-container\" ref=\"container\" :style=\"style\">\n\t\t\t\t\t\t\t\t\t\t\t\t<div data-swiper-parallax-x=\"50%\">\n\t\t\t\t\t\t\t\t\t\t\t\t<img :src=\"image.src\" :alt=\"image.alt\" v-if=\"image.id < 2\">\n\t\t\t\t\t\t\t\t\t\t\t\t<img class=\"swiper-lazy\" :data-src=\"image.src\" :alt=\"image.alt\" v-else>\n\t\t\t\t\t\t\t\t\t\t\t\t<\/div>\n\t\t\t\t\t\t\t\t\t\t\t<\/div>\n\t\t\t\t\t\t\t\t\t\t<\/figure>\n\t\t\t\t\t\t\t\t\t<\/block-gallery-item>\n\n\t\t\t\t\t\t\t\t\t<figcaption>\n\t\t\t\t\t\t\t\t\t\t<div class=\"lazy-media-info-body-content\">\n\t\t\t\t\t\t\t\t\t\t\t<div v-if=\"image.label\" v-html=\"image.label\"><\/div>\n\t\t\t\t\t\t\t\t\t\t\t<div v-else-if=\"image.description\" v-html=\"image.description\"><\/div>\n\t\t\t\t\t\t\t\t\t\t\t<div class=\"insignificant\" v-if=\"image.copyright\" v-html=\"'\u00a9 '+image.copyright\"><\/div>\n\t\t\t\t\t\t\t\t\t\t<\/div>\n\t\t\t\t\t\t\t\t\t<\/figcaption>\n\t\t\t\t\t\t\t\t<\/div>\n\n\t\t\t\t\t\t\t\t<div class=\"swiper-pagination\"  slot=\"pagination\"><\/div>\n\n\t\t\t\t\t\t\t\t<button class=\"icon-round swiper-button-prev\" slot=\"button-prev\" aria-label=\"Vorheriges Bild\">\n\t\t\t\t\t\t\t\t\t<span class=\"icon-next\" aria-hidden=\"true\"><\/span>\n\t\t\t\t\t\t\t\t<\/button>\n\n\t\t\t\t\t\t\t\t<button class=\"icon-round swiper-button-next\" slot=\"button-next\" aria-label=\"N\u00e4chstes Bild\">\n\t\t\t\t\t\t\t\t\t<span class=\"icon-next\" aria-hidden=\"true\"><\/span>\n\t\t\t\t\t\t\t\t<\/button>\n\t\t\t\t\t\t\t<\/swiper>\n\t\t\t\t\t\t<\/div>\n\t\t\t\t\t<\/block-gallery>\n\t\t\t\t<\/div>\n\t\t\t<\/div>\n\t\t<\/div>\n\t<\/div>\n<\/section>\n\n<section class=\"block block-copy block-no-margin\" >\n    <div class=\"container-fluid\">\n\t\t<div class=\"row \">\n            <div class=\"col-xs-12 col-md-offset-2 col-md-8\">\n                <div class=\"box\">\n                    <div class=\"copy\"><h3><span class=\"TextRun SCXW196403745 BCX8\" lang=\"DE-DE\" xml:lang=\"DE-DE\" data-contrast=\"none\"><span class=\"NormalTextRun SCXW196403745 BCX8\">Er\u00f6ffnung des Humboldt Forums 2022 und die Global Cultural Assembly 2022<\/span><\/span><span class=\"EOP Selected SCXW196403745 BCX8\" data-ccp-props=\"{&quot;134233117&quot;:false,&quot;134233118&quot;:false,&quot;201341983&quot;:0,&quot;335551550&quot;:1,&quot;335551620&quot;:1,&quot;335559685&quot;:0,&quot;335559737&quot;:0,&quot;335559738&quot;:0,&quot;335559739&quot;:160,&quot;335559740&quot;:278}\">\u00a0<\/span><\/h3>\n<p><span data-contrast=\"none\">Die Anf\u00e4nge der Global Cultural Assembly (GCA) reichen bis in den September 2022 zur\u00fcck, als die Ausstellungen des Ethnologischen Museums und des Museums f\u00fcr Asiatische Kunst im Humboldt-Forum vollst\u00e4ndig er\u00f6ffnet wurden. Zu diesem Anlass kamen internationale und indigene Partner*innen \u2013 von denen viele auf unterschiedliche Weise zur Entwicklung der Ausstellungen beigetragen hatten \u2013 f\u00fcr eine Woche des Austauschs, des Feierns und der kritischen Debatte in Berlin zusammen.<\/span><span data-ccp-props=\"{&quot;134233117&quot;:false,&quot;134233118&quot;:false,&quot;201341983&quot;:0,&quot;335551550&quot;:1,&quot;335551620&quot;:1,&quot;335559685&quot;:0,&quot;335559737&quot;:0,&quot;335559738&quot;:0,&quot;335559739&quot;:160,&quot;335559740&quot;:278}\">\u00a0<\/span><\/p>\n<p><span data-contrast=\"none\">Aus dieser Begegnung entstand die Erkl\u00e4rung <a href=\"https:\/\/www.humboldtforum.org\/de\/wuerde-kontinuitaet-transparenz-3\/\">\u201eW\u00fcrde \u2013 Transparenz \u2013 Kontinuit\u00e4t\u201c<\/a>, ein gemeinsamer Aufruf, die Bedingungen der internationalen Zusammenarbeit neu zu definieren und Beziehungen aufzubauen, die auf Vertrauen, Rechenschaftspflicht und gemeinsamer Verantwortung beruhen.<\/span><span data-ccp-props=\"{&quot;134233117&quot;:false,&quot;134233118&quot;:false,&quot;201341983&quot;:0,&quot;335551550&quot;:1,&quot;335551620&quot;:1,&quot;335559685&quot;:0,&quot;335559737&quot;:0,&quot;335559738&quot;:0,&quot;335559739&quot;:160,&quot;335559740&quot;:278}\">\u00a0<\/span><\/p>\n<p><span data-contrast=\"none\">Die Erkl\u00e4rung von 2022 markiert den Ausgangspunkt f\u00fcr ein langfristiges Engagement, institutionelle Praktiken zu \u00fcberdenken und eine dauerhafte Struktur der Partizipation zu etablieren \u2013 eine Struktur, die durch die GCA und ihr globales Netzwerk fortgef\u00fchrt wird.<\/span><\/p>\n<p><br style=\"font-weight: 400;\" \/><br style=\"font-weight: 400;\" \/><\/p>\n<\/div>\n                <\/div>\n            <\/div>\n\t\t<\/div>\n\t\t    <\/div>\n<\/section>\n\n<section class=\"block block-button\">\n    <div class=\"container-fluid\">\n\t\t<div class=\"row\">\n            <div class=\"col-xs-12 col-md-offset-2 col-md-8\">\n                <div class=\"box text-align-center\">\n                 \t\t<a href=\"https:\/\/www.smb.museum\/en\/online-offers\/detail\/retrospect-opening-of-the-east-wing-at-the-humboldt-forum\/\" class=\"button-extern\" role=\"button\" target=\"_blank\">\n\t\t<span class=\"button-label\">Retrospektive: Er\u00f6ffnung des Ostfl\u00fcgels des Humboldt Forums  <\/span>\n\t<\/a>\n                <\/div>\n            <\/div>\n        <\/div>\n    <\/div>\n<\/section>\n\n<section class=\"block block-button\">\n    <div class=\"container-fluid\">\n\t\t<div class=\"row\">\n            <div class=\"col-xs-12 col-md-offset-2 col-md-8\">\n                <div class=\"box text-align-center\">\n                 \t\t<a href=\"https:\/\/www.humboldtforum.org\/wp-content\/uploads\/2022\/09\/Dignity-Continuity-Transparency.pdf\" class=\"button-extern\" role=\"button\" target=\"_blank\">\n\t\t<span class=\"button-label\">PDF W\u00fcrde, Kontinuit\u00e4t, Transparenz <\/span>\n\t<\/a>\n                <\/div>\n            <\/div>\n        <\/div>\n    <\/div>\n<\/section>\n\n<section class=\"block block-teaser col-lane \" style=\"\">\n\t\t\t\t\t\t<teaser-lane-with-buttons inline-template tracking-label=\"\">\n\t\t\t\t<div>\n\t\t\t\t\t<div class=\"container-fluid\">\n\t\t\t\t\t\t<div class=\"row middle-xs\">\n\t\t\t\t\t\t\t<div class=\"col-xs-10 col-sm-8\">\n\t\t\t\t\t\t\t\t\t\t\t\t\t\t\t<\/div>\n\t\t\t\t\t\t\t<div class=\"col-xs-2 col-sm-4 end-xs margin-bottom-sixth\">\n\t\t\t\t\t\t\t\t<teaser-lane-buttons :visible_prev=\"visible_prev\" :visible_next=\"visible_next\" @prev=\"prev\" @next=\"next\"><\/teaser-lane-buttons>\n\t\t\t\t\t\t\t<\/div>\n\t\t\t\t\t\t<\/div>\n\t\t\t\t\t<\/div>\n\t\t\t\t\t<div class=\"teaser-lane-wrapper\">\n\t\t\t\t\t\t<ul class=\"teaser-lane\">\n\t\t\t\t\t\t<li class=\"teaser-lane-slide col-xs-6 col-sm-4 col-md-3 col-padding-remove\">\n\t<div class=\"box\">\n\t\t<a href=\"https:\/\/www.humboldtforum.org\/de\/from-declaration-to-action\/\" class=\"teaser teaser-page\">\n\t\t\t<div class=\"teaser-image teaser-image-full footer-gradient\">\n\t\t\t\t\n\t<lazy-media-inline inline-template>\n\t\t<figure itemscope itemtype=\"http:\/\/schema.org\/ImageObject\" class=\"lazy-media-inline \" role=\"group\" id=\"media_6a9d56f3dd73f\" aria-labelledby=\"desc_media_6a9d56f3dd73f\">\n\t\t\t<script type=\"application\/json\" ref=\"data\">\n\t\t\t\t{\n\t\t\t\t\"sizes\" : {\"medium\":{\"file\":\"SHF_eb00249175-300x200.jpg\",\"width\":300,\"height\":200,\"mime-type\":\"image\\\/jpeg\",\"filesize\":19441},\"large\":{\"file\":\"SHF_eb00249175-1024x683.jpg\",\"width\":1024,\"height\":683,\"mime-type\":\"image\\\/jpeg\",\"filesize\":158141},\"thumbnail\":{\"file\":\"SHF_eb00249175-150x150.jpg\",\"width\":150,\"height\":150,\"mime-type\":\"image\\\/jpeg\",\"filesize\":8657},\"medium_large\":{\"file\":\"SHF_eb00249175-768x512.jpg\",\"width\":768,\"height\":512,\"mime-type\":\"image\\\/jpeg\",\"filesize\":96082},\"small\":{\"file\":\"SHF_eb00249175-440x293.jpg\",\"width\":440,\"height\":293,\"mime-type\":\"image\\\/jpeg\",\"filesize\":37164},\"semi\":{\"file\":\"SHF_eb00249175-580x387.jpg\",\"width\":580,\"height\":387,\"mime-type\":\"image\\\/jpeg\",\"filesize\":60026},\"mobile\":{\"file\":\"SHF_eb00249175-720x480.jpg\",\"width\":720,\"height\":480,\"mime-type\":\"image\\\/jpeg\",\"filesize\":85871},\"hd\":{\"file\":\"SHF_eb00249175-1280x854.jpg\",\"width\":1280,\"height\":854,\"mime-type\":\"image\\\/jpeg\",\"filesize\":232554},\"full\":{\"file\":\"SHF_eb00249175-1920x1281.jpg\",\"width\":1920,\"height\":1281,\"mime-type\":\"image\\\/jpeg\",\"filesize\":475830},\"xxl\":{\"file\":\"SHF_eb00249175-4048x2700.jpg\",\"width\":4048,\"height\":2700,\"mime-type\":\"image\\\/jpeg\",\"filesize\":1869891},\"1536x1536\":{\"file\":\"SHF_eb00249175-1536x1025.jpg\",\"width\":1536,\"height\":1025,\"mime-type\":\"image\\\/jpeg\",\"filesize\":320470},\"2048x2048\":{\"file\":\"SHF_eb00249175-2048x1366.jpg\",\"width\":2048,\"height\":1366,\"mime-type\":\"image\\\/jpeg\",\"filesize\":533825},\"original\":{\"file\":\"SHF_eb00249175.jpg\",\"width\":8027,\"height\":5354}},\n\t\t\t\t\"alt\" : \"Gruppenfoto bei der Globalen Kult Versammlung 2025 mit vielf\\u00e4ltigen Teilnehmern vor einem Veranstaltungsbanner.\",\n\t\t\t\t\"path\" : \"\\\/wp-content\\\/uploads\\\/2026\\\/04\\\/\",\n\t\t\t\t\"video\" : null,\n\t\t\t\t\"autoplay\" : null,\n\t\t\t\t\"youtube\" : null,\n\t\t\t\t\"youtubelabel\" : \"Video abspielen\",\n\t\t\t\t\"brightness\" : 100,\n\t\t\t\t\"crop\" : null,\n\t\t\t\t\"background\" : true,\n\t\t\t\t\"scale\" : 4\t\t\t\t}\n\t\t\t<\/script>\n\n\t\t\t<div class=\"height-container\" style=\"padding-bottom:66.69988787841%;\" v-if=\"sizes\">\n\t\t\t\t\t\t\t\t<lazy-media :inline=\"true\" :alt=\"alt\" :sizes=\"sizes\" :scale=\"scale\" :brightness=\"brightness\" :path=\"path\" :video=\"video\" :autoplay=\"autoplay\" :youtube=\"youtube\" :crop=\"crop\" :youtubelabel=\"youtubelabel\" :background=\"background\" media-id=\"desc_media_6a9d56f3dd73f\"><\/lazy-media>\n\t\t\t\t\t\t\t<\/div>\n\n\t\t\t\t\t\t\t<figcaption class=\"sr-only\" ref=\"body\" id=\"desc_media_6a9d56f3dd73f\">\n\t\t\t\t\t\t\t\t\t\t\t<div>GCA Konferenz Juni 2025<\/div>\n\t\t\t\t\t\t\t\t\t\t\t\t\t\t\t\t\t\t\t\t\t<div class=\"insignificant\">\u00a9 Stiftung Humboldt Forum im Berliner Schloss, Foto: Johannes Berger<\/div>\n\t\t\t\t\t\t\t\t\t<\/figcaption>\n\t\t\t\t\t<\/figure>\n\t<\/lazy-media-inline>\n\t\t\t<\/div>\n\t\t\t<div class=\"teaser-header\"><div>\n\t\t\t\t\n\t\t\t\t\t\t<span class=\"h4 mobile-smaller-headline\">From Declaration to Action<\/span>\n\t\t\t\t\t\t\t\t<\/div><\/div>\n\t\t<\/a>\n\t<\/div>\n<\/li><li class=\"teaser-lane-slide col-xs-6 col-sm-4 col-md-3 col-padding-remove\">\n\t<div class=\"box\">\n\t\t<a href=\"https:\/\/www.humboldtforum.org\/de\/wuerde-kontinuitaet-transparenz-3\/\" class=\"teaser teaser-page\">\n\t\t\t<div class=\"teaser-image teaser-image-full footer-gradient\">\n\t\t\t\t\n\t<lazy-media-inline inline-template>\n\t\t<figure itemscope itemtype=\"http:\/\/schema.org\/ImageObject\" class=\"lazy-media-inline \" role=\"group\" id=\"media_6a9d56f3de52f\" aria-labelledby=\"desc_media_6a9d56f3de52f\">\n\t\t\t<script type=\"application\/json\" ref=\"data\">\n\t\t\t\t{\n\t\t\t\t\"sizes\" : {\"medium\":{\"file\":\"SHF_eb00154475_Eroeffnung-Ostfluegel-300x220.jpg\",\"width\":300,\"height\":220,\"mime-type\":\"image\\\/jpeg\",\"filesize\":17837},\"large\":{\"file\":\"SHF_eb00154475_Eroeffnung-Ostfluegel-1024x750.jpg\",\"width\":1024,\"height\":750,\"mime-type\":\"image\\\/jpeg\",\"filesize\":146969},\"thumbnail\":{\"file\":\"SHF_eb00154475_Eroeffnung-Ostfluegel-150x150.jpg\",\"width\":150,\"height\":150,\"mime-type\":\"image\\\/jpeg\",\"filesize\":6926},\"medium_large\":{\"file\":\"SHF_eb00154475_Eroeffnung-Ostfluegel-768x563.jpg\",\"width\":768,\"height\":563,\"mime-type\":\"image\\\/jpeg\",\"filesize\":91912},\"small\":{\"file\":\"SHF_eb00154475_Eroeffnung-Ostfluegel-440x322.jpg\",\"width\":440,\"height\":322,\"mime-type\":\"image\\\/jpeg\",\"filesize\":34817},\"semi\":{\"file\":\"SHF_eb00154475_Eroeffnung-Ostfluegel-580x425.jpg\",\"width\":580,\"height\":425,\"mime-type\":\"image\\\/jpeg\",\"filesize\":56853},\"mobile\":{\"file\":\"SHF_eb00154475_Eroeffnung-Ostfluegel-720x528.jpg\",\"width\":720,\"height\":528,\"mime-type\":\"image\\\/jpeg\",\"filesize\":81795},\"original\":{\"file\":\"SHF_eb00154475_Eroeffnung-Ostfluegel.jpg\",\"width\":1280,\"height\":938}},\n\t\t\t\t\"alt\" : \"Eine gro\\u00dfe Gruppe von Menschen steht vor einem historischen Geb\\u00e4ude in Berlin, im Hintergrund der Fernsehturm.\",\n\t\t\t\t\"path\" : \"\\\/wp-content\\\/uploads\\\/2022\\\/09\\\/\",\n\t\t\t\t\"video\" : null,\n\t\t\t\t\"autoplay\" : null,\n\t\t\t\t\"youtube\" : null,\n\t\t\t\t\"youtubelabel\" : \"Video abspielen\",\n\t\t\t\t\"brightness\" : 100,\n\t\t\t\t\"crop\" : {\"top\":\"93.91\",\"left\":\"51.06\"},\n\t\t\t\t\"background\" : true,\n\t\t\t\t\"scale\" : 4\t\t\t\t}\n\t\t\t<\/script>\n\n\t\t\t<div class=\"height-container\" style=\"padding-bottom:73.28125%;\" v-if=\"sizes\">\n\t\t\t\t\t\t\t\t<lazy-media :inline=\"true\" :alt=\"alt\" :sizes=\"sizes\" :scale=\"scale\" :brightness=\"brightness\" :path=\"path\" :video=\"video\" :autoplay=\"autoplay\" :youtube=\"youtube\" :crop=\"crop\" :youtubelabel=\"youtubelabel\" :background=\"background\" media-id=\"desc_media_6a9d56f3de52f\"><\/lazy-media>\n\t\t\t\t\t\t\t<\/div>\n\n\t\t\t\t\t\t\t<figcaption class=\"sr-only\" ref=\"body\" id=\"desc_media_6a9d56f3de52f\">\n\t\t\t\t\t\t\t\t\t\t\t\t\t\t\t\t<div>Im September 2022 hat das Humboldt Forum in Berlin den Ostfl&uuml;gel mit dem Ethnologischen Museum und Museum f&uuml;r Asiatische Kunst er&ouml;ffnet. Zu diesem Anlass waren mehr als 80 internationale Partner*innen gekommen, die Ideen f&uuml;r die Zukunft des Forums und der Museen entwickelt haben. <\/div>\n\t\t\t\t\t\t\t\t\t\t\t\t\t\t\t\t<div class=\"insignificant\">\u00a9 Stiftung Humboldt Forum im Berliner Schloss \/ David von Becker<\/div>\n\t\t\t\t\t\t\t\t\t<\/figcaption>\n\t\t\t\t\t<\/figure>\n\t<\/lazy-media-inline>\n\t\t\t<\/div>\n\t\t\t<div class=\"teaser-header\"><div>\n\t\t\t\t\n\t\t\t\t\t\t<span class=\"h4 mobile-smaller-headline\">W\u00dcRDE \u2013 KONTINUIT\u00c4T \u2013 TRANSPARENZ<\/span>\n\t\t\t\t\t\t\t\t<\/div><\/div>\n\t\t<\/a>\n\t<\/div>\n<\/li><li class=\"teaser-lane-slide col-xs-9 col-sm-4 col-md-3 teaser-wrapper col-padding-remove\">\n\t<calendarteaser key=\"1461344174\" rawitem='{&quot;postId&quot;:146134,&quot;title&quot;:&quot;Global Cultural Assembly 2025&quot;,&quot;excerpt&quot;:&quot;&quot;,&quot;slug&quot;:&quot;global-cultural-assembly-2025&quot;,&quot;post_date&quot;:&quot;2025-05-16T09:58&quot;,&quot;type&quot;:&quot;event-multi&quot;,&quot;permalink&quot;:&quot;https:\\\/\\\/www.humboldtforum.org\\\/de\\\/programm\\\/event\\\/diskurs\\\/global-cultural-assembly-2025-146134\\\/&quot;,&quot;genre&quot;:[392,843],&quot;genre_details&quot;:[{&quot;text&quot;:&quot;Diskurs&quot;,&quot;id&quot;:392,&quot;icon&quot;:null,&quot;parent&quot;:0},{&quot;text&quot;:&quot;Konferenz\\\/Symposium&quot;,&quot;id&quot;:843,&quot;icon&quot;:null,&quot;parent&quot;:0}],&quot;stakeholder&quot;:[382],&quot;stakeholder_details&quot;:[{&quot;text&quot;:&quot;Stiftung Humboldt Forum im Berliner Schloss&quot;,&quot;id&quot;:382,&quot;icon&quot;:null,&quot;parent&quot;:0}],&quot;language&quot;:[385,789,386],&quot;language_details&quot;:[{&quot;text&quot;:&quot;Englisch&quot;,&quot;id&quot;:385,&quot;icon&quot;:null,&quot;parent&quot;:0},{&quot;text&quot;:&quot;Franz\\u00f6sisch&quot;,&quot;id&quot;:789,&quot;icon&quot;:null,&quot;parent&quot;:0},{&quot;text&quot;:&quot;Spanisch&quot;,&quot;id&quot;:386,&quot;icon&quot;:null,&quot;parent&quot;:0}],&quot;place&quot;:[404],&quot;place_details&quot;:{&quot;place&quot;:&quot;Humboldt Forum&quot;,&quot;map&quot;:&quot;Humboldt Forum, Schlossplatz, Berlin&quot;,&quot;room&quot;:&quot;&quot;},&quot;icon_overwrite&quot;:&quot;&quot;,&quot;acf&quot;:{&quot;noindex&quot;:false,&quot;keywords&quot;:&quot;&quot;,&quot;belongsto&quot;:false,&quot;shorturl&quot;:&quot;gca&quot;,&quot;times&quot;:[],&quot;planning&quot;:{&quot;price&quot;:&quot;&quot;,&quot;admission&quot;:&quot;&quot;,&quot;pause&quot;:&quot;&quot;,&quot;duration&quot;:&quot;&quot;,&quot;status&quot;:&quot;BUY&quot;,&quot;info&quot;:&quot;&quot;,&quot;shop&quot;:&quot;&quot;,&quot;can_purchase&quot;:false},&quot;additional_info&quot;:{&quot;icon&quot;:&quot;0&quot;,&quot;text&quot;:&quot;&quot;},&quot;highlight_header&quot;:true,&quot;use_video_in_teasers&quot;:false,&quot;hyphenation&quot;:true,&quot;tipp&quot;:false,&quot;joker&quot;:false,&quot;live&quot;:false,&quot;hide_event_in_program&quot;:false,&quot;subline&quot;:&quot;From Declaration to Action - internationale Zusammenarbeit&quot;,&quot;featured_images&quot;:[146136],&quot;highlight_header_image&quot;:147471,&quot;has_mobile_format&quot;:true,&quot;events&quot;:[146885,147114,146257],&quot;highlight_header_image_mobile&quot;:147102},&quot;date&quot;:{&quot;NX&quot;:null,&quot;NXX&quot;:null,&quot;NLAST&quot;:&quot;202506210630&quot;,&quot;from_DATE&quot;:&quot;20250616 10:30&quot;,&quot;from&quot;:1750055400,&quot;to&quot;:1750487400,&quot;to_DATE&quot;:&quot;20250621 10:30&quot;,&quot;from_HRFSHORT&quot;:&quot;16. Jun 2025&quot;,&quot;from_HRFSHORT_WD&quot;:&quot;Mo 16.06.2025&quot;,&quot;to_HRFSHORT&quot;:&quot;21. Jun 2025&quot;,&quot;to_HRFSHORT_WD&quot;:&quot;Sa 21.06.2025&quot;,&quot;from_HRF&quot;:&quot;Mo, 16. Juni 2025&quot;,&quot;to_HRF&quot;:&quot;Sa, 21. Juni 2025&quot;,&quot;from_to_HRF&quot;:&quot;Mo, 16. Juni \\u2013 Sa, 21. Juni 2025&quot;,&quot;from_to_HRFSHORT&quot;:&quot;16. Jun \\u2013 21. Jun 2025&quot;},&quot;alert&quot;:&quot;Highlight&quot;,&quot;partof&quot;:[],&quot;marketing_topic&quot;:&quot;&quot;}' inline-template>\n\t<a href=\"https:\/\/www.humboldtforum.org\/de\/programm\/event\/diskurs\/global-cultural-assembly-2025-146134\/\" class=\"teaser teaser-event-multi teaser-event-standard\">\n\t\t<div class=\"row\">\n\t\t\t<div class=\"col-xs-12 teaser-event-image\">\n\t\t\t\t<div class=\"teaser-image teaser-image-no-alternate\">\n\t\t\t\t\t\t\t\t\t\t\t\t\t<span class=\"alert\">Highlight<\/span>\n\t\t\t\t\t\t\t\t\t\t\t\n\t<lazy-media-inline inline-template>\n\t\t<figure itemscope itemtype=\"http:\/\/schema.org\/ImageObject\" class=\"lazy-media-inline \" role=\"group\" id=\"media_6a9d56f3f2d3f\" aria-labelledby=\"desc_media_6a9d56f3f2d3f\">\n\t\t\t<script type=\"application\/json\" ref=\"data\">\n\t\t\t\t{\n\t\t\t\t\"sizes\" : {\"medium\":{\"file\":\"SHF_eb00247737-176x300.jpg\",\"width\":176,\"height\":300,\"mime-type\":\"image\\\/jpeg\",\"filesize\":6039},\"large\":{\"file\":\"SHF_eb00247737-600x1024.jpg\",\"width\":600,\"height\":1024,\"mime-type\":\"image\\\/jpeg\",\"filesize\":35998},\"thumbnail\":{\"file\":\"SHF_eb00247737-150x150.jpg\",\"width\":150,\"height\":150,\"mime-type\":\"image\\\/jpeg\",\"filesize\":3672},\"medium_large\":{\"file\":\"SHF_eb00247737-768x1312.jpg\",\"width\":768,\"height\":1312,\"mime-type\":\"image\\\/jpeg\",\"filesize\":53231},\"small\":{\"file\":\"SHF_eb00247737-258x440.jpg\",\"width\":258,\"height\":440,\"mime-type\":\"image\\\/jpeg\",\"filesize\":10547},\"semi\":{\"file\":\"SHF_eb00247737-340x580.jpg\",\"width\":340,\"height\":580,\"mime-type\":\"image\\\/jpeg\",\"filesize\":15587},\"mobile\":{\"file\":\"SHF_eb00247737-422x720.jpg\",\"width\":422,\"height\":720,\"mime-type\":\"image\\\/jpeg\",\"filesize\":21208},\"hd\":{\"file\":\"SHF_eb00247737-749x1280.jpg\",\"width\":749,\"height\":1280,\"mime-type\":\"image\\\/jpeg\",\"filesize\":51207},\"full\":{\"file\":\"SHF_eb00247737-1124x1920.jpg\",\"width\":1124,\"height\":1920,\"mime-type\":\"image\\\/jpeg\",\"filesize\":104685},\"1536x1536\":{\"file\":\"SHF_eb00247737-899x1536.jpg\",\"width\":899,\"height\":1536,\"mime-type\":\"image\\\/jpeg\",\"filesize\":70000},\"2048x2048\":{\"file\":\"SHF_eb00247737-1199x2048.jpg\",\"width\":1199,\"height\":2048,\"mime-type\":\"image\\\/jpeg\",\"filesize\":117699},\"original\":{\"file\":\"SHF_eb00247737.jpg\",\"width\":1780,\"height\":3040}},\n\t\t\t\t\"alt\" : \"Gruppe von Menschen applaudiert und l\\u00e4chelt in hellgr\\u00fcner Umgebung, feierliche Stimmung.\",\n\t\t\t\t\"path\" : \"\\\/wp-content\\\/uploads\\\/2025\\\/05\\\/\",\n\t\t\t\t\"video\" : null,\n\t\t\t\t\"autoplay\" : null,\n\t\t\t\t\"youtube\" : null,\n\t\t\t\t\"youtubelabel\" : \"Video abspielen\",\n\t\t\t\t\"brightness\" : 100,\n\t\t\t\t\"crop\" : null,\n\t\t\t\t\"background\" : true,\n\t\t\t\t\"scale\" : 4\t\t\t\t}\n\t\t\t<\/script>\n\n\t\t\t<div class=\"height-container\" style=\"padding-bottom:170.78651685393%;\" v-if=\"sizes\">\n\t\t\t\t\t\t\t\t<lazy-media :inline=\"true\" :alt=\"alt\" :sizes=\"sizes\" :scale=\"scale\" :brightness=\"brightness\" :path=\"path\" :video=\"video\" :autoplay=\"autoplay\" :youtube=\"youtube\" :crop=\"crop\" :youtubelabel=\"youtubelabel\" :background=\"background\" media-id=\"desc_media_6a9d56f3f2d3f\"><\/lazy-media>\n\t\t\t\t\t\t\t<\/div>\n\n\t\t\t\t\t\t\t<figcaption class=\"sr-only\" ref=\"body\" id=\"desc_media_6a9d56f3f2d3f\">\n\t\t\t\t\t\t\t\t\t\t\t\t\t\t\t\t\t\t\t\t\t<div class=\"insignificant\">\u00a9 Stiftung Humboldt Forum im Berliner Schloss, Foto: Frank Sperling<\/div>\n\t\t\t\t\t\t\t\t\t<\/figcaption>\n\t\t\t\t\t<\/figure>\n\t<\/lazy-media-inline>\n\t\t\t\t<\/div>\n\t\t\t<\/div>\n\t\t\t<div class=\"col-xs-12 teaser-event-text Infos\">\n\t\t\t\t<div class=\"teaser-event-standard-text\">\n\t\t\t\t\t<div class=\"margin-bottom-atom\">\n\t\t\t\t\t\t<div class=\"subline clamp-1\" v-html=\"maingenre\"><\/div>\n\t\t\t\t\t\t\t\t\t\t\t<\/div>\n\t\t\t\t\n\t\t\t\t\t<strong class=\"margin-bottom-atom\">Global Cultural Assembly 2025<\/strong>\n\n\t\t\t\t\t\t\t\t\t\t\t<div class=\"\">From Declaration to Action &#8211; internationale Zusammenarbeit<\/div>\n\t\t\t\t\t\t\t\t\t<\/div>\n\t\t\t\t<div class=\"teaser-bottom border-bottom\">\n\t\t\t\t<calendardateline :rawitem='item' :show-icon=\"true\"><\/calendardateline>\n\t\t\t\t\t<hr>\n\t\t\t\t<\/div>\n\t\t\t<\/div>\n\t\t<\/div>\n\t<\/a>\n\t<\/calendarteaser>\n<\/li>\n\n<li class=\"teaser-lane-slide col-xs-9 col-sm-4 col-md-3 teaser-wrapper col-padding-remove\">\n\t<calendarteaser key=\"1027129030\" rawitem='{&quot;postId&quot;:102712,&quot;title&quot;:&quot;W\\u00fcrde \\u2013 Transparenz \\u2013 Kontinuit\\u00e4t&quot;,&quot;excerpt&quot;:&quot;&quot;,&quot;slug&quot;:&quot;wuerde-transparenz-kontinuitaet&quot;,&quot;post_date&quot;:&quot;2023-09-29T15:03&quot;,&quot;type&quot;:&quot;event&quot;,&quot;permalink&quot;:&quot;https:\\\/\\\/www.humboldtforum.org\\\/de\\\/programm\\\/termin\\\/diskurs\\\/wuerde-transparenz-kontinuitaet-102712\\\/&quot;,&quot;genre&quot;:[392,1078],&quot;genre_details&quot;:[{&quot;text&quot;:&quot;Diskurs&quot;,&quot;id&quot;:392,&quot;icon&quot;:null,&quot;parent&quot;:0},{&quot;text&quot;:&quot;Gespr\\u00e4ch&quot;,&quot;id&quot;:1078,&quot;icon&quot;:null,&quot;parent&quot;:0}],&quot;stakeholder&quot;:[382],&quot;stakeholder_details&quot;:[{&quot;text&quot;:&quot;Stiftung Humboldt Forum im Berliner Schloss&quot;,&quot;id&quot;:382,&quot;icon&quot;:null,&quot;parent&quot;:0}],&quot;targetgroup&quot;:[383,455],&quot;targetgroup_details&quot;:[{&quot;text&quot;:&quot;Erwachsene&quot;,&quot;id&quot;:383,&quot;icon&quot;:null,&quot;parent&quot;:0},{&quot;text&quot;:&quot;Jugendliche&quot;,&quot;id&quot;:455,&quot;icon&quot;:null,&quot;parent&quot;:0}],&quot;language&quot;:[385,386],&quot;language_details&quot;:[{&quot;text&quot;:&quot;Englisch&quot;,&quot;id&quot;:385,&quot;icon&quot;:null,&quot;parent&quot;:0},{&quot;text&quot;:&quot;Spanisch&quot;,&quot;id&quot;:386,&quot;icon&quot;:null,&quot;parent&quot;:0}],&quot;age&quot;:[451],&quot;age_details&quot;:[{&quot;text&quot;:&quot;ab 14 Jahre&quot;,&quot;id&quot;:451,&quot;icon&quot;:null,&quot;parent&quot;:0}],&quot;place&quot;:[1558],&quot;place_details&quot;:{&quot;place&quot;:&quot;Mechanische Arena im Foyer&quot;,&quot;map&quot;:&quot;Humboldt Forum, Schlossplatz, Berlin&quot;,&quot;room&quot;:&quot;&quot;},&quot;icon_overwrite&quot;:&quot;&quot;,&quot;acf&quot;:{&quot;noindex&quot;:false,&quot;keywords&quot;:&quot;&quot;,&quot;hashtag&quot;:&quot;HumboldtForum&quot;,&quot;belongsto&quot;:[61315],&quot;shorturl&quot;:&quot;&quot;,&quot;times&quot;:[],&quot;planning&quot;:{&quot;price&quot;:&quot;kostenfrei&quot;,&quot;admission&quot;:&quot;&quot;,&quot;pause&quot;:&quot;&quot;,&quot;duration&quot;:&quot;&quot;},&quot;subline&quot;:&quot;Internationale Zusammenarbeit am Humboldt Forum&quot;,&quot;additional_info&quot;:{&quot;icon&quot;:&quot;0&quot;,&quot;text&quot;:&quot;&quot;},&quot;highlight_header&quot;:false,&quot;use_video_in_teasers&quot;:false,&quot;hyphenation&quot;:false,&quot;tipp&quot;:false,&quot;joker&quot;:false,&quot;live&quot;:false,&quot;hide_event_in_program&quot;:false,&quot;gomus_id&quot;:&quot;&quot;,&quot;hm_id&quot;:&quot;&quot;,&quot;featured_images&quot;:[102735],&quot;alert_text&quot;:&quot;EN\\\/ES&quot;},&quot;date&quot;:{&quot;NX&quot;:null,&quot;NXX&quot;:null,&quot;NLAST&quot;:&quot;202310201300&quot;,&quot;from_DATE&quot;:&quot;20231020 17:00&quot;,&quot;from&quot;:1697806800,&quot;to&quot;:1697806800,&quot;to_DATE&quot;:&quot;20231020 17:00&quot;,&quot;from_HRFSHORT&quot;:&quot;20. Okt 2023&quot;,&quot;from_HRFSHORT_WD&quot;:&quot;Fr 20.10.2023&quot;,&quot;to_HRFSHORT&quot;:&quot;20. Okt 2023&quot;,&quot;to_HRFSHORT_WD&quot;:&quot;Fr 20.10.2023&quot;,&quot;from_HRF&quot;:&quot;Fr, 20. Oktober 2023&quot;,&quot;to_HRF&quot;:&quot;Fr, 20. Oktober 2023&quot;,&quot;from_to_HRF&quot;:&quot;Fr, 20. Oktober \\u2013 Fr, 20. Oktober 2023&quot;,&quot;from_to_HRFSHORT&quot;:&quot;20. Okt \\u2013 20. Okt 2023&quot;},&quot;alert&quot;:&quot;EN\\\/ES&quot;,&quot;partof&quot;:[61315],&quot;marketing_topic&quot;:{&quot;title&quot;:&quot;SP\\u00c4TI&quot;,&quot;ID&quot;:61315,&quot;reason&quot;:&quot;sequence&quot;}}' inline-template>\n\t<a href=\"https:\/\/www.humboldtforum.org\/de\/programm\/termin\/diskurs\/wuerde-transparenz-kontinuitaet-102712\/\" class=\"teaser teaser-event teaser-event-standard\">\n\t\t<div class=\"row\">\n\t\t\t<div class=\"col-xs-12 teaser-event-image\">\n\t\t\t\t<div class=\"teaser-image teaser-image-no-alternate\">\n\t\t\t\t\t\t\t\t\t\t\t\t\t<span class=\"alert\">EN\/ES<\/span>\n\t\t\t\t\t\t\t\t\t\t\t\n\t<lazy-media-inline inline-template>\n\t\t<figure itemscope itemtype=\"http:\/\/schema.org\/ImageObject\" class=\"lazy-media-inline \" role=\"group\" id=\"media_6a9d56f406013\" aria-labelledby=\"desc_media_6a9d56f406013\">\n\t\t\t<script type=\"application\/json\" ref=\"data\">\n\t\t\t\t{\n\t\t\t\t\"sizes\" : {\"medium\":{\"file\":\"SHF_eb00154907_Eroeffnung-Ostfluegel-300x184.jpg\",\"width\":300,\"height\":184,\"mime-type\":\"image\\\/jpeg\",\"filesize\":22361},\"large\":{\"file\":\"SHF_eb00154907_Eroeffnung-Ostfluegel-1024x628.jpg\",\"width\":1024,\"height\":628,\"mime-type\":\"image\\\/jpeg\",\"filesize\":192660},\"thumbnail\":{\"file\":\"SHF_eb00154907_Eroeffnung-Ostfluegel-150x150.jpg\",\"width\":150,\"height\":150,\"mime-type\":\"image\\\/jpeg\",\"filesize\":9871},\"medium_large\":{\"file\":\"SHF_eb00154907_Eroeffnung-Ostfluegel-768x471.jpg\",\"width\":768,\"height\":471,\"mime-type\":\"image\\\/jpeg\",\"filesize\":117668},\"small\":{\"file\":\"SHF_eb00154907_Eroeffnung-Ostfluegel-440x270.jpg\",\"width\":440,\"height\":270,\"mime-type\":\"image\\\/jpeg\",\"filesize\":44035},\"semi\":{\"file\":\"SHF_eb00154907_Eroeffnung-Ostfluegel-580x355.jpg\",\"width\":580,\"height\":355,\"mime-type\":\"image\\\/jpeg\",\"filesize\":72300},\"mobile\":{\"file\":\"SHF_eb00154907_Eroeffnung-Ostfluegel-720x441.jpg\",\"width\":720,\"height\":441,\"mime-type\":\"image\\\/jpeg\",\"filesize\":105007},\"hd\":{\"file\":\"SHF_eb00154907_Eroeffnung-Ostfluegel-1280x785.jpg\",\"width\":1280,\"height\":785,\"mime-type\":\"image\\\/jpeg\",\"filesize\":279786},\"1536x1536\":{\"file\":\"SHF_eb00154907_Eroeffnung-Ostfluegel-1536x941.jpg\",\"width\":1536,\"height\":941,\"mime-type\":\"image\\\/jpeg\",\"filesize\":374408},\"original\":{\"file\":\"SHF_eb00154907_Eroeffnung-Ostfluegel.jpg\",\"width\":1873,\"height\":1148}},\n\t\t\t\t\"alt\" : \"Gruppenspiel von Menschen unterschiedlicher Herkunft auf einer B\\u00fchne vor einem historischen Geb\\u00e4ude.\",\n\t\t\t\t\"path\" : \"\\\/wp-content\\\/uploads\\\/2023\\\/09\\\/\",\n\t\t\t\t\"video\" : null,\n\t\t\t\t\"autoplay\" : null,\n\t\t\t\t\"youtube\" : null,\n\t\t\t\t\"youtubelabel\" : \"Video abspielen\",\n\t\t\t\t\"brightness\" : 100,\n\t\t\t\t\"crop\" : {\"top\":\"50.00\",\"left\":\"50.00\"},\n\t\t\t\t\"background\" : true,\n\t\t\t\t\"scale\" : 4\t\t\t\t}\n\t\t\t<\/script>\n\n\t\t\t<div class=\"height-container\" style=\"padding-bottom:61.292044847838%;\" v-if=\"sizes\">\n\t\t\t\t\t\t\t\t<lazy-media :inline=\"true\" :alt=\"alt\" :sizes=\"sizes\" :scale=\"scale\" :brightness=\"brightness\" :path=\"path\" :video=\"video\" :autoplay=\"autoplay\" :youtube=\"youtube\" :crop=\"crop\" :youtubelabel=\"youtubelabel\" :background=\"background\" media-id=\"desc_media_6a9d56f406013\"><\/lazy-media>\n\t\t\t\t\t\t\t<\/div>\n\n\t\t\t\t\t\t\t<figcaption class=\"sr-only\" ref=\"body\" id=\"desc_media_6a9d56f406013\">\n\t\t\t\t\t\t\t\t\t\t\t<div>Er&ouml;ffnung des Ostflu\u0308gels des Humboldt Forums <\/div>\n\t\t\t\t\t\t\t\t\t\t\t\t\t\t\t\t<div>Im September 2022 hat das Humboldt Forum in Berlin den Ostfl&uuml;gel mit dem Ethnologischen Museum und Museum f&uuml;r Asiatische Kunst er&ouml;ffnet. Zu diesem Anlass waren mehr als 80 internationale Partner*innen gekommen, die Ideen f&uuml;r die Zukunft des Forums und der Museen entwickelt haben. <\/div>\n\t\t\t\t\t\t\t\t\t\t\t\t\t\t\t\t<div class=\"insignificant\">\u00a9 Stiftung Humboldt Forum im Berliner Schloss, Foto: David von Becker<\/div>\n\t\t\t\t\t\t\t\t\t<\/figcaption>\n\t\t\t\t\t<\/figure>\n\t<\/lazy-media-inline>\n\t\t\t\t<\/div>\n\t\t\t<\/div>\n\t\t\t<div class=\"col-xs-12 teaser-event-text Infos\">\n\t\t\t\t<div class=\"teaser-event-standard-text\">\n\t\t\t\t\t<div class=\"margin-bottom-atom\">\n\t\t\t\t\t\t<div class=\"subline clamp-1\" v-html=\"maingenre\"><\/div>\n\t\t\t\t\t\t\t\t\t\t\t\t\t<div class=\"insignificant clamp-2\">SP\u00c4TI<\/div>\n\t\t\t\t\t\t\t\t\t\t\t<\/div>\n\t\t\t\t\n\t\t\t\t\t<strong class=\"margin-bottom-atom\">W\u00fcrde \u2013 Transparenz \u2013 Kontinuit\u00e4t<\/strong>\n\n\t\t\t\t\t\t\t\t\t\t\t<div class=\"\">Internationale Zusammenarbeit am Humboldt Forum<\/div>\n\t\t\t\t\t\t\t\t\t<\/div>\n\t\t\t\t<div class=\"teaser-bottom border-bottom\">\n\t\t\t\t<calendardateline :rawitem='item' :show-icon=\"true\"><\/calendardateline>\n\t\t\t\t\t<hr>\n\t\t\t\t<\/div>\n\t\t\t<\/div>\n\t\t<\/div>\n\t<\/a>\n\t<\/calendarteaser>\n<\/li>\n\n\t\t\t\t\t\t<\/ul>\n\t\t\t\t\t<\/div>\n\t\t\t\t<\/div>\n\t\t\t<\/teaser-lane-with-buttons>\n\t\t\t<\/section>\n\n<section class=\"block block-CTA block-CTA-long leftgradient\">\n\t<div class=\"container-fluid\">\n\t\t<div class=\"row center-xs\">\n\t\t\t<div class=\"col-xs-12\">\n\t\t\t\t<div class=\"box\">\n\t\t\t\t\t<a href=\"https:\/\/www.humboldtforum.org\/en\/global-cultural-embassy\/\" aria-label=\"Belongs to\" class=\"teaser teaser-cta-wide \">\n\t\t\t\t\t\t<div class=\"teaser-image\">\n\t\t\t\t\t\t\t\t\t\t\t\t\t<\/div>\n\t\t\t\t\t\t<div class=\"teaser-content \">\n\t\t\t\t\t\t\t<div>\n\t\t\t\t\t\t\t\t\t\t\t\t\t\t\t\t<div class=\"teaser-header\"><span class=\"h3\">Belongs to<\/span><\/div>\n\t\t\t\t\t\t\t\t\t\t\t\t\t\t\t\t<button tabindex=\"-1\" class=\"border\">Global Cultural Embassy<\/button>\n\t\t\t\t\t\t\t<\/div>\n\t\t\t\t\t\t<\/div>\n\t\t\t\t\t<\/a>\n\t\t\t\t<\/div>\n\t\t\t<\/div>\n\t\t<\/div>\n\t<\/div>\n<\/section>\n\n\n<section class=\"block block-CTA block-CTA-long leftgradient\">\n\t<div class=\"container-fluid\">\n\t\t<div class=\"row center-xs\">\n\t\t\t<div class=\"col-xs-12\">\n\t\t\t\t<div class=\"box\">\n\t\t\t\t\t<a href=\"https:\/\/www.humboldtforum.org\/de\/global-cultural-embassy\/\" aria-label=\"Zur\u00fcck zur Hauptseite\" class=\"teaser teaser-cta-wide \">\n\t\t\t\t\t\t<div class=\"teaser-image\">\n\t\t\t\t\t\t\t\n\t<lazy-media-inline inline-template>\n\t\t<figure itemscope itemtype=\"http:\/\/schema.org\/ImageObject\" class=\"lazy-media-inline \" role=\"group\" id=\"media_6a9d56f408929\" aria-labelledby=\"desc_media_6a9d56f408929\">\n\t\t\t<script type=\"application\/json\" ref=\"data\">\n\t\t\t\t{\n\t\t\t\t\"sizes\" : {\"medium\":{\"file\":\"SHF_eb00249175-300x200.jpg\",\"width\":300,\"height\":200,\"mime-type\":\"image\\\/jpeg\",\"filesize\":19441},\"large\":{\"file\":\"SHF_eb00249175-1024x683.jpg\",\"width\":1024,\"height\":683,\"mime-type\":\"image\\\/jpeg\",\"filesize\":158141},\"thumbnail\":{\"file\":\"SHF_eb00249175-150x150.jpg\",\"width\":150,\"height\":150,\"mime-type\":\"image\\\/jpeg\",\"filesize\":8658},\"medium_large\":{\"file\":\"SHF_eb00249175-768x512.jpg\",\"width\":768,\"height\":512,\"mime-type\":\"image\\\/jpeg\",\"filesize\":96082},\"small\":{\"file\":\"SHF_eb00249175-440x293.jpg\",\"width\":440,\"height\":293,\"mime-type\":\"image\\\/jpeg\",\"filesize\":37164},\"semi\":{\"file\":\"SHF_eb00249175-580x387.jpg\",\"width\":580,\"height\":387,\"mime-type\":\"image\\\/jpeg\",\"filesize\":60026},\"mobile\":{\"file\":\"SHF_eb00249175-720x480.jpg\",\"width\":720,\"height\":480,\"mime-type\":\"image\\\/jpeg\",\"filesize\":85871},\"hd\":{\"file\":\"SHF_eb00249175-1280x854.jpg\",\"width\":1280,\"height\":854,\"mime-type\":\"image\\\/jpeg\",\"filesize\":232554},\"full\":{\"file\":\"SHF_eb00249175-1920x1281.jpg\",\"width\":1920,\"height\":1281,\"mime-type\":\"image\\\/jpeg\",\"filesize\":475830},\"xxl\":{\"file\":\"SHF_eb00249175-4048x2700.jpg\",\"width\":4048,\"height\":2700,\"mime-type\":\"image\\\/jpeg\",\"filesize\":1869891},\"1536x1536\":{\"file\":\"SHF_eb00249175-1536x1025.jpg\",\"width\":1536,\"height\":1025,\"mime-type\":\"image\\\/jpeg\",\"filesize\":320470},\"2048x2048\":{\"file\":\"SHF_eb00249175-2048x1366.jpg\",\"width\":2048,\"height\":1366,\"mime-type\":\"image\\\/jpeg\",\"filesize\":533825},\"original\":{\"file\":\"SHF_eb00249175.jpg\",\"width\":8027,\"height\":5354}},\n\t\t\t\t\"alt\" : \"Gruppenfoto von Teilnehmern der Global Cultural Assembly 2025 in einer Veranstaltungsst\\u00e4tte.\",\n\t\t\t\t\"path\" : \"\\\/wp-content\\\/uploads\\\/2026\\\/02\\\/\",\n\t\t\t\t\"video\" : null,\n\t\t\t\t\"autoplay\" : null,\n\t\t\t\t\"youtube\" : null,\n\t\t\t\t\"youtubelabel\" : \"Video abspielen\",\n\t\t\t\t\"brightness\" : \"100\",\n\t\t\t\t\"crop\" : null,\n\t\t\t\t\"background\" : true,\n\t\t\t\t\"scale\" : 1\t\t\t\t}\n\t\t\t<\/script>\n\n\t\t\t<div class=\"height-container\" style=\"padding-bottom:66.69988787841%;\" v-if=\"sizes\">\n\t\t\t\t\t\t\t\t<lazy-media :inline=\"true\" :alt=\"alt\" :sizes=\"sizes\" :scale=\"scale\" :brightness=\"brightness\" :path=\"path\" :video=\"video\" :autoplay=\"autoplay\" :youtube=\"youtube\" :crop=\"crop\" :youtubelabel=\"youtubelabel\" :background=\"background\" media-id=\"desc_media_6a9d56f408929\"><\/lazy-media>\n\t\t\t\t\t\t\t<\/div>\n\n\t\t\t\t\t\t\t<figcaption class=\"sr-only\" ref=\"body\" id=\"desc_media_6a9d56f408929\">\n\t\t\t\t\t\t\t\t\t\t\t\t\t\t\t\t\t\t\t<\/figcaption>\n\t\t\t\t\t<\/figure>\n\t<\/lazy-media-inline>\n\t\t\t\t\t\t<\/div>\n\t\t\t\t\t\t<div class=\"teaser-content \">\n\t\t\t\t\t\t\t<div>\n\t\t\t\t\t\t\t\t\t\t\t\t\t\t\t\t<div class=\"teaser-header\"><span class=\"h3\">Zur\u00fcck zur Hauptseite<\/span><\/div>\n\t\t\t\t\t\t\t\t\t\t\t\t\t\t\t\t<button tabindex=\"-1\" class=\"border\">Global Cultural Embassy<\/button>\n\t\t\t\t\t\t\t<\/div>\n\t\t\t\t\t\t<\/div>\n\t\t\t\t\t<\/a>\n\t\t\t\t<\/div>\n\t\t\t<\/div>\n\t\t<\/div>\n\t<\/div>\n<\/section>\n","protected":false},"excerpt":{"rendered":"","protected":false},"author":98,"featured_media":162030,"parent":163916,"menu_order":0,"comment_status":"closed","ping_status":"closed","template":"","meta":{"_acf_changed":false,"footnotes":""},"class_list":["post-163910","page","type-page","status-publish","has-post-thumbnail","hentry"],"acf":[],"_links":{"self":[{"href":"https:\/\/www.humboldtforum.org\/de\/wp-json\/wp\/v2\/pages\/163910","targetHints":{"allow":["GET"]}}],"collection":[{"href":"https:\/\/www.humboldtforum.org\/de\/wp-json\/wp\/v2\/pages"}],"about":[{"href":"https:\/\/www.humboldtforum.org\/de\/wp-json\/wp\/v2\/types\/page"}],"author":[{"embeddable":true,"href":"https:\/\/www.humboldtforum.org\/de\/wp-json\/wp\/v2\/users\/98"}],"replies":[{"embeddable":true,"href":"https:\/\/www.humboldtforum.org\/de\/wp-json\/wp\/v2\/comments?post=163910"}],"version-history":[{"count":11,"href":"https:\/\/www.humboldtforum.org\/de\/wp-json\/wp\/v2\/pages\/163910\/revisions"}],"predecessor-version":[{"id":170158,"href":"https:\/\/www.humboldtforum.org\/de\/wp-json\/wp\/v2\/pages\/163910\/revisions\/170158"}],"up":[{"embeddable":true,"href":"https:\/\/www.humboldtforum.org\/de\/wp-json\/wp\/v2\/pages\/163916"}],"wp:featuredmedia":[{"embeddable":true,"href":"https:\/\/www.humboldtforum.org\/de\/wp-json\/wp\/v2\/media\/162030"}],"wp:attachment":[{"href":"https:\/\/www.humboldtforum.org\/de\/wp-json\/wp\/v2\/media?parent=163910"}],"curies":[{"name":"wp","href":"https:\/\/api.w.org\/{rel}","templated":true}]}}