{"id":18239,"date":"2020-12-15T23:02:47","date_gmt":"2020-12-15T22:02:47","guid":{"rendered":"https:\/\/www.humboldtforum.org\/?page_id=18239"},"modified":"2023-11-30T12:34:10","modified_gmt":"2023-11-30T11:34:10","slug":"kolonialismus-und-kolonialitaet","status":"publish","type":"page","link":"https:\/\/www.humboldtforum.org\/de\/kolonialismus-und-kolonialitaet\/","title":{"rendered":"Kolonialismus und Kolonialit\u00e4t"},"content":{"rendered":"<section class=\"block block-header-headline hyph-disable\" >\n    <div class=\"container-fluid\">\n        <div class=\"row\">\n\t\t\t\n                            <div class=\"col-xs-12 col-md-offset-2 col-md-8\">\n                    <div class=\"box\">\n                        <h1>Kolonialismus und Kolonialit\u00e4t<\/h1>\n                    <\/div>\n                <\/div>\n                    <\/div>\n    <\/div>\n<\/section>\n\n\n\n\n<section class=\"block block-header\" >\n\t<block-header inline-template>\n\t\t<figure role=\"group\" aria-labelledby=\"desc_m_69f24573d50d2\">\n\n\t\t\t<script type=\"application\/json\" ref=\"data\">\n\t\t\t\t{\n\t\t\t\t\"sizes_d\" : {\"medium\":{\"file\":\"SHF_eb00108765-2-200x300.jpg\",\"width\":200,\"height\":300,\"mime-type\":\"image\\\/jpeg\"},\"large\":{\"file\":\"SHF_eb00108765-2-683x1024.jpg\",\"width\":683,\"height\":1024,\"mime-type\":\"image\\\/jpeg\"},\"thumbnail\":{\"file\":\"SHF_eb00108765-2-150x150.jpg\",\"width\":150,\"height\":150,\"mime-type\":\"image\\\/jpeg\"},\"medium_large\":{\"file\":\"SHF_eb00108765-2-768x1152.jpg\",\"width\":768,\"height\":1152,\"mime-type\":\"image\\\/jpeg\"},\"small\":{\"file\":\"SHF_eb00108765-2-293x440.jpg\",\"width\":293,\"height\":440,\"mime-type\":\"image\\\/jpeg\"},\"semi\":{\"file\":\"SHF_eb00108765-2-387x580.jpg\",\"width\":387,\"height\":580,\"mime-type\":\"image\\\/jpeg\"},\"mobile\":{\"file\":\"SHF_eb00108765-2-480x720.jpg\",\"width\":480,\"height\":720,\"mime-type\":\"image\\\/jpeg\"},\"hd\":{\"file\":\"SHF_eb00108765-2-853x1280.jpg\",\"width\":853,\"height\":1280,\"mime-type\":\"image\\\/jpeg\"},\"full\":{\"file\":\"SHF_eb00108765-2-1280x1920.jpg\",\"width\":1280,\"height\":1920,\"mime-type\":\"image\\\/jpeg\"},\"1536x1536\":{\"file\":\"SHF_eb00108765-2-1024x1536.jpg\",\"width\":1024,\"height\":1536,\"mime-type\":\"image\\\/jpeg\"},\"2048x2048\":{\"file\":\"SHF_eb00108765-2-1365x2048.jpg\",\"width\":1365,\"height\":2048,\"mime-type\":\"image\\\/jpeg\"},\"original\":{\"file\":\"SHF_eb00108765-2.jpg\",\"width\":2000,\"height\":3000}},\n\t\t\t\t\"alt_d\" : \"Hellgraues Krepppapier, unregelm\\u00e4\\u00dfig gefaltet und mit Struktur versehen.\",\n\t\t\t\t\"path_d\" : \"\\\/wp-content\\\/uploads\\\/2021\\\/03\\\/\",\n\t\t\t\t\"autoplay_d\" : null,\n\t\t\t\t\"crop_d\" : {\"top\":\"15.00\",\"left\":\"50.00\"},\n\t\t\t\t\"background_d\" : true,\n\t\t\t\t\"scale_d\" : 2,\n\n\t\t\t\t\"sizes_m\" : [],\n\t\t\t\t\"alt_m\" : null,\n\t\t\t\t\"path_m\" : null,\n\t\t\t\t\"autoplay_m\" : null,\n\t\t\t\t\"crop_m\" : null,\n\t\t\t\t\"background_m\" : true,\n\t\t\t\t\"scale_m\" : 1,\n\n\t\t\t\t\"has_mobile_format\" : false,\n\t\t\t\t\"has_ad\" : false,\n\t\t\t\t\"audio_description_yt\" : null\t\t\t\t}\n\t\t\t<\/script>\n\t\t\t<div class=\"height-container\" style=\"padding-bottom:150%;\" v-if=\"sizes\" data-motion-parallax='{\"child\":\".image-wrapper\",\"mask\":\".lazy-media\",\"tween\":{\"yPercent\": [-15,15]}}'>\n\t\t\t\t<lazy-media :inline=\"true\" :scale=\"scale\" :alt=\"alt\" :sizes=\"sizes\" :brightness=\"brightness\" :path=\"path\" :video=\"video\" :autoplay=\"autoplay\" :youtube=\"youtube\" :crop=\"crop\" :youtubelabel=\"youtubelabel\" :background=\"background\" media-id=\"desc_m_69f24573d50d2\"><\/lazy-media>\n\t\t\t\t<button class=\"autoplay-audio-description-btn icon-background icon-audio-describtions\" @click=\"audioDescriptionPlay\" v-if=\"hasAudioDescription\" aria-label=\"Audiodeskription aufrufen\"><\/button>\n\t\t\t<\/div>\n\t\t\t\t\t\t<div class=\"lazy-media-info-container-fluid\">\n\t\t\t\t<div class=\"lazy-media-info-row end-xs\">\n\t\t\t\t\t<div class=\"lazy-media-info-col\">\n\t\t\t\t\t\t<div class=\"lazy-media-info\" aria-expanded=\"false\" :aria-expanded=\"isOpen ? 'true' : 'false'\">\n\t\t\t\t\t\t\t<button class=\"lazy-media-info-head button-tiny insignificant\" :class=\"{'button-active': isOpen}\" @click=\"toggle\" ref=\"head\"><span class=\"button-label insignificant\">Bildinfo<\/span><\/button>\n\t\t\t\t\t\t\t<figcaption class=\"lazy-media-info-body\" ref=\"body\" id=\"desc_m_69f24573d50d2\">\n\t\t\t\t\t\t\t\t<div class=\"lazy-media-info-body-content\">\n\t\t\t\t\t\t\t\t\t\t\t\t\t\t\t\t\t\t\t\t\t\t\t\t\t\t\t<div class=\"insignificant\">\u00a9 \u041c\u0430\u0440\u044c\u044f\u043d \u0411\u043b\u0430\u043d | @marjanblan on Unsplash<\/div>\t\t\t\t\t\t\t\t<\/div>\n\t\t\t\t\t\t\t<\/figcaption>\n\t\t\t\t\t\t\t<div class=\"lazy-media-info-head-border\"><\/div>\n\t\t\t\t\t\t<\/div>\n\t\t\t\t\t<\/div>\n\t\t\t\t<\/div>\n\t\t\t<\/div>\n\t\t\t\t\t<\/figure>\n\t<\/block-header>\n<\/section>\n\n<section class=\"block block-headline  hyph-disable\" >\n\t<div class=\"container-fluid\">\n\t\t<div class=\"row\">\n\t\t\t\t\t\t\t<div class=\"col-xs-12 col-md-offset-2 col-md-8\">\n\t\t\t\t\t<div class=\"box\">\n\t\t\t\t\t\t<h2 class=\".h2\">Wie geht das Humboldt Forum mit kolonialen Sammlungen um?<\/h2>\n\t\t\t\t\t<\/div>\n\t\t\t\t<\/div>\n\t\t\t\t\t<\/div>\n\t<\/div>\n<\/section>\n\n\n\n\n<section class=\"block block-copy\" >\n    <div class=\"container-fluid\">\n\t\t<div class=\"row \">\n            <div class=\"col-xs-12 col-md-offset-2 col-md-8\">\n                <div class=\"box\">\n                    <div class=\"copy\"><p class=\"p1\">Es gibt viele Diskussionen rund um das Humboldt Forum. Eine zentrale davon betrifft die Objekte der <a href=\"https:\/\/www.humboldtforum.org\/de\/programm\/dauerangebot\/ausstellung\/dauerangebot\/ethnologische-sammlungen-und-asiatische-kunst-15924\/\">ethnologischen Sammlungen<\/a>, die im kommenden Jahr auf den Ausstellungsfl\u00e4chen der <a href=\"https:\/\/www.humboldtforum.org\/de\/ueber-uns\/staatliche-museen-zu-berlin\/\">Staatlichen Museen zu Berlin<\/a> im Humboldt Forum zu sehen sein werden. Wo kommen sie her? Wie und unter welchen Bedingungen sind sie nach Berlin und in die Sammlungen gelangt? D\u00fcrfen sie heute noch hier sein? Mit diesen Fragen wird sich das Humboldt Forum in den kommenden Jahren intensiv besch\u00e4ftigen.<\/p>\n<p class=\"p1\"><em>Kolonialismus und Kolonialit\u00e4t<\/em> ist ein Kernthema unserer Programmarbeit. Die Auseinandersetzung mit postkolonialen Stimmen und Perspektiven steht hier ebenso im Zentrum wie die Entwicklung einer methodischen Praxis f\u00fcr einen dauerhaften und transparenten Reflexionsprozess \u00fcber das Fortwirken kolonialer Praktiken. Welche Haltung das Humboldt Forum zum Thema <em>Kolonialismus und Kolonialit\u00e4t<\/em> einnimmt, was unter diesen Begriffen zu verstehen ist, welche Projekte bereits initiiert sind sowie einen Ausblick auf eine erste Veranstaltungsreihe zu diesem Thema finden Sie auf dieser Seite.<\/p>\n<\/div>\n                <\/div>\n            <\/div>\n\t\t<\/div>\n\t\t    <\/div>\n<\/section>\n\n\n<section class=\"block block-accordion\">\n\t<div class=\"container-fluid\">\n\t\t<div class=\"row\">\n\t\t\t<div class=\"col-xs-12 col-md-offset-2 col-md-8\">\n\t\t\t\t<div class=\"box\">\n\t\t\t\t\t\t\t\t\t\t\t<block-accordion inline-template>\n\t\t\t\t\t\t\t<div class=\"accordion\">\n\t\t\t\t\t\t\t\t\t\t\t\t\t\t\t<block-accordion-item inline-template item-headline=\"Was kann die Rolle des Humboldt Forums sein?\">\n\t\t\t\t\t\t\t\t<div ref=\"item\" data-id=\"WaskanndieRolledesHumboldtForumssein\" class=\"block-accordion-item vue-initialize\" aria-expanded=\"false\" :aria-expanded=\"active ? 'true' : 'false'\">\n\t\t\t\t\t\t\t\t\t<button class=\"accordion-button-with-icon block-accordion-item-head\" :class=\"{'button-active': active}\" ref=\"head\" aria-controls=\"acc_69f24573e25fa\" id=\"acc_title_69f24573e25fe\" @click=\"toggle\" @keydown=\"key\">\n\t\t\t\t\t\t\t\t\t<div><span class=\"button-label\">Was kann die Rolle des Humboldt Forums sein?<\/span><\/div><span class=\"button-icon icon-plus\" aria-hidden=\"true\"><\/span>\n\t\t\t\t\t\t\t\t<\/button>\n\t\t\t\t\t\t\t\t\t<div ref=\"body\" class=\"block-accordion-item-content\" id=\"acc_69f24573e25fa\" role=\"region\">\n\t\t\t\t\t\t\t\t\t\t<div class=\"wrapper copy\">\n\t\t\t\t\t\t\t\t\t\t\t<p>Was kann die Rolle des Humboldt Forums sein, als ein Raum f\u00fcr Ausstellungen, Vermittlung, Forschung und diskursive wie performative Veranstaltungen? Eine neue Definition von Museum? Mehr als ein Museum \u2013 und doch auch ein Museum im herk\u00f6mmlichen Sinne? Was bedeutet das \u201eForum\u201c im Namen? Kulturinstitutionen generell m\u00fcssen sich der Frage stellen, welche Teile der Gesellschaft (noch) keinen entsprechenden Raum bei ihnen haben, um sich angesprochen und repr\u00e4sentiert zu f\u00fchlen. Kulturinstitutionen sind niemals neutral und m\u00fcssen als Teil von politischen und zivilgesellschaftlichen Aushandlungen verstanden werden.<\/p>\n<p>Privilegien, die in einer Kulturinstitution zu Tage treten, \u00e4sthetische Vorstellungen, Vorstellungen von Kunst, aber auch von Zentrum und Peripherie, akademischem Wissen und Alltagswissen sowie Vorstellungen dar\u00fcber, wie und welche Geschichten als historische Ereignisse und zuk\u00fcnftige Ideale dargestellt werden, spiegeln die Gesellschaft. Gleichzeitig schlie\u00dfen sie Teile der Gesellschaft aus. Eine Kulturinstitution, die sich den Prozessen der Aufarbeitung des Kolonialismus stellt, die Kolonialit\u00e4t der Gegenwart aktiv ver\u00e4ndern will, braucht die Zivilgesellschaft. Und die Zivilgesellschaft braucht Kultureinrichtungen als ein Spiegel f\u00fcr zivilgesellschaftliche Transformationen. Wenn die Zivilgesellschaft Kultureinrichtungen wie Museen auffordert, sich zu \u00e4ndern, ist das ein positives Signal f\u00fcr Ver\u00e4nderung in der Gesellschaft selbst \u2013 ein Prozess, den es gemeinsam zu gehen gilt.<\/p>\n\n\t\t\t\t\t\t\t\t\t\t\t\t\t\t\t\t\t\t\t\t\t\t\t\t\t\t\t\t\t\t\t\t\t\n\t\t\t\t\t\t\t\t\t\t\t<div class=\"row\">\n\t\t\t\t\t\t\t\t\t\t\t\t<div class=\"col-xs-9 col-md-9\">\n\t\t\t\t\t\t\t\t\t\t\t\t\t<div class=\"box\">\n\t\t\t\t\t\t\t\t\t\t\t\t\t\t\t\t\t\t\t\t\t\t\t\t\t\t\t<\/div>\n\t\t\t\t\t\t\t\t\t\t\t\t<\/div>\n\t\t\t\t\t\t\t\t\t\t\t<\/div>\n\n\t\t\t\t\t\t\t\t\t\t\t\t\t\t\t\t\t\t\t\t\t<\/div>\n\t\t\t\t\t\t\t\t\t<\/div>\n\t\t\t\t\t\t\t\t<\/div>\n\t\t\t\t\t\t\t\t<\/block-accordion-item>\n\t\t\t\t\t\t\t\t\t\t\t\t\t\t<block-accordion-item inline-template item-headline=\"Statement von Hartmut Dorgerloh, Generalintendant des Humboldt Forums\">\n\t\t\t\t\t\t\t\t<div ref=\"item\" data-id=\"StatementvonHartmutDorgerlohGeneralintendantdesHumboldtForums\" class=\"block-accordion-item vue-initialize\" aria-expanded=\"false\" :aria-expanded=\"active ? 'true' : 'false'\">\n\t\t\t\t\t\t\t\t\t<button class=\"accordion-button-with-icon block-accordion-item-head\" :class=\"{'button-active': active}\" ref=\"head\" aria-controls=\"acc_69f24573e29c8\" id=\"acc_title_69f24573e29ca\" @click=\"toggle\" @keydown=\"key\">\n\t\t\t\t\t\t\t\t\t<div><span class=\"button-label\">Statement von Hartmut Dorgerloh, Generalintendant des Humboldt Forums<\/span><\/div><span class=\"button-icon icon-plus\" aria-hidden=\"true\"><\/span>\n\t\t\t\t\t\t\t\t<\/button>\n\t\t\t\t\t\t\t\t\t<div ref=\"body\" class=\"block-accordion-item-content\" id=\"acc_69f24573e29c8\" role=\"region\">\n\t\t\t\t\t\t\t\t\t\t<div class=\"wrapper copy\">\n\t\t\t\t\t\t\t\t\t\t\t<p>\u201eAls ein von der \u00f6ffentlichen Hand finanziertes gemeinn\u00fctziges Projekt steht das Humboldt Forum in der Verantwortung, eine breite \u00d6ffentlichkeit zu erreichen und f\u00fcr die Allgemeinheit zu wirken. Wir verstehen unsere Kulturarbeit als soziale Aufgabe, Menschen miteinander zu verbinden und R\u00e4ume f\u00fcr einen Austausch zu schaffen.<\/p>\n<p>Sei es die Kontroverse um den Wiederaufbau des Berliner Hohenzollern-Schlosses beziehungsweise den Abriss des Palastes der Republik, die gesellschaftspolitisch relevante Debatte um die Aufarbeitung kolonialer Vergangenheit, die damit eng zusammenh\u00e4ngende Diskussion \u00fcber museale Sammlungen aus kolonialen Kontexten oder die Forderung nach einer Restitution von Objekten aus eben diesen Sammlungen: Die \u00f6ffentlichen Diskussionen und Auseinandersetzungen nehmen unmittelbar Einfluss auf das Humboldt Forum. Und das gilt sowohl f\u00fcr<i>\u00a0<\/i>die Herangehensweise als auch f\u00fcr die Inhalte im\u00a0neuen kulturellen Zentrum in der Mitte Berlins.\u00a0Wie wirken sich diese \u00f6ffentlichen Diskurse der j\u00fcngsten Zeit nun auf das Humboldt Forum aus?<\/p>\n<p>Die reflexive Besch\u00e4ftigung mit dem Kolonialismus und seinen Folgen sowie die Problematisierung aktueller Formen des Rassismus auf allen Ebenen des gesellschaftlichen Lebens sind wichtige Leitthemen f\u00fcr das Programm und Profil des Humboldt Forums. Hierzu geh\u00f6rt insbesondere die kritische Befassung mit der deutschen Kolonialgeschichte und den Auswirkungen kolonialer Praktiken und Bilderpolitiken, Handlungs- und Denkmuster bis in die heutige Zeit.<\/p>\n<p>Wenn das Humboldt Forum ein Ort sein will, in dem unterschiedliche Perspektiven zusammenkommen und R\u00e4ume f\u00fcr Debatten geschaffen werden, m\u00fcssen Stimmen diverser lokaler und globaler Perspektiven einbezogen und transdisziplin\u00e4re Zug\u00e4nge geschaffen werden. Die postkoloniale Debatte, die schon seit vielen Jahren von verschiedenen Akteuren der Zivilgesellschaft vorangetrieben wurde, ist nicht zuletzt auch durch die Debatten um das Humboldt Forum in der Mitte der Gesellschaft angelangt. Das Humboldt Forum hat sich eine Praxis des Zuh\u00f6rens und Teilens auf die Fahnen geschrieben &#8211; verbunden mit der Hoffnung, zuk\u00fcnftig in kritischer Kompliz*innenschaft gemeinsam neue Debatten- und Handlungsr\u00e4ume zu erschlie\u00dfen.\u201c<\/p>\n\n\t\t\t\t\t\t\t\t\t\t\t\t\t\t\t\t\t\t\t\t\t\t\t\t\t\t\t\t\t\t\t\t\t\n\t\t\t\t\t\t\t\t\t\t\t<div class=\"row\">\n\t\t\t\t\t\t\t\t\t\t\t\t<div class=\"col-xs-9 col-md-9\">\n\t\t\t\t\t\t\t\t\t\t\t\t\t<div class=\"box\">\n\t\t\t\t\t\t\t\t\t\t\t\t\t\t\t\t\t\t\t\t\t\t\t\t\t\t\t<\/div>\n\t\t\t\t\t\t\t\t\t\t\t\t<\/div>\n\t\t\t\t\t\t\t\t\t\t\t<\/div>\n\n\t\t\t\t\t\t\t\t\t\t\t\t\t\t\t\t\t\t\t\t\t<\/div>\n\t\t\t\t\t\t\t\t\t<\/div>\n\t\t\t\t\t\t\t\t<\/div>\n\t\t\t\t\t\t\t\t<\/block-accordion-item>\n\t\t\t\t\t\t\t\t\t\t\t\t\t\t<block-accordion-item inline-template item-headline=\"Statement von Hermann Parzinger, Pr\u00e4sident der Stiftung Preu\u00dfischer Kulturbesitz\">\n\t\t\t\t\t\t\t\t<div ref=\"item\" data-id=\"StatementvonHermannParzingerPrsidentderStiftungPreuischerKulturbesitz\" class=\"block-accordion-item vue-initialize\" aria-expanded=\"false\" :aria-expanded=\"active ? 'true' : 'false'\">\n\t\t\t\t\t\t\t\t\t<button class=\"accordion-button-with-icon block-accordion-item-head\" :class=\"{'button-active': active}\" ref=\"head\" aria-controls=\"acc_69f24573e2c64\" id=\"acc_title_69f24573e2c66\" @click=\"toggle\" @keydown=\"key\">\n\t\t\t\t\t\t\t\t\t<div><span class=\"button-label\">Statement von Hermann Parzinger, Pr\u00e4sident der Stiftung Preu\u00dfischer Kulturbesitz<\/span><\/div><span class=\"button-icon icon-plus\" aria-hidden=\"true\"><\/span>\n\t\t\t\t\t\t\t\t<\/button>\n\t\t\t\t\t\t\t\t\t<div ref=\"body\" class=\"block-accordion-item-content\" id=\"acc_69f24573e2c64\" role=\"region\">\n\t\t\t\t\t\t\t\t\t\t<div class=\"wrapper copy\">\n\t\t\t\t\t\t\t\t\t\t\t<p>\u201eDie Neupr\u00e4sentationen der Sammlungen des Ethnologischen Museums und des Museums der Asiatische Kunst gibt Gelegenheit zu vielf\u00e4ltigen Kooperationen mit den Herkunftsl\u00e4ndern und Ursprungsgesellschaften. Der multiperspektivische Blick auf die Objekte ist f\u00fcr die Kuratorinnen und Kuratoren immer zentral. Wir \u00fcbernehmen eine Verantwortung f\u00fcr unsere Sammlungsgeschichte und ihre Einbettung in den Kolonialismus, indem die Wege der Objekte offengelegt werden. Zur Offenheit und Ehrlichkeit geh\u00f6rt auch, dass wir zur R\u00fcckgaben von Objekten bereit sind und auch bereits mehrfach Restitutionen auf den Weg gebracht haben. Grunds\u00e4tzlich gilt: Nicht nur die Museen allein, sondern die ganze Gesellschaft muss und wird die Folgen des Kolonialismus und das jahrzehntelange Beschweigen des Unrechts aufzuarbeiten haben. Wir tun das, in dem wir das Humboldt Forum auch als einen Ort der Verantwortung betrachten. F\u00fcr die Museen ist die immer weiter wachsende Zahl von Kooperationen mit Partnern in aller Welt von gro\u00dfer Wichtigkeit. Die Welt einzuladen, hier mitzuarbeiten und kuratorische Mitverantwortung zu \u00fcbernehmen, ist genau die Lehre, die wir aus der Vergangenheit ziehen m\u00fcssen. Das Humboldt Forum muss ein kontinuierlicher Prozess des Miteinanders sein, nur so kann es die gro\u00dfe Chance nutzen, hier \u00fcber die Kraft der Kultur ein grundlegend neues Verh\u00e4ltnis zum globalen S\u00fcden zu entwickeln.\u201c<\/p>\n\n\t\t\t\t\t\t\t\t\t\t\t\t\t\t\t\t\t\t\t\t\t\t\t\t\t\t\t\t\t\t\t\t\t\n\t\t\t\t\t\t\t\t\t\t\t<div class=\"row\">\n\t\t\t\t\t\t\t\t\t\t\t\t<div class=\"col-xs-9 col-md-9\">\n\t\t\t\t\t\t\t\t\t\t\t\t\t<div class=\"box\">\n\t\t\t\t\t\t\t\t\t\t\t\t\t\t\t\t\t\t\t\t\t\t\t\t\t\t\t<\/div>\n\t\t\t\t\t\t\t\t\t\t\t\t<\/div>\n\t\t\t\t\t\t\t\t\t\t\t<\/div>\n\n\t\t\t\t\t\t\t\t\t\t\t\t\t\t\t\t\t\t\t\t\t<\/div>\n\t\t\t\t\t\t\t\t\t<\/div>\n\t\t\t\t\t\t\t\t<\/div>\n\t\t\t\t\t\t\t\t<\/block-accordion-item>\n\t\t\t\t\t\t\t\t\t\t\t\t\t\t<block-accordion-item inline-template item-headline=\"Unser Umgang mit dem Thema Kolonialismus und Kolonialit\u00e4t\">\n\t\t\t\t\t\t\t\t<div ref=\"item\" data-id=\"UnserUmgangmitdemThemaKolonialismusundKolonialitt\" class=\"block-accordion-item vue-initialize\" aria-expanded=\"false\" :aria-expanded=\"active ? 'true' : 'false'\">\n\t\t\t\t\t\t\t\t\t<button class=\"accordion-button-with-icon block-accordion-item-head\" :class=\"{'button-active': active}\" ref=\"head\" aria-controls=\"acc_69f24573e2fb9\" id=\"acc_title_69f24573e2fba\" @click=\"toggle\" @keydown=\"key\">\n\t\t\t\t\t\t\t\t\t<div><span class=\"button-label\">Unser Umgang mit dem Thema Kolonialismus und Kolonialit\u00e4t<\/span><\/div><span class=\"button-icon icon-plus\" aria-hidden=\"true\"><\/span>\n\t\t\t\t\t\t\t\t<\/button>\n\t\t\t\t\t\t\t\t\t<div ref=\"body\" class=\"block-accordion-item-content\" id=\"acc_69f24573e2fb9\" role=\"region\">\n\t\t\t\t\t\t\t\t\t\t<div class=\"wrapper copy\">\n\t\t\t\t\t\t\t\t\t\t\t<p class=\"p1\">Mit dem Kernthema <i>Kolonialismus und Kolonialit\u00e4t<\/i> wird sich das Humboldt Forum mit postkolonialen Perspektiven und Stimmen auseinandersetzen und eine <i>Methodische Praxis<\/i> entwickeln, die einen transparenten, dauerhaften Reflektionsprozess \u00fcber die Kontinuit\u00e4t kolonialer Praktiken in unserer Arbeitsweise und unserem Selbstverst\u00e4ndnis bef\u00f6rdert. Damit sollen dringend notwendige Handlungsfelder und Narrative f\u00fcr Forschung und Kulturpraxen gef\u00f6rdert werden, im Hinblick auf den Umgang mit den Sammlungen wie der Aufarbeitung und Vermittlung einer gegenw\u00e4rtigen kolonialen Geschichte f\u00fcr die Zivilgesellschaft.<\/p>\n<p class=\"p1\">Mit <i>Kolonialit\u00e4t\u00a0<\/i>meinen wir all die kolonialen Denk- und Handlungsmuster, die in verschiedenen (Re-)Konfigurationen, kontinuierlich und nachhaltig, die heutigen Realit\u00e4ten in ehemals kolonisierten und kolonisierenden Gesellschaften strukturieren.\u00a0Damit wurden Ausbeutung, Gewalt und Genozide an \u201eAnderen\u201c gerechtfertigt und jener strukturelle Rassismus konsolidiert, der nicht-<i>wei\u00dfe <\/i>Menschen auch heute diskriminiert,\u00a0gar t\u00f6tet. Das Humboldt Forum verpflichtet sich aus der Kolonialit\u00e4t,<span class=\"Apple-converted-space\">\u00a0 <\/span>die auch den Traditionen und Praktiken von Bildungs- und Kultureinrichtungen wie Museen inh\u00e4rent ist, auszuscheren. Dies erfordert eine kritische Auseinandersetzung mit dem eigenen Kanon, um bin\u00e4re Ausschlussmechanismen von Aufkl\u00e4rung und \u201eModerne\u201c zu \u00fcberwinden und marginalisierten oder sogar ausgel\u00f6schten Narrativen wieder Raum zu geben. So kann eine <i>Methodische Praxis <\/i>entstehen, die einerseits eine prozesshafte Auseinandersetzung mit bestehenden lokalen und globalen Machstrukturen erm\u00f6glicht und andererseits den kontinuierlichen und kreativen Widerstand gegen oppressive Machtstrukturen w\u00fcrdigt.\u00a0Das Humboldt Forum m\u00f6chte dazu beitragen, die Komplexit\u00e4t der kolonialen Geschichte(n) mit ihren Verwicklungen in die Gegenwart und unser aller Lebensrealit\u00e4ten sichtbar zu machen. Dem liegt die Idee zugrunde, sich ausschlie\u00dflich im Zusammenhang mit der Welt zu verstehen und die F\u00e4higkeit zu kultivieren,\u00a0\u201eNeues\u201c zu lernen.<\/p>\n\n\t\t\t\t\t\t\t\t\t\t\t\t\t\t\t\t\t\t\t\t\t\t\t\t\t\t\t\t\t\t\t\t\t\n\t\t\t\t\t\t\t\t\t\t\t<div class=\"row\">\n\t\t\t\t\t\t\t\t\t\t\t\t<div class=\"col-xs-9 col-md-9\">\n\t\t\t\t\t\t\t\t\t\t\t\t\t<div class=\"box\">\n\t\t\t\t\t\t\t\t\t\t\t\t\t\t\t\t\t\t\t\t\t\t\t\t\t\t\t<\/div>\n\t\t\t\t\t\t\t\t\t\t\t\t<\/div>\n\t\t\t\t\t\t\t\t\t\t\t<\/div>\n\n\t\t\t\t\t\t\t\t\t\t\t\t\t\t\t\t\t\t\t\t\t<\/div>\n\t\t\t\t\t\t\t\t\t<\/div>\n\t\t\t\t\t\t\t\t<\/div>\n\t\t\t\t\t\t\t\t<\/block-accordion-item>\n\t\t\t\t\t\t\t\t\t\t\t\t\t\t<block-accordion-item inline-template item-headline=\"Projekte der Staatlichen Museen zu Berlin\">\n\t\t\t\t\t\t\t\t<div ref=\"item\" data-id=\"ProjektederStaatlichenMuseenzuBerlin\" class=\"block-accordion-item vue-initialize\" aria-expanded=\"false\" :aria-expanded=\"active ? 'true' : 'false'\">\n\t\t\t\t\t\t\t\t\t<button class=\"accordion-button-with-icon block-accordion-item-head\" :class=\"{'button-active': active}\" ref=\"head\" aria-controls=\"acc_69f24573e32e8\" id=\"acc_title_69f24573e32e9\" @click=\"toggle\" @keydown=\"key\">\n\t\t\t\t\t\t\t\t\t<div><span class=\"button-label\">Projekte der Staatlichen Museen zu Berlin<\/span><\/div><span class=\"button-icon icon-plus\" aria-hidden=\"true\"><\/span>\n\t\t\t\t\t\t\t\t<\/button>\n\t\t\t\t\t\t\t\t\t<div ref=\"body\" class=\"block-accordion-item-content\" id=\"acc_69f24573e32e8\" role=\"region\">\n\t\t\t\t\t\t\t\t\t\t<div class=\"wrapper copy\">\n\t\t\t\t\t\t\t\t\t\t\t<h5>Humboldt Lab Dahlem<\/h5>\n<p>Das Humboldt Lab Dahlem, 2012 eingerichtet und bis 2015 ausgelegt, war ein Projekt der Kulturstiftung des Bundes und der Stiftung Preu\u00dfischer Kulturbesitz. Im Sinne einer experimentellen Probeb\u00fchne diente es zur Vorbereitung insbesondere der Museumsausstellungen im zuk\u00fcnftigen Humboldt Forum. Ausf\u00fchrliche Informationen zum Projekt gibt es <a href=\"https:\/\/www.smb.museum\/museen-und-einrichtungen\/humboldt-forum\/ueber-das-humboldt-forum\/humboldt-lab-dahlem.html\">hier<\/a>.<\/p>\n<h5>Pilotprojekt: Tansania\u2013Deutschland: Geteilte Objektgeschichten?<\/h5>\n<p>Im Rahmen des vom Ethnologischen Museum gemeinsam mit Partnerinstitutionen aus Tansania entwickelten Pilotprojekt \u201eTansania\u2013Deutschland: Geteilte Objektgeschichten?\u201c wurde ein Rahmenkonzept f\u00fcr die Erforschung der Provenienz problembeladener, insbesondere in der Kolonialzeit gesammelter Best\u00e4nde entwickelt. Ausf\u00fchrliche Informationen zum Projekt gibt es <a href=\"https:\/\/www.smb.museum\/museen-und-einrichtungen\/ethnologisches-museum\/sammeln-forschen\/forschung\/tansania-deutschland-geteilte-objektgeschichten.html\">hier<\/a>.<\/p>\n<h5>Humboldt Lab Tanzania<\/h5>\n<p>In enger Verbindung zum Pilotprojekt \u201eTansania-Deutschland: Geteilte Objektgeschichten?\u201c stand das Projekt \u201eHumboldt Lab Tanzania\u201c. Es bildete eine Fortsetzung des Programms Humboldt Lab Dahlem\u00a0der Kulturstiftung des Bundes und der Stiftung Preu\u00dfischer Kulturbesitz, das von 2012 bis 2015 Impulse f\u00fcr die Ausstellungsplanungen des Ethnologischen Museums und des\u00a0Museums f\u00fcr Asiatische Kunst der Staatlichen Museen zu Berlin\u00a0im k\u00fcnftigen Humboldt Forum lieferte. Ausf\u00fchrliche Informationen zum Projekt gibt es <a href=\"https:\/\/www.smb.museum\/museen-und-einrichtungen\/ethnologisches-museum\/sammeln-forschen\/forschung\/humboldt-lab-tanzania.html\">hier<\/a>.<\/p>\n<h5>Geteiltes Wissen: Wissenschaftler*innen aus Amazonien im Ethnologischen Museum<\/h5>\n<p>Im kollaborativen Langzeitprojekt \u201eGeteiltes Wissen\u201c\u00a0arbeitet das Ethnologische Museum mit Partnern aus Brasilien, Kolumbien und Venezuela zusammen. Gemeinsam werden ethnographische Objekte aus dem nord\u00f6stlichen und nordwestlichen Amazonastiefland aus der Sammlung des Museums untersucht. Ausf\u00fchrliche Informationen zum Projekt gibt es <a href=\"https:\/\/www.smb.museum\/nachrichten\/detail\/geteiltes-wissen-gemeinsame-provenienzforschung-wissenschaftlerinnen-aus-amazonien-im-ethnologischen-museum\/\">hier<\/a>.<\/p>\n<h5>Namibia-Projekt<\/h5>\n<p>Im Rahmen einer Partnerschaft zwischen der Museums Association of Namibia (MAN) und der Stiftung Preu\u00dfischer Kulturbesitz waren seit Fr\u00fchjahr 2019 mehrere Forscher aus Namibia zu Gast im Ethnologischen Museum\u00a0der\u00a0Staatlichen Museen zu Berlin. Gemeinsam mit dem Wissenschaftlerteam des Museums untersuchten sie die rund 1400 Objekte der Namibia-Sammlung des Hauses im Hinblick auf ihre Geschichte, Bedeutung und ihre k\u00fcnstlerischen Potenziale. In dem nun folgenden Projekt \u201eConfronting Colonial Pasts, Envisioning Creative Futures\u201c, das die\u00a0Gerda Henkel Stiftung erm\u00f6glicht hat, werden 23 dieser Objekte nach Namibia reisen, darunter Schmuck, Prestigeobjekte und historisch wichtige Artefakte. Dort sollen sie in den kommenden drei Jahren weiter erforscht werden und zeitgen\u00f6ssischen K\u00fcnstlern f\u00fcr die kreative Auseinandersetzung zur Verf\u00fcgung stehen. Erstmals in Deutschland wurde ein solcher ergebnisoffener Prozess der Zusammenarbeit angesto\u00dfen, der ma\u00dfgeblich von den namibischen Partnern bestimmt wird. Ausf\u00fchrliche Informationen zum Projekt gibt es <a href=\"https:\/\/www.smb.museum\/nachrichten\/detail\/namibia-projekt-des-ethnologischem-museum-und-der-museums-association-of-namibia-gestartet.html\">hier<\/a>.<\/p>\n\n\t\t\t\t\t\t\t\t\t\t\t\t\t\t\t\t\t\t\t\t\t\t\t\t\t\t\t\t\t\t\t\t\t\n\t\t\t\t\t\t\t\t\t\t\t<div class=\"row\">\n\t\t\t\t\t\t\t\t\t\t\t\t<div class=\"col-xs-9 col-md-9\">\n\t\t\t\t\t\t\t\t\t\t\t\t\t<div class=\"box\">\n\t\t\t\t\t\t\t\t\t\t\t\t\t\t\t\t\t\t\t\t\t\t\t\t\t\t\t<\/div>\n\t\t\t\t\t\t\t\t\t\t\t\t<\/div>\n\t\t\t\t\t\t\t\t\t\t\t<\/div>\n\n\t\t\t\t\t\t\t\t\t\t\t\t\t\t\t\t\t\t\t\t\t<\/div>\n\t\t\t\t\t\t\t\t\t<\/div>\n\t\t\t\t\t\t\t\t<\/div>\n\t\t\t\t\t\t\t\t<\/block-accordion-item>\n\t\t\t\t\t\t\t\t\t\t\t\t\t\t<block-accordion-item inline-template item-headline=\"Umgang mit au\u00dfereurop\u00e4ischen Objekten\">\n\t\t\t\t\t\t\t\t<div ref=\"item\" data-id=\"UmgangmitauereuropischenObjekten\" class=\"block-accordion-item vue-initialize\" aria-expanded=\"false\" :aria-expanded=\"active ? 'true' : 'false'\">\n\t\t\t\t\t\t\t\t\t<button class=\"accordion-button-with-icon block-accordion-item-head\" :class=\"{'button-active': active}\" ref=\"head\" aria-controls=\"acc_69f24573e3573\" id=\"acc_title_69f24573e3574\" @click=\"toggle\" @keydown=\"key\">\n\t\t\t\t\t\t\t\t\t<div><span class=\"button-label\">Umgang mit au\u00dfereurop\u00e4ischen Objekten<\/span><\/div><span class=\"button-icon icon-plus\" aria-hidden=\"true\"><\/span>\n\t\t\t\t\t\t\t\t<\/button>\n\t\t\t\t\t\t\t\t\t<div ref=\"body\" class=\"block-accordion-item-content\" id=\"acc_69f24573e3573\" role=\"region\">\n\t\t\t\t\t\t\t\t\t\t<div class=\"wrapper copy\">\n\t\t\t\t\t\t\t\t\t\t\t<p>Zum angemessenen Umgang mit au\u00dfereurop\u00e4ischen Objekten und ihrer Geschichte hat die Stiftung Preu\u00dfischer Kulturbesitz bei den Vorbereitungen f\u00fcr das Humboldt Forum eine Grundhaltung entwickelt. Ein wichtiger Bestandteil\u00a0 sind die Einbeziehung sowie der Austausch mit Vertreterinnen und Vertretern der &#8222;Source Communities&#8220; (Herkunftsgesellschaften) au\u00dfereurop\u00e4ischer Objekte. Ihr Wissen soll in die Arbeit mit den Objekten einflie\u00dfen und so eine Aufarbeitung und Pr\u00e4sentation aus unterschiedlichen Perspektiven erm\u00f6glichen. Dar\u00fcber hinaus sollen die Anspr\u00fcche der Herkunftsgesellschaften an einen angemessenen Umgang mit den Objekten ber\u00fccksichtigt werden.<\/p>\n<p>Ausf\u00fchrliche Informationen zum Umgang der Stiftung Preu\u00dfischer Kulturbesitz mit au\u00dfereurop\u00e4ischen Objekten\u00a0gibt es <a href=\"https:\/\/www.preussischer-kulturbesitz.de\/schwerpunkte\/provenienzforschung-und-eigentumsfragen\/umgang-mit-aussereuropaeischen-objekten\/\">hier<\/a>.<\/p>\n\n\t\t\t\t\t\t\t\t\t\t\t\t\t\t\t\t\t\t\t\t\t\t\t\t\t\t\t\t\t\t\t\t\t\n\t\t\t\t\t\t\t\t\t\t\t<div class=\"row\">\n\t\t\t\t\t\t\t\t\t\t\t\t<div class=\"col-xs-9 col-md-9\">\n\t\t\t\t\t\t\t\t\t\t\t\t\t<div class=\"box\">\n\t\t\t\t\t\t\t\t\t\t\t\t\t\t\t\t\t\t\t\t\t\t\t\t\t\t\t<\/div>\n\t\t\t\t\t\t\t\t\t\t\t\t<\/div>\n\t\t\t\t\t\t\t\t\t\t\t<\/div>\n\n\t\t\t\t\t\t\t\t\t\t\t\t\t\t\t\t\t\t\t\t\t<\/div>\n\t\t\t\t\t\t\t\t\t<\/div>\n\t\t\t\t\t\t\t\t<\/div>\n\t\t\t\t\t\t\t\t<\/block-accordion-item>\n\t\t\t\t\t\t\t\t\t\t\t\t\t<\/div>\n\t\t\t\t\t\t<\/block-accordion>\n\t\t\t\t\t\t\t\t\t<\/div>\n\t\t\t<\/div>\n\t\t<\/div>\n\t<\/div>\n<\/section>\n\n\n<section class=\"block block-teaser col-lane \" style=\"\">\n\t<lazy-component :fixed-min-height=\"400\">\n\t\n\t\t\t\t\t<teaser-lane-with-buttons inline-template tracking-label=\"Publikationen\">\n\t\t\t\t<div class=\"teaser-lane-with-buttons\">\n\t\t\t\t\t<div class=\"container-fluid\">\n\t\t\t\t\t\t<div class=\"row bottom-xs\">\n\t\t\t\t\t\t\t<div class=\"col-xs-12 col-md-8\">\n\t\t\t\t\t\t\t\t\t\t\t\t\t\t\t\t\t<h4>Publikationen<\/h4>\t\t\t\t\t\t\t\t\t\t\t\t\t\t\t\t\t\t\t\t\t\t\t\t<\/div>\n\t\t\t\t\t\t\t<div class=\"col-xs-12 col-md-4 start-xs end-md margin-bottom-sixth teaser-lane-buttons-wrapper \">\n\t\t\t\t\t\t\t\t\t\t\t\t\t\t\t\t<teaser-lane-buttons :visible_prev=\"visible_prev\" :visible_next=\"visible_next\" @prev=\"prev\" @next=\"next\"><\/teaser-lane-buttons>\n\t\t\t\t\t\t\t<\/div>\n\t\t\t\t\t\t<\/div>\n\t\t\t\t\t<\/div>\n\t\t\t\t\t<div class=\"teaser-lane-wrapper\">\n\t\t\t\t\t\t<ul class=\"teaser-lane\">\n\t\t\t\t\t\t\t\t\t\t\t\t\t\t<li class=\"teaser-lane-slide col-xs-9 col-sm-4 col-md-3 teaser-wrapper col-padding-remove\">\n\t<calendarteaser key=\"223538362\" rawitem='{&quot;postId&quot;:22353,&quot;title&quot;:&quot;(Post)Kolonialismus und kulturelles Erbe&quot;,&quot;excerpt&quot;:&quot;In diesem Band kommen prominente, global agierende Museumsfachleute zu Wort, die das Humboldt Forum in seiner Entstehung begleitet haben. Mit ihren Beitr\\u00e4gen beteiligen sie sich an internationalen Debatten, wie der leidenschaftlich gef\\u00fchrten Auseinandersetzung um Provenienz und Restitution ethnologischer Sammlungen.&quot;,&quot;slug&quot;:&quot;postkolonialismus-und-kulturelles-erbe&quot;,&quot;post_date&quot;:&quot;2021-05-19T11:11&quot;,&quot;type&quot;:&quot;event-publication&quot;,&quot;permalink&quot;:&quot;https:\\\/\\\/www.humboldtforum.org\\\/de\\\/programm\\\/publikation\\\/publikation\\\/postkolonialismus-und-kulturelles-erbe-22353\\\/&quot;,&quot;genre&quot;:[739],&quot;genre_details&quot;:[{&quot;text&quot;:&quot;Publikation&quot;,&quot;id&quot;:739,&quot;icon&quot;:null,&quot;parent&quot;:0}],&quot;topic&quot;:[782],&quot;topic_details&quot;:[{&quot;text&quot;:&quot;Kolonialismus und Kolonialit\\u00e4t&quot;,&quot;id&quot;:782,&quot;icon&quot;:null,&quot;parent&quot;:0}],&quot;stakeholder&quot;:[382],&quot;stakeholder_details&quot;:[{&quot;text&quot;:&quot;Stiftung Humboldt Forum im Berliner Schloss&quot;,&quot;id&quot;:382,&quot;icon&quot;:null,&quot;parent&quot;:0}],&quot;language&quot;:[384],&quot;language_details&quot;:[{&quot;text&quot;:&quot;Deutsch&quot;,&quot;id&quot;:384,&quot;icon&quot;:null,&quot;parent&quot;:0}],&quot;icon_overwrite&quot;:&quot;&quot;,&quot;acf&quot;:{&quot;noindex&quot;:false,&quot;keywords&quot;:&quot;&quot;,&quot;belongsto&quot;:false,&quot;shorturl&quot;:&quot;&quot;,&quot;planning&quot;:{&quot;price&quot;:&quot;18,00 EUR&quot;,&quot;status&quot;:&quot;CTA&quot;,&quot;info&quot;:&quot;Buch kaufen&quot;,&quot;shop&quot;:&quot;https:\\\/\\\/shop.humboldtforum.org\\\/collections\\\/publikationen\\\/products\\\/buch-postkolonialismus-und-kulturelles-erbe-de&quot;,&quot;can_purchase&quot;:false},&quot;subline&quot;:&quot;Internationale Debatten im Humboldt Forum&quot;,&quot;subline_feature&quot;:&quot;&quot;,&quot;marketing_text&quot;:&quot;Internationale Debatten im Humboldt Forum&quot;,&quot;shorttext&quot;:&quot;In diesem Band kommen prominente, global agierende Museumsfachleute zu Wort, die das Humboldt Forum in seiner Entstehung begleitet haben. Mit ihren Beitr\\u00e4gen beteiligen sie sich an internationalen Debatten, wie der leidenschaftlich gef\\u00fchrten Auseinandersetzung um Provenienz und Restitution ethnologischer Sammlungen.&quot;,&quot;longtext&quot;:&quot;&quot;,&quot;highlight_header&quot;:false,&quot;featured_images&quot;:[25771],&quot;video&quot;:false,&quot;hyphenation&quot;:true,&quot;tipp&quot;:true,&quot;alert_text&quot;:&quot;&quot;,&quot;joker&quot;:false,&quot;live&quot;:false,&quot;announcement&quot;:&quot;DE | 18,00 EUR&quot;,&quot;overwrite_date&quot;:&quot;&quot;,&quot;additional_info&quot;:{&quot;icon&quot;:&quot;0&quot;,&quot;text&quot;:&quot;&quot;},&quot;use_video_in_teasers&quot;:false,&quot;hide_event_in_program&quot;:false,&quot;infotext&quot;:&quot;Hanser Verlag, 2021, 272 Seiten&quot;},&quot;date&quot;:[],&quot;alert&quot;:&quot;Tipp&quot;,&quot;partof&quot;:[],&quot;marketing_topic&quot;:{&quot;title&quot;:&quot;Kolonialismus und Kolonialit\\u00e4t&quot;,&quot;0&quot;:&quot;topic&quot;}}' inline-template>\n\t<a href=\"https:\/\/www.humboldtforum.org\/de\/programm\/publikation\/publikation\/postkolonialismus-und-kulturelles-erbe-22353\/\" class=\"teaser teaser-event-publication teaser-event-standard\">\n\t\t<div class=\"row\">\n\t\t\t<div class=\"col-xs-12 teaser-event-image\">\n\t\t\t\t<div class=\"teaser-image teaser-image-no-alternate\">\n\t\t\t\t\t\t\t\t\t\t\t\t\t<span class=\"alert\">Tipp<\/span>\n\t\t\t\t\t\t\t\t\t\t\t\n\t<lazy-media-inline inline-template>\n\t\t<figure itemscope itemtype=\"http:\/\/schema.org\/ImageObject\" class=\"lazy-media-inline \" role=\"group\" id=\"media_69f245741893e\" aria-labelledby=\"desc_media_69f245741893e\">\n\t\t\t<script type=\"application\/json\" ref=\"data\">\n\t\t\t\t{\n\t\t\t\t\"sizes\" : {\"medium\":{\"file\":\"SHF_eb00111179-300x169.jpeg\",\"width\":300,\"height\":169,\"mime-type\":\"image\\\/jpeg\"},\"large\":{\"file\":\"SHF_eb00111179-1024x576.jpeg\",\"width\":1024,\"height\":576,\"mime-type\":\"image\\\/jpeg\"},\"thumbnail\":{\"file\":\"SHF_eb00111179-150x150.jpeg\",\"width\":150,\"height\":150,\"mime-type\":\"image\\\/jpeg\"},\"medium_large\":{\"file\":\"SHF_eb00111179-768x432.jpeg\",\"width\":768,\"height\":432,\"mime-type\":\"image\\\/jpeg\"},\"small\":{\"file\":\"SHF_eb00111179-440x248.jpeg\",\"width\":440,\"height\":248,\"mime-type\":\"image\\\/jpeg\"},\"semi\":{\"file\":\"SHF_eb00111179-580x326.jpeg\",\"width\":580,\"height\":326,\"mime-type\":\"image\\\/jpeg\"},\"mobile\":{\"file\":\"SHF_eb00111179-720x405.jpeg\",\"width\":720,\"height\":405,\"mime-type\":\"image\\\/jpeg\"},\"hd\":{\"file\":\"SHF_eb00111179-1280x720.jpeg\",\"width\":1280,\"height\":720,\"mime-type\":\"image\\\/jpeg\"},\"full\":{\"file\":\"SHF_eb00111179-1920x1080.jpeg\",\"width\":1920,\"height\":1080,\"mime-type\":\"image\\\/jpeg\"},\"1536x1536\":{\"file\":\"SHF_eb00111179-1536x864.jpeg\",\"width\":1536,\"height\":864,\"mime-type\":\"image\\\/jpeg\"},\"original\":{\"file\":\"SHF_eb00111179.jpeg\",\"width\":2048,\"height\":1152}},\n\t\t\t\t\"alt\" : \"Buchcover mit dem Titel \\\"Postkolonialismus und kulturelle Differenz\\\" vor rotem Hintergrund.\",\n\t\t\t\t\"path\" : \"\\\/wp-content\\\/uploads\\\/2021\\\/05\\\/\",\n\t\t\t\t\"video\" : null,\n\t\t\t\t\"autoplay\" : null,\n\t\t\t\t\"youtube\" : null,\n\t\t\t\t\"youtubelabel\" : \"Video abspielen\",\n\t\t\t\t\"brightness\" : 100,\n\t\t\t\t\"crop\" : {\"top\":\"50.00\",\"left\":\"50.00\"},\n\t\t\t\t\"background\" : true,\n\t\t\t\t\"scale\" : 2\t\t\t\t}\n\t\t\t<\/script>\n\n\t\t\t<div class=\"height-container\" style=\"padding-bottom:56.25%;\" v-if=\"sizes\">\n\t\t\t\t\t\t\t\t<lazy-media :inline=\"true\" :alt=\"alt\" :sizes=\"sizes\" :scale=\"scale\" :brightness=\"brightness\" :path=\"path\" :video=\"video\" :autoplay=\"autoplay\" :youtube=\"youtube\" :crop=\"crop\" :youtubelabel=\"youtubelabel\" :background=\"background\" media-id=\"desc_media_69f245741893e\"><\/lazy-media>\n\t\t\t\t\t\t\t<\/div>\n\n\t\t\t\t\t\t\t<figcaption class=\"sr-only\" ref=\"body\" id=\"desc_media_69f245741893e\">\n\t\t\t\t\t\t\t\t\t\t\t\t\t\t\t\t\t\t\t\t\t<div class=\"insignificant\">\u00a9 Stiftung Humboldt Forum im Berliner Schloss \/ Foto: kienzle | oberhammer<\/div>\n\t\t\t\t\t\t\t\t\t<\/figcaption>\n\t\t\t\t\t<\/figure>\n\t<\/lazy-media-inline>\n\t\t\t\t<\/div>\n\t\t\t<\/div>\n\t\t\t<div class=\"col-xs-12 teaser-event-text Infos\">\n\t\t\t\t<div class=\"teaser-event-standard-text\">\n\t\t\t\t\t<div class=\"margin-bottom-atom\">\n\t\t\t\t\t\t<div class=\"subline clamp-1\" v-html=\"maingenre\"><\/div>\n\t\t\t\t\t\t\t\t\t\t\t\t\t<div class=\"insignificant clamp-2\">Kolonialismus und Kolonialit\u00e4t<\/div>\n\t\t\t\t\t\t\t\t\t\t\t<\/div>\n\t\t\t\t\n\t\t\t\t\t<strong class=\"margin-bottom-atom\">(Post)Kolonialismus und kulturelles Erbe<\/strong>\n\n\t\t\t\t\t\t\t\t\t\t\t<div class=\"\">Internationale Debatten im Humboldt Forum<\/div>\n\t\t\t\t\t\t\t\t\t<\/div>\n\t\t\t\t<div class=\"teaser-bottom border-bottom\">\n\t\t\t\t<calendardateline :rawitem='item' :show-icon=\"true\"><\/calendardateline>\n\t\t\t\t\t<hr>\n\t\t\t\t<\/div>\n\t\t\t<\/div>\n\t\t<\/div>\n\t<\/a>\n\t<\/calendarteaser>\n<\/li>\n\n<li class=\"teaser-lane-slide col-xs-9 col-sm-4 col-md-3 teaser-wrapper col-padding-remove\">\n\t<calendarteaser key=\"1099772899\" rawitem='{&quot;postId&quot;:109977,&quot;title&quot;:&quot;macht || beziehungen&quot;,&quot;excerpt&quot;:&quot;&quot;,&quot;slug&quot;:&quot;macht-beziehungen&quot;,&quot;post_date&quot;:&quot;2023-11-29T13:25&quot;,&quot;type&quot;:&quot;event-publication&quot;,&quot;permalink&quot;:&quot;https:\\\/\\\/www.humboldtforum.org\\\/de\\\/programm\\\/publikation\\\/publikation\\\/macht-beziehungen-109977\\\/&quot;,&quot;genre&quot;:[739],&quot;genre_details&quot;:[{&quot;text&quot;:&quot;Publikation&quot;,&quot;id&quot;:739,&quot;icon&quot;:null,&quot;parent&quot;:0}],&quot;language&quot;:[384],&quot;language_details&quot;:[{&quot;text&quot;:&quot;Deutsch&quot;,&quot;id&quot;:384,&quot;icon&quot;:null,&quot;parent&quot;:0}],&quot;icon_overwrite&quot;:&quot;&quot;,&quot;acf&quot;:{&quot;noindex&quot;:false,&quot;keywords&quot;:&quot;&quot;,&quot;belongsto&quot;:[46021],&quot;shorturl&quot;:&quot;&quot;,&quot;planning&quot;:{&quot;price&quot;:&quot;Download, kostenfrei&quot;,&quot;status&quot;:&quot;CTA&quot;,&quot;info&quot;:&quot;Buch als PDF&quot;,&quot;shop&quot;:&quot;https:\\\/\\\/spktrum.spk-berlin.de\\\/servlets\\\/MCRFileNodeServlet\\\/spktrum_derivate_00000087\\\/begleitheft-zur-postkolonialen-provenienzforschung-im-humboldt-forum.pdf&quot;,&quot;can_purchase&quot;:false},&quot;subline&quot;:&quot;Ein Begleitheft zur postkolonialen Provenienzforschung in den Dauerausstellungen des Ethnologischen Museums und des Museums f\\u00fcr Asiatische Kunst im Humboldt Forum&quot;,&quot;additional_info&quot;:{&quot;icon&quot;:&quot;icon-book&quot;,&quot;text&quot;:&quot;September 2021&quot;},&quot;highlight_header&quot;:false,&quot;use_video_in_teasers&quot;:false,&quot;hyphenation&quot;:true,&quot;tipp&quot;:false,&quot;joker&quot;:false,&quot;live&quot;:false,&quot;hide_event_in_program&quot;:false,&quot;featured_images&quot;:[110442],&quot;announcement&quot;:&quot;Download&quot;},&quot;date&quot;:[],&quot;alert&quot;:null,&quot;partof&quot;:[],&quot;marketing_topic&quot;:{&quot;title&quot;:&quot;Ethnologische Sammlungen und Asiatische Kunst&quot;,&quot;ID&quot;:46021,&quot;reason&quot;:&quot;belongsto&quot;}}' inline-template>\n\t<a href=\"https:\/\/www.humboldtforum.org\/de\/programm\/publikation\/publikation\/macht-beziehungen-109977\/\" class=\"teaser teaser-event-publication teaser-event-standard\">\n\t\t<div class=\"row\">\n\t\t\t<div class=\"col-xs-12 teaser-event-image\">\n\t\t\t\t<div class=\"teaser-image teaser-image-no-alternate\">\n\t\t\t\t\t\t\t\t\t\t\t\n\t<lazy-media-inline inline-template>\n\t\t<figure itemscope itemtype=\"http:\/\/schema.org\/ImageObject\" class=\"lazy-media-inline \" role=\"group\" id=\"media_69f24574196b9\" aria-labelledby=\"desc_media_69f24574196b9\">\n\t\t\t<script type=\"application\/json\" ref=\"data\">\n\t\t\t\t{\n\t\t\t\t\"sizes\" : {\"medium\":{\"file\":\"macht_Beziehungen-300x181.jpg\",\"width\":300,\"height\":181,\"mime-type\":\"image\\\/jpeg\",\"filesize\":4614},\"large\":{\"file\":\"macht_Beziehungen-1024x617.jpg\",\"width\":1024,\"height\":617,\"mime-type\":\"image\\\/jpeg\",\"filesize\":34756},\"thumbnail\":{\"file\":\"macht_Beziehungen-150x150.jpg\",\"width\":150,\"height\":150,\"mime-type\":\"image\\\/jpeg\",\"filesize\":3339},\"medium_large\":{\"file\":\"macht_Beziehungen-768x463.jpg\",\"width\":768,\"height\":463,\"mime-type\":\"image\\\/jpeg\",\"filesize\":21219},\"small\":{\"file\":\"macht_Beziehungen-440x265.jpg\",\"width\":440,\"height\":265,\"mime-type\":\"image\\\/jpeg\",\"filesize\":8205},\"semi\":{\"file\":\"macht_Beziehungen-580x350.jpg\",\"width\":580,\"height\":350,\"mime-type\":\"image\\\/jpeg\",\"filesize\":12678},\"mobile\":{\"file\":\"macht_Beziehungen-720x434.jpg\",\"width\":720,\"height\":434,\"mime-type\":\"image\\\/jpeg\",\"filesize\":19259},\"hd\":{\"file\":\"macht_Beziehungen-1280x771.jpg\",\"width\":1280,\"height\":771,\"mime-type\":\"image\\\/jpeg\",\"filesize\":52136},\"1536x1536\":{\"file\":\"macht_Beziehungen-1536x926.jpg\",\"width\":1536,\"height\":926,\"mime-type\":\"image\\\/jpeg\",\"filesize\":70508},\"original\":{\"file\":\"macht_Beziehungen.jpg\",\"width\":1545,\"height\":931}},\n\t\t\t\t\"alt\" : \"Cover eines Dokuments mit orangefarbenem Design und dem Text \\u201emacht Beziehungen\\u201c.\",\n\t\t\t\t\"path\" : \"\\\/wp-content\\\/uploads\\\/2023\\\/11\\\/\",\n\t\t\t\t\"video\" : null,\n\t\t\t\t\"autoplay\" : null,\n\t\t\t\t\"youtube\" : null,\n\t\t\t\t\"youtubelabel\" : \"Video abspielen\",\n\t\t\t\t\"brightness\" : 100,\n\t\t\t\t\"crop\" : null,\n\t\t\t\t\"background\" : true,\n\t\t\t\t\"scale\" : 2\t\t\t\t}\n\t\t\t<\/script>\n\n\t\t\t<div class=\"height-container\" style=\"padding-bottom:60.258899676375%;\" v-if=\"sizes\">\n\t\t\t\t\t\t\t\t<lazy-media :inline=\"true\" :alt=\"alt\" :sizes=\"sizes\" :scale=\"scale\" :brightness=\"brightness\" :path=\"path\" :video=\"video\" :autoplay=\"autoplay\" :youtube=\"youtube\" :crop=\"crop\" :youtubelabel=\"youtubelabel\" :background=\"background\" media-id=\"desc_media_69f24574196b9\"><\/lazy-media>\n\t\t\t\t\t\t\t<\/div>\n\n\t\t\t\t\t\t\t<figcaption class=\"sr-only\" ref=\"body\" id=\"desc_media_69f24574196b9\">\n\t\t\t\t\t\t\t\t\t\t\t<div>Cover der Publikation &quot;macht || beziehungen&quot;<\/div>\n\t\t\t\t\t\t\t\t\t\t\t\t\t\t\t\t\t\t\t\t\t<div class=\"insignificant\">\u00a9 2021 Staatliche Museen zu Berlin \u2013 Stiftung Preu\u00dfischer Kulturbesitz und die Autor*innen<\/div>\n\t\t\t\t\t\t\t\t\t<\/figcaption>\n\t\t\t\t\t<\/figure>\n\t<\/lazy-media-inline>\n\t\t\t\t<\/div>\n\t\t\t<\/div>\n\t\t\t<div class=\"col-xs-12 teaser-event-text Infos\">\n\t\t\t\t<div class=\"teaser-event-standard-text\">\n\t\t\t\t\t<div class=\"margin-bottom-atom\">\n\t\t\t\t\t\t<div class=\"subline clamp-1\" v-html=\"maingenre\"><\/div>\n\t\t\t\t\t\t\t\t\t\t\t\t\t<div class=\"insignificant clamp-2\">Ethnologische Sammlungen und Asiatische Kunst<\/div>\n\t\t\t\t\t\t\t\t\t\t\t<\/div>\n\t\t\t\t\n\t\t\t\t\t<strong class=\"margin-bottom-atom\">macht || beziehungen<\/strong>\n\n\t\t\t\t\t\t\t\t\t\t\t<div class=\"\">Ein Begleitheft zur postkolonialen Provenienzforschung in den Dauerausstellungen des Ethnologischen Museums und des Museums f\u00fcr Asiatische Kunst im Humboldt Forum<\/div>\n\t\t\t\t\t\t\t\t\t<\/div>\n\t\t\t\t<div class=\"teaser-bottom border-bottom\">\n\t\t\t\t<calendardateline :rawitem='item' :show-icon=\"true\"><\/calendardateline>\n\t\t\t\t\t<hr>\n\t\t\t\t<\/div>\n\t\t\t<\/div>\n\t\t<\/div>\n\t<\/a>\n\t<\/calendarteaser>\n<\/li>\n\n<li class=\"teaser-lane-slide col-xs-9 col-sm-4 col-md-3 teaser-wrapper col-padding-remove\">\n\t<calendarteaser key=\"7207921978\" rawitem='{&quot;postId&quot;:72079,&quot;title&quot;:&quot;Gegen den Strom. Die Omaha, Francis La Flesche und seine Sammlung&quot;,&quot;excerpt&quot;:&quot;&quot;,&quot;slug&quot;:&quot;gegen-den-strom-die-omaha-francis-la-flesche-und-seine-sammlung&quot;,&quot;post_date&quot;:&quot;2023-02-16T13:29&quot;,&quot;type&quot;:&quot;event-publication&quot;,&quot;permalink&quot;:&quot;https:\\\/\\\/www.humboldtforum.org\\\/de\\\/programm\\\/publikation\\\/publikation\\\/gegen-den-strom-die-omaha-francis-la-flesche-und-seine-sammlung-72079\\\/&quot;,&quot;genre&quot;:[739],&quot;genre_details&quot;:[{&quot;text&quot;:&quot;Publikation&quot;,&quot;id&quot;:739,&quot;icon&quot;:null,&quot;parent&quot;:0}],&quot;stakeholder&quot;:[382],&quot;stakeholder_details&quot;:[{&quot;text&quot;:&quot;Stiftung Humboldt Forum im Berliner Schloss&quot;,&quot;id&quot;:382,&quot;icon&quot;:null,&quot;parent&quot;:0}],&quot;icon_overwrite&quot;:&quot;&quot;,&quot;acf&quot;:{&quot;noindex&quot;:false,&quot;keywords&quot;:&quot;&quot;,&quot;belongsto&quot;:false,&quot;shorturl&quot;:&quot;&quot;,&quot;planning&quot;:{&quot;price&quot;:&quot;22.- Euro&quot;,&quot;status&quot;:&quot;CTA&quot;,&quot;info&quot;:&quot;Buch kaufen&quot;,&quot;shop&quot;:&quot;https:\\\/\\\/shop.humboldtforum.org\\\/products\\\/buch-gegen-den-strom-omaha-de&quot;,&quot;can_purchase&quot;:false},&quot;subline&quot;:&quot;Herausgegeben von der Stiftung Humboldt Forum im Berliner Schloss&quot;,&quot;additional_info&quot;:{&quot;icon&quot;:&quot;0&quot;,&quot;text&quot;:&quot;&quot;},&quot;highlight_header&quot;:false,&quot;use_video_in_teasers&quot;:false,&quot;hyphenation&quot;:true,&quot;tipp&quot;:false,&quot;joker&quot;:false,&quot;live&quot;:false,&quot;hide_event_in_program&quot;:false,&quot;featured_images&quot;:[72221],&quot;announcement&quot;:&quot;DE | 22,00 EUR&quot;},&quot;date&quot;:[],&quot;alert&quot;:null,&quot;partof&quot;:[],&quot;marketing_topic&quot;:&quot;&quot;}' inline-template>\n\t<a href=\"https:\/\/www.humboldtforum.org\/de\/programm\/publikation\/publikation\/gegen-den-strom-die-omaha-francis-la-flesche-und-seine-sammlung-72079\/\" class=\"teaser teaser-event-publication teaser-event-standard\">\n\t\t<div class=\"row\">\n\t\t\t<div class=\"col-xs-12 teaser-event-image\">\n\t\t\t\t<div class=\"teaser-image teaser-image-no-alternate\">\n\t\t\t\t\t\t\t\t\t\t\t\n\t<lazy-media-inline inline-template>\n\t\t<figure itemscope itemtype=\"http:\/\/schema.org\/ImageObject\" class=\"lazy-media-inline \" role=\"group\" id=\"media_69f245741a27f\" aria-labelledby=\"desc_media_69f245741a27f\">\n\t\t\t<script type=\"application\/json\" ref=\"data\">\n\t\t\t\t{\n\t\t\t\t\"sizes\" : {\"medium\":{\"file\":\"gegen_den_strom2000a-300x181.jpg\",\"width\":300,\"height\":181,\"mime-type\":\"image\\\/jpeg\",\"filesize\":5235},\"large\":{\"file\":\"gegen_den_strom2000a-1024x617.jpg\",\"width\":1024,\"height\":617,\"mime-type\":\"image\\\/jpeg\",\"filesize\":37478},\"thumbnail\":{\"file\":\"gegen_den_strom2000a-150x150.jpg\",\"width\":150,\"height\":150,\"mime-type\":\"image\\\/jpeg\",\"filesize\":3754},\"medium_large\":{\"file\":\"gegen_den_strom2000a-768x463.jpg\",\"width\":768,\"height\":463,\"mime-type\":\"image\\\/jpeg\",\"filesize\":23137},\"small\":{\"file\":\"gegen_den_strom2000a-440x265.jpg\",\"width\":440,\"height\":265,\"mime-type\":\"image\\\/jpeg\",\"filesize\":9464},\"semi\":{\"file\":\"gegen_den_strom2000a-580x350.jpg\",\"width\":580,\"height\":350,\"mime-type\":\"image\\\/jpeg\",\"filesize\":14868},\"mobile\":{\"file\":\"gegen_den_strom2000a-720x434.jpg\",\"width\":720,\"height\":434,\"mime-type\":\"image\\\/jpeg\",\"filesize\":20708},\"hd\":{\"file\":\"gegen_den_strom2000a-1280x771.jpg\",\"width\":1280,\"height\":771,\"mime-type\":\"image\\\/jpeg\",\"filesize\":55326},\"1536x1536\":{\"file\":\"gegen_den_strom2000a-1536x926.jpg\",\"width\":1536,\"height\":926,\"mime-type\":\"image\\\/jpeg\",\"filesize\":75161},\"original\":{\"file\":\"gegen_den_strom2000a.jpg\",\"width\":1545,\"height\":931}},\n\t\t\t\t\"alt\" : \"Buchcover \\\"Gegen den Strom\\\" mit Indianer und Mann im Anzug auf blauem Hintergrund.\",\n\t\t\t\t\"path\" : \"\\\/wp-content\\\/uploads\\\/2023\\\/02\\\/\",\n\t\t\t\t\"video\" : null,\n\t\t\t\t\"autoplay\" : null,\n\t\t\t\t\"youtube\" : null,\n\t\t\t\t\"youtubelabel\" : \"Video abspielen\",\n\t\t\t\t\"brightness\" : 100,\n\t\t\t\t\"crop\" : null,\n\t\t\t\t\"background\" : true,\n\t\t\t\t\"scale\" : 2\t\t\t\t}\n\t\t\t<\/script>\n\n\t\t\t<div class=\"height-container\" style=\"padding-bottom:60.258899676375%;\" v-if=\"sizes\">\n\t\t\t\t\t\t\t\t<lazy-media :inline=\"true\" :alt=\"alt\" :sizes=\"sizes\" :scale=\"scale\" :brightness=\"brightness\" :path=\"path\" :video=\"video\" :autoplay=\"autoplay\" :youtube=\"youtube\" :crop=\"crop\" :youtubelabel=\"youtubelabel\" :background=\"background\" media-id=\"desc_media_69f245741a27f\"><\/lazy-media>\n\t\t\t\t\t\t\t<\/div>\n\n\t\t\t\t\t\t\t<figcaption class=\"sr-only\" ref=\"body\" id=\"desc_media_69f245741a27f\">\n\t\t\t\t\t\t\t\t\t\t\t\t\t\t\t\t\t\t\t\t\t<div class=\"insignificant\">\u00a9 Stiftung Humboldt Forum im Berliner Schloss<\/div>\n\t\t\t\t\t\t\t\t\t<\/figcaption>\n\t\t\t\t\t<\/figure>\n\t<\/lazy-media-inline>\n\t\t\t\t<\/div>\n\t\t\t<\/div>\n\t\t\t<div class=\"col-xs-12 teaser-event-text Infos\">\n\t\t\t\t<div class=\"teaser-event-standard-text\">\n\t\t\t\t\t<div class=\"margin-bottom-atom\">\n\t\t\t\t\t\t<div class=\"subline clamp-1\" v-html=\"maingenre\"><\/div>\n\t\t\t\t\t\t\t\t\t\t\t<\/div>\n\t\t\t\t\n\t\t\t\t\t<strong class=\"margin-bottom-atom\">Gegen den Strom. Die Omaha, Francis La Flesche und seine Sammlung<\/strong>\n\n\t\t\t\t\t\t\t\t\t\t\t<div class=\"\">Herausgegeben von der Stiftung Humboldt Forum im Berliner Schloss<\/div>\n\t\t\t\t\t\t\t\t\t<\/div>\n\t\t\t\t<div class=\"teaser-bottom border-bottom\">\n\t\t\t\t<calendardateline :rawitem='item' :show-icon=\"true\"><\/calendardateline>\n\t\t\t\t\t<hr>\n\t\t\t\t<\/div>\n\t\t\t<\/div>\n\t\t<\/div>\n\t<\/a>\n\t<\/calendarteaser>\n<\/li>\n\n<li class=\"teaser-lane-slide col-xs-9 col-sm-4 col-md-3 teaser-wrapper col-padding-remove\">\n\t<calendarteaser key=\"7209614498\" rawitem='{&quot;postId&quot;:72096,&quot;title&quot;:&quot;Naga Land. Stimmen aus Nordostindien&quot;,&quot;excerpt&quot;:&quot;&quot;,&quot;slug&quot;:&quot;naga-land-stimmen-aus-nordostindien&quot;,&quot;post_date&quot;:&quot;2023-02-16T13:29&quot;,&quot;type&quot;:&quot;event-publication&quot;,&quot;permalink&quot;:&quot;https:\\\/\\\/www.humboldtforum.org\\\/de\\\/programm\\\/publikation\\\/publikation\\\/naga-land-stimmen-aus-nordostindien-72096\\\/&quot;,&quot;genre&quot;:[739],&quot;genre_details&quot;:[{&quot;text&quot;:&quot;Publikation&quot;,&quot;id&quot;:739,&quot;icon&quot;:null,&quot;parent&quot;:0}],&quot;stakeholder&quot;:[382],&quot;stakeholder_details&quot;:[{&quot;text&quot;:&quot;Stiftung Humboldt Forum im Berliner Schloss&quot;,&quot;id&quot;:382,&quot;icon&quot;:null,&quot;parent&quot;:0}],&quot;language&quot;:[384],&quot;language_details&quot;:[{&quot;text&quot;:&quot;Deutsch&quot;,&quot;id&quot;:384,&quot;icon&quot;:null,&quot;parent&quot;:0}],&quot;icon_overwrite&quot;:&quot;&quot;,&quot;acf&quot;:{&quot;noindex&quot;:false,&quot;keywords&quot;:&quot;&quot;,&quot;belongsto&quot;:false,&quot;shorturl&quot;:&quot;&quot;,&quot;planning&quot;:{&quot;price&quot;:&quot;22.- Euro&quot;,&quot;status&quot;:&quot;CTA&quot;,&quot;info&quot;:&quot;Buch kaufen&quot;,&quot;shop&quot;:&quot;https:\\\/\\\/shop.humboldtforum.org\\\/products\\\/buch-naga-land-stimmen-de&quot;,&quot;can_purchase&quot;:false},&quot;subline&quot;:&quot;Herausgegeben von der Stiftung Humboldt Forum im Berliner Schloss&quot;,&quot;additional_info&quot;:{&quot;icon&quot;:&quot;0&quot;,&quot;text&quot;:&quot;&quot;},&quot;highlight_header&quot;:false,&quot;use_video_in_teasers&quot;:false,&quot;hyphenation&quot;:true,&quot;tipp&quot;:false,&quot;joker&quot;:false,&quot;live&quot;:false,&quot;hide_event_in_program&quot;:false,&quot;featured_images&quot;:[72235],&quot;announcement&quot;:&quot;DE | 22,00 EUR&quot;},&quot;date&quot;:[],&quot;alert&quot;:null,&quot;partof&quot;:[],&quot;marketing_topic&quot;:&quot;&quot;}' inline-template>\n\t<a href=\"https:\/\/www.humboldtforum.org\/de\/programm\/publikation\/publikation\/naga-land-stimmen-aus-nordostindien-72096\/\" class=\"teaser teaser-event-publication teaser-event-standard\">\n\t\t<div class=\"row\">\n\t\t\t<div class=\"col-xs-12 teaser-event-image\">\n\t\t\t\t<div class=\"teaser-image teaser-image-no-alternate\">\n\t\t\t\t\t\t\t\t\t\t\t\n\t<lazy-media-inline inline-template>\n\t\t<figure itemscope itemtype=\"http:\/\/schema.org\/ImageObject\" class=\"lazy-media-inline \" role=\"group\" id=\"media_69f245741af03\" aria-labelledby=\"desc_media_69f245741af03\">\n\t\t\t<script type=\"application\/json\" ref=\"data\">\n\t\t\t\t{\n\t\t\t\t\"sizes\" : {\"medium\":{\"file\":\"nagaland2000a-300x189.jpg\",\"width\":300,\"height\":189,\"mime-type\":\"image\\\/jpeg\",\"filesize\":5061},\"large\":{\"file\":\"nagaland2000a-1024x645.jpg\",\"width\":1024,\"height\":645,\"mime-type\":\"image\\\/jpeg\",\"filesize\":36313},\"thumbnail\":{\"file\":\"nagaland2000a-150x150.jpg\",\"width\":150,\"height\":150,\"mime-type\":\"image\\\/jpeg\",\"filesize\":3557},\"medium_large\":{\"file\":\"nagaland2000a-768x483.jpg\",\"width\":768,\"height\":483,\"mime-type\":\"image\\\/jpeg\",\"filesize\":22531},\"small\":{\"file\":\"nagaland2000a-440x277.jpg\",\"width\":440,\"height\":277,\"mime-type\":\"image\\\/jpeg\",\"filesize\":9023},\"semi\":{\"file\":\"nagaland2000a-580x365.jpg\",\"width\":580,\"height\":365,\"mime-type\":\"image\\\/jpeg\",\"filesize\":14405},\"mobile\":{\"file\":\"nagaland2000a-720x453.jpg\",\"width\":720,\"height\":453,\"mime-type\":\"image\\\/jpeg\",\"filesize\":20000},\"hd\":{\"file\":\"nagaland2000a-1280x806.jpg\",\"width\":1280,\"height\":806,\"mime-type\":\"image\\\/jpeg\",\"filesize\":53357},\"1536x1536\":{\"file\":\"nagaland2000a-1536x967.jpg\",\"width\":1536,\"height\":967,\"mime-type\":\"image\\\/jpeg\",\"filesize\":72926},\"original\":{\"file\":\"nagaland2000a.jpg\",\"width\":1633,\"height\":1028}},\n\t\t\t\t\"alt\" : \"Buchcover \\\"NAGALAND\\\": Eine Person vor blauen W\\u00e4nden und wei\\u00dfen St\\u00fchlen.\",\n\t\t\t\t\"path\" : \"\\\/wp-content\\\/uploads\\\/2023\\\/02\\\/\",\n\t\t\t\t\"video\" : null,\n\t\t\t\t\"autoplay\" : null,\n\t\t\t\t\"youtube\" : null,\n\t\t\t\t\"youtubelabel\" : \"Video abspielen\",\n\t\t\t\t\"brightness\" : 100,\n\t\t\t\t\"crop\" : null,\n\t\t\t\t\"background\" : true,\n\t\t\t\t\"scale\" : 2\t\t\t\t}\n\t\t\t<\/script>\n\n\t\t\t<div class=\"height-container\" style=\"padding-bottom:62.951622780159%;\" v-if=\"sizes\">\n\t\t\t\t\t\t\t\t<lazy-media :inline=\"true\" :alt=\"alt\" :sizes=\"sizes\" :scale=\"scale\" :brightness=\"brightness\" :path=\"path\" :video=\"video\" :autoplay=\"autoplay\" :youtube=\"youtube\" :crop=\"crop\" :youtubelabel=\"youtubelabel\" :background=\"background\" media-id=\"desc_media_69f245741af03\"><\/lazy-media>\n\t\t\t\t\t\t\t<\/div>\n\n\t\t\t\t\t\t\t<figcaption class=\"sr-only\" ref=\"body\" id=\"desc_media_69f245741af03\">\n\t\t\t\t\t\t\t\t\t\t\t\t\t\t\t\t\t\t\t\t\t<div class=\"insignificant\">\u00a9 Stiftung Humboldt Forum im Berliner Schloss<\/div>\n\t\t\t\t\t\t\t\t\t<\/figcaption>\n\t\t\t\t\t<\/figure>\n\t<\/lazy-media-inline>\n\t\t\t\t<\/div>\n\t\t\t<\/div>\n\t\t\t<div class=\"col-xs-12 teaser-event-text Infos\">\n\t\t\t\t<div class=\"teaser-event-standard-text\">\n\t\t\t\t\t<div class=\"margin-bottom-atom\">\n\t\t\t\t\t\t<div class=\"subline clamp-1\" v-html=\"maingenre\"><\/div>\n\t\t\t\t\t\t\t\t\t\t\t<\/div>\n\t\t\t\t\n\t\t\t\t\t<strong class=\"margin-bottom-atom\">Naga Land. Stimmen aus Nordostindien<\/strong>\n\n\t\t\t\t\t\t\t\t\t\t\t<div class=\"\">Herausgegeben von der Stiftung Humboldt Forum im Berliner Schloss<\/div>\n\t\t\t\t\t\t\t\t\t<\/div>\n\t\t\t\t<div class=\"teaser-bottom border-bottom\">\n\t\t\t\t<calendardateline :rawitem='item' :show-icon=\"true\"><\/calendardateline>\n\t\t\t\t\t<hr>\n\t\t\t\t<\/div>\n\t\t\t<\/div>\n\t\t<\/div>\n\t<\/a>\n\t<\/calendarteaser>\n<\/li>\n\n<li class=\"teaser-lane-slide col-xs-9 col-sm-4 col-md-3 teaser-wrapper col-padding-remove\">\n\t<calendarteaser key=\"7210616772\" rawitem='{&quot;postId&quot;:72106,&quot;title&quot;:&quot;Ahnen, G\\u00f6ttinnen und Helden. Skulpturen aus Asien, Afrika und Europa&quot;,&quot;excerpt&quot;:&quot;&quot;,&quot;slug&quot;:&quot;ahnen-goettinnen-und-helden-skulpturen-aus-asien-afrika-und-europa&quot;,&quot;post_date&quot;:&quot;2023-02-16T14:14&quot;,&quot;type&quot;:&quot;event-publication&quot;,&quot;permalink&quot;:&quot;https:\\\/\\\/www.humboldtforum.org\\\/de\\\/programm\\\/publikation\\\/publikation\\\/ahnen-goettinnen-und-helden-skulpturen-aus-asien-afrika-und-europa-72106\\\/&quot;,&quot;genre&quot;:[739],&quot;genre_details&quot;:[{&quot;text&quot;:&quot;Publikation&quot;,&quot;id&quot;:739,&quot;icon&quot;:null,&quot;parent&quot;:0}],&quot;stakeholder&quot;:[382],&quot;stakeholder_details&quot;:[{&quot;text&quot;:&quot;Stiftung Humboldt Forum im Berliner Schloss&quot;,&quot;id&quot;:382,&quot;icon&quot;:null,&quot;parent&quot;:0}],&quot;language&quot;:[384],&quot;language_details&quot;:[{&quot;text&quot;:&quot;Deutsch&quot;,&quot;id&quot;:384,&quot;icon&quot;:null,&quot;parent&quot;:0}],&quot;icon_overwrite&quot;:&quot;&quot;,&quot;acf&quot;:{&quot;noindex&quot;:false,&quot;keywords&quot;:&quot;&quot;,&quot;belongsto&quot;:false,&quot;shorturl&quot;:&quot;&quot;,&quot;planning&quot;:{&quot;price&quot;:&quot;22.- Euro&quot;,&quot;status&quot;:&quot;CTA&quot;,&quot;info&quot;:&quot;Buch kaufen&quot;,&quot;shop&quot;:&quot;https:\\\/\\\/shop.humboldtforum.org\\\/products\\\/buch-ahnen-gottinnen-und-helden-de&quot;,&quot;can_purchase&quot;:false},&quot;subline&quot;:&quot;Herausgegeben von der Stiftung Humboldt Forum im Berliner Schloss&quot;,&quot;additional_info&quot;:{&quot;icon&quot;:&quot;0&quot;,&quot;text&quot;:&quot;&quot;},&quot;highlight_header&quot;:false,&quot;use_video_in_teasers&quot;:false,&quot;hyphenation&quot;:true,&quot;tipp&quot;:false,&quot;joker&quot;:false,&quot;live&quot;:false,&quot;hide_event_in_program&quot;:false,&quot;featured_images&quot;:[72292],&quot;infotext&quot;:&quot;Deutscher Kunstverlag, 2023&quot;,&quot;announcement&quot;:&quot;DE | 22,00 EUR&quot;},&quot;date&quot;:[],&quot;alert&quot;:null,&quot;partof&quot;:[],&quot;marketing_topic&quot;:&quot;&quot;}' inline-template>\n\t<a href=\"https:\/\/www.humboldtforum.org\/de\/programm\/publikation\/publikation\/ahnen-goettinnen-und-helden-skulpturen-aus-asien-afrika-und-europa-72106\/\" class=\"teaser teaser-event-publication teaser-event-standard\">\n\t\t<div class=\"row\">\n\t\t\t<div class=\"col-xs-12 teaser-event-image\">\n\t\t\t\t<div class=\"teaser-image teaser-image-no-alternate\">\n\t\t\t\t\t\t\t\t\t\t\t\n\t<lazy-media-inline inline-template>\n\t\t<figure itemscope itemtype=\"http:\/\/schema.org\/ImageObject\" class=\"lazy-media-inline \" role=\"group\" id=\"media_69f245741bbe6\" aria-labelledby=\"desc_media_69f245741bbe6\">\n\t\t\t<script type=\"application\/json\" ref=\"data\">\n\t\t\t\t{\n\t\t\t\t\"sizes\" : {\"medium\":{\"file\":\"ahninnen2000b-300x182.jpg\",\"width\":300,\"height\":182,\"mime-type\":\"image\\\/jpeg\",\"filesize\":5460},\"large\":{\"file\":\"ahninnen2000b-1024x620.jpg\",\"width\":1024,\"height\":620,\"mime-type\":\"image\\\/jpeg\",\"filesize\":40144},\"thumbnail\":{\"file\":\"ahninnen2000b-150x150.jpg\",\"width\":150,\"height\":150,\"mime-type\":\"image\\\/jpeg\",\"filesize\":3914},\"medium_large\":{\"file\":\"ahninnen2000b-768x465.jpg\",\"width\":768,\"height\":465,\"mime-type\":\"image\\\/jpeg\",\"filesize\":24727},\"small\":{\"file\":\"ahninnen2000b-440x267.jpg\",\"width\":440,\"height\":267,\"mime-type\":\"image\\\/jpeg\",\"filesize\":9548},\"semi\":{\"file\":\"ahninnen2000b-580x351.jpg\",\"width\":580,\"height\":351,\"mime-type\":\"image\\\/jpeg\",\"filesize\":15175},\"mobile\":{\"file\":\"ahninnen2000b-720x436.jpg\",\"width\":720,\"height\":436,\"mime-type\":\"image\\\/jpeg\",\"filesize\":21926},\"hd\":{\"file\":\"ahninnen2000b-1280x775.jpg\",\"width\":1280,\"height\":775,\"mime-type\":\"image\\\/jpeg\",\"filesize\":59517},\"1536x1536\":{\"file\":\"ahninnen2000b-1536x930.jpg\",\"width\":1536,\"height\":930,\"mime-type\":\"image\\\/jpeg\",\"filesize\":80739},\"original\":{\"file\":\"ahninnen2000b.jpg\",\"width\":1547,\"height\":937}},\n\t\t\t\t\"alt\" : \"Buchcover \\\"Ahnen, G\\u00f6ttinnen und Helden\\\" mit unterschiedlichen Skulpturen.\",\n\t\t\t\t\"path\" : \"\\\/wp-content\\\/uploads\\\/2023\\\/02\\\/\",\n\t\t\t\t\"video\" : null,\n\t\t\t\t\"autoplay\" : null,\n\t\t\t\t\"youtube\" : null,\n\t\t\t\t\"youtubelabel\" : \"Video abspielen\",\n\t\t\t\t\"brightness\" : 100,\n\t\t\t\t\"crop\" : null,\n\t\t\t\t\"background\" : true,\n\t\t\t\t\"scale\" : 2\t\t\t\t}\n\t\t\t<\/script>\n\n\t\t\t<div class=\"height-container\" style=\"padding-bottom:60.568842921784%;\" v-if=\"sizes\">\n\t\t\t\t\t\t\t\t<lazy-media :inline=\"true\" :alt=\"alt\" :sizes=\"sizes\" :scale=\"scale\" :brightness=\"brightness\" :path=\"path\" :video=\"video\" :autoplay=\"autoplay\" :youtube=\"youtube\" :crop=\"crop\" :youtubelabel=\"youtubelabel\" :background=\"background\" media-id=\"desc_media_69f245741bbe6\"><\/lazy-media>\n\t\t\t\t\t\t\t<\/div>\n\n\t\t\t\t\t\t\t<figcaption class=\"sr-only\" ref=\"body\" id=\"desc_media_69f245741bbe6\">\n\t\t\t\t\t\t\t\t\t\t\t\t\t\t\t\t\t\t\t\t\t<div class=\"insignificant\">\u00a9 Stiftung Humboldt Forum im Berliner Schloss<\/div>\n\t\t\t\t\t\t\t\t\t<\/figcaption>\n\t\t\t\t\t<\/figure>\n\t<\/lazy-media-inline>\n\t\t\t\t<\/div>\n\t\t\t<\/div>\n\t\t\t<div class=\"col-xs-12 teaser-event-text Infos\">\n\t\t\t\t<div class=\"teaser-event-standard-text\">\n\t\t\t\t\t<div class=\"margin-bottom-atom\">\n\t\t\t\t\t\t<div class=\"subline clamp-1\" v-html=\"maingenre\"><\/div>\n\t\t\t\t\t\t\t\t\t\t\t<\/div>\n\t\t\t\t\n\t\t\t\t\t<strong class=\"margin-bottom-atom\">Ahnen, G\u00f6ttinnen und Helden. Skulpturen aus Asien, Afrika und Europa<\/strong>\n\n\t\t\t\t\t\t\t\t\t\t\t<div class=\"\">Herausgegeben von der Stiftung Humboldt Forum im Berliner Schloss<\/div>\n\t\t\t\t\t\t\t\t\t<\/div>\n\t\t\t\t<div class=\"teaser-bottom border-bottom\">\n\t\t\t\t<calendardateline :rawitem='item' :show-icon=\"true\"><\/calendardateline>\n\t\t\t\t\t<hr>\n\t\t\t\t<\/div>\n\t\t\t<\/div>\n\t\t<\/div>\n\t<\/a>\n\t<\/calendarteaser>\n<\/li>\n\n\t\t\t\t\t\t<\/ul>\n\t\t\t\t\t<\/div>\n\t\t\t\t<\/div>\n\t\t\t<\/teaser-lane-with-buttons>\n\t\t\t\t<\/lazy-component>\n<\/section>\n\n\n\n<section class=\"block block-CTA block-CTA-long leftgradient\">\n\t<div class=\"container-fluid\">\n\t\t<div class=\"row center-xs\">\n\t\t\t<div class=\"col-xs-12\">\n\t\t\t\t<div class=\"box\">\n\t\t\t\t\t<a href=\"https:\/\/www.humboldtforum.org\/de\/programm\/digitales-angebot\/digital\/macht-beziehungen-32625\/\" aria-label=\"12 Einblicke in die postkoloniale Provenienzforschung\" class=\"teaser teaser-cta-wide \">\n\t\t\t\t\t\t<div class=\"teaser-image\">\n\t\t\t\t\t\t\t\n\t<lazy-media-inline inline-template>\n\t\t<figure itemscope itemtype=\"http:\/\/schema.org\/ImageObject\" class=\"lazy-media-inline \" role=\"group\" id=\"media_69f245741de74\" aria-labelledby=\"desc_media_69f245741de74\">\n\t\t\t<script type=\"application\/json\" ref=\"data\">\n\t\t\t\t{\n\t\t\t\t\"sizes\" : {\"medium\":{\"file\":\"SHF_eb00128406_Ethnologisches-Museum-300x193.jpg\",\"width\":300,\"height\":193,\"mime-type\":\"image\\\/jpeg\",\"filesize\":14109},\"large\":{\"file\":\"SHF_eb00128406_Ethnologisches-Museum-1024x659.jpg\",\"width\":1024,\"height\":659,\"mime-type\":\"image\\\/jpeg\",\"filesize\":91579},\"thumbnail\":{\"file\":\"SHF_eb00128406_Ethnologisches-Museum-150x150.jpg\",\"width\":150,\"height\":150,\"mime-type\":\"image\\\/jpeg\",\"filesize\":6735},\"medium_large\":{\"file\":\"SHF_eb00128406_Ethnologisches-Museum-768x494.jpg\",\"width\":768,\"height\":494,\"mime-type\":\"image\\\/jpeg\",\"filesize\":59772},\"small\":{\"file\":\"SHF_eb00128406_Ethnologisches-Museum-440x283.jpg\",\"width\":440,\"height\":283,\"mime-type\":\"image\\\/jpeg\",\"filesize\":25311},\"semi\":{\"file\":\"SHF_eb00128406_Ethnologisches-Museum-580x373.jpg\",\"width\":580,\"height\":373,\"mime-type\":\"image\\\/jpeg\",\"filesize\":39286},\"mobile\":{\"file\":\"SHF_eb00128406_Ethnologisches-Museum-720x464.jpg\",\"width\":720,\"height\":464,\"mime-type\":\"image\\\/jpeg\",\"filesize\":53658},\"original\":{\"file\":\"SHF_eb00128406_Ethnologisches-Museum.jpg\",\"width\":1280,\"height\":824}},\n\t\t\t\t\"alt\" : \"Museumsausstellung mit Vitrinen, die Kunstwerke und Artefakte zeigen, w\\u00e4hrend Besucher interaktiv mit den Exponaten umgehen.\",\n\t\t\t\t\"path\" : \"\\\/wp-content\\\/uploads\\\/2022\\\/08\\\/\",\n\t\t\t\t\"video\" : null,\n\t\t\t\t\"autoplay\" : null,\n\t\t\t\t\"youtube\" : null,\n\t\t\t\t\"youtubelabel\" : \"Video abspielen\",\n\t\t\t\t\"brightness\" : \"100\",\n\t\t\t\t\"crop\" : null,\n\t\t\t\t\"background\" : true,\n\t\t\t\t\"scale\" : 1\t\t\t\t}\n\t\t\t<\/script>\n\n\t\t\t<div class=\"height-container\" style=\"padding-bottom:64.375%;\" v-if=\"sizes\">\n\t\t\t\t\t\t\t\t<lazy-media :inline=\"true\" :alt=\"alt\" :sizes=\"sizes\" :scale=\"scale\" :brightness=\"brightness\" :path=\"path\" :video=\"video\" :autoplay=\"autoplay\" :youtube=\"youtube\" :crop=\"crop\" :youtubelabel=\"youtubelabel\" :background=\"background\" media-id=\"desc_media_69f245741de74\"><\/lazy-media>\n\t\t\t\t\t\t\t<\/div>\n\n\t\t\t\t\t\t\t<figcaption class=\"sr-only\" ref=\"body\" id=\"desc_media_69f245741de74\">\n\t\t\t\t\t\t\t\t\t\t\t\t\t\t\t\t<div>Federmantel (Hawaii, vor 1819) im Modul Kunst aus Ozeanien. Ritual und Ausdruck des Ethnologischen Museums im Humboldt Forum <\/div>\n\t\t\t\t\t\t\t\t\t\t\t\t\t\t\t\t<div class=\"insignificant\">\u00a9 Staatliche Museen zu Berlin, Ethnologisches Museum \/ Stiftung Humboldt Forum im Berliner Schloss \/ Foto: David von Becker<\/div>\n\t\t\t\t\t\t\t\t\t<\/figcaption>\n\t\t\t\t\t<\/figure>\n\t<\/lazy-media-inline>\n\t\t\t\t\t\t<\/div>\n\t\t\t\t\t\t<div class=\"teaser-content \">\n\t\t\t\t\t\t\t<div>\n\t\t\t\t\t\t\t\t<div class=\"teaser-overline subline\">macht || beziehungen<\/div>\t\t\t\t\t\t\t\t<div class=\"teaser-header\"><span class=\"h3\">12 Einblicke in die postkoloniale Provenienzforschung<\/span><\/div>\n\t\t\t\t\t\t\t\t\t\t\t\t\t\t\t\t<button tabindex=\"-1\" class=\"border\">Videos zur Provenienzforschung<\/button>\n\t\t\t\t\t\t\t<\/div>\n\t\t\t\t\t\t<\/div>\n\t\t\t\t\t<\/a>\n\t\t\t\t<\/div>\n\t\t\t<\/div>\n\t\t<\/div>\n\t<\/div>\n<\/section>\n\n\n<section class=\"block block-teaser col-lane \" style=\"\">\n\t<lazy-component :fixed-min-height=\"400\">\n\t\n\t\t\t\t\t<teaser-lane-with-buttons inline-template tracking-label=\"Tempor\u00e4re Ausstellungen\">\n\t\t\t\t<div class=\"teaser-lane-with-buttons\">\n\t\t\t\t\t<div class=\"container-fluid\">\n\t\t\t\t\t\t<div class=\"row bottom-xs\">\n\t\t\t\t\t\t\t<div class=\"col-xs-12 col-md-8\">\n\t\t\t\t\t\t\t\t\t\t\t\t\t\t\t\t\t<h4>Tempor\u00e4re Ausstellungen<\/h4>\t\t\t\t\t\t\t\t\t\t\t\t\t\t\t\t\t\t\t\t\t\t\t\t<\/div>\n\t\t\t\t\t\t\t<div class=\"col-xs-12 col-md-4 start-xs end-md margin-bottom-sixth teaser-lane-buttons-wrapper \">\n\t\t\t\t\t\t\t\t\t\t\t\t\t\t\t\t<teaser-lane-buttons :visible_prev=\"visible_prev\" :visible_next=\"visible_next\" @prev=\"prev\" @next=\"next\"><\/teaser-lane-buttons>\n\t\t\t\t\t\t\t<\/div>\n\t\t\t\t\t\t<\/div>\n\t\t\t\t\t<\/div>\n\t\t\t\t\t<div class=\"teaser-lane-wrapper\">\n\t\t\t\t\t\t<ul class=\"teaser-lane\">\n\t\t\t\t\t\t\t\t\t\t\t\t\t\t<li class=\"teaser-lane-slide col-xs-9 col-sm-4 col-md-3 teaser-wrapper col-padding-remove\">\n\t<calendarteaser key=\"465226246\" rawitem='{&quot;postId&quot;:46522,&quot;title&quot;:&quot;Ahnen, G\\u00f6ttinnen und Helden\\u00a0&quot;,&quot;excerpt&quot;:&quot;&quot;,&quot;slug&quot;:&quot;ahnen-goettinnen-und-helden&quot;,&quot;post_date&quot;:&quot;2022-07-26T13:04&quot;,&quot;type&quot;:&quot;event-permanent&quot;,&quot;permalink&quot;:&quot;https:\\\/\\\/www.humboldtforum.org\\\/de\\\/programm\\\/dauerangebot\\\/ausstellung\\\/ahnen-goettinnen-und-helden-46522\\\/&quot;,&quot;genre&quot;:[391],&quot;genre_details&quot;:[{&quot;text&quot;:&quot;Ausstellung&quot;,&quot;id&quot;:391,&quot;icon&quot;:null,&quot;parent&quot;:0}],&quot;stakeholder&quot;:[530,382],&quot;stakeholder_details&quot;:[{&quot;text&quot;:&quot;Staatliche Museen zu Berlin&quot;,&quot;id&quot;:530,&quot;icon&quot;:null,&quot;parent&quot;:0},{&quot;text&quot;:&quot;Stiftung Humboldt Forum im Berliner Schloss&quot;,&quot;id&quot;:382,&quot;icon&quot;:null,&quot;parent&quot;:0}],&quot;place&quot;:[532],&quot;place_details&quot;:{&quot;place&quot;:&quot;Humboldt Forum&quot;,&quot;map&quot;:&quot;Humboldt Forum, Schlossplatz, Berlin&quot;,&quot;room&quot;:&quot;3. OG&quot;},&quot;icon_overwrite&quot;:&quot;&quot;,&quot;acf&quot;:{&quot;noindex&quot;:false,&quot;keywords&quot;:&quot;&quot;,&quot;shorturl&quot;:&quot;&quot;,&quot;planning&quot;:{&quot;price&quot;:&quot;Eintritt frei&quot;,&quot;status&quot;:&quot;JOIN&quot;,&quot;info&quot;:&quot;Eintritt frei&quot;,&quot;shop&quot;:&quot;&quot;,&quot;can_purchase&quot;:false},&quot;use_opening_hours_of_the_house&quot;:false,&quot;display_as_single&quot;:false,&quot;subline&quot;:&quot;Skulpturen aus Asien, Afrika und Europa&quot;,&quot;additional_info&quot;:{&quot;icon&quot;:&quot;0&quot;,&quot;text&quot;:&quot;&quot;},&quot;highlight_header&quot;:false,&quot;featured_images&quot;:[46514,46520,46516],&quot;use_video_in_teasers&quot;:false,&quot;hyphenation&quot;:true,&quot;tipp&quot;:false,&quot;joker&quot;:false,&quot;live&quot;:false,&quot;hide_event_in_program&quot;:false,&quot;periods&quot;:[{&quot;label&quot;:&quot;&quot;,&quot;dates&quot;:[{&quot;start&quot;:&quot;202209150000&quot;,&quot;end&quot;:&quot;202401070000&quot;,&quot;has_end&quot;:true,&quot;start_HRFSHORT&quot;:&quot;15.09.22&quot;,&quot;start_HRFSHORT_WD&quot;:&quot;Do 15.09.2022&quot;,&quot;end_HRFSHORT&quot;:&quot;07.01.24&quot;}],&quot;monday&quot;:[{&quot;start&quot;:&quot;10:30&quot;,&quot;end&quot;:&quot;18:30&quot;,&quot;closed&quot;:false}],&quot;tuesday&quot;:[{&quot;start&quot;:null,&quot;end&quot;:null,&quot;closed&quot;:true}],&quot;wednesday&quot;:[{&quot;start&quot;:&quot;10:30&quot;,&quot;end&quot;:&quot;18:30&quot;,&quot;closed&quot;:false}],&quot;thursday&quot;:[{&quot;start&quot;:&quot;10:30&quot;,&quot;end&quot;:&quot;18:30&quot;,&quot;closed&quot;:false}],&quot;friday&quot;:[{&quot;start&quot;:&quot;10:30&quot;,&quot;end&quot;:&quot;18:30&quot;,&quot;closed&quot;:false}],&quot;saturday&quot;:[{&quot;start&quot;:&quot;10:30&quot;,&quot;end&quot;:&quot;18:30&quot;,&quot;closed&quot;:false}],&quot;sunday&quot;:[{&quot;start&quot;:&quot;10:30&quot;,&quot;end&quot;:&quot;18:30&quot;,&quot;closed&quot;:false}],&quot;info&quot;:&quot;&quot;,&quot;description&quot;:&quot;&quot;}],&quot;announcement&quot;:&quot;Bis 7.1.2024&quot;,&quot;period_exception&quot;:[]},&quot;period_list&quot;:&quot;&quot;,&quot;period_exception&quot;:&quot;&quot;,&quot;date&quot;:{&quot;infinite&quot;:false,&quot;from_DATE&quot;:202209150000,&quot;from&quot;:1663237800,&quot;from_TIME&quot;:&quot;10:30&quot;,&quot;to&quot;:1704652200,&quot;to_DATE&quot;:202401070000,&quot;to_TIME&quot;:&quot;18:30&quot;,&quot;from_HRFSHORT&quot;:&quot;15. Sep 2022&quot;,&quot;from_HRFSHORT_WD&quot;:&quot;Do 15.09.2022&quot;,&quot;from_HRF&quot;:&quot;Do, 15. September 2022&quot;,&quot;to_HRF&quot;:&quot;So,  7. Januar 2024&quot;,&quot;to_HRFSHORT&quot;:&quot; 7. Jan 2024&quot;,&quot;to_HRFSHORT_WD&quot;:&quot;So 07.01.2024&quot;,&quot;from_to_HRF&quot;:&quot;Do, 15. September 2022 \\u2013 So,  7. Januar 2024&quot;,&quot;from_to_HRFSHORT&quot;:&quot;15. Sep 2022 \\u2013  7. Jan 2024&quot;,&quot;NXX&quot;:null,&quot;NLAST&quot;:&quot;202401071830&quot;},&quot;alert&quot;:null,&quot;partof&quot;:[],&quot;marketing_topic&quot;:&quot;&quot;}' inline-template>\n\t<a href=\"https:\/\/www.humboldtforum.org\/de\/programm\/dauerangebot\/ausstellung\/ahnen-goettinnen-und-helden-46522\/\" class=\"teaser teaser-event-permanent teaser-event-standard\">\n\t\t<div class=\"row\">\n\t\t\t<div class=\"col-xs-12 teaser-event-image\">\n\t\t\t\t<div class=\"teaser-image teaser-image-no-alternate\">\n\t\t\t\t\t\t\t\t\t\t\t\n\t<lazy-media-inline inline-template>\n\t\t<figure itemscope itemtype=\"http:\/\/schema.org\/ImageObject\" class=\"lazy-media-inline \" role=\"group\" id=\"media_69f245746581a\" aria-labelledby=\"desc_media_69f245746581a\">\n\t\t\t<script type=\"application\/json\" ref=\"data\">\n\t\t\t\t{\n\t\t\t\t\"sizes\" : {\"medium\":{\"file\":\"SHF_eb00104387-218x300.jpg\",\"width\":218,\"height\":300,\"mime-type\":\"image\\\/jpeg\",\"filesize\":12108},\"large\":{\"file\":\"SHF_eb00104387-746x1024.jpg\",\"width\":746,\"height\":1024,\"mime-type\":\"image\\\/jpeg\",\"filesize\":115509},\"thumbnail\":{\"file\":\"SHF_eb00104387-150x150.jpg\",\"width\":150,\"height\":150,\"mime-type\":\"image\\\/jpeg\",\"filesize\":5550},\"medium_large\":{\"file\":\"SHF_eb00104387-768x1055.jpg\",\"width\":768,\"height\":1055,\"mime-type\":\"image\\\/jpeg\",\"filesize\":121218},\"small\":{\"file\":\"SHF_eb00104387-320x440.jpg\",\"width\":320,\"height\":440,\"mime-type\":\"image\\\/jpeg\",\"filesize\":24332},\"semi\":{\"file\":\"SHF_eb00104387-422x580.jpg\",\"width\":422,\"height\":580,\"mime-type\":\"image\\\/jpeg\",\"filesize\":41112},\"mobile\":{\"file\":\"SHF_eb00104387-524x720.jpg\",\"width\":524,\"height\":720,\"mime-type\":\"image\\\/jpeg\",\"filesize\":61078},\"original\":{\"file\":\"SHF_eb00104387.jpg\",\"width\":932,\"height\":1280}},\n\t\t\t\t\"alt\" : \"Ein kunstvoller, vergoldeter Pfau mit ausgebreiteten Federn auf einem stilvollen Sockel.\",\n\t\t\t\t\"path\" : \"\\\/wp-content\\\/uploads\\\/2022\\\/07\\\/\",\n\t\t\t\t\"video\" : null,\n\t\t\t\t\"autoplay\" : null,\n\t\t\t\t\"youtube\" : null,\n\t\t\t\t\"youtubelabel\" : \"Video abspielen\",\n\t\t\t\t\"brightness\" : 100,\n\t\t\t\t\"crop\" : {\"top\":\"48.27\",\"left\":\"51.07\"},\n\t\t\t\t\"background\" : true,\n\t\t\t\t\"scale\" : 2\t\t\t\t}\n\t\t\t<\/script>\n\n\t\t\t<div class=\"height-container\" style=\"padding-bottom:137.33905579399%;\" v-if=\"sizes\">\n\t\t\t\t\t\t\t\t<lazy-media :inline=\"true\" :alt=\"alt\" :sizes=\"sizes\" :scale=\"scale\" :brightness=\"brightness\" :path=\"path\" :video=\"video\" :autoplay=\"autoplay\" :youtube=\"youtube\" :crop=\"crop\" :youtubelabel=\"youtubelabel\" :background=\"background\" media-id=\"desc_media_69f245746581a\"><\/lazy-media>\n\t\t\t\t\t\t\t<\/div>\n\n\t\t\t\t\t\t\t<figcaption class=\"sr-only\" ref=\"body\" id=\"desc_media_69f245746581a\">\n\t\t\t\t\t\t\t\t\t\t\t<div>Mahamayuri Vidyarajni<\/div>\n\t\t\t\t\t\t\t\t\t\t\t\t\t\t\t\t<div>Kaiserliche Werkstatt, Peking (China), Inschrift datiert in die Ming-Xuande-Periode (1426&ndash;35), feuervergoldete Bronze, Pfauenfedern\nStaatliche Museen zu Berlin, Ethnologisches Museum, Inv.-Nr. I D 31831 <\/div>\n\t\t\t\t\t\t\t\t\t\t\t\t\t\t\t\t<div class=\"insignificant\">\u00a9 Copyright: bpk \/ Ethnologisches Museum, SMB \/ Waltraut Schneider-Sch\u00fctz<\/div>\n\t\t\t\t\t\t\t\t\t<\/figcaption>\n\t\t\t\t\t<\/figure>\n\t<\/lazy-media-inline>\n\t\t\t\t<\/div>\n\t\t\t<\/div>\n\t\t\t<div class=\"col-xs-12 teaser-event-text Infos\">\n\t\t\t\t<div class=\"teaser-event-standard-text\">\n\t\t\t\t\t<div class=\"margin-bottom-atom\">\n\t\t\t\t\t\t<div class=\"subline clamp-1\" v-html=\"maingenre\"><\/div>\n\t\t\t\t\t\t\t\t\t\t\t<\/div>\n\t\t\t\t\n\t\t\t\t\t<strong class=\"margin-bottom-atom\">Ahnen, G\u00f6ttinnen und Helden\u00a0<\/strong>\n\n\t\t\t\t\t\t\t\t\t\t\t<div class=\"\">Skulpturen aus Asien, Afrika und Europa<\/div>\n\t\t\t\t\t\t\t\t\t<\/div>\n\t\t\t\t<div class=\"teaser-bottom border-bottom\">\n\t\t\t\t<calendardateline :rawitem='item' :show-icon=\"true\"><\/calendardateline>\n\t\t\t\t\t<hr>\n\t\t\t\t<\/div>\n\t\t\t<\/div>\n\t\t<\/div>\n\t<\/a>\n\t<\/calendarteaser>\n<\/li>\n\n<li class=\"teaser-lane-slide col-xs-9 col-sm-4 col-md-3 teaser-wrapper col-padding-remove\">\n\t<calendarteaser key=\"4670912779\" rawitem='{&quot;postId&quot;:46709,&quot;title&quot;:&quot;Leerstellen.Ausstellen.&quot;,&quot;excerpt&quot;:&quot;&quot;,&quot;slug&quot;:&quot;leerstellen-ausstellen&quot;,&quot;post_date&quot;:&quot;2022-07-29T14:22&quot;,&quot;type&quot;:&quot;event-permanent&quot;,&quot;permalink&quot;:&quot;https:\\\/\\\/www.humboldtforum.org\\\/de\\\/programm\\\/dauerangebot\\\/ausstellung\\\/leerstellen-ausstellen-46709\\\/&quot;,&quot;genre&quot;:[391],&quot;genre_details&quot;:[{&quot;text&quot;:&quot;Ausstellung&quot;,&quot;id&quot;:391,&quot;icon&quot;:null,&quot;parent&quot;:0}],&quot;topic&quot;:[782],&quot;topic_details&quot;:[{&quot;text&quot;:&quot;Kolonialismus und Kolonialit\\u00e4t&quot;,&quot;id&quot;:782,&quot;icon&quot;:null,&quot;parent&quot;:0}],&quot;stakeholder&quot;:[530,382],&quot;stakeholder_details&quot;:[{&quot;text&quot;:&quot;Staatliche Museen zu Berlin&quot;,&quot;id&quot;:530,&quot;icon&quot;:null,&quot;parent&quot;:0},{&quot;text&quot;:&quot;Stiftung Humboldt Forum im Berliner Schloss&quot;,&quot;id&quot;:382,&quot;icon&quot;:null,&quot;parent&quot;:0}],&quot;targetgroup&quot;:[383,455],&quot;targetgroup_details&quot;:[{&quot;text&quot;:&quot;Erwachsene&quot;,&quot;id&quot;:383,&quot;icon&quot;:null,&quot;parent&quot;:0},{&quot;text&quot;:&quot;Jugendliche&quot;,&quot;id&quot;:455,&quot;icon&quot;:null,&quot;parent&quot;:0}],&quot;language&quot;:[384,385,1946],&quot;language_details&quot;:[{&quot;text&quot;:&quot;Deutsch&quot;,&quot;id&quot;:384,&quot;icon&quot;:null,&quot;parent&quot;:0},{&quot;text&quot;:&quot;Englisch&quot;,&quot;id&quot;:385,&quot;icon&quot;:null,&quot;parent&quot;:0},{&quot;text&quot;:&quot;Swahili&quot;,&quot;id&quot;:1946,&quot;icon&quot;:null,&quot;parent&quot;:0}],&quot;place&quot;:[531],&quot;place_details&quot;:{&quot;place&quot;:&quot;Humboldt Forum&quot;,&quot;map&quot;:&quot;Humboldt Forum, Schlossplatz, Berlin&quot;,&quot;room&quot;:&quot;2. OG&quot;},&quot;icon_overwrite&quot;:&quot;&quot;,&quot;acf&quot;:{&quot;noindex&quot;:false,&quot;keywords&quot;:&quot;&quot;,&quot;shorturl&quot;:&quot;&quot;,&quot;planning&quot;:{&quot;price&quot;:&quot;Eintritt frei&quot;,&quot;status&quot;:&quot;JOIN&quot;,&quot;info&quot;:&quot;Eintritt frei&quot;,&quot;shop&quot;:&quot;&quot;,&quot;can_purchase&quot;:false},&quot;use_opening_hours_of_the_house&quot;:true,&quot;display_as_single&quot;:false,&quot;subline&quot;:&quot;Objekte aus Tansania und das koloniale Archiv&quot;,&quot;additional_info&quot;:{&quot;icon&quot;:&quot;0&quot;,&quot;text&quot;:&quot;&quot;},&quot;highlight_header&quot;:false,&quot;featured_images&quot;:[55602],&quot;use_video_in_teasers&quot;:false,&quot;hyphenation&quot;:true,&quot;tipp&quot;:false,&quot;joker&quot;:false,&quot;live&quot;:false,&quot;hide_event_in_program&quot;:false,&quot;periods&quot;:[{&quot;label&quot;:&quot;&quot;,&quot;dates&quot;:[{&quot;start&quot;:&quot;202301020000&quot;,&quot;end&quot;:&quot;202212310000&quot;,&quot;has_end&quot;:false,&quot;start_HRFSHORT&quot;:&quot;02.01.23&quot;,&quot;start_HRFSHORT_WD&quot;:&quot;Mo 02.01.2023&quot;}],&quot;monday&quot;:[{&quot;start&quot;:&quot;10:30&quot;,&quot;end&quot;:&quot;18:30&quot;,&quot;closed&quot;:false}],&quot;tuesday&quot;:[{&quot;start&quot;:null,&quot;end&quot;:null,&quot;closed&quot;:true}],&quot;wednesday&quot;:[{&quot;start&quot;:&quot;10:30&quot;,&quot;end&quot;:&quot;18:30&quot;,&quot;closed&quot;:false}],&quot;thursday&quot;:[{&quot;start&quot;:&quot;10:30&quot;,&quot;end&quot;:&quot;18:30&quot;,&quot;closed&quot;:false}],&quot;friday&quot;:[{&quot;start&quot;:&quot;10:30&quot;,&quot;end&quot;:&quot;18:30&quot;,&quot;closed&quot;:false}],&quot;saturday&quot;:[{&quot;start&quot;:&quot;10:30&quot;,&quot;end&quot;:&quot;18:30&quot;,&quot;closed&quot;:false}],&quot;sunday&quot;:[{&quot;start&quot;:&quot;10:30&quot;,&quot;end&quot;:&quot;18:30&quot;,&quot;closed&quot;:false}],&quot;info&quot;:&quot;&quot;,&quot;description&quot;:&quot;&quot;}],&quot;highlight_header_image&quot;:46707,&quot;has_mobile_format&quot;:false,&quot;overwrite_date&quot;:&quot;15.09.2022 bis 16.06.2024&quot;,&quot;events&quot;:{&quot;1&quot;:129534},&quot;period_exception&quot;:[{&quot;label&quot;:&quot;&quot;,&quot;date&quot;:&quot;202512240000&quot;,&quot;closed&quot;:true,&quot;start&quot;:null,&quot;end&quot;:null,&quot;date_HRFSHORT&quot;:&quot;24.12.25&quot;},{&quot;label&quot;:&quot;&quot;,&quot;date&quot;:&quot;202512250000&quot;,&quot;closed&quot;:false,&quot;start&quot;:&quot;12:00&quot;,&quot;end&quot;:&quot;18:00&quot;,&quot;date_HRFSHORT&quot;:&quot;25.12.25&quot;},{&quot;label&quot;:&quot;&quot;,&quot;date&quot;:&quot;202512260000&quot;,&quot;closed&quot;:false,&quot;start&quot;:&quot;12:00&quot;,&quot;end&quot;:&quot;18:00&quot;,&quot;date_HRFSHORT&quot;:&quot;26.12.25&quot;},{&quot;label&quot;:&quot;&quot;,&quot;date&quot;:&quot;202512300000&quot;,&quot;closed&quot;:false,&quot;start&quot;:&quot;10:30&quot;,&quot;end&quot;:&quot;18:30&quot;,&quot;date_HRFSHORT&quot;:&quot;30.12.25&quot;},{&quot;label&quot;:&quot;&quot;,&quot;date&quot;:&quot;202512310000&quot;,&quot;closed&quot;:false,&quot;start&quot;:&quot;10:30&quot;,&quot;end&quot;:&quot;16:30&quot;,&quot;date_HRFSHORT&quot;:&quot;31.12.25&quot;},{&quot;label&quot;:&quot;&quot;,&quot;date&quot;:&quot;202601010000&quot;,&quot;closed&quot;:false,&quot;start&quot;:&quot;12:00&quot;,&quot;end&quot;:&quot;18:00&quot;,&quot;date_HRFSHORT&quot;:&quot;01.01.26&quot;}]},&quot;period_list&quot;:&quot;&lt;strong&gt;\\u00d6ffnungszeiten&lt;\\\/strong&gt;\\nMo, Mi, Do, Fr, Sa, So: 10:30 \\u2013 18:30 Uhr\\nDi: geschlossen\\n\\n&quot;,&quot;period_exception&quot;:&quot;&quot;,&quot;date&quot;:{&quot;infinite&quot;:true,&quot;from_DATE&quot;:202301020000,&quot;from&quot;:1672655400,&quot;from_TIME&quot;:&quot;10:30&quot;,&quot;to&quot;:1809087720,&quot;to_DATE&quot;:202704291752,&quot;to_TIME&quot;:&quot;18:30&quot;,&quot;from_HRFSHORT&quot;:&quot; 2. Jan 2023&quot;,&quot;from_HRFSHORT_WD&quot;:&quot;Mo 02.01.2023&quot;,&quot;from_HRF&quot;:&quot;Mo,  2. Januar 2023&quot;,&quot;to_HRF&quot;:&quot;Fr, 30. April 2027&quot;,&quot;to_HRFSHORT&quot;:&quot;30. Apr 2027&quot;,&quot;to_HRFSHORT_WD&quot;:&quot;Fr 30.04.2027&quot;,&quot;from_to_HRF&quot;:&quot;Mo,  2. Januar 2023 \\u2013 Fr, 30. April 2027&quot;,&quot;from_to_HRFSHORT&quot;:&quot; 2. Jan 2023 \\u2013 30. Apr 2027&quot;,&quot;NXX&quot;:&quot;202604291752&quot;,&quot;NLAST&quot;:&quot;202704301222&quot;,&quot;NX&quot;:&quot;20260429&quot;},&quot;alert&quot;:null,&quot;partof&quot;:[],&quot;marketing_topic&quot;:&quot;&quot;}' inline-template>\n\t<a href=\"https:\/\/www.humboldtforum.org\/de\/programm\/dauerangebot\/ausstellung\/leerstellen-ausstellen-46709\/\" class=\"teaser teaser-event-permanent teaser-event-standard\">\n\t\t<div class=\"row\">\n\t\t\t<div class=\"col-xs-12 teaser-event-image\">\n\t\t\t\t<div class=\"teaser-image teaser-image-no-alternate\">\n\t\t\t\t\t\t\t\t\t\t\t\n\t<lazy-media-inline inline-template>\n\t\t<figure itemscope itemtype=\"http:\/\/schema.org\/ImageObject\" class=\"lazy-media-inline \" role=\"group\" id=\"media_69f2457466770\" aria-labelledby=\"desc_media_69f2457466770\">\n\t\t\t<script type=\"application\/json\" ref=\"data\">\n\t\t\t\t{\n\t\t\t\t\"sizes\" : {\"medium\":{\"file\":\"SHF_eb00154726-300x225.jpg\",\"width\":300,\"height\":225,\"mime-type\":\"image\\\/jpeg\",\"filesize\":15623},\"large\":{\"file\":\"SHF_eb00154726-1024x768.jpg\",\"width\":1024,\"height\":768,\"mime-type\":\"image\\\/jpeg\",\"filesize\":102324},\"thumbnail\":{\"file\":\"SHF_eb00154726-150x150.jpg\",\"width\":150,\"height\":150,\"mime-type\":\"image\\\/jpeg\",\"filesize\":6907},\"medium_large\":{\"file\":\"SHF_eb00154726-768x576.jpg\",\"width\":768,\"height\":576,\"mime-type\":\"image\\\/jpeg\",\"filesize\":67521},\"small\":{\"file\":\"SHF_eb00154726-440x330.jpg\",\"width\":440,\"height\":330,\"mime-type\":\"image\\\/jpeg\",\"filesize\":28501},\"semi\":{\"file\":\"SHF_eb00154726-580x435.jpg\",\"width\":580,\"height\":435,\"mime-type\":\"image\\\/jpeg\",\"filesize\":43445},\"mobile\":{\"file\":\"SHF_eb00154726-720x540.jpg\",\"width\":720,\"height\":540,\"mime-type\":\"image\\\/jpeg\",\"filesize\":60864},\"original\":{\"file\":\"SHF_eb00154726.jpg\",\"width\":1280,\"height\":960}},\n\t\t\t\t\"alt\" : \"Moderne Ausstellung mit Holzrahmen und Vitrinen, die kreative Objekte und Informationen zeigen.\",\n\t\t\t\t\"path\" : \"\\\/wp-content\\\/uploads\\\/2022\\\/10\\\/\",\n\t\t\t\t\"video\" : null,\n\t\t\t\t\"autoplay\" : null,\n\t\t\t\t\"youtube\" : null,\n\t\t\t\t\"youtubelabel\" : \"Video abspielen\",\n\t\t\t\t\"brightness\" : 100,\n\t\t\t\t\"crop\" : null,\n\t\t\t\t\"background\" : true,\n\t\t\t\t\"scale\" : 2\t\t\t\t}\n\t\t\t<\/script>\n\n\t\t\t<div class=\"height-container\" style=\"padding-bottom:75%;\" v-if=\"sizes\">\n\t\t\t\t\t\t\t\t<lazy-media :inline=\"true\" :alt=\"alt\" :sizes=\"sizes\" :scale=\"scale\" :brightness=\"brightness\" :path=\"path\" :video=\"video\" :autoplay=\"autoplay\" :youtube=\"youtube\" :crop=\"crop\" :youtubelabel=\"youtubelabel\" :background=\"background\" media-id=\"desc_media_69f2457466770\"><\/lazy-media>\n\t\t\t\t\t\t\t<\/div>\n\n\t\t\t\t\t\t\t<figcaption class=\"sr-only\" ref=\"body\" id=\"desc_media_69f2457466770\">\n\t\t\t\t\t\t\t\t\t\t\t<div>Leerstellen.Ausstellen<\/div>\n\t\t\t\t\t\t\t\t\t\t\t\t\t\t\t\t<div>Leere Vitrinen? Zum Umgang mit Objekten aus Tansania <\/div>\n\t\t\t\t\t\t\t\t\t\t\t\t\t\t\t\t<div class=\"insignificant\">\u00a9 Humboldt Forum im Berliner Schloss\/ Foto: Alexander Schippel<\/div>\n\t\t\t\t\t\t\t\t\t<\/figcaption>\n\t\t\t\t\t<\/figure>\n\t<\/lazy-media-inline>\n\t\t\t\t<\/div>\n\t\t\t<\/div>\n\t\t\t<div class=\"col-xs-12 teaser-event-text Infos\">\n\t\t\t\t<div class=\"teaser-event-standard-text\">\n\t\t\t\t\t<div class=\"margin-bottom-atom\">\n\t\t\t\t\t\t<div class=\"subline clamp-1\" v-html=\"maingenre\"><\/div>\n\t\t\t\t\t\t\t\t\t\t\t<\/div>\n\t\t\t\t\n\t\t\t\t\t<strong class=\"margin-bottom-atom\">Leerstellen.Ausstellen.<\/strong>\n\n\t\t\t\t\t\t\t\t\t\t\t<div class=\"\">Objekte aus Tansania und das koloniale Archiv<\/div>\n\t\t\t\t\t\t\t\t\t<\/div>\n\t\t\t\t<div class=\"teaser-bottom border-bottom\">\n\t\t\t\t<calendardateline :rawitem='item' :show-icon=\"true\"><\/calendardateline>\n\t\t\t\t\t<hr>\n\t\t\t\t<\/div>\n\t\t\t<\/div>\n\t\t<\/div>\n\t<\/a>\n\t<\/calendarteaser>\n<\/li>\n\n<li class=\"teaser-lane-slide col-xs-9 col-sm-4 col-md-3 teaser-wrapper col-padding-remove\">\n\t<calendarteaser key=\"464627922\" rawitem='{&quot;postId&quot;:46462,&quot;title&quot;:&quot;Gegen den Strom&quot;,&quot;excerpt&quot;:&quot;&quot;,&quot;slug&quot;:&quot;gegen-den-strom&quot;,&quot;post_date&quot;:&quot;2022-07-26T10:27&quot;,&quot;type&quot;:&quot;event-permanent&quot;,&quot;permalink&quot;:&quot;https:\\\/\\\/www.humboldtforum.org\\\/de\\\/programm\\\/dauerangebot\\\/ausstellung\\\/gegen-den-strom-46462\\\/&quot;,&quot;genre&quot;:[391],&quot;genre_details&quot;:[{&quot;text&quot;:&quot;Ausstellung&quot;,&quot;id&quot;:391,&quot;icon&quot;:null,&quot;parent&quot;:0}],&quot;topic&quot;:[782],&quot;topic_details&quot;:[{&quot;text&quot;:&quot;Kolonialismus und Kolonialit\\u00e4t&quot;,&quot;id&quot;:782,&quot;icon&quot;:null,&quot;parent&quot;:0}],&quot;stakeholder&quot;:[530,382],&quot;stakeholder_details&quot;:[{&quot;text&quot;:&quot;Staatliche Museen zu Berlin&quot;,&quot;id&quot;:530,&quot;icon&quot;:null,&quot;parent&quot;:0},{&quot;text&quot;:&quot;Stiftung Humboldt Forum im Berliner Schloss&quot;,&quot;id&quot;:382,&quot;icon&quot;:null,&quot;parent&quot;:0}],&quot;targetgroup&quot;:[383],&quot;targetgroup_details&quot;:[{&quot;text&quot;:&quot;Erwachsene&quot;,&quot;id&quot;:383,&quot;icon&quot;:null,&quot;parent&quot;:0}],&quot;language&quot;:[384,385],&quot;language_details&quot;:[{&quot;text&quot;:&quot;Deutsch&quot;,&quot;id&quot;:384,&quot;icon&quot;:null,&quot;parent&quot;:0},{&quot;text&quot;:&quot;Englisch&quot;,&quot;id&quot;:385,&quot;icon&quot;:null,&quot;parent&quot;:0}],&quot;place&quot;:[531,1890],&quot;place_details&quot;:{&quot;place&quot;:&quot;Humboldt Forum&quot;,&quot;map&quot;:&quot;Humboldt Forum, Schlossplatz, Berlin&quot;,&quot;room&quot;:&quot;2. OG, Raum 203&quot;},&quot;icon_overwrite&quot;:&quot;&quot;,&quot;acf&quot;:{&quot;noindex&quot;:false,&quot;keywords&quot;:&quot;&quot;,&quot;shorturl&quot;:&quot;&quot;,&quot;planning&quot;:{&quot;price&quot;:&quot;Eintritt frei&quot;,&quot;status&quot;:&quot;JOIN&quot;,&quot;info&quot;:&quot;Eintritt frei&quot;,&quot;shop&quot;:&quot;&quot;,&quot;can_purchase&quot;:false},&quot;use_opening_hours_of_the_house&quot;:false,&quot;display_as_single&quot;:false,&quot;subline&quot;:&quot;Die Omaha, Francis La Flesche und seine Sammlung&quot;,&quot;additional_info&quot;:{&quot;icon&quot;:&quot;icon-uhr&quot;,&quot;text&quot;:&quot;bis 23.06.2025&quot;},&quot;highlight_header&quot;:false,&quot;featured_images&quot;:[53155,46460],&quot;use_video_in_teasers&quot;:false,&quot;hyphenation&quot;:true,&quot;tipp&quot;:false,&quot;joker&quot;:false,&quot;live&quot;:false,&quot;hide_event_in_program&quot;:false,&quot;periods&quot;:[{&quot;label&quot;:&quot;&quot;,&quot;dates&quot;:[{&quot;start&quot;:&quot;202209171000&quot;,&quot;end&quot;:&quot;202506230000&quot;,&quot;has_end&quot;:true,&quot;start_HRFSHORT&quot;:&quot;17.09.22&quot;,&quot;start_HRFSHORT_WD&quot;:&quot;Sa 17.09.2022&quot;,&quot;end_HRFSHORT&quot;:&quot;23.06.25&quot;}],&quot;monday&quot;:[{&quot;start&quot;:&quot;10:30&quot;,&quot;end&quot;:&quot;18:30&quot;,&quot;closed&quot;:false}],&quot;tuesday&quot;:[{&quot;start&quot;:null,&quot;end&quot;:null,&quot;closed&quot;:true}],&quot;wednesday&quot;:[{&quot;start&quot;:&quot;10:30&quot;,&quot;end&quot;:&quot;18:30&quot;,&quot;closed&quot;:false}],&quot;thursday&quot;:[{&quot;start&quot;:&quot;10:30&quot;,&quot;end&quot;:&quot;18:30&quot;,&quot;closed&quot;:false}],&quot;friday&quot;:[{&quot;start&quot;:&quot;10:30&quot;,&quot;end&quot;:&quot;18:30&quot;,&quot;closed&quot;:false}],&quot;saturday&quot;:[{&quot;start&quot;:&quot;10:30&quot;,&quot;end&quot;:&quot;18:30&quot;,&quot;closed&quot;:false}],&quot;sunday&quot;:[{&quot;start&quot;:&quot;10:30&quot;,&quot;end&quot;:&quot;18:30&quot;,&quot;closed&quot;:false}],&quot;info&quot;:&quot;&quot;,&quot;description&quot;:&quot;&quot;}],&quot;events&quot;:[46610],&quot;announcement&quot;:&quot;bis 23.06.2025&quot;,&quot;period_exception&quot;:[]},&quot;period_list&quot;:&quot;&quot;,&quot;period_exception&quot;:&quot;&quot;,&quot;date&quot;:{&quot;infinite&quot;:false,&quot;from_DATE&quot;:202209171000,&quot;from&quot;:1663446600,&quot;from_TIME&quot;:&quot;10:30&quot;,&quot;to&quot;:1750703400,&quot;to_DATE&quot;:202506230000,&quot;to_TIME&quot;:&quot;18:30&quot;,&quot;from_HRFSHORT&quot;:&quot;17. Sep 2022&quot;,&quot;from_HRFSHORT_WD&quot;:&quot;Sa 17.09.2022&quot;,&quot;from_HRF&quot;:&quot;Sa, 17. September 2022&quot;,&quot;to_HRF&quot;:&quot;Mo, 23. Juni 2025&quot;,&quot;to_HRFSHORT&quot;:&quot;23. Jun 2025&quot;,&quot;to_HRFSHORT_WD&quot;:&quot;Mo 23.06.2025&quot;,&quot;from_to_HRF&quot;:&quot;Sa, 17. September 2022 \\u2013 Mo, 23. Juni 2025&quot;,&quot;from_to_HRFSHORT&quot;:&quot;17. Sep 2022 \\u2013 23. Jun 2025&quot;,&quot;NXX&quot;:null,&quot;NLAST&quot;:&quot;202506231830&quot;},&quot;alert&quot;:null,&quot;partof&quot;:[],&quot;marketing_topic&quot;:&quot;&quot;}' inline-template>\n\t<a href=\"https:\/\/www.humboldtforum.org\/de\/programm\/dauerangebot\/ausstellung\/gegen-den-strom-46462\/\" class=\"teaser teaser-event-permanent teaser-event-standard\">\n\t\t<div class=\"row\">\n\t\t\t<div class=\"col-xs-12 teaser-event-image\">\n\t\t\t\t<div class=\"teaser-image teaser-image-no-alternate\">\n\t\t\t\t\t\t\t\t\t\t\t\n\t<lazy-media-inline inline-template>\n\t\t<figure itemscope itemtype=\"http:\/\/schema.org\/ImageObject\" class=\"lazy-media-inline \" role=\"group\" id=\"media_69f2457467679\" aria-labelledby=\"desc_media_69f2457467679\">\n\t\t\t<script type=\"application\/json\" ref=\"data\">\n\t\t\t\t{\n\t\t\t\t\"sizes\" : {\"medium\":{\"file\":\"SHF_eb00154344-300x225.jpg\",\"width\":300,\"height\":225,\"mime-type\":\"image\\\/jpeg\",\"filesize\":21604},\"large\":{\"file\":\"SHF_eb00154344-1024x769.jpg\",\"width\":1024,\"height\":769,\"mime-type\":\"image\\\/jpeg\",\"filesize\":152791},\"thumbnail\":{\"file\":\"SHF_eb00154344-150x150.jpg\",\"width\":150,\"height\":150,\"mime-type\":\"image\\\/jpeg\",\"filesize\":8830},\"medium_large\":{\"file\":\"SHF_eb00154344-768x577.jpg\",\"width\":768,\"height\":577,\"mime-type\":\"image\\\/jpeg\",\"filesize\":98528},\"small\":{\"file\":\"SHF_eb00154344-440x330.jpg\",\"width\":440,\"height\":330,\"mime-type\":\"image\\\/jpeg\",\"filesize\":40370},\"semi\":{\"file\":\"SHF_eb00154344-580x435.jpg\",\"width\":580,\"height\":435,\"mime-type\":\"image\\\/jpeg\",\"filesize\":63517},\"mobile\":{\"file\":\"SHF_eb00154344-720x541.jpg\",\"width\":720,\"height\":541,\"mime-type\":\"image\\\/jpeg\",\"filesize\":88145},\"original\":{\"file\":\"SHF_eb00154344.jpg\",\"width\":1280,\"height\":961}},\n\t\t\t\t\"alt\" : \"Ausstellung traditioneller indianischer Kleidung und Artefakte in einer Vitrine.\",\n\t\t\t\t\"path\" : \"\\\/wp-content\\\/uploads\\\/2022\\\/09\\\/\",\n\t\t\t\t\"video\" : null,\n\t\t\t\t\"autoplay\" : null,\n\t\t\t\t\"youtube\" : null,\n\t\t\t\t\"youtubelabel\" : \"Video abspielen\",\n\t\t\t\t\"brightness\" : 100,\n\t\t\t\t\"crop\" : null,\n\t\t\t\t\"background\" : true,\n\t\t\t\t\"scale\" : 2\t\t\t\t}\n\t\t\t<\/script>\n\n\t\t\t<div class=\"height-container\" style=\"padding-bottom:75.078125%;\" v-if=\"sizes\">\n\t\t\t\t\t\t\t\t<lazy-media :inline=\"true\" :alt=\"alt\" :sizes=\"sizes\" :scale=\"scale\" :brightness=\"brightness\" :path=\"path\" :video=\"video\" :autoplay=\"autoplay\" :youtube=\"youtube\" :crop=\"crop\" :youtubelabel=\"youtubelabel\" :background=\"background\" media-id=\"desc_media_69f2457467679\"><\/lazy-media>\n\t\t\t\t\t\t\t<\/div>\n\n\t\t\t\t\t\t\t<figcaption class=\"sr-only\" ref=\"body\" id=\"desc_media_69f2457467679\">\n\t\t\t\t\t\t\t\t\t\t\t<div>Ansicht der tempor&auml;ren Ausstellung &quot;Gegen den Strom. Die Omaha, Francis La Flesche und seine Sammlung&quot; im Humboldt Forum<\/div>\n\t\t\t\t\t\t\t\t\t\t\t\t\t\t\t\t\t\t\t\t\t<div class=\"insignificant\">\u00a9 Staatliche Museen zu Berlin, Ethnologisches Museum \/ Stiftung Humboldt Forum im Berliner Schloss, Foto: Alexander Schippel<\/div>\n\t\t\t\t\t\t\t\t\t<\/figcaption>\n\t\t\t\t\t<\/figure>\n\t<\/lazy-media-inline>\n\t\t\t\t<\/div>\n\t\t\t<\/div>\n\t\t\t<div class=\"col-xs-12 teaser-event-text Infos\">\n\t\t\t\t<div class=\"teaser-event-standard-text\">\n\t\t\t\t\t<div class=\"margin-bottom-atom\">\n\t\t\t\t\t\t<div class=\"subline clamp-1\" v-html=\"maingenre\"><\/div>\n\t\t\t\t\t\t\t\t\t\t\t<\/div>\n\t\t\t\t\n\t\t\t\t\t<strong class=\"margin-bottom-atom\">Gegen den Strom<\/strong>\n\n\t\t\t\t\t\t\t\t\t\t\t<div class=\"\">Die Omaha, Francis La Flesche und seine Sammlung<\/div>\n\t\t\t\t\t\t\t\t\t<\/div>\n\t\t\t\t<div class=\"teaser-bottom border-bottom\">\n\t\t\t\t<calendardateline :rawitem='item' :show-icon=\"true\"><\/calendardateline>\n\t\t\t\t\t<hr>\n\t\t\t\t<\/div>\n\t\t\t<\/div>\n\t\t<\/div>\n\t<\/a>\n\t<\/calendarteaser>\n<\/li>\n\n<li class=\"teaser-lane-slide col-xs-9 col-sm-4 col-md-3 teaser-wrapper col-padding-remove\">\n\t<calendarteaser key=\"4644716295\" rawitem='{&quot;postId&quot;:46447,&quot;title&quot;:&quot;Naga Land&quot;,&quot;excerpt&quot;:&quot;&quot;,&quot;slug&quot;:&quot;naga-land&quot;,&quot;post_date&quot;:&quot;2022-07-26T09:13&quot;,&quot;type&quot;:&quot;event-permanent&quot;,&quot;permalink&quot;:&quot;https:\\\/\\\/www.humboldtforum.org\\\/de\\\/programm\\\/dauerangebot\\\/ausstellung\\\/naga-land-46447\\\/&quot;,&quot;genre&quot;:[391],&quot;genre_details&quot;:[{&quot;text&quot;:&quot;Ausstellung&quot;,&quot;id&quot;:391,&quot;icon&quot;:null,&quot;parent&quot;:0}],&quot;topic&quot;:[782],&quot;topic_details&quot;:[{&quot;text&quot;:&quot;Kolonialismus und Kolonialit\\u00e4t&quot;,&quot;id&quot;:782,&quot;icon&quot;:null,&quot;parent&quot;:0}],&quot;stakeholder&quot;:[530,382],&quot;stakeholder_details&quot;:[{&quot;text&quot;:&quot;Staatliche Museen zu Berlin&quot;,&quot;id&quot;:530,&quot;icon&quot;:null,&quot;parent&quot;:0},{&quot;text&quot;:&quot;Stiftung Humboldt Forum im Berliner Schloss&quot;,&quot;id&quot;:382,&quot;icon&quot;:null,&quot;parent&quot;:0}],&quot;targetgroup&quot;:[383],&quot;targetgroup_details&quot;:[{&quot;text&quot;:&quot;Erwachsene&quot;,&quot;id&quot;:383,&quot;icon&quot;:null,&quot;parent&quot;:0}],&quot;icon_overwrite&quot;:&quot;&quot;,&quot;acf&quot;:{&quot;noindex&quot;:false,&quot;keywords&quot;:&quot;&quot;,&quot;shorturl&quot;:&quot;&quot;,&quot;planning&quot;:{&quot;price&quot;:&quot;&quot;,&quot;status&quot;:&quot;BUY&quot;,&quot;info&quot;:&quot;Zutritt mit Ticket&quot;,&quot;shop&quot;:&quot;https:\\\/\\\/tickets.humboldtforum.org\\\/#\\\/tickets\\\/time?museum_id=1&amp;exhibition_id=17&amp;group=day&amp;date=2025-10-03&quot;,&quot;can_purchase&quot;:true},&quot;use_opening_hours_of_the_house&quot;:false,&quot;display_as_single&quot;:false,&quot;subline&quot;:&quot;Stimmen aus Nordostindien&quot;,&quot;additional_info&quot;:{&quot;icon&quot;:&quot;icon-ort&quot;,&quot;text&quot;:&quot;3. OG, Raum 309, Zugang \\u00fcber den Eingang Museum f\\u00fcr Asiatische Kunst&quot;},&quot;highlight_header&quot;:true,&quot;featured_images&quot;:[46450],&quot;use_video_in_teasers&quot;:false,&quot;hyphenation&quot;:true,&quot;tipp&quot;:false,&quot;joker&quot;:false,&quot;live&quot;:false,&quot;hide_event_in_program&quot;:false,&quot;periods&quot;:[{&quot;label&quot;:&quot;&quot;,&quot;dates&quot;:[{&quot;start&quot;:&quot;202209171000&quot;,&quot;end&quot;:&quot;202603160000&quot;,&quot;has_end&quot;:true,&quot;start_HRFSHORT&quot;:&quot;17.09.22&quot;,&quot;start_HRFSHORT_WD&quot;:&quot;Sa 17.09.2022&quot;,&quot;end_HRFSHORT&quot;:&quot;16.03.26&quot;}],&quot;monday&quot;:[{&quot;start&quot;:&quot;10:30&quot;,&quot;end&quot;:&quot;18:30&quot;,&quot;closed&quot;:false}],&quot;tuesday&quot;:[{&quot;start&quot;:null,&quot;end&quot;:null,&quot;closed&quot;:true}],&quot;wednesday&quot;:[{&quot;start&quot;:&quot;10:30&quot;,&quot;end&quot;:&quot;18:30&quot;,&quot;closed&quot;:false}],&quot;thursday&quot;:[{&quot;start&quot;:&quot;10:30&quot;,&quot;end&quot;:&quot;18:30&quot;,&quot;closed&quot;:false}],&quot;friday&quot;:[{&quot;start&quot;:&quot;10:30&quot;,&quot;end&quot;:&quot;18:30&quot;,&quot;closed&quot;:false}],&quot;saturday&quot;:[{&quot;start&quot;:&quot;10:30&quot;,&quot;end&quot;:&quot;18:30&quot;,&quot;closed&quot;:false}],&quot;sunday&quot;:[{&quot;start&quot;:&quot;10:30&quot;,&quot;end&quot;:&quot;18:30&quot;,&quot;closed&quot;:false}],&quot;info&quot;:&quot;&quot;,&quot;description&quot;:&quot;&quot;}],&quot;events&quot;:[],&quot;highlight_header_image&quot;:46450,&quot;has_mobile_format&quot;:false,&quot;period_exception&quot;:[]},&quot;period_list&quot;:&quot;&quot;,&quot;period_exception&quot;:&quot;&quot;,&quot;date&quot;:{&quot;infinite&quot;:false,&quot;from_DATE&quot;:202209171000,&quot;from&quot;:1663446600,&quot;from_TIME&quot;:&quot;10:30&quot;,&quot;to&quot;:1773685800,&quot;to_DATE&quot;:202603160000,&quot;to_TIME&quot;:&quot;18:30&quot;,&quot;from_HRFSHORT&quot;:&quot;17. Sep 2022&quot;,&quot;from_HRFSHORT_WD&quot;:&quot;Sa 17.09.2022&quot;,&quot;from_HRF&quot;:&quot;Sa, 17. September 2022&quot;,&quot;to_HRF&quot;:&quot;Mo, 16. M\\u00e4rz 2026&quot;,&quot;to_HRFSHORT&quot;:&quot;16. M\\u00e4r 2026&quot;,&quot;to_HRFSHORT_WD&quot;:&quot;Mo 16.03.2026&quot;,&quot;from_to_HRF&quot;:&quot;Sa, 17. September 2022 \\u2013 Mo, 16. M\\u00e4rz 2026&quot;,&quot;from_to_HRFSHORT&quot;:&quot;17. Sep 2022 \\u2013 16. M\\u00e4r 2026&quot;,&quot;NXX&quot;:null,&quot;NLAST&quot;:&quot;202603161830&quot;},&quot;alert&quot;:&quot;Highlight&quot;,&quot;partof&quot;:[],&quot;marketing_topic&quot;:&quot;&quot;}' inline-template>\n\t<a href=\"https:\/\/www.humboldtforum.org\/de\/programm\/dauerangebot\/ausstellung\/naga-land-46447\/\" class=\"teaser teaser-event-permanent teaser-event-standard\">\n\t\t<div class=\"row\">\n\t\t\t<div class=\"col-xs-12 teaser-event-image\">\n\t\t\t\t<div class=\"teaser-image teaser-image-no-alternate\">\n\t\t\t\t\t\t\t\t\t\t\t\t\t<span class=\"alert\">Highlight<\/span>\n\t\t\t\t\t\t\t\t\t\t\t\n\t<lazy-media-inline inline-template>\n\t\t<figure itemscope itemtype=\"http:\/\/schema.org\/ImageObject\" class=\"lazy-media-inline \" role=\"group\" id=\"media_69f24574683ee\" aria-labelledby=\"desc_media_69f24574683ee\">\n\t\t\t<script type=\"application\/json\" ref=\"data\">\n\t\t\t\t{\n\t\t\t\t\"sizes\" : {\"medium\":{\"file\":\"SHF_eb00061695_A07-126-300x200.jpg\",\"width\":300,\"height\":200,\"mime-type\":\"image\\\/jpeg\",\"filesize\":15708},\"large\":{\"file\":\"SHF_eb00061695_A07-126-1024x682.jpg\",\"width\":1024,\"height\":682,\"mime-type\":\"image\\\/jpeg\",\"filesize\":122910},\"thumbnail\":{\"file\":\"SHF_eb00061695_A07-126-150x150.jpg\",\"width\":150,\"height\":150,\"mime-type\":\"image\\\/jpeg\",\"filesize\":6726},\"medium_large\":{\"file\":\"SHF_eb00061695_A07-126-768x512.jpg\",\"width\":768,\"height\":512,\"mime-type\":\"image\\\/jpeg\",\"filesize\":76450},\"small\":{\"file\":\"SHF_eb00061695_A07-126-440x293.jpg\",\"width\":440,\"height\":293,\"mime-type\":\"image\\\/jpeg\",\"filesize\":29941},\"semi\":{\"file\":\"SHF_eb00061695_A07-126-580x387.jpg\",\"width\":580,\"height\":387,\"mime-type\":\"image\\\/jpeg\",\"filesize\":47917},\"mobile\":{\"file\":\"SHF_eb00061695_A07-126-720x480.jpg\",\"width\":720,\"height\":480,\"mime-type\":\"image\\\/jpeg\",\"filesize\":68271},\"original\":{\"file\":\"SHF_eb00061695_A07-126.jpg\",\"width\":1280,\"height\":853}},\n\t\t\t\t\"alt\" : \"In einem Raum mit roten St\\u00fchlen und Wanddeko steht ein Stativ, w\\u00e4hrend eine Person sitzt.\",\n\t\t\t\t\"path\" : \"\\\/wp-content\\\/uploads\\\/2022\\\/07\\\/\",\n\t\t\t\t\"video\" : null,\n\t\t\t\t\"autoplay\" : null,\n\t\t\t\t\"youtube\" : null,\n\t\t\t\t\"youtubelabel\" : \"Video abspielen\",\n\t\t\t\t\"brightness\" : 100,\n\t\t\t\t\"crop\" : null,\n\t\t\t\t\"background\" : true,\n\t\t\t\t\"scale\" : 2\t\t\t\t}\n\t\t\t<\/script>\n\n\t\t\t<div class=\"height-container\" style=\"padding-bottom:66.640625%;\" v-if=\"sizes\">\n\t\t\t\t\t\t\t\t<lazy-media :inline=\"true\" :alt=\"alt\" :sizes=\"sizes\" :scale=\"scale\" :brightness=\"brightness\" :path=\"path\" :video=\"video\" :autoplay=\"autoplay\" :youtube=\"youtube\" :crop=\"crop\" :youtubelabel=\"youtubelabel\" :background=\"background\" media-id=\"desc_media_69f24574683ee\"><\/lazy-media>\n\t\t\t\t\t\t\t<\/div>\n\n\t\t\t\t\t\t\t<figcaption class=\"sr-only\" ref=\"body\" id=\"desc_media_69f24574683ee\">\n\t\t\t\t\t\t\t\t\t\t\t\t\t\t\t\t<div>Zubeni Lotha <\/div>\n\t\t\t\t\t\t\t\t\t\t\t\t\t\t\t\t<div class=\"insignificant\">\u00a9 Zubeni Lotha<\/div>\n\t\t\t\t\t\t\t\t\t<\/figcaption>\n\t\t\t\t\t<\/figure>\n\t<\/lazy-media-inline>\n\t\t\t\t<\/div>\n\t\t\t<\/div>\n\t\t\t<div class=\"col-xs-12 teaser-event-text Infos\">\n\t\t\t\t<div class=\"teaser-event-standard-text\">\n\t\t\t\t\t<div class=\"margin-bottom-atom\">\n\t\t\t\t\t\t<div class=\"subline clamp-1\" v-html=\"maingenre\"><\/div>\n\t\t\t\t\t\t\t\t\t\t\t<\/div>\n\t\t\t\t\n\t\t\t\t\t<strong class=\"margin-bottom-atom\">Naga Land<\/strong>\n\n\t\t\t\t\t\t\t\t\t\t\t<div class=\"\">Stimmen aus Nordostindien<\/div>\n\t\t\t\t\t\t\t\t\t<\/div>\n\t\t\t\t<div class=\"teaser-bottom border-bottom\">\n\t\t\t\t<calendardateline :rawitem='item' :show-icon=\"true\"><\/calendardateline>\n\t\t\t\t\t<hr>\n\t\t\t\t<\/div>\n\t\t\t<\/div>\n\t\t<\/div>\n\t<\/a>\n\t<\/calendarteaser>\n<\/li>\n\n<li class=\"teaser-lane-slide col-xs-9 col-sm-4 col-md-3 teaser-wrapper col-padding-remove\">\n\t<calendarteaser key=\"493445181\" rawitem='{&quot;postId&quot;:49344,&quot;title&quot;:&quot;Ansichtssache(n)&quot;,&quot;excerpt&quot;:&quot;&quot;,&quot;slug&quot;:&quot;ansichtssachen&quot;,&quot;post_date&quot;:&quot;2022-08-29T09:21&quot;,&quot;type&quot;:&quot;event-permanent&quot;,&quot;permalink&quot;:&quot;https:\\\/\\\/www.humboldtforum.org\\\/de\\\/programm\\\/dauerangebot\\\/ausstellung\\\/ansichtssachen-49344\\\/&quot;,&quot;genre&quot;:[391],&quot;genre_details&quot;:[{&quot;text&quot;:&quot;Ausstellung&quot;,&quot;id&quot;:391,&quot;icon&quot;:null,&quot;parent&quot;:0}],&quot;icon_overwrite&quot;:&quot;&quot;,&quot;acf&quot;:{&quot;noindex&quot;:false,&quot;keywords&quot;:&quot;&quot;,&quot;shorturl&quot;:&quot;&quot;,&quot;planning&quot;:{&quot;price&quot;:&quot;&quot;,&quot;status&quot;:&quot;BUY&quot;,&quot;info&quot;:&quot;Ausstellungsticket erforderlich&quot;,&quot;shop&quot;:&quot;https:\\\/\\\/tickets.humboldtforum.org\\\/#\\\/tickets\\\/time?museum_id=1&amp;exhibition_id=17&amp;group=day&amp;date=2025-10-03&quot;,&quot;can_purchase&quot;:true},&quot;use_opening_hours_of_the_house&quot;:true,&quot;display_as_single&quot;:false,&quot;additional_info&quot;:{&quot;icon&quot;:&quot;icon-ort&quot;,&quot;text&quot;:&quot;2. OG, Raum 214&quot;},&quot;highlight_header&quot;:false,&quot;featured_images&quot;:[49342],&quot;use_video_in_teasers&quot;:false,&quot;hyphenation&quot;:true,&quot;tipp&quot;:false,&quot;joker&quot;:false,&quot;live&quot;:false,&quot;hide_event_in_program&quot;:false,&quot;infotext&quot;:&quot;&quot;,&quot;periods&quot;:[{&quot;label&quot;:&quot;&quot;,&quot;dates&quot;:[{&quot;start&quot;:&quot;202301020000&quot;,&quot;end&quot;:&quot;202212310000&quot;,&quot;has_end&quot;:false,&quot;start_HRFSHORT&quot;:&quot;02.01.23&quot;,&quot;start_HRFSHORT_WD&quot;:&quot;Mo 02.01.2023&quot;}],&quot;monday&quot;:[{&quot;start&quot;:&quot;10:30&quot;,&quot;end&quot;:&quot;18:30&quot;,&quot;closed&quot;:false}],&quot;tuesday&quot;:[{&quot;start&quot;:null,&quot;end&quot;:null,&quot;closed&quot;:true}],&quot;wednesday&quot;:[{&quot;start&quot;:&quot;10:30&quot;,&quot;end&quot;:&quot;18:30&quot;,&quot;closed&quot;:false}],&quot;thursday&quot;:[{&quot;start&quot;:&quot;10:30&quot;,&quot;end&quot;:&quot;18:30&quot;,&quot;closed&quot;:false}],&quot;friday&quot;:[{&quot;start&quot;:&quot;10:30&quot;,&quot;end&quot;:&quot;18:30&quot;,&quot;closed&quot;:false}],&quot;saturday&quot;:[{&quot;start&quot;:&quot;10:30&quot;,&quot;end&quot;:&quot;18:30&quot;,&quot;closed&quot;:false}],&quot;sunday&quot;:[{&quot;start&quot;:&quot;10:30&quot;,&quot;end&quot;:&quot;18:30&quot;,&quot;closed&quot;:false}],&quot;info&quot;:&quot;&quot;,&quot;description&quot;:&quot;&quot;}],&quot;period_exception&quot;:[{&quot;label&quot;:&quot;&quot;,&quot;date&quot;:&quot;202512240000&quot;,&quot;closed&quot;:true,&quot;start&quot;:null,&quot;end&quot;:null,&quot;date_HRFSHORT&quot;:&quot;24.12.25&quot;},{&quot;label&quot;:&quot;&quot;,&quot;date&quot;:&quot;202512250000&quot;,&quot;closed&quot;:false,&quot;start&quot;:&quot;12:00&quot;,&quot;end&quot;:&quot;18:00&quot;,&quot;date_HRFSHORT&quot;:&quot;25.12.25&quot;},{&quot;label&quot;:&quot;&quot;,&quot;date&quot;:&quot;202512260000&quot;,&quot;closed&quot;:false,&quot;start&quot;:&quot;12:00&quot;,&quot;end&quot;:&quot;18:00&quot;,&quot;date_HRFSHORT&quot;:&quot;26.12.25&quot;},{&quot;label&quot;:&quot;&quot;,&quot;date&quot;:&quot;202512300000&quot;,&quot;closed&quot;:false,&quot;start&quot;:&quot;10:30&quot;,&quot;end&quot;:&quot;18:30&quot;,&quot;date_HRFSHORT&quot;:&quot;30.12.25&quot;},{&quot;label&quot;:&quot;&quot;,&quot;date&quot;:&quot;202512310000&quot;,&quot;closed&quot;:false,&quot;start&quot;:&quot;10:30&quot;,&quot;end&quot;:&quot;16:30&quot;,&quot;date_HRFSHORT&quot;:&quot;31.12.25&quot;},{&quot;label&quot;:&quot;&quot;,&quot;date&quot;:&quot;202601010000&quot;,&quot;closed&quot;:false,&quot;start&quot;:&quot;12:00&quot;,&quot;end&quot;:&quot;18:00&quot;,&quot;date_HRFSHORT&quot;:&quot;01.01.26&quot;}]},&quot;period_list&quot;:&quot;&lt;strong&gt;\\u00d6ffnungszeiten&lt;\\\/strong&gt;\\nMo, Mi, Do, Fr, Sa, So: 10:30 \\u2013 18:30 Uhr\\nDi: geschlossen\\n\\n&quot;,&quot;period_exception&quot;:&quot;&quot;,&quot;date&quot;:{&quot;infinite&quot;:true,&quot;from_DATE&quot;:202301020000,&quot;from&quot;:1672655400,&quot;from_TIME&quot;:&quot;10:30&quot;,&quot;to&quot;:1809087720,&quot;to_DATE&quot;:202704291752,&quot;to_TIME&quot;:&quot;18:30&quot;,&quot;from_HRFSHORT&quot;:&quot; 2. Jan 2023&quot;,&quot;from_HRFSHORT_WD&quot;:&quot;Mo 02.01.2023&quot;,&quot;from_HRF&quot;:&quot;Mo,  2. Januar 2023&quot;,&quot;to_HRF&quot;:&quot;Fr, 30. April 2027&quot;,&quot;to_HRFSHORT&quot;:&quot;30. Apr 2027&quot;,&quot;to_HRFSHORT_WD&quot;:&quot;Fr 30.04.2027&quot;,&quot;from_to_HRF&quot;:&quot;Mo,  2. Januar 2023 \\u2013 Fr, 30. April 2027&quot;,&quot;from_to_HRFSHORT&quot;:&quot; 2. Jan 2023 \\u2013 30. Apr 2027&quot;,&quot;NXX&quot;:&quot;202604291752&quot;,&quot;NLAST&quot;:&quot;202704301222&quot;,&quot;NX&quot;:&quot;20260429&quot;},&quot;alert&quot;:null,&quot;partof&quot;:[],&quot;marketing_topic&quot;:&quot;&quot;}' inline-template>\n\t<a href=\"https:\/\/www.humboldtforum.org\/de\/programm\/dauerangebot\/ausstellung\/ansichtssachen-49344\/\" class=\"teaser teaser-event-permanent teaser-event-standard\">\n\t\t<div class=\"row\">\n\t\t\t<div class=\"col-xs-12 teaser-event-image\">\n\t\t\t\t<div class=\"teaser-image teaser-image-no-alternate\">\n\t\t\t\t\t\t\t\t\t\t\t\n\t<lazy-media-inline inline-template>\n\t\t<figure itemscope itemtype=\"http:\/\/schema.org\/ImageObject\" class=\"lazy-media-inline \" role=\"group\" id=\"media_69f245746913e\" aria-labelledby=\"desc_media_69f245746913e\">\n\t\t\t<script type=\"application\/json\" ref=\"data\">\n\t\t\t\t{\n\t\t\t\t\"sizes\" : {\"medium\":{\"file\":\"SHF_eb00119705-300x225.jpg\",\"width\":300,\"height\":225,\"mime-type\":\"image\\\/jpeg\",\"filesize\":19051},\"large\":{\"file\":\"SHF_eb00119705-1024x766.jpg\",\"width\":1024,\"height\":766,\"mime-type\":\"image\\\/jpeg\",\"filesize\":140610},\"thumbnail\":{\"file\":\"SHF_eb00119705-150x150.jpg\",\"width\":150,\"height\":150,\"mime-type\":\"image\\\/jpeg\",\"filesize\":8009},\"medium_large\":{\"file\":\"SHF_eb00119705-768x575.jpg\",\"width\":768,\"height\":575,\"mime-type\":\"image\\\/jpeg\",\"filesize\":90822},\"small\":{\"file\":\"SHF_eb00119705-440x329.jpg\",\"width\":440,\"height\":329,\"mime-type\":\"image\\\/jpeg\",\"filesize\":36405},\"semi\":{\"file\":\"SHF_eb00119705-580x434.jpg\",\"width\":580,\"height\":434,\"mime-type\":\"image\\\/jpeg\",\"filesize\":57614},\"mobile\":{\"file\":\"SHF_eb00119705-720x539.jpg\",\"width\":720,\"height\":539,\"mime-type\":\"image\\\/jpeg\",\"filesize\":82524},\"original\":{\"file\":\"SHF_eb00119705.jpg\",\"width\":1280,\"height\":958}},\n\t\t\t\t\"alt\" : \"Moderne Galerie mit schwarzem, offenen Regaldesign und minimalistischer \\u00c4sthetik in einem lichtdurchfluteten Raum.\",\n\t\t\t\t\"path\" : \"\\\/wp-content\\\/uploads\\\/2022\\\/08\\\/\",\n\t\t\t\t\"video\" : null,\n\t\t\t\t\"autoplay\" : null,\n\t\t\t\t\"youtube\" : null,\n\t\t\t\t\"youtubelabel\" : \"Video abspielen\",\n\t\t\t\t\"brightness\" : 100,\n\t\t\t\t\"crop\" : null,\n\t\t\t\t\"background\" : true,\n\t\t\t\t\"scale\" : 2\t\t\t\t}\n\t\t\t<\/script>\n\n\t\t\t<div class=\"height-container\" style=\"padding-bottom:74.84375%;\" v-if=\"sizes\">\n\t\t\t\t\t\t\t\t<lazy-media :inline=\"true\" :alt=\"alt\" :sizes=\"sizes\" :scale=\"scale\" :brightness=\"brightness\" :path=\"path\" :video=\"video\" :autoplay=\"autoplay\" :youtube=\"youtube\" :crop=\"crop\" :youtubelabel=\"youtubelabel\" :background=\"background\" media-id=\"desc_media_69f245746913e\"><\/lazy-media>\n\t\t\t\t\t\t\t<\/div>\n\n\t\t\t\t\t\t\t<figcaption class=\"sr-only\" ref=\"body\" id=\"desc_media_69f245746913e\">\n\t\t\t\t\t\t\t\t\t\t\t\t\t\t\t\t<div>Tempor&auml;re Ausstellung &quot;Ansichtssache(n)&quot; im Ethnologischen Museum <\/div>\n\t\t\t\t\t\t\t\t\t\t\t\t\t\t\t\t<div class=\"insignificant\">\u00a9 Staatliche Museen zu Berlin, Ethnologisches Museum \/ Stiftung Humboldt Forum im Berliner Schloss \/ Foto: Alexander Schippel \/ Szenographie Valentine Koppenh\u00f6fer<\/div>\n\t\t\t\t\t\t\t\t\t<\/figcaption>\n\t\t\t\t\t<\/figure>\n\t<\/lazy-media-inline>\n\t\t\t\t<\/div>\n\t\t\t<\/div>\n\t\t\t<div class=\"col-xs-12 teaser-event-text Infos\">\n\t\t\t\t<div class=\"teaser-event-standard-text\">\n\t\t\t\t\t<div class=\"margin-bottom-atom\">\n\t\t\t\t\t\t<div class=\"subline clamp-1\" v-html=\"maingenre\"><\/div>\n\t\t\t\t\t\t\t\t\t\t\t<\/div>\n\t\t\t\t\n\t\t\t\t\t<strong class=\"margin-bottom-atom\">Ansichtssache(n)<\/strong>\n\n\t\t\t\t\t\t\t\t\t\t\t<div class=\"\"><\/div>\n\t\t\t\t\t\t\t\t\t<\/div>\n\t\t\t\t<div class=\"teaser-bottom border-bottom\">\n\t\t\t\t<calendardateline :rawitem='item' :show-icon=\"true\"><\/calendardateline>\n\t\t\t\t\t<hr>\n\t\t\t\t<\/div>\n\t\t\t<\/div>\n\t\t<\/div>\n\t<\/a>\n\t<\/calendarteaser>\n<\/li>\n\n<li class=\"teaser-lane-slide col-xs-9 col-sm-4 col-md-3 teaser-wrapper col-padding-remove\">\n\t<calendarteaser key=\"465379378\" rawitem='{&quot;postId&quot;:46537,&quot;title&quot;:&quot;Ts&#039;uu - Zeder&quot;,&quot;excerpt&quot;:&quot;&quot;,&quot;slug&quot;:&quot;tsuu-zeder&quot;,&quot;post_date&quot;:&quot;2022-07-26T15:14&quot;,&quot;type&quot;:&quot;event-permanent&quot;,&quot;permalink&quot;:&quot;https:\\\/\\\/www.humboldtforum.org\\\/de\\\/programm\\\/dauerangebot\\\/ausstellung\\\/tsuu-zeder-46537\\\/&quot;,&quot;genre&quot;:[391],&quot;genre_details&quot;:[{&quot;text&quot;:&quot;Ausstellung&quot;,&quot;id&quot;:391,&quot;icon&quot;:null,&quot;parent&quot;:0}],&quot;topic&quot;:[782],&quot;topic_details&quot;:[{&quot;text&quot;:&quot;Kolonialismus und Kolonialit\\u00e4t&quot;,&quot;id&quot;:782,&quot;icon&quot;:null,&quot;parent&quot;:0}],&quot;stakeholder&quot;:[530,382],&quot;stakeholder_details&quot;:[{&quot;text&quot;:&quot;Staatliche Museen zu Berlin&quot;,&quot;id&quot;:530,&quot;icon&quot;:null,&quot;parent&quot;:0},{&quot;text&quot;:&quot;Stiftung Humboldt Forum im Berliner Schloss&quot;,&quot;id&quot;:382,&quot;icon&quot;:null,&quot;parent&quot;:0}],&quot;targetgroup&quot;:[383,455],&quot;targetgroup_details&quot;:[{&quot;text&quot;:&quot;Erwachsene&quot;,&quot;id&quot;:383,&quot;icon&quot;:null,&quot;parent&quot;:0},{&quot;text&quot;:&quot;Jugendliche&quot;,&quot;id&quot;:455,&quot;icon&quot;:null,&quot;parent&quot;:0}],&quot;icon_overwrite&quot;:&quot;&quot;,&quot;acf&quot;:{&quot;noindex&quot;:false,&quot;keywords&quot;:&quot;&quot;,&quot;shorturl&quot;:&quot;&quot;,&quot;planning&quot;:{&quot;price&quot;:&quot;&quot;,&quot;status&quot;:&quot;BUY&quot;,&quot;info&quot;:&quot;Zutritt mit Ticket&quot;,&quot;shop&quot;:&quot;https:\\\/\\\/tickets.humboldtforum.org\\\/#\\\/tickets\\\/time?museum_id=1&amp;exhibition_id=17&amp;group=day&amp;date=2025-10-03&quot;,&quot;can_purchase&quot;:true},&quot;use_opening_hours_of_the_house&quot;:false,&quot;display_as_single&quot;:false,&quot;subline&quot;:&quot;Von B\\u00e4umen und Menschen&quot;,&quot;additional_info&quot;:{&quot;icon&quot;:&quot;icon-ort&quot;,&quot;text&quot;:&quot;2. OG, Raum 201, Zugang \\u00fcber den Eingang Ethnologisches Museum&quot;},&quot;highlight_header&quot;:true,&quot;featured_images&quot;:[64269],&quot;use_video_in_teasers&quot;:false,&quot;hyphenation&quot;:true,&quot;tipp&quot;:false,&quot;joker&quot;:false,&quot;live&quot;:false,&quot;hide_event_in_program&quot;:false,&quot;periods&quot;:[{&quot;label&quot;:&quot;&quot;,&quot;dates&quot;:[{&quot;start&quot;:&quot;202209170000&quot;,&quot;end&quot;:&quot;202602230000&quot;,&quot;has_end&quot;:true,&quot;start_HRFSHORT&quot;:&quot;17.09.22&quot;,&quot;start_HRFSHORT_WD&quot;:&quot;Sa 17.09.2022&quot;,&quot;end_HRFSHORT&quot;:&quot;23.02.26&quot;}],&quot;monday&quot;:[{&quot;start&quot;:&quot;10:30&quot;,&quot;end&quot;:&quot;18:30&quot;,&quot;closed&quot;:false}],&quot;tuesday&quot;:[{&quot;start&quot;:null,&quot;end&quot;:null,&quot;closed&quot;:true}],&quot;wednesday&quot;:[{&quot;start&quot;:&quot;10:30&quot;,&quot;end&quot;:&quot;18:30&quot;,&quot;closed&quot;:false}],&quot;thursday&quot;:[{&quot;start&quot;:&quot;10:30&quot;,&quot;end&quot;:&quot;18:30&quot;,&quot;closed&quot;:false}],&quot;friday&quot;:[{&quot;start&quot;:&quot;10:30&quot;,&quot;end&quot;:&quot;18:30&quot;,&quot;closed&quot;:false}],&quot;saturday&quot;:[{&quot;start&quot;:&quot;10:30&quot;,&quot;end&quot;:&quot;18:30&quot;,&quot;closed&quot;:false}],&quot;sunday&quot;:[{&quot;start&quot;:&quot;10:30&quot;,&quot;end&quot;:&quot;18:30&quot;,&quot;closed&quot;:false}],&quot;info&quot;:&quot;&quot;,&quot;description&quot;:&quot;&quot;}],&quot;highlight_header_image&quot;:64521,&quot;has_mobile_format&quot;:false,&quot;period_exception&quot;:[]},&quot;period_list&quot;:&quot;&quot;,&quot;period_exception&quot;:&quot;&quot;,&quot;date&quot;:{&quot;infinite&quot;:false,&quot;from_DATE&quot;:202209170000,&quot;from&quot;:1663410600,&quot;from_TIME&quot;:&quot;10:30&quot;,&quot;to&quot;:1771871400,&quot;to_DATE&quot;:202602230000,&quot;to_TIME&quot;:&quot;18:30&quot;,&quot;from_HRFSHORT&quot;:&quot;17. Sep 2022&quot;,&quot;from_HRFSHORT_WD&quot;:&quot;Sa 17.09.2022&quot;,&quot;from_HRF&quot;:&quot;Sa, 17. September 2022&quot;,&quot;to_HRF&quot;:&quot;Mo, 23. Februar 2026&quot;,&quot;to_HRFSHORT&quot;:&quot;23. Feb 2026&quot;,&quot;to_HRFSHORT_WD&quot;:&quot;Mo 23.02.2026&quot;,&quot;from_to_HRF&quot;:&quot;Sa, 17. September 2022 \\u2013 Mo, 23. Februar 2026&quot;,&quot;from_to_HRFSHORT&quot;:&quot;17. Sep 2022 \\u2013 23. Feb 2026&quot;,&quot;NXX&quot;:null,&quot;NLAST&quot;:&quot;202602231830&quot;},&quot;alert&quot;:&quot;Highlight&quot;,&quot;partof&quot;:[],&quot;marketing_topic&quot;:&quot;&quot;}' inline-template>\n\t<a href=\"https:\/\/www.humboldtforum.org\/de\/programm\/dauerangebot\/ausstellung\/tsuu-zeder-46537\/\" class=\"teaser teaser-event-permanent teaser-event-standard\">\n\t\t<div class=\"row\">\n\t\t\t<div class=\"col-xs-12 teaser-event-image\">\n\t\t\t\t<div class=\"teaser-image teaser-image-no-alternate\">\n\t\t\t\t\t\t\t\t\t\t\t\t\t<span class=\"alert\">Highlight<\/span>\n\t\t\t\t\t\t\t\t\t\t\t\n\t<lazy-media-inline inline-template>\n\t\t<figure itemscope itemtype=\"http:\/\/schema.org\/ImageObject\" class=\"lazy-media-inline \" role=\"group\" id=\"media_69f2457469e1b\" aria-labelledby=\"desc_media_69f2457469e1b\">\n\t\t\t<script type=\"application\/json\" ref=\"data\">\n\t\t\t\t{\n\t\t\t\t\"sizes\" : {\"medium\":{\"file\":\"SHF_eb00169861_WAF-18-1-300x225.jpg\",\"width\":300,\"height\":225,\"mime-type\":\"image\\\/jpeg\",\"filesize\":19966},\"large\":{\"file\":\"SHF_eb00169861_WAF-18-1-1024x768.jpg\",\"width\":1024,\"height\":768,\"mime-type\":\"image\\\/jpeg\",\"filesize\":182475},\"thumbnail\":{\"file\":\"SHF_eb00169861_WAF-18-1-150x150.jpg\",\"width\":150,\"height\":150,\"mime-type\":\"image\\\/jpeg\",\"filesize\":7749},\"medium_large\":{\"file\":\"SHF_eb00169861_WAF-18-1-768x576.jpg\",\"width\":768,\"height\":576,\"mime-type\":\"image\\\/jpeg\",\"filesize\":108842},\"small\":{\"file\":\"SHF_eb00169861_WAF-18-1-440x330.jpg\",\"width\":440,\"height\":330,\"mime-type\":\"image\\\/jpeg\",\"filesize\":39091},\"semi\":{\"file\":\"SHF_eb00169861_WAF-18-1-580x435.jpg\",\"width\":580,\"height\":435,\"mime-type\":\"image\\\/jpeg\",\"filesize\":65715},\"mobile\":{\"file\":\"SHF_eb00169861_WAF-18-1-720x540.jpg\",\"width\":720,\"height\":540,\"mime-type\":\"image\\\/jpeg\",\"filesize\":97206},\"hd\":{\"file\":\"SHF_eb00169861_WAF-18-1-1280x960.jpg\",\"width\":1280,\"height\":960,\"mime-type\":\"image\\\/jpeg\",\"filesize\":265746},\"original\":{\"file\":\"SHF_eb00169861_WAF-18-1.jpg\",\"width\":1333,\"height\":1000}},\n\t\t\t\t\"alt\" : \"Ausstellung mit Kunstwerken und Infotafeln in einer Galerie, die kulturelle Objekte pr\\u00e4sentiert.\",\n\t\t\t\t\"path\" : \"\\\/wp-content\\\/uploads\\\/2022\\\/12\\\/\",\n\t\t\t\t\"video\" : null,\n\t\t\t\t\"autoplay\" : null,\n\t\t\t\t\"youtube\" : null,\n\t\t\t\t\"youtubelabel\" : \"Video abspielen\",\n\t\t\t\t\"brightness\" : 100,\n\t\t\t\t\"crop\" : null,\n\t\t\t\t\"background\" : true,\n\t\t\t\t\"scale\" : 2\t\t\t\t}\n\t\t\t<\/script>\n\n\t\t\t<div class=\"height-container\" style=\"padding-bottom:75.018754688672%;\" v-if=\"sizes\">\n\t\t\t\t\t\t\t\t<lazy-media :inline=\"true\" :alt=\"alt\" :sizes=\"sizes\" :scale=\"scale\" :brightness=\"brightness\" :path=\"path\" :video=\"video\" :autoplay=\"autoplay\" :youtube=\"youtube\" :crop=\"crop\" :youtubelabel=\"youtubelabel\" :background=\"background\" media-id=\"desc_media_69f2457469e1b\"><\/lazy-media>\n\t\t\t\t\t\t\t<\/div>\n\n\t\t\t\t\t\t\t<figcaption class=\"sr-only\" ref=\"body\" id=\"desc_media_69f2457469e1b\">\n\t\t\t\t\t\t\t\t\t\t\t\t\t\t\t\t<div>Ansicht der tempor&auml;ren Ausstellung &quot;Ts&#039;uu &ndash; Zeder. Von B&auml;umen und Menschen&quot; <\/div>\n\t\t\t\t\t\t\t\t\t\t\t\t\t\t\t\t<div class=\"insignificant\">\u00a9 Stiftung Humboldt Forum im Berliner Schloss, Foto: Alexander Schippel<\/div>\n\t\t\t\t\t\t\t\t\t<\/figcaption>\n\t\t\t\t\t<\/figure>\n\t<\/lazy-media-inline>\n\t\t\t\t<\/div>\n\t\t\t<\/div>\n\t\t\t<div class=\"col-xs-12 teaser-event-text Infos\">\n\t\t\t\t<div class=\"teaser-event-standard-text\">\n\t\t\t\t\t<div class=\"margin-bottom-atom\">\n\t\t\t\t\t\t<div class=\"subline clamp-1\" v-html=\"maingenre\"><\/div>\n\t\t\t\t\t\t\t\t\t\t\t<\/div>\n\t\t\t\t\n\t\t\t\t\t<strong class=\"margin-bottom-atom\">Ts&#8217;uu &#8211; Zeder<\/strong>\n\n\t\t\t\t\t\t\t\t\t\t\t<div class=\"\">Von B\u00e4umen und Menschen<\/div>\n\t\t\t\t\t\t\t\t\t<\/div>\n\t\t\t\t<div class=\"teaser-bottom border-bottom\">\n\t\t\t\t<calendardateline :rawitem='item' :show-icon=\"true\"><\/calendardateline>\n\t\t\t\t\t<hr>\n\t\t\t\t<\/div>\n\t\t\t<\/div>\n\t\t<\/div>\n\t<\/a>\n\t<\/calendarteaser>\n<\/li>\n\n<li class=\"teaser-lane-slide col-xs-9 col-sm-4 col-md-3 teaser-wrapper col-padding-remove\">\n\t<calendarteaser key=\"1093902718\" rawitem='{&quot;postId&quot;:109390,&quot;title&quot;:&quot;Kunst als Beute. 10 Geschichten&quot;,&quot;excerpt&quot;:&quot;&quot;,&quot;slug&quot;:&quot;kunst-als-beute-10-geschichten&quot;,&quot;post_date&quot;:&quot;2023-11-21T17:38&quot;,&quot;type&quot;:&quot;event-period&quot;,&quot;permalink&quot;:&quot;https:\\\/\\\/www.humboldtforum.org\\\/de\\\/programm\\\/laufzeitangebot\\\/ausstellung\\\/kunst-als-beute-10-geschichten-109390\\\/&quot;,&quot;genre&quot;:[391],&quot;genre_details&quot;:[{&quot;text&quot;:&quot;Ausstellung&quot;,&quot;id&quot;:391,&quot;icon&quot;:null,&quot;parent&quot;:0}],&quot;stakeholder&quot;:[400,530,382],&quot;stakeholder_details&quot;:[{&quot;text&quot;:&quot;Kulturprojekte Berlin \\\/ Stadtmuseum Berlin&quot;,&quot;id&quot;:400,&quot;icon&quot;:null,&quot;parent&quot;:0},{&quot;text&quot;:&quot;Staatliche Museen zu Berlin&quot;,&quot;id&quot;:530,&quot;icon&quot;:null,&quot;parent&quot;:0},{&quot;text&quot;:&quot;Stiftung Humboldt Forum im Berliner Schloss&quot;,&quot;id&quot;:382,&quot;icon&quot;:null,&quot;parent&quot;:0}],&quot;language&quot;:[384,385],&quot;language_details&quot;:[{&quot;text&quot;:&quot;Deutsch&quot;,&quot;id&quot;:384,&quot;icon&quot;:null,&quot;parent&quot;:0},{&quot;text&quot;:&quot;Englisch&quot;,&quot;id&quot;:385,&quot;icon&quot;:null,&quot;parent&quot;:0}],&quot;place&quot;:[532,1896],&quot;place_details&quot;:{&quot;place&quot;:&quot;Humboldt Forum&quot;,&quot;map&quot;:&quot;Humboldt Forum, Schlossplatz, Berlin&quot;,&quot;room&quot;:&quot;3. OG, Raum 312&quot;},&quot;icon_overwrite&quot;:&quot;&quot;,&quot;acf&quot;:{&quot;noindex&quot;:false,&quot;keywords&quot;:&quot;&quot;,&quot;shorturl&quot;:&quot;&quot;,&quot;planning&quot;:{&quot;price&quot;:&quot;kostenfrei&quot;,&quot;status&quot;:&quot;JOIN&quot;,&quot;info&quot;:&quot;kein Ticket erforderlich&quot;,&quot;shop&quot;:&quot;&quot;,&quot;can_purchase&quot;:false},&quot;use_opening_hours_of_the_house&quot;:false,&quot;display_as_single&quot;:false,&quot;additional_info&quot;:{&quot;icon&quot;:&quot;0&quot;,&quot;text&quot;:&quot;&quot;},&quot;highlight_header&quot;:true,&quot;use_video_in_teasers&quot;:false,&quot;hyphenation&quot;:true,&quot;tipp&quot;:false,&quot;joker&quot;:false,&quot;live&quot;:false,&quot;hide_event_in_program&quot;:false,&quot;periods&quot;:[{&quot;label&quot;:&quot;&quot;,&quot;dates&quot;:[{&quot;start&quot;:&quot;202403220000&quot;,&quot;end&quot;:&quot;202501260000&quot;,&quot;has_end&quot;:true,&quot;start_HRFSHORT&quot;:&quot;22.03.24&quot;,&quot;start_HRFSHORT_WD&quot;:&quot;Fr 22.03.2024&quot;,&quot;end_HRFSHORT&quot;:&quot;26.01.25&quot;}],&quot;monday&quot;:[{&quot;start&quot;:&quot;10:30&quot;,&quot;end&quot;:&quot;18:30&quot;,&quot;closed&quot;:false}],&quot;tuesday&quot;:[{&quot;start&quot;:null,&quot;end&quot;:null,&quot;closed&quot;:true}],&quot;wednesday&quot;:[{&quot;start&quot;:&quot;10:30&quot;,&quot;end&quot;:&quot;18:30&quot;,&quot;closed&quot;:false}],&quot;thursday&quot;:[{&quot;start&quot;:&quot;10:30&quot;,&quot;end&quot;:&quot;18:30&quot;,&quot;closed&quot;:false}],&quot;friday&quot;:[{&quot;start&quot;:&quot;10:30&quot;,&quot;end&quot;:&quot;18:30&quot;,&quot;closed&quot;:false}],&quot;saturday&quot;:[{&quot;start&quot;:&quot;10:30&quot;,&quot;end&quot;:&quot;18:30&quot;,&quot;closed&quot;:false}],&quot;sunday&quot;:[{&quot;start&quot;:&quot;10:30&quot;,&quot;end&quot;:&quot;18:30&quot;,&quot;closed&quot;:false}],&quot;info&quot;:&quot;&quot;,&quot;description&quot;:&quot;&quot;}],&quot;featured_images&quot;:[109428],&quot;has_mobile_format&quot;:true,&quot;highlight_header_image&quot;:123484,&quot;highlight_header_image_mobile&quot;:123504,&quot;events&quot;:[123647,123728],&quot;period_exception&quot;:[{&quot;label&quot;:&quot;&quot;,&quot;date&quot;:&quot;202412240000&quot;,&quot;closed&quot;:true,&quot;start&quot;:null,&quot;end&quot;:null,&quot;date_HRFSHORT&quot;:&quot;24.12.24&quot;},{&quot;label&quot;:&quot;&quot;,&quot;date&quot;:&quot;202412250000&quot;,&quot;closed&quot;:false,&quot;start&quot;:&quot;12:00&quot;,&quot;end&quot;:&quot;18:00&quot;,&quot;date_HRFSHORT&quot;:&quot;25.12.24&quot;},{&quot;label&quot;:&quot;&quot;,&quot;date&quot;:&quot;202412260000&quot;,&quot;closed&quot;:false,&quot;start&quot;:&quot;12:00&quot;,&quot;end&quot;:&quot;18:00&quot;,&quot;date_HRFSHORT&quot;:&quot;26.12.24&quot;},{&quot;label&quot;:&quot;&quot;,&quot;date&quot;:&quot;202412310000&quot;,&quot;closed&quot;:false,&quot;start&quot;:&quot;10:30&quot;,&quot;end&quot;:&quot;16:30&quot;,&quot;date_HRFSHORT&quot;:&quot;31.12.24&quot;},{&quot;label&quot;:&quot;&quot;,&quot;date&quot;:&quot;202501010000&quot;,&quot;closed&quot;:false,&quot;start&quot;:&quot;12:00&quot;,&quot;end&quot;:&quot;18:00&quot;,&quot;date_HRFSHORT&quot;:&quot;01.01.25&quot;}]},&quot;period_list&quot;:&quot;&quot;,&quot;period_exception&quot;:&quot;&quot;,&quot;date&quot;:{&quot;infinite&quot;:false,&quot;from_DATE&quot;:202403220000,&quot;from&quot;:1711103400,&quot;from_TIME&quot;:&quot;10:30&quot;,&quot;to&quot;:1737916200,&quot;to_DATE&quot;:202501260000,&quot;to_TIME&quot;:&quot;18:30&quot;,&quot;from_HRFSHORT&quot;:&quot;22. M\\u00e4r 2024&quot;,&quot;from_HRFSHORT_WD&quot;:&quot;Fr 22.03.2024&quot;,&quot;from_HRF&quot;:&quot;Fr, 22. M\\u00e4rz 2024&quot;,&quot;to_HRF&quot;:&quot;So, 26. Januar 2025&quot;,&quot;to_HRFSHORT&quot;:&quot;26. Jan 2025&quot;,&quot;to_HRFSHORT_WD&quot;:&quot;So 26.01.2025&quot;,&quot;from_to_HRF&quot;:&quot;Fr, 22. M\\u00e4rz 2024 \\u2013 So, 26. Januar 2025&quot;,&quot;from_to_HRFSHORT&quot;:&quot;22. M\\u00e4r 2024 \\u2013 26. Jan 2025&quot;,&quot;NXX&quot;:null,&quot;NLAST&quot;:&quot;202501261830&quot;},&quot;alert&quot;:&quot;Highlight&quot;,&quot;partof&quot;:[],&quot;marketing_topic&quot;:&quot;&quot;}' inline-template>\n\t<a href=\"https:\/\/www.humboldtforum.org\/de\/programm\/laufzeitangebot\/ausstellung\/kunst-als-beute-10-geschichten-109390\/\" class=\"teaser teaser-event-period teaser-event-standard\">\n\t\t<div class=\"row\">\n\t\t\t<div class=\"col-xs-12 teaser-event-image\">\n\t\t\t\t<div class=\"teaser-image teaser-image-no-alternate\">\n\t\t\t\t\t\t\t\t\t\t\t\t\t<span class=\"alert\">Highlight<\/span>\n\t\t\t\t\t\t\t\t\t\t\t\n\t<lazy-media-inline inline-template>\n\t\t<figure itemscope itemtype=\"http:\/\/schema.org\/ImageObject\" class=\"lazy-media-inline \" role=\"group\" id=\"media_69f245746aae6\" aria-labelledby=\"desc_media_69f245746aae6\">\n\t\t\t<script type=\"application\/json\" ref=\"data\">\n\t\t\t\t{\n\t\t\t\t\"sizes\" : {\"medium\":{\"file\":\"SHF_eb00215640-1-176x300.jpg\",\"width\":176,\"height\":300,\"mime-type\":\"image\\\/jpeg\",\"filesize\":7809},\"large\":{\"file\":\"SHF_eb00215640-1-600x1024.jpg\",\"width\":600,\"height\":1024,\"mime-type\":\"image\\\/jpeg\",\"filesize\":54792},\"thumbnail\":{\"file\":\"SHF_eb00215640-1-150x150.jpg\",\"width\":150,\"height\":150,\"mime-type\":\"image\\\/jpeg\",\"filesize\":4718},\"medium_large\":{\"file\":\"SHF_eb00215640-1-768x1312.jpg\",\"width\":768,\"height\":1312,\"mime-type\":\"image\\\/jpeg\",\"filesize\":82083},\"small\":{\"file\":\"SHF_eb00215640-1-258x440.jpg\",\"width\":258,\"height\":440,\"mime-type\":\"image\\\/jpeg\",\"filesize\":14168},\"semi\":{\"file\":\"SHF_eb00215640-1-340x580.jpg\",\"width\":340,\"height\":580,\"mime-type\":\"image\\\/jpeg\",\"filesize\":21895},\"mobile\":{\"file\":\"SHF_eb00215640-1-422x720.jpg\",\"width\":422,\"height\":720,\"mime-type\":\"image\\\/jpeg\",\"filesize\":30747},\"hd\":{\"file\":\"SHF_eb00215640-1-749x1280.jpg\",\"width\":749,\"height\":1280,\"mime-type\":\"image\\\/jpeg\",\"filesize\":78895},\"full\":{\"file\":\"SHF_eb00215640-1-1124x1920.jpg\",\"width\":1124,\"height\":1920,\"mime-type\":\"image\\\/jpeg\",\"filesize\":155081},\"1536x1536\":{\"file\":\"SHF_eb00215640-1-899x1536.jpg\",\"width\":899,\"height\":1536,\"mime-type\":\"image\\\/jpeg\",\"filesize\":106943},\"original\":{\"file\":\"SHF_eb00215640-1.jpg\",\"width\":1171,\"height\":2000}},\n\t\t\t\t\"alt\" : \"Bronzene Pferdekopfskulptur auf einem Sockel, in schlichten Farben und kunstvollen Details.\",\n\t\t\t\t\"path\" : \"\\\/wp-content\\\/uploads\\\/2023\\\/11\\\/\",\n\t\t\t\t\"video\" : null,\n\t\t\t\t\"autoplay\" : null,\n\t\t\t\t\"youtube\" : null,\n\t\t\t\t\"youtubelabel\" : \"Video abspielen\",\n\t\t\t\t\"brightness\" : 100,\n\t\t\t\t\"crop\" : null,\n\t\t\t\t\"background\" : true,\n\t\t\t\t\"scale\" : 2\t\t\t\t}\n\t\t\t<\/script>\n\n\t\t\t<div class=\"height-container\" style=\"padding-bottom:170.79419299744%;\" v-if=\"sizes\">\n\t\t\t\t\t\t\t\t<lazy-media :inline=\"true\" :alt=\"alt\" :sizes=\"sizes\" :scale=\"scale\" :brightness=\"brightness\" :path=\"path\" :video=\"video\" :autoplay=\"autoplay\" :youtube=\"youtube\" :crop=\"crop\" :youtubelabel=\"youtubelabel\" :background=\"background\" media-id=\"desc_media_69f245746aae6\"><\/lazy-media>\n\t\t\t\t\t\t\t<\/div>\n\n\t\t\t\t\t\t\t<figcaption class=\"sr-only\" ref=\"body\" id=\"desc_media_69f245746aae6\">\n\t\t\t\t\t\t\t\t\t\t\t\t\t\t\t\t\t\t\t\t\t<div class=\"insignificant\">\u00a9 Stadtmuseum Berlin, Foto: Michael Setzpfandt<\/div>\n\t\t\t\t\t\t\t\t\t<\/figcaption>\n\t\t\t\t\t<\/figure>\n\t<\/lazy-media-inline>\n\t\t\t\t<\/div>\n\t\t\t<\/div>\n\t\t\t<div class=\"col-xs-12 teaser-event-text Infos\">\n\t\t\t\t<div class=\"teaser-event-standard-text\">\n\t\t\t\t\t<div class=\"margin-bottom-atom\">\n\t\t\t\t\t\t<div class=\"subline clamp-1\" v-html=\"maingenre\"><\/div>\n\t\t\t\t\t\t\t\t\t\t\t<\/div>\n\t\t\t\t\n\t\t\t\t\t<strong class=\"margin-bottom-atom\">Kunst als Beute. 10 Geschichten<\/strong>\n\n\t\t\t\t\t\t\t\t\t\t\t<div class=\"\"><\/div>\n\t\t\t\t\t\t\t\t\t<\/div>\n\t\t\t\t<div class=\"teaser-bottom border-bottom\">\n\t\t\t\t<calendardateline :rawitem='item' :show-icon=\"true\"><\/calendardateline>\n\t\t\t\t\t<hr>\n\t\t\t\t<\/div>\n\t\t\t<\/div>\n\t\t<\/div>\n\t<\/a>\n\t<\/calendarteaser>\n<\/li>\n\n\t\t\t\t\t\t<\/ul>\n\t\t\t\t\t<\/div>\n\t\t\t\t<\/div>\n\t\t\t<\/teaser-lane-with-buttons>\n\t\t\t\t<\/lazy-component>\n<\/section>\n\n\n\n<section class=\"block block-magazin-teaser-dossier block-fullscreen-first\">\n\t\t\t<div class=\"container-fluid\"><div class=\"row\"><div class=\"col-xs-12\"><h3 class=\"topline\">Unser Feature<\/h3><\/div><\/div><\/div>\t<div class=\"container-fluid container-fluid-no-padding\">\n\t\t\t<div class=\"\" style='background-color: #bac7d8'>\n\t\t\t<a href=\"https:\/\/www.humboldtforum.org\/de\/magazin\/feature\/eine-welt-in-der-kolonialitaet-nicht-mehr-moeglich-ist\/\" class=\"teaser teaser-magazine-dossier-full\">\n\t\t\t\t<div class=\"row  align-left\">\n\t\t\t\t\t<div class=\"col-xs-12 col-sm-6 teaser-image\">\n\t\t\t\t\t\t\n\t<lazy-media-inline inline-template>\n\t\t<figure itemscope itemtype=\"http:\/\/schema.org\/ImageObject\" class=\"lazy-media-inline \" role=\"group\" id=\"media_69f245746dafb\" aria-labelledby=\"desc_media_69f245746dafb\">\n\t\t\t<script type=\"application\/json\" ref=\"data\">\n\t\t\t\t{\n\t\t\t\t\"sizes\" : {\"medium\":{\"file\":\"SHF_eb00217276-300x300.jpg\",\"width\":300,\"height\":300,\"mime-type\":\"image\\\/jpeg\",\"filesize\":25165},\"large\":{\"file\":\"SHF_eb00217276-1024x1024.jpg\",\"width\":1024,\"height\":1024,\"mime-type\":\"image\\\/jpeg\",\"filesize\":197053},\"thumbnail\":{\"file\":\"SHF_eb00217276-150x150.jpg\",\"width\":150,\"height\":150,\"mime-type\":\"image\\\/jpeg\",\"filesize\":7885},\"medium_large\":{\"file\":\"SHF_eb00217276-768x768.jpg\",\"width\":768,\"height\":768,\"mime-type\":\"image\\\/jpeg\",\"filesize\":122037},\"small\":{\"file\":\"SHF_eb00217276-440x440.jpg\",\"width\":440,\"height\":440,\"mime-type\":\"image\\\/jpeg\",\"filesize\":47375},\"semi\":{\"file\":\"SHF_eb00217276-580x580.jpg\",\"width\":580,\"height\":580,\"mime-type\":\"image\\\/jpeg\",\"filesize\":77074},\"mobile\":{\"file\":\"SHF_eb00217276-720x720.jpg\",\"width\":720,\"height\":720,\"mime-type\":\"image\\\/jpeg\",\"filesize\":109958},\"hd\":{\"file\":\"SHF_eb00217276-1280x1280.jpg\",\"width\":1280,\"height\":1280,\"mime-type\":\"image\\\/jpeg\",\"filesize\":283094},\"original\":{\"file\":\"SHF_eb00217276.jpg\",\"width\":1500,\"height\":1500}},\n\t\t\t\t\"alt\" : \"Schwarz-wei\\u00dfes Stadtbild in einem gelben Rahmen, mit Worten zu Kolonialismus und Rassismus im Hintergrund.\",\n\t\t\t\t\"path\" : \"\\\/wp-content\\\/uploads\\\/2024\\\/02\\\/\",\n\t\t\t\t\"video\" : null,\n\t\t\t\t\"autoplay\" : null,\n\t\t\t\t\"youtube\" : null,\n\t\t\t\t\"youtubelabel\" : \"Video abspielen\",\n\t\t\t\t\"brightness\" : 100,\n\t\t\t\t\"crop\" : null,\n\t\t\t\t\"background\" : true,\n\t\t\t\t\"scale\" : 1\t\t\t\t}\n\t\t\t<\/script>\n\n\t\t\t<div class=\"height-container\" style=\"padding-bottom:100%;\" v-if=\"sizes\">\n\t\t\t\t\t\t\t\t<lazy-media :inline=\"true\" :alt=\"alt\" :sizes=\"sizes\" :scale=\"scale\" :brightness=\"brightness\" :path=\"path\" :video=\"video\" :autoplay=\"autoplay\" :youtube=\"youtube\" :crop=\"crop\" :youtubelabel=\"youtubelabel\" :background=\"background\" media-id=\"desc_media_69f245746dafb\"><\/lazy-media>\n\t\t\t\t\t\t\t<\/div>\n\n\t\t\t\t\t\t\t<figcaption class=\"sr-only\" ref=\"body\" id=\"desc_media_69f245746dafb\">\n\t\t\t\t\t\t\t\t\t\t\t\t\t\t\t\t\t\t\t\t\t<div class=\"insignificant\">\u00a9 Stiftung Humboldt Forum im Berliner Schloss, Foto: Andreas K\u00f6nig<\/div>\n\t\t\t\t\t\t\t\t\t<\/figcaption>\n\t\t\t\t\t<\/figure>\n\t<\/lazy-media-inline>\n\t\t\t\t\t<\/div>\n\t\t\t\t\t<div class=\"col-xs-12 col-sm-4 col-sm-offset-1 teaser-magazine-dossier-full-copy-wrapper\">\n\t\t\t\t\t\t<div class=\"header-copy-box\">\n\t\t\t\t\t\t\t<div class=\"header-copy-content\">\n\t\t\t\t\t\t\t\t<div class=\"header-copy-overline subline\">Das Feature<\/div>\n\t\t\t\t\t\t\t\t<div class=\"header-copy-headline teaser-header\"><span>\u2026 eine Welt, in der Kolonialit\u00e4t nicht mehr m\u00f6glich ist.<\/span><\/div>\n\t\t\t\t\t\t\t\t<div class=\"header-copy-subline teaser-subline meta\">12 Beitr\u00e4ge<\/div>\n\t\t\t\t\t\t\t<\/div>\n\t\t\t\t\t\t<\/div>\n\t\t\t\t\t<\/div>\n\t\t\t\t<\/div>\n\t\t\t<\/a>\n\t\t<\/div>\n\t\t<\/div>\n\t<\/section>\n\n<section class=\"block block-teaser col-lane \" style=\"\">\n\t\t\t\t\t\t<teaser-lane-with-buttons inline-template tracking-label=\"Aus unserem Magazin\">\n\t\t\t\t<div>\n\t\t\t\t\t<div class=\"container-fluid\">\n\t\t\t\t\t\t<div class=\"row middle-xs\">\n\t\t\t\t\t\t\t<div class=\"col-xs-10 col-sm-8\">\n\t\t\t\t\t\t\t\t<h3 class=\"h4 topline\">Aus unserem Magazin<\/h3>\t\t\t\t\t\t\t<\/div>\n\t\t\t\t\t\t\t<div class=\"col-xs-2 col-sm-4 end-xs margin-bottom-sixth\">\n\t\t\t\t\t\t\t\t<teaser-lane-buttons :visible_prev=\"visible_prev\" :visible_next=\"visible_next\" @prev=\"prev\" @next=\"next\"><\/teaser-lane-buttons>\n\t\t\t\t\t\t\t<\/div>\n\t\t\t\t\t\t<\/div>\n\t\t\t\t\t<\/div>\n\t\t\t\t\t<div class=\"teaser-lane-wrapper\">\n\t\t\t\t\t\t<ul class=\"teaser-lane\">\n\t\t\t\t\t\t<li class=\"teaser-lane-slide teaser-wrapper col-xs-5 col-sm-4 col-md-3 col-padding-remove\">\n\t<div class=\"box\">\n\t\t<a href=\"https:\/\/www.humboldtforum.org\/de\/magazin\/artikel\/wir-haben-die-welt-ausgenutzt\/\" class=\"teaser teaser-magazine-article\">\n\t\t\t<div class=\"row\">\n\t\t\t\t<div class=\"col-xs-12\">\n\t\t\t\t\t<div class=\"teaser-image\">\n\t\t\t\t\t\t\n\t<lazy-media-inline inline-template>\n\t\t<figure itemscope itemtype=\"http:\/\/schema.org\/ImageObject\" class=\"lazy-media-inline \" role=\"group\" id=\"media_69f245747b7c4\" aria-labelledby=\"desc_media_69f245747b7c4\">\n\t\t\t<script type=\"application\/json\" ref=\"data\">\n\t\t\t\t{\n\t\t\t\t\"sizes\" : {\"medium\":{\"file\":\"Die-Zeit_Interview-Humboldtforum_817_7831-fu\\u0308r-Website-scaled-200x300.jpg\",\"width\":200,\"height\":300,\"mime-type\":\"image\\\/jpeg\"},\"large\":{\"file\":\"Die-Zeit_Interview-Humboldtforum_817_7831-fu\\u0308r-Website-scaled-683x1024.jpg\",\"width\":683,\"height\":1024,\"mime-type\":\"image\\\/jpeg\"},\"thumbnail\":{\"file\":\"Die-Zeit_Interview-Humboldtforum_817_7831-fu\\u0308r-Website-scaled-150x150.jpg\",\"width\":150,\"height\":150,\"mime-type\":\"image\\\/jpeg\"},\"medium_large\":{\"file\":\"Die-Zeit_Interview-Humboldtforum_817_7831-fu\\u0308r-Website-scaled-768x1152.jpg\",\"width\":768,\"height\":1152,\"mime-type\":\"image\\\/jpeg\"},\"small\":{\"file\":\"Die-Zeit_Interview-Humboldtforum_817_7831-fu\\u0308r-Website-scaled-293x440.jpg\",\"width\":293,\"height\":440,\"mime-type\":\"image\\\/jpeg\"},\"semi\":{\"file\":\"Die-Zeit_Interview-Humboldtforum_817_7831-fu\\u0308r-Website-scaled-387x580.jpg\",\"width\":387,\"height\":580,\"mime-type\":\"image\\\/jpeg\"},\"mobile\":{\"file\":\"Die-Zeit_Interview-Humboldtforum_817_7831-fu\\u0308r-Website-scaled-480x720.jpg\",\"width\":480,\"height\":720,\"mime-type\":\"image\\\/jpeg\"},\"hd\":{\"file\":\"Die-Zeit_Interview-Humboldtforum_817_7831-fu\\u0308r-Website-scaled-854x1280.jpg\",\"width\":854,\"height\":1280,\"mime-type\":\"image\\\/jpeg\"},\"full\":{\"file\":\"Die-Zeit_Interview-Humboldtforum_817_7831-fu\\u0308r-Website-scaled-1280x1920.jpg\",\"width\":1280,\"height\":1920,\"mime-type\":\"image\\\/jpeg\"},\"1536x1536\":{\"file\":\"Die-Zeit_Interview-Humboldtforum_817_7831-fu\\u0308r-Website-scaled-1024x1536.jpg\",\"width\":1024,\"height\":1536,\"mime-type\":\"image\\\/jpeg\"},\"2048x2048\":{\"file\":\"Die-Zeit_Interview-Humboldtforum_817_7831-fu\\u0308r-Website-scaled-1366x2048.jpg\",\"width\":1366,\"height\":2048,\"mime-type\":\"image\\\/jpeg\"},\"original\":{\"file\":\"Die-Zeit_Interview-Humboldtforum_817_7831-fu\\u0308r-Website-scaled.jpg\",\"width\":1707,\"height\":2560}},\n\t\t\t\t\"alt\" : \"Vier M\\u00e4nner in Anz\\u00fcgen gehen \\u00fcber einen Platz vor einem historischen Geb\\u00e4ude, w\\u00e4hrend sich Reflexionen im Wasser zeigen.\",\n\t\t\t\t\"path\" : \"\\\/wp-content\\\/uploads\\\/2020\\\/05\\\/\",\n\t\t\t\t\"video\" : null,\n\t\t\t\t\"autoplay\" : null,\n\t\t\t\t\"youtube\" : null,\n\t\t\t\t\"youtubelabel\" : \"Video abspielen\",\n\t\t\t\t\"brightness\" : 100,\n\t\t\t\t\"crop\" : {\"top\":\"74.22\",\"left\":\"46.58\"},\n\t\t\t\t\"background\" : true,\n\t\t\t\t\"scale\" : 2\t\t\t\t}\n\t\t\t<\/script>\n\n\t\t\t<div class=\"height-container\" style=\"padding-bottom:149.97070884593%;\" v-if=\"sizes\">\n\t\t\t\t\t\t\t\t<lazy-media :inline=\"true\" :alt=\"alt\" :sizes=\"sizes\" :scale=\"scale\" :brightness=\"brightness\" :path=\"path\" :video=\"video\" :autoplay=\"autoplay\" :youtube=\"youtube\" :crop=\"crop\" :youtubelabel=\"youtubelabel\" :background=\"background\" media-id=\"desc_media_69f245747b7c4\"><\/lazy-media>\n\t\t\t\t\t\t\t<\/div>\n\n\t\t\t\t\t\t\t<figcaption class=\"sr-only\" ref=\"body\" id=\"desc_media_69f245747b7c4\">\n\t\t\t\t\t\t\t\t\t\t\t<div>Lars-Christian Koch, Hartmut Dorgerloh, Gorch Pieken und Paul Spies auf der Baustelle des Humboldt Forums, Februar 2020. <\/div>\n\t\t\t\t\t\t\t\t\t\t\t\t\t\t\t\t\t\t\t\t\t<div class=\"insignificant\">\u00a9 Holger Talinski f\u00fcr DIE ZEIT<\/div>\n\t\t\t\t\t\t\t\t\t<\/figcaption>\n\t\t\t\t\t<\/figure>\n\t<\/lazy-media-inline>\n\t\t\t\t\t<\/div>\n\t\t\t\t<\/div>\n\t\t\t\t<div class=\"col-xs-12\">\n\t\t\t\t\t<div class=\"box\">\n\t\t\t\t\t\t<div class=\"teaser-overline subline\"><div class=\"tax-list-magazine-format tax-list-count-1\">Interview<\/div><\/div>\n\t\t\t\t\t\t<div class=\"teaser-header\"><span>\u201eWir haben die Welt ausgenutzt\u201c<\/span><\/div>\n\t\t\t\t\t\t<div class=\"teaser-copy\"><\/div>\n\t\t\t\t\t\t<div class=\"teaser-subline meta\"><div aria-hidden=\"true\" class=\"icon-like meta-separator\"><\/div> <span aria-hidden=\"true\">15<\/span> <div aria-hidden=\"true\" class=\"icon-bullet_active meta-separator\"><\/div> <span>15  <abbr aria-label='Min.'>Min<\/abbr> Lesezeit<\/span><\/div>\n\t\t\t\t\t<\/div>\n\t\t\t\t<\/div>\n\t\t\t<\/div>\n\t\t<\/a>\n\t<\/div>\n<\/li><li class=\"teaser-lane-slide teaser-wrapper col-xs-5 col-sm-4 col-md-3 col-padding-remove\">\n\t<div class=\"box\">\n\t\t<a href=\"https:\/\/www.humboldtforum.org\/de\/magazin\/artikel\/sorryfornothing\/\" class=\"teaser teaser-magazine-article\">\n\t\t\t<div class=\"row\">\n\t\t\t\t<div class=\"col-xs-12\">\n\t\t\t\t\t<div class=\"teaser-image\">\n\t\t\t\t\t\t\n\t<lazy-media-inline inline-template>\n\t\t<figure itemscope itemtype=\"http:\/\/schema.org\/ImageObject\" class=\"lazy-media-inline \" role=\"group\" id=\"media_69f2457488af6\" aria-labelledby=\"desc_media_69f2457488af6\">\n\t\t\t<script type=\"application\/json\" ref=\"data\">\n\t\t\t\t{\n\t\t\t\t\"sizes\" : {\"medium\":{\"file\":\"\\u00a9KPB_LMSummer_K\\u00fcnstler_PhilipKojoMetz-200x300.jpg\",\"width\":200,\"height\":300,\"mime-type\":\"image\\\/jpeg\"},\"large\":{\"file\":\"\\u00a9KPB_LMSummer_K\\u00fcnstler_PhilipKojoMetz-683x1024.jpg\",\"width\":683,\"height\":1024,\"mime-type\":\"image\\\/jpeg\"},\"thumbnail\":{\"file\":\"\\u00a9KPB_LMSummer_K\\u00fcnstler_PhilipKojoMetz-150x150.jpg\",\"width\":150,\"height\":150,\"mime-type\":\"image\\\/jpeg\"},\"medium_large\":{\"file\":\"\\u00a9KPB_LMSummer_K\\u00fcnstler_PhilipKojoMetz-768x1152.jpg\",\"width\":768,\"height\":1152,\"mime-type\":\"image\\\/jpeg\"},\"small\":{\"file\":\"\\u00a9KPB_LMSummer_K\\u00fcnstler_PhilipKojoMetz-293x440.jpg\",\"width\":293,\"height\":440,\"mime-type\":\"image\\\/jpeg\"},\"semi\":{\"file\":\"\\u00a9KPB_LMSummer_K\\u00fcnstler_PhilipKojoMetz-387x580.jpg\",\"width\":387,\"height\":580,\"mime-type\":\"image\\\/jpeg\"},\"mobile\":{\"file\":\"\\u00a9KPB_LMSummer_K\\u00fcnstler_PhilipKojoMetz-480x720.jpg\",\"width\":480,\"height\":720,\"mime-type\":\"image\\\/jpeg\"},\"hd\":{\"file\":\"\\u00a9KPB_LMSummer_K\\u00fcnstler_PhilipKojoMetz-853x1280.jpg\",\"width\":853,\"height\":1280,\"mime-type\":\"image\\\/jpeg\"},\"1536x1536\":{\"file\":\"\\u00a9KPB_LMSummer_K\\u00fcnstler_PhilipKojoMetz-1024x1536.jpg\",\"width\":1024,\"height\":1536,\"mime-type\":\"image\\\/jpeg\"},\"original\":{\"file\":\"\\u00a9KPB_LMSummer_K\\u00fcnstler_PhilipKojoMetz.jpg\",\"width\":1200,\"height\":1800}},\n\t\t\t\t\"alt\" : \"Mann mit lockigem Haar tr\\u00e4gt eine leuchtend gelbe Sicherheitsweste und steht in einem dunklen Raum.\",\n\t\t\t\t\"path\" : \"\\\/wp-content\\\/uploads\\\/2020\\\/04\\\/\",\n\t\t\t\t\"video\" : null,\n\t\t\t\t\"autoplay\" : null,\n\t\t\t\t\"youtube\" : null,\n\t\t\t\t\"youtubelabel\" : \"Video abspielen\",\n\t\t\t\t\"brightness\" : 100,\n\t\t\t\t\"crop\" : null,\n\t\t\t\t\"background\" : true,\n\t\t\t\t\"scale\" : 2\t\t\t\t}\n\t\t\t<\/script>\n\n\t\t\t<div class=\"height-container\" style=\"padding-bottom:150%;\" v-if=\"sizes\">\n\t\t\t\t\t\t\t\t<lazy-media :inline=\"true\" :alt=\"alt\" :sizes=\"sizes\" :scale=\"scale\" :brightness=\"brightness\" :path=\"path\" :video=\"video\" :autoplay=\"autoplay\" :youtube=\"youtube\" :crop=\"crop\" :youtubelabel=\"youtubelabel\" :background=\"background\" media-id=\"desc_media_69f2457488af6\"><\/lazy-media>\n\t\t\t\t\t\t\t<\/div>\n\n\t\t\t\t\t\t\t<figcaption class=\"sr-only\" ref=\"body\" id=\"desc_media_69f2457488af6\">\n\t\t\t\t\t\t\t\t\t\t\t<div>Der K&uuml;nstler Philip Kojo Metz w&auml;hrend der Aufbauarbeiten von SORRYFORNOTHING im Humboldt Forum<\/div>\n\t\t\t\t\t\t\t\t\t\t\t\t\t\t\t\t\t\t\t\t\t<div class=\"insignificant\">\u00a9 Kulturprojekte Berlin und Stiftung Stadtmuseum Berlin, Foto: Louisa Marie Summer<\/div>\n\t\t\t\t\t\t\t\t\t<\/figcaption>\n\t\t\t\t\t<\/figure>\n\t<\/lazy-media-inline>\n\t\t\t\t\t<\/div>\n\t\t\t\t<\/div>\n\t\t\t\t<div class=\"col-xs-12\">\n\t\t\t\t\t<div class=\"box\">\n\t\t\t\t\t\t<div class=\"teaser-overline subline\"><div class=\"tax-list-magazine-format tax-list-count-1\">Interview<\/div><\/div>\n\t\t\t\t\t\t<div class=\"teaser-header\"><span>SORRYFORNOTHING \u2013 eine skulpturale Intervention<\/span><\/div>\n\t\t\t\t\t\t<div class=\"teaser-copy\"><\/div>\n\t\t\t\t\t\t<div class=\"teaser-subline meta\"><div aria-hidden=\"true\" class=\"icon-like meta-separator\"><\/div> <span aria-hidden=\"true\">11<\/span> <div aria-hidden=\"true\" class=\"icon-bullet_active meta-separator\"><\/div> <span>12  <abbr aria-label='Min.'>Min<\/abbr> Lesezeit<\/span><\/div>\n\t\t\t\t\t<\/div>\n\t\t\t\t<\/div>\n\t\t\t<\/div>\n\t\t<\/a>\n\t<\/div>\n<\/li><li class=\"teaser-lane-slide teaser-wrapper col-xs-5 col-sm-4 col-md-3 col-padding-remove\">\n\t<div class=\"box\">\n\t\t<a href=\"https:\/\/www.humboldtforum.org\/de\/magazin\/artikel\/wider-koloniales-unrecht\/\" class=\"teaser teaser-magazine-article\">\n\t\t\t<div class=\"row\">\n\t\t\t\t<div class=\"col-xs-12\">\n\t\t\t\t\t<div class=\"teaser-image\">\n\t\t\t\t\t\t\n\t<lazy-media-inline inline-template>\n\t\t<figure itemscope itemtype=\"http:\/\/schema.org\/ImageObject\" class=\"lazy-media-inline \" role=\"group\" id=\"media_69f2457492637\" aria-labelledby=\"desc_media_69f2457492637\">\n\t\t\t<script type=\"application\/json\" ref=\"data\">\n\t\t\t\t{\n\t\t\t\t\"sizes\" : {\"medium\":{\"file\":\"SHF_eb00094615-300x198.jpg\",\"width\":300,\"height\":198,\"mime-type\":\"image\\\/jpeg\"},\"thumbnail\":{\"file\":\"SHF_eb00094615-150x150.jpg\",\"width\":150,\"height\":150,\"mime-type\":\"image\\\/jpeg\"},\"medium_large\":{\"file\":\"SHF_eb00094615-768x506.jpg\",\"width\":768,\"height\":506,\"mime-type\":\"image\\\/jpeg\"},\"small\":{\"file\":\"SHF_eb00094615-440x290.jpg\",\"width\":440,\"height\":290,\"mime-type\":\"image\\\/jpeg\"},\"semi\":{\"file\":\"SHF_eb00094615-580x382.jpg\",\"width\":580,\"height\":382,\"mime-type\":\"image\\\/jpeg\"},\"mobile\":{\"file\":\"SHF_eb00094615-720x474.jpg\",\"width\":720,\"height\":474,\"mime-type\":\"image\\\/jpeg\"},\"original\":{\"file\":\"SHF_eb00094615.jpg\",\"width\":1000,\"height\":659}},\n\t\t\t\t\"alt\" : \"Schwarze, geschwungene Skulptur h\\u00e4ngt an einem St\\u00e4nder in einem hellen, modernen Raum mit gro\\u00dfen Fenstern.\",\n\t\t\t\t\"path\" : \"\\\/wp-content\\\/uploads\\\/2020\\\/06\\\/\",\n\t\t\t\t\"video\" : null,\n\t\t\t\t\"autoplay\" : null,\n\t\t\t\t\"youtube\" : null,\n\t\t\t\t\"youtubelabel\" : \"Video abspielen\",\n\t\t\t\t\"brightness\" : 100,\n\t\t\t\t\"crop\" : {\"top\":\"42.55\",\"left\":\"55.76\"},\n\t\t\t\t\"background\" : true,\n\t\t\t\t\"scale\" : 2\t\t\t\t}\n\t\t\t<\/script>\n\n\t\t\t<div class=\"height-container\" style=\"padding-bottom:65.9%;\" v-if=\"sizes\">\n\t\t\t\t\t\t\t\t<lazy-media :inline=\"true\" :alt=\"alt\" :sizes=\"sizes\" :scale=\"scale\" :brightness=\"brightness\" :path=\"path\" :video=\"video\" :autoplay=\"autoplay\" :youtube=\"youtube\" :crop=\"crop\" :youtubelabel=\"youtubelabel\" :background=\"background\" media-id=\"desc_media_69f2457492637\"><\/lazy-media>\n\t\t\t\t\t\t\t<\/div>\n\n\t\t\t\t\t\t\t<figcaption class=\"sr-only\" ref=\"body\" id=\"desc_media_69f2457492637\">\n\t\t\t\t\t\t\t\t\t\t\t\t\t\t\t\t\t\t\t<\/figcaption>\n\t\t\t\t\t<\/figure>\n\t<\/lazy-media-inline>\n\t\t\t\t\t<\/div>\n\t\t\t\t<\/div>\n\t\t\t\t<div class=\"col-xs-12\">\n\t\t\t\t\t<div class=\"box\">\n\t\t\t\t\t\t<div class=\"teaser-overline subline\"><div class=\"tax-list-magazine-format tax-list-count-1\">Artikel<\/div><\/div>\n\t\t\t\t\t\t<div class=\"teaser-header\"><span>Wider koloniales Unrecht<\/span><\/div>\n\t\t\t\t\t\t<div class=\"teaser-copy\"><\/div>\n\t\t\t\t\t\t<div class=\"teaser-subline meta\"><div aria-hidden=\"true\" class=\"icon-like meta-separator\"><\/div> <span aria-hidden=\"true\">22<\/span> <div aria-hidden=\"true\" class=\"icon-bullet_active meta-separator\"><\/div> <span>11  <abbr aria-label='Min.'>Min<\/abbr> Lesezeit<\/span><\/div>\n\t\t\t\t\t<\/div>\n\t\t\t\t<\/div>\n\t\t\t<\/div>\n\t\t<\/a>\n\t<\/div>\n<\/li><li class=\"teaser-lane-slide teaser-wrapper col-xs-5 col-sm-4 col-md-3 col-padding-remove\">\n\t<div class=\"box\">\n\t\t<a href=\"https:\/\/www.humboldtforum.org\/de\/magazin\/artikel\/im-land-der-chokwe\/\" class=\"teaser teaser-magazine-article\">\n\t\t\t<div class=\"row\">\n\t\t\t\t<div class=\"col-xs-12\">\n\t\t\t\t\t<div class=\"teaser-image\">\n\t\t\t\t\t\t\n\t<lazy-media-inline inline-template>\n\t\t<figure itemscope itemtype=\"http:\/\/schema.org\/ImageObject\" class=\"lazy-media-inline \" role=\"group\" id=\"media_69f24574980fc\" aria-labelledby=\"desc_media_69f24574980fc\">\n\t\t\t<script type=\"application\/json\" ref=\"data\">\n\t\t\t\t{\n\t\t\t\t\"sizes\" : {\"medium\":{\"file\":\"HF_eb00093591-scaled-300x200.jpg\",\"width\":300,\"height\":200,\"mime-type\":\"image\\\/jpeg\"},\"large\":{\"file\":\"HF_eb00093591-scaled-1024x683.jpg\",\"width\":1024,\"height\":683,\"mime-type\":\"image\\\/jpeg\"},\"thumbnail\":{\"file\":\"HF_eb00093591-scaled-150x150.jpg\",\"width\":150,\"height\":150,\"mime-type\":\"image\\\/jpeg\"},\"medium_large\":{\"file\":\"HF_eb00093591-scaled-768x512.jpg\",\"width\":768,\"height\":512,\"mime-type\":\"image\\\/jpeg\"},\"small\":{\"file\":\"HF_eb00093591-scaled-440x293.jpg\",\"width\":440,\"height\":293,\"mime-type\":\"image\\\/jpeg\"},\"semi\":{\"file\":\"HF_eb00093591-scaled-580x387.jpg\",\"width\":580,\"height\":387,\"mime-type\":\"image\\\/jpeg\"},\"mobile\":{\"file\":\"HF_eb00093591-scaled-720x480.jpg\",\"width\":720,\"height\":480,\"mime-type\":\"image\\\/jpeg\"},\"hd\":{\"file\":\"HF_eb00093591-scaled-1280x854.jpg\",\"width\":1280,\"height\":854,\"mime-type\":\"image\\\/jpeg\"},\"full\":{\"file\":\"HF_eb00093591-scaled-1920x1280.jpg\",\"width\":1920,\"height\":1280,\"mime-type\":\"image\\\/jpeg\"},\"1536x1536\":{\"file\":\"HF_eb00093591-scaled-1536x1024.jpg\",\"width\":1536,\"height\":1024,\"mime-type\":\"image\\\/jpeg\"},\"2048x2048\":{\"file\":\"HF_eb00093591-scaled-2048x1366.jpg\",\"width\":2048,\"height\":1366,\"mime-type\":\"image\\\/jpeg\"},\"original\":{\"file\":\"HF_eb00093591-scaled.jpg\",\"width\":2560,\"height\":1707}},\n\t\t\t\t\"alt\" : \"Vier M\\u00e4nner in einem Museum Depot schauen verschiedene Kunstobjekte an\",\n\t\t\t\t\"path\" : \"\\\/wp-content\\\/uploads\\\/2020\\\/03\\\/\",\n\t\t\t\t\"video\" : null,\n\t\t\t\t\"autoplay\" : null,\n\t\t\t\t\"youtube\" : null,\n\t\t\t\t\"youtubelabel\" : \"Video abspielen\",\n\t\t\t\t\"brightness\" : 100,\n\t\t\t\t\"crop\" : {\"top\":\"27.86\",\"left\":\"36.13\"},\n\t\t\t\t\"background\" : true,\n\t\t\t\t\"scale\" : 2\t\t\t\t}\n\t\t\t<\/script>\n\n\t\t\t<div class=\"height-container\" style=\"padding-bottom:66.6796875%;\" v-if=\"sizes\">\n\t\t\t\t\t\t\t\t<lazy-media :inline=\"true\" :alt=\"alt\" :sizes=\"sizes\" :scale=\"scale\" :brightness=\"brightness\" :path=\"path\" :video=\"video\" :autoplay=\"autoplay\" :youtube=\"youtube\" :crop=\"crop\" :youtubelabel=\"youtubelabel\" :background=\"background\" media-id=\"desc_media_69f24574980fc\"><\/lazy-media>\n\t\t\t\t\t\t\t<\/div>\n\n\t\t\t\t\t\t\t<figcaption class=\"sr-only\" ref=\"body\" id=\"desc_media_69f24574980fc\">\n\t\t\t\t\t\t\t\t\t\t\t<div>Im Depot des Museu Nacional de Antropologia in Luanda, Angola<\/div>\n\t\t\t\t\t\t\t\t\t\t\t\t\t\t\t\t<div>Museumsleiter &Aacute;lvaro Jorge zeigt Ziva Domingos, Hermann Parzinger und Norbert Spitz sie Sammlung seines Hauses.  <\/div>\n\t\t\t\t\t\t\t\t\t\t\t\t\t\t\t\t<div class=\"insignificant\">\u00a9 Stefan M\u00fcchler<\/div>\n\t\t\t\t\t\t\t\t\t<\/figcaption>\n\t\t\t\t\t<\/figure>\n\t<\/lazy-media-inline>\n\t\t\t\t\t<\/div>\n\t\t\t\t<\/div>\n\t\t\t\t<div class=\"col-xs-12\">\n\t\t\t\t\t<div class=\"box\">\n\t\t\t\t\t\t<div class=\"teaser-overline subline\"><div class=\"tax-list-magazine-format tax-list-count-1\">Reportage<\/div><\/div>\n\t\t\t\t\t\t<div class=\"teaser-header\"><span>Im Land der Chokwe<\/span><\/div>\n\t\t\t\t\t\t<div class=\"teaser-copy\"><\/div>\n\t\t\t\t\t\t<div class=\"teaser-subline meta\"><div aria-hidden=\"true\" class=\"icon-like meta-separator\"><\/div> <span aria-hidden=\"true\">4<\/span> <div aria-hidden=\"true\" class=\"icon-bullet_active meta-separator\"><\/div> <span>5  <abbr aria-label='Min.'>Min<\/abbr> Lesezeit<\/span><\/div>\n\t\t\t\t\t<\/div>\n\t\t\t\t<\/div>\n\t\t\t<\/div>\n\t\t<\/a>\n\t<\/div>\n<\/li><li class=\"teaser-lane-slide teaser-wrapper col-xs-5 col-sm-4 col-md-3 col-padding-remove\">\n\t<div class=\"box\">\n\t\t<a href=\"https:\/\/www.humboldtforum.org\/de\/magazin\/artikel\/die-akustische-spur\/\" class=\"teaser teaser-magazine-article\">\n\t\t\t<div class=\"row\">\n\t\t\t\t<div class=\"col-xs-12\">\n\t\t\t\t\t<div class=\"teaser-image\">\n\t\t\t\t\t\t\n\t<lazy-media-inline inline-template>\n\t\t<figure itemscope itemtype=\"http:\/\/schema.org\/ImageObject\" class=\"lazy-media-inline \" role=\"group\" id=\"media_69f24574a6256\" aria-labelledby=\"desc_media_69f24574a6256\">\n\t\t\t<script type=\"application\/json\" ref=\"data\">\n\t\t\t\t{\n\t\t\t\t\"sizes\" : {\"medium\":{\"file\":\"HF_eb00041684-scaled-300x177.jpg\",\"width\":300,\"height\":177,\"mime-type\":\"image\\\/jpeg\"},\"large\":{\"file\":\"HF_eb00041684-scaled-1024x603.jpg\",\"width\":1024,\"height\":603,\"mime-type\":\"image\\\/jpeg\"},\"thumbnail\":{\"file\":\"HF_eb00041684-scaled-150x150.jpg\",\"width\":150,\"height\":150,\"mime-type\":\"image\\\/jpeg\"},\"medium_large\":{\"file\":\"HF_eb00041684-scaled-768x452.jpg\",\"width\":768,\"height\":452,\"mime-type\":\"image\\\/jpeg\"},\"small\":{\"file\":\"HF_eb00041684-scaled-440x259.jpg\",\"width\":440,\"height\":259,\"mime-type\":\"image\\\/jpeg\"},\"semi\":{\"file\":\"HF_eb00041684-scaled-580x342.jpg\",\"width\":580,\"height\":342,\"mime-type\":\"image\\\/jpeg\"},\"mobile\":{\"file\":\"HF_eb00041684-scaled-720x424.jpg\",\"width\":720,\"height\":424,\"mime-type\":\"image\\\/jpeg\"},\"hd\":{\"file\":\"HF_eb00041684-scaled-1280x754.jpg\",\"width\":1280,\"height\":754,\"mime-type\":\"image\\\/jpeg\"},\"full\":{\"file\":\"HF_eb00041684-scaled-1920x1131.jpg\",\"width\":1920,\"height\":1131,\"mime-type\":\"image\\\/jpeg\"},\"1536x1536\":{\"file\":\"HF_eb00041684-scaled-1536x905.jpg\",\"width\":1536,\"height\":905,\"mime-type\":\"image\\\/jpeg\"},\"2048x2048\":{\"file\":\"HF_eb00041684-scaled-2048x1206.jpg\",\"width\":2048,\"height\":1206,\"mime-type\":\"image\\\/jpeg\"},\"original\":{\"file\":\"HF_eb00041684-scaled.jpg\",\"width\":2560,\"height\":1508}},\n\t\t\t\t\"alt\" : \"Von der Decke h\\u00e4ngende Schallplatten, davor steht eine Besucherin mit Kopfh\\u00f6rern\",\n\t\t\t\t\"path\" : \"\\\/wp-content\\\/uploads\\\/2020\\\/03\\\/\",\n\t\t\t\t\"video\" : null,\n\t\t\t\t\"autoplay\" : null,\n\t\t\t\t\"youtube\" : null,\n\t\t\t\t\"youtubelabel\" : \"Video abspielen\",\n\t\t\t\t\"brightness\" : 100,\n\t\t\t\t\"crop\" : {\"top\":\"40.93\",\"left\":\"20.69\"},\n\t\t\t\t\"background\" : true,\n\t\t\t\t\"scale\" : 2\t\t\t\t}\n\t\t\t<\/script>\n\n\t\t\t<div class=\"height-container\" style=\"padding-bottom:58.90625%;\" v-if=\"sizes\">\n\t\t\t\t\t\t\t\t<lazy-media :inline=\"true\" :alt=\"alt\" :sizes=\"sizes\" :scale=\"scale\" :brightness=\"brightness\" :path=\"path\" :video=\"video\" :autoplay=\"autoplay\" :youtube=\"youtube\" :crop=\"crop\" :youtubelabel=\"youtubelabel\" :background=\"background\" media-id=\"desc_media_69f24574a6256\"><\/lazy-media>\n\t\t\t\t\t\t\t<\/div>\n\n\t\t\t\t\t\t\t<figcaption class=\"sr-only\" ref=\"body\" id=\"desc_media_69f24574a6256\">\n\t\t\t\t\t\t\t\t\t\t\t<div>Die Ausstellung  &bdquo;[laut] Die Welt h&ouml;ren&quot; in der Humboldt Box Berlin, 2018.\n<\/div>\n\t\t\t\t\t\t\t\t\t\t\t\t\t\t\t\t\t\t\t\t\t<div class=\"insignificant\">\u00a9 SHF \/ Foto: David von Becker<\/div>\n\t\t\t\t\t\t\t\t\t<\/figcaption>\n\t\t\t\t\t<\/figure>\n\t<\/lazy-media-inline>\n\t\t\t\t\t<\/div>\n\t\t\t\t<\/div>\n\t\t\t\t<div class=\"col-xs-12\">\n\t\t\t\t\t<div class=\"box\">\n\t\t\t\t\t\t<div class=\"teaser-overline subline\"><div class=\"tax-list-magazine-format tax-list-count-1\">Reportage<\/div><\/div>\n\t\t\t\t\t\t<div class=\"teaser-header\"><span>Die akustische Spur des Bayume Mohamed Husen<\/span><\/div>\n\t\t\t\t\t\t<div class=\"teaser-copy\"><\/div>\n\t\t\t\t\t\t<div class=\"teaser-subline meta\"><div aria-hidden=\"true\" class=\"icon-like meta-separator\"><\/div> <span aria-hidden=\"true\">7<\/span> <div aria-hidden=\"true\" class=\"icon-bullet_active meta-separator\"><\/div> <span>11  <abbr aria-label='Min.'>Min<\/abbr> Lesezeit<\/span><\/div>\n\t\t\t\t\t<\/div>\n\t\t\t\t<\/div>\n\t\t\t<\/div>\n\t\t<\/a>\n\t<\/div>\n<\/li>\t\t\t\t\t\t<\/ul>\n\t\t\t\t\t<\/div>\n\t\t\t\t<\/div>\n\t\t\t<\/teaser-lane-with-buttons>\n\t\t\t<\/section>\n\n<section class=\"block block-teaser col-4 \" style=\"\">\n\t\t\t\t\t\t<div class=\"container-fluid\">\n\t\t\t\t\t\t\t\t\t<div class=\"row\">\n\t\t\t\t\t\t<div class=\"col-xs-12\">\n\t\t\t\t\t\t\t<h3 class=\"h4 topline\">Mehr Infos<\/h4>\n\t\t\t\t\t\t<\/div>\n\t\t\t\t\t<\/div>\n\t\t\t\t\t\t\t\t<ul class=\"row\">\n\n\t\t\t\t<li class=\"col-xs-6 col-md-3 col-padding-remove teaser-wrapper teaser-wrapper-tight\">\n\t<div class=\"box\">\n\t\t<a href=\"https:\/\/www.humboldtforum.org\/de\/faq\/\" class=\"teaser teaser-page\">\n\t\t\t<div class=\"teaser-image teaser-image-full footer-gradient\">\n\t\t\t\t\n\t<lazy-media-inline inline-template>\n\t\t<figure itemscope itemtype=\"http:\/\/schema.org\/ImageObject\" class=\"lazy-media-inline \" role=\"group\" id=\"media_69f24574a7ad0\" aria-labelledby=\"desc_media_69f24574a7ad0\">\n\t\t\t<script type=\"application\/json\" ref=\"data\">\n\t\t\t\t{\n\t\t\t\t\"sizes\" : {\"medium\":{\"file\":\"HF_eb00040217_169-scaled-214x300.jpg\",\"width\":214,\"height\":300,\"mime-type\":\"image\\\/jpeg\"},\"large\":{\"file\":\"HF_eb00040217_169-scaled-731x1024.jpg\",\"width\":731,\"height\":1024,\"mime-type\":\"image\\\/jpeg\"},\"thumbnail\":{\"file\":\"HF_eb00040217_169-scaled-150x150.jpg\",\"width\":150,\"height\":150,\"mime-type\":\"image\\\/jpeg\"},\"medium_large\":{\"file\":\"HF_eb00040217_169-scaled-768x1076.jpg\",\"width\":768,\"height\":1076,\"mime-type\":\"image\\\/jpeg\"},\"small\":{\"file\":\"HF_eb00040217_169-scaled-314x440.jpg\",\"width\":314,\"height\":440,\"mime-type\":\"image\\\/jpeg\"},\"semi\":{\"file\":\"HF_eb00040217_169-scaled-414x580.jpg\",\"width\":414,\"height\":580,\"mime-type\":\"image\\\/jpeg\"},\"mobile\":{\"file\":\"HF_eb00040217_169-scaled-514x720.jpg\",\"width\":514,\"height\":720,\"mime-type\":\"image\\\/jpeg\"},\"hd\":{\"file\":\"HF_eb00040217_169-scaled-914x1280.jpg\",\"width\":914,\"height\":1280,\"mime-type\":\"image\\\/jpeg\"},\"full\":{\"file\":\"HF_eb00040217_169-scaled-1371x1920.jpg\",\"width\":1371,\"height\":1920,\"mime-type\":\"image\\\/jpeg\"},\"1536x1536\":{\"file\":\"HF_eb00040217_169-scaled-1097x1536.jpg\",\"width\":1097,\"height\":1536,\"mime-type\":\"image\\\/jpeg\"},\"2048x2048\":{\"file\":\"HF_eb00040217_169-scaled-1462x2048.jpg\",\"width\":1462,\"height\":2048,\"mime-type\":\"image\\\/jpeg\"},\"original\":{\"file\":\"HF_eb00040217_169-scaled.jpg\",\"width\":1828,\"height\":2560}},\n\t\t\t\t\"alt\" : \"Perspektivische Aufnahme einer Diskussion in einem Raum mit Menschen und Fensterfront, Licht und Schatten spielen eine Rolle.\",\n\t\t\t\t\"path\" : \"\\\/wp-content\\\/uploads\\\/2020\\\/05\\\/\",\n\t\t\t\t\"video\" : null,\n\t\t\t\t\"autoplay\" : null,\n\t\t\t\t\"youtube\" : null,\n\t\t\t\t\"youtubelabel\" : \"Video abspielen\",\n\t\t\t\t\"brightness\" : 100,\n\t\t\t\t\"crop\" : {\"top\":\"50.00\",\"left\":\"50.00\"},\n\t\t\t\t\"background\" : true,\n\t\t\t\t\"scale\" : 4\t\t\t\t}\n\t\t\t<\/script>\n\n\t\t\t<div class=\"height-container\" style=\"padding-bottom:140.04376367615%;\" v-if=\"sizes\">\n\t\t\t\t\t\t\t\t<lazy-media :inline=\"true\" :alt=\"alt\" :sizes=\"sizes\" :scale=\"scale\" :brightness=\"brightness\" :path=\"path\" :video=\"video\" :autoplay=\"autoplay\" :youtube=\"youtube\" :crop=\"crop\" :youtubelabel=\"youtubelabel\" :background=\"background\" media-id=\"desc_media_69f24574a7ad0\"><\/lazy-media>\n\t\t\t\t\t\t\t<\/div>\n\n\t\t\t\t\t\t\t<figcaption class=\"sr-only\" ref=\"body\" id=\"desc_media_69f24574a7ad0\">\n\t\t\t\t\t\t\t\t\t\t\t<div>&bdquo;[Small Talks] Sprachwissenschaft meets Poetry Slam&ldquo; mit Bas B&ouml;ttcher, 2018.<\/div>\n\t\t\t\t\t\t\t\t\t\t\t\t\t\t\t\t\t\t\t\t\t<div class=\"insignificant\">\u00a9 SHF \/ David von Becker<\/div>\n\t\t\t\t\t\t\t\t\t<\/figcaption>\n\t\t\t\t\t<\/figure>\n\t<\/lazy-media-inline>\n\t\t\t<\/div>\n\t\t\t<div class=\"teaser-header\"><div>\n\t\t\t\t\n\t\t\t\t\t\t<span class=\"h4 mobile-smaller-headline\">FAQ<\/span>\n\t\t\t\t\t\t\t\t<\/div><\/div>\n\t\t<\/a>\n\t<\/div>\n<\/li><li class=\"col-xs-6 col-md-3 col-padding-remove teaser-wrapper teaser-wrapper-tight\">\n\t<div class=\"box\">\n\t\t<a href=\"https:\/\/www.humboldtforum.org\/de\/programm\/\" class=\"teaser teaser-page\">\n\t\t\t<div class=\"teaser-image teaser-image-full footer-gradient\">\n\t\t\t\t\n\t<lazy-media-inline inline-template>\n\t\t<figure itemscope itemtype=\"http:\/\/schema.org\/ImageObject\" class=\"lazy-media-inline \" role=\"group\" id=\"media_69f24574a85e5\" aria-labelledby=\"desc_media_69f24574a85e5\">\n\t\t\t<script type=\"application\/json\" ref=\"data\">\n\t\t\t\t{\n\t\t\t\t\"sizes\" : {\"medium\":{\"file\":\"SHF_eb00104235-300x210.jpeg\",\"width\":300,\"height\":210,\"mime-type\":\"image\\\/jpeg\"},\"large\":{\"file\":\"SHF_eb00104235-1024x719.jpeg\",\"width\":1024,\"height\":719,\"mime-type\":\"image\\\/jpeg\"},\"thumbnail\":{\"file\":\"SHF_eb00104235-150x150.jpeg\",\"width\":150,\"height\":150,\"mime-type\":\"image\\\/jpeg\"},\"medium_large\":{\"file\":\"SHF_eb00104235-768x539.jpeg\",\"width\":768,\"height\":539,\"mime-type\":\"image\\\/jpeg\"},\"small\":{\"file\":\"SHF_eb00104235-440x309.jpeg\",\"width\":440,\"height\":309,\"mime-type\":\"image\\\/jpeg\"},\"semi\":{\"file\":\"SHF_eb00104235-580x407.jpeg\",\"width\":580,\"height\":407,\"mime-type\":\"image\\\/jpeg\"},\"mobile\":{\"file\":\"SHF_eb00104235-720x505.jpeg\",\"width\":720,\"height\":505,\"mime-type\":\"image\\\/jpeg\"},\"hd\":{\"file\":\"SHF_eb00104235-1280x898.jpeg\",\"width\":1280,\"height\":898,\"mime-type\":\"image\\\/jpeg\"},\"full\":{\"file\":\"SHF_eb00104235-1920x1347.jpeg\",\"width\":1920,\"height\":1347,\"mime-type\":\"image\\\/jpeg\"},\"1536x1536\":{\"file\":\"SHF_eb00104235-1536x1078.jpeg\",\"width\":1536,\"height\":1078,\"mime-type\":\"image\\\/jpeg\"},\"original\":{\"file\":\"SHF_eb00104235.jpeg\",\"width\":2048,\"height\":1437}},\n\t\t\t\t\"alt\" : \"Ein Blick in einen modernen Innenraum mit hoher Decke, hellen W\\u00e4nden und zentralem Empfangstresen.\",\n\t\t\t\t\"path\" : \"\\\/wp-content\\\/uploads\\\/2021\\\/07\\\/\",\n\t\t\t\t\"video\" : null,\n\t\t\t\t\"autoplay\" : null,\n\t\t\t\t\"youtube\" : null,\n\t\t\t\t\"youtubelabel\" : \"Video abspielen\",\n\t\t\t\t\"brightness\" : 100,\n\t\t\t\t\"crop\" : {\"top\":\"49.41\",\"left\":\"26.06\"},\n\t\t\t\t\"background\" : true,\n\t\t\t\t\"scale\" : 4\t\t\t\t}\n\t\t\t<\/script>\n\n\t\t\t<div class=\"height-container\" style=\"padding-bottom:70.166015625%;\" v-if=\"sizes\">\n\t\t\t\t\t\t\t\t<lazy-media :inline=\"true\" :alt=\"alt\" :sizes=\"sizes\" :scale=\"scale\" :brightness=\"brightness\" :path=\"path\" :video=\"video\" :autoplay=\"autoplay\" :youtube=\"youtube\" :crop=\"crop\" :youtubelabel=\"youtubelabel\" :background=\"background\" media-id=\"desc_media_69f24574a85e5\"><\/lazy-media>\n\t\t\t\t\t\t\t<\/div>\n\n\t\t\t\t\t\t\t<figcaption class=\"sr-only\" ref=\"body\" id=\"desc_media_69f24574a85e5\">\n\t\t\t\t\t\t\t\t\t\t\t\t\t\t\t\t\t\t\t<\/figcaption>\n\t\t\t\t\t<\/figure>\n\t<\/lazy-media-inline>\n\t\t\t<\/div>\n\t\t\t<div class=\"teaser-header\"><div>\n\t\t\t\t\n\t\t\t\t\t\t<span class=\"h4 mobile-smaller-headline\">Programm<\/span>\n\t\t\t\t\t\t\t\t<\/div><\/div>\n\t\t<\/a>\n\t<\/div>\n<\/li><li class=\"col-xs-6 col-md-3 col-padding-remove teaser-wrapper teaser-wrapper-tight\">\n\t<div class=\"box\">\n\t\t<a href=\"https:\/\/www.humboldtforum.org\/de\/besuch\/\" class=\"teaser teaser-page\">\n\t\t\t<div class=\"teaser-image teaser-image-full footer-gradient\">\n\t\t\t\t\n\t<lazy-media-inline inline-template>\n\t\t<figure itemscope itemtype=\"http:\/\/schema.org\/ImageObject\" class=\"lazy-media-inline \" role=\"group\" id=\"media_69f24574a8e2d\" aria-labelledby=\"desc_media_69f24574a8e2d\">\n\t\t\t<script type=\"application\/json\" ref=\"data\">\n\t\t\t\t{\n\t\t\t\t\"sizes\" : {\"medium\":{\"file\":\"SHF_eb00111958_desktop-300x169.jpg\",\"width\":300,\"height\":169,\"mime-type\":\"image\\\/jpeg\"},\"large\":{\"file\":\"SHF_eb00111958_desktop-1024x576.jpg\",\"width\":1024,\"height\":576,\"mime-type\":\"image\\\/jpeg\"},\"thumbnail\":{\"file\":\"SHF_eb00111958_desktop-150x150.jpg\",\"width\":150,\"height\":150,\"mime-type\":\"image\\\/jpeg\"},\"medium_large\":{\"file\":\"SHF_eb00111958_desktop-768x432.jpg\",\"width\":768,\"height\":432,\"mime-type\":\"image\\\/jpeg\"},\"small\":{\"file\":\"SHF_eb00111958_desktop-440x247.jpg\",\"width\":440,\"height\":247,\"mime-type\":\"image\\\/jpeg\"},\"semi\":{\"file\":\"SHF_eb00111958_desktop-580x326.jpg\",\"width\":580,\"height\":326,\"mime-type\":\"image\\\/jpeg\"},\"mobile\":{\"file\":\"SHF_eb00111958_desktop-720x405.jpg\",\"width\":720,\"height\":405,\"mime-type\":\"image\\\/jpeg\"},\"hd\":{\"file\":\"SHF_eb00111958_desktop-1280x720.jpg\",\"width\":1280,\"height\":720,\"mime-type\":\"image\\\/jpeg\"},\"original\":{\"file\":\"SHF_eb00111958_desktop.jpg\",\"width\":1455,\"height\":818}},\n\t\t\t\t\"alt\" : \"Gruppe von Personen, die vor einem historischen Geb\\u00e4ude auf einem Platz spazieren gehen.\",\n\t\t\t\t\"path\" : \"\\\/wp-content\\\/uploads\\\/2021\\\/07\\\/\",\n\t\t\t\t\"video\" : null,\n\t\t\t\t\"autoplay\" : null,\n\t\t\t\t\"youtube\" : null,\n\t\t\t\t\"youtubelabel\" : \"Video abspielen\",\n\t\t\t\t\"brightness\" : 100,\n\t\t\t\t\"crop\" : {\"top\":\"50.00\",\"left\":\"50.00\"},\n\t\t\t\t\"background\" : true,\n\t\t\t\t\"scale\" : 4\t\t\t\t}\n\t\t\t<\/script>\n\n\t\t\t<div class=\"height-container\" style=\"padding-bottom:56.219931271478%;\" v-if=\"sizes\">\n\t\t\t\t\t\t\t\t<lazy-media :inline=\"true\" :alt=\"alt\" :sizes=\"sizes\" :scale=\"scale\" :brightness=\"brightness\" :path=\"path\" :video=\"video\" :autoplay=\"autoplay\" :youtube=\"youtube\" :crop=\"crop\" :youtubelabel=\"youtubelabel\" :background=\"background\" media-id=\"desc_media_69f24574a8e2d\"><\/lazy-media>\n\t\t\t\t\t\t\t<\/div>\n\n\t\t\t\t\t\t\t<figcaption class=\"sr-only\" ref=\"body\" id=\"desc_media_69f24574a8e2d\">\n\t\t\t\t\t\t\t\t\t\t\t\t\t\t\t\t\t\t\t\t\t<div class=\"insignificant\">\u00a9 Stiftung Humboldt Forum im Berliner Schloss \/ Foto: Alexander Schippel<\/div>\n\t\t\t\t\t\t\t\t\t<\/figcaption>\n\t\t\t\t\t<\/figure>\n\t<\/lazy-media-inline>\n\t\t\t<\/div>\n\t\t\t<div class=\"teaser-header\"><div>\n\t\t\t\t\n\t\t\t\t\t\t<span class=\"h4 mobile-smaller-headline\">Besuch<\/span>\n\t\t\t\t\t\t\t\t<\/div><\/div>\n\t\t<\/a>\n\t<\/div>\n<\/li><li class=\"col-xs-6 col-md-3 col-padding-remove teaser-wrapper teaser-wrapper-tight\">\n\t<div class=\"box\">\n\t\t<a href=\"https:\/\/www.humboldtforum.org\/de\/magazin\/\" class=\"teaser teaser-page\">\n\t\t\t<div class=\"teaser-image teaser-image-full footer-gradient\">\n\t\t\t\t\n\t<lazy-media-inline inline-template>\n\t\t<figure itemscope itemtype=\"http:\/\/schema.org\/ImageObject\" class=\"lazy-media-inline \" role=\"group\" id=\"media_69f24574a9b75\" aria-labelledby=\"desc_media_69f24574a9b75\">\n\t\t\t<script type=\"application\/json\" ref=\"data\">\n\t\t\t\t{\n\t\t\t\t\"sizes\" : {\"medium\":{\"file\":\"HF_eb00025640-scaled-300x200.jpg\",\"width\":300,\"height\":200,\"mime-type\":\"image\\\/jpeg\"},\"large\":{\"file\":\"HF_eb00025640-scaled-1024x683.jpg\",\"width\":1024,\"height\":683,\"mime-type\":\"image\\\/jpeg\"},\"thumbnail\":{\"file\":\"HF_eb00025640-scaled-150x150.jpg\",\"width\":150,\"height\":150,\"mime-type\":\"image\\\/jpeg\"},\"medium_large\":{\"file\":\"HF_eb00025640-scaled-768x512.jpg\",\"width\":768,\"height\":512,\"mime-type\":\"image\\\/jpeg\"},\"small\":{\"file\":\"HF_eb00025640-scaled-440x293.jpg\",\"width\":440,\"height\":293,\"mime-type\":\"image\\\/jpeg\"},\"semi\":{\"file\":\"HF_eb00025640-scaled-580x387.jpg\",\"width\":580,\"height\":387,\"mime-type\":\"image\\\/jpeg\"},\"mobile\":{\"file\":\"HF_eb00025640-scaled-720x480.jpg\",\"width\":720,\"height\":480,\"mime-type\":\"image\\\/jpeg\"},\"hd\":{\"file\":\"HF_eb00025640-scaled-1280x854.jpg\",\"width\":1280,\"height\":854,\"mime-type\":\"image\\\/jpeg\"},\"full\":{\"file\":\"HF_eb00025640-scaled-1920x1280.jpg\",\"width\":1920,\"height\":1280,\"mime-type\":\"image\\\/jpeg\"},\"1536x1536\":{\"file\":\"HF_eb00025640-scaled-1536x1024.jpg\",\"width\":1536,\"height\":1024,\"mime-type\":\"image\\\/jpeg\"},\"2048x2048\":{\"file\":\"HF_eb00025640-scaled-2048x1366.jpg\",\"width\":2048,\"height\":1366,\"mime-type\":\"image\\\/jpeg\"},\"original\":{\"file\":\"HF_eb00025640-scaled.jpg\",\"width\":2560,\"height\":1707}},\n\t\t\t\t\"alt\" : \"Eine Person h\\u00e4lt eine gedruckte Zeitung mit dem Titel \\\"Humboldt Forum\\\".\",\n\t\t\t\t\"path\" : \"\\\/wp-content\\\/uploads\\\/2020\\\/04\\\/\",\n\t\t\t\t\"video\" : null,\n\t\t\t\t\"autoplay\" : null,\n\t\t\t\t\"youtube\" : null,\n\t\t\t\t\"youtubelabel\" : \"Video abspielen\",\n\t\t\t\t\"brightness\" : 100,\n\t\t\t\t\"crop\" : {\"top\":\"52.69\",\"left\":\"52.11\"},\n\t\t\t\t\"background\" : true,\n\t\t\t\t\"scale\" : 4\t\t\t\t}\n\t\t\t<\/script>\n\n\t\t\t<div class=\"height-container\" style=\"padding-bottom:66.6796875%;\" v-if=\"sizes\">\n\t\t\t\t\t\t\t\t<lazy-media :inline=\"true\" :alt=\"alt\" :sizes=\"sizes\" :scale=\"scale\" :brightness=\"brightness\" :path=\"path\" :video=\"video\" :autoplay=\"autoplay\" :youtube=\"youtube\" :crop=\"crop\" :youtubelabel=\"youtubelabel\" :background=\"background\" media-id=\"desc_media_69f24574a9b75\"><\/lazy-media>\n\t\t\t\t\t\t\t<\/div>\n\n\t\t\t\t\t\t\t<figcaption class=\"sr-only\" ref=\"body\" id=\"desc_media_69f24574a9b75\">\n\t\t\t\t\t\t\t\t\t\t\t\t\t\t\t\t\t\t\t\t\t<div class=\"insignificant\">\u00a9 SHF \/ David von Becker<\/div>\n\t\t\t\t\t\t\t\t\t<\/figcaption>\n\t\t\t\t\t<\/figure>\n\t<\/lazy-media-inline>\n\t\t\t<\/div>\n\t\t\t<div class=\"teaser-header\"><div>\n\t\t\t\t\n\t\t\t\t\t\t<span class=\"h4 mobile-smaller-headline\">Magazin<\/span>\n\t\t\t\t\t\t\t\t<\/div><\/div>\n\t\t<\/a>\n\t<\/div>\n<\/li>\t\t\t\t<\/ul>\n\t\t\t<\/div>\n\t\t\t<\/section>","protected":false},"excerpt":{"rendered":"<p>Wie geht das Humboldt Forum mit kolonialen Sammlungen um? Wo kommen sie her? Wie und unter welchen Bedingungen sind sie nach Berlin gelangt? D\u00fcrfen sie heute noch hier sein?<\/p>\n","protected":false},"author":30,"featured_media":20403,"parent":0,"menu_order":0,"comment_status":"closed","ping_status":"closed","template":"","meta":{"_acf_changed":false,"footnotes":""},"class_list":["post-18239","page","type-page","status-publish","has-post-thumbnail","hentry"],"acf":[],"_links":{"self":[{"href":"https:\/\/www.humboldtforum.org\/de\/wp-json\/wp\/v2\/pages\/18239","targetHints":{"allow":["GET"]}}],"collection":[{"href":"https:\/\/www.humboldtforum.org\/de\/wp-json\/wp\/v2\/pages"}],"about":[{"href":"https:\/\/www.humboldtforum.org\/de\/wp-json\/wp\/v2\/types\/page"}],"author":[{"embeddable":true,"href":"https:\/\/www.humboldtforum.org\/de\/wp-json\/wp\/v2\/users\/30"}],"replies":[{"embeddable":true,"href":"https:\/\/www.humboldtforum.org\/de\/wp-json\/wp\/v2\/comments?post=18239"}],"version-history":[{"count":12,"href":"https:\/\/www.humboldtforum.org\/de\/wp-json\/wp\/v2\/pages\/18239\/revisions"}],"predecessor-version":[{"id":110632,"href":"https:\/\/www.humboldtforum.org\/de\/wp-json\/wp\/v2\/pages\/18239\/revisions\/110632"}],"wp:featuredmedia":[{"embeddable":true,"href":"https:\/\/www.humboldtforum.org\/de\/wp-json\/wp\/v2\/media\/20403"}],"wp:attachment":[{"href":"https:\/\/www.humboldtforum.org\/de\/wp-json\/wp\/v2\/media?parent=18239"}],"curies":[{"name":"wp","href":"https:\/\/api.w.org\/{rel}","templated":true}]}}