{"id":27287,"date":"2021-07-14T16:59:31","date_gmt":"2021-07-14T14:59:31","guid":{"rendered":"https:\/\/www.humboldtforum.org\/?page_id=27287"},"modified":"2022-11-23T15:04:19","modified_gmt":"2022-11-23T14:04:19","slug":"jobs-2","status":"publish","type":"page","link":"https:\/\/www.humboldtforum.org\/de\/jobs-2\/","title":{"rendered":"Jobs"},"content":{"rendered":"<section class=\"block block-header-headline hyph-disable\" >\n    <div class=\"container-fluid\">\n        <div class=\"row\">\n\t\t\t\n                            <div class=\"col-xs-12 col-md-offset-2 col-md-8\">\n                    <div class=\"box\">\n                        <h1>Jobs<\/h1>\n                    <\/div>\n                <\/div>\n                    <\/div>\n    <\/div>\n<\/section>\n\n\n\n\n<section class=\"block block-copy\" >\n    <div class=\"container-fluid\">\n\t\t<div class=\"row \">\n            <div class=\"col-xs-12 col-md-offset-2 col-md-8\">\n                <div class=\"box\">\n                    <div class=\"copy\"><p>Werden Sie Teil des Teams! Gemeinsam suchen wir suchen motivierte neue Kolleg*innen, die sich auf dieses spannende Projekt einlassen m\u00f6chten.<\/p>\n<\/div>\n                <\/div>\n            <\/div>\n\t\t<\/div>\n\t\t    <\/div>\n<\/section>\n\n<section class=\"block block-header\" >\n\t<block-header inline-template>\n\t\t<figure role=\"group\" aria-labelledby=\"desc_m_69f17be2dd4ef\">\n\n\t\t\t<script type=\"application\/json\" ref=\"data\">\n\t\t\t\t{\n\t\t\t\t\"sizes_d\" : {\"medium\":{\"file\":\"SHF_eb00111951_desktop-300x267.jpg\",\"width\":300,\"height\":267,\"mime-type\":\"image\\\/jpeg\"},\"large\":{\"file\":\"SHF_eb00111951_desktop-1024x910.jpg\",\"width\":1024,\"height\":910,\"mime-type\":\"image\\\/jpeg\"},\"thumbnail\":{\"file\":\"SHF_eb00111951_desktop-150x150.jpg\",\"width\":150,\"height\":150,\"mime-type\":\"image\\\/jpeg\"},\"medium_large\":{\"file\":\"SHF_eb00111951_desktop-768x682.jpg\",\"width\":768,\"height\":682,\"mime-type\":\"image\\\/jpeg\"},\"small\":{\"file\":\"SHF_eb00111951_desktop-440x391.jpg\",\"width\":440,\"height\":391,\"mime-type\":\"image\\\/jpeg\"},\"semi\":{\"file\":\"SHF_eb00111951_desktop-580x515.jpg\",\"width\":580,\"height\":515,\"mime-type\":\"image\\\/jpeg\"},\"mobile\":{\"file\":\"SHF_eb00111951_desktop-720x640.jpg\",\"width\":720,\"height\":640,\"mime-type\":\"image\\\/jpeg\"},\"hd\":{\"file\":\"SHF_eb00111951_desktop-1280x1137.jpg\",\"width\":1280,\"height\":1137,\"mime-type\":\"image\\\/jpeg\"},\"full\":{\"file\":\"SHF_eb00111951_desktop-1920x1706.jpg\",\"width\":1920,\"height\":1706,\"mime-type\":\"image\\\/jpeg\"},\"1536x1536\":{\"file\":\"SHF_eb00111951_desktop-1536x1365.jpg\",\"width\":1536,\"height\":1365,\"mime-type\":\"image\\\/jpeg\"},\"original\":{\"file\":\"SHF_eb00111951_desktop.jpg\",\"width\":2000,\"height\":1777}},\n\t\t\t\t\"alt_d\" : \"Moderne Innenansicht mit gl\\u00e4sernen Elementen und rollender Treppe im Hintergrund. Helle Beleuchtung und minimalistische Architektur.\",\n\t\t\t\t\"path_d\" : \"\\\/wp-content\\\/uploads\\\/2021\\\/07\\\/\",\n\t\t\t\t\"autoplay_d\" : null,\n\t\t\t\t\"crop_d\" : {\"top\":\"50.00\",\"left\":\"50.00\"},\n\t\t\t\t\"background_d\" : true,\n\t\t\t\t\"scale_d\" : 2,\n\n\t\t\t\t\"sizes_m\" : {\"medium\":{\"file\":\"SHF_eb00111951_mobile-169x300.jpg\",\"width\":169,\"height\":300,\"mime-type\":\"image\\\/jpeg\"},\"large\":{\"file\":\"SHF_eb00111951_mobile-576x1024.jpg\",\"width\":576,\"height\":1024,\"mime-type\":\"image\\\/jpeg\"},\"thumbnail\":{\"file\":\"SHF_eb00111951_mobile-150x150.jpg\",\"width\":150,\"height\":150,\"mime-type\":\"image\\\/jpeg\"},\"medium_large\":{\"file\":\"SHF_eb00111951_mobile-768x1365.jpg\",\"width\":768,\"height\":1365,\"mime-type\":\"image\\\/jpeg\"},\"small\":{\"file\":\"SHF_eb00111951_mobile-248x440.jpg\",\"width\":248,\"height\":440,\"mime-type\":\"image\\\/jpeg\"},\"semi\":{\"file\":\"SHF_eb00111951_mobile-326x580.jpg\",\"width\":326,\"height\":580,\"mime-type\":\"image\\\/jpeg\"},\"mobile\":{\"file\":\"SHF_eb00111951_mobile-405x720.jpg\",\"width\":405,\"height\":720,\"mime-type\":\"image\\\/jpeg\"},\"hd\":{\"file\":\"SHF_eb00111951_mobile-720x1280.jpg\",\"width\":720,\"height\":1280,\"mime-type\":\"image\\\/jpeg\"},\"1536x1536\":{\"file\":\"SHF_eb00111951_mobile-864x1536.jpg\",\"width\":864,\"height\":1536,\"mime-type\":\"image\\\/jpeg\"}},\n\t\t\t\t\"alt_m\" : \"Moderner Innenraum mit beleuchteten Deckenlampen und spiegelnden Fl\\u00e4chen.\",\n\t\t\t\t\"path_m\" : \"\\\/wp-content\\\/uploads\\\/2021\\\/07\\\/\",\n\t\t\t\t\"autoplay_m\" : null,\n\t\t\t\t\"crop_m\" : {\"top\":\"50.00\",\"left\":\"50.00\"},\n\t\t\t\t\"background_m\" : true,\n\t\t\t\t\"scale_m\" : 2,\n\n\t\t\t\t\"has_mobile_format\" : true,\n\t\t\t\t\"has_ad\" : false,\n\t\t\t\t\"audio_description_yt\" : null\t\t\t\t}\n\t\t\t<\/script>\n\t\t\t<div class=\"height-container\" style=\"padding-bottom:88.85%;\" v-if=\"sizes\" data-motion-parallax='{\"child\":\".image-wrapper\",\"mask\":\".lazy-media\",\"tween\":{\"yPercent\": [-15,15]}}'>\n\t\t\t\t<lazy-media :inline=\"true\" :scale=\"scale\" :alt=\"alt\" :sizes=\"sizes\" :brightness=\"brightness\" :path=\"path\" :video=\"video\" :autoplay=\"autoplay\" :youtube=\"youtube\" :crop=\"crop\" :youtubelabel=\"youtubelabel\" :background=\"background\" media-id=\"desc_m_69f17be2dd4ef\"><\/lazy-media>\n\t\t\t\t<button class=\"autoplay-audio-description-btn icon-background icon-audio-describtions\" @click=\"audioDescriptionPlay\" v-if=\"hasAudioDescription\" aria-label=\"Audiodeskription aufrufen\"><\/button>\n\t\t\t<\/div>\n\t\t\t\t\t\t<div class=\"lazy-media-info-container-fluid\">\n\t\t\t\t<div class=\"lazy-media-info-row end-xs\">\n\t\t\t\t\t<div class=\"lazy-media-info-col\">\n\t\t\t\t\t\t<div class=\"lazy-media-info\" aria-expanded=\"false\" :aria-expanded=\"isOpen ? 'true' : 'false'\">\n\t\t\t\t\t\t\t<button class=\"lazy-media-info-head button-tiny insignificant\" :class=\"{'button-active': isOpen}\" @click=\"toggle\" ref=\"head\"><span class=\"button-label insignificant\">Bildinfo<\/span><\/button>\n\t\t\t\t\t\t\t<figcaption class=\"lazy-media-info-body\" ref=\"body\" id=\"desc_m_69f17be2dd4ef\">\n\t\t\t\t\t\t\t\t<div class=\"lazy-media-info-body-content\">\n\t\t\t\t\t\t\t\t\t\t\t\t\t\t\t\t\t\t\t\t\t\t\t\t\t\t\t<div class=\"insignificant\">\u00a9 Stiftung Humboldt Forum im Berliner Schloss \/ Foto: Alexander Schippel<\/div>\t\t\t\t\t\t\t\t<\/div>\n\t\t\t\t\t\t\t<\/figcaption>\n\t\t\t\t\t\t\t<div class=\"lazy-media-info-head-border\"><\/div>\n\t\t\t\t\t\t<\/div>\n\t\t\t\t\t<\/div>\n\t\t\t\t<\/div>\n\t\t\t<\/div>\n\t\t\t\t\t<\/figure>\n\t<\/block-header>\n<\/section>\n\n<section class=\"block block-copy\" >\n    <div class=\"container-fluid\">\n\t\t<div class=\"row \">\n            <div class=\"col-xs-12 col-md-offset-2 col-md-8\">\n                <div class=\"box\">\n                    <div class=\"copy\"><\/div>\n                <\/div>\n            <\/div>\n\t\t<\/div>\n\t\t    <\/div>\n<\/section>\n\n\n<section class=\"block block-CTA-huge block-CTA-huge\">\n\t<div class=\"container-fluid\">\n\t\t\t<a href=\"https:\/\/stiftung-humboldt-forum.jobs.personio.de\" class=\"teaser\" aria-label=\"Stiftung Humboldt Forum im Berliner Schloss\">\n\t\t\t<div class=\"box\">\n\n\t\t\t\t<div class=\"row CTA-image\">\n\t\t\t\t\t<div class=\"col-xs-12 col-sm-6  teaser-image\">\n\t\t\t\t\t\t\n\t<lazy-media-inline inline-template>\n\t\t<figure itemscope itemtype=\"http:\/\/schema.org\/ImageObject\" class=\"lazy-media-inline \" role=\"group\" id=\"media_69f17be2e204a\" aria-labelledby=\"desc_media_69f17be2e204a\">\n\t\t\t<script type=\"application\/json\" ref=\"data\">\n\t\t\t\t{\n\t\t\t\t\"sizes\" : {\"medium\":{\"file\":\"SHF_eb00111966_desktop-300x169.jpg\",\"width\":300,\"height\":169,\"mime-type\":\"image\\\/jpeg\"},\"large\":{\"file\":\"SHF_eb00111966_desktop-1024x576.jpg\",\"width\":1024,\"height\":576,\"mime-type\":\"image\\\/jpeg\"},\"thumbnail\":{\"file\":\"SHF_eb00111966_desktop-150x150.jpg\",\"width\":150,\"height\":150,\"mime-type\":\"image\\\/jpeg\"},\"medium_large\":{\"file\":\"SHF_eb00111966_desktop-768x432.jpg\",\"width\":768,\"height\":432,\"mime-type\":\"image\\\/jpeg\"},\"small\":{\"file\":\"SHF_eb00111966_desktop-440x248.jpg\",\"width\":440,\"height\":248,\"mime-type\":\"image\\\/jpeg\"},\"semi\":{\"file\":\"SHF_eb00111966_desktop-580x326.jpg\",\"width\":580,\"height\":326,\"mime-type\":\"image\\\/jpeg\"},\"mobile\":{\"file\":\"SHF_eb00111966_desktop-720x405.jpg\",\"width\":720,\"height\":405,\"mime-type\":\"image\\\/jpeg\"},\"hd\":{\"file\":\"SHF_eb00111966_desktop-1280x720.jpg\",\"width\":1280,\"height\":720,\"mime-type\":\"image\\\/jpeg\"},\"original\":{\"file\":\"SHF_eb00111966_desktop.jpg\",\"width\":1500,\"height\":844}},\n\t\t\t\t\"alt\" : \"Blick durch einen gro\\u00dfen Torbogen auf ein historisches Geb\\u00e4ude, umgeben von flanierenden Menschen.\",\n\t\t\t\t\"path\" : \"\\\/wp-content\\\/uploads\\\/2021\\\/07\\\/\",\n\t\t\t\t\"video\" : null,\n\t\t\t\t\"autoplay\" : null,\n\t\t\t\t\"youtube\" : null,\n\t\t\t\t\"youtubelabel\" : \"Video abspielen\",\n\t\t\t\t\"brightness\" : \"100\",\n\t\t\t\t\"crop\" : {\"top\":\"99.00\",\"left\":\"50.00\"},\n\t\t\t\t\"background\" : true,\n\t\t\t\t\"scale\" : 2\t\t\t\t}\n\t\t\t<\/script>\n\n\t\t\t<div class=\"height-container\" style=\"padding-bottom:56.266666666667%;\" v-if=\"sizes\">\n\t\t\t\t\t\t\t\t<lazy-media :inline=\"true\" :alt=\"alt\" :sizes=\"sizes\" :scale=\"scale\" :brightness=\"brightness\" :path=\"path\" :video=\"video\" :autoplay=\"autoplay\" :youtube=\"youtube\" :crop=\"crop\" :youtubelabel=\"youtubelabel\" :background=\"background\" media-id=\"desc_media_69f17be2e204a\"><\/lazy-media>\n\t\t\t\t\t\t\t<\/div>\n\n\t\t\t\t\t\t\t<figcaption class=\"sr-only\" ref=\"body\" id=\"desc_media_69f17be2e204a\">\n\t\t\t\t\t\t\t\t\t\t\t\t\t\t\t\t\t\t\t\t\t<div class=\"insignificant\">\u00a9 Stiftung Humboldt Forum im Berliner Schloss \/ Foto: Alexander Schippel<\/div>\n\t\t\t\t\t\t\t\t\t<\/figcaption>\n\t\t\t\t\t<\/figure>\n\t<\/lazy-media-inline>\n\t\t\t\t\t<\/div>\n\t\t\t\t<\/div>\n\t\t\t\t<div class=\"CTA-border-wrapper\">\n\t\t\t\t\t<div class=\"row middle-sm center-xs CTA-border\">\n\t\t\t\t\t\t<div class=\"col-xs-10 col-sm-4 col-sm-offset-5\">\n\t\t\t\t\t\t\t<div class=\"box\">\n\t\t\t\t\t\t\t\t\t\t\t\t\t\t\t\t<div>\n\t\t\t\t\t\t\t\t\t<h3>Stiftung Humboldt Forum im Berliner Schloss<\/h3>\n\t\t\t\t\t\t\t\t\t<div class=\"Teaser-copy\">Die Stiftung Humboldt Forum im Berliner Schloss ist Betreiberin des Humboldt Forums und bespielt zusammen mit ihren Akteuren die Fl\u00e4chen des Hauses durch ein vielf\u00e4ltiges Ausstellungs-, Veranstaltungs- und Vermittlungsprogramm mit k\u00fcnstlerischer, politischer und wissenschaftlicher Ausrichtung. Zur Verst\u00e4rkung unseres Teams suchen wir motivierte Kolleg*innen mit verschiedenen Berufsbildern aus Kultur, Technik und Verwaltung. <\/div>\t\t\t\t\t\t\t\t\t\t\t\t\t\t\t\t\t\t\t<div class=\"Button\" style=\"margin-top: var(--spacing-third)\" ><span>Zu den Stellenangeboten<\/span><\/div>\n\t\t\t\t\t\t\t\t\t\t\t\t\t\t\t\t\t<\/div>\n\t\t\t\t\t\t\t<\/div>\n\t\t\t\t\t\t<\/div>\n\t\t\t\t\t<\/div>\n\t\t\t\t<\/div>\n\t\t\t<\/div>\n\t\t<\/a>\n\t<\/div>\n<\/section>\n\n\n\n\n<section class=\"block block-CTA-huge block-CTA-huge-right\">\n\t<div class=\"container-fluid\">\n\t\t\t<a href=\"https:\/\/humboldt-service.jobs.personio.de\" class=\"teaser\" aria-label=\"Humboldt&nbsp;Forum Service&nbsp;GmbH\">\n\t\t\t<div class=\"box\">\n\n\t\t\t\t<div class=\"row CTA-image\">\n\t\t\t\t\t<div class=\"col-xs-12 col-sm-6 col-sm-offset-6 teaser-image\">\n\t\t\t\t\t\t\n\t<lazy-media-inline inline-template>\n\t\t<figure itemscope itemtype=\"http:\/\/schema.org\/ImageObject\" class=\"lazy-media-inline \" role=\"group\" id=\"media_69f17be2e306d\" aria-labelledby=\"desc_media_69f17be2e306d\">\n\t\t\t<script type=\"application\/json\" ref=\"data\">\n\t\t\t\t{\n\t\t\t\t\"sizes\" : {\"medium\":{\"file\":\"SHF_eb00111950_desktop-1-300x199.jpg\",\"width\":300,\"height\":199,\"mime-type\":\"image\\\/jpeg\"},\"large\":{\"file\":\"SHF_eb00111950_desktop-1-1024x680.jpg\",\"width\":1024,\"height\":680,\"mime-type\":\"image\\\/jpeg\"},\"thumbnail\":{\"file\":\"SHF_eb00111950_desktop-1-150x150.jpg\",\"width\":150,\"height\":150,\"mime-type\":\"image\\\/jpeg\"},\"medium_large\":{\"file\":\"SHF_eb00111950_desktop-1-768x510.jpg\",\"width\":768,\"height\":510,\"mime-type\":\"image\\\/jpeg\"},\"small\":{\"file\":\"SHF_eb00111950_desktop-1-440x292.jpg\",\"width\":440,\"height\":292,\"mime-type\":\"image\\\/jpeg\"},\"semi\":{\"file\":\"SHF_eb00111950_desktop-1-580x385.jpg\",\"width\":580,\"height\":385,\"mime-type\":\"image\\\/jpeg\"},\"mobile\":{\"file\":\"SHF_eb00111950_desktop-1-720x478.jpg\",\"width\":720,\"height\":478,\"mime-type\":\"image\\\/jpeg\"},\"hd\":{\"file\":\"SHF_eb00111950_desktop-1-1280x849.jpg\",\"width\":1280,\"height\":849,\"mime-type\":\"image\\\/jpeg\"},\"full\":{\"file\":\"SHF_eb00111950_desktop-1-1920x1274.jpg\",\"width\":1920,\"height\":1274,\"mime-type\":\"image\\\/jpeg\"},\"1536x1536\":{\"file\":\"SHF_eb00111950_desktop-1-1536x1019.jpg\",\"width\":1536,\"height\":1019,\"mime-type\":\"image\\\/jpeg\"},\"original\":{\"file\":\"SHF_eb00111950_desktop-1.jpg\",\"width\":2048,\"height\":1359}},\n\t\t\t\t\"alt\" : \"Moderne Lobby mit gl\\u00e4sernen Dreht\\u00fcren, gro\\u00dfen Fenstern und minimalistischem, hellem Design.\",\n\t\t\t\t\"path\" : \"\\\/wp-content\\\/uploads\\\/2021\\\/07\\\/\",\n\t\t\t\t\"video\" : null,\n\t\t\t\t\"autoplay\" : null,\n\t\t\t\t\"youtube\" : null,\n\t\t\t\t\"youtubelabel\" : \"Video abspielen\",\n\t\t\t\t\"brightness\" : \"100\",\n\t\t\t\t\"crop\" : {\"top\":\"42.00\",\"left\":\"50.00\"},\n\t\t\t\t\"background\" : true,\n\t\t\t\t\"scale\" : 2\t\t\t\t}\n\t\t\t<\/script>\n\n\t\t\t<div class=\"height-container\" style=\"padding-bottom:66.357421875%;\" v-if=\"sizes\">\n\t\t\t\t\t\t\t\t<lazy-media :inline=\"true\" :alt=\"alt\" :sizes=\"sizes\" :scale=\"scale\" :brightness=\"brightness\" :path=\"path\" :video=\"video\" :autoplay=\"autoplay\" :youtube=\"youtube\" :crop=\"crop\" :youtubelabel=\"youtubelabel\" :background=\"background\" media-id=\"desc_media_69f17be2e306d\"><\/lazy-media>\n\t\t\t\t\t\t\t<\/div>\n\n\t\t\t\t\t\t\t<figcaption class=\"sr-only\" ref=\"body\" id=\"desc_media_69f17be2e306d\">\n\t\t\t\t\t\t\t\t\t\t\t\t\t\t\t\t\t\t\t\t\t<div class=\"insignificant\">\u00a9 Stiftung Humboldt Forum im Berliner Schloss \/ Foto: Alexander Schippel<\/div>\n\t\t\t\t\t\t\t\t\t<\/figcaption>\n\t\t\t\t\t<\/figure>\n\t<\/lazy-media-inline>\n\t\t\t\t\t<\/div>\n\t\t\t\t<\/div>\n\t\t\t\t<div class=\"CTA-border-wrapper\">\n\t\t\t\t\t<div class=\"row middle-sm center-xs start-sm CTA-border\">\n\t\t\t\t\t\t<div class=\"col-xs-10 col-sm-4 col-sm-offset-1\">\n\t\t\t\t\t\t\t<div class=\"box\">\n\t\t\t\t\t\t\t\t\t\t\t\t\t\t\t\t<div>\n\t\t\t\t\t\t\t\t\t<h3>Humboldt&nbsp;Forum Service&nbsp;GmbH<\/h3>\n\t\t\t\t\t\t\t\t\t<div class=\"Teaser-copy\">Die Humboldt Forum Service GmbH ist eine 100%ige Tochter der Stiftung Humboldt Forum im Berliner Schloss. Sie realisiert umfassende infrastrukturelle Dienstleistungen in den Bereichen Besucherservice, Sicherheit und Reinigung und ist verantwortlich f\u00fcr die Umsetzung einer hohen Qualit\u00e4t in der Besucherzufriedenheit auf allen Kommunikationskan\u00e4len und auf den Fl\u00e4chen des Humboldt Forums. <\/div>\t\t\t\t\t\t\t\t\t\t\t\t\t\t\t\t\t\t\t<div class=\"Button\" style=\"margin-top: var(--spacing-third)\" ><span>Zu den Stellenangeboten<\/span><\/div>\n\t\t\t\t\t\t\t\t\t\t\t\t\t\t\t\t\t<\/div>\n\t\t\t\t\t\t\t<\/div>\n\t\t\t\t\t\t<\/div>\n\t\t\t\t\t<\/div>\n\t\t\t\t<\/div>\n\t\t\t<\/div>\n\t\t<\/a>\n\t<\/div>\n<\/section>\n\n\n\n\n<section class=\"block block-CTA-huge block-CTA-huge\">\n\t<div class=\"container-fluid\">\n\t\t\t<a href=\"https:\/\/www.stadtmuseum.de\/jobs\" class=\"teaser\" aria-label=\"Stadtmuseum Berlin\">\n\t\t\t<div class=\"box\">\n\n\t\t\t\t<div class=\"row CTA-image\">\n\t\t\t\t\t<div class=\"col-xs-12 col-sm-6  teaser-image\">\n\t\t\t\t\t\t\n\t<lazy-media-inline inline-template>\n\t\t<figure itemscope itemtype=\"http:\/\/schema.org\/ImageObject\" class=\"lazy-media-inline \" role=\"group\" id=\"media_69f17be2e47c0\" aria-labelledby=\"desc_media_69f17be2e47c0\">\n\t\t\t<script type=\"application\/json\" ref=\"data\">\n\t\t\t\t{\n\t\t\t\t\"sizes\" : {\"medium\":{\"file\":\"4_Die_Tresortuer_in_der_Berlin_Ausstellung_Privatbesitz_Dimitri_Hegemann__c_Kulturprojekte_Berlin_Foto_David_von_Becker-scaled-2048x1930-1-300x283.jpg\",\"width\":300,\"height\":283,\"mime-type\":\"image\\\/jpeg\"},\"large\":{\"file\":\"4_Die_Tresortuer_in_der_Berlin_Ausstellung_Privatbesitz_Dimitri_Hegemann__c_Kulturprojekte_Berlin_Foto_David_von_Becker-scaled-2048x1930-1-1024x965.jpg\",\"width\":1024,\"height\":965,\"mime-type\":\"image\\\/jpeg\"},\"thumbnail\":{\"file\":\"4_Die_Tresortuer_in_der_Berlin_Ausstellung_Privatbesitz_Dimitri_Hegemann__c_Kulturprojekte_Berlin_Foto_David_von_Becker-scaled-2048x1930-1-150x150.jpg\",\"width\":150,\"height\":150,\"mime-type\":\"image\\\/jpeg\"},\"medium_large\":{\"file\":\"4_Die_Tresortuer_in_der_Berlin_Ausstellung_Privatbesitz_Dimitri_Hegemann__c_Kulturprojekte_Berlin_Foto_David_von_Becker-scaled-2048x1930-1-768x724.jpg\",\"width\":768,\"height\":724,\"mime-type\":\"image\\\/jpeg\"},\"1536x1536\":{\"file\":\"4_Die_Tresortuer_in_der_Berlin_Ausstellung_Privatbesitz_Dimitri_Hegemann__c_Kulturprojekte_Berlin_Foto_David_von_Becker-scaled-2048x1930-1-1536x1448.jpg\",\"width\":1536,\"height\":1448,\"mime-type\":\"image\\\/jpeg\"},\"original\":{\"file\":\"4_Die_Tresortuer_in_der_Berlin_Ausstellung_Privatbesitz_Dimitri_Hegemann__c_Kulturprojekte_Berlin_Foto_David_von_Becker-scaled-2048x1930-1.jpg\",\"width\":2048,\"height\":1930}},\n\t\t\t\t\"alt\" : \"Holzkasten mit T\\u00fcren in modernem Ausstellungsraum, auf Plattformen stehend und mit Graffiti verziert.\",\n\t\t\t\t\"path\" : \"\\\/wp-content\\\/uploads\\\/2020\\\/04\\\/\",\n\t\t\t\t\"video\" : null,\n\t\t\t\t\"autoplay\" : null,\n\t\t\t\t\"youtube\" : null,\n\t\t\t\t\"youtubelabel\" : \"Video abspielen\",\n\t\t\t\t\"brightness\" : \"100\",\n\t\t\t\t\"crop\" : null,\n\t\t\t\t\"background\" : true,\n\t\t\t\t\"scale\" : 1\t\t\t\t}\n\t\t\t<\/script>\n\n\t\t\t<div class=\"height-container\" style=\"padding-bottom:94.23828125%;\" v-if=\"sizes\">\n\t\t\t\t\t\t\t\t<lazy-media :inline=\"true\" :alt=\"alt\" :sizes=\"sizes\" :scale=\"scale\" :brightness=\"brightness\" :path=\"path\" :video=\"video\" :autoplay=\"autoplay\" :youtube=\"youtube\" :crop=\"crop\" :youtubelabel=\"youtubelabel\" :background=\"background\" media-id=\"desc_media_69f17be2e47c0\"><\/lazy-media>\n\t\t\t\t\t\t\t<\/div>\n\n\t\t\t\t\t\t\t<figcaption class=\"sr-only\" ref=\"body\" id=\"desc_media_69f17be2e47c0\">\n\t\t\t\t\t\t\t\t\t\t\t\t\t\t\t\t\t\t\t<\/figcaption>\n\t\t\t\t\t<\/figure>\n\t<\/lazy-media-inline>\n\t\t\t\t\t<\/div>\n\t\t\t\t<\/div>\n\t\t\t\t<div class=\"CTA-border-wrapper\">\n\t\t\t\t\t<div class=\"row middle-sm center-xs CTA-border\">\n\t\t\t\t\t\t<div class=\"col-xs-10 col-sm-4 col-sm-offset-5\">\n\t\t\t\t\t\t\t<div class=\"box\">\n\t\t\t\t\t\t\t\t\t\t\t\t\t\t\t\t<div>\n\t\t\t\t\t\t\t\t\t<h3>Stadtmuseum Berlin<\/h3>\n\t\t\t\t\t\t\t\t\t<div class=\"Teaser-copy\">Das Stadtmuseum Berlin ist eines der gr\u00f6\u00dften kulturgeschichtlichen Museen Deutschlands. An f\u00fcnf eigenen Standorten bewahren und vermitteln ca. 300 Menschen Berliner Kultur und Geschichte von der Ur- und Fr\u00fchgeschichte bis heute. Seit Er\u00f6ffnung des Humboldt Forums betreibt sie zudem die Ausstellung BERLIN GLOBAL. Die Arbeit der Stiftung Stadtmuseum Berlin gliedert sich in die Direktion, Projekt- und Fachteams.<\/div>\t\t\t\t\t\t\t\t\t\t\t\t\t\t\t\t\t\t\t<div class=\"Button\" style=\"margin-top: var(--spacing-third)\" ><span>Zu den Stellenangeboten<\/span><\/div>\n\t\t\t\t\t\t\t\t\t\t\t\t\t\t\t\t\t<\/div>\n\t\t\t\t\t\t\t<\/div>\n\t\t\t\t\t\t<\/div>\n\t\t\t\t\t<\/div>\n\t\t\t\t<\/div>\n\t\t\t<\/div>\n\t\t<\/a>\n\t<\/div>\n<\/section>\n\n\n\n<section class=\"block block-teaser col-4 \" style=\"\">\n\t\t\t\t\t\t<div class=\"container-fluid\">\n\t\t\t\t\t\t\t\t\t<div class=\"row\">\n\t\t\t\t\t\t<div class=\"col-xs-12\">\n\t\t\t\t\t\t\t<h3 class=\"h4 topline\">Mehr erfahren<\/h4>\n\t\t\t\t\t\t<\/div>\n\t\t\t\t\t<\/div>\n\t\t\t\t\t\t\t\t<ul class=\"row\">\n\n\t\t\t\t<li class=\"col-xs-6 col-md-3 col-padding-remove teaser-wrapper teaser-wrapper-tight\">\n\t<div class=\"box\">\n\t\t<a href=\"https:\/\/www.humboldtforum.org\/de\/ueber-uns\/\" class=\"teaser teaser-page\">\n\t\t\t<div class=\"teaser-image teaser-image-full footer-gradient\">\n\t\t\t\t\n\t<lazy-media-inline inline-template>\n\t\t<figure itemscope itemtype=\"http:\/\/schema.org\/ImageObject\" class=\"lazy-media-inline \" role=\"group\" id=\"media_69f17be2e71f3\" aria-labelledby=\"desc_media_69f17be2e71f3\">\n\t\t\t<script type=\"application\/json\" ref=\"data\">\n\t\t\t\t{\n\t\t\t\t\"sizes\" : {\"medium\":{\"file\":\"HF_eb00063055-scaled-300x150.jpg\",\"width\":300,\"height\":150,\"mime-type\":\"image\\\/jpeg\"},\"large\":{\"file\":\"HF_eb00063055-scaled-1024x512.jpg\",\"width\":1024,\"height\":512,\"mime-type\":\"image\\\/jpeg\"},\"thumbnail\":{\"file\":\"HF_eb00063055-scaled-150x150.jpg\",\"width\":150,\"height\":150,\"mime-type\":\"image\\\/jpeg\"},\"medium_large\":{\"file\":\"HF_eb00063055-scaled-768x384.jpg\",\"width\":768,\"height\":384,\"mime-type\":\"image\\\/jpeg\"},\"small\":{\"file\":\"HF_eb00063055-scaled-440x220.jpg\",\"width\":440,\"height\":220,\"mime-type\":\"image\\\/jpeg\"},\"semi\":{\"file\":\"HF_eb00063055-scaled-580x290.jpg\",\"width\":580,\"height\":290,\"mime-type\":\"image\\\/jpeg\"},\"mobile\":{\"file\":\"HF_eb00063055-scaled-720x360.jpg\",\"width\":720,\"height\":360,\"mime-type\":\"image\\\/jpeg\"},\"hd\":{\"file\":\"HF_eb00063055-scaled-1280x640.jpg\",\"width\":1280,\"height\":640,\"mime-type\":\"image\\\/jpeg\"},\"full\":{\"file\":\"HF_eb00063055-scaled-1920x959.jpg\",\"width\":1920,\"height\":959,\"mime-type\":\"image\\\/jpeg\"},\"1536x1536\":{\"file\":\"HF_eb00063055-scaled-1536x767.jpg\",\"width\":1536,\"height\":767,\"mime-type\":\"image\\\/jpeg\"},\"2048x2048\":{\"file\":\"HF_eb00063055-scaled-2048x1023.jpg\",\"width\":2048,\"height\":1023,\"mime-type\":\"image\\\/jpeg\"},\"original\":{\"file\":\"HF_eb00063055-scaled.jpg\",\"width\":2560,\"height\":1279}},\n\t\t\t\t\"alt\" : \"Blick in die gro\\u00dfe Eingangshalle mit Besuchern, Stelltafeln, Infopoint, Stelltischen und Medienturm\",\n\t\t\t\t\"path\" : \"\\\/wp-content\\\/uploads\\\/2020\\\/03\\\/\",\n\t\t\t\t\"video\" : null,\n\t\t\t\t\"autoplay\" : null,\n\t\t\t\t\"youtube\" : null,\n\t\t\t\t\"youtubelabel\" : \"Video abspielen\",\n\t\t\t\t\"brightness\" : 100,\n\t\t\t\t\"crop\" : {\"top\":\"67.98\",\"left\":\"49.58\"},\n\t\t\t\t\"background\" : true,\n\t\t\t\t\"scale\" : 4\t\t\t\t}\n\t\t\t<\/script>\n\n\t\t\t<div class=\"height-container\" style=\"padding-bottom:49.9609375%;\" v-if=\"sizes\">\n\t\t\t\t\t\t\t\t<lazy-media :inline=\"true\" :alt=\"alt\" :sizes=\"sizes\" :scale=\"scale\" :brightness=\"brightness\" :path=\"path\" :video=\"video\" :autoplay=\"autoplay\" :youtube=\"youtube\" :crop=\"crop\" :youtubelabel=\"youtubelabel\" :background=\"background\" media-id=\"desc_media_69f17be2e71f3\"><\/lazy-media>\n\t\t\t\t\t\t\t<\/div>\n\n\t\t\t\t\t\t\t<figcaption class=\"sr-only\" ref=\"body\" id=\"desc_media_69f17be2e71f3\">\n\t\t\t\t\t\t\t\t\t\t\t<div>Blick in das Foyer &ndash; die gro&szlig;e Eingangshalle des Humboldt Forums.<\/div>\n\t\t\t\t\t\t\t\t\t\t\t\t\t\t\t\t\t\t\t\t\t<div class=\"insignificant\">\u00a9 Stiftung Humboldt Forum im Berliner Schloss \/ David von Becker<\/div>\n\t\t\t\t\t\t\t\t\t<\/figcaption>\n\t\t\t\t\t<\/figure>\n\t<\/lazy-media-inline>\n\t\t\t<\/div>\n\t\t\t<div class=\"teaser-header\"><div>\n\t\t\t\t\n\t\t\t\t\t\t<span class=\"h4 mobile-smaller-headline\">\u00dcber uns<\/span>\n\t\t\t\t\t\t\t\t<\/div><\/div>\n\t\t<\/a>\n\t<\/div>\n<\/li><li class=\"col-xs-6 col-md-3 col-padding-remove teaser-wrapper teaser-wrapper-tight\">\n\t<div class=\"box\">\n\t\t<a href=\"https:\/\/www.humboldtforum.org\/de\/programm\/\" class=\"teaser teaser-page\">\n\t\t\t<div class=\"teaser-image teaser-image-full footer-gradient\">\n\t\t\t\t\n\t<lazy-media-inline inline-template>\n\t\t<figure itemscope itemtype=\"http:\/\/schema.org\/ImageObject\" class=\"lazy-media-inline \" role=\"group\" id=\"media_69f17be2e7dc5\" aria-labelledby=\"desc_media_69f17be2e7dc5\">\n\t\t\t<script type=\"application\/json\" ref=\"data\">\n\t\t\t\t{\n\t\t\t\t\"sizes\" : {\"medium\":{\"file\":\"SHF_eb00104235-300x210.jpeg\",\"width\":300,\"height\":210,\"mime-type\":\"image\\\/jpeg\"},\"large\":{\"file\":\"SHF_eb00104235-1024x719.jpeg\",\"width\":1024,\"height\":719,\"mime-type\":\"image\\\/jpeg\"},\"thumbnail\":{\"file\":\"SHF_eb00104235-150x150.jpeg\",\"width\":150,\"height\":150,\"mime-type\":\"image\\\/jpeg\"},\"medium_large\":{\"file\":\"SHF_eb00104235-768x539.jpeg\",\"width\":768,\"height\":539,\"mime-type\":\"image\\\/jpeg\"},\"small\":{\"file\":\"SHF_eb00104235-440x309.jpeg\",\"width\":440,\"height\":309,\"mime-type\":\"image\\\/jpeg\"},\"semi\":{\"file\":\"SHF_eb00104235-580x407.jpeg\",\"width\":580,\"height\":407,\"mime-type\":\"image\\\/jpeg\"},\"mobile\":{\"file\":\"SHF_eb00104235-720x505.jpeg\",\"width\":720,\"height\":505,\"mime-type\":\"image\\\/jpeg\"},\"hd\":{\"file\":\"SHF_eb00104235-1280x898.jpeg\",\"width\":1280,\"height\":898,\"mime-type\":\"image\\\/jpeg\"},\"full\":{\"file\":\"SHF_eb00104235-1920x1347.jpeg\",\"width\":1920,\"height\":1347,\"mime-type\":\"image\\\/jpeg\"},\"1536x1536\":{\"file\":\"SHF_eb00104235-1536x1078.jpeg\",\"width\":1536,\"height\":1078,\"mime-type\":\"image\\\/jpeg\"},\"original\":{\"file\":\"SHF_eb00104235.jpeg\",\"width\":2048,\"height\":1437}},\n\t\t\t\t\"alt\" : \"Ein Blick in einen modernen Innenraum mit hoher Decke, hellen W\\u00e4nden und zentralem Empfangstresen.\",\n\t\t\t\t\"path\" : \"\\\/wp-content\\\/uploads\\\/2021\\\/07\\\/\",\n\t\t\t\t\"video\" : null,\n\t\t\t\t\"autoplay\" : null,\n\t\t\t\t\"youtube\" : null,\n\t\t\t\t\"youtubelabel\" : \"Video abspielen\",\n\t\t\t\t\"brightness\" : 100,\n\t\t\t\t\"crop\" : {\"top\":\"49.41\",\"left\":\"26.06\"},\n\t\t\t\t\"background\" : true,\n\t\t\t\t\"scale\" : 4\t\t\t\t}\n\t\t\t<\/script>\n\n\t\t\t<div class=\"height-container\" style=\"padding-bottom:70.166015625%;\" v-if=\"sizes\">\n\t\t\t\t\t\t\t\t<lazy-media :inline=\"true\" :alt=\"alt\" :sizes=\"sizes\" :scale=\"scale\" :brightness=\"brightness\" :path=\"path\" :video=\"video\" :autoplay=\"autoplay\" :youtube=\"youtube\" :crop=\"crop\" :youtubelabel=\"youtubelabel\" :background=\"background\" media-id=\"desc_media_69f17be2e7dc5\"><\/lazy-media>\n\t\t\t\t\t\t\t<\/div>\n\n\t\t\t\t\t\t\t<figcaption class=\"sr-only\" ref=\"body\" id=\"desc_media_69f17be2e7dc5\">\n\t\t\t\t\t\t\t\t\t\t\t\t\t\t\t\t\t\t\t<\/figcaption>\n\t\t\t\t\t<\/figure>\n\t<\/lazy-media-inline>\n\t\t\t<\/div>\n\t\t\t<div class=\"teaser-header\"><div>\n\t\t\t\t\n\t\t\t\t\t\t<span class=\"h4 mobile-smaller-headline\">Programm<\/span>\n\t\t\t\t\t\t\t\t<\/div><\/div>\n\t\t<\/a>\n\t<\/div>\n<\/li><li class=\"col-xs-6 col-md-3 col-padding-remove teaser-wrapper teaser-wrapper-tight\">\n\t<div class=\"box\">\n\t\t<a href=\"https:\/\/www.humboldtforum.org\/de\/faq\/\" class=\"teaser teaser-page\">\n\t\t\t<div class=\"teaser-image teaser-image-full footer-gradient\">\n\t\t\t\t\n\t<lazy-media-inline inline-template>\n\t\t<figure itemscope itemtype=\"http:\/\/schema.org\/ImageObject\" class=\"lazy-media-inline \" role=\"group\" id=\"media_69f17be2e8d24\" aria-labelledby=\"desc_media_69f17be2e8d24\">\n\t\t\t<script type=\"application\/json\" ref=\"data\">\n\t\t\t\t{\n\t\t\t\t\"sizes\" : {\"medium\":{\"file\":\"HF_eb00040217_169-scaled-214x300.jpg\",\"width\":214,\"height\":300,\"mime-type\":\"image\\\/jpeg\"},\"large\":{\"file\":\"HF_eb00040217_169-scaled-731x1024.jpg\",\"width\":731,\"height\":1024,\"mime-type\":\"image\\\/jpeg\"},\"thumbnail\":{\"file\":\"HF_eb00040217_169-scaled-150x150.jpg\",\"width\":150,\"height\":150,\"mime-type\":\"image\\\/jpeg\"},\"medium_large\":{\"file\":\"HF_eb00040217_169-scaled-768x1076.jpg\",\"width\":768,\"height\":1076,\"mime-type\":\"image\\\/jpeg\"},\"small\":{\"file\":\"HF_eb00040217_169-scaled-314x440.jpg\",\"width\":314,\"height\":440,\"mime-type\":\"image\\\/jpeg\"},\"semi\":{\"file\":\"HF_eb00040217_169-scaled-414x580.jpg\",\"width\":414,\"height\":580,\"mime-type\":\"image\\\/jpeg\"},\"mobile\":{\"file\":\"HF_eb00040217_169-scaled-514x720.jpg\",\"width\":514,\"height\":720,\"mime-type\":\"image\\\/jpeg\"},\"hd\":{\"file\":\"HF_eb00040217_169-scaled-914x1280.jpg\",\"width\":914,\"height\":1280,\"mime-type\":\"image\\\/jpeg\"},\"full\":{\"file\":\"HF_eb00040217_169-scaled-1371x1920.jpg\",\"width\":1371,\"height\":1920,\"mime-type\":\"image\\\/jpeg\"},\"1536x1536\":{\"file\":\"HF_eb00040217_169-scaled-1097x1536.jpg\",\"width\":1097,\"height\":1536,\"mime-type\":\"image\\\/jpeg\"},\"2048x2048\":{\"file\":\"HF_eb00040217_169-scaled-1462x2048.jpg\",\"width\":1462,\"height\":2048,\"mime-type\":\"image\\\/jpeg\"},\"original\":{\"file\":\"HF_eb00040217_169-scaled.jpg\",\"width\":1828,\"height\":2560}},\n\t\t\t\t\"alt\" : \"Perspektivische Aufnahme einer Diskussion in einem Raum mit Menschen und Fensterfront, Licht und Schatten spielen eine Rolle.\",\n\t\t\t\t\"path\" : \"\\\/wp-content\\\/uploads\\\/2020\\\/05\\\/\",\n\t\t\t\t\"video\" : null,\n\t\t\t\t\"autoplay\" : null,\n\t\t\t\t\"youtube\" : null,\n\t\t\t\t\"youtubelabel\" : \"Video abspielen\",\n\t\t\t\t\"brightness\" : 100,\n\t\t\t\t\"crop\" : {\"top\":\"50.00\",\"left\":\"50.00\"},\n\t\t\t\t\"background\" : true,\n\t\t\t\t\"scale\" : 4\t\t\t\t}\n\t\t\t<\/script>\n\n\t\t\t<div class=\"height-container\" style=\"padding-bottom:140.04376367615%;\" v-if=\"sizes\">\n\t\t\t\t\t\t\t\t<lazy-media :inline=\"true\" :alt=\"alt\" :sizes=\"sizes\" :scale=\"scale\" :brightness=\"brightness\" :path=\"path\" :video=\"video\" :autoplay=\"autoplay\" :youtube=\"youtube\" :crop=\"crop\" :youtubelabel=\"youtubelabel\" :background=\"background\" media-id=\"desc_media_69f17be2e8d24\"><\/lazy-media>\n\t\t\t\t\t\t\t<\/div>\n\n\t\t\t\t\t\t\t<figcaption class=\"sr-only\" ref=\"body\" id=\"desc_media_69f17be2e8d24\">\n\t\t\t\t\t\t\t\t\t\t\t<div>&bdquo;[Small Talks] Sprachwissenschaft meets Poetry Slam&ldquo; mit Bas B&ouml;ttcher, 2018.<\/div>\n\t\t\t\t\t\t\t\t\t\t\t\t\t\t\t\t\t\t\t\t\t<div class=\"insignificant\">\u00a9 SHF \/ David von Becker<\/div>\n\t\t\t\t\t\t\t\t\t<\/figcaption>\n\t\t\t\t\t<\/figure>\n\t<\/lazy-media-inline>\n\t\t\t<\/div>\n\t\t\t<div class=\"teaser-header\"><div>\n\t\t\t\t\n\t\t\t\t\t\t<span class=\"h4 mobile-smaller-headline\">FAQ<\/span>\n\t\t\t\t\t\t\t\t<\/div><\/div>\n\t\t<\/a>\n\t<\/div>\n<\/li><li class=\"col-xs-6 col-md-3 col-padding-remove teaser-wrapper teaser-wrapper-tight\">\n\t<div class=\"box\">\n\t\t<a href=\"https:\/\/www.humboldtforum.org\/de\/kontakt\/\" class=\"teaser teaser-page\">\n\t\t\t<div class=\"teaser-image teaser-image-full footer-gradient\">\n\t\t\t\t\n\t<lazy-media-inline inline-template>\n\t\t<figure itemscope itemtype=\"http:\/\/schema.org\/ImageObject\" class=\"lazy-media-inline \" role=\"group\" id=\"media_69f17be2e9a97\" aria-labelledby=\"desc_media_69f17be2e9a97\">\n\t\t\t<script type=\"application\/json\" ref=\"data\">\n\t\t\t\t{\n\t\t\t\t\"sizes\" : {\"medium\":{\"file\":\"SHF_eb00111856_desktop-300x140.jpg\",\"width\":300,\"height\":140,\"mime-type\":\"image\\\/jpeg\"},\"large\":{\"file\":\"SHF_eb00111856_desktop-1024x479.jpg\",\"width\":1024,\"height\":479,\"mime-type\":\"image\\\/jpeg\"},\"thumbnail\":{\"file\":\"SHF_eb00111856_desktop-150x150.jpg\",\"width\":150,\"height\":150,\"mime-type\":\"image\\\/jpeg\"},\"medium_large\":{\"file\":\"SHF_eb00111856_desktop-768x359.jpg\",\"width\":768,\"height\":359,\"mime-type\":\"image\\\/jpeg\"},\"small\":{\"file\":\"SHF_eb00111856_desktop-440x206.jpg\",\"width\":440,\"height\":206,\"mime-type\":\"image\\\/jpeg\"},\"semi\":{\"file\":\"SHF_eb00111856_desktop-580x271.jpg\",\"width\":580,\"height\":271,\"mime-type\":\"image\\\/jpeg\"},\"mobile\":{\"file\":\"SHF_eb00111856_desktop-720x337.jpg\",\"width\":720,\"height\":337,\"mime-type\":\"image\\\/jpeg\"},\"hd\":{\"file\":\"SHF_eb00111856_desktop-1280x598.jpg\",\"width\":1280,\"height\":598,\"mime-type\":\"image\\\/jpeg\"},\"original\":{\"file\":\"SHF_eb00111856_desktop.jpg\",\"width\":1333,\"height\":623}},\n\t\t\t\t\"alt\" : \"Blick durch S\\u00e4ulen auf einen Innenhof mit Menschen und klassizistischer Architektur im Hintergrund.\",\n\t\t\t\t\"path\" : \"\\\/wp-content\\\/uploads\\\/2021\\\/07\\\/\",\n\t\t\t\t\"video\" : null,\n\t\t\t\t\"autoplay\" : null,\n\t\t\t\t\"youtube\" : null,\n\t\t\t\t\"youtubelabel\" : \"Video abspielen\",\n\t\t\t\t\"brightness\" : 100,\n\t\t\t\t\"crop\" : {\"top\":\"90.00\",\"left\":\"50.00\"},\n\t\t\t\t\"background\" : true,\n\t\t\t\t\"scale\" : 4\t\t\t\t}\n\t\t\t<\/script>\n\n\t\t\t<div class=\"height-container\" style=\"padding-bottom:46.736684171043%;\" v-if=\"sizes\">\n\t\t\t\t\t\t\t\t<lazy-media :inline=\"true\" :alt=\"alt\" :sizes=\"sizes\" :scale=\"scale\" :brightness=\"brightness\" :path=\"path\" :video=\"video\" :autoplay=\"autoplay\" :youtube=\"youtube\" :crop=\"crop\" :youtubelabel=\"youtubelabel\" :background=\"background\" media-id=\"desc_media_69f17be2e9a97\"><\/lazy-media>\n\t\t\t\t\t\t\t<\/div>\n\n\t\t\t\t\t\t\t<figcaption class=\"sr-only\" ref=\"body\" id=\"desc_media_69f17be2e9a97\">\n\t\t\t\t\t\t\t\t\t\t\t\t\t\t\t\t\t\t\t\t\t<div class=\"insignificant\">\u00a9 Stiftung Humboldt Forum im Berliner Schloss \/ Foto: Alexander Schippel<\/div>\n\t\t\t\t\t\t\t\t\t<\/figcaption>\n\t\t\t\t\t<\/figure>\n\t<\/lazy-media-inline>\n\t\t\t<\/div>\n\t\t\t<div class=\"teaser-header\"><div>\n\t\t\t\t\n\t\t\t\t\t\t<span class=\"h4 mobile-smaller-headline\">Kontakt<\/span>\n\t\t\t\t\t\t\t\t<\/div><\/div>\n\t\t<\/a>\n\t<\/div>\n<\/li>\t\t\t\t<\/ul>\n\t\t\t<\/div>\n\t\t\t<\/section>","protected":false},"excerpt":{"rendered":"<p>Werden Sie Teil des Teams! Mehr \u00fcber die am Humboldt Forum beteiligten Akteure erfahren Sie hier. Gemeinsam suchen wir motivierte neue Kolleg*innen, die sich auf dieses spannende Projekt einlassen m\u00f6chten.<\/p>\n","protected":false},"author":30,"featured_media":1025,"parent":0,"menu_order":0,"comment_status":"closed","ping_status":"closed","template":"","meta":{"_acf_changed":false,"footnotes":""},"class_list":["post-27287","page","type-page","status-publish","has-post-thumbnail","hentry"],"acf":[],"_links":{"self":[{"href":"https:\/\/www.humboldtforum.org\/de\/wp-json\/wp\/v2\/pages\/27287","targetHints":{"allow":["GET"]}}],"collection":[{"href":"https:\/\/www.humboldtforum.org\/de\/wp-json\/wp\/v2\/pages"}],"about":[{"href":"https:\/\/www.humboldtforum.org\/de\/wp-json\/wp\/v2\/types\/page"}],"author":[{"embeddable":true,"href":"https:\/\/www.humboldtforum.org\/de\/wp-json\/wp\/v2\/users\/30"}],"replies":[{"embeddable":true,"href":"https:\/\/www.humboldtforum.org\/de\/wp-json\/wp\/v2\/comments?post=27287"}],"version-history":[{"count":2,"href":"https:\/\/www.humboldtforum.org\/de\/wp-json\/wp\/v2\/pages\/27287\/revisions"}],"predecessor-version":[{"id":63163,"href":"https:\/\/www.humboldtforum.org\/de\/wp-json\/wp\/v2\/pages\/27287\/revisions\/63163"}],"wp:featuredmedia":[{"embeddable":true,"href":"https:\/\/www.humboldtforum.org\/de\/wp-json\/wp\/v2\/media\/1025"}],"wp:attachment":[{"href":"https:\/\/www.humboldtforum.org\/de\/wp-json\/wp\/v2\/media?parent=27287"}],"curies":[{"name":"wp","href":"https:\/\/api.w.org\/{rel}","templated":true}]}}