{"id":674,"date":"2020-03-20T09:19:57","date_gmt":"2020-03-20T08:19:57","guid":{"rendered":"https:\/\/www.humboldtforum.org\/?page_id=674"},"modified":"2024-09-26T15:45:36","modified_gmt":"2024-09-26T13:45:36","slug":"architektur","status":"publish","type":"page","link":"https:\/\/www.humboldtforum.org\/de\/architektur\/","title":{"rendered":"Architektur"},"content":{"rendered":"<section class=\"block block-header-headline hyph-disable\" >\n    <div class=\"container-fluid\">\n        <div class=\"row\">\n\t\t\t\n                            <div class=\"col-xs-12 col-md-offset-2 col-md-8\">\n                    <div class=\"box\">\n                        <h1>Die Architektur<\/h1>\n                    <\/div>\n                <\/div>\n                    <\/div>\n    <\/div>\n<\/section>\n\n\n\n\n<section class=\"block block-header\" >\n\t<block-header inline-template>\n\t\t<figure role=\"group\" aria-labelledby=\"desc_m_69ee031b10a54\">\n\n\t\t\t<script type=\"application\/json\" ref=\"data\">\n\t\t\t\t{\n\t\t\t\t\"sizes_d\" : {\"medium\":{\"file\":\"SHF_eb00043999-300x209.jpg\",\"width\":300,\"height\":209,\"mime-type\":\"image\\\/jpeg\"},\"large\":{\"file\":\"SHF_eb00043999-1024x712.jpg\",\"width\":1024,\"height\":712,\"mime-type\":\"image\\\/jpeg\"},\"thumbnail\":{\"file\":\"SHF_eb00043999-150x150.jpg\",\"width\":150,\"height\":150,\"mime-type\":\"image\\\/jpeg\"},\"medium_large\":{\"file\":\"SHF_eb00043999-768x534.jpg\",\"width\":768,\"height\":534,\"mime-type\":\"image\\\/jpeg\"},\"small\":{\"file\":\"SHF_eb00043999-440x306.jpg\",\"width\":440,\"height\":306,\"mime-type\":\"image\\\/jpeg\"},\"semi\":{\"file\":\"SHF_eb00043999-580x403.jpg\",\"width\":580,\"height\":403,\"mime-type\":\"image\\\/jpeg\"},\"mobile\":{\"file\":\"SHF_eb00043999-720x501.jpg\",\"width\":720,\"height\":501,\"mime-type\":\"image\\\/jpeg\"},\"hd\":{\"file\":\"SHF_eb00043999-1280x890.jpg\",\"width\":1280,\"height\":890,\"mime-type\":\"image\\\/jpeg\"},\"full\":{\"file\":\"SHF_eb00043999-1920x1335.jpg\",\"width\":1920,\"height\":1335,\"mime-type\":\"image\\\/jpeg\"},\"1536x1536\":{\"file\":\"SHF_eb00043999-1536x1068.jpg\",\"width\":1536,\"height\":1068,\"mime-type\":\"image\\\/jpeg\"},\"original\":{\"file\":\"SHF_eb00043999.jpg\",\"width\":2000,\"height\":1391}},\n\t\t\t\t\"alt_d\" : \"Ecke, bei der die moderne auf die barock gestaltete Fassade des Humboldt Forums trifft\",\n\t\t\t\t\"path_d\" : \"\\\/wp-content\\\/uploads\\\/2020\\\/11\\\/\",\n\t\t\t\t\"autoplay_d\" : null,\n\t\t\t\t\"crop_d\" : {\"top\":\"38.21\",\"left\":\"50.31\"},\n\t\t\t\t\"background_d\" : true,\n\t\t\t\t\"scale_d\" : 2,\n\n\t\t\t\t\"sizes_m\" : {\"medium\":{\"file\":\"HF_eb00054687-169x300.jpg\",\"width\":169,\"height\":300,\"mime-type\":\"image\\\/jpeg\"},\"large\":{\"file\":\"HF_eb00054687-576x1024.jpg\",\"width\":576,\"height\":1024,\"mime-type\":\"image\\\/jpeg\"},\"thumbnail\":{\"file\":\"HF_eb00054687-150x150.jpg\",\"width\":150,\"height\":150,\"mime-type\":\"image\\\/jpeg\"},\"medium_large\":{\"file\":\"HF_eb00054687-768x1364.jpg\",\"width\":768,\"height\":1364,\"mime-type\":\"image\\\/jpeg\"},\"small\":{\"file\":\"HF_eb00054687-248x440.jpg\",\"width\":248,\"height\":440,\"mime-type\":\"image\\\/jpeg\"},\"semi\":{\"file\":\"HF_eb00054687-326x580.jpg\",\"width\":326,\"height\":580,\"mime-type\":\"image\\\/jpeg\"},\"mobile\":{\"file\":\"HF_eb00054687-405x720.jpg\",\"width\":405,\"height\":720,\"mime-type\":\"image\\\/jpeg\"},\"hd\":{\"file\":\"HF_eb00054687-720x1280.jpg\",\"width\":720,\"height\":1280,\"mime-type\":\"image\\\/jpeg\"},\"1536x1536\":{\"file\":\"HF_eb00054687-865x1536.jpg\",\"width\":865,\"height\":1536,\"mime-type\":\"image\\\/jpeg\"}},\n\t\t\t\t\"alt_m\" : \"Modernes Geb\\u00e4ude trifft auf historisches Bauwerk unter klarem blauen Himmel.\",\n\t\t\t\t\"path_m\" : \"\\\/wp-content\\\/uploads\\\/2020\\\/05\\\/\",\n\t\t\t\t\"autoplay_m\" : null,\n\t\t\t\t\"crop_m\" : {\"top\":\"50.00\",\"left\":\"50.00\"},\n\t\t\t\t\"background_m\" : true,\n\t\t\t\t\"scale_m\" : 2,\n\n\t\t\t\t\"has_mobile_format\" : true,\n\t\t\t\t\"has_ad\" : false,\n\t\t\t\t\"audio_description_yt\" : null\t\t\t\t}\n\t\t\t<\/script>\n\t\t\t<div class=\"height-container\" style=\"padding-bottom:69.55%;\" v-if=\"sizes\" data-motion-parallax='{\"child\":\".image-wrapper\",\"mask\":\".lazy-media\",\"tween\":{\"yPercent\": [-15,15]}}'>\n\t\t\t\t<lazy-media :inline=\"true\" :scale=\"scale\" :alt=\"alt\" :sizes=\"sizes\" :brightness=\"brightness\" :path=\"path\" :video=\"video\" :autoplay=\"autoplay\" :youtube=\"youtube\" :crop=\"crop\" :youtubelabel=\"youtubelabel\" :background=\"background\" media-id=\"desc_m_69ee031b10a54\"><\/lazy-media>\n\t\t\t\t<button class=\"autoplay-audio-description-btn icon-background icon-audio-describtions\" @click=\"audioDescriptionPlay\" v-if=\"hasAudioDescription\" aria-label=\"Audiodeskription aufrufen\"><\/button>\n\t\t\t<\/div>\n\t\t\t\t\t\t<div class=\"lazy-media-info-container-fluid\">\n\t\t\t\t<div class=\"lazy-media-info-row end-xs\">\n\t\t\t\t\t<div class=\"lazy-media-info-col\">\n\t\t\t\t\t\t<div class=\"lazy-media-info\" aria-expanded=\"false\" :aria-expanded=\"isOpen ? 'true' : 'false'\">\n\t\t\t\t\t\t\t<button class=\"lazy-media-info-head button-tiny insignificant\" :class=\"{'button-active': isOpen}\" @click=\"toggle\" ref=\"head\"><span class=\"button-label insignificant\">Bildinfo<\/span><\/button>\n\t\t\t\t\t\t\t<figcaption class=\"lazy-media-info-body\" ref=\"body\" id=\"desc_m_69ee031b10a54\">\n\t\t\t\t\t\t\t\t<div class=\"lazy-media-info-body-content\">\n\t\t\t\t\t\t\t\t\t<div>Moderne trifft Rekonstruktion<\/div>\t\t\t\t\t\t\t\t\t\t\t\t\t\t\t\t\t\t<div class=\"insignificant\">\u00a9 SHF \/ Stephan Falk<\/div>\t\t\t\t\t\t\t\t<\/div>\n\t\t\t\t\t\t\t<\/figcaption>\n\t\t\t\t\t\t\t<div class=\"lazy-media-info-head-border\"><\/div>\n\t\t\t\t\t\t<\/div>\n\t\t\t\t\t<\/div>\n\t\t\t\t<\/div>\n\t\t\t<\/div>\n\t\t\t\t\t<\/figure>\n\t<\/block-header>\n<\/section>\n\n\n\n<section class=\"block block-headline  hyph-disable\" >\n\t<div class=\"container-fluid\">\n\t\t<div class=\"row\">\n\t\t\t\t\t\t\t<div class=\"col-xs-12 col-md-offset-2 col-md-8\">\n\t\t\t\t\t<div class=\"box\">\n\t\t\t\t\t\t<h2 class=\".h2\">Das Humboldt Forum lebt vom Kontrast barocker und zeitgen\u00f6ssischer Architektur<\/h2>\n\t\t\t\t\t<\/div>\n\t\t\t\t<\/div>\n\t\t\t\t\t<\/div>\n\t<\/div>\n<\/section>\n\n\n\n\n<section class=\"block block-copy\" >\n    <div class=\"container-fluid\">\n\t\t<div class=\"row \">\n            <div class=\"col-xs-12 col-md-offset-2 col-md-8\">\n                <div class=\"box\">\n                    <div class=\"copy\"><p class=\"p1\"><span class=\"s1\">Architektonisch wiederholt das Humboldt Forum gro\u00dfe Teile der Fassaden des 1945 zerst\u00f6rten und 1950 gesprengten Berliner Schlosses und verbindet sie mit modernen Bauteilen. Das Schloss entstand von 1698 bis 1718 nach Entw\u00fcrfen der Architekten Andreas Schl\u00fcter und Johann Friedrich von Eosander. Es galt als einer der bedeutendsten profanen Barockbauten n\u00f6rdlich der Alpen.<\/span><\/p>\n<\/div>\n                <\/div>\n            <\/div>\n\t\t<\/div>\n\t\t    <\/div>\n<\/section>\n\n<section class=\"block block-media\">\n\t\t<div class=\"container-fluid\">\n\t\t<div class=\"row\">\n\t\t\t<div class=\"col-xs-10 col-md-6 col-xs-offset-1 col-md-offset-3\">\n\t\t\t\n\t<lazy-media-inline inline-template>\n\t\t<figure itemscope itemtype=\"http:\/\/schema.org\/ImageObject\" class=\"lazy-media-inline \" role=\"group\" id=\"media_69ee031b16ff7\" aria-labelledby=\"desc_media_69ee031b16ff7\">\n\t\t\t<script type=\"application\/json\" ref=\"data\">\n\t\t\t\t{\n\t\t\t\t\"sizes\" : {\"medium\":{\"file\":\"Beton-Barock-300x169.jpg\",\"width\":300,\"height\":169,\"mime-type\":\"image\\\/jpeg\"},\"large\":{\"file\":\"Beton-Barock-1024x576.jpg\",\"width\":1024,\"height\":576,\"mime-type\":\"image\\\/jpeg\"},\"thumbnail\":{\"file\":\"Beton-Barock-150x150.jpg\",\"width\":150,\"height\":150,\"mime-type\":\"image\\\/jpeg\"},\"medium_large\":{\"file\":\"Beton-Barock-768x432.jpg\",\"width\":768,\"height\":432,\"mime-type\":\"image\\\/jpeg\"},\"small\":{\"file\":\"Beton-Barock-440x248.jpg\",\"width\":440,\"height\":248,\"mime-type\":\"image\\\/jpeg\"},\"semi\":{\"file\":\"Beton-Barock-580x326.jpg\",\"width\":580,\"height\":326,\"mime-type\":\"image\\\/jpeg\"},\"mobile\":{\"file\":\"Beton-Barock-720x405.jpg\",\"width\":720,\"height\":405,\"mime-type\":\"image\\\/jpeg\"},\"hd\":{\"file\":\"Beton-Barock-1280x720.jpg\",\"width\":1280,\"height\":720,\"mime-type\":\"image\\\/jpeg\"},\"1536x1536\":{\"file\":\"Beton-Barock-1536x864.jpg\",\"width\":1536,\"height\":864,\"mime-type\":\"image\\\/jpeg\"},\"original\":{\"file\":\"Beton-Barock.jpg\",\"width\":1920,\"height\":1080}},\n\t\t\t\t\"alt\" : \"Zwei Frauen stehen vor einem Geb\\u00e4ude und schauen nach oben, um etwas zu beobachten.\",\n\t\t\t\t\"path\" : \"\\\/wp-content\\\/uploads\\\/2020\\\/04\\\/\",\n\t\t\t\t\"video\" : null,\n\t\t\t\t\"autoplay\" : \"https:\\\/\\\/www.humboldtforum.org\\\/wp-content\\\/uploads\\\/2020\\\/04\\\/Beton-Barock-1.mp4\",\n\t\t\t\t\"youtube\" : null,\n\t\t\t\t\"youtubelabel\" : \"Video abspielen\",\n\t\t\t\t\"brightness\" : \"100\",\n\t\t\t\t\"crop\" : null,\n\t\t\t\t\"background\" : false,\n\t\t\t\t\"scale\" : 1\t\t\t\t}\n\t\t\t<\/script>\n\n\t\t\t<div class=\"height-container\" style=\"padding-bottom:56.25%;\" v-if=\"sizes\">\n\t\t\t\t\t\t\t\t<lazy-media :inline=\"true\" :alt=\"alt\" :sizes=\"sizes\" :scale=\"scale\" :brightness=\"brightness\" :path=\"path\" :video=\"video\" :autoplay=\"autoplay\" :youtube=\"youtube\" :crop=\"crop\" :youtubelabel=\"youtubelabel\" :background=\"background\" media-id=\"desc_media_69ee031b16ff7\"><\/lazy-media>\n\t\t\t\t\t\t\t<\/div>\n\n\t\t\t\t\t\t\t\t<\/figure>\n\t<\/lazy-media-inline>\n\t\t\t<\/div>\n\t\t<\/div>\n\t<\/div>\n<\/section>\n\n<section class=\"block block-standard-two-images \">\n\t<div class=\"container-fluid\">\n\t\t<div class=\"row\">\n\t\t\t<div class=\"col-xs-12 col-md-4\">\n\t\t\t\t<div class=\"box first-image\" data-motion-parallax='{\"child\":\".image-wrapper\",\"mask\":\".lazy-media\",\"tween\":{\"yPercent\": [-20,20]}}'>\n\t\t\t\t\t\n\t<lazy-media-inline inline-template>\n\t\t<figure itemscope itemtype=\"http:\/\/schema.org\/ImageObject\" class=\"lazy-media-inline \" role=\"group\" id=\"media_69ee031b19620\" aria-labelledby=\"desc_media_69ee031b19620\">\n\t\t\t<script type=\"application\/json\" ref=\"data\">\n\t\t\t\t{\n\t\t\t\t\"sizes\" : {\"medium\":{\"file\":\"MOTIV_26_CF012431-scaled-300x222.jpg\",\"width\":300,\"height\":222,\"mime-type\":\"image\\\/jpeg\"},\"large\":{\"file\":\"MOTIV_26_CF012431-scaled-1024x759.jpg\",\"width\":1024,\"height\":759,\"mime-type\":\"image\\\/jpeg\"},\"thumbnail\":{\"file\":\"MOTIV_26_CF012431-scaled-150x150.jpg\",\"width\":150,\"height\":150,\"mime-type\":\"image\\\/jpeg\"},\"medium_large\":{\"file\":\"MOTIV_26_CF012431-scaled-768x569.jpg\",\"width\":768,\"height\":569,\"mime-type\":\"image\\\/jpeg\"},\"small\":{\"file\":\"MOTIV_26_CF012431-scaled-440x326.jpg\",\"width\":440,\"height\":326,\"mime-type\":\"image\\\/jpeg\"},\"semi\":{\"file\":\"MOTIV_26_CF012431-scaled-580x430.jpg\",\"width\":580,\"height\":430,\"mime-type\":\"image\\\/jpeg\"},\"mobile\":{\"file\":\"MOTIV_26_CF012431-scaled-720x534.jpg\",\"width\":720,\"height\":534,\"mime-type\":\"image\\\/jpeg\"},\"hd\":{\"file\":\"MOTIV_26_CF012431-scaled-1280x949.jpg\",\"width\":1280,\"height\":949,\"mime-type\":\"image\\\/jpeg\"},\"full\":{\"file\":\"MOTIV_26_CF012431-scaled-1920x1424.jpg\",\"width\":1920,\"height\":1424,\"mime-type\":\"image\\\/jpeg\"},\"1536x1536\":{\"file\":\"MOTIV_26_CF012431-scaled-1536x1139.jpg\",\"width\":1536,\"height\":1139,\"mime-type\":\"image\\\/jpeg\"},\"2048x2048\":{\"file\":\"MOTIV_26_CF012431-scaled-2048x1518.jpg\",\"width\":2048,\"height\":1518,\"mime-type\":\"image\\\/jpeg\"},\"original\":{\"file\":\"MOTIV_26_CF012431-scaled.jpg\",\"width\":2560,\"height\":1898}},\n\t\t\t\t\"alt\" : \"Ballustrade und dekorative Elemente der barocken Fassadengestaltung\",\n\t\t\t\t\"path\" : \"\\\/wp-content\\\/uploads\\\/2020\\\/05\\\/\",\n\t\t\t\t\"video\" : null,\n\t\t\t\t\"autoplay\" : null,\n\t\t\t\t\"youtube\" : null,\n\t\t\t\t\"youtubelabel\" : \"Video abspielen\",\n\t\t\t\t\"brightness\" : 100,\n\t\t\t\t\"crop\" : {\"top\":\"53.47\",\"left\":\"52.74\"},\n\t\t\t\t\"background\" : true,\n\t\t\t\t\"scale\" : 2\t\t\t\t}\n\t\t\t<\/script>\n\n\t\t\t<div class=\"height-container\" style=\"padding-bottom:74.140625%;\" v-if=\"sizes\">\n\t\t\t\t\t\t\t\t<lazy-media :inline=\"true\" :alt=\"alt\" :sizes=\"sizes\" :scale=\"scale\" :brightness=\"brightness\" :path=\"path\" :video=\"video\" :autoplay=\"autoplay\" :youtube=\"youtube\" :crop=\"crop\" :youtubelabel=\"youtubelabel\" :background=\"background\" media-id=\"desc_media_69ee031b19620\"><\/lazy-media>\n\t\t\t\t\t\t\t<\/div>\n\n\t\t\t\t\t\t\t<div class=\"lazy-media-info-container-fluid\">\n\t\t\t\t<div class=\"lazy-media-info-row end-xs\">\n\t\t\t\t\t<div class=\"lazy-media-info-col\">\n\t\t\t\t\t\t<div class=\"lazy-media-info\" aria-expanded=\"false\" :aria-expanded=\"isOpen ? 'true' : 'false'\">\n\t\t\t\t\t\t\t<button class=\"lazy-media-info-head button-tiny\" :class=\"{'button-active': isOpen}\" @click=\"toggle\" ref=\"head\"><span class=\"button-label insignificant\">Bildinfo<\/span><\/button>\n\t\t\t\t\t\t\t<figcaption class=\"lazy-media-info-body\" ref=\"body\" id=\"desc_media_69ee031b19620\">\n\t\t\t\t\t\t\t\t<div class=\"lazy-media-info-body-content\">\n\t\t\t\t\t\t\t\t\t\t\t\t\t\t\t\t\t\t\t<div>Rekonstruiert wurden die drei barocken Au&szlig;enfassaden samt Kuppel und die drei barocken Fassaden des Schl&uuml;terhofes.<\/div>\n\t\t\t\t\t\t\t\t\t\t\t\t\t\t\t\t\t\t\t\t\t\t\t\t\t\t\t\t\t\t\t\t\t\t\t\t\t<div class=\"insignificant\">\u00a9 SHF \/ Stephan Falk<\/div>\n\t\t\t\t\t\t\t\t\t\t\t\t\t\t\t\t\t<\/div>\n\t\t\t\t\t\t\t<\/figcaption>\n\t\t\t\t\t\t\t<div class=\"lazy-media-info-head-border\"><\/div>\n\t\t\t\t\t\t<\/div>\n\t\t\t\t\t<\/div>\n\t\t\t\t<\/div>\n\t\t\t<\/div>\n\t\t\t\t\t\t\t\t\t<\/figure>\n\t<\/lazy-media-inline>\n\t\t\t\t<\/div>\n\t\t\t\t<div class=\"copy\">\n\t\t\t\t\t<p class=\"Moderation\"><\/p>\n\t\t\t\t<\/div>\n\t\t\t<\/div>\n\t\t\t<div class=\"col-xs-12 col-md-8 second-image\" data-motion-parallax='{\"child\":\".image-wrapper\",\"mask\":\".lazy-media\",\"tween\":{\"yPercent\": [-15,15]}}'>\n\t\t\t\t\n\t<lazy-media-inline inline-template>\n\t\t<figure itemscope itemtype=\"http:\/\/schema.org\/ImageObject\" class=\"lazy-media-inline \" role=\"group\" id=\"media_69ee031b19740\" aria-labelledby=\"desc_media_69ee031b19740\">\n\t\t\t<script type=\"application\/json\" ref=\"data\">\n\t\t\t\t{\n\t\t\t\t\"sizes\" : {\"medium\":{\"file\":\"HF_eb00061976-scaled-300x195.jpg\",\"width\":300,\"height\":195,\"mime-type\":\"image\\\/jpeg\"},\"large\":{\"file\":\"HF_eb00061976-scaled-1024x667.jpg\",\"width\":1024,\"height\":667,\"mime-type\":\"image\\\/jpeg\"},\"thumbnail\":{\"file\":\"HF_eb00061976-scaled-150x150.jpg\",\"width\":150,\"height\":150,\"mime-type\":\"image\\\/jpeg\"},\"medium_large\":{\"file\":\"HF_eb00061976-scaled-768x500.jpg\",\"width\":768,\"height\":500,\"mime-type\":\"image\\\/jpeg\"},\"small\":{\"file\":\"HF_eb00061976-scaled-440x287.jpg\",\"width\":440,\"height\":287,\"mime-type\":\"image\\\/jpeg\"},\"semi\":{\"file\":\"HF_eb00061976-scaled-580x378.jpg\",\"width\":580,\"height\":378,\"mime-type\":\"image\\\/jpeg\"},\"mobile\":{\"file\":\"HF_eb00061976-scaled-720x469.jpg\",\"width\":720,\"height\":469,\"mime-type\":\"image\\\/jpeg\"},\"hd\":{\"file\":\"HF_eb00061976-scaled-1280x834.jpg\",\"width\":1280,\"height\":834,\"mime-type\":\"image\\\/jpeg\"},\"full\":{\"file\":\"HF_eb00061976-scaled-1920x1250.jpg\",\"width\":1920,\"height\":1250,\"mime-type\":\"image\\\/jpeg\"},\"1536x1536\":{\"file\":\"HF_eb00061976-scaled-1536x1000.jpg\",\"width\":1536,\"height\":1000,\"mime-type\":\"image\\\/jpeg\"},\"2048x2048\":{\"file\":\"HF_eb00061976-scaled-2048x1334.jpg\",\"width\":2048,\"height\":1334,\"mime-type\":\"image\\\/jpeg\"},\"original\":{\"file\":\"HF_eb00061976-scaled.jpg\",\"width\":2560,\"height\":1667}},\n\t\t\t\t\"alt\" : \"N\\u00e4chtliche Lichtprojektion an der modern gestalteten Ostfassade\",\n\t\t\t\t\"path\" : \"\\\/wp-content\\\/uploads\\\/2020\\\/04\\\/\",\n\t\t\t\t\"video\" : null,\n\t\t\t\t\"autoplay\" : null,\n\t\t\t\t\"youtube\" : null,\n\t\t\t\t\"youtubelabel\" : \"Video abspielen\",\n\t\t\t\t\"brightness\" : 100,\n\t\t\t\t\"crop\" : {\"top\":\"50.00\",\"left\":\"50.00\"},\n\t\t\t\t\"background\" : true,\n\t\t\t\t\"scale\" : 2\t\t\t\t}\n\t\t\t<\/script>\n\n\t\t\t<div class=\"height-container\" style=\"padding-bottom:65.1171875%;\" v-if=\"sizes\">\n\t\t\t\t\t\t\t\t<lazy-media :inline=\"true\" :alt=\"alt\" :sizes=\"sizes\" :scale=\"scale\" :brightness=\"brightness\" :path=\"path\" :video=\"video\" :autoplay=\"autoplay\" :youtube=\"youtube\" :crop=\"crop\" :youtubelabel=\"youtubelabel\" :background=\"background\" media-id=\"desc_media_69ee031b19740\"><\/lazy-media>\n\t\t\t\t\t\t\t<\/div>\n\n\t\t\t\t\t\t\t<div class=\"lazy-media-info-container-fluid\">\n\t\t\t\t<div class=\"lazy-media-info-row end-xs\">\n\t\t\t\t\t<div class=\"lazy-media-info-col\">\n\t\t\t\t\t\t<div class=\"lazy-media-info\" aria-expanded=\"false\" :aria-expanded=\"isOpen ? 'true' : 'false'\">\n\t\t\t\t\t\t\t<button class=\"lazy-media-info-head button-tiny\" :class=\"{'button-active': isOpen}\" @click=\"toggle\" ref=\"head\"><span class=\"button-label insignificant\">Bildinfo<\/span><\/button>\n\t\t\t\t\t\t\t<figcaption class=\"lazy-media-info-body\" ref=\"body\" id=\"desc_media_69ee031b19740\">\n\t\t\t\t\t\t\t\t<div class=\"lazy-media-info-body-content\">\n\t\t\t\t\t\t\t\t\t\t\t\t\t\t\t\t\t\t\t<div>Die moderne Architektur der Ostfassade bot schon h&auml;ufig die Gelegenheit f&uuml;r n&auml;chtliche Lichtprojektionen. <\/div>\n\t\t\t\t\t\t\t\t\t\t\t\t\t\t\t\t\t\t\t\t\t\t\t\t\t\t\t\t\t\t\t\t\t\t\t\t\t<div class=\"insignificant\">\u00a9 SHF \/ David von Becker<\/div>\n\t\t\t\t\t\t\t\t\t\t\t\t\t\t\t\t\t<\/div>\n\t\t\t\t\t\t\t<\/figcaption>\n\t\t\t\t\t\t\t<div class=\"lazy-media-info-head-border\"><\/div>\n\t\t\t\t\t\t<\/div>\n\t\t\t\t\t<\/div>\n\t\t\t\t<\/div>\n\t\t\t<\/div>\n\t\t\t\t\t\t\t\t\t<\/figure>\n\t<\/lazy-media-inline>\n\t\t\t<\/div>\n\t\t<\/div>\n\t<\/div>\n<\/section>\n\n<section class=\"block block-copy\" >\n    <div class=\"container-fluid\">\n\t\t<div class=\"row \">\n            <div class=\"col-xs-12 col-md-offset-2 col-md-8\">\n                <div class=\"box\">\n                    <div class=\"copy\"><h5>Verbindende Unterschiede<\/h5>\n<p class=\"p1\"><span class=\"s1\">Mit der Neuinterpretation durch den italienischen Architekten Franco Stella verbinden sich Tradition und Moderne. Das Geb\u00e4ude spiegelt nicht nur Br\u00fcche in der Geschichte dieses Ortes, sondern verweist zugleich auf verbindende Unterschiede und damit auf den programmatischen Kern des Humboldt Forums.<\/span><\/p>\n<\/div>\n                <\/div>\n            <\/div>\n\t\t<\/div>\n\t\t    <\/div>\n<\/section>\n\n\n<section class=\"block block-copy-quote\">\n\t<div class=\"container-fluid\">\n\t\t<div class=\"row center-xs\">\n\t\t\t\t\t\t<div class=\"col-xs-8 col-md-2 col-md-offset-0 quote-image\">\n\t\t\t\t<div class=\"box\" data-motion-parallax='{\"child\":\".image-wrapper\",\"mask\":\".lazy-media\",\"tween\":{\"yPercent\": [-10,10]}}'>\n\t\t\t\t\t\n\t<lazy-media-inline inline-template>\n\t\t<figure itemscope itemtype=\"http:\/\/schema.org\/ImageObject\" class=\"lazy-media-inline \" role=\"group\" id=\"media_69ee031b1b10b\" aria-labelledby=\"desc_media_69ee031b1b10b\">\n\t\t\t<script type=\"application\/json\" ref=\"data\">\n\t\t\t\t{\n\t\t\t\t\"sizes\" : {\"medium\":{\"file\":\"SHF_eb00108752_Franco_Stella-300x300.jpg\",\"width\":300,\"height\":300,\"mime-type\":\"image\\\/jpeg\"},\"large\":{\"file\":\"SHF_eb00108752_Franco_Stella-1024x1024.jpg\",\"width\":1024,\"height\":1024,\"mime-type\":\"image\\\/jpeg\"},\"thumbnail\":{\"file\":\"SHF_eb00108752_Franco_Stella-150x150.jpg\",\"width\":150,\"height\":150,\"mime-type\":\"image\\\/jpeg\"},\"medium_large\":{\"file\":\"SHF_eb00108752_Franco_Stella-768x768.jpg\",\"width\":768,\"height\":768,\"mime-type\":\"image\\\/jpeg\"},\"small\":{\"file\":\"SHF_eb00108752_Franco_Stella-440x440.jpg\",\"width\":440,\"height\":440,\"mime-type\":\"image\\\/jpeg\"},\"semi\":{\"file\":\"SHF_eb00108752_Franco_Stella-580x580.jpg\",\"width\":580,\"height\":580,\"mime-type\":\"image\\\/jpeg\"},\"mobile\":{\"file\":\"SHF_eb00108752_Franco_Stella-720x720.jpg\",\"width\":720,\"height\":720,\"mime-type\":\"image\\\/jpeg\"},\"hd\":{\"file\":\"SHF_eb00108752_Franco_Stella-1280x1280.jpg\",\"width\":1280,\"height\":1280,\"mime-type\":\"image\\\/jpeg\"},\"original\":{\"file\":\"SHF_eb00108752_Franco_Stella.jpg\",\"width\":1306,\"height\":1306}},\n\t\t\t\t\"alt\" : \"Mann mit grauen Haaren und Brille, im Anzug vor einer modernen Geb\\u00e4udefassade.\",\n\t\t\t\t\"path\" : \"\\\/wp-content\\\/uploads\\\/2021\\\/08\\\/\",\n\t\t\t\t\"video\" : null,\n\t\t\t\t\"autoplay\" : null,\n\t\t\t\t\"youtube\" : null,\n\t\t\t\t\"youtubelabel\" : \"Video abspielen\",\n\t\t\t\t\"brightness\" : 100,\n\t\t\t\t\"crop\" : {\"top\":\"50.00\",\"left\":\"50.00\"},\n\t\t\t\t\"background\" : true,\n\t\t\t\t\"scale\" : 2\t\t\t\t}\n\t\t\t<\/script>\n\n\t\t\t<div class=\"height-container\" style=\"padding-bottom:100%;\" v-if=\"sizes\">\n\t\t\t\t\t\t\t\t<lazy-media :inline=\"true\" :alt=\"alt\" :sizes=\"sizes\" :scale=\"scale\" :brightness=\"brightness\" :path=\"path\" :video=\"video\" :autoplay=\"autoplay\" :youtube=\"youtube\" :crop=\"crop\" :youtubelabel=\"youtubelabel\" :background=\"background\" media-id=\"desc_media_69ee031b1b10b\"><\/lazy-media>\n\t\t\t\t\t\t\t<\/div>\n\n\t\t\t\t\t\t\t<div class=\"lazy-media-info-container-fluid\">\n\t\t\t\t<div class=\"lazy-media-info-row end-xs\">\n\t\t\t\t\t<div class=\"lazy-media-info-col\">\n\t\t\t\t\t\t<div class=\"lazy-media-info\" aria-expanded=\"false\" :aria-expanded=\"isOpen ? 'true' : 'false'\">\n\t\t\t\t\t\t\t<button class=\"lazy-media-info-head button-tiny\" :class=\"{'button-active': isOpen}\" @click=\"toggle\" ref=\"head\"><span class=\"button-label insignificant\">Bildinfo<\/span><\/button>\n\t\t\t\t\t\t\t<figcaption class=\"lazy-media-info-body\" ref=\"body\" id=\"desc_media_69ee031b1b10b\">\n\t\t\t\t\t\t\t\t<div class=\"lazy-media-info-body-content\">\n\t\t\t\t\t\t\t\t\t\t\t\t\t\t\t\t\t\t\t\t\t\t\t\t\t\t\t\t\t\t\t\t\t\t\t\t\t<div class=\"insignificant\">\u00a9 Luca Girardini \/ 2017<\/div>\n\t\t\t\t\t\t\t\t\t\t\t\t\t\t\t\t\t<\/div>\n\t\t\t\t\t\t\t<\/figcaption>\n\t\t\t\t\t\t\t<div class=\"lazy-media-info-head-border\"><\/div>\n\t\t\t\t\t\t<\/div>\n\t\t\t\t\t<\/div>\n\t\t\t\t<\/div>\n\t\t\t<\/div>\n\t\t\t\t\t\t\t\t\t<\/figure>\n\t<\/lazy-media-inline>\n\t\t\t\t<\/div>\n\t\t\t<\/div>\n\t\t\t\t\t\t<figure class=\"col-xs-10 col-md-6 quote-copy\">\n\t\t\t\t<div class=\"box\">\n\t\t\t\t\t<div class=\"container-fluid\">\n\t\t\t\t\t\t<div class=\"row\">\n\t\t\t\t\t\t\t<div class=\"col-xs-10 col-xs-offset-1 col-padding-remove\">\n\t\t\t\t\t\t\t\t<div class=\"box\">\n\t\t\t\t\t\t\t\t\t<span class=\"icon-zitat quote-copy-icon  \"><\/span>\n\t\t\t\t\t\t\t\t\t<blockquote class=\"quote-copy-headline Zitat\">Alt und Neu werden architektonisch durch die Ideen des Palastes und der Piazza miteinander verbunden.<\/blockquote>\n\t\t\t\t\t\t\t\t\t<figcaption class=\"quote-copy-subline Copyright\">Franco Stella, Architekt des Humboldt Forums<\/figcaption>\n\t\t\t\t\t\t\t\t<\/div>\n\t\t\t\t\t\t\t<\/div>\n\t\t\t\t\t\t<\/div>\n\t\t\t\t\t<\/div>\n\t\t\t\t<\/div>\n\t\t\t<\/figure>\n\t\t<\/div>\n\t<\/div>\n<\/section>\n\n<section class=\"block block-copy\" >\n    <div class=\"container-fluid\">\n\t\t<div class=\"row \">\n            <div class=\"col-xs-12 col-md-offset-2 col-md-8\">\n                <div class=\"box\">\n                    <div class=\"copy\"><h5 class=\"p1\"><span class=\"s1\">Stadt der Pl\u00e4tze<\/span><\/h5>\n<div class=\"_3ycPYXzeZR _1tqB__nJIV\">\n<p class=\"p1\"><span class=\"s1\">Der italienische Architekt Prof. Franco Stella gewann 2008 in einem internationalen Architekturwettbewerb um den Wiederaufbau des Berliner Schlosses als Humboldt Forum den 1. Preis. Mit der \u201ePassage\u201c, einem Fu\u00dfg\u00e4ngerdurchgang quer durch das Geb\u00e4ude, macht Stella das Humboldt Forum und seine Innenh\u00f6fe zu neuen \u00f6ffentlichen Orten Berlins.<\/span><\/p>\n<\/div>\n<\/div>\n                <\/div>\n            <\/div>\n\t\t<\/div>\n\t\t    <\/div>\n<\/section>\n\n<section class=\"block block-magazin-teaser-dossier block-fullscreen-first\">\n\t\t\t<div class=\"container-fluid\"><div class=\"row\"><div class=\"col-xs-12\"><h3 class=\"topline\">Aus unserem Magazin<\/h3><\/div><\/div><\/div>\t<div class=\"container-fluid container-fluid-no-padding\">\n\t\t\t<div class=\"\" style='background-color: #edd18f'>\n\t\t\t<a href=\"https:\/\/www.humboldtforum.org\/de\/magazin\/feature\/beton-barock\/\" class=\"teaser teaser-magazine-dossier-full\">\n\t\t\t\t<div class=\"row  align-left\">\n\t\t\t\t\t<div class=\"col-xs-12 col-sm-6 teaser-image\">\n\t\t\t\t\t\t\n\t<lazy-media-inline inline-template>\n\t\t<figure itemscope itemtype=\"http:\/\/schema.org\/ImageObject\" class=\"lazy-media-inline \" role=\"group\" id=\"media_69ee031b1df35\" aria-labelledby=\"desc_media_69ee031b1df35\">\n\t\t\t<script type=\"application\/json\" ref=\"data\">\n\t\t\t\t{\n\t\t\t\t\"sizes\" : {\"medium\":{\"file\":\"Humboldt_Betonromantik_Ostseite-300x300.jpg\",\"width\":300,\"height\":300,\"mime-type\":\"image\\\/jpeg\"},\"thumbnail\":{\"file\":\"Humboldt_Betonromantik_Ostseite-150x150.jpg\",\"width\":150,\"height\":150,\"mime-type\":\"image\\\/jpeg\"},\"medium_large\":{\"file\":\"Humboldt_Betonromantik_Ostseite-768x768.jpg\",\"width\":768,\"height\":768,\"mime-type\":\"image\\\/jpeg\"},\"small\":{\"file\":\"Humboldt_Betonromantik_Ostseite-440x440.jpg\",\"width\":440,\"height\":440,\"mime-type\":\"image\\\/jpeg\"},\"semi\":{\"file\":\"Humboldt_Betonromantik_Ostseite-580x580.jpg\",\"width\":580,\"height\":580,\"mime-type\":\"image\\\/jpeg\"},\"mobile\":{\"file\":\"Humboldt_Betonromantik_Ostseite-720x720.jpg\",\"width\":720,\"height\":720,\"mime-type\":\"image\\\/jpeg\"},\"original\":{\"file\":\"Humboldt_Betonromantik_Ostseite.jpg\",\"width\":800,\"height\":800}},\n\t\t\t\t\"alt\" : \"Keyvisual Beton Barock\",\n\t\t\t\t\"path\" : \"\\\/wp-content\\\/uploads\\\/2020\\\/05\\\/\",\n\t\t\t\t\"video\" : null,\n\t\t\t\t\"autoplay\" : null,\n\t\t\t\t\"youtube\" : null,\n\t\t\t\t\"youtubelabel\" : \"Video abspielen\",\n\t\t\t\t\"brightness\" : 100,\n\t\t\t\t\"crop\" : null,\n\t\t\t\t\"background\" : true,\n\t\t\t\t\"scale\" : 1\t\t\t\t}\n\t\t\t<\/script>\n\n\t\t\t<div class=\"height-container\" style=\"padding-bottom:100%;\" v-if=\"sizes\">\n\t\t\t\t\t\t\t\t<lazy-media :inline=\"true\" :alt=\"alt\" :sizes=\"sizes\" :scale=\"scale\" :brightness=\"brightness\" :path=\"path\" :video=\"video\" :autoplay=\"autoplay\" :youtube=\"youtube\" :crop=\"crop\" :youtubelabel=\"youtubelabel\" :background=\"background\" media-id=\"desc_media_69ee031b1df35\"><\/lazy-media>\n\t\t\t\t\t\t\t<\/div>\n\n\t\t\t\t\t\t\t<figcaption class=\"sr-only\" ref=\"body\" id=\"desc_media_69ee031b1df35\">\n\t\t\t\t\t\t\t\t\t\t\t<div>Keyvisual Beton Barock<\/div>\n\t\t\t\t\t\t\t\t\t\t\t\t\t\t\t\t\t\t\t\t\t<div class=\"insignificant\">\u00a9 SHF<\/div>\n\t\t\t\t\t\t\t\t\t<\/figcaption>\n\t\t\t\t\t<\/figure>\n\t<\/lazy-media-inline>\n\t\t\t\t\t<\/div>\n\t\t\t\t\t<div class=\"col-xs-12 col-sm-4 col-sm-offset-1 teaser-magazine-dossier-full-copy-wrapper\">\n\t\t\t\t\t\t<div class=\"header-copy-box\">\n\t\t\t\t\t\t\t<div class=\"header-copy-content\">\n\t\t\t\t\t\t\t\t<div class=\"header-copy-overline subline\">Das Feature<\/div>\n\t\t\t\t\t\t\t\t<div class=\"header-copy-headline teaser-header\"><span>Das Berliner Schloss 2.0. Beton und Barock<\/span><\/div>\n\t\t\t\t\t\t\t\t<div class=\"header-copy-subline teaser-subline meta\">12 Beitr\u00e4ge<\/div>\n\t\t\t\t\t\t\t<\/div>\n\t\t\t\t\t\t<\/div>\n\t\t\t\t\t<\/div>\n\t\t\t\t<\/div>\n\t\t\t<\/a>\n\t\t<\/div>\n\t\t<\/div>\n\t<\/section>\n\n<section class=\"block block-copy\" >\n    <div class=\"container-fluid\">\n\t\t<div class=\"row \">\n            <div class=\"col-xs-12 col-md-offset-2 col-md-8\">\n                <div class=\"box\">\n                    <div class=\"copy\"><h5>Die Entscheidung zur Rekonstruktion<\/h5>\n<p class=\"p1\"><span class=\"s1\">Im Sommer 2002 beschloss der Deutsche Bundestag die Teilrekonstruktion des Berliner Schlosses als Humboldt Forum. Eine gro\u00dfe fraktions\u00fcbergreifende Mehrheit folgte der Empfehlung der internationalen Expertenkommission \u201eHistorische Mitte Berlin\u201c: Hinter den rekonstruierten barocken Au\u00dfenfassaden des Berliner Schlosses (einschlie\u00dflich der barocken Fassaden im Schl\u00fcterhof) sollte ein modernes Museums-, Wissens- und Begegnungszentrum entstehen.<\/span><\/p>\n<\/div>\n                <\/div>\n            <\/div>\n\t\t<\/div>\n\t\t    <\/div>\n<\/section>\n\n\n<section class=\"block block-gallery\">\n\t<div class=\"container-fluid\">\n\t\t<div class=\"row center-xs\">\n\t\t\t<div class=\"col-xs-12\">\n\t\t\t\t<div class=\"box text-align-left\">\n\t\t\t\t\t<block-gallery inline-template>\n\t\t\t\t\t\t<div :class=\"{ firstLoaded: firstLoaded }\">\n\t\t\t\t\t\t\t<script type=\"application\/json\" ref=\"data\">\n\t\t\t\t\t\t\t{\n\t\t\t\t\t\t\t\t\"images\" : [{\"id\":0,\"width\":2089,\"height\":2560,\"alt\":\"Ein Drehbohrger&auml;t wird unter Aufsicht von zwei Bauarbeitern in den Boden der Baugrube eingef&uuml;hrt\",\"title\":\"\",\"description\":\"\",\"label\":\"2012 wurde die Baugrube ausgehoben.\",\"copyright\":\"SHF \\\/ Stephan Falk\",\"path\":\"\\\/wp-content\\\/uploads\\\/2020\\\/05\\\/\",\"sizes\":{\"medium\":{\"file\":\"HF_eb00035816-scaled-245x300.jpg\",\"width\":245,\"height\":300,\"mime-type\":\"image\\\/jpeg\"},\"large\":{\"file\":\"HF_eb00035816-scaled-836x1024.jpg\",\"width\":836,\"height\":1024,\"mime-type\":\"image\\\/jpeg\"},\"thumbnail\":{\"file\":\"HF_eb00035816-scaled-150x150.jpg\",\"width\":150,\"height\":150,\"mime-type\":\"image\\\/jpeg\"},\"medium_large\":{\"file\":\"HF_eb00035816-scaled-768x941.jpg\",\"width\":768,\"height\":941,\"mime-type\":\"image\\\/jpeg\"},\"small\":{\"file\":\"HF_eb00035816-scaled-359x440.jpg\",\"width\":359,\"height\":440,\"mime-type\":\"image\\\/jpeg\"},\"semi\":{\"file\":\"HF_eb00035816-scaled-473x580.jpg\",\"width\":473,\"height\":580,\"mime-type\":\"image\\\/jpeg\"},\"mobile\":{\"file\":\"HF_eb00035816-scaled-588x720.jpg\",\"width\":588,\"height\":720,\"mime-type\":\"image\\\/jpeg\"},\"hd\":{\"file\":\"HF_eb00035816-scaled-1045x1280.jpg\",\"width\":1045,\"height\":1280,\"mime-type\":\"image\\\/jpeg\"},\"full\":{\"file\":\"HF_eb00035816-scaled-1567x1920.jpg\",\"width\":1567,\"height\":1920,\"mime-type\":\"image\\\/jpeg\"},\"1536x1536\":{\"file\":\"HF_eb00035816-scaled-1253x1536.jpg\",\"width\":1253,\"height\":1536,\"mime-type\":\"image\\\/jpeg\"},\"2048x2048\":{\"file\":\"HF_eb00035816-scaled-1671x2048.jpg\",\"width\":1671,\"height\":2048,\"mime-type\":\"image\\\/jpeg\"},\"original\":{\"file\":\"HF_eb00035816-scaled.jpg\",\"width\":2089,\"height\":2560}}},{\"id\":1,\"width\":2000,\"height\":1281,\"alt\":\"Blick in das im Bau befindliche Kellerfundament, im Hintergrund der Berliner Dom\",\"title\":\"\",\"description\":\"\",\"label\":\"Blick in den Keller ein Jahr sp&auml;ter.\",\"copyright\":\"SHF \\\/ Stephan Falk\",\"path\":\"\\\/wp-content\\\/uploads\\\/2020\\\/05\\\/\",\"sizes\":{\"medium\":{\"file\":\"HF_eb00034143-scaled-300x192.jpg\",\"width\":300,\"height\":192,\"mime-type\":\"image\\\/jpeg\"},\"large\":{\"file\":\"HF_eb00034143-scaled-1024x656.jpg\",\"width\":1024,\"height\":656,\"mime-type\":\"image\\\/jpeg\"},\"thumbnail\":{\"file\":\"HF_eb00034143-scaled-150x150.jpg\",\"width\":150,\"height\":150,\"mime-type\":\"image\\\/jpeg\"},\"medium_large\":{\"file\":\"HF_eb00034143-scaled-768x492.jpg\",\"width\":768,\"height\":492,\"mime-type\":\"image\\\/jpeg\"},\"small\":{\"file\":\"HF_eb00034143-scaled-440x282.jpg\",\"width\":440,\"height\":282,\"mime-type\":\"image\\\/jpeg\"},\"semi\":{\"file\":\"HF_eb00034143-scaled-580x372.jpg\",\"width\":580,\"height\":372,\"mime-type\":\"image\\\/jpeg\"},\"mobile\":{\"file\":\"HF_eb00034143-scaled-720x461.jpg\",\"width\":720,\"height\":461,\"mime-type\":\"image\\\/jpeg\"},\"hd\":{\"file\":\"HF_eb00034143-scaled-1280x820.jpg\",\"width\":1280,\"height\":820,\"mime-type\":\"image\\\/jpeg\"},\"full\":{\"file\":\"HF_eb00034143-scaled-1920x1230.jpg\",\"width\":1920,\"height\":1230,\"mime-type\":\"image\\\/jpeg\"},\"1536x1536\":{\"file\":\"HF_eb00034143-scaled-1536x984.jpg\",\"width\":1536,\"height\":984,\"mime-type\":\"image\\\/jpeg\"},\"2048x2048\":{\"file\":\"HF_eb00034143-scaled-2048x1312.jpg\",\"width\":2048,\"height\":1312,\"mime-type\":\"image\\\/jpeg\"},\"original\":{\"file\":\"HF_eb00034143-scaled.jpg\",\"width\":2000,\"height\":1281}}},{\"id\":2,\"width\":2560,\"height\":1686,\"alt\":\"Bauarbeiter bei Stahlbetonarbeiten, im Hintergrund das heute nicht mehr existierende Informationszentrum &quot;Humboldt-Box&quot;\",\"title\":\"\",\"description\":\"\",\"label\":\"Stahlbetonarbeiten, 2013. Im Hintergrund die Humboldt-Box, das ehemalige Informationszentrum.\",\"copyright\":\"SHF \\\/ Stephan Falk\",\"path\":\"\\\/wp-content\\\/uploads\\\/2020\\\/05\\\/\",\"sizes\":{\"medium\":{\"file\":\"HF_eb00034471-scaled-300x198.jpg\",\"width\":300,\"height\":198,\"mime-type\":\"image\\\/jpeg\"},\"large\":{\"file\":\"HF_eb00034471-scaled-1024x674.jpg\",\"width\":1024,\"height\":674,\"mime-type\":\"image\\\/jpeg\"},\"thumbnail\":{\"file\":\"HF_eb00034471-scaled-150x150.jpg\",\"width\":150,\"height\":150,\"mime-type\":\"image\\\/jpeg\"},\"medium_large\":{\"file\":\"HF_eb00034471-scaled-768x506.jpg\",\"width\":768,\"height\":506,\"mime-type\":\"image\\\/jpeg\"},\"small\":{\"file\":\"HF_eb00034471-scaled-440x290.jpg\",\"width\":440,\"height\":290,\"mime-type\":\"image\\\/jpeg\"},\"semi\":{\"file\":\"HF_eb00034471-scaled-580x382.jpg\",\"width\":580,\"height\":382,\"mime-type\":\"image\\\/jpeg\"},\"mobile\":{\"file\":\"HF_eb00034471-scaled-720x474.jpg\",\"width\":720,\"height\":474,\"mime-type\":\"image\\\/jpeg\"},\"hd\":{\"file\":\"HF_eb00034471-scaled-1280x843.jpg\",\"width\":1280,\"height\":843,\"mime-type\":\"image\\\/jpeg\"},\"full\":{\"file\":\"HF_eb00034471-scaled-1920x1265.jpg\",\"width\":1920,\"height\":1265,\"mime-type\":\"image\\\/jpeg\"},\"1536x1536\":{\"file\":\"HF_eb00034471-scaled-1536x1012.jpg\",\"width\":1536,\"height\":1012,\"mime-type\":\"image\\\/jpeg\"},\"2048x2048\":{\"file\":\"HF_eb00034471-scaled-2048x1349.jpg\",\"width\":2048,\"height\":1349,\"mime-type\":\"image\\\/jpeg\"},\"original\":{\"file\":\"HF_eb00034471-scaled.jpg\",\"width\":2560,\"height\":1686}}},{\"id\":3,\"width\":2007,\"height\":2560,\"alt\":\"Die W&auml;nde des Foyers sind fertiggestellt\",\"title\":\"\",\"description\":\"\",\"label\":\"Blick in das Foyer, 2015.\",\"copyright\":\"SHF \\\/ Stephan Falk\",\"path\":\"\\\/wp-content\\\/uploads\\\/2020\\\/05\\\/\",\"sizes\":{\"medium\":{\"file\":\"HF_eb00031055-scaled-235x300.jpg\",\"width\":235,\"height\":300,\"mime-type\":\"image\\\/jpeg\"},\"large\":{\"file\":\"HF_eb00031055-scaled-803x1024.jpg\",\"width\":803,\"height\":1024,\"mime-type\":\"image\\\/jpeg\"},\"thumbnail\":{\"file\":\"HF_eb00031055-scaled-150x150.jpg\",\"width\":150,\"height\":150,\"mime-type\":\"image\\\/jpeg\"},\"medium_large\":{\"file\":\"HF_eb00031055-scaled-768x980.jpg\",\"width\":768,\"height\":980,\"mime-type\":\"image\\\/jpeg\"},\"small\":{\"file\":\"HF_eb00031055-scaled-345x440.jpg\",\"width\":345,\"height\":440,\"mime-type\":\"image\\\/jpeg\"},\"semi\":{\"file\":\"HF_eb00031055-scaled-455x580.jpg\",\"width\":455,\"height\":580,\"mime-type\":\"image\\\/jpeg\"},\"mobile\":{\"file\":\"HF_eb00031055-scaled-564x720.jpg\",\"width\":564,\"height\":720,\"mime-type\":\"image\\\/jpeg\"},\"hd\":{\"file\":\"HF_eb00031055-scaled-1004x1280.jpg\",\"width\":1004,\"height\":1280,\"mime-type\":\"image\\\/jpeg\"},\"full\":{\"file\":\"HF_eb00031055-scaled-1505x1920.jpg\",\"width\":1505,\"height\":1920,\"mime-type\":\"image\\\/jpeg\"},\"1536x1536\":{\"file\":\"HF_eb00031055-scaled-1204x1536.jpg\",\"width\":1204,\"height\":1536,\"mime-type\":\"image\\\/jpeg\"},\"2048x2048\":{\"file\":\"HF_eb00031055-scaled-1606x2048.jpg\",\"width\":1606,\"height\":2048,\"mime-type\":\"image\\\/jpeg\"},\"original\":{\"file\":\"HF_eb00031055-scaled.jpg\",\"width\":2007,\"height\":2560}}},{\"id\":4,\"width\":1763,\"height\":2560,\"alt\":\"Ein Kran setzt den Kranz zur Feier des Richtfestes auf das Dach des fertig gestellten Rohbaus\",\"title\":\"\",\"description\":\"\",\"label\":\"Richtfest, 2015.\",\"copyright\":\"SHF \\\/ Stephan Falk\",\"path\":\"\\\/wp-content\\\/uploads\\\/2020\\\/05\\\/\",\"sizes\":{\"medium\":{\"file\":\"HF_eb00030308-scaled-207x300.jpg\",\"width\":207,\"height\":300,\"mime-type\":\"image\\\/jpeg\"},\"large\":{\"file\":\"HF_eb00030308-scaled-705x1024.jpg\",\"width\":705,\"height\":1024,\"mime-type\":\"image\\\/jpeg\"},\"thumbnail\":{\"file\":\"HF_eb00030308-scaled-150x150.jpg\",\"width\":150,\"height\":150,\"mime-type\":\"image\\\/jpeg\"},\"medium_large\":{\"file\":\"HF_eb00030308-scaled-768x1115.jpg\",\"width\":768,\"height\":1115,\"mime-type\":\"image\\\/jpeg\"},\"small\":{\"file\":\"HF_eb00030308-scaled-303x440.jpg\",\"width\":303,\"height\":440,\"mime-type\":\"image\\\/jpeg\"},\"semi\":{\"file\":\"HF_eb00030308-scaled-399x580.jpg\",\"width\":399,\"height\":580,\"mime-type\":\"image\\\/jpeg\"},\"mobile\":{\"file\":\"HF_eb00030308-scaled-496x720.jpg\",\"width\":496,\"height\":720,\"mime-type\":\"image\\\/jpeg\"},\"hd\":{\"file\":\"HF_eb00030308-scaled-882x1280.jpg\",\"width\":882,\"height\":1280,\"mime-type\":\"image\\\/jpeg\"},\"full\":{\"file\":\"HF_eb00030308-scaled-1322x1920.jpg\",\"width\":1322,\"height\":1920,\"mime-type\":\"image\\\/jpeg\"},\"1536x1536\":{\"file\":\"HF_eb00030308-scaled-1058x1536.jpg\",\"width\":1058,\"height\":1536,\"mime-type\":\"image\\\/jpeg\"},\"2048x2048\":{\"file\":\"HF_eb00030308-scaled-1410x2048.jpg\",\"width\":1410,\"height\":2048,\"mime-type\":\"image\\\/jpeg\"},\"original\":{\"file\":\"HF_eb00030308-scaled.jpg\",\"width\":1763,\"height\":2560}}},{\"id\":5,\"width\":1704,\"height\":2560,\"alt\":\"Der Grundstein wird mit einem Bauger&auml;t angehoben, um in das Portal IV eingesetzt zu werden\",\"title\":\"\",\"description\":\"\",\"label\":\"Der Grundstein wird in das Portal IV versetzt, 2016.\",\"copyright\":\"\",\"path\":\"\\\/wp-content\\\/uploads\\\/2020\\\/05\\\/\",\"sizes\":{\"medium\":{\"file\":\"HF_eb00028419-scaled-200x300.jpg\",\"width\":200,\"height\":300,\"mime-type\":\"image\\\/jpeg\"},\"large\":{\"file\":\"HF_eb00028419-scaled-682x1024.jpg\",\"width\":682,\"height\":1024,\"mime-type\":\"image\\\/jpeg\"},\"thumbnail\":{\"file\":\"HF_eb00028419-scaled-150x150.jpg\",\"width\":150,\"height\":150,\"mime-type\":\"image\\\/jpeg\"},\"medium_large\":{\"file\":\"HF_eb00028419-scaled-768x1154.jpg\",\"width\":768,\"height\":1154,\"mime-type\":\"image\\\/jpeg\"},\"small\":{\"file\":\"HF_eb00028419-scaled-293x440.jpg\",\"width\":293,\"height\":440,\"mime-type\":\"image\\\/jpeg\"},\"semi\":{\"file\":\"HF_eb00028419-scaled-386x580.jpg\",\"width\":386,\"height\":580,\"mime-type\":\"image\\\/jpeg\"},\"mobile\":{\"file\":\"HF_eb00028419-scaled-479x720.jpg\",\"width\":479,\"height\":720,\"mime-type\":\"image\\\/jpeg\"},\"hd\":{\"file\":\"HF_eb00028419-scaled-852x1280.jpg\",\"width\":852,\"height\":1280,\"mime-type\":\"image\\\/jpeg\"},\"full\":{\"file\":\"HF_eb00028419-scaled-1278x1920.jpg\",\"width\":1278,\"height\":1920,\"mime-type\":\"image\\\/jpeg\"},\"1536x1536\":{\"file\":\"HF_eb00028419-scaled-1022x1536.jpg\",\"width\":1022,\"height\":1536,\"mime-type\":\"image\\\/jpeg\"},\"2048x2048\":{\"file\":\"HF_eb00028419-scaled-1363x2048.jpg\",\"width\":1363,\"height\":2048,\"mime-type\":\"image\\\/jpeg\"},\"original\":{\"file\":\"HF_eb00028419-scaled.jpg\",\"width\":1704,\"height\":2560}}},{\"id\":6,\"width\":2560,\"height\":1656,\"alt\":\"Der Schl&uuml;terhof mit nur noch wenigen Bauger&uuml;sten auf der rechten Seite\",\"title\":\"\",\"description\":\"\",\"label\":\"Blick in den Schl&uuml;terhof &ndash; erstmals ohne Ger&uuml;st, 2018.\",\"copyright\":\"SHF \\\/ Stephan Falk\",\"path\":\"\\\/wp-content\\\/uploads\\\/2020\\\/05\\\/\",\"sizes\":{\"medium\":{\"file\":\"HF_eb00044018-scaled-300x194.jpg\",\"width\":300,\"height\":194,\"mime-type\":\"image\\\/jpeg\"},\"large\":{\"file\":\"HF_eb00044018-scaled-1024x662.jpg\",\"width\":1024,\"height\":662,\"mime-type\":\"image\\\/jpeg\"},\"thumbnail\":{\"file\":\"HF_eb00044018-scaled-150x150.jpg\",\"width\":150,\"height\":150,\"mime-type\":\"image\\\/jpeg\"},\"medium_large\":{\"file\":\"HF_eb00044018-scaled-768x497.jpg\",\"width\":768,\"height\":497,\"mime-type\":\"image\\\/jpeg\"},\"small\":{\"file\":\"HF_eb00044018-scaled-440x285.jpg\",\"width\":440,\"height\":285,\"mime-type\":\"image\\\/jpeg\"},\"semi\":{\"file\":\"HF_eb00044018-scaled-580x375.jpg\",\"width\":580,\"height\":375,\"mime-type\":\"image\\\/jpeg\"},\"mobile\":{\"file\":\"HF_eb00044018-scaled-720x466.jpg\",\"width\":720,\"height\":466,\"mime-type\":\"image\\\/jpeg\"},\"hd\":{\"file\":\"HF_eb00044018-scaled-1280x828.jpg\",\"width\":1280,\"height\":828,\"mime-type\":\"image\\\/jpeg\"},\"full\":{\"file\":\"HF_eb00044018-scaled-1920x1242.jpg\",\"width\":1920,\"height\":1242,\"mime-type\":\"image\\\/jpeg\"},\"1536x1536\":{\"file\":\"HF_eb00044018-scaled-1536x994.jpg\",\"width\":1536,\"height\":994,\"mime-type\":\"image\\\/jpeg\"},\"2048x2048\":{\"file\":\"HF_eb00044018-scaled-2048x1325.jpg\",\"width\":2048,\"height\":1325,\"mime-type\":\"image\\\/jpeg\"},\"original\":{\"file\":\"HF_eb00044018-scaled.jpg\",\"width\":2560,\"height\":1656}}}]\t\t\t\t\t\t\t}\n\t\t\t\t\t\t\t<\/script>\n\n\t\t\t\t\t\t\t<swiper :options=\"options\" @slide-change=\"track\">\n\t\t\t\t\t\t\t\t<div class=\"swiper-slide\" :key=\"image.id\" v-for=\"image in images\">\n\t\t\t\t\t\t\t\t\t<block-gallery-item inline-template :image=\"image\">\n\t\t\t\t\t\t\t\t\t\t<figure class=\"swiper-slide-image-wrapper\" ref=\"parent\">\n\t\t\t\t\t\t\t\t\t\t\t<div class=\"width-container\" ref=\"container\" :style=\"style\">\n\t\t\t\t\t\t\t\t\t\t\t\t<div data-swiper-parallax-x=\"50%\">\n\t\t\t\t\t\t\t\t\t\t\t\t<img :src=\"image.src\" :alt=\"image.alt\" v-if=\"image.id < 2\">\n\t\t\t\t\t\t\t\t\t\t\t\t<img class=\"swiper-lazy\" :data-src=\"image.src\" :alt=\"image.alt\" v-else>\n\t\t\t\t\t\t\t\t\t\t\t\t<\/div>\n\t\t\t\t\t\t\t\t\t\t\t<\/div>\n\t\t\t\t\t\t\t\t\t\t<\/figure>\n\t\t\t\t\t\t\t\t\t<\/block-gallery-item>\n\n\t\t\t\t\t\t\t\t\t<figcaption>\n\t\t\t\t\t\t\t\t\t\t<div class=\"lazy-media-info-body-content\">\n\t\t\t\t\t\t\t\t\t\t\t<div v-html=\"image.label\"><\/div>\n\t\t\t\t\t\t\t\t\t\t\t<div v-html=\"image.description\"><\/div>\n\t\t\t\t\t\t\t\t\t\t\t<div class=\"insignificant\" v-if=\"image.copyright\" v-html=\"'\u00a9 '+image.copyright\"><\/div>\n\t\t\t\t\t\t\t\t\t\t<\/div>\n\t\t\t\t\t\t\t\t\t<\/figcaption>\n\t\t\t\t\t\t\t\t<\/div>\n\n\t\t\t\t\t\t\t\t<div class=\"swiper-pagination\"  slot=\"pagination\"><\/div>\n\n\t\t\t\t\t\t\t\t<button class=\"icon-round swiper-button-prev\" slot=\"button-prev\" aria-label=\"Vorheriges Bild\">\n\t\t\t\t\t\t\t\t\t<span class=\"icon-next\" aria-hidden=\"true\"><\/span>\n\t\t\t\t\t\t\t\t<\/button>\n\n\t\t\t\t\t\t\t\t<button class=\"icon-round swiper-button-next\" slot=\"button-next\" aria-label=\"N\u00e4chstes Bild\">\n\t\t\t\t\t\t\t\t\t<span class=\"icon-next\" aria-hidden=\"true\"><\/span>\n\t\t\t\t\t\t\t\t<\/button>\n\t\t\t\t\t\t\t<\/swiper>\n\t\t\t\t\t\t<\/div>\n\t\t\t\t\t<\/block-gallery>\n\t\t\t\t<\/div>\n\t\t\t<\/div>\n\t\t<\/div>\n\t<\/div>\n<\/section>\n\n<section class=\"block block-teaser col-lane33 \" style=\"\">\n\t\t\t\t\t\t<teaser-lane-with-buttons inline-template tracking-label=\"Ort entdecken\">\n\t\t\t\t<div>\n\t\t\t\t\t<div class=\"container-fluid\">\n\t\t\t\t\t\t<div class=\"row middle-xs\">\n\t\t\t\t\t\t\t<div class=\"col-xs-10 col-sm-8\">\n\t\t\t\t\t\t\t\t<h3 class=\"h4 topline\">Ort entdecken<\/h3>\t\t\t\t\t\t\t<\/div>\n\t\t\t\t\t\t\t<div class=\"col-xs-2 col-sm-4 end-xs margin-bottom-sixth\">\n\t\t\t\t\t\t\t\t<teaser-lane-buttons :visible_prev=\"visible_prev\" :visible_next=\"visible_next\" @prev=\"prev\" @next=\"next\"><\/teaser-lane-buttons>\n\t\t\t\t\t\t\t<\/div>\n\t\t\t\t\t\t<\/div>\n\t\t\t\t\t<\/div>\n\t\t\t\t\t<div class=\"teaser-lane-wrapper\">\n\t\t\t\t\t\t<ul class=\"teaser-lane\">\n\t\t\t\t\t\t<li class=\"teaser-lane-slide col-xs-9 col-sm-4 col-padding-remove\">\n\t<div class=\"box\">\n\t\t<a href=\"https:\/\/www.humboldtforum.org\/de\/kosmograf\/\" class=\"teaser teaser-page\">\n\t\t\t<div class=\"teaser-image teaser-image-full footer-gradient\">\n\t\t\t\t\n\t<lazy-media-inline inline-template>\n\t\t<figure itemscope itemtype=\"http:\/\/schema.org\/ImageObject\" class=\"lazy-media-inline \" role=\"group\" id=\"media_69ee031b2352e\" aria-labelledby=\"desc_media_69ee031b2352e\">\n\t\t\t<script type=\"application\/json\" ref=\"data\">\n\t\t\t\t{\n\t\t\t\t\"sizes\" : {\"medium\":{\"file\":\"SHF_eb00189418-240x300.jpg\",\"width\":240,\"height\":300,\"mime-type\":\"image\\\/jpeg\",\"filesize\":17489},\"large\":{\"file\":\"SHF_eb00189418-819x1024.jpg\",\"width\":819,\"height\":1024,\"mime-type\":\"image\\\/jpeg\",\"filesize\":113206},\"thumbnail\":{\"file\":\"SHF_eb00189418-150x150.jpg\",\"width\":150,\"height\":150,\"mime-type\":\"image\\\/jpeg\",\"filesize\":6993},\"medium_large\":{\"file\":\"SHF_eb00189418-768x960.jpg\",\"width\":768,\"height\":960,\"mime-type\":\"image\\\/jpeg\",\"filesize\":102466},\"small\":{\"file\":\"SHF_eb00189418-352x440.jpg\",\"width\":352,\"height\":440,\"mime-type\":\"image\\\/jpeg\",\"filesize\":31428},\"semi\":{\"file\":\"SHF_eb00189418-464x580.jpg\",\"width\":464,\"height\":580,\"mime-type\":\"image\\\/jpeg\",\"filesize\":48205},\"mobile\":{\"file\":\"SHF_eb00189418-576x720.jpg\",\"width\":576,\"height\":720,\"mime-type\":\"image\\\/jpeg\",\"filesize\":66760},\"hd\":{\"file\":\"SHF_eb00189418-1024x1280.jpg\",\"width\":1024,\"height\":1280,\"mime-type\":\"image\\\/jpeg\",\"filesize\":158822},\"full\":{\"file\":\"SHF_eb00189418-1536x1920.jpg\",\"width\":1536,\"height\":1920,\"mime-type\":\"image\\\/jpeg\",\"filesize\":290388},\"xxl\":{\"file\":\"SHF_eb00189418-3239x4048.jpg\",\"width\":3239,\"height\":4048,\"mime-type\":\"image\\\/jpeg\",\"filesize\":905380},\"1536x1536\":{\"file\":\"SHF_eb00189418-1229x1536.jpg\",\"width\":1229,\"height\":1536,\"mime-type\":\"image\\\/jpeg\",\"filesize\":209142},\"2048x2048\":{\"file\":\"SHF_eb00189418-1639x2048.jpg\",\"width\":1639,\"height\":2048,\"mime-type\":\"image\\\/jpeg\",\"filesize\":321084},\"original\":{\"file\":\"SHF_eb00189418.jpg\",\"width\":4372,\"height\":5464}},\n\t\t\t\t\"alt\" : \"Moderne Skulptur in einem Museum mit leuchtenden Elementen und minimalistischer Architektur.\",\n\t\t\t\t\"path\" : \"\\\/wp-content\\\/uploads\\\/2024\\\/08\\\/\",\n\t\t\t\t\"video\" : null,\n\t\t\t\t\"autoplay\" : null,\n\t\t\t\t\"youtube\" : null,\n\t\t\t\t\"youtubelabel\" : \"Video abspielen\",\n\t\t\t\t\"brightness\" : 100,\n\t\t\t\t\"crop\" : {\"top\":\"59.67\",\"left\":\"61.07\"},\n\t\t\t\t\"background\" : true,\n\t\t\t\t\"scale\" : 4\t\t\t\t}\n\t\t\t<\/script>\n\n\t\t\t<div class=\"height-container\" style=\"padding-bottom:124.97712717292%;\" v-if=\"sizes\">\n\t\t\t\t\t\t\t\t<lazy-media :inline=\"true\" :alt=\"alt\" :sizes=\"sizes\" :scale=\"scale\" :brightness=\"brightness\" :path=\"path\" :video=\"video\" :autoplay=\"autoplay\" :youtube=\"youtube\" :crop=\"crop\" :youtubelabel=\"youtubelabel\" :background=\"background\" media-id=\"desc_media_69ee031b2352e\"><\/lazy-media>\n\t\t\t\t\t\t\t<\/div>\n\n\t\t\t\t\t\t\t<figcaption class=\"sr-only\" ref=\"body\" id=\"desc_media_69ee031b2352e\">\n\t\t\t\t\t\t\t\t\t\t\t\t\t\t\t\t\t\t\t\t\t<div class=\"insignificant\">\u00a9 Stiftung Humboldt Forum im Berliner Schloss \/ Andreas K\u00f6nig<\/div>\n\t\t\t\t\t\t\t\t\t<\/figcaption>\n\t\t\t\t\t<\/figure>\n\t<\/lazy-media-inline>\n\t\t\t<\/div>\n\t\t\t<div class=\"teaser-header\"><div>\n\t\t\t\t\n\t\t\t\t\t\t<span class=\"h4 \">Kosmograf<\/span>\n\t\t\t\t\t\t\t\t<\/div><\/div>\n\t\t<\/a>\n\t<\/div>\n<\/li><li class=\"teaser-lane-slide col-xs-9 col-sm-4 col-padding-remove\">\n\t<div class=\"box\">\n\t\t<a href=\"https:\/\/www.humboldtforum.org\/de\/architektur\/stadtraum\/\" class=\"teaser teaser-page\">\n\t\t\t<div class=\"teaser-image teaser-image-full footer-gradient\">\n\t\t\t\t\n\t<lazy-media-inline inline-template>\n\t\t<figure itemscope itemtype=\"http:\/\/schema.org\/ImageObject\" class=\"lazy-media-inline \" role=\"group\" id=\"media_69ee031b241f2\" aria-labelledby=\"desc_media_69ee031b241f2\">\n\t\t\t<script type=\"application\/json\" ref=\"data\">\n\t\t\t\t{\n\t\t\t\t\"sizes\" : {\"medium\":{\"file\":\"SHF_eb00104189-300x203.jpg\",\"width\":300,\"height\":203,\"mime-type\":\"image\\\/jpeg\"},\"large\":{\"file\":\"SHF_eb00104189-1024x692.jpg\",\"width\":1024,\"height\":692,\"mime-type\":\"image\\\/jpeg\"},\"thumbnail\":{\"file\":\"SHF_eb00104189-150x150.jpg\",\"width\":150,\"height\":150,\"mime-type\":\"image\\\/jpeg\"},\"medium_large\":{\"file\":\"SHF_eb00104189-768x519.jpg\",\"width\":768,\"height\":519,\"mime-type\":\"image\\\/jpeg\"},\"small\":{\"file\":\"SHF_eb00104189-440x297.jpg\",\"width\":440,\"height\":297,\"mime-type\":\"image\\\/jpeg\"},\"semi\":{\"file\":\"SHF_eb00104189-580x392.jpg\",\"width\":580,\"height\":392,\"mime-type\":\"image\\\/jpeg\"},\"mobile\":{\"file\":\"SHF_eb00104189-720x486.jpg\",\"width\":720,\"height\":486,\"mime-type\":\"image\\\/jpeg\"},\"hd\":{\"file\":\"SHF_eb00104189-1280x865.jpg\",\"width\":1280,\"height\":865,\"mime-type\":\"image\\\/jpeg\"},\"full\":{\"file\":\"SHF_eb00104189-1920x1297.jpg\",\"width\":1920,\"height\":1297,\"mime-type\":\"image\\\/jpeg\"},\"1536x1536\":{\"file\":\"SHF_eb00104189-1536x1038.jpg\",\"width\":1536,\"height\":1038,\"mime-type\":\"image\\\/jpeg\"},\"original\":{\"file\":\"SHF_eb00104189.jpg\",\"width\":2000,\"height\":1351}},\n\t\t\t\t\"alt\" : \"Historisches Geb\\u00e4ude mit Kuppel und Statue, Berliner Fernsehturm im Hintergrund, umgeben von einem Platz.\",\n\t\t\t\t\"path\" : \"\\\/wp-content\\\/uploads\\\/2020\\\/12\\\/\",\n\t\t\t\t\"video\" : null,\n\t\t\t\t\"autoplay\" : null,\n\t\t\t\t\"youtube\" : null,\n\t\t\t\t\"youtubelabel\" : \"Video abspielen\",\n\t\t\t\t\"brightness\" : 100,\n\t\t\t\t\"crop\" : {\"top\":\"25.00\",\"left\":\"50.00\"},\n\t\t\t\t\"background\" : true,\n\t\t\t\t\"scale\" : 4\t\t\t\t}\n\t\t\t<\/script>\n\n\t\t\t<div class=\"height-container\" style=\"padding-bottom:67.55%;\" v-if=\"sizes\">\n\t\t\t\t\t\t\t\t<lazy-media :inline=\"true\" :alt=\"alt\" :sizes=\"sizes\" :scale=\"scale\" :brightness=\"brightness\" :path=\"path\" :video=\"video\" :autoplay=\"autoplay\" :youtube=\"youtube\" :crop=\"crop\" :youtubelabel=\"youtubelabel\" :background=\"background\" media-id=\"desc_media_69ee031b241f2\"><\/lazy-media>\n\t\t\t\t\t\t\t<\/div>\n\n\t\t\t\t\t\t\t<figcaption class=\"sr-only\" ref=\"body\" id=\"desc_media_69ee031b241f2\">\n\t\t\t\t\t\t\t\t\t\t\t\t\t\t\t\t\t\t\t\t\t<div class=\"insignificant\">\u00a9 Stiftung Humboldt Forum im Berliner Schloss \/ Christoph Musiol<\/div>\n\t\t\t\t\t\t\t\t\t<\/figcaption>\n\t\t\t\t\t<\/figure>\n\t<\/lazy-media-inline>\n\t\t\t<\/div>\n\t\t\t<div class=\"teaser-header\"><div>\n\t\t\t\t\n\t\t\t\t\t\t<h4 class=\"\">Stadtr\u00e4ume<\/h4>\n\t\t\t\t\t\t<p class=\"clamp-2 Teaser-copy-small margin-bottom-sixth\">Neue st\u00e4dtische Erlebnisr\u00e4ume<\/p><div class=\"Button ButtonSmall\">Mehr erfahren<\/div>\t\t\t<\/div><\/div>\n\t\t<\/a>\n\t<\/div>\n<\/li><li class=\"teaser-lane-slide col-xs-9 col-sm-4 col-padding-remove\">\n\t<div class=\"box\">\n\t\t<a href=\"https:\/\/www.humboldtforum.org\/de\/architektur\/rekonstruktion\/\" class=\"teaser teaser-page\">\n\t\t\t<div class=\"teaser-image teaser-image-full footer-gradient\">\n\t\t\t\t\n\t<lazy-media-inline inline-template>\n\t\t<figure itemscope itemtype=\"http:\/\/schema.org\/ImageObject\" class=\"lazy-media-inline \" role=\"group\" id=\"media_69ee031b251ee\" aria-labelledby=\"desc_media_69ee031b251ee\">\n\t\t\t<script type=\"application\/json\" ref=\"data\">\n\t\t\t\t{\n\t\t\t\t\"sizes\" : {\"medium\":{\"file\":\"HF_eb00031350-1-scaled-300x203.jpg\",\"width\":300,\"height\":203,\"mime-type\":\"image\\\/jpeg\"},\"large\":{\"file\":\"HF_eb00031350-1-scaled-1024x692.jpg\",\"width\":1024,\"height\":692,\"mime-type\":\"image\\\/jpeg\"},\"thumbnail\":{\"file\":\"HF_eb00031350-1-scaled-150x150.jpg\",\"width\":150,\"height\":150,\"mime-type\":\"image\\\/jpeg\"},\"medium_large\":{\"file\":\"HF_eb00031350-1-scaled-768x519.jpg\",\"width\":768,\"height\":519,\"mime-type\":\"image\\\/jpeg\"},\"small\":{\"file\":\"HF_eb00031350-1-scaled-440x297.jpg\",\"width\":440,\"height\":297,\"mime-type\":\"image\\\/jpeg\"},\"semi\":{\"file\":\"HF_eb00031350-1-scaled-580x392.jpg\",\"width\":580,\"height\":392,\"mime-type\":\"image\\\/jpeg\"},\"mobile\":{\"file\":\"HF_eb00031350-1-scaled-720x487.jpg\",\"width\":720,\"height\":487,\"mime-type\":\"image\\\/jpeg\"},\"hd\":{\"file\":\"HF_eb00031350-1-scaled-1280x865.jpg\",\"width\":1280,\"height\":865,\"mime-type\":\"image\\\/jpeg\"},\"full\":{\"file\":\"HF_eb00031350-1-scaled-1920x1298.jpg\",\"width\":1920,\"height\":1298,\"mime-type\":\"image\\\/jpeg\"},\"1536x1536\":{\"file\":\"HF_eb00031350-1-scaled-1536x1038.jpg\",\"width\":1536,\"height\":1038,\"mime-type\":\"image\\\/jpeg\"},\"2048x2048\":{\"file\":\"HF_eb00031350-1-scaled-2048x1384.jpg\",\"width\":2048,\"height\":1384,\"mime-type\":\"image\\\/jpeg\"},\"original\":{\"file\":\"HF_eb00031350-1-scaled.jpg\",\"width\":2560,\"height\":1730}},\n\t\t\t\t\"alt\" : \"Steinbildhauer beim Bearbeiten eines L\\u00f6wenkopfs an der Fassade\",\n\t\t\t\t\"path\" : \"\\\/wp-content\\\/uploads\\\/2020\\\/05\\\/\",\n\t\t\t\t\"video\" : null,\n\t\t\t\t\"autoplay\" : null,\n\t\t\t\t\"youtube\" : null,\n\t\t\t\t\"youtubelabel\" : \"Video abspielen\",\n\t\t\t\t\"brightness\" : 100,\n\t\t\t\t\"crop\" : {\"top\":\"48.43\",\"left\":\"47.79\"},\n\t\t\t\t\"background\" : true,\n\t\t\t\t\"scale\" : 4\t\t\t\t}\n\t\t\t<\/script>\n\n\t\t\t<div class=\"height-container\" style=\"padding-bottom:67.578125%;\" v-if=\"sizes\">\n\t\t\t\t\t\t\t\t<lazy-media :inline=\"true\" :alt=\"alt\" :sizes=\"sizes\" :scale=\"scale\" :brightness=\"brightness\" :path=\"path\" :video=\"video\" :autoplay=\"autoplay\" :youtube=\"youtube\" :crop=\"crop\" :youtubelabel=\"youtubelabel\" :background=\"background\" media-id=\"desc_media_69ee031b251ee\"><\/lazy-media>\n\t\t\t\t\t\t\t<\/div>\n\n\t\t\t\t\t\t\t<figcaption class=\"sr-only\" ref=\"body\" id=\"desc_media_69ee031b251ee\">\n\t\t\t\t\t\t\t\t\t\t\t<div>500 L&ouml;wenk&ouml;pfe schm&uuml;cken die Fassade &ndash; allesamt einzigartig, jeder einzeln per Hand gemei&szlig;elt.<\/div>\n\t\t\t\t\t\t\t\t\t\t\t\t\t\t\t\t\t\t\t\t\t<div class=\"insignificant\">\u00a9 Stiftung Humboldt Forum im Berliner Schloss \/ Rolf Schulten<\/div>\n\t\t\t\t\t\t\t\t\t<\/figcaption>\n\t\t\t\t\t<\/figure>\n\t<\/lazy-media-inline>\n\t\t\t<\/div>\n\t\t\t<div class=\"teaser-header\"><div>\n\t\t\t\t\n\t\t\t\t\t\t<h4 class=\"\">Rekonstruktion<\/h4>\n\t\t\t\t\t\t<p class=\"clamp-2 Teaser-copy-small margin-bottom-sixth\">Wie heute Barock entsteht<\/p><div class=\"Button ButtonSmall\">Mehr erfahren<\/div>\t\t\t<\/div><\/div>\n\t\t<\/a>\n\t<\/div>\n<\/li><li class=\"teaser-lane-slide col-xs-9 col-sm-4 col-padding-remove\">\n\t<div class=\"box\">\n\t\t<a href=\"https:\/\/www.humboldtforum.org\/de\/architektur\/geschichte\/\" class=\"teaser teaser-page\">\n\t\t\t<div class=\"teaser-image teaser-image-full footer-gradient\">\n\t\t\t\t\n\t<lazy-media-inline inline-template>\n\t\t<figure itemscope itemtype=\"http:\/\/schema.org\/ImageObject\" class=\"lazy-media-inline \" role=\"group\" id=\"media_69ee031b25dcb\" aria-labelledby=\"desc_media_69ee031b25dcb\">\n\t\t\t<script type=\"application\/json\" ref=\"data\">\n\t\t\t\t{\n\t\t\t\t\"sizes\" : {\"medium\":{\"file\":\"SHF_eb00020197-300x200.jpg\",\"width\":300,\"height\":200,\"mime-type\":\"image\\\/jpeg\"},\"large\":{\"file\":\"SHF_eb00020197-1024x682.jpg\",\"width\":1024,\"height\":682,\"mime-type\":\"image\\\/jpeg\"},\"thumbnail\":{\"file\":\"SHF_eb00020197-150x150.jpg\",\"width\":150,\"height\":150,\"mime-type\":\"image\\\/jpeg\"},\"medium_large\":{\"file\":\"SHF_eb00020197-768x512.jpg\",\"width\":768,\"height\":512,\"mime-type\":\"image\\\/jpeg\"},\"small\":{\"file\":\"SHF_eb00020197-440x293.jpg\",\"width\":440,\"height\":293,\"mime-type\":\"image\\\/jpeg\"},\"semi\":{\"file\":\"SHF_eb00020197-580x387.jpg\",\"width\":580,\"height\":387,\"mime-type\":\"image\\\/jpeg\"},\"mobile\":{\"file\":\"SHF_eb00020197-720x480.jpg\",\"width\":720,\"height\":480,\"mime-type\":\"image\\\/jpeg\"},\"hd\":{\"file\":\"SHF_eb00020197-1280x853.jpg\",\"width\":1280,\"height\":853,\"mime-type\":\"image\\\/jpeg\"},\"full\":{\"file\":\"SHF_eb00020197-1920x1280.jpg\",\"width\":1920,\"height\":1280,\"mime-type\":\"image\\\/jpeg\"},\"1536x1536\":{\"file\":\"SHF_eb00020197-1536x1024.jpg\",\"width\":1536,\"height\":1024,\"mime-type\":\"image\\\/jpeg\"},\"original\":{\"file\":\"SHF_eb00020197.jpg\",\"width\":2000,\"height\":1333}},\n\t\t\t\t\"alt\" : \"Arch\\u00e4ologische Ausgrabung in Berlin, im Hintergrund der Fernsehturm und historische Geb\\u00e4ude sichtbar.\",\n\t\t\t\t\"path\" : \"\\\/wp-content\\\/uploads\\\/2020\\\/11\\\/\",\n\t\t\t\t\"video\" : null,\n\t\t\t\t\"autoplay\" : null,\n\t\t\t\t\"youtube\" : null,\n\t\t\t\t\"youtubelabel\" : \"Video abspielen\",\n\t\t\t\t\"brightness\" : 100,\n\t\t\t\t\"crop\" : {\"top\":\"55.00\",\"left\":\"45.00\"},\n\t\t\t\t\"background\" : true,\n\t\t\t\t\"scale\" : 4\t\t\t\t}\n\t\t\t<\/script>\n\n\t\t\t<div class=\"height-container\" style=\"padding-bottom:66.65%;\" v-if=\"sizes\">\n\t\t\t\t\t\t\t\t<lazy-media :inline=\"true\" :alt=\"alt\" :sizes=\"sizes\" :scale=\"scale\" :brightness=\"brightness\" :path=\"path\" :video=\"video\" :autoplay=\"autoplay\" :youtube=\"youtube\" :crop=\"crop\" :youtubelabel=\"youtubelabel\" :background=\"background\" media-id=\"desc_media_69ee031b25dcb\"><\/lazy-media>\n\t\t\t\t\t\t\t<\/div>\n\n\t\t\t\t\t\t\t<figcaption class=\"sr-only\" ref=\"body\" id=\"desc_media_69ee031b25dcb\">\n\t\t\t\t\t\t\t\t\t\t\t<div>Ausgrabungen auf dem Schlossareal, 2009.<\/div>\n\t\t\t\t\t\t\t\t\t\t\t\t\t\t\t\t\t\t\t\t\t<div class=\"insignificant\">\u00a9 Steffen Jaenicke<\/div>\n\t\t\t\t\t\t\t\t\t<\/figcaption>\n\t\t\t\t\t<\/figure>\n\t<\/lazy-media-inline>\n\t\t\t<\/div>\n\t\t\t<div class=\"teaser-header\"><div>\n\t\t\t\t\n\t\t\t\t\t\t<h4 class=\"\">Geschichte<\/h4>\n\t\t\t\t\t\t<p class=\"clamp-2 Teaser-copy-small margin-bottom-sixth\">Vom Mittelalter bis heute \u2013 800 Jahre Geschichte des Ortes<\/p><div class=\"Button ButtonSmall\">Mehr erfahren<\/div>\t\t\t<\/div><\/div>\n\t\t<\/a>\n\t<\/div>\n<\/li><li class=\"teaser-lane-slide col-xs-9 col-sm-4 col-padding-remove\">\n\t<div class=\"box\">\n\t\t<a href=\"https:\/\/www.humboldtforum.org\/de\/architektur\/kunst-am-bau\/\" class=\"teaser teaser-page\">\n\t\t\t<div class=\"teaser-image teaser-image-full footer-gradient\">\n\t\t\t\t\t\t\t<\/div>\n\t\t\t<div class=\"teaser-header\"><div>\n\t\t\t\t\n\t\t\t\t\t\t<span class=\"h4 \">Kunst am Bau<\/span>\n\t\t\t\t\t\t\t\t<\/div><\/div>\n\t\t<\/a>\n\t<\/div>\n<\/li>\t\t\t\t\t\t<\/ul>\n\t\t\t\t\t<\/div>\n\t\t\t\t<\/div>\n\t\t\t<\/teaser-lane-with-buttons>\n\t\t\t<\/section>\n\n<section class=\"block block-CTA block-CTA-long leftgradient\">\n\t<div class=\"container-fluid\">\n\t\t<div class=\"row center-xs\">\n\t\t\t<div class=\"col-xs-12\">\n\t\t\t\t<div class=\"box\">\n\t\t\t\t\t<a href=\"https:\/\/www.humboldtforum.org\/de\/newsletter\/\" aria-label=\"Bleiben Sie auf dem Laufenden\" class=\"teaser teaser-cta-wide \">\n\t\t\t\t\t\t<div class=\"teaser-image\">\n\t\t\t\t\t\t\t\t\t\t\t\t\t<\/div>\n\t\t\t\t\t\t<div class=\"teaser-content \">\n\t\t\t\t\t\t\t<div>\n\t\t\t\t\t\t\t\t\t\t\t\t\t\t\t\t<div class=\"teaser-header\"><span class=\"h3\">Bleiben Sie auf dem Laufenden<\/span><\/div>\n\t\t\t\t\t\t\t\t\t\t\t\t\t\t\t\t<button tabindex=\"-1\" class=\"border\">Newsletter abonnieren<\/button>\n\t\t\t\t\t\t\t<\/div>\n\t\t\t\t\t\t<\/div>\n\t\t\t\t\t<\/a>\n\t\t\t\t<\/div>\n\t\t\t<\/div>\n\t\t<\/div>\n\t<\/div>\n<\/section>\n","protected":false},"excerpt":{"rendered":"<p>Architektonisch nimmt das Humboldt Forum gro\u00dfe Teile des 1945 zerst\u00f6rten und 1950 gesprengten Berliner Schlosses auf und verbindet sie mit modernen Stilelementen.<\/p>\n","protected":false},"author":30,"featured_media":14976,"parent":0,"menu_order":1,"comment_status":"closed","ping_status":"closed","template":"page-location.php","meta":{"_acf_changed":false,"footnotes":""},"class_list":["post-674","page","type-page","status-publish","has-post-thumbnail","hentry"],"acf":[],"_links":{"self":[{"href":"https:\/\/www.humboldtforum.org\/de\/wp-json\/wp\/v2\/pages\/674","targetHints":{"allow":["GET"]}}],"collection":[{"href":"https:\/\/www.humboldtforum.org\/de\/wp-json\/wp\/v2\/pages"}],"about":[{"href":"https:\/\/www.humboldtforum.org\/de\/wp-json\/wp\/v2\/types\/page"}],"author":[{"embeddable":true,"href":"https:\/\/www.humboldtforum.org\/de\/wp-json\/wp\/v2\/users\/30"}],"replies":[{"embeddable":true,"href":"https:\/\/www.humboldtforum.org\/de\/wp-json\/wp\/v2\/comments?post=674"}],"version-history":[{"count":6,"href":"https:\/\/www.humboldtforum.org\/de\/wp-json\/wp\/v2\/pages\/674\/revisions"}],"predecessor-version":[{"id":137385,"href":"https:\/\/www.humboldtforum.org\/de\/wp-json\/wp\/v2\/pages\/674\/revisions\/137385"}],"wp:featuredmedia":[{"embeddable":true,"href":"https:\/\/www.humboldtforum.org\/de\/wp-json\/wp\/v2\/media\/14976"}],"wp:attachment":[{"href":"https:\/\/www.humboldtforum.org\/de\/wp-json\/wp\/v2\/media?parent=674"}],"curies":[{"name":"wp","href":"https:\/\/api.w.org\/{rel}","templated":true}]}}